{"id":5449,"date":"2024-11-20T14:57:58","date_gmt":"2024-11-20T14:57:58","guid":{"rendered":"https:\/\/guiesullsdelahistoria.cat\/?post_type=guide&#038;p=5449"},"modified":"2025-02-06T10:59:32","modified_gmt":"2025-02-06T10:59:32","slug":"la-vall-de-boi","status":"publish","type":"guide","link":"https:\/\/guiesullsdelahistoria.cat\/ca\/patrimoni\/guide\/la-vall-de-boi\/","title":{"rendered":"Guia multim\u00e8dia del Conjunt Rom\u00e0nic de la Vall de Bo\u00ed"},"content":{"rendered":"<div class=\"flex flex-col gap-3 element text-block\">\n  <div class=\"flex items-center gap-6\">\n          <\/div>\n        <div class=\"prose prose-lg\"><p>La guia que tens a les mans \u00e9s una eina multim\u00e8dia que t\u2019ajudar\u00e0 a con\u00e8ixer millor les esgl\u00e9sies que formen el Conjunt Rom\u00e0nic de la Vall de Bo\u00ed. Descobrir\u00e0s les hist\u00f2ries que hi ha al voltant de la seva construcci\u00f3 i la influ\u00e8ncia que han tingut sobre el territori al llarg dels segles.  <\/p>\n<\/div>\n  <\/div>\n\n\n<div class=\"flex flex-col gap-6 element image-block\">\n  <div class=\"flex flex-col gap-3\">\n      <\/div>\n      <figure>\n      <img loading=\"lazy\" decoding=\"async\" width=\"1024\" height=\"680\" src=\"https:\/\/guiesullsdelahistoria.cat\/app\/uploads\/2024\/11\/Nativitat_de_Durro_ferro_porta_DSC0116_J.BARBERO.jpg\" class=\"w-full h-auto\" alt=\"Detall del forrellat medieval de la porta de l\u2019esgl\u00e9sia de la Nativitat de Durro. Passador cap\u00e7at amb figura d\u2019animal i planxa del pany decorada.\" srcset=\"https:\/\/guiesullsdelahistoria.cat\/app\/uploads\/2024\/11\/Nativitat_de_Durro_ferro_porta_DSC0116_J.BARBERO.jpg 1024w, https:\/\/guiesullsdelahistoria.cat\/app\/uploads\/2024\/11\/Nativitat_de_Durro_ferro_porta_DSC0116_J.BARBERO-300x199.jpg 300w, https:\/\/guiesullsdelahistoria.cat\/app\/uploads\/2024\/11\/Nativitat_de_Durro_ferro_porta_DSC0116_J.BARBERO-768x510.jpg 768w\" sizes=\"auto, (max-width: 1024px) 100vw, 1024px\" \/>\n              <figcaption class=\"pt-2 text-gray-800\">Forrellat de la porta de la Nativitat de Durro<\/figcaption>\n          <\/figure>\n  <\/div>\n\n\n<section class=\"overflow-hidden section\" id=\"section-69f5b6e93c506\" data-title=\"1. L'Assumpci\u00f3 de C\u00f3ll\">\n    <div class=\"container grid grid-cols-1 py-8 md:py-10 max-md:gap-y-8 md:grid-standard\">\n              <div class=\"flex gap-4 md:col-span-5\">\n                                <h2 class=\"text-8 font-headings\">1. L&#8217;Assumpci\u00f3 de C\u00f3ll<\/h2>\n                  <\/div>\n            <div class=\"flex flex-col gap-8 md:col-span-6 md:col-start-7 md:gap-10\">\n        <div class=\"acf-innerblocks-container\">\n<div class=\"flex flex-col gap-3 element text-block\">\n  <div class=\"flex items-center gap-6\">\n              <h2 class=\"text-2xl font-bold\">1a Introducci\u00f3<\/h2>\n      <\/div>\n    <\/div>\n\n\n<div class=\"flex flex-col gap-6 element image-block\">\n  <div class=\"flex flex-col gap-3\">\n      <\/div>\n      <figure>\n      <img loading=\"lazy\" decoding=\"async\" width=\"1412\" height=\"939\" src=\"https:\/\/guiesullsdelahistoria.cat\/app\/uploads\/2024\/11\/Assumpcio-general.jpg\" class=\"w-full h-auto\" alt=\"Vista exterior de l\u2019esgl\u00e9sia de l\u2019Assumpci\u00f3 de C\u00f3ll amb les muntanyes al fons.\" srcset=\"https:\/\/guiesullsdelahistoria.cat\/app\/uploads\/2024\/11\/Assumpcio-general.jpg 1412w, https:\/\/guiesullsdelahistoria.cat\/app\/uploads\/2024\/11\/Assumpcio-general-300x200.jpg 300w, https:\/\/guiesullsdelahistoria.cat\/app\/uploads\/2024\/11\/Assumpcio-general-1024x681.jpg 1024w, https:\/\/guiesullsdelahistoria.cat\/app\/uploads\/2024\/11\/Assumpcio-general-768x511.jpg 768w\" sizes=\"auto, (max-width: 1412px) 100vw, 1412px\" \/>\n              <figcaption class=\"pt-2 text-gray-800\">Vista general de l\u2019Assumpci\u00f3 de C\u00f3ll.<\/figcaption>\n          <\/figure>\n  <\/div>\n\n\n<section class=\"element audio-block\">\n  <div class=\"flex flex-col w-full gap-6\">\n    <div class=\"flex flex-col gap-3\">\n      <div class=\"flex gap-6\">\n                          <h2 class=\"text-2xl font-bold\">La Vall de Bo\u00ed i les seves esgl\u00e9sies<\/h2>\n              <\/div>\n          <\/div>\n    <div class=\"flex items-center justify-end gap-3\">\n              <div class=\"flex-1 audio-content\" dir=\"ltr\">\n          <audio id=\"audio-3b1f25d96abafcce29615f51423be6d3\" data-label=\"La Vall de Bo\u00ed i les seves esgl\u00e9sies\"\n            data-category=\"ASSUMPCIO-DE-COLL-CAT-GENERAL-PLAY-0-1.mp3\" class=\"hidden\" controls\n            src=\"https:\/\/guiesullsdelahistoria.cat\/app\/uploads\/2024\/11\/ASSUMPCIO-DE-COLL-CAT-GENERAL-PLAY-0-1.mp3\"><\/audio>\n          <div class=\"flex items-center w-full gap-3 transition-opacity opacity-0 meta\">\n            <progress class=\"flex-1 border-0 appearance-none\" value=\"0\" max=\"1\"><\/progress>\n            <div class=\"text-sm text-center shrink-0 current-time w-9\"><\/div>\n                      <\/div>\n        <\/div>\n            <div class=\"flex flex-col items-center gap-2 shrink-1 audio-control\">\n        <button\n  class=\"flex items-center justify-center w-32 max-w-32 h-32 max-h-32 transition-[max-height,_max-width] bg-black rounded-full btn text-accent\"\n  data-target=\"#audio-3b1f25d96abafcce29615f51423be6d3\">\n  <svg width=\"100%\" height=\"100%\" viewBox=\"0 0 36 36\" version=\"1.1\" xmlns=\"http:\/\/www.w3.org\/2000\/svg\" xmlns:xlink=\"http:\/\/www.w3.org\/1999\/xlink\">\n  <path id=\"ytp-12\" d=\"M11,10 L18,13.74 18,22.28 11,26 M18,13.74 L26,18 26,18 18,22.28\" fill=\"currentColor\">\n    <animate id=\"animation\" begin=\"indefinite\" attributeType=\"XML\" attributeName=\"d\" fill=\"freeze\" from=\"M11,10 L17,10 17,26 11,26 M20,10 L26,10 26,26 20,26\" to=\"M11,10 L18,13.74 18,22.28 11,26 M18,13.74 L26,18 26,18 18,22.28\" dur=\"0.1s\" keySplines=\".4 0 1 1\" repeatCount=\"1\" data-play=\"M11,10 L18,13.74 18,22.28 11,26 M18,13.74 L26,18 26,18 18,22.28\" data-pause=\"M11,10 L17,10 17,26 11,26 M20,10 L26,10 26,26 20,26\"><\/animate>\n  <\/path>\n<\/svg>\n<\/button>\n        <p class=\"text-base text-center\">Escolta<\/p>\n      <\/div>\n    <\/div>\n\n    \n          <div class=\"flex flex-wrap justify-between gap-6 md:justify-start\">\n                  <button data-target=\"#transcription-3b1f25d96abafcce29615f51423be6d3\" data-toggle=\"modal\" class=\"flex items-center gap-2\">\n            <svg class=\"w-6 h-6\" fill=\"none\" xmlns=\"http:\/\/www.w3.org\/2000\/svg\" viewBox=\"0 0 22 12\"><path d=\"M0 9.873v-6c0-.55.196-1.02.588-1.412A1.926 1.926 0 0 1 2 1.873h2c.55 0 1.02.196 1.412.588.392.391.588.862.588 1.412v6H4v-2H2v2H0Zm2-4h2v-2H2v2Zm6 4v-8h4c.55 0 1.02.196 1.412.588.392.391.588.862.588 1.412v4c0 .55-.196 1.021-.588 1.413A1.926 1.926 0 0 1 12 9.873H8Zm2-2h2v-4h-2v4Zm6.85.8-1.4-1.425c.183-.183.32-.391.413-.625.091-.233.137-.483.137-.75 0-.283-.046-.537-.137-.762a1.85 1.85 0 0 0-.413-.613l1.4-1.45c.367.367.65.792.85 1.275.2.484.3 1 .3 1.55s-.1 1.063-.3 1.538c-.2.475-.483.896-.85 1.262Zm2.825 2.825-1.45-1.375c.55-.55.983-1.187 1.3-1.912A5.775 5.775 0 0 0 20 5.873c0-.85-.158-1.633-.475-2.35a6.217 6.217 0 0 0-1.3-1.9l1.45-1.4a7.94 7.94 0 0 1 1.712 2.55c.409.967.613 2 .613 3.1s-.204 2.13-.613 3.088a7.977 7.977 0 0 1-1.712 2.537Z\" fill=\"#000\"\/><\/svg>            <span>Transcripci\u00f3<\/span>\n          <\/button>\n                      <\/div>\n      <\/div>\n\n      <div id=\"transcription-3b1f25d96abafcce29615f51423be6d3\"\n  class=\"fixed inset-0 z-50 hidden w-screen h-screen opacity-0 pointer-events-none modal transcription\"\n  tabindex=\"-1\" role=\"dialog\">\n  <div class=\"absolute w-full h-full bg-black opacity-75 modal-overlay\"><\/div>\n  <div\n    class=\"absolute z-30 w-11\/12 mx-auto overflow-y-auto text-black bg-white shadow-lg modal-container center-xy md:max-w-4xl\"\n    role=\"document\">\n    <div class=\"flex items-center justify-between px-4 py-4 text-gray-700 border-b md:px-8\">\n      <h2 class=\"!mb-0 font-bold\">Transcripci\u00f3<\/h2>\n      <div class=\"z-50 flex flex-col items-center ml-auto cursor-pointer rtl:ml-0 rtl:mr-auto modal-close\">\n        <svg class=\"w-auto h-6\" width=\"18\" height=\"23\" xmlns=\"http:\/\/www.w3.org\/2000\/svg\">\n  <g stroke=\"currentColor\" fill=\"none\" fill-rule=\"evenodd\" stroke-linecap=\"square\">\n    <path d=\"M.7248.974l16.1076 20.6167M16.655 1.2654L.9097 22.1601\" \/>\n  <\/g>\n<\/svg>        <div class=\"hidden\">Close<\/div>\n      <\/div>\n    <\/div>\n    <div class=\"px-4 py-8 overflow-y-auto max-h-modal md:px-8 modal-content\">\n      <div class=\"mb-8 flex flex-col gap-1.5\">\n                      <h3 class=\"text-xl font-bold\">La Vall de Bo\u00ed i les seves esgl\u00e9sies<\/h3>\n                            <\/div>\n            <p>Et donem la benvinguda a la Vall de Bo\u00ed i t\u2019animem a con\u00e8ixer-ne l\u2019excepcional conjunt d\u2019esgl\u00e9sies, considerades una de les m\u00e0ximes expressions de l\u2019art rom\u00e0nic catal\u00e0 i inscrites a la llista de Patrimoni Mundial per la UNESCO l\u2019any 2000.<br \/>\nEl Conjunt Rom\u00e0nic de la Vall de Bo\u00ed l\u2019integren nou esgl\u00e9sies: Sant Climent i Santa Maria de Ta\u00fcll, Sant Joan de Bo\u00ed, Santa Eul\u00e0lia d\u2019Erill la Vall, Sant Feliu de Barruera, la Nativitat i Sant Quirc de Durro, Santa Maria de Cardet i l\u2019Assumpci\u00f3 de C\u00f3ll.<br \/>\nPer\u00f2, qu\u00e8 tenen en com\u00fa aquest conjunt d\u2019esgl\u00e9sies? Qu\u00e8 les fa tan singulars? Quina \u00e9s la seva hist\u00f2ria?<br \/>\nTotes van ser constru\u00efdes entre els segles XI i XII, en un moment de poder i de bonan\u00e7a econ\u00f2mica de la noblesa local, i comparteixen un estil arquitect\u00f2nic, el rom\u00e0nic, molt est\u00e8s per tot Europa. <\/p>\n<p>Avui, una bona part de les pintures, talles i mobiliari es conserven a diversos museus catalans, sobretot al Museu Nacional d\u2019Art de Catalunya. Tot i aix\u00f2, algunes de les esgl\u00e9sies compten amb importants fragments de pintura mural i escultures originals, a m\u00e9s de reproduccions de les que es conserven als museus.<br \/>\nAmb la guia que tens a les mans, descobrir\u00e0s els valors excepcionals d\u2019aquest conjunt rom\u00e0nic i podr\u00e0s con\u00e8ixer cada una de les nou esgl\u00e9sies, amb els seus secrets i curiositats.<br \/>\nUna advert\u00e8ncia final! Aquestes muntanyes s\u00f3n misterioses i, a les valls, les paraules de les persones que les han habitat sovint es queden atrapades i ressonen al llarg del temps com un eco imperceptible. Aquesta guia disposa d\u2019un sensor que s\u2019activa cada cop que en capta alguna. No t\u2019espantis i continua escoltant.<br \/>\nPer comen\u00e7ar la visita, dirigeix-te a la part posterior de l\u2019esgl\u00e9sia.<\/p>\n    <\/div>\n  <\/div>\n<\/div>\n    <\/section>\n\n\n<div class=\"flex flex-col gap-6 element video-block\">\n  <div class=\"flex flex-col gap-3\">\n      <\/div>\n            <div class=\"relative w-full h-auto bg-black cursor-pointer text-accent lightgallery-video aspect-video\"\n        data-lg-size=\"1280-720\" data-src=\"https:\/\/www.youtube.com\/watch?v=lBVa8nXJda0\">\n                  <div class=\"absolute inset-0\" style=\"background-color: rgba(0,0,0,0.2)\"><\/div>\n          <svg class=\"absolute top-1\/2 left-1\/2 transform -translate-x-1\/2 -translate-y-1\/2 w-20 h-20 pointer-events-none\" fill=\"none\" xmlns=\"http:\/\/www.w3.org\/2000\/svg\" viewBox=\"0 0 80 81\">\n  <path\n    d=\"m30 58.873 28-18-28-18v36Zm10 22c-5.533 0-10.733-1.05-15.6-3.15-4.867-2.1-9.1-4.95-12.7-8.55-3.6-3.6-6.45-7.833-8.55-12.7C1.05 51.606 0 46.406 0 40.873c0-5.533 1.05-10.733 3.15-15.6 2.1-4.867 4.95-9.1 8.55-12.7 3.6-3.6 7.833-6.45 12.7-8.55 4.867-2.1 10.067-3.15 15.6-3.15 5.533 0 10.733 1.05 15.6 3.15 4.867 2.1 9.1 4.95 12.7 8.55 3.6 3.6 6.45 7.833 8.55 12.7C78.95 30.14 80 35.34 80 40.873c0 5.533-1.05 10.733-3.15 15.6-2.1 4.867-4.95 9.1-8.55 12.7-3.6 3.6-7.833 6.45-12.7 8.55-4.867 2.1-10.067 3.15-15.6 3.15Z\"\n    fill=\"currentColor\" \/>\n<\/svg>          <img decoding=\"async\" class=\"object-cover object-center w-full h-auto aspect-video\" src=\"https:\/\/i.ytimg.com\/vi\/lBVa8nXJda0\/sddefault.jpg\" \/>\n              <\/div>\n      <\/div>\n\n\n<div class=\"flex flex-col gap-3 element text-block\">\n  <div class=\"flex items-center gap-6\">\n              <h2 class=\"text-2xl font-bold\">1b Absis<\/h2>\n      <\/div>\n    <\/div>\n\n\n<div class=\"flex flex-col gap-6 element image-block\">\n  <div class=\"flex flex-col gap-3\">\n      <\/div>\n      <figure>\n      <img loading=\"lazy\" decoding=\"async\" width=\"1600\" height=\"1065\" src=\"https:\/\/guiesullsdelahistoria.cat\/app\/uploads\/2024\/11\/Assumpcio_de_Coll_absis_DSC00425.jpg\" class=\"w-full h-auto\" alt=\"Exterior de l\u2019esgl\u00e9sia de l\u2019Assumpci\u00f3 de C\u00f3ll vista des de la part del darrere amb l\u2019absis en primer terme.\" srcset=\"https:\/\/guiesullsdelahistoria.cat\/app\/uploads\/2024\/11\/Assumpcio_de_Coll_absis_DSC00425.jpg 1600w, https:\/\/guiesullsdelahistoria.cat\/app\/uploads\/2024\/11\/Assumpcio_de_Coll_absis_DSC00425-300x200.jpg 300w, https:\/\/guiesullsdelahistoria.cat\/app\/uploads\/2024\/11\/Assumpcio_de_Coll_absis_DSC00425-1024x682.jpg 1024w, https:\/\/guiesullsdelahistoria.cat\/app\/uploads\/2024\/11\/Assumpcio_de_Coll_absis_DSC00425-768x511.jpg 768w, https:\/\/guiesullsdelahistoria.cat\/app\/uploads\/2024\/11\/Assumpcio_de_Coll_absis_DSC00425-1536x1022.jpg 1536w\" sizes=\"auto, (max-width: 1600px) 100vw, 1600px\" \/>\n              <figcaption class=\"pt-2 text-gray-800\">Vista posterior de l\u2019Assumpci\u00f3 de C\u00f3ll amb l\u2019absis en primer terme. <\/figcaption>\n          <\/figure>\n  <\/div>\n\n\n<section class=\"element audio-block\">\n  <div class=\"flex flex-col w-full gap-6\">\n    <div class=\"flex flex-col gap-3\">\n      <div class=\"flex gap-6\">\n                          <h2 class=\"text-2xl font-bold\">Evoluci\u00f3 arquitect\u00f2nica<\/h2>\n              <\/div>\n          <\/div>\n    <div class=\"flex items-center justify-end gap-3\">\n              <div class=\"flex-1 audio-content\" dir=\"ltr\">\n          <audio id=\"audio-f8175b7e20cefbc9de28d186fcce8a31\" data-label=\"Evoluci\u00f3 arquitect\u00f2nica\"\n            data-category=\"ASSUMPCIO-DE-COLL-CAT-GENERAL-PLAY-1.mp3\" class=\"hidden\" controls\n            src=\"https:\/\/guiesullsdelahistoria.cat\/app\/uploads\/2024\/11\/ASSUMPCIO-DE-COLL-CAT-GENERAL-PLAY-1.mp3\"><\/audio>\n          <div class=\"flex items-center w-full gap-3 transition-opacity opacity-0 meta\">\n            <progress class=\"flex-1 border-0 appearance-none\" value=\"0\" max=\"1\"><\/progress>\n            <div class=\"text-sm text-center shrink-0 current-time w-9\"><\/div>\n                      <\/div>\n        <\/div>\n            <div class=\"flex flex-col items-center gap-2 shrink-1 audio-control\">\n        <button\n  class=\"flex items-center justify-center w-32 max-w-32 h-32 max-h-32 transition-[max-height,_max-width] bg-black rounded-full btn text-accent\"\n  data-target=\"#audio-f8175b7e20cefbc9de28d186fcce8a31\">\n  <svg width=\"100%\" height=\"100%\" viewBox=\"0 0 36 36\" version=\"1.1\" xmlns=\"http:\/\/www.w3.org\/2000\/svg\" xmlns:xlink=\"http:\/\/www.w3.org\/1999\/xlink\">\n  <path id=\"ytp-12\" d=\"M11,10 L18,13.74 18,22.28 11,26 M18,13.74 L26,18 26,18 18,22.28\" fill=\"currentColor\">\n    <animate id=\"animation\" begin=\"indefinite\" attributeType=\"XML\" attributeName=\"d\" fill=\"freeze\" from=\"M11,10 L17,10 17,26 11,26 M20,10 L26,10 26,26 20,26\" to=\"M11,10 L18,13.74 18,22.28 11,26 M18,13.74 L26,18 26,18 18,22.28\" dur=\"0.1s\" keySplines=\".4 0 1 1\" repeatCount=\"1\" data-play=\"M11,10 L18,13.74 18,22.28 11,26 M18,13.74 L26,18 26,18 18,22.28\" data-pause=\"M11,10 L17,10 17,26 11,26 M20,10 L26,10 26,26 20,26\"><\/animate>\n  <\/path>\n<\/svg>\n<\/button>\n        <p class=\"text-base text-center\">Escolta<\/p>\n      <\/div>\n    <\/div>\n\n    \n          <div class=\"flex flex-wrap justify-between gap-6 md:justify-start\">\n                  <button data-target=\"#transcription-f8175b7e20cefbc9de28d186fcce8a31\" data-toggle=\"modal\" class=\"flex items-center gap-2\">\n            <svg class=\"w-6 h-6\" fill=\"none\" xmlns=\"http:\/\/www.w3.org\/2000\/svg\" viewBox=\"0 0 22 12\"><path d=\"M0 9.873v-6c0-.55.196-1.02.588-1.412A1.926 1.926 0 0 1 2 1.873h2c.55 0 1.02.196 1.412.588.392.391.588.862.588 1.412v6H4v-2H2v2H0Zm2-4h2v-2H2v2Zm6 4v-8h4c.55 0 1.02.196 1.412.588.392.391.588.862.588 1.412v4c0 .55-.196 1.021-.588 1.413A1.926 1.926 0 0 1 12 9.873H8Zm2-2h2v-4h-2v4Zm6.85.8-1.4-1.425c.183-.183.32-.391.413-.625.091-.233.137-.483.137-.75 0-.283-.046-.537-.137-.762a1.85 1.85 0 0 0-.413-.613l1.4-1.45c.367.367.65.792.85 1.275.2.484.3 1 .3 1.55s-.1 1.063-.3 1.538c-.2.475-.483.896-.85 1.262Zm2.825 2.825-1.45-1.375c.55-.55.983-1.187 1.3-1.912A5.775 5.775 0 0 0 20 5.873c0-.85-.158-1.633-.475-2.35a6.217 6.217 0 0 0-1.3-1.9l1.45-1.4a7.94 7.94 0 0 1 1.712 2.55c.409.967.613 2 .613 3.1s-.204 2.13-.613 3.088a7.977 7.977 0 0 1-1.712 2.537Z\" fill=\"#000\"\/><\/svg>            <span>Transcripci\u00f3<\/span>\n          <\/button>\n                      <\/div>\n      <\/div>\n\n      <div id=\"transcription-f8175b7e20cefbc9de28d186fcce8a31\"\n  class=\"fixed inset-0 z-50 hidden w-screen h-screen opacity-0 pointer-events-none modal transcription\"\n  tabindex=\"-1\" role=\"dialog\">\n  <div class=\"absolute w-full h-full bg-black opacity-75 modal-overlay\"><\/div>\n  <div\n    class=\"absolute z-30 w-11\/12 mx-auto overflow-y-auto text-black bg-white shadow-lg modal-container center-xy md:max-w-4xl\"\n    role=\"document\">\n    <div class=\"flex items-center justify-between px-4 py-4 text-gray-700 border-b md:px-8\">\n      <h2 class=\"!mb-0 font-bold\">Transcripci\u00f3<\/h2>\n      <div class=\"z-50 flex flex-col items-center ml-auto cursor-pointer rtl:ml-0 rtl:mr-auto modal-close\">\n        <svg class=\"w-auto h-6\" width=\"18\" height=\"23\" xmlns=\"http:\/\/www.w3.org\/2000\/svg\">\n  <g stroke=\"currentColor\" fill=\"none\" fill-rule=\"evenodd\" stroke-linecap=\"square\">\n    <path d=\"M.7248.974l16.1076 20.6167M16.655 1.2654L.9097 22.1601\" \/>\n  <\/g>\n<\/svg>        <div class=\"hidden\">Close<\/div>\n      <\/div>\n    <\/div>\n    <div class=\"px-4 py-8 overflow-y-auto max-h-modal md:px-8 modal-content\">\n      <div class=\"mb-8 flex flex-col gap-1.5\">\n                      <h3 class=\"text-xl font-bold\">Evoluci\u00f3 arquitect\u00f2nica<\/h3>\n                            <\/div>\n            <p>L\u2019esgl\u00e9sia de l\u2019Assumpci\u00f3 de C\u00f3ll data de la segona meitat del segle xii, per\u00f2 ha evolucionat al llarg del temps. Aix\u00f2 es pot apreciar al campanar: la part baixa \u00e9s rom\u00e0nica, mentre que els dos pisos superiors s\u00f3n de factura g\u00f2tica, com es pot veure a la forma de les finestres.<br \/>\nLa mida dels carreus de pedra, molt m\u00e9s grossos i regulars que els d\u2019altres esgl\u00e9sies de la Vall, aix\u00ed ho fa pensar.<br \/>\nAra, per continuar la visita, encamina\u2019t cap a l\u2019entrada de l\u2019esgl\u00e9sia.<\/p>\n    <\/div>\n  <\/div>\n<\/div>\n    <\/section>\n\n\n<div class=\"flex flex-col gap-6 element video-block\">\n  <div class=\"flex flex-col gap-3\">\n      <\/div>\n            <div class=\"relative w-full h-auto bg-black cursor-pointer text-accent lightgallery-video aspect-video\"\n        data-lg-size=\"1280-720\" data-src=\"https:\/\/www.youtube.com\/watch?v=0BPFO6CHN2Q\">\n                  <div class=\"absolute inset-0\" style=\"background-color: rgba(0,0,0,0.2)\"><\/div>\n          <svg class=\"absolute top-1\/2 left-1\/2 transform -translate-x-1\/2 -translate-y-1\/2 w-20 h-20 pointer-events-none\" fill=\"none\" xmlns=\"http:\/\/www.w3.org\/2000\/svg\" viewBox=\"0 0 80 81\">\n  <path\n    d=\"m30 58.873 28-18-28-18v36Zm10 22c-5.533 0-10.733-1.05-15.6-3.15-4.867-2.1-9.1-4.95-12.7-8.55-3.6-3.6-6.45-7.833-8.55-12.7C1.05 51.606 0 46.406 0 40.873c0-5.533 1.05-10.733 3.15-15.6 2.1-4.867 4.95-9.1 8.55-12.7 3.6-3.6 7.833-6.45 12.7-8.55 4.867-2.1 10.067-3.15 15.6-3.15 5.533 0 10.733 1.05 15.6 3.15 4.867 2.1 9.1 4.95 12.7 8.55 3.6 3.6 6.45 7.833 8.55 12.7C78.95 30.14 80 35.34 80 40.873c0 5.533-1.05 10.733-3.15 15.6-2.1 4.867-4.95 9.1-8.55 12.7-3.6 3.6-7.833 6.45-12.7 8.55-4.867 2.1-10.067 3.15-15.6 3.15Z\"\n    fill=\"currentColor\" \/>\n<\/svg>          <img decoding=\"async\" class=\"object-cover object-center w-full h-auto aspect-video\" src=\"https:\/\/i.ytimg.com\/vi\/0BPFO6CHN2Q\/sddefault.jpg\" \/>\n              <\/div>\n      <\/div>\n\n\n<div class=\"flex flex-col gap-3 element text-block\">\n  <div class=\"flex items-center gap-6\">\n              <h2 class=\"text-2xl font-bold\">1c Fa\u00e7ana<\/h2>\n      <\/div>\n    <\/div>\n\n\n<div class=\"flex flex-col gap-6 element image-block\">\n  <div class=\"flex flex-col gap-3\">\n      <\/div>\n      <figure>\n      <img loading=\"lazy\" decoding=\"async\" width=\"934\" height=\"1404\" src=\"https:\/\/guiesullsdelahistoria.cat\/app\/uploads\/2024\/11\/Assumpcio-portalada.jpg\" class=\"w-full h-auto\" alt=\"Portalada de l\u2019esgl\u00e9sia de l\u2019Assumpci\u00f3 de C\u00f3ll amb columnes rematades amb arcs i el crism\u00f3 al damunt.\" srcset=\"https:\/\/guiesullsdelahistoria.cat\/app\/uploads\/2024\/11\/Assumpcio-portalada.jpg 934w, https:\/\/guiesullsdelahistoria.cat\/app\/uploads\/2024\/11\/Assumpcio-portalada-200x300.jpg 200w, https:\/\/guiesullsdelahistoria.cat\/app\/uploads\/2024\/11\/Assumpcio-portalada-681x1024.jpg 681w, https:\/\/guiesullsdelahistoria.cat\/app\/uploads\/2024\/11\/Assumpcio-portalada-768x1154.jpg 768w\" sizes=\"auto, (max-width: 934px) 100vw, 934px\" \/>\n              <figcaption class=\"pt-2 text-gray-800\">Portalada de l\u2019Assumpci\u00f3 de C\u00f3ll.<\/figcaption>\n          <\/figure>\n  <\/div>\n\n\n<section class=\"element audio-block\">\n  <div class=\"flex flex-col w-full gap-6\">\n    <div class=\"flex flex-col gap-3\">\n      <div class=\"flex gap-6\">\n                          <h2 class=\"text-2xl font-bold\">Elements decoratius de la portada<\/h2>\n              <\/div>\n          <\/div>\n    <div class=\"flex items-center justify-end gap-3\">\n              <div class=\"flex-1 audio-content\" dir=\"ltr\">\n          <audio id=\"audio-b950149d52410536efaaf29b54f73ac6\" data-label=\"Elements decoratius de la portada\"\n            data-category=\"ASSUMPCIO-DE-COLL-CAT-GENERAL-PLAY-2.mp3\" class=\"hidden\" controls\n            src=\"https:\/\/guiesullsdelahistoria.cat\/app\/uploads\/2024\/11\/ASSUMPCIO-DE-COLL-CAT-GENERAL-PLAY-2.mp3\"><\/audio>\n          <div class=\"flex items-center w-full gap-3 transition-opacity opacity-0 meta\">\n            <progress class=\"flex-1 border-0 appearance-none\" value=\"0\" max=\"1\"><\/progress>\n            <div class=\"text-sm text-center shrink-0 current-time w-9\"><\/div>\n                      <\/div>\n        <\/div>\n            <div class=\"flex flex-col items-center gap-2 shrink-1 audio-control\">\n        <button\n  class=\"flex items-center justify-center w-32 max-w-32 h-32 max-h-32 transition-[max-height,_max-width] bg-black rounded-full btn text-accent\"\n  data-target=\"#audio-b950149d52410536efaaf29b54f73ac6\">\n  <svg width=\"100%\" height=\"100%\" viewBox=\"0 0 36 36\" version=\"1.1\" xmlns=\"http:\/\/www.w3.org\/2000\/svg\" xmlns:xlink=\"http:\/\/www.w3.org\/1999\/xlink\">\n  <path id=\"ytp-12\" d=\"M11,10 L18,13.74 18,22.28 11,26 M18,13.74 L26,18 26,18 18,22.28\" fill=\"currentColor\">\n    <animate id=\"animation\" begin=\"indefinite\" attributeType=\"XML\" attributeName=\"d\" fill=\"freeze\" from=\"M11,10 L17,10 17,26 11,26 M20,10 L26,10 26,26 20,26\" to=\"M11,10 L18,13.74 18,22.28 11,26 M18,13.74 L26,18 26,18 18,22.28\" dur=\"0.1s\" keySplines=\".4 0 1 1\" repeatCount=\"1\" data-play=\"M11,10 L18,13.74 18,22.28 11,26 M18,13.74 L26,18 26,18 18,22.28\" data-pause=\"M11,10 L17,10 17,26 11,26 M20,10 L26,10 26,26 20,26\"><\/animate>\n  <\/path>\n<\/svg>\n<\/button>\n        <p class=\"text-base text-center\">Escolta<\/p>\n      <\/div>\n    <\/div>\n\n    \n          <div class=\"flex flex-wrap justify-between gap-6 md:justify-start\">\n                  <button data-target=\"#transcription-b950149d52410536efaaf29b54f73ac6\" data-toggle=\"modal\" class=\"flex items-center gap-2\">\n            <svg class=\"w-6 h-6\" fill=\"none\" xmlns=\"http:\/\/www.w3.org\/2000\/svg\" viewBox=\"0 0 22 12\"><path d=\"M0 9.873v-6c0-.55.196-1.02.588-1.412A1.926 1.926 0 0 1 2 1.873h2c.55 0 1.02.196 1.412.588.392.391.588.862.588 1.412v6H4v-2H2v2H0Zm2-4h2v-2H2v2Zm6 4v-8h4c.55 0 1.02.196 1.412.588.392.391.588.862.588 1.412v4c0 .55-.196 1.021-.588 1.413A1.926 1.926 0 0 1 12 9.873H8Zm2-2h2v-4h-2v4Zm6.85.8-1.4-1.425c.183-.183.32-.391.413-.625.091-.233.137-.483.137-.75 0-.283-.046-.537-.137-.762a1.85 1.85 0 0 0-.413-.613l1.4-1.45c.367.367.65.792.85 1.275.2.484.3 1 .3 1.55s-.1 1.063-.3 1.538c-.2.475-.483.896-.85 1.262Zm2.825 2.825-1.45-1.375c.55-.55.983-1.187 1.3-1.912A5.775 5.775 0 0 0 20 5.873c0-.85-.158-1.633-.475-2.35a6.217 6.217 0 0 0-1.3-1.9l1.45-1.4a7.94 7.94 0 0 1 1.712 2.55c.409.967.613 2 .613 3.1s-.204 2.13-.613 3.088a7.977 7.977 0 0 1-1.712 2.537Z\" fill=\"#000\"\/><\/svg>            <span>Transcripci\u00f3<\/span>\n          <\/button>\n                      <\/div>\n      <\/div>\n\n      <div id=\"transcription-b950149d52410536efaaf29b54f73ac6\"\n  class=\"fixed inset-0 z-50 hidden w-screen h-screen opacity-0 pointer-events-none modal transcription\"\n  tabindex=\"-1\" role=\"dialog\">\n  <div class=\"absolute w-full h-full bg-black opacity-75 modal-overlay\"><\/div>\n  <div\n    class=\"absolute z-30 w-11\/12 mx-auto overflow-y-auto text-black bg-white shadow-lg modal-container center-xy md:max-w-4xl\"\n    role=\"document\">\n    <div class=\"flex items-center justify-between px-4 py-4 text-gray-700 border-b md:px-8\">\n      <h2 class=\"!mb-0 font-bold\">Transcripci\u00f3<\/h2>\n      <div class=\"z-50 flex flex-col items-center ml-auto cursor-pointer rtl:ml-0 rtl:mr-auto modal-close\">\n        <svg class=\"w-auto h-6\" width=\"18\" height=\"23\" xmlns=\"http:\/\/www.w3.org\/2000\/svg\">\n  <g stroke=\"currentColor\" fill=\"none\" fill-rule=\"evenodd\" stroke-linecap=\"square\">\n    <path d=\"M.7248.974l16.1076 20.6167M16.655 1.2654L.9097 22.1601\" \/>\n  <\/g>\n<\/svg>        <div class=\"hidden\">Close<\/div>\n      <\/div>\n    <\/div>\n    <div class=\"px-4 py-8 overflow-y-auto max-h-modal md:px-8 modal-content\">\n      <div class=\"mb-8 flex flex-col gap-1.5\">\n                      <h3 class=\"text-xl font-bold\">Elements decoratius de la portada<\/h3>\n                            <\/div>\n            <p>Aqu\u00ed, a la fa\u00e7ana, hi ha la part m\u00e9s interessant de l\u2019Assumpci\u00f3 de C\u00f3ll: els elements decoratius de la portada. La porta d\u2019acc\u00e9s al temple est\u00e0 envoltada per una sanefa en forma d\u2019escacs i coronada amb un crism\u00f3, s\u00edmbol de Crist amb les seves inicials en grec. Si t\u2019hi fixes, als dos angles de dalt del crism\u00f3, hi ha dos paons, que simbolitzen la resurrecci\u00f3 de Crist. Als de sota hi ha dues figures humanes, una de les quals fa sonar un corn que anuncia l\u2019apocalipsi.<br \/>\nA la portada tamb\u00e9 hi destaquen els capitells esculpits de les columnes. Els capitells exteriors estan decorats amb motius vegetals, i els interiors combinen representacions humanes i animals. Escenifiquen la lluita entre l\u2019home i la fera, com a representaci\u00f3 de la lluita entre el b\u00e9 i el mal.<br \/>\nTamb\u00e9 \u00e9s interessant el forrellat de forja medieval, un dels m\u00e9s ben decorats de la Vall, juntament amb el de Santa Maria de Cardet i el de la Nativitat de Durro. Fixa\u2019t que el passador est\u00e0 rematat amb un cap d\u2019animal. I a la planxa de ferro hi pots veure una campana gravada.<br \/>\nAra, per continuar la visita, has d\u2019entrar a dins. Aquesta esgl\u00e9sia, per\u00f2, no \u00e9s oberta tot l\u2019any; si te l\u2019has trobat tancada, pots veure\u2019n l\u2019interior a partir del recurs virtual que tens a la guia.<\/p>\n    <\/div>\n  <\/div>\n<\/div>\n    <\/section>\n\n\n<div class=\"flex flex-col gap-6 element video-block\">\n  <div class=\"flex flex-col gap-3\">\n      <\/div>\n            <div class=\"relative w-full h-auto bg-black cursor-pointer text-accent lightgallery-video aspect-video\"\n        data-lg-size=\"1280-720\" data-src=\"https:\/\/www.youtube.com\/watch?v=R1nV0GS1Psk\">\n                  <div class=\"absolute inset-0\" style=\"background-color: rgba(0,0,0,0.2)\"><\/div>\n          <svg class=\"absolute top-1\/2 left-1\/2 transform -translate-x-1\/2 -translate-y-1\/2 w-20 h-20 pointer-events-none\" fill=\"none\" xmlns=\"http:\/\/www.w3.org\/2000\/svg\" viewBox=\"0 0 80 81\">\n  <path\n    d=\"m30 58.873 28-18-28-18v36Zm10 22c-5.533 0-10.733-1.05-15.6-3.15-4.867-2.1-9.1-4.95-12.7-8.55-3.6-3.6-6.45-7.833-8.55-12.7C1.05 51.606 0 46.406 0 40.873c0-5.533 1.05-10.733 3.15-15.6 2.1-4.867 4.95-9.1 8.55-12.7 3.6-3.6 7.833-6.45 12.7-8.55 4.867-2.1 10.067-3.15 15.6-3.15 5.533 0 10.733 1.05 15.6 3.15 4.867 2.1 9.1 4.95 12.7 8.55 3.6 3.6 6.45 7.833 8.55 12.7C78.95 30.14 80 35.34 80 40.873c0 5.533-1.05 10.733-3.15 15.6-2.1 4.867-4.95 9.1-8.55 12.7-3.6 3.6-7.833 6.45-12.7 8.55-4.867 2.1-10.067 3.15-15.6 3.15Z\"\n    fill=\"currentColor\" \/>\n<\/svg>          <img decoding=\"async\" class=\"object-cover object-center w-full h-auto aspect-video\" src=\"https:\/\/i.ytimg.com\/vi\/R1nV0GS1Psk\/sddefault.jpg\" \/>\n              <\/div>\n      <\/div>\n\n\n<div class=\"flex flex-col gap-3 element interactive-block\">\n  <div class=\"flex items-center gap-6\">\n              <h2 class=\"text-2xl font-bold\">3D de L\u2019Assumpci\u00f3 de C\u00f3ll<\/h2>\n      <\/div>\n          <div class=\"flex justify-end w-full\">\n      <div class=\"flex flex-col items-center gap-2 shrink-1\">\n        <button data-target=\"#embed-69f5b6e8bd54b\" data-toggle=\"modal\"\n          class=\"flex items-center justify-center w-32 h-32 bg-black rounded-full text-accent\">\n          <svg class=\"w-16 h-auto\" width=\"60\" height=\"61\" viewBox=\"0 0 60 61\" fill=\"none\" xmlns=\"http:\/\/www.w3.org\/2000\/svg\">\n  <path\n    d=\"M27 53.298L12 44.673C11.05 44.1231 10.3125 43.398 9.7875 42.498C9.2625 41.598 9 40.598 9 39.498V22.248C9 21.148 9.2625 20.148 9.7875 19.248C10.3125 18.348 11.05 17.623 12 17.073L27 8.44805C27.95 7.89805 28.95 7.62305 30 7.62305C31.05 7.62305 32.05 7.89805 33 8.44805L48 17.073C48.95 17.623 49.6875 18.348 50.2125 19.248C50.7375 20.148 51 21.148 51 22.248V39.498C51 40.598 50.7375 41.598 50.2125 42.498C49.6875 43.398 48.95 44.1231 48 44.673L33 53.298C32.05 53.848 31.05 54.123 30 54.123C28.95 54.123 27.95 53.848 27 53.298ZM27 46.398V32.598L15 25.623V39.498L27 46.398ZM33 46.398L45 39.498V25.623L33 32.598V46.398ZM0 15.873V6.87305C0 5.22305 0.5875 3.81055 1.7625 2.63555C2.9375 1.46055 4.35 0.873047 6 0.873047H15V6.87305H6V15.873H0ZM15 60.873H6C4.35 60.873 2.9375 60.2855 1.7625 59.1105C0.5875 57.9355 0 56.523 0 54.873V45.8731H6V54.873H15V60.873ZM45 60.873V54.873H54V45.8731H60V54.873C60 56.523 59.4125 57.9355 58.2375 59.1105C57.0625 60.2855 55.65 60.873 54 60.873H45ZM54 15.873V6.87305H45V0.873047H54C55.65 0.873047 57.0625 1.46055 58.2375 2.63555C59.4125 3.81055 60 5.22305 60 6.87305V15.873H54ZM30 27.423L41.85 20.448L30 13.623L18.15 20.448L30 27.423Z\"\n    fill=\"currentColor\" \/>\n<\/svg>\n        <\/button>\n                  <p class=\"text-base text-center\">Mira<\/p>\n              <\/div>\n    <\/div>\n    <div id=\"embed-69f5b6e8bd54b\"\n  class=\"fixed inset-0 z-50 hidden w-screen h-screen opacity-0 pointer-events-none modal embed-container\"\n  tabindex=\"-1\" role=\"dialog\">\n  <div class=\"absolute w-full h-full bg-black opacity-75 modal-overlay\"><\/div>\n  <div\n    class=\"absolute z-30 w-11\/12 mx-auto overflow-y-auto text-black bg-white shadow-lg modal-container center-xy md:max-w-4xl\"\n    role=\"document\">\n    <div class=\"flex items-center justify-between px-4 py-4 text-gray-700 border-b md:px-8\">\n      <h2 class=\"!mb-0 font-bold\">Mira<\/h2>\n      <div class=\"z-50 flex flex-col items-center ml-auto cursor-pointer rtl:ml-0 rtl:mr-auto modal-close\">\n        <svg class=\"w-auto h-6\" width=\"18\" height=\"23\" xmlns=\"http:\/\/www.w3.org\/2000\/svg\">\n  <g stroke=\"currentColor\" fill=\"none\" fill-rule=\"evenodd\" stroke-linecap=\"square\">\n    <path d=\"M.7248.974l16.1076 20.6167M16.655 1.2654L.9097 22.1601\" \/>\n  <\/g>\n<\/svg>        <div class=\"hidden\">Close<\/div>\n      <\/div>\n    <\/div>\n    <div class=\"px-4 py-8 overflow-y-auto max-h-modal md:px-8 modal-content\">\n      <div class=\"sketchfab-embed-wrapper\"> <iframe title=\"L'Assumpci\u00f3 de C\u00f3ll. Vall de Bo\u00ed\" frameborder=\"0\" allowfullscreen mozallowfullscreen=\"true\" webkitallowfullscreen=\"true\" allow=\"autoplay; fullscreen; xr-spatial-tracking\" xr-spatial-tracking execution-while-out-of-viewport execution-while-not-rendered web-share src=\"https:\/\/sketchfab.com\/models\/dba994e7ccf2443c9e2eddb66dbbc28c\/embed?ui_infos=0\"> <\/iframe> <\/div>\n    <\/div>\n  <\/div>\n<\/div>\n  <\/div>\n\n\n<div class=\"flex flex-col gap-3 element text-block\">\n  <div class=\"flex items-center gap-6\">\n              <h2 class=\"text-2xl font-bold\">1d Davant l&#8217;altar<\/h2>\n      <\/div>\n    <\/div>\n\n\n<div class=\"flex flex-col gap-6 element image-block\">\n  <div class=\"flex flex-col gap-3\">\n      <\/div>\n      <figure>\n      <img loading=\"lazy\" decoding=\"async\" width=\"1444\" height=\"960\" src=\"https:\/\/guiesullsdelahistoria.cat\/app\/uploads\/2024\/11\/Assumpcio-general-interior.jpg\" class=\"w-full h-auto\" alt=\"Vista de l\u2019interior de l\u2019esgl\u00e9sia de l\u2019Assumpci\u00f3 de C\u00f3ll, amb les parets emblanquinades i l\u2019absis semicircular i l\u2019altar al fons.\" srcset=\"https:\/\/guiesullsdelahistoria.cat\/app\/uploads\/2024\/11\/Assumpcio-general-interior.jpg 1444w, https:\/\/guiesullsdelahistoria.cat\/app\/uploads\/2024\/11\/Assumpcio-general-interior-300x199.jpg 300w, https:\/\/guiesullsdelahistoria.cat\/app\/uploads\/2024\/11\/Assumpcio-general-interior-1024x681.jpg 1024w, https:\/\/guiesullsdelahistoria.cat\/app\/uploads\/2024\/11\/Assumpcio-general-interior-768x511.jpg 768w\" sizes=\"auto, (max-width: 1444px) 100vw, 1444px\" \/>\n              <figcaption class=\"pt-2 text-gray-800\"> Vista general de l\u2019interior de l\u2019Assumpci\u00f3 de C\u00f3ll.<\/figcaption>\n          <\/figure>\n  <\/div>\n\n\n<section class=\"element audio-block\">\n  <div class=\"flex flex-col w-full gap-6\">\n    <div class=\"flex flex-col gap-3\">\n      <div class=\"flex gap-6\">\n                          <h2 class=\"text-2xl font-bold\"> Elements arquitect\u00f2nics<\/h2>\n              <\/div>\n          <\/div>\n    <div class=\"flex items-center justify-end gap-3\">\n              <div class=\"flex-1 audio-content\" dir=\"ltr\">\n          <audio id=\"audio-288be496b3e7642166f7b9b6e75d6ac2\" data-label=\" Elements arquitect\u00f2nics\"\n            data-category=\"ASSUMPCIO-DE-COLL-CAT-GENERAL-PLAY-3.mp3\" class=\"hidden\" controls\n            src=\"https:\/\/guiesullsdelahistoria.cat\/app\/uploads\/2024\/11\/ASSUMPCIO-DE-COLL-CAT-GENERAL-PLAY-3.mp3\"><\/audio>\n          <div class=\"flex items-center w-full gap-3 transition-opacity opacity-0 meta\">\n            <progress class=\"flex-1 border-0 appearance-none\" value=\"0\" max=\"1\"><\/progress>\n            <div class=\"text-sm text-center shrink-0 current-time w-9\"><\/div>\n                      <\/div>\n        <\/div>\n            <div class=\"flex flex-col items-center gap-2 shrink-1 audio-control\">\n        <button\n  class=\"flex items-center justify-center w-32 max-w-32 h-32 max-h-32 transition-[max-height,_max-width] bg-black rounded-full btn text-accent\"\n  data-target=\"#audio-288be496b3e7642166f7b9b6e75d6ac2\">\n  <svg width=\"100%\" height=\"100%\" viewBox=\"0 0 36 36\" version=\"1.1\" xmlns=\"http:\/\/www.w3.org\/2000\/svg\" xmlns:xlink=\"http:\/\/www.w3.org\/1999\/xlink\">\n  <path id=\"ytp-12\" d=\"M11,10 L18,13.74 18,22.28 11,26 M18,13.74 L26,18 26,18 18,22.28\" fill=\"currentColor\">\n    <animate id=\"animation\" begin=\"indefinite\" attributeType=\"XML\" attributeName=\"d\" fill=\"freeze\" from=\"M11,10 L17,10 17,26 11,26 M20,10 L26,10 26,26 20,26\" to=\"M11,10 L18,13.74 18,22.28 11,26 M18,13.74 L26,18 26,18 18,22.28\" dur=\"0.1s\" keySplines=\".4 0 1 1\" repeatCount=\"1\" data-play=\"M11,10 L18,13.74 18,22.28 11,26 M18,13.74 L26,18 26,18 18,22.28\" data-pause=\"M11,10 L17,10 17,26 11,26 M20,10 L26,10 26,26 20,26\"><\/animate>\n  <\/path>\n<\/svg>\n<\/button>\n        <p class=\"text-base text-center\">Escolta<\/p>\n      <\/div>\n    <\/div>\n\n    \n          <div class=\"flex flex-wrap justify-between gap-6 md:justify-start\">\n                  <button data-target=\"#transcription-288be496b3e7642166f7b9b6e75d6ac2\" data-toggle=\"modal\" class=\"flex items-center gap-2\">\n            <svg class=\"w-6 h-6\" fill=\"none\" xmlns=\"http:\/\/www.w3.org\/2000\/svg\" viewBox=\"0 0 22 12\"><path d=\"M0 9.873v-6c0-.55.196-1.02.588-1.412A1.926 1.926 0 0 1 2 1.873h2c.55 0 1.02.196 1.412.588.392.391.588.862.588 1.412v6H4v-2H2v2H0Zm2-4h2v-2H2v2Zm6 4v-8h4c.55 0 1.02.196 1.412.588.392.391.588.862.588 1.412v4c0 .55-.196 1.021-.588 1.413A1.926 1.926 0 0 1 12 9.873H8Zm2-2h2v-4h-2v4Zm6.85.8-1.4-1.425c.183-.183.32-.391.413-.625.091-.233.137-.483.137-.75 0-.283-.046-.537-.137-.762a1.85 1.85 0 0 0-.413-.613l1.4-1.45c.367.367.65.792.85 1.275.2.484.3 1 .3 1.55s-.1 1.063-.3 1.538c-.2.475-.483.896-.85 1.262Zm2.825 2.825-1.45-1.375c.55-.55.983-1.187 1.3-1.912A5.775 5.775 0 0 0 20 5.873c0-.85-.158-1.633-.475-2.35a6.217 6.217 0 0 0-1.3-1.9l1.45-1.4a7.94 7.94 0 0 1 1.712 2.55c.409.967.613 2 .613 3.1s-.204 2.13-.613 3.088a7.977 7.977 0 0 1-1.712 2.537Z\" fill=\"#000\"\/><\/svg>            <span>Transcripci\u00f3<\/span>\n          <\/button>\n                      <\/div>\n      <\/div>\n\n      <div id=\"transcription-288be496b3e7642166f7b9b6e75d6ac2\"\n  class=\"fixed inset-0 z-50 hidden w-screen h-screen opacity-0 pointer-events-none modal transcription\"\n  tabindex=\"-1\" role=\"dialog\">\n  <div class=\"absolute w-full h-full bg-black opacity-75 modal-overlay\"><\/div>\n  <div\n    class=\"absolute z-30 w-11\/12 mx-auto overflow-y-auto text-black bg-white shadow-lg modal-container center-xy md:max-w-4xl\"\n    role=\"document\">\n    <div class=\"flex items-center justify-between px-4 py-4 text-gray-700 border-b md:px-8\">\n      <h2 class=\"!mb-0 font-bold\">Transcripci\u00f3<\/h2>\n      <div class=\"z-50 flex flex-col items-center ml-auto cursor-pointer rtl:ml-0 rtl:mr-auto modal-close\">\n        <svg class=\"w-auto h-6\" width=\"18\" height=\"23\" xmlns=\"http:\/\/www.w3.org\/2000\/svg\">\n  <g stroke=\"currentColor\" fill=\"none\" fill-rule=\"evenodd\" stroke-linecap=\"square\">\n    <path d=\"M.7248.974l16.1076 20.6167M16.655 1.2654L.9097 22.1601\" \/>\n  <\/g>\n<\/svg>        <div class=\"hidden\">Close<\/div>\n      <\/div>\n    <\/div>\n    <div class=\"px-4 py-8 overflow-y-auto max-h-modal md:px-8 modal-content\">\n      <div class=\"mb-8 flex flex-col gap-1.5\">\n                      <h3 class=\"text-xl font-bold\"> Elements arquitect\u00f2nics<\/h3>\n                            <\/div>\n            <p>Situa\u2019t davant de la primera fila de bancs. Des d\u2019aqu\u00ed, podr\u00e0s observar els diversos elements arquitect\u00f2nics que formen l\u2019esgl\u00e9sia de l\u2019Assumpci\u00f3 de C\u00f3ll.<br \/>\nCom veus, \u00e9s una esgl\u00e9sia d\u2019una sola nau, coberta amb volta de can\u00f3 i amb un absis semicircular a la cap\u00e7alera. El campanar, de planta quadrada i tres nivells d\u2019al\u00e7ada, se situa a la banda dreta.<br \/>\nA la construcci\u00f3 inicial s\u2019hi van afegir dues capelles laterals, la de l\u2019esquerra mirant a l\u2019altar, coberta amb volta de can\u00f3, i la de la dreta, de factura g\u00f2tica.<br \/>\nLa il\u00b7luminaci\u00f3 original de la nau es feia a trav\u00e9s de dos ulls de bou enfrontats, un a cada extrem de l\u2019edifici, i dues finestres, que permetien l\u2019entrada de la llum del sol. Un dels ulls de bou \u00e9s bastant per damunt de la porta d\u2019acc\u00e9s al temple; per aquest hi entra la llum de tarda. L\u2019altre \u00e9s al mur de l\u2019est, per damunt de la coberta de l\u2019absis; per aquest hi entra la llum del mat\u00ed. Tamb\u00e9 en aquest mur, una mica m\u00e9s avall, hi ha una finestra allargada; aquesta \u00e9s l\u2019entrada de llum m\u00e9s simb\u00f2lica, la del sol naixent, entesa com a llum divina. L\u2019altra finestra \u00e9s al mur sud i hi entra la llum de migdia.<\/p>\n<p><em>So d\u2019interfer\u00e8ncies<\/em>.<\/p>\n<p><strong>Moss\u00e8n, home gran<\/strong>: Es fa fosc. Ja pots encendre les ll\u00e0nties.<br \/>\n<strong>Noi jove<\/strong>: Pare, s\u00f3n buides. I a la pica no hi queda gaire oli; potser, per a un dia o dos m\u00e9s.<br \/>\n<strong>Moss\u00e8n, home gran<\/strong>: Ves i omple-les! I despr\u00e9s les poses a lloc amb l\u2019escala. Jo ja soc gran per enfilar-m\u2019hi.<br \/>\n<strong>Noi jove<\/strong>: De seguida, pare!<br \/>\n<strong>Moss\u00e8n, home gran<\/strong>: (per a si mateix): Falta oli. Aquest any les collites no han estat bones. I els feligresos han donat menys que altres vegades. Els haur\u00e9 de demanar un esfor\u00e7; l\u2019esgl\u00e9sia no pot quedar a les fosques.<\/p>\n<p><em>So d\u2019interfer\u00e8ncies.<\/em><\/p>\n<p>Ara ves cap a l\u2019entrada, on hi ha les tres piques de pedra.<\/p>\n    <\/div>\n  <\/div>\n<\/div>\n    <\/section>\n\n\n<div class=\"flex flex-col gap-6 element video-block\">\n  <div class=\"flex flex-col gap-3\">\n      <\/div>\n            <div class=\"relative w-full h-auto bg-black cursor-pointer text-accent lightgallery-video aspect-video\"\n        data-lg-size=\"1280-720\" data-src=\"https:\/\/www.youtube.com\/watch?v=B9_bemGUWwE\">\n                  <div class=\"absolute inset-0\" style=\"background-color: rgba(0,0,0,0.2)\"><\/div>\n          <svg class=\"absolute top-1\/2 left-1\/2 transform -translate-x-1\/2 -translate-y-1\/2 w-20 h-20 pointer-events-none\" fill=\"none\" xmlns=\"http:\/\/www.w3.org\/2000\/svg\" viewBox=\"0 0 80 81\">\n  <path\n    d=\"m30 58.873 28-18-28-18v36Zm10 22c-5.533 0-10.733-1.05-15.6-3.15-4.867-2.1-9.1-4.95-12.7-8.55-3.6-3.6-6.45-7.833-8.55-12.7C1.05 51.606 0 46.406 0 40.873c0-5.533 1.05-10.733 3.15-15.6 2.1-4.867 4.95-9.1 8.55-12.7 3.6-3.6 7.833-6.45 12.7-8.55 4.867-2.1 10.067-3.15 15.6-3.15 5.533 0 10.733 1.05 15.6 3.15 4.867 2.1 9.1 4.95 12.7 8.55 3.6 3.6 6.45 7.833 8.55 12.7C78.95 30.14 80 35.34 80 40.873c0 5.533-1.05 10.733-3.15 15.6-2.1 4.867-4.95 9.1-8.55 12.7-3.6 3.6-7.833 6.45-12.7 8.55-4.867 2.1-10.067 3.15-15.6 3.15Z\"\n    fill=\"currentColor\" \/>\n<\/svg>          <img decoding=\"async\" class=\"object-cover object-center w-full h-auto aspect-video\" src=\"https:\/\/i.ytimg.com\/vi\/B9_bemGUWwE\/sddefault.jpg\" \/>\n              <\/div>\n      <\/div>\n\n\n<div class=\"flex flex-col gap-3 element text-block\">\n  <div class=\"flex items-center gap-6\">\n              <h2 class=\"text-2xl font-bold\">1e Entrada<\/h2>\n      <\/div>\n    <\/div>\n\n\n<div class=\"flex flex-col gap-6 element image-block\">\n  <div class=\"flex flex-col gap-3\">\n      <\/div>\n      <figure>\n      <img loading=\"lazy\" decoding=\"async\" width=\"667\" height=\"1001\" src=\"https:\/\/guiesullsdelahistoria.cat\/app\/uploads\/2024\/11\/Assumpcio_Coll_pica_1.jpg\" class=\"w-full h-auto\" alt=\"Pica rom\u00e0nica de pedra en un rac\u00f3, a prop de l\u2019entrada de l\u2019esgl\u00e9sia.\" srcset=\"https:\/\/guiesullsdelahistoria.cat\/app\/uploads\/2024\/11\/Assumpcio_Coll_pica_1.jpg 667w, https:\/\/guiesullsdelahistoria.cat\/app\/uploads\/2024\/11\/Assumpcio_Coll_pica_1-200x300.jpg 200w\" sizes=\"auto, (max-width: 667px) 100vw, 667px\" \/>\n              <figcaption class=\"pt-2 text-gray-800\">Pica rom\u00e0nica.<\/figcaption>\n          <\/figure>\n  <\/div>\n\n\n<section class=\"element audio-block\">\n  <div class=\"flex flex-col w-full gap-6\">\n    <div class=\"flex flex-col gap-3\">\n      <div class=\"flex gap-6\">\n                          <h2 class=\"text-2xl font-bold\">Les piques rom\u00e0niques<\/h2>\n              <\/div>\n          <\/div>\n    <div class=\"flex items-center justify-end gap-3\">\n              <div class=\"flex-1 audio-content\" dir=\"ltr\">\n          <audio id=\"audio-6664a0cdda96f3c1b8b0a1d722803993\" data-label=\"Les piques rom\u00e0niques\"\n            data-category=\"ASSUMPCIO-DE-COLL-CAT-GENERAL-PLAY-4.mp3\" class=\"hidden\" controls\n            src=\"https:\/\/guiesullsdelahistoria.cat\/app\/uploads\/2024\/11\/ASSUMPCIO-DE-COLL-CAT-GENERAL-PLAY-4.mp3\"><\/audio>\n          <div class=\"flex items-center w-full gap-3 transition-opacity opacity-0 meta\">\n            <progress class=\"flex-1 border-0 appearance-none\" value=\"0\" max=\"1\"><\/progress>\n            <div class=\"text-sm text-center shrink-0 current-time w-9\"><\/div>\n                      <\/div>\n        <\/div>\n            <div class=\"flex flex-col items-center gap-2 shrink-1 audio-control\">\n        <button\n  class=\"flex items-center justify-center w-32 max-w-32 h-32 max-h-32 transition-[max-height,_max-width] bg-black rounded-full btn text-accent\"\n  data-target=\"#audio-6664a0cdda96f3c1b8b0a1d722803993\">\n  <svg width=\"100%\" height=\"100%\" viewBox=\"0 0 36 36\" version=\"1.1\" xmlns=\"http:\/\/www.w3.org\/2000\/svg\" xmlns:xlink=\"http:\/\/www.w3.org\/1999\/xlink\">\n  <path id=\"ytp-12\" d=\"M11,10 L18,13.74 18,22.28 11,26 M18,13.74 L26,18 26,18 18,22.28\" fill=\"currentColor\">\n    <animate id=\"animation\" begin=\"indefinite\" attributeType=\"XML\" attributeName=\"d\" fill=\"freeze\" from=\"M11,10 L17,10 17,26 11,26 M20,10 L26,10 26,26 20,26\" to=\"M11,10 L18,13.74 18,22.28 11,26 M18,13.74 L26,18 26,18 18,22.28\" dur=\"0.1s\" keySplines=\".4 0 1 1\" repeatCount=\"1\" data-play=\"M11,10 L18,13.74 18,22.28 11,26 M18,13.74 L26,18 26,18 18,22.28\" data-pause=\"M11,10 L17,10 17,26 11,26 M20,10 L26,10 26,26 20,26\"><\/animate>\n  <\/path>\n<\/svg>\n<\/button>\n        <p class=\"text-base text-center\">Escolta<\/p>\n      <\/div>\n    <\/div>\n\n    \n          <div class=\"flex flex-wrap justify-between gap-6 md:justify-start\">\n                  <button data-target=\"#transcription-6664a0cdda96f3c1b8b0a1d722803993\" data-toggle=\"modal\" class=\"flex items-center gap-2\">\n            <svg class=\"w-6 h-6\" fill=\"none\" xmlns=\"http:\/\/www.w3.org\/2000\/svg\" viewBox=\"0 0 22 12\"><path d=\"M0 9.873v-6c0-.55.196-1.02.588-1.412A1.926 1.926 0 0 1 2 1.873h2c.55 0 1.02.196 1.412.588.392.391.588.862.588 1.412v6H4v-2H2v2H0Zm2-4h2v-2H2v2Zm6 4v-8h4c.55 0 1.02.196 1.412.588.392.391.588.862.588 1.412v4c0 .55-.196 1.021-.588 1.413A1.926 1.926 0 0 1 12 9.873H8Zm2-2h2v-4h-2v4Zm6.85.8-1.4-1.425c.183-.183.32-.391.413-.625.091-.233.137-.483.137-.75 0-.283-.046-.537-.137-.762a1.85 1.85 0 0 0-.413-.613l1.4-1.45c.367.367.65.792.85 1.275.2.484.3 1 .3 1.55s-.1 1.063-.3 1.538c-.2.475-.483.896-.85 1.262Zm2.825 2.825-1.45-1.375c.55-.55.983-1.187 1.3-1.912A5.775 5.775 0 0 0 20 5.873c0-.85-.158-1.633-.475-2.35a6.217 6.217 0 0 0-1.3-1.9l1.45-1.4a7.94 7.94 0 0 1 1.712 2.55c.409.967.613 2 .613 3.1s-.204 2.13-.613 3.088a7.977 7.977 0 0 1-1.712 2.537Z\" fill=\"#000\"\/><\/svg>            <span>Transcripci\u00f3<\/span>\n          <\/button>\n                      <\/div>\n      <\/div>\n\n      <div id=\"transcription-6664a0cdda96f3c1b8b0a1d722803993\"\n  class=\"fixed inset-0 z-50 hidden w-screen h-screen opacity-0 pointer-events-none modal transcription\"\n  tabindex=\"-1\" role=\"dialog\">\n  <div class=\"absolute w-full h-full bg-black opacity-75 modal-overlay\"><\/div>\n  <div\n    class=\"absolute z-30 w-11\/12 mx-auto overflow-y-auto text-black bg-white shadow-lg modal-container center-xy md:max-w-4xl\"\n    role=\"document\">\n    <div class=\"flex items-center justify-between px-4 py-4 text-gray-700 border-b md:px-8\">\n      <h2 class=\"!mb-0 font-bold\">Transcripci\u00f3<\/h2>\n      <div class=\"z-50 flex flex-col items-center ml-auto cursor-pointer rtl:ml-0 rtl:mr-auto modal-close\">\n        <svg class=\"w-auto h-6\" width=\"18\" height=\"23\" xmlns=\"http:\/\/www.w3.org\/2000\/svg\">\n  <g stroke=\"currentColor\" fill=\"none\" fill-rule=\"evenodd\" stroke-linecap=\"square\">\n    <path d=\"M.7248.974l16.1076 20.6167M16.655 1.2654L.9097 22.1601\" \/>\n  <\/g>\n<\/svg>        <div class=\"hidden\">Close<\/div>\n      <\/div>\n    <\/div>\n    <div class=\"px-4 py-8 overflow-y-auto max-h-modal md:px-8 modal-content\">\n      <div class=\"mb-8 flex flex-col gap-1.5\">\n                      <h3 class=\"text-xl font-bold\">Les piques rom\u00e0niques<\/h3>\n                            <\/div>\n            <p>A l\u2019esgl\u00e9sia de l\u2019Assumpci\u00f3 de C\u00f3ll encara es conserven les tres piques, probablement rom\u00e0niques: la pica baptismal, la pica de l\u2019aigua beneita i la pica de l\u2019oli, combustible de les ll\u00e0nties que il\u00b7luminaven l\u2019esgl\u00e9sia, la m\u00e9s gran de totes.<br \/>\nPer continuar la visita, puja al cor per l\u2019escala del costat de la porta.<\/p>\n    <\/div>\n  <\/div>\n<\/div>\n    <\/section>\n\n\n<div class=\"flex flex-col gap-6 element video-block\">\n  <div class=\"flex flex-col gap-3\">\n      <\/div>\n            <div class=\"relative w-full h-auto bg-black cursor-pointer text-accent lightgallery-video aspect-video\"\n        data-lg-size=\"1280-720\" data-src=\"https:\/\/www.youtube.com\/watch?v=5FrWngTZI0g\">\n                  <div class=\"absolute inset-0\" style=\"background-color: rgba(0,0,0,0.2)\"><\/div>\n          <svg class=\"absolute top-1\/2 left-1\/2 transform -translate-x-1\/2 -translate-y-1\/2 w-20 h-20 pointer-events-none\" fill=\"none\" xmlns=\"http:\/\/www.w3.org\/2000\/svg\" viewBox=\"0 0 80 81\">\n  <path\n    d=\"m30 58.873 28-18-28-18v36Zm10 22c-5.533 0-10.733-1.05-15.6-3.15-4.867-2.1-9.1-4.95-12.7-8.55-3.6-3.6-6.45-7.833-8.55-12.7C1.05 51.606 0 46.406 0 40.873c0-5.533 1.05-10.733 3.15-15.6 2.1-4.867 4.95-9.1 8.55-12.7 3.6-3.6 7.833-6.45 12.7-8.55 4.867-2.1 10.067-3.15 15.6-3.15 5.533 0 10.733 1.05 15.6 3.15 4.867 2.1 9.1 4.95 12.7 8.55 3.6 3.6 6.45 7.833 8.55 12.7C78.95 30.14 80 35.34 80 40.873c0 5.533-1.05 10.733-3.15 15.6-2.1 4.867-4.95 9.1-8.55 12.7-3.6 3.6-7.833 6.45-12.7 8.55-4.867 2.1-10.067 3.15-15.6 3.15Z\"\n    fill=\"currentColor\" \/>\n<\/svg>          <img decoding=\"async\" class=\"object-cover object-center w-full h-auto aspect-video\" src=\"https:\/\/i.ytimg.com\/vi\/5FrWngTZI0g\/sddefault.jpg\" \/>\n              <\/div>\n      <\/div>\n\n\n<div class=\"flex flex-col gap-3 element text-block\">\n  <div class=\"flex items-center gap-6\">\n              <h2 class=\"text-2xl font-bold\">1f Cor<\/h2>\n      <\/div>\n    <\/div>\n\n\n<div class=\"flex flex-col gap-6 element image-block\">\n  <div class=\"flex flex-col gap-3\">\n      <\/div>\n      <figure>\n      <img loading=\"lazy\" decoding=\"async\" width=\"474\" height=\"315\" src=\"https:\/\/guiesullsdelahistoria.cat\/app\/uploads\/2024\/11\/Assumpcio_Coll_cor.jpg\" class=\"w-full h-auto\" alt=\"El cor de l\u2019esgl\u00e9sia situat a la base de la nau, amb la paret emblanquinada i la barana de fusta decorada amb motius geom\u00e8trics propis de l\u2019estil g\u00f2tic.\" srcset=\"https:\/\/guiesullsdelahistoria.cat\/app\/uploads\/2024\/11\/Assumpcio_Coll_cor.jpg 474w, https:\/\/guiesullsdelahistoria.cat\/app\/uploads\/2024\/11\/Assumpcio_Coll_cor-300x199.jpg 300w\" sizes=\"auto, (max-width: 474px) 100vw, 474px\" \/>\n              <figcaption class=\"pt-2 text-gray-800\">Cor amb barana de traceria g\u00f2tica.<\/figcaption>\n          <\/figure>\n  <\/div>\n\n\n<section class=\"element audio-block\">\n  <div class=\"flex flex-col w-full gap-6\">\n    <div class=\"flex flex-col gap-3\">\n      <div class=\"flex gap-6\">\n                          <h2 class=\"text-2xl font-bold\">El cor i la barana de traceria g\u00f2tica<\/h2>\n              <\/div>\n          <\/div>\n    <div class=\"flex items-center justify-end gap-3\">\n              <div class=\"flex-1 audio-content\" dir=\"ltr\">\n          <audio id=\"audio-c295e2cbfca1108383863f0b94d8f252\" data-label=\"El cor i la barana de traceria g\u00f2tica\"\n            data-category=\"ASSUMPCIO-DE-COLL-CAT-GENERAL-PLAY-5.mp3\" class=\"hidden\" controls\n            src=\"https:\/\/guiesullsdelahistoria.cat\/app\/uploads\/2024\/11\/ASSUMPCIO-DE-COLL-CAT-GENERAL-PLAY-5.mp3\"><\/audio>\n          <div class=\"flex items-center w-full gap-3 transition-opacity opacity-0 meta\">\n            <progress class=\"flex-1 border-0 appearance-none\" value=\"0\" max=\"1\"><\/progress>\n            <div class=\"text-sm text-center shrink-0 current-time w-9\"><\/div>\n                      <\/div>\n        <\/div>\n            <div class=\"flex flex-col items-center gap-2 shrink-1 audio-control\">\n        <button\n  class=\"flex items-center justify-center w-32 max-w-32 h-32 max-h-32 transition-[max-height,_max-width] bg-black rounded-full btn text-accent\"\n  data-target=\"#audio-c295e2cbfca1108383863f0b94d8f252\">\n  <svg width=\"100%\" height=\"100%\" viewBox=\"0 0 36 36\" version=\"1.1\" xmlns=\"http:\/\/www.w3.org\/2000\/svg\" xmlns:xlink=\"http:\/\/www.w3.org\/1999\/xlink\">\n  <path id=\"ytp-12\" d=\"M11,10 L18,13.74 18,22.28 11,26 M18,13.74 L26,18 26,18 18,22.28\" fill=\"currentColor\">\n    <animate id=\"animation\" begin=\"indefinite\" attributeType=\"XML\" attributeName=\"d\" fill=\"freeze\" from=\"M11,10 L17,10 17,26 11,26 M20,10 L26,10 26,26 20,26\" to=\"M11,10 L18,13.74 18,22.28 11,26 M18,13.74 L26,18 26,18 18,22.28\" dur=\"0.1s\" keySplines=\".4 0 1 1\" repeatCount=\"1\" data-play=\"M11,10 L18,13.74 18,22.28 11,26 M18,13.74 L26,18 26,18 18,22.28\" data-pause=\"M11,10 L17,10 17,26 11,26 M20,10 L26,10 26,26 20,26\"><\/animate>\n  <\/path>\n<\/svg>\n<\/button>\n        <p class=\"text-base text-center\">Escolta<\/p>\n      <\/div>\n    <\/div>\n\n    \n          <div class=\"flex flex-wrap justify-between gap-6 md:justify-start\">\n                  <button data-target=\"#transcription-c295e2cbfca1108383863f0b94d8f252\" data-toggle=\"modal\" class=\"flex items-center gap-2\">\n            <svg class=\"w-6 h-6\" fill=\"none\" xmlns=\"http:\/\/www.w3.org\/2000\/svg\" viewBox=\"0 0 22 12\"><path d=\"M0 9.873v-6c0-.55.196-1.02.588-1.412A1.926 1.926 0 0 1 2 1.873h2c.55 0 1.02.196 1.412.588.392.391.588.862.588 1.412v6H4v-2H2v2H0Zm2-4h2v-2H2v2Zm6 4v-8h4c.55 0 1.02.196 1.412.588.392.391.588.862.588 1.412v4c0 .55-.196 1.021-.588 1.413A1.926 1.926 0 0 1 12 9.873H8Zm2-2h2v-4h-2v4Zm6.85.8-1.4-1.425c.183-.183.32-.391.413-.625.091-.233.137-.483.137-.75 0-.283-.046-.537-.137-.762a1.85 1.85 0 0 0-.413-.613l1.4-1.45c.367.367.65.792.85 1.275.2.484.3 1 .3 1.55s-.1 1.063-.3 1.538c-.2.475-.483.896-.85 1.262Zm2.825 2.825-1.45-1.375c.55-.55.983-1.187 1.3-1.912A5.775 5.775 0 0 0 20 5.873c0-.85-.158-1.633-.475-2.35a6.217 6.217 0 0 0-1.3-1.9l1.45-1.4a7.94 7.94 0 0 1 1.712 2.55c.409.967.613 2 .613 3.1s-.204 2.13-.613 3.088a7.977 7.977 0 0 1-1.712 2.537Z\" fill=\"#000\"\/><\/svg>            <span>Transcripci\u00f3<\/span>\n          <\/button>\n                      <\/div>\n      <\/div>\n\n      <div id=\"transcription-c295e2cbfca1108383863f0b94d8f252\"\n  class=\"fixed inset-0 z-50 hidden w-screen h-screen opacity-0 pointer-events-none modal transcription\"\n  tabindex=\"-1\" role=\"dialog\">\n  <div class=\"absolute w-full h-full bg-black opacity-75 modal-overlay\"><\/div>\n  <div\n    class=\"absolute z-30 w-11\/12 mx-auto overflow-y-auto text-black bg-white shadow-lg modal-container center-xy md:max-w-4xl\"\n    role=\"document\">\n    <div class=\"flex items-center justify-between px-4 py-4 text-gray-700 border-b md:px-8\">\n      <h2 class=\"!mb-0 font-bold\">Transcripci\u00f3<\/h2>\n      <div class=\"z-50 flex flex-col items-center ml-auto cursor-pointer rtl:ml-0 rtl:mr-auto modal-close\">\n        <svg class=\"w-auto h-6\" width=\"18\" height=\"23\" xmlns=\"http:\/\/www.w3.org\/2000\/svg\">\n  <g stroke=\"currentColor\" fill=\"none\" fill-rule=\"evenodd\" stroke-linecap=\"square\">\n    <path d=\"M.7248.974l16.1076 20.6167M16.655 1.2654L.9097 22.1601\" \/>\n  <\/g>\n<\/svg>        <div class=\"hidden\">Close<\/div>\n      <\/div>\n    <\/div>\n    <div class=\"px-4 py-8 overflow-y-auto max-h-modal md:px-8 modal-content\">\n      <div class=\"mb-8 flex flex-col gap-1.5\">\n                      <h3 class=\"text-xl font-bold\">El cor i la barana de traceria g\u00f2tica<\/h3>\n                            <\/div>\n            <p>El cor es va construir alguns segles m\u00e9s tard al darrer tram de la nau.<br \/>\nAqu\u00ed pots apreciar un detall interessant: la barana del cor de traceria g\u00f2tica, a base de motius geom\u00e8trics entrella\u00e7ats.<br \/>\nAbans de baixar, gaudeix de la vista de l\u2019esgl\u00e9sia. Des d\u2019aqu\u00ed es veuen molt b\u00e9 els suports de les ll\u00e0nties, fets de forja, un dels quals, amb forma de gall. O l\u2019ull de bou de sobre l\u2019altar, amb forma de tr\u00e8vol.<\/p>\n    <\/div>\n  <\/div>\n<\/div>\n    <\/section>\n\n\n<div class=\"flex flex-col gap-6 element video-block\">\n  <div class=\"flex flex-col gap-3\">\n      <\/div>\n            <div class=\"relative w-full h-auto bg-black cursor-pointer text-accent lightgallery-video aspect-video\"\n        data-lg-size=\"1280-720\" data-src=\"https:\/\/www.youtube.com\/watch?v=E5aTuadpjgE\">\n                  <div class=\"absolute inset-0\" style=\"background-color: rgba(0,0,0,0.2)\"><\/div>\n          <svg class=\"absolute top-1\/2 left-1\/2 transform -translate-x-1\/2 -translate-y-1\/2 w-20 h-20 pointer-events-none\" fill=\"none\" xmlns=\"http:\/\/www.w3.org\/2000\/svg\" viewBox=\"0 0 80 81\">\n  <path\n    d=\"m30 58.873 28-18-28-18v36Zm10 22c-5.533 0-10.733-1.05-15.6-3.15-4.867-2.1-9.1-4.95-12.7-8.55-3.6-3.6-6.45-7.833-8.55-12.7C1.05 51.606 0 46.406 0 40.873c0-5.533 1.05-10.733 3.15-15.6 2.1-4.867 4.95-9.1 8.55-12.7 3.6-3.6 7.833-6.45 12.7-8.55 4.867-2.1 10.067-3.15 15.6-3.15 5.533 0 10.733 1.05 15.6 3.15 4.867 2.1 9.1 4.95 12.7 8.55 3.6 3.6 6.45 7.833 8.55 12.7C78.95 30.14 80 35.34 80 40.873c0 5.533-1.05 10.733-3.15 15.6-2.1 4.867-4.95 9.1-8.55 12.7-3.6 3.6-7.833 6.45-12.7 8.55-4.867 2.1-10.067 3.15-15.6 3.15Z\"\n    fill=\"currentColor\" \/>\n<\/svg>          <img decoding=\"async\" class=\"object-cover object-center w-full h-auto aspect-video\" src=\"https:\/\/i.ytimg.com\/vi\/E5aTuadpjgE\/sddefault.jpg\" \/>\n              <\/div>\n      <\/div>\n\n\n<div class=\"flex flex-col gap-3 element text-block\">\n  <div class=\"flex items-center gap-6\">\n              <h2 class=\"text-2xl font-bold\">1g T&#8217;hi esperem!<\/h2>\n      <\/div>\n    <\/div>\n\n\n<section class=\"element audio-block\">\n  <div class=\"flex flex-col w-full gap-6\">\n    <div class=\"flex flex-col gap-3\">\n      <div class=\"flex gap-6\">\n                          <h2 class=\"text-2xl font-bold\">La visita continua<\/h2>\n              <\/div>\n          <\/div>\n    <div class=\"flex items-center justify-end gap-3\">\n              <div class=\"flex-1 audio-content\" dir=\"ltr\">\n          <audio id=\"audio-b524a9d73c0607715b70999e524a22f2\" data-label=\"La visita continua\"\n            data-category=\"ASSUMPCIO-DE-COLL-CAT-GENERAL-PLAY-CLOENDA.mp3\" class=\"hidden\" controls\n            src=\"https:\/\/guiesullsdelahistoria.cat\/app\/uploads\/2024\/11\/ASSUMPCIO-DE-COLL-CAT-GENERAL-PLAY-CLOENDA.mp3\"><\/audio>\n          <div class=\"flex items-center w-full gap-3 transition-opacity opacity-0 meta\">\n            <progress class=\"flex-1 border-0 appearance-none\" value=\"0\" max=\"1\"><\/progress>\n            <div class=\"text-sm text-center shrink-0 current-time w-9\"><\/div>\n                      <\/div>\n        <\/div>\n            <div class=\"flex flex-col items-center gap-2 shrink-1 audio-control\">\n        <button\n  class=\"flex items-center justify-center w-32 max-w-32 h-32 max-h-32 transition-[max-height,_max-width] bg-black rounded-full btn text-accent\"\n  data-target=\"#audio-b524a9d73c0607715b70999e524a22f2\">\n  <svg width=\"100%\" height=\"100%\" viewBox=\"0 0 36 36\" version=\"1.1\" xmlns=\"http:\/\/www.w3.org\/2000\/svg\" xmlns:xlink=\"http:\/\/www.w3.org\/1999\/xlink\">\n  <path id=\"ytp-12\" d=\"M11,10 L18,13.74 18,22.28 11,26 M18,13.74 L26,18 26,18 18,22.28\" fill=\"currentColor\">\n    <animate id=\"animation\" begin=\"indefinite\" attributeType=\"XML\" attributeName=\"d\" fill=\"freeze\" from=\"M11,10 L17,10 17,26 11,26 M20,10 L26,10 26,26 20,26\" to=\"M11,10 L18,13.74 18,22.28 11,26 M18,13.74 L26,18 26,18 18,22.28\" dur=\"0.1s\" keySplines=\".4 0 1 1\" repeatCount=\"1\" data-play=\"M11,10 L18,13.74 18,22.28 11,26 M18,13.74 L26,18 26,18 18,22.28\" data-pause=\"M11,10 L17,10 17,26 11,26 M20,10 L26,10 26,26 20,26\"><\/animate>\n  <\/path>\n<\/svg>\n<\/button>\n        <p class=\"text-base text-center\">Escolta<\/p>\n      <\/div>\n    <\/div>\n\n    \n          <div class=\"flex flex-wrap justify-between gap-6 md:justify-start\">\n                  <button data-target=\"#transcription-b524a9d73c0607715b70999e524a22f2\" data-toggle=\"modal\" class=\"flex items-center gap-2\">\n            <svg class=\"w-6 h-6\" fill=\"none\" xmlns=\"http:\/\/www.w3.org\/2000\/svg\" viewBox=\"0 0 22 12\"><path d=\"M0 9.873v-6c0-.55.196-1.02.588-1.412A1.926 1.926 0 0 1 2 1.873h2c.55 0 1.02.196 1.412.588.392.391.588.862.588 1.412v6H4v-2H2v2H0Zm2-4h2v-2H2v2Zm6 4v-8h4c.55 0 1.02.196 1.412.588.392.391.588.862.588 1.412v4c0 .55-.196 1.021-.588 1.413A1.926 1.926 0 0 1 12 9.873H8Zm2-2h2v-4h-2v4Zm6.85.8-1.4-1.425c.183-.183.32-.391.413-.625.091-.233.137-.483.137-.75 0-.283-.046-.537-.137-.762a1.85 1.85 0 0 0-.413-.613l1.4-1.45c.367.367.65.792.85 1.275.2.484.3 1 .3 1.55s-.1 1.063-.3 1.538c-.2.475-.483.896-.85 1.262Zm2.825 2.825-1.45-1.375c.55-.55.983-1.187 1.3-1.912A5.775 5.775 0 0 0 20 5.873c0-.85-.158-1.633-.475-2.35a6.217 6.217 0 0 0-1.3-1.9l1.45-1.4a7.94 7.94 0 0 1 1.712 2.55c.409.967.613 2 .613 3.1s-.204 2.13-.613 3.088a7.977 7.977 0 0 1-1.712 2.537Z\" fill=\"#000\"\/><\/svg>            <span>Transcripci\u00f3<\/span>\n          <\/button>\n                      <\/div>\n      <\/div>\n\n      <div id=\"transcription-b524a9d73c0607715b70999e524a22f2\"\n  class=\"fixed inset-0 z-50 hidden w-screen h-screen opacity-0 pointer-events-none modal transcription\"\n  tabindex=\"-1\" role=\"dialog\">\n  <div class=\"absolute w-full h-full bg-black opacity-75 modal-overlay\"><\/div>\n  <div\n    class=\"absolute z-30 w-11\/12 mx-auto overflow-y-auto text-black bg-white shadow-lg modal-container center-xy md:max-w-4xl\"\n    role=\"document\">\n    <div class=\"flex items-center justify-between px-4 py-4 text-gray-700 border-b md:px-8\">\n      <h2 class=\"!mb-0 font-bold\">Transcripci\u00f3<\/h2>\n      <div class=\"z-50 flex flex-col items-center ml-auto cursor-pointer rtl:ml-0 rtl:mr-auto modal-close\">\n        <svg class=\"w-auto h-6\" width=\"18\" height=\"23\" xmlns=\"http:\/\/www.w3.org\/2000\/svg\">\n  <g stroke=\"currentColor\" fill=\"none\" fill-rule=\"evenodd\" stroke-linecap=\"square\">\n    <path d=\"M.7248.974l16.1076 20.6167M16.655 1.2654L.9097 22.1601\" \/>\n  <\/g>\n<\/svg>        <div class=\"hidden\">Close<\/div>\n      <\/div>\n    <\/div>\n    <div class=\"px-4 py-8 overflow-y-auto max-h-modal md:px-8 modal-content\">\n      <div class=\"mb-8 flex flex-col gap-1.5\">\n                      <h3 class=\"text-xl font-bold\">La visita continua<\/h3>\n                            <\/div>\n            <p>Aqu\u00ed s\u2019acaba la visita a l\u2019esgl\u00e9sia. Ara et convidem a con\u00e8ixer les altres, que constitueixen el Conjunt Rom\u00e0nic de la Vall de Bo\u00ed. T\u2019hi esperem!<\/p>\n    <\/div>\n  <\/div>\n<\/div>\n    <\/section>\n\n\n<div class=\"flex flex-col gap-6 element video-block\">\n  <div class=\"flex flex-col gap-3\">\n      <\/div>\n            <div class=\"relative w-full h-auto bg-black cursor-pointer text-accent lightgallery-video aspect-video\"\n        data-lg-size=\"1280-720\" data-src=\"https:\/\/www.youtube.com\/watch?v=7wJWv6acgKA\">\n                  <div class=\"absolute inset-0\" style=\"background-color: rgba(0,0,0,0.2)\"><\/div>\n          <svg class=\"absolute top-1\/2 left-1\/2 transform -translate-x-1\/2 -translate-y-1\/2 w-20 h-20 pointer-events-none\" fill=\"none\" xmlns=\"http:\/\/www.w3.org\/2000\/svg\" viewBox=\"0 0 80 81\">\n  <path\n    d=\"m30 58.873 28-18-28-18v36Zm10 22c-5.533 0-10.733-1.05-15.6-3.15-4.867-2.1-9.1-4.95-12.7-8.55-3.6-3.6-6.45-7.833-8.55-12.7C1.05 51.606 0 46.406 0 40.873c0-5.533 1.05-10.733 3.15-15.6 2.1-4.867 4.95-9.1 8.55-12.7 3.6-3.6 7.833-6.45 12.7-8.55 4.867-2.1 10.067-3.15 15.6-3.15 5.533 0 10.733 1.05 15.6 3.15 4.867 2.1 9.1 4.95 12.7 8.55 3.6 3.6 6.45 7.833 8.55 12.7C78.95 30.14 80 35.34 80 40.873c0 5.533-1.05 10.733-3.15 15.6-2.1 4.867-4.95 9.1-8.55 12.7-3.6 3.6-7.833 6.45-12.7 8.55-4.867 2.1-10.067 3.15-15.6 3.15Z\"\n    fill=\"currentColor\" \/>\n<\/svg>          <img decoding=\"async\" class=\"object-cover object-center w-full h-auto aspect-video\" src=\"https:\/\/i.ytimg.com\/vi\/7wJWv6acgKA\/sddefault.jpg\" \/>\n              <\/div>\n      <\/div>\n\n\n<div class=\"flex flex-col gap-3 element text-block\">\n  <div class=\"flex items-center gap-6\">\n              <h2 class=\"text-2xl font-bold\">Cloenda<\/h2>\n      <\/div>\n        <div class=\"prose prose-lg\"><p><em>\u201cEls Ulls de la Hist\u00f2ria. Una mirada immersiva sobre el patrimoni\u201d<\/em> \u00e9s una iniciativa de l\u2019Ag\u00e8ncia Catalana del Patrimoni Cultural. Un projecte que incorpora altres veus i altres mirades sobre el nostre passat. Perqu\u00e8 totes i tots fem hist\u00f2ria.<\/p>\n<\/div>\n  <\/div>\n\n<\/div>\n      <\/div>\n    <\/div>\n  <\/section>\n\n\n<section class=\"overflow-hidden section\" id=\"section-69f5b6e9ea91b\" data-title=\"2. Nativitat de Durro\">\n    <div class=\"container grid grid-cols-1 py-8 md:py-10 max-md:gap-y-8 md:grid-standard\">\n              <div class=\"flex gap-4 md:col-span-5\">\n                                <h2 class=\"text-8 font-headings\">2. Nativitat de Durro<\/h2>\n                  <\/div>\n            <div class=\"flex flex-col gap-8 md:col-span-6 md:col-start-7 md:gap-10\">\n        <div class=\"acf-innerblocks-container\">\n<div class=\"flex flex-col gap-3 element text-block\">\n  <div class=\"flex items-center gap-6\">\n              <h2 class=\"text-2xl font-bold\">2a Introducci\u00f3<\/h2>\n      <\/div>\n    <\/div>\n\n\n<div class=\"flex flex-col gap-6 element image-block\">\n  <div class=\"flex flex-col gap-3\">\n      <\/div>\n      <figure>\n      <img loading=\"lazy\" decoding=\"async\" width=\"1024\" height=\"679\" src=\"https:\/\/guiesullsdelahistoria.cat\/app\/uploads\/2024\/11\/DSC0327_J.BARBERO.jpg\" class=\"w-full h-auto\" alt=\"Vista general de l\u2019exterior de l\u2019esgl\u00e9sia de la Nativitat de Durro, amb un camp de flors grogues al davant i les muntanyes al darrere.\" srcset=\"https:\/\/guiesullsdelahistoria.cat\/app\/uploads\/2024\/11\/DSC0327_J.BARBERO.jpg 1024w, https:\/\/guiesullsdelahistoria.cat\/app\/uploads\/2024\/11\/DSC0327_J.BARBERO-300x199.jpg 300w, https:\/\/guiesullsdelahistoria.cat\/app\/uploads\/2024\/11\/DSC0327_J.BARBERO-768x509.jpg 768w\" sizes=\"auto, (max-width: 1024px) 100vw, 1024px\" \/>\n              <figcaption class=\"pt-2 text-gray-800\">Vista general de la Nativitat de Durro.<\/figcaption>\n          <\/figure>\n  <\/div>\n\n\n<section class=\"element audio-block\">\n  <div class=\"flex flex-col w-full gap-6\">\n    <div class=\"flex flex-col gap-3\">\n      <div class=\"flex gap-6\">\n                          <h2 class=\"text-2xl font-bold\">La Vall de Bo\u00ed i les seves esgl\u00e9sies<\/h2>\n              <\/div>\n          <\/div>\n    <div class=\"flex items-center justify-end gap-3\">\n              <div class=\"flex-1 audio-content\" dir=\"ltr\">\n          <audio id=\"audio-cd15b79960e39014f6feba97f0517356\" data-label=\"La Vall de Bo\u00ed i les seves esgl\u00e9sies\"\n            data-category=\"NATIVITAT-DE-DURRO-CAT-GENERAL-PLAY-0.mp3\" class=\"hidden\" controls\n            src=\"https:\/\/guiesullsdelahistoria.cat\/app\/uploads\/2024\/11\/NATIVITAT-DE-DURRO-CAT-GENERAL-PLAY-0.mp3\"><\/audio>\n          <div class=\"flex items-center w-full gap-3 transition-opacity opacity-0 meta\">\n            <progress class=\"flex-1 border-0 appearance-none\" value=\"0\" max=\"1\"><\/progress>\n            <div class=\"text-sm text-center shrink-0 current-time w-9\"><\/div>\n                      <\/div>\n        <\/div>\n            <div class=\"flex flex-col items-center gap-2 shrink-1 audio-control\">\n        <button\n  class=\"flex items-center justify-center w-32 max-w-32 h-32 max-h-32 transition-[max-height,_max-width] bg-black rounded-full btn text-accent\"\n  data-target=\"#audio-cd15b79960e39014f6feba97f0517356\">\n  <svg width=\"100%\" height=\"100%\" viewBox=\"0 0 36 36\" version=\"1.1\" xmlns=\"http:\/\/www.w3.org\/2000\/svg\" xmlns:xlink=\"http:\/\/www.w3.org\/1999\/xlink\">\n  <path id=\"ytp-12\" d=\"M11,10 L18,13.74 18,22.28 11,26 M18,13.74 L26,18 26,18 18,22.28\" fill=\"currentColor\">\n    <animate id=\"animation\" begin=\"indefinite\" attributeType=\"XML\" attributeName=\"d\" fill=\"freeze\" from=\"M11,10 L17,10 17,26 11,26 M20,10 L26,10 26,26 20,26\" to=\"M11,10 L18,13.74 18,22.28 11,26 M18,13.74 L26,18 26,18 18,22.28\" dur=\"0.1s\" keySplines=\".4 0 1 1\" repeatCount=\"1\" data-play=\"M11,10 L18,13.74 18,22.28 11,26 M18,13.74 L26,18 26,18 18,22.28\" data-pause=\"M11,10 L17,10 17,26 11,26 M20,10 L26,10 26,26 20,26\"><\/animate>\n  <\/path>\n<\/svg>\n<\/button>\n        <p class=\"text-base text-center\">Escolta<\/p>\n      <\/div>\n    <\/div>\n\n    \n          <div class=\"flex flex-wrap justify-between gap-6 md:justify-start\">\n                  <button data-target=\"#transcription-cd15b79960e39014f6feba97f0517356\" data-toggle=\"modal\" class=\"flex items-center gap-2\">\n            <svg class=\"w-6 h-6\" fill=\"none\" xmlns=\"http:\/\/www.w3.org\/2000\/svg\" viewBox=\"0 0 22 12\"><path d=\"M0 9.873v-6c0-.55.196-1.02.588-1.412A1.926 1.926 0 0 1 2 1.873h2c.55 0 1.02.196 1.412.588.392.391.588.862.588 1.412v6H4v-2H2v2H0Zm2-4h2v-2H2v2Zm6 4v-8h4c.55 0 1.02.196 1.412.588.392.391.588.862.588 1.412v4c0 .55-.196 1.021-.588 1.413A1.926 1.926 0 0 1 12 9.873H8Zm2-2h2v-4h-2v4Zm6.85.8-1.4-1.425c.183-.183.32-.391.413-.625.091-.233.137-.483.137-.75 0-.283-.046-.537-.137-.762a1.85 1.85 0 0 0-.413-.613l1.4-1.45c.367.367.65.792.85 1.275.2.484.3 1 .3 1.55s-.1 1.063-.3 1.538c-.2.475-.483.896-.85 1.262Zm2.825 2.825-1.45-1.375c.55-.55.983-1.187 1.3-1.912A5.775 5.775 0 0 0 20 5.873c0-.85-.158-1.633-.475-2.35a6.217 6.217 0 0 0-1.3-1.9l1.45-1.4a7.94 7.94 0 0 1 1.712 2.55c.409.967.613 2 .613 3.1s-.204 2.13-.613 3.088a7.977 7.977 0 0 1-1.712 2.537Z\" fill=\"#000\"\/><\/svg>            <span>Transcripci\u00f3<\/span>\n          <\/button>\n                      <\/div>\n      <\/div>\n\n      <div id=\"transcription-cd15b79960e39014f6feba97f0517356\"\n  class=\"fixed inset-0 z-50 hidden w-screen h-screen opacity-0 pointer-events-none modal transcription\"\n  tabindex=\"-1\" role=\"dialog\">\n  <div class=\"absolute w-full h-full bg-black opacity-75 modal-overlay\"><\/div>\n  <div\n    class=\"absolute z-30 w-11\/12 mx-auto overflow-y-auto text-black bg-white shadow-lg modal-container center-xy md:max-w-4xl\"\n    role=\"document\">\n    <div class=\"flex items-center justify-between px-4 py-4 text-gray-700 border-b md:px-8\">\n      <h2 class=\"!mb-0 font-bold\">Transcripci\u00f3<\/h2>\n      <div class=\"z-50 flex flex-col items-center ml-auto cursor-pointer rtl:ml-0 rtl:mr-auto modal-close\">\n        <svg class=\"w-auto h-6\" width=\"18\" height=\"23\" xmlns=\"http:\/\/www.w3.org\/2000\/svg\">\n  <g stroke=\"currentColor\" fill=\"none\" fill-rule=\"evenodd\" stroke-linecap=\"square\">\n    <path d=\"M.7248.974l16.1076 20.6167M16.655 1.2654L.9097 22.1601\" \/>\n  <\/g>\n<\/svg>        <div class=\"hidden\">Close<\/div>\n      <\/div>\n    <\/div>\n    <div class=\"px-4 py-8 overflow-y-auto max-h-modal md:px-8 modal-content\">\n      <div class=\"mb-8 flex flex-col gap-1.5\">\n                      <h3 class=\"text-xl font-bold\">La Vall de Bo\u00ed i les seves esgl\u00e9sies<\/h3>\n                            <\/div>\n            <p>Et donem la benvinguda a la Vall de Bo\u00ed i t\u2019animem a con\u00e8ixer-ne l\u2019excepcional conjunt d\u2019esgl\u00e9sies, considerades una de les m\u00e0ximes expressions de l\u2019art rom\u00e0nic catal\u00e0 i inscrites a la llista de Patrimoni Mundial per la UNESCO l\u2019any 2000.<br \/>\nEl Conjunt Rom\u00e0nic de la Vall de Bo\u00ed l\u2019integren nou esgl\u00e9sies: Sant Climent i Santa Maria de Ta\u00fcll, Sant Joan de Bo\u00ed, Santa Eul\u00e0lia d\u2019Erill la Vall, Sant Feliu de Barruera, la Nativitat i Sant Quirc de Durro, Santa Maria de Cardet i l\u2019Assumpci\u00f3 de C\u00f3ll.<br \/>\nPer\u00f2, qu\u00e8 tenen en com\u00fa aquest conjunt d\u2019esgl\u00e9sies? Qu\u00e8 les fa tan singulars? Quina \u00e9s la seva hist\u00f2ria?<br \/>\nTotes van ser constru\u00efdes entre els segles XI i XII, en un moment de poder i de bonan\u00e7a econ\u00f2mica de la noblesa local, i comparteixen un estil arquitect\u00f2nic, el rom\u00e0nic, molt est\u00e8s per tot Europa.<br \/>\nAvui, una bona part de les pintures, talles i mobiliari es conserven a diversos museus catalans, sobretot al Museu Nacional d\u2019Art de Catalunya. Tot i aix\u00f2, algunes de les esgl\u00e9sies compten amb importants fragments de pintura mural i escultures originals, a m\u00e9s de reproduccions de les que es conserven als museus.<br \/>\nAmb la guia que tens a les mans, descobrir\u00e0s els valors excepcionals d\u2019aquest conjunt rom\u00e0nic i podr\u00e0s con\u00e8ixer cada una de les nou esgl\u00e9sies, amb els seus secrets i curiositats.<br \/>\nUna advert\u00e8ncia final! Aquestes muntanyes s\u00f3n misterioses i, a les valls, les paraules de les persones que les han habitat sovint es queden atrapades i ressonen al llarg del temps com un eco imperceptible. Aquesta guia disposa d\u2019un sensor que s\u2019activa cada cop que en capta alguna. No t\u2019espantis i continua escoltant.<br \/>\nPer comen\u00e7ar la visita, dirigeix-te a la part posterior de l\u2019esgl\u00e9sia.<\/p>\n    <\/div>\n  <\/div>\n<\/div>\n    <\/section>\n\n\n<div class=\"flex flex-col gap-6 element video-block\">\n  <div class=\"flex flex-col gap-3\">\n      <\/div>\n            <div class=\"relative w-full h-auto bg-black cursor-pointer text-accent lightgallery-video aspect-video\"\n        data-lg-size=\"1280-720\" data-src=\"https:\/\/www.youtube.com\/watch?v=vS2WXlSM5NI\">\n                  <div class=\"absolute inset-0\" style=\"background-color: rgba(0,0,0,0.2)\"><\/div>\n          <svg class=\"absolute top-1\/2 left-1\/2 transform -translate-x-1\/2 -translate-y-1\/2 w-20 h-20 pointer-events-none\" fill=\"none\" xmlns=\"http:\/\/www.w3.org\/2000\/svg\" viewBox=\"0 0 80 81\">\n  <path\n    d=\"m30 58.873 28-18-28-18v36Zm10 22c-5.533 0-10.733-1.05-15.6-3.15-4.867-2.1-9.1-4.95-12.7-8.55-3.6-3.6-6.45-7.833-8.55-12.7C1.05 51.606 0 46.406 0 40.873c0-5.533 1.05-10.733 3.15-15.6 2.1-4.867 4.95-9.1 8.55-12.7 3.6-3.6 7.833-6.45 12.7-8.55 4.867-2.1 10.067-3.15 15.6-3.15 5.533 0 10.733 1.05 15.6 3.15 4.867 2.1 9.1 4.95 12.7 8.55 3.6 3.6 6.45 7.833 8.55 12.7C78.95 30.14 80 35.34 80 40.873c0 5.533-1.05 10.733-3.15 15.6-2.1 4.867-4.95 9.1-8.55 12.7-3.6 3.6-7.833 6.45-12.7 8.55-4.867 2.1-10.067 3.15-15.6 3.15Z\"\n    fill=\"currentColor\" \/>\n<\/svg>          <img decoding=\"async\" class=\"object-cover object-center w-full h-auto aspect-video\" src=\"https:\/\/i.ytimg.com\/vi\/vS2WXlSM5NI\/sddefault.jpg\" \/>\n              <\/div>\n      <\/div>\n\n\n<div class=\"flex flex-col gap-3 element text-block\">\n  <div class=\"flex items-center gap-6\">\n              <h2 class=\"text-2xl font-bold\">2b Pla\u00e7a del poble<\/h2>\n      <\/div>\n    <\/div>\n\n\n<div class=\"flex flex-col gap-6 element image-block\">\n  <div class=\"flex flex-col gap-3\">\n      <\/div>\n      <figure>\n      <img loading=\"lazy\" decoding=\"async\" width=\"948\" height=\"1428\" src=\"https:\/\/guiesullsdelahistoria.cat\/app\/uploads\/2024\/11\/Nativitat_de_Durro_campanar_DSC0686.jpg\" class=\"w-full h-auto\" alt=\"Campanar de l\u2019esgl\u00e9sia de la Nativitat de Durro amb el cementiri al davant, vist des de la pla\u00e7a.\" srcset=\"https:\/\/guiesullsdelahistoria.cat\/app\/uploads\/2024\/11\/Nativitat_de_Durro_campanar_DSC0686.jpg 948w, https:\/\/guiesullsdelahistoria.cat\/app\/uploads\/2024\/11\/Nativitat_de_Durro_campanar_DSC0686-199x300.jpg 199w, https:\/\/guiesullsdelahistoria.cat\/app\/uploads\/2024\/11\/Nativitat_de_Durro_campanar_DSC0686-680x1024.jpg 680w, https:\/\/guiesullsdelahistoria.cat\/app\/uploads\/2024\/11\/Nativitat_de_Durro_campanar_DSC0686-768x1157.jpg 768w\" sizes=\"auto, (max-width: 948px) 100vw, 948px\" \/>\n              <figcaption class=\"pt-2 text-gray-800\">Campanar de la Nativitat de Durro.<\/figcaption>\n          <\/figure>\n  <\/div>\n\n\n<section class=\"element audio-block\">\n  <div class=\"flex flex-col w-full gap-6\">\n    <div class=\"flex flex-col gap-3\">\n      <div class=\"flex gap-6\">\n                          <h2 class=\"text-2xl font-bold\">El campanar<\/h2>\n              <\/div>\n          <\/div>\n    <div class=\"flex items-center justify-end gap-3\">\n              <div class=\"flex-1 audio-content\" dir=\"ltr\">\n          <audio id=\"audio-0219aec8757df44fbd4ee6ac792329be\" data-label=\"El campanar\"\n            data-category=\"NATIVITAT-DE-DURRO-CA-GENERAL-PLAY-1.mp3\" class=\"hidden\" controls\n            src=\"https:\/\/guiesullsdelahistoria.cat\/app\/uploads\/2024\/11\/NATIVITAT-DE-DURRO-CA-GENERAL-PLAY-1.mp3\"><\/audio>\n          <div class=\"flex items-center w-full gap-3 transition-opacity opacity-0 meta\">\n            <progress class=\"flex-1 border-0 appearance-none\" value=\"0\" max=\"1\"><\/progress>\n            <div class=\"text-sm text-center shrink-0 current-time w-9\"><\/div>\n                      <\/div>\n        <\/div>\n            <div class=\"flex flex-col items-center gap-2 shrink-1 audio-control\">\n        <button\n  class=\"flex items-center justify-center w-32 max-w-32 h-32 max-h-32 transition-[max-height,_max-width] bg-black rounded-full btn text-accent\"\n  data-target=\"#audio-0219aec8757df44fbd4ee6ac792329be\">\n  <svg width=\"100%\" height=\"100%\" viewBox=\"0 0 36 36\" version=\"1.1\" xmlns=\"http:\/\/www.w3.org\/2000\/svg\" xmlns:xlink=\"http:\/\/www.w3.org\/1999\/xlink\">\n  <path id=\"ytp-12\" d=\"M11,10 L18,13.74 18,22.28 11,26 M18,13.74 L26,18 26,18 18,22.28\" fill=\"currentColor\">\n    <animate id=\"animation\" begin=\"indefinite\" attributeType=\"XML\" attributeName=\"d\" fill=\"freeze\" from=\"M11,10 L17,10 17,26 11,26 M20,10 L26,10 26,26 20,26\" to=\"M11,10 L18,13.74 18,22.28 11,26 M18,13.74 L26,18 26,18 18,22.28\" dur=\"0.1s\" keySplines=\".4 0 1 1\" repeatCount=\"1\" data-play=\"M11,10 L18,13.74 18,22.28 11,26 M18,13.74 L26,18 26,18 18,22.28\" data-pause=\"M11,10 L17,10 17,26 11,26 M20,10 L26,10 26,26 20,26\"><\/animate>\n  <\/path>\n<\/svg>\n<\/button>\n        <p class=\"text-base text-center\">Escolta<\/p>\n      <\/div>\n    <\/div>\n\n    \n          <div class=\"flex flex-wrap justify-between gap-6 md:justify-start\">\n                  <button data-target=\"#transcription-0219aec8757df44fbd4ee6ac792329be\" data-toggle=\"modal\" class=\"flex items-center gap-2\">\n            <svg class=\"w-6 h-6\" fill=\"none\" xmlns=\"http:\/\/www.w3.org\/2000\/svg\" viewBox=\"0 0 22 12\"><path d=\"M0 9.873v-6c0-.55.196-1.02.588-1.412A1.926 1.926 0 0 1 2 1.873h2c.55 0 1.02.196 1.412.588.392.391.588.862.588 1.412v6H4v-2H2v2H0Zm2-4h2v-2H2v2Zm6 4v-8h4c.55 0 1.02.196 1.412.588.392.391.588.862.588 1.412v4c0 .55-.196 1.021-.588 1.413A1.926 1.926 0 0 1 12 9.873H8Zm2-2h2v-4h-2v4Zm6.85.8-1.4-1.425c.183-.183.32-.391.413-.625.091-.233.137-.483.137-.75 0-.283-.046-.537-.137-.762a1.85 1.85 0 0 0-.413-.613l1.4-1.45c.367.367.65.792.85 1.275.2.484.3 1 .3 1.55s-.1 1.063-.3 1.538c-.2.475-.483.896-.85 1.262Zm2.825 2.825-1.45-1.375c.55-.55.983-1.187 1.3-1.912A5.775 5.775 0 0 0 20 5.873c0-.85-.158-1.633-.475-2.35a6.217 6.217 0 0 0-1.3-1.9l1.45-1.4a7.94 7.94 0 0 1 1.712 2.55c.409.967.613 2 .613 3.1s-.204 2.13-.613 3.088a7.977 7.977 0 0 1-1.712 2.537Z\" fill=\"#000\"\/><\/svg>            <span>Transcripci\u00f3<\/span>\n          <\/button>\n                      <\/div>\n      <\/div>\n\n      <div id=\"transcription-0219aec8757df44fbd4ee6ac792329be\"\n  class=\"fixed inset-0 z-50 hidden w-screen h-screen opacity-0 pointer-events-none modal transcription\"\n  tabindex=\"-1\" role=\"dialog\">\n  <div class=\"absolute w-full h-full bg-black opacity-75 modal-overlay\"><\/div>\n  <div\n    class=\"absolute z-30 w-11\/12 mx-auto overflow-y-auto text-black bg-white shadow-lg modal-container center-xy md:max-w-4xl\"\n    role=\"document\">\n    <div class=\"flex items-center justify-between px-4 py-4 text-gray-700 border-b md:px-8\">\n      <h2 class=\"!mb-0 font-bold\">Transcripci\u00f3<\/h2>\n      <div class=\"z-50 flex flex-col items-center ml-auto cursor-pointer rtl:ml-0 rtl:mr-auto modal-close\">\n        <svg class=\"w-auto h-6\" width=\"18\" height=\"23\" xmlns=\"http:\/\/www.w3.org\/2000\/svg\">\n  <g stroke=\"currentColor\" fill=\"none\" fill-rule=\"evenodd\" stroke-linecap=\"square\">\n    <path d=\"M.7248.974l16.1076 20.6167M16.655 1.2654L.9097 22.1601\" \/>\n  <\/g>\n<\/svg>        <div class=\"hidden\">Close<\/div>\n      <\/div>\n    <\/div>\n    <div class=\"px-4 py-8 overflow-y-auto max-h-modal md:px-8 modal-content\">\n      <div class=\"mb-8 flex flex-col gap-1.5\">\n                      <h3 class=\"text-xl font-bold\">El campanar<\/h3>\n                            <\/div>\n            <p>L\u2019esgl\u00e9sia de la Nativitat de Durro t\u00e9 caracter\u00edstiques arquitect\u00f2niques diferents de les que veiem a la majoria de les esgl\u00e9sies de la Vall. Per comen\u00e7ar, destaca per la seva monumentalitat, una prova de la import\u00e0ncia del poble de Durro a l\u2019edat mitjana.<br \/>\nLa Nativitat que ara veus ha viscut moltes modificacions i ampliacions al llarg del temps. La part m\u00e9s antiga \u00e9s del segle XII, i correspon a un temple rom\u00e0nic d\u2019una sola nau i amb un absis avui desaparegut, el porxo i el campanar.<br \/>\nLa torre del campanar \u00e9s un dels elements destacats, sobretot perqu\u00e8, amb 26 metres d\u2019al\u00e7ada, \u00e9s la m\u00e9s alta de la Vall. T\u2019imagines per qu\u00e8 les feien tan altes, aquestes torres? D\u2019una banda, hi havia la q\u00fcesti\u00f3 religiosa: com m\u00e9s amunt, m\u00e9s a prop de D\u00e9u. Per\u00f2 alhora, de l\u2019altra, una torre tan alta oferia una visi\u00f3 perfecta de la rodalia del poble i permetia detectar la pres\u00e8ncia de qualsevol enemic que s\u2019acost\u00e9s, la qual cosa era important en un \u00e8poca de tantes guerres.<br \/>\nEl campanar t\u00e9 cinc nivells, per\u00f2, com pots veure, cada pis \u00e9s diferent dels altres, conseq\u00fc\u00e8ncia de les moltes modificacions experimentades. Veur\u00e0s que a la base hi ha una arcada, que devia donar pas a un absis lateral. Les finestres dels dos pisos inferiors van ser emparedades, i les finestres rom\u00e0niques del segon i tercer pis van ser substitu\u00efdes per finestres g\u00f2tiques, amb arc apuntat. L\u2019\u00faltim pis, de menys al\u00e7ada, va ser escap\u00e7at en algun moment.<br \/>\nDes d\u2019aqu\u00ed tamb\u00e9 pots veure la sagristia, que es va construir al lloc de l\u2019absis principal.<br \/>\nPer continuar la visita, fes la volta a l\u2019esgl\u00e9sia per la teva dreta i situa\u2019t al porxo, davant de la porta lateral. <\/p>\n    <\/div>\n  <\/div>\n<\/div>\n    <\/section>\n\n\n<div class=\"flex flex-col gap-6 element video-block\">\n  <div class=\"flex flex-col gap-3\">\n      <\/div>\n            <div class=\"relative w-full h-auto bg-black cursor-pointer text-accent lightgallery-video aspect-video\"\n        data-lg-size=\"1280-720\" data-src=\"https:\/\/www.youtube.com\/watch?v=BvdsD1lf--Y\">\n                  <div class=\"absolute inset-0\" style=\"background-color: rgba(0,0,0,0.2)\"><\/div>\n          <svg class=\"absolute top-1\/2 left-1\/2 transform -translate-x-1\/2 -translate-y-1\/2 w-20 h-20 pointer-events-none\" fill=\"none\" xmlns=\"http:\/\/www.w3.org\/2000\/svg\" viewBox=\"0 0 80 81\">\n  <path\n    d=\"m30 58.873 28-18-28-18v36Zm10 22c-5.533 0-10.733-1.05-15.6-3.15-4.867-2.1-9.1-4.95-12.7-8.55-3.6-3.6-6.45-7.833-8.55-12.7C1.05 51.606 0 46.406 0 40.873c0-5.533 1.05-10.733 3.15-15.6 2.1-4.867 4.95-9.1 8.55-12.7 3.6-3.6 7.833-6.45 12.7-8.55 4.867-2.1 10.067-3.15 15.6-3.15 5.533 0 10.733 1.05 15.6 3.15 4.867 2.1 9.1 4.95 12.7 8.55 3.6 3.6 6.45 7.833 8.55 12.7C78.95 30.14 80 35.34 80 40.873c0 5.533-1.05 10.733-3.15 15.6-2.1 4.867-4.95 9.1-8.55 12.7-3.6 3.6-7.833 6.45-12.7 8.55-4.867 2.1-10.067 3.15-15.6 3.15Z\"\n    fill=\"currentColor\" \/>\n<\/svg>          <img decoding=\"async\" class=\"object-cover object-center w-full h-auto aspect-video\" src=\"https:\/\/i.ytimg.com\/vi\/BvdsD1lf--Y\/sddefault.jpg\" \/>\n              <\/div>\n      <\/div>\n\n\n<div class=\"flex flex-col gap-3 element text-block\">\n  <div class=\"flex items-center gap-6\">\n              <h2 class=\"text-2xl font-bold\">2c Porxo<\/h2>\n      <\/div>\n    <\/div>\n\n\n<div class=\"flex flex-col gap-6 element image-block\">\n  <div class=\"flex flex-col gap-3\">\n      <\/div>\n      <figure>\n      <img loading=\"lazy\" decoding=\"async\" width=\"1024\" height=\"680\" src=\"https:\/\/guiesullsdelahistoria.cat\/app\/uploads\/2024\/11\/DSC0308_J.BARBERO.jpg\" class=\"w-full h-auto\" alt=\"Porxo de l\u2019esgl\u00e9sia de la Nativitat de Durro amb el campanar al darrere i les creus de les tombes en primer terme.\" srcset=\"https:\/\/guiesullsdelahistoria.cat\/app\/uploads\/2024\/11\/DSC0308_J.BARBERO.jpg 1024w, https:\/\/guiesullsdelahistoria.cat\/app\/uploads\/2024\/11\/DSC0308_J.BARBERO-300x199.jpg 300w, https:\/\/guiesullsdelahistoria.cat\/app\/uploads\/2024\/11\/DSC0308_J.BARBERO-768x510.jpg 768w\" sizes=\"auto, (max-width: 1024px) 100vw, 1024px\" \/>\n              <figcaption class=\"pt-2 text-gray-800\">Porxo de la Nativitat de Durro.<\/figcaption>\n          <\/figure>\n  <\/div>\n\n\n<section class=\"element audio-block\">\n  <div class=\"flex flex-col w-full gap-6\">\n    <div class=\"flex flex-col gap-3\">\n      <div class=\"flex gap-6\">\n                          <h2 class=\"text-2xl font-bold\">L\u2019exterior<\/h2>\n              <\/div>\n          <\/div>\n    <div class=\"flex items-center justify-end gap-3\">\n              <div class=\"flex-1 audio-content\" dir=\"ltr\">\n          <audio id=\"audio-b4d96706642eab00171d3c89bbf39606\" data-label=\"L\u2019exterior\"\n            data-category=\"NATIVITAT-DE-DURRO-CA-GENERAL-PLAY-2.mp3\" class=\"hidden\" controls\n            src=\"https:\/\/guiesullsdelahistoria.cat\/app\/uploads\/2024\/11\/NATIVITAT-DE-DURRO-CA-GENERAL-PLAY-2.mp3\"><\/audio>\n          <div class=\"flex items-center w-full gap-3 transition-opacity opacity-0 meta\">\n            <progress class=\"flex-1 border-0 appearance-none\" value=\"0\" max=\"1\"><\/progress>\n            <div class=\"text-sm text-center shrink-0 current-time w-9\"><\/div>\n                      <\/div>\n        <\/div>\n            <div class=\"flex flex-col items-center gap-2 shrink-1 audio-control\">\n        <button\n  class=\"flex items-center justify-center w-32 max-w-32 h-32 max-h-32 transition-[max-height,_max-width] bg-black rounded-full btn text-accent\"\n  data-target=\"#audio-b4d96706642eab00171d3c89bbf39606\">\n  <svg width=\"100%\" height=\"100%\" viewBox=\"0 0 36 36\" version=\"1.1\" xmlns=\"http:\/\/www.w3.org\/2000\/svg\" xmlns:xlink=\"http:\/\/www.w3.org\/1999\/xlink\">\n  <path id=\"ytp-12\" d=\"M11,10 L18,13.74 18,22.28 11,26 M18,13.74 L26,18 26,18 18,22.28\" fill=\"currentColor\">\n    <animate id=\"animation\" begin=\"indefinite\" attributeType=\"XML\" attributeName=\"d\" fill=\"freeze\" from=\"M11,10 L17,10 17,26 11,26 M20,10 L26,10 26,26 20,26\" to=\"M11,10 L18,13.74 18,22.28 11,26 M18,13.74 L26,18 26,18 18,22.28\" dur=\"0.1s\" keySplines=\".4 0 1 1\" repeatCount=\"1\" data-play=\"M11,10 L18,13.74 18,22.28 11,26 M18,13.74 L26,18 26,18 18,22.28\" data-pause=\"M11,10 L17,10 17,26 11,26 M20,10 L26,10 26,26 20,26\"><\/animate>\n  <\/path>\n<\/svg>\n<\/button>\n        <p class=\"text-base text-center\">Escolta<\/p>\n      <\/div>\n    <\/div>\n\n    \n          <div class=\"flex flex-wrap justify-between gap-6 md:justify-start\">\n                  <button data-target=\"#transcription-b4d96706642eab00171d3c89bbf39606\" data-toggle=\"modal\" class=\"flex items-center gap-2\">\n            <svg class=\"w-6 h-6\" fill=\"none\" xmlns=\"http:\/\/www.w3.org\/2000\/svg\" viewBox=\"0 0 22 12\"><path d=\"M0 9.873v-6c0-.55.196-1.02.588-1.412A1.926 1.926 0 0 1 2 1.873h2c.55 0 1.02.196 1.412.588.392.391.588.862.588 1.412v6H4v-2H2v2H0Zm2-4h2v-2H2v2Zm6 4v-8h4c.55 0 1.02.196 1.412.588.392.391.588.862.588 1.412v4c0 .55-.196 1.021-.588 1.413A1.926 1.926 0 0 1 12 9.873H8Zm2-2h2v-4h-2v4Zm6.85.8-1.4-1.425c.183-.183.32-.391.413-.625.091-.233.137-.483.137-.75 0-.283-.046-.537-.137-.762a1.85 1.85 0 0 0-.413-.613l1.4-1.45c.367.367.65.792.85 1.275.2.484.3 1 .3 1.55s-.1 1.063-.3 1.538c-.2.475-.483.896-.85 1.262Zm2.825 2.825-1.45-1.375c.55-.55.983-1.187 1.3-1.912A5.775 5.775 0 0 0 20 5.873c0-.85-.158-1.633-.475-2.35a6.217 6.217 0 0 0-1.3-1.9l1.45-1.4a7.94 7.94 0 0 1 1.712 2.55c.409.967.613 2 .613 3.1s-.204 2.13-.613 3.088a7.977 7.977 0 0 1-1.712 2.537Z\" fill=\"#000\"\/><\/svg>            <span>Transcripci\u00f3<\/span>\n          <\/button>\n                      <\/div>\n      <\/div>\n\n      <div id=\"transcription-b4d96706642eab00171d3c89bbf39606\"\n  class=\"fixed inset-0 z-50 hidden w-screen h-screen opacity-0 pointer-events-none modal transcription\"\n  tabindex=\"-1\" role=\"dialog\">\n  <div class=\"absolute w-full h-full bg-black opacity-75 modal-overlay\"><\/div>\n  <div\n    class=\"absolute z-30 w-11\/12 mx-auto overflow-y-auto text-black bg-white shadow-lg modal-container center-xy md:max-w-4xl\"\n    role=\"document\">\n    <div class=\"flex items-center justify-between px-4 py-4 text-gray-700 border-b md:px-8\">\n      <h2 class=\"!mb-0 font-bold\">Transcripci\u00f3<\/h2>\n      <div class=\"z-50 flex flex-col items-center ml-auto cursor-pointer rtl:ml-0 rtl:mr-auto modal-close\">\n        <svg class=\"w-auto h-6\" width=\"18\" height=\"23\" xmlns=\"http:\/\/www.w3.org\/2000\/svg\">\n  <g stroke=\"currentColor\" fill=\"none\" fill-rule=\"evenodd\" stroke-linecap=\"square\">\n    <path d=\"M.7248.974l16.1076 20.6167M16.655 1.2654L.9097 22.1601\" \/>\n  <\/g>\n<\/svg>        <div class=\"hidden\">Close<\/div>\n      <\/div>\n    <\/div>\n    <div class=\"px-4 py-8 overflow-y-auto max-h-modal md:px-8 modal-content\">\n      <div class=\"mb-8 flex flex-col gap-1.5\">\n                      <h3 class=\"text-xl font-bold\">L\u2019exterior<\/h3>\n                            <\/div>\n            <p>La nau de la Nativitat de Durro est\u00e0 feta amb carreus grossos o pedres de granit, i els elements decoratius recorren les fa\u00e7anes. Fixa\u2019t en la part superior dels murs: hi ha un fris d\u2019arquets cecs que ressegueix la llargada de la nau i, a sobre, hi ha una altra sanefa que forma petits quadrats a semblan\u00e7a d\u2019un tauler d\u2019escacs.<br \/>\nA les acaballes del segle XV, l\u2019esgl\u00e9sia podria haver patit un incendi en un cap\u00edtol relacionat amb la guerra civil catalana: Hug Roger III, l\u2019\u00faltim comte de Pallars, va atacar el poble en un intent desesperat de recuperar el seu comtat. Els ve\u00efns es van tancar a l\u2019esgl\u00e9sia per protegir-se i el comte, enfurismat, hi hauria calat foc.<\/p>\n<p><em>So d\u2019interfer\u00e8ncies.<\/em><br \/>\nL\u2019ambient dins l\u2019esgl\u00e9sia \u00e9s de nervis i tensi\u00f3.<br \/>\n<strong>Dona<\/strong>: No patiu! Aquestes parets ens protegiran!<br \/>\n<strong>Home:<\/strong> L\u2019Hug s\u2019ha tornat boig! No t\u00e9 respecte ni per l\u2019esgl\u00e9sia.<br \/>\n<strong>Dona:<\/strong> Pregueu a D\u00e9u. Ell no ens deixar\u00e0 morir.<br \/>\n<strong>Home:<\/strong> No parar\u00e0 fins a recuperar el seu comtat. Ha vingut amb refor\u00e7os de Fran\u00e7a. Una cohort de salvatges.<br \/>\n<strong>Dona:<\/strong> Tingueu fe.<br \/>\n<strong>Home:<\/strong> Fe? El foc s\u2019escampa al voltant de l\u2019esgl\u00e9sia. Nom\u00e9s ens poden salvar les tropes del vescomte de Cardona, per\u00f2 on s\u00f3n?<br \/>\n<em>So d\u2019interfer\u00e8ncies<\/em>.<\/p>\n<p>El porxo rom\u00e0nic es va afegir a la segona fase constructiva, i servia per protegir dels rigors meteorol\u00f2gics els feligresos que s\u2019esperaven per entrar a l\u2019esgl\u00e9sia. Si avui fa sol, plou o neva, agrair\u00e0s que hi sigui. Per\u00f2 tamb\u00e9 podia ser un lloc de parada de les processons, un espai on celebrar actes lit\u00fargics i tamb\u00e9 socials, com ara judicis. El porxo, a m\u00e9s, tenia una funci\u00f3 simb\u00f2lica: era l\u2019espai de transici\u00f3 entre la vida quotidiana i l\u2019entrada a la casa de D\u00e9u.<\/p>\n<p>Aqu\u00ed hi ha la portada, un dels elements m\u00e9s interessants del conjunt. Est\u00e0 formada per tres arcs de mig punt en gradaci\u00f3, i est\u00e0 decorada per dues arquivoltes sostingudes per quatre columnes amb capitells decorats. Si t\u2019hi fixes, s\u2019hi poden distingir motius vegetals i relleus zoom\u00f2rfics, \u00e9s a dir, formes d\u2019animals. Tamb\u00e9, una petita cara. A veure si la trobes!<\/p>\n<p>Tot el conjunt est\u00e0 emmarcat per un fris, una mena de sanefa amb motius d\u2019escacs, i per sobre, dins d\u2019un cercle, hi ha el crism\u00f3, el s\u00edmbol de Crist representat per les seves inicials en grec.<br \/>\nAquesta portalada t\u00e9 moltes similituds amb la de l\u2019esgl\u00e9sia de l\u2019Assumpci\u00f3 de C\u00f3ll, tant pel que fa a les arquivoltes, com als capitells amb animals, com al crism\u00f3. Podria haver estat obra, doncs, del mateix taller? O nom\u00e9s una inspiraci\u00f3? Misteri per resoldre.<\/p>\n<p>Un altre element interessant de la portada \u00e9s el forrellat, el pany de la porta, d\u2019\u00e8poca medieval. Fixa\u2019t en la planxa que refor\u00e7a el tancament, decorada amb sanefes de motius geom\u00e8trics i amb quatre estructures que ens recorden la silueta dels castells medievals. Al centre, una figura humana molt esquem\u00e0tica assenyala una de les torres que hi ha envoltant el pany. Completen l\u2019escena un element vegetal que podria ser un arbre i dos animals quadr\u00fapedes que ens recorden cavalls. En desconeixem el significat concret i, per aix\u00f2, podem fer volar la imaginaci\u00f3: podria ser un homenatge al comte d\u2019Erill i al seu castell, per haver pagat l\u2019esgl\u00e9sia? Ves a saber.<\/p>\n<p>Abans de passar al pr\u00f2xim punt, fixa\u2019t en un darrer detall: el passador del forrellat est\u00e0 decorat amb motius geom\u00e8trics i cap\u00e7at a l\u2019extrem dret amb un cap d\u2019animal, potser una serp. No seria l\u2019\u00fanica serp a la porta de les esgl\u00e9sies de la Vall: a Santa Eul\u00e0lia, per exemple, n\u2019hi ha una de pintada. Podria ser una advert\u00e8ncia sobre el pecat? I si, en realitat, fos un drac?<br \/>\nDit aix\u00f2, ja pots entrar a l\u2019esgl\u00e9sia.<\/p>\n    <\/div>\n  <\/div>\n<\/div>\n    <\/section>\n\n\n<div class=\"flex flex-col gap-6 element video-block\">\n  <div class=\"flex flex-col gap-3\">\n      <\/div>\n            <div class=\"relative w-full h-auto bg-black cursor-pointer text-accent lightgallery-video aspect-video\"\n        data-lg-size=\"1280-720\" data-src=\"https:\/\/www.youtube.com\/watch?v=-oX7-yO-msI\">\n                  <div class=\"absolute inset-0\" style=\"background-color: rgba(0,0,0,0.2)\"><\/div>\n          <svg class=\"absolute top-1\/2 left-1\/2 transform -translate-x-1\/2 -translate-y-1\/2 w-20 h-20 pointer-events-none\" fill=\"none\" xmlns=\"http:\/\/www.w3.org\/2000\/svg\" viewBox=\"0 0 80 81\">\n  <path\n    d=\"m30 58.873 28-18-28-18v36Zm10 22c-5.533 0-10.733-1.05-15.6-3.15-4.867-2.1-9.1-4.95-12.7-8.55-3.6-3.6-6.45-7.833-8.55-12.7C1.05 51.606 0 46.406 0 40.873c0-5.533 1.05-10.733 3.15-15.6 2.1-4.867 4.95-9.1 8.55-12.7 3.6-3.6 7.833-6.45 12.7-8.55 4.867-2.1 10.067-3.15 15.6-3.15 5.533 0 10.733 1.05 15.6 3.15 4.867 2.1 9.1 4.95 12.7 8.55 3.6 3.6 6.45 7.833 8.55 12.7C78.95 30.14 80 35.34 80 40.873c0 5.533-1.05 10.733-3.15 15.6-2.1 4.867-4.95 9.1-8.55 12.7-3.6 3.6-7.833 6.45-12.7 8.55-4.867 2.1-10.067 3.15-15.6 3.15Z\"\n    fill=\"currentColor\" \/>\n<\/svg>          <img decoding=\"async\" class=\"object-cover object-center w-full h-auto aspect-video\" src=\"https:\/\/i.ytimg.com\/vi\/-oX7-yO-msI\/sddefault.jpg\" \/>\n              <\/div>\n      <\/div>\n\n\n<div class=\"flex flex-col gap-3 element text-block\">\n  <div class=\"flex items-center gap-6\">\n              <h2 class=\"text-2xl font-bold\">2d Base de la nau<\/h2>\n      <\/div>\n    <\/div>\n\n\n<div class=\"flex flex-col gap-6 element image-block\">\n  <div class=\"flex flex-col gap-3\">\n      <\/div>\n      <figure>\n      <img loading=\"lazy\" decoding=\"async\" width=\"1001\" height=\"667\" src=\"https:\/\/guiesullsdelahistoria.cat\/app\/uploads\/2024\/11\/Interior-Durro.jpg\" class=\"w-full h-auto\" alt=\"Vista de l\u2019interior de l\u2019esgl\u00e9sia de la Nativitat de Durro amb l\u2019altar i un gran retaule barroc al fons.\" srcset=\"https:\/\/guiesullsdelahistoria.cat\/app\/uploads\/2024\/11\/Interior-Durro.jpg 1001w, https:\/\/guiesullsdelahistoria.cat\/app\/uploads\/2024\/11\/Interior-Durro-300x200.jpg 300w, https:\/\/guiesullsdelahistoria.cat\/app\/uploads\/2024\/11\/Interior-Durro-768x512.jpg 768w\" sizes=\"auto, (max-width: 1001px) 100vw, 1001px\" \/>\n              <figcaption class=\"pt-2 text-gray-800\">Vista interior de la Nativitat de Durro.<\/figcaption>\n          <\/figure>\n  <\/div>\n\n\n<section class=\"element audio-block\">\n  <div class=\"flex flex-col w-full gap-6\">\n    <div class=\"flex flex-col gap-3\">\n      <div class=\"flex gap-6\">\n                          <h2 class=\"text-2xl font-bold\">Els retaules i les cobertes<\/h2>\n              <\/div>\n          <\/div>\n    <div class=\"flex items-center justify-end gap-3\">\n              <div class=\"flex-1 audio-content\" dir=\"ltr\">\n          <audio id=\"audio-a856be675d8be09cbdee1b49057e2145\" data-label=\"Els retaules i les cobertes\"\n            data-category=\"NATIVITAT-DE-DURRO-CA-GENERAL-PLAY-3.mp3\" class=\"hidden\" controls\n            src=\"https:\/\/guiesullsdelahistoria.cat\/app\/uploads\/2024\/11\/NATIVITAT-DE-DURRO-CA-GENERAL-PLAY-3.mp3\"><\/audio>\n          <div class=\"flex items-center w-full gap-3 transition-opacity opacity-0 meta\">\n            <progress class=\"flex-1 border-0 appearance-none\" value=\"0\" max=\"1\"><\/progress>\n            <div class=\"text-sm text-center shrink-0 current-time w-9\"><\/div>\n                      <\/div>\n        <\/div>\n            <div class=\"flex flex-col items-center gap-2 shrink-1 audio-control\">\n        <button\n  class=\"flex items-center justify-center w-32 max-w-32 h-32 max-h-32 transition-[max-height,_max-width] bg-black rounded-full btn text-accent\"\n  data-target=\"#audio-a856be675d8be09cbdee1b49057e2145\">\n  <svg width=\"100%\" height=\"100%\" viewBox=\"0 0 36 36\" version=\"1.1\" xmlns=\"http:\/\/www.w3.org\/2000\/svg\" xmlns:xlink=\"http:\/\/www.w3.org\/1999\/xlink\">\n  <path id=\"ytp-12\" d=\"M11,10 L18,13.74 18,22.28 11,26 M18,13.74 L26,18 26,18 18,22.28\" fill=\"currentColor\">\n    <animate id=\"animation\" begin=\"indefinite\" attributeType=\"XML\" attributeName=\"d\" fill=\"freeze\" from=\"M11,10 L17,10 17,26 11,26 M20,10 L26,10 26,26 20,26\" to=\"M11,10 L18,13.74 18,22.28 11,26 M18,13.74 L26,18 26,18 18,22.28\" dur=\"0.1s\" keySplines=\".4 0 1 1\" repeatCount=\"1\" data-play=\"M11,10 L18,13.74 18,22.28 11,26 M18,13.74 L26,18 26,18 18,22.28\" data-pause=\"M11,10 L17,10 17,26 11,26 M20,10 L26,10 26,26 20,26\"><\/animate>\n  <\/path>\n<\/svg>\n<\/button>\n        <p class=\"text-base text-center\">Escolta<\/p>\n      <\/div>\n    <\/div>\n\n    \n          <div class=\"flex flex-wrap justify-between gap-6 md:justify-start\">\n                  <button data-target=\"#transcription-a856be675d8be09cbdee1b49057e2145\" data-toggle=\"modal\" class=\"flex items-center gap-2\">\n            <svg class=\"w-6 h-6\" fill=\"none\" xmlns=\"http:\/\/www.w3.org\/2000\/svg\" viewBox=\"0 0 22 12\"><path d=\"M0 9.873v-6c0-.55.196-1.02.588-1.412A1.926 1.926 0 0 1 2 1.873h2c.55 0 1.02.196 1.412.588.392.391.588.862.588 1.412v6H4v-2H2v2H0Zm2-4h2v-2H2v2Zm6 4v-8h4c.55 0 1.02.196 1.412.588.392.391.588.862.588 1.412v4c0 .55-.196 1.021-.588 1.413A1.926 1.926 0 0 1 12 9.873H8Zm2-2h2v-4h-2v4Zm6.85.8-1.4-1.425c.183-.183.32-.391.413-.625.091-.233.137-.483.137-.75 0-.283-.046-.537-.137-.762a1.85 1.85 0 0 0-.413-.613l1.4-1.45c.367.367.65.792.85 1.275.2.484.3 1 .3 1.55s-.1 1.063-.3 1.538c-.2.475-.483.896-.85 1.262Zm2.825 2.825-1.45-1.375c.55-.55.983-1.187 1.3-1.912A5.775 5.775 0 0 0 20 5.873c0-.85-.158-1.633-.475-2.35a6.217 6.217 0 0 0-1.3-1.9l1.45-1.4a7.94 7.94 0 0 1 1.712 2.55c.409.967.613 2 .613 3.1s-.204 2.13-.613 3.088a7.977 7.977 0 0 1-1.712 2.537Z\" fill=\"#000\"\/><\/svg>            <span>Transcripci\u00f3<\/span>\n          <\/button>\n                      <\/div>\n      <\/div>\n\n      <div id=\"transcription-a856be675d8be09cbdee1b49057e2145\"\n  class=\"fixed inset-0 z-50 hidden w-screen h-screen opacity-0 pointer-events-none modal transcription\"\n  tabindex=\"-1\" role=\"dialog\">\n  <div class=\"absolute w-full h-full bg-black opacity-75 modal-overlay\"><\/div>\n  <div\n    class=\"absolute z-30 w-11\/12 mx-auto overflow-y-auto text-black bg-white shadow-lg modal-container center-xy md:max-w-4xl\"\n    role=\"document\">\n    <div class=\"flex items-center justify-between px-4 py-4 text-gray-700 border-b md:px-8\">\n      <h2 class=\"!mb-0 font-bold\">Transcripci\u00f3<\/h2>\n      <div class=\"z-50 flex flex-col items-center ml-auto cursor-pointer rtl:ml-0 rtl:mr-auto modal-close\">\n        <svg class=\"w-auto h-6\" width=\"18\" height=\"23\" xmlns=\"http:\/\/www.w3.org\/2000\/svg\">\n  <g stroke=\"currentColor\" fill=\"none\" fill-rule=\"evenodd\" stroke-linecap=\"square\">\n    <path d=\"M.7248.974l16.1076 20.6167M16.655 1.2654L.9097 22.1601\" \/>\n  <\/g>\n<\/svg>        <div class=\"hidden\">Close<\/div>\n      <\/div>\n    <\/div>\n    <div class=\"px-4 py-8 overflow-y-auto max-h-modal md:px-8 modal-content\">\n      <div class=\"mb-8 flex flex-col gap-1.5\">\n                      <h3 class=\"text-xl font-bold\">Els retaules i les cobertes<\/h3>\n                            <\/div>\n            <p>Nom\u00e9s entrar a la Nativitat de Durro, el primer que crida l\u2019atenci\u00f3 \u00e9s la decoraci\u00f3 barroca i els retaules.<br \/>\nEl que tens m\u00e9s a prop comen\u00e7ant per la dreta est\u00e0 dedicat a sant Antoni i \u00e9s del segle XVIII. Sant Antoni Abat est\u00e0 representat a la part superior, i sant Antoni de P\u00e0dua, a la part inferior.<br \/>\nA l\u2019altra banda, el primer per l\u2019esquerra est\u00e0 dedicat a la Mare de D\u00e9u i \u00e9s del segle XVII.<br \/>\nEl segon per l\u2019esquerra \u00e9s el retaule del Sant Crist, tamb\u00e9 del segle XVIII, dedicat a la passi\u00f3 de Jes\u00fas. El Crist que est\u00e0s veient va ser elaborat per l\u2019escultor Josep Viladomat als anys seixanta.<br \/>\nEl segon retaule per la dreta est\u00e0 dedicat a sant Joan. I, finalment, situat al fons, a l\u2019altar, hi ha el retaule major, de mitjans del segle XVIII. A la part inferior hi ha les quatre verges m\u00e0rtirs: santa \u00c0gata, santa B\u00e0rbara, santa Ll\u00facia i, possiblement, santa Engr\u00e0cia. Durant la Guerra Civil el retaule va patir danys i les figures actuals s\u00f3n modernes. Al nivell superior hi ha representat el doble sagrat cor; just a sota, Maria i el Nen Jes\u00fas; a l\u2019esquerra, sant Josep, i a la dreta, sant Joaquim i Maria de petita.<br \/>\nAra has de mirar cap a dalt per descobrir un detall arquitect\u00f2nic que fa especial aquesta esgl\u00e9sia. Es tracta de les cobertes de la nau central i de les capelles laterals. Pots veure com la coberta de la nau central \u00e9s de volta de can\u00f3, mentre que la capella lateral esquerra \u00e9s de creueria, i la de la dreta, barroca. Totes dues van ser constru\u00efdes posteriorment.<br \/>\nPotser tamb\u00e9 t\u2019han cridat l\u2019atenci\u00f3 dos ocells blancs i grossos que hi ha als murs del costat de l\u2019altar. S\u00f3n lampadaris barrocs, per subjectar els llums d\u2019oli.<br \/>\nFinalment, i encara a la part de baix, mirant cap a l\u2019entrada, fixa\u2019t en la pica de pedra coberta per una tapa piramidal de color verd. \u00c9s la pica baptismal rom\u00e0nica. L\u2019estructura de fusta que la protegeix, del segle XVIII, servia per protegir l\u2019aigua i tamb\u00e9 per guardar-hi els elements lit\u00fargics.<br \/>\nPer seguir la visita, has de pujar al cor de l\u2019esgl\u00e9sia. Hi has d\u2019accedir per les escales que hi ha a l\u2019entrada, a la zona de la taquilla.<\/p>\n    <\/div>\n  <\/div>\n<\/div>\n    <\/section>\n\n\n<div class=\"flex flex-col gap-6 element video-block\">\n  <div class=\"flex flex-col gap-3\">\n      <\/div>\n            <div class=\"relative w-full h-auto bg-black cursor-pointer text-accent lightgallery-video aspect-video\"\n        data-lg-size=\"1280-720\" data-src=\"https:\/\/www.youtube.com\/watch?v=Zc_T9byghtk\">\n                  <div class=\"absolute inset-0\" style=\"background-color: rgba(0,0,0,0.2)\"><\/div>\n          <svg class=\"absolute top-1\/2 left-1\/2 transform -translate-x-1\/2 -translate-y-1\/2 w-20 h-20 pointer-events-none\" fill=\"none\" xmlns=\"http:\/\/www.w3.org\/2000\/svg\" viewBox=\"0 0 80 81\">\n  <path\n    d=\"m30 58.873 28-18-28-18v36Zm10 22c-5.533 0-10.733-1.05-15.6-3.15-4.867-2.1-9.1-4.95-12.7-8.55-3.6-3.6-6.45-7.833-8.55-12.7C1.05 51.606 0 46.406 0 40.873c0-5.533 1.05-10.733 3.15-15.6 2.1-4.867 4.95-9.1 8.55-12.7 3.6-3.6 7.833-6.45 12.7-8.55 4.867-2.1 10.067-3.15 15.6-3.15 5.533 0 10.733 1.05 15.6 3.15 4.867 2.1 9.1 4.95 12.7 8.55 3.6 3.6 6.45 7.833 8.55 12.7C78.95 30.14 80 35.34 80 40.873c0 5.533-1.05 10.733-3.15 15.6-2.1 4.867-4.95 9.1-8.55 12.7-3.6 3.6-7.833 6.45-12.7 8.55-4.867 2.1-10.067 3.15-15.6 3.15Z\"\n    fill=\"currentColor\" \/>\n<\/svg>          <img decoding=\"async\" class=\"object-cover object-center w-full h-auto aspect-video\" src=\"https:\/\/i.ytimg.com\/vi\/Zc_T9byghtk\/sddefault.jpg\" \/>\n              <\/div>\n      <\/div>\n\n\n<div class=\"flex flex-col gap-3 element text-block\">\n  <div class=\"flex items-center gap-6\">\n              <h2 class=\"text-2xl font-bold\">2e Cor<\/h2>\n      <\/div>\n    <\/div>\n\n\n<div class=\"flex flex-col gap-6 element image-block\">\n  <div class=\"flex flex-col gap-3\">\n      <\/div>\n      <figure>\n      <img loading=\"lazy\" decoding=\"async\" width=\"451\" height=\"768\" src=\"https:\/\/guiesullsdelahistoria.cat\/app\/uploads\/2024\/11\/DSC0146_J.BARBERO.jpg\" class=\"w-full h-auto\" alt=\"Fragments de la talla de fusta del Nicodem del Davallament de la creu de Durro posats sobre la hipot\u00e8tica figura original ombrejada.\" srcset=\"https:\/\/guiesullsdelahistoria.cat\/app\/uploads\/2024\/11\/DSC0146_J.BARBERO.jpg 451w, https:\/\/guiesullsdelahistoria.cat\/app\/uploads\/2024\/11\/DSC0146_J.BARBERO-176x300.jpg 176w\" sizes=\"auto, (max-width: 451px) 100vw, 451px\" \/>\n              <figcaption class=\"pt-2 text-gray-800\">Talla de fusta del Nicodem del Davallament de la creu de Durro.<\/figcaption>\n          <\/figure>\n  <\/div>\n\n\n<section class=\"element audio-block\">\n  <div class=\"flex flex-col w-full gap-6\">\n    <div class=\"flex flex-col gap-3\">\n      <div class=\"flex gap-6\">\n                          <h2 class=\"text-2xl font-bold\">El Nicodem<\/h2>\n              <\/div>\n          <\/div>\n    <div class=\"flex items-center justify-end gap-3\">\n              <div class=\"flex-1 audio-content\" dir=\"ltr\">\n          <audio id=\"audio-724a58e39f69a9986d78e629dfc5a3dd\" data-label=\"El Nicodem\"\n            data-category=\"NATIVITAT-DE-DURRO-CA-GENERAL-PLAY-4.mp3\" class=\"hidden\" controls\n            src=\"https:\/\/guiesullsdelahistoria.cat\/app\/uploads\/2024\/11\/NATIVITAT-DE-DURRO-CA-GENERAL-PLAY-4.mp3\"><\/audio>\n          <div class=\"flex items-center w-full gap-3 transition-opacity opacity-0 meta\">\n            <progress class=\"flex-1 border-0 appearance-none\" value=\"0\" max=\"1\"><\/progress>\n            <div class=\"text-sm text-center shrink-0 current-time w-9\"><\/div>\n                      <\/div>\n        <\/div>\n            <div class=\"flex flex-col items-center gap-2 shrink-1 audio-control\">\n        <button\n  class=\"flex items-center justify-center w-32 max-w-32 h-32 max-h-32 transition-[max-height,_max-width] bg-black rounded-full btn text-accent\"\n  data-target=\"#audio-724a58e39f69a9986d78e629dfc5a3dd\">\n  <svg width=\"100%\" height=\"100%\" viewBox=\"0 0 36 36\" version=\"1.1\" xmlns=\"http:\/\/www.w3.org\/2000\/svg\" xmlns:xlink=\"http:\/\/www.w3.org\/1999\/xlink\">\n  <path id=\"ytp-12\" d=\"M11,10 L18,13.74 18,22.28 11,26 M18,13.74 L26,18 26,18 18,22.28\" fill=\"currentColor\">\n    <animate id=\"animation\" begin=\"indefinite\" attributeType=\"XML\" attributeName=\"d\" fill=\"freeze\" from=\"M11,10 L17,10 17,26 11,26 M20,10 L26,10 26,26 20,26\" to=\"M11,10 L18,13.74 18,22.28 11,26 M18,13.74 L26,18 26,18 18,22.28\" dur=\"0.1s\" keySplines=\".4 0 1 1\" repeatCount=\"1\" data-play=\"M11,10 L18,13.74 18,22.28 11,26 M18,13.74 L26,18 26,18 18,22.28\" data-pause=\"M11,10 L17,10 17,26 11,26 M20,10 L26,10 26,26 20,26\"><\/animate>\n  <\/path>\n<\/svg>\n<\/button>\n        <p class=\"text-base text-center\">Escolta<\/p>\n      <\/div>\n    <\/div>\n\n    \n          <div class=\"flex flex-wrap justify-between gap-6 md:justify-start\">\n                  <button data-target=\"#transcription-724a58e39f69a9986d78e629dfc5a3dd\" data-toggle=\"modal\" class=\"flex items-center gap-2\">\n            <svg class=\"w-6 h-6\" fill=\"none\" xmlns=\"http:\/\/www.w3.org\/2000\/svg\" viewBox=\"0 0 22 12\"><path d=\"M0 9.873v-6c0-.55.196-1.02.588-1.412A1.926 1.926 0 0 1 2 1.873h2c.55 0 1.02.196 1.412.588.392.391.588.862.588 1.412v6H4v-2H2v2H0Zm2-4h2v-2H2v2Zm6 4v-8h4c.55 0 1.02.196 1.412.588.392.391.588.862.588 1.412v4c0 .55-.196 1.021-.588 1.413A1.926 1.926 0 0 1 12 9.873H8Zm2-2h2v-4h-2v4Zm6.85.8-1.4-1.425c.183-.183.32-.391.413-.625.091-.233.137-.483.137-.75 0-.283-.046-.537-.137-.762a1.85 1.85 0 0 0-.413-.613l1.4-1.45c.367.367.65.792.85 1.275.2.484.3 1 .3 1.55s-.1 1.063-.3 1.538c-.2.475-.483.896-.85 1.262Zm2.825 2.825-1.45-1.375c.55-.55.983-1.187 1.3-1.912A5.775 5.775 0 0 0 20 5.873c0-.85-.158-1.633-.475-2.35a6.217 6.217 0 0 0-1.3-1.9l1.45-1.4a7.94 7.94 0 0 1 1.712 2.55c.409.967.613 2 .613 3.1s-.204 2.13-.613 3.088a7.977 7.977 0 0 1-1.712 2.537Z\" fill=\"#000\"\/><\/svg>            <span>Transcripci\u00f3<\/span>\n          <\/button>\n                      <\/div>\n      <\/div>\n\n      <div id=\"transcription-724a58e39f69a9986d78e629dfc5a3dd\"\n  class=\"fixed inset-0 z-50 hidden w-screen h-screen opacity-0 pointer-events-none modal transcription\"\n  tabindex=\"-1\" role=\"dialog\">\n  <div class=\"absolute w-full h-full bg-black opacity-75 modal-overlay\"><\/div>\n  <div\n    class=\"absolute z-30 w-11\/12 mx-auto overflow-y-auto text-black bg-white shadow-lg modal-container center-xy md:max-w-4xl\"\n    role=\"document\">\n    <div class=\"flex items-center justify-between px-4 py-4 text-gray-700 border-b md:px-8\">\n      <h2 class=\"!mb-0 font-bold\">Transcripci\u00f3<\/h2>\n      <div class=\"z-50 flex flex-col items-center ml-auto cursor-pointer rtl:ml-0 rtl:mr-auto modal-close\">\n        <svg class=\"w-auto h-6\" width=\"18\" height=\"23\" xmlns=\"http:\/\/www.w3.org\/2000\/svg\">\n  <g stroke=\"currentColor\" fill=\"none\" fill-rule=\"evenodd\" stroke-linecap=\"square\">\n    <path d=\"M.7248.974l16.1076 20.6167M16.655 1.2654L.9097 22.1601\" \/>\n  <\/g>\n<\/svg>        <div class=\"hidden\">Close<\/div>\n      <\/div>\n    <\/div>\n    <div class=\"px-4 py-8 overflow-y-auto max-h-modal md:px-8 modal-content\">\n      <div class=\"mb-8 flex flex-col gap-1.5\">\n                      <h3 class=\"text-xl font-bold\">El Nicodem<\/h3>\n                            <\/div>\n            <p>Ets davant de la pe\u00e7a m\u00e9s singular de l\u2019esgl\u00e9sia: la talla de fusta d\u2019un Nicodem. Aquesta imatge formava part d\u2019un conjunt m\u00e9s gran, el Davallament de la creu de Durro, elaborat al segle xii pels artesans de l\u2019anomenat taller d\u2019Erill. De les set talles que formaven el conjunt original, se\u2019n coneixen \u00fanicament tres: aquesta; la Mare de D\u00e9u, conservada al MNAC, i el Crist, desaparegut durant la Guerra Civil. Fixa\u2019t que encara li queden restes del policromat al bra\u00e7 i al tors.<br \/>\nPotser ara no recordes qui era Nicodem. Et refresquem la mem\u00f2ria: va ser l\u2019encarregat de desclavar Jes\u00fas de la creu.<br \/>\nI com \u00e9s que la talla del Nicodem va arribar fins als nostres dies? Doncs perqu\u00e8 va quedar oculta durant molts anys. No es va tenir coneixement de la seva exist\u00e8ncia fins a l\u2019any 2001, quan es va trobar desmuntant un retaule de l\u2019esgl\u00e9sia per restaurar-lo.<br \/>\nSi vols veure com era el conjunt del Davallament a partir de la informaci\u00f3 que tenim, pots fer-ho amb el recurs virtual.<br \/>\nEncara al cor, deus haver vist que hi ha un banc i altres elements. S\u00f3n els b\u00e9ns mobles que s\u2019han anat aplegant a l\u2019interior de l\u2019esgl\u00e9sia al llarg dels segles i que ara apreciem com a b\u00e9ns art\u00edstics.<br \/>\nUn d\u2019aquests elements \u00e9s un banc renaixentista de fusta, que t\u00e9 dues peces molt especials: els dos plafons de l\u2019esquerra del respatller. Les dues taules, fetes de fusta de pi, s\u00f3n, probablement, d\u2019\u00e8poca rom\u00e0nica, i en origen formaven part d\u2019un altre moble.<\/p>\n    <\/div>\n  <\/div>\n<\/div>\n    <\/section>\n\n\n<div class=\"flex flex-col gap-6 element video-block\">\n  <div class=\"flex flex-col gap-3\">\n      <\/div>\n            <div class=\"relative w-full h-auto bg-black cursor-pointer text-accent lightgallery-video aspect-video\"\n        data-lg-size=\"1280-720\" data-src=\"https:\/\/www.youtube.com\/watch?v=1qf5CjL4Hbg\">\n                  <div class=\"absolute inset-0\" style=\"background-color: rgba(0,0,0,0.2)\"><\/div>\n          <svg class=\"absolute top-1\/2 left-1\/2 transform -translate-x-1\/2 -translate-y-1\/2 w-20 h-20 pointer-events-none\" fill=\"none\" xmlns=\"http:\/\/www.w3.org\/2000\/svg\" viewBox=\"0 0 80 81\">\n  <path\n    d=\"m30 58.873 28-18-28-18v36Zm10 22c-5.533 0-10.733-1.05-15.6-3.15-4.867-2.1-9.1-4.95-12.7-8.55-3.6-3.6-6.45-7.833-8.55-12.7C1.05 51.606 0 46.406 0 40.873c0-5.533 1.05-10.733 3.15-15.6 2.1-4.867 4.95-9.1 8.55-12.7 3.6-3.6 7.833-6.45 12.7-8.55 4.867-2.1 10.067-3.15 15.6-3.15 5.533 0 10.733 1.05 15.6 3.15 4.867 2.1 9.1 4.95 12.7 8.55 3.6 3.6 6.45 7.833 8.55 12.7C78.95 30.14 80 35.34 80 40.873c0 5.533-1.05 10.733-3.15 15.6-2.1 4.867-4.95 9.1-8.55 12.7-3.6 3.6-7.833 6.45-12.7 8.55-4.867 2.1-10.067 3.15-15.6 3.15Z\"\n    fill=\"currentColor\" \/>\n<\/svg>          <img decoding=\"async\" class=\"object-cover object-center w-full h-auto aspect-video\" src=\"https:\/\/i.ytimg.com\/vi\/1qf5CjL4Hbg\/sddefault.jpg\" \/>\n              <\/div>\n      <\/div>\n\n\n<div class=\"flex flex-col gap-3 element interactive-block\">\n  <div class=\"flex items-center gap-6\">\n              <h2 class=\"text-2xl font-bold\">Recurs virtual: Reconstrucci\u00f3 del Davallament de Durro<\/h2>\n      <\/div>\n          <div class=\"flex justify-end w-full\">\n      <div class=\"flex flex-col items-center gap-2 shrink-1\">\n        <button data-target=\"#embed-69f5b6e9ceca3\" data-toggle=\"modal\"\n          class=\"flex items-center justify-center w-32 h-32 bg-black rounded-full text-accent\">\n          <svg class=\"w-16 h-auto\" width=\"60\" height=\"61\" viewBox=\"0 0 60 61\" fill=\"none\" xmlns=\"http:\/\/www.w3.org\/2000\/svg\">\n  <path\n    d=\"M27 53.298L12 44.673C11.05 44.1231 10.3125 43.398 9.7875 42.498C9.2625 41.598 9 40.598 9 39.498V22.248C9 21.148 9.2625 20.148 9.7875 19.248C10.3125 18.348 11.05 17.623 12 17.073L27 8.44805C27.95 7.89805 28.95 7.62305 30 7.62305C31.05 7.62305 32.05 7.89805 33 8.44805L48 17.073C48.95 17.623 49.6875 18.348 50.2125 19.248C50.7375 20.148 51 21.148 51 22.248V39.498C51 40.598 50.7375 41.598 50.2125 42.498C49.6875 43.398 48.95 44.1231 48 44.673L33 53.298C32.05 53.848 31.05 54.123 30 54.123C28.95 54.123 27.95 53.848 27 53.298ZM27 46.398V32.598L15 25.623V39.498L27 46.398ZM33 46.398L45 39.498V25.623L33 32.598V46.398ZM0 15.873V6.87305C0 5.22305 0.5875 3.81055 1.7625 2.63555C2.9375 1.46055 4.35 0.873047 6 0.873047H15V6.87305H6V15.873H0ZM15 60.873H6C4.35 60.873 2.9375 60.2855 1.7625 59.1105C0.5875 57.9355 0 56.523 0 54.873V45.8731H6V54.873H15V60.873ZM45 60.873V54.873H54V45.8731H60V54.873C60 56.523 59.4125 57.9355 58.2375 59.1105C57.0625 60.2855 55.65 60.873 54 60.873H45ZM54 15.873V6.87305H45V0.873047H54C55.65 0.873047 57.0625 1.46055 58.2375 2.63555C59.4125 3.81055 60 5.22305 60 6.87305V15.873H54ZM30 27.423L41.85 20.448L30 13.623L18.15 20.448L30 27.423Z\"\n    fill=\"currentColor\" \/>\n<\/svg>\n        <\/button>\n                  <p class=\"text-base text-center\">Mira<\/p>\n              <\/div>\n    <\/div>\n    <div id=\"embed-69f5b6e9ceca3\"\n  class=\"fixed inset-0 z-50 hidden w-screen h-screen opacity-0 pointer-events-none modal embed-container\"\n  tabindex=\"-1\" role=\"dialog\">\n  <div class=\"absolute w-full h-full bg-black opacity-75 modal-overlay\"><\/div>\n  <div\n    class=\"absolute z-30 w-11\/12 mx-auto overflow-y-auto text-black bg-white shadow-lg modal-container center-xy md:max-w-4xl\"\n    role=\"document\">\n    <div class=\"flex items-center justify-between px-4 py-4 text-gray-700 border-b md:px-8\">\n      <h2 class=\"!mb-0 font-bold\">Mira<\/h2>\n      <div class=\"z-50 flex flex-col items-center ml-auto cursor-pointer rtl:ml-0 rtl:mr-auto modal-close\">\n        <svg class=\"w-auto h-6\" width=\"18\" height=\"23\" xmlns=\"http:\/\/www.w3.org\/2000\/svg\">\n  <g stroke=\"currentColor\" fill=\"none\" fill-rule=\"evenodd\" stroke-linecap=\"square\">\n    <path d=\"M.7248.974l16.1076 20.6167M16.655 1.2654L.9097 22.1601\" \/>\n  <\/g>\n<\/svg>        <div class=\"hidden\">Close<\/div>\n      <\/div>\n    <\/div>\n    <div class=\"px-4 py-8 overflow-y-auto max-h-modal md:px-8 modal-content\">\n      <div class=\"sketchfab-embed-wrapper\"> <iframe title=\"Nicodem del Davallament de Durro\" frameborder=\"0\" allowfullscreen mozallowfullscreen=\"true\" webkitallowfullscreen=\"true\" allow=\"autoplay; fullscreen; xr-spatial-tracking\" xr-spatial-tracking execution-while-out-of-viewport execution-while-not-rendered web-share src=\"https:\/\/sketchfab.com\/models\/161ecf0cea864332b192cebcfc5084ae\/embed?ui_infos=0\"> <\/iframe> <\/div>\n    <\/div>\n  <\/div>\n<\/div>\n  <\/div>\n\n\n<div class=\"flex flex-col gap-3 element text-block\">\n  <div class=\"flex items-center gap-6\">\n              <h2 class=\"text-2xl font-bold\">2f T&#8217;hi esperem!<\/h2>\n      <\/div>\n    <\/div>\n\n\n<section class=\"element audio-block\">\n  <div class=\"flex flex-col w-full gap-6\">\n    <div class=\"flex flex-col gap-3\">\n      <div class=\"flex gap-6\">\n                          <h2 class=\"text-2xl font-bold\">La visita continua<\/h2>\n              <\/div>\n          <\/div>\n    <div class=\"flex items-center justify-end gap-3\">\n              <div class=\"flex-1 audio-content\" dir=\"ltr\">\n          <audio id=\"audio-8075e7fbce695c8ed2a15053ec2591b4\" data-label=\"La visita continua\"\n            data-category=\"NATIVITAT-DE-DURRO-CA-GENERAL-PLAY-CLOENDA.mp3\" class=\"hidden\" controls\n            src=\"https:\/\/guiesullsdelahistoria.cat\/app\/uploads\/2024\/11\/NATIVITAT-DE-DURRO-CA-GENERAL-PLAY-CLOENDA.mp3\"><\/audio>\n          <div class=\"flex items-center w-full gap-3 transition-opacity opacity-0 meta\">\n            <progress class=\"flex-1 border-0 appearance-none\" value=\"0\" max=\"1\"><\/progress>\n            <div class=\"text-sm text-center shrink-0 current-time w-9\"><\/div>\n                      <\/div>\n        <\/div>\n            <div class=\"flex flex-col items-center gap-2 shrink-1 audio-control\">\n        <button\n  class=\"flex items-center justify-center w-32 max-w-32 h-32 max-h-32 transition-[max-height,_max-width] bg-black rounded-full btn text-accent\"\n  data-target=\"#audio-8075e7fbce695c8ed2a15053ec2591b4\">\n  <svg width=\"100%\" height=\"100%\" viewBox=\"0 0 36 36\" version=\"1.1\" xmlns=\"http:\/\/www.w3.org\/2000\/svg\" xmlns:xlink=\"http:\/\/www.w3.org\/1999\/xlink\">\n  <path id=\"ytp-12\" d=\"M11,10 L18,13.74 18,22.28 11,26 M18,13.74 L26,18 26,18 18,22.28\" fill=\"currentColor\">\n    <animate id=\"animation\" begin=\"indefinite\" attributeType=\"XML\" attributeName=\"d\" fill=\"freeze\" from=\"M11,10 L17,10 17,26 11,26 M20,10 L26,10 26,26 20,26\" to=\"M11,10 L18,13.74 18,22.28 11,26 M18,13.74 L26,18 26,18 18,22.28\" dur=\"0.1s\" keySplines=\".4 0 1 1\" repeatCount=\"1\" data-play=\"M11,10 L18,13.74 18,22.28 11,26 M18,13.74 L26,18 26,18 18,22.28\" data-pause=\"M11,10 L17,10 17,26 11,26 M20,10 L26,10 26,26 20,26\"><\/animate>\n  <\/path>\n<\/svg>\n<\/button>\n        <p class=\"text-base text-center\">Escolta<\/p>\n      <\/div>\n    <\/div>\n\n    \n          <div class=\"flex flex-wrap justify-between gap-6 md:justify-start\">\n                  <button data-target=\"#transcription-8075e7fbce695c8ed2a15053ec2591b4\" data-toggle=\"modal\" class=\"flex items-center gap-2\">\n            <svg class=\"w-6 h-6\" fill=\"none\" xmlns=\"http:\/\/www.w3.org\/2000\/svg\" viewBox=\"0 0 22 12\"><path d=\"M0 9.873v-6c0-.55.196-1.02.588-1.412A1.926 1.926 0 0 1 2 1.873h2c.55 0 1.02.196 1.412.588.392.391.588.862.588 1.412v6H4v-2H2v2H0Zm2-4h2v-2H2v2Zm6 4v-8h4c.55 0 1.02.196 1.412.588.392.391.588.862.588 1.412v4c0 .55-.196 1.021-.588 1.413A1.926 1.926 0 0 1 12 9.873H8Zm2-2h2v-4h-2v4Zm6.85.8-1.4-1.425c.183-.183.32-.391.413-.625.091-.233.137-.483.137-.75 0-.283-.046-.537-.137-.762a1.85 1.85 0 0 0-.413-.613l1.4-1.45c.367.367.65.792.85 1.275.2.484.3 1 .3 1.55s-.1 1.063-.3 1.538c-.2.475-.483.896-.85 1.262Zm2.825 2.825-1.45-1.375c.55-.55.983-1.187 1.3-1.912A5.775 5.775 0 0 0 20 5.873c0-.85-.158-1.633-.475-2.35a6.217 6.217 0 0 0-1.3-1.9l1.45-1.4a7.94 7.94 0 0 1 1.712 2.55c.409.967.613 2 .613 3.1s-.204 2.13-.613 3.088a7.977 7.977 0 0 1-1.712 2.537Z\" fill=\"#000\"\/><\/svg>            <span>Transcripci\u00f3<\/span>\n          <\/button>\n                      <\/div>\n      <\/div>\n\n      <div id=\"transcription-8075e7fbce695c8ed2a15053ec2591b4\"\n  class=\"fixed inset-0 z-50 hidden w-screen h-screen opacity-0 pointer-events-none modal transcription\"\n  tabindex=\"-1\" role=\"dialog\">\n  <div class=\"absolute w-full h-full bg-black opacity-75 modal-overlay\"><\/div>\n  <div\n    class=\"absolute z-30 w-11\/12 mx-auto overflow-y-auto text-black bg-white shadow-lg modal-container center-xy md:max-w-4xl\"\n    role=\"document\">\n    <div class=\"flex items-center justify-between px-4 py-4 text-gray-700 border-b md:px-8\">\n      <h2 class=\"!mb-0 font-bold\">Transcripci\u00f3<\/h2>\n      <div class=\"z-50 flex flex-col items-center ml-auto cursor-pointer rtl:ml-0 rtl:mr-auto modal-close\">\n        <svg class=\"w-auto h-6\" width=\"18\" height=\"23\" xmlns=\"http:\/\/www.w3.org\/2000\/svg\">\n  <g stroke=\"currentColor\" fill=\"none\" fill-rule=\"evenodd\" stroke-linecap=\"square\">\n    <path d=\"M.7248.974l16.1076 20.6167M16.655 1.2654L.9097 22.1601\" \/>\n  <\/g>\n<\/svg>        <div class=\"hidden\">Close<\/div>\n      <\/div>\n    <\/div>\n    <div class=\"px-4 py-8 overflow-y-auto max-h-modal md:px-8 modal-content\">\n      <div class=\"mb-8 flex flex-col gap-1.5\">\n                      <h3 class=\"text-xl font-bold\">La visita continua<\/h3>\n                            <\/div>\n            <p>Aqu\u00ed s\u2019acaba la visita a l\u2019esgl\u00e9sia. Ara et convidem a con\u00e8ixer les altres, que constitueixen el Conjunt Rom\u00e0nic de la Vall de Bo\u00ed. T\u2019hi esperem!<\/p>\n    <\/div>\n  <\/div>\n<\/div>\n    <\/section>\n\n\n<div class=\"flex flex-col gap-6 element video-block\">\n  <div class=\"flex flex-col gap-3\">\n      <\/div>\n            <div class=\"relative w-full h-auto bg-black cursor-pointer text-accent lightgallery-video aspect-video\"\n        data-lg-size=\"1280-720\" data-src=\"https:\/\/www.youtube.com\/watch?v=OgBaLKZlM6A\">\n                  <div class=\"absolute inset-0\" style=\"background-color: rgba(0,0,0,0.2)\"><\/div>\n          <svg class=\"absolute top-1\/2 left-1\/2 transform -translate-x-1\/2 -translate-y-1\/2 w-20 h-20 pointer-events-none\" fill=\"none\" xmlns=\"http:\/\/www.w3.org\/2000\/svg\" viewBox=\"0 0 80 81\">\n  <path\n    d=\"m30 58.873 28-18-28-18v36Zm10 22c-5.533 0-10.733-1.05-15.6-3.15-4.867-2.1-9.1-4.95-12.7-8.55-3.6-3.6-6.45-7.833-8.55-12.7C1.05 51.606 0 46.406 0 40.873c0-5.533 1.05-10.733 3.15-15.6 2.1-4.867 4.95-9.1 8.55-12.7 3.6-3.6 7.833-6.45 12.7-8.55 4.867-2.1 10.067-3.15 15.6-3.15 5.533 0 10.733 1.05 15.6 3.15 4.867 2.1 9.1 4.95 12.7 8.55 3.6 3.6 6.45 7.833 8.55 12.7C78.95 30.14 80 35.34 80 40.873c0 5.533-1.05 10.733-3.15 15.6-2.1 4.867-4.95 9.1-8.55 12.7-3.6 3.6-7.833 6.45-12.7 8.55-4.867 2.1-10.067 3.15-15.6 3.15Z\"\n    fill=\"currentColor\" \/>\n<\/svg>          <img decoding=\"async\" class=\"object-cover object-center w-full h-auto aspect-video\" src=\"https:\/\/i.ytimg.com\/vi\/OgBaLKZlM6A\/sddefault.jpg\" \/>\n              <\/div>\n      <\/div>\n\n\n<div class=\"flex flex-col gap-3 element text-block\">\n  <div class=\"flex items-center gap-6\">\n              <h2 class=\"text-2xl font-bold\">Cloenda<\/h2>\n      <\/div>\n        <div class=\"prose prose-lg\"><p><em>\u201cEls Ulls de la Hist\u00f2ria. Una mirada immersiva sobre el patrimoni\u201d<\/em> \u00e9s una iniciativa de l\u2019Ag\u00e8ncia Catalana del Patrimoni Cultural. Un projecte que incorpora altres veus i altres mirades sobre el nostre passat. Perqu\u00e8 totes i tots fem hist\u00f2ria.<\/p>\n<\/div>\n  <\/div>\n\n<\/div>\n      <\/div>\n    <\/div>\n  <\/section>\n\n\n<section class=\"overflow-hidden section\" id=\"section-69f5b6ead19e0\" data-title=\"3. Sant Climent de Ta\u00fcll\">\n    <div class=\"container grid grid-cols-1 py-8 md:py-10 max-md:gap-y-8 md:grid-standard\">\n              <div class=\"flex gap-4 md:col-span-5\">\n                                <h2 class=\"text-8 font-headings\">3. Sant Climent de Ta\u00fcll<\/h2>\n                  <\/div>\n            <div class=\"flex flex-col gap-8 md:col-span-6 md:col-start-7 md:gap-10\">\n        <div class=\"acf-innerblocks-container\">\n<div class=\"flex flex-col gap-3 element text-block\">\n  <div class=\"flex items-center gap-6\">\n              <h2 class=\"text-2xl font-bold\">3a Introducci\u00f3<\/h2>\n      <\/div>\n    <\/div>\n\n\n<div class=\"flex flex-col gap-6 element image-block\">\n  <div class=\"flex flex-col gap-3\">\n      <\/div>\n      <figure>\n      <img loading=\"lazy\" decoding=\"async\" width=\"1032\" height=\"703\" src=\"https:\/\/guiesullsdelahistoria.cat\/app\/uploads\/2024\/11\/st.-climent-de-taull-1-1.jpg\" class=\"w-full h-auto\" alt=\"Vista general de l\u2019exterior de l\u2019esgl\u00e9sia de Sant Climent de Ta\u00fcll, amb el cementiri i la torre del campanar en primer terme i les muntanyes al fons.\" srcset=\"https:\/\/guiesullsdelahistoria.cat\/app\/uploads\/2024\/11\/st.-climent-de-taull-1-1.jpg 1032w, https:\/\/guiesullsdelahistoria.cat\/app\/uploads\/2024\/11\/st.-climent-de-taull-1-1-300x204.jpg 300w, https:\/\/guiesullsdelahistoria.cat\/app\/uploads\/2024\/11\/st.-climent-de-taull-1-1-1024x698.jpg 1024w, https:\/\/guiesullsdelahistoria.cat\/app\/uploads\/2024\/11\/st.-climent-de-taull-1-1-768x523.jpg 768w\" sizes=\"auto, (max-width: 1032px) 100vw, 1032px\" \/>\n              <figcaption class=\"pt-2 text-gray-800\">Vista general de Sant Climent de Ta\u00fcll.<\/figcaption>\n          <\/figure>\n  <\/div>\n\n\n<section class=\"element audio-block\">\n  <div class=\"flex flex-col w-full gap-6\">\n    <div class=\"flex flex-col gap-3\">\n      <div class=\"flex gap-6\">\n                          <h2 class=\"text-2xl font-bold\">La Vall de Bo\u00ed i les seves esgl\u00e9sies<\/h2>\n              <\/div>\n          <\/div>\n    <div class=\"flex items-center justify-end gap-3\">\n              <div class=\"flex-1 audio-content\" dir=\"ltr\">\n          <audio id=\"audio-5bc69d7ebb12f54b7c43edf380a70843\" data-label=\"La Vall de Bo\u00ed i les seves esgl\u00e9sies\"\n            data-category=\"SANT-CLIMENT-DE-TAULL-CAT-GENERAL-PLAY-0.mp3\" class=\"hidden\" controls\n            src=\"https:\/\/guiesullsdelahistoria.cat\/app\/uploads\/2024\/11\/SANT-CLIMENT-DE-TAULL-CAT-GENERAL-PLAY-0.mp3\"><\/audio>\n          <div class=\"flex items-center w-full gap-3 transition-opacity opacity-0 meta\">\n            <progress class=\"flex-1 border-0 appearance-none\" value=\"0\" max=\"1\"><\/progress>\n            <div class=\"text-sm text-center shrink-0 current-time w-9\"><\/div>\n                      <\/div>\n        <\/div>\n            <div class=\"flex flex-col items-center gap-2 shrink-1 audio-control\">\n        <button\n  class=\"flex items-center justify-center w-32 max-w-32 h-32 max-h-32 transition-[max-height,_max-width] bg-black rounded-full btn text-accent\"\n  data-target=\"#audio-5bc69d7ebb12f54b7c43edf380a70843\">\n  <svg width=\"100%\" height=\"100%\" viewBox=\"0 0 36 36\" version=\"1.1\" xmlns=\"http:\/\/www.w3.org\/2000\/svg\" xmlns:xlink=\"http:\/\/www.w3.org\/1999\/xlink\">\n  <path id=\"ytp-12\" d=\"M11,10 L18,13.74 18,22.28 11,26 M18,13.74 L26,18 26,18 18,22.28\" fill=\"currentColor\">\n    <animate id=\"animation\" begin=\"indefinite\" attributeType=\"XML\" attributeName=\"d\" fill=\"freeze\" from=\"M11,10 L17,10 17,26 11,26 M20,10 L26,10 26,26 20,26\" to=\"M11,10 L18,13.74 18,22.28 11,26 M18,13.74 L26,18 26,18 18,22.28\" dur=\"0.1s\" keySplines=\".4 0 1 1\" repeatCount=\"1\" data-play=\"M11,10 L18,13.74 18,22.28 11,26 M18,13.74 L26,18 26,18 18,22.28\" data-pause=\"M11,10 L17,10 17,26 11,26 M20,10 L26,10 26,26 20,26\"><\/animate>\n  <\/path>\n<\/svg>\n<\/button>\n        <p class=\"text-base text-center\">Escolta<\/p>\n      <\/div>\n    <\/div>\n\n    \n          <div class=\"flex flex-wrap justify-between gap-6 md:justify-start\">\n                  <button data-target=\"#transcription-5bc69d7ebb12f54b7c43edf380a70843\" data-toggle=\"modal\" class=\"flex items-center gap-2\">\n            <svg class=\"w-6 h-6\" fill=\"none\" xmlns=\"http:\/\/www.w3.org\/2000\/svg\" viewBox=\"0 0 22 12\"><path d=\"M0 9.873v-6c0-.55.196-1.02.588-1.412A1.926 1.926 0 0 1 2 1.873h2c.55 0 1.02.196 1.412.588.392.391.588.862.588 1.412v6H4v-2H2v2H0Zm2-4h2v-2H2v2Zm6 4v-8h4c.55 0 1.02.196 1.412.588.392.391.588.862.588 1.412v4c0 .55-.196 1.021-.588 1.413A1.926 1.926 0 0 1 12 9.873H8Zm2-2h2v-4h-2v4Zm6.85.8-1.4-1.425c.183-.183.32-.391.413-.625.091-.233.137-.483.137-.75 0-.283-.046-.537-.137-.762a1.85 1.85 0 0 0-.413-.613l1.4-1.45c.367.367.65.792.85 1.275.2.484.3 1 .3 1.55s-.1 1.063-.3 1.538c-.2.475-.483.896-.85 1.262Zm2.825 2.825-1.45-1.375c.55-.55.983-1.187 1.3-1.912A5.775 5.775 0 0 0 20 5.873c0-.85-.158-1.633-.475-2.35a6.217 6.217 0 0 0-1.3-1.9l1.45-1.4a7.94 7.94 0 0 1 1.712 2.55c.409.967.613 2 .613 3.1s-.204 2.13-.613 3.088a7.977 7.977 0 0 1-1.712 2.537Z\" fill=\"#000\"\/><\/svg>            <span>Transcripci\u00f3<\/span>\n          <\/button>\n                      <\/div>\n      <\/div>\n\n      <div id=\"transcription-5bc69d7ebb12f54b7c43edf380a70843\"\n  class=\"fixed inset-0 z-50 hidden w-screen h-screen opacity-0 pointer-events-none modal transcription\"\n  tabindex=\"-1\" role=\"dialog\">\n  <div class=\"absolute w-full h-full bg-black opacity-75 modal-overlay\"><\/div>\n  <div\n    class=\"absolute z-30 w-11\/12 mx-auto overflow-y-auto text-black bg-white shadow-lg modal-container center-xy md:max-w-4xl\"\n    role=\"document\">\n    <div class=\"flex items-center justify-between px-4 py-4 text-gray-700 border-b md:px-8\">\n      <h2 class=\"!mb-0 font-bold\">Transcripci\u00f3<\/h2>\n      <div class=\"z-50 flex flex-col items-center ml-auto cursor-pointer rtl:ml-0 rtl:mr-auto modal-close\">\n        <svg class=\"w-auto h-6\" width=\"18\" height=\"23\" xmlns=\"http:\/\/www.w3.org\/2000\/svg\">\n  <g stroke=\"currentColor\" fill=\"none\" fill-rule=\"evenodd\" stroke-linecap=\"square\">\n    <path d=\"M.7248.974l16.1076 20.6167M16.655 1.2654L.9097 22.1601\" \/>\n  <\/g>\n<\/svg>        <div class=\"hidden\">Close<\/div>\n      <\/div>\n    <\/div>\n    <div class=\"px-4 py-8 overflow-y-auto max-h-modal md:px-8 modal-content\">\n      <div class=\"mb-8 flex flex-col gap-1.5\">\n                      <h3 class=\"text-xl font-bold\">La Vall de Bo\u00ed i les seves esgl\u00e9sies<\/h3>\n                            <\/div>\n            <p>Et donem la benvinguda a la Vall de Bo\u00ed i t\u2019animem a con\u00e8ixer-ne l\u2019excepcional conjunt d\u2019esgl\u00e9sies, considerades una de les m\u00e0ximes expressions de l\u2019art rom\u00e0nic catal\u00e0 i inscrites a la llista de Patrimoni Mundial per la UNESCO l\u2019any 2000.<br \/>\nEl Conjunt Rom\u00e0nic de la Vall de Bo\u00ed l\u2019integren nou esgl\u00e9sies: Sant Climent i Santa Maria de Ta\u00fcll, Sant Joan de Bo\u00ed, Santa Eul\u00e0lia d\u2019Erill la Vall, Sant Feliu de Barruera, la Nativitat i Sant Quirc de Durro, Santa Maria de Cardet i l\u2019Assumpci\u00f3 de C\u00f3ll.<br \/>\nPer\u00f2, qu\u00e8 tenen en com\u00fa aquest conjunt d\u2019esgl\u00e9sies? Qu\u00e8 les fa tan singulars? Quina \u00e9s la seva hist\u00f2ria?<br \/>\nTotes van ser constru\u00efdes entre els segles XI i XII, en un moment de poder i de bonan\u00e7a econ\u00f2mica de la noblesa local, i comparteixen un estil arquitect\u00f2nic, el rom\u00e0nic, molt est\u00e8s per tot Europa.<br \/>\nAvui, una bona part de les pintures, talles i mobiliari es conserven a diversos museus catalans, sobretot al Museu Nacional d\u2019Art de Catalunya. Tot i aix\u00f2, algunes de les esgl\u00e9sies compten amb importants fragments de pintura mural i escultures originals, a m\u00e9s de reproduccions de les que es conserven als museus.<br \/>\nAmb la guia que tens a les mans, descobrir\u00e0s els valors excepcionals d\u2019aquest conjunt rom\u00e0nic i podr\u00e0s con\u00e8ixer cada una de les nou esgl\u00e9sies, amb els seus secrets i curiositats.<br \/>\nUna advert\u00e8ncia final! Aquestes muntanyes s\u00f3n misterioses i, a les valls, les paraules de les persones que les han habitat sovint es queden atrapades i ressonen al llarg del temps com un eco imperceptible. Aquesta guia disposa d\u2019un sensor que s\u2019activa cada cop que en capta alguna. No t\u2019espantis i continua escoltant.<br \/>\nPer comen\u00e7ar la visita, dirigeix-te a la part posterior de l\u2019esgl\u00e9sia.<\/p>\n    <\/div>\n  <\/div>\n<\/div>\n    <\/section>\n\n\n<div class=\"flex flex-col gap-6 element video-block\">\n  <div class=\"flex flex-col gap-3\">\n      <\/div>\n            <div class=\"relative w-full h-auto bg-black cursor-pointer text-accent lightgallery-video aspect-video\"\n        data-lg-size=\"1280-720\" data-src=\"https:\/\/www.youtube.com\/watch?v=RJGPZd5IuFA\">\n                  <div class=\"absolute inset-0\" style=\"background-color: rgba(0,0,0,0.2)\"><\/div>\n          <svg class=\"absolute top-1\/2 left-1\/2 transform -translate-x-1\/2 -translate-y-1\/2 w-20 h-20 pointer-events-none\" fill=\"none\" xmlns=\"http:\/\/www.w3.org\/2000\/svg\" viewBox=\"0 0 80 81\">\n  <path\n    d=\"m30 58.873 28-18-28-18v36Zm10 22c-5.533 0-10.733-1.05-15.6-3.15-4.867-2.1-9.1-4.95-12.7-8.55-3.6-3.6-6.45-7.833-8.55-12.7C1.05 51.606 0 46.406 0 40.873c0-5.533 1.05-10.733 3.15-15.6 2.1-4.867 4.95-9.1 8.55-12.7 3.6-3.6 7.833-6.45 12.7-8.55 4.867-2.1 10.067-3.15 15.6-3.15 5.533 0 10.733 1.05 15.6 3.15 4.867 2.1 9.1 4.95 12.7 8.55 3.6 3.6 6.45 7.833 8.55 12.7C78.95 30.14 80 35.34 80 40.873c0 5.533-1.05 10.733-3.15 15.6-2.1 4.867-4.95 9.1-8.55 12.7-3.6 3.6-7.833 6.45-12.7 8.55-4.867 2.1-10.067 3.15-15.6 3.15Z\"\n    fill=\"currentColor\" \/>\n<\/svg>          <img decoding=\"async\" class=\"object-cover object-center w-full h-auto aspect-video\" src=\"https:\/\/i.ytimg.com\/vi\/RJGPZd5IuFA\/sddefault.jpg\" \/>\n              <\/div>\n      <\/div>\n\n\n<div class=\"flex flex-col gap-3 element text-block\">\n  <div class=\"flex items-center gap-6\">\n              <h2 class=\"text-2xl font-bold\">3b Absis<\/h2>\n      <\/div>\n    <\/div>\n\n\n<div class=\"flex flex-col gap-6 element image-block\">\n  <div class=\"flex flex-col gap-3\">\n      <\/div>\n      <figure>\n      <img loading=\"lazy\" decoding=\"async\" width=\"800\" height=\"600\" src=\"https:\/\/guiesullsdelahistoria.cat\/app\/uploads\/2024\/11\/val-de-boi_0107.jpg\" class=\"w-full h-auto\" alt=\"Vista exterior de l\u2019esgl\u00e9sia de Sant Climent de Ta\u00fcll per la part de darrere amb els tres absis en primer terme.\" srcset=\"https:\/\/guiesullsdelahistoria.cat\/app\/uploads\/2024\/11\/val-de-boi_0107.jpg 800w, https:\/\/guiesullsdelahistoria.cat\/app\/uploads\/2024\/11\/val-de-boi_0107-300x225.jpg 300w, https:\/\/guiesullsdelahistoria.cat\/app\/uploads\/2024\/11\/val-de-boi_0107-768x576.jpg 768w\" sizes=\"auto, (max-width: 800px) 100vw, 800px\" \/>\n              <figcaption class=\"pt-2 text-gray-800\">Absis de Sant Climent de Ta\u00fcll.<\/figcaption>\n          <\/figure>\n  <\/div>\n\n\n<section class=\"element audio-block\">\n  <div class=\"flex flex-col w-full gap-6\">\n    <div class=\"flex flex-col gap-3\">\n      <div class=\"flex gap-6\">\n                          <h2 class=\"text-2xl font-bold\">La pedra i l\u2019ornamentaci\u00f3<\/h2>\n              <\/div>\n          <\/div>\n    <div class=\"flex items-center justify-end gap-3\">\n              <div class=\"flex-1 audio-content\" dir=\"ltr\">\n          <audio id=\"audio-4aa100bf7e494990905dbb9f427e560a\" data-label=\"La pedra i l\u2019ornamentaci\u00f3\"\n            data-category=\"SANT-CLIMENT-DE-TAULL-CA-GENERAL-PLAY-1.mp3\" class=\"hidden\" controls\n            src=\"https:\/\/guiesullsdelahistoria.cat\/app\/uploads\/2024\/11\/SANT-CLIMENT-DE-TAULL-CA-GENERAL-PLAY-1.mp3\"><\/audio>\n          <div class=\"flex items-center w-full gap-3 transition-opacity opacity-0 meta\">\n            <progress class=\"flex-1 border-0 appearance-none\" value=\"0\" max=\"1\"><\/progress>\n            <div class=\"text-sm text-center shrink-0 current-time w-9\"><\/div>\n                      <\/div>\n        <\/div>\n            <div class=\"flex flex-col items-center gap-2 shrink-1 audio-control\">\n        <button\n  class=\"flex items-center justify-center w-32 max-w-32 h-32 max-h-32 transition-[max-height,_max-width] bg-black rounded-full btn text-accent\"\n  data-target=\"#audio-4aa100bf7e494990905dbb9f427e560a\">\n  <svg width=\"100%\" height=\"100%\" viewBox=\"0 0 36 36\" version=\"1.1\" xmlns=\"http:\/\/www.w3.org\/2000\/svg\" xmlns:xlink=\"http:\/\/www.w3.org\/1999\/xlink\">\n  <path id=\"ytp-12\" d=\"M11,10 L18,13.74 18,22.28 11,26 M18,13.74 L26,18 26,18 18,22.28\" fill=\"currentColor\">\n    <animate id=\"animation\" begin=\"indefinite\" attributeType=\"XML\" attributeName=\"d\" fill=\"freeze\" from=\"M11,10 L17,10 17,26 11,26 M20,10 L26,10 26,26 20,26\" to=\"M11,10 L18,13.74 18,22.28 11,26 M18,13.74 L26,18 26,18 18,22.28\" dur=\"0.1s\" keySplines=\".4 0 1 1\" repeatCount=\"1\" data-play=\"M11,10 L18,13.74 18,22.28 11,26 M18,13.74 L26,18 26,18 18,22.28\" data-pause=\"M11,10 L17,10 17,26 11,26 M20,10 L26,10 26,26 20,26\"><\/animate>\n  <\/path>\n<\/svg>\n<\/button>\n        <p class=\"text-base text-center\">Escolta<\/p>\n      <\/div>\n    <\/div>\n\n    \n          <div class=\"flex flex-wrap justify-between gap-6 md:justify-start\">\n                  <button data-target=\"#transcription-4aa100bf7e494990905dbb9f427e560a\" data-toggle=\"modal\" class=\"flex items-center gap-2\">\n            <svg class=\"w-6 h-6\" fill=\"none\" xmlns=\"http:\/\/www.w3.org\/2000\/svg\" viewBox=\"0 0 22 12\"><path d=\"M0 9.873v-6c0-.55.196-1.02.588-1.412A1.926 1.926 0 0 1 2 1.873h2c.55 0 1.02.196 1.412.588.392.391.588.862.588 1.412v6H4v-2H2v2H0Zm2-4h2v-2H2v2Zm6 4v-8h4c.55 0 1.02.196 1.412.588.392.391.588.862.588 1.412v4c0 .55-.196 1.021-.588 1.413A1.926 1.926 0 0 1 12 9.873H8Zm2-2h2v-4h-2v4Zm6.85.8-1.4-1.425c.183-.183.32-.391.413-.625.091-.233.137-.483.137-.75 0-.283-.046-.537-.137-.762a1.85 1.85 0 0 0-.413-.613l1.4-1.45c.367.367.65.792.85 1.275.2.484.3 1 .3 1.55s-.1 1.063-.3 1.538c-.2.475-.483.896-.85 1.262Zm2.825 2.825-1.45-1.375c.55-.55.983-1.187 1.3-1.912A5.775 5.775 0 0 0 20 5.873c0-.85-.158-1.633-.475-2.35a6.217 6.217 0 0 0-1.3-1.9l1.45-1.4a7.94 7.94 0 0 1 1.712 2.55c.409.967.613 2 .613 3.1s-.204 2.13-.613 3.088a7.977 7.977 0 0 1-1.712 2.537Z\" fill=\"#000\"\/><\/svg>            <span>Transcripci\u00f3<\/span>\n          <\/button>\n                      <\/div>\n      <\/div>\n\n      <div id=\"transcription-4aa100bf7e494990905dbb9f427e560a\"\n  class=\"fixed inset-0 z-50 hidden w-screen h-screen opacity-0 pointer-events-none modal transcription\"\n  tabindex=\"-1\" role=\"dialog\">\n  <div class=\"absolute w-full h-full bg-black opacity-75 modal-overlay\"><\/div>\n  <div\n    class=\"absolute z-30 w-11\/12 mx-auto overflow-y-auto text-black bg-white shadow-lg modal-container center-xy md:max-w-4xl\"\n    role=\"document\">\n    <div class=\"flex items-center justify-between px-4 py-4 text-gray-700 border-b md:px-8\">\n      <h2 class=\"!mb-0 font-bold\">Transcripci\u00f3<\/h2>\n      <div class=\"z-50 flex flex-col items-center ml-auto cursor-pointer rtl:ml-0 rtl:mr-auto modal-close\">\n        <svg class=\"w-auto h-6\" width=\"18\" height=\"23\" xmlns=\"http:\/\/www.w3.org\/2000\/svg\">\n  <g stroke=\"currentColor\" fill=\"none\" fill-rule=\"evenodd\" stroke-linecap=\"square\">\n    <path d=\"M.7248.974l16.1076 20.6167M16.655 1.2654L.9097 22.1601\" \/>\n  <\/g>\n<\/svg>        <div class=\"hidden\">Close<\/div>\n      <\/div>\n    <\/div>\n    <div class=\"px-4 py-8 overflow-y-auto max-h-modal md:px-8 modal-content\">\n      <div class=\"mb-8 flex flex-col gap-1.5\">\n                      <h3 class=\"text-xl font-bold\">La pedra i l\u2019ornamentaci\u00f3<\/h3>\n                            <\/div>\n            <p>L\u2019esgl\u00e9sia de Sant Climent \u00e9s, potser, la m\u00e9s coneguda de totes les de la Vall. Aix\u00f2 \u00e9s perqu\u00e8 a dins hi ha unes pintures que s\u2019han fet famoses arreu per la seva qualitat i bellesa. Segur que ja n\u2019has sentit a parlar. Per\u00f2 aquesta esgl\u00e9sia \u00e9s tan interessant per fora com ho \u00e9s per dins.<br \/>\nA l\u2019espai que avui ocupa l\u2019esgl\u00e9sia de Sant Climent de Ta\u00fcll, origin\u00e0riament hi havia una altra esgl\u00e9sia, del segle xi. D\u2019aquella construcci\u00f3 nom\u00e9s en queden algunes parts, com els carreus de pedra de la part baixa dels tres absis i de les fa\u00e7anes laterals.<br \/>\nL\u2019actual esgl\u00e9sia, la que ara veus, es va fer al primer quart del segle xii sobre les restes d\u2019aquell temple primitiu. <\/p>\n<p>Aqu\u00ed tamb\u00e9 pots distingir els tres tipus de pedra m\u00e9s utilitzats en la construcci\u00f3 de les esgl\u00e9sies de la Vall: el granit dels murs, la pissarra de les teulades i la pedra tosca de les decoracions.<br \/>\nEls tres absis estan ornamentats amb diversos motius propis del rom\u00e0nic, encara que d\u2019\u00e8poques diferents. L\u2019absis central est\u00e0 decorat per grups de quatre arcs cecs, dobles, separats per semicolumnes adossades. Per sobre hi corre un fris de dents de serra. Veur\u00e0s que aquestes peces ornamentals es diferencien for\u00e7a de les pedres de sota perqu\u00e8 s\u00f3n m\u00e9s vermelloses; aix\u00f2 \u00e9s perqu\u00e8 estan tallades en pedra tosca, un material tou i f\u00e0cil de treballar. En canvi, els carreus s\u00f3n de granit, que \u00e9s molt m\u00e9s dur, i per aix\u00f2 s\u2019han conservat m\u00e9s b\u00e9 al llarg del temps.<br \/>\nAquesta esgl\u00e9sia, com la resta d\u2019esgl\u00e9sies del conjunt rom\u00e0nic, estava arrebossada per fora, de manera que els carreus o pedres no es veien. Les restes de l\u2019arrebossat, amb unes l\u00ednies vermelles de la decoraci\u00f3 original, encara es conserven en diversos llocs, com ara a la part interior de la petita finestra rodona o ull de bou de la part lateral de l\u2019absis central, a la finestra allargada del costat i en alguna finestra de la cara est.<br \/>\nTamb\u00e9 en queden algunes restes en diverses finestres del campanar. Les pots veure, per exemple, sota el fris de dents de serra del pen\u00faltim pis.<br \/>\nJustament al campanar de Sant Climent hi pots veure clarament com es constru\u00efen aquestes torres: traient pes dels pisos superiors aprimant els murs de l\u2019interior, i fent m\u00e9s grans, progressivament, els forats de les finestres.<br \/>\nQuan hagis acabat de mirar el campanar, passa a l\u2019interior de l\u2019esgl\u00e9sia per continuar la visita.<\/p>\n    <\/div>\n  <\/div>\n<\/div>\n    <\/section>\n\n\n<div class=\"flex flex-col gap-6 element video-block\">\n  <div class=\"flex flex-col gap-3\">\n      <\/div>\n            <div class=\"relative w-full h-auto bg-black cursor-pointer text-accent lightgallery-video aspect-video\"\n        data-lg-size=\"1280-720\" data-src=\"https:\/\/www.youtube.com\/watch?v=S9kEI1pU4dY\">\n                  <div class=\"absolute inset-0\" style=\"background-color: rgba(0,0,0,0.2)\"><\/div>\n          <svg class=\"absolute top-1\/2 left-1\/2 transform -translate-x-1\/2 -translate-y-1\/2 w-20 h-20 pointer-events-none\" fill=\"none\" xmlns=\"http:\/\/www.w3.org\/2000\/svg\" viewBox=\"0 0 80 81\">\n  <path\n    d=\"m30 58.873 28-18-28-18v36Zm10 22c-5.533 0-10.733-1.05-15.6-3.15-4.867-2.1-9.1-4.95-12.7-8.55-3.6-3.6-6.45-7.833-8.55-12.7C1.05 51.606 0 46.406 0 40.873c0-5.533 1.05-10.733 3.15-15.6 2.1-4.867 4.95-9.1 8.55-12.7 3.6-3.6 7.833-6.45 12.7-8.55 4.867-2.1 10.067-3.15 15.6-3.15 5.533 0 10.733 1.05 15.6 3.15 4.867 2.1 9.1 4.95 12.7 8.55 3.6 3.6 6.45 7.833 8.55 12.7C78.95 30.14 80 35.34 80 40.873c0 5.533-1.05 10.733-3.15 15.6-2.1 4.867-4.95 9.1-8.55 12.7-3.6 3.6-7.833 6.45-12.7 8.55-4.867 2.1-10.067 3.15-15.6 3.15Z\"\n    fill=\"currentColor\" \/>\n<\/svg>          <img decoding=\"async\" class=\"object-cover object-center w-full h-auto aspect-video\" src=\"https:\/\/i.ytimg.com\/vi\/S9kEI1pU4dY\/sddefault.jpg\" \/>\n              <\/div>\n      <\/div>\n\n\n<div class=\"flex flex-col gap-3 element text-block\">\n  <div class=\"flex items-center gap-6\">\n              <h2 class=\"text-2xl font-bold\">3c Base de la nau central<\/h2>\n      <\/div>\n    <\/div>\n\n\n<div class=\"flex flex-col gap-6 element image-block\">\n  <div class=\"flex flex-col gap-3\">\n      <\/div>\n      <figure>\n      <img loading=\"lazy\" decoding=\"async\" width=\"1446\" height=\"962\" src=\"https:\/\/guiesullsdelahistoria.cat\/app\/uploads\/2024\/11\/Vista-general-interior-Sant-Climent.jpg\" class=\"w-full h-auto\" alt=\"Vista general de les tres naus de l\u2019interior de l\u2019esgl\u00e9sia de Sant Climent de Ta\u00fcll, des d\u2019una perspectiva elevada de la base de la nau central i amb l\u2019altar al fons.\" srcset=\"https:\/\/guiesullsdelahistoria.cat\/app\/uploads\/2024\/11\/Vista-general-interior-Sant-Climent.jpg 1446w, https:\/\/guiesullsdelahistoria.cat\/app\/uploads\/2024\/11\/Vista-general-interior-Sant-Climent-300x200.jpg 300w, https:\/\/guiesullsdelahistoria.cat\/app\/uploads\/2024\/11\/Vista-general-interior-Sant-Climent-1024x681.jpg 1024w, https:\/\/guiesullsdelahistoria.cat\/app\/uploads\/2024\/11\/Vista-general-interior-Sant-Climent-768x511.jpg 768w\" sizes=\"auto, (max-width: 1446px) 100vw, 1446px\" \/>\n              <figcaption class=\"pt-2 text-gray-800\">Vista general de l\u2019interior de Sant Climent de Ta\u00fcll.<\/figcaption>\n          <\/figure>\n  <\/div>\n\n\n<section class=\"element audio-block\">\n  <div class=\"flex flex-col w-full gap-6\">\n    <div class=\"flex flex-col gap-3\">\n      <div class=\"flex gap-6\">\n                          <h2 class=\"text-2xl font-bold\">Els elements arquitect\u00f2nics<\/h2>\n              <\/div>\n          <\/div>\n    <div class=\"flex items-center justify-end gap-3\">\n              <div class=\"flex-1 audio-content\" dir=\"ltr\">\n          <audio id=\"audio-80d80b0da982e6f5a00d94b4497752a4\" data-label=\"Els elements arquitect\u00f2nics\"\n            data-category=\"SANT-CLIMENT-DE-TAULL-CA-GENERAL-PLAY-2.mp3\" class=\"hidden\" controls\n            src=\"https:\/\/guiesullsdelahistoria.cat\/app\/uploads\/2024\/11\/SANT-CLIMENT-DE-TAULL-CA-GENERAL-PLAY-2.mp3\"><\/audio>\n          <div class=\"flex items-center w-full gap-3 transition-opacity opacity-0 meta\">\n            <progress class=\"flex-1 border-0 appearance-none\" value=\"0\" max=\"1\"><\/progress>\n            <div class=\"text-sm text-center shrink-0 current-time w-9\"><\/div>\n                      <\/div>\n        <\/div>\n            <div class=\"flex flex-col items-center gap-2 shrink-1 audio-control\">\n        <button\n  class=\"flex items-center justify-center w-32 max-w-32 h-32 max-h-32 transition-[max-height,_max-width] bg-black rounded-full btn text-accent\"\n  data-target=\"#audio-80d80b0da982e6f5a00d94b4497752a4\">\n  <svg width=\"100%\" height=\"100%\" viewBox=\"0 0 36 36\" version=\"1.1\" xmlns=\"http:\/\/www.w3.org\/2000\/svg\" xmlns:xlink=\"http:\/\/www.w3.org\/1999\/xlink\">\n  <path id=\"ytp-12\" d=\"M11,10 L18,13.74 18,22.28 11,26 M18,13.74 L26,18 26,18 18,22.28\" fill=\"currentColor\">\n    <animate id=\"animation\" begin=\"indefinite\" attributeType=\"XML\" attributeName=\"d\" fill=\"freeze\" from=\"M11,10 L17,10 17,26 11,26 M20,10 L26,10 26,26 20,26\" to=\"M11,10 L18,13.74 18,22.28 11,26 M18,13.74 L26,18 26,18 18,22.28\" dur=\"0.1s\" keySplines=\".4 0 1 1\" repeatCount=\"1\" data-play=\"M11,10 L18,13.74 18,22.28 11,26 M18,13.74 L26,18 26,18 18,22.28\" data-pause=\"M11,10 L17,10 17,26 11,26 M20,10 L26,10 26,26 20,26\"><\/animate>\n  <\/path>\n<\/svg>\n<\/button>\n        <p class=\"text-base text-center\">Escolta<\/p>\n      <\/div>\n    <\/div>\n\n    \n          <div class=\"flex flex-wrap justify-between gap-6 md:justify-start\">\n                  <button data-target=\"#transcription-80d80b0da982e6f5a00d94b4497752a4\" data-toggle=\"modal\" class=\"flex items-center gap-2\">\n            <svg class=\"w-6 h-6\" fill=\"none\" xmlns=\"http:\/\/www.w3.org\/2000\/svg\" viewBox=\"0 0 22 12\"><path d=\"M0 9.873v-6c0-.55.196-1.02.588-1.412A1.926 1.926 0 0 1 2 1.873h2c.55 0 1.02.196 1.412.588.392.391.588.862.588 1.412v6H4v-2H2v2H0Zm2-4h2v-2H2v2Zm6 4v-8h4c.55 0 1.02.196 1.412.588.392.391.588.862.588 1.412v4c0 .55-.196 1.021-.588 1.413A1.926 1.926 0 0 1 12 9.873H8Zm2-2h2v-4h-2v4Zm6.85.8-1.4-1.425c.183-.183.32-.391.413-.625.091-.233.137-.483.137-.75 0-.283-.046-.537-.137-.762a1.85 1.85 0 0 0-.413-.613l1.4-1.45c.367.367.65.792.85 1.275.2.484.3 1 .3 1.55s-.1 1.063-.3 1.538c-.2.475-.483.896-.85 1.262Zm2.825 2.825-1.45-1.375c.55-.55.983-1.187 1.3-1.912A5.775 5.775 0 0 0 20 5.873c0-.85-.158-1.633-.475-2.35a6.217 6.217 0 0 0-1.3-1.9l1.45-1.4a7.94 7.94 0 0 1 1.712 2.55c.409.967.613 2 .613 3.1s-.204 2.13-.613 3.088a7.977 7.977 0 0 1-1.712 2.537Z\" fill=\"#000\"\/><\/svg>            <span>Transcripci\u00f3<\/span>\n          <\/button>\n                      <\/div>\n      <\/div>\n\n      <div id=\"transcription-80d80b0da982e6f5a00d94b4497752a4\"\n  class=\"fixed inset-0 z-50 hidden w-screen h-screen opacity-0 pointer-events-none modal transcription\"\n  tabindex=\"-1\" role=\"dialog\">\n  <div class=\"absolute w-full h-full bg-black opacity-75 modal-overlay\"><\/div>\n  <div\n    class=\"absolute z-30 w-11\/12 mx-auto overflow-y-auto text-black bg-white shadow-lg modal-container center-xy md:max-w-4xl\"\n    role=\"document\">\n    <div class=\"flex items-center justify-between px-4 py-4 text-gray-700 border-b md:px-8\">\n      <h2 class=\"!mb-0 font-bold\">Transcripci\u00f3<\/h2>\n      <div class=\"z-50 flex flex-col items-center ml-auto cursor-pointer rtl:ml-0 rtl:mr-auto modal-close\">\n        <svg class=\"w-auto h-6\" width=\"18\" height=\"23\" xmlns=\"http:\/\/www.w3.org\/2000\/svg\">\n  <g stroke=\"currentColor\" fill=\"none\" fill-rule=\"evenodd\" stroke-linecap=\"square\">\n    <path d=\"M.7248.974l16.1076 20.6167M16.655 1.2654L.9097 22.1601\" \/>\n  <\/g>\n<\/svg>        <div class=\"hidden\">Close<\/div>\n      <\/div>\n    <\/div>\n    <div class=\"px-4 py-8 overflow-y-auto max-h-modal md:px-8 modal-content\">\n      <div class=\"mb-8 flex flex-col gap-1.5\">\n                      <h3 class=\"text-xl font-bold\">Els elements arquitect\u00f2nics<\/h3>\n                            <\/div>\n            <p>L\u2019esgl\u00e9sia de Sant Climent \u00e9s de planta basilical, \u00e9s a dir, amb una nau central allargada i dues de laterals separades per pilars cil\u00edndrics. La cap\u00e7alera est\u00e0 formada per un absis principal i dues absidioles o absis secundaris situats als costats de l\u2019absis central.<br \/>\nEn un dels pilars m\u00e9s propers a l\u2019absis, el de l\u2019esquerra, hi havia pintada la inscripci\u00f3 amb la data de consagraci\u00f3 de l\u2019esgl\u00e9sia. En aquella inscripci\u00f3 s\u2019hi podia llegir que va ser consagrada el 10 de desembre del 1123 per Ramon Guillem, bisbe de Roda-Barbastre, just un dia abans que la de Santa Maria de Ta\u00fcll.<br \/>\nEl que m\u00e9s destaca d\u2019aquesta esgl\u00e9sia, per\u00f2, \u00e9s una imatge que segur que ja coneixes perqu\u00e8 la deus haver vist un munt de vegades representada a diversos llocs. Es tracta del Crist en majestat de Ta\u00fcll, una de les imatges m\u00e9s emblem\u00e0tiques del rom\u00e0nic catal\u00e0. Val a dir que el que veus ara mateix \u00e9s una projecci\u00f3 del que ha arribat fins als nostres dies; aquestes pintures es van arrencar per evitar-ne l\u2019espoli i avui s\u2019exposen al Museu Nacional d\u2019Art de Catalunya. Despr\u00e9s del videomapatge, i durant uns minuts, podr\u00e0s veure les restes de pintura original que queden a l\u2019absis. Al centre d\u2019interpretaci\u00f3 d\u2019Erill la Vall pots descobrir les circumst\u00e0ncies que van portar al trasllat d\u2019aquestes obres.<\/p>\n<p><em>So d\u2019interfer\u00e8ncies.<\/em><br \/>\n<strong>Mestre de Ta\u00fcll<\/strong>: Per qu\u00e8 m\u2019heu fet cridar, excel\u00b7lent\u00edssim i reverend\u00edssim senyor?<br \/>\n<strong>Bisbe:<\/strong> Soc un gran admirador de les pintures que vau fer a Roda d\u2019Is\u00e0vena i de la majestuositat i l\u2019harmonia de les vostres representacions de Crist.<br \/>\n<strong>Mestre de Ta\u00fcll<\/strong>: Li agraeixo aquestes paraules. Jo tamb\u00e9 he quedat meravellat d\u2019aquesta esgl\u00e9sia que acabeu de construir.<br \/>\n<strong>Bisbe:<\/strong> S\u00ed, s\u2019ha fet un gran esfor\u00e7. Per\u00f2 ara toca decorar-la. Anir\u00e9 al gra: he pensat que un mestre com v\u00f3s donaria a l\u2019esgl\u00e9sia de Sant Climent de Ta\u00fcll tota l\u2019esplendor que mereix.<br \/>\n<strong>Mestre de Ta\u00fcll:<\/strong> Jo? No s\u00e9 qu\u00e8 dir. Seria un honor i, alhora, una responsabilitat. Totes aquestes parets\u2026<br \/>\n<strong>Bisbe:<\/strong> Vull la perfecci\u00f3 dels rostres que pinteu. Vull que qualsevol que entri en aquesta esgl\u00e9sia senti el poder de Crist en la seva figura triomfal.<br \/>\n<strong>Mestre de Ta\u00fcll<\/strong>: I en qu\u00e8 esteu pensant, excel\u00b7lent\u00edssim?<br \/>\n<strong>Bisbe:<\/strong> Vull un gran Crist en majestat a l\u2019absis major. El millor que s\u2019hagi pintat mai.<br \/>\n<strong>Mestre de Ta\u00fcll<\/strong>: Doncs no se\u2019n parli m\u00e9s! Quan puc comen\u00e7ar?<br \/>\n<em>So d\u2019interfer\u00e8ncies.<\/em><\/p>\n<p>Per con\u00e8ixer tots els secrets del Crist en majestat, situa\u2019t davant de la primera fila de bancs.<\/p>\n    <\/div>\n  <\/div>\n<\/div>\n    <\/section>\n\n\n<div class=\"flex flex-col gap-6 element video-block\">\n  <div class=\"flex flex-col gap-3\">\n      <\/div>\n            <div class=\"relative w-full h-auto bg-black cursor-pointer text-accent lightgallery-video aspect-video\"\n        data-lg-size=\"1280-720\" data-src=\"https:\/\/www.youtube.com\/watch?v=Mb8EWEvH7v4\">\n                  <div class=\"absolute inset-0\" style=\"background-color: rgba(0,0,0,0.2)\"><\/div>\n          <svg class=\"absolute top-1\/2 left-1\/2 transform -translate-x-1\/2 -translate-y-1\/2 w-20 h-20 pointer-events-none\" fill=\"none\" xmlns=\"http:\/\/www.w3.org\/2000\/svg\" viewBox=\"0 0 80 81\">\n  <path\n    d=\"m30 58.873 28-18-28-18v36Zm10 22c-5.533 0-10.733-1.05-15.6-3.15-4.867-2.1-9.1-4.95-12.7-8.55-3.6-3.6-6.45-7.833-8.55-12.7C1.05 51.606 0 46.406 0 40.873c0-5.533 1.05-10.733 3.15-15.6 2.1-4.867 4.95-9.1 8.55-12.7 3.6-3.6 7.833-6.45 12.7-8.55 4.867-2.1 10.067-3.15 15.6-3.15 5.533 0 10.733 1.05 15.6 3.15 4.867 2.1 9.1 4.95 12.7 8.55 3.6 3.6 6.45 7.833 8.55 12.7C78.95 30.14 80 35.34 80 40.873c0 5.533-1.05 10.733-3.15 15.6-2.1 4.867-4.95 9.1-8.55 12.7-3.6 3.6-7.833 6.45-12.7 8.55-4.867 2.1-10.067 3.15-15.6 3.15Z\"\n    fill=\"currentColor\" \/>\n<\/svg>          <img decoding=\"async\" class=\"object-cover object-center w-full h-auto aspect-video\" src=\"https:\/\/i.ytimg.com\/vi\/Mb8EWEvH7v4\/sddefault.jpg\" \/>\n              <\/div>\n      <\/div>\n\n\n<div class=\"flex flex-col gap-3 element text-block\">\n  <div class=\"flex items-center gap-6\">\n              <h2 class=\"text-2xl font-bold\">3d Davant l&#8217;altar<\/h2>\n      <\/div>\n    <\/div>\n\n\n<div class=\"flex flex-col gap-6 element image-block\">\n  <div class=\"flex flex-col gap-3\">\n      <\/div>\n      <figure>\n      <img loading=\"lazy\" decoding=\"async\" width=\"368\" height=\"472\" src=\"https:\/\/guiesullsdelahistoria.cat\/app\/uploads\/2024\/11\/Sant_Climent_de_Taull_pintures_absis.jpg\" class=\"w-full h-auto\" alt=\"Pintures originals de l\u2019absis central de l\u2019esgl\u00e9sia de Sant Climent de Ta\u00fcll amb el Crist en majestat al mig, conservades al Museu Nacional d\u2019Art de Catalunya.\" srcset=\"https:\/\/guiesullsdelahistoria.cat\/app\/uploads\/2024\/11\/Sant_Climent_de_Taull_pintures_absis.jpg 368w, https:\/\/guiesullsdelahistoria.cat\/app\/uploads\/2024\/11\/Sant_Climent_de_Taull_pintures_absis-234x300.jpg 234w\" sizes=\"auto, (max-width: 368px) 100vw, 368px\" \/>\n              <figcaption class=\"pt-2 text-gray-800\">Pintures originals de l\u2019absis central de Sant Climent de Ta\u00fcll conservades al Museu Nacional d\u2019Art de Catalunya.<\/figcaption>\n          <\/figure>\n  <\/div>\n\n\n<section class=\"element audio-block\">\n  <div class=\"flex flex-col w-full gap-6\">\n    <div class=\"flex flex-col gap-3\">\n      <div class=\"flex gap-6\">\n                          <h2 class=\"text-2xl font-bold\">El Crist en majestat<\/h2>\n              <\/div>\n          <\/div>\n    <div class=\"flex items-center justify-end gap-3\">\n              <div class=\"flex-1 audio-content\" dir=\"ltr\">\n          <audio id=\"audio-720958ee413b34e6bca8487300724d71\" data-label=\"El Crist en majestat\"\n            data-category=\"SANT-CLIMENT-DE-TAULL-CA-GENERAL-PLAY-3.mp3\" class=\"hidden\" controls\n            src=\"https:\/\/guiesullsdelahistoria.cat\/app\/uploads\/2024\/11\/SANT-CLIMENT-DE-TAULL-CA-GENERAL-PLAY-3.mp3\"><\/audio>\n          <div class=\"flex items-center w-full gap-3 transition-opacity opacity-0 meta\">\n            <progress class=\"flex-1 border-0 appearance-none\" value=\"0\" max=\"1\"><\/progress>\n            <div class=\"text-sm text-center shrink-0 current-time w-9\"><\/div>\n                      <\/div>\n        <\/div>\n            <div class=\"flex flex-col items-center gap-2 shrink-1 audio-control\">\n        <button\n  class=\"flex items-center justify-center w-32 max-w-32 h-32 max-h-32 transition-[max-height,_max-width] bg-black rounded-full btn text-accent\"\n  data-target=\"#audio-720958ee413b34e6bca8487300724d71\">\n  <svg width=\"100%\" height=\"100%\" viewBox=\"0 0 36 36\" version=\"1.1\" xmlns=\"http:\/\/www.w3.org\/2000\/svg\" xmlns:xlink=\"http:\/\/www.w3.org\/1999\/xlink\">\n  <path id=\"ytp-12\" d=\"M11,10 L18,13.74 18,22.28 11,26 M18,13.74 L26,18 26,18 18,22.28\" fill=\"currentColor\">\n    <animate id=\"animation\" begin=\"indefinite\" attributeType=\"XML\" attributeName=\"d\" fill=\"freeze\" from=\"M11,10 L17,10 17,26 11,26 M20,10 L26,10 26,26 20,26\" to=\"M11,10 L18,13.74 18,22.28 11,26 M18,13.74 L26,18 26,18 18,22.28\" dur=\"0.1s\" keySplines=\".4 0 1 1\" repeatCount=\"1\" data-play=\"M11,10 L18,13.74 18,22.28 11,26 M18,13.74 L26,18 26,18 18,22.28\" data-pause=\"M11,10 L17,10 17,26 11,26 M20,10 L26,10 26,26 20,26\"><\/animate>\n  <\/path>\n<\/svg>\n<\/button>\n        <p class=\"text-base text-center\">Escolta<\/p>\n      <\/div>\n    <\/div>\n\n    \n          <div class=\"flex flex-wrap justify-between gap-6 md:justify-start\">\n                  <button data-target=\"#transcription-720958ee413b34e6bca8487300724d71\" data-toggle=\"modal\" class=\"flex items-center gap-2\">\n            <svg class=\"w-6 h-6\" fill=\"none\" xmlns=\"http:\/\/www.w3.org\/2000\/svg\" viewBox=\"0 0 22 12\"><path d=\"M0 9.873v-6c0-.55.196-1.02.588-1.412A1.926 1.926 0 0 1 2 1.873h2c.55 0 1.02.196 1.412.588.392.391.588.862.588 1.412v6H4v-2H2v2H0Zm2-4h2v-2H2v2Zm6 4v-8h4c.55 0 1.02.196 1.412.588.392.391.588.862.588 1.412v4c0 .55-.196 1.021-.588 1.413A1.926 1.926 0 0 1 12 9.873H8Zm2-2h2v-4h-2v4Zm6.85.8-1.4-1.425c.183-.183.32-.391.413-.625.091-.233.137-.483.137-.75 0-.283-.046-.537-.137-.762a1.85 1.85 0 0 0-.413-.613l1.4-1.45c.367.367.65.792.85 1.275.2.484.3 1 .3 1.55s-.1 1.063-.3 1.538c-.2.475-.483.896-.85 1.262Zm2.825 2.825-1.45-1.375c.55-.55.983-1.187 1.3-1.912A5.775 5.775 0 0 0 20 5.873c0-.85-.158-1.633-.475-2.35a6.217 6.217 0 0 0-1.3-1.9l1.45-1.4a7.94 7.94 0 0 1 1.712 2.55c.409.967.613 2 .613 3.1s-.204 2.13-.613 3.088a7.977 7.977 0 0 1-1.712 2.537Z\" fill=\"#000\"\/><\/svg>            <span>Transcripci\u00f3<\/span>\n          <\/button>\n                      <\/div>\n      <\/div>\n\n      <div id=\"transcription-720958ee413b34e6bca8487300724d71\"\n  class=\"fixed inset-0 z-50 hidden w-screen h-screen opacity-0 pointer-events-none modal transcription\"\n  tabindex=\"-1\" role=\"dialog\">\n  <div class=\"absolute w-full h-full bg-black opacity-75 modal-overlay\"><\/div>\n  <div\n    class=\"absolute z-30 w-11\/12 mx-auto overflow-y-auto text-black bg-white shadow-lg modal-container center-xy md:max-w-4xl\"\n    role=\"document\">\n    <div class=\"flex items-center justify-between px-4 py-4 text-gray-700 border-b md:px-8\">\n      <h2 class=\"!mb-0 font-bold\">Transcripci\u00f3<\/h2>\n      <div class=\"z-50 flex flex-col items-center ml-auto cursor-pointer rtl:ml-0 rtl:mr-auto modal-close\">\n        <svg class=\"w-auto h-6\" width=\"18\" height=\"23\" xmlns=\"http:\/\/www.w3.org\/2000\/svg\">\n  <g stroke=\"currentColor\" fill=\"none\" fill-rule=\"evenodd\" stroke-linecap=\"square\">\n    <path d=\"M.7248.974l16.1076 20.6167M16.655 1.2654L.9097 22.1601\" \/>\n  <\/g>\n<\/svg>        <div class=\"hidden\">Close<\/div>\n      <\/div>\n    <\/div>\n    <div class=\"px-4 py-8 overflow-y-auto max-h-modal md:px-8 modal-content\">\n      <div class=\"mb-8 flex flex-col gap-1.5\">\n                      <h3 class=\"text-xl font-bold\">El Crist en majestat<\/h3>\n                            <\/div>\n            <p>El mural de l\u2019absis central es divideix en tres \u00e0mbits, que simbolitzen el cel, la terra i l\u2019espai entre tots dos.<br \/>\nA dalt de tot hi ha el cel, on es presenta la divinitat, Crist en majestat. El pots veure dins de la m\u00e0ndorla, aquest emmarcament en forma d\u2019ametlla que subratlla la divinitat que beneeix amb la m\u00e0 dreta i sost\u00e9 el llibre amb la m\u00e0 esquerra.<br \/>\nEnvoltant la imatge de Crist, els \u00e0ngels, els serafins i els s\u00edmbols dels evangelistes: sant Mateu, l\u2019\u00e0ngel o l\u2019home; sant Marc, el lle\u00f3; sant Joan, l\u2019\u00e0guila, i sant Lluc, el brau.<br \/>\nAl registre intermedi s\u2019hi veuen cinc ap\u00f2stols i Maria.<br \/>\nI a baix, al registre inferior, hi ha elements que pertanyen al m\u00f3n terrenal, aix\u00ed com ornaments de car\u00e0cter vegetal o geom\u00e8tric, que representen la terra.<br \/>\nEn un \u00e0mbit m\u00e9s exterior de la volta, a dalt, hi veiem un anyell amb set ulls, la manifestaci\u00f3 de D\u00e9u que apareix descrita a l\u2019Apocalipsi.<br \/>\nAra que ja coneixes els personatges, nom\u00e9s et queda veure el videomapatge per descobrir com van ser fetes aquestes pintures.<\/p>\n<p><strong>Mapatge (projeccions a les hores establertes)<\/strong><\/p>\n<p>Potser en aquest punt et preguntes quin sentit tenien totes aquestes pintures. Eren nom\u00e9s per decorar l\u2019esgl\u00e9sia o tenien alguna altra funci\u00f3? La import\u00e0ncia de les pintures murals a l\u2019edat mitjana era molt gran, perqu\u00e8, a m\u00e9s d\u2019estar dedicades a la gl\u00f2ria de D\u00e9u i de ser una eina de poder, tenien una funci\u00f3 alli\u00e7onadora, car la major part del poble no sabia llegir i la imatge, juntament amb la paraula, era la forma d\u2019evangelitzaci\u00f3 m\u00e9s efectiva.<br \/>\nMalgrat els arrencaments, Sant Climent encara conserva in situ fragments de pintura original; els podr\u00e0s descobrir al seg\u00fcent punt de la guia.<\/p>\n    <\/div>\n  <\/div>\n<\/div>\n    <\/section>\n\n\n<div class=\"flex flex-col gap-6 element video-block\">\n  <div class=\"flex flex-col gap-3\">\n      <\/div>\n            <div class=\"relative w-full h-auto bg-black cursor-pointer text-accent lightgallery-video aspect-video\"\n        data-lg-size=\"1280-720\" data-src=\"https:\/\/www.youtube.com\/watch?v=p9jCgBBaX_8\">\n                  <div class=\"absolute inset-0\" style=\"background-color: rgba(0,0,0,0.2)\"><\/div>\n          <svg class=\"absolute top-1\/2 left-1\/2 transform -translate-x-1\/2 -translate-y-1\/2 w-20 h-20 pointer-events-none\" fill=\"none\" xmlns=\"http:\/\/www.w3.org\/2000\/svg\" viewBox=\"0 0 80 81\">\n  <path\n    d=\"m30 58.873 28-18-28-18v36Zm10 22c-5.533 0-10.733-1.05-15.6-3.15-4.867-2.1-9.1-4.95-12.7-8.55-3.6-3.6-6.45-7.833-8.55-12.7C1.05 51.606 0 46.406 0 40.873c0-5.533 1.05-10.733 3.15-15.6 2.1-4.867 4.95-9.1 8.55-12.7 3.6-3.6 7.833-6.45 12.7-8.55 4.867-2.1 10.067-3.15 15.6-3.15 5.533 0 10.733 1.05 15.6 3.15 4.867 2.1 9.1 4.95 12.7 8.55 3.6 3.6 6.45 7.833 8.55 12.7C78.95 30.14 80 35.34 80 40.873c0 5.533-1.05 10.733-3.15 15.6-2.1 4.867-4.95 9.1-8.55 12.7-3.6 3.6-7.833 6.45-12.7 8.55-4.867 2.1-10.067 3.15-15.6 3.15Z\"\n    fill=\"currentColor\" \/>\n<\/svg>          <img decoding=\"async\" class=\"object-cover object-center w-full h-auto aspect-video\" src=\"https:\/\/i.ytimg.com\/vi\/p9jCgBBaX_8\/sddefault.jpg\" \/>\n              <\/div>\n      <\/div>\n\n\n<div class=\"flex flex-col gap-3 element text-block\">\n  <div class=\"flex items-center gap-6\">\n              <h2 class=\"text-2xl font-bold\">3e Davant l&#8217;altar<\/h2>\n      <\/div>\n    <\/div>\n\n\n<div class=\"flex flex-col gap-6 element image-block\">\n  <div class=\"flex flex-col gap-3\">\n      <\/div>\n      <figure>\n      <img loading=\"lazy\" decoding=\"async\" width=\"600\" height=\"800\" src=\"https:\/\/guiesullsdelahistoria.cat\/app\/uploads\/2024\/11\/sant_Climent_pintura_de_Sant_Climent_0011.jpg\" class=\"w-full h-auto\" alt=\"Restes de la pintura original de la imatge de sant Climent a una columna del frontal de l\u2019absis a l\u2019esgl\u00e9sia de Sant Climent de Ta\u00fcll.\" srcset=\"https:\/\/guiesullsdelahistoria.cat\/app\/uploads\/2024\/11\/sant_Climent_pintura_de_Sant_Climent_0011.jpg 600w, https:\/\/guiesullsdelahistoria.cat\/app\/uploads\/2024\/11\/sant_Climent_pintura_de_Sant_Climent_0011-225x300.jpg 225w\" sizes=\"auto, (max-width: 600px) 100vw, 600px\" \/>\n              <figcaption class=\"pt-2 text-gray-800\">Restes de la pintura original de la imatge de sant Climent.<\/figcaption>\n          <\/figure>\n  <\/div>\n\n\n<section class=\"element audio-block\">\n  <div class=\"flex flex-col w-full gap-6\">\n    <div class=\"flex flex-col gap-3\">\n      <div class=\"flex gap-6\">\n                          <h2 class=\"text-2xl font-bold\">Els fragments de pintura original<\/h2>\n              <\/div>\n          <\/div>\n    <div class=\"flex items-center justify-end gap-3\">\n              <div class=\"flex-1 audio-content\" dir=\"ltr\">\n          <audio id=\"audio-59e4f3fc51f4dfd2446cde879160124c\" data-label=\"Els fragments de pintura original\"\n            data-category=\"SANT-CLIMENT-DE-TAULL-CA-GENERAL-PLAY-4.mp3\" class=\"hidden\" controls\n            src=\"https:\/\/guiesullsdelahistoria.cat\/app\/uploads\/2024\/11\/SANT-CLIMENT-DE-TAULL-CA-GENERAL-PLAY-4.mp3\"><\/audio>\n          <div class=\"flex items-center w-full gap-3 transition-opacity opacity-0 meta\">\n            <progress class=\"flex-1 border-0 appearance-none\" value=\"0\" max=\"1\"><\/progress>\n            <div class=\"text-sm text-center shrink-0 current-time w-9\"><\/div>\n                      <\/div>\n        <\/div>\n            <div class=\"flex flex-col items-center gap-2 shrink-1 audio-control\">\n        <button\n  class=\"flex items-center justify-center w-32 max-w-32 h-32 max-h-32 transition-[max-height,_max-width] bg-black rounded-full btn text-accent\"\n  data-target=\"#audio-59e4f3fc51f4dfd2446cde879160124c\">\n  <svg width=\"100%\" height=\"100%\" viewBox=\"0 0 36 36\" version=\"1.1\" xmlns=\"http:\/\/www.w3.org\/2000\/svg\" xmlns:xlink=\"http:\/\/www.w3.org\/1999\/xlink\">\n  <path id=\"ytp-12\" d=\"M11,10 L18,13.74 18,22.28 11,26 M18,13.74 L26,18 26,18 18,22.28\" fill=\"currentColor\">\n    <animate id=\"animation\" begin=\"indefinite\" attributeType=\"XML\" attributeName=\"d\" fill=\"freeze\" from=\"M11,10 L17,10 17,26 11,26 M20,10 L26,10 26,26 20,26\" to=\"M11,10 L18,13.74 18,22.28 11,26 M18,13.74 L26,18 26,18 18,22.28\" dur=\"0.1s\" keySplines=\".4 0 1 1\" repeatCount=\"1\" data-play=\"M11,10 L18,13.74 18,22.28 11,26 M18,13.74 L26,18 26,18 18,22.28\" data-pause=\"M11,10 L17,10 17,26 11,26 M20,10 L26,10 26,26 20,26\"><\/animate>\n  <\/path>\n<\/svg>\n<\/button>\n        <p class=\"text-base text-center\">Escolta<\/p>\n      <\/div>\n    <\/div>\n\n    \n          <div class=\"flex flex-wrap justify-between gap-6 md:justify-start\">\n                  <button data-target=\"#transcription-59e4f3fc51f4dfd2446cde879160124c\" data-toggle=\"modal\" class=\"flex items-center gap-2\">\n            <svg class=\"w-6 h-6\" fill=\"none\" xmlns=\"http:\/\/www.w3.org\/2000\/svg\" viewBox=\"0 0 22 12\"><path d=\"M0 9.873v-6c0-.55.196-1.02.588-1.412A1.926 1.926 0 0 1 2 1.873h2c.55 0 1.02.196 1.412.588.392.391.588.862.588 1.412v6H4v-2H2v2H0Zm2-4h2v-2H2v2Zm6 4v-8h4c.55 0 1.02.196 1.412.588.392.391.588.862.588 1.412v4c0 .55-.196 1.021-.588 1.413A1.926 1.926 0 0 1 12 9.873H8Zm2-2h2v-4h-2v4Zm6.85.8-1.4-1.425c.183-.183.32-.391.413-.625.091-.233.137-.483.137-.75 0-.283-.046-.537-.137-.762a1.85 1.85 0 0 0-.413-.613l1.4-1.45c.367.367.65.792.85 1.275.2.484.3 1 .3 1.55s-.1 1.063-.3 1.538c-.2.475-.483.896-.85 1.262Zm2.825 2.825-1.45-1.375c.55-.55.983-1.187 1.3-1.912A5.775 5.775 0 0 0 20 5.873c0-.85-.158-1.633-.475-2.35a6.217 6.217 0 0 0-1.3-1.9l1.45-1.4a7.94 7.94 0 0 1 1.712 2.55c.409.967.613 2 .613 3.1s-.204 2.13-.613 3.088a7.977 7.977 0 0 1-1.712 2.537Z\" fill=\"#000\"\/><\/svg>            <span>Transcripci\u00f3<\/span>\n          <\/button>\n                      <\/div>\n      <\/div>\n\n      <div id=\"transcription-59e4f3fc51f4dfd2446cde879160124c\"\n  class=\"fixed inset-0 z-50 hidden w-screen h-screen opacity-0 pointer-events-none modal transcription\"\n  tabindex=\"-1\" role=\"dialog\">\n  <div class=\"absolute w-full h-full bg-black opacity-75 modal-overlay\"><\/div>\n  <div\n    class=\"absolute z-30 w-11\/12 mx-auto overflow-y-auto text-black bg-white shadow-lg modal-container center-xy md:max-w-4xl\"\n    role=\"document\">\n    <div class=\"flex items-center justify-between px-4 py-4 text-gray-700 border-b md:px-8\">\n      <h2 class=\"!mb-0 font-bold\">Transcripci\u00f3<\/h2>\n      <div class=\"z-50 flex flex-col items-center ml-auto cursor-pointer rtl:ml-0 rtl:mr-auto modal-close\">\n        <svg class=\"w-auto h-6\" width=\"18\" height=\"23\" xmlns=\"http:\/\/www.w3.org\/2000\/svg\">\n  <g stroke=\"currentColor\" fill=\"none\" fill-rule=\"evenodd\" stroke-linecap=\"square\">\n    <path d=\"M.7248.974l16.1076 20.6167M16.655 1.2654L.9097 22.1601\" \/>\n  <\/g>\n<\/svg>        <div class=\"hidden\">Close<\/div>\n      <\/div>\n    <\/div>\n    <div class=\"px-4 py-8 overflow-y-auto max-h-modal md:px-8 modal-content\">\n      <div class=\"mb-8 flex flex-col gap-1.5\">\n                      <h3 class=\"text-xl font-bold\">Els fragments de pintura original<\/h3>\n                            <\/div>\n            <p>A l\u2019esgl\u00e9sia de Sant Climent s\u2019hi conserven fragments de pintura original d\u2019\u00e8poques diferents, i es troben, sobretot, a la cap\u00e7alera.<br \/>\nLes pintures originals m\u00e9s antigues s\u00f3n les decoracions interiors de les finestres de la part baixa de l\u2019absis principal. S\u00f3n sanefes amb motius vegetals de tons vermells i ocres sobre un fons blanc.<br \/>\nAra observa la part dreta de l\u2019absis central, a dalt. All\u00e0 s\u2019hi veuen fragments de l\u2019escena de la B\u00edblia en qu\u00e8 Ca\u00edn mata el seu germ\u00e0, Abel, per gelosia. Ca\u00edn i Abel van ser els dos primers fills d\u2019Adam i Eva, els primers pobladors de la Terra. Pots veure com Ca\u00edn subjecta Abel pels cabells amb una m\u00e0 mentre amb l\u2019altra li clava una destral a la galta. Al costat del rostre d\u2019Abel hi pots llegir la inscripci\u00f3 \u201cABEL\u201d.<br \/>\nPer trobar m\u00e9s pintures originals, dirigeix la mirada al frontis de l\u2019absis major, a dalt de tot a la dreta. All\u00e0 hi has de localitzar un personatge amb vestimenta de soldat tocant un llarg instrument de vent que podria anunciar l\u2019apocalipsi, l\u2019arribada del Senyor a la fi dels temps. B\u00e9, de fet n\u2019hi ha dos, de soldats, per\u00f2 el de l\u2019esquerra \u00e9s projectat.<br \/>\nI encara hi ha m\u00e9s pintures originals. Aquestes, a banda i banda de la part alta de l\u2019absis principal. Aqu\u00ed es conserva la imatge de tres sants. El m\u00e9s ben conservat \u00e9s sant Climent, el patr\u00f3 de l\u2019esgl\u00e9sia, situat a l\u2019esquerra. Al costat, una mica m\u00e9s endins, hi ha la imatge de sant Pere. I a l\u2019altra banda, al frontal de la dreta, la imatge d\u2019un altre sant, que podria ser sant Corneli. Encara n\u2019hi ha una altra, situada a la part alta del frontis de l\u2019absidiola de l\u2019esquerra; \u00e9s una mena de gos o de llop negre, el veus?<br \/>\nPer continuar la visita, busca tres talles situades dins d\u2019unes vitrines, a la nau de la dreta, mirant cap a l\u2019altar.<\/p>\n    <\/div>\n  <\/div>\n<\/div>\n    <\/section>\n\n\n<div class=\"flex flex-col gap-6 element video-block\">\n  <div class=\"flex flex-col gap-3\">\n      <\/div>\n            <div class=\"relative w-full h-auto bg-black cursor-pointer text-accent lightgallery-video aspect-video\"\n        data-lg-size=\"1280-720\" data-src=\"https:\/\/www.youtube.com\/watch?v=c7rM9XnPitg\">\n                  <div class=\"absolute inset-0\" style=\"background-color: rgba(0,0,0,0.2)\"><\/div>\n          <svg class=\"absolute top-1\/2 left-1\/2 transform -translate-x-1\/2 -translate-y-1\/2 w-20 h-20 pointer-events-none\" fill=\"none\" xmlns=\"http:\/\/www.w3.org\/2000\/svg\" viewBox=\"0 0 80 81\">\n  <path\n    d=\"m30 58.873 28-18-28-18v36Zm10 22c-5.533 0-10.733-1.05-15.6-3.15-4.867-2.1-9.1-4.95-12.7-8.55-3.6-3.6-6.45-7.833-8.55-12.7C1.05 51.606 0 46.406 0 40.873c0-5.533 1.05-10.733 3.15-15.6 2.1-4.867 4.95-9.1 8.55-12.7 3.6-3.6 7.833-6.45 12.7-8.55 4.867-2.1 10.067-3.15 15.6-3.15 5.533 0 10.733 1.05 15.6 3.15 4.867 2.1 9.1 4.95 12.7 8.55 3.6 3.6 6.45 7.833 8.55 12.7C78.95 30.14 80 35.34 80 40.873c0 5.533-1.05 10.733-3.15 15.6-2.1 4.867-4.95 9.1-8.55 12.7-3.6 3.6-7.833 6.45-12.7 8.55-4.867 2.1-10.067 3.15-15.6 3.15Z\"\n    fill=\"currentColor\" \/>\n<\/svg>          <img decoding=\"async\" class=\"object-cover object-center w-full h-auto aspect-video\" src=\"https:\/\/i.ytimg.com\/vi\/c7rM9XnPitg\/sddefault.jpg\" \/>\n              <\/div>\n      <\/div>\n\n\n<div class=\"flex flex-col gap-3 element text-block\">\n  <div class=\"flex items-center gap-6\">\n              <h2 class=\"text-2xl font-bold\">3f Nau de la dreta<\/h2>\n      <\/div>\n    <\/div>\n\n\n<div class=\"flex flex-col gap-6 element image-block\">\n  <div class=\"flex flex-col gap-3\">\n      <\/div>\n      <figure>\n      <img loading=\"lazy\" decoding=\"async\" width=\"1200\" height=\"1600\" src=\"https:\/\/guiesullsdelahistoria.cat\/app\/uploads\/2024\/11\/Sant_Climent_nau_lateral_20170903_CentreRomanic.jpg\" class=\"w-full h-auto\" alt=\"Imatge general de l\u2019interior de la nau sud de l\u2019esgl\u00e9sia de Sant Climent amb les tres talles rom\u00e0niques dins les urnes de vidre.\" srcset=\"https:\/\/guiesullsdelahistoria.cat\/app\/uploads\/2024\/11\/Sant_Climent_nau_lateral_20170903_CentreRomanic.jpg 1200w, https:\/\/guiesullsdelahistoria.cat\/app\/uploads\/2024\/11\/Sant_Climent_nau_lateral_20170903_CentreRomanic-225x300.jpg 225w, https:\/\/guiesullsdelahistoria.cat\/app\/uploads\/2024\/11\/Sant_Climent_nau_lateral_20170903_CentreRomanic-768x1024.jpg 768w, https:\/\/guiesullsdelahistoria.cat\/app\/uploads\/2024\/11\/Sant_Climent_nau_lateral_20170903_CentreRomanic-1152x1536.jpg 1152w\" sizes=\"auto, (max-width: 1200px) 100vw, 1200px\" \/>\n              <figcaption class=\"pt-2 text-gray-800\">Imatge general de la nau sud amb les talles rom\u00e0niques.\n<\/figcaption>\n          <\/figure>\n  <\/div>\n\n\n<section class=\"element audio-block\">\n  <div class=\"flex flex-col w-full gap-6\">\n    <div class=\"flex flex-col gap-3\">\n      <div class=\"flex gap-6\">\n                          <h2 class=\"text-2xl font-bold\">Les tres talles rom\u00e0niques<\/h2>\n              <\/div>\n          <\/div>\n    <div class=\"flex items-center justify-end gap-3\">\n              <div class=\"flex-1 audio-content\" dir=\"ltr\">\n          <audio id=\"audio-a1b6a23e7044c1c63d1930f92def1063\" data-label=\"Les tres talles rom\u00e0niques\"\n            data-category=\"SANT-CLIMENT-DE-TAULL-CA-GENERAL-PLAY-5.mp3\" class=\"hidden\" controls\n            src=\"https:\/\/guiesullsdelahistoria.cat\/app\/uploads\/2024\/11\/SANT-CLIMENT-DE-TAULL-CA-GENERAL-PLAY-5.mp3\"><\/audio>\n          <div class=\"flex items-center w-full gap-3 transition-opacity opacity-0 meta\">\n            <progress class=\"flex-1 border-0 appearance-none\" value=\"0\" max=\"1\"><\/progress>\n            <div class=\"text-sm text-center shrink-0 current-time w-9\"><\/div>\n                      <\/div>\n        <\/div>\n            <div class=\"flex flex-col items-center gap-2 shrink-1 audio-control\">\n        <button\n  class=\"flex items-center justify-center w-32 max-w-32 h-32 max-h-32 transition-[max-height,_max-width] bg-black rounded-full btn text-accent\"\n  data-target=\"#audio-a1b6a23e7044c1c63d1930f92def1063\">\n  <svg width=\"100%\" height=\"100%\" viewBox=\"0 0 36 36\" version=\"1.1\" xmlns=\"http:\/\/www.w3.org\/2000\/svg\" xmlns:xlink=\"http:\/\/www.w3.org\/1999\/xlink\">\n  <path id=\"ytp-12\" d=\"M11,10 L18,13.74 18,22.28 11,26 M18,13.74 L26,18 26,18 18,22.28\" fill=\"currentColor\">\n    <animate id=\"animation\" begin=\"indefinite\" attributeType=\"XML\" attributeName=\"d\" fill=\"freeze\" from=\"M11,10 L17,10 17,26 11,26 M20,10 L26,10 26,26 20,26\" to=\"M11,10 L18,13.74 18,22.28 11,26 M18,13.74 L26,18 26,18 18,22.28\" dur=\"0.1s\" keySplines=\".4 0 1 1\" repeatCount=\"1\" data-play=\"M11,10 L18,13.74 18,22.28 11,26 M18,13.74 L26,18 26,18 18,22.28\" data-pause=\"M11,10 L17,10 17,26 11,26 M20,10 L26,10 26,26 20,26\"><\/animate>\n  <\/path>\n<\/svg>\n<\/button>\n        <p class=\"text-base text-center\">Escolta<\/p>\n      <\/div>\n    <\/div>\n\n    \n          <div class=\"flex flex-wrap justify-between gap-6 md:justify-start\">\n                  <button data-target=\"#transcription-a1b6a23e7044c1c63d1930f92def1063\" data-toggle=\"modal\" class=\"flex items-center gap-2\">\n            <svg class=\"w-6 h-6\" fill=\"none\" xmlns=\"http:\/\/www.w3.org\/2000\/svg\" viewBox=\"0 0 22 12\"><path d=\"M0 9.873v-6c0-.55.196-1.02.588-1.412A1.926 1.926 0 0 1 2 1.873h2c.55 0 1.02.196 1.412.588.392.391.588.862.588 1.412v6H4v-2H2v2H0Zm2-4h2v-2H2v2Zm6 4v-8h4c.55 0 1.02.196 1.412.588.392.391.588.862.588 1.412v4c0 .55-.196 1.021-.588 1.413A1.926 1.926 0 0 1 12 9.873H8Zm2-2h2v-4h-2v4Zm6.85.8-1.4-1.425c.183-.183.32-.391.413-.625.091-.233.137-.483.137-.75 0-.283-.046-.537-.137-.762a1.85 1.85 0 0 0-.413-.613l1.4-1.45c.367.367.65.792.85 1.275.2.484.3 1 .3 1.55s-.1 1.063-.3 1.538c-.2.475-.483.896-.85 1.262Zm2.825 2.825-1.45-1.375c.55-.55.983-1.187 1.3-1.912A5.775 5.775 0 0 0 20 5.873c0-.85-.158-1.633-.475-2.35a6.217 6.217 0 0 0-1.3-1.9l1.45-1.4a7.94 7.94 0 0 1 1.712 2.55c.409.967.613 2 .613 3.1s-.204 2.13-.613 3.088a7.977 7.977 0 0 1-1.712 2.537Z\" fill=\"#000\"\/><\/svg>            <span>Transcripci\u00f3<\/span>\n          <\/button>\n                      <\/div>\n      <\/div>\n\n      <div id=\"transcription-a1b6a23e7044c1c63d1930f92def1063\"\n  class=\"fixed inset-0 z-50 hidden w-screen h-screen opacity-0 pointer-events-none modal transcription\"\n  tabindex=\"-1\" role=\"dialog\">\n  <div class=\"absolute w-full h-full bg-black opacity-75 modal-overlay\"><\/div>\n  <div\n    class=\"absolute z-30 w-11\/12 mx-auto overflow-y-auto text-black bg-white shadow-lg modal-container center-xy md:max-w-4xl\"\n    role=\"document\">\n    <div class=\"flex items-center justify-between px-4 py-4 text-gray-700 border-b md:px-8\">\n      <h2 class=\"!mb-0 font-bold\">Transcripci\u00f3<\/h2>\n      <div class=\"z-50 flex flex-col items-center ml-auto cursor-pointer rtl:ml-0 rtl:mr-auto modal-close\">\n        <svg class=\"w-auto h-6\" width=\"18\" height=\"23\" xmlns=\"http:\/\/www.w3.org\/2000\/svg\">\n  <g stroke=\"currentColor\" fill=\"none\" fill-rule=\"evenodd\" stroke-linecap=\"square\">\n    <path d=\"M.7248.974l16.1076 20.6167M16.655 1.2654L.9097 22.1601\" \/>\n  <\/g>\n<\/svg>        <div class=\"hidden\">Close<\/div>\n      <\/div>\n    <\/div>\n    <div class=\"px-4 py-8 overflow-y-auto max-h-modal md:px-8 modal-content\">\n      <div class=\"mb-8 flex flex-col gap-1.5\">\n                      <h3 class=\"text-xl font-bold\">Les tres talles rom\u00e0niques<\/h3>\n                            <\/div>\n            <p>Les tres talles rom\u00e0niques que hi ha a l\u2019interior de Sant Climent de Ta\u00fcll representen el Crist salvador coronat, el Crist a la creu i una Mare de D\u00e9u.<br \/>\nEl Crist salvador coronat \u00e9s una escultura tallada i policromada al segle xiii, que molt probablement presidia l\u2019altar major. A principis del segle xx, estava situada al bell mig d\u2019un retaule a l\u2019absis central. El retaule era g\u00f2tic, del segle xvi, i actualment est\u00e0 al Museu Dioces\u00e0 de la Seu d\u2019Urgell.<br \/>\nEl Crist a la creu \u00e9s una magn\u00edfica mostra de les creus que tot sovint s\u2019utilitzaven en processons i actes lit\u00fargics. Conserva una espl\u00e8ndida policromia, especialment a la part posterior. Se\u2019n desconeix amb exactitud l\u2019esgl\u00e9sia de proced\u00e8ncia.<br \/>\nLa Mare de D\u00e9u \u00e9s del segle xii o xiii. A principis del segle xx, era a dins d\u2019un petit templet de fusta, per\u00f2 \u00e9s possible que provingui de l\u2019esgl\u00e9sia ve\u00efna de Santa Maria.<br \/>\nA l\u2019interior de les naus hi ha altres b\u00e9ns mobles, que podr\u00e0s descobrir amb la informaci\u00f3 dels cartells.<\/p>\n    <\/div>\n  <\/div>\n<\/div>\n    <\/section>\n\n\n<div class=\"flex flex-col gap-6 element video-block\">\n  <div class=\"flex flex-col gap-3\">\n      <\/div>\n            <div class=\"relative w-full h-auto bg-black cursor-pointer text-accent lightgallery-video aspect-video\"\n        data-lg-size=\"1280-720\" data-src=\"https:\/\/www.youtube.com\/watch?v=qezSC0WTfUU\">\n                  <div class=\"absolute inset-0\" style=\"background-color: rgba(0,0,0,0.2)\"><\/div>\n          <svg class=\"absolute top-1\/2 left-1\/2 transform -translate-x-1\/2 -translate-y-1\/2 w-20 h-20 pointer-events-none\" fill=\"none\" xmlns=\"http:\/\/www.w3.org\/2000\/svg\" viewBox=\"0 0 80 81\">\n  <path\n    d=\"m30 58.873 28-18-28-18v36Zm10 22c-5.533 0-10.733-1.05-15.6-3.15-4.867-2.1-9.1-4.95-12.7-8.55-3.6-3.6-6.45-7.833-8.55-12.7C1.05 51.606 0 46.406 0 40.873c0-5.533 1.05-10.733 3.15-15.6 2.1-4.867 4.95-9.1 8.55-12.7 3.6-3.6 7.833-6.45 12.7-8.55 4.867-2.1 10.067-3.15 15.6-3.15 5.533 0 10.733 1.05 15.6 3.15 4.867 2.1 9.1 4.95 12.7 8.55 3.6 3.6 6.45 7.833 8.55 12.7C78.95 30.14 80 35.34 80 40.873c0 5.533-1.05 10.733-3.15 15.6-2.1 4.867-4.95 9.1-8.55 12.7-3.6 3.6-7.833 6.45-12.7 8.55-4.867 2.1-10.067 3.15-15.6 3.15Z\"\n    fill=\"currentColor\" \/>\n<\/svg>          <img decoding=\"async\" class=\"object-cover object-center w-full h-auto aspect-video\" src=\"https:\/\/i.ytimg.com\/vi\/qezSC0WTfUU\/sddefault.jpg\" \/>\n              <\/div>\n      <\/div>\n\n\n<div class=\"flex flex-col gap-3 element text-block\">\n  <div class=\"flex items-center gap-6\">\n              <h2 class=\"text-2xl font-bold\">3g T&#8217;hi esperem!<\/h2>\n      <\/div>\n    <\/div>\n\n\n<section class=\"element audio-block\">\n  <div class=\"flex flex-col w-full gap-6\">\n    <div class=\"flex flex-col gap-3\">\n      <div class=\"flex gap-6\">\n                          <h2 class=\"text-2xl font-bold\">La visita continua<\/h2>\n              <\/div>\n          <\/div>\n    <div class=\"flex items-center justify-end gap-3\">\n              <div class=\"flex-1 audio-content\" dir=\"ltr\">\n          <audio id=\"audio-f8d8d8a73d690b9d2a6a4ece742a3e22\" data-label=\"La visita continua\"\n            data-category=\"SANT-CLIMENT-DE-TAULL-CA-GENERAL-PLAY-CLOENDA.mp3\" class=\"hidden\" controls\n            src=\"https:\/\/guiesullsdelahistoria.cat\/app\/uploads\/2024\/11\/SANT-CLIMENT-DE-TAULL-CA-GENERAL-PLAY-CLOENDA.mp3\"><\/audio>\n          <div class=\"flex items-center w-full gap-3 transition-opacity opacity-0 meta\">\n            <progress class=\"flex-1 border-0 appearance-none\" value=\"0\" max=\"1\"><\/progress>\n            <div class=\"text-sm text-center shrink-0 current-time w-9\"><\/div>\n                      <\/div>\n        <\/div>\n            <div class=\"flex flex-col items-center gap-2 shrink-1 audio-control\">\n        <button\n  class=\"flex items-center justify-center w-32 max-w-32 h-32 max-h-32 transition-[max-height,_max-width] bg-black rounded-full btn text-accent\"\n  data-target=\"#audio-f8d8d8a73d690b9d2a6a4ece742a3e22\">\n  <svg width=\"100%\" height=\"100%\" viewBox=\"0 0 36 36\" version=\"1.1\" xmlns=\"http:\/\/www.w3.org\/2000\/svg\" xmlns:xlink=\"http:\/\/www.w3.org\/1999\/xlink\">\n  <path id=\"ytp-12\" d=\"M11,10 L18,13.74 18,22.28 11,26 M18,13.74 L26,18 26,18 18,22.28\" fill=\"currentColor\">\n    <animate id=\"animation\" begin=\"indefinite\" attributeType=\"XML\" attributeName=\"d\" fill=\"freeze\" from=\"M11,10 L17,10 17,26 11,26 M20,10 L26,10 26,26 20,26\" to=\"M11,10 L18,13.74 18,22.28 11,26 M18,13.74 L26,18 26,18 18,22.28\" dur=\"0.1s\" keySplines=\".4 0 1 1\" repeatCount=\"1\" data-play=\"M11,10 L18,13.74 18,22.28 11,26 M18,13.74 L26,18 26,18 18,22.28\" data-pause=\"M11,10 L17,10 17,26 11,26 M20,10 L26,10 26,26 20,26\"><\/animate>\n  <\/path>\n<\/svg>\n<\/button>\n        <p class=\"text-base text-center\">Escolta<\/p>\n      <\/div>\n    <\/div>\n\n    \n          <div class=\"flex flex-wrap justify-between gap-6 md:justify-start\">\n                  <button data-target=\"#transcription-f8d8d8a73d690b9d2a6a4ece742a3e22\" data-toggle=\"modal\" class=\"flex items-center gap-2\">\n            <svg class=\"w-6 h-6\" fill=\"none\" xmlns=\"http:\/\/www.w3.org\/2000\/svg\" viewBox=\"0 0 22 12\"><path d=\"M0 9.873v-6c0-.55.196-1.02.588-1.412A1.926 1.926 0 0 1 2 1.873h2c.55 0 1.02.196 1.412.588.392.391.588.862.588 1.412v6H4v-2H2v2H0Zm2-4h2v-2H2v2Zm6 4v-8h4c.55 0 1.02.196 1.412.588.392.391.588.862.588 1.412v4c0 .55-.196 1.021-.588 1.413A1.926 1.926 0 0 1 12 9.873H8Zm2-2h2v-4h-2v4Zm6.85.8-1.4-1.425c.183-.183.32-.391.413-.625.091-.233.137-.483.137-.75 0-.283-.046-.537-.137-.762a1.85 1.85 0 0 0-.413-.613l1.4-1.45c.367.367.65.792.85 1.275.2.484.3 1 .3 1.55s-.1 1.063-.3 1.538c-.2.475-.483.896-.85 1.262Zm2.825 2.825-1.45-1.375c.55-.55.983-1.187 1.3-1.912A5.775 5.775 0 0 0 20 5.873c0-.85-.158-1.633-.475-2.35a6.217 6.217 0 0 0-1.3-1.9l1.45-1.4a7.94 7.94 0 0 1 1.712 2.55c.409.967.613 2 .613 3.1s-.204 2.13-.613 3.088a7.977 7.977 0 0 1-1.712 2.537Z\" fill=\"#000\"\/><\/svg>            <span>Transcripci\u00f3<\/span>\n          <\/button>\n                      <\/div>\n      <\/div>\n\n      <div id=\"transcription-f8d8d8a73d690b9d2a6a4ece742a3e22\"\n  class=\"fixed inset-0 z-50 hidden w-screen h-screen opacity-0 pointer-events-none modal transcription\"\n  tabindex=\"-1\" role=\"dialog\">\n  <div class=\"absolute w-full h-full bg-black opacity-75 modal-overlay\"><\/div>\n  <div\n    class=\"absolute z-30 w-11\/12 mx-auto overflow-y-auto text-black bg-white shadow-lg modal-container center-xy md:max-w-4xl\"\n    role=\"document\">\n    <div class=\"flex items-center justify-between px-4 py-4 text-gray-700 border-b md:px-8\">\n      <h2 class=\"!mb-0 font-bold\">Transcripci\u00f3<\/h2>\n      <div class=\"z-50 flex flex-col items-center ml-auto cursor-pointer rtl:ml-0 rtl:mr-auto modal-close\">\n        <svg class=\"w-auto h-6\" width=\"18\" height=\"23\" xmlns=\"http:\/\/www.w3.org\/2000\/svg\">\n  <g stroke=\"currentColor\" fill=\"none\" fill-rule=\"evenodd\" stroke-linecap=\"square\">\n    <path d=\"M.7248.974l16.1076 20.6167M16.655 1.2654L.9097 22.1601\" \/>\n  <\/g>\n<\/svg>        <div class=\"hidden\">Close<\/div>\n      <\/div>\n    <\/div>\n    <div class=\"px-4 py-8 overflow-y-auto max-h-modal md:px-8 modal-content\">\n      <div class=\"mb-8 flex flex-col gap-1.5\">\n                      <h3 class=\"text-xl font-bold\">La visita continua<\/h3>\n                            <\/div>\n            <p>Aqu\u00ed s\u2019acaba la visita a l\u2019esgl\u00e9sia. Ara et convidem a con\u00e8ixer les altres, que constitueixen el Conjunt Rom\u00e0nic de la Vall de Bo\u00ed. T\u2019hi esperem!<\/p>\n    <\/div>\n  <\/div>\n<\/div>\n    <\/section>\n\n\n<div class=\"flex flex-col gap-6 element video-block\">\n  <div class=\"flex flex-col gap-3\">\n      <\/div>\n            <div class=\"relative w-full h-auto bg-black cursor-pointer text-accent lightgallery-video aspect-video\"\n        data-lg-size=\"1280-720\" data-src=\"https:\/\/www.youtube.com\/watch?v=VUxcAzWWYIg\">\n                  <div class=\"absolute inset-0\" style=\"background-color: rgba(0,0,0,0.2)\"><\/div>\n          <svg class=\"absolute top-1\/2 left-1\/2 transform -translate-x-1\/2 -translate-y-1\/2 w-20 h-20 pointer-events-none\" fill=\"none\" xmlns=\"http:\/\/www.w3.org\/2000\/svg\" viewBox=\"0 0 80 81\">\n  <path\n    d=\"m30 58.873 28-18-28-18v36Zm10 22c-5.533 0-10.733-1.05-15.6-3.15-4.867-2.1-9.1-4.95-12.7-8.55-3.6-3.6-6.45-7.833-8.55-12.7C1.05 51.606 0 46.406 0 40.873c0-5.533 1.05-10.733 3.15-15.6 2.1-4.867 4.95-9.1 8.55-12.7 3.6-3.6 7.833-6.45 12.7-8.55 4.867-2.1 10.067-3.15 15.6-3.15 5.533 0 10.733 1.05 15.6 3.15 4.867 2.1 9.1 4.95 12.7 8.55 3.6 3.6 6.45 7.833 8.55 12.7C78.95 30.14 80 35.34 80 40.873c0 5.533-1.05 10.733-3.15 15.6-2.1 4.867-4.95 9.1-8.55 12.7-3.6 3.6-7.833 6.45-12.7 8.55-4.867 2.1-10.067 3.15-15.6 3.15Z\"\n    fill=\"currentColor\" \/>\n<\/svg>          <img decoding=\"async\" class=\"object-cover object-center w-full h-auto aspect-video\" src=\"https:\/\/i.ytimg.com\/vi\/VUxcAzWWYIg\/sddefault.jpg\" \/>\n              <\/div>\n      <\/div>\n\n\n<div class=\"flex flex-col gap-3 element text-block\">\n  <div class=\"flex items-center gap-6\">\n              <h2 class=\"text-2xl font-bold\">Cloenda<\/h2>\n      <\/div>\n        <div class=\"prose prose-lg\"><p><em>\u201cEls Ulls de la Hist\u00f2ria. Una mirada immersiva sobre el patrimoni\u201d<\/em> \u00e9s una iniciativa de l\u2019Ag\u00e8ncia Catalana del Patrimoni Cultural. Un projecte que incorpora altres veus i altres mirades sobre el nostre passat. Perqu\u00e8 totes i tots fem hist\u00f2ria.<\/p>\n<\/div>\n  <\/div>\n\n<\/div>\n      <\/div>\n    <\/div>\n  <\/section>\n\n\n<section class=\"overflow-hidden section\" id=\"section-69f5b6eb9c944\" data-title=\"4. Sant Feliu de Barruera\">\n    <div class=\"container grid grid-cols-1 py-8 md:py-10 max-md:gap-y-8 md:grid-standard\">\n              <div class=\"flex gap-4 md:col-span-5\">\n                                <h2 class=\"text-8 font-headings\">4. Sant Feliu de Barruera<\/h2>\n                  <\/div>\n            <div class=\"flex flex-col gap-8 md:col-span-6 md:col-start-7 md:gap-10\">\n        <div class=\"acf-innerblocks-container\">\n<div class=\"flex flex-col gap-3 element text-block\">\n  <div class=\"flex items-center gap-6\">\n              <h2 class=\"text-2xl font-bold\">4a Introducci\u00f3<\/h2>\n      <\/div>\n    <\/div>\n\n\n<div class=\"flex flex-col gap-6 element image-block\">\n  <div class=\"flex flex-col gap-3\">\n      <\/div>\n      <figure>\n      <img loading=\"lazy\" decoding=\"async\" width=\"1418\" height=\"943\" src=\"https:\/\/guiesullsdelahistoria.cat\/app\/uploads\/2024\/11\/DSC2975-copia.jpg\" class=\"w-full h-auto\" alt=\"Vista general de l\u2019exterior de l\u2019esgl\u00e9sia de Sant Feliu de Barruera amb el cementiri en primer terme i les muntanyes al darrere.\" srcset=\"https:\/\/guiesullsdelahistoria.cat\/app\/uploads\/2024\/11\/DSC2975-copia.jpg 1418w, https:\/\/guiesullsdelahistoria.cat\/app\/uploads\/2024\/11\/DSC2975-copia-300x200.jpg 300w, https:\/\/guiesullsdelahistoria.cat\/app\/uploads\/2024\/11\/DSC2975-copia-1024x681.jpg 1024w, https:\/\/guiesullsdelahistoria.cat\/app\/uploads\/2024\/11\/DSC2975-copia-768x511.jpg 768w\" sizes=\"auto, (max-width: 1418px) 100vw, 1418px\" \/>\n              <figcaption class=\"pt-2 text-gray-800\">Vista general de Sant Feliu de Barruera.<\/figcaption>\n          <\/figure>\n  <\/div>\n\n\n<section class=\"element audio-block\">\n  <div class=\"flex flex-col w-full gap-6\">\n    <div class=\"flex flex-col gap-3\">\n      <div class=\"flex gap-6\">\n                          <h2 class=\"text-2xl font-bold\">La Vall de Bo\u00ed i les seves esgl\u00e9sies<\/h2>\n              <\/div>\n          <\/div>\n    <div class=\"flex items-center justify-end gap-3\">\n              <div class=\"flex-1 audio-content\" dir=\"ltr\">\n          <audio id=\"audio-a2ab66ed5214b11cc02b34bf3c9b1de2\" data-label=\"La Vall de Bo\u00ed i les seves esgl\u00e9sies\"\n            data-category=\"SANT-FELIU-DE-BARRUERA-CAT-GENERAL-PLAY-0-1.mp3\" class=\"hidden\" controls\n            src=\"https:\/\/guiesullsdelahistoria.cat\/app\/uploads\/2024\/11\/SANT-FELIU-DE-BARRUERA-CAT-GENERAL-PLAY-0-1.mp3\"><\/audio>\n          <div class=\"flex items-center w-full gap-3 transition-opacity opacity-0 meta\">\n            <progress class=\"flex-1 border-0 appearance-none\" value=\"0\" max=\"1\"><\/progress>\n            <div class=\"text-sm text-center shrink-0 current-time w-9\"><\/div>\n                      <\/div>\n        <\/div>\n            <div class=\"flex flex-col items-center gap-2 shrink-1 audio-control\">\n        <button\n  class=\"flex items-center justify-center w-32 max-w-32 h-32 max-h-32 transition-[max-height,_max-width] bg-black rounded-full btn text-accent\"\n  data-target=\"#audio-a2ab66ed5214b11cc02b34bf3c9b1de2\">\n  <svg width=\"100%\" height=\"100%\" viewBox=\"0 0 36 36\" version=\"1.1\" xmlns=\"http:\/\/www.w3.org\/2000\/svg\" xmlns:xlink=\"http:\/\/www.w3.org\/1999\/xlink\">\n  <path id=\"ytp-12\" d=\"M11,10 L18,13.74 18,22.28 11,26 M18,13.74 L26,18 26,18 18,22.28\" fill=\"currentColor\">\n    <animate id=\"animation\" begin=\"indefinite\" attributeType=\"XML\" attributeName=\"d\" fill=\"freeze\" from=\"M11,10 L17,10 17,26 11,26 M20,10 L26,10 26,26 20,26\" to=\"M11,10 L18,13.74 18,22.28 11,26 M18,13.74 L26,18 26,18 18,22.28\" dur=\"0.1s\" keySplines=\".4 0 1 1\" repeatCount=\"1\" data-play=\"M11,10 L18,13.74 18,22.28 11,26 M18,13.74 L26,18 26,18 18,22.28\" data-pause=\"M11,10 L17,10 17,26 11,26 M20,10 L26,10 26,26 20,26\"><\/animate>\n  <\/path>\n<\/svg>\n<\/button>\n        <p class=\"text-base text-center\">Escolta<\/p>\n      <\/div>\n    <\/div>\n\n    \n          <div class=\"flex flex-wrap justify-between gap-6 md:justify-start\">\n                  <button data-target=\"#transcription-a2ab66ed5214b11cc02b34bf3c9b1de2\" data-toggle=\"modal\" class=\"flex items-center gap-2\">\n            <svg class=\"w-6 h-6\" fill=\"none\" xmlns=\"http:\/\/www.w3.org\/2000\/svg\" viewBox=\"0 0 22 12\"><path d=\"M0 9.873v-6c0-.55.196-1.02.588-1.412A1.926 1.926 0 0 1 2 1.873h2c.55 0 1.02.196 1.412.588.392.391.588.862.588 1.412v6H4v-2H2v2H0Zm2-4h2v-2H2v2Zm6 4v-8h4c.55 0 1.02.196 1.412.588.392.391.588.862.588 1.412v4c0 .55-.196 1.021-.588 1.413A1.926 1.926 0 0 1 12 9.873H8Zm2-2h2v-4h-2v4Zm6.85.8-1.4-1.425c.183-.183.32-.391.413-.625.091-.233.137-.483.137-.75 0-.283-.046-.537-.137-.762a1.85 1.85 0 0 0-.413-.613l1.4-1.45c.367.367.65.792.85 1.275.2.484.3 1 .3 1.55s-.1 1.063-.3 1.538c-.2.475-.483.896-.85 1.262Zm2.825 2.825-1.45-1.375c.55-.55.983-1.187 1.3-1.912A5.775 5.775 0 0 0 20 5.873c0-.85-.158-1.633-.475-2.35a6.217 6.217 0 0 0-1.3-1.9l1.45-1.4a7.94 7.94 0 0 1 1.712 2.55c.409.967.613 2 .613 3.1s-.204 2.13-.613 3.088a7.977 7.977 0 0 1-1.712 2.537Z\" fill=\"#000\"\/><\/svg>            <span>Transcripci\u00f3<\/span>\n          <\/button>\n                      <\/div>\n      <\/div>\n\n      <div id=\"transcription-a2ab66ed5214b11cc02b34bf3c9b1de2\"\n  class=\"fixed inset-0 z-50 hidden w-screen h-screen opacity-0 pointer-events-none modal transcription\"\n  tabindex=\"-1\" role=\"dialog\">\n  <div class=\"absolute w-full h-full bg-black opacity-75 modal-overlay\"><\/div>\n  <div\n    class=\"absolute z-30 w-11\/12 mx-auto overflow-y-auto text-black bg-white shadow-lg modal-container center-xy md:max-w-4xl\"\n    role=\"document\">\n    <div class=\"flex items-center justify-between px-4 py-4 text-gray-700 border-b md:px-8\">\n      <h2 class=\"!mb-0 font-bold\">Transcripci\u00f3<\/h2>\n      <div class=\"z-50 flex flex-col items-center ml-auto cursor-pointer rtl:ml-0 rtl:mr-auto modal-close\">\n        <svg class=\"w-auto h-6\" width=\"18\" height=\"23\" xmlns=\"http:\/\/www.w3.org\/2000\/svg\">\n  <g stroke=\"currentColor\" fill=\"none\" fill-rule=\"evenodd\" stroke-linecap=\"square\">\n    <path d=\"M.7248.974l16.1076 20.6167M16.655 1.2654L.9097 22.1601\" \/>\n  <\/g>\n<\/svg>        <div class=\"hidden\">Close<\/div>\n      <\/div>\n    <\/div>\n    <div class=\"px-4 py-8 overflow-y-auto max-h-modal md:px-8 modal-content\">\n      <div class=\"mb-8 flex flex-col gap-1.5\">\n                      <h3 class=\"text-xl font-bold\">La Vall de Bo\u00ed i les seves esgl\u00e9sies<\/h3>\n                            <\/div>\n            <p>Et donem la benvinguda a la Vall de Bo\u00ed i t\u2019animem a con\u00e8ixer-ne l\u2019excepcional conjunt d\u2019esgl\u00e9sies, considerades una de les m\u00e0ximes expressions de l\u2019art rom\u00e0nic catal\u00e0 i inscrites a la llista de Patrimoni Mundial per la UNESCO l\u2019any 2000.<br \/>\nEl Conjunt Rom\u00e0nic de la Vall de Bo\u00ed l\u2019integren nou esgl\u00e9sies: Sant Climent i Santa Maria de Ta\u00fcll, Sant Joan de Bo\u00ed, Santa Eul\u00e0lia d\u2019Erill la Vall, Sant Feliu de Barruera, la Nativitat i Sant Quirc de Durro, Santa Maria de Cardet i l\u2019Assumpci\u00f3 de C\u00f3ll.<br \/>\nPer\u00f2, qu\u00e8 tenen en com\u00fa aquest conjunt d\u2019esgl\u00e9sies? Qu\u00e8 les fa tan singulars? Quina \u00e9s la seva hist\u00f2ria?<br \/>\nTotes van ser constru\u00efdes entre els segles XI i XII, en un moment de poder i de bonan\u00e7a econ\u00f2mica de la noblesa local, i comparteixen un estil arquitect\u00f2nic, el rom\u00e0nic, molt est\u00e8s per tot Europa.<br \/>\nAvui, una bona part de les pintures, talles i mobiliari es conserven a diversos museus catalans, sobretot al Museu Nacional d\u2019Art de Catalunya. Tot i aix\u00f2, algunes de les esgl\u00e9sies compten amb importants fragments de pintura mural i escultures originals, a m\u00e9s de reproduccions de les que es conserven als museus.<br \/>\nAmb la guia que tens a les mans, descobrir\u00e0s els valors excepcionals d\u2019aquest conjunt rom\u00e0nic i podr\u00e0s con\u00e8ixer cada una de les nou esgl\u00e9sies, amb els seus secrets i curiositats.<br \/>\nUna advert\u00e8ncia final! Aquestes muntanyes s\u00f3n misterioses i, a les valls, les paraules de les persones que les han habitat sovint es queden atrapades i ressonen al llarg del temps com un eco imperceptible. Aquesta guia disposa d\u2019un sensor que s\u2019activa cada cop que en capta alguna. No t\u2019espantis i continua escoltant.<\/p>\n    <\/div>\n  <\/div>\n<\/div>\n    <\/section>\n\n\n<div class=\"flex flex-col gap-6 element video-block\">\n  <div class=\"flex flex-col gap-3\">\n      <\/div>\n            <div class=\"relative w-full h-auto bg-black cursor-pointer text-accent lightgallery-video aspect-video\"\n        data-lg-size=\"1280-720\" data-src=\"https:\/\/www.youtube.com\/watch?v=EWOd7BCyO9k\">\n                  <div class=\"absolute inset-0\" style=\"background-color: rgba(0,0,0,0.2)\"><\/div>\n          <svg class=\"absolute top-1\/2 left-1\/2 transform -translate-x-1\/2 -translate-y-1\/2 w-20 h-20 pointer-events-none\" fill=\"none\" xmlns=\"http:\/\/www.w3.org\/2000\/svg\" viewBox=\"0 0 80 81\">\n  <path\n    d=\"m30 58.873 28-18-28-18v36Zm10 22c-5.533 0-10.733-1.05-15.6-3.15-4.867-2.1-9.1-4.95-12.7-8.55-3.6-3.6-6.45-7.833-8.55-12.7C1.05 51.606 0 46.406 0 40.873c0-5.533 1.05-10.733 3.15-15.6 2.1-4.867 4.95-9.1 8.55-12.7 3.6-3.6 7.833-6.45 12.7-8.55 4.867-2.1 10.067-3.15 15.6-3.15 5.533 0 10.733 1.05 15.6 3.15 4.867 2.1 9.1 4.95 12.7 8.55 3.6 3.6 6.45 7.833 8.55 12.7C78.95 30.14 80 35.34 80 40.873c0 5.533-1.05 10.733-3.15 15.6-2.1 4.867-4.95 9.1-8.55 12.7-3.6 3.6-7.833 6.45-12.7 8.55-4.867 2.1-10.067 3.15-15.6 3.15Z\"\n    fill=\"currentColor\" \/>\n<\/svg>          <img decoding=\"async\" class=\"object-cover object-center w-full h-auto aspect-video\" src=\"https:\/\/i.ytimg.com\/vi\/EWOd7BCyO9k\/sddefault.jpg\" \/>\n              <\/div>\n      <\/div>\n\n\n<div class=\"flex flex-col gap-3 element text-block\">\n  <div class=\"flex items-center gap-6\">\n              <h2 class=\"text-2xl font-bold\">4b Entrada<\/h2>\n      <\/div>\n    <\/div>\n\n\n<div class=\"flex flex-col gap-6 element image-block\">\n  <div class=\"flex flex-col gap-3\">\n      <\/div>\n      <figure>\n      <img loading=\"lazy\" decoding=\"async\" width=\"1600\" height=\"979\" src=\"https:\/\/guiesullsdelahistoria.cat\/app\/uploads\/2024\/11\/Sant_Feliu_Barruera_cementiri_i_porxo.jpg\" class=\"w-full h-auto\" alt=\"Porxada de l\u2019esgl\u00e9sia de Sant Feliu de Barruera, amb el cementiri al davant i la imatge de la torre del campanar escap\u00e7ada al darrere.\" srcset=\"https:\/\/guiesullsdelahistoria.cat\/app\/uploads\/2024\/11\/Sant_Feliu_Barruera_cementiri_i_porxo.jpg 1600w, https:\/\/guiesullsdelahistoria.cat\/app\/uploads\/2024\/11\/Sant_Feliu_Barruera_cementiri_i_porxo-300x184.jpg 300w, https:\/\/guiesullsdelahistoria.cat\/app\/uploads\/2024\/11\/Sant_Feliu_Barruera_cementiri_i_porxo-1024x627.jpg 1024w, https:\/\/guiesullsdelahistoria.cat\/app\/uploads\/2024\/11\/Sant_Feliu_Barruera_cementiri_i_porxo-768x470.jpg 768w, https:\/\/guiesullsdelahistoria.cat\/app\/uploads\/2024\/11\/Sant_Feliu_Barruera_cementiri_i_porxo-1536x940.jpg 1536w\" sizes=\"auto, (max-width: 1600px) 100vw, 1600px\" \/>\n              <figcaption class=\"pt-2 text-gray-800\">Porxo de Sant Feliu de Barruera.<\/figcaption>\n          <\/figure>\n  <\/div>\n\n\n<section class=\"element audio-block\">\n  <div class=\"flex flex-col w-full gap-6\">\n    <div class=\"flex flex-col gap-3\">\n      <div class=\"flex gap-6\">\n                          <h2 class=\"text-2xl font-bold\">Esgl\u00e9sies fora dels pobles<\/h2>\n              <\/div>\n          <\/div>\n    <div class=\"flex items-center justify-end gap-3\">\n              <div class=\"flex-1 audio-content\" dir=\"ltr\">\n          <audio id=\"audio-6cd2b6a6c2deb78a7aa2478855113b0a\" data-label=\"Esgl\u00e9sies fora dels pobles\"\n            data-category=\"SANT-FELIU-DE-BARRUERA-CAT-GENERAL-PLAY-1.mp3\" class=\"hidden\" controls\n            src=\"https:\/\/guiesullsdelahistoria.cat\/app\/uploads\/2024\/11\/SANT-FELIU-DE-BARRUERA-CAT-GENERAL-PLAY-1.mp3\"><\/audio>\n          <div class=\"flex items-center w-full gap-3 transition-opacity opacity-0 meta\">\n            <progress class=\"flex-1 border-0 appearance-none\" value=\"0\" max=\"1\"><\/progress>\n            <div class=\"text-sm text-center shrink-0 current-time w-9\"><\/div>\n                      <\/div>\n        <\/div>\n            <div class=\"flex flex-col items-center gap-2 shrink-1 audio-control\">\n        <button\n  class=\"flex items-center justify-center w-32 max-w-32 h-32 max-h-32 transition-[max-height,_max-width] bg-black rounded-full btn text-accent\"\n  data-target=\"#audio-6cd2b6a6c2deb78a7aa2478855113b0a\">\n  <svg width=\"100%\" height=\"100%\" viewBox=\"0 0 36 36\" version=\"1.1\" xmlns=\"http:\/\/www.w3.org\/2000\/svg\" xmlns:xlink=\"http:\/\/www.w3.org\/1999\/xlink\">\n  <path id=\"ytp-12\" d=\"M11,10 L18,13.74 18,22.28 11,26 M18,13.74 L26,18 26,18 18,22.28\" fill=\"currentColor\">\n    <animate id=\"animation\" begin=\"indefinite\" attributeType=\"XML\" attributeName=\"d\" fill=\"freeze\" from=\"M11,10 L17,10 17,26 11,26 M20,10 L26,10 26,26 20,26\" to=\"M11,10 L18,13.74 18,22.28 11,26 M18,13.74 L26,18 26,18 18,22.28\" dur=\"0.1s\" keySplines=\".4 0 1 1\" repeatCount=\"1\" data-play=\"M11,10 L18,13.74 18,22.28 11,26 M18,13.74 L26,18 26,18 18,22.28\" data-pause=\"M11,10 L17,10 17,26 11,26 M20,10 L26,10 26,26 20,26\"><\/animate>\n  <\/path>\n<\/svg>\n<\/button>\n        <p class=\"text-base text-center\">Escolta<\/p>\n      <\/div>\n    <\/div>\n\n    \n          <div class=\"flex flex-wrap justify-between gap-6 md:justify-start\">\n                  <button data-target=\"#transcription-6cd2b6a6c2deb78a7aa2478855113b0a\" data-toggle=\"modal\" class=\"flex items-center gap-2\">\n            <svg class=\"w-6 h-6\" fill=\"none\" xmlns=\"http:\/\/www.w3.org\/2000\/svg\" viewBox=\"0 0 22 12\"><path d=\"M0 9.873v-6c0-.55.196-1.02.588-1.412A1.926 1.926 0 0 1 2 1.873h2c.55 0 1.02.196 1.412.588.392.391.588.862.588 1.412v6H4v-2H2v2H0Zm2-4h2v-2H2v2Zm6 4v-8h4c.55 0 1.02.196 1.412.588.392.391.588.862.588 1.412v4c0 .55-.196 1.021-.588 1.413A1.926 1.926 0 0 1 12 9.873H8Zm2-2h2v-4h-2v4Zm6.85.8-1.4-1.425c.183-.183.32-.391.413-.625.091-.233.137-.483.137-.75 0-.283-.046-.537-.137-.762a1.85 1.85 0 0 0-.413-.613l1.4-1.45c.367.367.65.792.85 1.275.2.484.3 1 .3 1.55s-.1 1.063-.3 1.538c-.2.475-.483.896-.85 1.262Zm2.825 2.825-1.45-1.375c.55-.55.983-1.187 1.3-1.912A5.775 5.775 0 0 0 20 5.873c0-.85-.158-1.633-.475-2.35a6.217 6.217 0 0 0-1.3-1.9l1.45-1.4a7.94 7.94 0 0 1 1.712 2.55c.409.967.613 2 .613 3.1s-.204 2.13-.613 3.088a7.977 7.977 0 0 1-1.712 2.537Z\" fill=\"#000\"\/><\/svg>            <span>Transcripci\u00f3<\/span>\n          <\/button>\n                      <\/div>\n      <\/div>\n\n      <div id=\"transcription-6cd2b6a6c2deb78a7aa2478855113b0a\"\n  class=\"fixed inset-0 z-50 hidden w-screen h-screen opacity-0 pointer-events-none modal transcription\"\n  tabindex=\"-1\" role=\"dialog\">\n  <div class=\"absolute w-full h-full bg-black opacity-75 modal-overlay\"><\/div>\n  <div\n    class=\"absolute z-30 w-11\/12 mx-auto overflow-y-auto text-black bg-white shadow-lg modal-container center-xy md:max-w-4xl\"\n    role=\"document\">\n    <div class=\"flex items-center justify-between px-4 py-4 text-gray-700 border-b md:px-8\">\n      <h2 class=\"!mb-0 font-bold\">Transcripci\u00f3<\/h2>\n      <div class=\"z-50 flex flex-col items-center ml-auto cursor-pointer rtl:ml-0 rtl:mr-auto modal-close\">\n        <svg class=\"w-auto h-6\" width=\"18\" height=\"23\" xmlns=\"http:\/\/www.w3.org\/2000\/svg\">\n  <g stroke=\"currentColor\" fill=\"none\" fill-rule=\"evenodd\" stroke-linecap=\"square\">\n    <path d=\"M.7248.974l16.1076 20.6167M16.655 1.2654L.9097 22.1601\" \/>\n  <\/g>\n<\/svg>        <div class=\"hidden\">Close<\/div>\n      <\/div>\n    <\/div>\n    <div class=\"px-4 py-8 overflow-y-auto max-h-modal md:px-8 modal-content\">\n      <div class=\"mb-8 flex flex-col gap-1.5\">\n                      <h3 class=\"text-xl font-bold\">Esgl\u00e9sies fora dels pobles<\/h3>\n                            <\/div>\n            <p>Si has arribat fins a l\u2019esgl\u00e9sia des del poble, has hagut de travessar inevitablement la carretera. Aix\u00f2 et proporciona una dada important sobre l\u2019origen de l\u2019esgl\u00e9sia; aquesta, com les altres del conjunt rom\u00e0nic \u2014a excepci\u00f3 de la de Santa Maria de Ta\u00fcll\u2014, es va construir fora del nucli urb\u00e0.<\/p>\n<p>A la teva esquerra pots veure el cementiri parroquial, element com\u00fa a les esgl\u00e9sies de la Vall i que, com en la resta, encara \u00e9s actiu.<\/p>\n<p><em>So d\u2019interfer\u00e8ncies.<\/em><br \/>\n<strong>Joan, un home gran<\/strong>: Bon dia, Maria. Que em podries deixar les tisores de podar?<br \/>\n<strong>Maria, una dona gran<\/strong>: Oh, i tant!<br \/>\n<strong>Joan:<\/strong> \u00c9s per tallar les males herbes; creixen pertot i aviat no es veur\u00e0 ni la creu.<br \/>\n<strong>Maria:<\/strong> Ja ho pots ben dir. Jo vinc cada setmana a netejar la l\u00e0pida del meu home. Amb la pluja queda ben empastifada. I, de passada, li canvio les flors.<br \/>\n<strong>Joan:<\/strong> Jo tinc feina. A part de les creus i les l\u00e0pides de la meva fam\u00edlia, repasso les de la fam\u00edlia del Manel, que ell, pobre, ja no pot venir. M\u2019hi passo el dia.<br \/>\n<strong>Maria:<\/strong> Mira, aix\u00ed ens veiem, encara que sigui al cementiri.<br \/>\n<em>So d\u2019interfer\u00e8ncies.<br \/>\n<\/em><br \/>\nEncara als voltants de l\u2019esgl\u00e9sia, val la pena acostar-se al riu per veure \u201cla palanca\u201d, un pont que unia els pobles de la Vall, avui en dia totalment reconstru\u00eft. Pots anar-hi al final de la visita.<br \/>\nAra, ves a la part del darrere de l\u2019esgl\u00e9sia. Hi podr\u00e0s arribar seguint el cam\u00ed que baixa per la teva dreta.<\/p>\n    <\/div>\n  <\/div>\n<\/div>\n    <\/section>\n\n\n<div class=\"flex flex-col gap-6 element video-block\">\n  <div class=\"flex flex-col gap-3\">\n      <\/div>\n            <div class=\"relative w-full h-auto bg-black cursor-pointer text-accent lightgallery-video aspect-video\"\n        data-lg-size=\"1280-720\" data-src=\"https:\/\/www.youtube.com\/watch?v=_l0ybt435hU\">\n                  <div class=\"absolute inset-0\" style=\"background-color: rgba(0,0,0,0.2)\"><\/div>\n          <svg class=\"absolute top-1\/2 left-1\/2 transform -translate-x-1\/2 -translate-y-1\/2 w-20 h-20 pointer-events-none\" fill=\"none\" xmlns=\"http:\/\/www.w3.org\/2000\/svg\" viewBox=\"0 0 80 81\">\n  <path\n    d=\"m30 58.873 28-18-28-18v36Zm10 22c-5.533 0-10.733-1.05-15.6-3.15-4.867-2.1-9.1-4.95-12.7-8.55-3.6-3.6-6.45-7.833-8.55-12.7C1.05 51.606 0 46.406 0 40.873c0-5.533 1.05-10.733 3.15-15.6 2.1-4.867 4.95-9.1 8.55-12.7 3.6-3.6 7.833-6.45 12.7-8.55 4.867-2.1 10.067-3.15 15.6-3.15 5.533 0 10.733 1.05 15.6 3.15 4.867 2.1 9.1 4.95 12.7 8.55 3.6 3.6 6.45 7.833 8.55 12.7C78.95 30.14 80 35.34 80 40.873c0 5.533-1.05 10.733-3.15 15.6-2.1 4.867-4.95 9.1-8.55 12.7-3.6 3.6-7.833 6.45-12.7 8.55-4.867 2.1-10.067 3.15-15.6 3.15Z\"\n    fill=\"currentColor\" \/>\n<\/svg>          <img decoding=\"async\" class=\"object-cover object-center w-full h-auto aspect-video\" src=\"https:\/\/i.ytimg.com\/vi\/_l0ybt435hU\/sddefault.jpg\" \/>\n              <\/div>\n      <\/div>\n\n\n<div class=\"flex flex-col gap-3 element text-block\">\n  <div class=\"flex items-center gap-6\">\n              <h2 class=\"text-2xl font-bold\">4c Absis<\/h2>\n      <\/div>\n    <\/div>\n\n\n<div class=\"flex flex-col gap-6 element image-block\">\n  <div class=\"flex flex-col gap-3\">\n      <\/div>\n      <figure>\n      <img loading=\"lazy\" decoding=\"async\" width=\"1452\" height=\"933\" src=\"https:\/\/guiesullsdelahistoria.cat\/app\/uploads\/2024\/11\/Sant_Feliu_Barruera_absis_i_volums.jpg\" class=\"w-full h-auto\" alt=\"Vista exterior de l\u2019esgl\u00e9sia de Sant Feliu de Barruera des del darrere, amb els dos absis en primer terme i els volums de les altres parts de l\u2019edifici sobresortint pel darrere de manera esglaonada.\" srcset=\"https:\/\/guiesullsdelahistoria.cat\/app\/uploads\/2024\/11\/Sant_Feliu_Barruera_absis_i_volums.jpg 1452w, https:\/\/guiesullsdelahistoria.cat\/app\/uploads\/2024\/11\/Sant_Feliu_Barruera_absis_i_volums-300x193.jpg 300w, https:\/\/guiesullsdelahistoria.cat\/app\/uploads\/2024\/11\/Sant_Feliu_Barruera_absis_i_volums-1024x658.jpg 1024w, https:\/\/guiesullsdelahistoria.cat\/app\/uploads\/2024\/11\/Sant_Feliu_Barruera_absis_i_volums-768x493.jpg 768w\" sizes=\"auto, (max-width: 1452px) 100vw, 1452px\" \/>\n              <figcaption class=\"pt-2 text-gray-800\">Vista de Sant Feliu de Barruera des del darrere.<\/figcaption>\n          <\/figure>\n  <\/div>\n\n\n<section class=\"element audio-block\">\n  <div class=\"flex flex-col w-full gap-6\">\n    <div class=\"flex flex-col gap-3\">\n      <div class=\"flex gap-6\">\n                          <h2 class=\"text-2xl font-bold\">Uns absis de diverses \u00e8poques<\/h2>\n              <\/div>\n          <\/div>\n    <div class=\"flex items-center justify-end gap-3\">\n              <div class=\"flex-1 audio-content\" dir=\"ltr\">\n          <audio id=\"audio-1129defd98fd191dbb889fb9973aa3b7\" data-label=\"Uns absis de diverses \u00e8poques\"\n            data-category=\"SANT-FELIU-DE-BARRUERA-CAT-GENERAL-PLAY-2.mp3\" class=\"hidden\" controls\n            src=\"https:\/\/guiesullsdelahistoria.cat\/app\/uploads\/2024\/11\/SANT-FELIU-DE-BARRUERA-CAT-GENERAL-PLAY-2.mp3\"><\/audio>\n          <div class=\"flex items-center w-full gap-3 transition-opacity opacity-0 meta\">\n            <progress class=\"flex-1 border-0 appearance-none\" value=\"0\" max=\"1\"><\/progress>\n            <div class=\"text-sm text-center shrink-0 current-time w-9\"><\/div>\n                      <\/div>\n        <\/div>\n            <div class=\"flex flex-col items-center gap-2 shrink-1 audio-control\">\n        <button\n  class=\"flex items-center justify-center w-32 max-w-32 h-32 max-h-32 transition-[max-height,_max-width] bg-black rounded-full btn text-accent\"\n  data-target=\"#audio-1129defd98fd191dbb889fb9973aa3b7\">\n  <svg width=\"100%\" height=\"100%\" viewBox=\"0 0 36 36\" version=\"1.1\" xmlns=\"http:\/\/www.w3.org\/2000\/svg\" xmlns:xlink=\"http:\/\/www.w3.org\/1999\/xlink\">\n  <path id=\"ytp-12\" d=\"M11,10 L18,13.74 18,22.28 11,26 M18,13.74 L26,18 26,18 18,22.28\" fill=\"currentColor\">\n    <animate id=\"animation\" begin=\"indefinite\" attributeType=\"XML\" attributeName=\"d\" fill=\"freeze\" from=\"M11,10 L17,10 17,26 11,26 M20,10 L26,10 26,26 20,26\" to=\"M11,10 L18,13.74 18,22.28 11,26 M18,13.74 L26,18 26,18 18,22.28\" dur=\"0.1s\" keySplines=\".4 0 1 1\" repeatCount=\"1\" data-play=\"M11,10 L18,13.74 18,22.28 11,26 M18,13.74 L26,18 26,18 18,22.28\" data-pause=\"M11,10 L17,10 17,26 11,26 M20,10 L26,10 26,26 20,26\"><\/animate>\n  <\/path>\n<\/svg>\n<\/button>\n        <p class=\"text-base text-center\">Escolta<\/p>\n      <\/div>\n    <\/div>\n\n    \n          <div class=\"flex flex-wrap justify-between gap-6 md:justify-start\">\n                  <button data-target=\"#transcription-1129defd98fd191dbb889fb9973aa3b7\" data-toggle=\"modal\" class=\"flex items-center gap-2\">\n            <svg class=\"w-6 h-6\" fill=\"none\" xmlns=\"http:\/\/www.w3.org\/2000\/svg\" viewBox=\"0 0 22 12\"><path d=\"M0 9.873v-6c0-.55.196-1.02.588-1.412A1.926 1.926 0 0 1 2 1.873h2c.55 0 1.02.196 1.412.588.392.391.588.862.588 1.412v6H4v-2H2v2H0Zm2-4h2v-2H2v2Zm6 4v-8h4c.55 0 1.02.196 1.412.588.392.391.588.862.588 1.412v4c0 .55-.196 1.021-.588 1.413A1.926 1.926 0 0 1 12 9.873H8Zm2-2h2v-4h-2v4Zm6.85.8-1.4-1.425c.183-.183.32-.391.413-.625.091-.233.137-.483.137-.75 0-.283-.046-.537-.137-.762a1.85 1.85 0 0 0-.413-.613l1.4-1.45c.367.367.65.792.85 1.275.2.484.3 1 .3 1.55s-.1 1.063-.3 1.538c-.2.475-.483.896-.85 1.262Zm2.825 2.825-1.45-1.375c.55-.55.983-1.187 1.3-1.912A5.775 5.775 0 0 0 20 5.873c0-.85-.158-1.633-.475-2.35a6.217 6.217 0 0 0-1.3-1.9l1.45-1.4a7.94 7.94 0 0 1 1.712 2.55c.409.967.613 2 .613 3.1s-.204 2.13-.613 3.088a7.977 7.977 0 0 1-1.712 2.537Z\" fill=\"#000\"\/><\/svg>            <span>Transcripci\u00f3<\/span>\n          <\/button>\n                      <\/div>\n      <\/div>\n\n      <div id=\"transcription-1129defd98fd191dbb889fb9973aa3b7\"\n  class=\"fixed inset-0 z-50 hidden w-screen h-screen opacity-0 pointer-events-none modal transcription\"\n  tabindex=\"-1\" role=\"dialog\">\n  <div class=\"absolute w-full h-full bg-black opacity-75 modal-overlay\"><\/div>\n  <div\n    class=\"absolute z-30 w-11\/12 mx-auto overflow-y-auto text-black bg-white shadow-lg modal-container center-xy md:max-w-4xl\"\n    role=\"document\">\n    <div class=\"flex items-center justify-between px-4 py-4 text-gray-700 border-b md:px-8\">\n      <h2 class=\"!mb-0 font-bold\">Transcripci\u00f3<\/h2>\n      <div class=\"z-50 flex flex-col items-center ml-auto cursor-pointer rtl:ml-0 rtl:mr-auto modal-close\">\n        <svg class=\"w-auto h-6\" width=\"18\" height=\"23\" xmlns=\"http:\/\/www.w3.org\/2000\/svg\">\n  <g stroke=\"currentColor\" fill=\"none\" fill-rule=\"evenodd\" stroke-linecap=\"square\">\n    <path d=\"M.7248.974l16.1076 20.6167M16.655 1.2654L.9097 22.1601\" \/>\n  <\/g>\n<\/svg>        <div class=\"hidden\">Close<\/div>\n      <\/div>\n    <\/div>\n    <div class=\"px-4 py-8 overflow-y-auto max-h-modal md:px-8 modal-content\">\n      <div class=\"mb-8 flex flex-col gap-1.5\">\n                      <h3 class=\"text-xl font-bold\">Uns absis de diverses \u00e8poques<\/h3>\n                            <\/div>\n            <p>L\u2019esgl\u00e9sia de Sant Feliu ha tingut nombroses transformacions al llarg dels segles. Fixa\u2019t en la curiosa perspectiva que generen els seus volums.<\/p>\n<p>En destaquen els absis, on pots veure elements arquitect\u00f2nics dels diferents moments constructius. L\u2019absis m\u00e9s gran \u00e9s el del segle xi. Es pot veure clarament que est\u00e0 constru\u00eft amb pedres irregulars i decorat amb arquets cecs i bandes o lesenes del primer rom\u00e0nic. El m\u00e9s petit \u00e9s del segle xii, est\u00e0 fet amb pedres regulars i pr\u00e0cticament no t\u00e9 decoraci\u00f3.<\/p>\n<p>Als absis de Sant Feliu tamb\u00e9 hi pots veure diversos models de finestres rom\u00e0niques.<br \/>\nPer continuar la visita, entra a l\u2019esgl\u00e9sia i situa\u2019t davant dels bancs.<\/p>\n    <\/div>\n  <\/div>\n<\/div>\n    <\/section>\n\n\n<div class=\"flex flex-col gap-6 element video-block\">\n  <div class=\"flex flex-col gap-3\">\n      <\/div>\n            <div class=\"relative w-full h-auto bg-black cursor-pointer text-accent lightgallery-video aspect-video\"\n        data-lg-size=\"1280-720\" data-src=\"https:\/\/www.youtube.com\/watch?v=sFEY9_Qjt14\">\n                  <div class=\"absolute inset-0\" style=\"background-color: rgba(0,0,0,0.2)\"><\/div>\n          <svg class=\"absolute top-1\/2 left-1\/2 transform -translate-x-1\/2 -translate-y-1\/2 w-20 h-20 pointer-events-none\" fill=\"none\" xmlns=\"http:\/\/www.w3.org\/2000\/svg\" viewBox=\"0 0 80 81\">\n  <path\n    d=\"m30 58.873 28-18-28-18v36Zm10 22c-5.533 0-10.733-1.05-15.6-3.15-4.867-2.1-9.1-4.95-12.7-8.55-3.6-3.6-6.45-7.833-8.55-12.7C1.05 51.606 0 46.406 0 40.873c0-5.533 1.05-10.733 3.15-15.6 2.1-4.867 4.95-9.1 8.55-12.7 3.6-3.6 7.833-6.45 12.7-8.55 4.867-2.1 10.067-3.15 15.6-3.15 5.533 0 10.733 1.05 15.6 3.15 4.867 2.1 9.1 4.95 12.7 8.55 3.6 3.6 6.45 7.833 8.55 12.7C78.95 30.14 80 35.34 80 40.873c0 5.533-1.05 10.733-3.15 15.6-2.1 4.867-4.95 9.1-8.55 12.7-3.6 3.6-7.833 6.45-12.7 8.55-4.867 2.1-10.067 3.15-15.6 3.15Z\"\n    fill=\"currentColor\" \/>\n<\/svg>          <img decoding=\"async\" class=\"object-cover object-center w-full h-auto aspect-video\" src=\"https:\/\/i.ytimg.com\/vi\/sFEY9_Qjt14\/sddefault.jpg\" \/>\n              <\/div>\n      <\/div>\n\n\n<div class=\"flex flex-col gap-3 element text-block\">\n  <div class=\"flex items-center gap-6\">\n              <h2 class=\"text-2xl font-bold\">4d Interior davant l&#8217;altar<\/h2>\n      <\/div>\n    <\/div>\n\n\n<div class=\"flex flex-col gap-6 element image-block\">\n  <div class=\"flex flex-col gap-3\">\n      <\/div>\n      <figure>\n      <img loading=\"lazy\" decoding=\"async\" width=\"1445\" height=\"962\" src=\"https:\/\/guiesullsdelahistoria.cat\/app\/uploads\/2024\/11\/Sant_Feliu_Barruera_interior_absis_DSC0051.jpg\" class=\"w-full h-auto\" alt=\"Vista interior de l\u2019absis central de l\u2019esgl\u00e9sia de Sant Feliu de Barruera cobert per la volta de quart d\u2019esfera.\" srcset=\"https:\/\/guiesullsdelahistoria.cat\/app\/uploads\/2024\/11\/Sant_Feliu_Barruera_interior_absis_DSC0051.jpg 1445w, https:\/\/guiesullsdelahistoria.cat\/app\/uploads\/2024\/11\/Sant_Feliu_Barruera_interior_absis_DSC0051-300x200.jpg 300w, https:\/\/guiesullsdelahistoria.cat\/app\/uploads\/2024\/11\/Sant_Feliu_Barruera_interior_absis_DSC0051-1024x682.jpg 1024w, https:\/\/guiesullsdelahistoria.cat\/app\/uploads\/2024\/11\/Sant_Feliu_Barruera_interior_absis_DSC0051-768x511.jpg 768w\" sizes=\"auto, (max-width: 1445px) 100vw, 1445px\" \/>\n              <figcaption class=\"pt-2 text-gray-800\">Vista interior de Sant Feliu de Barruera.<\/figcaption>\n          <\/figure>\n  <\/div>\n\n\n<section class=\"element audio-block\">\n  <div class=\"flex flex-col w-full gap-6\">\n    <div class=\"flex flex-col gap-3\">\n      <div class=\"flex gap-6\">\n                          <h2 class=\"text-2xl font-bold\">Els materials de construcci\u00f3 de l\u2019absis i la decoraci\u00f3<\/h2>\n              <\/div>\n          <\/div>\n    <div class=\"flex items-center justify-end gap-3\">\n              <div class=\"flex-1 audio-content\" dir=\"ltr\">\n          <audio id=\"audio-84779189282e76f772134e435908a09c\" data-label=\"Els materials de construcci\u00f3 de l\u2019absis i la decoraci\u00f3\"\n            data-category=\"SANT-FELIU-DE-BARRUERA-CAT-GENERAL-PLAY-3.mp3\" class=\"hidden\" controls\n            src=\"https:\/\/guiesullsdelahistoria.cat\/app\/uploads\/2024\/11\/SANT-FELIU-DE-BARRUERA-CAT-GENERAL-PLAY-3.mp3\"><\/audio>\n          <div class=\"flex items-center w-full gap-3 transition-opacity opacity-0 meta\">\n            <progress class=\"flex-1 border-0 appearance-none\" value=\"0\" max=\"1\"><\/progress>\n            <div class=\"text-sm text-center shrink-0 current-time w-9\"><\/div>\n                      <\/div>\n        <\/div>\n            <div class=\"flex flex-col items-center gap-2 shrink-1 audio-control\">\n        <button\n  class=\"flex items-center justify-center w-32 max-w-32 h-32 max-h-32 transition-[max-height,_max-width] bg-black rounded-full btn text-accent\"\n  data-target=\"#audio-84779189282e76f772134e435908a09c\">\n  <svg width=\"100%\" height=\"100%\" viewBox=\"0 0 36 36\" version=\"1.1\" xmlns=\"http:\/\/www.w3.org\/2000\/svg\" xmlns:xlink=\"http:\/\/www.w3.org\/1999\/xlink\">\n  <path id=\"ytp-12\" d=\"M11,10 L18,13.74 18,22.28 11,26 M18,13.74 L26,18 26,18 18,22.28\" fill=\"currentColor\">\n    <animate id=\"animation\" begin=\"indefinite\" attributeType=\"XML\" attributeName=\"d\" fill=\"freeze\" from=\"M11,10 L17,10 17,26 11,26 M20,10 L26,10 26,26 20,26\" to=\"M11,10 L18,13.74 18,22.28 11,26 M18,13.74 L26,18 26,18 18,22.28\" dur=\"0.1s\" keySplines=\".4 0 1 1\" repeatCount=\"1\" data-play=\"M11,10 L18,13.74 18,22.28 11,26 M18,13.74 L26,18 26,18 18,22.28\" data-pause=\"M11,10 L17,10 17,26 11,26 M20,10 L26,10 26,26 20,26\"><\/animate>\n  <\/path>\n<\/svg>\n<\/button>\n        <p class=\"text-base text-center\">Escolta<\/p>\n      <\/div>\n    <\/div>\n\n    \n          <div class=\"flex flex-wrap justify-between gap-6 md:justify-start\">\n                  <button data-target=\"#transcription-84779189282e76f772134e435908a09c\" data-toggle=\"modal\" class=\"flex items-center gap-2\">\n            <svg class=\"w-6 h-6\" fill=\"none\" xmlns=\"http:\/\/www.w3.org\/2000\/svg\" viewBox=\"0 0 22 12\"><path d=\"M0 9.873v-6c0-.55.196-1.02.588-1.412A1.926 1.926 0 0 1 2 1.873h2c.55 0 1.02.196 1.412.588.392.391.588.862.588 1.412v6H4v-2H2v2H0Zm2-4h2v-2H2v2Zm6 4v-8h4c.55 0 1.02.196 1.412.588.392.391.588.862.588 1.412v4c0 .55-.196 1.021-.588 1.413A1.926 1.926 0 0 1 12 9.873H8Zm2-2h2v-4h-2v4Zm6.85.8-1.4-1.425c.183-.183.32-.391.413-.625.091-.233.137-.483.137-.75 0-.283-.046-.537-.137-.762a1.85 1.85 0 0 0-.413-.613l1.4-1.45c.367.367.65.792.85 1.275.2.484.3 1 .3 1.55s-.1 1.063-.3 1.538c-.2.475-.483.896-.85 1.262Zm2.825 2.825-1.45-1.375c.55-.55.983-1.187 1.3-1.912A5.775 5.775 0 0 0 20 5.873c0-.85-.158-1.633-.475-2.35a6.217 6.217 0 0 0-1.3-1.9l1.45-1.4a7.94 7.94 0 0 1 1.712 2.55c.409.967.613 2 .613 3.1s-.204 2.13-.613 3.088a7.977 7.977 0 0 1-1.712 2.537Z\" fill=\"#000\"\/><\/svg>            <span>Transcripci\u00f3<\/span>\n          <\/button>\n                      <\/div>\n      <\/div>\n\n      <div id=\"transcription-84779189282e76f772134e435908a09c\"\n  class=\"fixed inset-0 z-50 hidden w-screen h-screen opacity-0 pointer-events-none modal transcription\"\n  tabindex=\"-1\" role=\"dialog\">\n  <div class=\"absolute w-full h-full bg-black opacity-75 modal-overlay\"><\/div>\n  <div\n    class=\"absolute z-30 w-11\/12 mx-auto overflow-y-auto text-black bg-white shadow-lg modal-container center-xy md:max-w-4xl\"\n    role=\"document\">\n    <div class=\"flex items-center justify-between px-4 py-4 text-gray-700 border-b md:px-8\">\n      <h2 class=\"!mb-0 font-bold\">Transcripci\u00f3<\/h2>\n      <div class=\"z-50 flex flex-col items-center ml-auto cursor-pointer rtl:ml-0 rtl:mr-auto modal-close\">\n        <svg class=\"w-auto h-6\" width=\"18\" height=\"23\" xmlns=\"http:\/\/www.w3.org\/2000\/svg\">\n  <g stroke=\"currentColor\" fill=\"none\" fill-rule=\"evenodd\" stroke-linecap=\"square\">\n    <path d=\"M.7248.974l16.1076 20.6167M16.655 1.2654L.9097 22.1601\" \/>\n  <\/g>\n<\/svg>        <div class=\"hidden\">Close<\/div>\n      <\/div>\n    <\/div>\n    <div class=\"px-4 py-8 overflow-y-auto max-h-modal md:px-8 modal-content\">\n      <div class=\"mb-8 flex flex-col gap-1.5\">\n                      <h3 class=\"text-xl font-bold\">Els materials de construcci\u00f3 de l\u2019absis i la decoraci\u00f3<\/h3>\n                            <\/div>\n            <p>L\u2019absis central de l\u2019esgl\u00e9sia de Sant Feliu \u00e9s tan interessant per fora com ho \u00e9s per dins. L\u2019interior amaga dos elements ben singulars.<\/p>\n<p>El primer t\u00e9 a veure amb els materials de construcci\u00f3. Si t\u2019hi fixes, la volta de quart d\u2019esfera que cobreix l\u2019absis central est\u00e0 constru\u00efda amb pedra tosca, un material m\u00e9s lleuger que el granit, extret molt probablement dels voltants del riu Noguera de Tor.<\/p>\n<p>Tamb\u00e9 s\u00f3n interessants les restes d\u2019arrebossat i encintat originals del segle xi; en pots veure un exemple a l\u2019espai entre la finestra central i la de l\u2019esquerra. L\u2019encintat serien aquestes l\u00ednies blanques dibuixades sobre la pedra per simular una simetria en realitat inexistent. Aquesta decoraci\u00f3 amb encintat tamb\u00e9 la veur\u00e0s a Sant Climent de Ta\u00fcll, a Sant Joan de Bo\u00ed i a Santa Eul\u00e0lia d\u2019Erill la Vall.<br \/>\nSi vols veure com era tot l\u2019absis de Sant Feliu de Barruera decorat amb l\u2019encintat, activa el recurs virtual.<\/p>\n    <\/div>\n  <\/div>\n<\/div>\n    <\/section>\n\n\n<div class=\"flex flex-col gap-6 element video-block\">\n  <div class=\"flex flex-col gap-3\">\n      <\/div>\n            <div class=\"relative w-full h-auto bg-black cursor-pointer text-accent lightgallery-video aspect-video\"\n        data-lg-size=\"1280-720\" data-src=\"https:\/\/www.youtube.com\/watch?v=tTnQz18m45M\">\n                  <div class=\"absolute inset-0\" style=\"background-color: rgba(0,0,0,0.2)\"><\/div>\n          <svg class=\"absolute top-1\/2 left-1\/2 transform -translate-x-1\/2 -translate-y-1\/2 w-20 h-20 pointer-events-none\" fill=\"none\" xmlns=\"http:\/\/www.w3.org\/2000\/svg\" viewBox=\"0 0 80 81\">\n  <path\n    d=\"m30 58.873 28-18-28-18v36Zm10 22c-5.533 0-10.733-1.05-15.6-3.15-4.867-2.1-9.1-4.95-12.7-8.55-3.6-3.6-6.45-7.833-8.55-12.7C1.05 51.606 0 46.406 0 40.873c0-5.533 1.05-10.733 3.15-15.6 2.1-4.867 4.95-9.1 8.55-12.7 3.6-3.6 7.833-6.45 12.7-8.55 4.867-2.1 10.067-3.15 15.6-3.15 5.533 0 10.733 1.05 15.6 3.15 4.867 2.1 9.1 4.95 12.7 8.55 3.6 3.6 6.45 7.833 8.55 12.7C78.95 30.14 80 35.34 80 40.873c0 5.533-1.05 10.733-3.15 15.6-2.1 4.867-4.95 9.1-8.55 12.7-3.6 3.6-7.833 6.45-12.7 8.55-4.867 2.1-10.067 3.15-15.6 3.15Z\"\n    fill=\"currentColor\" \/>\n<\/svg>          <img decoding=\"async\" class=\"object-cover object-center w-full h-auto aspect-video\" src=\"https:\/\/i.ytimg.com\/vi\/tTnQz18m45M\/sddefault.jpg\" \/>\n              <\/div>\n      <\/div>\n\n\n<div class=\"flex flex-col gap-3 element interactive-block\">\n  <div class=\"flex items-center gap-6\">\n              <h2 class=\"text-2xl font-bold\">Recurs virtual: Restituci\u00f3 de l\u2019encintat de l\u2019absis<\/h2>\n      <\/div>\n          <div class=\"flex justify-end w-full\">\n      <div class=\"flex flex-col items-center gap-2 shrink-1\">\n        <button data-target=\"#embed-69f5b6eb60560\" data-toggle=\"modal\"\n          class=\"flex items-center justify-center w-32 h-32 bg-black rounded-full text-accent\">\n          <svg class=\"w-16 h-auto\" width=\"60\" height=\"61\" viewBox=\"0 0 60 61\" fill=\"none\" xmlns=\"http:\/\/www.w3.org\/2000\/svg\">\n  <path\n    d=\"M27 53.298L12 44.673C11.05 44.1231 10.3125 43.398 9.7875 42.498C9.2625 41.598 9 40.598 9 39.498V22.248C9 21.148 9.2625 20.148 9.7875 19.248C10.3125 18.348 11.05 17.623 12 17.073L27 8.44805C27.95 7.89805 28.95 7.62305 30 7.62305C31.05 7.62305 32.05 7.89805 33 8.44805L48 17.073C48.95 17.623 49.6875 18.348 50.2125 19.248C50.7375 20.148 51 21.148 51 22.248V39.498C51 40.598 50.7375 41.598 50.2125 42.498C49.6875 43.398 48.95 44.1231 48 44.673L33 53.298C32.05 53.848 31.05 54.123 30 54.123C28.95 54.123 27.95 53.848 27 53.298ZM27 46.398V32.598L15 25.623V39.498L27 46.398ZM33 46.398L45 39.498V25.623L33 32.598V46.398ZM0 15.873V6.87305C0 5.22305 0.5875 3.81055 1.7625 2.63555C2.9375 1.46055 4.35 0.873047 6 0.873047H15V6.87305H6V15.873H0ZM15 60.873H6C4.35 60.873 2.9375 60.2855 1.7625 59.1105C0.5875 57.9355 0 56.523 0 54.873V45.8731H6V54.873H15V60.873ZM45 60.873V54.873H54V45.8731H60V54.873C60 56.523 59.4125 57.9355 58.2375 59.1105C57.0625 60.2855 55.65 60.873 54 60.873H45ZM54 15.873V6.87305H45V0.873047H54C55.65 0.873047 57.0625 1.46055 58.2375 2.63555C59.4125 3.81055 60 5.22305 60 6.87305V15.873H54ZM30 27.423L41.85 20.448L30 13.623L18.15 20.448L30 27.423Z\"\n    fill=\"currentColor\" \/>\n<\/svg>\n        <\/button>\n                  <p class=\"text-base text-center\">Mira<\/p>\n              <\/div>\n    <\/div>\n    <div id=\"embed-69f5b6eb60560\"\n  class=\"fixed inset-0 z-50 hidden w-screen h-screen opacity-0 pointer-events-none modal embed-container\"\n  tabindex=\"-1\" role=\"dialog\">\n  <div class=\"absolute w-full h-full bg-black opacity-75 modal-overlay\"><\/div>\n  <div\n    class=\"absolute z-30 w-11\/12 mx-auto overflow-y-auto text-black bg-white shadow-lg modal-container center-xy md:max-w-4xl\"\n    role=\"document\">\n    <div class=\"flex items-center justify-between px-4 py-4 text-gray-700 border-b md:px-8\">\n      <h2 class=\"!mb-0 font-bold\">Mira<\/h2>\n      <div class=\"z-50 flex flex-col items-center ml-auto cursor-pointer rtl:ml-0 rtl:mr-auto modal-close\">\n        <svg class=\"w-auto h-6\" width=\"18\" height=\"23\" xmlns=\"http:\/\/www.w3.org\/2000\/svg\">\n  <g stroke=\"currentColor\" fill=\"none\" fill-rule=\"evenodd\" stroke-linecap=\"square\">\n    <path d=\"M.7248.974l16.1076 20.6167M16.655 1.2654L.9097 22.1601\" \/>\n  <\/g>\n<\/svg>        <div class=\"hidden\">Close<\/div>\n      <\/div>\n    <\/div>\n    <div class=\"px-4 py-8 overflow-y-auto max-h-modal md:px-8 modal-content\">\n      <div class=\"sketchfab-embed-wrapper\"> <iframe title=\"Absis de Sant Feliu de Barruera. Reconstrucci\u00f3\" frameborder=\"0\" allowfullscreen mozallowfullscreen=\"true\" webkitallowfullscreen=\"true\" allow=\"autoplay; fullscreen; xr-spatial-tracking\" xr-spatial-tracking execution-while-out-of-viewport execution-while-not-rendered web-share src=\"https:\/\/sketchfab.com\/models\/e6ef268e31c94ca6bacc5fd0182d2644\/embed?ui_infos=0\"> <\/iframe> <\/div>\n    <\/div>\n  <\/div>\n<\/div>\n  <\/div>\n\n\n<div class=\"flex flex-col gap-3 element text-block\">\n  <div class=\"flex items-center gap-6\">\n              <h2 class=\"text-2xl font-bold\">4e Creu de la nau<\/h2>\n      <\/div>\n    <\/div>\n\n\n<div class=\"flex flex-col gap-6 element image-block\">\n  <div class=\"flex flex-col gap-3\">\n      <\/div>\n      <figure>\n      <img loading=\"lazy\" decoding=\"async\" width=\"1600\" height=\"1201\" src=\"https:\/\/guiesullsdelahistoria.cat\/app\/uploads\/2024\/11\/PHOTO-2025-01-16-08-06-51.jpg\" class=\"w-full h-auto\" alt=\"Muntatge de mobiliari religi\u00f3s a l\u2019interior de l\u2019esgl\u00e9sia de Sant Feliu de Barruera: frontal d\u2019altar del segle XIX, amb predel\u00b7la del segle XVI al damunt i talles del segle XX a sobre.\" srcset=\"https:\/\/guiesullsdelahistoria.cat\/app\/uploads\/2024\/11\/PHOTO-2025-01-16-08-06-51.jpg 1600w, https:\/\/guiesullsdelahistoria.cat\/app\/uploads\/2024\/11\/PHOTO-2025-01-16-08-06-51-300x225.jpg 300w, https:\/\/guiesullsdelahistoria.cat\/app\/uploads\/2024\/11\/PHOTO-2025-01-16-08-06-51-1024x769.jpg 1024w, https:\/\/guiesullsdelahistoria.cat\/app\/uploads\/2024\/11\/PHOTO-2025-01-16-08-06-51-768x576.jpg 768w, https:\/\/guiesullsdelahistoria.cat\/app\/uploads\/2024\/11\/PHOTO-2025-01-16-08-06-51-1536x1153.jpg 1536w\" sizes=\"auto, (max-width: 1600px) 100vw, 1600px\" \/>\n              <figcaption class=\"pt-2 text-gray-800\">Conjunt de mobiliari religi\u00f3s a l\u2019interior de Sant Feliu de Barruera.<\/figcaption>\n          <\/figure>\n  <\/div>\n\n\n<section class=\"element audio-block\">\n  <div class=\"flex flex-col w-full gap-6\">\n    <div class=\"flex flex-col gap-3\">\n      <div class=\"flex gap-6\">\n                          <h2 class=\"text-2xl font-bold\">El mobiliari interior i les aportacions barroques<\/h2>\n              <\/div>\n          <\/div>\n    <div class=\"flex items-center justify-end gap-3\">\n              <div class=\"flex-1 audio-content\" dir=\"ltr\">\n          <audio id=\"audio-550bbf6f7f3591e3e16971ec5be07a50\" data-label=\"El mobiliari interior i les aportacions barroques\"\n            data-category=\"SANT-FELIU-DE-BARRUERA-CAT-GENERAL-PLAY-4-OK.mp3\" class=\"hidden\" controls\n            src=\"https:\/\/guiesullsdelahistoria.cat\/app\/uploads\/2024\/11\/SANT-FELIU-DE-BARRUERA-CAT-GENERAL-PLAY-4-OK.mp3\"><\/audio>\n          <div class=\"flex items-center w-full gap-3 transition-opacity opacity-0 meta\">\n            <progress class=\"flex-1 border-0 appearance-none\" value=\"0\" max=\"1\"><\/progress>\n            <div class=\"text-sm text-center shrink-0 current-time w-9\"><\/div>\n                      <\/div>\n        <\/div>\n            <div class=\"flex flex-col items-center gap-2 shrink-1 audio-control\">\n        <button\n  class=\"flex items-center justify-center w-32 max-w-32 h-32 max-h-32 transition-[max-height,_max-width] bg-black rounded-full btn text-accent\"\n  data-target=\"#audio-550bbf6f7f3591e3e16971ec5be07a50\">\n  <svg width=\"100%\" height=\"100%\" viewBox=\"0 0 36 36\" version=\"1.1\" xmlns=\"http:\/\/www.w3.org\/2000\/svg\" xmlns:xlink=\"http:\/\/www.w3.org\/1999\/xlink\">\n  <path id=\"ytp-12\" d=\"M11,10 L18,13.74 18,22.28 11,26 M18,13.74 L26,18 26,18 18,22.28\" fill=\"currentColor\">\n    <animate id=\"animation\" begin=\"indefinite\" attributeType=\"XML\" attributeName=\"d\" fill=\"freeze\" from=\"M11,10 L17,10 17,26 11,26 M20,10 L26,10 26,26 20,26\" to=\"M11,10 L18,13.74 18,22.28 11,26 M18,13.74 L26,18 26,18 18,22.28\" dur=\"0.1s\" keySplines=\".4 0 1 1\" repeatCount=\"1\" data-play=\"M11,10 L18,13.74 18,22.28 11,26 M18,13.74 L26,18 26,18 18,22.28\" data-pause=\"M11,10 L17,10 17,26 11,26 M20,10 L26,10 26,26 20,26\"><\/animate>\n  <\/path>\n<\/svg>\n<\/button>\n        <p class=\"text-base text-center\">Escolta<\/p>\n      <\/div>\n    <\/div>\n\n    \n          <div class=\"flex flex-wrap justify-between gap-6 md:justify-start\">\n                  <button data-target=\"#transcription-550bbf6f7f3591e3e16971ec5be07a50\" data-toggle=\"modal\" class=\"flex items-center gap-2\">\n            <svg class=\"w-6 h-6\" fill=\"none\" xmlns=\"http:\/\/www.w3.org\/2000\/svg\" viewBox=\"0 0 22 12\"><path d=\"M0 9.873v-6c0-.55.196-1.02.588-1.412A1.926 1.926 0 0 1 2 1.873h2c.55 0 1.02.196 1.412.588.392.391.588.862.588 1.412v6H4v-2H2v2H0Zm2-4h2v-2H2v2Zm6 4v-8h4c.55 0 1.02.196 1.412.588.392.391.588.862.588 1.412v4c0 .55-.196 1.021-.588 1.413A1.926 1.926 0 0 1 12 9.873H8Zm2-2h2v-4h-2v4Zm6.85.8-1.4-1.425c.183-.183.32-.391.413-.625.091-.233.137-.483.137-.75 0-.283-.046-.537-.137-.762a1.85 1.85 0 0 0-.413-.613l1.4-1.45c.367.367.65.792.85 1.275.2.484.3 1 .3 1.55s-.1 1.063-.3 1.538c-.2.475-.483.896-.85 1.262Zm2.825 2.825-1.45-1.375c.55-.55.983-1.187 1.3-1.912A5.775 5.775 0 0 0 20 5.873c0-.85-.158-1.633-.475-2.35a6.217 6.217 0 0 0-1.3-1.9l1.45-1.4a7.94 7.94 0 0 1 1.712 2.55c.409.967.613 2 .613 3.1s-.204 2.13-.613 3.088a7.977 7.977 0 0 1-1.712 2.537Z\" fill=\"#000\"\/><\/svg>            <span>Transcripci\u00f3<\/span>\n          <\/button>\n                      <\/div>\n      <\/div>\n\n      <div id=\"transcription-550bbf6f7f3591e3e16971ec5be07a50\"\n  class=\"fixed inset-0 z-50 hidden w-screen h-screen opacity-0 pointer-events-none modal transcription\"\n  tabindex=\"-1\" role=\"dialog\">\n  <div class=\"absolute w-full h-full bg-black opacity-75 modal-overlay\"><\/div>\n  <div\n    class=\"absolute z-30 w-11\/12 mx-auto overflow-y-auto text-black bg-white shadow-lg modal-container center-xy md:max-w-4xl\"\n    role=\"document\">\n    <div class=\"flex items-center justify-between px-4 py-4 text-gray-700 border-b md:px-8\">\n      <h2 class=\"!mb-0 font-bold\">Transcripci\u00f3<\/h2>\n      <div class=\"z-50 flex flex-col items-center ml-auto cursor-pointer rtl:ml-0 rtl:mr-auto modal-close\">\n        <svg class=\"w-auto h-6\" width=\"18\" height=\"23\" xmlns=\"http:\/\/www.w3.org\/2000\/svg\">\n  <g stroke=\"currentColor\" fill=\"none\" fill-rule=\"evenodd\" stroke-linecap=\"square\">\n    <path d=\"M.7248.974l16.1076 20.6167M16.655 1.2654L.9097 22.1601\" \/>\n  <\/g>\n<\/svg>        <div class=\"hidden\">Close<\/div>\n      <\/div>\n    <\/div>\n    <div class=\"px-4 py-8 overflow-y-auto max-h-modal md:px-8 modal-content\">\n      <div class=\"mb-8 flex flex-col gap-1.5\">\n                      <h3 class=\"text-xl font-bold\">El mobiliari interior i les aportacions barroques<\/h3>\n                            <\/div>\n            <p>Les remodelacions de l\u2019esgl\u00e9sia i els b\u00e9ns mobles que es conserven a l\u2019interior mostren com els temples de la Vall s\u2019han anat adaptant als gustos i a les necessitats de la comunitat que els ha utilitzat des de l\u2019\u00e8poca rom\u00e0nica fins als nostres dies sense interrupci\u00f3. <\/p>\n<p>Sobresurten les dues imatges de Crist, la de l\u2019altar major i la que est\u00e0 plantada a terra, que es treia el Dijous Sant per al viacrucis, la celebraci\u00f3 que recorda els darrers moments de la vida de Jes\u00fas. <\/p>\n<p>El conjunt de b\u00e9ns mobles de Sant Feliu inclou un confessionari i un banc.<br \/>\nTamb\u00e9 hi ha diverses talles, com \u201cels armats\u201d, els dos soldats que flanquegen l\u2019altar de la dreta, i un retaule a l\u2019entrada. Si vols saber-ne m\u00e9s coses, consulta els cartells informatius. <\/p>\n<p>Finalment, pots pujar al cor, des d\u2019on tindr\u00e0s una visi\u00f3 privilegiada de l\u2019interior de Sant Feliu. <\/p>\n    <\/div>\n  <\/div>\n<\/div>\n    <\/section>\n\n\n<div class=\"flex flex-col gap-6 element video-block\">\n  <div class=\"flex flex-col gap-3\">\n      <\/div>\n            <div class=\"relative w-full h-auto bg-black cursor-pointer text-accent lightgallery-video aspect-video\"\n        data-lg-size=\"1280-720\" data-src=\"https:\/\/www.youtube.com\/watch?v=8AJJ4RL3WyQ\">\n                  <div class=\"absolute inset-0\" style=\"background-color: rgba(0,0,0,0.2)\"><\/div>\n          <svg class=\"absolute top-1\/2 left-1\/2 transform -translate-x-1\/2 -translate-y-1\/2 w-20 h-20 pointer-events-none\" fill=\"none\" xmlns=\"http:\/\/www.w3.org\/2000\/svg\" viewBox=\"0 0 80 81\">\n  <path\n    d=\"m30 58.873 28-18-28-18v36Zm10 22c-5.533 0-10.733-1.05-15.6-3.15-4.867-2.1-9.1-4.95-12.7-8.55-3.6-3.6-6.45-7.833-8.55-12.7C1.05 51.606 0 46.406 0 40.873c0-5.533 1.05-10.733 3.15-15.6 2.1-4.867 4.95-9.1 8.55-12.7 3.6-3.6 7.833-6.45 12.7-8.55 4.867-2.1 10.067-3.15 15.6-3.15 5.533 0 10.733 1.05 15.6 3.15 4.867 2.1 9.1 4.95 12.7 8.55 3.6 3.6 6.45 7.833 8.55 12.7C78.95 30.14 80 35.34 80 40.873c0 5.533-1.05 10.733-3.15 15.6-2.1 4.867-4.95 9.1-8.55 12.7-3.6 3.6-7.833 6.45-12.7 8.55-4.867 2.1-10.067 3.15-15.6 3.15Z\"\n    fill=\"currentColor\" \/>\n<\/svg>          <img decoding=\"async\" class=\"object-cover object-center w-full h-auto aspect-video\" src=\"https:\/\/i.ytimg.com\/vi\/8AJJ4RL3WyQ\/sddefault.jpg\" \/>\n              <\/div>\n      <\/div>\n\n\n<div class=\"flex flex-col gap-3 element text-block\">\n  <div class=\"flex items-center gap-6\">\n              <h2 class=\"text-2xl font-bold\">4f T\u2019hi esperem!<\/h2>\n      <\/div>\n    <\/div>\n\n\n<section class=\"element audio-block\">\n  <div class=\"flex flex-col w-full gap-6\">\n    <div class=\"flex flex-col gap-3\">\n      <div class=\"flex gap-6\">\n                          <h2 class=\"text-2xl font-bold\">La visita continua<\/h2>\n              <\/div>\n          <\/div>\n    <div class=\"flex items-center justify-end gap-3\">\n              <div class=\"flex-1 audio-content\" dir=\"ltr\">\n          <audio id=\"audio-0e4861eec6f79248a756ddcdfbcc1614\" data-label=\"La visita continua\"\n            data-category=\"SANT-FELIU-DE-BARRUERA-CAT-GENERAL-PLAY-CLOENDA.mp3\" class=\"hidden\" controls\n            src=\"https:\/\/guiesullsdelahistoria.cat\/app\/uploads\/2024\/11\/SANT-FELIU-DE-BARRUERA-CAT-GENERAL-PLAY-CLOENDA.mp3\"><\/audio>\n          <div class=\"flex items-center w-full gap-3 transition-opacity opacity-0 meta\">\n            <progress class=\"flex-1 border-0 appearance-none\" value=\"0\" max=\"1\"><\/progress>\n            <div class=\"text-sm text-center shrink-0 current-time w-9\"><\/div>\n                      <\/div>\n        <\/div>\n            <div class=\"flex flex-col items-center gap-2 shrink-1 audio-control\">\n        <button\n  class=\"flex items-center justify-center w-32 max-w-32 h-32 max-h-32 transition-[max-height,_max-width] bg-black rounded-full btn text-accent\"\n  data-target=\"#audio-0e4861eec6f79248a756ddcdfbcc1614\">\n  <svg width=\"100%\" height=\"100%\" viewBox=\"0 0 36 36\" version=\"1.1\" xmlns=\"http:\/\/www.w3.org\/2000\/svg\" xmlns:xlink=\"http:\/\/www.w3.org\/1999\/xlink\">\n  <path id=\"ytp-12\" d=\"M11,10 L18,13.74 18,22.28 11,26 M18,13.74 L26,18 26,18 18,22.28\" fill=\"currentColor\">\n    <animate id=\"animation\" begin=\"indefinite\" attributeType=\"XML\" attributeName=\"d\" fill=\"freeze\" from=\"M11,10 L17,10 17,26 11,26 M20,10 L26,10 26,26 20,26\" to=\"M11,10 L18,13.74 18,22.28 11,26 M18,13.74 L26,18 26,18 18,22.28\" dur=\"0.1s\" keySplines=\".4 0 1 1\" repeatCount=\"1\" data-play=\"M11,10 L18,13.74 18,22.28 11,26 M18,13.74 L26,18 26,18 18,22.28\" data-pause=\"M11,10 L17,10 17,26 11,26 M20,10 L26,10 26,26 20,26\"><\/animate>\n  <\/path>\n<\/svg>\n<\/button>\n        <p class=\"text-base text-center\">Escolta<\/p>\n      <\/div>\n    <\/div>\n\n    \n          <div class=\"flex flex-wrap justify-between gap-6 md:justify-start\">\n                  <button data-target=\"#transcription-0e4861eec6f79248a756ddcdfbcc1614\" data-toggle=\"modal\" class=\"flex items-center gap-2\">\n            <svg class=\"w-6 h-6\" fill=\"none\" xmlns=\"http:\/\/www.w3.org\/2000\/svg\" viewBox=\"0 0 22 12\"><path d=\"M0 9.873v-6c0-.55.196-1.02.588-1.412A1.926 1.926 0 0 1 2 1.873h2c.55 0 1.02.196 1.412.588.392.391.588.862.588 1.412v6H4v-2H2v2H0Zm2-4h2v-2H2v2Zm6 4v-8h4c.55 0 1.02.196 1.412.588.392.391.588.862.588 1.412v4c0 .55-.196 1.021-.588 1.413A1.926 1.926 0 0 1 12 9.873H8Zm2-2h2v-4h-2v4Zm6.85.8-1.4-1.425c.183-.183.32-.391.413-.625.091-.233.137-.483.137-.75 0-.283-.046-.537-.137-.762a1.85 1.85 0 0 0-.413-.613l1.4-1.45c.367.367.65.792.85 1.275.2.484.3 1 .3 1.55s-.1 1.063-.3 1.538c-.2.475-.483.896-.85 1.262Zm2.825 2.825-1.45-1.375c.55-.55.983-1.187 1.3-1.912A5.775 5.775 0 0 0 20 5.873c0-.85-.158-1.633-.475-2.35a6.217 6.217 0 0 0-1.3-1.9l1.45-1.4a7.94 7.94 0 0 1 1.712 2.55c.409.967.613 2 .613 3.1s-.204 2.13-.613 3.088a7.977 7.977 0 0 1-1.712 2.537Z\" fill=\"#000\"\/><\/svg>            <span>Transcripci\u00f3<\/span>\n          <\/button>\n                      <\/div>\n      <\/div>\n\n      <div id=\"transcription-0e4861eec6f79248a756ddcdfbcc1614\"\n  class=\"fixed inset-0 z-50 hidden w-screen h-screen opacity-0 pointer-events-none modal transcription\"\n  tabindex=\"-1\" role=\"dialog\">\n  <div class=\"absolute w-full h-full bg-black opacity-75 modal-overlay\"><\/div>\n  <div\n    class=\"absolute z-30 w-11\/12 mx-auto overflow-y-auto text-black bg-white shadow-lg modal-container center-xy md:max-w-4xl\"\n    role=\"document\">\n    <div class=\"flex items-center justify-between px-4 py-4 text-gray-700 border-b md:px-8\">\n      <h2 class=\"!mb-0 font-bold\">Transcripci\u00f3<\/h2>\n      <div class=\"z-50 flex flex-col items-center ml-auto cursor-pointer rtl:ml-0 rtl:mr-auto modal-close\">\n        <svg class=\"w-auto h-6\" width=\"18\" height=\"23\" xmlns=\"http:\/\/www.w3.org\/2000\/svg\">\n  <g stroke=\"currentColor\" fill=\"none\" fill-rule=\"evenodd\" stroke-linecap=\"square\">\n    <path d=\"M.7248.974l16.1076 20.6167M16.655 1.2654L.9097 22.1601\" \/>\n  <\/g>\n<\/svg>        <div class=\"hidden\">Close<\/div>\n      <\/div>\n    <\/div>\n    <div class=\"px-4 py-8 overflow-y-auto max-h-modal md:px-8 modal-content\">\n      <div class=\"mb-8 flex flex-col gap-1.5\">\n                      <h3 class=\"text-xl font-bold\">La visita continua<\/h3>\n                            <\/div>\n            <p>Aqu\u00ed s\u2019acaba la visita a l\u2019esgl\u00e9sia. Ara et convidem a con\u00e8ixer les altres, que constitueixen el Conjunt Rom\u00e0nic de la Vall de Bo\u00ed. T\u2019hi esperem!<\/p>\n    <\/div>\n  <\/div>\n<\/div>\n    <\/section>\n\n\n<div class=\"flex flex-col gap-6 element video-block\">\n  <div class=\"flex flex-col gap-3\">\n      <\/div>\n            <div class=\"relative w-full h-auto bg-black cursor-pointer text-accent lightgallery-video aspect-video\"\n        data-lg-size=\"1280-720\" data-src=\"https:\/\/www.youtube.com\/watch?v=N2h8yIA0JE0\">\n                  <div class=\"absolute inset-0\" style=\"background-color: rgba(0,0,0,0.2)\"><\/div>\n          <svg class=\"absolute top-1\/2 left-1\/2 transform -translate-x-1\/2 -translate-y-1\/2 w-20 h-20 pointer-events-none\" fill=\"none\" xmlns=\"http:\/\/www.w3.org\/2000\/svg\" viewBox=\"0 0 80 81\">\n  <path\n    d=\"m30 58.873 28-18-28-18v36Zm10 22c-5.533 0-10.733-1.05-15.6-3.15-4.867-2.1-9.1-4.95-12.7-8.55-3.6-3.6-6.45-7.833-8.55-12.7C1.05 51.606 0 46.406 0 40.873c0-5.533 1.05-10.733 3.15-15.6 2.1-4.867 4.95-9.1 8.55-12.7 3.6-3.6 7.833-6.45 12.7-8.55 4.867-2.1 10.067-3.15 15.6-3.15 5.533 0 10.733 1.05 15.6 3.15 4.867 2.1 9.1 4.95 12.7 8.55 3.6 3.6 6.45 7.833 8.55 12.7C78.95 30.14 80 35.34 80 40.873c0 5.533-1.05 10.733-3.15 15.6-2.1 4.867-4.95 9.1-8.55 12.7-3.6 3.6-7.833 6.45-12.7 8.55-4.867 2.1-10.067 3.15-15.6 3.15Z\"\n    fill=\"currentColor\" \/>\n<\/svg>          <img decoding=\"async\" class=\"object-cover object-center w-full h-auto aspect-video\" src=\"https:\/\/i.ytimg.com\/vi\/N2h8yIA0JE0\/sddefault.jpg\" \/>\n              <\/div>\n      <\/div>\n\n\n<div class=\"flex flex-col gap-3 element text-block\">\n  <div class=\"flex items-center gap-6\">\n              <h2 class=\"text-2xl font-bold\">Cloenda<\/h2>\n      <\/div>\n        <div class=\"prose prose-lg\"><p><em>\u201cEls Ulls de la Hist\u00f2ria. Una mirada immersiva sobre el patrimoni\u201d<\/em> \u00e9s una iniciativa de l\u2019Ag\u00e8ncia Catalana del Patrimoni Cultural. Un projecte que incorpora altres veus i altres mirades sobre el nostre passat. Perqu\u00e8 totes i tots fem hist\u00f2ria.<\/p>\n<\/div>\n  <\/div>\n\n<\/div>\n      <\/div>\n    <\/div>\n  <\/section>\n\n\n<section class=\"overflow-hidden section\" id=\"section-69f5b6ec621ea\" data-title=\"5. Sant Joan de Bo\u00ed\">\n    <div class=\"container grid grid-cols-1 py-8 md:py-10 max-md:gap-y-8 md:grid-standard\">\n              <div class=\"flex gap-4 md:col-span-5\">\n                                <h2 class=\"text-8 font-headings\">5. Sant Joan de Bo\u00ed<\/h2>\n                  <\/div>\n            <div class=\"flex flex-col gap-8 md:col-span-6 md:col-start-7 md:gap-10\">\n        <div class=\"acf-innerblocks-container\">\n<div class=\"flex flex-col gap-3 element text-block\">\n  <div class=\"flex items-center gap-6\">\n              <h2 class=\"text-2xl font-bold\">5a Introducci\u00f3<\/h2>\n      <\/div>\n    <\/div>\n\n\n<div class=\"flex flex-col gap-6 element image-block\">\n  <div class=\"flex flex-col gap-3\">\n      <\/div>\n      <figure>\n      <img loading=\"lazy\" decoding=\"async\" width=\"1444\" height=\"964\" src=\"https:\/\/guiesullsdelahistoria.cat\/app\/uploads\/2024\/11\/Sant_Joan_de_Boi_esglesia_DSC6788.jpg\" class=\"w-full h-auto\" alt=\"Vista general de l\u2019exterior de l\u2019esgl\u00e9sia de Sant Joan de Bo\u00ed des del costat del porxo, i el cementiri en primer terme.\" srcset=\"https:\/\/guiesullsdelahistoria.cat\/app\/uploads\/2024\/11\/Sant_Joan_de_Boi_esglesia_DSC6788.jpg 1444w, https:\/\/guiesullsdelahistoria.cat\/app\/uploads\/2024\/11\/Sant_Joan_de_Boi_esglesia_DSC6788-300x200.jpg 300w, https:\/\/guiesullsdelahistoria.cat\/app\/uploads\/2024\/11\/Sant_Joan_de_Boi_esglesia_DSC6788-1024x684.jpg 1024w, https:\/\/guiesullsdelahistoria.cat\/app\/uploads\/2024\/11\/Sant_Joan_de_Boi_esglesia_DSC6788-768x513.jpg 768w\" sizes=\"auto, (max-width: 1444px) 100vw, 1444px\" \/>\n              <figcaption class=\"pt-2 text-gray-800\">Vista general de Sant Joan de Bo\u00ed.<\/figcaption>\n          <\/figure>\n  <\/div>\n\n\n<section class=\"element audio-block\">\n  <div class=\"flex flex-col w-full gap-6\">\n    <div class=\"flex flex-col gap-3\">\n      <div class=\"flex gap-6\">\n                          <h2 class=\"text-2xl font-bold\">La Vall de Bo\u00ed i les seves esgl\u00e9sies<\/h2>\n              <\/div>\n          <\/div>\n    <div class=\"flex items-center justify-end gap-3\">\n              <div class=\"flex-1 audio-content\" dir=\"ltr\">\n          <audio id=\"audio-a88883b3011cae481f03b45ed3b9e590\" data-label=\"La Vall de Bo\u00ed i les seves esgl\u00e9sies\"\n            data-category=\"SANT-JOAN-DE-BOI-CAT-GENERAL-PLAY-0.mp3\" class=\"hidden\" controls\n            src=\"https:\/\/guiesullsdelahistoria.cat\/app\/uploads\/2024\/11\/SANT-JOAN-DE-BOI-CAT-GENERAL-PLAY-0.mp3\"><\/audio>\n          <div class=\"flex items-center w-full gap-3 transition-opacity opacity-0 meta\">\n            <progress class=\"flex-1 border-0 appearance-none\" value=\"0\" max=\"1\"><\/progress>\n            <div class=\"text-sm text-center shrink-0 current-time w-9\"><\/div>\n                      <\/div>\n        <\/div>\n            <div class=\"flex flex-col items-center gap-2 shrink-1 audio-control\">\n        <button\n  class=\"flex items-center justify-center w-32 max-w-32 h-32 max-h-32 transition-[max-height,_max-width] bg-black rounded-full btn text-accent\"\n  data-target=\"#audio-a88883b3011cae481f03b45ed3b9e590\">\n  <svg width=\"100%\" height=\"100%\" viewBox=\"0 0 36 36\" version=\"1.1\" xmlns=\"http:\/\/www.w3.org\/2000\/svg\" xmlns:xlink=\"http:\/\/www.w3.org\/1999\/xlink\">\n  <path id=\"ytp-12\" d=\"M11,10 L18,13.74 18,22.28 11,26 M18,13.74 L26,18 26,18 18,22.28\" fill=\"currentColor\">\n    <animate id=\"animation\" begin=\"indefinite\" attributeType=\"XML\" attributeName=\"d\" fill=\"freeze\" from=\"M11,10 L17,10 17,26 11,26 M20,10 L26,10 26,26 20,26\" to=\"M11,10 L18,13.74 18,22.28 11,26 M18,13.74 L26,18 26,18 18,22.28\" dur=\"0.1s\" keySplines=\".4 0 1 1\" repeatCount=\"1\" data-play=\"M11,10 L18,13.74 18,22.28 11,26 M18,13.74 L26,18 26,18 18,22.28\" data-pause=\"M11,10 L17,10 17,26 11,26 M20,10 L26,10 26,26 20,26\"><\/animate>\n  <\/path>\n<\/svg>\n<\/button>\n        <p class=\"text-base text-center\">Escolta<\/p>\n      <\/div>\n    <\/div>\n\n    \n          <div class=\"flex flex-wrap justify-between gap-6 md:justify-start\">\n                  <button data-target=\"#transcription-a88883b3011cae481f03b45ed3b9e590\" data-toggle=\"modal\" class=\"flex items-center gap-2\">\n            <svg class=\"w-6 h-6\" fill=\"none\" xmlns=\"http:\/\/www.w3.org\/2000\/svg\" viewBox=\"0 0 22 12\"><path d=\"M0 9.873v-6c0-.55.196-1.02.588-1.412A1.926 1.926 0 0 1 2 1.873h2c.55 0 1.02.196 1.412.588.392.391.588.862.588 1.412v6H4v-2H2v2H0Zm2-4h2v-2H2v2Zm6 4v-8h4c.55 0 1.02.196 1.412.588.392.391.588.862.588 1.412v4c0 .55-.196 1.021-.588 1.413A1.926 1.926 0 0 1 12 9.873H8Zm2-2h2v-4h-2v4Zm6.85.8-1.4-1.425c.183-.183.32-.391.413-.625.091-.233.137-.483.137-.75 0-.283-.046-.537-.137-.762a1.85 1.85 0 0 0-.413-.613l1.4-1.45c.367.367.65.792.85 1.275.2.484.3 1 .3 1.55s-.1 1.063-.3 1.538c-.2.475-.483.896-.85 1.262Zm2.825 2.825-1.45-1.375c.55-.55.983-1.187 1.3-1.912A5.775 5.775 0 0 0 20 5.873c0-.85-.158-1.633-.475-2.35a6.217 6.217 0 0 0-1.3-1.9l1.45-1.4a7.94 7.94 0 0 1 1.712 2.55c.409.967.613 2 .613 3.1s-.204 2.13-.613 3.088a7.977 7.977 0 0 1-1.712 2.537Z\" fill=\"#000\"\/><\/svg>            <span>Transcripci\u00f3<\/span>\n          <\/button>\n                      <\/div>\n      <\/div>\n\n      <div id=\"transcription-a88883b3011cae481f03b45ed3b9e590\"\n  class=\"fixed inset-0 z-50 hidden w-screen h-screen opacity-0 pointer-events-none modal transcription\"\n  tabindex=\"-1\" role=\"dialog\">\n  <div class=\"absolute w-full h-full bg-black opacity-75 modal-overlay\"><\/div>\n  <div\n    class=\"absolute z-30 w-11\/12 mx-auto overflow-y-auto text-black bg-white shadow-lg modal-container center-xy md:max-w-4xl\"\n    role=\"document\">\n    <div class=\"flex items-center justify-between px-4 py-4 text-gray-700 border-b md:px-8\">\n      <h2 class=\"!mb-0 font-bold\">Transcripci\u00f3<\/h2>\n      <div class=\"z-50 flex flex-col items-center ml-auto cursor-pointer rtl:ml-0 rtl:mr-auto modal-close\">\n        <svg class=\"w-auto h-6\" width=\"18\" height=\"23\" xmlns=\"http:\/\/www.w3.org\/2000\/svg\">\n  <g stroke=\"currentColor\" fill=\"none\" fill-rule=\"evenodd\" stroke-linecap=\"square\">\n    <path d=\"M.7248.974l16.1076 20.6167M16.655 1.2654L.9097 22.1601\" \/>\n  <\/g>\n<\/svg>        <div class=\"hidden\">Close<\/div>\n      <\/div>\n    <\/div>\n    <div class=\"px-4 py-8 overflow-y-auto max-h-modal md:px-8 modal-content\">\n      <div class=\"mb-8 flex flex-col gap-1.5\">\n                      <h3 class=\"text-xl font-bold\">La Vall de Bo\u00ed i les seves esgl\u00e9sies<\/h3>\n                            <\/div>\n            <p>Et donem la benvinguda a la Vall de Bo\u00ed i t\u2019animem a con\u00e8ixer-ne l\u2019excepcional conjunt d\u2019esgl\u00e9sies, considerades una de les m\u00e0ximes expressions de l\u2019art rom\u00e0nic catal\u00e0 i inscrites a la llista de Patrimoni Mundial per la UNESCO l\u2019any 2000.<br \/>\nEl Conjunt Rom\u00e0nic de la Vall de Bo\u00ed l\u2019integren nou esgl\u00e9sies: Sant Climent i Santa Maria de Ta\u00fcll, Sant Joan de Bo\u00ed, Santa Eul\u00e0lia d\u2019Erill la Vall, Sant Feliu de Barruera, la Nativitat i Sant Quirc de Durro, Santa Maria de Cardet i l\u2019Assumpci\u00f3 de C\u00f3ll.<br \/>\nPer\u00f2, qu\u00e8 tenen en com\u00fa aquest conjunt d\u2019esgl\u00e9sies? Qu\u00e8 les fa tan singulars? Quina \u00e9s la seva hist\u00f2ria?<br \/>\nTotes van ser constru\u00efdes entre els segles XI i XII, en un moment de poder i de bonan\u00e7a econ\u00f2mica de la noblesa local, i comparteixen un estil arquitect\u00f2nic, el rom\u00e0nic, molt est\u00e8s per tot Europa.<br \/>\nAvui, una bona part de les pintures, talles i mobiliari es conserven a diversos museus catalans, sobretot al Museu Nacional d\u2019Art de Catalunya. Tot i aix\u00f2, algunes de les esgl\u00e9sies compten amb importants fragments de pintura mural i escultures originals, a m\u00e9s de reproduccions de les que es conserven als museus.<br \/>\nAmb la guia que tens a les mans, descobrir\u00e0s els valors excepcionals d\u2019aquest conjunt rom\u00e0nic i podr\u00e0s con\u00e8ixer cada una de les nou esgl\u00e9sies, amb els seus secrets i curiositats.<br \/>\nUna advert\u00e8ncia final! Aquestes muntanyes s\u00f3n misterioses i, a les valls, les paraules de les persones que les han habitat sovint es queden atrapades i ressonen al llarg del temps com un eco imperceptible. Aquesta guia disposa d\u2019un sensor que s\u2019activa cada cop que en capta alguna. No t\u2019espantis i continua escoltant.<br \/>\nPer comen\u00e7ar la visita, dirigeix-te a la part posterior de l\u2019esgl\u00e9sia.<\/p>\n    <\/div>\n  <\/div>\n<\/div>\n    <\/section>\n\n\n<div class=\"flex flex-col gap-6 element video-block\">\n  <div class=\"flex flex-col gap-3\">\n      <\/div>\n            <div class=\"relative w-full h-auto bg-black cursor-pointer text-accent lightgallery-video aspect-video\"\n        data-lg-size=\"1280-720\" data-src=\"https:\/\/www.youtube.com\/watch?v=t6QNNoDsBDk\">\n                  <div class=\"absolute inset-0\" style=\"background-color: rgba(0,0,0,0.2)\"><\/div>\n          <svg class=\"absolute top-1\/2 left-1\/2 transform -translate-x-1\/2 -translate-y-1\/2 w-20 h-20 pointer-events-none\" fill=\"none\" xmlns=\"http:\/\/www.w3.org\/2000\/svg\" viewBox=\"0 0 80 81\">\n  <path\n    d=\"m30 58.873 28-18-28-18v36Zm10 22c-5.533 0-10.733-1.05-15.6-3.15-4.867-2.1-9.1-4.95-12.7-8.55-3.6-3.6-6.45-7.833-8.55-12.7C1.05 51.606 0 46.406 0 40.873c0-5.533 1.05-10.733 3.15-15.6 2.1-4.867 4.95-9.1 8.55-12.7 3.6-3.6 7.833-6.45 12.7-8.55 4.867-2.1 10.067-3.15 15.6-3.15 5.533 0 10.733 1.05 15.6 3.15 4.867 2.1 9.1 4.95 12.7 8.55 3.6 3.6 6.45 7.833 8.55 12.7C78.95 30.14 80 35.34 80 40.873c0 5.533-1.05 10.733-3.15 15.6-2.1 4.867-4.95 9.1-8.55 12.7-3.6 3.6-7.833 6.45-12.7 8.55-4.867 2.1-10.067 3.15-15.6 3.15Z\"\n    fill=\"currentColor\" \/>\n<\/svg>          <img decoding=\"async\" class=\"object-cover object-center w-full h-auto aspect-video\" src=\"https:\/\/i.ytimg.com\/vi\/t6QNNoDsBDk\/sddefault.jpg\" \/>\n              <\/div>\n      <\/div>\n\n\n<div class=\"flex flex-col gap-3 element text-block\">\n  <div class=\"flex items-center gap-6\">\n              <h2 class=\"text-2xl font-bold\">5b Absis<\/h2>\n      <\/div>\n    <\/div>\n\n\n<div class=\"flex flex-col gap-6 element image-block\">\n  <div class=\"flex flex-col gap-3\">\n      <\/div>\n      <figure>\n      <img loading=\"lazy\" decoding=\"async\" width=\"1599\" height=\"1440\" src=\"https:\/\/guiesullsdelahistoria.cat\/app\/uploads\/2024\/11\/Sant-Joan-general.jpg\" class=\"w-full h-auto\" alt=\"Vista exterior de l\u2019esgl\u00e9sia de Sant Joan de Bo\u00ed des de la part posterior, amb les muntanyes al fons.\" srcset=\"https:\/\/guiesullsdelahistoria.cat\/app\/uploads\/2024\/11\/Sant-Joan-general.jpg 1599w, https:\/\/guiesullsdelahistoria.cat\/app\/uploads\/2024\/11\/Sant-Joan-general-300x270.jpg 300w, https:\/\/guiesullsdelahistoria.cat\/app\/uploads\/2024\/11\/Sant-Joan-general-1024x922.jpg 1024w, https:\/\/guiesullsdelahistoria.cat\/app\/uploads\/2024\/11\/Sant-Joan-general-768x692.jpg 768w, https:\/\/guiesullsdelahistoria.cat\/app\/uploads\/2024\/11\/Sant-Joan-general-1536x1383.jpg 1536w\" sizes=\"auto, (max-width: 1599px) 100vw, 1599px\" \/>\n              <figcaption class=\"pt-2 text-gray-800\">Vista posterior de Sant Joan de Bo\u00ed.<\/figcaption>\n          <\/figure>\n  <\/div>\n\n\n<section class=\"element audio-block\">\n  <div class=\"flex flex-col w-full gap-6\">\n    <div class=\"flex flex-col gap-3\">\n      <div class=\"flex gap-6\">\n                          <h2 class=\"text-2xl font-bold\">L\u2019esgl\u00e9sia amb m\u00e9s elements originals del segle XI<\/h2>\n              <\/div>\n          <\/div>\n    <div class=\"flex items-center justify-end gap-3\">\n              <div class=\"flex-1 audio-content\" dir=\"ltr\">\n          <audio id=\"audio-6007a743187e7ea6fcdcbb4795744fb6\" data-label=\"L\u2019esgl\u00e9sia amb m\u00e9s elements originals del segle XI\"\n            data-category=\"SANT-JOAN-DE-BOI-CAT-GENERAL-PLAY-1.mp3\" class=\"hidden\" controls\n            src=\"https:\/\/guiesullsdelahistoria.cat\/app\/uploads\/2024\/11\/SANT-JOAN-DE-BOI-CAT-GENERAL-PLAY-1.mp3\"><\/audio>\n          <div class=\"flex items-center w-full gap-3 transition-opacity opacity-0 meta\">\n            <progress class=\"flex-1 border-0 appearance-none\" value=\"0\" max=\"1\"><\/progress>\n            <div class=\"text-sm text-center shrink-0 current-time w-9\"><\/div>\n                      <\/div>\n        <\/div>\n            <div class=\"flex flex-col items-center gap-2 shrink-1 audio-control\">\n        <button\n  class=\"flex items-center justify-center w-32 max-w-32 h-32 max-h-32 transition-[max-height,_max-width] bg-black rounded-full btn text-accent\"\n  data-target=\"#audio-6007a743187e7ea6fcdcbb4795744fb6\">\n  <svg width=\"100%\" height=\"100%\" viewBox=\"0 0 36 36\" version=\"1.1\" xmlns=\"http:\/\/www.w3.org\/2000\/svg\" xmlns:xlink=\"http:\/\/www.w3.org\/1999\/xlink\">\n  <path id=\"ytp-12\" d=\"M11,10 L18,13.74 18,22.28 11,26 M18,13.74 L26,18 26,18 18,22.28\" fill=\"currentColor\">\n    <animate id=\"animation\" begin=\"indefinite\" attributeType=\"XML\" attributeName=\"d\" fill=\"freeze\" from=\"M11,10 L17,10 17,26 11,26 M20,10 L26,10 26,26 20,26\" to=\"M11,10 L18,13.74 18,22.28 11,26 M18,13.74 L26,18 26,18 18,22.28\" dur=\"0.1s\" keySplines=\".4 0 1 1\" repeatCount=\"1\" data-play=\"M11,10 L18,13.74 18,22.28 11,26 M18,13.74 L26,18 26,18 18,22.28\" data-pause=\"M11,10 L17,10 17,26 11,26 M20,10 L26,10 26,26 20,26\"><\/animate>\n  <\/path>\n<\/svg>\n<\/button>\n        <p class=\"text-base text-center\">Escolta<\/p>\n      <\/div>\n    <\/div>\n\n    \n          <div class=\"flex flex-wrap justify-between gap-6 md:justify-start\">\n                  <button data-target=\"#transcription-6007a743187e7ea6fcdcbb4795744fb6\" data-toggle=\"modal\" class=\"flex items-center gap-2\">\n            <svg class=\"w-6 h-6\" fill=\"none\" xmlns=\"http:\/\/www.w3.org\/2000\/svg\" viewBox=\"0 0 22 12\"><path d=\"M0 9.873v-6c0-.55.196-1.02.588-1.412A1.926 1.926 0 0 1 2 1.873h2c.55 0 1.02.196 1.412.588.392.391.588.862.588 1.412v6H4v-2H2v2H0Zm2-4h2v-2H2v2Zm6 4v-8h4c.55 0 1.02.196 1.412.588.392.391.588.862.588 1.412v4c0 .55-.196 1.021-.588 1.413A1.926 1.926 0 0 1 12 9.873H8Zm2-2h2v-4h-2v4Zm6.85.8-1.4-1.425c.183-.183.32-.391.413-.625.091-.233.137-.483.137-.75 0-.283-.046-.537-.137-.762a1.85 1.85 0 0 0-.413-.613l1.4-1.45c.367.367.65.792.85 1.275.2.484.3 1 .3 1.55s-.1 1.063-.3 1.538c-.2.475-.483.896-.85 1.262Zm2.825 2.825-1.45-1.375c.55-.55.983-1.187 1.3-1.912A5.775 5.775 0 0 0 20 5.873c0-.85-.158-1.633-.475-2.35a6.217 6.217 0 0 0-1.3-1.9l1.45-1.4a7.94 7.94 0 0 1 1.712 2.55c.409.967.613 2 .613 3.1s-.204 2.13-.613 3.088a7.977 7.977 0 0 1-1.712 2.537Z\" fill=\"#000\"\/><\/svg>            <span>Transcripci\u00f3<\/span>\n          <\/button>\n                      <\/div>\n      <\/div>\n\n      <div id=\"transcription-6007a743187e7ea6fcdcbb4795744fb6\"\n  class=\"fixed inset-0 z-50 hidden w-screen h-screen opacity-0 pointer-events-none modal transcription\"\n  tabindex=\"-1\" role=\"dialog\">\n  <div class=\"absolute w-full h-full bg-black opacity-75 modal-overlay\"><\/div>\n  <div\n    class=\"absolute z-30 w-11\/12 mx-auto overflow-y-auto text-black bg-white shadow-lg modal-container center-xy md:max-w-4xl\"\n    role=\"document\">\n    <div class=\"flex items-center justify-between px-4 py-4 text-gray-700 border-b md:px-8\">\n      <h2 class=\"!mb-0 font-bold\">Transcripci\u00f3<\/h2>\n      <div class=\"z-50 flex flex-col items-center ml-auto cursor-pointer rtl:ml-0 rtl:mr-auto modal-close\">\n        <svg class=\"w-auto h-6\" width=\"18\" height=\"23\" xmlns=\"http:\/\/www.w3.org\/2000\/svg\">\n  <g stroke=\"currentColor\" fill=\"none\" fill-rule=\"evenodd\" stroke-linecap=\"square\">\n    <path d=\"M.7248.974l16.1076 20.6167M16.655 1.2654L.9097 22.1601\" \/>\n  <\/g>\n<\/svg>        <div class=\"hidden\">Close<\/div>\n      <\/div>\n    <\/div>\n    <div class=\"px-4 py-8 overflow-y-auto max-h-modal md:px-8 modal-content\">\n      <div class=\"mb-8 flex flex-col gap-1.5\">\n                      <h3 class=\"text-xl font-bold\">L\u2019esgl\u00e9sia amb m\u00e9s elements originals del segle XI<\/h3>\n                            <\/div>\n            <p>Sant Joan de Bo\u00ed \u00e9s l\u2019esgl\u00e9sia que conserva m\u00e9s elements arquitect\u00f2nics del primer moment constructiu de la Vall de Bo\u00ed, al segle xi. Els murs de l\u2019esgl\u00e9sia i la base del campanar, constru\u00efts amb carreus irregulars, s\u00f3n el que queda d\u2019aquest per\u00edode.<br \/>\nDos dels absis originals, el central i el de l\u2019esquerra, van desapar\u00e8ixer, segurament durant les reformes dels segles xvii i xviii.<br \/>\nEl campanar \u00e9s un exemple clar de l\u2019evoluci\u00f3 constructiva de l\u2019esgl\u00e9sia: la base correspon al primer per\u00edode rom\u00e0nic, del segle xi; els dos pisos seg\u00fcents s\u00f3n del segle xii, i el darrer \u00e9s obra d\u2019una reforma del segle xvi.<br \/>\nUna de les curiositats d\u2019aquest campanar \u00e9s que est\u00e0 perfectament alineat amb els de Santa Eul\u00e0lia d\u2019Erill la Vall i Sant Climent de Ta\u00fcll.<br \/>\nPer continuar la visita, ves a la fa\u00e7ana lateral de la teva dreta, la que t\u00e9 les pintures.<\/p>\n    <\/div>\n  <\/div>\n<\/div>\n    <\/section>\n\n\n<div class=\"flex flex-col gap-6 element video-block\">\n  <div class=\"flex flex-col gap-3\">\n      <\/div>\n            <div class=\"relative w-full h-auto bg-black cursor-pointer text-accent lightgallery-video aspect-video\"\n        data-lg-size=\"1280-720\" data-src=\"https:\/\/www.youtube.com\/watch?v=l1Wi4_YJh7U\">\n                  <div class=\"absolute inset-0\" style=\"background-color: rgba(0,0,0,0.2)\"><\/div>\n          <svg class=\"absolute top-1\/2 left-1\/2 transform -translate-x-1\/2 -translate-y-1\/2 w-20 h-20 pointer-events-none\" fill=\"none\" xmlns=\"http:\/\/www.w3.org\/2000\/svg\" viewBox=\"0 0 80 81\">\n  <path\n    d=\"m30 58.873 28-18-28-18v36Zm10 22c-5.533 0-10.733-1.05-15.6-3.15-4.867-2.1-9.1-4.95-12.7-8.55-3.6-3.6-6.45-7.833-8.55-12.7C1.05 51.606 0 46.406 0 40.873c0-5.533 1.05-10.733 3.15-15.6 2.1-4.867 4.95-9.1 8.55-12.7 3.6-3.6 7.833-6.45 12.7-8.55 4.867-2.1 10.067-3.15 15.6-3.15 5.533 0 10.733 1.05 15.6 3.15 4.867 2.1 9.1 4.95 12.7 8.55 3.6 3.6 6.45 7.833 8.55 12.7C78.95 30.14 80 35.34 80 40.873c0 5.533-1.05 10.733-3.15 15.6-2.1 4.867-4.95 9.1-8.55 12.7-3.6 3.6-7.833 6.45-12.7 8.55-4.867 2.1-10.067 3.15-15.6 3.15Z\"\n    fill=\"currentColor\" \/>\n<\/svg>          <img decoding=\"async\" class=\"object-cover object-center w-full h-auto aspect-video\" src=\"https:\/\/i.ytimg.com\/vi\/l1Wi4_YJh7U\/sddefault.jpg\" \/>\n              <\/div>\n      <\/div>\n\n\n<div class=\"flex flex-col gap-3 element text-block\">\n  <div class=\"flex items-center gap-6\">\n              <h2 class=\"text-2xl font-bold\">5c Fa\u00e7ana lateral<\/h2>\n      <\/div>\n    <\/div>\n\n\n<div class=\"flex flex-col gap-6 element image-block\">\n  <div class=\"flex flex-col gap-3\">\n      <\/div>\n      <figure>\n      <img loading=\"lazy\" decoding=\"async\" width=\"966\" height=\"1426\" src=\"https:\/\/guiesullsdelahistoria.cat\/app\/uploads\/2024\/11\/Sant_Joan_de_Boi_pintures_exterior_DSC9499.jpg\" class=\"w-full h-auto\" alt=\"Vista de les pintures exteriors de l\u2019esgl\u00e9sia de Sant Joan de Bo\u00ed al voltant de l\u2019antiga porta d\u2019entrada.\" srcset=\"https:\/\/guiesullsdelahistoria.cat\/app\/uploads\/2024\/11\/Sant_Joan_de_Boi_pintures_exterior_DSC9499.jpg 966w, https:\/\/guiesullsdelahistoria.cat\/app\/uploads\/2024\/11\/Sant_Joan_de_Boi_pintures_exterior_DSC9499-203x300.jpg 203w, https:\/\/guiesullsdelahistoria.cat\/app\/uploads\/2024\/11\/Sant_Joan_de_Boi_pintures_exterior_DSC9499-694x1024.jpg 694w, https:\/\/guiesullsdelahistoria.cat\/app\/uploads\/2024\/11\/Sant_Joan_de_Boi_pintures_exterior_DSC9499-768x1134.jpg 768w\" sizes=\"auto, (max-width: 966px) 100vw, 966px\" \/>\n              <figcaption class=\"pt-2 text-gray-800\">Vista de les pintures exteriors de Sant Joan de Bo\u00ed.<\/figcaption>\n          <\/figure>\n  <\/div>\n\n\n<section class=\"element audio-block\">\n  <div class=\"flex flex-col w-full gap-6\">\n    <div class=\"flex flex-col gap-3\">\n      <div class=\"flex gap-6\">\n                          <h2 class=\"text-2xl font-bold\">Les pintures exteriors<\/h2>\n              <\/div>\n          <\/div>\n    <div class=\"flex items-center justify-end gap-3\">\n              <div class=\"flex-1 audio-content\" dir=\"ltr\">\n          <audio id=\"audio-3b2e272df8bb7eb0b6298c382fcfdf77\" data-label=\"Les pintures exteriors\"\n            data-category=\"SANT-JOAN-DE-BOI-CAT-GENERAL-PLAY-2.mp3\" class=\"hidden\" controls\n            src=\"https:\/\/guiesullsdelahistoria.cat\/app\/uploads\/2024\/11\/SANT-JOAN-DE-BOI-CAT-GENERAL-PLAY-2.mp3\"><\/audio>\n          <div class=\"flex items-center w-full gap-3 transition-opacity opacity-0 meta\">\n            <progress class=\"flex-1 border-0 appearance-none\" value=\"0\" max=\"1\"><\/progress>\n            <div class=\"text-sm text-center shrink-0 current-time w-9\"><\/div>\n                      <\/div>\n        <\/div>\n            <div class=\"flex flex-col items-center gap-2 shrink-1 audio-control\">\n        <button\n  class=\"flex items-center justify-center w-32 max-w-32 h-32 max-h-32 transition-[max-height,_max-width] bg-black rounded-full btn text-accent\"\n  data-target=\"#audio-3b2e272df8bb7eb0b6298c382fcfdf77\">\n  <svg width=\"100%\" height=\"100%\" viewBox=\"0 0 36 36\" version=\"1.1\" xmlns=\"http:\/\/www.w3.org\/2000\/svg\" xmlns:xlink=\"http:\/\/www.w3.org\/1999\/xlink\">\n  <path id=\"ytp-12\" d=\"M11,10 L18,13.74 18,22.28 11,26 M18,13.74 L26,18 26,18 18,22.28\" fill=\"currentColor\">\n    <animate id=\"animation\" begin=\"indefinite\" attributeType=\"XML\" attributeName=\"d\" fill=\"freeze\" from=\"M11,10 L17,10 17,26 11,26 M20,10 L26,10 26,26 20,26\" to=\"M11,10 L18,13.74 18,22.28 11,26 M18,13.74 L26,18 26,18 18,22.28\" dur=\"0.1s\" keySplines=\".4 0 1 1\" repeatCount=\"1\" data-play=\"M11,10 L18,13.74 18,22.28 11,26 M18,13.74 L26,18 26,18 18,22.28\" data-pause=\"M11,10 L17,10 17,26 11,26 M20,10 L26,10 26,26 20,26\"><\/animate>\n  <\/path>\n<\/svg>\n<\/button>\n        <p class=\"text-base text-center\">Escolta<\/p>\n      <\/div>\n    <\/div>\n\n    \n          <div class=\"flex flex-wrap justify-between gap-6 md:justify-start\">\n                  <button data-target=\"#transcription-3b2e272df8bb7eb0b6298c382fcfdf77\" data-toggle=\"modal\" class=\"flex items-center gap-2\">\n            <svg class=\"w-6 h-6\" fill=\"none\" xmlns=\"http:\/\/www.w3.org\/2000\/svg\" viewBox=\"0 0 22 12\"><path d=\"M0 9.873v-6c0-.55.196-1.02.588-1.412A1.926 1.926 0 0 1 2 1.873h2c.55 0 1.02.196 1.412.588.392.391.588.862.588 1.412v6H4v-2H2v2H0Zm2-4h2v-2H2v2Zm6 4v-8h4c.55 0 1.02.196 1.412.588.392.391.588.862.588 1.412v4c0 .55-.196 1.021-.588 1.413A1.926 1.926 0 0 1 12 9.873H8Zm2-2h2v-4h-2v4Zm6.85.8-1.4-1.425c.183-.183.32-.391.413-.625.091-.233.137-.483.137-.75 0-.283-.046-.537-.137-.762a1.85 1.85 0 0 0-.413-.613l1.4-1.45c.367.367.65.792.85 1.275.2.484.3 1 .3 1.55s-.1 1.063-.3 1.538c-.2.475-.483.896-.85 1.262Zm2.825 2.825-1.45-1.375c.55-.55.983-1.187 1.3-1.912A5.775 5.775 0 0 0 20 5.873c0-.85-.158-1.633-.475-2.35a6.217 6.217 0 0 0-1.3-1.9l1.45-1.4a7.94 7.94 0 0 1 1.712 2.55c.409.967.613 2 .613 3.1s-.204 2.13-.613 3.088a7.977 7.977 0 0 1-1.712 2.537Z\" fill=\"#000\"\/><\/svg>            <span>Transcripci\u00f3<\/span>\n          <\/button>\n                      <\/div>\n      <\/div>\n\n      <div id=\"transcription-3b2e272df8bb7eb0b6298c382fcfdf77\"\n  class=\"fixed inset-0 z-50 hidden w-screen h-screen opacity-0 pointer-events-none modal transcription\"\n  tabindex=\"-1\" role=\"dialog\">\n  <div class=\"absolute w-full h-full bg-black opacity-75 modal-overlay\"><\/div>\n  <div\n    class=\"absolute z-30 w-11\/12 mx-auto overflow-y-auto text-black bg-white shadow-lg modal-container center-xy md:max-w-4xl\"\n    role=\"document\">\n    <div class=\"flex items-center justify-between px-4 py-4 text-gray-700 border-b md:px-8\">\n      <h2 class=\"!mb-0 font-bold\">Transcripci\u00f3<\/h2>\n      <div class=\"z-50 flex flex-col items-center ml-auto cursor-pointer rtl:ml-0 rtl:mr-auto modal-close\">\n        <svg class=\"w-auto h-6\" width=\"18\" height=\"23\" xmlns=\"http:\/\/www.w3.org\/2000\/svg\">\n  <g stroke=\"currentColor\" fill=\"none\" fill-rule=\"evenodd\" stroke-linecap=\"square\">\n    <path d=\"M.7248.974l16.1076 20.6167M16.655 1.2654L.9097 22.1601\" \/>\n  <\/g>\n<\/svg>        <div class=\"hidden\">Close<\/div>\n      <\/div>\n    <\/div>\n    <div class=\"px-4 py-8 overflow-y-auto max-h-modal md:px-8 modal-content\">\n      <div class=\"mb-8 flex flex-col gap-1.5\">\n                      <h3 class=\"text-xl font-bold\">Les pintures exteriors<\/h3>\n                            <\/div>\n            <p>A l\u2019esgl\u00e9sia de Sant Joan, el que crida m\u00e9s l\u2019atenci\u00f3 i que segurament ja deus haver vist s\u00f3n les pintures murals de la fa\u00e7ana nord, situades al voltant del que era l\u2019entrada original. De fet, aquesta esgl\u00e9sia, la de Sant Climent i la de Santa Maria s\u00f3n les \u00faniques que han conservat pintures a l\u2019exterior. Les que veus, per\u00f2, s\u00f3n c\u00f2pies, perqu\u00e8 les originals es guarden al MNAC. L\u2019arrebossat de la fa\u00e7ana, en canvi, \u00e9s original.<\/p>\n<p>En aquest cas, les pintures reprodueixen una visi\u00f3 de D\u00e9u, representat en el crism\u00f3, el s\u00edmbol de Crist a partir de les seves inicials en grec. Actualment aquest crism\u00f3 no es pot veure, per\u00f2 estaria inscrit a la circumfer\u00e8ncia de la part central del conjunt, sostinguda per quatre \u00e0ngels. A una banda d\u2019aquesta escena hi ha representat un sant amb un llibre a la m\u00e0; a l\u2019altra, tres personatges que contemplen la visi\u00f3 central. Una sanefa amb motius geom\u00e8trics emmarca tot el conjunt.<\/p>\n<p>Origin\u00e0riament, les pintures i l\u2019arrebossat estaven protegides per un porxo, que va ser enderrocat en algun moment. Aquest porxo acollia els feligresos i els protegia de les inclem\u00e8ncies meteorol\u00f2giques. Per\u00f2 tamb\u00e9 podia ser un lloc de parada de les processons, un espai on celebrar actes lit\u00fargics i tamb\u00e9 socials, com ara judicis. El porxo, a m\u00e9s, tenia una funci\u00f3 simb\u00f2lica: era l\u2019espai de transici\u00f3 entre la vida quotidiana i l\u2019entrada a la casa de D\u00e9u.<\/p>\n<p>Per\u00f2 aquesta paret encara guarda un altre tresor. A un costat i l\u2019altre de la porta, algunes persones hi van deixar la seva empremta, en forma de grafits fets amb algun objecte punxegut. Igual que passa amb les pintures, aquests grafits s\u00f3n una c\u00f2pia dels originals. Si t\u2019hi fixes, s\u2019hi distingeixen diverses escenes de car\u00e0cter militar, amb torres, cavalls, estrelles i, fins i tot, un soldat tocant el corn. Un testimoni de l\u2019expressi\u00f3 popular d\u2019altres temps.<\/p>\n<p><em>So d\u2019interfer\u00e8ncies.<\/em><br \/>\n<strong>Nen<\/strong> (nervi\u00f3s): Vols parar?<br \/>\n<strong>Nena:<\/strong> Mira aquest cavall: el va fer la meva mare. I aquest soldat sobre el castell, tamb\u00e9.<br \/>\n<strong>Nen:<\/strong> Els soldats no s\u00f3n aix\u00ed.<br \/>\n<strong>Nena:<\/strong> Aquest soldat toca la trompeta. Aviat hi haur\u00e0 una batalla.<br \/>\n<strong>Nen:<\/strong> Tu no hi dibuixis res! Si et veu el moss\u00e8n s\u2019enfadar\u00e0.<br \/>\n<strong>Nena:<\/strong> Hi far\u00e9 unes ratlles, aqu\u00ed. Seran com uns raigs de sol.<br \/>\n<strong>Nen<\/strong> (molt nervi\u00f3s): Vigila, que surt el moss\u00e8n!<br \/>\n<em>So d\u2019interfer\u00e8ncies.<\/em><\/p>\n<p>Una darrera curiositat, abans d\u2019entrar. En aquesta paret tamb\u00e9 hi pots veure unes figures o taques en tons vermells i ocres. S\u00f3n marques del ritual de consagraci\u00f3 de l\u2019esgl\u00e9sia, \u00e9s a dir, de l\u2019acte de convertir-la en sagrada i apta per al culte div\u00ed.<br \/>\nPer continuar la visita, ves a dins per la porta de la fa\u00e7ana de la teva dreta. La porta que tens davant era l\u2019entrada original, per\u00f2 fa temps que no es fa servir.<\/p>\n    <\/div>\n  <\/div>\n<\/div>\n    <\/section>\n\n\n<div class=\"flex flex-col gap-6 element video-block\">\n  <div class=\"flex flex-col gap-3\">\n      <\/div>\n            <div class=\"relative w-full h-auto bg-black cursor-pointer text-accent lightgallery-video aspect-video\"\n        data-lg-size=\"1280-720\" data-src=\"https:\/\/www.youtube.com\/watch?v=C3oUymCaJjo\">\n                  <div class=\"absolute inset-0\" style=\"background-color: rgba(0,0,0,0.2)\"><\/div>\n          <svg class=\"absolute top-1\/2 left-1\/2 transform -translate-x-1\/2 -translate-y-1\/2 w-20 h-20 pointer-events-none\" fill=\"none\" xmlns=\"http:\/\/www.w3.org\/2000\/svg\" viewBox=\"0 0 80 81\">\n  <path\n    d=\"m30 58.873 28-18-28-18v36Zm10 22c-5.533 0-10.733-1.05-15.6-3.15-4.867-2.1-9.1-4.95-12.7-8.55-3.6-3.6-6.45-7.833-8.55-12.7C1.05 51.606 0 46.406 0 40.873c0-5.533 1.05-10.733 3.15-15.6 2.1-4.867 4.95-9.1 8.55-12.7 3.6-3.6 7.833-6.45 12.7-8.55 4.867-2.1 10.067-3.15 15.6-3.15 5.533 0 10.733 1.05 15.6 3.15 4.867 2.1 9.1 4.95 12.7 8.55 3.6 3.6 6.45 7.833 8.55 12.7C78.95 30.14 80 35.34 80 40.873c0 5.533-1.05 10.733-3.15 15.6-2.1 4.867-4.95 9.1-8.55 12.7-3.6 3.6-7.833 6.45-12.7 8.55-4.867 2.1-10.067 3.15-15.6 3.15Z\"\n    fill=\"currentColor\" \/>\n<\/svg>          <img decoding=\"async\" class=\"object-cover object-center w-full h-auto aspect-video\" src=\"https:\/\/i.ytimg.com\/vi\/C3oUymCaJjo\/sddefault.jpg\" \/>\n              <\/div>\n      <\/div>\n\n\n<div class=\"flex flex-col gap-3 element text-block\">\n  <div class=\"flex items-center gap-6\">\n              <h2 class=\"text-2xl font-bold\">5d Base de la nau central<\/h2>\n      <\/div>\n    <\/div>\n\n\n<div class=\"flex flex-col gap-6 element image-block\">\n  <div class=\"flex flex-col gap-3\">\n      <\/div>\n      <figure>\n      <img loading=\"lazy\" decoding=\"async\" width=\"1452\" height=\"966\" src=\"https:\/\/guiesullsdelahistoria.cat\/app\/uploads\/2024\/11\/Sant_Joan_de_Boi_pintures_nau_esquerra_DSC2177.jpg\" class=\"w-full h-auto\" alt=\"Conjunt de pintures murals de la nau esquerra mirant cap a l\u2019altar de l\u2019interior de l\u2019esgl\u00e9sia de Sant Joan de Bo\u00ed.\" srcset=\"https:\/\/guiesullsdelahistoria.cat\/app\/uploads\/2024\/11\/Sant_Joan_de_Boi_pintures_nau_esquerra_DSC2177.jpg 1452w, https:\/\/guiesullsdelahistoria.cat\/app\/uploads\/2024\/11\/Sant_Joan_de_Boi_pintures_nau_esquerra_DSC2177-300x200.jpg 300w, https:\/\/guiesullsdelahistoria.cat\/app\/uploads\/2024\/11\/Sant_Joan_de_Boi_pintures_nau_esquerra_DSC2177-1024x681.jpg 1024w, https:\/\/guiesullsdelahistoria.cat\/app\/uploads\/2024\/11\/Sant_Joan_de_Boi_pintures_nau_esquerra_DSC2177-768x511.jpg 768w\" sizes=\"auto, (max-width: 1452px) 100vw, 1452px\" \/>\n              <figcaption class=\"pt-2 text-gray-800\">Pintures a l\u2019interior d\u2019una de les naus de Sant Joan de Bo\u00ed.<\/figcaption>\n          <\/figure>\n  <\/div>\n\n\n<section class=\"element audio-block\">\n  <div class=\"flex flex-col w-full gap-6\">\n    <div class=\"flex flex-col gap-3\">\n      <div class=\"flex gap-6\">\n                          <h2 class=\"text-2xl font-bold\">Les pintures murals i la seva funci\u00f3 alli\u00e7onadora<\/h2>\n              <\/div>\n          <\/div>\n    <div class=\"flex items-center justify-end gap-3\">\n              <div class=\"flex-1 audio-content\" dir=\"ltr\">\n          <audio id=\"audio-0c7d0f28bc965d55bb5e998f5596e7c0\" data-label=\"Les pintures murals i la seva funci\u00f3 alli\u00e7onadora\"\n            data-category=\"SANT-JOAN-DE-BOI-CAT-GENERAL-PLAY-3-2.mp3\" class=\"hidden\" controls\n            src=\"https:\/\/guiesullsdelahistoria.cat\/app\/uploads\/2024\/11\/SANT-JOAN-DE-BOI-CAT-GENERAL-PLAY-3-2.mp3\"><\/audio>\n          <div class=\"flex items-center w-full gap-3 transition-opacity opacity-0 meta\">\n            <progress class=\"flex-1 border-0 appearance-none\" value=\"0\" max=\"1\"><\/progress>\n            <div class=\"text-sm text-center shrink-0 current-time w-9\"><\/div>\n                      <\/div>\n        <\/div>\n            <div class=\"flex flex-col items-center gap-2 shrink-1 audio-control\">\n        <button\n  class=\"flex items-center justify-center w-32 max-w-32 h-32 max-h-32 transition-[max-height,_max-width] bg-black rounded-full btn text-accent\"\n  data-target=\"#audio-0c7d0f28bc965d55bb5e998f5596e7c0\">\n  <svg width=\"100%\" height=\"100%\" viewBox=\"0 0 36 36\" version=\"1.1\" xmlns=\"http:\/\/www.w3.org\/2000\/svg\" xmlns:xlink=\"http:\/\/www.w3.org\/1999\/xlink\">\n  <path id=\"ytp-12\" d=\"M11,10 L18,13.74 18,22.28 11,26 M18,13.74 L26,18 26,18 18,22.28\" fill=\"currentColor\">\n    <animate id=\"animation\" begin=\"indefinite\" attributeType=\"XML\" attributeName=\"d\" fill=\"freeze\" from=\"M11,10 L17,10 17,26 11,26 M20,10 L26,10 26,26 20,26\" to=\"M11,10 L18,13.74 18,22.28 11,26 M18,13.74 L26,18 26,18 18,22.28\" dur=\"0.1s\" keySplines=\".4 0 1 1\" repeatCount=\"1\" data-play=\"M11,10 L18,13.74 18,22.28 11,26 M18,13.74 L26,18 26,18 18,22.28\" data-pause=\"M11,10 L17,10 17,26 11,26 M20,10 L26,10 26,26 20,26\"><\/animate>\n  <\/path>\n<\/svg>\n<\/button>\n        <p class=\"text-base text-center\">Escolta<\/p>\n      <\/div>\n    <\/div>\n\n    \n          <div class=\"flex flex-wrap justify-between gap-6 md:justify-start\">\n                  <button data-target=\"#transcription-0c7d0f28bc965d55bb5e998f5596e7c0\" data-toggle=\"modal\" class=\"flex items-center gap-2\">\n            <svg class=\"w-6 h-6\" fill=\"none\" xmlns=\"http:\/\/www.w3.org\/2000\/svg\" viewBox=\"0 0 22 12\"><path d=\"M0 9.873v-6c0-.55.196-1.02.588-1.412A1.926 1.926 0 0 1 2 1.873h2c.55 0 1.02.196 1.412.588.392.391.588.862.588 1.412v6H4v-2H2v2H0Zm2-4h2v-2H2v2Zm6 4v-8h4c.55 0 1.02.196 1.412.588.392.391.588.862.588 1.412v4c0 .55-.196 1.021-.588 1.413A1.926 1.926 0 0 1 12 9.873H8Zm2-2h2v-4h-2v4Zm6.85.8-1.4-1.425c.183-.183.32-.391.413-.625.091-.233.137-.483.137-.75 0-.283-.046-.537-.137-.762a1.85 1.85 0 0 0-.413-.613l1.4-1.45c.367.367.65.792.85 1.275.2.484.3 1 .3 1.55s-.1 1.063-.3 1.538c-.2.475-.483.896-.85 1.262Zm2.825 2.825-1.45-1.375c.55-.55.983-1.187 1.3-1.912A5.775 5.775 0 0 0 20 5.873c0-.85-.158-1.633-.475-2.35a6.217 6.217 0 0 0-1.3-1.9l1.45-1.4a7.94 7.94 0 0 1 1.712 2.55c.409.967.613 2 .613 3.1s-.204 2.13-.613 3.088a7.977 7.977 0 0 1-1.712 2.537Z\" fill=\"#000\"\/><\/svg>            <span>Transcripci\u00f3<\/span>\n          <\/button>\n                      <\/div>\n      <\/div>\n\n      <div id=\"transcription-0c7d0f28bc965d55bb5e998f5596e7c0\"\n  class=\"fixed inset-0 z-50 hidden w-screen h-screen opacity-0 pointer-events-none modal transcription\"\n  tabindex=\"-1\" role=\"dialog\">\n  <div class=\"absolute w-full h-full bg-black opacity-75 modal-overlay\"><\/div>\n  <div\n    class=\"absolute z-30 w-11\/12 mx-auto overflow-y-auto text-black bg-white shadow-lg modal-container center-xy md:max-w-4xl\"\n    role=\"document\">\n    <div class=\"flex items-center justify-between px-4 py-4 text-gray-700 border-b md:px-8\">\n      <h2 class=\"!mb-0 font-bold\">Transcripci\u00f3<\/h2>\n      <div class=\"z-50 flex flex-col items-center ml-auto cursor-pointer rtl:ml-0 rtl:mr-auto modal-close\">\n        <svg class=\"w-auto h-6\" width=\"18\" height=\"23\" xmlns=\"http:\/\/www.w3.org\/2000\/svg\">\n  <g stroke=\"currentColor\" fill=\"none\" fill-rule=\"evenodd\" stroke-linecap=\"square\">\n    <path d=\"M.7248.974l16.1076 20.6167M16.655 1.2654L.9097 22.1601\" \/>\n  <\/g>\n<\/svg>        <div class=\"hidden\">Close<\/div>\n      <\/div>\n    <\/div>\n    <div class=\"px-4 py-8 overflow-y-auto max-h-modal md:px-8 modal-content\">\n      <div class=\"mb-8 flex flex-col gap-1.5\">\n                      <h3 class=\"text-xl font-bold\">Les pintures murals i la seva funci\u00f3 alli\u00e7onadora<\/h3>\n                            <\/div>\n            <p>A l\u2019interior de l\u2019esgl\u00e9sia de Sant Joan criden l\u2019atenci\u00f3 la gran quantitat de pintures murals, la vivesa dels colors emprats i la diversitat dels temes que s\u2019hi representen. Igual que les de l\u2019exterior, no s\u00f3n les originals, sin\u00f3 reproduccions fidels de les que es conserven al MNAC.<br \/>\nI quin sentit tenien totes aquestes escenes decorant les parets d\u2019una esgl\u00e9sia? La import\u00e0ncia de les pintures murals a l\u2019edat mitjana era molt gran, perqu\u00e8, a m\u00e9s d\u2019estar dedicades a la gl\u00f2ria de D\u00e9u i de ser una eina de poder, tenien una funci\u00f3 alli\u00e7onadora, car la major part del poble no sabia llegir i la imatge, juntament amb la paraula, era la forma d\u2019evangelitzaci\u00f3 m\u00e9s efectiva.<br \/>\nEls temes de les pintures que pots observar s\u00f3n variats i es poden dividir en dos nivells de representaci\u00f3: d\u2019una banda, hi ha els sants o benaurats, que ocupen la major part dels murs i representen l\u2019univers celestial; de l\u2019altra, els \u00e9ssers del bestiari, criatures que poblen el m\u00f3n terrenal, que es representen en escenes situades per sota de les anteriors, sota els arcs. Tancant el repertori, al mur del costat de la porta, hi hauria representat el judici final, per\u00f2 aquestes pintures no estan reprodu\u00efdes a l\u2019esgl\u00e9sia.<br \/>\nPel que fa als sants, una de les escenes m\u00e9s importants \u00e9s la lapidaci\u00f3 de sant Esteve. Per trobar-la t\u2019has de despla\u00e7ar al final de la nau de l\u2019esquerra i mirar cap amunt i a la dreta, al damunt d\u2019una de les arcades. Aquesta escena representa la fortalesa del m\u00e0rtir com un exemple a seguir, les proves i les dificultats que han de superar els bons fidels.<br \/>\nLa seg\u00fcent escena destacada la tens al mur de la teva esquerra. \u00c9s l\u2019escena dels joglars, protagonitzada per un m\u00fasic, un malabarista i un equilibrista que, penjat de cap per avall, pret\u00e9n agafar les espases amb la boca. \u00c9s una de les m\u00e9s curioses del conjunt, perqu\u00e8 \u00e9s una de les poques que no t\u00e9 car\u00e0cter religi\u00f3s. \u00c9s una representaci\u00f3 de la festa i la celebraci\u00f3 en l\u2019univers celestial, de la m\u00fasica i l\u2019alegria de la qual s\u00f3n part\u00edcips els personatges sagrats. Per\u00f2 tamb\u00e9 podria tenir a veure amb la celebraci\u00f3 per la consagraci\u00f3 de l\u2019esgl\u00e9sia \u2014un tema, per cert, poc habitual en el rom\u00e0nic catal\u00e0.<br \/>\nFixa\u2019t, ara, en els \u00e9ssers del bestiari, els animals reals i fant\u00e0stics situats principalment a les columnes. Aquests \u00e9ssers eren representats amb un significat moralitzador, i els seus h\u00e0bits i costums personificaven vicis i virtuts humans. Hi pots veure un elefant, un lle\u00f3, una pantera o un camell. I a la porta lateral, un gall, s\u00edmbol de l\u2019arribada d\u2019un nou dia i de la resurrecci\u00f3 de Crist. <\/p>\n<p>Vols veure com es va pintar aquesta esgl\u00e9sia? Prem el recurs virtual i descobrir\u00e0s com treballaven els mestres al segle XII. Despr\u00e9s ves cap a l\u2019entrada i col\u00b7loca\u2019t a la nau de l\u2019esquerra, mirant cap a la porta.<\/p>\n    <\/div>\n  <\/div>\n<\/div>\n    <\/section>\n\n\n<div class=\"flex flex-col gap-6 element video-block\">\n  <div class=\"flex flex-col gap-3\">\n      <\/div>\n            <div class=\"relative w-full h-auto bg-black cursor-pointer text-accent lightgallery-video aspect-video\"\n        data-lg-size=\"1280-720\" data-src=\"https:\/\/www.youtube.com\/watch?v=RJuxIfUAcpw\">\n                  <div class=\"absolute inset-0\" style=\"background-color: rgba(0,0,0,0.2)\"><\/div>\n          <svg class=\"absolute top-1\/2 left-1\/2 transform -translate-x-1\/2 -translate-y-1\/2 w-20 h-20 pointer-events-none\" fill=\"none\" xmlns=\"http:\/\/www.w3.org\/2000\/svg\" viewBox=\"0 0 80 81\">\n  <path\n    d=\"m30 58.873 28-18-28-18v36Zm10 22c-5.533 0-10.733-1.05-15.6-3.15-4.867-2.1-9.1-4.95-12.7-8.55-3.6-3.6-6.45-7.833-8.55-12.7C1.05 51.606 0 46.406 0 40.873c0-5.533 1.05-10.733 3.15-15.6 2.1-4.867 4.95-9.1 8.55-12.7 3.6-3.6 7.833-6.45 12.7-8.55 4.867-2.1 10.067-3.15 15.6-3.15 5.533 0 10.733 1.05 15.6 3.15 4.867 2.1 9.1 4.95 12.7 8.55 3.6 3.6 6.45 7.833 8.55 12.7C78.95 30.14 80 35.34 80 40.873c0 5.533-1.05 10.733-3.15 15.6-2.1 4.867-4.95 9.1-8.55 12.7-3.6 3.6-7.833 6.45-12.7 8.55-4.867 2.1-10.067 3.15-15.6 3.15Z\"\n    fill=\"currentColor\" \/>\n<\/svg>          <img decoding=\"async\" class=\"object-cover object-center w-full h-auto aspect-video\" src=\"https:\/\/i.ytimg.com\/vi\/RJuxIfUAcpw\/sddefault.jpg\" \/>\n              <\/div>\n      <\/div>\n\n\n<div class=\"flex flex-col gap-3 element interactive-block\">\n  <div class=\"flex items-center gap-6\">\n              <h2 class=\"text-2xl font-bold\">Recurs virtual: Recreaci\u00f3 de 360\u2070 de l\u2019interior de l\u2019esgl\u00e9sia al segle XII<\/h2>\n      <\/div>\n          <div class=\"flex justify-end w-full\">\n      <div class=\"flex flex-col items-center gap-2 shrink-1\">\n        <button data-target=\"#embed-69f5b6ec26120\" data-toggle=\"modal\"\n          class=\"flex items-center justify-center w-32 h-32 bg-black rounded-full text-accent\">\n          <svg class=\"w-16 h-auto\" width=\"60\" height=\"61\" viewBox=\"0 0 60 61\" fill=\"none\" xmlns=\"http:\/\/www.w3.org\/2000\/svg\">\n  <mask id=\"mask0_3878_987\" style=\"mask-type:alpha\" maskUnits=\"userSpaceOnUse\" x=\"0\" y=\"0\" width=\"60\" height=\"61\">\n    <rect y=\"0.873047\" width=\"60\" height=\"60\" fill=\"white\" \/>\n  <\/mask>\n  <g mask=\"url(#mask0_3878_987)\">\n    <path\n      d=\"M21 49.873L16.8 45.673L22.05 40.273C15.65 39.423 10.375 37.673 6.225 35.023C2.075 32.373 0 29.323 0 25.873C0 21.723 2.8875 18.1855 8.6625 15.2605C14.4375 12.3355 21.55 10.873 30 10.873C38.45 10.873 45.5625 12.3355 51.3375 15.2605C57.1125 18.1855 60 21.723 60 25.873C60 28.973 58.3375 31.748 55.0125 34.198C51.6875 36.648 47.35 38.473 42 39.673V33.523C45.85 32.523 48.8125 31.2855 50.8875 29.8105C52.9625 28.3355 54 27.023 54 25.873C54 24.273 51.8625 22.373 47.5875 20.173C43.3125 17.973 37.45 16.873 30 16.873C22.55 16.873 16.6875 17.973 12.4125 20.173C8.1375 22.373 6 24.273 6 25.873C6 27.073 7.275 28.5105 9.825 30.1855C12.375 31.8605 16 33.123 20.7 33.973L16.8 30.073L21 25.873L33 37.873L21 49.873Z\"\n      fill=\"currentColor\" \/>\n  <\/g>\n<\/svg>\n        <\/button>\n                  <p class=\"text-base text-center\">Mira<\/p>\n              <\/div>\n    <\/div>\n    <div id=\"embed-69f5b6ec26120\"\n  class=\"fixed inset-0 z-50 hidden w-screen h-screen opacity-0 pointer-events-none modal embed-container\"\n  tabindex=\"-1\" role=\"dialog\">\n  <div class=\"absolute w-full h-full bg-black opacity-75 modal-overlay\"><\/div>\n  <div\n    class=\"absolute z-30 w-11\/12 mx-auto overflow-y-auto text-black bg-white shadow-lg modal-container center-xy md:max-w-4xl\"\n    role=\"document\">\n    <div class=\"flex items-center justify-between px-4 py-4 text-gray-700 border-b md:px-8\">\n      <h2 class=\"!mb-0 font-bold\">Mira<\/h2>\n      <div class=\"z-50 flex flex-col items-center ml-auto cursor-pointer rtl:ml-0 rtl:mr-auto modal-close\">\n        <svg class=\"w-auto h-6\" width=\"18\" height=\"23\" xmlns=\"http:\/\/www.w3.org\/2000\/svg\">\n  <g stroke=\"currentColor\" fill=\"none\" fill-rule=\"evenodd\" stroke-linecap=\"square\">\n    <path d=\"M.7248.974l16.1076 20.6167M16.655 1.2654L.9097 22.1601\" \/>\n  <\/g>\n<\/svg>        <div class=\"hidden\">Close<\/div>\n      <\/div>\n    <\/div>\n    <div class=\"px-4 py-8 overflow-y-auto max-h-modal md:px-8 modal-content\">\n      <p><iframe loading=\"lazy\" src=\"https:\/\/guiesullsdelahistoria.cat\/static\/360-boi\/index.htm\" width=\"1920\" height=\"1080\" frameborder=\"0\"><\/iframe><\/p>\n    <\/div>\n  <\/div>\n<\/div>\n  <\/div>\n\n\n<div class=\"flex flex-col gap-3 element text-block\">\n  <div class=\"flex items-center gap-6\">\n              <h2 class=\"text-2xl font-bold\">5e Base de la nau lateral<\/h2>\n      <\/div>\n    <\/div>\n\n\n<div class=\"flex flex-col gap-6 element image-block\">\n  <div class=\"flex flex-col gap-3\">\n      <\/div>\n      <figure>\n      <img loading=\"lazy\" decoding=\"async\" width=\"1600\" height=\"1078\" src=\"https:\/\/guiesullsdelahistoria.cat\/app\/uploads\/2024\/11\/Sant_Joan_de_Boi_imatge_monstre_apocaliptic.jpg\" class=\"w-full h-auto\" alt=\"Fragment original d\u2019una pintura de l\u2019esgl\u00e9sia de Sant Joan de Bo\u00ed, que representa una b\u00e8stia amb set caps, exposada al MNAC.\" srcset=\"https:\/\/guiesullsdelahistoria.cat\/app\/uploads\/2024\/11\/Sant_Joan_de_Boi_imatge_monstre_apocaliptic.jpg 1600w, https:\/\/guiesullsdelahistoria.cat\/app\/uploads\/2024\/11\/Sant_Joan_de_Boi_imatge_monstre_apocaliptic-300x202.jpg 300w, https:\/\/guiesullsdelahistoria.cat\/app\/uploads\/2024\/11\/Sant_Joan_de_Boi_imatge_monstre_apocaliptic-1024x690.jpg 1024w, https:\/\/guiesullsdelahistoria.cat\/app\/uploads\/2024\/11\/Sant_Joan_de_Boi_imatge_monstre_apocaliptic-768x517.jpg 768w, https:\/\/guiesullsdelahistoria.cat\/app\/uploads\/2024\/11\/Sant_Joan_de_Boi_imatge_monstre_apocaliptic-1536x1035.jpg 1536w\" sizes=\"auto, (max-width: 1600px) 100vw, 1600px\" \/>\n              <figcaption class=\"pt-2 text-gray-800\">Pintura original de la b\u00e8stia apocal\u00edptica de Sant Joan de Bo\u00ed conservada al Museu Nacional d\u2019Art de Catalunya.<\/figcaption>\n          <\/figure>\n  <\/div>\n\n\n<section class=\"element audio-block\">\n  <div class=\"flex flex-col w-full gap-6\">\n    <div class=\"flex flex-col gap-3\">\n      <div class=\"flex gap-6\">\n                          <h2 class=\"text-2xl font-bold\">El monstre de l\u2019apocalipsi i el pecador<\/h2>\n              <\/div>\n          <\/div>\n    <div class=\"flex items-center justify-end gap-3\">\n              <div class=\"flex-1 audio-content\" dir=\"ltr\">\n          <audio id=\"audio-f67f72eecce3c21b9439bc1a6cc037cf\" data-label=\"El monstre de l\u2019apocalipsi i el pecador\"\n            data-category=\"SANT-JOAN-DE-BOI-CAT-GENERAL-PLAY-4.mp3\" class=\"hidden\" controls\n            src=\"https:\/\/guiesullsdelahistoria.cat\/app\/uploads\/2024\/11\/SANT-JOAN-DE-BOI-CAT-GENERAL-PLAY-4.mp3\"><\/audio>\n          <div class=\"flex items-center w-full gap-3 transition-opacity opacity-0 meta\">\n            <progress class=\"flex-1 border-0 appearance-none\" value=\"0\" max=\"1\"><\/progress>\n            <div class=\"text-sm text-center shrink-0 current-time w-9\"><\/div>\n                      <\/div>\n        <\/div>\n            <div class=\"flex flex-col items-center gap-2 shrink-1 audio-control\">\n        <button\n  class=\"flex items-center justify-center w-32 max-w-32 h-32 max-h-32 transition-[max-height,_max-width] bg-black rounded-full btn text-accent\"\n  data-target=\"#audio-f67f72eecce3c21b9439bc1a6cc037cf\">\n  <svg width=\"100%\" height=\"100%\" viewBox=\"0 0 36 36\" version=\"1.1\" xmlns=\"http:\/\/www.w3.org\/2000\/svg\" xmlns:xlink=\"http:\/\/www.w3.org\/1999\/xlink\">\n  <path id=\"ytp-12\" d=\"M11,10 L18,13.74 18,22.28 11,26 M18,13.74 L26,18 26,18 18,22.28\" fill=\"currentColor\">\n    <animate id=\"animation\" begin=\"indefinite\" attributeType=\"XML\" attributeName=\"d\" fill=\"freeze\" from=\"M11,10 L17,10 17,26 11,26 M20,10 L26,10 26,26 20,26\" to=\"M11,10 L18,13.74 18,22.28 11,26 M18,13.74 L26,18 26,18 18,22.28\" dur=\"0.1s\" keySplines=\".4 0 1 1\" repeatCount=\"1\" data-play=\"M11,10 L18,13.74 18,22.28 11,26 M18,13.74 L26,18 26,18 18,22.28\" data-pause=\"M11,10 L17,10 17,26 11,26 M20,10 L26,10 26,26 20,26\"><\/animate>\n  <\/path>\n<\/svg>\n<\/button>\n        <p class=\"text-base text-center\">Escolta<\/p>\n      <\/div>\n    <\/div>\n\n    \n          <div class=\"flex flex-wrap justify-between gap-6 md:justify-start\">\n                  <button data-target=\"#transcription-f67f72eecce3c21b9439bc1a6cc037cf\" data-toggle=\"modal\" class=\"flex items-center gap-2\">\n            <svg class=\"w-6 h-6\" fill=\"none\" xmlns=\"http:\/\/www.w3.org\/2000\/svg\" viewBox=\"0 0 22 12\"><path d=\"M0 9.873v-6c0-.55.196-1.02.588-1.412A1.926 1.926 0 0 1 2 1.873h2c.55 0 1.02.196 1.412.588.392.391.588.862.588 1.412v6H4v-2H2v2H0Zm2-4h2v-2H2v2Zm6 4v-8h4c.55 0 1.02.196 1.412.588.392.391.588.862.588 1.412v4c0 .55-.196 1.021-.588 1.413A1.926 1.926 0 0 1 12 9.873H8Zm2-2h2v-4h-2v4Zm6.85.8-1.4-1.425c.183-.183.32-.391.413-.625.091-.233.137-.483.137-.75 0-.283-.046-.537-.137-.762a1.85 1.85 0 0 0-.413-.613l1.4-1.45c.367.367.65.792.85 1.275.2.484.3 1 .3 1.55s-.1 1.063-.3 1.538c-.2.475-.483.896-.85 1.262Zm2.825 2.825-1.45-1.375c.55-.55.983-1.187 1.3-1.912A5.775 5.775 0 0 0 20 5.873c0-.85-.158-1.633-.475-2.35a6.217 6.217 0 0 0-1.3-1.9l1.45-1.4a7.94 7.94 0 0 1 1.712 2.55c.409.967.613 2 .613 3.1s-.204 2.13-.613 3.088a7.977 7.977 0 0 1-1.712 2.537Z\" fill=\"#000\"\/><\/svg>            <span>Transcripci\u00f3<\/span>\n          <\/button>\n                      <\/div>\n      <\/div>\n\n      <div id=\"transcription-f67f72eecce3c21b9439bc1a6cc037cf\"\n  class=\"fixed inset-0 z-50 hidden w-screen h-screen opacity-0 pointer-events-none modal transcription\"\n  tabindex=\"-1\" role=\"dialog\">\n  <div class=\"absolute w-full h-full bg-black opacity-75 modal-overlay\"><\/div>\n  <div\n    class=\"absolute z-30 w-11\/12 mx-auto overflow-y-auto text-black bg-white shadow-lg modal-container center-xy md:max-w-4xl\"\n    role=\"document\">\n    <div class=\"flex items-center justify-between px-4 py-4 text-gray-700 border-b md:px-8\">\n      <h2 class=\"!mb-0 font-bold\">Transcripci\u00f3<\/h2>\n      <div class=\"z-50 flex flex-col items-center ml-auto cursor-pointer rtl:ml-0 rtl:mr-auto modal-close\">\n        <svg class=\"w-auto h-6\" width=\"18\" height=\"23\" xmlns=\"http:\/\/www.w3.org\/2000\/svg\">\n  <g stroke=\"currentColor\" fill=\"none\" fill-rule=\"evenodd\" stroke-linecap=\"square\">\n    <path d=\"M.7248.974l16.1076 20.6167M16.655 1.2654L.9097 22.1601\" \/>\n  <\/g>\n<\/svg>        <div class=\"hidden\">Close<\/div>\n      <\/div>\n    <\/div>\n    <div class=\"px-4 py-8 overflow-y-auto max-h-modal md:px-8 modal-content\">\n      <div class=\"mb-8 flex flex-col gap-1.5\">\n                      <h3 class=\"text-xl font-bold\">El monstre de l\u2019apocalipsi i el pecador<\/h3>\n                            <\/div>\n            <p>Al mur de l\u2019esquerra de la porta de sortida, hi ha un animal fabul\u00f3s relacionat amb l\u2019apocalipsi. \u00c9s un monstre de set caps i deu banyes. Escenes tan terror\u00edfiques com aquesta es pintaven sempre al mur de sortida perqu\u00e8 els creients recordessin, abans de tornar a casa, les coses dolentes que els podien passar si desobe\u00efen. <\/p>\n<p>I encara hi ha una altra escena que crida for\u00e7a l\u2019atenci\u00f3 i que potser ja has vist. Si et poses d\u2019esquena al monstre de set caps i mires cap amunt, a dins del segon arc hi veur\u00e0s el pecador. \u00c9s un personatge amb una pr\u00f2tesi a la cama i amb les parts \u00edntimes visibles \u2014tot i que sembla que alg\u00fa es va entretenir a esborrar-les\u2014, que sembla entregat a la masturbaci\u00f3. En aquest cas, la religi\u00f3 associa el defecte f\u00edsic al defecte moral.<\/p>\n    <\/div>\n  <\/div>\n<\/div>\n    <\/section>\n\n\n<div class=\"flex flex-col gap-6 element video-block\">\n  <div class=\"flex flex-col gap-3\">\n      <\/div>\n            <div class=\"relative w-full h-auto bg-black cursor-pointer text-accent lightgallery-video aspect-video\"\n        data-lg-size=\"1280-720\" data-src=\"https:\/\/www.youtube.com\/watch?v=T5Jnbu11aWI\">\n                  <div class=\"absolute inset-0\" style=\"background-color: rgba(0,0,0,0.2)\"><\/div>\n          <svg class=\"absolute top-1\/2 left-1\/2 transform -translate-x-1\/2 -translate-y-1\/2 w-20 h-20 pointer-events-none\" fill=\"none\" xmlns=\"http:\/\/www.w3.org\/2000\/svg\" viewBox=\"0 0 80 81\">\n  <path\n    d=\"m30 58.873 28-18-28-18v36Zm10 22c-5.533 0-10.733-1.05-15.6-3.15-4.867-2.1-9.1-4.95-12.7-8.55-3.6-3.6-6.45-7.833-8.55-12.7C1.05 51.606 0 46.406 0 40.873c0-5.533 1.05-10.733 3.15-15.6 2.1-4.867 4.95-9.1 8.55-12.7 3.6-3.6 7.833-6.45 12.7-8.55 4.867-2.1 10.067-3.15 15.6-3.15 5.533 0 10.733 1.05 15.6 3.15 4.867 2.1 9.1 4.95 12.7 8.55 3.6 3.6 6.45 7.833 8.55 12.7C78.95 30.14 80 35.34 80 40.873c0 5.533-1.05 10.733-3.15 15.6-2.1 4.867-4.95 9.1-8.55 12.7-3.6 3.6-7.833 6.45-12.7 8.55-4.867 2.1-10.067 3.15-15.6 3.15Z\"\n    fill=\"currentColor\" \/>\n<\/svg>          <img decoding=\"async\" class=\"object-cover object-center w-full h-auto aspect-video\" src=\"https:\/\/i.ytimg.com\/vi\/T5Jnbu11aWI\/sddefault.jpg\" \/>\n              <\/div>\n      <\/div>\n\n\n<div class=\"flex flex-col gap-3 element text-block\">\n  <div class=\"flex items-center gap-6\">\n              <h2 class=\"text-2xl font-bold\">5f T\u2019hi esperem!<\/h2>\n      <\/div>\n    <\/div>\n\n\n<section class=\"element audio-block\">\n  <div class=\"flex flex-col w-full gap-6\">\n    <div class=\"flex flex-col gap-3\">\n      <div class=\"flex gap-6\">\n                          <h2 class=\"text-2xl font-bold\">La visita continua<\/h2>\n              <\/div>\n          <\/div>\n    <div class=\"flex items-center justify-end gap-3\">\n              <div class=\"flex-1 audio-content\" dir=\"ltr\">\n          <audio id=\"audio-014ccbf44c9de191f900b20e7b4df7ab\" data-label=\"La visita continua\"\n            data-category=\"SANT-JOAN-DE-BOI-CAT-GENERAL-PLAY-CLOENDA.mp3\" class=\"hidden\" controls\n            src=\"https:\/\/guiesullsdelahistoria.cat\/app\/uploads\/2024\/11\/SANT-JOAN-DE-BOI-CAT-GENERAL-PLAY-CLOENDA.mp3\"><\/audio>\n          <div class=\"flex items-center w-full gap-3 transition-opacity opacity-0 meta\">\n            <progress class=\"flex-1 border-0 appearance-none\" value=\"0\" max=\"1\"><\/progress>\n            <div class=\"text-sm text-center shrink-0 current-time w-9\"><\/div>\n                      <\/div>\n        <\/div>\n            <div class=\"flex flex-col items-center gap-2 shrink-1 audio-control\">\n        <button\n  class=\"flex items-center justify-center w-32 max-w-32 h-32 max-h-32 transition-[max-height,_max-width] bg-black rounded-full btn text-accent\"\n  data-target=\"#audio-014ccbf44c9de191f900b20e7b4df7ab\">\n  <svg width=\"100%\" height=\"100%\" viewBox=\"0 0 36 36\" version=\"1.1\" xmlns=\"http:\/\/www.w3.org\/2000\/svg\" xmlns:xlink=\"http:\/\/www.w3.org\/1999\/xlink\">\n  <path id=\"ytp-12\" d=\"M11,10 L18,13.74 18,22.28 11,26 M18,13.74 L26,18 26,18 18,22.28\" fill=\"currentColor\">\n    <animate id=\"animation\" begin=\"indefinite\" attributeType=\"XML\" attributeName=\"d\" fill=\"freeze\" from=\"M11,10 L17,10 17,26 11,26 M20,10 L26,10 26,26 20,26\" to=\"M11,10 L18,13.74 18,22.28 11,26 M18,13.74 L26,18 26,18 18,22.28\" dur=\"0.1s\" keySplines=\".4 0 1 1\" repeatCount=\"1\" data-play=\"M11,10 L18,13.74 18,22.28 11,26 M18,13.74 L26,18 26,18 18,22.28\" data-pause=\"M11,10 L17,10 17,26 11,26 M20,10 L26,10 26,26 20,26\"><\/animate>\n  <\/path>\n<\/svg>\n<\/button>\n        <p class=\"text-base text-center\">Escolta<\/p>\n      <\/div>\n    <\/div>\n\n    \n          <div class=\"flex flex-wrap justify-between gap-6 md:justify-start\">\n                  <button data-target=\"#transcription-014ccbf44c9de191f900b20e7b4df7ab\" data-toggle=\"modal\" class=\"flex items-center gap-2\">\n            <svg class=\"w-6 h-6\" fill=\"none\" xmlns=\"http:\/\/www.w3.org\/2000\/svg\" viewBox=\"0 0 22 12\"><path d=\"M0 9.873v-6c0-.55.196-1.02.588-1.412A1.926 1.926 0 0 1 2 1.873h2c.55 0 1.02.196 1.412.588.392.391.588.862.588 1.412v6H4v-2H2v2H0Zm2-4h2v-2H2v2Zm6 4v-8h4c.55 0 1.02.196 1.412.588.392.391.588.862.588 1.412v4c0 .55-.196 1.021-.588 1.413A1.926 1.926 0 0 1 12 9.873H8Zm2-2h2v-4h-2v4Zm6.85.8-1.4-1.425c.183-.183.32-.391.413-.625.091-.233.137-.483.137-.75 0-.283-.046-.537-.137-.762a1.85 1.85 0 0 0-.413-.613l1.4-1.45c.367.367.65.792.85 1.275.2.484.3 1 .3 1.55s-.1 1.063-.3 1.538c-.2.475-.483.896-.85 1.262Zm2.825 2.825-1.45-1.375c.55-.55.983-1.187 1.3-1.912A5.775 5.775 0 0 0 20 5.873c0-.85-.158-1.633-.475-2.35a6.217 6.217 0 0 0-1.3-1.9l1.45-1.4a7.94 7.94 0 0 1 1.712 2.55c.409.967.613 2 .613 3.1s-.204 2.13-.613 3.088a7.977 7.977 0 0 1-1.712 2.537Z\" fill=\"#000\"\/><\/svg>            <span>Transcripci\u00f3<\/span>\n          <\/button>\n                      <\/div>\n      <\/div>\n\n      <div id=\"transcription-014ccbf44c9de191f900b20e7b4df7ab\"\n  class=\"fixed inset-0 z-50 hidden w-screen h-screen opacity-0 pointer-events-none modal transcription\"\n  tabindex=\"-1\" role=\"dialog\">\n  <div class=\"absolute w-full h-full bg-black opacity-75 modal-overlay\"><\/div>\n  <div\n    class=\"absolute z-30 w-11\/12 mx-auto overflow-y-auto text-black bg-white shadow-lg modal-container center-xy md:max-w-4xl\"\n    role=\"document\">\n    <div class=\"flex items-center justify-between px-4 py-4 text-gray-700 border-b md:px-8\">\n      <h2 class=\"!mb-0 font-bold\">Transcripci\u00f3<\/h2>\n      <div class=\"z-50 flex flex-col items-center ml-auto cursor-pointer rtl:ml-0 rtl:mr-auto modal-close\">\n        <svg class=\"w-auto h-6\" width=\"18\" height=\"23\" xmlns=\"http:\/\/www.w3.org\/2000\/svg\">\n  <g stroke=\"currentColor\" fill=\"none\" fill-rule=\"evenodd\" stroke-linecap=\"square\">\n    <path d=\"M.7248.974l16.1076 20.6167M16.655 1.2654L.9097 22.1601\" \/>\n  <\/g>\n<\/svg>        <div class=\"hidden\">Close<\/div>\n      <\/div>\n    <\/div>\n    <div class=\"px-4 py-8 overflow-y-auto max-h-modal md:px-8 modal-content\">\n      <div class=\"mb-8 flex flex-col gap-1.5\">\n                      <h3 class=\"text-xl font-bold\">La visita continua<\/h3>\n                            <\/div>\n            <p>Aqu\u00ed s\u2019acaba la visita a l\u2019esgl\u00e9sia. Ara et convidem a con\u00e8ixer les altres, que constitueixen el Conjunt Rom\u00e0nic de la Vall de Bo\u00ed. T\u2019hi esperem!<\/p>\n    <\/div>\n  <\/div>\n<\/div>\n    <\/section>\n\n\n<div class=\"flex flex-col gap-6 element video-block\">\n  <div class=\"flex flex-col gap-3\">\n      <\/div>\n            <div class=\"relative w-full h-auto bg-black cursor-pointer text-accent lightgallery-video aspect-video\"\n        data-lg-size=\"1280-720\" data-src=\"https:\/\/www.youtube.com\/watch?v=MqbfYTNPfC4\">\n                  <div class=\"absolute inset-0\" style=\"background-color: rgba(0,0,0,0.2)\"><\/div>\n          <svg class=\"absolute top-1\/2 left-1\/2 transform -translate-x-1\/2 -translate-y-1\/2 w-20 h-20 pointer-events-none\" fill=\"none\" xmlns=\"http:\/\/www.w3.org\/2000\/svg\" viewBox=\"0 0 80 81\">\n  <path\n    d=\"m30 58.873 28-18-28-18v36Zm10 22c-5.533 0-10.733-1.05-15.6-3.15-4.867-2.1-9.1-4.95-12.7-8.55-3.6-3.6-6.45-7.833-8.55-12.7C1.05 51.606 0 46.406 0 40.873c0-5.533 1.05-10.733 3.15-15.6 2.1-4.867 4.95-9.1 8.55-12.7 3.6-3.6 7.833-6.45 12.7-8.55 4.867-2.1 10.067-3.15 15.6-3.15 5.533 0 10.733 1.05 15.6 3.15 4.867 2.1 9.1 4.95 12.7 8.55 3.6 3.6 6.45 7.833 8.55 12.7C78.95 30.14 80 35.34 80 40.873c0 5.533-1.05 10.733-3.15 15.6-2.1 4.867-4.95 9.1-8.55 12.7-3.6 3.6-7.833 6.45-12.7 8.55-4.867 2.1-10.067 3.15-15.6 3.15Z\"\n    fill=\"currentColor\" \/>\n<\/svg>          <img decoding=\"async\" class=\"object-cover object-center w-full h-auto aspect-video\" src=\"https:\/\/i.ytimg.com\/vi\/MqbfYTNPfC4\/sddefault.jpg\" \/>\n              <\/div>\n      <\/div>\n\n\n<div class=\"flex flex-col gap-3 element text-block\">\n  <div class=\"flex items-center gap-6\">\n              <h2 class=\"text-2xl font-bold\">Cloenda<\/h2>\n      <\/div>\n        <div class=\"prose prose-lg\"><p><em>\u201cEls Ulls de la Hist\u00f2ria. Una mirada immersiva sobre el patrimoni\u201d<\/em> \u00e9s una iniciativa de l\u2019Ag\u00e8ncia Catalana del Patrimoni Cultural. Un projecte que incorpora altres veus i altres mirades sobre el nostre passat. Perqu\u00e8 totes i tots fem hist\u00f2ria.<\/p>\n<\/div>\n  <\/div>\n\n<\/div>\n      <\/div>\n    <\/div>\n  <\/section>\n\n\n<section class=\"overflow-hidden section\" id=\"section-69f5b6ecd2f0a\" data-title=\"6. Sant Quirc de Durro\">\n    <div class=\"container grid grid-cols-1 py-8 md:py-10 max-md:gap-y-8 md:grid-standard\">\n              <div class=\"flex gap-4 md:col-span-5\">\n                                <h2 class=\"text-8 font-headings\">6. Sant Quirc de Durro<\/h2>\n                  <\/div>\n            <div class=\"flex flex-col gap-8 md:col-span-6 md:col-start-7 md:gap-10\">\n        <div class=\"acf-innerblocks-container\">\n<div class=\"flex flex-col gap-3 element text-block\">\n  <div class=\"flex items-center gap-6\">\n              <h2 class=\"text-2xl font-bold\">6a Introducci\u00f3<\/h2>\n      <\/div>\n    <\/div>\n\n\n<div class=\"flex flex-col gap-6 element image-block\">\n  <div class=\"flex flex-col gap-3\">\n      <\/div>\n      <figure>\n      <img loading=\"lazy\" decoding=\"async\" width=\"1600\" height=\"1177\" src=\"https:\/\/guiesullsdelahistoria.cat\/app\/uploads\/2024\/11\/Sant_Quirc_de_Durro_general_amb_faro.jpg\" class=\"w-full h-auto\" alt=\"Exterior de l\u2019ermita de Sant Quirc de Durro vista des d\u2019un lateral, amb el faro al darrere i les muntanyes de fons.\" srcset=\"https:\/\/guiesullsdelahistoria.cat\/app\/uploads\/2024\/11\/Sant_Quirc_de_Durro_general_amb_faro.jpg 1600w, https:\/\/guiesullsdelahistoria.cat\/app\/uploads\/2024\/11\/Sant_Quirc_de_Durro_general_amb_faro-300x221.jpg 300w, https:\/\/guiesullsdelahistoria.cat\/app\/uploads\/2024\/11\/Sant_Quirc_de_Durro_general_amb_faro-1024x753.jpg 1024w, https:\/\/guiesullsdelahistoria.cat\/app\/uploads\/2024\/11\/Sant_Quirc_de_Durro_general_amb_faro-768x565.jpg 768w, https:\/\/guiesullsdelahistoria.cat\/app\/uploads\/2024\/11\/Sant_Quirc_de_Durro_general_amb_faro-1536x1130.jpg 1536w\" sizes=\"auto, (max-width: 1600px) 100vw, 1600px\" \/>\n              <figcaption class=\"pt-2 text-gray-800\">Vista de Sant Quirc de Durro.<\/figcaption>\n          <\/figure>\n  <\/div>\n\n\n<section class=\"element audio-block\">\n  <div class=\"flex flex-col w-full gap-6\">\n    <div class=\"flex flex-col gap-3\">\n      <div class=\"flex gap-6\">\n                          <h2 class=\"text-2xl font-bold\">La Vall de Bo\u00ed i les seves esgl\u00e9sies<\/h2>\n              <\/div>\n          <\/div>\n    <div class=\"flex items-center justify-end gap-3\">\n              <div class=\"flex-1 audio-content\" dir=\"ltr\">\n          <audio id=\"audio-565a602d155909cc6333179acfe7d092\" data-label=\"La Vall de Bo\u00ed i les seves esgl\u00e9sies\"\n            data-category=\"SANT-QUIRC-DE-DURRO-CA-GENERAL-PLAY-0.mp3\" class=\"hidden\" controls\n            src=\"https:\/\/guiesullsdelahistoria.cat\/app\/uploads\/2024\/11\/SANT-QUIRC-DE-DURRO-CA-GENERAL-PLAY-0.mp3\"><\/audio>\n          <div class=\"flex items-center w-full gap-3 transition-opacity opacity-0 meta\">\n            <progress class=\"flex-1 border-0 appearance-none\" value=\"0\" max=\"1\"><\/progress>\n            <div class=\"text-sm text-center shrink-0 current-time w-9\"><\/div>\n                      <\/div>\n        <\/div>\n            <div class=\"flex flex-col items-center gap-2 shrink-1 audio-control\">\n        <button\n  class=\"flex items-center justify-center w-32 max-w-32 h-32 max-h-32 transition-[max-height,_max-width] bg-black rounded-full btn text-accent\"\n  data-target=\"#audio-565a602d155909cc6333179acfe7d092\">\n  <svg width=\"100%\" height=\"100%\" viewBox=\"0 0 36 36\" version=\"1.1\" xmlns=\"http:\/\/www.w3.org\/2000\/svg\" xmlns:xlink=\"http:\/\/www.w3.org\/1999\/xlink\">\n  <path id=\"ytp-12\" d=\"M11,10 L18,13.74 18,22.28 11,26 M18,13.74 L26,18 26,18 18,22.28\" fill=\"currentColor\">\n    <animate id=\"animation\" begin=\"indefinite\" attributeType=\"XML\" attributeName=\"d\" fill=\"freeze\" from=\"M11,10 L17,10 17,26 11,26 M20,10 L26,10 26,26 20,26\" to=\"M11,10 L18,13.74 18,22.28 11,26 M18,13.74 L26,18 26,18 18,22.28\" dur=\"0.1s\" keySplines=\".4 0 1 1\" repeatCount=\"1\" data-play=\"M11,10 L18,13.74 18,22.28 11,26 M18,13.74 L26,18 26,18 18,22.28\" data-pause=\"M11,10 L17,10 17,26 11,26 M20,10 L26,10 26,26 20,26\"><\/animate>\n  <\/path>\n<\/svg>\n<\/button>\n        <p class=\"text-base text-center\">Escolta<\/p>\n      <\/div>\n    <\/div>\n\n    \n          <div class=\"flex flex-wrap justify-between gap-6 md:justify-start\">\n                  <button data-target=\"#transcription-565a602d155909cc6333179acfe7d092\" data-toggle=\"modal\" class=\"flex items-center gap-2\">\n            <svg class=\"w-6 h-6\" fill=\"none\" xmlns=\"http:\/\/www.w3.org\/2000\/svg\" viewBox=\"0 0 22 12\"><path d=\"M0 9.873v-6c0-.55.196-1.02.588-1.412A1.926 1.926 0 0 1 2 1.873h2c.55 0 1.02.196 1.412.588.392.391.588.862.588 1.412v6H4v-2H2v2H0Zm2-4h2v-2H2v2Zm6 4v-8h4c.55 0 1.02.196 1.412.588.392.391.588.862.588 1.412v4c0 .55-.196 1.021-.588 1.413A1.926 1.926 0 0 1 12 9.873H8Zm2-2h2v-4h-2v4Zm6.85.8-1.4-1.425c.183-.183.32-.391.413-.625.091-.233.137-.483.137-.75 0-.283-.046-.537-.137-.762a1.85 1.85 0 0 0-.413-.613l1.4-1.45c.367.367.65.792.85 1.275.2.484.3 1 .3 1.55s-.1 1.063-.3 1.538c-.2.475-.483.896-.85 1.262Zm2.825 2.825-1.45-1.375c.55-.55.983-1.187 1.3-1.912A5.775 5.775 0 0 0 20 5.873c0-.85-.158-1.633-.475-2.35a6.217 6.217 0 0 0-1.3-1.9l1.45-1.4a7.94 7.94 0 0 1 1.712 2.55c.409.967.613 2 .613 3.1s-.204 2.13-.613 3.088a7.977 7.977 0 0 1-1.712 2.537Z\" fill=\"#000\"\/><\/svg>            <span>Transcripci\u00f3<\/span>\n          <\/button>\n                      <\/div>\n      <\/div>\n\n      <div id=\"transcription-565a602d155909cc6333179acfe7d092\"\n  class=\"fixed inset-0 z-50 hidden w-screen h-screen opacity-0 pointer-events-none modal transcription\"\n  tabindex=\"-1\" role=\"dialog\">\n  <div class=\"absolute w-full h-full bg-black opacity-75 modal-overlay\"><\/div>\n  <div\n    class=\"absolute z-30 w-11\/12 mx-auto overflow-y-auto text-black bg-white shadow-lg modal-container center-xy md:max-w-4xl\"\n    role=\"document\">\n    <div class=\"flex items-center justify-between px-4 py-4 text-gray-700 border-b md:px-8\">\n      <h2 class=\"!mb-0 font-bold\">Transcripci\u00f3<\/h2>\n      <div class=\"z-50 flex flex-col items-center ml-auto cursor-pointer rtl:ml-0 rtl:mr-auto modal-close\">\n        <svg class=\"w-auto h-6\" width=\"18\" height=\"23\" xmlns=\"http:\/\/www.w3.org\/2000\/svg\">\n  <g stroke=\"currentColor\" fill=\"none\" fill-rule=\"evenodd\" stroke-linecap=\"square\">\n    <path d=\"M.7248.974l16.1076 20.6167M16.655 1.2654L.9097 22.1601\" \/>\n  <\/g>\n<\/svg>        <div class=\"hidden\">Close<\/div>\n      <\/div>\n    <\/div>\n    <div class=\"px-4 py-8 overflow-y-auto max-h-modal md:px-8 modal-content\">\n      <div class=\"mb-8 flex flex-col gap-1.5\">\n                      <h3 class=\"text-xl font-bold\">La Vall de Bo\u00ed i les seves esgl\u00e9sies<\/h3>\n                            <\/div>\n            <p>Et donem la benvinguda a la Vall de Bo\u00ed i t\u2019animem a con\u00e8ixer-ne l\u2019excepcional conjunt d\u2019esgl\u00e9sies, considerades una de les m\u00e0ximes expressions de l\u2019art rom\u00e0nic catal\u00e0 i inscrites a la llista de Patrimoni Mundial per la UNESCO l\u2019any 2000.<br \/>\nEl Conjunt Rom\u00e0nic de la Vall de Bo\u00ed l\u2019integren nou esgl\u00e9sies: Sant Climent i Santa Maria de Ta\u00fcll, Sant Joan de Bo\u00ed, Santa Eul\u00e0lia d\u2019Erill la Vall, Sant Feliu de Barruera, la Nativitat i Sant Quirc de Durro, Santa Maria de Cardet i l\u2019Assumpci\u00f3 de C\u00f3ll.<br \/>\nPer\u00f2, qu\u00e8 tenen en com\u00fa aquest conjunt d\u2019esgl\u00e9sies? Qu\u00e8 les fa tan singulars? Quina \u00e9s la seva hist\u00f2ria?<br \/>\nTotes van ser constru\u00efdes entre els segles XI i XII, en un moment de poder i de bonan\u00e7a econ\u00f2mica de la noblesa local, i comparteixen un estil arquitect\u00f2nic, el rom\u00e0nic, molt est\u00e8s per tot Europa.<br \/>\nAvui, una bona part de les pintures, talles i mobiliari es conserven a diversos museus catalans, sobretot al Museu Nacional d\u2019Art de Catalunya. Tot i aix\u00f2, algunes de les esgl\u00e9sies compten amb importants fragments de pintura mural i escultures originals, a m\u00e9s de reproduccions de les que es conserven als museus.<br \/>\nAmb la guia que tens a les mans, descobrir\u00e0s els valors excepcionals d\u2019aquest conjunt rom\u00e0nic i podr\u00e0s con\u00e8ixer cada una de les nou esgl\u00e9sies, amb els seus secrets i curiositats.<br \/>\nUna advert\u00e8ncia final! Aquestes muntanyes s\u00f3n misterioses i, a les valls, les paraules de les persones que les han habitat sovint es queden atrapades i ressonen al llarg del temps com un eco imperceptible. Aquesta guia disposa d\u2019un sensor que s\u2019activa cada cop que en capta alguna. No t\u2019espantis i continua escoltant.<\/p>\n    <\/div>\n  <\/div>\n<\/div>\n    <\/section>\n\n\n<div class=\"flex flex-col gap-6 element video-block\">\n  <div class=\"flex flex-col gap-3\">\n      <\/div>\n            <div class=\"relative w-full h-auto bg-black cursor-pointer text-accent lightgallery-video aspect-video\"\n        data-lg-size=\"1280-720\" data-src=\"https:\/\/www.youtube.com\/watch?v=Vc8o7kjmJfk\">\n                  <div class=\"absolute inset-0\" style=\"background-color: rgba(0,0,0,0.2)\"><\/div>\n          <svg class=\"absolute top-1\/2 left-1\/2 transform -translate-x-1\/2 -translate-y-1\/2 w-20 h-20 pointer-events-none\" fill=\"none\" xmlns=\"http:\/\/www.w3.org\/2000\/svg\" viewBox=\"0 0 80 81\">\n  <path\n    d=\"m30 58.873 28-18-28-18v36Zm10 22c-5.533 0-10.733-1.05-15.6-3.15-4.867-2.1-9.1-4.95-12.7-8.55-3.6-3.6-6.45-7.833-8.55-12.7C1.05 51.606 0 46.406 0 40.873c0-5.533 1.05-10.733 3.15-15.6 2.1-4.867 4.95-9.1 8.55-12.7 3.6-3.6 7.833-6.45 12.7-8.55 4.867-2.1 10.067-3.15 15.6-3.15 5.533 0 10.733 1.05 15.6 3.15 4.867 2.1 9.1 4.95 12.7 8.55 3.6 3.6 6.45 7.833 8.55 12.7C78.95 30.14 80 35.34 80 40.873c0 5.533-1.05 10.733-3.15 15.6-2.1 4.867-4.95 9.1-8.55 12.7-3.6 3.6-7.833 6.45-12.7 8.55-4.867 2.1-10.067 3.15-15.6 3.15Z\"\n    fill=\"currentColor\" \/>\n<\/svg>          <img decoding=\"async\" class=\"object-cover object-center w-full h-auto aspect-video\" src=\"https:\/\/i.ytimg.com\/vi\/Vc8o7kjmJfk\/sddefault.jpg\" \/>\n              <\/div>\n      <\/div>\n\n\n<div class=\"flex flex-col gap-3 element text-block\">\n  <div class=\"flex items-center gap-6\">\n              <h2 class=\"text-2xl font-bold\">6b Exterior esplanada<\/h2>\n      <\/div>\n    <\/div>\n\n\n<div class=\"flex flex-col gap-6 element image-block\">\n  <div class=\"flex flex-col gap-3\">\n      <\/div>\n      <figure>\n      <img loading=\"lazy\" decoding=\"async\" width=\"1600\" height=\"1066\" src=\"https:\/\/guiesullsdelahistoria.cat\/app\/uploads\/2024\/11\/MG_0127.jpg\" class=\"w-full h-auto\" alt=\"Exterior de l\u2019ermita de Sant Quirc de Durro coronada pel campanar d\u2019espadanya i envoltada de muntanyes.\" srcset=\"https:\/\/guiesullsdelahistoria.cat\/app\/uploads\/2024\/11\/MG_0127.jpg 1600w, https:\/\/guiesullsdelahistoria.cat\/app\/uploads\/2024\/11\/MG_0127-300x200.jpg 300w, https:\/\/guiesullsdelahistoria.cat\/app\/uploads\/2024\/11\/MG_0127-1024x682.jpg 1024w, https:\/\/guiesullsdelahistoria.cat\/app\/uploads\/2024\/11\/MG_0127-768x512.jpg 768w, https:\/\/guiesullsdelahistoria.cat\/app\/uploads\/2024\/11\/MG_0127-1536x1023.jpg 1536w\" sizes=\"auto, (max-width: 1600px) 100vw, 1600px\" \/>\n              <figcaption class=\"pt-2 text-gray-800\">Sant Quirc de Durro amb el campanar d\u2019espadanya.<\/figcaption>\n          <\/figure>\n  <\/div>\n\n\n<section class=\"element audio-block\">\n  <div class=\"flex flex-col w-full gap-6\">\n    <div class=\"flex flex-col gap-3\">\n      <div class=\"flex gap-6\">\n                          <h2 class=\"text-2xl font-bold\">Funcions pr\u00e0ctiques i funcions simb\u00f2liques<\/h2>\n              <\/div>\n          <\/div>\n    <div class=\"flex items-center justify-end gap-3\">\n              <div class=\"flex-1 audio-content\" dir=\"ltr\">\n          <audio id=\"audio-be0e66b7b3666d85709f5e7ca1bd44c9\" data-label=\"Funcions pr\u00e0ctiques i funcions simb\u00f2liques\"\n            data-category=\"SANT-QUIRC-DE-DURRO-CA-GENERAL-PLAY-1.mp3\" class=\"hidden\" controls\n            src=\"https:\/\/guiesullsdelahistoria.cat\/app\/uploads\/2024\/11\/SANT-QUIRC-DE-DURRO-CA-GENERAL-PLAY-1.mp3\"><\/audio>\n          <div class=\"flex items-center w-full gap-3 transition-opacity opacity-0 meta\">\n            <progress class=\"flex-1 border-0 appearance-none\" value=\"0\" max=\"1\"><\/progress>\n            <div class=\"text-sm text-center shrink-0 current-time w-9\"><\/div>\n                      <\/div>\n        <\/div>\n            <div class=\"flex flex-col items-center gap-2 shrink-1 audio-control\">\n        <button\n  class=\"flex items-center justify-center w-32 max-w-32 h-32 max-h-32 transition-[max-height,_max-width] bg-black rounded-full btn text-accent\"\n  data-target=\"#audio-be0e66b7b3666d85709f5e7ca1bd44c9\">\n  <svg width=\"100%\" height=\"100%\" viewBox=\"0 0 36 36\" version=\"1.1\" xmlns=\"http:\/\/www.w3.org\/2000\/svg\" xmlns:xlink=\"http:\/\/www.w3.org\/1999\/xlink\">\n  <path id=\"ytp-12\" d=\"M11,10 L18,13.74 18,22.28 11,26 M18,13.74 L26,18 26,18 18,22.28\" fill=\"currentColor\">\n    <animate id=\"animation\" begin=\"indefinite\" attributeType=\"XML\" attributeName=\"d\" fill=\"freeze\" from=\"M11,10 L17,10 17,26 11,26 M20,10 L26,10 26,26 20,26\" to=\"M11,10 L18,13.74 18,22.28 11,26 M18,13.74 L26,18 26,18 18,22.28\" dur=\"0.1s\" keySplines=\".4 0 1 1\" repeatCount=\"1\" data-play=\"M11,10 L18,13.74 18,22.28 11,26 M18,13.74 L26,18 26,18 18,22.28\" data-pause=\"M11,10 L17,10 17,26 11,26 M20,10 L26,10 26,26 20,26\"><\/animate>\n  <\/path>\n<\/svg>\n<\/button>\n        <p class=\"text-base text-center\">Escolta<\/p>\n      <\/div>\n    <\/div>\n\n    \n          <div class=\"flex flex-wrap justify-between gap-6 md:justify-start\">\n                  <button data-target=\"#transcription-be0e66b7b3666d85709f5e7ca1bd44c9\" data-toggle=\"modal\" class=\"flex items-center gap-2\">\n            <svg class=\"w-6 h-6\" fill=\"none\" xmlns=\"http:\/\/www.w3.org\/2000\/svg\" viewBox=\"0 0 22 12\"><path d=\"M0 9.873v-6c0-.55.196-1.02.588-1.412A1.926 1.926 0 0 1 2 1.873h2c.55 0 1.02.196 1.412.588.392.391.588.862.588 1.412v6H4v-2H2v2H0Zm2-4h2v-2H2v2Zm6 4v-8h4c.55 0 1.02.196 1.412.588.392.391.588.862.588 1.412v4c0 .55-.196 1.021-.588 1.413A1.926 1.926 0 0 1 12 9.873H8Zm2-2h2v-4h-2v4Zm6.85.8-1.4-1.425c.183-.183.32-.391.413-.625.091-.233.137-.483.137-.75 0-.283-.046-.537-.137-.762a1.85 1.85 0 0 0-.413-.613l1.4-1.45c.367.367.65.792.85 1.275.2.484.3 1 .3 1.55s-.1 1.063-.3 1.538c-.2.475-.483.896-.85 1.262Zm2.825 2.825-1.45-1.375c.55-.55.983-1.187 1.3-1.912A5.775 5.775 0 0 0 20 5.873c0-.85-.158-1.633-.475-2.35a6.217 6.217 0 0 0-1.3-1.9l1.45-1.4a7.94 7.94 0 0 1 1.712 2.55c.409.967.613 2 .613 3.1s-.204 2.13-.613 3.088a7.977 7.977 0 0 1-1.712 2.537Z\" fill=\"#000\"\/><\/svg>            <span>Transcripci\u00f3<\/span>\n          <\/button>\n                      <\/div>\n      <\/div>\n\n      <div id=\"transcription-be0e66b7b3666d85709f5e7ca1bd44c9\"\n  class=\"fixed inset-0 z-50 hidden w-screen h-screen opacity-0 pointer-events-none modal transcription\"\n  tabindex=\"-1\" role=\"dialog\">\n  <div class=\"absolute w-full h-full bg-black opacity-75 modal-overlay\"><\/div>\n  <div\n    class=\"absolute z-30 w-11\/12 mx-auto overflow-y-auto text-black bg-white shadow-lg modal-container center-xy md:max-w-4xl\"\n    role=\"document\">\n    <div class=\"flex items-center justify-between px-4 py-4 text-gray-700 border-b md:px-8\">\n      <h2 class=\"!mb-0 font-bold\">Transcripci\u00f3<\/h2>\n      <div class=\"z-50 flex flex-col items-center ml-auto cursor-pointer rtl:ml-0 rtl:mr-auto modal-close\">\n        <svg class=\"w-auto h-6\" width=\"18\" height=\"23\" xmlns=\"http:\/\/www.w3.org\/2000\/svg\">\n  <g stroke=\"currentColor\" fill=\"none\" fill-rule=\"evenodd\" stroke-linecap=\"square\">\n    <path d=\"M.7248.974l16.1076 20.6167M16.655 1.2654L.9097 22.1601\" \/>\n  <\/g>\n<\/svg>        <div class=\"hidden\">Close<\/div>\n      <\/div>\n    <\/div>\n    <div class=\"px-4 py-8 overflow-y-auto max-h-modal md:px-8 modal-content\">\n      <div class=\"mb-8 flex flex-col gap-1.5\">\n                      <h3 class=\"text-xl font-bold\">Funcions pr\u00e0ctiques i funcions simb\u00f2liques<\/h3>\n                            <\/div>\n            <p>Com ja veus, l\u2019ermita de Sant Quirc est\u00e0 situada en un marc privilegiat, en un pla elevat a la muntanya de Durro i a una altitud de 1.500 metres.<br \/>\nPotser et demanes per qu\u00e8 l\u2019havien de construir aqu\u00ed dalt, en un lloc dif\u00edcil d\u2019arribar i allunyat del poble. Doncs hi ha dues raons.<br \/>\nEn primer lloc, l\u2019ermita marcava el l\u00edmit entre els prats de pastura i les terres cultivades. Els prats, que van fins al poble, pertanyen a propietaris particulars; en canvi, les terres de la muntanya s\u00f3n de tots els ve\u00efns.<\/p>\n<p>Per\u00f2 l\u2019ermita encara t\u00e9 una altra funci\u00f3; aquesta, simb\u00f2lica i relacionada amb la tradici\u00f3 d\u2019origen pag\u00e0 de c\u00f3rrer falles. Sant Quirc \u00e9s el lloc d\u2019empla\u00e7ament del Faro de Durro, el pi que marca el punt de partida de la baixada de les falles d\u2019aquesta poblaci\u00f3. Dep\u00e8n de l\u2019\u00e8poca de l\u2019any, encara el pots veure mig cremat, a la vora del penya-segat. La baixada de les falles marca l\u2019arribada de l\u2019estiu, i tenia la funci\u00f3 de purificar les pastures i allunyar els mals esperits. Amb l\u2019arribada del cristianisme, aquesta tradici\u00f3 es va adaptar al culte dels sants, que van esdevenir els protectors del territori.<\/p>\n<p><em>So d\u2019interfer\u00e8ncies<\/em><br \/>\n<strong>Dona:<\/strong> M\u2019han dit que aquesta nit unes quantes noies correran les falles.<br \/>\n<strong>Home:<\/strong> I ara! Quina bestiesa. Les falles les corren els homes.<br \/>\n<strong>Dona:<\/strong> I no et sembla que ja \u00e9s hora que aix\u00f2 canvi\u00ef?<br \/>\n<strong>Home:<\/strong> \u00c9s una tradici\u00f3. Sempre s\u2019ha fet aix\u00ed.<br \/>\n<strong>Dona:<\/strong> Som al 2010. El 2010! I Durro \u00e9s l\u2019\u00fanic lloc del Pirineu on encara no poden baixar falles les dones. Aix\u00ed que tant de bo que aix\u00f2 que diuen sigui veritat i aquestes noies s\u2019hi atreveixin.<br \/>\n<strong>Home:<\/strong> Jo, fins que no ho vegi, no m\u2019ho creur\u00e9.<br \/>\n<em>So d\u2019interfer\u00e8ncies<\/em><\/p>\n<p>A la Vall hi ha un bon grapat d\u2019ermites, per\u00f2 la de Sant Quirc de Durro \u00e9s l\u2019\u00fanica que mant\u00e9 l\u2019estructura original del segle XII. \u00c9s per aix\u00f2 que es va incloure al conjunt declarat Patrimoni Mundial, juntament amb les esgl\u00e9sies.<br \/>\nDes d\u2019on ets pots veure clarament el campanar de Sant Quirc, un afegit posterior al rom\u00e0nic. A difer\u00e8ncia dels campanars caracter\u00edstics de les torres de les esgl\u00e9sies de la Vall, t\u00e9 forma d\u2019espadanya.<br \/>\nUna altra curiositat de Sant Quirc \u00e9s que els murs s\u00f3n fets de pissarra, a difer\u00e8ncia de la resta d\u2019esgl\u00e9sies de la Vall. La tipologia de l\u2019ermita recorda molt la del porxo de l\u2019esgl\u00e9sia de la Nativitat de Durro, situada a poc m\u00e9s de dos quil\u00f2metres. Aix\u00f2 fa pensar que s\u00f3n de la mateixa \u00e8poca, la segona meitat del segle xii.<br \/>\nAra, acosta\u2019t a la porta d\u2019entrada i fixa\u2019t en les dovelles de l\u2019arc, les pedres que l\u2019envolten per sobre fent corba. Veur\u00e0s que tenen un to rosat, diferent de la resta. Aix\u00f2 \u00e9s perqu\u00e8 s\u00f3n de pedra tosca, un material m\u00e9s tou i, per tant, m\u00e9s f\u00e0cil de treballar, ideal per les ornamentacions.<\/p>\n<p>A Sant Quirc tamb\u00e9 crida l\u2019atenci\u00f3 les poques obertures que permeten l\u2019entrada de llum a l\u2019interior. De fet, a l\u2019absis central hi ha l\u2019\u00fanica finestra que il\u00b7luminava l\u2019interior, juntament amb l\u2019ull de bou que pots veure a la cap\u00e7alera, just a sota de la coberta.<br \/>\nPer continuar la visita, has de passar a l\u2019interior de l\u2019esgl\u00e9sia, per\u00f2 en determinades \u00e8poques de l\u2019any aix\u00f2 no \u00e9s possible perqu\u00e8 est\u00e0 tancada. Si no hi pots entrar, et pots fer una bona idea de com \u00e9s prement el recurs virtual que tens a la guia.<\/p>\n    <\/div>\n  <\/div>\n<\/div>\n    <\/section>\n\n\n<div class=\"flex flex-col gap-6 element video-block\">\n  <div class=\"flex flex-col gap-3\">\n      <\/div>\n            <div class=\"relative w-full h-auto bg-black cursor-pointer text-accent lightgallery-video aspect-video\"\n        data-lg-size=\"1280-720\" data-src=\"https:\/\/www.youtube.com\/watch?v=n-rEg3sIK2E\">\n                  <div class=\"absolute inset-0\" style=\"background-color: rgba(0,0,0,0.2)\"><\/div>\n          <svg class=\"absolute top-1\/2 left-1\/2 transform -translate-x-1\/2 -translate-y-1\/2 w-20 h-20 pointer-events-none\" fill=\"none\" xmlns=\"http:\/\/www.w3.org\/2000\/svg\" viewBox=\"0 0 80 81\">\n  <path\n    d=\"m30 58.873 28-18-28-18v36Zm10 22c-5.533 0-10.733-1.05-15.6-3.15-4.867-2.1-9.1-4.95-12.7-8.55-3.6-3.6-6.45-7.833-8.55-12.7C1.05 51.606 0 46.406 0 40.873c0-5.533 1.05-10.733 3.15-15.6 2.1-4.867 4.95-9.1 8.55-12.7 3.6-3.6 7.833-6.45 12.7-8.55 4.867-2.1 10.067-3.15 15.6-3.15 5.533 0 10.733 1.05 15.6 3.15 4.867 2.1 9.1 4.95 12.7 8.55 3.6 3.6 6.45 7.833 8.55 12.7C78.95 30.14 80 35.34 80 40.873c0 5.533-1.05 10.733-3.15 15.6-2.1 4.867-4.95 9.1-8.55 12.7-3.6 3.6-7.833 6.45-12.7 8.55-4.867 2.1-10.067 3.15-15.6 3.15Z\"\n    fill=\"currentColor\" \/>\n<\/svg>          <img decoding=\"async\" class=\"object-cover object-center w-full h-auto aspect-video\" src=\"https:\/\/i.ytimg.com\/vi\/n-rEg3sIK2E\/sddefault.jpg\" \/>\n              <\/div>\n      <\/div>\n\n\n<div class=\"flex flex-col gap-3 element interactive-block\">\n  <div class=\"flex items-center gap-6\">\n              <h2 class=\"text-2xl font-bold\">Recurs virtual: 3D Sant Quirc de Durro<\/h2>\n      <\/div>\n          <div class=\"flex justify-end w-full\">\n      <div class=\"flex flex-col items-center gap-2 shrink-1\">\n        <button data-target=\"#embed-69f5b6ec9e273\" data-toggle=\"modal\"\n          class=\"flex items-center justify-center w-32 h-32 bg-black rounded-full text-accent\">\n          <svg class=\"w-16 h-auto\" width=\"60\" height=\"61\" viewBox=\"0 0 60 61\" fill=\"none\" xmlns=\"http:\/\/www.w3.org\/2000\/svg\">\n  <path\n    d=\"M27 53.298L12 44.673C11.05 44.1231 10.3125 43.398 9.7875 42.498C9.2625 41.598 9 40.598 9 39.498V22.248C9 21.148 9.2625 20.148 9.7875 19.248C10.3125 18.348 11.05 17.623 12 17.073L27 8.44805C27.95 7.89805 28.95 7.62305 30 7.62305C31.05 7.62305 32.05 7.89805 33 8.44805L48 17.073C48.95 17.623 49.6875 18.348 50.2125 19.248C50.7375 20.148 51 21.148 51 22.248V39.498C51 40.598 50.7375 41.598 50.2125 42.498C49.6875 43.398 48.95 44.1231 48 44.673L33 53.298C32.05 53.848 31.05 54.123 30 54.123C28.95 54.123 27.95 53.848 27 53.298ZM27 46.398V32.598L15 25.623V39.498L27 46.398ZM33 46.398L45 39.498V25.623L33 32.598V46.398ZM0 15.873V6.87305C0 5.22305 0.5875 3.81055 1.7625 2.63555C2.9375 1.46055 4.35 0.873047 6 0.873047H15V6.87305H6V15.873H0ZM15 60.873H6C4.35 60.873 2.9375 60.2855 1.7625 59.1105C0.5875 57.9355 0 56.523 0 54.873V45.8731H6V54.873H15V60.873ZM45 60.873V54.873H54V45.8731H60V54.873C60 56.523 59.4125 57.9355 58.2375 59.1105C57.0625 60.2855 55.65 60.873 54 60.873H45ZM54 15.873V6.87305H45V0.873047H54C55.65 0.873047 57.0625 1.46055 58.2375 2.63555C59.4125 3.81055 60 5.22305 60 6.87305V15.873H54ZM30 27.423L41.85 20.448L30 13.623L18.15 20.448L30 27.423Z\"\n    fill=\"currentColor\" \/>\n<\/svg>\n        <\/button>\n                  <p class=\"text-base text-center\">Mira<\/p>\n              <\/div>\n    <\/div>\n    <div id=\"embed-69f5b6ec9e273\"\n  class=\"fixed inset-0 z-50 hidden w-screen h-screen opacity-0 pointer-events-none modal embed-container\"\n  tabindex=\"-1\" role=\"dialog\">\n  <div class=\"absolute w-full h-full bg-black opacity-75 modal-overlay\"><\/div>\n  <div\n    class=\"absolute z-30 w-11\/12 mx-auto overflow-y-auto text-black bg-white shadow-lg modal-container center-xy md:max-w-4xl\"\n    role=\"document\">\n    <div class=\"flex items-center justify-between px-4 py-4 text-gray-700 border-b md:px-8\">\n      <h2 class=\"!mb-0 font-bold\">Mira<\/h2>\n      <div class=\"z-50 flex flex-col items-center ml-auto cursor-pointer rtl:ml-0 rtl:mr-auto modal-close\">\n        <svg class=\"w-auto h-6\" width=\"18\" height=\"23\" xmlns=\"http:\/\/www.w3.org\/2000\/svg\">\n  <g stroke=\"currentColor\" fill=\"none\" fill-rule=\"evenodd\" stroke-linecap=\"square\">\n    <path d=\"M.7248.974l16.1076 20.6167M16.655 1.2654L.9097 22.1601\" \/>\n  <\/g>\n<\/svg>        <div class=\"hidden\">Close<\/div>\n      <\/div>\n    <\/div>\n    <div class=\"px-4 py-8 overflow-y-auto max-h-modal md:px-8 modal-content\">\n      <div class=\"sketchfab-embed-wrapper\"> <iframe title=\"Sant Quirc de Durro. Vall de Bo\u00ed\" frameborder=\"0\" allowfullscreen mozallowfullscreen=\"true\" webkitallowfullscreen=\"true\" allow=\"autoplay; fullscreen; xr-spatial-tracking\" xr-spatial-tracking execution-while-out-of-viewport execution-while-not-rendered web-share src=\"https:\/\/sketchfab.com\/models\/9c21f3f0615e4905889d4d07316a3dfa\/embed?ui_infos=0\"> <\/iframe> <\/div>\n    <\/div>\n  <\/div>\n<\/div>\n  <\/div>\n\n\n<div class=\"flex flex-col gap-3 element text-block\">\n  <div class=\"flex items-center gap-6\">\n              <h2 class=\"text-2xl font-bold\">6c Interior<\/h2>\n      <\/div>\n    <\/div>\n\n\n<div class=\"flex flex-col gap-6 element image-block\">\n  <div class=\"flex flex-col gap-3\">\n      <\/div>\n      <figure>\n      <img loading=\"lazy\" decoding=\"async\" width=\"1452\" height=\"966\" src=\"https:\/\/guiesullsdelahistoria.cat\/app\/uploads\/2024\/11\/Sant-Quirc-interior-general.jpg\" class=\"w-full h-auto\" alt=\"Interior de l\u2019ermita de Sant Quirc de Durro vist des del cor, amb l\u2019altar al fons decorat amb elements rom\u00e0nics i barrocs barrejats. T\u00edtol \u00e0udio: La conviv\u00e8ncia d\u2019estils diferents.\" srcset=\"https:\/\/guiesullsdelahistoria.cat\/app\/uploads\/2024\/11\/Sant-Quirc-interior-general.jpg 1452w, https:\/\/guiesullsdelahistoria.cat\/app\/uploads\/2024\/11\/Sant-Quirc-interior-general-300x200.jpg 300w, https:\/\/guiesullsdelahistoria.cat\/app\/uploads\/2024\/11\/Sant-Quirc-interior-general-1024x681.jpg 1024w, https:\/\/guiesullsdelahistoria.cat\/app\/uploads\/2024\/11\/Sant-Quirc-interior-general-768x511.jpg 768w\" sizes=\"auto, (max-width: 1452px) 100vw, 1452px\" \/>\n              <figcaption class=\"pt-2 text-gray-800\">Interior de Sant Quirc de Durro.<\/figcaption>\n          <\/figure>\n  <\/div>\n\n\n<section class=\"element audio-block\">\n  <div class=\"flex flex-col w-full gap-6\">\n    <div class=\"flex flex-col gap-3\">\n      <div class=\"flex gap-6\">\n                          <h2 class=\"text-2xl font-bold\">La conviv\u00e8ncia d\u2019estils diferents<\/h2>\n              <\/div>\n          <\/div>\n    <div class=\"flex items-center justify-end gap-3\">\n              <div class=\"flex-1 audio-content\" dir=\"ltr\">\n          <audio id=\"audio-ca9c5e375a2284de0b74c6c65482cb4b\" data-label=\"La conviv\u00e8ncia d\u2019estils diferents\"\n            data-category=\"SANT-QUIRC-DE-DURRO-CA-GENERAL-PLAY-2.mp3\" class=\"hidden\" controls\n            src=\"https:\/\/guiesullsdelahistoria.cat\/app\/uploads\/2024\/11\/SANT-QUIRC-DE-DURRO-CA-GENERAL-PLAY-2.mp3\"><\/audio>\n          <div class=\"flex items-center w-full gap-3 transition-opacity opacity-0 meta\">\n            <progress class=\"flex-1 border-0 appearance-none\" value=\"0\" max=\"1\"><\/progress>\n            <div class=\"text-sm text-center shrink-0 current-time w-9\"><\/div>\n                      <\/div>\n        <\/div>\n            <div class=\"flex flex-col items-center gap-2 shrink-1 audio-control\">\n        <button\n  class=\"flex items-center justify-center w-32 max-w-32 h-32 max-h-32 transition-[max-height,_max-width] bg-black rounded-full btn text-accent\"\n  data-target=\"#audio-ca9c5e375a2284de0b74c6c65482cb4b\">\n  <svg width=\"100%\" height=\"100%\" viewBox=\"0 0 36 36\" version=\"1.1\" xmlns=\"http:\/\/www.w3.org\/2000\/svg\" xmlns:xlink=\"http:\/\/www.w3.org\/1999\/xlink\">\n  <path id=\"ytp-12\" d=\"M11,10 L18,13.74 18,22.28 11,26 M18,13.74 L26,18 26,18 18,22.28\" fill=\"currentColor\">\n    <animate id=\"animation\" begin=\"indefinite\" attributeType=\"XML\" attributeName=\"d\" fill=\"freeze\" from=\"M11,10 L17,10 17,26 11,26 M20,10 L26,10 26,26 20,26\" to=\"M11,10 L18,13.74 18,22.28 11,26 M18,13.74 L26,18 26,18 18,22.28\" dur=\"0.1s\" keySplines=\".4 0 1 1\" repeatCount=\"1\" data-play=\"M11,10 L18,13.74 18,22.28 11,26 M18,13.74 L26,18 26,18 18,22.28\" data-pause=\"M11,10 L17,10 17,26 11,26 M20,10 L26,10 26,26 20,26\"><\/animate>\n  <\/path>\n<\/svg>\n<\/button>\n        <p class=\"text-base text-center\">Escolta<\/p>\n      <\/div>\n    <\/div>\n\n    \n          <div class=\"flex flex-wrap justify-between gap-6 md:justify-start\">\n                  <button data-target=\"#transcription-ca9c5e375a2284de0b74c6c65482cb4b\" data-toggle=\"modal\" class=\"flex items-center gap-2\">\n            <svg class=\"w-6 h-6\" fill=\"none\" xmlns=\"http:\/\/www.w3.org\/2000\/svg\" viewBox=\"0 0 22 12\"><path d=\"M0 9.873v-6c0-.55.196-1.02.588-1.412A1.926 1.926 0 0 1 2 1.873h2c.55 0 1.02.196 1.412.588.392.391.588.862.588 1.412v6H4v-2H2v2H0Zm2-4h2v-2H2v2Zm6 4v-8h4c.55 0 1.02.196 1.412.588.392.391.588.862.588 1.412v4c0 .55-.196 1.021-.588 1.413A1.926 1.926 0 0 1 12 9.873H8Zm2-2h2v-4h-2v4Zm6.85.8-1.4-1.425c.183-.183.32-.391.413-.625.091-.233.137-.483.137-.75 0-.283-.046-.537-.137-.762a1.85 1.85 0 0 0-.413-.613l1.4-1.45c.367.367.65.792.85 1.275.2.484.3 1 .3 1.55s-.1 1.063-.3 1.538c-.2.475-.483.896-.85 1.262Zm2.825 2.825-1.45-1.375c.55-.55.983-1.187 1.3-1.912A5.775 5.775 0 0 0 20 5.873c0-.85-.158-1.633-.475-2.35a6.217 6.217 0 0 0-1.3-1.9l1.45-1.4a7.94 7.94 0 0 1 1.712 2.55c.409.967.613 2 .613 3.1s-.204 2.13-.613 3.088a7.977 7.977 0 0 1-1.712 2.537Z\" fill=\"#000\"\/><\/svg>            <span>Transcripci\u00f3<\/span>\n          <\/button>\n                      <\/div>\n      <\/div>\n\n      <div id=\"transcription-ca9c5e375a2284de0b74c6c65482cb4b\"\n  class=\"fixed inset-0 z-50 hidden w-screen h-screen opacity-0 pointer-events-none modal transcription\"\n  tabindex=\"-1\" role=\"dialog\">\n  <div class=\"absolute w-full h-full bg-black opacity-75 modal-overlay\"><\/div>\n  <div\n    class=\"absolute z-30 w-11\/12 mx-auto overflow-y-auto text-black bg-white shadow-lg modal-container center-xy md:max-w-4xl\"\n    role=\"document\">\n    <div class=\"flex items-center justify-between px-4 py-4 text-gray-700 border-b md:px-8\">\n      <h2 class=\"!mb-0 font-bold\">Transcripci\u00f3<\/h2>\n      <div class=\"z-50 flex flex-col items-center ml-auto cursor-pointer rtl:ml-0 rtl:mr-auto modal-close\">\n        <svg class=\"w-auto h-6\" width=\"18\" height=\"23\" xmlns=\"http:\/\/www.w3.org\/2000\/svg\">\n  <g stroke=\"currentColor\" fill=\"none\" fill-rule=\"evenodd\" stroke-linecap=\"square\">\n    <path d=\"M.7248.974l16.1076 20.6167M16.655 1.2654L.9097 22.1601\" \/>\n  <\/g>\n<\/svg>        <div class=\"hidden\">Close<\/div>\n      <\/div>\n    <\/div>\n    <div class=\"px-4 py-8 overflow-y-auto max-h-modal md:px-8 modal-content\">\n      <div class=\"mb-8 flex flex-col gap-1.5\">\n                      <h3 class=\"text-xl font-bold\">La conviv\u00e8ncia d\u2019estils diferents<\/h3>\n                            <\/div>\n            <p>L\u2019interior de l\u2019ermita de Sant Quirc de Durro s\u2019ha transformat al llarg dels segles i s\u2019hi aprecia la conviv\u00e8ncia d\u2019estils diferents, amb el frontal d\u2019altar rom\u00e0nic; la imatge de sant Quirc, d\u2019estil g\u00f2tic, i santa Julita i el retaule barroc, davant de l\u2019absis.<\/p>\n<p>El frontal rom\u00e0nic, una reproducci\u00f3 de l\u2019original \u2014conservat al Museu Nacional d\u2019Art de Catalunya\u2014, est\u00e0 situat davant de l\u2019altar i est\u00e0 dedicat als patrons de l\u2019ermita, sant Quirc i santa Julita, la seva mare. Representa, amb molta cruesa, els martiris que van sofrir aquests sants abans de morir. Pots veure sant Quirc serrat de dalt a baix o rebent claus a la cara a cop de martell; i a santa Julita, travessada per espases. O a tots dos, dins d\u2019una olla bullent. Dedicar-los una ermita sembla poca cosa, despr\u00e9s de tant de patiment!   <\/p>\n    <\/div>\n  <\/div>\n<\/div>\n    <\/section>\n\n\n<div class=\"flex flex-col gap-6 element video-block\">\n  <div class=\"flex flex-col gap-3\">\n      <\/div>\n            <div class=\"relative w-full h-auto bg-black cursor-pointer text-accent lightgallery-video aspect-video\"\n        data-lg-size=\"1280-720\" data-src=\"https:\/\/www.youtube.com\/watch?v=j7GL2xlK4WY\">\n                  <div class=\"absolute inset-0\" style=\"background-color: rgba(0,0,0,0.2)\"><\/div>\n          <svg class=\"absolute top-1\/2 left-1\/2 transform -translate-x-1\/2 -translate-y-1\/2 w-20 h-20 pointer-events-none\" fill=\"none\" xmlns=\"http:\/\/www.w3.org\/2000\/svg\" viewBox=\"0 0 80 81\">\n  <path\n    d=\"m30 58.873 28-18-28-18v36Zm10 22c-5.533 0-10.733-1.05-15.6-3.15-4.867-2.1-9.1-4.95-12.7-8.55-3.6-3.6-6.45-7.833-8.55-12.7C1.05 51.606 0 46.406 0 40.873c0-5.533 1.05-10.733 3.15-15.6 2.1-4.867 4.95-9.1 8.55-12.7 3.6-3.6 7.833-6.45 12.7-8.55 4.867-2.1 10.067-3.15 15.6-3.15 5.533 0 10.733 1.05 15.6 3.15 4.867 2.1 9.1 4.95 12.7 8.55 3.6 3.6 6.45 7.833 8.55 12.7C78.95 30.14 80 35.34 80 40.873c0 5.533-1.05 10.733-3.15 15.6-2.1 4.867-4.95 9.1-8.55 12.7-3.6 3.6-7.833 6.45-12.7 8.55-4.867 2.1-10.067 3.15-15.6 3.15Z\"\n    fill=\"currentColor\" \/>\n<\/svg>          <img decoding=\"async\" class=\"object-cover object-center w-full h-auto aspect-video\" src=\"https:\/\/i.ytimg.com\/vi\/j7GL2xlK4WY\/sddefault.jpg\" \/>\n              <\/div>\n      <\/div>\n\n\n<div class=\"flex flex-col gap-3 element text-block\">\n  <div class=\"flex items-center gap-6\">\n              <h2 class=\"text-2xl font-bold\">6d T&#8217;hi esperem!<\/h2>\n      <\/div>\n    <\/div>\n\n\n<section class=\"element audio-block\">\n  <div class=\"flex flex-col w-full gap-6\">\n    <div class=\"flex flex-col gap-3\">\n      <div class=\"flex gap-6\">\n                          <h2 class=\"text-2xl font-bold\">La visita continua<\/h2>\n              <\/div>\n          <\/div>\n    <div class=\"flex items-center justify-end gap-3\">\n              <div class=\"flex-1 audio-content\" dir=\"ltr\">\n          <audio id=\"audio-230516dc612db53dd7e812c67030ba94\" data-label=\"La visita continua\"\n            data-category=\"SANT-QUIRC-DE-DURRO-CA-GENERAL-PLAY-CLOENDA.mp3\" class=\"hidden\" controls\n            src=\"https:\/\/guiesullsdelahistoria.cat\/app\/uploads\/2024\/11\/SANT-QUIRC-DE-DURRO-CA-GENERAL-PLAY-CLOENDA.mp3\"><\/audio>\n          <div class=\"flex items-center w-full gap-3 transition-opacity opacity-0 meta\">\n            <progress class=\"flex-1 border-0 appearance-none\" value=\"0\" max=\"1\"><\/progress>\n            <div class=\"text-sm text-center shrink-0 current-time w-9\"><\/div>\n                      <\/div>\n        <\/div>\n            <div class=\"flex flex-col items-center gap-2 shrink-1 audio-control\">\n        <button\n  class=\"flex items-center justify-center w-32 max-w-32 h-32 max-h-32 transition-[max-height,_max-width] bg-black rounded-full btn text-accent\"\n  data-target=\"#audio-230516dc612db53dd7e812c67030ba94\">\n  <svg width=\"100%\" height=\"100%\" viewBox=\"0 0 36 36\" version=\"1.1\" xmlns=\"http:\/\/www.w3.org\/2000\/svg\" xmlns:xlink=\"http:\/\/www.w3.org\/1999\/xlink\">\n  <path id=\"ytp-12\" d=\"M11,10 L18,13.74 18,22.28 11,26 M18,13.74 L26,18 26,18 18,22.28\" fill=\"currentColor\">\n    <animate id=\"animation\" begin=\"indefinite\" attributeType=\"XML\" attributeName=\"d\" fill=\"freeze\" from=\"M11,10 L17,10 17,26 11,26 M20,10 L26,10 26,26 20,26\" to=\"M11,10 L18,13.74 18,22.28 11,26 M18,13.74 L26,18 26,18 18,22.28\" dur=\"0.1s\" keySplines=\".4 0 1 1\" repeatCount=\"1\" data-play=\"M11,10 L18,13.74 18,22.28 11,26 M18,13.74 L26,18 26,18 18,22.28\" data-pause=\"M11,10 L17,10 17,26 11,26 M20,10 L26,10 26,26 20,26\"><\/animate>\n  <\/path>\n<\/svg>\n<\/button>\n        <p class=\"text-base text-center\">Escolta<\/p>\n      <\/div>\n    <\/div>\n\n    \n          <div class=\"flex flex-wrap justify-between gap-6 md:justify-start\">\n                  <button data-target=\"#transcription-230516dc612db53dd7e812c67030ba94\" data-toggle=\"modal\" class=\"flex items-center gap-2\">\n            <svg class=\"w-6 h-6\" fill=\"none\" xmlns=\"http:\/\/www.w3.org\/2000\/svg\" viewBox=\"0 0 22 12\"><path d=\"M0 9.873v-6c0-.55.196-1.02.588-1.412A1.926 1.926 0 0 1 2 1.873h2c.55 0 1.02.196 1.412.588.392.391.588.862.588 1.412v6H4v-2H2v2H0Zm2-4h2v-2H2v2Zm6 4v-8h4c.55 0 1.02.196 1.412.588.392.391.588.862.588 1.412v4c0 .55-.196 1.021-.588 1.413A1.926 1.926 0 0 1 12 9.873H8Zm2-2h2v-4h-2v4Zm6.85.8-1.4-1.425c.183-.183.32-.391.413-.625.091-.233.137-.483.137-.75 0-.283-.046-.537-.137-.762a1.85 1.85 0 0 0-.413-.613l1.4-1.45c.367.367.65.792.85 1.275.2.484.3 1 .3 1.55s-.1 1.063-.3 1.538c-.2.475-.483.896-.85 1.262Zm2.825 2.825-1.45-1.375c.55-.55.983-1.187 1.3-1.912A5.775 5.775 0 0 0 20 5.873c0-.85-.158-1.633-.475-2.35a6.217 6.217 0 0 0-1.3-1.9l1.45-1.4a7.94 7.94 0 0 1 1.712 2.55c.409.967.613 2 .613 3.1s-.204 2.13-.613 3.088a7.977 7.977 0 0 1-1.712 2.537Z\" fill=\"#000\"\/><\/svg>            <span>Transcripci\u00f3<\/span>\n          <\/button>\n                      <\/div>\n      <\/div>\n\n      <div id=\"transcription-230516dc612db53dd7e812c67030ba94\"\n  class=\"fixed inset-0 z-50 hidden w-screen h-screen opacity-0 pointer-events-none modal transcription\"\n  tabindex=\"-1\" role=\"dialog\">\n  <div class=\"absolute w-full h-full bg-black opacity-75 modal-overlay\"><\/div>\n  <div\n    class=\"absolute z-30 w-11\/12 mx-auto overflow-y-auto text-black bg-white shadow-lg modal-container center-xy md:max-w-4xl\"\n    role=\"document\">\n    <div class=\"flex items-center justify-between px-4 py-4 text-gray-700 border-b md:px-8\">\n      <h2 class=\"!mb-0 font-bold\">Transcripci\u00f3<\/h2>\n      <div class=\"z-50 flex flex-col items-center ml-auto cursor-pointer rtl:ml-0 rtl:mr-auto modal-close\">\n        <svg class=\"w-auto h-6\" width=\"18\" height=\"23\" xmlns=\"http:\/\/www.w3.org\/2000\/svg\">\n  <g stroke=\"currentColor\" fill=\"none\" fill-rule=\"evenodd\" stroke-linecap=\"square\">\n    <path d=\"M.7248.974l16.1076 20.6167M16.655 1.2654L.9097 22.1601\" \/>\n  <\/g>\n<\/svg>        <div class=\"hidden\">Close<\/div>\n      <\/div>\n    <\/div>\n    <div class=\"px-4 py-8 overflow-y-auto max-h-modal md:px-8 modal-content\">\n      <div class=\"mb-8 flex flex-col gap-1.5\">\n                      <h3 class=\"text-xl font-bold\">La visita continua<\/h3>\n                            <\/div>\n            <p>Aqu\u00ed s\u2019acaba la visita a l\u2019esgl\u00e9sia. Ara et convidem a con\u00e8ixer les altres, que constitueixen el Conjunt Rom\u00e0nic de la Vall de Bo\u00ed. T\u2019hi esperem!<\/p>\n    <\/div>\n  <\/div>\n<\/div>\n    <\/section>\n\n\n<div class=\"flex flex-col gap-6 element video-block\">\n  <div class=\"flex flex-col gap-3\">\n      <\/div>\n            <div class=\"relative w-full h-auto bg-black cursor-pointer text-accent lightgallery-video aspect-video\"\n        data-lg-size=\"1280-720\" data-src=\"https:\/\/www.youtube.com\/watch?v=a2S1_ipbLgI\">\n                  <div class=\"absolute inset-0\" style=\"background-color: rgba(0,0,0,0.2)\"><\/div>\n          <svg class=\"absolute top-1\/2 left-1\/2 transform -translate-x-1\/2 -translate-y-1\/2 w-20 h-20 pointer-events-none\" fill=\"none\" xmlns=\"http:\/\/www.w3.org\/2000\/svg\" viewBox=\"0 0 80 81\">\n  <path\n    d=\"m30 58.873 28-18-28-18v36Zm10 22c-5.533 0-10.733-1.05-15.6-3.15-4.867-2.1-9.1-4.95-12.7-8.55-3.6-3.6-6.45-7.833-8.55-12.7C1.05 51.606 0 46.406 0 40.873c0-5.533 1.05-10.733 3.15-15.6 2.1-4.867 4.95-9.1 8.55-12.7 3.6-3.6 7.833-6.45 12.7-8.55 4.867-2.1 10.067-3.15 15.6-3.15 5.533 0 10.733 1.05 15.6 3.15 4.867 2.1 9.1 4.95 12.7 8.55 3.6 3.6 6.45 7.833 8.55 12.7C78.95 30.14 80 35.34 80 40.873c0 5.533-1.05 10.733-3.15 15.6-2.1 4.867-4.95 9.1-8.55 12.7-3.6 3.6-7.833 6.45-12.7 8.55-4.867 2.1-10.067 3.15-15.6 3.15Z\"\n    fill=\"currentColor\" \/>\n<\/svg>          <img decoding=\"async\" class=\"object-cover object-center w-full h-auto aspect-video\" src=\"https:\/\/i.ytimg.com\/vi\/a2S1_ipbLgI\/sddefault.jpg\" \/>\n              <\/div>\n      <\/div>\n\n\n<div class=\"flex flex-col gap-3 element text-block\">\n  <div class=\"flex items-center gap-6\">\n              <h2 class=\"text-2xl font-bold\">Cloenda<\/h2>\n      <\/div>\n        <div class=\"prose prose-lg\"><p><em>\u201cEls Ulls de la Hist\u00f2ria. Una mirada immersiva sobre el patrimoni\u201d<\/em> \u00e9s una iniciativa de l\u2019Ag\u00e8ncia Catalana del Patrimoni Cultural. Un projecte que incorpora altres veus i altres mirades sobre el nostre passat. Perqu\u00e8 totes i tots fem hist\u00f2ria.<\/p>\n<\/div>\n  <\/div>\n\n<\/div>\n      <\/div>\n    <\/div>\n  <\/section>\n\n\n<section class=\"overflow-hidden section\" id=\"section-69f5b6eda682a\" data-title=\"7. Santa Eul\u00e0lia d'Erill la Vall\">\n    <div class=\"container grid grid-cols-1 py-8 md:py-10 max-md:gap-y-8 md:grid-standard\">\n              <div class=\"flex gap-4 md:col-span-5\">\n                                <h2 class=\"text-8 font-headings\">7. Santa Eul\u00e0lia d&#8217;Erill la Vall<\/h2>\n                  <\/div>\n            <div class=\"flex flex-col gap-8 md:col-span-6 md:col-start-7 md:gap-10\">\n        <div class=\"acf-innerblocks-container\">\n<div class=\"flex flex-col gap-3 element text-block\">\n  <div class=\"flex items-center gap-6\">\n              <h2 class=\"text-2xl font-bold\">7a Introducci\u00f3<\/h2>\n      <\/div>\n    <\/div>\n\n\n<div class=\"flex flex-col gap-6 element image-block\">\n  <div class=\"flex flex-col gap-3\">\n      <\/div>\n      <figure>\n      <img loading=\"lazy\" decoding=\"async\" width=\"1600\" height=\"1182\" src=\"https:\/\/guiesullsdelahistoria.cat\/app\/uploads\/2024\/11\/Santa-Eulalia-general.jpg\" class=\"w-full h-auto\" alt=\"Vista a\u00e8ria de l\u2019esgl\u00e9sia de Santa Eul\u00e0lia d\u2019Erill la Vall amb algunes cases del poble al darrere i les muntanyes de fons.\" srcset=\"https:\/\/guiesullsdelahistoria.cat\/app\/uploads\/2024\/11\/Santa-Eulalia-general.jpg 1600w, https:\/\/guiesullsdelahistoria.cat\/app\/uploads\/2024\/11\/Santa-Eulalia-general-300x222.jpg 300w, https:\/\/guiesullsdelahistoria.cat\/app\/uploads\/2024\/11\/Santa-Eulalia-general-1024x756.jpg 1024w, https:\/\/guiesullsdelahistoria.cat\/app\/uploads\/2024\/11\/Santa-Eulalia-general-768x567.jpg 768w, https:\/\/guiesullsdelahistoria.cat\/app\/uploads\/2024\/11\/Santa-Eulalia-general-1536x1135.jpg 1536w\" sizes=\"auto, (max-width: 1600px) 100vw, 1600px\" \/>\n              <figcaption class=\"pt-2 text-gray-800\">Vista a\u00e8ria de Santa Eul\u00e0lia d\u2019Erill la Vall.<\/figcaption>\n          <\/figure>\n  <\/div>\n\n\n<section class=\"element audio-block\">\n  <div class=\"flex flex-col w-full gap-6\">\n    <div class=\"flex flex-col gap-3\">\n      <div class=\"flex gap-6\">\n                          <h2 class=\"text-2xl font-bold\">La Vall de Bo\u00ed i les seves esgl\u00e9sies<\/h2>\n              <\/div>\n          <\/div>\n    <div class=\"flex items-center justify-end gap-3\">\n              <div class=\"flex-1 audio-content\" dir=\"ltr\">\n          <audio id=\"audio-b0fb91fc01dc24d7065a34dbc9bfe465\" data-label=\"La Vall de Bo\u00ed i les seves esgl\u00e9sies\"\n            data-category=\"SANTA-EULALIA-DERILL-LA-VALL-CAT-GENERAL-PLAY-0.mp3\" class=\"hidden\" controls\n            src=\"https:\/\/guiesullsdelahistoria.cat\/app\/uploads\/2024\/11\/SANTA-EULALIA-DERILL-LA-VALL-CAT-GENERAL-PLAY-0.mp3\"><\/audio>\n          <div class=\"flex items-center w-full gap-3 transition-opacity opacity-0 meta\">\n            <progress class=\"flex-1 border-0 appearance-none\" value=\"0\" max=\"1\"><\/progress>\n            <div class=\"text-sm text-center shrink-0 current-time w-9\"><\/div>\n                      <\/div>\n        <\/div>\n            <div class=\"flex flex-col items-center gap-2 shrink-1 audio-control\">\n        <button\n  class=\"flex items-center justify-center w-32 max-w-32 h-32 max-h-32 transition-[max-height,_max-width] bg-black rounded-full btn text-accent\"\n  data-target=\"#audio-b0fb91fc01dc24d7065a34dbc9bfe465\">\n  <svg width=\"100%\" height=\"100%\" viewBox=\"0 0 36 36\" version=\"1.1\" xmlns=\"http:\/\/www.w3.org\/2000\/svg\" xmlns:xlink=\"http:\/\/www.w3.org\/1999\/xlink\">\n  <path id=\"ytp-12\" d=\"M11,10 L18,13.74 18,22.28 11,26 M18,13.74 L26,18 26,18 18,22.28\" fill=\"currentColor\">\n    <animate id=\"animation\" begin=\"indefinite\" attributeType=\"XML\" attributeName=\"d\" fill=\"freeze\" from=\"M11,10 L17,10 17,26 11,26 M20,10 L26,10 26,26 20,26\" to=\"M11,10 L18,13.74 18,22.28 11,26 M18,13.74 L26,18 26,18 18,22.28\" dur=\"0.1s\" keySplines=\".4 0 1 1\" repeatCount=\"1\" data-play=\"M11,10 L18,13.74 18,22.28 11,26 M18,13.74 L26,18 26,18 18,22.28\" data-pause=\"M11,10 L17,10 17,26 11,26 M20,10 L26,10 26,26 20,26\"><\/animate>\n  <\/path>\n<\/svg>\n<\/button>\n        <p class=\"text-base text-center\">Escolta<\/p>\n      <\/div>\n    <\/div>\n\n    \n          <div class=\"flex flex-wrap justify-between gap-6 md:justify-start\">\n                  <button data-target=\"#transcription-b0fb91fc01dc24d7065a34dbc9bfe465\" data-toggle=\"modal\" class=\"flex items-center gap-2\">\n            <svg class=\"w-6 h-6\" fill=\"none\" xmlns=\"http:\/\/www.w3.org\/2000\/svg\" viewBox=\"0 0 22 12\"><path d=\"M0 9.873v-6c0-.55.196-1.02.588-1.412A1.926 1.926 0 0 1 2 1.873h2c.55 0 1.02.196 1.412.588.392.391.588.862.588 1.412v6H4v-2H2v2H0Zm2-4h2v-2H2v2Zm6 4v-8h4c.55 0 1.02.196 1.412.588.392.391.588.862.588 1.412v4c0 .55-.196 1.021-.588 1.413A1.926 1.926 0 0 1 12 9.873H8Zm2-2h2v-4h-2v4Zm6.85.8-1.4-1.425c.183-.183.32-.391.413-.625.091-.233.137-.483.137-.75 0-.283-.046-.537-.137-.762a1.85 1.85 0 0 0-.413-.613l1.4-1.45c.367.367.65.792.85 1.275.2.484.3 1 .3 1.55s-.1 1.063-.3 1.538c-.2.475-.483.896-.85 1.262Zm2.825 2.825-1.45-1.375c.55-.55.983-1.187 1.3-1.912A5.775 5.775 0 0 0 20 5.873c0-.85-.158-1.633-.475-2.35a6.217 6.217 0 0 0-1.3-1.9l1.45-1.4a7.94 7.94 0 0 1 1.712 2.55c.409.967.613 2 .613 3.1s-.204 2.13-.613 3.088a7.977 7.977 0 0 1-1.712 2.537Z\" fill=\"#000\"\/><\/svg>            <span>Transcripci\u00f3<\/span>\n          <\/button>\n                      <\/div>\n      <\/div>\n\n      <div id=\"transcription-b0fb91fc01dc24d7065a34dbc9bfe465\"\n  class=\"fixed inset-0 z-50 hidden w-screen h-screen opacity-0 pointer-events-none modal transcription\"\n  tabindex=\"-1\" role=\"dialog\">\n  <div class=\"absolute w-full h-full bg-black opacity-75 modal-overlay\"><\/div>\n  <div\n    class=\"absolute z-30 w-11\/12 mx-auto overflow-y-auto text-black bg-white shadow-lg modal-container center-xy md:max-w-4xl\"\n    role=\"document\">\n    <div class=\"flex items-center justify-between px-4 py-4 text-gray-700 border-b md:px-8\">\n      <h2 class=\"!mb-0 font-bold\">Transcripci\u00f3<\/h2>\n      <div class=\"z-50 flex flex-col items-center ml-auto cursor-pointer rtl:ml-0 rtl:mr-auto modal-close\">\n        <svg class=\"w-auto h-6\" width=\"18\" height=\"23\" xmlns=\"http:\/\/www.w3.org\/2000\/svg\">\n  <g stroke=\"currentColor\" fill=\"none\" fill-rule=\"evenodd\" stroke-linecap=\"square\">\n    <path d=\"M.7248.974l16.1076 20.6167M16.655 1.2654L.9097 22.1601\" \/>\n  <\/g>\n<\/svg>        <div class=\"hidden\">Close<\/div>\n      <\/div>\n    <\/div>\n    <div class=\"px-4 py-8 overflow-y-auto max-h-modal md:px-8 modal-content\">\n      <div class=\"mb-8 flex flex-col gap-1.5\">\n                      <h3 class=\"text-xl font-bold\">La Vall de Bo\u00ed i les seves esgl\u00e9sies<\/h3>\n                            <\/div>\n            <p>Et donem la benvinguda a la Vall de Bo\u00ed i t\u2019animem a con\u00e8ixer-ne l\u2019excepcional conjunt d\u2019esgl\u00e9sies, considerades una de les m\u00e0ximes expressions de l\u2019art rom\u00e0nic catal\u00e0 i inscrites a la llista de Patrimoni Mundial per la UNESCO l\u2019any 2000.<br \/>\nEl Conjunt Rom\u00e0nic de la Vall de Bo\u00ed l\u2019integren nou esgl\u00e9sies: Sant Climent i Santa Maria de Ta\u00fcll, Sant Joan de Bo\u00ed, Santa Eul\u00e0lia d\u2019Erill la Vall, Sant Feliu de Barruera, la Nativitat i Sant Quirc de Durro, Santa Maria de Cardet i l\u2019Assumpci\u00f3 de C\u00f3ll.<br \/>\nPer\u00f2, qu\u00e8 tenen en com\u00fa aquest conjunt d\u2019esgl\u00e9sies? Qu\u00e8 les fa tan singulars? Quina \u00e9s la seva hist\u00f2ria?<br \/>\nTotes van ser constru\u00efdes entre els segles XI i XII, en un moment de poder i de bonan\u00e7a econ\u00f2mica de la noblesa local, i comparteixen un estil arquitect\u00f2nic, el rom\u00e0nic, molt est\u00e8s per tot Europa.<br \/>\nAvui, una bona part de les pintures, talles i mobiliari es conserven a diversos museus catalans, sobretot al Museu Nacional d\u2019Art de Catalunya. Tot i aix\u00f2, algunes de les esgl\u00e9sies compten amb importants fragments de pintura mural i escultures originals, a m\u00e9s de reproduccions de les que es conserven als museus.<br \/>\nAmb la guia que tens a les mans, descobrir\u00e0s els valors excepcionals d\u2019aquest conjunt rom\u00e0nic i podr\u00e0s con\u00e8ixer cada una de les nou esgl\u00e9sies, amb els seus secrets i curiositats.<br \/>\nUna advert\u00e8ncia final! Aquestes muntanyes s\u00f3n misterioses i, a les valls, les paraules de les persones que les han habitat sovint es queden atrapades i ressonen al llarg del temps com un eco imperceptible. Aquesta guia disposa d\u2019un sensor que s\u2019activa cada cop que en capta alguna. No t\u2019espantis i continua escoltant.<\/p>\n    <\/div>\n  <\/div>\n<\/div>\n    <\/section>\n\n\n<div class=\"flex flex-col gap-6 element video-block\">\n  <div class=\"flex flex-col gap-3\">\n      <\/div>\n            <div class=\"relative w-full h-auto bg-black cursor-pointer text-accent lightgallery-video aspect-video\"\n        data-lg-size=\"1280-720\" data-src=\"https:\/\/www.youtube.com\/watch?v=24RE1X5qLBM\">\n                  <div class=\"absolute inset-0\" style=\"background-color: rgba(0,0,0,0.2)\"><\/div>\n          <svg class=\"absolute top-1\/2 left-1\/2 transform -translate-x-1\/2 -translate-y-1\/2 w-20 h-20 pointer-events-none\" fill=\"none\" xmlns=\"http:\/\/www.w3.org\/2000\/svg\" viewBox=\"0 0 80 81\">\n  <path\n    d=\"m30 58.873 28-18-28-18v36Zm10 22c-5.533 0-10.733-1.05-15.6-3.15-4.867-2.1-9.1-4.95-12.7-8.55-3.6-3.6-6.45-7.833-8.55-12.7C1.05 51.606 0 46.406 0 40.873c0-5.533 1.05-10.733 3.15-15.6 2.1-4.867 4.95-9.1 8.55-12.7 3.6-3.6 7.833-6.45 12.7-8.55 4.867-2.1 10.067-3.15 15.6-3.15 5.533 0 10.733 1.05 15.6 3.15 4.867 2.1 9.1 4.95 12.7 8.55 3.6 3.6 6.45 7.833 8.55 12.7C78.95 30.14 80 35.34 80 40.873c0 5.533-1.05 10.733-3.15 15.6-2.1 4.867-4.95 9.1-8.55 12.7-3.6 3.6-7.833 6.45-12.7 8.55-4.867 2.1-10.067 3.15-15.6 3.15Z\"\n    fill=\"currentColor\" \/>\n<\/svg>          <img decoding=\"async\" class=\"object-cover object-center w-full h-auto aspect-video\" src=\"https:\/\/i.ytimg.com\/vi\/24RE1X5qLBM\/sddefault.jpg\" \/>\n              <\/div>\n      <\/div>\n\n\n<div class=\"flex flex-col gap-3 element text-block\">\n  <div class=\"flex items-center gap-6\">\n              <h2 class=\"text-2xl font-bold\">7b Absis<\/h2>\n      <\/div>\n    <\/div>\n\n\n<div class=\"flex flex-col gap-6 element image-block\">\n  <div class=\"flex flex-col gap-3\">\n      <\/div>\n      <figure>\n      <img loading=\"lazy\" decoding=\"async\" width=\"567\" height=\"851\" src=\"https:\/\/guiesullsdelahistoria.cat\/app\/uploads\/2024\/11\/MG_1536.jpg\" class=\"w-full h-auto\" alt=\"Torre del campanar de l\u2019esgl\u00e9sia de Santa Eul\u00e0lia d\u2019Erill la Vall amb el cel al fons.\" srcset=\"https:\/\/guiesullsdelahistoria.cat\/app\/uploads\/2024\/11\/MG_1536.jpg 567w, https:\/\/guiesullsdelahistoria.cat\/app\/uploads\/2024\/11\/MG_1536-200x300.jpg 200w\" sizes=\"auto, (max-width: 567px) 100vw, 567px\" \/>\n              <figcaption class=\"pt-2 text-gray-800\">Torre del campanar de Santa Eul\u00e0lia d\u2019Erill la Vall.<\/figcaption>\n          <\/figure>\n  <\/div>\n\n\n<section class=\"element audio-block\">\n  <div class=\"flex flex-col w-full gap-6\">\n    <div class=\"flex flex-col gap-3\">\n      <div class=\"flex gap-6\">\n                          <h2 class=\"text-2xl font-bold\">El campanar<\/h2>\n              <\/div>\n          <\/div>\n    <div class=\"flex items-center justify-end gap-3\">\n              <div class=\"flex-1 audio-content\" dir=\"ltr\">\n          <audio id=\"audio-d5f4c6c34b30aae4c084ac2d64fd1b58\" data-label=\"El campanar\"\n            data-category=\"SANTA-EULALIA-D_ERILL-LA-VALL-CAT-GENERAL-PLAY-1.mp3\" class=\"hidden\" controls\n            src=\"https:\/\/guiesullsdelahistoria.cat\/app\/uploads\/2024\/11\/SANTA-EULALIA-D_ERILL-LA-VALL-CAT-GENERAL-PLAY-1.mp3\"><\/audio>\n          <div class=\"flex items-center w-full gap-3 transition-opacity opacity-0 meta\">\n            <progress class=\"flex-1 border-0 appearance-none\" value=\"0\" max=\"1\"><\/progress>\n            <div class=\"text-sm text-center shrink-0 current-time w-9\"><\/div>\n                      <\/div>\n        <\/div>\n            <div class=\"flex flex-col items-center gap-2 shrink-1 audio-control\">\n        <button\n  class=\"flex items-center justify-center w-32 max-w-32 h-32 max-h-32 transition-[max-height,_max-width] bg-black rounded-full btn text-accent\"\n  data-target=\"#audio-d5f4c6c34b30aae4c084ac2d64fd1b58\">\n  <svg width=\"100%\" height=\"100%\" viewBox=\"0 0 36 36\" version=\"1.1\" xmlns=\"http:\/\/www.w3.org\/2000\/svg\" xmlns:xlink=\"http:\/\/www.w3.org\/1999\/xlink\">\n  <path id=\"ytp-12\" d=\"M11,10 L18,13.74 18,22.28 11,26 M18,13.74 L26,18 26,18 18,22.28\" fill=\"currentColor\">\n    <animate id=\"animation\" begin=\"indefinite\" attributeType=\"XML\" attributeName=\"d\" fill=\"freeze\" from=\"M11,10 L17,10 17,26 11,26 M20,10 L26,10 26,26 20,26\" to=\"M11,10 L18,13.74 18,22.28 11,26 M18,13.74 L26,18 26,18 18,22.28\" dur=\"0.1s\" keySplines=\".4 0 1 1\" repeatCount=\"1\" data-play=\"M11,10 L18,13.74 18,22.28 11,26 M18,13.74 L26,18 26,18 18,22.28\" data-pause=\"M11,10 L17,10 17,26 11,26 M20,10 L26,10 26,26 20,26\"><\/animate>\n  <\/path>\n<\/svg>\n<\/button>\n        <p class=\"text-base text-center\">Escolta<\/p>\n      <\/div>\n    <\/div>\n\n    \n          <div class=\"flex flex-wrap justify-between gap-6 md:justify-start\">\n                  <button data-target=\"#transcription-d5f4c6c34b30aae4c084ac2d64fd1b58\" data-toggle=\"modal\" class=\"flex items-center gap-2\">\n            <svg class=\"w-6 h-6\" fill=\"none\" xmlns=\"http:\/\/www.w3.org\/2000\/svg\" viewBox=\"0 0 22 12\"><path d=\"M0 9.873v-6c0-.55.196-1.02.588-1.412A1.926 1.926 0 0 1 2 1.873h2c.55 0 1.02.196 1.412.588.392.391.588.862.588 1.412v6H4v-2H2v2H0Zm2-4h2v-2H2v2Zm6 4v-8h4c.55 0 1.02.196 1.412.588.392.391.588.862.588 1.412v4c0 .55-.196 1.021-.588 1.413A1.926 1.926 0 0 1 12 9.873H8Zm2-2h2v-4h-2v4Zm6.85.8-1.4-1.425c.183-.183.32-.391.413-.625.091-.233.137-.483.137-.75 0-.283-.046-.537-.137-.762a1.85 1.85 0 0 0-.413-.613l1.4-1.45c.367.367.65.792.85 1.275.2.484.3 1 .3 1.55s-.1 1.063-.3 1.538c-.2.475-.483.896-.85 1.262Zm2.825 2.825-1.45-1.375c.55-.55.983-1.187 1.3-1.912A5.775 5.775 0 0 0 20 5.873c0-.85-.158-1.633-.475-2.35a6.217 6.217 0 0 0-1.3-1.9l1.45-1.4a7.94 7.94 0 0 1 1.712 2.55c.409.967.613 2 .613 3.1s-.204 2.13-.613 3.088a7.977 7.977 0 0 1-1.712 2.537Z\" fill=\"#000\"\/><\/svg>            <span>Transcripci\u00f3<\/span>\n          <\/button>\n                      <\/div>\n      <\/div>\n\n      <div id=\"transcription-d5f4c6c34b30aae4c084ac2d64fd1b58\"\n  class=\"fixed inset-0 z-50 hidden w-screen h-screen opacity-0 pointer-events-none modal transcription\"\n  tabindex=\"-1\" role=\"dialog\">\n  <div class=\"absolute w-full h-full bg-black opacity-75 modal-overlay\"><\/div>\n  <div\n    class=\"absolute z-30 w-11\/12 mx-auto overflow-y-auto text-black bg-white shadow-lg modal-container center-xy md:max-w-4xl\"\n    role=\"document\">\n    <div class=\"flex items-center justify-between px-4 py-4 text-gray-700 border-b md:px-8\">\n      <h2 class=\"!mb-0 font-bold\">Transcripci\u00f3<\/h2>\n      <div class=\"z-50 flex flex-col items-center ml-auto cursor-pointer rtl:ml-0 rtl:mr-auto modal-close\">\n        <svg class=\"w-auto h-6\" width=\"18\" height=\"23\" xmlns=\"http:\/\/www.w3.org\/2000\/svg\">\n  <g stroke=\"currentColor\" fill=\"none\" fill-rule=\"evenodd\" stroke-linecap=\"square\">\n    <path d=\"M.7248.974l16.1076 20.6167M16.655 1.2654L.9097 22.1601\" \/>\n  <\/g>\n<\/svg>        <div class=\"hidden\">Close<\/div>\n      <\/div>\n    <\/div>\n    <div class=\"px-4 py-8 overflow-y-auto max-h-modal md:px-8 modal-content\">\n      <div class=\"mb-8 flex flex-col gap-1.5\">\n                      <h3 class=\"text-xl font-bold\">El campanar<\/h3>\n                            <\/div>\n            <p>A Santa Eul\u00e0lia hi ha un dels campanars m\u00e9s destacats de la Vall, una esvelta torre de planta quadrada i sis pisos d\u2019al\u00e7ada, amb la decoraci\u00f3 pr\u00f2pia del primer rom\u00e0nic: amb arquets cecs i frisos de dent de serra.<br \/>\nAquest campanar est\u00e0 alineat amb el de Sant Joan de Bo\u00ed i el de Sant Climent de Ta\u00fcll, i des d\u2019aquesta torre es podien veure els altres dos campanars. Avui en dia, els arbres que han crescut als prats n\u2019impedeixen la visi\u00f3.<br \/>\nDes del punt de vista religi\u00f3s, la torre era l\u2019element arquitect\u00f2nic que, simb\u00f2licament, s\u2019elevava cap al cel. Per\u00f2 tamb\u00e9 tenia altres funcions: era un punt de vigil\u00e0ncia i servia per comunicar-se amb les altres poblacions.<br \/>\nAbans de continuar la visita, deixa\u2019t impressionar uns segons per la contund\u00e8ncia i la sobrietat d\u2019aquesta esgl\u00e9sia. I, si pots, gaudeix de l\u2019espectacle sonor de les campanes ressonant per tot el poble: val la pena.<br \/>\nDespr\u00e9s, dirigeix-te on hi ha l\u2019entrada de l\u2019esgl\u00e9sia. <\/p>\n    <\/div>\n  <\/div>\n<\/div>\n    <\/section>\n\n\n<div class=\"flex flex-col gap-6 element video-block\">\n  <div class=\"flex flex-col gap-3\">\n      <\/div>\n            <div class=\"relative w-full h-auto bg-black cursor-pointer text-accent lightgallery-video aspect-video\"\n        data-lg-size=\"1280-720\" data-src=\"https:\/\/www.youtube.com\/watch?v=eOzyOs0HMLc\">\n                  <div class=\"absolute inset-0\" style=\"background-color: rgba(0,0,0,0.2)\"><\/div>\n          <svg class=\"absolute top-1\/2 left-1\/2 transform -translate-x-1\/2 -translate-y-1\/2 w-20 h-20 pointer-events-none\" fill=\"none\" xmlns=\"http:\/\/www.w3.org\/2000\/svg\" viewBox=\"0 0 80 81\">\n  <path\n    d=\"m30 58.873 28-18-28-18v36Zm10 22c-5.533 0-10.733-1.05-15.6-3.15-4.867-2.1-9.1-4.95-12.7-8.55-3.6-3.6-6.45-7.833-8.55-12.7C1.05 51.606 0 46.406 0 40.873c0-5.533 1.05-10.733 3.15-15.6 2.1-4.867 4.95-9.1 8.55-12.7 3.6-3.6 7.833-6.45 12.7-8.55 4.867-2.1 10.067-3.15 15.6-3.15 5.533 0 10.733 1.05 15.6 3.15 4.867 2.1 9.1 4.95 12.7 8.55 3.6 3.6 6.45 7.833 8.55 12.7C78.95 30.14 80 35.34 80 40.873c0 5.533-1.05 10.733-3.15 15.6-2.1 4.867-4.95 9.1-8.55 12.7-3.6 3.6-7.833 6.45-12.7 8.55-4.867 2.1-10.067 3.15-15.6 3.15Z\"\n    fill=\"currentColor\" \/>\n<\/svg>          <img decoding=\"async\" class=\"object-cover object-center w-full h-auto aspect-video\" src=\"https:\/\/i.ytimg.com\/vi\/eOzyOs0HMLc\/sddefault.jpg\" \/>\n              <\/div>\n      <\/div>\n\n\n<div class=\"flex flex-col gap-3 element text-block\">\n  <div class=\"flex items-center gap-6\">\n              <h2 class=\"text-2xl font-bold\">7c Porxo<\/h2>\n      <\/div>\n    <\/div>\n\n\n<div class=\"flex flex-col gap-6 element image-block\">\n  <div class=\"flex flex-col gap-3\">\n      <\/div>\n      <figure>\n      <img loading=\"lazy\" decoding=\"async\" width=\"1703\" height=\"2560\" src=\"https:\/\/guiesullsdelahistoria.cat\/app\/uploads\/2024\/11\/Santa_Eulalia_Erill_la_Vall_porxo_llum-scaled.jpg\" class=\"w-full h-auto\" alt=\"Exterior de l\u2019esgl\u00e9sia de Santa Eul\u00e0lia d\u2019Erill la Vall al capvespre, amb el porxo il\u00b7luminat i el cementiri al davant.\" srcset=\"https:\/\/guiesullsdelahistoria.cat\/app\/uploads\/2024\/11\/Santa_Eulalia_Erill_la_Vall_porxo_llum-scaled.jpg 1703w, https:\/\/guiesullsdelahistoria.cat\/app\/uploads\/2024\/11\/Santa_Eulalia_Erill_la_Vall_porxo_llum-200x300.jpg 200w, https:\/\/guiesullsdelahistoria.cat\/app\/uploads\/2024\/11\/Santa_Eulalia_Erill_la_Vall_porxo_llum-681x1024.jpg 681w, https:\/\/guiesullsdelahistoria.cat\/app\/uploads\/2024\/11\/Santa_Eulalia_Erill_la_Vall_porxo_llum-768x1155.jpg 768w, https:\/\/guiesullsdelahistoria.cat\/app\/uploads\/2024\/11\/Santa_Eulalia_Erill_la_Vall_porxo_llum-1022x1536.jpg 1022w, https:\/\/guiesullsdelahistoria.cat\/app\/uploads\/2024\/11\/Santa_Eulalia_Erill_la_Vall_porxo_llum-1362x2048.jpg 1362w\" sizes=\"auto, (max-width: 1703px) 100vw, 1703px\" \/>\n              <figcaption class=\"pt-2 text-gray-800\"> Vista nocturna de Santa Eul\u00e0lia d\u2019Erill la Vall.<\/figcaption>\n          <\/figure>\n  <\/div>\n\n\n<section class=\"element audio-block\">\n  <div class=\"flex flex-col w-full gap-6\">\n    <div class=\"flex flex-col gap-3\">\n      <div class=\"flex gap-6\">\n                          <h2 class=\"text-2xl font-bold\">Un punt de reuni\u00f3<\/h2>\n              <\/div>\n          <\/div>\n    <div class=\"flex items-center justify-end gap-3\">\n              <div class=\"flex-1 audio-content\" dir=\"ltr\">\n          <audio id=\"audio-8e66eec883de3e23af0e2f00e0fb4d31\" data-label=\"Un punt de reuni\u00f3\"\n            data-category=\"SANTA-EULALIA-D_ERILL-LA-VALL-CAT-GENERAL-PLAY-2.mp3\" class=\"hidden\" controls\n            src=\"https:\/\/guiesullsdelahistoria.cat\/app\/uploads\/2024\/11\/SANTA-EULALIA-D_ERILL-LA-VALL-CAT-GENERAL-PLAY-2.mp3\"><\/audio>\n          <div class=\"flex items-center w-full gap-3 transition-opacity opacity-0 meta\">\n            <progress class=\"flex-1 border-0 appearance-none\" value=\"0\" max=\"1\"><\/progress>\n            <div class=\"text-sm text-center shrink-0 current-time w-9\"><\/div>\n                      <\/div>\n        <\/div>\n            <div class=\"flex flex-col items-center gap-2 shrink-1 audio-control\">\n        <button\n  class=\"flex items-center justify-center w-32 max-w-32 h-32 max-h-32 transition-[max-height,_max-width] bg-black rounded-full btn text-accent\"\n  data-target=\"#audio-8e66eec883de3e23af0e2f00e0fb4d31\">\n  <svg width=\"100%\" height=\"100%\" viewBox=\"0 0 36 36\" version=\"1.1\" xmlns=\"http:\/\/www.w3.org\/2000\/svg\" xmlns:xlink=\"http:\/\/www.w3.org\/1999\/xlink\">\n  <path id=\"ytp-12\" d=\"M11,10 L18,13.74 18,22.28 11,26 M18,13.74 L26,18 26,18 18,22.28\" fill=\"currentColor\">\n    <animate id=\"animation\" begin=\"indefinite\" attributeType=\"XML\" attributeName=\"d\" fill=\"freeze\" from=\"M11,10 L17,10 17,26 11,26 M20,10 L26,10 26,26 20,26\" to=\"M11,10 L18,13.74 18,22.28 11,26 M18,13.74 L26,18 26,18 18,22.28\" dur=\"0.1s\" keySplines=\".4 0 1 1\" repeatCount=\"1\" data-play=\"M11,10 L18,13.74 18,22.28 11,26 M18,13.74 L26,18 26,18 18,22.28\" data-pause=\"M11,10 L17,10 17,26 11,26 M20,10 L26,10 26,26 20,26\"><\/animate>\n  <\/path>\n<\/svg>\n<\/button>\n        <p class=\"text-base text-center\">Escolta<\/p>\n      <\/div>\n    <\/div>\n\n    \n          <div class=\"flex flex-wrap justify-between gap-6 md:justify-start\">\n                  <button data-target=\"#transcription-8e66eec883de3e23af0e2f00e0fb4d31\" data-toggle=\"modal\" class=\"flex items-center gap-2\">\n            <svg class=\"w-6 h-6\" fill=\"none\" xmlns=\"http:\/\/www.w3.org\/2000\/svg\" viewBox=\"0 0 22 12\"><path d=\"M0 9.873v-6c0-.55.196-1.02.588-1.412A1.926 1.926 0 0 1 2 1.873h2c.55 0 1.02.196 1.412.588.392.391.588.862.588 1.412v6H4v-2H2v2H0Zm2-4h2v-2H2v2Zm6 4v-8h4c.55 0 1.02.196 1.412.588.392.391.588.862.588 1.412v4c0 .55-.196 1.021-.588 1.413A1.926 1.926 0 0 1 12 9.873H8Zm2-2h2v-4h-2v4Zm6.85.8-1.4-1.425c.183-.183.32-.391.413-.625.091-.233.137-.483.137-.75 0-.283-.046-.537-.137-.762a1.85 1.85 0 0 0-.413-.613l1.4-1.45c.367.367.65.792.85 1.275.2.484.3 1 .3 1.55s-.1 1.063-.3 1.538c-.2.475-.483.896-.85 1.262Zm2.825 2.825-1.45-1.375c.55-.55.983-1.187 1.3-1.912A5.775 5.775 0 0 0 20 5.873c0-.85-.158-1.633-.475-2.35a6.217 6.217 0 0 0-1.3-1.9l1.45-1.4a7.94 7.94 0 0 1 1.712 2.55c.409.967.613 2 .613 3.1s-.204 2.13-.613 3.088a7.977 7.977 0 0 1-1.712 2.537Z\" fill=\"#000\"\/><\/svg>            <span>Transcripci\u00f3<\/span>\n          <\/button>\n                      <\/div>\n      <\/div>\n\n      <div id=\"transcription-8e66eec883de3e23af0e2f00e0fb4d31\"\n  class=\"fixed inset-0 z-50 hidden w-screen h-screen opacity-0 pointer-events-none modal transcription\"\n  tabindex=\"-1\" role=\"dialog\">\n  <div class=\"absolute w-full h-full bg-black opacity-75 modal-overlay\"><\/div>\n  <div\n    class=\"absolute z-30 w-11\/12 mx-auto overflow-y-auto text-black bg-white shadow-lg modal-container center-xy md:max-w-4xl\"\n    role=\"document\">\n    <div class=\"flex items-center justify-between px-4 py-4 text-gray-700 border-b md:px-8\">\n      <h2 class=\"!mb-0 font-bold\">Transcripci\u00f3<\/h2>\n      <div class=\"z-50 flex flex-col items-center ml-auto cursor-pointer rtl:ml-0 rtl:mr-auto modal-close\">\n        <svg class=\"w-auto h-6\" width=\"18\" height=\"23\" xmlns=\"http:\/\/www.w3.org\/2000\/svg\">\n  <g stroke=\"currentColor\" fill=\"none\" fill-rule=\"evenodd\" stroke-linecap=\"square\">\n    <path d=\"M.7248.974l16.1076 20.6167M16.655 1.2654L.9097 22.1601\" \/>\n  <\/g>\n<\/svg>        <div class=\"hidden\">Close<\/div>\n      <\/div>\n    <\/div>\n    <div class=\"px-4 py-8 overflow-y-auto max-h-modal md:px-8 modal-content\">\n      <div class=\"mb-8 flex flex-col gap-1.5\">\n                      <h3 class=\"text-xl font-bold\">Un punt de reuni\u00f3<\/h3>\n                            <\/div>\n            <p>L\u2019esgl\u00e9sia, igual que el campanar, tenia una doble funci\u00f3: social i religiosa.<br \/>\nL\u2019entrada i sortida del temple sempre ha estat un punt important de reuni\u00f3 de la poblaci\u00f3; per aix\u00f2, una de les funcions del porxo on ets era protegir els feligresos de les inclem\u00e8ncies meteorol\u00f2giques mentre esperaven. Per\u00f2 tamb\u00e9 podia ser un lloc de parada de les processons, un espai on celebrar actes lit\u00fargics i tamb\u00e9 socials, com ara judicis. El porxo, a m\u00e9s, tenia una funci\u00f3 simb\u00f2lica: era l\u2019espai de transici\u00f3 entre la vida quotidiana i l\u2019entrada a la casa de D\u00e9u. A la part interior de l\u2019arc de la porta, anomenada intrad\u00f3s, s\u2019hi pot veure la representaci\u00f3 de dues serps enfrontades: una clara advert\u00e8ncia del pecat. En aquest arc tamb\u00e9 hi queden restes de la pintura original, en tons vermells i negres. I, si t\u2019hi fixes b\u00e9, veur\u00e0s un grafit antic amb un petit peix.<br \/>\nEncara al porxo, a banda i banda de la porta, podr\u00e0s observar dues pedres amb uns curiosos dibuixos tra\u00e7ats en color blanc: una mena de creu de tres caps a l\u2019esquerra i una estrella a la dreta. S\u00f3n dibuixos fets en el proc\u00e9s de sacralitzaci\u00f3 de l\u2019esgl\u00e9sia per tal de protegir-la del mal.<br \/>\nEn aquest mateix mur, a l\u2019esquerra, hi ha restes de l\u2019encintat, una quadr\u00edcula blanca que es pintava sobre les pedres per simular una simetria que la construcci\u00f3 real no tenia. Tamb\u00e9 en veur\u00e0s a l\u2019interior de l\u2019esgl\u00e9sia.<br \/>\nAra ja pots entrar.<\/p>\n    <\/div>\n  <\/div>\n<\/div>\n    <\/section>\n\n\n<div class=\"flex flex-col gap-6 element video-block\">\n  <div class=\"flex flex-col gap-3\">\n      <\/div>\n            <div class=\"relative w-full h-auto bg-black cursor-pointer text-accent lightgallery-video aspect-video\"\n        data-lg-size=\"1280-720\" data-src=\"https:\/\/www.youtube.com\/watch?v=oHFcvMHG6Mc\">\n                  <div class=\"absolute inset-0\" style=\"background-color: rgba(0,0,0,0.2)\"><\/div>\n          <svg class=\"absolute top-1\/2 left-1\/2 transform -translate-x-1\/2 -translate-y-1\/2 w-20 h-20 pointer-events-none\" fill=\"none\" xmlns=\"http:\/\/www.w3.org\/2000\/svg\" viewBox=\"0 0 80 81\">\n  <path\n    d=\"m30 58.873 28-18-28-18v36Zm10 22c-5.533 0-10.733-1.05-15.6-3.15-4.867-2.1-9.1-4.95-12.7-8.55-3.6-3.6-6.45-7.833-8.55-12.7C1.05 51.606 0 46.406 0 40.873c0-5.533 1.05-10.733 3.15-15.6 2.1-4.867 4.95-9.1 8.55-12.7 3.6-3.6 7.833-6.45 12.7-8.55 4.867-2.1 10.067-3.15 15.6-3.15 5.533 0 10.733 1.05 15.6 3.15 4.867 2.1 9.1 4.95 12.7 8.55 3.6 3.6 6.45 7.833 8.55 12.7C78.95 30.14 80 35.34 80 40.873c0 5.533-1.05 10.733-3.15 15.6-2.1 4.867-4.95 9.1-8.55 12.7-3.6 3.6-7.833 6.45-12.7 8.55-4.867 2.1-10.067 3.15-15.6 3.15Z\"\n    fill=\"currentColor\" \/>\n<\/svg>          <img decoding=\"async\" class=\"object-cover object-center w-full h-auto aspect-video\" src=\"https:\/\/i.ytimg.com\/vi\/oHFcvMHG6Mc\/sddefault.jpg\" \/>\n              <\/div>\n      <\/div>\n\n\n<div class=\"flex flex-col gap-3 element text-block\">\n  <div class=\"flex items-center gap-6\">\n              <h2 class=\"text-2xl font-bold\">7d Altar<\/h2>\n      <\/div>\n    <\/div>\n\n\n<div class=\"flex flex-col gap-6 element image-block\">\n  <div class=\"flex flex-col gap-3\">\n      <\/div>\n      <figure>\n      <img loading=\"lazy\" decoding=\"async\" width=\"1600\" height=\"1200\" src=\"https:\/\/guiesullsdelahistoria.cat\/app\/uploads\/2024\/11\/vall-de-boi-2_0057-copia_1.jpg\" class=\"w-full h-auto\" alt=\"Interior de l\u2019esgl\u00e9sia de Santa Eul\u00e0lia d\u2019Erill la Vall vist des del cor amb el conjunt escult\u00f2ric del Davallament de la creu al fons.\" srcset=\"https:\/\/guiesullsdelahistoria.cat\/app\/uploads\/2024\/11\/vall-de-boi-2_0057-copia_1.jpg 1600w, https:\/\/guiesullsdelahistoria.cat\/app\/uploads\/2024\/11\/vall-de-boi-2_0057-copia_1-300x225.jpg 300w, https:\/\/guiesullsdelahistoria.cat\/app\/uploads\/2024\/11\/vall-de-boi-2_0057-copia_1-1024x768.jpg 1024w, https:\/\/guiesullsdelahistoria.cat\/app\/uploads\/2024\/11\/vall-de-boi-2_0057-copia_1-768x576.jpg 768w, https:\/\/guiesullsdelahistoria.cat\/app\/uploads\/2024\/11\/vall-de-boi-2_0057-copia_1-1536x1152.jpg 1536w\" sizes=\"auto, (max-width: 1600px) 100vw, 1600px\" \/>\n              <figcaption class=\"pt-2 text-gray-800\"> Interior de Santa Eul\u00e0lia d\u2019Erill la Vall vist des del cor.<\/figcaption>\n          <\/figure>\n  <\/div>\n\n\n<section class=\"element audio-block\">\n  <div class=\"flex flex-col w-full gap-6\">\n    <div class=\"flex flex-col gap-3\">\n      <div class=\"flex gap-6\">\n                          <h2 class=\"text-2xl font-bold\">Els diversos moments constructius<\/h2>\n              <\/div>\n          <\/div>\n    <div class=\"flex items-center justify-end gap-3\">\n              <div class=\"flex-1 audio-content\" dir=\"ltr\">\n          <audio id=\"audio-60d74554754110e2378588dd3d01c692\" data-label=\"Els diversos moments constructius\"\n            data-category=\"SANTA-EULALIA-D_ERILL-LA-VALL-CAT-GENERAL-PLAY-3.mp3\" class=\"hidden\" controls\n            src=\"https:\/\/guiesullsdelahistoria.cat\/app\/uploads\/2024\/11\/SANTA-EULALIA-D_ERILL-LA-VALL-CAT-GENERAL-PLAY-3.mp3\"><\/audio>\n          <div class=\"flex items-center w-full gap-3 transition-opacity opacity-0 meta\">\n            <progress class=\"flex-1 border-0 appearance-none\" value=\"0\" max=\"1\"><\/progress>\n            <div class=\"text-sm text-center shrink-0 current-time w-9\"><\/div>\n                      <\/div>\n        <\/div>\n            <div class=\"flex flex-col items-center gap-2 shrink-1 audio-control\">\n        <button\n  class=\"flex items-center justify-center w-32 max-w-32 h-32 max-h-32 transition-[max-height,_max-width] bg-black rounded-full btn text-accent\"\n  data-target=\"#audio-60d74554754110e2378588dd3d01c692\">\n  <svg width=\"100%\" height=\"100%\" viewBox=\"0 0 36 36\" version=\"1.1\" xmlns=\"http:\/\/www.w3.org\/2000\/svg\" xmlns:xlink=\"http:\/\/www.w3.org\/1999\/xlink\">\n  <path id=\"ytp-12\" d=\"M11,10 L18,13.74 18,22.28 11,26 M18,13.74 L26,18 26,18 18,22.28\" fill=\"currentColor\">\n    <animate id=\"animation\" begin=\"indefinite\" attributeType=\"XML\" attributeName=\"d\" fill=\"freeze\" from=\"M11,10 L17,10 17,26 11,26 M20,10 L26,10 26,26 20,26\" to=\"M11,10 L18,13.74 18,22.28 11,26 M18,13.74 L26,18 26,18 18,22.28\" dur=\"0.1s\" keySplines=\".4 0 1 1\" repeatCount=\"1\" data-play=\"M11,10 L18,13.74 18,22.28 11,26 M18,13.74 L26,18 26,18 18,22.28\" data-pause=\"M11,10 L17,10 17,26 11,26 M20,10 L26,10 26,26 20,26\"><\/animate>\n  <\/path>\n<\/svg>\n<\/button>\n        <p class=\"text-base text-center\">Escolta<\/p>\n      <\/div>\n    <\/div>\n\n    \n          <div class=\"flex flex-wrap justify-between gap-6 md:justify-start\">\n                  <button data-target=\"#transcription-60d74554754110e2378588dd3d01c692\" data-toggle=\"modal\" class=\"flex items-center gap-2\">\n            <svg class=\"w-6 h-6\" fill=\"none\" xmlns=\"http:\/\/www.w3.org\/2000\/svg\" viewBox=\"0 0 22 12\"><path d=\"M0 9.873v-6c0-.55.196-1.02.588-1.412A1.926 1.926 0 0 1 2 1.873h2c.55 0 1.02.196 1.412.588.392.391.588.862.588 1.412v6H4v-2H2v2H0Zm2-4h2v-2H2v2Zm6 4v-8h4c.55 0 1.02.196 1.412.588.392.391.588.862.588 1.412v4c0 .55-.196 1.021-.588 1.413A1.926 1.926 0 0 1 12 9.873H8Zm2-2h2v-4h-2v4Zm6.85.8-1.4-1.425c.183-.183.32-.391.413-.625.091-.233.137-.483.137-.75 0-.283-.046-.537-.137-.762a1.85 1.85 0 0 0-.413-.613l1.4-1.45c.367.367.65.792.85 1.275.2.484.3 1 .3 1.55s-.1 1.063-.3 1.538c-.2.475-.483.896-.85 1.262Zm2.825 2.825-1.45-1.375c.55-.55.983-1.187 1.3-1.912A5.775 5.775 0 0 0 20 5.873c0-.85-.158-1.633-.475-2.35a6.217 6.217 0 0 0-1.3-1.9l1.45-1.4a7.94 7.94 0 0 1 1.712 2.55c.409.967.613 2 .613 3.1s-.204 2.13-.613 3.088a7.977 7.977 0 0 1-1.712 2.537Z\" fill=\"#000\"\/><\/svg>            <span>Transcripci\u00f3<\/span>\n          <\/button>\n                      <\/div>\n      <\/div>\n\n      <div id=\"transcription-60d74554754110e2378588dd3d01c692\"\n  class=\"fixed inset-0 z-50 hidden w-screen h-screen opacity-0 pointer-events-none modal transcription\"\n  tabindex=\"-1\" role=\"dialog\">\n  <div class=\"absolute w-full h-full bg-black opacity-75 modal-overlay\"><\/div>\n  <div\n    class=\"absolute z-30 w-11\/12 mx-auto overflow-y-auto text-black bg-white shadow-lg modal-container center-xy md:max-w-4xl\"\n    role=\"document\">\n    <div class=\"flex items-center justify-between px-4 py-4 text-gray-700 border-b md:px-8\">\n      <h2 class=\"!mb-0 font-bold\">Transcripci\u00f3<\/h2>\n      <div class=\"z-50 flex flex-col items-center ml-auto cursor-pointer rtl:ml-0 rtl:mr-auto modal-close\">\n        <svg class=\"w-auto h-6\" width=\"18\" height=\"23\" xmlns=\"http:\/\/www.w3.org\/2000\/svg\">\n  <g stroke=\"currentColor\" fill=\"none\" fill-rule=\"evenodd\" stroke-linecap=\"square\">\n    <path d=\"M.7248.974l16.1076 20.6167M16.655 1.2654L.9097 22.1601\" \/>\n  <\/g>\n<\/svg>        <div class=\"hidden\">Close<\/div>\n      <\/div>\n    <\/div>\n    <div class=\"px-4 py-8 overflow-y-auto max-h-modal md:px-8 modal-content\">\n      <div class=\"mb-8 flex flex-col gap-1.5\">\n                      <h3 class=\"text-xl font-bold\">Els diversos moments constructius<\/h3>\n                            <\/div>\n            <p>Des d\u2019on ets ara, pots observar clarament la forma de creu que t\u00e9 la planta de l\u2019esgl\u00e9sia, amb la cap\u00e7alera en forma de tr\u00e8vol, formada per l\u2019absis principal, pintat de blanc; els absis secundaris, als laterals, i la nau, que completa la figura.<br \/>\nEt deus haver adonat que el terra de l\u2019esgl\u00e9sia fa baixada; s\u2019ha mantingut aix\u00ed perqu\u00e8 el paviment original ja tenia aquest pendent, cosa que es pot comprovar amb les al\u00e7ades diferents de les restes dels pilars.<br \/>\nAl segle XII, es va ampliar la nau i es van construir el campanar i el porxo. Tamb\u00e9 en aquella \u00e8poca, van caure accidentalment la volta i la fa\u00e7ana, i es va fer la primera reconstrucci\u00f3.<br \/>\nAl segle XVI es va construir un retaule encaixat a l\u2019absis central, es va afegir el cor i una part del porxo exterior es va reconvertir en capella.<\/p>\n<p>El retaule de l\u2019absis central es va desmuntar entre el 1907 i el 1911 per construir una sagristia. La restauraci\u00f3 moderna, feta a finals del segle XX, va retornar a l\u2019absis l\u2019aspecte original.<br \/>\nPer continuar la visita, puja al cor que hi ha al final de la nau.<\/p>\n    <\/div>\n  <\/div>\n<\/div>\n    <\/section>\n\n\n<div class=\"flex flex-col gap-6 element video-block\">\n  <div class=\"flex flex-col gap-3\">\n      <\/div>\n            <div class=\"relative w-full h-auto bg-black cursor-pointer text-accent lightgallery-video aspect-video\"\n        data-lg-size=\"1280-720\" data-src=\"https:\/\/www.youtube.com\/watch?v=Yt38gHqz09E\">\n                  <div class=\"absolute inset-0\" style=\"background-color: rgba(0,0,0,0.2)\"><\/div>\n          <svg class=\"absolute top-1\/2 left-1\/2 transform -translate-x-1\/2 -translate-y-1\/2 w-20 h-20 pointer-events-none\" fill=\"none\" xmlns=\"http:\/\/www.w3.org\/2000\/svg\" viewBox=\"0 0 80 81\">\n  <path\n    d=\"m30 58.873 28-18-28-18v36Zm10 22c-5.533 0-10.733-1.05-15.6-3.15-4.867-2.1-9.1-4.95-12.7-8.55-3.6-3.6-6.45-7.833-8.55-12.7C1.05 51.606 0 46.406 0 40.873c0-5.533 1.05-10.733 3.15-15.6 2.1-4.867 4.95-9.1 8.55-12.7 3.6-3.6 7.833-6.45 12.7-8.55 4.867-2.1 10.067-3.15 15.6-3.15 5.533 0 10.733 1.05 15.6 3.15 4.867 2.1 9.1 4.95 12.7 8.55 3.6 3.6 6.45 7.833 8.55 12.7C78.95 30.14 80 35.34 80 40.873c0 5.533-1.05 10.733-3.15 15.6-2.1 4.867-4.95 9.1-8.55 12.7-3.6 3.6-7.833 6.45-12.7 8.55-4.867 2.1-10.067 3.15-15.6 3.15Z\"\n    fill=\"currentColor\" \/>\n<\/svg>          <img decoding=\"async\" class=\"object-cover object-center w-full h-auto aspect-video\" src=\"https:\/\/i.ytimg.com\/vi\/Yt38gHqz09E\/sddefault.jpg\" \/>\n              <\/div>\n      <\/div>\n\n\n<div class=\"flex flex-col gap-3 element text-block\">\n  <div class=\"flex items-center gap-6\">\n              <h2 class=\"text-2xl font-bold\">7e Cor<\/h2>\n      <\/div>\n    <\/div>\n\n\n<div class=\"flex flex-col gap-6 element image-block\">\n  <div class=\"flex flex-col gap-3\">\n      <\/div>\n      <figure>\n      <img loading=\"lazy\" decoding=\"async\" width=\"1426\" height=\"948\" src=\"https:\/\/guiesullsdelahistoria.cat\/app\/uploads\/2024\/11\/Santa_Eulalia_Erill_la_Vall_Davallament_DSC2390.jpg\" class=\"w-full h-auto\" alt=\"Grup escult\u00f2ric del Davallament de la creu d\u2019Erill, dins l\u2019esgl\u00e9sia de Santa Eul\u00e0lia d\u2019Erill la Vall.\" srcset=\"https:\/\/guiesullsdelahistoria.cat\/app\/uploads\/2024\/11\/Santa_Eulalia_Erill_la_Vall_Davallament_DSC2390.jpg 1426w, https:\/\/guiesullsdelahistoria.cat\/app\/uploads\/2024\/11\/Santa_Eulalia_Erill_la_Vall_Davallament_DSC2390-300x199.jpg 300w, https:\/\/guiesullsdelahistoria.cat\/app\/uploads\/2024\/11\/Santa_Eulalia_Erill_la_Vall_Davallament_DSC2390-1024x681.jpg 1024w, https:\/\/guiesullsdelahistoria.cat\/app\/uploads\/2024\/11\/Santa_Eulalia_Erill_la_Vall_Davallament_DSC2390-768x511.jpg 768w\" sizes=\"auto, (max-width: 1426px) 100vw, 1426px\" \/>\n              <figcaption class=\"pt-2 text-gray-800\"><em>Davallament de la creu<\/em> d\u2019Erill la Vall.<\/figcaption>\n          <\/figure>\n  <\/div>\n\n\n<section class=\"element audio-block\">\n  <div class=\"flex flex-col w-full gap-6\">\n    <div class=\"flex flex-col gap-3\">\n      <div class=\"flex gap-6\">\n                          <h2 class=\"text-2xl font-bold\"><em>El Davallament de la creu<\/em> d\u2019Erill la Vall<\/h2>\n              <\/div>\n          <\/div>\n    <div class=\"flex items-center justify-end gap-3\">\n              <div class=\"flex-1 audio-content\" dir=\"ltr\">\n          <audio id=\"audio-19ace4d415bec4050b0e1a15b1e04455\" data-label=\"El Davallament de la creu d\u2019Erill la Vall\"\n            data-category=\"SANTA-EULALIA-D_ERILL-LA-VALL-CAT-GENERAL-PLAY-4.mp3\" class=\"hidden\" controls\n            src=\"https:\/\/guiesullsdelahistoria.cat\/app\/uploads\/2024\/11\/SANTA-EULALIA-D_ERILL-LA-VALL-CAT-GENERAL-PLAY-4.mp3\"><\/audio>\n          <div class=\"flex items-center w-full gap-3 transition-opacity opacity-0 meta\">\n            <progress class=\"flex-1 border-0 appearance-none\" value=\"0\" max=\"1\"><\/progress>\n            <div class=\"text-sm text-center shrink-0 current-time w-9\"><\/div>\n                      <\/div>\n        <\/div>\n            <div class=\"flex flex-col items-center gap-2 shrink-1 audio-control\">\n        <button\n  class=\"flex items-center justify-center w-32 max-w-32 h-32 max-h-32 transition-[max-height,_max-width] bg-black rounded-full btn text-accent\"\n  data-target=\"#audio-19ace4d415bec4050b0e1a15b1e04455\">\n  <svg width=\"100%\" height=\"100%\" viewBox=\"0 0 36 36\" version=\"1.1\" xmlns=\"http:\/\/www.w3.org\/2000\/svg\" xmlns:xlink=\"http:\/\/www.w3.org\/1999\/xlink\">\n  <path id=\"ytp-12\" d=\"M11,10 L18,13.74 18,22.28 11,26 M18,13.74 L26,18 26,18 18,22.28\" fill=\"currentColor\">\n    <animate id=\"animation\" begin=\"indefinite\" attributeType=\"XML\" attributeName=\"d\" fill=\"freeze\" from=\"M11,10 L17,10 17,26 11,26 M20,10 L26,10 26,26 20,26\" to=\"M11,10 L18,13.74 18,22.28 11,26 M18,13.74 L26,18 26,18 18,22.28\" dur=\"0.1s\" keySplines=\".4 0 1 1\" repeatCount=\"1\" data-play=\"M11,10 L18,13.74 18,22.28 11,26 M18,13.74 L26,18 26,18 18,22.28\" data-pause=\"M11,10 L17,10 17,26 11,26 M20,10 L26,10 26,26 20,26\"><\/animate>\n  <\/path>\n<\/svg>\n<\/button>\n        <p class=\"text-base text-center\">Escolta<\/p>\n      <\/div>\n    <\/div>\n\n    \n          <div class=\"flex flex-wrap justify-between gap-6 md:justify-start\">\n                  <button data-target=\"#transcription-19ace4d415bec4050b0e1a15b1e04455\" data-toggle=\"modal\" class=\"flex items-center gap-2\">\n            <svg class=\"w-6 h-6\" fill=\"none\" xmlns=\"http:\/\/www.w3.org\/2000\/svg\" viewBox=\"0 0 22 12\"><path d=\"M0 9.873v-6c0-.55.196-1.02.588-1.412A1.926 1.926 0 0 1 2 1.873h2c.55 0 1.02.196 1.412.588.392.391.588.862.588 1.412v6H4v-2H2v2H0Zm2-4h2v-2H2v2Zm6 4v-8h4c.55 0 1.02.196 1.412.588.392.391.588.862.588 1.412v4c0 .55-.196 1.021-.588 1.413A1.926 1.926 0 0 1 12 9.873H8Zm2-2h2v-4h-2v4Zm6.85.8-1.4-1.425c.183-.183.32-.391.413-.625.091-.233.137-.483.137-.75 0-.283-.046-.537-.137-.762a1.85 1.85 0 0 0-.413-.613l1.4-1.45c.367.367.65.792.85 1.275.2.484.3 1 .3 1.55s-.1 1.063-.3 1.538c-.2.475-.483.896-.85 1.262Zm2.825 2.825-1.45-1.375c.55-.55.983-1.187 1.3-1.912A5.775 5.775 0 0 0 20 5.873c0-.85-.158-1.633-.475-2.35a6.217 6.217 0 0 0-1.3-1.9l1.45-1.4a7.94 7.94 0 0 1 1.712 2.55c.409.967.613 2 .613 3.1s-.204 2.13-.613 3.088a7.977 7.977 0 0 1-1.712 2.537Z\" fill=\"#000\"\/><\/svg>            <span>Transcripci\u00f3<\/span>\n          <\/button>\n                      <\/div>\n      <\/div>\n\n      <div id=\"transcription-19ace4d415bec4050b0e1a15b1e04455\"\n  class=\"fixed inset-0 z-50 hidden w-screen h-screen opacity-0 pointer-events-none modal transcription\"\n  tabindex=\"-1\" role=\"dialog\">\n  <div class=\"absolute w-full h-full bg-black opacity-75 modal-overlay\"><\/div>\n  <div\n    class=\"absolute z-30 w-11\/12 mx-auto overflow-y-auto text-black bg-white shadow-lg modal-container center-xy md:max-w-4xl\"\n    role=\"document\">\n    <div class=\"flex items-center justify-between px-4 py-4 text-gray-700 border-b md:px-8\">\n      <h2 class=\"!mb-0 font-bold\">Transcripci\u00f3<\/h2>\n      <div class=\"z-50 flex flex-col items-center ml-auto cursor-pointer rtl:ml-0 rtl:mr-auto modal-close\">\n        <svg class=\"w-auto h-6\" width=\"18\" height=\"23\" xmlns=\"http:\/\/www.w3.org\/2000\/svg\">\n  <g stroke=\"currentColor\" fill=\"none\" fill-rule=\"evenodd\" stroke-linecap=\"square\">\n    <path d=\"M.7248.974l16.1076 20.6167M16.655 1.2654L.9097 22.1601\" \/>\n  <\/g>\n<\/svg>        <div class=\"hidden\">Close<\/div>\n      <\/div>\n    <\/div>\n    <div class=\"px-4 py-8 overflow-y-auto max-h-modal md:px-8 modal-content\">\n      <div class=\"mb-8 flex flex-col gap-1.5\">\n                      <h3 class=\"text-xl font-bold\"><em>El Davallament de la creu<\/em> d\u2019Erill la Vall<\/h3>\n                            <\/div>\n            <p>Ets al cor. Com ja saps, aquesta pe\u00e7a \u00e9s un afegit del segle XVI, que va ser fet per situar-hi el clergat i els cantaires. Des de davant de tot del balc\u00f3, pots observar perfectament el conjunt escult\u00f2ric de fusta que hi ha sobre l\u2019altar. Es tracta de la reproducci\u00f3 del Davallament de la creu d\u2019Erill la Vall, l\u2019\u00fanic que es conserva sencer de l\u2019anomenat taller d\u2019Erill.<br \/>\nD\u2019esquerra a dreta, les figures s\u00f3n: Dimes (el bon lladre), la Mare de D\u00e9u, Josep d\u2019Arimatea, Crist, Nicodem, sant Joan i Gestes (el mal lladre).<br \/>\nL\u2019escena mostra la baixada de Crist de la creu, i est\u00e0 carregada de dramatisme. Aquesta representaci\u00f3 pot inspirar-se en el teatre lit\u00fargic que s\u2019interpretava durant la celebraci\u00f3 de la Setmana Santa.<br \/>\nA les esgl\u00e9sies de la Nativitat de Durro i de Santa Maria de Ta\u00fcll s\u2019hi conserven parts d\u2019altres davallaments.<br \/>\nLes figures d\u2019aquest conjunt s\u00f3n reproduccions fetes a partir de les talles que es conserven al Museu Episcopal de Vic i al Museu Nacional d\u2019Art de Catalunya. Les figures originals van ser trobades en molt mal estat de conservaci\u00f3 en un quartet adossat al mur exterior de l\u2019esgl\u00e9sia.<br \/>\nAl recurs virtual de realitat augmentada pots veure el Davallament tal com era originalment.<\/p>\n    <\/div>\n  <\/div>\n<\/div>\n    <\/section>\n\n\n<div class=\"flex flex-col gap-6 element video-block\">\n  <div class=\"flex flex-col gap-3\">\n      <\/div>\n            <div class=\"relative w-full h-auto bg-black cursor-pointer text-accent lightgallery-video aspect-video\"\n        data-lg-size=\"1280-720\" data-src=\"https:\/\/www.youtube.com\/watch?v=CkdL0s90dNo\">\n                  <div class=\"absolute inset-0\" style=\"background-color: rgba(0,0,0,0.2)\"><\/div>\n          <svg class=\"absolute top-1\/2 left-1\/2 transform -translate-x-1\/2 -translate-y-1\/2 w-20 h-20 pointer-events-none\" fill=\"none\" xmlns=\"http:\/\/www.w3.org\/2000\/svg\" viewBox=\"0 0 80 81\">\n  <path\n    d=\"m30 58.873 28-18-28-18v36Zm10 22c-5.533 0-10.733-1.05-15.6-3.15-4.867-2.1-9.1-4.95-12.7-8.55-3.6-3.6-6.45-7.833-8.55-12.7C1.05 51.606 0 46.406 0 40.873c0-5.533 1.05-10.733 3.15-15.6 2.1-4.867 4.95-9.1 8.55-12.7 3.6-3.6 7.833-6.45 12.7-8.55 4.867-2.1 10.067-3.15 15.6-3.15 5.533 0 10.733 1.05 15.6 3.15 4.867 2.1 9.1 4.95 12.7 8.55 3.6 3.6 6.45 7.833 8.55 12.7C78.95 30.14 80 35.34 80 40.873c0 5.533-1.05 10.733-3.15 15.6-2.1 4.867-4.95 9.1-8.55 12.7-3.6 3.6-7.833 6.45-12.7 8.55-4.867 2.1-10.067 3.15-15.6 3.15Z\"\n    fill=\"currentColor\" \/>\n<\/svg>          <img decoding=\"async\" class=\"object-cover object-center w-full h-auto aspect-video\" src=\"https:\/\/i.ytimg.com\/vi\/CkdL0s90dNo\/sddefault.jpg\" \/>\n              <\/div>\n      <\/div>\n\n\n<div class=\"flex flex-col gap-3 element interactive-block\">\n  <div class=\"flex items-center gap-6\">\n              <h2 class=\"text-2xl font-bold\">Recurs virtual: Realitat augmentada amb el policromat del Davallament<\/h2>\n      <\/div>\n          <div class=\"flex justify-end w-full\">\n      <div class=\"flex flex-col items-center gap-2 shrink-1\">\n        <button data-target=\"#embed-69f5b6ed6c2c3\" data-toggle=\"modal\"\n          class=\"flex items-center justify-center w-32 h-32 bg-black rounded-full text-accent\">\n          <svg class=\"w-16 h-auto\" width=\"60\" height=\"61\" viewBox=\"0 0 60 61\" fill=\"none\" xmlns=\"http:\/\/www.w3.org\/2000\/svg\">\n  <path\n    d=\"M27 53.298L12 44.673C11.05 44.1231 10.3125 43.398 9.7875 42.498C9.2625 41.598 9 40.598 9 39.498V22.248C9 21.148 9.2625 20.148 9.7875 19.248C10.3125 18.348 11.05 17.623 12 17.073L27 8.44805C27.95 7.89805 28.95 7.62305 30 7.62305C31.05 7.62305 32.05 7.89805 33 8.44805L48 17.073C48.95 17.623 49.6875 18.348 50.2125 19.248C50.7375 20.148 51 21.148 51 22.248V39.498C51 40.598 50.7375 41.598 50.2125 42.498C49.6875 43.398 48.95 44.1231 48 44.673L33 53.298C32.05 53.848 31.05 54.123 30 54.123C28.95 54.123 27.95 53.848 27 53.298ZM27 46.398V32.598L15 25.623V39.498L27 46.398ZM33 46.398L45 39.498V25.623L33 32.598V46.398ZM0 15.873V6.87305C0 5.22305 0.5875 3.81055 1.7625 2.63555C2.9375 1.46055 4.35 0.873047 6 0.873047H15V6.87305H6V15.873H0ZM15 60.873H6C4.35 60.873 2.9375 60.2855 1.7625 59.1105C0.5875 57.9355 0 56.523 0 54.873V45.8731H6V54.873H15V60.873ZM45 60.873V54.873H54V45.8731H60V54.873C60 56.523 59.4125 57.9355 58.2375 59.1105C57.0625 60.2855 55.65 60.873 54 60.873H45ZM54 15.873V6.87305H45V0.873047H54C55.65 0.873047 57.0625 1.46055 58.2375 2.63555C59.4125 3.81055 60 5.22305 60 6.87305V15.873H54ZM30 27.423L41.85 20.448L30 13.623L18.15 20.448L30 27.423Z\"\n    fill=\"currentColor\" \/>\n<\/svg>\n        <\/button>\n                  <p class=\"text-base text-center\">Mira<\/p>\n              <\/div>\n    <\/div>\n    <div id=\"embed-69f5b6ed6c2c3\"\n  class=\"fixed inset-0 z-50 hidden w-screen h-screen opacity-0 pointer-events-none modal embed-container\"\n  tabindex=\"-1\" role=\"dialog\">\n  <div class=\"absolute w-full h-full bg-black opacity-75 modal-overlay\"><\/div>\n  <div\n    class=\"absolute z-30 w-11\/12 mx-auto overflow-y-auto text-black bg-white shadow-lg modal-container center-xy md:max-w-4xl\"\n    role=\"document\">\n    <div class=\"flex items-center justify-between px-4 py-4 text-gray-700 border-b md:px-8\">\n      <h2 class=\"!mb-0 font-bold\">Mira<\/h2>\n      <div class=\"z-50 flex flex-col items-center ml-auto cursor-pointer rtl:ml-0 rtl:mr-auto modal-close\">\n        <svg class=\"w-auto h-6\" width=\"18\" height=\"23\" xmlns=\"http:\/\/www.w3.org\/2000\/svg\">\n  <g stroke=\"currentColor\" fill=\"none\" fill-rule=\"evenodd\" stroke-linecap=\"square\">\n    <path d=\"M.7248.974l16.1076 20.6167M16.655 1.2654L.9097 22.1601\" \/>\n  <\/g>\n<\/svg>        <div class=\"hidden\">Close<\/div>\n      <\/div>\n    <\/div>\n    <div class=\"px-4 py-8 overflow-y-auto max-h-modal md:px-8 modal-content\">\n      <div class=\"sketchfab-embed-wrapper\"> <iframe title=\"Davallament d'Erill. Reconstrucci\u00f3 hipot\u00e8tica\" frameborder=\"0\" allowfullscreen mozallowfullscreen=\"true\" webkitallowfullscreen=\"true\" allow=\"autoplay; fullscreen; xr-spatial-tracking\" xr-spatial-tracking execution-while-out-of-viewport execution-while-not-rendered web-share src=\"https:\/\/sketchfab.com\/models\/b27cbe2cf1c24b6181707c2af555950e\/embed?ui_infos=0\"> <\/iframe> <\/div>\n    <\/div>\n  <\/div>\n<\/div>\n  <\/div>\n\n\n<div class=\"flex flex-col gap-3 element text-block\">\n  <div class=\"flex items-center gap-6\">\n              <h2 class=\"text-2xl font-bold\">7f El cor<\/h2>\n      <\/div>\n    <\/div>\n\n\n<div class=\"flex flex-col gap-6 element image-block\">\n  <div class=\"flex flex-col gap-3\">\n      <\/div>\n      <figure>\n      <img loading=\"lazy\" decoding=\"async\" width=\"1600\" height=\"1287\" src=\"https:\/\/guiesullsdelahistoria.cat\/app\/uploads\/2024\/11\/Santa_Eulalia_Erill_la_Vall_cor_retaules.jpeg\" class=\"w-full h-auto\" alt=\"Retaules de diverses \u00e8poques exposats al cor de l\u2019esgl\u00e9sia de Santa Eul\u00e0lia d\u2019Erill la Vall.\" srcset=\"https:\/\/guiesullsdelahistoria.cat\/app\/uploads\/2024\/11\/Santa_Eulalia_Erill_la_Vall_cor_retaules.jpeg 1600w, https:\/\/guiesullsdelahistoria.cat\/app\/uploads\/2024\/11\/Santa_Eulalia_Erill_la_Vall_cor_retaules-300x241.jpeg 300w, https:\/\/guiesullsdelahistoria.cat\/app\/uploads\/2024\/11\/Santa_Eulalia_Erill_la_Vall_cor_retaules-1024x824.jpeg 1024w, https:\/\/guiesullsdelahistoria.cat\/app\/uploads\/2024\/11\/Santa_Eulalia_Erill_la_Vall_cor_retaules-768x618.jpeg 768w, https:\/\/guiesullsdelahistoria.cat\/app\/uploads\/2024\/11\/Santa_Eulalia_Erill_la_Vall_cor_retaules-1536x1236.jpeg 1536w\" sizes=\"auto, (max-width: 1600px) 100vw, 1600px\" \/>\n              <figcaption class=\"pt-2 text-gray-800\">Retaules de diverses \u00e8poques a Santa Eul\u00e0lia d\u2019Erill la Vall.<\/figcaption>\n          <\/figure>\n  <\/div>\n\n\n<section class=\"element audio-block\">\n  <div class=\"flex flex-col w-full gap-6\">\n    <div class=\"flex flex-col gap-3\">\n      <div class=\"flex gap-6\">\n                          <h2 class=\"text-2xl font-bold\">Els retaules<\/h2>\n              <\/div>\n          <\/div>\n    <div class=\"flex items-center justify-end gap-3\">\n              <div class=\"flex-1 audio-content\" dir=\"ltr\">\n          <audio id=\"audio-8aa36f60af4ab9d5351f14dad3a13f78\" data-label=\"Els retaules\"\n            data-category=\"SANTA-EULALIA-D_ERILL-LA-VALL-CAT-GENERAL-PLAY-5.mp3\" class=\"hidden\" controls\n            src=\"https:\/\/guiesullsdelahistoria.cat\/app\/uploads\/2024\/11\/SANTA-EULALIA-D_ERILL-LA-VALL-CAT-GENERAL-PLAY-5.mp3\"><\/audio>\n          <div class=\"flex items-center w-full gap-3 transition-opacity opacity-0 meta\">\n            <progress class=\"flex-1 border-0 appearance-none\" value=\"0\" max=\"1\"><\/progress>\n            <div class=\"text-sm text-center shrink-0 current-time w-9\"><\/div>\n                      <\/div>\n        <\/div>\n            <div class=\"flex flex-col items-center gap-2 shrink-1 audio-control\">\n        <button\n  class=\"flex items-center justify-center w-32 max-w-32 h-32 max-h-32 transition-[max-height,_max-width] bg-black rounded-full btn text-accent\"\n  data-target=\"#audio-8aa36f60af4ab9d5351f14dad3a13f78\">\n  <svg width=\"100%\" height=\"100%\" viewBox=\"0 0 36 36\" version=\"1.1\" xmlns=\"http:\/\/www.w3.org\/2000\/svg\" xmlns:xlink=\"http:\/\/www.w3.org\/1999\/xlink\">\n  <path id=\"ytp-12\" d=\"M11,10 L18,13.74 18,22.28 11,26 M18,13.74 L26,18 26,18 18,22.28\" fill=\"currentColor\">\n    <animate id=\"animation\" begin=\"indefinite\" attributeType=\"XML\" attributeName=\"d\" fill=\"freeze\" from=\"M11,10 L17,10 17,26 11,26 M20,10 L26,10 26,26 20,26\" to=\"M11,10 L18,13.74 18,22.28 11,26 M18,13.74 L26,18 26,18 18,22.28\" dur=\"0.1s\" keySplines=\".4 0 1 1\" repeatCount=\"1\" data-play=\"M11,10 L18,13.74 18,22.28 11,26 M18,13.74 L26,18 26,18 18,22.28\" data-pause=\"M11,10 L17,10 17,26 11,26 M20,10 L26,10 26,26 20,26\"><\/animate>\n  <\/path>\n<\/svg>\n<\/button>\n        <p class=\"text-base text-center\">Escolta<\/p>\n      <\/div>\n    <\/div>\n\n    \n          <div class=\"flex flex-wrap justify-between gap-6 md:justify-start\">\n                  <button data-target=\"#transcription-8aa36f60af4ab9d5351f14dad3a13f78\" data-toggle=\"modal\" class=\"flex items-center gap-2\">\n            <svg class=\"w-6 h-6\" fill=\"none\" xmlns=\"http:\/\/www.w3.org\/2000\/svg\" viewBox=\"0 0 22 12\"><path d=\"M0 9.873v-6c0-.55.196-1.02.588-1.412A1.926 1.926 0 0 1 2 1.873h2c.55 0 1.02.196 1.412.588.392.391.588.862.588 1.412v6H4v-2H2v2H0Zm2-4h2v-2H2v2Zm6 4v-8h4c.55 0 1.02.196 1.412.588.392.391.588.862.588 1.412v4c0 .55-.196 1.021-.588 1.413A1.926 1.926 0 0 1 12 9.873H8Zm2-2h2v-4h-2v4Zm6.85.8-1.4-1.425c.183-.183.32-.391.413-.625.091-.233.137-.483.137-.75 0-.283-.046-.537-.137-.762a1.85 1.85 0 0 0-.413-.613l1.4-1.45c.367.367.65.792.85 1.275.2.484.3 1 .3 1.55s-.1 1.063-.3 1.538c-.2.475-.483.896-.85 1.262Zm2.825 2.825-1.45-1.375c.55-.55.983-1.187 1.3-1.912A5.775 5.775 0 0 0 20 5.873c0-.85-.158-1.633-.475-2.35a6.217 6.217 0 0 0-1.3-1.9l1.45-1.4a7.94 7.94 0 0 1 1.712 2.55c.409.967.613 2 .613 3.1s-.204 2.13-.613 3.088a7.977 7.977 0 0 1-1.712 2.537Z\" fill=\"#000\"\/><\/svg>            <span>Transcripci\u00f3<\/span>\n          <\/button>\n                      <\/div>\n      <\/div>\n\n      <div id=\"transcription-8aa36f60af4ab9d5351f14dad3a13f78\"\n  class=\"fixed inset-0 z-50 hidden w-screen h-screen opacity-0 pointer-events-none modal transcription\"\n  tabindex=\"-1\" role=\"dialog\">\n  <div class=\"absolute w-full h-full bg-black opacity-75 modal-overlay\"><\/div>\n  <div\n    class=\"absolute z-30 w-11\/12 mx-auto overflow-y-auto text-black bg-white shadow-lg modal-container center-xy md:max-w-4xl\"\n    role=\"document\">\n    <div class=\"flex items-center justify-between px-4 py-4 text-gray-700 border-b md:px-8\">\n      <h2 class=\"!mb-0 font-bold\">Transcripci\u00f3<\/h2>\n      <div class=\"z-50 flex flex-col items-center ml-auto cursor-pointer rtl:ml-0 rtl:mr-auto modal-close\">\n        <svg class=\"w-auto h-6\" width=\"18\" height=\"23\" xmlns=\"http:\/\/www.w3.org\/2000\/svg\">\n  <g stroke=\"currentColor\" fill=\"none\" fill-rule=\"evenodd\" stroke-linecap=\"square\">\n    <path d=\"M.7248.974l16.1076 20.6167M16.655 1.2654L.9097 22.1601\" \/>\n  <\/g>\n<\/svg>        <div class=\"hidden\">Close<\/div>\n      <\/div>\n    <\/div>\n    <div class=\"px-4 py-8 overflow-y-auto max-h-modal md:px-8 modal-content\">\n      <div class=\"mb-8 flex flex-col gap-1.5\">\n                      <h3 class=\"text-xl font-bold\">Els retaules<\/h3>\n                            <\/div>\n            <p>Al cor tamb\u00e9 s\u2019hi exposen diversos b\u00e9ns mobles que ens mostren l\u2019evoluci\u00f3 del mobiliari lit\u00fargic. Destaquen els retaules d\u2019\u00e8poques diferents, una mostra de l\u2019evoluci\u00f3 dels cultes i dels estils art\u00edstics entre els segles XVI i XVIII, que s\u00f3n de fusta i mantenen la policromia en graus diferents de conservaci\u00f3.<\/p>\n<p><strong>Arque\u00f2leg:<\/strong> Abans de marxar, donem un cop d\u2019ull sota el cor. No se sap mai.<br \/>\n<strong>Historiador<\/strong> de l\u2019art: Guaita! Apunta la llanterna cap all\u00e0, cap a aquell munt de fustes.<br \/>\n<strong>Arque\u00f2leg:<\/strong> \u00c9s el que em penso?<br \/>\n<strong>Historiador:<\/strong> N\u2019hi ha uns quants. Estan tots corcats! Se m\u2019ha desfet a la m\u00e0.<br \/>\n<strong>Arque\u00f2leg:<\/strong> Caldr\u00e0 fer una bona feina de restauraci\u00f3.<br \/>\n<strong>Historiador:<\/strong> Val la pena. Aquests retaules ens ajudaran a recompondre la hist\u00f2ria d\u2019aquesta esgl\u00e9sia. I, un cop recuperats, \u00e9s aqu\u00ed on hauran d\u2019estar exposats.<\/p>\n    <\/div>\n  <\/div>\n<\/div>\n    <\/section>\n\n\n<div class=\"flex flex-col gap-6 element video-block\">\n  <div class=\"flex flex-col gap-3\">\n      <\/div>\n            <div class=\"relative w-full h-auto bg-black cursor-pointer text-accent lightgallery-video aspect-video\"\n        data-lg-size=\"1280-720\" data-src=\"https:\/\/www.youtube.com\/watch?v=qlwU0gVY1cY\">\n                  <div class=\"absolute inset-0\" style=\"background-color: rgba(0,0,0,0.2)\"><\/div>\n          <svg class=\"absolute top-1\/2 left-1\/2 transform -translate-x-1\/2 -translate-y-1\/2 w-20 h-20 pointer-events-none\" fill=\"none\" xmlns=\"http:\/\/www.w3.org\/2000\/svg\" viewBox=\"0 0 80 81\">\n  <path\n    d=\"m30 58.873 28-18-28-18v36Zm10 22c-5.533 0-10.733-1.05-15.6-3.15-4.867-2.1-9.1-4.95-12.7-8.55-3.6-3.6-6.45-7.833-8.55-12.7C1.05 51.606 0 46.406 0 40.873c0-5.533 1.05-10.733 3.15-15.6 2.1-4.867 4.95-9.1 8.55-12.7 3.6-3.6 7.833-6.45 12.7-8.55 4.867-2.1 10.067-3.15 15.6-3.15 5.533 0 10.733 1.05 15.6 3.15 4.867 2.1 9.1 4.95 12.7 8.55 3.6 3.6 6.45 7.833 8.55 12.7C78.95 30.14 80 35.34 80 40.873c0 5.533-1.05 10.733-3.15 15.6-2.1 4.867-4.95 9.1-8.55 12.7-3.6 3.6-7.833 6.45-12.7 8.55-4.867 2.1-10.067 3.15-15.6 3.15Z\"\n    fill=\"currentColor\" \/>\n<\/svg>          <img decoding=\"async\" class=\"object-cover object-center w-full h-auto aspect-video\" src=\"https:\/\/i.ytimg.com\/vi\/qlwU0gVY1cY\/sddefault.jpg\" \/>\n              <\/div>\n      <\/div>\n\n\n<div class=\"flex flex-col gap-3 element text-block\">\n  <div class=\"flex items-center gap-6\">\n              <h2 class=\"text-2xl font-bold\">7g T\u2019hi esperem!<\/h2>\n      <\/div>\n    <\/div>\n\n\n<section class=\"element audio-block\">\n  <div class=\"flex flex-col w-full gap-6\">\n    <div class=\"flex flex-col gap-3\">\n      <div class=\"flex gap-6\">\n                          <h2 class=\"text-2xl font-bold\">La visita continua<\/h2>\n              <\/div>\n          <\/div>\n    <div class=\"flex items-center justify-end gap-3\">\n              <div class=\"flex-1 audio-content\" dir=\"ltr\">\n          <audio id=\"audio-ca042b96103e45c0f39b889fc6fb54bd\" data-label=\"La visita continua\"\n            data-category=\"SANTA-EULALIA-D_ERILL-LA-VALL-CAT-GENERAL-PLAY-CLOENDA.mp3\" class=\"hidden\" controls\n            src=\"https:\/\/guiesullsdelahistoria.cat\/app\/uploads\/2024\/11\/SANTA-EULALIA-D_ERILL-LA-VALL-CAT-GENERAL-PLAY-CLOENDA.mp3\"><\/audio>\n          <div class=\"flex items-center w-full gap-3 transition-opacity opacity-0 meta\">\n            <progress class=\"flex-1 border-0 appearance-none\" value=\"0\" max=\"1\"><\/progress>\n            <div class=\"text-sm text-center shrink-0 current-time w-9\"><\/div>\n                      <\/div>\n        <\/div>\n            <div class=\"flex flex-col items-center gap-2 shrink-1 audio-control\">\n        <button\n  class=\"flex items-center justify-center w-32 max-w-32 h-32 max-h-32 transition-[max-height,_max-width] bg-black rounded-full btn text-accent\"\n  data-target=\"#audio-ca042b96103e45c0f39b889fc6fb54bd\">\n  <svg width=\"100%\" height=\"100%\" viewBox=\"0 0 36 36\" version=\"1.1\" xmlns=\"http:\/\/www.w3.org\/2000\/svg\" xmlns:xlink=\"http:\/\/www.w3.org\/1999\/xlink\">\n  <path id=\"ytp-12\" d=\"M11,10 L18,13.74 18,22.28 11,26 M18,13.74 L26,18 26,18 18,22.28\" fill=\"currentColor\">\n    <animate id=\"animation\" begin=\"indefinite\" attributeType=\"XML\" attributeName=\"d\" fill=\"freeze\" from=\"M11,10 L17,10 17,26 11,26 M20,10 L26,10 26,26 20,26\" to=\"M11,10 L18,13.74 18,22.28 11,26 M18,13.74 L26,18 26,18 18,22.28\" dur=\"0.1s\" keySplines=\".4 0 1 1\" repeatCount=\"1\" data-play=\"M11,10 L18,13.74 18,22.28 11,26 M18,13.74 L26,18 26,18 18,22.28\" data-pause=\"M11,10 L17,10 17,26 11,26 M20,10 L26,10 26,26 20,26\"><\/animate>\n  <\/path>\n<\/svg>\n<\/button>\n        <p class=\"text-base text-center\">Escolta<\/p>\n      <\/div>\n    <\/div>\n\n    \n          <div class=\"flex flex-wrap justify-between gap-6 md:justify-start\">\n                  <button data-target=\"#transcription-ca042b96103e45c0f39b889fc6fb54bd\" data-toggle=\"modal\" class=\"flex items-center gap-2\">\n            <svg class=\"w-6 h-6\" fill=\"none\" xmlns=\"http:\/\/www.w3.org\/2000\/svg\" viewBox=\"0 0 22 12\"><path d=\"M0 9.873v-6c0-.55.196-1.02.588-1.412A1.926 1.926 0 0 1 2 1.873h2c.55 0 1.02.196 1.412.588.392.391.588.862.588 1.412v6H4v-2H2v2H0Zm2-4h2v-2H2v2Zm6 4v-8h4c.55 0 1.02.196 1.412.588.392.391.588.862.588 1.412v4c0 .55-.196 1.021-.588 1.413A1.926 1.926 0 0 1 12 9.873H8Zm2-2h2v-4h-2v4Zm6.85.8-1.4-1.425c.183-.183.32-.391.413-.625.091-.233.137-.483.137-.75 0-.283-.046-.537-.137-.762a1.85 1.85 0 0 0-.413-.613l1.4-1.45c.367.367.65.792.85 1.275.2.484.3 1 .3 1.55s-.1 1.063-.3 1.538c-.2.475-.483.896-.85 1.262Zm2.825 2.825-1.45-1.375c.55-.55.983-1.187 1.3-1.912A5.775 5.775 0 0 0 20 5.873c0-.85-.158-1.633-.475-2.35a6.217 6.217 0 0 0-1.3-1.9l1.45-1.4a7.94 7.94 0 0 1 1.712 2.55c.409.967.613 2 .613 3.1s-.204 2.13-.613 3.088a7.977 7.977 0 0 1-1.712 2.537Z\" fill=\"#000\"\/><\/svg>            <span>Transcripci\u00f3<\/span>\n          <\/button>\n                      <\/div>\n      <\/div>\n\n      <div id=\"transcription-ca042b96103e45c0f39b889fc6fb54bd\"\n  class=\"fixed inset-0 z-50 hidden w-screen h-screen opacity-0 pointer-events-none modal transcription\"\n  tabindex=\"-1\" role=\"dialog\">\n  <div class=\"absolute w-full h-full bg-black opacity-75 modal-overlay\"><\/div>\n  <div\n    class=\"absolute z-30 w-11\/12 mx-auto overflow-y-auto text-black bg-white shadow-lg modal-container center-xy md:max-w-4xl\"\n    role=\"document\">\n    <div class=\"flex items-center justify-between px-4 py-4 text-gray-700 border-b md:px-8\">\n      <h2 class=\"!mb-0 font-bold\">Transcripci\u00f3<\/h2>\n      <div class=\"z-50 flex flex-col items-center ml-auto cursor-pointer rtl:ml-0 rtl:mr-auto modal-close\">\n        <svg class=\"w-auto h-6\" width=\"18\" height=\"23\" xmlns=\"http:\/\/www.w3.org\/2000\/svg\">\n  <g stroke=\"currentColor\" fill=\"none\" fill-rule=\"evenodd\" stroke-linecap=\"square\">\n    <path d=\"M.7248.974l16.1076 20.6167M16.655 1.2654L.9097 22.1601\" \/>\n  <\/g>\n<\/svg>        <div class=\"hidden\">Close<\/div>\n      <\/div>\n    <\/div>\n    <div class=\"px-4 py-8 overflow-y-auto max-h-modal md:px-8 modal-content\">\n      <div class=\"mb-8 flex flex-col gap-1.5\">\n                      <h3 class=\"text-xl font-bold\">La visita continua<\/h3>\n                            <\/div>\n            <p>Aqu\u00ed s\u2019acaba la visita a l\u2019esgl\u00e9sia. Ara et convidem a con\u00e8ixer les altres, que constitueixen el Conjunt Rom\u00e0nic de la Vall de Bo\u00ed. T\u2019hi esperem!<\/p>\n    <\/div>\n  <\/div>\n<\/div>\n    <\/section>\n\n\n<div class=\"flex flex-col gap-6 element video-block\">\n  <div class=\"flex flex-col gap-3\">\n      <\/div>\n            <div class=\"relative w-full h-auto bg-black cursor-pointer text-accent lightgallery-video aspect-video\"\n        data-lg-size=\"1280-720\" data-src=\"https:\/\/www.youtube.com\/watch?v=EkXsEa6dx6k\">\n                  <div class=\"absolute inset-0\" style=\"background-color: rgba(0,0,0,0.2)\"><\/div>\n          <svg class=\"absolute top-1\/2 left-1\/2 transform -translate-x-1\/2 -translate-y-1\/2 w-20 h-20 pointer-events-none\" fill=\"none\" xmlns=\"http:\/\/www.w3.org\/2000\/svg\" viewBox=\"0 0 80 81\">\n  <path\n    d=\"m30 58.873 28-18-28-18v36Zm10 22c-5.533 0-10.733-1.05-15.6-3.15-4.867-2.1-9.1-4.95-12.7-8.55-3.6-3.6-6.45-7.833-8.55-12.7C1.05 51.606 0 46.406 0 40.873c0-5.533 1.05-10.733 3.15-15.6 2.1-4.867 4.95-9.1 8.55-12.7 3.6-3.6 7.833-6.45 12.7-8.55 4.867-2.1 10.067-3.15 15.6-3.15 5.533 0 10.733 1.05 15.6 3.15 4.867 2.1 9.1 4.95 12.7 8.55 3.6 3.6 6.45 7.833 8.55 12.7C78.95 30.14 80 35.34 80 40.873c0 5.533-1.05 10.733-3.15 15.6-2.1 4.867-4.95 9.1-8.55 12.7-3.6 3.6-7.833 6.45-12.7 8.55-4.867 2.1-10.067 3.15-15.6 3.15Z\"\n    fill=\"currentColor\" \/>\n<\/svg>          <img decoding=\"async\" class=\"object-cover object-center w-full h-auto aspect-video\" src=\"https:\/\/i.ytimg.com\/vi\/EkXsEa6dx6k\/sddefault.jpg\" \/>\n              <\/div>\n      <\/div>\n\n\n<div class=\"flex flex-col gap-3 element text-block\">\n  <div class=\"flex items-center gap-6\">\n              <h2 class=\"text-2xl font-bold\">Cloenda<\/h2>\n      <\/div>\n        <div class=\"prose prose-lg\"><p><em>\u201cEls Ulls de la Hist\u00f2ria. Una mirada immersiva sobre el patrimoni\u201d<\/em> \u00e9s una iniciativa de l\u2019Ag\u00e8ncia Catalana del Patrimoni Cultural. Un projecte que incorpora altres veus i altres mirades sobre el nostre passat. Perqu\u00e8 totes i tots fem hist\u00f2ria.<\/p>\n<\/div>\n  <\/div>\n\n<\/div>\n      <\/div>\n    <\/div>\n  <\/section>\n\n\n<section class=\"overflow-hidden section\" id=\"section-69f5b6ee860d3\" data-title=\"8. Santa Maria de Cardet\">\n    <div class=\"container grid grid-cols-1 py-8 md:py-10 max-md:gap-y-8 md:grid-standard\">\n              <div class=\"flex gap-4 md:col-span-5\">\n                                <h2 class=\"text-8 font-headings\">8. Santa Maria de Cardet<\/h2>\n                  <\/div>\n            <div class=\"flex flex-col gap-8 md:col-span-6 md:col-start-7 md:gap-10\">\n        <div class=\"acf-innerblocks-container\">\n<div class=\"flex flex-col gap-3 element text-block\">\n  <div class=\"flex items-center gap-6\">\n              <h2 class=\"text-2xl font-bold\">8a Introducci\u00f3<\/h2>\n      <\/div>\n    <\/div>\n\n\n<div class=\"flex flex-col gap-6 element image-block\">\n  <div class=\"flex flex-col gap-3\">\n      <\/div>\n      <figure>\n      <img loading=\"lazy\" decoding=\"async\" width=\"1600\" height=\"1182\" src=\"https:\/\/guiesullsdelahistoria.cat\/app\/uploads\/2024\/11\/Santa_Maria_de_Cardet__general_amb_riu_DJI_0435.jpg\" class=\"w-full h-auto\" alt=\"Vista a\u00e8ria de l\u2019exterior de l\u2019esgl\u00e9sia de Santa Maria de Cardet amb el riu Noguera de Tor al darrere.\" srcset=\"https:\/\/guiesullsdelahistoria.cat\/app\/uploads\/2024\/11\/Santa_Maria_de_Cardet__general_amb_riu_DJI_0435.jpg 1600w, https:\/\/guiesullsdelahistoria.cat\/app\/uploads\/2024\/11\/Santa_Maria_de_Cardet__general_amb_riu_DJI_0435-300x222.jpg 300w, https:\/\/guiesullsdelahistoria.cat\/app\/uploads\/2024\/11\/Santa_Maria_de_Cardet__general_amb_riu_DJI_0435-1024x756.jpg 1024w, https:\/\/guiesullsdelahistoria.cat\/app\/uploads\/2024\/11\/Santa_Maria_de_Cardet__general_amb_riu_DJI_0435-768x567.jpg 768w, https:\/\/guiesullsdelahistoria.cat\/app\/uploads\/2024\/11\/Santa_Maria_de_Cardet__general_amb_riu_DJI_0435-1536x1135.jpg 1536w\" sizes=\"auto, (max-width: 1600px) 100vw, 1600px\" \/>\n              <figcaption class=\"pt-2 text-gray-800\">Santa Maria de Cardet amb el riu Noguera de Tor.<\/figcaption>\n          <\/figure>\n  <\/div>\n\n\n<section class=\"element audio-block\">\n  <div class=\"flex flex-col w-full gap-6\">\n    <div class=\"flex flex-col gap-3\">\n      <div class=\"flex gap-6\">\n                          <h2 class=\"text-2xl font-bold\"> La Vall de Bo\u00ed i les seves esgl\u00e9sies<\/h2>\n              <\/div>\n          <\/div>\n    <div class=\"flex items-center justify-end gap-3\">\n              <div class=\"flex-1 audio-content\" dir=\"ltr\">\n          <audio id=\"audio-5f24885c556c58a5647f8cb3b0f6f8ad\" data-label=\" La Vall de Bo\u00ed i les seves esgl\u00e9sies\"\n            data-category=\"SANTA-MARIA-DE-CARDET-CAT-GENERAL-PLAY-0.mp3\" class=\"hidden\" controls\n            src=\"https:\/\/guiesullsdelahistoria.cat\/app\/uploads\/2024\/11\/SANTA-MARIA-DE-CARDET-CAT-GENERAL-PLAY-0.mp3\"><\/audio>\n          <div class=\"flex items-center w-full gap-3 transition-opacity opacity-0 meta\">\n            <progress class=\"flex-1 border-0 appearance-none\" value=\"0\" max=\"1\"><\/progress>\n            <div class=\"text-sm text-center shrink-0 current-time w-9\"><\/div>\n                      <\/div>\n        <\/div>\n            <div class=\"flex flex-col items-center gap-2 shrink-1 audio-control\">\n        <button\n  class=\"flex items-center justify-center w-32 max-w-32 h-32 max-h-32 transition-[max-height,_max-width] bg-black rounded-full btn text-accent\"\n  data-target=\"#audio-5f24885c556c58a5647f8cb3b0f6f8ad\">\n  <svg width=\"100%\" height=\"100%\" viewBox=\"0 0 36 36\" version=\"1.1\" xmlns=\"http:\/\/www.w3.org\/2000\/svg\" xmlns:xlink=\"http:\/\/www.w3.org\/1999\/xlink\">\n  <path id=\"ytp-12\" d=\"M11,10 L18,13.74 18,22.28 11,26 M18,13.74 L26,18 26,18 18,22.28\" fill=\"currentColor\">\n    <animate id=\"animation\" begin=\"indefinite\" attributeType=\"XML\" attributeName=\"d\" fill=\"freeze\" from=\"M11,10 L17,10 17,26 11,26 M20,10 L26,10 26,26 20,26\" to=\"M11,10 L18,13.74 18,22.28 11,26 M18,13.74 L26,18 26,18 18,22.28\" dur=\"0.1s\" keySplines=\".4 0 1 1\" repeatCount=\"1\" data-play=\"M11,10 L18,13.74 18,22.28 11,26 M18,13.74 L26,18 26,18 18,22.28\" data-pause=\"M11,10 L17,10 17,26 11,26 M20,10 L26,10 26,26 20,26\"><\/animate>\n  <\/path>\n<\/svg>\n<\/button>\n        <p class=\"text-base text-center\">Escolta<\/p>\n      <\/div>\n    <\/div>\n\n    \n          <div class=\"flex flex-wrap justify-between gap-6 md:justify-start\">\n                  <button data-target=\"#transcription-5f24885c556c58a5647f8cb3b0f6f8ad\" data-toggle=\"modal\" class=\"flex items-center gap-2\">\n            <svg class=\"w-6 h-6\" fill=\"none\" xmlns=\"http:\/\/www.w3.org\/2000\/svg\" viewBox=\"0 0 22 12\"><path d=\"M0 9.873v-6c0-.55.196-1.02.588-1.412A1.926 1.926 0 0 1 2 1.873h2c.55 0 1.02.196 1.412.588.392.391.588.862.588 1.412v6H4v-2H2v2H0Zm2-4h2v-2H2v2Zm6 4v-8h4c.55 0 1.02.196 1.412.588.392.391.588.862.588 1.412v4c0 .55-.196 1.021-.588 1.413A1.926 1.926 0 0 1 12 9.873H8Zm2-2h2v-4h-2v4Zm6.85.8-1.4-1.425c.183-.183.32-.391.413-.625.091-.233.137-.483.137-.75 0-.283-.046-.537-.137-.762a1.85 1.85 0 0 0-.413-.613l1.4-1.45c.367.367.65.792.85 1.275.2.484.3 1 .3 1.55s-.1 1.063-.3 1.538c-.2.475-.483.896-.85 1.262Zm2.825 2.825-1.45-1.375c.55-.55.983-1.187 1.3-1.912A5.775 5.775 0 0 0 20 5.873c0-.85-.158-1.633-.475-2.35a6.217 6.217 0 0 0-1.3-1.9l1.45-1.4a7.94 7.94 0 0 1 1.712 2.55c.409.967.613 2 .613 3.1s-.204 2.13-.613 3.088a7.977 7.977 0 0 1-1.712 2.537Z\" fill=\"#000\"\/><\/svg>            <span>Transcripci\u00f3<\/span>\n          <\/button>\n                      <\/div>\n      <\/div>\n\n      <div id=\"transcription-5f24885c556c58a5647f8cb3b0f6f8ad\"\n  class=\"fixed inset-0 z-50 hidden w-screen h-screen opacity-0 pointer-events-none modal transcription\"\n  tabindex=\"-1\" role=\"dialog\">\n  <div class=\"absolute w-full h-full bg-black opacity-75 modal-overlay\"><\/div>\n  <div\n    class=\"absolute z-30 w-11\/12 mx-auto overflow-y-auto text-black bg-white shadow-lg modal-container center-xy md:max-w-4xl\"\n    role=\"document\">\n    <div class=\"flex items-center justify-between px-4 py-4 text-gray-700 border-b md:px-8\">\n      <h2 class=\"!mb-0 font-bold\">Transcripci\u00f3<\/h2>\n      <div class=\"z-50 flex flex-col items-center ml-auto cursor-pointer rtl:ml-0 rtl:mr-auto modal-close\">\n        <svg class=\"w-auto h-6\" width=\"18\" height=\"23\" xmlns=\"http:\/\/www.w3.org\/2000\/svg\">\n  <g stroke=\"currentColor\" fill=\"none\" fill-rule=\"evenodd\" stroke-linecap=\"square\">\n    <path d=\"M.7248.974l16.1076 20.6167M16.655 1.2654L.9097 22.1601\" \/>\n  <\/g>\n<\/svg>        <div class=\"hidden\">Close<\/div>\n      <\/div>\n    <\/div>\n    <div class=\"px-4 py-8 overflow-y-auto max-h-modal md:px-8 modal-content\">\n      <div class=\"mb-8 flex flex-col gap-1.5\">\n                      <h3 class=\"text-xl font-bold\"> La Vall de Bo\u00ed i les seves esgl\u00e9sies<\/h3>\n                            <\/div>\n            <p>Et donem la benvinguda a la Vall de Bo\u00ed i t\u2019animem a con\u00e8ixer-ne l\u2019excepcional conjunt d\u2019esgl\u00e9sies, considerades una de les m\u00e0ximes expressions de l\u2019art rom\u00e0nic catal\u00e0 i inscrites a la llista de Patrimoni Mundial per la UNESCO l\u2019any 2000.<br \/>\nEl Conjunt Rom\u00e0nic de la Vall de Bo\u00ed l\u2019integren nou esgl\u00e9sies: Sant Climent i Santa Maria de Ta\u00fcll, Sant Joan de Bo\u00ed, Santa Eul\u00e0lia d\u2019Erill la Vall, Sant Feliu de Barruera, la Nativitat i Sant Quirc de Durro, Santa Maria de Cardet i l\u2019Assumpci\u00f3 de C\u00f3ll.<br \/>\nPer\u00f2, qu\u00e8 tenen en com\u00fa aquest conjunt d\u2019esgl\u00e9sies? Qu\u00e8 les fa tan singulars? Quina \u00e9s la seva hist\u00f2ria?<br \/>\nTotes van ser constru\u00efdes entre els segles XI i XII, en un moment de poder i de bonan\u00e7a econ\u00f2mica de la noblesa local, i comparteixen un estil arquitect\u00f2nic, el rom\u00e0nic, molt est\u00e8s per tot Europa.<br \/>\nAvui, una bona part de les pintures, talles i mobiliari es conserven a diversos museus catalans, sobretot al Museu Nacional d\u2019Art de Catalunya. Tot i aix\u00f2, algunes de les esgl\u00e9sies compten amb importants fragments de pintura mural i escultures originals, a m\u00e9s de reproduccions de les que es conserven als museus.<br \/>\nAmb la guia que tens a les mans, descobrir\u00e0s els valors excepcionals d\u2019aquest conjunt rom\u00e0nic i podr\u00e0s con\u00e8ixer cada una de les nou esgl\u00e9sies, amb els seus secrets i curiositats.<br \/>\nUna advert\u00e8ncia final! Aquestes muntanyes s\u00f3n misterioses i, a les valls, les paraules de les persones que les han habitat sovint es queden atrapades i ressonen al llarg del temps com un eco imperceptible. Aquesta guia disposa d\u2019un sensor que s\u2019activa cada cop que en capta alguna. No t\u2019espantis i continua escoltant.<\/p>\n    <\/div>\n  <\/div>\n<\/div>\n    <\/section>\n\n\n<div class=\"flex flex-col gap-6 element video-block\">\n  <div class=\"flex flex-col gap-3\">\n      <\/div>\n            <div class=\"relative w-full h-auto bg-black cursor-pointer text-accent lightgallery-video aspect-video\"\n        data-lg-size=\"1280-720\" data-src=\"https:\/\/www.youtube.com\/watch?v=GK7vDlGidQk\">\n                  <div class=\"absolute inset-0\" style=\"background-color: rgba(0,0,0,0.2)\"><\/div>\n          <svg class=\"absolute top-1\/2 left-1\/2 transform -translate-x-1\/2 -translate-y-1\/2 w-20 h-20 pointer-events-none\" fill=\"none\" xmlns=\"http:\/\/www.w3.org\/2000\/svg\" viewBox=\"0 0 80 81\">\n  <path\n    d=\"m30 58.873 28-18-28-18v36Zm10 22c-5.533 0-10.733-1.05-15.6-3.15-4.867-2.1-9.1-4.95-12.7-8.55-3.6-3.6-6.45-7.833-8.55-12.7C1.05 51.606 0 46.406 0 40.873c0-5.533 1.05-10.733 3.15-15.6 2.1-4.867 4.95-9.1 8.55-12.7 3.6-3.6 7.833-6.45 12.7-8.55 4.867-2.1 10.067-3.15 15.6-3.15 5.533 0 10.733 1.05 15.6 3.15 4.867 2.1 9.1 4.95 12.7 8.55 3.6 3.6 6.45 7.833 8.55 12.7C78.95 30.14 80 35.34 80 40.873c0 5.533-1.05 10.733-3.15 15.6-2.1 4.867-4.95 9.1-8.55 12.7-3.6 3.6-7.833 6.45-12.7 8.55-4.867 2.1-10.067 3.15-15.6 3.15Z\"\n    fill=\"currentColor\" \/>\n<\/svg>          <img decoding=\"async\" class=\"object-cover object-center w-full h-auto aspect-video\" src=\"https:\/\/i.ytimg.com\/vi\/GK7vDlGidQk\/sddefault.jpg\" \/>\n              <\/div>\n      <\/div>\n\n\n<div class=\"flex flex-col gap-3 element text-block\">\n  <div class=\"flex items-center gap-6\">\n              <h2 class=\"text-2xl font-bold\">8b Fa\u00e7ana<\/h2>\n      <\/div>\n    <\/div>\n\n\n<div class=\"flex flex-col gap-6 element image-block\">\n  <div class=\"flex flex-col gap-3\">\n      <\/div>\n      <figure>\n      <img loading=\"lazy\" decoding=\"async\" width=\"600\" height=\"800\" src=\"https:\/\/guiesullsdelahistoria.cat\/app\/uploads\/2024\/11\/Santa_Maria_de_Cardet_facana_0063.jpg\" class=\"w-full h-auto\" alt=\"Fa\u00e7ana principal de l\u2019esgl\u00e9sia de Santa Maria de Cardet amb el porxo i el campanar d\u2019espadanya.\" srcset=\"https:\/\/guiesullsdelahistoria.cat\/app\/uploads\/2024\/11\/Santa_Maria_de_Cardet_facana_0063.jpg 600w, https:\/\/guiesullsdelahistoria.cat\/app\/uploads\/2024\/11\/Santa_Maria_de_Cardet_facana_0063-225x300.jpg 225w\" sizes=\"auto, (max-width: 600px) 100vw, 600px\" \/>\n              <figcaption class=\"pt-2 text-gray-800\">Fa\u00e7ana principal de Santa Maria de Cardet.<\/figcaption>\n          <\/figure>\n  <\/div>\n\n\n<section class=\"element audio-block\">\n  <div class=\"flex flex-col w-full gap-6\">\n    <div class=\"flex flex-col gap-3\">\n      <div class=\"flex gap-6\">\n                          <h2 class=\"text-2xl font-bold\">L\u2019esgl\u00e9sia m\u00e9s petita<\/h2>\n              <\/div>\n          <\/div>\n    <div class=\"flex items-center justify-end gap-3\">\n              <div class=\"flex-1 audio-content\" dir=\"ltr\">\n          <audio id=\"audio-95b89fd4c32439ebc896a000e9bc4675\" data-label=\"L\u2019esgl\u00e9sia m\u00e9s petita\"\n            data-category=\"SANTA-MARIA-DE-CARDET-CAT-GENERAL-PLAY-1.mp3\" class=\"hidden\" controls\n            src=\"https:\/\/guiesullsdelahistoria.cat\/app\/uploads\/2024\/11\/SANTA-MARIA-DE-CARDET-CAT-GENERAL-PLAY-1.mp3\"><\/audio>\n          <div class=\"flex items-center w-full gap-3 transition-opacity opacity-0 meta\">\n            <progress class=\"flex-1 border-0 appearance-none\" value=\"0\" max=\"1\"><\/progress>\n            <div class=\"text-sm text-center shrink-0 current-time w-9\"><\/div>\n                      <\/div>\n        <\/div>\n            <div class=\"flex flex-col items-center gap-2 shrink-1 audio-control\">\n        <button\n  class=\"flex items-center justify-center w-32 max-w-32 h-32 max-h-32 transition-[max-height,_max-width] bg-black rounded-full btn text-accent\"\n  data-target=\"#audio-95b89fd4c32439ebc896a000e9bc4675\">\n  <svg width=\"100%\" height=\"100%\" viewBox=\"0 0 36 36\" version=\"1.1\" xmlns=\"http:\/\/www.w3.org\/2000\/svg\" xmlns:xlink=\"http:\/\/www.w3.org\/1999\/xlink\">\n  <path id=\"ytp-12\" d=\"M11,10 L18,13.74 18,22.28 11,26 M18,13.74 L26,18 26,18 18,22.28\" fill=\"currentColor\">\n    <animate id=\"animation\" begin=\"indefinite\" attributeType=\"XML\" attributeName=\"d\" fill=\"freeze\" from=\"M11,10 L17,10 17,26 11,26 M20,10 L26,10 26,26 20,26\" to=\"M11,10 L18,13.74 18,22.28 11,26 M18,13.74 L26,18 26,18 18,22.28\" dur=\"0.1s\" keySplines=\".4 0 1 1\" repeatCount=\"1\" data-play=\"M11,10 L18,13.74 18,22.28 11,26 M18,13.74 L26,18 26,18 18,22.28\" data-pause=\"M11,10 L17,10 17,26 11,26 M20,10 L26,10 26,26 20,26\"><\/animate>\n  <\/path>\n<\/svg>\n<\/button>\n        <p class=\"text-base text-center\">Escolta<\/p>\n      <\/div>\n    <\/div>\n\n    \n          <div class=\"flex flex-wrap justify-between gap-6 md:justify-start\">\n                  <button data-target=\"#transcription-95b89fd4c32439ebc896a000e9bc4675\" data-toggle=\"modal\" class=\"flex items-center gap-2\">\n            <svg class=\"w-6 h-6\" fill=\"none\" xmlns=\"http:\/\/www.w3.org\/2000\/svg\" viewBox=\"0 0 22 12\"><path d=\"M0 9.873v-6c0-.55.196-1.02.588-1.412A1.926 1.926 0 0 1 2 1.873h2c.55 0 1.02.196 1.412.588.392.391.588.862.588 1.412v6H4v-2H2v2H0Zm2-4h2v-2H2v2Zm6 4v-8h4c.55 0 1.02.196 1.412.588.392.391.588.862.588 1.412v4c0 .55-.196 1.021-.588 1.413A1.926 1.926 0 0 1 12 9.873H8Zm2-2h2v-4h-2v4Zm6.85.8-1.4-1.425c.183-.183.32-.391.413-.625.091-.233.137-.483.137-.75 0-.283-.046-.537-.137-.762a1.85 1.85 0 0 0-.413-.613l1.4-1.45c.367.367.65.792.85 1.275.2.484.3 1 .3 1.55s-.1 1.063-.3 1.538c-.2.475-.483.896-.85 1.262Zm2.825 2.825-1.45-1.375c.55-.55.983-1.187 1.3-1.912A5.775 5.775 0 0 0 20 5.873c0-.85-.158-1.633-.475-2.35a6.217 6.217 0 0 0-1.3-1.9l1.45-1.4a7.94 7.94 0 0 1 1.712 2.55c.409.967.613 2 .613 3.1s-.204 2.13-.613 3.088a7.977 7.977 0 0 1-1.712 2.537Z\" fill=\"#000\"\/><\/svg>            <span>Transcripci\u00f3<\/span>\n          <\/button>\n                      <\/div>\n      <\/div>\n\n      <div id=\"transcription-95b89fd4c32439ebc896a000e9bc4675\"\n  class=\"fixed inset-0 z-50 hidden w-screen h-screen opacity-0 pointer-events-none modal transcription\"\n  tabindex=\"-1\" role=\"dialog\">\n  <div class=\"absolute w-full h-full bg-black opacity-75 modal-overlay\"><\/div>\n  <div\n    class=\"absolute z-30 w-11\/12 mx-auto overflow-y-auto text-black bg-white shadow-lg modal-container center-xy md:max-w-4xl\"\n    role=\"document\">\n    <div class=\"flex items-center justify-between px-4 py-4 text-gray-700 border-b md:px-8\">\n      <h2 class=\"!mb-0 font-bold\">Transcripci\u00f3<\/h2>\n      <div class=\"z-50 flex flex-col items-center ml-auto cursor-pointer rtl:ml-0 rtl:mr-auto modal-close\">\n        <svg class=\"w-auto h-6\" width=\"18\" height=\"23\" xmlns=\"http:\/\/www.w3.org\/2000\/svg\">\n  <g stroke=\"currentColor\" fill=\"none\" fill-rule=\"evenodd\" stroke-linecap=\"square\">\n    <path d=\"M.7248.974l16.1076 20.6167M16.655 1.2654L.9097 22.1601\" \/>\n  <\/g>\n<\/svg>        <div class=\"hidden\">Close<\/div>\n      <\/div>\n    <\/div>\n    <div class=\"px-4 py-8 overflow-y-auto max-h-modal md:px-8 modal-content\">\n      <div class=\"mb-8 flex flex-col gap-1.5\">\n                      <h3 class=\"text-xl font-bold\">L\u2019esgl\u00e9sia m\u00e9s petita<\/h3>\n                            <\/div>\n            <p>Santa Maria de Cardet \u00e9s l\u2019esgl\u00e9sia m\u00e9s petita de totes les de la Vall. Potser per aix\u00f2, i pel petit porxo de l\u2019entrada, t\u00e9 un aspecte tan acollidor. Si no fos pel campanar, podria ser una casa m\u00e9s del poble. No t\u2019ho sembla?<br \/>\nCom veus, el campanar t\u00e9 forma d\u2019espadanya i va ser afegit en \u00e8poca barroca. Cardet i l\u2019ermita de Sant Quirc de Durro s\u00f3n els dos \u00fanics temples del conjunt que tenen aquesta mena de campanar.<br \/>\nUn altre element interessant d\u2019aquesta esgl\u00e9sia \u00e9s el forrellat. Si t\u2019hi acostes, podr\u00e0s veure que el passador est\u00e0 rematat amb un preci\u00f3s cap hum\u00e0.<br \/>\nPer\u00f2 el que fa m\u00e9s especial l\u2019esgl\u00e9sia de Santa Maria \u00e9s l\u2019absis. Per veure\u2019l, has de tornar a sortir del recinte de l\u2019esgl\u00e9sia i fer la volta per l\u2019esquerra, en el sentit de la teva marxa. Despr\u00e9s has de baixar un parell de carrers fins a arribar a una plataforma de fusta.<\/p>\n    <\/div>\n  <\/div>\n<\/div>\n    <\/section>\n\n\n<div class=\"flex flex-col gap-6 element video-block\">\n  <div class=\"flex flex-col gap-3\">\n      <\/div>\n            <div class=\"relative w-full h-auto bg-black cursor-pointer text-accent lightgallery-video aspect-video\"\n        data-lg-size=\"1280-720\" data-src=\"https:\/\/www.youtube.com\/watch?v=Wn70WOG8_X4\">\n                  <div class=\"absolute inset-0\" style=\"background-color: rgba(0,0,0,0.2)\"><\/div>\n          <svg class=\"absolute top-1\/2 left-1\/2 transform -translate-x-1\/2 -translate-y-1\/2 w-20 h-20 pointer-events-none\" fill=\"none\" xmlns=\"http:\/\/www.w3.org\/2000\/svg\" viewBox=\"0 0 80 81\">\n  <path\n    d=\"m30 58.873 28-18-28-18v36Zm10 22c-5.533 0-10.733-1.05-15.6-3.15-4.867-2.1-9.1-4.95-12.7-8.55-3.6-3.6-6.45-7.833-8.55-12.7C1.05 51.606 0 46.406 0 40.873c0-5.533 1.05-10.733 3.15-15.6 2.1-4.867 4.95-9.1 8.55-12.7 3.6-3.6 7.833-6.45 12.7-8.55 4.867-2.1 10.067-3.15 15.6-3.15 5.533 0 10.733 1.05 15.6 3.15 4.867 2.1 9.1 4.95 12.7 8.55 3.6 3.6 6.45 7.833 8.55 12.7C78.95 30.14 80 35.34 80 40.873c0 5.533-1.05 10.733-3.15 15.6-2.1 4.867-4.95 9.1-8.55 12.7-3.6 3.6-7.833 6.45-12.7 8.55-4.867 2.1-10.067 3.15-15.6 3.15Z\"\n    fill=\"currentColor\" \/>\n<\/svg>          <img decoding=\"async\" class=\"object-cover object-center w-full h-auto aspect-video\" src=\"https:\/\/i.ytimg.com\/vi\/Wn70WOG8_X4\/sddefault.jpg\" \/>\n              <\/div>\n      <\/div>\n\n\n<div class=\"flex flex-col gap-3 element text-block\">\n  <div class=\"flex items-center gap-6\">\n              <h2 class=\"text-2xl font-bold\">8c Absis<\/h2>\n      <\/div>\n    <\/div>\n\n\n<div class=\"flex flex-col gap-6 element image-block\">\n  <div class=\"flex flex-col gap-3\">\n      <\/div>\n      <figure>\n      <img loading=\"lazy\" decoding=\"async\" width=\"1600\" height=\"1200\" src=\"https:\/\/guiesullsdelahistoria.cat\/app\/uploads\/2024\/11\/Santa_Maria_de_Cardet_absis_i_poble_DJI_0963.jpg\" class=\"w-full h-auto\" alt=\"Vista posterior de l\u2019esgl\u00e9sia de Santa Maria de Cardet envoltada de vegetaci\u00f3, amb l\u2019absis constru\u00eft seguint el desnivell de la muntanya.\" srcset=\"https:\/\/guiesullsdelahistoria.cat\/app\/uploads\/2024\/11\/Santa_Maria_de_Cardet_absis_i_poble_DJI_0963.jpg 1600w, https:\/\/guiesullsdelahistoria.cat\/app\/uploads\/2024\/11\/Santa_Maria_de_Cardet_absis_i_poble_DJI_0963-300x225.jpg 300w, https:\/\/guiesullsdelahistoria.cat\/app\/uploads\/2024\/11\/Santa_Maria_de_Cardet_absis_i_poble_DJI_0963-1024x768.jpg 1024w, https:\/\/guiesullsdelahistoria.cat\/app\/uploads\/2024\/11\/Santa_Maria_de_Cardet_absis_i_poble_DJI_0963-768x576.jpg 768w, https:\/\/guiesullsdelahistoria.cat\/app\/uploads\/2024\/11\/Santa_Maria_de_Cardet_absis_i_poble_DJI_0963-1536x1152.jpg 1536w\" sizes=\"auto, (max-width: 1600px) 100vw, 1600px\" \/>\n              <figcaption class=\"pt-2 text-gray-800\">Santa Maria de Cardet vista des de l\u2019absis.<\/figcaption>\n          <\/figure>\n  <\/div>\n\n\n<section class=\"element audio-block\">\n  <div class=\"flex flex-col w-full gap-6\">\n    <div class=\"flex flex-col gap-3\">\n      <div class=\"flex gap-6\">\n                          <h2 class=\"text-2xl font-bold\">Una construcci\u00f3 al pendent de la muntanya<\/h2>\n              <\/div>\n          <\/div>\n    <div class=\"flex items-center justify-end gap-3\">\n              <div class=\"flex-1 audio-content\" dir=\"ltr\">\n          <audio id=\"audio-ed262f6be19941c8ba6adb0bcad98160\" data-label=\"Una construcci\u00f3 al pendent de la muntanya\"\n            data-category=\"SANTA-MARIA-DE-CARDET-CAT-GENERAL-PLAY-2.mp3\" class=\"hidden\" controls\n            src=\"https:\/\/guiesullsdelahistoria.cat\/app\/uploads\/2024\/11\/SANTA-MARIA-DE-CARDET-CAT-GENERAL-PLAY-2.mp3\"><\/audio>\n          <div class=\"flex items-center w-full gap-3 transition-opacity opacity-0 meta\">\n            <progress class=\"flex-1 border-0 appearance-none\" value=\"0\" max=\"1\"><\/progress>\n            <div class=\"text-sm text-center shrink-0 current-time w-9\"><\/div>\n                      <\/div>\n        <\/div>\n            <div class=\"flex flex-col items-center gap-2 shrink-1 audio-control\">\n        <button\n  class=\"flex items-center justify-center w-32 max-w-32 h-32 max-h-32 transition-[max-height,_max-width] bg-black rounded-full btn text-accent\"\n  data-target=\"#audio-ed262f6be19941c8ba6adb0bcad98160\">\n  <svg width=\"100%\" height=\"100%\" viewBox=\"0 0 36 36\" version=\"1.1\" xmlns=\"http:\/\/www.w3.org\/2000\/svg\" xmlns:xlink=\"http:\/\/www.w3.org\/1999\/xlink\">\n  <path id=\"ytp-12\" d=\"M11,10 L18,13.74 18,22.28 11,26 M18,13.74 L26,18 26,18 18,22.28\" fill=\"currentColor\">\n    <animate id=\"animation\" begin=\"indefinite\" attributeType=\"XML\" attributeName=\"d\" fill=\"freeze\" from=\"M11,10 L17,10 17,26 11,26 M20,10 L26,10 26,26 20,26\" to=\"M11,10 L18,13.74 18,22.28 11,26 M18,13.74 L26,18 26,18 18,22.28\" dur=\"0.1s\" keySplines=\".4 0 1 1\" repeatCount=\"1\" data-play=\"M11,10 L18,13.74 18,22.28 11,26 M18,13.74 L26,18 26,18 18,22.28\" data-pause=\"M11,10 L17,10 17,26 11,26 M20,10 L26,10 26,26 20,26\"><\/animate>\n  <\/path>\n<\/svg>\n<\/button>\n        <p class=\"text-base text-center\">Escolta<\/p>\n      <\/div>\n    <\/div>\n\n    \n          <div class=\"flex flex-wrap justify-between gap-6 md:justify-start\">\n                  <button data-target=\"#transcription-ed262f6be19941c8ba6adb0bcad98160\" data-toggle=\"modal\" class=\"flex items-center gap-2\">\n            <svg class=\"w-6 h-6\" fill=\"none\" xmlns=\"http:\/\/www.w3.org\/2000\/svg\" viewBox=\"0 0 22 12\"><path d=\"M0 9.873v-6c0-.55.196-1.02.588-1.412A1.926 1.926 0 0 1 2 1.873h2c.55 0 1.02.196 1.412.588.392.391.588.862.588 1.412v6H4v-2H2v2H0Zm2-4h2v-2H2v2Zm6 4v-8h4c.55 0 1.02.196 1.412.588.392.391.588.862.588 1.412v4c0 .55-.196 1.021-.588 1.413A1.926 1.926 0 0 1 12 9.873H8Zm2-2h2v-4h-2v4Zm6.85.8-1.4-1.425c.183-.183.32-.391.413-.625.091-.233.137-.483.137-.75 0-.283-.046-.537-.137-.762a1.85 1.85 0 0 0-.413-.613l1.4-1.45c.367.367.65.792.85 1.275.2.484.3 1 .3 1.55s-.1 1.063-.3 1.538c-.2.475-.483.896-.85 1.262Zm2.825 2.825-1.45-1.375c.55-.55.983-1.187 1.3-1.912A5.775 5.775 0 0 0 20 5.873c0-.85-.158-1.633-.475-2.35a6.217 6.217 0 0 0-1.3-1.9l1.45-1.4a7.94 7.94 0 0 1 1.712 2.55c.409.967.613 2 .613 3.1s-.204 2.13-.613 3.088a7.977 7.977 0 0 1-1.712 2.537Z\" fill=\"#000\"\/><\/svg>            <span>Transcripci\u00f3<\/span>\n          <\/button>\n                      <\/div>\n      <\/div>\n\n      <div id=\"transcription-ed262f6be19941c8ba6adb0bcad98160\"\n  class=\"fixed inset-0 z-50 hidden w-screen h-screen opacity-0 pointer-events-none modal transcription\"\n  tabindex=\"-1\" role=\"dialog\">\n  <div class=\"absolute w-full h-full bg-black opacity-75 modal-overlay\"><\/div>\n  <div\n    class=\"absolute z-30 w-11\/12 mx-auto overflow-y-auto text-black bg-white shadow-lg modal-container center-xy md:max-w-4xl\"\n    role=\"document\">\n    <div class=\"flex items-center justify-between px-4 py-4 text-gray-700 border-b md:px-8\">\n      <h2 class=\"!mb-0 font-bold\">Transcripci\u00f3<\/h2>\n      <div class=\"z-50 flex flex-col items-center ml-auto cursor-pointer rtl:ml-0 rtl:mr-auto modal-close\">\n        <svg class=\"w-auto h-6\" width=\"18\" height=\"23\" xmlns=\"http:\/\/www.w3.org\/2000\/svg\">\n  <g stroke=\"currentColor\" fill=\"none\" fill-rule=\"evenodd\" stroke-linecap=\"square\">\n    <path d=\"M.7248.974l16.1076 20.6167M16.655 1.2654L.9097 22.1601\" \/>\n  <\/g>\n<\/svg>        <div class=\"hidden\">Close<\/div>\n      <\/div>\n    <\/div>\n    <div class=\"px-4 py-8 overflow-y-auto max-h-modal md:px-8 modal-content\">\n      <div class=\"mb-8 flex flex-col gap-1.5\">\n                      <h3 class=\"text-xl font-bold\">Una construcci\u00f3 al pendent de la muntanya<\/h3>\n                            <\/div>\n            <p>Des d\u2019aqu\u00ed pots apreciar la bellesa de l\u2019absis de Santa Maria de Cardet i les seves vistes.<br \/>\nL\u2019absis de Santa Maria de Cardet t\u00e9 dues plantes, i \u00e9s un dels m\u00e9s espectaculars de totes les esgl\u00e9sies de la Vall. Aix\u00f2 \u00e9s perqu\u00e8 el temple es va construir sobre el fort pendent de la muntanya, aprofitant el desnivell del terreny.<br \/>\nA la part inferior s\u2019hi va construir una petita cripta, l\u2019\u00fanica de tot el conjunt d\u2019esgl\u00e9sies del rom\u00e0nic. Es correspon a la finestra de sota i, quan hi siguis dins, la podr\u00e0s visitar.<br \/>\nUna curiositat: a dalt a l\u2019esquerra, al segon dels arcs que decoren la part alta de l\u2019absis, hi ha un cap hum\u00e0 esculpit en relleu. Ets capa\u00e7 de trobar-lo?<br \/>\nPer continuar la visita, ves cap a l\u2019interior de l\u2019esgl\u00e9sia. <\/p>\n    <\/div>\n  <\/div>\n<\/div>\n    <\/section>\n\n\n<div class=\"flex flex-col gap-6 element video-block\">\n  <div class=\"flex flex-col gap-3\">\n      <\/div>\n            <div class=\"relative w-full h-auto bg-black cursor-pointer text-accent lightgallery-video aspect-video\"\n        data-lg-size=\"1280-720\" data-src=\"https:\/\/www.youtube.com\/watch?v=20Dqc_rm2wk\">\n                  <div class=\"absolute inset-0\" style=\"background-color: rgba(0,0,0,0.2)\"><\/div>\n          <svg class=\"absolute top-1\/2 left-1\/2 transform -translate-x-1\/2 -translate-y-1\/2 w-20 h-20 pointer-events-none\" fill=\"none\" xmlns=\"http:\/\/www.w3.org\/2000\/svg\" viewBox=\"0 0 80 81\">\n  <path\n    d=\"m30 58.873 28-18-28-18v36Zm10 22c-5.533 0-10.733-1.05-15.6-3.15-4.867-2.1-9.1-4.95-12.7-8.55-3.6-3.6-6.45-7.833-8.55-12.7C1.05 51.606 0 46.406 0 40.873c0-5.533 1.05-10.733 3.15-15.6 2.1-4.867 4.95-9.1 8.55-12.7 3.6-3.6 7.833-6.45 12.7-8.55 4.867-2.1 10.067-3.15 15.6-3.15 5.533 0 10.733 1.05 15.6 3.15 4.867 2.1 9.1 4.95 12.7 8.55 3.6 3.6 6.45 7.833 8.55 12.7C78.95 30.14 80 35.34 80 40.873c0 5.533-1.05 10.733-3.15 15.6-2.1 4.867-4.95 9.1-8.55 12.7-3.6 3.6-7.833 6.45-12.7 8.55-4.867 2.1-10.067 3.15-15.6 3.15Z\"\n    fill=\"currentColor\" \/>\n<\/svg>          <img decoding=\"async\" class=\"object-cover object-center w-full h-auto aspect-video\" src=\"https:\/\/i.ytimg.com\/vi\/20Dqc_rm2wk\/sddefault.jpg\" \/>\n              <\/div>\n      <\/div>\n\n\n<div class=\"flex flex-col gap-3 element text-block\">\n  <div class=\"flex items-center gap-6\">\n              <h2 class=\"text-2xl font-bold\">8d Centre de nau<\/h2>\n      <\/div>\n    <\/div>\n\n\n<div class=\"flex flex-col gap-6 element image-block\">\n  <div class=\"flex flex-col gap-3\">\n      <\/div>\n      <figure>\n      <img loading=\"lazy\" decoding=\"async\" width=\"800\" height=\"600\" src=\"https:\/\/guiesullsdelahistoria.cat\/app\/uploads\/2024\/11\/cardet_0002.jpg\" class=\"w-full h-auto\" alt=\"Interior de l\u2019esgl\u00e9sia de Santa Maria de Cardet amb els murs encalcinats i amb l\u2019altar i el retaule al fons.\" srcset=\"https:\/\/guiesullsdelahistoria.cat\/app\/uploads\/2024\/11\/cardet_0002.jpg 800w, https:\/\/guiesullsdelahistoria.cat\/app\/uploads\/2024\/11\/cardet_0002-300x225.jpg 300w, https:\/\/guiesullsdelahistoria.cat\/app\/uploads\/2024\/11\/cardet_0002-768x576.jpg 768w\" sizes=\"auto, (max-width: 800px) 100vw, 800px\" \/>\n              <figcaption class=\"pt-2 text-gray-800\">Interior de Santa Maria de Cardet.<\/figcaption>\n          <\/figure>\n  <\/div>\n\n\n<section class=\"element audio-block\">\n  <div class=\"flex flex-col w-full gap-6\">\n    <div class=\"flex flex-col gap-3\">\n      <div class=\"flex gap-6\">\n                          <h2 class=\"text-2xl font-bold\">L\u2019interior com era a principis del segle XX<\/h2>\n              <\/div>\n          <\/div>\n    <div class=\"flex items-center justify-end gap-3\">\n              <div class=\"flex-1 audio-content\" dir=\"ltr\">\n          <audio id=\"audio-6b4a705aa3a6f4905177caa6b750b6e7\" data-label=\"L\u2019interior com era a principis del segle XX\"\n            data-category=\"SANTA-MARIA-DE-CARDET-CAT-GENERAL-PLAY-3.mp3\" class=\"hidden\" controls\n            src=\"https:\/\/guiesullsdelahistoria.cat\/app\/uploads\/2024\/11\/SANTA-MARIA-DE-CARDET-CAT-GENERAL-PLAY-3.mp3\"><\/audio>\n          <div class=\"flex items-center w-full gap-3 transition-opacity opacity-0 meta\">\n            <progress class=\"flex-1 border-0 appearance-none\" value=\"0\" max=\"1\"><\/progress>\n            <div class=\"text-sm text-center shrink-0 current-time w-9\"><\/div>\n                      <\/div>\n        <\/div>\n            <div class=\"flex flex-col items-center gap-2 shrink-1 audio-control\">\n        <button\n  class=\"flex items-center justify-center w-32 max-w-32 h-32 max-h-32 transition-[max-height,_max-width] bg-black rounded-full btn text-accent\"\n  data-target=\"#audio-6b4a705aa3a6f4905177caa6b750b6e7\">\n  <svg width=\"100%\" height=\"100%\" viewBox=\"0 0 36 36\" version=\"1.1\" xmlns=\"http:\/\/www.w3.org\/2000\/svg\" xmlns:xlink=\"http:\/\/www.w3.org\/1999\/xlink\">\n  <path id=\"ytp-12\" d=\"M11,10 L18,13.74 18,22.28 11,26 M18,13.74 L26,18 26,18 18,22.28\" fill=\"currentColor\">\n    <animate id=\"animation\" begin=\"indefinite\" attributeType=\"XML\" attributeName=\"d\" fill=\"freeze\" from=\"M11,10 L17,10 17,26 11,26 M20,10 L26,10 26,26 20,26\" to=\"M11,10 L18,13.74 18,22.28 11,26 M18,13.74 L26,18 26,18 18,22.28\" dur=\"0.1s\" keySplines=\".4 0 1 1\" repeatCount=\"1\" data-play=\"M11,10 L18,13.74 18,22.28 11,26 M18,13.74 L26,18 26,18 18,22.28\" data-pause=\"M11,10 L17,10 17,26 11,26 M20,10 L26,10 26,26 20,26\"><\/animate>\n  <\/path>\n<\/svg>\n<\/button>\n        <p class=\"text-base text-center\">Escolta<\/p>\n      <\/div>\n    <\/div>\n\n    \n          <div class=\"flex flex-wrap justify-between gap-6 md:justify-start\">\n                  <button data-target=\"#transcription-6b4a705aa3a6f4905177caa6b750b6e7\" data-toggle=\"modal\" class=\"flex items-center gap-2\">\n            <svg class=\"w-6 h-6\" fill=\"none\" xmlns=\"http:\/\/www.w3.org\/2000\/svg\" viewBox=\"0 0 22 12\"><path d=\"M0 9.873v-6c0-.55.196-1.02.588-1.412A1.926 1.926 0 0 1 2 1.873h2c.55 0 1.02.196 1.412.588.392.391.588.862.588 1.412v6H4v-2H2v2H0Zm2-4h2v-2H2v2Zm6 4v-8h4c.55 0 1.02.196 1.412.588.392.391.588.862.588 1.412v4c0 .55-.196 1.021-.588 1.413A1.926 1.926 0 0 1 12 9.873H8Zm2-2h2v-4h-2v4Zm6.85.8-1.4-1.425c.183-.183.32-.391.413-.625.091-.233.137-.483.137-.75 0-.283-.046-.537-.137-.762a1.85 1.85 0 0 0-.413-.613l1.4-1.45c.367.367.65.792.85 1.275.2.484.3 1 .3 1.55s-.1 1.063-.3 1.538c-.2.475-.483.896-.85 1.262Zm2.825 2.825-1.45-1.375c.55-.55.983-1.187 1.3-1.912A5.775 5.775 0 0 0 20 5.873c0-.85-.158-1.633-.475-2.35a6.217 6.217 0 0 0-1.3-1.9l1.45-1.4a7.94 7.94 0 0 1 1.712 2.55c.409.967.613 2 .613 3.1s-.204 2.13-.613 3.088a7.977 7.977 0 0 1-1.712 2.537Z\" fill=\"#000\"\/><\/svg>            <span>Transcripci\u00f3<\/span>\n          <\/button>\n                      <\/div>\n      <\/div>\n\n      <div id=\"transcription-6b4a705aa3a6f4905177caa6b750b6e7\"\n  class=\"fixed inset-0 z-50 hidden w-screen h-screen opacity-0 pointer-events-none modal transcription\"\n  tabindex=\"-1\" role=\"dialog\">\n  <div class=\"absolute w-full h-full bg-black opacity-75 modal-overlay\"><\/div>\n  <div\n    class=\"absolute z-30 w-11\/12 mx-auto overflow-y-auto text-black bg-white shadow-lg modal-container center-xy md:max-w-4xl\"\n    role=\"document\">\n    <div class=\"flex items-center justify-between px-4 py-4 text-gray-700 border-b md:px-8\">\n      <h2 class=\"!mb-0 font-bold\">Transcripci\u00f3<\/h2>\n      <div class=\"z-50 flex flex-col items-center ml-auto cursor-pointer rtl:ml-0 rtl:mr-auto modal-close\">\n        <svg class=\"w-auto h-6\" width=\"18\" height=\"23\" xmlns=\"http:\/\/www.w3.org\/2000\/svg\">\n  <g stroke=\"currentColor\" fill=\"none\" fill-rule=\"evenodd\" stroke-linecap=\"square\">\n    <path d=\"M.7248.974l16.1076 20.6167M16.655 1.2654L.9097 22.1601\" \/>\n  <\/g>\n<\/svg>        <div class=\"hidden\">Close<\/div>\n      <\/div>\n    <\/div>\n    <div class=\"px-4 py-8 overflow-y-auto max-h-modal md:px-8 modal-content\">\n      <div class=\"mb-8 flex flex-col gap-1.5\">\n                      <h3 class=\"text-xl font-bold\">L\u2019interior com era a principis del segle XX<\/h3>\n                            <\/div>\n            <p>Santa Maria de Cardet, com ja s\u2019ha dit, \u00e9s l\u2019esgl\u00e9sia m\u00e9s petita de totes les de la Vall. Actualment, l\u2019interior de l\u2019edifici encara sembla m\u00e9s redu\u00eft, a causa de la pres\u00e8ncia del retaule barroc, que amaga l\u2019espai de l\u2019absis.<br \/>\nAquesta esgl\u00e9sia ha estat restaurada, com les altres del conjunt, per\u00f2 en aquest cas es va optar per mantenir l\u2019interior tal com era a principis del segle xx. S\u2019han respectat els afegits arquitect\u00f2nics i els b\u00e9ns mobles posteriors a l\u2019\u00e8poca rom\u00e0nica per deixar testimoni de la seva evoluci\u00f3. Cal entendre, doncs, que la resta d\u2019esgl\u00e9sies de la Vall tamb\u00e9 tenien aquest aspecte, per\u00f2 les restauracions les han tornat al seu aspecte rom\u00e0nic.<br \/>\nDes d\u2019on ets, tamb\u00e9 pots veure una reproducci\u00f3 del frontal d\u2019altar, dedicat a Maria i a la infantesa de Crist. L\u2019original \u00e9s al Museu Nacional d\u2019Art de Catalunya, i est\u00e0 datat a la segona meitat del segle xiii.<br \/>\nAl frontal s\u2019hi representen diverses escenes de la vida de la Mare de D\u00e9u. Al mig, la Verge amb el Nen Jes\u00fas a la falda. A la part de dalt, a l\u2019esquerra, hi ha representat el moment que l\u2019\u00e0ngel va visitar Maria. A la dreta, a dalt, el naixement de Jes\u00fas. A baix, a l\u2019esquerra, l\u2019arribada dels Reis d\u2019Orient. I a baix, a la dreta, el moment en qu\u00e8 Maria i Josep fugen dels romans cap a Egipte amb el petit Jes\u00fas.<br \/>\nEl frontal de Santa Maria de Cardet va ser realitzat per l\u2019anomenat taller de la Ribagor\u00e7a. D\u2019aquest taller se\u2019n coneixen diverses obres, totes molt semblants entre si en t\u00e8cnica i estil.<\/p>\n<p><em>So d\u2019interfer\u00e8ncies<\/em>.<br \/>\n<strong>Mestre:<\/strong> T\u2019has de centrar en els relleus d\u2019estuc, Jaume.<br \/>\n<strong>Jaume:<\/strong> Per\u00f2, mestre, ja fa temps que treballo l\u2019estuc. Vull una oportunitat per pintar les figures. S\u00e9 que ho puc fer.<br \/>\n<strong>Mestre:<\/strong> No tinguis pressa; l\u2019oportunitat t\u2019arribar\u00e0. Per ara, centra\u2019t en els marcs i en els fons.<br \/>\n<strong>Jaume:<\/strong> Fins quan, mestre? Aix\u00f2 \u00e9s una tasca menor. Fa temps que em preparo. M\u2019he fixat molt en la vostra feina i conec b\u00e9 l\u2019ofici.<br \/>\n<strong>Mestre:<\/strong> Jaume, estar\u00e0s preparat quan entenguis el valor dels marcs i els fons amb relleus d\u2019estuc. Cada element forma part de l\u2019obra final, i tots han d\u2019estar fets amb la mateixa mestria i humilitat. Torna a la feina; encara et queden moltes coses per aprendre.<br \/>\n<em>So d\u2019interfer\u00e8ncies<\/em>.<\/p>\n<p>Darrere del retaule hi ha un dip\u00f2sit de gra, cosa que ens dona una perspectiva nova dels usos dels espais religiosos. Malgrat que queda amagat, \u00e9s possible accedir-hi per una petita porta, a la dreta del retaule. El dip\u00f2sit de gra queda a l\u2019altura de la cintura, i t\u00e9 una petita tapa de fusta. Quan siguis dins, tamb\u00e9 podr\u00e0s veure, amb un fris de dents de serra, la decoraci\u00f3 pr\u00f2pia del primer rom\u00e0nic. El que el fa singular \u00e9s que aquesta mena de decoracions eren molt poc habituals als interiors.<\/p>\n<p>Dins de l\u2019esgl\u00e9sia de Santa Maria de Cardet tamb\u00e9 s\u2019hi va conservar, fins a principis del segle xx, una biga travessera original amb decoraci\u00f3 pict\u00f2rica. A la part superior d\u2019aquesta biga hi ha dos forats on s\u2019encaixava un grup escult\u00f2ric, segurament de tres figures; per tant, un calvari, Crist a la creu amb sant Joan i la Mare de D\u00e9u. Actualment, aquesta biga est\u00e0 conservada al MNAC. Amb el recurs de realitat virtual la podr\u00e0s veure a l\u2019empla\u00e7ament original.<br \/>\nAra, per visitar la cripta, has de baixar per les escales situades al mig de la nau i passar per un corredor estret.<\/p>\n    <\/div>\n  <\/div>\n<\/div>\n    <\/section>\n\n\n<div class=\"flex flex-col gap-6 element video-block\">\n  <div class=\"flex flex-col gap-3\">\n      <\/div>\n            <div class=\"relative w-full h-auto bg-black cursor-pointer text-accent lightgallery-video aspect-video\"\n        data-lg-size=\"1280-720\" data-src=\"https:\/\/www.youtube.com\/watch?v=vkPIvCC3JG0\">\n                  <div class=\"absolute inset-0\" style=\"background-color: rgba(0,0,0,0.2)\"><\/div>\n          <svg class=\"absolute top-1\/2 left-1\/2 transform -translate-x-1\/2 -translate-y-1\/2 w-20 h-20 pointer-events-none\" fill=\"none\" xmlns=\"http:\/\/www.w3.org\/2000\/svg\" viewBox=\"0 0 80 81\">\n  <path\n    d=\"m30 58.873 28-18-28-18v36Zm10 22c-5.533 0-10.733-1.05-15.6-3.15-4.867-2.1-9.1-4.95-12.7-8.55-3.6-3.6-6.45-7.833-8.55-12.7C1.05 51.606 0 46.406 0 40.873c0-5.533 1.05-10.733 3.15-15.6 2.1-4.867 4.95-9.1 8.55-12.7 3.6-3.6 7.833-6.45 12.7-8.55 4.867-2.1 10.067-3.15 15.6-3.15 5.533 0 10.733 1.05 15.6 3.15 4.867 2.1 9.1 4.95 12.7 8.55 3.6 3.6 6.45 7.833 8.55 12.7C78.95 30.14 80 35.34 80 40.873c0 5.533-1.05 10.733-3.15 15.6-2.1 4.867-4.95 9.1-8.55 12.7-3.6 3.6-7.833 6.45-12.7 8.55-4.867 2.1-10.067 3.15-15.6 3.15Z\"\n    fill=\"currentColor\" \/>\n<\/svg>          <img decoding=\"async\" class=\"object-cover object-center w-full h-auto aspect-video\" src=\"https:\/\/i.ytimg.com\/vi\/vkPIvCC3JG0\/sddefault.jpg\" \/>\n              <\/div>\n      <\/div>\n\n\n<div class=\"flex flex-col gap-3 element interactive-block\">\n  <div class=\"flex items-center gap-6\">\n              <h2 class=\"text-2xl font-bold\">Recurs virtual: Biga que es conserva al MNAC<\/h2>\n      <\/div>\n          <div class=\"flex justify-end w-full\">\n      <div class=\"flex flex-col items-center gap-2 shrink-1\">\n        <button data-target=\"#embed-69f5b6ee281ef\" data-toggle=\"modal\"\n          class=\"flex items-center justify-center w-32 h-32 bg-black rounded-full text-accent\">\n          <svg class=\"w-16 h-auto\" width=\"60\" height=\"61\" viewBox=\"0 0 60 61\" fill=\"none\" xmlns=\"http:\/\/www.w3.org\/2000\/svg\">\n  <path\n    d=\"M27 53.298L12 44.673C11.05 44.1231 10.3125 43.398 9.7875 42.498C9.2625 41.598 9 40.598 9 39.498V22.248C9 21.148 9.2625 20.148 9.7875 19.248C10.3125 18.348 11.05 17.623 12 17.073L27 8.44805C27.95 7.89805 28.95 7.62305 30 7.62305C31.05 7.62305 32.05 7.89805 33 8.44805L48 17.073C48.95 17.623 49.6875 18.348 50.2125 19.248C50.7375 20.148 51 21.148 51 22.248V39.498C51 40.598 50.7375 41.598 50.2125 42.498C49.6875 43.398 48.95 44.1231 48 44.673L33 53.298C32.05 53.848 31.05 54.123 30 54.123C28.95 54.123 27.95 53.848 27 53.298ZM27 46.398V32.598L15 25.623V39.498L27 46.398ZM33 46.398L45 39.498V25.623L33 32.598V46.398ZM0 15.873V6.87305C0 5.22305 0.5875 3.81055 1.7625 2.63555C2.9375 1.46055 4.35 0.873047 6 0.873047H15V6.87305H6V15.873H0ZM15 60.873H6C4.35 60.873 2.9375 60.2855 1.7625 59.1105C0.5875 57.9355 0 56.523 0 54.873V45.8731H6V54.873H15V60.873ZM45 60.873V54.873H54V45.8731H60V54.873C60 56.523 59.4125 57.9355 58.2375 59.1105C57.0625 60.2855 55.65 60.873 54 60.873H45ZM54 15.873V6.87305H45V0.873047H54C55.65 0.873047 57.0625 1.46055 58.2375 2.63555C59.4125 3.81055 60 5.22305 60 6.87305V15.873H54ZM30 27.423L41.85 20.448L30 13.623L18.15 20.448L30 27.423Z\"\n    fill=\"currentColor\" \/>\n<\/svg>\n        <\/button>\n                  <p class=\"text-base text-center\">Mira<\/p>\n              <\/div>\n    <\/div>\n    <div id=\"embed-69f5b6ee281ef\"\n  class=\"fixed inset-0 z-50 hidden w-screen h-screen opacity-0 pointer-events-none modal embed-container\"\n  tabindex=\"-1\" role=\"dialog\">\n  <div class=\"absolute w-full h-full bg-black opacity-75 modal-overlay\"><\/div>\n  <div\n    class=\"absolute z-30 w-11\/12 mx-auto overflow-y-auto text-black bg-white shadow-lg modal-container center-xy md:max-w-4xl\"\n    role=\"document\">\n    <div class=\"flex items-center justify-between px-4 py-4 text-gray-700 border-b md:px-8\">\n      <h2 class=\"!mb-0 font-bold\">Mira<\/h2>\n      <div class=\"z-50 flex flex-col items-center ml-auto cursor-pointer rtl:ml-0 rtl:mr-auto modal-close\">\n        <svg class=\"w-auto h-6\" width=\"18\" height=\"23\" xmlns=\"http:\/\/www.w3.org\/2000\/svg\">\n  <g stroke=\"currentColor\" fill=\"none\" fill-rule=\"evenodd\" stroke-linecap=\"square\">\n    <path d=\"M.7248.974l16.1076 20.6167M16.655 1.2654L.9097 22.1601\" \/>\n  <\/g>\n<\/svg>        <div class=\"hidden\">Close<\/div>\n      <\/div>\n    <\/div>\n    <div class=\"px-4 py-8 overflow-y-auto max-h-modal md:px-8 modal-content\">\n      <div class=\"sketchfab-embed-wrapper\"> <iframe title=\"Biga de Cardet. Reconstrucci\u00f3 hipot\u00e8tica\" frameborder=\"0\" allowfullscreen mozallowfullscreen=\"true\" webkitallowfullscreen=\"true\" allow=\"autoplay; fullscreen; xr-spatial-tracking\" xr-spatial-tracking execution-while-out-of-viewport execution-while-not-rendered web-share src=\"https:\/\/sketchfab.com\/models\/c87001ca1459474db3fab2b917891e85\/embed?ui_infos=0\"> <\/iframe> <\/div>\n    <\/div>\n  <\/div>\n<\/div>\n  <\/div>\n\n\n<div class=\"flex flex-col gap-3 element text-block\">\n  <div class=\"flex items-center gap-6\">\n              <h2 class=\"text-2xl font-bold\">8e Cripta<\/h2>\n      <\/div>\n    <\/div>\n\n\n<div class=\"flex flex-col gap-6 element image-block\">\n  <div class=\"flex flex-col gap-3\">\n      <\/div>\n      <figure>\n      <img loading=\"lazy\" decoding=\"async\" width=\"1039\" height=\"704\" src=\"https:\/\/guiesullsdelahistoria.cat\/app\/uploads\/2024\/11\/cripta-Cardet.jpg\" class=\"w-full h-auto\" alt=\"Cripta de l\u2019esgl\u00e9sia de Santa Maria de Cardet amb una pica d\u2019oli rom\u00e0nica i la llum entrant per l\u2019\u00fanica obertura.\" srcset=\"https:\/\/guiesullsdelahistoria.cat\/app\/uploads\/2024\/11\/cripta-Cardet.jpg 1039w, https:\/\/guiesullsdelahistoria.cat\/app\/uploads\/2024\/11\/cripta-Cardet-300x203.jpg 300w, https:\/\/guiesullsdelahistoria.cat\/app\/uploads\/2024\/11\/cripta-Cardet-1024x694.jpg 1024w, https:\/\/guiesullsdelahistoria.cat\/app\/uploads\/2024\/11\/cripta-Cardet-768x520.jpg 768w\" sizes=\"auto, (max-width: 1039px) 100vw, 1039px\" \/>\n              <figcaption class=\"pt-2 text-gray-800\">Cripta de Santa Maria de Cardet.<\/figcaption>\n          <\/figure>\n  <\/div>\n\n\n<section class=\"element audio-block\">\n  <div class=\"flex flex-col w-full gap-6\">\n    <div class=\"flex flex-col gap-3\">\n      <div class=\"flex gap-6\">\n                          <h2 class=\"text-2xl font-bold\">Un espai per a tombes i rel\u00edquies<\/h2>\n              <\/div>\n          <\/div>\n    <div class=\"flex items-center justify-end gap-3\">\n              <div class=\"flex-1 audio-content\" dir=\"ltr\">\n          <audio id=\"audio-c45cb6f01c5f483b56f7450a91bddce4\" data-label=\"Un espai per a tombes i rel\u00edquies\"\n            data-category=\"SANTA-MARIA-DE-CARDET-CAT-GENERAL-PLAY-4.mp3\" class=\"hidden\" controls\n            src=\"https:\/\/guiesullsdelahistoria.cat\/app\/uploads\/2024\/11\/SANTA-MARIA-DE-CARDET-CAT-GENERAL-PLAY-4.mp3\"><\/audio>\n          <div class=\"flex items-center w-full gap-3 transition-opacity opacity-0 meta\">\n            <progress class=\"flex-1 border-0 appearance-none\" value=\"0\" max=\"1\"><\/progress>\n            <div class=\"text-sm text-center shrink-0 current-time w-9\"><\/div>\n                      <\/div>\n        <\/div>\n            <div class=\"flex flex-col items-center gap-2 shrink-1 audio-control\">\n        <button\n  class=\"flex items-center justify-center w-32 max-w-32 h-32 max-h-32 transition-[max-height,_max-width] bg-black rounded-full btn text-accent\"\n  data-target=\"#audio-c45cb6f01c5f483b56f7450a91bddce4\">\n  <svg width=\"100%\" height=\"100%\" viewBox=\"0 0 36 36\" version=\"1.1\" xmlns=\"http:\/\/www.w3.org\/2000\/svg\" xmlns:xlink=\"http:\/\/www.w3.org\/1999\/xlink\">\n  <path id=\"ytp-12\" d=\"M11,10 L18,13.74 18,22.28 11,26 M18,13.74 L26,18 26,18 18,22.28\" fill=\"currentColor\">\n    <animate id=\"animation\" begin=\"indefinite\" attributeType=\"XML\" attributeName=\"d\" fill=\"freeze\" from=\"M11,10 L17,10 17,26 11,26 M20,10 L26,10 26,26 20,26\" to=\"M11,10 L18,13.74 18,22.28 11,26 M18,13.74 L26,18 26,18 18,22.28\" dur=\"0.1s\" keySplines=\".4 0 1 1\" repeatCount=\"1\" data-play=\"M11,10 L18,13.74 18,22.28 11,26 M18,13.74 L26,18 26,18 18,22.28\" data-pause=\"M11,10 L17,10 17,26 11,26 M20,10 L26,10 26,26 20,26\"><\/animate>\n  <\/path>\n<\/svg>\n<\/button>\n        <p class=\"text-base text-center\">Escolta<\/p>\n      <\/div>\n    <\/div>\n\n    \n          <div class=\"flex flex-wrap justify-between gap-6 md:justify-start\">\n                  <button data-target=\"#transcription-c45cb6f01c5f483b56f7450a91bddce4\" data-toggle=\"modal\" class=\"flex items-center gap-2\">\n            <svg class=\"w-6 h-6\" fill=\"none\" xmlns=\"http:\/\/www.w3.org\/2000\/svg\" viewBox=\"0 0 22 12\"><path d=\"M0 9.873v-6c0-.55.196-1.02.588-1.412A1.926 1.926 0 0 1 2 1.873h2c.55 0 1.02.196 1.412.588.392.391.588.862.588 1.412v6H4v-2H2v2H0Zm2-4h2v-2H2v2Zm6 4v-8h4c.55 0 1.02.196 1.412.588.392.391.588.862.588 1.412v4c0 .55-.196 1.021-.588 1.413A1.926 1.926 0 0 1 12 9.873H8Zm2-2h2v-4h-2v4Zm6.85.8-1.4-1.425c.183-.183.32-.391.413-.625.091-.233.137-.483.137-.75 0-.283-.046-.537-.137-.762a1.85 1.85 0 0 0-.413-.613l1.4-1.45c.367.367.65.792.85 1.275.2.484.3 1 .3 1.55s-.1 1.063-.3 1.538c-.2.475-.483.896-.85 1.262Zm2.825 2.825-1.45-1.375c.55-.55.983-1.187 1.3-1.912A5.775 5.775 0 0 0 20 5.873c0-.85-.158-1.633-.475-2.35a6.217 6.217 0 0 0-1.3-1.9l1.45-1.4a7.94 7.94 0 0 1 1.712 2.55c.409.967.613 2 .613 3.1s-.204 2.13-.613 3.088a7.977 7.977 0 0 1-1.712 2.537Z\" fill=\"#000\"\/><\/svg>            <span>Transcripci\u00f3<\/span>\n          <\/button>\n                      <\/div>\n      <\/div>\n\n      <div id=\"transcription-c45cb6f01c5f483b56f7450a91bddce4\"\n  class=\"fixed inset-0 z-50 hidden w-screen h-screen opacity-0 pointer-events-none modal transcription\"\n  tabindex=\"-1\" role=\"dialog\">\n  <div class=\"absolute w-full h-full bg-black opacity-75 modal-overlay\"><\/div>\n  <div\n    class=\"absolute z-30 w-11\/12 mx-auto overflow-y-auto text-black bg-white shadow-lg modal-container center-xy md:max-w-4xl\"\n    role=\"document\">\n    <div class=\"flex items-center justify-between px-4 py-4 text-gray-700 border-b md:px-8\">\n      <h2 class=\"!mb-0 font-bold\">Transcripci\u00f3<\/h2>\n      <div class=\"z-50 flex flex-col items-center ml-auto cursor-pointer rtl:ml-0 rtl:mr-auto modal-close\">\n        <svg class=\"w-auto h-6\" width=\"18\" height=\"23\" xmlns=\"http:\/\/www.w3.org\/2000\/svg\">\n  <g stroke=\"currentColor\" fill=\"none\" fill-rule=\"evenodd\" stroke-linecap=\"square\">\n    <path d=\"M.7248.974l16.1076 20.6167M16.655 1.2654L.9097 22.1601\" \/>\n  <\/g>\n<\/svg>        <div class=\"hidden\">Close<\/div>\n      <\/div>\n    <\/div>\n    <div class=\"px-4 py-8 overflow-y-auto max-h-modal md:px-8 modal-content\">\n      <div class=\"mb-8 flex flex-col gap-1.5\">\n                      <h3 class=\"text-xl font-bold\">Un espai per a tombes i rel\u00edquies<\/h3>\n                            <\/div>\n            <p>Ets a la cripta, situada a sota del presbiteri. Normalment, les criptes es feien servir per posar-hi alguna tomba o les rel\u00edquies d\u2019un sant. L\u2019espai est\u00e0 adaptat a la forma semicircular de l\u2019absis i est\u00e0 cobert per una volta de can\u00f3. Si mires amunt, podr\u00e0s veure les marques de les canyes que es van fer servir com a estructura per la construcci\u00f3 del sostre. A la part central del mur s\u2019obre una finestra, que \u00e9s l\u2019\u00fanic punt d\u2019il\u00b7luminaci\u00f3. Tamb\u00e9 hi pots veure la pica de l\u2019oli, que es feia servir per encendre les ll\u00e0nties que il\u00b7luminaven l\u2019esgl\u00e9sia. <\/p>\n<p>Ara pots anar al cor, on encara t\u2019espera una altra sorpresa. <\/p>\n    <\/div>\n  <\/div>\n<\/div>\n    <\/section>\n\n\n<div class=\"flex flex-col gap-6 element video-block\">\n  <div class=\"flex flex-col gap-3\">\n      <\/div>\n            <div class=\"relative w-full h-auto bg-black cursor-pointer text-accent lightgallery-video aspect-video\"\n        data-lg-size=\"1280-720\" data-src=\"https:\/\/www.youtube.com\/watch?v=g3zoehobmp0\">\n                  <div class=\"absolute inset-0\" style=\"background-color: rgba(0,0,0,0.2)\"><\/div>\n          <svg class=\"absolute top-1\/2 left-1\/2 transform -translate-x-1\/2 -translate-y-1\/2 w-20 h-20 pointer-events-none\" fill=\"none\" xmlns=\"http:\/\/www.w3.org\/2000\/svg\" viewBox=\"0 0 80 81\">\n  <path\n    d=\"m30 58.873 28-18-28-18v36Zm10 22c-5.533 0-10.733-1.05-15.6-3.15-4.867-2.1-9.1-4.95-12.7-8.55-3.6-3.6-6.45-7.833-8.55-12.7C1.05 51.606 0 46.406 0 40.873c0-5.533 1.05-10.733 3.15-15.6 2.1-4.867 4.95-9.1 8.55-12.7 3.6-3.6 7.833-6.45 12.7-8.55 4.867-2.1 10.067-3.15 15.6-3.15 5.533 0 10.733 1.05 15.6 3.15 4.867 2.1 9.1 4.95 12.7 8.55 3.6 3.6 6.45 7.833 8.55 12.7C78.95 30.14 80 35.34 80 40.873c0 5.533-1.05 10.733-3.15 15.6-2.1 4.867-4.95 9.1-8.55 12.7-3.6 3.6-7.833 6.45-12.7 8.55-4.867 2.1-10.067 3.15-15.6 3.15Z\"\n    fill=\"currentColor\" \/>\n<\/svg>          <img decoding=\"async\" class=\"object-cover object-center w-full h-auto aspect-video\" src=\"https:\/\/i.ytimg.com\/vi\/g3zoehobmp0\/sddefault.jpg\" \/>\n              <\/div>\n      <\/div>\n\n\n<div class=\"flex flex-col gap-3 element text-block\">\n  <div class=\"flex items-center gap-6\">\n              <h2 class=\"text-2xl font-bold\">8f Cor<\/h2>\n      <\/div>\n    <\/div>\n\n\n<div class=\"flex flex-col gap-6 element image-block\">\n  <div class=\"flex flex-col gap-3\">\n      <\/div>\n      <figure>\n      <img loading=\"lazy\" decoding=\"async\" width=\"1200\" height=\"1600\" src=\"https:\/\/guiesullsdelahistoria.cat\/app\/uploads\/2024\/11\/Assumpcio_de_Coll_escales_ultim_pis.jpeg\" class=\"w-full h-auto\" alt=\"Cor de l\u2019esgl\u00e9sia de Santa Maria de Cardet amb la petita escala que mena a l\u2019espai superior.\" srcset=\"https:\/\/guiesullsdelahistoria.cat\/app\/uploads\/2024\/11\/Assumpcio_de_Coll_escales_ultim_pis.jpeg 1200w, https:\/\/guiesullsdelahistoria.cat\/app\/uploads\/2024\/11\/Assumpcio_de_Coll_escales_ultim_pis-225x300.jpeg 225w, https:\/\/guiesullsdelahistoria.cat\/app\/uploads\/2024\/11\/Assumpcio_de_Coll_escales_ultim_pis-768x1024.jpeg 768w, https:\/\/guiesullsdelahistoria.cat\/app\/uploads\/2024\/11\/Assumpcio_de_Coll_escales_ultim_pis-1152x1536.jpeg 1152w\" sizes=\"auto, (max-width: 1200px) 100vw, 1200px\" \/>\n              <figcaption class=\"pt-2 text-gray-800\">Cor de Santa Maria de Cardet.<\/figcaption>\n          <\/figure>\n  <\/div>\n\n\n<section class=\"element audio-block\">\n  <div class=\"flex flex-col w-full gap-6\">\n    <div class=\"flex flex-col gap-3\">\n      <div class=\"flex gap-6\">\n                          <h2 class=\"text-2xl font-bold\">L\u2019acc\u00e9s al nivell ocult<\/h2>\n              <\/div>\n          <\/div>\n    <div class=\"flex items-center justify-end gap-3\">\n              <div class=\"flex-1 audio-content\" dir=\"ltr\">\n          <audio id=\"audio-e779b76e81a3207cd39f71b8923e0d48\" data-label=\"L\u2019acc\u00e9s al nivell ocult\"\n            data-category=\"SANTA-MARIA-DE-CARDET-CAT-GENERAL-PLAY-5.mp3\" class=\"hidden\" controls\n            src=\"https:\/\/guiesullsdelahistoria.cat\/app\/uploads\/2024\/11\/SANTA-MARIA-DE-CARDET-CAT-GENERAL-PLAY-5.mp3\"><\/audio>\n          <div class=\"flex items-center w-full gap-3 transition-opacity opacity-0 meta\">\n            <progress class=\"flex-1 border-0 appearance-none\" value=\"0\" max=\"1\"><\/progress>\n            <div class=\"text-sm text-center shrink-0 current-time w-9\"><\/div>\n                      <\/div>\n        <\/div>\n            <div class=\"flex flex-col items-center gap-2 shrink-1 audio-control\">\n        <button\n  class=\"flex items-center justify-center w-32 max-w-32 h-32 max-h-32 transition-[max-height,_max-width] bg-black rounded-full btn text-accent\"\n  data-target=\"#audio-e779b76e81a3207cd39f71b8923e0d48\">\n  <svg width=\"100%\" height=\"100%\" viewBox=\"0 0 36 36\" version=\"1.1\" xmlns=\"http:\/\/www.w3.org\/2000\/svg\" xmlns:xlink=\"http:\/\/www.w3.org\/1999\/xlink\">\n  <path id=\"ytp-12\" d=\"M11,10 L18,13.74 18,22.28 11,26 M18,13.74 L26,18 26,18 18,22.28\" fill=\"currentColor\">\n    <animate id=\"animation\" begin=\"indefinite\" attributeType=\"XML\" attributeName=\"d\" fill=\"freeze\" from=\"M11,10 L17,10 17,26 11,26 M20,10 L26,10 26,26 20,26\" to=\"M11,10 L18,13.74 18,22.28 11,26 M18,13.74 L26,18 26,18 18,22.28\" dur=\"0.1s\" keySplines=\".4 0 1 1\" repeatCount=\"1\" data-play=\"M11,10 L18,13.74 18,22.28 11,26 M18,13.74 L26,18 26,18 18,22.28\" data-pause=\"M11,10 L17,10 17,26 11,26 M20,10 L26,10 26,26 20,26\"><\/animate>\n  <\/path>\n<\/svg>\n<\/button>\n        <p class=\"text-base text-center\">Escolta<\/p>\n      <\/div>\n    <\/div>\n\n    \n          <div class=\"flex flex-wrap justify-between gap-6 md:justify-start\">\n                  <button data-target=\"#transcription-e779b76e81a3207cd39f71b8923e0d48\" data-toggle=\"modal\" class=\"flex items-center gap-2\">\n            <svg class=\"w-6 h-6\" fill=\"none\" xmlns=\"http:\/\/www.w3.org\/2000\/svg\" viewBox=\"0 0 22 12\"><path d=\"M0 9.873v-6c0-.55.196-1.02.588-1.412A1.926 1.926 0 0 1 2 1.873h2c.55 0 1.02.196 1.412.588.392.391.588.862.588 1.412v6H4v-2H2v2H0Zm2-4h2v-2H2v2Zm6 4v-8h4c.55 0 1.02.196 1.412.588.392.391.588.862.588 1.412v4c0 .55-.196 1.021-.588 1.413A1.926 1.926 0 0 1 12 9.873H8Zm2-2h2v-4h-2v4Zm6.85.8-1.4-1.425c.183-.183.32-.391.413-.625.091-.233.137-.483.137-.75 0-.283-.046-.537-.137-.762a1.85 1.85 0 0 0-.413-.613l1.4-1.45c.367.367.65.792.85 1.275.2.484.3 1 .3 1.55s-.1 1.063-.3 1.538c-.2.475-.483.896-.85 1.262Zm2.825 2.825-1.45-1.375c.55-.55.983-1.187 1.3-1.912A5.775 5.775 0 0 0 20 5.873c0-.85-.158-1.633-.475-2.35a6.217 6.217 0 0 0-1.3-1.9l1.45-1.4a7.94 7.94 0 0 1 1.712 2.55c.409.967.613 2 .613 3.1s-.204 2.13-.613 3.088a7.977 7.977 0 0 1-1.712 2.537Z\" fill=\"#000\"\/><\/svg>            <span>Transcripci\u00f3<\/span>\n          <\/button>\n                      <\/div>\n      <\/div>\n\n      <div id=\"transcription-e779b76e81a3207cd39f71b8923e0d48\"\n  class=\"fixed inset-0 z-50 hidden w-screen h-screen opacity-0 pointer-events-none modal transcription\"\n  tabindex=\"-1\" role=\"dialog\">\n  <div class=\"absolute w-full h-full bg-black opacity-75 modal-overlay\"><\/div>\n  <div\n    class=\"absolute z-30 w-11\/12 mx-auto overflow-y-auto text-black bg-white shadow-lg modal-container center-xy md:max-w-4xl\"\n    role=\"document\">\n    <div class=\"flex items-center justify-between px-4 py-4 text-gray-700 border-b md:px-8\">\n      <h2 class=\"!mb-0 font-bold\">Transcripci\u00f3<\/h2>\n      <div class=\"z-50 flex flex-col items-center ml-auto cursor-pointer rtl:ml-0 rtl:mr-auto modal-close\">\n        <svg class=\"w-auto h-6\" width=\"18\" height=\"23\" xmlns=\"http:\/\/www.w3.org\/2000\/svg\">\n  <g stroke=\"currentColor\" fill=\"none\" fill-rule=\"evenodd\" stroke-linecap=\"square\">\n    <path d=\"M.7248.974l16.1076 20.6167M16.655 1.2654L.9097 22.1601\" \/>\n  <\/g>\n<\/svg>        <div class=\"hidden\">Close<\/div>\n      <\/div>\n    <\/div>\n    <div class=\"px-4 py-8 overflow-y-auto max-h-modal md:px-8 modal-content\">\n      <div class=\"mb-8 flex flex-col gap-1.5\">\n                      <h3 class=\"text-xl font-bold\">L\u2019acc\u00e9s al nivell ocult<\/h3>\n                            <\/div>\n            <p><span style=\"font-weight: 400;\">Fins ara, has vist tres nivells diferents de l\u2019esgl\u00e9sia: el m\u00e9s baix, el de la cripta; el de la planta, on es fan les cerim\u00f2nies, i aquest on ets ara, el cor. Per\u00f2 si puges per la petita escala que tens darrere i treus el cap, podr\u00e0s veure que encara hi ha un altre espai m\u00e9s amunt. \u00c9s l\u2019espai que va quedar despr\u00e9s de construir la volta del <\/span><span style=\"font-weight: 400;\">segle XVIII.<\/span><\/p>\n    <\/div>\n  <\/div>\n<\/div>\n    <\/section>\n\n\n<div class=\"flex flex-col gap-6 element video-block\">\n  <div class=\"flex flex-col gap-3\">\n      <\/div>\n            <div class=\"relative w-full h-auto bg-black cursor-pointer text-accent lightgallery-video aspect-video\"\n        data-lg-size=\"1280-720\" data-src=\"https:\/\/www.youtube.com\/watch?v=ujF1obHikLY\">\n                  <div class=\"absolute inset-0\" style=\"background-color: rgba(0,0,0,0.2)\"><\/div>\n          <svg class=\"absolute top-1\/2 left-1\/2 transform -translate-x-1\/2 -translate-y-1\/2 w-20 h-20 pointer-events-none\" fill=\"none\" xmlns=\"http:\/\/www.w3.org\/2000\/svg\" viewBox=\"0 0 80 81\">\n  <path\n    d=\"m30 58.873 28-18-28-18v36Zm10 22c-5.533 0-10.733-1.05-15.6-3.15-4.867-2.1-9.1-4.95-12.7-8.55-3.6-3.6-6.45-7.833-8.55-12.7C1.05 51.606 0 46.406 0 40.873c0-5.533 1.05-10.733 3.15-15.6 2.1-4.867 4.95-9.1 8.55-12.7 3.6-3.6 7.833-6.45 12.7-8.55 4.867-2.1 10.067-3.15 15.6-3.15 5.533 0 10.733 1.05 15.6 3.15 4.867 2.1 9.1 4.95 12.7 8.55 3.6 3.6 6.45 7.833 8.55 12.7C78.95 30.14 80 35.34 80 40.873c0 5.533-1.05 10.733-3.15 15.6-2.1 4.867-4.95 9.1-8.55 12.7-3.6 3.6-7.833 6.45-12.7 8.55-4.867 2.1-10.067 3.15-15.6 3.15Z\"\n    fill=\"currentColor\" \/>\n<\/svg>          <img decoding=\"async\" class=\"object-cover object-center w-full h-auto aspect-video\" src=\"https:\/\/i.ytimg.com\/vi\/ujF1obHikLY\/sddefault.jpg\" \/>\n              <\/div>\n      <\/div>\n\n\n<div class=\"flex flex-col gap-3 element text-block\">\n  <div class=\"flex items-center gap-6\">\n              <h2 class=\"text-2xl font-bold\">8g T\u2019hi esperem!<\/h2>\n      <\/div>\n    <\/div>\n\n\n<section class=\"element audio-block\">\n  <div class=\"flex flex-col w-full gap-6\">\n    <div class=\"flex flex-col gap-3\">\n      <div class=\"flex gap-6\">\n                          <h2 class=\"text-2xl font-bold\">La visita continua<\/h2>\n              <\/div>\n          <\/div>\n    <div class=\"flex items-center justify-end gap-3\">\n              <div class=\"flex-1 audio-content\" dir=\"ltr\">\n          <audio id=\"audio-8a54c0a38b2d6f45226b9e5c900154b3\" data-label=\"La visita continua\"\n            data-category=\"SANTA-MARIA-DE-CARDET-CAT-GENERAL-PLAY-CLOENDA.mp3\" class=\"hidden\" controls\n            src=\"https:\/\/guiesullsdelahistoria.cat\/app\/uploads\/2024\/11\/SANTA-MARIA-DE-CARDET-CAT-GENERAL-PLAY-CLOENDA.mp3\"><\/audio>\n          <div class=\"flex items-center w-full gap-3 transition-opacity opacity-0 meta\">\n            <progress class=\"flex-1 border-0 appearance-none\" value=\"0\" max=\"1\"><\/progress>\n            <div class=\"text-sm text-center shrink-0 current-time w-9\"><\/div>\n                      <\/div>\n        <\/div>\n            <div class=\"flex flex-col items-center gap-2 shrink-1 audio-control\">\n        <button\n  class=\"flex items-center justify-center w-32 max-w-32 h-32 max-h-32 transition-[max-height,_max-width] bg-black rounded-full btn text-accent\"\n  data-target=\"#audio-8a54c0a38b2d6f45226b9e5c900154b3\">\n  <svg width=\"100%\" height=\"100%\" viewBox=\"0 0 36 36\" version=\"1.1\" xmlns=\"http:\/\/www.w3.org\/2000\/svg\" xmlns:xlink=\"http:\/\/www.w3.org\/1999\/xlink\">\n  <path id=\"ytp-12\" d=\"M11,10 L18,13.74 18,22.28 11,26 M18,13.74 L26,18 26,18 18,22.28\" fill=\"currentColor\">\n    <animate id=\"animation\" begin=\"indefinite\" attributeType=\"XML\" attributeName=\"d\" fill=\"freeze\" from=\"M11,10 L17,10 17,26 11,26 M20,10 L26,10 26,26 20,26\" to=\"M11,10 L18,13.74 18,22.28 11,26 M18,13.74 L26,18 26,18 18,22.28\" dur=\"0.1s\" keySplines=\".4 0 1 1\" repeatCount=\"1\" data-play=\"M11,10 L18,13.74 18,22.28 11,26 M18,13.74 L26,18 26,18 18,22.28\" data-pause=\"M11,10 L17,10 17,26 11,26 M20,10 L26,10 26,26 20,26\"><\/animate>\n  <\/path>\n<\/svg>\n<\/button>\n        <p class=\"text-base text-center\">Escolta<\/p>\n      <\/div>\n    <\/div>\n\n    \n          <div class=\"flex flex-wrap justify-between gap-6 md:justify-start\">\n                  <button data-target=\"#transcription-8a54c0a38b2d6f45226b9e5c900154b3\" data-toggle=\"modal\" class=\"flex items-center gap-2\">\n            <svg class=\"w-6 h-6\" fill=\"none\" xmlns=\"http:\/\/www.w3.org\/2000\/svg\" viewBox=\"0 0 22 12\"><path d=\"M0 9.873v-6c0-.55.196-1.02.588-1.412A1.926 1.926 0 0 1 2 1.873h2c.55 0 1.02.196 1.412.588.392.391.588.862.588 1.412v6H4v-2H2v2H0Zm2-4h2v-2H2v2Zm6 4v-8h4c.55 0 1.02.196 1.412.588.392.391.588.862.588 1.412v4c0 .55-.196 1.021-.588 1.413A1.926 1.926 0 0 1 12 9.873H8Zm2-2h2v-4h-2v4Zm6.85.8-1.4-1.425c.183-.183.32-.391.413-.625.091-.233.137-.483.137-.75 0-.283-.046-.537-.137-.762a1.85 1.85 0 0 0-.413-.613l1.4-1.45c.367.367.65.792.85 1.275.2.484.3 1 .3 1.55s-.1 1.063-.3 1.538c-.2.475-.483.896-.85 1.262Zm2.825 2.825-1.45-1.375c.55-.55.983-1.187 1.3-1.912A5.775 5.775 0 0 0 20 5.873c0-.85-.158-1.633-.475-2.35a6.217 6.217 0 0 0-1.3-1.9l1.45-1.4a7.94 7.94 0 0 1 1.712 2.55c.409.967.613 2 .613 3.1s-.204 2.13-.613 3.088a7.977 7.977 0 0 1-1.712 2.537Z\" fill=\"#000\"\/><\/svg>            <span>Transcripci\u00f3<\/span>\n          <\/button>\n                      <\/div>\n      <\/div>\n\n      <div id=\"transcription-8a54c0a38b2d6f45226b9e5c900154b3\"\n  class=\"fixed inset-0 z-50 hidden w-screen h-screen opacity-0 pointer-events-none modal transcription\"\n  tabindex=\"-1\" role=\"dialog\">\n  <div class=\"absolute w-full h-full bg-black opacity-75 modal-overlay\"><\/div>\n  <div\n    class=\"absolute z-30 w-11\/12 mx-auto overflow-y-auto text-black bg-white shadow-lg modal-container center-xy md:max-w-4xl\"\n    role=\"document\">\n    <div class=\"flex items-center justify-between px-4 py-4 text-gray-700 border-b md:px-8\">\n      <h2 class=\"!mb-0 font-bold\">Transcripci\u00f3<\/h2>\n      <div class=\"z-50 flex flex-col items-center ml-auto cursor-pointer rtl:ml-0 rtl:mr-auto modal-close\">\n        <svg class=\"w-auto h-6\" width=\"18\" height=\"23\" xmlns=\"http:\/\/www.w3.org\/2000\/svg\">\n  <g stroke=\"currentColor\" fill=\"none\" fill-rule=\"evenodd\" stroke-linecap=\"square\">\n    <path d=\"M.7248.974l16.1076 20.6167M16.655 1.2654L.9097 22.1601\" \/>\n  <\/g>\n<\/svg>        <div class=\"hidden\">Close<\/div>\n      <\/div>\n    <\/div>\n    <div class=\"px-4 py-8 overflow-y-auto max-h-modal md:px-8 modal-content\">\n      <div class=\"mb-8 flex flex-col gap-1.5\">\n                      <h3 class=\"text-xl font-bold\">La visita continua<\/h3>\n                            <\/div>\n            <p>Aqu\u00ed s\u2019acaba la visita a l\u2019esgl\u00e9sia. Ara et convidem a con\u00e8ixer les altres, que constitueixen el Conjunt Rom\u00e0nic de la Vall de Bo\u00ed. T\u2019hi esperem!<\/p>\n    <\/div>\n  <\/div>\n<\/div>\n    <\/section>\n\n\n<div class=\"flex flex-col gap-6 element video-block\">\n  <div class=\"flex flex-col gap-3\">\n      <\/div>\n            <div class=\"relative w-full h-auto bg-black cursor-pointer text-accent lightgallery-video aspect-video\"\n        data-lg-size=\"1280-720\" data-src=\"https:\/\/www.youtube.com\/watch?v=X4Ciqkw1ryM\">\n                  <div class=\"absolute inset-0\" style=\"background-color: rgba(0,0,0,0.2)\"><\/div>\n          <svg class=\"absolute top-1\/2 left-1\/2 transform -translate-x-1\/2 -translate-y-1\/2 w-20 h-20 pointer-events-none\" fill=\"none\" xmlns=\"http:\/\/www.w3.org\/2000\/svg\" viewBox=\"0 0 80 81\">\n  <path\n    d=\"m30 58.873 28-18-28-18v36Zm10 22c-5.533 0-10.733-1.05-15.6-3.15-4.867-2.1-9.1-4.95-12.7-8.55-3.6-3.6-6.45-7.833-8.55-12.7C1.05 51.606 0 46.406 0 40.873c0-5.533 1.05-10.733 3.15-15.6 2.1-4.867 4.95-9.1 8.55-12.7 3.6-3.6 7.833-6.45 12.7-8.55 4.867-2.1 10.067-3.15 15.6-3.15 5.533 0 10.733 1.05 15.6 3.15 4.867 2.1 9.1 4.95 12.7 8.55 3.6 3.6 6.45 7.833 8.55 12.7C78.95 30.14 80 35.34 80 40.873c0 5.533-1.05 10.733-3.15 15.6-2.1 4.867-4.95 9.1-8.55 12.7-3.6 3.6-7.833 6.45-12.7 8.55-4.867 2.1-10.067 3.15-15.6 3.15Z\"\n    fill=\"currentColor\" \/>\n<\/svg>          <img decoding=\"async\" class=\"object-cover object-center w-full h-auto aspect-video\" src=\"https:\/\/i.ytimg.com\/vi\/X4Ciqkw1ryM\/sddefault.jpg\" \/>\n              <\/div>\n      <\/div>\n\n\n<div class=\"flex flex-col gap-3 element text-block\">\n  <div class=\"flex items-center gap-6\">\n              <h2 class=\"text-2xl font-bold\">Cloenda<\/h2>\n      <\/div>\n        <div class=\"prose prose-lg\"><p><em>\u201cEls Ulls de la Hist\u00f2ria. Una mirada immersiva sobre el patrimoni\u201d<\/em> \u00e9s una iniciativa de l\u2019Ag\u00e8ncia Catalana del Patrimoni Cultural. Un projecte que incorpora altres veus i altres mirades sobre el nostre passat. Perqu\u00e8 totes i tots fem hist\u00f2ria.<\/p>\n<\/div>\n  <\/div>\n\n<\/div>\n      <\/div>\n    <\/div>\n  <\/section>\n\n\n<section class=\"overflow-hidden section\" id=\"section-69f5b6ef73078\" data-title=\"9. Santa Maria de Ta\u00fcll\">\n    <div class=\"container grid grid-cols-1 py-8 md:py-10 max-md:gap-y-8 md:grid-standard\">\n              <div class=\"flex gap-4 md:col-span-5\">\n                                <h2 class=\"text-8 font-headings\">9. Santa Maria de Ta\u00fcll<\/h2>\n                  <\/div>\n            <div class=\"flex flex-col gap-8 md:col-span-6 md:col-start-7 md:gap-10\">\n        <div class=\"acf-innerblocks-container\">\n<div class=\"flex flex-col gap-3 element text-block\">\n  <div class=\"flex items-center gap-6\">\n              <h2 class=\"text-2xl font-bold\">9a Introducci\u00f3<\/h2>\n      <\/div>\n    <\/div>\n\n\n<div class=\"flex flex-col gap-6 element image-block\">\n  <div class=\"flex flex-col gap-3\">\n      <\/div>\n      <figure>\n      <img loading=\"lazy\" decoding=\"async\" width=\"1600\" height=\"1073\" src=\"https:\/\/guiesullsdelahistoria.cat\/app\/uploads\/2024\/11\/Santa_Maria_de_Taull_aeria_DJI_0357.jpg\" class=\"w-full h-auto\" alt=\"Vista a\u00e8ria de l\u2019esgl\u00e9sia de Santa Maria de Ta\u00fcll envoltada per diverses cases del poble i les muntanyes al fons.\" srcset=\"https:\/\/guiesullsdelahistoria.cat\/app\/uploads\/2024\/11\/Santa_Maria_de_Taull_aeria_DJI_0357.jpg 1600w, https:\/\/guiesullsdelahistoria.cat\/app\/uploads\/2024\/11\/Santa_Maria_de_Taull_aeria_DJI_0357-300x201.jpg 300w, https:\/\/guiesullsdelahistoria.cat\/app\/uploads\/2024\/11\/Santa_Maria_de_Taull_aeria_DJI_0357-1024x687.jpg 1024w, https:\/\/guiesullsdelahistoria.cat\/app\/uploads\/2024\/11\/Santa_Maria_de_Taull_aeria_DJI_0357-768x515.jpg 768w, https:\/\/guiesullsdelahistoria.cat\/app\/uploads\/2024\/11\/Santa_Maria_de_Taull_aeria_DJI_0357-1536x1030.jpg 1536w\" sizes=\"auto, (max-width: 1600px) 100vw, 1600px\" \/>\n              <figcaption class=\"pt-2 text-gray-800\">Vista a\u00e8ria de Santa Maria de Ta\u00fcll al mig del poble.<\/figcaption>\n          <\/figure>\n  <\/div>\n\n\n<section class=\"element audio-block\">\n  <div class=\"flex flex-col w-full gap-6\">\n    <div class=\"flex flex-col gap-3\">\n      <div class=\"flex gap-6\">\n                          <h2 class=\"text-2xl font-bold\">La Vall de Bo\u00ed i les seves esgl\u00e9sies<\/h2>\n              <\/div>\n          <\/div>\n    <div class=\"flex items-center justify-end gap-3\">\n              <div class=\"flex-1 audio-content\" dir=\"ltr\">\n          <audio id=\"audio-77b8058711f26b6d24db188db93f9513\" data-label=\"La Vall de Bo\u00ed i les seves esgl\u00e9sies\"\n            data-category=\"SANTA-MARIA-DE-TAULL-CAT-GENERAL-PLAY-0.mp3\" class=\"hidden\" controls\n            src=\"https:\/\/guiesullsdelahistoria.cat\/app\/uploads\/2024\/11\/SANTA-MARIA-DE-TAULL-CAT-GENERAL-PLAY-0.mp3\"><\/audio>\n          <div class=\"flex items-center w-full gap-3 transition-opacity opacity-0 meta\">\n            <progress class=\"flex-1 border-0 appearance-none\" value=\"0\" max=\"1\"><\/progress>\n            <div class=\"text-sm text-center shrink-0 current-time w-9\"><\/div>\n                      <\/div>\n        <\/div>\n            <div class=\"flex flex-col items-center gap-2 shrink-1 audio-control\">\n        <button\n  class=\"flex items-center justify-center w-32 max-w-32 h-32 max-h-32 transition-[max-height,_max-width] bg-black rounded-full btn text-accent\"\n  data-target=\"#audio-77b8058711f26b6d24db188db93f9513\">\n  <svg width=\"100%\" height=\"100%\" viewBox=\"0 0 36 36\" version=\"1.1\" xmlns=\"http:\/\/www.w3.org\/2000\/svg\" xmlns:xlink=\"http:\/\/www.w3.org\/1999\/xlink\">\n  <path id=\"ytp-12\" d=\"M11,10 L18,13.74 18,22.28 11,26 M18,13.74 L26,18 26,18 18,22.28\" fill=\"currentColor\">\n    <animate id=\"animation\" begin=\"indefinite\" attributeType=\"XML\" attributeName=\"d\" fill=\"freeze\" from=\"M11,10 L17,10 17,26 11,26 M20,10 L26,10 26,26 20,26\" to=\"M11,10 L18,13.74 18,22.28 11,26 M18,13.74 L26,18 26,18 18,22.28\" dur=\"0.1s\" keySplines=\".4 0 1 1\" repeatCount=\"1\" data-play=\"M11,10 L18,13.74 18,22.28 11,26 M18,13.74 L26,18 26,18 18,22.28\" data-pause=\"M11,10 L17,10 17,26 11,26 M20,10 L26,10 26,26 20,26\"><\/animate>\n  <\/path>\n<\/svg>\n<\/button>\n        <p class=\"text-base text-center\">Escolta<\/p>\n      <\/div>\n    <\/div>\n\n    \n          <div class=\"flex flex-wrap justify-between gap-6 md:justify-start\">\n                  <button data-target=\"#transcription-77b8058711f26b6d24db188db93f9513\" data-toggle=\"modal\" class=\"flex items-center gap-2\">\n            <svg class=\"w-6 h-6\" fill=\"none\" xmlns=\"http:\/\/www.w3.org\/2000\/svg\" viewBox=\"0 0 22 12\"><path d=\"M0 9.873v-6c0-.55.196-1.02.588-1.412A1.926 1.926 0 0 1 2 1.873h2c.55 0 1.02.196 1.412.588.392.391.588.862.588 1.412v6H4v-2H2v2H0Zm2-4h2v-2H2v2Zm6 4v-8h4c.55 0 1.02.196 1.412.588.392.391.588.862.588 1.412v4c0 .55-.196 1.021-.588 1.413A1.926 1.926 0 0 1 12 9.873H8Zm2-2h2v-4h-2v4Zm6.85.8-1.4-1.425c.183-.183.32-.391.413-.625.091-.233.137-.483.137-.75 0-.283-.046-.537-.137-.762a1.85 1.85 0 0 0-.413-.613l1.4-1.45c.367.367.65.792.85 1.275.2.484.3 1 .3 1.55s-.1 1.063-.3 1.538c-.2.475-.483.896-.85 1.262Zm2.825 2.825-1.45-1.375c.55-.55.983-1.187 1.3-1.912A5.775 5.775 0 0 0 20 5.873c0-.85-.158-1.633-.475-2.35a6.217 6.217 0 0 0-1.3-1.9l1.45-1.4a7.94 7.94 0 0 1 1.712 2.55c.409.967.613 2 .613 3.1s-.204 2.13-.613 3.088a7.977 7.977 0 0 1-1.712 2.537Z\" fill=\"#000\"\/><\/svg>            <span>Transcripci\u00f3<\/span>\n          <\/button>\n                      <\/div>\n      <\/div>\n\n      <div id=\"transcription-77b8058711f26b6d24db188db93f9513\"\n  class=\"fixed inset-0 z-50 hidden w-screen h-screen opacity-0 pointer-events-none modal transcription\"\n  tabindex=\"-1\" role=\"dialog\">\n  <div class=\"absolute w-full h-full bg-black opacity-75 modal-overlay\"><\/div>\n  <div\n    class=\"absolute z-30 w-11\/12 mx-auto overflow-y-auto text-black bg-white shadow-lg modal-container center-xy md:max-w-4xl\"\n    role=\"document\">\n    <div class=\"flex items-center justify-between px-4 py-4 text-gray-700 border-b md:px-8\">\n      <h2 class=\"!mb-0 font-bold\">Transcripci\u00f3<\/h2>\n      <div class=\"z-50 flex flex-col items-center ml-auto cursor-pointer rtl:ml-0 rtl:mr-auto modal-close\">\n        <svg class=\"w-auto h-6\" width=\"18\" height=\"23\" xmlns=\"http:\/\/www.w3.org\/2000\/svg\">\n  <g stroke=\"currentColor\" fill=\"none\" fill-rule=\"evenodd\" stroke-linecap=\"square\">\n    <path d=\"M.7248.974l16.1076 20.6167M16.655 1.2654L.9097 22.1601\" \/>\n  <\/g>\n<\/svg>        <div class=\"hidden\">Close<\/div>\n      <\/div>\n    <\/div>\n    <div class=\"px-4 py-8 overflow-y-auto max-h-modal md:px-8 modal-content\">\n      <div class=\"mb-8 flex flex-col gap-1.5\">\n                      <h3 class=\"text-xl font-bold\">La Vall de Bo\u00ed i les seves esgl\u00e9sies<\/h3>\n                            <\/div>\n            <p>Et donem la benvinguda a la Vall de Bo\u00ed i t\u2019animem a con\u00e8ixer-ne l\u2019excepcional conjunt d\u2019esgl\u00e9sies, considerades una de les m\u00e0ximes expressions de l\u2019art rom\u00e0nic catal\u00e0 i inscrites a la llista de Patrimoni Mundial per la UNESCO l\u2019any 2000.<br \/>\nEl Conjunt Rom\u00e0nic de la Vall de Bo\u00ed l\u2019integren nou esgl\u00e9sies: Sant Climent i Santa Maria de Ta\u00fcll, Sant Joan de Bo\u00ed, Santa Eul\u00e0lia d\u2019Erill la Vall, Sant Feliu de Barruera, la Nativitat i Sant Quirc de Durro, Santa Maria de Cardet i l\u2019Assumpci\u00f3 de C\u00f3ll.<br \/>\nPer\u00f2, qu\u00e8 tenen en com\u00fa aquest conjunt d\u2019esgl\u00e9sies? Qu\u00e8 les fa tan singulars? Quina \u00e9s la seva hist\u00f2ria?<br \/>\nTotes van ser constru\u00efdes entre els segles XI i XII, en un moment de poder i de bonan\u00e7a econ\u00f2mica de la noblesa local, i comparteixen un estil arquitect\u00f2nic, el rom\u00e0nic, molt est\u00e8s per tot Europa.<br \/>\nAvui, una bona part de les pintures, talles i mobiliari es conserven a diversos museus catalans, sobretot al Museu Nacional d\u2019Art de Catalunya. Tot i aix\u00f2, algunes de les esgl\u00e9sies compten amb importants fragments de pintura mural i escultures originals, a m\u00e9s de reproduccions de les que es conserven als museus.<br \/>\nAmb la guia que tens a les mans, descobrir\u00e0s els valors excepcionals d\u2019aquest conjunt rom\u00e0nic i podr\u00e0s con\u00e8ixer cada una de les nou esgl\u00e9sies, amb els seus secrets i curiositats.<br \/>\nUna advert\u00e8ncia final! Aquestes muntanyes s\u00f3n misterioses i, a les valls, les paraules de les persones que les han habitat sovint es queden atrapades i ressonen al llarg del temps com un eco imperceptible. Aquesta guia disposa d\u2019un sensor que s\u2019activa cada cop que en capta alguna. No t\u2019espantis i continua escoltant.<\/p>\n    <\/div>\n  <\/div>\n<\/div>\n    <\/section>\n\n\n<div class=\"flex flex-col gap-6 element video-block\">\n  <div class=\"flex flex-col gap-3\">\n      <\/div>\n            <div class=\"relative w-full h-auto bg-black cursor-pointer text-accent lightgallery-video aspect-video\"\n        data-lg-size=\"1280-720\" data-src=\"https:\/\/www.youtube.com\/watch?v=YWLFjR6HNyU\">\n                  <div class=\"absolute inset-0\" style=\"background-color: rgba(0,0,0,0.2)\"><\/div>\n          <svg class=\"absolute top-1\/2 left-1\/2 transform -translate-x-1\/2 -translate-y-1\/2 w-20 h-20 pointer-events-none\" fill=\"none\" xmlns=\"http:\/\/www.w3.org\/2000\/svg\" viewBox=\"0 0 80 81\">\n  <path\n    d=\"m30 58.873 28-18-28-18v36Zm10 22c-5.533 0-10.733-1.05-15.6-3.15-4.867-2.1-9.1-4.95-12.7-8.55-3.6-3.6-6.45-7.833-8.55-12.7C1.05 51.606 0 46.406 0 40.873c0-5.533 1.05-10.733 3.15-15.6 2.1-4.867 4.95-9.1 8.55-12.7 3.6-3.6 7.833-6.45 12.7-8.55 4.867-2.1 10.067-3.15 15.6-3.15 5.533 0 10.733 1.05 15.6 3.15 4.867 2.1 9.1 4.95 12.7 8.55 3.6 3.6 6.45 7.833 8.55 12.7C78.95 30.14 80 35.34 80 40.873c0 5.533-1.05 10.733-3.15 15.6-2.1 4.867-4.95 9.1-8.55 12.7-3.6 3.6-7.833 6.45-12.7 8.55-4.867 2.1-10.067 3.15-15.6 3.15Z\"\n    fill=\"currentColor\" \/>\n<\/svg>          <img decoding=\"async\" class=\"object-cover object-center w-full h-auto aspect-video\" src=\"https:\/\/i.ytimg.com\/vi\/YWLFjR6HNyU\/sddefault.jpg\" \/>\n              <\/div>\n      <\/div>\n\n\n<div class=\"flex flex-col gap-3 element text-block\">\n  <div class=\"flex items-center gap-6\">\n              <h2 class=\"text-2xl font-bold\">9b Fa\u00e7ana principal<\/h2>\n      <\/div>\n    <\/div>\n\n\n<div class=\"flex flex-col gap-6 element image-block\">\n  <div class=\"flex flex-col gap-3\">\n      <\/div>\n      <figure>\n      <img loading=\"lazy\" decoding=\"async\" width=\"850\" height=\"565\" src=\"https:\/\/guiesullsdelahistoria.cat\/app\/uploads\/2024\/11\/Santa_Maria_de_Taull_facana_2.jpg\" class=\"w-full h-auto\" alt=\"\" srcset=\"https:\/\/guiesullsdelahistoria.cat\/app\/uploads\/2024\/11\/Santa_Maria_de_Taull_facana_2.jpg 850w, https:\/\/guiesullsdelahistoria.cat\/app\/uploads\/2024\/11\/Santa_Maria_de_Taull_facana_2-300x199.jpg 300w, https:\/\/guiesullsdelahistoria.cat\/app\/uploads\/2024\/11\/Santa_Maria_de_Taull_facana_2-768x510.jpg 768w\" sizes=\"auto, (max-width: 850px) 100vw, 850px\" \/>\n              <figcaption class=\"pt-2 text-gray-800\">Fa\u00e7ana principal de Santa Maria de Ta\u00fcll.<\/figcaption>\n          <\/figure>\n  <\/div>\n\n\n<section class=\"element audio-block\">\n  <div class=\"flex flex-col w-full gap-6\">\n    <div class=\"flex flex-col gap-3\">\n      <div class=\"flex gap-6\">\n                          <h2 class=\"text-2xl font-bold\">La hist\u00f2ria constructiva i la torre del campanar<\/h2>\n              <\/div>\n          <\/div>\n    <div class=\"flex items-center justify-end gap-3\">\n              <div class=\"flex-1 audio-content\" dir=\"ltr\">\n          <audio id=\"audio-029bd47049e381802659eec393e71f15\" data-label=\"La hist\u00f2ria constructiva i la torre del campanar\"\n            data-category=\"SANTA-MARIA-DE-TAULL-CAT-GENERAL-PLAY-1.mp3\" class=\"hidden\" controls\n            src=\"https:\/\/guiesullsdelahistoria.cat\/app\/uploads\/2024\/11\/SANTA-MARIA-DE-TAULL-CAT-GENERAL-PLAY-1.mp3\"><\/audio>\n          <div class=\"flex items-center w-full gap-3 transition-opacity opacity-0 meta\">\n            <progress class=\"flex-1 border-0 appearance-none\" value=\"0\" max=\"1\"><\/progress>\n            <div class=\"text-sm text-center shrink-0 current-time w-9\"><\/div>\n                      <\/div>\n        <\/div>\n            <div class=\"flex flex-col items-center gap-2 shrink-1 audio-control\">\n        <button\n  class=\"flex items-center justify-center w-32 max-w-32 h-32 max-h-32 transition-[max-height,_max-width] bg-black rounded-full btn text-accent\"\n  data-target=\"#audio-029bd47049e381802659eec393e71f15\">\n  <svg width=\"100%\" height=\"100%\" viewBox=\"0 0 36 36\" version=\"1.1\" xmlns=\"http:\/\/www.w3.org\/2000\/svg\" xmlns:xlink=\"http:\/\/www.w3.org\/1999\/xlink\">\n  <path id=\"ytp-12\" d=\"M11,10 L18,13.74 18,22.28 11,26 M18,13.74 L26,18 26,18 18,22.28\" fill=\"currentColor\">\n    <animate id=\"animation\" begin=\"indefinite\" attributeType=\"XML\" attributeName=\"d\" fill=\"freeze\" from=\"M11,10 L17,10 17,26 11,26 M20,10 L26,10 26,26 20,26\" to=\"M11,10 L18,13.74 18,22.28 11,26 M18,13.74 L26,18 26,18 18,22.28\" dur=\"0.1s\" keySplines=\".4 0 1 1\" repeatCount=\"1\" data-play=\"M11,10 L18,13.74 18,22.28 11,26 M18,13.74 L26,18 26,18 18,22.28\" data-pause=\"M11,10 L17,10 17,26 11,26 M20,10 L26,10 26,26 20,26\"><\/animate>\n  <\/path>\n<\/svg>\n<\/button>\n        <p class=\"text-base text-center\">Escolta<\/p>\n      <\/div>\n    <\/div>\n\n    \n          <div class=\"flex flex-wrap justify-between gap-6 md:justify-start\">\n                  <button data-target=\"#transcription-029bd47049e381802659eec393e71f15\" data-toggle=\"modal\" class=\"flex items-center gap-2\">\n            <svg class=\"w-6 h-6\" fill=\"none\" xmlns=\"http:\/\/www.w3.org\/2000\/svg\" viewBox=\"0 0 22 12\"><path d=\"M0 9.873v-6c0-.55.196-1.02.588-1.412A1.926 1.926 0 0 1 2 1.873h2c.55 0 1.02.196 1.412.588.392.391.588.862.588 1.412v6H4v-2H2v2H0Zm2-4h2v-2H2v2Zm6 4v-8h4c.55 0 1.02.196 1.412.588.392.391.588.862.588 1.412v4c0 .55-.196 1.021-.588 1.413A1.926 1.926 0 0 1 12 9.873H8Zm2-2h2v-4h-2v4Zm6.85.8-1.4-1.425c.183-.183.32-.391.413-.625.091-.233.137-.483.137-.75 0-.283-.046-.537-.137-.762a1.85 1.85 0 0 0-.413-.613l1.4-1.45c.367.367.65.792.85 1.275.2.484.3 1 .3 1.55s-.1 1.063-.3 1.538c-.2.475-.483.896-.85 1.262Zm2.825 2.825-1.45-1.375c.55-.55.983-1.187 1.3-1.912A5.775 5.775 0 0 0 20 5.873c0-.85-.158-1.633-.475-2.35a6.217 6.217 0 0 0-1.3-1.9l1.45-1.4a7.94 7.94 0 0 1 1.712 2.55c.409.967.613 2 .613 3.1s-.204 2.13-.613 3.088a7.977 7.977 0 0 1-1.712 2.537Z\" fill=\"#000\"\/><\/svg>            <span>Transcripci\u00f3<\/span>\n          <\/button>\n                      <\/div>\n      <\/div>\n\n      <div id=\"transcription-029bd47049e381802659eec393e71f15\"\n  class=\"fixed inset-0 z-50 hidden w-screen h-screen opacity-0 pointer-events-none modal transcription\"\n  tabindex=\"-1\" role=\"dialog\">\n  <div class=\"absolute w-full h-full bg-black opacity-75 modal-overlay\"><\/div>\n  <div\n    class=\"absolute z-30 w-11\/12 mx-auto overflow-y-auto text-black bg-white shadow-lg modal-container center-xy md:max-w-4xl\"\n    role=\"document\">\n    <div class=\"flex items-center justify-between px-4 py-4 text-gray-700 border-b md:px-8\">\n      <h2 class=\"!mb-0 font-bold\">Transcripci\u00f3<\/h2>\n      <div class=\"z-50 flex flex-col items-center ml-auto cursor-pointer rtl:ml-0 rtl:mr-auto modal-close\">\n        <svg class=\"w-auto h-6\" width=\"18\" height=\"23\" xmlns=\"http:\/\/www.w3.org\/2000\/svg\">\n  <g stroke=\"currentColor\" fill=\"none\" fill-rule=\"evenodd\" stroke-linecap=\"square\">\n    <path d=\"M.7248.974l16.1076 20.6167M16.655 1.2654L.9097 22.1601\" \/>\n  <\/g>\n<\/svg>        <div class=\"hidden\">Close<\/div>\n      <\/div>\n    <\/div>\n    <div class=\"px-4 py-8 overflow-y-auto max-h-modal md:px-8 modal-content\">\n      <div class=\"mb-8 flex flex-col gap-1.5\">\n                      <h3 class=\"text-xl font-bold\">La hist\u00f2ria constructiva i la torre del campanar<\/h3>\n                            <\/div>\n            <p>L\u2019esgl\u00e9sia de Santa Maria es va consagrar l\u201911 de desembre del 1123, l\u2019endem\u00e0 de la de Sant Climent de Ta\u00fcll. La coincid\u00e8ncia dels dos projectes mostra la important quantitat de recursos que els senyors d\u2019Erill van destinar a la Vall de Bo\u00ed a principis del segle XII. <\/p>\n<p>Aquesta esgl\u00e9sia \u00e9s l\u2019\u00fanica de la vall situada al centre del poble, cosa que la diferencia de la resta. <\/p>\n<p>Al llarg del temps, Santa Maria ha estat molt modificada, i la restauraci\u00f3 actual, iniciada el 1950, recreava la configuraci\u00f3 rom\u00e0nica de tres naus. Si vols saber com era la planta antiga, al terra de la pla\u00e7a hi ha un per\u00edmetre de pedra que l\u2019assenyala.<\/p>\n<p>La torre del campanar \u00e9s la part m\u00e9s antiga del conjunt. Si t\u2019hi fixes, veur\u00e0s que est\u00e0 una mica torta. Coses de l\u2019edat\u2026<\/p>\n<p>Ara, despla\u00e7a\u2019t cap a l\u2019esquerra, buscant la cantonada, per veure un altre detall important del campanar. Als pisos superiors, hi ha restes de la decoraci\u00f3 original. Es tracta d\u2019unes sanefes amb motius geom\u00e8trics vermells, combinats amb el blanc de l\u2019arrebossat. <\/p>\n<p>Quan hagis acabat amb el campanar, ves a veure els absis, a la part del darrere de l\u2019esgl\u00e9sia.<\/p>\n    <\/div>\n  <\/div>\n<\/div>\n    <\/section>\n\n\n<div class=\"flex flex-col gap-6 element video-block\">\n  <div class=\"flex flex-col gap-3\">\n      <\/div>\n            <div class=\"relative w-full h-auto bg-black cursor-pointer text-accent lightgallery-video aspect-video\"\n        data-lg-size=\"1280-720\" data-src=\"https:\/\/www.youtube.com\/watch?v=-7WnjJ34vM0\">\n                  <div class=\"absolute inset-0\" style=\"background-color: rgba(0,0,0,0.2)\"><\/div>\n          <svg class=\"absolute top-1\/2 left-1\/2 transform -translate-x-1\/2 -translate-y-1\/2 w-20 h-20 pointer-events-none\" fill=\"none\" xmlns=\"http:\/\/www.w3.org\/2000\/svg\" viewBox=\"0 0 80 81\">\n  <path\n    d=\"m30 58.873 28-18-28-18v36Zm10 22c-5.533 0-10.733-1.05-15.6-3.15-4.867-2.1-9.1-4.95-12.7-8.55-3.6-3.6-6.45-7.833-8.55-12.7C1.05 51.606 0 46.406 0 40.873c0-5.533 1.05-10.733 3.15-15.6 2.1-4.867 4.95-9.1 8.55-12.7 3.6-3.6 7.833-6.45 12.7-8.55 4.867-2.1 10.067-3.15 15.6-3.15 5.533 0 10.733 1.05 15.6 3.15 4.867 2.1 9.1 4.95 12.7 8.55 3.6 3.6 6.45 7.833 8.55 12.7C78.95 30.14 80 35.34 80 40.873c0 5.533-1.05 10.733-3.15 15.6-2.1 4.867-4.95 9.1-8.55 12.7-3.6 3.6-7.833 6.45-12.7 8.55-4.867 2.1-10.067 3.15-15.6 3.15Z\"\n    fill=\"currentColor\" \/>\n<\/svg>          <img decoding=\"async\" class=\"object-cover object-center w-full h-auto aspect-video\" src=\"https:\/\/i.ytimg.com\/vi\/-7WnjJ34vM0\/sddefault.jpg\" \/>\n              <\/div>\n      <\/div>\n\n\n<div class=\"flex flex-col gap-3 element text-block\">\n  <div class=\"flex items-center gap-6\">\n              <h2 class=\"text-2xl font-bold\">9c Absis<\/h2>\n      <\/div>\n    <\/div>\n\n\n<div class=\"flex flex-col gap-6 element image-block\">\n  <div class=\"flex flex-col gap-3\">\n      <\/div>\n      <figure>\n      <img loading=\"lazy\" decoding=\"async\" width=\"1441\" height=\"959\" src=\"https:\/\/guiesullsdelahistoria.cat\/app\/uploads\/2024\/11\/Santa_Maria_Taull_absis_2_DSC9299.jpg\" class=\"w-full h-auto\" alt=\"Exterior de l\u2019absis principal de l\u2019esgl\u00e9sia de Santa Maria de Ta\u00fcll amb el detall de la decoraci\u00f3 dels cercles refosos.\" srcset=\"https:\/\/guiesullsdelahistoria.cat\/app\/uploads\/2024\/11\/Santa_Maria_Taull_absis_2_DSC9299.jpg 1441w, https:\/\/guiesullsdelahistoria.cat\/app\/uploads\/2024\/11\/Santa_Maria_Taull_absis_2_DSC9299-300x200.jpg 300w, https:\/\/guiesullsdelahistoria.cat\/app\/uploads\/2024\/11\/Santa_Maria_Taull_absis_2_DSC9299-1024x681.jpg 1024w, https:\/\/guiesullsdelahistoria.cat\/app\/uploads\/2024\/11\/Santa_Maria_Taull_absis_2_DSC9299-768x511.jpg 768w\" sizes=\"auto, (max-width: 1441px) 100vw, 1441px\" \/>\n              <figcaption class=\"pt-2 text-gray-800\">Absis de Santa Maria de Ta\u00fcll.<\/figcaption>\n          <\/figure>\n  <\/div>\n\n\n<section class=\"element audio-block\">\n  <div class=\"flex flex-col w-full gap-6\">\n    <div class=\"flex flex-col gap-3\">\n      <div class=\"flex gap-6\">\n                          <h2 class=\"text-2xl font-bold\">Una decoraci\u00f3 \u00fanica<\/h2>\n              <\/div>\n          <\/div>\n    <div class=\"flex items-center justify-end gap-3\">\n              <div class=\"flex-1 audio-content\" dir=\"ltr\">\n          <audio id=\"audio-f55190906b0424dc82fc38cc134ad2be\" data-label=\"Una decoraci\u00f3 \u00fanica\"\n            data-category=\"SANTA-MARIA-DE-TAULL-CAT-GENERAL-PLAY-2.mp3\" class=\"hidden\" controls\n            src=\"https:\/\/guiesullsdelahistoria.cat\/app\/uploads\/2024\/11\/SANTA-MARIA-DE-TAULL-CAT-GENERAL-PLAY-2.mp3\"><\/audio>\n          <div class=\"flex items-center w-full gap-3 transition-opacity opacity-0 meta\">\n            <progress class=\"flex-1 border-0 appearance-none\" value=\"0\" max=\"1\"><\/progress>\n            <div class=\"text-sm text-center shrink-0 current-time w-9\"><\/div>\n                      <\/div>\n        <\/div>\n            <div class=\"flex flex-col items-center gap-2 shrink-1 audio-control\">\n        <button\n  class=\"flex items-center justify-center w-32 max-w-32 h-32 max-h-32 transition-[max-height,_max-width] bg-black rounded-full btn text-accent\"\n  data-target=\"#audio-f55190906b0424dc82fc38cc134ad2be\">\n  <svg width=\"100%\" height=\"100%\" viewBox=\"0 0 36 36\" version=\"1.1\" xmlns=\"http:\/\/www.w3.org\/2000\/svg\" xmlns:xlink=\"http:\/\/www.w3.org\/1999\/xlink\">\n  <path id=\"ytp-12\" d=\"M11,10 L18,13.74 18,22.28 11,26 M18,13.74 L26,18 26,18 18,22.28\" fill=\"currentColor\">\n    <animate id=\"animation\" begin=\"indefinite\" attributeType=\"XML\" attributeName=\"d\" fill=\"freeze\" from=\"M11,10 L17,10 17,26 11,26 M20,10 L26,10 26,26 20,26\" to=\"M11,10 L18,13.74 18,22.28 11,26 M18,13.74 L26,18 26,18 18,22.28\" dur=\"0.1s\" keySplines=\".4 0 1 1\" repeatCount=\"1\" data-play=\"M11,10 L18,13.74 18,22.28 11,26 M18,13.74 L26,18 26,18 18,22.28\" data-pause=\"M11,10 L17,10 17,26 11,26 M20,10 L26,10 26,26 20,26\"><\/animate>\n  <\/path>\n<\/svg>\n<\/button>\n        <p class=\"text-base text-center\">Escolta<\/p>\n      <\/div>\n    <\/div>\n\n    \n          <div class=\"flex flex-wrap justify-between gap-6 md:justify-start\">\n                  <button data-target=\"#transcription-f55190906b0424dc82fc38cc134ad2be\" data-toggle=\"modal\" class=\"flex items-center gap-2\">\n            <svg class=\"w-6 h-6\" fill=\"none\" xmlns=\"http:\/\/www.w3.org\/2000\/svg\" viewBox=\"0 0 22 12\"><path d=\"M0 9.873v-6c0-.55.196-1.02.588-1.412A1.926 1.926 0 0 1 2 1.873h2c.55 0 1.02.196 1.412.588.392.391.588.862.588 1.412v6H4v-2H2v2H0Zm2-4h2v-2H2v2Zm6 4v-8h4c.55 0 1.02.196 1.412.588.392.391.588.862.588 1.412v4c0 .55-.196 1.021-.588 1.413A1.926 1.926 0 0 1 12 9.873H8Zm2-2h2v-4h-2v4Zm6.85.8-1.4-1.425c.183-.183.32-.391.413-.625.091-.233.137-.483.137-.75 0-.283-.046-.537-.137-.762a1.85 1.85 0 0 0-.413-.613l1.4-1.45c.367.367.65.792.85 1.275.2.484.3 1 .3 1.55s-.1 1.063-.3 1.538c-.2.475-.483.896-.85 1.262Zm2.825 2.825-1.45-1.375c.55-.55.983-1.187 1.3-1.912A5.775 5.775 0 0 0 20 5.873c0-.85-.158-1.633-.475-2.35a6.217 6.217 0 0 0-1.3-1.9l1.45-1.4a7.94 7.94 0 0 1 1.712 2.55c.409.967.613 2 .613 3.1s-.204 2.13-.613 3.088a7.977 7.977 0 0 1-1.712 2.537Z\" fill=\"#000\"\/><\/svg>            <span>Transcripci\u00f3<\/span>\n          <\/button>\n                      <\/div>\n      <\/div>\n\n      <div id=\"transcription-f55190906b0424dc82fc38cc134ad2be\"\n  class=\"fixed inset-0 z-50 hidden w-screen h-screen opacity-0 pointer-events-none modal transcription\"\n  tabindex=\"-1\" role=\"dialog\">\n  <div class=\"absolute w-full h-full bg-black opacity-75 modal-overlay\"><\/div>\n  <div\n    class=\"absolute z-30 w-11\/12 mx-auto overflow-y-auto text-black bg-white shadow-lg modal-container center-xy md:max-w-4xl\"\n    role=\"document\">\n    <div class=\"flex items-center justify-between px-4 py-4 text-gray-700 border-b md:px-8\">\n      <h2 class=\"!mb-0 font-bold\">Transcripci\u00f3<\/h2>\n      <div class=\"z-50 flex flex-col items-center ml-auto cursor-pointer rtl:ml-0 rtl:mr-auto modal-close\">\n        <svg class=\"w-auto h-6\" width=\"18\" height=\"23\" xmlns=\"http:\/\/www.w3.org\/2000\/svg\">\n  <g stroke=\"currentColor\" fill=\"none\" fill-rule=\"evenodd\" stroke-linecap=\"square\">\n    <path d=\"M.7248.974l16.1076 20.6167M16.655 1.2654L.9097 22.1601\" \/>\n  <\/g>\n<\/svg>        <div class=\"hidden\">Close<\/div>\n      <\/div>\n    <\/div>\n    <div class=\"px-4 py-8 overflow-y-auto max-h-modal md:px-8 modal-content\">\n      <div class=\"mb-8 flex flex-col gap-1.5\">\n                      <h3 class=\"text-xl font-bold\">Una decoraci\u00f3 \u00fanica<\/h3>\n                            <\/div>\n            <p>L\u2019absis principal de l\u2019esgl\u00e9sia de Santa Maria, el m\u00e9s gran, t\u00e9 un element decoratiu \u00fanic a tota la Vall: els cercles conc\u00e8ntrics que es troben sota el conjunt d\u2019arquets cecs, i que es coneixen com a cercles refosos. <\/p>\n<p>Una altra cosa que has de saber \u00e9s que l\u2019absis de l\u2019esquerra est\u00e0 totalment refet.<br \/>\nAra s\u00ed, ja pot entrar dins l\u2019esgl\u00e9sia per continuar la visita.<\/p>\n    <\/div>\n  <\/div>\n<\/div>\n    <\/section>\n\n\n<div class=\"flex flex-col gap-6 element video-block\">\n  <div class=\"flex flex-col gap-3\">\n      <\/div>\n            <div class=\"relative w-full h-auto bg-black cursor-pointer text-accent lightgallery-video aspect-video\"\n        data-lg-size=\"1280-720\" data-src=\"https:\/\/www.youtube.com\/watch?v=-NkP4PX5DRM\">\n                  <div class=\"absolute inset-0\" style=\"background-color: rgba(0,0,0,0.2)\"><\/div>\n          <svg class=\"absolute top-1\/2 left-1\/2 transform -translate-x-1\/2 -translate-y-1\/2 w-20 h-20 pointer-events-none\" fill=\"none\" xmlns=\"http:\/\/www.w3.org\/2000\/svg\" viewBox=\"0 0 80 81\">\n  <path\n    d=\"m30 58.873 28-18-28-18v36Zm10 22c-5.533 0-10.733-1.05-15.6-3.15-4.867-2.1-9.1-4.95-12.7-8.55-3.6-3.6-6.45-7.833-8.55-12.7C1.05 51.606 0 46.406 0 40.873c0-5.533 1.05-10.733 3.15-15.6 2.1-4.867 4.95-9.1 8.55-12.7 3.6-3.6 7.833-6.45 12.7-8.55 4.867-2.1 10.067-3.15 15.6-3.15 5.533 0 10.733 1.05 15.6 3.15 4.867 2.1 9.1 4.95 12.7 8.55 3.6 3.6 6.45 7.833 8.55 12.7C78.95 30.14 80 35.34 80 40.873c0 5.533-1.05 10.733-3.15 15.6-2.1 4.867-4.95 9.1-8.55 12.7-3.6 3.6-7.833 6.45-12.7 8.55-4.867 2.1-10.067 3.15-15.6 3.15Z\"\n    fill=\"currentColor\" \/>\n<\/svg>          <img decoding=\"async\" class=\"object-cover object-center w-full h-auto aspect-video\" src=\"https:\/\/i.ytimg.com\/vi\/-NkP4PX5DRM\/sddefault.jpg\" \/>\n              <\/div>\n      <\/div>\n\n\n<div class=\"flex flex-col gap-3 element text-block\">\n  <div class=\"flex items-center gap-6\">\n              <h2 class=\"text-2xl font-bold\">9d Base de la nau central<\/h2>\n      <\/div>\n    <\/div>\n\n\n<div class=\"flex flex-col gap-6 element image-block\">\n  <div class=\"flex flex-col gap-3\">\n      <\/div>\n      <figure>\n      <img loading=\"lazy\" decoding=\"async\" width=\"1372\" height=\"966\" src=\"https:\/\/guiesullsdelahistoria.cat\/app\/uploads\/2024\/11\/Santa-Maria-interior-general.jpg\" class=\"w-full h-auto\" alt=\"Vista general interior de les tres naus de l\u2019esgl\u00e9sia de Santa Maria de Ta\u00fcll amb les pintures de l\u2019absis principal al fons i les del mur sud a la dreta.\" srcset=\"https:\/\/guiesullsdelahistoria.cat\/app\/uploads\/2024\/11\/Santa-Maria-interior-general.jpg 1372w, https:\/\/guiesullsdelahistoria.cat\/app\/uploads\/2024\/11\/Santa-Maria-interior-general-300x211.jpg 300w, https:\/\/guiesullsdelahistoria.cat\/app\/uploads\/2024\/11\/Santa-Maria-interior-general-1024x721.jpg 1024w, https:\/\/guiesullsdelahistoria.cat\/app\/uploads\/2024\/11\/Santa-Maria-interior-general-768x541.jpg 768w\" sizes=\"auto, (max-width: 1372px) 100vw, 1372px\" \/>\n              <figcaption class=\"pt-2 text-gray-800\">Interior de Santa Maria de Ta\u00fcll.<\/figcaption>\n          <\/figure>\n  <\/div>\n\n\n<section class=\"element audio-block\">\n  <div class=\"flex flex-col w-full gap-6\">\n    <div class=\"flex flex-col gap-3\">\n      <div class=\"flex gap-6\">\n                          <h2 class=\"text-2xl font-bold\">Un interior molt reformat<\/h2>\n              <\/div>\n          <\/div>\n    <div class=\"flex items-center justify-end gap-3\">\n              <div class=\"flex-1 audio-content\" dir=\"ltr\">\n          <audio id=\"audio-a96adfbea1e291e4ea5fbdc1e5f4c4ce\" data-label=\"Un interior molt reformat\"\n            data-category=\"SANTA-MARIA-DE-TAULL-CAT-GENERAL-PLAY-3.mp3\" class=\"hidden\" controls\n            src=\"https:\/\/guiesullsdelahistoria.cat\/app\/uploads\/2024\/11\/SANTA-MARIA-DE-TAULL-CAT-GENERAL-PLAY-3.mp3\"><\/audio>\n          <div class=\"flex items-center w-full gap-3 transition-opacity opacity-0 meta\">\n            <progress class=\"flex-1 border-0 appearance-none\" value=\"0\" max=\"1\"><\/progress>\n            <div class=\"text-sm text-center shrink-0 current-time w-9\"><\/div>\n                      <\/div>\n        <\/div>\n            <div class=\"flex flex-col items-center gap-2 shrink-1 audio-control\">\n        <button\n  class=\"flex items-center justify-center w-32 max-w-32 h-32 max-h-32 transition-[max-height,_max-width] bg-black rounded-full btn text-accent\"\n  data-target=\"#audio-a96adfbea1e291e4ea5fbdc1e5f4c4ce\">\n  <svg width=\"100%\" height=\"100%\" viewBox=\"0 0 36 36\" version=\"1.1\" xmlns=\"http:\/\/www.w3.org\/2000\/svg\" xmlns:xlink=\"http:\/\/www.w3.org\/1999\/xlink\">\n  <path id=\"ytp-12\" d=\"M11,10 L18,13.74 18,22.28 11,26 M18,13.74 L26,18 26,18 18,22.28\" fill=\"currentColor\">\n    <animate id=\"animation\" begin=\"indefinite\" attributeType=\"XML\" attributeName=\"d\" fill=\"freeze\" from=\"M11,10 L17,10 17,26 11,26 M20,10 L26,10 26,26 20,26\" to=\"M11,10 L18,13.74 18,22.28 11,26 M18,13.74 L26,18 26,18 18,22.28\" dur=\"0.1s\" keySplines=\".4 0 1 1\" repeatCount=\"1\" data-play=\"M11,10 L18,13.74 18,22.28 11,26 M18,13.74 L26,18 26,18 18,22.28\" data-pause=\"M11,10 L17,10 17,26 11,26 M20,10 L26,10 26,26 20,26\"><\/animate>\n  <\/path>\n<\/svg>\n<\/button>\n        <p class=\"text-base text-center\">Escolta<\/p>\n      <\/div>\n    <\/div>\n\n    \n          <div class=\"flex flex-wrap justify-between gap-6 md:justify-start\">\n                  <button data-target=\"#transcription-a96adfbea1e291e4ea5fbdc1e5f4c4ce\" data-toggle=\"modal\" class=\"flex items-center gap-2\">\n            <svg class=\"w-6 h-6\" fill=\"none\" xmlns=\"http:\/\/www.w3.org\/2000\/svg\" viewBox=\"0 0 22 12\"><path d=\"M0 9.873v-6c0-.55.196-1.02.588-1.412A1.926 1.926 0 0 1 2 1.873h2c.55 0 1.02.196 1.412.588.392.391.588.862.588 1.412v6H4v-2H2v2H0Zm2-4h2v-2H2v2Zm6 4v-8h4c.55 0 1.02.196 1.412.588.392.391.588.862.588 1.412v4c0 .55-.196 1.021-.588 1.413A1.926 1.926 0 0 1 12 9.873H8Zm2-2h2v-4h-2v4Zm6.85.8-1.4-1.425c.183-.183.32-.391.413-.625.091-.233.137-.483.137-.75 0-.283-.046-.537-.137-.762a1.85 1.85 0 0 0-.413-.613l1.4-1.45c.367.367.65.792.85 1.275.2.484.3 1 .3 1.55s-.1 1.063-.3 1.538c-.2.475-.483.896-.85 1.262Zm2.825 2.825-1.45-1.375c.55-.55.983-1.187 1.3-1.912A5.775 5.775 0 0 0 20 5.873c0-.85-.158-1.633-.475-2.35a6.217 6.217 0 0 0-1.3-1.9l1.45-1.4a7.94 7.94 0 0 1 1.712 2.55c.409.967.613 2 .613 3.1s-.204 2.13-.613 3.088a7.977 7.977 0 0 1-1.712 2.537Z\" fill=\"#000\"\/><\/svg>            <span>Transcripci\u00f3<\/span>\n          <\/button>\n                      <\/div>\n      <\/div>\n\n      <div id=\"transcription-a96adfbea1e291e4ea5fbdc1e5f4c4ce\"\n  class=\"fixed inset-0 z-50 hidden w-screen h-screen opacity-0 pointer-events-none modal transcription\"\n  tabindex=\"-1\" role=\"dialog\">\n  <div class=\"absolute w-full h-full bg-black opacity-75 modal-overlay\"><\/div>\n  <div\n    class=\"absolute z-30 w-11\/12 mx-auto overflow-y-auto text-black bg-white shadow-lg modal-container center-xy md:max-w-4xl\"\n    role=\"document\">\n    <div class=\"flex items-center justify-between px-4 py-4 text-gray-700 border-b md:px-8\">\n      <h2 class=\"!mb-0 font-bold\">Transcripci\u00f3<\/h2>\n      <div class=\"z-50 flex flex-col items-center ml-auto cursor-pointer rtl:ml-0 rtl:mr-auto modal-close\">\n        <svg class=\"w-auto h-6\" width=\"18\" height=\"23\" xmlns=\"http:\/\/www.w3.org\/2000\/svg\">\n  <g stroke=\"currentColor\" fill=\"none\" fill-rule=\"evenodd\" stroke-linecap=\"square\">\n    <path d=\"M.7248.974l16.1076 20.6167M16.655 1.2654L.9097 22.1601\" \/>\n  <\/g>\n<\/svg>        <div class=\"hidden\">Close<\/div>\n      <\/div>\n    <\/div>\n    <div class=\"px-4 py-8 overflow-y-auto max-h-modal md:px-8 modal-content\">\n      <div class=\"mb-8 flex flex-col gap-1.5\">\n                      <h3 class=\"text-xl font-bold\">Un interior molt reformat<\/h3>\n                            <\/div>\n            <p>L\u2019esgl\u00e9sia de Santa Maria de Ta\u00fcll va ser molt reformada al segle XVIII, en l\u2019\u00e8poca barroca.<br \/>\nLes naus laterals es van convertir en capelles, i a la part m\u00e9s propera a l\u2019absis s\u2019hi va afegir una c\u00fapula amb cimbori. Igualment, un dels absis laterals va ser reempla\u00e7at per una sagristia. Totes aquestes modificacions van ser suprimides en una restauraci\u00f3 que li ha tornat l\u2019aspecte del segle xii, amb les tres naus separades per pilars i tres absis semicirculars.<\/p>\n    <\/div>\n  <\/div>\n<\/div>\n    <\/section>\n\n\n<div class=\"flex flex-col gap-6 element video-block\">\n  <div class=\"flex flex-col gap-3\">\n      <\/div>\n            <div class=\"relative w-full h-auto bg-black cursor-pointer text-accent lightgallery-video aspect-video\"\n        data-lg-size=\"1280-720\" data-src=\"https:\/\/www.youtube.com\/watch?v=1yDc0ifYBIk\">\n                  <div class=\"absolute inset-0\" style=\"background-color: rgba(0,0,0,0.2)\"><\/div>\n          <svg class=\"absolute top-1\/2 left-1\/2 transform -translate-x-1\/2 -translate-y-1\/2 w-20 h-20 pointer-events-none\" fill=\"none\" xmlns=\"http:\/\/www.w3.org\/2000\/svg\" viewBox=\"0 0 80 81\">\n  <path\n    d=\"m30 58.873 28-18-28-18v36Zm10 22c-5.533 0-10.733-1.05-15.6-3.15-4.867-2.1-9.1-4.95-12.7-8.55-3.6-3.6-6.45-7.833-8.55-12.7C1.05 51.606 0 46.406 0 40.873c0-5.533 1.05-10.733 3.15-15.6 2.1-4.867 4.95-9.1 8.55-12.7 3.6-3.6 7.833-6.45 12.7-8.55 4.867-2.1 10.067-3.15 15.6-3.15 5.533 0 10.733 1.05 15.6 3.15 4.867 2.1 9.1 4.95 12.7 8.55 3.6 3.6 6.45 7.833 8.55 12.7C78.95 30.14 80 35.34 80 40.873c0 5.533-1.05 10.733-3.15 15.6-2.1 4.867-4.95 9.1-8.55 12.7-3.6 3.6-7.833 6.45-12.7 8.55-4.867 2.1-10.067 3.15-15.6 3.15Z\"\n    fill=\"currentColor\" \/>\n<\/svg>          <img decoding=\"async\" class=\"object-cover object-center w-full h-auto aspect-video\" src=\"https:\/\/i.ytimg.com\/vi\/1yDc0ifYBIk\/sddefault.jpg\" \/>\n              <\/div>\n      <\/div>\n\n\n<div class=\"flex flex-col gap-3 element text-block\">\n  <div class=\"flex items-center gap-6\">\n              <h2 class=\"text-2xl font-bold\">9e Davant l&#8217;altar<\/h2>\n      <\/div>\n    <\/div>\n\n\n<div class=\"flex flex-col gap-6 element image-block\">\n  <div class=\"flex flex-col gap-3\">\n      <\/div>\n      <figure>\n      <img loading=\"lazy\" decoding=\"async\" width=\"510\" height=\"768\" src=\"https:\/\/guiesullsdelahistoria.cat\/app\/uploads\/2024\/11\/DSC_0641_J.BARBERO.jpg\" class=\"w-full h-auto\" alt=\"Pintures murals de l\u2019interior de l\u2019absis central de l\u2019esgl\u00e9sia de Santa Maria de Ta\u00fcll.\" srcset=\"https:\/\/guiesullsdelahistoria.cat\/app\/uploads\/2024\/11\/DSC_0641_J.BARBERO.jpg 510w, https:\/\/guiesullsdelahistoria.cat\/app\/uploads\/2024\/11\/DSC_0641_J.BARBERO-199x300.jpg 199w\" sizes=\"auto, (max-width: 510px) 100vw, 510px\" \/>\n              <figcaption class=\"pt-2 text-gray-800\">Pintures murals de l\u2019absis central de Santa Maria de Ta\u00fcll.<\/figcaption>\n          <\/figure>\n  <\/div>\n\n\n<section class=\"element audio-block\">\n  <div class=\"flex flex-col w-full gap-6\">\n    <div class=\"flex flex-col gap-3\">\n      <div class=\"flex gap-6\">\n                          <h2 class=\"text-2xl font-bold\"> Les pintures de l\u2019absis central<\/h2>\n              <\/div>\n          <\/div>\n    <div class=\"flex items-center justify-end gap-3\">\n              <div class=\"flex-1 audio-content\" dir=\"ltr\">\n          <audio id=\"audio-43a22ade8120267271b5919bacadafb3\" data-label=\" Les pintures de l\u2019absis central\"\n            data-category=\"SANTA-MARIA-DE-TAULL-CAT-GENERAL-PLAY-4-1.mp3\" class=\"hidden\" controls\n            src=\"https:\/\/guiesullsdelahistoria.cat\/app\/uploads\/2024\/11\/SANTA-MARIA-DE-TAULL-CAT-GENERAL-PLAY-4-1.mp3\"><\/audio>\n          <div class=\"flex items-center w-full gap-3 transition-opacity opacity-0 meta\">\n            <progress class=\"flex-1 border-0 appearance-none\" value=\"0\" max=\"1\"><\/progress>\n            <div class=\"text-sm text-center shrink-0 current-time w-9\"><\/div>\n                      <\/div>\n        <\/div>\n            <div class=\"flex flex-col items-center gap-2 shrink-1 audio-control\">\n        <button\n  class=\"flex items-center justify-center w-32 max-w-32 h-32 max-h-32 transition-[max-height,_max-width] bg-black rounded-full btn text-accent\"\n  data-target=\"#audio-43a22ade8120267271b5919bacadafb3\">\n  <svg width=\"100%\" height=\"100%\" viewBox=\"0 0 36 36\" version=\"1.1\" xmlns=\"http:\/\/www.w3.org\/2000\/svg\" xmlns:xlink=\"http:\/\/www.w3.org\/1999\/xlink\">\n  <path id=\"ytp-12\" d=\"M11,10 L18,13.74 18,22.28 11,26 M18,13.74 L26,18 26,18 18,22.28\" fill=\"currentColor\">\n    <animate id=\"animation\" begin=\"indefinite\" attributeType=\"XML\" attributeName=\"d\" fill=\"freeze\" from=\"M11,10 L17,10 17,26 11,26 M20,10 L26,10 26,26 20,26\" to=\"M11,10 L18,13.74 18,22.28 11,26 M18,13.74 L26,18 26,18 18,22.28\" dur=\"0.1s\" keySplines=\".4 0 1 1\" repeatCount=\"1\" data-play=\"M11,10 L18,13.74 18,22.28 11,26 M18,13.74 L26,18 26,18 18,22.28\" data-pause=\"M11,10 L17,10 17,26 11,26 M20,10 L26,10 26,26 20,26\"><\/animate>\n  <\/path>\n<\/svg>\n<\/button>\n        <p class=\"text-base text-center\">Escolta<\/p>\n      <\/div>\n    <\/div>\n\n    \n          <div class=\"flex flex-wrap justify-between gap-6 md:justify-start\">\n                  <button data-target=\"#transcription-43a22ade8120267271b5919bacadafb3\" data-toggle=\"modal\" class=\"flex items-center gap-2\">\n            <svg class=\"w-6 h-6\" fill=\"none\" xmlns=\"http:\/\/www.w3.org\/2000\/svg\" viewBox=\"0 0 22 12\"><path d=\"M0 9.873v-6c0-.55.196-1.02.588-1.412A1.926 1.926 0 0 1 2 1.873h2c.55 0 1.02.196 1.412.588.392.391.588.862.588 1.412v6H4v-2H2v2H0Zm2-4h2v-2H2v2Zm6 4v-8h4c.55 0 1.02.196 1.412.588.392.391.588.862.588 1.412v4c0 .55-.196 1.021-.588 1.413A1.926 1.926 0 0 1 12 9.873H8Zm2-2h2v-4h-2v4Zm6.85.8-1.4-1.425c.183-.183.32-.391.413-.625.091-.233.137-.483.137-.75 0-.283-.046-.537-.137-.762a1.85 1.85 0 0 0-.413-.613l1.4-1.45c.367.367.65.792.85 1.275.2.484.3 1 .3 1.55s-.1 1.063-.3 1.538c-.2.475-.483.896-.85 1.262Zm2.825 2.825-1.45-1.375c.55-.55.983-1.187 1.3-1.912A5.775 5.775 0 0 0 20 5.873c0-.85-.158-1.633-.475-2.35a6.217 6.217 0 0 0-1.3-1.9l1.45-1.4a7.94 7.94 0 0 1 1.712 2.55c.409.967.613 2 .613 3.1s-.204 2.13-.613 3.088a7.977 7.977 0 0 1-1.712 2.537Z\" fill=\"#000\"\/><\/svg>            <span>Transcripci\u00f3<\/span>\n          <\/button>\n                      <\/div>\n      <\/div>\n\n      <div id=\"transcription-43a22ade8120267271b5919bacadafb3\"\n  class=\"fixed inset-0 z-50 hidden w-screen h-screen opacity-0 pointer-events-none modal transcription\"\n  tabindex=\"-1\" role=\"dialog\">\n  <div class=\"absolute w-full h-full bg-black opacity-75 modal-overlay\"><\/div>\n  <div\n    class=\"absolute z-30 w-11\/12 mx-auto overflow-y-auto text-black bg-white shadow-lg modal-container center-xy md:max-w-4xl\"\n    role=\"document\">\n    <div class=\"flex items-center justify-between px-4 py-4 text-gray-700 border-b md:px-8\">\n      <h2 class=\"!mb-0 font-bold\">Transcripci\u00f3<\/h2>\n      <div class=\"z-50 flex flex-col items-center ml-auto cursor-pointer rtl:ml-0 rtl:mr-auto modal-close\">\n        <svg class=\"w-auto h-6\" width=\"18\" height=\"23\" xmlns=\"http:\/\/www.w3.org\/2000\/svg\">\n  <g stroke=\"currentColor\" fill=\"none\" fill-rule=\"evenodd\" stroke-linecap=\"square\">\n    <path d=\"M.7248.974l16.1076 20.6167M16.655 1.2654L.9097 22.1601\" \/>\n  <\/g>\n<\/svg>        <div class=\"hidden\">Close<\/div>\n      <\/div>\n    <\/div>\n    <div class=\"px-4 py-8 overflow-y-auto max-h-modal md:px-8 modal-content\">\n      <div class=\"mb-8 flex flex-col gap-1.5\">\n                      <h3 class=\"text-xl font-bold\"> Les pintures de l\u2019absis central<\/h3>\n                            <\/div>\n            <p>De l\u2019interior de l\u2019esgl\u00e9sia de Santa Maria de Ta\u00fcll, en destaquen les pintures murals de l\u2019absis i les del mur de la dreta. Les que veus ara s\u00f3n reproduccions de les originals, que actualment es troben al Museu Nacional d\u2019Art de Catalunya.<br \/>\nPer\u00f2 en aquesta esgl\u00e9sia tamb\u00e9 hi ha restes de pintura original. Les m\u00e9s destacades estan situades a la part alta d\u2019una de les columnes de les que separen la nau central de la de la dreta. Es tracta d\u2019una escena relacionada amb la nativitat de Crist, coneguda com el bany de Jes\u00fas.<\/p>\n<p>I quin sentit tenien totes aquestes escenes decorant les parets d\u2019una esgl\u00e9sia? La import\u00e0ncia de les pintures murals a l\u2019edat mitjana era molt gran, perqu\u00e8, a m\u00e9s d\u2019estar dedicades a la gl\u00f2ria de D\u00e9u i de ser una eina de poder, tenien una funci\u00f3 alli\u00e7onadora, car la major part del poble no sabia llegir i la imatge, juntament amb la paraula, era la forma d\u2019evangelitzaci\u00f3 m\u00e9s efectiva.<br \/>\nLa tem\u00e0tica de les pintures solia estar relacionada amb el sant o la santa a qui estava dedicada l\u2019esgl\u00e9sia. En aquest cas, per\u00f2, la major part de les pintures estan relacionades amb el naixement de Jes\u00fas i el seu reconeixement com a figura divina.<\/p>\n<p><em>So d\u2019interfer\u00e8ncies<\/em>.<br \/>\n<strong>Dona 1<\/strong>: Avui he tornat a fer tard a missa, ja podia anar esperant les campanes\u2026<br \/>\n<strong>Dona 2<\/strong>: El campaner se\u2019ns ha fet gran. I aquelles escales s\u00f3n massa costerudes.<br \/>\n<strong>Dona 1<\/strong>: Doncs potser n\u2019haurem de buscar un altre.<br \/>\n<strong>Dona 2<\/strong>: Calla, calla, abans no el tindrem ensenyat\u2026 He sentit a dir que li faran una caseta de fusta all\u00e0 dalt, perqu\u00e8 no hagi de pujar i baixar tant.<br \/>\n<strong>Dona 1<\/strong>: Una caseta de fusta?!?! Ni que fos un moix\u00f3 [divertida].<br \/>\n<strong>Dona 2<\/strong>: Tu riu-te\u2019n, per\u00f2 ja ho agrair\u00e0s.<br \/>\n<em>So d\u2019interfer\u00e8ncies<\/em>.<\/p>\n<p>La composici\u00f3 de l\u2019absis es divideix en tres registres: a la part m\u00e9s elevada hi ha l\u2019escena de la Mare de D\u00e9u asseguda en un tron i el seu fill a la falda, inscrits en una m\u00e0ndorla, una sanefa en forma d\u2019ametlla. Al voltant de la Mare de D\u00e9u hi tenim els Reis d\u2019Orient, que porten les ofrenes.<br \/>\nA la part mitjana de la composici\u00f3, a banda i banda de la finestra, hi ha sis ap\u00f2stols, entre els quals identifiquem sant Andreu, sant Pere, sant Pau i sant Joan Evangelista.<br \/>\nA la part inferior hi pots veure uns medallons circulars amb animals reals i fant\u00e0stics, caracter\u00edstics dels bestiaris medievals. I a baix de tot, un fris de pintures que reprodueixen cortinatges que imiten sedes orientals.<br \/>\nSi vols veure com es va pintar aquesta esgl\u00e9sia, prem el recurs virtual. <\/p>\n    <\/div>\n  <\/div>\n<\/div>\n    <\/section>\n\n\n<div class=\"flex flex-col gap-6 element video-block\">\n  <div class=\"flex flex-col gap-3\">\n      <\/div>\n            <div class=\"relative w-full h-auto bg-black cursor-pointer text-accent lightgallery-video aspect-video\"\n        data-lg-size=\"1280-720\" data-src=\"https:\/\/www.youtube.com\/watch?v=P91Thvm0hwg\">\n                  <div class=\"absolute inset-0\" style=\"background-color: rgba(0,0,0,0.2)\"><\/div>\n          <svg class=\"absolute top-1\/2 left-1\/2 transform -translate-x-1\/2 -translate-y-1\/2 w-20 h-20 pointer-events-none\" fill=\"none\" xmlns=\"http:\/\/www.w3.org\/2000\/svg\" viewBox=\"0 0 80 81\">\n  <path\n    d=\"m30 58.873 28-18-28-18v36Zm10 22c-5.533 0-10.733-1.05-15.6-3.15-4.867-2.1-9.1-4.95-12.7-8.55-3.6-3.6-6.45-7.833-8.55-12.7C1.05 51.606 0 46.406 0 40.873c0-5.533 1.05-10.733 3.15-15.6 2.1-4.867 4.95-9.1 8.55-12.7 3.6-3.6 7.833-6.45 12.7-8.55 4.867-2.1 10.067-3.15 15.6-3.15 5.533 0 10.733 1.05 15.6 3.15 4.867 2.1 9.1 4.95 12.7 8.55 3.6 3.6 6.45 7.833 8.55 12.7C78.95 30.14 80 35.34 80 40.873c0 5.533-1.05 10.733-3.15 15.6-2.1 4.867-4.95 9.1-8.55 12.7-3.6 3.6-7.833 6.45-12.7 8.55-4.867 2.1-10.067 3.15-15.6 3.15Z\"\n    fill=\"currentColor\" \/>\n<\/svg>          <img decoding=\"async\" class=\"object-cover object-center w-full h-auto aspect-video\" src=\"https:\/\/i.ytimg.com\/vi\/P91Thvm0hwg\/sddefault.jpg\" \/>\n              <\/div>\n      <\/div>\n\n\n<div class=\"flex flex-col gap-3 element interactive-block\">\n  <div class=\"flex items-center gap-6\">\n              <h2 class=\"text-2xl font-bold\">Recurs virtual: Reproducci\u00f3 de 360\u00b0 de l\u2019interior durant el segle XII<\/h2>\n      <\/div>\n          <div class=\"flex justify-end w-full\">\n      <div class=\"flex flex-col items-center gap-2 shrink-1\">\n        <button data-target=\"#embed-69f5b6ef1e453\" data-toggle=\"modal\"\n          class=\"flex items-center justify-center w-32 h-32 bg-black rounded-full text-accent\">\n          <svg class=\"w-16 h-auto\" width=\"60\" height=\"61\" viewBox=\"0 0 60 61\" fill=\"none\" xmlns=\"http:\/\/www.w3.org\/2000\/svg\">\n  <mask id=\"mask0_3878_987\" style=\"mask-type:alpha\" maskUnits=\"userSpaceOnUse\" x=\"0\" y=\"0\" width=\"60\" height=\"61\">\n    <rect y=\"0.873047\" width=\"60\" height=\"60\" fill=\"white\" \/>\n  <\/mask>\n  <g mask=\"url(#mask0_3878_987)\">\n    <path\n      d=\"M21 49.873L16.8 45.673L22.05 40.273C15.65 39.423 10.375 37.673 6.225 35.023C2.075 32.373 0 29.323 0 25.873C0 21.723 2.8875 18.1855 8.6625 15.2605C14.4375 12.3355 21.55 10.873 30 10.873C38.45 10.873 45.5625 12.3355 51.3375 15.2605C57.1125 18.1855 60 21.723 60 25.873C60 28.973 58.3375 31.748 55.0125 34.198C51.6875 36.648 47.35 38.473 42 39.673V33.523C45.85 32.523 48.8125 31.2855 50.8875 29.8105C52.9625 28.3355 54 27.023 54 25.873C54 24.273 51.8625 22.373 47.5875 20.173C43.3125 17.973 37.45 16.873 30 16.873C22.55 16.873 16.6875 17.973 12.4125 20.173C8.1375 22.373 6 24.273 6 25.873C6 27.073 7.275 28.5105 9.825 30.1855C12.375 31.8605 16 33.123 20.7 33.973L16.8 30.073L21 25.873L33 37.873L21 49.873Z\"\n      fill=\"currentColor\" \/>\n  <\/g>\n<\/svg>\n        <\/button>\n                  <p class=\"text-base text-center\">Mira<\/p>\n              <\/div>\n    <\/div>\n    <div id=\"embed-69f5b6ef1e453\"\n  class=\"fixed inset-0 z-50 hidden w-screen h-screen opacity-0 pointer-events-none modal embed-container\"\n  tabindex=\"-1\" role=\"dialog\">\n  <div class=\"absolute w-full h-full bg-black opacity-75 modal-overlay\"><\/div>\n  <div\n    class=\"absolute z-30 w-11\/12 mx-auto overflow-y-auto text-black bg-white shadow-lg modal-container center-xy md:max-w-4xl\"\n    role=\"document\">\n    <div class=\"flex items-center justify-between px-4 py-4 text-gray-700 border-b md:px-8\">\n      <h2 class=\"!mb-0 font-bold\">Mira<\/h2>\n      <div class=\"z-50 flex flex-col items-center ml-auto cursor-pointer rtl:ml-0 rtl:mr-auto modal-close\">\n        <svg class=\"w-auto h-6\" width=\"18\" height=\"23\" xmlns=\"http:\/\/www.w3.org\/2000\/svg\">\n  <g stroke=\"currentColor\" fill=\"none\" fill-rule=\"evenodd\" stroke-linecap=\"square\">\n    <path d=\"M.7248.974l16.1076 20.6167M16.655 1.2654L.9097 22.1601\" \/>\n  <\/g>\n<\/svg>        <div class=\"hidden\">Close<\/div>\n      <\/div>\n    <\/div>\n    <div class=\"px-4 py-8 overflow-y-auto max-h-modal md:px-8 modal-content\">\n      <div class=\"sketchfab-embed-wrapper\"> <iframe title=\"Santa Maria de Ta\u00fcll. Reconstrucci\u00f3 hipot\u00e8tica\" frameborder=\"0\" allowfullscreen mozallowfullscreen=\"true\" webkitallowfullscreen=\"true\" allow=\"autoplay; fullscreen; xr-spatial-tracking\" xr-spatial-tracking execution-while-out-of-viewport execution-while-not-rendered web-share src=\"https:\/\/sketchfab.com\/models\/f280309e91ab47f59e685ebe3da9bbba\/embed?ui_infos=0\"> <\/iframe> <\/div>\n    <\/div>\n  <\/div>\n<\/div>\n  <\/div>\n\n\n<div class=\"flex flex-col gap-3 element text-block\">\n  <div class=\"flex items-center gap-6\">\n              <h2 class=\"text-2xl font-bold\">9f Mur de la dreta<\/h2>\n      <\/div>\n    <\/div>\n\n\n<div class=\"flex flex-col gap-6 element image-block\">\n  <div class=\"flex flex-col gap-3\">\n      <\/div>\n      <figure>\n      <img loading=\"lazy\" decoding=\"async\" width=\"1452\" height=\"966\" src=\"https:\/\/guiesullsdelahistoria.cat\/app\/uploads\/2024\/11\/Santa-Maria-pintures-mur-lateral.jpg\" class=\"w-full h-auto\" alt=\"Pintures murals interiors del mur sud de l\u2019esgl\u00e9sia de Santa Maria de Ta\u00fcll amb el pilar i els arcs en primer terme.\" srcset=\"https:\/\/guiesullsdelahistoria.cat\/app\/uploads\/2024\/11\/Santa-Maria-pintures-mur-lateral.jpg 1452w, https:\/\/guiesullsdelahistoria.cat\/app\/uploads\/2024\/11\/Santa-Maria-pintures-mur-lateral-300x200.jpg 300w, https:\/\/guiesullsdelahistoria.cat\/app\/uploads\/2024\/11\/Santa-Maria-pintures-mur-lateral-1024x681.jpg 1024w, https:\/\/guiesullsdelahistoria.cat\/app\/uploads\/2024\/11\/Santa-Maria-pintures-mur-lateral-768x511.jpg 768w\" sizes=\"auto, (max-width: 1452px) 100vw, 1452px\" \/>\n              <figcaption class=\"pt-2 text-gray-800\">Pintures murals del mur sud de Santa Maria de Ta\u00fcll.<\/figcaption>\n          <\/figure>\n  <\/div>\n\n\n<section class=\"element audio-block\">\n  <div class=\"flex flex-col w-full gap-6\">\n    <div class=\"flex flex-col gap-3\">\n      <div class=\"flex gap-6\">\n                          <h2 class=\"text-2xl font-bold\">Les pintures de la nau sud<\/h2>\n              <\/div>\n          <\/div>\n    <div class=\"flex items-center justify-end gap-3\">\n              <div class=\"flex-1 audio-content\" dir=\"ltr\">\n          <audio id=\"audio-8d6031b7f338e4b92659b2ce17c9b0cf\" data-label=\"Les pintures de la nau sud\"\n            data-category=\"SANTA-MARIA-DE-TAULL-CAT-GENERAL-PLAY-5.mp3\" class=\"hidden\" controls\n            src=\"https:\/\/guiesullsdelahistoria.cat\/app\/uploads\/2024\/11\/SANTA-MARIA-DE-TAULL-CAT-GENERAL-PLAY-5.mp3\"><\/audio>\n          <div class=\"flex items-center w-full gap-3 transition-opacity opacity-0 meta\">\n            <progress class=\"flex-1 border-0 appearance-none\" value=\"0\" max=\"1\"><\/progress>\n            <div class=\"text-sm text-center shrink-0 current-time w-9\"><\/div>\n                      <\/div>\n        <\/div>\n            <div class=\"flex flex-col items-center gap-2 shrink-1 audio-control\">\n        <button\n  class=\"flex items-center justify-center w-32 max-w-32 h-32 max-h-32 transition-[max-height,_max-width] bg-black rounded-full btn text-accent\"\n  data-target=\"#audio-8d6031b7f338e4b92659b2ce17c9b0cf\">\n  <svg width=\"100%\" height=\"100%\" viewBox=\"0 0 36 36\" version=\"1.1\" xmlns=\"http:\/\/www.w3.org\/2000\/svg\" xmlns:xlink=\"http:\/\/www.w3.org\/1999\/xlink\">\n  <path id=\"ytp-12\" d=\"M11,10 L18,13.74 18,22.28 11,26 M18,13.74 L26,18 26,18 18,22.28\" fill=\"currentColor\">\n    <animate id=\"animation\" begin=\"indefinite\" attributeType=\"XML\" attributeName=\"d\" fill=\"freeze\" from=\"M11,10 L17,10 17,26 11,26 M20,10 L26,10 26,26 20,26\" to=\"M11,10 L18,13.74 18,22.28 11,26 M18,13.74 L26,18 26,18 18,22.28\" dur=\"0.1s\" keySplines=\".4 0 1 1\" repeatCount=\"1\" data-play=\"M11,10 L18,13.74 18,22.28 11,26 M18,13.74 L26,18 26,18 18,22.28\" data-pause=\"M11,10 L17,10 17,26 11,26 M20,10 L26,10 26,26 20,26\"><\/animate>\n  <\/path>\n<\/svg>\n<\/button>\n        <p class=\"text-base text-center\">Escolta<\/p>\n      <\/div>\n    <\/div>\n\n    \n          <div class=\"flex flex-wrap justify-between gap-6 md:justify-start\">\n                  <button data-target=\"#transcription-8d6031b7f338e4b92659b2ce17c9b0cf\" data-toggle=\"modal\" class=\"flex items-center gap-2\">\n            <svg class=\"w-6 h-6\" fill=\"none\" xmlns=\"http:\/\/www.w3.org\/2000\/svg\" viewBox=\"0 0 22 12\"><path d=\"M0 9.873v-6c0-.55.196-1.02.588-1.412A1.926 1.926 0 0 1 2 1.873h2c.55 0 1.02.196 1.412.588.392.391.588.862.588 1.412v6H4v-2H2v2H0Zm2-4h2v-2H2v2Zm6 4v-8h4c.55 0 1.02.196 1.412.588.392.391.588.862.588 1.412v4c0 .55-.196 1.021-.588 1.413A1.926 1.926 0 0 1 12 9.873H8Zm2-2h2v-4h-2v4Zm6.85.8-1.4-1.425c.183-.183.32-.391.413-.625.091-.233.137-.483.137-.75 0-.283-.046-.537-.137-.762a1.85 1.85 0 0 0-.413-.613l1.4-1.45c.367.367.65.792.85 1.275.2.484.3 1 .3 1.55s-.1 1.063-.3 1.538c-.2.475-.483.896-.85 1.262Zm2.825 2.825-1.45-1.375c.55-.55.983-1.187 1.3-1.912A5.775 5.775 0 0 0 20 5.873c0-.85-.158-1.633-.475-2.35a6.217 6.217 0 0 0-1.3-1.9l1.45-1.4a7.94 7.94 0 0 1 1.712 2.55c.409.967.613 2 .613 3.1s-.204 2.13-.613 3.088a7.977 7.977 0 0 1-1.712 2.537Z\" fill=\"#000\"\/><\/svg>            <span>Transcripci\u00f3<\/span>\n          <\/button>\n                      <\/div>\n      <\/div>\n\n      <div id=\"transcription-8d6031b7f338e4b92659b2ce17c9b0cf\"\n  class=\"fixed inset-0 z-50 hidden w-screen h-screen opacity-0 pointer-events-none modal transcription\"\n  tabindex=\"-1\" role=\"dialog\">\n  <div class=\"absolute w-full h-full bg-black opacity-75 modal-overlay\"><\/div>\n  <div\n    class=\"absolute z-30 w-11\/12 mx-auto overflow-y-auto text-black bg-white shadow-lg modal-container center-xy md:max-w-4xl\"\n    role=\"document\">\n    <div class=\"flex items-center justify-between px-4 py-4 text-gray-700 border-b md:px-8\">\n      <h2 class=\"!mb-0 font-bold\">Transcripci\u00f3<\/h2>\n      <div class=\"z-50 flex flex-col items-center ml-auto cursor-pointer rtl:ml-0 rtl:mr-auto modal-close\">\n        <svg class=\"w-auto h-6\" width=\"18\" height=\"23\" xmlns=\"http:\/\/www.w3.org\/2000\/svg\">\n  <g stroke=\"currentColor\" fill=\"none\" fill-rule=\"evenodd\" stroke-linecap=\"square\">\n    <path d=\"M.7248.974l16.1076 20.6167M16.655 1.2654L.9097 22.1601\" \/>\n  <\/g>\n<\/svg>        <div class=\"hidden\">Close<\/div>\n      <\/div>\n    <\/div>\n    <div class=\"px-4 py-8 overflow-y-auto max-h-modal md:px-8 modal-content\">\n      <div class=\"mb-8 flex flex-col gap-1.5\">\n                      <h3 class=\"text-xl font-bold\">Les pintures de la nau sud<\/h3>\n                            <\/div>\n            <p>Els murs laterals de l\u2019esgl\u00e9sia tamb\u00e9 estaven decorats amb murals al fresc. Aquestes pintures, que avui es conserven al MNAC, s\u00f3n obra de l\u2019anomenat Mestre del Judici Final, un autor diferent del que va fer el mural de l\u2019absis. Se l\u2019anomena aix\u00ed perqu\u00e8 va pintar l\u2019escena que hi havia al mur proper a la sortida, on es representava aquest motiu. A les reproduccions que podeu veure al mur de la dreta, mirant cap a l\u2019altar, s\u2019hi representen diverses escenes del Nou Testament. <\/p>\n<p>Llegint les escenes de dreta a esquerra, en el registre entremig, hi ha l\u2019anunciaci\u00f3 a Zacaries mentre oficiava al temple, la nominaci\u00f3 de Joan Baptista i Maria amb el Nen rebent l\u2019adoraci\u00f3 dels Reis d\u2019Orient, que comparteixen escena amb Herodes.<br \/>\nDe les escenes del registre superior nom\u00e9s se\u2019n va conservar la meitat de sota i, per tant, \u00e9s m\u00e9s dif\u00edcil d\u2019interpretar. Una d\u2019aquestes escenes podria ser la caritat de sant Mart\u00ed amb el personatge que talla la seva capa per donar-la a un altre, i a l\u2019escena de m\u00e9s a la dreta, uns \u00e0ngels armats, amb l\u2019arc\u00e0ngel Miquel combatent el drac.<br \/>\nLa part inferior est\u00e0 decorada, de nou, amb un cortinatge pintat i, per sota d\u2019aquests, encara m\u00e9s restes de pintura original.<\/p>\n<p>Ara, has d\u2019anar davant el retaule barroc de l\u2019entrada.<\/p>\n    <\/div>\n  <\/div>\n<\/div>\n    <\/section>\n\n\n<div class=\"flex flex-col gap-6 element video-block\">\n  <div class=\"flex flex-col gap-3\">\n      <\/div>\n            <div class=\"relative w-full h-auto bg-black cursor-pointer text-accent lightgallery-video aspect-video\"\n        data-lg-size=\"1280-720\" data-src=\"https:\/\/www.youtube.com\/watch?v=oKTOi2MMGX4\">\n                  <div class=\"absolute inset-0\" style=\"background-color: rgba(0,0,0,0.2)\"><\/div>\n          <svg class=\"absolute top-1\/2 left-1\/2 transform -translate-x-1\/2 -translate-y-1\/2 w-20 h-20 pointer-events-none\" fill=\"none\" xmlns=\"http:\/\/www.w3.org\/2000\/svg\" viewBox=\"0 0 80 81\">\n  <path\n    d=\"m30 58.873 28-18-28-18v36Zm10 22c-5.533 0-10.733-1.05-15.6-3.15-4.867-2.1-9.1-4.95-12.7-8.55-3.6-3.6-6.45-7.833-8.55-12.7C1.05 51.606 0 46.406 0 40.873c0-5.533 1.05-10.733 3.15-15.6 2.1-4.867 4.95-9.1 8.55-12.7 3.6-3.6 7.833-6.45 12.7-8.55 4.867-2.1 10.067-3.15 15.6-3.15 5.533 0 10.733 1.05 15.6 3.15 4.867 2.1 9.1 4.95 12.7 8.55 3.6 3.6 6.45 7.833 8.55 12.7C78.95 30.14 80 35.34 80 40.873c0 5.533-1.05 10.733-3.15 15.6-2.1 4.867-4.95 9.1-8.55 12.7-3.6 3.6-7.833 6.45-12.7 8.55-4.867 2.1-10.067 3.15-15.6 3.15Z\"\n    fill=\"currentColor\" \/>\n<\/svg>          <img decoding=\"async\" class=\"object-cover object-center w-full h-auto aspect-video\" src=\"https:\/\/i.ytimg.com\/vi\/oKTOi2MMGX4\/sddefault.jpg\" \/>\n              <\/div>\n      <\/div>\n\n\n<div class=\"flex flex-col gap-3 element text-block\">\n  <div class=\"flex items-center gap-6\">\n              <h2 class=\"text-2xl font-bold\">9g Sortida<\/h2>\n      <\/div>\n    <\/div>\n\n\n<div class=\"flex flex-col gap-6 element image-block\">\n  <div class=\"flex flex-col gap-3\">\n      <\/div>\n      <figure>\n      <img loading=\"lazy\" decoding=\"async\" width=\"743\" height=\"1262\" src=\"https:\/\/guiesullsdelahistoria.cat\/app\/uploads\/2024\/11\/Santa_Maria_de_Taull_retaule_entrada.jpg\" class=\"w-full h-auto\" alt=\"Retaule barroc situat a prop de l\u2019entrada a l\u2019interior de l\u2019esgl\u00e9sia de Santa Maria de Ta\u00fcll.\" srcset=\"https:\/\/guiesullsdelahistoria.cat\/app\/uploads\/2024\/11\/Santa_Maria_de_Taull_retaule_entrada.jpg 743w, https:\/\/guiesullsdelahistoria.cat\/app\/uploads\/2024\/11\/Santa_Maria_de_Taull_retaule_entrada-177x300.jpg 177w, https:\/\/guiesullsdelahistoria.cat\/app\/uploads\/2024\/11\/Santa_Maria_de_Taull_retaule_entrada-603x1024.jpg 603w\" sizes=\"auto, (max-width: 743px) 100vw, 743px\" \/>\n              <figcaption class=\"pt-2 text-gray-800\">Retaule barroc de Santa Maria de Ta\u00fcll.<\/figcaption>\n          <\/figure>\n  <\/div>\n\n\n<section class=\"element audio-block\">\n  <div class=\"flex flex-col w-full gap-6\">\n    <div class=\"flex flex-col gap-3\">\n      <div class=\"flex gap-6\">\n                          <h2 class=\"text-2xl font-bold\">El retaule barroc i les piques<\/h2>\n              <\/div>\n          <\/div>\n    <div class=\"flex items-center justify-end gap-3\">\n              <div class=\"flex-1 audio-content\" dir=\"ltr\">\n          <audio id=\"audio-178203b40d29f9e54b8a7391f4409fcc\" data-label=\"El retaule barroc i les piques\"\n            data-category=\"SANTA-MARIA-DE-TAULL-CAT-GENERAL-PLAY-6.mp3\" class=\"hidden\" controls\n            src=\"https:\/\/guiesullsdelahistoria.cat\/app\/uploads\/2024\/11\/SANTA-MARIA-DE-TAULL-CAT-GENERAL-PLAY-6.mp3\"><\/audio>\n          <div class=\"flex items-center w-full gap-3 transition-opacity opacity-0 meta\">\n            <progress class=\"flex-1 border-0 appearance-none\" value=\"0\" max=\"1\"><\/progress>\n            <div class=\"text-sm text-center shrink-0 current-time w-9\"><\/div>\n                      <\/div>\n        <\/div>\n            <div class=\"flex flex-col items-center gap-2 shrink-1 audio-control\">\n        <button\n  class=\"flex items-center justify-center w-32 max-w-32 h-32 max-h-32 transition-[max-height,_max-width] bg-black rounded-full btn text-accent\"\n  data-target=\"#audio-178203b40d29f9e54b8a7391f4409fcc\">\n  <svg width=\"100%\" height=\"100%\" viewBox=\"0 0 36 36\" version=\"1.1\" xmlns=\"http:\/\/www.w3.org\/2000\/svg\" xmlns:xlink=\"http:\/\/www.w3.org\/1999\/xlink\">\n  <path id=\"ytp-12\" d=\"M11,10 L18,13.74 18,22.28 11,26 M18,13.74 L26,18 26,18 18,22.28\" fill=\"currentColor\">\n    <animate id=\"animation\" begin=\"indefinite\" attributeType=\"XML\" attributeName=\"d\" fill=\"freeze\" from=\"M11,10 L17,10 17,26 11,26 M20,10 L26,10 26,26 20,26\" to=\"M11,10 L18,13.74 18,22.28 11,26 M18,13.74 L26,18 26,18 18,22.28\" dur=\"0.1s\" keySplines=\".4 0 1 1\" repeatCount=\"1\" data-play=\"M11,10 L18,13.74 18,22.28 11,26 M18,13.74 L26,18 26,18 18,22.28\" data-pause=\"M11,10 L17,10 17,26 11,26 M20,10 L26,10 26,26 20,26\"><\/animate>\n  <\/path>\n<\/svg>\n<\/button>\n        <p class=\"text-base text-center\">Escolta<\/p>\n      <\/div>\n    <\/div>\n\n    \n          <div class=\"flex flex-wrap justify-between gap-6 md:justify-start\">\n                  <button data-target=\"#transcription-178203b40d29f9e54b8a7391f4409fcc\" data-toggle=\"modal\" class=\"flex items-center gap-2\">\n            <svg class=\"w-6 h-6\" fill=\"none\" xmlns=\"http:\/\/www.w3.org\/2000\/svg\" viewBox=\"0 0 22 12\"><path d=\"M0 9.873v-6c0-.55.196-1.02.588-1.412A1.926 1.926 0 0 1 2 1.873h2c.55 0 1.02.196 1.412.588.392.391.588.862.588 1.412v6H4v-2H2v2H0Zm2-4h2v-2H2v2Zm6 4v-8h4c.55 0 1.02.196 1.412.588.392.391.588.862.588 1.412v4c0 .55-.196 1.021-.588 1.413A1.926 1.926 0 0 1 12 9.873H8Zm2-2h2v-4h-2v4Zm6.85.8-1.4-1.425c.183-.183.32-.391.413-.625.091-.233.137-.483.137-.75 0-.283-.046-.537-.137-.762a1.85 1.85 0 0 0-.413-.613l1.4-1.45c.367.367.65.792.85 1.275.2.484.3 1 .3 1.55s-.1 1.063-.3 1.538c-.2.475-.483.896-.85 1.262Zm2.825 2.825-1.45-1.375c.55-.55.983-1.187 1.3-1.912A5.775 5.775 0 0 0 20 5.873c0-.85-.158-1.633-.475-2.35a6.217 6.217 0 0 0-1.3-1.9l1.45-1.4a7.94 7.94 0 0 1 1.712 2.55c.409.967.613 2 .613 3.1s-.204 2.13-.613 3.088a7.977 7.977 0 0 1-1.712 2.537Z\" fill=\"#000\"\/><\/svg>            <span>Transcripci\u00f3<\/span>\n          <\/button>\n                      <\/div>\n      <\/div>\n\n      <div id=\"transcription-178203b40d29f9e54b8a7391f4409fcc\"\n  class=\"fixed inset-0 z-50 hidden w-screen h-screen opacity-0 pointer-events-none modal transcription\"\n  tabindex=\"-1\" role=\"dialog\">\n  <div class=\"absolute w-full h-full bg-black opacity-75 modal-overlay\"><\/div>\n  <div\n    class=\"absolute z-30 w-11\/12 mx-auto overflow-y-auto text-black bg-white shadow-lg modal-container center-xy md:max-w-4xl\"\n    role=\"document\">\n    <div class=\"flex items-center justify-between px-4 py-4 text-gray-700 border-b md:px-8\">\n      <h2 class=\"!mb-0 font-bold\">Transcripci\u00f3<\/h2>\n      <div class=\"z-50 flex flex-col items-center ml-auto cursor-pointer rtl:ml-0 rtl:mr-auto modal-close\">\n        <svg class=\"w-auto h-6\" width=\"18\" height=\"23\" xmlns=\"http:\/\/www.w3.org\/2000\/svg\">\n  <g stroke=\"currentColor\" fill=\"none\" fill-rule=\"evenodd\" stroke-linecap=\"square\">\n    <path d=\"M.7248.974l16.1076 20.6167M16.655 1.2654L.9097 22.1601\" \/>\n  <\/g>\n<\/svg>        <div class=\"hidden\">Close<\/div>\n      <\/div>\n    <\/div>\n    <div class=\"px-4 py-8 overflow-y-auto max-h-modal md:px-8 modal-content\">\n      <div class=\"mb-8 flex flex-col gap-1.5\">\n                      <h3 class=\"text-xl font-bold\">El retaule barroc i les piques<\/h3>\n                            <\/div>\n            <p>Aquest retaule barroc que tens al davant va presidir l\u2019absis principal durant el segle XVIII i fins al XX. En tot aquest temps, va mantenir ocultes les pintures rom\u00e0niques. Segurament, aquest retaule les va protegir de la degradaci\u00f3 i, ves a saber, si de la seva desaparici\u00f3.<\/p>\n<p>El retaule est\u00e0 dividit en dues parts: a la part superior hi ha representat l\u2019arc\u00e0ngel sant Miquel, amb sant Pau a l\u2019esquerra i sant Pere a la dreta. A la part inferior hi ha la Mare de D\u00e9u, amb sant Joan Evangelista a l\u2019esquerra i sant Isidre a la dreta.<br \/>\nEn aquesta zona de l\u2019esgl\u00e9sia tamb\u00e9 hi ha les tres piques rom\u00e0niques. La pica m\u00e9s gran \u00e9s la de l\u2019oli, que servia per guardar el combustible que feien servir les ll\u00e0nties que il\u00b7luminaven l\u2019esgl\u00e9sia. Al costat hi ha la pica baptismal. I a l\u2019esquerra, la pica d\u2019aigua bene\u00efda.<\/p>\n    <\/div>\n  <\/div>\n<\/div>\n    <\/section>\n\n\n<div class=\"flex flex-col gap-6 element video-block\">\n  <div class=\"flex flex-col gap-3\">\n      <\/div>\n            <div class=\"relative w-full h-auto bg-black cursor-pointer text-accent lightgallery-video aspect-video\"\n        data-lg-size=\"1280-720\" data-src=\"https:\/\/www.youtube.com\/watch?v=1gYaIzfLFq0\">\n                  <div class=\"absolute inset-0\" style=\"background-color: rgba(0,0,0,0.2)\"><\/div>\n          <svg class=\"absolute top-1\/2 left-1\/2 transform -translate-x-1\/2 -translate-y-1\/2 w-20 h-20 pointer-events-none\" fill=\"none\" xmlns=\"http:\/\/www.w3.org\/2000\/svg\" viewBox=\"0 0 80 81\">\n  <path\n    d=\"m30 58.873 28-18-28-18v36Zm10 22c-5.533 0-10.733-1.05-15.6-3.15-4.867-2.1-9.1-4.95-12.7-8.55-3.6-3.6-6.45-7.833-8.55-12.7C1.05 51.606 0 46.406 0 40.873c0-5.533 1.05-10.733 3.15-15.6 2.1-4.867 4.95-9.1 8.55-12.7 3.6-3.6 7.833-6.45 12.7-8.55 4.867-2.1 10.067-3.15 15.6-3.15 5.533 0 10.733 1.05 15.6 3.15 4.867 2.1 9.1 4.95 12.7 8.55 3.6 3.6 6.45 7.833 8.55 12.7C78.95 30.14 80 35.34 80 40.873c0 5.533-1.05 10.733-3.15 15.6-2.1 4.867-4.95 9.1-8.55 12.7-3.6 3.6-7.833 6.45-12.7 8.55-4.867 2.1-10.067 3.15-15.6 3.15Z\"\n    fill=\"currentColor\" \/>\n<\/svg>          <img decoding=\"async\" class=\"object-cover object-center w-full h-auto aspect-video\" src=\"https:\/\/i.ytimg.com\/vi\/1gYaIzfLFq0\/sddefault.jpg\" \/>\n              <\/div>\n      <\/div>\n\n\n<div class=\"flex flex-col gap-3 element text-block\">\n  <div class=\"flex items-center gap-6\">\n              <h2 class=\"text-2xl font-bold\">9h T\u2019hi esperem!<\/h2>\n      <\/div>\n    <\/div>\n\n\n<section class=\"element audio-block\">\n  <div class=\"flex flex-col w-full gap-6\">\n    <div class=\"flex flex-col gap-3\">\n      <div class=\"flex gap-6\">\n                          <h2 class=\"text-2xl font-bold\">La visita continua<\/h2>\n              <\/div>\n          <\/div>\n    <div class=\"flex items-center justify-end gap-3\">\n              <div class=\"flex-1 audio-content\" dir=\"ltr\">\n          <audio id=\"audio-248fba9e71cc83cbd39f53280396d4b6\" data-label=\"La visita continua\"\n            data-category=\"SANTA-MARIA-DE-TAULL-CAT-GENERAL-PLAY-CLOENDA.mp3\" class=\"hidden\" controls\n            src=\"https:\/\/guiesullsdelahistoria.cat\/app\/uploads\/2024\/11\/SANTA-MARIA-DE-TAULL-CAT-GENERAL-PLAY-CLOENDA.mp3\"><\/audio>\n          <div class=\"flex items-center w-full gap-3 transition-opacity opacity-0 meta\">\n            <progress class=\"flex-1 border-0 appearance-none\" value=\"0\" max=\"1\"><\/progress>\n            <div class=\"text-sm text-center shrink-0 current-time w-9\"><\/div>\n                      <\/div>\n        <\/div>\n            <div class=\"flex flex-col items-center gap-2 shrink-1 audio-control\">\n        <button\n  class=\"flex items-center justify-center w-32 max-w-32 h-32 max-h-32 transition-[max-height,_max-width] bg-black rounded-full btn text-accent\"\n  data-target=\"#audio-248fba9e71cc83cbd39f53280396d4b6\">\n  <svg width=\"100%\" height=\"100%\" viewBox=\"0 0 36 36\" version=\"1.1\" xmlns=\"http:\/\/www.w3.org\/2000\/svg\" xmlns:xlink=\"http:\/\/www.w3.org\/1999\/xlink\">\n  <path id=\"ytp-12\" d=\"M11,10 L18,13.74 18,22.28 11,26 M18,13.74 L26,18 26,18 18,22.28\" fill=\"currentColor\">\n    <animate id=\"animation\" begin=\"indefinite\" attributeType=\"XML\" attributeName=\"d\" fill=\"freeze\" from=\"M11,10 L17,10 17,26 11,26 M20,10 L26,10 26,26 20,26\" to=\"M11,10 L18,13.74 18,22.28 11,26 M18,13.74 L26,18 26,18 18,22.28\" dur=\"0.1s\" keySplines=\".4 0 1 1\" repeatCount=\"1\" data-play=\"M11,10 L18,13.74 18,22.28 11,26 M18,13.74 L26,18 26,18 18,22.28\" data-pause=\"M11,10 L17,10 17,26 11,26 M20,10 L26,10 26,26 20,26\"><\/animate>\n  <\/path>\n<\/svg>\n<\/button>\n        <p class=\"text-base text-center\">Escolta<\/p>\n      <\/div>\n    <\/div>\n\n    \n          <div class=\"flex flex-wrap justify-between gap-6 md:justify-start\">\n                  <button data-target=\"#transcription-248fba9e71cc83cbd39f53280396d4b6\" data-toggle=\"modal\" class=\"flex items-center gap-2\">\n            <svg class=\"w-6 h-6\" fill=\"none\" xmlns=\"http:\/\/www.w3.org\/2000\/svg\" viewBox=\"0 0 22 12\"><path d=\"M0 9.873v-6c0-.55.196-1.02.588-1.412A1.926 1.926 0 0 1 2 1.873h2c.55 0 1.02.196 1.412.588.392.391.588.862.588 1.412v6H4v-2H2v2H0Zm2-4h2v-2H2v2Zm6 4v-8h4c.55 0 1.02.196 1.412.588.392.391.588.862.588 1.412v4c0 .55-.196 1.021-.588 1.413A1.926 1.926 0 0 1 12 9.873H8Zm2-2h2v-4h-2v4Zm6.85.8-1.4-1.425c.183-.183.32-.391.413-.625.091-.233.137-.483.137-.75 0-.283-.046-.537-.137-.762a1.85 1.85 0 0 0-.413-.613l1.4-1.45c.367.367.65.792.85 1.275.2.484.3 1 .3 1.55s-.1 1.063-.3 1.538c-.2.475-.483.896-.85 1.262Zm2.825 2.825-1.45-1.375c.55-.55.983-1.187 1.3-1.912A5.775 5.775 0 0 0 20 5.873c0-.85-.158-1.633-.475-2.35a6.217 6.217 0 0 0-1.3-1.9l1.45-1.4a7.94 7.94 0 0 1 1.712 2.55c.409.967.613 2 .613 3.1s-.204 2.13-.613 3.088a7.977 7.977 0 0 1-1.712 2.537Z\" fill=\"#000\"\/><\/svg>            <span>Transcripci\u00f3<\/span>\n          <\/button>\n                      <\/div>\n      <\/div>\n\n      <div id=\"transcription-248fba9e71cc83cbd39f53280396d4b6\"\n  class=\"fixed inset-0 z-50 hidden w-screen h-screen opacity-0 pointer-events-none modal transcription\"\n  tabindex=\"-1\" role=\"dialog\">\n  <div class=\"absolute w-full h-full bg-black opacity-75 modal-overlay\"><\/div>\n  <div\n    class=\"absolute z-30 w-11\/12 mx-auto overflow-y-auto text-black bg-white shadow-lg modal-container center-xy md:max-w-4xl\"\n    role=\"document\">\n    <div class=\"flex items-center justify-between px-4 py-4 text-gray-700 border-b md:px-8\">\n      <h2 class=\"!mb-0 font-bold\">Transcripci\u00f3<\/h2>\n      <div class=\"z-50 flex flex-col items-center ml-auto cursor-pointer rtl:ml-0 rtl:mr-auto modal-close\">\n        <svg class=\"w-auto h-6\" width=\"18\" height=\"23\" xmlns=\"http:\/\/www.w3.org\/2000\/svg\">\n  <g stroke=\"currentColor\" fill=\"none\" fill-rule=\"evenodd\" stroke-linecap=\"square\">\n    <path d=\"M.7248.974l16.1076 20.6167M16.655 1.2654L.9097 22.1601\" \/>\n  <\/g>\n<\/svg>        <div class=\"hidden\">Close<\/div>\n      <\/div>\n    <\/div>\n    <div class=\"px-4 py-8 overflow-y-auto max-h-modal md:px-8 modal-content\">\n      <div class=\"mb-8 flex flex-col gap-1.5\">\n                      <h3 class=\"text-xl font-bold\">La visita continua<\/h3>\n                            <\/div>\n            <p>Aqu\u00ed s\u2019acaba la visita a l\u2019esgl\u00e9sia. Ara et convidem a con\u00e8ixer les altres, que constitueixen el Conjunt Rom\u00e0nic de la Vall de Bo\u00ed. T\u2019hi esperem!<\/p>\n    <\/div>\n  <\/div>\n<\/div>\n    <\/section>\n\n\n<div class=\"flex flex-col gap-6 element video-block\">\n  <div class=\"flex flex-col gap-3\">\n      <\/div>\n            <div class=\"relative w-full h-auto bg-black cursor-pointer text-accent lightgallery-video aspect-video\"\n        data-lg-size=\"1280-720\" data-src=\"https:\/\/www.youtube.com\/watch?v=Pjqn5tLaewQ\">\n                  <div class=\"absolute inset-0\" style=\"background-color: rgba(0,0,0,0.2)\"><\/div>\n          <svg class=\"absolute top-1\/2 left-1\/2 transform -translate-x-1\/2 -translate-y-1\/2 w-20 h-20 pointer-events-none\" fill=\"none\" xmlns=\"http:\/\/www.w3.org\/2000\/svg\" viewBox=\"0 0 80 81\">\n  <path\n    d=\"m30 58.873 28-18-28-18v36Zm10 22c-5.533 0-10.733-1.05-15.6-3.15-4.867-2.1-9.1-4.95-12.7-8.55-3.6-3.6-6.45-7.833-8.55-12.7C1.05 51.606 0 46.406 0 40.873c0-5.533 1.05-10.733 3.15-15.6 2.1-4.867 4.95-9.1 8.55-12.7 3.6-3.6 7.833-6.45 12.7-8.55 4.867-2.1 10.067-3.15 15.6-3.15 5.533 0 10.733 1.05 15.6 3.15 4.867 2.1 9.1 4.95 12.7 8.55 3.6 3.6 6.45 7.833 8.55 12.7C78.95 30.14 80 35.34 80 40.873c0 5.533-1.05 10.733-3.15 15.6-2.1 4.867-4.95 9.1-8.55 12.7-3.6 3.6-7.833 6.45-12.7 8.55-4.867 2.1-10.067 3.15-15.6 3.15Z\"\n    fill=\"currentColor\" \/>\n<\/svg>          <img decoding=\"async\" class=\"object-cover object-center w-full h-auto aspect-video\" src=\"https:\/\/i.ytimg.com\/vi\/Pjqn5tLaewQ\/sddefault.jpg\" \/>\n              <\/div>\n      <\/div>\n\n\n<div class=\"flex flex-col gap-3 element text-block\">\n  <div class=\"flex items-center gap-6\">\n              <h2 class=\"text-2xl font-bold\">Cloenda<\/h2>\n      <\/div>\n        <div class=\"prose prose-lg\"><p><em>\u201cEls Ulls de la Hist\u00f2ria. Una mirada immersiva sobre el patrimoni\u201d<\/em> \u00e9s una iniciativa de l\u2019Ag\u00e8ncia Catalana del Patrimoni Cultural. Un projecte que incorpora altres veus i altres mirades sobre el nostre passat. Perqu\u00e8 totes i tots fem hist\u00f2ria.<\/p>\n<\/div>\n  <\/div>\n\n<\/div>\n      <\/div>\n    <\/div>\n  <\/section>\n","protected":false},"author":3,"featured_media":0,"parent":0,"template":"template-guide--ullsdelahistoria.blade.php","class_list":["post-5449","guide","type-guide","status-publish","hentry"],"acf":[],"yoast_head":"<!-- This site is optimized with the Yoast SEO plugin v27.0 - https:\/\/yoast.com\/product\/yoast-seo-wordpress\/ -->\n<title>Guia multim\u00e8dia del Conjunt Rom\u00e0nic de la Vall de Bo\u00ed - Muzee<\/title>\n<meta name=\"robots\" content=\"index, follow, max-snippet:-1, max-image-preview:large, max-video-preview:-1\" \/>\n<link rel=\"canonical\" href=\"https:\/\/guiesullsdelahistoria.cat\/ca\/patrimoni\/guide\/la-vall-de-boi\/\" \/>\n<meta property=\"og:locale\" content=\"ca_ES\" \/>\n<meta property=\"og:type\" content=\"article\" \/>\n<meta property=\"og:title\" content=\"Guia multim\u00e8dia del Conjunt Rom\u00e0nic de la Vall de Bo\u00ed - Muzee\" \/>\n<meta property=\"og:url\" content=\"https:\/\/guiesullsdelahistoria.cat\/ca\/patrimoni\/guide\/la-vall-de-boi\/\" \/>\n<meta property=\"og:site_name\" content=\"Muzee\" \/>\n<meta property=\"article:modified_time\" content=\"2025-02-06T10:59:32+00:00\" \/>\n<meta name=\"twitter:card\" content=\"summary_large_image\" \/>\n<meta name=\"twitter:label1\" content=\"Est. reading time\" \/>\n\t<meta name=\"twitter:data1\" content=\"84 minutes\" \/>\n<script type=\"application\/ld+json\" class=\"yoast-schema-graph\">{\"@context\":\"https:\/\/schema.org\",\"@graph\":[{\"@type\":\"WebPage\",\"@id\":\"https:\/\/guiesullsdelahistoria.cat\/ca\/patrimoni\/guide\/la-vall-de-boi\/\",\"url\":\"https:\/\/guiesullsdelahistoria.cat\/ca\/patrimoni\/guide\/la-vall-de-boi\/\",\"name\":\"Guia multim\u00e8dia del Conjunt Rom\u00e0nic de la Vall de Bo\u00ed - Muzee\",\"isPartOf\":{\"@id\":\"https:\/\/guiesullsdelahistoria.cat\/#website\"},\"datePublished\":\"2024-11-20T14:57:58+00:00\",\"dateModified\":\"2025-02-06T10:59:32+00:00\",\"breadcrumb\":{\"@id\":\"https:\/\/guiesullsdelahistoria.cat\/ca\/patrimoni\/guide\/la-vall-de-boi\/#breadcrumb\"},\"inLanguage\":\"ca\",\"potentialAction\":[{\"@type\":\"ReadAction\",\"target\":[\"https:\/\/guiesullsdelahistoria.cat\/ca\/patrimoni\/guide\/la-vall-de-boi\/\"]}]},{\"@type\":\"BreadcrumbList\",\"@id\":\"https:\/\/guiesullsdelahistoria.cat\/ca\/patrimoni\/guide\/la-vall-de-boi\/#breadcrumb\",\"itemListElement\":[{\"@type\":\"ListItem\",\"position\":1,\"name\":\"Home\",\"item\":\"https:\/\/guiesullsdelahistoria.cat\/\"},{\"@type\":\"ListItem\",\"position\":2,\"name\":\"Guia multim\u00e8dia del Conjunt Rom\u00e0nic de la Vall de Bo\u00ed\"}]},{\"@type\":\"WebSite\",\"@id\":\"https:\/\/guiesullsdelahistoria.cat\/#website\",\"url\":\"https:\/\/guiesullsdelahistoria.cat\/\",\"name\":\"Muzee\",\"description\":\"\",\"potentialAction\":[{\"@type\":\"SearchAction\",\"target\":{\"@type\":\"EntryPoint\",\"urlTemplate\":\"https:\/\/guiesullsdelahistoria.cat\/?s={search_term_string}\"},\"query-input\":{\"@type\":\"PropertyValueSpecification\",\"valueRequired\":true,\"valueName\":\"search_term_string\"}}],\"inLanguage\":\"ca\"}]}<\/script>\n<!-- \/ Yoast SEO plugin. -->","yoast_head_json":{"title":"Guia multim\u00e8dia del Conjunt Rom\u00e0nic de la Vall de Bo\u00ed - Muzee","robots":{"index":"index","follow":"follow","max-snippet":"max-snippet:-1","max-image-preview":"max-image-preview:large","max-video-preview":"max-video-preview:-1"},"canonical":"https:\/\/guiesullsdelahistoria.cat\/ca\/patrimoni\/guide\/la-vall-de-boi\/","og_locale":"ca_ES","og_type":"article","og_title":"Guia multim\u00e8dia del Conjunt Rom\u00e0nic de la Vall de Bo\u00ed - Muzee","og_url":"https:\/\/guiesullsdelahistoria.cat\/ca\/patrimoni\/guide\/la-vall-de-boi\/","og_site_name":"Muzee","article_modified_time":"2025-02-06T10:59:32+00:00","twitter_card":"summary_large_image","twitter_misc":{"Est. reading time":"84 minutes"},"schema":{"@context":"https:\/\/schema.org","@graph":[{"@type":"WebPage","@id":"https:\/\/guiesullsdelahistoria.cat\/ca\/patrimoni\/guide\/la-vall-de-boi\/","url":"https:\/\/guiesullsdelahistoria.cat\/ca\/patrimoni\/guide\/la-vall-de-boi\/","name":"Guia multim\u00e8dia del Conjunt Rom\u00e0nic de la Vall de Bo\u00ed - Muzee","isPartOf":{"@id":"https:\/\/guiesullsdelahistoria.cat\/#website"},"datePublished":"2024-11-20T14:57:58+00:00","dateModified":"2025-02-06T10:59:32+00:00","breadcrumb":{"@id":"https:\/\/guiesullsdelahistoria.cat\/ca\/patrimoni\/guide\/la-vall-de-boi\/#breadcrumb"},"inLanguage":"ca","potentialAction":[{"@type":"ReadAction","target":["https:\/\/guiesullsdelahistoria.cat\/ca\/patrimoni\/guide\/la-vall-de-boi\/"]}]},{"@type":"BreadcrumbList","@id":"https:\/\/guiesullsdelahistoria.cat\/ca\/patrimoni\/guide\/la-vall-de-boi\/#breadcrumb","itemListElement":[{"@type":"ListItem","position":1,"name":"Home","item":"https:\/\/guiesullsdelahistoria.cat\/"},{"@type":"ListItem","position":2,"name":"Guia multim\u00e8dia del Conjunt Rom\u00e0nic de la Vall de Bo\u00ed"}]},{"@type":"WebSite","@id":"https:\/\/guiesullsdelahistoria.cat\/#website","url":"https:\/\/guiesullsdelahistoria.cat\/","name":"Muzee","description":"","potentialAction":[{"@type":"SearchAction","target":{"@type":"EntryPoint","urlTemplate":"https:\/\/guiesullsdelahistoria.cat\/?s={search_term_string}"},"query-input":{"@type":"PropertyValueSpecification","valueRequired":true,"valueName":"search_term_string"}}],"inLanguage":"ca"}]}},"_links":{"self":[{"href":"https:\/\/guiesullsdelahistoria.cat\/ca\/wp-json\/wp\/v2\/guide\/5449","targetHints":{"allow":["GET"]}}],"collection":[{"href":"https:\/\/guiesullsdelahistoria.cat\/ca\/wp-json\/wp\/v2\/guide"}],"about":[{"href":"https:\/\/guiesullsdelahistoria.cat\/ca\/wp-json\/wp\/v2\/types\/guide"}],"author":[{"embeddable":true,"href":"https:\/\/guiesullsdelahistoria.cat\/ca\/wp-json\/wp\/v2\/users\/3"}],"wp:attachment":[{"href":"https:\/\/guiesullsdelahistoria.cat\/ca\/wp-json\/wp\/v2\/media?parent=5449"}],"curies":[{"name":"wp","href":"https:\/\/api.w.org\/{rel}","templated":true}]}}