{"id":8922,"date":"2025-01-30T16:39:34","date_gmt":"2025-01-30T16:39:34","guid":{"rendered":"https:\/\/guiesullsdelahistoria.cat\/?post_type=guide&#038;p=8922"},"modified":"2025-02-06T11:01:59","modified_gmt":"2025-02-06T11:01:59","slug":"la-vall-de-boi-familiar","status":"publish","type":"guide","link":"https:\/\/guiesullsdelahistoria.cat\/ca\/patrimoni\/guide\/la-vall-de-boi-familiar\/","title":{"rendered":"Guia multim\u00e8dia del Conjunt Rom\u00e0nic de la Vall de Bo\u00ed (familiar)"},"content":{"rendered":"<div class=\"flex flex-col gap-3 element text-block\">\n  <div class=\"flex items-center gap-6\">\n          <\/div>\n        <div class=\"prose prose-lg\"><p>La guia que tens a les mans \u00e9s una eina multim\u00e8dia que t\u2019ajudar\u00e0 a con\u00e8ixer millor les esgl\u00e9sies que formen el Conjunt Rom\u00e0nic de la Vall de Bo\u00ed. Descobrir\u00e0s les hist\u00f2ries que hi ha al voltant de la seva construcci\u00f3 i la influ\u00e8ncia que han tingut sobre el territori al llarg dels segles.  <\/p>\n<\/div>\n  <\/div>\n\n\n<div class=\"flex flex-col gap-6 element image-block\">\n  <div class=\"flex flex-col gap-3\">\n      <\/div>\n      <figure>\n      <img loading=\"lazy\" decoding=\"async\" width=\"1024\" height=\"680\" src=\"https:\/\/guiesullsdelahistoria.cat\/app\/uploads\/2024\/11\/Nativitat_de_Durro_ferro_porta_DSC0116_J.BARBERO.jpg\" class=\"w-full h-auto\" alt=\"Detall del forrellat medieval de la porta de l\u2019esgl\u00e9sia de la Nativitat de Durro. Passador cap\u00e7at amb figura d\u2019animal i planxa del pany decorada.\" srcset=\"https:\/\/guiesullsdelahistoria.cat\/app\/uploads\/2024\/11\/Nativitat_de_Durro_ferro_porta_DSC0116_J.BARBERO.jpg 1024w, https:\/\/guiesullsdelahistoria.cat\/app\/uploads\/2024\/11\/Nativitat_de_Durro_ferro_porta_DSC0116_J.BARBERO-300x199.jpg 300w, https:\/\/guiesullsdelahistoria.cat\/app\/uploads\/2024\/11\/Nativitat_de_Durro_ferro_porta_DSC0116_J.BARBERO-768x510.jpg 768w\" sizes=\"auto, (max-width: 1024px) 100vw, 1024px\" \/>\n              <figcaption class=\"pt-2 text-gray-800\">Forrellat de la porta de la Nativitat de Durro<\/figcaption>\n          <\/figure>\n  <\/div>\n\n\n<section class=\"container overflow-hidden section\" id=\"section-69f5c67159fec\" data-title=\"1. L'Assumpci\u00f3 de C\u00f3ll\">\n    <div class=\"relative z-10 w-full -mb-8 section-pictogram\">\n            <div class=\"flex h-40 text-darker-accent justify-end\">\n        <svg class=\"w-auto h-full\" width=\"172\" height=\"173\" viewBox=\"0 0 172 173\" fill=\"none\" xmlns=\"http:\/\/www.w3.org\/2000\/svg\">\n  <path\n    d=\"M90.4805 87.4346C90.4805 87.4346 106.703 94.7105 106.703 119.382C106.703 147.566 90.4805 158.135 90.4805 158.135H106.703\"\n    stroke=\"currentColor\" stroke-width=\"2\" stroke-miterlimit=\"10\" stroke-linecap=\"round\" \/>\n  <path\n    d=\"M81.8516 87.4346C81.8516 87.4346 65.6289 94.7105 65.6289 119.382C65.6289 147.566 81.8516 158.135 81.8516 158.135H65.6289\"\n    stroke=\"currentColor\" stroke-width=\"2\" stroke-miterlimit=\"10\" stroke-linecap=\"round\" \/>\n  <path\n    d=\"M122.78 15.4893H50.2369C27.5752 15.4893 8.64051 33.4202 8.26377 56.0388C7.87553 79.1463 26.514 98.0005 49.5553 98.0005C57.655 98.0138 65.5779 95.6336 72.3292 91.1588C80.6692 85.6458 91.5975 85.571 99.9375 91.107C107.234 95.9635 115.891 98.3644 124.647 97.9602C145.954 97.0284 163.252 79.6439 164.063 58.3568C164.946 34.838 146.124 15.4893 122.78 15.4893Z\"\n    stroke=\"currentColor\" stroke-width=\"2\" stroke-miterlimit=\"10\" \/>\n  <path\n    d=\"M51.6542 50.822C52.3367 50.822 53.0039 50.6196 53.5714 50.2404C54.139 49.8612 54.5813 49.3222 54.8425 48.6916C55.1037 48.061 55.172 47.3671 55.0389 46.6977C54.9057 46.0283 54.577 45.4133 54.0944 44.9307C53.6118 44.4481 52.9968 44.1194 52.3274 43.9862C51.658 43.8531 50.9641 43.9214 50.3335 44.1826C49.7029 44.4438 49.1639 44.8861 48.7847 45.4537C48.4055 46.0212 48.2031 46.6884 48.2031 47.371C48.2031 48.2862 48.5667 49.164 49.2139 49.8112C49.8611 50.4584 50.7389 50.822 51.6542 50.822Z\"\n    fill=\"currentColor\" \/>\n  <path\n    d=\"M51.6542 50.822C52.3367 50.822 53.0039 50.6196 53.5714 50.2404C54.139 49.8612 54.5813 49.3222 54.8425 48.6916C55.1037 48.061 55.172 47.3671 55.0389 46.6977C54.9057 46.0283 54.577 45.4133 54.0944 44.9307C53.6118 44.4481 52.9968 44.1194 52.3274 43.9862C51.658 43.8531 50.9641 43.9214 50.3335 44.1826C49.7029 44.4438 49.1639 44.8861 48.7847 45.4537C48.4055 46.0212 48.2031 46.6884 48.2031 47.371C48.2031 48.2862 48.5667 49.164 49.2139 49.8112C49.8611 50.4584 50.7389 50.822 51.6542 50.822Z\"\n    stroke=\"currentColor\" stroke-width=\"2\" stroke-miterlimit=\"10\" \/>\n  <path\n    d=\"M120.678 50.822C121.36 50.822 122.027 50.6196 122.595 50.2404C123.162 49.8612 123.605 49.3222 123.866 48.6916C124.127 48.061 124.195 47.3671 124.062 46.6977C123.929 46.0283 123.6 45.4133 123.118 44.9307C122.635 44.4481 122.02 44.1194 121.351 43.9862C120.681 43.8531 119.988 43.9214 119.357 44.1826C118.726 44.4438 118.187 44.8861 117.808 45.4537C117.429 46.0212 117.227 46.6884 117.227 47.371C117.227 48.2862 117.59 49.164 118.237 49.8112C118.885 50.4584 119.762 50.822 120.678 50.822Z\"\n    fill=\"currentColor\" \/>\n  <path\n    d=\"M120.678 50.822C121.36 50.822 122.027 50.6196 122.595 50.2404C123.162 49.8612 123.605 49.3222 123.866 48.6916C124.127 48.061 124.195 47.3671 124.062 46.6977C123.929 46.0283 123.6 45.4133 123.118 44.9307C122.635 44.4481 122.02 44.1194 121.351 43.9862C120.681 43.8531 119.988 43.9214 119.357 44.1826C118.726 44.4438 118.187 44.8861 117.808 45.4537C117.429 46.0212 117.227 46.6884 117.227 47.371C117.227 48.2862 117.59 49.164 118.237 49.8112C118.885 50.4584 119.762 50.822 120.678 50.822Z\"\n    stroke=\"currentColor\" stroke-width=\"2\" stroke-miterlimit=\"10\" \/>\n  <path\n    d=\"M60.7188 65.7383C66.9133 74.0783 76.0126 79.3353 86.1672 79.3353C96.3219 79.3353 105.435 74.0668 111.616 65.7383H60.7188Z\"\n    stroke=\"currentColor\" stroke-width=\"2\" stroke-miterlimit=\"10\" \/>\n  <path d=\"M76.9648 65.0371V77.4522\" stroke=\"currentColor\" stroke-width=\"2\" stroke-miterlimit=\"10\" \/>\n  <path d=\"M95.3672 65.0371V77.4522\" stroke=\"currentColor\" stroke-width=\"2\" stroke-miterlimit=\"10\" \/>\n  <path d=\"M67.7617 65.0371V72.8508\" stroke=\"currentColor\" stroke-width=\"2\" stroke-miterlimit=\"10\" \/>\n  <path d=\"M104.57 65.0371V72.8508\" stroke=\"currentColor\" stroke-width=\"2\" stroke-miterlimit=\"10\" \/>\n  <path d=\"M86.1641 65.0371V79.1777\" stroke=\"currentColor\" stroke-width=\"2\" stroke-miterlimit=\"10\" \/>\n<\/svg>      <\/div>\n    <\/div>\n    <div class=\"grid w-full grid-cols-1 px-4 py-8 section-content max-md:gap-y-8 md:grid-standard rounded-xl\">\n              <div class=\"flex gap-4 md:col-span-5\">\n                                <h2 class=\"text-8 font-headings\">1. L&#8217;Assumpci\u00f3 de C\u00f3ll<\/h2>\n                  <\/div>\n            <div class=\"flex flex-col gap-8 md:col-span-6 md:col-start-7 md:gap-10\">\n        <div class=\"acf-innerblocks-container\">\n<div class=\"flex flex-col gap-3 element text-block\">\n  <div class=\"flex items-center gap-6\">\n              <h2 class=\"text-2xl font-bold\">1a Introducci\u00f3<\/h2>\n      <\/div>\n    <\/div>\n\n\n<div class=\"flex flex-col gap-6 element image-block\">\n  <div class=\"flex flex-col gap-3\">\n      <\/div>\n      <figure>\n      <img loading=\"lazy\" decoding=\"async\" width=\"1412\" height=\"939\" src=\"https:\/\/guiesullsdelahistoria.cat\/app\/uploads\/2024\/11\/Assumpcio-general.jpg\" class=\"w-full h-auto\" alt=\"Vista exterior de l\u2019esgl\u00e9sia de l\u2019Assumpci\u00f3 de C\u00f3ll amb les muntanyes al fons.\" srcset=\"https:\/\/guiesullsdelahistoria.cat\/app\/uploads\/2024\/11\/Assumpcio-general.jpg 1412w, https:\/\/guiesullsdelahistoria.cat\/app\/uploads\/2024\/11\/Assumpcio-general-300x200.jpg 300w, https:\/\/guiesullsdelahistoria.cat\/app\/uploads\/2024\/11\/Assumpcio-general-1024x681.jpg 1024w, https:\/\/guiesullsdelahistoria.cat\/app\/uploads\/2024\/11\/Assumpcio-general-768x511.jpg 768w\" sizes=\"auto, (max-width: 1412px) 100vw, 1412px\" \/>\n              <figcaption class=\"pt-2 text-gray-800\">Vista general de l\u2019Assumpci\u00f3 de C\u00f3ll.<\/figcaption>\n          <\/figure>\n  <\/div>\n\n\n<section class=\"element audio-block\">\n  <div class=\"flex flex-col w-full gap-6\">\n    <div class=\"flex flex-col gap-3\">\n      <div class=\"flex gap-6\">\n                          <h2 class=\"text-2xl font-bold\">La Vall de Bo\u00ed i les seves esgl\u00e9sies<\/h2>\n              <\/div>\n          <\/div>\n    <div class=\"flex items-center justify-end gap-3\">\n              <div class=\"flex-1 audio-content\" dir=\"ltr\">\n          <audio id=\"audio-660202fb7d72c076ec4b898739e100f6\" data-label=\"La Vall de Bo\u00ed i les seves esgl\u00e9sies\"\n            data-category=\"ASSUMPCIO-DE-COLL-CAT-FAMILIAR-PLAY-0.mp3\" class=\"hidden\" controls\n            src=\"https:\/\/guiesullsdelahistoria.cat\/app\/uploads\/2025\/01\/ASSUMPCIO-DE-COLL-CAT-FAMILIAR-PLAY-0.mp3\"><\/audio>\n          <div class=\"flex items-center w-full gap-3 transition-opacity opacity-0 meta\">\n            <progress class=\"flex-1 border-0 appearance-none\" value=\"0\" max=\"1\"><\/progress>\n            <div class=\"text-sm text-center shrink-0 current-time w-9\"><\/div>\n                      <\/div>\n        <\/div>\n            <div class=\"flex flex-col items-center gap-2 shrink-1 audio-control\">\n        <button\n  class=\"flex items-center justify-center w-32 max-w-32 h-32 max-h-32 transition-[max-height,_max-width] bg-darker-accent rounded-full btn text-white\"\n  data-target=\"#audio-660202fb7d72c076ec4b898739e100f6\">\n  <svg width=\"100%\" height=\"100%\" viewBox=\"0 0 36 36\" version=\"1.1\" xmlns=\"http:\/\/www.w3.org\/2000\/svg\" xmlns:xlink=\"http:\/\/www.w3.org\/1999\/xlink\">\n  <path id=\"ytp-12\" d=\"M11,10 L18,13.74 18,22.28 11,26 M18,13.74 L26,18 26,18 18,22.28\" fill=\"currentColor\">\n    <animate id=\"animation\" begin=\"indefinite\" attributeType=\"XML\" attributeName=\"d\" fill=\"freeze\" from=\"M11,10 L17,10 17,26 11,26 M20,10 L26,10 26,26 20,26\" to=\"M11,10 L18,13.74 18,22.28 11,26 M18,13.74 L26,18 26,18 18,22.28\" dur=\"0.1s\" keySplines=\".4 0 1 1\" repeatCount=\"1\" data-play=\"M11,10 L18,13.74 18,22.28 11,26 M18,13.74 L26,18 26,18 18,22.28\" data-pause=\"M11,10 L17,10 17,26 11,26 M20,10 L26,10 26,26 20,26\"><\/animate>\n  <\/path>\n<\/svg>\n<\/button>\n        <p class=\"text-base text-center\">Escolta<\/p>\n      <\/div>\n    <\/div>\n\n    \n          <div class=\"flex flex-wrap justify-between gap-6 md:justify-start\">\n                  <button data-target=\"#transcription-660202fb7d72c076ec4b898739e100f6\" data-toggle=\"modal\" class=\"flex items-center gap-2\">\n            <svg class=\"w-6 h-6\" fill=\"none\" xmlns=\"http:\/\/www.w3.org\/2000\/svg\" viewBox=\"0 0 22 12\"><path d=\"M0 9.873v-6c0-.55.196-1.02.588-1.412A1.926 1.926 0 0 1 2 1.873h2c.55 0 1.02.196 1.412.588.392.391.588.862.588 1.412v6H4v-2H2v2H0Zm2-4h2v-2H2v2Zm6 4v-8h4c.55 0 1.02.196 1.412.588.392.391.588.862.588 1.412v4c0 .55-.196 1.021-.588 1.413A1.926 1.926 0 0 1 12 9.873H8Zm2-2h2v-4h-2v4Zm6.85.8-1.4-1.425c.183-.183.32-.391.413-.625.091-.233.137-.483.137-.75 0-.283-.046-.537-.137-.762a1.85 1.85 0 0 0-.413-.613l1.4-1.45c.367.367.65.792.85 1.275.2.484.3 1 .3 1.55s-.1 1.063-.3 1.538c-.2.475-.483.896-.85 1.262Zm2.825 2.825-1.45-1.375c.55-.55.983-1.187 1.3-1.912A5.775 5.775 0 0 0 20 5.873c0-.85-.158-1.633-.475-2.35a6.217 6.217 0 0 0-1.3-1.9l1.45-1.4a7.94 7.94 0 0 1 1.712 2.55c.409.967.613 2 .613 3.1s-.204 2.13-.613 3.088a7.977 7.977 0 0 1-1.712 2.537Z\" fill=\"#000\"\/><\/svg>            <span>Transcripci\u00f3<\/span>\n          <\/button>\n                      <\/div>\n      <\/div>\n\n      <div id=\"transcription-660202fb7d72c076ec4b898739e100f6\"\n  class=\"fixed inset-0 z-50 hidden w-screen h-screen opacity-0 pointer-events-none modal transcription\"\n  tabindex=\"-1\" role=\"dialog\">\n  <div class=\"absolute w-full h-full bg-black opacity-75 modal-overlay\"><\/div>\n  <div\n    class=\"absolute z-30 w-11\/12 mx-auto overflow-y-auto text-black bg-white shadow-lg modal-container center-xy md:max-w-4xl\"\n    role=\"document\">\n    <div class=\"flex items-center justify-between px-4 py-4 text-gray-700 border-b md:px-8\">\n      <h2 class=\"!mb-0 font-bold\">Transcripci\u00f3<\/h2>\n      <div class=\"z-50 flex flex-col items-center ml-auto cursor-pointer rtl:ml-0 rtl:mr-auto modal-close\">\n        <svg class=\"w-auto h-6\" width=\"18\" height=\"23\" xmlns=\"http:\/\/www.w3.org\/2000\/svg\">\n  <g stroke=\"currentColor\" fill=\"none\" fill-rule=\"evenodd\" stroke-linecap=\"square\">\n    <path d=\"M.7248.974l16.1076 20.6167M16.655 1.2654L.9097 22.1601\" \/>\n  <\/g>\n<\/svg>        <div class=\"hidden\">Close<\/div>\n      <\/div>\n    <\/div>\n    <div class=\"px-4 py-8 overflow-y-auto max-h-modal md:px-8 modal-content\">\n      <div class=\"mb-8 flex flex-col gap-1.5\">\n                      <h3 class=\"text-xl font-bold\">La Vall de Bo\u00ed i les seves esgl\u00e9sies<\/h3>\n                            <\/div>\n            <p>Et donem la benvinguda a la Vall de Bo\u00ed i t\u2019animem a con\u00e8ixer el conjunt d\u2019esgl\u00e9sies rom\u00e0niques que hi ha als diversos pobles de la Vall. <\/p>\n<p>Aquestes esgl\u00e9sies s\u00f3n tan importants que la UNESCO, una organitzaci\u00f3 que promou la col\u00b7laboraci\u00f3 internacional en educaci\u00f3, ci\u00e8ncia, cultura i comunicaci\u00f3, les va posar a la seva llista de Patrimoni Mundial l\u2019any 2000, al costat, per exemple, de la Gran Muralla de la Xina, les pir\u00e0mides d\u2019Egipte o l\u2019Est\u00e0tua de la Llibertat dels Estats Units.<br \/>\nPer\u00f2 quantes esgl\u00e9sies hi ha i per qu\u00e8 s\u00f3n tan importants? Quina \u00e9s la seva hist\u00f2ria?<br \/>\nEl Conjunt Rom\u00e0nic de la Vall de Bo\u00ed l\u2019integren nou esgl\u00e9sies: Sant Climent i Santa Maria de Ta\u00fcll, Sant Joan de Bo\u00ed, Santa Eul\u00e0lia d\u2019Erill la Vall, Sant Feliu de Barruera, la Nativitat i Sant Quirc de Durro, Santa Maria de Cardet i l\u2019Assumpci\u00f3 de C\u00f3ll.<br \/>\nTotes tenen una hist\u00f2ria comuna, perqu\u00e8 van ser constru\u00efdes entre el segle XI i el XII, ara fa m\u00e9s de nou-cents anys. Tamb\u00e9 tenen el mateix estil arquitect\u00f2nic, el rom\u00e0nic, i per aix\u00f2 es pot dir que formen un conjunt. I qui les va fer? Doncs les van pensar els mestres d\u2019obra, que era com se\u2019n deia llavors del que avui en diem arquitectes. I, \u00e9s clar, tots els treballadors que les van aixecar, pedra sobre pedra. Per\u00f2 els diners per pagar l\u2019obra els van posar els senyors feudals d\u2019aquestes terres, que s\u2019havien fet rics gr\u00e0cies a la guerra.<br \/>\nAmb la guia que tens a les mans, descobrir\u00e0s la import\u00e0ncia de cada una de les nou esgl\u00e9sies del conjunt i els secrets que amaguen als racons m\u00e9s insospitats.<br \/>\nUna advert\u00e8ncia final! Aquestes muntanyes s\u00f3n misterioses i, a les valls, les paraules de les persones que les han habitat sovint es queden atrapades i ressonen al llarg del temps com un eco imperceptible. Aquesta guia disposa d\u2019un sensor que s\u2019activa cada cop que en capta alguna. No t\u2019espantis i continua escoltant.<br \/>\nPer comen\u00e7ar la visita, dirigeix-te a la part posterior de l\u2019esgl\u00e9sia.<\/p>\n    <\/div>\n  <\/div>\n<\/div>\n    <\/section>\n\n\n<div class=\"flex flex-col gap-3 element text-block\">\n  <div class=\"flex items-center gap-6\">\n              <h2 class=\"text-2xl font-bold\">1b Absis<\/h2>\n      <\/div>\n    <\/div>\n\n\n<div class=\"flex flex-col gap-6 element image-block\">\n  <div class=\"flex flex-col gap-3\">\n      <\/div>\n      <figure>\n      <img loading=\"lazy\" decoding=\"async\" width=\"1600\" height=\"1065\" src=\"https:\/\/guiesullsdelahistoria.cat\/app\/uploads\/2024\/11\/Assumpcio_de_Coll_absis_DSC00425.jpg\" class=\"w-full h-auto\" alt=\"Exterior de l\u2019esgl\u00e9sia de l\u2019Assumpci\u00f3 de C\u00f3ll vista des de la part del darrere amb l\u2019absis en primer terme.\" srcset=\"https:\/\/guiesullsdelahistoria.cat\/app\/uploads\/2024\/11\/Assumpcio_de_Coll_absis_DSC00425.jpg 1600w, https:\/\/guiesullsdelahistoria.cat\/app\/uploads\/2024\/11\/Assumpcio_de_Coll_absis_DSC00425-300x200.jpg 300w, https:\/\/guiesullsdelahistoria.cat\/app\/uploads\/2024\/11\/Assumpcio_de_Coll_absis_DSC00425-1024x682.jpg 1024w, https:\/\/guiesullsdelahistoria.cat\/app\/uploads\/2024\/11\/Assumpcio_de_Coll_absis_DSC00425-768x511.jpg 768w, https:\/\/guiesullsdelahistoria.cat\/app\/uploads\/2024\/11\/Assumpcio_de_Coll_absis_DSC00425-1536x1022.jpg 1536w\" sizes=\"auto, (max-width: 1600px) 100vw, 1600px\" \/>\n              <figcaption class=\"pt-2 text-gray-800\">Vista posterior de l\u2019Assumpci\u00f3 de C\u00f3ll amb l\u2019absis en primer terme. <\/figcaption>\n          <\/figure>\n  <\/div>\n\n\n<section class=\"element audio-block\">\n  <div class=\"flex flex-col w-full gap-6\">\n    <div class=\"flex flex-col gap-3\">\n      <div class=\"flex gap-6\">\n                          <h2 class=\"text-2xl font-bold\">Les pedres<\/h2>\n              <\/div>\n          <\/div>\n    <div class=\"flex items-center justify-end gap-3\">\n              <div class=\"flex-1 audio-content\" dir=\"ltr\">\n          <audio id=\"audio-e41bbf6a75a30536ce1312e348135c43\" data-label=\"Les pedres\"\n            data-category=\"ASSUMPCIO-DE-COLL-CAT-FAMILIAR-PLAY-1.mp3\" class=\"hidden\" controls\n            src=\"https:\/\/guiesullsdelahistoria.cat\/app\/uploads\/2025\/01\/ASSUMPCIO-DE-COLL-CAT-FAMILIAR-PLAY-1.mp3\"><\/audio>\n          <div class=\"flex items-center w-full gap-3 transition-opacity opacity-0 meta\">\n            <progress class=\"flex-1 border-0 appearance-none\" value=\"0\" max=\"1\"><\/progress>\n            <div class=\"text-sm text-center shrink-0 current-time w-9\"><\/div>\n                      <\/div>\n        <\/div>\n            <div class=\"flex flex-col items-center gap-2 shrink-1 audio-control\">\n        <button\n  class=\"flex items-center justify-center w-32 max-w-32 h-32 max-h-32 transition-[max-height,_max-width] bg-darker-accent rounded-full btn text-white\"\n  data-target=\"#audio-e41bbf6a75a30536ce1312e348135c43\">\n  <svg width=\"100%\" height=\"100%\" viewBox=\"0 0 36 36\" version=\"1.1\" xmlns=\"http:\/\/www.w3.org\/2000\/svg\" xmlns:xlink=\"http:\/\/www.w3.org\/1999\/xlink\">\n  <path id=\"ytp-12\" d=\"M11,10 L18,13.74 18,22.28 11,26 M18,13.74 L26,18 26,18 18,22.28\" fill=\"currentColor\">\n    <animate id=\"animation\" begin=\"indefinite\" attributeType=\"XML\" attributeName=\"d\" fill=\"freeze\" from=\"M11,10 L17,10 17,26 11,26 M20,10 L26,10 26,26 20,26\" to=\"M11,10 L18,13.74 18,22.28 11,26 M18,13.74 L26,18 26,18 18,22.28\" dur=\"0.1s\" keySplines=\".4 0 1 1\" repeatCount=\"1\" data-play=\"M11,10 L18,13.74 18,22.28 11,26 M18,13.74 L26,18 26,18 18,22.28\" data-pause=\"M11,10 L17,10 17,26 11,26 M20,10 L26,10 26,26 20,26\"><\/animate>\n  <\/path>\n<\/svg>\n<\/button>\n        <p class=\"text-base text-center\">Escolta<\/p>\n      <\/div>\n    <\/div>\n\n    \n          <div class=\"flex flex-wrap justify-between gap-6 md:justify-start\">\n                  <button data-target=\"#transcription-e41bbf6a75a30536ce1312e348135c43\" data-toggle=\"modal\" class=\"flex items-center gap-2\">\n            <svg class=\"w-6 h-6\" fill=\"none\" xmlns=\"http:\/\/www.w3.org\/2000\/svg\" viewBox=\"0 0 22 12\"><path d=\"M0 9.873v-6c0-.55.196-1.02.588-1.412A1.926 1.926 0 0 1 2 1.873h2c.55 0 1.02.196 1.412.588.392.391.588.862.588 1.412v6H4v-2H2v2H0Zm2-4h2v-2H2v2Zm6 4v-8h4c.55 0 1.02.196 1.412.588.392.391.588.862.588 1.412v4c0 .55-.196 1.021-.588 1.413A1.926 1.926 0 0 1 12 9.873H8Zm2-2h2v-4h-2v4Zm6.85.8-1.4-1.425c.183-.183.32-.391.413-.625.091-.233.137-.483.137-.75 0-.283-.046-.537-.137-.762a1.85 1.85 0 0 0-.413-.613l1.4-1.45c.367.367.65.792.85 1.275.2.484.3 1 .3 1.55s-.1 1.063-.3 1.538c-.2.475-.483.896-.85 1.262Zm2.825 2.825-1.45-1.375c.55-.55.983-1.187 1.3-1.912A5.775 5.775 0 0 0 20 5.873c0-.85-.158-1.633-.475-2.35a6.217 6.217 0 0 0-1.3-1.9l1.45-1.4a7.94 7.94 0 0 1 1.712 2.55c.409.967.613 2 .613 3.1s-.204 2.13-.613 3.088a7.977 7.977 0 0 1-1.712 2.537Z\" fill=\"#000\"\/><\/svg>            <span>Transcripci\u00f3<\/span>\n          <\/button>\n                      <\/div>\n      <\/div>\n\n      <div id=\"transcription-e41bbf6a75a30536ce1312e348135c43\"\n  class=\"fixed inset-0 z-50 hidden w-screen h-screen opacity-0 pointer-events-none modal transcription\"\n  tabindex=\"-1\" role=\"dialog\">\n  <div class=\"absolute w-full h-full bg-black opacity-75 modal-overlay\"><\/div>\n  <div\n    class=\"absolute z-30 w-11\/12 mx-auto overflow-y-auto text-black bg-white shadow-lg modal-container center-xy md:max-w-4xl\"\n    role=\"document\">\n    <div class=\"flex items-center justify-between px-4 py-4 text-gray-700 border-b md:px-8\">\n      <h2 class=\"!mb-0 font-bold\">Transcripci\u00f3<\/h2>\n      <div class=\"z-50 flex flex-col items-center ml-auto cursor-pointer rtl:ml-0 rtl:mr-auto modal-close\">\n        <svg class=\"w-auto h-6\" width=\"18\" height=\"23\" xmlns=\"http:\/\/www.w3.org\/2000\/svg\">\n  <g stroke=\"currentColor\" fill=\"none\" fill-rule=\"evenodd\" stroke-linecap=\"square\">\n    <path d=\"M.7248.974l16.1076 20.6167M16.655 1.2654L.9097 22.1601\" \/>\n  <\/g>\n<\/svg>        <div class=\"hidden\">Close<\/div>\n      <\/div>\n    <\/div>\n    <div class=\"px-4 py-8 overflow-y-auto max-h-modal md:px-8 modal-content\">\n      <div class=\"mb-8 flex flex-col gap-1.5\">\n                      <h3 class=\"text-xl font-bold\">Les pedres<\/h3>\n                            <\/div>\n            <p>L\u2019esgl\u00e9sia de l\u2019Assumpci\u00f3 de C\u00f3ll es va fer a la segona meitat del segle XII. Una cosa que la fa diferent de la resta d\u2019esgl\u00e9sies de la Vall \u00e9s que les pedres dels murs s\u00f3n molt m\u00e9s grans i ben fetes que a les altres. T\u2019imagines com devia costar picar cada pedra per deixar-la amb aquesta forma? <\/p>\n<p>Ara, per continuar la visita, fes la volta a l\u2019esgl\u00e9sia per la dreta i situa\u2019t davant de la porta d\u2019entrada.<\/p>\n    <\/div>\n  <\/div>\n<\/div>\n    <\/section>\n\n\n<div class=\"flex flex-col gap-3 element text-block\">\n  <div class=\"flex items-center gap-6\">\n              <h2 class=\"text-2xl font-bold\">1c Fa\u00e7ana<\/h2>\n      <\/div>\n    <\/div>\n\n\n<div class=\"flex flex-col gap-6 element image-block\">\n  <div class=\"flex flex-col gap-3\">\n      <\/div>\n      <figure>\n      <img loading=\"lazy\" decoding=\"async\" width=\"934\" height=\"1404\" src=\"https:\/\/guiesullsdelahistoria.cat\/app\/uploads\/2024\/11\/Assumpcio-portalada.jpg\" class=\"w-full h-auto\" alt=\"Portalada de l\u2019esgl\u00e9sia de l\u2019Assumpci\u00f3 de C\u00f3ll amb columnes rematades amb arcs i el crism\u00f3 al damunt.\" srcset=\"https:\/\/guiesullsdelahistoria.cat\/app\/uploads\/2024\/11\/Assumpcio-portalada.jpg 934w, https:\/\/guiesullsdelahistoria.cat\/app\/uploads\/2024\/11\/Assumpcio-portalada-200x300.jpg 200w, https:\/\/guiesullsdelahistoria.cat\/app\/uploads\/2024\/11\/Assumpcio-portalada-681x1024.jpg 681w, https:\/\/guiesullsdelahistoria.cat\/app\/uploads\/2024\/11\/Assumpcio-portalada-768x1154.jpg 768w\" sizes=\"auto, (max-width: 934px) 100vw, 934px\" \/>\n              <figcaption class=\"pt-2 text-gray-800\">Portalada de l\u2019Assumpci\u00f3 de C\u00f3ll.<\/figcaption>\n          <\/figure>\n  <\/div>\n\n\n<section class=\"element audio-block\">\n  <div class=\"flex flex-col w-full gap-6\">\n    <div class=\"flex flex-col gap-3\">\n      <div class=\"flex gap-6\">\n                          <h2 class=\"text-2xl font-bold\"> La porta<\/h2>\n              <\/div>\n          <\/div>\n    <div class=\"flex items-center justify-end gap-3\">\n              <div class=\"flex-1 audio-content\" dir=\"ltr\">\n          <audio id=\"audio-15097b1eaab01f1f3a65c603fe38d4d2\" data-label=\" La porta\"\n            data-category=\"ASSUMPCIO-DE-COLL-CAT-FAMILIAR-PLAY-2.mp3\" class=\"hidden\" controls\n            src=\"https:\/\/guiesullsdelahistoria.cat\/app\/uploads\/2025\/01\/ASSUMPCIO-DE-COLL-CAT-FAMILIAR-PLAY-2.mp3\"><\/audio>\n          <div class=\"flex items-center w-full gap-3 transition-opacity opacity-0 meta\">\n            <progress class=\"flex-1 border-0 appearance-none\" value=\"0\" max=\"1\"><\/progress>\n            <div class=\"text-sm text-center shrink-0 current-time w-9\"><\/div>\n                      <\/div>\n        <\/div>\n            <div class=\"flex flex-col items-center gap-2 shrink-1 audio-control\">\n        <button\n  class=\"flex items-center justify-center w-32 max-w-32 h-32 max-h-32 transition-[max-height,_max-width] bg-darker-accent rounded-full btn text-white\"\n  data-target=\"#audio-15097b1eaab01f1f3a65c603fe38d4d2\">\n  <svg width=\"100%\" height=\"100%\" viewBox=\"0 0 36 36\" version=\"1.1\" xmlns=\"http:\/\/www.w3.org\/2000\/svg\" xmlns:xlink=\"http:\/\/www.w3.org\/1999\/xlink\">\n  <path id=\"ytp-12\" d=\"M11,10 L18,13.74 18,22.28 11,26 M18,13.74 L26,18 26,18 18,22.28\" fill=\"currentColor\">\n    <animate id=\"animation\" begin=\"indefinite\" attributeType=\"XML\" attributeName=\"d\" fill=\"freeze\" from=\"M11,10 L17,10 17,26 11,26 M20,10 L26,10 26,26 20,26\" to=\"M11,10 L18,13.74 18,22.28 11,26 M18,13.74 L26,18 26,18 18,22.28\" dur=\"0.1s\" keySplines=\".4 0 1 1\" repeatCount=\"1\" data-play=\"M11,10 L18,13.74 18,22.28 11,26 M18,13.74 L26,18 26,18 18,22.28\" data-pause=\"M11,10 L17,10 17,26 11,26 M20,10 L26,10 26,26 20,26\"><\/animate>\n  <\/path>\n<\/svg>\n<\/button>\n        <p class=\"text-base text-center\">Escolta<\/p>\n      <\/div>\n    <\/div>\n\n    \n          <div class=\"flex flex-wrap justify-between gap-6 md:justify-start\">\n                  <button data-target=\"#transcription-15097b1eaab01f1f3a65c603fe38d4d2\" data-toggle=\"modal\" class=\"flex items-center gap-2\">\n            <svg class=\"w-6 h-6\" fill=\"none\" xmlns=\"http:\/\/www.w3.org\/2000\/svg\" viewBox=\"0 0 22 12\"><path d=\"M0 9.873v-6c0-.55.196-1.02.588-1.412A1.926 1.926 0 0 1 2 1.873h2c.55 0 1.02.196 1.412.588.392.391.588.862.588 1.412v6H4v-2H2v2H0Zm2-4h2v-2H2v2Zm6 4v-8h4c.55 0 1.02.196 1.412.588.392.391.588.862.588 1.412v4c0 .55-.196 1.021-.588 1.413A1.926 1.926 0 0 1 12 9.873H8Zm2-2h2v-4h-2v4Zm6.85.8-1.4-1.425c.183-.183.32-.391.413-.625.091-.233.137-.483.137-.75 0-.283-.046-.537-.137-.762a1.85 1.85 0 0 0-.413-.613l1.4-1.45c.367.367.65.792.85 1.275.2.484.3 1 .3 1.55s-.1 1.063-.3 1.538c-.2.475-.483.896-.85 1.262Zm2.825 2.825-1.45-1.375c.55-.55.983-1.187 1.3-1.912A5.775 5.775 0 0 0 20 5.873c0-.85-.158-1.633-.475-2.35a6.217 6.217 0 0 0-1.3-1.9l1.45-1.4a7.94 7.94 0 0 1 1.712 2.55c.409.967.613 2 .613 3.1s-.204 2.13-.613 3.088a7.977 7.977 0 0 1-1.712 2.537Z\" fill=\"#000\"\/><\/svg>            <span>Transcripci\u00f3<\/span>\n          <\/button>\n                      <\/div>\n      <\/div>\n\n      <div id=\"transcription-15097b1eaab01f1f3a65c603fe38d4d2\"\n  class=\"fixed inset-0 z-50 hidden w-screen h-screen opacity-0 pointer-events-none modal transcription\"\n  tabindex=\"-1\" role=\"dialog\">\n  <div class=\"absolute w-full h-full bg-black opacity-75 modal-overlay\"><\/div>\n  <div\n    class=\"absolute z-30 w-11\/12 mx-auto overflow-y-auto text-black bg-white shadow-lg modal-container center-xy md:max-w-4xl\"\n    role=\"document\">\n    <div class=\"flex items-center justify-between px-4 py-4 text-gray-700 border-b md:px-8\">\n      <h2 class=\"!mb-0 font-bold\">Transcripci\u00f3<\/h2>\n      <div class=\"z-50 flex flex-col items-center ml-auto cursor-pointer rtl:ml-0 rtl:mr-auto modal-close\">\n        <svg class=\"w-auto h-6\" width=\"18\" height=\"23\" xmlns=\"http:\/\/www.w3.org\/2000\/svg\">\n  <g stroke=\"currentColor\" fill=\"none\" fill-rule=\"evenodd\" stroke-linecap=\"square\">\n    <path d=\"M.7248.974l16.1076 20.6167M16.655 1.2654L.9097 22.1601\" \/>\n  <\/g>\n<\/svg>        <div class=\"hidden\">Close<\/div>\n      <\/div>\n    <\/div>\n    <div class=\"px-4 py-8 overflow-y-auto max-h-modal md:px-8 modal-content\">\n      <div class=\"mb-8 flex flex-col gap-1.5\">\n                      <h3 class=\"text-xl font-bold\"> La porta<\/h3>\n                            <\/div>\n            <p>Aqu\u00ed, a la fa\u00e7ana, hi ha la part m\u00e9s interessant de l\u2019Assumpci\u00f3 de C\u00f3ll: la decoraci\u00f3 de la porta. Com pots veure, est\u00e0 envoltada per una sanefa en forma de quadr\u00edcula. A sobre hi ha un crism\u00f3, el s\u00edmbol de Crist amb les seves inicials en grec. Si t\u2019hi fixes, als dos angles de dalt del crism\u00f3 hi ha dues aus que simbolitzen la seva resurrecci\u00f3: la tornada a la vida despr\u00e9s de la mort. A sota hi ha dues figures humanes, una de les quals fa sonar un instrument que anuncia la fi del m\u00f3n.<br \/>\nA la portada encara hi ha coses interessants per veure. Fixa\u2019t que sobre les columnes hi ha unes peces ben guarnides. S\u2019anomenen capitells. Si te\u2019ls mires b\u00e9, veur\u00e0s que estan decorats amb plantes i tamb\u00e9 amb persones i animals. Segurament, aquesta lluita entre l\u2019home i la fera representa la lluita entre el b\u00e9 i el mal.<br \/>\nTamb\u00e9 s\u00f3n interessants les peces de ferro que formen el forrellat. Si t\u2019hi acostes, veur\u00e0s que el passador est\u00e0 acabat amb la forma del cap d\u2019un animal. T\u2019atreviries a dir quin \u00e9s? Tamb\u00e9 hi ha una petita campana gravada. A veure si la trobes!<br \/>\nAra, per seguir la visita, has d\u2019entrar dins. Per\u00f2 aquesta esgl\u00e9sia no \u00e9s oberta tot l\u2019any. Si te l\u2019has trobat tancada, pots con\u00e8ixer el seu interior en el recurs virtual que tens a la guia.<\/p>\n    <\/div>\n  <\/div>\n<\/div>\n    <\/section>\n\n\n<div class=\"flex flex-col gap-3 element interactive-block\">\n  <div class=\"flex items-center gap-6\">\n              <h2 class=\"text-2xl font-bold\">3D de L\u2019Assumpci\u00f3 de C\u00f3ll<\/h2>\n      <\/div>\n          <div class=\"flex justify-end w-full\">\n      <div class=\"flex flex-col items-center gap-2 shrink-1\">\n        <button data-target=\"#embed-69f5c6714d675\" data-toggle=\"modal\"\n          class=\"flex items-center justify-center w-32 h-32 text-white rounded-full bg-darker-accent\">\n          <svg class=\"w-16 h-auto\" width=\"60\" height=\"61\" viewBox=\"0 0 60 61\" fill=\"none\" xmlns=\"http:\/\/www.w3.org\/2000\/svg\">\n  <path\n    d=\"M27 53.298L12 44.673C11.05 44.1231 10.3125 43.398 9.7875 42.498C9.2625 41.598 9 40.598 9 39.498V22.248C9 21.148 9.2625 20.148 9.7875 19.248C10.3125 18.348 11.05 17.623 12 17.073L27 8.44805C27.95 7.89805 28.95 7.62305 30 7.62305C31.05 7.62305 32.05 7.89805 33 8.44805L48 17.073C48.95 17.623 49.6875 18.348 50.2125 19.248C50.7375 20.148 51 21.148 51 22.248V39.498C51 40.598 50.7375 41.598 50.2125 42.498C49.6875 43.398 48.95 44.1231 48 44.673L33 53.298C32.05 53.848 31.05 54.123 30 54.123C28.95 54.123 27.95 53.848 27 53.298ZM27 46.398V32.598L15 25.623V39.498L27 46.398ZM33 46.398L45 39.498V25.623L33 32.598V46.398ZM0 15.873V6.87305C0 5.22305 0.5875 3.81055 1.7625 2.63555C2.9375 1.46055 4.35 0.873047 6 0.873047H15V6.87305H6V15.873H0ZM15 60.873H6C4.35 60.873 2.9375 60.2855 1.7625 59.1105C0.5875 57.9355 0 56.523 0 54.873V45.8731H6V54.873H15V60.873ZM45 60.873V54.873H54V45.8731H60V54.873C60 56.523 59.4125 57.9355 58.2375 59.1105C57.0625 60.2855 55.65 60.873 54 60.873H45ZM54 15.873V6.87305H45V0.873047H54C55.65 0.873047 57.0625 1.46055 58.2375 2.63555C59.4125 3.81055 60 5.22305 60 6.87305V15.873H54ZM30 27.423L41.85 20.448L30 13.623L18.15 20.448L30 27.423Z\"\n    fill=\"currentColor\" \/>\n<\/svg>\n        <\/button>\n                  <p class=\"text-base text-center\">Mira<\/p>\n              <\/div>\n    <\/div>\n    <div id=\"embed-69f5c6714d675\"\n  class=\"fixed inset-0 z-50 hidden w-screen h-screen opacity-0 pointer-events-none modal embed-container\"\n  tabindex=\"-1\" role=\"dialog\">\n  <div class=\"absolute w-full h-full bg-black opacity-75 modal-overlay\"><\/div>\n  <div\n    class=\"absolute z-30 w-11\/12 mx-auto overflow-y-auto text-black bg-white shadow-lg modal-container center-xy md:max-w-4xl\"\n    role=\"document\">\n    <div class=\"flex items-center justify-between px-4 py-4 text-gray-700 border-b md:px-8\">\n      <h2 class=\"!mb-0 font-bold\">Mira<\/h2>\n      <div class=\"z-50 flex flex-col items-center ml-auto cursor-pointer rtl:ml-0 rtl:mr-auto modal-close\">\n        <svg class=\"w-auto h-6\" width=\"18\" height=\"23\" xmlns=\"http:\/\/www.w3.org\/2000\/svg\">\n  <g stroke=\"currentColor\" fill=\"none\" fill-rule=\"evenodd\" stroke-linecap=\"square\">\n    <path d=\"M.7248.974l16.1076 20.6167M16.655 1.2654L.9097 22.1601\" \/>\n  <\/g>\n<\/svg>        <div class=\"hidden\">Close<\/div>\n      <\/div>\n    <\/div>\n    <div class=\"px-4 py-8 overflow-y-auto max-h-modal md:px-8 modal-content\">\n      <div class=\"sketchfab-embed-wrapper\"> <iframe title=\"L'Assumpci\u00f3 de C\u00f3ll. Vall de Bo\u00ed\" frameborder=\"0\" allowfullscreen mozallowfullscreen=\"true\" webkitallowfullscreen=\"true\" allow=\"autoplay; fullscreen; xr-spatial-tracking\" xr-spatial-tracking execution-while-out-of-viewport execution-while-not-rendered web-share src=\"https:\/\/sketchfab.com\/models\/dba994e7ccf2443c9e2eddb66dbbc28c\/embed?ui_infos=0\"> <\/iframe> <\/div>\n    <\/div>\n  <\/div>\n<\/div>\n  <\/div>\n\n\n<div class=\"flex flex-col gap-3 element text-block\">\n  <div class=\"flex items-center gap-6\">\n              <h2 class=\"text-2xl font-bold\">1d Davant l&#8217;altar<\/h2>\n      <\/div>\n    <\/div>\n\n\n<div class=\"flex flex-col gap-6 element image-block\">\n  <div class=\"flex flex-col gap-3\">\n      <\/div>\n      <figure>\n      <img loading=\"lazy\" decoding=\"async\" width=\"1444\" height=\"960\" src=\"https:\/\/guiesullsdelahistoria.cat\/app\/uploads\/2024\/11\/Assumpcio-general-interior.jpg\" class=\"w-full h-auto\" alt=\"Vista de l\u2019interior de l\u2019esgl\u00e9sia de l\u2019Assumpci\u00f3 de C\u00f3ll, amb les parets emblanquinades i l\u2019absis semicircular i l\u2019altar al fons.\" srcset=\"https:\/\/guiesullsdelahistoria.cat\/app\/uploads\/2024\/11\/Assumpcio-general-interior.jpg 1444w, https:\/\/guiesullsdelahistoria.cat\/app\/uploads\/2024\/11\/Assumpcio-general-interior-300x199.jpg 300w, https:\/\/guiesullsdelahistoria.cat\/app\/uploads\/2024\/11\/Assumpcio-general-interior-1024x681.jpg 1024w, https:\/\/guiesullsdelahistoria.cat\/app\/uploads\/2024\/11\/Assumpcio-general-interior-768x511.jpg 768w\" sizes=\"auto, (max-width: 1444px) 100vw, 1444px\" \/>\n              <figcaption class=\"pt-2 text-gray-800\"> Vista general de l\u2019interior de l\u2019Assumpci\u00f3 de C\u00f3ll.<\/figcaption>\n          <\/figure>\n  <\/div>\n\n\n<section class=\"element audio-block\">\n  <div class=\"flex flex-col w-full gap-6\">\n    <div class=\"flex flex-col gap-3\">\n      <div class=\"flex gap-6\">\n                          <h2 class=\"text-2xl font-bold\">Parts de l\u2019esgl\u00e9sia<\/h2>\n              <\/div>\n          <\/div>\n    <div class=\"flex items-center justify-end gap-3\">\n              <div class=\"flex-1 audio-content\" dir=\"ltr\">\n          <audio id=\"audio-8f3b6c6e31bf03b675b9eb182ee97192\" data-label=\"Parts de l\u2019esgl\u00e9sia\"\n            data-category=\"ASSUMPCIO-DE-COLL-CAT-FAMILIAR-PLAY-3.mp3\" class=\"hidden\" controls\n            src=\"https:\/\/guiesullsdelahistoria.cat\/app\/uploads\/2025\/01\/ASSUMPCIO-DE-COLL-CAT-FAMILIAR-PLAY-3.mp3\"><\/audio>\n          <div class=\"flex items-center w-full gap-3 transition-opacity opacity-0 meta\">\n            <progress class=\"flex-1 border-0 appearance-none\" value=\"0\" max=\"1\"><\/progress>\n            <div class=\"text-sm text-center shrink-0 current-time w-9\"><\/div>\n                      <\/div>\n        <\/div>\n            <div class=\"flex flex-col items-center gap-2 shrink-1 audio-control\">\n        <button\n  class=\"flex items-center justify-center w-32 max-w-32 h-32 max-h-32 transition-[max-height,_max-width] bg-darker-accent rounded-full btn text-white\"\n  data-target=\"#audio-8f3b6c6e31bf03b675b9eb182ee97192\">\n  <svg width=\"100%\" height=\"100%\" viewBox=\"0 0 36 36\" version=\"1.1\" xmlns=\"http:\/\/www.w3.org\/2000\/svg\" xmlns:xlink=\"http:\/\/www.w3.org\/1999\/xlink\">\n  <path id=\"ytp-12\" d=\"M11,10 L18,13.74 18,22.28 11,26 M18,13.74 L26,18 26,18 18,22.28\" fill=\"currentColor\">\n    <animate id=\"animation\" begin=\"indefinite\" attributeType=\"XML\" attributeName=\"d\" fill=\"freeze\" from=\"M11,10 L17,10 17,26 11,26 M20,10 L26,10 26,26 20,26\" to=\"M11,10 L18,13.74 18,22.28 11,26 M18,13.74 L26,18 26,18 18,22.28\" dur=\"0.1s\" keySplines=\".4 0 1 1\" repeatCount=\"1\" data-play=\"M11,10 L18,13.74 18,22.28 11,26 M18,13.74 L26,18 26,18 18,22.28\" data-pause=\"M11,10 L17,10 17,26 11,26 M20,10 L26,10 26,26 20,26\"><\/animate>\n  <\/path>\n<\/svg>\n<\/button>\n        <p class=\"text-base text-center\">Escolta<\/p>\n      <\/div>\n    <\/div>\n\n    \n          <div class=\"flex flex-wrap justify-between gap-6 md:justify-start\">\n                  <button data-target=\"#transcription-8f3b6c6e31bf03b675b9eb182ee97192\" data-toggle=\"modal\" class=\"flex items-center gap-2\">\n            <svg class=\"w-6 h-6\" fill=\"none\" xmlns=\"http:\/\/www.w3.org\/2000\/svg\" viewBox=\"0 0 22 12\"><path d=\"M0 9.873v-6c0-.55.196-1.02.588-1.412A1.926 1.926 0 0 1 2 1.873h2c.55 0 1.02.196 1.412.588.392.391.588.862.588 1.412v6H4v-2H2v2H0Zm2-4h2v-2H2v2Zm6 4v-8h4c.55 0 1.02.196 1.412.588.392.391.588.862.588 1.412v4c0 .55-.196 1.021-.588 1.413A1.926 1.926 0 0 1 12 9.873H8Zm2-2h2v-4h-2v4Zm6.85.8-1.4-1.425c.183-.183.32-.391.413-.625.091-.233.137-.483.137-.75 0-.283-.046-.537-.137-.762a1.85 1.85 0 0 0-.413-.613l1.4-1.45c.367.367.65.792.85 1.275.2.484.3 1 .3 1.55s-.1 1.063-.3 1.538c-.2.475-.483.896-.85 1.262Zm2.825 2.825-1.45-1.375c.55-.55.983-1.187 1.3-1.912A5.775 5.775 0 0 0 20 5.873c0-.85-.158-1.633-.475-2.35a6.217 6.217 0 0 0-1.3-1.9l1.45-1.4a7.94 7.94 0 0 1 1.712 2.55c.409.967.613 2 .613 3.1s-.204 2.13-.613 3.088a7.977 7.977 0 0 1-1.712 2.537Z\" fill=\"#000\"\/><\/svg>            <span>Transcripci\u00f3<\/span>\n          <\/button>\n                      <\/div>\n      <\/div>\n\n      <div id=\"transcription-8f3b6c6e31bf03b675b9eb182ee97192\"\n  class=\"fixed inset-0 z-50 hidden w-screen h-screen opacity-0 pointer-events-none modal transcription\"\n  tabindex=\"-1\" role=\"dialog\">\n  <div class=\"absolute w-full h-full bg-black opacity-75 modal-overlay\"><\/div>\n  <div\n    class=\"absolute z-30 w-11\/12 mx-auto overflow-y-auto text-black bg-white shadow-lg modal-container center-xy md:max-w-4xl\"\n    role=\"document\">\n    <div class=\"flex items-center justify-between px-4 py-4 text-gray-700 border-b md:px-8\">\n      <h2 class=\"!mb-0 font-bold\">Transcripci\u00f3<\/h2>\n      <div class=\"z-50 flex flex-col items-center ml-auto cursor-pointer rtl:ml-0 rtl:mr-auto modal-close\">\n        <svg class=\"w-auto h-6\" width=\"18\" height=\"23\" xmlns=\"http:\/\/www.w3.org\/2000\/svg\">\n  <g stroke=\"currentColor\" fill=\"none\" fill-rule=\"evenodd\" stroke-linecap=\"square\">\n    <path d=\"M.7248.974l16.1076 20.6167M16.655 1.2654L.9097 22.1601\" \/>\n  <\/g>\n<\/svg>        <div class=\"hidden\">Close<\/div>\n      <\/div>\n    <\/div>\n    <div class=\"px-4 py-8 overflow-y-auto max-h-modal md:px-8 modal-content\">\n      <div class=\"mb-8 flex flex-col gap-1.5\">\n                      <h3 class=\"text-xl font-bold\">Parts de l\u2019esgl\u00e9sia<\/h3>\n                            <\/div>\n            <p><span style=\"font-weight: 400;\">Ara que ets dins, situa\u2019t davant de la primera fila de bancs. Des d\u2019aqu\u00ed pots veure la forma de l\u2019esgl\u00e9sia. Fixa\u2019t que t\u00e9 una sola nau, \u00e9s a dir, un espai molt gran amb el sostre corbat. Al final de la nau hi ha un espai arrodonit: \u00e9s l\u2019absis. I a banda i banda, hi ha dues capelles que es van afegir m\u00e9s tard.\u00a0<\/span><\/p>\n<p><span style=\"font-weight: 400;\">L\u2019esgl\u00e9sia s\u2019il\u00b7luminava gr\u00e0cies als ulls de bou, que s\u00f3n aquestes finestres rodones que hi ha a les dues puntes de la nau. Tamb\u00e9 hi ha dues finestres. Un dels ulls de bou \u00e9s a sobre de la porta. Per aquest hi entra llum a la tarda. L\u2019altre ull de bou \u00e9s damunt de l\u2019absis, i hi entra la llum al mat\u00ed. Tamb\u00e9 en aquest mur, una mica m\u00e9s avall, hi ha una finestra allargada. Aquesta \u00e9s l\u2019entrada de llum m\u00e9s important perqu\u00e8, a m\u00e9s d\u2019il\u00b7luminar, es considera la llum de D\u00e9u. L\u2019altra finestra \u00e9s al mur de la dreta i hi entra la llum del migdia.\u00a0<\/span><\/p>\n<p><span style=\"font-weight: 400;\">Ara ves cap a l\u2019entrada, on s\u00f3n les tres piques de pedra.\u00a0<\/span><\/p>\n<p><br style=\"font-weight: 400;\" \/><\/p>\n    <\/div>\n  <\/div>\n<\/div>\n    <\/section>\n\n\n<div class=\"flex flex-col gap-3 element text-block\">\n  <div class=\"flex items-center gap-6\">\n              <h2 class=\"text-2xl font-bold\">1e Entrada<\/h2>\n      <\/div>\n    <\/div>\n\n\n<div class=\"flex flex-col gap-6 element image-block\">\n  <div class=\"flex flex-col gap-3\">\n      <\/div>\n      <figure>\n      <img loading=\"lazy\" decoding=\"async\" width=\"667\" height=\"1001\" src=\"https:\/\/guiesullsdelahistoria.cat\/app\/uploads\/2024\/11\/Assumpcio_Coll_pica_1.jpg\" class=\"w-full h-auto\" alt=\"Pica rom\u00e0nica de pedra en un rac\u00f3, a prop de l\u2019entrada de l\u2019esgl\u00e9sia.\" srcset=\"https:\/\/guiesullsdelahistoria.cat\/app\/uploads\/2024\/11\/Assumpcio_Coll_pica_1.jpg 667w, https:\/\/guiesullsdelahistoria.cat\/app\/uploads\/2024\/11\/Assumpcio_Coll_pica_1-200x300.jpg 200w\" sizes=\"auto, (max-width: 667px) 100vw, 667px\" \/>\n              <figcaption class=\"pt-2 text-gray-800\">Pica rom\u00e0nica.<\/figcaption>\n          <\/figure>\n  <\/div>\n\n\n<section class=\"element audio-block\">\n  <div class=\"flex flex-col w-full gap-6\">\n    <div class=\"flex flex-col gap-3\">\n      <div class=\"flex gap-6\">\n                          <h2 class=\"text-2xl font-bold\">Les tres piques rom\u00e0niques<\/h2>\n              <\/div>\n          <\/div>\n    <div class=\"flex items-center justify-end gap-3\">\n              <div class=\"flex-1 audio-content\" dir=\"ltr\">\n          <audio id=\"audio-7680fdf658712fb23233e0d2bc296112\" data-label=\"Les tres piques rom\u00e0niques\"\n            data-category=\"ASSUMPCIO-DE-COLL-CAT-FAMILIAR-PLAY-4.mp3\" class=\"hidden\" controls\n            src=\"https:\/\/guiesullsdelahistoria.cat\/app\/uploads\/2025\/01\/ASSUMPCIO-DE-COLL-CAT-FAMILIAR-PLAY-4.mp3\"><\/audio>\n          <div class=\"flex items-center w-full gap-3 transition-opacity opacity-0 meta\">\n            <progress class=\"flex-1 border-0 appearance-none\" value=\"0\" max=\"1\"><\/progress>\n            <div class=\"text-sm text-center shrink-0 current-time w-9\"><\/div>\n                      <\/div>\n        <\/div>\n            <div class=\"flex flex-col items-center gap-2 shrink-1 audio-control\">\n        <button\n  class=\"flex items-center justify-center w-32 max-w-32 h-32 max-h-32 transition-[max-height,_max-width] bg-darker-accent rounded-full btn text-white\"\n  data-target=\"#audio-7680fdf658712fb23233e0d2bc296112\">\n  <svg width=\"100%\" height=\"100%\" viewBox=\"0 0 36 36\" version=\"1.1\" xmlns=\"http:\/\/www.w3.org\/2000\/svg\" xmlns:xlink=\"http:\/\/www.w3.org\/1999\/xlink\">\n  <path id=\"ytp-12\" d=\"M11,10 L18,13.74 18,22.28 11,26 M18,13.74 L26,18 26,18 18,22.28\" fill=\"currentColor\">\n    <animate id=\"animation\" begin=\"indefinite\" attributeType=\"XML\" attributeName=\"d\" fill=\"freeze\" from=\"M11,10 L17,10 17,26 11,26 M20,10 L26,10 26,26 20,26\" to=\"M11,10 L18,13.74 18,22.28 11,26 M18,13.74 L26,18 26,18 18,22.28\" dur=\"0.1s\" keySplines=\".4 0 1 1\" repeatCount=\"1\" data-play=\"M11,10 L18,13.74 18,22.28 11,26 M18,13.74 L26,18 26,18 18,22.28\" data-pause=\"M11,10 L17,10 17,26 11,26 M20,10 L26,10 26,26 20,26\"><\/animate>\n  <\/path>\n<\/svg>\n<\/button>\n        <p class=\"text-base text-center\">Escolta<\/p>\n      <\/div>\n    <\/div>\n\n    \n          <div class=\"flex flex-wrap justify-between gap-6 md:justify-start\">\n                  <button data-target=\"#transcription-7680fdf658712fb23233e0d2bc296112\" data-toggle=\"modal\" class=\"flex items-center gap-2\">\n            <svg class=\"w-6 h-6\" fill=\"none\" xmlns=\"http:\/\/www.w3.org\/2000\/svg\" viewBox=\"0 0 22 12\"><path d=\"M0 9.873v-6c0-.55.196-1.02.588-1.412A1.926 1.926 0 0 1 2 1.873h2c.55 0 1.02.196 1.412.588.392.391.588.862.588 1.412v6H4v-2H2v2H0Zm2-4h2v-2H2v2Zm6 4v-8h4c.55 0 1.02.196 1.412.588.392.391.588.862.588 1.412v4c0 .55-.196 1.021-.588 1.413A1.926 1.926 0 0 1 12 9.873H8Zm2-2h2v-4h-2v4Zm6.85.8-1.4-1.425c.183-.183.32-.391.413-.625.091-.233.137-.483.137-.75 0-.283-.046-.537-.137-.762a1.85 1.85 0 0 0-.413-.613l1.4-1.45c.367.367.65.792.85 1.275.2.484.3 1 .3 1.55s-.1 1.063-.3 1.538c-.2.475-.483.896-.85 1.262Zm2.825 2.825-1.45-1.375c.55-.55.983-1.187 1.3-1.912A5.775 5.775 0 0 0 20 5.873c0-.85-.158-1.633-.475-2.35a6.217 6.217 0 0 0-1.3-1.9l1.45-1.4a7.94 7.94 0 0 1 1.712 2.55c.409.967.613 2 .613 3.1s-.204 2.13-.613 3.088a7.977 7.977 0 0 1-1.712 2.537Z\" fill=\"#000\"\/><\/svg>            <span>Transcripci\u00f3<\/span>\n          <\/button>\n                      <\/div>\n      <\/div>\n\n      <div id=\"transcription-7680fdf658712fb23233e0d2bc296112\"\n  class=\"fixed inset-0 z-50 hidden w-screen h-screen opacity-0 pointer-events-none modal transcription\"\n  tabindex=\"-1\" role=\"dialog\">\n  <div class=\"absolute w-full h-full bg-black opacity-75 modal-overlay\"><\/div>\n  <div\n    class=\"absolute z-30 w-11\/12 mx-auto overflow-y-auto text-black bg-white shadow-lg modal-container center-xy md:max-w-4xl\"\n    role=\"document\">\n    <div class=\"flex items-center justify-between px-4 py-4 text-gray-700 border-b md:px-8\">\n      <h2 class=\"!mb-0 font-bold\">Transcripci\u00f3<\/h2>\n      <div class=\"z-50 flex flex-col items-center ml-auto cursor-pointer rtl:ml-0 rtl:mr-auto modal-close\">\n        <svg class=\"w-auto h-6\" width=\"18\" height=\"23\" xmlns=\"http:\/\/www.w3.org\/2000\/svg\">\n  <g stroke=\"currentColor\" fill=\"none\" fill-rule=\"evenodd\" stroke-linecap=\"square\">\n    <path d=\"M.7248.974l16.1076 20.6167M16.655 1.2654L.9097 22.1601\" \/>\n  <\/g>\n<\/svg>        <div class=\"hidden\">Close<\/div>\n      <\/div>\n    <\/div>\n    <div class=\"px-4 py-8 overflow-y-auto max-h-modal md:px-8 modal-content\">\n      <div class=\"mb-8 flex flex-col gap-1.5\">\n                      <h3 class=\"text-xl font-bold\">Les tres piques rom\u00e0niques<\/h3>\n                            <\/div>\n            <p>Davant teu tens tres piques de pedra. Per\u00f2, per a qu\u00e8 es feien servir aquestes piques? Doncs una es feia servir per als batejos, i per aix\u00f2 se\u2019n diu pica baptismal. Una altra tenia l\u2019aigua beneita, una aigua que fan servir les persones religioses per protegir-se de les coses dolentes. I, finalment, hi ha la pica de l\u2019oli, que contenia l\u2019oli per fer funcionar les ll\u00e0nties. Com ja saps, l\u2019electricitat \u00e9s una cosa moderna; durant molts segles, la il\u00b7luminaci\u00f3, quan es ponia el sol, es feia amb unes l\u00e0mpades que feien una petita flama cremant oli.<\/p>\n<p><em>So d\u2019interfer\u00e8ncies.<\/em><br \/>\n<strong>Moss\u00e8n, home gran<\/strong>: Es fa fosc. Ja pots encendre les ll\u00e0nties.<br \/>\n<strong>Noi jove:<\/strong> Pare, s\u00f3n buides. I a la pica no hi queda gaire oli; potser, per a un dia o dos m\u00e9s.<br \/>\n<strong>Moss\u00e8n, home gran<\/strong>: Ves i omple-les! I despr\u00e9s les poses a lloc amb l\u2019escala. Jo ja soc gran per enfilar-m\u2019hi.<br \/>\n<strong>Noi jove<\/strong>: De seguida, pare!<br \/>\n<strong>Moss\u00e8n, home gran<\/strong>: (per a si mateix): Falta oli. Aquest any les collites no han estat bones. I els feligresos han donat menys que altres vegades. Els haur\u00e9 de demanar un esfor\u00e7; l\u2019esgl\u00e9sia no pot quedar a les fosques.<br \/>\n<em>So d\u2019interfer\u00e8ncies.<\/em><\/p>\n<p>Per continuar la visita, puja al cor, l\u2019altell situat a la part alta. Puja-hi per l\u2019escala de cargol que hi ha al costat de la porta.<\/p>\n    <\/div>\n  <\/div>\n<\/div>\n    <\/section>\n\n\n<div class=\"flex flex-col gap-3 element text-block\">\n  <div class=\"flex items-center gap-6\">\n              <h2 class=\"text-2xl font-bold\">1f Cor<\/h2>\n      <\/div>\n    <\/div>\n\n\n<div class=\"flex flex-col gap-6 element image-block\">\n  <div class=\"flex flex-col gap-3\">\n      <\/div>\n      <figure>\n      <img loading=\"lazy\" decoding=\"async\" width=\"474\" height=\"315\" src=\"https:\/\/guiesullsdelahistoria.cat\/app\/uploads\/2024\/11\/Assumpcio_Coll_cor.jpg\" class=\"w-full h-auto\" alt=\"El cor de l\u2019esgl\u00e9sia situat a la base de la nau, amb la paret emblanquinada i la barana de fusta decorada amb motius geom\u00e8trics propis de l\u2019estil g\u00f2tic.\" srcset=\"https:\/\/guiesullsdelahistoria.cat\/app\/uploads\/2024\/11\/Assumpcio_Coll_cor.jpg 474w, https:\/\/guiesullsdelahistoria.cat\/app\/uploads\/2024\/11\/Assumpcio_Coll_cor-300x199.jpg 300w\" sizes=\"auto, (max-width: 474px) 100vw, 474px\" \/>\n              <figcaption class=\"pt-2 text-gray-800\">Cor amb barana de traceria g\u00f2tica.<\/figcaption>\n          <\/figure>\n  <\/div>\n\n\n<section class=\"element audio-block\">\n  <div class=\"flex flex-col w-full gap-6\">\n    <div class=\"flex flex-col gap-3\">\n      <div class=\"flex gap-6\">\n                          <h2 class=\"text-2xl font-bold\">El cor<\/h2>\n              <\/div>\n          <\/div>\n    <div class=\"flex items-center justify-end gap-3\">\n              <div class=\"flex-1 audio-content\" dir=\"ltr\">\n          <audio id=\"audio-7f0074353aac99e16f34948ac7ec22eb\" data-label=\"El cor\"\n            data-category=\"ASSUMPCIO-DE-COLL-CAT-FAMILIAR-PLAY-5.mp3\" class=\"hidden\" controls\n            src=\"https:\/\/guiesullsdelahistoria.cat\/app\/uploads\/2025\/01\/ASSUMPCIO-DE-COLL-CAT-FAMILIAR-PLAY-5.mp3\"><\/audio>\n          <div class=\"flex items-center w-full gap-3 transition-opacity opacity-0 meta\">\n            <progress class=\"flex-1 border-0 appearance-none\" value=\"0\" max=\"1\"><\/progress>\n            <div class=\"text-sm text-center shrink-0 current-time w-9\"><\/div>\n                      <\/div>\n        <\/div>\n            <div class=\"flex flex-col items-center gap-2 shrink-1 audio-control\">\n        <button\n  class=\"flex items-center justify-center w-32 max-w-32 h-32 max-h-32 transition-[max-height,_max-width] bg-darker-accent rounded-full btn text-white\"\n  data-target=\"#audio-7f0074353aac99e16f34948ac7ec22eb\">\n  <svg width=\"100%\" height=\"100%\" viewBox=\"0 0 36 36\" version=\"1.1\" xmlns=\"http:\/\/www.w3.org\/2000\/svg\" xmlns:xlink=\"http:\/\/www.w3.org\/1999\/xlink\">\n  <path id=\"ytp-12\" d=\"M11,10 L18,13.74 18,22.28 11,26 M18,13.74 L26,18 26,18 18,22.28\" fill=\"currentColor\">\n    <animate id=\"animation\" begin=\"indefinite\" attributeType=\"XML\" attributeName=\"d\" fill=\"freeze\" from=\"M11,10 L17,10 17,26 11,26 M20,10 L26,10 26,26 20,26\" to=\"M11,10 L18,13.74 18,22.28 11,26 M18,13.74 L26,18 26,18 18,22.28\" dur=\"0.1s\" keySplines=\".4 0 1 1\" repeatCount=\"1\" data-play=\"M11,10 L18,13.74 18,22.28 11,26 M18,13.74 L26,18 26,18 18,22.28\" data-pause=\"M11,10 L17,10 17,26 11,26 M20,10 L26,10 26,26 20,26\"><\/animate>\n  <\/path>\n<\/svg>\n<\/button>\n        <p class=\"text-base text-center\">Escolta<\/p>\n      <\/div>\n    <\/div>\n\n    \n          <div class=\"flex flex-wrap justify-between gap-6 md:justify-start\">\n                  <button data-target=\"#transcription-7f0074353aac99e16f34948ac7ec22eb\" data-toggle=\"modal\" class=\"flex items-center gap-2\">\n            <svg class=\"w-6 h-6\" fill=\"none\" xmlns=\"http:\/\/www.w3.org\/2000\/svg\" viewBox=\"0 0 22 12\"><path d=\"M0 9.873v-6c0-.55.196-1.02.588-1.412A1.926 1.926 0 0 1 2 1.873h2c.55 0 1.02.196 1.412.588.392.391.588.862.588 1.412v6H4v-2H2v2H0Zm2-4h2v-2H2v2Zm6 4v-8h4c.55 0 1.02.196 1.412.588.392.391.588.862.588 1.412v4c0 .55-.196 1.021-.588 1.413A1.926 1.926 0 0 1 12 9.873H8Zm2-2h2v-4h-2v4Zm6.85.8-1.4-1.425c.183-.183.32-.391.413-.625.091-.233.137-.483.137-.75 0-.283-.046-.537-.137-.762a1.85 1.85 0 0 0-.413-.613l1.4-1.45c.367.367.65.792.85 1.275.2.484.3 1 .3 1.55s-.1 1.063-.3 1.538c-.2.475-.483.896-.85 1.262Zm2.825 2.825-1.45-1.375c.55-.55.983-1.187 1.3-1.912A5.775 5.775 0 0 0 20 5.873c0-.85-.158-1.633-.475-2.35a6.217 6.217 0 0 0-1.3-1.9l1.45-1.4a7.94 7.94 0 0 1 1.712 2.55c.409.967.613 2 .613 3.1s-.204 2.13-.613 3.088a7.977 7.977 0 0 1-1.712 2.537Z\" fill=\"#000\"\/><\/svg>            <span>Transcripci\u00f3<\/span>\n          <\/button>\n                      <\/div>\n      <\/div>\n\n      <div id=\"transcription-7f0074353aac99e16f34948ac7ec22eb\"\n  class=\"fixed inset-0 z-50 hidden w-screen h-screen opacity-0 pointer-events-none modal transcription\"\n  tabindex=\"-1\" role=\"dialog\">\n  <div class=\"absolute w-full h-full bg-black opacity-75 modal-overlay\"><\/div>\n  <div\n    class=\"absolute z-30 w-11\/12 mx-auto overflow-y-auto text-black bg-white shadow-lg modal-container center-xy md:max-w-4xl\"\n    role=\"document\">\n    <div class=\"flex items-center justify-between px-4 py-4 text-gray-700 border-b md:px-8\">\n      <h2 class=\"!mb-0 font-bold\">Transcripci\u00f3<\/h2>\n      <div class=\"z-50 flex flex-col items-center ml-auto cursor-pointer rtl:ml-0 rtl:mr-auto modal-close\">\n        <svg class=\"w-auto h-6\" width=\"18\" height=\"23\" xmlns=\"http:\/\/www.w3.org\/2000\/svg\">\n  <g stroke=\"currentColor\" fill=\"none\" fill-rule=\"evenodd\" stroke-linecap=\"square\">\n    <path d=\"M.7248.974l16.1076 20.6167M16.655 1.2654L.9097 22.1601\" \/>\n  <\/g>\n<\/svg>        <div class=\"hidden\">Close<\/div>\n      <\/div>\n    <\/div>\n    <div class=\"px-4 py-8 overflow-y-auto max-h-modal md:px-8 modal-content\">\n      <div class=\"mb-8 flex flex-col gap-1.5\">\n                      <h3 class=\"text-xl font-bold\">El cor<\/h3>\n                            <\/div>\n            <p>Aquest altell \u00e9s el cor. Aqu\u00ed s\u2019hi posaven les persones importants de l\u2019\u00e8poca per seguir m\u00e9s c\u00f2modament la missa. Tamb\u00e9 s\u2019hi posaven els grups de cantaires perqu\u00e8 se\u2019ls sent\u00eds a tota l\u2019esgl\u00e9sia.<br \/>\nAbans de baixar, aprofita per mirar l\u2019esgl\u00e9sia. Des d\u2019aqu\u00ed es veuen molt b\u00e9 els ferros on es col\u00b7locaven les ll\u00e0nties per il\u00b7luminar-la. Fixa\u2019t que n\u2019hi ha un amb forma de gall. <\/p>\n    <\/div>\n  <\/div>\n<\/div>\n    <\/section>\n\n\n<div class=\"flex flex-col gap-3 element text-block\">\n  <div class=\"flex items-center gap-6\">\n              <h2 class=\"text-2xl font-bold\">1g T&#8217;hi esperem!<\/h2>\n      <\/div>\n    <\/div>\n\n\n<section class=\"element audio-block\">\n  <div class=\"flex flex-col w-full gap-6\">\n    <div class=\"flex flex-col gap-3\">\n      <div class=\"flex gap-6\">\n                          <h2 class=\"text-2xl font-bold\">La visita continua<\/h2>\n              <\/div>\n          <\/div>\n    <div class=\"flex items-center justify-end gap-3\">\n              <div class=\"flex-1 audio-content\" dir=\"ltr\">\n          <audio id=\"audio-e3aa32cbd0329208bddd683d801db7b7\" data-label=\"La visita continua\"\n            data-category=\"ASSUMPCIO-DE-COLL-CAT-FAMILIAR-PLAY-CLOENDA.mp3\" class=\"hidden\" controls\n            src=\"https:\/\/guiesullsdelahistoria.cat\/app\/uploads\/2025\/01\/ASSUMPCIO-DE-COLL-CAT-FAMILIAR-PLAY-CLOENDA.mp3\"><\/audio>\n          <div class=\"flex items-center w-full gap-3 transition-opacity opacity-0 meta\">\n            <progress class=\"flex-1 border-0 appearance-none\" value=\"0\" max=\"1\"><\/progress>\n            <div class=\"text-sm text-center shrink-0 current-time w-9\"><\/div>\n                      <\/div>\n        <\/div>\n            <div class=\"flex flex-col items-center gap-2 shrink-1 audio-control\">\n        <button\n  class=\"flex items-center justify-center w-32 max-w-32 h-32 max-h-32 transition-[max-height,_max-width] bg-darker-accent rounded-full btn text-white\"\n  data-target=\"#audio-e3aa32cbd0329208bddd683d801db7b7\">\n  <svg width=\"100%\" height=\"100%\" viewBox=\"0 0 36 36\" version=\"1.1\" xmlns=\"http:\/\/www.w3.org\/2000\/svg\" xmlns:xlink=\"http:\/\/www.w3.org\/1999\/xlink\">\n  <path id=\"ytp-12\" d=\"M11,10 L18,13.74 18,22.28 11,26 M18,13.74 L26,18 26,18 18,22.28\" fill=\"currentColor\">\n    <animate id=\"animation\" begin=\"indefinite\" attributeType=\"XML\" attributeName=\"d\" fill=\"freeze\" from=\"M11,10 L17,10 17,26 11,26 M20,10 L26,10 26,26 20,26\" to=\"M11,10 L18,13.74 18,22.28 11,26 M18,13.74 L26,18 26,18 18,22.28\" dur=\"0.1s\" keySplines=\".4 0 1 1\" repeatCount=\"1\" data-play=\"M11,10 L18,13.74 18,22.28 11,26 M18,13.74 L26,18 26,18 18,22.28\" data-pause=\"M11,10 L17,10 17,26 11,26 M20,10 L26,10 26,26 20,26\"><\/animate>\n  <\/path>\n<\/svg>\n<\/button>\n        <p class=\"text-base text-center\">Escolta<\/p>\n      <\/div>\n    <\/div>\n\n    \n          <div class=\"flex flex-wrap justify-between gap-6 md:justify-start\">\n                  <button data-target=\"#transcription-e3aa32cbd0329208bddd683d801db7b7\" data-toggle=\"modal\" class=\"flex items-center gap-2\">\n            <svg class=\"w-6 h-6\" fill=\"none\" xmlns=\"http:\/\/www.w3.org\/2000\/svg\" viewBox=\"0 0 22 12\"><path d=\"M0 9.873v-6c0-.55.196-1.02.588-1.412A1.926 1.926 0 0 1 2 1.873h2c.55 0 1.02.196 1.412.588.392.391.588.862.588 1.412v6H4v-2H2v2H0Zm2-4h2v-2H2v2Zm6 4v-8h4c.55 0 1.02.196 1.412.588.392.391.588.862.588 1.412v4c0 .55-.196 1.021-.588 1.413A1.926 1.926 0 0 1 12 9.873H8Zm2-2h2v-4h-2v4Zm6.85.8-1.4-1.425c.183-.183.32-.391.413-.625.091-.233.137-.483.137-.75 0-.283-.046-.537-.137-.762a1.85 1.85 0 0 0-.413-.613l1.4-1.45c.367.367.65.792.85 1.275.2.484.3 1 .3 1.55s-.1 1.063-.3 1.538c-.2.475-.483.896-.85 1.262Zm2.825 2.825-1.45-1.375c.55-.55.983-1.187 1.3-1.912A5.775 5.775 0 0 0 20 5.873c0-.85-.158-1.633-.475-2.35a6.217 6.217 0 0 0-1.3-1.9l1.45-1.4a7.94 7.94 0 0 1 1.712 2.55c.409.967.613 2 .613 3.1s-.204 2.13-.613 3.088a7.977 7.977 0 0 1-1.712 2.537Z\" fill=\"#000\"\/><\/svg>            <span>Transcripci\u00f3<\/span>\n          <\/button>\n                      <\/div>\n      <\/div>\n\n      <div id=\"transcription-e3aa32cbd0329208bddd683d801db7b7\"\n  class=\"fixed inset-0 z-50 hidden w-screen h-screen opacity-0 pointer-events-none modal transcription\"\n  tabindex=\"-1\" role=\"dialog\">\n  <div class=\"absolute w-full h-full bg-black opacity-75 modal-overlay\"><\/div>\n  <div\n    class=\"absolute z-30 w-11\/12 mx-auto overflow-y-auto text-black bg-white shadow-lg modal-container center-xy md:max-w-4xl\"\n    role=\"document\">\n    <div class=\"flex items-center justify-between px-4 py-4 text-gray-700 border-b md:px-8\">\n      <h2 class=\"!mb-0 font-bold\">Transcripci\u00f3<\/h2>\n      <div class=\"z-50 flex flex-col items-center ml-auto cursor-pointer rtl:ml-0 rtl:mr-auto modal-close\">\n        <svg class=\"w-auto h-6\" width=\"18\" height=\"23\" xmlns=\"http:\/\/www.w3.org\/2000\/svg\">\n  <g stroke=\"currentColor\" fill=\"none\" fill-rule=\"evenodd\" stroke-linecap=\"square\">\n    <path d=\"M.7248.974l16.1076 20.6167M16.655 1.2654L.9097 22.1601\" \/>\n  <\/g>\n<\/svg>        <div class=\"hidden\">Close<\/div>\n      <\/div>\n    <\/div>\n    <div class=\"px-4 py-8 overflow-y-auto max-h-modal md:px-8 modal-content\">\n      <div class=\"mb-8 flex flex-col gap-1.5\">\n                      <h3 class=\"text-xl font-bold\">La visita continua<\/h3>\n                            <\/div>\n            <p>Aqu\u00ed s\u2019acaba la visita a l\u2019esgl\u00e9sia. Ara et convidem a con\u00e8ixer les altres, que constitueixen el Conjunt Rom\u00e0nic de la Vall de Bo\u00ed. T\u2019hi esperem!<\/p>\n    <\/div>\n  <\/div>\n<\/div>\n    <\/section>\n\n\n<div class=\"flex flex-col gap-3 element text-block\">\n  <div class=\"flex items-center gap-6\">\n              <h2 class=\"text-2xl font-bold\">Cloenda<\/h2>\n      <\/div>\n        <div class=\"prose prose-lg\"><p><em>\u201cEls Ulls de la Hist\u00f2ria. Una mirada immersiva sobre el patrimoni\u201d<\/em> \u00e9s una iniciativa de l\u2019Ag\u00e8ncia Catalana del Patrimoni Cultural. Un projecte que incorpora altres veus i altres mirades sobre el nostre passat. Perqu\u00e8 totes i tots fem hist\u00f2ria.<\/p>\n<\/div>\n  <\/div>\n\n<\/div>\n      <\/div>\n    <\/div>\n  <\/section>\n\n\n<section class=\"container overflow-hidden section\" id=\"section-69f5c6716dc8d\" data-title=\"2. Nativitat de Durro\">\n    <div class=\"relative z-10 w-full -mb-8 section-pictogram\">\n            <div class=\"flex h-40 text-darker-accent justify-end\">\n        <svg class=\"w-auto h-full\" width=\"172\" height=\"173\" viewBox=\"0 0 172 173\" fill=\"none\" xmlns=\"http:\/\/www.w3.org\/2000\/svg\">\n  <path\n    d=\"M86.0044 95.1412C93.8718 95.1412 101.563 92.8091 108.104 88.4399C114.646 84.0707 119.744 77.8606 122.755 70.5949C125.766 63.3292 126.553 55.3343 125.018 47.621C123.484 39.9078 119.695 32.8227 114.132 27.2618C108.569 21.7009 101.481 17.9138 93.7647 16.3796C86.0485 14.8453 78.0505 15.6328 70.7819 18.6423C63.5134 21.6519 57.3008 26.7484 52.9299 33.2873C48.559 39.8263 46.226 47.514 46.226 55.3784C46.226 65.9241 50.417 76.0379 57.8769 83.4949C65.3368 90.9519 75.4545 95.1412 86.0044 95.1412ZM166.956 55.4014C166.956 55.4014 136.402 95.2968 86.0044 95.2968C35.607 95.2968 5.04688 55.4014 5.04688 55.4014C5.04688 55.4014 35.63 15.4888 85.9928 15.4888C136.356 15.4888 166.956 55.4014 166.956 55.4014Z\"\n    stroke=\"currentColor\" stroke-width=\"2\" stroke-miterlimit=\"10\" \/>\n  <path\n    d=\"M94.0273 95.2969C94.0273 95.2969 110.081 105.231 110.081 124.701C110.081 144.172 94.0273 158.134 94.0273 158.134H110.081\"\n    stroke=\"currentColor\" stroke-width=\"2\" stroke-miterlimit=\"10\" stroke-linecap=\"round\" \/>\n  <path\n    d=\"M77.9752 95.2969C77.9752 95.2969 61.9219 105.231 61.9219 124.701C61.9219 144.172 77.9752 158.134 77.9752 158.134H61.9219\"\n    stroke=\"currentColor\" stroke-width=\"2\" stroke-miterlimit=\"10\" stroke-linecap=\"round\" \/>\n  <path\n    d=\"M68.5689 50.8063C69.2493 50.8063 69.9144 50.6045 70.4801 50.2265C71.0458 49.8485 71.4866 49.3113 71.747 48.6827C72.0074 48.0541 72.0756 47.3625 71.9428 46.6952C71.8101 46.0279 71.4825 45.4149 71.0014 44.9338C70.5203 44.4527 69.9074 44.1251 69.2401 43.9924C68.5728 43.8596 67.881 43.9278 67.2524 44.1881C66.6239 44.4485 66.0867 44.8894 65.7087 45.4551C65.3307 46.0208 65.1289 46.6859 65.1289 47.3663C65.1289 48.2786 65.4913 49.1536 66.1364 49.7987C66.7816 50.4438 67.6566 50.8063 68.5689 50.8063Z\"\n    fill=\"currentColor\" \/>\n  <path\n    d=\"M103.201 50.8063C103.926 50.8063 104.636 50.6045 105.239 50.2265C105.843 49.8485 106.313 49.3113 106.591 48.6827C106.868 48.0541 106.941 47.3625 106.799 46.6952C106.658 46.0279 106.308 45.4149 105.795 44.9338C105.282 44.4527 104.628 44.1251 103.916 43.9924C103.205 43.8596 102.467 43.9278 101.796 44.1881C101.126 44.4485 100.553 44.8894 100.15 45.4551C99.7463 46.0208 99.5312 46.6859 99.5312 47.3663C99.5312 48.2786 99.9178 49.1536 100.606 49.7987C101.294 50.4438 102.227 50.8063 103.201 50.8063Z\"\n    fill=\"currentColor\" \/>\n  <path\n    d=\"M60.543 70.9875C66.7336 79.4158 75.8413 84.7475 85.9961 84.7475C96.1509 84.7475 105.259 79.4158 111.455 70.9875H60.543Z\"\n    stroke=\"currentColor\" stroke-width=\"2\" stroke-miterlimit=\"10\" \/>\n  <path d=\"M76.5977 70.5288V82.9128\" stroke=\"currentColor\" stroke-width=\"2\" stroke-miterlimit=\"10\" \/>\n  <path d=\"M95.4023 70.5288V82.9128\" stroke=\"currentColor\" stroke-width=\"2\" stroke-miterlimit=\"10\" \/>\n  <path d=\"M67.4258 70.5288V78.3261\" stroke=\"currentColor\" stroke-width=\"2\" stroke-miterlimit=\"10\" \/>\n  <path d=\"M104.574 70.5288V78.3261\" stroke=\"currentColor\" stroke-width=\"2\" stroke-miterlimit=\"10\" \/>\n  <path d=\"M85.7695 70.5288V84.2888\" stroke=\"currentColor\" stroke-width=\"2\" stroke-miterlimit=\"10\" \/>\n<\/svg>      <\/div>\n    <\/div>\n    <div class=\"grid w-full grid-cols-1 px-4 py-8 section-content max-md:gap-y-8 md:grid-standard rounded-xl\">\n              <div class=\"flex gap-4 md:col-span-5\">\n                                <h2 class=\"text-8 font-headings\">2. Nativitat de Durro<\/h2>\n                  <\/div>\n            <div class=\"flex flex-col gap-8 md:col-span-6 md:col-start-7 md:gap-10\">\n        <div class=\"acf-innerblocks-container\">\n<div class=\"flex flex-col gap-3 element text-block\">\n  <div class=\"flex items-center gap-6\">\n              <h2 class=\"text-2xl font-bold\">2a Introducci\u00f3<\/h2>\n      <\/div>\n    <\/div>\n\n\n<div class=\"flex flex-col gap-6 element image-block\">\n  <div class=\"flex flex-col gap-3\">\n      <\/div>\n      <figure>\n      <img loading=\"lazy\" decoding=\"async\" width=\"1024\" height=\"679\" src=\"https:\/\/guiesullsdelahistoria.cat\/app\/uploads\/2024\/11\/DSC0327_J.BARBERO.jpg\" class=\"w-full h-auto\" alt=\"Vista general de l\u2019exterior de l\u2019esgl\u00e9sia de la Nativitat de Durro, amb un camp de flors grogues al davant i les muntanyes al darrere.\" srcset=\"https:\/\/guiesullsdelahistoria.cat\/app\/uploads\/2024\/11\/DSC0327_J.BARBERO.jpg 1024w, https:\/\/guiesullsdelahistoria.cat\/app\/uploads\/2024\/11\/DSC0327_J.BARBERO-300x199.jpg 300w, https:\/\/guiesullsdelahistoria.cat\/app\/uploads\/2024\/11\/DSC0327_J.BARBERO-768x509.jpg 768w\" sizes=\"auto, (max-width: 1024px) 100vw, 1024px\" \/>\n              <figcaption class=\"pt-2 text-gray-800\">Vista general de la Nativitat de Durro.<\/figcaption>\n          <\/figure>\n  <\/div>\n\n\n<section class=\"element audio-block\">\n  <div class=\"flex flex-col w-full gap-6\">\n    <div class=\"flex flex-col gap-3\">\n      <div class=\"flex gap-6\">\n                          <h2 class=\"text-2xl font-bold\">La Vall de Bo\u00ed i les seves esgl\u00e9sies<\/h2>\n              <\/div>\n          <\/div>\n    <div class=\"flex items-center justify-end gap-3\">\n              <div class=\"flex-1 audio-content\" dir=\"ltr\">\n          <audio id=\"audio-818b3f950b2bf1aa0d552b11315b275a\" data-label=\"La Vall de Bo\u00ed i les seves esgl\u00e9sies\"\n            data-category=\"NATIVITAT-DE-DURRO-CA-FAMILIAR-PLAY-0.mp3\" class=\"hidden\" controls\n            src=\"https:\/\/guiesullsdelahistoria.cat\/app\/uploads\/2025\/01\/NATIVITAT-DE-DURRO-CA-FAMILIAR-PLAY-0.mp3\"><\/audio>\n          <div class=\"flex items-center w-full gap-3 transition-opacity opacity-0 meta\">\n            <progress class=\"flex-1 border-0 appearance-none\" value=\"0\" max=\"1\"><\/progress>\n            <div class=\"text-sm text-center shrink-0 current-time w-9\"><\/div>\n                      <\/div>\n        <\/div>\n            <div class=\"flex flex-col items-center gap-2 shrink-1 audio-control\">\n        <button\n  class=\"flex items-center justify-center w-32 max-w-32 h-32 max-h-32 transition-[max-height,_max-width] bg-darker-accent rounded-full btn text-white\"\n  data-target=\"#audio-818b3f950b2bf1aa0d552b11315b275a\">\n  <svg width=\"100%\" height=\"100%\" viewBox=\"0 0 36 36\" version=\"1.1\" xmlns=\"http:\/\/www.w3.org\/2000\/svg\" xmlns:xlink=\"http:\/\/www.w3.org\/1999\/xlink\">\n  <path id=\"ytp-12\" d=\"M11,10 L18,13.74 18,22.28 11,26 M18,13.74 L26,18 26,18 18,22.28\" fill=\"currentColor\">\n    <animate id=\"animation\" begin=\"indefinite\" attributeType=\"XML\" attributeName=\"d\" fill=\"freeze\" from=\"M11,10 L17,10 17,26 11,26 M20,10 L26,10 26,26 20,26\" to=\"M11,10 L18,13.74 18,22.28 11,26 M18,13.74 L26,18 26,18 18,22.28\" dur=\"0.1s\" keySplines=\".4 0 1 1\" repeatCount=\"1\" data-play=\"M11,10 L18,13.74 18,22.28 11,26 M18,13.74 L26,18 26,18 18,22.28\" data-pause=\"M11,10 L17,10 17,26 11,26 M20,10 L26,10 26,26 20,26\"><\/animate>\n  <\/path>\n<\/svg>\n<\/button>\n        <p class=\"text-base text-center\">Escolta<\/p>\n      <\/div>\n    <\/div>\n\n    \n          <div class=\"flex flex-wrap justify-between gap-6 md:justify-start\">\n                  <button data-target=\"#transcription-818b3f950b2bf1aa0d552b11315b275a\" data-toggle=\"modal\" class=\"flex items-center gap-2\">\n            <svg class=\"w-6 h-6\" fill=\"none\" xmlns=\"http:\/\/www.w3.org\/2000\/svg\" viewBox=\"0 0 22 12\"><path d=\"M0 9.873v-6c0-.55.196-1.02.588-1.412A1.926 1.926 0 0 1 2 1.873h2c.55 0 1.02.196 1.412.588.392.391.588.862.588 1.412v6H4v-2H2v2H0Zm2-4h2v-2H2v2Zm6 4v-8h4c.55 0 1.02.196 1.412.588.392.391.588.862.588 1.412v4c0 .55-.196 1.021-.588 1.413A1.926 1.926 0 0 1 12 9.873H8Zm2-2h2v-4h-2v4Zm6.85.8-1.4-1.425c.183-.183.32-.391.413-.625.091-.233.137-.483.137-.75 0-.283-.046-.537-.137-.762a1.85 1.85 0 0 0-.413-.613l1.4-1.45c.367.367.65.792.85 1.275.2.484.3 1 .3 1.55s-.1 1.063-.3 1.538c-.2.475-.483.896-.85 1.262Zm2.825 2.825-1.45-1.375c.55-.55.983-1.187 1.3-1.912A5.775 5.775 0 0 0 20 5.873c0-.85-.158-1.633-.475-2.35a6.217 6.217 0 0 0-1.3-1.9l1.45-1.4a7.94 7.94 0 0 1 1.712 2.55c.409.967.613 2 .613 3.1s-.204 2.13-.613 3.088a7.977 7.977 0 0 1-1.712 2.537Z\" fill=\"#000\"\/><\/svg>            <span>Transcripci\u00f3<\/span>\n          <\/button>\n                      <\/div>\n      <\/div>\n\n      <div id=\"transcription-818b3f950b2bf1aa0d552b11315b275a\"\n  class=\"fixed inset-0 z-50 hidden w-screen h-screen opacity-0 pointer-events-none modal transcription\"\n  tabindex=\"-1\" role=\"dialog\">\n  <div class=\"absolute w-full h-full bg-black opacity-75 modal-overlay\"><\/div>\n  <div\n    class=\"absolute z-30 w-11\/12 mx-auto overflow-y-auto text-black bg-white shadow-lg modal-container center-xy md:max-w-4xl\"\n    role=\"document\">\n    <div class=\"flex items-center justify-between px-4 py-4 text-gray-700 border-b md:px-8\">\n      <h2 class=\"!mb-0 font-bold\">Transcripci\u00f3<\/h2>\n      <div class=\"z-50 flex flex-col items-center ml-auto cursor-pointer rtl:ml-0 rtl:mr-auto modal-close\">\n        <svg class=\"w-auto h-6\" width=\"18\" height=\"23\" xmlns=\"http:\/\/www.w3.org\/2000\/svg\">\n  <g stroke=\"currentColor\" fill=\"none\" fill-rule=\"evenodd\" stroke-linecap=\"square\">\n    <path d=\"M.7248.974l16.1076 20.6167M16.655 1.2654L.9097 22.1601\" \/>\n  <\/g>\n<\/svg>        <div class=\"hidden\">Close<\/div>\n      <\/div>\n    <\/div>\n    <div class=\"px-4 py-8 overflow-y-auto max-h-modal md:px-8 modal-content\">\n      <div class=\"mb-8 flex flex-col gap-1.5\">\n                      <h3 class=\"text-xl font-bold\">La Vall de Bo\u00ed i les seves esgl\u00e9sies<\/h3>\n                            <\/div>\n            <p>Et donem la benvinguda a la Vall de Bo\u00ed i t\u2019animem a con\u00e8ixer el conjunt d\u2019esgl\u00e9sies rom\u00e0niques que hi ha als diversos pobles de la Vall.<\/p>\n<p>Aquestes esgl\u00e9sies s\u00f3n tan importants que la UNESCO, una organitzaci\u00f3 que promou la col\u00b7laboraci\u00f3 internacional en educaci\u00f3, ci\u00e8ncia, cultura i comunicaci\u00f3, les va posar a la seva llista de Patrimoni Mundial l\u2019any 2000, al costat, per exemple, de la Gran Muralla de la Xina, les pir\u00e0mides d\u2019Egipte o l\u2019Est\u00e0tua de la Llibertat dels Estats Units.<br \/>\nPer\u00f2 quantes esgl\u00e9sies hi ha i per qu\u00e8 s\u00f3n tan importants? Quina \u00e9s la seva hist\u00f2ria?<br \/>\nEl Conjunt Rom\u00e0nic de la Vall de Bo\u00ed l\u2019integren nou esgl\u00e9sies: Sant Climent i Santa Maria de Ta\u00fcll, Sant Joan de Bo\u00ed, Santa Eul\u00e0lia d\u2019Erill la Vall, Sant Feliu de Barruera, la Nativitat i Sant Quirc de Durro, Santa Maria de Cardet i l\u2019Assumpci\u00f3 de C\u00f3ll.<br \/>\nTotes tenen una hist\u00f2ria comuna, perqu\u00e8 van ser constru\u00efdes entre el segle XI i el XII, ara fa m\u00e9s de nou-cents anys. Tamb\u00e9 tenen el mateix estil arquitect\u00f2nic, el rom\u00e0nic, i per aix\u00f2 es pot dir que formen un conjunt. I qui les va fer? Doncs les van pensar els mestres d\u2019obra, que era com se\u2019n deia llavors del que avui en diem arquitectes. I, \u00e9s clar, tots els treballadors que les van aixecar, pedra sobre pedra. Per\u00f2 els diners per pagar l\u2019obra els van posar els senyors feudals d\u2019aquestes terres, que s\u2019havien fet rics gr\u00e0cies a la guerra.<br \/>\nAmb la guia que tens a les mans, descobrir\u00e0s la import\u00e0ncia de cada una de les nou esgl\u00e9sies del conjunt i els secrets que amaguen als racons m\u00e9s insospitats.<br \/>\nUna advert\u00e8ncia final! Aquestes muntanyes s\u00f3n misterioses i, a les valls, les paraules de les persones que les han habitat sovint es queden atrapades i ressonen al llarg del temps com un eco imperceptible. Aquesta guia disposa d\u2019un sensor que s\u2019activa cada cop que en capta alguna. No t\u2019espantis i continua escoltant.<br \/>\nPer comen\u00e7ar la visita, dirigeix-te a la part posterior de l\u2019esgl\u00e9sia.<\/p>\n    <\/div>\n  <\/div>\n<\/div>\n    <\/section>\n\n\n<div class=\"flex flex-col gap-3 element text-block\">\n  <div class=\"flex items-center gap-6\">\n              <h2 class=\"text-2xl font-bold\">2b Pla\u00e7a del poble<\/h2>\n      <\/div>\n    <\/div>\n\n\n<div class=\"flex flex-col gap-6 element image-block\">\n  <div class=\"flex flex-col gap-3\">\n      <\/div>\n      <figure>\n      <img loading=\"lazy\" decoding=\"async\" width=\"948\" height=\"1428\" src=\"https:\/\/guiesullsdelahistoria.cat\/app\/uploads\/2024\/11\/Nativitat_de_Durro_campanar_DSC0686.jpg\" class=\"w-full h-auto\" alt=\"Campanar de l\u2019esgl\u00e9sia de la Nativitat de Durro amb el cementiri al davant, vist des de la pla\u00e7a.\" srcset=\"https:\/\/guiesullsdelahistoria.cat\/app\/uploads\/2024\/11\/Nativitat_de_Durro_campanar_DSC0686.jpg 948w, https:\/\/guiesullsdelahistoria.cat\/app\/uploads\/2024\/11\/Nativitat_de_Durro_campanar_DSC0686-199x300.jpg 199w, https:\/\/guiesullsdelahistoria.cat\/app\/uploads\/2024\/11\/Nativitat_de_Durro_campanar_DSC0686-680x1024.jpg 680w, https:\/\/guiesullsdelahistoria.cat\/app\/uploads\/2024\/11\/Nativitat_de_Durro_campanar_DSC0686-768x1157.jpg 768w\" sizes=\"auto, (max-width: 948px) 100vw, 948px\" \/>\n              <figcaption class=\"pt-2 text-gray-800\">Campanar de la Nativitat de Durro.<\/figcaption>\n          <\/figure>\n  <\/div>\n\n\n<section class=\"element audio-block\">\n  <div class=\"flex flex-col w-full gap-6\">\n    <div class=\"flex flex-col gap-3\">\n      <div class=\"flex gap-6\">\n                          <h2 class=\"text-2xl font-bold\">Una esgl\u00e9sia molt gran<\/h2>\n              <\/div>\n          <\/div>\n    <div class=\"flex items-center justify-end gap-3\">\n              <div class=\"flex-1 audio-content\" dir=\"ltr\">\n          <audio id=\"audio-f675e17571ee252ea562bb6d433b8f1b\" data-label=\"Una esgl\u00e9sia molt gran\"\n            data-category=\"NATIVITAT-DE-DURRO-ES-FAMILIAR-PLAY-1.mp3\" class=\"hidden\" controls\n            src=\"https:\/\/guiesullsdelahistoria.cat\/app\/uploads\/2025\/01\/NATIVITAT-DE-DURRO-ES-FAMILIAR-PLAY-1.mp3\"><\/audio>\n          <div class=\"flex items-center w-full gap-3 transition-opacity opacity-0 meta\">\n            <progress class=\"flex-1 border-0 appearance-none\" value=\"0\" max=\"1\"><\/progress>\n            <div class=\"text-sm text-center shrink-0 current-time w-9\"><\/div>\n                      <\/div>\n        <\/div>\n            <div class=\"flex flex-col items-center gap-2 shrink-1 audio-control\">\n        <button\n  class=\"flex items-center justify-center w-32 max-w-32 h-32 max-h-32 transition-[max-height,_max-width] bg-darker-accent rounded-full btn text-white\"\n  data-target=\"#audio-f675e17571ee252ea562bb6d433b8f1b\">\n  <svg width=\"100%\" height=\"100%\" viewBox=\"0 0 36 36\" version=\"1.1\" xmlns=\"http:\/\/www.w3.org\/2000\/svg\" xmlns:xlink=\"http:\/\/www.w3.org\/1999\/xlink\">\n  <path id=\"ytp-12\" d=\"M11,10 L18,13.74 18,22.28 11,26 M18,13.74 L26,18 26,18 18,22.28\" fill=\"currentColor\">\n    <animate id=\"animation\" begin=\"indefinite\" attributeType=\"XML\" attributeName=\"d\" fill=\"freeze\" from=\"M11,10 L17,10 17,26 11,26 M20,10 L26,10 26,26 20,26\" to=\"M11,10 L18,13.74 18,22.28 11,26 M18,13.74 L26,18 26,18 18,22.28\" dur=\"0.1s\" keySplines=\".4 0 1 1\" repeatCount=\"1\" data-play=\"M11,10 L18,13.74 18,22.28 11,26 M18,13.74 L26,18 26,18 18,22.28\" data-pause=\"M11,10 L17,10 17,26 11,26 M20,10 L26,10 26,26 20,26\"><\/animate>\n  <\/path>\n<\/svg>\n<\/button>\n        <p class=\"text-base text-center\">Escolta<\/p>\n      <\/div>\n    <\/div>\n\n    \n          <div class=\"flex flex-wrap justify-between gap-6 md:justify-start\">\n                  <button data-target=\"#transcription-f675e17571ee252ea562bb6d433b8f1b\" data-toggle=\"modal\" class=\"flex items-center gap-2\">\n            <svg class=\"w-6 h-6\" fill=\"none\" xmlns=\"http:\/\/www.w3.org\/2000\/svg\" viewBox=\"0 0 22 12\"><path d=\"M0 9.873v-6c0-.55.196-1.02.588-1.412A1.926 1.926 0 0 1 2 1.873h2c.55 0 1.02.196 1.412.588.392.391.588.862.588 1.412v6H4v-2H2v2H0Zm2-4h2v-2H2v2Zm6 4v-8h4c.55 0 1.02.196 1.412.588.392.391.588.862.588 1.412v4c0 .55-.196 1.021-.588 1.413A1.926 1.926 0 0 1 12 9.873H8Zm2-2h2v-4h-2v4Zm6.85.8-1.4-1.425c.183-.183.32-.391.413-.625.091-.233.137-.483.137-.75 0-.283-.046-.537-.137-.762a1.85 1.85 0 0 0-.413-.613l1.4-1.45c.367.367.65.792.85 1.275.2.484.3 1 .3 1.55s-.1 1.063-.3 1.538c-.2.475-.483.896-.85 1.262Zm2.825 2.825-1.45-1.375c.55-.55.983-1.187 1.3-1.912A5.775 5.775 0 0 0 20 5.873c0-.85-.158-1.633-.475-2.35a6.217 6.217 0 0 0-1.3-1.9l1.45-1.4a7.94 7.94 0 0 1 1.712 2.55c.409.967.613 2 .613 3.1s-.204 2.13-.613 3.088a7.977 7.977 0 0 1-1.712 2.537Z\" fill=\"#000\"\/><\/svg>            <span>Transcripci\u00f3<\/span>\n          <\/button>\n                      <\/div>\n      <\/div>\n\n      <div id=\"transcription-f675e17571ee252ea562bb6d433b8f1b\"\n  class=\"fixed inset-0 z-50 hidden w-screen h-screen opacity-0 pointer-events-none modal transcription\"\n  tabindex=\"-1\" role=\"dialog\">\n  <div class=\"absolute w-full h-full bg-black opacity-75 modal-overlay\"><\/div>\n  <div\n    class=\"absolute z-30 w-11\/12 mx-auto overflow-y-auto text-black bg-white shadow-lg modal-container center-xy md:max-w-4xl\"\n    role=\"document\">\n    <div class=\"flex items-center justify-between px-4 py-4 text-gray-700 border-b md:px-8\">\n      <h2 class=\"!mb-0 font-bold\">Transcripci\u00f3<\/h2>\n      <div class=\"z-50 flex flex-col items-center ml-auto cursor-pointer rtl:ml-0 rtl:mr-auto modal-close\">\n        <svg class=\"w-auto h-6\" width=\"18\" height=\"23\" xmlns=\"http:\/\/www.w3.org\/2000\/svg\">\n  <g stroke=\"currentColor\" fill=\"none\" fill-rule=\"evenodd\" stroke-linecap=\"square\">\n    <path d=\"M.7248.974l16.1076 20.6167M16.655 1.2654L.9097 22.1601\" \/>\n  <\/g>\n<\/svg>        <div class=\"hidden\">Close<\/div>\n      <\/div>\n    <\/div>\n    <div class=\"px-4 py-8 overflow-y-auto max-h-modal md:px-8 modal-content\">\n      <div class=\"mb-8 flex flex-col gap-1.5\">\n                      <h3 class=\"text-xl font-bold\">Una esgl\u00e9sia molt gran<\/h3>\n                            <\/div>\n            <p>Has vist quina esgl\u00e9sia m\u00e9s gran? No et sembla sorprenent que hi hagi una esgl\u00e9sia tan gran en un poble m\u00e9s aviat petit? Aix\u00f2 \u00e9s perqu\u00e8, quan es va fer, ara fa uns 900 anys, Durro era un poble molt important, i els nobles, que eren els que manaven, tenien molts diners, i se\u2019ls gastaven fent esgl\u00e9sies.<br \/>\nPer\u00f2 uns segles m\u00e9s tard, a finals del segle xv, els pagesos, que vivien en condicions molt dolentes, es van enfrontar als nobles i tot plegat va acabar en una guerra. Un dels enfrontaments d\u2019aquesta guerra va tenir com a protagonista aquesta esgl\u00e9sia. En vols saber la hist\u00f2ria? Doncs resulta que un dels senyors feudals que hi va participar va ser Hug Roger III, que era qui m\u00e9s manava aqu\u00ed. En perdre la guerra, el rei li va prendre les seves terres i el seu t\u00edtol de comte. Per\u00f2 ell no es va conformar i va tornar a la Vall de Bo\u00ed amb uns quants homes armats per atacar Durro i recuperar el seu poder. Els ve\u00efns i les ve\u00efnes del poble, espantats, es van refugiar en aquesta esgl\u00e9sia i Hug Roger, enfurismat, la va incendiar.<\/p>\n<p><em>So d\u2019interfer\u00e8ncies.<\/em><br \/>\nL\u2019ambient dins l\u2019esgl\u00e9sia \u00e9s de nervis i tensi\u00f3.<br \/>\n<strong>Dona<\/strong>: No patiu! Aquestes parets ens protegiran!<br \/>\n<strong>Home:<\/strong> L\u2019Hug s\u2019ha tornat boig! No t\u00e9 respecte ni per l\u2019esgl\u00e9sia.<br \/>\n<strong>Dona:<\/strong> Pregueu a D\u00e9u. Ell no ens deixar\u00e0 morir.<br \/>\n<strong>Home:<\/strong> No parar\u00e0 fins a recuperar el seu comtat. Ha vingut amb refor\u00e7os de Fran\u00e7a. Una cohort de salvatges.<br \/>\n<strong>Dona:<\/strong> Tingueu fe.<br \/>\n<strong>Home:<\/strong> Fe? El foc s\u2019escampa al voltant de l\u2019esgl\u00e9sia. Nom\u00e9s ens poden salvar les tropes del vescomte de Cardona, per\u00f2 on s\u00f3n?<br \/>\n<em>So d\u2019interfer\u00e8ncies<\/em>.<\/p>\n<p>La torre del campanar de la Nativitat de Durro fa 26 metres i \u00e9s la m\u00e9s alta de la Vall. Tens idea de per qu\u00e8 les feien tan altes, aquestes torres? D\u2019una banda, hi havia la q\u00fcesti\u00f3 religiosa: com m\u00e9s alta, m\u00e9s a prop de D\u00e9u. Per\u00f2 alhora, una torre tan alta oferia una visi\u00f3 perfecta dels voltants del poble i permetia detectar la pres\u00e8ncia de qualsevol enemic que s\u2019acost\u00e9s, i aix\u00f2 era important en una \u00e8poca de tantes guerres.<br \/>\nPer continuar la visita, fes la volta a l\u2019esgl\u00e9sia per la teva dreta i ves sota el porxo, al davant de la porta lateral. <\/p>\n    <\/div>\n  <\/div>\n<\/div>\n    <\/section>\n\n\n<div class=\"flex flex-col gap-3 element text-block\">\n  <div class=\"flex items-center gap-6\">\n              <h2 class=\"text-2xl font-bold\">2c Porxo<\/h2>\n      <\/div>\n    <\/div>\n\n\n<div class=\"flex flex-col gap-6 element image-block\">\n  <div class=\"flex flex-col gap-3\">\n      <\/div>\n      <figure>\n      <img loading=\"lazy\" decoding=\"async\" width=\"1024\" height=\"680\" src=\"https:\/\/guiesullsdelahistoria.cat\/app\/uploads\/2024\/11\/DSC0308_J.BARBERO.jpg\" class=\"w-full h-auto\" alt=\"Porxo de l\u2019esgl\u00e9sia de la Nativitat de Durro amb el campanar al darrere i les creus de les tombes en primer terme.\" srcset=\"https:\/\/guiesullsdelahistoria.cat\/app\/uploads\/2024\/11\/DSC0308_J.BARBERO.jpg 1024w, https:\/\/guiesullsdelahistoria.cat\/app\/uploads\/2024\/11\/DSC0308_J.BARBERO-300x199.jpg 300w, https:\/\/guiesullsdelahistoria.cat\/app\/uploads\/2024\/11\/DSC0308_J.BARBERO-768x510.jpg 768w\" sizes=\"auto, (max-width: 1024px) 100vw, 1024px\" \/>\n              <figcaption class=\"pt-2 text-gray-800\">Porxo de la Nativitat de Durro.<\/figcaption>\n          <\/figure>\n  <\/div>\n\n\n<section class=\"element audio-block\">\n  <div class=\"flex flex-col w-full gap-6\">\n    <div class=\"flex flex-col gap-3\">\n      <div class=\"flex gap-6\">\n                          <h2 class=\"text-2xl font-bold\">La porta<\/h2>\n              <\/div>\n          <\/div>\n    <div class=\"flex items-center justify-end gap-3\">\n              <div class=\"flex-1 audio-content\" dir=\"ltr\">\n          <audio id=\"audio-eb6f647e5769c109c62931dc90a65669\" data-label=\"La porta\"\n            data-category=\"NATIVITAT-DE-DURRO-CA-FAMILIAR-PLAY-2.mp3\" class=\"hidden\" controls\n            src=\"https:\/\/guiesullsdelahistoria.cat\/app\/uploads\/2025\/01\/NATIVITAT-DE-DURRO-CA-FAMILIAR-PLAY-2.mp3\"><\/audio>\n          <div class=\"flex items-center w-full gap-3 transition-opacity opacity-0 meta\">\n            <progress class=\"flex-1 border-0 appearance-none\" value=\"0\" max=\"1\"><\/progress>\n            <div class=\"text-sm text-center shrink-0 current-time w-9\"><\/div>\n                      <\/div>\n        <\/div>\n            <div class=\"flex flex-col items-center gap-2 shrink-1 audio-control\">\n        <button\n  class=\"flex items-center justify-center w-32 max-w-32 h-32 max-h-32 transition-[max-height,_max-width] bg-darker-accent rounded-full btn text-white\"\n  data-target=\"#audio-eb6f647e5769c109c62931dc90a65669\">\n  <svg width=\"100%\" height=\"100%\" viewBox=\"0 0 36 36\" version=\"1.1\" xmlns=\"http:\/\/www.w3.org\/2000\/svg\" xmlns:xlink=\"http:\/\/www.w3.org\/1999\/xlink\">\n  <path id=\"ytp-12\" d=\"M11,10 L18,13.74 18,22.28 11,26 M18,13.74 L26,18 26,18 18,22.28\" fill=\"currentColor\">\n    <animate id=\"animation\" begin=\"indefinite\" attributeType=\"XML\" attributeName=\"d\" fill=\"freeze\" from=\"M11,10 L17,10 17,26 11,26 M20,10 L26,10 26,26 20,26\" to=\"M11,10 L18,13.74 18,22.28 11,26 M18,13.74 L26,18 26,18 18,22.28\" dur=\"0.1s\" keySplines=\".4 0 1 1\" repeatCount=\"1\" data-play=\"M11,10 L18,13.74 18,22.28 11,26 M18,13.74 L26,18 26,18 18,22.28\" data-pause=\"M11,10 L17,10 17,26 11,26 M20,10 L26,10 26,26 20,26\"><\/animate>\n  <\/path>\n<\/svg>\n<\/button>\n        <p class=\"text-base text-center\">Escolta<\/p>\n      <\/div>\n    <\/div>\n\n    \n          <div class=\"flex flex-wrap justify-between gap-6 md:justify-start\">\n                  <button data-target=\"#transcription-eb6f647e5769c109c62931dc90a65669\" data-toggle=\"modal\" class=\"flex items-center gap-2\">\n            <svg class=\"w-6 h-6\" fill=\"none\" xmlns=\"http:\/\/www.w3.org\/2000\/svg\" viewBox=\"0 0 22 12\"><path d=\"M0 9.873v-6c0-.55.196-1.02.588-1.412A1.926 1.926 0 0 1 2 1.873h2c.55 0 1.02.196 1.412.588.392.391.588.862.588 1.412v6H4v-2H2v2H0Zm2-4h2v-2H2v2Zm6 4v-8h4c.55 0 1.02.196 1.412.588.392.391.588.862.588 1.412v4c0 .55-.196 1.021-.588 1.413A1.926 1.926 0 0 1 12 9.873H8Zm2-2h2v-4h-2v4Zm6.85.8-1.4-1.425c.183-.183.32-.391.413-.625.091-.233.137-.483.137-.75 0-.283-.046-.537-.137-.762a1.85 1.85 0 0 0-.413-.613l1.4-1.45c.367.367.65.792.85 1.275.2.484.3 1 .3 1.55s-.1 1.063-.3 1.538c-.2.475-.483.896-.85 1.262Zm2.825 2.825-1.45-1.375c.55-.55.983-1.187 1.3-1.912A5.775 5.775 0 0 0 20 5.873c0-.85-.158-1.633-.475-2.35a6.217 6.217 0 0 0-1.3-1.9l1.45-1.4a7.94 7.94 0 0 1 1.712 2.55c.409.967.613 2 .613 3.1s-.204 2.13-.613 3.088a7.977 7.977 0 0 1-1.712 2.537Z\" fill=\"#000\"\/><\/svg>            <span>Transcripci\u00f3<\/span>\n          <\/button>\n                      <\/div>\n      <\/div>\n\n      <div id=\"transcription-eb6f647e5769c109c62931dc90a65669\"\n  class=\"fixed inset-0 z-50 hidden w-screen h-screen opacity-0 pointer-events-none modal transcription\"\n  tabindex=\"-1\" role=\"dialog\">\n  <div class=\"absolute w-full h-full bg-black opacity-75 modal-overlay\"><\/div>\n  <div\n    class=\"absolute z-30 w-11\/12 mx-auto overflow-y-auto text-black bg-white shadow-lg modal-container center-xy md:max-w-4xl\"\n    role=\"document\">\n    <div class=\"flex items-center justify-between px-4 py-4 text-gray-700 border-b md:px-8\">\n      <h2 class=\"!mb-0 font-bold\">Transcripci\u00f3<\/h2>\n      <div class=\"z-50 flex flex-col items-center ml-auto cursor-pointer rtl:ml-0 rtl:mr-auto modal-close\">\n        <svg class=\"w-auto h-6\" width=\"18\" height=\"23\" xmlns=\"http:\/\/www.w3.org\/2000\/svg\">\n  <g stroke=\"currentColor\" fill=\"none\" fill-rule=\"evenodd\" stroke-linecap=\"square\">\n    <path d=\"M.7248.974l16.1076 20.6167M16.655 1.2654L.9097 22.1601\" \/>\n  <\/g>\n<\/svg>        <div class=\"hidden\">Close<\/div>\n      <\/div>\n    <\/div>\n    <div class=\"px-4 py-8 overflow-y-auto max-h-modal md:px-8 modal-content\">\n      <div class=\"mb-8 flex flex-col gap-1.5\">\n                      <h3 class=\"text-xl font-bold\">La porta<\/h3>\n                            <\/div>\n            <p>Ara ets sota el porxo. Aquest porxo protegia les persones del sol, de la pluja i de la neu mentre esperaven per entrar a l\u2019esgl\u00e9sia o per altres actes que se celebraven a l\u2019exterior. Si avui fa molta calor, plou o neva, agrair\u00e0s que hi sigui. El porxo, a m\u00e9s, tenia una funci\u00f3 simb\u00f2lica: era l\u2019espai que separava el m\u00f3n terrenal de la casa de D\u00e9u, un lloc sagrat.<br \/>\nAra fixa\u2019t en la porta. Com veus, est\u00e0 decorada amb columnes i capitells, que s\u00f3n les peces que hi ha a dalt de les columnes, abans que es comenci a formar l\u2019arc. Si et mires amb atenci\u00f3 els capitells, hi veur\u00e0s sanefes, plantes i animals. I, tamb\u00e9, una petita cara. A veure si la trobes.<br \/>\nA m\u00e9s de les figures dels capitells, aquesta porta encara guarda un altre secret. Fixa\u2019t en el forrellat. Veus la planxa de ferro quadrada que envolta el forat del pany? Acosta-t\u2019hi i podr\u00e0s veure que hi ha dibuixat un castell amb les seves quatre torres. Al centre hi ha una figura humana; segurament, el senyor del castell. I al mig hi ha una planta o un arbre i dos animals que podrien ser cavalls. A m\u00e9s, el passador del forrellat, la barra de ferro que tanca la porta, est\u00e0 decorat amb un cap animal a la punta. Et sembla una serp, o un drac?<br \/>\nDit aix\u00f2, ja pots entrar a l\u2019esgl\u00e9sia. <\/p>\n    <\/div>\n  <\/div>\n<\/div>\n    <\/section>\n\n\n<div class=\"flex flex-col gap-3 element text-block\">\n  <div class=\"flex items-center gap-6\">\n              <h2 class=\"text-2xl font-bold\">2d Base de la nau<\/h2>\n      <\/div>\n    <\/div>\n\n\n<div class=\"flex flex-col gap-6 element image-block\">\n  <div class=\"flex flex-col gap-3\">\n      <\/div>\n      <figure>\n      <img loading=\"lazy\" decoding=\"async\" width=\"1001\" height=\"667\" src=\"https:\/\/guiesullsdelahistoria.cat\/app\/uploads\/2024\/11\/Interior-Durro.jpg\" class=\"w-full h-auto\" alt=\"Vista de l\u2019interior de l\u2019esgl\u00e9sia de la Nativitat de Durro amb l\u2019altar i un gran retaule barroc al fons.\" srcset=\"https:\/\/guiesullsdelahistoria.cat\/app\/uploads\/2024\/11\/Interior-Durro.jpg 1001w, https:\/\/guiesullsdelahistoria.cat\/app\/uploads\/2024\/11\/Interior-Durro-300x200.jpg 300w, https:\/\/guiesullsdelahistoria.cat\/app\/uploads\/2024\/11\/Interior-Durro-768x512.jpg 768w\" sizes=\"auto, (max-width: 1001px) 100vw, 1001px\" \/>\n              <figcaption class=\"pt-2 text-gray-800\">Vista interior de la Nativitat de Durro.<\/figcaption>\n          <\/figure>\n  <\/div>\n\n\n<section class=\"element audio-block\">\n  <div class=\"flex flex-col w-full gap-6\">\n    <div class=\"flex flex-col gap-3\">\n      <div class=\"flex gap-6\">\n                          <h2 class=\"text-2xl font-bold\">Decoraci\u00f3<\/h2>\n              <\/div>\n          <\/div>\n    <div class=\"flex items-center justify-end gap-3\">\n              <div class=\"flex-1 audio-content\" dir=\"ltr\">\n          <audio id=\"audio-e012228df06927ab4ac25f43168eb773\" data-label=\"Decoraci\u00f3\"\n            data-category=\"NATIVITAT-DE-DURRO-CA-FAMILIAR-PLAY-3.mp3\" class=\"hidden\" controls\n            src=\"https:\/\/guiesullsdelahistoria.cat\/app\/uploads\/2025\/01\/NATIVITAT-DE-DURRO-CA-FAMILIAR-PLAY-3.mp3\"><\/audio>\n          <div class=\"flex items-center w-full gap-3 transition-opacity opacity-0 meta\">\n            <progress class=\"flex-1 border-0 appearance-none\" value=\"0\" max=\"1\"><\/progress>\n            <div class=\"text-sm text-center shrink-0 current-time w-9\"><\/div>\n                      <\/div>\n        <\/div>\n            <div class=\"flex flex-col items-center gap-2 shrink-1 audio-control\">\n        <button\n  class=\"flex items-center justify-center w-32 max-w-32 h-32 max-h-32 transition-[max-height,_max-width] bg-darker-accent rounded-full btn text-white\"\n  data-target=\"#audio-e012228df06927ab4ac25f43168eb773\">\n  <svg width=\"100%\" height=\"100%\" viewBox=\"0 0 36 36\" version=\"1.1\" xmlns=\"http:\/\/www.w3.org\/2000\/svg\" xmlns:xlink=\"http:\/\/www.w3.org\/1999\/xlink\">\n  <path id=\"ytp-12\" d=\"M11,10 L18,13.74 18,22.28 11,26 M18,13.74 L26,18 26,18 18,22.28\" fill=\"currentColor\">\n    <animate id=\"animation\" begin=\"indefinite\" attributeType=\"XML\" attributeName=\"d\" fill=\"freeze\" from=\"M11,10 L17,10 17,26 11,26 M20,10 L26,10 26,26 20,26\" to=\"M11,10 L18,13.74 18,22.28 11,26 M18,13.74 L26,18 26,18 18,22.28\" dur=\"0.1s\" keySplines=\".4 0 1 1\" repeatCount=\"1\" data-play=\"M11,10 L18,13.74 18,22.28 11,26 M18,13.74 L26,18 26,18 18,22.28\" data-pause=\"M11,10 L17,10 17,26 11,26 M20,10 L26,10 26,26 20,26\"><\/animate>\n  <\/path>\n<\/svg>\n<\/button>\n        <p class=\"text-base text-center\">Escolta<\/p>\n      <\/div>\n    <\/div>\n\n    \n          <div class=\"flex flex-wrap justify-between gap-6 md:justify-start\">\n                  <button data-target=\"#transcription-e012228df06927ab4ac25f43168eb773\" data-toggle=\"modal\" class=\"flex items-center gap-2\">\n            <svg class=\"w-6 h-6\" fill=\"none\" xmlns=\"http:\/\/www.w3.org\/2000\/svg\" viewBox=\"0 0 22 12\"><path d=\"M0 9.873v-6c0-.55.196-1.02.588-1.412A1.926 1.926 0 0 1 2 1.873h2c.55 0 1.02.196 1.412.588.392.391.588.862.588 1.412v6H4v-2H2v2H0Zm2-4h2v-2H2v2Zm6 4v-8h4c.55 0 1.02.196 1.412.588.392.391.588.862.588 1.412v4c0 .55-.196 1.021-.588 1.413A1.926 1.926 0 0 1 12 9.873H8Zm2-2h2v-4h-2v4Zm6.85.8-1.4-1.425c.183-.183.32-.391.413-.625.091-.233.137-.483.137-.75 0-.283-.046-.537-.137-.762a1.85 1.85 0 0 0-.413-.613l1.4-1.45c.367.367.65.792.85 1.275.2.484.3 1 .3 1.55s-.1 1.063-.3 1.538c-.2.475-.483.896-.85 1.262Zm2.825 2.825-1.45-1.375c.55-.55.983-1.187 1.3-1.912A5.775 5.775 0 0 0 20 5.873c0-.85-.158-1.633-.475-2.35a6.217 6.217 0 0 0-1.3-1.9l1.45-1.4a7.94 7.94 0 0 1 1.712 2.55c.409.967.613 2 .613 3.1s-.204 2.13-.613 3.088a7.977 7.977 0 0 1-1.712 2.537Z\" fill=\"#000\"\/><\/svg>            <span>Transcripci\u00f3<\/span>\n          <\/button>\n                      <\/div>\n      <\/div>\n\n      <div id=\"transcription-e012228df06927ab4ac25f43168eb773\"\n  class=\"fixed inset-0 z-50 hidden w-screen h-screen opacity-0 pointer-events-none modal transcription\"\n  tabindex=\"-1\" role=\"dialog\">\n  <div class=\"absolute w-full h-full bg-black opacity-75 modal-overlay\"><\/div>\n  <div\n    class=\"absolute z-30 w-11\/12 mx-auto overflow-y-auto text-black bg-white shadow-lg modal-container center-xy md:max-w-4xl\"\n    role=\"document\">\n    <div class=\"flex items-center justify-between px-4 py-4 text-gray-700 border-b md:px-8\">\n      <h2 class=\"!mb-0 font-bold\">Transcripci\u00f3<\/h2>\n      <div class=\"z-50 flex flex-col items-center ml-auto cursor-pointer rtl:ml-0 rtl:mr-auto modal-close\">\n        <svg class=\"w-auto h-6\" width=\"18\" height=\"23\" xmlns=\"http:\/\/www.w3.org\/2000\/svg\">\n  <g stroke=\"currentColor\" fill=\"none\" fill-rule=\"evenodd\" stroke-linecap=\"square\">\n    <path d=\"M.7248.974l16.1076 20.6167M16.655 1.2654L.9097 22.1601\" \/>\n  <\/g>\n<\/svg>        <div class=\"hidden\">Close<\/div>\n      <\/div>\n    <\/div>\n    <div class=\"px-4 py-8 overflow-y-auto max-h-modal md:px-8 modal-content\">\n      <div class=\"mb-8 flex flex-col gap-1.5\">\n                      <h3 class=\"text-xl font-bold\">Decoraci\u00f3<\/h3>\n                            <\/div>\n            <p>Nom\u00e9s entrar, et deu haver cridat l\u2019atenci\u00f3 que hi ha un munt de peces pintades i plenes de figures de sants i de santes. S\u00f3n retaules, i s\u2019hi mostren imatges o moments de la vida d\u2019aquestes persones.<br \/>\nAl que tens m\u00e9s a prop comen\u00e7ant per la dreta hi ha sant Antoni. A l\u2019altra banda, al primer per l\u2019esquerra, hi ha la Mare de D\u00e9u. Al segon per l\u2019esquerra hi ha el Sant Crist, i est\u00e0 dedicat als \u00faltims dies de la vida de Jes\u00fas.<br \/>\nEl segon per la dreta est\u00e0 dedicat a sant Joan. I, finalment, situat al fons, a l\u2019altar, hi ha el retaule major, on hi ha les quatre verges m\u00e0rtirs: santa \u00c0gata, santa B\u00e0rbara, santa Ll\u00facia i, possiblement, santa Engr\u00e0cia. Tamb\u00e9 hi ha Maria i el Nen Jes\u00fas; a l\u2019esquerra, sant Josep, i a la dreta, sant Joaquim i Maria de petita.<br \/>\nPotser tamb\u00e9 t\u2019han cridat l\u2019atenci\u00f3 dos ocells blancs i grossos que hi ha als murs del costat de l\u2019altar. S\u00f3n lampadaris barrocs, el lloc on es posaven els llums d\u2019oli per il\u00b7luminar l\u2019esgl\u00e9sia.<br \/>\nPer acabar a la part de baix, fixa\u2019t en la pica de pedra coberta per una tapa en forma de pir\u00e0mide de color verd. \u00c9s la pica baptismal, on es ficava l\u2019aigua per als batejos.<br \/>\nAra, per seguir la visita, has de pujar al cor de l\u2019esgl\u00e9sia. Hi has d\u2019accedir per les escales que hi ha a l\u2019entrada, a la zona de la taquilla.<\/p>\n    <\/div>\n  <\/div>\n<\/div>\n    <\/section>\n\n\n<div class=\"flex flex-col gap-3 element text-block\">\n  <div class=\"flex items-center gap-6\">\n              <h2 class=\"text-2xl font-bold\">2e Cor<\/h2>\n      <\/div>\n    <\/div>\n\n\n<div class=\"flex flex-col gap-6 element image-block\">\n  <div class=\"flex flex-col gap-3\">\n      <\/div>\n      <figure>\n      <img loading=\"lazy\" decoding=\"async\" width=\"451\" height=\"768\" src=\"https:\/\/guiesullsdelahistoria.cat\/app\/uploads\/2024\/11\/DSC0146_J.BARBERO.jpg\" class=\"w-full h-auto\" alt=\"Fragments de la talla de fusta del Nicodem del Davallament de la creu de Durro posats sobre la hipot\u00e8tica figura original ombrejada.\" srcset=\"https:\/\/guiesullsdelahistoria.cat\/app\/uploads\/2024\/11\/DSC0146_J.BARBERO.jpg 451w, https:\/\/guiesullsdelahistoria.cat\/app\/uploads\/2024\/11\/DSC0146_J.BARBERO-176x300.jpg 176w\" sizes=\"auto, (max-width: 451px) 100vw, 451px\" \/>\n              <figcaption class=\"pt-2 text-gray-800\">Talla de fusta del Nicodem del Davallament de la creu de Durro.<\/figcaption>\n          <\/figure>\n  <\/div>\n\n\n<section class=\"element audio-block\">\n  <div class=\"flex flex-col w-full gap-6\">\n    <div class=\"flex flex-col gap-3\">\n      <div class=\"flex gap-6\">\n                          <h2 class=\"text-2xl font-bold\">L\u2019escultura de fusta<\/h2>\n              <\/div>\n          <\/div>\n    <div class=\"flex items-center justify-end gap-3\">\n              <div class=\"flex-1 audio-content\" dir=\"ltr\">\n          <audio id=\"audio-28a0e9b03f2c4f0603d4907d39e44b6a\" data-label=\"L\u2019escultura de fusta\"\n            data-category=\"NATIVITAT-DE-DURRO-CA-FAMILIAR-PLAY-4.mp3\" class=\"hidden\" controls\n            src=\"https:\/\/guiesullsdelahistoria.cat\/app\/uploads\/2025\/01\/NATIVITAT-DE-DURRO-CA-FAMILIAR-PLAY-4.mp3\"><\/audio>\n          <div class=\"flex items-center w-full gap-3 transition-opacity opacity-0 meta\">\n            <progress class=\"flex-1 border-0 appearance-none\" value=\"0\" max=\"1\"><\/progress>\n            <div class=\"text-sm text-center shrink-0 current-time w-9\"><\/div>\n                      <\/div>\n        <\/div>\n            <div class=\"flex flex-col items-center gap-2 shrink-1 audio-control\">\n        <button\n  class=\"flex items-center justify-center w-32 max-w-32 h-32 max-h-32 transition-[max-height,_max-width] bg-darker-accent rounded-full btn text-white\"\n  data-target=\"#audio-28a0e9b03f2c4f0603d4907d39e44b6a\">\n  <svg width=\"100%\" height=\"100%\" viewBox=\"0 0 36 36\" version=\"1.1\" xmlns=\"http:\/\/www.w3.org\/2000\/svg\" xmlns:xlink=\"http:\/\/www.w3.org\/1999\/xlink\">\n  <path id=\"ytp-12\" d=\"M11,10 L18,13.74 18,22.28 11,26 M18,13.74 L26,18 26,18 18,22.28\" fill=\"currentColor\">\n    <animate id=\"animation\" begin=\"indefinite\" attributeType=\"XML\" attributeName=\"d\" fill=\"freeze\" from=\"M11,10 L17,10 17,26 11,26 M20,10 L26,10 26,26 20,26\" to=\"M11,10 L18,13.74 18,22.28 11,26 M18,13.74 L26,18 26,18 18,22.28\" dur=\"0.1s\" keySplines=\".4 0 1 1\" repeatCount=\"1\" data-play=\"M11,10 L18,13.74 18,22.28 11,26 M18,13.74 L26,18 26,18 18,22.28\" data-pause=\"M11,10 L17,10 17,26 11,26 M20,10 L26,10 26,26 20,26\"><\/animate>\n  <\/path>\n<\/svg>\n<\/button>\n        <p class=\"text-base text-center\">Escolta<\/p>\n      <\/div>\n    <\/div>\n\n    \n          <div class=\"flex flex-wrap justify-between gap-6 md:justify-start\">\n                  <button data-target=\"#transcription-28a0e9b03f2c4f0603d4907d39e44b6a\" data-toggle=\"modal\" class=\"flex items-center gap-2\">\n            <svg class=\"w-6 h-6\" fill=\"none\" xmlns=\"http:\/\/www.w3.org\/2000\/svg\" viewBox=\"0 0 22 12\"><path d=\"M0 9.873v-6c0-.55.196-1.02.588-1.412A1.926 1.926 0 0 1 2 1.873h2c.55 0 1.02.196 1.412.588.392.391.588.862.588 1.412v6H4v-2H2v2H0Zm2-4h2v-2H2v2Zm6 4v-8h4c.55 0 1.02.196 1.412.588.392.391.588.862.588 1.412v4c0 .55-.196 1.021-.588 1.413A1.926 1.926 0 0 1 12 9.873H8Zm2-2h2v-4h-2v4Zm6.85.8-1.4-1.425c.183-.183.32-.391.413-.625.091-.233.137-.483.137-.75 0-.283-.046-.537-.137-.762a1.85 1.85 0 0 0-.413-.613l1.4-1.45c.367.367.65.792.85 1.275.2.484.3 1 .3 1.55s-.1 1.063-.3 1.538c-.2.475-.483.896-.85 1.262Zm2.825 2.825-1.45-1.375c.55-.55.983-1.187 1.3-1.912A5.775 5.775 0 0 0 20 5.873c0-.85-.158-1.633-.475-2.35a6.217 6.217 0 0 0-1.3-1.9l1.45-1.4a7.94 7.94 0 0 1 1.712 2.55c.409.967.613 2 .613 3.1s-.204 2.13-.613 3.088a7.977 7.977 0 0 1-1.712 2.537Z\" fill=\"#000\"\/><\/svg>            <span>Transcripci\u00f3<\/span>\n          <\/button>\n                      <\/div>\n      <\/div>\n\n      <div id=\"transcription-28a0e9b03f2c4f0603d4907d39e44b6a\"\n  class=\"fixed inset-0 z-50 hidden w-screen h-screen opacity-0 pointer-events-none modal transcription\"\n  tabindex=\"-1\" role=\"dialog\">\n  <div class=\"absolute w-full h-full bg-black opacity-75 modal-overlay\"><\/div>\n  <div\n    class=\"absolute z-30 w-11\/12 mx-auto overflow-y-auto text-black bg-white shadow-lg modal-container center-xy md:max-w-4xl\"\n    role=\"document\">\n    <div class=\"flex items-center justify-between px-4 py-4 text-gray-700 border-b md:px-8\">\n      <h2 class=\"!mb-0 font-bold\">Transcripci\u00f3<\/h2>\n      <div class=\"z-50 flex flex-col items-center ml-auto cursor-pointer rtl:ml-0 rtl:mr-auto modal-close\">\n        <svg class=\"w-auto h-6\" width=\"18\" height=\"23\" xmlns=\"http:\/\/www.w3.org\/2000\/svg\">\n  <g stroke=\"currentColor\" fill=\"none\" fill-rule=\"evenodd\" stroke-linecap=\"square\">\n    <path d=\"M.7248.974l16.1076 20.6167M16.655 1.2654L.9097 22.1601\" \/>\n  <\/g>\n<\/svg>        <div class=\"hidden\">Close<\/div>\n      <\/div>\n    <\/div>\n    <div class=\"px-4 py-8 overflow-y-auto max-h-modal md:px-8 modal-content\">\n      <div class=\"mb-8 flex flex-col gap-1.5\">\n                      <h3 class=\"text-xl font-bold\">L\u2019escultura de fusta<\/h3>\n                            <\/div>\n            <p>Veus aquesta escultura que hi ha dins d\u2019una vitrina de vidre? \u00c9s la pe\u00e7a m\u00e9s important de l\u2019esgl\u00e9sia. \u00c9s una talla de fusta que formava part d\u2019un grup on hi havia altres escultures. Gaireb\u00e9 totes han desaparegut. L\u2019altra que es va salvar, la Mare de D\u00e9u, est\u00e0 conservada al MNAC, un museu de Barcelona. Tot el conjunt representava el moment en el qual diverses persones ajuden a baixar Crist de la creu despr\u00e9s de morir. El personatge que tens al davant, Nicodem, va ser l\u2019encarregat de treure amb unes tenalles els claus que mantenien Jes\u00fas clavat.<br \/>\nI com \u00e9s que la talla del Nicodem ha arribat fins als nostres dies? Doncs perqu\u00e8 va quedar amagada durant molts anys darrere d\u2019un retaule barroc. La van trobar un grup de restauradors d\u2019art l\u2019any 2001, quan van desmuntar un retaule de l\u2019esgl\u00e9sia per restaurar-lo. T\u2019imagines quin moment tan emocionant?<br \/>\nSi vols veure com era el conjunt del Davallament a partir de la informaci\u00f3 que tenim, pots fer-ho amb el recurs virtual.<\/p>\n<p>Encara al cor, deus haver vist que hi ha un banc i altres peces. S\u00f3n els mobles que s\u2019han anat aplegant a l\u2019interior de l\u2019esgl\u00e9sia al llarg dels segles i que es feien servir per a actes religiosos.<br \/>\nUn d\u2019aquests elements \u00e9s un banc de fusta. Compte, que no s\u2019hi pot seure! Aquest banc t\u00e9 dues peces molt especials: els dos plafons de l\u2019esquerra del respatller. Les dues taules, fetes de fusta de pi, formaven part d\u2019un altre moble, probablement un altre banc m\u00e9s antic.<\/p>\n    <\/div>\n  <\/div>\n<\/div>\n    <\/section>\n\n\n<div class=\"flex flex-col gap-3 element interactive-block\">\n  <div class=\"flex items-center gap-6\">\n              <h2 class=\"text-2xl font-bold\">Recurs virtual: Reconstrucci\u00f3 del Davallament de Durro<\/h2>\n      <\/div>\n          <div class=\"flex justify-end w-full\">\n      <div class=\"flex flex-col items-center gap-2 shrink-1\">\n        <button data-target=\"#embed-69f5c6716ab82\" data-toggle=\"modal\"\n          class=\"flex items-center justify-center w-32 h-32 text-white rounded-full bg-darker-accent\">\n          <svg class=\"w-16 h-auto\" width=\"60\" height=\"61\" viewBox=\"0 0 60 61\" fill=\"none\" xmlns=\"http:\/\/www.w3.org\/2000\/svg\">\n  <path\n    d=\"M27 53.298L12 44.673C11.05 44.1231 10.3125 43.398 9.7875 42.498C9.2625 41.598 9 40.598 9 39.498V22.248C9 21.148 9.2625 20.148 9.7875 19.248C10.3125 18.348 11.05 17.623 12 17.073L27 8.44805C27.95 7.89805 28.95 7.62305 30 7.62305C31.05 7.62305 32.05 7.89805 33 8.44805L48 17.073C48.95 17.623 49.6875 18.348 50.2125 19.248C50.7375 20.148 51 21.148 51 22.248V39.498C51 40.598 50.7375 41.598 50.2125 42.498C49.6875 43.398 48.95 44.1231 48 44.673L33 53.298C32.05 53.848 31.05 54.123 30 54.123C28.95 54.123 27.95 53.848 27 53.298ZM27 46.398V32.598L15 25.623V39.498L27 46.398ZM33 46.398L45 39.498V25.623L33 32.598V46.398ZM0 15.873V6.87305C0 5.22305 0.5875 3.81055 1.7625 2.63555C2.9375 1.46055 4.35 0.873047 6 0.873047H15V6.87305H6V15.873H0ZM15 60.873H6C4.35 60.873 2.9375 60.2855 1.7625 59.1105C0.5875 57.9355 0 56.523 0 54.873V45.8731H6V54.873H15V60.873ZM45 60.873V54.873H54V45.8731H60V54.873C60 56.523 59.4125 57.9355 58.2375 59.1105C57.0625 60.2855 55.65 60.873 54 60.873H45ZM54 15.873V6.87305H45V0.873047H54C55.65 0.873047 57.0625 1.46055 58.2375 2.63555C59.4125 3.81055 60 5.22305 60 6.87305V15.873H54ZM30 27.423L41.85 20.448L30 13.623L18.15 20.448L30 27.423Z\"\n    fill=\"currentColor\" \/>\n<\/svg>\n        <\/button>\n                  <p class=\"text-base text-center\">Mira<\/p>\n              <\/div>\n    <\/div>\n    <div id=\"embed-69f5c6716ab82\"\n  class=\"fixed inset-0 z-50 hidden w-screen h-screen opacity-0 pointer-events-none modal embed-container\"\n  tabindex=\"-1\" role=\"dialog\">\n  <div class=\"absolute w-full h-full bg-black opacity-75 modal-overlay\"><\/div>\n  <div\n    class=\"absolute z-30 w-11\/12 mx-auto overflow-y-auto text-black bg-white shadow-lg modal-container center-xy md:max-w-4xl\"\n    role=\"document\">\n    <div class=\"flex items-center justify-between px-4 py-4 text-gray-700 border-b md:px-8\">\n      <h2 class=\"!mb-0 font-bold\">Mira<\/h2>\n      <div class=\"z-50 flex flex-col items-center ml-auto cursor-pointer rtl:ml-0 rtl:mr-auto modal-close\">\n        <svg class=\"w-auto h-6\" width=\"18\" height=\"23\" xmlns=\"http:\/\/www.w3.org\/2000\/svg\">\n  <g stroke=\"currentColor\" fill=\"none\" fill-rule=\"evenodd\" stroke-linecap=\"square\">\n    <path d=\"M.7248.974l16.1076 20.6167M16.655 1.2654L.9097 22.1601\" \/>\n  <\/g>\n<\/svg>        <div class=\"hidden\">Close<\/div>\n      <\/div>\n    <\/div>\n    <div class=\"px-4 py-8 overflow-y-auto max-h-modal md:px-8 modal-content\">\n      <div class=\"sketchfab-embed-wrapper\"> <iframe title=\"Nicodem del Davallament de Durro\" frameborder=\"0\" allowfullscreen mozallowfullscreen=\"true\" webkitallowfullscreen=\"true\" allow=\"autoplay; fullscreen; xr-spatial-tracking\" xr-spatial-tracking execution-while-out-of-viewport execution-while-not-rendered web-share src=\"https:\/\/sketchfab.com\/models\/161ecf0cea864332b192cebcfc5084ae\/embed?ui_infos=0\"> <\/iframe> <\/div>\n    <\/div>\n  <\/div>\n<\/div>\n  <\/div>\n\n\n<div class=\"flex flex-col gap-3 element text-block\">\n  <div class=\"flex items-center gap-6\">\n              <h2 class=\"text-2xl font-bold\">2f T&#8217;hi esperem!<\/h2>\n      <\/div>\n    <\/div>\n\n\n<section class=\"element audio-block\">\n  <div class=\"flex flex-col w-full gap-6\">\n    <div class=\"flex flex-col gap-3\">\n      <div class=\"flex gap-6\">\n                          <h2 class=\"text-2xl font-bold\">La visita continua<\/h2>\n              <\/div>\n          <\/div>\n    <div class=\"flex items-center justify-end gap-3\">\n              <div class=\"flex-1 audio-content\" dir=\"ltr\">\n          <audio id=\"audio-c45a6307c820c7fa83a40c1d8b7698e9\" data-label=\"La visita continua\"\n            data-category=\"NATIVITAT-DE-DURRO-CA-FAMILIAR-PLAY-CLOENDA.mp3\" class=\"hidden\" controls\n            src=\"https:\/\/guiesullsdelahistoria.cat\/app\/uploads\/2025\/01\/NATIVITAT-DE-DURRO-CA-FAMILIAR-PLAY-CLOENDA.mp3\"><\/audio>\n          <div class=\"flex items-center w-full gap-3 transition-opacity opacity-0 meta\">\n            <progress class=\"flex-1 border-0 appearance-none\" value=\"0\" max=\"1\"><\/progress>\n            <div class=\"text-sm text-center shrink-0 current-time w-9\"><\/div>\n                      <\/div>\n        <\/div>\n            <div class=\"flex flex-col items-center gap-2 shrink-1 audio-control\">\n        <button\n  class=\"flex items-center justify-center w-32 max-w-32 h-32 max-h-32 transition-[max-height,_max-width] bg-darker-accent rounded-full btn text-white\"\n  data-target=\"#audio-c45a6307c820c7fa83a40c1d8b7698e9\">\n  <svg width=\"100%\" height=\"100%\" viewBox=\"0 0 36 36\" version=\"1.1\" xmlns=\"http:\/\/www.w3.org\/2000\/svg\" xmlns:xlink=\"http:\/\/www.w3.org\/1999\/xlink\">\n  <path id=\"ytp-12\" d=\"M11,10 L18,13.74 18,22.28 11,26 M18,13.74 L26,18 26,18 18,22.28\" fill=\"currentColor\">\n    <animate id=\"animation\" begin=\"indefinite\" attributeType=\"XML\" attributeName=\"d\" fill=\"freeze\" from=\"M11,10 L17,10 17,26 11,26 M20,10 L26,10 26,26 20,26\" to=\"M11,10 L18,13.74 18,22.28 11,26 M18,13.74 L26,18 26,18 18,22.28\" dur=\"0.1s\" keySplines=\".4 0 1 1\" repeatCount=\"1\" data-play=\"M11,10 L18,13.74 18,22.28 11,26 M18,13.74 L26,18 26,18 18,22.28\" data-pause=\"M11,10 L17,10 17,26 11,26 M20,10 L26,10 26,26 20,26\"><\/animate>\n  <\/path>\n<\/svg>\n<\/button>\n        <p class=\"text-base text-center\">Escolta<\/p>\n      <\/div>\n    <\/div>\n\n    \n          <div class=\"flex flex-wrap justify-between gap-6 md:justify-start\">\n                  <button data-target=\"#transcription-c45a6307c820c7fa83a40c1d8b7698e9\" data-toggle=\"modal\" class=\"flex items-center gap-2\">\n            <svg class=\"w-6 h-6\" fill=\"none\" xmlns=\"http:\/\/www.w3.org\/2000\/svg\" viewBox=\"0 0 22 12\"><path d=\"M0 9.873v-6c0-.55.196-1.02.588-1.412A1.926 1.926 0 0 1 2 1.873h2c.55 0 1.02.196 1.412.588.392.391.588.862.588 1.412v6H4v-2H2v2H0Zm2-4h2v-2H2v2Zm6 4v-8h4c.55 0 1.02.196 1.412.588.392.391.588.862.588 1.412v4c0 .55-.196 1.021-.588 1.413A1.926 1.926 0 0 1 12 9.873H8Zm2-2h2v-4h-2v4Zm6.85.8-1.4-1.425c.183-.183.32-.391.413-.625.091-.233.137-.483.137-.75 0-.283-.046-.537-.137-.762a1.85 1.85 0 0 0-.413-.613l1.4-1.45c.367.367.65.792.85 1.275.2.484.3 1 .3 1.55s-.1 1.063-.3 1.538c-.2.475-.483.896-.85 1.262Zm2.825 2.825-1.45-1.375c.55-.55.983-1.187 1.3-1.912A5.775 5.775 0 0 0 20 5.873c0-.85-.158-1.633-.475-2.35a6.217 6.217 0 0 0-1.3-1.9l1.45-1.4a7.94 7.94 0 0 1 1.712 2.55c.409.967.613 2 .613 3.1s-.204 2.13-.613 3.088a7.977 7.977 0 0 1-1.712 2.537Z\" fill=\"#000\"\/><\/svg>            <span>Transcripci\u00f3<\/span>\n          <\/button>\n                      <\/div>\n      <\/div>\n\n      <div id=\"transcription-c45a6307c820c7fa83a40c1d8b7698e9\"\n  class=\"fixed inset-0 z-50 hidden w-screen h-screen opacity-0 pointer-events-none modal transcription\"\n  tabindex=\"-1\" role=\"dialog\">\n  <div class=\"absolute w-full h-full bg-black opacity-75 modal-overlay\"><\/div>\n  <div\n    class=\"absolute z-30 w-11\/12 mx-auto overflow-y-auto text-black bg-white shadow-lg modal-container center-xy md:max-w-4xl\"\n    role=\"document\">\n    <div class=\"flex items-center justify-between px-4 py-4 text-gray-700 border-b md:px-8\">\n      <h2 class=\"!mb-0 font-bold\">Transcripci\u00f3<\/h2>\n      <div class=\"z-50 flex flex-col items-center ml-auto cursor-pointer rtl:ml-0 rtl:mr-auto modal-close\">\n        <svg class=\"w-auto h-6\" width=\"18\" height=\"23\" xmlns=\"http:\/\/www.w3.org\/2000\/svg\">\n  <g stroke=\"currentColor\" fill=\"none\" fill-rule=\"evenodd\" stroke-linecap=\"square\">\n    <path d=\"M.7248.974l16.1076 20.6167M16.655 1.2654L.9097 22.1601\" \/>\n  <\/g>\n<\/svg>        <div class=\"hidden\">Close<\/div>\n      <\/div>\n    <\/div>\n    <div class=\"px-4 py-8 overflow-y-auto max-h-modal md:px-8 modal-content\">\n      <div class=\"mb-8 flex flex-col gap-1.5\">\n                      <h3 class=\"text-xl font-bold\">La visita continua<\/h3>\n                            <\/div>\n            <p>Aqu\u00ed s\u2019acaba la visita a l\u2019esgl\u00e9sia. Ara et convidem a con\u00e8ixer les altres, que constitueixen el Conjunt Rom\u00e0nic de la Vall de Bo\u00ed. T\u2019hi esperem!<\/p>\n    <\/div>\n  <\/div>\n<\/div>\n    <\/section>\n\n\n<div class=\"flex flex-col gap-3 element text-block\">\n  <div class=\"flex items-center gap-6\">\n              <h2 class=\"text-2xl font-bold\">Cloenda<\/h2>\n      <\/div>\n        <div class=\"prose prose-lg\"><p><em>\u201cEls Ulls de la Hist\u00f2ria. Una mirada immersiva sobre el patrimoni\u201d<\/em> \u00e9s una iniciativa de l\u2019Ag\u00e8ncia Catalana del Patrimoni Cultural. Un projecte que incorpora altres veus i altres mirades sobre el nostre passat. Perqu\u00e8 totes i tots fem hist\u00f2ria.<\/p>\n<\/div>\n  <\/div>\n\n<\/div>\n      <\/div>\n    <\/div>\n  <\/section>\n\n\n<section class=\"container overflow-hidden section\" id=\"section-69f5c6717c396\" data-title=\"3. Sant Climent de Ta\u00fcll\">\n    <div class=\"relative z-10 w-full -mb-8 section-pictogram\">\n            <div class=\"flex h-40 text-darker-accent justify-center\">\n        <svg class=\"w-auto h-full\" width=\"172\" height=\"173\" viewBox=\"0 0 172 173\" fill=\"none\" xmlns=\"http:\/\/www.w3.org\/2000\/svg\">\n  <path\n    d=\"M90.4805 87.4346C90.4805 87.4346 106.703 94.7105 106.703 119.382C106.703 147.566 90.4805 158.135 90.4805 158.135H106.703\"\n    stroke=\"currentColor\" stroke-width=\"2\" stroke-miterlimit=\"10\" stroke-linecap=\"round\" \/>\n  <path\n    d=\"M81.8516 87.4346C81.8516 87.4346 65.6289 94.7105 65.6289 119.382C65.6289 147.566 81.8516 158.135 81.8516 158.135H65.6289\"\n    stroke=\"currentColor\" stroke-width=\"2\" stroke-miterlimit=\"10\" stroke-linecap=\"round\" \/>\n  <path\n    d=\"M122.78 15.4893H50.2369C27.5752 15.4893 8.64051 33.4202 8.26377 56.0388C7.87553 79.1463 26.514 98.0005 49.5553 98.0005C57.655 98.0138 65.5779 95.6336 72.3292 91.1588C80.6692 85.6458 91.5975 85.571 99.9375 91.107C107.234 95.9635 115.891 98.3644 124.647 97.9602C145.954 97.0284 163.252 79.6439 164.063 58.3568C164.946 34.838 146.124 15.4893 122.78 15.4893Z\"\n    stroke=\"currentColor\" stroke-width=\"2\" stroke-miterlimit=\"10\" \/>\n  <path\n    d=\"M51.6542 50.822C52.3367 50.822 53.0039 50.6196 53.5714 50.2404C54.139 49.8612 54.5813 49.3222 54.8425 48.6916C55.1037 48.061 55.172 47.3671 55.0389 46.6977C54.9057 46.0283 54.577 45.4133 54.0944 44.9307C53.6118 44.4481 52.9968 44.1194 52.3274 43.9862C51.658 43.8531 50.9641 43.9214 50.3335 44.1826C49.7029 44.4438 49.1639 44.8861 48.7847 45.4537C48.4055 46.0212 48.2031 46.6884 48.2031 47.371C48.2031 48.2862 48.5667 49.164 49.2139 49.8112C49.8611 50.4584 50.7389 50.822 51.6542 50.822Z\"\n    fill=\"currentColor\" \/>\n  <path\n    d=\"M51.6542 50.822C52.3367 50.822 53.0039 50.6196 53.5714 50.2404C54.139 49.8612 54.5813 49.3222 54.8425 48.6916C55.1037 48.061 55.172 47.3671 55.0389 46.6977C54.9057 46.0283 54.577 45.4133 54.0944 44.9307C53.6118 44.4481 52.9968 44.1194 52.3274 43.9862C51.658 43.8531 50.9641 43.9214 50.3335 44.1826C49.7029 44.4438 49.1639 44.8861 48.7847 45.4537C48.4055 46.0212 48.2031 46.6884 48.2031 47.371C48.2031 48.2862 48.5667 49.164 49.2139 49.8112C49.8611 50.4584 50.7389 50.822 51.6542 50.822Z\"\n    stroke=\"currentColor\" stroke-width=\"2\" stroke-miterlimit=\"10\" \/>\n  <path\n    d=\"M120.678 50.822C121.36 50.822 122.027 50.6196 122.595 50.2404C123.162 49.8612 123.605 49.3222 123.866 48.6916C124.127 48.061 124.195 47.3671 124.062 46.6977C123.929 46.0283 123.6 45.4133 123.118 44.9307C122.635 44.4481 122.02 44.1194 121.351 43.9862C120.681 43.8531 119.988 43.9214 119.357 44.1826C118.726 44.4438 118.187 44.8861 117.808 45.4537C117.429 46.0212 117.227 46.6884 117.227 47.371C117.227 48.2862 117.59 49.164 118.237 49.8112C118.885 50.4584 119.762 50.822 120.678 50.822Z\"\n    fill=\"currentColor\" \/>\n  <path\n    d=\"M120.678 50.822C121.36 50.822 122.027 50.6196 122.595 50.2404C123.162 49.8612 123.605 49.3222 123.866 48.6916C124.127 48.061 124.195 47.3671 124.062 46.6977C123.929 46.0283 123.6 45.4133 123.118 44.9307C122.635 44.4481 122.02 44.1194 121.351 43.9862C120.681 43.8531 119.988 43.9214 119.357 44.1826C118.726 44.4438 118.187 44.8861 117.808 45.4537C117.429 46.0212 117.227 46.6884 117.227 47.371C117.227 48.2862 117.59 49.164 118.237 49.8112C118.885 50.4584 119.762 50.822 120.678 50.822Z\"\n    stroke=\"currentColor\" stroke-width=\"2\" stroke-miterlimit=\"10\" \/>\n  <path\n    d=\"M60.7188 65.7383C66.9133 74.0783 76.0126 79.3353 86.1672 79.3353C96.3219 79.3353 105.435 74.0668 111.616 65.7383H60.7188Z\"\n    stroke=\"currentColor\" stroke-width=\"2\" stroke-miterlimit=\"10\" \/>\n  <path d=\"M76.9648 65.0371V77.4522\" stroke=\"currentColor\" stroke-width=\"2\" stroke-miterlimit=\"10\" \/>\n  <path d=\"M95.3672 65.0371V77.4522\" stroke=\"currentColor\" stroke-width=\"2\" stroke-miterlimit=\"10\" \/>\n  <path d=\"M67.7617 65.0371V72.8508\" stroke=\"currentColor\" stroke-width=\"2\" stroke-miterlimit=\"10\" \/>\n  <path d=\"M104.57 65.0371V72.8508\" stroke=\"currentColor\" stroke-width=\"2\" stroke-miterlimit=\"10\" \/>\n  <path d=\"M86.1641 65.0371V79.1777\" stroke=\"currentColor\" stroke-width=\"2\" stroke-miterlimit=\"10\" \/>\n<\/svg>      <\/div>\n    <\/div>\n    <div class=\"grid w-full grid-cols-1 px-4 py-8 section-content max-md:gap-y-8 md:grid-standard rounded-xl\">\n              <div class=\"flex gap-4 md:col-span-5\">\n                                <h2 class=\"text-8 font-headings\">3. Sant Climent de Ta\u00fcll<\/h2>\n                  <\/div>\n            <div class=\"flex flex-col gap-8 md:col-span-6 md:col-start-7 md:gap-10\">\n        <div class=\"acf-innerblocks-container\">\n<div class=\"flex flex-col gap-3 element text-block\">\n  <div class=\"flex items-center gap-6\">\n              <h2 class=\"text-2xl font-bold\">3a Introducci\u00f3<\/h2>\n      <\/div>\n    <\/div>\n\n\n<div class=\"flex flex-col gap-6 element image-block\">\n  <div class=\"flex flex-col gap-3\">\n      <\/div>\n      <figure>\n      <img loading=\"lazy\" decoding=\"async\" width=\"1032\" height=\"703\" src=\"https:\/\/guiesullsdelahistoria.cat\/app\/uploads\/2024\/11\/st.-climent-de-taull-1-1.jpg\" class=\"w-full h-auto\" alt=\"Vista general de l\u2019exterior de l\u2019esgl\u00e9sia de Sant Climent de Ta\u00fcll, amb el cementiri i la torre del campanar en primer terme i les muntanyes al fons.\" srcset=\"https:\/\/guiesullsdelahistoria.cat\/app\/uploads\/2024\/11\/st.-climent-de-taull-1-1.jpg 1032w, https:\/\/guiesullsdelahistoria.cat\/app\/uploads\/2024\/11\/st.-climent-de-taull-1-1-300x204.jpg 300w, https:\/\/guiesullsdelahistoria.cat\/app\/uploads\/2024\/11\/st.-climent-de-taull-1-1-1024x698.jpg 1024w, https:\/\/guiesullsdelahistoria.cat\/app\/uploads\/2024\/11\/st.-climent-de-taull-1-1-768x523.jpg 768w\" sizes=\"auto, (max-width: 1032px) 100vw, 1032px\" \/>\n              <figcaption class=\"pt-2 text-gray-800\">Vista general de Sant Climent de Ta\u00fcll.<\/figcaption>\n          <\/figure>\n  <\/div>\n\n\n<section class=\"element audio-block\">\n  <div class=\"flex flex-col w-full gap-6\">\n    <div class=\"flex flex-col gap-3\">\n      <div class=\"flex gap-6\">\n                          <h2 class=\"text-2xl font-bold\">La Vall de Bo\u00ed i les seves esgl\u00e9sies<\/h2>\n              <\/div>\n          <\/div>\n    <div class=\"flex items-center justify-end gap-3\">\n              <div class=\"flex-1 audio-content\" dir=\"ltr\">\n          <audio id=\"audio-1ab08b839be98c0ecd0be323cda21619\" data-label=\"La Vall de Bo\u00ed i les seves esgl\u00e9sies\"\n            data-category=\"SANT-CLIMENT-DE-TAULL-CAT-FAMILIAR-PLAY-0.mp3\" class=\"hidden\" controls\n            src=\"https:\/\/guiesullsdelahistoria.cat\/app\/uploads\/2025\/01\/SANT-CLIMENT-DE-TAULL-CAT-FAMILIAR-PLAY-0.mp3\"><\/audio>\n          <div class=\"flex items-center w-full gap-3 transition-opacity opacity-0 meta\">\n            <progress class=\"flex-1 border-0 appearance-none\" value=\"0\" max=\"1\"><\/progress>\n            <div class=\"text-sm text-center shrink-0 current-time w-9\"><\/div>\n                      <\/div>\n        <\/div>\n            <div class=\"flex flex-col items-center gap-2 shrink-1 audio-control\">\n        <button\n  class=\"flex items-center justify-center w-32 max-w-32 h-32 max-h-32 transition-[max-height,_max-width] bg-darker-accent rounded-full btn text-white\"\n  data-target=\"#audio-1ab08b839be98c0ecd0be323cda21619\">\n  <svg width=\"100%\" height=\"100%\" viewBox=\"0 0 36 36\" version=\"1.1\" xmlns=\"http:\/\/www.w3.org\/2000\/svg\" xmlns:xlink=\"http:\/\/www.w3.org\/1999\/xlink\">\n  <path id=\"ytp-12\" d=\"M11,10 L18,13.74 18,22.28 11,26 M18,13.74 L26,18 26,18 18,22.28\" fill=\"currentColor\">\n    <animate id=\"animation\" begin=\"indefinite\" attributeType=\"XML\" attributeName=\"d\" fill=\"freeze\" from=\"M11,10 L17,10 17,26 11,26 M20,10 L26,10 26,26 20,26\" to=\"M11,10 L18,13.74 18,22.28 11,26 M18,13.74 L26,18 26,18 18,22.28\" dur=\"0.1s\" keySplines=\".4 0 1 1\" repeatCount=\"1\" data-play=\"M11,10 L18,13.74 18,22.28 11,26 M18,13.74 L26,18 26,18 18,22.28\" data-pause=\"M11,10 L17,10 17,26 11,26 M20,10 L26,10 26,26 20,26\"><\/animate>\n  <\/path>\n<\/svg>\n<\/button>\n        <p class=\"text-base text-center\">Escolta<\/p>\n      <\/div>\n    <\/div>\n\n    \n          <div class=\"flex flex-wrap justify-between gap-6 md:justify-start\">\n                  <button data-target=\"#transcription-1ab08b839be98c0ecd0be323cda21619\" data-toggle=\"modal\" class=\"flex items-center gap-2\">\n            <svg class=\"w-6 h-6\" fill=\"none\" xmlns=\"http:\/\/www.w3.org\/2000\/svg\" viewBox=\"0 0 22 12\"><path d=\"M0 9.873v-6c0-.55.196-1.02.588-1.412A1.926 1.926 0 0 1 2 1.873h2c.55 0 1.02.196 1.412.588.392.391.588.862.588 1.412v6H4v-2H2v2H0Zm2-4h2v-2H2v2Zm6 4v-8h4c.55 0 1.02.196 1.412.588.392.391.588.862.588 1.412v4c0 .55-.196 1.021-.588 1.413A1.926 1.926 0 0 1 12 9.873H8Zm2-2h2v-4h-2v4Zm6.85.8-1.4-1.425c.183-.183.32-.391.413-.625.091-.233.137-.483.137-.75 0-.283-.046-.537-.137-.762a1.85 1.85 0 0 0-.413-.613l1.4-1.45c.367.367.65.792.85 1.275.2.484.3 1 .3 1.55s-.1 1.063-.3 1.538c-.2.475-.483.896-.85 1.262Zm2.825 2.825-1.45-1.375c.55-.55.983-1.187 1.3-1.912A5.775 5.775 0 0 0 20 5.873c0-.85-.158-1.633-.475-2.35a6.217 6.217 0 0 0-1.3-1.9l1.45-1.4a7.94 7.94 0 0 1 1.712 2.55c.409.967.613 2 .613 3.1s-.204 2.13-.613 3.088a7.977 7.977 0 0 1-1.712 2.537Z\" fill=\"#000\"\/><\/svg>            <span>Transcripci\u00f3<\/span>\n          <\/button>\n                      <\/div>\n      <\/div>\n\n      <div id=\"transcription-1ab08b839be98c0ecd0be323cda21619\"\n  class=\"fixed inset-0 z-50 hidden w-screen h-screen opacity-0 pointer-events-none modal transcription\"\n  tabindex=\"-1\" role=\"dialog\">\n  <div class=\"absolute w-full h-full bg-black opacity-75 modal-overlay\"><\/div>\n  <div\n    class=\"absolute z-30 w-11\/12 mx-auto overflow-y-auto text-black bg-white shadow-lg modal-container center-xy md:max-w-4xl\"\n    role=\"document\">\n    <div class=\"flex items-center justify-between px-4 py-4 text-gray-700 border-b md:px-8\">\n      <h2 class=\"!mb-0 font-bold\">Transcripci\u00f3<\/h2>\n      <div class=\"z-50 flex flex-col items-center ml-auto cursor-pointer rtl:ml-0 rtl:mr-auto modal-close\">\n        <svg class=\"w-auto h-6\" width=\"18\" height=\"23\" xmlns=\"http:\/\/www.w3.org\/2000\/svg\">\n  <g stroke=\"currentColor\" fill=\"none\" fill-rule=\"evenodd\" stroke-linecap=\"square\">\n    <path d=\"M.7248.974l16.1076 20.6167M16.655 1.2654L.9097 22.1601\" \/>\n  <\/g>\n<\/svg>        <div class=\"hidden\">Close<\/div>\n      <\/div>\n    <\/div>\n    <div class=\"px-4 py-8 overflow-y-auto max-h-modal md:px-8 modal-content\">\n      <div class=\"mb-8 flex flex-col gap-1.5\">\n                      <h3 class=\"text-xl font-bold\">La Vall de Bo\u00ed i les seves esgl\u00e9sies<\/h3>\n                            <\/div>\n            <p>Et donem la benvinguda a la Vall de Bo\u00ed i t\u2019animem a con\u00e8ixer el conjunt d\u2019esgl\u00e9sies rom\u00e0niques que hi ha als diversos pobles de la Vall.<\/p>\n<p>Aquestes esgl\u00e9sies s\u00f3n tan importants que la UNESCO, una organitzaci\u00f3 que promou la col\u00b7laboraci\u00f3 internacional en educaci\u00f3, ci\u00e8ncia, cultura i comunicaci\u00f3, les va posar a la seva llista de Patrimoni Mundial l\u2019any 2000, al costat, per exemple, de la Gran Muralla de la Xina, les pir\u00e0mides d\u2019Egipte o l\u2019Est\u00e0tua de la Llibertat dels Estats Units.<br \/>\nPer\u00f2 quantes esgl\u00e9sies hi ha i per qu\u00e8 s\u00f3n tan importants? Quina \u00e9s la seva hist\u00f2ria?<br \/>\nEl Conjunt Rom\u00e0nic de la Vall de Bo\u00ed l\u2019integren nou esgl\u00e9sies: Sant Climent i Santa Maria de Ta\u00fcll, Sant Joan de Bo\u00ed, Santa Eul\u00e0lia d\u2019Erill la Vall, Sant Feliu de Barruera, la Nativitat i Sant Quirc de Durro, Santa Maria de Cardet i l\u2019Assumpci\u00f3 de C\u00f3ll.<br \/>\nTotes tenen una hist\u00f2ria comuna, perqu\u00e8 van ser constru\u00efdes entre el segle XI i el XII, ara fa m\u00e9s de nou-cents anys. Tamb\u00e9 tenen el mateix estil arquitect\u00f2nic, el rom\u00e0nic, i per aix\u00f2 es pot dir que formen un conjunt. I qui les va fer? Doncs les van pensar els mestres d\u2019obra, que era com se\u2019n deia llavors del que avui en diem arquitectes. I, \u00e9s clar, tots els treballadors que les van aixecar, pedra sobre pedra. Per\u00f2 els diners per pagar l\u2019obra els van posar els senyors feudals d\u2019aquestes terres, que s\u2019havien fet rics gr\u00e0cies a la guerra.<br \/>\nAmb la guia que tens a les mans, descobrir\u00e0s la import\u00e0ncia de cada una de les nou esgl\u00e9sies del conjunt i els secrets que amaguen als racons m\u00e9s insospitats.<br \/>\nUna advert\u00e8ncia final! Aquestes muntanyes s\u00f3n misterioses i, a les valls, les paraules de les persones que les han habitat sovint es queden atrapades i ressonen al llarg del temps com un eco imperceptible. Aquesta guia disposa d\u2019un sensor que s\u2019activa cada cop que en capta alguna. No t\u2019espantis i continua escoltant.<br \/>\nPer comen\u00e7ar la visita, dirigeix-te a la part posterior de l\u2019esgl\u00e9sia.<\/p>\n    <\/div>\n  <\/div>\n<\/div>\n    <\/section>\n\n\n<div class=\"flex flex-col gap-3 element text-block\">\n  <div class=\"flex items-center gap-6\">\n              <h2 class=\"text-2xl font-bold\">3b La pedra i l&#8217;ornamentaci\u00f3<\/h2>\n      <\/div>\n    <\/div>\n\n\n<div class=\"flex flex-col gap-6 element image-block\">\n  <div class=\"flex flex-col gap-3\">\n      <\/div>\n      <figure>\n      <img loading=\"lazy\" decoding=\"async\" width=\"800\" height=\"600\" src=\"https:\/\/guiesullsdelahistoria.cat\/app\/uploads\/2024\/11\/val-de-boi_0107.jpg\" class=\"w-full h-auto\" alt=\"Vista exterior de l\u2019esgl\u00e9sia de Sant Climent de Ta\u00fcll per la part de darrere amb els tres absis en primer terme.\" srcset=\"https:\/\/guiesullsdelahistoria.cat\/app\/uploads\/2024\/11\/val-de-boi_0107.jpg 800w, https:\/\/guiesullsdelahistoria.cat\/app\/uploads\/2024\/11\/val-de-boi_0107-300x225.jpg 300w, https:\/\/guiesullsdelahistoria.cat\/app\/uploads\/2024\/11\/val-de-boi_0107-768x576.jpg 768w\" sizes=\"auto, (max-width: 800px) 100vw, 800px\" \/>\n              <figcaption class=\"pt-2 text-gray-800\">Absis de Sant Climent de Ta\u00fcll.<\/figcaption>\n          <\/figure>\n  <\/div>\n\n\n<section class=\"element audio-block\">\n  <div class=\"flex flex-col w-full gap-6\">\n    <div class=\"flex flex-col gap-3\">\n      <div class=\"flex gap-6\">\n                          <h2 class=\"text-2xl font-bold\">Absis<\/h2>\n              <\/div>\n          <\/div>\n    <div class=\"flex items-center justify-end gap-3\">\n              <div class=\"flex-1 audio-content\" dir=\"ltr\">\n          <audio id=\"audio-17bcfb96fd3145249551d252f1b7a5d6\" data-label=\"Absis\"\n            data-category=\"SANT-CLIMENT-DE-TAULL-CAT-FAMILIAR-PLAY-1.mp3\" class=\"hidden\" controls\n            src=\"https:\/\/guiesullsdelahistoria.cat\/app\/uploads\/2025\/01\/SANT-CLIMENT-DE-TAULL-CAT-FAMILIAR-PLAY-1.mp3\"><\/audio>\n          <div class=\"flex items-center w-full gap-3 transition-opacity opacity-0 meta\">\n            <progress class=\"flex-1 border-0 appearance-none\" value=\"0\" max=\"1\"><\/progress>\n            <div class=\"text-sm text-center shrink-0 current-time w-9\"><\/div>\n                      <\/div>\n        <\/div>\n            <div class=\"flex flex-col items-center gap-2 shrink-1 audio-control\">\n        <button\n  class=\"flex items-center justify-center w-32 max-w-32 h-32 max-h-32 transition-[max-height,_max-width] bg-darker-accent rounded-full btn text-white\"\n  data-target=\"#audio-17bcfb96fd3145249551d252f1b7a5d6\">\n  <svg width=\"100%\" height=\"100%\" viewBox=\"0 0 36 36\" version=\"1.1\" xmlns=\"http:\/\/www.w3.org\/2000\/svg\" xmlns:xlink=\"http:\/\/www.w3.org\/1999\/xlink\">\n  <path id=\"ytp-12\" d=\"M11,10 L18,13.74 18,22.28 11,26 M18,13.74 L26,18 26,18 18,22.28\" fill=\"currentColor\">\n    <animate id=\"animation\" begin=\"indefinite\" attributeType=\"XML\" attributeName=\"d\" fill=\"freeze\" from=\"M11,10 L17,10 17,26 11,26 M20,10 L26,10 26,26 20,26\" to=\"M11,10 L18,13.74 18,22.28 11,26 M18,13.74 L26,18 26,18 18,22.28\" dur=\"0.1s\" keySplines=\".4 0 1 1\" repeatCount=\"1\" data-play=\"M11,10 L18,13.74 18,22.28 11,26 M18,13.74 L26,18 26,18 18,22.28\" data-pause=\"M11,10 L17,10 17,26 11,26 M20,10 L26,10 26,26 20,26\"><\/animate>\n  <\/path>\n<\/svg>\n<\/button>\n        <p class=\"text-base text-center\">Escolta<\/p>\n      <\/div>\n    <\/div>\n\n    \n          <div class=\"flex flex-wrap justify-between gap-6 md:justify-start\">\n                  <button data-target=\"#transcription-17bcfb96fd3145249551d252f1b7a5d6\" data-toggle=\"modal\" class=\"flex items-center gap-2\">\n            <svg class=\"w-6 h-6\" fill=\"none\" xmlns=\"http:\/\/www.w3.org\/2000\/svg\" viewBox=\"0 0 22 12\"><path d=\"M0 9.873v-6c0-.55.196-1.02.588-1.412A1.926 1.926 0 0 1 2 1.873h2c.55 0 1.02.196 1.412.588.392.391.588.862.588 1.412v6H4v-2H2v2H0Zm2-4h2v-2H2v2Zm6 4v-8h4c.55 0 1.02.196 1.412.588.392.391.588.862.588 1.412v4c0 .55-.196 1.021-.588 1.413A1.926 1.926 0 0 1 12 9.873H8Zm2-2h2v-4h-2v4Zm6.85.8-1.4-1.425c.183-.183.32-.391.413-.625.091-.233.137-.483.137-.75 0-.283-.046-.537-.137-.762a1.85 1.85 0 0 0-.413-.613l1.4-1.45c.367.367.65.792.85 1.275.2.484.3 1 .3 1.55s-.1 1.063-.3 1.538c-.2.475-.483.896-.85 1.262Zm2.825 2.825-1.45-1.375c.55-.55.983-1.187 1.3-1.912A5.775 5.775 0 0 0 20 5.873c0-.85-.158-1.633-.475-2.35a6.217 6.217 0 0 0-1.3-1.9l1.45-1.4a7.94 7.94 0 0 1 1.712 2.55c.409.967.613 2 .613 3.1s-.204 2.13-.613 3.088a7.977 7.977 0 0 1-1.712 2.537Z\" fill=\"#000\"\/><\/svg>            <span>Transcripci\u00f3<\/span>\n          <\/button>\n                      <\/div>\n      <\/div>\n\n      <div id=\"transcription-17bcfb96fd3145249551d252f1b7a5d6\"\n  class=\"fixed inset-0 z-50 hidden w-screen h-screen opacity-0 pointer-events-none modal transcription\"\n  tabindex=\"-1\" role=\"dialog\">\n  <div class=\"absolute w-full h-full bg-black opacity-75 modal-overlay\"><\/div>\n  <div\n    class=\"absolute z-30 w-11\/12 mx-auto overflow-y-auto text-black bg-white shadow-lg modal-container center-xy md:max-w-4xl\"\n    role=\"document\">\n    <div class=\"flex items-center justify-between px-4 py-4 text-gray-700 border-b md:px-8\">\n      <h2 class=\"!mb-0 font-bold\">Transcripci\u00f3<\/h2>\n      <div class=\"z-50 flex flex-col items-center ml-auto cursor-pointer rtl:ml-0 rtl:mr-auto modal-close\">\n        <svg class=\"w-auto h-6\" width=\"18\" height=\"23\" xmlns=\"http:\/\/www.w3.org\/2000\/svg\">\n  <g stroke=\"currentColor\" fill=\"none\" fill-rule=\"evenodd\" stroke-linecap=\"square\">\n    <path d=\"M.7248.974l16.1076 20.6167M16.655 1.2654L.9097 22.1601\" \/>\n  <\/g>\n<\/svg>        <div class=\"hidden\">Close<\/div>\n      <\/div>\n    <\/div>\n    <div class=\"px-4 py-8 overflow-y-auto max-h-modal md:px-8 modal-content\">\n      <div class=\"mb-8 flex flex-col gap-1.5\">\n                      <h3 class=\"text-xl font-bold\">Absis<\/h3>\n                            <\/div>\n            <p>L\u2019esgl\u00e9sia de Sant Climent \u00e9s, potser, la m\u00e9s coneguda de totes les de la Vall. Aix\u00f2 \u00e9s perqu\u00e8 a dins hi ha unes pintures que s\u2019han fet famoses arreu per la seva qualitat i bellesa. Segur que ja n\u2019has sentit a parlar.<br \/>\nL\u2019esgl\u00e9sia de Sant Climent de Ta\u00fcll es va fer a principis del segle xii aprofitant els murs d\u2019un edifici anterior. Aqu\u00ed, a la part baixa dels absis, aquestes tres construccions arrodonides, pots veure les restes dels murs m\u00e9s antics. S\u00f3n els blocs de pedra m\u00e9s mal tallats i diferents entre si.<br \/>\nAqu\u00ed tamb\u00e9 hi pots veure els tres tipus de pedra m\u00e9s utilitzats en la construcci\u00f3 de les esgl\u00e9sies de la Vall: el granit, una pedra molt dura i ideal per als murs; la pissarra, ben plana, per fer lliscar la pluja i la neu per les teulades, i la pedra tosca, aquesta pedra de color vermell\u00f3s de les decoracions.<br \/>\nFa molts anys, aquesta esgl\u00e9sia, com la resta d\u2019esgl\u00e9sies de la Vall, estava arrebossada per fora, de manera que no se\u2019n veia la pedra. Sobre aquest arrebossat, s\u2019hi van dibuixar unes sanefes de color vermell que encara es poden veure en alguns llocs. Per exemple, a la part de dins de la petita finestra rodona de la part lateral de l\u2019absis central, o a la finestra allargada del costat.<br \/>\nTamb\u00e9 en queden algunes restes a diverses finestres del campanar; per exemple, sota la decoraci\u00f3 en forma de dents de serra del pen\u00faltim pis.<br \/>\nAl campanar de Sant Climent, pots veure clarament com es constru\u00efen aquestes torres: traient pes dels pisos de dalt, fent m\u00e9s prims els murs de l\u2019interior i fent els forats de les finestres cada cop m\u00e9s grans.<br \/>\nVes a donar un cop d\u2019ull al campanar i despr\u00e9s passa a l\u2019interior de l\u2019esgl\u00e9sia.<\/p>\n    <\/div>\n  <\/div>\n<\/div>\n    <\/section>\n\n\n<div class=\"flex flex-col gap-3 element text-block\">\n  <div class=\"flex items-center gap-6\">\n              <h2 class=\"text-2xl font-bold\">3c Davant de l&#8217;altar<\/h2>\n      <\/div>\n    <\/div>\n\n\n<div class=\"flex flex-col gap-6 element image-block\">\n  <div class=\"flex flex-col gap-3\">\n      <\/div>\n      <figure>\n      <img loading=\"lazy\" decoding=\"async\" width=\"368\" height=\"472\" src=\"https:\/\/guiesullsdelahistoria.cat\/app\/uploads\/2024\/11\/Sant_Climent_de_Taull_pintures_absis.jpg\" class=\"w-full h-auto\" alt=\"Pintures originals de l\u2019absis central de l\u2019esgl\u00e9sia de Sant Climent de Ta\u00fcll amb el Crist en majestat al mig, conservades al Museu Nacional d\u2019Art de Catalunya.\" srcset=\"https:\/\/guiesullsdelahistoria.cat\/app\/uploads\/2024\/11\/Sant_Climent_de_Taull_pintures_absis.jpg 368w, https:\/\/guiesullsdelahistoria.cat\/app\/uploads\/2024\/11\/Sant_Climent_de_Taull_pintures_absis-234x300.jpg 234w\" sizes=\"auto, (max-width: 368px) 100vw, 368px\" \/>\n              <figcaption class=\"pt-2 text-gray-800\">Pintures originals de l\u2019absis central de Sant Climent de Ta\u00fcll conservades al Museu Nacional d\u2019Art de Catalunya.<\/figcaption>\n          <\/figure>\n  <\/div>\n\n\n<section class=\"element audio-block\">\n  <div class=\"flex flex-col w-full gap-6\">\n    <div class=\"flex flex-col gap-3\">\n      <div class=\"flex gap-6\">\n                          <h2 class=\"text-2xl font-bold\">Crist en majestat<\/h2>\n              <\/div>\n          <\/div>\n    <div class=\"flex items-center justify-end gap-3\">\n              <div class=\"flex-1 audio-content\" dir=\"ltr\">\n          <audio id=\"audio-fe0fb8fe71e59d4900f04d29569055b6\" data-label=\"Crist en majestat\"\n            data-category=\"SANT-CLIMENT-DE-TAULL-CAT-FAMILIAR-PLAY-2.mp3\" class=\"hidden\" controls\n            src=\"https:\/\/guiesullsdelahistoria.cat\/app\/uploads\/2025\/01\/SANT-CLIMENT-DE-TAULL-CAT-FAMILIAR-PLAY-2.mp3\"><\/audio>\n          <div class=\"flex items-center w-full gap-3 transition-opacity opacity-0 meta\">\n            <progress class=\"flex-1 border-0 appearance-none\" value=\"0\" max=\"1\"><\/progress>\n            <div class=\"text-sm text-center shrink-0 current-time w-9\"><\/div>\n                      <\/div>\n        <\/div>\n            <div class=\"flex flex-col items-center gap-2 shrink-1 audio-control\">\n        <button\n  class=\"flex items-center justify-center w-32 max-w-32 h-32 max-h-32 transition-[max-height,_max-width] bg-darker-accent rounded-full btn text-white\"\n  data-target=\"#audio-fe0fb8fe71e59d4900f04d29569055b6\">\n  <svg width=\"100%\" height=\"100%\" viewBox=\"0 0 36 36\" version=\"1.1\" xmlns=\"http:\/\/www.w3.org\/2000\/svg\" xmlns:xlink=\"http:\/\/www.w3.org\/1999\/xlink\">\n  <path id=\"ytp-12\" d=\"M11,10 L18,13.74 18,22.28 11,26 M18,13.74 L26,18 26,18 18,22.28\" fill=\"currentColor\">\n    <animate id=\"animation\" begin=\"indefinite\" attributeType=\"XML\" attributeName=\"d\" fill=\"freeze\" from=\"M11,10 L17,10 17,26 11,26 M20,10 L26,10 26,26 20,26\" to=\"M11,10 L18,13.74 18,22.28 11,26 M18,13.74 L26,18 26,18 18,22.28\" dur=\"0.1s\" keySplines=\".4 0 1 1\" repeatCount=\"1\" data-play=\"M11,10 L18,13.74 18,22.28 11,26 M18,13.74 L26,18 26,18 18,22.28\" data-pause=\"M11,10 L17,10 17,26 11,26 M20,10 L26,10 26,26 20,26\"><\/animate>\n  <\/path>\n<\/svg>\n<\/button>\n        <p class=\"text-base text-center\">Escolta<\/p>\n      <\/div>\n    <\/div>\n\n    \n          <div class=\"flex flex-wrap justify-between gap-6 md:justify-start\">\n                  <button data-target=\"#transcription-fe0fb8fe71e59d4900f04d29569055b6\" data-toggle=\"modal\" class=\"flex items-center gap-2\">\n            <svg class=\"w-6 h-6\" fill=\"none\" xmlns=\"http:\/\/www.w3.org\/2000\/svg\" viewBox=\"0 0 22 12\"><path d=\"M0 9.873v-6c0-.55.196-1.02.588-1.412A1.926 1.926 0 0 1 2 1.873h2c.55 0 1.02.196 1.412.588.392.391.588.862.588 1.412v6H4v-2H2v2H0Zm2-4h2v-2H2v2Zm6 4v-8h4c.55 0 1.02.196 1.412.588.392.391.588.862.588 1.412v4c0 .55-.196 1.021-.588 1.413A1.926 1.926 0 0 1 12 9.873H8Zm2-2h2v-4h-2v4Zm6.85.8-1.4-1.425c.183-.183.32-.391.413-.625.091-.233.137-.483.137-.75 0-.283-.046-.537-.137-.762a1.85 1.85 0 0 0-.413-.613l1.4-1.45c.367.367.65.792.85 1.275.2.484.3 1 .3 1.55s-.1 1.063-.3 1.538c-.2.475-.483.896-.85 1.262Zm2.825 2.825-1.45-1.375c.55-.55.983-1.187 1.3-1.912A5.775 5.775 0 0 0 20 5.873c0-.85-.158-1.633-.475-2.35a6.217 6.217 0 0 0-1.3-1.9l1.45-1.4a7.94 7.94 0 0 1 1.712 2.55c.409.967.613 2 .613 3.1s-.204 2.13-.613 3.088a7.977 7.977 0 0 1-1.712 2.537Z\" fill=\"#000\"\/><\/svg>            <span>Transcripci\u00f3<\/span>\n          <\/button>\n                      <\/div>\n      <\/div>\n\n      <div id=\"transcription-fe0fb8fe71e59d4900f04d29569055b6\"\n  class=\"fixed inset-0 z-50 hidden w-screen h-screen opacity-0 pointer-events-none modal transcription\"\n  tabindex=\"-1\" role=\"dialog\">\n  <div class=\"absolute w-full h-full bg-black opacity-75 modal-overlay\"><\/div>\n  <div\n    class=\"absolute z-30 w-11\/12 mx-auto overflow-y-auto text-black bg-white shadow-lg modal-container center-xy md:max-w-4xl\"\n    role=\"document\">\n    <div class=\"flex items-center justify-between px-4 py-4 text-gray-700 border-b md:px-8\">\n      <h2 class=\"!mb-0 font-bold\">Transcripci\u00f3<\/h2>\n      <div class=\"z-50 flex flex-col items-center ml-auto cursor-pointer rtl:ml-0 rtl:mr-auto modal-close\">\n        <svg class=\"w-auto h-6\" width=\"18\" height=\"23\" xmlns=\"http:\/\/www.w3.org\/2000\/svg\">\n  <g stroke=\"currentColor\" fill=\"none\" fill-rule=\"evenodd\" stroke-linecap=\"square\">\n    <path d=\"M.7248.974l16.1076 20.6167M16.655 1.2654L.9097 22.1601\" \/>\n  <\/g>\n<\/svg>        <div class=\"hidden\">Close<\/div>\n      <\/div>\n    <\/div>\n    <div class=\"px-4 py-8 overflow-y-auto max-h-modal md:px-8 modal-content\">\n      <div class=\"mb-8 flex flex-col gap-1.5\">\n                      <h3 class=\"text-xl font-bold\">Crist en majestat<\/h3>\n                            <\/div>\n            <p>Ara, s\u00ed! Ja ets davant del Crist en majestat de Sant Climent de Ta\u00fcll. \u00c9s aquesta imatge sobre la paret al fons de l\u2019esgl\u00e9sia. Segurament l\u2019has vist abans, perqu\u00e8 \u00e9s molt famosa i surt a molts llocs. \u00c9s considerada una de les obres mestres del rom\u00e0nic catal\u00e0. Per\u00f2 has de saber que la imatge que veus ara mateix \u00e9s una projecci\u00f3, perqu\u00e8 la pintura original es va arrencar per protegir-la i actualment est\u00e0 guardada a un museu de Barcelona. Al final del videomapatge, la projecci\u00f3 quedar\u00e0 apagada uns minuts i podr\u00e0s veure les restes de la pintura que queden de veritat.<br \/>\nPotser en aquest punt et demanes per a qu\u00e8 servien totes aquestes pintures. Eren nom\u00e9s per decorar l\u2019esgl\u00e9sia o tenien alguna altra funci\u00f3? A l\u2019edat mitjana les pintures murals eren molt importants, perqu\u00e8 servien per ensenyar a la gent del poble, que majorit\u00e0riament no sabia llegir, com s\u2019havien de comportar.<\/p>\n<p><em>So d\u2019interfer\u00e8ncies.<\/em><br \/>\n<strong>Mestre de Ta\u00fcll<\/strong>: Per qu\u00e8 m\u2019heu fet cridar, excel\u00b7lent\u00edssim i reverend\u00edssim senyor?<br \/>\n<strong>Bisbe:<\/strong> Soc un gran admirador de les pintures que vau fer a Roda d\u2019Is\u00e0vena i de la majestuositat i l\u2019harmonia de les vostres representacions de Crist.<br \/>\n<strong>Mestre de Ta\u00fcll<\/strong>: Li agraeixo aquestes paraules. Jo tamb\u00e9 he quedat meravellat d\u2019aquesta esgl\u00e9sia que acabeu de construir.<br \/>\n<strong>Bisbe:<\/strong> S\u00ed, s\u2019ha fet un gran esfor\u00e7. Per\u00f2 ara toca decorar-la. Anir\u00e9 al gra: he pensat que un mestre com v\u00f3s donaria a l\u2019esgl\u00e9sia de Sant Climent de Ta\u00fcll tota l\u2019esplendor que mereix.<br \/>\n<strong>Mestre de Ta\u00fcll:<\/strong> Jo? No s\u00e9 qu\u00e8 dir. Seria un honor i, alhora, una responsabilitat. Totes aquestes parets\u2026<br \/>\n<strong>Bisbe:<\/strong> Vull la perfecci\u00f3 dels rostres que pinteu. Vull que qualsevol que entri en aquesta esgl\u00e9sia senti el poder de Crist en la seva figura triomfal.<br \/>\n<strong>Mestre de Ta\u00fcll<\/strong>: I en qu\u00e8 esteu pensant, excel\u00b7lent\u00edssim?<br \/>\n<strong>Bisbe:<\/strong> Vull un gran Crist en majestat a l\u2019absis major. El millor que s\u2019hagi pintat mai.<br \/>\n<strong>Mestre de Ta\u00fcll<\/strong>: Doncs no se\u2019n parli m\u00e9s! Quan puc comen\u00e7ar?<br \/>\n<em>So d\u2019interfer\u00e8ncies.<\/em><\/p>\n<p>Avui, gr\u00e0cies al videomapatge, podr\u00e0s veure com era aquesta pintura fa 900 anys, quan es va fer.<br \/>\nPer\u00f2 abans de veure la projecci\u00f3, i perqu\u00e8 la puguis entendre b\u00e9, cal que coneguis tots els personatges que hi ha representats.<br \/>\nAl mig de tot, hi ha el Crist en majestat beneint amb la m\u00e0 dreta i sostenint el llibre amb la m\u00e0 esquerra. Al seu costat, els \u00e0ngels. Totes aquestes figures s\u00f3n al cel. A l\u2019altura dels peus de Crist hi ha els evangelistes, els quatre personatges que van explicar la vida de Jes\u00fas. Per sota hi ha els ap\u00f2stols, els seus seguidors principals, i Maria, la seva mare, \u00e9s clar. I encara m\u00e9s avall, hi ha l\u2019espai de la Terra, on hi ha les persones, els animals i les plantes.<br \/>\nAra que ja coneixes els personatges, nom\u00e9s et queda fer un viatge en el temps per descobrir com van ser fets. Espera que comenci el videomapatge i gaudeix de l\u2019experi\u00e8ncia.<\/p>\n<p><strong>Mapatge (projeccions a les hores establertes)<\/strong><\/p>\n    <\/div>\n  <\/div>\n<\/div>\n    <\/section>\n\n\n<div class=\"flex flex-col gap-3 element text-block\">\n  <div class=\"flex items-center gap-6\">\n              <h2 class=\"text-2xl font-bold\">3d T&#8217;hi esperem!<\/h2>\n      <\/div>\n    <\/div>\n\n\n<section class=\"element audio-block\">\n  <div class=\"flex flex-col w-full gap-6\">\n    <div class=\"flex flex-col gap-3\">\n      <div class=\"flex gap-6\">\n                          <h2 class=\"text-2xl font-bold\">La visita continua<\/h2>\n              <\/div>\n          <\/div>\n    <div class=\"flex items-center justify-end gap-3\">\n              <div class=\"flex-1 audio-content\" dir=\"ltr\">\n          <audio id=\"audio-53fec50cc7510912f5d47ffa1905abca\" data-label=\"La visita continua\"\n            data-category=\"SANT-CLIMENT-DE-TAULL-CA-GENERAL-PLAY-CLOENDA.mp3\" class=\"hidden\" controls\n            src=\"https:\/\/guiesullsdelahistoria.cat\/app\/uploads\/2024\/11\/SANT-CLIMENT-DE-TAULL-CA-GENERAL-PLAY-CLOENDA.mp3\"><\/audio>\n          <div class=\"flex items-center w-full gap-3 transition-opacity opacity-0 meta\">\n            <progress class=\"flex-1 border-0 appearance-none\" value=\"0\" max=\"1\"><\/progress>\n            <div class=\"text-sm text-center shrink-0 current-time w-9\"><\/div>\n                      <\/div>\n        <\/div>\n            <div class=\"flex flex-col items-center gap-2 shrink-1 audio-control\">\n        <button\n  class=\"flex items-center justify-center w-32 max-w-32 h-32 max-h-32 transition-[max-height,_max-width] bg-darker-accent rounded-full btn text-white\"\n  data-target=\"#audio-53fec50cc7510912f5d47ffa1905abca\">\n  <svg width=\"100%\" height=\"100%\" viewBox=\"0 0 36 36\" version=\"1.1\" xmlns=\"http:\/\/www.w3.org\/2000\/svg\" xmlns:xlink=\"http:\/\/www.w3.org\/1999\/xlink\">\n  <path id=\"ytp-12\" d=\"M11,10 L18,13.74 18,22.28 11,26 M18,13.74 L26,18 26,18 18,22.28\" fill=\"currentColor\">\n    <animate id=\"animation\" begin=\"indefinite\" attributeType=\"XML\" attributeName=\"d\" fill=\"freeze\" from=\"M11,10 L17,10 17,26 11,26 M20,10 L26,10 26,26 20,26\" to=\"M11,10 L18,13.74 18,22.28 11,26 M18,13.74 L26,18 26,18 18,22.28\" dur=\"0.1s\" keySplines=\".4 0 1 1\" repeatCount=\"1\" data-play=\"M11,10 L18,13.74 18,22.28 11,26 M18,13.74 L26,18 26,18 18,22.28\" data-pause=\"M11,10 L17,10 17,26 11,26 M20,10 L26,10 26,26 20,26\"><\/animate>\n  <\/path>\n<\/svg>\n<\/button>\n        <p class=\"text-base text-center\">Escolta<\/p>\n      <\/div>\n    <\/div>\n\n    \n          <div class=\"flex flex-wrap justify-between gap-6 md:justify-start\">\n                  <button data-target=\"#transcription-53fec50cc7510912f5d47ffa1905abca\" data-toggle=\"modal\" class=\"flex items-center gap-2\">\n            <svg class=\"w-6 h-6\" fill=\"none\" xmlns=\"http:\/\/www.w3.org\/2000\/svg\" viewBox=\"0 0 22 12\"><path d=\"M0 9.873v-6c0-.55.196-1.02.588-1.412A1.926 1.926 0 0 1 2 1.873h2c.55 0 1.02.196 1.412.588.392.391.588.862.588 1.412v6H4v-2H2v2H0Zm2-4h2v-2H2v2Zm6 4v-8h4c.55 0 1.02.196 1.412.588.392.391.588.862.588 1.412v4c0 .55-.196 1.021-.588 1.413A1.926 1.926 0 0 1 12 9.873H8Zm2-2h2v-4h-2v4Zm6.85.8-1.4-1.425c.183-.183.32-.391.413-.625.091-.233.137-.483.137-.75 0-.283-.046-.537-.137-.762a1.85 1.85 0 0 0-.413-.613l1.4-1.45c.367.367.65.792.85 1.275.2.484.3 1 .3 1.55s-.1 1.063-.3 1.538c-.2.475-.483.896-.85 1.262Zm2.825 2.825-1.45-1.375c.55-.55.983-1.187 1.3-1.912A5.775 5.775 0 0 0 20 5.873c0-.85-.158-1.633-.475-2.35a6.217 6.217 0 0 0-1.3-1.9l1.45-1.4a7.94 7.94 0 0 1 1.712 2.55c.409.967.613 2 .613 3.1s-.204 2.13-.613 3.088a7.977 7.977 0 0 1-1.712 2.537Z\" fill=\"#000\"\/><\/svg>            <span>Transcripci\u00f3<\/span>\n          <\/button>\n                      <\/div>\n      <\/div>\n\n      <div id=\"transcription-53fec50cc7510912f5d47ffa1905abca\"\n  class=\"fixed inset-0 z-50 hidden w-screen h-screen opacity-0 pointer-events-none modal transcription\"\n  tabindex=\"-1\" role=\"dialog\">\n  <div class=\"absolute w-full h-full bg-black opacity-75 modal-overlay\"><\/div>\n  <div\n    class=\"absolute z-30 w-11\/12 mx-auto overflow-y-auto text-black bg-white shadow-lg modal-container center-xy md:max-w-4xl\"\n    role=\"document\">\n    <div class=\"flex items-center justify-between px-4 py-4 text-gray-700 border-b md:px-8\">\n      <h2 class=\"!mb-0 font-bold\">Transcripci\u00f3<\/h2>\n      <div class=\"z-50 flex flex-col items-center ml-auto cursor-pointer rtl:ml-0 rtl:mr-auto modal-close\">\n        <svg class=\"w-auto h-6\" width=\"18\" height=\"23\" xmlns=\"http:\/\/www.w3.org\/2000\/svg\">\n  <g stroke=\"currentColor\" fill=\"none\" fill-rule=\"evenodd\" stroke-linecap=\"square\">\n    <path d=\"M.7248.974l16.1076 20.6167M16.655 1.2654L.9097 22.1601\" \/>\n  <\/g>\n<\/svg>        <div class=\"hidden\">Close<\/div>\n      <\/div>\n    <\/div>\n    <div class=\"px-4 py-8 overflow-y-auto max-h-modal md:px-8 modal-content\">\n      <div class=\"mb-8 flex flex-col gap-1.5\">\n                      <h3 class=\"text-xl font-bold\">La visita continua<\/h3>\n                            <\/div>\n            <p>Aqu\u00ed s\u2019acaba la visita a l\u2019esgl\u00e9sia. Ara et convidem a con\u00e8ixer les altres, que constitueixen el Conjunt Rom\u00e0nic de la Vall de Bo\u00ed. T\u2019hi esperem!<\/p>\n    <\/div>\n  <\/div>\n<\/div>\n    <\/section>\n\n\n<div class=\"flex flex-col gap-3 element text-block\">\n  <div class=\"flex items-center gap-6\">\n              <h2 class=\"text-2xl font-bold\">Cloenda<\/h2>\n      <\/div>\n        <div class=\"prose prose-lg\"><p><em>\u201cEls Ulls de la Hist\u00f2ria. Una mirada immersiva sobre el patrimoni\u201d<\/em> \u00e9s una iniciativa de l\u2019Ag\u00e8ncia Catalana del Patrimoni Cultural. Un projecte que incorpora altres veus i altres mirades sobre el nostre passat. Perqu\u00e8 totes i tots fem hist\u00f2ria.<\/p>\n<\/div>\n  <\/div>\n\n<\/div>\n      <\/div>\n    <\/div>\n  <\/section>\n\n\n<section class=\"container overflow-hidden section\" id=\"section-69f5c6718fc3f\" data-title=\"4. Sant Feliu de Barruera\">\n    <div class=\"relative z-10 w-full -mb-8 section-pictogram\">\n            <div class=\"flex h-40 text-darker-accent justify-end\">\n        <svg class=\"w-auto h-full\" width=\"173\" height=\"173\" viewBox=\"0 0 173 173\" fill=\"none\" xmlns=\"http:\/\/www.w3.org\/2000\/svg\">\n  <path d=\"M51.4138 127.862H8.75781V111.809\" stroke=\"currentColor\" stroke-width=\"2\" stroke-miterlimit=\"10\"\n    stroke-linecap=\"round\" \/>\n  <path d=\"M126.633 127.862H164.243V111.809\" stroke=\"currentColor\" stroke-width=\"2\" stroke-miterlimit=\"10\"\n    stroke-linecap=\"round\" \/>\n  <path\n    d=\"M123.014 45.7609H50.6471C28.0528 45.7609 9.15355 63.5953 8.7634 86.0986C8.63989 93.5787 10.5668 100.951 14.336 107.419C18.1053 113.887 23.5738 119.206 30.1519 122.803C36.7301 126.399 44.168 128.137 51.6635 127.827C59.1589 127.517 66.4274 125.173 72.6849 121.046C76.7648 118.347 81.5505 116.902 86.447 116.893C91.3435 116.884 96.1347 118.31 100.225 120.995C107.51 125.832 116.154 128.219 124.896 127.809C146.125 126.883 163.406 109.592 164.215 88.4158C164.43 82.8889 163.523 77.3757 161.548 72.2069C159.574 67.0382 156.573 62.3205 152.725 58.3369C148.877 54.3533 144.262 51.186 139.157 49.0249C134.051 46.8639 128.56 45.7537 123.014 45.7609Z\"\n    stroke=\"currentColor\" stroke-width=\"2\" stroke-miterlimit=\"10\" \/>\n  <path\n    d=\"M120.901 95.7555C120.221 95.7555 119.556 95.9572 118.99 96.3352C118.424 96.7132 117.983 97.2505 117.723 97.8791C117.462 98.5077 117.394 99.1993 117.527 99.8666C117.66 100.534 117.987 101.147 118.468 101.628C118.949 102.109 119.563 102.437 120.23 102.569C120.897 102.702 121.589 102.634 122.217 102.374C122.846 102.113 123.383 101.672 123.761 101.107C124.139 100.541 124.341 99.8759 124.341 99.1955C124.341 98.2831 123.979 97.4082 123.333 96.763C122.688 96.1179 121.813 95.7555 120.901 95.7555Z\"\n    fill=\"currentColor\" \/>\n  <path\n    d=\"M52.1001 95.7555C51.4197 95.7555 50.7547 95.9572 50.189 96.3352C49.6233 96.7132 49.1823 97.2505 48.922 97.8791C48.6616 98.5077 48.5935 99.1993 48.7263 99.8666C48.859 100.534 49.1865 101.147 49.6676 101.628C50.1487 102.109 50.7618 102.437 51.4291 102.569C52.0964 102.702 52.788 102.634 53.4166 102.374C54.0452 102.113 54.5825 101.672 54.9605 101.107C55.3385 100.541 55.5402 99.8759 55.5402 99.1955C55.5402 98.2831 55.1777 97.4082 54.5326 96.763C53.8875 96.1179 53.0125 95.7555 52.1001 95.7555Z\"\n    fill=\"currentColor\" \/>\n  <path\n    d=\"M72.5117 79.2435C76.6567 76.5602 81.5187 75.1247 86.4932 75.1156C91.4677 75.1065 96.3351 76.5242 100.49 79.1924\"\n    stroke=\"currentColor\" stroke-width=\"2\" stroke-miterlimit=\"10\" stroke-linecap=\"round\" \/>\n<\/svg>      <\/div>\n    <\/div>\n    <div class=\"grid w-full grid-cols-1 px-4 py-8 section-content max-md:gap-y-8 md:grid-standard rounded-xl\">\n              <div class=\"flex gap-4 md:col-span-5\">\n                                <h2 class=\"text-8 font-headings\">4. Sant Feliu de Barruera<\/h2>\n                  <\/div>\n            <div class=\"flex flex-col gap-8 md:col-span-6 md:col-start-7 md:gap-10\">\n        <div class=\"acf-innerblocks-container\">\n<div class=\"flex flex-col gap-3 element text-block\">\n  <div class=\"flex items-center gap-6\">\n              <h2 class=\"text-2xl font-bold\">4a Introducci\u00f3<\/h2>\n      <\/div>\n    <\/div>\n\n\n<div class=\"flex flex-col gap-6 element image-block\">\n  <div class=\"flex flex-col gap-3\">\n      <\/div>\n      <figure>\n      <img loading=\"lazy\" decoding=\"async\" width=\"1418\" height=\"943\" src=\"https:\/\/guiesullsdelahistoria.cat\/app\/uploads\/2024\/11\/DSC2975-copia.jpg\" class=\"w-full h-auto\" alt=\"Vista general de l\u2019exterior de l\u2019esgl\u00e9sia de Sant Feliu de Barruera amb el cementiri en primer terme i les muntanyes al darrere.\" srcset=\"https:\/\/guiesullsdelahistoria.cat\/app\/uploads\/2024\/11\/DSC2975-copia.jpg 1418w, https:\/\/guiesullsdelahistoria.cat\/app\/uploads\/2024\/11\/DSC2975-copia-300x200.jpg 300w, https:\/\/guiesullsdelahistoria.cat\/app\/uploads\/2024\/11\/DSC2975-copia-1024x681.jpg 1024w, https:\/\/guiesullsdelahistoria.cat\/app\/uploads\/2024\/11\/DSC2975-copia-768x511.jpg 768w\" sizes=\"auto, (max-width: 1418px) 100vw, 1418px\" \/>\n              <figcaption class=\"pt-2 text-gray-800\">Vista general de Sant Feliu de Barruera.<\/figcaption>\n          <\/figure>\n  <\/div>\n\n\n<section class=\"element audio-block\">\n  <div class=\"flex flex-col w-full gap-6\">\n    <div class=\"flex flex-col gap-3\">\n      <div class=\"flex gap-6\">\n                          <h2 class=\"text-2xl font-bold\">La Vall de Bo\u00ed i les seves esgl\u00e9sies<\/h2>\n              <\/div>\n          <\/div>\n    <div class=\"flex items-center justify-end gap-3\">\n              <div class=\"flex-1 audio-content\" dir=\"ltr\">\n          <audio id=\"audio-def457a05a99df3cda449a3e933cc2cc\" data-label=\"La Vall de Bo\u00ed i les seves esgl\u00e9sies\"\n            data-category=\"SANT-FELIU-DE-BARRUERA-CAT-FAMILIAR-PLAY-0.mp3\" class=\"hidden\" controls\n            src=\"https:\/\/guiesullsdelahistoria.cat\/app\/uploads\/2025\/01\/SANT-FELIU-DE-BARRUERA-CAT-FAMILIAR-PLAY-0.mp3\"><\/audio>\n          <div class=\"flex items-center w-full gap-3 transition-opacity opacity-0 meta\">\n            <progress class=\"flex-1 border-0 appearance-none\" value=\"0\" max=\"1\"><\/progress>\n            <div class=\"text-sm text-center shrink-0 current-time w-9\"><\/div>\n                      <\/div>\n        <\/div>\n            <div class=\"flex flex-col items-center gap-2 shrink-1 audio-control\">\n        <button\n  class=\"flex items-center justify-center w-32 max-w-32 h-32 max-h-32 transition-[max-height,_max-width] bg-darker-accent rounded-full btn text-white\"\n  data-target=\"#audio-def457a05a99df3cda449a3e933cc2cc\">\n  <svg width=\"100%\" height=\"100%\" viewBox=\"0 0 36 36\" version=\"1.1\" xmlns=\"http:\/\/www.w3.org\/2000\/svg\" xmlns:xlink=\"http:\/\/www.w3.org\/1999\/xlink\">\n  <path id=\"ytp-12\" d=\"M11,10 L18,13.74 18,22.28 11,26 M18,13.74 L26,18 26,18 18,22.28\" fill=\"currentColor\">\n    <animate id=\"animation\" begin=\"indefinite\" attributeType=\"XML\" attributeName=\"d\" fill=\"freeze\" from=\"M11,10 L17,10 17,26 11,26 M20,10 L26,10 26,26 20,26\" to=\"M11,10 L18,13.74 18,22.28 11,26 M18,13.74 L26,18 26,18 18,22.28\" dur=\"0.1s\" keySplines=\".4 0 1 1\" repeatCount=\"1\" data-play=\"M11,10 L18,13.74 18,22.28 11,26 M18,13.74 L26,18 26,18 18,22.28\" data-pause=\"M11,10 L17,10 17,26 11,26 M20,10 L26,10 26,26 20,26\"><\/animate>\n  <\/path>\n<\/svg>\n<\/button>\n        <p class=\"text-base text-center\">Escolta<\/p>\n      <\/div>\n    <\/div>\n\n    \n          <div class=\"flex flex-wrap justify-between gap-6 md:justify-start\">\n                  <button data-target=\"#transcription-def457a05a99df3cda449a3e933cc2cc\" data-toggle=\"modal\" class=\"flex items-center gap-2\">\n            <svg class=\"w-6 h-6\" fill=\"none\" xmlns=\"http:\/\/www.w3.org\/2000\/svg\" viewBox=\"0 0 22 12\"><path d=\"M0 9.873v-6c0-.55.196-1.02.588-1.412A1.926 1.926 0 0 1 2 1.873h2c.55 0 1.02.196 1.412.588.392.391.588.862.588 1.412v6H4v-2H2v2H0Zm2-4h2v-2H2v2Zm6 4v-8h4c.55 0 1.02.196 1.412.588.392.391.588.862.588 1.412v4c0 .55-.196 1.021-.588 1.413A1.926 1.926 0 0 1 12 9.873H8Zm2-2h2v-4h-2v4Zm6.85.8-1.4-1.425c.183-.183.32-.391.413-.625.091-.233.137-.483.137-.75 0-.283-.046-.537-.137-.762a1.85 1.85 0 0 0-.413-.613l1.4-1.45c.367.367.65.792.85 1.275.2.484.3 1 .3 1.55s-.1 1.063-.3 1.538c-.2.475-.483.896-.85 1.262Zm2.825 2.825-1.45-1.375c.55-.55.983-1.187 1.3-1.912A5.775 5.775 0 0 0 20 5.873c0-.85-.158-1.633-.475-2.35a6.217 6.217 0 0 0-1.3-1.9l1.45-1.4a7.94 7.94 0 0 1 1.712 2.55c.409.967.613 2 .613 3.1s-.204 2.13-.613 3.088a7.977 7.977 0 0 1-1.712 2.537Z\" fill=\"#000\"\/><\/svg>            <span>Transcripci\u00f3<\/span>\n          <\/button>\n                      <\/div>\n      <\/div>\n\n      <div id=\"transcription-def457a05a99df3cda449a3e933cc2cc\"\n  class=\"fixed inset-0 z-50 hidden w-screen h-screen opacity-0 pointer-events-none modal transcription\"\n  tabindex=\"-1\" role=\"dialog\">\n  <div class=\"absolute w-full h-full bg-black opacity-75 modal-overlay\"><\/div>\n  <div\n    class=\"absolute z-30 w-11\/12 mx-auto overflow-y-auto text-black bg-white shadow-lg modal-container center-xy md:max-w-4xl\"\n    role=\"document\">\n    <div class=\"flex items-center justify-between px-4 py-4 text-gray-700 border-b md:px-8\">\n      <h2 class=\"!mb-0 font-bold\">Transcripci\u00f3<\/h2>\n      <div class=\"z-50 flex flex-col items-center ml-auto cursor-pointer rtl:ml-0 rtl:mr-auto modal-close\">\n        <svg class=\"w-auto h-6\" width=\"18\" height=\"23\" xmlns=\"http:\/\/www.w3.org\/2000\/svg\">\n  <g stroke=\"currentColor\" fill=\"none\" fill-rule=\"evenodd\" stroke-linecap=\"square\">\n    <path d=\"M.7248.974l16.1076 20.6167M16.655 1.2654L.9097 22.1601\" \/>\n  <\/g>\n<\/svg>        <div class=\"hidden\">Close<\/div>\n      <\/div>\n    <\/div>\n    <div class=\"px-4 py-8 overflow-y-auto max-h-modal md:px-8 modal-content\">\n      <div class=\"mb-8 flex flex-col gap-1.5\">\n                      <h3 class=\"text-xl font-bold\">La Vall de Bo\u00ed i les seves esgl\u00e9sies<\/h3>\n                            <\/div>\n            <p>Et donem la benvinguda a la Vall de Bo\u00ed i t\u2019animem a con\u00e8ixer el conjunt d\u2019esgl\u00e9sies rom\u00e0niques que hi ha als diversos pobles de la Vall.<\/p>\n<p>Aquestes esgl\u00e9sies s\u00f3n tan importants que la UNESCO, una organitzaci\u00f3 que promou la col\u00b7laboraci\u00f3 internacional en educaci\u00f3, ci\u00e8ncia, cultura i comunicaci\u00f3, les va posar a la seva llista de Patrimoni Mundial l\u2019any 2000, al costat, per exemple, de la Gran Muralla de la Xina, les pir\u00e0mides d\u2019Egipte o l\u2019Est\u00e0tua de la Llibertat dels Estats Units.<br \/>\nPer\u00f2 quantes esgl\u00e9sies hi ha i per qu\u00e8 s\u00f3n tan importants? Quina \u00e9s la seva hist\u00f2ria?<br \/>\nEl Conjunt Rom\u00e0nic de la Vall de Bo\u00ed l\u2019integren nou esgl\u00e9sies: Sant Climent i Santa Maria de Ta\u00fcll, Sant Joan de Bo\u00ed, Santa Eul\u00e0lia d\u2019Erill la Vall, Sant Feliu de Barruera, la Nativitat i Sant Quirc de Durro, Santa Maria de Cardet i l\u2019Assumpci\u00f3 de C\u00f3ll.<br \/>\nTotes tenen una hist\u00f2ria comuna, perqu\u00e8 van ser constru\u00efdes entre el segle XI i el XII, ara fa m\u00e9s de nou-cents anys. Tamb\u00e9 tenen el mateix estil arquitect\u00f2nic, el rom\u00e0nic, i per aix\u00f2 es pot dir que formen un conjunt. I qui les va fer? Doncs les van pensar els mestres d\u2019obra, que era com se\u2019n deia llavors del que avui en diem arquitectes. I, \u00e9s clar, tots els treballadors que les van aixecar, pedra sobre pedra. Per\u00f2 els diners per pagar l\u2019obra els van posar els senyors feudals d\u2019aquestes terres, que s\u2019havien fet rics gr\u00e0cies a la guerra.<br \/>\nAmb la guia que tens a les mans, descobrir\u00e0s la import\u00e0ncia de cada una de les nou esgl\u00e9sies del conjunt i els secrets que amaguen als racons m\u00e9s insospitats.<br \/>\nUna advert\u00e8ncia final! Aquestes muntanyes s\u00f3n misterioses i, a les valls, les paraules de les persones que les han habitat sovint es queden atrapades i ressonen al llarg del temps com un eco imperceptible. Aquesta guia disposa d\u2019un sensor que s\u2019activa cada cop que en capta alguna. No t\u2019espantis i continua escoltant.<\/p>\n    <\/div>\n  <\/div>\n<\/div>\n    <\/section>\n\n\n<div class=\"flex flex-col gap-3 element text-block\">\n  <div class=\"flex items-center gap-6\">\n              <h2 class=\"text-2xl font-bold\">4b Entrada<\/h2>\n      <\/div>\n    <\/div>\n\n\n<div class=\"flex flex-col gap-6 element image-block\">\n  <div class=\"flex flex-col gap-3\">\n      <\/div>\n      <figure>\n      <img loading=\"lazy\" decoding=\"async\" width=\"1600\" height=\"979\" src=\"https:\/\/guiesullsdelahistoria.cat\/app\/uploads\/2024\/11\/Sant_Feliu_Barruera_cementiri_i_porxo.jpg\" class=\"w-full h-auto\" alt=\"Porxada de l\u2019esgl\u00e9sia de Sant Feliu de Barruera, amb el cementiri al davant i la imatge de la torre del campanar escap\u00e7ada al darrere.\" srcset=\"https:\/\/guiesullsdelahistoria.cat\/app\/uploads\/2024\/11\/Sant_Feliu_Barruera_cementiri_i_porxo.jpg 1600w, https:\/\/guiesullsdelahistoria.cat\/app\/uploads\/2024\/11\/Sant_Feliu_Barruera_cementiri_i_porxo-300x184.jpg 300w, https:\/\/guiesullsdelahistoria.cat\/app\/uploads\/2024\/11\/Sant_Feliu_Barruera_cementiri_i_porxo-1024x627.jpg 1024w, https:\/\/guiesullsdelahistoria.cat\/app\/uploads\/2024\/11\/Sant_Feliu_Barruera_cementiri_i_porxo-768x470.jpg 768w, https:\/\/guiesullsdelahistoria.cat\/app\/uploads\/2024\/11\/Sant_Feliu_Barruera_cementiri_i_porxo-1536x940.jpg 1536w\" sizes=\"auto, (max-width: 1600px) 100vw, 1600px\" \/>\n              <figcaption class=\"pt-2 text-gray-800\">Porxo de Sant Feliu de Barruera.<\/figcaption>\n          <\/figure>\n  <\/div>\n\n\n<section class=\"element audio-block\">\n  <div class=\"flex flex-col w-full gap-6\">\n    <div class=\"flex flex-col gap-3\">\n      <div class=\"flex gap-6\">\n                          <h2 class=\"text-2xl font-bold\">On es constru\u00efen les esgl\u00e9sies?<\/h2>\n              <\/div>\n          <\/div>\n    <div class=\"flex items-center justify-end gap-3\">\n              <div class=\"flex-1 audio-content\" dir=\"ltr\">\n          <audio id=\"audio-fce62191e3725c86f326570dc3dce2fc\" data-label=\"On es constru\u00efen les esgl\u00e9sies?\"\n            data-category=\"SANT-FELIU-DE-BARRUERA-CAT-FAMILIAR-PLAY-1.mp3\" class=\"hidden\" controls\n            src=\"https:\/\/guiesullsdelahistoria.cat\/app\/uploads\/2025\/01\/SANT-FELIU-DE-BARRUERA-CAT-FAMILIAR-PLAY-1.mp3\"><\/audio>\n          <div class=\"flex items-center w-full gap-3 transition-opacity opacity-0 meta\">\n            <progress class=\"flex-1 border-0 appearance-none\" value=\"0\" max=\"1\"><\/progress>\n            <div class=\"text-sm text-center shrink-0 current-time w-9\"><\/div>\n                      <\/div>\n        <\/div>\n            <div class=\"flex flex-col items-center gap-2 shrink-1 audio-control\">\n        <button\n  class=\"flex items-center justify-center w-32 max-w-32 h-32 max-h-32 transition-[max-height,_max-width] bg-darker-accent rounded-full btn text-white\"\n  data-target=\"#audio-fce62191e3725c86f326570dc3dce2fc\">\n  <svg width=\"100%\" height=\"100%\" viewBox=\"0 0 36 36\" version=\"1.1\" xmlns=\"http:\/\/www.w3.org\/2000\/svg\" xmlns:xlink=\"http:\/\/www.w3.org\/1999\/xlink\">\n  <path id=\"ytp-12\" d=\"M11,10 L18,13.74 18,22.28 11,26 M18,13.74 L26,18 26,18 18,22.28\" fill=\"currentColor\">\n    <animate id=\"animation\" begin=\"indefinite\" attributeType=\"XML\" attributeName=\"d\" fill=\"freeze\" from=\"M11,10 L17,10 17,26 11,26 M20,10 L26,10 26,26 20,26\" to=\"M11,10 L18,13.74 18,22.28 11,26 M18,13.74 L26,18 26,18 18,22.28\" dur=\"0.1s\" keySplines=\".4 0 1 1\" repeatCount=\"1\" data-play=\"M11,10 L18,13.74 18,22.28 11,26 M18,13.74 L26,18 26,18 18,22.28\" data-pause=\"M11,10 L17,10 17,26 11,26 M20,10 L26,10 26,26 20,26\"><\/animate>\n  <\/path>\n<\/svg>\n<\/button>\n        <p class=\"text-base text-center\">Escolta<\/p>\n      <\/div>\n    <\/div>\n\n    \n          <div class=\"flex flex-wrap justify-between gap-6 md:justify-start\">\n                  <button data-target=\"#transcription-fce62191e3725c86f326570dc3dce2fc\" data-toggle=\"modal\" class=\"flex items-center gap-2\">\n            <svg class=\"w-6 h-6\" fill=\"none\" xmlns=\"http:\/\/www.w3.org\/2000\/svg\" viewBox=\"0 0 22 12\"><path d=\"M0 9.873v-6c0-.55.196-1.02.588-1.412A1.926 1.926 0 0 1 2 1.873h2c.55 0 1.02.196 1.412.588.392.391.588.862.588 1.412v6H4v-2H2v2H0Zm2-4h2v-2H2v2Zm6 4v-8h4c.55 0 1.02.196 1.412.588.392.391.588.862.588 1.412v4c0 .55-.196 1.021-.588 1.413A1.926 1.926 0 0 1 12 9.873H8Zm2-2h2v-4h-2v4Zm6.85.8-1.4-1.425c.183-.183.32-.391.413-.625.091-.233.137-.483.137-.75 0-.283-.046-.537-.137-.762a1.85 1.85 0 0 0-.413-.613l1.4-1.45c.367.367.65.792.85 1.275.2.484.3 1 .3 1.55s-.1 1.063-.3 1.538c-.2.475-.483.896-.85 1.262Zm2.825 2.825-1.45-1.375c.55-.55.983-1.187 1.3-1.912A5.775 5.775 0 0 0 20 5.873c0-.85-.158-1.633-.475-2.35a6.217 6.217 0 0 0-1.3-1.9l1.45-1.4a7.94 7.94 0 0 1 1.712 2.55c.409.967.613 2 .613 3.1s-.204 2.13-.613 3.088a7.977 7.977 0 0 1-1.712 2.537Z\" fill=\"#000\"\/><\/svg>            <span>Transcripci\u00f3<\/span>\n          <\/button>\n                      <\/div>\n      <\/div>\n\n      <div id=\"transcription-fce62191e3725c86f326570dc3dce2fc\"\n  class=\"fixed inset-0 z-50 hidden w-screen h-screen opacity-0 pointer-events-none modal transcription\"\n  tabindex=\"-1\" role=\"dialog\">\n  <div class=\"absolute w-full h-full bg-black opacity-75 modal-overlay\"><\/div>\n  <div\n    class=\"absolute z-30 w-11\/12 mx-auto overflow-y-auto text-black bg-white shadow-lg modal-container center-xy md:max-w-4xl\"\n    role=\"document\">\n    <div class=\"flex items-center justify-between px-4 py-4 text-gray-700 border-b md:px-8\">\n      <h2 class=\"!mb-0 font-bold\">Transcripci\u00f3<\/h2>\n      <div class=\"z-50 flex flex-col items-center ml-auto cursor-pointer rtl:ml-0 rtl:mr-auto modal-close\">\n        <svg class=\"w-auto h-6\" width=\"18\" height=\"23\" xmlns=\"http:\/\/www.w3.org\/2000\/svg\">\n  <g stroke=\"currentColor\" fill=\"none\" fill-rule=\"evenodd\" stroke-linecap=\"square\">\n    <path d=\"M.7248.974l16.1076 20.6167M16.655 1.2654L.9097 22.1601\" \/>\n  <\/g>\n<\/svg>        <div class=\"hidden\">Close<\/div>\n      <\/div>\n    <\/div>\n    <div class=\"px-4 py-8 overflow-y-auto max-h-modal md:px-8 modal-content\">\n      <div class=\"mb-8 flex flex-col gap-1.5\">\n                      <h3 class=\"text-xl font-bold\">On es constru\u00efen les esgl\u00e9sies?<\/h3>\n                            <\/div>\n            <p>Ara s\u00ed, comen\u00e7a la visita a l\u2019esgl\u00e9sia de Sant Feliu de Barruera. Si hi has arribat des del poble, has hagut de travessar la carretera. No t\u2019ha cridat l\u2019atenci\u00f3 que l\u2019esgl\u00e9sia sigui fora del poble? Normalment, les esgl\u00e9sies s\u00f3n al centre de les poblacions, per\u00f2, a la Vall, la majoria s\u00f3n fora.<br \/>\nA l\u2019esquerra hi tens el cementiri de l\u2019esgl\u00e9sia. Aqu\u00ed hi ha tombes for\u00e7a antigues, per\u00f2 avui en dia encara s\u2019hi enterra la gent del poble. Els cementiris poden semblar llocs tristos, per\u00f2 tamb\u00e9 s\u00f3n un lloc de record i de trobada dels ve\u00efns. <\/p>\n<p><em>So d\u2019interfer\u00e8ncies.<\/em><br \/>\n<strong>Joan, un home gran<\/strong>: Bon dia, Maria. Que em podries deixar les tisores de podar?<br \/>\n<strong>Maria, una dona gran<\/strong>: Oh, i tant!<br \/>\n<strong>Joan:<\/strong> \u00c9s per tallar les males herbes; creixen pertot i aviat no es veur\u00e0 ni la creu.<br \/>\n<strong>Maria:<\/strong> Ja ho pots ben dir. Jo vinc cada setmana a netejar la l\u00e0pida del meu home. Amb la pluja queda ben empastifada. I, de passada, li canvio les flors.<br \/>\n<strong>Joan:<\/strong> Jo tinc feina. A part de les creus i les l\u00e0pides de la meva fam\u00edlia, repasso les de la fam\u00edlia del Manel, que ell, pobre, ja no pot venir. M\u2019hi passo el dia.<br \/>\n<strong>Maria:<\/strong> Mira, aix\u00ed ens veiem, encara que sigui al cementiri.<br \/>\n<em>So d\u2019interfer\u00e8ncies.<br \/>\n<\/em><br \/>\nAra, per continuar la visita, ves a la part del darrere. Per fer-ho, haur\u00e0s de buscar el cam\u00ed que baixa per la teva dreta. <\/p>\n    <\/div>\n  <\/div>\n<\/div>\n    <\/section>\n\n\n<div class=\"flex flex-col gap-3 element text-block\">\n  <div class=\"flex items-center gap-6\">\n              <h2 class=\"text-2xl font-bold\">4c Absis<\/h2>\n      <\/div>\n    <\/div>\n\n\n<div class=\"flex flex-col gap-6 element image-block\">\n  <div class=\"flex flex-col gap-3\">\n      <\/div>\n      <figure>\n      <img loading=\"lazy\" decoding=\"async\" width=\"1452\" height=\"933\" src=\"https:\/\/guiesullsdelahistoria.cat\/app\/uploads\/2024\/11\/Sant_Feliu_Barruera_absis_i_volums.jpg\" class=\"w-full h-auto\" alt=\"Vista exterior de l\u2019esgl\u00e9sia de Sant Feliu de Barruera des del darrere, amb els dos absis en primer terme i els volums de les altres parts de l\u2019edifici sobresortint pel darrere de manera esglaonada.\" srcset=\"https:\/\/guiesullsdelahistoria.cat\/app\/uploads\/2024\/11\/Sant_Feliu_Barruera_absis_i_volums.jpg 1452w, https:\/\/guiesullsdelahistoria.cat\/app\/uploads\/2024\/11\/Sant_Feliu_Barruera_absis_i_volums-300x193.jpg 300w, https:\/\/guiesullsdelahistoria.cat\/app\/uploads\/2024\/11\/Sant_Feliu_Barruera_absis_i_volums-1024x658.jpg 1024w, https:\/\/guiesullsdelahistoria.cat\/app\/uploads\/2024\/11\/Sant_Feliu_Barruera_absis_i_volums-768x493.jpg 768w\" sizes=\"auto, (max-width: 1452px) 100vw, 1452px\" \/>\n              <figcaption class=\"pt-2 text-gray-800\">Vista de Sant Feliu de Barruera des del darrere.<\/figcaption>\n          <\/figure>\n  <\/div>\n\n\n<section class=\"element audio-block\">\n  <div class=\"flex flex-col w-full gap-6\">\n    <div class=\"flex flex-col gap-3\">\n      <div class=\"flex gap-6\">\n                          <h2 class=\"text-2xl font-bold\">Canvis a l\u2019esgl\u00e9sia<\/h2>\n              <\/div>\n          <\/div>\n    <div class=\"flex items-center justify-end gap-3\">\n              <div class=\"flex-1 audio-content\" dir=\"ltr\">\n          <audio id=\"audio-9c108e1f2dcee9a1e7742a789751b143\" data-label=\"Canvis a l\u2019esgl\u00e9sia\"\n            data-category=\"SANT-FELIU-DE-BARRUERA-CAT-FAMILIAR-PLAY-2.mp3\" class=\"hidden\" controls\n            src=\"https:\/\/guiesullsdelahistoria.cat\/app\/uploads\/2025\/01\/SANT-FELIU-DE-BARRUERA-CAT-FAMILIAR-PLAY-2.mp3\"><\/audio>\n          <div class=\"flex items-center w-full gap-3 transition-opacity opacity-0 meta\">\n            <progress class=\"flex-1 border-0 appearance-none\" value=\"0\" max=\"1\"><\/progress>\n            <div class=\"text-sm text-center shrink-0 current-time w-9\"><\/div>\n                      <\/div>\n        <\/div>\n            <div class=\"flex flex-col items-center gap-2 shrink-1 audio-control\">\n        <button\n  class=\"flex items-center justify-center w-32 max-w-32 h-32 max-h-32 transition-[max-height,_max-width] bg-darker-accent rounded-full btn text-white\"\n  data-target=\"#audio-9c108e1f2dcee9a1e7742a789751b143\">\n  <svg width=\"100%\" height=\"100%\" viewBox=\"0 0 36 36\" version=\"1.1\" xmlns=\"http:\/\/www.w3.org\/2000\/svg\" xmlns:xlink=\"http:\/\/www.w3.org\/1999\/xlink\">\n  <path id=\"ytp-12\" d=\"M11,10 L18,13.74 18,22.28 11,26 M18,13.74 L26,18 26,18 18,22.28\" fill=\"currentColor\">\n    <animate id=\"animation\" begin=\"indefinite\" attributeType=\"XML\" attributeName=\"d\" fill=\"freeze\" from=\"M11,10 L17,10 17,26 11,26 M20,10 L26,10 26,26 20,26\" to=\"M11,10 L18,13.74 18,22.28 11,26 M18,13.74 L26,18 26,18 18,22.28\" dur=\"0.1s\" keySplines=\".4 0 1 1\" repeatCount=\"1\" data-play=\"M11,10 L18,13.74 18,22.28 11,26 M18,13.74 L26,18 26,18 18,22.28\" data-pause=\"M11,10 L17,10 17,26 11,26 M20,10 L26,10 26,26 20,26\"><\/animate>\n  <\/path>\n<\/svg>\n<\/button>\n        <p class=\"text-base text-center\">Escolta<\/p>\n      <\/div>\n    <\/div>\n\n    \n          <div class=\"flex flex-wrap justify-between gap-6 md:justify-start\">\n                  <button data-target=\"#transcription-9c108e1f2dcee9a1e7742a789751b143\" data-toggle=\"modal\" class=\"flex items-center gap-2\">\n            <svg class=\"w-6 h-6\" fill=\"none\" xmlns=\"http:\/\/www.w3.org\/2000\/svg\" viewBox=\"0 0 22 12\"><path d=\"M0 9.873v-6c0-.55.196-1.02.588-1.412A1.926 1.926 0 0 1 2 1.873h2c.55 0 1.02.196 1.412.588.392.391.588.862.588 1.412v6H4v-2H2v2H0Zm2-4h2v-2H2v2Zm6 4v-8h4c.55 0 1.02.196 1.412.588.392.391.588.862.588 1.412v4c0 .55-.196 1.021-.588 1.413A1.926 1.926 0 0 1 12 9.873H8Zm2-2h2v-4h-2v4Zm6.85.8-1.4-1.425c.183-.183.32-.391.413-.625.091-.233.137-.483.137-.75 0-.283-.046-.537-.137-.762a1.85 1.85 0 0 0-.413-.613l1.4-1.45c.367.367.65.792.85 1.275.2.484.3 1 .3 1.55s-.1 1.063-.3 1.538c-.2.475-.483.896-.85 1.262Zm2.825 2.825-1.45-1.375c.55-.55.983-1.187 1.3-1.912A5.775 5.775 0 0 0 20 5.873c0-.85-.158-1.633-.475-2.35a6.217 6.217 0 0 0-1.3-1.9l1.45-1.4a7.94 7.94 0 0 1 1.712 2.55c.409.967.613 2 .613 3.1s-.204 2.13-.613 3.088a7.977 7.977 0 0 1-1.712 2.537Z\" fill=\"#000\"\/><\/svg>            <span>Transcripci\u00f3<\/span>\n          <\/button>\n                      <\/div>\n      <\/div>\n\n      <div id=\"transcription-9c108e1f2dcee9a1e7742a789751b143\"\n  class=\"fixed inset-0 z-50 hidden w-screen h-screen opacity-0 pointer-events-none modal transcription\"\n  tabindex=\"-1\" role=\"dialog\">\n  <div class=\"absolute w-full h-full bg-black opacity-75 modal-overlay\"><\/div>\n  <div\n    class=\"absolute z-30 w-11\/12 mx-auto overflow-y-auto text-black bg-white shadow-lg modal-container center-xy md:max-w-4xl\"\n    role=\"document\">\n    <div class=\"flex items-center justify-between px-4 py-4 text-gray-700 border-b md:px-8\">\n      <h2 class=\"!mb-0 font-bold\">Transcripci\u00f3<\/h2>\n      <div class=\"z-50 flex flex-col items-center ml-auto cursor-pointer rtl:ml-0 rtl:mr-auto modal-close\">\n        <svg class=\"w-auto h-6\" width=\"18\" height=\"23\" xmlns=\"http:\/\/www.w3.org\/2000\/svg\">\n  <g stroke=\"currentColor\" fill=\"none\" fill-rule=\"evenodd\" stroke-linecap=\"square\">\n    <path d=\"M.7248.974l16.1076 20.6167M16.655 1.2654L.9097 22.1601\" \/>\n  <\/g>\n<\/svg>        <div class=\"hidden\">Close<\/div>\n      <\/div>\n    <\/div>\n    <div class=\"px-4 py-8 overflow-y-auto max-h-modal md:px-8 modal-content\">\n      <div class=\"mb-8 flex flex-col gap-1.5\">\n                      <h3 class=\"text-xl font-bold\">Canvis a l\u2019esgl\u00e9sia<\/h3>\n                            <\/div>\n            <p>L\u2019esgl\u00e9sia de Sant Feliu ha canviat molt al llarg dels segles, i s\u2019hi han anat afegint parts. Per aix\u00f2, si te la mires en conjunt, sembla que estigui formada per peces diferents, com si fos un joc de construcci\u00f3.<br \/>\nUna d\u2019aquestes parts s\u00f3n els absis, les construccions arrodonides que tens el davant. Si t\u2019hi fixes b\u00e9, els dos absis s\u00f3n ben diferents entre si. El m\u00e9s gran \u00e9s m\u00e9s antic, del segle xi. Es pot veure clarament que est\u00e0 constru\u00eft amb blocs de pedra mal tallada, com desendre\u00e7at. Tamb\u00e9 est\u00e0 decorat amb uns arcs i unes franges verticals. En canvi, el m\u00e9s petit es va fer m\u00e9s tard, un segle despr\u00e9s, i est\u00e0 fet amb pedres m\u00e9s ben tallades, totes ben arrenglerades, i sense decoraci\u00f3.<br \/>\nAix\u00f2 de les pedres va molt b\u00e9 de saber perqu\u00e8 \u00e9s igual a totes les esgl\u00e9sies de la Vall: si les pedres s\u00f3n m\u00e9s irregulars, aquella part \u00e9s del segle xi; si estan m\u00e9s ben fetes, del segle xii.<br \/>\nI encara una altra cosa important que et servir\u00e0 per a totes les esgl\u00e9sies del conjunt de Bo\u00ed: t\u2019has fixat de quins materials est\u00e0 feta aquesta construcci\u00f3? S\u00ed, pedra. Per\u00f2, podem afinar una mica m\u00e9s? Les parets i els murs s\u00f3n, principalment, de granit, una pedra for\u00e7a dura. Les teulades s\u00f3n de pissarra, que va molt b\u00e9 perqu\u00e8 llisquin l\u2019aigua i la neu. Per\u00f2 encara hi ha un altre tipus de pedra. Per trobar-la, t\u2019has de fixar en la sanefa que recorre la part de dalt de l\u2019absis petit. O tamb\u00e9, l\u2019arc de dalt de la finestra d\u2019aquest mateix absis. Veus que \u00e9s una pedra que est\u00e0 m\u00e9s gastada? Aix\u00f2 \u00e9s perqu\u00e8 \u00e9s m\u00e9s tova. Es feia servir per fer els guarniments, i se\u2019n diu pedra tosca. I saps d\u2019on la treien, la pedra tosca? Doncs molt probablement, dels voltants de la Noguera de Tor, el riu que travessa Barruera.<br \/>\nPer continuar la visita, entra a l\u2019esgl\u00e9sia i situa\u2019t davant dels bancs. <\/p>\n    <\/div>\n  <\/div>\n<\/div>\n    <\/section>\n\n\n<div class=\"flex flex-col gap-3 element text-block\">\n  <div class=\"flex items-center gap-6\">\n              <h2 class=\"text-2xl font-bold\">4d Interior davant l&#8217;altar<\/h2>\n      <\/div>\n    <\/div>\n\n\n<div class=\"flex flex-col gap-6 element image-block\">\n  <div class=\"flex flex-col gap-3\">\n      <\/div>\n      <figure>\n      <img loading=\"lazy\" decoding=\"async\" width=\"1445\" height=\"962\" src=\"https:\/\/guiesullsdelahistoria.cat\/app\/uploads\/2024\/11\/Sant_Feliu_Barruera_interior_absis_DSC0051.jpg\" class=\"w-full h-auto\" alt=\"Vista interior de l\u2019absis central de l\u2019esgl\u00e9sia de Sant Feliu de Barruera cobert per la volta de quart d\u2019esfera.\" srcset=\"https:\/\/guiesullsdelahistoria.cat\/app\/uploads\/2024\/11\/Sant_Feliu_Barruera_interior_absis_DSC0051.jpg 1445w, https:\/\/guiesullsdelahistoria.cat\/app\/uploads\/2024\/11\/Sant_Feliu_Barruera_interior_absis_DSC0051-300x200.jpg 300w, https:\/\/guiesullsdelahistoria.cat\/app\/uploads\/2024\/11\/Sant_Feliu_Barruera_interior_absis_DSC0051-1024x682.jpg 1024w, https:\/\/guiesullsdelahistoria.cat\/app\/uploads\/2024\/11\/Sant_Feliu_Barruera_interior_absis_DSC0051-768x511.jpg 768w\" sizes=\"auto, (max-width: 1445px) 100vw, 1445px\" \/>\n              <figcaption class=\"pt-2 text-gray-800\">Vista interior de Sant Feliu de Barruera.<\/figcaption>\n          <\/figure>\n  <\/div>\n\n\n<section class=\"element audio-block\">\n  <div class=\"flex flex-col w-full gap-6\">\n    <div class=\"flex flex-col gap-3\">\n      <div class=\"flex gap-6\">\n                          <h2 class=\"text-2xl font-bold\">Interior de l\u2019absis<\/h2>\n              <\/div>\n          <\/div>\n    <div class=\"flex items-center justify-end gap-3\">\n              <div class=\"flex-1 audio-content\" dir=\"ltr\">\n          <audio id=\"audio-2fb12a5d5b44ad7b0f1f56234618faf4\" data-label=\"Interior de l\u2019absis\"\n            data-category=\"SANT-FELIU-DE-BARRUERA-CAT-FAMILIAR-PLAY-3.mp3\" class=\"hidden\" controls\n            src=\"https:\/\/guiesullsdelahistoria.cat\/app\/uploads\/2025\/01\/SANT-FELIU-DE-BARRUERA-CAT-FAMILIAR-PLAY-3.mp3\"><\/audio>\n          <div class=\"flex items-center w-full gap-3 transition-opacity opacity-0 meta\">\n            <progress class=\"flex-1 border-0 appearance-none\" value=\"0\" max=\"1\"><\/progress>\n            <div class=\"text-sm text-center shrink-0 current-time w-9\"><\/div>\n                      <\/div>\n        <\/div>\n            <div class=\"flex flex-col items-center gap-2 shrink-1 audio-control\">\n        <button\n  class=\"flex items-center justify-center w-32 max-w-32 h-32 max-h-32 transition-[max-height,_max-width] bg-darker-accent rounded-full btn text-white\"\n  data-target=\"#audio-2fb12a5d5b44ad7b0f1f56234618faf4\">\n  <svg width=\"100%\" height=\"100%\" viewBox=\"0 0 36 36\" version=\"1.1\" xmlns=\"http:\/\/www.w3.org\/2000\/svg\" xmlns:xlink=\"http:\/\/www.w3.org\/1999\/xlink\">\n  <path id=\"ytp-12\" d=\"M11,10 L18,13.74 18,22.28 11,26 M18,13.74 L26,18 26,18 18,22.28\" fill=\"currentColor\">\n    <animate id=\"animation\" begin=\"indefinite\" attributeType=\"XML\" attributeName=\"d\" fill=\"freeze\" from=\"M11,10 L17,10 17,26 11,26 M20,10 L26,10 26,26 20,26\" to=\"M11,10 L18,13.74 18,22.28 11,26 M18,13.74 L26,18 26,18 18,22.28\" dur=\"0.1s\" keySplines=\".4 0 1 1\" repeatCount=\"1\" data-play=\"M11,10 L18,13.74 18,22.28 11,26 M18,13.74 L26,18 26,18 18,22.28\" data-pause=\"M11,10 L17,10 17,26 11,26 M20,10 L26,10 26,26 20,26\"><\/animate>\n  <\/path>\n<\/svg>\n<\/button>\n        <p class=\"text-base text-center\">Escolta<\/p>\n      <\/div>\n    <\/div>\n\n    \n          <div class=\"flex flex-wrap justify-between gap-6 md:justify-start\">\n                  <button data-target=\"#transcription-2fb12a5d5b44ad7b0f1f56234618faf4\" data-toggle=\"modal\" class=\"flex items-center gap-2\">\n            <svg class=\"w-6 h-6\" fill=\"none\" xmlns=\"http:\/\/www.w3.org\/2000\/svg\" viewBox=\"0 0 22 12\"><path d=\"M0 9.873v-6c0-.55.196-1.02.588-1.412A1.926 1.926 0 0 1 2 1.873h2c.55 0 1.02.196 1.412.588.392.391.588.862.588 1.412v6H4v-2H2v2H0Zm2-4h2v-2H2v2Zm6 4v-8h4c.55 0 1.02.196 1.412.588.392.391.588.862.588 1.412v4c0 .55-.196 1.021-.588 1.413A1.926 1.926 0 0 1 12 9.873H8Zm2-2h2v-4h-2v4Zm6.85.8-1.4-1.425c.183-.183.32-.391.413-.625.091-.233.137-.483.137-.75 0-.283-.046-.537-.137-.762a1.85 1.85 0 0 0-.413-.613l1.4-1.45c.367.367.65.792.85 1.275.2.484.3 1 .3 1.55s-.1 1.063-.3 1.538c-.2.475-.483.896-.85 1.262Zm2.825 2.825-1.45-1.375c.55-.55.983-1.187 1.3-1.912A5.775 5.775 0 0 0 20 5.873c0-.85-.158-1.633-.475-2.35a6.217 6.217 0 0 0-1.3-1.9l1.45-1.4a7.94 7.94 0 0 1 1.712 2.55c.409.967.613 2 .613 3.1s-.204 2.13-.613 3.088a7.977 7.977 0 0 1-1.712 2.537Z\" fill=\"#000\"\/><\/svg>            <span>Transcripci\u00f3<\/span>\n          <\/button>\n                      <\/div>\n      <\/div>\n\n      <div id=\"transcription-2fb12a5d5b44ad7b0f1f56234618faf4\"\n  class=\"fixed inset-0 z-50 hidden w-screen h-screen opacity-0 pointer-events-none modal transcription\"\n  tabindex=\"-1\" role=\"dialog\">\n  <div class=\"absolute w-full h-full bg-black opacity-75 modal-overlay\"><\/div>\n  <div\n    class=\"absolute z-30 w-11\/12 mx-auto overflow-y-auto text-black bg-white shadow-lg modal-container center-xy md:max-w-4xl\"\n    role=\"document\">\n    <div class=\"flex items-center justify-between px-4 py-4 text-gray-700 border-b md:px-8\">\n      <h2 class=\"!mb-0 font-bold\">Transcripci\u00f3<\/h2>\n      <div class=\"z-50 flex flex-col items-center ml-auto cursor-pointer rtl:ml-0 rtl:mr-auto modal-close\">\n        <svg class=\"w-auto h-6\" width=\"18\" height=\"23\" xmlns=\"http:\/\/www.w3.org\/2000\/svg\">\n  <g stroke=\"currentColor\" fill=\"none\" fill-rule=\"evenodd\" stroke-linecap=\"square\">\n    <path d=\"M.7248.974l16.1076 20.6167M16.655 1.2654L.9097 22.1601\" \/>\n  <\/g>\n<\/svg>        <div class=\"hidden\">Close<\/div>\n      <\/div>\n    <\/div>\n    <div class=\"px-4 py-8 overflow-y-auto max-h-modal md:px-8 modal-content\">\n      <div class=\"mb-8 flex flex-col gap-1.5\">\n                      <h3 class=\"text-xl font-bold\">Interior de l\u2019absis<\/h3>\n                            <\/div>\n            <p>Si ja ets davant dels bancs, mira cap amunt. Veur\u00e0s que est\u00e0 cobert per un sostre arrodonit, per un quart d\u2019esfera. I, a difer\u00e8ncia del que passa en altres esgl\u00e9sies de la Vall, est\u00e0 fet de pedra tosca, que, com ja saps, \u00e9s m\u00e9s tova i m\u00e9s f\u00e0cil de treballar.<br \/>\nAqu\u00ed, a l\u2019interior de l\u2019absis, encara hi ha una cosa ben interessant i curiosa per descobrir. S\u00f3n unes l\u00ednies blanques dibuixades sobre les pedres. Les pots veure a l\u2019espai entre la finestra central i la de l\u2019esquerra. Tens alguna idea de per qu\u00e8 les feien? Doncs per dissimular que les pedres del mur eren diferents entre si i que havien quedat poc arrenglerades. D\u2019aquesta mena de decoraci\u00f3 se\u2019n diu encintat, i tamb\u00e9 la pots veure a les esgl\u00e9sies de Sant Climent de Ta\u00fcll, Santa Eul\u00e0lia d\u2019Erill la Vall i Sant Joan de Bo\u00ed.<br \/>\nSi vols veure com era tot l\u2019absis de Sant Feliu de Barruera decorat amb l\u2019encintat, activa el recurs virtual. <\/p>\n    <\/div>\n  <\/div>\n<\/div>\n    <\/section>\n\n\n<div class=\"flex flex-col gap-3 element interactive-block\">\n  <div class=\"flex items-center gap-6\">\n              <h2 class=\"text-2xl font-bold\">Recurs virtual: Restituci\u00f3 d\u2019un element original. L\u2019encintat<\/h2>\n      <\/div>\n          <div class=\"flex justify-end w-full\">\n      <div class=\"flex flex-col items-center gap-2 shrink-1\">\n        <button data-target=\"#embed-69f5c671896a5\" data-toggle=\"modal\"\n          class=\"flex items-center justify-center w-32 h-32 text-white rounded-full bg-darker-accent\">\n          <svg class=\"w-16 h-auto\" width=\"60\" height=\"61\" viewBox=\"0 0 60 61\" fill=\"none\" xmlns=\"http:\/\/www.w3.org\/2000\/svg\">\n  <path\n    d=\"M27 53.298L12 44.673C11.05 44.1231 10.3125 43.398 9.7875 42.498C9.2625 41.598 9 40.598 9 39.498V22.248C9 21.148 9.2625 20.148 9.7875 19.248C10.3125 18.348 11.05 17.623 12 17.073L27 8.44805C27.95 7.89805 28.95 7.62305 30 7.62305C31.05 7.62305 32.05 7.89805 33 8.44805L48 17.073C48.95 17.623 49.6875 18.348 50.2125 19.248C50.7375 20.148 51 21.148 51 22.248V39.498C51 40.598 50.7375 41.598 50.2125 42.498C49.6875 43.398 48.95 44.1231 48 44.673L33 53.298C32.05 53.848 31.05 54.123 30 54.123C28.95 54.123 27.95 53.848 27 53.298ZM27 46.398V32.598L15 25.623V39.498L27 46.398ZM33 46.398L45 39.498V25.623L33 32.598V46.398ZM0 15.873V6.87305C0 5.22305 0.5875 3.81055 1.7625 2.63555C2.9375 1.46055 4.35 0.873047 6 0.873047H15V6.87305H6V15.873H0ZM15 60.873H6C4.35 60.873 2.9375 60.2855 1.7625 59.1105C0.5875 57.9355 0 56.523 0 54.873V45.8731H6V54.873H15V60.873ZM45 60.873V54.873H54V45.8731H60V54.873C60 56.523 59.4125 57.9355 58.2375 59.1105C57.0625 60.2855 55.65 60.873 54 60.873H45ZM54 15.873V6.87305H45V0.873047H54C55.65 0.873047 57.0625 1.46055 58.2375 2.63555C59.4125 3.81055 60 5.22305 60 6.87305V15.873H54ZM30 27.423L41.85 20.448L30 13.623L18.15 20.448L30 27.423Z\"\n    fill=\"currentColor\" \/>\n<\/svg>\n        <\/button>\n                  <p class=\"text-base text-center\">Mira<\/p>\n              <\/div>\n    <\/div>\n    <div id=\"embed-69f5c671896a5\"\n  class=\"fixed inset-0 z-50 hidden w-screen h-screen opacity-0 pointer-events-none modal embed-container\"\n  tabindex=\"-1\" role=\"dialog\">\n  <div class=\"absolute w-full h-full bg-black opacity-75 modal-overlay\"><\/div>\n  <div\n    class=\"absolute z-30 w-11\/12 mx-auto overflow-y-auto text-black bg-white shadow-lg modal-container center-xy md:max-w-4xl\"\n    role=\"document\">\n    <div class=\"flex items-center justify-between px-4 py-4 text-gray-700 border-b md:px-8\">\n      <h2 class=\"!mb-0 font-bold\">Mira<\/h2>\n      <div class=\"z-50 flex flex-col items-center ml-auto cursor-pointer rtl:ml-0 rtl:mr-auto modal-close\">\n        <svg class=\"w-auto h-6\" width=\"18\" height=\"23\" xmlns=\"http:\/\/www.w3.org\/2000\/svg\">\n  <g stroke=\"currentColor\" fill=\"none\" fill-rule=\"evenodd\" stroke-linecap=\"square\">\n    <path d=\"M.7248.974l16.1076 20.6167M16.655 1.2654L.9097 22.1601\" \/>\n  <\/g>\n<\/svg>        <div class=\"hidden\">Close<\/div>\n      <\/div>\n    <\/div>\n    <div class=\"px-4 py-8 overflow-y-auto max-h-modal md:px-8 modal-content\">\n      <div class=\"sketchfab-embed-wrapper\"> <iframe title=\"Absis de Sant Feliu de Barruera. Reconstrucci\u00f3\" frameborder=\"0\" allowfullscreen mozallowfullscreen=\"true\" webkitallowfullscreen=\"true\" allow=\"autoplay; fullscreen; xr-spatial-tracking\" xr-spatial-tracking execution-while-out-of-viewport execution-while-not-rendered web-share src=\"https:\/\/sketchfab.com\/models\/e6ef268e31c94ca6bacc5fd0182d2644\/embed?ui_infos=0\"> <\/iframe> <\/div>\n    <\/div>\n  <\/div>\n<\/div>\n  <\/div>\n\n\n<div class=\"flex flex-col gap-3 element text-block\">\n  <div class=\"flex items-center gap-6\">\n              <h2 class=\"text-2xl font-bold\">4e Creu de la nau<\/h2>\n      <\/div>\n    <\/div>\n\n\n<div class=\"flex flex-col gap-6 element image-block\">\n  <div class=\"flex flex-col gap-3\">\n      <\/div>\n      <figure>\n      <img loading=\"lazy\" decoding=\"async\" width=\"1600\" height=\"1201\" src=\"https:\/\/guiesullsdelahistoria.cat\/app\/uploads\/2024\/11\/PHOTO-2025-01-16-08-06-51.jpg\" class=\"w-full h-auto\" alt=\"Muntatge de mobiliari religi\u00f3s a l\u2019interior de l\u2019esgl\u00e9sia de Sant Feliu de Barruera: frontal d\u2019altar del segle XIX, amb predel\u00b7la del segle XVI al damunt i talles del segle XX a sobre.\" srcset=\"https:\/\/guiesullsdelahistoria.cat\/app\/uploads\/2024\/11\/PHOTO-2025-01-16-08-06-51.jpg 1600w, https:\/\/guiesullsdelahistoria.cat\/app\/uploads\/2024\/11\/PHOTO-2025-01-16-08-06-51-300x225.jpg 300w, https:\/\/guiesullsdelahistoria.cat\/app\/uploads\/2024\/11\/PHOTO-2025-01-16-08-06-51-1024x769.jpg 1024w, https:\/\/guiesullsdelahistoria.cat\/app\/uploads\/2024\/11\/PHOTO-2025-01-16-08-06-51-768x576.jpg 768w, https:\/\/guiesullsdelahistoria.cat\/app\/uploads\/2024\/11\/PHOTO-2025-01-16-08-06-51-1536x1153.jpg 1536w\" sizes=\"auto, (max-width: 1600px) 100vw, 1600px\" \/>\n              <figcaption class=\"pt-2 text-gray-800\">Conjunt de mobiliari religi\u00f3s a l\u2019interior de Sant Feliu de Barruera.<\/figcaption>\n          <\/figure>\n  <\/div>\n\n\n<section class=\"element audio-block\">\n  <div class=\"flex flex-col w-full gap-6\">\n    <div class=\"flex flex-col gap-3\">\n      <div class=\"flex gap-6\">\n                          <h2 class=\"text-2xl font-bold\">Talles i mobles<\/h2>\n              <\/div>\n          <\/div>\n    <div class=\"flex items-center justify-end gap-3\">\n              <div class=\"flex-1 audio-content\" dir=\"ltr\">\n          <audio id=\"audio-ffe4de8bb3a23e1e75d05288159dc4fe\" data-label=\"Talles i mobles\"\n            data-category=\"SANT-FELIU-DE-BARRUERA-CAT-FAMILIAR-PLAY-4.mp3\" class=\"hidden\" controls\n            src=\"https:\/\/guiesullsdelahistoria.cat\/app\/uploads\/2025\/01\/SANT-FELIU-DE-BARRUERA-CAT-FAMILIAR-PLAY-4.mp3\"><\/audio>\n          <div class=\"flex items-center w-full gap-3 transition-opacity opacity-0 meta\">\n            <progress class=\"flex-1 border-0 appearance-none\" value=\"0\" max=\"1\"><\/progress>\n            <div class=\"text-sm text-center shrink-0 current-time w-9\"><\/div>\n                      <\/div>\n        <\/div>\n            <div class=\"flex flex-col items-center gap-2 shrink-1 audio-control\">\n        <button\n  class=\"flex items-center justify-center w-32 max-w-32 h-32 max-h-32 transition-[max-height,_max-width] bg-darker-accent rounded-full btn text-white\"\n  data-target=\"#audio-ffe4de8bb3a23e1e75d05288159dc4fe\">\n  <svg width=\"100%\" height=\"100%\" viewBox=\"0 0 36 36\" version=\"1.1\" xmlns=\"http:\/\/www.w3.org\/2000\/svg\" xmlns:xlink=\"http:\/\/www.w3.org\/1999\/xlink\">\n  <path id=\"ytp-12\" d=\"M11,10 L18,13.74 18,22.28 11,26 M18,13.74 L26,18 26,18 18,22.28\" fill=\"currentColor\">\n    <animate id=\"animation\" begin=\"indefinite\" attributeType=\"XML\" attributeName=\"d\" fill=\"freeze\" from=\"M11,10 L17,10 17,26 11,26 M20,10 L26,10 26,26 20,26\" to=\"M11,10 L18,13.74 18,22.28 11,26 M18,13.74 L26,18 26,18 18,22.28\" dur=\"0.1s\" keySplines=\".4 0 1 1\" repeatCount=\"1\" data-play=\"M11,10 L18,13.74 18,22.28 11,26 M18,13.74 L26,18 26,18 18,22.28\" data-pause=\"M11,10 L17,10 17,26 11,26 M20,10 L26,10 26,26 20,26\"><\/animate>\n  <\/path>\n<\/svg>\n<\/button>\n        <p class=\"text-base text-center\">Escolta<\/p>\n      <\/div>\n    <\/div>\n\n    \n          <div class=\"flex flex-wrap justify-between gap-6 md:justify-start\">\n                  <button data-target=\"#transcription-ffe4de8bb3a23e1e75d05288159dc4fe\" data-toggle=\"modal\" class=\"flex items-center gap-2\">\n            <svg class=\"w-6 h-6\" fill=\"none\" xmlns=\"http:\/\/www.w3.org\/2000\/svg\" viewBox=\"0 0 22 12\"><path d=\"M0 9.873v-6c0-.55.196-1.02.588-1.412A1.926 1.926 0 0 1 2 1.873h2c.55 0 1.02.196 1.412.588.392.391.588.862.588 1.412v6H4v-2H2v2H0Zm2-4h2v-2H2v2Zm6 4v-8h4c.55 0 1.02.196 1.412.588.392.391.588.862.588 1.412v4c0 .55-.196 1.021-.588 1.413A1.926 1.926 0 0 1 12 9.873H8Zm2-2h2v-4h-2v4Zm6.85.8-1.4-1.425c.183-.183.32-.391.413-.625.091-.233.137-.483.137-.75 0-.283-.046-.537-.137-.762a1.85 1.85 0 0 0-.413-.613l1.4-1.45c.367.367.65.792.85 1.275.2.484.3 1 .3 1.55s-.1 1.063-.3 1.538c-.2.475-.483.896-.85 1.262Zm2.825 2.825-1.45-1.375c.55-.55.983-1.187 1.3-1.912A5.775 5.775 0 0 0 20 5.873c0-.85-.158-1.633-.475-2.35a6.217 6.217 0 0 0-1.3-1.9l1.45-1.4a7.94 7.94 0 0 1 1.712 2.55c.409.967.613 2 .613 3.1s-.204 2.13-.613 3.088a7.977 7.977 0 0 1-1.712 2.537Z\" fill=\"#000\"\/><\/svg>            <span>Transcripci\u00f3<\/span>\n          <\/button>\n                      <\/div>\n      <\/div>\n\n      <div id=\"transcription-ffe4de8bb3a23e1e75d05288159dc4fe\"\n  class=\"fixed inset-0 z-50 hidden w-screen h-screen opacity-0 pointer-events-none modal transcription\"\n  tabindex=\"-1\" role=\"dialog\">\n  <div class=\"absolute w-full h-full bg-black opacity-75 modal-overlay\"><\/div>\n  <div\n    class=\"absolute z-30 w-11\/12 mx-auto overflow-y-auto text-black bg-white shadow-lg modal-container center-xy md:max-w-4xl\"\n    role=\"document\">\n    <div class=\"flex items-center justify-between px-4 py-4 text-gray-700 border-b md:px-8\">\n      <h2 class=\"!mb-0 font-bold\">Transcripci\u00f3<\/h2>\n      <div class=\"z-50 flex flex-col items-center ml-auto cursor-pointer rtl:ml-0 rtl:mr-auto modal-close\">\n        <svg class=\"w-auto h-6\" width=\"18\" height=\"23\" xmlns=\"http:\/\/www.w3.org\/2000\/svg\">\n  <g stroke=\"currentColor\" fill=\"none\" fill-rule=\"evenodd\" stroke-linecap=\"square\">\n    <path d=\"M.7248.974l16.1076 20.6167M16.655 1.2654L.9097 22.1601\" \/>\n  <\/g>\n<\/svg>        <div class=\"hidden\">Close<\/div>\n      <\/div>\n    <\/div>\n    <div class=\"px-4 py-8 overflow-y-auto max-h-modal md:px-8 modal-content\">\n      <div class=\"mb-8 flex flex-col gap-1.5\">\n                      <h3 class=\"text-xl font-bold\">Talles i mobles<\/h3>\n                            <\/div>\n            <p>Dins de l\u2019esgl\u00e9sia de Sant Feliu hi ha dues talles de Crist, retaules i alguns mobles que han servit al llarg de molts anys per fer les celebracions religioses.<br \/>\nUna de les talles de Crist \u00e9s a l\u2019altar major, i l\u2019altra est\u00e0 plantada a terra. Aquesta es treia el Dijous Sant per al viacrucis, una celebraci\u00f3 que recorda els darrers moments de la vida de Jes\u00fas.<br \/>\nEntre els mobles hi ha un banc i un confessionari, la cabina de fusta on els creients confessaven els seus pecats.<\/p>\n    <\/div>\n  <\/div>\n<\/div>\n    <\/section>\n\n\n<div class=\"flex flex-col gap-3 element text-block\">\n  <div class=\"flex items-center gap-6\">\n              <h2 class=\"text-2xl font-bold\">4f T\u2019hi esperem!<\/h2>\n      <\/div>\n    <\/div>\n\n\n<section class=\"element audio-block\">\n  <div class=\"flex flex-col w-full gap-6\">\n    <div class=\"flex flex-col gap-3\">\n      <div class=\"flex gap-6\">\n                          <h2 class=\"text-2xl font-bold\">La visita continua<\/h2>\n              <\/div>\n          <\/div>\n    <div class=\"flex items-center justify-end gap-3\">\n              <div class=\"flex-1 audio-content\" dir=\"ltr\">\n          <audio id=\"audio-2acf8cd64798bba5b9e1f879bf658ca1\" data-label=\"La visita continua\"\n            data-category=\"SANT-FELIU-DE-BARRUERA-CAT-GENERAL-PLAY-CLOENDA.mp3\" class=\"hidden\" controls\n            src=\"https:\/\/guiesullsdelahistoria.cat\/app\/uploads\/2025\/01\/SANT-FELIU-DE-BARRUERA-CAT-GENERAL-PLAY-CLOENDA.mp3\"><\/audio>\n          <div class=\"flex items-center w-full gap-3 transition-opacity opacity-0 meta\">\n            <progress class=\"flex-1 border-0 appearance-none\" value=\"0\" max=\"1\"><\/progress>\n            <div class=\"text-sm text-center shrink-0 current-time w-9\"><\/div>\n                      <\/div>\n        <\/div>\n            <div class=\"flex flex-col items-center gap-2 shrink-1 audio-control\">\n        <button\n  class=\"flex items-center justify-center w-32 max-w-32 h-32 max-h-32 transition-[max-height,_max-width] bg-darker-accent rounded-full btn text-white\"\n  data-target=\"#audio-2acf8cd64798bba5b9e1f879bf658ca1\">\n  <svg width=\"100%\" height=\"100%\" viewBox=\"0 0 36 36\" version=\"1.1\" xmlns=\"http:\/\/www.w3.org\/2000\/svg\" xmlns:xlink=\"http:\/\/www.w3.org\/1999\/xlink\">\n  <path id=\"ytp-12\" d=\"M11,10 L18,13.74 18,22.28 11,26 M18,13.74 L26,18 26,18 18,22.28\" fill=\"currentColor\">\n    <animate id=\"animation\" begin=\"indefinite\" attributeType=\"XML\" attributeName=\"d\" fill=\"freeze\" from=\"M11,10 L17,10 17,26 11,26 M20,10 L26,10 26,26 20,26\" to=\"M11,10 L18,13.74 18,22.28 11,26 M18,13.74 L26,18 26,18 18,22.28\" dur=\"0.1s\" keySplines=\".4 0 1 1\" repeatCount=\"1\" data-play=\"M11,10 L18,13.74 18,22.28 11,26 M18,13.74 L26,18 26,18 18,22.28\" data-pause=\"M11,10 L17,10 17,26 11,26 M20,10 L26,10 26,26 20,26\"><\/animate>\n  <\/path>\n<\/svg>\n<\/button>\n        <p class=\"text-base text-center\">Escolta<\/p>\n      <\/div>\n    <\/div>\n\n    \n          <div class=\"flex flex-wrap justify-between gap-6 md:justify-start\">\n                  <button data-target=\"#transcription-2acf8cd64798bba5b9e1f879bf658ca1\" data-toggle=\"modal\" class=\"flex items-center gap-2\">\n            <svg class=\"w-6 h-6\" fill=\"none\" xmlns=\"http:\/\/www.w3.org\/2000\/svg\" viewBox=\"0 0 22 12\"><path d=\"M0 9.873v-6c0-.55.196-1.02.588-1.412A1.926 1.926 0 0 1 2 1.873h2c.55 0 1.02.196 1.412.588.392.391.588.862.588 1.412v6H4v-2H2v2H0Zm2-4h2v-2H2v2Zm6 4v-8h4c.55 0 1.02.196 1.412.588.392.391.588.862.588 1.412v4c0 .55-.196 1.021-.588 1.413A1.926 1.926 0 0 1 12 9.873H8Zm2-2h2v-4h-2v4Zm6.85.8-1.4-1.425c.183-.183.32-.391.413-.625.091-.233.137-.483.137-.75 0-.283-.046-.537-.137-.762a1.85 1.85 0 0 0-.413-.613l1.4-1.45c.367.367.65.792.85 1.275.2.484.3 1 .3 1.55s-.1 1.063-.3 1.538c-.2.475-.483.896-.85 1.262Zm2.825 2.825-1.45-1.375c.55-.55.983-1.187 1.3-1.912A5.775 5.775 0 0 0 20 5.873c0-.85-.158-1.633-.475-2.35a6.217 6.217 0 0 0-1.3-1.9l1.45-1.4a7.94 7.94 0 0 1 1.712 2.55c.409.967.613 2 .613 3.1s-.204 2.13-.613 3.088a7.977 7.977 0 0 1-1.712 2.537Z\" fill=\"#000\"\/><\/svg>            <span>Transcripci\u00f3<\/span>\n          <\/button>\n                      <\/div>\n      <\/div>\n\n      <div id=\"transcription-2acf8cd64798bba5b9e1f879bf658ca1\"\n  class=\"fixed inset-0 z-50 hidden w-screen h-screen opacity-0 pointer-events-none modal transcription\"\n  tabindex=\"-1\" role=\"dialog\">\n  <div class=\"absolute w-full h-full bg-black opacity-75 modal-overlay\"><\/div>\n  <div\n    class=\"absolute z-30 w-11\/12 mx-auto overflow-y-auto text-black bg-white shadow-lg modal-container center-xy md:max-w-4xl\"\n    role=\"document\">\n    <div class=\"flex items-center justify-between px-4 py-4 text-gray-700 border-b md:px-8\">\n      <h2 class=\"!mb-0 font-bold\">Transcripci\u00f3<\/h2>\n      <div class=\"z-50 flex flex-col items-center ml-auto cursor-pointer rtl:ml-0 rtl:mr-auto modal-close\">\n        <svg class=\"w-auto h-6\" width=\"18\" height=\"23\" xmlns=\"http:\/\/www.w3.org\/2000\/svg\">\n  <g stroke=\"currentColor\" fill=\"none\" fill-rule=\"evenodd\" stroke-linecap=\"square\">\n    <path d=\"M.7248.974l16.1076 20.6167M16.655 1.2654L.9097 22.1601\" \/>\n  <\/g>\n<\/svg>        <div class=\"hidden\">Close<\/div>\n      <\/div>\n    <\/div>\n    <div class=\"px-4 py-8 overflow-y-auto max-h-modal md:px-8 modal-content\">\n      <div class=\"mb-8 flex flex-col gap-1.5\">\n                      <h3 class=\"text-xl font-bold\">La visita continua<\/h3>\n                            <\/div>\n            <p>Aqu\u00ed s\u2019acaba la visita a l\u2019esgl\u00e9sia. Ara et convidem a con\u00e8ixer les altres, que constitueixen el Conjunt Rom\u00e0nic de la Vall de Bo\u00ed. T\u2019hi esperem!<\/p>\n    <\/div>\n  <\/div>\n<\/div>\n    <\/section>\n\n\n<div class=\"flex flex-col gap-3 element text-block\">\n  <div class=\"flex items-center gap-6\">\n              <h2 class=\"text-2xl font-bold\">Cloenda<\/h2>\n      <\/div>\n        <div class=\"prose prose-lg\"><p><em>\u201cEls Ulls de la Hist\u00f2ria. Una mirada immersiva sobre el patrimoni\u201d<\/em> \u00e9s una iniciativa de l\u2019Ag\u00e8ncia Catalana del Patrimoni Cultural. Un projecte que incorpora altres veus i altres mirades sobre el nostre passat. Perqu\u00e8 totes i tots fem hist\u00f2ria.<\/p>\n<\/div>\n  <\/div>\n\n<\/div>\n      <\/div>\n    <\/div>\n  <\/section>\n\n\n<section class=\"container overflow-hidden section\" id=\"section-69f5c671a28bd\" data-title=\"5. Sant Joan de Bo\u00ed\">\n    <div class=\"relative z-10 w-full -mb-8 section-pictogram\">\n            <div class=\"flex h-40 text-darker-accent justify-start\">\n        <svg class=\"w-auto h-full\" width=\"173\" height=\"173\" viewBox=\"0 0 173 173\" fill=\"none\" xmlns=\"http:\/\/www.w3.org\/2000\/svg\">\n  <path d=\"M51.4138 127.862H8.75781V111.809\" stroke=\"currentColor\" stroke-width=\"2\" stroke-miterlimit=\"10\"\n    stroke-linecap=\"round\" \/>\n  <path d=\"M126.633 127.862H164.243V111.809\" stroke=\"currentColor\" stroke-width=\"2\" stroke-miterlimit=\"10\"\n    stroke-linecap=\"round\" \/>\n  <path\n    d=\"M123.014 45.7609H50.6471C28.0528 45.7609 9.15355 63.5953 8.7634 86.0986C8.63989 93.5787 10.5668 100.951 14.336 107.419C18.1053 113.887 23.5738 119.206 30.1519 122.803C36.7301 126.399 44.168 128.137 51.6635 127.827C59.1589 127.517 66.4274 125.173 72.6849 121.046C76.7648 118.347 81.5505 116.902 86.447 116.893C91.3435 116.884 96.1347 118.31 100.225 120.995C107.51 125.832 116.154 128.219 124.896 127.809C146.125 126.883 163.406 109.592 164.215 88.4158C164.43 82.8889 163.523 77.3757 161.548 72.2069C159.574 67.0382 156.573 62.3205 152.725 58.3369C148.877 54.3533 144.262 51.186 139.157 49.0249C134.051 46.8639 128.56 45.7537 123.014 45.7609Z\"\n    stroke=\"currentColor\" stroke-width=\"2\" stroke-miterlimit=\"10\" \/>\n  <path\n    d=\"M120.901 95.7555C120.221 95.7555 119.556 95.9572 118.99 96.3352C118.424 96.7132 117.983 97.2505 117.723 97.8791C117.462 98.5077 117.394 99.1993 117.527 99.8666C117.66 100.534 117.987 101.147 118.468 101.628C118.949 102.109 119.563 102.437 120.23 102.569C120.897 102.702 121.589 102.634 122.217 102.374C122.846 102.113 123.383 101.672 123.761 101.107C124.139 100.541 124.341 99.8759 124.341 99.1955C124.341 98.2831 123.979 97.4082 123.333 96.763C122.688 96.1179 121.813 95.7555 120.901 95.7555Z\"\n    fill=\"currentColor\" \/>\n  <path\n    d=\"M52.1001 95.7555C51.4197 95.7555 50.7547 95.9572 50.189 96.3352C49.6233 96.7132 49.1823 97.2505 48.922 97.8791C48.6616 98.5077 48.5935 99.1993 48.7263 99.8666C48.859 100.534 49.1865 101.147 49.6676 101.628C50.1487 102.109 50.7618 102.437 51.4291 102.569C52.0964 102.702 52.788 102.634 53.4166 102.374C54.0452 102.113 54.5825 101.672 54.9605 101.107C55.3385 100.541 55.5402 99.8759 55.5402 99.1955C55.5402 98.2831 55.1777 97.4082 54.5326 96.763C53.8875 96.1179 53.0125 95.7555 52.1001 95.7555Z\"\n    fill=\"currentColor\" \/>\n  <path\n    d=\"M72.5117 79.2435C76.6567 76.5602 81.5187 75.1247 86.4932 75.1156C91.4677 75.1065 96.3351 76.5242 100.49 79.1924\"\n    stroke=\"currentColor\" stroke-width=\"2\" stroke-miterlimit=\"10\" stroke-linecap=\"round\" \/>\n<\/svg>      <\/div>\n    <\/div>\n    <div class=\"grid w-full grid-cols-1 px-4 py-8 section-content max-md:gap-y-8 md:grid-standard rounded-xl\">\n              <div class=\"flex gap-4 md:col-span-5\">\n                                <h2 class=\"text-8 font-headings\">5. Sant Joan de Bo\u00ed<\/h2>\n                  <\/div>\n            <div class=\"flex flex-col gap-8 md:col-span-6 md:col-start-7 md:gap-10\">\n        <div class=\"acf-innerblocks-container\">\n<div class=\"flex flex-col gap-3 element text-block\">\n  <div class=\"flex items-center gap-6\">\n              <h2 class=\"text-2xl font-bold\">5a Introducci\u00f3<\/h2>\n      <\/div>\n    <\/div>\n\n\n<div class=\"flex flex-col gap-6 element image-block\">\n  <div class=\"flex flex-col gap-3\">\n      <\/div>\n      <figure>\n      <img loading=\"lazy\" decoding=\"async\" width=\"1444\" height=\"964\" src=\"https:\/\/guiesullsdelahistoria.cat\/app\/uploads\/2024\/11\/Sant_Joan_de_Boi_esglesia_DSC6788.jpg\" class=\"w-full h-auto\" alt=\"Vista general de l\u2019exterior de l\u2019esgl\u00e9sia de Sant Joan de Bo\u00ed des del costat del porxo, i el cementiri en primer terme.\" srcset=\"https:\/\/guiesullsdelahistoria.cat\/app\/uploads\/2024\/11\/Sant_Joan_de_Boi_esglesia_DSC6788.jpg 1444w, https:\/\/guiesullsdelahistoria.cat\/app\/uploads\/2024\/11\/Sant_Joan_de_Boi_esglesia_DSC6788-300x200.jpg 300w, https:\/\/guiesullsdelahistoria.cat\/app\/uploads\/2024\/11\/Sant_Joan_de_Boi_esglesia_DSC6788-1024x684.jpg 1024w, https:\/\/guiesullsdelahistoria.cat\/app\/uploads\/2024\/11\/Sant_Joan_de_Boi_esglesia_DSC6788-768x513.jpg 768w\" sizes=\"auto, (max-width: 1444px) 100vw, 1444px\" \/>\n              <figcaption class=\"pt-2 text-gray-800\">Vista general de Sant Joan de Bo\u00ed.<\/figcaption>\n          <\/figure>\n  <\/div>\n\n\n<section class=\"element audio-block\">\n  <div class=\"flex flex-col w-full gap-6\">\n    <div class=\"flex flex-col gap-3\">\n      <div class=\"flex gap-6\">\n                          <h2 class=\"text-2xl font-bold\">La Vall de Bo\u00ed i les seves esgl\u00e9sies<\/h2>\n              <\/div>\n          <\/div>\n    <div class=\"flex items-center justify-end gap-3\">\n              <div class=\"flex-1 audio-content\" dir=\"ltr\">\n          <audio id=\"audio-63f1db32c0fe2cc76a44c7405122dc91\" data-label=\"La Vall de Bo\u00ed i les seves esgl\u00e9sies\"\n            data-category=\"SANT-JOAN-DE-BOI-CAT-FAMLIAR-PLAY-0.mp3\" class=\"hidden\" controls\n            src=\"https:\/\/guiesullsdelahistoria.cat\/app\/uploads\/2025\/01\/SANT-JOAN-DE-BOI-CAT-FAMLIAR-PLAY-0.mp3\"><\/audio>\n          <div class=\"flex items-center w-full gap-3 transition-opacity opacity-0 meta\">\n            <progress class=\"flex-1 border-0 appearance-none\" value=\"0\" max=\"1\"><\/progress>\n            <div class=\"text-sm text-center shrink-0 current-time w-9\"><\/div>\n                      <\/div>\n        <\/div>\n            <div class=\"flex flex-col items-center gap-2 shrink-1 audio-control\">\n        <button\n  class=\"flex items-center justify-center w-32 max-w-32 h-32 max-h-32 transition-[max-height,_max-width] bg-darker-accent rounded-full btn text-white\"\n  data-target=\"#audio-63f1db32c0fe2cc76a44c7405122dc91\">\n  <svg width=\"100%\" height=\"100%\" viewBox=\"0 0 36 36\" version=\"1.1\" xmlns=\"http:\/\/www.w3.org\/2000\/svg\" xmlns:xlink=\"http:\/\/www.w3.org\/1999\/xlink\">\n  <path id=\"ytp-12\" d=\"M11,10 L18,13.74 18,22.28 11,26 M18,13.74 L26,18 26,18 18,22.28\" fill=\"currentColor\">\n    <animate id=\"animation\" begin=\"indefinite\" attributeType=\"XML\" attributeName=\"d\" fill=\"freeze\" from=\"M11,10 L17,10 17,26 11,26 M20,10 L26,10 26,26 20,26\" to=\"M11,10 L18,13.74 18,22.28 11,26 M18,13.74 L26,18 26,18 18,22.28\" dur=\"0.1s\" keySplines=\".4 0 1 1\" repeatCount=\"1\" data-play=\"M11,10 L18,13.74 18,22.28 11,26 M18,13.74 L26,18 26,18 18,22.28\" data-pause=\"M11,10 L17,10 17,26 11,26 M20,10 L26,10 26,26 20,26\"><\/animate>\n  <\/path>\n<\/svg>\n<\/button>\n        <p class=\"text-base text-center\">Escolta<\/p>\n      <\/div>\n    <\/div>\n\n    \n          <div class=\"flex flex-wrap justify-between gap-6 md:justify-start\">\n                  <button data-target=\"#transcription-63f1db32c0fe2cc76a44c7405122dc91\" data-toggle=\"modal\" class=\"flex items-center gap-2\">\n            <svg class=\"w-6 h-6\" fill=\"none\" xmlns=\"http:\/\/www.w3.org\/2000\/svg\" viewBox=\"0 0 22 12\"><path d=\"M0 9.873v-6c0-.55.196-1.02.588-1.412A1.926 1.926 0 0 1 2 1.873h2c.55 0 1.02.196 1.412.588.392.391.588.862.588 1.412v6H4v-2H2v2H0Zm2-4h2v-2H2v2Zm6 4v-8h4c.55 0 1.02.196 1.412.588.392.391.588.862.588 1.412v4c0 .55-.196 1.021-.588 1.413A1.926 1.926 0 0 1 12 9.873H8Zm2-2h2v-4h-2v4Zm6.85.8-1.4-1.425c.183-.183.32-.391.413-.625.091-.233.137-.483.137-.75 0-.283-.046-.537-.137-.762a1.85 1.85 0 0 0-.413-.613l1.4-1.45c.367.367.65.792.85 1.275.2.484.3 1 .3 1.55s-.1 1.063-.3 1.538c-.2.475-.483.896-.85 1.262Zm2.825 2.825-1.45-1.375c.55-.55.983-1.187 1.3-1.912A5.775 5.775 0 0 0 20 5.873c0-.85-.158-1.633-.475-2.35a6.217 6.217 0 0 0-1.3-1.9l1.45-1.4a7.94 7.94 0 0 1 1.712 2.55c.409.967.613 2 .613 3.1s-.204 2.13-.613 3.088a7.977 7.977 0 0 1-1.712 2.537Z\" fill=\"#000\"\/><\/svg>            <span>Transcripci\u00f3<\/span>\n          <\/button>\n                      <\/div>\n      <\/div>\n\n      <div id=\"transcription-63f1db32c0fe2cc76a44c7405122dc91\"\n  class=\"fixed inset-0 z-50 hidden w-screen h-screen opacity-0 pointer-events-none modal transcription\"\n  tabindex=\"-1\" role=\"dialog\">\n  <div class=\"absolute w-full h-full bg-black opacity-75 modal-overlay\"><\/div>\n  <div\n    class=\"absolute z-30 w-11\/12 mx-auto overflow-y-auto text-black bg-white shadow-lg modal-container center-xy md:max-w-4xl\"\n    role=\"document\">\n    <div class=\"flex items-center justify-between px-4 py-4 text-gray-700 border-b md:px-8\">\n      <h2 class=\"!mb-0 font-bold\">Transcripci\u00f3<\/h2>\n      <div class=\"z-50 flex flex-col items-center ml-auto cursor-pointer rtl:ml-0 rtl:mr-auto modal-close\">\n        <svg class=\"w-auto h-6\" width=\"18\" height=\"23\" xmlns=\"http:\/\/www.w3.org\/2000\/svg\">\n  <g stroke=\"currentColor\" fill=\"none\" fill-rule=\"evenodd\" stroke-linecap=\"square\">\n    <path d=\"M.7248.974l16.1076 20.6167M16.655 1.2654L.9097 22.1601\" \/>\n  <\/g>\n<\/svg>        <div class=\"hidden\">Close<\/div>\n      <\/div>\n    <\/div>\n    <div class=\"px-4 py-8 overflow-y-auto max-h-modal md:px-8 modal-content\">\n      <div class=\"mb-8 flex flex-col gap-1.5\">\n                      <h3 class=\"text-xl font-bold\">La Vall de Bo\u00ed i les seves esgl\u00e9sies<\/h3>\n                            <\/div>\n            <p>Et donem la benvinguda a la Vall de Bo\u00ed i t\u2019animem a con\u00e8ixer-ne l\u2019excepcional conjunt d\u2019esgl\u00e9sies, considerades una de les m\u00e0ximes expressions de l\u2019art rom\u00e0nic catal\u00e0 i inscrites a la llista de Patrimoni Mundial per la UNESCO l\u2019any 2000.<br \/>\nEl Conjunt Rom\u00e0nic de la Vall de Bo\u00ed l\u2019integren nou esgl\u00e9sies: Sant Climent i Santa Maria de Ta\u00fcll, Sant Joan de Bo\u00ed, Santa Eul\u00e0lia d\u2019Erill la Vall, Sant Feliu de Barruera, la Nativitat i Sant Quirc de Durro, Santa Maria de Cardet i l\u2019Assumpci\u00f3 de C\u00f3ll.<br \/>\nPer\u00f2, qu\u00e8 tenen en com\u00fa aquest conjunt d\u2019esgl\u00e9sies? Qu\u00e8 les fa tan singulars? Quina \u00e9s la seva hist\u00f2ria?<br \/>\nTotes van ser constru\u00efdes entre els segles xi i xii, en un moment de poder i de bonan\u00e7a econ\u00f2mica de la noblesa local, i comparteixen un estil arquitect\u00f2nic, el rom\u00e0nic, molt est\u00e8s per tot Europa.<br \/>\nAvui, una bona part de les pintures, talles i mobiliari es conserven a diversos museus catalans, sobretot al Museu Nacional d\u2019Art de Catalunya. Tot i aix\u00f2, algunes de les esgl\u00e9sies compten amb importants fragments de pintura mural i escultures originals, a m\u00e9s de reproduccions de les que es conserven als museus.<br \/>\nAmb la guia que tens a les mans, descobrir\u00e0s els valors excepcionals d\u2019aquest conjunt rom\u00e0nic i podr\u00e0s con\u00e8ixer cada una de les nou esgl\u00e9sies, amb els seus<\/p>\n<p>Et donem la benvinguda a la Vall de Bo\u00ed i t\u2019animem a con\u00e8ixer el conjunt d\u2019esgl\u00e9sies rom\u00e0niques que hi ha als diversos pobles de la Vall.<\/p>\n<p>Aquestes esgl\u00e9sies s\u00f3n tan importants que la UNESCO, una organitzaci\u00f3 que promou la col\u00b7laboraci\u00f3 internacional en educaci\u00f3, ci\u00e8ncia, cultura i comunicaci\u00f3, les va posar a la seva llista de Patrimoni Mundial l\u2019any 2000, al costat, per exemple, de la Gran Muralla de la Xina, les pir\u00e0mides d\u2019Egipte o l\u2019Est\u00e0tua de la Llibertat dels Estats Units.<br \/>\nPer\u00f2 quantes esgl\u00e9sies hi ha i per qu\u00e8 s\u00f3n tan importants? Quina \u00e9s la seva hist\u00f2ria?<br \/>\nEl Conjunt Rom\u00e0nic de la Vall de Bo\u00ed l\u2019integren nou esgl\u00e9sies: Sant Climent i Santa Maria de Ta\u00fcll, Sant Joan de Bo\u00ed, Santa Eul\u00e0lia d\u2019Erill la Vall, Sant Feliu de Barruera, la Nativitat i Sant Quirc de Durro, Santa Maria de Cardet i l\u2019Assumpci\u00f3 de C\u00f3ll.<br \/>\nTotes tenen una hist\u00f2ria comuna, perqu\u00e8 van ser constru\u00efdes entre el segle XI i el XII, ara fa m\u00e9s de nou-cents anys. Tamb\u00e9 tenen el mateix estil arquitect\u00f2nic, el rom\u00e0nic, i per aix\u00f2 es pot dir que formen un conjunt. I qui les va fer? Doncs les van pensar els mestres d\u2019obra, que era com se\u2019n deia llavors del que avui en diem arquitectes. I, \u00e9s clar, tots els treballadors que les van aixecar, pedra sobre pedra. Per\u00f2 els diners per pagar l\u2019obra els van posar els senyors feudals d\u2019aquestes terres, que s\u2019havien fet rics gr\u00e0cies a la guerra.<br \/>\nAmb la guia que tens a les mans, descobrir\u00e0s la import\u00e0ncia de cada una de les nou esgl\u00e9sies del conjunt i els secrets que amaguen als racons m\u00e9s insospitats.<br \/>\nUna advert\u00e8ncia final! Aquestes muntanyes s\u00f3n misterioses i, a les valls, les paraules de les persones que les han habitat sovint es queden atrapades i ressonen al llarg del temps com un eco imperceptible. Aquesta guia disposa d\u2019un sensor que s\u2019activa cada cop que en capta alguna. No t\u2019espantis i continua escoltant.<br \/>\nPer comen\u00e7ar la visita, dirigeix-te a la part posterior de l\u2019esgl\u00e9sia.<\/p>\n<p>secrets i curiositats.<br \/>\nUna advert\u00e8ncia final! Aquestes muntanyes s\u00f3n misterioses i, a les valls, les paraules de les persones que les han habitat sovint es queden atrapades i ressonen al llarg del temps com un eco imperceptible. Aquesta guia disposa d\u2019un sensor que s\u2019activa cada cop que en capta alguna. No t\u2019espantis i continua escoltant.<br \/>\nPer comen\u00e7ar la visita, dirigeix-te a la part posterior de l\u2019esgl\u00e9sia.<\/p>\n    <\/div>\n  <\/div>\n<\/div>\n    <\/section>\n\n\n<div class=\"flex flex-col gap-3 element text-block\">\n  <div class=\"flex items-center gap-6\">\n              <h2 class=\"text-2xl font-bold\">5b Absis<\/h2>\n      <\/div>\n    <\/div>\n\n\n<div class=\"flex flex-col gap-6 element image-block\">\n  <div class=\"flex flex-col gap-3\">\n      <\/div>\n      <figure>\n      <img loading=\"lazy\" decoding=\"async\" width=\"1599\" height=\"1440\" src=\"https:\/\/guiesullsdelahistoria.cat\/app\/uploads\/2024\/11\/Sant-Joan-general.jpg\" class=\"w-full h-auto\" alt=\"Vista exterior de l\u2019esgl\u00e9sia de Sant Joan de Bo\u00ed des de la part posterior, amb les muntanyes al fons.\" srcset=\"https:\/\/guiesullsdelahistoria.cat\/app\/uploads\/2024\/11\/Sant-Joan-general.jpg 1599w, https:\/\/guiesullsdelahistoria.cat\/app\/uploads\/2024\/11\/Sant-Joan-general-300x270.jpg 300w, https:\/\/guiesullsdelahistoria.cat\/app\/uploads\/2024\/11\/Sant-Joan-general-1024x922.jpg 1024w, https:\/\/guiesullsdelahistoria.cat\/app\/uploads\/2024\/11\/Sant-Joan-general-768x692.jpg 768w, https:\/\/guiesullsdelahistoria.cat\/app\/uploads\/2024\/11\/Sant-Joan-general-1536x1383.jpg 1536w\" sizes=\"auto, (max-width: 1599px) 100vw, 1599px\" \/>\n              <figcaption class=\"pt-2 text-gray-800\">Vista posterior de Sant Joan de Bo\u00ed.<\/figcaption>\n          <\/figure>\n  <\/div>\n\n\n<section class=\"element audio-block\">\n  <div class=\"flex flex-col w-full gap-6\">\n    <div class=\"flex flex-col gap-3\">\n      <div class=\"flex gap-6\">\n                          <h2 class=\"text-2xl font-bold\">L\u2019esgl\u00e9sia amb m\u00e9s elements originals<\/h2>\n              <\/div>\n          <\/div>\n    <div class=\"flex items-center justify-end gap-3\">\n              <div class=\"flex-1 audio-content\" dir=\"ltr\">\n          <audio id=\"audio-17501d6fa0887a66e3f67cd0b0635a33\" data-label=\"L\u2019esgl\u00e9sia amb m\u00e9s elements originals\"\n            data-category=\"SANT-JOAN-DE-BOI-CAT-FAMLIAR-PLAY-1.mp3\" class=\"hidden\" controls\n            src=\"https:\/\/guiesullsdelahistoria.cat\/app\/uploads\/2025\/01\/SANT-JOAN-DE-BOI-CAT-FAMLIAR-PLAY-1.mp3\"><\/audio>\n          <div class=\"flex items-center w-full gap-3 transition-opacity opacity-0 meta\">\n            <progress class=\"flex-1 border-0 appearance-none\" value=\"0\" max=\"1\"><\/progress>\n            <div class=\"text-sm text-center shrink-0 current-time w-9\"><\/div>\n                      <\/div>\n        <\/div>\n            <div class=\"flex flex-col items-center gap-2 shrink-1 audio-control\">\n        <button\n  class=\"flex items-center justify-center w-32 max-w-32 h-32 max-h-32 transition-[max-height,_max-width] bg-darker-accent rounded-full btn text-white\"\n  data-target=\"#audio-17501d6fa0887a66e3f67cd0b0635a33\">\n  <svg width=\"100%\" height=\"100%\" viewBox=\"0 0 36 36\" version=\"1.1\" xmlns=\"http:\/\/www.w3.org\/2000\/svg\" xmlns:xlink=\"http:\/\/www.w3.org\/1999\/xlink\">\n  <path id=\"ytp-12\" d=\"M11,10 L18,13.74 18,22.28 11,26 M18,13.74 L26,18 26,18 18,22.28\" fill=\"currentColor\">\n    <animate id=\"animation\" begin=\"indefinite\" attributeType=\"XML\" attributeName=\"d\" fill=\"freeze\" from=\"M11,10 L17,10 17,26 11,26 M20,10 L26,10 26,26 20,26\" to=\"M11,10 L18,13.74 18,22.28 11,26 M18,13.74 L26,18 26,18 18,22.28\" dur=\"0.1s\" keySplines=\".4 0 1 1\" repeatCount=\"1\" data-play=\"M11,10 L18,13.74 18,22.28 11,26 M18,13.74 L26,18 26,18 18,22.28\" data-pause=\"M11,10 L17,10 17,26 11,26 M20,10 L26,10 26,26 20,26\"><\/animate>\n  <\/path>\n<\/svg>\n<\/button>\n        <p class=\"text-base text-center\">Escolta<\/p>\n      <\/div>\n    <\/div>\n\n    \n          <div class=\"flex flex-wrap justify-between gap-6 md:justify-start\">\n                  <button data-target=\"#transcription-17501d6fa0887a66e3f67cd0b0635a33\" data-toggle=\"modal\" class=\"flex items-center gap-2\">\n            <svg class=\"w-6 h-6\" fill=\"none\" xmlns=\"http:\/\/www.w3.org\/2000\/svg\" viewBox=\"0 0 22 12\"><path d=\"M0 9.873v-6c0-.55.196-1.02.588-1.412A1.926 1.926 0 0 1 2 1.873h2c.55 0 1.02.196 1.412.588.392.391.588.862.588 1.412v6H4v-2H2v2H0Zm2-4h2v-2H2v2Zm6 4v-8h4c.55 0 1.02.196 1.412.588.392.391.588.862.588 1.412v4c0 .55-.196 1.021-.588 1.413A1.926 1.926 0 0 1 12 9.873H8Zm2-2h2v-4h-2v4Zm6.85.8-1.4-1.425c.183-.183.32-.391.413-.625.091-.233.137-.483.137-.75 0-.283-.046-.537-.137-.762a1.85 1.85 0 0 0-.413-.613l1.4-1.45c.367.367.65.792.85 1.275.2.484.3 1 .3 1.55s-.1 1.063-.3 1.538c-.2.475-.483.896-.85 1.262Zm2.825 2.825-1.45-1.375c.55-.55.983-1.187 1.3-1.912A5.775 5.775 0 0 0 20 5.873c0-.85-.158-1.633-.475-2.35a6.217 6.217 0 0 0-1.3-1.9l1.45-1.4a7.94 7.94 0 0 1 1.712 2.55c.409.967.613 2 .613 3.1s-.204 2.13-.613 3.088a7.977 7.977 0 0 1-1.712 2.537Z\" fill=\"#000\"\/><\/svg>            <span>Transcripci\u00f3<\/span>\n          <\/button>\n                      <\/div>\n      <\/div>\n\n      <div id=\"transcription-17501d6fa0887a66e3f67cd0b0635a33\"\n  class=\"fixed inset-0 z-50 hidden w-screen h-screen opacity-0 pointer-events-none modal transcription\"\n  tabindex=\"-1\" role=\"dialog\">\n  <div class=\"absolute w-full h-full bg-black opacity-75 modal-overlay\"><\/div>\n  <div\n    class=\"absolute z-30 w-11\/12 mx-auto overflow-y-auto text-black bg-white shadow-lg modal-container center-xy md:max-w-4xl\"\n    role=\"document\">\n    <div class=\"flex items-center justify-between px-4 py-4 text-gray-700 border-b md:px-8\">\n      <h2 class=\"!mb-0 font-bold\">Transcripci\u00f3<\/h2>\n      <div class=\"z-50 flex flex-col items-center ml-auto cursor-pointer rtl:ml-0 rtl:mr-auto modal-close\">\n        <svg class=\"w-auto h-6\" width=\"18\" height=\"23\" xmlns=\"http:\/\/www.w3.org\/2000\/svg\">\n  <g stroke=\"currentColor\" fill=\"none\" fill-rule=\"evenodd\" stroke-linecap=\"square\">\n    <path d=\"M.7248.974l16.1076 20.6167M16.655 1.2654L.9097 22.1601\" \/>\n  <\/g>\n<\/svg>        <div class=\"hidden\">Close<\/div>\n      <\/div>\n    <\/div>\n    <div class=\"px-4 py-8 overflow-y-auto max-h-modal md:px-8 modal-content\">\n      <div class=\"mb-8 flex flex-col gap-1.5\">\n                      <h3 class=\"text-xl font-bold\">L\u2019esgl\u00e9sia amb m\u00e9s elements originals<\/h3>\n                            <\/div>\n            <p>L\u2019esgl\u00e9sia de Sant Joan de Bo\u00ed \u00e9s la que conserva m\u00e9s parts originals del segle XI. Un exemple \u00e9s la part baixa del campanar, feta amb pedres tallades amb poca cura i de mides diferents. Els dos pisos seg\u00fcents, en canvi, s\u00f3n del segle XII; es pot veure la difer\u00e8ncia perqu\u00e8 les pedres s\u00f3n m\u00e9s iguals entre si i estan m\u00e9s ben tallades.<br \/>\nPer continuar la visita, ves a la fa\u00e7ana lateral de la teva dreta, la que t\u00e9 les pintures.<\/p>\n    <\/div>\n  <\/div>\n<\/div>\n    <\/section>\n\n\n<div class=\"flex flex-col gap-3 element text-block\">\n  <div class=\"flex items-center gap-6\">\n              <h2 class=\"text-2xl font-bold\">5c Fa\u00e7ana lateral<\/h2>\n      <\/div>\n    <\/div>\n\n\n<div class=\"flex flex-col gap-6 element image-block\">\n  <div class=\"flex flex-col gap-3\">\n      <\/div>\n      <figure>\n      <img loading=\"lazy\" decoding=\"async\" width=\"966\" height=\"1426\" src=\"https:\/\/guiesullsdelahistoria.cat\/app\/uploads\/2024\/11\/Sant_Joan_de_Boi_pintures_exterior_DSC9499.jpg\" class=\"w-full h-auto\" alt=\"Vista de les pintures exteriors de l\u2019esgl\u00e9sia de Sant Joan de Bo\u00ed al voltant de l\u2019antiga porta d\u2019entrada.\" srcset=\"https:\/\/guiesullsdelahistoria.cat\/app\/uploads\/2024\/11\/Sant_Joan_de_Boi_pintures_exterior_DSC9499.jpg 966w, https:\/\/guiesullsdelahistoria.cat\/app\/uploads\/2024\/11\/Sant_Joan_de_Boi_pintures_exterior_DSC9499-203x300.jpg 203w, https:\/\/guiesullsdelahistoria.cat\/app\/uploads\/2024\/11\/Sant_Joan_de_Boi_pintures_exterior_DSC9499-694x1024.jpg 694w, https:\/\/guiesullsdelahistoria.cat\/app\/uploads\/2024\/11\/Sant_Joan_de_Boi_pintures_exterior_DSC9499-768x1134.jpg 768w\" sizes=\"auto, (max-width: 966px) 100vw, 966px\" \/>\n              <figcaption class=\"pt-2 text-gray-800\">Vista de les pintures exteriors de Sant Joan de Bo\u00ed.<\/figcaption>\n          <\/figure>\n  <\/div>\n\n\n<section class=\"element audio-block\">\n  <div class=\"flex flex-col w-full gap-6\">\n    <div class=\"flex flex-col gap-3\">\n      <div class=\"flex gap-6\">\n                          <h2 class=\"text-2xl font-bold\">Les pintures exteriors<\/h2>\n              <\/div>\n          <\/div>\n    <div class=\"flex items-center justify-end gap-3\">\n              <div class=\"flex-1 audio-content\" dir=\"ltr\">\n          <audio id=\"audio-22d0d4bd2927c8342bf2082e9cd01505\" data-label=\"Les pintures exteriors\"\n            data-category=\"SANT-JOAN-DE-BOI-CAT-FAMLIAR-PLAY-2.mp3\" class=\"hidden\" controls\n            src=\"https:\/\/guiesullsdelahistoria.cat\/app\/uploads\/2025\/01\/SANT-JOAN-DE-BOI-CAT-FAMLIAR-PLAY-2.mp3\"><\/audio>\n          <div class=\"flex items-center w-full gap-3 transition-opacity opacity-0 meta\">\n            <progress class=\"flex-1 border-0 appearance-none\" value=\"0\" max=\"1\"><\/progress>\n            <div class=\"text-sm text-center shrink-0 current-time w-9\"><\/div>\n                      <\/div>\n        <\/div>\n            <div class=\"flex flex-col items-center gap-2 shrink-1 audio-control\">\n        <button\n  class=\"flex items-center justify-center w-32 max-w-32 h-32 max-h-32 transition-[max-height,_max-width] bg-darker-accent rounded-full btn text-white\"\n  data-target=\"#audio-22d0d4bd2927c8342bf2082e9cd01505\">\n  <svg width=\"100%\" height=\"100%\" viewBox=\"0 0 36 36\" version=\"1.1\" xmlns=\"http:\/\/www.w3.org\/2000\/svg\" xmlns:xlink=\"http:\/\/www.w3.org\/1999\/xlink\">\n  <path id=\"ytp-12\" d=\"M11,10 L18,13.74 18,22.28 11,26 M18,13.74 L26,18 26,18 18,22.28\" fill=\"currentColor\">\n    <animate id=\"animation\" begin=\"indefinite\" attributeType=\"XML\" attributeName=\"d\" fill=\"freeze\" from=\"M11,10 L17,10 17,26 11,26 M20,10 L26,10 26,26 20,26\" to=\"M11,10 L18,13.74 18,22.28 11,26 M18,13.74 L26,18 26,18 18,22.28\" dur=\"0.1s\" keySplines=\".4 0 1 1\" repeatCount=\"1\" data-play=\"M11,10 L18,13.74 18,22.28 11,26 M18,13.74 L26,18 26,18 18,22.28\" data-pause=\"M11,10 L17,10 17,26 11,26 M20,10 L26,10 26,26 20,26\"><\/animate>\n  <\/path>\n<\/svg>\n<\/button>\n        <p class=\"text-base text-center\">Escolta<\/p>\n      <\/div>\n    <\/div>\n\n    \n          <div class=\"flex flex-wrap justify-between gap-6 md:justify-start\">\n                  <button data-target=\"#transcription-22d0d4bd2927c8342bf2082e9cd01505\" data-toggle=\"modal\" class=\"flex items-center gap-2\">\n            <svg class=\"w-6 h-6\" fill=\"none\" xmlns=\"http:\/\/www.w3.org\/2000\/svg\" viewBox=\"0 0 22 12\"><path d=\"M0 9.873v-6c0-.55.196-1.02.588-1.412A1.926 1.926 0 0 1 2 1.873h2c.55 0 1.02.196 1.412.588.392.391.588.862.588 1.412v6H4v-2H2v2H0Zm2-4h2v-2H2v2Zm6 4v-8h4c.55 0 1.02.196 1.412.588.392.391.588.862.588 1.412v4c0 .55-.196 1.021-.588 1.413A1.926 1.926 0 0 1 12 9.873H8Zm2-2h2v-4h-2v4Zm6.85.8-1.4-1.425c.183-.183.32-.391.413-.625.091-.233.137-.483.137-.75 0-.283-.046-.537-.137-.762a1.85 1.85 0 0 0-.413-.613l1.4-1.45c.367.367.65.792.85 1.275.2.484.3 1 .3 1.55s-.1 1.063-.3 1.538c-.2.475-.483.896-.85 1.262Zm2.825 2.825-1.45-1.375c.55-.55.983-1.187 1.3-1.912A5.775 5.775 0 0 0 20 5.873c0-.85-.158-1.633-.475-2.35a6.217 6.217 0 0 0-1.3-1.9l1.45-1.4a7.94 7.94 0 0 1 1.712 2.55c.409.967.613 2 .613 3.1s-.204 2.13-.613 3.088a7.977 7.977 0 0 1-1.712 2.537Z\" fill=\"#000\"\/><\/svg>            <span>Transcripci\u00f3<\/span>\n          <\/button>\n                      <\/div>\n      <\/div>\n\n      <div id=\"transcription-22d0d4bd2927c8342bf2082e9cd01505\"\n  class=\"fixed inset-0 z-50 hidden w-screen h-screen opacity-0 pointer-events-none modal transcription\"\n  tabindex=\"-1\" role=\"dialog\">\n  <div class=\"absolute w-full h-full bg-black opacity-75 modal-overlay\"><\/div>\n  <div\n    class=\"absolute z-30 w-11\/12 mx-auto overflow-y-auto text-black bg-white shadow-lg modal-container center-xy md:max-w-4xl\"\n    role=\"document\">\n    <div class=\"flex items-center justify-between px-4 py-4 text-gray-700 border-b md:px-8\">\n      <h2 class=\"!mb-0 font-bold\">Transcripci\u00f3<\/h2>\n      <div class=\"z-50 flex flex-col items-center ml-auto cursor-pointer rtl:ml-0 rtl:mr-auto modal-close\">\n        <svg class=\"w-auto h-6\" width=\"18\" height=\"23\" xmlns=\"http:\/\/www.w3.org\/2000\/svg\">\n  <g stroke=\"currentColor\" fill=\"none\" fill-rule=\"evenodd\" stroke-linecap=\"square\">\n    <path d=\"M.7248.974l16.1076 20.6167M16.655 1.2654L.9097 22.1601\" \/>\n  <\/g>\n<\/svg>        <div class=\"hidden\">Close<\/div>\n      <\/div>\n    <\/div>\n    <div class=\"px-4 py-8 overflow-y-auto max-h-modal md:px-8 modal-content\">\n      <div class=\"mb-8 flex flex-col gap-1.5\">\n                      <h3 class=\"text-xl font-bold\">Les pintures exteriors<\/h3>\n                            <\/div>\n            <p>De l\u2019esgl\u00e9sia de Sant Joan de Bo\u00ed, el que crida m\u00e9s l\u2019atenci\u00f3, i que ja deus haver vist, s\u00f3n les pintures murals de la fa\u00e7ana de la porta. Has de saber, per\u00f2, que aquestes pintures que veus s\u00f3n una c\u00f2pia, perqu\u00e8 les originals, igual que les de dins de l\u2019esgl\u00e9sia, les van arrencar per conservar-les i actualment s\u00f3n al MNAC, un museu de Barcelona.<br \/>\nI qu\u00e8 ens explica aquest mural? Doncs \u00e9s una visi\u00f3 de D\u00e9u davant d\u2019un grup de persones. I on \u00e9s D\u00e9u, et deus preguntar? Doncs D\u00e9u era dins l\u2019espai circular del centre, per\u00f2 no dibuixat com els altres personatges, sin\u00f3 representat per les seves inicials en grec. D\u2019aix\u00f2 se\u2019n diu un crism\u00f3. A la banda esquerra d\u2019aquesta escena hi ha un sant amb un llibre a la m\u00e0; a l\u2019altra, tres personatges que contemplen la visi\u00f3 central de D\u00e9u. Veur\u00e0s que s\u00f3n tres pels peus i les cames, i del cap del tercer en queda un fragment petit. I, finalment, una sanefa emmarca tot el conjunt.<br \/>\nFa anys, aquesta fa\u00e7ana estava protegida per un porxo que va ser enderrocat en algun moment. Aquest porxo protegia les persones del sol, de la pluja i de la neu mentre esperaven per entrar a l\u2019esgl\u00e9sia o per altres actes que se celebraven a l\u2019exterior. El porxo, a m\u00e9s, tenia una funci\u00f3 simb\u00f2lica: era l\u2019espai que separava el m\u00f3n terrenal de la casa de D\u00e9u, un lloc sagrat.<br \/>\nPer\u00f2 aquesta paret encara guarda un altre tresor. A un costat i l\u2019altre de la porta, sobre l\u2019arrebossat de color blanc crema, algunes persones hi van fer uns grafits amb algun objecte punxegut. Els veus? Si t\u2019hi fixes, trobar\u00e0s castells, cavalls, estrelles i, fins i tot, un soldat tocant el corn. Com passa amb les pintures, els grafits tamb\u00e9 s\u00f3n una c\u00f2pia.<br \/>\nSi mires m\u00e9s a l\u2019esquerra d\u2019aquest mateix mur, encara trobar\u00e0s altres grafits, com una mena de raigs de sol o algun cavall m\u00e9s. Ves a veure quants en trobes i mira si ets capa\u00e7 d\u2019entendre\u2019ls.  <\/p>\n<p><em>So d\u2019interfer\u00e8ncies.<\/em><br \/>\n<strong>Nen<\/strong> (nervi\u00f3s): Vols parar?<br \/>\n<strong>Nena:<\/strong> Mira aquest cavall: el va fer la meva mare. I aquest soldat sobre el castell, tamb\u00e9.<br \/>\n<strong>Nen:<\/strong> Els soldats no s\u00f3n aix\u00ed.<br \/>\n<strong>Nena:<\/strong> Aquest soldat toca la trompeta. Aviat hi haur\u00e0 una batalla.<br \/>\n<strong>Nen:<\/strong> Tu no hi dibuixis res! Si et veu el moss\u00e8n s\u2019enfadar\u00e0.<br \/>\n<strong>Nena:<\/strong> Hi far\u00e9 unes ratlles, aqu\u00ed. Seran com uns raigs de sol.<br \/>\n<strong>Nen<\/strong> (molt nervi\u00f3s): Vigila, que surt el moss\u00e8n!<br \/>\n<em>So d\u2019interfer\u00e8ncies.<\/em><\/p>\n<p>Tots aquests grafits s\u00f3n molt importants perqu\u00e8 ens permeten saber com dibuixaven les persones d\u2019altres temps. Tu qu\u00e8 en penses?<br \/>\nPer continuar la visita, ves a dins per la porta de la fa\u00e7ana de la teva dreta. La porta que tens davant era l\u2019entrada original, per\u00f2 fa temps que no es fa servir. <\/p>\n    <\/div>\n  <\/div>\n<\/div>\n    <\/section>\n\n\n<div class=\"flex flex-col gap-3 element text-block\">\n  <div class=\"flex items-center gap-6\">\n              <h2 class=\"text-2xl font-bold\">5d Base de la nau central<\/h2>\n      <\/div>\n    <\/div>\n\n\n<div class=\"flex flex-col gap-6 element image-block\">\n  <div class=\"flex flex-col gap-3\">\n      <\/div>\n      <figure>\n      <img loading=\"lazy\" decoding=\"async\" width=\"1452\" height=\"966\" src=\"https:\/\/guiesullsdelahistoria.cat\/app\/uploads\/2024\/11\/Sant_Joan_de_Boi_pintures_nau_esquerra_DSC2177.jpg\" class=\"w-full h-auto\" alt=\"Conjunt de pintures murals de la nau esquerra mirant cap a l\u2019altar de l\u2019interior de l\u2019esgl\u00e9sia de Sant Joan de Bo\u00ed.\" srcset=\"https:\/\/guiesullsdelahistoria.cat\/app\/uploads\/2024\/11\/Sant_Joan_de_Boi_pintures_nau_esquerra_DSC2177.jpg 1452w, https:\/\/guiesullsdelahistoria.cat\/app\/uploads\/2024\/11\/Sant_Joan_de_Boi_pintures_nau_esquerra_DSC2177-300x200.jpg 300w, https:\/\/guiesullsdelahistoria.cat\/app\/uploads\/2024\/11\/Sant_Joan_de_Boi_pintures_nau_esquerra_DSC2177-1024x681.jpg 1024w, https:\/\/guiesullsdelahistoria.cat\/app\/uploads\/2024\/11\/Sant_Joan_de_Boi_pintures_nau_esquerra_DSC2177-768x511.jpg 768w\" sizes=\"auto, (max-width: 1452px) 100vw, 1452px\" \/>\n              <figcaption class=\"pt-2 text-gray-800\">Pintures a l\u2019interior d\u2019una de les naus de Sant Joan de Bo\u00ed.<\/figcaption>\n          <\/figure>\n  <\/div>\n\n\n<section class=\"element audio-block\">\n  <div class=\"flex flex-col w-full gap-6\">\n    <div class=\"flex flex-col gap-3\">\n      <div class=\"flex gap-6\">\n                          <h2 class=\"text-2xl font-bold\">La funci\u00f3 de les pintures<\/h2>\n              <\/div>\n          <\/div>\n    <div class=\"flex items-center justify-end gap-3\">\n              <div class=\"flex-1 audio-content\" dir=\"ltr\">\n          <audio id=\"audio-02844851d4b222b9b03326b54684089c\" data-label=\"La funci\u00f3 de les pintures\"\n            data-category=\"SANT-JOAN-DE-BOI-CAT-FAMLIAR-PLAY-3.mp3\" class=\"hidden\" controls\n            src=\"https:\/\/guiesullsdelahistoria.cat\/app\/uploads\/2025\/01\/SANT-JOAN-DE-BOI-CAT-FAMLIAR-PLAY-3.mp3\"><\/audio>\n          <div class=\"flex items-center w-full gap-3 transition-opacity opacity-0 meta\">\n            <progress class=\"flex-1 border-0 appearance-none\" value=\"0\" max=\"1\"><\/progress>\n            <div class=\"text-sm text-center shrink-0 current-time w-9\"><\/div>\n                      <\/div>\n        <\/div>\n            <div class=\"flex flex-col items-center gap-2 shrink-1 audio-control\">\n        <button\n  class=\"flex items-center justify-center w-32 max-w-32 h-32 max-h-32 transition-[max-height,_max-width] bg-darker-accent rounded-full btn text-white\"\n  data-target=\"#audio-02844851d4b222b9b03326b54684089c\">\n  <svg width=\"100%\" height=\"100%\" viewBox=\"0 0 36 36\" version=\"1.1\" xmlns=\"http:\/\/www.w3.org\/2000\/svg\" xmlns:xlink=\"http:\/\/www.w3.org\/1999\/xlink\">\n  <path id=\"ytp-12\" d=\"M11,10 L18,13.74 18,22.28 11,26 M18,13.74 L26,18 26,18 18,22.28\" fill=\"currentColor\">\n    <animate id=\"animation\" begin=\"indefinite\" attributeType=\"XML\" attributeName=\"d\" fill=\"freeze\" from=\"M11,10 L17,10 17,26 11,26 M20,10 L26,10 26,26 20,26\" to=\"M11,10 L18,13.74 18,22.28 11,26 M18,13.74 L26,18 26,18 18,22.28\" dur=\"0.1s\" keySplines=\".4 0 1 1\" repeatCount=\"1\" data-play=\"M11,10 L18,13.74 18,22.28 11,26 M18,13.74 L26,18 26,18 18,22.28\" data-pause=\"M11,10 L17,10 17,26 11,26 M20,10 L26,10 26,26 20,26\"><\/animate>\n  <\/path>\n<\/svg>\n<\/button>\n        <p class=\"text-base text-center\">Escolta<\/p>\n      <\/div>\n    <\/div>\n\n    \n          <div class=\"flex flex-wrap justify-between gap-6 md:justify-start\">\n                  <button data-target=\"#transcription-02844851d4b222b9b03326b54684089c\" data-toggle=\"modal\" class=\"flex items-center gap-2\">\n            <svg class=\"w-6 h-6\" fill=\"none\" xmlns=\"http:\/\/www.w3.org\/2000\/svg\" viewBox=\"0 0 22 12\"><path d=\"M0 9.873v-6c0-.55.196-1.02.588-1.412A1.926 1.926 0 0 1 2 1.873h2c.55 0 1.02.196 1.412.588.392.391.588.862.588 1.412v6H4v-2H2v2H0Zm2-4h2v-2H2v2Zm6 4v-8h4c.55 0 1.02.196 1.412.588.392.391.588.862.588 1.412v4c0 .55-.196 1.021-.588 1.413A1.926 1.926 0 0 1 12 9.873H8Zm2-2h2v-4h-2v4Zm6.85.8-1.4-1.425c.183-.183.32-.391.413-.625.091-.233.137-.483.137-.75 0-.283-.046-.537-.137-.762a1.85 1.85 0 0 0-.413-.613l1.4-1.45c.367.367.65.792.85 1.275.2.484.3 1 .3 1.55s-.1 1.063-.3 1.538c-.2.475-.483.896-.85 1.262Zm2.825 2.825-1.45-1.375c.55-.55.983-1.187 1.3-1.912A5.775 5.775 0 0 0 20 5.873c0-.85-.158-1.633-.475-2.35a6.217 6.217 0 0 0-1.3-1.9l1.45-1.4a7.94 7.94 0 0 1 1.712 2.55c.409.967.613 2 .613 3.1s-.204 2.13-.613 3.088a7.977 7.977 0 0 1-1.712 2.537Z\" fill=\"#000\"\/><\/svg>            <span>Transcripci\u00f3<\/span>\n          <\/button>\n                      <\/div>\n      <\/div>\n\n      <div id=\"transcription-02844851d4b222b9b03326b54684089c\"\n  class=\"fixed inset-0 z-50 hidden w-screen h-screen opacity-0 pointer-events-none modal transcription\"\n  tabindex=\"-1\" role=\"dialog\">\n  <div class=\"absolute w-full h-full bg-black opacity-75 modal-overlay\"><\/div>\n  <div\n    class=\"absolute z-30 w-11\/12 mx-auto overflow-y-auto text-black bg-white shadow-lg modal-container center-xy md:max-w-4xl\"\n    role=\"document\">\n    <div class=\"flex items-center justify-between px-4 py-4 text-gray-700 border-b md:px-8\">\n      <h2 class=\"!mb-0 font-bold\">Transcripci\u00f3<\/h2>\n      <div class=\"z-50 flex flex-col items-center ml-auto cursor-pointer rtl:ml-0 rtl:mr-auto modal-close\">\n        <svg class=\"w-auto h-6\" width=\"18\" height=\"23\" xmlns=\"http:\/\/www.w3.org\/2000\/svg\">\n  <g stroke=\"currentColor\" fill=\"none\" fill-rule=\"evenodd\" stroke-linecap=\"square\">\n    <path d=\"M.7248.974l16.1076 20.6167M16.655 1.2654L.9097 22.1601\" \/>\n  <\/g>\n<\/svg>        <div class=\"hidden\">Close<\/div>\n      <\/div>\n    <\/div>\n    <div class=\"px-4 py-8 overflow-y-auto max-h-modal md:px-8 modal-content\">\n      <div class=\"mb-8 flex flex-col gap-1.5\">\n                      <h3 class=\"text-xl font-bold\">La funci\u00f3 de les pintures<\/h3>\n                            <\/div>\n            <p>Has vist quantes pintures? I quins colors m\u00e9s vius, oi? Per\u00f2 potser et demanes quin sentit tenien totes aquestes pintures. Eren nom\u00e9s per decorar l\u2019esgl\u00e9sia o tenien alguna altra funci\u00f3? A l\u2019edat mitjana les pintures murals eren molt importants, perqu\u00e8 servien per ensenyar a la gent del poble, que majorit\u00e0riament no sabia llegir, com s\u2019havien de comportar.<br \/>\nPer exemple, se\u2019ls mostraven escenes de la vida dels sants com a model. Si vas al final de la nau de l\u2019esquerra, per darrere de les columnes, i mires a la part de dalt de la dreta, veur\u00e0s la lapidaci\u00f3 de sant Esteve. Al pobre home li van tirar pedres per fer-li canviar les idees, per\u00f2 ell es va mantenir ferm. Representa la fortalesa i la convicci\u00f3 de la fe.<br \/>\nLa seg\u00fcent escena destacada la tens al mur de la teva esquerra mirant a l\u2019altar. \u00c9s l\u2019escena dels joglars, protagonitzada per un m\u00fasic, un malabarista de boles i ganivets, i un equilibrista, que, penjat de cap per avall, pret\u00e9n agafar les espases amb la boca.<br \/>\nAquesta escena \u00e9s una representaci\u00f3 de la festa i la celebraci\u00f3 al cel, de m\u00fasica i d\u2019alegria. Per\u00f2 tamb\u00e9 podria tenir relaci\u00f3 amb la consagraci\u00f3 de l\u2019esgl\u00e9sia, la festa que es feia per convertir-la en un lloc sagrat.<br \/>\nAra, fixa\u2019t en els animals que hi ha dibuixats per les parets i les arcades. Quants n\u2019has vist? Hi ha un elefant, una pantera, un camell&#8230; Creus que eren animals que hi havia a la Vall de Bo\u00ed en aquella \u00e8poca? La majoria, no, \u00e9s clar. Eren animals de terres llunyanes i, alguns, imaginaris, que la religi\u00f3 havia agafat com a exemple de les coses bones i de les dolentes de les persones.<br \/>\nVols veure com es va pintar aquesta esgl\u00e9sia? Prem el recurs virtual i descobrir\u00e0s com treballaven els mestres al segle XII. Despr\u00e9s ves cap a l\u2019entrada i col\u00b7loca\u2019t a la nau de l\u2019esquerra, mirant cap a la porta.<\/p>\n    <\/div>\n  <\/div>\n<\/div>\n    <\/section>\n\n\n<div class=\"flex flex-col gap-3 element interactive-block\">\n  <div class=\"flex items-center gap-6\">\n              <h2 class=\"text-2xl font-bold\">Recurs virtual: Recreaci\u00f3 de 360\u2070 de l\u2019interior de l\u2019esgl\u00e9sia al segle XII<\/h2>\n      <\/div>\n          <div class=\"flex justify-end w-full\">\n      <div class=\"flex flex-col items-center gap-2 shrink-1\">\n        <button data-target=\"#embed-69f5c6719c9aa\" data-toggle=\"modal\"\n          class=\"flex items-center justify-center w-32 h-32 text-white rounded-full bg-darker-accent\">\n          <svg class=\"w-16 h-auto\" width=\"60\" height=\"61\" viewBox=\"0 0 60 61\" fill=\"none\" xmlns=\"http:\/\/www.w3.org\/2000\/svg\">\n  <mask id=\"mask0_3878_987\" style=\"mask-type:alpha\" maskUnits=\"userSpaceOnUse\" x=\"0\" y=\"0\" width=\"60\" height=\"61\">\n    <rect y=\"0.873047\" width=\"60\" height=\"60\" fill=\"white\" \/>\n  <\/mask>\n  <g mask=\"url(#mask0_3878_987)\">\n    <path\n      d=\"M21 49.873L16.8 45.673L22.05 40.273C15.65 39.423 10.375 37.673 6.225 35.023C2.075 32.373 0 29.323 0 25.873C0 21.723 2.8875 18.1855 8.6625 15.2605C14.4375 12.3355 21.55 10.873 30 10.873C38.45 10.873 45.5625 12.3355 51.3375 15.2605C57.1125 18.1855 60 21.723 60 25.873C60 28.973 58.3375 31.748 55.0125 34.198C51.6875 36.648 47.35 38.473 42 39.673V33.523C45.85 32.523 48.8125 31.2855 50.8875 29.8105C52.9625 28.3355 54 27.023 54 25.873C54 24.273 51.8625 22.373 47.5875 20.173C43.3125 17.973 37.45 16.873 30 16.873C22.55 16.873 16.6875 17.973 12.4125 20.173C8.1375 22.373 6 24.273 6 25.873C6 27.073 7.275 28.5105 9.825 30.1855C12.375 31.8605 16 33.123 20.7 33.973L16.8 30.073L21 25.873L33 37.873L21 49.873Z\"\n      fill=\"currentColor\" \/>\n  <\/g>\n<\/svg>\n        <\/button>\n                  <p class=\"text-base text-center\">Mira<\/p>\n              <\/div>\n    <\/div>\n    <div id=\"embed-69f5c6719c9aa\"\n  class=\"fixed inset-0 z-50 hidden w-screen h-screen opacity-0 pointer-events-none modal embed-container\"\n  tabindex=\"-1\" role=\"dialog\">\n  <div class=\"absolute w-full h-full bg-black opacity-75 modal-overlay\"><\/div>\n  <div\n    class=\"absolute z-30 w-11\/12 mx-auto overflow-y-auto text-black bg-white shadow-lg modal-container center-xy md:max-w-4xl\"\n    role=\"document\">\n    <div class=\"flex items-center justify-between px-4 py-4 text-gray-700 border-b md:px-8\">\n      <h2 class=\"!mb-0 font-bold\">Mira<\/h2>\n      <div class=\"z-50 flex flex-col items-center ml-auto cursor-pointer rtl:ml-0 rtl:mr-auto modal-close\">\n        <svg class=\"w-auto h-6\" width=\"18\" height=\"23\" xmlns=\"http:\/\/www.w3.org\/2000\/svg\">\n  <g stroke=\"currentColor\" fill=\"none\" fill-rule=\"evenodd\" stroke-linecap=\"square\">\n    <path d=\"M.7248.974l16.1076 20.6167M16.655 1.2654L.9097 22.1601\" \/>\n  <\/g>\n<\/svg>        <div class=\"hidden\">Close<\/div>\n      <\/div>\n    <\/div>\n    <div class=\"px-4 py-8 overflow-y-auto max-h-modal md:px-8 modal-content\">\n      <p><iframe loading=\"lazy\" src=\"https:\/\/guiesullsdelahistoria.cat\/static\/360-boi\/index.htm\" width=\"1920\" height=\"1080\" frameborder=\"0\"><\/iframe><\/p>\n    <\/div>\n  <\/div>\n<\/div>\n  <\/div>\n\n\n<div class=\"flex flex-col gap-3 element text-block\">\n  <div class=\"flex items-center gap-6\">\n              <h2 class=\"text-2xl font-bold\">5e Base de la nau lateral<\/h2>\n      <\/div>\n    <\/div>\n\n\n<div class=\"flex flex-col gap-6 element image-block\">\n  <div class=\"flex flex-col gap-3\">\n      <\/div>\n      <figure>\n      <img loading=\"lazy\" decoding=\"async\" width=\"1600\" height=\"1078\" src=\"https:\/\/guiesullsdelahistoria.cat\/app\/uploads\/2024\/11\/Sant_Joan_de_Boi_imatge_monstre_apocaliptic.jpg\" class=\"w-full h-auto\" alt=\"Fragment original d\u2019una pintura de l\u2019esgl\u00e9sia de Sant Joan de Bo\u00ed, que representa una b\u00e8stia amb set caps, exposada al MNAC.\" srcset=\"https:\/\/guiesullsdelahistoria.cat\/app\/uploads\/2024\/11\/Sant_Joan_de_Boi_imatge_monstre_apocaliptic.jpg 1600w, https:\/\/guiesullsdelahistoria.cat\/app\/uploads\/2024\/11\/Sant_Joan_de_Boi_imatge_monstre_apocaliptic-300x202.jpg 300w, https:\/\/guiesullsdelahistoria.cat\/app\/uploads\/2024\/11\/Sant_Joan_de_Boi_imatge_monstre_apocaliptic-1024x690.jpg 1024w, https:\/\/guiesullsdelahistoria.cat\/app\/uploads\/2024\/11\/Sant_Joan_de_Boi_imatge_monstre_apocaliptic-768x517.jpg 768w, https:\/\/guiesullsdelahistoria.cat\/app\/uploads\/2024\/11\/Sant_Joan_de_Boi_imatge_monstre_apocaliptic-1536x1035.jpg 1536w\" sizes=\"auto, (max-width: 1600px) 100vw, 1600px\" \/>\n              <figcaption class=\"pt-2 text-gray-800\">Pintura original de la b\u00e8stia apocal\u00edptica de Sant Joan de Bo\u00ed conservada al Museu Nacional d\u2019Art de Catalunya.<\/figcaption>\n          <\/figure>\n  <\/div>\n\n\n<section class=\"element audio-block\">\n  <div class=\"flex flex-col w-full gap-6\">\n    <div class=\"flex flex-col gap-3\">\n      <div class=\"flex gap-6\">\n                          <h2 class=\"text-2xl font-bold\">El monstre de l\u2019apocalipsi i el pecador<\/h2>\n              <\/div>\n          <\/div>\n    <div class=\"flex items-center justify-end gap-3\">\n              <div class=\"flex-1 audio-content\" dir=\"ltr\">\n          <audio id=\"audio-8df1edae10f4be7eed4a06e7d6362ad8\" data-label=\"El monstre de l\u2019apocalipsi i el pecador\"\n            data-category=\"SANT-JOAN-DE-BOI-CAT-FAMLIAR-PLAY-4.mp3\" class=\"hidden\" controls\n            src=\"https:\/\/guiesullsdelahistoria.cat\/app\/uploads\/2025\/01\/SANT-JOAN-DE-BOI-CAT-FAMLIAR-PLAY-4.mp3\"><\/audio>\n          <div class=\"flex items-center w-full gap-3 transition-opacity opacity-0 meta\">\n            <progress class=\"flex-1 border-0 appearance-none\" value=\"0\" max=\"1\"><\/progress>\n            <div class=\"text-sm text-center shrink-0 current-time w-9\"><\/div>\n                      <\/div>\n        <\/div>\n            <div class=\"flex flex-col items-center gap-2 shrink-1 audio-control\">\n        <button\n  class=\"flex items-center justify-center w-32 max-w-32 h-32 max-h-32 transition-[max-height,_max-width] bg-darker-accent rounded-full btn text-white\"\n  data-target=\"#audio-8df1edae10f4be7eed4a06e7d6362ad8\">\n  <svg width=\"100%\" height=\"100%\" viewBox=\"0 0 36 36\" version=\"1.1\" xmlns=\"http:\/\/www.w3.org\/2000\/svg\" xmlns:xlink=\"http:\/\/www.w3.org\/1999\/xlink\">\n  <path id=\"ytp-12\" d=\"M11,10 L18,13.74 18,22.28 11,26 M18,13.74 L26,18 26,18 18,22.28\" fill=\"currentColor\">\n    <animate id=\"animation\" begin=\"indefinite\" attributeType=\"XML\" attributeName=\"d\" fill=\"freeze\" from=\"M11,10 L17,10 17,26 11,26 M20,10 L26,10 26,26 20,26\" to=\"M11,10 L18,13.74 18,22.28 11,26 M18,13.74 L26,18 26,18 18,22.28\" dur=\"0.1s\" keySplines=\".4 0 1 1\" repeatCount=\"1\" data-play=\"M11,10 L18,13.74 18,22.28 11,26 M18,13.74 L26,18 26,18 18,22.28\" data-pause=\"M11,10 L17,10 17,26 11,26 M20,10 L26,10 26,26 20,26\"><\/animate>\n  <\/path>\n<\/svg>\n<\/button>\n        <p class=\"text-base text-center\">Escolta<\/p>\n      <\/div>\n    <\/div>\n\n    \n          <div class=\"flex flex-wrap justify-between gap-6 md:justify-start\">\n                  <button data-target=\"#transcription-8df1edae10f4be7eed4a06e7d6362ad8\" data-toggle=\"modal\" class=\"flex items-center gap-2\">\n            <svg class=\"w-6 h-6\" fill=\"none\" xmlns=\"http:\/\/www.w3.org\/2000\/svg\" viewBox=\"0 0 22 12\"><path d=\"M0 9.873v-6c0-.55.196-1.02.588-1.412A1.926 1.926 0 0 1 2 1.873h2c.55 0 1.02.196 1.412.588.392.391.588.862.588 1.412v6H4v-2H2v2H0Zm2-4h2v-2H2v2Zm6 4v-8h4c.55 0 1.02.196 1.412.588.392.391.588.862.588 1.412v4c0 .55-.196 1.021-.588 1.413A1.926 1.926 0 0 1 12 9.873H8Zm2-2h2v-4h-2v4Zm6.85.8-1.4-1.425c.183-.183.32-.391.413-.625.091-.233.137-.483.137-.75 0-.283-.046-.537-.137-.762a1.85 1.85 0 0 0-.413-.613l1.4-1.45c.367.367.65.792.85 1.275.2.484.3 1 .3 1.55s-.1 1.063-.3 1.538c-.2.475-.483.896-.85 1.262Zm2.825 2.825-1.45-1.375c.55-.55.983-1.187 1.3-1.912A5.775 5.775 0 0 0 20 5.873c0-.85-.158-1.633-.475-2.35a6.217 6.217 0 0 0-1.3-1.9l1.45-1.4a7.94 7.94 0 0 1 1.712 2.55c.409.967.613 2 .613 3.1s-.204 2.13-.613 3.088a7.977 7.977 0 0 1-1.712 2.537Z\" fill=\"#000\"\/><\/svg>            <span>Transcripci\u00f3<\/span>\n          <\/button>\n                      <\/div>\n      <\/div>\n\n      <div id=\"transcription-8df1edae10f4be7eed4a06e7d6362ad8\"\n  class=\"fixed inset-0 z-50 hidden w-screen h-screen opacity-0 pointer-events-none modal transcription\"\n  tabindex=\"-1\" role=\"dialog\">\n  <div class=\"absolute w-full h-full bg-black opacity-75 modal-overlay\"><\/div>\n  <div\n    class=\"absolute z-30 w-11\/12 mx-auto overflow-y-auto text-black bg-white shadow-lg modal-container center-xy md:max-w-4xl\"\n    role=\"document\">\n    <div class=\"flex items-center justify-between px-4 py-4 text-gray-700 border-b md:px-8\">\n      <h2 class=\"!mb-0 font-bold\">Transcripci\u00f3<\/h2>\n      <div class=\"z-50 flex flex-col items-center ml-auto cursor-pointer rtl:ml-0 rtl:mr-auto modal-close\">\n        <svg class=\"w-auto h-6\" width=\"18\" height=\"23\" xmlns=\"http:\/\/www.w3.org\/2000\/svg\">\n  <g stroke=\"currentColor\" fill=\"none\" fill-rule=\"evenodd\" stroke-linecap=\"square\">\n    <path d=\"M.7248.974l16.1076 20.6167M16.655 1.2654L.9097 22.1601\" \/>\n  <\/g>\n<\/svg>        <div class=\"hidden\">Close<\/div>\n      <\/div>\n    <\/div>\n    <div class=\"px-4 py-8 overflow-y-auto max-h-modal md:px-8 modal-content\">\n      <div class=\"mb-8 flex flex-col gap-1.5\">\n                      <h3 class=\"text-xl font-bold\">El monstre de l\u2019apocalipsi i el pecador<\/h3>\n                            <\/div>\n            <p>Al mur del fons de l\u2019esgl\u00e9sia hi tens una altra b\u00e8stia: un monstre de set caps i deu banyes que parla de la fi del m\u00f3n. A veure si el trobes!<br \/>\nI encara hi ha una altra escena que crida for\u00e7a l\u2019atenci\u00f3 i que potser ja has vist. Si et poses d\u2019esquena al monstre de set caps i mires cap amunt, a dins del segon arc hi veur\u00e0s el pecador. \u00c9s un personatge amb una pr\u00f2tesi a la cama i mig despullat. Aquest personatge est\u00e0 tocant-se els genitals i simbolitzava el sexe, una cosa molt mal vista per la religi\u00f3. La pintura vindria a dir que els defectes de l\u2019interior de la persona tamb\u00e9 es deixen veure a l\u2019exterior. Avui, per sort, ja no es consideren defectes ni els uns, ni els altres.   <\/p>\n    <\/div>\n  <\/div>\n<\/div>\n    <\/section>\n\n\n<div class=\"flex flex-col gap-3 element text-block\">\n  <div class=\"flex items-center gap-6\">\n              <h2 class=\"text-2xl font-bold\">5f T\u2019hi esperem!<\/h2>\n      <\/div>\n    <\/div>\n\n\n<section class=\"element audio-block\">\n  <div class=\"flex flex-col w-full gap-6\">\n    <div class=\"flex flex-col gap-3\">\n      <div class=\"flex gap-6\">\n                          <h2 class=\"text-2xl font-bold\">La visita continua<\/h2>\n              <\/div>\n          <\/div>\n    <div class=\"flex items-center justify-end gap-3\">\n              <div class=\"flex-1 audio-content\" dir=\"ltr\">\n          <audio id=\"audio-b27efaec57c5998a142ed7f080835cd1\" data-label=\"La visita continua\"\n            data-category=\"SANT-JOAN-DE-BOI-CAT-FAMLIAR-PLAY-CLOENDA.mp3\" class=\"hidden\" controls\n            src=\"https:\/\/guiesullsdelahistoria.cat\/app\/uploads\/2025\/01\/SANT-JOAN-DE-BOI-CAT-FAMLIAR-PLAY-CLOENDA.mp3\"><\/audio>\n          <div class=\"flex items-center w-full gap-3 transition-opacity opacity-0 meta\">\n            <progress class=\"flex-1 border-0 appearance-none\" value=\"0\" max=\"1\"><\/progress>\n            <div class=\"text-sm text-center shrink-0 current-time w-9\"><\/div>\n                      <\/div>\n        <\/div>\n            <div class=\"flex flex-col items-center gap-2 shrink-1 audio-control\">\n        <button\n  class=\"flex items-center justify-center w-32 max-w-32 h-32 max-h-32 transition-[max-height,_max-width] bg-darker-accent rounded-full btn text-white\"\n  data-target=\"#audio-b27efaec57c5998a142ed7f080835cd1\">\n  <svg width=\"100%\" height=\"100%\" viewBox=\"0 0 36 36\" version=\"1.1\" xmlns=\"http:\/\/www.w3.org\/2000\/svg\" xmlns:xlink=\"http:\/\/www.w3.org\/1999\/xlink\">\n  <path id=\"ytp-12\" d=\"M11,10 L18,13.74 18,22.28 11,26 M18,13.74 L26,18 26,18 18,22.28\" fill=\"currentColor\">\n    <animate id=\"animation\" begin=\"indefinite\" attributeType=\"XML\" attributeName=\"d\" fill=\"freeze\" from=\"M11,10 L17,10 17,26 11,26 M20,10 L26,10 26,26 20,26\" to=\"M11,10 L18,13.74 18,22.28 11,26 M18,13.74 L26,18 26,18 18,22.28\" dur=\"0.1s\" keySplines=\".4 0 1 1\" repeatCount=\"1\" data-play=\"M11,10 L18,13.74 18,22.28 11,26 M18,13.74 L26,18 26,18 18,22.28\" data-pause=\"M11,10 L17,10 17,26 11,26 M20,10 L26,10 26,26 20,26\"><\/animate>\n  <\/path>\n<\/svg>\n<\/button>\n        <p class=\"text-base text-center\">Escolta<\/p>\n      <\/div>\n    <\/div>\n\n    \n          <div class=\"flex flex-wrap justify-between gap-6 md:justify-start\">\n                  <button data-target=\"#transcription-b27efaec57c5998a142ed7f080835cd1\" data-toggle=\"modal\" class=\"flex items-center gap-2\">\n            <svg class=\"w-6 h-6\" fill=\"none\" xmlns=\"http:\/\/www.w3.org\/2000\/svg\" viewBox=\"0 0 22 12\"><path d=\"M0 9.873v-6c0-.55.196-1.02.588-1.412A1.926 1.926 0 0 1 2 1.873h2c.55 0 1.02.196 1.412.588.392.391.588.862.588 1.412v6H4v-2H2v2H0Zm2-4h2v-2H2v2Zm6 4v-8h4c.55 0 1.02.196 1.412.588.392.391.588.862.588 1.412v4c0 .55-.196 1.021-.588 1.413A1.926 1.926 0 0 1 12 9.873H8Zm2-2h2v-4h-2v4Zm6.85.8-1.4-1.425c.183-.183.32-.391.413-.625.091-.233.137-.483.137-.75 0-.283-.046-.537-.137-.762a1.85 1.85 0 0 0-.413-.613l1.4-1.45c.367.367.65.792.85 1.275.2.484.3 1 .3 1.55s-.1 1.063-.3 1.538c-.2.475-.483.896-.85 1.262Zm2.825 2.825-1.45-1.375c.55-.55.983-1.187 1.3-1.912A5.775 5.775 0 0 0 20 5.873c0-.85-.158-1.633-.475-2.35a6.217 6.217 0 0 0-1.3-1.9l1.45-1.4a7.94 7.94 0 0 1 1.712 2.55c.409.967.613 2 .613 3.1s-.204 2.13-.613 3.088a7.977 7.977 0 0 1-1.712 2.537Z\" fill=\"#000\"\/><\/svg>            <span>Transcripci\u00f3<\/span>\n          <\/button>\n                      <\/div>\n      <\/div>\n\n      <div id=\"transcription-b27efaec57c5998a142ed7f080835cd1\"\n  class=\"fixed inset-0 z-50 hidden w-screen h-screen opacity-0 pointer-events-none modal transcription\"\n  tabindex=\"-1\" role=\"dialog\">\n  <div class=\"absolute w-full h-full bg-black opacity-75 modal-overlay\"><\/div>\n  <div\n    class=\"absolute z-30 w-11\/12 mx-auto overflow-y-auto text-black bg-white shadow-lg modal-container center-xy md:max-w-4xl\"\n    role=\"document\">\n    <div class=\"flex items-center justify-between px-4 py-4 text-gray-700 border-b md:px-8\">\n      <h2 class=\"!mb-0 font-bold\">Transcripci\u00f3<\/h2>\n      <div class=\"z-50 flex flex-col items-center ml-auto cursor-pointer rtl:ml-0 rtl:mr-auto modal-close\">\n        <svg class=\"w-auto h-6\" width=\"18\" height=\"23\" xmlns=\"http:\/\/www.w3.org\/2000\/svg\">\n  <g stroke=\"currentColor\" fill=\"none\" fill-rule=\"evenodd\" stroke-linecap=\"square\">\n    <path d=\"M.7248.974l16.1076 20.6167M16.655 1.2654L.9097 22.1601\" \/>\n  <\/g>\n<\/svg>        <div class=\"hidden\">Close<\/div>\n      <\/div>\n    <\/div>\n    <div class=\"px-4 py-8 overflow-y-auto max-h-modal md:px-8 modal-content\">\n      <div class=\"mb-8 flex flex-col gap-1.5\">\n                      <h3 class=\"text-xl font-bold\">La visita continua<\/h3>\n                            <\/div>\n            <p>Aqu\u00ed s\u2019acaba la visita a l\u2019esgl\u00e9sia. Ara et convidem a con\u00e8ixer les altres, que constitueixen el Conjunt Rom\u00e0nic de la Vall de Bo\u00ed. T\u2019hi esperem!<\/p>\n    <\/div>\n  <\/div>\n<\/div>\n    <\/section>\n\n\n<div class=\"flex flex-col gap-3 element text-block\">\n  <div class=\"flex items-center gap-6\">\n              <h2 class=\"text-2xl font-bold\">Cloenda<\/h2>\n      <\/div>\n        <div class=\"prose prose-lg\"><p><em>\u201cEls Ulls de la Hist\u00f2ria. Una mirada immersiva sobre el patrimoni\u201d<\/em> \u00e9s una iniciativa de l\u2019Ag\u00e8ncia Catalana del Patrimoni Cultural. Un projecte que incorpora altres veus i altres mirades sobre el nostre passat. Perqu\u00e8 totes i tots fem hist\u00f2ria.<\/p>\n<\/div>\n  <\/div>\n\n<\/div>\n      <\/div>\n    <\/div>\n  <\/section>\n\n\n<section class=\"container overflow-hidden section\" id=\"section-69f5c671b3218\" data-title=\"6. Sant Quirc de Durro\">\n    <div class=\"relative z-10 w-full -mb-8 section-pictogram\">\n            <div class=\"flex h-40 text-darker-accent justify-end\">\n        <svg class=\"w-auto h-full\" width=\"172\" height=\"173\" viewBox=\"0 0 172 173\" fill=\"none\" xmlns=\"http:\/\/www.w3.org\/2000\/svg\">\n  <path\n    d=\"M90.4805 87.4346C90.4805 87.4346 106.703 94.7105 106.703 119.382C106.703 147.566 90.4805 158.135 90.4805 158.135H106.703\"\n    stroke=\"currentColor\" stroke-width=\"2\" stroke-miterlimit=\"10\" stroke-linecap=\"round\" \/>\n  <path\n    d=\"M81.8516 87.4346C81.8516 87.4346 65.6289 94.7105 65.6289 119.382C65.6289 147.566 81.8516 158.135 81.8516 158.135H65.6289\"\n    stroke=\"currentColor\" stroke-width=\"2\" stroke-miterlimit=\"10\" stroke-linecap=\"round\" \/>\n  <path\n    d=\"M122.78 15.4893H50.2369C27.5752 15.4893 8.64051 33.4202 8.26377 56.0388C7.87553 79.1463 26.514 98.0005 49.5553 98.0005C57.655 98.0138 65.5779 95.6336 72.3292 91.1588C80.6692 85.6458 91.5975 85.571 99.9375 91.107C107.234 95.9635 115.891 98.3644 124.647 97.9602C145.954 97.0284 163.252 79.6439 164.063 58.3568C164.946 34.838 146.124 15.4893 122.78 15.4893Z\"\n    stroke=\"currentColor\" stroke-width=\"2\" stroke-miterlimit=\"10\" \/>\n  <path\n    d=\"M51.6542 50.822C52.3367 50.822 53.0039 50.6196 53.5714 50.2404C54.139 49.8612 54.5813 49.3222 54.8425 48.6916C55.1037 48.061 55.172 47.3671 55.0389 46.6977C54.9057 46.0283 54.577 45.4133 54.0944 44.9307C53.6118 44.4481 52.9968 44.1194 52.3274 43.9862C51.658 43.8531 50.9641 43.9214 50.3335 44.1826C49.7029 44.4438 49.1639 44.8861 48.7847 45.4537C48.4055 46.0212 48.2031 46.6884 48.2031 47.371C48.2031 48.2862 48.5667 49.164 49.2139 49.8112C49.8611 50.4584 50.7389 50.822 51.6542 50.822Z\"\n    fill=\"currentColor\" \/>\n  <path\n    d=\"M51.6542 50.822C52.3367 50.822 53.0039 50.6196 53.5714 50.2404C54.139 49.8612 54.5813 49.3222 54.8425 48.6916C55.1037 48.061 55.172 47.3671 55.0389 46.6977C54.9057 46.0283 54.577 45.4133 54.0944 44.9307C53.6118 44.4481 52.9968 44.1194 52.3274 43.9862C51.658 43.8531 50.9641 43.9214 50.3335 44.1826C49.7029 44.4438 49.1639 44.8861 48.7847 45.4537C48.4055 46.0212 48.2031 46.6884 48.2031 47.371C48.2031 48.2862 48.5667 49.164 49.2139 49.8112C49.8611 50.4584 50.7389 50.822 51.6542 50.822Z\"\n    stroke=\"currentColor\" stroke-width=\"2\" stroke-miterlimit=\"10\" \/>\n  <path\n    d=\"M120.678 50.822C121.36 50.822 122.027 50.6196 122.595 50.2404C123.162 49.8612 123.605 49.3222 123.866 48.6916C124.127 48.061 124.195 47.3671 124.062 46.6977C123.929 46.0283 123.6 45.4133 123.118 44.9307C122.635 44.4481 122.02 44.1194 121.351 43.9862C120.681 43.8531 119.988 43.9214 119.357 44.1826C118.726 44.4438 118.187 44.8861 117.808 45.4537C117.429 46.0212 117.227 46.6884 117.227 47.371C117.227 48.2862 117.59 49.164 118.237 49.8112C118.885 50.4584 119.762 50.822 120.678 50.822Z\"\n    fill=\"currentColor\" \/>\n  <path\n    d=\"M120.678 50.822C121.36 50.822 122.027 50.6196 122.595 50.2404C123.162 49.8612 123.605 49.3222 123.866 48.6916C124.127 48.061 124.195 47.3671 124.062 46.6977C123.929 46.0283 123.6 45.4133 123.118 44.9307C122.635 44.4481 122.02 44.1194 121.351 43.9862C120.681 43.8531 119.988 43.9214 119.357 44.1826C118.726 44.4438 118.187 44.8861 117.808 45.4537C117.429 46.0212 117.227 46.6884 117.227 47.371C117.227 48.2862 117.59 49.164 118.237 49.8112C118.885 50.4584 119.762 50.822 120.678 50.822Z\"\n    stroke=\"currentColor\" stroke-width=\"2\" stroke-miterlimit=\"10\" \/>\n  <path\n    d=\"M60.7188 65.7383C66.9133 74.0783 76.0126 79.3353 86.1672 79.3353C96.3219 79.3353 105.435 74.0668 111.616 65.7383H60.7188Z\"\n    stroke=\"currentColor\" stroke-width=\"2\" stroke-miterlimit=\"10\" \/>\n  <path d=\"M76.9648 65.0371V77.4522\" stroke=\"currentColor\" stroke-width=\"2\" stroke-miterlimit=\"10\" \/>\n  <path d=\"M95.3672 65.0371V77.4522\" stroke=\"currentColor\" stroke-width=\"2\" stroke-miterlimit=\"10\" \/>\n  <path d=\"M67.7617 65.0371V72.8508\" stroke=\"currentColor\" stroke-width=\"2\" stroke-miterlimit=\"10\" \/>\n  <path d=\"M104.57 65.0371V72.8508\" stroke=\"currentColor\" stroke-width=\"2\" stroke-miterlimit=\"10\" \/>\n  <path d=\"M86.1641 65.0371V79.1777\" stroke=\"currentColor\" stroke-width=\"2\" stroke-miterlimit=\"10\" \/>\n<\/svg>      <\/div>\n    <\/div>\n    <div class=\"grid w-full grid-cols-1 px-4 py-8 section-content max-md:gap-y-8 md:grid-standard rounded-xl\">\n              <div class=\"flex gap-4 md:col-span-5\">\n                                <h2 class=\"text-8 font-headings\">6. Sant Quirc de Durro<\/h2>\n                  <\/div>\n            <div class=\"flex flex-col gap-8 md:col-span-6 md:col-start-7 md:gap-10\">\n        <div class=\"acf-innerblocks-container\">\n<div class=\"flex flex-col gap-3 element text-block\">\n  <div class=\"flex items-center gap-6\">\n              <h2 class=\"text-2xl font-bold\">6a Introducci\u00f3<\/h2>\n      <\/div>\n    <\/div>\n\n\n<div class=\"flex flex-col gap-6 element image-block\">\n  <div class=\"flex flex-col gap-3\">\n      <\/div>\n      <figure>\n      <img loading=\"lazy\" decoding=\"async\" width=\"1600\" height=\"1177\" src=\"https:\/\/guiesullsdelahistoria.cat\/app\/uploads\/2024\/11\/Sant_Quirc_de_Durro_general_amb_faro.jpg\" class=\"w-full h-auto\" alt=\"Exterior de l\u2019ermita de Sant Quirc de Durro vista des d\u2019un lateral, amb el faro al darrere i les muntanyes de fons.\" srcset=\"https:\/\/guiesullsdelahistoria.cat\/app\/uploads\/2024\/11\/Sant_Quirc_de_Durro_general_amb_faro.jpg 1600w, https:\/\/guiesullsdelahistoria.cat\/app\/uploads\/2024\/11\/Sant_Quirc_de_Durro_general_amb_faro-300x221.jpg 300w, https:\/\/guiesullsdelahistoria.cat\/app\/uploads\/2024\/11\/Sant_Quirc_de_Durro_general_amb_faro-1024x753.jpg 1024w, https:\/\/guiesullsdelahistoria.cat\/app\/uploads\/2024\/11\/Sant_Quirc_de_Durro_general_amb_faro-768x565.jpg 768w, https:\/\/guiesullsdelahistoria.cat\/app\/uploads\/2024\/11\/Sant_Quirc_de_Durro_general_amb_faro-1536x1130.jpg 1536w\" sizes=\"auto, (max-width: 1600px) 100vw, 1600px\" \/>\n              <figcaption class=\"pt-2 text-gray-800\">Vista de Sant Quirc de Durro.<\/figcaption>\n          <\/figure>\n  <\/div>\n\n\n<section class=\"element audio-block\">\n  <div class=\"flex flex-col w-full gap-6\">\n    <div class=\"flex flex-col gap-3\">\n      <div class=\"flex gap-6\">\n                          <h2 class=\"text-2xl font-bold\">La Vall de Bo\u00ed i les seves esgl\u00e9sies<\/h2>\n              <\/div>\n          <\/div>\n    <div class=\"flex items-center justify-end gap-3\">\n              <div class=\"flex-1 audio-content\" dir=\"ltr\">\n          <audio id=\"audio-c2813ad09b4c5563497f3b2aeb5e72ce\" data-label=\"La Vall de Bo\u00ed i les seves esgl\u00e9sies\"\n            data-category=\"SANT-QUIRC-DE-DURRO-CA-FAMLIAR-PLAY-0.mp3\" class=\"hidden\" controls\n            src=\"https:\/\/guiesullsdelahistoria.cat\/app\/uploads\/2025\/01\/SANT-QUIRC-DE-DURRO-CA-FAMLIAR-PLAY-0.mp3\"><\/audio>\n          <div class=\"flex items-center w-full gap-3 transition-opacity opacity-0 meta\">\n            <progress class=\"flex-1 border-0 appearance-none\" value=\"0\" max=\"1\"><\/progress>\n            <div class=\"text-sm text-center shrink-0 current-time w-9\"><\/div>\n                      <\/div>\n        <\/div>\n            <div class=\"flex flex-col items-center gap-2 shrink-1 audio-control\">\n        <button\n  class=\"flex items-center justify-center w-32 max-w-32 h-32 max-h-32 transition-[max-height,_max-width] bg-darker-accent rounded-full btn text-white\"\n  data-target=\"#audio-c2813ad09b4c5563497f3b2aeb5e72ce\">\n  <svg width=\"100%\" height=\"100%\" viewBox=\"0 0 36 36\" version=\"1.1\" xmlns=\"http:\/\/www.w3.org\/2000\/svg\" xmlns:xlink=\"http:\/\/www.w3.org\/1999\/xlink\">\n  <path id=\"ytp-12\" d=\"M11,10 L18,13.74 18,22.28 11,26 M18,13.74 L26,18 26,18 18,22.28\" fill=\"currentColor\">\n    <animate id=\"animation\" begin=\"indefinite\" attributeType=\"XML\" attributeName=\"d\" fill=\"freeze\" from=\"M11,10 L17,10 17,26 11,26 M20,10 L26,10 26,26 20,26\" to=\"M11,10 L18,13.74 18,22.28 11,26 M18,13.74 L26,18 26,18 18,22.28\" dur=\"0.1s\" keySplines=\".4 0 1 1\" repeatCount=\"1\" data-play=\"M11,10 L18,13.74 18,22.28 11,26 M18,13.74 L26,18 26,18 18,22.28\" data-pause=\"M11,10 L17,10 17,26 11,26 M20,10 L26,10 26,26 20,26\"><\/animate>\n  <\/path>\n<\/svg>\n<\/button>\n        <p class=\"text-base text-center\">Escolta<\/p>\n      <\/div>\n    <\/div>\n\n    \n          <div class=\"flex flex-wrap justify-between gap-6 md:justify-start\">\n                  <button data-target=\"#transcription-c2813ad09b4c5563497f3b2aeb5e72ce\" data-toggle=\"modal\" class=\"flex items-center gap-2\">\n            <svg class=\"w-6 h-6\" fill=\"none\" xmlns=\"http:\/\/www.w3.org\/2000\/svg\" viewBox=\"0 0 22 12\"><path d=\"M0 9.873v-6c0-.55.196-1.02.588-1.412A1.926 1.926 0 0 1 2 1.873h2c.55 0 1.02.196 1.412.588.392.391.588.862.588 1.412v6H4v-2H2v2H0Zm2-4h2v-2H2v2Zm6 4v-8h4c.55 0 1.02.196 1.412.588.392.391.588.862.588 1.412v4c0 .55-.196 1.021-.588 1.413A1.926 1.926 0 0 1 12 9.873H8Zm2-2h2v-4h-2v4Zm6.85.8-1.4-1.425c.183-.183.32-.391.413-.625.091-.233.137-.483.137-.75 0-.283-.046-.537-.137-.762a1.85 1.85 0 0 0-.413-.613l1.4-1.45c.367.367.65.792.85 1.275.2.484.3 1 .3 1.55s-.1 1.063-.3 1.538c-.2.475-.483.896-.85 1.262Zm2.825 2.825-1.45-1.375c.55-.55.983-1.187 1.3-1.912A5.775 5.775 0 0 0 20 5.873c0-.85-.158-1.633-.475-2.35a6.217 6.217 0 0 0-1.3-1.9l1.45-1.4a7.94 7.94 0 0 1 1.712 2.55c.409.967.613 2 .613 3.1s-.204 2.13-.613 3.088a7.977 7.977 0 0 1-1.712 2.537Z\" fill=\"#000\"\/><\/svg>            <span>Transcripci\u00f3<\/span>\n          <\/button>\n                      <\/div>\n      <\/div>\n\n      <div id=\"transcription-c2813ad09b4c5563497f3b2aeb5e72ce\"\n  class=\"fixed inset-0 z-50 hidden w-screen h-screen opacity-0 pointer-events-none modal transcription\"\n  tabindex=\"-1\" role=\"dialog\">\n  <div class=\"absolute w-full h-full bg-black opacity-75 modal-overlay\"><\/div>\n  <div\n    class=\"absolute z-30 w-11\/12 mx-auto overflow-y-auto text-black bg-white shadow-lg modal-container center-xy md:max-w-4xl\"\n    role=\"document\">\n    <div class=\"flex items-center justify-between px-4 py-4 text-gray-700 border-b md:px-8\">\n      <h2 class=\"!mb-0 font-bold\">Transcripci\u00f3<\/h2>\n      <div class=\"z-50 flex flex-col items-center ml-auto cursor-pointer rtl:ml-0 rtl:mr-auto modal-close\">\n        <svg class=\"w-auto h-6\" width=\"18\" height=\"23\" xmlns=\"http:\/\/www.w3.org\/2000\/svg\">\n  <g stroke=\"currentColor\" fill=\"none\" fill-rule=\"evenodd\" stroke-linecap=\"square\">\n    <path d=\"M.7248.974l16.1076 20.6167M16.655 1.2654L.9097 22.1601\" \/>\n  <\/g>\n<\/svg>        <div class=\"hidden\">Close<\/div>\n      <\/div>\n    <\/div>\n    <div class=\"px-4 py-8 overflow-y-auto max-h-modal md:px-8 modal-content\">\n      <div class=\"mb-8 flex flex-col gap-1.5\">\n                      <h3 class=\"text-xl font-bold\">La Vall de Bo\u00ed i les seves esgl\u00e9sies<\/h3>\n                            <\/div>\n            <p>Et donem la benvinguda a la Vall de Bo\u00ed i t\u2019animem a con\u00e8ixer el conjunt d\u2019esgl\u00e9sies rom\u00e0niques que hi ha als diversos pobles de la Vall.<\/p>\n<p>Aquestes esgl\u00e9sies s\u00f3n tan importants que la UNESCO, una organitzaci\u00f3 que promou la col\u00b7laboraci\u00f3 internacional en educaci\u00f3, ci\u00e8ncia, cultura i comunicaci\u00f3, les va posar a la seva llista de Patrimoni Mundial l\u2019any 2000, al costat, per exemple, de la Gran Muralla de la Xina, les pir\u00e0mides d\u2019Egipte o l\u2019Est\u00e0tua de la Llibertat dels Estats Units.<br \/>\nPer\u00f2 quantes esgl\u00e9sies hi ha i per qu\u00e8 s\u00f3n tan importants? Quina \u00e9s la seva hist\u00f2ria?<br \/>\nEl Conjunt Rom\u00e0nic de la Vall de Bo\u00ed l\u2019integren nou esgl\u00e9sies: Sant Climent i Santa Maria de Ta\u00fcll, Sant Joan de Bo\u00ed, Santa Eul\u00e0lia d\u2019Erill la Vall, Sant Feliu de Barruera, la Nativitat i Sant Quirc de Durro, Santa Maria de Cardet i l\u2019Assumpci\u00f3 de C\u00f3ll.<br \/>\nTotes tenen una hist\u00f2ria comuna, perqu\u00e8 van ser constru\u00efdes entre el segle XI i el XII, ara fa m\u00e9s de nou-cents anys. Tamb\u00e9 tenen el mateix estil arquitect\u00f2nic, el rom\u00e0nic, i per aix\u00f2 es pot dir que formen un conjunt. I qui les va fer? Doncs les van pensar els mestres d\u2019obra, que era com se\u2019n deia llavors del que avui en diem arquitectes. I, \u00e9s clar, tots els treballadors que les van aixecar, pedra sobre pedra. Per\u00f2 els diners per pagar l\u2019obra els van posar els senyors feudals d\u2019aquestes terres, que s\u2019havien fet rics gr\u00e0cies a la guerra.<br \/>\nAmb la guia que tens a les mans, descobrir\u00e0s la import\u00e0ncia de cada una de les nou esgl\u00e9sies del conjunt i els secrets que amaguen als racons m\u00e9s insospitats.<br \/>\nUna advert\u00e8ncia final! Aquestes muntanyes s\u00f3n misterioses i, a les valls, les paraules de les persones que les han habitat sovint es queden atrapades i ressonen al llarg del temps com un eco imperceptible. Aquesta guia disposa d\u2019un sensor que s\u2019activa cada cop que en capta alguna. No t\u2019espantis i continua escoltant.<\/p>\n    <\/div>\n  <\/div>\n<\/div>\n    <\/section>\n\n\n<div class=\"flex flex-col gap-3 element text-block\">\n  <div class=\"flex items-center gap-6\">\n              <h2 class=\"text-2xl font-bold\">6b Exterior esplanada<\/h2>\n      <\/div>\n    <\/div>\n\n\n<div class=\"flex flex-col gap-6 element image-block\">\n  <div class=\"flex flex-col gap-3\">\n      <\/div>\n      <figure>\n      <img loading=\"lazy\" decoding=\"async\" width=\"1600\" height=\"1066\" src=\"https:\/\/guiesullsdelahistoria.cat\/app\/uploads\/2024\/11\/MG_0127.jpg\" class=\"w-full h-auto\" alt=\"Exterior de l\u2019ermita de Sant Quirc de Durro coronada pel campanar d\u2019espadanya i envoltada de muntanyes.\" srcset=\"https:\/\/guiesullsdelahistoria.cat\/app\/uploads\/2024\/11\/MG_0127.jpg 1600w, https:\/\/guiesullsdelahistoria.cat\/app\/uploads\/2024\/11\/MG_0127-300x200.jpg 300w, https:\/\/guiesullsdelahistoria.cat\/app\/uploads\/2024\/11\/MG_0127-1024x682.jpg 1024w, https:\/\/guiesullsdelahistoria.cat\/app\/uploads\/2024\/11\/MG_0127-768x512.jpg 768w, https:\/\/guiesullsdelahistoria.cat\/app\/uploads\/2024\/11\/MG_0127-1536x1023.jpg 1536w\" sizes=\"auto, (max-width: 1600px) 100vw, 1600px\" \/>\n              <figcaption class=\"pt-2 text-gray-800\">Sant Quirc de Durro amb el campanar d\u2019espadanya.<\/figcaption>\n          <\/figure>\n  <\/div>\n\n\n<section class=\"element audio-block\">\n  <div class=\"flex flex-col w-full gap-6\">\n    <div class=\"flex flex-col gap-3\">\n      <div class=\"flex gap-6\">\n                          <h2 class=\"text-2xl font-bold\">El Faro<\/h2>\n              <\/div>\n          <\/div>\n    <div class=\"flex items-center justify-end gap-3\">\n              <div class=\"flex-1 audio-content\" dir=\"ltr\">\n          <audio id=\"audio-b780d37f0e50b347f38ba9113a3e39fe\" data-label=\"El Faro\"\n            data-category=\"SANT-QUIRC-DE-DURRO-CA-FAMLIAR-PLAY-1.mp3\" class=\"hidden\" controls\n            src=\"https:\/\/guiesullsdelahistoria.cat\/app\/uploads\/2025\/01\/SANT-QUIRC-DE-DURRO-CA-FAMLIAR-PLAY-1.mp3\"><\/audio>\n          <div class=\"flex items-center w-full gap-3 transition-opacity opacity-0 meta\">\n            <progress class=\"flex-1 border-0 appearance-none\" value=\"0\" max=\"1\"><\/progress>\n            <div class=\"text-sm text-center shrink-0 current-time w-9\"><\/div>\n                      <\/div>\n        <\/div>\n            <div class=\"flex flex-col items-center gap-2 shrink-1 audio-control\">\n        <button\n  class=\"flex items-center justify-center w-32 max-w-32 h-32 max-h-32 transition-[max-height,_max-width] bg-darker-accent rounded-full btn text-white\"\n  data-target=\"#audio-b780d37f0e50b347f38ba9113a3e39fe\">\n  <svg width=\"100%\" height=\"100%\" viewBox=\"0 0 36 36\" version=\"1.1\" xmlns=\"http:\/\/www.w3.org\/2000\/svg\" xmlns:xlink=\"http:\/\/www.w3.org\/1999\/xlink\">\n  <path id=\"ytp-12\" d=\"M11,10 L18,13.74 18,22.28 11,26 M18,13.74 L26,18 26,18 18,22.28\" fill=\"currentColor\">\n    <animate id=\"animation\" begin=\"indefinite\" attributeType=\"XML\" attributeName=\"d\" fill=\"freeze\" from=\"M11,10 L17,10 17,26 11,26 M20,10 L26,10 26,26 20,26\" to=\"M11,10 L18,13.74 18,22.28 11,26 M18,13.74 L26,18 26,18 18,22.28\" dur=\"0.1s\" keySplines=\".4 0 1 1\" repeatCount=\"1\" data-play=\"M11,10 L18,13.74 18,22.28 11,26 M18,13.74 L26,18 26,18 18,22.28\" data-pause=\"M11,10 L17,10 17,26 11,26 M20,10 L26,10 26,26 20,26\"><\/animate>\n  <\/path>\n<\/svg>\n<\/button>\n        <p class=\"text-base text-center\">Escolta<\/p>\n      <\/div>\n    <\/div>\n\n    \n          <div class=\"flex flex-wrap justify-between gap-6 md:justify-start\">\n                  <button data-target=\"#transcription-b780d37f0e50b347f38ba9113a3e39fe\" data-toggle=\"modal\" class=\"flex items-center gap-2\">\n            <svg class=\"w-6 h-6\" fill=\"none\" xmlns=\"http:\/\/www.w3.org\/2000\/svg\" viewBox=\"0 0 22 12\"><path d=\"M0 9.873v-6c0-.55.196-1.02.588-1.412A1.926 1.926 0 0 1 2 1.873h2c.55 0 1.02.196 1.412.588.392.391.588.862.588 1.412v6H4v-2H2v2H0Zm2-4h2v-2H2v2Zm6 4v-8h4c.55 0 1.02.196 1.412.588.392.391.588.862.588 1.412v4c0 .55-.196 1.021-.588 1.413A1.926 1.926 0 0 1 12 9.873H8Zm2-2h2v-4h-2v4Zm6.85.8-1.4-1.425c.183-.183.32-.391.413-.625.091-.233.137-.483.137-.75 0-.283-.046-.537-.137-.762a1.85 1.85 0 0 0-.413-.613l1.4-1.45c.367.367.65.792.85 1.275.2.484.3 1 .3 1.55s-.1 1.063-.3 1.538c-.2.475-.483.896-.85 1.262Zm2.825 2.825-1.45-1.375c.55-.55.983-1.187 1.3-1.912A5.775 5.775 0 0 0 20 5.873c0-.85-.158-1.633-.475-2.35a6.217 6.217 0 0 0-1.3-1.9l1.45-1.4a7.94 7.94 0 0 1 1.712 2.55c.409.967.613 2 .613 3.1s-.204 2.13-.613 3.088a7.977 7.977 0 0 1-1.712 2.537Z\" fill=\"#000\"\/><\/svg>            <span>Transcripci\u00f3<\/span>\n          <\/button>\n                      <\/div>\n      <\/div>\n\n      <div id=\"transcription-b780d37f0e50b347f38ba9113a3e39fe\"\n  class=\"fixed inset-0 z-50 hidden w-screen h-screen opacity-0 pointer-events-none modal transcription\"\n  tabindex=\"-1\" role=\"dialog\">\n  <div class=\"absolute w-full h-full bg-black opacity-75 modal-overlay\"><\/div>\n  <div\n    class=\"absolute z-30 w-11\/12 mx-auto overflow-y-auto text-black bg-white shadow-lg modal-container center-xy md:max-w-4xl\"\n    role=\"document\">\n    <div class=\"flex items-center justify-between px-4 py-4 text-gray-700 border-b md:px-8\">\n      <h2 class=\"!mb-0 font-bold\">Transcripci\u00f3<\/h2>\n      <div class=\"z-50 flex flex-col items-center ml-auto cursor-pointer rtl:ml-0 rtl:mr-auto modal-close\">\n        <svg class=\"w-auto h-6\" width=\"18\" height=\"23\" xmlns=\"http:\/\/www.w3.org\/2000\/svg\">\n  <g stroke=\"currentColor\" fill=\"none\" fill-rule=\"evenodd\" stroke-linecap=\"square\">\n    <path d=\"M.7248.974l16.1076 20.6167M16.655 1.2654L.9097 22.1601\" \/>\n  <\/g>\n<\/svg>        <div class=\"hidden\">Close<\/div>\n      <\/div>\n    <\/div>\n    <div class=\"px-4 py-8 overflow-y-auto max-h-modal md:px-8 modal-content\">\n      <div class=\"mb-8 flex flex-col gap-1.5\">\n                      <h3 class=\"text-xl font-bold\">El Faro<\/h3>\n                            <\/div>\n            <p>Com veus, l\u2019ermita de Sant Quirc \u00e9s a dalt de tot de la muntanya de Durro, a 1.500 metres d\u2019altitud. Des d\u2019aqu\u00ed tens una vista perfecta i espectacular de totes les valls i les muntanyes del voltant. Potser et demanes per qu\u00e8 l\u2019havien de construir aqu\u00ed a dalt, a un lloc dif\u00edcil d\u2019arribar i allunyat del poble. Doncs hi ha dues raons.<br \/>\nEn primer lloc, l\u2019ermita marcava el l\u00edmit entre els prats de pastura i les terres cultivades. Els prats, que van fins al poble, pertanyen a propietaris particulars; en canvi, les terres de la muntanya s\u00f3n de tots els ve\u00efns.<br \/>\nPer\u00f2 l\u2019ermita encara tenia una altra funci\u00f3, relacionada amb la tradici\u00f3 de c\u00f3rrer falles, una festa que avui encara es fa. N\u2019has sentit a parlar? Quan comen\u00e7a l\u2019estiu, el jovent del poble puja fins aqu\u00ed de nit i enc\u00e9n una foguera, que s\u2019anomena faro. Despr\u00e9s, cadasc\u00fa enc\u00e9n la seva falla, que \u00e9s com una gran torxa, i baixen fins al poble en fila, com si fos una serp de foc. L\u2019ermita de Sant Quirc, doncs, marca el punt de sortida de les falles de Durro. En funci\u00f3 de l\u2019\u00e8poca de l\u2019any, encara pots veure el faro mig cremat, a la vora del penya-segat.<br \/>\nLa baixada de les falles se celebra des de temps molt antics i tenia la funci\u00f3 de protegir les pastures de qualsevol desgr\u00e0cia. Amb l\u2019arribada del cristianisme, per\u00f2, aquesta tradici\u00f3 es va adaptar i es va donar aquest paper als sants i les santes.<\/p>\n<p><em>So d\u2019interfer\u00e8ncies<\/em><br \/>\n<strong>Dona:<\/strong> M\u2019han dit que aquesta nit unes quantes noies correran les falles.<br \/>\n<strong>Home:<\/strong> I ara! Quina bestiesa. Les falles les corren els homes.<br \/>\n<strong>Dona:<\/strong> I no et sembla que ja \u00e9s hora que aix\u00f2 canvi\u00ef?<br \/>\n<strong>Home:<\/strong> \u00c9s una tradici\u00f3. Sempre s\u2019ha fet aix\u00ed.<br \/>\n<strong>Dona:<\/strong> Som al 2010. El 2010! I Durro \u00e9s l\u2019\u00fanic lloc del Pirineu on encara no poden baixar falles les dones. Aix\u00ed que tant de bo que aix\u00f2 que diuen sigui veritat i aquestes noies s\u2019hi atreveixin.<br \/>\n<strong>Home:<\/strong> Jo, fins que no ho vegi, no m\u2019ho creur\u00e9.<br \/>\n<em>So d\u2019interfer\u00e8ncies<\/em><\/p>\n<p>Encara des d\u2019aqu\u00ed, fixa\u2019t en un altre detall important. El campanar de Sant Quirc \u00e9s diferent del de la resta d\u2019esgl\u00e9sies de la Vall: en lloc de ser una torre alta que s\u2019al\u00e7a cap al cel, \u00e9s baixet i t\u00e9 dues finestres on hi van les campanes. D\u2019aquesta mena de campanars se\u2019n diu en forma d\u2019espadanya. El campanar va ser afegit en \u00e8poca posterior al rom\u00e0nic, \u00e9s a dir, molts anys despr\u00e9s de la construcci\u00f3 de l\u2019ermita.<br \/>\nAra, acosta\u2019t a la porta d\u2019entrada. Podr\u00e0s veure de prop les pedres que formen els murs. No hi veus res d\u2019estrany? S\u00f3n diferents dels de la resta d\u2019esgl\u00e9sies de la Vall. Aquests s\u00f3n de pissarra, mentre que els altres s\u00f3n de granit.<br \/>\nI parlant de pedres, fixa\u2019t en les que envolten la porta per sobre fent corba. D\u2019aquestes pedres se\u2019n diuen dovelles. Veur\u00e0s que tenen un color rosat, diferent de la resta. Aix\u00f2 \u00e9s perqu\u00e8 s\u00f3n de pedra tosca, un material m\u00e9s tou que el de les pedres del mur i, per tant, m\u00e9s f\u00e0cil de treballar, ideal per fer decoracions.<br \/>\nA Sant Quirc tamb\u00e9 criden l\u2019atenci\u00f3 les poques finestres o obertures que il\u00b7luminen l\u2019interior. De fet, nom\u00e9s n\u2019hi ha dues: una a l\u2019absis central, la paret arrodonida del darrere, i un ull de bou just a sota de la coberta. Aix\u00f2 fa que l\u2019interior sigui fosc, per\u00f2 tamb\u00e9 que estigui ben protegit de la pluja, la neu i el vent, o d\u2019alg\u00fa que hi vulgui entrar per la for\u00e7a.<br \/>\nPer continuar la visita, has de passar a l\u2019interior de l\u2019esgl\u00e9sia, per\u00f2 en determinades \u00e8poques de l\u2019any aix\u00f2 no \u00e9s possible perqu\u00e8 est\u00e0 tancada. Si no hi pots entrar, et pots fer una bona idea de com \u00e9s prement el recurs virtual que tens a la guia.<\/p>\n    <\/div>\n  <\/div>\n<\/div>\n    <\/section>\n\n\n<div class=\"flex flex-col gap-3 element interactive-block\">\n  <div class=\"flex items-center gap-6\">\n              <h2 class=\"text-2xl font-bold\">Recurs virtual: 3D Sant Quirc de Durro<\/h2>\n      <\/div>\n          <div class=\"flex justify-end w-full\">\n      <div class=\"flex flex-col items-center gap-2 shrink-1\">\n        <button data-target=\"#embed-69f5c671aa08e\" data-toggle=\"modal\"\n          class=\"flex items-center justify-center w-32 h-32 text-white rounded-full bg-darker-accent\">\n          <svg class=\"w-16 h-auto\" width=\"60\" height=\"61\" viewBox=\"0 0 60 61\" fill=\"none\" xmlns=\"http:\/\/www.w3.org\/2000\/svg\">\n  <path\n    d=\"M27 53.298L12 44.673C11.05 44.1231 10.3125 43.398 9.7875 42.498C9.2625 41.598 9 40.598 9 39.498V22.248C9 21.148 9.2625 20.148 9.7875 19.248C10.3125 18.348 11.05 17.623 12 17.073L27 8.44805C27.95 7.89805 28.95 7.62305 30 7.62305C31.05 7.62305 32.05 7.89805 33 8.44805L48 17.073C48.95 17.623 49.6875 18.348 50.2125 19.248C50.7375 20.148 51 21.148 51 22.248V39.498C51 40.598 50.7375 41.598 50.2125 42.498C49.6875 43.398 48.95 44.1231 48 44.673L33 53.298C32.05 53.848 31.05 54.123 30 54.123C28.95 54.123 27.95 53.848 27 53.298ZM27 46.398V32.598L15 25.623V39.498L27 46.398ZM33 46.398L45 39.498V25.623L33 32.598V46.398ZM0 15.873V6.87305C0 5.22305 0.5875 3.81055 1.7625 2.63555C2.9375 1.46055 4.35 0.873047 6 0.873047H15V6.87305H6V15.873H0ZM15 60.873H6C4.35 60.873 2.9375 60.2855 1.7625 59.1105C0.5875 57.9355 0 56.523 0 54.873V45.8731H6V54.873H15V60.873ZM45 60.873V54.873H54V45.8731H60V54.873C60 56.523 59.4125 57.9355 58.2375 59.1105C57.0625 60.2855 55.65 60.873 54 60.873H45ZM54 15.873V6.87305H45V0.873047H54C55.65 0.873047 57.0625 1.46055 58.2375 2.63555C59.4125 3.81055 60 5.22305 60 6.87305V15.873H54ZM30 27.423L41.85 20.448L30 13.623L18.15 20.448L30 27.423Z\"\n    fill=\"currentColor\" \/>\n<\/svg>\n        <\/button>\n                  <p class=\"text-base text-center\">Mira<\/p>\n              <\/div>\n    <\/div>\n    <div id=\"embed-69f5c671aa08e\"\n  class=\"fixed inset-0 z-50 hidden w-screen h-screen opacity-0 pointer-events-none modal embed-container\"\n  tabindex=\"-1\" role=\"dialog\">\n  <div class=\"absolute w-full h-full bg-black opacity-75 modal-overlay\"><\/div>\n  <div\n    class=\"absolute z-30 w-11\/12 mx-auto overflow-y-auto text-black bg-white shadow-lg modal-container center-xy md:max-w-4xl\"\n    role=\"document\">\n    <div class=\"flex items-center justify-between px-4 py-4 text-gray-700 border-b md:px-8\">\n      <h2 class=\"!mb-0 font-bold\">Mira<\/h2>\n      <div class=\"z-50 flex flex-col items-center ml-auto cursor-pointer rtl:ml-0 rtl:mr-auto modal-close\">\n        <svg class=\"w-auto h-6\" width=\"18\" height=\"23\" xmlns=\"http:\/\/www.w3.org\/2000\/svg\">\n  <g stroke=\"currentColor\" fill=\"none\" fill-rule=\"evenodd\" stroke-linecap=\"square\">\n    <path d=\"M.7248.974l16.1076 20.6167M16.655 1.2654L.9097 22.1601\" \/>\n  <\/g>\n<\/svg>        <div class=\"hidden\">Close<\/div>\n      <\/div>\n    <\/div>\n    <div class=\"px-4 py-8 overflow-y-auto max-h-modal md:px-8 modal-content\">\n      <div class=\"sketchfab-embed-wrapper\"> <iframe title=\"Sant Quirc de Durro. Vall de Bo\u00ed\" frameborder=\"0\" allowfullscreen mozallowfullscreen=\"true\" webkitallowfullscreen=\"true\" allow=\"autoplay; fullscreen; xr-spatial-tracking\" xr-spatial-tracking execution-while-out-of-viewport execution-while-not-rendered web-share src=\"https:\/\/sketchfab.com\/models\/9c21f3f0615e4905889d4d07316a3dfa\/embed?ui_infos=0\"> <\/iframe> <\/div>\n    <\/div>\n  <\/div>\n<\/div>\n  <\/div>\n\n\n<div class=\"flex flex-col gap-3 element text-block\">\n  <div class=\"flex items-center gap-6\">\n              <h2 class=\"text-2xl font-bold\">6c Interior<\/h2>\n      <\/div>\n    <\/div>\n\n\n<div class=\"flex flex-col gap-6 element image-block\">\n  <div class=\"flex flex-col gap-3\">\n      <\/div>\n      <figure>\n      <img loading=\"lazy\" decoding=\"async\" width=\"1452\" height=\"966\" src=\"https:\/\/guiesullsdelahistoria.cat\/app\/uploads\/2024\/11\/Sant-Quirc-interior-general.jpg\" class=\"w-full h-auto\" alt=\"Interior de l\u2019ermita de Sant Quirc de Durro vist des del cor, amb l\u2019altar al fons decorat amb elements rom\u00e0nics i barrocs barrejats. T\u00edtol \u00e0udio: La conviv\u00e8ncia d\u2019estils diferents.\" srcset=\"https:\/\/guiesullsdelahistoria.cat\/app\/uploads\/2024\/11\/Sant-Quirc-interior-general.jpg 1452w, https:\/\/guiesullsdelahistoria.cat\/app\/uploads\/2024\/11\/Sant-Quirc-interior-general-300x200.jpg 300w, https:\/\/guiesullsdelahistoria.cat\/app\/uploads\/2024\/11\/Sant-Quirc-interior-general-1024x681.jpg 1024w, https:\/\/guiesullsdelahistoria.cat\/app\/uploads\/2024\/11\/Sant-Quirc-interior-general-768x511.jpg 768w\" sizes=\"auto, (max-width: 1452px) 100vw, 1452px\" \/>\n              <figcaption class=\"pt-2 text-gray-800\">Interior de Sant Quirc de Durro.<\/figcaption>\n          <\/figure>\n  <\/div>\n\n\n<section class=\"element audio-block\">\n  <div class=\"flex flex-col w-full gap-6\">\n    <div class=\"flex flex-col gap-3\">\n      <div class=\"flex gap-6\">\n                          <h2 class=\"text-2xl font-bold\">Frontal <\/h2>\n              <\/div>\n          <\/div>\n    <div class=\"flex items-center justify-end gap-3\">\n              <div class=\"flex-1 audio-content\" dir=\"ltr\">\n          <audio id=\"audio-d3a48c605f248852c2d91caa9a0f2bb6\" data-label=\"Frontal \"\n            data-category=\"SANT-QUIRC-DE-DURRO-CA-FAMLIAR-PLAY-2.mp3\" class=\"hidden\" controls\n            src=\"https:\/\/guiesullsdelahistoria.cat\/app\/uploads\/2025\/01\/SANT-QUIRC-DE-DURRO-CA-FAMLIAR-PLAY-2.mp3\"><\/audio>\n          <div class=\"flex items-center w-full gap-3 transition-opacity opacity-0 meta\">\n            <progress class=\"flex-1 border-0 appearance-none\" value=\"0\" max=\"1\"><\/progress>\n            <div class=\"text-sm text-center shrink-0 current-time w-9\"><\/div>\n                      <\/div>\n        <\/div>\n            <div class=\"flex flex-col items-center gap-2 shrink-1 audio-control\">\n        <button\n  class=\"flex items-center justify-center w-32 max-w-32 h-32 max-h-32 transition-[max-height,_max-width] bg-darker-accent rounded-full btn text-white\"\n  data-target=\"#audio-d3a48c605f248852c2d91caa9a0f2bb6\">\n  <svg width=\"100%\" height=\"100%\" viewBox=\"0 0 36 36\" version=\"1.1\" xmlns=\"http:\/\/www.w3.org\/2000\/svg\" xmlns:xlink=\"http:\/\/www.w3.org\/1999\/xlink\">\n  <path id=\"ytp-12\" d=\"M11,10 L18,13.74 18,22.28 11,26 M18,13.74 L26,18 26,18 18,22.28\" fill=\"currentColor\">\n    <animate id=\"animation\" begin=\"indefinite\" attributeType=\"XML\" attributeName=\"d\" fill=\"freeze\" from=\"M11,10 L17,10 17,26 11,26 M20,10 L26,10 26,26 20,26\" to=\"M11,10 L18,13.74 18,22.28 11,26 M18,13.74 L26,18 26,18 18,22.28\" dur=\"0.1s\" keySplines=\".4 0 1 1\" repeatCount=\"1\" data-play=\"M11,10 L18,13.74 18,22.28 11,26 M18,13.74 L26,18 26,18 18,22.28\" data-pause=\"M11,10 L17,10 17,26 11,26 M20,10 L26,10 26,26 20,26\"><\/animate>\n  <\/path>\n<\/svg>\n<\/button>\n        <p class=\"text-base text-center\">Escolta<\/p>\n      <\/div>\n    <\/div>\n\n    \n          <div class=\"flex flex-wrap justify-between gap-6 md:justify-start\">\n                  <button data-target=\"#transcription-d3a48c605f248852c2d91caa9a0f2bb6\" data-toggle=\"modal\" class=\"flex items-center gap-2\">\n            <svg class=\"w-6 h-6\" fill=\"none\" xmlns=\"http:\/\/www.w3.org\/2000\/svg\" viewBox=\"0 0 22 12\"><path d=\"M0 9.873v-6c0-.55.196-1.02.588-1.412A1.926 1.926 0 0 1 2 1.873h2c.55 0 1.02.196 1.412.588.392.391.588.862.588 1.412v6H4v-2H2v2H0Zm2-4h2v-2H2v2Zm6 4v-8h4c.55 0 1.02.196 1.412.588.392.391.588.862.588 1.412v4c0 .55-.196 1.021-.588 1.413A1.926 1.926 0 0 1 12 9.873H8Zm2-2h2v-4h-2v4Zm6.85.8-1.4-1.425c.183-.183.32-.391.413-.625.091-.233.137-.483.137-.75 0-.283-.046-.537-.137-.762a1.85 1.85 0 0 0-.413-.613l1.4-1.45c.367.367.65.792.85 1.275.2.484.3 1 .3 1.55s-.1 1.063-.3 1.538c-.2.475-.483.896-.85 1.262Zm2.825 2.825-1.45-1.375c.55-.55.983-1.187 1.3-1.912A5.775 5.775 0 0 0 20 5.873c0-.85-.158-1.633-.475-2.35a6.217 6.217 0 0 0-1.3-1.9l1.45-1.4a7.94 7.94 0 0 1 1.712 2.55c.409.967.613 2 .613 3.1s-.204 2.13-.613 3.088a7.977 7.977 0 0 1-1.712 2.537Z\" fill=\"#000\"\/><\/svg>            <span>Transcripci\u00f3<\/span>\n          <\/button>\n                      <\/div>\n      <\/div>\n\n      <div id=\"transcription-d3a48c605f248852c2d91caa9a0f2bb6\"\n  class=\"fixed inset-0 z-50 hidden w-screen h-screen opacity-0 pointer-events-none modal transcription\"\n  tabindex=\"-1\" role=\"dialog\">\n  <div class=\"absolute w-full h-full bg-black opacity-75 modal-overlay\"><\/div>\n  <div\n    class=\"absolute z-30 w-11\/12 mx-auto overflow-y-auto text-black bg-white shadow-lg modal-container center-xy md:max-w-4xl\"\n    role=\"document\">\n    <div class=\"flex items-center justify-between px-4 py-4 text-gray-700 border-b md:px-8\">\n      <h2 class=\"!mb-0 font-bold\">Transcripci\u00f3<\/h2>\n      <div class=\"z-50 flex flex-col items-center ml-auto cursor-pointer rtl:ml-0 rtl:mr-auto modal-close\">\n        <svg class=\"w-auto h-6\" width=\"18\" height=\"23\" xmlns=\"http:\/\/www.w3.org\/2000\/svg\">\n  <g stroke=\"currentColor\" fill=\"none\" fill-rule=\"evenodd\" stroke-linecap=\"square\">\n    <path d=\"M.7248.974l16.1076 20.6167M16.655 1.2654L.9097 22.1601\" \/>\n  <\/g>\n<\/svg>        <div class=\"hidden\">Close<\/div>\n      <\/div>\n    <\/div>\n    <div class=\"px-4 py-8 overflow-y-auto max-h-modal md:px-8 modal-content\">\n      <div class=\"mb-8 flex flex-col gap-1.5\">\n                      <h3 class=\"text-xl font-bold\">Frontal <\/h3>\n                            <\/div>\n            <p>L\u2019interior de l\u2019ermita de Sant Quirc de Durro s\u2019ha transformat al llarg dels segles. Per aix\u00f2 hi ha peces art\u00edstiques d\u2019\u00e8poques diferents: el frontal d\u2019altar rom\u00e0nic; la imatge de sant Quirc i Santa Julita, d\u2019estil g\u00f2tic, i el retaule del fons, que \u00e9s barroc.<br \/>\nEl frontal rom\u00e0nic, la pe\u00e7a que hi ha davant l\u2019altar, est\u00e0 dedicat a sant Quirc i santa Julita, la seva mare. Representa, amb molta cruesa, els martiris que van sofrir aquests sants abans de morir. Pots veure sant Quirc serrat de dalt a baix o rebent claus a la cara a cop de martell; i a santa Julita, travessada per espases. O a tots dos, dins d\u2019una olla bullent.  Quina crueltat, oi?<\/p>\n    <\/div>\n  <\/div>\n<\/div>\n    <\/section>\n\n\n<div class=\"flex flex-col gap-3 element text-block\">\n  <div class=\"flex items-center gap-6\">\n              <h2 class=\"text-2xl font-bold\">6d T&#8217;hi esperem!<\/h2>\n      <\/div>\n    <\/div>\n\n\n<section class=\"element audio-block\">\n  <div class=\"flex flex-col w-full gap-6\">\n    <div class=\"flex flex-col gap-3\">\n      <div class=\"flex gap-6\">\n                          <h2 class=\"text-2xl font-bold\">La visita continua<\/h2>\n              <\/div>\n          <\/div>\n    <div class=\"flex items-center justify-end gap-3\">\n              <div class=\"flex-1 audio-content\" dir=\"ltr\">\n          <audio id=\"audio-93065ce1ef503376232b6fb1880cde65\" data-label=\"La visita continua\"\n            data-category=\"SANT-QUIRC-DE-DURRO-CA-FAMLIAR-PLAY-CLOENDA.mp3\" class=\"hidden\" controls\n            src=\"https:\/\/guiesullsdelahistoria.cat\/app\/uploads\/2025\/01\/SANT-QUIRC-DE-DURRO-CA-FAMLIAR-PLAY-CLOENDA.mp3\"><\/audio>\n          <div class=\"flex items-center w-full gap-3 transition-opacity opacity-0 meta\">\n            <progress class=\"flex-1 border-0 appearance-none\" value=\"0\" max=\"1\"><\/progress>\n            <div class=\"text-sm text-center shrink-0 current-time w-9\"><\/div>\n                      <\/div>\n        <\/div>\n            <div class=\"flex flex-col items-center gap-2 shrink-1 audio-control\">\n        <button\n  class=\"flex items-center justify-center w-32 max-w-32 h-32 max-h-32 transition-[max-height,_max-width] bg-darker-accent rounded-full btn text-white\"\n  data-target=\"#audio-93065ce1ef503376232b6fb1880cde65\">\n  <svg width=\"100%\" height=\"100%\" viewBox=\"0 0 36 36\" version=\"1.1\" xmlns=\"http:\/\/www.w3.org\/2000\/svg\" xmlns:xlink=\"http:\/\/www.w3.org\/1999\/xlink\">\n  <path id=\"ytp-12\" d=\"M11,10 L18,13.74 18,22.28 11,26 M18,13.74 L26,18 26,18 18,22.28\" fill=\"currentColor\">\n    <animate id=\"animation\" begin=\"indefinite\" attributeType=\"XML\" attributeName=\"d\" fill=\"freeze\" from=\"M11,10 L17,10 17,26 11,26 M20,10 L26,10 26,26 20,26\" to=\"M11,10 L18,13.74 18,22.28 11,26 M18,13.74 L26,18 26,18 18,22.28\" dur=\"0.1s\" keySplines=\".4 0 1 1\" repeatCount=\"1\" data-play=\"M11,10 L18,13.74 18,22.28 11,26 M18,13.74 L26,18 26,18 18,22.28\" data-pause=\"M11,10 L17,10 17,26 11,26 M20,10 L26,10 26,26 20,26\"><\/animate>\n  <\/path>\n<\/svg>\n<\/button>\n        <p class=\"text-base text-center\">Escolta<\/p>\n      <\/div>\n    <\/div>\n\n    \n          <div class=\"flex flex-wrap justify-between gap-6 md:justify-start\">\n                  <button data-target=\"#transcription-93065ce1ef503376232b6fb1880cde65\" data-toggle=\"modal\" class=\"flex items-center gap-2\">\n            <svg class=\"w-6 h-6\" fill=\"none\" xmlns=\"http:\/\/www.w3.org\/2000\/svg\" viewBox=\"0 0 22 12\"><path d=\"M0 9.873v-6c0-.55.196-1.02.588-1.412A1.926 1.926 0 0 1 2 1.873h2c.55 0 1.02.196 1.412.588.392.391.588.862.588 1.412v6H4v-2H2v2H0Zm2-4h2v-2H2v2Zm6 4v-8h4c.55 0 1.02.196 1.412.588.392.391.588.862.588 1.412v4c0 .55-.196 1.021-.588 1.413A1.926 1.926 0 0 1 12 9.873H8Zm2-2h2v-4h-2v4Zm6.85.8-1.4-1.425c.183-.183.32-.391.413-.625.091-.233.137-.483.137-.75 0-.283-.046-.537-.137-.762a1.85 1.85 0 0 0-.413-.613l1.4-1.45c.367.367.65.792.85 1.275.2.484.3 1 .3 1.55s-.1 1.063-.3 1.538c-.2.475-.483.896-.85 1.262Zm2.825 2.825-1.45-1.375c.55-.55.983-1.187 1.3-1.912A5.775 5.775 0 0 0 20 5.873c0-.85-.158-1.633-.475-2.35a6.217 6.217 0 0 0-1.3-1.9l1.45-1.4a7.94 7.94 0 0 1 1.712 2.55c.409.967.613 2 .613 3.1s-.204 2.13-.613 3.088a7.977 7.977 0 0 1-1.712 2.537Z\" fill=\"#000\"\/><\/svg>            <span>Transcripci\u00f3<\/span>\n          <\/button>\n                      <\/div>\n      <\/div>\n\n      <div id=\"transcription-93065ce1ef503376232b6fb1880cde65\"\n  class=\"fixed inset-0 z-50 hidden w-screen h-screen opacity-0 pointer-events-none modal transcription\"\n  tabindex=\"-1\" role=\"dialog\">\n  <div class=\"absolute w-full h-full bg-black opacity-75 modal-overlay\"><\/div>\n  <div\n    class=\"absolute z-30 w-11\/12 mx-auto overflow-y-auto text-black bg-white shadow-lg modal-container center-xy md:max-w-4xl\"\n    role=\"document\">\n    <div class=\"flex items-center justify-between px-4 py-4 text-gray-700 border-b md:px-8\">\n      <h2 class=\"!mb-0 font-bold\">Transcripci\u00f3<\/h2>\n      <div class=\"z-50 flex flex-col items-center ml-auto cursor-pointer rtl:ml-0 rtl:mr-auto modal-close\">\n        <svg class=\"w-auto h-6\" width=\"18\" height=\"23\" xmlns=\"http:\/\/www.w3.org\/2000\/svg\">\n  <g stroke=\"currentColor\" fill=\"none\" fill-rule=\"evenodd\" stroke-linecap=\"square\">\n    <path d=\"M.7248.974l16.1076 20.6167M16.655 1.2654L.9097 22.1601\" \/>\n  <\/g>\n<\/svg>        <div class=\"hidden\">Close<\/div>\n      <\/div>\n    <\/div>\n    <div class=\"px-4 py-8 overflow-y-auto max-h-modal md:px-8 modal-content\">\n      <div class=\"mb-8 flex flex-col gap-1.5\">\n                      <h3 class=\"text-xl font-bold\">La visita continua<\/h3>\n                            <\/div>\n            <p>Aqu\u00ed s\u2019acaba la visita a l\u2019esgl\u00e9sia. Ara et convidem a con\u00e8ixer les altres, que constitueixen el Conjunt Rom\u00e0nic de la Vall de Bo\u00ed. T\u2019hi esperem!<\/p>\n    <\/div>\n  <\/div>\n<\/div>\n    <\/section>\n\n\n<div class=\"flex flex-col gap-3 element text-block\">\n  <div class=\"flex items-center gap-6\">\n              <h2 class=\"text-2xl font-bold\">Cloenda<\/h2>\n      <\/div>\n        <div class=\"prose prose-lg\"><p><em>\u201cEls Ulls de la Hist\u00f2ria. Una mirada immersiva sobre el patrimoni\u201d<\/em> \u00e9s una iniciativa de l\u2019Ag\u00e8ncia Catalana del Patrimoni Cultural. Un projecte que incorpora altres veus i altres mirades sobre el nostre passat. Perqu\u00e8 totes i tots fem hist\u00f2ria.<\/p>\n<\/div>\n  <\/div>\n\n<\/div>\n      <\/div>\n    <\/div>\n  <\/section>\n\n\n<section class=\"container overflow-hidden section\" id=\"section-69f5c671c88d9\" data-title=\"7. Santa Eul\u00e0lia d'Erill la Vall\">\n    <div class=\"relative z-10 w-full -mb-8 section-pictogram\">\n            <div class=\"flex h-40 text-darker-accent justify-center\">\n        <svg class=\"w-auto h-full\" width=\"172\" height=\"173\" viewBox=\"0 0 172 173\" fill=\"none\" xmlns=\"http:\/\/www.w3.org\/2000\/svg\">\n  <path\n    d=\"M122.527 15.4888H50.1517C27.5548 15.4888 8.65339 33.4325 8.2632 56.0607C8.14195 63.5814 10.0699 70.9926 13.8391 77.4953C17.6083 83.998 23.076 89.3455 29.6524 92.9613C36.2287 96.5771 43.6644 98.324 51.1578 98.0136C58.6512 97.7032 65.918 95.3474 72.1747 91.2C76.2552 88.4845 81.0414 87.0318 85.9384 87.0226C90.8355 87.0134 95.6273 88.4481 99.7178 91.1483C107.003 96.013 115.649 98.4145 124.392 98.0023C145.623 97.07 162.906 79.6788 163.715 58.3799C163.929 52.8233 163.021 47.2807 161.046 42.0845C159.072 36.8882 156.072 32.1453 152.226 28.1401C148.38 24.1349 143.767 20.9498 138.663 18.7759C133.56 16.6019 128.071 15.4839 122.527 15.4888Z\"\n    stroke=\"currentColor\" stroke-width=\"2\" stroke-miterlimit=\"10\" \/>\n  <path d=\"M95.4023 89.334V158.134H111.456\" stroke=\"currentColor\" stroke-width=\"2\" stroke-miterlimit=\"10\"\n    stroke-linecap=\"round\" \/>\n  <path\n    d=\"M51.6001 36.129C52.2805 36.129 52.9456 35.9273 53.5113 35.5493C54.077 35.1713 54.518 34.634 54.7784 34.0055C55.0387 33.3769 55.1068 32.6852 54.974 32.0179C54.8413 31.3506 54.5137 30.7377 54.0326 30.2566C53.5515 29.7755 52.9386 29.4479 52.2713 29.3151C51.604 29.1824 50.9124 29.2505 50.2838 29.5109C49.6553 29.7712 49.1179 30.2122 48.7399 30.7779C48.3619 31.3436 48.1602 32.0087 48.1602 32.689C48.1602 33.6014 48.5227 34.4763 49.1678 35.1215C49.8129 35.7666 50.6878 36.129 51.6001 36.129Z\"\n    fill=\"currentColor\" \/>\n  <path\n    d=\"M120.401 36.129C121.081 36.129 121.746 35.9273 122.312 35.5493C122.878 35.1713 123.319 34.634 123.579 34.0055C123.839 33.3769 123.908 32.6852 123.775 32.0179C123.642 31.3506 123.314 30.7377 122.833 30.2566C122.352 29.7755 121.739 29.4479 121.072 29.3151C120.405 29.1824 119.713 29.2505 119.085 29.5109C118.456 29.7712 117.919 30.2122 117.541 30.7779C117.163 31.3436 116.961 32.0087 116.961 32.689C116.961 33.6014 117.323 34.4763 117.969 35.1215C118.614 35.7666 119.489 36.129 120.401 36.129Z\"\n    fill=\"currentColor\" \/>\n  <path d=\"M76.137 89.334V158.134H59.625\" stroke=\"currentColor\" stroke-width=\"2\" stroke-miterlimit=\"10\"\n    stroke-linecap=\"round\" \/>\n  <path\n    d=\"M86.0015 81.9954C90.3105 81.9954 94.5228 80.7042 98.1056 78.285C101.688 75.8659 104.481 72.4274 106.13 68.4045C107.779 64.3816 108.21 59.955 107.37 55.6843C106.529 51.4136 104.454 47.4907 101.407 44.4117C98.3601 41.3327 94.4782 39.2359 90.252 38.3864C86.0258 37.5369 81.6452 37.9729 77.6642 39.6393C73.6832 41.3056 70.2805 44.1274 67.8866 47.7479C65.4926 51.3685 64.2148 55.625 64.2148 59.9794C64.2141 62.8708 64.7771 65.734 65.8717 68.4054C66.9663 71.0769 68.5712 73.5042 70.5945 75.5487C72.6177 77.5933 75.0196 79.2149 77.6632 80.321C80.3068 81.4272 83.1402 81.9961 86.0015 81.9954Z\"\n    fill=\"currentColor\" \/>\n<\/svg>      <\/div>\n    <\/div>\n    <div class=\"grid w-full grid-cols-1 px-4 py-8 section-content max-md:gap-y-8 md:grid-standard rounded-xl\">\n              <div class=\"flex gap-4 md:col-span-5\">\n                                <h2 class=\"text-8 font-headings\">7. Santa Eul\u00e0lia d&#8217;Erill la Vall<\/h2>\n                  <\/div>\n            <div class=\"flex flex-col gap-8 md:col-span-6 md:col-start-7 md:gap-10\">\n        <div class=\"acf-innerblocks-container\">\n<div class=\"flex flex-col gap-3 element text-block\">\n  <div class=\"flex items-center gap-6\">\n              <h2 class=\"text-2xl font-bold\">7a Introducci\u00f3<\/h2>\n      <\/div>\n    <\/div>\n\n\n<div class=\"flex flex-col gap-6 element image-block\">\n  <div class=\"flex flex-col gap-3\">\n      <\/div>\n      <figure>\n      <img loading=\"lazy\" decoding=\"async\" width=\"1600\" height=\"1182\" src=\"https:\/\/guiesullsdelahistoria.cat\/app\/uploads\/2024\/11\/Santa-Eulalia-general.jpg\" class=\"w-full h-auto\" alt=\"Vista a\u00e8ria de l\u2019esgl\u00e9sia de Santa Eul\u00e0lia d\u2019Erill la Vall amb algunes cases del poble al darrere i les muntanyes de fons.\" srcset=\"https:\/\/guiesullsdelahistoria.cat\/app\/uploads\/2024\/11\/Santa-Eulalia-general.jpg 1600w, https:\/\/guiesullsdelahistoria.cat\/app\/uploads\/2024\/11\/Santa-Eulalia-general-300x222.jpg 300w, https:\/\/guiesullsdelahistoria.cat\/app\/uploads\/2024\/11\/Santa-Eulalia-general-1024x756.jpg 1024w, https:\/\/guiesullsdelahistoria.cat\/app\/uploads\/2024\/11\/Santa-Eulalia-general-768x567.jpg 768w, https:\/\/guiesullsdelahistoria.cat\/app\/uploads\/2024\/11\/Santa-Eulalia-general-1536x1135.jpg 1536w\" sizes=\"auto, (max-width: 1600px) 100vw, 1600px\" \/>\n              <figcaption class=\"pt-2 text-gray-800\">Vista a\u00e8ria de Santa Eul\u00e0lia d\u2019Erill la Vall.<\/figcaption>\n          <\/figure>\n  <\/div>\n\n\n<section class=\"element audio-block\">\n  <div class=\"flex flex-col w-full gap-6\">\n    <div class=\"flex flex-col gap-3\">\n      <div class=\"flex gap-6\">\n                          <h2 class=\"text-2xl font-bold\">La Vall de Bo\u00ed i les seves esgl\u00e9sies<\/h2>\n              <\/div>\n          <\/div>\n    <div class=\"flex items-center justify-end gap-3\">\n              <div class=\"flex-1 audio-content\" dir=\"ltr\">\n          <audio id=\"audio-7148ff2a5542f0c192bebef85265fcdb\" data-label=\"La Vall de Bo\u00ed i les seves esgl\u00e9sies\"\n            data-category=\"SANTA-EULALIA-D_ERILL-LA-VALL-CAT-FAMILIAR-PLAY-0.mp3\" class=\"hidden\" controls\n            src=\"https:\/\/guiesullsdelahistoria.cat\/app\/uploads\/2025\/01\/SANTA-EULALIA-D_ERILL-LA-VALL-CAT-FAMILIAR-PLAY-0.mp3\"><\/audio>\n          <div class=\"flex items-center w-full gap-3 transition-opacity opacity-0 meta\">\n            <progress class=\"flex-1 border-0 appearance-none\" value=\"0\" max=\"1\"><\/progress>\n            <div class=\"text-sm text-center shrink-0 current-time w-9\"><\/div>\n                      <\/div>\n        <\/div>\n            <div class=\"flex flex-col items-center gap-2 shrink-1 audio-control\">\n        <button\n  class=\"flex items-center justify-center w-32 max-w-32 h-32 max-h-32 transition-[max-height,_max-width] bg-darker-accent rounded-full btn text-white\"\n  data-target=\"#audio-7148ff2a5542f0c192bebef85265fcdb\">\n  <svg width=\"100%\" height=\"100%\" viewBox=\"0 0 36 36\" version=\"1.1\" xmlns=\"http:\/\/www.w3.org\/2000\/svg\" xmlns:xlink=\"http:\/\/www.w3.org\/1999\/xlink\">\n  <path id=\"ytp-12\" d=\"M11,10 L18,13.74 18,22.28 11,26 M18,13.74 L26,18 26,18 18,22.28\" fill=\"currentColor\">\n    <animate id=\"animation\" begin=\"indefinite\" attributeType=\"XML\" attributeName=\"d\" fill=\"freeze\" from=\"M11,10 L17,10 17,26 11,26 M20,10 L26,10 26,26 20,26\" to=\"M11,10 L18,13.74 18,22.28 11,26 M18,13.74 L26,18 26,18 18,22.28\" dur=\"0.1s\" keySplines=\".4 0 1 1\" repeatCount=\"1\" data-play=\"M11,10 L18,13.74 18,22.28 11,26 M18,13.74 L26,18 26,18 18,22.28\" data-pause=\"M11,10 L17,10 17,26 11,26 M20,10 L26,10 26,26 20,26\"><\/animate>\n  <\/path>\n<\/svg>\n<\/button>\n        <p class=\"text-base text-center\">Escolta<\/p>\n      <\/div>\n    <\/div>\n\n    \n          <div class=\"flex flex-wrap justify-between gap-6 md:justify-start\">\n                  <button data-target=\"#transcription-7148ff2a5542f0c192bebef85265fcdb\" data-toggle=\"modal\" class=\"flex items-center gap-2\">\n            <svg class=\"w-6 h-6\" fill=\"none\" xmlns=\"http:\/\/www.w3.org\/2000\/svg\" viewBox=\"0 0 22 12\"><path d=\"M0 9.873v-6c0-.55.196-1.02.588-1.412A1.926 1.926 0 0 1 2 1.873h2c.55 0 1.02.196 1.412.588.392.391.588.862.588 1.412v6H4v-2H2v2H0Zm2-4h2v-2H2v2Zm6 4v-8h4c.55 0 1.02.196 1.412.588.392.391.588.862.588 1.412v4c0 .55-.196 1.021-.588 1.413A1.926 1.926 0 0 1 12 9.873H8Zm2-2h2v-4h-2v4Zm6.85.8-1.4-1.425c.183-.183.32-.391.413-.625.091-.233.137-.483.137-.75 0-.283-.046-.537-.137-.762a1.85 1.85 0 0 0-.413-.613l1.4-1.45c.367.367.65.792.85 1.275.2.484.3 1 .3 1.55s-.1 1.063-.3 1.538c-.2.475-.483.896-.85 1.262Zm2.825 2.825-1.45-1.375c.55-.55.983-1.187 1.3-1.912A5.775 5.775 0 0 0 20 5.873c0-.85-.158-1.633-.475-2.35a6.217 6.217 0 0 0-1.3-1.9l1.45-1.4a7.94 7.94 0 0 1 1.712 2.55c.409.967.613 2 .613 3.1s-.204 2.13-.613 3.088a7.977 7.977 0 0 1-1.712 2.537Z\" fill=\"#000\"\/><\/svg>            <span>Transcripci\u00f3<\/span>\n          <\/button>\n                      <\/div>\n      <\/div>\n\n      <div id=\"transcription-7148ff2a5542f0c192bebef85265fcdb\"\n  class=\"fixed inset-0 z-50 hidden w-screen h-screen opacity-0 pointer-events-none modal transcription\"\n  tabindex=\"-1\" role=\"dialog\">\n  <div class=\"absolute w-full h-full bg-black opacity-75 modal-overlay\"><\/div>\n  <div\n    class=\"absolute z-30 w-11\/12 mx-auto overflow-y-auto text-black bg-white shadow-lg modal-container center-xy md:max-w-4xl\"\n    role=\"document\">\n    <div class=\"flex items-center justify-between px-4 py-4 text-gray-700 border-b md:px-8\">\n      <h2 class=\"!mb-0 font-bold\">Transcripci\u00f3<\/h2>\n      <div class=\"z-50 flex flex-col items-center ml-auto cursor-pointer rtl:ml-0 rtl:mr-auto modal-close\">\n        <svg class=\"w-auto h-6\" width=\"18\" height=\"23\" xmlns=\"http:\/\/www.w3.org\/2000\/svg\">\n  <g stroke=\"currentColor\" fill=\"none\" fill-rule=\"evenodd\" stroke-linecap=\"square\">\n    <path d=\"M.7248.974l16.1076 20.6167M16.655 1.2654L.9097 22.1601\" \/>\n  <\/g>\n<\/svg>        <div class=\"hidden\">Close<\/div>\n      <\/div>\n    <\/div>\n    <div class=\"px-4 py-8 overflow-y-auto max-h-modal md:px-8 modal-content\">\n      <div class=\"mb-8 flex flex-col gap-1.5\">\n                      <h3 class=\"text-xl font-bold\">La Vall de Bo\u00ed i les seves esgl\u00e9sies<\/h3>\n                            <\/div>\n            <p>Et donem la benvinguda a la Vall de Bo\u00ed i t\u2019animem a con\u00e8ixer el conjunt d\u2019esgl\u00e9sies rom\u00e0niques que hi ha als diversos pobles de la Vall.<\/p>\n<p>Aquestes esgl\u00e9sies s\u00f3n tan importants que la UNESCO, una organitzaci\u00f3 que promou la col\u00b7laboraci\u00f3 internacional en educaci\u00f3, ci\u00e8ncia, cultura i comunicaci\u00f3, les va posar a la seva llista de Patrimoni Mundial l\u2019any 2000, al costat, per exemple, de la Gran Muralla de la Xina, les pir\u00e0mides d\u2019Egipte o l\u2019Est\u00e0tua de la Llibertat dels Estats Units.<br \/>\nPer\u00f2 quantes esgl\u00e9sies hi ha i per qu\u00e8 s\u00f3n tan importants? Quina \u00e9s la seva hist\u00f2ria?<br \/>\nEl Conjunt Rom\u00e0nic de la Vall de Bo\u00ed l\u2019integren nou esgl\u00e9sies: Sant Climent i Santa Maria de Ta\u00fcll, Sant Joan de Bo\u00ed, Santa Eul\u00e0lia d\u2019Erill la Vall, Sant Feliu de Barruera, la Nativitat i Sant Quirc de Durro, Santa Maria de Cardet i l\u2019Assumpci\u00f3 de C\u00f3ll.<br \/>\nTotes tenen una hist\u00f2ria comuna, perqu\u00e8 van ser constru\u00efdes entre el segle XI i el XII, ara fa m\u00e9s de nou-cents anys. Tamb\u00e9 tenen el mateix estil arquitect\u00f2nic, el rom\u00e0nic, i per aix\u00f2 es pot dir que formen un conjunt. I qui les va fer? Doncs les van pensar els mestres d\u2019obra, que era com se\u2019n deia llavors del que avui en diem arquitectes. I, \u00e9s clar, tots els treballadors que les van aixecar, pedra sobre pedra. Per\u00f2 els diners per pagar l\u2019obra els van posar els senyors feudals d\u2019aquestes terres, que s\u2019havien fet rics gr\u00e0cies a la guerra.<br \/>\nAmb la guia que tens a les mans, descobrir\u00e0s la import\u00e0ncia de cada una de les nou esgl\u00e9sies del conjunt i els secrets que amaguen als racons m\u00e9s insospitats.<br \/>\nUna advert\u00e8ncia final! Aquestes muntanyes s\u00f3n misterioses i, a les valls, les paraules de les persones que les han habitat sovint es queden atrapades i ressonen al llarg del temps com un eco imperceptible. Aquesta guia disposa d\u2019un sensor que s\u2019activa cada cop que en capta alguna. No t\u2019espantis i continua escoltant.<\/p>\n    <\/div>\n  <\/div>\n<\/div>\n    <\/section>\n\n\n<div class=\"flex flex-col gap-3 element text-block\">\n  <div class=\"flex items-center gap-6\">\n              <h2 class=\"text-2xl font-bold\">7b Absis<\/h2>\n      <\/div>\n    <\/div>\n\n\n<div class=\"flex flex-col gap-6 element image-block\">\n  <div class=\"flex flex-col gap-3\">\n      <\/div>\n      <figure>\n      <img loading=\"lazy\" decoding=\"async\" width=\"567\" height=\"851\" src=\"https:\/\/guiesullsdelahistoria.cat\/app\/uploads\/2024\/11\/MG_1536.jpg\" class=\"w-full h-auto\" alt=\"Torre del campanar de l\u2019esgl\u00e9sia de Santa Eul\u00e0lia d\u2019Erill la Vall amb el cel al fons.\" srcset=\"https:\/\/guiesullsdelahistoria.cat\/app\/uploads\/2024\/11\/MG_1536.jpg 567w, https:\/\/guiesullsdelahistoria.cat\/app\/uploads\/2024\/11\/MG_1536-200x300.jpg 200w\" sizes=\"auto, (max-width: 567px) 100vw, 567px\" \/>\n              <figcaption class=\"pt-2 text-gray-800\">Torre del campanar de Santa Eul\u00e0lia d\u2019Erill la Vall.<\/figcaption>\n          <\/figure>\n  <\/div>\n\n\n<section class=\"element audio-block\">\n  <div class=\"flex flex-col w-full gap-6\">\n    <div class=\"flex flex-col gap-3\">\n      <div class=\"flex gap-6\">\n                          <h2 class=\"text-2xl font-bold\">El campanar<\/h2>\n              <\/div>\n          <\/div>\n    <div class=\"flex items-center justify-end gap-3\">\n              <div class=\"flex-1 audio-content\" dir=\"ltr\">\n          <audio id=\"audio-49427f2517d76b69a8fc85a185f283bd\" data-label=\"El campanar\"\n            data-category=\"SANTA-EULALIA-D_ERILL-LA-VALL-CAT-FAMILIAR-PLAY-1.mp3\" class=\"hidden\" controls\n            src=\"https:\/\/guiesullsdelahistoria.cat\/app\/uploads\/2025\/01\/SANTA-EULALIA-D_ERILL-LA-VALL-CAT-FAMILIAR-PLAY-1.mp3\"><\/audio>\n          <div class=\"flex items-center w-full gap-3 transition-opacity opacity-0 meta\">\n            <progress class=\"flex-1 border-0 appearance-none\" value=\"0\" max=\"1\"><\/progress>\n            <div class=\"text-sm text-center shrink-0 current-time w-9\"><\/div>\n                      <\/div>\n        <\/div>\n            <div class=\"flex flex-col items-center gap-2 shrink-1 audio-control\">\n        <button\n  class=\"flex items-center justify-center w-32 max-w-32 h-32 max-h-32 transition-[max-height,_max-width] bg-darker-accent rounded-full btn text-white\"\n  data-target=\"#audio-49427f2517d76b69a8fc85a185f283bd\">\n  <svg width=\"100%\" height=\"100%\" viewBox=\"0 0 36 36\" version=\"1.1\" xmlns=\"http:\/\/www.w3.org\/2000\/svg\" xmlns:xlink=\"http:\/\/www.w3.org\/1999\/xlink\">\n  <path id=\"ytp-12\" d=\"M11,10 L18,13.74 18,22.28 11,26 M18,13.74 L26,18 26,18 18,22.28\" fill=\"currentColor\">\n    <animate id=\"animation\" begin=\"indefinite\" attributeType=\"XML\" attributeName=\"d\" fill=\"freeze\" from=\"M11,10 L17,10 17,26 11,26 M20,10 L26,10 26,26 20,26\" to=\"M11,10 L18,13.74 18,22.28 11,26 M18,13.74 L26,18 26,18 18,22.28\" dur=\"0.1s\" keySplines=\".4 0 1 1\" repeatCount=\"1\" data-play=\"M11,10 L18,13.74 18,22.28 11,26 M18,13.74 L26,18 26,18 18,22.28\" data-pause=\"M11,10 L17,10 17,26 11,26 M20,10 L26,10 26,26 20,26\"><\/animate>\n  <\/path>\n<\/svg>\n<\/button>\n        <p class=\"text-base text-center\">Escolta<\/p>\n      <\/div>\n    <\/div>\n\n    \n          <div class=\"flex flex-wrap justify-between gap-6 md:justify-start\">\n                  <button data-target=\"#transcription-49427f2517d76b69a8fc85a185f283bd\" data-toggle=\"modal\" class=\"flex items-center gap-2\">\n            <svg class=\"w-6 h-6\" fill=\"none\" xmlns=\"http:\/\/www.w3.org\/2000\/svg\" viewBox=\"0 0 22 12\"><path d=\"M0 9.873v-6c0-.55.196-1.02.588-1.412A1.926 1.926 0 0 1 2 1.873h2c.55 0 1.02.196 1.412.588.392.391.588.862.588 1.412v6H4v-2H2v2H0Zm2-4h2v-2H2v2Zm6 4v-8h4c.55 0 1.02.196 1.412.588.392.391.588.862.588 1.412v4c0 .55-.196 1.021-.588 1.413A1.926 1.926 0 0 1 12 9.873H8Zm2-2h2v-4h-2v4Zm6.85.8-1.4-1.425c.183-.183.32-.391.413-.625.091-.233.137-.483.137-.75 0-.283-.046-.537-.137-.762a1.85 1.85 0 0 0-.413-.613l1.4-1.45c.367.367.65.792.85 1.275.2.484.3 1 .3 1.55s-.1 1.063-.3 1.538c-.2.475-.483.896-.85 1.262Zm2.825 2.825-1.45-1.375c.55-.55.983-1.187 1.3-1.912A5.775 5.775 0 0 0 20 5.873c0-.85-.158-1.633-.475-2.35a6.217 6.217 0 0 0-1.3-1.9l1.45-1.4a7.94 7.94 0 0 1 1.712 2.55c.409.967.613 2 .613 3.1s-.204 2.13-.613 3.088a7.977 7.977 0 0 1-1.712 2.537Z\" fill=\"#000\"\/><\/svg>            <span>Transcripci\u00f3<\/span>\n          <\/button>\n                      <\/div>\n      <\/div>\n\n      <div id=\"transcription-49427f2517d76b69a8fc85a185f283bd\"\n  class=\"fixed inset-0 z-50 hidden w-screen h-screen opacity-0 pointer-events-none modal transcription\"\n  tabindex=\"-1\" role=\"dialog\">\n  <div class=\"absolute w-full h-full bg-black opacity-75 modal-overlay\"><\/div>\n  <div\n    class=\"absolute z-30 w-11\/12 mx-auto overflow-y-auto text-black bg-white shadow-lg modal-container center-xy md:max-w-4xl\"\n    role=\"document\">\n    <div class=\"flex items-center justify-between px-4 py-4 text-gray-700 border-b md:px-8\">\n      <h2 class=\"!mb-0 font-bold\">Transcripci\u00f3<\/h2>\n      <div class=\"z-50 flex flex-col items-center ml-auto cursor-pointer rtl:ml-0 rtl:mr-auto modal-close\">\n        <svg class=\"w-auto h-6\" width=\"18\" height=\"23\" xmlns=\"http:\/\/www.w3.org\/2000\/svg\">\n  <g stroke=\"currentColor\" fill=\"none\" fill-rule=\"evenodd\" stroke-linecap=\"square\">\n    <path d=\"M.7248.974l16.1076 20.6167M16.655 1.2654L.9097 22.1601\" \/>\n  <\/g>\n<\/svg>        <div class=\"hidden\">Close<\/div>\n      <\/div>\n    <\/div>\n    <div class=\"px-4 py-8 overflow-y-auto max-h-modal md:px-8 modal-content\">\n      <div class=\"mb-8 flex flex-col gap-1.5\">\n                      <h3 class=\"text-xl font-bold\">El campanar<\/h3>\n                            <\/div>\n            <p>Has vist quin campanar tan impressionant? T\u00e9 sis pisos d\u2019al\u00e7ada! Saps per qu\u00e8 els feien tan alts? La torre del campanar, com m\u00e9s alta, millor, perqu\u00e8 era m\u00e9s a prop de cel i, per tant, de D\u00e9u.<br \/>\nPer\u00f2 tenir una torre ben alta tamb\u00e9 era important perqu\u00e8 servia per vigilar tot el territori, per si de cas s\u2019acostava algun enemic. Alhora, era una manera de comunicar-se amb els altres pobles de la Vall, per avisar-se a dist\u00e0ncia de qualsevol cosa. Per aix\u00f2, des d\u2019aquest campanar es poden veure el de Sant Joan de Bo\u00ed i el de Sant Climent de Ta\u00fcll.<br \/>\nSi pots, gaudeix del so de les campanes ressonant per tot el poble. Val la pena.<br \/>\nDespr\u00e9s, t\u2019has d\u2019acostar al porxo on hi ha la porta d\u2019entrada a l\u2019esgl\u00e9sia. <\/p>\n    <\/div>\n  <\/div>\n<\/div>\n    <\/section>\n\n\n<div class=\"flex flex-col gap-3 element text-block\">\n  <div class=\"flex items-center gap-6\">\n              <h2 class=\"text-2xl font-bold\">7c Porxo<\/h2>\n      <\/div>\n    <\/div>\n\n\n<div class=\"flex flex-col gap-6 element image-block\">\n  <div class=\"flex flex-col gap-3\">\n      <\/div>\n      <figure>\n      <img loading=\"lazy\" decoding=\"async\" width=\"1703\" height=\"2560\" src=\"https:\/\/guiesullsdelahistoria.cat\/app\/uploads\/2024\/11\/Santa_Eulalia_Erill_la_Vall_porxo_llum-scaled.jpg\" class=\"w-full h-auto\" alt=\"Exterior de l\u2019esgl\u00e9sia de Santa Eul\u00e0lia d\u2019Erill la Vall al capvespre, amb el porxo il\u00b7luminat i el cementiri al davant.\" srcset=\"https:\/\/guiesullsdelahistoria.cat\/app\/uploads\/2024\/11\/Santa_Eulalia_Erill_la_Vall_porxo_llum-scaled.jpg 1703w, https:\/\/guiesullsdelahistoria.cat\/app\/uploads\/2024\/11\/Santa_Eulalia_Erill_la_Vall_porxo_llum-200x300.jpg 200w, https:\/\/guiesullsdelahistoria.cat\/app\/uploads\/2024\/11\/Santa_Eulalia_Erill_la_Vall_porxo_llum-681x1024.jpg 681w, https:\/\/guiesullsdelahistoria.cat\/app\/uploads\/2024\/11\/Santa_Eulalia_Erill_la_Vall_porxo_llum-768x1155.jpg 768w, https:\/\/guiesullsdelahistoria.cat\/app\/uploads\/2024\/11\/Santa_Eulalia_Erill_la_Vall_porxo_llum-1022x1536.jpg 1022w, https:\/\/guiesullsdelahistoria.cat\/app\/uploads\/2024\/11\/Santa_Eulalia_Erill_la_Vall_porxo_llum-1362x2048.jpg 1362w\" sizes=\"auto, (max-width: 1703px) 100vw, 1703px\" \/>\n              <figcaption class=\"pt-2 text-gray-800\"> Vista nocturna de Santa Eul\u00e0lia d\u2019Erill la Vall.<\/figcaption>\n          <\/figure>\n  <\/div>\n\n\n<section class=\"element audio-block\">\n  <div class=\"flex flex-col w-full gap-6\">\n    <div class=\"flex flex-col gap-3\">\n      <div class=\"flex gap-6\">\n                          <h2 class=\"text-2xl font-bold\">Un punt de trobada<\/h2>\n              <\/div>\n          <\/div>\n    <div class=\"flex items-center justify-end gap-3\">\n              <div class=\"flex-1 audio-content\" dir=\"ltr\">\n          <audio id=\"audio-c34afb8d5ba5722487b25864529ecba6\" data-label=\"Un punt de trobada\"\n            data-category=\"SANTA-EULALIA-D_ERILL-LA-VALL-CAT-FAMILIAR-PLAY-2.mp3\" class=\"hidden\" controls\n            src=\"https:\/\/guiesullsdelahistoria.cat\/app\/uploads\/2025\/01\/SANTA-EULALIA-D_ERILL-LA-VALL-CAT-FAMILIAR-PLAY-2.mp3\"><\/audio>\n          <div class=\"flex items-center w-full gap-3 transition-opacity opacity-0 meta\">\n            <progress class=\"flex-1 border-0 appearance-none\" value=\"0\" max=\"1\"><\/progress>\n            <div class=\"text-sm text-center shrink-0 current-time w-9\"><\/div>\n                      <\/div>\n        <\/div>\n            <div class=\"flex flex-col items-center gap-2 shrink-1 audio-control\">\n        <button\n  class=\"flex items-center justify-center w-32 max-w-32 h-32 max-h-32 transition-[max-height,_max-width] bg-darker-accent rounded-full btn text-white\"\n  data-target=\"#audio-c34afb8d5ba5722487b25864529ecba6\">\n  <svg width=\"100%\" height=\"100%\" viewBox=\"0 0 36 36\" version=\"1.1\" xmlns=\"http:\/\/www.w3.org\/2000\/svg\" xmlns:xlink=\"http:\/\/www.w3.org\/1999\/xlink\">\n  <path id=\"ytp-12\" d=\"M11,10 L18,13.74 18,22.28 11,26 M18,13.74 L26,18 26,18 18,22.28\" fill=\"currentColor\">\n    <animate id=\"animation\" begin=\"indefinite\" attributeType=\"XML\" attributeName=\"d\" fill=\"freeze\" from=\"M11,10 L17,10 17,26 11,26 M20,10 L26,10 26,26 20,26\" to=\"M11,10 L18,13.74 18,22.28 11,26 M18,13.74 L26,18 26,18 18,22.28\" dur=\"0.1s\" keySplines=\".4 0 1 1\" repeatCount=\"1\" data-play=\"M11,10 L18,13.74 18,22.28 11,26 M18,13.74 L26,18 26,18 18,22.28\" data-pause=\"M11,10 L17,10 17,26 11,26 M20,10 L26,10 26,26 20,26\"><\/animate>\n  <\/path>\n<\/svg>\n<\/button>\n        <p class=\"text-base text-center\">Escolta<\/p>\n      <\/div>\n    <\/div>\n\n    \n          <div class=\"flex flex-wrap justify-between gap-6 md:justify-start\">\n                  <button data-target=\"#transcription-c34afb8d5ba5722487b25864529ecba6\" data-toggle=\"modal\" class=\"flex items-center gap-2\">\n            <svg class=\"w-6 h-6\" fill=\"none\" xmlns=\"http:\/\/www.w3.org\/2000\/svg\" viewBox=\"0 0 22 12\"><path d=\"M0 9.873v-6c0-.55.196-1.02.588-1.412A1.926 1.926 0 0 1 2 1.873h2c.55 0 1.02.196 1.412.588.392.391.588.862.588 1.412v6H4v-2H2v2H0Zm2-4h2v-2H2v2Zm6 4v-8h4c.55 0 1.02.196 1.412.588.392.391.588.862.588 1.412v4c0 .55-.196 1.021-.588 1.413A1.926 1.926 0 0 1 12 9.873H8Zm2-2h2v-4h-2v4Zm6.85.8-1.4-1.425c.183-.183.32-.391.413-.625.091-.233.137-.483.137-.75 0-.283-.046-.537-.137-.762a1.85 1.85 0 0 0-.413-.613l1.4-1.45c.367.367.65.792.85 1.275.2.484.3 1 .3 1.55s-.1 1.063-.3 1.538c-.2.475-.483.896-.85 1.262Zm2.825 2.825-1.45-1.375c.55-.55.983-1.187 1.3-1.912A5.775 5.775 0 0 0 20 5.873c0-.85-.158-1.633-.475-2.35a6.217 6.217 0 0 0-1.3-1.9l1.45-1.4a7.94 7.94 0 0 1 1.712 2.55c.409.967.613 2 .613 3.1s-.204 2.13-.613 3.088a7.977 7.977 0 0 1-1.712 2.537Z\" fill=\"#000\"\/><\/svg>            <span>Transcripci\u00f3<\/span>\n          <\/button>\n                      <\/div>\n      <\/div>\n\n      <div id=\"transcription-c34afb8d5ba5722487b25864529ecba6\"\n  class=\"fixed inset-0 z-50 hidden w-screen h-screen opacity-0 pointer-events-none modal transcription\"\n  tabindex=\"-1\" role=\"dialog\">\n  <div class=\"absolute w-full h-full bg-black opacity-75 modal-overlay\"><\/div>\n  <div\n    class=\"absolute z-30 w-11\/12 mx-auto overflow-y-auto text-black bg-white shadow-lg modal-container center-xy md:max-w-4xl\"\n    role=\"document\">\n    <div class=\"flex items-center justify-between px-4 py-4 text-gray-700 border-b md:px-8\">\n      <h2 class=\"!mb-0 font-bold\">Transcripci\u00f3<\/h2>\n      <div class=\"z-50 flex flex-col items-center ml-auto cursor-pointer rtl:ml-0 rtl:mr-auto modal-close\">\n        <svg class=\"w-auto h-6\" width=\"18\" height=\"23\" xmlns=\"http:\/\/www.w3.org\/2000\/svg\">\n  <g stroke=\"currentColor\" fill=\"none\" fill-rule=\"evenodd\" stroke-linecap=\"square\">\n    <path d=\"M.7248.974l16.1076 20.6167M16.655 1.2654L.9097 22.1601\" \/>\n  <\/g>\n<\/svg>        <div class=\"hidden\">Close<\/div>\n      <\/div>\n    <\/div>\n    <div class=\"px-4 py-8 overflow-y-auto max-h-modal md:px-8 modal-content\">\n      <div class=\"mb-8 flex flex-col gap-1.5\">\n                      <h3 class=\"text-xl font-bold\">Un punt de trobada<\/h3>\n                            <\/div>\n            <p>Aquest porxo, igual que els que es fan ara a les cases o a les parades d\u2019autob\u00fas, tenia la funci\u00f3 de protegir la gent del sol, de la pluja o de la neu.<br \/>\nI \u00e9s que, fins fa pocs anys, la porta de l\u2019esgl\u00e9sia era un punt de trobada de la gent del poble. Abans i despr\u00e9s de la missa, els feligresos es quedaven una estona a la porta de l\u2019esgl\u00e9sia per saludar ve\u00efns i coneguts i xerrar una estona. Aquest porxo protegia les persones del sol, de la pluja i de la neu mentre esperaven per entrar a l\u2019esgl\u00e9sia o per altres actes que se celebraven a l\u2019exterior. El porxo, a m\u00e9s, tenia una funci\u00f3 simb\u00f2lica: era l\u2019espai que separava el m\u00f3n terrenal de la casa de D\u00e9u, un lloc sagrat.<br \/>\nA la part de dalt de l\u2019arc de la porta hi ha dues serps enfrontades, una clara advert\u00e8ncia del pecat. Les veus?<br \/>\nPer\u00f2 el mur que tens davant encara amaga un secret important. A banda i banda de la porta hi ha dues pedres amb uns dibuixos de color blanc: una mena de creu a l\u2019esquerra i una estrella a la dreta. Saps qu\u00e8 s\u00f3n? S\u00f3n dibuixos que es feien per protegir l\u2019esgl\u00e9sia de qualsevol mal. Si busques per la resta del mur, encara en podr\u00e0s trobar algun m\u00e9s. I donant la volta a l\u2019esgl\u00e9sia per la dreta hi ha altres dibuixos, com ara una espiral o una espiga. Per\u00f2 aquests no eren per allunyar el mal, sin\u00f3 per indicar qui havia tallat les pedres. Quan els hagis trobat, entra a l\u2019esgl\u00e9sia. <\/p>\n    <\/div>\n  <\/div>\n<\/div>\n    <\/section>\n\n\n<div class=\"flex flex-col gap-3 element text-block\">\n  <div class=\"flex items-center gap-6\">\n              <h2 class=\"text-2xl font-bold\">7d Altar<\/h2>\n      <\/div>\n    <\/div>\n\n\n<div class=\"flex flex-col gap-6 element image-block\">\n  <div class=\"flex flex-col gap-3\">\n      <\/div>\n      <figure>\n      <img loading=\"lazy\" decoding=\"async\" width=\"1600\" height=\"1200\" src=\"https:\/\/guiesullsdelahistoria.cat\/app\/uploads\/2024\/11\/vall-de-boi-2_0057-copia_1.jpg\" class=\"w-full h-auto\" alt=\"Interior de l\u2019esgl\u00e9sia de Santa Eul\u00e0lia d\u2019Erill la Vall vist des del cor amb el conjunt escult\u00f2ric del Davallament de la creu al fons.\" srcset=\"https:\/\/guiesullsdelahistoria.cat\/app\/uploads\/2024\/11\/vall-de-boi-2_0057-copia_1.jpg 1600w, https:\/\/guiesullsdelahistoria.cat\/app\/uploads\/2024\/11\/vall-de-boi-2_0057-copia_1-300x225.jpg 300w, https:\/\/guiesullsdelahistoria.cat\/app\/uploads\/2024\/11\/vall-de-boi-2_0057-copia_1-1024x768.jpg 1024w, https:\/\/guiesullsdelahistoria.cat\/app\/uploads\/2024\/11\/vall-de-boi-2_0057-copia_1-768x576.jpg 768w, https:\/\/guiesullsdelahistoria.cat\/app\/uploads\/2024\/11\/vall-de-boi-2_0057-copia_1-1536x1152.jpg 1536w\" sizes=\"auto, (max-width: 1600px) 100vw, 1600px\" \/>\n              <figcaption class=\"pt-2 text-gray-800\"> Interior de Santa Eul\u00e0lia d\u2019Erill la Vall vist des del cor.<\/figcaption>\n          <\/figure>\n  <\/div>\n\n\n<section class=\"element audio-block\">\n  <div class=\"flex flex-col w-full gap-6\">\n    <div class=\"flex flex-col gap-3\">\n      <div class=\"flex gap-6\">\n                          <h2 class=\"text-2xl font-bold\">Una nau que va canviant<\/h2>\n              <\/div>\n          <\/div>\n    <div class=\"flex items-center justify-end gap-3\">\n              <div class=\"flex-1 audio-content\" dir=\"ltr\">\n          <audio id=\"audio-afc13df25ce121dab7adfb65d6667082\" data-label=\"Una nau que va canviant\"\n            data-category=\"SANTA-EULALIA-D_ERILL-LA-VALL-CAT-FAMILIAR-PLAY-3.mp3\" class=\"hidden\" controls\n            src=\"https:\/\/guiesullsdelahistoria.cat\/app\/uploads\/2025\/01\/SANTA-EULALIA-D_ERILL-LA-VALL-CAT-FAMILIAR-PLAY-3.mp3\"><\/audio>\n          <div class=\"flex items-center w-full gap-3 transition-opacity opacity-0 meta\">\n            <progress class=\"flex-1 border-0 appearance-none\" value=\"0\" max=\"1\"><\/progress>\n            <div class=\"text-sm text-center shrink-0 current-time w-9\"><\/div>\n                      <\/div>\n        <\/div>\n            <div class=\"flex flex-col items-center gap-2 shrink-1 audio-control\">\n        <button\n  class=\"flex items-center justify-center w-32 max-w-32 h-32 max-h-32 transition-[max-height,_max-width] bg-darker-accent rounded-full btn text-white\"\n  data-target=\"#audio-afc13df25ce121dab7adfb65d6667082\">\n  <svg width=\"100%\" height=\"100%\" viewBox=\"0 0 36 36\" version=\"1.1\" xmlns=\"http:\/\/www.w3.org\/2000\/svg\" xmlns:xlink=\"http:\/\/www.w3.org\/1999\/xlink\">\n  <path id=\"ytp-12\" d=\"M11,10 L18,13.74 18,22.28 11,26 M18,13.74 L26,18 26,18 18,22.28\" fill=\"currentColor\">\n    <animate id=\"animation\" begin=\"indefinite\" attributeType=\"XML\" attributeName=\"d\" fill=\"freeze\" from=\"M11,10 L17,10 17,26 11,26 M20,10 L26,10 26,26 20,26\" to=\"M11,10 L18,13.74 18,22.28 11,26 M18,13.74 L26,18 26,18 18,22.28\" dur=\"0.1s\" keySplines=\".4 0 1 1\" repeatCount=\"1\" data-play=\"M11,10 L18,13.74 18,22.28 11,26 M18,13.74 L26,18 26,18 18,22.28\" data-pause=\"M11,10 L17,10 17,26 11,26 M20,10 L26,10 26,26 20,26\"><\/animate>\n  <\/path>\n<\/svg>\n<\/button>\n        <p class=\"text-base text-center\">Escolta<\/p>\n      <\/div>\n    <\/div>\n\n    \n          <div class=\"flex flex-wrap justify-between gap-6 md:justify-start\">\n                  <button data-target=\"#transcription-afc13df25ce121dab7adfb65d6667082\" data-toggle=\"modal\" class=\"flex items-center gap-2\">\n            <svg class=\"w-6 h-6\" fill=\"none\" xmlns=\"http:\/\/www.w3.org\/2000\/svg\" viewBox=\"0 0 22 12\"><path d=\"M0 9.873v-6c0-.55.196-1.02.588-1.412A1.926 1.926 0 0 1 2 1.873h2c.55 0 1.02.196 1.412.588.392.391.588.862.588 1.412v6H4v-2H2v2H0Zm2-4h2v-2H2v2Zm6 4v-8h4c.55 0 1.02.196 1.412.588.392.391.588.862.588 1.412v4c0 .55-.196 1.021-.588 1.413A1.926 1.926 0 0 1 12 9.873H8Zm2-2h2v-4h-2v4Zm6.85.8-1.4-1.425c.183-.183.32-.391.413-.625.091-.233.137-.483.137-.75 0-.283-.046-.537-.137-.762a1.85 1.85 0 0 0-.413-.613l1.4-1.45c.367.367.65.792.85 1.275.2.484.3 1 .3 1.55s-.1 1.063-.3 1.538c-.2.475-.483.896-.85 1.262Zm2.825 2.825-1.45-1.375c.55-.55.983-1.187 1.3-1.912A5.775 5.775 0 0 0 20 5.873c0-.85-.158-1.633-.475-2.35a6.217 6.217 0 0 0-1.3-1.9l1.45-1.4a7.94 7.94 0 0 1 1.712 2.55c.409.967.613 2 .613 3.1s-.204 2.13-.613 3.088a7.977 7.977 0 0 1-1.712 2.537Z\" fill=\"#000\"\/><\/svg>            <span>Transcripci\u00f3<\/span>\n          <\/button>\n                      <\/div>\n      <\/div>\n\n      <div id=\"transcription-afc13df25ce121dab7adfb65d6667082\"\n  class=\"fixed inset-0 z-50 hidden w-screen h-screen opacity-0 pointer-events-none modal transcription\"\n  tabindex=\"-1\" role=\"dialog\">\n  <div class=\"absolute w-full h-full bg-black opacity-75 modal-overlay\"><\/div>\n  <div\n    class=\"absolute z-30 w-11\/12 mx-auto overflow-y-auto text-black bg-white shadow-lg modal-container center-xy md:max-w-4xl\"\n    role=\"document\">\n    <div class=\"flex items-center justify-between px-4 py-4 text-gray-700 border-b md:px-8\">\n      <h2 class=\"!mb-0 font-bold\">Transcripci\u00f3<\/h2>\n      <div class=\"z-50 flex flex-col items-center ml-auto cursor-pointer rtl:ml-0 rtl:mr-auto modal-close\">\n        <svg class=\"w-auto h-6\" width=\"18\" height=\"23\" xmlns=\"http:\/\/www.w3.org\/2000\/svg\">\n  <g stroke=\"currentColor\" fill=\"none\" fill-rule=\"evenodd\" stroke-linecap=\"square\">\n    <path d=\"M.7248.974l16.1076 20.6167M16.655 1.2654L.9097 22.1601\" \/>\n  <\/g>\n<\/svg>        <div class=\"hidden\">Close<\/div>\n      <\/div>\n    <\/div>\n    <div class=\"px-4 py-8 overflow-y-auto max-h-modal md:px-8 modal-content\">\n      <div class=\"mb-8 flex flex-col gap-1.5\">\n                      <h3 class=\"text-xl font-bold\">Una nau que va canviant<\/h3>\n                            <\/div>\n            <p>Has vist quines figures m\u00e9s impressionants? Saps qu\u00e8 hi passa, en aquesta escena? Ves-t\u2019ho rumiant i, quan pugis al cor, l\u2019altell que tens darrere, en parlem.<br \/>\nAra, has de saber que aquesta esgl\u00e9sia es va construir per parts: primer es va fer la nau, aquesta gran sala on ets. Uns anys m\u00e9s tard, la nau es va fer m\u00e9s gran i es van afegir el campanar i el porxo. Tamb\u00e9 en aquella \u00e8poca, una part de la nau va caure accidentalment i es va fer una reconstrucci\u00f3. I encara m\u00e9s tard, al segle xvi, es va afegir el cor, entre altres canvis.<br \/>\nTe n\u2019haur\u00e0s adonat que el terra de l\u2019esgl\u00e9sia fa baixada. Aix\u00f2 \u00e9s perqu\u00e8 aquesta esgl\u00e9sia es va construir sobre la pedra que ja hi havia en aquest lloc, que estava una mica inclinada.<br \/>\nAra s\u00ed, puja a l\u2019altell, des d\u2019on podr\u00e0s veure molt b\u00e9 les figures de fusta. <\/p>\n    <\/div>\n  <\/div>\n<\/div>\n    <\/section>\n\n\n<div class=\"flex flex-col gap-3 element text-block\">\n  <div class=\"flex items-center gap-6\">\n              <h2 class=\"text-2xl font-bold\">7e Cor<\/h2>\n      <\/div>\n    <\/div>\n\n\n<div class=\"flex flex-col gap-6 element image-block\">\n  <div class=\"flex flex-col gap-3\">\n      <\/div>\n      <figure>\n      <img loading=\"lazy\" decoding=\"async\" width=\"1426\" height=\"948\" src=\"https:\/\/guiesullsdelahistoria.cat\/app\/uploads\/2024\/11\/Santa_Eulalia_Erill_la_Vall_Davallament_DSC2390.jpg\" class=\"w-full h-auto\" alt=\"Grup escult\u00f2ric del Davallament de la creu d\u2019Erill, dins l\u2019esgl\u00e9sia de Santa Eul\u00e0lia d\u2019Erill la Vall.\" srcset=\"https:\/\/guiesullsdelahistoria.cat\/app\/uploads\/2024\/11\/Santa_Eulalia_Erill_la_Vall_Davallament_DSC2390.jpg 1426w, https:\/\/guiesullsdelahistoria.cat\/app\/uploads\/2024\/11\/Santa_Eulalia_Erill_la_Vall_Davallament_DSC2390-300x199.jpg 300w, https:\/\/guiesullsdelahistoria.cat\/app\/uploads\/2024\/11\/Santa_Eulalia_Erill_la_Vall_Davallament_DSC2390-1024x681.jpg 1024w, https:\/\/guiesullsdelahistoria.cat\/app\/uploads\/2024\/11\/Santa_Eulalia_Erill_la_Vall_Davallament_DSC2390-768x511.jpg 768w\" sizes=\"auto, (max-width: 1426px) 100vw, 1426px\" \/>\n              <figcaption class=\"pt-2 text-gray-800\"><em>Davallament de la creu<\/em> d\u2019Erill la Vall.<\/figcaption>\n          <\/figure>\n  <\/div>\n\n\n<section class=\"element audio-block\">\n  <div class=\"flex flex-col w-full gap-6\">\n    <div class=\"flex flex-col gap-3\">\n      <div class=\"flex gap-6\">\n                          <h2 class=\"text-2xl font-bold\">El davallament<\/h2>\n              <\/div>\n          <\/div>\n    <div class=\"flex items-center justify-end gap-3\">\n              <div class=\"flex-1 audio-content\" dir=\"ltr\">\n          <audio id=\"audio-3ee7fc52fe3497b72263447f3444c9f4\" data-label=\"El davallament\"\n            data-category=\"SANTA-EULALIA-D_ERILL-LA-VALL-CAT-FAMILIAR-PLAY-4.mp3\" class=\"hidden\" controls\n            src=\"https:\/\/guiesullsdelahistoria.cat\/app\/uploads\/2025\/01\/SANTA-EULALIA-D_ERILL-LA-VALL-CAT-FAMILIAR-PLAY-4.mp3\"><\/audio>\n          <div class=\"flex items-center w-full gap-3 transition-opacity opacity-0 meta\">\n            <progress class=\"flex-1 border-0 appearance-none\" value=\"0\" max=\"1\"><\/progress>\n            <div class=\"text-sm text-center shrink-0 current-time w-9\"><\/div>\n                      <\/div>\n        <\/div>\n            <div class=\"flex flex-col items-center gap-2 shrink-1 audio-control\">\n        <button\n  class=\"flex items-center justify-center w-32 max-w-32 h-32 max-h-32 transition-[max-height,_max-width] bg-darker-accent rounded-full btn text-white\"\n  data-target=\"#audio-3ee7fc52fe3497b72263447f3444c9f4\">\n  <svg width=\"100%\" height=\"100%\" viewBox=\"0 0 36 36\" version=\"1.1\" xmlns=\"http:\/\/www.w3.org\/2000\/svg\" xmlns:xlink=\"http:\/\/www.w3.org\/1999\/xlink\">\n  <path id=\"ytp-12\" d=\"M11,10 L18,13.74 18,22.28 11,26 M18,13.74 L26,18 26,18 18,22.28\" fill=\"currentColor\">\n    <animate id=\"animation\" begin=\"indefinite\" attributeType=\"XML\" attributeName=\"d\" fill=\"freeze\" from=\"M11,10 L17,10 17,26 11,26 M20,10 L26,10 26,26 20,26\" to=\"M11,10 L18,13.74 18,22.28 11,26 M18,13.74 L26,18 26,18 18,22.28\" dur=\"0.1s\" keySplines=\".4 0 1 1\" repeatCount=\"1\" data-play=\"M11,10 L18,13.74 18,22.28 11,26 M18,13.74 L26,18 26,18 18,22.28\" data-pause=\"M11,10 L17,10 17,26 11,26 M20,10 L26,10 26,26 20,26\"><\/animate>\n  <\/path>\n<\/svg>\n<\/button>\n        <p class=\"text-base text-center\">Escolta<\/p>\n      <\/div>\n    <\/div>\n\n    \n          <div class=\"flex flex-wrap justify-between gap-6 md:justify-start\">\n                  <button data-target=\"#transcription-3ee7fc52fe3497b72263447f3444c9f4\" data-toggle=\"modal\" class=\"flex items-center gap-2\">\n            <svg class=\"w-6 h-6\" fill=\"none\" xmlns=\"http:\/\/www.w3.org\/2000\/svg\" viewBox=\"0 0 22 12\"><path d=\"M0 9.873v-6c0-.55.196-1.02.588-1.412A1.926 1.926 0 0 1 2 1.873h2c.55 0 1.02.196 1.412.588.392.391.588.862.588 1.412v6H4v-2H2v2H0Zm2-4h2v-2H2v2Zm6 4v-8h4c.55 0 1.02.196 1.412.588.392.391.588.862.588 1.412v4c0 .55-.196 1.021-.588 1.413A1.926 1.926 0 0 1 12 9.873H8Zm2-2h2v-4h-2v4Zm6.85.8-1.4-1.425c.183-.183.32-.391.413-.625.091-.233.137-.483.137-.75 0-.283-.046-.537-.137-.762a1.85 1.85 0 0 0-.413-.613l1.4-1.45c.367.367.65.792.85 1.275.2.484.3 1 .3 1.55s-.1 1.063-.3 1.538c-.2.475-.483.896-.85 1.262Zm2.825 2.825-1.45-1.375c.55-.55.983-1.187 1.3-1.912A5.775 5.775 0 0 0 20 5.873c0-.85-.158-1.633-.475-2.35a6.217 6.217 0 0 0-1.3-1.9l1.45-1.4a7.94 7.94 0 0 1 1.712 2.55c.409.967.613 2 .613 3.1s-.204 2.13-.613 3.088a7.977 7.977 0 0 1-1.712 2.537Z\" fill=\"#000\"\/><\/svg>            <span>Transcripci\u00f3<\/span>\n          <\/button>\n                      <\/div>\n      <\/div>\n\n      <div id=\"transcription-3ee7fc52fe3497b72263447f3444c9f4\"\n  class=\"fixed inset-0 z-50 hidden w-screen h-screen opacity-0 pointer-events-none modal transcription\"\n  tabindex=\"-1\" role=\"dialog\">\n  <div class=\"absolute w-full h-full bg-black opacity-75 modal-overlay\"><\/div>\n  <div\n    class=\"absolute z-30 w-11\/12 mx-auto overflow-y-auto text-black bg-white shadow-lg modal-container center-xy md:max-w-4xl\"\n    role=\"document\">\n    <div class=\"flex items-center justify-between px-4 py-4 text-gray-700 border-b md:px-8\">\n      <h2 class=\"!mb-0 font-bold\">Transcripci\u00f3<\/h2>\n      <div class=\"z-50 flex flex-col items-center ml-auto cursor-pointer rtl:ml-0 rtl:mr-auto modal-close\">\n        <svg class=\"w-auto h-6\" width=\"18\" height=\"23\" xmlns=\"http:\/\/www.w3.org\/2000\/svg\">\n  <g stroke=\"currentColor\" fill=\"none\" fill-rule=\"evenodd\" stroke-linecap=\"square\">\n    <path d=\"M.7248.974l16.1076 20.6167M16.655 1.2654L.9097 22.1601\" \/>\n  <\/g>\n<\/svg>        <div class=\"hidden\">Close<\/div>\n      <\/div>\n    <\/div>\n    <div class=\"px-4 py-8 overflow-y-auto max-h-modal md:px-8 modal-content\">\n      <div class=\"mb-8 flex flex-col gap-1.5\">\n                      <h3 class=\"text-xl font-bold\">El davallament<\/h3>\n                            <\/div>\n            <p>Ets al cor, que vindria a ser com la llotja d\u2019un teatre, reservat per a les persones importants. Des d\u2019aqu\u00ed dalt pots veure molt b\u00e9 les escultures de fusta que hi ha sobre l\u2019altar. Totes juntes componen una escena de la vida de Jes\u00fas. Concretament, representen el moment que unes persones ajuden a baixar el seu cos de la creu, despr\u00e9s de morir. Aquest conjunt \u00e9s conegut com el Davallament d\u2019Erill.<br \/>\nVols saber qui s\u00f3n els personatges representats? Doncs, d\u2019esquerra a dreta, les figures s\u00f3n: Dimes (el lladre bo), la Mare de D\u00e9u, Josep d\u2019Arimatea, Jes\u00fas, Nicodem, Sant Joan i Gestes (el lladre dolent). El bon lladre i el mal lladre van ser crucificats al mateix moment que Jes\u00fas.<br \/>\n\u00c9s una sort poder veure aquesta escena sencera, perqu\u00e8 gaireb\u00e9 totes les d\u2019aquella \u00e8poca han desaparegut despr\u00e9s de tants anys.<br \/>\nHas de tenir en compte, per\u00f2, que les figures que veus s\u00f3n una c\u00f2pia fidel. Les originals s\u00f3n en un museu de Barcelona i en un altre de Vic. Saps una cosa? Les talles originals estaven pintades de colors! Si vols saber com eren, activa el recurs virtual.<\/p>\n    <\/div>\n  <\/div>\n<\/div>\n    <\/section>\n\n\n<div class=\"flex flex-col gap-3 element interactive-block\">\n  <div class=\"flex items-center gap-6\">\n              <h2 class=\"text-2xl font-bold\">Recurs virtual: Realitat augmentada amb el policromat del Davallament<\/h2>\n      <\/div>\n          <div class=\"flex justify-end w-full\">\n      <div class=\"flex flex-col items-center gap-2 shrink-1\">\n        <button data-target=\"#embed-69f5c671c286a\" data-toggle=\"modal\"\n          class=\"flex items-center justify-center w-32 h-32 text-white rounded-full bg-darker-accent\">\n          <svg class=\"w-16 h-auto\" width=\"60\" height=\"61\" viewBox=\"0 0 60 61\" fill=\"none\" xmlns=\"http:\/\/www.w3.org\/2000\/svg\">\n  <path\n    d=\"M27 53.298L12 44.673C11.05 44.1231 10.3125 43.398 9.7875 42.498C9.2625 41.598 9 40.598 9 39.498V22.248C9 21.148 9.2625 20.148 9.7875 19.248C10.3125 18.348 11.05 17.623 12 17.073L27 8.44805C27.95 7.89805 28.95 7.62305 30 7.62305C31.05 7.62305 32.05 7.89805 33 8.44805L48 17.073C48.95 17.623 49.6875 18.348 50.2125 19.248C50.7375 20.148 51 21.148 51 22.248V39.498C51 40.598 50.7375 41.598 50.2125 42.498C49.6875 43.398 48.95 44.1231 48 44.673L33 53.298C32.05 53.848 31.05 54.123 30 54.123C28.95 54.123 27.95 53.848 27 53.298ZM27 46.398V32.598L15 25.623V39.498L27 46.398ZM33 46.398L45 39.498V25.623L33 32.598V46.398ZM0 15.873V6.87305C0 5.22305 0.5875 3.81055 1.7625 2.63555C2.9375 1.46055 4.35 0.873047 6 0.873047H15V6.87305H6V15.873H0ZM15 60.873H6C4.35 60.873 2.9375 60.2855 1.7625 59.1105C0.5875 57.9355 0 56.523 0 54.873V45.8731H6V54.873H15V60.873ZM45 60.873V54.873H54V45.8731H60V54.873C60 56.523 59.4125 57.9355 58.2375 59.1105C57.0625 60.2855 55.65 60.873 54 60.873H45ZM54 15.873V6.87305H45V0.873047H54C55.65 0.873047 57.0625 1.46055 58.2375 2.63555C59.4125 3.81055 60 5.22305 60 6.87305V15.873H54ZM30 27.423L41.85 20.448L30 13.623L18.15 20.448L30 27.423Z\"\n    fill=\"currentColor\" \/>\n<\/svg>\n        <\/button>\n                  <p class=\"text-base text-center\">Mira<\/p>\n              <\/div>\n    <\/div>\n    <div id=\"embed-69f5c671c286a\"\n  class=\"fixed inset-0 z-50 hidden w-screen h-screen opacity-0 pointer-events-none modal embed-container\"\n  tabindex=\"-1\" role=\"dialog\">\n  <div class=\"absolute w-full h-full bg-black opacity-75 modal-overlay\"><\/div>\n  <div\n    class=\"absolute z-30 w-11\/12 mx-auto overflow-y-auto text-black bg-white shadow-lg modal-container center-xy md:max-w-4xl\"\n    role=\"document\">\n    <div class=\"flex items-center justify-between px-4 py-4 text-gray-700 border-b md:px-8\">\n      <h2 class=\"!mb-0 font-bold\">Mira<\/h2>\n      <div class=\"z-50 flex flex-col items-center ml-auto cursor-pointer rtl:ml-0 rtl:mr-auto modal-close\">\n        <svg class=\"w-auto h-6\" width=\"18\" height=\"23\" xmlns=\"http:\/\/www.w3.org\/2000\/svg\">\n  <g stroke=\"currentColor\" fill=\"none\" fill-rule=\"evenodd\" stroke-linecap=\"square\">\n    <path d=\"M.7248.974l16.1076 20.6167M16.655 1.2654L.9097 22.1601\" \/>\n  <\/g>\n<\/svg>        <div class=\"hidden\">Close<\/div>\n      <\/div>\n    <\/div>\n    <div class=\"px-4 py-8 overflow-y-auto max-h-modal md:px-8 modal-content\">\n      <div class=\"sketchfab-embed-wrapper\"> <iframe title=\"Davallament d'Erill. Reconstrucci\u00f3 hipot\u00e8tica\" frameborder=\"0\" allowfullscreen mozallowfullscreen=\"true\" webkitallowfullscreen=\"true\" allow=\"autoplay; fullscreen; xr-spatial-tracking\" xr-spatial-tracking execution-while-out-of-viewport execution-while-not-rendered web-share src=\"https:\/\/sketchfab.com\/models\/b27cbe2cf1c24b6181707c2af555950e\/embed?ui_infos=0\"> <\/iframe> <\/div>\n    <\/div>\n  <\/div>\n<\/div>\n  <\/div>\n\n\n<div class=\"flex flex-col gap-3 element text-block\">\n  <div class=\"flex items-center gap-6\">\n              <h2 class=\"text-2xl font-bold\">7f El cor<\/h2>\n      <\/div>\n    <\/div>\n\n\n<div class=\"flex flex-col gap-6 element image-block\">\n  <div class=\"flex flex-col gap-3\">\n      <\/div>\n      <figure>\n      <img loading=\"lazy\" decoding=\"async\" width=\"1600\" height=\"1287\" src=\"https:\/\/guiesullsdelahistoria.cat\/app\/uploads\/2024\/11\/Santa_Eulalia_Erill_la_Vall_cor_retaules.jpeg\" class=\"w-full h-auto\" alt=\"Retaules de diverses \u00e8poques exposats al cor de l\u2019esgl\u00e9sia de Santa Eul\u00e0lia d\u2019Erill la Vall.\" srcset=\"https:\/\/guiesullsdelahistoria.cat\/app\/uploads\/2024\/11\/Santa_Eulalia_Erill_la_Vall_cor_retaules.jpeg 1600w, https:\/\/guiesullsdelahistoria.cat\/app\/uploads\/2024\/11\/Santa_Eulalia_Erill_la_Vall_cor_retaules-300x241.jpeg 300w, https:\/\/guiesullsdelahistoria.cat\/app\/uploads\/2024\/11\/Santa_Eulalia_Erill_la_Vall_cor_retaules-1024x824.jpeg 1024w, https:\/\/guiesullsdelahistoria.cat\/app\/uploads\/2024\/11\/Santa_Eulalia_Erill_la_Vall_cor_retaules-768x618.jpeg 768w, https:\/\/guiesullsdelahistoria.cat\/app\/uploads\/2024\/11\/Santa_Eulalia_Erill_la_Vall_cor_retaules-1536x1236.jpeg 1536w\" sizes=\"auto, (max-width: 1600px) 100vw, 1600px\" \/>\n              <figcaption class=\"pt-2 text-gray-800\">Retaules de diverses \u00e8poques a Santa Eul\u00e0lia d\u2019Erill la Vall.<\/figcaption>\n          <\/figure>\n  <\/div>\n\n\n<section class=\"element audio-block\">\n  <div class=\"flex flex-col w-full gap-6\">\n    <div class=\"flex flex-col gap-3\">\n      <div class=\"flex gap-6\">\n                          <h2 class=\"text-2xl font-bold\">Elements ornamentals del cor<\/h2>\n              <\/div>\n          <\/div>\n    <div class=\"flex items-center justify-end gap-3\">\n              <div class=\"flex-1 audio-content\" dir=\"ltr\">\n          <audio id=\"audio-ac7894044bb2a6d368dc7be5cd9bb72e\" data-label=\"Elements ornamentals del cor\"\n            data-category=\"SANTA-EULALIA-D_ERILL-LA-VALL-CAT-FAMILIAR-PLAY-5.mp3\" class=\"hidden\" controls\n            src=\"https:\/\/guiesullsdelahistoria.cat\/app\/uploads\/2025\/01\/SANTA-EULALIA-D_ERILL-LA-VALL-CAT-FAMILIAR-PLAY-5.mp3\"><\/audio>\n          <div class=\"flex items-center w-full gap-3 transition-opacity opacity-0 meta\">\n            <progress class=\"flex-1 border-0 appearance-none\" value=\"0\" max=\"1\"><\/progress>\n            <div class=\"text-sm text-center shrink-0 current-time w-9\"><\/div>\n                      <\/div>\n        <\/div>\n            <div class=\"flex flex-col items-center gap-2 shrink-1 audio-control\">\n        <button\n  class=\"flex items-center justify-center w-32 max-w-32 h-32 max-h-32 transition-[max-height,_max-width] bg-darker-accent rounded-full btn text-white\"\n  data-target=\"#audio-ac7894044bb2a6d368dc7be5cd9bb72e\">\n  <svg width=\"100%\" height=\"100%\" viewBox=\"0 0 36 36\" version=\"1.1\" xmlns=\"http:\/\/www.w3.org\/2000\/svg\" xmlns:xlink=\"http:\/\/www.w3.org\/1999\/xlink\">\n  <path id=\"ytp-12\" d=\"M11,10 L18,13.74 18,22.28 11,26 M18,13.74 L26,18 26,18 18,22.28\" fill=\"currentColor\">\n    <animate id=\"animation\" begin=\"indefinite\" attributeType=\"XML\" attributeName=\"d\" fill=\"freeze\" from=\"M11,10 L17,10 17,26 11,26 M20,10 L26,10 26,26 20,26\" to=\"M11,10 L18,13.74 18,22.28 11,26 M18,13.74 L26,18 26,18 18,22.28\" dur=\"0.1s\" keySplines=\".4 0 1 1\" repeatCount=\"1\" data-play=\"M11,10 L18,13.74 18,22.28 11,26 M18,13.74 L26,18 26,18 18,22.28\" data-pause=\"M11,10 L17,10 17,26 11,26 M20,10 L26,10 26,26 20,26\"><\/animate>\n  <\/path>\n<\/svg>\n<\/button>\n        <p class=\"text-base text-center\">Escolta<\/p>\n      <\/div>\n    <\/div>\n\n    \n          <div class=\"flex flex-wrap justify-between gap-6 md:justify-start\">\n                  <button data-target=\"#transcription-ac7894044bb2a6d368dc7be5cd9bb72e\" data-toggle=\"modal\" class=\"flex items-center gap-2\">\n            <svg class=\"w-6 h-6\" fill=\"none\" xmlns=\"http:\/\/www.w3.org\/2000\/svg\" viewBox=\"0 0 22 12\"><path d=\"M0 9.873v-6c0-.55.196-1.02.588-1.412A1.926 1.926 0 0 1 2 1.873h2c.55 0 1.02.196 1.412.588.392.391.588.862.588 1.412v6H4v-2H2v2H0Zm2-4h2v-2H2v2Zm6 4v-8h4c.55 0 1.02.196 1.412.588.392.391.588.862.588 1.412v4c0 .55-.196 1.021-.588 1.413A1.926 1.926 0 0 1 12 9.873H8Zm2-2h2v-4h-2v4Zm6.85.8-1.4-1.425c.183-.183.32-.391.413-.625.091-.233.137-.483.137-.75 0-.283-.046-.537-.137-.762a1.85 1.85 0 0 0-.413-.613l1.4-1.45c.367.367.65.792.85 1.275.2.484.3 1 .3 1.55s-.1 1.063-.3 1.538c-.2.475-.483.896-.85 1.262Zm2.825 2.825-1.45-1.375c.55-.55.983-1.187 1.3-1.912A5.775 5.775 0 0 0 20 5.873c0-.85-.158-1.633-.475-2.35a6.217 6.217 0 0 0-1.3-1.9l1.45-1.4a7.94 7.94 0 0 1 1.712 2.55c.409.967.613 2 .613 3.1s-.204 2.13-.613 3.088a7.977 7.977 0 0 1-1.712 2.537Z\" fill=\"#000\"\/><\/svg>            <span>Transcripci\u00f3<\/span>\n          <\/button>\n                      <\/div>\n      <\/div>\n\n      <div id=\"transcription-ac7894044bb2a6d368dc7be5cd9bb72e\"\n  class=\"fixed inset-0 z-50 hidden w-screen h-screen opacity-0 pointer-events-none modal transcription\"\n  tabindex=\"-1\" role=\"dialog\">\n  <div class=\"absolute w-full h-full bg-black opacity-75 modal-overlay\"><\/div>\n  <div\n    class=\"absolute z-30 w-11\/12 mx-auto overflow-y-auto text-black bg-white shadow-lg modal-container center-xy md:max-w-4xl\"\n    role=\"document\">\n    <div class=\"flex items-center justify-between px-4 py-4 text-gray-700 border-b md:px-8\">\n      <h2 class=\"!mb-0 font-bold\">Transcripci\u00f3<\/h2>\n      <div class=\"z-50 flex flex-col items-center ml-auto cursor-pointer rtl:ml-0 rtl:mr-auto modal-close\">\n        <svg class=\"w-auto h-6\" width=\"18\" height=\"23\" xmlns=\"http:\/\/www.w3.org\/2000\/svg\">\n  <g stroke=\"currentColor\" fill=\"none\" fill-rule=\"evenodd\" stroke-linecap=\"square\">\n    <path d=\"M.7248.974l16.1076 20.6167M16.655 1.2654L.9097 22.1601\" \/>\n  <\/g>\n<\/svg>        <div class=\"hidden\">Close<\/div>\n      <\/div>\n    <\/div>\n    <div class=\"px-4 py-8 overflow-y-auto max-h-modal md:px-8 modal-content\">\n      <div class=\"mb-8 flex flex-col gap-1.5\">\n                      <h3 class=\"text-xl font-bold\">Elements ornamentals del cor<\/h3>\n                            <\/div>\n            <p>Al cor tamb\u00e9 hi ha diversos mobles que es feien servir per a les cerim\u00f2nies religioses, i que es van descobrir fa no gaires anys. Avui ja no es fan servir, i els veiem com a obres d\u2019art. T\u2019imagines la sorpresa que devien tenir els historiadors i els arque\u00f2legs que els van trobar?<\/p>\n<p><strong>Arque\u00f2leg:<\/strong> Abans de marxar, donem un cop d\u2019ull sota el cor. No se sap mai.<br \/>\n<strong>Historiador<\/strong> de l\u2019art: Guaita! Apunta la llanterna cap all\u00e0, cap a aquell munt de fustes.<br \/>\n<strong>Arque\u00f2leg:<\/strong> \u00c9s el que em penso?<br \/>\n<strong>Historiador:<\/strong> N\u2019hi ha uns quants. Estan tots corcats! Se m\u2019ha desfet a la m\u00e0.<br \/>\n<strong>Arque\u00f2leg:<\/strong> Caldr\u00e0 fer una bona feina de restauraci\u00f3.<br \/>\n<strong>Historiador:<\/strong> Val la pena. Aquests retaules ens ajudaran a recompondre la hist\u00f2ria d\u2019aquesta esgl\u00e9sia. I, un cop recuperats, \u00e9s aqu\u00ed on hauran d\u2019estar exposats.<\/p>\n    <\/div>\n  <\/div>\n<\/div>\n    <\/section>\n\n\n<div class=\"flex flex-col gap-3 element text-block\">\n  <div class=\"flex items-center gap-6\">\n              <h2 class=\"text-2xl font-bold\">7g T\u2019hi esperem!<\/h2>\n      <\/div>\n    <\/div>\n\n\n<section class=\"element audio-block\">\n  <div class=\"flex flex-col w-full gap-6\">\n    <div class=\"flex flex-col gap-3\">\n      <div class=\"flex gap-6\">\n                          <h2 class=\"text-2xl font-bold\">La visita continua<\/h2>\n              <\/div>\n          <\/div>\n    <div class=\"flex items-center justify-end gap-3\">\n              <div class=\"flex-1 audio-content\" dir=\"ltr\">\n          <audio id=\"audio-a534ed33614ff892f46a2df6f0d64c52\" data-label=\"La visita continua\"\n            data-category=\"SANTA-EULALIA-D_ERILL-LA-VALL-CAT-FAMILIAR-PLAY-CLOENDA.mp3\" class=\"hidden\" controls\n            src=\"https:\/\/guiesullsdelahistoria.cat\/app\/uploads\/2025\/01\/SANTA-EULALIA-D_ERILL-LA-VALL-CAT-FAMILIAR-PLAY-CLOENDA.mp3\"><\/audio>\n          <div class=\"flex items-center w-full gap-3 transition-opacity opacity-0 meta\">\n            <progress class=\"flex-1 border-0 appearance-none\" value=\"0\" max=\"1\"><\/progress>\n            <div class=\"text-sm text-center shrink-0 current-time w-9\"><\/div>\n                      <\/div>\n        <\/div>\n            <div class=\"flex flex-col items-center gap-2 shrink-1 audio-control\">\n        <button\n  class=\"flex items-center justify-center w-32 max-w-32 h-32 max-h-32 transition-[max-height,_max-width] bg-darker-accent rounded-full btn text-white\"\n  data-target=\"#audio-a534ed33614ff892f46a2df6f0d64c52\">\n  <svg width=\"100%\" height=\"100%\" viewBox=\"0 0 36 36\" version=\"1.1\" xmlns=\"http:\/\/www.w3.org\/2000\/svg\" xmlns:xlink=\"http:\/\/www.w3.org\/1999\/xlink\">\n  <path id=\"ytp-12\" d=\"M11,10 L18,13.74 18,22.28 11,26 M18,13.74 L26,18 26,18 18,22.28\" fill=\"currentColor\">\n    <animate id=\"animation\" begin=\"indefinite\" attributeType=\"XML\" attributeName=\"d\" fill=\"freeze\" from=\"M11,10 L17,10 17,26 11,26 M20,10 L26,10 26,26 20,26\" to=\"M11,10 L18,13.74 18,22.28 11,26 M18,13.74 L26,18 26,18 18,22.28\" dur=\"0.1s\" keySplines=\".4 0 1 1\" repeatCount=\"1\" data-play=\"M11,10 L18,13.74 18,22.28 11,26 M18,13.74 L26,18 26,18 18,22.28\" data-pause=\"M11,10 L17,10 17,26 11,26 M20,10 L26,10 26,26 20,26\"><\/animate>\n  <\/path>\n<\/svg>\n<\/button>\n        <p class=\"text-base text-center\">Escolta<\/p>\n      <\/div>\n    <\/div>\n\n    \n          <div class=\"flex flex-wrap justify-between gap-6 md:justify-start\">\n                  <button data-target=\"#transcription-a534ed33614ff892f46a2df6f0d64c52\" data-toggle=\"modal\" class=\"flex items-center gap-2\">\n            <svg class=\"w-6 h-6\" fill=\"none\" xmlns=\"http:\/\/www.w3.org\/2000\/svg\" viewBox=\"0 0 22 12\"><path d=\"M0 9.873v-6c0-.55.196-1.02.588-1.412A1.926 1.926 0 0 1 2 1.873h2c.55 0 1.02.196 1.412.588.392.391.588.862.588 1.412v6H4v-2H2v2H0Zm2-4h2v-2H2v2Zm6 4v-8h4c.55 0 1.02.196 1.412.588.392.391.588.862.588 1.412v4c0 .55-.196 1.021-.588 1.413A1.926 1.926 0 0 1 12 9.873H8Zm2-2h2v-4h-2v4Zm6.85.8-1.4-1.425c.183-.183.32-.391.413-.625.091-.233.137-.483.137-.75 0-.283-.046-.537-.137-.762a1.85 1.85 0 0 0-.413-.613l1.4-1.45c.367.367.65.792.85 1.275.2.484.3 1 .3 1.55s-.1 1.063-.3 1.538c-.2.475-.483.896-.85 1.262Zm2.825 2.825-1.45-1.375c.55-.55.983-1.187 1.3-1.912A5.775 5.775 0 0 0 20 5.873c0-.85-.158-1.633-.475-2.35a6.217 6.217 0 0 0-1.3-1.9l1.45-1.4a7.94 7.94 0 0 1 1.712 2.55c.409.967.613 2 .613 3.1s-.204 2.13-.613 3.088a7.977 7.977 0 0 1-1.712 2.537Z\" fill=\"#000\"\/><\/svg>            <span>Transcripci\u00f3<\/span>\n          <\/button>\n                      <\/div>\n      <\/div>\n\n      <div id=\"transcription-a534ed33614ff892f46a2df6f0d64c52\"\n  class=\"fixed inset-0 z-50 hidden w-screen h-screen opacity-0 pointer-events-none modal transcription\"\n  tabindex=\"-1\" role=\"dialog\">\n  <div class=\"absolute w-full h-full bg-black opacity-75 modal-overlay\"><\/div>\n  <div\n    class=\"absolute z-30 w-11\/12 mx-auto overflow-y-auto text-black bg-white shadow-lg modal-container center-xy md:max-w-4xl\"\n    role=\"document\">\n    <div class=\"flex items-center justify-between px-4 py-4 text-gray-700 border-b md:px-8\">\n      <h2 class=\"!mb-0 font-bold\">Transcripci\u00f3<\/h2>\n      <div class=\"z-50 flex flex-col items-center ml-auto cursor-pointer rtl:ml-0 rtl:mr-auto modal-close\">\n        <svg class=\"w-auto h-6\" width=\"18\" height=\"23\" xmlns=\"http:\/\/www.w3.org\/2000\/svg\">\n  <g stroke=\"currentColor\" fill=\"none\" fill-rule=\"evenodd\" stroke-linecap=\"square\">\n    <path d=\"M.7248.974l16.1076 20.6167M16.655 1.2654L.9097 22.1601\" \/>\n  <\/g>\n<\/svg>        <div class=\"hidden\">Close<\/div>\n      <\/div>\n    <\/div>\n    <div class=\"px-4 py-8 overflow-y-auto max-h-modal md:px-8 modal-content\">\n      <div class=\"mb-8 flex flex-col gap-1.5\">\n                      <h3 class=\"text-xl font-bold\">La visita continua<\/h3>\n                            <\/div>\n            <p>Aqu\u00ed s\u2019acaba la visita a l\u2019esgl\u00e9sia. Ara et convidem a con\u00e8ixer les altres, que constitueixen el Conjunt Rom\u00e0nic de la Vall de Bo\u00ed. T\u2019hi esperem!<\/p>\n    <\/div>\n  <\/div>\n<\/div>\n    <\/section>\n\n\n<div class=\"flex flex-col gap-3 element text-block\">\n  <div class=\"flex items-center gap-6\">\n              <h2 class=\"text-2xl font-bold\">Cloenda<\/h2>\n      <\/div>\n        <div class=\"prose prose-lg\"><p><em>\u201cEls Ulls de la Hist\u00f2ria. Una mirada immersiva sobre el patrimoni\u201d<\/em> \u00e9s una iniciativa de l\u2019Ag\u00e8ncia Catalana del Patrimoni Cultural. Un projecte que incorpora altres veus i altres mirades sobre el nostre passat. Perqu\u00e8 totes i tots fem hist\u00f2ria.<\/p>\n<\/div>\n  <\/div>\n\n<\/div>\n      <\/div>\n    <\/div>\n  <\/section>\n\n\n<section class=\"container overflow-hidden section\" id=\"section-69f5c671df8b5\" data-title=\"8. Santa Maria de Cardet\">\n    <div class=\"relative z-10 w-full -mb-8 section-pictogram\">\n            <div class=\"flex h-40 text-darker-accent justify-end\">\n        <svg class=\"w-auto h-full\" width=\"172\" height=\"173\" viewBox=\"0 0 172 173\" fill=\"none\" xmlns=\"http:\/\/www.w3.org\/2000\/svg\">\n  <path\n    d=\"M122.527 15.4888H50.1517C27.5548 15.4888 8.65339 33.4325 8.2632 56.0607C8.14195 63.5814 10.0699 70.9926 13.8391 77.4953C17.6083 83.998 23.076 89.3455 29.6524 92.9613C36.2287 96.5771 43.6644 98.324 51.1578 98.0136C58.6512 97.7032 65.918 95.3474 72.1747 91.2C76.2552 88.4845 81.0414 87.0318 85.9384 87.0226C90.8355 87.0134 95.6273 88.4481 99.7178 91.1483C107.003 96.013 115.649 98.4145 124.392 98.0023C145.623 97.07 162.906 79.6788 163.715 58.3799C163.929 52.8233 163.021 47.2807 161.046 42.0845C159.072 36.8882 156.072 32.1453 152.226 28.1401C148.38 24.1349 143.767 20.9498 138.663 18.7759C133.56 16.6019 128.071 15.4839 122.527 15.4888Z\"\n    stroke=\"currentColor\" stroke-width=\"2\" stroke-miterlimit=\"10\" \/>\n  <path d=\"M95.4023 89.334V158.134H111.456\" stroke=\"currentColor\" stroke-width=\"2\" stroke-miterlimit=\"10\"\n    stroke-linecap=\"round\" \/>\n  <path\n    d=\"M51.6001 36.129C52.2805 36.129 52.9456 35.9273 53.5113 35.5493C54.077 35.1713 54.518 34.634 54.7784 34.0055C55.0387 33.3769 55.1068 32.6852 54.974 32.0179C54.8413 31.3506 54.5137 30.7377 54.0326 30.2566C53.5515 29.7755 52.9386 29.4479 52.2713 29.3151C51.604 29.1824 50.9124 29.2505 50.2838 29.5109C49.6553 29.7712 49.1179 30.2122 48.7399 30.7779C48.3619 31.3436 48.1602 32.0087 48.1602 32.689C48.1602 33.6014 48.5227 34.4763 49.1678 35.1215C49.8129 35.7666 50.6878 36.129 51.6001 36.129Z\"\n    fill=\"currentColor\" \/>\n  <path\n    d=\"M120.401 36.129C121.081 36.129 121.746 35.9273 122.312 35.5493C122.878 35.1713 123.319 34.634 123.579 34.0055C123.839 33.3769 123.908 32.6852 123.775 32.0179C123.642 31.3506 123.314 30.7377 122.833 30.2566C122.352 29.7755 121.739 29.4479 121.072 29.3151C120.405 29.1824 119.713 29.2505 119.085 29.5109C118.456 29.7712 117.919 30.2122 117.541 30.7779C117.163 31.3436 116.961 32.0087 116.961 32.689C116.961 33.6014 117.323 34.4763 117.969 35.1215C118.614 35.7666 119.489 36.129 120.401 36.129Z\"\n    fill=\"currentColor\" \/>\n  <path d=\"M76.137 89.334V158.134H59.625\" stroke=\"currentColor\" stroke-width=\"2\" stroke-miterlimit=\"10\"\n    stroke-linecap=\"round\" \/>\n  <path\n    d=\"M86.0015 81.9954C90.3105 81.9954 94.5228 80.7042 98.1056 78.285C101.688 75.8659 104.481 72.4274 106.13 68.4045C107.779 64.3816 108.21 59.955 107.37 55.6843C106.529 51.4136 104.454 47.4907 101.407 44.4117C98.3601 41.3327 94.4782 39.2359 90.252 38.3864C86.0258 37.5369 81.6452 37.9729 77.6642 39.6393C73.6832 41.3056 70.2805 44.1274 67.8866 47.7479C65.4926 51.3685 64.2148 55.625 64.2148 59.9794C64.2141 62.8708 64.7771 65.734 65.8717 68.4054C66.9663 71.0769 68.5712 73.5042 70.5945 75.5487C72.6177 77.5933 75.0196 79.2149 77.6632 80.321C80.3068 81.4272 83.1402 81.9961 86.0015 81.9954Z\"\n    fill=\"currentColor\" \/>\n<\/svg>      <\/div>\n    <\/div>\n    <div class=\"grid w-full grid-cols-1 px-4 py-8 section-content max-md:gap-y-8 md:grid-standard rounded-xl\">\n              <div class=\"flex gap-4 md:col-span-5\">\n                                <h2 class=\"text-8 font-headings\">8. Santa Maria de Cardet<\/h2>\n                  <\/div>\n            <div class=\"flex flex-col gap-8 md:col-span-6 md:col-start-7 md:gap-10\">\n        <div class=\"acf-innerblocks-container\">\n<div class=\"flex flex-col gap-3 element text-block\">\n  <div class=\"flex items-center gap-6\">\n              <h2 class=\"text-2xl font-bold\">8a Introducci\u00f3<\/h2>\n      <\/div>\n    <\/div>\n\n\n<div class=\"flex flex-col gap-6 element image-block\">\n  <div class=\"flex flex-col gap-3\">\n      <\/div>\n      <figure>\n      <img loading=\"lazy\" decoding=\"async\" width=\"1600\" height=\"1182\" src=\"https:\/\/guiesullsdelahistoria.cat\/app\/uploads\/2024\/11\/Santa_Maria_de_Cardet__general_amb_riu_DJI_0435.jpg\" class=\"w-full h-auto\" alt=\"Vista a\u00e8ria de l\u2019exterior de l\u2019esgl\u00e9sia de Santa Maria de Cardet amb el riu Noguera de Tor al darrere.\" srcset=\"https:\/\/guiesullsdelahistoria.cat\/app\/uploads\/2024\/11\/Santa_Maria_de_Cardet__general_amb_riu_DJI_0435.jpg 1600w, https:\/\/guiesullsdelahistoria.cat\/app\/uploads\/2024\/11\/Santa_Maria_de_Cardet__general_amb_riu_DJI_0435-300x222.jpg 300w, https:\/\/guiesullsdelahistoria.cat\/app\/uploads\/2024\/11\/Santa_Maria_de_Cardet__general_amb_riu_DJI_0435-1024x756.jpg 1024w, https:\/\/guiesullsdelahistoria.cat\/app\/uploads\/2024\/11\/Santa_Maria_de_Cardet__general_amb_riu_DJI_0435-768x567.jpg 768w, https:\/\/guiesullsdelahistoria.cat\/app\/uploads\/2024\/11\/Santa_Maria_de_Cardet__general_amb_riu_DJI_0435-1536x1135.jpg 1536w\" sizes=\"auto, (max-width: 1600px) 100vw, 1600px\" \/>\n              <figcaption class=\"pt-2 text-gray-800\">Santa Maria de Cardet amb el riu Noguera de Tor.<\/figcaption>\n          <\/figure>\n  <\/div>\n\n\n<section class=\"element audio-block\">\n  <div class=\"flex flex-col w-full gap-6\">\n    <div class=\"flex flex-col gap-3\">\n      <div class=\"flex gap-6\">\n                          <h2 class=\"text-2xl font-bold\"> La Vall de Bo\u00ed i les seves esgl\u00e9sies<\/h2>\n              <\/div>\n          <\/div>\n    <div class=\"flex items-center justify-end gap-3\">\n              <div class=\"flex-1 audio-content\" dir=\"ltr\">\n          <audio id=\"audio-1f00f20c7b4ebfe29fb1584e2e601825\" data-label=\" La Vall de Bo\u00ed i les seves esgl\u00e9sies\"\n            data-category=\"SANTA-MARIA-DE-CARDET-CAT-FAMILIAR-PLAY-0.mp3\" class=\"hidden\" controls\n            src=\"https:\/\/guiesullsdelahistoria.cat\/app\/uploads\/2025\/01\/SANTA-MARIA-DE-CARDET-CAT-FAMILIAR-PLAY-0.mp3\"><\/audio>\n          <div class=\"flex items-center w-full gap-3 transition-opacity opacity-0 meta\">\n            <progress class=\"flex-1 border-0 appearance-none\" value=\"0\" max=\"1\"><\/progress>\n            <div class=\"text-sm text-center shrink-0 current-time w-9\"><\/div>\n                      <\/div>\n        <\/div>\n            <div class=\"flex flex-col items-center gap-2 shrink-1 audio-control\">\n        <button\n  class=\"flex items-center justify-center w-32 max-w-32 h-32 max-h-32 transition-[max-height,_max-width] bg-darker-accent rounded-full btn text-white\"\n  data-target=\"#audio-1f00f20c7b4ebfe29fb1584e2e601825\">\n  <svg width=\"100%\" height=\"100%\" viewBox=\"0 0 36 36\" version=\"1.1\" xmlns=\"http:\/\/www.w3.org\/2000\/svg\" xmlns:xlink=\"http:\/\/www.w3.org\/1999\/xlink\">\n  <path id=\"ytp-12\" d=\"M11,10 L18,13.74 18,22.28 11,26 M18,13.74 L26,18 26,18 18,22.28\" fill=\"currentColor\">\n    <animate id=\"animation\" begin=\"indefinite\" attributeType=\"XML\" attributeName=\"d\" fill=\"freeze\" from=\"M11,10 L17,10 17,26 11,26 M20,10 L26,10 26,26 20,26\" to=\"M11,10 L18,13.74 18,22.28 11,26 M18,13.74 L26,18 26,18 18,22.28\" dur=\"0.1s\" keySplines=\".4 0 1 1\" repeatCount=\"1\" data-play=\"M11,10 L18,13.74 18,22.28 11,26 M18,13.74 L26,18 26,18 18,22.28\" data-pause=\"M11,10 L17,10 17,26 11,26 M20,10 L26,10 26,26 20,26\"><\/animate>\n  <\/path>\n<\/svg>\n<\/button>\n        <p class=\"text-base text-center\">Escolta<\/p>\n      <\/div>\n    <\/div>\n\n    \n          <div class=\"flex flex-wrap justify-between gap-6 md:justify-start\">\n                  <button data-target=\"#transcription-1f00f20c7b4ebfe29fb1584e2e601825\" data-toggle=\"modal\" class=\"flex items-center gap-2\">\n            <svg class=\"w-6 h-6\" fill=\"none\" xmlns=\"http:\/\/www.w3.org\/2000\/svg\" viewBox=\"0 0 22 12\"><path d=\"M0 9.873v-6c0-.55.196-1.02.588-1.412A1.926 1.926 0 0 1 2 1.873h2c.55 0 1.02.196 1.412.588.392.391.588.862.588 1.412v6H4v-2H2v2H0Zm2-4h2v-2H2v2Zm6 4v-8h4c.55 0 1.02.196 1.412.588.392.391.588.862.588 1.412v4c0 .55-.196 1.021-.588 1.413A1.926 1.926 0 0 1 12 9.873H8Zm2-2h2v-4h-2v4Zm6.85.8-1.4-1.425c.183-.183.32-.391.413-.625.091-.233.137-.483.137-.75 0-.283-.046-.537-.137-.762a1.85 1.85 0 0 0-.413-.613l1.4-1.45c.367.367.65.792.85 1.275.2.484.3 1 .3 1.55s-.1 1.063-.3 1.538c-.2.475-.483.896-.85 1.262Zm2.825 2.825-1.45-1.375c.55-.55.983-1.187 1.3-1.912A5.775 5.775 0 0 0 20 5.873c0-.85-.158-1.633-.475-2.35a6.217 6.217 0 0 0-1.3-1.9l1.45-1.4a7.94 7.94 0 0 1 1.712 2.55c.409.967.613 2 .613 3.1s-.204 2.13-.613 3.088a7.977 7.977 0 0 1-1.712 2.537Z\" fill=\"#000\"\/><\/svg>            <span>Transcripci\u00f3<\/span>\n          <\/button>\n                      <\/div>\n      <\/div>\n\n      <div id=\"transcription-1f00f20c7b4ebfe29fb1584e2e601825\"\n  class=\"fixed inset-0 z-50 hidden w-screen h-screen opacity-0 pointer-events-none modal transcription\"\n  tabindex=\"-1\" role=\"dialog\">\n  <div class=\"absolute w-full h-full bg-black opacity-75 modal-overlay\"><\/div>\n  <div\n    class=\"absolute z-30 w-11\/12 mx-auto overflow-y-auto text-black bg-white shadow-lg modal-container center-xy md:max-w-4xl\"\n    role=\"document\">\n    <div class=\"flex items-center justify-between px-4 py-4 text-gray-700 border-b md:px-8\">\n      <h2 class=\"!mb-0 font-bold\">Transcripci\u00f3<\/h2>\n      <div class=\"z-50 flex flex-col items-center ml-auto cursor-pointer rtl:ml-0 rtl:mr-auto modal-close\">\n        <svg class=\"w-auto h-6\" width=\"18\" height=\"23\" xmlns=\"http:\/\/www.w3.org\/2000\/svg\">\n  <g stroke=\"currentColor\" fill=\"none\" fill-rule=\"evenodd\" stroke-linecap=\"square\">\n    <path d=\"M.7248.974l16.1076 20.6167M16.655 1.2654L.9097 22.1601\" \/>\n  <\/g>\n<\/svg>        <div class=\"hidden\">Close<\/div>\n      <\/div>\n    <\/div>\n    <div class=\"px-4 py-8 overflow-y-auto max-h-modal md:px-8 modal-content\">\n      <div class=\"mb-8 flex flex-col gap-1.5\">\n                      <h3 class=\"text-xl font-bold\"> La Vall de Bo\u00ed i les seves esgl\u00e9sies<\/h3>\n                            <\/div>\n            <p>Et donem la benvinguda a la Vall de Bo\u00ed i t\u2019animem a con\u00e8ixer el conjunt d\u2019esgl\u00e9sies rom\u00e0niques que hi ha als diversos pobles de la Vall.<\/p>\n<p>Aquestes esgl\u00e9sies s\u00f3n tan importants que la UNESCO, una organitzaci\u00f3 que promou la col\u00b7laboraci\u00f3 internacional en educaci\u00f3, ci\u00e8ncia, cultura i comunicaci\u00f3, les va posar a la seva llista de Patrimoni Mundial l\u2019any 2000, al costat, per exemple, de la Gran Muralla de la Xina, les pir\u00e0mides d\u2019Egipte o l\u2019Est\u00e0tua de la Llibertat dels Estats Units.<br \/>\nPer\u00f2 quantes esgl\u00e9sies hi ha i per qu\u00e8 s\u00f3n tan importants? Quina \u00e9s la seva hist\u00f2ria?<br \/>\nEl Conjunt Rom\u00e0nic de la Vall de Bo\u00ed l\u2019integren nou esgl\u00e9sies: Sant Climent i Santa Maria de Ta\u00fcll, Sant Joan de Bo\u00ed, Santa Eul\u00e0lia d\u2019Erill la Vall, Sant Feliu de Barruera, la Nativitat i Sant Quirc de Durro, Santa Maria de Cardet i l\u2019Assumpci\u00f3 de C\u00f3ll.<br \/>\nTotes tenen una hist\u00f2ria comuna, perqu\u00e8 van ser constru\u00efdes entre el segle XI i el XII, ara fa m\u00e9s de nou-cents anys. Tamb\u00e9 tenen el mateix estil arquitect\u00f2nic, el rom\u00e0nic, i per aix\u00f2 es pot dir que formen un conjunt. I qui les va fer? Doncs les van pensar els mestres d\u2019obra, que era com se\u2019n deia llavors del que avui en diem arquitectes. I, \u00e9s clar, tots els treballadors que les van aixecar, pedra sobre pedra. Per\u00f2 els diners per pagar l\u2019obra els van posar els senyors feudals d\u2019aquestes terres, que s\u2019havien fet rics gr\u00e0cies a la guerra.<br \/>\nAmb la guia que tens a les mans, descobrir\u00e0s la import\u00e0ncia de cada una de les nou esgl\u00e9sies del conjunt i els secrets que amaguen als racons m\u00e9s insospitats.<br \/>\nUna advert\u00e8ncia final! Aquestes muntanyes s\u00f3n misterioses i, a les valls, les paraules de les persones que les han habitat sovint es queden atrapades i ressonen al llarg del temps com un eco imperceptible. Aquesta guia disposa d\u2019un sensor que s\u2019activa cada cop que en capta alguna. No t\u2019espantis i continua escoltant.<\/p>\n    <\/div>\n  <\/div>\n<\/div>\n    <\/section>\n\n\n<div class=\"flex flex-col gap-3 element text-block\">\n  <div class=\"flex items-center gap-6\">\n              <h2 class=\"text-2xl font-bold\">8b Fa\u00e7ana<\/h2>\n      <\/div>\n    <\/div>\n\n\n<div class=\"flex flex-col gap-6 element image-block\">\n  <div class=\"flex flex-col gap-3\">\n      <\/div>\n      <figure>\n      <img loading=\"lazy\" decoding=\"async\" width=\"600\" height=\"800\" src=\"https:\/\/guiesullsdelahistoria.cat\/app\/uploads\/2024\/11\/Santa_Maria_de_Cardet_facana_0063.jpg\" class=\"w-full h-auto\" alt=\"Fa\u00e7ana principal de l\u2019esgl\u00e9sia de Santa Maria de Cardet amb el porxo i el campanar d\u2019espadanya.\" srcset=\"https:\/\/guiesullsdelahistoria.cat\/app\/uploads\/2024\/11\/Santa_Maria_de_Cardet_facana_0063.jpg 600w, https:\/\/guiesullsdelahistoria.cat\/app\/uploads\/2024\/11\/Santa_Maria_de_Cardet_facana_0063-225x300.jpg 225w\" sizes=\"auto, (max-width: 600px) 100vw, 600px\" \/>\n              <figcaption class=\"pt-2 text-gray-800\">Fa\u00e7ana principal de Santa Maria de Cardet.<\/figcaption>\n          <\/figure>\n  <\/div>\n\n\n<section class=\"element audio-block\">\n  <div class=\"flex flex-col w-full gap-6\">\n    <div class=\"flex flex-col gap-3\">\n      <div class=\"flex gap-6\">\n                          <h2 class=\"text-2xl font-bold\">L\u2019esgl\u00e9sia m\u00e9s petita<\/h2>\n              <\/div>\n          <\/div>\n    <div class=\"flex items-center justify-end gap-3\">\n              <div class=\"flex-1 audio-content\" dir=\"ltr\">\n          <audio id=\"audio-d4fef69dd4efdd74e072332f26f8ba53\" data-label=\"L\u2019esgl\u00e9sia m\u00e9s petita\"\n            data-category=\"SANTA-MARIA-DE-CARDET-CAT-FAMILIAR-PLAY-1.mp3\" class=\"hidden\" controls\n            src=\"https:\/\/guiesullsdelahistoria.cat\/app\/uploads\/2025\/01\/SANTA-MARIA-DE-CARDET-CAT-FAMILIAR-PLAY-1.mp3\"><\/audio>\n          <div class=\"flex items-center w-full gap-3 transition-opacity opacity-0 meta\">\n            <progress class=\"flex-1 border-0 appearance-none\" value=\"0\" max=\"1\"><\/progress>\n            <div class=\"text-sm text-center shrink-0 current-time w-9\"><\/div>\n                      <\/div>\n        <\/div>\n            <div class=\"flex flex-col items-center gap-2 shrink-1 audio-control\">\n        <button\n  class=\"flex items-center justify-center w-32 max-w-32 h-32 max-h-32 transition-[max-height,_max-width] bg-darker-accent rounded-full btn text-white\"\n  data-target=\"#audio-d4fef69dd4efdd74e072332f26f8ba53\">\n  <svg width=\"100%\" height=\"100%\" viewBox=\"0 0 36 36\" version=\"1.1\" xmlns=\"http:\/\/www.w3.org\/2000\/svg\" xmlns:xlink=\"http:\/\/www.w3.org\/1999\/xlink\">\n  <path id=\"ytp-12\" d=\"M11,10 L18,13.74 18,22.28 11,26 M18,13.74 L26,18 26,18 18,22.28\" fill=\"currentColor\">\n    <animate id=\"animation\" begin=\"indefinite\" attributeType=\"XML\" attributeName=\"d\" fill=\"freeze\" from=\"M11,10 L17,10 17,26 11,26 M20,10 L26,10 26,26 20,26\" to=\"M11,10 L18,13.74 18,22.28 11,26 M18,13.74 L26,18 26,18 18,22.28\" dur=\"0.1s\" keySplines=\".4 0 1 1\" repeatCount=\"1\" data-play=\"M11,10 L18,13.74 18,22.28 11,26 M18,13.74 L26,18 26,18 18,22.28\" data-pause=\"M11,10 L17,10 17,26 11,26 M20,10 L26,10 26,26 20,26\"><\/animate>\n  <\/path>\n<\/svg>\n<\/button>\n        <p class=\"text-base text-center\">Escolta<\/p>\n      <\/div>\n    <\/div>\n\n    \n          <div class=\"flex flex-wrap justify-between gap-6 md:justify-start\">\n                  <button data-target=\"#transcription-d4fef69dd4efdd74e072332f26f8ba53\" data-toggle=\"modal\" class=\"flex items-center gap-2\">\n            <svg class=\"w-6 h-6\" fill=\"none\" xmlns=\"http:\/\/www.w3.org\/2000\/svg\" viewBox=\"0 0 22 12\"><path d=\"M0 9.873v-6c0-.55.196-1.02.588-1.412A1.926 1.926 0 0 1 2 1.873h2c.55 0 1.02.196 1.412.588.392.391.588.862.588 1.412v6H4v-2H2v2H0Zm2-4h2v-2H2v2Zm6 4v-8h4c.55 0 1.02.196 1.412.588.392.391.588.862.588 1.412v4c0 .55-.196 1.021-.588 1.413A1.926 1.926 0 0 1 12 9.873H8Zm2-2h2v-4h-2v4Zm6.85.8-1.4-1.425c.183-.183.32-.391.413-.625.091-.233.137-.483.137-.75 0-.283-.046-.537-.137-.762a1.85 1.85 0 0 0-.413-.613l1.4-1.45c.367.367.65.792.85 1.275.2.484.3 1 .3 1.55s-.1 1.063-.3 1.538c-.2.475-.483.896-.85 1.262Zm2.825 2.825-1.45-1.375c.55-.55.983-1.187 1.3-1.912A5.775 5.775 0 0 0 20 5.873c0-.85-.158-1.633-.475-2.35a6.217 6.217 0 0 0-1.3-1.9l1.45-1.4a7.94 7.94 0 0 1 1.712 2.55c.409.967.613 2 .613 3.1s-.204 2.13-.613 3.088a7.977 7.977 0 0 1-1.712 2.537Z\" fill=\"#000\"\/><\/svg>            <span>Transcripci\u00f3<\/span>\n          <\/button>\n                      <\/div>\n      <\/div>\n\n      <div id=\"transcription-d4fef69dd4efdd74e072332f26f8ba53\"\n  class=\"fixed inset-0 z-50 hidden w-screen h-screen opacity-0 pointer-events-none modal transcription\"\n  tabindex=\"-1\" role=\"dialog\">\n  <div class=\"absolute w-full h-full bg-black opacity-75 modal-overlay\"><\/div>\n  <div\n    class=\"absolute z-30 w-11\/12 mx-auto overflow-y-auto text-black bg-white shadow-lg modal-container center-xy md:max-w-4xl\"\n    role=\"document\">\n    <div class=\"flex items-center justify-between px-4 py-4 text-gray-700 border-b md:px-8\">\n      <h2 class=\"!mb-0 font-bold\">Transcripci\u00f3<\/h2>\n      <div class=\"z-50 flex flex-col items-center ml-auto cursor-pointer rtl:ml-0 rtl:mr-auto modal-close\">\n        <svg class=\"w-auto h-6\" width=\"18\" height=\"23\" xmlns=\"http:\/\/www.w3.org\/2000\/svg\">\n  <g stroke=\"currentColor\" fill=\"none\" fill-rule=\"evenodd\" stroke-linecap=\"square\">\n    <path d=\"M.7248.974l16.1076 20.6167M16.655 1.2654L.9097 22.1601\" \/>\n  <\/g>\n<\/svg>        <div class=\"hidden\">Close<\/div>\n      <\/div>\n    <\/div>\n    <div class=\"px-4 py-8 overflow-y-auto max-h-modal md:px-8 modal-content\">\n      <div class=\"mb-8 flex flex-col gap-1.5\">\n                      <h3 class=\"text-xl font-bold\">L\u2019esgl\u00e9sia m\u00e9s petita<\/h3>\n                            <\/div>\n            <p>Santa Maria de Cardet \u00e9s l\u2019esgl\u00e9sia m\u00e9s petita de totes les de la vall. Potser per aix\u00f2, i pel petit porxo de l\u2019entrada, t\u00e9 un aspecte tan acollidor. Si no fos pel campanar, podria ser una casa m\u00e9s del poble. No t\u2019ho sembla?<br \/>\nSanta Maria de Cardet t\u00e9 algunes coses que la fan diferent de la resta d\u2019esgl\u00e9sies de la Vall. Per exemple, no t\u00e9 campanar de torre, sin\u00f3 una mena de torreta amb tres finestres per les campanes. Se\u2019n diu campanar d\u2019espadanya.<br \/>\nUn altre element interessant d\u2019aquesta esgl\u00e9sia \u00e9s el forrellat. Si t\u2019hi acostes, podr\u00e0s veure que el passador est\u00e0 rematat amb un preci\u00f3s cap hum\u00e0.<br \/>\nPer\u00f2 all\u00f2 que fa m\u00e9s especial l\u2019esgl\u00e9sia de Santa Maria \u00e9s el seu absis. L\u2019absis \u00e9s la part de darrere de l\u2019esgl\u00e9sia, la construcci\u00f3 arrodonida. Per veure\u2019l, has de tornar a sortir del recinte de l\u2019esgl\u00e9sia i fer la volta per l\u2019esquerra en el sentit de la teva marxa. Despr\u00e9s has de baixar per un parell de petits carrers fins a arribar a una plataforma de fusta. <\/p>\n    <\/div>\n  <\/div>\n<\/div>\n    <\/section>\n\n\n<div class=\"flex flex-col gap-3 element text-block\">\n  <div class=\"flex items-center gap-6\">\n              <h2 class=\"text-2xl font-bold\">8c Absis<\/h2>\n      <\/div>\n    <\/div>\n\n\n<div class=\"flex flex-col gap-6 element image-block\">\n  <div class=\"flex flex-col gap-3\">\n      <\/div>\n      <figure>\n      <img loading=\"lazy\" decoding=\"async\" width=\"1600\" height=\"1200\" src=\"https:\/\/guiesullsdelahistoria.cat\/app\/uploads\/2024\/11\/Santa_Maria_de_Cardet_absis_i_poble_DJI_0963.jpg\" class=\"w-full h-auto\" alt=\"Vista posterior de l\u2019esgl\u00e9sia de Santa Maria de Cardet envoltada de vegetaci\u00f3, amb l\u2019absis constru\u00eft seguint el desnivell de la muntanya.\" srcset=\"https:\/\/guiesullsdelahistoria.cat\/app\/uploads\/2024\/11\/Santa_Maria_de_Cardet_absis_i_poble_DJI_0963.jpg 1600w, https:\/\/guiesullsdelahistoria.cat\/app\/uploads\/2024\/11\/Santa_Maria_de_Cardet_absis_i_poble_DJI_0963-300x225.jpg 300w, https:\/\/guiesullsdelahistoria.cat\/app\/uploads\/2024\/11\/Santa_Maria_de_Cardet_absis_i_poble_DJI_0963-1024x768.jpg 1024w, https:\/\/guiesullsdelahistoria.cat\/app\/uploads\/2024\/11\/Santa_Maria_de_Cardet_absis_i_poble_DJI_0963-768x576.jpg 768w, https:\/\/guiesullsdelahistoria.cat\/app\/uploads\/2024\/11\/Santa_Maria_de_Cardet_absis_i_poble_DJI_0963-1536x1152.jpg 1536w\" sizes=\"auto, (max-width: 1600px) 100vw, 1600px\" \/>\n              <figcaption class=\"pt-2 text-gray-800\">Santa Maria de Cardet vista des de l\u2019absis.<\/figcaption>\n          <\/figure>\n  <\/div>\n\n\n<section class=\"element audio-block\">\n  <div class=\"flex flex-col w-full gap-6\">\n    <div class=\"flex flex-col gap-3\">\n      <div class=\"flex gap-6\">\n                          <h2 class=\"text-2xl font-bold\">Absis<\/h2>\n              <\/div>\n          <\/div>\n    <div class=\"flex items-center justify-end gap-3\">\n              <div class=\"flex-1 audio-content\" dir=\"ltr\">\n          <audio id=\"audio-fd44b42d25f8edd2c0bab9473baef848\" data-label=\"Absis\"\n            data-category=\"SANTA-MARIA-DE-CARDET-CAT-FAMILIAR-PLAY-2.mp3\" class=\"hidden\" controls\n            src=\"https:\/\/guiesullsdelahistoria.cat\/app\/uploads\/2025\/01\/SANTA-MARIA-DE-CARDET-CAT-FAMILIAR-PLAY-2.mp3\"><\/audio>\n          <div class=\"flex items-center w-full gap-3 transition-opacity opacity-0 meta\">\n            <progress class=\"flex-1 border-0 appearance-none\" value=\"0\" max=\"1\"><\/progress>\n            <div class=\"text-sm text-center shrink-0 current-time w-9\"><\/div>\n                      <\/div>\n        <\/div>\n            <div class=\"flex flex-col items-center gap-2 shrink-1 audio-control\">\n        <button\n  class=\"flex items-center justify-center w-32 max-w-32 h-32 max-h-32 transition-[max-height,_max-width] bg-darker-accent rounded-full btn text-white\"\n  data-target=\"#audio-fd44b42d25f8edd2c0bab9473baef848\">\n  <svg width=\"100%\" height=\"100%\" viewBox=\"0 0 36 36\" version=\"1.1\" xmlns=\"http:\/\/www.w3.org\/2000\/svg\" xmlns:xlink=\"http:\/\/www.w3.org\/1999\/xlink\">\n  <path id=\"ytp-12\" d=\"M11,10 L18,13.74 18,22.28 11,26 M18,13.74 L26,18 26,18 18,22.28\" fill=\"currentColor\">\n    <animate id=\"animation\" begin=\"indefinite\" attributeType=\"XML\" attributeName=\"d\" fill=\"freeze\" from=\"M11,10 L17,10 17,26 11,26 M20,10 L26,10 26,26 20,26\" to=\"M11,10 L18,13.74 18,22.28 11,26 M18,13.74 L26,18 26,18 18,22.28\" dur=\"0.1s\" keySplines=\".4 0 1 1\" repeatCount=\"1\" data-play=\"M11,10 L18,13.74 18,22.28 11,26 M18,13.74 L26,18 26,18 18,22.28\" data-pause=\"M11,10 L17,10 17,26 11,26 M20,10 L26,10 26,26 20,26\"><\/animate>\n  <\/path>\n<\/svg>\n<\/button>\n        <p class=\"text-base text-center\">Escolta<\/p>\n      <\/div>\n    <\/div>\n\n    \n          <div class=\"flex flex-wrap justify-between gap-6 md:justify-start\">\n                  <button data-target=\"#transcription-fd44b42d25f8edd2c0bab9473baef848\" data-toggle=\"modal\" class=\"flex items-center gap-2\">\n            <svg class=\"w-6 h-6\" fill=\"none\" xmlns=\"http:\/\/www.w3.org\/2000\/svg\" viewBox=\"0 0 22 12\"><path d=\"M0 9.873v-6c0-.55.196-1.02.588-1.412A1.926 1.926 0 0 1 2 1.873h2c.55 0 1.02.196 1.412.588.392.391.588.862.588 1.412v6H4v-2H2v2H0Zm2-4h2v-2H2v2Zm6 4v-8h4c.55 0 1.02.196 1.412.588.392.391.588.862.588 1.412v4c0 .55-.196 1.021-.588 1.413A1.926 1.926 0 0 1 12 9.873H8Zm2-2h2v-4h-2v4Zm6.85.8-1.4-1.425c.183-.183.32-.391.413-.625.091-.233.137-.483.137-.75 0-.283-.046-.537-.137-.762a1.85 1.85 0 0 0-.413-.613l1.4-1.45c.367.367.65.792.85 1.275.2.484.3 1 .3 1.55s-.1 1.063-.3 1.538c-.2.475-.483.896-.85 1.262Zm2.825 2.825-1.45-1.375c.55-.55.983-1.187 1.3-1.912A5.775 5.775 0 0 0 20 5.873c0-.85-.158-1.633-.475-2.35a6.217 6.217 0 0 0-1.3-1.9l1.45-1.4a7.94 7.94 0 0 1 1.712 2.55c.409.967.613 2 .613 3.1s-.204 2.13-.613 3.088a7.977 7.977 0 0 1-1.712 2.537Z\" fill=\"#000\"\/><\/svg>            <span>Transcripci\u00f3<\/span>\n          <\/button>\n                      <\/div>\n      <\/div>\n\n      <div id=\"transcription-fd44b42d25f8edd2c0bab9473baef848\"\n  class=\"fixed inset-0 z-50 hidden w-screen h-screen opacity-0 pointer-events-none modal transcription\"\n  tabindex=\"-1\" role=\"dialog\">\n  <div class=\"absolute w-full h-full bg-black opacity-75 modal-overlay\"><\/div>\n  <div\n    class=\"absolute z-30 w-11\/12 mx-auto overflow-y-auto text-black bg-white shadow-lg modal-container center-xy md:max-w-4xl\"\n    role=\"document\">\n    <div class=\"flex items-center justify-between px-4 py-4 text-gray-700 border-b md:px-8\">\n      <h2 class=\"!mb-0 font-bold\">Transcripci\u00f3<\/h2>\n      <div class=\"z-50 flex flex-col items-center ml-auto cursor-pointer rtl:ml-0 rtl:mr-auto modal-close\">\n        <svg class=\"w-auto h-6\" width=\"18\" height=\"23\" xmlns=\"http:\/\/www.w3.org\/2000\/svg\">\n  <g stroke=\"currentColor\" fill=\"none\" fill-rule=\"evenodd\" stroke-linecap=\"square\">\n    <path d=\"M.7248.974l16.1076 20.6167M16.655 1.2654L.9097 22.1601\" \/>\n  <\/g>\n<\/svg>        <div class=\"hidden\">Close<\/div>\n      <\/div>\n    <\/div>\n    <div class=\"px-4 py-8 overflow-y-auto max-h-modal md:px-8 modal-content\">\n      <div class=\"mb-8 flex flex-col gap-1.5\">\n                      <h3 class=\"text-xl font-bold\">Absis<\/h3>\n                            <\/div>\n            <p>Com veus, l\u2019absis de Santa Maria \u00e9s molt alt i aix\u00f2 \u00e9s perqu\u00e8, per construir-lo, es va aprofitar el pendent de la muntanya. Quan entris a dins podr\u00e0s comprovar que t\u00e9 dos pisos, el de la planta de l\u2019esgl\u00e9sia i un m\u00e9s a sota.<br \/>\nUna curiositat: a dalt a l\u2019esquerra, al segon dels arcs que decoren la part alta de l\u2019absis, hi ha un cap hum\u00e0 esculpit en relleu. Ets capa\u00e7 de trobar-lo?<br \/>\nPer continuar la visita, ja pots anar a dins. <\/p>\n    <\/div>\n  <\/div>\n<\/div>\n    <\/section>\n\n\n<div class=\"flex flex-col gap-3 element text-block\">\n  <div class=\"flex items-center gap-6\">\n              <h2 class=\"text-2xl font-bold\">8d Centre de nau<\/h2>\n      <\/div>\n    <\/div>\n\n\n<div class=\"flex flex-col gap-6 element image-block\">\n  <div class=\"flex flex-col gap-3\">\n      <\/div>\n      <figure>\n      <img loading=\"lazy\" decoding=\"async\" width=\"800\" height=\"600\" src=\"https:\/\/guiesullsdelahistoria.cat\/app\/uploads\/2024\/11\/cardet_0002.jpg\" class=\"w-full h-auto\" alt=\"Interior de l\u2019esgl\u00e9sia de Santa Maria de Cardet amb els murs encalcinats i amb l\u2019altar i el retaule al fons.\" srcset=\"https:\/\/guiesullsdelahistoria.cat\/app\/uploads\/2024\/11\/cardet_0002.jpg 800w, https:\/\/guiesullsdelahistoria.cat\/app\/uploads\/2024\/11\/cardet_0002-300x225.jpg 300w, https:\/\/guiesullsdelahistoria.cat\/app\/uploads\/2024\/11\/cardet_0002-768x576.jpg 768w\" sizes=\"auto, (max-width: 800px) 100vw, 800px\" \/>\n              <figcaption class=\"pt-2 text-gray-800\">Interior de Santa Maria de Cardet.<\/figcaption>\n          <\/figure>\n  <\/div>\n\n\n<section class=\"element audio-block\">\n  <div class=\"flex flex-col w-full gap-6\">\n    <div class=\"flex flex-col gap-3\">\n      <div class=\"flex gap-6\">\n                          <h2 class=\"text-2xl font-bold\">El frontal<\/h2>\n              <\/div>\n          <\/div>\n    <div class=\"flex items-center justify-end gap-3\">\n              <div class=\"flex-1 audio-content\" dir=\"ltr\">\n          <audio id=\"audio-9d0d765df1c0a11a16656e8461c81388\" data-label=\"El frontal\"\n            data-category=\"SANTA-MARIA-DE-CARDET-CAT-FAMILIAR-PLAY-3.mp3\" class=\"hidden\" controls\n            src=\"https:\/\/guiesullsdelahistoria.cat\/app\/uploads\/2025\/01\/SANTA-MARIA-DE-CARDET-CAT-FAMILIAR-PLAY-3.mp3\"><\/audio>\n          <div class=\"flex items-center w-full gap-3 transition-opacity opacity-0 meta\">\n            <progress class=\"flex-1 border-0 appearance-none\" value=\"0\" max=\"1\"><\/progress>\n            <div class=\"text-sm text-center shrink-0 current-time w-9\"><\/div>\n                      <\/div>\n        <\/div>\n            <div class=\"flex flex-col items-center gap-2 shrink-1 audio-control\">\n        <button\n  class=\"flex items-center justify-center w-32 max-w-32 h-32 max-h-32 transition-[max-height,_max-width] bg-darker-accent rounded-full btn text-white\"\n  data-target=\"#audio-9d0d765df1c0a11a16656e8461c81388\">\n  <svg width=\"100%\" height=\"100%\" viewBox=\"0 0 36 36\" version=\"1.1\" xmlns=\"http:\/\/www.w3.org\/2000\/svg\" xmlns:xlink=\"http:\/\/www.w3.org\/1999\/xlink\">\n  <path id=\"ytp-12\" d=\"M11,10 L18,13.74 18,22.28 11,26 M18,13.74 L26,18 26,18 18,22.28\" fill=\"currentColor\">\n    <animate id=\"animation\" begin=\"indefinite\" attributeType=\"XML\" attributeName=\"d\" fill=\"freeze\" from=\"M11,10 L17,10 17,26 11,26 M20,10 L26,10 26,26 20,26\" to=\"M11,10 L18,13.74 18,22.28 11,26 M18,13.74 L26,18 26,18 18,22.28\" dur=\"0.1s\" keySplines=\".4 0 1 1\" repeatCount=\"1\" data-play=\"M11,10 L18,13.74 18,22.28 11,26 M18,13.74 L26,18 26,18 18,22.28\" data-pause=\"M11,10 L17,10 17,26 11,26 M20,10 L26,10 26,26 20,26\"><\/animate>\n  <\/path>\n<\/svg>\n<\/button>\n        <p class=\"text-base text-center\">Escolta<\/p>\n      <\/div>\n    <\/div>\n\n    \n          <div class=\"flex flex-wrap justify-between gap-6 md:justify-start\">\n                  <button data-target=\"#transcription-9d0d765df1c0a11a16656e8461c81388\" data-toggle=\"modal\" class=\"flex items-center gap-2\">\n            <svg class=\"w-6 h-6\" fill=\"none\" xmlns=\"http:\/\/www.w3.org\/2000\/svg\" viewBox=\"0 0 22 12\"><path d=\"M0 9.873v-6c0-.55.196-1.02.588-1.412A1.926 1.926 0 0 1 2 1.873h2c.55 0 1.02.196 1.412.588.392.391.588.862.588 1.412v6H4v-2H2v2H0Zm2-4h2v-2H2v2Zm6 4v-8h4c.55 0 1.02.196 1.412.588.392.391.588.862.588 1.412v4c0 .55-.196 1.021-.588 1.413A1.926 1.926 0 0 1 12 9.873H8Zm2-2h2v-4h-2v4Zm6.85.8-1.4-1.425c.183-.183.32-.391.413-.625.091-.233.137-.483.137-.75 0-.283-.046-.537-.137-.762a1.85 1.85 0 0 0-.413-.613l1.4-1.45c.367.367.65.792.85 1.275.2.484.3 1 .3 1.55s-.1 1.063-.3 1.538c-.2.475-.483.896-.85 1.262Zm2.825 2.825-1.45-1.375c.55-.55.983-1.187 1.3-1.912A5.775 5.775 0 0 0 20 5.873c0-.85-.158-1.633-.475-2.35a6.217 6.217 0 0 0-1.3-1.9l1.45-1.4a7.94 7.94 0 0 1 1.712 2.55c.409.967.613 2 .613 3.1s-.204 2.13-.613 3.088a7.977 7.977 0 0 1-1.712 2.537Z\" fill=\"#000\"\/><\/svg>            <span>Transcripci\u00f3<\/span>\n          <\/button>\n                      <\/div>\n      <\/div>\n\n      <div id=\"transcription-9d0d765df1c0a11a16656e8461c81388\"\n  class=\"fixed inset-0 z-50 hidden w-screen h-screen opacity-0 pointer-events-none modal transcription\"\n  tabindex=\"-1\" role=\"dialog\">\n  <div class=\"absolute w-full h-full bg-black opacity-75 modal-overlay\"><\/div>\n  <div\n    class=\"absolute z-30 w-11\/12 mx-auto overflow-y-auto text-black bg-white shadow-lg modal-container center-xy md:max-w-4xl\"\n    role=\"document\">\n    <div class=\"flex items-center justify-between px-4 py-4 text-gray-700 border-b md:px-8\">\n      <h2 class=\"!mb-0 font-bold\">Transcripci\u00f3<\/h2>\n      <div class=\"z-50 flex flex-col items-center ml-auto cursor-pointer rtl:ml-0 rtl:mr-auto modal-close\">\n        <svg class=\"w-auto h-6\" width=\"18\" height=\"23\" xmlns=\"http:\/\/www.w3.org\/2000\/svg\">\n  <g stroke=\"currentColor\" fill=\"none\" fill-rule=\"evenodd\" stroke-linecap=\"square\">\n    <path d=\"M.7248.974l16.1076 20.6167M16.655 1.2654L.9097 22.1601\" \/>\n  <\/g>\n<\/svg>        <div class=\"hidden\">Close<\/div>\n      <\/div>\n    <\/div>\n    <div class=\"px-4 py-8 overflow-y-auto max-h-modal md:px-8 modal-content\">\n      <div class=\"mb-8 flex flex-col gap-1.5\">\n                      <h3 class=\"text-xl font-bold\">El frontal<\/h3>\n                            <\/div>\n            <p>Com ja saps, Santa Maria de Cardet \u00e9s l\u2019esgl\u00e9sia m\u00e9s petita de la Vall. Per\u00f2 l\u2019interior encara sembla m\u00e9s petit perqu\u00e8 el retaule, aquesta fusta pintada de la paret del fons, tapa l\u2019espai de l\u2019absis. Darrere del retaule s\u2019hi amaga un dip\u00f2sit de gra, una cosa sorprenent en una esgl\u00e9sia. El dip\u00f2sit de gra queda a l\u2019altura de la cintura i t\u00e9 una petita tapa de fusta. Si el vols veure, hi pots entrar despr\u00e9s per la petita porta del retaule.<br \/>\nPer\u00f2 abans, fixa\u2019t en una altra pintura feta sobre fusta que hi ha davant de l\u2019altar. B\u00e9, en realitat \u00e9s una reproducci\u00f3 perqu\u00e8 la pintura original \u00e9s al MNAC, un museu de Barcelona. Aquesta pintura est\u00e0 dedicada a Maria i a la infantesa del seu fill, Jes\u00fas. Hi pots veure diverses escenes. Al mig, hi ha la Verge amb el Nen a la falda. A la part de dalt, a l\u2019esquerra, hi ha representat el moment en qu\u00e8 l\u2019\u00e0ngel va visitar Maria. A la dreta, a dalt, hi ha el naixement de Jes\u00fas. A baix, a l\u2019esquerra, l\u2019arribada dels Reis d\u2019Orient. I a baix, a la dreta, el moment en qu\u00e8 Maria i Josep fugen cap a Egipte amb el petit Jes\u00fas perqu\u00e8 no els agafin els romans. Et sonen aquestes escenes del pessebre?<br \/>\nAquest retaule el van fer uns artistes de l\u2019anomenat taller de la Ribagor\u00e7a, un taller molt bo que en va fer d\u2019altres semblants per a altres esgl\u00e9sies.<\/p>\n<p><em>So d\u2019interfer\u00e8ncies<\/em>.<br \/>\n<strong>Mestre:<\/strong> T\u2019has de centrar en els relleus d\u2019estuc, Jaume.<br \/>\n<strong>Jaume:<\/strong> Per\u00f2, mestre, ja fa temps que treballo l\u2019estuc. Vull una oportunitat per pintar les figures. S\u00e9 que ho puc fer.<br \/>\n<strong>Mestre:<\/strong> No tinguis pressa; l\u2019oportunitat t\u2019arribar\u00e0. Per ara, centra\u2019t en els marcs i en els fons.<br \/>\n<strong>Jaume:<\/strong> Fins quan, mestre? Aix\u00f2 \u00e9s una tasca menor. Fa temps que em preparo. M\u2019he fixat molt en la vostra feina i conec b\u00e9 l\u2019ofici.<br \/>\n<strong>Mestre:<\/strong> Jaume, estar\u00e0s preparat quan entenguis el valor dels marcs i els fons amb relleus d\u2019estuc. Cada element forma part de l\u2019obra final, i tots han d\u2019estar fets amb la mateixa mestria i humilitat. Torna a la feina; encara et queden moltes coses per aprendre.<br \/>\n<em>So d\u2019interfer\u00e8ncies<\/em>.<\/p>\n<p>Darrere del retaule hi ha un dip\u00f2sit de gra, cosa que ens dona una perspectiva nova dels usos dels espais religiosos. Malgrat que queda amagat, \u00e9s possible accedir-hi per una petita porta, a la dreta del retaule. El dip\u00f2sit de gra queda a l\u2019altura de la cintura, i t\u00e9 una petita tapa de fusta. Quan siguis dins, tamb\u00e9 podr\u00e0s veure, amb un fris de dents de serra, la decoraci\u00f3 pr\u00f2pia del primer rom\u00e0nic. El que el fa singular \u00e9s que aquesta mena de decoracions eren molt poc habituals als interiors.<\/p>\n<p>Dins de l\u2019esgl\u00e9sia de Santa Maria de Cardet hi havia, fins fa no gaire temps, una biga travessera tota decorada que, segurament, aguantava unes figures de fusta. Ara no hi \u00e9s, per\u00f2 amb el recurs de realitat virtual la podr\u00e0s veure.<\/p>\n<p>Ara, per visitar la cripta, has de baixar per les escales situades al mig de la nau i passar per un corredor estret.<\/p>\n    <\/div>\n  <\/div>\n<\/div>\n    <\/section>\n\n\n<div class=\"flex flex-col gap-3 element interactive-block\">\n  <div class=\"flex items-center gap-6\">\n              <h2 class=\"text-2xl font-bold\">Recurs virtual: Biga que es conserva al MNAC<\/h2>\n      <\/div>\n          <div class=\"flex justify-end w-full\">\n      <div class=\"flex flex-col items-center gap-2 shrink-1\">\n        <button data-target=\"#embed-69f5c671d6269\" data-toggle=\"modal\"\n          class=\"flex items-center justify-center w-32 h-32 text-white rounded-full bg-darker-accent\">\n          <svg class=\"w-16 h-auto\" width=\"60\" height=\"61\" viewBox=\"0 0 60 61\" fill=\"none\" xmlns=\"http:\/\/www.w3.org\/2000\/svg\">\n  <path\n    d=\"M27 53.298L12 44.673C11.05 44.1231 10.3125 43.398 9.7875 42.498C9.2625 41.598 9 40.598 9 39.498V22.248C9 21.148 9.2625 20.148 9.7875 19.248C10.3125 18.348 11.05 17.623 12 17.073L27 8.44805C27.95 7.89805 28.95 7.62305 30 7.62305C31.05 7.62305 32.05 7.89805 33 8.44805L48 17.073C48.95 17.623 49.6875 18.348 50.2125 19.248C50.7375 20.148 51 21.148 51 22.248V39.498C51 40.598 50.7375 41.598 50.2125 42.498C49.6875 43.398 48.95 44.1231 48 44.673L33 53.298C32.05 53.848 31.05 54.123 30 54.123C28.95 54.123 27.95 53.848 27 53.298ZM27 46.398V32.598L15 25.623V39.498L27 46.398ZM33 46.398L45 39.498V25.623L33 32.598V46.398ZM0 15.873V6.87305C0 5.22305 0.5875 3.81055 1.7625 2.63555C2.9375 1.46055 4.35 0.873047 6 0.873047H15V6.87305H6V15.873H0ZM15 60.873H6C4.35 60.873 2.9375 60.2855 1.7625 59.1105C0.5875 57.9355 0 56.523 0 54.873V45.8731H6V54.873H15V60.873ZM45 60.873V54.873H54V45.8731H60V54.873C60 56.523 59.4125 57.9355 58.2375 59.1105C57.0625 60.2855 55.65 60.873 54 60.873H45ZM54 15.873V6.87305H45V0.873047H54C55.65 0.873047 57.0625 1.46055 58.2375 2.63555C59.4125 3.81055 60 5.22305 60 6.87305V15.873H54ZM30 27.423L41.85 20.448L30 13.623L18.15 20.448L30 27.423Z\"\n    fill=\"currentColor\" \/>\n<\/svg>\n        <\/button>\n                  <p class=\"text-base text-center\">Mira<\/p>\n              <\/div>\n    <\/div>\n    <div id=\"embed-69f5c671d6269\"\n  class=\"fixed inset-0 z-50 hidden w-screen h-screen opacity-0 pointer-events-none modal embed-container\"\n  tabindex=\"-1\" role=\"dialog\">\n  <div class=\"absolute w-full h-full bg-black opacity-75 modal-overlay\"><\/div>\n  <div\n    class=\"absolute z-30 w-11\/12 mx-auto overflow-y-auto text-black bg-white shadow-lg modal-container center-xy md:max-w-4xl\"\n    role=\"document\">\n    <div class=\"flex items-center justify-between px-4 py-4 text-gray-700 border-b md:px-8\">\n      <h2 class=\"!mb-0 font-bold\">Mira<\/h2>\n      <div class=\"z-50 flex flex-col items-center ml-auto cursor-pointer rtl:ml-0 rtl:mr-auto modal-close\">\n        <svg class=\"w-auto h-6\" width=\"18\" height=\"23\" xmlns=\"http:\/\/www.w3.org\/2000\/svg\">\n  <g stroke=\"currentColor\" fill=\"none\" fill-rule=\"evenodd\" stroke-linecap=\"square\">\n    <path d=\"M.7248.974l16.1076 20.6167M16.655 1.2654L.9097 22.1601\" \/>\n  <\/g>\n<\/svg>        <div class=\"hidden\">Close<\/div>\n      <\/div>\n    <\/div>\n    <div class=\"px-4 py-8 overflow-y-auto max-h-modal md:px-8 modal-content\">\n      <div class=\"sketchfab-embed-wrapper\"> <iframe title=\"Biga de Cardet. Reconstrucci\u00f3 hipot\u00e8tica\" frameborder=\"0\" allowfullscreen mozallowfullscreen=\"true\" webkitallowfullscreen=\"true\" allow=\"autoplay; fullscreen; xr-spatial-tracking\" xr-spatial-tracking execution-while-out-of-viewport execution-while-not-rendered web-share src=\"https:\/\/sketchfab.com\/models\/c87001ca1459474db3fab2b917891e85\/embed?ui_infos=0\"> <\/iframe> <\/div>\n    <\/div>\n  <\/div>\n<\/div>\n  <\/div>\n\n\n<div class=\"flex flex-col gap-3 element text-block\">\n  <div class=\"flex items-center gap-6\">\n              <h2 class=\"text-2xl font-bold\">8e Cripta<\/h2>\n      <\/div>\n    <\/div>\n\n\n<div class=\"flex flex-col gap-6 element image-block\">\n  <div class=\"flex flex-col gap-3\">\n      <\/div>\n      <figure>\n      <img loading=\"lazy\" decoding=\"async\" width=\"1039\" height=\"704\" src=\"https:\/\/guiesullsdelahistoria.cat\/app\/uploads\/2024\/11\/cripta-Cardet.jpg\" class=\"w-full h-auto\" alt=\"Cripta de l\u2019esgl\u00e9sia de Santa Maria de Cardet amb una pica d\u2019oli rom\u00e0nica i la llum entrant per l\u2019\u00fanica obertura.\" srcset=\"https:\/\/guiesullsdelahistoria.cat\/app\/uploads\/2024\/11\/cripta-Cardet.jpg 1039w, https:\/\/guiesullsdelahistoria.cat\/app\/uploads\/2024\/11\/cripta-Cardet-300x203.jpg 300w, https:\/\/guiesullsdelahistoria.cat\/app\/uploads\/2024\/11\/cripta-Cardet-1024x694.jpg 1024w, https:\/\/guiesullsdelahistoria.cat\/app\/uploads\/2024\/11\/cripta-Cardet-768x520.jpg 768w\" sizes=\"auto, (max-width: 1039px) 100vw, 1039px\" \/>\n              <figcaption class=\"pt-2 text-gray-800\">Cripta de Santa Maria de Cardet.<\/figcaption>\n          <\/figure>\n  <\/div>\n\n\n<section class=\"element audio-block\">\n  <div class=\"flex flex-col w-full gap-6\">\n    <div class=\"flex flex-col gap-3\">\n      <div class=\"flex gap-6\">\n                          <h2 class=\"text-2xl font-bold\">Cripta<\/h2>\n              <\/div>\n          <\/div>\n    <div class=\"flex items-center justify-end gap-3\">\n              <div class=\"flex-1 audio-content\" dir=\"ltr\">\n          <audio id=\"audio-a5a05dfbc387f2052b885e66f2e87163\" data-label=\"Cripta\"\n            data-category=\"SANTA-MARIA-DE-CARDET-CAT-FAMILIAR-PLAY-4.mp3\" class=\"hidden\" controls\n            src=\"https:\/\/guiesullsdelahistoria.cat\/app\/uploads\/2025\/01\/SANTA-MARIA-DE-CARDET-CAT-FAMILIAR-PLAY-4.mp3\"><\/audio>\n          <div class=\"flex items-center w-full gap-3 transition-opacity opacity-0 meta\">\n            <progress class=\"flex-1 border-0 appearance-none\" value=\"0\" max=\"1\"><\/progress>\n            <div class=\"text-sm text-center shrink-0 current-time w-9\"><\/div>\n                      <\/div>\n        <\/div>\n            <div class=\"flex flex-col items-center gap-2 shrink-1 audio-control\">\n        <button\n  class=\"flex items-center justify-center w-32 max-w-32 h-32 max-h-32 transition-[max-height,_max-width] bg-darker-accent rounded-full btn text-white\"\n  data-target=\"#audio-a5a05dfbc387f2052b885e66f2e87163\">\n  <svg width=\"100%\" height=\"100%\" viewBox=\"0 0 36 36\" version=\"1.1\" xmlns=\"http:\/\/www.w3.org\/2000\/svg\" xmlns:xlink=\"http:\/\/www.w3.org\/1999\/xlink\">\n  <path id=\"ytp-12\" d=\"M11,10 L18,13.74 18,22.28 11,26 M18,13.74 L26,18 26,18 18,22.28\" fill=\"currentColor\">\n    <animate id=\"animation\" begin=\"indefinite\" attributeType=\"XML\" attributeName=\"d\" fill=\"freeze\" from=\"M11,10 L17,10 17,26 11,26 M20,10 L26,10 26,26 20,26\" to=\"M11,10 L18,13.74 18,22.28 11,26 M18,13.74 L26,18 26,18 18,22.28\" dur=\"0.1s\" keySplines=\".4 0 1 1\" repeatCount=\"1\" data-play=\"M11,10 L18,13.74 18,22.28 11,26 M18,13.74 L26,18 26,18 18,22.28\" data-pause=\"M11,10 L17,10 17,26 11,26 M20,10 L26,10 26,26 20,26\"><\/animate>\n  <\/path>\n<\/svg>\n<\/button>\n        <p class=\"text-base text-center\">Escolta<\/p>\n      <\/div>\n    <\/div>\n\n    \n          <div class=\"flex flex-wrap justify-between gap-6 md:justify-start\">\n                  <button data-target=\"#transcription-a5a05dfbc387f2052b885e66f2e87163\" data-toggle=\"modal\" class=\"flex items-center gap-2\">\n            <svg class=\"w-6 h-6\" fill=\"none\" xmlns=\"http:\/\/www.w3.org\/2000\/svg\" viewBox=\"0 0 22 12\"><path d=\"M0 9.873v-6c0-.55.196-1.02.588-1.412A1.926 1.926 0 0 1 2 1.873h2c.55 0 1.02.196 1.412.588.392.391.588.862.588 1.412v6H4v-2H2v2H0Zm2-4h2v-2H2v2Zm6 4v-8h4c.55 0 1.02.196 1.412.588.392.391.588.862.588 1.412v4c0 .55-.196 1.021-.588 1.413A1.926 1.926 0 0 1 12 9.873H8Zm2-2h2v-4h-2v4Zm6.85.8-1.4-1.425c.183-.183.32-.391.413-.625.091-.233.137-.483.137-.75 0-.283-.046-.537-.137-.762a1.85 1.85 0 0 0-.413-.613l1.4-1.45c.367.367.65.792.85 1.275.2.484.3 1 .3 1.55s-.1 1.063-.3 1.538c-.2.475-.483.896-.85 1.262Zm2.825 2.825-1.45-1.375c.55-.55.983-1.187 1.3-1.912A5.775 5.775 0 0 0 20 5.873c0-.85-.158-1.633-.475-2.35a6.217 6.217 0 0 0-1.3-1.9l1.45-1.4a7.94 7.94 0 0 1 1.712 2.55c.409.967.613 2 .613 3.1s-.204 2.13-.613 3.088a7.977 7.977 0 0 1-1.712 2.537Z\" fill=\"#000\"\/><\/svg>            <span>Transcripci\u00f3<\/span>\n          <\/button>\n                      <\/div>\n      <\/div>\n\n      <div id=\"transcription-a5a05dfbc387f2052b885e66f2e87163\"\n  class=\"fixed inset-0 z-50 hidden w-screen h-screen opacity-0 pointer-events-none modal transcription\"\n  tabindex=\"-1\" role=\"dialog\">\n  <div class=\"absolute w-full h-full bg-black opacity-75 modal-overlay\"><\/div>\n  <div\n    class=\"absolute z-30 w-11\/12 mx-auto overflow-y-auto text-black bg-white shadow-lg modal-container center-xy md:max-w-4xl\"\n    role=\"document\">\n    <div class=\"flex items-center justify-between px-4 py-4 text-gray-700 border-b md:px-8\">\n      <h2 class=\"!mb-0 font-bold\">Transcripci\u00f3<\/h2>\n      <div class=\"z-50 flex flex-col items-center ml-auto cursor-pointer rtl:ml-0 rtl:mr-auto modal-close\">\n        <svg class=\"w-auto h-6\" width=\"18\" height=\"23\" xmlns=\"http:\/\/www.w3.org\/2000\/svg\">\n  <g stroke=\"currentColor\" fill=\"none\" fill-rule=\"evenodd\" stroke-linecap=\"square\">\n    <path d=\"M.7248.974l16.1076 20.6167M16.655 1.2654L.9097 22.1601\" \/>\n  <\/g>\n<\/svg>        <div class=\"hidden\">Close<\/div>\n      <\/div>\n    <\/div>\n    <div class=\"px-4 py-8 overflow-y-auto max-h-modal md:px-8 modal-content\">\n      <div class=\"mb-8 flex flex-col gap-1.5\">\n                      <h3 class=\"text-xl font-bold\">Cripta<\/h3>\n                            <\/div>\n            <p>La cripta, on ets ara, est\u00e0 situada a la part de baix de l\u2019absis. Per aix\u00f2 t\u00e9 aquesta forma circular. \u00c9s l\u2019edificaci\u00f3 que has vist des de fora baixant pel pendent de la muntanya. Normalment, les criptes es feien servir per posar-hi alguna tomba o les rel\u00edquies d\u2019un sant. Com ja veus, \u00e9s un lloc una mica sinistre i fosc. L\u2019\u00fanica llum que entra aqu\u00ed es filtra per una finestra situada a la part central del mur.<br \/>\nAqu\u00ed tamb\u00e9 hi pots veure una gran pica de pedra; \u00e9s la pica de l\u2019oli. L\u2019oli es feia servir per encendre les ll\u00e0nties que il\u00b7luminaven l\u2019esgl\u00e9sia.<br \/>\nAra pots pujar al cor, el petit balc\u00f3 que hi ha al pis de sobre. S\u2019hi puja per unes escales que s\u00f3n vora la porta d\u2019entrada.<\/p>\n    <\/div>\n  <\/div>\n<\/div>\n    <\/section>\n\n\n<div class=\"flex flex-col gap-3 element text-block\">\n  <div class=\"flex items-center gap-6\">\n              <h2 class=\"text-2xl font-bold\">8f Cor<\/h2>\n      <\/div>\n    <\/div>\n\n\n<div class=\"flex flex-col gap-6 element image-block\">\n  <div class=\"flex flex-col gap-3\">\n      <\/div>\n      <figure>\n      <img loading=\"lazy\" decoding=\"async\" width=\"1200\" height=\"1600\" src=\"https:\/\/guiesullsdelahistoria.cat\/app\/uploads\/2024\/11\/Assumpcio_de_Coll_escales_ultim_pis.jpeg\" class=\"w-full h-auto\" alt=\"Cor de l\u2019esgl\u00e9sia de Santa Maria de Cardet amb la petita escala que mena a l\u2019espai superior.\" srcset=\"https:\/\/guiesullsdelahistoria.cat\/app\/uploads\/2024\/11\/Assumpcio_de_Coll_escales_ultim_pis.jpeg 1200w, https:\/\/guiesullsdelahistoria.cat\/app\/uploads\/2024\/11\/Assumpcio_de_Coll_escales_ultim_pis-225x300.jpeg 225w, https:\/\/guiesullsdelahistoria.cat\/app\/uploads\/2024\/11\/Assumpcio_de_Coll_escales_ultim_pis-768x1024.jpeg 768w, https:\/\/guiesullsdelahistoria.cat\/app\/uploads\/2024\/11\/Assumpcio_de_Coll_escales_ultim_pis-1152x1536.jpeg 1152w\" sizes=\"auto, (max-width: 1200px) 100vw, 1200px\" \/>\n              <figcaption class=\"pt-2 text-gray-800\">Cor de Santa Maria de Cardet.<\/figcaption>\n          <\/figure>\n  <\/div>\n\n\n<section class=\"element audio-block\">\n  <div class=\"flex flex-col w-full gap-6\">\n    <div class=\"flex flex-col gap-3\">\n      <div class=\"flex gap-6\">\n                          <h2 class=\"text-2xl font-bold\">Cor<\/h2>\n              <\/div>\n          <\/div>\n    <div class=\"flex items-center justify-end gap-3\">\n              <div class=\"flex-1 audio-content\" dir=\"ltr\">\n          <audio id=\"audio-d1f0f9d3f69774c950d4541196a9578d\" data-label=\"Cor\"\n            data-category=\"SANTA-MARIA-DE-CARDET-CAT-FAMILIAR-PLAY-5.mp3\" class=\"hidden\" controls\n            src=\"https:\/\/guiesullsdelahistoria.cat\/app\/uploads\/2025\/01\/SANTA-MARIA-DE-CARDET-CAT-FAMILIAR-PLAY-5.mp3\"><\/audio>\n          <div class=\"flex items-center w-full gap-3 transition-opacity opacity-0 meta\">\n            <progress class=\"flex-1 border-0 appearance-none\" value=\"0\" max=\"1\"><\/progress>\n            <div class=\"text-sm text-center shrink-0 current-time w-9\"><\/div>\n                      <\/div>\n        <\/div>\n            <div class=\"flex flex-col items-center gap-2 shrink-1 audio-control\">\n        <button\n  class=\"flex items-center justify-center w-32 max-w-32 h-32 max-h-32 transition-[max-height,_max-width] bg-darker-accent rounded-full btn text-white\"\n  data-target=\"#audio-d1f0f9d3f69774c950d4541196a9578d\">\n  <svg width=\"100%\" height=\"100%\" viewBox=\"0 0 36 36\" version=\"1.1\" xmlns=\"http:\/\/www.w3.org\/2000\/svg\" xmlns:xlink=\"http:\/\/www.w3.org\/1999\/xlink\">\n  <path id=\"ytp-12\" d=\"M11,10 L18,13.74 18,22.28 11,26 M18,13.74 L26,18 26,18 18,22.28\" fill=\"currentColor\">\n    <animate id=\"animation\" begin=\"indefinite\" attributeType=\"XML\" attributeName=\"d\" fill=\"freeze\" from=\"M11,10 L17,10 17,26 11,26 M20,10 L26,10 26,26 20,26\" to=\"M11,10 L18,13.74 18,22.28 11,26 M18,13.74 L26,18 26,18 18,22.28\" dur=\"0.1s\" keySplines=\".4 0 1 1\" repeatCount=\"1\" data-play=\"M11,10 L18,13.74 18,22.28 11,26 M18,13.74 L26,18 26,18 18,22.28\" data-pause=\"M11,10 L17,10 17,26 11,26 M20,10 L26,10 26,26 20,26\"><\/animate>\n  <\/path>\n<\/svg>\n<\/button>\n        <p class=\"text-base text-center\">Escolta<\/p>\n      <\/div>\n    <\/div>\n\n    \n          <div class=\"flex flex-wrap justify-between gap-6 md:justify-start\">\n                  <button data-target=\"#transcription-d1f0f9d3f69774c950d4541196a9578d\" data-toggle=\"modal\" class=\"flex items-center gap-2\">\n            <svg class=\"w-6 h-6\" fill=\"none\" xmlns=\"http:\/\/www.w3.org\/2000\/svg\" viewBox=\"0 0 22 12\"><path d=\"M0 9.873v-6c0-.55.196-1.02.588-1.412A1.926 1.926 0 0 1 2 1.873h2c.55 0 1.02.196 1.412.588.392.391.588.862.588 1.412v6H4v-2H2v2H0Zm2-4h2v-2H2v2Zm6 4v-8h4c.55 0 1.02.196 1.412.588.392.391.588.862.588 1.412v4c0 .55-.196 1.021-.588 1.413A1.926 1.926 0 0 1 12 9.873H8Zm2-2h2v-4h-2v4Zm6.85.8-1.4-1.425c.183-.183.32-.391.413-.625.091-.233.137-.483.137-.75 0-.283-.046-.537-.137-.762a1.85 1.85 0 0 0-.413-.613l1.4-1.45c.367.367.65.792.85 1.275.2.484.3 1 .3 1.55s-.1 1.063-.3 1.538c-.2.475-.483.896-.85 1.262Zm2.825 2.825-1.45-1.375c.55-.55.983-1.187 1.3-1.912A5.775 5.775 0 0 0 20 5.873c0-.85-.158-1.633-.475-2.35a6.217 6.217 0 0 0-1.3-1.9l1.45-1.4a7.94 7.94 0 0 1 1.712 2.55c.409.967.613 2 .613 3.1s-.204 2.13-.613 3.088a7.977 7.977 0 0 1-1.712 2.537Z\" fill=\"#000\"\/><\/svg>            <span>Transcripci\u00f3<\/span>\n          <\/button>\n                      <\/div>\n      <\/div>\n\n      <div id=\"transcription-d1f0f9d3f69774c950d4541196a9578d\"\n  class=\"fixed inset-0 z-50 hidden w-screen h-screen opacity-0 pointer-events-none modal transcription\"\n  tabindex=\"-1\" role=\"dialog\">\n  <div class=\"absolute w-full h-full bg-black opacity-75 modal-overlay\"><\/div>\n  <div\n    class=\"absolute z-30 w-11\/12 mx-auto overflow-y-auto text-black bg-white shadow-lg modal-container center-xy md:max-w-4xl\"\n    role=\"document\">\n    <div class=\"flex items-center justify-between px-4 py-4 text-gray-700 border-b md:px-8\">\n      <h2 class=\"!mb-0 font-bold\">Transcripci\u00f3<\/h2>\n      <div class=\"z-50 flex flex-col items-center ml-auto cursor-pointer rtl:ml-0 rtl:mr-auto modal-close\">\n        <svg class=\"w-auto h-6\" width=\"18\" height=\"23\" xmlns=\"http:\/\/www.w3.org\/2000\/svg\">\n  <g stroke=\"currentColor\" fill=\"none\" fill-rule=\"evenodd\" stroke-linecap=\"square\">\n    <path d=\"M.7248.974l16.1076 20.6167M16.655 1.2654L.9097 22.1601\" \/>\n  <\/g>\n<\/svg>        <div class=\"hidden\">Close<\/div>\n      <\/div>\n    <\/div>\n    <div class=\"px-4 py-8 overflow-y-auto max-h-modal md:px-8 modal-content\">\n      <div class=\"mb-8 flex flex-col gap-1.5\">\n                      <h3 class=\"text-xl font-bold\">Cor<\/h3>\n                            <\/div>\n            <p>Fins ara, has vist tres nivells diferents de l\u2019esgl\u00e9sia: el m\u00e9s baix, el de la cripta; el de la planta, on es fan les cerim\u00f2nies, i aquest on ets ara, el cor. Per\u00f2 si puges per la petita escala que tens darrere i treus el cap, podr\u00e0s veure que encara hi ha un altre espai m\u00e9s amunt. \u00c9s l\u2019espai que va quedar despr\u00e9s de fer el sostre nou del segle XVIII. <\/p>\n    <\/div>\n  <\/div>\n<\/div>\n    <\/section>\n\n\n<div class=\"flex flex-col gap-3 element text-block\">\n  <div class=\"flex items-center gap-6\">\n              <h2 class=\"text-2xl font-bold\">8g T\u2019hi esperem!<\/h2>\n      <\/div>\n    <\/div>\n\n\n<section class=\"element audio-block\">\n  <div class=\"flex flex-col w-full gap-6\">\n    <div class=\"flex flex-col gap-3\">\n      <div class=\"flex gap-6\">\n                          <h2 class=\"text-2xl font-bold\">La visita continua<\/h2>\n              <\/div>\n          <\/div>\n    <div class=\"flex items-center justify-end gap-3\">\n              <div class=\"flex-1 audio-content\" dir=\"ltr\">\n          <audio id=\"audio-49914854da05e343db7af5d34f886295\" data-label=\"La visita continua\"\n            data-category=\"SANTA-MARIA-DE-CARDET-CAT-FAMILIAR-PLAY-CLOENDA.mp3\" class=\"hidden\" controls\n            src=\"https:\/\/guiesullsdelahistoria.cat\/app\/uploads\/2025\/01\/SANTA-MARIA-DE-CARDET-CAT-FAMILIAR-PLAY-CLOENDA.mp3\"><\/audio>\n          <div class=\"flex items-center w-full gap-3 transition-opacity opacity-0 meta\">\n            <progress class=\"flex-1 border-0 appearance-none\" value=\"0\" max=\"1\"><\/progress>\n            <div class=\"text-sm text-center shrink-0 current-time w-9\"><\/div>\n                      <\/div>\n        <\/div>\n            <div class=\"flex flex-col items-center gap-2 shrink-1 audio-control\">\n        <button\n  class=\"flex items-center justify-center w-32 max-w-32 h-32 max-h-32 transition-[max-height,_max-width] bg-darker-accent rounded-full btn text-white\"\n  data-target=\"#audio-49914854da05e343db7af5d34f886295\">\n  <svg width=\"100%\" height=\"100%\" viewBox=\"0 0 36 36\" version=\"1.1\" xmlns=\"http:\/\/www.w3.org\/2000\/svg\" xmlns:xlink=\"http:\/\/www.w3.org\/1999\/xlink\">\n  <path id=\"ytp-12\" d=\"M11,10 L18,13.74 18,22.28 11,26 M18,13.74 L26,18 26,18 18,22.28\" fill=\"currentColor\">\n    <animate id=\"animation\" begin=\"indefinite\" attributeType=\"XML\" attributeName=\"d\" fill=\"freeze\" from=\"M11,10 L17,10 17,26 11,26 M20,10 L26,10 26,26 20,26\" to=\"M11,10 L18,13.74 18,22.28 11,26 M18,13.74 L26,18 26,18 18,22.28\" dur=\"0.1s\" keySplines=\".4 0 1 1\" repeatCount=\"1\" data-play=\"M11,10 L18,13.74 18,22.28 11,26 M18,13.74 L26,18 26,18 18,22.28\" data-pause=\"M11,10 L17,10 17,26 11,26 M20,10 L26,10 26,26 20,26\"><\/animate>\n  <\/path>\n<\/svg>\n<\/button>\n        <p class=\"text-base text-center\">Escolta<\/p>\n      <\/div>\n    <\/div>\n\n    \n          <div class=\"flex flex-wrap justify-between gap-6 md:justify-start\">\n                  <button data-target=\"#transcription-49914854da05e343db7af5d34f886295\" data-toggle=\"modal\" class=\"flex items-center gap-2\">\n            <svg class=\"w-6 h-6\" fill=\"none\" xmlns=\"http:\/\/www.w3.org\/2000\/svg\" viewBox=\"0 0 22 12\"><path d=\"M0 9.873v-6c0-.55.196-1.02.588-1.412A1.926 1.926 0 0 1 2 1.873h2c.55 0 1.02.196 1.412.588.392.391.588.862.588 1.412v6H4v-2H2v2H0Zm2-4h2v-2H2v2Zm6 4v-8h4c.55 0 1.02.196 1.412.588.392.391.588.862.588 1.412v4c0 .55-.196 1.021-.588 1.413A1.926 1.926 0 0 1 12 9.873H8Zm2-2h2v-4h-2v4Zm6.85.8-1.4-1.425c.183-.183.32-.391.413-.625.091-.233.137-.483.137-.75 0-.283-.046-.537-.137-.762a1.85 1.85 0 0 0-.413-.613l1.4-1.45c.367.367.65.792.85 1.275.2.484.3 1 .3 1.55s-.1 1.063-.3 1.538c-.2.475-.483.896-.85 1.262Zm2.825 2.825-1.45-1.375c.55-.55.983-1.187 1.3-1.912A5.775 5.775 0 0 0 20 5.873c0-.85-.158-1.633-.475-2.35a6.217 6.217 0 0 0-1.3-1.9l1.45-1.4a7.94 7.94 0 0 1 1.712 2.55c.409.967.613 2 .613 3.1s-.204 2.13-.613 3.088a7.977 7.977 0 0 1-1.712 2.537Z\" fill=\"#000\"\/><\/svg>            <span>Transcripci\u00f3<\/span>\n          <\/button>\n                      <\/div>\n      <\/div>\n\n      <div id=\"transcription-49914854da05e343db7af5d34f886295\"\n  class=\"fixed inset-0 z-50 hidden w-screen h-screen opacity-0 pointer-events-none modal transcription\"\n  tabindex=\"-1\" role=\"dialog\">\n  <div class=\"absolute w-full h-full bg-black opacity-75 modal-overlay\"><\/div>\n  <div\n    class=\"absolute z-30 w-11\/12 mx-auto overflow-y-auto text-black bg-white shadow-lg modal-container center-xy md:max-w-4xl\"\n    role=\"document\">\n    <div class=\"flex items-center justify-between px-4 py-4 text-gray-700 border-b md:px-8\">\n      <h2 class=\"!mb-0 font-bold\">Transcripci\u00f3<\/h2>\n      <div class=\"z-50 flex flex-col items-center ml-auto cursor-pointer rtl:ml-0 rtl:mr-auto modal-close\">\n        <svg class=\"w-auto h-6\" width=\"18\" height=\"23\" xmlns=\"http:\/\/www.w3.org\/2000\/svg\">\n  <g stroke=\"currentColor\" fill=\"none\" fill-rule=\"evenodd\" stroke-linecap=\"square\">\n    <path d=\"M.7248.974l16.1076 20.6167M16.655 1.2654L.9097 22.1601\" \/>\n  <\/g>\n<\/svg>        <div class=\"hidden\">Close<\/div>\n      <\/div>\n    <\/div>\n    <div class=\"px-4 py-8 overflow-y-auto max-h-modal md:px-8 modal-content\">\n      <div class=\"mb-8 flex flex-col gap-1.5\">\n                      <h3 class=\"text-xl font-bold\">La visita continua<\/h3>\n                            <\/div>\n            <p>Aqu\u00ed s\u2019acaba la visita a l\u2019esgl\u00e9sia. Ara et convidem a con\u00e8ixer les altres, que constitueixen el Conjunt Rom\u00e0nic de la Vall de Bo\u00ed. T\u2019hi esperem!<\/p>\n    <\/div>\n  <\/div>\n<\/div>\n    <\/section>\n\n\n<div class=\"flex flex-col gap-3 element text-block\">\n  <div class=\"flex items-center gap-6\">\n              <h2 class=\"text-2xl font-bold\">Cloenda<\/h2>\n      <\/div>\n        <div class=\"prose prose-lg\"><p><em>\u201cEls Ulls de la Hist\u00f2ria. Una mirada immersiva sobre el patrimoni\u201d<\/em> \u00e9s una iniciativa de l\u2019Ag\u00e8ncia Catalana del Patrimoni Cultural. Un projecte que incorpora altres veus i altres mirades sobre el nostre passat. Perqu\u00e8 totes i tots fem hist\u00f2ria.<\/p>\n<\/div>\n  <\/div>\n\n<\/div>\n      <\/div>\n    <\/div>\n  <\/section>\n\n\n<section class=\"container overflow-hidden section\" id=\"section-69f5c6720c21b\" data-title=\"9. Santa Maria de Ta\u00fcll\">\n    <div class=\"relative z-10 w-full -mb-8 section-pictogram\">\n            <div class=\"flex h-40 text-darker-accent justify-end\">\n        <svg class=\"w-auto h-full\" width=\"172\" height=\"173\" viewBox=\"0 0 172 173\" fill=\"none\" xmlns=\"http:\/\/www.w3.org\/2000\/svg\">\n  <path\n    d=\"M86.0621 94.7877C93.9368 94.7877 101.635 92.4525 108.182 88.0776C114.73 83.7026 119.833 77.4843 122.847 70.2091C125.86 62.9338 126.649 54.9283 125.112 47.2049C123.576 39.4815 119.784 32.3871 114.216 26.8188C108.648 21.2506 101.553 17.4585 93.8298 15.9223C86.1064 14.386 78.1009 15.1745 70.8256 18.188C63.5503 21.2015 57.332 26.3047 52.957 32.8523C48.5821 39.3999 46.247 47.0977 46.247 54.9724C46.247 65.5321 50.4418 75.6593 57.9086 83.1261C65.3754 90.5929 75.5025 94.7877 86.0621 94.7877ZM167.089 54.9955C167.089 54.9955 136.477 94.9435 86.0621 94.9435C35.6468 94.9435 5.04688 54.9955 5.04688 54.9955C5.04688 54.9955 35.6295 15.0303 86.0621 15.0303C136.495 15.0303 167.089 54.9955 167.089 54.9955Z\"\n    stroke=\"currentColor\" stroke-width=\"2\" stroke-miterlimit=\"10\" \/>\n  <path d=\"M74.6758 95.1108V158.134H90.8327\" stroke=\"currentColor\" stroke-width=\"2\" stroke-miterlimit=\"10\"\n    stroke-linecap=\"round\" \/>\n  <path d=\"M94.8711 95.1108V124.603V158.134H111.028\" stroke=\"currentColor\" stroke-width=\"2\" stroke-miterlimit=\"10\"\n    stroke-linecap=\"round\" \/>\n  <path\n    d=\"M68.7903 50.4771C69.4751 50.4771 70.1445 50.2741 70.7139 49.8936C71.2832 49.5132 71.7269 48.9725 71.9889 48.3399C72.251 47.7072 72.3196 47.0111 72.186 46.3395C72.0524 45.6679 71.7227 45.051 71.2385 44.5668C70.7543 44.0826 70.1374 43.7529 69.4658 43.6193C68.7942 43.4857 68.098 43.5542 67.4654 43.8163C66.8327 44.0783 66.2921 44.5221 65.9116 45.0914C65.5312 45.6608 65.3281 46.3302 65.3281 47.0149C65.3281 47.9332 65.6929 48.8138 66.3422 49.4631C66.9914 50.1124 67.8721 50.4771 68.7903 50.4771Z\"\n    fill=\"currentColor\" \/>\n  <path\n    d=\"M103.337 50.4771C104.022 50.4771 104.691 50.2741 105.261 49.8936C105.83 49.5132 106.274 48.9725 106.536 48.3399C106.798 47.7072 106.866 47.0111 106.733 46.3395C106.599 45.6679 106.269 45.051 105.785 44.5668C105.301 44.0826 104.684 43.7529 104.013 43.6193C103.341 43.4857 102.645 43.5542 102.012 43.8163C101.38 44.0783 100.839 44.5221 100.458 45.0914C100.078 45.6608 99.875 46.3302 99.875 47.0149C99.875 47.9332 100.24 48.8138 100.889 49.4631C101.538 50.1124 102.419 50.4771 103.337 50.4771Z\"\n    fill=\"currentColor\" \/>\n  <path\n    d=\"M88.2352 75.4495C89.9959 74.7202 90.8321 72.7016 90.1028 70.941C89.3735 69.1803 87.3549 68.3442 85.5942 69.0735C83.8335 69.8028 82.9975 71.8214 83.7268 73.582C84.4561 75.3427 86.4746 76.1788 88.2352 75.4495Z\"\n    stroke=\"currentColor\" stroke-width=\"2\" stroke-miterlimit=\"10\" \/>\n<\/svg>      <\/div>\n    <\/div>\n    <div class=\"grid w-full grid-cols-1 px-4 py-8 section-content max-md:gap-y-8 md:grid-standard rounded-xl\">\n              <div class=\"flex gap-4 md:col-span-5\">\n                                <h2 class=\"text-8 font-headings\">9. Santa Maria de Ta\u00fcll<\/h2>\n                  <\/div>\n            <div class=\"flex flex-col gap-8 md:col-span-6 md:col-start-7 md:gap-10\">\n        <div class=\"acf-innerblocks-container\">\n<div class=\"flex flex-col gap-3 element text-block\">\n  <div class=\"flex items-center gap-6\">\n              <h2 class=\"text-2xl font-bold\">9a Introducci\u00f3<\/h2>\n      <\/div>\n    <\/div>\n\n\n<div class=\"flex flex-col gap-6 element image-block\">\n  <div class=\"flex flex-col gap-3\">\n      <\/div>\n      <figure>\n      <img loading=\"lazy\" decoding=\"async\" width=\"1600\" height=\"1073\" src=\"https:\/\/guiesullsdelahistoria.cat\/app\/uploads\/2024\/11\/Santa_Maria_de_Taull_aeria_DJI_0357.jpg\" class=\"w-full h-auto\" alt=\"Vista a\u00e8ria de l\u2019esgl\u00e9sia de Santa Maria de Ta\u00fcll envoltada per diverses cases del poble i les muntanyes al fons.\" srcset=\"https:\/\/guiesullsdelahistoria.cat\/app\/uploads\/2024\/11\/Santa_Maria_de_Taull_aeria_DJI_0357.jpg 1600w, https:\/\/guiesullsdelahistoria.cat\/app\/uploads\/2024\/11\/Santa_Maria_de_Taull_aeria_DJI_0357-300x201.jpg 300w, https:\/\/guiesullsdelahistoria.cat\/app\/uploads\/2024\/11\/Santa_Maria_de_Taull_aeria_DJI_0357-1024x687.jpg 1024w, https:\/\/guiesullsdelahistoria.cat\/app\/uploads\/2024\/11\/Santa_Maria_de_Taull_aeria_DJI_0357-768x515.jpg 768w, https:\/\/guiesullsdelahistoria.cat\/app\/uploads\/2024\/11\/Santa_Maria_de_Taull_aeria_DJI_0357-1536x1030.jpg 1536w\" sizes=\"auto, (max-width: 1600px) 100vw, 1600px\" \/>\n              <figcaption class=\"pt-2 text-gray-800\">Vista a\u00e8ria de Santa Maria de Ta\u00fcll al mig del poble.<\/figcaption>\n          <\/figure>\n  <\/div>\n\n\n<section class=\"element audio-block\">\n  <div class=\"flex flex-col w-full gap-6\">\n    <div class=\"flex flex-col gap-3\">\n      <div class=\"flex gap-6\">\n                          <h2 class=\"text-2xl font-bold\">La Vall de Bo\u00ed i les seves esgl\u00e9sies<\/h2>\n              <\/div>\n          <\/div>\n    <div class=\"flex items-center justify-end gap-3\">\n              <div class=\"flex-1 audio-content\" dir=\"ltr\">\n          <audio id=\"audio-ed5375de26a3bbfe19938badf8eb9908\" data-label=\"La Vall de Bo\u00ed i les seves esgl\u00e9sies\"\n            data-category=\"SANTA-MARIA-DE-TAULL-CAT-FAMILIAR-PLAY-0.mp3\" class=\"hidden\" controls\n            src=\"https:\/\/guiesullsdelahistoria.cat\/app\/uploads\/2025\/01\/SANTA-MARIA-DE-TAULL-CAT-FAMILIAR-PLAY-0.mp3\"><\/audio>\n          <div class=\"flex items-center w-full gap-3 transition-opacity opacity-0 meta\">\n            <progress class=\"flex-1 border-0 appearance-none\" value=\"0\" max=\"1\"><\/progress>\n            <div class=\"text-sm text-center shrink-0 current-time w-9\"><\/div>\n                      <\/div>\n        <\/div>\n            <div class=\"flex flex-col items-center gap-2 shrink-1 audio-control\">\n        <button\n  class=\"flex items-center justify-center w-32 max-w-32 h-32 max-h-32 transition-[max-height,_max-width] bg-darker-accent rounded-full btn text-white\"\n  data-target=\"#audio-ed5375de26a3bbfe19938badf8eb9908\">\n  <svg width=\"100%\" height=\"100%\" viewBox=\"0 0 36 36\" version=\"1.1\" xmlns=\"http:\/\/www.w3.org\/2000\/svg\" xmlns:xlink=\"http:\/\/www.w3.org\/1999\/xlink\">\n  <path id=\"ytp-12\" d=\"M11,10 L18,13.74 18,22.28 11,26 M18,13.74 L26,18 26,18 18,22.28\" fill=\"currentColor\">\n    <animate id=\"animation\" begin=\"indefinite\" attributeType=\"XML\" attributeName=\"d\" fill=\"freeze\" from=\"M11,10 L17,10 17,26 11,26 M20,10 L26,10 26,26 20,26\" to=\"M11,10 L18,13.74 18,22.28 11,26 M18,13.74 L26,18 26,18 18,22.28\" dur=\"0.1s\" keySplines=\".4 0 1 1\" repeatCount=\"1\" data-play=\"M11,10 L18,13.74 18,22.28 11,26 M18,13.74 L26,18 26,18 18,22.28\" data-pause=\"M11,10 L17,10 17,26 11,26 M20,10 L26,10 26,26 20,26\"><\/animate>\n  <\/path>\n<\/svg>\n<\/button>\n        <p class=\"text-base text-center\">Escolta<\/p>\n      <\/div>\n    <\/div>\n\n    \n          <div class=\"flex flex-wrap justify-between gap-6 md:justify-start\">\n                  <button data-target=\"#transcription-ed5375de26a3bbfe19938badf8eb9908\" data-toggle=\"modal\" class=\"flex items-center gap-2\">\n            <svg class=\"w-6 h-6\" fill=\"none\" xmlns=\"http:\/\/www.w3.org\/2000\/svg\" viewBox=\"0 0 22 12\"><path d=\"M0 9.873v-6c0-.55.196-1.02.588-1.412A1.926 1.926 0 0 1 2 1.873h2c.55 0 1.02.196 1.412.588.392.391.588.862.588 1.412v6H4v-2H2v2H0Zm2-4h2v-2H2v2Zm6 4v-8h4c.55 0 1.02.196 1.412.588.392.391.588.862.588 1.412v4c0 .55-.196 1.021-.588 1.413A1.926 1.926 0 0 1 12 9.873H8Zm2-2h2v-4h-2v4Zm6.85.8-1.4-1.425c.183-.183.32-.391.413-.625.091-.233.137-.483.137-.75 0-.283-.046-.537-.137-.762a1.85 1.85 0 0 0-.413-.613l1.4-1.45c.367.367.65.792.85 1.275.2.484.3 1 .3 1.55s-.1 1.063-.3 1.538c-.2.475-.483.896-.85 1.262Zm2.825 2.825-1.45-1.375c.55-.55.983-1.187 1.3-1.912A5.775 5.775 0 0 0 20 5.873c0-.85-.158-1.633-.475-2.35a6.217 6.217 0 0 0-1.3-1.9l1.45-1.4a7.94 7.94 0 0 1 1.712 2.55c.409.967.613 2 .613 3.1s-.204 2.13-.613 3.088a7.977 7.977 0 0 1-1.712 2.537Z\" fill=\"#000\"\/><\/svg>            <span>Transcripci\u00f3<\/span>\n          <\/button>\n                      <\/div>\n      <\/div>\n\n      <div id=\"transcription-ed5375de26a3bbfe19938badf8eb9908\"\n  class=\"fixed inset-0 z-50 hidden w-screen h-screen opacity-0 pointer-events-none modal transcription\"\n  tabindex=\"-1\" role=\"dialog\">\n  <div class=\"absolute w-full h-full bg-black opacity-75 modal-overlay\"><\/div>\n  <div\n    class=\"absolute z-30 w-11\/12 mx-auto overflow-y-auto text-black bg-white shadow-lg modal-container center-xy md:max-w-4xl\"\n    role=\"document\">\n    <div class=\"flex items-center justify-between px-4 py-4 text-gray-700 border-b md:px-8\">\n      <h2 class=\"!mb-0 font-bold\">Transcripci\u00f3<\/h2>\n      <div class=\"z-50 flex flex-col items-center ml-auto cursor-pointer rtl:ml-0 rtl:mr-auto modal-close\">\n        <svg class=\"w-auto h-6\" width=\"18\" height=\"23\" xmlns=\"http:\/\/www.w3.org\/2000\/svg\">\n  <g stroke=\"currentColor\" fill=\"none\" fill-rule=\"evenodd\" stroke-linecap=\"square\">\n    <path d=\"M.7248.974l16.1076 20.6167M16.655 1.2654L.9097 22.1601\" \/>\n  <\/g>\n<\/svg>        <div class=\"hidden\">Close<\/div>\n      <\/div>\n    <\/div>\n    <div class=\"px-4 py-8 overflow-y-auto max-h-modal md:px-8 modal-content\">\n      <div class=\"mb-8 flex flex-col gap-1.5\">\n                      <h3 class=\"text-xl font-bold\">La Vall de Bo\u00ed i les seves esgl\u00e9sies<\/h3>\n                            <\/div>\n            <p>Et donem la benvinguda a la Vall de Bo\u00ed i t\u2019animem a con\u00e8ixer-ne l\u2019excepcional conjunt d\u2019esgl\u00e9sies, considerades una de les m\u00e0ximes expressions de l\u2019art rom\u00e0nic catal\u00e0 i inscrites a la llista de Patrimoni Mundial per la UNESCO l\u2019any 2000.<br \/>\nEl Conjunt Rom\u00e0nic de la Vall de Bo\u00ed l\u2019integren nou esgl\u00e9sies: Sant Climent i Santa Maria de Ta\u00fcll, Sant Joan de Bo\u00ed, Santa Eul\u00e0lia d\u2019Erill la Vall, Sant Feliu de Barruera, la Nativitat i Sant Quirc de Durro, Santa Maria de Cardet i l\u2019Assumpci\u00f3 de C\u00f3ll.<br \/>\nPer\u00f2, qu\u00e8 tenen en com\u00fa aquest conjunt d\u2019esgl\u00e9sies? Qu\u00e8 les fa tan singulars? Quina \u00e9s la seva hist\u00f2ria?<br \/>\nTotes van ser constru\u00efdes entre els segles xi i xii, en un moment de poder i de bonan\u00e7a econ\u00f2mica de la noblesa local, i comparteixen un estil arquitect\u00f2nic, el rom\u00e0nic, molt est\u00e8s per tot Europa.<br \/>\nAvui, una bona part de les pintures, talles i mobiliari es conserven a diversos museus catalans, sobretot al Museu Nacional d\u2019Art de Catalunya. Tot i aix\u00f2, algunes de les esgl\u00e9sies compten amb importants fragments de pintura mural i escultures originals, a m\u00e9s de reproduccions de les que es conserven als museus.<br \/>\nAmb la guia que tens a les mans, descobrir\u00e0s els valors excepcionals d\u2019aquest conjunt rom\u00e0nic i podr\u00e0s con\u00e8ixer cada una de les nou esgl\u00e9sies, amb els seus secrets i curiositats.<br \/>\nUna advert\u00e8ncia final! Aquestes muntanyes s\u00f3n misterioses i, a les valls, les paraules de les persones que les han habitat sovint es queden atrapades i ressonen al llarg del temps com un eco imperceptible. Aquesta guia disposa d\u2019un sensor que s\u2019activa cada cop que en capta alguna. No t\u2019espantis i continua escoltant.<\/p>\n    <\/div>\n  <\/div>\n<\/div>\n    <\/section>\n\n\n<div class=\"flex flex-col gap-3 element text-block\">\n  <div class=\"flex items-center gap-6\">\n              <h2 class=\"text-2xl font-bold\">9b Fa\u00e7ana principal<\/h2>\n      <\/div>\n    <\/div>\n\n\n<div class=\"flex flex-col gap-6 element image-block\">\n  <div class=\"flex flex-col gap-3\">\n      <\/div>\n      <figure>\n      <img loading=\"lazy\" decoding=\"async\" width=\"850\" height=\"565\" src=\"https:\/\/guiesullsdelahistoria.cat\/app\/uploads\/2024\/11\/Santa_Maria_de_Taull_facana_2.jpg\" class=\"w-full h-auto\" alt=\"\" srcset=\"https:\/\/guiesullsdelahistoria.cat\/app\/uploads\/2024\/11\/Santa_Maria_de_Taull_facana_2.jpg 850w, https:\/\/guiesullsdelahistoria.cat\/app\/uploads\/2024\/11\/Santa_Maria_de_Taull_facana_2-300x199.jpg 300w, https:\/\/guiesullsdelahistoria.cat\/app\/uploads\/2024\/11\/Santa_Maria_de_Taull_facana_2-768x510.jpg 768w\" sizes=\"auto, (max-width: 850px) 100vw, 850px\" \/>\n              <figcaption class=\"pt-2 text-gray-800\">Fa\u00e7ana principal de Santa Maria de Ta\u00fcll.<\/figcaption>\n          <\/figure>\n  <\/div>\n\n\n<section class=\"element audio-block\">\n  <div class=\"flex flex-col w-full gap-6\">\n    <div class=\"flex flex-col gap-3\">\n      <div class=\"flex gap-6\">\n                          <h2 class=\"text-2xl font-bold\">Hist\u00f2ria i curiositats<\/h2>\n              <\/div>\n          <\/div>\n    <div class=\"flex items-center justify-end gap-3\">\n              <div class=\"flex-1 audio-content\" dir=\"ltr\">\n          <audio id=\"audio-d7bd0319900779760b6eeb2bd2091de9\" data-label=\"Hist\u00f2ria i curiositats\"\n            data-category=\"SANTA-MARIA-DE-TAULL-CAT-FAMILIAR-PLAY-1.mp3\" class=\"hidden\" controls\n            src=\"https:\/\/guiesullsdelahistoria.cat\/app\/uploads\/2025\/01\/SANTA-MARIA-DE-TAULL-CAT-FAMILIAR-PLAY-1.mp3\"><\/audio>\n          <div class=\"flex items-center w-full gap-3 transition-opacity opacity-0 meta\">\n            <progress class=\"flex-1 border-0 appearance-none\" value=\"0\" max=\"1\"><\/progress>\n            <div class=\"text-sm text-center shrink-0 current-time w-9\"><\/div>\n                      <\/div>\n        <\/div>\n            <div class=\"flex flex-col items-center gap-2 shrink-1 audio-control\">\n        <button\n  class=\"flex items-center justify-center w-32 max-w-32 h-32 max-h-32 transition-[max-height,_max-width] bg-darker-accent rounded-full btn text-white\"\n  data-target=\"#audio-d7bd0319900779760b6eeb2bd2091de9\">\n  <svg width=\"100%\" height=\"100%\" viewBox=\"0 0 36 36\" version=\"1.1\" xmlns=\"http:\/\/www.w3.org\/2000\/svg\" xmlns:xlink=\"http:\/\/www.w3.org\/1999\/xlink\">\n  <path id=\"ytp-12\" d=\"M11,10 L18,13.74 18,22.28 11,26 M18,13.74 L26,18 26,18 18,22.28\" fill=\"currentColor\">\n    <animate id=\"animation\" begin=\"indefinite\" attributeType=\"XML\" attributeName=\"d\" fill=\"freeze\" from=\"M11,10 L17,10 17,26 11,26 M20,10 L26,10 26,26 20,26\" to=\"M11,10 L18,13.74 18,22.28 11,26 M18,13.74 L26,18 26,18 18,22.28\" dur=\"0.1s\" keySplines=\".4 0 1 1\" repeatCount=\"1\" data-play=\"M11,10 L18,13.74 18,22.28 11,26 M18,13.74 L26,18 26,18 18,22.28\" data-pause=\"M11,10 L17,10 17,26 11,26 M20,10 L26,10 26,26 20,26\"><\/animate>\n  <\/path>\n<\/svg>\n<\/button>\n        <p class=\"text-base text-center\">Escolta<\/p>\n      <\/div>\n    <\/div>\n\n    \n          <div class=\"flex flex-wrap justify-between gap-6 md:justify-start\">\n                  <button data-target=\"#transcription-d7bd0319900779760b6eeb2bd2091de9\" data-toggle=\"modal\" class=\"flex items-center gap-2\">\n            <svg class=\"w-6 h-6\" fill=\"none\" xmlns=\"http:\/\/www.w3.org\/2000\/svg\" viewBox=\"0 0 22 12\"><path d=\"M0 9.873v-6c0-.55.196-1.02.588-1.412A1.926 1.926 0 0 1 2 1.873h2c.55 0 1.02.196 1.412.588.392.391.588.862.588 1.412v6H4v-2H2v2H0Zm2-4h2v-2H2v2Zm6 4v-8h4c.55 0 1.02.196 1.412.588.392.391.588.862.588 1.412v4c0 .55-.196 1.021-.588 1.413A1.926 1.926 0 0 1 12 9.873H8Zm2-2h2v-4h-2v4Zm6.85.8-1.4-1.425c.183-.183.32-.391.413-.625.091-.233.137-.483.137-.75 0-.283-.046-.537-.137-.762a1.85 1.85 0 0 0-.413-.613l1.4-1.45c.367.367.65.792.85 1.275.2.484.3 1 .3 1.55s-.1 1.063-.3 1.538c-.2.475-.483.896-.85 1.262Zm2.825 2.825-1.45-1.375c.55-.55.983-1.187 1.3-1.912A5.775 5.775 0 0 0 20 5.873c0-.85-.158-1.633-.475-2.35a6.217 6.217 0 0 0-1.3-1.9l1.45-1.4a7.94 7.94 0 0 1 1.712 2.55c.409.967.613 2 .613 3.1s-.204 2.13-.613 3.088a7.977 7.977 0 0 1-1.712 2.537Z\" fill=\"#000\"\/><\/svg>            <span>Transcripci\u00f3<\/span>\n          <\/button>\n                      <\/div>\n      <\/div>\n\n      <div id=\"transcription-d7bd0319900779760b6eeb2bd2091de9\"\n  class=\"fixed inset-0 z-50 hidden w-screen h-screen opacity-0 pointer-events-none modal transcription\"\n  tabindex=\"-1\" role=\"dialog\">\n  <div class=\"absolute w-full h-full bg-black opacity-75 modal-overlay\"><\/div>\n  <div\n    class=\"absolute z-30 w-11\/12 mx-auto overflow-y-auto text-black bg-white shadow-lg modal-container center-xy md:max-w-4xl\"\n    role=\"document\">\n    <div class=\"flex items-center justify-between px-4 py-4 text-gray-700 border-b md:px-8\">\n      <h2 class=\"!mb-0 font-bold\">Transcripci\u00f3<\/h2>\n      <div class=\"z-50 flex flex-col items-center ml-auto cursor-pointer rtl:ml-0 rtl:mr-auto modal-close\">\n        <svg class=\"w-auto h-6\" width=\"18\" height=\"23\" xmlns=\"http:\/\/www.w3.org\/2000\/svg\">\n  <g stroke=\"currentColor\" fill=\"none\" fill-rule=\"evenodd\" stroke-linecap=\"square\">\n    <path d=\"M.7248.974l16.1076 20.6167M16.655 1.2654L.9097 22.1601\" \/>\n  <\/g>\n<\/svg>        <div class=\"hidden\">Close<\/div>\n      <\/div>\n    <\/div>\n    <div class=\"px-4 py-8 overflow-y-auto max-h-modal md:px-8 modal-content\">\n      <div class=\"mb-8 flex flex-col gap-1.5\">\n                      <h3 class=\"text-xl font-bold\">Hist\u00f2ria i curiositats<\/h3>\n                            <\/div>\n            <p>L\u2019esgl\u00e9sia de Santa Maria de Ta\u00fcll es va fer a la mateixa \u00e8poca que la de Sant Climent, que tamb\u00e9 \u00e9s a Ta\u00fcll. Aix\u00f2 demostra que els senyors feudals que la van pagar tenien molts diners perqu\u00e8, si no, qui construeix dues esgl\u00e9sies alhora? Per\u00f2 una esgl\u00e9sia no est\u00e0 preparada per fer-hi celebracions religioses fins que no es fa la festa de consagraci\u00f3. I aquestes dues esgl\u00e9sies es van consagrar amb nom\u00e9s un dia de difer\u00e8ncia: el 10 i l\u201911 de desembre de 1123. Com ho sabem? Perqu\u00e8 ho van deixar escrit en una columna de dins i en un petit pergam\u00ed que era en una capsa de rel\u00edquies a l\u2019altar major.<\/p>\n<p>A m\u00e9s d\u2019aquesta curiositat, l\u2019esgl\u00e9sia de Santa Maria de Ta\u00fcll t\u00e9 una cosa que la fa diferent de les altres de la Vall: \u00e9s l\u2019\u00fanica situada al centre del poble. Aix\u00f2 ja ho deus haver vist perqu\u00e8 est\u00e0 envoltada de cases. <\/p>\n<p>Per\u00f2 aquesta esgl\u00e9sia va anar canviant molt de forma des que la van fer. Fa no gaire anys, es va decidir restaurar-la i se li va tornar l\u2019aspecte que tenia en \u00e8poca rom\u00e0nica, al principi de tot, amb tres naus que veur\u00e0s quan entris. Ep! Quan parlem de naus no volem dir naus voladores! S\u00f3n els espais de dins: el del mig, el de la dreta i el de l\u2019esquerra. Si vols saber quina \u00e9s la planta antiga de l\u2019esgl\u00e9sia, ho pots veure marcat amb rajoles de pedra a la pla\u00e7a, per la banda de la teva dreta. I ja que hi vas, fixa\u2019t que la torre del campanar est\u00e0 una mica torta. S\u00f3n coses de l\u2019edat, perqu\u00e8 aquesta \u00e9s la part m\u00e9s antiga de l\u2019esgl\u00e9sia. <\/p>\n<p>Despr\u00e9s de veure la torre, ves a la part del darrere de l\u2019esgl\u00e9sia, on hi ha els absis, aquestes construccions arrodonides.<\/p>\n    <\/div>\n  <\/div>\n<\/div>\n    <\/section>\n\n\n<div class=\"flex flex-col gap-3 element text-block\">\n  <div class=\"flex items-center gap-6\">\n              <h2 class=\"text-2xl font-bold\">9c Absis<\/h2>\n      <\/div>\n    <\/div>\n\n\n<div class=\"flex flex-col gap-6 element image-block\">\n  <div class=\"flex flex-col gap-3\">\n      <\/div>\n      <figure>\n      <img loading=\"lazy\" decoding=\"async\" width=\"1441\" height=\"959\" src=\"https:\/\/guiesullsdelahistoria.cat\/app\/uploads\/2024\/11\/Santa_Maria_Taull_absis_2_DSC9299.jpg\" class=\"w-full h-auto\" alt=\"Exterior de l\u2019absis principal de l\u2019esgl\u00e9sia de Santa Maria de Ta\u00fcll amb el detall de la decoraci\u00f3 dels cercles refosos.\" srcset=\"https:\/\/guiesullsdelahistoria.cat\/app\/uploads\/2024\/11\/Santa_Maria_Taull_absis_2_DSC9299.jpg 1441w, https:\/\/guiesullsdelahistoria.cat\/app\/uploads\/2024\/11\/Santa_Maria_Taull_absis_2_DSC9299-300x200.jpg 300w, https:\/\/guiesullsdelahistoria.cat\/app\/uploads\/2024\/11\/Santa_Maria_Taull_absis_2_DSC9299-1024x681.jpg 1024w, https:\/\/guiesullsdelahistoria.cat\/app\/uploads\/2024\/11\/Santa_Maria_Taull_absis_2_DSC9299-768x511.jpg 768w\" sizes=\"auto, (max-width: 1441px) 100vw, 1441px\" \/>\n              <figcaption class=\"pt-2 text-gray-800\">Absis de Santa Maria de Ta\u00fcll.<\/figcaption>\n          <\/figure>\n  <\/div>\n\n\n<section class=\"element audio-block\">\n  <div class=\"flex flex-col w-full gap-6\">\n    <div class=\"flex flex-col gap-3\">\n      <div class=\"flex gap-6\">\n                          <h2 class=\"text-2xl font-bold\">Absis<\/h2>\n              <\/div>\n          <\/div>\n    <div class=\"flex items-center justify-end gap-3\">\n              <div class=\"flex-1 audio-content\" dir=\"ltr\">\n          <audio id=\"audio-d3d84ee8e63aeebd5b1922720ed14570\" data-label=\"Absis\"\n            data-category=\"SANTA-MARIA-DE-TAULL-CAT-FAMILIAR-PLAY-2.mp3\" class=\"hidden\" controls\n            src=\"https:\/\/guiesullsdelahistoria.cat\/app\/uploads\/2025\/01\/SANTA-MARIA-DE-TAULL-CAT-FAMILIAR-PLAY-2.mp3\"><\/audio>\n          <div class=\"flex items-center w-full gap-3 transition-opacity opacity-0 meta\">\n            <progress class=\"flex-1 border-0 appearance-none\" value=\"0\" max=\"1\"><\/progress>\n            <div class=\"text-sm text-center shrink-0 current-time w-9\"><\/div>\n                      <\/div>\n        <\/div>\n            <div class=\"flex flex-col items-center gap-2 shrink-1 audio-control\">\n        <button\n  class=\"flex items-center justify-center w-32 max-w-32 h-32 max-h-32 transition-[max-height,_max-width] bg-darker-accent rounded-full btn text-white\"\n  data-target=\"#audio-d3d84ee8e63aeebd5b1922720ed14570\">\n  <svg width=\"100%\" height=\"100%\" viewBox=\"0 0 36 36\" version=\"1.1\" xmlns=\"http:\/\/www.w3.org\/2000\/svg\" xmlns:xlink=\"http:\/\/www.w3.org\/1999\/xlink\">\n  <path id=\"ytp-12\" d=\"M11,10 L18,13.74 18,22.28 11,26 M18,13.74 L26,18 26,18 18,22.28\" fill=\"currentColor\">\n    <animate id=\"animation\" begin=\"indefinite\" attributeType=\"XML\" attributeName=\"d\" fill=\"freeze\" from=\"M11,10 L17,10 17,26 11,26 M20,10 L26,10 26,26 20,26\" to=\"M11,10 L18,13.74 18,22.28 11,26 M18,13.74 L26,18 26,18 18,22.28\" dur=\"0.1s\" keySplines=\".4 0 1 1\" repeatCount=\"1\" data-play=\"M11,10 L18,13.74 18,22.28 11,26 M18,13.74 L26,18 26,18 18,22.28\" data-pause=\"M11,10 L17,10 17,26 11,26 M20,10 L26,10 26,26 20,26\"><\/animate>\n  <\/path>\n<\/svg>\n<\/button>\n        <p class=\"text-base text-center\">Escolta<\/p>\n      <\/div>\n    <\/div>\n\n    \n          <div class=\"flex flex-wrap justify-between gap-6 md:justify-start\">\n                  <button data-target=\"#transcription-d3d84ee8e63aeebd5b1922720ed14570\" data-toggle=\"modal\" class=\"flex items-center gap-2\">\n            <svg class=\"w-6 h-6\" fill=\"none\" xmlns=\"http:\/\/www.w3.org\/2000\/svg\" viewBox=\"0 0 22 12\"><path d=\"M0 9.873v-6c0-.55.196-1.02.588-1.412A1.926 1.926 0 0 1 2 1.873h2c.55 0 1.02.196 1.412.588.392.391.588.862.588 1.412v6H4v-2H2v2H0Zm2-4h2v-2H2v2Zm6 4v-8h4c.55 0 1.02.196 1.412.588.392.391.588.862.588 1.412v4c0 .55-.196 1.021-.588 1.413A1.926 1.926 0 0 1 12 9.873H8Zm2-2h2v-4h-2v4Zm6.85.8-1.4-1.425c.183-.183.32-.391.413-.625.091-.233.137-.483.137-.75 0-.283-.046-.537-.137-.762a1.85 1.85 0 0 0-.413-.613l1.4-1.45c.367.367.65.792.85 1.275.2.484.3 1 .3 1.55s-.1 1.063-.3 1.538c-.2.475-.483.896-.85 1.262Zm2.825 2.825-1.45-1.375c.55-.55.983-1.187 1.3-1.912A5.775 5.775 0 0 0 20 5.873c0-.85-.158-1.633-.475-2.35a6.217 6.217 0 0 0-1.3-1.9l1.45-1.4a7.94 7.94 0 0 1 1.712 2.55c.409.967.613 2 .613 3.1s-.204 2.13-.613 3.088a7.977 7.977 0 0 1-1.712 2.537Z\" fill=\"#000\"\/><\/svg>            <span>Transcripci\u00f3<\/span>\n          <\/button>\n                      <\/div>\n      <\/div>\n\n      <div id=\"transcription-d3d84ee8e63aeebd5b1922720ed14570\"\n  class=\"fixed inset-0 z-50 hidden w-screen h-screen opacity-0 pointer-events-none modal transcription\"\n  tabindex=\"-1\" role=\"dialog\">\n  <div class=\"absolute w-full h-full bg-black opacity-75 modal-overlay\"><\/div>\n  <div\n    class=\"absolute z-30 w-11\/12 mx-auto overflow-y-auto text-black bg-white shadow-lg modal-container center-xy md:max-w-4xl\"\n    role=\"document\">\n    <div class=\"flex items-center justify-between px-4 py-4 text-gray-700 border-b md:px-8\">\n      <h2 class=\"!mb-0 font-bold\">Transcripci\u00f3<\/h2>\n      <div class=\"z-50 flex flex-col items-center ml-auto cursor-pointer rtl:ml-0 rtl:mr-auto modal-close\">\n        <svg class=\"w-auto h-6\" width=\"18\" height=\"23\" xmlns=\"http:\/\/www.w3.org\/2000\/svg\">\n  <g stroke=\"currentColor\" fill=\"none\" fill-rule=\"evenodd\" stroke-linecap=\"square\">\n    <path d=\"M.7248.974l16.1076 20.6167M16.655 1.2654L.9097 22.1601\" \/>\n  <\/g>\n<\/svg>        <div class=\"hidden\">Close<\/div>\n      <\/div>\n    <\/div>\n    <div class=\"px-4 py-8 overflow-y-auto max-h-modal md:px-8 modal-content\">\n      <div class=\"mb-8 flex flex-col gap-1.5\">\n                      <h3 class=\"text-xl font-bold\">Absis<\/h3>\n                            <\/div>\n            <p>L\u2019absis principal de l\u2019esgl\u00e9sia de Santa Maria, el m\u00e9s gran, t\u00e9 una decoraci\u00f3 que no veur\u00e0s a cap m\u00e9s esgl\u00e9sia de la Vall: s\u00f3n aquests cercles conc\u00e8ntrics, els uns dins dels altres, que hi ha sota els arcs. Els experts en diuen cercles refosos. Quan els hagis localitzat, ja pot entrar dins l\u2019esgl\u00e9sia per continuar la visita. <\/p>\n    <\/div>\n  <\/div>\n<\/div>\n    <\/section>\n\n\n<div class=\"flex flex-col gap-3 element text-block\">\n  <div class=\"flex items-center gap-6\">\n              <h2 class=\"text-2xl font-bold\">9d Base de la nau central<\/h2>\n      <\/div>\n    <\/div>\n\n\n<div class=\"flex flex-col gap-6 element image-block\">\n  <div class=\"flex flex-col gap-3\">\n      <\/div>\n      <figure>\n      <img loading=\"lazy\" decoding=\"async\" width=\"1372\" height=\"966\" src=\"https:\/\/guiesullsdelahistoria.cat\/app\/uploads\/2024\/11\/Santa-Maria-interior-general.jpg\" class=\"w-full h-auto\" alt=\"Vista general interior de les tres naus de l\u2019esgl\u00e9sia de Santa Maria de Ta\u00fcll amb les pintures de l\u2019absis principal al fons i les del mur sud a la dreta.\" srcset=\"https:\/\/guiesullsdelahistoria.cat\/app\/uploads\/2024\/11\/Santa-Maria-interior-general.jpg 1372w, https:\/\/guiesullsdelahistoria.cat\/app\/uploads\/2024\/11\/Santa-Maria-interior-general-300x211.jpg 300w, https:\/\/guiesullsdelahistoria.cat\/app\/uploads\/2024\/11\/Santa-Maria-interior-general-1024x721.jpg 1024w, https:\/\/guiesullsdelahistoria.cat\/app\/uploads\/2024\/11\/Santa-Maria-interior-general-768x541.jpg 768w\" sizes=\"auto, (max-width: 1372px) 100vw, 1372px\" \/>\n              <figcaption class=\"pt-2 text-gray-800\">Interior de Santa Maria de Ta\u00fcll.<\/figcaption>\n          <\/figure>\n  <\/div>\n\n\n<section class=\"element audio-block\">\n  <div class=\"flex flex-col w-full gap-6\">\n    <div class=\"flex flex-col gap-3\">\n      <div class=\"flex gap-6\">\n                          <h2 class=\"text-2xl font-bold\">Una esgl\u00e9sia amb molts canvis<\/h2>\n              <\/div>\n          <\/div>\n    <div class=\"flex items-center justify-end gap-3\">\n              <div class=\"flex-1 audio-content\" dir=\"ltr\">\n          <audio id=\"audio-aabcbeba59ebb200fa7ded5e78d86902\" data-label=\"Una esgl\u00e9sia amb molts canvis\"\n            data-category=\"SANTA-MARIA-DE-TAULL-CAT-FAMILIAR-PLAY-3.mp3\" class=\"hidden\" controls\n            src=\"https:\/\/guiesullsdelahistoria.cat\/app\/uploads\/2025\/01\/SANTA-MARIA-DE-TAULL-CAT-FAMILIAR-PLAY-3.mp3\"><\/audio>\n          <div class=\"flex items-center w-full gap-3 transition-opacity opacity-0 meta\">\n            <progress class=\"flex-1 border-0 appearance-none\" value=\"0\" max=\"1\"><\/progress>\n            <div class=\"text-sm text-center shrink-0 current-time w-9\"><\/div>\n                      <\/div>\n        <\/div>\n            <div class=\"flex flex-col items-center gap-2 shrink-1 audio-control\">\n        <button\n  class=\"flex items-center justify-center w-32 max-w-32 h-32 max-h-32 transition-[max-height,_max-width] bg-darker-accent rounded-full btn text-white\"\n  data-target=\"#audio-aabcbeba59ebb200fa7ded5e78d86902\">\n  <svg width=\"100%\" height=\"100%\" viewBox=\"0 0 36 36\" version=\"1.1\" xmlns=\"http:\/\/www.w3.org\/2000\/svg\" xmlns:xlink=\"http:\/\/www.w3.org\/1999\/xlink\">\n  <path id=\"ytp-12\" d=\"M11,10 L18,13.74 18,22.28 11,26 M18,13.74 L26,18 26,18 18,22.28\" fill=\"currentColor\">\n    <animate id=\"animation\" begin=\"indefinite\" attributeType=\"XML\" attributeName=\"d\" fill=\"freeze\" from=\"M11,10 L17,10 17,26 11,26 M20,10 L26,10 26,26 20,26\" to=\"M11,10 L18,13.74 18,22.28 11,26 M18,13.74 L26,18 26,18 18,22.28\" dur=\"0.1s\" keySplines=\".4 0 1 1\" repeatCount=\"1\" data-play=\"M11,10 L18,13.74 18,22.28 11,26 M18,13.74 L26,18 26,18 18,22.28\" data-pause=\"M11,10 L17,10 17,26 11,26 M20,10 L26,10 26,26 20,26\"><\/animate>\n  <\/path>\n<\/svg>\n<\/button>\n        <p class=\"text-base text-center\">Escolta<\/p>\n      <\/div>\n    <\/div>\n\n    \n          <div class=\"flex flex-wrap justify-between gap-6 md:justify-start\">\n                  <button data-target=\"#transcription-aabcbeba59ebb200fa7ded5e78d86902\" data-toggle=\"modal\" class=\"flex items-center gap-2\">\n            <svg class=\"w-6 h-6\" fill=\"none\" xmlns=\"http:\/\/www.w3.org\/2000\/svg\" viewBox=\"0 0 22 12\"><path d=\"M0 9.873v-6c0-.55.196-1.02.588-1.412A1.926 1.926 0 0 1 2 1.873h2c.55 0 1.02.196 1.412.588.392.391.588.862.588 1.412v6H4v-2H2v2H0Zm2-4h2v-2H2v2Zm6 4v-8h4c.55 0 1.02.196 1.412.588.392.391.588.862.588 1.412v4c0 .55-.196 1.021-.588 1.413A1.926 1.926 0 0 1 12 9.873H8Zm2-2h2v-4h-2v4Zm6.85.8-1.4-1.425c.183-.183.32-.391.413-.625.091-.233.137-.483.137-.75 0-.283-.046-.537-.137-.762a1.85 1.85 0 0 0-.413-.613l1.4-1.45c.367.367.65.792.85 1.275.2.484.3 1 .3 1.55s-.1 1.063-.3 1.538c-.2.475-.483.896-.85 1.262Zm2.825 2.825-1.45-1.375c.55-.55.983-1.187 1.3-1.912A5.775 5.775 0 0 0 20 5.873c0-.85-.158-1.633-.475-2.35a6.217 6.217 0 0 0-1.3-1.9l1.45-1.4a7.94 7.94 0 0 1 1.712 2.55c.409.967.613 2 .613 3.1s-.204 2.13-.613 3.088a7.977 7.977 0 0 1-1.712 2.537Z\" fill=\"#000\"\/><\/svg>            <span>Transcripci\u00f3<\/span>\n          <\/button>\n                      <\/div>\n      <\/div>\n\n      <div id=\"transcription-aabcbeba59ebb200fa7ded5e78d86902\"\n  class=\"fixed inset-0 z-50 hidden w-screen h-screen opacity-0 pointer-events-none modal transcription\"\n  tabindex=\"-1\" role=\"dialog\">\n  <div class=\"absolute w-full h-full bg-black opacity-75 modal-overlay\"><\/div>\n  <div\n    class=\"absolute z-30 w-11\/12 mx-auto overflow-y-auto text-black bg-white shadow-lg modal-container center-xy md:max-w-4xl\"\n    role=\"document\">\n    <div class=\"flex items-center justify-between px-4 py-4 text-gray-700 border-b md:px-8\">\n      <h2 class=\"!mb-0 font-bold\">Transcripci\u00f3<\/h2>\n      <div class=\"z-50 flex flex-col items-center ml-auto cursor-pointer rtl:ml-0 rtl:mr-auto modal-close\">\n        <svg class=\"w-auto h-6\" width=\"18\" height=\"23\" xmlns=\"http:\/\/www.w3.org\/2000\/svg\">\n  <g stroke=\"currentColor\" fill=\"none\" fill-rule=\"evenodd\" stroke-linecap=\"square\">\n    <path d=\"M.7248.974l16.1076 20.6167M16.655 1.2654L.9097 22.1601\" \/>\n  <\/g>\n<\/svg>        <div class=\"hidden\">Close<\/div>\n      <\/div>\n    <\/div>\n    <div class=\"px-4 py-8 overflow-y-auto max-h-modal md:px-8 modal-content\">\n      <div class=\"mb-8 flex flex-col gap-1.5\">\n                      <h3 class=\"text-xl font-bold\">Una esgl\u00e9sia amb molts canvis<\/h3>\n                            <\/div>\n            <p>Ara ja pots veure les tres naus o sales de l\u2019esgl\u00e9sia de Santa Maria de Ta\u00fcll: una de gran al mig, i dues a banda i banda, separades per una fila de pilars. Al final de cada nau hi ha un absis, tres en total, les construccions arrodonides que abans has vist per fora.<\/p>\n    <\/div>\n  <\/div>\n<\/div>\n    <\/section>\n\n\n<div class=\"flex flex-col gap-3 element text-block\">\n  <div class=\"flex items-center gap-6\">\n              <h2 class=\"text-2xl font-bold\">9e Davant l&#8217;altar<\/h2>\n      <\/div>\n    <\/div>\n\n\n<div class=\"flex flex-col gap-6 element image-block\">\n  <div class=\"flex flex-col gap-3\">\n      <\/div>\n      <figure>\n      <img loading=\"lazy\" decoding=\"async\" width=\"510\" height=\"768\" src=\"https:\/\/guiesullsdelahistoria.cat\/app\/uploads\/2024\/11\/DSC_0641_J.BARBERO.jpg\" class=\"w-full h-auto\" alt=\"Pintures murals de l\u2019interior de l\u2019absis central de l\u2019esgl\u00e9sia de Santa Maria de Ta\u00fcll.\" srcset=\"https:\/\/guiesullsdelahistoria.cat\/app\/uploads\/2024\/11\/DSC_0641_J.BARBERO.jpg 510w, https:\/\/guiesullsdelahistoria.cat\/app\/uploads\/2024\/11\/DSC_0641_J.BARBERO-199x300.jpg 199w\" sizes=\"auto, (max-width: 510px) 100vw, 510px\" \/>\n              <figcaption class=\"pt-2 text-gray-800\">Pintures murals de l\u2019absis central de Santa Maria de Ta\u00fcll.<\/figcaption>\n          <\/figure>\n  <\/div>\n\n\n<section class=\"element audio-block\">\n  <div class=\"flex flex-col w-full gap-6\">\n    <div class=\"flex flex-col gap-3\">\n      <div class=\"flex gap-6\">\n                          <h2 class=\"text-2xl font-bold\">Les pintures centrals<\/h2>\n              <\/div>\n          <\/div>\n    <div class=\"flex items-center justify-end gap-3\">\n              <div class=\"flex-1 audio-content\" dir=\"ltr\">\n          <audio id=\"audio-a6653d2383899a077b916ef6efac186e\" data-label=\"Les pintures centrals\"\n            data-category=\"SANTA-MARIA-DE-TAULL-CAT-FAMILIAR-PLAY-4.mp3\" class=\"hidden\" controls\n            src=\"https:\/\/guiesullsdelahistoria.cat\/app\/uploads\/2025\/01\/SANTA-MARIA-DE-TAULL-CAT-FAMILIAR-PLAY-4.mp3\"><\/audio>\n          <div class=\"flex items-center w-full gap-3 transition-opacity opacity-0 meta\">\n            <progress class=\"flex-1 border-0 appearance-none\" value=\"0\" max=\"1\"><\/progress>\n            <div class=\"text-sm text-center shrink-0 current-time w-9\"><\/div>\n                      <\/div>\n        <\/div>\n            <div class=\"flex flex-col items-center gap-2 shrink-1 audio-control\">\n        <button\n  class=\"flex items-center justify-center w-32 max-w-32 h-32 max-h-32 transition-[max-height,_max-width] bg-darker-accent rounded-full btn text-white\"\n  data-target=\"#audio-a6653d2383899a077b916ef6efac186e\">\n  <svg width=\"100%\" height=\"100%\" viewBox=\"0 0 36 36\" version=\"1.1\" xmlns=\"http:\/\/www.w3.org\/2000\/svg\" xmlns:xlink=\"http:\/\/www.w3.org\/1999\/xlink\">\n  <path id=\"ytp-12\" d=\"M11,10 L18,13.74 18,22.28 11,26 M18,13.74 L26,18 26,18 18,22.28\" fill=\"currentColor\">\n    <animate id=\"animation\" begin=\"indefinite\" attributeType=\"XML\" attributeName=\"d\" fill=\"freeze\" from=\"M11,10 L17,10 17,26 11,26 M20,10 L26,10 26,26 20,26\" to=\"M11,10 L18,13.74 18,22.28 11,26 M18,13.74 L26,18 26,18 18,22.28\" dur=\"0.1s\" keySplines=\".4 0 1 1\" repeatCount=\"1\" data-play=\"M11,10 L18,13.74 18,22.28 11,26 M18,13.74 L26,18 26,18 18,22.28\" data-pause=\"M11,10 L17,10 17,26 11,26 M20,10 L26,10 26,26 20,26\"><\/animate>\n  <\/path>\n<\/svg>\n<\/button>\n        <p class=\"text-base text-center\">Escolta<\/p>\n      <\/div>\n    <\/div>\n\n    \n          <div class=\"flex flex-wrap justify-between gap-6 md:justify-start\">\n                  <button data-target=\"#transcription-a6653d2383899a077b916ef6efac186e\" data-toggle=\"modal\" class=\"flex items-center gap-2\">\n            <svg class=\"w-6 h-6\" fill=\"none\" xmlns=\"http:\/\/www.w3.org\/2000\/svg\" viewBox=\"0 0 22 12\"><path d=\"M0 9.873v-6c0-.55.196-1.02.588-1.412A1.926 1.926 0 0 1 2 1.873h2c.55 0 1.02.196 1.412.588.392.391.588.862.588 1.412v6H4v-2H2v2H0Zm2-4h2v-2H2v2Zm6 4v-8h4c.55 0 1.02.196 1.412.588.392.391.588.862.588 1.412v4c0 .55-.196 1.021-.588 1.413A1.926 1.926 0 0 1 12 9.873H8Zm2-2h2v-4h-2v4Zm6.85.8-1.4-1.425c.183-.183.32-.391.413-.625.091-.233.137-.483.137-.75 0-.283-.046-.537-.137-.762a1.85 1.85 0 0 0-.413-.613l1.4-1.45c.367.367.65.792.85 1.275.2.484.3 1 .3 1.55s-.1 1.063-.3 1.538c-.2.475-.483.896-.85 1.262Zm2.825 2.825-1.45-1.375c.55-.55.983-1.187 1.3-1.912A5.775 5.775 0 0 0 20 5.873c0-.85-.158-1.633-.475-2.35a6.217 6.217 0 0 0-1.3-1.9l1.45-1.4a7.94 7.94 0 0 1 1.712 2.55c.409.967.613 2 .613 3.1s-.204 2.13-.613 3.088a7.977 7.977 0 0 1-1.712 2.537Z\" fill=\"#000\"\/><\/svg>            <span>Transcripci\u00f3<\/span>\n          <\/button>\n                      <\/div>\n      <\/div>\n\n      <div id=\"transcription-a6653d2383899a077b916ef6efac186e\"\n  class=\"fixed inset-0 z-50 hidden w-screen h-screen opacity-0 pointer-events-none modal transcription\"\n  tabindex=\"-1\" role=\"dialog\">\n  <div class=\"absolute w-full h-full bg-black opacity-75 modal-overlay\"><\/div>\n  <div\n    class=\"absolute z-30 w-11\/12 mx-auto overflow-y-auto text-black bg-white shadow-lg modal-container center-xy md:max-w-4xl\"\n    role=\"document\">\n    <div class=\"flex items-center justify-between px-4 py-4 text-gray-700 border-b md:px-8\">\n      <h2 class=\"!mb-0 font-bold\">Transcripci\u00f3<\/h2>\n      <div class=\"z-50 flex flex-col items-center ml-auto cursor-pointer rtl:ml-0 rtl:mr-auto modal-close\">\n        <svg class=\"w-auto h-6\" width=\"18\" height=\"23\" xmlns=\"http:\/\/www.w3.org\/2000\/svg\">\n  <g stroke=\"currentColor\" fill=\"none\" fill-rule=\"evenodd\" stroke-linecap=\"square\">\n    <path d=\"M.7248.974l16.1076 20.6167M16.655 1.2654L.9097 22.1601\" \/>\n  <\/g>\n<\/svg>        <div class=\"hidden\">Close<\/div>\n      <\/div>\n    <\/div>\n    <div class=\"px-4 py-8 overflow-y-auto max-h-modal md:px-8 modal-content\">\n      <div class=\"mb-8 flex flex-col gap-1.5\">\n                      <h3 class=\"text-xl font-bold\">Les pintures centrals<\/h3>\n                            <\/div>\n            <p>A l\u2019esgl\u00e9sia de Santa Maria de Ta\u00fcll hi ha unes pintures molt importants. S\u00f3n les de l\u2019absis central i les del mur de la dreta. Per\u00f2 les que ara veus s\u00f3n c\u00f2pies de les originals, que es van traslladar al MNAC, un museu de Barcelona. Per fer-te una idea de com era l\u2019esgl\u00e9sia fa 900 anys, en l\u2019\u00e8poca rom\u00e0nica, te l\u2019has d\u2019imaginar tota pintada, fins i tot les columnes. <\/p>\n<p>Per\u00f2 en aquesta esgl\u00e9sia tamb\u00e9 hi ha restes de pintura original. S\u00f3n a dalt d\u2019una columna de la dreta de la nau central. L\u2019escena es titula El bany de Jes\u00fas, i s\u2019hi pot veure el primer bany que va rebre Jes\u00fas quan va n\u00e9ixer.<\/p>\n<p>I quin sentit tenien totes aquestes pintures a les parets d\u2019una esgl\u00e9sia? Eren nom\u00e9s per decorar o tenien alguna altra funci\u00f3? A l\u2019edat mitjana les pintures murals eren molt importants, perqu\u00e8 servien per ensenyar a la gent del poble, que majorit\u00e0riament no sabia llegir, com s\u2019havien de comportar.<br \/>\nEn el cas de l\u2019esgl\u00e9sia de Santa Maria, la major part de les pintures estan relacionades amb el naixement de Jes\u00fas i en el seu reconeixement com a fill de D\u00e9u.<\/p>\n<p><em>So d\u2019interfer\u00e8ncies<\/em>.<br \/>\n<strong>Dona 1<\/strong>: Avui he tornat a fer tard a missa, ja podia anar esperant les campanes\u2026<br \/>\n<strong>Dona 2<\/strong>: El campaner se\u2019ns ha fet gran. I aquelles escales s\u00f3n massa costerudes.<br \/>\n<strong>Dona 1<\/strong>: Doncs potser n\u2019haurem de buscar un altre.<br \/>\n<strong>Dona 2<\/strong>: Calla, calla, abans no el tindrem ensenyat\u2026 He sentit a dir que li faran una caseta de fusta all\u00e0 dalt, perqu\u00e8 no hagi de pujar i baixar tant.<br \/>\n<strong>Dona 1<\/strong>: Una caseta de fusta?!?! Ni que fos un moix\u00f3 [divertida].<br \/>\n<strong>Dona 2<\/strong>: Tu riu-te\u2019n, per\u00f2 ja ho agrair\u00e0s.<br \/>\n<em>So d\u2019interfer\u00e8ncies<\/em>.<\/p>\n<p>La pintura mural de l\u2019absis central est\u00e0 dividida en quatre parts: a dalt de tot hi ha la Mare de D\u00e9u asseguda en un tron amb el seu fill a la falda. Al seu voltant, els Reis d\u2019Orient s\u2019apropen per portar-li les ofrenes. A la part del mig, a banda i banda de la finestra, hi ha sis dels dotze ap\u00f2stols, els seguidors principals de Jes\u00fas. I a la part de sota, hi pots veure uns medallons circulars amb animals reals i fant\u00e0stics, amb unes pintures que imiten cortines de seda.<br \/>\nSi vols veure com es va pintar aquesta esgl\u00e9sia, prem el recurs virtual. Quan ho hagis fet, ves al mur de la dreta, el seg\u00fcent punt de la visita.<\/p>\n    <\/div>\n  <\/div>\n<\/div>\n    <\/section>\n\n\n<div class=\"flex flex-col gap-3 element interactive-block\">\n  <div class=\"flex items-center gap-6\">\n              <h2 class=\"text-2xl font-bold\">Recurs virtual: Reproducci\u00f3 de 360\u00b0 de l\u2019interior durant el segle XII<\/h2>\n      <\/div>\n          <div class=\"flex justify-end w-full\">\n      <div class=\"flex flex-col items-center gap-2 shrink-1\">\n        <button data-target=\"#embed-69f5c67201ab8\" data-toggle=\"modal\"\n          class=\"flex items-center justify-center w-32 h-32 text-white rounded-full bg-darker-accent\">\n          <svg class=\"w-16 h-auto\" width=\"60\" height=\"61\" viewBox=\"0 0 60 61\" fill=\"none\" xmlns=\"http:\/\/www.w3.org\/2000\/svg\">\n  <mask id=\"mask0_3878_987\" style=\"mask-type:alpha\" maskUnits=\"userSpaceOnUse\" x=\"0\" y=\"0\" width=\"60\" height=\"61\">\n    <rect y=\"0.873047\" width=\"60\" height=\"60\" fill=\"white\" \/>\n  <\/mask>\n  <g mask=\"url(#mask0_3878_987)\">\n    <path\n      d=\"M21 49.873L16.8 45.673L22.05 40.273C15.65 39.423 10.375 37.673 6.225 35.023C2.075 32.373 0 29.323 0 25.873C0 21.723 2.8875 18.1855 8.6625 15.2605C14.4375 12.3355 21.55 10.873 30 10.873C38.45 10.873 45.5625 12.3355 51.3375 15.2605C57.1125 18.1855 60 21.723 60 25.873C60 28.973 58.3375 31.748 55.0125 34.198C51.6875 36.648 47.35 38.473 42 39.673V33.523C45.85 32.523 48.8125 31.2855 50.8875 29.8105C52.9625 28.3355 54 27.023 54 25.873C54 24.273 51.8625 22.373 47.5875 20.173C43.3125 17.973 37.45 16.873 30 16.873C22.55 16.873 16.6875 17.973 12.4125 20.173C8.1375 22.373 6 24.273 6 25.873C6 27.073 7.275 28.5105 9.825 30.1855C12.375 31.8605 16 33.123 20.7 33.973L16.8 30.073L21 25.873L33 37.873L21 49.873Z\"\n      fill=\"currentColor\" \/>\n  <\/g>\n<\/svg>\n        <\/button>\n                  <p class=\"text-base text-center\">Mira<\/p>\n              <\/div>\n    <\/div>\n    <div id=\"embed-69f5c67201ab8\"\n  class=\"fixed inset-0 z-50 hidden w-screen h-screen opacity-0 pointer-events-none modal embed-container\"\n  tabindex=\"-1\" role=\"dialog\">\n  <div class=\"absolute w-full h-full bg-black opacity-75 modal-overlay\"><\/div>\n  <div\n    class=\"absolute z-30 w-11\/12 mx-auto overflow-y-auto text-black bg-white shadow-lg modal-container center-xy md:max-w-4xl\"\n    role=\"document\">\n    <div class=\"flex items-center justify-between px-4 py-4 text-gray-700 border-b md:px-8\">\n      <h2 class=\"!mb-0 font-bold\">Mira<\/h2>\n      <div class=\"z-50 flex flex-col items-center ml-auto cursor-pointer rtl:ml-0 rtl:mr-auto modal-close\">\n        <svg class=\"w-auto h-6\" width=\"18\" height=\"23\" xmlns=\"http:\/\/www.w3.org\/2000\/svg\">\n  <g stroke=\"currentColor\" fill=\"none\" fill-rule=\"evenodd\" stroke-linecap=\"square\">\n    <path d=\"M.7248.974l16.1076 20.6167M16.655 1.2654L.9097 22.1601\" \/>\n  <\/g>\n<\/svg>        <div class=\"hidden\">Close<\/div>\n      <\/div>\n    <\/div>\n    <div class=\"px-4 py-8 overflow-y-auto max-h-modal md:px-8 modal-content\">\n      <div class=\"sketchfab-embed-wrapper\"> <iframe title=\"Santa Maria de Ta\u00fcll. Reconstrucci\u00f3 hipot\u00e8tica\" frameborder=\"0\" allowfullscreen mozallowfullscreen=\"true\" webkitallowfullscreen=\"true\" allow=\"autoplay; fullscreen; xr-spatial-tracking\" xr-spatial-tracking execution-while-out-of-viewport execution-while-not-rendered web-share src=\"https:\/\/sketchfab.com\/models\/f280309e91ab47f59e685ebe3da9bbba\/embed?ui_infos=0\"> <\/iframe> <\/div>\n    <\/div>\n  <\/div>\n<\/div>\n  <\/div>\n\n\n<div class=\"flex flex-col gap-3 element text-block\">\n  <div class=\"flex items-center gap-6\">\n              <h2 class=\"text-2xl font-bold\">9f Mur de la dreta<\/h2>\n      <\/div>\n    <\/div>\n\n\n<div class=\"flex flex-col gap-6 element image-block\">\n  <div class=\"flex flex-col gap-3\">\n      <\/div>\n      <figure>\n      <img loading=\"lazy\" decoding=\"async\" width=\"1452\" height=\"966\" src=\"https:\/\/guiesullsdelahistoria.cat\/app\/uploads\/2024\/11\/Santa-Maria-pintures-mur-lateral.jpg\" class=\"w-full h-auto\" alt=\"Pintures murals interiors del mur sud de l\u2019esgl\u00e9sia de Santa Maria de Ta\u00fcll amb el pilar i els arcs en primer terme.\" srcset=\"https:\/\/guiesullsdelahistoria.cat\/app\/uploads\/2024\/11\/Santa-Maria-pintures-mur-lateral.jpg 1452w, https:\/\/guiesullsdelahistoria.cat\/app\/uploads\/2024\/11\/Santa-Maria-pintures-mur-lateral-300x200.jpg 300w, https:\/\/guiesullsdelahistoria.cat\/app\/uploads\/2024\/11\/Santa-Maria-pintures-mur-lateral-1024x681.jpg 1024w, https:\/\/guiesullsdelahistoria.cat\/app\/uploads\/2024\/11\/Santa-Maria-pintures-mur-lateral-768x511.jpg 768w\" sizes=\"auto, (max-width: 1452px) 100vw, 1452px\" \/>\n              <figcaption class=\"pt-2 text-gray-800\">Pintures murals del mur sud de Santa Maria de Ta\u00fcll.<\/figcaption>\n          <\/figure>\n  <\/div>\n\n\n<section class=\"element audio-block\">\n  <div class=\"flex flex-col w-full gap-6\">\n    <div class=\"flex flex-col gap-3\">\n      <div class=\"flex gap-6\">\n                          <h2 class=\"text-2xl font-bold\">Altres pintures<\/h2>\n              <\/div>\n          <\/div>\n    <div class=\"flex items-center justify-end gap-3\">\n              <div class=\"flex-1 audio-content\" dir=\"ltr\">\n          <audio id=\"audio-ad4c94064f4f6fea2d1a76f231438133\" data-label=\"Altres pintures\"\n            data-category=\"SANTA-MARIA-DE-TAULL-CAT-FAMILIAR-PLAY-5.mp3\" class=\"hidden\" controls\n            src=\"https:\/\/guiesullsdelahistoria.cat\/app\/uploads\/2025\/01\/SANTA-MARIA-DE-TAULL-CAT-FAMILIAR-PLAY-5.mp3\"><\/audio>\n          <div class=\"flex items-center w-full gap-3 transition-opacity opacity-0 meta\">\n            <progress class=\"flex-1 border-0 appearance-none\" value=\"0\" max=\"1\"><\/progress>\n            <div class=\"text-sm text-center shrink-0 current-time w-9\"><\/div>\n                      <\/div>\n        <\/div>\n            <div class=\"flex flex-col items-center gap-2 shrink-1 audio-control\">\n        <button\n  class=\"flex items-center justify-center w-32 max-w-32 h-32 max-h-32 transition-[max-height,_max-width] bg-darker-accent rounded-full btn text-white\"\n  data-target=\"#audio-ad4c94064f4f6fea2d1a76f231438133\">\n  <svg width=\"100%\" height=\"100%\" viewBox=\"0 0 36 36\" version=\"1.1\" xmlns=\"http:\/\/www.w3.org\/2000\/svg\" xmlns:xlink=\"http:\/\/www.w3.org\/1999\/xlink\">\n  <path id=\"ytp-12\" d=\"M11,10 L18,13.74 18,22.28 11,26 M18,13.74 L26,18 26,18 18,22.28\" fill=\"currentColor\">\n    <animate id=\"animation\" begin=\"indefinite\" attributeType=\"XML\" attributeName=\"d\" fill=\"freeze\" from=\"M11,10 L17,10 17,26 11,26 M20,10 L26,10 26,26 20,26\" to=\"M11,10 L18,13.74 18,22.28 11,26 M18,13.74 L26,18 26,18 18,22.28\" dur=\"0.1s\" keySplines=\".4 0 1 1\" repeatCount=\"1\" data-play=\"M11,10 L18,13.74 18,22.28 11,26 M18,13.74 L26,18 26,18 18,22.28\" data-pause=\"M11,10 L17,10 17,26 11,26 M20,10 L26,10 26,26 20,26\"><\/animate>\n  <\/path>\n<\/svg>\n<\/button>\n        <p class=\"text-base text-center\">Escolta<\/p>\n      <\/div>\n    <\/div>\n\n    \n          <div class=\"flex flex-wrap justify-between gap-6 md:justify-start\">\n                  <button data-target=\"#transcription-ad4c94064f4f6fea2d1a76f231438133\" data-toggle=\"modal\" class=\"flex items-center gap-2\">\n            <svg class=\"w-6 h-6\" fill=\"none\" xmlns=\"http:\/\/www.w3.org\/2000\/svg\" viewBox=\"0 0 22 12\"><path d=\"M0 9.873v-6c0-.55.196-1.02.588-1.412A1.926 1.926 0 0 1 2 1.873h2c.55 0 1.02.196 1.412.588.392.391.588.862.588 1.412v6H4v-2H2v2H0Zm2-4h2v-2H2v2Zm6 4v-8h4c.55 0 1.02.196 1.412.588.392.391.588.862.588 1.412v4c0 .55-.196 1.021-.588 1.413A1.926 1.926 0 0 1 12 9.873H8Zm2-2h2v-4h-2v4Zm6.85.8-1.4-1.425c.183-.183.32-.391.413-.625.091-.233.137-.483.137-.75 0-.283-.046-.537-.137-.762a1.85 1.85 0 0 0-.413-.613l1.4-1.45c.367.367.65.792.85 1.275.2.484.3 1 .3 1.55s-.1 1.063-.3 1.538c-.2.475-.483.896-.85 1.262Zm2.825 2.825-1.45-1.375c.55-.55.983-1.187 1.3-1.912A5.775 5.775 0 0 0 20 5.873c0-.85-.158-1.633-.475-2.35a6.217 6.217 0 0 0-1.3-1.9l1.45-1.4a7.94 7.94 0 0 1 1.712 2.55c.409.967.613 2 .613 3.1s-.204 2.13-.613 3.088a7.977 7.977 0 0 1-1.712 2.537Z\" fill=\"#000\"\/><\/svg>            <span>Transcripci\u00f3<\/span>\n          <\/button>\n                      <\/div>\n      <\/div>\n\n      <div id=\"transcription-ad4c94064f4f6fea2d1a76f231438133\"\n  class=\"fixed inset-0 z-50 hidden w-screen h-screen opacity-0 pointer-events-none modal transcription\"\n  tabindex=\"-1\" role=\"dialog\">\n  <div class=\"absolute w-full h-full bg-black opacity-75 modal-overlay\"><\/div>\n  <div\n    class=\"absolute z-30 w-11\/12 mx-auto overflow-y-auto text-black bg-white shadow-lg modal-container center-xy md:max-w-4xl\"\n    role=\"document\">\n    <div class=\"flex items-center justify-between px-4 py-4 text-gray-700 border-b md:px-8\">\n      <h2 class=\"!mb-0 font-bold\">Transcripci\u00f3<\/h2>\n      <div class=\"z-50 flex flex-col items-center ml-auto cursor-pointer rtl:ml-0 rtl:mr-auto modal-close\">\n        <svg class=\"w-auto h-6\" width=\"18\" height=\"23\" xmlns=\"http:\/\/www.w3.org\/2000\/svg\">\n  <g stroke=\"currentColor\" fill=\"none\" fill-rule=\"evenodd\" stroke-linecap=\"square\">\n    <path d=\"M.7248.974l16.1076 20.6167M16.655 1.2654L.9097 22.1601\" \/>\n  <\/g>\n<\/svg>        <div class=\"hidden\">Close<\/div>\n      <\/div>\n    <\/div>\n    <div class=\"px-4 py-8 overflow-y-auto max-h-modal md:px-8 modal-content\">\n      <div class=\"mb-8 flex flex-col gap-1.5\">\n                      <h3 class=\"text-xl font-bold\">Altres pintures<\/h3>\n                            <\/div>\n            <p>Al principi, tots els murs de l\u2019esgl\u00e9sia estaven decorats amb pintures. Nom\u00e9s algunes han arribat fins als nostres dies, i s\u2019han arrencat i substitu\u00eft per les que veus, que s\u00f3n reproduccions. Les d\u2019aquest mur les va fer un pintor desconegut a qui s\u2019ha donat el nom de Mestre del Judici Final. \u00c9s un autor diferent del que va fer el mural de l\u2019absis, i es nota que t\u00e9 un altre estil.<br \/>\nAqu\u00ed, va pintar diverses escenes del Nou Testament, una part de la B\u00edblia. Semblen les vinyetes d\u2019un c\u00f2mic, per\u00f2 les has de mirar de dreta a esquerra, al rev\u00e9s de com ho fem normalment.<br \/>\nAra, has d\u2019anar davant el retaule barroc de l\u2019entrada.<\/p>\n    <\/div>\n  <\/div>\n<\/div>\n    <\/section>\n\n\n<div class=\"flex flex-col gap-3 element text-block\">\n  <div class=\"flex items-center gap-6\">\n              <h2 class=\"text-2xl font-bold\">9g Sortida<\/h2>\n      <\/div>\n    <\/div>\n\n\n<div class=\"flex flex-col gap-6 element image-block\">\n  <div class=\"flex flex-col gap-3\">\n      <\/div>\n      <figure>\n      <img loading=\"lazy\" decoding=\"async\" width=\"743\" height=\"1262\" src=\"https:\/\/guiesullsdelahistoria.cat\/app\/uploads\/2024\/11\/Santa_Maria_de_Taull_retaule_entrada.jpg\" class=\"w-full h-auto\" alt=\"Retaule barroc situat a prop de l\u2019entrada a l\u2019interior de l\u2019esgl\u00e9sia de Santa Maria de Ta\u00fcll.\" srcset=\"https:\/\/guiesullsdelahistoria.cat\/app\/uploads\/2024\/11\/Santa_Maria_de_Taull_retaule_entrada.jpg 743w, https:\/\/guiesullsdelahistoria.cat\/app\/uploads\/2024\/11\/Santa_Maria_de_Taull_retaule_entrada-177x300.jpg 177w, https:\/\/guiesullsdelahistoria.cat\/app\/uploads\/2024\/11\/Santa_Maria_de_Taull_retaule_entrada-603x1024.jpg 603w\" sizes=\"auto, (max-width: 743px) 100vw, 743px\" \/>\n              <figcaption class=\"pt-2 text-gray-800\">Retaule barroc de Santa Maria de Ta\u00fcll.<\/figcaption>\n          <\/figure>\n  <\/div>\n\n\n<section class=\"element audio-block\">\n  <div class=\"flex flex-col w-full gap-6\">\n    <div class=\"flex flex-col gap-3\">\n      <div class=\"flex gap-6\">\n                          <h2 class=\"text-2xl font-bold\">El retaule i les piques<\/h2>\n              <\/div>\n          <\/div>\n    <div class=\"flex items-center justify-end gap-3\">\n              <div class=\"flex-1 audio-content\" dir=\"ltr\">\n          <audio id=\"audio-ab60d8f70671c52a52436eb39c412bec\" data-label=\"El retaule i les piques\"\n            data-category=\"SANTA-MARIA-DE-TAULL-CAT-FAMILIAR-PLAY-6.mp3\" class=\"hidden\" controls\n            src=\"https:\/\/guiesullsdelahistoria.cat\/app\/uploads\/2025\/01\/SANTA-MARIA-DE-TAULL-CAT-FAMILIAR-PLAY-6.mp3\"><\/audio>\n          <div class=\"flex items-center w-full gap-3 transition-opacity opacity-0 meta\">\n            <progress class=\"flex-1 border-0 appearance-none\" value=\"0\" max=\"1\"><\/progress>\n            <div class=\"text-sm text-center shrink-0 current-time w-9\"><\/div>\n                      <\/div>\n        <\/div>\n            <div class=\"flex flex-col items-center gap-2 shrink-1 audio-control\">\n        <button\n  class=\"flex items-center justify-center w-32 max-w-32 h-32 max-h-32 transition-[max-height,_max-width] bg-darker-accent rounded-full btn text-white\"\n  data-target=\"#audio-ab60d8f70671c52a52436eb39c412bec\">\n  <svg width=\"100%\" height=\"100%\" viewBox=\"0 0 36 36\" version=\"1.1\" xmlns=\"http:\/\/www.w3.org\/2000\/svg\" xmlns:xlink=\"http:\/\/www.w3.org\/1999\/xlink\">\n  <path id=\"ytp-12\" d=\"M11,10 L18,13.74 18,22.28 11,26 M18,13.74 L26,18 26,18 18,22.28\" fill=\"currentColor\">\n    <animate id=\"animation\" begin=\"indefinite\" attributeType=\"XML\" attributeName=\"d\" fill=\"freeze\" from=\"M11,10 L17,10 17,26 11,26 M20,10 L26,10 26,26 20,26\" to=\"M11,10 L18,13.74 18,22.28 11,26 M18,13.74 L26,18 26,18 18,22.28\" dur=\"0.1s\" keySplines=\".4 0 1 1\" repeatCount=\"1\" data-play=\"M11,10 L18,13.74 18,22.28 11,26 M18,13.74 L26,18 26,18 18,22.28\" data-pause=\"M11,10 L17,10 17,26 11,26 M20,10 L26,10 26,26 20,26\"><\/animate>\n  <\/path>\n<\/svg>\n<\/button>\n        <p class=\"text-base text-center\">Escolta<\/p>\n      <\/div>\n    <\/div>\n\n    \n          <div class=\"flex flex-wrap justify-between gap-6 md:justify-start\">\n                  <button data-target=\"#transcription-ab60d8f70671c52a52436eb39c412bec\" data-toggle=\"modal\" class=\"flex items-center gap-2\">\n            <svg class=\"w-6 h-6\" fill=\"none\" xmlns=\"http:\/\/www.w3.org\/2000\/svg\" viewBox=\"0 0 22 12\"><path d=\"M0 9.873v-6c0-.55.196-1.02.588-1.412A1.926 1.926 0 0 1 2 1.873h2c.55 0 1.02.196 1.412.588.392.391.588.862.588 1.412v6H4v-2H2v2H0Zm2-4h2v-2H2v2Zm6 4v-8h4c.55 0 1.02.196 1.412.588.392.391.588.862.588 1.412v4c0 .55-.196 1.021-.588 1.413A1.926 1.926 0 0 1 12 9.873H8Zm2-2h2v-4h-2v4Zm6.85.8-1.4-1.425c.183-.183.32-.391.413-.625.091-.233.137-.483.137-.75 0-.283-.046-.537-.137-.762a1.85 1.85 0 0 0-.413-.613l1.4-1.45c.367.367.65.792.85 1.275.2.484.3 1 .3 1.55s-.1 1.063-.3 1.538c-.2.475-.483.896-.85 1.262Zm2.825 2.825-1.45-1.375c.55-.55.983-1.187 1.3-1.912A5.775 5.775 0 0 0 20 5.873c0-.85-.158-1.633-.475-2.35a6.217 6.217 0 0 0-1.3-1.9l1.45-1.4a7.94 7.94 0 0 1 1.712 2.55c.409.967.613 2 .613 3.1s-.204 2.13-.613 3.088a7.977 7.977 0 0 1-1.712 2.537Z\" fill=\"#000\"\/><\/svg>            <span>Transcripci\u00f3<\/span>\n          <\/button>\n                      <\/div>\n      <\/div>\n\n      <div id=\"transcription-ab60d8f70671c52a52436eb39c412bec\"\n  class=\"fixed inset-0 z-50 hidden w-screen h-screen opacity-0 pointer-events-none modal transcription\"\n  tabindex=\"-1\" role=\"dialog\">\n  <div class=\"absolute w-full h-full bg-black opacity-75 modal-overlay\"><\/div>\n  <div\n    class=\"absolute z-30 w-11\/12 mx-auto overflow-y-auto text-black bg-white shadow-lg modal-container center-xy md:max-w-4xl\"\n    role=\"document\">\n    <div class=\"flex items-center justify-between px-4 py-4 text-gray-700 border-b md:px-8\">\n      <h2 class=\"!mb-0 font-bold\">Transcripci\u00f3<\/h2>\n      <div class=\"z-50 flex flex-col items-center ml-auto cursor-pointer rtl:ml-0 rtl:mr-auto modal-close\">\n        <svg class=\"w-auto h-6\" width=\"18\" height=\"23\" xmlns=\"http:\/\/www.w3.org\/2000\/svg\">\n  <g stroke=\"currentColor\" fill=\"none\" fill-rule=\"evenodd\" stroke-linecap=\"square\">\n    <path d=\"M.7248.974l16.1076 20.6167M16.655 1.2654L.9097 22.1601\" \/>\n  <\/g>\n<\/svg>        <div class=\"hidden\">Close<\/div>\n      <\/div>\n    <\/div>\n    <div class=\"px-4 py-8 overflow-y-auto max-h-modal md:px-8 modal-content\">\n      <div class=\"mb-8 flex flex-col gap-1.5\">\n                      <h3 class=\"text-xl font-bold\">El retaule i les piques<\/h3>\n                            <\/div>\n            <p>Ets davant d\u2019un retaule barroc. Per\u00f2, saps qu\u00e8 \u00e9s un retaule? \u00c9s una gran pe\u00e7a de fusta on hi ha pintures; en aquest cas, hi ha pintats la Mare de D\u00e9u i uns sants. Aquestes peces es posaven al darrere de l\u2019altar de l\u2019esgl\u00e9sia. Aquest va estar durant molt de temps a l\u2019absis central, i tapava les pintures que has vist abans. Gr\u00e0cies a aix\u00f2, les pintures es van conservar i han arribat fins als nostres dies.  <\/p>\n<p>El retaule est\u00e0 dividit en dues parts: a la part de dalt hi ha l\u2019arc\u00e0ngel sant Miquel, amb sant Pau a l\u2019esquerra i sant Pere a la dreta. A la part de sota, la Mare de D\u00e9u, amb sant Joan Evangelista a l\u2019esquerra i sant Isidre a la dreta. Ja veus que per entendre una bona part de les obres d\u2019art que hi ha a les esgl\u00e9sies, cal con\u00e8ixer una mica les hist\u00f2ries que s\u2019expliquen a la B\u00edblia i els seus protagonistes. Aix\u00ed doncs, ja tens un entreteniment ben interessant: quan arribis a casa, busca aquests noms per internet i esbrina per qu\u00e8 van ser importants.<\/p>\n<p>En aquesta zona de l\u2019esgl\u00e9sia tamb\u00e9 hi ha les tres piques rom\u00e0niques. La pica m\u00e9s gran \u00e9s la de l\u2019oli, que servia per guardar el combustible que feien servir les ll\u00e0nties que il\u00b7luminaven l\u2019esgl\u00e9sia. Al costat hi ha la pica baptismal. I a l\u2019esquerra, la pica d\u2019aigua bene\u00efda.<\/p>\n    <\/div>\n  <\/div>\n<\/div>\n    <\/section>\n\n\n<div class=\"flex flex-col gap-3 element text-block\">\n  <div class=\"flex items-center gap-6\">\n              <h2 class=\"text-2xl font-bold\">9h T\u2019hi esperem!<\/h2>\n      <\/div>\n    <\/div>\n\n\n<section class=\"element audio-block\">\n  <div class=\"flex flex-col w-full gap-6\">\n    <div class=\"flex flex-col gap-3\">\n      <div class=\"flex gap-6\">\n                          <h2 class=\"text-2xl font-bold\">La visita continua<\/h2>\n              <\/div>\n          <\/div>\n    <div class=\"flex items-center justify-end gap-3\">\n              <div class=\"flex-1 audio-content\" dir=\"ltr\">\n          <audio id=\"audio-234136eb72bf6a5d18505c043162b682\" data-label=\"La visita continua\"\n            data-category=\"SANTA-MARIA-DE-TAULL-CAT-FAMILIAR-PLAY-CLOENDA.mp3\" class=\"hidden\" controls\n            src=\"https:\/\/guiesullsdelahistoria.cat\/app\/uploads\/2025\/01\/SANTA-MARIA-DE-TAULL-CAT-FAMILIAR-PLAY-CLOENDA.mp3\"><\/audio>\n          <div class=\"flex items-center w-full gap-3 transition-opacity opacity-0 meta\">\n            <progress class=\"flex-1 border-0 appearance-none\" value=\"0\" max=\"1\"><\/progress>\n            <div class=\"text-sm text-center shrink-0 current-time w-9\"><\/div>\n                      <\/div>\n        <\/div>\n            <div class=\"flex flex-col items-center gap-2 shrink-1 audio-control\">\n        <button\n  class=\"flex items-center justify-center w-32 max-w-32 h-32 max-h-32 transition-[max-height,_max-width] bg-darker-accent rounded-full btn text-white\"\n  data-target=\"#audio-234136eb72bf6a5d18505c043162b682\">\n  <svg width=\"100%\" height=\"100%\" viewBox=\"0 0 36 36\" version=\"1.1\" xmlns=\"http:\/\/www.w3.org\/2000\/svg\" xmlns:xlink=\"http:\/\/www.w3.org\/1999\/xlink\">\n  <path id=\"ytp-12\" d=\"M11,10 L18,13.74 18,22.28 11,26 M18,13.74 L26,18 26,18 18,22.28\" fill=\"currentColor\">\n    <animate id=\"animation\" begin=\"indefinite\" attributeType=\"XML\" attributeName=\"d\" fill=\"freeze\" from=\"M11,10 L17,10 17,26 11,26 M20,10 L26,10 26,26 20,26\" to=\"M11,10 L18,13.74 18,22.28 11,26 M18,13.74 L26,18 26,18 18,22.28\" dur=\"0.1s\" keySplines=\".4 0 1 1\" repeatCount=\"1\" data-play=\"M11,10 L18,13.74 18,22.28 11,26 M18,13.74 L26,18 26,18 18,22.28\" data-pause=\"M11,10 L17,10 17,26 11,26 M20,10 L26,10 26,26 20,26\"><\/animate>\n  <\/path>\n<\/svg>\n<\/button>\n        <p class=\"text-base text-center\">Escolta<\/p>\n      <\/div>\n    <\/div>\n\n    \n          <div class=\"flex flex-wrap justify-between gap-6 md:justify-start\">\n                  <button data-target=\"#transcription-234136eb72bf6a5d18505c043162b682\" data-toggle=\"modal\" class=\"flex items-center gap-2\">\n            <svg class=\"w-6 h-6\" fill=\"none\" xmlns=\"http:\/\/www.w3.org\/2000\/svg\" viewBox=\"0 0 22 12\"><path d=\"M0 9.873v-6c0-.55.196-1.02.588-1.412A1.926 1.926 0 0 1 2 1.873h2c.55 0 1.02.196 1.412.588.392.391.588.862.588 1.412v6H4v-2H2v2H0Zm2-4h2v-2H2v2Zm6 4v-8h4c.55 0 1.02.196 1.412.588.392.391.588.862.588 1.412v4c0 .55-.196 1.021-.588 1.413A1.926 1.926 0 0 1 12 9.873H8Zm2-2h2v-4h-2v4Zm6.85.8-1.4-1.425c.183-.183.32-.391.413-.625.091-.233.137-.483.137-.75 0-.283-.046-.537-.137-.762a1.85 1.85 0 0 0-.413-.613l1.4-1.45c.367.367.65.792.85 1.275.2.484.3 1 .3 1.55s-.1 1.063-.3 1.538c-.2.475-.483.896-.85 1.262Zm2.825 2.825-1.45-1.375c.55-.55.983-1.187 1.3-1.912A5.775 5.775 0 0 0 20 5.873c0-.85-.158-1.633-.475-2.35a6.217 6.217 0 0 0-1.3-1.9l1.45-1.4a7.94 7.94 0 0 1 1.712 2.55c.409.967.613 2 .613 3.1s-.204 2.13-.613 3.088a7.977 7.977 0 0 1-1.712 2.537Z\" fill=\"#000\"\/><\/svg>            <span>Transcripci\u00f3<\/span>\n          <\/button>\n                      <\/div>\n      <\/div>\n\n      <div id=\"transcription-234136eb72bf6a5d18505c043162b682\"\n  class=\"fixed inset-0 z-50 hidden w-screen h-screen opacity-0 pointer-events-none modal transcription\"\n  tabindex=\"-1\" role=\"dialog\">\n  <div class=\"absolute w-full h-full bg-black opacity-75 modal-overlay\"><\/div>\n  <div\n    class=\"absolute z-30 w-11\/12 mx-auto overflow-y-auto text-black bg-white shadow-lg modal-container center-xy md:max-w-4xl\"\n    role=\"document\">\n    <div class=\"flex items-center justify-between px-4 py-4 text-gray-700 border-b md:px-8\">\n      <h2 class=\"!mb-0 font-bold\">Transcripci\u00f3<\/h2>\n      <div class=\"z-50 flex flex-col items-center ml-auto cursor-pointer rtl:ml-0 rtl:mr-auto modal-close\">\n        <svg class=\"w-auto h-6\" width=\"18\" height=\"23\" xmlns=\"http:\/\/www.w3.org\/2000\/svg\">\n  <g stroke=\"currentColor\" fill=\"none\" fill-rule=\"evenodd\" stroke-linecap=\"square\">\n    <path d=\"M.7248.974l16.1076 20.6167M16.655 1.2654L.9097 22.1601\" \/>\n  <\/g>\n<\/svg>        <div class=\"hidden\">Close<\/div>\n      <\/div>\n    <\/div>\n    <div class=\"px-4 py-8 overflow-y-auto max-h-modal md:px-8 modal-content\">\n      <div class=\"mb-8 flex flex-col gap-1.5\">\n                      <h3 class=\"text-xl font-bold\">La visita continua<\/h3>\n                            <\/div>\n            <p>Aqu\u00ed s\u2019acaba la visita a l\u2019esgl\u00e9sia. Ara et convidem a con\u00e8ixer les altres, que constitueixen el Conjunt Rom\u00e0nic de la Vall de Bo\u00ed. T\u2019hi esperem!<\/p>\n    <\/div>\n  <\/div>\n<\/div>\n    <\/section>\n\n\n<div class=\"flex flex-col gap-3 element text-block\">\n  <div class=\"flex items-center gap-6\">\n              <h2 class=\"text-2xl font-bold\">Cloenda<\/h2>\n      <\/div>\n        <div class=\"prose prose-lg\"><p><em>\u201cEls Ulls de la Hist\u00f2ria. Una mirada immersiva sobre el patrimoni\u201d<\/em> \u00e9s una iniciativa de l\u2019Ag\u00e8ncia Catalana del Patrimoni Cultural. Un projecte que incorpora altres veus i altres mirades sobre el nostre passat. Perqu\u00e8 totes i tots fem hist\u00f2ria.<\/p>\n<\/div>\n  <\/div>\n\n<\/div>\n      <\/div>\n    <\/div>\n  <\/section>\n","protected":false},"author":3,"featured_media":0,"parent":0,"template":"template-guide--ullsinfantil.blade.php","class_list":["post-8922","guide","type-guide","status-publish","hentry"],"acf":[],"yoast_head":"<!-- This site is optimized with the Yoast SEO plugin v27.0 - https:\/\/yoast.com\/product\/yoast-seo-wordpress\/ -->\n<title>Guia multim\u00e8dia del Conjunt Rom\u00e0nic de la Vall de Bo\u00ed (familiar) - Muzee<\/title>\n<meta name=\"robots\" content=\"index, follow, max-snippet:-1, max-image-preview:large, max-video-preview:-1\" \/>\n<link rel=\"canonical\" href=\"https:\/\/guiesullsdelahistoria.cat\/ca\/patrimoni\/guide\/la-vall-de-boi-familiar\/\" \/>\n<meta property=\"og:locale\" content=\"ca_ES\" \/>\n<meta property=\"og:type\" content=\"article\" \/>\n<meta property=\"og:title\" content=\"Guia multim\u00e8dia del Conjunt Rom\u00e0nic de la Vall de Bo\u00ed (familiar) - Muzee\" \/>\n<meta property=\"og:url\" content=\"https:\/\/guiesullsdelahistoria.cat\/ca\/patrimoni\/guide\/la-vall-de-boi-familiar\/\" \/>\n<meta property=\"og:site_name\" content=\"Muzee\" \/>\n<meta property=\"article:modified_time\" content=\"2025-02-06T11:01:59+00:00\" \/>\n<meta name=\"twitter:card\" content=\"summary_large_image\" \/>\n<meta name=\"twitter:label1\" content=\"Est. reading time\" \/>\n\t<meta name=\"twitter:data1\" content=\"66 minutes\" \/>\n<script type=\"application\/ld+json\" class=\"yoast-schema-graph\">{\"@context\":\"https:\/\/schema.org\",\"@graph\":[{\"@type\":\"WebPage\",\"@id\":\"https:\/\/guiesullsdelahistoria.cat\/ca\/patrimoni\/guide\/la-vall-de-boi-familiar\/\",\"url\":\"https:\/\/guiesullsdelahistoria.cat\/ca\/patrimoni\/guide\/la-vall-de-boi-familiar\/\",\"name\":\"Guia multim\u00e8dia del Conjunt Rom\u00e0nic de la Vall de Bo\u00ed (familiar) - Muzee\",\"isPartOf\":{\"@id\":\"https:\/\/guiesullsdelahistoria.cat\/#website\"},\"datePublished\":\"2025-01-30T16:39:34+00:00\",\"dateModified\":\"2025-02-06T11:01:59+00:00\",\"breadcrumb\":{\"@id\":\"https:\/\/guiesullsdelahistoria.cat\/ca\/patrimoni\/guide\/la-vall-de-boi-familiar\/#breadcrumb\"},\"inLanguage\":\"ca\",\"potentialAction\":[{\"@type\":\"ReadAction\",\"target\":[\"https:\/\/guiesullsdelahistoria.cat\/ca\/patrimoni\/guide\/la-vall-de-boi-familiar\/\"]}]},{\"@type\":\"BreadcrumbList\",\"@id\":\"https:\/\/guiesullsdelahistoria.cat\/ca\/patrimoni\/guide\/la-vall-de-boi-familiar\/#breadcrumb\",\"itemListElement\":[{\"@type\":\"ListItem\",\"position\":1,\"name\":\"Home\",\"item\":\"https:\/\/guiesullsdelahistoria.cat\/\"},{\"@type\":\"ListItem\",\"position\":2,\"name\":\"Guia multim\u00e8dia del Conjunt Rom\u00e0nic de la Vall de Bo\u00ed (familiar)\"}]},{\"@type\":\"WebSite\",\"@id\":\"https:\/\/guiesullsdelahistoria.cat\/#website\",\"url\":\"https:\/\/guiesullsdelahistoria.cat\/\",\"name\":\"Muzee\",\"description\":\"\",\"potentialAction\":[{\"@type\":\"SearchAction\",\"target\":{\"@type\":\"EntryPoint\",\"urlTemplate\":\"https:\/\/guiesullsdelahistoria.cat\/?s={search_term_string}\"},\"query-input\":{\"@type\":\"PropertyValueSpecification\",\"valueRequired\":true,\"valueName\":\"search_term_string\"}}],\"inLanguage\":\"ca\"}]}<\/script>\n<!-- \/ Yoast SEO plugin. -->","yoast_head_json":{"title":"Guia multim\u00e8dia del Conjunt Rom\u00e0nic de la Vall de Bo\u00ed (familiar) - Muzee","robots":{"index":"index","follow":"follow","max-snippet":"max-snippet:-1","max-image-preview":"max-image-preview:large","max-video-preview":"max-video-preview:-1"},"canonical":"https:\/\/guiesullsdelahistoria.cat\/ca\/patrimoni\/guide\/la-vall-de-boi-familiar\/","og_locale":"ca_ES","og_type":"article","og_title":"Guia multim\u00e8dia del Conjunt Rom\u00e0nic de la Vall de Bo\u00ed (familiar) - Muzee","og_url":"https:\/\/guiesullsdelahistoria.cat\/ca\/patrimoni\/guide\/la-vall-de-boi-familiar\/","og_site_name":"Muzee","article_modified_time":"2025-02-06T11:01:59+00:00","twitter_card":"summary_large_image","twitter_misc":{"Est. reading time":"66 minutes"},"schema":{"@context":"https:\/\/schema.org","@graph":[{"@type":"WebPage","@id":"https:\/\/guiesullsdelahistoria.cat\/ca\/patrimoni\/guide\/la-vall-de-boi-familiar\/","url":"https:\/\/guiesullsdelahistoria.cat\/ca\/patrimoni\/guide\/la-vall-de-boi-familiar\/","name":"Guia multim\u00e8dia del Conjunt Rom\u00e0nic de la Vall de Bo\u00ed (familiar) - Muzee","isPartOf":{"@id":"https:\/\/guiesullsdelahistoria.cat\/#website"},"datePublished":"2025-01-30T16:39:34+00:00","dateModified":"2025-02-06T11:01:59+00:00","breadcrumb":{"@id":"https:\/\/guiesullsdelahistoria.cat\/ca\/patrimoni\/guide\/la-vall-de-boi-familiar\/#breadcrumb"},"inLanguage":"ca","potentialAction":[{"@type":"ReadAction","target":["https:\/\/guiesullsdelahistoria.cat\/ca\/patrimoni\/guide\/la-vall-de-boi-familiar\/"]}]},{"@type":"BreadcrumbList","@id":"https:\/\/guiesullsdelahistoria.cat\/ca\/patrimoni\/guide\/la-vall-de-boi-familiar\/#breadcrumb","itemListElement":[{"@type":"ListItem","position":1,"name":"Home","item":"https:\/\/guiesullsdelahistoria.cat\/"},{"@type":"ListItem","position":2,"name":"Guia multim\u00e8dia del Conjunt Rom\u00e0nic de la Vall de Bo\u00ed (familiar)"}]},{"@type":"WebSite","@id":"https:\/\/guiesullsdelahistoria.cat\/#website","url":"https:\/\/guiesullsdelahistoria.cat\/","name":"Muzee","description":"","potentialAction":[{"@type":"SearchAction","target":{"@type":"EntryPoint","urlTemplate":"https:\/\/guiesullsdelahistoria.cat\/?s={search_term_string}"},"query-input":{"@type":"PropertyValueSpecification","valueRequired":true,"valueName":"search_term_string"}}],"inLanguage":"ca"}]}},"_links":{"self":[{"href":"https:\/\/guiesullsdelahistoria.cat\/ca\/wp-json\/wp\/v2\/guide\/8922","targetHints":{"allow":["GET"]}}],"collection":[{"href":"https:\/\/guiesullsdelahistoria.cat\/ca\/wp-json\/wp\/v2\/guide"}],"about":[{"href":"https:\/\/guiesullsdelahistoria.cat\/ca\/wp-json\/wp\/v2\/types\/guide"}],"author":[{"embeddable":true,"href":"https:\/\/guiesullsdelahistoria.cat\/ca\/wp-json\/wp\/v2\/users\/3"}],"wp:attachment":[{"href":"https:\/\/guiesullsdelahistoria.cat\/ca\/wp-json\/wp\/v2\/media?parent=8922"}],"curies":[{"name":"wp","href":"https:\/\/api.w.org\/{rel}","templated":true}]}}