{"id":8024,"date":"2024-11-20T14:57:58","date_gmt":"2024-11-20T14:57:58","guid":{"rendered":"https:\/\/guiesullsdelahistoria.cat\/patrimoni\/guide\/la-vall-de-boi\/"},"modified":"2025-02-06T11:12:48","modified_gmt":"2025-02-06T11:12:48","slug":"la-vall-de-boi","status":"publish","type":"guide","link":"https:\/\/guiesullsdelahistoria.cat\/de\/patrimoni\/guide\/la-vall-de-boi\/","title":{"rendered":"Multimedia guide romanische Ensemble von Vall de Bo\u00ed"},"content":{"rendered":"<div class=\"flex flex-col gap-3 element text-block\">\n  <div class=\"flex items-center gap-6\">\n          <\/div>\n        <div class=\"prose prose-lg\"><p>Der F\u00fchrer, den Sie in den H\u00e4nden halten, ist ein multimediales Werkzeug, das Ihnen hilft, die Kirchen des romanischen Ensembles von La Vall de Bo\u00ed n\u00e4her kennenzulernen. Sie werden die Geschichten zu ihrer Entstehung und den Einfluss, den sie im Laufe der Jahrhunderte auf das Gebiet hatten, entdecken.  <\/p>\n<\/div>\n  <\/div>\n\n\n<div class=\"flex flex-col gap-6 element image-block\">\n  <div class=\"flex flex-col gap-3\">\n      <\/div>\n      <figure>\n      <img loading=\"lazy\" decoding=\"async\" width=\"1024\" height=\"680\" src=\"https:\/\/guiesullsdelahistoria.cat\/app\/uploads\/2024\/11\/Nativitat_de_Durro_ferro_porta_DSC0116_J.BARBERO.jpg\" class=\"w-full h-auto\" alt=\"Detail des mittelalterlichen Riegels an der T\u00fcr der Kirche der Nativitat de Durro. Kopfbolzen mit Tierfigur und verzierte Schlossplatte.\" srcset=\"https:\/\/guiesullsdelahistoria.cat\/app\/uploads\/2024\/11\/Nativitat_de_Durro_ferro_porta_DSC0116_J.BARBERO.jpg 1024w, https:\/\/guiesullsdelahistoria.cat\/app\/uploads\/2024\/11\/Nativitat_de_Durro_ferro_porta_DSC0116_J.BARBERO-300x199.jpg 300w, https:\/\/guiesullsdelahistoria.cat\/app\/uploads\/2024\/11\/Nativitat_de_Durro_ferro_porta_DSC0116_J.BARBERO-768x510.jpg 768w\" sizes=\"auto, (max-width: 1024px) 100vw, 1024px\" \/>\n              <figcaption class=\"pt-2 text-gray-800\">Riegel der T\u00fcr der Nativitat de Durro.<\/figcaption>\n          <\/figure>\n  <\/div>\n\n\n<section class=\"overflow-hidden section\" id=\"section-69f5c657cd5f3\" data-title=\"1. L'Assumpci\u00f3 de C\u00f3ll\">\n    <div class=\"container grid grid-cols-1 py-8 md:py-10 max-md:gap-y-8 md:grid-standard\">\n              <div class=\"flex gap-4 md:col-span-5\">\n                                <h2 class=\"text-8 font-headings\">1. L&#8217;Assumpci\u00f3 de C\u00f3ll<\/h2>\n                  <\/div>\n            <div class=\"flex flex-col gap-8 md:col-span-6 md:col-start-7 md:gap-10\">\n        <div class=\"acf-innerblocks-container\">\n<div class=\"flex flex-col gap-3 element text-block\">\n  <div class=\"flex items-center gap-6\">\n              <h2 class=\"text-2xl font-bold\">1a Einf\u00fchrung<\/h2>\n      <\/div>\n    <\/div>\n\n\n<div class=\"flex flex-col gap-6 element image-block\">\n  <div class=\"flex flex-col gap-3\">\n      <\/div>\n      <figure>\n      <img loading=\"lazy\" decoding=\"async\" width=\"1412\" height=\"939\" src=\"https:\/\/guiesullsdelahistoria.cat\/app\/uploads\/2024\/11\/Assumpcio-general.jpg\" class=\"w-full h-auto\" alt=\"Au\u00dfenansicht der Kirche der Assumpci\u00f3 de C\u00f3ll mit den Bergen im Hintergrund.\" srcset=\"https:\/\/guiesullsdelahistoria.cat\/app\/uploads\/2024\/11\/Assumpcio-general.jpg 1412w, https:\/\/guiesullsdelahistoria.cat\/app\/uploads\/2024\/11\/Assumpcio-general-300x200.jpg 300w, https:\/\/guiesullsdelahistoria.cat\/app\/uploads\/2024\/11\/Assumpcio-general-1024x681.jpg 1024w, https:\/\/guiesullsdelahistoria.cat\/app\/uploads\/2024\/11\/Assumpcio-general-768x511.jpg 768w\" sizes=\"auto, (max-width: 1412px) 100vw, 1412px\" \/>\n              <figcaption class=\"pt-2 text-gray-800\">Gesamtansicht der Kirche der Assumpci\u00f3 de C\u00f3ll.<\/figcaption>\n          <\/figure>\n  <\/div>\n\n\n<section class=\"element audio-block\">\n  <div class=\"flex flex-col w-full gap-6\">\n    <div class=\"flex flex-col gap-3\">\n      <div class=\"flex gap-6\">\n                          <h2 class=\"text-2xl font-bold\">La Vall de Bo\u00ed und seine Kirchen<\/h2>\n              <\/div>\n          <\/div>\n    <div class=\"flex items-center justify-end gap-3\">\n              <div class=\"flex-1 audio-content\" dir=\"ltr\">\n          <audio id=\"audio-eeafce5eb9e27f9b81b9b16a9869b7b6\" data-label=\"La Vall de Bo\u00ed und seine Kirchen\"\n            data-category=\"ASSUMPCIO-DE-COLL-DE-GENERAL-PLAY-0.mp3\" class=\"hidden\" controls\n            src=\"https:\/\/guiesullsdelahistoria.cat\/app\/uploads\/2024\/11\/ASSUMPCIO-DE-COLL-DE-GENERAL-PLAY-0.mp3\"><\/audio>\n          <div class=\"flex items-center w-full gap-3 transition-opacity opacity-0 meta\">\n            <progress class=\"flex-1 border-0 appearance-none\" value=\"0\" max=\"1\"><\/progress>\n            <div class=\"text-sm text-center shrink-0 current-time w-9\"><\/div>\n                      <\/div>\n        <\/div>\n            <div class=\"flex flex-col items-center gap-2 shrink-1 audio-control\">\n        <button\n  class=\"flex items-center justify-center w-32 max-w-32 h-32 max-h-32 transition-[max-height,_max-width] bg-black rounded-full btn text-accent\"\n  data-target=\"#audio-eeafce5eb9e27f9b81b9b16a9869b7b6\">\n  <svg width=\"100%\" height=\"100%\" viewBox=\"0 0 36 36\" version=\"1.1\" xmlns=\"http:\/\/www.w3.org\/2000\/svg\" xmlns:xlink=\"http:\/\/www.w3.org\/1999\/xlink\">\n  <path id=\"ytp-12\" d=\"M11,10 L18,13.74 18,22.28 11,26 M18,13.74 L26,18 26,18 18,22.28\" fill=\"currentColor\">\n    <animate id=\"animation\" begin=\"indefinite\" attributeType=\"XML\" attributeName=\"d\" fill=\"freeze\" from=\"M11,10 L17,10 17,26 11,26 M20,10 L26,10 26,26 20,26\" to=\"M11,10 L18,13.74 18,22.28 11,26 M18,13.74 L26,18 26,18 18,22.28\" dur=\"0.1s\" keySplines=\".4 0 1 1\" repeatCount=\"1\" data-play=\"M11,10 L18,13.74 18,22.28 11,26 M18,13.74 L26,18 26,18 18,22.28\" data-pause=\"M11,10 L17,10 17,26 11,26 M20,10 L26,10 26,26 20,26\"><\/animate>\n  <\/path>\n<\/svg>\n<\/button>\n        <p class=\"text-base text-center\">Zuh\u00f6ren<\/p>\n      <\/div>\n    <\/div>\n\n    \n          <div class=\"flex flex-wrap justify-between gap-6 md:justify-start\">\n                  <button data-target=\"#transcription-eeafce5eb9e27f9b81b9b16a9869b7b6\" data-toggle=\"modal\" class=\"flex items-center gap-2\">\n            <svg class=\"w-6 h-6\" fill=\"none\" xmlns=\"http:\/\/www.w3.org\/2000\/svg\" viewBox=\"0 0 22 12\"><path d=\"M0 9.873v-6c0-.55.196-1.02.588-1.412A1.926 1.926 0 0 1 2 1.873h2c.55 0 1.02.196 1.412.588.392.391.588.862.588 1.412v6H4v-2H2v2H0Zm2-4h2v-2H2v2Zm6 4v-8h4c.55 0 1.02.196 1.412.588.392.391.588.862.588 1.412v4c0 .55-.196 1.021-.588 1.413A1.926 1.926 0 0 1 12 9.873H8Zm2-2h2v-4h-2v4Zm6.85.8-1.4-1.425c.183-.183.32-.391.413-.625.091-.233.137-.483.137-.75 0-.283-.046-.537-.137-.762a1.85 1.85 0 0 0-.413-.613l1.4-1.45c.367.367.65.792.85 1.275.2.484.3 1 .3 1.55s-.1 1.063-.3 1.538c-.2.475-.483.896-.85 1.262Zm2.825 2.825-1.45-1.375c.55-.55.983-1.187 1.3-1.912A5.775 5.775 0 0 0 20 5.873c0-.85-.158-1.633-.475-2.35a6.217 6.217 0 0 0-1.3-1.9l1.45-1.4a7.94 7.94 0 0 1 1.712 2.55c.409.967.613 2 .613 3.1s-.204 2.13-.613 3.088a7.977 7.977 0 0 1-1.712 2.537Z\" fill=\"#000\"\/><\/svg>            <span>Transkription<\/span>\n          <\/button>\n                      <\/div>\n      <\/div>\n\n      <div id=\"transcription-eeafce5eb9e27f9b81b9b16a9869b7b6\"\n  class=\"fixed inset-0 z-50 hidden w-screen h-screen opacity-0 pointer-events-none modal transcription\"\n  tabindex=\"-1\" role=\"dialog\">\n  <div class=\"absolute w-full h-full bg-black opacity-75 modal-overlay\"><\/div>\n  <div\n    class=\"absolute z-30 w-11\/12 mx-auto overflow-y-auto text-black bg-white shadow-lg modal-container center-xy md:max-w-4xl\"\n    role=\"document\">\n    <div class=\"flex items-center justify-between px-4 py-4 text-gray-700 border-b md:px-8\">\n      <h2 class=\"!mb-0 font-bold\">Transkription<\/h2>\n      <div class=\"z-50 flex flex-col items-center ml-auto cursor-pointer rtl:ml-0 rtl:mr-auto modal-close\">\n        <svg class=\"w-auto h-6\" width=\"18\" height=\"23\" xmlns=\"http:\/\/www.w3.org\/2000\/svg\">\n  <g stroke=\"currentColor\" fill=\"none\" fill-rule=\"evenodd\" stroke-linecap=\"square\">\n    <path d=\"M.7248.974l16.1076 20.6167M16.655 1.2654L.9097 22.1601\" \/>\n  <\/g>\n<\/svg>        <div class=\"hidden\">Close<\/div>\n      <\/div>\n    <\/div>\n    <div class=\"px-4 py-8 overflow-y-auto max-h-modal md:px-8 modal-content\">\n      <div class=\"mb-8 flex flex-col gap-1.5\">\n                      <h3 class=\"text-xl font-bold\">La Vall de Bo\u00ed und seine Kirchen<\/h3>\n                            <\/div>\n            <p>Wir hei\u00dfen Sie in La Vall de Bo\u00ed willkommen und laden Sie ein, dieses au\u00dfergew\u00f6hnliche Ensemble von Kirchen zu entdecken, die als einer der gr\u00f6\u00dften Ausdrucksformen der katalanischen romanischen Kunst gilt und im Jahr 2000 in die Liste des UNESCO-Weltkulturerbes aufgenommen wurde.<br \/>\nDas romanische Ensemble von La Vall de Bo\u00ed besteht aus neun Kirchen: Sant Climent und Santa Maria de Ta\u00fcll, Sant Joan de Bo\u00ed, Santa Eul\u00e0lia d\u2019Erill la Vall, Sant Feliu de Barruera, La Nativitat und Sant Quirc de Durro, Santa Maria de Cardet und Assumpci\u00f3 de C\u00f3ll.<br \/>\nAber was haben diese Kirchen gemeinsam? Warum sind sie so einzigartig? Welche ist ihre Geschichte?<br \/>\nSie wurden alle zwischen dem 11. und 12. Jahrhundert erbaut, in einer Zeit der Macht und des wirtschaftlichen Wohlstands des lokalen Adels, und weisen denselben architektonischen Stil auf, die Romanik, die in ganz Europa verbreitet war.<br \/>\nHeute wird ein gro\u00dfer Teil der Gem\u00e4lde, Schnitzereien und M\u00f6bel in mehreren katalanischen Museen aufbewahrt, insbesondere im Museu Nacional d\u2019Art de Catalunya. In einigen Kirchen befinden sich jedoch bedeutende Fragmente von originalen Wandmalereien und Skulpturen sowie Reproduktionen von den Werken, die in den Museen aufbewahrt werden.<br \/>\nMit dem F\u00fchrer, den Sie in den H\u00e4nden halten, werden Sie die au\u00dfergew\u00f6hnlichen Werte dieses romanischen Ensembles entdecken und jede der neun Kirchen mit ihren Geheimnissen und Kuriosit\u00e4ten kennen lernen k\u00f6nnen.<br \/>\nEin letzter Hinweis! Diese Berge sind geheimnisvoll: die Worte der Menschen, die sie bewohnt haben, sind oft in den T\u00e4lern gefangen geblieben und hallen durch die Zeit wie ein unmerkliches Echo. Dieser F\u00fchrer verf\u00fcgt \u00fcber einen Sensor, der jedes Mal aktiviert wird, wenn er eines auff\u00e4ngt. Keine Angst, h\u00f6ren Sie weiter zu.<\/p>\n<p>Beginnen Sie Ihren Besuch auf der R\u00fcckseite der Kirche.<\/p>\n    <\/div>\n  <\/div>\n<\/div>\n    <\/section>\n\n\n<div class=\"flex flex-col gap-3 element text-block\">\n  <div class=\"flex items-center gap-6\">\n              <h2 class=\"text-2xl font-bold\">1b Apsis<\/h2>\n      <\/div>\n    <\/div>\n\n\n<div class=\"flex flex-col gap-6 element image-block\">\n  <div class=\"flex flex-col gap-3\">\n      <\/div>\n      <figure>\n      <img loading=\"lazy\" decoding=\"async\" width=\"1600\" height=\"1065\" src=\"https:\/\/guiesullsdelahistoria.cat\/app\/uploads\/2024\/11\/Assumpcio_de_Coll_absis_DSC00425.jpg\" class=\"w-full h-auto\" alt=\"Au\u00dfenansicht der Kirche der Assumpci\u00f3 de C\u00f3ll von hinten gesehen mit der Apsis im Vordergrund.\" srcset=\"https:\/\/guiesullsdelahistoria.cat\/app\/uploads\/2024\/11\/Assumpcio_de_Coll_absis_DSC00425.jpg 1600w, https:\/\/guiesullsdelahistoria.cat\/app\/uploads\/2024\/11\/Assumpcio_de_Coll_absis_DSC00425-300x200.jpg 300w, https:\/\/guiesullsdelahistoria.cat\/app\/uploads\/2024\/11\/Assumpcio_de_Coll_absis_DSC00425-1024x682.jpg 1024w, https:\/\/guiesullsdelahistoria.cat\/app\/uploads\/2024\/11\/Assumpcio_de_Coll_absis_DSC00425-768x511.jpg 768w, https:\/\/guiesullsdelahistoria.cat\/app\/uploads\/2024\/11\/Assumpcio_de_Coll_absis_DSC00425-1536x1022.jpg 1536w\" sizes=\"auto, (max-width: 1600px) 100vw, 1600px\" \/>\n              <figcaption class=\"pt-2 text-gray-800\">R\u00fcckansicht der Assumpci\u00f3 de C\u00f3ll mit der Apsis im Vordergrund. <\/figcaption>\n          <\/figure>\n  <\/div>\n\n\n<section class=\"element audio-block\">\n  <div class=\"flex flex-col w-full gap-6\">\n    <div class=\"flex flex-col gap-3\">\n      <div class=\"flex gap-6\">\n                          <h2 class=\"text-2xl font-bold\">Architektonische Entwicklung<\/h2>\n              <\/div>\n          <\/div>\n    <div class=\"flex items-center justify-end gap-3\">\n              <div class=\"flex-1 audio-content\" dir=\"ltr\">\n          <audio id=\"audio-8ef4ead62e66e989289ac51551b5fae0\" data-label=\"Architektonische Entwicklung\"\n            data-category=\"ASSUMPCIO-DE-COLL-DE-GENERAL-PLAY-1.mp3\" class=\"hidden\" controls\n            src=\"https:\/\/guiesullsdelahistoria.cat\/app\/uploads\/2024\/11\/ASSUMPCIO-DE-COLL-DE-GENERAL-PLAY-1.mp3\"><\/audio>\n          <div class=\"flex items-center w-full gap-3 transition-opacity opacity-0 meta\">\n            <progress class=\"flex-1 border-0 appearance-none\" value=\"0\" max=\"1\"><\/progress>\n            <div class=\"text-sm text-center shrink-0 current-time w-9\"><\/div>\n                      <\/div>\n        <\/div>\n            <div class=\"flex flex-col items-center gap-2 shrink-1 audio-control\">\n        <button\n  class=\"flex items-center justify-center w-32 max-w-32 h-32 max-h-32 transition-[max-height,_max-width] bg-black rounded-full btn text-accent\"\n  data-target=\"#audio-8ef4ead62e66e989289ac51551b5fae0\">\n  <svg width=\"100%\" height=\"100%\" viewBox=\"0 0 36 36\" version=\"1.1\" xmlns=\"http:\/\/www.w3.org\/2000\/svg\" xmlns:xlink=\"http:\/\/www.w3.org\/1999\/xlink\">\n  <path id=\"ytp-12\" d=\"M11,10 L18,13.74 18,22.28 11,26 M18,13.74 L26,18 26,18 18,22.28\" fill=\"currentColor\">\n    <animate id=\"animation\" begin=\"indefinite\" attributeType=\"XML\" attributeName=\"d\" fill=\"freeze\" from=\"M11,10 L17,10 17,26 11,26 M20,10 L26,10 26,26 20,26\" to=\"M11,10 L18,13.74 18,22.28 11,26 M18,13.74 L26,18 26,18 18,22.28\" dur=\"0.1s\" keySplines=\".4 0 1 1\" repeatCount=\"1\" data-play=\"M11,10 L18,13.74 18,22.28 11,26 M18,13.74 L26,18 26,18 18,22.28\" data-pause=\"M11,10 L17,10 17,26 11,26 M20,10 L26,10 26,26 20,26\"><\/animate>\n  <\/path>\n<\/svg>\n<\/button>\n        <p class=\"text-base text-center\">Zuh\u00f6ren<\/p>\n      <\/div>\n    <\/div>\n\n    \n          <div class=\"flex flex-wrap justify-between gap-6 md:justify-start\">\n                  <button data-target=\"#transcription-8ef4ead62e66e989289ac51551b5fae0\" data-toggle=\"modal\" class=\"flex items-center gap-2\">\n            <svg class=\"w-6 h-6\" fill=\"none\" xmlns=\"http:\/\/www.w3.org\/2000\/svg\" viewBox=\"0 0 22 12\"><path d=\"M0 9.873v-6c0-.55.196-1.02.588-1.412A1.926 1.926 0 0 1 2 1.873h2c.55 0 1.02.196 1.412.588.392.391.588.862.588 1.412v6H4v-2H2v2H0Zm2-4h2v-2H2v2Zm6 4v-8h4c.55 0 1.02.196 1.412.588.392.391.588.862.588 1.412v4c0 .55-.196 1.021-.588 1.413A1.926 1.926 0 0 1 12 9.873H8Zm2-2h2v-4h-2v4Zm6.85.8-1.4-1.425c.183-.183.32-.391.413-.625.091-.233.137-.483.137-.75 0-.283-.046-.537-.137-.762a1.85 1.85 0 0 0-.413-.613l1.4-1.45c.367.367.65.792.85 1.275.2.484.3 1 .3 1.55s-.1 1.063-.3 1.538c-.2.475-.483.896-.85 1.262Zm2.825 2.825-1.45-1.375c.55-.55.983-1.187 1.3-1.912A5.775 5.775 0 0 0 20 5.873c0-.85-.158-1.633-.475-2.35a6.217 6.217 0 0 0-1.3-1.9l1.45-1.4a7.94 7.94 0 0 1 1.712 2.55c.409.967.613 2 .613 3.1s-.204 2.13-.613 3.088a7.977 7.977 0 0 1-1.712 2.537Z\" fill=\"#000\"\/><\/svg>            <span>Transkription<\/span>\n          <\/button>\n                      <\/div>\n      <\/div>\n\n      <div id=\"transcription-8ef4ead62e66e989289ac51551b5fae0\"\n  class=\"fixed inset-0 z-50 hidden w-screen h-screen opacity-0 pointer-events-none modal transcription\"\n  tabindex=\"-1\" role=\"dialog\">\n  <div class=\"absolute w-full h-full bg-black opacity-75 modal-overlay\"><\/div>\n  <div\n    class=\"absolute z-30 w-11\/12 mx-auto overflow-y-auto text-black bg-white shadow-lg modal-container center-xy md:max-w-4xl\"\n    role=\"document\">\n    <div class=\"flex items-center justify-between px-4 py-4 text-gray-700 border-b md:px-8\">\n      <h2 class=\"!mb-0 font-bold\">Transkription<\/h2>\n      <div class=\"z-50 flex flex-col items-center ml-auto cursor-pointer rtl:ml-0 rtl:mr-auto modal-close\">\n        <svg class=\"w-auto h-6\" width=\"18\" height=\"23\" xmlns=\"http:\/\/www.w3.org\/2000\/svg\">\n  <g stroke=\"currentColor\" fill=\"none\" fill-rule=\"evenodd\" stroke-linecap=\"square\">\n    <path d=\"M.7248.974l16.1076 20.6167M16.655 1.2654L.9097 22.1601\" \/>\n  <\/g>\n<\/svg>        <div class=\"hidden\">Close<\/div>\n      <\/div>\n    <\/div>\n    <div class=\"px-4 py-8 overflow-y-auto max-h-modal md:px-8 modal-content\">\n      <div class=\"mb-8 flex flex-col gap-1.5\">\n                      <h3 class=\"text-xl font-bold\">Architektonische Entwicklung<\/h3>\n                            <\/div>\n            <p>Die Kirche Assumpci\u00f3 de C\u00f3ll geht auf die zweite H\u00e4lfte des 12. Jahrhunderts zur\u00fcck, hat sich aber im Laufe der Zeit weiterentwickelt. Das zeigt sich an ihrem Glockenturm: Der untere Teil ist romanisch, w\u00e4hrend die beiden oberen Ebenen gotisch sind, wie man an der Form der Fenster erkennen kann.<\/p>\n<p>Die Gr\u00f6\u00dfe der Quadersteine, die viel gr\u00f6\u00dfer und regelm\u00e4\u00dfiger sind als die der anderen Kirchen in La Vall, l\u00e4sst dies vermuten. <\/p>\n<p>Um Ihren Besuch fortzusetzen, gehen Sie nun zum Eingang der Kirche.<\/p>\n    <\/div>\n  <\/div>\n<\/div>\n    <\/section>\n\n\n<div class=\"flex flex-col gap-3 element text-block\">\n  <div class=\"flex items-center gap-6\">\n              <h2 class=\"text-2xl font-bold\">1c Fassade<\/h2>\n      <\/div>\n    <\/div>\n\n\n<div class=\"flex flex-col gap-6 element image-block\">\n  <div class=\"flex flex-col gap-3\">\n      <\/div>\n      <figure>\n      <img loading=\"lazy\" decoding=\"async\" width=\"934\" height=\"1404\" src=\"https:\/\/guiesullsdelahistoria.cat\/app\/uploads\/2024\/11\/Assumpcio-portalada.jpg\" class=\"w-full h-auto\" alt=\"Portal der Kirche der Assumpci\u00f3 de C\u00f3ll mit S\u00e4ulen, die von B\u00f6gen gekr\u00f6nt werden, und das Christusmonogramm auf der Spitze.\" srcset=\"https:\/\/guiesullsdelahistoria.cat\/app\/uploads\/2024\/11\/Assumpcio-portalada.jpg 934w, https:\/\/guiesullsdelahistoria.cat\/app\/uploads\/2024\/11\/Assumpcio-portalada-200x300.jpg 200w, https:\/\/guiesullsdelahistoria.cat\/app\/uploads\/2024\/11\/Assumpcio-portalada-681x1024.jpg 681w, https:\/\/guiesullsdelahistoria.cat\/app\/uploads\/2024\/11\/Assumpcio-portalada-768x1154.jpg 768w\" sizes=\"auto, (max-width: 934px) 100vw, 934px\" \/>\n              <figcaption class=\"pt-2 text-gray-800\">Portal der Kirche der Assumpci\u00f3 de C\u00f3ll.<\/figcaption>\n          <\/figure>\n  <\/div>\n\n\n<section class=\"element audio-block\">\n  <div class=\"flex flex-col w-full gap-6\">\n    <div class=\"flex flex-col gap-3\">\n      <div class=\"flex gap-6\">\n                          <h2 class=\"text-2xl font-bold\">Dekorative Elemente des Portals<\/h2>\n              <\/div>\n          <\/div>\n    <div class=\"flex items-center justify-end gap-3\">\n              <div class=\"flex-1 audio-content\" dir=\"ltr\">\n          <audio id=\"audio-502a23ab979a096c1d1180760835f95f\" data-label=\"Dekorative Elemente des Portals\"\n            data-category=\"ASSUMPCIO-DE-COLL-DE-GENERAL-PLAY-2.mp3\" class=\"hidden\" controls\n            src=\"https:\/\/guiesullsdelahistoria.cat\/app\/uploads\/2024\/11\/ASSUMPCIO-DE-COLL-DE-GENERAL-PLAY-2.mp3\"><\/audio>\n          <div class=\"flex items-center w-full gap-3 transition-opacity opacity-0 meta\">\n            <progress class=\"flex-1 border-0 appearance-none\" value=\"0\" max=\"1\"><\/progress>\n            <div class=\"text-sm text-center shrink-0 current-time w-9\"><\/div>\n                      <\/div>\n        <\/div>\n            <div class=\"flex flex-col items-center gap-2 shrink-1 audio-control\">\n        <button\n  class=\"flex items-center justify-center w-32 max-w-32 h-32 max-h-32 transition-[max-height,_max-width] bg-black rounded-full btn text-accent\"\n  data-target=\"#audio-502a23ab979a096c1d1180760835f95f\">\n  <svg width=\"100%\" height=\"100%\" viewBox=\"0 0 36 36\" version=\"1.1\" xmlns=\"http:\/\/www.w3.org\/2000\/svg\" xmlns:xlink=\"http:\/\/www.w3.org\/1999\/xlink\">\n  <path id=\"ytp-12\" d=\"M11,10 L18,13.74 18,22.28 11,26 M18,13.74 L26,18 26,18 18,22.28\" fill=\"currentColor\">\n    <animate id=\"animation\" begin=\"indefinite\" attributeType=\"XML\" attributeName=\"d\" fill=\"freeze\" from=\"M11,10 L17,10 17,26 11,26 M20,10 L26,10 26,26 20,26\" to=\"M11,10 L18,13.74 18,22.28 11,26 M18,13.74 L26,18 26,18 18,22.28\" dur=\"0.1s\" keySplines=\".4 0 1 1\" repeatCount=\"1\" data-play=\"M11,10 L18,13.74 18,22.28 11,26 M18,13.74 L26,18 26,18 18,22.28\" data-pause=\"M11,10 L17,10 17,26 11,26 M20,10 L26,10 26,26 20,26\"><\/animate>\n  <\/path>\n<\/svg>\n<\/button>\n        <p class=\"text-base text-center\">Zuh\u00f6ren<\/p>\n      <\/div>\n    <\/div>\n\n    \n          <div class=\"flex flex-wrap justify-between gap-6 md:justify-start\">\n                  <button data-target=\"#transcription-502a23ab979a096c1d1180760835f95f\" data-toggle=\"modal\" class=\"flex items-center gap-2\">\n            <svg class=\"w-6 h-6\" fill=\"none\" xmlns=\"http:\/\/www.w3.org\/2000\/svg\" viewBox=\"0 0 22 12\"><path d=\"M0 9.873v-6c0-.55.196-1.02.588-1.412A1.926 1.926 0 0 1 2 1.873h2c.55 0 1.02.196 1.412.588.392.391.588.862.588 1.412v6H4v-2H2v2H0Zm2-4h2v-2H2v2Zm6 4v-8h4c.55 0 1.02.196 1.412.588.392.391.588.862.588 1.412v4c0 .55-.196 1.021-.588 1.413A1.926 1.926 0 0 1 12 9.873H8Zm2-2h2v-4h-2v4Zm6.85.8-1.4-1.425c.183-.183.32-.391.413-.625.091-.233.137-.483.137-.75 0-.283-.046-.537-.137-.762a1.85 1.85 0 0 0-.413-.613l1.4-1.45c.367.367.65.792.85 1.275.2.484.3 1 .3 1.55s-.1 1.063-.3 1.538c-.2.475-.483.896-.85 1.262Zm2.825 2.825-1.45-1.375c.55-.55.983-1.187 1.3-1.912A5.775 5.775 0 0 0 20 5.873c0-.85-.158-1.633-.475-2.35a6.217 6.217 0 0 0-1.3-1.9l1.45-1.4a7.94 7.94 0 0 1 1.712 2.55c.409.967.613 2 .613 3.1s-.204 2.13-.613 3.088a7.977 7.977 0 0 1-1.712 2.537Z\" fill=\"#000\"\/><\/svg>            <span>Transkription<\/span>\n          <\/button>\n                      <\/div>\n      <\/div>\n\n      <div id=\"transcription-502a23ab979a096c1d1180760835f95f\"\n  class=\"fixed inset-0 z-50 hidden w-screen h-screen opacity-0 pointer-events-none modal transcription\"\n  tabindex=\"-1\" role=\"dialog\">\n  <div class=\"absolute w-full h-full bg-black opacity-75 modal-overlay\"><\/div>\n  <div\n    class=\"absolute z-30 w-11\/12 mx-auto overflow-y-auto text-black bg-white shadow-lg modal-container center-xy md:max-w-4xl\"\n    role=\"document\">\n    <div class=\"flex items-center justify-between px-4 py-4 text-gray-700 border-b md:px-8\">\n      <h2 class=\"!mb-0 font-bold\">Transkription<\/h2>\n      <div class=\"z-50 flex flex-col items-center ml-auto cursor-pointer rtl:ml-0 rtl:mr-auto modal-close\">\n        <svg class=\"w-auto h-6\" width=\"18\" height=\"23\" xmlns=\"http:\/\/www.w3.org\/2000\/svg\">\n  <g stroke=\"currentColor\" fill=\"none\" fill-rule=\"evenodd\" stroke-linecap=\"square\">\n    <path d=\"M.7248.974l16.1076 20.6167M16.655 1.2654L.9097 22.1601\" \/>\n  <\/g>\n<\/svg>        <div class=\"hidden\">Close<\/div>\n      <\/div>\n    <\/div>\n    <div class=\"px-4 py-8 overflow-y-auto max-h-modal md:px-8 modal-content\">\n      <div class=\"mb-8 flex flex-col gap-1.5\">\n                      <h3 class=\"text-xl font-bold\">Dekorative Elemente des Portals<\/h3>\n                            <\/div>\n            <p>Hier, an der Fassade, befindet sich der interessanteste Teil der Assumpci\u00f3 de C\u00f3ll: die dekorativen Elemente des Portals. Die Eingangst\u00fcr zum Tempel ist von einer schachbrettartigen Bord\u00fcre umrahmt und mit einem Christusmonogramm gekr\u00f6nt, das Symbol Christi mit seinen Initialen auf Griechisch. Wie Sie sehen, befinden sich in den beiden oberen Ecken des Christusmonogramms zwei Pfaue, die die Auferstehung Christi symbolisieren. Auf den unteren sind zwei menschliche Figuren zu sehen, von denen eine in ein Horn bl\u00e4st, das die Apokalypse ank\u00fcndigt.<br \/>\nDie Fassade zeichnet sich auch durch die geschnitzten Kapitellen der S\u00e4ulen aus. Die Au\u00dfenkapitelle sind mit pflanzlichen Motiven verziert, w\u00e4hrend die Innenkapitelle menschliche und tierische Darstellungen kombinieren. Sie stellen den Kampf zwischen Mensch und Tier dar, als Sinnbild f\u00fcr den Kampf zwischen Gut und B\u00f6se.<br \/>\nInteressant ist auch das mittelalterliche Schmiedeschloss, das zusammen mit dem von Santa Maria de Cardet und dem von La Nativitat de Durro zu den am besten dekorierten in La Vall geh\u00f6rt. Bemerkenswert ist, dass der Riegel mit einem Tierkopf verziert ist. Und auf der Eisenplatte ist eine eingravierte Glocke zu sehen.<br \/>\nUm die Besichtigung fortzusetzen, m\u00fcssen Sie nun das Innere betreten. Diese Kirche ist jedoch nicht das ganze Jahr \u00fcber ge\u00f6ffnet. Wenn Sie sie also geschlossen vorfinden, k\u00f6nnen Sie das Innere \u00fcber die virtuelle Ressource im F\u00fchrer besichtigen.<\/p>\n    <\/div>\n  <\/div>\n<\/div>\n    <\/section>\n\n\n<div class=\"flex flex-col gap-3 element interactive-block\">\n  <div class=\"flex items-center gap-6\">\n              <h2 class=\"text-2xl font-bold\">Virtuelle Ressource: 3D Assumpci\u00f3 de C\u00f3ll<\/h2>\n      <\/div>\n          <div class=\"flex justify-end w-full\">\n      <div class=\"flex flex-col items-center gap-2 shrink-1\">\n        <button data-target=\"#embed-69f5c657c33e3\" data-toggle=\"modal\"\n          class=\"flex items-center justify-center w-32 h-32 bg-black rounded-full text-accent\">\n          <svg class=\"w-16 h-auto\" width=\"60\" height=\"61\" viewBox=\"0 0 60 61\" fill=\"none\" xmlns=\"http:\/\/www.w3.org\/2000\/svg\">\n  <path\n    d=\"M27 53.298L12 44.673C11.05 44.1231 10.3125 43.398 9.7875 42.498C9.2625 41.598 9 40.598 9 39.498V22.248C9 21.148 9.2625 20.148 9.7875 19.248C10.3125 18.348 11.05 17.623 12 17.073L27 8.44805C27.95 7.89805 28.95 7.62305 30 7.62305C31.05 7.62305 32.05 7.89805 33 8.44805L48 17.073C48.95 17.623 49.6875 18.348 50.2125 19.248C50.7375 20.148 51 21.148 51 22.248V39.498C51 40.598 50.7375 41.598 50.2125 42.498C49.6875 43.398 48.95 44.1231 48 44.673L33 53.298C32.05 53.848 31.05 54.123 30 54.123C28.95 54.123 27.95 53.848 27 53.298ZM27 46.398V32.598L15 25.623V39.498L27 46.398ZM33 46.398L45 39.498V25.623L33 32.598V46.398ZM0 15.873V6.87305C0 5.22305 0.5875 3.81055 1.7625 2.63555C2.9375 1.46055 4.35 0.873047 6 0.873047H15V6.87305H6V15.873H0ZM15 60.873H6C4.35 60.873 2.9375 60.2855 1.7625 59.1105C0.5875 57.9355 0 56.523 0 54.873V45.8731H6V54.873H15V60.873ZM45 60.873V54.873H54V45.8731H60V54.873C60 56.523 59.4125 57.9355 58.2375 59.1105C57.0625 60.2855 55.65 60.873 54 60.873H45ZM54 15.873V6.87305H45V0.873047H54C55.65 0.873047 57.0625 1.46055 58.2375 2.63555C59.4125 3.81055 60 5.22305 60 6.87305V15.873H54ZM30 27.423L41.85 20.448L30 13.623L18.15 20.448L30 27.423Z\"\n    fill=\"currentColor\" \/>\n<\/svg>\n        <\/button>\n                  <p class=\"text-base text-center\">Anschauen<\/p>\n              <\/div>\n    <\/div>\n    <div id=\"embed-69f5c657c33e3\"\n  class=\"fixed inset-0 z-50 hidden w-screen h-screen opacity-0 pointer-events-none modal embed-container\"\n  tabindex=\"-1\" role=\"dialog\">\n  <div class=\"absolute w-full h-full bg-black opacity-75 modal-overlay\"><\/div>\n  <div\n    class=\"absolute z-30 w-11\/12 mx-auto overflow-y-auto text-black bg-white shadow-lg modal-container center-xy md:max-w-4xl\"\n    role=\"document\">\n    <div class=\"flex items-center justify-between px-4 py-4 text-gray-700 border-b md:px-8\">\n      <h2 class=\"!mb-0 font-bold\">Anschauen<\/h2>\n      <div class=\"z-50 flex flex-col items-center ml-auto cursor-pointer rtl:ml-0 rtl:mr-auto modal-close\">\n        <svg class=\"w-auto h-6\" width=\"18\" height=\"23\" xmlns=\"http:\/\/www.w3.org\/2000\/svg\">\n  <g stroke=\"currentColor\" fill=\"none\" fill-rule=\"evenodd\" stroke-linecap=\"square\">\n    <path d=\"M.7248.974l16.1076 20.6167M16.655 1.2654L.9097 22.1601\" \/>\n  <\/g>\n<\/svg>        <div class=\"hidden\">Close<\/div>\n      <\/div>\n    <\/div>\n    <div class=\"px-4 py-8 overflow-y-auto max-h-modal md:px-8 modal-content\">\n      <div class=\"sketchfab-embed-wrapper\"> <iframe title=\"L'Assumpci\u00f3 de C\u00f3ll. Vall de Bo\u00ed\" frameborder=\"0\" allowfullscreen mozallowfullscreen=\"true\" webkitallowfullscreen=\"true\" allow=\"autoplay; fullscreen; xr-spatial-tracking\" xr-spatial-tracking execution-while-out-of-viewport execution-while-not-rendered web-share src=\"https:\/\/sketchfab.com\/models\/dba994e7ccf2443c9e2eddb66dbbc28c\/embed?ui_infos=0\"> <\/iframe> <\/div>\n    <\/div>\n  <\/div>\n<\/div>\n  <\/div>\n\n\n<div class=\"flex flex-col gap-3 element text-block\">\n  <div class=\"flex items-center gap-6\">\n              <h2 class=\"text-2xl font-bold\">1d Vor dem Altar<\/h2>\n      <\/div>\n    <\/div>\n\n\n<div class=\"flex flex-col gap-6 element image-block\">\n  <div class=\"flex flex-col gap-3\">\n      <\/div>\n      <figure>\n      <img loading=\"lazy\" decoding=\"async\" width=\"1444\" height=\"960\" src=\"https:\/\/guiesullsdelahistoria.cat\/app\/uploads\/2024\/11\/Assumpcio-general-interior.jpg\" class=\"w-full h-auto\" alt=\"Blick in das Innere der Kirche der Assumpci\u00f3 de C\u00f3ll, mit wei\u00df gekalkten W\u00e4nden und der halbrunden Apsis und dem Altar im Hintergrund.\" srcset=\"https:\/\/guiesullsdelahistoria.cat\/app\/uploads\/2024\/11\/Assumpcio-general-interior.jpg 1444w, https:\/\/guiesullsdelahistoria.cat\/app\/uploads\/2024\/11\/Assumpcio-general-interior-300x199.jpg 300w, https:\/\/guiesullsdelahistoria.cat\/app\/uploads\/2024\/11\/Assumpcio-general-interior-1024x681.jpg 1024w, https:\/\/guiesullsdelahistoria.cat\/app\/uploads\/2024\/11\/Assumpcio-general-interior-768x511.jpg 768w\" sizes=\"auto, (max-width: 1444px) 100vw, 1444px\" \/>\n              <figcaption class=\"pt-2 text-gray-800\">Gesamtansicht des Inneren von der Assumpci\u00f3 de C\u00f3ll.<\/figcaption>\n          <\/figure>\n  <\/div>\n\n\n<section class=\"element audio-block\">\n  <div class=\"flex flex-col w-full gap-6\">\n    <div class=\"flex flex-col gap-3\">\n      <div class=\"flex gap-6\">\n                          <h2 class=\"text-2xl font-bold\">Architektonische Elemente<\/h2>\n              <\/div>\n          <\/div>\n    <div class=\"flex items-center justify-end gap-3\">\n              <div class=\"flex-1 audio-content\" dir=\"ltr\">\n          <audio id=\"audio-d4af4af8dbd6a302d297e0c0af2a6cf1\" data-label=\"Architektonische Elemente\"\n            data-category=\"ASSUMPCIO-DE-COLL-DE-GENERAL-PLAY-3.mp3\" class=\"hidden\" controls\n            src=\"https:\/\/guiesullsdelahistoria.cat\/app\/uploads\/2024\/11\/ASSUMPCIO-DE-COLL-DE-GENERAL-PLAY-3.mp3\"><\/audio>\n          <div class=\"flex items-center w-full gap-3 transition-opacity opacity-0 meta\">\n            <progress class=\"flex-1 border-0 appearance-none\" value=\"0\" max=\"1\"><\/progress>\n            <div class=\"text-sm text-center shrink-0 current-time w-9\"><\/div>\n                      <\/div>\n        <\/div>\n            <div class=\"flex flex-col items-center gap-2 shrink-1 audio-control\">\n        <button\n  class=\"flex items-center justify-center w-32 max-w-32 h-32 max-h-32 transition-[max-height,_max-width] bg-black rounded-full btn text-accent\"\n  data-target=\"#audio-d4af4af8dbd6a302d297e0c0af2a6cf1\">\n  <svg width=\"100%\" height=\"100%\" viewBox=\"0 0 36 36\" version=\"1.1\" xmlns=\"http:\/\/www.w3.org\/2000\/svg\" xmlns:xlink=\"http:\/\/www.w3.org\/1999\/xlink\">\n  <path id=\"ytp-12\" d=\"M11,10 L18,13.74 18,22.28 11,26 M18,13.74 L26,18 26,18 18,22.28\" fill=\"currentColor\">\n    <animate id=\"animation\" begin=\"indefinite\" attributeType=\"XML\" attributeName=\"d\" fill=\"freeze\" from=\"M11,10 L17,10 17,26 11,26 M20,10 L26,10 26,26 20,26\" to=\"M11,10 L18,13.74 18,22.28 11,26 M18,13.74 L26,18 26,18 18,22.28\" dur=\"0.1s\" keySplines=\".4 0 1 1\" repeatCount=\"1\" data-play=\"M11,10 L18,13.74 18,22.28 11,26 M18,13.74 L26,18 26,18 18,22.28\" data-pause=\"M11,10 L17,10 17,26 11,26 M20,10 L26,10 26,26 20,26\"><\/animate>\n  <\/path>\n<\/svg>\n<\/button>\n        <p class=\"text-base text-center\">Zuh\u00f6ren<\/p>\n      <\/div>\n    <\/div>\n\n    \n          <div class=\"flex flex-wrap justify-between gap-6 md:justify-start\">\n                  <button data-target=\"#transcription-d4af4af8dbd6a302d297e0c0af2a6cf1\" data-toggle=\"modal\" class=\"flex items-center gap-2\">\n            <svg class=\"w-6 h-6\" fill=\"none\" xmlns=\"http:\/\/www.w3.org\/2000\/svg\" viewBox=\"0 0 22 12\"><path d=\"M0 9.873v-6c0-.55.196-1.02.588-1.412A1.926 1.926 0 0 1 2 1.873h2c.55 0 1.02.196 1.412.588.392.391.588.862.588 1.412v6H4v-2H2v2H0Zm2-4h2v-2H2v2Zm6 4v-8h4c.55 0 1.02.196 1.412.588.392.391.588.862.588 1.412v4c0 .55-.196 1.021-.588 1.413A1.926 1.926 0 0 1 12 9.873H8Zm2-2h2v-4h-2v4Zm6.85.8-1.4-1.425c.183-.183.32-.391.413-.625.091-.233.137-.483.137-.75 0-.283-.046-.537-.137-.762a1.85 1.85 0 0 0-.413-.613l1.4-1.45c.367.367.65.792.85 1.275.2.484.3 1 .3 1.55s-.1 1.063-.3 1.538c-.2.475-.483.896-.85 1.262Zm2.825 2.825-1.45-1.375c.55-.55.983-1.187 1.3-1.912A5.775 5.775 0 0 0 20 5.873c0-.85-.158-1.633-.475-2.35a6.217 6.217 0 0 0-1.3-1.9l1.45-1.4a7.94 7.94 0 0 1 1.712 2.55c.409.967.613 2 .613 3.1s-.204 2.13-.613 3.088a7.977 7.977 0 0 1-1.712 2.537Z\" fill=\"#000\"\/><\/svg>            <span>Transkription<\/span>\n          <\/button>\n                      <\/div>\n      <\/div>\n\n      <div id=\"transcription-d4af4af8dbd6a302d297e0c0af2a6cf1\"\n  class=\"fixed inset-0 z-50 hidden w-screen h-screen opacity-0 pointer-events-none modal transcription\"\n  tabindex=\"-1\" role=\"dialog\">\n  <div class=\"absolute w-full h-full bg-black opacity-75 modal-overlay\"><\/div>\n  <div\n    class=\"absolute z-30 w-11\/12 mx-auto overflow-y-auto text-black bg-white shadow-lg modal-container center-xy md:max-w-4xl\"\n    role=\"document\">\n    <div class=\"flex items-center justify-between px-4 py-4 text-gray-700 border-b md:px-8\">\n      <h2 class=\"!mb-0 font-bold\">Transkription<\/h2>\n      <div class=\"z-50 flex flex-col items-center ml-auto cursor-pointer rtl:ml-0 rtl:mr-auto modal-close\">\n        <svg class=\"w-auto h-6\" width=\"18\" height=\"23\" xmlns=\"http:\/\/www.w3.org\/2000\/svg\">\n  <g stroke=\"currentColor\" fill=\"none\" fill-rule=\"evenodd\" stroke-linecap=\"square\">\n    <path d=\"M.7248.974l16.1076 20.6167M16.655 1.2654L.9097 22.1601\" \/>\n  <\/g>\n<\/svg>        <div class=\"hidden\">Close<\/div>\n      <\/div>\n    <\/div>\n    <div class=\"px-4 py-8 overflow-y-auto max-h-modal md:px-8 modal-content\">\n      <div class=\"mb-8 flex flex-col gap-1.5\">\n                      <h3 class=\"text-xl font-bold\">Architektonische Elemente<\/h3>\n                            <\/div>\n            <p>Stellen Sie sich vor der ersten Bankreihe auf. Von hier aus kann man die verschiedenen architektonischen Elemente der Kirche von Assumpci\u00f3 de C\u00f3ll betrachten.<br \/>\nWie Sie sehen k\u00f6nnen, handelt es sich um eine einschiffige Kirche mit einem Tonnengew\u00f6lbe und einer halbrunden Apsis im Chorraum. Der quadratische, drei Ebenen hohe Glockenturm befindet sich auf der rechten Seite.<br \/>\nIn der ersten Bauphase wurden zwei Seitenkapellen hinzugef\u00fcgt: die linke, dem Altar zugewandt, mit einem Tonnengew\u00f6lbe und die rechte, im gotischen Stil gehalten.<br \/>\nDie urspr\u00fcngliche Beleuchtung des Kirchenschiffs erfolgte durch zwei gegen\u00fcberliegende Rundfenster, eine an jedem Ende des Geb\u00e4udes, und zwei Fenster, durch die das Sonnenlicht einfiel. Eines der Rundfenster befindet sich weit \u00fcber der Eingangst\u00fcr des Tempels; hier f\u00e4llt das Nachmittagslicht hinein. Das andere befindet sich an der Ostwand \u00fcber dem Gew\u00f6lbe der Apsis; hier f\u00e4llt das Morgenlicht ein. Ebenfalls an dieser Wand, etwas weiter unten, befindet sich ein l\u00e4ngliches Fenster; dies ist der symbolischste Eingang des Lichts, der aufgehenden Sonne, verstanden als g\u00f6ttliches Licht. Das andere Fenster befindet sich an der S\u00fcdwand, durch das das Mittagslicht einf\u00e4llt.<\/p>\n<p><em>Interferenzger\u00e4usch.<\/em><br \/>\n<strong>Ein Priester, \u00e4lterer Mann<\/strong>: Es wird Nacht. Du kannst jetzt die Lampen anz\u00fcnden.<br \/>\n<strong>Ein junge Mann<\/strong>: Vater, sie sind leer. Und es ist nicht mehr viel \u00d6l in der Wanne, vielleicht noch f\u00fcr ein oder zwei Tage.<br \/>\n<strong>Der Priester<\/strong>: Geh und f\u00fcll sie auf! Und dann bring sie mit der Leiter an. Ich bin zu alt, um hochzuklettern.<br \/>\n<strong>Ein junge Mann<\/strong>: Sofort, Vater!<br \/>\n<strong>Der Priester<\/strong> (zu sich selbst): Nicht genug \u00d6l. Die Ernten in diesem Jahr waren nicht gut. Und die Gemeindemitglieder haben weniger gespendet als bei anderen Gelegenheiten. Ich werde sie darum bitten m\u00fcssen, sich zu bem\u00fchen; die Kirche darf nicht im Dunkeln gelassen werden.<br \/>\n<em>Interferenzger\u00e4usch.<\/em><\/p>\n<p>Gehen Sie nun zum Eingang, wo sich die drei Steinbecken befinden.<\/p>\n    <\/div>\n  <\/div>\n<\/div>\n    <\/section>\n\n\n<div class=\"flex flex-col gap-3 element text-block\">\n  <div class=\"flex items-center gap-6\">\n              <h2 class=\"text-2xl font-bold\">1e Eingang<\/h2>\n      <\/div>\n    <\/div>\n\n\n<div class=\"flex flex-col gap-6 element image-block\">\n  <div class=\"flex flex-col gap-3\">\n      <\/div>\n      <figure>\n      <img loading=\"lazy\" decoding=\"async\" width=\"667\" height=\"1001\" src=\"https:\/\/guiesullsdelahistoria.cat\/app\/uploads\/2024\/11\/Assumpcio_Coll_pica_1.jpg\" class=\"w-full h-auto\" alt=\"Romanisches Steinbecken in einer Ecke, neben dem Eingangs zur Kirche.\" srcset=\"https:\/\/guiesullsdelahistoria.cat\/app\/uploads\/2024\/11\/Assumpcio_Coll_pica_1.jpg 667w, https:\/\/guiesullsdelahistoria.cat\/app\/uploads\/2024\/11\/Assumpcio_Coll_pica_1-200x300.jpg 200w\" sizes=\"auto, (max-width: 667px) 100vw, 667px\" \/>\n              <figcaption class=\"pt-2 text-gray-800\">Romanisches Becken.<\/figcaption>\n          <\/figure>\n  <\/div>\n\n\n<section class=\"element audio-block\">\n  <div class=\"flex flex-col w-full gap-6\">\n    <div class=\"flex flex-col gap-3\">\n      <div class=\"flex gap-6\">\n                          <h2 class=\"text-2xl font-bold\">Die drei romanischen Becken<\/h2>\n              <\/div>\n          <\/div>\n    <div class=\"flex items-center justify-end gap-3\">\n              <div class=\"flex-1 audio-content\" dir=\"ltr\">\n          <audio id=\"audio-c56d5f6ea1504423e7007152c43c73b9\" data-label=\"Die drei romanischen Becken\"\n            data-category=\"ASSUMPCIO-DE-COLL-DE-GENERAL-PLAY-4.mp3\" class=\"hidden\" controls\n            src=\"https:\/\/guiesullsdelahistoria.cat\/app\/uploads\/2024\/11\/ASSUMPCIO-DE-COLL-DE-GENERAL-PLAY-4.mp3\"><\/audio>\n          <div class=\"flex items-center w-full gap-3 transition-opacity opacity-0 meta\">\n            <progress class=\"flex-1 border-0 appearance-none\" value=\"0\" max=\"1\"><\/progress>\n            <div class=\"text-sm text-center shrink-0 current-time w-9\"><\/div>\n                      <\/div>\n        <\/div>\n            <div class=\"flex flex-col items-center gap-2 shrink-1 audio-control\">\n        <button\n  class=\"flex items-center justify-center w-32 max-w-32 h-32 max-h-32 transition-[max-height,_max-width] bg-black rounded-full btn text-accent\"\n  data-target=\"#audio-c56d5f6ea1504423e7007152c43c73b9\">\n  <svg width=\"100%\" height=\"100%\" viewBox=\"0 0 36 36\" version=\"1.1\" xmlns=\"http:\/\/www.w3.org\/2000\/svg\" xmlns:xlink=\"http:\/\/www.w3.org\/1999\/xlink\">\n  <path id=\"ytp-12\" d=\"M11,10 L18,13.74 18,22.28 11,26 M18,13.74 L26,18 26,18 18,22.28\" fill=\"currentColor\">\n    <animate id=\"animation\" begin=\"indefinite\" attributeType=\"XML\" attributeName=\"d\" fill=\"freeze\" from=\"M11,10 L17,10 17,26 11,26 M20,10 L26,10 26,26 20,26\" to=\"M11,10 L18,13.74 18,22.28 11,26 M18,13.74 L26,18 26,18 18,22.28\" dur=\"0.1s\" keySplines=\".4 0 1 1\" repeatCount=\"1\" data-play=\"M11,10 L18,13.74 18,22.28 11,26 M18,13.74 L26,18 26,18 18,22.28\" data-pause=\"M11,10 L17,10 17,26 11,26 M20,10 L26,10 26,26 20,26\"><\/animate>\n  <\/path>\n<\/svg>\n<\/button>\n        <p class=\"text-base text-center\">Zuh\u00f6ren<\/p>\n      <\/div>\n    <\/div>\n\n    \n          <div class=\"flex flex-wrap justify-between gap-6 md:justify-start\">\n                  <button data-target=\"#transcription-c56d5f6ea1504423e7007152c43c73b9\" data-toggle=\"modal\" class=\"flex items-center gap-2\">\n            <svg class=\"w-6 h-6\" fill=\"none\" xmlns=\"http:\/\/www.w3.org\/2000\/svg\" viewBox=\"0 0 22 12\"><path d=\"M0 9.873v-6c0-.55.196-1.02.588-1.412A1.926 1.926 0 0 1 2 1.873h2c.55 0 1.02.196 1.412.588.392.391.588.862.588 1.412v6H4v-2H2v2H0Zm2-4h2v-2H2v2Zm6 4v-8h4c.55 0 1.02.196 1.412.588.392.391.588.862.588 1.412v4c0 .55-.196 1.021-.588 1.413A1.926 1.926 0 0 1 12 9.873H8Zm2-2h2v-4h-2v4Zm6.85.8-1.4-1.425c.183-.183.32-.391.413-.625.091-.233.137-.483.137-.75 0-.283-.046-.537-.137-.762a1.85 1.85 0 0 0-.413-.613l1.4-1.45c.367.367.65.792.85 1.275.2.484.3 1 .3 1.55s-.1 1.063-.3 1.538c-.2.475-.483.896-.85 1.262Zm2.825 2.825-1.45-1.375c.55-.55.983-1.187 1.3-1.912A5.775 5.775 0 0 0 20 5.873c0-.85-.158-1.633-.475-2.35a6.217 6.217 0 0 0-1.3-1.9l1.45-1.4a7.94 7.94 0 0 1 1.712 2.55c.409.967.613 2 .613 3.1s-.204 2.13-.613 3.088a7.977 7.977 0 0 1-1.712 2.537Z\" fill=\"#000\"\/><\/svg>            <span>Transkription<\/span>\n          <\/button>\n                      <\/div>\n      <\/div>\n\n      <div id=\"transcription-c56d5f6ea1504423e7007152c43c73b9\"\n  class=\"fixed inset-0 z-50 hidden w-screen h-screen opacity-0 pointer-events-none modal transcription\"\n  tabindex=\"-1\" role=\"dialog\">\n  <div class=\"absolute w-full h-full bg-black opacity-75 modal-overlay\"><\/div>\n  <div\n    class=\"absolute z-30 w-11\/12 mx-auto overflow-y-auto text-black bg-white shadow-lg modal-container center-xy md:max-w-4xl\"\n    role=\"document\">\n    <div class=\"flex items-center justify-between px-4 py-4 text-gray-700 border-b md:px-8\">\n      <h2 class=\"!mb-0 font-bold\">Transkription<\/h2>\n      <div class=\"z-50 flex flex-col items-center ml-auto cursor-pointer rtl:ml-0 rtl:mr-auto modal-close\">\n        <svg class=\"w-auto h-6\" width=\"18\" height=\"23\" xmlns=\"http:\/\/www.w3.org\/2000\/svg\">\n  <g stroke=\"currentColor\" fill=\"none\" fill-rule=\"evenodd\" stroke-linecap=\"square\">\n    <path d=\"M.7248.974l16.1076 20.6167M16.655 1.2654L.9097 22.1601\" \/>\n  <\/g>\n<\/svg>        <div class=\"hidden\">Close<\/div>\n      <\/div>\n    <\/div>\n    <div class=\"px-4 py-8 overflow-y-auto max-h-modal md:px-8 modal-content\">\n      <div class=\"mb-8 flex flex-col gap-1.5\">\n                      <h3 class=\"text-xl font-bold\">Die drei romanischen Becken<\/h3>\n                            <\/div>\n            <p>In der Kirche Assumpci\u00f3 de C\u00f3ll sind noch die drei wahrscheinlich romanischen Becken erhalten: das Taufbecken, das Weihwasserbecken und das \u00d6lbecken, das als Brennstoff f\u00fcr die Lampen diente, mit denen die Kirche beleuchtet wurde, das gr\u00f6\u00dfte von allen.<br \/>\nUm den Besuch fortzusetzen, gehen Sie die Treppe an der Seite der T\u00fcr zum Chor hinauf. <\/p>\n    <\/div>\n  <\/div>\n<\/div>\n    <\/section>\n\n\n<div class=\"flex flex-col gap-3 element text-block\">\n  <div class=\"flex items-center gap-6\">\n              <h2 class=\"text-2xl font-bold\">1f Chor<\/h2>\n      <\/div>\n    <\/div>\n\n\n<div class=\"flex flex-col gap-6 element image-block\">\n  <div class=\"flex flex-col gap-3\">\n      <\/div>\n      <figure>\n      <img loading=\"lazy\" decoding=\"async\" width=\"474\" height=\"315\" src=\"https:\/\/guiesullsdelahistoria.cat\/app\/uploads\/2024\/11\/Assumpcio_Coll_cor.jpg\" class=\"w-full h-auto\" alt=\"Der Chor der Kirche befindet sich an der Basis des Kirchenschiffs, mit einer wei\u00df gekalkten Wand und einer Holzbr\u00fcstung, die mit den f\u00fcr die Gotik typischen geometrischen Motiven verziert ist.\" srcset=\"https:\/\/guiesullsdelahistoria.cat\/app\/uploads\/2024\/11\/Assumpcio_Coll_cor.jpg 474w, https:\/\/guiesullsdelahistoria.cat\/app\/uploads\/2024\/11\/Assumpcio_Coll_cor-300x199.jpg 300w\" sizes=\"auto, (max-width: 474px) 100vw, 474px\" \/>\n              <figcaption class=\"pt-2 text-gray-800\"> Chor mit gotischer Ma\u00dfwerkbr\u00fcstung.<\/figcaption>\n          <\/figure>\n  <\/div>\n\n\n<section class=\"element audio-block\">\n  <div class=\"flex flex-col w-full gap-6\">\n    <div class=\"flex flex-col gap-3\">\n      <div class=\"flex gap-6\">\n                          <h2 class=\"text-2xl font-bold\">Der Chor und die gotische Ma\u00dfwerkbr\u00fcstung<\/h2>\n              <\/div>\n          <\/div>\n    <div class=\"flex items-center justify-end gap-3\">\n              <div class=\"flex-1 audio-content\" dir=\"ltr\">\n          <audio id=\"audio-ee271070af8dd3c58b22a572edafd661\" data-label=\"Der Chor und die gotische Ma\u00dfwerkbr\u00fcstung\"\n            data-category=\"ASSUMPCIO-DE-COLL-DE-GENERAL-PLAY-5.mp3\" class=\"hidden\" controls\n            src=\"https:\/\/guiesullsdelahistoria.cat\/app\/uploads\/2024\/11\/ASSUMPCIO-DE-COLL-DE-GENERAL-PLAY-5.mp3\"><\/audio>\n          <div class=\"flex items-center w-full gap-3 transition-opacity opacity-0 meta\">\n            <progress class=\"flex-1 border-0 appearance-none\" value=\"0\" max=\"1\"><\/progress>\n            <div class=\"text-sm text-center shrink-0 current-time w-9\"><\/div>\n                      <\/div>\n        <\/div>\n            <div class=\"flex flex-col items-center gap-2 shrink-1 audio-control\">\n        <button\n  class=\"flex items-center justify-center w-32 max-w-32 h-32 max-h-32 transition-[max-height,_max-width] bg-black rounded-full btn text-accent\"\n  data-target=\"#audio-ee271070af8dd3c58b22a572edafd661\">\n  <svg width=\"100%\" height=\"100%\" viewBox=\"0 0 36 36\" version=\"1.1\" xmlns=\"http:\/\/www.w3.org\/2000\/svg\" xmlns:xlink=\"http:\/\/www.w3.org\/1999\/xlink\">\n  <path id=\"ytp-12\" d=\"M11,10 L18,13.74 18,22.28 11,26 M18,13.74 L26,18 26,18 18,22.28\" fill=\"currentColor\">\n    <animate id=\"animation\" begin=\"indefinite\" attributeType=\"XML\" attributeName=\"d\" fill=\"freeze\" from=\"M11,10 L17,10 17,26 11,26 M20,10 L26,10 26,26 20,26\" to=\"M11,10 L18,13.74 18,22.28 11,26 M18,13.74 L26,18 26,18 18,22.28\" dur=\"0.1s\" keySplines=\".4 0 1 1\" repeatCount=\"1\" data-play=\"M11,10 L18,13.74 18,22.28 11,26 M18,13.74 L26,18 26,18 18,22.28\" data-pause=\"M11,10 L17,10 17,26 11,26 M20,10 L26,10 26,26 20,26\"><\/animate>\n  <\/path>\n<\/svg>\n<\/button>\n        <p class=\"text-base text-center\">Zuh\u00f6ren<\/p>\n      <\/div>\n    <\/div>\n\n    \n          <div class=\"flex flex-wrap justify-between gap-6 md:justify-start\">\n                  <button data-target=\"#transcription-ee271070af8dd3c58b22a572edafd661\" data-toggle=\"modal\" class=\"flex items-center gap-2\">\n            <svg class=\"w-6 h-6\" fill=\"none\" xmlns=\"http:\/\/www.w3.org\/2000\/svg\" viewBox=\"0 0 22 12\"><path d=\"M0 9.873v-6c0-.55.196-1.02.588-1.412A1.926 1.926 0 0 1 2 1.873h2c.55 0 1.02.196 1.412.588.392.391.588.862.588 1.412v6H4v-2H2v2H0Zm2-4h2v-2H2v2Zm6 4v-8h4c.55 0 1.02.196 1.412.588.392.391.588.862.588 1.412v4c0 .55-.196 1.021-.588 1.413A1.926 1.926 0 0 1 12 9.873H8Zm2-2h2v-4h-2v4Zm6.85.8-1.4-1.425c.183-.183.32-.391.413-.625.091-.233.137-.483.137-.75 0-.283-.046-.537-.137-.762a1.85 1.85 0 0 0-.413-.613l1.4-1.45c.367.367.65.792.85 1.275.2.484.3 1 .3 1.55s-.1 1.063-.3 1.538c-.2.475-.483.896-.85 1.262Zm2.825 2.825-1.45-1.375c.55-.55.983-1.187 1.3-1.912A5.775 5.775 0 0 0 20 5.873c0-.85-.158-1.633-.475-2.35a6.217 6.217 0 0 0-1.3-1.9l1.45-1.4a7.94 7.94 0 0 1 1.712 2.55c.409.967.613 2 .613 3.1s-.204 2.13-.613 3.088a7.977 7.977 0 0 1-1.712 2.537Z\" fill=\"#000\"\/><\/svg>            <span>Transkription<\/span>\n          <\/button>\n                      <\/div>\n      <\/div>\n\n      <div id=\"transcription-ee271070af8dd3c58b22a572edafd661\"\n  class=\"fixed inset-0 z-50 hidden w-screen h-screen opacity-0 pointer-events-none modal transcription\"\n  tabindex=\"-1\" role=\"dialog\">\n  <div class=\"absolute w-full h-full bg-black opacity-75 modal-overlay\"><\/div>\n  <div\n    class=\"absolute z-30 w-11\/12 mx-auto overflow-y-auto text-black bg-white shadow-lg modal-container center-xy md:max-w-4xl\"\n    role=\"document\">\n    <div class=\"flex items-center justify-between px-4 py-4 text-gray-700 border-b md:px-8\">\n      <h2 class=\"!mb-0 font-bold\">Transkription<\/h2>\n      <div class=\"z-50 flex flex-col items-center ml-auto cursor-pointer rtl:ml-0 rtl:mr-auto modal-close\">\n        <svg class=\"w-auto h-6\" width=\"18\" height=\"23\" xmlns=\"http:\/\/www.w3.org\/2000\/svg\">\n  <g stroke=\"currentColor\" fill=\"none\" fill-rule=\"evenodd\" stroke-linecap=\"square\">\n    <path d=\"M.7248.974l16.1076 20.6167M16.655 1.2654L.9097 22.1601\" \/>\n  <\/g>\n<\/svg>        <div class=\"hidden\">Close<\/div>\n      <\/div>\n    <\/div>\n    <div class=\"px-4 py-8 overflow-y-auto max-h-modal md:px-8 modal-content\">\n      <div class=\"mb-8 flex flex-col gap-1.5\">\n                      <h3 class=\"text-xl font-bold\">Der Chor und die gotische Ma\u00dfwerkbr\u00fcstung<\/h3>\n                            <\/div>\n            <p>Der Chor wurde einige Jahrhunderte sp\u00e4ter im letzten Abschnitt des Kirchenschiffs errichtet.<br \/>\nHier ist ein interessantes Detail zu sehen: die Br\u00fcstung des Chores mit gotischen Ma\u00dfwerken, bestehend aus ineinander verwobenen geometrischen Motiven.<br \/>\nVor dem Abstieg sollten Sie den Blick auf die Kirche genie\u00dfen. Von hier aus kann man sehr gut die Lampenst\u00e4nder aus Schmiedeeisen sehen, einer davon in Form eines Hahns. Oder das Rundfenster \u00fcber dem Altar in Form eines Kleeblatts.<\/p>\n    <\/div>\n  <\/div>\n<\/div>\n    <\/section>\n\n\n<div class=\"flex flex-col gap-3 element text-block\">\n  <div class=\"flex items-center gap-6\">\n              <h2 class=\"text-2xl font-bold\">1g Wir warten auf Sie!<\/h2>\n      <\/div>\n    <\/div>\n\n\n<section class=\"element audio-block\">\n  <div class=\"flex flex-col w-full gap-6\">\n    <div class=\"flex flex-col gap-3\">\n      <div class=\"flex gap-6\">\n                          <h2 class=\"text-2xl font-bold\">Der Besuch geht weiter<\/h2>\n              <\/div>\n          <\/div>\n    <div class=\"flex items-center justify-end gap-3\">\n              <div class=\"flex-1 audio-content\" dir=\"ltr\">\n          <audio id=\"audio-878cec56a4f2b70163e4579b24e556e1\" data-label=\"Der Besuch geht weiter\"\n            data-category=\"ASSUMPCIO-DE-COLL-DE-GENERAL-PLAY-CLOENDA.mp3\" class=\"hidden\" controls\n            src=\"https:\/\/guiesullsdelahistoria.cat\/app\/uploads\/2024\/11\/ASSUMPCIO-DE-COLL-DE-GENERAL-PLAY-CLOENDA.mp3\"><\/audio>\n          <div class=\"flex items-center w-full gap-3 transition-opacity opacity-0 meta\">\n            <progress class=\"flex-1 border-0 appearance-none\" value=\"0\" max=\"1\"><\/progress>\n            <div class=\"text-sm text-center shrink-0 current-time w-9\"><\/div>\n                      <\/div>\n        <\/div>\n            <div class=\"flex flex-col items-center gap-2 shrink-1 audio-control\">\n        <button\n  class=\"flex items-center justify-center w-32 max-w-32 h-32 max-h-32 transition-[max-height,_max-width] bg-black rounded-full btn text-accent\"\n  data-target=\"#audio-878cec56a4f2b70163e4579b24e556e1\">\n  <svg width=\"100%\" height=\"100%\" viewBox=\"0 0 36 36\" version=\"1.1\" xmlns=\"http:\/\/www.w3.org\/2000\/svg\" xmlns:xlink=\"http:\/\/www.w3.org\/1999\/xlink\">\n  <path id=\"ytp-12\" d=\"M11,10 L18,13.74 18,22.28 11,26 M18,13.74 L26,18 26,18 18,22.28\" fill=\"currentColor\">\n    <animate id=\"animation\" begin=\"indefinite\" attributeType=\"XML\" attributeName=\"d\" fill=\"freeze\" from=\"M11,10 L17,10 17,26 11,26 M20,10 L26,10 26,26 20,26\" to=\"M11,10 L18,13.74 18,22.28 11,26 M18,13.74 L26,18 26,18 18,22.28\" dur=\"0.1s\" keySplines=\".4 0 1 1\" repeatCount=\"1\" data-play=\"M11,10 L18,13.74 18,22.28 11,26 M18,13.74 L26,18 26,18 18,22.28\" data-pause=\"M11,10 L17,10 17,26 11,26 M20,10 L26,10 26,26 20,26\"><\/animate>\n  <\/path>\n<\/svg>\n<\/button>\n        <p class=\"text-base text-center\">Zuh\u00f6ren<\/p>\n      <\/div>\n    <\/div>\n\n    \n          <div class=\"flex flex-wrap justify-between gap-6 md:justify-start\">\n                  <button data-target=\"#transcription-878cec56a4f2b70163e4579b24e556e1\" data-toggle=\"modal\" class=\"flex items-center gap-2\">\n            <svg class=\"w-6 h-6\" fill=\"none\" xmlns=\"http:\/\/www.w3.org\/2000\/svg\" viewBox=\"0 0 22 12\"><path d=\"M0 9.873v-6c0-.55.196-1.02.588-1.412A1.926 1.926 0 0 1 2 1.873h2c.55 0 1.02.196 1.412.588.392.391.588.862.588 1.412v6H4v-2H2v2H0Zm2-4h2v-2H2v2Zm6 4v-8h4c.55 0 1.02.196 1.412.588.392.391.588.862.588 1.412v4c0 .55-.196 1.021-.588 1.413A1.926 1.926 0 0 1 12 9.873H8Zm2-2h2v-4h-2v4Zm6.85.8-1.4-1.425c.183-.183.32-.391.413-.625.091-.233.137-.483.137-.75 0-.283-.046-.537-.137-.762a1.85 1.85 0 0 0-.413-.613l1.4-1.45c.367.367.65.792.85 1.275.2.484.3 1 .3 1.55s-.1 1.063-.3 1.538c-.2.475-.483.896-.85 1.262Zm2.825 2.825-1.45-1.375c.55-.55.983-1.187 1.3-1.912A5.775 5.775 0 0 0 20 5.873c0-.85-.158-1.633-.475-2.35a6.217 6.217 0 0 0-1.3-1.9l1.45-1.4a7.94 7.94 0 0 1 1.712 2.55c.409.967.613 2 .613 3.1s-.204 2.13-.613 3.088a7.977 7.977 0 0 1-1.712 2.537Z\" fill=\"#000\"\/><\/svg>            <span>Transkription<\/span>\n          <\/button>\n                      <\/div>\n      <\/div>\n\n      <div id=\"transcription-878cec56a4f2b70163e4579b24e556e1\"\n  class=\"fixed inset-0 z-50 hidden w-screen h-screen opacity-0 pointer-events-none modal transcription\"\n  tabindex=\"-1\" role=\"dialog\">\n  <div class=\"absolute w-full h-full bg-black opacity-75 modal-overlay\"><\/div>\n  <div\n    class=\"absolute z-30 w-11\/12 mx-auto overflow-y-auto text-black bg-white shadow-lg modal-container center-xy md:max-w-4xl\"\n    role=\"document\">\n    <div class=\"flex items-center justify-between px-4 py-4 text-gray-700 border-b md:px-8\">\n      <h2 class=\"!mb-0 font-bold\">Transkription<\/h2>\n      <div class=\"z-50 flex flex-col items-center ml-auto cursor-pointer rtl:ml-0 rtl:mr-auto modal-close\">\n        <svg class=\"w-auto h-6\" width=\"18\" height=\"23\" xmlns=\"http:\/\/www.w3.org\/2000\/svg\">\n  <g stroke=\"currentColor\" fill=\"none\" fill-rule=\"evenodd\" stroke-linecap=\"square\">\n    <path d=\"M.7248.974l16.1076 20.6167M16.655 1.2654L.9097 22.1601\" \/>\n  <\/g>\n<\/svg>        <div class=\"hidden\">Close<\/div>\n      <\/div>\n    <\/div>\n    <div class=\"px-4 py-8 overflow-y-auto max-h-modal md:px-8 modal-content\">\n      <div class=\"mb-8 flex flex-col gap-1.5\">\n                      <h3 class=\"text-xl font-bold\">Der Besuch geht weiter<\/h3>\n                            <\/div>\n            <p>Hier endet der Besuch der Kirche. Wir laden Sie nun ein, die anderen Werke des romanischen Ensembles von La Vall de Bo\u00ed zu entdecken und freuen uns auf Ihren Besuch!<\/p>\n    <\/div>\n  <\/div>\n<\/div>\n    <\/section>\n\n\n<div class=\"flex flex-col gap-3 element text-block\">\n  <div class=\"flex items-center gap-6\">\n              <h2 class=\"text-2xl font-bold\">Schlie\u00dfen<\/h2>\n      <\/div>\n        <div class=\"prose prose-lg\"><p>&#8220;<em>Els Ulls de la Hist\u00f2ria<\/em>. Ein immersiver Blick auf das kulturelle Erbe&#8221; ist eine Initiative der Ag\u00e8ncia Catalana del Patrimoni Cultural.<br \/>\nDieses Projekt bezieht andere Stimmen und andere Blickwinkel auf unsere Vergangenheit mit ein. Denn wir alle sind Teil der Geschichte und formen sie mit.<\/p>\n<\/div>\n  <\/div>\n\n<\/div>\n      <\/div>\n    <\/div>\n  <\/section>\n\n\n<section class=\"overflow-hidden section\" id=\"section-69f5c657db5e2\" data-title=\"2. Nativitat de Durro\">\n    <div class=\"container grid grid-cols-1 py-8 md:py-10 max-md:gap-y-8 md:grid-standard\">\n              <div class=\"flex gap-4 md:col-span-5\">\n                                <h2 class=\"text-8 font-headings\">2. Nativitat de Durro<\/h2>\n                  <\/div>\n            <div class=\"flex flex-col gap-8 md:col-span-6 md:col-start-7 md:gap-10\">\n        <div class=\"acf-innerblocks-container\">\n<div class=\"flex flex-col gap-3 element text-block\">\n  <div class=\"flex items-center gap-6\">\n              <h2 class=\"text-2xl font-bold\">2a Einf\u00fchrung<\/h2>\n      <\/div>\n    <\/div>\n\n\n<div class=\"flex flex-col gap-6 element image-block\">\n  <div class=\"flex flex-col gap-3\">\n      <\/div>\n      <figure>\n      <img loading=\"lazy\" decoding=\"async\" width=\"1024\" height=\"679\" src=\"https:\/\/guiesullsdelahistoria.cat\/app\/uploads\/2024\/11\/DSC0327_J.BARBERO.jpg\" class=\"w-full h-auto\" alt=\"Gesamtansicht des \u00c4u\u00dferen der Kirche der Nativitat de Durro, mit einem gelben Blumenfeld im Vordergrund und den Bergen im Hintergrund.\" srcset=\"https:\/\/guiesullsdelahistoria.cat\/app\/uploads\/2024\/11\/DSC0327_J.BARBERO.jpg 1024w, https:\/\/guiesullsdelahistoria.cat\/app\/uploads\/2024\/11\/DSC0327_J.BARBERO-300x199.jpg 300w, https:\/\/guiesullsdelahistoria.cat\/app\/uploads\/2024\/11\/DSC0327_J.BARBERO-768x509.jpg 768w\" sizes=\"auto, (max-width: 1024px) 100vw, 1024px\" \/>\n              <figcaption class=\"pt-2 text-gray-800\">Gesamtansicht der Kirche der Nativitat de Durro.\n<\/figcaption>\n          <\/figure>\n  <\/div>\n\n\n<section class=\"element audio-block\">\n  <div class=\"flex flex-col w-full gap-6\">\n    <div class=\"flex flex-col gap-3\">\n      <div class=\"flex gap-6\">\n                          <h2 class=\"text-2xl font-bold\">La Vall de Bo\u00ed und seine Kirchen<\/h2>\n              <\/div>\n          <\/div>\n    <div class=\"flex items-center justify-end gap-3\">\n              <div class=\"flex-1 audio-content\" dir=\"ltr\">\n          <audio id=\"audio-4bb2fb6ff279cd8b141661e1475adf31\" data-label=\"La Vall de Bo\u00ed und seine Kirchen\"\n            data-category=\"NATIVITAT-DE-DURRO-DE-GENERAL-PLAY-0.mp3\" class=\"hidden\" controls\n            src=\"https:\/\/guiesullsdelahistoria.cat\/app\/uploads\/2024\/11\/NATIVITAT-DE-DURRO-DE-GENERAL-PLAY-0.mp3\"><\/audio>\n          <div class=\"flex items-center w-full gap-3 transition-opacity opacity-0 meta\">\n            <progress class=\"flex-1 border-0 appearance-none\" value=\"0\" max=\"1\"><\/progress>\n            <div class=\"text-sm text-center shrink-0 current-time w-9\"><\/div>\n                      <\/div>\n        <\/div>\n            <div class=\"flex flex-col items-center gap-2 shrink-1 audio-control\">\n        <button\n  class=\"flex items-center justify-center w-32 max-w-32 h-32 max-h-32 transition-[max-height,_max-width] bg-black rounded-full btn text-accent\"\n  data-target=\"#audio-4bb2fb6ff279cd8b141661e1475adf31\">\n  <svg width=\"100%\" height=\"100%\" viewBox=\"0 0 36 36\" version=\"1.1\" xmlns=\"http:\/\/www.w3.org\/2000\/svg\" xmlns:xlink=\"http:\/\/www.w3.org\/1999\/xlink\">\n  <path id=\"ytp-12\" d=\"M11,10 L18,13.74 18,22.28 11,26 M18,13.74 L26,18 26,18 18,22.28\" fill=\"currentColor\">\n    <animate id=\"animation\" begin=\"indefinite\" attributeType=\"XML\" attributeName=\"d\" fill=\"freeze\" from=\"M11,10 L17,10 17,26 11,26 M20,10 L26,10 26,26 20,26\" to=\"M11,10 L18,13.74 18,22.28 11,26 M18,13.74 L26,18 26,18 18,22.28\" dur=\"0.1s\" keySplines=\".4 0 1 1\" repeatCount=\"1\" data-play=\"M11,10 L18,13.74 18,22.28 11,26 M18,13.74 L26,18 26,18 18,22.28\" data-pause=\"M11,10 L17,10 17,26 11,26 M20,10 L26,10 26,26 20,26\"><\/animate>\n  <\/path>\n<\/svg>\n<\/button>\n        <p class=\"text-base text-center\">Zuh\u00f6ren<\/p>\n      <\/div>\n    <\/div>\n\n    \n          <div class=\"flex flex-wrap justify-between gap-6 md:justify-start\">\n                  <button data-target=\"#transcription-4bb2fb6ff279cd8b141661e1475adf31\" data-toggle=\"modal\" class=\"flex items-center gap-2\">\n            <svg class=\"w-6 h-6\" fill=\"none\" xmlns=\"http:\/\/www.w3.org\/2000\/svg\" viewBox=\"0 0 22 12\"><path d=\"M0 9.873v-6c0-.55.196-1.02.588-1.412A1.926 1.926 0 0 1 2 1.873h2c.55 0 1.02.196 1.412.588.392.391.588.862.588 1.412v6H4v-2H2v2H0Zm2-4h2v-2H2v2Zm6 4v-8h4c.55 0 1.02.196 1.412.588.392.391.588.862.588 1.412v4c0 .55-.196 1.021-.588 1.413A1.926 1.926 0 0 1 12 9.873H8Zm2-2h2v-4h-2v4Zm6.85.8-1.4-1.425c.183-.183.32-.391.413-.625.091-.233.137-.483.137-.75 0-.283-.046-.537-.137-.762a1.85 1.85 0 0 0-.413-.613l1.4-1.45c.367.367.65.792.85 1.275.2.484.3 1 .3 1.55s-.1 1.063-.3 1.538c-.2.475-.483.896-.85 1.262Zm2.825 2.825-1.45-1.375c.55-.55.983-1.187 1.3-1.912A5.775 5.775 0 0 0 20 5.873c0-.85-.158-1.633-.475-2.35a6.217 6.217 0 0 0-1.3-1.9l1.45-1.4a7.94 7.94 0 0 1 1.712 2.55c.409.967.613 2 .613 3.1s-.204 2.13-.613 3.088a7.977 7.977 0 0 1-1.712 2.537Z\" fill=\"#000\"\/><\/svg>            <span>Transkription<\/span>\n          <\/button>\n                      <\/div>\n      <\/div>\n\n      <div id=\"transcription-4bb2fb6ff279cd8b141661e1475adf31\"\n  class=\"fixed inset-0 z-50 hidden w-screen h-screen opacity-0 pointer-events-none modal transcription\"\n  tabindex=\"-1\" role=\"dialog\">\n  <div class=\"absolute w-full h-full bg-black opacity-75 modal-overlay\"><\/div>\n  <div\n    class=\"absolute z-30 w-11\/12 mx-auto overflow-y-auto text-black bg-white shadow-lg modal-container center-xy md:max-w-4xl\"\n    role=\"document\">\n    <div class=\"flex items-center justify-between px-4 py-4 text-gray-700 border-b md:px-8\">\n      <h2 class=\"!mb-0 font-bold\">Transkription<\/h2>\n      <div class=\"z-50 flex flex-col items-center ml-auto cursor-pointer rtl:ml-0 rtl:mr-auto modal-close\">\n        <svg class=\"w-auto h-6\" width=\"18\" height=\"23\" xmlns=\"http:\/\/www.w3.org\/2000\/svg\">\n  <g stroke=\"currentColor\" fill=\"none\" fill-rule=\"evenodd\" stroke-linecap=\"square\">\n    <path d=\"M.7248.974l16.1076 20.6167M16.655 1.2654L.9097 22.1601\" \/>\n  <\/g>\n<\/svg>        <div class=\"hidden\">Close<\/div>\n      <\/div>\n    <\/div>\n    <div class=\"px-4 py-8 overflow-y-auto max-h-modal md:px-8 modal-content\">\n      <div class=\"mb-8 flex flex-col gap-1.5\">\n                      <h3 class=\"text-xl font-bold\">La Vall de Bo\u00ed und seine Kirchen<\/h3>\n                            <\/div>\n            <p>Wir hei\u00dfen Sie in La Vall de Bo\u00ed willkommen und laden Sie ein, dieses au\u00dfergew\u00f6hnliche Ensemble von Kirchen zu entdecken, die als einer der gr\u00f6\u00dften Ausdrucksformen der katalanischen romanischen Kunst gilt und im Jahr 2000 in die Liste des UNESCO-Weltkulturerbes aufgenommen wurde.<br \/>\nDas romanische Ensemble von La Vall de Bo\u00ed besteht aus neun Kirchen: Sant Climent und Santa Maria de Ta\u00fcll, Sant Joan de Bo\u00ed, Santa Eul\u00e0lia d\u2019Erill la Vall, Sant Feliu de Barruera, La Nativitat und Sant Quirc de Durro, Santa Maria de Cardet und Assumpci\u00f3 de C\u00f3ll.<br \/>\nAber was haben diese Kirchen gemeinsam? Warum sind sie so einzigartig? Welche ist ihre Geschichte?<br \/>\nSie wurden alle zwischen dem 11. und 12. Jahrhundert erbaut, in einer Zeit der Macht und des wirtschaftlichen Wohlstands des lokalen Adels, und weisen denselben architektonischen Stil auf, die Romanik, die in ganz Europa verbreitet war.<br \/>\nHeute wird ein gro\u00dfer Teil der Gem\u00e4lde, Schnitzereien und M\u00f6bel in mehreren katalanischen Museen aufbewahrt, insbesondere im Museu Nacional d\u2019Art de Catalunya. In einigen Kirchen befinden sich jedoch bedeutende Fragmente von originalen Wandmalereien und Skulpturen sowie Reproduktionen von den Werken, die in den Museen aufbewahrt werden.<br \/>\nMit dem F\u00fchrer, den Sie in den H\u00e4nden halten, werden Sie die au\u00dfergew\u00f6hnlichen Werte dieses romanischen Ensembles entdecken und jede der neun Kirchen mit ihren Geheimnissen und Kuriosit\u00e4ten kennen lernen k\u00f6nnen.<br \/>\nEin letzter Hinweis! Diese Berge sind geheimnisvoll: die Worte der Menschen, die sie bewohnt haben, sind oft in den T\u00e4lern gefangen geblieben und hallen durch die Zeit wie ein unmerkliches Echo. Dieser F\u00fchrer verf\u00fcgt \u00fcber einen Sensor, der jedes Mal aktiviert wird, wenn er eines auff\u00e4ngt. Keine Angst, h\u00f6ren Sie weiter zu.<\/p>\n<p>Beginnen Sie Ihren Besuch auf der R\u00fcckseite der Kirche.<\/p>\n    <\/div>\n  <\/div>\n<\/div>\n    <\/section>\n\n\n<div class=\"flex flex-col gap-3 element text-block\">\n  <div class=\"flex items-center gap-6\">\n              <h2 class=\"text-2xl font-bold\">2b Dorfplatz<\/h2>\n      <\/div>\n    <\/div>\n\n\n<div class=\"flex flex-col gap-6 element image-block\">\n  <div class=\"flex flex-col gap-3\">\n      <\/div>\n      <figure>\n      <img loading=\"lazy\" decoding=\"async\" width=\"948\" height=\"1428\" src=\"https:\/\/guiesullsdelahistoria.cat\/app\/uploads\/2024\/11\/Nativitat_de_Durro_campanar_DSC0686.jpg\" class=\"w-full h-auto\" alt=\"Glockenturm der Kirche der Nativitat de Durro mit dem davor liegenden Friedhof, vom Platz aus gesehen.\" srcset=\"https:\/\/guiesullsdelahistoria.cat\/app\/uploads\/2024\/11\/Nativitat_de_Durro_campanar_DSC0686.jpg 948w, https:\/\/guiesullsdelahistoria.cat\/app\/uploads\/2024\/11\/Nativitat_de_Durro_campanar_DSC0686-199x300.jpg 199w, https:\/\/guiesullsdelahistoria.cat\/app\/uploads\/2024\/11\/Nativitat_de_Durro_campanar_DSC0686-680x1024.jpg 680w, https:\/\/guiesullsdelahistoria.cat\/app\/uploads\/2024\/11\/Nativitat_de_Durro_campanar_DSC0686-768x1157.jpg 768w\" sizes=\"auto, (max-width: 948px) 100vw, 948px\" \/>\n              <figcaption class=\"pt-2 text-gray-800\">Glockenturm der Nativitat de Durro.<\/figcaption>\n          <\/figure>\n  <\/div>\n\n\n<section class=\"element audio-block\">\n  <div class=\"flex flex-col w-full gap-6\">\n    <div class=\"flex flex-col gap-3\">\n      <div class=\"flex gap-6\">\n                          <h2 class=\"text-2xl font-bold\">Der Glockenturm<\/h2>\n              <\/div>\n          <\/div>\n    <div class=\"flex items-center justify-end gap-3\">\n              <div class=\"flex-1 audio-content\" dir=\"ltr\">\n          <audio id=\"audio-0d6ffe37e4925fe1bee5186e913df5ba\" data-label=\"Der Glockenturm\"\n            data-category=\"NATIVITAT-DE-DURRO-DE-GENERAL-PLAY-1.mp3\" class=\"hidden\" controls\n            src=\"https:\/\/guiesullsdelahistoria.cat\/app\/uploads\/2024\/11\/NATIVITAT-DE-DURRO-DE-GENERAL-PLAY-1.mp3\"><\/audio>\n          <div class=\"flex items-center w-full gap-3 transition-opacity opacity-0 meta\">\n            <progress class=\"flex-1 border-0 appearance-none\" value=\"0\" max=\"1\"><\/progress>\n            <div class=\"text-sm text-center shrink-0 current-time w-9\"><\/div>\n                      <\/div>\n        <\/div>\n            <div class=\"flex flex-col items-center gap-2 shrink-1 audio-control\">\n        <button\n  class=\"flex items-center justify-center w-32 max-w-32 h-32 max-h-32 transition-[max-height,_max-width] bg-black rounded-full btn text-accent\"\n  data-target=\"#audio-0d6ffe37e4925fe1bee5186e913df5ba\">\n  <svg width=\"100%\" height=\"100%\" viewBox=\"0 0 36 36\" version=\"1.1\" xmlns=\"http:\/\/www.w3.org\/2000\/svg\" xmlns:xlink=\"http:\/\/www.w3.org\/1999\/xlink\">\n  <path id=\"ytp-12\" d=\"M11,10 L18,13.74 18,22.28 11,26 M18,13.74 L26,18 26,18 18,22.28\" fill=\"currentColor\">\n    <animate id=\"animation\" begin=\"indefinite\" attributeType=\"XML\" attributeName=\"d\" fill=\"freeze\" from=\"M11,10 L17,10 17,26 11,26 M20,10 L26,10 26,26 20,26\" to=\"M11,10 L18,13.74 18,22.28 11,26 M18,13.74 L26,18 26,18 18,22.28\" dur=\"0.1s\" keySplines=\".4 0 1 1\" repeatCount=\"1\" data-play=\"M11,10 L18,13.74 18,22.28 11,26 M18,13.74 L26,18 26,18 18,22.28\" data-pause=\"M11,10 L17,10 17,26 11,26 M20,10 L26,10 26,26 20,26\"><\/animate>\n  <\/path>\n<\/svg>\n<\/button>\n        <p class=\"text-base text-center\">Zuh\u00f6ren<\/p>\n      <\/div>\n    <\/div>\n\n    \n          <div class=\"flex flex-wrap justify-between gap-6 md:justify-start\">\n                  <button data-target=\"#transcription-0d6ffe37e4925fe1bee5186e913df5ba\" data-toggle=\"modal\" class=\"flex items-center gap-2\">\n            <svg class=\"w-6 h-6\" fill=\"none\" xmlns=\"http:\/\/www.w3.org\/2000\/svg\" viewBox=\"0 0 22 12\"><path d=\"M0 9.873v-6c0-.55.196-1.02.588-1.412A1.926 1.926 0 0 1 2 1.873h2c.55 0 1.02.196 1.412.588.392.391.588.862.588 1.412v6H4v-2H2v2H0Zm2-4h2v-2H2v2Zm6 4v-8h4c.55 0 1.02.196 1.412.588.392.391.588.862.588 1.412v4c0 .55-.196 1.021-.588 1.413A1.926 1.926 0 0 1 12 9.873H8Zm2-2h2v-4h-2v4Zm6.85.8-1.4-1.425c.183-.183.32-.391.413-.625.091-.233.137-.483.137-.75 0-.283-.046-.537-.137-.762a1.85 1.85 0 0 0-.413-.613l1.4-1.45c.367.367.65.792.85 1.275.2.484.3 1 .3 1.55s-.1 1.063-.3 1.538c-.2.475-.483.896-.85 1.262Zm2.825 2.825-1.45-1.375c.55-.55.983-1.187 1.3-1.912A5.775 5.775 0 0 0 20 5.873c0-.85-.158-1.633-.475-2.35a6.217 6.217 0 0 0-1.3-1.9l1.45-1.4a7.94 7.94 0 0 1 1.712 2.55c.409.967.613 2 .613 3.1s-.204 2.13-.613 3.088a7.977 7.977 0 0 1-1.712 2.537Z\" fill=\"#000\"\/><\/svg>            <span>Transkription<\/span>\n          <\/button>\n                      <\/div>\n      <\/div>\n\n      <div id=\"transcription-0d6ffe37e4925fe1bee5186e913df5ba\"\n  class=\"fixed inset-0 z-50 hidden w-screen h-screen opacity-0 pointer-events-none modal transcription\"\n  tabindex=\"-1\" role=\"dialog\">\n  <div class=\"absolute w-full h-full bg-black opacity-75 modal-overlay\"><\/div>\n  <div\n    class=\"absolute z-30 w-11\/12 mx-auto overflow-y-auto text-black bg-white shadow-lg modal-container center-xy md:max-w-4xl\"\n    role=\"document\">\n    <div class=\"flex items-center justify-between px-4 py-4 text-gray-700 border-b md:px-8\">\n      <h2 class=\"!mb-0 font-bold\">Transkription<\/h2>\n      <div class=\"z-50 flex flex-col items-center ml-auto cursor-pointer rtl:ml-0 rtl:mr-auto modal-close\">\n        <svg class=\"w-auto h-6\" width=\"18\" height=\"23\" xmlns=\"http:\/\/www.w3.org\/2000\/svg\">\n  <g stroke=\"currentColor\" fill=\"none\" fill-rule=\"evenodd\" stroke-linecap=\"square\">\n    <path d=\"M.7248.974l16.1076 20.6167M16.655 1.2654L.9097 22.1601\" \/>\n  <\/g>\n<\/svg>        <div class=\"hidden\">Close<\/div>\n      <\/div>\n    <\/div>\n    <div class=\"px-4 py-8 overflow-y-auto max-h-modal md:px-8 modal-content\">\n      <div class=\"mb-8 flex flex-col gap-1.5\">\n                      <h3 class=\"text-xl font-bold\">Der Glockenturm<\/h3>\n                            <\/div>\n            <p>Die Kirche La Nativitat de Durro weist architektonische Merkmale auf, die sich von denen der meisten Kirchen in La Vall unterscheiden. Zun\u00e4chst f\u00e4llt sie durch ihre Monumentalit\u00e4t auf, die von der Bedeutung des Dorfes Durro im Mittelalter zeugt.<br \/>\nDie La Nativitat, die Sie jetzt sehen, hat im Laufe der Zeit viele \u00c4nderungen und Erweiterungen erfahren. Der \u00e4lteste Teil stammt aus dem 12. Jahrhundert und entspricht einem romanischen Tempel mit einem einzigen Schiff und einer Apsis, die heute nicht mehr existiert, sowie dem Portikus und dem Glockenturm.<br \/>\nDer Glockenturm ist eines der herausragenden Elemente, vor allem, weil er mit 26 Metern der h\u00f6chste Turm in La Vall ist. Was glauben Sie, warum diese T\u00fcrme so hoch gebaut wurden? Einerseits aus religi\u00f6sen Gr\u00fcnden: je h\u00f6her, desto n\u00e4her an Gott. Andererseits bot ein so hoher Turm einen perfekten \u00dcberblick \u00fcber die Umgebung des Dorfes und die M\u00f6glichkeit die Anwesenheit eines sich n\u00e4hernden Feindes zu erkennen, was in einer Zeit, in der so viele Kriege gef\u00fchrt wurden, wichtig war.<br \/>\nDer Glockenturm hat f\u00fcnf Ebenen, aber wie Sie sehen k\u00f6nnen, unterscheidet sich jede Ebene von den anderen, was auf die vielen Ver\u00e4nderungen die vorgenommen wurden zur\u00fcckzuf\u00fchren ist. Sie werden sehen, dass sich am Sockel eine Arkade befindet, die zu einer Seitenapsis gef\u00fchrt haben muss. Die Fenster in den beiden unteren Ebenen wurden zugemauert, und die romanischen Fenster in der zweiten und dritten Ebene wurden durch gotische Fenster mit Spitzb\u00f6gen ersetzt. Die oberste Ebene, die niedriger ist, wurde irgendwann abgeflacht.<br \/>\nVon hier aus kann man auch die Sakristei sehen, die in den Raum der Hauptapsis gebaut wurde.<br \/>\nUm Ihren Besuch fortzusetzen, gehen Sie rechts um die Kirche herum bis zu dem Portikus vor dem Seiteneingang. <\/p>\n    <\/div>\n  <\/div>\n<\/div>\n    <\/section>\n\n\n<div class=\"flex flex-col gap-3 element text-block\">\n  <div class=\"flex items-center gap-6\">\n              <h2 class=\"text-2xl font-bold\">2c Portikus<\/h2>\n      <\/div>\n    <\/div>\n\n\n<div class=\"flex flex-col gap-6 element image-block\">\n  <div class=\"flex flex-col gap-3\">\n      <\/div>\n      <figure>\n      <img loading=\"lazy\" decoding=\"async\" width=\"1024\" height=\"680\" src=\"https:\/\/guiesullsdelahistoria.cat\/app\/uploads\/2024\/11\/DSC0308_J.BARBERO.jpg\" class=\"w-full h-auto\" alt=\"Portikus der Kirche der Nativitat de Durro mit dem Glockenturm im Hintergrund und den Kreuzen der Grabst\u00e4tten im Vordergrund.\" srcset=\"https:\/\/guiesullsdelahistoria.cat\/app\/uploads\/2024\/11\/DSC0308_J.BARBERO.jpg 1024w, https:\/\/guiesullsdelahistoria.cat\/app\/uploads\/2024\/11\/DSC0308_J.BARBERO-300x199.jpg 300w, https:\/\/guiesullsdelahistoria.cat\/app\/uploads\/2024\/11\/DSC0308_J.BARBERO-768x510.jpg 768w\" sizes=\"auto, (max-width: 1024px) 100vw, 1024px\" \/>\n              <figcaption class=\"pt-2 text-gray-800\">Portikus der Nativitat de Durro.\n<\/figcaption>\n          <\/figure>\n  <\/div>\n\n\n<section class=\"element audio-block\">\n  <div class=\"flex flex-col w-full gap-6\">\n    <div class=\"flex flex-col gap-3\">\n      <div class=\"flex gap-6\">\n                          <h2 class=\"text-2xl font-bold\">Au\u00dfenbereich<\/h2>\n              <\/div>\n          <\/div>\n    <div class=\"flex items-center justify-end gap-3\">\n              <div class=\"flex-1 audio-content\" dir=\"ltr\">\n          <audio id=\"audio-76d4c23c6423a52178f9d76b2fd6f6e4\" data-label=\"Au\u00dfenbereich\"\n            data-category=\"NATIVITAT-DE-DURRO-DE-GENERAL-PLAY-2.mp3\" class=\"hidden\" controls\n            src=\"https:\/\/guiesullsdelahistoria.cat\/app\/uploads\/2024\/11\/NATIVITAT-DE-DURRO-DE-GENERAL-PLAY-2.mp3\"><\/audio>\n          <div class=\"flex items-center w-full gap-3 transition-opacity opacity-0 meta\">\n            <progress class=\"flex-1 border-0 appearance-none\" value=\"0\" max=\"1\"><\/progress>\n            <div class=\"text-sm text-center shrink-0 current-time w-9\"><\/div>\n                      <\/div>\n        <\/div>\n            <div class=\"flex flex-col items-center gap-2 shrink-1 audio-control\">\n        <button\n  class=\"flex items-center justify-center w-32 max-w-32 h-32 max-h-32 transition-[max-height,_max-width] bg-black rounded-full btn text-accent\"\n  data-target=\"#audio-76d4c23c6423a52178f9d76b2fd6f6e4\">\n  <svg width=\"100%\" height=\"100%\" viewBox=\"0 0 36 36\" version=\"1.1\" xmlns=\"http:\/\/www.w3.org\/2000\/svg\" xmlns:xlink=\"http:\/\/www.w3.org\/1999\/xlink\">\n  <path id=\"ytp-12\" d=\"M11,10 L18,13.74 18,22.28 11,26 M18,13.74 L26,18 26,18 18,22.28\" fill=\"currentColor\">\n    <animate id=\"animation\" begin=\"indefinite\" attributeType=\"XML\" attributeName=\"d\" fill=\"freeze\" from=\"M11,10 L17,10 17,26 11,26 M20,10 L26,10 26,26 20,26\" to=\"M11,10 L18,13.74 18,22.28 11,26 M18,13.74 L26,18 26,18 18,22.28\" dur=\"0.1s\" keySplines=\".4 0 1 1\" repeatCount=\"1\" data-play=\"M11,10 L18,13.74 18,22.28 11,26 M18,13.74 L26,18 26,18 18,22.28\" data-pause=\"M11,10 L17,10 17,26 11,26 M20,10 L26,10 26,26 20,26\"><\/animate>\n  <\/path>\n<\/svg>\n<\/button>\n        <p class=\"text-base text-center\">Zuh\u00f6ren<\/p>\n      <\/div>\n    <\/div>\n\n    \n          <div class=\"flex flex-wrap justify-between gap-6 md:justify-start\">\n                  <button data-target=\"#transcription-76d4c23c6423a52178f9d76b2fd6f6e4\" data-toggle=\"modal\" class=\"flex items-center gap-2\">\n            <svg class=\"w-6 h-6\" fill=\"none\" xmlns=\"http:\/\/www.w3.org\/2000\/svg\" viewBox=\"0 0 22 12\"><path d=\"M0 9.873v-6c0-.55.196-1.02.588-1.412A1.926 1.926 0 0 1 2 1.873h2c.55 0 1.02.196 1.412.588.392.391.588.862.588 1.412v6H4v-2H2v2H0Zm2-4h2v-2H2v2Zm6 4v-8h4c.55 0 1.02.196 1.412.588.392.391.588.862.588 1.412v4c0 .55-.196 1.021-.588 1.413A1.926 1.926 0 0 1 12 9.873H8Zm2-2h2v-4h-2v4Zm6.85.8-1.4-1.425c.183-.183.32-.391.413-.625.091-.233.137-.483.137-.75 0-.283-.046-.537-.137-.762a1.85 1.85 0 0 0-.413-.613l1.4-1.45c.367.367.65.792.85 1.275.2.484.3 1 .3 1.55s-.1 1.063-.3 1.538c-.2.475-.483.896-.85 1.262Zm2.825 2.825-1.45-1.375c.55-.55.983-1.187 1.3-1.912A5.775 5.775 0 0 0 20 5.873c0-.85-.158-1.633-.475-2.35a6.217 6.217 0 0 0-1.3-1.9l1.45-1.4a7.94 7.94 0 0 1 1.712 2.55c.409.967.613 2 .613 3.1s-.204 2.13-.613 3.088a7.977 7.977 0 0 1-1.712 2.537Z\" fill=\"#000\"\/><\/svg>            <span>Transkription<\/span>\n          <\/button>\n                      <\/div>\n      <\/div>\n\n      <div id=\"transcription-76d4c23c6423a52178f9d76b2fd6f6e4\"\n  class=\"fixed inset-0 z-50 hidden w-screen h-screen opacity-0 pointer-events-none modal transcription\"\n  tabindex=\"-1\" role=\"dialog\">\n  <div class=\"absolute w-full h-full bg-black opacity-75 modal-overlay\"><\/div>\n  <div\n    class=\"absolute z-30 w-11\/12 mx-auto overflow-y-auto text-black bg-white shadow-lg modal-container center-xy md:max-w-4xl\"\n    role=\"document\">\n    <div class=\"flex items-center justify-between px-4 py-4 text-gray-700 border-b md:px-8\">\n      <h2 class=\"!mb-0 font-bold\">Transkription<\/h2>\n      <div class=\"z-50 flex flex-col items-center ml-auto cursor-pointer rtl:ml-0 rtl:mr-auto modal-close\">\n        <svg class=\"w-auto h-6\" width=\"18\" height=\"23\" xmlns=\"http:\/\/www.w3.org\/2000\/svg\">\n  <g stroke=\"currentColor\" fill=\"none\" fill-rule=\"evenodd\" stroke-linecap=\"square\">\n    <path d=\"M.7248.974l16.1076 20.6167M16.655 1.2654L.9097 22.1601\" \/>\n  <\/g>\n<\/svg>        <div class=\"hidden\">Close<\/div>\n      <\/div>\n    <\/div>\n    <div class=\"px-4 py-8 overflow-y-auto max-h-modal md:px-8 modal-content\">\n      <div class=\"mb-8 flex flex-col gap-1.5\">\n                      <h3 class=\"text-xl font-bold\">Au\u00dfenbereich<\/h3>\n                            <\/div>\n            <p>Das Kirchenschiff der Nativitat de Durro besteht aus gro\u00dfen Quadersteinen oder Granitsteinen, und an den Fassaden sind dekorative Elemente angebracht. Schauen Sie sich den oberen Teil der W\u00e4nde an: Es gibt einen Fries aus Blindb\u00f6gen, der der L\u00e4nge des Kirchenschiffs folgt, und dar\u00fcber gibt es eine weitere Bord\u00fcre, die kleine Quadrate bildet, die einem Schachbrett \u00e4hneln.<br \/>\nAm Ende des 15. Jahrhunderts wurde die Kirche m\u00f6glicherweise in einem Kapitel des katalanischen B\u00fcrgerkriegs niedergebrannt: Hug Roger III., der letzte Graf von Pallars, griff das Dorf in einem verzweifelten Versuch an, seine Grafschaft zur\u00fcckzuerobern. Die Nachbarn schlossen sich in der Kirche ein, um sich zu sch\u00fctzen, und der w\u00fctende Graf h\u00e4tte sie in Brand gesteckt.<\/p>\n<p><em>Interferenzger\u00e4usch.<\/em><br \/>\nIn der Kirche herrscht eine nerv\u00f6se und angespannte Atmosph\u00e4re.<br \/>\n<strong>Eine Frau<\/strong>: Keine Angst, diese Mauern werden uns sch\u00fctzen!<br \/>\n<strong>Ein Mann<\/strong>: Hug hat den Verstand verloren! Er hat nicht einmal Respekt vor der Kirche.<br \/>\n<strong>Eine Frau<\/strong>: Betet zu Gott. Er wird uns nicht sterben lassen.<br \/>\n<strong>Ein Mann<\/strong>: Er wird nicht aufgeben, bis er sein Land zur\u00fcckbekommt. Er ist mit Verst\u00e4rkung aus Frankreich gekommen. Eine Kohorte von Wilden.<br \/>\n<strong>Eine Frau<\/strong>: Habt Vertrauen.<br \/>\n<strong>Ein Mann<\/strong>: Vertrauen? Das Feuer w\u00e4chst um die Kirche herum. Nur die Truppen des Vicomte de Cardona k\u00f6nnen uns retten, aber wo sind sie?<br \/>\n<em>Interferenzger\u00e4usch.<br \/>\n<\/em><br \/>\nDer romanische Portikus wurde in der zweiten Bauphase hinzugef\u00fcgt und diente dazu, die Gemeindemitglieder vor den Unbilden des Wetters zu sch\u00fctzen, w\u00e4hrend sie auf den Eintritt in die Kirche warteten. Wenn es heute sonnig ist, es regnet oder schneit, dann werden Sie daf\u00fcr dankbar sein. Es war aber auch ein Haltepunkt f\u00fcr Prozessionen, ein Ort f\u00fcr liturgische und gesellschaftliche Veranstaltungen, zum Beispiel f\u00fcr Gerichtsverhandlungen. Die Kirchenvorhalle hatte auch eine symbolische Funktion: Sie war der \u00dcbergang zwischen dem Alltagsleben und dem Eingang zum Gotteshaus.<br \/>\nHier ist das Portal, eines der interessantesten Elemente des Ensembles. Es besteht aus drei abgestuften Rundb\u00f6gen und ist mit zwei Archivolten verziert, die von vier S\u00e4ulen mit verzierten Kapitellen getragen werden. Wenn man genau hinsieht, kann man pflanzliche Motive und zoomorphe Reliefs, d. h. Tierformen, erkennen. Au\u00dferdem ein kleines Gesicht \u2013 schauen Sie mal, ob Sie es finden!<br \/>\nDas Ganze wird von einem Fries umrahmt, einer Art Bord\u00fcre mit Schachmotiven, und dar\u00fcber befindet sich in einem Kreis das Christusmonogramm, das Symbol Christi, dargestellt durch seine Initialen in griechischer Sprache.<br \/>\nDieses Portal weist viele \u00c4hnlichkeiten mit dem der Kirche von Assumpci\u00f3 de C\u00f3ll auf, sowohl was die Archivolten, die Kapitelle mit Tieren als auch das Christusmonogramm betrifft. K\u00f6nnte es also das Werk derselben Werkstatt sein? Oder war es nur eine Inspiration? Ein R\u00e4tsel, das aufgekl\u00e4rt werden muss.<br \/>\nEin weiteres interessantes Element des Portals ist der Riegel, das mittelalterliche T\u00fcrschloss. Beachten Sie die Platte, die das Schloss verst\u00e4rkt, verziert mit Bord\u00fcren aus geometrischen Motiven und mit vier Strukturen, die an die Silhouette mittelalterlicher Burgen erinnern. In der Mitte zeigt eine sehr schematische menschliche Figur auf einen der T\u00fcrme, die das Schloss umgeben. Erg\u00e4nzt wird die Szene durch ein pflanzliches Element, das ein Baum sein k\u00f6nnte, und zwei vierf\u00fc\u00dfige Tiere, die an Pferde erinnern. Da wir die genaue Bedeutung nicht kennen, k\u00f6nnen wir unserer Fantasie freien Lauf lassen: K\u00f6nnte es sich um eine Hommage an den Grafen von Erill und sein Schloss handeln, weil er f\u00fcr die Kirche bezahlt hat? Wer wei\u00df.<br \/>\nBevor wir zum n\u00e4chsten Punkt \u00fcbergehen, sei noch ein letztes Detail erw\u00e4hnt: Der Riegelbolzen ist mit geometrischen Motiven verziert und am rechten Ende mit einem Tierkopf verst\u00e4rkt, m\u00f6glicherweise einer Schlange. Es w\u00e4re nicht die einzige Schlange an einem Portal in den Kirchen von La Vall: In Santa Eul\u00e0lia beispielsweise ist eine weitere Schlange gemalt. K\u00f6nnte sie eine Warnung vor der S\u00fcnde sein? Und wenn es tats\u00e4chlich ein Drache w\u00e4re?<br \/>\nDies gesagt, k\u00f6nnen Sie nun die Kirche betreten.<\/p>\n    <\/div>\n  <\/div>\n<\/div>\n    <\/section>\n\n\n<div class=\"flex flex-col gap-3 element text-block\">\n  <div class=\"flex items-center gap-6\">\n              <h2 class=\"text-2xl font-bold\">2d Basis des Schiffes<\/h2>\n      <\/div>\n    <\/div>\n\n\n<div class=\"flex flex-col gap-6 element image-block\">\n  <div class=\"flex flex-col gap-3\">\n      <\/div>\n      <figure>\n      <img loading=\"lazy\" decoding=\"async\" width=\"1001\" height=\"667\" src=\"https:\/\/guiesullsdelahistoria.cat\/app\/uploads\/2024\/11\/Interior-Durro.jpg\" class=\"w-full h-auto\" alt=\"Blick in das Innere der Kirche der Nativitat de Durro mit dem Altar und einem barocken Retabel im Hintergrund.\" srcset=\"https:\/\/guiesullsdelahistoria.cat\/app\/uploads\/2024\/11\/Interior-Durro.jpg 1001w, https:\/\/guiesullsdelahistoria.cat\/app\/uploads\/2024\/11\/Interior-Durro-300x200.jpg 300w, https:\/\/guiesullsdelahistoria.cat\/app\/uploads\/2024\/11\/Interior-Durro-768x512.jpg 768w\" sizes=\"auto, (max-width: 1001px) 100vw, 1001px\" \/>\n              <figcaption class=\"pt-2 text-gray-800\">Innenansicht der Nativitat de Durro.\n<\/figcaption>\n          <\/figure>\n  <\/div>\n\n\n<section class=\"element audio-block\">\n  <div class=\"flex flex-col w-full gap-6\">\n    <div class=\"flex flex-col gap-3\">\n      <div class=\"flex gap-6\">\n                          <h2 class=\"text-2xl font-bold\">Die Retabel und die D\u00e4cher<\/h2>\n              <\/div>\n          <\/div>\n    <div class=\"flex items-center justify-end gap-3\">\n              <div class=\"flex-1 audio-content\" dir=\"ltr\">\n          <audio id=\"audio-6b7a0f8124f162b7216d3034e3792471\" data-label=\"Die Retabel und die D\u00e4cher\"\n            data-category=\"NATIVITAT-DE-DURRO-DE-GENERAL-PLAY-3.mp3\" class=\"hidden\" controls\n            src=\"https:\/\/guiesullsdelahistoria.cat\/app\/uploads\/2024\/11\/NATIVITAT-DE-DURRO-DE-GENERAL-PLAY-3.mp3\"><\/audio>\n          <div class=\"flex items-center w-full gap-3 transition-opacity opacity-0 meta\">\n            <progress class=\"flex-1 border-0 appearance-none\" value=\"0\" max=\"1\"><\/progress>\n            <div class=\"text-sm text-center shrink-0 current-time w-9\"><\/div>\n                      <\/div>\n        <\/div>\n            <div class=\"flex flex-col items-center gap-2 shrink-1 audio-control\">\n        <button\n  class=\"flex items-center justify-center w-32 max-w-32 h-32 max-h-32 transition-[max-height,_max-width] bg-black rounded-full btn text-accent\"\n  data-target=\"#audio-6b7a0f8124f162b7216d3034e3792471\">\n  <svg width=\"100%\" height=\"100%\" viewBox=\"0 0 36 36\" version=\"1.1\" xmlns=\"http:\/\/www.w3.org\/2000\/svg\" xmlns:xlink=\"http:\/\/www.w3.org\/1999\/xlink\">\n  <path id=\"ytp-12\" d=\"M11,10 L18,13.74 18,22.28 11,26 M18,13.74 L26,18 26,18 18,22.28\" fill=\"currentColor\">\n    <animate id=\"animation\" begin=\"indefinite\" attributeType=\"XML\" attributeName=\"d\" fill=\"freeze\" from=\"M11,10 L17,10 17,26 11,26 M20,10 L26,10 26,26 20,26\" to=\"M11,10 L18,13.74 18,22.28 11,26 M18,13.74 L26,18 26,18 18,22.28\" dur=\"0.1s\" keySplines=\".4 0 1 1\" repeatCount=\"1\" data-play=\"M11,10 L18,13.74 18,22.28 11,26 M18,13.74 L26,18 26,18 18,22.28\" data-pause=\"M11,10 L17,10 17,26 11,26 M20,10 L26,10 26,26 20,26\"><\/animate>\n  <\/path>\n<\/svg>\n<\/button>\n        <p class=\"text-base text-center\">Zuh\u00f6ren<\/p>\n      <\/div>\n    <\/div>\n\n    \n          <div class=\"flex flex-wrap justify-between gap-6 md:justify-start\">\n                  <button data-target=\"#transcription-6b7a0f8124f162b7216d3034e3792471\" data-toggle=\"modal\" class=\"flex items-center gap-2\">\n            <svg class=\"w-6 h-6\" fill=\"none\" xmlns=\"http:\/\/www.w3.org\/2000\/svg\" viewBox=\"0 0 22 12\"><path d=\"M0 9.873v-6c0-.55.196-1.02.588-1.412A1.926 1.926 0 0 1 2 1.873h2c.55 0 1.02.196 1.412.588.392.391.588.862.588 1.412v6H4v-2H2v2H0Zm2-4h2v-2H2v2Zm6 4v-8h4c.55 0 1.02.196 1.412.588.392.391.588.862.588 1.412v4c0 .55-.196 1.021-.588 1.413A1.926 1.926 0 0 1 12 9.873H8Zm2-2h2v-4h-2v4Zm6.85.8-1.4-1.425c.183-.183.32-.391.413-.625.091-.233.137-.483.137-.75 0-.283-.046-.537-.137-.762a1.85 1.85 0 0 0-.413-.613l1.4-1.45c.367.367.65.792.85 1.275.2.484.3 1 .3 1.55s-.1 1.063-.3 1.538c-.2.475-.483.896-.85 1.262Zm2.825 2.825-1.45-1.375c.55-.55.983-1.187 1.3-1.912A5.775 5.775 0 0 0 20 5.873c0-.85-.158-1.633-.475-2.35a6.217 6.217 0 0 0-1.3-1.9l1.45-1.4a7.94 7.94 0 0 1 1.712 2.55c.409.967.613 2 .613 3.1s-.204 2.13-.613 3.088a7.977 7.977 0 0 1-1.712 2.537Z\" fill=\"#000\"\/><\/svg>            <span>Transkription<\/span>\n          <\/button>\n                      <\/div>\n      <\/div>\n\n      <div id=\"transcription-6b7a0f8124f162b7216d3034e3792471\"\n  class=\"fixed inset-0 z-50 hidden w-screen h-screen opacity-0 pointer-events-none modal transcription\"\n  tabindex=\"-1\" role=\"dialog\">\n  <div class=\"absolute w-full h-full bg-black opacity-75 modal-overlay\"><\/div>\n  <div\n    class=\"absolute z-30 w-11\/12 mx-auto overflow-y-auto text-black bg-white shadow-lg modal-container center-xy md:max-w-4xl\"\n    role=\"document\">\n    <div class=\"flex items-center justify-between px-4 py-4 text-gray-700 border-b md:px-8\">\n      <h2 class=\"!mb-0 font-bold\">Transkription<\/h2>\n      <div class=\"z-50 flex flex-col items-center ml-auto cursor-pointer rtl:ml-0 rtl:mr-auto modal-close\">\n        <svg class=\"w-auto h-6\" width=\"18\" height=\"23\" xmlns=\"http:\/\/www.w3.org\/2000\/svg\">\n  <g stroke=\"currentColor\" fill=\"none\" fill-rule=\"evenodd\" stroke-linecap=\"square\">\n    <path d=\"M.7248.974l16.1076 20.6167M16.655 1.2654L.9097 22.1601\" \/>\n  <\/g>\n<\/svg>        <div class=\"hidden\">Close<\/div>\n      <\/div>\n    <\/div>\n    <div class=\"px-4 py-8 overflow-y-auto max-h-modal md:px-8 modal-content\">\n      <div class=\"mb-8 flex flex-col gap-1.5\">\n                      <h3 class=\"text-xl font-bold\">Die Retabel und die D\u00e4cher<\/h3>\n                            <\/div>\n            <p>Sobald man die Nativitat de Durro betritt, fallen einem als erstes die barocke Dekoration und die Retabel auf.<br \/>\nDas n\u00e4chstgelegene Retabel, von rechts beginnend, ist dem Heiligen Antonius gewidmet und stammt aus dem 18. Jahrhundert. Oben ist der Heilige Antonius Abt abgebildet, unten der Heilige Antonius von Padua.<br \/>\nAuf der anderen Seite ist das erste auf der linken Seite der Jungfrau Maria gewidmet und stammt aus dem 17. Jahrhundert.<br \/>\nDas zweite von links ist das Retabel von Christus, ebenfalls aus dem 18. Jahrhundert, das der Passion Jesu gewidmet ist. Der Christus, den Sie hier sehen, wurde von dem Bildhauer Josep Viladomat in den 1960er Jahren geschaffen.<br \/>\nDas zweite Retabel auf der rechten Seite ist dem Heiligen Johannes gewidmet. Im hinteren Teil der Kirche, auf dem Altar, befindet sich das Hauptretabel aus Mitte des 18. Jahrhunderts. Unten sind die vier jungfr\u00e4ulichen M\u00e4rtyrerinnen zu sehen: die heilige Agatha, die heilige Barbara, die heilige Lucia und m\u00f6glicherweise die heilige Engracia. W\u00e4hrend des spanischen B\u00fcrgerkriegs wurde das Retabel besch\u00e4digt und die heutigen Figuren sind modern. Im oberen Bereich ist das doppelte heilige Herz dargestellt, darunter Maria und das Jesuskind, links der heilige Josef und rechts der heilige Joachim mit Maria als Kind.<br \/>\nNun m\u00fcssen Sie nach oben schauen, um ein architektonisches Detail zu entdecken, das diese Kirche so besonders macht. Es handelt sich um die Decken des Mittelschiffs und der Seitenkapellen. Man erkennt, dass die Decke des Mittelschiffs tonnengew\u00f6lbt ist, w\u00e4hrend die linke Seitenkapelle gerippt und die rechte Seitenkapelle barock ist. Beide wurden sp\u00e4ter gebaut.<br \/>\nVielleicht haben Sie auch zwei gro\u00dfe wei\u00dfe V\u00f6gel an den W\u00e4nden auf der Altarseite bemerkt. Es handelt sich um barocke Lampenhalter f\u00fcr die \u00d6llampen.<br \/>\nSchlie\u00dflich, immer noch unten, in Richtung des Eingangs, k\u00f6nnen Sie das steinerne Becken sehen, das mit einem gr\u00fcnen, pyramidenf\u00f6rmigen Deckel bedeckt ist. Es ist das romanische Taufbecken. Die h\u00f6lzerne Struktur, die es sch\u00fctzt, stammt aus dem 18. Jahrhundert und diente zum Schutz des Wassers und zur Aufbewahrung der liturgischen Elemente.<br \/>\nUm die Besichtigung fortzusetzen, m\u00fcssen Sie zum Chor der Kirche hinaufgehen. Sie m\u00fcssen die Treppe am Eingang, im Bereich der Kasse, hinaufgehen.<\/p>\n    <\/div>\n  <\/div>\n<\/div>\n    <\/section>\n\n\n<div class=\"flex flex-col gap-3 element text-block\">\n  <div class=\"flex items-center gap-6\">\n              <h2 class=\"text-2xl font-bold\">2e Chor<\/h2>\n      <\/div>\n    <\/div>\n\n\n<div class=\"flex flex-col gap-6 element image-block\">\n  <div class=\"flex flex-col gap-3\">\n      <\/div>\n      <figure>\n      <img loading=\"lazy\" decoding=\"async\" width=\"451\" height=\"768\" src=\"https:\/\/guiesullsdelahistoria.cat\/app\/uploads\/2024\/11\/DSC0146_J.BARBERO.jpg\" class=\"w-full h-auto\" alt=\"Fragmente der Holzschnitzerei des Nikodemus der Kreuzabnahme von Durro \u00fcber der hypothetischen schattierten Originalfigur.\" srcset=\"https:\/\/guiesullsdelahistoria.cat\/app\/uploads\/2024\/11\/DSC0146_J.BARBERO.jpg 451w, https:\/\/guiesullsdelahistoria.cat\/app\/uploads\/2024\/11\/DSC0146_J.BARBERO-176x300.jpg 176w\" sizes=\"auto, (max-width: 451px) 100vw, 451px\" \/>\n              <figcaption class=\"pt-2 text-gray-800\">Holzschnitzerei des Nikodemus der <em>Kreuzabnahme<\/em> von Durro.\n<\/figcaption>\n          <\/figure>\n  <\/div>\n\n\n<section class=\"element audio-block\">\n  <div class=\"flex flex-col w-full gap-6\">\n    <div class=\"flex flex-col gap-3\">\n      <div class=\"flex gap-6\">\n                          <h2 class=\"text-2xl font-bold\">Die romanische Schnitzerei der Kreuzabnahme<\/h2>\n              <\/div>\n          <\/div>\n    <div class=\"flex items-center justify-end gap-3\">\n              <div class=\"flex-1 audio-content\" dir=\"ltr\">\n          <audio id=\"audio-da6d369e1a106811095d21c2d0a7d0f3\" data-label=\"Die romanische Schnitzerei der Kreuzabnahme\"\n            data-category=\"NATIVITAT-DE-DURRO-DE-GENERAL-PLAY-4.mp3\" class=\"hidden\" controls\n            src=\"https:\/\/guiesullsdelahistoria.cat\/app\/uploads\/2024\/11\/NATIVITAT-DE-DURRO-DE-GENERAL-PLAY-4.mp3\"><\/audio>\n          <div class=\"flex items-center w-full gap-3 transition-opacity opacity-0 meta\">\n            <progress class=\"flex-1 border-0 appearance-none\" value=\"0\" max=\"1\"><\/progress>\n            <div class=\"text-sm text-center shrink-0 current-time w-9\"><\/div>\n                      <\/div>\n        <\/div>\n            <div class=\"flex flex-col items-center gap-2 shrink-1 audio-control\">\n        <button\n  class=\"flex items-center justify-center w-32 max-w-32 h-32 max-h-32 transition-[max-height,_max-width] bg-black rounded-full btn text-accent\"\n  data-target=\"#audio-da6d369e1a106811095d21c2d0a7d0f3\">\n  <svg width=\"100%\" height=\"100%\" viewBox=\"0 0 36 36\" version=\"1.1\" xmlns=\"http:\/\/www.w3.org\/2000\/svg\" xmlns:xlink=\"http:\/\/www.w3.org\/1999\/xlink\">\n  <path id=\"ytp-12\" d=\"M11,10 L18,13.74 18,22.28 11,26 M18,13.74 L26,18 26,18 18,22.28\" fill=\"currentColor\">\n    <animate id=\"animation\" begin=\"indefinite\" attributeType=\"XML\" attributeName=\"d\" fill=\"freeze\" from=\"M11,10 L17,10 17,26 11,26 M20,10 L26,10 26,26 20,26\" to=\"M11,10 L18,13.74 18,22.28 11,26 M18,13.74 L26,18 26,18 18,22.28\" dur=\"0.1s\" keySplines=\".4 0 1 1\" repeatCount=\"1\" data-play=\"M11,10 L18,13.74 18,22.28 11,26 M18,13.74 L26,18 26,18 18,22.28\" data-pause=\"M11,10 L17,10 17,26 11,26 M20,10 L26,10 26,26 20,26\"><\/animate>\n  <\/path>\n<\/svg>\n<\/button>\n        <p class=\"text-base text-center\">Zuh\u00f6ren<\/p>\n      <\/div>\n    <\/div>\n\n    \n          <div class=\"flex flex-wrap justify-between gap-6 md:justify-start\">\n                  <button data-target=\"#transcription-da6d369e1a106811095d21c2d0a7d0f3\" data-toggle=\"modal\" class=\"flex items-center gap-2\">\n            <svg class=\"w-6 h-6\" fill=\"none\" xmlns=\"http:\/\/www.w3.org\/2000\/svg\" viewBox=\"0 0 22 12\"><path d=\"M0 9.873v-6c0-.55.196-1.02.588-1.412A1.926 1.926 0 0 1 2 1.873h2c.55 0 1.02.196 1.412.588.392.391.588.862.588 1.412v6H4v-2H2v2H0Zm2-4h2v-2H2v2Zm6 4v-8h4c.55 0 1.02.196 1.412.588.392.391.588.862.588 1.412v4c0 .55-.196 1.021-.588 1.413A1.926 1.926 0 0 1 12 9.873H8Zm2-2h2v-4h-2v4Zm6.85.8-1.4-1.425c.183-.183.32-.391.413-.625.091-.233.137-.483.137-.75 0-.283-.046-.537-.137-.762a1.85 1.85 0 0 0-.413-.613l1.4-1.45c.367.367.65.792.85 1.275.2.484.3 1 .3 1.55s-.1 1.063-.3 1.538c-.2.475-.483.896-.85 1.262Zm2.825 2.825-1.45-1.375c.55-.55.983-1.187 1.3-1.912A5.775 5.775 0 0 0 20 5.873c0-.85-.158-1.633-.475-2.35a6.217 6.217 0 0 0-1.3-1.9l1.45-1.4a7.94 7.94 0 0 1 1.712 2.55c.409.967.613 2 .613 3.1s-.204 2.13-.613 3.088a7.977 7.977 0 0 1-1.712 2.537Z\" fill=\"#000\"\/><\/svg>            <span>Transkription<\/span>\n          <\/button>\n                      <\/div>\n      <\/div>\n\n      <div id=\"transcription-da6d369e1a106811095d21c2d0a7d0f3\"\n  class=\"fixed inset-0 z-50 hidden w-screen h-screen opacity-0 pointer-events-none modal transcription\"\n  tabindex=\"-1\" role=\"dialog\">\n  <div class=\"absolute w-full h-full bg-black opacity-75 modal-overlay\"><\/div>\n  <div\n    class=\"absolute z-30 w-11\/12 mx-auto overflow-y-auto text-black bg-white shadow-lg modal-container center-xy md:max-w-4xl\"\n    role=\"document\">\n    <div class=\"flex items-center justify-between px-4 py-4 text-gray-700 border-b md:px-8\">\n      <h2 class=\"!mb-0 font-bold\">Transkription<\/h2>\n      <div class=\"z-50 flex flex-col items-center ml-auto cursor-pointer rtl:ml-0 rtl:mr-auto modal-close\">\n        <svg class=\"w-auto h-6\" width=\"18\" height=\"23\" xmlns=\"http:\/\/www.w3.org\/2000\/svg\">\n  <g stroke=\"currentColor\" fill=\"none\" fill-rule=\"evenodd\" stroke-linecap=\"square\">\n    <path d=\"M.7248.974l16.1076 20.6167M16.655 1.2654L.9097 22.1601\" \/>\n  <\/g>\n<\/svg>        <div class=\"hidden\">Close<\/div>\n      <\/div>\n    <\/div>\n    <div class=\"px-4 py-8 overflow-y-auto max-h-modal md:px-8 modal-content\">\n      <div class=\"mb-8 flex flex-col gap-1.5\">\n                      <h3 class=\"text-xl font-bold\">Die romanische Schnitzerei der Kreuzabnahme<\/h3>\n                            <\/div>\n            <p>Sie stehen vor dem einzigartigsten St\u00fcck in der Kirche: die Holzschnitzerei eines Nikodemus. Dieses Bild war Teil eines gr\u00f6\u00dferen Ensembles, der Kreuzabnahme von Durro, das im 12. Jahrhundert von den Handwerkern der so genannten Werkstatt von Erill geschaffen wurde. Von den sieben Schnitzereien, aus denen das urspr\u00fcngliche Ensemble bestand, sind nur noch drei bekannt: diese, die Jungfrau Maria, die im MNAC aufbewahrt wird, und der Christus, der w\u00e4hrend des B\u00fcrgerkriegs verschwand. Beachten Sie, dass am Arm und am Oberk\u00f6rper noch Spuren der Polychromie vorhanden sind.<\/p>\n<p>Vielleicht erinnern Sie sich jetzt nicht mehr daran, wer Nikodemus war. Wir wollen Ihr Ged\u00e4chtnis auffrischen: Er war daf\u00fcr verantwortlich, Jesus vom Kreuz loszubinden.<br \/>\nUnd wie ist die Schnitzerei des Nikodemus in unsere Zeit gekommen? Weil sie viele Jahre lang versteckt war. Seine Existenz war bis 2001 nicht bekannt, als es bei der Demontage eines Retabels in der Kirche im Zuge von Restaurierungsarbeiten gefunden wurde.<br \/>\nWenn Sie anhand der uns vorliegenden Informationen sehen m\u00f6chten, wie die Kreuzabnahme aussah, k\u00f6nnen Sie die virtuelle Ressource nutzen.<\/p>\n<p>Noch im Chor werden Sie gesehen haben, dass es eine Bank und andere Elemente gibt. Dabei handelt es sich um bewegliche Gegenst\u00e4nde, die im Laufe der Jahrhunderte im Inneren der Kirche gesammelt wurden und die wir heute als Kunstgegenst\u00e4nde sch\u00e4tzen.<br \/>\nEines dieser Gegenst\u00e4nde ist eine Holzbank aus der Renaissance, die zwei ganz besondere St\u00fccke aufweist: die beiden Platten links an der R\u00fcckenlehne. Die beiden Bretter aus Kiefernholz stammen wahrscheinlich aus der Romanik und waren urspr\u00fcnglich Teil eines anderen M\u00f6belst\u00fccks. <\/p>\n    <\/div>\n  <\/div>\n<\/div>\n    <\/section>\n\n\n<div class=\"flex flex-col gap-3 element interactive-block\">\n  <div class=\"flex items-center gap-6\">\n              <h2 class=\"text-2xl font-bold\">Virtuelle Ressource: Rekonstruktion der <em>Kreuzabnahme<\/em> von Durro<\/h2>\n      <\/div>\n          <div class=\"flex justify-end w-full\">\n      <div class=\"flex flex-col items-center gap-2 shrink-1\">\n        <button data-target=\"#embed-69f5c657d9720\" data-toggle=\"modal\"\n          class=\"flex items-center justify-center w-32 h-32 bg-black rounded-full text-accent\">\n          <svg class=\"w-16 h-auto\" width=\"60\" height=\"61\" viewBox=\"0 0 60 61\" fill=\"none\" xmlns=\"http:\/\/www.w3.org\/2000\/svg\">\n  <path\n    d=\"M27 53.298L12 44.673C11.05 44.1231 10.3125 43.398 9.7875 42.498C9.2625 41.598 9 40.598 9 39.498V22.248C9 21.148 9.2625 20.148 9.7875 19.248C10.3125 18.348 11.05 17.623 12 17.073L27 8.44805C27.95 7.89805 28.95 7.62305 30 7.62305C31.05 7.62305 32.05 7.89805 33 8.44805L48 17.073C48.95 17.623 49.6875 18.348 50.2125 19.248C50.7375 20.148 51 21.148 51 22.248V39.498C51 40.598 50.7375 41.598 50.2125 42.498C49.6875 43.398 48.95 44.1231 48 44.673L33 53.298C32.05 53.848 31.05 54.123 30 54.123C28.95 54.123 27.95 53.848 27 53.298ZM27 46.398V32.598L15 25.623V39.498L27 46.398ZM33 46.398L45 39.498V25.623L33 32.598V46.398ZM0 15.873V6.87305C0 5.22305 0.5875 3.81055 1.7625 2.63555C2.9375 1.46055 4.35 0.873047 6 0.873047H15V6.87305H6V15.873H0ZM15 60.873H6C4.35 60.873 2.9375 60.2855 1.7625 59.1105C0.5875 57.9355 0 56.523 0 54.873V45.8731H6V54.873H15V60.873ZM45 60.873V54.873H54V45.8731H60V54.873C60 56.523 59.4125 57.9355 58.2375 59.1105C57.0625 60.2855 55.65 60.873 54 60.873H45ZM54 15.873V6.87305H45V0.873047H54C55.65 0.873047 57.0625 1.46055 58.2375 2.63555C59.4125 3.81055 60 5.22305 60 6.87305V15.873H54ZM30 27.423L41.85 20.448L30 13.623L18.15 20.448L30 27.423Z\"\n    fill=\"currentColor\" \/>\n<\/svg>\n        <\/button>\n                  <p class=\"text-base text-center\">Anschauen<\/p>\n              <\/div>\n    <\/div>\n    <div id=\"embed-69f5c657d9720\"\n  class=\"fixed inset-0 z-50 hidden w-screen h-screen opacity-0 pointer-events-none modal embed-container\"\n  tabindex=\"-1\" role=\"dialog\">\n  <div class=\"absolute w-full h-full bg-black opacity-75 modal-overlay\"><\/div>\n  <div\n    class=\"absolute z-30 w-11\/12 mx-auto overflow-y-auto text-black bg-white shadow-lg modal-container center-xy md:max-w-4xl\"\n    role=\"document\">\n    <div class=\"flex items-center justify-between px-4 py-4 text-gray-700 border-b md:px-8\">\n      <h2 class=\"!mb-0 font-bold\">Anschauen<\/h2>\n      <div class=\"z-50 flex flex-col items-center ml-auto cursor-pointer rtl:ml-0 rtl:mr-auto modal-close\">\n        <svg class=\"w-auto h-6\" width=\"18\" height=\"23\" xmlns=\"http:\/\/www.w3.org\/2000\/svg\">\n  <g stroke=\"currentColor\" fill=\"none\" fill-rule=\"evenodd\" stroke-linecap=\"square\">\n    <path d=\"M.7248.974l16.1076 20.6167M16.655 1.2654L.9097 22.1601\" \/>\n  <\/g>\n<\/svg>        <div class=\"hidden\">Close<\/div>\n      <\/div>\n    <\/div>\n    <div class=\"px-4 py-8 overflow-y-auto max-h-modal md:px-8 modal-content\">\n      <div class=\"sketchfab-embed-wrapper\"> <iframe title=\"Nicodem del Davallament de Durro\" frameborder=\"0\" allowfullscreen mozallowfullscreen=\"true\" webkitallowfullscreen=\"true\" allow=\"autoplay; fullscreen; xr-spatial-tracking\" xr-spatial-tracking execution-while-out-of-viewport execution-while-not-rendered web-share src=\"https:\/\/sketchfab.com\/models\/161ecf0cea864332b192cebcfc5084ae\/embed?ui_infos=0\"> <\/iframe> <\/div>\n    <\/div>\n  <\/div>\n<\/div>\n  <\/div>\n\n\n<div class=\"flex flex-col gap-3 element text-block\">\n  <div class=\"flex items-center gap-6\">\n              <h2 class=\"text-2xl font-bold\">2f Wir warten auf Sie!<\/h2>\n      <\/div>\n    <\/div>\n\n\n<section class=\"element audio-block\">\n  <div class=\"flex flex-col w-full gap-6\">\n    <div class=\"flex flex-col gap-3\">\n      <div class=\"flex gap-6\">\n                          <h2 class=\"text-2xl font-bold\">Der Besuch geht weiter<\/h2>\n              <\/div>\n          <\/div>\n    <div class=\"flex items-center justify-end gap-3\">\n              <div class=\"flex-1 audio-content\" dir=\"ltr\">\n          <audio id=\"audio-895d7eb76413e100c04e1a473c1924d9\" data-label=\"Der Besuch geht weiter\"\n            data-category=\"NATIVITAT-DE-DURRO-DE-GENERAL-PLAY-CLOENDA.mp3\" class=\"hidden\" controls\n            src=\"https:\/\/guiesullsdelahistoria.cat\/app\/uploads\/2024\/11\/NATIVITAT-DE-DURRO-DE-GENERAL-PLAY-CLOENDA.mp3\"><\/audio>\n          <div class=\"flex items-center w-full gap-3 transition-opacity opacity-0 meta\">\n            <progress class=\"flex-1 border-0 appearance-none\" value=\"0\" max=\"1\"><\/progress>\n            <div class=\"text-sm text-center shrink-0 current-time w-9\"><\/div>\n                      <\/div>\n        <\/div>\n            <div class=\"flex flex-col items-center gap-2 shrink-1 audio-control\">\n        <button\n  class=\"flex items-center justify-center w-32 max-w-32 h-32 max-h-32 transition-[max-height,_max-width] bg-black rounded-full btn text-accent\"\n  data-target=\"#audio-895d7eb76413e100c04e1a473c1924d9\">\n  <svg width=\"100%\" height=\"100%\" viewBox=\"0 0 36 36\" version=\"1.1\" xmlns=\"http:\/\/www.w3.org\/2000\/svg\" xmlns:xlink=\"http:\/\/www.w3.org\/1999\/xlink\">\n  <path id=\"ytp-12\" d=\"M11,10 L18,13.74 18,22.28 11,26 M18,13.74 L26,18 26,18 18,22.28\" fill=\"currentColor\">\n    <animate id=\"animation\" begin=\"indefinite\" attributeType=\"XML\" attributeName=\"d\" fill=\"freeze\" from=\"M11,10 L17,10 17,26 11,26 M20,10 L26,10 26,26 20,26\" to=\"M11,10 L18,13.74 18,22.28 11,26 M18,13.74 L26,18 26,18 18,22.28\" dur=\"0.1s\" keySplines=\".4 0 1 1\" repeatCount=\"1\" data-play=\"M11,10 L18,13.74 18,22.28 11,26 M18,13.74 L26,18 26,18 18,22.28\" data-pause=\"M11,10 L17,10 17,26 11,26 M20,10 L26,10 26,26 20,26\"><\/animate>\n  <\/path>\n<\/svg>\n<\/button>\n        <p class=\"text-base text-center\">Zuh\u00f6ren<\/p>\n      <\/div>\n    <\/div>\n\n    \n          <div class=\"flex flex-wrap justify-between gap-6 md:justify-start\">\n                  <button data-target=\"#transcription-895d7eb76413e100c04e1a473c1924d9\" data-toggle=\"modal\" class=\"flex items-center gap-2\">\n            <svg class=\"w-6 h-6\" fill=\"none\" xmlns=\"http:\/\/www.w3.org\/2000\/svg\" viewBox=\"0 0 22 12\"><path d=\"M0 9.873v-6c0-.55.196-1.02.588-1.412A1.926 1.926 0 0 1 2 1.873h2c.55 0 1.02.196 1.412.588.392.391.588.862.588 1.412v6H4v-2H2v2H0Zm2-4h2v-2H2v2Zm6 4v-8h4c.55 0 1.02.196 1.412.588.392.391.588.862.588 1.412v4c0 .55-.196 1.021-.588 1.413A1.926 1.926 0 0 1 12 9.873H8Zm2-2h2v-4h-2v4Zm6.85.8-1.4-1.425c.183-.183.32-.391.413-.625.091-.233.137-.483.137-.75 0-.283-.046-.537-.137-.762a1.85 1.85 0 0 0-.413-.613l1.4-1.45c.367.367.65.792.85 1.275.2.484.3 1 .3 1.55s-.1 1.063-.3 1.538c-.2.475-.483.896-.85 1.262Zm2.825 2.825-1.45-1.375c.55-.55.983-1.187 1.3-1.912A5.775 5.775 0 0 0 20 5.873c0-.85-.158-1.633-.475-2.35a6.217 6.217 0 0 0-1.3-1.9l1.45-1.4a7.94 7.94 0 0 1 1.712 2.55c.409.967.613 2 .613 3.1s-.204 2.13-.613 3.088a7.977 7.977 0 0 1-1.712 2.537Z\" fill=\"#000\"\/><\/svg>            <span>Transkription<\/span>\n          <\/button>\n                      <\/div>\n      <\/div>\n\n      <div id=\"transcription-895d7eb76413e100c04e1a473c1924d9\"\n  class=\"fixed inset-0 z-50 hidden w-screen h-screen opacity-0 pointer-events-none modal transcription\"\n  tabindex=\"-1\" role=\"dialog\">\n  <div class=\"absolute w-full h-full bg-black opacity-75 modal-overlay\"><\/div>\n  <div\n    class=\"absolute z-30 w-11\/12 mx-auto overflow-y-auto text-black bg-white shadow-lg modal-container center-xy md:max-w-4xl\"\n    role=\"document\">\n    <div class=\"flex items-center justify-between px-4 py-4 text-gray-700 border-b md:px-8\">\n      <h2 class=\"!mb-0 font-bold\">Transkription<\/h2>\n      <div class=\"z-50 flex flex-col items-center ml-auto cursor-pointer rtl:ml-0 rtl:mr-auto modal-close\">\n        <svg class=\"w-auto h-6\" width=\"18\" height=\"23\" xmlns=\"http:\/\/www.w3.org\/2000\/svg\">\n  <g stroke=\"currentColor\" fill=\"none\" fill-rule=\"evenodd\" stroke-linecap=\"square\">\n    <path d=\"M.7248.974l16.1076 20.6167M16.655 1.2654L.9097 22.1601\" \/>\n  <\/g>\n<\/svg>        <div class=\"hidden\">Close<\/div>\n      <\/div>\n    <\/div>\n    <div class=\"px-4 py-8 overflow-y-auto max-h-modal md:px-8 modal-content\">\n      <div class=\"mb-8 flex flex-col gap-1.5\">\n                      <h3 class=\"text-xl font-bold\">Der Besuch geht weiter<\/h3>\n                            <\/div>\n            <p>Hier endet der Besuch der Kirche. Wir laden Sie nun ein, die anderen Werke des romanischen Ensembles von La Vall de Bo\u00ed zu entdecken und freuen uns auf Ihren Besuch!<\/p>\n    <\/div>\n  <\/div>\n<\/div>\n    <\/section>\n\n\n<div class=\"flex flex-col gap-3 element text-block\">\n  <div class=\"flex items-center gap-6\">\n              <h2 class=\"text-2xl font-bold\">Schlie\u00dfen<\/h2>\n      <\/div>\n        <div class=\"prose prose-lg\"><p>&#8220;<em>Els Ulls de la Hist\u00f2ria<\/em>. Ein immersiver Blick auf das kulturelle Erbe&#8221; ist eine Initiative der Ag\u00e8ncia Catalana del Patrimoni Cultural.<br \/>\nDieses Projekt bezieht andere Stimmen und andere Blickwinkel auf unsere Vergangenheit mit ein. Denn wir alle sind Teil der Geschichte und formen sie mit.<\/p>\n<\/div>\n  <\/div>\n\n<\/div>\n      <\/div>\n    <\/div>\n  <\/section>\n\n\n<section class=\"overflow-hidden section\" id=\"section-69f5c657ea266\" data-title=\"3. Sant Climent de Ta\u00fcll\">\n    <div class=\"container grid grid-cols-1 py-8 md:py-10 max-md:gap-y-8 md:grid-standard\">\n              <div class=\"flex gap-4 md:col-span-5\">\n                                <h2 class=\"text-8 font-headings\">3. Sant Climent de Ta\u00fcll<\/h2>\n                  <\/div>\n            <div class=\"flex flex-col gap-8 md:col-span-6 md:col-start-7 md:gap-10\">\n        <div class=\"acf-innerblocks-container\">\n<div class=\"flex flex-col gap-3 element text-block\">\n  <div class=\"flex items-center gap-6\">\n              <h2 class=\"text-2xl font-bold\">3a Einf\u00fchrung<\/h2>\n      <\/div>\n    <\/div>\n\n\n<div class=\"flex flex-col gap-6 element image-block\">\n  <div class=\"flex flex-col gap-3\">\n      <\/div>\n      <figure>\n      <img loading=\"lazy\" decoding=\"async\" width=\"1032\" height=\"703\" src=\"https:\/\/guiesullsdelahistoria.cat\/app\/uploads\/2024\/11\/st.-climent-de-taull-1-1.jpg\" class=\"w-full h-auto\" alt=\"Gesamtansicht des \u00c4u\u00dferen der Kirche von Sant Climent de Ta\u00fcll mit dem Friedhof und dem Glockenturm im Vordergrund und den Bergen im Hintergrund.\" srcset=\"https:\/\/guiesullsdelahistoria.cat\/app\/uploads\/2024\/11\/st.-climent-de-taull-1-1.jpg 1032w, https:\/\/guiesullsdelahistoria.cat\/app\/uploads\/2024\/11\/st.-climent-de-taull-1-1-300x204.jpg 300w, https:\/\/guiesullsdelahistoria.cat\/app\/uploads\/2024\/11\/st.-climent-de-taull-1-1-1024x698.jpg 1024w, https:\/\/guiesullsdelahistoria.cat\/app\/uploads\/2024\/11\/st.-climent-de-taull-1-1-768x523.jpg 768w\" sizes=\"auto, (max-width: 1032px) 100vw, 1032px\" \/>\n              <figcaption class=\"pt-2 text-gray-800\">Gesamtansicht von Sant Climent de Ta\u00fcll.<\/figcaption>\n          <\/figure>\n  <\/div>\n\n\n<section class=\"element audio-block\">\n  <div class=\"flex flex-col w-full gap-6\">\n    <div class=\"flex flex-col gap-3\">\n      <div class=\"flex gap-6\">\n                          <h2 class=\"text-2xl font-bold\">La Vall de Bo\u00ed und seine Kirchen<\/h2>\n              <\/div>\n          <\/div>\n    <div class=\"flex items-center justify-end gap-3\">\n              <div class=\"flex-1 audio-content\" dir=\"ltr\">\n          <audio id=\"audio-e009490574a19e2499b7b088825d47c2\" data-label=\"La Vall de Bo\u00ed und seine Kirchen\"\n            data-category=\"SANT-CLIMENT-DE-TAULL-DE-GENERAL-PLAY-0.mp3\" class=\"hidden\" controls\n            src=\"https:\/\/guiesullsdelahistoria.cat\/app\/uploads\/2024\/11\/SANT-CLIMENT-DE-TAULL-DE-GENERAL-PLAY-0.mp3\"><\/audio>\n          <div class=\"flex items-center w-full gap-3 transition-opacity opacity-0 meta\">\n            <progress class=\"flex-1 border-0 appearance-none\" value=\"0\" max=\"1\"><\/progress>\n            <div class=\"text-sm text-center shrink-0 current-time w-9\"><\/div>\n                      <\/div>\n        <\/div>\n            <div class=\"flex flex-col items-center gap-2 shrink-1 audio-control\">\n        <button\n  class=\"flex items-center justify-center w-32 max-w-32 h-32 max-h-32 transition-[max-height,_max-width] bg-black rounded-full btn text-accent\"\n  data-target=\"#audio-e009490574a19e2499b7b088825d47c2\">\n  <svg width=\"100%\" height=\"100%\" viewBox=\"0 0 36 36\" version=\"1.1\" xmlns=\"http:\/\/www.w3.org\/2000\/svg\" xmlns:xlink=\"http:\/\/www.w3.org\/1999\/xlink\">\n  <path id=\"ytp-12\" d=\"M11,10 L18,13.74 18,22.28 11,26 M18,13.74 L26,18 26,18 18,22.28\" fill=\"currentColor\">\n    <animate id=\"animation\" begin=\"indefinite\" attributeType=\"XML\" attributeName=\"d\" fill=\"freeze\" from=\"M11,10 L17,10 17,26 11,26 M20,10 L26,10 26,26 20,26\" to=\"M11,10 L18,13.74 18,22.28 11,26 M18,13.74 L26,18 26,18 18,22.28\" dur=\"0.1s\" keySplines=\".4 0 1 1\" repeatCount=\"1\" data-play=\"M11,10 L18,13.74 18,22.28 11,26 M18,13.74 L26,18 26,18 18,22.28\" data-pause=\"M11,10 L17,10 17,26 11,26 M20,10 L26,10 26,26 20,26\"><\/animate>\n  <\/path>\n<\/svg>\n<\/button>\n        <p class=\"text-base text-center\">Zuh\u00f6ren<\/p>\n      <\/div>\n    <\/div>\n\n    \n          <div class=\"flex flex-wrap justify-between gap-6 md:justify-start\">\n                  <button data-target=\"#transcription-e009490574a19e2499b7b088825d47c2\" data-toggle=\"modal\" class=\"flex items-center gap-2\">\n            <svg class=\"w-6 h-6\" fill=\"none\" xmlns=\"http:\/\/www.w3.org\/2000\/svg\" viewBox=\"0 0 22 12\"><path d=\"M0 9.873v-6c0-.55.196-1.02.588-1.412A1.926 1.926 0 0 1 2 1.873h2c.55 0 1.02.196 1.412.588.392.391.588.862.588 1.412v6H4v-2H2v2H0Zm2-4h2v-2H2v2Zm6 4v-8h4c.55 0 1.02.196 1.412.588.392.391.588.862.588 1.412v4c0 .55-.196 1.021-.588 1.413A1.926 1.926 0 0 1 12 9.873H8Zm2-2h2v-4h-2v4Zm6.85.8-1.4-1.425c.183-.183.32-.391.413-.625.091-.233.137-.483.137-.75 0-.283-.046-.537-.137-.762a1.85 1.85 0 0 0-.413-.613l1.4-1.45c.367.367.65.792.85 1.275.2.484.3 1 .3 1.55s-.1 1.063-.3 1.538c-.2.475-.483.896-.85 1.262Zm2.825 2.825-1.45-1.375c.55-.55.983-1.187 1.3-1.912A5.775 5.775 0 0 0 20 5.873c0-.85-.158-1.633-.475-2.35a6.217 6.217 0 0 0-1.3-1.9l1.45-1.4a7.94 7.94 0 0 1 1.712 2.55c.409.967.613 2 .613 3.1s-.204 2.13-.613 3.088a7.977 7.977 0 0 1-1.712 2.537Z\" fill=\"#000\"\/><\/svg>            <span>Transkription<\/span>\n          <\/button>\n                      <\/div>\n      <\/div>\n\n      <div id=\"transcription-e009490574a19e2499b7b088825d47c2\"\n  class=\"fixed inset-0 z-50 hidden w-screen h-screen opacity-0 pointer-events-none modal transcription\"\n  tabindex=\"-1\" role=\"dialog\">\n  <div class=\"absolute w-full h-full bg-black opacity-75 modal-overlay\"><\/div>\n  <div\n    class=\"absolute z-30 w-11\/12 mx-auto overflow-y-auto text-black bg-white shadow-lg modal-container center-xy md:max-w-4xl\"\n    role=\"document\">\n    <div class=\"flex items-center justify-between px-4 py-4 text-gray-700 border-b md:px-8\">\n      <h2 class=\"!mb-0 font-bold\">Transkription<\/h2>\n      <div class=\"z-50 flex flex-col items-center ml-auto cursor-pointer rtl:ml-0 rtl:mr-auto modal-close\">\n        <svg class=\"w-auto h-6\" width=\"18\" height=\"23\" xmlns=\"http:\/\/www.w3.org\/2000\/svg\">\n  <g stroke=\"currentColor\" fill=\"none\" fill-rule=\"evenodd\" stroke-linecap=\"square\">\n    <path d=\"M.7248.974l16.1076 20.6167M16.655 1.2654L.9097 22.1601\" \/>\n  <\/g>\n<\/svg>        <div class=\"hidden\">Close<\/div>\n      <\/div>\n    <\/div>\n    <div class=\"px-4 py-8 overflow-y-auto max-h-modal md:px-8 modal-content\">\n      <div class=\"mb-8 flex flex-col gap-1.5\">\n                      <h3 class=\"text-xl font-bold\">La Vall de Bo\u00ed und seine Kirchen<\/h3>\n                            <\/div>\n            <p>Wir hei\u00dfen Sie in La Vall de Bo\u00ed willkommen und laden Sie ein, dieses au\u00dfergew\u00f6hnliche Ensemble von Kirchen zu entdecken, die als einer der gr\u00f6\u00dften Ausdrucksformen der katalanischen romanischen Kunst gilt und im Jahr 2000 in die Liste des UNESCO-Weltkulturerbes aufgenommen wurde.<br \/>\nDas romanische Ensemble von La Vall de Bo\u00ed besteht aus neun Kirchen: Sant Climent und Santa Maria de Ta\u00fcll, Sant Joan de Bo\u00ed, Santa Eul\u00e0lia d\u2019Erill la Vall, Sant Feliu de Barruera, La Nativitat und Sant Quirc de Durro, Santa Maria de Cardet und Assumpci\u00f3 de C\u00f3ll.<br \/>\nAber was haben diese Kirchen gemeinsam? Warum sind sie so einzigartig? Welche ist ihre Geschichte?<br \/>\nSie wurden alle zwischen dem 11. und 12. Jahrhundert erbaut, in einer Zeit der Macht und des wirtschaftlichen Wohlstands des lokalen Adels, und weisen denselben architektonischen Stil auf, die Romanik, die in ganz Europa verbreitet war.<br \/>\nHeute wird ein gro\u00dfer Teil der Gem\u00e4lde, Schnitzereien und M\u00f6bel in mehreren katalanischen Museen aufbewahrt, insbesondere im Museu Nacional d\u2019Art de Catalunya. In einigen Kirchen befinden sich jedoch bedeutende Fragmente von originalen Wandmalereien und Skulpturen sowie Reproduktionen von den Werken, die in den Museen aufbewahrt werden.<br \/>\nMit dem F\u00fchrer, den Sie in den H\u00e4nden halten, werden Sie die au\u00dfergew\u00f6hnlichen Werte dieses romanischen Ensembles entdecken und jede der neun Kirchen mit ihren Geheimnissen und Kuriosit\u00e4ten kennen lernen k\u00f6nnen.<br \/>\nEin letzter Hinweis! Diese Berge sind geheimnisvoll: die Worte der Menschen, die sie bewohnt haben, sind oft in den T\u00e4lern gefangen geblieben und hallen durch die Zeit wie ein unmerkliches Echo. Dieser F\u00fchrer verf\u00fcgt \u00fcber einen Sensor, der jedes Mal aktiviert wird, wenn er eines auff\u00e4ngt. Keine Angst, h\u00f6ren Sie weiter zu.<\/p>\n<p>Beginnen Sie Ihren Besuch auf der R\u00fcckseite der Kirche.<\/p>\n    <\/div>\n  <\/div>\n<\/div>\n    <\/section>\n\n\n<div class=\"flex flex-col gap-3 element text-block\">\n  <div class=\"flex items-center gap-6\">\n              <h2 class=\"text-2xl font-bold\">3b Apsis<\/h2>\n      <\/div>\n    <\/div>\n\n\n<div class=\"flex flex-col gap-6 element image-block\">\n  <div class=\"flex flex-col gap-3\">\n      <\/div>\n      <figure>\n      <img loading=\"lazy\" decoding=\"async\" width=\"800\" height=\"600\" src=\"https:\/\/guiesullsdelahistoria.cat\/app\/uploads\/2024\/11\/val-de-boi_0107.jpg\" class=\"w-full h-auto\" alt=\"Au\u00dfenansicht der R\u00fcckseite der Kirche von Sant Climent de Ta\u00fcll mit den drei Apsiden im Vordergrund.\" srcset=\"https:\/\/guiesullsdelahistoria.cat\/app\/uploads\/2024\/11\/val-de-boi_0107.jpg 800w, https:\/\/guiesullsdelahistoria.cat\/app\/uploads\/2024\/11\/val-de-boi_0107-300x225.jpg 300w, https:\/\/guiesullsdelahistoria.cat\/app\/uploads\/2024\/11\/val-de-boi_0107-768x576.jpg 768w\" sizes=\"auto, (max-width: 800px) 100vw, 800px\" \/>\n              <figcaption class=\"pt-2 text-gray-800\">Apsis von Sant Climent de Ta\u00fcll.<\/figcaption>\n          <\/figure>\n  <\/div>\n\n\n<section class=\"element audio-block\">\n  <div class=\"flex flex-col w-full gap-6\">\n    <div class=\"flex flex-col gap-3\">\n      <div class=\"flex gap-6\">\n                          <h2 class=\"text-2xl font-bold\">Steine und Ornamente<\/h2>\n              <\/div>\n          <\/div>\n    <div class=\"flex items-center justify-end gap-3\">\n              <div class=\"flex-1 audio-content\" dir=\"ltr\">\n          <audio id=\"audio-e1d0401ae8dbc9160eac2d172db07fdb\" data-label=\"Steine und Ornamente\"\n            data-category=\"SANT-CLIMENT-DE-TAULL-DE-GENERAL-PLAY-1.mp3\" class=\"hidden\" controls\n            src=\"https:\/\/guiesullsdelahistoria.cat\/app\/uploads\/2024\/11\/SANT-CLIMENT-DE-TAULL-DE-GENERAL-PLAY-1.mp3\"><\/audio>\n          <div class=\"flex items-center w-full gap-3 transition-opacity opacity-0 meta\">\n            <progress class=\"flex-1 border-0 appearance-none\" value=\"0\" max=\"1\"><\/progress>\n            <div class=\"text-sm text-center shrink-0 current-time w-9\"><\/div>\n                      <\/div>\n        <\/div>\n            <div class=\"flex flex-col items-center gap-2 shrink-1 audio-control\">\n        <button\n  class=\"flex items-center justify-center w-32 max-w-32 h-32 max-h-32 transition-[max-height,_max-width] bg-black rounded-full btn text-accent\"\n  data-target=\"#audio-e1d0401ae8dbc9160eac2d172db07fdb\">\n  <svg width=\"100%\" height=\"100%\" viewBox=\"0 0 36 36\" version=\"1.1\" xmlns=\"http:\/\/www.w3.org\/2000\/svg\" xmlns:xlink=\"http:\/\/www.w3.org\/1999\/xlink\">\n  <path id=\"ytp-12\" d=\"M11,10 L18,13.74 18,22.28 11,26 M18,13.74 L26,18 26,18 18,22.28\" fill=\"currentColor\">\n    <animate id=\"animation\" begin=\"indefinite\" attributeType=\"XML\" attributeName=\"d\" fill=\"freeze\" from=\"M11,10 L17,10 17,26 11,26 M20,10 L26,10 26,26 20,26\" to=\"M11,10 L18,13.74 18,22.28 11,26 M18,13.74 L26,18 26,18 18,22.28\" dur=\"0.1s\" keySplines=\".4 0 1 1\" repeatCount=\"1\" data-play=\"M11,10 L18,13.74 18,22.28 11,26 M18,13.74 L26,18 26,18 18,22.28\" data-pause=\"M11,10 L17,10 17,26 11,26 M20,10 L26,10 26,26 20,26\"><\/animate>\n  <\/path>\n<\/svg>\n<\/button>\n        <p class=\"text-base text-center\">Zuh\u00f6ren<\/p>\n      <\/div>\n    <\/div>\n\n    \n          <div class=\"flex flex-wrap justify-between gap-6 md:justify-start\">\n                  <button data-target=\"#transcription-e1d0401ae8dbc9160eac2d172db07fdb\" data-toggle=\"modal\" class=\"flex items-center gap-2\">\n            <svg class=\"w-6 h-6\" fill=\"none\" xmlns=\"http:\/\/www.w3.org\/2000\/svg\" viewBox=\"0 0 22 12\"><path d=\"M0 9.873v-6c0-.55.196-1.02.588-1.412A1.926 1.926 0 0 1 2 1.873h2c.55 0 1.02.196 1.412.588.392.391.588.862.588 1.412v6H4v-2H2v2H0Zm2-4h2v-2H2v2Zm6 4v-8h4c.55 0 1.02.196 1.412.588.392.391.588.862.588 1.412v4c0 .55-.196 1.021-.588 1.413A1.926 1.926 0 0 1 12 9.873H8Zm2-2h2v-4h-2v4Zm6.85.8-1.4-1.425c.183-.183.32-.391.413-.625.091-.233.137-.483.137-.75 0-.283-.046-.537-.137-.762a1.85 1.85 0 0 0-.413-.613l1.4-1.45c.367.367.65.792.85 1.275.2.484.3 1 .3 1.55s-.1 1.063-.3 1.538c-.2.475-.483.896-.85 1.262Zm2.825 2.825-1.45-1.375c.55-.55.983-1.187 1.3-1.912A5.775 5.775 0 0 0 20 5.873c0-.85-.158-1.633-.475-2.35a6.217 6.217 0 0 0-1.3-1.9l1.45-1.4a7.94 7.94 0 0 1 1.712 2.55c.409.967.613 2 .613 3.1s-.204 2.13-.613 3.088a7.977 7.977 0 0 1-1.712 2.537Z\" fill=\"#000\"\/><\/svg>            <span>Transkription<\/span>\n          <\/button>\n                      <\/div>\n      <\/div>\n\n      <div id=\"transcription-e1d0401ae8dbc9160eac2d172db07fdb\"\n  class=\"fixed inset-0 z-50 hidden w-screen h-screen opacity-0 pointer-events-none modal transcription\"\n  tabindex=\"-1\" role=\"dialog\">\n  <div class=\"absolute w-full h-full bg-black opacity-75 modal-overlay\"><\/div>\n  <div\n    class=\"absolute z-30 w-11\/12 mx-auto overflow-y-auto text-black bg-white shadow-lg modal-container center-xy md:max-w-4xl\"\n    role=\"document\">\n    <div class=\"flex items-center justify-between px-4 py-4 text-gray-700 border-b md:px-8\">\n      <h2 class=\"!mb-0 font-bold\">Transkription<\/h2>\n      <div class=\"z-50 flex flex-col items-center ml-auto cursor-pointer rtl:ml-0 rtl:mr-auto modal-close\">\n        <svg class=\"w-auto h-6\" width=\"18\" height=\"23\" xmlns=\"http:\/\/www.w3.org\/2000\/svg\">\n  <g stroke=\"currentColor\" fill=\"none\" fill-rule=\"evenodd\" stroke-linecap=\"square\">\n    <path d=\"M.7248.974l16.1076 20.6167M16.655 1.2654L.9097 22.1601\" \/>\n  <\/g>\n<\/svg>        <div class=\"hidden\">Close<\/div>\n      <\/div>\n    <\/div>\n    <div class=\"px-4 py-8 overflow-y-auto max-h-modal md:px-8 modal-content\">\n      <div class=\"mb-8 flex flex-col gap-1.5\">\n                      <h3 class=\"text-xl font-bold\">Steine und Ornamente<\/h3>\n                            <\/div>\n            <p>Die Kirche von Sant Climent ist vielleicht die bekannteste aller Kirchen in La Vall. Der Grund daf\u00fcr ist, dass sich im Inneren Malereien befinden, die f\u00fcr ihre Qualit\u00e4t und Sch\u00f6nheit ber\u00fchmt geworden sind. Ich bin sicher, dass Sie davon geh\u00f6rt haben. Aber diese Kirche ist von au\u00dfen genauso interessant wie von innen.<br \/>\nAn der Stelle, an der sich heute die Kirche Sant Climent de Ta\u00fcll befindet, stand urspr\u00fcnglich eine andere Kirche aus dem 11. Jahrhundert. Von dieser Konstruktion sind nur noch wenige Teile erhalten, wie die Quadersteine des unteren Teils der drei Apsiden und der Seitenfassaden.<br \/>\nDie heutige Kirche wurde im ersten Viertel des 12. Jahrhunderts auf den \u00dcberresten dieses primitiven Tempels errichtet.<br \/>\nHier kann man auch die drei beim Bau der Kirchen von La Vall am h\u00e4ufigsten verwendeten Gesteinsarten unterscheiden: Granit f\u00fcr die Mauer, Schiefer f\u00fcr die D\u00e4cher und Bimsstein f\u00fcr die Verzierungen.<br \/>\nDie drei Apsiden sind mit verschiedenen typisch romanischen Motiven verziert, obwohl sie aus unterschiedlichen Epochen stammen. Die zentrale Apsis ist mit Gruppen aus vier Doppelblindb\u00f6gen verziert, die durch eingemauerte Halbs\u00e4ulen getrennt sind. Dar\u00fcber verl\u00e4uft ein S\u00e4gezahnfries. Sie werden sehen, dass sich diese ornamentalen Elemente sehr von den unten stehenden Steinen unterscheiden, weil sie r\u00f6tlicher sind; das liegt daran, dass sie aus Bimsstein geschnitten sind, einem weichen Material, das sich leicht bearbeiten l\u00e4sst. Die Quadersteine hingegen bestehen aus Granit, der viel h\u00e4rter ist, und haben sich daher im Laufe der Zeit besser erhalten.<br \/>\nWie die \u00fcbrigen Kirchen des romanischen Ensembles wurde auch diese Kirche von au\u00dfen verputzt, so dass die Quadersteine oder Steine nicht sichtbar waren. An mehreren Stellen sind noch \u00dcberreste des Verputzes mit roten Linien der urspr\u00fcnglichen Dekoration erhalten, wie im Inneren des kleinen runden Fensters oder Ochsenauge an der Seite der zentralen Apsis, an dem l\u00e4nglichen Fenster daneben und an einigen Fenstern an der Ostseite.<br \/>\nAuch in mehreren Fenstern des Glockenturms sind noch \u00dcberreste vorhanden. Man kann sie zum Beispiel unter dem S\u00e4gezahnfries in der vorletzten Ebene sehen.<br \/>\nGerade im Glockenturm von Sant Climent kann man deutlich sehen, wie diese T\u00fcrme gebaut wurden: durch Entlastung der oberen Ebenen, Verengung der Innenw\u00e4nde und schrittweise Vergr\u00f6\u00dferung der Fenster\u00f6ffnungen.<br \/>\nWenn Sie die Besichtigung des Glockenturms beenden haben, gehen Sie ins Innere der Kirche, um Ihren Besuch fortzusetzen. <\/p>\n    <\/div>\n  <\/div>\n<\/div>\n    <\/section>\n\n\n<div class=\"flex flex-col gap-3 element text-block\">\n  <div class=\"flex items-center gap-6\">\n              <h2 class=\"text-2xl font-bold\">3c Basis des Mittelschiffs<\/h2>\n      <\/div>\n    <\/div>\n\n\n<div class=\"flex flex-col gap-6 element image-block\">\n  <div class=\"flex flex-col gap-3\">\n      <\/div>\n      <figure>\n      <img loading=\"lazy\" decoding=\"async\" width=\"1446\" height=\"962\" src=\"https:\/\/guiesullsdelahistoria.cat\/app\/uploads\/2024\/11\/Vista-general-interior-Sant-Climent.jpg\" class=\"w-full h-auto\" alt=\"Gesamtansicht der drei Schiffe im Inneren der Kirche von Sant Climent de Ta\u00fcll, von einem erh\u00f6hten Standpunkt der Basis des Mittelschiffs aus gesehen und mit dem Altar im Hintergrund.\" srcset=\"https:\/\/guiesullsdelahistoria.cat\/app\/uploads\/2024\/11\/Vista-general-interior-Sant-Climent.jpg 1446w, https:\/\/guiesullsdelahistoria.cat\/app\/uploads\/2024\/11\/Vista-general-interior-Sant-Climent-300x200.jpg 300w, https:\/\/guiesullsdelahistoria.cat\/app\/uploads\/2024\/11\/Vista-general-interior-Sant-Climent-1024x681.jpg 1024w, https:\/\/guiesullsdelahistoria.cat\/app\/uploads\/2024\/11\/Vista-general-interior-Sant-Climent-768x511.jpg 768w\" sizes=\"auto, (max-width: 1446px) 100vw, 1446px\" \/>\n              <figcaption class=\"pt-2 text-gray-800\">Gesamtansicht des Inneren von Sant Climent de Ta\u00fcll.<\/figcaption>\n          <\/figure>\n  <\/div>\n\n\n<section class=\"element audio-block\">\n  <div class=\"flex flex-col w-full gap-6\">\n    <div class=\"flex flex-col gap-3\">\n      <div class=\"flex gap-6\">\n                          <h2 class=\"text-2xl font-bold\">Architektonische Elemente<\/h2>\n              <\/div>\n          <\/div>\n    <div class=\"flex items-center justify-end gap-3\">\n              <div class=\"flex-1 audio-content\" dir=\"ltr\">\n          <audio id=\"audio-84cbd006084589a9e097909e30cf5ccf\" data-label=\"Architektonische Elemente\"\n            data-category=\"SANT-CLIMENT-DE-TAULL-DE-GENERAL-PLAY-2.mp3\" class=\"hidden\" controls\n            src=\"https:\/\/guiesullsdelahistoria.cat\/app\/uploads\/2024\/11\/SANT-CLIMENT-DE-TAULL-DE-GENERAL-PLAY-2.mp3\"><\/audio>\n          <div class=\"flex items-center w-full gap-3 transition-opacity opacity-0 meta\">\n            <progress class=\"flex-1 border-0 appearance-none\" value=\"0\" max=\"1\"><\/progress>\n            <div class=\"text-sm text-center shrink-0 current-time w-9\"><\/div>\n                      <\/div>\n        <\/div>\n            <div class=\"flex flex-col items-center gap-2 shrink-1 audio-control\">\n        <button\n  class=\"flex items-center justify-center w-32 max-w-32 h-32 max-h-32 transition-[max-height,_max-width] bg-black rounded-full btn text-accent\"\n  data-target=\"#audio-84cbd006084589a9e097909e30cf5ccf\">\n  <svg width=\"100%\" height=\"100%\" viewBox=\"0 0 36 36\" version=\"1.1\" xmlns=\"http:\/\/www.w3.org\/2000\/svg\" xmlns:xlink=\"http:\/\/www.w3.org\/1999\/xlink\">\n  <path id=\"ytp-12\" d=\"M11,10 L18,13.74 18,22.28 11,26 M18,13.74 L26,18 26,18 18,22.28\" fill=\"currentColor\">\n    <animate id=\"animation\" begin=\"indefinite\" attributeType=\"XML\" attributeName=\"d\" fill=\"freeze\" from=\"M11,10 L17,10 17,26 11,26 M20,10 L26,10 26,26 20,26\" to=\"M11,10 L18,13.74 18,22.28 11,26 M18,13.74 L26,18 26,18 18,22.28\" dur=\"0.1s\" keySplines=\".4 0 1 1\" repeatCount=\"1\" data-play=\"M11,10 L18,13.74 18,22.28 11,26 M18,13.74 L26,18 26,18 18,22.28\" data-pause=\"M11,10 L17,10 17,26 11,26 M20,10 L26,10 26,26 20,26\"><\/animate>\n  <\/path>\n<\/svg>\n<\/button>\n        <p class=\"text-base text-center\">Zuh\u00f6ren<\/p>\n      <\/div>\n    <\/div>\n\n    \n          <div class=\"flex flex-wrap justify-between gap-6 md:justify-start\">\n                  <button data-target=\"#transcription-84cbd006084589a9e097909e30cf5ccf\" data-toggle=\"modal\" class=\"flex items-center gap-2\">\n            <svg class=\"w-6 h-6\" fill=\"none\" xmlns=\"http:\/\/www.w3.org\/2000\/svg\" viewBox=\"0 0 22 12\"><path d=\"M0 9.873v-6c0-.55.196-1.02.588-1.412A1.926 1.926 0 0 1 2 1.873h2c.55 0 1.02.196 1.412.588.392.391.588.862.588 1.412v6H4v-2H2v2H0Zm2-4h2v-2H2v2Zm6 4v-8h4c.55 0 1.02.196 1.412.588.392.391.588.862.588 1.412v4c0 .55-.196 1.021-.588 1.413A1.926 1.926 0 0 1 12 9.873H8Zm2-2h2v-4h-2v4Zm6.85.8-1.4-1.425c.183-.183.32-.391.413-.625.091-.233.137-.483.137-.75 0-.283-.046-.537-.137-.762a1.85 1.85 0 0 0-.413-.613l1.4-1.45c.367.367.65.792.85 1.275.2.484.3 1 .3 1.55s-.1 1.063-.3 1.538c-.2.475-.483.896-.85 1.262Zm2.825 2.825-1.45-1.375c.55-.55.983-1.187 1.3-1.912A5.775 5.775 0 0 0 20 5.873c0-.85-.158-1.633-.475-2.35a6.217 6.217 0 0 0-1.3-1.9l1.45-1.4a7.94 7.94 0 0 1 1.712 2.55c.409.967.613 2 .613 3.1s-.204 2.13-.613 3.088a7.977 7.977 0 0 1-1.712 2.537Z\" fill=\"#000\"\/><\/svg>            <span>Transkription<\/span>\n          <\/button>\n                      <\/div>\n      <\/div>\n\n      <div id=\"transcription-84cbd006084589a9e097909e30cf5ccf\"\n  class=\"fixed inset-0 z-50 hidden w-screen h-screen opacity-0 pointer-events-none modal transcription\"\n  tabindex=\"-1\" role=\"dialog\">\n  <div class=\"absolute w-full h-full bg-black opacity-75 modal-overlay\"><\/div>\n  <div\n    class=\"absolute z-30 w-11\/12 mx-auto overflow-y-auto text-black bg-white shadow-lg modal-container center-xy md:max-w-4xl\"\n    role=\"document\">\n    <div class=\"flex items-center justify-between px-4 py-4 text-gray-700 border-b md:px-8\">\n      <h2 class=\"!mb-0 font-bold\">Transkription<\/h2>\n      <div class=\"z-50 flex flex-col items-center ml-auto cursor-pointer rtl:ml-0 rtl:mr-auto modal-close\">\n        <svg class=\"w-auto h-6\" width=\"18\" height=\"23\" xmlns=\"http:\/\/www.w3.org\/2000\/svg\">\n  <g stroke=\"currentColor\" fill=\"none\" fill-rule=\"evenodd\" stroke-linecap=\"square\">\n    <path d=\"M.7248.974l16.1076 20.6167M16.655 1.2654L.9097 22.1601\" \/>\n  <\/g>\n<\/svg>        <div class=\"hidden\">Close<\/div>\n      <\/div>\n    <\/div>\n    <div class=\"px-4 py-8 overflow-y-auto max-h-modal md:px-8 modal-content\">\n      <div class=\"mb-8 flex flex-col gap-1.5\">\n                      <h3 class=\"text-xl font-bold\">Architektonische Elemente<\/h3>\n                            <\/div>\n            <p>Die Kirche Sant Climent hat einen basilikalen Grundriss, d. h. ein langgestrecktes Mittelschiff und zwei durch zylindrische S\u00e4ulen getrennte Seitenschiffe. Der Chorraum besteht aus einer Hauptapsis und zwei Nebenapsiden, die sich zu beiden Seiten der zentralen Apsis befinden.<br \/>\nAuf der linken S\u00e4ulen, die der Apsis am n\u00e4chsten ist, wurde die Inschrift mit dem Datum der Einweihung der Kirche gemalt. Die Inschrift besagt, dass sie am 10. Dezember 1123 von Ramon Guillem, dem Bischof von Roda-Barbastro, geweiht wurde, nur einen Tag vor der Weihe von Santa Maria de Ta\u00fcll.<br \/>\nAber was an dieser Kirche am meisten auff\u00e4llt, ist ein Bild, das Sie sicher schon kennen, weil Sie es vermutlich schon oft an verschiedenen Stellen gesehen haben. Dies ist die Maiestas Domini oder auch \u201eChristus in seiner Majest\u00e4t\u201c von Ta\u00fcll, eines der emblematischsten Bilder der katalanischen romanischen Architektur. Es muss gesagt werden, dass das, was Sie jetzt sehen, eine Projektion dessen ist, was bis heute \u00fcberlebt hat; diese Malereien wurden entfernt, um sie vor Pl\u00fcnderung zu sch\u00fctzen, und sind jetzt im Museu Nacional d\u2019Art de Catalunya ausgestellt. Nach der Videoprojektion k\u00f6nnen Sie f\u00fcr einige Minuten die \u00dcberreste der Originalmalerei in der Apsis sehen. Im Interpretationszentrum von Erill la Vall k\u00f6nnen Sie die Umst\u00e4nde kennenlernen, die zur \u00dcbertragung dieser Werke gef\u00fchrt haben.<\/p>\n<p><em>Interferenzger\u00e4usch.<\/em><br \/>\n<strong>Der Meister von Ta\u00fcll<\/strong>: Warum haben Sie mich rufen lassen, vortrefflichster und ehrw\u00fcrdiger Herr?<br \/>\n<strong>Der Bischof<\/strong>: Ich bin ein gro\u00dfer Bewunderer der Malereien, die Sie in Roda de Is\u00e1bena gemalt haben, sowie der Majest\u00e4t und Harmonie Ihrer Christusdarstellungen.<br \/>\n<strong>Der Meister von Ta\u00fcll<\/strong>: Ich danke Ihnen f\u00fcr diese Worte. Auch ich bin von dieser Kirche, die Sie gerade gebaut haben, begeistert.<br \/>\n<strong>Der Bischof<\/strong>: Ja, es wurden gro\u00dfe Anstrengungen unternommen. Aber jetzt ist es an der Zeit, sie zu dekorieren. Ich komme gleich zur Sache: Ich dachte, ein Meister wie Sie w\u00fcrde der Kirche von Sant Climent de Ta\u00fcll den ganzen Glanz verleihen, den sie verdient.<br \/>\n<strong>Der Meister von Ta\u00fcll<\/strong>: Ich? Ich wei\u00df nicht, was ich sagen soll. Es w\u00e4re eine Ehre und gleichzeitig auch eine Verantwortung. All diese W\u00e4nde \u2026<br \/>\n<strong>Der Bischof<\/strong>: Ich will die Perfektion der Gesichter, die Sie malen. Ich m\u00f6chte, dass jeder, der diese Kirche betritt, die Kraft Christi in seiner triumphalen Gestalt sp\u00fcrt.<br \/>\n<strong>Der Meister von Ta\u00fcll<\/strong>: Und woran denken Sie, Eure Exzellenz?<br \/>\n<strong>Der Bischof<\/strong>: Ich m\u00f6chte eine Maiestas Domini in der Hauptapsis. Das Beste, was je gemalt wurde.<br \/>\n<strong>Der Meister<\/strong>: Dann ist alles gesagt! Wann kann ich anfangen?<br \/>\n<em>Interferenzger\u00e4usch.<br \/>\n<\/em><br \/>\nUm alle Geheimnisse der Maiestas Domini zu erfahren, stellen Sie sich vor die erste Bankreihe.<\/p>\n    <\/div>\n  <\/div>\n<\/div>\n    <\/section>\n\n\n<div class=\"flex flex-col gap-3 element text-block\">\n  <div class=\"flex items-center gap-6\">\n              <h2 class=\"text-2xl font-bold\">3d Vor dem Altar<\/h2>\n      <\/div>\n    <\/div>\n\n\n<div class=\"flex flex-col gap-6 element image-block\">\n  <div class=\"flex flex-col gap-3\">\n      <\/div>\n      <figure>\n      <img loading=\"lazy\" decoding=\"async\" width=\"368\" height=\"472\" src=\"https:\/\/guiesullsdelahistoria.cat\/app\/uploads\/2024\/11\/Sant_Climent_de_Taull_pintures_absis.jpg\" class=\"w-full h-auto\" alt=\"Originalmalereien der zentralen Apsis der Kirche von Sant Climent de Ta\u00fcll mit dem Maiestas Domini (Christus in seiner Majest\u00e4t) in der Mitte, aufbewahrt im Museu Nacional d\u2019Art de Catalunya.\" srcset=\"https:\/\/guiesullsdelahistoria.cat\/app\/uploads\/2024\/11\/Sant_Climent_de_Taull_pintures_absis.jpg 368w, https:\/\/guiesullsdelahistoria.cat\/app\/uploads\/2024\/11\/Sant_Climent_de_Taull_pintures_absis-234x300.jpg 234w\" sizes=\"auto, (max-width: 368px) 100vw, 368px\" \/>\n              <figcaption class=\"pt-2 text-gray-800\">Originalmalereien der zentralen Apsis von Sant Climent de Ta\u00fcll, aufbewahrt im Museu Nacional d\u2019Art de Catalunya.\n<\/figcaption>\n          <\/figure>\n  <\/div>\n\n\n<section class=\"element audio-block\">\n  <div class=\"flex flex-col w-full gap-6\">\n    <div class=\"flex flex-col gap-3\">\n      <div class=\"flex gap-6\">\n                          <h2 class=\"text-2xl font-bold\"><em>Maiestas Domini<\/em><\/h2>\n              <\/div>\n          <\/div>\n    <div class=\"flex items-center justify-end gap-3\">\n              <div class=\"flex-1 audio-content\" dir=\"ltr\">\n          <audio id=\"audio-a87c9103aa26ea2fcd264f1743bd3cfb\" data-label=\"Maiestas Domini\"\n            data-category=\"SANT-CLIMENT-DE-TAULL-DE-GENERAL-PLAY-3.mp3\" class=\"hidden\" controls\n            src=\"https:\/\/guiesullsdelahistoria.cat\/app\/uploads\/2024\/11\/SANT-CLIMENT-DE-TAULL-DE-GENERAL-PLAY-3.mp3\"><\/audio>\n          <div class=\"flex items-center w-full gap-3 transition-opacity opacity-0 meta\">\n            <progress class=\"flex-1 border-0 appearance-none\" value=\"0\" max=\"1\"><\/progress>\n            <div class=\"text-sm text-center shrink-0 current-time w-9\"><\/div>\n                      <\/div>\n        <\/div>\n            <div class=\"flex flex-col items-center gap-2 shrink-1 audio-control\">\n        <button\n  class=\"flex items-center justify-center w-32 max-w-32 h-32 max-h-32 transition-[max-height,_max-width] bg-black rounded-full btn text-accent\"\n  data-target=\"#audio-a87c9103aa26ea2fcd264f1743bd3cfb\">\n  <svg width=\"100%\" height=\"100%\" viewBox=\"0 0 36 36\" version=\"1.1\" xmlns=\"http:\/\/www.w3.org\/2000\/svg\" xmlns:xlink=\"http:\/\/www.w3.org\/1999\/xlink\">\n  <path id=\"ytp-12\" d=\"M11,10 L18,13.74 18,22.28 11,26 M18,13.74 L26,18 26,18 18,22.28\" fill=\"currentColor\">\n    <animate id=\"animation\" begin=\"indefinite\" attributeType=\"XML\" attributeName=\"d\" fill=\"freeze\" from=\"M11,10 L17,10 17,26 11,26 M20,10 L26,10 26,26 20,26\" to=\"M11,10 L18,13.74 18,22.28 11,26 M18,13.74 L26,18 26,18 18,22.28\" dur=\"0.1s\" keySplines=\".4 0 1 1\" repeatCount=\"1\" data-play=\"M11,10 L18,13.74 18,22.28 11,26 M18,13.74 L26,18 26,18 18,22.28\" data-pause=\"M11,10 L17,10 17,26 11,26 M20,10 L26,10 26,26 20,26\"><\/animate>\n  <\/path>\n<\/svg>\n<\/button>\n        <p class=\"text-base text-center\">Zuh\u00f6ren<\/p>\n      <\/div>\n    <\/div>\n\n    \n          <div class=\"flex flex-wrap justify-between gap-6 md:justify-start\">\n                  <button data-target=\"#transcription-a87c9103aa26ea2fcd264f1743bd3cfb\" data-toggle=\"modal\" class=\"flex items-center gap-2\">\n            <svg class=\"w-6 h-6\" fill=\"none\" xmlns=\"http:\/\/www.w3.org\/2000\/svg\" viewBox=\"0 0 22 12\"><path d=\"M0 9.873v-6c0-.55.196-1.02.588-1.412A1.926 1.926 0 0 1 2 1.873h2c.55 0 1.02.196 1.412.588.392.391.588.862.588 1.412v6H4v-2H2v2H0Zm2-4h2v-2H2v2Zm6 4v-8h4c.55 0 1.02.196 1.412.588.392.391.588.862.588 1.412v4c0 .55-.196 1.021-.588 1.413A1.926 1.926 0 0 1 12 9.873H8Zm2-2h2v-4h-2v4Zm6.85.8-1.4-1.425c.183-.183.32-.391.413-.625.091-.233.137-.483.137-.75 0-.283-.046-.537-.137-.762a1.85 1.85 0 0 0-.413-.613l1.4-1.45c.367.367.65.792.85 1.275.2.484.3 1 .3 1.55s-.1 1.063-.3 1.538c-.2.475-.483.896-.85 1.262Zm2.825 2.825-1.45-1.375c.55-.55.983-1.187 1.3-1.912A5.775 5.775 0 0 0 20 5.873c0-.85-.158-1.633-.475-2.35a6.217 6.217 0 0 0-1.3-1.9l1.45-1.4a7.94 7.94 0 0 1 1.712 2.55c.409.967.613 2 .613 3.1s-.204 2.13-.613 3.088a7.977 7.977 0 0 1-1.712 2.537Z\" fill=\"#000\"\/><\/svg>            <span>Transkription<\/span>\n          <\/button>\n                      <\/div>\n      <\/div>\n\n      <div id=\"transcription-a87c9103aa26ea2fcd264f1743bd3cfb\"\n  class=\"fixed inset-0 z-50 hidden w-screen h-screen opacity-0 pointer-events-none modal transcription\"\n  tabindex=\"-1\" role=\"dialog\">\n  <div class=\"absolute w-full h-full bg-black opacity-75 modal-overlay\"><\/div>\n  <div\n    class=\"absolute z-30 w-11\/12 mx-auto overflow-y-auto text-black bg-white shadow-lg modal-container center-xy md:max-w-4xl\"\n    role=\"document\">\n    <div class=\"flex items-center justify-between px-4 py-4 text-gray-700 border-b md:px-8\">\n      <h2 class=\"!mb-0 font-bold\">Transkription<\/h2>\n      <div class=\"z-50 flex flex-col items-center ml-auto cursor-pointer rtl:ml-0 rtl:mr-auto modal-close\">\n        <svg class=\"w-auto h-6\" width=\"18\" height=\"23\" xmlns=\"http:\/\/www.w3.org\/2000\/svg\">\n  <g stroke=\"currentColor\" fill=\"none\" fill-rule=\"evenodd\" stroke-linecap=\"square\">\n    <path d=\"M.7248.974l16.1076 20.6167M16.655 1.2654L.9097 22.1601\" \/>\n  <\/g>\n<\/svg>        <div class=\"hidden\">Close<\/div>\n      <\/div>\n    <\/div>\n    <div class=\"px-4 py-8 overflow-y-auto max-h-modal md:px-8 modal-content\">\n      <div class=\"mb-8 flex flex-col gap-1.5\">\n                      <h3 class=\"text-xl font-bold\"><em>Maiestas Domini<\/em><\/h3>\n                            <\/div>\n            <p>Das Wandgem\u00e4lde in der zentralen Apsis ist in drei Bereiche unterteilt, die den Himmel, die Erde und den Raum dazwischen symbolisieren.<br \/>\nOben ist der Himmel, wo die Gottheit, die Maiestas Domini, erscheint. Man kann sie in der Mandorla sehen, diesem mandelf\u00f6rmigen Rahmen, der die G\u00f6ttlichkeit unterstreicht, die mit der rechten Hand segnet und mit der linken Hand das Buch h\u00e4lt.<br \/>\nDas Christusbild ist von Engeln, den Seraphim und den Symbolen der Evangelisten umgeben: Matth\u00e4us, der Engel oder Mensch; Markus, der L\u00f6we; Johannes, der Adler; und Lukas, der Stier.<br \/>\nDas mittlere Register zeigt f\u00fcnf Apostel und Maria.<br \/>\nUnd darunter, im unteren Register, finden sich Elemente, die der irdischen Welt angeh\u00f6ren, sowie pflanzliche oder geometrische Ornamente, die die Erde darstellen.<br \/>\nIm \u00e4u\u00dfersten Bereich des Gew\u00f6lbes, oben, sehen wir ein Lamm mit sieben Augen, die in der Apokalypse beschriebene Offenbarung Gottes.<br \/>\nJetzt, wo Sie die Figuren kennen, m\u00fcssen Sie sich nur noch die Videoprojektion ansehen, um zu erfahren, wie diese Malereien entstanden sind.<\/p>\n<p><strong>Projektion (zu festgelegten Zeiten)<br \/>\n<\/strong><br \/>\nVielleicht fragen Sie sich jetzt, was der Sinn all dieser Malereien war: dienten sie nur der Ausschm\u00fcckung der Kirche oder hatten sie eine andere Funktion? Die Bedeutung der Wandmalereien im Mittelalter war sehr gro\u00df, denn sie waren nicht nur der Ehre Gottes gewidmet und ein Machtinstrument, sondern hatten auch eine lehrende Funktion, da die meisten Menschen nicht lesen konnten und das Bild zusammen mit dem Wort die wirksamste Form der Evangelisierung war. Trotz der Entfernung bewahrt Sant Climent noch Fragmente der urspr\u00fcnglichen Malerei in situ auf, die Sie im n\u00e4chsten Punkt des F\u00fchrers entdecken werden.<\/p>\n    <\/div>\n  <\/div>\n<\/div>\n    <\/section>\n\n\n<div class=\"flex flex-col gap-3 element text-block\">\n  <div class=\"flex items-center gap-6\">\n              <h2 class=\"text-2xl font-bold\">3e Vor dem Altar<\/h2>\n      <\/div>\n    <\/div>\n\n\n<div class=\"flex flex-col gap-6 element image-block\">\n  <div class=\"flex flex-col gap-3\">\n      <\/div>\n      <figure>\n      <img loading=\"lazy\" decoding=\"async\" width=\"600\" height=\"800\" src=\"https:\/\/guiesullsdelahistoria.cat\/app\/uploads\/2024\/11\/sant_Climent_pintura_de_Sant_Climent_0011.jpg\" class=\"w-full h-auto\" alt=\"\u00dcberreste der Originalmalerei des Bildes des Heiligen Clemens auf einer S\u00e4ule an der Vorderseite der Apsis der Kirche von Sant Climent de Ta\u00fcll.\" srcset=\"https:\/\/guiesullsdelahistoria.cat\/app\/uploads\/2024\/11\/sant_Climent_pintura_de_Sant_Climent_0011.jpg 600w, https:\/\/guiesullsdelahistoria.cat\/app\/uploads\/2024\/11\/sant_Climent_pintura_de_Sant_Climent_0011-225x300.jpg 225w\" sizes=\"auto, (max-width: 600px) 100vw, 600px\" \/>\n              <figcaption class=\"pt-2 text-gray-800\">\u00dcberreste der Originalmalerei des Bildes des Heiligen Clemens.<\/figcaption>\n          <\/figure>\n  <\/div>\n\n\n<section class=\"element audio-block\">\n  <div class=\"flex flex-col w-full gap-6\">\n    <div class=\"flex flex-col gap-3\">\n      <div class=\"flex gap-6\">\n                          <h2 class=\"text-2xl font-bold\">Fragmente von Originalmalereien<\/h2>\n              <\/div>\n          <\/div>\n    <div class=\"flex items-center justify-end gap-3\">\n              <div class=\"flex-1 audio-content\" dir=\"ltr\">\n          <audio id=\"audio-0e3de2131bc5c4ca3b1a5c60ec5ae5bf\" data-label=\"Fragmente von Originalmalereien\"\n            data-category=\"SANT-CLIMENT-DE-TAULL-DE-GENERAL-PLAY-4.mp3\" class=\"hidden\" controls\n            src=\"https:\/\/guiesullsdelahistoria.cat\/app\/uploads\/2024\/11\/SANT-CLIMENT-DE-TAULL-DE-GENERAL-PLAY-4.mp3\"><\/audio>\n          <div class=\"flex items-center w-full gap-3 transition-opacity opacity-0 meta\">\n            <progress class=\"flex-1 border-0 appearance-none\" value=\"0\" max=\"1\"><\/progress>\n            <div class=\"text-sm text-center shrink-0 current-time w-9\"><\/div>\n                      <\/div>\n        <\/div>\n            <div class=\"flex flex-col items-center gap-2 shrink-1 audio-control\">\n        <button\n  class=\"flex items-center justify-center w-32 max-w-32 h-32 max-h-32 transition-[max-height,_max-width] bg-black rounded-full btn text-accent\"\n  data-target=\"#audio-0e3de2131bc5c4ca3b1a5c60ec5ae5bf\">\n  <svg width=\"100%\" height=\"100%\" viewBox=\"0 0 36 36\" version=\"1.1\" xmlns=\"http:\/\/www.w3.org\/2000\/svg\" xmlns:xlink=\"http:\/\/www.w3.org\/1999\/xlink\">\n  <path id=\"ytp-12\" d=\"M11,10 L18,13.74 18,22.28 11,26 M18,13.74 L26,18 26,18 18,22.28\" fill=\"currentColor\">\n    <animate id=\"animation\" begin=\"indefinite\" attributeType=\"XML\" attributeName=\"d\" fill=\"freeze\" from=\"M11,10 L17,10 17,26 11,26 M20,10 L26,10 26,26 20,26\" to=\"M11,10 L18,13.74 18,22.28 11,26 M18,13.74 L26,18 26,18 18,22.28\" dur=\"0.1s\" keySplines=\".4 0 1 1\" repeatCount=\"1\" data-play=\"M11,10 L18,13.74 18,22.28 11,26 M18,13.74 L26,18 26,18 18,22.28\" data-pause=\"M11,10 L17,10 17,26 11,26 M20,10 L26,10 26,26 20,26\"><\/animate>\n  <\/path>\n<\/svg>\n<\/button>\n        <p class=\"text-base text-center\">Zuh\u00f6ren<\/p>\n      <\/div>\n    <\/div>\n\n    \n          <div class=\"flex flex-wrap justify-between gap-6 md:justify-start\">\n                  <button data-target=\"#transcription-0e3de2131bc5c4ca3b1a5c60ec5ae5bf\" data-toggle=\"modal\" class=\"flex items-center gap-2\">\n            <svg class=\"w-6 h-6\" fill=\"none\" xmlns=\"http:\/\/www.w3.org\/2000\/svg\" viewBox=\"0 0 22 12\"><path d=\"M0 9.873v-6c0-.55.196-1.02.588-1.412A1.926 1.926 0 0 1 2 1.873h2c.55 0 1.02.196 1.412.588.392.391.588.862.588 1.412v6H4v-2H2v2H0Zm2-4h2v-2H2v2Zm6 4v-8h4c.55 0 1.02.196 1.412.588.392.391.588.862.588 1.412v4c0 .55-.196 1.021-.588 1.413A1.926 1.926 0 0 1 12 9.873H8Zm2-2h2v-4h-2v4Zm6.85.8-1.4-1.425c.183-.183.32-.391.413-.625.091-.233.137-.483.137-.75 0-.283-.046-.537-.137-.762a1.85 1.85 0 0 0-.413-.613l1.4-1.45c.367.367.65.792.85 1.275.2.484.3 1 .3 1.55s-.1 1.063-.3 1.538c-.2.475-.483.896-.85 1.262Zm2.825 2.825-1.45-1.375c.55-.55.983-1.187 1.3-1.912A5.775 5.775 0 0 0 20 5.873c0-.85-.158-1.633-.475-2.35a6.217 6.217 0 0 0-1.3-1.9l1.45-1.4a7.94 7.94 0 0 1 1.712 2.55c.409.967.613 2 .613 3.1s-.204 2.13-.613 3.088a7.977 7.977 0 0 1-1.712 2.537Z\" fill=\"#000\"\/><\/svg>            <span>Transkription<\/span>\n          <\/button>\n                      <\/div>\n      <\/div>\n\n      <div id=\"transcription-0e3de2131bc5c4ca3b1a5c60ec5ae5bf\"\n  class=\"fixed inset-0 z-50 hidden w-screen h-screen opacity-0 pointer-events-none modal transcription\"\n  tabindex=\"-1\" role=\"dialog\">\n  <div class=\"absolute w-full h-full bg-black opacity-75 modal-overlay\"><\/div>\n  <div\n    class=\"absolute z-30 w-11\/12 mx-auto overflow-y-auto text-black bg-white shadow-lg modal-container center-xy md:max-w-4xl\"\n    role=\"document\">\n    <div class=\"flex items-center justify-between px-4 py-4 text-gray-700 border-b md:px-8\">\n      <h2 class=\"!mb-0 font-bold\">Transkription<\/h2>\n      <div class=\"z-50 flex flex-col items-center ml-auto cursor-pointer rtl:ml-0 rtl:mr-auto modal-close\">\n        <svg class=\"w-auto h-6\" width=\"18\" height=\"23\" xmlns=\"http:\/\/www.w3.org\/2000\/svg\">\n  <g stroke=\"currentColor\" fill=\"none\" fill-rule=\"evenodd\" stroke-linecap=\"square\">\n    <path d=\"M.7248.974l16.1076 20.6167M16.655 1.2654L.9097 22.1601\" \/>\n  <\/g>\n<\/svg>        <div class=\"hidden\">Close<\/div>\n      <\/div>\n    <\/div>\n    <div class=\"px-4 py-8 overflow-y-auto max-h-modal md:px-8 modal-content\">\n      <div class=\"mb-8 flex flex-col gap-1.5\">\n                      <h3 class=\"text-xl font-bold\">Fragmente von Originalmalereien<\/h3>\n                            <\/div>\n            <p>In der Kirche Sant Climent sind noch Fragmente von Originalmalereien aus verschiedenen Epochen erhalten, vor allem im Chorraum.<br \/>\nDie \u00e4ltesten Originalmalereien sind die Innenverzierungen der Fenster im unteren Teil der Hauptapsis. Es handelt sich um Bord\u00fcren mit Pflanzenmotiven in Rot- und Ockert\u00f6nen auf wei\u00dfem Grund.<br \/>\nBetrachten Sie nun die rechte Seite der zentralen Apsis, oben. Dort sieht man Fragmente der Szene aus der Bibel, in der Kain seinen Bruder Abel aus Eifersucht t\u00f6tet. Kain und Abel waren die ersten beiden S\u00f6hne von Adam und Eva, den ersten Bewohnern der Erde. Man sieht, wie Kain Abel mit einer Hand an den Haaren festh\u00e4lt, w\u00e4hrend er ihm mit der anderen Hand eine Axt in die Wange schl\u00e4gt. Neben dem Gesicht von Abel ist die Inschrift \u201eABEL\u201c zu lesen.<br \/>\nUm weitere Originalmalereien zu finden, richte Sie Ihren Blick auf die Stirnseite der Hauptapsis, ganz oben rechts. Dort m\u00fcssen Sie eine Figur in Soldatenkleidung ausfindig machen, die ein langes Blasinstrument spielt, das die Apokalypse ank\u00fcndigen k\u00f6nnte, das Kommen des Herrn am Ende der Zeit. Nun, es sind tats\u00e4chlich zwei Soldaten, aber der linke ist projiziert.<br \/>\nUnd es gibt noch mehr Originalmalereien. Diese befinden sich auf beiden Seiten des oberen Teils der Hauptapsis. Das Bild dreier Heiliger ist hier noch erhalten. Am besten erhalten ist der Heilige Clemens, der Schutzpatron der Kirche, auf der linken Seite. Daneben, etwas weiter innen, befindet sich das Bildnis des Heiligen Petrus. Und auf der anderen Seite, vorne rechts, das Bild eines anderen Heiligen, der der heilige Cornelius sein k\u00f6nnte. Es gibt noch ein Bild, das sich oben an der Stirnseite der Nebenapside auf der linken Seite befindet; es ist eine Art Hund oder schwarzer Wolf, k\u00f6nnen Sie ihn sehen?<br \/>\nUm die Besichtigung fortzusetzen, suchen Sie im rechten Seitenschiff, in Richtung Altar, drei Schnitzereien in Glasvitrinen.<\/p>\n    <\/div>\n  <\/div>\n<\/div>\n    <\/section>\n\n\n<div class=\"flex flex-col gap-3 element text-block\">\n  <div class=\"flex items-center gap-6\">\n              <h2 class=\"text-2xl font-bold\">3f Rechtes Seitenschiff<\/h2>\n      <\/div>\n    <\/div>\n\n\n<div class=\"flex flex-col gap-6 element image-block\">\n  <div class=\"flex flex-col gap-3\">\n      <\/div>\n      <figure>\n      <img loading=\"lazy\" decoding=\"async\" width=\"1200\" height=\"1600\" src=\"https:\/\/guiesullsdelahistoria.cat\/app\/uploads\/2024\/11\/Sant_Climent_nau_lateral_20170903_CentreRomanic.jpg\" class=\"w-full h-auto\" alt=\"Generalansicht des Inneren des S\u00fcdschiffs der Kirche von Sant Climent mit den drei romanischen Schnitzereien im Inneren der Glasurnen.\" srcset=\"https:\/\/guiesullsdelahistoria.cat\/app\/uploads\/2024\/11\/Sant_Climent_nau_lateral_20170903_CentreRomanic.jpg 1200w, https:\/\/guiesullsdelahistoria.cat\/app\/uploads\/2024\/11\/Sant_Climent_nau_lateral_20170903_CentreRomanic-225x300.jpg 225w, https:\/\/guiesullsdelahistoria.cat\/app\/uploads\/2024\/11\/Sant_Climent_nau_lateral_20170903_CentreRomanic-768x1024.jpg 768w, https:\/\/guiesullsdelahistoria.cat\/app\/uploads\/2024\/11\/Sant_Climent_nau_lateral_20170903_CentreRomanic-1152x1536.jpg 1152w\" sizes=\"auto, (max-width: 1200px) 100vw, 1200px\" \/>\n              <figcaption class=\"pt-2 text-gray-800\">Generalansicht des S\u00fcdschiffs mit den romanischen Schnitzereien.\n<\/figcaption>\n          <\/figure>\n  <\/div>\n\n\n<section class=\"element audio-block\">\n  <div class=\"flex flex-col w-full gap-6\">\n    <div class=\"flex flex-col gap-3\">\n      <div class=\"flex gap-6\">\n                          <h2 class=\"text-2xl font-bold\">Romanische Schnitzereien<\/h2>\n              <\/div>\n          <\/div>\n    <div class=\"flex items-center justify-end gap-3\">\n              <div class=\"flex-1 audio-content\" dir=\"ltr\">\n          <audio id=\"audio-47b9afbc6a8808a267568531b2dadc77\" data-label=\"Romanische Schnitzereien\"\n            data-category=\"SANT-CLIMENT-DE-TAULL-DE-GENERAL-PLAY-5.mp3\" class=\"hidden\" controls\n            src=\"https:\/\/guiesullsdelahistoria.cat\/app\/uploads\/2024\/11\/SANT-CLIMENT-DE-TAULL-DE-GENERAL-PLAY-5.mp3\"><\/audio>\n          <div class=\"flex items-center w-full gap-3 transition-opacity opacity-0 meta\">\n            <progress class=\"flex-1 border-0 appearance-none\" value=\"0\" max=\"1\"><\/progress>\n            <div class=\"text-sm text-center shrink-0 current-time w-9\"><\/div>\n                      <\/div>\n        <\/div>\n            <div class=\"flex flex-col items-center gap-2 shrink-1 audio-control\">\n        <button\n  class=\"flex items-center justify-center w-32 max-w-32 h-32 max-h-32 transition-[max-height,_max-width] bg-black rounded-full btn text-accent\"\n  data-target=\"#audio-47b9afbc6a8808a267568531b2dadc77\">\n  <svg width=\"100%\" height=\"100%\" viewBox=\"0 0 36 36\" version=\"1.1\" xmlns=\"http:\/\/www.w3.org\/2000\/svg\" xmlns:xlink=\"http:\/\/www.w3.org\/1999\/xlink\">\n  <path id=\"ytp-12\" d=\"M11,10 L18,13.74 18,22.28 11,26 M18,13.74 L26,18 26,18 18,22.28\" fill=\"currentColor\">\n    <animate id=\"animation\" begin=\"indefinite\" attributeType=\"XML\" attributeName=\"d\" fill=\"freeze\" from=\"M11,10 L17,10 17,26 11,26 M20,10 L26,10 26,26 20,26\" to=\"M11,10 L18,13.74 18,22.28 11,26 M18,13.74 L26,18 26,18 18,22.28\" dur=\"0.1s\" keySplines=\".4 0 1 1\" repeatCount=\"1\" data-play=\"M11,10 L18,13.74 18,22.28 11,26 M18,13.74 L26,18 26,18 18,22.28\" data-pause=\"M11,10 L17,10 17,26 11,26 M20,10 L26,10 26,26 20,26\"><\/animate>\n  <\/path>\n<\/svg>\n<\/button>\n        <p class=\"text-base text-center\">Zuh\u00f6ren<\/p>\n      <\/div>\n    <\/div>\n\n    \n          <div class=\"flex flex-wrap justify-between gap-6 md:justify-start\">\n                  <button data-target=\"#transcription-47b9afbc6a8808a267568531b2dadc77\" data-toggle=\"modal\" class=\"flex items-center gap-2\">\n            <svg class=\"w-6 h-6\" fill=\"none\" xmlns=\"http:\/\/www.w3.org\/2000\/svg\" viewBox=\"0 0 22 12\"><path d=\"M0 9.873v-6c0-.55.196-1.02.588-1.412A1.926 1.926 0 0 1 2 1.873h2c.55 0 1.02.196 1.412.588.392.391.588.862.588 1.412v6H4v-2H2v2H0Zm2-4h2v-2H2v2Zm6 4v-8h4c.55 0 1.02.196 1.412.588.392.391.588.862.588 1.412v4c0 .55-.196 1.021-.588 1.413A1.926 1.926 0 0 1 12 9.873H8Zm2-2h2v-4h-2v4Zm6.85.8-1.4-1.425c.183-.183.32-.391.413-.625.091-.233.137-.483.137-.75 0-.283-.046-.537-.137-.762a1.85 1.85 0 0 0-.413-.613l1.4-1.45c.367.367.65.792.85 1.275.2.484.3 1 .3 1.55s-.1 1.063-.3 1.538c-.2.475-.483.896-.85 1.262Zm2.825 2.825-1.45-1.375c.55-.55.983-1.187 1.3-1.912A5.775 5.775 0 0 0 20 5.873c0-.85-.158-1.633-.475-2.35a6.217 6.217 0 0 0-1.3-1.9l1.45-1.4a7.94 7.94 0 0 1 1.712 2.55c.409.967.613 2 .613 3.1s-.204 2.13-.613 3.088a7.977 7.977 0 0 1-1.712 2.537Z\" fill=\"#000\"\/><\/svg>            <span>Transkription<\/span>\n          <\/button>\n                      <\/div>\n      <\/div>\n\n      <div id=\"transcription-47b9afbc6a8808a267568531b2dadc77\"\n  class=\"fixed inset-0 z-50 hidden w-screen h-screen opacity-0 pointer-events-none modal transcription\"\n  tabindex=\"-1\" role=\"dialog\">\n  <div class=\"absolute w-full h-full bg-black opacity-75 modal-overlay\"><\/div>\n  <div\n    class=\"absolute z-30 w-11\/12 mx-auto overflow-y-auto text-black bg-white shadow-lg modal-container center-xy md:max-w-4xl\"\n    role=\"document\">\n    <div class=\"flex items-center justify-between px-4 py-4 text-gray-700 border-b md:px-8\">\n      <h2 class=\"!mb-0 font-bold\">Transkription<\/h2>\n      <div class=\"z-50 flex flex-col items-center ml-auto cursor-pointer rtl:ml-0 rtl:mr-auto modal-close\">\n        <svg class=\"w-auto h-6\" width=\"18\" height=\"23\" xmlns=\"http:\/\/www.w3.org\/2000\/svg\">\n  <g stroke=\"currentColor\" fill=\"none\" fill-rule=\"evenodd\" stroke-linecap=\"square\">\n    <path d=\"M.7248.974l16.1076 20.6167M16.655 1.2654L.9097 22.1601\" \/>\n  <\/g>\n<\/svg>        <div class=\"hidden\">Close<\/div>\n      <\/div>\n    <\/div>\n    <div class=\"px-4 py-8 overflow-y-auto max-h-modal md:px-8 modal-content\">\n      <div class=\"mb-8 flex flex-col gap-1.5\">\n                      <h3 class=\"text-xl font-bold\">Romanische Schnitzereien<\/h3>\n                            <\/div>\n            <p>Die drei romanischen Schnitzereien im Inneren von Sant Climent de Ta\u00fcll stellen den gekr\u00f6nten Christus der Erl\u00f6ser, Christus am Kreuz und eine Jungfrau dar.<br \/>\nDer gekr\u00f6nte Christus der Erl\u00f6ser ist eine geschnitzte und polychromierte Skulptur aus dem 13. Jahrhundert, die wahrscheinlich den Hauptaltar beherrschte. Zu Beginn des 20. Jahrhunderts befand er sich in der Mitte eines Retabels in der zentralen Apsis. Das Retabel war gotisch, aus dem 16. Jahrhundert, und befindet sich heute im Museu Dioces\u00e0 de la Seu d\u2019Urgell.<br \/>\nChristus am Kreuz ist ein pr\u00e4chtiges Beispiel f\u00fcr die Kreuze, die h\u00e4ufig bei Prozessionen und liturgischen Veranstaltungen verwendet wurden. Es bewahrt eine pr\u00e4chtige Polychromie, besonders auf der R\u00fcckseite. Die genaue Herkunftskirche ist unbekannt.<br \/>\nDie Jungfrau Maria stammt aus dem 12. oder 13. Jahrhundert. Zu Beginn des 20. Jahrhunderts befand sie sich in einem kleinen h\u00f6lzernen Tempel, k\u00f6nnte aber auch aus der benachbarten Kirche Santa Maria stammen.<br \/>\nIm Inneren der Schiffe befinden sich weitere M\u00f6belst\u00fccke, die Sie mit den Informationen auf den Schildern entdecken k\u00f6nnen.<\/p>\n    <\/div>\n  <\/div>\n<\/div>\n    <\/section>\n\n\n<div class=\"flex flex-col gap-3 element text-block\">\n  <div class=\"flex items-center gap-6\">\n              <h2 class=\"text-2xl font-bold\">3g Wir warten auf Sie!<\/h2>\n      <\/div>\n    <\/div>\n\n\n<section class=\"element audio-block\">\n  <div class=\"flex flex-col w-full gap-6\">\n    <div class=\"flex flex-col gap-3\">\n      <div class=\"flex gap-6\">\n                          <h2 class=\"text-2xl font-bold\">Der Besuch geht weiter<\/h2>\n              <\/div>\n          <\/div>\n    <div class=\"flex items-center justify-end gap-3\">\n              <div class=\"flex-1 audio-content\" dir=\"ltr\">\n          <audio id=\"audio-8618757561508ebd0cc80aafd6407448\" data-label=\"Der Besuch geht weiter\"\n            data-category=\"SANT-CLIMENT-DE-TAULL-DE-GENERAL-PLAY-CLOENDA.mp3\" class=\"hidden\" controls\n            src=\"https:\/\/guiesullsdelahistoria.cat\/app\/uploads\/2024\/11\/SANT-CLIMENT-DE-TAULL-DE-GENERAL-PLAY-CLOENDA.mp3\"><\/audio>\n          <div class=\"flex items-center w-full gap-3 transition-opacity opacity-0 meta\">\n            <progress class=\"flex-1 border-0 appearance-none\" value=\"0\" max=\"1\"><\/progress>\n            <div class=\"text-sm text-center shrink-0 current-time w-9\"><\/div>\n                      <\/div>\n        <\/div>\n            <div class=\"flex flex-col items-center gap-2 shrink-1 audio-control\">\n        <button\n  class=\"flex items-center justify-center w-32 max-w-32 h-32 max-h-32 transition-[max-height,_max-width] bg-black rounded-full btn text-accent\"\n  data-target=\"#audio-8618757561508ebd0cc80aafd6407448\">\n  <svg width=\"100%\" height=\"100%\" viewBox=\"0 0 36 36\" version=\"1.1\" xmlns=\"http:\/\/www.w3.org\/2000\/svg\" xmlns:xlink=\"http:\/\/www.w3.org\/1999\/xlink\">\n  <path id=\"ytp-12\" d=\"M11,10 L18,13.74 18,22.28 11,26 M18,13.74 L26,18 26,18 18,22.28\" fill=\"currentColor\">\n    <animate id=\"animation\" begin=\"indefinite\" attributeType=\"XML\" attributeName=\"d\" fill=\"freeze\" from=\"M11,10 L17,10 17,26 11,26 M20,10 L26,10 26,26 20,26\" to=\"M11,10 L18,13.74 18,22.28 11,26 M18,13.74 L26,18 26,18 18,22.28\" dur=\"0.1s\" keySplines=\".4 0 1 1\" repeatCount=\"1\" data-play=\"M11,10 L18,13.74 18,22.28 11,26 M18,13.74 L26,18 26,18 18,22.28\" data-pause=\"M11,10 L17,10 17,26 11,26 M20,10 L26,10 26,26 20,26\"><\/animate>\n  <\/path>\n<\/svg>\n<\/button>\n        <p class=\"text-base text-center\">Zuh\u00f6ren<\/p>\n      <\/div>\n    <\/div>\n\n    \n          <div class=\"flex flex-wrap justify-between gap-6 md:justify-start\">\n                  <button data-target=\"#transcription-8618757561508ebd0cc80aafd6407448\" data-toggle=\"modal\" class=\"flex items-center gap-2\">\n            <svg class=\"w-6 h-6\" fill=\"none\" xmlns=\"http:\/\/www.w3.org\/2000\/svg\" viewBox=\"0 0 22 12\"><path d=\"M0 9.873v-6c0-.55.196-1.02.588-1.412A1.926 1.926 0 0 1 2 1.873h2c.55 0 1.02.196 1.412.588.392.391.588.862.588 1.412v6H4v-2H2v2H0Zm2-4h2v-2H2v2Zm6 4v-8h4c.55 0 1.02.196 1.412.588.392.391.588.862.588 1.412v4c0 .55-.196 1.021-.588 1.413A1.926 1.926 0 0 1 12 9.873H8Zm2-2h2v-4h-2v4Zm6.85.8-1.4-1.425c.183-.183.32-.391.413-.625.091-.233.137-.483.137-.75 0-.283-.046-.537-.137-.762a1.85 1.85 0 0 0-.413-.613l1.4-1.45c.367.367.65.792.85 1.275.2.484.3 1 .3 1.55s-.1 1.063-.3 1.538c-.2.475-.483.896-.85 1.262Zm2.825 2.825-1.45-1.375c.55-.55.983-1.187 1.3-1.912A5.775 5.775 0 0 0 20 5.873c0-.85-.158-1.633-.475-2.35a6.217 6.217 0 0 0-1.3-1.9l1.45-1.4a7.94 7.94 0 0 1 1.712 2.55c.409.967.613 2 .613 3.1s-.204 2.13-.613 3.088a7.977 7.977 0 0 1-1.712 2.537Z\" fill=\"#000\"\/><\/svg>            <span>Transkription<\/span>\n          <\/button>\n                      <\/div>\n      <\/div>\n\n      <div id=\"transcription-8618757561508ebd0cc80aafd6407448\"\n  class=\"fixed inset-0 z-50 hidden w-screen h-screen opacity-0 pointer-events-none modal transcription\"\n  tabindex=\"-1\" role=\"dialog\">\n  <div class=\"absolute w-full h-full bg-black opacity-75 modal-overlay\"><\/div>\n  <div\n    class=\"absolute z-30 w-11\/12 mx-auto overflow-y-auto text-black bg-white shadow-lg modal-container center-xy md:max-w-4xl\"\n    role=\"document\">\n    <div class=\"flex items-center justify-between px-4 py-4 text-gray-700 border-b md:px-8\">\n      <h2 class=\"!mb-0 font-bold\">Transkription<\/h2>\n      <div class=\"z-50 flex flex-col items-center ml-auto cursor-pointer rtl:ml-0 rtl:mr-auto modal-close\">\n        <svg class=\"w-auto h-6\" width=\"18\" height=\"23\" xmlns=\"http:\/\/www.w3.org\/2000\/svg\">\n  <g stroke=\"currentColor\" fill=\"none\" fill-rule=\"evenodd\" stroke-linecap=\"square\">\n    <path d=\"M.7248.974l16.1076 20.6167M16.655 1.2654L.9097 22.1601\" \/>\n  <\/g>\n<\/svg>        <div class=\"hidden\">Close<\/div>\n      <\/div>\n    <\/div>\n    <div class=\"px-4 py-8 overflow-y-auto max-h-modal md:px-8 modal-content\">\n      <div class=\"mb-8 flex flex-col gap-1.5\">\n                      <h3 class=\"text-xl font-bold\">Der Besuch geht weiter<\/h3>\n                            <\/div>\n            <p>Hier endet der Besuch der Kirche. Wir laden Sie nun ein, die anderen Werke des romanischen Ensembles von La Vall de Bo\u00ed zu entdecken und freuen uns auf Ihren Besuch!<\/p>\n    <\/div>\n  <\/div>\n<\/div>\n    <\/section>\n\n\n<div class=\"flex flex-col gap-3 element text-block\">\n  <div class=\"flex items-center gap-6\">\n              <h2 class=\"text-2xl font-bold\">Schlie\u00dfen<\/h2>\n      <\/div>\n        <div class=\"prose prose-lg\"><p>&#8220;<em>Els Ulls de la Hist\u00f2ria<\/em>. Ein immersiver Blick auf das kulturelle Erbe&#8221; ist eine Initiative der Ag\u00e8ncia Catalana del Patrimoni Cultural.<br \/>\nDieses Projekt bezieht andere Stimmen und andere Blickwinkel auf unsere Vergangenheit mit ein. Denn wir alle sind Teil der Geschichte und formen sie mit.<\/p>\n<\/div>\n  <\/div>\n\n<\/div>\n      <\/div>\n    <\/div>\n  <\/section>\n\n\n<section class=\"overflow-hidden section\" id=\"section-69f5c65802b71\" data-title=\"4. Sant Feliu de Barruera\">\n    <div class=\"container grid grid-cols-1 py-8 md:py-10 max-md:gap-y-8 md:grid-standard\">\n              <div class=\"flex gap-4 md:col-span-5\">\n                                <h2 class=\"text-8 font-headings\">4. Sant Feliu de Barruera<\/h2>\n                  <\/div>\n            <div class=\"flex flex-col gap-8 md:col-span-6 md:col-start-7 md:gap-10\">\n        <div class=\"acf-innerblocks-container\">\n<div class=\"flex flex-col gap-3 element text-block\">\n  <div class=\"flex items-center gap-6\">\n              <h2 class=\"text-2xl font-bold\">4a Einf\u00fchrung<\/h2>\n      <\/div>\n    <\/div>\n\n\n<div class=\"flex flex-col gap-6 element image-block\">\n  <div class=\"flex flex-col gap-3\">\n      <\/div>\n      <figure>\n      <img loading=\"lazy\" decoding=\"async\" width=\"1418\" height=\"943\" src=\"https:\/\/guiesullsdelahistoria.cat\/app\/uploads\/2024\/11\/DSC2975-copia.jpg\" class=\"w-full h-auto\" alt=\"Gesamtansicht des \u00c4u\u00dferen der Kirche von Sant Feliu de Barruera mit dem Friedhof im Vordergrund und den Bergen im Hintergrund.\" srcset=\"https:\/\/guiesullsdelahistoria.cat\/app\/uploads\/2024\/11\/DSC2975-copia.jpg 1418w, https:\/\/guiesullsdelahistoria.cat\/app\/uploads\/2024\/11\/DSC2975-copia-300x200.jpg 300w, https:\/\/guiesullsdelahistoria.cat\/app\/uploads\/2024\/11\/DSC2975-copia-1024x681.jpg 1024w, https:\/\/guiesullsdelahistoria.cat\/app\/uploads\/2024\/11\/DSC2975-copia-768x511.jpg 768w\" sizes=\"auto, (max-width: 1418px) 100vw, 1418px\" \/>\n              <figcaption class=\"pt-2 text-gray-800\">Gesamtansicht der Kirche von Sant Feliu de Barruera.<\/figcaption>\n          <\/figure>\n  <\/div>\n\n\n<section class=\"element audio-block\">\n  <div class=\"flex flex-col w-full gap-6\">\n    <div class=\"flex flex-col gap-3\">\n      <div class=\"flex gap-6\">\n                          <h2 class=\"text-2xl font-bold\">La Vall de Bo\u00ed und seine Kirchen<\/h2>\n              <\/div>\n          <\/div>\n    <div class=\"flex items-center justify-end gap-3\">\n              <div class=\"flex-1 audio-content\" dir=\"ltr\">\n          <audio id=\"audio-246caa939430c62462022192588fd3e5\" data-label=\"La Vall de Bo\u00ed und seine Kirchen\"\n            data-category=\"SANT-FELIU-DE-BARRUERA-DE-GENERAL-PLAY-0.mp3\" class=\"hidden\" controls\n            src=\"https:\/\/guiesullsdelahistoria.cat\/app\/uploads\/2024\/11\/SANT-FELIU-DE-BARRUERA-DE-GENERAL-PLAY-0.mp3\"><\/audio>\n          <div class=\"flex items-center w-full gap-3 transition-opacity opacity-0 meta\">\n            <progress class=\"flex-1 border-0 appearance-none\" value=\"0\" max=\"1\"><\/progress>\n            <div class=\"text-sm text-center shrink-0 current-time w-9\"><\/div>\n                      <\/div>\n        <\/div>\n            <div class=\"flex flex-col items-center gap-2 shrink-1 audio-control\">\n        <button\n  class=\"flex items-center justify-center w-32 max-w-32 h-32 max-h-32 transition-[max-height,_max-width] bg-black rounded-full btn text-accent\"\n  data-target=\"#audio-246caa939430c62462022192588fd3e5\">\n  <svg width=\"100%\" height=\"100%\" viewBox=\"0 0 36 36\" version=\"1.1\" xmlns=\"http:\/\/www.w3.org\/2000\/svg\" xmlns:xlink=\"http:\/\/www.w3.org\/1999\/xlink\">\n  <path id=\"ytp-12\" d=\"M11,10 L18,13.74 18,22.28 11,26 M18,13.74 L26,18 26,18 18,22.28\" fill=\"currentColor\">\n    <animate id=\"animation\" begin=\"indefinite\" attributeType=\"XML\" attributeName=\"d\" fill=\"freeze\" from=\"M11,10 L17,10 17,26 11,26 M20,10 L26,10 26,26 20,26\" to=\"M11,10 L18,13.74 18,22.28 11,26 M18,13.74 L26,18 26,18 18,22.28\" dur=\"0.1s\" keySplines=\".4 0 1 1\" repeatCount=\"1\" data-play=\"M11,10 L18,13.74 18,22.28 11,26 M18,13.74 L26,18 26,18 18,22.28\" data-pause=\"M11,10 L17,10 17,26 11,26 M20,10 L26,10 26,26 20,26\"><\/animate>\n  <\/path>\n<\/svg>\n<\/button>\n        <p class=\"text-base text-center\">Zuh\u00f6ren<\/p>\n      <\/div>\n    <\/div>\n\n    \n          <div class=\"flex flex-wrap justify-between gap-6 md:justify-start\">\n                  <button data-target=\"#transcription-246caa939430c62462022192588fd3e5\" data-toggle=\"modal\" class=\"flex items-center gap-2\">\n            <svg class=\"w-6 h-6\" fill=\"none\" xmlns=\"http:\/\/www.w3.org\/2000\/svg\" viewBox=\"0 0 22 12\"><path d=\"M0 9.873v-6c0-.55.196-1.02.588-1.412A1.926 1.926 0 0 1 2 1.873h2c.55 0 1.02.196 1.412.588.392.391.588.862.588 1.412v6H4v-2H2v2H0Zm2-4h2v-2H2v2Zm6 4v-8h4c.55 0 1.02.196 1.412.588.392.391.588.862.588 1.412v4c0 .55-.196 1.021-.588 1.413A1.926 1.926 0 0 1 12 9.873H8Zm2-2h2v-4h-2v4Zm6.85.8-1.4-1.425c.183-.183.32-.391.413-.625.091-.233.137-.483.137-.75 0-.283-.046-.537-.137-.762a1.85 1.85 0 0 0-.413-.613l1.4-1.45c.367.367.65.792.85 1.275.2.484.3 1 .3 1.55s-.1 1.063-.3 1.538c-.2.475-.483.896-.85 1.262Zm2.825 2.825-1.45-1.375c.55-.55.983-1.187 1.3-1.912A5.775 5.775 0 0 0 20 5.873c0-.85-.158-1.633-.475-2.35a6.217 6.217 0 0 0-1.3-1.9l1.45-1.4a7.94 7.94 0 0 1 1.712 2.55c.409.967.613 2 .613 3.1s-.204 2.13-.613 3.088a7.977 7.977 0 0 1-1.712 2.537Z\" fill=\"#000\"\/><\/svg>            <span>Transkription<\/span>\n          <\/button>\n                      <\/div>\n      <\/div>\n\n      <div id=\"transcription-246caa939430c62462022192588fd3e5\"\n  class=\"fixed inset-0 z-50 hidden w-screen h-screen opacity-0 pointer-events-none modal transcription\"\n  tabindex=\"-1\" role=\"dialog\">\n  <div class=\"absolute w-full h-full bg-black opacity-75 modal-overlay\"><\/div>\n  <div\n    class=\"absolute z-30 w-11\/12 mx-auto overflow-y-auto text-black bg-white shadow-lg modal-container center-xy md:max-w-4xl\"\n    role=\"document\">\n    <div class=\"flex items-center justify-between px-4 py-4 text-gray-700 border-b md:px-8\">\n      <h2 class=\"!mb-0 font-bold\">Transkription<\/h2>\n      <div class=\"z-50 flex flex-col items-center ml-auto cursor-pointer rtl:ml-0 rtl:mr-auto modal-close\">\n        <svg class=\"w-auto h-6\" width=\"18\" height=\"23\" xmlns=\"http:\/\/www.w3.org\/2000\/svg\">\n  <g stroke=\"currentColor\" fill=\"none\" fill-rule=\"evenodd\" stroke-linecap=\"square\">\n    <path d=\"M.7248.974l16.1076 20.6167M16.655 1.2654L.9097 22.1601\" \/>\n  <\/g>\n<\/svg>        <div class=\"hidden\">Close<\/div>\n      <\/div>\n    <\/div>\n    <div class=\"px-4 py-8 overflow-y-auto max-h-modal md:px-8 modal-content\">\n      <div class=\"mb-8 flex flex-col gap-1.5\">\n                      <h3 class=\"text-xl font-bold\">La Vall de Bo\u00ed und seine Kirchen<\/h3>\n                            <\/div>\n            <p>Wir hei\u00dfen Sie in La Vall de Bo\u00ed willkommen und laden Sie ein, dieses au\u00dfergew\u00f6hnliche Ensemble von Kirchen zu entdecken, die als einer der gr\u00f6\u00dften Ausdrucksformen der katalanischen romanischen Kunst gilt und im Jahr 2000 in die Liste des UNESCO-Weltkulturerbes aufgenommen wurde.<br \/>\nDas romanische Ensemble von La Vall de Bo\u00ed besteht aus neun Kirchen: Sant Climent und Santa Maria de Ta\u00fcll, Sant Joan de Bo\u00ed, Santa Eul\u00e0lia d\u2019Erill la Vall, Sant Feliu de Barruera, La Nativitat und Sant Quirc de Durro, Santa Maria de Cardet und Assumpci\u00f3 de C\u00f3ll.<br \/>\nAber was haben diese Kirchen gemeinsam? Warum sind sie so einzigartig? Welche ist ihre Geschichte?<br \/>\nSie wurden alle zwischen dem 11. und 12. Jahrhundert erbaut, in einer Zeit der Macht und des wirtschaftlichen Wohlstands des lokalen Adels, und weisen denselben architektonischen Stil auf, die Romanik, die in ganz Europa verbreitet war.<br \/>\nHeute wird ein gro\u00dfer Teil der Gem\u00e4lde, Schnitzereien und M\u00f6bel in mehreren katalanischen Museen aufbewahrt, insbesondere im Museu Nacional d\u2019Art de Catalunya. In einigen Kirchen befinden sich jedoch bedeutende Fragmente von originalen Wandmalereien und Skulpturen sowie Reproduktionen von den Werken, die in den Museen aufbewahrt werden.<br \/>\nMit dem F\u00fchrer, den Sie in den H\u00e4nden halten, werden Sie die au\u00dfergew\u00f6hnlichen Werte dieses romanischen Ensembles entdecken und jede der neun Kirchen mit ihren Geheimnissen und Kuriosit\u00e4ten kennen lernen k\u00f6nnen.<br \/>\nEin letzter Hinweis! Diese Berge sind geheimnisvoll: die Worte der Menschen, die sie bewohnt haben, sind oft in den T\u00e4lern gefangen geblieben und hallen durch die Zeit wie ein unmerkliches Echo. Dieser F\u00fchrer verf\u00fcgt \u00fcber einen Sensor, der jedes Mal aktiviert wird, wenn er eines auff\u00e4ngt. Keine Angst, h\u00f6ren Sie weiter zu.<\/p>\n    <\/div>\n  <\/div>\n<\/div>\n    <\/section>\n\n\n<div class=\"flex flex-col gap-3 element text-block\">\n  <div class=\"flex items-center gap-6\">\n              <h2 class=\"text-2xl font-bold\">4b Eingang<\/h2>\n      <\/div>\n    <\/div>\n\n\n<div class=\"flex flex-col gap-6 element image-block\">\n  <div class=\"flex flex-col gap-3\">\n      <\/div>\n      <figure>\n      <img loading=\"lazy\" decoding=\"async\" width=\"1600\" height=\"979\" src=\"https:\/\/guiesullsdelahistoria.cat\/app\/uploads\/2024\/11\/Sant_Feliu_Barruera_cementiri_i_porxo.jpg\" class=\"w-full h-auto\" alt=\"Portikus der Kirche von Sant Feliu de Barruera, mit dem Friedhof davor und dem Bild des enthaupteten Glockenturms dahinter.\" srcset=\"https:\/\/guiesullsdelahistoria.cat\/app\/uploads\/2024\/11\/Sant_Feliu_Barruera_cementiri_i_porxo.jpg 1600w, https:\/\/guiesullsdelahistoria.cat\/app\/uploads\/2024\/11\/Sant_Feliu_Barruera_cementiri_i_porxo-300x184.jpg 300w, https:\/\/guiesullsdelahistoria.cat\/app\/uploads\/2024\/11\/Sant_Feliu_Barruera_cementiri_i_porxo-1024x627.jpg 1024w, https:\/\/guiesullsdelahistoria.cat\/app\/uploads\/2024\/11\/Sant_Feliu_Barruera_cementiri_i_porxo-768x470.jpg 768w, https:\/\/guiesullsdelahistoria.cat\/app\/uploads\/2024\/11\/Sant_Feliu_Barruera_cementiri_i_porxo-1536x940.jpg 1536w\" sizes=\"auto, (max-width: 1600px) 100vw, 1600px\" \/>\n              <figcaption class=\"pt-2 text-gray-800\">Portikus von Sant Feliu de Barruera.\n<\/figcaption>\n          <\/figure>\n  <\/div>\n\n\n<section class=\"element audio-block\">\n  <div class=\"flex flex-col w-full gap-6\">\n    <div class=\"flex flex-col gap-3\">\n      <div class=\"flex gap-6\">\n                          <h2 class=\"text-2xl font-bold\">Kirchen au\u00dferhalb der D\u00f6rfer<\/h2>\n              <\/div>\n          <\/div>\n    <div class=\"flex items-center justify-end gap-3\">\n              <div class=\"flex-1 audio-content\" dir=\"ltr\">\n          <audio id=\"audio-9f967c1a5d36149aee9a1d033e7ad548\" data-label=\"Kirchen au\u00dferhalb der D\u00f6rfer\"\n            data-category=\"SANT-FELIU-DE-BARRUERA-DE-GENERAL-PLAY-1.mp3\" class=\"hidden\" controls\n            src=\"https:\/\/guiesullsdelahistoria.cat\/app\/uploads\/2024\/11\/SANT-FELIU-DE-BARRUERA-DE-GENERAL-PLAY-1.mp3\"><\/audio>\n          <div class=\"flex items-center w-full gap-3 transition-opacity opacity-0 meta\">\n            <progress class=\"flex-1 border-0 appearance-none\" value=\"0\" max=\"1\"><\/progress>\n            <div class=\"text-sm text-center shrink-0 current-time w-9\"><\/div>\n                      <\/div>\n        <\/div>\n            <div class=\"flex flex-col items-center gap-2 shrink-1 audio-control\">\n        <button\n  class=\"flex items-center justify-center w-32 max-w-32 h-32 max-h-32 transition-[max-height,_max-width] bg-black rounded-full btn text-accent\"\n  data-target=\"#audio-9f967c1a5d36149aee9a1d033e7ad548\">\n  <svg width=\"100%\" height=\"100%\" viewBox=\"0 0 36 36\" version=\"1.1\" xmlns=\"http:\/\/www.w3.org\/2000\/svg\" xmlns:xlink=\"http:\/\/www.w3.org\/1999\/xlink\">\n  <path id=\"ytp-12\" d=\"M11,10 L18,13.74 18,22.28 11,26 M18,13.74 L26,18 26,18 18,22.28\" fill=\"currentColor\">\n    <animate id=\"animation\" begin=\"indefinite\" attributeType=\"XML\" attributeName=\"d\" fill=\"freeze\" from=\"M11,10 L17,10 17,26 11,26 M20,10 L26,10 26,26 20,26\" to=\"M11,10 L18,13.74 18,22.28 11,26 M18,13.74 L26,18 26,18 18,22.28\" dur=\"0.1s\" keySplines=\".4 0 1 1\" repeatCount=\"1\" data-play=\"M11,10 L18,13.74 18,22.28 11,26 M18,13.74 L26,18 26,18 18,22.28\" data-pause=\"M11,10 L17,10 17,26 11,26 M20,10 L26,10 26,26 20,26\"><\/animate>\n  <\/path>\n<\/svg>\n<\/button>\n        <p class=\"text-base text-center\">Zuh\u00f6ren<\/p>\n      <\/div>\n    <\/div>\n\n    \n          <div class=\"flex flex-wrap justify-between gap-6 md:justify-start\">\n                  <button data-target=\"#transcription-9f967c1a5d36149aee9a1d033e7ad548\" data-toggle=\"modal\" class=\"flex items-center gap-2\">\n            <svg class=\"w-6 h-6\" fill=\"none\" xmlns=\"http:\/\/www.w3.org\/2000\/svg\" viewBox=\"0 0 22 12\"><path d=\"M0 9.873v-6c0-.55.196-1.02.588-1.412A1.926 1.926 0 0 1 2 1.873h2c.55 0 1.02.196 1.412.588.392.391.588.862.588 1.412v6H4v-2H2v2H0Zm2-4h2v-2H2v2Zm6 4v-8h4c.55 0 1.02.196 1.412.588.392.391.588.862.588 1.412v4c0 .55-.196 1.021-.588 1.413A1.926 1.926 0 0 1 12 9.873H8Zm2-2h2v-4h-2v4Zm6.85.8-1.4-1.425c.183-.183.32-.391.413-.625.091-.233.137-.483.137-.75 0-.283-.046-.537-.137-.762a1.85 1.85 0 0 0-.413-.613l1.4-1.45c.367.367.65.792.85 1.275.2.484.3 1 .3 1.55s-.1 1.063-.3 1.538c-.2.475-.483.896-.85 1.262Zm2.825 2.825-1.45-1.375c.55-.55.983-1.187 1.3-1.912A5.775 5.775 0 0 0 20 5.873c0-.85-.158-1.633-.475-2.35a6.217 6.217 0 0 0-1.3-1.9l1.45-1.4a7.94 7.94 0 0 1 1.712 2.55c.409.967.613 2 .613 3.1s-.204 2.13-.613 3.088a7.977 7.977 0 0 1-1.712 2.537Z\" fill=\"#000\"\/><\/svg>            <span>Transkription<\/span>\n          <\/button>\n                      <\/div>\n      <\/div>\n\n      <div id=\"transcription-9f967c1a5d36149aee9a1d033e7ad548\"\n  class=\"fixed inset-0 z-50 hidden w-screen h-screen opacity-0 pointer-events-none modal transcription\"\n  tabindex=\"-1\" role=\"dialog\">\n  <div class=\"absolute w-full h-full bg-black opacity-75 modal-overlay\"><\/div>\n  <div\n    class=\"absolute z-30 w-11\/12 mx-auto overflow-y-auto text-black bg-white shadow-lg modal-container center-xy md:max-w-4xl\"\n    role=\"document\">\n    <div class=\"flex items-center justify-between px-4 py-4 text-gray-700 border-b md:px-8\">\n      <h2 class=\"!mb-0 font-bold\">Transkription<\/h2>\n      <div class=\"z-50 flex flex-col items-center ml-auto cursor-pointer rtl:ml-0 rtl:mr-auto modal-close\">\n        <svg class=\"w-auto h-6\" width=\"18\" height=\"23\" xmlns=\"http:\/\/www.w3.org\/2000\/svg\">\n  <g stroke=\"currentColor\" fill=\"none\" fill-rule=\"evenodd\" stroke-linecap=\"square\">\n    <path d=\"M.7248.974l16.1076 20.6167M16.655 1.2654L.9097 22.1601\" \/>\n  <\/g>\n<\/svg>        <div class=\"hidden\">Close<\/div>\n      <\/div>\n    <\/div>\n    <div class=\"px-4 py-8 overflow-y-auto max-h-modal md:px-8 modal-content\">\n      <div class=\"mb-8 flex flex-col gap-1.5\">\n                      <h3 class=\"text-xl font-bold\">Kirchen au\u00dferhalb der D\u00f6rfer<\/h3>\n                            <\/div>\n            <p>Wenn Sie aus dem Dorf zur Kirche gekommen sind, mussten Sie zwangsl\u00e4ufig die Landstra\u00dfe \u00fcberqueren. Dies ist eine wichtige Information \u00fcber den Ursprung der Kirche, die wie die anderen romanischen Kirchen \u2013 mit Ausnahme von Santa Maria de Ta\u00fcll \u2013 au\u00dferhalb des Stadtzentrums errichtet wurde.<br \/>\nZu Ihrer Linken sehen Sie den Pfarrfriedhof, der ein gemeinsames Element der Kirchen von La Vall ist und der, wie auch die anderen, noch aktiv ist.<br \/>\n<em>Interferenzger\u00e4usch.<\/em><br \/>\n<strong>Joan, ein \u00e4lterer Mann<\/strong>: Guten Morgen, Maria, kann ich mir deine Gartenschere ausleihen?<br \/>\n<strong>Maria, eine \u00e4ltere Frau<\/strong>: Selbstverst\u00e4ndlich!<br \/>\n<strong>Joan:<\/strong> Ich brauche sie, um das Unkraut abzuschneiden; es w\u00e4chst \u00fcberall, und bald wird nicht einmal mehr das Kreuz sichtbar sein.<br \/>\n<strong>Maria:<\/strong> Das kann man wohl sagen. Ich komme jede Woche, um den Grabstein meines Mannes zu reinigen. Durch den Regen wird alles ganz schmutzig. Und wenn ich schon dabei bin, tausche ich auch die Blumen aus.<br \/>\n<strong>Joan:<\/strong> Ich habe viel Arbeit. Neben den Kreuzen und Grabsteinen meiner Familie gehe ich auch \u00fcber die von Manels Familie, da der arme Kerl nicht mehr kommen kann. Ich verbringe den ganzen Tag hier.<br \/>\n<strong>Maria:<\/strong> So k\u00f6nnen wir uns mindestens sehen, auch wenn es auf dem Friedhof ist.<br \/>\n<em>Interferenzger\u00e4usch.<br \/>\n<\/em><br \/>\nIn der N\u00e4he der Kirche lohnt es sich, sich dem Fluss zu n\u00e4hern, um \u201ela palanca\u201c zu sehen, eine Br\u00fccke, die fr\u00fcher die D\u00f6rfer von La Vall miteinander verband und heute vollst\u00e4ndig wieder aufgebaut ist. Sie k\u00f6nnen sie am Ende des Besuchs aufsuchen.<br \/>\nGehen Sie nun zum hinteren Teil der Kirche. Sie gelangen dorthin, indem Sie dem Weg folgen, der zu Ihrer Rechten hinunterf\u00fchrt.<\/p>\n    <\/div>\n  <\/div>\n<\/div>\n    <\/section>\n\n\n<div class=\"flex flex-col gap-3 element text-block\">\n  <div class=\"flex items-center gap-6\">\n              <h2 class=\"text-2xl font-bold\">4c Apsis<\/h2>\n      <\/div>\n    <\/div>\n\n\n<div class=\"flex flex-col gap-6 element image-block\">\n  <div class=\"flex flex-col gap-3\">\n      <\/div>\n      <figure>\n      <img loading=\"lazy\" decoding=\"async\" width=\"1452\" height=\"933\" src=\"https:\/\/guiesullsdelahistoria.cat\/app\/uploads\/2024\/11\/Sant_Feliu_Barruera_absis_i_volums.jpg\" class=\"w-full h-auto\" alt=\"Au\u00dfenansicht der Kirche von Sant Feliu de Barruera von hinten, mit den beiden Apsiden im Vordergrund und den gestaffelten Formen der anderen Geb\u00e4udeteile im Hintergrund.\" srcset=\"https:\/\/guiesullsdelahistoria.cat\/app\/uploads\/2024\/11\/Sant_Feliu_Barruera_absis_i_volums.jpg 1452w, https:\/\/guiesullsdelahistoria.cat\/app\/uploads\/2024\/11\/Sant_Feliu_Barruera_absis_i_volums-300x193.jpg 300w, https:\/\/guiesullsdelahistoria.cat\/app\/uploads\/2024\/11\/Sant_Feliu_Barruera_absis_i_volums-1024x658.jpg 1024w, https:\/\/guiesullsdelahistoria.cat\/app\/uploads\/2024\/11\/Sant_Feliu_Barruera_absis_i_volums-768x493.jpg 768w\" sizes=\"auto, (max-width: 1452px) 100vw, 1452px\" \/>\n              <figcaption class=\"pt-2 text-gray-800\">Blick auf Sant Feliu de Barruera von hinten.<\/figcaption>\n          <\/figure>\n  <\/div>\n\n\n<section class=\"element audio-block\">\n  <div class=\"flex flex-col w-full gap-6\">\n    <div class=\"flex flex-col gap-3\">\n      <div class=\"flex gap-6\">\n                          <h2 class=\"text-2xl font-bold\"> Eine Reihe von Apsiden aus verschiedenen Epochen<\/h2>\n              <\/div>\n          <\/div>\n    <div class=\"flex items-center justify-end gap-3\">\n              <div class=\"flex-1 audio-content\" dir=\"ltr\">\n          <audio id=\"audio-8323986f16f0be7a41db439bd8426137\" data-label=\" Eine Reihe von Apsiden aus verschiedenen Epochen\"\n            data-category=\"SANT-FELIU-DE-BARRUERA-DE-GENERAL-PLAY-2.mp3\" class=\"hidden\" controls\n            src=\"https:\/\/guiesullsdelahistoria.cat\/app\/uploads\/2024\/11\/SANT-FELIU-DE-BARRUERA-DE-GENERAL-PLAY-2.mp3\"><\/audio>\n          <div class=\"flex items-center w-full gap-3 transition-opacity opacity-0 meta\">\n            <progress class=\"flex-1 border-0 appearance-none\" value=\"0\" max=\"1\"><\/progress>\n            <div class=\"text-sm text-center shrink-0 current-time w-9\"><\/div>\n                      <\/div>\n        <\/div>\n            <div class=\"flex flex-col items-center gap-2 shrink-1 audio-control\">\n        <button\n  class=\"flex items-center justify-center w-32 max-w-32 h-32 max-h-32 transition-[max-height,_max-width] bg-black rounded-full btn text-accent\"\n  data-target=\"#audio-8323986f16f0be7a41db439bd8426137\">\n  <svg width=\"100%\" height=\"100%\" viewBox=\"0 0 36 36\" version=\"1.1\" xmlns=\"http:\/\/www.w3.org\/2000\/svg\" xmlns:xlink=\"http:\/\/www.w3.org\/1999\/xlink\">\n  <path id=\"ytp-12\" d=\"M11,10 L18,13.74 18,22.28 11,26 M18,13.74 L26,18 26,18 18,22.28\" fill=\"currentColor\">\n    <animate id=\"animation\" begin=\"indefinite\" attributeType=\"XML\" attributeName=\"d\" fill=\"freeze\" from=\"M11,10 L17,10 17,26 11,26 M20,10 L26,10 26,26 20,26\" to=\"M11,10 L18,13.74 18,22.28 11,26 M18,13.74 L26,18 26,18 18,22.28\" dur=\"0.1s\" keySplines=\".4 0 1 1\" repeatCount=\"1\" data-play=\"M11,10 L18,13.74 18,22.28 11,26 M18,13.74 L26,18 26,18 18,22.28\" data-pause=\"M11,10 L17,10 17,26 11,26 M20,10 L26,10 26,26 20,26\"><\/animate>\n  <\/path>\n<\/svg>\n<\/button>\n        <p class=\"text-base text-center\">Zuh\u00f6ren<\/p>\n      <\/div>\n    <\/div>\n\n    \n          <div class=\"flex flex-wrap justify-between gap-6 md:justify-start\">\n                  <button data-target=\"#transcription-8323986f16f0be7a41db439bd8426137\" data-toggle=\"modal\" class=\"flex items-center gap-2\">\n            <svg class=\"w-6 h-6\" fill=\"none\" xmlns=\"http:\/\/www.w3.org\/2000\/svg\" viewBox=\"0 0 22 12\"><path d=\"M0 9.873v-6c0-.55.196-1.02.588-1.412A1.926 1.926 0 0 1 2 1.873h2c.55 0 1.02.196 1.412.588.392.391.588.862.588 1.412v6H4v-2H2v2H0Zm2-4h2v-2H2v2Zm6 4v-8h4c.55 0 1.02.196 1.412.588.392.391.588.862.588 1.412v4c0 .55-.196 1.021-.588 1.413A1.926 1.926 0 0 1 12 9.873H8Zm2-2h2v-4h-2v4Zm6.85.8-1.4-1.425c.183-.183.32-.391.413-.625.091-.233.137-.483.137-.75 0-.283-.046-.537-.137-.762a1.85 1.85 0 0 0-.413-.613l1.4-1.45c.367.367.65.792.85 1.275.2.484.3 1 .3 1.55s-.1 1.063-.3 1.538c-.2.475-.483.896-.85 1.262Zm2.825 2.825-1.45-1.375c.55-.55.983-1.187 1.3-1.912A5.775 5.775 0 0 0 20 5.873c0-.85-.158-1.633-.475-2.35a6.217 6.217 0 0 0-1.3-1.9l1.45-1.4a7.94 7.94 0 0 1 1.712 2.55c.409.967.613 2 .613 3.1s-.204 2.13-.613 3.088a7.977 7.977 0 0 1-1.712 2.537Z\" fill=\"#000\"\/><\/svg>            <span>Transkription<\/span>\n          <\/button>\n                      <\/div>\n      <\/div>\n\n      <div id=\"transcription-8323986f16f0be7a41db439bd8426137\"\n  class=\"fixed inset-0 z-50 hidden w-screen h-screen opacity-0 pointer-events-none modal transcription\"\n  tabindex=\"-1\" role=\"dialog\">\n  <div class=\"absolute w-full h-full bg-black opacity-75 modal-overlay\"><\/div>\n  <div\n    class=\"absolute z-30 w-11\/12 mx-auto overflow-y-auto text-black bg-white shadow-lg modal-container center-xy md:max-w-4xl\"\n    role=\"document\">\n    <div class=\"flex items-center justify-between px-4 py-4 text-gray-700 border-b md:px-8\">\n      <h2 class=\"!mb-0 font-bold\">Transkription<\/h2>\n      <div class=\"z-50 flex flex-col items-center ml-auto cursor-pointer rtl:ml-0 rtl:mr-auto modal-close\">\n        <svg class=\"w-auto h-6\" width=\"18\" height=\"23\" xmlns=\"http:\/\/www.w3.org\/2000\/svg\">\n  <g stroke=\"currentColor\" fill=\"none\" fill-rule=\"evenodd\" stroke-linecap=\"square\">\n    <path d=\"M.7248.974l16.1076 20.6167M16.655 1.2654L.9097 22.1601\" \/>\n  <\/g>\n<\/svg>        <div class=\"hidden\">Close<\/div>\n      <\/div>\n    <\/div>\n    <div class=\"px-4 py-8 overflow-y-auto max-h-modal md:px-8 modal-content\">\n      <div class=\"mb-8 flex flex-col gap-1.5\">\n                      <h3 class=\"text-xl font-bold\"> Eine Reihe von Apsiden aus verschiedenen Epochen<\/h3>\n                            <\/div>\n            <p>Die Kirche Sant Feliu hat im Laufe der Jahrhunderte zahlreiche Umgestaltungen erfahren. Man beachte die merkw\u00fcrdige Perspektive, die durch das Volumen entsteht.<br \/>\nBesonders hervorzuheben sind die Apsiden, in denen man architektonische Elemente aus verschiedenen Bauepochen sehen kann. Die gr\u00f6\u00dfte Apsis stammt aus dem 11. Jahrhundert. Es ist deutlich zu erkennen, dass sie aus unregelm\u00e4\u00dfigen Steinen gebaut und mit blinden Arkaden und fr\u00fchromanischen B\u00e4ndern oder Lisenen verziert ist. Der kleinere stammt aus dem 12. Jahrhundert, besteht aus regelm\u00e4\u00dfigen Steinen und ist praktisch schmucklos.<br \/>\nIn den Apsiden von Sant Feliu k\u00f6nnen Sie auch mehrere Modelle romanischer Fenster sehen.<br \/>\nUm Ihren Besuch fortzusetzen, betreten Sie die Kirche und stellen sich vor die B\u00e4nke. <\/p>\n    <\/div>\n  <\/div>\n<\/div>\n    <\/section>\n\n\n<div class=\"flex flex-col gap-3 element text-block\">\n  <div class=\"flex items-center gap-6\">\n              <h2 class=\"text-2xl font-bold\">4d Im Inneren vor dem Altar<\/h2>\n      <\/div>\n    <\/div>\n\n\n<div class=\"flex flex-col gap-6 element image-block\">\n  <div class=\"flex flex-col gap-3\">\n      <\/div>\n      <figure>\n      <img loading=\"lazy\" decoding=\"async\" width=\"1445\" height=\"962\" src=\"https:\/\/guiesullsdelahistoria.cat\/app\/uploads\/2024\/11\/Sant_Feliu_Barruera_interior_absis_DSC0051.jpg\" class=\"w-full h-auto\" alt=\"Innenansicht der zentralen Apsis der Kirche von Sant Feliu de Barruera, die von einem Viertelkugelgew\u00f6lbe bedeckt ist.\" srcset=\"https:\/\/guiesullsdelahistoria.cat\/app\/uploads\/2024\/11\/Sant_Feliu_Barruera_interior_absis_DSC0051.jpg 1445w, https:\/\/guiesullsdelahistoria.cat\/app\/uploads\/2024\/11\/Sant_Feliu_Barruera_interior_absis_DSC0051-300x200.jpg 300w, https:\/\/guiesullsdelahistoria.cat\/app\/uploads\/2024\/11\/Sant_Feliu_Barruera_interior_absis_DSC0051-1024x682.jpg 1024w, https:\/\/guiesullsdelahistoria.cat\/app\/uploads\/2024\/11\/Sant_Feliu_Barruera_interior_absis_DSC0051-768x511.jpg 768w\" sizes=\"auto, (max-width: 1445px) 100vw, 1445px\" \/>\n              <figcaption class=\"pt-2 text-gray-800\">Innenansicht von Sant Feliu de Barruera.<\/figcaption>\n          <\/figure>\n  <\/div>\n\n\n<section class=\"element audio-block\">\n  <div class=\"flex flex-col w-full gap-6\">\n    <div class=\"flex flex-col gap-3\">\n      <div class=\"flex gap-6\">\n                          <h2 class=\"text-2xl font-bold\">Baumaterialien der Apsis und Verzierung<\/h2>\n              <\/div>\n          <\/div>\n    <div class=\"flex items-center justify-end gap-3\">\n              <div class=\"flex-1 audio-content\" dir=\"ltr\">\n          <audio id=\"audio-f89b894789ecca81b0044d58011fac73\" data-label=\"Baumaterialien der Apsis und Verzierung\"\n            data-category=\"SANT-FELIU-DE-BARRUERA-DE-GENERAL-PLAY-3.mp3\" class=\"hidden\" controls\n            src=\"https:\/\/guiesullsdelahistoria.cat\/app\/uploads\/2024\/11\/SANT-FELIU-DE-BARRUERA-DE-GENERAL-PLAY-3.mp3\"><\/audio>\n          <div class=\"flex items-center w-full gap-3 transition-opacity opacity-0 meta\">\n            <progress class=\"flex-1 border-0 appearance-none\" value=\"0\" max=\"1\"><\/progress>\n            <div class=\"text-sm text-center shrink-0 current-time w-9\"><\/div>\n                      <\/div>\n        <\/div>\n            <div class=\"flex flex-col items-center gap-2 shrink-1 audio-control\">\n        <button\n  class=\"flex items-center justify-center w-32 max-w-32 h-32 max-h-32 transition-[max-height,_max-width] bg-black rounded-full btn text-accent\"\n  data-target=\"#audio-f89b894789ecca81b0044d58011fac73\">\n  <svg width=\"100%\" height=\"100%\" viewBox=\"0 0 36 36\" version=\"1.1\" xmlns=\"http:\/\/www.w3.org\/2000\/svg\" xmlns:xlink=\"http:\/\/www.w3.org\/1999\/xlink\">\n  <path id=\"ytp-12\" d=\"M11,10 L18,13.74 18,22.28 11,26 M18,13.74 L26,18 26,18 18,22.28\" fill=\"currentColor\">\n    <animate id=\"animation\" begin=\"indefinite\" attributeType=\"XML\" attributeName=\"d\" fill=\"freeze\" from=\"M11,10 L17,10 17,26 11,26 M20,10 L26,10 26,26 20,26\" to=\"M11,10 L18,13.74 18,22.28 11,26 M18,13.74 L26,18 26,18 18,22.28\" dur=\"0.1s\" keySplines=\".4 0 1 1\" repeatCount=\"1\" data-play=\"M11,10 L18,13.74 18,22.28 11,26 M18,13.74 L26,18 26,18 18,22.28\" data-pause=\"M11,10 L17,10 17,26 11,26 M20,10 L26,10 26,26 20,26\"><\/animate>\n  <\/path>\n<\/svg>\n<\/button>\n        <p class=\"text-base text-center\">Zuh\u00f6ren<\/p>\n      <\/div>\n    <\/div>\n\n    \n          <div class=\"flex flex-wrap justify-between gap-6 md:justify-start\">\n                  <button data-target=\"#transcription-f89b894789ecca81b0044d58011fac73\" data-toggle=\"modal\" class=\"flex items-center gap-2\">\n            <svg class=\"w-6 h-6\" fill=\"none\" xmlns=\"http:\/\/www.w3.org\/2000\/svg\" viewBox=\"0 0 22 12\"><path d=\"M0 9.873v-6c0-.55.196-1.02.588-1.412A1.926 1.926 0 0 1 2 1.873h2c.55 0 1.02.196 1.412.588.392.391.588.862.588 1.412v6H4v-2H2v2H0Zm2-4h2v-2H2v2Zm6 4v-8h4c.55 0 1.02.196 1.412.588.392.391.588.862.588 1.412v4c0 .55-.196 1.021-.588 1.413A1.926 1.926 0 0 1 12 9.873H8Zm2-2h2v-4h-2v4Zm6.85.8-1.4-1.425c.183-.183.32-.391.413-.625.091-.233.137-.483.137-.75 0-.283-.046-.537-.137-.762a1.85 1.85 0 0 0-.413-.613l1.4-1.45c.367.367.65.792.85 1.275.2.484.3 1 .3 1.55s-.1 1.063-.3 1.538c-.2.475-.483.896-.85 1.262Zm2.825 2.825-1.45-1.375c.55-.55.983-1.187 1.3-1.912A5.775 5.775 0 0 0 20 5.873c0-.85-.158-1.633-.475-2.35a6.217 6.217 0 0 0-1.3-1.9l1.45-1.4a7.94 7.94 0 0 1 1.712 2.55c.409.967.613 2 .613 3.1s-.204 2.13-.613 3.088a7.977 7.977 0 0 1-1.712 2.537Z\" fill=\"#000\"\/><\/svg>            <span>Transkription<\/span>\n          <\/button>\n                      <\/div>\n      <\/div>\n\n      <div id=\"transcription-f89b894789ecca81b0044d58011fac73\"\n  class=\"fixed inset-0 z-50 hidden w-screen h-screen opacity-0 pointer-events-none modal transcription\"\n  tabindex=\"-1\" role=\"dialog\">\n  <div class=\"absolute w-full h-full bg-black opacity-75 modal-overlay\"><\/div>\n  <div\n    class=\"absolute z-30 w-11\/12 mx-auto overflow-y-auto text-black bg-white shadow-lg modal-container center-xy md:max-w-4xl\"\n    role=\"document\">\n    <div class=\"flex items-center justify-between px-4 py-4 text-gray-700 border-b md:px-8\">\n      <h2 class=\"!mb-0 font-bold\">Transkription<\/h2>\n      <div class=\"z-50 flex flex-col items-center ml-auto cursor-pointer rtl:ml-0 rtl:mr-auto modal-close\">\n        <svg class=\"w-auto h-6\" width=\"18\" height=\"23\" xmlns=\"http:\/\/www.w3.org\/2000\/svg\">\n  <g stroke=\"currentColor\" fill=\"none\" fill-rule=\"evenodd\" stroke-linecap=\"square\">\n    <path d=\"M.7248.974l16.1076 20.6167M16.655 1.2654L.9097 22.1601\" \/>\n  <\/g>\n<\/svg>        <div class=\"hidden\">Close<\/div>\n      <\/div>\n    <\/div>\n    <div class=\"px-4 py-8 overflow-y-auto max-h-modal md:px-8 modal-content\">\n      <div class=\"mb-8 flex flex-col gap-1.5\">\n                      <h3 class=\"text-xl font-bold\">Baumaterialien der Apsis und Verzierung<\/h3>\n                            <\/div>\n            <p>Die zentrale Apsis der Kirche Sant Feliu ist von au\u00dfen ebenso interessant wie von innen. Im Inneren verbergen sich zwei ganz besondere Elemente.<br \/>\nDer erste betrifft Baumaterialien. Wie Sie sehen k\u00f6nnen ist das viertelkugelf\u00f6rmige Gew\u00f6lbe, das die zentrale Apsis bedeckt, aus Bimsstein gebaut, einem leichteren Material als Granit, das wahrscheinlich in der N\u00e4he des Flusses Noguera de Tor gewonnen wurde.<br \/>\nInteressant sind auch die \u00dcberreste des urspr\u00fcnglichen Verputzes und des Einfassungsanstrichs aus dem 11. Jahrhundert; ein Beispiel ist im Raum zwischen dem mittleren und dem linken Fenster zu sehen. Der Einfassungsanstrich w\u00e4ren diese wei\u00dfen Linien, die auf den Stein gezeichnet werden, um eine Symmetrie zu simulieren, die es in Wirklichkeit nicht gibt. Auch in Sant Climent de Ta\u00fcll, Sant Joan de Bo\u00ed und Santa Eul\u00e0lia d\u2019Erill la Vall ist diese Dekoration mit Einfassungsanstrich zu sehen.<br \/>\nWenn Sie sehen m\u00f6chten, wie die gesamte mit Einfassungsanstrich geschm\u00fcckte Apsis von Sant Feliu de Barruera aussah, aktivieren Sie die virtuelle Ressource. <\/p>\n    <\/div>\n  <\/div>\n<\/div>\n    <\/section>\n\n\n<div class=\"flex flex-col gap-3 element interactive-block\">\n  <div class=\"flex items-center gap-6\">\n              <h2 class=\"text-2xl font-bold\">Virtuelle Ressource: Restaurierung des Einfassungsanstrichs der Apsis<\/h2>\n      <\/div>\n          <div class=\"flex justify-end w-full\">\n      <div class=\"flex flex-col items-center gap-2 shrink-1\">\n        <button data-target=\"#embed-69f5c657f2c3d\" data-toggle=\"modal\"\n          class=\"flex items-center justify-center w-32 h-32 bg-black rounded-full text-accent\">\n          <svg class=\"w-16 h-auto\" width=\"60\" height=\"61\" viewBox=\"0 0 60 61\" fill=\"none\" xmlns=\"http:\/\/www.w3.org\/2000\/svg\">\n  <path\n    d=\"M27 53.298L12 44.673C11.05 44.1231 10.3125 43.398 9.7875 42.498C9.2625 41.598 9 40.598 9 39.498V22.248C9 21.148 9.2625 20.148 9.7875 19.248C10.3125 18.348 11.05 17.623 12 17.073L27 8.44805C27.95 7.89805 28.95 7.62305 30 7.62305C31.05 7.62305 32.05 7.89805 33 8.44805L48 17.073C48.95 17.623 49.6875 18.348 50.2125 19.248C50.7375 20.148 51 21.148 51 22.248V39.498C51 40.598 50.7375 41.598 50.2125 42.498C49.6875 43.398 48.95 44.1231 48 44.673L33 53.298C32.05 53.848 31.05 54.123 30 54.123C28.95 54.123 27.95 53.848 27 53.298ZM27 46.398V32.598L15 25.623V39.498L27 46.398ZM33 46.398L45 39.498V25.623L33 32.598V46.398ZM0 15.873V6.87305C0 5.22305 0.5875 3.81055 1.7625 2.63555C2.9375 1.46055 4.35 0.873047 6 0.873047H15V6.87305H6V15.873H0ZM15 60.873H6C4.35 60.873 2.9375 60.2855 1.7625 59.1105C0.5875 57.9355 0 56.523 0 54.873V45.8731H6V54.873H15V60.873ZM45 60.873V54.873H54V45.8731H60V54.873C60 56.523 59.4125 57.9355 58.2375 59.1105C57.0625 60.2855 55.65 60.873 54 60.873H45ZM54 15.873V6.87305H45V0.873047H54C55.65 0.873047 57.0625 1.46055 58.2375 2.63555C59.4125 3.81055 60 5.22305 60 6.87305V15.873H54ZM30 27.423L41.85 20.448L30 13.623L18.15 20.448L30 27.423Z\"\n    fill=\"currentColor\" \/>\n<\/svg>\n        <\/button>\n                  <p class=\"text-base text-center\">Anschauen<\/p>\n              <\/div>\n    <\/div>\n    <div id=\"embed-69f5c657f2c3d\"\n  class=\"fixed inset-0 z-50 hidden w-screen h-screen opacity-0 pointer-events-none modal embed-container\"\n  tabindex=\"-1\" role=\"dialog\">\n  <div class=\"absolute w-full h-full bg-black opacity-75 modal-overlay\"><\/div>\n  <div\n    class=\"absolute z-30 w-11\/12 mx-auto overflow-y-auto text-black bg-white shadow-lg modal-container center-xy md:max-w-4xl\"\n    role=\"document\">\n    <div class=\"flex items-center justify-between px-4 py-4 text-gray-700 border-b md:px-8\">\n      <h2 class=\"!mb-0 font-bold\">Anschauen<\/h2>\n      <div class=\"z-50 flex flex-col items-center ml-auto cursor-pointer rtl:ml-0 rtl:mr-auto modal-close\">\n        <svg class=\"w-auto h-6\" width=\"18\" height=\"23\" xmlns=\"http:\/\/www.w3.org\/2000\/svg\">\n  <g stroke=\"currentColor\" fill=\"none\" fill-rule=\"evenodd\" stroke-linecap=\"square\">\n    <path d=\"M.7248.974l16.1076 20.6167M16.655 1.2654L.9097 22.1601\" \/>\n  <\/g>\n<\/svg>        <div class=\"hidden\">Close<\/div>\n      <\/div>\n    <\/div>\n    <div class=\"px-4 py-8 overflow-y-auto max-h-modal md:px-8 modal-content\">\n      <div class=\"sketchfab-embed-wrapper\"> <iframe title=\"Absis de Sant Feliu de Barruera. Reconstrucci\u00f3\" frameborder=\"0\" allowfullscreen mozallowfullscreen=\"true\" webkitallowfullscreen=\"true\" allow=\"autoplay; fullscreen; xr-spatial-tracking\" xr-spatial-tracking execution-while-out-of-viewport execution-while-not-rendered web-share src=\"https:\/\/sketchfab.com\/models\/e6ef268e31c94ca6bacc5fd0182d2644\/embed?ui_infos=0\"> <\/iframe> <\/div>\n    <\/div>\n  <\/div>\n<\/div>\n  <\/div>\n\n\n<div class=\"flex flex-col gap-3 element text-block\">\n  <div class=\"flex items-center gap-6\">\n              <h2 class=\"text-2xl font-bold\">4e Schiffskreuz<\/h2>\n      <\/div>\n    <\/div>\n\n\n<div class=\"flex flex-col gap-6 element image-block\">\n  <div class=\"flex flex-col gap-3\">\n      <\/div>\n      <figure>\n      <img loading=\"lazy\" decoding=\"async\" width=\"1600\" height=\"1201\" src=\"https:\/\/guiesullsdelahistoria.cat\/app\/uploads\/2024\/11\/PHOTO-2025-01-16-08-06-51.jpg\" class=\"w-full h-auto\" alt=\"Aufstellung des religi\u00f6sen Mobiliars im Inneren der Kirche von Sant Feliu de Barruera: Altarfront aus dem 19. Jahrhundert mit Predella aus dem 16. Jahrhundert dar\u00fcber und Schnitzereien aus dem 20. Jahrhundert obenauf.\" srcset=\"https:\/\/guiesullsdelahistoria.cat\/app\/uploads\/2024\/11\/PHOTO-2025-01-16-08-06-51.jpg 1600w, https:\/\/guiesullsdelahistoria.cat\/app\/uploads\/2024\/11\/PHOTO-2025-01-16-08-06-51-300x225.jpg 300w, https:\/\/guiesullsdelahistoria.cat\/app\/uploads\/2024\/11\/PHOTO-2025-01-16-08-06-51-1024x769.jpg 1024w, https:\/\/guiesullsdelahistoria.cat\/app\/uploads\/2024\/11\/PHOTO-2025-01-16-08-06-51-768x576.jpg 768w, https:\/\/guiesullsdelahistoria.cat\/app\/uploads\/2024\/11\/PHOTO-2025-01-16-08-06-51-1536x1153.jpg 1536w\" sizes=\"auto, (max-width: 1600px) 100vw, 1600px\" \/>\n              <figcaption class=\"pt-2 text-gray-800\">Religi\u00f6ses Mobiliar im Inneren von Sant Feliu de Barruera. <\/figcaption>\n          <\/figure>\n  <\/div>\n\n\n<section class=\"element audio-block\">\n  <div class=\"flex flex-col w-full gap-6\">\n    <div class=\"flex flex-col gap-3\">\n      <div class=\"flex gap-6\">\n                          <h2 class=\"text-2xl font-bold\">Innenausstattung und barocke Beitr\u00e4ge<\/h2>\n              <\/div>\n          <\/div>\n    <div class=\"flex items-center justify-end gap-3\">\n              <div class=\"flex-1 audio-content\" dir=\"ltr\">\n          <audio id=\"audio-0705e1a0cbeb5201e23af7f3b38917ac\" data-label=\"Innenausstattung und barocke Beitr\u00e4ge\"\n            data-category=\"SANT-FELIU-DE-BARRUERA-DE-GENERAL-PLAY-4.mp3\" class=\"hidden\" controls\n            src=\"https:\/\/guiesullsdelahistoria.cat\/app\/uploads\/2024\/11\/SANT-FELIU-DE-BARRUERA-DE-GENERAL-PLAY-4.mp3\"><\/audio>\n          <div class=\"flex items-center w-full gap-3 transition-opacity opacity-0 meta\">\n            <progress class=\"flex-1 border-0 appearance-none\" value=\"0\" max=\"1\"><\/progress>\n            <div class=\"text-sm text-center shrink-0 current-time w-9\"><\/div>\n                      <\/div>\n        <\/div>\n            <div class=\"flex flex-col items-center gap-2 shrink-1 audio-control\">\n        <button\n  class=\"flex items-center justify-center w-32 max-w-32 h-32 max-h-32 transition-[max-height,_max-width] bg-black rounded-full btn text-accent\"\n  data-target=\"#audio-0705e1a0cbeb5201e23af7f3b38917ac\">\n  <svg width=\"100%\" height=\"100%\" viewBox=\"0 0 36 36\" version=\"1.1\" xmlns=\"http:\/\/www.w3.org\/2000\/svg\" xmlns:xlink=\"http:\/\/www.w3.org\/1999\/xlink\">\n  <path id=\"ytp-12\" d=\"M11,10 L18,13.74 18,22.28 11,26 M18,13.74 L26,18 26,18 18,22.28\" fill=\"currentColor\">\n    <animate id=\"animation\" begin=\"indefinite\" attributeType=\"XML\" attributeName=\"d\" fill=\"freeze\" from=\"M11,10 L17,10 17,26 11,26 M20,10 L26,10 26,26 20,26\" to=\"M11,10 L18,13.74 18,22.28 11,26 M18,13.74 L26,18 26,18 18,22.28\" dur=\"0.1s\" keySplines=\".4 0 1 1\" repeatCount=\"1\" data-play=\"M11,10 L18,13.74 18,22.28 11,26 M18,13.74 L26,18 26,18 18,22.28\" data-pause=\"M11,10 L17,10 17,26 11,26 M20,10 L26,10 26,26 20,26\"><\/animate>\n  <\/path>\n<\/svg>\n<\/button>\n        <p class=\"text-base text-center\">Zuh\u00f6ren<\/p>\n      <\/div>\n    <\/div>\n\n    \n          <div class=\"flex flex-wrap justify-between gap-6 md:justify-start\">\n                  <button data-target=\"#transcription-0705e1a0cbeb5201e23af7f3b38917ac\" data-toggle=\"modal\" class=\"flex items-center gap-2\">\n            <svg class=\"w-6 h-6\" fill=\"none\" xmlns=\"http:\/\/www.w3.org\/2000\/svg\" viewBox=\"0 0 22 12\"><path d=\"M0 9.873v-6c0-.55.196-1.02.588-1.412A1.926 1.926 0 0 1 2 1.873h2c.55 0 1.02.196 1.412.588.392.391.588.862.588 1.412v6H4v-2H2v2H0Zm2-4h2v-2H2v2Zm6 4v-8h4c.55 0 1.02.196 1.412.588.392.391.588.862.588 1.412v4c0 .55-.196 1.021-.588 1.413A1.926 1.926 0 0 1 12 9.873H8Zm2-2h2v-4h-2v4Zm6.85.8-1.4-1.425c.183-.183.32-.391.413-.625.091-.233.137-.483.137-.75 0-.283-.046-.537-.137-.762a1.85 1.85 0 0 0-.413-.613l1.4-1.45c.367.367.65.792.85 1.275.2.484.3 1 .3 1.55s-.1 1.063-.3 1.538c-.2.475-.483.896-.85 1.262Zm2.825 2.825-1.45-1.375c.55-.55.983-1.187 1.3-1.912A5.775 5.775 0 0 0 20 5.873c0-.85-.158-1.633-.475-2.35a6.217 6.217 0 0 0-1.3-1.9l1.45-1.4a7.94 7.94 0 0 1 1.712 2.55c.409.967.613 2 .613 3.1s-.204 2.13-.613 3.088a7.977 7.977 0 0 1-1.712 2.537Z\" fill=\"#000\"\/><\/svg>            <span>Transkription<\/span>\n          <\/button>\n                      <\/div>\n      <\/div>\n\n      <div id=\"transcription-0705e1a0cbeb5201e23af7f3b38917ac\"\n  class=\"fixed inset-0 z-50 hidden w-screen h-screen opacity-0 pointer-events-none modal transcription\"\n  tabindex=\"-1\" role=\"dialog\">\n  <div class=\"absolute w-full h-full bg-black opacity-75 modal-overlay\"><\/div>\n  <div\n    class=\"absolute z-30 w-11\/12 mx-auto overflow-y-auto text-black bg-white shadow-lg modal-container center-xy md:max-w-4xl\"\n    role=\"document\">\n    <div class=\"flex items-center justify-between px-4 py-4 text-gray-700 border-b md:px-8\">\n      <h2 class=\"!mb-0 font-bold\">Transkription<\/h2>\n      <div class=\"z-50 flex flex-col items-center ml-auto cursor-pointer rtl:ml-0 rtl:mr-auto modal-close\">\n        <svg class=\"w-auto h-6\" width=\"18\" height=\"23\" xmlns=\"http:\/\/www.w3.org\/2000\/svg\">\n  <g stroke=\"currentColor\" fill=\"none\" fill-rule=\"evenodd\" stroke-linecap=\"square\">\n    <path d=\"M.7248.974l16.1076 20.6167M16.655 1.2654L.9097 22.1601\" \/>\n  <\/g>\n<\/svg>        <div class=\"hidden\">Close<\/div>\n      <\/div>\n    <\/div>\n    <div class=\"px-4 py-8 overflow-y-auto max-h-modal md:px-8 modal-content\">\n      <div class=\"mb-8 flex flex-col gap-1.5\">\n                      <h3 class=\"text-xl font-bold\">Innenausstattung und barocke Beitr\u00e4ge<\/h3>\n                            <\/div>\n            <p>Die Umgestaltung der Kirche und die in ihrem Inneren erhaltenen M\u00f6belst\u00fccke zeigen, wie die Kirchen von La Vall an den Geschmack und die Bed\u00fcrfnisse der Gemeinde angepasst wurden, die sie von der Romanik bis heute ununterbrochen genutzt hat.<br \/>\nAuff\u00e4llig sind die beiden Christusschnitzereien: die auf dem Hauptaltar und die, die auf dem Boden steht, die am Gr\u00fcndonnerstag f\u00fcr den Kreuzweg, die Feier, die an die letzten Momente im Leben Jesu erinnert, herausgenommen wurde.<br \/>\nZu den M\u00f6belst\u00fccken von Sant Feliu geh\u00f6ren ein Beichtstuhl und eine Bank.<br \/>\nEs gibt auch mehrere Schnitzereien, wie die \u201ebewaffneten M\u00e4nner\u201c, die beiden Soldaten, die den Altar auf der rechten Seite flankieren, und ein Retabel am Eingang. Weitere Einzelheiten finden Sie auf den Informationsplakaten.<br \/>\nSchlie\u00dflich k\u00f6nnen Sie zum Chor hinaufsteigen, von wo aus Sie einen privilegierten Blick auf das Innere von Sant Feliu haben werden. <\/p>\n    <\/div>\n  <\/div>\n<\/div>\n    <\/section>\n\n\n<div class=\"flex flex-col gap-3 element text-block\">\n  <div class=\"flex items-center gap-6\">\n              <h2 class=\"text-2xl font-bold\">4f Wir warten auf Sie!<\/h2>\n      <\/div>\n    <\/div>\n\n\n<section class=\"element audio-block\">\n  <div class=\"flex flex-col w-full gap-6\">\n    <div class=\"flex flex-col gap-3\">\n      <div class=\"flex gap-6\">\n                          <h2 class=\"text-2xl font-bold\">Der Besuch geht weiter<\/h2>\n              <\/div>\n          <\/div>\n    <div class=\"flex items-center justify-end gap-3\">\n              <div class=\"flex-1 audio-content\" dir=\"ltr\">\n          <audio id=\"audio-390be998f460abfa23290e8374aa94b3\" data-label=\"Der Besuch geht weiter\"\n            data-category=\"SANT-FELIU-DE-BARRUERA-DE-GENERAL-PLAY-CLOENDA.mp3\" class=\"hidden\" controls\n            src=\"https:\/\/guiesullsdelahistoria.cat\/app\/uploads\/2024\/11\/SANT-FELIU-DE-BARRUERA-DE-GENERAL-PLAY-CLOENDA.mp3\"><\/audio>\n          <div class=\"flex items-center w-full gap-3 transition-opacity opacity-0 meta\">\n            <progress class=\"flex-1 border-0 appearance-none\" value=\"0\" max=\"1\"><\/progress>\n            <div class=\"text-sm text-center shrink-0 current-time w-9\"><\/div>\n                      <\/div>\n        <\/div>\n            <div class=\"flex flex-col items-center gap-2 shrink-1 audio-control\">\n        <button\n  class=\"flex items-center justify-center w-32 max-w-32 h-32 max-h-32 transition-[max-height,_max-width] bg-black rounded-full btn text-accent\"\n  data-target=\"#audio-390be998f460abfa23290e8374aa94b3\">\n  <svg width=\"100%\" height=\"100%\" viewBox=\"0 0 36 36\" version=\"1.1\" xmlns=\"http:\/\/www.w3.org\/2000\/svg\" xmlns:xlink=\"http:\/\/www.w3.org\/1999\/xlink\">\n  <path id=\"ytp-12\" d=\"M11,10 L18,13.74 18,22.28 11,26 M18,13.74 L26,18 26,18 18,22.28\" fill=\"currentColor\">\n    <animate id=\"animation\" begin=\"indefinite\" attributeType=\"XML\" attributeName=\"d\" fill=\"freeze\" from=\"M11,10 L17,10 17,26 11,26 M20,10 L26,10 26,26 20,26\" to=\"M11,10 L18,13.74 18,22.28 11,26 M18,13.74 L26,18 26,18 18,22.28\" dur=\"0.1s\" keySplines=\".4 0 1 1\" repeatCount=\"1\" data-play=\"M11,10 L18,13.74 18,22.28 11,26 M18,13.74 L26,18 26,18 18,22.28\" data-pause=\"M11,10 L17,10 17,26 11,26 M20,10 L26,10 26,26 20,26\"><\/animate>\n  <\/path>\n<\/svg>\n<\/button>\n        <p class=\"text-base text-center\">Zuh\u00f6ren<\/p>\n      <\/div>\n    <\/div>\n\n    \n          <div class=\"flex flex-wrap justify-between gap-6 md:justify-start\">\n                  <button data-target=\"#transcription-390be998f460abfa23290e8374aa94b3\" data-toggle=\"modal\" class=\"flex items-center gap-2\">\n            <svg class=\"w-6 h-6\" fill=\"none\" xmlns=\"http:\/\/www.w3.org\/2000\/svg\" viewBox=\"0 0 22 12\"><path d=\"M0 9.873v-6c0-.55.196-1.02.588-1.412A1.926 1.926 0 0 1 2 1.873h2c.55 0 1.02.196 1.412.588.392.391.588.862.588 1.412v6H4v-2H2v2H0Zm2-4h2v-2H2v2Zm6 4v-8h4c.55 0 1.02.196 1.412.588.392.391.588.862.588 1.412v4c0 .55-.196 1.021-.588 1.413A1.926 1.926 0 0 1 12 9.873H8Zm2-2h2v-4h-2v4Zm6.85.8-1.4-1.425c.183-.183.32-.391.413-.625.091-.233.137-.483.137-.75 0-.283-.046-.537-.137-.762a1.85 1.85 0 0 0-.413-.613l1.4-1.45c.367.367.65.792.85 1.275.2.484.3 1 .3 1.55s-.1 1.063-.3 1.538c-.2.475-.483.896-.85 1.262Zm2.825 2.825-1.45-1.375c.55-.55.983-1.187 1.3-1.912A5.775 5.775 0 0 0 20 5.873c0-.85-.158-1.633-.475-2.35a6.217 6.217 0 0 0-1.3-1.9l1.45-1.4a7.94 7.94 0 0 1 1.712 2.55c.409.967.613 2 .613 3.1s-.204 2.13-.613 3.088a7.977 7.977 0 0 1-1.712 2.537Z\" fill=\"#000\"\/><\/svg>            <span>Transkription<\/span>\n          <\/button>\n                      <\/div>\n      <\/div>\n\n      <div id=\"transcription-390be998f460abfa23290e8374aa94b3\"\n  class=\"fixed inset-0 z-50 hidden w-screen h-screen opacity-0 pointer-events-none modal transcription\"\n  tabindex=\"-1\" role=\"dialog\">\n  <div class=\"absolute w-full h-full bg-black opacity-75 modal-overlay\"><\/div>\n  <div\n    class=\"absolute z-30 w-11\/12 mx-auto overflow-y-auto text-black bg-white shadow-lg modal-container center-xy md:max-w-4xl\"\n    role=\"document\">\n    <div class=\"flex items-center justify-between px-4 py-4 text-gray-700 border-b md:px-8\">\n      <h2 class=\"!mb-0 font-bold\">Transkription<\/h2>\n      <div class=\"z-50 flex flex-col items-center ml-auto cursor-pointer rtl:ml-0 rtl:mr-auto modal-close\">\n        <svg class=\"w-auto h-6\" width=\"18\" height=\"23\" xmlns=\"http:\/\/www.w3.org\/2000\/svg\">\n  <g stroke=\"currentColor\" fill=\"none\" fill-rule=\"evenodd\" stroke-linecap=\"square\">\n    <path d=\"M.7248.974l16.1076 20.6167M16.655 1.2654L.9097 22.1601\" \/>\n  <\/g>\n<\/svg>        <div class=\"hidden\">Close<\/div>\n      <\/div>\n    <\/div>\n    <div class=\"px-4 py-8 overflow-y-auto max-h-modal md:px-8 modal-content\">\n      <div class=\"mb-8 flex flex-col gap-1.5\">\n                      <h3 class=\"text-xl font-bold\">Der Besuch geht weiter<\/h3>\n                            <\/div>\n            <p>Hier endet der Besuch der Kirche. Wir laden Sie nun ein, die anderen Werke des romanischen Ensembles von La Vall de Bo\u00ed zu entdecken und freuen uns auf Ihren Besuch!<\/p>\n    <\/div>\n  <\/div>\n<\/div>\n    <\/section>\n\n\n<div class=\"flex flex-col gap-3 element text-block\">\n  <div class=\"flex items-center gap-6\">\n              <h2 class=\"text-2xl font-bold\">Schlie\u00dfen<\/h2>\n      <\/div>\n        <div class=\"prose prose-lg\"><p>&#8220;<em>Els Ulls de la Hist\u00f2ria<\/em>. Ein immersiver Blick auf das kulturelle Erbe&#8221; ist eine Initiative der Ag\u00e8ncia Catalana del Patrimoni Cultural.<br \/>\nDieses Projekt bezieht andere Stimmen und andere Blickwinkel auf unsere Vergangenheit mit ein. Denn wir alle sind Teil der Geschichte und formen sie mit.<\/p>\n<\/div>\n  <\/div>\n\n<\/div>\n      <\/div>\n    <\/div>\n  <\/section>\n\n\n<section class=\"overflow-hidden section\" id=\"section-69f5c6581329c\" data-title=\"5. Sant Joan de Bo\u00ed\">\n    <div class=\"container grid grid-cols-1 py-8 md:py-10 max-md:gap-y-8 md:grid-standard\">\n              <div class=\"flex gap-4 md:col-span-5\">\n                                <h2 class=\"text-8 font-headings\">5. Sant Joan de Bo\u00ed<\/h2>\n                  <\/div>\n            <div class=\"flex flex-col gap-8 md:col-span-6 md:col-start-7 md:gap-10\">\n        <div class=\"acf-innerblocks-container\">\n<div class=\"flex flex-col gap-3 element text-block\">\n  <div class=\"flex items-center gap-6\">\n              <h2 class=\"text-2xl font-bold\">5a Einf\u00fchrung<\/h2>\n      <\/div>\n    <\/div>\n\n\n<div class=\"flex flex-col gap-6 element image-block\">\n  <div class=\"flex flex-col gap-3\">\n      <\/div>\n      <figure>\n      <img loading=\"lazy\" decoding=\"async\" width=\"1444\" height=\"964\" src=\"https:\/\/guiesullsdelahistoria.cat\/app\/uploads\/2024\/11\/Sant_Joan_de_Boi_esglesia_DSC6788.jpg\" class=\"w-full h-auto\" alt=\"Gesamtansicht des \u00c4u\u00dferen der Kirche von Sant Joan de Bo\u00ed von der Seite des Portikus aus, mit dem Friedhof im Vordergrund.\" srcset=\"https:\/\/guiesullsdelahistoria.cat\/app\/uploads\/2024\/11\/Sant_Joan_de_Boi_esglesia_DSC6788.jpg 1444w, https:\/\/guiesullsdelahistoria.cat\/app\/uploads\/2024\/11\/Sant_Joan_de_Boi_esglesia_DSC6788-300x200.jpg 300w, https:\/\/guiesullsdelahistoria.cat\/app\/uploads\/2024\/11\/Sant_Joan_de_Boi_esglesia_DSC6788-1024x684.jpg 1024w, https:\/\/guiesullsdelahistoria.cat\/app\/uploads\/2024\/11\/Sant_Joan_de_Boi_esglesia_DSC6788-768x513.jpg 768w\" sizes=\"auto, (max-width: 1444px) 100vw, 1444px\" \/>\n              <figcaption class=\"pt-2 text-gray-800\">Gesamtansicht der Kirche von Sant Joan de Bo\u00ed.\n<\/figcaption>\n          <\/figure>\n  <\/div>\n\n\n<section class=\"element audio-block\">\n  <div class=\"flex flex-col w-full gap-6\">\n    <div class=\"flex flex-col gap-3\">\n      <div class=\"flex gap-6\">\n                          <h2 class=\"text-2xl font-bold\">La Vall de Bo\u00ed und seine Kirchen<\/h2>\n              <\/div>\n          <\/div>\n    <div class=\"flex items-center justify-end gap-3\">\n              <div class=\"flex-1 audio-content\" dir=\"ltr\">\n          <audio id=\"audio-7a4a0bb9b570d2c929d47abf58a486a3\" data-label=\"La Vall de Bo\u00ed und seine Kirchen\"\n            data-category=\"SANT-JOAN-DE-BOI-DE-GENERAL-PLAY-0.mp3\" class=\"hidden\" controls\n            src=\"https:\/\/guiesullsdelahistoria.cat\/app\/uploads\/2024\/11\/SANT-JOAN-DE-BOI-DE-GENERAL-PLAY-0.mp3\"><\/audio>\n          <div class=\"flex items-center w-full gap-3 transition-opacity opacity-0 meta\">\n            <progress class=\"flex-1 border-0 appearance-none\" value=\"0\" max=\"1\"><\/progress>\n            <div class=\"text-sm text-center shrink-0 current-time w-9\"><\/div>\n                      <\/div>\n        <\/div>\n            <div class=\"flex flex-col items-center gap-2 shrink-1 audio-control\">\n        <button\n  class=\"flex items-center justify-center w-32 max-w-32 h-32 max-h-32 transition-[max-height,_max-width] bg-black rounded-full btn text-accent\"\n  data-target=\"#audio-7a4a0bb9b570d2c929d47abf58a486a3\">\n  <svg width=\"100%\" height=\"100%\" viewBox=\"0 0 36 36\" version=\"1.1\" xmlns=\"http:\/\/www.w3.org\/2000\/svg\" xmlns:xlink=\"http:\/\/www.w3.org\/1999\/xlink\">\n  <path id=\"ytp-12\" d=\"M11,10 L18,13.74 18,22.28 11,26 M18,13.74 L26,18 26,18 18,22.28\" fill=\"currentColor\">\n    <animate id=\"animation\" begin=\"indefinite\" attributeType=\"XML\" attributeName=\"d\" fill=\"freeze\" from=\"M11,10 L17,10 17,26 11,26 M20,10 L26,10 26,26 20,26\" to=\"M11,10 L18,13.74 18,22.28 11,26 M18,13.74 L26,18 26,18 18,22.28\" dur=\"0.1s\" keySplines=\".4 0 1 1\" repeatCount=\"1\" data-play=\"M11,10 L18,13.74 18,22.28 11,26 M18,13.74 L26,18 26,18 18,22.28\" data-pause=\"M11,10 L17,10 17,26 11,26 M20,10 L26,10 26,26 20,26\"><\/animate>\n  <\/path>\n<\/svg>\n<\/button>\n        <p class=\"text-base text-center\">Zuh\u00f6ren<\/p>\n      <\/div>\n    <\/div>\n\n    \n          <div class=\"flex flex-wrap justify-between gap-6 md:justify-start\">\n                  <button data-target=\"#transcription-7a4a0bb9b570d2c929d47abf58a486a3\" data-toggle=\"modal\" class=\"flex items-center gap-2\">\n            <svg class=\"w-6 h-6\" fill=\"none\" xmlns=\"http:\/\/www.w3.org\/2000\/svg\" viewBox=\"0 0 22 12\"><path d=\"M0 9.873v-6c0-.55.196-1.02.588-1.412A1.926 1.926 0 0 1 2 1.873h2c.55 0 1.02.196 1.412.588.392.391.588.862.588 1.412v6H4v-2H2v2H0Zm2-4h2v-2H2v2Zm6 4v-8h4c.55 0 1.02.196 1.412.588.392.391.588.862.588 1.412v4c0 .55-.196 1.021-.588 1.413A1.926 1.926 0 0 1 12 9.873H8Zm2-2h2v-4h-2v4Zm6.85.8-1.4-1.425c.183-.183.32-.391.413-.625.091-.233.137-.483.137-.75 0-.283-.046-.537-.137-.762a1.85 1.85 0 0 0-.413-.613l1.4-1.45c.367.367.65.792.85 1.275.2.484.3 1 .3 1.55s-.1 1.063-.3 1.538c-.2.475-.483.896-.85 1.262Zm2.825 2.825-1.45-1.375c.55-.55.983-1.187 1.3-1.912A5.775 5.775 0 0 0 20 5.873c0-.85-.158-1.633-.475-2.35a6.217 6.217 0 0 0-1.3-1.9l1.45-1.4a7.94 7.94 0 0 1 1.712 2.55c.409.967.613 2 .613 3.1s-.204 2.13-.613 3.088a7.977 7.977 0 0 1-1.712 2.537Z\" fill=\"#000\"\/><\/svg>            <span>Transkription<\/span>\n          <\/button>\n                      <\/div>\n      <\/div>\n\n      <div id=\"transcription-7a4a0bb9b570d2c929d47abf58a486a3\"\n  class=\"fixed inset-0 z-50 hidden w-screen h-screen opacity-0 pointer-events-none modal transcription\"\n  tabindex=\"-1\" role=\"dialog\">\n  <div class=\"absolute w-full h-full bg-black opacity-75 modal-overlay\"><\/div>\n  <div\n    class=\"absolute z-30 w-11\/12 mx-auto overflow-y-auto text-black bg-white shadow-lg modal-container center-xy md:max-w-4xl\"\n    role=\"document\">\n    <div class=\"flex items-center justify-between px-4 py-4 text-gray-700 border-b md:px-8\">\n      <h2 class=\"!mb-0 font-bold\">Transkription<\/h2>\n      <div class=\"z-50 flex flex-col items-center ml-auto cursor-pointer rtl:ml-0 rtl:mr-auto modal-close\">\n        <svg class=\"w-auto h-6\" width=\"18\" height=\"23\" xmlns=\"http:\/\/www.w3.org\/2000\/svg\">\n  <g stroke=\"currentColor\" fill=\"none\" fill-rule=\"evenodd\" stroke-linecap=\"square\">\n    <path d=\"M.7248.974l16.1076 20.6167M16.655 1.2654L.9097 22.1601\" \/>\n  <\/g>\n<\/svg>        <div class=\"hidden\">Close<\/div>\n      <\/div>\n    <\/div>\n    <div class=\"px-4 py-8 overflow-y-auto max-h-modal md:px-8 modal-content\">\n      <div class=\"mb-8 flex flex-col gap-1.5\">\n                      <h3 class=\"text-xl font-bold\">La Vall de Bo\u00ed und seine Kirchen<\/h3>\n                            <\/div>\n            <p>Wir hei\u00dfen Sie in La Vall de Bo\u00ed willkommen und laden Sie ein, dieses au\u00dfergew\u00f6hnliche Ensemble von Kirchen zu entdecken, die als einer der gr\u00f6\u00dften Ausdrucksformen der katalanischen romanischen Kunst gilt und im Jahr 2000 in die Liste des UNESCO-Weltkulturerbes aufgenommen wurde.<br \/>\nDas romanische Ensemble von La Vall de Bo\u00ed besteht aus neun Kirchen: Sant Climent und Santa Maria de Ta\u00fcll, Sant Joan de Bo\u00ed, Santa Eul\u00e0lia d\u2019Erill la Vall, Sant Feliu de Barruera, La Nativitat und Sant Quirc de Durro, Santa Maria de Cardet und Assumpci\u00f3 de C\u00f3ll.<br \/>\nAber was haben diese Kirchen gemeinsam? Warum sind sie so einzigartig? Welche ist ihre Geschichte?<br \/>\nSie wurden alle zwischen dem 11. und 12. Jahrhundert erbaut, in einer Zeit der Macht und des wirtschaftlichen Wohlstands des lokalen Adels, und weisen denselben architektonischen Stil auf, die Romanik, die in ganz Europa verbreitet war.<br \/>\nHeute wird ein gro\u00dfer Teil der Gem\u00e4lde, Schnitzereien und M\u00f6bel in mehreren katalanischen Museen aufbewahrt, insbesondere im Museu Nacional d\u2019Art de Catalunya. In einigen Kirchen befinden sich jedoch bedeutende Fragmente von originalen Wandmalereien und Skulpturen sowie Reproduktionen von den Werken, die in den Museen aufbewahrt werden.<br \/>\nMit dem F\u00fchrer, den Sie in den H\u00e4nden halten, werden Sie die au\u00dfergew\u00f6hnlichen Werte dieses romanischen Ensembles entdecken und jede der neun Kirchen mit ihren Geheimnissen und Kuriosit\u00e4ten kennen lernen k\u00f6nnen.<br \/>\nEin letzter Hinweis! Diese Berge sind geheimnisvoll: die Worte der Menschen, die sie bewohnt haben, sind oft in den T\u00e4lern gefangen geblieben und hallen durch die Zeit wie ein unmerkliches Echo. Dieser F\u00fchrer verf\u00fcgt \u00fcber einen Sensor, der jedes Mal aktiviert wird, wenn er eines auff\u00e4ngt. Keine Angst, h\u00f6ren Sie weiter zu.<\/p>\n<p>Beginnen Sie Ihren Besuch auf der R\u00fcckseite der Kirche.<\/p>\n    <\/div>\n  <\/div>\n<\/div>\n    <\/section>\n\n\n<div class=\"flex flex-col gap-3 element text-block\">\n  <div class=\"flex items-center gap-6\">\n              <h2 class=\"text-2xl font-bold\">5b Apsis<\/h2>\n      <\/div>\n    <\/div>\n\n\n<div class=\"flex flex-col gap-6 element image-block\">\n  <div class=\"flex flex-col gap-3\">\n      <\/div>\n      <figure>\n      <img loading=\"lazy\" decoding=\"async\" width=\"1599\" height=\"1440\" src=\"https:\/\/guiesullsdelahistoria.cat\/app\/uploads\/2024\/11\/Sant-Joan-general.jpg\" class=\"w-full h-auto\" alt=\"Au\u00dfenansicht der Kirche von Sant Joan de Bo\u00ed von hinten, mit den Bergen im Hintergrund.\" srcset=\"https:\/\/guiesullsdelahistoria.cat\/app\/uploads\/2024\/11\/Sant-Joan-general.jpg 1599w, https:\/\/guiesullsdelahistoria.cat\/app\/uploads\/2024\/11\/Sant-Joan-general-300x270.jpg 300w, https:\/\/guiesullsdelahistoria.cat\/app\/uploads\/2024\/11\/Sant-Joan-general-1024x922.jpg 1024w, https:\/\/guiesullsdelahistoria.cat\/app\/uploads\/2024\/11\/Sant-Joan-general-768x692.jpg 768w, https:\/\/guiesullsdelahistoria.cat\/app\/uploads\/2024\/11\/Sant-Joan-general-1536x1383.jpg 1536w\" sizes=\"auto, (max-width: 1599px) 100vw, 1599px\" \/>\n              <figcaption class=\"pt-2 text-gray-800\">R\u00fcckansicht von Sant Joan de Bo\u00ed.<\/figcaption>\n          <\/figure>\n  <\/div>\n\n\n<section class=\"element audio-block\">\n  <div class=\"flex flex-col w-full gap-6\">\n    <div class=\"flex flex-col gap-3\">\n      <div class=\"flex gap-6\">\n                          <h2 class=\"text-2xl font-bold\">Die Kirche mit den meisten originellen Elementen aus dem 11. Jahrhundert <\/h2>\n              <\/div>\n          <\/div>\n    <div class=\"flex items-center justify-end gap-3\">\n              <div class=\"flex-1 audio-content\" dir=\"ltr\">\n          <audio id=\"audio-b245b17491ad03b8a1ab16139b1cef09\" data-label=\"Die Kirche mit den meisten originellen Elementen aus dem 11. Jahrhundert \"\n            data-category=\"SANT-JOAN-DE-BOI-DE-GENERAL-PLAY-1.mp3\" class=\"hidden\" controls\n            src=\"https:\/\/guiesullsdelahistoria.cat\/app\/uploads\/2024\/11\/SANT-JOAN-DE-BOI-DE-GENERAL-PLAY-1.mp3\"><\/audio>\n          <div class=\"flex items-center w-full gap-3 transition-opacity opacity-0 meta\">\n            <progress class=\"flex-1 border-0 appearance-none\" value=\"0\" max=\"1\"><\/progress>\n            <div class=\"text-sm text-center shrink-0 current-time w-9\"><\/div>\n                      <\/div>\n        <\/div>\n            <div class=\"flex flex-col items-center gap-2 shrink-1 audio-control\">\n        <button\n  class=\"flex items-center justify-center w-32 max-w-32 h-32 max-h-32 transition-[max-height,_max-width] bg-black rounded-full btn text-accent\"\n  data-target=\"#audio-b245b17491ad03b8a1ab16139b1cef09\">\n  <svg width=\"100%\" height=\"100%\" viewBox=\"0 0 36 36\" version=\"1.1\" xmlns=\"http:\/\/www.w3.org\/2000\/svg\" xmlns:xlink=\"http:\/\/www.w3.org\/1999\/xlink\">\n  <path id=\"ytp-12\" d=\"M11,10 L18,13.74 18,22.28 11,26 M18,13.74 L26,18 26,18 18,22.28\" fill=\"currentColor\">\n    <animate id=\"animation\" begin=\"indefinite\" attributeType=\"XML\" attributeName=\"d\" fill=\"freeze\" from=\"M11,10 L17,10 17,26 11,26 M20,10 L26,10 26,26 20,26\" to=\"M11,10 L18,13.74 18,22.28 11,26 M18,13.74 L26,18 26,18 18,22.28\" dur=\"0.1s\" keySplines=\".4 0 1 1\" repeatCount=\"1\" data-play=\"M11,10 L18,13.74 18,22.28 11,26 M18,13.74 L26,18 26,18 18,22.28\" data-pause=\"M11,10 L17,10 17,26 11,26 M20,10 L26,10 26,26 20,26\"><\/animate>\n  <\/path>\n<\/svg>\n<\/button>\n        <p class=\"text-base text-center\">Zuh\u00f6ren<\/p>\n      <\/div>\n    <\/div>\n\n    \n          <div class=\"flex flex-wrap justify-between gap-6 md:justify-start\">\n                  <button data-target=\"#transcription-b245b17491ad03b8a1ab16139b1cef09\" data-toggle=\"modal\" class=\"flex items-center gap-2\">\n            <svg class=\"w-6 h-6\" fill=\"none\" xmlns=\"http:\/\/www.w3.org\/2000\/svg\" viewBox=\"0 0 22 12\"><path d=\"M0 9.873v-6c0-.55.196-1.02.588-1.412A1.926 1.926 0 0 1 2 1.873h2c.55 0 1.02.196 1.412.588.392.391.588.862.588 1.412v6H4v-2H2v2H0Zm2-4h2v-2H2v2Zm6 4v-8h4c.55 0 1.02.196 1.412.588.392.391.588.862.588 1.412v4c0 .55-.196 1.021-.588 1.413A1.926 1.926 0 0 1 12 9.873H8Zm2-2h2v-4h-2v4Zm6.85.8-1.4-1.425c.183-.183.32-.391.413-.625.091-.233.137-.483.137-.75 0-.283-.046-.537-.137-.762a1.85 1.85 0 0 0-.413-.613l1.4-1.45c.367.367.65.792.85 1.275.2.484.3 1 .3 1.55s-.1 1.063-.3 1.538c-.2.475-.483.896-.85 1.262Zm2.825 2.825-1.45-1.375c.55-.55.983-1.187 1.3-1.912A5.775 5.775 0 0 0 20 5.873c0-.85-.158-1.633-.475-2.35a6.217 6.217 0 0 0-1.3-1.9l1.45-1.4a7.94 7.94 0 0 1 1.712 2.55c.409.967.613 2 .613 3.1s-.204 2.13-.613 3.088a7.977 7.977 0 0 1-1.712 2.537Z\" fill=\"#000\"\/><\/svg>            <span>Transkription<\/span>\n          <\/button>\n                      <\/div>\n      <\/div>\n\n      <div id=\"transcription-b245b17491ad03b8a1ab16139b1cef09\"\n  class=\"fixed inset-0 z-50 hidden w-screen h-screen opacity-0 pointer-events-none modal transcription\"\n  tabindex=\"-1\" role=\"dialog\">\n  <div class=\"absolute w-full h-full bg-black opacity-75 modal-overlay\"><\/div>\n  <div\n    class=\"absolute z-30 w-11\/12 mx-auto overflow-y-auto text-black bg-white shadow-lg modal-container center-xy md:max-w-4xl\"\n    role=\"document\">\n    <div class=\"flex items-center justify-between px-4 py-4 text-gray-700 border-b md:px-8\">\n      <h2 class=\"!mb-0 font-bold\">Transkription<\/h2>\n      <div class=\"z-50 flex flex-col items-center ml-auto cursor-pointer rtl:ml-0 rtl:mr-auto modal-close\">\n        <svg class=\"w-auto h-6\" width=\"18\" height=\"23\" xmlns=\"http:\/\/www.w3.org\/2000\/svg\">\n  <g stroke=\"currentColor\" fill=\"none\" fill-rule=\"evenodd\" stroke-linecap=\"square\">\n    <path d=\"M.7248.974l16.1076 20.6167M16.655 1.2654L.9097 22.1601\" \/>\n  <\/g>\n<\/svg>        <div class=\"hidden\">Close<\/div>\n      <\/div>\n    <\/div>\n    <div class=\"px-4 py-8 overflow-y-auto max-h-modal md:px-8 modal-content\">\n      <div class=\"mb-8 flex flex-col gap-1.5\">\n                      <h3 class=\"text-xl font-bold\">Die Kirche mit den meisten originellen Elementen aus dem 11. Jahrhundert <\/h3>\n                            <\/div>\n            <p>Sant Joan de Bo\u00ed ist die Kirche, in der die meisten architektonischen Elemente aus der fr\u00fchesten Bauphase in La Vall de Bo\u00ed, aus dem 11. Jahrhundert, erhalten sind. Die Mauern dieser Kirche und der Sockel des Glockenturms, der aus unregelm\u00e4\u00dfigen Quadersteinen errichtet wurde, sind die \u00dcberreste aus dieser Zeit.<br \/>\nZwei der urspr\u00fcnglichen Apsiden, die zentrale und die linke, sind verschwunden, wahrscheinlich w\u00e4hrend der Umbauten im 17. und 18. Jahrhundert.<br \/>\nDer Glockenturm ist ein deutliches Beispiel f\u00fcr die bauliche Entwicklung der Kirche: Der Sockel stammt aus der ersten romanischen Periode, aus dem 11. Jahrhundert; die n\u00e4chsten beiden Ebenen sind aus dem 12. Jahrhundert, und die letzte ist das Werk einer Renovierung aus dem 16. Jahrhundert.<br \/>\nEine der Besonderheiten dieses Glockenturms ist, dass er genau auf einer Linie mit den Glockent\u00fcrmen von Santa Eul\u00e0lia d\u2019Erill la Vall und Sant Climent de Ta\u00fcll liegt.<br \/>\nUm die Besichtigung fortzusetzen, gehen Sie zu der Seitenfassade auf der rechten Seite, der mit den Malereien.<\/p>\n    <\/div>\n  <\/div>\n<\/div>\n    <\/section>\n\n\n<div class=\"flex flex-col gap-3 element text-block\">\n  <div class=\"flex items-center gap-6\">\n              <h2 class=\"text-2xl font-bold\">5c Seitenfassade<\/h2>\n      <\/div>\n    <\/div>\n\n\n<div class=\"flex flex-col gap-6 element image-block\">\n  <div class=\"flex flex-col gap-3\">\n      <\/div>\n      <figure>\n      <img loading=\"lazy\" decoding=\"async\" width=\"966\" height=\"1426\" src=\"https:\/\/guiesullsdelahistoria.cat\/app\/uploads\/2024\/11\/Sant_Joan_de_Boi_pintures_exterior_DSC9499.jpg\" class=\"w-full h-auto\" alt=\"Blick auf die Au\u00dfenmalereien der Kirche von Sant Joan de Bo\u00ed um die alte Eingangst\u00fcr.\" srcset=\"https:\/\/guiesullsdelahistoria.cat\/app\/uploads\/2024\/11\/Sant_Joan_de_Boi_pintures_exterior_DSC9499.jpg 966w, https:\/\/guiesullsdelahistoria.cat\/app\/uploads\/2024\/11\/Sant_Joan_de_Boi_pintures_exterior_DSC9499-203x300.jpg 203w, https:\/\/guiesullsdelahistoria.cat\/app\/uploads\/2024\/11\/Sant_Joan_de_Boi_pintures_exterior_DSC9499-694x1024.jpg 694w, https:\/\/guiesullsdelahistoria.cat\/app\/uploads\/2024\/11\/Sant_Joan_de_Boi_pintures_exterior_DSC9499-768x1134.jpg 768w\" sizes=\"auto, (max-width: 966px) 100vw, 966px\" \/>\n              <figcaption class=\"pt-2 text-gray-800\">Blick auf die Au\u00dfenmalereien von Sant Joan de Bo\u00ed.<\/figcaption>\n          <\/figure>\n  <\/div>\n\n\n<section class=\"element audio-block\">\n  <div class=\"flex flex-col w-full gap-6\">\n    <div class=\"flex flex-col gap-3\">\n      <div class=\"flex gap-6\">\n                          <h2 class=\"text-2xl font-bold\">Au\u00dfenmalereien<\/h2>\n              <\/div>\n          <\/div>\n    <div class=\"flex items-center justify-end gap-3\">\n              <div class=\"flex-1 audio-content\" dir=\"ltr\">\n          <audio id=\"audio-bcef6e8e81334f55eafafd32bda318da\" data-label=\"Au\u00dfenmalereien\"\n            data-category=\"SANT-JOAN-DE-BOI-DE-GENERAL-PLAY-2.mp3\" class=\"hidden\" controls\n            src=\"https:\/\/guiesullsdelahistoria.cat\/app\/uploads\/2024\/11\/SANT-JOAN-DE-BOI-DE-GENERAL-PLAY-2.mp3\"><\/audio>\n          <div class=\"flex items-center w-full gap-3 transition-opacity opacity-0 meta\">\n            <progress class=\"flex-1 border-0 appearance-none\" value=\"0\" max=\"1\"><\/progress>\n            <div class=\"text-sm text-center shrink-0 current-time w-9\"><\/div>\n                      <\/div>\n        <\/div>\n            <div class=\"flex flex-col items-center gap-2 shrink-1 audio-control\">\n        <button\n  class=\"flex items-center justify-center w-32 max-w-32 h-32 max-h-32 transition-[max-height,_max-width] bg-black rounded-full btn text-accent\"\n  data-target=\"#audio-bcef6e8e81334f55eafafd32bda318da\">\n  <svg width=\"100%\" height=\"100%\" viewBox=\"0 0 36 36\" version=\"1.1\" xmlns=\"http:\/\/www.w3.org\/2000\/svg\" xmlns:xlink=\"http:\/\/www.w3.org\/1999\/xlink\">\n  <path id=\"ytp-12\" d=\"M11,10 L18,13.74 18,22.28 11,26 M18,13.74 L26,18 26,18 18,22.28\" fill=\"currentColor\">\n    <animate id=\"animation\" begin=\"indefinite\" attributeType=\"XML\" attributeName=\"d\" fill=\"freeze\" from=\"M11,10 L17,10 17,26 11,26 M20,10 L26,10 26,26 20,26\" to=\"M11,10 L18,13.74 18,22.28 11,26 M18,13.74 L26,18 26,18 18,22.28\" dur=\"0.1s\" keySplines=\".4 0 1 1\" repeatCount=\"1\" data-play=\"M11,10 L18,13.74 18,22.28 11,26 M18,13.74 L26,18 26,18 18,22.28\" data-pause=\"M11,10 L17,10 17,26 11,26 M20,10 L26,10 26,26 20,26\"><\/animate>\n  <\/path>\n<\/svg>\n<\/button>\n        <p class=\"text-base text-center\">Zuh\u00f6ren<\/p>\n      <\/div>\n    <\/div>\n\n    \n          <div class=\"flex flex-wrap justify-between gap-6 md:justify-start\">\n                  <button data-target=\"#transcription-bcef6e8e81334f55eafafd32bda318da\" data-toggle=\"modal\" class=\"flex items-center gap-2\">\n            <svg class=\"w-6 h-6\" fill=\"none\" xmlns=\"http:\/\/www.w3.org\/2000\/svg\" viewBox=\"0 0 22 12\"><path d=\"M0 9.873v-6c0-.55.196-1.02.588-1.412A1.926 1.926 0 0 1 2 1.873h2c.55 0 1.02.196 1.412.588.392.391.588.862.588 1.412v6H4v-2H2v2H0Zm2-4h2v-2H2v2Zm6 4v-8h4c.55 0 1.02.196 1.412.588.392.391.588.862.588 1.412v4c0 .55-.196 1.021-.588 1.413A1.926 1.926 0 0 1 12 9.873H8Zm2-2h2v-4h-2v4Zm6.85.8-1.4-1.425c.183-.183.32-.391.413-.625.091-.233.137-.483.137-.75 0-.283-.046-.537-.137-.762a1.85 1.85 0 0 0-.413-.613l1.4-1.45c.367.367.65.792.85 1.275.2.484.3 1 .3 1.55s-.1 1.063-.3 1.538c-.2.475-.483.896-.85 1.262Zm2.825 2.825-1.45-1.375c.55-.55.983-1.187 1.3-1.912A5.775 5.775 0 0 0 20 5.873c0-.85-.158-1.633-.475-2.35a6.217 6.217 0 0 0-1.3-1.9l1.45-1.4a7.94 7.94 0 0 1 1.712 2.55c.409.967.613 2 .613 3.1s-.204 2.13-.613 3.088a7.977 7.977 0 0 1-1.712 2.537Z\" fill=\"#000\"\/><\/svg>            <span>Transkription<\/span>\n          <\/button>\n                      <\/div>\n      <\/div>\n\n      <div id=\"transcription-bcef6e8e81334f55eafafd32bda318da\"\n  class=\"fixed inset-0 z-50 hidden w-screen h-screen opacity-0 pointer-events-none modal transcription\"\n  tabindex=\"-1\" role=\"dialog\">\n  <div class=\"absolute w-full h-full bg-black opacity-75 modal-overlay\"><\/div>\n  <div\n    class=\"absolute z-30 w-11\/12 mx-auto overflow-y-auto text-black bg-white shadow-lg modal-container center-xy md:max-w-4xl\"\n    role=\"document\">\n    <div class=\"flex items-center justify-between px-4 py-4 text-gray-700 border-b md:px-8\">\n      <h2 class=\"!mb-0 font-bold\">Transkription<\/h2>\n      <div class=\"z-50 flex flex-col items-center ml-auto cursor-pointer rtl:ml-0 rtl:mr-auto modal-close\">\n        <svg class=\"w-auto h-6\" width=\"18\" height=\"23\" xmlns=\"http:\/\/www.w3.org\/2000\/svg\">\n  <g stroke=\"currentColor\" fill=\"none\" fill-rule=\"evenodd\" stroke-linecap=\"square\">\n    <path d=\"M.7248.974l16.1076 20.6167M16.655 1.2654L.9097 22.1601\" \/>\n  <\/g>\n<\/svg>        <div class=\"hidden\">Close<\/div>\n      <\/div>\n    <\/div>\n    <div class=\"px-4 py-8 overflow-y-auto max-h-modal md:px-8 modal-content\">\n      <div class=\"mb-8 flex flex-col gap-1.5\">\n                      <h3 class=\"text-xl font-bold\">Au\u00dfenmalereien<\/h3>\n                            <\/div>\n            <p>In der Kirche von Sant Joan f\u00e4llt vor allem die Wandmalerei an der Nordfassade auf, die sich um den urspr\u00fcnglichen Eingang herum befindet und die Sie sicherlich bereits gesehen haben. In der Tat sind diese Kirche, die Kirche von Sant Climent, und die Kirche von Santa Maria die einzigen, bei denen noch Malereien an der Au\u00dfenseite erhalten sind. Bei den hier gezeigten handelt es sich jedoch um Kopien, da die Originale im MNAC aufbewahrt werden. Der Verputz an der Fassade ist hingegen original.<br \/>\nIn diesem Fall geben die Malereien eine Vision Gottes wieder, im Christusmonogramm dargestellt, dem Symbol f\u00fcr Christus, das aus seinen Initialen in griechischer Sprache besteht. Dieses Christusmonogramm ist heute nicht mehr zu sehen, aber es w\u00e4re auf dem Umfang des zentralen Teils des Ensembles eingraviert, das von vier Engeln getragen wird. Auf der einen Seite dieser Szene ist ein Heiliger mit einem Buch in der Hand zu sehen, auf der anderen Seite drei Figuren, die die zentrale Vision betrachten. Eine Bord\u00fcre mit geometrischen Motiven umrahmt das gesamte Ensemble.<br \/>\nUrspr\u00fcnglich wurden die Malereien und der Verputz von einem Portikus gesch\u00fctzt, der irgendwann abgerissen wurde. Dieser Portikus diente dem Empfang der Gemeindemitglieder und sch\u00fctzte sie vor schlechtem Wetter. Es war aber auch ein Haltepunkt f\u00fcr Prozessionen, ein Ort f\u00fcr liturgische und gesellschaftliche Veranstaltungen, zum Beispiel f\u00fcr Gerichtsverhandlungen. Die Kirchenvorhalle hatte auch eine symbolische Funktion: Sie war der \u00dcbergang zwischen dem Alltagsleben und dem Eingang zum Gotteshaus. Aber diese Wand birgt noch einen weiteren Schatz. Auf beiden Seiten der T\u00fcr haben einige Leute ihre Spuren hinterlassen, und zwar in Form von Graffiti, die mit einem spitzen Gegenstand angebracht wurden. Genauso wie bei den Malereien sind diese Graffiti eine Kopie der Originale. Wenn man genau hinsieht, kann man mehrere milit\u00e4rische Szenen erkennen, mit T\u00fcrmen, Pferden, Sternen und sogar einem Soldaten, der in sein Horn bl\u00e4st. Ein Zeugnis der volkst\u00fcmlichen Ausdrucksweise aus anderen Zeiten.<br \/>\n<em>Interferenzger\u00e4usch.<\/em><br \/>\n<strong>Ein Junge<\/strong> (nerv\u00f6s): H\u00f6rst du wohl auf?<br \/>\n<strong>Ein M\u00e4dchen<\/strong>: Sieh dir dieses Pferd an: Meine Mutter hat es gemacht. Und auch der Soldat auf dem Schlossdach.<br \/>\n<strong>Der Junge<\/strong>: Soldaten sehen nicht so aus.<br \/>\n<strong>Das M\u00e4dchen<\/strong>: Dieser Soldat spielt die Trompete. Bald wird es zu einem Kampf kommen.<br \/>\n<strong>Der Junge<\/strong>: Du sollst aber nichts malen! Wenn der Priester dich sieht, wird er sich \u00e4rgern.<br \/>\n<strong>Das M\u00e4dchen<\/strong>: Ich werde hier ein paar Streifen machen. Sie werden wie Sonnenstrahlen sein.<br \/>\n<strong>Der Junge<\/strong> (sehr nerv\u00f6s): Pass auf, der Priester kommt raus!<br \/>\n<em>Interferenzger\u00e4usch.<br \/>\n<\/em><br \/>\nEine letzte Kuriosit\u00e4t, bevor Sie eintreten. An dieser Wand sind auch einige Figuren oder Flecken in Rot- und Ockert\u00f6nen zu sehen. Sie sind Zeichen der rituellen Weihe der Kirche, d. h. des Aktes, der sie heilig und gottesdiensttauglich macht.<br \/>\nUm den Rundgang fortzusetzen, gehen Sie durch die Eingangst\u00fcr auf der rechten Seite. Die T\u00fcr vor Ihnen war der urspr\u00fcngliche Eingang, aber sie wird schon lange nicht mehr benutzt.<\/p>\n    <\/div>\n  <\/div>\n<\/div>\n    <\/section>\n\n\n<div class=\"flex flex-col gap-3 element text-block\">\n  <div class=\"flex items-center gap-6\">\n              <h2 class=\"text-2xl font-bold\">5d Basis des Mittelschiffs<\/h2>\n      <\/div>\n    <\/div>\n\n\n<div class=\"flex flex-col gap-6 element image-block\">\n  <div class=\"flex flex-col gap-3\">\n      <\/div>\n      <figure>\n      <img loading=\"lazy\" decoding=\"async\" width=\"1452\" height=\"966\" src=\"https:\/\/guiesullsdelahistoria.cat\/app\/uploads\/2024\/11\/Sant_Joan_de_Boi_pintures_nau_esquerra_DSC2177.jpg\" class=\"w-full h-auto\" alt=\"Wandmalereien im linken Kirchenschiff, mit Blick auf dem Altar, im Inneren der Kirche von Sant Joan de Bo\u00ed.\" srcset=\"https:\/\/guiesullsdelahistoria.cat\/app\/uploads\/2024\/11\/Sant_Joan_de_Boi_pintures_nau_esquerra_DSC2177.jpg 1452w, https:\/\/guiesullsdelahistoria.cat\/app\/uploads\/2024\/11\/Sant_Joan_de_Boi_pintures_nau_esquerra_DSC2177-300x200.jpg 300w, https:\/\/guiesullsdelahistoria.cat\/app\/uploads\/2024\/11\/Sant_Joan_de_Boi_pintures_nau_esquerra_DSC2177-1024x681.jpg 1024w, https:\/\/guiesullsdelahistoria.cat\/app\/uploads\/2024\/11\/Sant_Joan_de_Boi_pintures_nau_esquerra_DSC2177-768x511.jpg 768w\" sizes=\"auto, (max-width: 1452px) 100vw, 1452px\" \/>\n              <figcaption class=\"pt-2 text-gray-800\">Malereien im Inneren einer der Schiffe von Sant Joan de Bo\u00ed. \n<\/figcaption>\n          <\/figure>\n  <\/div>\n\n\n<section class=\"element audio-block\">\n  <div class=\"flex flex-col w-full gap-6\">\n    <div class=\"flex flex-col gap-3\">\n      <div class=\"flex gap-6\">\n                          <h2 class=\"text-2xl font-bold\">Wandmalereien und ihre lehrreiche Funktion<\/h2>\n              <\/div>\n          <\/div>\n    <div class=\"flex items-center justify-end gap-3\">\n              <div class=\"flex-1 audio-content\" dir=\"ltr\">\n          <audio id=\"audio-374c910c698a949819becf65c220066e\" data-label=\"Wandmalereien und ihre lehrreiche Funktion\"\n            data-category=\"SANT-JOAN-DE-BOI-DE-GENERAL-PLAY-3.mp3\" class=\"hidden\" controls\n            src=\"https:\/\/guiesullsdelahistoria.cat\/app\/uploads\/2024\/11\/SANT-JOAN-DE-BOI-DE-GENERAL-PLAY-3.mp3\"><\/audio>\n          <div class=\"flex items-center w-full gap-3 transition-opacity opacity-0 meta\">\n            <progress class=\"flex-1 border-0 appearance-none\" value=\"0\" max=\"1\"><\/progress>\n            <div class=\"text-sm text-center shrink-0 current-time w-9\"><\/div>\n                      <\/div>\n        <\/div>\n            <div class=\"flex flex-col items-center gap-2 shrink-1 audio-control\">\n        <button\n  class=\"flex items-center justify-center w-32 max-w-32 h-32 max-h-32 transition-[max-height,_max-width] bg-black rounded-full btn text-accent\"\n  data-target=\"#audio-374c910c698a949819becf65c220066e\">\n  <svg width=\"100%\" height=\"100%\" viewBox=\"0 0 36 36\" version=\"1.1\" xmlns=\"http:\/\/www.w3.org\/2000\/svg\" xmlns:xlink=\"http:\/\/www.w3.org\/1999\/xlink\">\n  <path id=\"ytp-12\" d=\"M11,10 L18,13.74 18,22.28 11,26 M18,13.74 L26,18 26,18 18,22.28\" fill=\"currentColor\">\n    <animate id=\"animation\" begin=\"indefinite\" attributeType=\"XML\" attributeName=\"d\" fill=\"freeze\" from=\"M11,10 L17,10 17,26 11,26 M20,10 L26,10 26,26 20,26\" to=\"M11,10 L18,13.74 18,22.28 11,26 M18,13.74 L26,18 26,18 18,22.28\" dur=\"0.1s\" keySplines=\".4 0 1 1\" repeatCount=\"1\" data-play=\"M11,10 L18,13.74 18,22.28 11,26 M18,13.74 L26,18 26,18 18,22.28\" data-pause=\"M11,10 L17,10 17,26 11,26 M20,10 L26,10 26,26 20,26\"><\/animate>\n  <\/path>\n<\/svg>\n<\/button>\n        <p class=\"text-base text-center\">Zuh\u00f6ren<\/p>\n      <\/div>\n    <\/div>\n\n    \n          <div class=\"flex flex-wrap justify-between gap-6 md:justify-start\">\n                  <button data-target=\"#transcription-374c910c698a949819becf65c220066e\" data-toggle=\"modal\" class=\"flex items-center gap-2\">\n            <svg class=\"w-6 h-6\" fill=\"none\" xmlns=\"http:\/\/www.w3.org\/2000\/svg\" viewBox=\"0 0 22 12\"><path d=\"M0 9.873v-6c0-.55.196-1.02.588-1.412A1.926 1.926 0 0 1 2 1.873h2c.55 0 1.02.196 1.412.588.392.391.588.862.588 1.412v6H4v-2H2v2H0Zm2-4h2v-2H2v2Zm6 4v-8h4c.55 0 1.02.196 1.412.588.392.391.588.862.588 1.412v4c0 .55-.196 1.021-.588 1.413A1.926 1.926 0 0 1 12 9.873H8Zm2-2h2v-4h-2v4Zm6.85.8-1.4-1.425c.183-.183.32-.391.413-.625.091-.233.137-.483.137-.75 0-.283-.046-.537-.137-.762a1.85 1.85 0 0 0-.413-.613l1.4-1.45c.367.367.65.792.85 1.275.2.484.3 1 .3 1.55s-.1 1.063-.3 1.538c-.2.475-.483.896-.85 1.262Zm2.825 2.825-1.45-1.375c.55-.55.983-1.187 1.3-1.912A5.775 5.775 0 0 0 20 5.873c0-.85-.158-1.633-.475-2.35a6.217 6.217 0 0 0-1.3-1.9l1.45-1.4a7.94 7.94 0 0 1 1.712 2.55c.409.967.613 2 .613 3.1s-.204 2.13-.613 3.088a7.977 7.977 0 0 1-1.712 2.537Z\" fill=\"#000\"\/><\/svg>            <span>Transkription<\/span>\n          <\/button>\n                      <\/div>\n      <\/div>\n\n      <div id=\"transcription-374c910c698a949819becf65c220066e\"\n  class=\"fixed inset-0 z-50 hidden w-screen h-screen opacity-0 pointer-events-none modal transcription\"\n  tabindex=\"-1\" role=\"dialog\">\n  <div class=\"absolute w-full h-full bg-black opacity-75 modal-overlay\"><\/div>\n  <div\n    class=\"absolute z-30 w-11\/12 mx-auto overflow-y-auto text-black bg-white shadow-lg modal-container center-xy md:max-w-4xl\"\n    role=\"document\">\n    <div class=\"flex items-center justify-between px-4 py-4 text-gray-700 border-b md:px-8\">\n      <h2 class=\"!mb-0 font-bold\">Transkription<\/h2>\n      <div class=\"z-50 flex flex-col items-center ml-auto cursor-pointer rtl:ml-0 rtl:mr-auto modal-close\">\n        <svg class=\"w-auto h-6\" width=\"18\" height=\"23\" xmlns=\"http:\/\/www.w3.org\/2000\/svg\">\n  <g stroke=\"currentColor\" fill=\"none\" fill-rule=\"evenodd\" stroke-linecap=\"square\">\n    <path d=\"M.7248.974l16.1076 20.6167M16.655 1.2654L.9097 22.1601\" \/>\n  <\/g>\n<\/svg>        <div class=\"hidden\">Close<\/div>\n      <\/div>\n    <\/div>\n    <div class=\"px-4 py-8 overflow-y-auto max-h-modal md:px-8 modal-content\">\n      <div class=\"mb-8 flex flex-col gap-1.5\">\n                      <h3 class=\"text-xl font-bold\">Wandmalereien und ihre lehrreiche Funktion<\/h3>\n                            <\/div>\n            <p>Im Inneren der Kirche Sant Joan fallen die zahlreichen Wandmalereien, die Lebendigkeit der verwendeten Farben und die Vielfalt der dargestellten Themen auf. Wie bei den \u00e4u\u00dferen Malereien, handelt es sich bei Diesen nicht um die Originale, sondern um originalgetreue Reproduktionen derjenige, die im MNAC aufbewahrt sind.<br \/>\nUnd welchen Sinn hatten all diese Szenen, die die W\u00e4nde einer Kirche schm\u00fcckten? Die Bedeutung der Wandmalereien im Mittelalter war sehr gro\u00df, denn sie waren nicht nur der Ehre Gottes gewidmet und ein Machtinstrument, sondern hatten auch eine lehrende Funktion, da die meisten Menschen nicht lesen konnten und das Bild zusammen mit dem Wort die wirksamste Form der Evangelisierung war.<br \/>\nDie Themen der Malereien sind vielf\u00e4ltig und lassen sich in zwei Darstellungsebenen unterteilen: auf der einen Seite die Heiligen oder Seligen, die den gr\u00f6\u00dften Teil der W\u00e4nde einnehmen und das himmlische Universum repr\u00e4sentieren; auf der anderen Seite die Wesen des Bestiariums, Kreaturen, die die irdische Welt bev\u00f6lkern und die in Szenen unter den vorherigen, unter den B\u00f6gen, dargestellt werden. Den Abschluss des Repertoires bildet das J\u00fcngste Gericht, das an der Wand neben der T\u00fcr dargestellt w\u00e4re, doch diese Gem\u00e4lde sind in der Kirche nicht reproduziert.<br \/>\nWas die Heiligen betrifft, so ist eine der wichtigsten Szenen die Steinigung des Heiligen Stephanus. Um sie zu finden, gehen Sie zum Ende des linken Seitenschiffs und schauen Sie nach oben und nach rechts, \u00fcber eine der Arkaden. In dieser Szene wird die St\u00e4rke des M\u00e4rtyrers als Vorbild dargestellt, die Pr\u00fcfungen und Schwierigkeiten, die der gute Gl\u00e4ubige \u00fcberwinden muss.<br \/>\nDie n\u00e4chste hervorgehobene Szene befindet sich an der linken Wand. Es ist die Szene des Minnes\u00e4ngers, mit einem Musiker, einem Gaukler und einem Seilt\u00e4nzer, der kopf\u00fcber h\u00e4ngt und versucht, die Schwerter mit dem Mund zu fangen. Sie ist eines der kuriosesten des Ensembles, weil sie eines der wenigen ist, die keinen religi\u00f6sen Charakter hat. Sie ist eine Darstellung des Festes und der Feier im himmlischen Universum, der Musik und der Freude, an der die heiligen Figuren teilnehmen. Es k\u00f6nnte aber auch mit der Feier der Kirchenweihe zu tun haben; ein Thema, das \u00fcbrigens in der katalanischen Romanik nicht sehr verbreitet ist.<br \/>\nBetrachten Sie nun die Wesen des Bestiariums, die realen und fantastischen Tiere, die sich haupts\u00e4chlich auf den S\u00e4ulen befinden. Diese Wesen wurden mit einer moralisierenden Bedeutung dargestellt, und ihre Sitten und Gebr\u00e4uche verk\u00f6rperten menschliche Laster und Tugenden. Sie k\u00f6nnen einen Elefanten, einen L\u00f6wen, einen Panther oder ein Kamel sehen. Und an der Seitent\u00fcr ein Hahn, der die Ankunft eines neuen Tages und die Auferstehung Christi symbolisiert.<br \/>\nM\u00f6chten Sie sehen, wie diese Kirche gemalt wurde? Aktivieren Sie die virtuelle Ressource und Sie werden sehen wie die Meister im 12. Jahrhundert gearbeitet haben. Gehen Sie dann zum Eingang und stellen Sie sich im linken Seitenschiff mit Blick auf die T\u00fcr auf.<\/p>\n    <\/div>\n  <\/div>\n<\/div>\n    <\/section>\n\n\n<div class=\"flex flex-col gap-3 element interactive-block\">\n  <div class=\"flex items-center gap-6\">\n              <h2 class=\"text-2xl font-bold\">Virtuelle Ressource: 360\u00b0-Nachbildung des Innenraums der Kirche im 11. Jahrhundert.<\/h2>\n      <\/div>\n          <div class=\"flex justify-end w-full\">\n      <div class=\"flex flex-col items-center gap-2 shrink-1\">\n        <button data-target=\"#embed-69f5c6580bc96\" data-toggle=\"modal\"\n          class=\"flex items-center justify-center w-32 h-32 bg-black rounded-full text-accent\">\n          <svg class=\"w-16 h-auto\" width=\"60\" height=\"61\" viewBox=\"0 0 60 61\" fill=\"none\" xmlns=\"http:\/\/www.w3.org\/2000\/svg\">\n  <mask id=\"mask0_3878_987\" style=\"mask-type:alpha\" maskUnits=\"userSpaceOnUse\" x=\"0\" y=\"0\" width=\"60\" height=\"61\">\n    <rect y=\"0.873047\" width=\"60\" height=\"60\" fill=\"white\" \/>\n  <\/mask>\n  <g mask=\"url(#mask0_3878_987)\">\n    <path\n      d=\"M21 49.873L16.8 45.673L22.05 40.273C15.65 39.423 10.375 37.673 6.225 35.023C2.075 32.373 0 29.323 0 25.873C0 21.723 2.8875 18.1855 8.6625 15.2605C14.4375 12.3355 21.55 10.873 30 10.873C38.45 10.873 45.5625 12.3355 51.3375 15.2605C57.1125 18.1855 60 21.723 60 25.873C60 28.973 58.3375 31.748 55.0125 34.198C51.6875 36.648 47.35 38.473 42 39.673V33.523C45.85 32.523 48.8125 31.2855 50.8875 29.8105C52.9625 28.3355 54 27.023 54 25.873C54 24.273 51.8625 22.373 47.5875 20.173C43.3125 17.973 37.45 16.873 30 16.873C22.55 16.873 16.6875 17.973 12.4125 20.173C8.1375 22.373 6 24.273 6 25.873C6 27.073 7.275 28.5105 9.825 30.1855C12.375 31.8605 16 33.123 20.7 33.973L16.8 30.073L21 25.873L33 37.873L21 49.873Z\"\n      fill=\"currentColor\" \/>\n  <\/g>\n<\/svg>\n        <\/button>\n                  <p class=\"text-base text-center\">Anschauen<\/p>\n              <\/div>\n    <\/div>\n    <div id=\"embed-69f5c6580bc96\"\n  class=\"fixed inset-0 z-50 hidden w-screen h-screen opacity-0 pointer-events-none modal embed-container\"\n  tabindex=\"-1\" role=\"dialog\">\n  <div class=\"absolute w-full h-full bg-black opacity-75 modal-overlay\"><\/div>\n  <div\n    class=\"absolute z-30 w-11\/12 mx-auto overflow-y-auto text-black bg-white shadow-lg modal-container center-xy md:max-w-4xl\"\n    role=\"document\">\n    <div class=\"flex items-center justify-between px-4 py-4 text-gray-700 border-b md:px-8\">\n      <h2 class=\"!mb-0 font-bold\">Anschauen<\/h2>\n      <div class=\"z-50 flex flex-col items-center ml-auto cursor-pointer rtl:ml-0 rtl:mr-auto modal-close\">\n        <svg class=\"w-auto h-6\" width=\"18\" height=\"23\" xmlns=\"http:\/\/www.w3.org\/2000\/svg\">\n  <g stroke=\"currentColor\" fill=\"none\" fill-rule=\"evenodd\" stroke-linecap=\"square\">\n    <path d=\"M.7248.974l16.1076 20.6167M16.655 1.2654L.9097 22.1601\" \/>\n  <\/g>\n<\/svg>        <div class=\"hidden\">Close<\/div>\n      <\/div>\n    <\/div>\n    <div class=\"px-4 py-8 overflow-y-auto max-h-modal md:px-8 modal-content\">\n      <p><iframe loading=\"lazy\" src=\"https:\/\/guiesullsdelahistoria.cat\/static\/360-boi\/index.htm\" width=\"1920\" height=\"1080\" frameborder=\"0\"><\/iframe><\/p>\n    <\/div>\n  <\/div>\n<\/div>\n  <\/div>\n\n\n<div class=\"flex flex-col gap-3 element text-block\">\n  <div class=\"flex items-center gap-6\">\n              <h2 class=\"text-2xl font-bold\">5e Basis des Seitenschiffes<\/h2>\n      <\/div>\n    <\/div>\n\n\n<div class=\"flex flex-col gap-6 element image-block\">\n  <div class=\"flex flex-col gap-3\">\n      <\/div>\n      <figure>\n      <img loading=\"lazy\" decoding=\"async\" width=\"1600\" height=\"1078\" src=\"https:\/\/guiesullsdelahistoria.cat\/app\/uploads\/2024\/11\/Sant_Joan_de_Boi_imatge_monstre_apocaliptic.jpg\" class=\"w-full h-auto\" alt=\"Originalfragment einer Malerei aus der Kirche von Sant Joan de Bo\u00ed, das ein Biest mit sieben K\u00f6pfen darstellt und im MNAC ausgestellt ist.\" srcset=\"https:\/\/guiesullsdelahistoria.cat\/app\/uploads\/2024\/11\/Sant_Joan_de_Boi_imatge_monstre_apocaliptic.jpg 1600w, https:\/\/guiesullsdelahistoria.cat\/app\/uploads\/2024\/11\/Sant_Joan_de_Boi_imatge_monstre_apocaliptic-300x202.jpg 300w, https:\/\/guiesullsdelahistoria.cat\/app\/uploads\/2024\/11\/Sant_Joan_de_Boi_imatge_monstre_apocaliptic-1024x690.jpg 1024w, https:\/\/guiesullsdelahistoria.cat\/app\/uploads\/2024\/11\/Sant_Joan_de_Boi_imatge_monstre_apocaliptic-768x517.jpg 768w, https:\/\/guiesullsdelahistoria.cat\/app\/uploads\/2024\/11\/Sant_Joan_de_Boi_imatge_monstre_apocaliptic-1536x1035.jpg 1536w\" sizes=\"auto, (max-width: 1600px) 100vw, 1600px\" \/>\n              <figcaption class=\"pt-2 text-gray-800\">Originalmalerei der apokalyptischen Bestie von Sant Joan de Bo\u00ed, aufbewahrt im Museu Nacional d&#8217;Art de Catalunya.<\/figcaption>\n          <\/figure>\n  <\/div>\n\n\n<section class=\"element audio-block\">\n  <div class=\"flex flex-col w-full gap-6\">\n    <div class=\"flex flex-col gap-3\">\n      <div class=\"flex gap-6\">\n                          <h2 class=\"text-2xl font-bold\">Das Monster der Apokalypse und der S\u00fcnder<\/h2>\n              <\/div>\n          <\/div>\n    <div class=\"flex items-center justify-end gap-3\">\n              <div class=\"flex-1 audio-content\" dir=\"ltr\">\n          <audio id=\"audio-7a12575788f403e05fb523ceb647b6ed\" data-label=\"Das Monster der Apokalypse und der S\u00fcnder\"\n            data-category=\"SANT-JOAN-DE-BOI-DE-GENERAL-PLAY-4.mp3\" class=\"hidden\" controls\n            src=\"https:\/\/guiesullsdelahistoria.cat\/app\/uploads\/2024\/11\/SANT-JOAN-DE-BOI-DE-GENERAL-PLAY-4.mp3\"><\/audio>\n          <div class=\"flex items-center w-full gap-3 transition-opacity opacity-0 meta\">\n            <progress class=\"flex-1 border-0 appearance-none\" value=\"0\" max=\"1\"><\/progress>\n            <div class=\"text-sm text-center shrink-0 current-time w-9\"><\/div>\n                      <\/div>\n        <\/div>\n            <div class=\"flex flex-col items-center gap-2 shrink-1 audio-control\">\n        <button\n  class=\"flex items-center justify-center w-32 max-w-32 h-32 max-h-32 transition-[max-height,_max-width] bg-black rounded-full btn text-accent\"\n  data-target=\"#audio-7a12575788f403e05fb523ceb647b6ed\">\n  <svg width=\"100%\" height=\"100%\" viewBox=\"0 0 36 36\" version=\"1.1\" xmlns=\"http:\/\/www.w3.org\/2000\/svg\" xmlns:xlink=\"http:\/\/www.w3.org\/1999\/xlink\">\n  <path id=\"ytp-12\" d=\"M11,10 L18,13.74 18,22.28 11,26 M18,13.74 L26,18 26,18 18,22.28\" fill=\"currentColor\">\n    <animate id=\"animation\" begin=\"indefinite\" attributeType=\"XML\" attributeName=\"d\" fill=\"freeze\" from=\"M11,10 L17,10 17,26 11,26 M20,10 L26,10 26,26 20,26\" to=\"M11,10 L18,13.74 18,22.28 11,26 M18,13.74 L26,18 26,18 18,22.28\" dur=\"0.1s\" keySplines=\".4 0 1 1\" repeatCount=\"1\" data-play=\"M11,10 L18,13.74 18,22.28 11,26 M18,13.74 L26,18 26,18 18,22.28\" data-pause=\"M11,10 L17,10 17,26 11,26 M20,10 L26,10 26,26 20,26\"><\/animate>\n  <\/path>\n<\/svg>\n<\/button>\n        <p class=\"text-base text-center\">Zuh\u00f6ren<\/p>\n      <\/div>\n    <\/div>\n\n    \n          <div class=\"flex flex-wrap justify-between gap-6 md:justify-start\">\n                  <button data-target=\"#transcription-7a12575788f403e05fb523ceb647b6ed\" data-toggle=\"modal\" class=\"flex items-center gap-2\">\n            <svg class=\"w-6 h-6\" fill=\"none\" xmlns=\"http:\/\/www.w3.org\/2000\/svg\" viewBox=\"0 0 22 12\"><path d=\"M0 9.873v-6c0-.55.196-1.02.588-1.412A1.926 1.926 0 0 1 2 1.873h2c.55 0 1.02.196 1.412.588.392.391.588.862.588 1.412v6H4v-2H2v2H0Zm2-4h2v-2H2v2Zm6 4v-8h4c.55 0 1.02.196 1.412.588.392.391.588.862.588 1.412v4c0 .55-.196 1.021-.588 1.413A1.926 1.926 0 0 1 12 9.873H8Zm2-2h2v-4h-2v4Zm6.85.8-1.4-1.425c.183-.183.32-.391.413-.625.091-.233.137-.483.137-.75 0-.283-.046-.537-.137-.762a1.85 1.85 0 0 0-.413-.613l1.4-1.45c.367.367.65.792.85 1.275.2.484.3 1 .3 1.55s-.1 1.063-.3 1.538c-.2.475-.483.896-.85 1.262Zm2.825 2.825-1.45-1.375c.55-.55.983-1.187 1.3-1.912A5.775 5.775 0 0 0 20 5.873c0-.85-.158-1.633-.475-2.35a6.217 6.217 0 0 0-1.3-1.9l1.45-1.4a7.94 7.94 0 0 1 1.712 2.55c.409.967.613 2 .613 3.1s-.204 2.13-.613 3.088a7.977 7.977 0 0 1-1.712 2.537Z\" fill=\"#000\"\/><\/svg>            <span>Transkription<\/span>\n          <\/button>\n                      <\/div>\n      <\/div>\n\n      <div id=\"transcription-7a12575788f403e05fb523ceb647b6ed\"\n  class=\"fixed inset-0 z-50 hidden w-screen h-screen opacity-0 pointer-events-none modal transcription\"\n  tabindex=\"-1\" role=\"dialog\">\n  <div class=\"absolute w-full h-full bg-black opacity-75 modal-overlay\"><\/div>\n  <div\n    class=\"absolute z-30 w-11\/12 mx-auto overflow-y-auto text-black bg-white shadow-lg modal-container center-xy md:max-w-4xl\"\n    role=\"document\">\n    <div class=\"flex items-center justify-between px-4 py-4 text-gray-700 border-b md:px-8\">\n      <h2 class=\"!mb-0 font-bold\">Transkription<\/h2>\n      <div class=\"z-50 flex flex-col items-center ml-auto cursor-pointer rtl:ml-0 rtl:mr-auto modal-close\">\n        <svg class=\"w-auto h-6\" width=\"18\" height=\"23\" xmlns=\"http:\/\/www.w3.org\/2000\/svg\">\n  <g stroke=\"currentColor\" fill=\"none\" fill-rule=\"evenodd\" stroke-linecap=\"square\">\n    <path d=\"M.7248.974l16.1076 20.6167M16.655 1.2654L.9097 22.1601\" \/>\n  <\/g>\n<\/svg>        <div class=\"hidden\">Close<\/div>\n      <\/div>\n    <\/div>\n    <div class=\"px-4 py-8 overflow-y-auto max-h-modal md:px-8 modal-content\">\n      <div class=\"mb-8 flex flex-col gap-1.5\">\n                      <h3 class=\"text-xl font-bold\">Das Monster der Apokalypse und der S\u00fcnder<\/h3>\n                            <\/div>\n            <p>An der Mauer links von der Ausgangst\u00fcr befindet sich ein Fabeltier, das mit der Apokalypse in Verbindung steht. Es ist ein Ungeheuer mit sieben K\u00f6pfen und zehn H\u00f6rnern. Schreckliche Szenen wie diese wurden immer an die Ausgangsmauer gemalt, um die Gl\u00e4ubigen vor ihrer R\u00fcckkehr nach Hause an das Unheil zu erinnern, das ihnen drohte, wenn sie ungehorsam waren.<br \/>\nUnd es gibt noch eine weitere Szene, die sehr eindrucksvoll ist und die Sie vielleicht schon gesehen haben. Wenn Sie mit dem R\u00fccken zum siebenk\u00f6pfigen Ungeheuer stehen und nach oben schauen, sehen Sie im zweiten Torbogen den S\u00fcnder. Er ist eine Figur mit einer Beinprothese und sichtbaren Geschlechtsteilen \u2013 auch wenn sich jemand die M\u00fche gemacht hat, sie zu entfernen \u2013, die offenbar masturbiert. In diesem Fall verbindet die Religion einen k\u00f6rperlichen Mangel mit einem moralischen Mangel. <\/p>\n    <\/div>\n  <\/div>\n<\/div>\n    <\/section>\n\n\n<div class=\"flex flex-col gap-3 element text-block\">\n  <div class=\"flex items-center gap-6\">\n              <h2 class=\"text-2xl font-bold\">5f Wir warten auf Sie!<\/h2>\n      <\/div>\n    <\/div>\n\n\n<section class=\"element audio-block\">\n  <div class=\"flex flex-col w-full gap-6\">\n    <div class=\"flex flex-col gap-3\">\n      <div class=\"flex gap-6\">\n                          <h2 class=\"text-2xl font-bold\">Der Besuch geht weiter<\/h2>\n              <\/div>\n          <\/div>\n    <div class=\"flex items-center justify-end gap-3\">\n              <div class=\"flex-1 audio-content\" dir=\"ltr\">\n          <audio id=\"audio-2eb1c8e32108afd7ef2f17b32b52069c\" data-label=\"Der Besuch geht weiter\"\n            data-category=\"SANT-JOAN-DE-BOI-DE-GENERAL-PLAY-CLOENDA.mp3\" class=\"hidden\" controls\n            src=\"https:\/\/guiesullsdelahistoria.cat\/app\/uploads\/2024\/11\/SANT-JOAN-DE-BOI-DE-GENERAL-PLAY-CLOENDA.mp3\"><\/audio>\n          <div class=\"flex items-center w-full gap-3 transition-opacity opacity-0 meta\">\n            <progress class=\"flex-1 border-0 appearance-none\" value=\"0\" max=\"1\"><\/progress>\n            <div class=\"text-sm text-center shrink-0 current-time w-9\"><\/div>\n                      <\/div>\n        <\/div>\n            <div class=\"flex flex-col items-center gap-2 shrink-1 audio-control\">\n        <button\n  class=\"flex items-center justify-center w-32 max-w-32 h-32 max-h-32 transition-[max-height,_max-width] bg-black rounded-full btn text-accent\"\n  data-target=\"#audio-2eb1c8e32108afd7ef2f17b32b52069c\">\n  <svg width=\"100%\" height=\"100%\" viewBox=\"0 0 36 36\" version=\"1.1\" xmlns=\"http:\/\/www.w3.org\/2000\/svg\" xmlns:xlink=\"http:\/\/www.w3.org\/1999\/xlink\">\n  <path id=\"ytp-12\" d=\"M11,10 L18,13.74 18,22.28 11,26 M18,13.74 L26,18 26,18 18,22.28\" fill=\"currentColor\">\n    <animate id=\"animation\" begin=\"indefinite\" attributeType=\"XML\" attributeName=\"d\" fill=\"freeze\" from=\"M11,10 L17,10 17,26 11,26 M20,10 L26,10 26,26 20,26\" to=\"M11,10 L18,13.74 18,22.28 11,26 M18,13.74 L26,18 26,18 18,22.28\" dur=\"0.1s\" keySplines=\".4 0 1 1\" repeatCount=\"1\" data-play=\"M11,10 L18,13.74 18,22.28 11,26 M18,13.74 L26,18 26,18 18,22.28\" data-pause=\"M11,10 L17,10 17,26 11,26 M20,10 L26,10 26,26 20,26\"><\/animate>\n  <\/path>\n<\/svg>\n<\/button>\n        <p class=\"text-base text-center\">Zuh\u00f6ren<\/p>\n      <\/div>\n    <\/div>\n\n    \n          <div class=\"flex flex-wrap justify-between gap-6 md:justify-start\">\n                  <button data-target=\"#transcription-2eb1c8e32108afd7ef2f17b32b52069c\" data-toggle=\"modal\" class=\"flex items-center gap-2\">\n            <svg class=\"w-6 h-6\" fill=\"none\" xmlns=\"http:\/\/www.w3.org\/2000\/svg\" viewBox=\"0 0 22 12\"><path d=\"M0 9.873v-6c0-.55.196-1.02.588-1.412A1.926 1.926 0 0 1 2 1.873h2c.55 0 1.02.196 1.412.588.392.391.588.862.588 1.412v6H4v-2H2v2H0Zm2-4h2v-2H2v2Zm6 4v-8h4c.55 0 1.02.196 1.412.588.392.391.588.862.588 1.412v4c0 .55-.196 1.021-.588 1.413A1.926 1.926 0 0 1 12 9.873H8Zm2-2h2v-4h-2v4Zm6.85.8-1.4-1.425c.183-.183.32-.391.413-.625.091-.233.137-.483.137-.75 0-.283-.046-.537-.137-.762a1.85 1.85 0 0 0-.413-.613l1.4-1.45c.367.367.65.792.85 1.275.2.484.3 1 .3 1.55s-.1 1.063-.3 1.538c-.2.475-.483.896-.85 1.262Zm2.825 2.825-1.45-1.375c.55-.55.983-1.187 1.3-1.912A5.775 5.775 0 0 0 20 5.873c0-.85-.158-1.633-.475-2.35a6.217 6.217 0 0 0-1.3-1.9l1.45-1.4a7.94 7.94 0 0 1 1.712 2.55c.409.967.613 2 .613 3.1s-.204 2.13-.613 3.088a7.977 7.977 0 0 1-1.712 2.537Z\" fill=\"#000\"\/><\/svg>            <span>Transkription<\/span>\n          <\/button>\n                      <\/div>\n      <\/div>\n\n      <div id=\"transcription-2eb1c8e32108afd7ef2f17b32b52069c\"\n  class=\"fixed inset-0 z-50 hidden w-screen h-screen opacity-0 pointer-events-none modal transcription\"\n  tabindex=\"-1\" role=\"dialog\">\n  <div class=\"absolute w-full h-full bg-black opacity-75 modal-overlay\"><\/div>\n  <div\n    class=\"absolute z-30 w-11\/12 mx-auto overflow-y-auto text-black bg-white shadow-lg modal-container center-xy md:max-w-4xl\"\n    role=\"document\">\n    <div class=\"flex items-center justify-between px-4 py-4 text-gray-700 border-b md:px-8\">\n      <h2 class=\"!mb-0 font-bold\">Transkription<\/h2>\n      <div class=\"z-50 flex flex-col items-center ml-auto cursor-pointer rtl:ml-0 rtl:mr-auto modal-close\">\n        <svg class=\"w-auto h-6\" width=\"18\" height=\"23\" xmlns=\"http:\/\/www.w3.org\/2000\/svg\">\n  <g stroke=\"currentColor\" fill=\"none\" fill-rule=\"evenodd\" stroke-linecap=\"square\">\n    <path d=\"M.7248.974l16.1076 20.6167M16.655 1.2654L.9097 22.1601\" \/>\n  <\/g>\n<\/svg>        <div class=\"hidden\">Close<\/div>\n      <\/div>\n    <\/div>\n    <div class=\"px-4 py-8 overflow-y-auto max-h-modal md:px-8 modal-content\">\n      <div class=\"mb-8 flex flex-col gap-1.5\">\n                      <h3 class=\"text-xl font-bold\">Der Besuch geht weiter<\/h3>\n                            <\/div>\n            <p>Hier endet der Besuch der Kirche. Wir laden Sie nun ein, die anderen Werke des romanischen Ensembles von La Vall de Bo\u00ed zu entdecken und freuen uns auf Ihren Besuch!<\/p>\n    <\/div>\n  <\/div>\n<\/div>\n    <\/section>\n\n\n<div class=\"flex flex-col gap-3 element text-block\">\n  <div class=\"flex items-center gap-6\">\n              <h2 class=\"text-2xl font-bold\">Schlie\u00dfen<\/h2>\n      <\/div>\n        <div class=\"prose prose-lg\"><p>&#8220;<em>Els Ulls de la Hist\u00f2ria<\/em>. Ein immersiver Blick auf das kulturelle Erbe&#8221; ist eine Initiative der Ag\u00e8ncia Catalana del Patrimoni Cultural.<br \/>\nDieses Projekt bezieht andere Stimmen und andere Blickwinkel auf unsere Vergangenheit mit ein. Denn wir alle sind Teil der Geschichte und formen sie mit.<\/p>\n<\/div>\n  <\/div>\n\n<\/div>\n      <\/div>\n    <\/div>\n  <\/section>\n\n\n<section class=\"overflow-hidden section\" id=\"section-69f5c6581db6e\" data-title=\"6. Sant Quirc de Durro\">\n    <div class=\"container grid grid-cols-1 py-8 md:py-10 max-md:gap-y-8 md:grid-standard\">\n              <div class=\"flex gap-4 md:col-span-5\">\n                                <h2 class=\"text-8 font-headings\">6. Sant Quirc de Durro<\/h2>\n                  <\/div>\n            <div class=\"flex flex-col gap-8 md:col-span-6 md:col-start-7 md:gap-10\">\n        <div class=\"acf-innerblocks-container\">\n<div class=\"flex flex-col gap-3 element text-block\">\n  <div class=\"flex items-center gap-6\">\n              <h2 class=\"text-2xl font-bold\">6a Einf\u00fchrung<\/h2>\n      <\/div>\n    <\/div>\n\n\n<div class=\"flex flex-col gap-6 element image-block\">\n  <div class=\"flex flex-col gap-3\">\n      <\/div>\n      <figure>\n      <img loading=\"lazy\" decoding=\"async\" width=\"1600\" height=\"1177\" src=\"https:\/\/guiesullsdelahistoria.cat\/app\/uploads\/2024\/11\/Sant_Quirc_de_Durro_general_amb_faro.jpg\" class=\"w-full h-auto\" alt=\"Au\u00dfenansicht der Einsiedelei von Sant Quirc de Durro von der Seite aus gesehen, mit dem \u201eFaro\u201c im Hintergrund und den Bergen im Hintergrund.\" srcset=\"https:\/\/guiesullsdelahistoria.cat\/app\/uploads\/2024\/11\/Sant_Quirc_de_Durro_general_amb_faro.jpg 1600w, https:\/\/guiesullsdelahistoria.cat\/app\/uploads\/2024\/11\/Sant_Quirc_de_Durro_general_amb_faro-300x221.jpg 300w, https:\/\/guiesullsdelahistoria.cat\/app\/uploads\/2024\/11\/Sant_Quirc_de_Durro_general_amb_faro-1024x753.jpg 1024w, https:\/\/guiesullsdelahistoria.cat\/app\/uploads\/2024\/11\/Sant_Quirc_de_Durro_general_amb_faro-768x565.jpg 768w, https:\/\/guiesullsdelahistoria.cat\/app\/uploads\/2024\/11\/Sant_Quirc_de_Durro_general_amb_faro-1536x1130.jpg 1536w\" sizes=\"auto, (max-width: 1600px) 100vw, 1600px\" \/>\n              <figcaption class=\"pt-2 text-gray-800\">Blick auf Sant Quirc de Durro. <\/figcaption>\n          <\/figure>\n  <\/div>\n\n\n<section class=\"element audio-block\">\n  <div class=\"flex flex-col w-full gap-6\">\n    <div class=\"flex flex-col gap-3\">\n      <div class=\"flex gap-6\">\n                          <h2 class=\"text-2xl font-bold\">La Vall de Bo\u00ed und seine Kirchen<\/h2>\n              <\/div>\n          <\/div>\n    <div class=\"flex items-center justify-end gap-3\">\n              <div class=\"flex-1 audio-content\" dir=\"ltr\">\n          <audio id=\"audio-5dfcf8f8564b63effc5c89b32c8f72ca\" data-label=\"La Vall de Bo\u00ed und seine Kirchen\"\n            data-category=\"SANT-QUIRC-DE-DURRO-DE-GENERAL-PLAY-0.mp3\" class=\"hidden\" controls\n            src=\"https:\/\/guiesullsdelahistoria.cat\/app\/uploads\/2024\/11\/SANT-QUIRC-DE-DURRO-DE-GENERAL-PLAY-0.mp3\"><\/audio>\n          <div class=\"flex items-center w-full gap-3 transition-opacity opacity-0 meta\">\n            <progress class=\"flex-1 border-0 appearance-none\" value=\"0\" max=\"1\"><\/progress>\n            <div class=\"text-sm text-center shrink-0 current-time w-9\"><\/div>\n                      <\/div>\n        <\/div>\n            <div class=\"flex flex-col items-center gap-2 shrink-1 audio-control\">\n        <button\n  class=\"flex items-center justify-center w-32 max-w-32 h-32 max-h-32 transition-[max-height,_max-width] bg-black rounded-full btn text-accent\"\n  data-target=\"#audio-5dfcf8f8564b63effc5c89b32c8f72ca\">\n  <svg width=\"100%\" height=\"100%\" viewBox=\"0 0 36 36\" version=\"1.1\" xmlns=\"http:\/\/www.w3.org\/2000\/svg\" xmlns:xlink=\"http:\/\/www.w3.org\/1999\/xlink\">\n  <path id=\"ytp-12\" d=\"M11,10 L18,13.74 18,22.28 11,26 M18,13.74 L26,18 26,18 18,22.28\" fill=\"currentColor\">\n    <animate id=\"animation\" begin=\"indefinite\" attributeType=\"XML\" attributeName=\"d\" fill=\"freeze\" from=\"M11,10 L17,10 17,26 11,26 M20,10 L26,10 26,26 20,26\" to=\"M11,10 L18,13.74 18,22.28 11,26 M18,13.74 L26,18 26,18 18,22.28\" dur=\"0.1s\" keySplines=\".4 0 1 1\" repeatCount=\"1\" data-play=\"M11,10 L18,13.74 18,22.28 11,26 M18,13.74 L26,18 26,18 18,22.28\" data-pause=\"M11,10 L17,10 17,26 11,26 M20,10 L26,10 26,26 20,26\"><\/animate>\n  <\/path>\n<\/svg>\n<\/button>\n        <p class=\"text-base text-center\">Zuh\u00f6ren<\/p>\n      <\/div>\n    <\/div>\n\n    \n          <div class=\"flex flex-wrap justify-between gap-6 md:justify-start\">\n                  <button data-target=\"#transcription-5dfcf8f8564b63effc5c89b32c8f72ca\" data-toggle=\"modal\" class=\"flex items-center gap-2\">\n            <svg class=\"w-6 h-6\" fill=\"none\" xmlns=\"http:\/\/www.w3.org\/2000\/svg\" viewBox=\"0 0 22 12\"><path d=\"M0 9.873v-6c0-.55.196-1.02.588-1.412A1.926 1.926 0 0 1 2 1.873h2c.55 0 1.02.196 1.412.588.392.391.588.862.588 1.412v6H4v-2H2v2H0Zm2-4h2v-2H2v2Zm6 4v-8h4c.55 0 1.02.196 1.412.588.392.391.588.862.588 1.412v4c0 .55-.196 1.021-.588 1.413A1.926 1.926 0 0 1 12 9.873H8Zm2-2h2v-4h-2v4Zm6.85.8-1.4-1.425c.183-.183.32-.391.413-.625.091-.233.137-.483.137-.75 0-.283-.046-.537-.137-.762a1.85 1.85 0 0 0-.413-.613l1.4-1.45c.367.367.65.792.85 1.275.2.484.3 1 .3 1.55s-.1 1.063-.3 1.538c-.2.475-.483.896-.85 1.262Zm2.825 2.825-1.45-1.375c.55-.55.983-1.187 1.3-1.912A5.775 5.775 0 0 0 20 5.873c0-.85-.158-1.633-.475-2.35a6.217 6.217 0 0 0-1.3-1.9l1.45-1.4a7.94 7.94 0 0 1 1.712 2.55c.409.967.613 2 .613 3.1s-.204 2.13-.613 3.088a7.977 7.977 0 0 1-1.712 2.537Z\" fill=\"#000\"\/><\/svg>            <span>Transkription<\/span>\n          <\/button>\n                      <\/div>\n      <\/div>\n\n      <div id=\"transcription-5dfcf8f8564b63effc5c89b32c8f72ca\"\n  class=\"fixed inset-0 z-50 hidden w-screen h-screen opacity-0 pointer-events-none modal transcription\"\n  tabindex=\"-1\" role=\"dialog\">\n  <div class=\"absolute w-full h-full bg-black opacity-75 modal-overlay\"><\/div>\n  <div\n    class=\"absolute z-30 w-11\/12 mx-auto overflow-y-auto text-black bg-white shadow-lg modal-container center-xy md:max-w-4xl\"\n    role=\"document\">\n    <div class=\"flex items-center justify-between px-4 py-4 text-gray-700 border-b md:px-8\">\n      <h2 class=\"!mb-0 font-bold\">Transkription<\/h2>\n      <div class=\"z-50 flex flex-col items-center ml-auto cursor-pointer rtl:ml-0 rtl:mr-auto modal-close\">\n        <svg class=\"w-auto h-6\" width=\"18\" height=\"23\" xmlns=\"http:\/\/www.w3.org\/2000\/svg\">\n  <g stroke=\"currentColor\" fill=\"none\" fill-rule=\"evenodd\" stroke-linecap=\"square\">\n    <path d=\"M.7248.974l16.1076 20.6167M16.655 1.2654L.9097 22.1601\" \/>\n  <\/g>\n<\/svg>        <div class=\"hidden\">Close<\/div>\n      <\/div>\n    <\/div>\n    <div class=\"px-4 py-8 overflow-y-auto max-h-modal md:px-8 modal-content\">\n      <div class=\"mb-8 flex flex-col gap-1.5\">\n                      <h3 class=\"text-xl font-bold\">La Vall de Bo\u00ed und seine Kirchen<\/h3>\n                            <\/div>\n            <p>Wir hei\u00dfen Sie in La Vall de Bo\u00ed willkommen und laden Sie ein, dieses au\u00dfergew\u00f6hnliche Ensemble von Kirchen zu entdecken, die als einer der gr\u00f6\u00dften Ausdrucksformen der katalanischen romanischen Kunst gilt und im Jahr 2000 in die Liste des UNESCO-Weltkulturerbes aufgenommen wurde.<br \/>\nDas romanische Ensemble von La Vall de Bo\u00ed besteht aus neun Kirchen: Sant Climent und Santa Maria de Ta\u00fcll, Sant Joan de Bo\u00ed, Santa Eul\u00e0lia d\u2019Erill la Vall, Sant Feliu de Barruera, La Nativitat und Sant Quirc de Durro, Santa Maria de Cardet und Assumpci\u00f3 de C\u00f3ll.<br \/>\nAber was haben diese Kirchen gemeinsam? Warum sind sie so einzigartig? Welche ist ihre Geschichte?<br \/>\nSie wurden alle zwischen dem 11. und 12. Jahrhundert erbaut, in einer Zeit der Macht und des wirtschaftlichen Wohlstands des lokalen Adels, und weisen denselben architektonischen Stil auf, die Romanik, die in ganz Europa verbreitet war.<br \/>\nHeute wird ein gro\u00dfer Teil der Gem\u00e4lde, Schnitzereien und M\u00f6bel in mehreren katalanischen Museen aufbewahrt, insbesondere im Museu Nacional d\u2019Art de Catalunya. In einigen Kirchen befinden sich jedoch bedeutende Fragmente von originalen Wandmalereien und Skulpturen sowie Reproduktionen von den Werken, die in den Museen aufbewahrt werden.<br \/>\nMit dem F\u00fchrer, den Sie in den H\u00e4nden halten, werden Sie die au\u00dfergew\u00f6hnlichen Werte dieses romanischen Ensembles entdecken und jede der neun Kirchen mit ihren Geheimnissen und Kuriosit\u00e4ten kennen lernen k\u00f6nnen.<br \/>\nEin letzter Hinweis! Diese Berge sind geheimnisvoll: die Worte der Menschen, die sie bewohnt haben, sind oft in den T\u00e4lern gefangen geblieben und hallen durch die Zeit wie ein unmerkliches Echo. Dieser F\u00fchrer verf\u00fcgt \u00fcber einen Sensor, der jedes Mal aktiviert wird, wenn er eines auff\u00e4ngt. Keine Angst, h\u00f6ren Sie weiter zu.<\/p>\n    <\/div>\n  <\/div>\n<\/div>\n    <\/section>\n\n\n<div class=\"flex flex-col gap-3 element text-block\">\n  <div class=\"flex items-center gap-6\">\n              <h2 class=\"text-2xl font-bold\">6b Vorplatz<\/h2>\n      <\/div>\n    <\/div>\n\n\n<div class=\"flex flex-col gap-6 element image-block\">\n  <div class=\"flex flex-col gap-3\">\n      <\/div>\n      <figure>\n      <img loading=\"lazy\" decoding=\"async\" width=\"1600\" height=\"1066\" src=\"https:\/\/guiesullsdelahistoria.cat\/app\/uploads\/2024\/11\/MG_0127.jpg\" class=\"w-full h-auto\" alt=\"Au\u00dfenansicht der Einsiedelei von Sant Quirc de Durro, gekr\u00f6nt vom Glockengiebel und umgeben von Bergen.\" srcset=\"https:\/\/guiesullsdelahistoria.cat\/app\/uploads\/2024\/11\/MG_0127.jpg 1600w, https:\/\/guiesullsdelahistoria.cat\/app\/uploads\/2024\/11\/MG_0127-300x200.jpg 300w, https:\/\/guiesullsdelahistoria.cat\/app\/uploads\/2024\/11\/MG_0127-1024x682.jpg 1024w, https:\/\/guiesullsdelahistoria.cat\/app\/uploads\/2024\/11\/MG_0127-768x512.jpg 768w, https:\/\/guiesullsdelahistoria.cat\/app\/uploads\/2024\/11\/MG_0127-1536x1023.jpg 1536w\" sizes=\"auto, (max-width: 1600px) 100vw, 1600px\" \/>\n              <figcaption class=\"pt-2 text-gray-800\">Sant Quirc de Durro mit dem Glockengiebel.<\/figcaption>\n          <\/figure>\n  <\/div>\n\n\n<section class=\"element audio-block\">\n  <div class=\"flex flex-col w-full gap-6\">\n    <div class=\"flex flex-col gap-3\">\n      <div class=\"flex gap-6\">\n                          <h2 class=\"text-2xl font-bold\">Praktische und symbolische Funktionen<\/h2>\n              <\/div>\n          <\/div>\n    <div class=\"flex items-center justify-end gap-3\">\n              <div class=\"flex-1 audio-content\" dir=\"ltr\">\n          <audio id=\"audio-8cdba8bbe505705c173220ae98a82610\" data-label=\"Praktische und symbolische Funktionen\"\n            data-category=\"SANT-QUIRC-DE-DURRO-DE-GENERAL-PLAY-1.mp3\" class=\"hidden\" controls\n            src=\"https:\/\/guiesullsdelahistoria.cat\/app\/uploads\/2024\/11\/SANT-QUIRC-DE-DURRO-DE-GENERAL-PLAY-1.mp3\"><\/audio>\n          <div class=\"flex items-center w-full gap-3 transition-opacity opacity-0 meta\">\n            <progress class=\"flex-1 border-0 appearance-none\" value=\"0\" max=\"1\"><\/progress>\n            <div class=\"text-sm text-center shrink-0 current-time w-9\"><\/div>\n                      <\/div>\n        <\/div>\n            <div class=\"flex flex-col items-center gap-2 shrink-1 audio-control\">\n        <button\n  class=\"flex items-center justify-center w-32 max-w-32 h-32 max-h-32 transition-[max-height,_max-width] bg-black rounded-full btn text-accent\"\n  data-target=\"#audio-8cdba8bbe505705c173220ae98a82610\">\n  <svg width=\"100%\" height=\"100%\" viewBox=\"0 0 36 36\" version=\"1.1\" xmlns=\"http:\/\/www.w3.org\/2000\/svg\" xmlns:xlink=\"http:\/\/www.w3.org\/1999\/xlink\">\n  <path id=\"ytp-12\" d=\"M11,10 L18,13.74 18,22.28 11,26 M18,13.74 L26,18 26,18 18,22.28\" fill=\"currentColor\">\n    <animate id=\"animation\" begin=\"indefinite\" attributeType=\"XML\" attributeName=\"d\" fill=\"freeze\" from=\"M11,10 L17,10 17,26 11,26 M20,10 L26,10 26,26 20,26\" to=\"M11,10 L18,13.74 18,22.28 11,26 M18,13.74 L26,18 26,18 18,22.28\" dur=\"0.1s\" keySplines=\".4 0 1 1\" repeatCount=\"1\" data-play=\"M11,10 L18,13.74 18,22.28 11,26 M18,13.74 L26,18 26,18 18,22.28\" data-pause=\"M11,10 L17,10 17,26 11,26 M20,10 L26,10 26,26 20,26\"><\/animate>\n  <\/path>\n<\/svg>\n<\/button>\n        <p class=\"text-base text-center\">Zuh\u00f6ren<\/p>\n      <\/div>\n    <\/div>\n\n    \n          <div class=\"flex flex-wrap justify-between gap-6 md:justify-start\">\n                  <button data-target=\"#transcription-8cdba8bbe505705c173220ae98a82610\" data-toggle=\"modal\" class=\"flex items-center gap-2\">\n            <svg class=\"w-6 h-6\" fill=\"none\" xmlns=\"http:\/\/www.w3.org\/2000\/svg\" viewBox=\"0 0 22 12\"><path d=\"M0 9.873v-6c0-.55.196-1.02.588-1.412A1.926 1.926 0 0 1 2 1.873h2c.55 0 1.02.196 1.412.588.392.391.588.862.588 1.412v6H4v-2H2v2H0Zm2-4h2v-2H2v2Zm6 4v-8h4c.55 0 1.02.196 1.412.588.392.391.588.862.588 1.412v4c0 .55-.196 1.021-.588 1.413A1.926 1.926 0 0 1 12 9.873H8Zm2-2h2v-4h-2v4Zm6.85.8-1.4-1.425c.183-.183.32-.391.413-.625.091-.233.137-.483.137-.75 0-.283-.046-.537-.137-.762a1.85 1.85 0 0 0-.413-.613l1.4-1.45c.367.367.65.792.85 1.275.2.484.3 1 .3 1.55s-.1 1.063-.3 1.538c-.2.475-.483.896-.85 1.262Zm2.825 2.825-1.45-1.375c.55-.55.983-1.187 1.3-1.912A5.775 5.775 0 0 0 20 5.873c0-.85-.158-1.633-.475-2.35a6.217 6.217 0 0 0-1.3-1.9l1.45-1.4a7.94 7.94 0 0 1 1.712 2.55c.409.967.613 2 .613 3.1s-.204 2.13-.613 3.088a7.977 7.977 0 0 1-1.712 2.537Z\" fill=\"#000\"\/><\/svg>            <span>Transkription<\/span>\n          <\/button>\n                      <\/div>\n      <\/div>\n\n      <div id=\"transcription-8cdba8bbe505705c173220ae98a82610\"\n  class=\"fixed inset-0 z-50 hidden w-screen h-screen opacity-0 pointer-events-none modal transcription\"\n  tabindex=\"-1\" role=\"dialog\">\n  <div class=\"absolute w-full h-full bg-black opacity-75 modal-overlay\"><\/div>\n  <div\n    class=\"absolute z-30 w-11\/12 mx-auto overflow-y-auto text-black bg-white shadow-lg modal-container center-xy md:max-w-4xl\"\n    role=\"document\">\n    <div class=\"flex items-center justify-between px-4 py-4 text-gray-700 border-b md:px-8\">\n      <h2 class=\"!mb-0 font-bold\">Transkription<\/h2>\n      <div class=\"z-50 flex flex-col items-center ml-auto cursor-pointer rtl:ml-0 rtl:mr-auto modal-close\">\n        <svg class=\"w-auto h-6\" width=\"18\" height=\"23\" xmlns=\"http:\/\/www.w3.org\/2000\/svg\">\n  <g stroke=\"currentColor\" fill=\"none\" fill-rule=\"evenodd\" stroke-linecap=\"square\">\n    <path d=\"M.7248.974l16.1076 20.6167M16.655 1.2654L.9097 22.1601\" \/>\n  <\/g>\n<\/svg>        <div class=\"hidden\">Close<\/div>\n      <\/div>\n    <\/div>\n    <div class=\"px-4 py-8 overflow-y-auto max-h-modal md:px-8 modal-content\">\n      <div class=\"mb-8 flex flex-col gap-1.5\">\n                      <h3 class=\"text-xl font-bold\">Praktische und symbolische Funktionen<\/h3>\n                            <\/div>\n            <p>Wie Sie sehen, befindet sich die Einsiedelei von Sant Quirc in einer privilegierten Lage auf einer Hochebene des Durro-Gebirges in 1.500 m H\u00f6he.<br \/>\nSie werden sich vielleicht fragen, warum es hier gebaut wurde, an einem schwer zug\u00e4nglichen Ort und weit weg vom Dorf. Daf\u00fcr gibt es zwei Gr\u00fcnde.<br \/>\nErstens markierte die Einsiedelei die Grenze zwischen Weide- und Ackerland. Die Wiesen, die bis zum Dorf reichen, geh\u00f6ren privaten Eigent\u00fcmern, w\u00e4hrend das Land in den Bergen allen Dorfbewohnern geh\u00f6rt.<br \/>\nDie Einsiedelei hat jedoch noch eine andere, symbolische Funktion, die mit der heidnischen Tradition des C\u00f2rrer Falles, einem Fackelzug, zusammenh\u00e4ngt. Sant Quirc ist der Standort von \u201eEl Faro von Durro\u201c, der Kiefer, die den Ausgangspunkt des Abstiegs der Falles dieser Ortschaft markiert. Je nach Jahreszeit kann man sie noch halb verbrannt am Rande der Klippe sehen. Der Abstieg der Falles markiert die Ankunft des Sommers und hatte die Funktion, die Weiden zu reinigen und b\u00f6se Geister abzuwehren. Mit der Ankunft des Christentums wurde diese Tradition an den Kult der Heiligen angepasst, die zu Besch\u00fctzern des Territoriums wurden.<\/p>\n<p><em>Interferenzger\u00e4usch.<br \/>\n<\/em><strong>Eine Frau<\/strong>: Mir wurde gesagt, dass heute Abend mehrere M\u00e4dchen die Falles laufen werden.<br \/>\n<strong>Ein Mann<\/strong>: Wovon redest du? Was f\u00fcr ein Unsinn. Die Falles werden nur von M\u00e4nnern gelaufen.<br \/>\n<strong>Die Frau<\/strong>: Und meinst du nicht, dass es an der Zeit ist, das zu \u00e4ndern?<br \/>\n<strong>Ein Mann<\/strong>: Das ist eine Tradition. Das wurde schon immer so gemacht.<br \/>\n<strong>Die Frau<\/strong>: Wir schreiben das Jahr 2010. 2010! Und Durro ist der einzige Ort in den Pyren\u00e4en, wo Frauen immer noch nicht die Fackeln hinabbringen d\u00fcrfen. Hoffen wir also, dass es stimmt, was sie sagen, und dass diese M\u00e4dchen sich trauen.<br \/>\n<strong>Ein Mann<\/strong>: Solange ich es nicht sehe, werde ich es nicht glauben.<br \/>\n<em>Interferenzger\u00e4usch.<br \/>\n<\/em><br \/>\nEs gibt eine Handvoll Einsiedeleien in La Vall, aber die Einsiedelei von Sant Quirc de Durro ist die Einzige, die ihre urspr\u00fcngliche Struktur aus dem 12. Jahrhundert bewahrt hat. Aus diesem Grund wurde sie zusammen mit den Kirchen in das Weltkulturerbe aufgenommen.<br \/>\nVon Ihrem Standort aus k\u00f6nnen Sie den Glockenturm von Sant Quirc, einen sp\u00e4teren romanischen Anbau, deutlich erkennen. Im Gegensatz zu den typischen Kircht\u00fcrmen der Kirchen von La Vall hat er die Form eines Glockengiebels.<br \/>\nEine weitere Besonderheit von Sant Quirc ist, dass die Mauern im Gegensatz zu den anderen Kirchen in La Vall aus Schiefer bestehen. Die Typologie der Einsiedelei \u00e4hnelt sehr der des Portikus der Kirche La Nativitat in Durro, die nur gut zwei Kilometer entfernt liegt. Dies deutet darauf hin, dass sie aus demselben Zeitraum stammen, n\u00e4mlich aus der zweiten H\u00e4lfte des 12. Jahrhunderts.<br \/>\nTreten Sie nun an die T\u00fcr heran und betrachten Sie die Voussoirs des Bogens, d. h. die Steine, die die T\u00fcr von oben in einem Bogen umrahmen. Sie werden sehen, dass sie einen rosafarbenen Ton haben, anders als die anderen. Das liegt daran, dass sie aus Bimsstein bestehen, einem weicheren Material, das sich leichter bearbeiten l\u00e4sst und ideal f\u00fcr Ornamente ist.<br \/>\nSant Quirc zeichnet sich auch durch die wenigen \u00d6ffnungen aus, die Licht ins Innere lassen. Tats\u00e4chlich befindet sich in der zentralen Apsis das einzige Fenster, das den Innenraum beleuchtete, zusammen mit dem Rundfenster, das man im Chorraum direkt unter der Decke sehen kann.<br \/>\nUm die Besichtigung fortzusetzen, m\u00fcssen Sie die Kirche betreten, was jedoch zu bestimmten Zeiten des Jahres nicht m\u00f6glich ist, da sie geschlossen ist. Wenn Sie nicht hineingehen k\u00f6nnen, k\u00f6nnen Sie sich einen guten Eindruck verschaffen, indem Sie die virtuelle Ressource im F\u00fchrer aufrufen.<\/p>\n    <\/div>\n  <\/div>\n<\/div>\n    <\/section>\n\n\n<div class=\"flex flex-col gap-3 element interactive-block\">\n  <div class=\"flex items-center gap-6\">\n              <h2 class=\"text-2xl font-bold\">Virtuelle Ressource: 3D Sant Quirc de Durro <\/h2>\n      <\/div>\n          <div class=\"flex justify-end w-full\">\n      <div class=\"flex flex-col items-center gap-2 shrink-1\">\n        <button data-target=\"#embed-69f5c65819492\" data-toggle=\"modal\"\n          class=\"flex items-center justify-center w-32 h-32 bg-black rounded-full text-accent\">\n          <svg class=\"w-16 h-auto\" width=\"60\" height=\"61\" viewBox=\"0 0 60 61\" fill=\"none\" xmlns=\"http:\/\/www.w3.org\/2000\/svg\">\n  <path\n    d=\"M27 53.298L12 44.673C11.05 44.1231 10.3125 43.398 9.7875 42.498C9.2625 41.598 9 40.598 9 39.498V22.248C9 21.148 9.2625 20.148 9.7875 19.248C10.3125 18.348 11.05 17.623 12 17.073L27 8.44805C27.95 7.89805 28.95 7.62305 30 7.62305C31.05 7.62305 32.05 7.89805 33 8.44805L48 17.073C48.95 17.623 49.6875 18.348 50.2125 19.248C50.7375 20.148 51 21.148 51 22.248V39.498C51 40.598 50.7375 41.598 50.2125 42.498C49.6875 43.398 48.95 44.1231 48 44.673L33 53.298C32.05 53.848 31.05 54.123 30 54.123C28.95 54.123 27.95 53.848 27 53.298ZM27 46.398V32.598L15 25.623V39.498L27 46.398ZM33 46.398L45 39.498V25.623L33 32.598V46.398ZM0 15.873V6.87305C0 5.22305 0.5875 3.81055 1.7625 2.63555C2.9375 1.46055 4.35 0.873047 6 0.873047H15V6.87305H6V15.873H0ZM15 60.873H6C4.35 60.873 2.9375 60.2855 1.7625 59.1105C0.5875 57.9355 0 56.523 0 54.873V45.8731H6V54.873H15V60.873ZM45 60.873V54.873H54V45.8731H60V54.873C60 56.523 59.4125 57.9355 58.2375 59.1105C57.0625 60.2855 55.65 60.873 54 60.873H45ZM54 15.873V6.87305H45V0.873047H54C55.65 0.873047 57.0625 1.46055 58.2375 2.63555C59.4125 3.81055 60 5.22305 60 6.87305V15.873H54ZM30 27.423L41.85 20.448L30 13.623L18.15 20.448L30 27.423Z\"\n    fill=\"currentColor\" \/>\n<\/svg>\n        <\/button>\n                  <p class=\"text-base text-center\">Anschauen<\/p>\n              <\/div>\n    <\/div>\n    <div id=\"embed-69f5c65819492\"\n  class=\"fixed inset-0 z-50 hidden w-screen h-screen opacity-0 pointer-events-none modal embed-container\"\n  tabindex=\"-1\" role=\"dialog\">\n  <div class=\"absolute w-full h-full bg-black opacity-75 modal-overlay\"><\/div>\n  <div\n    class=\"absolute z-30 w-11\/12 mx-auto overflow-y-auto text-black bg-white shadow-lg modal-container center-xy md:max-w-4xl\"\n    role=\"document\">\n    <div class=\"flex items-center justify-between px-4 py-4 text-gray-700 border-b md:px-8\">\n      <h2 class=\"!mb-0 font-bold\">Anschauen<\/h2>\n      <div class=\"z-50 flex flex-col items-center ml-auto cursor-pointer rtl:ml-0 rtl:mr-auto modal-close\">\n        <svg class=\"w-auto h-6\" width=\"18\" height=\"23\" xmlns=\"http:\/\/www.w3.org\/2000\/svg\">\n  <g stroke=\"currentColor\" fill=\"none\" fill-rule=\"evenodd\" stroke-linecap=\"square\">\n    <path d=\"M.7248.974l16.1076 20.6167M16.655 1.2654L.9097 22.1601\" \/>\n  <\/g>\n<\/svg>        <div class=\"hidden\">Close<\/div>\n      <\/div>\n    <\/div>\n    <div class=\"px-4 py-8 overflow-y-auto max-h-modal md:px-8 modal-content\">\n      <div class=\"sketchfab-embed-wrapper\"> <iframe title=\"Sant Quirc de Durro. Vall de Bo\u00ed\" frameborder=\"0\" allowfullscreen mozallowfullscreen=\"true\" webkitallowfullscreen=\"true\" allow=\"autoplay; fullscreen; xr-spatial-tracking\" xr-spatial-tracking execution-while-out-of-viewport execution-while-not-rendered web-share src=\"https:\/\/sketchfab.com\/models\/9c21f3f0615e4905889d4d07316a3dfa\/embed?ui_infos=0\"> <\/iframe> <\/div>\n    <\/div>\n  <\/div>\n<\/div>\n  <\/div>\n\n\n<div class=\"flex flex-col gap-3 element text-block\">\n  <div class=\"flex items-center gap-6\">\n              <h2 class=\"text-2xl font-bold\">6c Im Inneren<\/h2>\n      <\/div>\n    <\/div>\n\n\n<div class=\"flex flex-col gap-6 element image-block\">\n  <div class=\"flex flex-col gap-3\">\n      <\/div>\n      <figure>\n      <img loading=\"lazy\" decoding=\"async\" width=\"1452\" height=\"966\" src=\"https:\/\/guiesullsdelahistoria.cat\/app\/uploads\/2024\/11\/Sant-Quirc-interior-general.jpg\" class=\"w-full h-auto\" alt=\"Das Innere der Einsiedelei von Sant Quirc de Durro vom Chor aus gesehen, mit dem Altar im Hintergrund, der mit einer Kombination aus romanischen und barocken Elementen verziert ist.\" srcset=\"https:\/\/guiesullsdelahistoria.cat\/app\/uploads\/2024\/11\/Sant-Quirc-interior-general.jpg 1452w, https:\/\/guiesullsdelahistoria.cat\/app\/uploads\/2024\/11\/Sant-Quirc-interior-general-300x200.jpg 300w, https:\/\/guiesullsdelahistoria.cat\/app\/uploads\/2024\/11\/Sant-Quirc-interior-general-1024x681.jpg 1024w, https:\/\/guiesullsdelahistoria.cat\/app\/uploads\/2024\/11\/Sant-Quirc-interior-general-768x511.jpg 768w\" sizes=\"auto, (max-width: 1452px) 100vw, 1452px\" \/>\n              <figcaption class=\"pt-2 text-gray-800\">6c Im Inneren<\/figcaption>\n          <\/figure>\n  <\/div>\n\n\n<section class=\"element audio-block\">\n  <div class=\"flex flex-col w-full gap-6\">\n    <div class=\"flex flex-col gap-3\">\n      <div class=\"flex gap-6\">\n                          <h2 class=\"text-2xl font-bold\">Die Koexistenz verschiedener Stile<\/h2>\n              <\/div>\n          <\/div>\n    <div class=\"flex items-center justify-end gap-3\">\n              <div class=\"flex-1 audio-content\" dir=\"ltr\">\n          <audio id=\"audio-c9eaa92d4f88cb440038b5c9ac034c1d\" data-label=\"Die Koexistenz verschiedener Stile\"\n            data-category=\"SANT-QUIRC-DE-DURRO-DE-GENERAL-PLAY-2.mp3\" class=\"hidden\" controls\n            src=\"https:\/\/guiesullsdelahistoria.cat\/app\/uploads\/2024\/11\/SANT-QUIRC-DE-DURRO-DE-GENERAL-PLAY-2.mp3\"><\/audio>\n          <div class=\"flex items-center w-full gap-3 transition-opacity opacity-0 meta\">\n            <progress class=\"flex-1 border-0 appearance-none\" value=\"0\" max=\"1\"><\/progress>\n            <div class=\"text-sm text-center shrink-0 current-time w-9\"><\/div>\n                      <\/div>\n        <\/div>\n            <div class=\"flex flex-col items-center gap-2 shrink-1 audio-control\">\n        <button\n  class=\"flex items-center justify-center w-32 max-w-32 h-32 max-h-32 transition-[max-height,_max-width] bg-black rounded-full btn text-accent\"\n  data-target=\"#audio-c9eaa92d4f88cb440038b5c9ac034c1d\">\n  <svg width=\"100%\" height=\"100%\" viewBox=\"0 0 36 36\" version=\"1.1\" xmlns=\"http:\/\/www.w3.org\/2000\/svg\" xmlns:xlink=\"http:\/\/www.w3.org\/1999\/xlink\">\n  <path id=\"ytp-12\" d=\"M11,10 L18,13.74 18,22.28 11,26 M18,13.74 L26,18 26,18 18,22.28\" fill=\"currentColor\">\n    <animate id=\"animation\" begin=\"indefinite\" attributeType=\"XML\" attributeName=\"d\" fill=\"freeze\" from=\"M11,10 L17,10 17,26 11,26 M20,10 L26,10 26,26 20,26\" to=\"M11,10 L18,13.74 18,22.28 11,26 M18,13.74 L26,18 26,18 18,22.28\" dur=\"0.1s\" keySplines=\".4 0 1 1\" repeatCount=\"1\" data-play=\"M11,10 L18,13.74 18,22.28 11,26 M18,13.74 L26,18 26,18 18,22.28\" data-pause=\"M11,10 L17,10 17,26 11,26 M20,10 L26,10 26,26 20,26\"><\/animate>\n  <\/path>\n<\/svg>\n<\/button>\n        <p class=\"text-base text-center\">Zuh\u00f6ren<\/p>\n      <\/div>\n    <\/div>\n\n    \n          <div class=\"flex flex-wrap justify-between gap-6 md:justify-start\">\n                  <button data-target=\"#transcription-c9eaa92d4f88cb440038b5c9ac034c1d\" data-toggle=\"modal\" class=\"flex items-center gap-2\">\n            <svg class=\"w-6 h-6\" fill=\"none\" xmlns=\"http:\/\/www.w3.org\/2000\/svg\" viewBox=\"0 0 22 12\"><path d=\"M0 9.873v-6c0-.55.196-1.02.588-1.412A1.926 1.926 0 0 1 2 1.873h2c.55 0 1.02.196 1.412.588.392.391.588.862.588 1.412v6H4v-2H2v2H0Zm2-4h2v-2H2v2Zm6 4v-8h4c.55 0 1.02.196 1.412.588.392.391.588.862.588 1.412v4c0 .55-.196 1.021-.588 1.413A1.926 1.926 0 0 1 12 9.873H8Zm2-2h2v-4h-2v4Zm6.85.8-1.4-1.425c.183-.183.32-.391.413-.625.091-.233.137-.483.137-.75 0-.283-.046-.537-.137-.762a1.85 1.85 0 0 0-.413-.613l1.4-1.45c.367.367.65.792.85 1.275.2.484.3 1 .3 1.55s-.1 1.063-.3 1.538c-.2.475-.483.896-.85 1.262Zm2.825 2.825-1.45-1.375c.55-.55.983-1.187 1.3-1.912A5.775 5.775 0 0 0 20 5.873c0-.85-.158-1.633-.475-2.35a6.217 6.217 0 0 0-1.3-1.9l1.45-1.4a7.94 7.94 0 0 1 1.712 2.55c.409.967.613 2 .613 3.1s-.204 2.13-.613 3.088a7.977 7.977 0 0 1-1.712 2.537Z\" fill=\"#000\"\/><\/svg>            <span>Transkription<\/span>\n          <\/button>\n                      <\/div>\n      <\/div>\n\n      <div id=\"transcription-c9eaa92d4f88cb440038b5c9ac034c1d\"\n  class=\"fixed inset-0 z-50 hidden w-screen h-screen opacity-0 pointer-events-none modal transcription\"\n  tabindex=\"-1\" role=\"dialog\">\n  <div class=\"absolute w-full h-full bg-black opacity-75 modal-overlay\"><\/div>\n  <div\n    class=\"absolute z-30 w-11\/12 mx-auto overflow-y-auto text-black bg-white shadow-lg modal-container center-xy md:max-w-4xl\"\n    role=\"document\">\n    <div class=\"flex items-center justify-between px-4 py-4 text-gray-700 border-b md:px-8\">\n      <h2 class=\"!mb-0 font-bold\">Transkription<\/h2>\n      <div class=\"z-50 flex flex-col items-center ml-auto cursor-pointer rtl:ml-0 rtl:mr-auto modal-close\">\n        <svg class=\"w-auto h-6\" width=\"18\" height=\"23\" xmlns=\"http:\/\/www.w3.org\/2000\/svg\">\n  <g stroke=\"currentColor\" fill=\"none\" fill-rule=\"evenodd\" stroke-linecap=\"square\">\n    <path d=\"M.7248.974l16.1076 20.6167M16.655 1.2654L.9097 22.1601\" \/>\n  <\/g>\n<\/svg>        <div class=\"hidden\">Close<\/div>\n      <\/div>\n    <\/div>\n    <div class=\"px-4 py-8 overflow-y-auto max-h-modal md:px-8 modal-content\">\n      <div class=\"mb-8 flex flex-col gap-1.5\">\n                      <h3 class=\"text-xl font-bold\">Die Koexistenz verschiedener Stile<\/h3>\n                            <\/div>\n            <p>Das Innere der Einsiedelei Sant Quirc de Durro wurde im Laufe der Jahrhunderte umgestaltet, und man kann die Koexistenz verschiedener Stile erkennen: das romanische Antependium, die gotische Darstellung des Heiligen Quirc und dann Julita und das Retabel vor der Apsis, im Barockstil.<br \/>\nDas romanische Antependium, eine Nachbildung des Originals, das im Museu Nacional d\u2019Art de Catalunya aufbewahrt wird, befindet sich vor dem Altar und ist den Schutzheiligen der Einsiedelei gewidmet, dem Heiligen Quirc und der Heiligen Julita, seiner Mutter. Es stellt sehr grob das Martyrium dar, das diese Heiligen vor ihrem Tod erlitten haben. Man kann sehen, wie der Heilige Quirc von oben bis unten zers\u00e4gt wird oder wie ihm N\u00e4gel ins Gesicht geschlagen werden; und die Heilige Julita, von Schwertern durchbohrt. Oder beide in einem kochenden Topf. Ihnen eine Einsiedelei zu widmen, scheint zu wenig, nachdem sie so viel gelitten haben!<\/p>\n    <\/div>\n  <\/div>\n<\/div>\n    <\/section>\n\n\n<div class=\"flex flex-col gap-3 element text-block\">\n  <div class=\"flex items-center gap-6\">\n              <h2 class=\"text-2xl font-bold\">6d Wir warten auf Sie!<\/h2>\n      <\/div>\n    <\/div>\n\n\n<section class=\"element audio-block\">\n  <div class=\"flex flex-col w-full gap-6\">\n    <div class=\"flex flex-col gap-3\">\n      <div class=\"flex gap-6\">\n                          <h2 class=\"text-2xl font-bold\">Der Besuch geht weiter<\/h2>\n              <\/div>\n          <\/div>\n    <div class=\"flex items-center justify-end gap-3\">\n              <div class=\"flex-1 audio-content\" dir=\"ltr\">\n          <audio id=\"audio-a630bf87e393e406760750fd43cc39ee\" data-label=\"Der Besuch geht weiter\"\n            data-category=\"SANT-QUIRC-DE-DURRO-DE-GENERAL-PLAY-CLOENDA.mp3\" class=\"hidden\" controls\n            src=\"https:\/\/guiesullsdelahistoria.cat\/app\/uploads\/2024\/11\/SANT-QUIRC-DE-DURRO-DE-GENERAL-PLAY-CLOENDA.mp3\"><\/audio>\n          <div class=\"flex items-center w-full gap-3 transition-opacity opacity-0 meta\">\n            <progress class=\"flex-1 border-0 appearance-none\" value=\"0\" max=\"1\"><\/progress>\n            <div class=\"text-sm text-center shrink-0 current-time w-9\"><\/div>\n                      <\/div>\n        <\/div>\n            <div class=\"flex flex-col items-center gap-2 shrink-1 audio-control\">\n        <button\n  class=\"flex items-center justify-center w-32 max-w-32 h-32 max-h-32 transition-[max-height,_max-width] bg-black rounded-full btn text-accent\"\n  data-target=\"#audio-a630bf87e393e406760750fd43cc39ee\">\n  <svg width=\"100%\" height=\"100%\" viewBox=\"0 0 36 36\" version=\"1.1\" xmlns=\"http:\/\/www.w3.org\/2000\/svg\" xmlns:xlink=\"http:\/\/www.w3.org\/1999\/xlink\">\n  <path id=\"ytp-12\" d=\"M11,10 L18,13.74 18,22.28 11,26 M18,13.74 L26,18 26,18 18,22.28\" fill=\"currentColor\">\n    <animate id=\"animation\" begin=\"indefinite\" attributeType=\"XML\" attributeName=\"d\" fill=\"freeze\" from=\"M11,10 L17,10 17,26 11,26 M20,10 L26,10 26,26 20,26\" to=\"M11,10 L18,13.74 18,22.28 11,26 M18,13.74 L26,18 26,18 18,22.28\" dur=\"0.1s\" keySplines=\".4 0 1 1\" repeatCount=\"1\" data-play=\"M11,10 L18,13.74 18,22.28 11,26 M18,13.74 L26,18 26,18 18,22.28\" data-pause=\"M11,10 L17,10 17,26 11,26 M20,10 L26,10 26,26 20,26\"><\/animate>\n  <\/path>\n<\/svg>\n<\/button>\n        <p class=\"text-base text-center\">Zuh\u00f6ren<\/p>\n      <\/div>\n    <\/div>\n\n    \n          <div class=\"flex flex-wrap justify-between gap-6 md:justify-start\">\n                  <button data-target=\"#transcription-a630bf87e393e406760750fd43cc39ee\" data-toggle=\"modal\" class=\"flex items-center gap-2\">\n            <svg class=\"w-6 h-6\" fill=\"none\" xmlns=\"http:\/\/www.w3.org\/2000\/svg\" viewBox=\"0 0 22 12\"><path d=\"M0 9.873v-6c0-.55.196-1.02.588-1.412A1.926 1.926 0 0 1 2 1.873h2c.55 0 1.02.196 1.412.588.392.391.588.862.588 1.412v6H4v-2H2v2H0Zm2-4h2v-2H2v2Zm6 4v-8h4c.55 0 1.02.196 1.412.588.392.391.588.862.588 1.412v4c0 .55-.196 1.021-.588 1.413A1.926 1.926 0 0 1 12 9.873H8Zm2-2h2v-4h-2v4Zm6.85.8-1.4-1.425c.183-.183.32-.391.413-.625.091-.233.137-.483.137-.75 0-.283-.046-.537-.137-.762a1.85 1.85 0 0 0-.413-.613l1.4-1.45c.367.367.65.792.85 1.275.2.484.3 1 .3 1.55s-.1 1.063-.3 1.538c-.2.475-.483.896-.85 1.262Zm2.825 2.825-1.45-1.375c.55-.55.983-1.187 1.3-1.912A5.775 5.775 0 0 0 20 5.873c0-.85-.158-1.633-.475-2.35a6.217 6.217 0 0 0-1.3-1.9l1.45-1.4a7.94 7.94 0 0 1 1.712 2.55c.409.967.613 2 .613 3.1s-.204 2.13-.613 3.088a7.977 7.977 0 0 1-1.712 2.537Z\" fill=\"#000\"\/><\/svg>            <span>Transkription<\/span>\n          <\/button>\n                      <\/div>\n      <\/div>\n\n      <div id=\"transcription-a630bf87e393e406760750fd43cc39ee\"\n  class=\"fixed inset-0 z-50 hidden w-screen h-screen opacity-0 pointer-events-none modal transcription\"\n  tabindex=\"-1\" role=\"dialog\">\n  <div class=\"absolute w-full h-full bg-black opacity-75 modal-overlay\"><\/div>\n  <div\n    class=\"absolute z-30 w-11\/12 mx-auto overflow-y-auto text-black bg-white shadow-lg modal-container center-xy md:max-w-4xl\"\n    role=\"document\">\n    <div class=\"flex items-center justify-between px-4 py-4 text-gray-700 border-b md:px-8\">\n      <h2 class=\"!mb-0 font-bold\">Transkription<\/h2>\n      <div class=\"z-50 flex flex-col items-center ml-auto cursor-pointer rtl:ml-0 rtl:mr-auto modal-close\">\n        <svg class=\"w-auto h-6\" width=\"18\" height=\"23\" xmlns=\"http:\/\/www.w3.org\/2000\/svg\">\n  <g stroke=\"currentColor\" fill=\"none\" fill-rule=\"evenodd\" stroke-linecap=\"square\">\n    <path d=\"M.7248.974l16.1076 20.6167M16.655 1.2654L.9097 22.1601\" \/>\n  <\/g>\n<\/svg>        <div class=\"hidden\">Close<\/div>\n      <\/div>\n    <\/div>\n    <div class=\"px-4 py-8 overflow-y-auto max-h-modal md:px-8 modal-content\">\n      <div class=\"mb-8 flex flex-col gap-1.5\">\n                      <h3 class=\"text-xl font-bold\">Der Besuch geht weiter<\/h3>\n                            <\/div>\n            <p>Hier endet der Besuch der Kirche. Wir laden Sie nun ein, die anderen Werke des romanischen Ensembles von La Vall de Bo\u00ed zu entdecken und freuen uns auf Ihren Besuch!<\/p>\n    <\/div>\n  <\/div>\n<\/div>\n    <\/section>\n\n\n<div class=\"flex flex-col gap-3 element text-block\">\n  <div class=\"flex items-center gap-6\">\n              <h2 class=\"text-2xl font-bold\">Schlie\u00dfen<\/h2>\n      <\/div>\n        <div class=\"prose prose-lg\"><p>&#8220;<em>Els Ulls de la Hist\u00f2ria<\/em>. Ein immersiver Blick auf das kulturelle Erbe&#8221; ist eine Initiative der Ag\u00e8ncia Catalana del Patrimoni Cultural.<br \/>\nDieses Projekt bezieht andere Stimmen und andere Blickwinkel auf unsere Vergangenheit mit ein. Denn wir alle sind Teil der Geschichte und formen sie mit.<\/p>\n<\/div>\n  <\/div>\n\n<\/div>\n      <\/div>\n    <\/div>\n  <\/section>\n\n\n<section class=\"overflow-hidden section\" id=\"section-69f5c65830114\" data-title=\"7. Santa Eul\u00e0lia d'Erill la Vall\">\n    <div class=\"container grid grid-cols-1 py-8 md:py-10 max-md:gap-y-8 md:grid-standard\">\n              <div class=\"flex gap-4 md:col-span-5\">\n                                <h2 class=\"text-8 font-headings\">7. Santa Eul\u00e0lia d&#8217;Erill la Vall<\/h2>\n                  <\/div>\n            <div class=\"flex flex-col gap-8 md:col-span-6 md:col-start-7 md:gap-10\">\n        <div class=\"acf-innerblocks-container\">\n<div class=\"flex flex-col gap-3 element text-block\">\n  <div class=\"flex items-center gap-6\">\n              <h2 class=\"text-2xl font-bold\">7a Einf\u00fchrung<\/h2>\n      <\/div>\n    <\/div>\n\n\n<div class=\"flex flex-col gap-6 element image-block\">\n  <div class=\"flex flex-col gap-3\">\n      <\/div>\n      <figure>\n      <img loading=\"lazy\" decoding=\"async\" width=\"1600\" height=\"1182\" src=\"https:\/\/guiesullsdelahistoria.cat\/app\/uploads\/2024\/11\/Santa-Eulalia-general.jpg\" class=\"w-full h-auto\" alt=\"Luftaufnahme der Kirche von Santa Eul\u00e0lia d&#039;Erill la Vall mit einigen H\u00e4usern des Dorfes und den Bergen im Hintergrund.\" srcset=\"https:\/\/guiesullsdelahistoria.cat\/app\/uploads\/2024\/11\/Santa-Eulalia-general.jpg 1600w, https:\/\/guiesullsdelahistoria.cat\/app\/uploads\/2024\/11\/Santa-Eulalia-general-300x222.jpg 300w, https:\/\/guiesullsdelahistoria.cat\/app\/uploads\/2024\/11\/Santa-Eulalia-general-1024x756.jpg 1024w, https:\/\/guiesullsdelahistoria.cat\/app\/uploads\/2024\/11\/Santa-Eulalia-general-768x567.jpg 768w, https:\/\/guiesullsdelahistoria.cat\/app\/uploads\/2024\/11\/Santa-Eulalia-general-1536x1135.jpg 1536w\" sizes=\"auto, (max-width: 1600px) 100vw, 1600px\" \/>\n              <figcaption class=\"pt-2 text-gray-800\">Luftaufnahme von Santa Eul\u00e0lia d&#8217;Erill la Vall.<\/figcaption>\n          <\/figure>\n  <\/div>\n\n\n<section class=\"element audio-block\">\n  <div class=\"flex flex-col w-full gap-6\">\n    <div class=\"flex flex-col gap-3\">\n      <div class=\"flex gap-6\">\n                          <h2 class=\"text-2xl font-bold\">La Vall de Bo\u00ed und seine Kirchen<\/h2>\n              <\/div>\n          <\/div>\n    <div class=\"flex items-center justify-end gap-3\">\n              <div class=\"flex-1 audio-content\" dir=\"ltr\">\n          <audio id=\"audio-ef3e34a893f1a8d55ef87aa36c36ff69\" data-label=\"La Vall de Bo\u00ed und seine Kirchen\"\n            data-category=\"SANTA-EULALIA-D_ERILL-LA-VALL-DE-GENERAL-PLAY-0.mp3\" class=\"hidden\" controls\n            src=\"https:\/\/guiesullsdelahistoria.cat\/app\/uploads\/2024\/11\/SANTA-EULALIA-D_ERILL-LA-VALL-DE-GENERAL-PLAY-0.mp3\"><\/audio>\n          <div class=\"flex items-center w-full gap-3 transition-opacity opacity-0 meta\">\n            <progress class=\"flex-1 border-0 appearance-none\" value=\"0\" max=\"1\"><\/progress>\n            <div class=\"text-sm text-center shrink-0 current-time w-9\"><\/div>\n                      <\/div>\n        <\/div>\n            <div class=\"flex flex-col items-center gap-2 shrink-1 audio-control\">\n        <button\n  class=\"flex items-center justify-center w-32 max-w-32 h-32 max-h-32 transition-[max-height,_max-width] bg-black rounded-full btn text-accent\"\n  data-target=\"#audio-ef3e34a893f1a8d55ef87aa36c36ff69\">\n  <svg width=\"100%\" height=\"100%\" viewBox=\"0 0 36 36\" version=\"1.1\" xmlns=\"http:\/\/www.w3.org\/2000\/svg\" xmlns:xlink=\"http:\/\/www.w3.org\/1999\/xlink\">\n  <path id=\"ytp-12\" d=\"M11,10 L18,13.74 18,22.28 11,26 M18,13.74 L26,18 26,18 18,22.28\" fill=\"currentColor\">\n    <animate id=\"animation\" begin=\"indefinite\" attributeType=\"XML\" attributeName=\"d\" fill=\"freeze\" from=\"M11,10 L17,10 17,26 11,26 M20,10 L26,10 26,26 20,26\" to=\"M11,10 L18,13.74 18,22.28 11,26 M18,13.74 L26,18 26,18 18,22.28\" dur=\"0.1s\" keySplines=\".4 0 1 1\" repeatCount=\"1\" data-play=\"M11,10 L18,13.74 18,22.28 11,26 M18,13.74 L26,18 26,18 18,22.28\" data-pause=\"M11,10 L17,10 17,26 11,26 M20,10 L26,10 26,26 20,26\"><\/animate>\n  <\/path>\n<\/svg>\n<\/button>\n        <p class=\"text-base text-center\">Zuh\u00f6ren<\/p>\n      <\/div>\n    <\/div>\n\n    \n          <div class=\"flex flex-wrap justify-between gap-6 md:justify-start\">\n                  <button data-target=\"#transcription-ef3e34a893f1a8d55ef87aa36c36ff69\" data-toggle=\"modal\" class=\"flex items-center gap-2\">\n            <svg class=\"w-6 h-6\" fill=\"none\" xmlns=\"http:\/\/www.w3.org\/2000\/svg\" viewBox=\"0 0 22 12\"><path d=\"M0 9.873v-6c0-.55.196-1.02.588-1.412A1.926 1.926 0 0 1 2 1.873h2c.55 0 1.02.196 1.412.588.392.391.588.862.588 1.412v6H4v-2H2v2H0Zm2-4h2v-2H2v2Zm6 4v-8h4c.55 0 1.02.196 1.412.588.392.391.588.862.588 1.412v4c0 .55-.196 1.021-.588 1.413A1.926 1.926 0 0 1 12 9.873H8Zm2-2h2v-4h-2v4Zm6.85.8-1.4-1.425c.183-.183.32-.391.413-.625.091-.233.137-.483.137-.75 0-.283-.046-.537-.137-.762a1.85 1.85 0 0 0-.413-.613l1.4-1.45c.367.367.65.792.85 1.275.2.484.3 1 .3 1.55s-.1 1.063-.3 1.538c-.2.475-.483.896-.85 1.262Zm2.825 2.825-1.45-1.375c.55-.55.983-1.187 1.3-1.912A5.775 5.775 0 0 0 20 5.873c0-.85-.158-1.633-.475-2.35a6.217 6.217 0 0 0-1.3-1.9l1.45-1.4a7.94 7.94 0 0 1 1.712 2.55c.409.967.613 2 .613 3.1s-.204 2.13-.613 3.088a7.977 7.977 0 0 1-1.712 2.537Z\" fill=\"#000\"\/><\/svg>            <span>Transkription<\/span>\n          <\/button>\n                      <\/div>\n      <\/div>\n\n      <div id=\"transcription-ef3e34a893f1a8d55ef87aa36c36ff69\"\n  class=\"fixed inset-0 z-50 hidden w-screen h-screen opacity-0 pointer-events-none modal transcription\"\n  tabindex=\"-1\" role=\"dialog\">\n  <div class=\"absolute w-full h-full bg-black opacity-75 modal-overlay\"><\/div>\n  <div\n    class=\"absolute z-30 w-11\/12 mx-auto overflow-y-auto text-black bg-white shadow-lg modal-container center-xy md:max-w-4xl\"\n    role=\"document\">\n    <div class=\"flex items-center justify-between px-4 py-4 text-gray-700 border-b md:px-8\">\n      <h2 class=\"!mb-0 font-bold\">Transkription<\/h2>\n      <div class=\"z-50 flex flex-col items-center ml-auto cursor-pointer rtl:ml-0 rtl:mr-auto modal-close\">\n        <svg class=\"w-auto h-6\" width=\"18\" height=\"23\" xmlns=\"http:\/\/www.w3.org\/2000\/svg\">\n  <g stroke=\"currentColor\" fill=\"none\" fill-rule=\"evenodd\" stroke-linecap=\"square\">\n    <path d=\"M.7248.974l16.1076 20.6167M16.655 1.2654L.9097 22.1601\" \/>\n  <\/g>\n<\/svg>        <div class=\"hidden\">Close<\/div>\n      <\/div>\n    <\/div>\n    <div class=\"px-4 py-8 overflow-y-auto max-h-modal md:px-8 modal-content\">\n      <div class=\"mb-8 flex flex-col gap-1.5\">\n                      <h3 class=\"text-xl font-bold\">La Vall de Bo\u00ed und seine Kirchen<\/h3>\n                            <\/div>\n            <p>Wir hei\u00dfen Sie in La Vall de Bo\u00ed willkommen und laden Sie ein, dieses au\u00dfergew\u00f6hnliche Ensemble von Kirchen zu entdecken, die als einer der gr\u00f6\u00dften Ausdrucksformen der katalanischen romanischen Kunst gilt und im Jahr 2000 in die Liste des UNESCO-Weltkulturerbes aufgenommen wurde.<br \/>\nDas romanische Ensemble von La Vall de Bo\u00ed besteht aus neun Kirchen: Sant Climent und Santa Maria de Ta\u00fcll, Sant Joan de Bo\u00ed, Santa Eul\u00e0lia d\u2019Erill la Vall, Sant Feliu de Barruera, La Nativitat und Sant Quirc de Durro, Santa Maria de Cardet und Assumpci\u00f3 de C\u00f3ll.<br \/>\nAber was haben diese Kirchen gemeinsam? Warum sind sie so einzigartig? Welche ist ihre Geschichte?<br \/>\nSie wurden alle zwischen dem 11. und 12. Jahrhundert erbaut, in einer Zeit der Macht und des wirtschaftlichen Wohlstands des lokalen Adels, und weisen denselben architektonischen Stil auf, die Romanik, die in ganz Europa verbreitet war.<br \/>\nHeute wird ein gro\u00dfer Teil der Gem\u00e4lde, Schnitzereien und M\u00f6bel in mehreren katalanischen Museen aufbewahrt, insbesondere im Museu Nacional d\u2019Art de Catalunya. In einigen Kirchen befinden sich jedoch bedeutende Fragmente von originalen Wandmalereien und Skulpturen sowie Reproduktionen von den Werken, die in den Museen aufbewahrt werden.<br \/>\nMit dem F\u00fchrer, den Sie in den H\u00e4nden halten, werden Sie die au\u00dfergew\u00f6hnlichen Werte dieses romanischen Ensembles entdecken und jede der neun Kirchen mit ihren Geheimnissen und Kuriosit\u00e4ten kennen lernen k\u00f6nnen.<br \/>\nEin letzter Hinweis! Diese Berge sind geheimnisvoll: die Worte der Menschen, die sie bewohnt haben, sind oft in den T\u00e4lern gefangen geblieben und hallen durch die Zeit wie ein unmerkliches Echo. Dieser F\u00fchrer verf\u00fcgt \u00fcber einen Sensor, der jedes Mal aktiviert wird, wenn er eines auff\u00e4ngt. Keine Angst, h\u00f6ren Sie weiter zu.<\/p>\n    <\/div>\n  <\/div>\n<\/div>\n    <\/section>\n\n\n<div class=\"flex flex-col gap-3 element text-block\">\n  <div class=\"flex items-center gap-6\">\n              <h2 class=\"text-2xl font-bold\">7b Apsis<\/h2>\n      <\/div>\n    <\/div>\n\n\n<div class=\"flex flex-col gap-6 element image-block\">\n  <div class=\"flex flex-col gap-3\">\n      <\/div>\n      <figure>\n      <img loading=\"lazy\" decoding=\"async\" width=\"567\" height=\"851\" src=\"https:\/\/guiesullsdelahistoria.cat\/app\/uploads\/2024\/11\/MG_1536.jpg\" class=\"w-full h-auto\" alt=\"Glockenturm der Kirche von Santa Eul\u00e0lia d&#039;Erill la Vall mit dem Himmel im Hintergrund.\" srcset=\"https:\/\/guiesullsdelahistoria.cat\/app\/uploads\/2024\/11\/MG_1536.jpg 567w, https:\/\/guiesullsdelahistoria.cat\/app\/uploads\/2024\/11\/MG_1536-200x300.jpg 200w\" sizes=\"auto, (max-width: 567px) 100vw, 567px\" \/>\n              <figcaption class=\"pt-2 text-gray-800\">Glockenturm von Santa Eul\u00e0lia d&#8217;Erill la Vall.<\/figcaption>\n          <\/figure>\n  <\/div>\n\n\n<section class=\"element audio-block\">\n  <div class=\"flex flex-col w-full gap-6\">\n    <div class=\"flex flex-col gap-3\">\n      <div class=\"flex gap-6\">\n                          <h2 class=\"text-2xl font-bold\">Glockenturm<\/h2>\n              <\/div>\n          <\/div>\n    <div class=\"flex items-center justify-end gap-3\">\n              <div class=\"flex-1 audio-content\" dir=\"ltr\">\n          <audio id=\"audio-9781541d8aace388cd218499e4b0b9ca\" data-label=\"Glockenturm\"\n            data-category=\"SANTA-EULALIA-D_ERILL-LA-VALL-DE-GENERAL-PLAY-1.mp3\" class=\"hidden\" controls\n            src=\"https:\/\/guiesullsdelahistoria.cat\/app\/uploads\/2024\/11\/SANTA-EULALIA-D_ERILL-LA-VALL-DE-GENERAL-PLAY-1.mp3\"><\/audio>\n          <div class=\"flex items-center w-full gap-3 transition-opacity opacity-0 meta\">\n            <progress class=\"flex-1 border-0 appearance-none\" value=\"0\" max=\"1\"><\/progress>\n            <div class=\"text-sm text-center shrink-0 current-time w-9\"><\/div>\n                      <\/div>\n        <\/div>\n            <div class=\"flex flex-col items-center gap-2 shrink-1 audio-control\">\n        <button\n  class=\"flex items-center justify-center w-32 max-w-32 h-32 max-h-32 transition-[max-height,_max-width] bg-black rounded-full btn text-accent\"\n  data-target=\"#audio-9781541d8aace388cd218499e4b0b9ca\">\n  <svg width=\"100%\" height=\"100%\" viewBox=\"0 0 36 36\" version=\"1.1\" xmlns=\"http:\/\/www.w3.org\/2000\/svg\" xmlns:xlink=\"http:\/\/www.w3.org\/1999\/xlink\">\n  <path id=\"ytp-12\" d=\"M11,10 L18,13.74 18,22.28 11,26 M18,13.74 L26,18 26,18 18,22.28\" fill=\"currentColor\">\n    <animate id=\"animation\" begin=\"indefinite\" attributeType=\"XML\" attributeName=\"d\" fill=\"freeze\" from=\"M11,10 L17,10 17,26 11,26 M20,10 L26,10 26,26 20,26\" to=\"M11,10 L18,13.74 18,22.28 11,26 M18,13.74 L26,18 26,18 18,22.28\" dur=\"0.1s\" keySplines=\".4 0 1 1\" repeatCount=\"1\" data-play=\"M11,10 L18,13.74 18,22.28 11,26 M18,13.74 L26,18 26,18 18,22.28\" data-pause=\"M11,10 L17,10 17,26 11,26 M20,10 L26,10 26,26 20,26\"><\/animate>\n  <\/path>\n<\/svg>\n<\/button>\n        <p class=\"text-base text-center\">Zuh\u00f6ren<\/p>\n      <\/div>\n    <\/div>\n\n    \n          <div class=\"flex flex-wrap justify-between gap-6 md:justify-start\">\n                  <button data-target=\"#transcription-9781541d8aace388cd218499e4b0b9ca\" data-toggle=\"modal\" class=\"flex items-center gap-2\">\n            <svg class=\"w-6 h-6\" fill=\"none\" xmlns=\"http:\/\/www.w3.org\/2000\/svg\" viewBox=\"0 0 22 12\"><path d=\"M0 9.873v-6c0-.55.196-1.02.588-1.412A1.926 1.926 0 0 1 2 1.873h2c.55 0 1.02.196 1.412.588.392.391.588.862.588 1.412v6H4v-2H2v2H0Zm2-4h2v-2H2v2Zm6 4v-8h4c.55 0 1.02.196 1.412.588.392.391.588.862.588 1.412v4c0 .55-.196 1.021-.588 1.413A1.926 1.926 0 0 1 12 9.873H8Zm2-2h2v-4h-2v4Zm6.85.8-1.4-1.425c.183-.183.32-.391.413-.625.091-.233.137-.483.137-.75 0-.283-.046-.537-.137-.762a1.85 1.85 0 0 0-.413-.613l1.4-1.45c.367.367.65.792.85 1.275.2.484.3 1 .3 1.55s-.1 1.063-.3 1.538c-.2.475-.483.896-.85 1.262Zm2.825 2.825-1.45-1.375c.55-.55.983-1.187 1.3-1.912A5.775 5.775 0 0 0 20 5.873c0-.85-.158-1.633-.475-2.35a6.217 6.217 0 0 0-1.3-1.9l1.45-1.4a7.94 7.94 0 0 1 1.712 2.55c.409.967.613 2 .613 3.1s-.204 2.13-.613 3.088a7.977 7.977 0 0 1-1.712 2.537Z\" fill=\"#000\"\/><\/svg>            <span>Transkription<\/span>\n          <\/button>\n                      <\/div>\n      <\/div>\n\n      <div id=\"transcription-9781541d8aace388cd218499e4b0b9ca\"\n  class=\"fixed inset-0 z-50 hidden w-screen h-screen opacity-0 pointer-events-none modal transcription\"\n  tabindex=\"-1\" role=\"dialog\">\n  <div class=\"absolute w-full h-full bg-black opacity-75 modal-overlay\"><\/div>\n  <div\n    class=\"absolute z-30 w-11\/12 mx-auto overflow-y-auto text-black bg-white shadow-lg modal-container center-xy md:max-w-4xl\"\n    role=\"document\">\n    <div class=\"flex items-center justify-between px-4 py-4 text-gray-700 border-b md:px-8\">\n      <h2 class=\"!mb-0 font-bold\">Transkription<\/h2>\n      <div class=\"z-50 flex flex-col items-center ml-auto cursor-pointer rtl:ml-0 rtl:mr-auto modal-close\">\n        <svg class=\"w-auto h-6\" width=\"18\" height=\"23\" xmlns=\"http:\/\/www.w3.org\/2000\/svg\">\n  <g stroke=\"currentColor\" fill=\"none\" fill-rule=\"evenodd\" stroke-linecap=\"square\">\n    <path d=\"M.7248.974l16.1076 20.6167M16.655 1.2654L.9097 22.1601\" \/>\n  <\/g>\n<\/svg>        <div class=\"hidden\">Close<\/div>\n      <\/div>\n    <\/div>\n    <div class=\"px-4 py-8 overflow-y-auto max-h-modal md:px-8 modal-content\">\n      <div class=\"mb-8 flex flex-col gap-1.5\">\n                      <h3 class=\"text-xl font-bold\">Glockenturm<\/h3>\n                            <\/div>\n            <p>Santa Eul\u00e0lia beherbergt einen der herausragendsten Glockent\u00fcrme von La Vall: einen schlanken, quadratischen Turm mit sechs Ebenen und der f\u00fcr die fr\u00fche Romanik typische Verzierung, mit blinden Arkaden und S\u00e4gezahnfriesen.<br \/>\nDieser Glockenturm liegt auf einer Linie mit dem von Sant Joan de Bo\u00ed und dem von Sant Climent de Ta\u00fcll, und von diesem Turm aus konnte man die beiden anderen Glockent\u00fcrme sehen. Heute sind sie wegen der B\u00e4ume, die auf den Wiesen gewachsen sind, nicht mehr zu sehen.<br \/>\nAus religi\u00f6ser Sicht war der Turm das architektonische Element, das sich symbolisch in den Himmel erhob. Er hatte aber auch noch andere Funktionen: Er war ein Aussichtspunkt und diente der Kommunikation mit anderen St\u00e4dten.<br \/>\nBevor Sie Ihren Besuch fortsetzen, lassen Sie sich ein paar Sekunden lang von der Kraft und Schlichtheit dieser Kirche beeindrucken. Und wenn Sie die M\u00f6glichkeit haben, genie\u00dfen Sie das klangvolle Spektakel der Glocken, die durch das ganze Dorf hallen: Es lohnt sich.<br \/>\nGehen Sie dann zum Eingang zur Kirche.<\/p>\n    <\/div>\n  <\/div>\n<\/div>\n    <\/section>\n\n\n<div class=\"flex flex-col gap-3 element text-block\">\n  <div class=\"flex items-center gap-6\">\n              <h2 class=\"text-2xl font-bold\">7c Portikus<\/h2>\n      <\/div>\n    <\/div>\n\n\n<div class=\"flex flex-col gap-6 element image-block\">\n  <div class=\"flex flex-col gap-3\">\n      <\/div>\n      <figure>\n      <img loading=\"lazy\" decoding=\"async\" width=\"1703\" height=\"2560\" src=\"https:\/\/guiesullsdelahistoria.cat\/app\/uploads\/2024\/11\/Santa_Eulalia_Erill_la_Vall_porxo_llum-scaled.jpg\" class=\"w-full h-auto\" alt=\"Au\u00dfenansicht der Kirche Santa Eul\u00e0lia d&#039;Erill la Vall in der Abendd\u00e4mmerung, mit beleuchtetem Portikus und dem Friedhof davor.\" srcset=\"https:\/\/guiesullsdelahistoria.cat\/app\/uploads\/2024\/11\/Santa_Eulalia_Erill_la_Vall_porxo_llum-scaled.jpg 1703w, https:\/\/guiesullsdelahistoria.cat\/app\/uploads\/2024\/11\/Santa_Eulalia_Erill_la_Vall_porxo_llum-200x300.jpg 200w, https:\/\/guiesullsdelahistoria.cat\/app\/uploads\/2024\/11\/Santa_Eulalia_Erill_la_Vall_porxo_llum-681x1024.jpg 681w, https:\/\/guiesullsdelahistoria.cat\/app\/uploads\/2024\/11\/Santa_Eulalia_Erill_la_Vall_porxo_llum-768x1155.jpg 768w, https:\/\/guiesullsdelahistoria.cat\/app\/uploads\/2024\/11\/Santa_Eulalia_Erill_la_Vall_porxo_llum-1022x1536.jpg 1022w, https:\/\/guiesullsdelahistoria.cat\/app\/uploads\/2024\/11\/Santa_Eulalia_Erill_la_Vall_porxo_llum-1362x2048.jpg 1362w\" sizes=\"auto, (max-width: 1703px) 100vw, 1703px\" \/>\n              <figcaption class=\"pt-2 text-gray-800\">Nachtansicht von Santa Eul\u00e0lia d&#8217;Erill la Vall.<\/figcaption>\n          <\/figure>\n  <\/div>\n\n\n<section class=\"element audio-block\">\n  <div class=\"flex flex-col w-full gap-6\">\n    <div class=\"flex flex-col gap-3\">\n      <div class=\"flex gap-6\">\n                          <h2 class=\"text-2xl font-bold\">Ein Treffpunkt<\/h2>\n              <\/div>\n          <\/div>\n    <div class=\"flex items-center justify-end gap-3\">\n              <div class=\"flex-1 audio-content\" dir=\"ltr\">\n          <audio id=\"audio-5236d7d8828b078aa1f0a90005030d92\" data-label=\"Ein Treffpunkt\"\n            data-category=\"SANTA-EULALIA-D_ERILL-LA-VALL-DE-GENERAL-PLAY-2.mp3\" class=\"hidden\" controls\n            src=\"https:\/\/guiesullsdelahistoria.cat\/app\/uploads\/2024\/11\/SANTA-EULALIA-D_ERILL-LA-VALL-DE-GENERAL-PLAY-2.mp3\"><\/audio>\n          <div class=\"flex items-center w-full gap-3 transition-opacity opacity-0 meta\">\n            <progress class=\"flex-1 border-0 appearance-none\" value=\"0\" max=\"1\"><\/progress>\n            <div class=\"text-sm text-center shrink-0 current-time w-9\"><\/div>\n                      <\/div>\n        <\/div>\n            <div class=\"flex flex-col items-center gap-2 shrink-1 audio-control\">\n        <button\n  class=\"flex items-center justify-center w-32 max-w-32 h-32 max-h-32 transition-[max-height,_max-width] bg-black rounded-full btn text-accent\"\n  data-target=\"#audio-5236d7d8828b078aa1f0a90005030d92\">\n  <svg width=\"100%\" height=\"100%\" viewBox=\"0 0 36 36\" version=\"1.1\" xmlns=\"http:\/\/www.w3.org\/2000\/svg\" xmlns:xlink=\"http:\/\/www.w3.org\/1999\/xlink\">\n  <path id=\"ytp-12\" d=\"M11,10 L18,13.74 18,22.28 11,26 M18,13.74 L26,18 26,18 18,22.28\" fill=\"currentColor\">\n    <animate id=\"animation\" begin=\"indefinite\" attributeType=\"XML\" attributeName=\"d\" fill=\"freeze\" from=\"M11,10 L17,10 17,26 11,26 M20,10 L26,10 26,26 20,26\" to=\"M11,10 L18,13.74 18,22.28 11,26 M18,13.74 L26,18 26,18 18,22.28\" dur=\"0.1s\" keySplines=\".4 0 1 1\" repeatCount=\"1\" data-play=\"M11,10 L18,13.74 18,22.28 11,26 M18,13.74 L26,18 26,18 18,22.28\" data-pause=\"M11,10 L17,10 17,26 11,26 M20,10 L26,10 26,26 20,26\"><\/animate>\n  <\/path>\n<\/svg>\n<\/button>\n        <p class=\"text-base text-center\">Zuh\u00f6ren<\/p>\n      <\/div>\n    <\/div>\n\n    \n          <div class=\"flex flex-wrap justify-between gap-6 md:justify-start\">\n                  <button data-target=\"#transcription-5236d7d8828b078aa1f0a90005030d92\" data-toggle=\"modal\" class=\"flex items-center gap-2\">\n            <svg class=\"w-6 h-6\" fill=\"none\" xmlns=\"http:\/\/www.w3.org\/2000\/svg\" viewBox=\"0 0 22 12\"><path d=\"M0 9.873v-6c0-.55.196-1.02.588-1.412A1.926 1.926 0 0 1 2 1.873h2c.55 0 1.02.196 1.412.588.392.391.588.862.588 1.412v6H4v-2H2v2H0Zm2-4h2v-2H2v2Zm6 4v-8h4c.55 0 1.02.196 1.412.588.392.391.588.862.588 1.412v4c0 .55-.196 1.021-.588 1.413A1.926 1.926 0 0 1 12 9.873H8Zm2-2h2v-4h-2v4Zm6.85.8-1.4-1.425c.183-.183.32-.391.413-.625.091-.233.137-.483.137-.75 0-.283-.046-.537-.137-.762a1.85 1.85 0 0 0-.413-.613l1.4-1.45c.367.367.65.792.85 1.275.2.484.3 1 .3 1.55s-.1 1.063-.3 1.538c-.2.475-.483.896-.85 1.262Zm2.825 2.825-1.45-1.375c.55-.55.983-1.187 1.3-1.912A5.775 5.775 0 0 0 20 5.873c0-.85-.158-1.633-.475-2.35a6.217 6.217 0 0 0-1.3-1.9l1.45-1.4a7.94 7.94 0 0 1 1.712 2.55c.409.967.613 2 .613 3.1s-.204 2.13-.613 3.088a7.977 7.977 0 0 1-1.712 2.537Z\" fill=\"#000\"\/><\/svg>            <span>Transkription<\/span>\n          <\/button>\n                      <\/div>\n      <\/div>\n\n      <div id=\"transcription-5236d7d8828b078aa1f0a90005030d92\"\n  class=\"fixed inset-0 z-50 hidden w-screen h-screen opacity-0 pointer-events-none modal transcription\"\n  tabindex=\"-1\" role=\"dialog\">\n  <div class=\"absolute w-full h-full bg-black opacity-75 modal-overlay\"><\/div>\n  <div\n    class=\"absolute z-30 w-11\/12 mx-auto overflow-y-auto text-black bg-white shadow-lg modal-container center-xy md:max-w-4xl\"\n    role=\"document\">\n    <div class=\"flex items-center justify-between px-4 py-4 text-gray-700 border-b md:px-8\">\n      <h2 class=\"!mb-0 font-bold\">Transkription<\/h2>\n      <div class=\"z-50 flex flex-col items-center ml-auto cursor-pointer rtl:ml-0 rtl:mr-auto modal-close\">\n        <svg class=\"w-auto h-6\" width=\"18\" height=\"23\" xmlns=\"http:\/\/www.w3.org\/2000\/svg\">\n  <g stroke=\"currentColor\" fill=\"none\" fill-rule=\"evenodd\" stroke-linecap=\"square\">\n    <path d=\"M.7248.974l16.1076 20.6167M16.655 1.2654L.9097 22.1601\" \/>\n  <\/g>\n<\/svg>        <div class=\"hidden\">Close<\/div>\n      <\/div>\n    <\/div>\n    <div class=\"px-4 py-8 overflow-y-auto max-h-modal md:px-8 modal-content\">\n      <div class=\"mb-8 flex flex-col gap-1.5\">\n                      <h3 class=\"text-xl font-bold\">Ein Treffpunkt<\/h3>\n                            <\/div>\n            <p>Die Kirche hatte ebenso wie der Glockenturm sowohl eine soziale als auch eine religi\u00f6se Funktion.<br \/>\nDer Ein- und Ausgang des Tempels war schon immer ein wichtiger Treffpunkt f\u00fcr die Bev\u00f6lkerung; daher war eine der Funktionen des Portikus, in dem Sie sich befinden, der Schutz der Gemeindemitglieder vor schlechtem Wetter, w\u00e4hrend sie warteten. Es war aber auch ein Haltepunkt f\u00fcr Prozessionen, ein Ort f\u00fcr liturgische und gesellschaftliche Veranstaltungen, zum Beispiel f\u00fcr Gerichtsverhandlungen. Die Kirchenvorhalle hatte auch eine symbolische Funktion: Sie war der \u00dcbergang zwischen dem Alltagsleben und dem Eingang zum Gotteshaus.<br \/>\n Auf der Innenseite des Bogens der T\u00fcr, der so genannten Laibung, sind zwei Schlangen abgebildet, die sich gegen\u00fcberstehen: eine deutliche Warnung vor der S\u00fcnde. Auch an diesem Bogen sind noch \u00dcberreste der urspr\u00fcnglichen Malerei in Rot- und Schwarzt\u00f6nen erhalten. Und wenn Sie genau hinsehen, werden Sie ein altes Graffiti mit einem kleinen Fisch darauf entdecken.<br \/>\nNoch im Portikus, auf beiden Seiten der T\u00fcr, sind zwei Steine mit merkw\u00fcrdigen Zeichnungen in Wei\u00df zu sehen: eine Art Dreispitzkreuz auf der linken Seite und ein Stern auf der rechten Seite. Es handelt sich um Zeichnungen, die im Zuge der Sakralisierung der Kirche angefertigt wurden, um sie vor dem B\u00f6sen zu sch\u00fctzen.<br \/>\nAn derselben Mauer, auf der linken Seite, sind \u00dcberreste des Einfassungsanstrichs erhalten, ein wei\u00dfes Gitter, das auf die Steine gemalt wurde, um eine Symmetrie zu simulieren, die die tats\u00e4chliche Konstruktion nicht hatte. Sie werden es auch im Inneren der Kirche sehen k\u00f6nnen.<br \/>\nSie k\u00f6nnen jetzt reingehen.<\/p>\n    <\/div>\n  <\/div>\n<\/div>\n    <\/section>\n\n\n<div class=\"flex flex-col gap-3 element text-block\">\n  <div class=\"flex items-center gap-6\">\n              <h2 class=\"text-2xl font-bold\">7d Altar<\/h2>\n      <\/div>\n    <\/div>\n\n\n<div class=\"flex flex-col gap-6 element image-block\">\n  <div class=\"flex flex-col gap-3\">\n      <\/div>\n      <figure>\n      <img loading=\"lazy\" decoding=\"async\" width=\"1600\" height=\"1200\" src=\"https:\/\/guiesullsdelahistoria.cat\/app\/uploads\/2024\/11\/vall-de-boi-2_0057-copia_1.jpg\" class=\"w-full h-auto\" alt=\"Innenraum der Kirche von Santa Eul\u00e0lia d&#039;Erill la Vall vom Chor aus gesehen mit dem Skulpturenensemble der Kreuzabnahme im Hintergrund.\" srcset=\"https:\/\/guiesullsdelahistoria.cat\/app\/uploads\/2024\/11\/vall-de-boi-2_0057-copia_1.jpg 1600w, https:\/\/guiesullsdelahistoria.cat\/app\/uploads\/2024\/11\/vall-de-boi-2_0057-copia_1-300x225.jpg 300w, https:\/\/guiesullsdelahistoria.cat\/app\/uploads\/2024\/11\/vall-de-boi-2_0057-copia_1-1024x768.jpg 1024w, https:\/\/guiesullsdelahistoria.cat\/app\/uploads\/2024\/11\/vall-de-boi-2_0057-copia_1-768x576.jpg 768w, https:\/\/guiesullsdelahistoria.cat\/app\/uploads\/2024\/11\/vall-de-boi-2_0057-copia_1-1536x1152.jpg 1536w\" sizes=\"auto, (max-width: 1600px) 100vw, 1600px\" \/>\n              <figcaption class=\"pt-2 text-gray-800\">Das Innere von Santa Eul\u00e0lia d&#8217;Erill la Vall vom Chor aus gesehen. <\/figcaption>\n          <\/figure>\n  <\/div>\n\n\n<section class=\"element audio-block\">\n  <div class=\"flex flex-col w-full gap-6\">\n    <div class=\"flex flex-col gap-3\">\n      <div class=\"flex gap-6\">\n                          <h2 class=\"text-2xl font-bold\">Die verschiedenen Konstruktionsphasen<\/h2>\n              <\/div>\n          <\/div>\n    <div class=\"flex items-center justify-end gap-3\">\n              <div class=\"flex-1 audio-content\" dir=\"ltr\">\n          <audio id=\"audio-1f9626b16443b9e28fdc251651f5b261\" data-label=\"Die verschiedenen Konstruktionsphasen\"\n            data-category=\"SANTA-EULALIA-D_ERILL-LA-VALL-DE-GENERAL-PLAY-3.mp3\" class=\"hidden\" controls\n            src=\"https:\/\/guiesullsdelahistoria.cat\/app\/uploads\/2024\/11\/SANTA-EULALIA-D_ERILL-LA-VALL-DE-GENERAL-PLAY-3.mp3\"><\/audio>\n          <div class=\"flex items-center w-full gap-3 transition-opacity opacity-0 meta\">\n            <progress class=\"flex-1 border-0 appearance-none\" value=\"0\" max=\"1\"><\/progress>\n            <div class=\"text-sm text-center shrink-0 current-time w-9\"><\/div>\n                      <\/div>\n        <\/div>\n            <div class=\"flex flex-col items-center gap-2 shrink-1 audio-control\">\n        <button\n  class=\"flex items-center justify-center w-32 max-w-32 h-32 max-h-32 transition-[max-height,_max-width] bg-black rounded-full btn text-accent\"\n  data-target=\"#audio-1f9626b16443b9e28fdc251651f5b261\">\n  <svg width=\"100%\" height=\"100%\" viewBox=\"0 0 36 36\" version=\"1.1\" xmlns=\"http:\/\/www.w3.org\/2000\/svg\" xmlns:xlink=\"http:\/\/www.w3.org\/1999\/xlink\">\n  <path id=\"ytp-12\" d=\"M11,10 L18,13.74 18,22.28 11,26 M18,13.74 L26,18 26,18 18,22.28\" fill=\"currentColor\">\n    <animate id=\"animation\" begin=\"indefinite\" attributeType=\"XML\" attributeName=\"d\" fill=\"freeze\" from=\"M11,10 L17,10 17,26 11,26 M20,10 L26,10 26,26 20,26\" to=\"M11,10 L18,13.74 18,22.28 11,26 M18,13.74 L26,18 26,18 18,22.28\" dur=\"0.1s\" keySplines=\".4 0 1 1\" repeatCount=\"1\" data-play=\"M11,10 L18,13.74 18,22.28 11,26 M18,13.74 L26,18 26,18 18,22.28\" data-pause=\"M11,10 L17,10 17,26 11,26 M20,10 L26,10 26,26 20,26\"><\/animate>\n  <\/path>\n<\/svg>\n<\/button>\n        <p class=\"text-base text-center\">Zuh\u00f6ren<\/p>\n      <\/div>\n    <\/div>\n\n    \n          <div class=\"flex flex-wrap justify-between gap-6 md:justify-start\">\n                  <button data-target=\"#transcription-1f9626b16443b9e28fdc251651f5b261\" data-toggle=\"modal\" class=\"flex items-center gap-2\">\n            <svg class=\"w-6 h-6\" fill=\"none\" xmlns=\"http:\/\/www.w3.org\/2000\/svg\" viewBox=\"0 0 22 12\"><path d=\"M0 9.873v-6c0-.55.196-1.02.588-1.412A1.926 1.926 0 0 1 2 1.873h2c.55 0 1.02.196 1.412.588.392.391.588.862.588 1.412v6H4v-2H2v2H0Zm2-4h2v-2H2v2Zm6 4v-8h4c.55 0 1.02.196 1.412.588.392.391.588.862.588 1.412v4c0 .55-.196 1.021-.588 1.413A1.926 1.926 0 0 1 12 9.873H8Zm2-2h2v-4h-2v4Zm6.85.8-1.4-1.425c.183-.183.32-.391.413-.625.091-.233.137-.483.137-.75 0-.283-.046-.537-.137-.762a1.85 1.85 0 0 0-.413-.613l1.4-1.45c.367.367.65.792.85 1.275.2.484.3 1 .3 1.55s-.1 1.063-.3 1.538c-.2.475-.483.896-.85 1.262Zm2.825 2.825-1.45-1.375c.55-.55.983-1.187 1.3-1.912A5.775 5.775 0 0 0 20 5.873c0-.85-.158-1.633-.475-2.35a6.217 6.217 0 0 0-1.3-1.9l1.45-1.4a7.94 7.94 0 0 1 1.712 2.55c.409.967.613 2 .613 3.1s-.204 2.13-.613 3.088a7.977 7.977 0 0 1-1.712 2.537Z\" fill=\"#000\"\/><\/svg>            <span>Transkription<\/span>\n          <\/button>\n                      <\/div>\n      <\/div>\n\n      <div id=\"transcription-1f9626b16443b9e28fdc251651f5b261\"\n  class=\"fixed inset-0 z-50 hidden w-screen h-screen opacity-0 pointer-events-none modal transcription\"\n  tabindex=\"-1\" role=\"dialog\">\n  <div class=\"absolute w-full h-full bg-black opacity-75 modal-overlay\"><\/div>\n  <div\n    class=\"absolute z-30 w-11\/12 mx-auto overflow-y-auto text-black bg-white shadow-lg modal-container center-xy md:max-w-4xl\"\n    role=\"document\">\n    <div class=\"flex items-center justify-between px-4 py-4 text-gray-700 border-b md:px-8\">\n      <h2 class=\"!mb-0 font-bold\">Transkription<\/h2>\n      <div class=\"z-50 flex flex-col items-center ml-auto cursor-pointer rtl:ml-0 rtl:mr-auto modal-close\">\n        <svg class=\"w-auto h-6\" width=\"18\" height=\"23\" xmlns=\"http:\/\/www.w3.org\/2000\/svg\">\n  <g stroke=\"currentColor\" fill=\"none\" fill-rule=\"evenodd\" stroke-linecap=\"square\">\n    <path d=\"M.7248.974l16.1076 20.6167M16.655 1.2654L.9097 22.1601\" \/>\n  <\/g>\n<\/svg>        <div class=\"hidden\">Close<\/div>\n      <\/div>\n    <\/div>\n    <div class=\"px-4 py-8 overflow-y-auto max-h-modal md:px-8 modal-content\">\n      <div class=\"mb-8 flex flex-col gap-1.5\">\n                      <h3 class=\"text-xl font-bold\">Die verschiedenen Konstruktionsphasen<\/h3>\n                            <\/div>\n            <p>Von hier aus kann man deutlich die Kreuzform des Grundrisses der Kirche erkennen, mit dem kleeblattf\u00f6rmigen Chorraum bestehend aus der wei\u00df gestrichenen Hauptapsis, den Nebenapsiden an den Seiten und dem Kirchenschiff, das die Figur vervollst\u00e4ndigt.<br \/>\nSie werden bemerkt haben, dass der Fu\u00dfboden der Kirche nach unten geneigt ist; er ist so geblieben, weil der urspr\u00fcngliche Fu\u00dfboden bereits diese Neigung hatte, was man an den unterschiedlichen H\u00f6hen der S\u00e4ulenfragmente erkennen kann.<br \/>\nIm 12. Jahrhundert wurde das Kirchenschiff erweitert und es wurden sowohl der Glockenturm wie auch der S\u00e4ulengang gebaut. Damals st\u00fcrzten auch das Gew\u00f6lbe und die Fassade in sich zusammen, und der erste Wiederaufbau wurde durchgef\u00fchrt.<br \/>\nIm 16. Jahrhundert wurde ein Retabel in die zentrale Apsis eingebaut, der Chor wurde hinzugef\u00fcgt und ein Teil des \u00e4u\u00dferen Portikus wurde in eine Kapelle umgewandelt.<br \/>\nDas Retabel der zentralen Apsis wurde zwischen 1907 und 1911 f\u00fcr den Bau einer Sakristei abgebaut. Die moderne Restaurierung, die Ende des 20. Jahrhunderts durchgef\u00fchrt wurde, hat der Apsis ihr urspr\u00fcngliches Aussehen zur\u00fcckgegeben.<br \/>\nUm die Besichtigung fortzusetzen, steigen Sie in den Chor am Ende des Kirchenschiffs. <\/p>\n    <\/div>\n  <\/div>\n<\/div>\n    <\/section>\n\n\n<div class=\"flex flex-col gap-3 element text-block\">\n  <div class=\"flex items-center gap-6\">\n              <h2 class=\"text-2xl font-bold\">7e Chor<\/h2>\n      <\/div>\n    <\/div>\n\n\n<div class=\"flex flex-col gap-6 element image-block\">\n  <div class=\"flex flex-col gap-3\">\n      <\/div>\n      <figure>\n      <img loading=\"lazy\" decoding=\"async\" width=\"1426\" height=\"948\" src=\"https:\/\/guiesullsdelahistoria.cat\/app\/uploads\/2024\/11\/Santa_Eulalia_Erill_la_Vall_Davallament_DSC2390.jpg\" class=\"w-full h-auto\" alt=\"Skulpturenensemble der Kreuzabnahme von Erill, im Inneren der Kirche von Santa Eul\u00e0lia d\u2019Erill la Vall.\" srcset=\"https:\/\/guiesullsdelahistoria.cat\/app\/uploads\/2024\/11\/Santa_Eulalia_Erill_la_Vall_Davallament_DSC2390.jpg 1426w, https:\/\/guiesullsdelahistoria.cat\/app\/uploads\/2024\/11\/Santa_Eulalia_Erill_la_Vall_Davallament_DSC2390-300x199.jpg 300w, https:\/\/guiesullsdelahistoria.cat\/app\/uploads\/2024\/11\/Santa_Eulalia_Erill_la_Vall_Davallament_DSC2390-1024x681.jpg 1024w, https:\/\/guiesullsdelahistoria.cat\/app\/uploads\/2024\/11\/Santa_Eulalia_Erill_la_Vall_Davallament_DSC2390-768x511.jpg 768w\" sizes=\"auto, (max-width: 1426px) 100vw, 1426px\" \/>\n              <figcaption class=\"pt-2 text-gray-800\"><em>Kreuzabnahme<\/em> von Erill la Vall.<\/figcaption>\n          <\/figure>\n  <\/div>\n\n\n<section class=\"element audio-block\">\n  <div class=\"flex flex-col w-full gap-6\">\n    <div class=\"flex flex-col gap-3\">\n      <div class=\"flex gap-6\">\n                          <h2 class=\"text-2xl font-bold\">Die <em>Kreuzabnahme<\/em> von Erill la Vall<\/h2>\n              <\/div>\n          <\/div>\n    <div class=\"flex items-center justify-end gap-3\">\n              <div class=\"flex-1 audio-content\" dir=\"ltr\">\n          <audio id=\"audio-17e5834d44eacef287f2e2b9ce3e47fc\" data-label=\"Die Kreuzabnahme von Erill la Vall\"\n            data-category=\"SANTA-EULALIA-D_ERILL-LA-VALL-DE-GENERAL-PLAY-4.mp3\" class=\"hidden\" controls\n            src=\"https:\/\/guiesullsdelahistoria.cat\/app\/uploads\/2024\/11\/SANTA-EULALIA-D_ERILL-LA-VALL-DE-GENERAL-PLAY-4.mp3\"><\/audio>\n          <div class=\"flex items-center w-full gap-3 transition-opacity opacity-0 meta\">\n            <progress class=\"flex-1 border-0 appearance-none\" value=\"0\" max=\"1\"><\/progress>\n            <div class=\"text-sm text-center shrink-0 current-time w-9\"><\/div>\n                      <\/div>\n        <\/div>\n            <div class=\"flex flex-col items-center gap-2 shrink-1 audio-control\">\n        <button\n  class=\"flex items-center justify-center w-32 max-w-32 h-32 max-h-32 transition-[max-height,_max-width] bg-black rounded-full btn text-accent\"\n  data-target=\"#audio-17e5834d44eacef287f2e2b9ce3e47fc\">\n  <svg width=\"100%\" height=\"100%\" viewBox=\"0 0 36 36\" version=\"1.1\" xmlns=\"http:\/\/www.w3.org\/2000\/svg\" xmlns:xlink=\"http:\/\/www.w3.org\/1999\/xlink\">\n  <path id=\"ytp-12\" d=\"M11,10 L18,13.74 18,22.28 11,26 M18,13.74 L26,18 26,18 18,22.28\" fill=\"currentColor\">\n    <animate id=\"animation\" begin=\"indefinite\" attributeType=\"XML\" attributeName=\"d\" fill=\"freeze\" from=\"M11,10 L17,10 17,26 11,26 M20,10 L26,10 26,26 20,26\" to=\"M11,10 L18,13.74 18,22.28 11,26 M18,13.74 L26,18 26,18 18,22.28\" dur=\"0.1s\" keySplines=\".4 0 1 1\" repeatCount=\"1\" data-play=\"M11,10 L18,13.74 18,22.28 11,26 M18,13.74 L26,18 26,18 18,22.28\" data-pause=\"M11,10 L17,10 17,26 11,26 M20,10 L26,10 26,26 20,26\"><\/animate>\n  <\/path>\n<\/svg>\n<\/button>\n        <p class=\"text-base text-center\">Zuh\u00f6ren<\/p>\n      <\/div>\n    <\/div>\n\n    \n          <div class=\"flex flex-wrap justify-between gap-6 md:justify-start\">\n                  <button data-target=\"#transcription-17e5834d44eacef287f2e2b9ce3e47fc\" data-toggle=\"modal\" class=\"flex items-center gap-2\">\n            <svg class=\"w-6 h-6\" fill=\"none\" xmlns=\"http:\/\/www.w3.org\/2000\/svg\" viewBox=\"0 0 22 12\"><path d=\"M0 9.873v-6c0-.55.196-1.02.588-1.412A1.926 1.926 0 0 1 2 1.873h2c.55 0 1.02.196 1.412.588.392.391.588.862.588 1.412v6H4v-2H2v2H0Zm2-4h2v-2H2v2Zm6 4v-8h4c.55 0 1.02.196 1.412.588.392.391.588.862.588 1.412v4c0 .55-.196 1.021-.588 1.413A1.926 1.926 0 0 1 12 9.873H8Zm2-2h2v-4h-2v4Zm6.85.8-1.4-1.425c.183-.183.32-.391.413-.625.091-.233.137-.483.137-.75 0-.283-.046-.537-.137-.762a1.85 1.85 0 0 0-.413-.613l1.4-1.45c.367.367.65.792.85 1.275.2.484.3 1 .3 1.55s-.1 1.063-.3 1.538c-.2.475-.483.896-.85 1.262Zm2.825 2.825-1.45-1.375c.55-.55.983-1.187 1.3-1.912A5.775 5.775 0 0 0 20 5.873c0-.85-.158-1.633-.475-2.35a6.217 6.217 0 0 0-1.3-1.9l1.45-1.4a7.94 7.94 0 0 1 1.712 2.55c.409.967.613 2 .613 3.1s-.204 2.13-.613 3.088a7.977 7.977 0 0 1-1.712 2.537Z\" fill=\"#000\"\/><\/svg>            <span>Transkription<\/span>\n          <\/button>\n                      <\/div>\n      <\/div>\n\n      <div id=\"transcription-17e5834d44eacef287f2e2b9ce3e47fc\"\n  class=\"fixed inset-0 z-50 hidden w-screen h-screen opacity-0 pointer-events-none modal transcription\"\n  tabindex=\"-1\" role=\"dialog\">\n  <div class=\"absolute w-full h-full bg-black opacity-75 modal-overlay\"><\/div>\n  <div\n    class=\"absolute z-30 w-11\/12 mx-auto overflow-y-auto text-black bg-white shadow-lg modal-container center-xy md:max-w-4xl\"\n    role=\"document\">\n    <div class=\"flex items-center justify-between px-4 py-4 text-gray-700 border-b md:px-8\">\n      <h2 class=\"!mb-0 font-bold\">Transkription<\/h2>\n      <div class=\"z-50 flex flex-col items-center ml-auto cursor-pointer rtl:ml-0 rtl:mr-auto modal-close\">\n        <svg class=\"w-auto h-6\" width=\"18\" height=\"23\" xmlns=\"http:\/\/www.w3.org\/2000\/svg\">\n  <g stroke=\"currentColor\" fill=\"none\" fill-rule=\"evenodd\" stroke-linecap=\"square\">\n    <path d=\"M.7248.974l16.1076 20.6167M16.655 1.2654L.9097 22.1601\" \/>\n  <\/g>\n<\/svg>        <div class=\"hidden\">Close<\/div>\n      <\/div>\n    <\/div>\n    <div class=\"px-4 py-8 overflow-y-auto max-h-modal md:px-8 modal-content\">\n      <div class=\"mb-8 flex flex-col gap-1.5\">\n                      <h3 class=\"text-xl font-bold\">Die <em>Kreuzabnahme<\/em> von Erill la Vall<\/h3>\n                            <\/div>\n            <p>Sie befinden sich im Chorraum. Wie Sie wissen, handelt es sich um einen Anbau aus dem 16. Jahrhundert, der zur Unterbringung von Geistlichen und Kantoren errichtet wurde. Von der Vorderseite des Balkons aus kann man das h\u00f6lzerne Skulpturenensemble \u00fcber dem Altar gut beobachten. Es handelt sich um eine Reproduktion der Kreuzabnahme von Erill la Vall, die einzige vollst\u00e4ndige Reproduktion der sogenannten Erill-Werkstatt, die erhalten geblieben ist.<br \/>\nDie Figuren sind von links nach rechts: Dismas (der gute Dieb), die Jungfrau Maria, Josef von Arimath\u00e4a, Christus, Nikodemus, der Heilige Johannes und Gestas (der b\u00f6se Dieb).<br \/>\nDie Szene stellt den Abstieg Christi vom Kreuz dar und ist von gro\u00dfer Dramatik gepr\u00e4gt. Diese Auff\u00fchrung k\u00f6nnte von dem liturgischen Theater inspiriert worden sein, das w\u00e4hrend der Karwoche aufgef\u00fchrt wurde.<br \/>\nIn den Kirchen La Nativitat de Durro und Santa Maria de Ta\u00fcll sind Teile anderer Kreuzabnahmen erhalten.<br \/>\nBei den Figuren in diesem Ensemble handelt es sich um Reproduktionen von Schnitzereien, die im Museu Episcopal de Vic und im Museu Nacional d\u2019Art de Catalunya aufbewahrt werden. Die Originalfiguren wurden in einem sehr schlechten Erhaltungszustand in einem an der Au\u00dfenmauer der Kirche angebrachten kleinen Raum gefunden.<br \/>\nIn der virtuellen Augmented-Reality-Ressource k\u00f6nnen Sie die Kreuzabnahme so sehen, wie sie urspr\u00fcnglich war.<\/p>\n    <\/div>\n  <\/div>\n<\/div>\n    <\/section>\n\n\n<div class=\"flex flex-col gap-3 element interactive-block\">\n  <div class=\"flex items-center gap-6\">\n              <h2 class=\"text-2xl font-bold\">Virtuelle Ressource: Augmented Reality mit der Polychromie der <em>Kreuzabnahme<\/em><\/h2>\n      <\/div>\n          <div class=\"flex justify-end w-full\">\n      <div class=\"flex flex-col items-center gap-2 shrink-1\">\n        <button data-target=\"#embed-69f5c6582b622\" data-toggle=\"modal\"\n          class=\"flex items-center justify-center w-32 h-32 bg-black rounded-full text-accent\">\n          <svg class=\"w-16 h-auto\" width=\"60\" height=\"61\" viewBox=\"0 0 60 61\" fill=\"none\" xmlns=\"http:\/\/www.w3.org\/2000\/svg\">\n  <path\n    d=\"M27 53.298L12 44.673C11.05 44.1231 10.3125 43.398 9.7875 42.498C9.2625 41.598 9 40.598 9 39.498V22.248C9 21.148 9.2625 20.148 9.7875 19.248C10.3125 18.348 11.05 17.623 12 17.073L27 8.44805C27.95 7.89805 28.95 7.62305 30 7.62305C31.05 7.62305 32.05 7.89805 33 8.44805L48 17.073C48.95 17.623 49.6875 18.348 50.2125 19.248C50.7375 20.148 51 21.148 51 22.248V39.498C51 40.598 50.7375 41.598 50.2125 42.498C49.6875 43.398 48.95 44.1231 48 44.673L33 53.298C32.05 53.848 31.05 54.123 30 54.123C28.95 54.123 27.95 53.848 27 53.298ZM27 46.398V32.598L15 25.623V39.498L27 46.398ZM33 46.398L45 39.498V25.623L33 32.598V46.398ZM0 15.873V6.87305C0 5.22305 0.5875 3.81055 1.7625 2.63555C2.9375 1.46055 4.35 0.873047 6 0.873047H15V6.87305H6V15.873H0ZM15 60.873H6C4.35 60.873 2.9375 60.2855 1.7625 59.1105C0.5875 57.9355 0 56.523 0 54.873V45.8731H6V54.873H15V60.873ZM45 60.873V54.873H54V45.8731H60V54.873C60 56.523 59.4125 57.9355 58.2375 59.1105C57.0625 60.2855 55.65 60.873 54 60.873H45ZM54 15.873V6.87305H45V0.873047H54C55.65 0.873047 57.0625 1.46055 58.2375 2.63555C59.4125 3.81055 60 5.22305 60 6.87305V15.873H54ZM30 27.423L41.85 20.448L30 13.623L18.15 20.448L30 27.423Z\"\n    fill=\"currentColor\" \/>\n<\/svg>\n        <\/button>\n                  <p class=\"text-base text-center\">Anschauen<\/p>\n              <\/div>\n    <\/div>\n    <div id=\"embed-69f5c6582b622\"\n  class=\"fixed inset-0 z-50 hidden w-screen h-screen opacity-0 pointer-events-none modal embed-container\"\n  tabindex=\"-1\" role=\"dialog\">\n  <div class=\"absolute w-full h-full bg-black opacity-75 modal-overlay\"><\/div>\n  <div\n    class=\"absolute z-30 w-11\/12 mx-auto overflow-y-auto text-black bg-white shadow-lg modal-container center-xy md:max-w-4xl\"\n    role=\"document\">\n    <div class=\"flex items-center justify-between px-4 py-4 text-gray-700 border-b md:px-8\">\n      <h2 class=\"!mb-0 font-bold\">Anschauen<\/h2>\n      <div class=\"z-50 flex flex-col items-center ml-auto cursor-pointer rtl:ml-0 rtl:mr-auto modal-close\">\n        <svg class=\"w-auto h-6\" width=\"18\" height=\"23\" xmlns=\"http:\/\/www.w3.org\/2000\/svg\">\n  <g stroke=\"currentColor\" fill=\"none\" fill-rule=\"evenodd\" stroke-linecap=\"square\">\n    <path d=\"M.7248.974l16.1076 20.6167M16.655 1.2654L.9097 22.1601\" \/>\n  <\/g>\n<\/svg>        <div class=\"hidden\">Close<\/div>\n      <\/div>\n    <\/div>\n    <div class=\"px-4 py-8 overflow-y-auto max-h-modal md:px-8 modal-content\">\n      <div class=\"sketchfab-embed-wrapper\"> <iframe title=\"Davallament d'Erill. Reconstrucci\u00f3 hipot\u00e8tica\" frameborder=\"0\" allowfullscreen mozallowfullscreen=\"true\" webkitallowfullscreen=\"true\" allow=\"autoplay; fullscreen; xr-spatial-tracking\" xr-spatial-tracking execution-while-out-of-viewport execution-while-not-rendered web-share src=\"https:\/\/sketchfab.com\/models\/b27cbe2cf1c24b6181707c2af555950e\/embed?ui_infos=0\"> <\/iframe> <\/div>\n    <\/div>\n  <\/div>\n<\/div>\n  <\/div>\n\n\n<div class=\"flex flex-col gap-3 element text-block\">\n  <div class=\"flex items-center gap-6\">\n              <h2 class=\"text-2xl font-bold\">7f Chor<\/h2>\n      <\/div>\n    <\/div>\n\n\n<div class=\"flex flex-col gap-6 element image-block\">\n  <div class=\"flex flex-col gap-3\">\n      <\/div>\n      <figure>\n      <img loading=\"lazy\" decoding=\"async\" width=\"1600\" height=\"1287\" src=\"https:\/\/guiesullsdelahistoria.cat\/app\/uploads\/2024\/11\/Santa_Eulalia_Erill_la_Vall_cor_retaules.jpeg\" class=\"w-full h-auto\" alt=\"Retabel aus verschiedenen Epochen, die im Chor der Kirche von Santa Eul\u00e0lia d\u2019Erill la Vall ausgestellt sind.\" srcset=\"https:\/\/guiesullsdelahistoria.cat\/app\/uploads\/2024\/11\/Santa_Eulalia_Erill_la_Vall_cor_retaules.jpeg 1600w, https:\/\/guiesullsdelahistoria.cat\/app\/uploads\/2024\/11\/Santa_Eulalia_Erill_la_Vall_cor_retaules-300x241.jpeg 300w, https:\/\/guiesullsdelahistoria.cat\/app\/uploads\/2024\/11\/Santa_Eulalia_Erill_la_Vall_cor_retaules-1024x824.jpeg 1024w, https:\/\/guiesullsdelahistoria.cat\/app\/uploads\/2024\/11\/Santa_Eulalia_Erill_la_Vall_cor_retaules-768x618.jpeg 768w, https:\/\/guiesullsdelahistoria.cat\/app\/uploads\/2024\/11\/Santa_Eulalia_Erill_la_Vall_cor_retaules-1536x1236.jpeg 1536w\" sizes=\"auto, (max-width: 1600px) 100vw, 1600px\" \/>\n              <figcaption class=\"pt-2 text-gray-800\">Retabel aus verschiedenen Epochen in Santa Eul\u00e0lia d\u2019Erill la Vall.<\/figcaption>\n          <\/figure>\n  <\/div>\n\n\n<section class=\"element audio-block\">\n  <div class=\"flex flex-col w-full gap-6\">\n    <div class=\"flex flex-col gap-3\">\n      <div class=\"flex gap-6\">\n                          <h2 class=\"text-2xl font-bold\">Retabel<\/h2>\n              <\/div>\n          <\/div>\n    <div class=\"flex items-center justify-end gap-3\">\n              <div class=\"flex-1 audio-content\" dir=\"ltr\">\n          <audio id=\"audio-ecb691b5df3796fb9bb1356ba60b1c6b\" data-label=\"Retabel\"\n            data-category=\"SANTA-EULALIA-DERILL-LA-VALL-DE-GENERAL-PLAY-5.mp3\" class=\"hidden\" controls\n            src=\"https:\/\/guiesullsdelahistoria.cat\/app\/uploads\/2024\/11\/SANTA-EULALIA-DERILL-LA-VALL-DE-GENERAL-PLAY-5.mp3\"><\/audio>\n          <div class=\"flex items-center w-full gap-3 transition-opacity opacity-0 meta\">\n            <progress class=\"flex-1 border-0 appearance-none\" value=\"0\" max=\"1\"><\/progress>\n            <div class=\"text-sm text-center shrink-0 current-time w-9\"><\/div>\n                      <\/div>\n        <\/div>\n            <div class=\"flex flex-col items-center gap-2 shrink-1 audio-control\">\n        <button\n  class=\"flex items-center justify-center w-32 max-w-32 h-32 max-h-32 transition-[max-height,_max-width] bg-black rounded-full btn text-accent\"\n  data-target=\"#audio-ecb691b5df3796fb9bb1356ba60b1c6b\">\n  <svg width=\"100%\" height=\"100%\" viewBox=\"0 0 36 36\" version=\"1.1\" xmlns=\"http:\/\/www.w3.org\/2000\/svg\" xmlns:xlink=\"http:\/\/www.w3.org\/1999\/xlink\">\n  <path id=\"ytp-12\" d=\"M11,10 L18,13.74 18,22.28 11,26 M18,13.74 L26,18 26,18 18,22.28\" fill=\"currentColor\">\n    <animate id=\"animation\" begin=\"indefinite\" attributeType=\"XML\" attributeName=\"d\" fill=\"freeze\" from=\"M11,10 L17,10 17,26 11,26 M20,10 L26,10 26,26 20,26\" to=\"M11,10 L18,13.74 18,22.28 11,26 M18,13.74 L26,18 26,18 18,22.28\" dur=\"0.1s\" keySplines=\".4 0 1 1\" repeatCount=\"1\" data-play=\"M11,10 L18,13.74 18,22.28 11,26 M18,13.74 L26,18 26,18 18,22.28\" data-pause=\"M11,10 L17,10 17,26 11,26 M20,10 L26,10 26,26 20,26\"><\/animate>\n  <\/path>\n<\/svg>\n<\/button>\n        <p class=\"text-base text-center\">Zuh\u00f6ren<\/p>\n      <\/div>\n    <\/div>\n\n    \n          <div class=\"flex flex-wrap justify-between gap-6 md:justify-start\">\n                  <button data-target=\"#transcription-ecb691b5df3796fb9bb1356ba60b1c6b\" data-toggle=\"modal\" class=\"flex items-center gap-2\">\n            <svg class=\"w-6 h-6\" fill=\"none\" xmlns=\"http:\/\/www.w3.org\/2000\/svg\" viewBox=\"0 0 22 12\"><path d=\"M0 9.873v-6c0-.55.196-1.02.588-1.412A1.926 1.926 0 0 1 2 1.873h2c.55 0 1.02.196 1.412.588.392.391.588.862.588 1.412v6H4v-2H2v2H0Zm2-4h2v-2H2v2Zm6 4v-8h4c.55 0 1.02.196 1.412.588.392.391.588.862.588 1.412v4c0 .55-.196 1.021-.588 1.413A1.926 1.926 0 0 1 12 9.873H8Zm2-2h2v-4h-2v4Zm6.85.8-1.4-1.425c.183-.183.32-.391.413-.625.091-.233.137-.483.137-.75 0-.283-.046-.537-.137-.762a1.85 1.85 0 0 0-.413-.613l1.4-1.45c.367.367.65.792.85 1.275.2.484.3 1 .3 1.55s-.1 1.063-.3 1.538c-.2.475-.483.896-.85 1.262Zm2.825 2.825-1.45-1.375c.55-.55.983-1.187 1.3-1.912A5.775 5.775 0 0 0 20 5.873c0-.85-.158-1.633-.475-2.35a6.217 6.217 0 0 0-1.3-1.9l1.45-1.4a7.94 7.94 0 0 1 1.712 2.55c.409.967.613 2 .613 3.1s-.204 2.13-.613 3.088a7.977 7.977 0 0 1-1.712 2.537Z\" fill=\"#000\"\/><\/svg>            <span>Transkription<\/span>\n          <\/button>\n                      <\/div>\n      <\/div>\n\n      <div id=\"transcription-ecb691b5df3796fb9bb1356ba60b1c6b\"\n  class=\"fixed inset-0 z-50 hidden w-screen h-screen opacity-0 pointer-events-none modal transcription\"\n  tabindex=\"-1\" role=\"dialog\">\n  <div class=\"absolute w-full h-full bg-black opacity-75 modal-overlay\"><\/div>\n  <div\n    class=\"absolute z-30 w-11\/12 mx-auto overflow-y-auto text-black bg-white shadow-lg modal-container center-xy md:max-w-4xl\"\n    role=\"document\">\n    <div class=\"flex items-center justify-between px-4 py-4 text-gray-700 border-b md:px-8\">\n      <h2 class=\"!mb-0 font-bold\">Transkription<\/h2>\n      <div class=\"z-50 flex flex-col items-center ml-auto cursor-pointer rtl:ml-0 rtl:mr-auto modal-close\">\n        <svg class=\"w-auto h-6\" width=\"18\" height=\"23\" xmlns=\"http:\/\/www.w3.org\/2000\/svg\">\n  <g stroke=\"currentColor\" fill=\"none\" fill-rule=\"evenodd\" stroke-linecap=\"square\">\n    <path d=\"M.7248.974l16.1076 20.6167M16.655 1.2654L.9097 22.1601\" \/>\n  <\/g>\n<\/svg>        <div class=\"hidden\">Close<\/div>\n      <\/div>\n    <\/div>\n    <div class=\"px-4 py-8 overflow-y-auto max-h-modal md:px-8 modal-content\">\n      <div class=\"mb-8 flex flex-col gap-1.5\">\n                      <h3 class=\"text-xl font-bold\">Retabel<\/h3>\n                            <\/div>\n            <p>Im Chorraum sind au\u00dferdem mehrere M\u00f6belst\u00fccke ausgestellt, die die Entwicklung der liturgischen Ausstattung zeigen. Besonders bemerkenswert sind die Retabel aus verschiedenen Epochen, ein Beispiel f\u00fcr die Entwicklung des Gottesdienstes und der k\u00fcnstlerischen Stile zwischen dem 16. und 18. Jahrhundert. Sie sind aus Holz gefertigt und haben ihre Polychromie in unterschiedlichem Ma\u00dfe bewahrt.<\/p>\n<p><strong>Ein Arch\u00e4ologe<\/strong>: Bevor wir gehen, sollten wir einen Blick unter den Chor werfen. Man kann nie wissen.<br \/>\n<strong>Ein Kunsthistoriker<\/strong>: Sieh dir das an! Richte die Taschenlampe auf den Holzstapel dort dr\u00fcben.<br \/>\n<strong>Der Arch\u00e4ologe<\/strong>: Ist es das, wonach es aussieht?<br \/>\n<strong>Der Historiker<\/strong>: Es gibt ein paar davon, aber sie sind alle zerfressen! Sie gehen sogar in der Hand auseinander.<br \/>\n<strong>Der Arch\u00e4ologe<\/strong>: Wir werden sie gr\u00fcndlich wiederherstellen m\u00fcssen.<br \/>\n<strong>Der Historiker<\/strong>: Es wird sich lohnen. Diese Retabel werden uns helfen, die Geschichte dieser Kirche zu verstehen. Und sobald wir sie wiederhergestellt haben, sollten sie hier ausgestellt werden.<\/p>\n    <\/div>\n  <\/div>\n<\/div>\n    <\/section>\n\n\n<div class=\"flex flex-col gap-3 element text-block\">\n  <div class=\"flex items-center gap-6\">\n              <h2 class=\"text-2xl font-bold\">7g Wir warten auf Sie!<\/h2>\n      <\/div>\n    <\/div>\n\n\n<section class=\"element audio-block\">\n  <div class=\"flex flex-col w-full gap-6\">\n    <div class=\"flex flex-col gap-3\">\n      <div class=\"flex gap-6\">\n                          <h2 class=\"text-2xl font-bold\">Der Besuch geht weiter<\/h2>\n              <\/div>\n          <\/div>\n    <div class=\"flex items-center justify-end gap-3\">\n              <div class=\"flex-1 audio-content\" dir=\"ltr\">\n          <audio id=\"audio-1159c8522e7dd179875082baf4e13741\" data-label=\"Der Besuch geht weiter\"\n            data-category=\"SANTA-EULALIA-D_ERILL-LA-VALL-DE-GENERAL-PLAY-CLOENDA.mp3\" class=\"hidden\" controls\n            src=\"https:\/\/guiesullsdelahistoria.cat\/app\/uploads\/2024\/11\/SANTA-EULALIA-D_ERILL-LA-VALL-DE-GENERAL-PLAY-CLOENDA.mp3\"><\/audio>\n          <div class=\"flex items-center w-full gap-3 transition-opacity opacity-0 meta\">\n            <progress class=\"flex-1 border-0 appearance-none\" value=\"0\" max=\"1\"><\/progress>\n            <div class=\"text-sm text-center shrink-0 current-time w-9\"><\/div>\n                      <\/div>\n        <\/div>\n            <div class=\"flex flex-col items-center gap-2 shrink-1 audio-control\">\n        <button\n  class=\"flex items-center justify-center w-32 max-w-32 h-32 max-h-32 transition-[max-height,_max-width] bg-black rounded-full btn text-accent\"\n  data-target=\"#audio-1159c8522e7dd179875082baf4e13741\">\n  <svg width=\"100%\" height=\"100%\" viewBox=\"0 0 36 36\" version=\"1.1\" xmlns=\"http:\/\/www.w3.org\/2000\/svg\" xmlns:xlink=\"http:\/\/www.w3.org\/1999\/xlink\">\n  <path id=\"ytp-12\" d=\"M11,10 L18,13.74 18,22.28 11,26 M18,13.74 L26,18 26,18 18,22.28\" fill=\"currentColor\">\n    <animate id=\"animation\" begin=\"indefinite\" attributeType=\"XML\" attributeName=\"d\" fill=\"freeze\" from=\"M11,10 L17,10 17,26 11,26 M20,10 L26,10 26,26 20,26\" to=\"M11,10 L18,13.74 18,22.28 11,26 M18,13.74 L26,18 26,18 18,22.28\" dur=\"0.1s\" keySplines=\".4 0 1 1\" repeatCount=\"1\" data-play=\"M11,10 L18,13.74 18,22.28 11,26 M18,13.74 L26,18 26,18 18,22.28\" data-pause=\"M11,10 L17,10 17,26 11,26 M20,10 L26,10 26,26 20,26\"><\/animate>\n  <\/path>\n<\/svg>\n<\/button>\n        <p class=\"text-base text-center\">Zuh\u00f6ren<\/p>\n      <\/div>\n    <\/div>\n\n    \n          <div class=\"flex flex-wrap justify-between gap-6 md:justify-start\">\n                  <button data-target=\"#transcription-1159c8522e7dd179875082baf4e13741\" data-toggle=\"modal\" class=\"flex items-center gap-2\">\n            <svg class=\"w-6 h-6\" fill=\"none\" xmlns=\"http:\/\/www.w3.org\/2000\/svg\" viewBox=\"0 0 22 12\"><path d=\"M0 9.873v-6c0-.55.196-1.02.588-1.412A1.926 1.926 0 0 1 2 1.873h2c.55 0 1.02.196 1.412.588.392.391.588.862.588 1.412v6H4v-2H2v2H0Zm2-4h2v-2H2v2Zm6 4v-8h4c.55 0 1.02.196 1.412.588.392.391.588.862.588 1.412v4c0 .55-.196 1.021-.588 1.413A1.926 1.926 0 0 1 12 9.873H8Zm2-2h2v-4h-2v4Zm6.85.8-1.4-1.425c.183-.183.32-.391.413-.625.091-.233.137-.483.137-.75 0-.283-.046-.537-.137-.762a1.85 1.85 0 0 0-.413-.613l1.4-1.45c.367.367.65.792.85 1.275.2.484.3 1 .3 1.55s-.1 1.063-.3 1.538c-.2.475-.483.896-.85 1.262Zm2.825 2.825-1.45-1.375c.55-.55.983-1.187 1.3-1.912A5.775 5.775 0 0 0 20 5.873c0-.85-.158-1.633-.475-2.35a6.217 6.217 0 0 0-1.3-1.9l1.45-1.4a7.94 7.94 0 0 1 1.712 2.55c.409.967.613 2 .613 3.1s-.204 2.13-.613 3.088a7.977 7.977 0 0 1-1.712 2.537Z\" fill=\"#000\"\/><\/svg>            <span>Transkription<\/span>\n          <\/button>\n                      <\/div>\n      <\/div>\n\n      <div id=\"transcription-1159c8522e7dd179875082baf4e13741\"\n  class=\"fixed inset-0 z-50 hidden w-screen h-screen opacity-0 pointer-events-none modal transcription\"\n  tabindex=\"-1\" role=\"dialog\">\n  <div class=\"absolute w-full h-full bg-black opacity-75 modal-overlay\"><\/div>\n  <div\n    class=\"absolute z-30 w-11\/12 mx-auto overflow-y-auto text-black bg-white shadow-lg modal-container center-xy md:max-w-4xl\"\n    role=\"document\">\n    <div class=\"flex items-center justify-between px-4 py-4 text-gray-700 border-b md:px-8\">\n      <h2 class=\"!mb-0 font-bold\">Transkription<\/h2>\n      <div class=\"z-50 flex flex-col items-center ml-auto cursor-pointer rtl:ml-0 rtl:mr-auto modal-close\">\n        <svg class=\"w-auto h-6\" width=\"18\" height=\"23\" xmlns=\"http:\/\/www.w3.org\/2000\/svg\">\n  <g stroke=\"currentColor\" fill=\"none\" fill-rule=\"evenodd\" stroke-linecap=\"square\">\n    <path d=\"M.7248.974l16.1076 20.6167M16.655 1.2654L.9097 22.1601\" \/>\n  <\/g>\n<\/svg>        <div class=\"hidden\">Close<\/div>\n      <\/div>\n    <\/div>\n    <div class=\"px-4 py-8 overflow-y-auto max-h-modal md:px-8 modal-content\">\n      <div class=\"mb-8 flex flex-col gap-1.5\">\n                      <h3 class=\"text-xl font-bold\">Der Besuch geht weiter<\/h3>\n                            <\/div>\n            <p>Hier endet der Besuch der Kirche. Wir laden Sie nun ein, die anderen Werke des romanischen Ensembles von La Vall de Bo\u00ed zu entdecken und freuen uns auf Ihren Besuch!<\/p>\n    <\/div>\n  <\/div>\n<\/div>\n    <\/section>\n\n\n<div class=\"flex flex-col gap-3 element text-block\">\n  <div class=\"flex items-center gap-6\">\n              <h2 class=\"text-2xl font-bold\">Schlie\u00dfen<\/h2>\n      <\/div>\n        <div class=\"prose prose-lg\"><p>&#8220;<em>Els Ulls de la Hist\u00f2ria<\/em>. Ein immersiver Blick auf das kulturelle Erbe&#8221; ist eine Initiative der Ag\u00e8ncia Catalana del Patrimoni Cultural.<br \/>\nDieses Projekt bezieht andere Stimmen und andere Blickwinkel auf unsere Vergangenheit mit ein. Denn wir alle sind Teil der Geschichte und formen sie mit.<\/p>\n<\/div>\n  <\/div>\n\n<\/div>\n      <\/div>\n    <\/div>\n  <\/section>\n\n\n<section class=\"overflow-hidden section\" id=\"section-69f5c65842af3\" data-title=\"8. Santa Maria de Cardet\">\n    <div class=\"container grid grid-cols-1 py-8 md:py-10 max-md:gap-y-8 md:grid-standard\">\n              <div class=\"flex gap-4 md:col-span-5\">\n                                <h2 class=\"text-8 font-headings\">8. Santa Maria de Cardet<\/h2>\n                  <\/div>\n            <div class=\"flex flex-col gap-8 md:col-span-6 md:col-start-7 md:gap-10\">\n        <div class=\"acf-innerblocks-container\">\n<div class=\"flex flex-col gap-3 element text-block\">\n  <div class=\"flex items-center gap-6\">\n              <h2 class=\"text-2xl font-bold\">8a Einf\u00fchrung<\/h2>\n      <\/div>\n    <\/div>\n\n\n<div class=\"flex flex-col gap-6 element image-block\">\n  <div class=\"flex flex-col gap-3\">\n      <\/div>\n      <figure>\n      <img loading=\"lazy\" decoding=\"async\" width=\"1600\" height=\"1182\" src=\"https:\/\/guiesullsdelahistoria.cat\/app\/uploads\/2024\/11\/Santa_Maria_de_Cardet__general_amb_riu_DJI_0435.jpg\" class=\"w-full h-auto\" alt=\"Luftaufnahme der Kirche von Santa Maria de Cardet mit dem Fluss Noguera de Tor im Hintergrund.\" srcset=\"https:\/\/guiesullsdelahistoria.cat\/app\/uploads\/2024\/11\/Santa_Maria_de_Cardet__general_amb_riu_DJI_0435.jpg 1600w, https:\/\/guiesullsdelahistoria.cat\/app\/uploads\/2024\/11\/Santa_Maria_de_Cardet__general_amb_riu_DJI_0435-300x222.jpg 300w, https:\/\/guiesullsdelahistoria.cat\/app\/uploads\/2024\/11\/Santa_Maria_de_Cardet__general_amb_riu_DJI_0435-1024x756.jpg 1024w, https:\/\/guiesullsdelahistoria.cat\/app\/uploads\/2024\/11\/Santa_Maria_de_Cardet__general_amb_riu_DJI_0435-768x567.jpg 768w, https:\/\/guiesullsdelahistoria.cat\/app\/uploads\/2024\/11\/Santa_Maria_de_Cardet__general_amb_riu_DJI_0435-1536x1135.jpg 1536w\" sizes=\"auto, (max-width: 1600px) 100vw, 1600px\" \/>\n              <figcaption class=\"pt-2 text-gray-800\">Santa Maria de Cardet mit dem Fluss Noguera de Tor.\n<\/figcaption>\n          <\/figure>\n  <\/div>\n\n\n<section class=\"element audio-block\">\n  <div class=\"flex flex-col w-full gap-6\">\n    <div class=\"flex flex-col gap-3\">\n      <div class=\"flex gap-6\">\n                          <h2 class=\"text-2xl font-bold\">La Vall de Bo\u00ed und seine Kirchen<\/h2>\n              <\/div>\n          <\/div>\n    <div class=\"flex items-center justify-end gap-3\">\n              <div class=\"flex-1 audio-content\" dir=\"ltr\">\n          <audio id=\"audio-00e699f227d7cb63e314d9ec8f858e3f\" data-label=\"La Vall de Bo\u00ed und seine Kirchen\"\n            data-category=\"SANTA-MARIA-DE-CARDET-DE-GENERAL-PLAY-0.mp3\" class=\"hidden\" controls\n            src=\"https:\/\/guiesullsdelahistoria.cat\/app\/uploads\/2024\/11\/SANTA-MARIA-DE-CARDET-DE-GENERAL-PLAY-0.mp3\"><\/audio>\n          <div class=\"flex items-center w-full gap-3 transition-opacity opacity-0 meta\">\n            <progress class=\"flex-1 border-0 appearance-none\" value=\"0\" max=\"1\"><\/progress>\n            <div class=\"text-sm text-center shrink-0 current-time w-9\"><\/div>\n                      <\/div>\n        <\/div>\n            <div class=\"flex flex-col items-center gap-2 shrink-1 audio-control\">\n        <button\n  class=\"flex items-center justify-center w-32 max-w-32 h-32 max-h-32 transition-[max-height,_max-width] bg-black rounded-full btn text-accent\"\n  data-target=\"#audio-00e699f227d7cb63e314d9ec8f858e3f\">\n  <svg width=\"100%\" height=\"100%\" viewBox=\"0 0 36 36\" version=\"1.1\" xmlns=\"http:\/\/www.w3.org\/2000\/svg\" xmlns:xlink=\"http:\/\/www.w3.org\/1999\/xlink\">\n  <path id=\"ytp-12\" d=\"M11,10 L18,13.74 18,22.28 11,26 M18,13.74 L26,18 26,18 18,22.28\" fill=\"currentColor\">\n    <animate id=\"animation\" begin=\"indefinite\" attributeType=\"XML\" attributeName=\"d\" fill=\"freeze\" from=\"M11,10 L17,10 17,26 11,26 M20,10 L26,10 26,26 20,26\" to=\"M11,10 L18,13.74 18,22.28 11,26 M18,13.74 L26,18 26,18 18,22.28\" dur=\"0.1s\" keySplines=\".4 0 1 1\" repeatCount=\"1\" data-play=\"M11,10 L18,13.74 18,22.28 11,26 M18,13.74 L26,18 26,18 18,22.28\" data-pause=\"M11,10 L17,10 17,26 11,26 M20,10 L26,10 26,26 20,26\"><\/animate>\n  <\/path>\n<\/svg>\n<\/button>\n        <p class=\"text-base text-center\">Zuh\u00f6ren<\/p>\n      <\/div>\n    <\/div>\n\n    \n          <div class=\"flex flex-wrap justify-between gap-6 md:justify-start\">\n                  <button data-target=\"#transcription-00e699f227d7cb63e314d9ec8f858e3f\" data-toggle=\"modal\" class=\"flex items-center gap-2\">\n            <svg class=\"w-6 h-6\" fill=\"none\" xmlns=\"http:\/\/www.w3.org\/2000\/svg\" viewBox=\"0 0 22 12\"><path d=\"M0 9.873v-6c0-.55.196-1.02.588-1.412A1.926 1.926 0 0 1 2 1.873h2c.55 0 1.02.196 1.412.588.392.391.588.862.588 1.412v6H4v-2H2v2H0Zm2-4h2v-2H2v2Zm6 4v-8h4c.55 0 1.02.196 1.412.588.392.391.588.862.588 1.412v4c0 .55-.196 1.021-.588 1.413A1.926 1.926 0 0 1 12 9.873H8Zm2-2h2v-4h-2v4Zm6.85.8-1.4-1.425c.183-.183.32-.391.413-.625.091-.233.137-.483.137-.75 0-.283-.046-.537-.137-.762a1.85 1.85 0 0 0-.413-.613l1.4-1.45c.367.367.65.792.85 1.275.2.484.3 1 .3 1.55s-.1 1.063-.3 1.538c-.2.475-.483.896-.85 1.262Zm2.825 2.825-1.45-1.375c.55-.55.983-1.187 1.3-1.912A5.775 5.775 0 0 0 20 5.873c0-.85-.158-1.633-.475-2.35a6.217 6.217 0 0 0-1.3-1.9l1.45-1.4a7.94 7.94 0 0 1 1.712 2.55c.409.967.613 2 .613 3.1s-.204 2.13-.613 3.088a7.977 7.977 0 0 1-1.712 2.537Z\" fill=\"#000\"\/><\/svg>            <span>Transkription<\/span>\n          <\/button>\n                      <\/div>\n      <\/div>\n\n      <div id=\"transcription-00e699f227d7cb63e314d9ec8f858e3f\"\n  class=\"fixed inset-0 z-50 hidden w-screen h-screen opacity-0 pointer-events-none modal transcription\"\n  tabindex=\"-1\" role=\"dialog\">\n  <div class=\"absolute w-full h-full bg-black opacity-75 modal-overlay\"><\/div>\n  <div\n    class=\"absolute z-30 w-11\/12 mx-auto overflow-y-auto text-black bg-white shadow-lg modal-container center-xy md:max-w-4xl\"\n    role=\"document\">\n    <div class=\"flex items-center justify-between px-4 py-4 text-gray-700 border-b md:px-8\">\n      <h2 class=\"!mb-0 font-bold\">Transkription<\/h2>\n      <div class=\"z-50 flex flex-col items-center ml-auto cursor-pointer rtl:ml-0 rtl:mr-auto modal-close\">\n        <svg class=\"w-auto h-6\" width=\"18\" height=\"23\" xmlns=\"http:\/\/www.w3.org\/2000\/svg\">\n  <g stroke=\"currentColor\" fill=\"none\" fill-rule=\"evenodd\" stroke-linecap=\"square\">\n    <path d=\"M.7248.974l16.1076 20.6167M16.655 1.2654L.9097 22.1601\" \/>\n  <\/g>\n<\/svg>        <div class=\"hidden\">Close<\/div>\n      <\/div>\n    <\/div>\n    <div class=\"px-4 py-8 overflow-y-auto max-h-modal md:px-8 modal-content\">\n      <div class=\"mb-8 flex flex-col gap-1.5\">\n                      <h3 class=\"text-xl font-bold\">La Vall de Bo\u00ed und seine Kirchen<\/h3>\n                            <\/div>\n            <p>Wir hei\u00dfen Sie in La Vall de Bo\u00ed willkommen und laden Sie ein, dieses au\u00dfergew\u00f6hnliche Ensemble von Kirchen zu entdecken, die als einer der gr\u00f6\u00dften Ausdrucksformen der katalanischen romanischen Kunst gilt und im Jahr 2000 in die Liste des UNESCO-Weltkulturerbes aufgenommen wurde.<br \/>\nDas romanische Ensemble von La Vall de Bo\u00ed besteht aus neun Kirchen: Sant Climent und Santa Maria de Ta\u00fcll, Sant Joan de Bo\u00ed, Santa Eul\u00e0lia d\u2019Erill la Vall, Sant Feliu de Barruera, La Nativitat und Sant Quirc de Durro, Santa Maria de Cardet und Assumpci\u00f3 de C\u00f3ll.<br \/>\nAber was haben diese Kirchen gemeinsam? Warum sind sie so einzigartig? Welche ist ihre Geschichte?<br \/>\nSie wurden alle zwischen dem 11. und 12. Jahrhundert erbaut, in einer Zeit der Macht und des wirtschaftlichen Wohlstands des lokalen Adels, und weisen denselben architektonischen Stil auf, die Romanik, die in ganz Europa verbreitet war.<br \/>\nHeute wird ein gro\u00dfer Teil der Gem\u00e4lde, Schnitzereien und M\u00f6bel in mehreren katalanischen Museen aufbewahrt, insbesondere im Museu Nacional d\u2019Art de Catalunya. In einigen Kirchen befinden sich jedoch bedeutende Fragmente von originalen Wandmalereien und Skulpturen sowie Reproduktionen von den Werken, die in den Museen aufbewahrt werden.<br \/>\nMit dem F\u00fchrer, den Sie in den H\u00e4nden halten, werden Sie die au\u00dfergew\u00f6hnlichen Werte dieses romanischen Ensembles entdecken und jede der neun Kirchen mit ihren Geheimnissen und Kuriosit\u00e4ten kennen lernen k\u00f6nnen.<br \/>\nEin letzter Hinweis! Diese Berge sind geheimnisvoll: die Worte der Menschen, die sie bewohnt haben, sind oft in den T\u00e4lern gefangen geblieben und hallen durch die Zeit wie ein unmerkliches Echo. Dieser F\u00fchrer verf\u00fcgt \u00fcber einen Sensor, der jedes Mal aktiviert wird, wenn er eines auff\u00e4ngt. Keine Angst, h\u00f6ren Sie weiter zu.<\/p>\n    <\/div>\n  <\/div>\n<\/div>\n    <\/section>\n\n\n<div class=\"flex flex-col gap-3 element text-block\">\n  <div class=\"flex items-center gap-6\">\n              <h2 class=\"text-2xl font-bold\">8b Fassade<\/h2>\n      <\/div>\n    <\/div>\n\n\n<div class=\"flex flex-col gap-6 element image-block\">\n  <div class=\"flex flex-col gap-3\">\n      <\/div>\n      <figure>\n      <img loading=\"lazy\" decoding=\"async\" width=\"600\" height=\"800\" src=\"https:\/\/guiesullsdelahistoria.cat\/app\/uploads\/2024\/11\/Santa_Maria_de_Cardet_facana_0063.jpg\" class=\"w-full h-auto\" alt=\"Hauptfassade der Kirche von Santa Maria de Cardet mit Portikus und Glockengiebel.\" srcset=\"https:\/\/guiesullsdelahistoria.cat\/app\/uploads\/2024\/11\/Santa_Maria_de_Cardet_facana_0063.jpg 600w, https:\/\/guiesullsdelahistoria.cat\/app\/uploads\/2024\/11\/Santa_Maria_de_Cardet_facana_0063-225x300.jpg 225w\" sizes=\"auto, (max-width: 600px) 100vw, 600px\" \/>\n              <figcaption class=\"pt-2 text-gray-800\">Hauptfassade von Santa Maria de Cardet.<\/figcaption>\n          <\/figure>\n  <\/div>\n\n\n<section class=\"element audio-block\">\n  <div class=\"flex flex-col w-full gap-6\">\n    <div class=\"flex flex-col gap-3\">\n      <div class=\"flex gap-6\">\n                          <h2 class=\"text-2xl font-bold\">Die kleinste Kirche<\/h2>\n              <\/div>\n          <\/div>\n    <div class=\"flex items-center justify-end gap-3\">\n              <div class=\"flex-1 audio-content\" dir=\"ltr\">\n          <audio id=\"audio-477d2eeb10bc5371e5e49be7578ff0d0\" data-label=\"Die kleinste Kirche\"\n            data-category=\"SANTA-MARIA-DE-CARDET-DE-GENERAL-PLAY-1.mp3\" class=\"hidden\" controls\n            src=\"https:\/\/guiesullsdelahistoria.cat\/app\/uploads\/2024\/11\/SANTA-MARIA-DE-CARDET-DE-GENERAL-PLAY-1.mp3\"><\/audio>\n          <div class=\"flex items-center w-full gap-3 transition-opacity opacity-0 meta\">\n            <progress class=\"flex-1 border-0 appearance-none\" value=\"0\" max=\"1\"><\/progress>\n            <div class=\"text-sm text-center shrink-0 current-time w-9\"><\/div>\n                      <\/div>\n        <\/div>\n            <div class=\"flex flex-col items-center gap-2 shrink-1 audio-control\">\n        <button\n  class=\"flex items-center justify-center w-32 max-w-32 h-32 max-h-32 transition-[max-height,_max-width] bg-black rounded-full btn text-accent\"\n  data-target=\"#audio-477d2eeb10bc5371e5e49be7578ff0d0\">\n  <svg width=\"100%\" height=\"100%\" viewBox=\"0 0 36 36\" version=\"1.1\" xmlns=\"http:\/\/www.w3.org\/2000\/svg\" xmlns:xlink=\"http:\/\/www.w3.org\/1999\/xlink\">\n  <path id=\"ytp-12\" d=\"M11,10 L18,13.74 18,22.28 11,26 M18,13.74 L26,18 26,18 18,22.28\" fill=\"currentColor\">\n    <animate id=\"animation\" begin=\"indefinite\" attributeType=\"XML\" attributeName=\"d\" fill=\"freeze\" from=\"M11,10 L17,10 17,26 11,26 M20,10 L26,10 26,26 20,26\" to=\"M11,10 L18,13.74 18,22.28 11,26 M18,13.74 L26,18 26,18 18,22.28\" dur=\"0.1s\" keySplines=\".4 0 1 1\" repeatCount=\"1\" data-play=\"M11,10 L18,13.74 18,22.28 11,26 M18,13.74 L26,18 26,18 18,22.28\" data-pause=\"M11,10 L17,10 17,26 11,26 M20,10 L26,10 26,26 20,26\"><\/animate>\n  <\/path>\n<\/svg>\n<\/button>\n        <p class=\"text-base text-center\">Zuh\u00f6ren<\/p>\n      <\/div>\n    <\/div>\n\n    \n          <div class=\"flex flex-wrap justify-between gap-6 md:justify-start\">\n                  <button data-target=\"#transcription-477d2eeb10bc5371e5e49be7578ff0d0\" data-toggle=\"modal\" class=\"flex items-center gap-2\">\n            <svg class=\"w-6 h-6\" fill=\"none\" xmlns=\"http:\/\/www.w3.org\/2000\/svg\" viewBox=\"0 0 22 12\"><path d=\"M0 9.873v-6c0-.55.196-1.02.588-1.412A1.926 1.926 0 0 1 2 1.873h2c.55 0 1.02.196 1.412.588.392.391.588.862.588 1.412v6H4v-2H2v2H0Zm2-4h2v-2H2v2Zm6 4v-8h4c.55 0 1.02.196 1.412.588.392.391.588.862.588 1.412v4c0 .55-.196 1.021-.588 1.413A1.926 1.926 0 0 1 12 9.873H8Zm2-2h2v-4h-2v4Zm6.85.8-1.4-1.425c.183-.183.32-.391.413-.625.091-.233.137-.483.137-.75 0-.283-.046-.537-.137-.762a1.85 1.85 0 0 0-.413-.613l1.4-1.45c.367.367.65.792.85 1.275.2.484.3 1 .3 1.55s-.1 1.063-.3 1.538c-.2.475-.483.896-.85 1.262Zm2.825 2.825-1.45-1.375c.55-.55.983-1.187 1.3-1.912A5.775 5.775 0 0 0 20 5.873c0-.85-.158-1.633-.475-2.35a6.217 6.217 0 0 0-1.3-1.9l1.45-1.4a7.94 7.94 0 0 1 1.712 2.55c.409.967.613 2 .613 3.1s-.204 2.13-.613 3.088a7.977 7.977 0 0 1-1.712 2.537Z\" fill=\"#000\"\/><\/svg>            <span>Transkription<\/span>\n          <\/button>\n                      <\/div>\n      <\/div>\n\n      <div id=\"transcription-477d2eeb10bc5371e5e49be7578ff0d0\"\n  class=\"fixed inset-0 z-50 hidden w-screen h-screen opacity-0 pointer-events-none modal transcription\"\n  tabindex=\"-1\" role=\"dialog\">\n  <div class=\"absolute w-full h-full bg-black opacity-75 modal-overlay\"><\/div>\n  <div\n    class=\"absolute z-30 w-11\/12 mx-auto overflow-y-auto text-black bg-white shadow-lg modal-container center-xy md:max-w-4xl\"\n    role=\"document\">\n    <div class=\"flex items-center justify-between px-4 py-4 text-gray-700 border-b md:px-8\">\n      <h2 class=\"!mb-0 font-bold\">Transkription<\/h2>\n      <div class=\"z-50 flex flex-col items-center ml-auto cursor-pointer rtl:ml-0 rtl:mr-auto modal-close\">\n        <svg class=\"w-auto h-6\" width=\"18\" height=\"23\" xmlns=\"http:\/\/www.w3.org\/2000\/svg\">\n  <g stroke=\"currentColor\" fill=\"none\" fill-rule=\"evenodd\" stroke-linecap=\"square\">\n    <path d=\"M.7248.974l16.1076 20.6167M16.655 1.2654L.9097 22.1601\" \/>\n  <\/g>\n<\/svg>        <div class=\"hidden\">Close<\/div>\n      <\/div>\n    <\/div>\n    <div class=\"px-4 py-8 overflow-y-auto max-h-modal md:px-8 modal-content\">\n      <div class=\"mb-8 flex flex-col gap-1.5\">\n                      <h3 class=\"text-xl font-bold\">Die kleinste Kirche<\/h3>\n                            <\/div>\n            <p>Santa Maria de Cardet ist die kleinste aller Kirchen in La Vall. Vielleicht wirkt es deshalb \u2013 und wegen der kleinen Vorhalle am Eingang \u2013 so gem\u00fctlich. Wenn der Glockenturm nicht w\u00e4re, k\u00f6nnte es ein ganz normales Haus im Dorf sein. Finden Sie nicht auch?<br \/>\nWie Sie sehen k\u00f6nnen, hat der Glockenturm die Form eines Glockengiebels und wurde in der Barockzeit hinzugef\u00fcgt. Cardet und die Einsiedelei von Sant Quirc de Durro sind die einzigen beiden Kirchen der Gruppe, die diese Art von Glockenturm besitzen.<br \/>\nEin weiteres interessantes Merkmal dieser Kirche ist der Riegel. Wenn Sie n\u00e4her herangehen, k\u00f6nnen Sie sehen, dass der Bolzen mit einem sch\u00f6nen menschlichen Kopf versehen ist.<br \/>\nDas Besondere an der Kirche Santa Maria ist jedoch ihre Apsis. Um sie zu sehen, m\u00fcssen Sie das Kirchengel\u00e4nde wieder verlassen und links herumgehen, in Laufrichtung. Dann m\u00fcssen Sie ein paar Stra\u00dfen hinuntergehen, bis Sie eine Holzplattform erreichen. <\/p>\n    <\/div>\n  <\/div>\n<\/div>\n    <\/section>\n\n\n<div class=\"flex flex-col gap-3 element text-block\">\n  <div class=\"flex items-center gap-6\">\n              <h2 class=\"text-2xl font-bold\">8c Apsis<\/h2>\n      <\/div>\n    <\/div>\n\n\n<div class=\"flex flex-col gap-6 element image-block\">\n  <div class=\"flex flex-col gap-3\">\n      <\/div>\n      <figure>\n      <img loading=\"lazy\" decoding=\"async\" width=\"1600\" height=\"1200\" src=\"https:\/\/guiesullsdelahistoria.cat\/app\/uploads\/2024\/11\/Santa_Maria_de_Cardet_absis_i_poble_DJI_0963.jpg\" class=\"w-full h-auto\" alt=\"R\u00fcckansicht der von Vegetation umgebenen Kirche von Santa Maria de Cardet, deren Apsis dem Hang des Berges folgend gebaut wurde.\" srcset=\"https:\/\/guiesullsdelahistoria.cat\/app\/uploads\/2024\/11\/Santa_Maria_de_Cardet_absis_i_poble_DJI_0963.jpg 1600w, https:\/\/guiesullsdelahistoria.cat\/app\/uploads\/2024\/11\/Santa_Maria_de_Cardet_absis_i_poble_DJI_0963-300x225.jpg 300w, https:\/\/guiesullsdelahistoria.cat\/app\/uploads\/2024\/11\/Santa_Maria_de_Cardet_absis_i_poble_DJI_0963-1024x768.jpg 1024w, https:\/\/guiesullsdelahistoria.cat\/app\/uploads\/2024\/11\/Santa_Maria_de_Cardet_absis_i_poble_DJI_0963-768x576.jpg 768w, https:\/\/guiesullsdelahistoria.cat\/app\/uploads\/2024\/11\/Santa_Maria_de_Cardet_absis_i_poble_DJI_0963-1536x1152.jpg 1536w\" sizes=\"auto, (max-width: 1600px) 100vw, 1600px\" \/>\n              <figcaption class=\"pt-2 text-gray-800\">Santa Maria de Cardet von der Apsis aus gesehen.<\/figcaption>\n          <\/figure>\n  <\/div>\n\n\n<section class=\"element audio-block\">\n  <div class=\"flex flex-col w-full gap-6\">\n    <div class=\"flex flex-col gap-3\">\n      <div class=\"flex gap-6\">\n                          <h2 class=\"text-2xl font-bold\">Ein Bauwerk am Hang des Berges<\/h2>\n              <\/div>\n          <\/div>\n    <div class=\"flex items-center justify-end gap-3\">\n              <div class=\"flex-1 audio-content\" dir=\"ltr\">\n          <audio id=\"audio-6e7807e3f593e5de584b93c06aa05b40\" data-label=\"Ein Bauwerk am Hang des Berges\"\n            data-category=\"SANTA-MARIA-DE-CARDET-DE-GENERAL-PLAY-2.mp3\" class=\"hidden\" controls\n            src=\"https:\/\/guiesullsdelahistoria.cat\/app\/uploads\/2024\/11\/SANTA-MARIA-DE-CARDET-DE-GENERAL-PLAY-2.mp3\"><\/audio>\n          <div class=\"flex items-center w-full gap-3 transition-opacity opacity-0 meta\">\n            <progress class=\"flex-1 border-0 appearance-none\" value=\"0\" max=\"1\"><\/progress>\n            <div class=\"text-sm text-center shrink-0 current-time w-9\"><\/div>\n                      <\/div>\n        <\/div>\n            <div class=\"flex flex-col items-center gap-2 shrink-1 audio-control\">\n        <button\n  class=\"flex items-center justify-center w-32 max-w-32 h-32 max-h-32 transition-[max-height,_max-width] bg-black rounded-full btn text-accent\"\n  data-target=\"#audio-6e7807e3f593e5de584b93c06aa05b40\">\n  <svg width=\"100%\" height=\"100%\" viewBox=\"0 0 36 36\" version=\"1.1\" xmlns=\"http:\/\/www.w3.org\/2000\/svg\" xmlns:xlink=\"http:\/\/www.w3.org\/1999\/xlink\">\n  <path id=\"ytp-12\" d=\"M11,10 L18,13.74 18,22.28 11,26 M18,13.74 L26,18 26,18 18,22.28\" fill=\"currentColor\">\n    <animate id=\"animation\" begin=\"indefinite\" attributeType=\"XML\" attributeName=\"d\" fill=\"freeze\" from=\"M11,10 L17,10 17,26 11,26 M20,10 L26,10 26,26 20,26\" to=\"M11,10 L18,13.74 18,22.28 11,26 M18,13.74 L26,18 26,18 18,22.28\" dur=\"0.1s\" keySplines=\".4 0 1 1\" repeatCount=\"1\" data-play=\"M11,10 L18,13.74 18,22.28 11,26 M18,13.74 L26,18 26,18 18,22.28\" data-pause=\"M11,10 L17,10 17,26 11,26 M20,10 L26,10 26,26 20,26\"><\/animate>\n  <\/path>\n<\/svg>\n<\/button>\n        <p class=\"text-base text-center\">Zuh\u00f6ren<\/p>\n      <\/div>\n    <\/div>\n\n    \n          <div class=\"flex flex-wrap justify-between gap-6 md:justify-start\">\n                  <button data-target=\"#transcription-6e7807e3f593e5de584b93c06aa05b40\" data-toggle=\"modal\" class=\"flex items-center gap-2\">\n            <svg class=\"w-6 h-6\" fill=\"none\" xmlns=\"http:\/\/www.w3.org\/2000\/svg\" viewBox=\"0 0 22 12\"><path d=\"M0 9.873v-6c0-.55.196-1.02.588-1.412A1.926 1.926 0 0 1 2 1.873h2c.55 0 1.02.196 1.412.588.392.391.588.862.588 1.412v6H4v-2H2v2H0Zm2-4h2v-2H2v2Zm6 4v-8h4c.55 0 1.02.196 1.412.588.392.391.588.862.588 1.412v4c0 .55-.196 1.021-.588 1.413A1.926 1.926 0 0 1 12 9.873H8Zm2-2h2v-4h-2v4Zm6.85.8-1.4-1.425c.183-.183.32-.391.413-.625.091-.233.137-.483.137-.75 0-.283-.046-.537-.137-.762a1.85 1.85 0 0 0-.413-.613l1.4-1.45c.367.367.65.792.85 1.275.2.484.3 1 .3 1.55s-.1 1.063-.3 1.538c-.2.475-.483.896-.85 1.262Zm2.825 2.825-1.45-1.375c.55-.55.983-1.187 1.3-1.912A5.775 5.775 0 0 0 20 5.873c0-.85-.158-1.633-.475-2.35a6.217 6.217 0 0 0-1.3-1.9l1.45-1.4a7.94 7.94 0 0 1 1.712 2.55c.409.967.613 2 .613 3.1s-.204 2.13-.613 3.088a7.977 7.977 0 0 1-1.712 2.537Z\" fill=\"#000\"\/><\/svg>            <span>Transkription<\/span>\n          <\/button>\n                      <\/div>\n      <\/div>\n\n      <div id=\"transcription-6e7807e3f593e5de584b93c06aa05b40\"\n  class=\"fixed inset-0 z-50 hidden w-screen h-screen opacity-0 pointer-events-none modal transcription\"\n  tabindex=\"-1\" role=\"dialog\">\n  <div class=\"absolute w-full h-full bg-black opacity-75 modal-overlay\"><\/div>\n  <div\n    class=\"absolute z-30 w-11\/12 mx-auto overflow-y-auto text-black bg-white shadow-lg modal-container center-xy md:max-w-4xl\"\n    role=\"document\">\n    <div class=\"flex items-center justify-between px-4 py-4 text-gray-700 border-b md:px-8\">\n      <h2 class=\"!mb-0 font-bold\">Transkription<\/h2>\n      <div class=\"z-50 flex flex-col items-center ml-auto cursor-pointer rtl:ml-0 rtl:mr-auto modal-close\">\n        <svg class=\"w-auto h-6\" width=\"18\" height=\"23\" xmlns=\"http:\/\/www.w3.org\/2000\/svg\">\n  <g stroke=\"currentColor\" fill=\"none\" fill-rule=\"evenodd\" stroke-linecap=\"square\">\n    <path d=\"M.7248.974l16.1076 20.6167M16.655 1.2654L.9097 22.1601\" \/>\n  <\/g>\n<\/svg>        <div class=\"hidden\">Close<\/div>\n      <\/div>\n    <\/div>\n    <div class=\"px-4 py-8 overflow-y-auto max-h-modal md:px-8 modal-content\">\n      <div class=\"mb-8 flex flex-col gap-1.5\">\n                      <h3 class=\"text-xl font-bold\">Ein Bauwerk am Hang des Berges<\/h3>\n                            <\/div>\n            <p>Von hier aus kann man die Sch\u00f6nheit der Apsis von Santa Maria de Cardet und ihre Aussicht genie\u00dfen.<br \/>\nDie Apsis von Santa Maria de Cardet hat zwei Ebenen und ist eine der spektakul\u00e4rsten aller Kirchen in La Vall. Das liegt daran, dass der Tempel am steilen Hang des Berges gebaut wurde und die Unebenheiten des Gel\u00e4ndes ausnutzte.<br \/>\nIm unteren Teil wurde eine kleine Krypta gebaut, die einzige in der gesamten Gruppe der romanischen Kirchen. Es entspricht dem unteren Fenster und Sie werden es von innen besichtigten k\u00f6nnen.<br \/>\nEine Besonderheit: Oben links, im zweiten der B\u00f6gen, die den oberen Teil der Apsis schm\u00fccken, ist ein menschlicher Kopf in Relief eingemei\u00dfelt. K\u00f6nnen Sie ihn finden?<br \/>\nUm Ihren Besuch fortzusetzen, gehen Sie ins Innere der Kirche. <\/p>\n    <\/div>\n  <\/div>\n<\/div>\n    <\/section>\n\n\n<div class=\"flex flex-col gap-3 element text-block\">\n  <div class=\"flex items-center gap-6\">\n              <h2 class=\"text-2xl font-bold\">8d Mitte des Schiffes<\/h2>\n      <\/div>\n    <\/div>\n\n\n<div class=\"flex flex-col gap-6 element image-block\">\n  <div class=\"flex flex-col gap-3\">\n      <\/div>\n      <figure>\n      <img loading=\"lazy\" decoding=\"async\" width=\"800\" height=\"600\" src=\"https:\/\/guiesullsdelahistoria.cat\/app\/uploads\/2024\/11\/cardet_0002.jpg\" class=\"w-full h-auto\" alt=\"Innenraum der Kirche von Santa Maria de Cardet mit wei\u00df gekalkten W\u00e4nden und dem Altar und dem Retabel im Hintergrund.\" srcset=\"https:\/\/guiesullsdelahistoria.cat\/app\/uploads\/2024\/11\/cardet_0002.jpg 800w, https:\/\/guiesullsdelahistoria.cat\/app\/uploads\/2024\/11\/cardet_0002-300x225.jpg 300w, https:\/\/guiesullsdelahistoria.cat\/app\/uploads\/2024\/11\/cardet_0002-768x576.jpg 768w\" sizes=\"auto, (max-width: 800px) 100vw, 800px\" \/>\n              <figcaption class=\"pt-2 text-gray-800\">Das Innere von Santa Maria de Cardet.<\/figcaption>\n          <\/figure>\n  <\/div>\n\n\n<section class=\"element audio-block\">\n  <div class=\"flex flex-col w-full gap-6\">\n    <div class=\"flex flex-col gap-3\">\n      <div class=\"flex gap-6\">\n                          <h2 class=\"text-2xl font-bold\">Das Innere im Zustand des fr\u00fchen 20. Jahrhunderts<\/h2>\n              <\/div>\n          <\/div>\n    <div class=\"flex items-center justify-end gap-3\">\n              <div class=\"flex-1 audio-content\" dir=\"ltr\">\n          <audio id=\"audio-2e4eafe5b6caafb96c3ea39f5f319f4e\" data-label=\"Das Innere im Zustand des fr\u00fchen 20. Jahrhunderts\"\n            data-category=\"SANTA-MARIA-DE-CARDET-DE-GENERAL-PLAY-3.mp3\" class=\"hidden\" controls\n            src=\"https:\/\/guiesullsdelahistoria.cat\/app\/uploads\/2024\/11\/SANTA-MARIA-DE-CARDET-DE-GENERAL-PLAY-3.mp3\"><\/audio>\n          <div class=\"flex items-center w-full gap-3 transition-opacity opacity-0 meta\">\n            <progress class=\"flex-1 border-0 appearance-none\" value=\"0\" max=\"1\"><\/progress>\n            <div class=\"text-sm text-center shrink-0 current-time w-9\"><\/div>\n                      <\/div>\n        <\/div>\n            <div class=\"flex flex-col items-center gap-2 shrink-1 audio-control\">\n        <button\n  class=\"flex items-center justify-center w-32 max-w-32 h-32 max-h-32 transition-[max-height,_max-width] bg-black rounded-full btn text-accent\"\n  data-target=\"#audio-2e4eafe5b6caafb96c3ea39f5f319f4e\">\n  <svg width=\"100%\" height=\"100%\" viewBox=\"0 0 36 36\" version=\"1.1\" xmlns=\"http:\/\/www.w3.org\/2000\/svg\" xmlns:xlink=\"http:\/\/www.w3.org\/1999\/xlink\">\n  <path id=\"ytp-12\" d=\"M11,10 L18,13.74 18,22.28 11,26 M18,13.74 L26,18 26,18 18,22.28\" fill=\"currentColor\">\n    <animate id=\"animation\" begin=\"indefinite\" attributeType=\"XML\" attributeName=\"d\" fill=\"freeze\" from=\"M11,10 L17,10 17,26 11,26 M20,10 L26,10 26,26 20,26\" to=\"M11,10 L18,13.74 18,22.28 11,26 M18,13.74 L26,18 26,18 18,22.28\" dur=\"0.1s\" keySplines=\".4 0 1 1\" repeatCount=\"1\" data-play=\"M11,10 L18,13.74 18,22.28 11,26 M18,13.74 L26,18 26,18 18,22.28\" data-pause=\"M11,10 L17,10 17,26 11,26 M20,10 L26,10 26,26 20,26\"><\/animate>\n  <\/path>\n<\/svg>\n<\/button>\n        <p class=\"text-base text-center\">Zuh\u00f6ren<\/p>\n      <\/div>\n    <\/div>\n\n    \n          <div class=\"flex flex-wrap justify-between gap-6 md:justify-start\">\n                  <button data-target=\"#transcription-2e4eafe5b6caafb96c3ea39f5f319f4e\" data-toggle=\"modal\" class=\"flex items-center gap-2\">\n            <svg class=\"w-6 h-6\" fill=\"none\" xmlns=\"http:\/\/www.w3.org\/2000\/svg\" viewBox=\"0 0 22 12\"><path d=\"M0 9.873v-6c0-.55.196-1.02.588-1.412A1.926 1.926 0 0 1 2 1.873h2c.55 0 1.02.196 1.412.588.392.391.588.862.588 1.412v6H4v-2H2v2H0Zm2-4h2v-2H2v2Zm6 4v-8h4c.55 0 1.02.196 1.412.588.392.391.588.862.588 1.412v4c0 .55-.196 1.021-.588 1.413A1.926 1.926 0 0 1 12 9.873H8Zm2-2h2v-4h-2v4Zm6.85.8-1.4-1.425c.183-.183.32-.391.413-.625.091-.233.137-.483.137-.75 0-.283-.046-.537-.137-.762a1.85 1.85 0 0 0-.413-.613l1.4-1.45c.367.367.65.792.85 1.275.2.484.3 1 .3 1.55s-.1 1.063-.3 1.538c-.2.475-.483.896-.85 1.262Zm2.825 2.825-1.45-1.375c.55-.55.983-1.187 1.3-1.912A5.775 5.775 0 0 0 20 5.873c0-.85-.158-1.633-.475-2.35a6.217 6.217 0 0 0-1.3-1.9l1.45-1.4a7.94 7.94 0 0 1 1.712 2.55c.409.967.613 2 .613 3.1s-.204 2.13-.613 3.088a7.977 7.977 0 0 1-1.712 2.537Z\" fill=\"#000\"\/><\/svg>            <span>Transkription<\/span>\n          <\/button>\n                      <\/div>\n      <\/div>\n\n      <div id=\"transcription-2e4eafe5b6caafb96c3ea39f5f319f4e\"\n  class=\"fixed inset-0 z-50 hidden w-screen h-screen opacity-0 pointer-events-none modal transcription\"\n  tabindex=\"-1\" role=\"dialog\">\n  <div class=\"absolute w-full h-full bg-black opacity-75 modal-overlay\"><\/div>\n  <div\n    class=\"absolute z-30 w-11\/12 mx-auto overflow-y-auto text-black bg-white shadow-lg modal-container center-xy md:max-w-4xl\"\n    role=\"document\">\n    <div class=\"flex items-center justify-between px-4 py-4 text-gray-700 border-b md:px-8\">\n      <h2 class=\"!mb-0 font-bold\">Transkription<\/h2>\n      <div class=\"z-50 flex flex-col items-center ml-auto cursor-pointer rtl:ml-0 rtl:mr-auto modal-close\">\n        <svg class=\"w-auto h-6\" width=\"18\" height=\"23\" xmlns=\"http:\/\/www.w3.org\/2000\/svg\">\n  <g stroke=\"currentColor\" fill=\"none\" fill-rule=\"evenodd\" stroke-linecap=\"square\">\n    <path d=\"M.7248.974l16.1076 20.6167M16.655 1.2654L.9097 22.1601\" \/>\n  <\/g>\n<\/svg>        <div class=\"hidden\">Close<\/div>\n      <\/div>\n    <\/div>\n    <div class=\"px-4 py-8 overflow-y-auto max-h-modal md:px-8 modal-content\">\n      <div class=\"mb-8 flex flex-col gap-1.5\">\n                      <h3 class=\"text-xl font-bold\">Das Innere im Zustand des fr\u00fchen 20. Jahrhunderts<\/h3>\n                            <\/div>\n            <p>Santa Maria de Cardet ist, wie bereits erw\u00e4hnt, die kleinste aller Kirchen in La Vall. Heute wirkt das Innere des Geb\u00e4udes noch kleiner, da das barocke Retabel den Raum der Apsis verdeckt.<br \/>\nDiese Kirche wurde wie die anderen des Ensembles restauriert, aber in diesem Fall wurde beschlossen, das Innere so zu belassen, wie es zu Beginn des 20. Jahrhunderts war. Die architektonischen Erg\u00e4nzungen und M\u00f6belst\u00fccke aus der Zeit nach der Romanik sind erhalten geblieben, um die Entwicklung des Geb\u00e4udes zu dokumentieren. Es ist also davon auszugehen, dass auch die \u00fcbrigen Kirchen von La Vall dieses Aussehen hatten, dass sie jedoch durch die Restaurierungen wieder ihr romanisches Aussehen erhalten haben.<br \/>\nVon hier aus k\u00f6nnen Sie auch eine Nachbildung des Antependiums sehen, der Maria und der Kindheit Christi gewidmet ist. Das Original befindet sich im Museu Nacional d\u2019Art de Catalunya und wird auf die zweite H\u00e4lfte des 13. Jahrhunderts datiert.<br \/>\nAuf dem Antependium sind mehrere Szenen aus dem Leben der Jungfrau Maria abgebildet. In der Mitte die Jungfrau mit dem Jesuskind auf dem Scho\u00df. Oben links ist der Moment abgebildet, in dem der Engel Maria besucht. Rechts oben, die Geburt Jesu. Unten, links, die Ankunft der Heiligen Drei K\u00f6nige. Und unten rechts, der Moment, in dem Maria und Josef mit dem kleinen Jesus vor den R\u00f6mern nach \u00c4gypten fliehen.<br \/>\nDie sogenannte Ribagor\u00e7a-Werkstatt wurde mit der Herstellung des Antependiums von Santa Maria de Cardet beauftragt. Aus dieser Werkstatt sind mehrere Werke bekannt, die sich alle in Technik und Stil sehr \u00e4hneln.<\/p>\n<p><em>Interferenzger\u00e4usch.<\/em><br \/>\n<strong>Der Meister<\/strong>: Du musst dich auf die Stuckreliefs konzentrieren, Jaume.<br \/>\n<strong>Jaume:<\/strong> Aber, Meister, ich arbeite schon seit so langem mit Stuck. Ich m\u00f6chte eine Gelegenheit haben, die Figuren zu malen. Ich wei\u00df, dass ich es schaffen kann.<br \/>\n<strong>Der Meister<\/strong>: Keine Eile, die Gelegenheit wird kommen. Konzentriere dich zun\u00e4chst auf Rahmen und Hintergr\u00fcnde.<br \/>\n<strong>Jaume<\/strong>: Bis wann, Meister? Dies ist eine kleine Aufgabe. Ich bereite mich schon seit lange vor. Ich habe viel von ihrer Arbeit mitbekommen und kenne diesen Beruf gut.<br \/>\n<strong>Der Meister<\/strong>: Jaume, du wirst bereit sein, wenn du den Wert von Rahmen und Hintergr\u00fcnden mit Stuckreliefs verstehst. Jedes Element ist Teil des endg\u00fcltigen Werks, und alle m\u00fcssen mit der gleichen Beherrschung und Demut ausgef\u00fchrt werden. Geh wieder an die Arbeit, du hast noch viel zu lernen.<br \/>\n<em>Interferenzger\u00e4usch.<br \/>\n<\/em><br \/>\nHinter dem Retabel befindet sich ein Kornspeicher, der uns eine neue Perspektive auf die Nutzung religi\u00f6ser R\u00e4ume er\u00f6ffnet. Obwohl er versteckt ist, kann man ihn durch eine kleine T\u00fcr rechts vom Retabel erreichen. Der Kornspeicher befindet sich in H\u00fcfth\u00f6he und hat einen kleinen Holzdeckel. Im Inneren k\u00f6nnen Sie auch die f\u00fcr die fr\u00fche Romanik typische Dekoration mit einem S\u00e4gezahnfries sehen. Was ihn einzigartig macht, ist, dass diese Art von Dekoration in Innenr\u00e4umen sehr selten war.<br \/>\nIm Inneren der Kirche Santa Maria de Cardet blieb bis zum Beginn des 20. Jahrhunderts auch ein originaler Querbalken mit malerischer Verzierung erhalten. Im oberen Teil dieses Balkens befinden sich zwei L\u00f6cher, in die eine Skulpturengruppe eingepasst wurde, die wahrscheinlich aus drei Figuren bestand, also ein Kalvarienberg, Christus am Kreuz mit dem Heiligen Johannes und der Jungfrau Maria. Dieser Balken wird derzeit im MNAC aufbewahrt. Mit der Virtual-Reality-Ressource k\u00f6nnen Sie ihn an seinem urspr\u00fcnglichen Standort sehen.<\/p>\n<p>Um in die Krypta zu gelangen, muss man die Treppe in der Mitte des Kirchenschiffs hinuntergehen und einen schmalen Gang durchqueren.<\/p>\n    <\/div>\n  <\/div>\n<\/div>\n    <\/section>\n\n\n<div class=\"flex flex-col gap-3 element interactive-block\">\n  <div class=\"flex items-center gap-6\">\n              <h2 class=\"text-2xl font-bold\">Virtuelle Ressource des im MNAC aufbewahrten Balkens<\/h2>\n      <\/div>\n          <div class=\"flex justify-end w-full\">\n      <div class=\"flex flex-col items-center gap-2 shrink-1\">\n        <button data-target=\"#embed-69f5c6583bf26\" data-toggle=\"modal\"\n          class=\"flex items-center justify-center w-32 h-32 bg-black rounded-full text-accent\">\n          <svg class=\"w-16 h-auto\" width=\"60\" height=\"61\" viewBox=\"0 0 60 61\" fill=\"none\" xmlns=\"http:\/\/www.w3.org\/2000\/svg\">\n  <path\n    d=\"M27 53.298L12 44.673C11.05 44.1231 10.3125 43.398 9.7875 42.498C9.2625 41.598 9 40.598 9 39.498V22.248C9 21.148 9.2625 20.148 9.7875 19.248C10.3125 18.348 11.05 17.623 12 17.073L27 8.44805C27.95 7.89805 28.95 7.62305 30 7.62305C31.05 7.62305 32.05 7.89805 33 8.44805L48 17.073C48.95 17.623 49.6875 18.348 50.2125 19.248C50.7375 20.148 51 21.148 51 22.248V39.498C51 40.598 50.7375 41.598 50.2125 42.498C49.6875 43.398 48.95 44.1231 48 44.673L33 53.298C32.05 53.848 31.05 54.123 30 54.123C28.95 54.123 27.95 53.848 27 53.298ZM27 46.398V32.598L15 25.623V39.498L27 46.398ZM33 46.398L45 39.498V25.623L33 32.598V46.398ZM0 15.873V6.87305C0 5.22305 0.5875 3.81055 1.7625 2.63555C2.9375 1.46055 4.35 0.873047 6 0.873047H15V6.87305H6V15.873H0ZM15 60.873H6C4.35 60.873 2.9375 60.2855 1.7625 59.1105C0.5875 57.9355 0 56.523 0 54.873V45.8731H6V54.873H15V60.873ZM45 60.873V54.873H54V45.8731H60V54.873C60 56.523 59.4125 57.9355 58.2375 59.1105C57.0625 60.2855 55.65 60.873 54 60.873H45ZM54 15.873V6.87305H45V0.873047H54C55.65 0.873047 57.0625 1.46055 58.2375 2.63555C59.4125 3.81055 60 5.22305 60 6.87305V15.873H54ZM30 27.423L41.85 20.448L30 13.623L18.15 20.448L30 27.423Z\"\n    fill=\"currentColor\" \/>\n<\/svg>\n        <\/button>\n                  <p class=\"text-base text-center\">Anschauen<\/p>\n              <\/div>\n    <\/div>\n    <div id=\"embed-69f5c6583bf26\"\n  class=\"fixed inset-0 z-50 hidden w-screen h-screen opacity-0 pointer-events-none modal embed-container\"\n  tabindex=\"-1\" role=\"dialog\">\n  <div class=\"absolute w-full h-full bg-black opacity-75 modal-overlay\"><\/div>\n  <div\n    class=\"absolute z-30 w-11\/12 mx-auto overflow-y-auto text-black bg-white shadow-lg modal-container center-xy md:max-w-4xl\"\n    role=\"document\">\n    <div class=\"flex items-center justify-between px-4 py-4 text-gray-700 border-b md:px-8\">\n      <h2 class=\"!mb-0 font-bold\">Anschauen<\/h2>\n      <div class=\"z-50 flex flex-col items-center ml-auto cursor-pointer rtl:ml-0 rtl:mr-auto modal-close\">\n        <svg class=\"w-auto h-6\" width=\"18\" height=\"23\" xmlns=\"http:\/\/www.w3.org\/2000\/svg\">\n  <g stroke=\"currentColor\" fill=\"none\" fill-rule=\"evenodd\" stroke-linecap=\"square\">\n    <path d=\"M.7248.974l16.1076 20.6167M16.655 1.2654L.9097 22.1601\" \/>\n  <\/g>\n<\/svg>        <div class=\"hidden\">Close<\/div>\n      <\/div>\n    <\/div>\n    <div class=\"px-4 py-8 overflow-y-auto max-h-modal md:px-8 modal-content\">\n      <div class=\"sketchfab-embed-wrapper\"> <iframe title=\"Biga de Cardet. Reconstrucci\u00f3 hipot\u00e8tica\" frameborder=\"0\" allowfullscreen mozallowfullscreen=\"true\" webkitallowfullscreen=\"true\" allow=\"autoplay; fullscreen; xr-spatial-tracking\" xr-spatial-tracking execution-while-out-of-viewport execution-while-not-rendered web-share src=\"https:\/\/sketchfab.com\/models\/c87001ca1459474db3fab2b917891e85\/embed?ui_infos=0\"> <\/iframe> <\/div>\n    <\/div>\n  <\/div>\n<\/div>\n  <\/div>\n\n\n<div class=\"flex flex-col gap-3 element text-block\">\n  <div class=\"flex items-center gap-6\">\n              <h2 class=\"text-2xl font-bold\">8e Krypta<\/h2>\n      <\/div>\n    <\/div>\n\n\n<div class=\"flex flex-col gap-6 element image-block\">\n  <div class=\"flex flex-col gap-3\">\n      <\/div>\n      <figure>\n      <img loading=\"lazy\" decoding=\"async\" width=\"1039\" height=\"704\" src=\"https:\/\/guiesullsdelahistoria.cat\/app\/uploads\/2024\/11\/cripta-Cardet.jpg\" class=\"w-full h-auto\" alt=\"Krypta der Kirche von Santa Maria de Cardet mit einem romanischen \u00d6lbecken und einer einzigen \u00d6ffnung, durch die Licht einf\u00e4llt.\" srcset=\"https:\/\/guiesullsdelahistoria.cat\/app\/uploads\/2024\/11\/cripta-Cardet.jpg 1039w, https:\/\/guiesullsdelahistoria.cat\/app\/uploads\/2024\/11\/cripta-Cardet-300x203.jpg 300w, https:\/\/guiesullsdelahistoria.cat\/app\/uploads\/2024\/11\/cripta-Cardet-1024x694.jpg 1024w, https:\/\/guiesullsdelahistoria.cat\/app\/uploads\/2024\/11\/cripta-Cardet-768x520.jpg 768w\" sizes=\"auto, (max-width: 1039px) 100vw, 1039px\" \/>\n              <figcaption class=\"pt-2 text-gray-800\">Krypta von Santa Maria de Cardet.<\/figcaption>\n          <\/figure>\n  <\/div>\n\n\n<section class=\"element audio-block\">\n  <div class=\"flex flex-col w-full gap-6\">\n    <div class=\"flex flex-col gap-3\">\n      <div class=\"flex gap-6\">\n                          <h2 class=\"text-2xl font-bold\">Ein Raum f\u00fcr Gr\u00e4ber und Reliquien<\/h2>\n              <\/div>\n          <\/div>\n    <div class=\"flex items-center justify-end gap-3\">\n              <div class=\"flex-1 audio-content\" dir=\"ltr\">\n          <audio id=\"audio-7a5f245f287b109f3b5df7f317f94031\" data-label=\"Ein Raum f\u00fcr Gr\u00e4ber und Reliquien\"\n            data-category=\"SANTA-MARIA-DE-CARDET-DE-GENERAL-PLAY-4.mp3\" class=\"hidden\" controls\n            src=\"https:\/\/guiesullsdelahistoria.cat\/app\/uploads\/2024\/11\/SANTA-MARIA-DE-CARDET-DE-GENERAL-PLAY-4.mp3\"><\/audio>\n          <div class=\"flex items-center w-full gap-3 transition-opacity opacity-0 meta\">\n            <progress class=\"flex-1 border-0 appearance-none\" value=\"0\" max=\"1\"><\/progress>\n            <div class=\"text-sm text-center shrink-0 current-time w-9\"><\/div>\n                      <\/div>\n        <\/div>\n            <div class=\"flex flex-col items-center gap-2 shrink-1 audio-control\">\n        <button\n  class=\"flex items-center justify-center w-32 max-w-32 h-32 max-h-32 transition-[max-height,_max-width] bg-black rounded-full btn text-accent\"\n  data-target=\"#audio-7a5f245f287b109f3b5df7f317f94031\">\n  <svg width=\"100%\" height=\"100%\" viewBox=\"0 0 36 36\" version=\"1.1\" xmlns=\"http:\/\/www.w3.org\/2000\/svg\" xmlns:xlink=\"http:\/\/www.w3.org\/1999\/xlink\">\n  <path id=\"ytp-12\" d=\"M11,10 L18,13.74 18,22.28 11,26 M18,13.74 L26,18 26,18 18,22.28\" fill=\"currentColor\">\n    <animate id=\"animation\" begin=\"indefinite\" attributeType=\"XML\" attributeName=\"d\" fill=\"freeze\" from=\"M11,10 L17,10 17,26 11,26 M20,10 L26,10 26,26 20,26\" to=\"M11,10 L18,13.74 18,22.28 11,26 M18,13.74 L26,18 26,18 18,22.28\" dur=\"0.1s\" keySplines=\".4 0 1 1\" repeatCount=\"1\" data-play=\"M11,10 L18,13.74 18,22.28 11,26 M18,13.74 L26,18 26,18 18,22.28\" data-pause=\"M11,10 L17,10 17,26 11,26 M20,10 L26,10 26,26 20,26\"><\/animate>\n  <\/path>\n<\/svg>\n<\/button>\n        <p class=\"text-base text-center\">Zuh\u00f6ren<\/p>\n      <\/div>\n    <\/div>\n\n    \n          <div class=\"flex flex-wrap justify-between gap-6 md:justify-start\">\n                  <button data-target=\"#transcription-7a5f245f287b109f3b5df7f317f94031\" data-toggle=\"modal\" class=\"flex items-center gap-2\">\n            <svg class=\"w-6 h-6\" fill=\"none\" xmlns=\"http:\/\/www.w3.org\/2000\/svg\" viewBox=\"0 0 22 12\"><path d=\"M0 9.873v-6c0-.55.196-1.02.588-1.412A1.926 1.926 0 0 1 2 1.873h2c.55 0 1.02.196 1.412.588.392.391.588.862.588 1.412v6H4v-2H2v2H0Zm2-4h2v-2H2v2Zm6 4v-8h4c.55 0 1.02.196 1.412.588.392.391.588.862.588 1.412v4c0 .55-.196 1.021-.588 1.413A1.926 1.926 0 0 1 12 9.873H8Zm2-2h2v-4h-2v4Zm6.85.8-1.4-1.425c.183-.183.32-.391.413-.625.091-.233.137-.483.137-.75 0-.283-.046-.537-.137-.762a1.85 1.85 0 0 0-.413-.613l1.4-1.45c.367.367.65.792.85 1.275.2.484.3 1 .3 1.55s-.1 1.063-.3 1.538c-.2.475-.483.896-.85 1.262Zm2.825 2.825-1.45-1.375c.55-.55.983-1.187 1.3-1.912A5.775 5.775 0 0 0 20 5.873c0-.85-.158-1.633-.475-2.35a6.217 6.217 0 0 0-1.3-1.9l1.45-1.4a7.94 7.94 0 0 1 1.712 2.55c.409.967.613 2 .613 3.1s-.204 2.13-.613 3.088a7.977 7.977 0 0 1-1.712 2.537Z\" fill=\"#000\"\/><\/svg>            <span>Transkription<\/span>\n          <\/button>\n                      <\/div>\n      <\/div>\n\n      <div id=\"transcription-7a5f245f287b109f3b5df7f317f94031\"\n  class=\"fixed inset-0 z-50 hidden w-screen h-screen opacity-0 pointer-events-none modal transcription\"\n  tabindex=\"-1\" role=\"dialog\">\n  <div class=\"absolute w-full h-full bg-black opacity-75 modal-overlay\"><\/div>\n  <div\n    class=\"absolute z-30 w-11\/12 mx-auto overflow-y-auto text-black bg-white shadow-lg modal-container center-xy md:max-w-4xl\"\n    role=\"document\">\n    <div class=\"flex items-center justify-between px-4 py-4 text-gray-700 border-b md:px-8\">\n      <h2 class=\"!mb-0 font-bold\">Transkription<\/h2>\n      <div class=\"z-50 flex flex-col items-center ml-auto cursor-pointer rtl:ml-0 rtl:mr-auto modal-close\">\n        <svg class=\"w-auto h-6\" width=\"18\" height=\"23\" xmlns=\"http:\/\/www.w3.org\/2000\/svg\">\n  <g stroke=\"currentColor\" fill=\"none\" fill-rule=\"evenodd\" stroke-linecap=\"square\">\n    <path d=\"M.7248.974l16.1076 20.6167M16.655 1.2654L.9097 22.1601\" \/>\n  <\/g>\n<\/svg>        <div class=\"hidden\">Close<\/div>\n      <\/div>\n    <\/div>\n    <div class=\"px-4 py-8 overflow-y-auto max-h-modal md:px-8 modal-content\">\n      <div class=\"mb-8 flex flex-col gap-1.5\">\n                      <h3 class=\"text-xl font-bold\">Ein Raum f\u00fcr Gr\u00e4ber und Reliquien<\/h3>\n                            <\/div>\n            <p>Sie befinden sich in der Krypta, die sich unter dem Presbyterium befindet. Krypten dienten in der Regel dazu, eine Grabst\u00e4tte oder die Reliquien eines Heiligen zu beherbergen. Der Raum ist an die halbrunde Form der Apsis angepasst und wird von einem Tonnengew\u00f6lbe bedeckt. Wenn Sie nach oben schauen, k\u00f6nnen Sie die Spuren des Schilfs sehen, das als Struktur f\u00fcr die Konstruktion des Daches verwendet wurde. In der Mitte der Mauer befindet sich ein Fenster, das der einzige Lichtpunkt ist. Sie k\u00f6nnen auch das \u00d6lbecken sehen, das zum Anz\u00fcnden der Lampen diente, die die Kirche beleuchteten.<br \/>\nJetzt k\u00f6nnen Sie zum Chor gehen, wo eine weitere \u00dcberraschung auf Sie wartet. <\/p>\n    <\/div>\n  <\/div>\n<\/div>\n    <\/section>\n\n\n<div class=\"flex flex-col gap-3 element text-block\">\n  <div class=\"flex items-center gap-6\">\n              <h2 class=\"text-2xl font-bold\">8f Chor<\/h2>\n      <\/div>\n    <\/div>\n\n\n<div class=\"flex flex-col gap-6 element image-block\">\n  <div class=\"flex flex-col gap-3\">\n      <\/div>\n      <figure>\n      <img loading=\"lazy\" decoding=\"async\" width=\"1200\" height=\"1600\" src=\"https:\/\/guiesullsdelahistoria.cat\/app\/uploads\/2024\/11\/Assumpcio_de_Coll_escales_ultim_pis.jpeg\" class=\"w-full h-auto\" alt=\"Chor der Kirche von Santa Maria de Cardet mit der kleinen Treppe, die in den oberen Bereich f\u00fchrt.\" srcset=\"https:\/\/guiesullsdelahistoria.cat\/app\/uploads\/2024\/11\/Assumpcio_de_Coll_escales_ultim_pis.jpeg 1200w, https:\/\/guiesullsdelahistoria.cat\/app\/uploads\/2024\/11\/Assumpcio_de_Coll_escales_ultim_pis-225x300.jpeg 225w, https:\/\/guiesullsdelahistoria.cat\/app\/uploads\/2024\/11\/Assumpcio_de_Coll_escales_ultim_pis-768x1024.jpeg 768w, https:\/\/guiesullsdelahistoria.cat\/app\/uploads\/2024\/11\/Assumpcio_de_Coll_escales_ultim_pis-1152x1536.jpeg 1152w\" sizes=\"auto, (max-width: 1200px) 100vw, 1200px\" \/>\n              <figcaption class=\"pt-2 text-gray-800\">Chor von Santa Maria de Cardet. <\/figcaption>\n          <\/figure>\n  <\/div>\n\n\n<section class=\"element audio-block\">\n  <div class=\"flex flex-col w-full gap-6\">\n    <div class=\"flex flex-col gap-3\">\n      <div class=\"flex gap-6\">\n                          <h2 class=\"text-2xl font-bold\">Der Zugang zur verborgenen Ebene<\/h2>\n              <\/div>\n          <\/div>\n    <div class=\"flex items-center justify-end gap-3\">\n              <div class=\"flex-1 audio-content\" dir=\"ltr\">\n          <audio id=\"audio-5d930a8be6794c53646634587d9cfb12\" data-label=\"Der Zugang zur verborgenen Ebene\"\n            data-category=\"SANTA-MARIA-DE-CARDET-DE-GENERAL-PLAY-5.mp3\" class=\"hidden\" controls\n            src=\"https:\/\/guiesullsdelahistoria.cat\/app\/uploads\/2024\/11\/SANTA-MARIA-DE-CARDET-DE-GENERAL-PLAY-5.mp3\"><\/audio>\n          <div class=\"flex items-center w-full gap-3 transition-opacity opacity-0 meta\">\n            <progress class=\"flex-1 border-0 appearance-none\" value=\"0\" max=\"1\"><\/progress>\n            <div class=\"text-sm text-center shrink-0 current-time w-9\"><\/div>\n                      <\/div>\n        <\/div>\n            <div class=\"flex flex-col items-center gap-2 shrink-1 audio-control\">\n        <button\n  class=\"flex items-center justify-center w-32 max-w-32 h-32 max-h-32 transition-[max-height,_max-width] bg-black rounded-full btn text-accent\"\n  data-target=\"#audio-5d930a8be6794c53646634587d9cfb12\">\n  <svg width=\"100%\" height=\"100%\" viewBox=\"0 0 36 36\" version=\"1.1\" xmlns=\"http:\/\/www.w3.org\/2000\/svg\" xmlns:xlink=\"http:\/\/www.w3.org\/1999\/xlink\">\n  <path id=\"ytp-12\" d=\"M11,10 L18,13.74 18,22.28 11,26 M18,13.74 L26,18 26,18 18,22.28\" fill=\"currentColor\">\n    <animate id=\"animation\" begin=\"indefinite\" attributeType=\"XML\" attributeName=\"d\" fill=\"freeze\" from=\"M11,10 L17,10 17,26 11,26 M20,10 L26,10 26,26 20,26\" to=\"M11,10 L18,13.74 18,22.28 11,26 M18,13.74 L26,18 26,18 18,22.28\" dur=\"0.1s\" keySplines=\".4 0 1 1\" repeatCount=\"1\" data-play=\"M11,10 L18,13.74 18,22.28 11,26 M18,13.74 L26,18 26,18 18,22.28\" data-pause=\"M11,10 L17,10 17,26 11,26 M20,10 L26,10 26,26 20,26\"><\/animate>\n  <\/path>\n<\/svg>\n<\/button>\n        <p class=\"text-base text-center\">Zuh\u00f6ren<\/p>\n      <\/div>\n    <\/div>\n\n    \n          <div class=\"flex flex-wrap justify-between gap-6 md:justify-start\">\n                  <button data-target=\"#transcription-5d930a8be6794c53646634587d9cfb12\" data-toggle=\"modal\" class=\"flex items-center gap-2\">\n            <svg class=\"w-6 h-6\" fill=\"none\" xmlns=\"http:\/\/www.w3.org\/2000\/svg\" viewBox=\"0 0 22 12\"><path d=\"M0 9.873v-6c0-.55.196-1.02.588-1.412A1.926 1.926 0 0 1 2 1.873h2c.55 0 1.02.196 1.412.588.392.391.588.862.588 1.412v6H4v-2H2v2H0Zm2-4h2v-2H2v2Zm6 4v-8h4c.55 0 1.02.196 1.412.588.392.391.588.862.588 1.412v4c0 .55-.196 1.021-.588 1.413A1.926 1.926 0 0 1 12 9.873H8Zm2-2h2v-4h-2v4Zm6.85.8-1.4-1.425c.183-.183.32-.391.413-.625.091-.233.137-.483.137-.75 0-.283-.046-.537-.137-.762a1.85 1.85 0 0 0-.413-.613l1.4-1.45c.367.367.65.792.85 1.275.2.484.3 1 .3 1.55s-.1 1.063-.3 1.538c-.2.475-.483.896-.85 1.262Zm2.825 2.825-1.45-1.375c.55-.55.983-1.187 1.3-1.912A5.775 5.775 0 0 0 20 5.873c0-.85-.158-1.633-.475-2.35a6.217 6.217 0 0 0-1.3-1.9l1.45-1.4a7.94 7.94 0 0 1 1.712 2.55c.409.967.613 2 .613 3.1s-.204 2.13-.613 3.088a7.977 7.977 0 0 1-1.712 2.537Z\" fill=\"#000\"\/><\/svg>            <span>Transkription<\/span>\n          <\/button>\n                      <\/div>\n      <\/div>\n\n      <div id=\"transcription-5d930a8be6794c53646634587d9cfb12\"\n  class=\"fixed inset-0 z-50 hidden w-screen h-screen opacity-0 pointer-events-none modal transcription\"\n  tabindex=\"-1\" role=\"dialog\">\n  <div class=\"absolute w-full h-full bg-black opacity-75 modal-overlay\"><\/div>\n  <div\n    class=\"absolute z-30 w-11\/12 mx-auto overflow-y-auto text-black bg-white shadow-lg modal-container center-xy md:max-w-4xl\"\n    role=\"document\">\n    <div class=\"flex items-center justify-between px-4 py-4 text-gray-700 border-b md:px-8\">\n      <h2 class=\"!mb-0 font-bold\">Transkription<\/h2>\n      <div class=\"z-50 flex flex-col items-center ml-auto cursor-pointer rtl:ml-0 rtl:mr-auto modal-close\">\n        <svg class=\"w-auto h-6\" width=\"18\" height=\"23\" xmlns=\"http:\/\/www.w3.org\/2000\/svg\">\n  <g stroke=\"currentColor\" fill=\"none\" fill-rule=\"evenodd\" stroke-linecap=\"square\">\n    <path d=\"M.7248.974l16.1076 20.6167M16.655 1.2654L.9097 22.1601\" \/>\n  <\/g>\n<\/svg>        <div class=\"hidden\">Close<\/div>\n      <\/div>\n    <\/div>\n    <div class=\"px-4 py-8 overflow-y-auto max-h-modal md:px-8 modal-content\">\n      <div class=\"mb-8 flex flex-col gap-1.5\">\n                      <h3 class=\"text-xl font-bold\">Der Zugang zur verborgenen Ebene<\/h3>\n                            <\/div>\n            <p><span style=\"font-weight: 400;\">Bisher haben Sie drei verschiedene Ebenen der Kirche gesehen: die untere, die Krypta, das Erdgeschoss, in dem die Zeremonien stattfinden, und die Ebene, in der Sie sich jetzt befinden, den Chor. Aber wenn Sie die kleine Leiter hinter sich hinaufklettern und reinschauen, k\u00f6nnen Sie sehen, dass es oben noch einen weiteren Raum gibt. Es handelt sich um den Raum, der nach dem Bau des Gew\u00f6lbes aus dem 18.\u00a0Jahrhundert \u00fcbrig geblieben ist.\u00a0<\/span><\/p>\n    <\/div>\n  <\/div>\n<\/div>\n    <\/section>\n\n\n<div class=\"flex flex-col gap-3 element text-block\">\n  <div class=\"flex items-center gap-6\">\n              <h2 class=\"text-2xl font-bold\">8g Wir warten auf Sie!<\/h2>\n      <\/div>\n    <\/div>\n\n\n<section class=\"element audio-block\">\n  <div class=\"flex flex-col w-full gap-6\">\n    <div class=\"flex flex-col gap-3\">\n      <div class=\"flex gap-6\">\n                          <h2 class=\"text-2xl font-bold\">Der Besuch geht weiter<\/h2>\n              <\/div>\n          <\/div>\n    <div class=\"flex items-center justify-end gap-3\">\n              <div class=\"flex-1 audio-content\" dir=\"ltr\">\n          <audio id=\"audio-b95d8fb42da0e7bd8e2d6c486f7ba7e4\" data-label=\"Der Besuch geht weiter\"\n            data-category=\"SANTA-MARIA-DE-CARDET-DE-GENERAL-PLAY-CLOENDA.mp3\" class=\"hidden\" controls\n            src=\"https:\/\/guiesullsdelahistoria.cat\/app\/uploads\/2024\/11\/SANTA-MARIA-DE-CARDET-DE-GENERAL-PLAY-CLOENDA.mp3\"><\/audio>\n          <div class=\"flex items-center w-full gap-3 transition-opacity opacity-0 meta\">\n            <progress class=\"flex-1 border-0 appearance-none\" value=\"0\" max=\"1\"><\/progress>\n            <div class=\"text-sm text-center shrink-0 current-time w-9\"><\/div>\n                      <\/div>\n        <\/div>\n            <div class=\"flex flex-col items-center gap-2 shrink-1 audio-control\">\n        <button\n  class=\"flex items-center justify-center w-32 max-w-32 h-32 max-h-32 transition-[max-height,_max-width] bg-black rounded-full btn text-accent\"\n  data-target=\"#audio-b95d8fb42da0e7bd8e2d6c486f7ba7e4\">\n  <svg width=\"100%\" height=\"100%\" viewBox=\"0 0 36 36\" version=\"1.1\" xmlns=\"http:\/\/www.w3.org\/2000\/svg\" xmlns:xlink=\"http:\/\/www.w3.org\/1999\/xlink\">\n  <path id=\"ytp-12\" d=\"M11,10 L18,13.74 18,22.28 11,26 M18,13.74 L26,18 26,18 18,22.28\" fill=\"currentColor\">\n    <animate id=\"animation\" begin=\"indefinite\" attributeType=\"XML\" attributeName=\"d\" fill=\"freeze\" from=\"M11,10 L17,10 17,26 11,26 M20,10 L26,10 26,26 20,26\" to=\"M11,10 L18,13.74 18,22.28 11,26 M18,13.74 L26,18 26,18 18,22.28\" dur=\"0.1s\" keySplines=\".4 0 1 1\" repeatCount=\"1\" data-play=\"M11,10 L18,13.74 18,22.28 11,26 M18,13.74 L26,18 26,18 18,22.28\" data-pause=\"M11,10 L17,10 17,26 11,26 M20,10 L26,10 26,26 20,26\"><\/animate>\n  <\/path>\n<\/svg>\n<\/button>\n        <p class=\"text-base text-center\">Zuh\u00f6ren<\/p>\n      <\/div>\n    <\/div>\n\n    \n          <div class=\"flex flex-wrap justify-between gap-6 md:justify-start\">\n                  <button data-target=\"#transcription-b95d8fb42da0e7bd8e2d6c486f7ba7e4\" data-toggle=\"modal\" class=\"flex items-center gap-2\">\n            <svg class=\"w-6 h-6\" fill=\"none\" xmlns=\"http:\/\/www.w3.org\/2000\/svg\" viewBox=\"0 0 22 12\"><path d=\"M0 9.873v-6c0-.55.196-1.02.588-1.412A1.926 1.926 0 0 1 2 1.873h2c.55 0 1.02.196 1.412.588.392.391.588.862.588 1.412v6H4v-2H2v2H0Zm2-4h2v-2H2v2Zm6 4v-8h4c.55 0 1.02.196 1.412.588.392.391.588.862.588 1.412v4c0 .55-.196 1.021-.588 1.413A1.926 1.926 0 0 1 12 9.873H8Zm2-2h2v-4h-2v4Zm6.85.8-1.4-1.425c.183-.183.32-.391.413-.625.091-.233.137-.483.137-.75 0-.283-.046-.537-.137-.762a1.85 1.85 0 0 0-.413-.613l1.4-1.45c.367.367.65.792.85 1.275.2.484.3 1 .3 1.55s-.1 1.063-.3 1.538c-.2.475-.483.896-.85 1.262Zm2.825 2.825-1.45-1.375c.55-.55.983-1.187 1.3-1.912A5.775 5.775 0 0 0 20 5.873c0-.85-.158-1.633-.475-2.35a6.217 6.217 0 0 0-1.3-1.9l1.45-1.4a7.94 7.94 0 0 1 1.712 2.55c.409.967.613 2 .613 3.1s-.204 2.13-.613 3.088a7.977 7.977 0 0 1-1.712 2.537Z\" fill=\"#000\"\/><\/svg>            <span>Transkription<\/span>\n          <\/button>\n                      <\/div>\n      <\/div>\n\n      <div id=\"transcription-b95d8fb42da0e7bd8e2d6c486f7ba7e4\"\n  class=\"fixed inset-0 z-50 hidden w-screen h-screen opacity-0 pointer-events-none modal transcription\"\n  tabindex=\"-1\" role=\"dialog\">\n  <div class=\"absolute w-full h-full bg-black opacity-75 modal-overlay\"><\/div>\n  <div\n    class=\"absolute z-30 w-11\/12 mx-auto overflow-y-auto text-black bg-white shadow-lg modal-container center-xy md:max-w-4xl\"\n    role=\"document\">\n    <div class=\"flex items-center justify-between px-4 py-4 text-gray-700 border-b md:px-8\">\n      <h2 class=\"!mb-0 font-bold\">Transkription<\/h2>\n      <div class=\"z-50 flex flex-col items-center ml-auto cursor-pointer rtl:ml-0 rtl:mr-auto modal-close\">\n        <svg class=\"w-auto h-6\" width=\"18\" height=\"23\" xmlns=\"http:\/\/www.w3.org\/2000\/svg\">\n  <g stroke=\"currentColor\" fill=\"none\" fill-rule=\"evenodd\" stroke-linecap=\"square\">\n    <path d=\"M.7248.974l16.1076 20.6167M16.655 1.2654L.9097 22.1601\" \/>\n  <\/g>\n<\/svg>        <div class=\"hidden\">Close<\/div>\n      <\/div>\n    <\/div>\n    <div class=\"px-4 py-8 overflow-y-auto max-h-modal md:px-8 modal-content\">\n      <div class=\"mb-8 flex flex-col gap-1.5\">\n                      <h3 class=\"text-xl font-bold\">Der Besuch geht weiter<\/h3>\n                            <\/div>\n            <p>Hier endet der Besuch der Kirche. Wir laden Sie nun ein, die anderen Werke des romanischen Ensembles von La Vall de Bo\u00ed zu entdecken und freuen uns auf Ihren Besuch!<\/p>\n    <\/div>\n  <\/div>\n<\/div>\n    <\/section>\n\n\n<div class=\"flex flex-col gap-3 element text-block\">\n  <div class=\"flex items-center gap-6\">\n              <h2 class=\"text-2xl font-bold\">Schlie\u00dfen<\/h2>\n      <\/div>\n        <div class=\"prose prose-lg\"><p>&#8220;<em>Els Ulls de la Hist\u00f2ria<\/em>. Ein immersiver Blick auf das kulturelle Erbe&#8221; ist eine Initiative der Ag\u00e8ncia Catalana del Patrimoni Cultural.<br \/>\nDieses Projekt bezieht andere Stimmen und andere Blickwinkel auf unsere Vergangenheit mit ein. Denn wir alle sind Teil der Geschichte und formen sie mit.<\/p>\n<\/div>\n  <\/div>\n\n<\/div>\n      <\/div>\n    <\/div>\n  <\/section>\n\n\n<section class=\"overflow-hidden section\" id=\"section-69f5c65857c7c\" data-title=\"9. Santa Maria de Ta\u00fcll\">\n    <div class=\"container grid grid-cols-1 py-8 md:py-10 max-md:gap-y-8 md:grid-standard\">\n              <div class=\"flex gap-4 md:col-span-5\">\n                                <h2 class=\"text-8 font-headings\">9. Santa Maria de Ta\u00fcll<\/h2>\n                  <\/div>\n            <div class=\"flex flex-col gap-8 md:col-span-6 md:col-start-7 md:gap-10\">\n        <div class=\"acf-innerblocks-container\">\n<div class=\"flex flex-col gap-3 element text-block\">\n  <div class=\"flex items-center gap-6\">\n              <h2 class=\"text-2xl font-bold\">9a Einf\u00fchrung<\/h2>\n      <\/div>\n    <\/div>\n\n\n<div class=\"flex flex-col gap-6 element image-block\">\n  <div class=\"flex flex-col gap-3\">\n      <\/div>\n      <figure>\n      <img loading=\"lazy\" decoding=\"async\" width=\"1600\" height=\"1073\" src=\"https:\/\/guiesullsdelahistoria.cat\/app\/uploads\/2024\/11\/Santa_Maria_de_Taull_aeria_DJI_0357.jpg\" class=\"w-full h-auto\" alt=\"Luftaufnahme der Kirche von Santa Maria de Ta\u00fcll, umgeben von mehreren H\u00e4usern des Dorfes und den Bergen im Hintergrund.\" srcset=\"https:\/\/guiesullsdelahistoria.cat\/app\/uploads\/2024\/11\/Santa_Maria_de_Taull_aeria_DJI_0357.jpg 1600w, https:\/\/guiesullsdelahistoria.cat\/app\/uploads\/2024\/11\/Santa_Maria_de_Taull_aeria_DJI_0357-300x201.jpg 300w, https:\/\/guiesullsdelahistoria.cat\/app\/uploads\/2024\/11\/Santa_Maria_de_Taull_aeria_DJI_0357-1024x687.jpg 1024w, https:\/\/guiesullsdelahistoria.cat\/app\/uploads\/2024\/11\/Santa_Maria_de_Taull_aeria_DJI_0357-768x515.jpg 768w, https:\/\/guiesullsdelahistoria.cat\/app\/uploads\/2024\/11\/Santa_Maria_de_Taull_aeria_DJI_0357-1536x1030.jpg 1536w\" sizes=\"auto, (max-width: 1600px) 100vw, 1600px\" \/>\n              <figcaption class=\"pt-2 text-gray-800\">Luftaufnahme von Santa Maria de Ta\u00fcll in der Mitte des Dorfes.<\/figcaption>\n          <\/figure>\n  <\/div>\n\n\n<section class=\"element audio-block\">\n  <div class=\"flex flex-col w-full gap-6\">\n    <div class=\"flex flex-col gap-3\">\n      <div class=\"flex gap-6\">\n                          <h2 class=\"text-2xl font-bold\">La Vall de Bo\u00ed und seine Kirchen<\/h2>\n              <\/div>\n          <\/div>\n    <div class=\"flex items-center justify-end gap-3\">\n              <div class=\"flex-1 audio-content\" dir=\"ltr\">\n          <audio id=\"audio-3f367edb2e73c49b1bbd3c1b4bb02218\" data-label=\"La Vall de Bo\u00ed und seine Kirchen\"\n            data-category=\"SANTA-MARIA-DE-TAULL-DE-GENERAL-PLAY-0.mp3\" class=\"hidden\" controls\n            src=\"https:\/\/guiesullsdelahistoria.cat\/app\/uploads\/2024\/11\/SANTA-MARIA-DE-TAULL-DE-GENERAL-PLAY-0.mp3\"><\/audio>\n          <div class=\"flex items-center w-full gap-3 transition-opacity opacity-0 meta\">\n            <progress class=\"flex-1 border-0 appearance-none\" value=\"0\" max=\"1\"><\/progress>\n            <div class=\"text-sm text-center shrink-0 current-time w-9\"><\/div>\n                      <\/div>\n        <\/div>\n            <div class=\"flex flex-col items-center gap-2 shrink-1 audio-control\">\n        <button\n  class=\"flex items-center justify-center w-32 max-w-32 h-32 max-h-32 transition-[max-height,_max-width] bg-black rounded-full btn text-accent\"\n  data-target=\"#audio-3f367edb2e73c49b1bbd3c1b4bb02218\">\n  <svg width=\"100%\" height=\"100%\" viewBox=\"0 0 36 36\" version=\"1.1\" xmlns=\"http:\/\/www.w3.org\/2000\/svg\" xmlns:xlink=\"http:\/\/www.w3.org\/1999\/xlink\">\n  <path id=\"ytp-12\" d=\"M11,10 L18,13.74 18,22.28 11,26 M18,13.74 L26,18 26,18 18,22.28\" fill=\"currentColor\">\n    <animate id=\"animation\" begin=\"indefinite\" attributeType=\"XML\" attributeName=\"d\" fill=\"freeze\" from=\"M11,10 L17,10 17,26 11,26 M20,10 L26,10 26,26 20,26\" to=\"M11,10 L18,13.74 18,22.28 11,26 M18,13.74 L26,18 26,18 18,22.28\" dur=\"0.1s\" keySplines=\".4 0 1 1\" repeatCount=\"1\" data-play=\"M11,10 L18,13.74 18,22.28 11,26 M18,13.74 L26,18 26,18 18,22.28\" data-pause=\"M11,10 L17,10 17,26 11,26 M20,10 L26,10 26,26 20,26\"><\/animate>\n  <\/path>\n<\/svg>\n<\/button>\n        <p class=\"text-base text-center\">Zuh\u00f6ren<\/p>\n      <\/div>\n    <\/div>\n\n    \n          <div class=\"flex flex-wrap justify-between gap-6 md:justify-start\">\n                  <button data-target=\"#transcription-3f367edb2e73c49b1bbd3c1b4bb02218\" data-toggle=\"modal\" class=\"flex items-center gap-2\">\n            <svg class=\"w-6 h-6\" fill=\"none\" xmlns=\"http:\/\/www.w3.org\/2000\/svg\" viewBox=\"0 0 22 12\"><path d=\"M0 9.873v-6c0-.55.196-1.02.588-1.412A1.926 1.926 0 0 1 2 1.873h2c.55 0 1.02.196 1.412.588.392.391.588.862.588 1.412v6H4v-2H2v2H0Zm2-4h2v-2H2v2Zm6 4v-8h4c.55 0 1.02.196 1.412.588.392.391.588.862.588 1.412v4c0 .55-.196 1.021-.588 1.413A1.926 1.926 0 0 1 12 9.873H8Zm2-2h2v-4h-2v4Zm6.85.8-1.4-1.425c.183-.183.32-.391.413-.625.091-.233.137-.483.137-.75 0-.283-.046-.537-.137-.762a1.85 1.85 0 0 0-.413-.613l1.4-1.45c.367.367.65.792.85 1.275.2.484.3 1 .3 1.55s-.1 1.063-.3 1.538c-.2.475-.483.896-.85 1.262Zm2.825 2.825-1.45-1.375c.55-.55.983-1.187 1.3-1.912A5.775 5.775 0 0 0 20 5.873c0-.85-.158-1.633-.475-2.35a6.217 6.217 0 0 0-1.3-1.9l1.45-1.4a7.94 7.94 0 0 1 1.712 2.55c.409.967.613 2 .613 3.1s-.204 2.13-.613 3.088a7.977 7.977 0 0 1-1.712 2.537Z\" fill=\"#000\"\/><\/svg>            <span>Transkription<\/span>\n          <\/button>\n                      <\/div>\n      <\/div>\n\n      <div id=\"transcription-3f367edb2e73c49b1bbd3c1b4bb02218\"\n  class=\"fixed inset-0 z-50 hidden w-screen h-screen opacity-0 pointer-events-none modal transcription\"\n  tabindex=\"-1\" role=\"dialog\">\n  <div class=\"absolute w-full h-full bg-black opacity-75 modal-overlay\"><\/div>\n  <div\n    class=\"absolute z-30 w-11\/12 mx-auto overflow-y-auto text-black bg-white shadow-lg modal-container center-xy md:max-w-4xl\"\n    role=\"document\">\n    <div class=\"flex items-center justify-between px-4 py-4 text-gray-700 border-b md:px-8\">\n      <h2 class=\"!mb-0 font-bold\">Transkription<\/h2>\n      <div class=\"z-50 flex flex-col items-center ml-auto cursor-pointer rtl:ml-0 rtl:mr-auto modal-close\">\n        <svg class=\"w-auto h-6\" width=\"18\" height=\"23\" xmlns=\"http:\/\/www.w3.org\/2000\/svg\">\n  <g stroke=\"currentColor\" fill=\"none\" fill-rule=\"evenodd\" stroke-linecap=\"square\">\n    <path d=\"M.7248.974l16.1076 20.6167M16.655 1.2654L.9097 22.1601\" \/>\n  <\/g>\n<\/svg>        <div class=\"hidden\">Close<\/div>\n      <\/div>\n    <\/div>\n    <div class=\"px-4 py-8 overflow-y-auto max-h-modal md:px-8 modal-content\">\n      <div class=\"mb-8 flex flex-col gap-1.5\">\n                      <h3 class=\"text-xl font-bold\">La Vall de Bo\u00ed und seine Kirchen<\/h3>\n                            <\/div>\n            <p>Wir hei\u00dfen Sie in La Vall de Bo\u00ed willkommen und laden Sie ein, dieses au\u00dfergew\u00f6hnliche Ensemble von Kirchen zu entdecken, die als einer der gr\u00f6\u00dften Ausdrucksformen der katalanischen romanischen Kunst gilt und im Jahr 2000 in die Liste des UNESCO-Weltkulturerbes aufgenommen wurde.<br \/>\nDas romanische Ensemble von La Vall de Bo\u00ed besteht aus neun Kirchen: Sant Climent und Santa Maria de Ta\u00fcll, Sant Joan de Bo\u00ed, Santa Eul\u00e0lia d\u2019Erill la Vall, Sant Feliu de Barruera, La Nativitat und Sant Quirc de Durro, Santa Maria de Cardet und Assumpci\u00f3 de C\u00f3ll.<br \/>\nAber was haben diese Kirchen gemeinsam? Warum sind sie so einzigartig? Welche ist ihre Geschichte?<br \/>\nSie wurden alle zwischen dem 11. und 12. Jahrhundert erbaut, in einer Zeit der Macht und des wirtschaftlichen Wohlstands des lokalen Adels, und weisen denselben architektonischen Stil auf, die Romanik, die in ganz Europa verbreitet war.<br \/>\nHeute wird ein gro\u00dfer Teil der Gem\u00e4lde, Schnitzereien und M\u00f6bel in mehreren katalanischen Museen aufbewahrt, insbesondere im Museu Nacional d\u2019Art de Catalunya. In einigen Kirchen befinden sich jedoch bedeutende Fragmente von originalen Wandmalereien und Skulpturen sowie Reproduktionen von den Werken, die in den Museen aufbewahrt werden.<br \/>\nMit dem F\u00fchrer, den Sie in den H\u00e4nden halten, werden Sie die au\u00dfergew\u00f6hnlichen Werte dieses romanischen Ensembles entdecken und jede der neun Kirchen mit ihren Geheimnissen und Kuriosit\u00e4ten kennen lernen k\u00f6nnen.<br \/>\nEin letzter Hinweis! Diese Berge sind geheimnisvoll: die Worte der Menschen, die sie bewohnt haben, sind oft in den T\u00e4lern gefangen geblieben und hallen durch die Zeit wie ein unmerkliches Echo. Dieser F\u00fchrer verf\u00fcgt \u00fcber einen Sensor, der jedes Mal aktiviert wird, wenn er eines auff\u00e4ngt. Keine Angst, h\u00f6ren Sie weiter zu.<\/p>\n    <\/div>\n  <\/div>\n<\/div>\n    <\/section>\n\n\n<div class=\"flex flex-col gap-3 element text-block\">\n  <div class=\"flex items-center gap-6\">\n              <h2 class=\"text-2xl font-bold\">9b Hauptfassade<\/h2>\n      <\/div>\n    <\/div>\n\n\n<div class=\"flex flex-col gap-6 element image-block\">\n  <div class=\"flex flex-col gap-3\">\n      <\/div>\n      <figure>\n      <img loading=\"lazy\" decoding=\"async\" width=\"850\" height=\"565\" src=\"https:\/\/guiesullsdelahistoria.cat\/app\/uploads\/2024\/11\/Santa_Maria_de_Taull_facana_2.jpg\" class=\"w-full h-auto\" alt=\"Hauptfassade der Kirche von Santa Maria de Ta\u00fcll mit einem Dorfhaus im Vordergrund auf der linken Seite.\" srcset=\"https:\/\/guiesullsdelahistoria.cat\/app\/uploads\/2024\/11\/Santa_Maria_de_Taull_facana_2.jpg 850w, https:\/\/guiesullsdelahistoria.cat\/app\/uploads\/2024\/11\/Santa_Maria_de_Taull_facana_2-300x199.jpg 300w, https:\/\/guiesullsdelahistoria.cat\/app\/uploads\/2024\/11\/Santa_Maria_de_Taull_facana_2-768x510.jpg 768w\" sizes=\"auto, (max-width: 850px) 100vw, 850px\" \/>\n              <figcaption class=\"pt-2 text-gray-800\">Hauptfassade von Santa Maria de Ta\u00fcll. <\/figcaption>\n          <\/figure>\n  <\/div>\n\n\n<section class=\"element audio-block\">\n  <div class=\"flex flex-col w-full gap-6\">\n    <div class=\"flex flex-col gap-3\">\n      <div class=\"flex gap-6\">\n                          <h2 class=\"text-2xl font-bold\">Die Baugeschichte und der Glockenturm<\/h2>\n              <\/div>\n          <\/div>\n    <div class=\"flex items-center justify-end gap-3\">\n              <div class=\"flex-1 audio-content\" dir=\"ltr\">\n          <audio id=\"audio-6589ed2a44fe17e22b2db0bb5c0a0291\" data-label=\"Die Baugeschichte und der Glockenturm\"\n            data-category=\"SANTA-MARIA-DE-TAULL-DE-GENERAL-PLAY-1.mp3\" class=\"hidden\" controls\n            src=\"https:\/\/guiesullsdelahistoria.cat\/app\/uploads\/2024\/11\/SANTA-MARIA-DE-TAULL-DE-GENERAL-PLAY-1.mp3\"><\/audio>\n          <div class=\"flex items-center w-full gap-3 transition-opacity opacity-0 meta\">\n            <progress class=\"flex-1 border-0 appearance-none\" value=\"0\" max=\"1\"><\/progress>\n            <div class=\"text-sm text-center shrink-0 current-time w-9\"><\/div>\n                      <\/div>\n        <\/div>\n            <div class=\"flex flex-col items-center gap-2 shrink-1 audio-control\">\n        <button\n  class=\"flex items-center justify-center w-32 max-w-32 h-32 max-h-32 transition-[max-height,_max-width] bg-black rounded-full btn text-accent\"\n  data-target=\"#audio-6589ed2a44fe17e22b2db0bb5c0a0291\">\n  <svg width=\"100%\" height=\"100%\" viewBox=\"0 0 36 36\" version=\"1.1\" xmlns=\"http:\/\/www.w3.org\/2000\/svg\" xmlns:xlink=\"http:\/\/www.w3.org\/1999\/xlink\">\n  <path id=\"ytp-12\" d=\"M11,10 L18,13.74 18,22.28 11,26 M18,13.74 L26,18 26,18 18,22.28\" fill=\"currentColor\">\n    <animate id=\"animation\" begin=\"indefinite\" attributeType=\"XML\" attributeName=\"d\" fill=\"freeze\" from=\"M11,10 L17,10 17,26 11,26 M20,10 L26,10 26,26 20,26\" to=\"M11,10 L18,13.74 18,22.28 11,26 M18,13.74 L26,18 26,18 18,22.28\" dur=\"0.1s\" keySplines=\".4 0 1 1\" repeatCount=\"1\" data-play=\"M11,10 L18,13.74 18,22.28 11,26 M18,13.74 L26,18 26,18 18,22.28\" data-pause=\"M11,10 L17,10 17,26 11,26 M20,10 L26,10 26,26 20,26\"><\/animate>\n  <\/path>\n<\/svg>\n<\/button>\n        <p class=\"text-base text-center\">Zuh\u00f6ren<\/p>\n      <\/div>\n    <\/div>\n\n    \n          <div class=\"flex flex-wrap justify-between gap-6 md:justify-start\">\n                  <button data-target=\"#transcription-6589ed2a44fe17e22b2db0bb5c0a0291\" data-toggle=\"modal\" class=\"flex items-center gap-2\">\n            <svg class=\"w-6 h-6\" fill=\"none\" xmlns=\"http:\/\/www.w3.org\/2000\/svg\" viewBox=\"0 0 22 12\"><path d=\"M0 9.873v-6c0-.55.196-1.02.588-1.412A1.926 1.926 0 0 1 2 1.873h2c.55 0 1.02.196 1.412.588.392.391.588.862.588 1.412v6H4v-2H2v2H0Zm2-4h2v-2H2v2Zm6 4v-8h4c.55 0 1.02.196 1.412.588.392.391.588.862.588 1.412v4c0 .55-.196 1.021-.588 1.413A1.926 1.926 0 0 1 12 9.873H8Zm2-2h2v-4h-2v4Zm6.85.8-1.4-1.425c.183-.183.32-.391.413-.625.091-.233.137-.483.137-.75 0-.283-.046-.537-.137-.762a1.85 1.85 0 0 0-.413-.613l1.4-1.45c.367.367.65.792.85 1.275.2.484.3 1 .3 1.55s-.1 1.063-.3 1.538c-.2.475-.483.896-.85 1.262Zm2.825 2.825-1.45-1.375c.55-.55.983-1.187 1.3-1.912A5.775 5.775 0 0 0 20 5.873c0-.85-.158-1.633-.475-2.35a6.217 6.217 0 0 0-1.3-1.9l1.45-1.4a7.94 7.94 0 0 1 1.712 2.55c.409.967.613 2 .613 3.1s-.204 2.13-.613 3.088a7.977 7.977 0 0 1-1.712 2.537Z\" fill=\"#000\"\/><\/svg>            <span>Transkription<\/span>\n          <\/button>\n                      <\/div>\n      <\/div>\n\n      <div id=\"transcription-6589ed2a44fe17e22b2db0bb5c0a0291\"\n  class=\"fixed inset-0 z-50 hidden w-screen h-screen opacity-0 pointer-events-none modal transcription\"\n  tabindex=\"-1\" role=\"dialog\">\n  <div class=\"absolute w-full h-full bg-black opacity-75 modal-overlay\"><\/div>\n  <div\n    class=\"absolute z-30 w-11\/12 mx-auto overflow-y-auto text-black bg-white shadow-lg modal-container center-xy md:max-w-4xl\"\n    role=\"document\">\n    <div class=\"flex items-center justify-between px-4 py-4 text-gray-700 border-b md:px-8\">\n      <h2 class=\"!mb-0 font-bold\">Transkription<\/h2>\n      <div class=\"z-50 flex flex-col items-center ml-auto cursor-pointer rtl:ml-0 rtl:mr-auto modal-close\">\n        <svg class=\"w-auto h-6\" width=\"18\" height=\"23\" xmlns=\"http:\/\/www.w3.org\/2000\/svg\">\n  <g stroke=\"currentColor\" fill=\"none\" fill-rule=\"evenodd\" stroke-linecap=\"square\">\n    <path d=\"M.7248.974l16.1076 20.6167M16.655 1.2654L.9097 22.1601\" \/>\n  <\/g>\n<\/svg>        <div class=\"hidden\">Close<\/div>\n      <\/div>\n    <\/div>\n    <div class=\"px-4 py-8 overflow-y-auto max-h-modal md:px-8 modal-content\">\n      <div class=\"mb-8 flex flex-col gap-1.5\">\n                      <h3 class=\"text-xl font-bold\">Die Baugeschichte und der Glockenturm<\/h3>\n                            <\/div>\n            <p>Die Kirche Santa Maria wurde am 11. Dezember 1123 eingeweiht, einen Tag nach der Kirche von Sant Climent de Ta\u00fcll. Die zeitliche N\u00e4he dieser beiden Projekte unterstreicht den betr\u00e4chtlichen Einsatz an Ressourcen, den die Herren von Erill zu Beginn des 12. Jahrhunderts in La Vall de Bo\u00ed investierten. <\/p>\n<p>Diese Kirche ist die Einzige im Tal, die sich in der Mitte des Dorfes befindet, was sie von den anderen unterscheidet. <\/p>\n<p>Im Laufe der Zeit wurde Santa Maria mehrfach umgebaut, und bei der aktuellen Restaurierung, die 1950 begann, wurde die romanische Form mit drei Schiffen wiederhergestellt. Wenn Sie wissen wollen, wie der alte Grundriss aussah, finden Sie auf dem Boden des Platzes eine steinerne Umrandung, die ihn markiert.<\/p>\n<p>Der Glockenturm ist der \u00e4lteste Teil des Komplexes. Wenn Sie genau hinschauen, werden Sie sehen, dass er ein bisschen schief ist. Alterserscheinungen \u2026<\/p>\n<p>Gehen Sie nun nach links und suchen Sie die Ecke, um ein weiteres wichtiges Detail des Glockenturms zu sehen. In den oberen Ebenen sind noch \u00dcberreste der urspr\u00fcnglichen Dekoration erhalten. Es handelt sich um Bord\u00fcren mit roten geometrischen Motiven, die mit dem Wei\u00df des Verputzes kombiniert sind. <\/p>\n<p>Nachdem Sie sich den Glockenturm angeschaut haben, gehen Sie zu den Apsiden auf der R\u00fcckseite der Kirche.<\/p>\n    <\/div>\n  <\/div>\n<\/div>\n    <\/section>\n\n\n<div class=\"flex flex-col gap-3 element text-block\">\n  <div class=\"flex items-center gap-6\">\n              <h2 class=\"text-2xl font-bold\">9c Apsis<\/h2>\n      <\/div>\n    <\/div>\n\n\n<div class=\"flex flex-col gap-6 element image-block\">\n  <div class=\"flex flex-col gap-3\">\n      <\/div>\n      <figure>\n      <img loading=\"lazy\" decoding=\"async\" width=\"1441\" height=\"959\" src=\"https:\/\/guiesullsdelahistoria.cat\/app\/uploads\/2024\/11\/Santa_Maria_Taull_absis_2_DSC9299.jpg\" class=\"w-full h-auto\" alt=\"Au\u00dfenansicht der Hauptapsis der Kirche von Santa Maria de Ta\u00fcll mit einem Detail der Verzierung der Recast Circles.\" srcset=\"https:\/\/guiesullsdelahistoria.cat\/app\/uploads\/2024\/11\/Santa_Maria_Taull_absis_2_DSC9299.jpg 1441w, https:\/\/guiesullsdelahistoria.cat\/app\/uploads\/2024\/11\/Santa_Maria_Taull_absis_2_DSC9299-300x200.jpg 300w, https:\/\/guiesullsdelahistoria.cat\/app\/uploads\/2024\/11\/Santa_Maria_Taull_absis_2_DSC9299-1024x681.jpg 1024w, https:\/\/guiesullsdelahistoria.cat\/app\/uploads\/2024\/11\/Santa_Maria_Taull_absis_2_DSC9299-768x511.jpg 768w\" sizes=\"auto, (max-width: 1441px) 100vw, 1441px\" \/>\n              <figcaption class=\"pt-2 text-gray-800\">Apsis von Santa Maria de Ta\u00fcll.<\/figcaption>\n          <\/figure>\n  <\/div>\n\n\n<section class=\"element audio-block\">\n  <div class=\"flex flex-col w-full gap-6\">\n    <div class=\"flex flex-col gap-3\">\n      <div class=\"flex gap-6\">\n                          <h2 class=\"text-2xl font-bold\">Eine einzigartige Verzierung<\/h2>\n              <\/div>\n          <\/div>\n    <div class=\"flex items-center justify-end gap-3\">\n              <div class=\"flex-1 audio-content\" dir=\"ltr\">\n          <audio id=\"audio-5d5abf3ab36eb97b36fc5d984d47402a\" data-label=\"Eine einzigartige Verzierung\"\n            data-category=\"SANTA-MARIA-DE-TAULL-DE-GENERAL-PLAY-2.mp3\" class=\"hidden\" controls\n            src=\"https:\/\/guiesullsdelahistoria.cat\/app\/uploads\/2024\/11\/SANTA-MARIA-DE-TAULL-DE-GENERAL-PLAY-2.mp3\"><\/audio>\n          <div class=\"flex items-center w-full gap-3 transition-opacity opacity-0 meta\">\n            <progress class=\"flex-1 border-0 appearance-none\" value=\"0\" max=\"1\"><\/progress>\n            <div class=\"text-sm text-center shrink-0 current-time w-9\"><\/div>\n                      <\/div>\n        <\/div>\n            <div class=\"flex flex-col items-center gap-2 shrink-1 audio-control\">\n        <button\n  class=\"flex items-center justify-center w-32 max-w-32 h-32 max-h-32 transition-[max-height,_max-width] bg-black rounded-full btn text-accent\"\n  data-target=\"#audio-5d5abf3ab36eb97b36fc5d984d47402a\">\n  <svg width=\"100%\" height=\"100%\" viewBox=\"0 0 36 36\" version=\"1.1\" xmlns=\"http:\/\/www.w3.org\/2000\/svg\" xmlns:xlink=\"http:\/\/www.w3.org\/1999\/xlink\">\n  <path id=\"ytp-12\" d=\"M11,10 L18,13.74 18,22.28 11,26 M18,13.74 L26,18 26,18 18,22.28\" fill=\"currentColor\">\n    <animate id=\"animation\" begin=\"indefinite\" attributeType=\"XML\" attributeName=\"d\" fill=\"freeze\" from=\"M11,10 L17,10 17,26 11,26 M20,10 L26,10 26,26 20,26\" to=\"M11,10 L18,13.74 18,22.28 11,26 M18,13.74 L26,18 26,18 18,22.28\" dur=\"0.1s\" keySplines=\".4 0 1 1\" repeatCount=\"1\" data-play=\"M11,10 L18,13.74 18,22.28 11,26 M18,13.74 L26,18 26,18 18,22.28\" data-pause=\"M11,10 L17,10 17,26 11,26 M20,10 L26,10 26,26 20,26\"><\/animate>\n  <\/path>\n<\/svg>\n<\/button>\n        <p class=\"text-base text-center\">Zuh\u00f6ren<\/p>\n      <\/div>\n    <\/div>\n\n    \n          <div class=\"flex flex-wrap justify-between gap-6 md:justify-start\">\n                  <button data-target=\"#transcription-5d5abf3ab36eb97b36fc5d984d47402a\" data-toggle=\"modal\" class=\"flex items-center gap-2\">\n            <svg class=\"w-6 h-6\" fill=\"none\" xmlns=\"http:\/\/www.w3.org\/2000\/svg\" viewBox=\"0 0 22 12\"><path d=\"M0 9.873v-6c0-.55.196-1.02.588-1.412A1.926 1.926 0 0 1 2 1.873h2c.55 0 1.02.196 1.412.588.392.391.588.862.588 1.412v6H4v-2H2v2H0Zm2-4h2v-2H2v2Zm6 4v-8h4c.55 0 1.02.196 1.412.588.392.391.588.862.588 1.412v4c0 .55-.196 1.021-.588 1.413A1.926 1.926 0 0 1 12 9.873H8Zm2-2h2v-4h-2v4Zm6.85.8-1.4-1.425c.183-.183.32-.391.413-.625.091-.233.137-.483.137-.75 0-.283-.046-.537-.137-.762a1.85 1.85 0 0 0-.413-.613l1.4-1.45c.367.367.65.792.85 1.275.2.484.3 1 .3 1.55s-.1 1.063-.3 1.538c-.2.475-.483.896-.85 1.262Zm2.825 2.825-1.45-1.375c.55-.55.983-1.187 1.3-1.912A5.775 5.775 0 0 0 20 5.873c0-.85-.158-1.633-.475-2.35a6.217 6.217 0 0 0-1.3-1.9l1.45-1.4a7.94 7.94 0 0 1 1.712 2.55c.409.967.613 2 .613 3.1s-.204 2.13-.613 3.088a7.977 7.977 0 0 1-1.712 2.537Z\" fill=\"#000\"\/><\/svg>            <span>Transkription<\/span>\n          <\/button>\n                      <\/div>\n      <\/div>\n\n      <div id=\"transcription-5d5abf3ab36eb97b36fc5d984d47402a\"\n  class=\"fixed inset-0 z-50 hidden w-screen h-screen opacity-0 pointer-events-none modal transcription\"\n  tabindex=\"-1\" role=\"dialog\">\n  <div class=\"absolute w-full h-full bg-black opacity-75 modal-overlay\"><\/div>\n  <div\n    class=\"absolute z-30 w-11\/12 mx-auto overflow-y-auto text-black bg-white shadow-lg modal-container center-xy md:max-w-4xl\"\n    role=\"document\">\n    <div class=\"flex items-center justify-between px-4 py-4 text-gray-700 border-b md:px-8\">\n      <h2 class=\"!mb-0 font-bold\">Transkription<\/h2>\n      <div class=\"z-50 flex flex-col items-center ml-auto cursor-pointer rtl:ml-0 rtl:mr-auto modal-close\">\n        <svg class=\"w-auto h-6\" width=\"18\" height=\"23\" xmlns=\"http:\/\/www.w3.org\/2000\/svg\">\n  <g stroke=\"currentColor\" fill=\"none\" fill-rule=\"evenodd\" stroke-linecap=\"square\">\n    <path d=\"M.7248.974l16.1076 20.6167M16.655 1.2654L.9097 22.1601\" \/>\n  <\/g>\n<\/svg>        <div class=\"hidden\">Close<\/div>\n      <\/div>\n    <\/div>\n    <div class=\"px-4 py-8 overflow-y-auto max-h-modal md:px-8 modal-content\">\n      <div class=\"mb-8 flex flex-col gap-1.5\">\n                      <h3 class=\"text-xl font-bold\">Eine einzigartige Verzierung<\/h3>\n                            <\/div>\n            <p>Die Hauptapsis der Kirche Santa Maria, die gr\u00f6\u00dfte, weist ein dekoratives Element auf, das in ganz La Vall einzigartig ist: die konzentrischen Kreise unter den blinden Arkaden, die so genannten Recast Circles. <\/p>\n<p>Au\u00dferdem sollten Sie wissen, dass die Apsis auf der linken Seite komplett umgebaut worden ist.<br \/>\nSie k\u00f6nnen nun die Kirche betreten, um Ihren Besuch fortzusetzen.<\/p>\n    <\/div>\n  <\/div>\n<\/div>\n    <\/section>\n\n\n<div class=\"flex flex-col gap-3 element text-block\">\n  <div class=\"flex items-center gap-6\">\n              <h2 class=\"text-2xl font-bold\">9d Basis des Mittelschiffs<\/h2>\n      <\/div>\n    <\/div>\n\n\n<div class=\"flex flex-col gap-6 element image-block\">\n  <div class=\"flex flex-col gap-3\">\n      <\/div>\n      <figure>\n      <img loading=\"lazy\" decoding=\"async\" width=\"1372\" height=\"966\" src=\"https:\/\/guiesullsdelahistoria.cat\/app\/uploads\/2024\/11\/Santa-Maria-interior-general.jpg\" class=\"w-full h-auto\" alt=\"Allgemeine Innenansicht der drei Schiffe der Kirche von Santa Maria de Ta\u00fcll mit den Malereien der Hauptapsis im Hintergrund und denen der S\u00fcdwand auf der rechten Seite.\" srcset=\"https:\/\/guiesullsdelahistoria.cat\/app\/uploads\/2024\/11\/Santa-Maria-interior-general.jpg 1372w, https:\/\/guiesullsdelahistoria.cat\/app\/uploads\/2024\/11\/Santa-Maria-interior-general-300x211.jpg 300w, https:\/\/guiesullsdelahistoria.cat\/app\/uploads\/2024\/11\/Santa-Maria-interior-general-1024x721.jpg 1024w, https:\/\/guiesullsdelahistoria.cat\/app\/uploads\/2024\/11\/Santa-Maria-interior-general-768x541.jpg 768w\" sizes=\"auto, (max-width: 1372px) 100vw, 1372px\" \/>\n              <figcaption class=\"pt-2 text-gray-800\">Das Innere von Santa Maria de Ta\u00fcll.<\/figcaption>\n          <\/figure>\n  <\/div>\n\n\n<section class=\"element audio-block\">\n  <div class=\"flex flex-col w-full gap-6\">\n    <div class=\"flex flex-col gap-3\">\n      <div class=\"flex gap-6\">\n                          <h2 class=\"text-2xl font-bold\">Ein sehr umgebauter Innenraum<\/h2>\n              <\/div>\n          <\/div>\n    <div class=\"flex items-center justify-end gap-3\">\n              <div class=\"flex-1 audio-content\" dir=\"ltr\">\n          <audio id=\"audio-2908570e79c06ba68a698725b65128f2\" data-label=\"Ein sehr umgebauter Innenraum\"\n            data-category=\"SANTA-MARIA-DE-TAULL-DE-GENERAL-PLAY-3.mp3\" class=\"hidden\" controls\n            src=\"https:\/\/guiesullsdelahistoria.cat\/app\/uploads\/2024\/11\/SANTA-MARIA-DE-TAULL-DE-GENERAL-PLAY-3.mp3\"><\/audio>\n          <div class=\"flex items-center w-full gap-3 transition-opacity opacity-0 meta\">\n            <progress class=\"flex-1 border-0 appearance-none\" value=\"0\" max=\"1\"><\/progress>\n            <div class=\"text-sm text-center shrink-0 current-time w-9\"><\/div>\n                      <\/div>\n        <\/div>\n            <div class=\"flex flex-col items-center gap-2 shrink-1 audio-control\">\n        <button\n  class=\"flex items-center justify-center w-32 max-w-32 h-32 max-h-32 transition-[max-height,_max-width] bg-black rounded-full btn text-accent\"\n  data-target=\"#audio-2908570e79c06ba68a698725b65128f2\">\n  <svg width=\"100%\" height=\"100%\" viewBox=\"0 0 36 36\" version=\"1.1\" xmlns=\"http:\/\/www.w3.org\/2000\/svg\" xmlns:xlink=\"http:\/\/www.w3.org\/1999\/xlink\">\n  <path id=\"ytp-12\" d=\"M11,10 L18,13.74 18,22.28 11,26 M18,13.74 L26,18 26,18 18,22.28\" fill=\"currentColor\">\n    <animate id=\"animation\" begin=\"indefinite\" attributeType=\"XML\" attributeName=\"d\" fill=\"freeze\" from=\"M11,10 L17,10 17,26 11,26 M20,10 L26,10 26,26 20,26\" to=\"M11,10 L18,13.74 18,22.28 11,26 M18,13.74 L26,18 26,18 18,22.28\" dur=\"0.1s\" keySplines=\".4 0 1 1\" repeatCount=\"1\" data-play=\"M11,10 L18,13.74 18,22.28 11,26 M18,13.74 L26,18 26,18 18,22.28\" data-pause=\"M11,10 L17,10 17,26 11,26 M20,10 L26,10 26,26 20,26\"><\/animate>\n  <\/path>\n<\/svg>\n<\/button>\n        <p class=\"text-base text-center\">Zuh\u00f6ren<\/p>\n      <\/div>\n    <\/div>\n\n    \n          <div class=\"flex flex-wrap justify-between gap-6 md:justify-start\">\n                  <button data-target=\"#transcription-2908570e79c06ba68a698725b65128f2\" data-toggle=\"modal\" class=\"flex items-center gap-2\">\n            <svg class=\"w-6 h-6\" fill=\"none\" xmlns=\"http:\/\/www.w3.org\/2000\/svg\" viewBox=\"0 0 22 12\"><path d=\"M0 9.873v-6c0-.55.196-1.02.588-1.412A1.926 1.926 0 0 1 2 1.873h2c.55 0 1.02.196 1.412.588.392.391.588.862.588 1.412v6H4v-2H2v2H0Zm2-4h2v-2H2v2Zm6 4v-8h4c.55 0 1.02.196 1.412.588.392.391.588.862.588 1.412v4c0 .55-.196 1.021-.588 1.413A1.926 1.926 0 0 1 12 9.873H8Zm2-2h2v-4h-2v4Zm6.85.8-1.4-1.425c.183-.183.32-.391.413-.625.091-.233.137-.483.137-.75 0-.283-.046-.537-.137-.762a1.85 1.85 0 0 0-.413-.613l1.4-1.45c.367.367.65.792.85 1.275.2.484.3 1 .3 1.55s-.1 1.063-.3 1.538c-.2.475-.483.896-.85 1.262Zm2.825 2.825-1.45-1.375c.55-.55.983-1.187 1.3-1.912A5.775 5.775 0 0 0 20 5.873c0-.85-.158-1.633-.475-2.35a6.217 6.217 0 0 0-1.3-1.9l1.45-1.4a7.94 7.94 0 0 1 1.712 2.55c.409.967.613 2 .613 3.1s-.204 2.13-.613 3.088a7.977 7.977 0 0 1-1.712 2.537Z\" fill=\"#000\"\/><\/svg>            <span>Transkription<\/span>\n          <\/button>\n                      <\/div>\n      <\/div>\n\n      <div id=\"transcription-2908570e79c06ba68a698725b65128f2\"\n  class=\"fixed inset-0 z-50 hidden w-screen h-screen opacity-0 pointer-events-none modal transcription\"\n  tabindex=\"-1\" role=\"dialog\">\n  <div class=\"absolute w-full h-full bg-black opacity-75 modal-overlay\"><\/div>\n  <div\n    class=\"absolute z-30 w-11\/12 mx-auto overflow-y-auto text-black bg-white shadow-lg modal-container center-xy md:max-w-4xl\"\n    role=\"document\">\n    <div class=\"flex items-center justify-between px-4 py-4 text-gray-700 border-b md:px-8\">\n      <h2 class=\"!mb-0 font-bold\">Transkription<\/h2>\n      <div class=\"z-50 flex flex-col items-center ml-auto cursor-pointer rtl:ml-0 rtl:mr-auto modal-close\">\n        <svg class=\"w-auto h-6\" width=\"18\" height=\"23\" xmlns=\"http:\/\/www.w3.org\/2000\/svg\">\n  <g stroke=\"currentColor\" fill=\"none\" fill-rule=\"evenodd\" stroke-linecap=\"square\">\n    <path d=\"M.7248.974l16.1076 20.6167M16.655 1.2654L.9097 22.1601\" \/>\n  <\/g>\n<\/svg>        <div class=\"hidden\">Close<\/div>\n      <\/div>\n    <\/div>\n    <div class=\"px-4 py-8 overflow-y-auto max-h-modal md:px-8 modal-content\">\n      <div class=\"mb-8 flex flex-col gap-1.5\">\n                      <h3 class=\"text-xl font-bold\">Ein sehr umgebauter Innenraum<\/h3>\n                            <\/div>\n            <p>Die Kirche Santa Maria de Ta\u00fcll wurde im 18. Jahrhundert in der Barockzeit stark umgebaut.<br \/>\nDie Seitenschiffe wurden in Kapellen umgewandelt, und der der Apsis am n\u00e4chsten gelegene Teil wurde mit einer Kuppel mit Kuppelturm versehen. Zudem wurde eine der Seitenapsiden durch eine Sakristei ersetzt. Alle diese \u00c4nderungen wurden bei einer Restaurierung entfernt, die der Kirche ihr Aussehen aus dem 12. Jahrhundert zur\u00fcckgab, mit drei durch S\u00e4ulen getrennten Schiffen und drei halbrunden Apsiden. <\/p>\n    <\/div>\n  <\/div>\n<\/div>\n    <\/section>\n\n\n<div class=\"flex flex-col gap-3 element text-block\">\n  <div class=\"flex items-center gap-6\">\n              <h2 class=\"text-2xl font-bold\">9e Vor dem Altar<\/h2>\n      <\/div>\n    <\/div>\n\n\n<div class=\"flex flex-col gap-6 element image-block\">\n  <div class=\"flex flex-col gap-3\">\n      <\/div>\n      <figure>\n      <img loading=\"lazy\" decoding=\"async\" width=\"510\" height=\"768\" src=\"https:\/\/guiesullsdelahistoria.cat\/app\/uploads\/2024\/11\/DSC_0641_J.BARBERO.jpg\" class=\"w-full h-auto\" alt=\"Wandmalereien im Inneren der zentralen Apsis der Kirche von Santa Maria de Ta\u00fcll.\" srcset=\"https:\/\/guiesullsdelahistoria.cat\/app\/uploads\/2024\/11\/DSC_0641_J.BARBERO.jpg 510w, https:\/\/guiesullsdelahistoria.cat\/app\/uploads\/2024\/11\/DSC_0641_J.BARBERO-199x300.jpg 199w\" sizes=\"auto, (max-width: 510px) 100vw, 510px\" \/>\n              <figcaption class=\"pt-2 text-gray-800\">Wandmalereien in der zentralen Apsis von Santa Maria de Ta\u00fcll.<\/figcaption>\n          <\/figure>\n  <\/div>\n\n\n<section class=\"element audio-block\">\n  <div class=\"flex flex-col w-full gap-6\">\n    <div class=\"flex flex-col gap-3\">\n      <div class=\"flex gap-6\">\n                          <h2 class=\"text-2xl font-bold\">Die Malereien in der zentralen Apsis<\/h2>\n              <\/div>\n          <\/div>\n    <div class=\"flex items-center justify-end gap-3\">\n              <div class=\"flex-1 audio-content\" dir=\"ltr\">\n          <audio id=\"audio-7c04ff94bd3e0939ccad335afbe1a62b\" data-label=\"Die Malereien in der zentralen Apsis\"\n            data-category=\"SANTA-MARIA-DE-TAULL-DE-GENERAL-PLAY-4.mp3\" class=\"hidden\" controls\n            src=\"https:\/\/guiesullsdelahistoria.cat\/app\/uploads\/2024\/11\/SANTA-MARIA-DE-TAULL-DE-GENERAL-PLAY-4.mp3\"><\/audio>\n          <div class=\"flex items-center w-full gap-3 transition-opacity opacity-0 meta\">\n            <progress class=\"flex-1 border-0 appearance-none\" value=\"0\" max=\"1\"><\/progress>\n            <div class=\"text-sm text-center shrink-0 current-time w-9\"><\/div>\n                      <\/div>\n        <\/div>\n            <div class=\"flex flex-col items-center gap-2 shrink-1 audio-control\">\n        <button\n  class=\"flex items-center justify-center w-32 max-w-32 h-32 max-h-32 transition-[max-height,_max-width] bg-black rounded-full btn text-accent\"\n  data-target=\"#audio-7c04ff94bd3e0939ccad335afbe1a62b\">\n  <svg width=\"100%\" height=\"100%\" viewBox=\"0 0 36 36\" version=\"1.1\" xmlns=\"http:\/\/www.w3.org\/2000\/svg\" xmlns:xlink=\"http:\/\/www.w3.org\/1999\/xlink\">\n  <path id=\"ytp-12\" d=\"M11,10 L18,13.74 18,22.28 11,26 M18,13.74 L26,18 26,18 18,22.28\" fill=\"currentColor\">\n    <animate id=\"animation\" begin=\"indefinite\" attributeType=\"XML\" attributeName=\"d\" fill=\"freeze\" from=\"M11,10 L17,10 17,26 11,26 M20,10 L26,10 26,26 20,26\" to=\"M11,10 L18,13.74 18,22.28 11,26 M18,13.74 L26,18 26,18 18,22.28\" dur=\"0.1s\" keySplines=\".4 0 1 1\" repeatCount=\"1\" data-play=\"M11,10 L18,13.74 18,22.28 11,26 M18,13.74 L26,18 26,18 18,22.28\" data-pause=\"M11,10 L17,10 17,26 11,26 M20,10 L26,10 26,26 20,26\"><\/animate>\n  <\/path>\n<\/svg>\n<\/button>\n        <p class=\"text-base text-center\">Zuh\u00f6ren<\/p>\n      <\/div>\n    <\/div>\n\n    \n          <div class=\"flex flex-wrap justify-between gap-6 md:justify-start\">\n                  <button data-target=\"#transcription-7c04ff94bd3e0939ccad335afbe1a62b\" data-toggle=\"modal\" class=\"flex items-center gap-2\">\n            <svg class=\"w-6 h-6\" fill=\"none\" xmlns=\"http:\/\/www.w3.org\/2000\/svg\" viewBox=\"0 0 22 12\"><path d=\"M0 9.873v-6c0-.55.196-1.02.588-1.412A1.926 1.926 0 0 1 2 1.873h2c.55 0 1.02.196 1.412.588.392.391.588.862.588 1.412v6H4v-2H2v2H0Zm2-4h2v-2H2v2Zm6 4v-8h4c.55 0 1.02.196 1.412.588.392.391.588.862.588 1.412v4c0 .55-.196 1.021-.588 1.413A1.926 1.926 0 0 1 12 9.873H8Zm2-2h2v-4h-2v4Zm6.85.8-1.4-1.425c.183-.183.32-.391.413-.625.091-.233.137-.483.137-.75 0-.283-.046-.537-.137-.762a1.85 1.85 0 0 0-.413-.613l1.4-1.45c.367.367.65.792.85 1.275.2.484.3 1 .3 1.55s-.1 1.063-.3 1.538c-.2.475-.483.896-.85 1.262Zm2.825 2.825-1.45-1.375c.55-.55.983-1.187 1.3-1.912A5.775 5.775 0 0 0 20 5.873c0-.85-.158-1.633-.475-2.35a6.217 6.217 0 0 0-1.3-1.9l1.45-1.4a7.94 7.94 0 0 1 1.712 2.55c.409.967.613 2 .613 3.1s-.204 2.13-.613 3.088a7.977 7.977 0 0 1-1.712 2.537Z\" fill=\"#000\"\/><\/svg>            <span>Transkription<\/span>\n          <\/button>\n                      <\/div>\n      <\/div>\n\n      <div id=\"transcription-7c04ff94bd3e0939ccad335afbe1a62b\"\n  class=\"fixed inset-0 z-50 hidden w-screen h-screen opacity-0 pointer-events-none modal transcription\"\n  tabindex=\"-1\" role=\"dialog\">\n  <div class=\"absolute w-full h-full bg-black opacity-75 modal-overlay\"><\/div>\n  <div\n    class=\"absolute z-30 w-11\/12 mx-auto overflow-y-auto text-black bg-white shadow-lg modal-container center-xy md:max-w-4xl\"\n    role=\"document\">\n    <div class=\"flex items-center justify-between px-4 py-4 text-gray-700 border-b md:px-8\">\n      <h2 class=\"!mb-0 font-bold\">Transkription<\/h2>\n      <div class=\"z-50 flex flex-col items-center ml-auto cursor-pointer rtl:ml-0 rtl:mr-auto modal-close\">\n        <svg class=\"w-auto h-6\" width=\"18\" height=\"23\" xmlns=\"http:\/\/www.w3.org\/2000\/svg\">\n  <g stroke=\"currentColor\" fill=\"none\" fill-rule=\"evenodd\" stroke-linecap=\"square\">\n    <path d=\"M.7248.974l16.1076 20.6167M16.655 1.2654L.9097 22.1601\" \/>\n  <\/g>\n<\/svg>        <div class=\"hidden\">Close<\/div>\n      <\/div>\n    <\/div>\n    <div class=\"px-4 py-8 overflow-y-auto max-h-modal md:px-8 modal-content\">\n      <div class=\"mb-8 flex flex-col gap-1.5\">\n                      <h3 class=\"text-xl font-bold\">Die Malereien in der zentralen Apsis<\/h3>\n                            <\/div>\n            <p>Im Inneren der Kirche Santa Maria de Ta\u00fcll fallen die Wandmalereien in der Apsis und an der rechten Mauer auf. Die jetzt gezeigten sind Reproduktionen der Originale, die sich derzeit im Museu Nacional de d\u2019Art de Catalunya befinden.<\/p>\n<p>Aber in dieser Kirche gibt es auch \u00dcberreste von Originalmalerei. Die auff\u00e4lligsten befinden sich oben in einer der S\u00e4ulen, die das Mittelschiff vom rechten Seitenschiff trennen. Es handelt sich um eine Szene im Zusammenhang mit der Geburt Christi, bekannt als das Bad Jesu.<br \/>\nUnd welchen Sinn hatten all diese Szenen, die die W\u00e4nde einer Kirche schm\u00fcckten? Die Bedeutung der Wandmalereien im Mittelalter war sehr gro\u00df, denn sie waren nicht nur der Ehre Gottes gewidmet und ein Machtinstrument, sondern hatten auch eine lehrende Funktion, da die meisten Menschen nicht lesen konnten und das Bild zusammen mit dem Wort die wirksamste Form der Evangelisierung war.<br \/>\nDie Thematik der Malereien war oft mit dem Heiligen oder der Heiligen verbunden, dem oder der die Kirche gewidmet war. In diesem Fall jedoch beziehen sich die meisten Malereien auf die Geburt Jesu und seine Anerkennung als g\u00f6ttliche Figur.<\/p>\n<p><em>Interferenzger\u00e4usch.<\/em><br \/>\n<strong>Frau 1:<\/strong> Heute bin ich wieder zu sp\u00e4t zur Messe gekommen, ich h\u00e4tte lange auf das L\u00e4uten der Glocken warten k\u00f6nnen \u2026<br \/>\n<strong>Frau 2<\/strong>: Der Gl\u00f6ckner ist alt geworden. Und diese Treppen sind zu steil.<br \/>\n<strong>Frau 1<\/strong>: Wir m\u00fcssen uns vielleicht nach jemand anderem umsehen.<br \/>\n<strong>Frau 2<\/strong>: Schweig, schweig, und was es uns kosten w\u00fcrde, ihm das beizubringen \u2026 Ich habe geh\u00f6rt, dass sie ihm dort oben ein kleines Holzhaus bauen wollen, damit er nicht so oft hoch und runter gehen muss.<br \/>\n<strong>Frau 1<\/strong>: Ein Holzhaus?!?! Selbst wenn er ein Vogel w\u00e4re [am\u00fcsiert].<br \/>\n<strong>Frau 2<\/strong>: Lach du nur, aber du wirst dankbar sein.<br \/>\n<em>Interferenzger\u00e4usch.<\/em><\/p>\n<p>Die Komposition der Apsis ist in drei Register unterteilt: Im oberen Teil befindet sich die Szene der auf einem Thron sitzenden Jungfrau mit ihrem Sohn auf dem Scho\u00df, die in einer Mandorla, einem mandelf\u00f6rmigen Rahmen, dargestellt ist. Um die Jungfrau Maria herum stehen die Heiligen Drei K\u00f6nige, die die Opfergaben tragen.<br \/>\nIm mittleren Teil der Komposition, auf beiden Seiten des Fensters, sind sechs Apostel zu sehen, darunter die Heiligen Andreas, Petrus, Paulus und Johannes der Evangelist.<br \/>\nIm unteren Teil sind runde Medaillons mit echten und fantastischen Tieren zu sehen, die f\u00fcr mittelalterliche Bestiarien charakteristisch sind. Und ganz unten ein Fries aus Malereien, die Vorh\u00e4nge wiedergeben, die orientalische Seidenstoffe nachahmen.<\/p>\n<p>Wenn Sie sehen m\u00f6chten, wie diese Kirche gemalt wurde, aktivieren Sie die virtuelle Ressource. Sobald Sie da sind, gehen Sie zur rechten Mauer, dem n\u00e4chsten Punkt der Besichtigung.<\/p>\n    <\/div>\n  <\/div>\n<\/div>\n    <\/section>\n\n\n<div class=\"flex flex-col gap-3 element interactive-block\">\n  <div class=\"flex items-center gap-6\">\n              <h2 class=\"text-2xl font-bold\">Virtuelle Ressource: 360\u00b0-Nachbildung des Innenraums aus dem 12. Jahrhundert<\/h2>\n      <\/div>\n          <div class=\"flex justify-end w-full\">\n      <div class=\"flex flex-col items-center gap-2 shrink-1\">\n        <button data-target=\"#embed-69f5c6584f63e\" data-toggle=\"modal\"\n          class=\"flex items-center justify-center w-32 h-32 bg-black rounded-full text-accent\">\n          <svg class=\"w-16 h-auto\" width=\"60\" height=\"61\" viewBox=\"0 0 60 61\" fill=\"none\" xmlns=\"http:\/\/www.w3.org\/2000\/svg\">\n  <mask id=\"mask0_3878_987\" style=\"mask-type:alpha\" maskUnits=\"userSpaceOnUse\" x=\"0\" y=\"0\" width=\"60\" height=\"61\">\n    <rect y=\"0.873047\" width=\"60\" height=\"60\" fill=\"white\" \/>\n  <\/mask>\n  <g mask=\"url(#mask0_3878_987)\">\n    <path\n      d=\"M21 49.873L16.8 45.673L22.05 40.273C15.65 39.423 10.375 37.673 6.225 35.023C2.075 32.373 0 29.323 0 25.873C0 21.723 2.8875 18.1855 8.6625 15.2605C14.4375 12.3355 21.55 10.873 30 10.873C38.45 10.873 45.5625 12.3355 51.3375 15.2605C57.1125 18.1855 60 21.723 60 25.873C60 28.973 58.3375 31.748 55.0125 34.198C51.6875 36.648 47.35 38.473 42 39.673V33.523C45.85 32.523 48.8125 31.2855 50.8875 29.8105C52.9625 28.3355 54 27.023 54 25.873C54 24.273 51.8625 22.373 47.5875 20.173C43.3125 17.973 37.45 16.873 30 16.873C22.55 16.873 16.6875 17.973 12.4125 20.173C8.1375 22.373 6 24.273 6 25.873C6 27.073 7.275 28.5105 9.825 30.1855C12.375 31.8605 16 33.123 20.7 33.973L16.8 30.073L21 25.873L33 37.873L21 49.873Z\"\n      fill=\"currentColor\" \/>\n  <\/g>\n<\/svg>\n        <\/button>\n                  <p class=\"text-base text-center\">Anschauen<\/p>\n              <\/div>\n    <\/div>\n    <div id=\"embed-69f5c6584f63e\"\n  class=\"fixed inset-0 z-50 hidden w-screen h-screen opacity-0 pointer-events-none modal embed-container\"\n  tabindex=\"-1\" role=\"dialog\">\n  <div class=\"absolute w-full h-full bg-black opacity-75 modal-overlay\"><\/div>\n  <div\n    class=\"absolute z-30 w-11\/12 mx-auto overflow-y-auto text-black bg-white shadow-lg modal-container center-xy md:max-w-4xl\"\n    role=\"document\">\n    <div class=\"flex items-center justify-between px-4 py-4 text-gray-700 border-b md:px-8\">\n      <h2 class=\"!mb-0 font-bold\">Anschauen<\/h2>\n      <div class=\"z-50 flex flex-col items-center ml-auto cursor-pointer rtl:ml-0 rtl:mr-auto modal-close\">\n        <svg class=\"w-auto h-6\" width=\"18\" height=\"23\" xmlns=\"http:\/\/www.w3.org\/2000\/svg\">\n  <g stroke=\"currentColor\" fill=\"none\" fill-rule=\"evenodd\" stroke-linecap=\"square\">\n    <path d=\"M.7248.974l16.1076 20.6167M16.655 1.2654L.9097 22.1601\" \/>\n  <\/g>\n<\/svg>        <div class=\"hidden\">Close<\/div>\n      <\/div>\n    <\/div>\n    <div class=\"px-4 py-8 overflow-y-auto max-h-modal md:px-8 modal-content\">\n      <div class=\"sketchfab-embed-wrapper\"> <iframe title=\"Santa Maria de Ta\u00fcll. Reconstrucci\u00f3 hipot\u00e8tica\" frameborder=\"0\" allowfullscreen mozallowfullscreen=\"true\" webkitallowfullscreen=\"true\" allow=\"autoplay; fullscreen; xr-spatial-tracking\" xr-spatial-tracking execution-while-out-of-viewport execution-while-not-rendered web-share src=\"https:\/\/sketchfab.com\/models\/f280309e91ab47f59e685ebe3da9bbba\/embed?ui_infos=0\"> <\/iframe> <\/div>\n    <\/div>\n  <\/div>\n<\/div>\n  <\/div>\n\n\n<div class=\"flex flex-col gap-3 element text-block\">\n  <div class=\"flex items-center gap-6\">\n              <h2 class=\"text-2xl font-bold\">9f Rechte Mauer<\/h2>\n      <\/div>\n    <\/div>\n\n\n<div class=\"flex flex-col gap-6 element image-block\">\n  <div class=\"flex flex-col gap-3\">\n      <\/div>\n      <figure>\n      <img loading=\"lazy\" decoding=\"async\" width=\"1452\" height=\"966\" src=\"https:\/\/guiesullsdelahistoria.cat\/app\/uploads\/2024\/11\/Santa-Maria-pintures-mur-lateral.jpg\" class=\"w-full h-auto\" alt=\"Wandmalereien an der S\u00fcdwand der Kirche von Santa Maria de Ta\u00fcll mit einer S\u00e4ule und den B\u00f6gen im Vordergrund.\" srcset=\"https:\/\/guiesullsdelahistoria.cat\/app\/uploads\/2024\/11\/Santa-Maria-pintures-mur-lateral.jpg 1452w, https:\/\/guiesullsdelahistoria.cat\/app\/uploads\/2024\/11\/Santa-Maria-pintures-mur-lateral-300x200.jpg 300w, https:\/\/guiesullsdelahistoria.cat\/app\/uploads\/2024\/11\/Santa-Maria-pintures-mur-lateral-1024x681.jpg 1024w, https:\/\/guiesullsdelahistoria.cat\/app\/uploads\/2024\/11\/Santa-Maria-pintures-mur-lateral-768x511.jpg 768w\" sizes=\"auto, (max-width: 1452px) 100vw, 1452px\" \/>\n              <figcaption class=\"pt-2 text-gray-800\">Wandmalereien an der S\u00fcdwand von Santa Maria de Ta\u00fcll.<\/figcaption>\n          <\/figure>\n  <\/div>\n\n\n<section class=\"element audio-block\">\n  <div class=\"flex flex-col w-full gap-6\">\n    <div class=\"flex flex-col gap-3\">\n      <div class=\"flex gap-6\">\n                          <h2 class=\"text-2xl font-bold\">Die Malereien im s\u00fcdlichen Schiff<\/h2>\n              <\/div>\n          <\/div>\n    <div class=\"flex items-center justify-end gap-3\">\n              <div class=\"flex-1 audio-content\" dir=\"ltr\">\n          <audio id=\"audio-f94dd56d71ca93a44e9a053c47d239d1\" data-label=\"Die Malereien im s\u00fcdlichen Schiff\"\n            data-category=\"SANTA-MARIA-DE-TAULL-DE-GENERAL-PLAY-5.mp3\" class=\"hidden\" controls\n            src=\"https:\/\/guiesullsdelahistoria.cat\/app\/uploads\/2024\/11\/SANTA-MARIA-DE-TAULL-DE-GENERAL-PLAY-5.mp3\"><\/audio>\n          <div class=\"flex items-center w-full gap-3 transition-opacity opacity-0 meta\">\n            <progress class=\"flex-1 border-0 appearance-none\" value=\"0\" max=\"1\"><\/progress>\n            <div class=\"text-sm text-center shrink-0 current-time w-9\"><\/div>\n                      <\/div>\n        <\/div>\n            <div class=\"flex flex-col items-center gap-2 shrink-1 audio-control\">\n        <button\n  class=\"flex items-center justify-center w-32 max-w-32 h-32 max-h-32 transition-[max-height,_max-width] bg-black rounded-full btn text-accent\"\n  data-target=\"#audio-f94dd56d71ca93a44e9a053c47d239d1\">\n  <svg width=\"100%\" height=\"100%\" viewBox=\"0 0 36 36\" version=\"1.1\" xmlns=\"http:\/\/www.w3.org\/2000\/svg\" xmlns:xlink=\"http:\/\/www.w3.org\/1999\/xlink\">\n  <path id=\"ytp-12\" d=\"M11,10 L18,13.74 18,22.28 11,26 M18,13.74 L26,18 26,18 18,22.28\" fill=\"currentColor\">\n    <animate id=\"animation\" begin=\"indefinite\" attributeType=\"XML\" attributeName=\"d\" fill=\"freeze\" from=\"M11,10 L17,10 17,26 11,26 M20,10 L26,10 26,26 20,26\" to=\"M11,10 L18,13.74 18,22.28 11,26 M18,13.74 L26,18 26,18 18,22.28\" dur=\"0.1s\" keySplines=\".4 0 1 1\" repeatCount=\"1\" data-play=\"M11,10 L18,13.74 18,22.28 11,26 M18,13.74 L26,18 26,18 18,22.28\" data-pause=\"M11,10 L17,10 17,26 11,26 M20,10 L26,10 26,26 20,26\"><\/animate>\n  <\/path>\n<\/svg>\n<\/button>\n        <p class=\"text-base text-center\">Zuh\u00f6ren<\/p>\n      <\/div>\n    <\/div>\n\n    \n          <div class=\"flex flex-wrap justify-between gap-6 md:justify-start\">\n                  <button data-target=\"#transcription-f94dd56d71ca93a44e9a053c47d239d1\" data-toggle=\"modal\" class=\"flex items-center gap-2\">\n            <svg class=\"w-6 h-6\" fill=\"none\" xmlns=\"http:\/\/www.w3.org\/2000\/svg\" viewBox=\"0 0 22 12\"><path d=\"M0 9.873v-6c0-.55.196-1.02.588-1.412A1.926 1.926 0 0 1 2 1.873h2c.55 0 1.02.196 1.412.588.392.391.588.862.588 1.412v6H4v-2H2v2H0Zm2-4h2v-2H2v2Zm6 4v-8h4c.55 0 1.02.196 1.412.588.392.391.588.862.588 1.412v4c0 .55-.196 1.021-.588 1.413A1.926 1.926 0 0 1 12 9.873H8Zm2-2h2v-4h-2v4Zm6.85.8-1.4-1.425c.183-.183.32-.391.413-.625.091-.233.137-.483.137-.75 0-.283-.046-.537-.137-.762a1.85 1.85 0 0 0-.413-.613l1.4-1.45c.367.367.65.792.85 1.275.2.484.3 1 .3 1.55s-.1 1.063-.3 1.538c-.2.475-.483.896-.85 1.262Zm2.825 2.825-1.45-1.375c.55-.55.983-1.187 1.3-1.912A5.775 5.775 0 0 0 20 5.873c0-.85-.158-1.633-.475-2.35a6.217 6.217 0 0 0-1.3-1.9l1.45-1.4a7.94 7.94 0 0 1 1.712 2.55c.409.967.613 2 .613 3.1s-.204 2.13-.613 3.088a7.977 7.977 0 0 1-1.712 2.537Z\" fill=\"#000\"\/><\/svg>            <span>Transkription<\/span>\n          <\/button>\n                      <\/div>\n      <\/div>\n\n      <div id=\"transcription-f94dd56d71ca93a44e9a053c47d239d1\"\n  class=\"fixed inset-0 z-50 hidden w-screen h-screen opacity-0 pointer-events-none modal transcription\"\n  tabindex=\"-1\" role=\"dialog\">\n  <div class=\"absolute w-full h-full bg-black opacity-75 modal-overlay\"><\/div>\n  <div\n    class=\"absolute z-30 w-11\/12 mx-auto overflow-y-auto text-black bg-white shadow-lg modal-container center-xy md:max-w-4xl\"\n    role=\"document\">\n    <div class=\"flex items-center justify-between px-4 py-4 text-gray-700 border-b md:px-8\">\n      <h2 class=\"!mb-0 font-bold\">Transkription<\/h2>\n      <div class=\"z-50 flex flex-col items-center ml-auto cursor-pointer rtl:ml-0 rtl:mr-auto modal-close\">\n        <svg class=\"w-auto h-6\" width=\"18\" height=\"23\" xmlns=\"http:\/\/www.w3.org\/2000\/svg\">\n  <g stroke=\"currentColor\" fill=\"none\" fill-rule=\"evenodd\" stroke-linecap=\"square\">\n    <path d=\"M.7248.974l16.1076 20.6167M16.655 1.2654L.9097 22.1601\" \/>\n  <\/g>\n<\/svg>        <div class=\"hidden\">Close<\/div>\n      <\/div>\n    <\/div>\n    <div class=\"px-4 py-8 overflow-y-auto max-h-modal md:px-8 modal-content\">\n      <div class=\"mb-8 flex flex-col gap-1.5\">\n                      <h3 class=\"text-xl font-bold\">Die Malereien im s\u00fcdlichen Schiff<\/h3>\n                            <\/div>\n            <p>Auch die Seitenmauer der Kirche waren mit Wandfresken geschm\u00fcckt. Diese Malereien, die sich heute im MNAC befinden, sind das Werk des so genannten Meisters des J\u00fcngsten Gerichts, eines anderen K\u00fcnstlers als der, der das Wandgem\u00e4lde in der Apsis gemalt hat. Es hei\u00dft so, weil er die Szene an der Mauer in der N\u00e4he des Ausgangs gemalt hat, auf der dieses Motiv abgebildet war. Die Reproduktionen an der rechten Mauer in Richtung Altar stellen verschiedene Szenen aus dem Neuen Testament dar.<br \/>\nWenn man die Szenen von rechts nach links liest, findet man im mittleren Register die Verk\u00fcndigung des Zacharias w\u00e4hrend seines Dienstes im Tempel, die Ernennung Johannes des T\u00e4ufers und Maria mit dem Kind, die die Anbetung der Heiligen Drei K\u00f6nige empf\u00e4ngt, die die Szene mit Herodes teilen.<br \/>\nVon den Szenen des oberen Registers ist nur die untere H\u00e4lfte erhalten geblieben und daher schwieriger zu interpretieren. Eine dieser Szenen k\u00f6nnte die Barmherzigkeit des Heiligen Martin sein, mit der Figur, die ihren Mantel abschneidet, um ihn einem anderen zu schenken, und in der Szene ganz rechts einige bewaffnete Engel, mit dem Erzengel Michael im Kampf gegen den Drachen.<br \/>\nDer untere Teil ist wiederum mit einem gemalten Vorhang verziert, und darunter finden sich noch weitere \u00dcberreste der urspr\u00fcnglichen Malerei.<br \/>\nJetzt m\u00fcssen Sie vor bis zum barocken Retabel am Eingang gehen.<\/p>\n    <\/div>\n  <\/div>\n<\/div>\n    <\/section>\n\n\n<div class=\"flex flex-col gap-3 element text-block\">\n  <div class=\"flex items-center gap-6\">\n              <h2 class=\"text-2xl font-bold\">9g Ausgang<\/h2>\n      <\/div>\n    <\/div>\n\n\n<div class=\"flex flex-col gap-6 element image-block\">\n  <div class=\"flex flex-col gap-3\">\n      <\/div>\n      <figure>\n      <img loading=\"lazy\" decoding=\"async\" width=\"743\" height=\"1262\" src=\"https:\/\/guiesullsdelahistoria.cat\/app\/uploads\/2024\/11\/Santa_Maria_de_Taull_retaule_entrada.jpg\" class=\"w-full h-auto\" alt=\"Barockes Retabel in der N\u00e4he des Eingangs zum Innenraum der Kirche von Santa Maria de Ta\u00fcll.\" srcset=\"https:\/\/guiesullsdelahistoria.cat\/app\/uploads\/2024\/11\/Santa_Maria_de_Taull_retaule_entrada.jpg 743w, https:\/\/guiesullsdelahistoria.cat\/app\/uploads\/2024\/11\/Santa_Maria_de_Taull_retaule_entrada-177x300.jpg 177w, https:\/\/guiesullsdelahistoria.cat\/app\/uploads\/2024\/11\/Santa_Maria_de_Taull_retaule_entrada-603x1024.jpg 603w\" sizes=\"auto, (max-width: 743px) 100vw, 743px\" \/>\n              <figcaption class=\"pt-2 text-gray-800\">Barockes Retabel von Santa Maria de Ta\u00fcll.\n<\/figcaption>\n          <\/figure>\n  <\/div>\n\n\n<section class=\"element audio-block\">\n  <div class=\"flex flex-col w-full gap-6\">\n    <div class=\"flex flex-col gap-3\">\n      <div class=\"flex gap-6\">\n                          <h2 class=\"text-2xl font-bold\">Das barocke Retabel und die Becken<\/h2>\n              <\/div>\n          <\/div>\n    <div class=\"flex items-center justify-end gap-3\">\n              <div class=\"flex-1 audio-content\" dir=\"ltr\">\n          <audio id=\"audio-2a82612f937e48ae051c1c27b30061a5\" data-label=\"Das barocke Retabel und die Becken\"\n            data-category=\"SANTA-MARIA-DE-TAULL-DE-GENERAL-PLAY-6.mp3\" class=\"hidden\" controls\n            src=\"https:\/\/guiesullsdelahistoria.cat\/app\/uploads\/2024\/11\/SANTA-MARIA-DE-TAULL-DE-GENERAL-PLAY-6.mp3\"><\/audio>\n          <div class=\"flex items-center w-full gap-3 transition-opacity opacity-0 meta\">\n            <progress class=\"flex-1 border-0 appearance-none\" value=\"0\" max=\"1\"><\/progress>\n            <div class=\"text-sm text-center shrink-0 current-time w-9\"><\/div>\n                      <\/div>\n        <\/div>\n            <div class=\"flex flex-col items-center gap-2 shrink-1 audio-control\">\n        <button\n  class=\"flex items-center justify-center w-32 max-w-32 h-32 max-h-32 transition-[max-height,_max-width] bg-black rounded-full btn text-accent\"\n  data-target=\"#audio-2a82612f937e48ae051c1c27b30061a5\">\n  <svg width=\"100%\" height=\"100%\" viewBox=\"0 0 36 36\" version=\"1.1\" xmlns=\"http:\/\/www.w3.org\/2000\/svg\" xmlns:xlink=\"http:\/\/www.w3.org\/1999\/xlink\">\n  <path id=\"ytp-12\" d=\"M11,10 L18,13.74 18,22.28 11,26 M18,13.74 L26,18 26,18 18,22.28\" fill=\"currentColor\">\n    <animate id=\"animation\" begin=\"indefinite\" attributeType=\"XML\" attributeName=\"d\" fill=\"freeze\" from=\"M11,10 L17,10 17,26 11,26 M20,10 L26,10 26,26 20,26\" to=\"M11,10 L18,13.74 18,22.28 11,26 M18,13.74 L26,18 26,18 18,22.28\" dur=\"0.1s\" keySplines=\".4 0 1 1\" repeatCount=\"1\" data-play=\"M11,10 L18,13.74 18,22.28 11,26 M18,13.74 L26,18 26,18 18,22.28\" data-pause=\"M11,10 L17,10 17,26 11,26 M20,10 L26,10 26,26 20,26\"><\/animate>\n  <\/path>\n<\/svg>\n<\/button>\n        <p class=\"text-base text-center\">Zuh\u00f6ren<\/p>\n      <\/div>\n    <\/div>\n\n    \n          <div class=\"flex flex-wrap justify-between gap-6 md:justify-start\">\n                  <button data-target=\"#transcription-2a82612f937e48ae051c1c27b30061a5\" data-toggle=\"modal\" class=\"flex items-center gap-2\">\n            <svg class=\"w-6 h-6\" fill=\"none\" xmlns=\"http:\/\/www.w3.org\/2000\/svg\" viewBox=\"0 0 22 12\"><path d=\"M0 9.873v-6c0-.55.196-1.02.588-1.412A1.926 1.926 0 0 1 2 1.873h2c.55 0 1.02.196 1.412.588.392.391.588.862.588 1.412v6H4v-2H2v2H0Zm2-4h2v-2H2v2Zm6 4v-8h4c.55 0 1.02.196 1.412.588.392.391.588.862.588 1.412v4c0 .55-.196 1.021-.588 1.413A1.926 1.926 0 0 1 12 9.873H8Zm2-2h2v-4h-2v4Zm6.85.8-1.4-1.425c.183-.183.32-.391.413-.625.091-.233.137-.483.137-.75 0-.283-.046-.537-.137-.762a1.85 1.85 0 0 0-.413-.613l1.4-1.45c.367.367.65.792.85 1.275.2.484.3 1 .3 1.55s-.1 1.063-.3 1.538c-.2.475-.483.896-.85 1.262Zm2.825 2.825-1.45-1.375c.55-.55.983-1.187 1.3-1.912A5.775 5.775 0 0 0 20 5.873c0-.85-.158-1.633-.475-2.35a6.217 6.217 0 0 0-1.3-1.9l1.45-1.4a7.94 7.94 0 0 1 1.712 2.55c.409.967.613 2 .613 3.1s-.204 2.13-.613 3.088a7.977 7.977 0 0 1-1.712 2.537Z\" fill=\"#000\"\/><\/svg>            <span>Transkription<\/span>\n          <\/button>\n                      <\/div>\n      <\/div>\n\n      <div id=\"transcription-2a82612f937e48ae051c1c27b30061a5\"\n  class=\"fixed inset-0 z-50 hidden w-screen h-screen opacity-0 pointer-events-none modal transcription\"\n  tabindex=\"-1\" role=\"dialog\">\n  <div class=\"absolute w-full h-full bg-black opacity-75 modal-overlay\"><\/div>\n  <div\n    class=\"absolute z-30 w-11\/12 mx-auto overflow-y-auto text-black bg-white shadow-lg modal-container center-xy md:max-w-4xl\"\n    role=\"document\">\n    <div class=\"flex items-center justify-between px-4 py-4 text-gray-700 border-b md:px-8\">\n      <h2 class=\"!mb-0 font-bold\">Transkription<\/h2>\n      <div class=\"z-50 flex flex-col items-center ml-auto cursor-pointer rtl:ml-0 rtl:mr-auto modal-close\">\n        <svg class=\"w-auto h-6\" width=\"18\" height=\"23\" xmlns=\"http:\/\/www.w3.org\/2000\/svg\">\n  <g stroke=\"currentColor\" fill=\"none\" fill-rule=\"evenodd\" stroke-linecap=\"square\">\n    <path d=\"M.7248.974l16.1076 20.6167M16.655 1.2654L.9097 22.1601\" \/>\n  <\/g>\n<\/svg>        <div class=\"hidden\">Close<\/div>\n      <\/div>\n    <\/div>\n    <div class=\"px-4 py-8 overflow-y-auto max-h-modal md:px-8 modal-content\">\n      <div class=\"mb-8 flex flex-col gap-1.5\">\n                      <h3 class=\"text-xl font-bold\">Das barocke Retabel und die Becken<\/h3>\n                            <\/div>\n            <p>Das barocke Retabel vor Ihnen beherrschte die Hauptapsis w\u00e4hrend des 18. Jahrhunderts und bis ins 20. Jahrhundert. W\u00e4hrend dieser Zeit blieben die romanischen Malereien verborgen. Dieses Retabel hat sie wahrscheinlich vor dem Verfall und, wer wei\u00df, auch vor dem Verschwinden bewahrt. <\/p>\n<p>Das Retabel ist in zwei Teile gegliedert: Der obere Teil stellt den Erzengel Michael dar, mit dem Heiligen Paulus auf der linken Seite und dem Heiligen Petrus auf der rechten Seite. Im unteren Teil ist die Jungfrau Maria zu sehen, mit dem Heiligen Johannes dem Evangelisten auf der linken Seite und dem Heiligen Isidor auf der rechten Seite. <\/p>\n<p>In diesem Bereich der Kirche befinden sich auch die drei romanischen Becken. Das gr\u00f6\u00dfte Becken ist das \u00d6lbecken, in dem der Brennstoff f\u00fcr die Lampen, die die Kirche beleuchteten, gelagert wurde. Daneben befindet sich das Taufbecken. Und auf der linken Seite, das Weihwasserbecken. <\/p>\n    <\/div>\n  <\/div>\n<\/div>\n    <\/section>\n\n\n<div class=\"flex flex-col gap-3 element text-block\">\n  <div class=\"flex items-center gap-6\">\n              <h2 class=\"text-2xl font-bold\">9h Wir warten auf Sie!<\/h2>\n      <\/div>\n    <\/div>\n\n\n<section class=\"element audio-block\">\n  <div class=\"flex flex-col w-full gap-6\">\n    <div class=\"flex flex-col gap-3\">\n      <div class=\"flex gap-6\">\n                          <h2 class=\"text-2xl font-bold\">Der Besuch geht weiter<\/h2>\n              <\/div>\n          <\/div>\n    <div class=\"flex items-center justify-end gap-3\">\n              <div class=\"flex-1 audio-content\" dir=\"ltr\">\n          <audio id=\"audio-896f250a21ecc720691ed84d7220764d\" data-label=\"Der Besuch geht weiter\"\n            data-category=\"SANTA-MARIA-DE-TAULL-DE-GENERAL-PLAY-CLOENDA.mp3\" class=\"hidden\" controls\n            src=\"https:\/\/guiesullsdelahistoria.cat\/app\/uploads\/2024\/11\/SANTA-MARIA-DE-TAULL-DE-GENERAL-PLAY-CLOENDA.mp3\"><\/audio>\n          <div class=\"flex items-center w-full gap-3 transition-opacity opacity-0 meta\">\n            <progress class=\"flex-1 border-0 appearance-none\" value=\"0\" max=\"1\"><\/progress>\n            <div class=\"text-sm text-center shrink-0 current-time w-9\"><\/div>\n                      <\/div>\n        <\/div>\n            <div class=\"flex flex-col items-center gap-2 shrink-1 audio-control\">\n        <button\n  class=\"flex items-center justify-center w-32 max-w-32 h-32 max-h-32 transition-[max-height,_max-width] bg-black rounded-full btn text-accent\"\n  data-target=\"#audio-896f250a21ecc720691ed84d7220764d\">\n  <svg width=\"100%\" height=\"100%\" viewBox=\"0 0 36 36\" version=\"1.1\" xmlns=\"http:\/\/www.w3.org\/2000\/svg\" xmlns:xlink=\"http:\/\/www.w3.org\/1999\/xlink\">\n  <path id=\"ytp-12\" d=\"M11,10 L18,13.74 18,22.28 11,26 M18,13.74 L26,18 26,18 18,22.28\" fill=\"currentColor\">\n    <animate id=\"animation\" begin=\"indefinite\" attributeType=\"XML\" attributeName=\"d\" fill=\"freeze\" from=\"M11,10 L17,10 17,26 11,26 M20,10 L26,10 26,26 20,26\" to=\"M11,10 L18,13.74 18,22.28 11,26 M18,13.74 L26,18 26,18 18,22.28\" dur=\"0.1s\" keySplines=\".4 0 1 1\" repeatCount=\"1\" data-play=\"M11,10 L18,13.74 18,22.28 11,26 M18,13.74 L26,18 26,18 18,22.28\" data-pause=\"M11,10 L17,10 17,26 11,26 M20,10 L26,10 26,26 20,26\"><\/animate>\n  <\/path>\n<\/svg>\n<\/button>\n        <p class=\"text-base text-center\">Zuh\u00f6ren<\/p>\n      <\/div>\n    <\/div>\n\n    \n          <div class=\"flex flex-wrap justify-between gap-6 md:justify-start\">\n                  <button data-target=\"#transcription-896f250a21ecc720691ed84d7220764d\" data-toggle=\"modal\" class=\"flex items-center gap-2\">\n            <svg class=\"w-6 h-6\" fill=\"none\" xmlns=\"http:\/\/www.w3.org\/2000\/svg\" viewBox=\"0 0 22 12\"><path d=\"M0 9.873v-6c0-.55.196-1.02.588-1.412A1.926 1.926 0 0 1 2 1.873h2c.55 0 1.02.196 1.412.588.392.391.588.862.588 1.412v6H4v-2H2v2H0Zm2-4h2v-2H2v2Zm6 4v-8h4c.55 0 1.02.196 1.412.588.392.391.588.862.588 1.412v4c0 .55-.196 1.021-.588 1.413A1.926 1.926 0 0 1 12 9.873H8Zm2-2h2v-4h-2v4Zm6.85.8-1.4-1.425c.183-.183.32-.391.413-.625.091-.233.137-.483.137-.75 0-.283-.046-.537-.137-.762a1.85 1.85 0 0 0-.413-.613l1.4-1.45c.367.367.65.792.85 1.275.2.484.3 1 .3 1.55s-.1 1.063-.3 1.538c-.2.475-.483.896-.85 1.262Zm2.825 2.825-1.45-1.375c.55-.55.983-1.187 1.3-1.912A5.775 5.775 0 0 0 20 5.873c0-.85-.158-1.633-.475-2.35a6.217 6.217 0 0 0-1.3-1.9l1.45-1.4a7.94 7.94 0 0 1 1.712 2.55c.409.967.613 2 .613 3.1s-.204 2.13-.613 3.088a7.977 7.977 0 0 1-1.712 2.537Z\" fill=\"#000\"\/><\/svg>            <span>Transkription<\/span>\n          <\/button>\n                      <\/div>\n      <\/div>\n\n      <div id=\"transcription-896f250a21ecc720691ed84d7220764d\"\n  class=\"fixed inset-0 z-50 hidden w-screen h-screen opacity-0 pointer-events-none modal transcription\"\n  tabindex=\"-1\" role=\"dialog\">\n  <div class=\"absolute w-full h-full bg-black opacity-75 modal-overlay\"><\/div>\n  <div\n    class=\"absolute z-30 w-11\/12 mx-auto overflow-y-auto text-black bg-white shadow-lg modal-container center-xy md:max-w-4xl\"\n    role=\"document\">\n    <div class=\"flex items-center justify-between px-4 py-4 text-gray-700 border-b md:px-8\">\n      <h2 class=\"!mb-0 font-bold\">Transkription<\/h2>\n      <div class=\"z-50 flex flex-col items-center ml-auto cursor-pointer rtl:ml-0 rtl:mr-auto modal-close\">\n        <svg class=\"w-auto h-6\" width=\"18\" height=\"23\" xmlns=\"http:\/\/www.w3.org\/2000\/svg\">\n  <g stroke=\"currentColor\" fill=\"none\" fill-rule=\"evenodd\" stroke-linecap=\"square\">\n    <path d=\"M.7248.974l16.1076 20.6167M16.655 1.2654L.9097 22.1601\" \/>\n  <\/g>\n<\/svg>        <div class=\"hidden\">Close<\/div>\n      <\/div>\n    <\/div>\n    <div class=\"px-4 py-8 overflow-y-auto max-h-modal md:px-8 modal-content\">\n      <div class=\"mb-8 flex flex-col gap-1.5\">\n                      <h3 class=\"text-xl font-bold\">Der Besuch geht weiter<\/h3>\n                            <\/div>\n            <p>Hier endet der Besuch der Kirche. Wir laden Sie nun ein, die anderen Werke des romanischen Ensembles von La Vall de Bo\u00ed zu entdecken und freuen uns auf Ihren Besuch!<\/p>\n    <\/div>\n  <\/div>\n<\/div>\n    <\/section>\n\n\n<div class=\"flex flex-col gap-3 element text-block\">\n  <div class=\"flex items-center gap-6\">\n              <h2 class=\"text-2xl font-bold\">Schlie\u00dfen<\/h2>\n      <\/div>\n        <div class=\"prose prose-lg\"><p>&#8220;<em>Els Ulls de la Hist\u00f2ria<\/em>. Ein immersiver Blick auf das kulturelle Erbe&#8221; ist eine Initiative der Ag\u00e8ncia Catalana del Patrimoni Cultural.<br \/>\nDieses Projekt bezieht andere Stimmen und andere Blickwinkel auf unsere Vergangenheit mit ein. Denn wir alle sind Teil der Geschichte und formen sie mit.<\/p>\n<\/div>\n  <\/div>\n\n<\/div>\n      <\/div>\n    <\/div>\n  <\/section>\n","protected":false},"author":3,"featured_media":0,"parent":0,"template":"template-guide--ullsdelahistoria.blade.php","class_list":["post-8024","guide","type-guide","status-publish","hentry"],"acf":[],"yoast_head":"<!-- This site is optimized with the Yoast SEO plugin v27.0 - https:\/\/yoast.com\/product\/yoast-seo-wordpress\/ -->\n<title>Multimedia guide romanische Ensemble von Vall de Bo\u00ed - Muzee<\/title>\n<meta name=\"robots\" content=\"index, follow, max-snippet:-1, max-image-preview:large, max-video-preview:-1\" \/>\n<link rel=\"canonical\" href=\"https:\/\/guiesullsdelahistoria.cat\/de\/patrimoni\/guide\/la-vall-de-boi\/\" \/>\n<meta property=\"og:locale\" content=\"de_DE\" \/>\n<meta property=\"og:type\" content=\"article\" \/>\n<meta property=\"og:title\" content=\"Multimedia guide romanische Ensemble von Vall de Bo\u00ed - Muzee\" \/>\n<meta property=\"og:url\" content=\"https:\/\/guiesullsdelahistoria.cat\/de\/patrimoni\/guide\/la-vall-de-boi\/\" \/>\n<meta property=\"og:site_name\" content=\"Muzee\" \/>\n<meta property=\"article:modified_time\" content=\"2025-02-06T11:12:48+00:00\" \/>\n<meta name=\"twitter:card\" content=\"summary_large_image\" \/>\n<meta name=\"twitter:label1\" content=\"Est. reading time\" \/>\n\t<meta name=\"twitter:data1\" content=\"61 minutes\" \/>\n<script type=\"application\/ld+json\" class=\"yoast-schema-graph\">{\"@context\":\"https:\/\/schema.org\",\"@graph\":[{\"@type\":\"WebPage\",\"@id\":\"https:\/\/guiesullsdelahistoria.cat\/de\/patrimoni\/guide\/la-vall-de-boi\/\",\"url\":\"https:\/\/guiesullsdelahistoria.cat\/de\/patrimoni\/guide\/la-vall-de-boi\/\",\"name\":\"Multimedia guide romanische Ensemble von Vall de Bo\u00ed - Muzee\",\"isPartOf\":{\"@id\":\"https:\/\/guiesullsdelahistoria.cat\/#website\"},\"datePublished\":\"2024-11-20T14:57:58+00:00\",\"dateModified\":\"2025-02-06T11:12:48+00:00\",\"breadcrumb\":{\"@id\":\"https:\/\/guiesullsdelahistoria.cat\/de\/patrimoni\/guide\/la-vall-de-boi\/#breadcrumb\"},\"inLanguage\":\"de-DE\",\"potentialAction\":[{\"@type\":\"ReadAction\",\"target\":[\"https:\/\/guiesullsdelahistoria.cat\/de\/patrimoni\/guide\/la-vall-de-boi\/\"]}]},{\"@type\":\"BreadcrumbList\",\"@id\":\"https:\/\/guiesullsdelahistoria.cat\/de\/patrimoni\/guide\/la-vall-de-boi\/#breadcrumb\",\"itemListElement\":[{\"@type\":\"ListItem\",\"position\":1,\"name\":\"Home\",\"item\":\"https:\/\/guiesullsdelahistoria.cat\/\"},{\"@type\":\"ListItem\",\"position\":2,\"name\":\"Multimedia guide romanische Ensemble von Vall de Bo\u00ed\"}]},{\"@type\":\"WebSite\",\"@id\":\"https:\/\/guiesullsdelahistoria.cat\/#website\",\"url\":\"https:\/\/guiesullsdelahistoria.cat\/\",\"name\":\"Muzee\",\"description\":\"\",\"potentialAction\":[{\"@type\":\"SearchAction\",\"target\":{\"@type\":\"EntryPoint\",\"urlTemplate\":\"https:\/\/guiesullsdelahistoria.cat\/?s={search_term_string}\"},\"query-input\":{\"@type\":\"PropertyValueSpecification\",\"valueRequired\":true,\"valueName\":\"search_term_string\"}}],\"inLanguage\":\"de-DE\"}]}<\/script>\n<!-- \/ Yoast SEO plugin. -->","yoast_head_json":{"title":"Multimedia guide romanische Ensemble von Vall de Bo\u00ed - Muzee","robots":{"index":"index","follow":"follow","max-snippet":"max-snippet:-1","max-image-preview":"max-image-preview:large","max-video-preview":"max-video-preview:-1"},"canonical":"https:\/\/guiesullsdelahistoria.cat\/de\/patrimoni\/guide\/la-vall-de-boi\/","og_locale":"de_DE","og_type":"article","og_title":"Multimedia guide romanische Ensemble von Vall de Bo\u00ed - Muzee","og_url":"https:\/\/guiesullsdelahistoria.cat\/de\/patrimoni\/guide\/la-vall-de-boi\/","og_site_name":"Muzee","article_modified_time":"2025-02-06T11:12:48+00:00","twitter_card":"summary_large_image","twitter_misc":{"Est. reading time":"61 minutes"},"schema":{"@context":"https:\/\/schema.org","@graph":[{"@type":"WebPage","@id":"https:\/\/guiesullsdelahistoria.cat\/de\/patrimoni\/guide\/la-vall-de-boi\/","url":"https:\/\/guiesullsdelahistoria.cat\/de\/patrimoni\/guide\/la-vall-de-boi\/","name":"Multimedia guide romanische Ensemble von Vall de Bo\u00ed - Muzee","isPartOf":{"@id":"https:\/\/guiesullsdelahistoria.cat\/#website"},"datePublished":"2024-11-20T14:57:58+00:00","dateModified":"2025-02-06T11:12:48+00:00","breadcrumb":{"@id":"https:\/\/guiesullsdelahistoria.cat\/de\/patrimoni\/guide\/la-vall-de-boi\/#breadcrumb"},"inLanguage":"de-DE","potentialAction":[{"@type":"ReadAction","target":["https:\/\/guiesullsdelahistoria.cat\/de\/patrimoni\/guide\/la-vall-de-boi\/"]}]},{"@type":"BreadcrumbList","@id":"https:\/\/guiesullsdelahistoria.cat\/de\/patrimoni\/guide\/la-vall-de-boi\/#breadcrumb","itemListElement":[{"@type":"ListItem","position":1,"name":"Home","item":"https:\/\/guiesullsdelahistoria.cat\/"},{"@type":"ListItem","position":2,"name":"Multimedia guide romanische Ensemble von Vall de Bo\u00ed"}]},{"@type":"WebSite","@id":"https:\/\/guiesullsdelahistoria.cat\/#website","url":"https:\/\/guiesullsdelahistoria.cat\/","name":"Muzee","description":"","potentialAction":[{"@type":"SearchAction","target":{"@type":"EntryPoint","urlTemplate":"https:\/\/guiesullsdelahistoria.cat\/?s={search_term_string}"},"query-input":{"@type":"PropertyValueSpecification","valueRequired":true,"valueName":"search_term_string"}}],"inLanguage":"de-DE"}]}},"_links":{"self":[{"href":"https:\/\/guiesullsdelahistoria.cat\/de\/wp-json\/wp\/v2\/guide\/8024","targetHints":{"allow":["GET"]}}],"collection":[{"href":"https:\/\/guiesullsdelahistoria.cat\/de\/wp-json\/wp\/v2\/guide"}],"about":[{"href":"https:\/\/guiesullsdelahistoria.cat\/de\/wp-json\/wp\/v2\/types\/guide"}],"author":[{"embeddable":true,"href":"https:\/\/guiesullsdelahistoria.cat\/de\/wp-json\/wp\/v2\/users\/3"}],"wp:attachment":[{"href":"https:\/\/guiesullsdelahistoria.cat\/de\/wp-json\/wp\/v2\/media?parent=8024"}],"curies":[{"name":"wp","href":"https:\/\/api.w.org\/{rel}","templated":true}]}}