{"id":6320,"date":"2024-11-20T14:57:58","date_gmt":"2024-11-20T14:57:58","guid":{"rendered":"https:\/\/guiesullsdelahistoria.cat\/patrimoni\/guide\/la-vall-de-boi\/"},"modified":"2025-02-06T11:36:59","modified_gmt":"2025-02-06T11:36:59","slug":"la-vall-de-boi","status":"publish","type":"guide","link":"https:\/\/guiesullsdelahistoria.cat\/es\/patrimoni\/guide\/la-vall-de-boi\/","title":{"rendered":"Gu\u00eda multimedia del Conjunto Rom\u00e1nico de la Vall de Bo\u00ed"},"content":{"rendered":"<div class=\"flex flex-col gap-3 element text-block\">\n  <div class=\"flex items-center gap-6\">\n          <\/div>\n        <div class=\"prose prose-lg\"><p>La gu\u00eda que tienes en tus manos es una herramienta multimedia que te ayudar\u00e1 a conocer mejor las iglesias que forman el Conjunto Rom\u00e1nico de La Vall de Bo\u00ed. Descubrir\u00e1s las historias que hay en torno a su construcci\u00f3n y la influencia que han tenido sobre el territorio a lo largo de los siglos.  <\/p>\n<\/div>\n  <\/div>\n\n\n<div class=\"flex flex-col gap-6 element image-block\">\n  <div class=\"flex flex-col gap-3\">\n      <\/div>\n      <figure>\n      <img loading=\"lazy\" decoding=\"async\" width=\"1024\" height=\"680\" src=\"https:\/\/guiesullsdelahistoria.cat\/app\/uploads\/2024\/11\/Nativitat_de_Durro_ferro_porta_DSC0116_J.BARBERO.jpg\" class=\"w-full h-auto\" alt=\"Detalle del cerrojo medieval de la puerta de la iglesia de la Nativitat de Durro. Pasador cabezado con figura de animal y plancha de la cerradura decorada.\" srcset=\"https:\/\/guiesullsdelahistoria.cat\/app\/uploads\/2024\/11\/Nativitat_de_Durro_ferro_porta_DSC0116_J.BARBERO.jpg 1024w, https:\/\/guiesullsdelahistoria.cat\/app\/uploads\/2024\/11\/Nativitat_de_Durro_ferro_porta_DSC0116_J.BARBERO-300x199.jpg 300w, https:\/\/guiesullsdelahistoria.cat\/app\/uploads\/2024\/11\/Nativitat_de_Durro_ferro_porta_DSC0116_J.BARBERO-768x510.jpg 768w\" sizes=\"auto, (max-width: 1024px) 100vw, 1024px\" \/>\n              <figcaption class=\"pt-2 text-gray-800\">Cerrojo de la puerta de la Nativitat de Durro.<\/figcaption>\n          <\/figure>\n  <\/div>\n\n\n<section class=\"overflow-hidden section\" id=\"section-69f5c69001bfe\" data-title=\"1. L'Assumpci\u00f3 de C\u00f3ll\">\n    <div class=\"container grid grid-cols-1 py-8 md:py-10 max-md:gap-y-8 md:grid-standard\">\n              <div class=\"flex gap-4 md:col-span-5\">\n                                <h2 class=\"text-8 font-headings\">1. L&#8217;Assumpci\u00f3 de C\u00f3ll<\/h2>\n                  <\/div>\n            <div class=\"flex flex-col gap-8 md:col-span-6 md:col-start-7 md:gap-10\">\n        <div class=\"acf-innerblocks-container\">\n<div class=\"flex flex-col gap-3 element text-block\">\n  <div class=\"flex items-center gap-6\">\n              <h2 class=\"text-2xl font-bold\">1a Introducci\u00f3n<\/h2>\n      <\/div>\n    <\/div>\n\n\n<div class=\"flex flex-col gap-6 element image-block\">\n  <div class=\"flex flex-col gap-3\">\n      <\/div>\n      <figure>\n      <img loading=\"lazy\" decoding=\"async\" width=\"1412\" height=\"939\" src=\"https:\/\/guiesullsdelahistoria.cat\/app\/uploads\/2024\/11\/Assumpcio-general.jpg\" class=\"w-full h-auto\" alt=\"Vista exterior de la iglesia de la Assumpci\u00f3 de C\u00f3ll con las monta\u00f1as al fondo.\" srcset=\"https:\/\/guiesullsdelahistoria.cat\/app\/uploads\/2024\/11\/Assumpcio-general.jpg 1412w, https:\/\/guiesullsdelahistoria.cat\/app\/uploads\/2024\/11\/Assumpcio-general-300x200.jpg 300w, https:\/\/guiesullsdelahistoria.cat\/app\/uploads\/2024\/11\/Assumpcio-general-1024x681.jpg 1024w, https:\/\/guiesullsdelahistoria.cat\/app\/uploads\/2024\/11\/Assumpcio-general-768x511.jpg 768w\" sizes=\"auto, (max-width: 1412px) 100vw, 1412px\" \/>\n              <figcaption class=\"pt-2 text-gray-800\">Vista general de la Assumpci\u00f3 de C\u00f3ll.<\/figcaption>\n          <\/figure>\n  <\/div>\n\n\n<section class=\"element audio-block\">\n  <div class=\"flex flex-col w-full gap-6\">\n    <div class=\"flex flex-col gap-3\">\n      <div class=\"flex gap-6\">\n                          <h2 class=\"text-2xl font-bold\">La Vall de Bo\u00ed y sus iglesias<\/h2>\n              <\/div>\n          <\/div>\n    <div class=\"flex items-center justify-end gap-3\">\n              <div class=\"flex-1 audio-content\" dir=\"ltr\">\n          <audio id=\"audio-fe025fdc04431b9b716bb4b342eaa6c7\" data-label=\"La Vall de Bo\u00ed y sus iglesias\"\n            data-category=\"ASSUMPCIO-DE-COLL-ES-GENERAL-PLAY-0.mp3\" class=\"hidden\" controls\n            src=\"https:\/\/guiesullsdelahistoria.cat\/app\/uploads\/2024\/11\/ASSUMPCIO-DE-COLL-ES-GENERAL-PLAY-0.mp3\"><\/audio>\n          <div class=\"flex items-center w-full gap-3 transition-opacity opacity-0 meta\">\n            <progress class=\"flex-1 border-0 appearance-none\" value=\"0\" max=\"1\"><\/progress>\n            <div class=\"text-sm text-center shrink-0 current-time w-9\"><\/div>\n                      <\/div>\n        <\/div>\n            <div class=\"flex flex-col items-center gap-2 shrink-1 audio-control\">\n        <button\n  class=\"flex items-center justify-center w-32 max-w-32 h-32 max-h-32 transition-[max-height,_max-width] bg-black rounded-full btn text-accent\"\n  data-target=\"#audio-fe025fdc04431b9b716bb4b342eaa6c7\">\n  <svg width=\"100%\" height=\"100%\" viewBox=\"0 0 36 36\" version=\"1.1\" xmlns=\"http:\/\/www.w3.org\/2000\/svg\" xmlns:xlink=\"http:\/\/www.w3.org\/1999\/xlink\">\n  <path id=\"ytp-12\" d=\"M11,10 L18,13.74 18,22.28 11,26 M18,13.74 L26,18 26,18 18,22.28\" fill=\"currentColor\">\n    <animate id=\"animation\" begin=\"indefinite\" attributeType=\"XML\" attributeName=\"d\" fill=\"freeze\" from=\"M11,10 L17,10 17,26 11,26 M20,10 L26,10 26,26 20,26\" to=\"M11,10 L18,13.74 18,22.28 11,26 M18,13.74 L26,18 26,18 18,22.28\" dur=\"0.1s\" keySplines=\".4 0 1 1\" repeatCount=\"1\" data-play=\"M11,10 L18,13.74 18,22.28 11,26 M18,13.74 L26,18 26,18 18,22.28\" data-pause=\"M11,10 L17,10 17,26 11,26 M20,10 L26,10 26,26 20,26\"><\/animate>\n  <\/path>\n<\/svg>\n<\/button>\n        <p class=\"text-base text-center\">Escucha<\/p>\n      <\/div>\n    <\/div>\n\n    \n          <div class=\"flex flex-wrap justify-between gap-6 md:justify-start\">\n                  <button data-target=\"#transcription-fe025fdc04431b9b716bb4b342eaa6c7\" data-toggle=\"modal\" class=\"flex items-center gap-2\">\n            <svg class=\"w-6 h-6\" fill=\"none\" xmlns=\"http:\/\/www.w3.org\/2000\/svg\" viewBox=\"0 0 22 12\"><path d=\"M0 9.873v-6c0-.55.196-1.02.588-1.412A1.926 1.926 0 0 1 2 1.873h2c.55 0 1.02.196 1.412.588.392.391.588.862.588 1.412v6H4v-2H2v2H0Zm2-4h2v-2H2v2Zm6 4v-8h4c.55 0 1.02.196 1.412.588.392.391.588.862.588 1.412v4c0 .55-.196 1.021-.588 1.413A1.926 1.926 0 0 1 12 9.873H8Zm2-2h2v-4h-2v4Zm6.85.8-1.4-1.425c.183-.183.32-.391.413-.625.091-.233.137-.483.137-.75 0-.283-.046-.537-.137-.762a1.85 1.85 0 0 0-.413-.613l1.4-1.45c.367.367.65.792.85 1.275.2.484.3 1 .3 1.55s-.1 1.063-.3 1.538c-.2.475-.483.896-.85 1.262Zm2.825 2.825-1.45-1.375c.55-.55.983-1.187 1.3-1.912A5.775 5.775 0 0 0 20 5.873c0-.85-.158-1.633-.475-2.35a6.217 6.217 0 0 0-1.3-1.9l1.45-1.4a7.94 7.94 0 0 1 1.712 2.55c.409.967.613 2 .613 3.1s-.204 2.13-.613 3.088a7.977 7.977 0 0 1-1.712 2.537Z\" fill=\"#000\"\/><\/svg>            <span>Transcripci\u00f3n<\/span>\n          <\/button>\n                      <\/div>\n      <\/div>\n\n      <div id=\"transcription-fe025fdc04431b9b716bb4b342eaa6c7\"\n  class=\"fixed inset-0 z-50 hidden w-screen h-screen opacity-0 pointer-events-none modal transcription\"\n  tabindex=\"-1\" role=\"dialog\">\n  <div class=\"absolute w-full h-full bg-black opacity-75 modal-overlay\"><\/div>\n  <div\n    class=\"absolute z-30 w-11\/12 mx-auto overflow-y-auto text-black bg-white shadow-lg modal-container center-xy md:max-w-4xl\"\n    role=\"document\">\n    <div class=\"flex items-center justify-between px-4 py-4 text-gray-700 border-b md:px-8\">\n      <h2 class=\"!mb-0 font-bold\">Transcripci\u00f3n<\/h2>\n      <div class=\"z-50 flex flex-col items-center ml-auto cursor-pointer rtl:ml-0 rtl:mr-auto modal-close\">\n        <svg class=\"w-auto h-6\" width=\"18\" height=\"23\" xmlns=\"http:\/\/www.w3.org\/2000\/svg\">\n  <g stroke=\"currentColor\" fill=\"none\" fill-rule=\"evenodd\" stroke-linecap=\"square\">\n    <path d=\"M.7248.974l16.1076 20.6167M16.655 1.2654L.9097 22.1601\" \/>\n  <\/g>\n<\/svg>        <div class=\"hidden\">Close<\/div>\n      <\/div>\n    <\/div>\n    <div class=\"px-4 py-8 overflow-y-auto max-h-modal md:px-8 modal-content\">\n      <div class=\"mb-8 flex flex-col gap-1.5\">\n                      <h3 class=\"text-xl font-bold\">La Vall de Bo\u00ed y sus iglesias<\/h3>\n                            <\/div>\n            <p>Te damos la bienvenida a la Vall de Bo\u00ed y te animamos a conocer su excepcional conjunto de iglesias, consideradas una de las m\u00e1ximas expresiones del arte rom\u00e1nico catal\u00e1n e inscritas en la lista de Patrimonio Mundial por la UNESCO en el a\u00f1o 2000.<br \/>\nEl Conjunto Rom\u00e1nico de la Vall de Bo\u00ed est\u00e1 integrado por nueve iglesias: Sant Climent y Santa Maria de Ta\u00fcll, Sant Joan de Bo\u00ed, Santa Eul\u00e0lia d\u2019Erill la Vall, Sant Feliu de Barruera, la Nativitat y Sant Quirc de Durro, Santa Maria de Cardet y la Assumpci\u00f3 de C\u00f3ll.<br \/>\nPero \u00bfqu\u00e9 tienen en com\u00fan este conjunto de iglesias? \u00bfPor qu\u00e9 son tan singulares? \u00bfCu\u00e1l es su historia?<br \/>\nTodas fueron construidas entre los siglos XI y XII, en un momento de poder y de bonanza econ\u00f3mica de la nobleza local, y comparten un estilo arquitect\u00f3nico, el rom\u00e1nico, muy extendido por toda Europa.<br \/>\nHoy, gran parte de las pinturas, tallas y mobiliario se conservan en varios museos catalanes, sobre todo en el Museu Nacional d\u2019Art de Catalunya. Sin embargo, algunas de las iglesias cuentan con importantes fragmentos de pintura mural y esculturas originales, adem\u00e1s de reproducciones de las que se conservan en los museos.<br \/>\nCon la gu\u00eda que tienes en tus manos, descubrir\u00e1s los valores excepcionales de este conjunto rom\u00e1nico y podr\u00e1s conocer cada una de las nueve iglesias, con sus secretos y curiosidades.<br \/>\n\u00a1Una advertencia final! Estas monta\u00f1as son misteriosas y, en los valles, las palabras de las personas que las han habitado a menudo se quedan atrapadas y resuenan a lo largo del tiempo como un eco imperceptible. Esta gu\u00eda dispone de un sensor que se activa cada vez que capta alguna. No te asustes y sigue escuchando.<br \/>\nPara empezar la visita, dir\u00edgete a la parte posterior de la iglesia.<\/p>\n    <\/div>\n  <\/div>\n<\/div>\n    <\/section>\n\n\n<div class=\"flex flex-col gap-3 element text-block\">\n  <div class=\"flex items-center gap-6\">\n              <h2 class=\"text-2xl font-bold\">1b Absis<\/h2>\n      <\/div>\n    <\/div>\n\n\n<div class=\"flex flex-col gap-6 element image-block\">\n  <div class=\"flex flex-col gap-3\">\n      <\/div>\n      <figure>\n      <img loading=\"lazy\" decoding=\"async\" width=\"1600\" height=\"1065\" src=\"https:\/\/guiesullsdelahistoria.cat\/app\/uploads\/2024\/11\/Assumpcio_de_Coll_absis_DSC00425.jpg\" class=\"w-full h-auto\" alt=\"Exterior de la iglesia de la Assumpci\u00f3 de C\u00f3ll vista desde la parte trasera con el \u00e1bside en primer t\u00e9rmino.\" srcset=\"https:\/\/guiesullsdelahistoria.cat\/app\/uploads\/2024\/11\/Assumpcio_de_Coll_absis_DSC00425.jpg 1600w, https:\/\/guiesullsdelahistoria.cat\/app\/uploads\/2024\/11\/Assumpcio_de_Coll_absis_DSC00425-300x200.jpg 300w, https:\/\/guiesullsdelahistoria.cat\/app\/uploads\/2024\/11\/Assumpcio_de_Coll_absis_DSC00425-1024x682.jpg 1024w, https:\/\/guiesullsdelahistoria.cat\/app\/uploads\/2024\/11\/Assumpcio_de_Coll_absis_DSC00425-768x511.jpg 768w, https:\/\/guiesullsdelahistoria.cat\/app\/uploads\/2024\/11\/Assumpcio_de_Coll_absis_DSC00425-1536x1022.jpg 1536w\" sizes=\"auto, (max-width: 1600px) 100vw, 1600px\" \/>\n              <figcaption class=\"pt-2 text-gray-800\">Vista posterior de la Assumpci\u00f3 de C\u00f3ll con el \u00e1bside en primer t\u00e9rmino. <\/figcaption>\n          <\/figure>\n  <\/div>\n\n\n<section class=\"element audio-block\">\n  <div class=\"flex flex-col w-full gap-6\">\n    <div class=\"flex flex-col gap-3\">\n      <div class=\"flex gap-6\">\n                          <h2 class=\"text-2xl font-bold\">Evoluci\u00f3n arquitect\u00f3nica<\/h2>\n              <\/div>\n          <\/div>\n    <div class=\"flex items-center justify-end gap-3\">\n              <div class=\"flex-1 audio-content\" dir=\"ltr\">\n          <audio id=\"audio-d4b261aa2d98e964b90d1d72295ce258\" data-label=\"Evoluci\u00f3n arquitect\u00f3nica\"\n            data-category=\"ASSUMPCIO-DE-COLL-ES-GENERAL-PLAY-1.mp3\" class=\"hidden\" controls\n            src=\"https:\/\/guiesullsdelahistoria.cat\/app\/uploads\/2024\/11\/ASSUMPCIO-DE-COLL-ES-GENERAL-PLAY-1.mp3\"><\/audio>\n          <div class=\"flex items-center w-full gap-3 transition-opacity opacity-0 meta\">\n            <progress class=\"flex-1 border-0 appearance-none\" value=\"0\" max=\"1\"><\/progress>\n            <div class=\"text-sm text-center shrink-0 current-time w-9\"><\/div>\n                      <\/div>\n        <\/div>\n            <div class=\"flex flex-col items-center gap-2 shrink-1 audio-control\">\n        <button\n  class=\"flex items-center justify-center w-32 max-w-32 h-32 max-h-32 transition-[max-height,_max-width] bg-black rounded-full btn text-accent\"\n  data-target=\"#audio-d4b261aa2d98e964b90d1d72295ce258\">\n  <svg width=\"100%\" height=\"100%\" viewBox=\"0 0 36 36\" version=\"1.1\" xmlns=\"http:\/\/www.w3.org\/2000\/svg\" xmlns:xlink=\"http:\/\/www.w3.org\/1999\/xlink\">\n  <path id=\"ytp-12\" d=\"M11,10 L18,13.74 18,22.28 11,26 M18,13.74 L26,18 26,18 18,22.28\" fill=\"currentColor\">\n    <animate id=\"animation\" begin=\"indefinite\" attributeType=\"XML\" attributeName=\"d\" fill=\"freeze\" from=\"M11,10 L17,10 17,26 11,26 M20,10 L26,10 26,26 20,26\" to=\"M11,10 L18,13.74 18,22.28 11,26 M18,13.74 L26,18 26,18 18,22.28\" dur=\"0.1s\" keySplines=\".4 0 1 1\" repeatCount=\"1\" data-play=\"M11,10 L18,13.74 18,22.28 11,26 M18,13.74 L26,18 26,18 18,22.28\" data-pause=\"M11,10 L17,10 17,26 11,26 M20,10 L26,10 26,26 20,26\"><\/animate>\n  <\/path>\n<\/svg>\n<\/button>\n        <p class=\"text-base text-center\">Escucha<\/p>\n      <\/div>\n    <\/div>\n\n    \n          <div class=\"flex flex-wrap justify-between gap-6 md:justify-start\">\n                  <button data-target=\"#transcription-d4b261aa2d98e964b90d1d72295ce258\" data-toggle=\"modal\" class=\"flex items-center gap-2\">\n            <svg class=\"w-6 h-6\" fill=\"none\" xmlns=\"http:\/\/www.w3.org\/2000\/svg\" viewBox=\"0 0 22 12\"><path d=\"M0 9.873v-6c0-.55.196-1.02.588-1.412A1.926 1.926 0 0 1 2 1.873h2c.55 0 1.02.196 1.412.588.392.391.588.862.588 1.412v6H4v-2H2v2H0Zm2-4h2v-2H2v2Zm6 4v-8h4c.55 0 1.02.196 1.412.588.392.391.588.862.588 1.412v4c0 .55-.196 1.021-.588 1.413A1.926 1.926 0 0 1 12 9.873H8Zm2-2h2v-4h-2v4Zm6.85.8-1.4-1.425c.183-.183.32-.391.413-.625.091-.233.137-.483.137-.75 0-.283-.046-.537-.137-.762a1.85 1.85 0 0 0-.413-.613l1.4-1.45c.367.367.65.792.85 1.275.2.484.3 1 .3 1.55s-.1 1.063-.3 1.538c-.2.475-.483.896-.85 1.262Zm2.825 2.825-1.45-1.375c.55-.55.983-1.187 1.3-1.912A5.775 5.775 0 0 0 20 5.873c0-.85-.158-1.633-.475-2.35a6.217 6.217 0 0 0-1.3-1.9l1.45-1.4a7.94 7.94 0 0 1 1.712 2.55c.409.967.613 2 .613 3.1s-.204 2.13-.613 3.088a7.977 7.977 0 0 1-1.712 2.537Z\" fill=\"#000\"\/><\/svg>            <span>Transcripci\u00f3n<\/span>\n          <\/button>\n                      <\/div>\n      <\/div>\n\n      <div id=\"transcription-d4b261aa2d98e964b90d1d72295ce258\"\n  class=\"fixed inset-0 z-50 hidden w-screen h-screen opacity-0 pointer-events-none modal transcription\"\n  tabindex=\"-1\" role=\"dialog\">\n  <div class=\"absolute w-full h-full bg-black opacity-75 modal-overlay\"><\/div>\n  <div\n    class=\"absolute z-30 w-11\/12 mx-auto overflow-y-auto text-black bg-white shadow-lg modal-container center-xy md:max-w-4xl\"\n    role=\"document\">\n    <div class=\"flex items-center justify-between px-4 py-4 text-gray-700 border-b md:px-8\">\n      <h2 class=\"!mb-0 font-bold\">Transcripci\u00f3n<\/h2>\n      <div class=\"z-50 flex flex-col items-center ml-auto cursor-pointer rtl:ml-0 rtl:mr-auto modal-close\">\n        <svg class=\"w-auto h-6\" width=\"18\" height=\"23\" xmlns=\"http:\/\/www.w3.org\/2000\/svg\">\n  <g stroke=\"currentColor\" fill=\"none\" fill-rule=\"evenodd\" stroke-linecap=\"square\">\n    <path d=\"M.7248.974l16.1076 20.6167M16.655 1.2654L.9097 22.1601\" \/>\n  <\/g>\n<\/svg>        <div class=\"hidden\">Close<\/div>\n      <\/div>\n    <\/div>\n    <div class=\"px-4 py-8 overflow-y-auto max-h-modal md:px-8 modal-content\">\n      <div class=\"mb-8 flex flex-col gap-1.5\">\n                      <h3 class=\"text-xl font-bold\">Evoluci\u00f3n arquitect\u00f3nica<\/h3>\n                            <\/div>\n            <p>La iglesia de la Assumpci\u00f3 de C\u00f3ll se remonta a la segunda mitad del siglo xii, pero ha evolucionado a lo largo del tiempo. Esto se puede apreciar en su campanario: la parte baja es rom\u00e1nica, mientras que los dos pisos superiores son de factura g\u00f3tica, como puede verse en la forma de las ventanas.<\/p>\n<p>El tama\u00f1o de los sillares de piedra, mucho m\u00e1s grandes y regulares que los de otras iglesias de La Vall, as\u00ed nos lo hace creer. <\/p>\n<p>Ahora, para continuar la visita, dir\u00edgete hacia la entrada de la iglesia.<\/p>\n    <\/div>\n  <\/div>\n<\/div>\n    <\/section>\n\n\n<div class=\"flex flex-col gap-3 element text-block\">\n  <div class=\"flex items-center gap-6\">\n              <h2 class=\"text-2xl font-bold\">1c Fachada<\/h2>\n      <\/div>\n    <\/div>\n\n\n<div class=\"flex flex-col gap-6 element image-block\">\n  <div class=\"flex flex-col gap-3\">\n      <\/div>\n      <figure>\n      <img loading=\"lazy\" decoding=\"async\" width=\"934\" height=\"1404\" src=\"https:\/\/guiesullsdelahistoria.cat\/app\/uploads\/2024\/11\/Assumpcio-portalada.jpg\" class=\"w-full h-auto\" alt=\"Portalada de la iglesia de la Assumpci\u00f3 de C\u00f3ll con columnas rematadas con arcos y el crism\u00f3n encima.\" srcset=\"https:\/\/guiesullsdelahistoria.cat\/app\/uploads\/2024\/11\/Assumpcio-portalada.jpg 934w, https:\/\/guiesullsdelahistoria.cat\/app\/uploads\/2024\/11\/Assumpcio-portalada-200x300.jpg 200w, https:\/\/guiesullsdelahistoria.cat\/app\/uploads\/2024\/11\/Assumpcio-portalada-681x1024.jpg 681w, https:\/\/guiesullsdelahistoria.cat\/app\/uploads\/2024\/11\/Assumpcio-portalada-768x1154.jpg 768w\" sizes=\"auto, (max-width: 934px) 100vw, 934px\" \/>\n              <figcaption class=\"pt-2 text-gray-800\">Portalada de la Assumpci\u00f3 de C\u00f3ll.<\/figcaption>\n          <\/figure>\n  <\/div>\n\n\n<section class=\"element audio-block\">\n  <div class=\"flex flex-col w-full gap-6\">\n    <div class=\"flex flex-col gap-3\">\n      <div class=\"flex gap-6\">\n                          <h2 class=\"text-2xl font-bold\">Elementos decorativos de la portada<\/h2>\n              <\/div>\n          <\/div>\n    <div class=\"flex items-center justify-end gap-3\">\n              <div class=\"flex-1 audio-content\" dir=\"ltr\">\n          <audio id=\"audio-0b32f46993e55058b2e7f4b693834034\" data-label=\"Elementos decorativos de la portada\"\n            data-category=\"ASSUMPCIO-DE-COLL-ES-GENERAL-PLAY-2.mp3\" class=\"hidden\" controls\n            src=\"https:\/\/guiesullsdelahistoria.cat\/app\/uploads\/2024\/11\/ASSUMPCIO-DE-COLL-ES-GENERAL-PLAY-2.mp3\"><\/audio>\n          <div class=\"flex items-center w-full gap-3 transition-opacity opacity-0 meta\">\n            <progress class=\"flex-1 border-0 appearance-none\" value=\"0\" max=\"1\"><\/progress>\n            <div class=\"text-sm text-center shrink-0 current-time w-9\"><\/div>\n                      <\/div>\n        <\/div>\n            <div class=\"flex flex-col items-center gap-2 shrink-1 audio-control\">\n        <button\n  class=\"flex items-center justify-center w-32 max-w-32 h-32 max-h-32 transition-[max-height,_max-width] bg-black rounded-full btn text-accent\"\n  data-target=\"#audio-0b32f46993e55058b2e7f4b693834034\">\n  <svg width=\"100%\" height=\"100%\" viewBox=\"0 0 36 36\" version=\"1.1\" xmlns=\"http:\/\/www.w3.org\/2000\/svg\" xmlns:xlink=\"http:\/\/www.w3.org\/1999\/xlink\">\n  <path id=\"ytp-12\" d=\"M11,10 L18,13.74 18,22.28 11,26 M18,13.74 L26,18 26,18 18,22.28\" fill=\"currentColor\">\n    <animate id=\"animation\" begin=\"indefinite\" attributeType=\"XML\" attributeName=\"d\" fill=\"freeze\" from=\"M11,10 L17,10 17,26 11,26 M20,10 L26,10 26,26 20,26\" to=\"M11,10 L18,13.74 18,22.28 11,26 M18,13.74 L26,18 26,18 18,22.28\" dur=\"0.1s\" keySplines=\".4 0 1 1\" repeatCount=\"1\" data-play=\"M11,10 L18,13.74 18,22.28 11,26 M18,13.74 L26,18 26,18 18,22.28\" data-pause=\"M11,10 L17,10 17,26 11,26 M20,10 L26,10 26,26 20,26\"><\/animate>\n  <\/path>\n<\/svg>\n<\/button>\n        <p class=\"text-base text-center\">Escucha<\/p>\n      <\/div>\n    <\/div>\n\n    \n          <div class=\"flex flex-wrap justify-between gap-6 md:justify-start\">\n                  <button data-target=\"#transcription-0b32f46993e55058b2e7f4b693834034\" data-toggle=\"modal\" class=\"flex items-center gap-2\">\n            <svg class=\"w-6 h-6\" fill=\"none\" xmlns=\"http:\/\/www.w3.org\/2000\/svg\" viewBox=\"0 0 22 12\"><path d=\"M0 9.873v-6c0-.55.196-1.02.588-1.412A1.926 1.926 0 0 1 2 1.873h2c.55 0 1.02.196 1.412.588.392.391.588.862.588 1.412v6H4v-2H2v2H0Zm2-4h2v-2H2v2Zm6 4v-8h4c.55 0 1.02.196 1.412.588.392.391.588.862.588 1.412v4c0 .55-.196 1.021-.588 1.413A1.926 1.926 0 0 1 12 9.873H8Zm2-2h2v-4h-2v4Zm6.85.8-1.4-1.425c.183-.183.32-.391.413-.625.091-.233.137-.483.137-.75 0-.283-.046-.537-.137-.762a1.85 1.85 0 0 0-.413-.613l1.4-1.45c.367.367.65.792.85 1.275.2.484.3 1 .3 1.55s-.1 1.063-.3 1.538c-.2.475-.483.896-.85 1.262Zm2.825 2.825-1.45-1.375c.55-.55.983-1.187 1.3-1.912A5.775 5.775 0 0 0 20 5.873c0-.85-.158-1.633-.475-2.35a6.217 6.217 0 0 0-1.3-1.9l1.45-1.4a7.94 7.94 0 0 1 1.712 2.55c.409.967.613 2 .613 3.1s-.204 2.13-.613 3.088a7.977 7.977 0 0 1-1.712 2.537Z\" fill=\"#000\"\/><\/svg>            <span>Transcripci\u00f3n<\/span>\n          <\/button>\n                      <\/div>\n      <\/div>\n\n      <div id=\"transcription-0b32f46993e55058b2e7f4b693834034\"\n  class=\"fixed inset-0 z-50 hidden w-screen h-screen opacity-0 pointer-events-none modal transcription\"\n  tabindex=\"-1\" role=\"dialog\">\n  <div class=\"absolute w-full h-full bg-black opacity-75 modal-overlay\"><\/div>\n  <div\n    class=\"absolute z-30 w-11\/12 mx-auto overflow-y-auto text-black bg-white shadow-lg modal-container center-xy md:max-w-4xl\"\n    role=\"document\">\n    <div class=\"flex items-center justify-between px-4 py-4 text-gray-700 border-b md:px-8\">\n      <h2 class=\"!mb-0 font-bold\">Transcripci\u00f3n<\/h2>\n      <div class=\"z-50 flex flex-col items-center ml-auto cursor-pointer rtl:ml-0 rtl:mr-auto modal-close\">\n        <svg class=\"w-auto h-6\" width=\"18\" height=\"23\" xmlns=\"http:\/\/www.w3.org\/2000\/svg\">\n  <g stroke=\"currentColor\" fill=\"none\" fill-rule=\"evenodd\" stroke-linecap=\"square\">\n    <path d=\"M.7248.974l16.1076 20.6167M16.655 1.2654L.9097 22.1601\" \/>\n  <\/g>\n<\/svg>        <div class=\"hidden\">Close<\/div>\n      <\/div>\n    <\/div>\n    <div class=\"px-4 py-8 overflow-y-auto max-h-modal md:px-8 modal-content\">\n      <div class=\"mb-8 flex flex-col gap-1.5\">\n                      <h3 class=\"text-xl font-bold\">Elementos decorativos de la portada<\/h3>\n                            <\/div>\n            <p>Aqu\u00ed, en la fachada, est\u00e1 la parte m\u00e1s interesante de la Assumpci\u00f3 de C\u00f3ll: los elementos decorativos de la portada. La puerta de acceso al templo est\u00e1 rodeada por una cenefa ajedrezada y coronada con un crism\u00f3n, s\u00edmbolo de Cristo con sus iniciales en griego. Si te fijas, en los dos \u00e1ngulos superiores del crism\u00f3n, hay dos pavos reales, que simbolizan la resurrecci\u00f3n de Cristo. En los inferiores hay dos figuras humanas, una de las cuales hace sonar un cuerno que anuncia el apocalipsis.<br \/>\nEn la portada tambi\u00e9n destacan los capiteles esculpidos de las columnas. Los capiteles exteriores est\u00e1n decorados con motivos vegetales, y los interiores combinan representaciones humanas y animales. Escenifican la lucha entre el hombre y la fiera, como representaci\u00f3n de la lucha entre el bien y el mal.<br \/>\nTambi\u00e9n es interesante el cerrojo de forja medieval, uno de los mejor decorados de La Vall, junto con el de Santa Maria de Cardet y el de la Nativitat de Durro. Observa que el pasador est\u00e1 rematado con una cabeza de animal. Y en la plancha de hierro se puede ver una campana grabada.<br \/>\nAhora, para continuar la visita, debes acceder al interior. Esta iglesia, sin embargo, no est\u00e1 abierta todo el a\u00f1o; si te la has encontrado cerrada, puedes ver su interior a partir del recurso virtual que tienes en la gu\u00eda.<\/p>\n    <\/div>\n  <\/div>\n<\/div>\n    <\/section>\n\n\n<div class=\"flex flex-col gap-3 element interactive-block\">\n  <div class=\"flex items-center gap-6\">\n              <h2 class=\"text-2xl font-bold\">Recurso virtual: 3D La Assumpci\u00f3 de C\u00f3ll<\/h2>\n      <\/div>\n          <div class=\"flex justify-end w-full\">\n      <div class=\"flex flex-col items-center gap-2 shrink-1\">\n        <button data-target=\"#embed-69f5c68feba9e\" data-toggle=\"modal\"\n          class=\"flex items-center justify-center w-32 h-32 bg-black rounded-full text-accent\">\n          <svg class=\"w-16 h-auto\" width=\"60\" height=\"61\" viewBox=\"0 0 60 61\" fill=\"none\" xmlns=\"http:\/\/www.w3.org\/2000\/svg\">\n  <path\n    d=\"M27 53.298L12 44.673C11.05 44.1231 10.3125 43.398 9.7875 42.498C9.2625 41.598 9 40.598 9 39.498V22.248C9 21.148 9.2625 20.148 9.7875 19.248C10.3125 18.348 11.05 17.623 12 17.073L27 8.44805C27.95 7.89805 28.95 7.62305 30 7.62305C31.05 7.62305 32.05 7.89805 33 8.44805L48 17.073C48.95 17.623 49.6875 18.348 50.2125 19.248C50.7375 20.148 51 21.148 51 22.248V39.498C51 40.598 50.7375 41.598 50.2125 42.498C49.6875 43.398 48.95 44.1231 48 44.673L33 53.298C32.05 53.848 31.05 54.123 30 54.123C28.95 54.123 27.95 53.848 27 53.298ZM27 46.398V32.598L15 25.623V39.498L27 46.398ZM33 46.398L45 39.498V25.623L33 32.598V46.398ZM0 15.873V6.87305C0 5.22305 0.5875 3.81055 1.7625 2.63555C2.9375 1.46055 4.35 0.873047 6 0.873047H15V6.87305H6V15.873H0ZM15 60.873H6C4.35 60.873 2.9375 60.2855 1.7625 59.1105C0.5875 57.9355 0 56.523 0 54.873V45.8731H6V54.873H15V60.873ZM45 60.873V54.873H54V45.8731H60V54.873C60 56.523 59.4125 57.9355 58.2375 59.1105C57.0625 60.2855 55.65 60.873 54 60.873H45ZM54 15.873V6.87305H45V0.873047H54C55.65 0.873047 57.0625 1.46055 58.2375 2.63555C59.4125 3.81055 60 5.22305 60 6.87305V15.873H54ZM30 27.423L41.85 20.448L30 13.623L18.15 20.448L30 27.423Z\"\n    fill=\"currentColor\" \/>\n<\/svg>\n        <\/button>\n                  <p class=\"text-base text-center\">Mira<\/p>\n              <\/div>\n    <\/div>\n    <div id=\"embed-69f5c68feba9e\"\n  class=\"fixed inset-0 z-50 hidden w-screen h-screen opacity-0 pointer-events-none modal embed-container\"\n  tabindex=\"-1\" role=\"dialog\">\n  <div class=\"absolute w-full h-full bg-black opacity-75 modal-overlay\"><\/div>\n  <div\n    class=\"absolute z-30 w-11\/12 mx-auto overflow-y-auto text-black bg-white shadow-lg modal-container center-xy md:max-w-4xl\"\n    role=\"document\">\n    <div class=\"flex items-center justify-between px-4 py-4 text-gray-700 border-b md:px-8\">\n      <h2 class=\"!mb-0 font-bold\">Mira<\/h2>\n      <div class=\"z-50 flex flex-col items-center ml-auto cursor-pointer rtl:ml-0 rtl:mr-auto modal-close\">\n        <svg class=\"w-auto h-6\" width=\"18\" height=\"23\" xmlns=\"http:\/\/www.w3.org\/2000\/svg\">\n  <g stroke=\"currentColor\" fill=\"none\" fill-rule=\"evenodd\" stroke-linecap=\"square\">\n    <path d=\"M.7248.974l16.1076 20.6167M16.655 1.2654L.9097 22.1601\" \/>\n  <\/g>\n<\/svg>        <div class=\"hidden\">Close<\/div>\n      <\/div>\n    <\/div>\n    <div class=\"px-4 py-8 overflow-y-auto max-h-modal md:px-8 modal-content\">\n      <div class=\"sketchfab-embed-wrapper\"> <iframe title=\"L'Assumpci\u00f3 de C\u00f3ll. Vall de Bo\u00ed\" frameborder=\"0\" allowfullscreen mozallowfullscreen=\"true\" webkitallowfullscreen=\"true\" allow=\"autoplay; fullscreen; xr-spatial-tracking\" xr-spatial-tracking execution-while-out-of-viewport execution-while-not-rendered web-share src=\"https:\/\/sketchfab.com\/models\/dba994e7ccf2443c9e2eddb66dbbc28c\/embed?ui_infos=0\"> <\/iframe> <\/div>\n    <\/div>\n  <\/div>\n<\/div>\n  <\/div>\n\n\n<div class=\"flex flex-col gap-3 element text-block\">\n  <div class=\"flex items-center gap-6\">\n              <h2 class=\"text-2xl font-bold\">1d Primera hilera de bancos<\/h2>\n      <\/div>\n    <\/div>\n\n\n<div class=\"flex flex-col gap-6 element image-block\">\n  <div class=\"flex flex-col gap-3\">\n      <\/div>\n      <figure>\n      <img loading=\"lazy\" decoding=\"async\" width=\"1444\" height=\"960\" src=\"https:\/\/guiesullsdelahistoria.cat\/app\/uploads\/2024\/11\/Assumpcio-general-interior.jpg\" class=\"w-full h-auto\" alt=\"Vista del interior de la iglesia de la Assumpci\u00f3 de C\u00f3ll, con las paredes encaladas y el \u00e1bside semicircular y el altar al fondo.\" srcset=\"https:\/\/guiesullsdelahistoria.cat\/app\/uploads\/2024\/11\/Assumpcio-general-interior.jpg 1444w, https:\/\/guiesullsdelahistoria.cat\/app\/uploads\/2024\/11\/Assumpcio-general-interior-300x199.jpg 300w, https:\/\/guiesullsdelahistoria.cat\/app\/uploads\/2024\/11\/Assumpcio-general-interior-1024x681.jpg 1024w, https:\/\/guiesullsdelahistoria.cat\/app\/uploads\/2024\/11\/Assumpcio-general-interior-768x511.jpg 768w\" sizes=\"auto, (max-width: 1444px) 100vw, 1444px\" \/>\n              <figcaption class=\"pt-2 text-gray-800\">Vista general del interior de la Assumpci\u00f3 de C\u00f3ll.<\/figcaption>\n          <\/figure>\n  <\/div>\n\n\n<section class=\"element audio-block\">\n  <div class=\"flex flex-col w-full gap-6\">\n    <div class=\"flex flex-col gap-3\">\n      <div class=\"flex gap-6\">\n                          <h2 class=\"text-2xl font-bold\">Elementos arquitect\u00f3nicos<\/h2>\n              <\/div>\n          <\/div>\n    <div class=\"flex items-center justify-end gap-3\">\n              <div class=\"flex-1 audio-content\" dir=\"ltr\">\n          <audio id=\"audio-ac643679d10ddf2fb68ea93b7cbd5e49\" data-label=\"Elementos arquitect\u00f3nicos\"\n            data-category=\"ASSUMPCIO-DE-COLL-ES-GENERAL-PLAY-3.mp3\" class=\"hidden\" controls\n            src=\"https:\/\/guiesullsdelahistoria.cat\/app\/uploads\/2024\/11\/ASSUMPCIO-DE-COLL-ES-GENERAL-PLAY-3.mp3\"><\/audio>\n          <div class=\"flex items-center w-full gap-3 transition-opacity opacity-0 meta\">\n            <progress class=\"flex-1 border-0 appearance-none\" value=\"0\" max=\"1\"><\/progress>\n            <div class=\"text-sm text-center shrink-0 current-time w-9\"><\/div>\n                      <\/div>\n        <\/div>\n            <div class=\"flex flex-col items-center gap-2 shrink-1 audio-control\">\n        <button\n  class=\"flex items-center justify-center w-32 max-w-32 h-32 max-h-32 transition-[max-height,_max-width] bg-black rounded-full btn text-accent\"\n  data-target=\"#audio-ac643679d10ddf2fb68ea93b7cbd5e49\">\n  <svg width=\"100%\" height=\"100%\" viewBox=\"0 0 36 36\" version=\"1.1\" xmlns=\"http:\/\/www.w3.org\/2000\/svg\" xmlns:xlink=\"http:\/\/www.w3.org\/1999\/xlink\">\n  <path id=\"ytp-12\" d=\"M11,10 L18,13.74 18,22.28 11,26 M18,13.74 L26,18 26,18 18,22.28\" fill=\"currentColor\">\n    <animate id=\"animation\" begin=\"indefinite\" attributeType=\"XML\" attributeName=\"d\" fill=\"freeze\" from=\"M11,10 L17,10 17,26 11,26 M20,10 L26,10 26,26 20,26\" to=\"M11,10 L18,13.74 18,22.28 11,26 M18,13.74 L26,18 26,18 18,22.28\" dur=\"0.1s\" keySplines=\".4 0 1 1\" repeatCount=\"1\" data-play=\"M11,10 L18,13.74 18,22.28 11,26 M18,13.74 L26,18 26,18 18,22.28\" data-pause=\"M11,10 L17,10 17,26 11,26 M20,10 L26,10 26,26 20,26\"><\/animate>\n  <\/path>\n<\/svg>\n<\/button>\n        <p class=\"text-base text-center\">Escucha<\/p>\n      <\/div>\n    <\/div>\n\n    \n          <div class=\"flex flex-wrap justify-between gap-6 md:justify-start\">\n                  <button data-target=\"#transcription-ac643679d10ddf2fb68ea93b7cbd5e49\" data-toggle=\"modal\" class=\"flex items-center gap-2\">\n            <svg class=\"w-6 h-6\" fill=\"none\" xmlns=\"http:\/\/www.w3.org\/2000\/svg\" viewBox=\"0 0 22 12\"><path d=\"M0 9.873v-6c0-.55.196-1.02.588-1.412A1.926 1.926 0 0 1 2 1.873h2c.55 0 1.02.196 1.412.588.392.391.588.862.588 1.412v6H4v-2H2v2H0Zm2-4h2v-2H2v2Zm6 4v-8h4c.55 0 1.02.196 1.412.588.392.391.588.862.588 1.412v4c0 .55-.196 1.021-.588 1.413A1.926 1.926 0 0 1 12 9.873H8Zm2-2h2v-4h-2v4Zm6.85.8-1.4-1.425c.183-.183.32-.391.413-.625.091-.233.137-.483.137-.75 0-.283-.046-.537-.137-.762a1.85 1.85 0 0 0-.413-.613l1.4-1.45c.367.367.65.792.85 1.275.2.484.3 1 .3 1.55s-.1 1.063-.3 1.538c-.2.475-.483.896-.85 1.262Zm2.825 2.825-1.45-1.375c.55-.55.983-1.187 1.3-1.912A5.775 5.775 0 0 0 20 5.873c0-.85-.158-1.633-.475-2.35a6.217 6.217 0 0 0-1.3-1.9l1.45-1.4a7.94 7.94 0 0 1 1.712 2.55c.409.967.613 2 .613 3.1s-.204 2.13-.613 3.088a7.977 7.977 0 0 1-1.712 2.537Z\" fill=\"#000\"\/><\/svg>            <span>Transcripci\u00f3n<\/span>\n          <\/button>\n                      <\/div>\n      <\/div>\n\n      <div id=\"transcription-ac643679d10ddf2fb68ea93b7cbd5e49\"\n  class=\"fixed inset-0 z-50 hidden w-screen h-screen opacity-0 pointer-events-none modal transcription\"\n  tabindex=\"-1\" role=\"dialog\">\n  <div class=\"absolute w-full h-full bg-black opacity-75 modal-overlay\"><\/div>\n  <div\n    class=\"absolute z-30 w-11\/12 mx-auto overflow-y-auto text-black bg-white shadow-lg modal-container center-xy md:max-w-4xl\"\n    role=\"document\">\n    <div class=\"flex items-center justify-between px-4 py-4 text-gray-700 border-b md:px-8\">\n      <h2 class=\"!mb-0 font-bold\">Transcripci\u00f3n<\/h2>\n      <div class=\"z-50 flex flex-col items-center ml-auto cursor-pointer rtl:ml-0 rtl:mr-auto modal-close\">\n        <svg class=\"w-auto h-6\" width=\"18\" height=\"23\" xmlns=\"http:\/\/www.w3.org\/2000\/svg\">\n  <g stroke=\"currentColor\" fill=\"none\" fill-rule=\"evenodd\" stroke-linecap=\"square\">\n    <path d=\"M.7248.974l16.1076 20.6167M16.655 1.2654L.9097 22.1601\" \/>\n  <\/g>\n<\/svg>        <div class=\"hidden\">Close<\/div>\n      <\/div>\n    <\/div>\n    <div class=\"px-4 py-8 overflow-y-auto max-h-modal md:px-8 modal-content\">\n      <div class=\"mb-8 flex flex-col gap-1.5\">\n                      <h3 class=\"text-xl font-bold\">Elementos arquitect\u00f3nicos<\/h3>\n                            <\/div>\n            <p>Sit\u00faate frente a la primera hilera de bancos. Desde aqu\u00ed, podr\u00e1s observar los distintos elementos arquitect\u00f3nicos que forman la iglesia de la Assumpci\u00f3 de C\u00f3ll.<br \/>\nComo ves, es una iglesia de una sola nave, cubierta con b\u00f3veda de ca\u00f1\u00f3n y con un \u00e1bside semicircular en la cabecera. El campanario, de planta cuadrada y tres niveles de altura, se sit\u00faa en el lado derecho.<br \/>\nA la construcci\u00f3n inicial se le a\u00f1adieron dos capillas laterales, la de la izquierda mirando al altar, cubierta con b\u00f3veda de ca\u00f1\u00f3n, y la de la derecha, de factura g\u00f3tica.<br \/>\nLa iluminaci\u00f3n original de la nave se hac\u00eda a trav\u00e9s de dos ojos de buey enfrentados, uno en cada extremo del edificio, y dos ventanas, que permit\u00edan la entrada de la luz del sol. Uno de los ojos de buey est\u00e1 bastante por encima de la puerta de acceso al templo; por aqu\u00ed es por donde entra la luz de la tarde. El otro est\u00e1 en el muro este, por encima de la cubierta del \u00e1bside; por aqu\u00ed entra la luz de la ma\u00f1ana. Tambi\u00e9n en este muro, algo m\u00e1s abajo, hay una ventana alargada; esta es la entrada de luz m\u00e1s simb\u00f3lica, la del sol naciente, entendida como luz divina. La otra ventana est\u00e1 en el muro sur y entra la luz de mediod\u00eda.<\/p>\n<p><em>Sonido de interferencias<\/em>.<br \/>\n<strong>Cura, hombre mayor<\/strong>: Est\u00e1 anocheciendo. Ya puedes encender las l\u00e1mparas.<br \/>\n<strong>Chico joven<\/strong>: Padre, est\u00e1n vac\u00edas. Y en la pila no queda mucho aceite; quiz\u00e1, para uno o dos d\u00edas m\u00e1s.<br \/>\n<strong>Cura, hombre mayor<\/strong>: \u00a1Ve y ll\u00e9nalas! Y despu\u00e9s las pones en su sitio con la escalera. Yo ya estoy mayor como para subirme.<br \/>\n<strong>Chico joven<\/strong>: \u00a1Enseguida, padre!<br \/>\n<strong>Cura, hombre mayor (para s\u00ed mismo)<\/strong>: Falta aceite. Este a\u00f1o las cosechas no han sido buenas. Y los feligreses han dado menos que en otras ocasiones. Tendr\u00e9 que pedirles que hagan un esfuerzo; la iglesia no se puede quedar a oscuras.<br \/>\n<em>Sonido de interferencias.<\/em><\/p>\n<p>Ahora ve hacia la entrada, donde est\u00e1n las tres pilas de piedra.<\/p>\n    <\/div>\n  <\/div>\n<\/div>\n    <\/section>\n\n\n<div class=\"flex flex-col gap-3 element text-block\">\n  <div class=\"flex items-center gap-6\">\n              <h2 class=\"text-2xl font-bold\">1e Entrada<\/h2>\n      <\/div>\n    <\/div>\n\n\n<div class=\"flex flex-col gap-6 element image-block\">\n  <div class=\"flex flex-col gap-3\">\n      <\/div>\n      <figure>\n      <img loading=\"lazy\" decoding=\"async\" width=\"667\" height=\"1001\" src=\"https:\/\/guiesullsdelahistoria.cat\/app\/uploads\/2024\/11\/Assumpcio_Coll_pica_1.jpg\" class=\"w-full h-auto\" alt=\"Pila rom\u00e1nica de piedra en un rinc\u00f3n, cerca de la entrada de la iglesia.\" srcset=\"https:\/\/guiesullsdelahistoria.cat\/app\/uploads\/2024\/11\/Assumpcio_Coll_pica_1.jpg 667w, https:\/\/guiesullsdelahistoria.cat\/app\/uploads\/2024\/11\/Assumpcio_Coll_pica_1-200x300.jpg 200w\" sizes=\"auto, (max-width: 667px) 100vw, 667px\" \/>\n              <figcaption class=\"pt-2 text-gray-800\">Pila rom\u00e1nica.<\/figcaption>\n          <\/figure>\n  <\/div>\n\n\n<section class=\"element audio-block\">\n  <div class=\"flex flex-col w-full gap-6\">\n    <div class=\"flex flex-col gap-3\">\n      <div class=\"flex gap-6\">\n                          <h2 class=\"text-2xl font-bold\">Las pilas rom\u00e1nicas<\/h2>\n              <\/div>\n          <\/div>\n    <div class=\"flex items-center justify-end gap-3\">\n              <div class=\"flex-1 audio-content\" dir=\"ltr\">\n          <audio id=\"audio-bfae17c7d78f87fb12bce2d15dd2c15d\" data-label=\"Las pilas rom\u00e1nicas\"\n            data-category=\"ASSUMPCIO-DE-COLL-ES-GENERAL-PLAY-4.mp3\" class=\"hidden\" controls\n            src=\"https:\/\/guiesullsdelahistoria.cat\/app\/uploads\/2024\/11\/ASSUMPCIO-DE-COLL-ES-GENERAL-PLAY-4.mp3\"><\/audio>\n          <div class=\"flex items-center w-full gap-3 transition-opacity opacity-0 meta\">\n            <progress class=\"flex-1 border-0 appearance-none\" value=\"0\" max=\"1\"><\/progress>\n            <div class=\"text-sm text-center shrink-0 current-time w-9\"><\/div>\n                      <\/div>\n        <\/div>\n            <div class=\"flex flex-col items-center gap-2 shrink-1 audio-control\">\n        <button\n  class=\"flex items-center justify-center w-32 max-w-32 h-32 max-h-32 transition-[max-height,_max-width] bg-black rounded-full btn text-accent\"\n  data-target=\"#audio-bfae17c7d78f87fb12bce2d15dd2c15d\">\n  <svg width=\"100%\" height=\"100%\" viewBox=\"0 0 36 36\" version=\"1.1\" xmlns=\"http:\/\/www.w3.org\/2000\/svg\" xmlns:xlink=\"http:\/\/www.w3.org\/1999\/xlink\">\n  <path id=\"ytp-12\" d=\"M11,10 L18,13.74 18,22.28 11,26 M18,13.74 L26,18 26,18 18,22.28\" fill=\"currentColor\">\n    <animate id=\"animation\" begin=\"indefinite\" attributeType=\"XML\" attributeName=\"d\" fill=\"freeze\" from=\"M11,10 L17,10 17,26 11,26 M20,10 L26,10 26,26 20,26\" to=\"M11,10 L18,13.74 18,22.28 11,26 M18,13.74 L26,18 26,18 18,22.28\" dur=\"0.1s\" keySplines=\".4 0 1 1\" repeatCount=\"1\" data-play=\"M11,10 L18,13.74 18,22.28 11,26 M18,13.74 L26,18 26,18 18,22.28\" data-pause=\"M11,10 L17,10 17,26 11,26 M20,10 L26,10 26,26 20,26\"><\/animate>\n  <\/path>\n<\/svg>\n<\/button>\n        <p class=\"text-base text-center\">Escucha<\/p>\n      <\/div>\n    <\/div>\n\n    \n          <div class=\"flex flex-wrap justify-between gap-6 md:justify-start\">\n                  <button data-target=\"#transcription-bfae17c7d78f87fb12bce2d15dd2c15d\" data-toggle=\"modal\" class=\"flex items-center gap-2\">\n            <svg class=\"w-6 h-6\" fill=\"none\" xmlns=\"http:\/\/www.w3.org\/2000\/svg\" viewBox=\"0 0 22 12\"><path d=\"M0 9.873v-6c0-.55.196-1.02.588-1.412A1.926 1.926 0 0 1 2 1.873h2c.55 0 1.02.196 1.412.588.392.391.588.862.588 1.412v6H4v-2H2v2H0Zm2-4h2v-2H2v2Zm6 4v-8h4c.55 0 1.02.196 1.412.588.392.391.588.862.588 1.412v4c0 .55-.196 1.021-.588 1.413A1.926 1.926 0 0 1 12 9.873H8Zm2-2h2v-4h-2v4Zm6.85.8-1.4-1.425c.183-.183.32-.391.413-.625.091-.233.137-.483.137-.75 0-.283-.046-.537-.137-.762a1.85 1.85 0 0 0-.413-.613l1.4-1.45c.367.367.65.792.85 1.275.2.484.3 1 .3 1.55s-.1 1.063-.3 1.538c-.2.475-.483.896-.85 1.262Zm2.825 2.825-1.45-1.375c.55-.55.983-1.187 1.3-1.912A5.775 5.775 0 0 0 20 5.873c0-.85-.158-1.633-.475-2.35a6.217 6.217 0 0 0-1.3-1.9l1.45-1.4a7.94 7.94 0 0 1 1.712 2.55c.409.967.613 2 .613 3.1s-.204 2.13-.613 3.088a7.977 7.977 0 0 1-1.712 2.537Z\" fill=\"#000\"\/><\/svg>            <span>Transcripci\u00f3n<\/span>\n          <\/button>\n                      <\/div>\n      <\/div>\n\n      <div id=\"transcription-bfae17c7d78f87fb12bce2d15dd2c15d\"\n  class=\"fixed inset-0 z-50 hidden w-screen h-screen opacity-0 pointer-events-none modal transcription\"\n  tabindex=\"-1\" role=\"dialog\">\n  <div class=\"absolute w-full h-full bg-black opacity-75 modal-overlay\"><\/div>\n  <div\n    class=\"absolute z-30 w-11\/12 mx-auto overflow-y-auto text-black bg-white shadow-lg modal-container center-xy md:max-w-4xl\"\n    role=\"document\">\n    <div class=\"flex items-center justify-between px-4 py-4 text-gray-700 border-b md:px-8\">\n      <h2 class=\"!mb-0 font-bold\">Transcripci\u00f3n<\/h2>\n      <div class=\"z-50 flex flex-col items-center ml-auto cursor-pointer rtl:ml-0 rtl:mr-auto modal-close\">\n        <svg class=\"w-auto h-6\" width=\"18\" height=\"23\" xmlns=\"http:\/\/www.w3.org\/2000\/svg\">\n  <g stroke=\"currentColor\" fill=\"none\" fill-rule=\"evenodd\" stroke-linecap=\"square\">\n    <path d=\"M.7248.974l16.1076 20.6167M16.655 1.2654L.9097 22.1601\" \/>\n  <\/g>\n<\/svg>        <div class=\"hidden\">Close<\/div>\n      <\/div>\n    <\/div>\n    <div class=\"px-4 py-8 overflow-y-auto max-h-modal md:px-8 modal-content\">\n      <div class=\"mb-8 flex flex-col gap-1.5\">\n                      <h3 class=\"text-xl font-bold\">Las pilas rom\u00e1nicas<\/h3>\n                            <\/div>\n            <p>En la iglesia de la Assumpci\u00f3 de C\u00f3ll todav\u00eda se conservan las tres pilas, probablemente rom\u00e1nicas: la pila bautismal, la pila del agua bendita y la pila del aceite, combustible de las l\u00e1mparas que iluminaban la iglesia, la m\u00e1s grande de todas.<br \/>\nPara continuar la visita, sube al coro por la escalera del lado de la puerta. <\/p>\n    <\/div>\n  <\/div>\n<\/div>\n    <\/section>\n\n\n<div class=\"flex flex-col gap-3 element text-block\">\n  <div class=\"flex items-center gap-6\">\n              <h2 class=\"text-2xl font-bold\">1f El coro<\/h2>\n      <\/div>\n    <\/div>\n\n\n<div class=\"flex flex-col gap-6 element image-block\">\n  <div class=\"flex flex-col gap-3\">\n      <\/div>\n      <figure>\n      <img loading=\"lazy\" decoding=\"async\" width=\"474\" height=\"315\" src=\"https:\/\/guiesullsdelahistoria.cat\/app\/uploads\/2024\/11\/Assumpcio_Coll_cor.jpg\" class=\"w-full h-auto\" alt=\"El coro de la iglesia situado en la base de la nave, con la pared encalada y la barandilla de madera decorada con motivos geom\u00e9tricos propios del estilo g\u00f3tico.\" srcset=\"https:\/\/guiesullsdelahistoria.cat\/app\/uploads\/2024\/11\/Assumpcio_Coll_cor.jpg 474w, https:\/\/guiesullsdelahistoria.cat\/app\/uploads\/2024\/11\/Assumpcio_Coll_cor-300x199.jpg 300w\" sizes=\"auto, (max-width: 474px) 100vw, 474px\" \/>\n              <figcaption class=\"pt-2 text-gray-800\">Coro con barandilla de tracer\u00eda g\u00f3tica.<\/figcaption>\n          <\/figure>\n  <\/div>\n\n\n<section class=\"element audio-block\">\n  <div class=\"flex flex-col w-full gap-6\">\n    <div class=\"flex flex-col gap-3\">\n      <div class=\"flex gap-6\">\n                          <h2 class=\"text-2xl font-bold\">El coro y la barandilla de tracer\u00eda g\u00f3tica<\/h2>\n              <\/div>\n          <\/div>\n    <div class=\"flex items-center justify-end gap-3\">\n              <div class=\"flex-1 audio-content\" dir=\"ltr\">\n          <audio id=\"audio-61d18ceb422c87330240ef5440658a9c\" data-label=\"El coro y la barandilla de tracer\u00eda g\u00f3tica\"\n            data-category=\"ASSUMPCIO-DE-COLL-ES-GENERAL-PLAY-5.mp3\" class=\"hidden\" controls\n            src=\"https:\/\/guiesullsdelahistoria.cat\/app\/uploads\/2024\/11\/ASSUMPCIO-DE-COLL-ES-GENERAL-PLAY-5.mp3\"><\/audio>\n          <div class=\"flex items-center w-full gap-3 transition-opacity opacity-0 meta\">\n            <progress class=\"flex-1 border-0 appearance-none\" value=\"0\" max=\"1\"><\/progress>\n            <div class=\"text-sm text-center shrink-0 current-time w-9\"><\/div>\n                      <\/div>\n        <\/div>\n            <div class=\"flex flex-col items-center gap-2 shrink-1 audio-control\">\n        <button\n  class=\"flex items-center justify-center w-32 max-w-32 h-32 max-h-32 transition-[max-height,_max-width] bg-black rounded-full btn text-accent\"\n  data-target=\"#audio-61d18ceb422c87330240ef5440658a9c\">\n  <svg width=\"100%\" height=\"100%\" viewBox=\"0 0 36 36\" version=\"1.1\" xmlns=\"http:\/\/www.w3.org\/2000\/svg\" xmlns:xlink=\"http:\/\/www.w3.org\/1999\/xlink\">\n  <path id=\"ytp-12\" d=\"M11,10 L18,13.74 18,22.28 11,26 M18,13.74 L26,18 26,18 18,22.28\" fill=\"currentColor\">\n    <animate id=\"animation\" begin=\"indefinite\" attributeType=\"XML\" attributeName=\"d\" fill=\"freeze\" from=\"M11,10 L17,10 17,26 11,26 M20,10 L26,10 26,26 20,26\" to=\"M11,10 L18,13.74 18,22.28 11,26 M18,13.74 L26,18 26,18 18,22.28\" dur=\"0.1s\" keySplines=\".4 0 1 1\" repeatCount=\"1\" data-play=\"M11,10 L18,13.74 18,22.28 11,26 M18,13.74 L26,18 26,18 18,22.28\" data-pause=\"M11,10 L17,10 17,26 11,26 M20,10 L26,10 26,26 20,26\"><\/animate>\n  <\/path>\n<\/svg>\n<\/button>\n        <p class=\"text-base text-center\">Escucha<\/p>\n      <\/div>\n    <\/div>\n\n    \n          <div class=\"flex flex-wrap justify-between gap-6 md:justify-start\">\n                  <button data-target=\"#transcription-61d18ceb422c87330240ef5440658a9c\" data-toggle=\"modal\" class=\"flex items-center gap-2\">\n            <svg class=\"w-6 h-6\" fill=\"none\" xmlns=\"http:\/\/www.w3.org\/2000\/svg\" viewBox=\"0 0 22 12\"><path d=\"M0 9.873v-6c0-.55.196-1.02.588-1.412A1.926 1.926 0 0 1 2 1.873h2c.55 0 1.02.196 1.412.588.392.391.588.862.588 1.412v6H4v-2H2v2H0Zm2-4h2v-2H2v2Zm6 4v-8h4c.55 0 1.02.196 1.412.588.392.391.588.862.588 1.412v4c0 .55-.196 1.021-.588 1.413A1.926 1.926 0 0 1 12 9.873H8Zm2-2h2v-4h-2v4Zm6.85.8-1.4-1.425c.183-.183.32-.391.413-.625.091-.233.137-.483.137-.75 0-.283-.046-.537-.137-.762a1.85 1.85 0 0 0-.413-.613l1.4-1.45c.367.367.65.792.85 1.275.2.484.3 1 .3 1.55s-.1 1.063-.3 1.538c-.2.475-.483.896-.85 1.262Zm2.825 2.825-1.45-1.375c.55-.55.983-1.187 1.3-1.912A5.775 5.775 0 0 0 20 5.873c0-.85-.158-1.633-.475-2.35a6.217 6.217 0 0 0-1.3-1.9l1.45-1.4a7.94 7.94 0 0 1 1.712 2.55c.409.967.613 2 .613 3.1s-.204 2.13-.613 3.088a7.977 7.977 0 0 1-1.712 2.537Z\" fill=\"#000\"\/><\/svg>            <span>Transcripci\u00f3n<\/span>\n          <\/button>\n                      <\/div>\n      <\/div>\n\n      <div id=\"transcription-61d18ceb422c87330240ef5440658a9c\"\n  class=\"fixed inset-0 z-50 hidden w-screen h-screen opacity-0 pointer-events-none modal transcription\"\n  tabindex=\"-1\" role=\"dialog\">\n  <div class=\"absolute w-full h-full bg-black opacity-75 modal-overlay\"><\/div>\n  <div\n    class=\"absolute z-30 w-11\/12 mx-auto overflow-y-auto text-black bg-white shadow-lg modal-container center-xy md:max-w-4xl\"\n    role=\"document\">\n    <div class=\"flex items-center justify-between px-4 py-4 text-gray-700 border-b md:px-8\">\n      <h2 class=\"!mb-0 font-bold\">Transcripci\u00f3n<\/h2>\n      <div class=\"z-50 flex flex-col items-center ml-auto cursor-pointer rtl:ml-0 rtl:mr-auto modal-close\">\n        <svg class=\"w-auto h-6\" width=\"18\" height=\"23\" xmlns=\"http:\/\/www.w3.org\/2000\/svg\">\n  <g stroke=\"currentColor\" fill=\"none\" fill-rule=\"evenodd\" stroke-linecap=\"square\">\n    <path d=\"M.7248.974l16.1076 20.6167M16.655 1.2654L.9097 22.1601\" \/>\n  <\/g>\n<\/svg>        <div class=\"hidden\">Close<\/div>\n      <\/div>\n    <\/div>\n    <div class=\"px-4 py-8 overflow-y-auto max-h-modal md:px-8 modal-content\">\n      <div class=\"mb-8 flex flex-col gap-1.5\">\n                      <h3 class=\"text-xl font-bold\">El coro y la barandilla de tracer\u00eda g\u00f3tica<\/h3>\n                            <\/div>\n            <p>El coro se construy\u00f3 unos siglos m\u00e1s tarde en el \u00faltimo tramo de la nave.<br \/>\nAqu\u00ed puedes apreciar un detalle interesante: la barandilla del coro de tracer\u00eda g\u00f3tica, a base de motivos geom\u00e9tricos entrelazados.<br \/>\nAntes de bajar, disfruta de la vista de la iglesia. Desde aqu\u00ed se ven muy bien los soportes de las l\u00e1mparas, hechos de forja, uno de ellos, con forma de gallo. O el ojo de buey de encima del altar, en forma de tr\u00e9bol.<\/p>\n    <\/div>\n  <\/div>\n<\/div>\n    <\/section>\n\n\n<div class=\"flex flex-col gap-3 element text-block\">\n  <div class=\"flex items-center gap-6\">\n              <h2 class=\"text-2xl font-bold\">1g \u00a1Te esperamos!<\/h2>\n      <\/div>\n    <\/div>\n\n\n<section class=\"element audio-block\">\n  <div class=\"flex flex-col w-full gap-6\">\n    <div class=\"flex flex-col gap-3\">\n      <div class=\"flex gap-6\">\n                          <h2 class=\"text-2xl font-bold\">La visita contin\u00faa<\/h2>\n              <\/div>\n          <\/div>\n    <div class=\"flex items-center justify-end gap-3\">\n              <div class=\"flex-1 audio-content\" dir=\"ltr\">\n          <audio id=\"audio-8f06f2290f3229ce95dbaaaa4830bac6\" data-label=\"La visita contin\u00faa\"\n            data-category=\"ASSUMPCIO-DE-COLL-ES-GENERAL-PLAY-CLOENDA.mp3\" class=\"hidden\" controls\n            src=\"https:\/\/guiesullsdelahistoria.cat\/app\/uploads\/2024\/11\/ASSUMPCIO-DE-COLL-ES-GENERAL-PLAY-CLOENDA.mp3\"><\/audio>\n          <div class=\"flex items-center w-full gap-3 transition-opacity opacity-0 meta\">\n            <progress class=\"flex-1 border-0 appearance-none\" value=\"0\" max=\"1\"><\/progress>\n            <div class=\"text-sm text-center shrink-0 current-time w-9\"><\/div>\n                      <\/div>\n        <\/div>\n            <div class=\"flex flex-col items-center gap-2 shrink-1 audio-control\">\n        <button\n  class=\"flex items-center justify-center w-32 max-w-32 h-32 max-h-32 transition-[max-height,_max-width] bg-black rounded-full btn text-accent\"\n  data-target=\"#audio-8f06f2290f3229ce95dbaaaa4830bac6\">\n  <svg width=\"100%\" height=\"100%\" viewBox=\"0 0 36 36\" version=\"1.1\" xmlns=\"http:\/\/www.w3.org\/2000\/svg\" xmlns:xlink=\"http:\/\/www.w3.org\/1999\/xlink\">\n  <path id=\"ytp-12\" d=\"M11,10 L18,13.74 18,22.28 11,26 M18,13.74 L26,18 26,18 18,22.28\" fill=\"currentColor\">\n    <animate id=\"animation\" begin=\"indefinite\" attributeType=\"XML\" attributeName=\"d\" fill=\"freeze\" from=\"M11,10 L17,10 17,26 11,26 M20,10 L26,10 26,26 20,26\" to=\"M11,10 L18,13.74 18,22.28 11,26 M18,13.74 L26,18 26,18 18,22.28\" dur=\"0.1s\" keySplines=\".4 0 1 1\" repeatCount=\"1\" data-play=\"M11,10 L18,13.74 18,22.28 11,26 M18,13.74 L26,18 26,18 18,22.28\" data-pause=\"M11,10 L17,10 17,26 11,26 M20,10 L26,10 26,26 20,26\"><\/animate>\n  <\/path>\n<\/svg>\n<\/button>\n        <p class=\"text-base text-center\">Escucha<\/p>\n      <\/div>\n    <\/div>\n\n    \n          <div class=\"flex flex-wrap justify-between gap-6 md:justify-start\">\n                  <button data-target=\"#transcription-8f06f2290f3229ce95dbaaaa4830bac6\" data-toggle=\"modal\" class=\"flex items-center gap-2\">\n            <svg class=\"w-6 h-6\" fill=\"none\" xmlns=\"http:\/\/www.w3.org\/2000\/svg\" viewBox=\"0 0 22 12\"><path d=\"M0 9.873v-6c0-.55.196-1.02.588-1.412A1.926 1.926 0 0 1 2 1.873h2c.55 0 1.02.196 1.412.588.392.391.588.862.588 1.412v6H4v-2H2v2H0Zm2-4h2v-2H2v2Zm6 4v-8h4c.55 0 1.02.196 1.412.588.392.391.588.862.588 1.412v4c0 .55-.196 1.021-.588 1.413A1.926 1.926 0 0 1 12 9.873H8Zm2-2h2v-4h-2v4Zm6.85.8-1.4-1.425c.183-.183.32-.391.413-.625.091-.233.137-.483.137-.75 0-.283-.046-.537-.137-.762a1.85 1.85 0 0 0-.413-.613l1.4-1.45c.367.367.65.792.85 1.275.2.484.3 1 .3 1.55s-.1 1.063-.3 1.538c-.2.475-.483.896-.85 1.262Zm2.825 2.825-1.45-1.375c.55-.55.983-1.187 1.3-1.912A5.775 5.775 0 0 0 20 5.873c0-.85-.158-1.633-.475-2.35a6.217 6.217 0 0 0-1.3-1.9l1.45-1.4a7.94 7.94 0 0 1 1.712 2.55c.409.967.613 2 .613 3.1s-.204 2.13-.613 3.088a7.977 7.977 0 0 1-1.712 2.537Z\" fill=\"#000\"\/><\/svg>            <span>Transcripci\u00f3n<\/span>\n          <\/button>\n                      <\/div>\n      <\/div>\n\n      <div id=\"transcription-8f06f2290f3229ce95dbaaaa4830bac6\"\n  class=\"fixed inset-0 z-50 hidden w-screen h-screen opacity-0 pointer-events-none modal transcription\"\n  tabindex=\"-1\" role=\"dialog\">\n  <div class=\"absolute w-full h-full bg-black opacity-75 modal-overlay\"><\/div>\n  <div\n    class=\"absolute z-30 w-11\/12 mx-auto overflow-y-auto text-black bg-white shadow-lg modal-container center-xy md:max-w-4xl\"\n    role=\"document\">\n    <div class=\"flex items-center justify-between px-4 py-4 text-gray-700 border-b md:px-8\">\n      <h2 class=\"!mb-0 font-bold\">Transcripci\u00f3n<\/h2>\n      <div class=\"z-50 flex flex-col items-center ml-auto cursor-pointer rtl:ml-0 rtl:mr-auto modal-close\">\n        <svg class=\"w-auto h-6\" width=\"18\" height=\"23\" xmlns=\"http:\/\/www.w3.org\/2000\/svg\">\n  <g stroke=\"currentColor\" fill=\"none\" fill-rule=\"evenodd\" stroke-linecap=\"square\">\n    <path d=\"M.7248.974l16.1076 20.6167M16.655 1.2654L.9097 22.1601\" \/>\n  <\/g>\n<\/svg>        <div class=\"hidden\">Close<\/div>\n      <\/div>\n    <\/div>\n    <div class=\"px-4 py-8 overflow-y-auto max-h-modal md:px-8 modal-content\">\n      <div class=\"mb-8 flex flex-col gap-1.5\">\n                      <h3 class=\"text-xl font-bold\">La visita contin\u00faa<\/h3>\n                            <\/div>\n            <p>Aqu\u00ed termina la visita a la iglesia. Ahora te invitamos a conocer las dem\u00e1s, que constituyen el Conjunto Rom\u00e1nico de la Vall de Bo\u00ed. \u00a1Te esperamos!<\/p>\n    <\/div>\n  <\/div>\n<\/div>\n    <\/section>\n\n\n<div class=\"flex flex-col gap-3 element text-block\">\n  <div class=\"flex items-center gap-6\">\n              <h2 class=\"text-2xl font-bold\">Cierre<\/h2>\n      <\/div>\n        <div class=\"prose prose-lg\"><p>\u201c<em>Els Ulls de la Hist\u00f2ria<\/em>. Una mirada inmersiva sobre el patrimonio\u201d es una iniciativa de la Ag\u00e8ncia Catalana del Patrimoni Cultural.<br \/>\nUn proyecto que incorpora otras voces y otras miradas sobre nuestro pasado. Porque todas y todos hacemos historia.<\/p>\n<\/div>\n  <\/div>\n\n<\/div>\n      <\/div>\n    <\/div>\n  <\/section>\n\n\n<section class=\"overflow-hidden section\" id=\"section-69f5c690112d1\" data-title=\"2. Nativitat de Durro\">\n    <div class=\"container grid grid-cols-1 py-8 md:py-10 max-md:gap-y-8 md:grid-standard\">\n              <div class=\"flex gap-4 md:col-span-5\">\n                                <h2 class=\"text-8 font-headings\">2. Nativitat de Durro<\/h2>\n                  <\/div>\n            <div class=\"flex flex-col gap-8 md:col-span-6 md:col-start-7 md:gap-10\">\n        <div class=\"acf-innerblocks-container\">\n<div class=\"flex flex-col gap-3 element text-block\">\n  <div class=\"flex items-center gap-6\">\n              <h2 class=\"text-2xl font-bold\">2a Introducci\u00f3n<\/h2>\n      <\/div>\n    <\/div>\n\n\n<div class=\"flex flex-col gap-6 element image-block\">\n  <div class=\"flex flex-col gap-3\">\n      <\/div>\n      <figure>\n      <img loading=\"lazy\" decoding=\"async\" width=\"1024\" height=\"679\" src=\"https:\/\/guiesullsdelahistoria.cat\/app\/uploads\/2024\/11\/DSC0327_J.BARBERO.jpg\" class=\"w-full h-auto\" alt=\"Vista general del exterior de la iglesia de la Nativitat de Durro, con un campo de flores amarillas en el frente y las monta\u00f1as detr\u00e1s.\" srcset=\"https:\/\/guiesullsdelahistoria.cat\/app\/uploads\/2024\/11\/DSC0327_J.BARBERO.jpg 1024w, https:\/\/guiesullsdelahistoria.cat\/app\/uploads\/2024\/11\/DSC0327_J.BARBERO-300x199.jpg 300w, https:\/\/guiesullsdelahistoria.cat\/app\/uploads\/2024\/11\/DSC0327_J.BARBERO-768x509.jpg 768w\" sizes=\"auto, (max-width: 1024px) 100vw, 1024px\" \/>\n              <figcaption class=\"pt-2 text-gray-800\">Vista general de la Nativitat de Durro<\/figcaption>\n          <\/figure>\n  <\/div>\n\n\n<section class=\"element audio-block\">\n  <div class=\"flex flex-col w-full gap-6\">\n    <div class=\"flex flex-col gap-3\">\n      <div class=\"flex gap-6\">\n                          <h2 class=\"text-2xl font-bold\">La Vall de Bo\u00ed y sus iglesias<\/h2>\n              <\/div>\n          <\/div>\n    <div class=\"flex items-center justify-end gap-3\">\n              <div class=\"flex-1 audio-content\" dir=\"ltr\">\n          <audio id=\"audio-ccd506fdf4d0e7cf88fd482287915166\" data-label=\"La Vall de Bo\u00ed y sus iglesias\"\n            data-category=\"NATIVITAT-DE-DURRO-ES-GENERAL-PLAY-0.mp3\" class=\"hidden\" controls\n            src=\"https:\/\/guiesullsdelahistoria.cat\/app\/uploads\/2024\/11\/NATIVITAT-DE-DURRO-ES-GENERAL-PLAY-0.mp3\"><\/audio>\n          <div class=\"flex items-center w-full gap-3 transition-opacity opacity-0 meta\">\n            <progress class=\"flex-1 border-0 appearance-none\" value=\"0\" max=\"1\"><\/progress>\n            <div class=\"text-sm text-center shrink-0 current-time w-9\"><\/div>\n                      <\/div>\n        <\/div>\n            <div class=\"flex flex-col items-center gap-2 shrink-1 audio-control\">\n        <button\n  class=\"flex items-center justify-center w-32 max-w-32 h-32 max-h-32 transition-[max-height,_max-width] bg-black rounded-full btn text-accent\"\n  data-target=\"#audio-ccd506fdf4d0e7cf88fd482287915166\">\n  <svg width=\"100%\" height=\"100%\" viewBox=\"0 0 36 36\" version=\"1.1\" xmlns=\"http:\/\/www.w3.org\/2000\/svg\" xmlns:xlink=\"http:\/\/www.w3.org\/1999\/xlink\">\n  <path id=\"ytp-12\" d=\"M11,10 L18,13.74 18,22.28 11,26 M18,13.74 L26,18 26,18 18,22.28\" fill=\"currentColor\">\n    <animate id=\"animation\" begin=\"indefinite\" attributeType=\"XML\" attributeName=\"d\" fill=\"freeze\" from=\"M11,10 L17,10 17,26 11,26 M20,10 L26,10 26,26 20,26\" to=\"M11,10 L18,13.74 18,22.28 11,26 M18,13.74 L26,18 26,18 18,22.28\" dur=\"0.1s\" keySplines=\".4 0 1 1\" repeatCount=\"1\" data-play=\"M11,10 L18,13.74 18,22.28 11,26 M18,13.74 L26,18 26,18 18,22.28\" data-pause=\"M11,10 L17,10 17,26 11,26 M20,10 L26,10 26,26 20,26\"><\/animate>\n  <\/path>\n<\/svg>\n<\/button>\n        <p class=\"text-base text-center\">Escucha<\/p>\n      <\/div>\n    <\/div>\n\n    \n          <div class=\"flex flex-wrap justify-between gap-6 md:justify-start\">\n                  <button data-target=\"#transcription-ccd506fdf4d0e7cf88fd482287915166\" data-toggle=\"modal\" class=\"flex items-center gap-2\">\n            <svg class=\"w-6 h-6\" fill=\"none\" xmlns=\"http:\/\/www.w3.org\/2000\/svg\" viewBox=\"0 0 22 12\"><path d=\"M0 9.873v-6c0-.55.196-1.02.588-1.412A1.926 1.926 0 0 1 2 1.873h2c.55 0 1.02.196 1.412.588.392.391.588.862.588 1.412v6H4v-2H2v2H0Zm2-4h2v-2H2v2Zm6 4v-8h4c.55 0 1.02.196 1.412.588.392.391.588.862.588 1.412v4c0 .55-.196 1.021-.588 1.413A1.926 1.926 0 0 1 12 9.873H8Zm2-2h2v-4h-2v4Zm6.85.8-1.4-1.425c.183-.183.32-.391.413-.625.091-.233.137-.483.137-.75 0-.283-.046-.537-.137-.762a1.85 1.85 0 0 0-.413-.613l1.4-1.45c.367.367.65.792.85 1.275.2.484.3 1 .3 1.55s-.1 1.063-.3 1.538c-.2.475-.483.896-.85 1.262Zm2.825 2.825-1.45-1.375c.55-.55.983-1.187 1.3-1.912A5.775 5.775 0 0 0 20 5.873c0-.85-.158-1.633-.475-2.35a6.217 6.217 0 0 0-1.3-1.9l1.45-1.4a7.94 7.94 0 0 1 1.712 2.55c.409.967.613 2 .613 3.1s-.204 2.13-.613 3.088a7.977 7.977 0 0 1-1.712 2.537Z\" fill=\"#000\"\/><\/svg>            <span>Transcripci\u00f3n<\/span>\n          <\/button>\n                      <\/div>\n      <\/div>\n\n      <div id=\"transcription-ccd506fdf4d0e7cf88fd482287915166\"\n  class=\"fixed inset-0 z-50 hidden w-screen h-screen opacity-0 pointer-events-none modal transcription\"\n  tabindex=\"-1\" role=\"dialog\">\n  <div class=\"absolute w-full h-full bg-black opacity-75 modal-overlay\"><\/div>\n  <div\n    class=\"absolute z-30 w-11\/12 mx-auto overflow-y-auto text-black bg-white shadow-lg modal-container center-xy md:max-w-4xl\"\n    role=\"document\">\n    <div class=\"flex items-center justify-between px-4 py-4 text-gray-700 border-b md:px-8\">\n      <h2 class=\"!mb-0 font-bold\">Transcripci\u00f3n<\/h2>\n      <div class=\"z-50 flex flex-col items-center ml-auto cursor-pointer rtl:ml-0 rtl:mr-auto modal-close\">\n        <svg class=\"w-auto h-6\" width=\"18\" height=\"23\" xmlns=\"http:\/\/www.w3.org\/2000\/svg\">\n  <g stroke=\"currentColor\" fill=\"none\" fill-rule=\"evenodd\" stroke-linecap=\"square\">\n    <path d=\"M.7248.974l16.1076 20.6167M16.655 1.2654L.9097 22.1601\" \/>\n  <\/g>\n<\/svg>        <div class=\"hidden\">Close<\/div>\n      <\/div>\n    <\/div>\n    <div class=\"px-4 py-8 overflow-y-auto max-h-modal md:px-8 modal-content\">\n      <div class=\"mb-8 flex flex-col gap-1.5\">\n                      <h3 class=\"text-xl font-bold\">La Vall de Bo\u00ed y sus iglesias<\/h3>\n                            <\/div>\n            <p>Te damos la bienvenida a la Vall de Bo\u00ed y te animamos a conocer su excepcional conjunto de iglesias, consideradas una de las m\u00e1ximas expresiones del arte rom\u00e1nico catal\u00e1n e inscritas en la lista de Patrimonio Mundial por la UNESCO en el a\u00f1o 2000.<br \/>\nEl Conjunto Rom\u00e1nico de la Vall de Bo\u00ed est\u00e1 integrado por nueve iglesias: Sant Climent y Santa Maria de Ta\u00fcll, Sant Joan de Bo\u00ed, Santa Eul\u00e0lia d\u2019Erill la Vall, Sant Feliu de Barruera, la Nativitat y Sant Quirc de Durro, Santa Maria de Cardet y la Assumpci\u00f3 de C\u00f3ll.<br \/>\nPero \u00bfqu\u00e9 tienen en com\u00fan este conjunto de iglesias? \u00bfPor qu\u00e9 son tan singulares? \u00bfCu\u00e1l es su historia?<br \/>\nTodas fueron construidas entre los siglos XI y XII, en un momento de poder y de bonanza econ\u00f3mica de la nobleza local, y comparten un estilo arquitect\u00f3nico, el rom\u00e1nico, muy extendido por toda Europa.<br \/>\nHoy, gran parte de las pinturas, tallas y mobiliario se conservan en varios museos catalanes, sobre todo en el Museu Nacional d\u2019Art de Catalunya. Sin embargo, algunas de las iglesias cuentan con importantes fragmentos de pintura mural y esculturas originales, adem\u00e1s de reproducciones de las que se conservan en los museos.<br \/>\nCon la gu\u00eda que tienes en tus manos, descubrir\u00e1s los valores excepcionales de este conjunto rom\u00e1nico y podr\u00e1s conocer cada una de las nueve iglesias, con sus secretos y curiosidades.<br \/>\n\u00a1Una advertencia final! Estas monta\u00f1as son misteriosas y, en los valles, las palabras de las personas que las han habitado a menudo se quedan atrapadas y resuenan a lo largo del tiempo como un eco imperceptible. Esta gu\u00eda dispone de un sensor que se activa cada vez que capta alguna. No te asustes y sigue escuchando.<br \/>\nPara empezar la visita, dir\u00edgete a la parte posterior de la iglesia.<\/p>\n    <\/div>\n  <\/div>\n<\/div>\n    <\/section>\n\n\n<div class=\"flex flex-col gap-3 element text-block\">\n  <div class=\"flex items-center gap-6\">\n              <h2 class=\"text-2xl font-bold\">2b Plaza del pueblo<\/h2>\n      <\/div>\n    <\/div>\n\n\n<div class=\"flex flex-col gap-6 element image-block\">\n  <div class=\"flex flex-col gap-3\">\n      <\/div>\n      <figure>\n      <img loading=\"lazy\" decoding=\"async\" width=\"948\" height=\"1428\" src=\"https:\/\/guiesullsdelahistoria.cat\/app\/uploads\/2024\/11\/Nativitat_de_Durro_campanar_DSC0686.jpg\" class=\"w-full h-auto\" alt=\"Campanario de la iglesia de la Nativitat de Durro con el cementerio en frente, visto desde la plaza.\" srcset=\"https:\/\/guiesullsdelahistoria.cat\/app\/uploads\/2024\/11\/Nativitat_de_Durro_campanar_DSC0686.jpg 948w, https:\/\/guiesullsdelahistoria.cat\/app\/uploads\/2024\/11\/Nativitat_de_Durro_campanar_DSC0686-199x300.jpg 199w, https:\/\/guiesullsdelahistoria.cat\/app\/uploads\/2024\/11\/Nativitat_de_Durro_campanar_DSC0686-680x1024.jpg 680w, https:\/\/guiesullsdelahistoria.cat\/app\/uploads\/2024\/11\/Nativitat_de_Durro_campanar_DSC0686-768x1157.jpg 768w\" sizes=\"auto, (max-width: 948px) 100vw, 948px\" \/>\n              <figcaption class=\"pt-2 text-gray-800\">Campanario de la Nativitat de Durro.<\/figcaption>\n          <\/figure>\n  <\/div>\n\n\n<section class=\"element audio-block\">\n  <div class=\"flex flex-col w-full gap-6\">\n    <div class=\"flex flex-col gap-3\">\n      <div class=\"flex gap-6\">\n                          <h2 class=\"text-2xl font-bold\">El campanario<\/h2>\n              <\/div>\n          <\/div>\n    <div class=\"flex items-center justify-end gap-3\">\n              <div class=\"flex-1 audio-content\" dir=\"ltr\">\n          <audio id=\"audio-18388841f89666f12c4795ad4440a1a9\" data-label=\"El campanario\"\n            data-category=\"NATIVITAT-DE-DURRO-ES-GENERAL-PLAY-1.mp3\" class=\"hidden\" controls\n            src=\"https:\/\/guiesullsdelahistoria.cat\/app\/uploads\/2024\/11\/NATIVITAT-DE-DURRO-ES-GENERAL-PLAY-1.mp3\"><\/audio>\n          <div class=\"flex items-center w-full gap-3 transition-opacity opacity-0 meta\">\n            <progress class=\"flex-1 border-0 appearance-none\" value=\"0\" max=\"1\"><\/progress>\n            <div class=\"text-sm text-center shrink-0 current-time w-9\"><\/div>\n                      <\/div>\n        <\/div>\n            <div class=\"flex flex-col items-center gap-2 shrink-1 audio-control\">\n        <button\n  class=\"flex items-center justify-center w-32 max-w-32 h-32 max-h-32 transition-[max-height,_max-width] bg-black rounded-full btn text-accent\"\n  data-target=\"#audio-18388841f89666f12c4795ad4440a1a9\">\n  <svg width=\"100%\" height=\"100%\" viewBox=\"0 0 36 36\" version=\"1.1\" xmlns=\"http:\/\/www.w3.org\/2000\/svg\" xmlns:xlink=\"http:\/\/www.w3.org\/1999\/xlink\">\n  <path id=\"ytp-12\" d=\"M11,10 L18,13.74 18,22.28 11,26 M18,13.74 L26,18 26,18 18,22.28\" fill=\"currentColor\">\n    <animate id=\"animation\" begin=\"indefinite\" attributeType=\"XML\" attributeName=\"d\" fill=\"freeze\" from=\"M11,10 L17,10 17,26 11,26 M20,10 L26,10 26,26 20,26\" to=\"M11,10 L18,13.74 18,22.28 11,26 M18,13.74 L26,18 26,18 18,22.28\" dur=\"0.1s\" keySplines=\".4 0 1 1\" repeatCount=\"1\" data-play=\"M11,10 L18,13.74 18,22.28 11,26 M18,13.74 L26,18 26,18 18,22.28\" data-pause=\"M11,10 L17,10 17,26 11,26 M20,10 L26,10 26,26 20,26\"><\/animate>\n  <\/path>\n<\/svg>\n<\/button>\n        <p class=\"text-base text-center\">Escucha<\/p>\n      <\/div>\n    <\/div>\n\n    \n          <div class=\"flex flex-wrap justify-between gap-6 md:justify-start\">\n                  <button data-target=\"#transcription-18388841f89666f12c4795ad4440a1a9\" data-toggle=\"modal\" class=\"flex items-center gap-2\">\n            <svg class=\"w-6 h-6\" fill=\"none\" xmlns=\"http:\/\/www.w3.org\/2000\/svg\" viewBox=\"0 0 22 12\"><path d=\"M0 9.873v-6c0-.55.196-1.02.588-1.412A1.926 1.926 0 0 1 2 1.873h2c.55 0 1.02.196 1.412.588.392.391.588.862.588 1.412v6H4v-2H2v2H0Zm2-4h2v-2H2v2Zm6 4v-8h4c.55 0 1.02.196 1.412.588.392.391.588.862.588 1.412v4c0 .55-.196 1.021-.588 1.413A1.926 1.926 0 0 1 12 9.873H8Zm2-2h2v-4h-2v4Zm6.85.8-1.4-1.425c.183-.183.32-.391.413-.625.091-.233.137-.483.137-.75 0-.283-.046-.537-.137-.762a1.85 1.85 0 0 0-.413-.613l1.4-1.45c.367.367.65.792.85 1.275.2.484.3 1 .3 1.55s-.1 1.063-.3 1.538c-.2.475-.483.896-.85 1.262Zm2.825 2.825-1.45-1.375c.55-.55.983-1.187 1.3-1.912A5.775 5.775 0 0 0 20 5.873c0-.85-.158-1.633-.475-2.35a6.217 6.217 0 0 0-1.3-1.9l1.45-1.4a7.94 7.94 0 0 1 1.712 2.55c.409.967.613 2 .613 3.1s-.204 2.13-.613 3.088a7.977 7.977 0 0 1-1.712 2.537Z\" fill=\"#000\"\/><\/svg>            <span>Transcripci\u00f3n<\/span>\n          <\/button>\n                      <\/div>\n      <\/div>\n\n      <div id=\"transcription-18388841f89666f12c4795ad4440a1a9\"\n  class=\"fixed inset-0 z-50 hidden w-screen h-screen opacity-0 pointer-events-none modal transcription\"\n  tabindex=\"-1\" role=\"dialog\">\n  <div class=\"absolute w-full h-full bg-black opacity-75 modal-overlay\"><\/div>\n  <div\n    class=\"absolute z-30 w-11\/12 mx-auto overflow-y-auto text-black bg-white shadow-lg modal-container center-xy md:max-w-4xl\"\n    role=\"document\">\n    <div class=\"flex items-center justify-between px-4 py-4 text-gray-700 border-b md:px-8\">\n      <h2 class=\"!mb-0 font-bold\">Transcripci\u00f3n<\/h2>\n      <div class=\"z-50 flex flex-col items-center ml-auto cursor-pointer rtl:ml-0 rtl:mr-auto modal-close\">\n        <svg class=\"w-auto h-6\" width=\"18\" height=\"23\" xmlns=\"http:\/\/www.w3.org\/2000\/svg\">\n  <g stroke=\"currentColor\" fill=\"none\" fill-rule=\"evenodd\" stroke-linecap=\"square\">\n    <path d=\"M.7248.974l16.1076 20.6167M16.655 1.2654L.9097 22.1601\" \/>\n  <\/g>\n<\/svg>        <div class=\"hidden\">Close<\/div>\n      <\/div>\n    <\/div>\n    <div class=\"px-4 py-8 overflow-y-auto max-h-modal md:px-8 modal-content\">\n      <div class=\"mb-8 flex flex-col gap-1.5\">\n                      <h3 class=\"text-xl font-bold\">El campanario<\/h3>\n                            <\/div>\n            <p>La iglesia de la Nativitat de Durro tiene caracter\u00edsticas arquitect\u00f3nicas distintas de las que vemos en la mayor\u00eda de las iglesias de La Vall. Para empezar, destaca por su monumentalidad, una prueba de la importancia del pueblo de Durro en la Edad Media.<br \/>\nLa Nativitat que ves ahora ha vivido muchas modificaciones y ampliaciones a lo largo del tiempo. La parte m\u00e1s antigua es del siglo xii, y corresponde a un templo rom\u00e1nico de una sola nave y con un \u00e1bside hoy desaparecido, el p\u00f3rtico y el campanario.<br \/>\nLa torre del campanario es uno de los elementos destacados, sobre todo porque, con 26 metros de altura, es la m\u00e1s alta de La Vall. \u00bfPor qu\u00e9 crees que hac\u00edan tan altas estas torres? Por un lado, por una cuesti\u00f3n religiosa: cuanto m\u00e1s arriba, m\u00e1s cerca de Dios. Pero al mismo tiempo, por otro lado, una torre tan alta ofrec\u00eda una visi\u00f3n perfecta de los alrededores del pueblo y permit\u00eda detectar la presencia de cualquier enemigo que se acercara, lo cual era importante en una \u00e9poca de tantas guerras.<br \/>\nEl campanario tiene cinco niveles, pero, como puedes ver, cada piso es diferente a los dem\u00e1s, debido a las muchas modificaciones que experiment\u00f3. Ver\u00e1s que en la base hay una arcada, que deb\u00eda dar paso a un \u00e1bside lateral. Las ventanas de los dos pisos inferiores fueron emparedadas, y las ventanas rom\u00e1nicas del segundo y tercer piso fueron sustituidas por ventanas g\u00f3ticas, con arco apuntado. El \u00faltimo piso, de menor altura, fue descabezado en alg\u00fan momento.<br \/>\nDesde aqu\u00ed tambi\u00e9n puedes ver la sacrist\u00eda, que se construy\u00f3 en el espacio del \u00e1bside principal.<br \/>\nPara continuar la visita, da la vuelta a la iglesia por tu derecha y sit\u00faate en el p\u00f3rtico, delante de la puerta lateral. <\/p>\n    <\/div>\n  <\/div>\n<\/div>\n    <\/section>\n\n\n<div class=\"flex flex-col gap-3 element text-block\">\n  <div class=\"flex items-center gap-6\">\n              <h2 class=\"text-2xl font-bold\">2c P\u00f3rtico<\/h2>\n      <\/div>\n    <\/div>\n\n\n<div class=\"flex flex-col gap-6 element image-block\">\n  <div class=\"flex flex-col gap-3\">\n      <\/div>\n      <figure>\n      <img loading=\"lazy\" decoding=\"async\" width=\"1024\" height=\"680\" src=\"https:\/\/guiesullsdelahistoria.cat\/app\/uploads\/2024\/11\/DSC0308_J.BARBERO.jpg\" class=\"w-full h-auto\" alt=\"P\u00f3rtico de la iglesia de la Nativitat de Durro con el campanario detr\u00e1s y las cruces de las tumbas en primer t\u00e9rmino.\" srcset=\"https:\/\/guiesullsdelahistoria.cat\/app\/uploads\/2024\/11\/DSC0308_J.BARBERO.jpg 1024w, https:\/\/guiesullsdelahistoria.cat\/app\/uploads\/2024\/11\/DSC0308_J.BARBERO-300x199.jpg 300w, https:\/\/guiesullsdelahistoria.cat\/app\/uploads\/2024\/11\/DSC0308_J.BARBERO-768x510.jpg 768w\" sizes=\"auto, (max-width: 1024px) 100vw, 1024px\" \/>\n              <figcaption class=\"pt-2 text-gray-800\">P\u00f3rtico de la Nativitat de Durro.<\/figcaption>\n          <\/figure>\n  <\/div>\n\n\n<section class=\"element audio-block\">\n  <div class=\"flex flex-col w-full gap-6\">\n    <div class=\"flex flex-col gap-3\">\n      <div class=\"flex gap-6\">\n                          <h2 class=\"text-2xl font-bold\">El exterior<\/h2>\n              <\/div>\n          <\/div>\n    <div class=\"flex items-center justify-end gap-3\">\n              <div class=\"flex-1 audio-content\" dir=\"ltr\">\n          <audio id=\"audio-e1716e0d5c4dd3126f1896a37332f764\" data-label=\"El exterior\"\n            data-category=\"NATIVITAT-DE-DURRO-ES-GENERAL-PLAY-2.mp3\" class=\"hidden\" controls\n            src=\"https:\/\/guiesullsdelahistoria.cat\/app\/uploads\/2024\/11\/NATIVITAT-DE-DURRO-ES-GENERAL-PLAY-2.mp3\"><\/audio>\n          <div class=\"flex items-center w-full gap-3 transition-opacity opacity-0 meta\">\n            <progress class=\"flex-1 border-0 appearance-none\" value=\"0\" max=\"1\"><\/progress>\n            <div class=\"text-sm text-center shrink-0 current-time w-9\"><\/div>\n                      <\/div>\n        <\/div>\n            <div class=\"flex flex-col items-center gap-2 shrink-1 audio-control\">\n        <button\n  class=\"flex items-center justify-center w-32 max-w-32 h-32 max-h-32 transition-[max-height,_max-width] bg-black rounded-full btn text-accent\"\n  data-target=\"#audio-e1716e0d5c4dd3126f1896a37332f764\">\n  <svg width=\"100%\" height=\"100%\" viewBox=\"0 0 36 36\" version=\"1.1\" xmlns=\"http:\/\/www.w3.org\/2000\/svg\" xmlns:xlink=\"http:\/\/www.w3.org\/1999\/xlink\">\n  <path id=\"ytp-12\" d=\"M11,10 L18,13.74 18,22.28 11,26 M18,13.74 L26,18 26,18 18,22.28\" fill=\"currentColor\">\n    <animate id=\"animation\" begin=\"indefinite\" attributeType=\"XML\" attributeName=\"d\" fill=\"freeze\" from=\"M11,10 L17,10 17,26 11,26 M20,10 L26,10 26,26 20,26\" to=\"M11,10 L18,13.74 18,22.28 11,26 M18,13.74 L26,18 26,18 18,22.28\" dur=\"0.1s\" keySplines=\".4 0 1 1\" repeatCount=\"1\" data-play=\"M11,10 L18,13.74 18,22.28 11,26 M18,13.74 L26,18 26,18 18,22.28\" data-pause=\"M11,10 L17,10 17,26 11,26 M20,10 L26,10 26,26 20,26\"><\/animate>\n  <\/path>\n<\/svg>\n<\/button>\n        <p class=\"text-base text-center\">Escucha<\/p>\n      <\/div>\n    <\/div>\n\n    \n          <div class=\"flex flex-wrap justify-between gap-6 md:justify-start\">\n                  <button data-target=\"#transcription-e1716e0d5c4dd3126f1896a37332f764\" data-toggle=\"modal\" class=\"flex items-center gap-2\">\n            <svg class=\"w-6 h-6\" fill=\"none\" xmlns=\"http:\/\/www.w3.org\/2000\/svg\" viewBox=\"0 0 22 12\"><path d=\"M0 9.873v-6c0-.55.196-1.02.588-1.412A1.926 1.926 0 0 1 2 1.873h2c.55 0 1.02.196 1.412.588.392.391.588.862.588 1.412v6H4v-2H2v2H0Zm2-4h2v-2H2v2Zm6 4v-8h4c.55 0 1.02.196 1.412.588.392.391.588.862.588 1.412v4c0 .55-.196 1.021-.588 1.413A1.926 1.926 0 0 1 12 9.873H8Zm2-2h2v-4h-2v4Zm6.85.8-1.4-1.425c.183-.183.32-.391.413-.625.091-.233.137-.483.137-.75 0-.283-.046-.537-.137-.762a1.85 1.85 0 0 0-.413-.613l1.4-1.45c.367.367.65.792.85 1.275.2.484.3 1 .3 1.55s-.1 1.063-.3 1.538c-.2.475-.483.896-.85 1.262Zm2.825 2.825-1.45-1.375c.55-.55.983-1.187 1.3-1.912A5.775 5.775 0 0 0 20 5.873c0-.85-.158-1.633-.475-2.35a6.217 6.217 0 0 0-1.3-1.9l1.45-1.4a7.94 7.94 0 0 1 1.712 2.55c.409.967.613 2 .613 3.1s-.204 2.13-.613 3.088a7.977 7.977 0 0 1-1.712 2.537Z\" fill=\"#000\"\/><\/svg>            <span>Transcripci\u00f3n<\/span>\n          <\/button>\n                      <\/div>\n      <\/div>\n\n      <div id=\"transcription-e1716e0d5c4dd3126f1896a37332f764\"\n  class=\"fixed inset-0 z-50 hidden w-screen h-screen opacity-0 pointer-events-none modal transcription\"\n  tabindex=\"-1\" role=\"dialog\">\n  <div class=\"absolute w-full h-full bg-black opacity-75 modal-overlay\"><\/div>\n  <div\n    class=\"absolute z-30 w-11\/12 mx-auto overflow-y-auto text-black bg-white shadow-lg modal-container center-xy md:max-w-4xl\"\n    role=\"document\">\n    <div class=\"flex items-center justify-between px-4 py-4 text-gray-700 border-b md:px-8\">\n      <h2 class=\"!mb-0 font-bold\">Transcripci\u00f3n<\/h2>\n      <div class=\"z-50 flex flex-col items-center ml-auto cursor-pointer rtl:ml-0 rtl:mr-auto modal-close\">\n        <svg class=\"w-auto h-6\" width=\"18\" height=\"23\" xmlns=\"http:\/\/www.w3.org\/2000\/svg\">\n  <g stroke=\"currentColor\" fill=\"none\" fill-rule=\"evenodd\" stroke-linecap=\"square\">\n    <path d=\"M.7248.974l16.1076 20.6167M16.655 1.2654L.9097 22.1601\" \/>\n  <\/g>\n<\/svg>        <div class=\"hidden\">Close<\/div>\n      <\/div>\n    <\/div>\n    <div class=\"px-4 py-8 overflow-y-auto max-h-modal md:px-8 modal-content\">\n      <div class=\"mb-8 flex flex-col gap-1.5\">\n                      <h3 class=\"text-xl font-bold\">El exterior<\/h3>\n                            <\/div>\n            <p>La nave de la Nativitat de Durro est\u00e1 hecha con grandes sillares o piedras de granito, y los elementos decorativos recorren las fachadas. F\u00edjate en la parte superior de los muros: hay un friso de arcadas ciegas que sigue la longitud de la nave y, encima, hay otra cenefa que forma peque\u00f1os cuadrados a semejanza de un tablero de ajedrez.<br \/>\nA finales del siglo xv, la iglesia podr\u00eda haber sufrido un incendio en un cap\u00edtulo relacionado con la guerra civil catalana: Hug Roger III, el \u00faltimo conde de Pallars, atac\u00f3 al pueblo en un intento desesperado por recuperar su condado. Los vecinos se encerraron en la iglesia para protegerse y el conde, enfurecido, le habr\u00eda prendido fuego.<\/p>\n<p><em>Sonido de interferencias<\/em>.<br \/>\nEl ambiente en la iglesia es de nervios y tensi\u00f3n.<br \/>\n<strong>Mujer:<\/strong> \u00a1No sufr\u00e1is! \u00a1Estas paredes nos proteger\u00e1n!<br \/>\n<strong>Hombre:<\/strong> \u00a1Hug se ha trastocado! No le tiene respeto ni a la iglesia.<br \/>\n<strong>Mujer:<\/strong> Rogad a Dios. \u00c9l no nos dejar\u00e1 morir.<br \/>\n<strong>Hombre:<\/strong> No cesar\u00e1 en su empe\u00f1o hasta recuperar su condado. Ha venido con refuerzos de Francia. Una cohorte de salvajes.<br \/>\n<strong>Mujer:<\/strong> Tened fe.<br \/>\n<strong>Hombre:<\/strong> \u00bfFe? El fuego crece alrededor de la iglesia. Solo nos pueden salvar las tropas del vizconde de Cardona, pero \u00bfd\u00f3nde est\u00e1n?<br \/>\n<em>Sonido de interferencias<\/em>.<\/p>\n<p>El p\u00f3rtico rom\u00e1nico se a\u00f1adi\u00f3 en la segunda fase constructiva, y serv\u00eda para proteger de los rigores meteorol\u00f3gicos a los feligreses que esperaban para entrar en la iglesia. Si hoy hace sol, llueve o nieva, lo agradecer\u00e1s. Pero tambi\u00e9n pod\u00eda ser un lugar de parada de las procesiones, un espacio en el que celebrar actos lit\u00fargicos y sociales, por ejemplo, juicios. El p\u00f3rtico, adem\u00e1s, ten\u00eda una funci\u00f3n simb\u00f3lica: era el espacio de transici\u00f3n entre la vida cotidiana y la entrada en la casa de Dios.<br \/>\nAqu\u00ed est\u00e1 la portada, uno de los elementos m\u00e1s interesantes del conjunto. Est\u00e1 formada por tres arcos de medio punto en gradaci\u00f3n, y est\u00e1 decorada por dos arquivoltas sostenidas por cuatro columnas con capiteles decorados. Si te fijas, se pueden distinguir motivos vegetales y relieves zoom\u00f3rficos, es decir, formas de animales. Tambi\u00e9n, una peque\u00f1a cara. \u00a1A ver si la encuentras!<br \/>\nTodo el conjunto est\u00e1 enmarcado por un friso, una especie de cenefa con motivos ajedrezados, y por encima, dentro de un c\u00edrculo, est\u00e1 el crism\u00f3n, el s\u00edmbolo de Cristo representado por sus iniciales en griego.<br \/>\nEsta portalada tiene muchas similitudes con la de la iglesia de la Assumpci\u00f3 de C\u00f3ll, tanto en lo que se refiere a las arquivoltas, como a los capiteles con animales, como al crism\u00f3n. \u00bfPodr\u00eda haber sido obra, entonces, del mismo taller? \u00bfO solo una inspiraci\u00f3n? Misterio por resolver.<br \/>\nOtro elemento interesante de la portada es el cerrojo, la cerradura de la puerta, de \u00e9poca medieval. F\u00edjate en la plancha que refuerza el cierre, decorada con cenefas de motivos geom\u00e9tricos y con cuatro estructuras que nos recuerdan a la silueta de los castillos medievales. En el centro, una figura humana muy esquem\u00e1tica se\u00f1ala una de las torres que rodea la cerradura. Completan la escena un elemento vegetal que podr\u00eda ser un \u00e1rbol y dos animales cuadr\u00fapedos que nos recuerdan a caballos. Desconocemos su significado concreto\u00bfpodr\u00eda ser un homenaje al conde de Erill y a su castillo, por haber sufragado la iglesia? Pues a saber.<br \/>\nAntes de pasar al pr\u00f3ximo punto, f\u00edjate en un \u00faltimo detalle: el pasador del cerrojo est\u00e1 decorado con motivos geom\u00e9tricos y reforzado en el extremo derecho con una cabeza de animal, quiz\u00e1 una serpiente. No ser\u00eda la \u00fanica serpiente en una puerta de las iglesias de La Vall: en Santa Eul\u00e0lia, por ejemplo, hay otra pintada. \u00bfPodr\u00eda ser una advertencia sobre el pecado? \u00bfY si, en realidad, fuera un drag\u00f3n?<br \/>\nDicho esto, ya puedes entrar en la iglesia.<\/p>\n    <\/div>\n  <\/div>\n<\/div>\n    <\/section>\n\n\n<div class=\"flex flex-col gap-3 element text-block\">\n  <div class=\"flex items-center gap-6\">\n              <h2 class=\"text-2xl font-bold\">2d Base de la nave<\/h2>\n      <\/div>\n    <\/div>\n\n\n<div class=\"flex flex-col gap-6 element image-block\">\n  <div class=\"flex flex-col gap-3\">\n      <\/div>\n      <figure>\n      <img loading=\"lazy\" decoding=\"async\" width=\"1001\" height=\"667\" src=\"https:\/\/guiesullsdelahistoria.cat\/app\/uploads\/2024\/11\/Interior-Durro.jpg\" class=\"w-full h-auto\" alt=\"Vista del interior de la iglesia de la Nativitat de Durro con el altar y un gran retablo barroco en el fondo.\" srcset=\"https:\/\/guiesullsdelahistoria.cat\/app\/uploads\/2024\/11\/Interior-Durro.jpg 1001w, https:\/\/guiesullsdelahistoria.cat\/app\/uploads\/2024\/11\/Interior-Durro-300x200.jpg 300w, https:\/\/guiesullsdelahistoria.cat\/app\/uploads\/2024\/11\/Interior-Durro-768x512.jpg 768w\" sizes=\"auto, (max-width: 1001px) 100vw, 1001px\" \/>\n              <figcaption class=\"pt-2 text-gray-800\">Vista interior de la Nativitat de Durro.<\/figcaption>\n          <\/figure>\n  <\/div>\n\n\n<section class=\"element audio-block\">\n  <div class=\"flex flex-col w-full gap-6\">\n    <div class=\"flex flex-col gap-3\">\n      <div class=\"flex gap-6\">\n                          <h2 class=\"text-2xl font-bold\">Los retablos y las cubiertas<\/h2>\n              <\/div>\n          <\/div>\n    <div class=\"flex items-center justify-end gap-3\">\n              <div class=\"flex-1 audio-content\" dir=\"ltr\">\n          <audio id=\"audio-a0cede29d3a45bb464139a94533e8815\" data-label=\"Los retablos y las cubiertas\"\n            data-category=\"NATIVITAT-DE-DURRO-ES-GENERAL-PLAY-3.mp3\" class=\"hidden\" controls\n            src=\"https:\/\/guiesullsdelahistoria.cat\/app\/uploads\/2024\/11\/NATIVITAT-DE-DURRO-ES-GENERAL-PLAY-3.mp3\"><\/audio>\n          <div class=\"flex items-center w-full gap-3 transition-opacity opacity-0 meta\">\n            <progress class=\"flex-1 border-0 appearance-none\" value=\"0\" max=\"1\"><\/progress>\n            <div class=\"text-sm text-center shrink-0 current-time w-9\"><\/div>\n                      <\/div>\n        <\/div>\n            <div class=\"flex flex-col items-center gap-2 shrink-1 audio-control\">\n        <button\n  class=\"flex items-center justify-center w-32 max-w-32 h-32 max-h-32 transition-[max-height,_max-width] bg-black rounded-full btn text-accent\"\n  data-target=\"#audio-a0cede29d3a45bb464139a94533e8815\">\n  <svg width=\"100%\" height=\"100%\" viewBox=\"0 0 36 36\" version=\"1.1\" xmlns=\"http:\/\/www.w3.org\/2000\/svg\" xmlns:xlink=\"http:\/\/www.w3.org\/1999\/xlink\">\n  <path id=\"ytp-12\" d=\"M11,10 L18,13.74 18,22.28 11,26 M18,13.74 L26,18 26,18 18,22.28\" fill=\"currentColor\">\n    <animate id=\"animation\" begin=\"indefinite\" attributeType=\"XML\" attributeName=\"d\" fill=\"freeze\" from=\"M11,10 L17,10 17,26 11,26 M20,10 L26,10 26,26 20,26\" to=\"M11,10 L18,13.74 18,22.28 11,26 M18,13.74 L26,18 26,18 18,22.28\" dur=\"0.1s\" keySplines=\".4 0 1 1\" repeatCount=\"1\" data-play=\"M11,10 L18,13.74 18,22.28 11,26 M18,13.74 L26,18 26,18 18,22.28\" data-pause=\"M11,10 L17,10 17,26 11,26 M20,10 L26,10 26,26 20,26\"><\/animate>\n  <\/path>\n<\/svg>\n<\/button>\n        <p class=\"text-base text-center\">Escucha<\/p>\n      <\/div>\n    <\/div>\n\n    \n          <div class=\"flex flex-wrap justify-between gap-6 md:justify-start\">\n                  <button data-target=\"#transcription-a0cede29d3a45bb464139a94533e8815\" data-toggle=\"modal\" class=\"flex items-center gap-2\">\n            <svg class=\"w-6 h-6\" fill=\"none\" xmlns=\"http:\/\/www.w3.org\/2000\/svg\" viewBox=\"0 0 22 12\"><path d=\"M0 9.873v-6c0-.55.196-1.02.588-1.412A1.926 1.926 0 0 1 2 1.873h2c.55 0 1.02.196 1.412.588.392.391.588.862.588 1.412v6H4v-2H2v2H0Zm2-4h2v-2H2v2Zm6 4v-8h4c.55 0 1.02.196 1.412.588.392.391.588.862.588 1.412v4c0 .55-.196 1.021-.588 1.413A1.926 1.926 0 0 1 12 9.873H8Zm2-2h2v-4h-2v4Zm6.85.8-1.4-1.425c.183-.183.32-.391.413-.625.091-.233.137-.483.137-.75 0-.283-.046-.537-.137-.762a1.85 1.85 0 0 0-.413-.613l1.4-1.45c.367.367.65.792.85 1.275.2.484.3 1 .3 1.55s-.1 1.063-.3 1.538c-.2.475-.483.896-.85 1.262Zm2.825 2.825-1.45-1.375c.55-.55.983-1.187 1.3-1.912A5.775 5.775 0 0 0 20 5.873c0-.85-.158-1.633-.475-2.35a6.217 6.217 0 0 0-1.3-1.9l1.45-1.4a7.94 7.94 0 0 1 1.712 2.55c.409.967.613 2 .613 3.1s-.204 2.13-.613 3.088a7.977 7.977 0 0 1-1.712 2.537Z\" fill=\"#000\"\/><\/svg>            <span>Transcripci\u00f3n<\/span>\n          <\/button>\n                      <\/div>\n      <\/div>\n\n      <div id=\"transcription-a0cede29d3a45bb464139a94533e8815\"\n  class=\"fixed inset-0 z-50 hidden w-screen h-screen opacity-0 pointer-events-none modal transcription\"\n  tabindex=\"-1\" role=\"dialog\">\n  <div class=\"absolute w-full h-full bg-black opacity-75 modal-overlay\"><\/div>\n  <div\n    class=\"absolute z-30 w-11\/12 mx-auto overflow-y-auto text-black bg-white shadow-lg modal-container center-xy md:max-w-4xl\"\n    role=\"document\">\n    <div class=\"flex items-center justify-between px-4 py-4 text-gray-700 border-b md:px-8\">\n      <h2 class=\"!mb-0 font-bold\">Transcripci\u00f3n<\/h2>\n      <div class=\"z-50 flex flex-col items-center ml-auto cursor-pointer rtl:ml-0 rtl:mr-auto modal-close\">\n        <svg class=\"w-auto h-6\" width=\"18\" height=\"23\" xmlns=\"http:\/\/www.w3.org\/2000\/svg\">\n  <g stroke=\"currentColor\" fill=\"none\" fill-rule=\"evenodd\" stroke-linecap=\"square\">\n    <path d=\"M.7248.974l16.1076 20.6167M16.655 1.2654L.9097 22.1601\" \/>\n  <\/g>\n<\/svg>        <div class=\"hidden\">Close<\/div>\n      <\/div>\n    <\/div>\n    <div class=\"px-4 py-8 overflow-y-auto max-h-modal md:px-8 modal-content\">\n      <div class=\"mb-8 flex flex-col gap-1.5\">\n                      <h3 class=\"text-xl font-bold\">Los retablos y las cubiertas<\/h3>\n                            <\/div>\n            <p>Nada m\u00e1s entrar en la Nativitat de Durro, lo primero que llama la atenci\u00f3n es la decoraci\u00f3n barroca y los retablos.<br \/>\nEl que tienes m\u00e1s cerca empezando por la derecha est\u00e1 dedicado a san Antonio y es del siglo XVIII. San Antonio Abad est\u00e1 representado en la parte superior, y san Antonio de Padua, en la parte inferior.<br \/>\nAl otro lado, el primero por la izquierda est\u00e1 dedicado a la Virgen Mar\u00eda y es del siglo XVII.<\/p>\n<p>El segundo por la izquierda es el retablo del Santo Cristo, tambi\u00e9n del siglo XVIII, dedicado a la pasi\u00f3n de Jes\u00fas. El Cristo que ves fue elaborado por el escultor Josep Viladomat en los a\u00f1os sesenta.<br \/>\nEl segundo retablo por la derecha est\u00e1 dedicado a san Juan. Y, finalmente, situado al fondo, en el altar, est\u00e1 el retablo mayor, de mediados del XVIII. En la parte inferior se encuentran las cuatro v\u00edrgenes m\u00e1rtires: santa \u00c1gata, santa B\u00e1rbara, santa Luc\u00eda y, posiblemente, santa Engracia. Durante la Guerra Civil el retablo sufri\u00f3 da\u00f1os y las figuras actuales son modernas. En el nivel superior est\u00e1 representado el doble sagrado coraz\u00f3n; justo debajo, Mar\u00eda y el Ni\u00f1o Jes\u00fas; a la izquierda, san Jos\u00e9, y a la derecha, san Joaqu\u00edn y Mar\u00eda de ni\u00f1a.<br \/>\nAhora debes mirar hacia arriba para descubrir un detalle arquitect\u00f3nico que hace especial esta iglesia. Se trata de las cubiertas de la nave central y de las capillas laterales. Puedes ver c\u00f3mo la cubierta de la nave central es de b\u00f3veda de ca\u00f1\u00f3n, mientras que la capilla lateral izquierda es de crucer\u00eda, y la de la derecha, barroca. Ambas fueron construidas posteriormente.<br \/>\nQuiz\u00e1 tambi\u00e9n te han llamado la atenci\u00f3n dos grandes p\u00e1jaros blancos que hay en los muros del lado del altar. Son lampadarios barrocos, para sostener las l\u00e1mparas de aceite.<br \/>\nPor \u00faltimo, y a\u00fan en la parte de abajo, mirando hacia la entrada, f\u00edjate en la pila de piedra cubierta por una tapa piramidal de color verde. Es la pila bautismal rom\u00e1nica. La estructura de madera que la protege, del siglo XVIII, serv\u00eda para proteger el agua y tambi\u00e9n para guardar los elementos lit\u00fargicos.<br \/>\nPara seguir la visita, debes subir al coro de la iglesia. Tienes que acceder por las escaleras que hay en la entrada, en la zona de la taquilla.<\/p>\n    <\/div>\n  <\/div>\n<\/div>\n    <\/section>\n\n\n<div class=\"flex flex-col gap-3 element text-block\">\n  <div class=\"flex items-center gap-6\">\n              <h2 class=\"text-2xl font-bold\">2e Coro<\/h2>\n      <\/div>\n    <\/div>\n\n\n<div class=\"flex flex-col gap-6 element image-block\">\n  <div class=\"flex flex-col gap-3\">\n      <\/div>\n      <figure>\n      <img loading=\"lazy\" decoding=\"async\" width=\"451\" height=\"768\" src=\"https:\/\/guiesullsdelahistoria.cat\/app\/uploads\/2024\/11\/DSC0146_J.BARBERO.jpg\" class=\"w-full h-auto\" alt=\"Fragmentos de la talla de madera del Nicodemo del Descendimiento de la cruz de Durro puestos sobre la hipot\u00e9tica figura original sombreada.\" srcset=\"https:\/\/guiesullsdelahistoria.cat\/app\/uploads\/2024\/11\/DSC0146_J.BARBERO.jpg 451w, https:\/\/guiesullsdelahistoria.cat\/app\/uploads\/2024\/11\/DSC0146_J.BARBERO-176x300.jpg 176w\" sizes=\"auto, (max-width: 451px) 100vw, 451px\" \/>\n              <figcaption class=\"pt-2 text-gray-800\">Talla de madera del Nicodemo del <em>Descendimiento de la cruz<\/em> de Durro.<\/figcaption>\n          <\/figure>\n  <\/div>\n\n\n<section class=\"element audio-block\">\n  <div class=\"flex flex-col w-full gap-6\">\n    <div class=\"flex flex-col gap-3\">\n      <div class=\"flex gap-6\">\n                          <h2 class=\"text-2xl font-bold\">El Nicodemo<\/h2>\n              <\/div>\n          <\/div>\n    <div class=\"flex items-center justify-end gap-3\">\n              <div class=\"flex-1 audio-content\" dir=\"ltr\">\n          <audio id=\"audio-4002c78a0ec225be4a3199f721472c7d\" data-label=\"El Nicodemo\"\n            data-category=\"NATIVITAT-DE-DURRO-ES-GENERAL-PLAY-4.mp3\" class=\"hidden\" controls\n            src=\"https:\/\/guiesullsdelahistoria.cat\/app\/uploads\/2024\/11\/NATIVITAT-DE-DURRO-ES-GENERAL-PLAY-4.mp3\"><\/audio>\n          <div class=\"flex items-center w-full gap-3 transition-opacity opacity-0 meta\">\n            <progress class=\"flex-1 border-0 appearance-none\" value=\"0\" max=\"1\"><\/progress>\n            <div class=\"text-sm text-center shrink-0 current-time w-9\"><\/div>\n                      <\/div>\n        <\/div>\n            <div class=\"flex flex-col items-center gap-2 shrink-1 audio-control\">\n        <button\n  class=\"flex items-center justify-center w-32 max-w-32 h-32 max-h-32 transition-[max-height,_max-width] bg-black rounded-full btn text-accent\"\n  data-target=\"#audio-4002c78a0ec225be4a3199f721472c7d\">\n  <svg width=\"100%\" height=\"100%\" viewBox=\"0 0 36 36\" version=\"1.1\" xmlns=\"http:\/\/www.w3.org\/2000\/svg\" xmlns:xlink=\"http:\/\/www.w3.org\/1999\/xlink\">\n  <path id=\"ytp-12\" d=\"M11,10 L18,13.74 18,22.28 11,26 M18,13.74 L26,18 26,18 18,22.28\" fill=\"currentColor\">\n    <animate id=\"animation\" begin=\"indefinite\" attributeType=\"XML\" attributeName=\"d\" fill=\"freeze\" from=\"M11,10 L17,10 17,26 11,26 M20,10 L26,10 26,26 20,26\" to=\"M11,10 L18,13.74 18,22.28 11,26 M18,13.74 L26,18 26,18 18,22.28\" dur=\"0.1s\" keySplines=\".4 0 1 1\" repeatCount=\"1\" data-play=\"M11,10 L18,13.74 18,22.28 11,26 M18,13.74 L26,18 26,18 18,22.28\" data-pause=\"M11,10 L17,10 17,26 11,26 M20,10 L26,10 26,26 20,26\"><\/animate>\n  <\/path>\n<\/svg>\n<\/button>\n        <p class=\"text-base text-center\">Escucha<\/p>\n      <\/div>\n    <\/div>\n\n    \n          <div class=\"flex flex-wrap justify-between gap-6 md:justify-start\">\n                  <button data-target=\"#transcription-4002c78a0ec225be4a3199f721472c7d\" data-toggle=\"modal\" class=\"flex items-center gap-2\">\n            <svg class=\"w-6 h-6\" fill=\"none\" xmlns=\"http:\/\/www.w3.org\/2000\/svg\" viewBox=\"0 0 22 12\"><path d=\"M0 9.873v-6c0-.55.196-1.02.588-1.412A1.926 1.926 0 0 1 2 1.873h2c.55 0 1.02.196 1.412.588.392.391.588.862.588 1.412v6H4v-2H2v2H0Zm2-4h2v-2H2v2Zm6 4v-8h4c.55 0 1.02.196 1.412.588.392.391.588.862.588 1.412v4c0 .55-.196 1.021-.588 1.413A1.926 1.926 0 0 1 12 9.873H8Zm2-2h2v-4h-2v4Zm6.85.8-1.4-1.425c.183-.183.32-.391.413-.625.091-.233.137-.483.137-.75 0-.283-.046-.537-.137-.762a1.85 1.85 0 0 0-.413-.613l1.4-1.45c.367.367.65.792.85 1.275.2.484.3 1 .3 1.55s-.1 1.063-.3 1.538c-.2.475-.483.896-.85 1.262Zm2.825 2.825-1.45-1.375c.55-.55.983-1.187 1.3-1.912A5.775 5.775 0 0 0 20 5.873c0-.85-.158-1.633-.475-2.35a6.217 6.217 0 0 0-1.3-1.9l1.45-1.4a7.94 7.94 0 0 1 1.712 2.55c.409.967.613 2 .613 3.1s-.204 2.13-.613 3.088a7.977 7.977 0 0 1-1.712 2.537Z\" fill=\"#000\"\/><\/svg>            <span>Transcripci\u00f3n<\/span>\n          <\/button>\n                      <\/div>\n      <\/div>\n\n      <div id=\"transcription-4002c78a0ec225be4a3199f721472c7d\"\n  class=\"fixed inset-0 z-50 hidden w-screen h-screen opacity-0 pointer-events-none modal transcription\"\n  tabindex=\"-1\" role=\"dialog\">\n  <div class=\"absolute w-full h-full bg-black opacity-75 modal-overlay\"><\/div>\n  <div\n    class=\"absolute z-30 w-11\/12 mx-auto overflow-y-auto text-black bg-white shadow-lg modal-container center-xy md:max-w-4xl\"\n    role=\"document\">\n    <div class=\"flex items-center justify-between px-4 py-4 text-gray-700 border-b md:px-8\">\n      <h2 class=\"!mb-0 font-bold\">Transcripci\u00f3n<\/h2>\n      <div class=\"z-50 flex flex-col items-center ml-auto cursor-pointer rtl:ml-0 rtl:mr-auto modal-close\">\n        <svg class=\"w-auto h-6\" width=\"18\" height=\"23\" xmlns=\"http:\/\/www.w3.org\/2000\/svg\">\n  <g stroke=\"currentColor\" fill=\"none\" fill-rule=\"evenodd\" stroke-linecap=\"square\">\n    <path d=\"M.7248.974l16.1076 20.6167M16.655 1.2654L.9097 22.1601\" \/>\n  <\/g>\n<\/svg>        <div class=\"hidden\">Close<\/div>\n      <\/div>\n    <\/div>\n    <div class=\"px-4 py-8 overflow-y-auto max-h-modal md:px-8 modal-content\">\n      <div class=\"mb-8 flex flex-col gap-1.5\">\n                      <h3 class=\"text-xl font-bold\">El Nicodemo<\/h3>\n                            <\/div>\n            <p>Te encuentras frente a la pieza m\u00e1s singular de la iglesia: la talla de madera de un Nicodemo. Esta imagen formaba parte de un conjunto mayor, el Descendimiento de la cruz de Durro, creado en el siglo XII por los artesanos del llamado taller de Erill. De las siete tallas que formaban el conjunto original, se conocen \u00fanicamente tres: esta; la Virgen Mar\u00eda, conservada en el MNAC; y el Cristo, desaparecido durante la Guerra Civil. F\u00edjate en que todav\u00eda le quedan restos del policromado en el brazo y el torso.<br \/>\nQuiz\u00e1 ahora no recuerdas qui\u00e9n era Nicodemo. Vamos a refrescarte la memoria: fue el encargado de desclavar a Jes\u00fas de la cruz.<\/p>\n<p>\u00bfY c\u00f3mo es que la talla del Nicodemo lleg\u00f3 hasta nuestros d\u00edas? Pues porque qued\u00f3 oculta durante muchos a\u00f1os. No se tuvo conocimiento de su existencia hasta el a\u00f1o 2001, cuando se hall\u00f3 desmontando un retablo de la iglesia para restaurarlo.<br \/>\nSi quieres ver c\u00f3mo era el conjunto del Descendimiento a partir de la informaci\u00f3n que tenemos, puedes hacerlo con el recurso virtual.<\/p>\n<p>A\u00fan en el coro, habr\u00e1s visto que hay un banco y otros elementos. Son los bienes muebles que se han ido reuniendo en el interior de la iglesia a lo largo de los siglos y que ahora apreciamos como bienes art\u00edsticos.<br \/>\nUno de estos elementos es un banco renacentista de madera, que tiene dos piezas muy especiales: los dos paneles de la izquierda del respaldo. Las dos tablas, hechas de madera de pino, son probablemente de \u00e9poca rom\u00e1nica, y en origen formaban parte de otro mueble. <\/p>\n    <\/div>\n  <\/div>\n<\/div>\n    <\/section>\n\n\n<div class=\"flex flex-col gap-3 element interactive-block\">\n  <div class=\"flex items-center gap-6\">\n              <h2 class=\"text-2xl font-bold\">Recurso virtual: El conjunto del Descendimiento  de Durro<\/h2>\n      <\/div>\n          <div class=\"flex justify-end w-full\">\n      <div class=\"flex flex-col items-center gap-2 shrink-1\">\n        <button data-target=\"#embed-69f5c6900ef86\" data-toggle=\"modal\"\n          class=\"flex items-center justify-center w-32 h-32 bg-black rounded-full text-accent\">\n          <svg class=\"w-16 h-auto\" width=\"60\" height=\"61\" viewBox=\"0 0 60 61\" fill=\"none\" xmlns=\"http:\/\/www.w3.org\/2000\/svg\">\n  <path\n    d=\"M27 53.298L12 44.673C11.05 44.1231 10.3125 43.398 9.7875 42.498C9.2625 41.598 9 40.598 9 39.498V22.248C9 21.148 9.2625 20.148 9.7875 19.248C10.3125 18.348 11.05 17.623 12 17.073L27 8.44805C27.95 7.89805 28.95 7.62305 30 7.62305C31.05 7.62305 32.05 7.89805 33 8.44805L48 17.073C48.95 17.623 49.6875 18.348 50.2125 19.248C50.7375 20.148 51 21.148 51 22.248V39.498C51 40.598 50.7375 41.598 50.2125 42.498C49.6875 43.398 48.95 44.1231 48 44.673L33 53.298C32.05 53.848 31.05 54.123 30 54.123C28.95 54.123 27.95 53.848 27 53.298ZM27 46.398V32.598L15 25.623V39.498L27 46.398ZM33 46.398L45 39.498V25.623L33 32.598V46.398ZM0 15.873V6.87305C0 5.22305 0.5875 3.81055 1.7625 2.63555C2.9375 1.46055 4.35 0.873047 6 0.873047H15V6.87305H6V15.873H0ZM15 60.873H6C4.35 60.873 2.9375 60.2855 1.7625 59.1105C0.5875 57.9355 0 56.523 0 54.873V45.8731H6V54.873H15V60.873ZM45 60.873V54.873H54V45.8731H60V54.873C60 56.523 59.4125 57.9355 58.2375 59.1105C57.0625 60.2855 55.65 60.873 54 60.873H45ZM54 15.873V6.87305H45V0.873047H54C55.65 0.873047 57.0625 1.46055 58.2375 2.63555C59.4125 3.81055 60 5.22305 60 6.87305V15.873H54ZM30 27.423L41.85 20.448L30 13.623L18.15 20.448L30 27.423Z\"\n    fill=\"currentColor\" \/>\n<\/svg>\n        <\/button>\n                  <p class=\"text-base text-center\">Mira<\/p>\n              <\/div>\n    <\/div>\n    <div id=\"embed-69f5c6900ef86\"\n  class=\"fixed inset-0 z-50 hidden w-screen h-screen opacity-0 pointer-events-none modal embed-container\"\n  tabindex=\"-1\" role=\"dialog\">\n  <div class=\"absolute w-full h-full bg-black opacity-75 modal-overlay\"><\/div>\n  <div\n    class=\"absolute z-30 w-11\/12 mx-auto overflow-y-auto text-black bg-white shadow-lg modal-container center-xy md:max-w-4xl\"\n    role=\"document\">\n    <div class=\"flex items-center justify-between px-4 py-4 text-gray-700 border-b md:px-8\">\n      <h2 class=\"!mb-0 font-bold\">Mira<\/h2>\n      <div class=\"z-50 flex flex-col items-center ml-auto cursor-pointer rtl:ml-0 rtl:mr-auto modal-close\">\n        <svg class=\"w-auto h-6\" width=\"18\" height=\"23\" xmlns=\"http:\/\/www.w3.org\/2000\/svg\">\n  <g stroke=\"currentColor\" fill=\"none\" fill-rule=\"evenodd\" stroke-linecap=\"square\">\n    <path d=\"M.7248.974l16.1076 20.6167M16.655 1.2654L.9097 22.1601\" \/>\n  <\/g>\n<\/svg>        <div class=\"hidden\">Close<\/div>\n      <\/div>\n    <\/div>\n    <div class=\"px-4 py-8 overflow-y-auto max-h-modal md:px-8 modal-content\">\n      <div class=\"sketchfab-embed-wrapper\"> <iframe title=\"Nicodem del Davallament de Durro\" frameborder=\"0\" allowfullscreen mozallowfullscreen=\"true\" webkitallowfullscreen=\"true\" allow=\"autoplay; fullscreen; xr-spatial-tracking\" xr-spatial-tracking execution-while-out-of-viewport execution-while-not-rendered web-share src=\"https:\/\/sketchfab.com\/models\/161ecf0cea864332b192cebcfc5084ae\/embed?ui_infos=0\"> <\/iframe> <\/div>\n    <\/div>\n  <\/div>\n<\/div>\n  <\/div>\n\n\n<div class=\"flex flex-col gap-3 element text-block\">\n  <div class=\"flex items-center gap-6\">\n              <h2 class=\"text-2xl font-bold\">2f \u00a1Te esperamos!<\/h2>\n      <\/div>\n    <\/div>\n\n\n<section class=\"element audio-block\">\n  <div class=\"flex flex-col w-full gap-6\">\n    <div class=\"flex flex-col gap-3\">\n      <div class=\"flex gap-6\">\n                          <h2 class=\"text-2xl font-bold\">La visita continua<\/h2>\n              <\/div>\n          <\/div>\n    <div class=\"flex items-center justify-end gap-3\">\n              <div class=\"flex-1 audio-content\" dir=\"ltr\">\n          <audio id=\"audio-a3c580bb28418604847d205da6a5bd96\" data-label=\"La visita continua\"\n            data-category=\"NATIVITAT-DE-DURRO-ES-GENERAL-PLAY-CLOENDA.mp3\" class=\"hidden\" controls\n            src=\"https:\/\/guiesullsdelahistoria.cat\/app\/uploads\/2024\/11\/NATIVITAT-DE-DURRO-ES-GENERAL-PLAY-CLOENDA.mp3\"><\/audio>\n          <div class=\"flex items-center w-full gap-3 transition-opacity opacity-0 meta\">\n            <progress class=\"flex-1 border-0 appearance-none\" value=\"0\" max=\"1\"><\/progress>\n            <div class=\"text-sm text-center shrink-0 current-time w-9\"><\/div>\n                      <\/div>\n        <\/div>\n            <div class=\"flex flex-col items-center gap-2 shrink-1 audio-control\">\n        <button\n  class=\"flex items-center justify-center w-32 max-w-32 h-32 max-h-32 transition-[max-height,_max-width] bg-black rounded-full btn text-accent\"\n  data-target=\"#audio-a3c580bb28418604847d205da6a5bd96\">\n  <svg width=\"100%\" height=\"100%\" viewBox=\"0 0 36 36\" version=\"1.1\" xmlns=\"http:\/\/www.w3.org\/2000\/svg\" xmlns:xlink=\"http:\/\/www.w3.org\/1999\/xlink\">\n  <path id=\"ytp-12\" d=\"M11,10 L18,13.74 18,22.28 11,26 M18,13.74 L26,18 26,18 18,22.28\" fill=\"currentColor\">\n    <animate id=\"animation\" begin=\"indefinite\" attributeType=\"XML\" attributeName=\"d\" fill=\"freeze\" from=\"M11,10 L17,10 17,26 11,26 M20,10 L26,10 26,26 20,26\" to=\"M11,10 L18,13.74 18,22.28 11,26 M18,13.74 L26,18 26,18 18,22.28\" dur=\"0.1s\" keySplines=\".4 0 1 1\" repeatCount=\"1\" data-play=\"M11,10 L18,13.74 18,22.28 11,26 M18,13.74 L26,18 26,18 18,22.28\" data-pause=\"M11,10 L17,10 17,26 11,26 M20,10 L26,10 26,26 20,26\"><\/animate>\n  <\/path>\n<\/svg>\n<\/button>\n        <p class=\"text-base text-center\">Escucha<\/p>\n      <\/div>\n    <\/div>\n\n    \n          <div class=\"flex flex-wrap justify-between gap-6 md:justify-start\">\n                  <button data-target=\"#transcription-a3c580bb28418604847d205da6a5bd96\" data-toggle=\"modal\" class=\"flex items-center gap-2\">\n            <svg class=\"w-6 h-6\" fill=\"none\" xmlns=\"http:\/\/www.w3.org\/2000\/svg\" viewBox=\"0 0 22 12\"><path d=\"M0 9.873v-6c0-.55.196-1.02.588-1.412A1.926 1.926 0 0 1 2 1.873h2c.55 0 1.02.196 1.412.588.392.391.588.862.588 1.412v6H4v-2H2v2H0Zm2-4h2v-2H2v2Zm6 4v-8h4c.55 0 1.02.196 1.412.588.392.391.588.862.588 1.412v4c0 .55-.196 1.021-.588 1.413A1.926 1.926 0 0 1 12 9.873H8Zm2-2h2v-4h-2v4Zm6.85.8-1.4-1.425c.183-.183.32-.391.413-.625.091-.233.137-.483.137-.75 0-.283-.046-.537-.137-.762a1.85 1.85 0 0 0-.413-.613l1.4-1.45c.367.367.65.792.85 1.275.2.484.3 1 .3 1.55s-.1 1.063-.3 1.538c-.2.475-.483.896-.85 1.262Zm2.825 2.825-1.45-1.375c.55-.55.983-1.187 1.3-1.912A5.775 5.775 0 0 0 20 5.873c0-.85-.158-1.633-.475-2.35a6.217 6.217 0 0 0-1.3-1.9l1.45-1.4a7.94 7.94 0 0 1 1.712 2.55c.409.967.613 2 .613 3.1s-.204 2.13-.613 3.088a7.977 7.977 0 0 1-1.712 2.537Z\" fill=\"#000\"\/><\/svg>            <span>Transcripci\u00f3n<\/span>\n          <\/button>\n                      <\/div>\n      <\/div>\n\n      <div id=\"transcription-a3c580bb28418604847d205da6a5bd96\"\n  class=\"fixed inset-0 z-50 hidden w-screen h-screen opacity-0 pointer-events-none modal transcription\"\n  tabindex=\"-1\" role=\"dialog\">\n  <div class=\"absolute w-full h-full bg-black opacity-75 modal-overlay\"><\/div>\n  <div\n    class=\"absolute z-30 w-11\/12 mx-auto overflow-y-auto text-black bg-white shadow-lg modal-container center-xy md:max-w-4xl\"\n    role=\"document\">\n    <div class=\"flex items-center justify-between px-4 py-4 text-gray-700 border-b md:px-8\">\n      <h2 class=\"!mb-0 font-bold\">Transcripci\u00f3n<\/h2>\n      <div class=\"z-50 flex flex-col items-center ml-auto cursor-pointer rtl:ml-0 rtl:mr-auto modal-close\">\n        <svg class=\"w-auto h-6\" width=\"18\" height=\"23\" xmlns=\"http:\/\/www.w3.org\/2000\/svg\">\n  <g stroke=\"currentColor\" fill=\"none\" fill-rule=\"evenodd\" stroke-linecap=\"square\">\n    <path d=\"M.7248.974l16.1076 20.6167M16.655 1.2654L.9097 22.1601\" \/>\n  <\/g>\n<\/svg>        <div class=\"hidden\">Close<\/div>\n      <\/div>\n    <\/div>\n    <div class=\"px-4 py-8 overflow-y-auto max-h-modal md:px-8 modal-content\">\n      <div class=\"mb-8 flex flex-col gap-1.5\">\n                      <h3 class=\"text-xl font-bold\">La visita continua<\/h3>\n                            <\/div>\n            <p>Aqu\u00ed termina la visita a la iglesia. Ahora te invitamos a conocer las dem\u00e1s, que constituyen el Conjunto Rom\u00e1nico de la Vall de Bo\u00ed. \u00a1Te esperamos!<\/p>\n    <\/div>\n  <\/div>\n<\/div>\n    <\/section>\n\n\n<div class=\"flex flex-col gap-3 element text-block\">\n  <div class=\"flex items-center gap-6\">\n              <h2 class=\"text-2xl font-bold\">Cierre<\/h2>\n      <\/div>\n        <div class=\"prose prose-lg\"><p>\u201c<em>Els Ulls de la Hist\u00f2ria<\/em>. Una mirada inmersiva sobre el patrimonio\u201d es una iniciativa de la Ag\u00e8ncia Catalana del Patrimoni Cultural.<br \/>\nUn proyecto que incorpora otras voces y otras miradas sobre nuestro pasado. Porque todas y todos hacemos historia.<\/p>\n<\/div>\n  <\/div>\n\n<\/div>\n      <\/div>\n    <\/div>\n  <\/section>\n\n\n<section class=\"overflow-hidden section\" id=\"section-69f5c6902d02a\" data-title=\"3. Sant Climent de Ta\u00fcll\">\n    <div class=\"container grid grid-cols-1 py-8 md:py-10 max-md:gap-y-8 md:grid-standard\">\n              <div class=\"flex gap-4 md:col-span-5\">\n                                <h2 class=\"text-8 font-headings\">3. Sant Climent de Ta\u00fcll<\/h2>\n                  <\/div>\n            <div class=\"flex flex-col gap-8 md:col-span-6 md:col-start-7 md:gap-10\">\n        <div class=\"acf-innerblocks-container\">\n<div class=\"flex flex-col gap-3 element text-block\">\n  <div class=\"flex items-center gap-6\">\n              <h2 class=\"text-2xl font-bold\">3a Introducci\u00f3n<\/h2>\n      <\/div>\n    <\/div>\n\n\n<div class=\"flex flex-col gap-6 element image-block\">\n  <div class=\"flex flex-col gap-3\">\n      <\/div>\n      <figure>\n      <img loading=\"lazy\" decoding=\"async\" width=\"1032\" height=\"703\" src=\"https:\/\/guiesullsdelahistoria.cat\/app\/uploads\/2024\/11\/st.-climent-de-taull-1-1.jpg\" class=\"w-full h-auto\" alt=\"Vista general del exterior de la iglesia de Sant Climent de Ta\u00fcll, con el cementerio y la torre del campanario en primer t\u00e9rmino y las monta\u00f1as al fondo.\" srcset=\"https:\/\/guiesullsdelahistoria.cat\/app\/uploads\/2024\/11\/st.-climent-de-taull-1-1.jpg 1032w, https:\/\/guiesullsdelahistoria.cat\/app\/uploads\/2024\/11\/st.-climent-de-taull-1-1-300x204.jpg 300w, https:\/\/guiesullsdelahistoria.cat\/app\/uploads\/2024\/11\/st.-climent-de-taull-1-1-1024x698.jpg 1024w, https:\/\/guiesullsdelahistoria.cat\/app\/uploads\/2024\/11\/st.-climent-de-taull-1-1-768x523.jpg 768w\" sizes=\"auto, (max-width: 1032px) 100vw, 1032px\" \/>\n              <figcaption class=\"pt-2 text-gray-800\">Vista general de Sant Climent de Ta\u00fcll.<\/figcaption>\n          <\/figure>\n  <\/div>\n\n\n<section class=\"element audio-block\">\n  <div class=\"flex flex-col w-full gap-6\">\n    <div class=\"flex flex-col gap-3\">\n      <div class=\"flex gap-6\">\n                          <h2 class=\"text-2xl font-bold\">La Vall de Bo\u00ed y sus iglesias<\/h2>\n              <\/div>\n          <\/div>\n    <div class=\"flex items-center justify-end gap-3\">\n              <div class=\"flex-1 audio-content\" dir=\"ltr\">\n          <audio id=\"audio-ef6377d98d78fc94549f19bfa7937caf\" data-label=\"La Vall de Bo\u00ed y sus iglesias\"\n            data-category=\"SANT-CLIMENT-DE-TAULL-ES-GENERAL-PLAY-0.mp3\" class=\"hidden\" controls\n            src=\"https:\/\/guiesullsdelahistoria.cat\/app\/uploads\/2024\/11\/SANT-CLIMENT-DE-TAULL-ES-GENERAL-PLAY-0.mp3\"><\/audio>\n          <div class=\"flex items-center w-full gap-3 transition-opacity opacity-0 meta\">\n            <progress class=\"flex-1 border-0 appearance-none\" value=\"0\" max=\"1\"><\/progress>\n            <div class=\"text-sm text-center shrink-0 current-time w-9\"><\/div>\n                      <\/div>\n        <\/div>\n            <div class=\"flex flex-col items-center gap-2 shrink-1 audio-control\">\n        <button\n  class=\"flex items-center justify-center w-32 max-w-32 h-32 max-h-32 transition-[max-height,_max-width] bg-black rounded-full btn text-accent\"\n  data-target=\"#audio-ef6377d98d78fc94549f19bfa7937caf\">\n  <svg width=\"100%\" height=\"100%\" viewBox=\"0 0 36 36\" version=\"1.1\" xmlns=\"http:\/\/www.w3.org\/2000\/svg\" xmlns:xlink=\"http:\/\/www.w3.org\/1999\/xlink\">\n  <path id=\"ytp-12\" d=\"M11,10 L18,13.74 18,22.28 11,26 M18,13.74 L26,18 26,18 18,22.28\" fill=\"currentColor\">\n    <animate id=\"animation\" begin=\"indefinite\" attributeType=\"XML\" attributeName=\"d\" fill=\"freeze\" from=\"M11,10 L17,10 17,26 11,26 M20,10 L26,10 26,26 20,26\" to=\"M11,10 L18,13.74 18,22.28 11,26 M18,13.74 L26,18 26,18 18,22.28\" dur=\"0.1s\" keySplines=\".4 0 1 1\" repeatCount=\"1\" data-play=\"M11,10 L18,13.74 18,22.28 11,26 M18,13.74 L26,18 26,18 18,22.28\" data-pause=\"M11,10 L17,10 17,26 11,26 M20,10 L26,10 26,26 20,26\"><\/animate>\n  <\/path>\n<\/svg>\n<\/button>\n        <p class=\"text-base text-center\">Escucha<\/p>\n      <\/div>\n    <\/div>\n\n    \n          <div class=\"flex flex-wrap justify-between gap-6 md:justify-start\">\n                  <button data-target=\"#transcription-ef6377d98d78fc94549f19bfa7937caf\" data-toggle=\"modal\" class=\"flex items-center gap-2\">\n            <svg class=\"w-6 h-6\" fill=\"none\" xmlns=\"http:\/\/www.w3.org\/2000\/svg\" viewBox=\"0 0 22 12\"><path d=\"M0 9.873v-6c0-.55.196-1.02.588-1.412A1.926 1.926 0 0 1 2 1.873h2c.55 0 1.02.196 1.412.588.392.391.588.862.588 1.412v6H4v-2H2v2H0Zm2-4h2v-2H2v2Zm6 4v-8h4c.55 0 1.02.196 1.412.588.392.391.588.862.588 1.412v4c0 .55-.196 1.021-.588 1.413A1.926 1.926 0 0 1 12 9.873H8Zm2-2h2v-4h-2v4Zm6.85.8-1.4-1.425c.183-.183.32-.391.413-.625.091-.233.137-.483.137-.75 0-.283-.046-.537-.137-.762a1.85 1.85 0 0 0-.413-.613l1.4-1.45c.367.367.65.792.85 1.275.2.484.3 1 .3 1.55s-.1 1.063-.3 1.538c-.2.475-.483.896-.85 1.262Zm2.825 2.825-1.45-1.375c.55-.55.983-1.187 1.3-1.912A5.775 5.775 0 0 0 20 5.873c0-.85-.158-1.633-.475-2.35a6.217 6.217 0 0 0-1.3-1.9l1.45-1.4a7.94 7.94 0 0 1 1.712 2.55c.409.967.613 2 .613 3.1s-.204 2.13-.613 3.088a7.977 7.977 0 0 1-1.712 2.537Z\" fill=\"#000\"\/><\/svg>            <span>Transcripci\u00f3n<\/span>\n          <\/button>\n                      <\/div>\n      <\/div>\n\n      <div id=\"transcription-ef6377d98d78fc94549f19bfa7937caf\"\n  class=\"fixed inset-0 z-50 hidden w-screen h-screen opacity-0 pointer-events-none modal transcription\"\n  tabindex=\"-1\" role=\"dialog\">\n  <div class=\"absolute w-full h-full bg-black opacity-75 modal-overlay\"><\/div>\n  <div\n    class=\"absolute z-30 w-11\/12 mx-auto overflow-y-auto text-black bg-white shadow-lg modal-container center-xy md:max-w-4xl\"\n    role=\"document\">\n    <div class=\"flex items-center justify-between px-4 py-4 text-gray-700 border-b md:px-8\">\n      <h2 class=\"!mb-0 font-bold\">Transcripci\u00f3n<\/h2>\n      <div class=\"z-50 flex flex-col items-center ml-auto cursor-pointer rtl:ml-0 rtl:mr-auto modal-close\">\n        <svg class=\"w-auto h-6\" width=\"18\" height=\"23\" xmlns=\"http:\/\/www.w3.org\/2000\/svg\">\n  <g stroke=\"currentColor\" fill=\"none\" fill-rule=\"evenodd\" stroke-linecap=\"square\">\n    <path d=\"M.7248.974l16.1076 20.6167M16.655 1.2654L.9097 22.1601\" \/>\n  <\/g>\n<\/svg>        <div class=\"hidden\">Close<\/div>\n      <\/div>\n    <\/div>\n    <div class=\"px-4 py-8 overflow-y-auto max-h-modal md:px-8 modal-content\">\n      <div class=\"mb-8 flex flex-col gap-1.5\">\n                      <h3 class=\"text-xl font-bold\">La Vall de Bo\u00ed y sus iglesias<\/h3>\n                            <\/div>\n            <p>Te damos la bienvenida a la Vall de Bo\u00ed y te animamos a conocer su excepcional conjunto de iglesias, consideradas una de las m\u00e1ximas expresiones del arte rom\u00e1nico catal\u00e1n e inscritas en la lista de Patrimonio Mundial por la UNESCO en el a\u00f1o 2000.<br \/>\nEl Conjunto Rom\u00e1nico de la Vall de Bo\u00ed est\u00e1 integrado por nueve iglesias: Sant Climent y Santa Maria de Ta\u00fcll, Sant Joan de Bo\u00ed, Santa Eul\u00e0lia d\u2019Erill la Vall, Sant Feliu de Barruera, la Nativitat y Sant Quirc de Durro, Santa Maria de Cardet y la Assumpci\u00f3 de C\u00f3ll.<br \/>\nPero \u00bfqu\u00e9 tienen en com\u00fan este conjunto de iglesias? \u00bfPor qu\u00e9 son tan singulares? \u00bfCu\u00e1l es su historia?<br \/>\nTodas fueron construidas entre los siglos XI y XII, en un momento de poder y de bonanza econ\u00f3mica de la nobleza local, y comparten un estilo arquitect\u00f3nico, el rom\u00e1nico, muy extendido por toda Europa.<br \/>\nHoy, gran parte de las pinturas, tallas y mobiliario se conservan en varios museos catalanes, sobre todo en el Museu Nacional d\u2019Art de Catalunya. Sin embargo, algunas de las iglesias cuentan con importantes fragmentos de pintura mural y esculturas originales, adem\u00e1s de reproducciones de las que se conservan en los museos.<br \/>\nCon la gu\u00eda que tienes en tus manos, descubrir\u00e1s los valores excepcionales de este conjunto rom\u00e1nico y podr\u00e1s conocer cada una de las nueve iglesias, con sus secretos y curiosidades.<br \/>\n\u00a1Una advertencia final! Estas monta\u00f1as son misteriosas y, en los valles, las palabras de las personas que las han habitado a menudo se quedan atrapadas y resuenan a lo largo del tiempo como un eco imperceptible. Esta gu\u00eda dispone de un sensor que se activa cada vez que capta alguna. No te asustes y sigue escuchando.<br \/>\nPara empezar la visita, dir\u00edgete a la parte posterior de la iglesia.<\/p>\n    <\/div>\n  <\/div>\n<\/div>\n    <\/section>\n\n\n<div class=\"flex flex-col gap-3 element text-block\">\n  <div class=\"flex items-center gap-6\">\n              <h2 class=\"text-2xl font-bold\">3b \u00c1bside<\/h2>\n      <\/div>\n    <\/div>\n\n\n<div class=\"flex flex-col gap-6 element image-block\">\n  <div class=\"flex flex-col gap-3\">\n      <\/div>\n      <figure>\n      <img loading=\"lazy\" decoding=\"async\" width=\"800\" height=\"600\" src=\"https:\/\/guiesullsdelahistoria.cat\/app\/uploads\/2024\/11\/val-de-boi_0107.jpg\" class=\"w-full h-auto\" alt=\"Vista exterior de la iglesia de Sant Climent de Ta\u00fcll por la parte trasera con los tres \u00e1bsides en primer t\u00e9rmino.\" srcset=\"https:\/\/guiesullsdelahistoria.cat\/app\/uploads\/2024\/11\/val-de-boi_0107.jpg 800w, https:\/\/guiesullsdelahistoria.cat\/app\/uploads\/2024\/11\/val-de-boi_0107-300x225.jpg 300w, https:\/\/guiesullsdelahistoria.cat\/app\/uploads\/2024\/11\/val-de-boi_0107-768x576.jpg 768w\" sizes=\"auto, (max-width: 800px) 100vw, 800px\" \/>\n              <figcaption class=\"pt-2 text-gray-800\">\u00c1bside de Sant Climent de Ta\u00fcll.<\/figcaption>\n          <\/figure>\n  <\/div>\n\n\n<section class=\"element audio-block\">\n  <div class=\"flex flex-col w-full gap-6\">\n    <div class=\"flex flex-col gap-3\">\n      <div class=\"flex gap-6\">\n                          <h2 class=\"text-2xl font-bold\">La piedra y la ornamentaci\u00f3n<\/h2>\n              <\/div>\n          <\/div>\n    <div class=\"flex items-center justify-end gap-3\">\n              <div class=\"flex-1 audio-content\" dir=\"ltr\">\n          <audio id=\"audio-bf2522f2c7434a3a9ffff07db63dbec5\" data-label=\"La piedra y la ornamentaci\u00f3n\"\n            data-category=\"SANT-CLIMENT-DE-TAULL-ES-GENERAL-PLAY-1.mp3\" class=\"hidden\" controls\n            src=\"https:\/\/guiesullsdelahistoria.cat\/app\/uploads\/2024\/11\/SANT-CLIMENT-DE-TAULL-ES-GENERAL-PLAY-1.mp3\"><\/audio>\n          <div class=\"flex items-center w-full gap-3 transition-opacity opacity-0 meta\">\n            <progress class=\"flex-1 border-0 appearance-none\" value=\"0\" max=\"1\"><\/progress>\n            <div class=\"text-sm text-center shrink-0 current-time w-9\"><\/div>\n                      <\/div>\n        <\/div>\n            <div class=\"flex flex-col items-center gap-2 shrink-1 audio-control\">\n        <button\n  class=\"flex items-center justify-center w-32 max-w-32 h-32 max-h-32 transition-[max-height,_max-width] bg-black rounded-full btn text-accent\"\n  data-target=\"#audio-bf2522f2c7434a3a9ffff07db63dbec5\">\n  <svg width=\"100%\" height=\"100%\" viewBox=\"0 0 36 36\" version=\"1.1\" xmlns=\"http:\/\/www.w3.org\/2000\/svg\" xmlns:xlink=\"http:\/\/www.w3.org\/1999\/xlink\">\n  <path id=\"ytp-12\" d=\"M11,10 L18,13.74 18,22.28 11,26 M18,13.74 L26,18 26,18 18,22.28\" fill=\"currentColor\">\n    <animate id=\"animation\" begin=\"indefinite\" attributeType=\"XML\" attributeName=\"d\" fill=\"freeze\" from=\"M11,10 L17,10 17,26 11,26 M20,10 L26,10 26,26 20,26\" to=\"M11,10 L18,13.74 18,22.28 11,26 M18,13.74 L26,18 26,18 18,22.28\" dur=\"0.1s\" keySplines=\".4 0 1 1\" repeatCount=\"1\" data-play=\"M11,10 L18,13.74 18,22.28 11,26 M18,13.74 L26,18 26,18 18,22.28\" data-pause=\"M11,10 L17,10 17,26 11,26 M20,10 L26,10 26,26 20,26\"><\/animate>\n  <\/path>\n<\/svg>\n<\/button>\n        <p class=\"text-base text-center\">Escucha<\/p>\n      <\/div>\n    <\/div>\n\n    \n          <div class=\"flex flex-wrap justify-between gap-6 md:justify-start\">\n                  <button data-target=\"#transcription-bf2522f2c7434a3a9ffff07db63dbec5\" data-toggle=\"modal\" class=\"flex items-center gap-2\">\n            <svg class=\"w-6 h-6\" fill=\"none\" xmlns=\"http:\/\/www.w3.org\/2000\/svg\" viewBox=\"0 0 22 12\"><path d=\"M0 9.873v-6c0-.55.196-1.02.588-1.412A1.926 1.926 0 0 1 2 1.873h2c.55 0 1.02.196 1.412.588.392.391.588.862.588 1.412v6H4v-2H2v2H0Zm2-4h2v-2H2v2Zm6 4v-8h4c.55 0 1.02.196 1.412.588.392.391.588.862.588 1.412v4c0 .55-.196 1.021-.588 1.413A1.926 1.926 0 0 1 12 9.873H8Zm2-2h2v-4h-2v4Zm6.85.8-1.4-1.425c.183-.183.32-.391.413-.625.091-.233.137-.483.137-.75 0-.283-.046-.537-.137-.762a1.85 1.85 0 0 0-.413-.613l1.4-1.45c.367.367.65.792.85 1.275.2.484.3 1 .3 1.55s-.1 1.063-.3 1.538c-.2.475-.483.896-.85 1.262Zm2.825 2.825-1.45-1.375c.55-.55.983-1.187 1.3-1.912A5.775 5.775 0 0 0 20 5.873c0-.85-.158-1.633-.475-2.35a6.217 6.217 0 0 0-1.3-1.9l1.45-1.4a7.94 7.94 0 0 1 1.712 2.55c.409.967.613 2 .613 3.1s-.204 2.13-.613 3.088a7.977 7.977 0 0 1-1.712 2.537Z\" fill=\"#000\"\/><\/svg>            <span>Transcripci\u00f3n<\/span>\n          <\/button>\n                      <\/div>\n      <\/div>\n\n      <div id=\"transcription-bf2522f2c7434a3a9ffff07db63dbec5\"\n  class=\"fixed inset-0 z-50 hidden w-screen h-screen opacity-0 pointer-events-none modal transcription\"\n  tabindex=\"-1\" role=\"dialog\">\n  <div class=\"absolute w-full h-full bg-black opacity-75 modal-overlay\"><\/div>\n  <div\n    class=\"absolute z-30 w-11\/12 mx-auto overflow-y-auto text-black bg-white shadow-lg modal-container center-xy md:max-w-4xl\"\n    role=\"document\">\n    <div class=\"flex items-center justify-between px-4 py-4 text-gray-700 border-b md:px-8\">\n      <h2 class=\"!mb-0 font-bold\">Transcripci\u00f3n<\/h2>\n      <div class=\"z-50 flex flex-col items-center ml-auto cursor-pointer rtl:ml-0 rtl:mr-auto modal-close\">\n        <svg class=\"w-auto h-6\" width=\"18\" height=\"23\" xmlns=\"http:\/\/www.w3.org\/2000\/svg\">\n  <g stroke=\"currentColor\" fill=\"none\" fill-rule=\"evenodd\" stroke-linecap=\"square\">\n    <path d=\"M.7248.974l16.1076 20.6167M16.655 1.2654L.9097 22.1601\" \/>\n  <\/g>\n<\/svg>        <div class=\"hidden\">Close<\/div>\n      <\/div>\n    <\/div>\n    <div class=\"px-4 py-8 overflow-y-auto max-h-modal md:px-8 modal-content\">\n      <div class=\"mb-8 flex flex-col gap-1.5\">\n                      <h3 class=\"text-xl font-bold\">La piedra y la ornamentaci\u00f3n<\/h3>\n                            <\/div>\n            <p>La iglesia de Sant Climent es, quiz\u00e1, la m\u00e1s conocida de todas las de La Vall. Esto se debe a que dentro hay unas pinturas que se han hecho famosas por su calidad y belleza. Seguro que ya has o\u00eddo hablar de ellas. Pero esta iglesia es tan interesante por fuera como por dentro.<\/p>\n<p>En el espacio que hoy ocupa la iglesia de Sant Climent de Ta\u00fcll, originariamente hab\u00eda otra iglesia, del siglo xi. De esa construcci\u00f3n solo quedan algunas partes, como los sillares de piedra de la parte baja de los tres \u00e1bsides y de las fachadas laterales.<br \/>\nLa actual iglesia, la que ves ahora, se construy\u00f3 en el primer cuarto del siglo xii sobre los restos de ese templo primitivo.<\/p>\n<p>Aqu\u00ed tambi\u00e9n puedes distinguir los tres tipos de piedra m\u00e1s utilizados en la construcci\u00f3n de las iglesias de La Vall: el granito de los muros, la pizarra de los tejados y la piedra p\u00f3mez de las decoraciones.<br \/>\nLos tres \u00e1bsides est\u00e1n ornamentados con varios motivos propios del rom\u00e1nico, aunque de \u00e9pocas distintas. El \u00e1bside central est\u00e1 decorado por grupos de cuatro arcos ciegos, dobles, separados por semicolumnas adosadas. Por encima corre un friso de dientes de sierra. Ver\u00e1s que estas piezas ornamentales se diferencian bastante de las piedras de abajo porque son m\u00e1s rojizas; esto es porque est\u00e1n cortadas en piedra p\u00f3mez, un material blando y f\u00e1cil de trabajar. En cambio, los sillares son de granito, que es mucho m\u00e1s duro, y por eso se han conservado mejor a lo largo del tiempo.<\/p>\n<p>Esta iglesia, como el resto de iglesias del conjunto rom\u00e1nico, estaba rebozada por fuera, por lo que los sillares o piedras no se ve\u00edan. Los restos del enlucido, con unas l\u00edneas rojas de la decoraci\u00f3n original, a\u00fan se conservan en varios lugares, como en la parte interior de la peque\u00f1a ventana redonda u ojo de buey de la parte lateral del \u00e1bside central, en la ventana alargada de al lado y en alguna ventana de la cara este.<br \/>\nTambi\u00e9n quedan algunos restos en varias ventanas del campanario. Los puedes ver, por ejemplo, bajo el friso de dientes de sierra del pen\u00faltimo piso.<\/p>\n<p>Justamente en el campanario de Sant Climent, puedes ver claramente c\u00f3mo se constru\u00edan estas torres: quitando peso de los pisos superiores, estrechando los muros del interior, y ampliando, progresivamente, los huecos de las ventanas.<br \/>\nCuando hayas terminado de mirar el campanario, pasa al interior de la iglesia para continuar la visita.<\/p>\n    <\/div>\n  <\/div>\n<\/div>\n    <\/section>\n\n\n<div class=\"flex flex-col gap-3 element text-block\">\n  <div class=\"flex items-center gap-6\">\n              <h2 class=\"text-2xl font-bold\">3c Base de la nave central<\/h2>\n      <\/div>\n    <\/div>\n\n\n<div class=\"flex flex-col gap-6 element image-block\">\n  <div class=\"flex flex-col gap-3\">\n      <\/div>\n      <figure>\n      <img loading=\"lazy\" decoding=\"async\" width=\"1446\" height=\"962\" src=\"https:\/\/guiesullsdelahistoria.cat\/app\/uploads\/2024\/11\/Vista-general-interior-Sant-Climent.jpg\" class=\"w-full h-auto\" alt=\"Vista general de las tres naves del interior de la iglesia de Sant Climent de Ta\u00fcll, desde una perspectiva elevada de la base de la nave central y con el altar al fondo.\" srcset=\"https:\/\/guiesullsdelahistoria.cat\/app\/uploads\/2024\/11\/Vista-general-interior-Sant-Climent.jpg 1446w, https:\/\/guiesullsdelahistoria.cat\/app\/uploads\/2024\/11\/Vista-general-interior-Sant-Climent-300x200.jpg 300w, https:\/\/guiesullsdelahistoria.cat\/app\/uploads\/2024\/11\/Vista-general-interior-Sant-Climent-1024x681.jpg 1024w, https:\/\/guiesullsdelahistoria.cat\/app\/uploads\/2024\/11\/Vista-general-interior-Sant-Climent-768x511.jpg 768w\" sizes=\"auto, (max-width: 1446px) 100vw, 1446px\" \/>\n              <figcaption class=\"pt-2 text-gray-800\">Vista general del interior de Sant Climent de Ta\u00fcll.<\/figcaption>\n          <\/figure>\n  <\/div>\n\n\n<section class=\"element audio-block\">\n  <div class=\"flex flex-col w-full gap-6\">\n    <div class=\"flex flex-col gap-3\">\n      <div class=\"flex gap-6\">\n                          <h2 class=\"text-2xl font-bold\">Elementos arquitect\u00f3nicos<\/h2>\n              <\/div>\n          <\/div>\n    <div class=\"flex items-center justify-end gap-3\">\n              <div class=\"flex-1 audio-content\" dir=\"ltr\">\n          <audio id=\"audio-17650744668d292a836ffe5ed63697fb\" data-label=\"Elementos arquitect\u00f3nicos\"\n            data-category=\"SANT-CLIMENT-DE-TAULL-ES-GENERAL-PLAY-2.mp3\" class=\"hidden\" controls\n            src=\"https:\/\/guiesullsdelahistoria.cat\/app\/uploads\/2024\/11\/SANT-CLIMENT-DE-TAULL-ES-GENERAL-PLAY-2.mp3\"><\/audio>\n          <div class=\"flex items-center w-full gap-3 transition-opacity opacity-0 meta\">\n            <progress class=\"flex-1 border-0 appearance-none\" value=\"0\" max=\"1\"><\/progress>\n            <div class=\"text-sm text-center shrink-0 current-time w-9\"><\/div>\n                      <\/div>\n        <\/div>\n            <div class=\"flex flex-col items-center gap-2 shrink-1 audio-control\">\n        <button\n  class=\"flex items-center justify-center w-32 max-w-32 h-32 max-h-32 transition-[max-height,_max-width] bg-black rounded-full btn text-accent\"\n  data-target=\"#audio-17650744668d292a836ffe5ed63697fb\">\n  <svg width=\"100%\" height=\"100%\" viewBox=\"0 0 36 36\" version=\"1.1\" xmlns=\"http:\/\/www.w3.org\/2000\/svg\" xmlns:xlink=\"http:\/\/www.w3.org\/1999\/xlink\">\n  <path id=\"ytp-12\" d=\"M11,10 L18,13.74 18,22.28 11,26 M18,13.74 L26,18 26,18 18,22.28\" fill=\"currentColor\">\n    <animate id=\"animation\" begin=\"indefinite\" attributeType=\"XML\" attributeName=\"d\" fill=\"freeze\" from=\"M11,10 L17,10 17,26 11,26 M20,10 L26,10 26,26 20,26\" to=\"M11,10 L18,13.74 18,22.28 11,26 M18,13.74 L26,18 26,18 18,22.28\" dur=\"0.1s\" keySplines=\".4 0 1 1\" repeatCount=\"1\" data-play=\"M11,10 L18,13.74 18,22.28 11,26 M18,13.74 L26,18 26,18 18,22.28\" data-pause=\"M11,10 L17,10 17,26 11,26 M20,10 L26,10 26,26 20,26\"><\/animate>\n  <\/path>\n<\/svg>\n<\/button>\n        <p class=\"text-base text-center\">Escucha<\/p>\n      <\/div>\n    <\/div>\n\n    \n          <div class=\"flex flex-wrap justify-between gap-6 md:justify-start\">\n                  <button data-target=\"#transcription-17650744668d292a836ffe5ed63697fb\" data-toggle=\"modal\" class=\"flex items-center gap-2\">\n            <svg class=\"w-6 h-6\" fill=\"none\" xmlns=\"http:\/\/www.w3.org\/2000\/svg\" viewBox=\"0 0 22 12\"><path d=\"M0 9.873v-6c0-.55.196-1.02.588-1.412A1.926 1.926 0 0 1 2 1.873h2c.55 0 1.02.196 1.412.588.392.391.588.862.588 1.412v6H4v-2H2v2H0Zm2-4h2v-2H2v2Zm6 4v-8h4c.55 0 1.02.196 1.412.588.392.391.588.862.588 1.412v4c0 .55-.196 1.021-.588 1.413A1.926 1.926 0 0 1 12 9.873H8Zm2-2h2v-4h-2v4Zm6.85.8-1.4-1.425c.183-.183.32-.391.413-.625.091-.233.137-.483.137-.75 0-.283-.046-.537-.137-.762a1.85 1.85 0 0 0-.413-.613l1.4-1.45c.367.367.65.792.85 1.275.2.484.3 1 .3 1.55s-.1 1.063-.3 1.538c-.2.475-.483.896-.85 1.262Zm2.825 2.825-1.45-1.375c.55-.55.983-1.187 1.3-1.912A5.775 5.775 0 0 0 20 5.873c0-.85-.158-1.633-.475-2.35a6.217 6.217 0 0 0-1.3-1.9l1.45-1.4a7.94 7.94 0 0 1 1.712 2.55c.409.967.613 2 .613 3.1s-.204 2.13-.613 3.088a7.977 7.977 0 0 1-1.712 2.537Z\" fill=\"#000\"\/><\/svg>            <span>Transcripci\u00f3n<\/span>\n          <\/button>\n                      <\/div>\n      <\/div>\n\n      <div id=\"transcription-17650744668d292a836ffe5ed63697fb\"\n  class=\"fixed inset-0 z-50 hidden w-screen h-screen opacity-0 pointer-events-none modal transcription\"\n  tabindex=\"-1\" role=\"dialog\">\n  <div class=\"absolute w-full h-full bg-black opacity-75 modal-overlay\"><\/div>\n  <div\n    class=\"absolute z-30 w-11\/12 mx-auto overflow-y-auto text-black bg-white shadow-lg modal-container center-xy md:max-w-4xl\"\n    role=\"document\">\n    <div class=\"flex items-center justify-between px-4 py-4 text-gray-700 border-b md:px-8\">\n      <h2 class=\"!mb-0 font-bold\">Transcripci\u00f3n<\/h2>\n      <div class=\"z-50 flex flex-col items-center ml-auto cursor-pointer rtl:ml-0 rtl:mr-auto modal-close\">\n        <svg class=\"w-auto h-6\" width=\"18\" height=\"23\" xmlns=\"http:\/\/www.w3.org\/2000\/svg\">\n  <g stroke=\"currentColor\" fill=\"none\" fill-rule=\"evenodd\" stroke-linecap=\"square\">\n    <path d=\"M.7248.974l16.1076 20.6167M16.655 1.2654L.9097 22.1601\" \/>\n  <\/g>\n<\/svg>        <div class=\"hidden\">Close<\/div>\n      <\/div>\n    <\/div>\n    <div class=\"px-4 py-8 overflow-y-auto max-h-modal md:px-8 modal-content\">\n      <div class=\"mb-8 flex flex-col gap-1.5\">\n                      <h3 class=\"text-xl font-bold\">Elementos arquitect\u00f3nicos<\/h3>\n                            <\/div>\n            <p>La iglesia de Sant Climent es de planta basilical, es decir, con una nave central alargada y dos laterales separadas por pilares cil\u00edndricos. La cabecera est\u00e1 formada por un \u00e1bside principal y dos absidiolas o \u00e1bsides secundarios situados a los lados del \u00e1bside central.<\/p>\n<p>En uno de los pilares m\u00e1s cercanos al \u00e1bside, el de la izquierda, estaba pintada la inscripci\u00f3n con la fecha de consagraci\u00f3n de la iglesia. En esa inscripci\u00f3n se pod\u00eda leer que fue consagrada el 10 de diciembre de 1123 por Ramon Guillem, obispo de Roda-Barbastre, justo un d\u00eda antes que la de Santa Maria de Ta\u00fcll.<br \/>\nPero lo que m\u00e1s destaca de esta iglesia es una imagen que seguro que ya conoces porque la habr\u00e1s visto un mont\u00f3n de veces representada en varios lugares. Se trata del Cristo en majestad de Ta\u00fcll, una de las im\u00e1genes m\u00e1s emblem\u00e1ticas del rom\u00e1nico catal\u00e1n. Cabe decir que lo que ves ahora mismo es una proyecci\u00f3n de lo que ha llegado hasta nuestros d\u00edas; estas pinturas se arrancaron para evitar su expolio y hoy se exponen en el Museu Nacional d\u2019Art de Catalunya. Despu\u00e9s del videomapeo, y durante unos minutos, podr\u00e1s ver los restos de pintura original que quedan en el \u00e1bside. En el centro de interpretaci\u00f3n de Erill la Vall puedes descubrir las circunstancias que llevaron al traslado de estas obras.<\/p>\n<p><em>Sonido de interferencias.<\/em><br \/>\n<strong>Maestro de Ta\u00fcll<\/strong>: \u00bfPor qu\u00e9 me ha hecho llamar, excelent\u00edsimo y reverend\u00edsimo se\u00f1or?<br \/>\n<strong>Obispo:<\/strong> Soy un gran admirador de las pinturas que hizo en Roda de Is\u00e1bena y de la majestuosidad y la armon\u00eda de sus representaciones de Cristo.<br \/>\n<strong>Maestro de Ta\u00fcll<\/strong>: Le agradezco estas palabras. Yo tambi\u00e9n he quedado maravillado de esta iglesia que acaba de construir.<br \/>\n<strong>Obispo:<\/strong> S\u00ed, se ha hecho un gran esfuerzo. Pero ahora toca decorarla. Ir\u00e9 al grano: he pensado que un maestro como usted dar\u00eda a la iglesia de Sant Climent de Ta\u00fcll todo el esplendor que merece.<br \/>\n<strong>Maestro de Ta\u00fcll<\/strong>: \u00bfYo? No s\u00e9 qu\u00e9 decir. Ser\u00eda un honor y, al mismo tiempo, una responsabilidad. Todas estas paredes\u2026<br \/>\n<strong>Obispo:<\/strong> Quiero la perfecci\u00f3n de los rostros que usted pinta. Quiero que cualquiera que entre en esta iglesia sienta el poder de Cristo en su figura triunfal.<br \/>\n<strong>Maestro de Ta\u00fcll<\/strong>: \u00bfY en qu\u00e9 est\u00e1 pensando, excelent\u00edsimo?<br \/>\n<strong>Obispo:<\/strong> Quiero un gran Cristo en majestad en el \u00e1bside mayor. Lo mejor que se haya pintado nunca.<br \/>\n<strong>Maestro de Ta\u00fcll<\/strong>: \u00a1Pues no se hable m\u00e1s! \u00bfCu\u00e1ndo puedo empezar?<br \/>\n<em>Sonido de interferencias.<br \/>\n<\/em><br \/>\nPara conocer todos los secretos del Cristo en majestad, sit\u00faate delante de la primera hilera de bancos.<\/p>\n    <\/div>\n  <\/div>\n<\/div>\n    <\/section>\n\n\n<div class=\"flex flex-col gap-3 element text-block\">\n  <div class=\"flex items-center gap-6\">\n              <h2 class=\"text-2xl font-bold\">3d Delante de los bancos<\/h2>\n      <\/div>\n    <\/div>\n\n\n<div class=\"flex flex-col gap-6 element image-block\">\n  <div class=\"flex flex-col gap-3\">\n      <\/div>\n      <figure>\n      <img loading=\"lazy\" decoding=\"async\" width=\"368\" height=\"472\" src=\"https:\/\/guiesullsdelahistoria.cat\/app\/uploads\/2024\/11\/Sant_Climent_de_Taull_pintures_absis.jpg\" class=\"w-full h-auto\" alt=\"Pinturas originales del \u00e1bside central de la iglesia de Sant Climent de Ta\u00fcll con el Cristo en majestad en medio, conservadas en el Museu Nacional d\u2019Art de Catalunya.\" srcset=\"https:\/\/guiesullsdelahistoria.cat\/app\/uploads\/2024\/11\/Sant_Climent_de_Taull_pintures_absis.jpg 368w, https:\/\/guiesullsdelahistoria.cat\/app\/uploads\/2024\/11\/Sant_Climent_de_Taull_pintures_absis-234x300.jpg 234w\" sizes=\"auto, (max-width: 368px) 100vw, 368px\" \/>\n              <figcaption class=\"pt-2 text-gray-800\">Pinturas originales del \u00e1bside central de Sant Climent de Ta\u00fcll conservadas en el Museu Nacional d\u2019Art de Catalunya.<\/figcaption>\n          <\/figure>\n  <\/div>\n\n\n<section class=\"element audio-block\">\n  <div class=\"flex flex-col w-full gap-6\">\n    <div class=\"flex flex-col gap-3\">\n      <div class=\"flex gap-6\">\n                          <h2 class=\"text-2xl font-bold\">Cristo en majestad<\/h2>\n              <\/div>\n          <\/div>\n    <div class=\"flex items-center justify-end gap-3\">\n              <div class=\"flex-1 audio-content\" dir=\"ltr\">\n          <audio id=\"audio-a2a847278b1dd2b243c0110fd5ccd5db\" data-label=\"Cristo en majestad\"\n            data-category=\"SANT-CLIMENT-DE-TAULL-ES-GENERAL-PLAY-3.mp3\" class=\"hidden\" controls\n            src=\"https:\/\/guiesullsdelahistoria.cat\/app\/uploads\/2024\/11\/SANT-CLIMENT-DE-TAULL-ES-GENERAL-PLAY-3.mp3\"><\/audio>\n          <div class=\"flex items-center w-full gap-3 transition-opacity opacity-0 meta\">\n            <progress class=\"flex-1 border-0 appearance-none\" value=\"0\" max=\"1\"><\/progress>\n            <div class=\"text-sm text-center shrink-0 current-time w-9\"><\/div>\n                      <\/div>\n        <\/div>\n            <div class=\"flex flex-col items-center gap-2 shrink-1 audio-control\">\n        <button\n  class=\"flex items-center justify-center w-32 max-w-32 h-32 max-h-32 transition-[max-height,_max-width] bg-black rounded-full btn text-accent\"\n  data-target=\"#audio-a2a847278b1dd2b243c0110fd5ccd5db\">\n  <svg width=\"100%\" height=\"100%\" viewBox=\"0 0 36 36\" version=\"1.1\" xmlns=\"http:\/\/www.w3.org\/2000\/svg\" xmlns:xlink=\"http:\/\/www.w3.org\/1999\/xlink\">\n  <path id=\"ytp-12\" d=\"M11,10 L18,13.74 18,22.28 11,26 M18,13.74 L26,18 26,18 18,22.28\" fill=\"currentColor\">\n    <animate id=\"animation\" begin=\"indefinite\" attributeType=\"XML\" attributeName=\"d\" fill=\"freeze\" from=\"M11,10 L17,10 17,26 11,26 M20,10 L26,10 26,26 20,26\" to=\"M11,10 L18,13.74 18,22.28 11,26 M18,13.74 L26,18 26,18 18,22.28\" dur=\"0.1s\" keySplines=\".4 0 1 1\" repeatCount=\"1\" data-play=\"M11,10 L18,13.74 18,22.28 11,26 M18,13.74 L26,18 26,18 18,22.28\" data-pause=\"M11,10 L17,10 17,26 11,26 M20,10 L26,10 26,26 20,26\"><\/animate>\n  <\/path>\n<\/svg>\n<\/button>\n        <p class=\"text-base text-center\">Escucha<\/p>\n      <\/div>\n    <\/div>\n\n    \n          <div class=\"flex flex-wrap justify-between gap-6 md:justify-start\">\n                  <button data-target=\"#transcription-a2a847278b1dd2b243c0110fd5ccd5db\" data-toggle=\"modal\" class=\"flex items-center gap-2\">\n            <svg class=\"w-6 h-6\" fill=\"none\" xmlns=\"http:\/\/www.w3.org\/2000\/svg\" viewBox=\"0 0 22 12\"><path d=\"M0 9.873v-6c0-.55.196-1.02.588-1.412A1.926 1.926 0 0 1 2 1.873h2c.55 0 1.02.196 1.412.588.392.391.588.862.588 1.412v6H4v-2H2v2H0Zm2-4h2v-2H2v2Zm6 4v-8h4c.55 0 1.02.196 1.412.588.392.391.588.862.588 1.412v4c0 .55-.196 1.021-.588 1.413A1.926 1.926 0 0 1 12 9.873H8Zm2-2h2v-4h-2v4Zm6.85.8-1.4-1.425c.183-.183.32-.391.413-.625.091-.233.137-.483.137-.75 0-.283-.046-.537-.137-.762a1.85 1.85 0 0 0-.413-.613l1.4-1.45c.367.367.65.792.85 1.275.2.484.3 1 .3 1.55s-.1 1.063-.3 1.538c-.2.475-.483.896-.85 1.262Zm2.825 2.825-1.45-1.375c.55-.55.983-1.187 1.3-1.912A5.775 5.775 0 0 0 20 5.873c0-.85-.158-1.633-.475-2.35a6.217 6.217 0 0 0-1.3-1.9l1.45-1.4a7.94 7.94 0 0 1 1.712 2.55c.409.967.613 2 .613 3.1s-.204 2.13-.613 3.088a7.977 7.977 0 0 1-1.712 2.537Z\" fill=\"#000\"\/><\/svg>            <span>Transcripci\u00f3n<\/span>\n          <\/button>\n                      <\/div>\n      <\/div>\n\n      <div id=\"transcription-a2a847278b1dd2b243c0110fd5ccd5db\"\n  class=\"fixed inset-0 z-50 hidden w-screen h-screen opacity-0 pointer-events-none modal transcription\"\n  tabindex=\"-1\" role=\"dialog\">\n  <div class=\"absolute w-full h-full bg-black opacity-75 modal-overlay\"><\/div>\n  <div\n    class=\"absolute z-30 w-11\/12 mx-auto overflow-y-auto text-black bg-white shadow-lg modal-container center-xy md:max-w-4xl\"\n    role=\"document\">\n    <div class=\"flex items-center justify-between px-4 py-4 text-gray-700 border-b md:px-8\">\n      <h2 class=\"!mb-0 font-bold\">Transcripci\u00f3n<\/h2>\n      <div class=\"z-50 flex flex-col items-center ml-auto cursor-pointer rtl:ml-0 rtl:mr-auto modal-close\">\n        <svg class=\"w-auto h-6\" width=\"18\" height=\"23\" xmlns=\"http:\/\/www.w3.org\/2000\/svg\">\n  <g stroke=\"currentColor\" fill=\"none\" fill-rule=\"evenodd\" stroke-linecap=\"square\">\n    <path d=\"M.7248.974l16.1076 20.6167M16.655 1.2654L.9097 22.1601\" \/>\n  <\/g>\n<\/svg>        <div class=\"hidden\">Close<\/div>\n      <\/div>\n    <\/div>\n    <div class=\"px-4 py-8 overflow-y-auto max-h-modal md:px-8 modal-content\">\n      <div class=\"mb-8 flex flex-col gap-1.5\">\n                      <h3 class=\"text-xl font-bold\">Cristo en majestad<\/h3>\n                            <\/div>\n            <p>El mural del \u00e1bside central se divide en tres \u00e1mbitos, que simbolizan el cielo, la tierra y el espacio entre ambos.<br \/>\nEn lo alto est\u00e1 el cielo, donde se presenta la divinidad, Cristo en majestad. Lo puedes ver dentro de la mandorla, este marco en forma de almendra que subraya la divinidad que bendice con la mano derecha y sostiene el libro con la mano izquierda.<br \/>\nAlrededor de la imagen de Cristo, los \u00e1ngeles, los serafines y los s\u00edmbolos de los evangelistas: san Mateo, el \u00e1ngel o el hombre; san Marcos, el le\u00f3n; san Juan, el \u00e1guila; y san Lucas, el toro.<\/p>\n<p>En el registro intermedio se ven cinco ap\u00f3stoles y Mar\u00eda.<br \/>\nY abajo, en el registro inferior, hay elementos que pertenecen al mundo terrenal, as\u00ed como ornamentos de car\u00e1cter vegetal o geom\u00e9trico, que representan la tierra.<br \/>\nEn un \u00e1mbito m\u00e1s exterior de la b\u00f3veda, arriba, vemos un cordero con siete ojos, la manifestaci\u00f3n de Dios que aparece descrita en el Apocalipsis.<br \/>\nAhora que ya conoces a los personajes, solo te queda ver el videomapeo para descubrir c\u00f3mo se hicieron estas pinturas.<\/p>\n<p><strong>Mapeo (pases a las horas establecidas)<\/strong><\/p>\n<p>Quiz\u00e1 en este punto te preguntes qu\u00e9 sentido ten\u00edan todas estas pinturas. \u00bfEran solo para decorar la iglesia o ten\u00edan alguna otra funci\u00f3n? La importancia de las pinturas murales en la Edad Media era muy grande, porque, adem\u00e1s de estar dedicadas a la gloria de Dios y de ser una herramienta de poder, ten\u00edan una funci\u00f3n aleccionadora, pues la mayor parte del pueblo no sab\u00eda leer y la imagen, junto a la palabra, era la forma de evangelizaci\u00f3n m\u00e1s efectiva.<br \/>\nA pesar de los arranques, Sant Climent a\u00fan conserva in situ fragmentos de pintura original; podr\u00e1s descubrirlos en el siguiente punto de la gu\u00eda.<\/p>\n    <\/div>\n  <\/div>\n<\/div>\n    <\/section>\n\n\n<div class=\"flex flex-col gap-3 element text-block\">\n  <div class=\"flex items-center gap-6\">\n              <h2 class=\"text-2xl font-bold\">3e Delante del altar<\/h2>\n      <\/div>\n    <\/div>\n\n\n<div class=\"flex flex-col gap-6 element image-block\">\n  <div class=\"flex flex-col gap-3\">\n      <\/div>\n      <figure>\n      <img loading=\"lazy\" decoding=\"async\" width=\"600\" height=\"800\" src=\"https:\/\/guiesullsdelahistoria.cat\/app\/uploads\/2024\/11\/sant_Climent_pintura_de_Sant_Climent_0011.jpg\" class=\"w-full h-auto\" alt=\"Restos de la pintura original de la imagen de san Clemente en una columna del frontal del \u00e1bside en la iglesia de Sant Climent de Ta\u00fcll.\" srcset=\"https:\/\/guiesullsdelahistoria.cat\/app\/uploads\/2024\/11\/sant_Climent_pintura_de_Sant_Climent_0011.jpg 600w, https:\/\/guiesullsdelahistoria.cat\/app\/uploads\/2024\/11\/sant_Climent_pintura_de_Sant_Climent_0011-225x300.jpg 225w\" sizes=\"auto, (max-width: 600px) 100vw, 600px\" \/>\n              <figcaption class=\"pt-2 text-gray-800\">Restos de la pintura original de la imagen de san Clemente.<\/figcaption>\n          <\/figure>\n  <\/div>\n\n\n<section class=\"element audio-block\">\n  <div class=\"flex flex-col w-full gap-6\">\n    <div class=\"flex flex-col gap-3\">\n      <div class=\"flex gap-6\">\n                          <h2 class=\"text-2xl font-bold\">Fragmentos de pintura original<\/h2>\n              <\/div>\n          <\/div>\n    <div class=\"flex items-center justify-end gap-3\">\n              <div class=\"flex-1 audio-content\" dir=\"ltr\">\n          <audio id=\"audio-84c1f1c26552fe2b192059cb311b8f6f\" data-label=\"Fragmentos de pintura original\"\n            data-category=\"SANT-CLIMENT-DE-TAULL-ES-GENERAL-PLAY-4.mp3\" class=\"hidden\" controls\n            src=\"https:\/\/guiesullsdelahistoria.cat\/app\/uploads\/2024\/11\/SANT-CLIMENT-DE-TAULL-ES-GENERAL-PLAY-4.mp3\"><\/audio>\n          <div class=\"flex items-center w-full gap-3 transition-opacity opacity-0 meta\">\n            <progress class=\"flex-1 border-0 appearance-none\" value=\"0\" max=\"1\"><\/progress>\n            <div class=\"text-sm text-center shrink-0 current-time w-9\"><\/div>\n                      <\/div>\n        <\/div>\n            <div class=\"flex flex-col items-center gap-2 shrink-1 audio-control\">\n        <button\n  class=\"flex items-center justify-center w-32 max-w-32 h-32 max-h-32 transition-[max-height,_max-width] bg-black rounded-full btn text-accent\"\n  data-target=\"#audio-84c1f1c26552fe2b192059cb311b8f6f\">\n  <svg width=\"100%\" height=\"100%\" viewBox=\"0 0 36 36\" version=\"1.1\" xmlns=\"http:\/\/www.w3.org\/2000\/svg\" xmlns:xlink=\"http:\/\/www.w3.org\/1999\/xlink\">\n  <path id=\"ytp-12\" d=\"M11,10 L18,13.74 18,22.28 11,26 M18,13.74 L26,18 26,18 18,22.28\" fill=\"currentColor\">\n    <animate id=\"animation\" begin=\"indefinite\" attributeType=\"XML\" attributeName=\"d\" fill=\"freeze\" from=\"M11,10 L17,10 17,26 11,26 M20,10 L26,10 26,26 20,26\" to=\"M11,10 L18,13.74 18,22.28 11,26 M18,13.74 L26,18 26,18 18,22.28\" dur=\"0.1s\" keySplines=\".4 0 1 1\" repeatCount=\"1\" data-play=\"M11,10 L18,13.74 18,22.28 11,26 M18,13.74 L26,18 26,18 18,22.28\" data-pause=\"M11,10 L17,10 17,26 11,26 M20,10 L26,10 26,26 20,26\"><\/animate>\n  <\/path>\n<\/svg>\n<\/button>\n        <p class=\"text-base text-center\">Escucha<\/p>\n      <\/div>\n    <\/div>\n\n    \n          <div class=\"flex flex-wrap justify-between gap-6 md:justify-start\">\n                  <button data-target=\"#transcription-84c1f1c26552fe2b192059cb311b8f6f\" data-toggle=\"modal\" class=\"flex items-center gap-2\">\n            <svg class=\"w-6 h-6\" fill=\"none\" xmlns=\"http:\/\/www.w3.org\/2000\/svg\" viewBox=\"0 0 22 12\"><path d=\"M0 9.873v-6c0-.55.196-1.02.588-1.412A1.926 1.926 0 0 1 2 1.873h2c.55 0 1.02.196 1.412.588.392.391.588.862.588 1.412v6H4v-2H2v2H0Zm2-4h2v-2H2v2Zm6 4v-8h4c.55 0 1.02.196 1.412.588.392.391.588.862.588 1.412v4c0 .55-.196 1.021-.588 1.413A1.926 1.926 0 0 1 12 9.873H8Zm2-2h2v-4h-2v4Zm6.85.8-1.4-1.425c.183-.183.32-.391.413-.625.091-.233.137-.483.137-.75 0-.283-.046-.537-.137-.762a1.85 1.85 0 0 0-.413-.613l1.4-1.45c.367.367.65.792.85 1.275.2.484.3 1 .3 1.55s-.1 1.063-.3 1.538c-.2.475-.483.896-.85 1.262Zm2.825 2.825-1.45-1.375c.55-.55.983-1.187 1.3-1.912A5.775 5.775 0 0 0 20 5.873c0-.85-.158-1.633-.475-2.35a6.217 6.217 0 0 0-1.3-1.9l1.45-1.4a7.94 7.94 0 0 1 1.712 2.55c.409.967.613 2 .613 3.1s-.204 2.13-.613 3.088a7.977 7.977 0 0 1-1.712 2.537Z\" fill=\"#000\"\/><\/svg>            <span>Transcripci\u00f3n<\/span>\n          <\/button>\n                      <\/div>\n      <\/div>\n\n      <div id=\"transcription-84c1f1c26552fe2b192059cb311b8f6f\"\n  class=\"fixed inset-0 z-50 hidden w-screen h-screen opacity-0 pointer-events-none modal transcription\"\n  tabindex=\"-1\" role=\"dialog\">\n  <div class=\"absolute w-full h-full bg-black opacity-75 modal-overlay\"><\/div>\n  <div\n    class=\"absolute z-30 w-11\/12 mx-auto overflow-y-auto text-black bg-white shadow-lg modal-container center-xy md:max-w-4xl\"\n    role=\"document\">\n    <div class=\"flex items-center justify-between px-4 py-4 text-gray-700 border-b md:px-8\">\n      <h2 class=\"!mb-0 font-bold\">Transcripci\u00f3n<\/h2>\n      <div class=\"z-50 flex flex-col items-center ml-auto cursor-pointer rtl:ml-0 rtl:mr-auto modal-close\">\n        <svg class=\"w-auto h-6\" width=\"18\" height=\"23\" xmlns=\"http:\/\/www.w3.org\/2000\/svg\">\n  <g stroke=\"currentColor\" fill=\"none\" fill-rule=\"evenodd\" stroke-linecap=\"square\">\n    <path d=\"M.7248.974l16.1076 20.6167M16.655 1.2654L.9097 22.1601\" \/>\n  <\/g>\n<\/svg>        <div class=\"hidden\">Close<\/div>\n      <\/div>\n    <\/div>\n    <div class=\"px-4 py-8 overflow-y-auto max-h-modal md:px-8 modal-content\">\n      <div class=\"mb-8 flex flex-col gap-1.5\">\n                      <h3 class=\"text-xl font-bold\">Fragmentos de pintura original<\/h3>\n                            <\/div>\n            <p>En la iglesia de Sant Climent se conservan fragmentos de pintura original de \u00e9pocas diferentes, y se encuentran, sobre todo, en la cabecera.<br \/>\nLas pinturas originales m\u00e1s antiguas son las decoraciones interiores de las ventanas de la parte baja del \u00e1bside principal. Son cenefas con motivos vegetales de tonos rojos y ocres sobre un fondo blanco.<br \/>\nAhora observa la parte derecha del \u00e1bside central, arriba. All\u00ed se ven fragmentos de la escena de la Biblia en la que Ca\u00edn mata a su hermano, Abel, por celos. Ca\u00edn y Abel fueron los dos primeros hijos de Ad\u00e1n y Eva, los primeros pobladores de la Tierra. Puedes ver c\u00f3mo Ca\u00edn sujeta a Abel por el pelo con una mano mientras con la otra le da un hachazo en la mejilla. Al lado del rostro de Abel puedes leer la inscripci\u00f3n \u201cABEL\u201d.<br \/>\nPara encontrar m\u00e1s pinturas originales, dirige la mirada al frontis del \u00e1bside mayor, arriba del todo a la derecha. All\u00ed tienes que localizar a un personaje con vestimenta de soldado tocando un largo instrumento de viento que podr\u00eda anunciar el apocalipsis, la llegada del Se\u00f1or al final de los tiempos. Bien, de hecho hay dos soldados, pero el de la izquierda es proyectado.<br \/>\nY a\u00fan existen m\u00e1s pinturas originales. Estas, a ambos lados de la parte alta del \u00e1bside principal. Aqu\u00ed se conserva la imagen de tres santos. El mejor conservado es san Clemente, el patr\u00f3n de la iglesia, situado a la izquierda. Al lado, algo m\u00e1s adentro, est\u00e1 la imagen de san Pedro. Y al otro lado, en el frontal de la derecha, la imagen de otro santo, que podr\u00eda ser san Cornelio. Todav\u00eda hay otra, situada en lo alto del frontis de la absidiola de la izquierda; es una especie de perro o de lobo negro, \u00bflo ves?<br \/>\nPara continuar la visita, busca tres tallas situadas dentro de unas vitrinas, en la nave de la derecha, mirando hacia el altar.<\/p>\n    <\/div>\n  <\/div>\n<\/div>\n    <\/section>\n\n\n<div class=\"flex flex-col gap-3 element text-block\">\n  <div class=\"flex items-center gap-6\">\n              <h2 class=\"text-2xl font-bold\">3f Nave de la derecha<\/h2>\n      <\/div>\n    <\/div>\n\n\n<div class=\"flex flex-col gap-6 element image-block\">\n  <div class=\"flex flex-col gap-3\">\n      <\/div>\n      <figure>\n      <img loading=\"lazy\" decoding=\"async\" width=\"1200\" height=\"1600\" src=\"https:\/\/guiesullsdelahistoria.cat\/app\/uploads\/2024\/11\/Sant_Climent_nau_lateral_20170903_CentreRomanic.jpg\" class=\"w-full h-auto\" alt=\"Imagen general del interior de la nave sur de la iglesia de Sant Climent con las tres tallas rom\u00e1nicas dentro de las urnas de cristal.\" srcset=\"https:\/\/guiesullsdelahistoria.cat\/app\/uploads\/2024\/11\/Sant_Climent_nau_lateral_20170903_CentreRomanic.jpg 1200w, https:\/\/guiesullsdelahistoria.cat\/app\/uploads\/2024\/11\/Sant_Climent_nau_lateral_20170903_CentreRomanic-225x300.jpg 225w, https:\/\/guiesullsdelahistoria.cat\/app\/uploads\/2024\/11\/Sant_Climent_nau_lateral_20170903_CentreRomanic-768x1024.jpg 768w, https:\/\/guiesullsdelahistoria.cat\/app\/uploads\/2024\/11\/Sant_Climent_nau_lateral_20170903_CentreRomanic-1152x1536.jpg 1152w\" sizes=\"auto, (max-width: 1200px) 100vw, 1200px\" \/>\n              <figcaption class=\"pt-2 text-gray-800\">Imagen general de la nave sur con las tallas rom\u00e1nicas.\n<\/figcaption>\n          <\/figure>\n  <\/div>\n\n\n<section class=\"element audio-block\">\n  <div class=\"flex flex-col w-full gap-6\">\n    <div class=\"flex flex-col gap-3\">\n      <div class=\"flex gap-6\">\n                          <h2 class=\"text-2xl font-bold\">Las tres tallas rom\u00e1nicas<\/h2>\n              <\/div>\n          <\/div>\n    <div class=\"flex items-center justify-end gap-3\">\n              <div class=\"flex-1 audio-content\" dir=\"ltr\">\n          <audio id=\"audio-e910bac4b07b03ea3a302bbf5affb8e2\" data-label=\"Las tres tallas rom\u00e1nicas\"\n            data-category=\"SANT-CLIMENT-DE-TAULL-ES-GENERAL-PLAY-5.mp3\" class=\"hidden\" controls\n            src=\"https:\/\/guiesullsdelahistoria.cat\/app\/uploads\/2024\/11\/SANT-CLIMENT-DE-TAULL-ES-GENERAL-PLAY-5.mp3\"><\/audio>\n          <div class=\"flex items-center w-full gap-3 transition-opacity opacity-0 meta\">\n            <progress class=\"flex-1 border-0 appearance-none\" value=\"0\" max=\"1\"><\/progress>\n            <div class=\"text-sm text-center shrink-0 current-time w-9\"><\/div>\n                      <\/div>\n        <\/div>\n            <div class=\"flex flex-col items-center gap-2 shrink-1 audio-control\">\n        <button\n  class=\"flex items-center justify-center w-32 max-w-32 h-32 max-h-32 transition-[max-height,_max-width] bg-black rounded-full btn text-accent\"\n  data-target=\"#audio-e910bac4b07b03ea3a302bbf5affb8e2\">\n  <svg width=\"100%\" height=\"100%\" viewBox=\"0 0 36 36\" version=\"1.1\" xmlns=\"http:\/\/www.w3.org\/2000\/svg\" xmlns:xlink=\"http:\/\/www.w3.org\/1999\/xlink\">\n  <path id=\"ytp-12\" d=\"M11,10 L18,13.74 18,22.28 11,26 M18,13.74 L26,18 26,18 18,22.28\" fill=\"currentColor\">\n    <animate id=\"animation\" begin=\"indefinite\" attributeType=\"XML\" attributeName=\"d\" fill=\"freeze\" from=\"M11,10 L17,10 17,26 11,26 M20,10 L26,10 26,26 20,26\" to=\"M11,10 L18,13.74 18,22.28 11,26 M18,13.74 L26,18 26,18 18,22.28\" dur=\"0.1s\" keySplines=\".4 0 1 1\" repeatCount=\"1\" data-play=\"M11,10 L18,13.74 18,22.28 11,26 M18,13.74 L26,18 26,18 18,22.28\" data-pause=\"M11,10 L17,10 17,26 11,26 M20,10 L26,10 26,26 20,26\"><\/animate>\n  <\/path>\n<\/svg>\n<\/button>\n        <p class=\"text-base text-center\">Escucha<\/p>\n      <\/div>\n    <\/div>\n\n    \n          <div class=\"flex flex-wrap justify-between gap-6 md:justify-start\">\n                  <button data-target=\"#transcription-e910bac4b07b03ea3a302bbf5affb8e2\" data-toggle=\"modal\" class=\"flex items-center gap-2\">\n            <svg class=\"w-6 h-6\" fill=\"none\" xmlns=\"http:\/\/www.w3.org\/2000\/svg\" viewBox=\"0 0 22 12\"><path d=\"M0 9.873v-6c0-.55.196-1.02.588-1.412A1.926 1.926 0 0 1 2 1.873h2c.55 0 1.02.196 1.412.588.392.391.588.862.588 1.412v6H4v-2H2v2H0Zm2-4h2v-2H2v2Zm6 4v-8h4c.55 0 1.02.196 1.412.588.392.391.588.862.588 1.412v4c0 .55-.196 1.021-.588 1.413A1.926 1.926 0 0 1 12 9.873H8Zm2-2h2v-4h-2v4Zm6.85.8-1.4-1.425c.183-.183.32-.391.413-.625.091-.233.137-.483.137-.75 0-.283-.046-.537-.137-.762a1.85 1.85 0 0 0-.413-.613l1.4-1.45c.367.367.65.792.85 1.275.2.484.3 1 .3 1.55s-.1 1.063-.3 1.538c-.2.475-.483.896-.85 1.262Zm2.825 2.825-1.45-1.375c.55-.55.983-1.187 1.3-1.912A5.775 5.775 0 0 0 20 5.873c0-.85-.158-1.633-.475-2.35a6.217 6.217 0 0 0-1.3-1.9l1.45-1.4a7.94 7.94 0 0 1 1.712 2.55c.409.967.613 2 .613 3.1s-.204 2.13-.613 3.088a7.977 7.977 0 0 1-1.712 2.537Z\" fill=\"#000\"\/><\/svg>            <span>Transcripci\u00f3n<\/span>\n          <\/button>\n                      <\/div>\n      <\/div>\n\n      <div id=\"transcription-e910bac4b07b03ea3a302bbf5affb8e2\"\n  class=\"fixed inset-0 z-50 hidden w-screen h-screen opacity-0 pointer-events-none modal transcription\"\n  tabindex=\"-1\" role=\"dialog\">\n  <div class=\"absolute w-full h-full bg-black opacity-75 modal-overlay\"><\/div>\n  <div\n    class=\"absolute z-30 w-11\/12 mx-auto overflow-y-auto text-black bg-white shadow-lg modal-container center-xy md:max-w-4xl\"\n    role=\"document\">\n    <div class=\"flex items-center justify-between px-4 py-4 text-gray-700 border-b md:px-8\">\n      <h2 class=\"!mb-0 font-bold\">Transcripci\u00f3n<\/h2>\n      <div class=\"z-50 flex flex-col items-center ml-auto cursor-pointer rtl:ml-0 rtl:mr-auto modal-close\">\n        <svg class=\"w-auto h-6\" width=\"18\" height=\"23\" xmlns=\"http:\/\/www.w3.org\/2000\/svg\">\n  <g stroke=\"currentColor\" fill=\"none\" fill-rule=\"evenodd\" stroke-linecap=\"square\">\n    <path d=\"M.7248.974l16.1076 20.6167M16.655 1.2654L.9097 22.1601\" \/>\n  <\/g>\n<\/svg>        <div class=\"hidden\">Close<\/div>\n      <\/div>\n    <\/div>\n    <div class=\"px-4 py-8 overflow-y-auto max-h-modal md:px-8 modal-content\">\n      <div class=\"mb-8 flex flex-col gap-1.5\">\n                      <h3 class=\"text-xl font-bold\">Las tres tallas rom\u00e1nicas<\/h3>\n                            <\/div>\n            <p>Las tres tallas rom\u00e1nicas que hay en el interior de Sant Climent de Ta\u00fcll representan a Cristo salvador coronado, Cristo en la cruz y una Virgen.<br \/>\nEl Cristo salvador coronado es una escultura tallada y policromada en el siglo xiii, que muy probablemente presid\u00eda el altar mayor. A principios del siglo xx, estaba situada en medio de un retablo en el \u00e1bside central. El retablo era g\u00f3tico, del siglo xvi, y actualmente est\u00e1 en el Museu Dioces\u00e0 de la Seu d\u2019Urgell.<br \/>\nEl Cristo en la cruz es una magn\u00edfica muestra de las cruces que a menudo se utilizaban en procesiones y actos lit\u00fargicos. Conserva una espl\u00e9ndida policrom\u00eda, especialmente en la parte trasera. Se desconoce con exactitud su iglesia de procedencia.<br \/>\nLa Virgen Mar\u00eda es del siglo xii o xiii. A principios del siglo xx, estaba dentro de un peque\u00f1o templete de madera, pero es posible que provenga de la iglesia vecina de Santa Maria.<br \/>\nEn el interior de las naves hay otros bienes muebles, que podr\u00e1s descubrir con la informaci\u00f3n de los carteles.<\/p>\n    <\/div>\n  <\/div>\n<\/div>\n    <\/section>\n\n\n<div class=\"flex flex-col gap-3 element text-block\">\n  <div class=\"flex items-center gap-6\">\n              <h2 class=\"text-2xl font-bold\">3g \u00a1Te esperamos!<\/h2>\n      <\/div>\n    <\/div>\n\n\n<section class=\"element audio-block\">\n  <div class=\"flex flex-col w-full gap-6\">\n    <div class=\"flex flex-col gap-3\">\n      <div class=\"flex gap-6\">\n                          <h2 class=\"text-2xl font-bold\">La visita contin\u00faa<\/h2>\n              <\/div>\n          <\/div>\n    <div class=\"flex items-center justify-end gap-3\">\n              <div class=\"flex-1 audio-content\" dir=\"ltr\">\n          <audio id=\"audio-add4772dd2b4078a1bf345e02ccc48b7\" data-label=\"La visita contin\u00faa\"\n            data-category=\"SANT-CLIMENT-DE-TAULL-ES-GENERAL-PLAY-CLOENDA.mp3\" class=\"hidden\" controls\n            src=\"https:\/\/guiesullsdelahistoria.cat\/app\/uploads\/2024\/11\/SANT-CLIMENT-DE-TAULL-ES-GENERAL-PLAY-CLOENDA.mp3\"><\/audio>\n          <div class=\"flex items-center w-full gap-3 transition-opacity opacity-0 meta\">\n            <progress class=\"flex-1 border-0 appearance-none\" value=\"0\" max=\"1\"><\/progress>\n            <div class=\"text-sm text-center shrink-0 current-time w-9\"><\/div>\n                      <\/div>\n        <\/div>\n            <div class=\"flex flex-col items-center gap-2 shrink-1 audio-control\">\n        <button\n  class=\"flex items-center justify-center w-32 max-w-32 h-32 max-h-32 transition-[max-height,_max-width] bg-black rounded-full btn text-accent\"\n  data-target=\"#audio-add4772dd2b4078a1bf345e02ccc48b7\">\n  <svg width=\"100%\" height=\"100%\" viewBox=\"0 0 36 36\" version=\"1.1\" xmlns=\"http:\/\/www.w3.org\/2000\/svg\" xmlns:xlink=\"http:\/\/www.w3.org\/1999\/xlink\">\n  <path id=\"ytp-12\" d=\"M11,10 L18,13.74 18,22.28 11,26 M18,13.74 L26,18 26,18 18,22.28\" fill=\"currentColor\">\n    <animate id=\"animation\" begin=\"indefinite\" attributeType=\"XML\" attributeName=\"d\" fill=\"freeze\" from=\"M11,10 L17,10 17,26 11,26 M20,10 L26,10 26,26 20,26\" to=\"M11,10 L18,13.74 18,22.28 11,26 M18,13.74 L26,18 26,18 18,22.28\" dur=\"0.1s\" keySplines=\".4 0 1 1\" repeatCount=\"1\" data-play=\"M11,10 L18,13.74 18,22.28 11,26 M18,13.74 L26,18 26,18 18,22.28\" data-pause=\"M11,10 L17,10 17,26 11,26 M20,10 L26,10 26,26 20,26\"><\/animate>\n  <\/path>\n<\/svg>\n<\/button>\n        <p class=\"text-base text-center\">Escucha<\/p>\n      <\/div>\n    <\/div>\n\n    \n          <div class=\"flex flex-wrap justify-between gap-6 md:justify-start\">\n                  <button data-target=\"#transcription-add4772dd2b4078a1bf345e02ccc48b7\" data-toggle=\"modal\" class=\"flex items-center gap-2\">\n            <svg class=\"w-6 h-6\" fill=\"none\" xmlns=\"http:\/\/www.w3.org\/2000\/svg\" viewBox=\"0 0 22 12\"><path d=\"M0 9.873v-6c0-.55.196-1.02.588-1.412A1.926 1.926 0 0 1 2 1.873h2c.55 0 1.02.196 1.412.588.392.391.588.862.588 1.412v6H4v-2H2v2H0Zm2-4h2v-2H2v2Zm6 4v-8h4c.55 0 1.02.196 1.412.588.392.391.588.862.588 1.412v4c0 .55-.196 1.021-.588 1.413A1.926 1.926 0 0 1 12 9.873H8Zm2-2h2v-4h-2v4Zm6.85.8-1.4-1.425c.183-.183.32-.391.413-.625.091-.233.137-.483.137-.75 0-.283-.046-.537-.137-.762a1.85 1.85 0 0 0-.413-.613l1.4-1.45c.367.367.65.792.85 1.275.2.484.3 1 .3 1.55s-.1 1.063-.3 1.538c-.2.475-.483.896-.85 1.262Zm2.825 2.825-1.45-1.375c.55-.55.983-1.187 1.3-1.912A5.775 5.775 0 0 0 20 5.873c0-.85-.158-1.633-.475-2.35a6.217 6.217 0 0 0-1.3-1.9l1.45-1.4a7.94 7.94 0 0 1 1.712 2.55c.409.967.613 2 .613 3.1s-.204 2.13-.613 3.088a7.977 7.977 0 0 1-1.712 2.537Z\" fill=\"#000\"\/><\/svg>            <span>Transcripci\u00f3n<\/span>\n          <\/button>\n                      <\/div>\n      <\/div>\n\n      <div id=\"transcription-add4772dd2b4078a1bf345e02ccc48b7\"\n  class=\"fixed inset-0 z-50 hidden w-screen h-screen opacity-0 pointer-events-none modal transcription\"\n  tabindex=\"-1\" role=\"dialog\">\n  <div class=\"absolute w-full h-full bg-black opacity-75 modal-overlay\"><\/div>\n  <div\n    class=\"absolute z-30 w-11\/12 mx-auto overflow-y-auto text-black bg-white shadow-lg modal-container center-xy md:max-w-4xl\"\n    role=\"document\">\n    <div class=\"flex items-center justify-between px-4 py-4 text-gray-700 border-b md:px-8\">\n      <h2 class=\"!mb-0 font-bold\">Transcripci\u00f3n<\/h2>\n      <div class=\"z-50 flex flex-col items-center ml-auto cursor-pointer rtl:ml-0 rtl:mr-auto modal-close\">\n        <svg class=\"w-auto h-6\" width=\"18\" height=\"23\" xmlns=\"http:\/\/www.w3.org\/2000\/svg\">\n  <g stroke=\"currentColor\" fill=\"none\" fill-rule=\"evenodd\" stroke-linecap=\"square\">\n    <path d=\"M.7248.974l16.1076 20.6167M16.655 1.2654L.9097 22.1601\" \/>\n  <\/g>\n<\/svg>        <div class=\"hidden\">Close<\/div>\n      <\/div>\n    <\/div>\n    <div class=\"px-4 py-8 overflow-y-auto max-h-modal md:px-8 modal-content\">\n      <div class=\"mb-8 flex flex-col gap-1.5\">\n                      <h3 class=\"text-xl font-bold\">La visita contin\u00faa<\/h3>\n                            <\/div>\n            <p>Aqu\u00ed termina la visita a la iglesia. Ahora te invitamos a conocer las dem\u00e1s, que constituyen el Conjunto Rom\u00e1nico de la Vall de Bo\u00ed. \u00a1Te esperamos!<\/p>\n    <\/div>\n  <\/div>\n<\/div>\n    <\/section>\n\n\n<div class=\"flex flex-col gap-3 element text-block\">\n  <div class=\"flex items-center gap-6\">\n              <h2 class=\"text-2xl font-bold\">Cierre<\/h2>\n      <\/div>\n        <div class=\"prose prose-lg\"><p>\u201c<em>Els Ulls de la Hist\u00f2ria<\/em>. Una mirada inmersiva sobre el patrimonio\u201d es una iniciativa de la Ag\u00e8ncia Catalana del Patrimoni Cultural.<br \/>\nUn proyecto que incorpora otras voces y otras miradas sobre nuestro pasado. Porque todas y todos hacemos historia.<\/p>\n<\/div>\n  <\/div>\n\n<\/div>\n      <\/div>\n    <\/div>\n  <\/section>\n\n\n<section class=\"overflow-hidden section\" id=\"section-69f5c6903c12a\" data-title=\"4. Sant Feliu de Barruera\">\n    <div class=\"container grid grid-cols-1 py-8 md:py-10 max-md:gap-y-8 md:grid-standard\">\n              <div class=\"flex gap-4 md:col-span-5\">\n                                <h2 class=\"text-8 font-headings\">4. Sant Feliu de Barruera<\/h2>\n                  <\/div>\n            <div class=\"flex flex-col gap-8 md:col-span-6 md:col-start-7 md:gap-10\">\n        <div class=\"acf-innerblocks-container\">\n<div class=\"flex flex-col gap-3 element text-block\">\n  <div class=\"flex items-center gap-6\">\n              <h2 class=\"text-2xl font-bold\">4a Introducci\u00f3n<\/h2>\n      <\/div>\n    <\/div>\n\n\n<div class=\"flex flex-col gap-6 element image-block\">\n  <div class=\"flex flex-col gap-3\">\n      <\/div>\n      <figure>\n      <img loading=\"lazy\" decoding=\"async\" width=\"1418\" height=\"943\" src=\"https:\/\/guiesullsdelahistoria.cat\/app\/uploads\/2024\/11\/DSC2975-copia.jpg\" class=\"w-full h-auto\" alt=\"Vista general del exterior de la iglesia de Sant Feliu de Barruera con el cementerio en primer t\u00e9rmino y las monta\u00f1as detr\u00e1s.\" srcset=\"https:\/\/guiesullsdelahistoria.cat\/app\/uploads\/2024\/11\/DSC2975-copia.jpg 1418w, https:\/\/guiesullsdelahistoria.cat\/app\/uploads\/2024\/11\/DSC2975-copia-300x200.jpg 300w, https:\/\/guiesullsdelahistoria.cat\/app\/uploads\/2024\/11\/DSC2975-copia-1024x681.jpg 1024w, https:\/\/guiesullsdelahistoria.cat\/app\/uploads\/2024\/11\/DSC2975-copia-768x511.jpg 768w\" sizes=\"auto, (max-width: 1418px) 100vw, 1418px\" \/>\n              <figcaption class=\"pt-2 text-gray-800\">Vista general de Sant Feliu de Barruera.<\/figcaption>\n          <\/figure>\n  <\/div>\n\n\n<section class=\"element audio-block\">\n  <div class=\"flex flex-col w-full gap-6\">\n    <div class=\"flex flex-col gap-3\">\n      <div class=\"flex gap-6\">\n                          <h2 class=\"text-2xl font-bold\">La Vall de Bo\u00ed y sus iglesias<\/h2>\n              <\/div>\n          <\/div>\n    <div class=\"flex items-center justify-end gap-3\">\n              <div class=\"flex-1 audio-content\" dir=\"ltr\">\n          <audio id=\"audio-ba3f80a3064d1e0589098862143538e1\" data-label=\"La Vall de Bo\u00ed y sus iglesias\"\n            data-category=\"SANT-FELIU-DE-BARRUERA-ES-GENERAL-PLAY-0.mp3\" class=\"hidden\" controls\n            src=\"https:\/\/guiesullsdelahistoria.cat\/app\/uploads\/2024\/11\/SANT-FELIU-DE-BARRUERA-ES-GENERAL-PLAY-0.mp3\"><\/audio>\n          <div class=\"flex items-center w-full gap-3 transition-opacity opacity-0 meta\">\n            <progress class=\"flex-1 border-0 appearance-none\" value=\"0\" max=\"1\"><\/progress>\n            <div class=\"text-sm text-center shrink-0 current-time w-9\"><\/div>\n                      <\/div>\n        <\/div>\n            <div class=\"flex flex-col items-center gap-2 shrink-1 audio-control\">\n        <button\n  class=\"flex items-center justify-center w-32 max-w-32 h-32 max-h-32 transition-[max-height,_max-width] bg-black rounded-full btn text-accent\"\n  data-target=\"#audio-ba3f80a3064d1e0589098862143538e1\">\n  <svg width=\"100%\" height=\"100%\" viewBox=\"0 0 36 36\" version=\"1.1\" xmlns=\"http:\/\/www.w3.org\/2000\/svg\" xmlns:xlink=\"http:\/\/www.w3.org\/1999\/xlink\">\n  <path id=\"ytp-12\" d=\"M11,10 L18,13.74 18,22.28 11,26 M18,13.74 L26,18 26,18 18,22.28\" fill=\"currentColor\">\n    <animate id=\"animation\" begin=\"indefinite\" attributeType=\"XML\" attributeName=\"d\" fill=\"freeze\" from=\"M11,10 L17,10 17,26 11,26 M20,10 L26,10 26,26 20,26\" to=\"M11,10 L18,13.74 18,22.28 11,26 M18,13.74 L26,18 26,18 18,22.28\" dur=\"0.1s\" keySplines=\".4 0 1 1\" repeatCount=\"1\" data-play=\"M11,10 L18,13.74 18,22.28 11,26 M18,13.74 L26,18 26,18 18,22.28\" data-pause=\"M11,10 L17,10 17,26 11,26 M20,10 L26,10 26,26 20,26\"><\/animate>\n  <\/path>\n<\/svg>\n<\/button>\n        <p class=\"text-base text-center\">Escucha<\/p>\n      <\/div>\n    <\/div>\n\n    \n          <div class=\"flex flex-wrap justify-between gap-6 md:justify-start\">\n                  <button data-target=\"#transcription-ba3f80a3064d1e0589098862143538e1\" data-toggle=\"modal\" class=\"flex items-center gap-2\">\n            <svg class=\"w-6 h-6\" fill=\"none\" xmlns=\"http:\/\/www.w3.org\/2000\/svg\" viewBox=\"0 0 22 12\"><path d=\"M0 9.873v-6c0-.55.196-1.02.588-1.412A1.926 1.926 0 0 1 2 1.873h2c.55 0 1.02.196 1.412.588.392.391.588.862.588 1.412v6H4v-2H2v2H0Zm2-4h2v-2H2v2Zm6 4v-8h4c.55 0 1.02.196 1.412.588.392.391.588.862.588 1.412v4c0 .55-.196 1.021-.588 1.413A1.926 1.926 0 0 1 12 9.873H8Zm2-2h2v-4h-2v4Zm6.85.8-1.4-1.425c.183-.183.32-.391.413-.625.091-.233.137-.483.137-.75 0-.283-.046-.537-.137-.762a1.85 1.85 0 0 0-.413-.613l1.4-1.45c.367.367.65.792.85 1.275.2.484.3 1 .3 1.55s-.1 1.063-.3 1.538c-.2.475-.483.896-.85 1.262Zm2.825 2.825-1.45-1.375c.55-.55.983-1.187 1.3-1.912A5.775 5.775 0 0 0 20 5.873c0-.85-.158-1.633-.475-2.35a6.217 6.217 0 0 0-1.3-1.9l1.45-1.4a7.94 7.94 0 0 1 1.712 2.55c.409.967.613 2 .613 3.1s-.204 2.13-.613 3.088a7.977 7.977 0 0 1-1.712 2.537Z\" fill=\"#000\"\/><\/svg>            <span>Transcripci\u00f3n<\/span>\n          <\/button>\n                      <\/div>\n      <\/div>\n\n      <div id=\"transcription-ba3f80a3064d1e0589098862143538e1\"\n  class=\"fixed inset-0 z-50 hidden w-screen h-screen opacity-0 pointer-events-none modal transcription\"\n  tabindex=\"-1\" role=\"dialog\">\n  <div class=\"absolute w-full h-full bg-black opacity-75 modal-overlay\"><\/div>\n  <div\n    class=\"absolute z-30 w-11\/12 mx-auto overflow-y-auto text-black bg-white shadow-lg modal-container center-xy md:max-w-4xl\"\n    role=\"document\">\n    <div class=\"flex items-center justify-between px-4 py-4 text-gray-700 border-b md:px-8\">\n      <h2 class=\"!mb-0 font-bold\">Transcripci\u00f3n<\/h2>\n      <div class=\"z-50 flex flex-col items-center ml-auto cursor-pointer rtl:ml-0 rtl:mr-auto modal-close\">\n        <svg class=\"w-auto h-6\" width=\"18\" height=\"23\" xmlns=\"http:\/\/www.w3.org\/2000\/svg\">\n  <g stroke=\"currentColor\" fill=\"none\" fill-rule=\"evenodd\" stroke-linecap=\"square\">\n    <path d=\"M.7248.974l16.1076 20.6167M16.655 1.2654L.9097 22.1601\" \/>\n  <\/g>\n<\/svg>        <div class=\"hidden\">Close<\/div>\n      <\/div>\n    <\/div>\n    <div class=\"px-4 py-8 overflow-y-auto max-h-modal md:px-8 modal-content\">\n      <div class=\"mb-8 flex flex-col gap-1.5\">\n                      <h3 class=\"text-xl font-bold\">La Vall de Bo\u00ed y sus iglesias<\/h3>\n                            <\/div>\n            <p>Te damos la bienvenida a la Vall de Bo\u00ed y te animamos a conocer su excepcional conjunto de iglesias, consideradas una de las m\u00e1ximas expresiones del arte rom\u00e1nico catal\u00e1n e inscritas en la lista de Patrimonio Mundial por la UNESCO en el a\u00f1o 2000.<br \/>\nEl Conjunto Rom\u00e1nico de la Vall de Bo\u00ed est\u00e1 integrado por nueve iglesias: Sant Climent y Santa Maria de Ta\u00fcll, Sant Joan de Bo\u00ed, Santa Eul\u00e0lia d\u2019Erill la Vall, Sant Feliu de Barruera, la Nativitat y Sant Quirc de Durro, Santa Maria de Cardet y la Assumpci\u00f3 de C\u00f3ll.<br \/>\nPero \u00bfqu\u00e9 tienen en com\u00fan este conjunto de iglesias? \u00bfPor qu\u00e9 son tan singulares? \u00bfCu\u00e1l es su historia?<br \/>\nTodas fueron construidas entre los siglos XI y XII, en un momento de poder y de bonanza econ\u00f3mica de la nobleza local, y comparten un estilo arquitect\u00f3nico, el rom\u00e1nico, muy extendido por toda Europa.<br \/>\nHoy, gran parte de las pinturas, tallas y mobiliario se conservan en varios museos catalanes, sobre todo en el Museu Nacional d\u2019Art de Catalunya. Sin embargo, algunas de las iglesias cuentan con importantes fragmentos de pintura mural y esculturas originales, adem\u00e1s de reproducciones de las que se conservan en los museos.<br \/>\nCon la gu\u00eda que tienes en tus manos, descubrir\u00e1s los valores excepcionales de este conjunto rom\u00e1nico y podr\u00e1s conocer cada una de las nueve iglesias, con sus secretos y curiosidades.<br \/>\n\u00a1Una advertencia final! Estas monta\u00f1as son misteriosas y, en los valles, las palabras de las personas que las han habitado a menudo se quedan atrapadas y resuenan a lo largo del tiempo como un eco imperceptible. Esta gu\u00eda dispone de un sensor que se activa cada vez que capta alguna. No te asustes y sigue escuchando.<\/p>\n    <\/div>\n  <\/div>\n<\/div>\n    <\/section>\n\n\n<div class=\"flex flex-col gap-3 element text-block\">\n  <div class=\"flex items-center gap-6\">\n              <h2 class=\"text-2xl font-bold\">4b Entrada<\/h2>\n      <\/div>\n    <\/div>\n\n\n<div class=\"flex flex-col gap-6 element image-block\">\n  <div class=\"flex flex-col gap-3\">\n      <\/div>\n      <figure>\n      <img loading=\"lazy\" decoding=\"async\" width=\"1600\" height=\"979\" src=\"https:\/\/guiesullsdelahistoria.cat\/app\/uploads\/2024\/11\/Sant_Feliu_Barruera_cementiri_i_porxo.jpg\" class=\"w-full h-auto\" alt=\"P\u00f3rtico de la iglesia de Sant Feliu de Barruera, con el cementerio delante y la imagen de la torre del campanario descabezada detr\u00e1s.\" srcset=\"https:\/\/guiesullsdelahistoria.cat\/app\/uploads\/2024\/11\/Sant_Feliu_Barruera_cementiri_i_porxo.jpg 1600w, https:\/\/guiesullsdelahistoria.cat\/app\/uploads\/2024\/11\/Sant_Feliu_Barruera_cementiri_i_porxo-300x184.jpg 300w, https:\/\/guiesullsdelahistoria.cat\/app\/uploads\/2024\/11\/Sant_Feliu_Barruera_cementiri_i_porxo-1024x627.jpg 1024w, https:\/\/guiesullsdelahistoria.cat\/app\/uploads\/2024\/11\/Sant_Feliu_Barruera_cementiri_i_porxo-768x470.jpg 768w, https:\/\/guiesullsdelahistoria.cat\/app\/uploads\/2024\/11\/Sant_Feliu_Barruera_cementiri_i_porxo-1536x940.jpg 1536w\" sizes=\"auto, (max-width: 1600px) 100vw, 1600px\" \/>\n              <figcaption class=\"pt-2 text-gray-800\">P\u00f3rtico de Sant Feliu de Barruera.<\/figcaption>\n          <\/figure>\n  <\/div>\n\n\n<section class=\"element audio-block\">\n  <div class=\"flex flex-col w-full gap-6\">\n    <div class=\"flex flex-col gap-3\">\n      <div class=\"flex gap-6\">\n                          <h2 class=\"text-2xl font-bold\">Iglesias fuera de los pueblos<\/h2>\n              <\/div>\n          <\/div>\n    <div class=\"flex items-center justify-end gap-3\">\n              <div class=\"flex-1 audio-content\" dir=\"ltr\">\n          <audio id=\"audio-52f86f4808389e861989b33a0ce031c3\" data-label=\"Iglesias fuera de los pueblos\"\n            data-category=\"SANT-FELIU-DE-BARRUERA-ES-GENERAL-PLAY-1.mp3\" class=\"hidden\" controls\n            src=\"https:\/\/guiesullsdelahistoria.cat\/app\/uploads\/2024\/11\/SANT-FELIU-DE-BARRUERA-ES-GENERAL-PLAY-1.mp3\"><\/audio>\n          <div class=\"flex items-center w-full gap-3 transition-opacity opacity-0 meta\">\n            <progress class=\"flex-1 border-0 appearance-none\" value=\"0\" max=\"1\"><\/progress>\n            <div class=\"text-sm text-center shrink-0 current-time w-9\"><\/div>\n                      <\/div>\n        <\/div>\n            <div class=\"flex flex-col items-center gap-2 shrink-1 audio-control\">\n        <button\n  class=\"flex items-center justify-center w-32 max-w-32 h-32 max-h-32 transition-[max-height,_max-width] bg-black rounded-full btn text-accent\"\n  data-target=\"#audio-52f86f4808389e861989b33a0ce031c3\">\n  <svg width=\"100%\" height=\"100%\" viewBox=\"0 0 36 36\" version=\"1.1\" xmlns=\"http:\/\/www.w3.org\/2000\/svg\" xmlns:xlink=\"http:\/\/www.w3.org\/1999\/xlink\">\n  <path id=\"ytp-12\" d=\"M11,10 L18,13.74 18,22.28 11,26 M18,13.74 L26,18 26,18 18,22.28\" fill=\"currentColor\">\n    <animate id=\"animation\" begin=\"indefinite\" attributeType=\"XML\" attributeName=\"d\" fill=\"freeze\" from=\"M11,10 L17,10 17,26 11,26 M20,10 L26,10 26,26 20,26\" to=\"M11,10 L18,13.74 18,22.28 11,26 M18,13.74 L26,18 26,18 18,22.28\" dur=\"0.1s\" keySplines=\".4 0 1 1\" repeatCount=\"1\" data-play=\"M11,10 L18,13.74 18,22.28 11,26 M18,13.74 L26,18 26,18 18,22.28\" data-pause=\"M11,10 L17,10 17,26 11,26 M20,10 L26,10 26,26 20,26\"><\/animate>\n  <\/path>\n<\/svg>\n<\/button>\n        <p class=\"text-base text-center\">Escucha<\/p>\n      <\/div>\n    <\/div>\n\n    \n          <div class=\"flex flex-wrap justify-between gap-6 md:justify-start\">\n                  <button data-target=\"#transcription-52f86f4808389e861989b33a0ce031c3\" data-toggle=\"modal\" class=\"flex items-center gap-2\">\n            <svg class=\"w-6 h-6\" fill=\"none\" xmlns=\"http:\/\/www.w3.org\/2000\/svg\" viewBox=\"0 0 22 12\"><path d=\"M0 9.873v-6c0-.55.196-1.02.588-1.412A1.926 1.926 0 0 1 2 1.873h2c.55 0 1.02.196 1.412.588.392.391.588.862.588 1.412v6H4v-2H2v2H0Zm2-4h2v-2H2v2Zm6 4v-8h4c.55 0 1.02.196 1.412.588.392.391.588.862.588 1.412v4c0 .55-.196 1.021-.588 1.413A1.926 1.926 0 0 1 12 9.873H8Zm2-2h2v-4h-2v4Zm6.85.8-1.4-1.425c.183-.183.32-.391.413-.625.091-.233.137-.483.137-.75 0-.283-.046-.537-.137-.762a1.85 1.85 0 0 0-.413-.613l1.4-1.45c.367.367.65.792.85 1.275.2.484.3 1 .3 1.55s-.1 1.063-.3 1.538c-.2.475-.483.896-.85 1.262Zm2.825 2.825-1.45-1.375c.55-.55.983-1.187 1.3-1.912A5.775 5.775 0 0 0 20 5.873c0-.85-.158-1.633-.475-2.35a6.217 6.217 0 0 0-1.3-1.9l1.45-1.4a7.94 7.94 0 0 1 1.712 2.55c.409.967.613 2 .613 3.1s-.204 2.13-.613 3.088a7.977 7.977 0 0 1-1.712 2.537Z\" fill=\"#000\"\/><\/svg>            <span>Transcripci\u00f3n<\/span>\n          <\/button>\n                      <\/div>\n      <\/div>\n\n      <div id=\"transcription-52f86f4808389e861989b33a0ce031c3\"\n  class=\"fixed inset-0 z-50 hidden w-screen h-screen opacity-0 pointer-events-none modal transcription\"\n  tabindex=\"-1\" role=\"dialog\">\n  <div class=\"absolute w-full h-full bg-black opacity-75 modal-overlay\"><\/div>\n  <div\n    class=\"absolute z-30 w-11\/12 mx-auto overflow-y-auto text-black bg-white shadow-lg modal-container center-xy md:max-w-4xl\"\n    role=\"document\">\n    <div class=\"flex items-center justify-between px-4 py-4 text-gray-700 border-b md:px-8\">\n      <h2 class=\"!mb-0 font-bold\">Transcripci\u00f3n<\/h2>\n      <div class=\"z-50 flex flex-col items-center ml-auto cursor-pointer rtl:ml-0 rtl:mr-auto modal-close\">\n        <svg class=\"w-auto h-6\" width=\"18\" height=\"23\" xmlns=\"http:\/\/www.w3.org\/2000\/svg\">\n  <g stroke=\"currentColor\" fill=\"none\" fill-rule=\"evenodd\" stroke-linecap=\"square\">\n    <path d=\"M.7248.974l16.1076 20.6167M16.655 1.2654L.9097 22.1601\" \/>\n  <\/g>\n<\/svg>        <div class=\"hidden\">Close<\/div>\n      <\/div>\n    <\/div>\n    <div class=\"px-4 py-8 overflow-y-auto max-h-modal md:px-8 modal-content\">\n      <div class=\"mb-8 flex flex-col gap-1.5\">\n                      <h3 class=\"text-xl font-bold\">Iglesias fuera de los pueblos<\/h3>\n                            <\/div>\n            <p>Si has llegado hasta la iglesia desde el pueblo, inevitablemente has tenido que cruzar la carretera. Esto te proporciona un dato importante sobre el origen de la iglesia; esta, como las dem\u00e1s del conjunto rom\u00e1nico \u2014a excepci\u00f3n de la de Santa Maria de Ta\u00fcll\u2014, se construy\u00f3 fuera del casco urbano.<br \/>\nA tu izquierda puedes ver el cementerio parroquial, elemento com\u00fan en las iglesias de La Vall y que, como en el resto, sigue activo.<\/p>\n<p><em>Sonido de interferencias.<\/em><br \/>\n<strong>Joan, un hombre mayor<\/strong>: Buenos d\u00edas, Maria. \u00bfAcaso podr\u00edas dejarme las tijeras de podar?<br \/>\n<strong>Maria, una mujer mayor<\/strong>: \u00a1Pues claro, hombre!<br \/>\n<strong>Joan:<\/strong> Las necesito para cortar las malas hierbas; crecen por todas partes y pronto no se ver\u00e1 ni la cruz.<br \/>\n<strong>Maria:<\/strong> Y que lo digas. Yo vengo cada semana a limpiar la l\u00e1pida de mi marido. Con la lluvia queda hecha un asco. Y, de paso, le cambio las flores.<br \/>\n<strong>Joan:<\/strong> Yo tengo trabajo. Aparte de las cruces y las l\u00e1pidas de mi familia, repaso las de la familia de Manel, que el pobre ya no puede venir. Me paso aqu\u00ed todo el d\u00eda.<br \/>\n<strong>Maria:<\/strong> Mira, as\u00ed nos vemos, aunque sea en el cementerio.<br \/>\n<em>Sonido de interferencias.<br \/>\n<\/em><br \/>\nA\u00fan en los alrededores de la iglesia, vale la pena acercarse al r\u00edo para ver \u201cla palanca\u201d, un puente que un\u00eda los pueblos de La Vall, hoy en d\u00eda totalmente reconstruido. Puedes ir al final de la visita.<br \/>\nAhora, dir\u00edgete a la parte trasera de la iglesia. Podr\u00e1s llegar siguiendo el camino que desciende por tu derecha.<\/p>\n    <\/div>\n  <\/div>\n<\/div>\n    <\/section>\n\n\n<div class=\"flex flex-col gap-3 element text-block\">\n  <div class=\"flex items-center gap-6\">\n              <h2 class=\"text-2xl font-bold\">4c \u00c1bside<\/h2>\n      <\/div>\n    <\/div>\n\n\n<div class=\"flex flex-col gap-6 element image-block\">\n  <div class=\"flex flex-col gap-3\">\n      <\/div>\n      <figure>\n      <img loading=\"lazy\" decoding=\"async\" width=\"1452\" height=\"933\" src=\"https:\/\/guiesullsdelahistoria.cat\/app\/uploads\/2024\/11\/Sant_Feliu_Barruera_absis_i_volums.jpg\" class=\"w-full h-auto\" alt=\"Vista exterior de la iglesia de Sant Feliu de Barruera desde atr\u00e1s, con los dos \u00e1bsides en primer t\u00e9rmino y los vol\u00famenes de las otras partes del edificio sobresaliendo por detr\u00e1s de forma escalonada.\" srcset=\"https:\/\/guiesullsdelahistoria.cat\/app\/uploads\/2024\/11\/Sant_Feliu_Barruera_absis_i_volums.jpg 1452w, https:\/\/guiesullsdelahistoria.cat\/app\/uploads\/2024\/11\/Sant_Feliu_Barruera_absis_i_volums-300x193.jpg 300w, https:\/\/guiesullsdelahistoria.cat\/app\/uploads\/2024\/11\/Sant_Feliu_Barruera_absis_i_volums-1024x658.jpg 1024w, https:\/\/guiesullsdelahistoria.cat\/app\/uploads\/2024\/11\/Sant_Feliu_Barruera_absis_i_volums-768x493.jpg 768w\" sizes=\"auto, (max-width: 1452px) 100vw, 1452px\" \/>\n              <figcaption class=\"pt-2 text-gray-800\">Vista de Sant Feliu de Barruera desde atr\u00e1s.<\/figcaption>\n          <\/figure>\n  <\/div>\n\n\n<section class=\"element audio-block\">\n  <div class=\"flex flex-col w-full gap-6\">\n    <div class=\"flex flex-col gap-3\">\n      <div class=\"flex gap-6\">\n                          <h2 class=\"text-2xl font-bold\">Unos \u00e1bsides de varias \u00e9pocas<\/h2>\n              <\/div>\n          <\/div>\n    <div class=\"flex items-center justify-end gap-3\">\n              <div class=\"flex-1 audio-content\" dir=\"ltr\">\n          <audio id=\"audio-036591cbbf42ccafa742b932801f5d37\" data-label=\"Unos \u00e1bsides de varias \u00e9pocas\"\n            data-category=\"SANT-FELIU-DE-BARRUERA-ES-GENERAL-PLAY-2.mp3\" class=\"hidden\" controls\n            src=\"https:\/\/guiesullsdelahistoria.cat\/app\/uploads\/2024\/11\/SANT-FELIU-DE-BARRUERA-ES-GENERAL-PLAY-2.mp3\"><\/audio>\n          <div class=\"flex items-center w-full gap-3 transition-opacity opacity-0 meta\">\n            <progress class=\"flex-1 border-0 appearance-none\" value=\"0\" max=\"1\"><\/progress>\n            <div class=\"text-sm text-center shrink-0 current-time w-9\"><\/div>\n                      <\/div>\n        <\/div>\n            <div class=\"flex flex-col items-center gap-2 shrink-1 audio-control\">\n        <button\n  class=\"flex items-center justify-center w-32 max-w-32 h-32 max-h-32 transition-[max-height,_max-width] bg-black rounded-full btn text-accent\"\n  data-target=\"#audio-036591cbbf42ccafa742b932801f5d37\">\n  <svg width=\"100%\" height=\"100%\" viewBox=\"0 0 36 36\" version=\"1.1\" xmlns=\"http:\/\/www.w3.org\/2000\/svg\" xmlns:xlink=\"http:\/\/www.w3.org\/1999\/xlink\">\n  <path id=\"ytp-12\" d=\"M11,10 L18,13.74 18,22.28 11,26 M18,13.74 L26,18 26,18 18,22.28\" fill=\"currentColor\">\n    <animate id=\"animation\" begin=\"indefinite\" attributeType=\"XML\" attributeName=\"d\" fill=\"freeze\" from=\"M11,10 L17,10 17,26 11,26 M20,10 L26,10 26,26 20,26\" to=\"M11,10 L18,13.74 18,22.28 11,26 M18,13.74 L26,18 26,18 18,22.28\" dur=\"0.1s\" keySplines=\".4 0 1 1\" repeatCount=\"1\" data-play=\"M11,10 L18,13.74 18,22.28 11,26 M18,13.74 L26,18 26,18 18,22.28\" data-pause=\"M11,10 L17,10 17,26 11,26 M20,10 L26,10 26,26 20,26\"><\/animate>\n  <\/path>\n<\/svg>\n<\/button>\n        <p class=\"text-base text-center\">Escucha<\/p>\n      <\/div>\n    <\/div>\n\n    \n          <div class=\"flex flex-wrap justify-between gap-6 md:justify-start\">\n                  <button data-target=\"#transcription-036591cbbf42ccafa742b932801f5d37\" data-toggle=\"modal\" class=\"flex items-center gap-2\">\n            <svg class=\"w-6 h-6\" fill=\"none\" xmlns=\"http:\/\/www.w3.org\/2000\/svg\" viewBox=\"0 0 22 12\"><path d=\"M0 9.873v-6c0-.55.196-1.02.588-1.412A1.926 1.926 0 0 1 2 1.873h2c.55 0 1.02.196 1.412.588.392.391.588.862.588 1.412v6H4v-2H2v2H0Zm2-4h2v-2H2v2Zm6 4v-8h4c.55 0 1.02.196 1.412.588.392.391.588.862.588 1.412v4c0 .55-.196 1.021-.588 1.413A1.926 1.926 0 0 1 12 9.873H8Zm2-2h2v-4h-2v4Zm6.85.8-1.4-1.425c.183-.183.32-.391.413-.625.091-.233.137-.483.137-.75 0-.283-.046-.537-.137-.762a1.85 1.85 0 0 0-.413-.613l1.4-1.45c.367.367.65.792.85 1.275.2.484.3 1 .3 1.55s-.1 1.063-.3 1.538c-.2.475-.483.896-.85 1.262Zm2.825 2.825-1.45-1.375c.55-.55.983-1.187 1.3-1.912A5.775 5.775 0 0 0 20 5.873c0-.85-.158-1.633-.475-2.35a6.217 6.217 0 0 0-1.3-1.9l1.45-1.4a7.94 7.94 0 0 1 1.712 2.55c.409.967.613 2 .613 3.1s-.204 2.13-.613 3.088a7.977 7.977 0 0 1-1.712 2.537Z\" fill=\"#000\"\/><\/svg>            <span>Transcripci\u00f3n<\/span>\n          <\/button>\n                      <\/div>\n      <\/div>\n\n      <div id=\"transcription-036591cbbf42ccafa742b932801f5d37\"\n  class=\"fixed inset-0 z-50 hidden w-screen h-screen opacity-0 pointer-events-none modal transcription\"\n  tabindex=\"-1\" role=\"dialog\">\n  <div class=\"absolute w-full h-full bg-black opacity-75 modal-overlay\"><\/div>\n  <div\n    class=\"absolute z-30 w-11\/12 mx-auto overflow-y-auto text-black bg-white shadow-lg modal-container center-xy md:max-w-4xl\"\n    role=\"document\">\n    <div class=\"flex items-center justify-between px-4 py-4 text-gray-700 border-b md:px-8\">\n      <h2 class=\"!mb-0 font-bold\">Transcripci\u00f3n<\/h2>\n      <div class=\"z-50 flex flex-col items-center ml-auto cursor-pointer rtl:ml-0 rtl:mr-auto modal-close\">\n        <svg class=\"w-auto h-6\" width=\"18\" height=\"23\" xmlns=\"http:\/\/www.w3.org\/2000\/svg\">\n  <g stroke=\"currentColor\" fill=\"none\" fill-rule=\"evenodd\" stroke-linecap=\"square\">\n    <path d=\"M.7248.974l16.1076 20.6167M16.655 1.2654L.9097 22.1601\" \/>\n  <\/g>\n<\/svg>        <div class=\"hidden\">Close<\/div>\n      <\/div>\n    <\/div>\n    <div class=\"px-4 py-8 overflow-y-auto max-h-modal md:px-8 modal-content\">\n      <div class=\"mb-8 flex flex-col gap-1.5\">\n                      <h3 class=\"text-xl font-bold\">Unos \u00e1bsides de varias \u00e9pocas<\/h3>\n                            <\/div>\n            <p>La iglesia de Sant Feliu ha tenido numerosas transformaciones a lo largo de los siglos. F\u00edjate en la curiosa perspectiva que generan sus vol\u00famenes. <\/p>\n<p>Destacan los \u00e1bsides, donde puedes ver elementos arquitect\u00f3nicos de los distintos momentos constructivos. El \u00e1bside m\u00e1s grande es el del siglo XI. Se puede ver claramente que est\u00e1 construido con piedras irregulares y decorado con arcadas ciegas y bandas o lesenas del primer rom\u00e1nico. El m\u00e1s peque\u00f1o es del siglo XII, est\u00e1 hecho con piedras regulares y pr\u00e1cticamente no tiene decoraci\u00f3n.<\/p>\n<p>En los \u00e1bsides de Sant Feliu tambi\u00e9n puedes ver varios modelos de ventanas rom\u00e1nicas.<br \/>\nPara continuar con la visita, entra en la iglesia y sit\u00faate delante de los bancos. <\/p>\n    <\/div>\n  <\/div>\n<\/div>\n    <\/section>\n\n\n<div class=\"flex flex-col gap-3 element text-block\">\n  <div class=\"flex items-center gap-6\">\n              <h2 class=\"text-2xl font-bold\">4d Interior delante del altar<\/h2>\n      <\/div>\n    <\/div>\n\n\n<div class=\"flex flex-col gap-6 element image-block\">\n  <div class=\"flex flex-col gap-3\">\n      <\/div>\n      <figure>\n      <img loading=\"lazy\" decoding=\"async\" width=\"1445\" height=\"962\" src=\"https:\/\/guiesullsdelahistoria.cat\/app\/uploads\/2024\/11\/Sant_Feliu_Barruera_interior_absis_DSC0051.jpg\" class=\"w-full h-auto\" alt=\"Vista interior del \u00e1bside central de la iglesia de Sant Feliu de Barruera cubierto por la b\u00f3veda de cuarto de esfera.\" srcset=\"https:\/\/guiesullsdelahistoria.cat\/app\/uploads\/2024\/11\/Sant_Feliu_Barruera_interior_absis_DSC0051.jpg 1445w, https:\/\/guiesullsdelahistoria.cat\/app\/uploads\/2024\/11\/Sant_Feliu_Barruera_interior_absis_DSC0051-300x200.jpg 300w, https:\/\/guiesullsdelahistoria.cat\/app\/uploads\/2024\/11\/Sant_Feliu_Barruera_interior_absis_DSC0051-1024x682.jpg 1024w, https:\/\/guiesullsdelahistoria.cat\/app\/uploads\/2024\/11\/Sant_Feliu_Barruera_interior_absis_DSC0051-768x511.jpg 768w\" sizes=\"auto, (max-width: 1445px) 100vw, 1445px\" \/>\n              <figcaption class=\"pt-2 text-gray-800\">Vista interior de Sant Feliu de Barruera.<\/figcaption>\n          <\/figure>\n  <\/div>\n\n\n<section class=\"element audio-block\">\n  <div class=\"flex flex-col w-full gap-6\">\n    <div class=\"flex flex-col gap-3\">\n      <div class=\"flex gap-6\">\n                          <h2 class=\"text-2xl font-bold\">Los materiales de construcci\u00f3n del \u00e1bside y la decoraci\u00f3n<\/h2>\n              <\/div>\n          <\/div>\n    <div class=\"flex items-center justify-end gap-3\">\n              <div class=\"flex-1 audio-content\" dir=\"ltr\">\n          <audio id=\"audio-b2b09d2b3ec24053dec202bd570fb08a\" data-label=\"Los materiales de construcci\u00f3n del \u00e1bside y la decoraci\u00f3n\"\n            data-category=\"SANT-FELIU-DE-BARRUERA-ES-GENERAL-PLAY-3.mp3\" class=\"hidden\" controls\n            src=\"https:\/\/guiesullsdelahistoria.cat\/app\/uploads\/2024\/11\/SANT-FELIU-DE-BARRUERA-ES-GENERAL-PLAY-3.mp3\"><\/audio>\n          <div class=\"flex items-center w-full gap-3 transition-opacity opacity-0 meta\">\n            <progress class=\"flex-1 border-0 appearance-none\" value=\"0\" max=\"1\"><\/progress>\n            <div class=\"text-sm text-center shrink-0 current-time w-9\"><\/div>\n                      <\/div>\n        <\/div>\n            <div class=\"flex flex-col items-center gap-2 shrink-1 audio-control\">\n        <button\n  class=\"flex items-center justify-center w-32 max-w-32 h-32 max-h-32 transition-[max-height,_max-width] bg-black rounded-full btn text-accent\"\n  data-target=\"#audio-b2b09d2b3ec24053dec202bd570fb08a\">\n  <svg width=\"100%\" height=\"100%\" viewBox=\"0 0 36 36\" version=\"1.1\" xmlns=\"http:\/\/www.w3.org\/2000\/svg\" xmlns:xlink=\"http:\/\/www.w3.org\/1999\/xlink\">\n  <path id=\"ytp-12\" d=\"M11,10 L18,13.74 18,22.28 11,26 M18,13.74 L26,18 26,18 18,22.28\" fill=\"currentColor\">\n    <animate id=\"animation\" begin=\"indefinite\" attributeType=\"XML\" attributeName=\"d\" fill=\"freeze\" from=\"M11,10 L17,10 17,26 11,26 M20,10 L26,10 26,26 20,26\" to=\"M11,10 L18,13.74 18,22.28 11,26 M18,13.74 L26,18 26,18 18,22.28\" dur=\"0.1s\" keySplines=\".4 0 1 1\" repeatCount=\"1\" data-play=\"M11,10 L18,13.74 18,22.28 11,26 M18,13.74 L26,18 26,18 18,22.28\" data-pause=\"M11,10 L17,10 17,26 11,26 M20,10 L26,10 26,26 20,26\"><\/animate>\n  <\/path>\n<\/svg>\n<\/button>\n        <p class=\"text-base text-center\">Escucha<\/p>\n      <\/div>\n    <\/div>\n\n    \n          <div class=\"flex flex-wrap justify-between gap-6 md:justify-start\">\n                  <button data-target=\"#transcription-b2b09d2b3ec24053dec202bd570fb08a\" data-toggle=\"modal\" class=\"flex items-center gap-2\">\n            <svg class=\"w-6 h-6\" fill=\"none\" xmlns=\"http:\/\/www.w3.org\/2000\/svg\" viewBox=\"0 0 22 12\"><path d=\"M0 9.873v-6c0-.55.196-1.02.588-1.412A1.926 1.926 0 0 1 2 1.873h2c.55 0 1.02.196 1.412.588.392.391.588.862.588 1.412v6H4v-2H2v2H0Zm2-4h2v-2H2v2Zm6 4v-8h4c.55 0 1.02.196 1.412.588.392.391.588.862.588 1.412v4c0 .55-.196 1.021-.588 1.413A1.926 1.926 0 0 1 12 9.873H8Zm2-2h2v-4h-2v4Zm6.85.8-1.4-1.425c.183-.183.32-.391.413-.625.091-.233.137-.483.137-.75 0-.283-.046-.537-.137-.762a1.85 1.85 0 0 0-.413-.613l1.4-1.45c.367.367.65.792.85 1.275.2.484.3 1 .3 1.55s-.1 1.063-.3 1.538c-.2.475-.483.896-.85 1.262Zm2.825 2.825-1.45-1.375c.55-.55.983-1.187 1.3-1.912A5.775 5.775 0 0 0 20 5.873c0-.85-.158-1.633-.475-2.35a6.217 6.217 0 0 0-1.3-1.9l1.45-1.4a7.94 7.94 0 0 1 1.712 2.55c.409.967.613 2 .613 3.1s-.204 2.13-.613 3.088a7.977 7.977 0 0 1-1.712 2.537Z\" fill=\"#000\"\/><\/svg>            <span>Transcripci\u00f3n<\/span>\n          <\/button>\n                      <\/div>\n      <\/div>\n\n      <div id=\"transcription-b2b09d2b3ec24053dec202bd570fb08a\"\n  class=\"fixed inset-0 z-50 hidden w-screen h-screen opacity-0 pointer-events-none modal transcription\"\n  tabindex=\"-1\" role=\"dialog\">\n  <div class=\"absolute w-full h-full bg-black opacity-75 modal-overlay\"><\/div>\n  <div\n    class=\"absolute z-30 w-11\/12 mx-auto overflow-y-auto text-black bg-white shadow-lg modal-container center-xy md:max-w-4xl\"\n    role=\"document\">\n    <div class=\"flex items-center justify-between px-4 py-4 text-gray-700 border-b md:px-8\">\n      <h2 class=\"!mb-0 font-bold\">Transcripci\u00f3n<\/h2>\n      <div class=\"z-50 flex flex-col items-center ml-auto cursor-pointer rtl:ml-0 rtl:mr-auto modal-close\">\n        <svg class=\"w-auto h-6\" width=\"18\" height=\"23\" xmlns=\"http:\/\/www.w3.org\/2000\/svg\">\n  <g stroke=\"currentColor\" fill=\"none\" fill-rule=\"evenodd\" stroke-linecap=\"square\">\n    <path d=\"M.7248.974l16.1076 20.6167M16.655 1.2654L.9097 22.1601\" \/>\n  <\/g>\n<\/svg>        <div class=\"hidden\">Close<\/div>\n      <\/div>\n    <\/div>\n    <div class=\"px-4 py-8 overflow-y-auto max-h-modal md:px-8 modal-content\">\n      <div class=\"mb-8 flex flex-col gap-1.5\">\n                      <h3 class=\"text-xl font-bold\">Los materiales de construcci\u00f3n del \u00e1bside y la decoraci\u00f3n<\/h3>\n                            <\/div>\n            <p>El \u00e1bside central de la iglesia de Sant Feliu es tan interesante por fuera como lo es por dentro. El interior esconde dos elementos muy singulares.<br \/>\nEl primero tiene que ver con los materiales de construcci\u00f3n. Si te fijas, la b\u00f3veda de cuarto de esfera que cubre el \u00e1bside central est\u00e1 construida con piedra p\u00f3mez, un material m\u00e1s ligero que el granito, extra\u00eddo muy probablemente de las inmediaciones del r\u00edo Noguera de Tor.<\/p>\n<p>Tambi\u00e9n son interesantes los restos de enlucido y encintado originales del siglo xi; puedes ver un ejemplo en el espacio entre la ventana central y la de la izquierda. El encintado ser\u00edan estas l\u00edneas blancas dibujadas sobre la piedra para simular una simetr\u00eda en realidad inexistente. Esta decoraci\u00f3n con encintado tambi\u00e9n la ver\u00e1s en Sant Climent de Ta\u00fcll, en Sant Joan de Bo\u00ed y en Santa Eul\u00e0lia d\u2019Erill la Vall. <\/p>\n<p>Si quieres ver c\u00f3mo era todo el \u00e1bside de Sant Feliu de Barruera decorado con el encintado, activa el recurso virtual. <\/p>\n    <\/div>\n  <\/div>\n<\/div>\n    <\/section>\n\n\n<div class=\"flex flex-col gap-3 element interactive-block\">\n  <div class=\"flex items-center gap-6\">\n              <h2 class=\"text-2xl font-bold\">Recurso virtual: Restituci\u00f3n del encintado del \u00e1bside<\/h2>\n      <\/div>\n          <div class=\"flex justify-end w-full\">\n      <div class=\"flex flex-col items-center gap-2 shrink-1\">\n        <button data-target=\"#embed-69f5c69036de1\" data-toggle=\"modal\"\n          class=\"flex items-center justify-center w-32 h-32 bg-black rounded-full text-accent\">\n          <svg class=\"w-16 h-auto\" width=\"60\" height=\"61\" viewBox=\"0 0 60 61\" fill=\"none\" xmlns=\"http:\/\/www.w3.org\/2000\/svg\">\n  <path\n    d=\"M27 53.298L12 44.673C11.05 44.1231 10.3125 43.398 9.7875 42.498C9.2625 41.598 9 40.598 9 39.498V22.248C9 21.148 9.2625 20.148 9.7875 19.248C10.3125 18.348 11.05 17.623 12 17.073L27 8.44805C27.95 7.89805 28.95 7.62305 30 7.62305C31.05 7.62305 32.05 7.89805 33 8.44805L48 17.073C48.95 17.623 49.6875 18.348 50.2125 19.248C50.7375 20.148 51 21.148 51 22.248V39.498C51 40.598 50.7375 41.598 50.2125 42.498C49.6875 43.398 48.95 44.1231 48 44.673L33 53.298C32.05 53.848 31.05 54.123 30 54.123C28.95 54.123 27.95 53.848 27 53.298ZM27 46.398V32.598L15 25.623V39.498L27 46.398ZM33 46.398L45 39.498V25.623L33 32.598V46.398ZM0 15.873V6.87305C0 5.22305 0.5875 3.81055 1.7625 2.63555C2.9375 1.46055 4.35 0.873047 6 0.873047H15V6.87305H6V15.873H0ZM15 60.873H6C4.35 60.873 2.9375 60.2855 1.7625 59.1105C0.5875 57.9355 0 56.523 0 54.873V45.8731H6V54.873H15V60.873ZM45 60.873V54.873H54V45.8731H60V54.873C60 56.523 59.4125 57.9355 58.2375 59.1105C57.0625 60.2855 55.65 60.873 54 60.873H45ZM54 15.873V6.87305H45V0.873047H54C55.65 0.873047 57.0625 1.46055 58.2375 2.63555C59.4125 3.81055 60 5.22305 60 6.87305V15.873H54ZM30 27.423L41.85 20.448L30 13.623L18.15 20.448L30 27.423Z\"\n    fill=\"currentColor\" \/>\n<\/svg>\n        <\/button>\n                  <p class=\"text-base text-center\">Mira<\/p>\n              <\/div>\n    <\/div>\n    <div id=\"embed-69f5c69036de1\"\n  class=\"fixed inset-0 z-50 hidden w-screen h-screen opacity-0 pointer-events-none modal embed-container\"\n  tabindex=\"-1\" role=\"dialog\">\n  <div class=\"absolute w-full h-full bg-black opacity-75 modal-overlay\"><\/div>\n  <div\n    class=\"absolute z-30 w-11\/12 mx-auto overflow-y-auto text-black bg-white shadow-lg modal-container center-xy md:max-w-4xl\"\n    role=\"document\">\n    <div class=\"flex items-center justify-between px-4 py-4 text-gray-700 border-b md:px-8\">\n      <h2 class=\"!mb-0 font-bold\">Mira<\/h2>\n      <div class=\"z-50 flex flex-col items-center ml-auto cursor-pointer rtl:ml-0 rtl:mr-auto modal-close\">\n        <svg class=\"w-auto h-6\" width=\"18\" height=\"23\" xmlns=\"http:\/\/www.w3.org\/2000\/svg\">\n  <g stroke=\"currentColor\" fill=\"none\" fill-rule=\"evenodd\" stroke-linecap=\"square\">\n    <path d=\"M.7248.974l16.1076 20.6167M16.655 1.2654L.9097 22.1601\" \/>\n  <\/g>\n<\/svg>        <div class=\"hidden\">Close<\/div>\n      <\/div>\n    <\/div>\n    <div class=\"px-4 py-8 overflow-y-auto max-h-modal md:px-8 modal-content\">\n      <div class=\"sketchfab-embed-wrapper\"> <iframe title=\"Absis de Sant Feliu de Barruera. Reconstrucci\u00f3\" frameborder=\"0\" allowfullscreen mozallowfullscreen=\"true\" webkitallowfullscreen=\"true\" allow=\"autoplay; fullscreen; xr-spatial-tracking\" xr-spatial-tracking execution-while-out-of-viewport execution-while-not-rendered web-share src=\"https:\/\/sketchfab.com\/models\/e6ef268e31c94ca6bacc5fd0182d2644\/embed?ui_infos=0\"> <\/iframe> <\/div>\n    <\/div>\n  <\/div>\n<\/div>\n  <\/div>\n\n\n<div class=\"flex flex-col gap-3 element text-block\">\n  <div class=\"flex items-center gap-6\">\n              <h2 class=\"text-2xl font-bold\">4e Cruz de la nave<\/h2>\n      <\/div>\n    <\/div>\n\n\n<div class=\"flex flex-col gap-6 element image-block\">\n  <div class=\"flex flex-col gap-3\">\n      <\/div>\n      <figure>\n      <img loading=\"lazy\" decoding=\"async\" width=\"1600\" height=\"1201\" src=\"https:\/\/guiesullsdelahistoria.cat\/app\/uploads\/2024\/11\/PHOTO-2025-01-16-08-06-51.jpg\" class=\"w-full h-auto\" alt=\"Montaje de mobiliario religioso en el interior de la iglesia de Sant Feliu de Barruera: frontal de altar del siglo xix, con predela del siglo XVI por arriba y tallas del siglo XX encima.\" srcset=\"https:\/\/guiesullsdelahistoria.cat\/app\/uploads\/2024\/11\/PHOTO-2025-01-16-08-06-51.jpg 1600w, https:\/\/guiesullsdelahistoria.cat\/app\/uploads\/2024\/11\/PHOTO-2025-01-16-08-06-51-300x225.jpg 300w, https:\/\/guiesullsdelahistoria.cat\/app\/uploads\/2024\/11\/PHOTO-2025-01-16-08-06-51-1024x769.jpg 1024w, https:\/\/guiesullsdelahistoria.cat\/app\/uploads\/2024\/11\/PHOTO-2025-01-16-08-06-51-768x576.jpg 768w, https:\/\/guiesullsdelahistoria.cat\/app\/uploads\/2024\/11\/PHOTO-2025-01-16-08-06-51-1536x1153.jpg 1536w\" sizes=\"auto, (max-width: 1600px) 100vw, 1600px\" \/>\n              <figcaption class=\"pt-2 text-gray-800\">Conjunto de mobiliario religioso en el interior de Sant Feliu de Barruera.<\/figcaption>\n          <\/figure>\n  <\/div>\n\n\n<section class=\"element audio-block\">\n  <div class=\"flex flex-col w-full gap-6\">\n    <div class=\"flex flex-col gap-3\">\n      <div class=\"flex gap-6\">\n                          <h2 class=\"text-2xl font-bold\">El mobiliario interior y las aportaciones barrocas<\/h2>\n              <\/div>\n          <\/div>\n    <div class=\"flex items-center justify-end gap-3\">\n              <div class=\"flex-1 audio-content\" dir=\"ltr\">\n          <audio id=\"audio-9eabb4bc6c0eef8040fea37a5eb5037c\" data-label=\"El mobiliario interior y las aportaciones barrocas\"\n            data-category=\"SANT-FELIU-DE-BARRUERA-ES-GENERAL-PLAY-4.mp3\" class=\"hidden\" controls\n            src=\"https:\/\/guiesullsdelahistoria.cat\/app\/uploads\/2024\/11\/SANT-FELIU-DE-BARRUERA-ES-GENERAL-PLAY-4.mp3\"><\/audio>\n          <div class=\"flex items-center w-full gap-3 transition-opacity opacity-0 meta\">\n            <progress class=\"flex-1 border-0 appearance-none\" value=\"0\" max=\"1\"><\/progress>\n            <div class=\"text-sm text-center shrink-0 current-time w-9\"><\/div>\n                      <\/div>\n        <\/div>\n            <div class=\"flex flex-col items-center gap-2 shrink-1 audio-control\">\n        <button\n  class=\"flex items-center justify-center w-32 max-w-32 h-32 max-h-32 transition-[max-height,_max-width] bg-black rounded-full btn text-accent\"\n  data-target=\"#audio-9eabb4bc6c0eef8040fea37a5eb5037c\">\n  <svg width=\"100%\" height=\"100%\" viewBox=\"0 0 36 36\" version=\"1.1\" xmlns=\"http:\/\/www.w3.org\/2000\/svg\" xmlns:xlink=\"http:\/\/www.w3.org\/1999\/xlink\">\n  <path id=\"ytp-12\" d=\"M11,10 L18,13.74 18,22.28 11,26 M18,13.74 L26,18 26,18 18,22.28\" fill=\"currentColor\">\n    <animate id=\"animation\" begin=\"indefinite\" attributeType=\"XML\" attributeName=\"d\" fill=\"freeze\" from=\"M11,10 L17,10 17,26 11,26 M20,10 L26,10 26,26 20,26\" to=\"M11,10 L18,13.74 18,22.28 11,26 M18,13.74 L26,18 26,18 18,22.28\" dur=\"0.1s\" keySplines=\".4 0 1 1\" repeatCount=\"1\" data-play=\"M11,10 L18,13.74 18,22.28 11,26 M18,13.74 L26,18 26,18 18,22.28\" data-pause=\"M11,10 L17,10 17,26 11,26 M20,10 L26,10 26,26 20,26\"><\/animate>\n  <\/path>\n<\/svg>\n<\/button>\n        <p class=\"text-base text-center\">Escucha<\/p>\n      <\/div>\n    <\/div>\n\n    \n          <div class=\"flex flex-wrap justify-between gap-6 md:justify-start\">\n                  <button data-target=\"#transcription-9eabb4bc6c0eef8040fea37a5eb5037c\" data-toggle=\"modal\" class=\"flex items-center gap-2\">\n            <svg class=\"w-6 h-6\" fill=\"none\" xmlns=\"http:\/\/www.w3.org\/2000\/svg\" viewBox=\"0 0 22 12\"><path d=\"M0 9.873v-6c0-.55.196-1.02.588-1.412A1.926 1.926 0 0 1 2 1.873h2c.55 0 1.02.196 1.412.588.392.391.588.862.588 1.412v6H4v-2H2v2H0Zm2-4h2v-2H2v2Zm6 4v-8h4c.55 0 1.02.196 1.412.588.392.391.588.862.588 1.412v4c0 .55-.196 1.021-.588 1.413A1.926 1.926 0 0 1 12 9.873H8Zm2-2h2v-4h-2v4Zm6.85.8-1.4-1.425c.183-.183.32-.391.413-.625.091-.233.137-.483.137-.75 0-.283-.046-.537-.137-.762a1.85 1.85 0 0 0-.413-.613l1.4-1.45c.367.367.65.792.85 1.275.2.484.3 1 .3 1.55s-.1 1.063-.3 1.538c-.2.475-.483.896-.85 1.262Zm2.825 2.825-1.45-1.375c.55-.55.983-1.187 1.3-1.912A5.775 5.775 0 0 0 20 5.873c0-.85-.158-1.633-.475-2.35a6.217 6.217 0 0 0-1.3-1.9l1.45-1.4a7.94 7.94 0 0 1 1.712 2.55c.409.967.613 2 .613 3.1s-.204 2.13-.613 3.088a7.977 7.977 0 0 1-1.712 2.537Z\" fill=\"#000\"\/><\/svg>            <span>Transcripci\u00f3n<\/span>\n          <\/button>\n                      <\/div>\n      <\/div>\n\n      <div id=\"transcription-9eabb4bc6c0eef8040fea37a5eb5037c\"\n  class=\"fixed inset-0 z-50 hidden w-screen h-screen opacity-0 pointer-events-none modal transcription\"\n  tabindex=\"-1\" role=\"dialog\">\n  <div class=\"absolute w-full h-full bg-black opacity-75 modal-overlay\"><\/div>\n  <div\n    class=\"absolute z-30 w-11\/12 mx-auto overflow-y-auto text-black bg-white shadow-lg modal-container center-xy md:max-w-4xl\"\n    role=\"document\">\n    <div class=\"flex items-center justify-between px-4 py-4 text-gray-700 border-b md:px-8\">\n      <h2 class=\"!mb-0 font-bold\">Transcripci\u00f3n<\/h2>\n      <div class=\"z-50 flex flex-col items-center ml-auto cursor-pointer rtl:ml-0 rtl:mr-auto modal-close\">\n        <svg class=\"w-auto h-6\" width=\"18\" height=\"23\" xmlns=\"http:\/\/www.w3.org\/2000\/svg\">\n  <g stroke=\"currentColor\" fill=\"none\" fill-rule=\"evenodd\" stroke-linecap=\"square\">\n    <path d=\"M.7248.974l16.1076 20.6167M16.655 1.2654L.9097 22.1601\" \/>\n  <\/g>\n<\/svg>        <div class=\"hidden\">Close<\/div>\n      <\/div>\n    <\/div>\n    <div class=\"px-4 py-8 overflow-y-auto max-h-modal md:px-8 modal-content\">\n      <div class=\"mb-8 flex flex-col gap-1.5\">\n                      <h3 class=\"text-xl font-bold\">El mobiliario interior y las aportaciones barrocas<\/h3>\n                            <\/div>\n            <p>Las remodelaciones de la iglesia y los bienes muebles que se conservan en su interior muestran c\u00f3mo los templos de La Vall se han ido adaptando a los gustos y a las necesidades de la comunidad que los ha utilizado desde la \u00e9poca rom\u00e1nica hasta nuestros d\u00edas sin interrupci\u00f3n. <\/p>\n<p>Destacan las dos im\u00e1genes de Cristo, la del altar mayor y la que est\u00e1 plantada en el suelo, que se sacaba el Jueves Santo para el viacrucis, la celebraci\u00f3n que recuerda los \u00faltimos momentos de la vida de Jes\u00fas.<br \/>\nEl conjunto de bienes muebles de Sant Feliu incluye un confesionario y un banco.<br \/>\nTambi\u00e9n hay varias tallas, como \u201clos armados\u201d, los dos soldados que flanquean el altar de la derecha, y un retablo en la entrada. Si quieres saber m\u00e1s detalles, consulta los carteles informativos.<\/p>\n<p>Por \u00faltimo, puedes subir al coro, desde donde tendr\u00e1s una visi\u00f3n privilegiada del interior de Sant Feliu. <\/p>\n    <\/div>\n  <\/div>\n<\/div>\n    <\/section>\n\n\n<div class=\"flex flex-col gap-3 element text-block\">\n  <div class=\"flex items-center gap-6\">\n              <h2 class=\"text-2xl font-bold\">4f \u00a1Te esperamos!<\/h2>\n      <\/div>\n    <\/div>\n\n\n<section class=\"element audio-block\">\n  <div class=\"flex flex-col w-full gap-6\">\n    <div class=\"flex flex-col gap-3\">\n      <div class=\"flex gap-6\">\n                          <h2 class=\"text-2xl font-bold\">La visita contin\u00faa<\/h2>\n              <\/div>\n          <\/div>\n    <div class=\"flex items-center justify-end gap-3\">\n              <div class=\"flex-1 audio-content\" dir=\"ltr\">\n          <audio id=\"audio-a4ea23b9e6c162a0ac2ac570ffea5bc2\" data-label=\"La visita contin\u00faa\"\n            data-category=\"SANT-FELIU-DE-BARRUERA-ES-GENERAL-PLAY-CLOENDA.mp3\" class=\"hidden\" controls\n            src=\"https:\/\/guiesullsdelahistoria.cat\/app\/uploads\/2024\/11\/SANT-FELIU-DE-BARRUERA-ES-GENERAL-PLAY-CLOENDA.mp3\"><\/audio>\n          <div class=\"flex items-center w-full gap-3 transition-opacity opacity-0 meta\">\n            <progress class=\"flex-1 border-0 appearance-none\" value=\"0\" max=\"1\"><\/progress>\n            <div class=\"text-sm text-center shrink-0 current-time w-9\"><\/div>\n                      <\/div>\n        <\/div>\n            <div class=\"flex flex-col items-center gap-2 shrink-1 audio-control\">\n        <button\n  class=\"flex items-center justify-center w-32 max-w-32 h-32 max-h-32 transition-[max-height,_max-width] bg-black rounded-full btn text-accent\"\n  data-target=\"#audio-a4ea23b9e6c162a0ac2ac570ffea5bc2\">\n  <svg width=\"100%\" height=\"100%\" viewBox=\"0 0 36 36\" version=\"1.1\" xmlns=\"http:\/\/www.w3.org\/2000\/svg\" xmlns:xlink=\"http:\/\/www.w3.org\/1999\/xlink\">\n  <path id=\"ytp-12\" d=\"M11,10 L18,13.74 18,22.28 11,26 M18,13.74 L26,18 26,18 18,22.28\" fill=\"currentColor\">\n    <animate id=\"animation\" begin=\"indefinite\" attributeType=\"XML\" attributeName=\"d\" fill=\"freeze\" from=\"M11,10 L17,10 17,26 11,26 M20,10 L26,10 26,26 20,26\" to=\"M11,10 L18,13.74 18,22.28 11,26 M18,13.74 L26,18 26,18 18,22.28\" dur=\"0.1s\" keySplines=\".4 0 1 1\" repeatCount=\"1\" data-play=\"M11,10 L18,13.74 18,22.28 11,26 M18,13.74 L26,18 26,18 18,22.28\" data-pause=\"M11,10 L17,10 17,26 11,26 M20,10 L26,10 26,26 20,26\"><\/animate>\n  <\/path>\n<\/svg>\n<\/button>\n        <p class=\"text-base text-center\">Escucha<\/p>\n      <\/div>\n    <\/div>\n\n    \n          <div class=\"flex flex-wrap justify-between gap-6 md:justify-start\">\n                  <button data-target=\"#transcription-a4ea23b9e6c162a0ac2ac570ffea5bc2\" data-toggle=\"modal\" class=\"flex items-center gap-2\">\n            <svg class=\"w-6 h-6\" fill=\"none\" xmlns=\"http:\/\/www.w3.org\/2000\/svg\" viewBox=\"0 0 22 12\"><path d=\"M0 9.873v-6c0-.55.196-1.02.588-1.412A1.926 1.926 0 0 1 2 1.873h2c.55 0 1.02.196 1.412.588.392.391.588.862.588 1.412v6H4v-2H2v2H0Zm2-4h2v-2H2v2Zm6 4v-8h4c.55 0 1.02.196 1.412.588.392.391.588.862.588 1.412v4c0 .55-.196 1.021-.588 1.413A1.926 1.926 0 0 1 12 9.873H8Zm2-2h2v-4h-2v4Zm6.85.8-1.4-1.425c.183-.183.32-.391.413-.625.091-.233.137-.483.137-.75 0-.283-.046-.537-.137-.762a1.85 1.85 0 0 0-.413-.613l1.4-1.45c.367.367.65.792.85 1.275.2.484.3 1 .3 1.55s-.1 1.063-.3 1.538c-.2.475-.483.896-.85 1.262Zm2.825 2.825-1.45-1.375c.55-.55.983-1.187 1.3-1.912A5.775 5.775 0 0 0 20 5.873c0-.85-.158-1.633-.475-2.35a6.217 6.217 0 0 0-1.3-1.9l1.45-1.4a7.94 7.94 0 0 1 1.712 2.55c.409.967.613 2 .613 3.1s-.204 2.13-.613 3.088a7.977 7.977 0 0 1-1.712 2.537Z\" fill=\"#000\"\/><\/svg>            <span>Transcripci\u00f3n<\/span>\n          <\/button>\n                      <\/div>\n      <\/div>\n\n      <div id=\"transcription-a4ea23b9e6c162a0ac2ac570ffea5bc2\"\n  class=\"fixed inset-0 z-50 hidden w-screen h-screen opacity-0 pointer-events-none modal transcription\"\n  tabindex=\"-1\" role=\"dialog\">\n  <div class=\"absolute w-full h-full bg-black opacity-75 modal-overlay\"><\/div>\n  <div\n    class=\"absolute z-30 w-11\/12 mx-auto overflow-y-auto text-black bg-white shadow-lg modal-container center-xy md:max-w-4xl\"\n    role=\"document\">\n    <div class=\"flex items-center justify-between px-4 py-4 text-gray-700 border-b md:px-8\">\n      <h2 class=\"!mb-0 font-bold\">Transcripci\u00f3n<\/h2>\n      <div class=\"z-50 flex flex-col items-center ml-auto cursor-pointer rtl:ml-0 rtl:mr-auto modal-close\">\n        <svg class=\"w-auto h-6\" width=\"18\" height=\"23\" xmlns=\"http:\/\/www.w3.org\/2000\/svg\">\n  <g stroke=\"currentColor\" fill=\"none\" fill-rule=\"evenodd\" stroke-linecap=\"square\">\n    <path d=\"M.7248.974l16.1076 20.6167M16.655 1.2654L.9097 22.1601\" \/>\n  <\/g>\n<\/svg>        <div class=\"hidden\">Close<\/div>\n      <\/div>\n    <\/div>\n    <div class=\"px-4 py-8 overflow-y-auto max-h-modal md:px-8 modal-content\">\n      <div class=\"mb-8 flex flex-col gap-1.5\">\n                      <h3 class=\"text-xl font-bold\">La visita contin\u00faa<\/h3>\n                            <\/div>\n            <p>Aqu\u00ed termina la visita a la iglesia. Ahora te invitamos a conocer las dem\u00e1s, que constituyen el Conjunto Rom\u00e1nico de la Vall de Bo\u00ed. \u00a1Te esperamos!<\/p>\n    <\/div>\n  <\/div>\n<\/div>\n    <\/section>\n\n\n<div class=\"flex flex-col gap-3 element text-block\">\n  <div class=\"flex items-center gap-6\">\n              <h2 class=\"text-2xl font-bold\">Cierre<\/h2>\n      <\/div>\n        <div class=\"prose prose-lg\"><p>\u201c<em>Els Ulls de la Hist\u00f2ria<\/em>. Una mirada inmersiva sobre el patrimonio\u201d es una iniciativa de la Ag\u00e8ncia Catalana del Patrimoni Cultural.<br \/>\nUn proyecto que incorpora otras voces y otras miradas sobre nuestro pasado. Porque todas y todos hacemos historia.<\/p>\n<\/div>\n  <\/div>\n\n<\/div>\n      <\/div>\n    <\/div>\n  <\/section>\n\n\n<section class=\"overflow-hidden section\" id=\"section-69f5c6904f92a\" data-title=\"5. Sant Joan de Bo\u00ed\">\n    <div class=\"container grid grid-cols-1 py-8 md:py-10 max-md:gap-y-8 md:grid-standard\">\n              <div class=\"flex gap-4 md:col-span-5\">\n                                <h2 class=\"text-8 font-headings\">5. Sant Joan de Bo\u00ed<\/h2>\n                  <\/div>\n            <div class=\"flex flex-col gap-8 md:col-span-6 md:col-start-7 md:gap-10\">\n        <div class=\"acf-innerblocks-container\">\n<div class=\"flex flex-col gap-3 element text-block\">\n  <div class=\"flex items-center gap-6\">\n              <h2 class=\"text-2xl font-bold\">5a Introducci\u00f3n<\/h2>\n      <\/div>\n    <\/div>\n\n\n<div class=\"flex flex-col gap-6 element image-block\">\n  <div class=\"flex flex-col gap-3\">\n      <\/div>\n      <figure>\n      <img loading=\"lazy\" decoding=\"async\" width=\"1444\" height=\"964\" src=\"https:\/\/guiesullsdelahistoria.cat\/app\/uploads\/2024\/11\/Sant_Joan_de_Boi_esglesia_DSC6788.jpg\" class=\"w-full h-auto\" alt=\"Vista general del exterior de la iglesia de Sant Joan de Bo\u00ed desde el lado del p\u00f3rtico, y el cementerio en primer t\u00e9rmino.\" srcset=\"https:\/\/guiesullsdelahistoria.cat\/app\/uploads\/2024\/11\/Sant_Joan_de_Boi_esglesia_DSC6788.jpg 1444w, https:\/\/guiesullsdelahistoria.cat\/app\/uploads\/2024\/11\/Sant_Joan_de_Boi_esglesia_DSC6788-300x200.jpg 300w, https:\/\/guiesullsdelahistoria.cat\/app\/uploads\/2024\/11\/Sant_Joan_de_Boi_esglesia_DSC6788-1024x684.jpg 1024w, https:\/\/guiesullsdelahistoria.cat\/app\/uploads\/2024\/11\/Sant_Joan_de_Boi_esglesia_DSC6788-768x513.jpg 768w\" sizes=\"auto, (max-width: 1444px) 100vw, 1444px\" \/>\n              <figcaption class=\"pt-2 text-gray-800\">Vista general de Sant Joan de Bo\u00ed.<\/figcaption>\n          <\/figure>\n  <\/div>\n\n\n<section class=\"element audio-block\">\n  <div class=\"flex flex-col w-full gap-6\">\n    <div class=\"flex flex-col gap-3\">\n      <div class=\"flex gap-6\">\n                          <h2 class=\"text-2xl font-bold\">La Vall de Bo\u00ed y sus iglesias<\/h2>\n              <\/div>\n          <\/div>\n    <div class=\"flex items-center justify-end gap-3\">\n              <div class=\"flex-1 audio-content\" dir=\"ltr\">\n          <audio id=\"audio-85b3ff572d6c6309063323284e3682b2\" data-label=\"La Vall de Bo\u00ed y sus iglesias\"\n            data-category=\"SANT-JOAN-DE-BOI-ES-GENERAL-PLAY-0.mp3\" class=\"hidden\" controls\n            src=\"https:\/\/guiesullsdelahistoria.cat\/app\/uploads\/2024\/11\/SANT-JOAN-DE-BOI-ES-GENERAL-PLAY-0.mp3\"><\/audio>\n          <div class=\"flex items-center w-full gap-3 transition-opacity opacity-0 meta\">\n            <progress class=\"flex-1 border-0 appearance-none\" value=\"0\" max=\"1\"><\/progress>\n            <div class=\"text-sm text-center shrink-0 current-time w-9\"><\/div>\n                      <\/div>\n        <\/div>\n            <div class=\"flex flex-col items-center gap-2 shrink-1 audio-control\">\n        <button\n  class=\"flex items-center justify-center w-32 max-w-32 h-32 max-h-32 transition-[max-height,_max-width] bg-black rounded-full btn text-accent\"\n  data-target=\"#audio-85b3ff572d6c6309063323284e3682b2\">\n  <svg width=\"100%\" height=\"100%\" viewBox=\"0 0 36 36\" version=\"1.1\" xmlns=\"http:\/\/www.w3.org\/2000\/svg\" xmlns:xlink=\"http:\/\/www.w3.org\/1999\/xlink\">\n  <path id=\"ytp-12\" d=\"M11,10 L18,13.74 18,22.28 11,26 M18,13.74 L26,18 26,18 18,22.28\" fill=\"currentColor\">\n    <animate id=\"animation\" begin=\"indefinite\" attributeType=\"XML\" attributeName=\"d\" fill=\"freeze\" from=\"M11,10 L17,10 17,26 11,26 M20,10 L26,10 26,26 20,26\" to=\"M11,10 L18,13.74 18,22.28 11,26 M18,13.74 L26,18 26,18 18,22.28\" dur=\"0.1s\" keySplines=\".4 0 1 1\" repeatCount=\"1\" data-play=\"M11,10 L18,13.74 18,22.28 11,26 M18,13.74 L26,18 26,18 18,22.28\" data-pause=\"M11,10 L17,10 17,26 11,26 M20,10 L26,10 26,26 20,26\"><\/animate>\n  <\/path>\n<\/svg>\n<\/button>\n        <p class=\"text-base text-center\">Escucha<\/p>\n      <\/div>\n    <\/div>\n\n    \n          <div class=\"flex flex-wrap justify-between gap-6 md:justify-start\">\n                  <button data-target=\"#transcription-85b3ff572d6c6309063323284e3682b2\" data-toggle=\"modal\" class=\"flex items-center gap-2\">\n            <svg class=\"w-6 h-6\" fill=\"none\" xmlns=\"http:\/\/www.w3.org\/2000\/svg\" viewBox=\"0 0 22 12\"><path d=\"M0 9.873v-6c0-.55.196-1.02.588-1.412A1.926 1.926 0 0 1 2 1.873h2c.55 0 1.02.196 1.412.588.392.391.588.862.588 1.412v6H4v-2H2v2H0Zm2-4h2v-2H2v2Zm6 4v-8h4c.55 0 1.02.196 1.412.588.392.391.588.862.588 1.412v4c0 .55-.196 1.021-.588 1.413A1.926 1.926 0 0 1 12 9.873H8Zm2-2h2v-4h-2v4Zm6.85.8-1.4-1.425c.183-.183.32-.391.413-.625.091-.233.137-.483.137-.75 0-.283-.046-.537-.137-.762a1.85 1.85 0 0 0-.413-.613l1.4-1.45c.367.367.65.792.85 1.275.2.484.3 1 .3 1.55s-.1 1.063-.3 1.538c-.2.475-.483.896-.85 1.262Zm2.825 2.825-1.45-1.375c.55-.55.983-1.187 1.3-1.912A5.775 5.775 0 0 0 20 5.873c0-.85-.158-1.633-.475-2.35a6.217 6.217 0 0 0-1.3-1.9l1.45-1.4a7.94 7.94 0 0 1 1.712 2.55c.409.967.613 2 .613 3.1s-.204 2.13-.613 3.088a7.977 7.977 0 0 1-1.712 2.537Z\" fill=\"#000\"\/><\/svg>            <span>Transcripci\u00f3n<\/span>\n          <\/button>\n                      <\/div>\n      <\/div>\n\n      <div id=\"transcription-85b3ff572d6c6309063323284e3682b2\"\n  class=\"fixed inset-0 z-50 hidden w-screen h-screen opacity-0 pointer-events-none modal transcription\"\n  tabindex=\"-1\" role=\"dialog\">\n  <div class=\"absolute w-full h-full bg-black opacity-75 modal-overlay\"><\/div>\n  <div\n    class=\"absolute z-30 w-11\/12 mx-auto overflow-y-auto text-black bg-white shadow-lg modal-container center-xy md:max-w-4xl\"\n    role=\"document\">\n    <div class=\"flex items-center justify-between px-4 py-4 text-gray-700 border-b md:px-8\">\n      <h2 class=\"!mb-0 font-bold\">Transcripci\u00f3n<\/h2>\n      <div class=\"z-50 flex flex-col items-center ml-auto cursor-pointer rtl:ml-0 rtl:mr-auto modal-close\">\n        <svg class=\"w-auto h-6\" width=\"18\" height=\"23\" xmlns=\"http:\/\/www.w3.org\/2000\/svg\">\n  <g stroke=\"currentColor\" fill=\"none\" fill-rule=\"evenodd\" stroke-linecap=\"square\">\n    <path d=\"M.7248.974l16.1076 20.6167M16.655 1.2654L.9097 22.1601\" \/>\n  <\/g>\n<\/svg>        <div class=\"hidden\">Close<\/div>\n      <\/div>\n    <\/div>\n    <div class=\"px-4 py-8 overflow-y-auto max-h-modal md:px-8 modal-content\">\n      <div class=\"mb-8 flex flex-col gap-1.5\">\n                      <h3 class=\"text-xl font-bold\">La Vall de Bo\u00ed y sus iglesias<\/h3>\n                            <\/div>\n            <p>Te damos la bienvenida a la Vall de Bo\u00ed y te animamos a conocer su excepcional conjunto de iglesias, consideradas una de las m\u00e1ximas expresiones del arte rom\u00e1nico catal\u00e1n e inscritas en la lista de Patrimonio Mundial por la UNESCO en el a\u00f1o 2000.<br \/>\nEl Conjunto Rom\u00e1nico de la Vall de Bo\u00ed est\u00e1 integrado por nueve iglesias: Sant Climent y Santa Maria de Ta\u00fcll, Sant Joan de Bo\u00ed, Santa Eul\u00e0lia d\u2019Erill la Vall, Sant Feliu de Barruera, la Nativitat y Sant Quirc de Durro, Santa Maria de Cardet y la Assumpci\u00f3 de C\u00f3ll.<br \/>\nPero \u00bfqu\u00e9 tienen en com\u00fan este conjunto de iglesias? \u00bfPor qu\u00e9 son tan singulares? \u00bfCu\u00e1l es su historia?<br \/>\nTodas fueron construidas entre los siglos XI y XII, en un momento de poder y de bonanza econ\u00f3mica de la nobleza local, y comparten un estilo arquitect\u00f3nico, el rom\u00e1nico, muy extendido por toda Europa.<br \/>\nHoy, gran parte de las pinturas, tallas y mobiliario se conservan en varios museos catalanes, sobre todo en el Museu Nacional d\u2019Art de Catalunya. Sin embargo, algunas de las iglesias cuentan con importantes fragmentos de pintura mural y esculturas originales, adem\u00e1s de reproducciones de las que se conservan en los museos.<br \/>\nCon la gu\u00eda que tienes en tus manos, descubrir\u00e1s los valores excepcionales de este conjunto rom\u00e1nico y podr\u00e1s conocer cada una de las nueve iglesias, con sus secretos y curiosidades.<br \/>\n\u00a1Una advertencia final! Estas monta\u00f1as son misteriosas y, en los valles, las palabras de las personas que las han habitado a menudo se quedan atrapadas y resuenan a lo largo del tiempo como un eco imperceptible. Esta gu\u00eda dispone de un sensor que se activa cada vez que capta alguna. No te asustes y sigue escuchando.<br \/>\nPara empezar la visita, dir\u00edgete a la parte posterior de la iglesia.<\/p>\n    <\/div>\n  <\/div>\n<\/div>\n    <\/section>\n\n\n<div class=\"flex flex-col gap-3 element text-block\">\n  <div class=\"flex items-center gap-6\">\n              <h2 class=\"text-2xl font-bold\">5b \u00c1bisde<\/h2>\n      <\/div>\n    <\/div>\n\n\n<div class=\"flex flex-col gap-6 element image-block\">\n  <div class=\"flex flex-col gap-3\">\n      <\/div>\n      <figure>\n      <img loading=\"lazy\" decoding=\"async\" width=\"1599\" height=\"1440\" src=\"https:\/\/guiesullsdelahistoria.cat\/app\/uploads\/2024\/11\/Sant-Joan-general.jpg\" class=\"w-full h-auto\" alt=\"Vista general del exterior de la iglesia de Sant Joan de Bo\u00ed desde el lado del p\u00f3rtico, y el cementerio en primer t\u00e9rmino.\" srcset=\"https:\/\/guiesullsdelahistoria.cat\/app\/uploads\/2024\/11\/Sant-Joan-general.jpg 1599w, https:\/\/guiesullsdelahistoria.cat\/app\/uploads\/2024\/11\/Sant-Joan-general-300x270.jpg 300w, https:\/\/guiesullsdelahistoria.cat\/app\/uploads\/2024\/11\/Sant-Joan-general-1024x922.jpg 1024w, https:\/\/guiesullsdelahistoria.cat\/app\/uploads\/2024\/11\/Sant-Joan-general-768x692.jpg 768w, https:\/\/guiesullsdelahistoria.cat\/app\/uploads\/2024\/11\/Sant-Joan-general-1536x1383.jpg 1536w\" sizes=\"auto, (max-width: 1599px) 100vw, 1599px\" \/>\n              <figcaption class=\"pt-2 text-gray-800\">Vista general de Sant Joan de Bo\u00ed<\/figcaption>\n          <\/figure>\n  <\/div>\n\n\n<section class=\"element audio-block\">\n  <div class=\"flex flex-col w-full gap-6\">\n    <div class=\"flex flex-col gap-3\">\n      <div class=\"flex gap-6\">\n                          <h2 class=\"text-2xl font-bold\">La iglesia con m\u00e1s elementos originales del siglo XI<\/h2>\n              <\/div>\n          <\/div>\n    <div class=\"flex items-center justify-end gap-3\">\n              <div class=\"flex-1 audio-content\" dir=\"ltr\">\n          <audio id=\"audio-e91b7e3c2ce7be7995a99012768ef402\" data-label=\"La iglesia con m\u00e1s elementos originales del siglo XI\"\n            data-category=\"SANT-JOAN-DE-BOI-ES-GENERAL-PLAY-1.mp3\" class=\"hidden\" controls\n            src=\"https:\/\/guiesullsdelahistoria.cat\/app\/uploads\/2024\/11\/SANT-JOAN-DE-BOI-ES-GENERAL-PLAY-1.mp3\"><\/audio>\n          <div class=\"flex items-center w-full gap-3 transition-opacity opacity-0 meta\">\n            <progress class=\"flex-1 border-0 appearance-none\" value=\"0\" max=\"1\"><\/progress>\n            <div class=\"text-sm text-center shrink-0 current-time w-9\"><\/div>\n                      <\/div>\n        <\/div>\n            <div class=\"flex flex-col items-center gap-2 shrink-1 audio-control\">\n        <button\n  class=\"flex items-center justify-center w-32 max-w-32 h-32 max-h-32 transition-[max-height,_max-width] bg-black rounded-full btn text-accent\"\n  data-target=\"#audio-e91b7e3c2ce7be7995a99012768ef402\">\n  <svg width=\"100%\" height=\"100%\" viewBox=\"0 0 36 36\" version=\"1.1\" xmlns=\"http:\/\/www.w3.org\/2000\/svg\" xmlns:xlink=\"http:\/\/www.w3.org\/1999\/xlink\">\n  <path id=\"ytp-12\" d=\"M11,10 L18,13.74 18,22.28 11,26 M18,13.74 L26,18 26,18 18,22.28\" fill=\"currentColor\">\n    <animate id=\"animation\" begin=\"indefinite\" attributeType=\"XML\" attributeName=\"d\" fill=\"freeze\" from=\"M11,10 L17,10 17,26 11,26 M20,10 L26,10 26,26 20,26\" to=\"M11,10 L18,13.74 18,22.28 11,26 M18,13.74 L26,18 26,18 18,22.28\" dur=\"0.1s\" keySplines=\".4 0 1 1\" repeatCount=\"1\" data-play=\"M11,10 L18,13.74 18,22.28 11,26 M18,13.74 L26,18 26,18 18,22.28\" data-pause=\"M11,10 L17,10 17,26 11,26 M20,10 L26,10 26,26 20,26\"><\/animate>\n  <\/path>\n<\/svg>\n<\/button>\n        <p class=\"text-base text-center\">Escucha<\/p>\n      <\/div>\n    <\/div>\n\n    \n          <div class=\"flex flex-wrap justify-between gap-6 md:justify-start\">\n                  <button data-target=\"#transcription-e91b7e3c2ce7be7995a99012768ef402\" data-toggle=\"modal\" class=\"flex items-center gap-2\">\n            <svg class=\"w-6 h-6\" fill=\"none\" xmlns=\"http:\/\/www.w3.org\/2000\/svg\" viewBox=\"0 0 22 12\"><path d=\"M0 9.873v-6c0-.55.196-1.02.588-1.412A1.926 1.926 0 0 1 2 1.873h2c.55 0 1.02.196 1.412.588.392.391.588.862.588 1.412v6H4v-2H2v2H0Zm2-4h2v-2H2v2Zm6 4v-8h4c.55 0 1.02.196 1.412.588.392.391.588.862.588 1.412v4c0 .55-.196 1.021-.588 1.413A1.926 1.926 0 0 1 12 9.873H8Zm2-2h2v-4h-2v4Zm6.85.8-1.4-1.425c.183-.183.32-.391.413-.625.091-.233.137-.483.137-.75 0-.283-.046-.537-.137-.762a1.85 1.85 0 0 0-.413-.613l1.4-1.45c.367.367.65.792.85 1.275.2.484.3 1 .3 1.55s-.1 1.063-.3 1.538c-.2.475-.483.896-.85 1.262Zm2.825 2.825-1.45-1.375c.55-.55.983-1.187 1.3-1.912A5.775 5.775 0 0 0 20 5.873c0-.85-.158-1.633-.475-2.35a6.217 6.217 0 0 0-1.3-1.9l1.45-1.4a7.94 7.94 0 0 1 1.712 2.55c.409.967.613 2 .613 3.1s-.204 2.13-.613 3.088a7.977 7.977 0 0 1-1.712 2.537Z\" fill=\"#000\"\/><\/svg>            <span>Transcripci\u00f3n<\/span>\n          <\/button>\n                      <\/div>\n      <\/div>\n\n      <div id=\"transcription-e91b7e3c2ce7be7995a99012768ef402\"\n  class=\"fixed inset-0 z-50 hidden w-screen h-screen opacity-0 pointer-events-none modal transcription\"\n  tabindex=\"-1\" role=\"dialog\">\n  <div class=\"absolute w-full h-full bg-black opacity-75 modal-overlay\"><\/div>\n  <div\n    class=\"absolute z-30 w-11\/12 mx-auto overflow-y-auto text-black bg-white shadow-lg modal-container center-xy md:max-w-4xl\"\n    role=\"document\">\n    <div class=\"flex items-center justify-between px-4 py-4 text-gray-700 border-b md:px-8\">\n      <h2 class=\"!mb-0 font-bold\">Transcripci\u00f3n<\/h2>\n      <div class=\"z-50 flex flex-col items-center ml-auto cursor-pointer rtl:ml-0 rtl:mr-auto modal-close\">\n        <svg class=\"w-auto h-6\" width=\"18\" height=\"23\" xmlns=\"http:\/\/www.w3.org\/2000\/svg\">\n  <g stroke=\"currentColor\" fill=\"none\" fill-rule=\"evenodd\" stroke-linecap=\"square\">\n    <path d=\"M.7248.974l16.1076 20.6167M16.655 1.2654L.9097 22.1601\" \/>\n  <\/g>\n<\/svg>        <div class=\"hidden\">Close<\/div>\n      <\/div>\n    <\/div>\n    <div class=\"px-4 py-8 overflow-y-auto max-h-modal md:px-8 modal-content\">\n      <div class=\"mb-8 flex flex-col gap-1.5\">\n                      <h3 class=\"text-xl font-bold\">La iglesia con m\u00e1s elementos originales del siglo XI<\/h3>\n                            <\/div>\n            <p>Sant Joan de Bo\u00ed es la iglesia que conserva m\u00e1s elementos arquitect\u00f3nicos del primer momento constructivo de La Vall de Bo\u00ed, en el siglo XI. Los muros de esta iglesia y la base del campanario, construidos con sillares irregulares, son lo que queda de ese periodo.<\/p>\n<p>Dos de los \u00e1bsides originales, el central y el de la izquierda, desaparecieron, seguramente durante las reformas de los siglos XVII y XVIII.<br \/>\nEl campanario es un claro ejemplo de la evoluci\u00f3n constructiva de la iglesia: la base corresponde al primer periodo rom\u00e1nico, del siglo xi; los dos pisos siguientes son del siglo XII, y el \u00faltimo es obra de una reforma del siglo XVI.<\/p>\n<p>Una de las curiosidades de este campanario es que est\u00e1 perfectamente alineado con los de Santa Eul\u00e0lia d\u2019Erill la Vall y Sant Climent de Ta\u00fcll.<br \/>\nPara continuar con la visita, dir\u00edgete a la fachada lateral de tu derecha, la que tiene las pinturas.<\/p>\n    <\/div>\n  <\/div>\n<\/div>\n    <\/section>\n\n\n<div class=\"flex flex-col gap-3 element text-block\">\n  <div class=\"flex items-center gap-6\">\n              <h2 class=\"text-2xl font-bold\">5c Fachada lateral<\/h2>\n      <\/div>\n    <\/div>\n\n\n<div class=\"flex flex-col gap-6 element image-block\">\n  <div class=\"flex flex-col gap-3\">\n      <\/div>\n      <figure>\n      <img loading=\"lazy\" decoding=\"async\" width=\"966\" height=\"1426\" src=\"https:\/\/guiesullsdelahistoria.cat\/app\/uploads\/2024\/11\/Sant_Joan_de_Boi_pintures_exterior_DSC9499.jpg\" class=\"w-full h-auto\" alt=\"Vista de las pinturasexteriores de la iglesia de Sant Joan de Bo\u00ed alrededor de la antigua puerta de entrada.\" srcset=\"https:\/\/guiesullsdelahistoria.cat\/app\/uploads\/2024\/11\/Sant_Joan_de_Boi_pintures_exterior_DSC9499.jpg 966w, https:\/\/guiesullsdelahistoria.cat\/app\/uploads\/2024\/11\/Sant_Joan_de_Boi_pintures_exterior_DSC9499-203x300.jpg 203w, https:\/\/guiesullsdelahistoria.cat\/app\/uploads\/2024\/11\/Sant_Joan_de_Boi_pintures_exterior_DSC9499-694x1024.jpg 694w, https:\/\/guiesullsdelahistoria.cat\/app\/uploads\/2024\/11\/Sant_Joan_de_Boi_pintures_exterior_DSC9499-768x1134.jpg 768w\" sizes=\"auto, (max-width: 966px) 100vw, 966px\" \/>\n              <figcaption class=\"pt-2 text-gray-800\">Vista de las pinturas exteriores de Sant Joan de Bo\u00ed.<\/figcaption>\n          <\/figure>\n  <\/div>\n\n\n<section class=\"element audio-block\">\n  <div class=\"flex flex-col w-full gap-6\">\n    <div class=\"flex flex-col gap-3\">\n      <div class=\"flex gap-6\">\n                          <h2 class=\"text-2xl font-bold\">Pinturas exteriores<\/h2>\n              <\/div>\n          <\/div>\n    <div class=\"flex items-center justify-end gap-3\">\n              <div class=\"flex-1 audio-content\" dir=\"ltr\">\n          <audio id=\"audio-219c283a20d7741cdb7dd2f12e13ef06\" data-label=\"Pinturas exteriores\"\n            data-category=\"SANT-JOAN-DE-BOI-ES-GENERAL-PLAY-2.mp3\" class=\"hidden\" controls\n            src=\"https:\/\/guiesullsdelahistoria.cat\/app\/uploads\/2024\/11\/SANT-JOAN-DE-BOI-ES-GENERAL-PLAY-2.mp3\"><\/audio>\n          <div class=\"flex items-center w-full gap-3 transition-opacity opacity-0 meta\">\n            <progress class=\"flex-1 border-0 appearance-none\" value=\"0\" max=\"1\"><\/progress>\n            <div class=\"text-sm text-center shrink-0 current-time w-9\"><\/div>\n                      <\/div>\n        <\/div>\n            <div class=\"flex flex-col items-center gap-2 shrink-1 audio-control\">\n        <button\n  class=\"flex items-center justify-center w-32 max-w-32 h-32 max-h-32 transition-[max-height,_max-width] bg-black rounded-full btn text-accent\"\n  data-target=\"#audio-219c283a20d7741cdb7dd2f12e13ef06\">\n  <svg width=\"100%\" height=\"100%\" viewBox=\"0 0 36 36\" version=\"1.1\" xmlns=\"http:\/\/www.w3.org\/2000\/svg\" xmlns:xlink=\"http:\/\/www.w3.org\/1999\/xlink\">\n  <path id=\"ytp-12\" d=\"M11,10 L18,13.74 18,22.28 11,26 M18,13.74 L26,18 26,18 18,22.28\" fill=\"currentColor\">\n    <animate id=\"animation\" begin=\"indefinite\" attributeType=\"XML\" attributeName=\"d\" fill=\"freeze\" from=\"M11,10 L17,10 17,26 11,26 M20,10 L26,10 26,26 20,26\" to=\"M11,10 L18,13.74 18,22.28 11,26 M18,13.74 L26,18 26,18 18,22.28\" dur=\"0.1s\" keySplines=\".4 0 1 1\" repeatCount=\"1\" data-play=\"M11,10 L18,13.74 18,22.28 11,26 M18,13.74 L26,18 26,18 18,22.28\" data-pause=\"M11,10 L17,10 17,26 11,26 M20,10 L26,10 26,26 20,26\"><\/animate>\n  <\/path>\n<\/svg>\n<\/button>\n        <p class=\"text-base text-center\">Escucha<\/p>\n      <\/div>\n    <\/div>\n\n    \n          <div class=\"flex flex-wrap justify-between gap-6 md:justify-start\">\n                  <button data-target=\"#transcription-219c283a20d7741cdb7dd2f12e13ef06\" data-toggle=\"modal\" class=\"flex items-center gap-2\">\n            <svg class=\"w-6 h-6\" fill=\"none\" xmlns=\"http:\/\/www.w3.org\/2000\/svg\" viewBox=\"0 0 22 12\"><path d=\"M0 9.873v-6c0-.55.196-1.02.588-1.412A1.926 1.926 0 0 1 2 1.873h2c.55 0 1.02.196 1.412.588.392.391.588.862.588 1.412v6H4v-2H2v2H0Zm2-4h2v-2H2v2Zm6 4v-8h4c.55 0 1.02.196 1.412.588.392.391.588.862.588 1.412v4c0 .55-.196 1.021-.588 1.413A1.926 1.926 0 0 1 12 9.873H8Zm2-2h2v-4h-2v4Zm6.85.8-1.4-1.425c.183-.183.32-.391.413-.625.091-.233.137-.483.137-.75 0-.283-.046-.537-.137-.762a1.85 1.85 0 0 0-.413-.613l1.4-1.45c.367.367.65.792.85 1.275.2.484.3 1 .3 1.55s-.1 1.063-.3 1.538c-.2.475-.483.896-.85 1.262Zm2.825 2.825-1.45-1.375c.55-.55.983-1.187 1.3-1.912A5.775 5.775 0 0 0 20 5.873c0-.85-.158-1.633-.475-2.35a6.217 6.217 0 0 0-1.3-1.9l1.45-1.4a7.94 7.94 0 0 1 1.712 2.55c.409.967.613 2 .613 3.1s-.204 2.13-.613 3.088a7.977 7.977 0 0 1-1.712 2.537Z\" fill=\"#000\"\/><\/svg>            <span>Transcripci\u00f3n<\/span>\n          <\/button>\n                      <\/div>\n      <\/div>\n\n      <div id=\"transcription-219c283a20d7741cdb7dd2f12e13ef06\"\n  class=\"fixed inset-0 z-50 hidden w-screen h-screen opacity-0 pointer-events-none modal transcription\"\n  tabindex=\"-1\" role=\"dialog\">\n  <div class=\"absolute w-full h-full bg-black opacity-75 modal-overlay\"><\/div>\n  <div\n    class=\"absolute z-30 w-11\/12 mx-auto overflow-y-auto text-black bg-white shadow-lg modal-container center-xy md:max-w-4xl\"\n    role=\"document\">\n    <div class=\"flex items-center justify-between px-4 py-4 text-gray-700 border-b md:px-8\">\n      <h2 class=\"!mb-0 font-bold\">Transcripci\u00f3n<\/h2>\n      <div class=\"z-50 flex flex-col items-center ml-auto cursor-pointer rtl:ml-0 rtl:mr-auto modal-close\">\n        <svg class=\"w-auto h-6\" width=\"18\" height=\"23\" xmlns=\"http:\/\/www.w3.org\/2000\/svg\">\n  <g stroke=\"currentColor\" fill=\"none\" fill-rule=\"evenodd\" stroke-linecap=\"square\">\n    <path d=\"M.7248.974l16.1076 20.6167M16.655 1.2654L.9097 22.1601\" \/>\n  <\/g>\n<\/svg>        <div class=\"hidden\">Close<\/div>\n      <\/div>\n    <\/div>\n    <div class=\"px-4 py-8 overflow-y-auto max-h-modal md:px-8 modal-content\">\n      <div class=\"mb-8 flex flex-col gap-1.5\">\n                      <h3 class=\"text-xl font-bold\">Pinturas exteriores<\/h3>\n                            <\/div>\n            <p>En la iglesia de Sant Joan, lo que m\u00e1s llama la atenci\u00f3n y que seguramente ya habr\u00e1s visto son las pinturas murales de la fachada norte, situadas alrededor de lo que era la entrada original. De hecho, esta iglesia, la de Sant Climent y la de Santa Maria son las \u00fanicas que han conservado pinturas en el exterior. Sin embargo, las que ves son copias, porque las originales se guardan en el MNAC. El enlucido de la fachada, en cambio, es original.<\/p>\n<p>En ese caso, las pinturas reproducen una visi\u00f3n de Dios, representado en el crism\u00f3n, el s\u00edmbolo de Cristo a partir de sus iniciales en griego. Actualmente este crism\u00f3n no se puede ver, pero estar\u00eda inscrito en la circunferencia de la parte central del conjunto, sostenida por cuatro \u00e1ngeles. A un lado de esta escena est\u00e1 representado un santo con un libro en la mano; en la otra, tres personajes que contemplan la visi\u00f3n central. Una cenefa con motivos geom\u00e9tricos enmarca todo el conjunto.<\/p>\n<p>Originariamente, las pinturas y el enlucido estaban protegidas por un p\u00f3rtico, que fue derribado en alg\u00fan momento. Este p\u00f3rtico acog\u00eda a los feligreses y los proteg\u00eda de las inclemencias meteorol\u00f3gicas. Pero tambi\u00e9n pod\u00eda ser un lugar de parada de las procesiones, un espacio en el que celebrar actos lit\u00fargicos y sociales, por ejemplo, juicios. El p\u00f3rtico, adem\u00e1s, ten\u00eda una funci\u00f3n simb\u00f3lica: era el espacio de transici\u00f3n entre la vida cotidiana y la entrada en la casa de Dios.<\/p>\n<p>Pero esta pared a\u00fan guarda otro tesoro. A ambos lados de la puerta, algunas personas dejaron su huella, en forma de grafitis hechos con alg\u00fan objeto puntiagudo. Al igual que ocurre con las pinturas, estos grafitis son una copia de los originales. Si te fijas, se distinguen varias escenas de car\u00e1cter militar, con torres, caballos, estrellas e, incluso, un soldado tocando el cuerno. Un testimonio de la expresi\u00f3n popular de otros tiempos.<\/p>\n<p><em>Sonido de interferencias<\/em>.<br \/>\n<strong>Ni\u00f1o (nervioso)<\/strong>: \u00bfQuieres parar?<br \/>\n<strong>Ni\u00f1a:<\/strong> Mira ese caballo: lo hizo mi madre. Y ese soldado sobre el castillo, tambi\u00e9n.<br \/>\n<strong>Ni\u00f1o:<\/strong> Los soldados no son as\u00ed.<br \/>\n<strong>Ni\u00f1a:<\/strong> Ese soldado toca la trompeta. Pronto habr\u00e1 una batalla.<br \/>\n<strong>Ni\u00f1o:<\/strong> \u00a1T\u00fa no dibujes nada! Si te ve el cura se enfadar\u00e1.<br \/>\n<strong>Ni\u00f1a:<\/strong> Har\u00e9 unas rayas aqu\u00ed. Ser\u00e1n como unos rayos de sol.<br \/>\n<strong>Ni\u00f1o<\/strong> (nervioso): \u00a1Cuidado, que sale el cura!<br \/>\n<em>Sonido de interferencias.<br \/>\n<\/em><br \/>\nUna \u00faltima curiosidad, antes de entrar. En esta pared tambi\u00e9n puedes ver unas figuras o manchas en tonos rojos y ocres. Son marcas del ritual de consagraci\u00f3n de la iglesia, es decir, del acto de convertirla en sagrada y apta para el culto divino.<br \/>\nPara continuar con la visita, entra por la puerta de la fachada de tu derecha. La puerta que tienes delante era la entrada original, pero hace tiempo que no se usa.<\/p>\n    <\/div>\n  <\/div>\n<\/div>\n    <\/section>\n\n\n<div class=\"flex flex-col gap-3 element text-block\">\n  <div class=\"flex items-center gap-6\">\n              <h2 class=\"text-2xl font-bold\">5d Base de la nave central<\/h2>\n      <\/div>\n    <\/div>\n\n\n<div class=\"flex flex-col gap-6 element image-block\">\n  <div class=\"flex flex-col gap-3\">\n      <\/div>\n      <figure>\n      <img loading=\"lazy\" decoding=\"async\" width=\"1452\" height=\"966\" src=\"https:\/\/guiesullsdelahistoria.cat\/app\/uploads\/2024\/11\/Sant_Joan_de_Boi_pintures_nau_esquerra_DSC2177.jpg\" class=\"w-full h-auto\" alt=\"Conjunto de pinturas murales de la nave izquierda mirando hacia el altar del interior de la iglesia de Sant Joan de Bo\u00ed.\" srcset=\"https:\/\/guiesullsdelahistoria.cat\/app\/uploads\/2024\/11\/Sant_Joan_de_Boi_pintures_nau_esquerra_DSC2177.jpg 1452w, https:\/\/guiesullsdelahistoria.cat\/app\/uploads\/2024\/11\/Sant_Joan_de_Boi_pintures_nau_esquerra_DSC2177-300x200.jpg 300w, https:\/\/guiesullsdelahistoria.cat\/app\/uploads\/2024\/11\/Sant_Joan_de_Boi_pintures_nau_esquerra_DSC2177-1024x681.jpg 1024w, https:\/\/guiesullsdelahistoria.cat\/app\/uploads\/2024\/11\/Sant_Joan_de_Boi_pintures_nau_esquerra_DSC2177-768x511.jpg 768w\" sizes=\"auto, (max-width: 1452px) 100vw, 1452px\" \/>\n              <figcaption class=\"pt-2 text-gray-800\">Pinturas en el interior de una de las naves de Sant Joan de Bo\u00ed.<\/figcaption>\n          <\/figure>\n  <\/div>\n\n\n<section class=\"element audio-block\">\n  <div class=\"flex flex-col w-full gap-6\">\n    <div class=\"flex flex-col gap-3\">\n      <div class=\"flex gap-6\">\n                          <h2 class=\"text-2xl font-bold\"> Las pinturas murales y su funci\u00f3n aleccionadora<\/h2>\n              <\/div>\n          <\/div>\n    <div class=\"flex items-center justify-end gap-3\">\n              <div class=\"flex-1 audio-content\" dir=\"ltr\">\n          <audio id=\"audio-acf38812fad7f20bde3ca031d04ea38a\" data-label=\" Las pinturas murales y su funci\u00f3n aleccionadora\"\n            data-category=\"SANT-JOAN-DE-BOI-ES-GENERAL-PLAY-3.mp3\" class=\"hidden\" controls\n            src=\"https:\/\/guiesullsdelahistoria.cat\/app\/uploads\/2024\/11\/SANT-JOAN-DE-BOI-ES-GENERAL-PLAY-3.mp3\"><\/audio>\n          <div class=\"flex items-center w-full gap-3 transition-opacity opacity-0 meta\">\n            <progress class=\"flex-1 border-0 appearance-none\" value=\"0\" max=\"1\"><\/progress>\n            <div class=\"text-sm text-center shrink-0 current-time w-9\"><\/div>\n                      <\/div>\n        <\/div>\n            <div class=\"flex flex-col items-center gap-2 shrink-1 audio-control\">\n        <button\n  class=\"flex items-center justify-center w-32 max-w-32 h-32 max-h-32 transition-[max-height,_max-width] bg-black rounded-full btn text-accent\"\n  data-target=\"#audio-acf38812fad7f20bde3ca031d04ea38a\">\n  <svg width=\"100%\" height=\"100%\" viewBox=\"0 0 36 36\" version=\"1.1\" xmlns=\"http:\/\/www.w3.org\/2000\/svg\" xmlns:xlink=\"http:\/\/www.w3.org\/1999\/xlink\">\n  <path id=\"ytp-12\" d=\"M11,10 L18,13.74 18,22.28 11,26 M18,13.74 L26,18 26,18 18,22.28\" fill=\"currentColor\">\n    <animate id=\"animation\" begin=\"indefinite\" attributeType=\"XML\" attributeName=\"d\" fill=\"freeze\" from=\"M11,10 L17,10 17,26 11,26 M20,10 L26,10 26,26 20,26\" to=\"M11,10 L18,13.74 18,22.28 11,26 M18,13.74 L26,18 26,18 18,22.28\" dur=\"0.1s\" keySplines=\".4 0 1 1\" repeatCount=\"1\" data-play=\"M11,10 L18,13.74 18,22.28 11,26 M18,13.74 L26,18 26,18 18,22.28\" data-pause=\"M11,10 L17,10 17,26 11,26 M20,10 L26,10 26,26 20,26\"><\/animate>\n  <\/path>\n<\/svg>\n<\/button>\n        <p class=\"text-base text-center\">Escucha<\/p>\n      <\/div>\n    <\/div>\n\n    \n          <div class=\"flex flex-wrap justify-between gap-6 md:justify-start\">\n                  <button data-target=\"#transcription-acf38812fad7f20bde3ca031d04ea38a\" data-toggle=\"modal\" class=\"flex items-center gap-2\">\n            <svg class=\"w-6 h-6\" fill=\"none\" xmlns=\"http:\/\/www.w3.org\/2000\/svg\" viewBox=\"0 0 22 12\"><path d=\"M0 9.873v-6c0-.55.196-1.02.588-1.412A1.926 1.926 0 0 1 2 1.873h2c.55 0 1.02.196 1.412.588.392.391.588.862.588 1.412v6H4v-2H2v2H0Zm2-4h2v-2H2v2Zm6 4v-8h4c.55 0 1.02.196 1.412.588.392.391.588.862.588 1.412v4c0 .55-.196 1.021-.588 1.413A1.926 1.926 0 0 1 12 9.873H8Zm2-2h2v-4h-2v4Zm6.85.8-1.4-1.425c.183-.183.32-.391.413-.625.091-.233.137-.483.137-.75 0-.283-.046-.537-.137-.762a1.85 1.85 0 0 0-.413-.613l1.4-1.45c.367.367.65.792.85 1.275.2.484.3 1 .3 1.55s-.1 1.063-.3 1.538c-.2.475-.483.896-.85 1.262Zm2.825 2.825-1.45-1.375c.55-.55.983-1.187 1.3-1.912A5.775 5.775 0 0 0 20 5.873c0-.85-.158-1.633-.475-2.35a6.217 6.217 0 0 0-1.3-1.9l1.45-1.4a7.94 7.94 0 0 1 1.712 2.55c.409.967.613 2 .613 3.1s-.204 2.13-.613 3.088a7.977 7.977 0 0 1-1.712 2.537Z\" fill=\"#000\"\/><\/svg>            <span>Transcripci\u00f3n<\/span>\n          <\/button>\n                      <\/div>\n      <\/div>\n\n      <div id=\"transcription-acf38812fad7f20bde3ca031d04ea38a\"\n  class=\"fixed inset-0 z-50 hidden w-screen h-screen opacity-0 pointer-events-none modal transcription\"\n  tabindex=\"-1\" role=\"dialog\">\n  <div class=\"absolute w-full h-full bg-black opacity-75 modal-overlay\"><\/div>\n  <div\n    class=\"absolute z-30 w-11\/12 mx-auto overflow-y-auto text-black bg-white shadow-lg modal-container center-xy md:max-w-4xl\"\n    role=\"document\">\n    <div class=\"flex items-center justify-between px-4 py-4 text-gray-700 border-b md:px-8\">\n      <h2 class=\"!mb-0 font-bold\">Transcripci\u00f3n<\/h2>\n      <div class=\"z-50 flex flex-col items-center ml-auto cursor-pointer rtl:ml-0 rtl:mr-auto modal-close\">\n        <svg class=\"w-auto h-6\" width=\"18\" height=\"23\" xmlns=\"http:\/\/www.w3.org\/2000\/svg\">\n  <g stroke=\"currentColor\" fill=\"none\" fill-rule=\"evenodd\" stroke-linecap=\"square\">\n    <path d=\"M.7248.974l16.1076 20.6167M16.655 1.2654L.9097 22.1601\" \/>\n  <\/g>\n<\/svg>        <div class=\"hidden\">Close<\/div>\n      <\/div>\n    <\/div>\n    <div class=\"px-4 py-8 overflow-y-auto max-h-modal md:px-8 modal-content\">\n      <div class=\"mb-8 flex flex-col gap-1.5\">\n                      <h3 class=\"text-xl font-bold\"> Las pinturas murales y su funci\u00f3n aleccionadora<\/h3>\n                            <\/div>\n            <p>En el interior de la iglesia de Sant Joan llaman la atenci\u00f3n la gran cantidad de pinturas murales, la viveza de los colores empleados y la diversidad de los temas que se representan. Al igual que las del exterior, no son las originales, sino reproducciones fieles de las que se conservan en el MNAC. <\/p>\n<p>\u00bfY qu\u00e9 sentido ten\u00edan todas esas escenas decorando las paredes de una iglesia? La importancia de las pinturas murales en la Edad Media era muy grande, porque, adem\u00e1s de estar dedicadas a la gloria de Dios y de ser una herramienta de poder, ten\u00edan una funci\u00f3n aleccionadora, pues la mayor parte del pueblo no sab\u00eda leer y la imagen, junto a la palabra, era la forma de evangelizaci\u00f3n m\u00e1s efectiva.<\/p>\n<p>Los temas de las pinturas que puedes observar son variados y se pueden dividir en dos niveles de representaci\u00f3n: por un lado, est\u00e1n los santos o bienaventurados, que ocupan la mayor parte de los muros y representan el universo celestial; por otro, los seres del bestiario, criaturas que pueblan el mundo terrenal, que se representan en escenas situadas por debajo de las anteriores, bajo los arcos. Cerrando el repertorio, en el muro junto a la puerta, estar\u00eda representado el juicio final, pero estas pinturas no est\u00e1n reproducidas en la iglesia.<br \/>\nEn cuanto a los santos, una de las escenas m\u00e1s importantes es la lapidaci\u00f3n de san Esteban. Para encontrarla debes desplazarte al final de la nave de la izquierda y mirar hacia arriba y a la derecha, encima de una de las arcadas. Esta escena representa la fortaleza del m\u00e1rtir como un ejemplo a seguir, las pruebas y dificultades que deben superar los buenos fieles.<\/p>\n<p>La siguiente escena destacada la tienes en el muro de tu izquierda. Es la escena de los juglares, protagonizada por un m\u00fasico, un malabarista y un equilibrista que, colgado boca abajo, pretende coger las espadas con la boca. Es una de las m\u00e1s curiosas del conjunto, porque es una de las pocas que carece de car\u00e1cter religioso. Es una representaci\u00f3n de la fiesta y la celebraci\u00f3n en el universo celestial, de la m\u00fasica y la alegr\u00eda de la que son part\u00edcipes los personajes sagrados. Pero tambi\u00e9n podr\u00eda tener que ver con la celebraci\u00f3n por la consagraci\u00f3n de la iglesia \u2014un tema, por cierto, poco habitual en el rom\u00e1nico catal\u00e1n\u2014.<\/p>\n<p>F\u00edjate ahora en los seres del bestiario, los animales reales y fant\u00e1sticos situados principalmente en las columnas. Estos seres eran representados con un significado moralizador, y sus h\u00e1bitos y costumbres personificaban vicios y virtudes humanos. Puedes ver un elefante, un le\u00f3n, una pantera o un camello. Y en la puerta lateral, un gallo, s\u00edmbolo de la llegada de un nuevo d\u00eda y de la resurrecci\u00f3n de Cristo.<br \/>\n\u00bfQuieres ver c\u00f3mo se pint\u00f3 esta iglesia? Pulsa el recurso virtual y descubrir\u00e1s c\u00f3mo trabajaban los maestros en el siglo xii. Despu\u00e9s, dir\u00edgete hacia la entrada de la iglesia y sit\u00faate en la nave de la izquierda, mirando a la puerta.<\/p>\n    <\/div>\n  <\/div>\n<\/div>\n    <\/section>\n\n\n<div class=\"flex flex-col gap-3 element interactive-block\">\n  <div class=\"flex items-center gap-6\">\n              <h2 class=\"text-2xl font-bold\">Recurso virtual: Recreaci\u00f3n de 360\u00b0 del interior de la iglesia en el siglo XII<\/h2>\n      <\/div>\n          <div class=\"flex justify-end w-full\">\n      <div class=\"flex flex-col items-center gap-2 shrink-1\">\n        <button data-target=\"#embed-69f5c69047434\" data-toggle=\"modal\"\n          class=\"flex items-center justify-center w-32 h-32 bg-black rounded-full text-accent\">\n          <svg class=\"w-16 h-auto\" width=\"60\" height=\"61\" viewBox=\"0 0 60 61\" fill=\"none\" xmlns=\"http:\/\/www.w3.org\/2000\/svg\">\n  <mask id=\"mask0_3878_987\" style=\"mask-type:alpha\" maskUnits=\"userSpaceOnUse\" x=\"0\" y=\"0\" width=\"60\" height=\"61\">\n    <rect y=\"0.873047\" width=\"60\" height=\"60\" fill=\"white\" \/>\n  <\/mask>\n  <g mask=\"url(#mask0_3878_987)\">\n    <path\n      d=\"M21 49.873L16.8 45.673L22.05 40.273C15.65 39.423 10.375 37.673 6.225 35.023C2.075 32.373 0 29.323 0 25.873C0 21.723 2.8875 18.1855 8.6625 15.2605C14.4375 12.3355 21.55 10.873 30 10.873C38.45 10.873 45.5625 12.3355 51.3375 15.2605C57.1125 18.1855 60 21.723 60 25.873C60 28.973 58.3375 31.748 55.0125 34.198C51.6875 36.648 47.35 38.473 42 39.673V33.523C45.85 32.523 48.8125 31.2855 50.8875 29.8105C52.9625 28.3355 54 27.023 54 25.873C54 24.273 51.8625 22.373 47.5875 20.173C43.3125 17.973 37.45 16.873 30 16.873C22.55 16.873 16.6875 17.973 12.4125 20.173C8.1375 22.373 6 24.273 6 25.873C6 27.073 7.275 28.5105 9.825 30.1855C12.375 31.8605 16 33.123 20.7 33.973L16.8 30.073L21 25.873L33 37.873L21 49.873Z\"\n      fill=\"currentColor\" \/>\n  <\/g>\n<\/svg>\n        <\/button>\n                  <p class=\"text-base text-center\">Mira<\/p>\n              <\/div>\n    <\/div>\n    <div id=\"embed-69f5c69047434\"\n  class=\"fixed inset-0 z-50 hidden w-screen h-screen opacity-0 pointer-events-none modal embed-container\"\n  tabindex=\"-1\" role=\"dialog\">\n  <div class=\"absolute w-full h-full bg-black opacity-75 modal-overlay\"><\/div>\n  <div\n    class=\"absolute z-30 w-11\/12 mx-auto overflow-y-auto text-black bg-white shadow-lg modal-container center-xy md:max-w-4xl\"\n    role=\"document\">\n    <div class=\"flex items-center justify-between px-4 py-4 text-gray-700 border-b md:px-8\">\n      <h2 class=\"!mb-0 font-bold\">Mira<\/h2>\n      <div class=\"z-50 flex flex-col items-center ml-auto cursor-pointer rtl:ml-0 rtl:mr-auto modal-close\">\n        <svg class=\"w-auto h-6\" width=\"18\" height=\"23\" xmlns=\"http:\/\/www.w3.org\/2000\/svg\">\n  <g stroke=\"currentColor\" fill=\"none\" fill-rule=\"evenodd\" stroke-linecap=\"square\">\n    <path d=\"M.7248.974l16.1076 20.6167M16.655 1.2654L.9097 22.1601\" \/>\n  <\/g>\n<\/svg>        <div class=\"hidden\">Close<\/div>\n      <\/div>\n    <\/div>\n    <div class=\"px-4 py-8 overflow-y-auto max-h-modal md:px-8 modal-content\">\n      <p><iframe loading=\"lazy\" src=\"https:\/\/guiesullsdelahistoria.cat\/static\/360-boi\/index.htm\" width=\"1920\" height=\"1080\" frameborder=\"0\"><\/iframe><\/p>\n    <\/div>\n  <\/div>\n<\/div>\n  <\/div>\n\n\n<div class=\"flex flex-col gap-3 element text-block\">\n  <div class=\"flex items-center gap-6\">\n              <h2 class=\"text-2xl font-bold\">5e Base de la nave lateral<\/h2>\n      <\/div>\n    <\/div>\n\n\n<div class=\"flex flex-col gap-6 element image-block\">\n  <div class=\"flex flex-col gap-3\">\n      <\/div>\n      <figure>\n      <img loading=\"lazy\" decoding=\"async\" width=\"1600\" height=\"1078\" src=\"https:\/\/guiesullsdelahistoria.cat\/app\/uploads\/2024\/11\/Sant_Joan_de_Boi_imatge_monstre_apocaliptic.jpg\" class=\"w-full h-auto\" alt=\"Fragmento original de una pintura de la iglesia de Sant Joan de Bo\u00ed, que representa una bestia con siete cabezas, expuesta en el MNAC.\" srcset=\"https:\/\/guiesullsdelahistoria.cat\/app\/uploads\/2024\/11\/Sant_Joan_de_Boi_imatge_monstre_apocaliptic.jpg 1600w, https:\/\/guiesullsdelahistoria.cat\/app\/uploads\/2024\/11\/Sant_Joan_de_Boi_imatge_monstre_apocaliptic-300x202.jpg 300w, https:\/\/guiesullsdelahistoria.cat\/app\/uploads\/2024\/11\/Sant_Joan_de_Boi_imatge_monstre_apocaliptic-1024x690.jpg 1024w, https:\/\/guiesullsdelahistoria.cat\/app\/uploads\/2024\/11\/Sant_Joan_de_Boi_imatge_monstre_apocaliptic-768x517.jpg 768w, https:\/\/guiesullsdelahistoria.cat\/app\/uploads\/2024\/11\/Sant_Joan_de_Boi_imatge_monstre_apocaliptic-1536x1035.jpg 1536w\" sizes=\"auto, (max-width: 1600px) 100vw, 1600px\" \/>\n              <figcaption class=\"pt-2 text-gray-800\">Pintura original de la bestia apocal\u00edptica de Sant Joan de Bo\u00ed conservada en el Museu Nacional d\u2019Art de Catalunya.<\/figcaption>\n          <\/figure>\n  <\/div>\n\n\n<section class=\"element audio-block\">\n  <div class=\"flex flex-col w-full gap-6\">\n    <div class=\"flex flex-col gap-3\">\n      <div class=\"flex gap-6\">\n                          <h2 class=\"text-2xl font-bold\">El monstruo del apocalipsis y el pecador<\/h2>\n              <\/div>\n          <\/div>\n    <div class=\"flex items-center justify-end gap-3\">\n              <div class=\"flex-1 audio-content\" dir=\"ltr\">\n          <audio id=\"audio-cceaf429784f93f605c18b7462a41dc6\" data-label=\"El monstruo del apocalipsis y el pecador\"\n            data-category=\"SANT-JOAN-DE-BOI-ES-GENERAL-PLAY-4.mp3\" class=\"hidden\" controls\n            src=\"https:\/\/guiesullsdelahistoria.cat\/app\/uploads\/2024\/11\/SANT-JOAN-DE-BOI-ES-GENERAL-PLAY-4.mp3\"><\/audio>\n          <div class=\"flex items-center w-full gap-3 transition-opacity opacity-0 meta\">\n            <progress class=\"flex-1 border-0 appearance-none\" value=\"0\" max=\"1\"><\/progress>\n            <div class=\"text-sm text-center shrink-0 current-time w-9\"><\/div>\n                      <\/div>\n        <\/div>\n            <div class=\"flex flex-col items-center gap-2 shrink-1 audio-control\">\n        <button\n  class=\"flex items-center justify-center w-32 max-w-32 h-32 max-h-32 transition-[max-height,_max-width] bg-black rounded-full btn text-accent\"\n  data-target=\"#audio-cceaf429784f93f605c18b7462a41dc6\">\n  <svg width=\"100%\" height=\"100%\" viewBox=\"0 0 36 36\" version=\"1.1\" xmlns=\"http:\/\/www.w3.org\/2000\/svg\" xmlns:xlink=\"http:\/\/www.w3.org\/1999\/xlink\">\n  <path id=\"ytp-12\" d=\"M11,10 L18,13.74 18,22.28 11,26 M18,13.74 L26,18 26,18 18,22.28\" fill=\"currentColor\">\n    <animate id=\"animation\" begin=\"indefinite\" attributeType=\"XML\" attributeName=\"d\" fill=\"freeze\" from=\"M11,10 L17,10 17,26 11,26 M20,10 L26,10 26,26 20,26\" to=\"M11,10 L18,13.74 18,22.28 11,26 M18,13.74 L26,18 26,18 18,22.28\" dur=\"0.1s\" keySplines=\".4 0 1 1\" repeatCount=\"1\" data-play=\"M11,10 L18,13.74 18,22.28 11,26 M18,13.74 L26,18 26,18 18,22.28\" data-pause=\"M11,10 L17,10 17,26 11,26 M20,10 L26,10 26,26 20,26\"><\/animate>\n  <\/path>\n<\/svg>\n<\/button>\n        <p class=\"text-base text-center\">Escucha<\/p>\n      <\/div>\n    <\/div>\n\n    \n          <div class=\"flex flex-wrap justify-between gap-6 md:justify-start\">\n                  <button data-target=\"#transcription-cceaf429784f93f605c18b7462a41dc6\" data-toggle=\"modal\" class=\"flex items-center gap-2\">\n            <svg class=\"w-6 h-6\" fill=\"none\" xmlns=\"http:\/\/www.w3.org\/2000\/svg\" viewBox=\"0 0 22 12\"><path d=\"M0 9.873v-6c0-.55.196-1.02.588-1.412A1.926 1.926 0 0 1 2 1.873h2c.55 0 1.02.196 1.412.588.392.391.588.862.588 1.412v6H4v-2H2v2H0Zm2-4h2v-2H2v2Zm6 4v-8h4c.55 0 1.02.196 1.412.588.392.391.588.862.588 1.412v4c0 .55-.196 1.021-.588 1.413A1.926 1.926 0 0 1 12 9.873H8Zm2-2h2v-4h-2v4Zm6.85.8-1.4-1.425c.183-.183.32-.391.413-.625.091-.233.137-.483.137-.75 0-.283-.046-.537-.137-.762a1.85 1.85 0 0 0-.413-.613l1.4-1.45c.367.367.65.792.85 1.275.2.484.3 1 .3 1.55s-.1 1.063-.3 1.538c-.2.475-.483.896-.85 1.262Zm2.825 2.825-1.45-1.375c.55-.55.983-1.187 1.3-1.912A5.775 5.775 0 0 0 20 5.873c0-.85-.158-1.633-.475-2.35a6.217 6.217 0 0 0-1.3-1.9l1.45-1.4a7.94 7.94 0 0 1 1.712 2.55c.409.967.613 2 .613 3.1s-.204 2.13-.613 3.088a7.977 7.977 0 0 1-1.712 2.537Z\" fill=\"#000\"\/><\/svg>            <span>Transcripci\u00f3n<\/span>\n          <\/button>\n                      <\/div>\n      <\/div>\n\n      <div id=\"transcription-cceaf429784f93f605c18b7462a41dc6\"\n  class=\"fixed inset-0 z-50 hidden w-screen h-screen opacity-0 pointer-events-none modal transcription\"\n  tabindex=\"-1\" role=\"dialog\">\n  <div class=\"absolute w-full h-full bg-black opacity-75 modal-overlay\"><\/div>\n  <div\n    class=\"absolute z-30 w-11\/12 mx-auto overflow-y-auto text-black bg-white shadow-lg modal-container center-xy md:max-w-4xl\"\n    role=\"document\">\n    <div class=\"flex items-center justify-between px-4 py-4 text-gray-700 border-b md:px-8\">\n      <h2 class=\"!mb-0 font-bold\">Transcripci\u00f3n<\/h2>\n      <div class=\"z-50 flex flex-col items-center ml-auto cursor-pointer rtl:ml-0 rtl:mr-auto modal-close\">\n        <svg class=\"w-auto h-6\" width=\"18\" height=\"23\" xmlns=\"http:\/\/www.w3.org\/2000\/svg\">\n  <g stroke=\"currentColor\" fill=\"none\" fill-rule=\"evenodd\" stroke-linecap=\"square\">\n    <path d=\"M.7248.974l16.1076 20.6167M16.655 1.2654L.9097 22.1601\" \/>\n  <\/g>\n<\/svg>        <div class=\"hidden\">Close<\/div>\n      <\/div>\n    <\/div>\n    <div class=\"px-4 py-8 overflow-y-auto max-h-modal md:px-8 modal-content\">\n      <div class=\"mb-8 flex flex-col gap-1.5\">\n                      <h3 class=\"text-xl font-bold\">El monstruo del apocalipsis y el pecador<\/h3>\n                            <\/div>\n            <p>En el muro de la izquierda de la puerta de salida, hay un animal fabuloso relacionado con el apocalipsis. Es un monstruo de siete cabezas y diez cuernos. Escenas tan terror\u00edficas como esta se pintaban siempre en el muro de salida para que los creyentes recordaran, antes de volver a casa, lo malo que les pod\u00eda ocurrir si desobedec\u00edan. <\/p>\n<p>Y todav\u00eda hay otra escena que llama bastante la atenci\u00f3n y que quiz\u00e1s ya has visto. Si te pones de espaldas al monstruo de siete cabezas y miras hacia arriba, dentro del segundo arco ver\u00e1s al pecador. Es un personaje con una pr\u00f3tesis en la pierna y con las partes \u00edntimas visibles \u2014aunque parece que alguien se entretuvo en borrarlas\u2014, que parece entregado a la masturbaci\u00f3n. En este caso, la religi\u00f3n asocia el defecto f\u00edsico al defecto moral. <\/p>\n    <\/div>\n  <\/div>\n<\/div>\n    <\/section>\n\n\n<div class=\"flex flex-col gap-3 element text-block\">\n  <div class=\"flex items-center gap-6\">\n              <h2 class=\"text-2xl font-bold\">5f \u00a1Te esperamos! <\/h2>\n      <\/div>\n    <\/div>\n\n\n<section class=\"element audio-block\">\n  <div class=\"flex flex-col w-full gap-6\">\n    <div class=\"flex flex-col gap-3\">\n      <div class=\"flex gap-6\">\n                          <h2 class=\"text-2xl font-bold\">La visita contin\u00faa<\/h2>\n              <\/div>\n          <\/div>\n    <div class=\"flex items-center justify-end gap-3\">\n              <div class=\"flex-1 audio-content\" dir=\"ltr\">\n          <audio id=\"audio-10a52ad40470ba8e7c1ab8c939446a66\" data-label=\"La visita contin\u00faa\"\n            data-category=\"SANT-JOAN-DE-BOI-ES-GENERAL-PLAY-CLOENDA.mp3\" class=\"hidden\" controls\n            src=\"https:\/\/guiesullsdelahistoria.cat\/app\/uploads\/2024\/11\/SANT-JOAN-DE-BOI-ES-GENERAL-PLAY-CLOENDA.mp3\"><\/audio>\n          <div class=\"flex items-center w-full gap-3 transition-opacity opacity-0 meta\">\n            <progress class=\"flex-1 border-0 appearance-none\" value=\"0\" max=\"1\"><\/progress>\n            <div class=\"text-sm text-center shrink-0 current-time w-9\"><\/div>\n                      <\/div>\n        <\/div>\n            <div class=\"flex flex-col items-center gap-2 shrink-1 audio-control\">\n        <button\n  class=\"flex items-center justify-center w-32 max-w-32 h-32 max-h-32 transition-[max-height,_max-width] bg-black rounded-full btn text-accent\"\n  data-target=\"#audio-10a52ad40470ba8e7c1ab8c939446a66\">\n  <svg width=\"100%\" height=\"100%\" viewBox=\"0 0 36 36\" version=\"1.1\" xmlns=\"http:\/\/www.w3.org\/2000\/svg\" xmlns:xlink=\"http:\/\/www.w3.org\/1999\/xlink\">\n  <path id=\"ytp-12\" d=\"M11,10 L18,13.74 18,22.28 11,26 M18,13.74 L26,18 26,18 18,22.28\" fill=\"currentColor\">\n    <animate id=\"animation\" begin=\"indefinite\" attributeType=\"XML\" attributeName=\"d\" fill=\"freeze\" from=\"M11,10 L17,10 17,26 11,26 M20,10 L26,10 26,26 20,26\" to=\"M11,10 L18,13.74 18,22.28 11,26 M18,13.74 L26,18 26,18 18,22.28\" dur=\"0.1s\" keySplines=\".4 0 1 1\" repeatCount=\"1\" data-play=\"M11,10 L18,13.74 18,22.28 11,26 M18,13.74 L26,18 26,18 18,22.28\" data-pause=\"M11,10 L17,10 17,26 11,26 M20,10 L26,10 26,26 20,26\"><\/animate>\n  <\/path>\n<\/svg>\n<\/button>\n        <p class=\"text-base text-center\">Escucha<\/p>\n      <\/div>\n    <\/div>\n\n    \n          <div class=\"flex flex-wrap justify-between gap-6 md:justify-start\">\n                  <button data-target=\"#transcription-10a52ad40470ba8e7c1ab8c939446a66\" data-toggle=\"modal\" class=\"flex items-center gap-2\">\n            <svg class=\"w-6 h-6\" fill=\"none\" xmlns=\"http:\/\/www.w3.org\/2000\/svg\" viewBox=\"0 0 22 12\"><path d=\"M0 9.873v-6c0-.55.196-1.02.588-1.412A1.926 1.926 0 0 1 2 1.873h2c.55 0 1.02.196 1.412.588.392.391.588.862.588 1.412v6H4v-2H2v2H0Zm2-4h2v-2H2v2Zm6 4v-8h4c.55 0 1.02.196 1.412.588.392.391.588.862.588 1.412v4c0 .55-.196 1.021-.588 1.413A1.926 1.926 0 0 1 12 9.873H8Zm2-2h2v-4h-2v4Zm6.85.8-1.4-1.425c.183-.183.32-.391.413-.625.091-.233.137-.483.137-.75 0-.283-.046-.537-.137-.762a1.85 1.85 0 0 0-.413-.613l1.4-1.45c.367.367.65.792.85 1.275.2.484.3 1 .3 1.55s-.1 1.063-.3 1.538c-.2.475-.483.896-.85 1.262Zm2.825 2.825-1.45-1.375c.55-.55.983-1.187 1.3-1.912A5.775 5.775 0 0 0 20 5.873c0-.85-.158-1.633-.475-2.35a6.217 6.217 0 0 0-1.3-1.9l1.45-1.4a7.94 7.94 0 0 1 1.712 2.55c.409.967.613 2 .613 3.1s-.204 2.13-.613 3.088a7.977 7.977 0 0 1-1.712 2.537Z\" fill=\"#000\"\/><\/svg>            <span>Transcripci\u00f3n<\/span>\n          <\/button>\n                      <\/div>\n      <\/div>\n\n      <div id=\"transcription-10a52ad40470ba8e7c1ab8c939446a66\"\n  class=\"fixed inset-0 z-50 hidden w-screen h-screen opacity-0 pointer-events-none modal transcription\"\n  tabindex=\"-1\" role=\"dialog\">\n  <div class=\"absolute w-full h-full bg-black opacity-75 modal-overlay\"><\/div>\n  <div\n    class=\"absolute z-30 w-11\/12 mx-auto overflow-y-auto text-black bg-white shadow-lg modal-container center-xy md:max-w-4xl\"\n    role=\"document\">\n    <div class=\"flex items-center justify-between px-4 py-4 text-gray-700 border-b md:px-8\">\n      <h2 class=\"!mb-0 font-bold\">Transcripci\u00f3n<\/h2>\n      <div class=\"z-50 flex flex-col items-center ml-auto cursor-pointer rtl:ml-0 rtl:mr-auto modal-close\">\n        <svg class=\"w-auto h-6\" width=\"18\" height=\"23\" xmlns=\"http:\/\/www.w3.org\/2000\/svg\">\n  <g stroke=\"currentColor\" fill=\"none\" fill-rule=\"evenodd\" stroke-linecap=\"square\">\n    <path d=\"M.7248.974l16.1076 20.6167M16.655 1.2654L.9097 22.1601\" \/>\n  <\/g>\n<\/svg>        <div class=\"hidden\">Close<\/div>\n      <\/div>\n    <\/div>\n    <div class=\"px-4 py-8 overflow-y-auto max-h-modal md:px-8 modal-content\">\n      <div class=\"mb-8 flex flex-col gap-1.5\">\n                      <h3 class=\"text-xl font-bold\">La visita contin\u00faa<\/h3>\n                            <\/div>\n            <p>Aqu\u00ed termina la visita a la iglesia. Ahora te invitamos a conocer las dem\u00e1s, que constituyen el Conjunto Rom\u00e1nico de la Vall de Bo\u00ed. \u00a1Te esperamos!<\/p>\n    <\/div>\n  <\/div>\n<\/div>\n    <\/section>\n\n\n<div class=\"flex flex-col gap-3 element text-block\">\n  <div class=\"flex items-center gap-6\">\n              <h2 class=\"text-2xl font-bold\">Cierre<\/h2>\n      <\/div>\n        <div class=\"prose prose-lg\"><p>\u201c<em>Els Ulls de la Hist\u00f2ria<\/em>. Una mirada inmersiva sobre el patrimonio\u201d es una iniciativa de la Ag\u00e8ncia Catalana del Patrimoni Cultural.<br \/>\nUn proyecto que incorpora otras voces y otras miradas sobre nuestro pasado. Porque todas y todos hacemos historia.<\/p>\n<\/div>\n  <\/div>\n\n<\/div>\n      <\/div>\n    <\/div>\n  <\/section>\n\n\n<section class=\"overflow-hidden section\" id=\"section-69f5c6905b82d\" data-title=\"6. Sant Quirc de Durro\">\n    <div class=\"container grid grid-cols-1 py-8 md:py-10 max-md:gap-y-8 md:grid-standard\">\n              <div class=\"flex gap-4 md:col-span-5\">\n                                <h2 class=\"text-8 font-headings\">6. Sant Quirc de Durro<\/h2>\n                  <\/div>\n            <div class=\"flex flex-col gap-8 md:col-span-6 md:col-start-7 md:gap-10\">\n        <div class=\"acf-innerblocks-container\">\n<div class=\"flex flex-col gap-3 element text-block\">\n  <div class=\"flex items-center gap-6\">\n              <h2 class=\"text-2xl font-bold\">6a Introducci\u00f3n<\/h2>\n      <\/div>\n    <\/div>\n\n\n<div class=\"flex flex-col gap-6 element image-block\">\n  <div class=\"flex flex-col gap-3\">\n      <\/div>\n      <figure>\n      <img loading=\"lazy\" decoding=\"async\" width=\"1600\" height=\"1177\" src=\"https:\/\/guiesullsdelahistoria.cat\/app\/uploads\/2024\/11\/Sant_Quirc_de_Durro_general_amb_faro.jpg\" class=\"w-full h-auto\" alt=\"Exterior de la ermita de Sant Quirc de Durro vista desde un lateral, con el faro detr\u00e1s y las monta\u00f1as de fondo.\" srcset=\"https:\/\/guiesullsdelahistoria.cat\/app\/uploads\/2024\/11\/Sant_Quirc_de_Durro_general_amb_faro.jpg 1600w, https:\/\/guiesullsdelahistoria.cat\/app\/uploads\/2024\/11\/Sant_Quirc_de_Durro_general_amb_faro-300x221.jpg 300w, https:\/\/guiesullsdelahistoria.cat\/app\/uploads\/2024\/11\/Sant_Quirc_de_Durro_general_amb_faro-1024x753.jpg 1024w, https:\/\/guiesullsdelahistoria.cat\/app\/uploads\/2024\/11\/Sant_Quirc_de_Durro_general_amb_faro-768x565.jpg 768w, https:\/\/guiesullsdelahistoria.cat\/app\/uploads\/2024\/11\/Sant_Quirc_de_Durro_general_amb_faro-1536x1130.jpg 1536w\" sizes=\"auto, (max-width: 1600px) 100vw, 1600px\" \/>\n              <figcaption class=\"pt-2 text-gray-800\">Vista de Sant Quirc de Durro<\/figcaption>\n          <\/figure>\n  <\/div>\n\n\n<section class=\"element audio-block\">\n  <div class=\"flex flex-col w-full gap-6\">\n    <div class=\"flex flex-col gap-3\">\n      <div class=\"flex gap-6\">\n                          <h2 class=\"text-2xl font-bold\">La Vall de Bo\u00ed y sus iglesias<\/h2>\n              <\/div>\n          <\/div>\n    <div class=\"flex items-center justify-end gap-3\">\n              <div class=\"flex-1 audio-content\" dir=\"ltr\">\n          <audio id=\"audio-64380bd39b43082e8b99b5a8797d4fdd\" data-label=\"La Vall de Bo\u00ed y sus iglesias\"\n            data-category=\"SANT-QUIRC-DE-DURRO-ES-GENERAL-PLAY-0.mp3\" class=\"hidden\" controls\n            src=\"https:\/\/guiesullsdelahistoria.cat\/app\/uploads\/2024\/11\/SANT-QUIRC-DE-DURRO-ES-GENERAL-PLAY-0.mp3\"><\/audio>\n          <div class=\"flex items-center w-full gap-3 transition-opacity opacity-0 meta\">\n            <progress class=\"flex-1 border-0 appearance-none\" value=\"0\" max=\"1\"><\/progress>\n            <div class=\"text-sm text-center shrink-0 current-time w-9\"><\/div>\n                      <\/div>\n        <\/div>\n            <div class=\"flex flex-col items-center gap-2 shrink-1 audio-control\">\n        <button\n  class=\"flex items-center justify-center w-32 max-w-32 h-32 max-h-32 transition-[max-height,_max-width] bg-black rounded-full btn text-accent\"\n  data-target=\"#audio-64380bd39b43082e8b99b5a8797d4fdd\">\n  <svg width=\"100%\" height=\"100%\" viewBox=\"0 0 36 36\" version=\"1.1\" xmlns=\"http:\/\/www.w3.org\/2000\/svg\" xmlns:xlink=\"http:\/\/www.w3.org\/1999\/xlink\">\n  <path id=\"ytp-12\" d=\"M11,10 L18,13.74 18,22.28 11,26 M18,13.74 L26,18 26,18 18,22.28\" fill=\"currentColor\">\n    <animate id=\"animation\" begin=\"indefinite\" attributeType=\"XML\" attributeName=\"d\" fill=\"freeze\" from=\"M11,10 L17,10 17,26 11,26 M20,10 L26,10 26,26 20,26\" to=\"M11,10 L18,13.74 18,22.28 11,26 M18,13.74 L26,18 26,18 18,22.28\" dur=\"0.1s\" keySplines=\".4 0 1 1\" repeatCount=\"1\" data-play=\"M11,10 L18,13.74 18,22.28 11,26 M18,13.74 L26,18 26,18 18,22.28\" data-pause=\"M11,10 L17,10 17,26 11,26 M20,10 L26,10 26,26 20,26\"><\/animate>\n  <\/path>\n<\/svg>\n<\/button>\n        <p class=\"text-base text-center\">Escucha<\/p>\n      <\/div>\n    <\/div>\n\n    \n          <div class=\"flex flex-wrap justify-between gap-6 md:justify-start\">\n                  <button data-target=\"#transcription-64380bd39b43082e8b99b5a8797d4fdd\" data-toggle=\"modal\" class=\"flex items-center gap-2\">\n            <svg class=\"w-6 h-6\" fill=\"none\" xmlns=\"http:\/\/www.w3.org\/2000\/svg\" viewBox=\"0 0 22 12\"><path d=\"M0 9.873v-6c0-.55.196-1.02.588-1.412A1.926 1.926 0 0 1 2 1.873h2c.55 0 1.02.196 1.412.588.392.391.588.862.588 1.412v6H4v-2H2v2H0Zm2-4h2v-2H2v2Zm6 4v-8h4c.55 0 1.02.196 1.412.588.392.391.588.862.588 1.412v4c0 .55-.196 1.021-.588 1.413A1.926 1.926 0 0 1 12 9.873H8Zm2-2h2v-4h-2v4Zm6.85.8-1.4-1.425c.183-.183.32-.391.413-.625.091-.233.137-.483.137-.75 0-.283-.046-.537-.137-.762a1.85 1.85 0 0 0-.413-.613l1.4-1.45c.367.367.65.792.85 1.275.2.484.3 1 .3 1.55s-.1 1.063-.3 1.538c-.2.475-.483.896-.85 1.262Zm2.825 2.825-1.45-1.375c.55-.55.983-1.187 1.3-1.912A5.775 5.775 0 0 0 20 5.873c0-.85-.158-1.633-.475-2.35a6.217 6.217 0 0 0-1.3-1.9l1.45-1.4a7.94 7.94 0 0 1 1.712 2.55c.409.967.613 2 .613 3.1s-.204 2.13-.613 3.088a7.977 7.977 0 0 1-1.712 2.537Z\" fill=\"#000\"\/><\/svg>            <span>Transcripci\u00f3n<\/span>\n          <\/button>\n                      <\/div>\n      <\/div>\n\n      <div id=\"transcription-64380bd39b43082e8b99b5a8797d4fdd\"\n  class=\"fixed inset-0 z-50 hidden w-screen h-screen opacity-0 pointer-events-none modal transcription\"\n  tabindex=\"-1\" role=\"dialog\">\n  <div class=\"absolute w-full h-full bg-black opacity-75 modal-overlay\"><\/div>\n  <div\n    class=\"absolute z-30 w-11\/12 mx-auto overflow-y-auto text-black bg-white shadow-lg modal-container center-xy md:max-w-4xl\"\n    role=\"document\">\n    <div class=\"flex items-center justify-between px-4 py-4 text-gray-700 border-b md:px-8\">\n      <h2 class=\"!mb-0 font-bold\">Transcripci\u00f3n<\/h2>\n      <div class=\"z-50 flex flex-col items-center ml-auto cursor-pointer rtl:ml-0 rtl:mr-auto modal-close\">\n        <svg class=\"w-auto h-6\" width=\"18\" height=\"23\" xmlns=\"http:\/\/www.w3.org\/2000\/svg\">\n  <g stroke=\"currentColor\" fill=\"none\" fill-rule=\"evenodd\" stroke-linecap=\"square\">\n    <path d=\"M.7248.974l16.1076 20.6167M16.655 1.2654L.9097 22.1601\" \/>\n  <\/g>\n<\/svg>        <div class=\"hidden\">Close<\/div>\n      <\/div>\n    <\/div>\n    <div class=\"px-4 py-8 overflow-y-auto max-h-modal md:px-8 modal-content\">\n      <div class=\"mb-8 flex flex-col gap-1.5\">\n                      <h3 class=\"text-xl font-bold\">La Vall de Bo\u00ed y sus iglesias<\/h3>\n                            <\/div>\n            <p>Te damos la bienvenida a la Vall de Bo\u00ed y te animamos a conocer su excepcional conjunto de iglesias, consideradas una de las m\u00e1ximas expresiones del arte rom\u00e1nico catal\u00e1n e inscritas en la lista de Patrimonio Mundial por la UNESCO en el a\u00f1o 2000.<br \/>\nEl Conjunto Rom\u00e1nico de la Vall de Bo\u00ed est\u00e1 integrado por nueve iglesias: Sant Climent y Santa Maria de Ta\u00fcll, Sant Joan de Bo\u00ed, Santa Eul\u00e0lia d\u2019Erill la Vall, Sant Feliu de Barruera, la Nativitat y Sant Quirc de Durro, Santa Maria de Cardet y la Assumpci\u00f3 de C\u00f3ll.<br \/>\nPero \u00bfqu\u00e9 tienen en com\u00fan este conjunto de iglesias? \u00bfPor qu\u00e9 son tan singulares? \u00bfCu\u00e1l es su historia?<br \/>\nTodas fueron construidas entre los siglos XI y XII, en un momento de poder y de bonanza econ\u00f3mica de la nobleza local, y comparten un estilo arquitect\u00f3nico, el rom\u00e1nico, muy extendido por toda Europa.<br \/>\nHoy, gran parte de las pinturas, tallas y mobiliario se conservan en varios museos catalanes, sobre todo en el Museu Nacional d\u2019Art de Catalunya. Sin embargo, algunas de las iglesias cuentan con importantes fragmentos de pintura mural y esculturas originales, adem\u00e1s de reproducciones de las que se conservan en los museos.<br \/>\nCon la gu\u00eda que tienes en tus manos, descubrir\u00e1s los valores excepcionales de este conjunto rom\u00e1nico y podr\u00e1s conocer cada una de las nueve iglesias, con sus secretos y curiosidades.<br \/>\n\u00a1Una advertencia final! Estas monta\u00f1as son misteriosas y, en los valles, las palabras de las personas que las han habitado a menudo se quedan atrapadas y resuenan a lo largo del tiempo como un eco imperceptible. Esta gu\u00eda dispone de un sensor que se activa cada vez que capta alguna. No te asustes y sigue escuchando.<\/p>\n    <\/div>\n  <\/div>\n<\/div>\n    <\/section>\n\n\n<div class=\"flex flex-col gap-3 element text-block\">\n  <div class=\"flex items-center gap-6\">\n              <h2 class=\"text-2xl font-bold\">6b Exterior esplanada<\/h2>\n      <\/div>\n    <\/div>\n\n\n<div class=\"flex flex-col gap-6 element image-block\">\n  <div class=\"flex flex-col gap-3\">\n      <\/div>\n      <figure>\n      <img loading=\"lazy\" decoding=\"async\" width=\"1600\" height=\"1066\" src=\"https:\/\/guiesullsdelahistoria.cat\/app\/uploads\/2024\/11\/MG_0127.jpg\" class=\"w-full h-auto\" alt=\"Exterior de la ermita de Sant Quirc de Durro coronada por el campanario de espada\u00f1a y rodeada de monta\u00f1as.\" srcset=\"https:\/\/guiesullsdelahistoria.cat\/app\/uploads\/2024\/11\/MG_0127.jpg 1600w, https:\/\/guiesullsdelahistoria.cat\/app\/uploads\/2024\/11\/MG_0127-300x200.jpg 300w, https:\/\/guiesullsdelahistoria.cat\/app\/uploads\/2024\/11\/MG_0127-1024x682.jpg 1024w, https:\/\/guiesullsdelahistoria.cat\/app\/uploads\/2024\/11\/MG_0127-768x512.jpg 768w, https:\/\/guiesullsdelahistoria.cat\/app\/uploads\/2024\/11\/MG_0127-1536x1023.jpg 1536w\" sizes=\"auto, (max-width: 1600px) 100vw, 1600px\" \/>\n              <figcaption class=\"pt-2 text-gray-800\">Sant Quirc de Durro con el campanario de espada\u00f1a.<\/figcaption>\n          <\/figure>\n  <\/div>\n\n\n<section class=\"element audio-block\">\n  <div class=\"flex flex-col w-full gap-6\">\n    <div class=\"flex flex-col gap-3\">\n      <div class=\"flex gap-6\">\n                          <h2 class=\"text-2xl font-bold\">Funciones pr\u00e1cticas y funciones simb\u00f3licas<\/h2>\n              <\/div>\n          <\/div>\n    <div class=\"flex items-center justify-end gap-3\">\n              <div class=\"flex-1 audio-content\" dir=\"ltr\">\n          <audio id=\"audio-6b27e54b0a059dee6dfbd0bf8676fb86\" data-label=\"Funciones pr\u00e1cticas y funciones simb\u00f3licas\"\n            data-category=\"SANT-QUIRC-DE-DURRO-ES-GENERAL-PLAY-1.mp3\" class=\"hidden\" controls\n            src=\"https:\/\/guiesullsdelahistoria.cat\/app\/uploads\/2024\/11\/SANT-QUIRC-DE-DURRO-ES-GENERAL-PLAY-1.mp3\"><\/audio>\n          <div class=\"flex items-center w-full gap-3 transition-opacity opacity-0 meta\">\n            <progress class=\"flex-1 border-0 appearance-none\" value=\"0\" max=\"1\"><\/progress>\n            <div class=\"text-sm text-center shrink-0 current-time w-9\"><\/div>\n                      <\/div>\n        <\/div>\n            <div class=\"flex flex-col items-center gap-2 shrink-1 audio-control\">\n        <button\n  class=\"flex items-center justify-center w-32 max-w-32 h-32 max-h-32 transition-[max-height,_max-width] bg-black rounded-full btn text-accent\"\n  data-target=\"#audio-6b27e54b0a059dee6dfbd0bf8676fb86\">\n  <svg width=\"100%\" height=\"100%\" viewBox=\"0 0 36 36\" version=\"1.1\" xmlns=\"http:\/\/www.w3.org\/2000\/svg\" xmlns:xlink=\"http:\/\/www.w3.org\/1999\/xlink\">\n  <path id=\"ytp-12\" d=\"M11,10 L18,13.74 18,22.28 11,26 M18,13.74 L26,18 26,18 18,22.28\" fill=\"currentColor\">\n    <animate id=\"animation\" begin=\"indefinite\" attributeType=\"XML\" attributeName=\"d\" fill=\"freeze\" from=\"M11,10 L17,10 17,26 11,26 M20,10 L26,10 26,26 20,26\" to=\"M11,10 L18,13.74 18,22.28 11,26 M18,13.74 L26,18 26,18 18,22.28\" dur=\"0.1s\" keySplines=\".4 0 1 1\" repeatCount=\"1\" data-play=\"M11,10 L18,13.74 18,22.28 11,26 M18,13.74 L26,18 26,18 18,22.28\" data-pause=\"M11,10 L17,10 17,26 11,26 M20,10 L26,10 26,26 20,26\"><\/animate>\n  <\/path>\n<\/svg>\n<\/button>\n        <p class=\"text-base text-center\">Escucha<\/p>\n      <\/div>\n    <\/div>\n\n    \n          <div class=\"flex flex-wrap justify-between gap-6 md:justify-start\">\n                  <button data-target=\"#transcription-6b27e54b0a059dee6dfbd0bf8676fb86\" data-toggle=\"modal\" class=\"flex items-center gap-2\">\n            <svg class=\"w-6 h-6\" fill=\"none\" xmlns=\"http:\/\/www.w3.org\/2000\/svg\" viewBox=\"0 0 22 12\"><path d=\"M0 9.873v-6c0-.55.196-1.02.588-1.412A1.926 1.926 0 0 1 2 1.873h2c.55 0 1.02.196 1.412.588.392.391.588.862.588 1.412v6H4v-2H2v2H0Zm2-4h2v-2H2v2Zm6 4v-8h4c.55 0 1.02.196 1.412.588.392.391.588.862.588 1.412v4c0 .55-.196 1.021-.588 1.413A1.926 1.926 0 0 1 12 9.873H8Zm2-2h2v-4h-2v4Zm6.85.8-1.4-1.425c.183-.183.32-.391.413-.625.091-.233.137-.483.137-.75 0-.283-.046-.537-.137-.762a1.85 1.85 0 0 0-.413-.613l1.4-1.45c.367.367.65.792.85 1.275.2.484.3 1 .3 1.55s-.1 1.063-.3 1.538c-.2.475-.483.896-.85 1.262Zm2.825 2.825-1.45-1.375c.55-.55.983-1.187 1.3-1.912A5.775 5.775 0 0 0 20 5.873c0-.85-.158-1.633-.475-2.35a6.217 6.217 0 0 0-1.3-1.9l1.45-1.4a7.94 7.94 0 0 1 1.712 2.55c.409.967.613 2 .613 3.1s-.204 2.13-.613 3.088a7.977 7.977 0 0 1-1.712 2.537Z\" fill=\"#000\"\/><\/svg>            <span>Transcripci\u00f3n<\/span>\n          <\/button>\n                      <\/div>\n      <\/div>\n\n      <div id=\"transcription-6b27e54b0a059dee6dfbd0bf8676fb86\"\n  class=\"fixed inset-0 z-50 hidden w-screen h-screen opacity-0 pointer-events-none modal transcription\"\n  tabindex=\"-1\" role=\"dialog\">\n  <div class=\"absolute w-full h-full bg-black opacity-75 modal-overlay\"><\/div>\n  <div\n    class=\"absolute z-30 w-11\/12 mx-auto overflow-y-auto text-black bg-white shadow-lg modal-container center-xy md:max-w-4xl\"\n    role=\"document\">\n    <div class=\"flex items-center justify-between px-4 py-4 text-gray-700 border-b md:px-8\">\n      <h2 class=\"!mb-0 font-bold\">Transcripci\u00f3n<\/h2>\n      <div class=\"z-50 flex flex-col items-center ml-auto cursor-pointer rtl:ml-0 rtl:mr-auto modal-close\">\n        <svg class=\"w-auto h-6\" width=\"18\" height=\"23\" xmlns=\"http:\/\/www.w3.org\/2000\/svg\">\n  <g stroke=\"currentColor\" fill=\"none\" fill-rule=\"evenodd\" stroke-linecap=\"square\">\n    <path d=\"M.7248.974l16.1076 20.6167M16.655 1.2654L.9097 22.1601\" \/>\n  <\/g>\n<\/svg>        <div class=\"hidden\">Close<\/div>\n      <\/div>\n    <\/div>\n    <div class=\"px-4 py-8 overflow-y-auto max-h-modal md:px-8 modal-content\">\n      <div class=\"mb-8 flex flex-col gap-1.5\">\n                      <h3 class=\"text-xl font-bold\">Funciones pr\u00e1cticas y funciones simb\u00f3licas<\/h3>\n                            <\/div>\n            <p>Como ya ves, la ermita de Sant Quirc est\u00e1 situada en un marco privilegiado, en un llano elevado en la monta\u00f1a de Durro y a una altitud de 1500 metros.<br \/>\nQuiz\u00e1 te preguntes por qu\u00e9 la construyeron aqu\u00ed arriba, en un lugar de dif\u00edcil acceso y alejado del pueblo. Pues hay dos motivos.<\/p>\n<p>En primer lugar, la ermita marcaba el l\u00edmite entre los prados de pasto y las tierras cultivadas. Los prados, que llegan hasta el pueblo, pertenecen a propietarios particulares; en cambio, las tierras de la monta\u00f1a son de todos los vecinos.<br \/>\nPero la ermita tiene a\u00fan otra funci\u00f3n; esta, simb\u00f3lica y relacionada con la tradici\u00f3n de origen pagano de correr fallas. Sant Quirc es el lugar de emplazamiento del Faro de Durro, el pino que marca el punto de partida de la bajada de las fallas de esta poblaci\u00f3n. Seg\u00fan la \u00e9poca del a\u00f1o, todav\u00eda puedes verlo medio quemado, al borde del acantilado. La bajada de las fallas marca la llegada del verano, y ten\u00eda la funci\u00f3n de purificar los pastos y alejar a los malos esp\u00edritus. Con la llegada del cristianismo, esta tradici\u00f3n se adapt\u00f3 al culto de los santos, que se convirtieron en los protectores del territorio.<\/p>\n<p><em>Sonido de interferencias<\/em>.<br \/>\n<strong>Mujer:<\/strong> Me han dicho que esta noche varias chicas correr\u00e1n las fallas.<br \/>\n<strong>Hombre:<\/strong> \u00a1Qu\u00e9 dices! Menuda bobada. Las fallas las corren los hombres.<br \/>\n<strong>Mujer:<\/strong> \u00bfY no te parece que ya es hora de que eso cambie?<br \/>\n<strong>Hombre:<\/strong> Es una tradici\u00f3n. Siempre se ha hecho as\u00ed.<br \/>\n<strong>Mujer:<\/strong> Estamos en 2010. \u00a12010! Y Durro es el \u00fanico sitio del Pirineo donde todav\u00eda no pueden bajar fallas las mujeres. As\u00ed que ojal\u00e1 que eso que dicen sea verdad y estas chicas se atrevan.<br \/>\n<strong>Hombre: <\/strong>Yo, hasta que no lo vea, no lo creer\u00e9.<br \/>\n<em>Sonido de interferencias<br \/>\n<\/em><br \/>\nEn La Vall hay un pu\u00f1ado de ermitas, pero la de Sant Quirc de Durro es la \u00fanica que mantiene la estructura original del siglo xii. Por eso se incluy\u00f3 en el conjunto declarado Patrimonio Mundial, junto con las iglesias.<br \/>\nDesde donde est\u00e1s puedes ver claramente el campanario de Sant Quirc, un a\u00f1adido posterior al rom\u00e1nico. A diferencia de los campanarios caracter\u00edsticos de las torres de las iglesias de La Vall, tiene forma de espada\u00f1a.<br \/>\nOtra curiosidad de Sant Quirc es que los muros est\u00e1n hechos de pizarra, a diferencia del resto de iglesias de La Vall. La tipolog\u00eda de la ermita recuerda mucho a la del p\u00f3rtico de la iglesia de la Nativitat de Durro, situada a poco m\u00e1s de dos kil\u00f3metros. Esto hace pensar que son de la misma \u00e9poca, la segunda mitad del siglo XII.<\/p>\n<p>Ahora, ac\u00e9rcate a la puerta de entrada y f\u00edjate en las dovelas del arco, las piedras que la rodean por encima haciendo curva. Ver\u00e1s que tienen un tono rosado, diferente al resto. Esto se debe a que son de piedra p\u00f3mez, un material m\u00e1s blando y, por tanto, m\u00e1s f\u00e1cil de trabajar, ideal para las ornamentaciones.<br \/>\nEn Sant Quirc tambi\u00e9n llaman la atenci\u00f3n las pocas aberturas que permiten la entrada de luz al interior. De hecho, en el \u00e1bside central se encuentra la \u00fanica ventana que iluminaba el interior, junto con el ojo de buey que puedes ver en la cabecera, justo debajo de la cubierta.<br \/>\nPara continuar la visita, debes entrar en la iglesia, pero en determinadas \u00e9pocas del a\u00f1o no es posible porque est\u00e1 cerrada. Si no puedes entrar, puedes hacerte una buena idea de c\u00f3mo es pulsando el recurso virtual que tienes en la gu\u00eda.<\/p>\n    <\/div>\n  <\/div>\n<\/div>\n    <\/section>\n\n\n<div class=\"flex flex-col gap-3 element interactive-block\">\n  <div class=\"flex items-center gap-6\">\n              <h2 class=\"text-2xl font-bold\">Recurso virtual: 3D Sant Quirc de Durro<\/h2>\n      <\/div>\n          <div class=\"flex justify-end w-full\">\n      <div class=\"flex flex-col items-center gap-2 shrink-1\">\n        <button data-target=\"#embed-69f5c69055ef1\" data-toggle=\"modal\"\n          class=\"flex items-center justify-center w-32 h-32 bg-black rounded-full text-accent\">\n          <svg class=\"w-16 h-auto\" width=\"60\" height=\"61\" viewBox=\"0 0 60 61\" fill=\"none\" xmlns=\"http:\/\/www.w3.org\/2000\/svg\">\n  <path\n    d=\"M27 53.298L12 44.673C11.05 44.1231 10.3125 43.398 9.7875 42.498C9.2625 41.598 9 40.598 9 39.498V22.248C9 21.148 9.2625 20.148 9.7875 19.248C10.3125 18.348 11.05 17.623 12 17.073L27 8.44805C27.95 7.89805 28.95 7.62305 30 7.62305C31.05 7.62305 32.05 7.89805 33 8.44805L48 17.073C48.95 17.623 49.6875 18.348 50.2125 19.248C50.7375 20.148 51 21.148 51 22.248V39.498C51 40.598 50.7375 41.598 50.2125 42.498C49.6875 43.398 48.95 44.1231 48 44.673L33 53.298C32.05 53.848 31.05 54.123 30 54.123C28.95 54.123 27.95 53.848 27 53.298ZM27 46.398V32.598L15 25.623V39.498L27 46.398ZM33 46.398L45 39.498V25.623L33 32.598V46.398ZM0 15.873V6.87305C0 5.22305 0.5875 3.81055 1.7625 2.63555C2.9375 1.46055 4.35 0.873047 6 0.873047H15V6.87305H6V15.873H0ZM15 60.873H6C4.35 60.873 2.9375 60.2855 1.7625 59.1105C0.5875 57.9355 0 56.523 0 54.873V45.8731H6V54.873H15V60.873ZM45 60.873V54.873H54V45.8731H60V54.873C60 56.523 59.4125 57.9355 58.2375 59.1105C57.0625 60.2855 55.65 60.873 54 60.873H45ZM54 15.873V6.87305H45V0.873047H54C55.65 0.873047 57.0625 1.46055 58.2375 2.63555C59.4125 3.81055 60 5.22305 60 6.87305V15.873H54ZM30 27.423L41.85 20.448L30 13.623L18.15 20.448L30 27.423Z\"\n    fill=\"currentColor\" \/>\n<\/svg>\n        <\/button>\n                  <p class=\"text-base text-center\">Mira<\/p>\n              <\/div>\n    <\/div>\n    <div id=\"embed-69f5c69055ef1\"\n  class=\"fixed inset-0 z-50 hidden w-screen h-screen opacity-0 pointer-events-none modal embed-container\"\n  tabindex=\"-1\" role=\"dialog\">\n  <div class=\"absolute w-full h-full bg-black opacity-75 modal-overlay\"><\/div>\n  <div\n    class=\"absolute z-30 w-11\/12 mx-auto overflow-y-auto text-black bg-white shadow-lg modal-container center-xy md:max-w-4xl\"\n    role=\"document\">\n    <div class=\"flex items-center justify-between px-4 py-4 text-gray-700 border-b md:px-8\">\n      <h2 class=\"!mb-0 font-bold\">Mira<\/h2>\n      <div class=\"z-50 flex flex-col items-center ml-auto cursor-pointer rtl:ml-0 rtl:mr-auto modal-close\">\n        <svg class=\"w-auto h-6\" width=\"18\" height=\"23\" xmlns=\"http:\/\/www.w3.org\/2000\/svg\">\n  <g stroke=\"currentColor\" fill=\"none\" fill-rule=\"evenodd\" stroke-linecap=\"square\">\n    <path d=\"M.7248.974l16.1076 20.6167M16.655 1.2654L.9097 22.1601\" \/>\n  <\/g>\n<\/svg>        <div class=\"hidden\">Close<\/div>\n      <\/div>\n    <\/div>\n    <div class=\"px-4 py-8 overflow-y-auto max-h-modal md:px-8 modal-content\">\n      <div class=\"sketchfab-embed-wrapper\"> <iframe title=\"Sant Quirc de Durro. Vall de Bo\u00ed\" frameborder=\"0\" allowfullscreen mozallowfullscreen=\"true\" webkitallowfullscreen=\"true\" allow=\"autoplay; fullscreen; xr-spatial-tracking\" xr-spatial-tracking execution-while-out-of-viewport execution-while-not-rendered web-share src=\"https:\/\/sketchfab.com\/models\/9c21f3f0615e4905889d4d07316a3dfa\/embed?ui_infos=0\"> <\/iframe> <\/div>\n    <\/div>\n  <\/div>\n<\/div>\n  <\/div>\n\n\n<div class=\"flex flex-col gap-3 element text-block\">\n  <div class=\"flex items-center gap-6\">\n              <h2 class=\"text-2xl font-bold\">6c Interior<\/h2>\n      <\/div>\n    <\/div>\n\n\n<div class=\"flex flex-col gap-6 element image-block\">\n  <div class=\"flex flex-col gap-3\">\n      <\/div>\n      <figure>\n      <img loading=\"lazy\" decoding=\"async\" width=\"1452\" height=\"966\" src=\"https:\/\/guiesullsdelahistoria.cat\/app\/uploads\/2024\/11\/Sant-Quirc-interior-general.jpg\" class=\"w-full h-auto\" alt=\"Interior de la ermita de Sant Quirc de Durro visto desde el coro, con el altar en el fondo decorado con elementos rom\u00e1nicos y barrocos mezclados.\" srcset=\"https:\/\/guiesullsdelahistoria.cat\/app\/uploads\/2024\/11\/Sant-Quirc-interior-general.jpg 1452w, https:\/\/guiesullsdelahistoria.cat\/app\/uploads\/2024\/11\/Sant-Quirc-interior-general-300x200.jpg 300w, https:\/\/guiesullsdelahistoria.cat\/app\/uploads\/2024\/11\/Sant-Quirc-interior-general-1024x681.jpg 1024w, https:\/\/guiesullsdelahistoria.cat\/app\/uploads\/2024\/11\/Sant-Quirc-interior-general-768x511.jpg 768w\" sizes=\"auto, (max-width: 1452px) 100vw, 1452px\" \/>\n              <figcaption class=\"pt-2 text-gray-800\">Interior de Sant Quirc de Durro.<\/figcaption>\n          <\/figure>\n  <\/div>\n\n\n<section class=\"element audio-block\">\n  <div class=\"flex flex-col w-full gap-6\">\n    <div class=\"flex flex-col gap-3\">\n      <div class=\"flex gap-6\">\n                          <h2 class=\"text-2xl font-bold\">La convivencia de distintos estilos<\/h2>\n              <\/div>\n          <\/div>\n    <div class=\"flex items-center justify-end gap-3\">\n              <div class=\"flex-1 audio-content\" dir=\"ltr\">\n          <audio id=\"audio-1bf2e118077f137806ff81c73c520c16\" data-label=\"La convivencia de distintos estilos\"\n            data-category=\"SANT-QUIRC-DE-DURRO-ES-GENERAL-PLAY-2.mp3\" class=\"hidden\" controls\n            src=\"https:\/\/guiesullsdelahistoria.cat\/app\/uploads\/2024\/11\/SANT-QUIRC-DE-DURRO-ES-GENERAL-PLAY-2.mp3\"><\/audio>\n          <div class=\"flex items-center w-full gap-3 transition-opacity opacity-0 meta\">\n            <progress class=\"flex-1 border-0 appearance-none\" value=\"0\" max=\"1\"><\/progress>\n            <div class=\"text-sm text-center shrink-0 current-time w-9\"><\/div>\n                      <\/div>\n        <\/div>\n            <div class=\"flex flex-col items-center gap-2 shrink-1 audio-control\">\n        <button\n  class=\"flex items-center justify-center w-32 max-w-32 h-32 max-h-32 transition-[max-height,_max-width] bg-black rounded-full btn text-accent\"\n  data-target=\"#audio-1bf2e118077f137806ff81c73c520c16\">\n  <svg width=\"100%\" height=\"100%\" viewBox=\"0 0 36 36\" version=\"1.1\" xmlns=\"http:\/\/www.w3.org\/2000\/svg\" xmlns:xlink=\"http:\/\/www.w3.org\/1999\/xlink\">\n  <path id=\"ytp-12\" d=\"M11,10 L18,13.74 18,22.28 11,26 M18,13.74 L26,18 26,18 18,22.28\" fill=\"currentColor\">\n    <animate id=\"animation\" begin=\"indefinite\" attributeType=\"XML\" attributeName=\"d\" fill=\"freeze\" from=\"M11,10 L17,10 17,26 11,26 M20,10 L26,10 26,26 20,26\" to=\"M11,10 L18,13.74 18,22.28 11,26 M18,13.74 L26,18 26,18 18,22.28\" dur=\"0.1s\" keySplines=\".4 0 1 1\" repeatCount=\"1\" data-play=\"M11,10 L18,13.74 18,22.28 11,26 M18,13.74 L26,18 26,18 18,22.28\" data-pause=\"M11,10 L17,10 17,26 11,26 M20,10 L26,10 26,26 20,26\"><\/animate>\n  <\/path>\n<\/svg>\n<\/button>\n        <p class=\"text-base text-center\">Escucha<\/p>\n      <\/div>\n    <\/div>\n\n    \n          <div class=\"flex flex-wrap justify-between gap-6 md:justify-start\">\n                  <button data-target=\"#transcription-1bf2e118077f137806ff81c73c520c16\" data-toggle=\"modal\" class=\"flex items-center gap-2\">\n            <svg class=\"w-6 h-6\" fill=\"none\" xmlns=\"http:\/\/www.w3.org\/2000\/svg\" viewBox=\"0 0 22 12\"><path d=\"M0 9.873v-6c0-.55.196-1.02.588-1.412A1.926 1.926 0 0 1 2 1.873h2c.55 0 1.02.196 1.412.588.392.391.588.862.588 1.412v6H4v-2H2v2H0Zm2-4h2v-2H2v2Zm6 4v-8h4c.55 0 1.02.196 1.412.588.392.391.588.862.588 1.412v4c0 .55-.196 1.021-.588 1.413A1.926 1.926 0 0 1 12 9.873H8Zm2-2h2v-4h-2v4Zm6.85.8-1.4-1.425c.183-.183.32-.391.413-.625.091-.233.137-.483.137-.75 0-.283-.046-.537-.137-.762a1.85 1.85 0 0 0-.413-.613l1.4-1.45c.367.367.65.792.85 1.275.2.484.3 1 .3 1.55s-.1 1.063-.3 1.538c-.2.475-.483.896-.85 1.262Zm2.825 2.825-1.45-1.375c.55-.55.983-1.187 1.3-1.912A5.775 5.775 0 0 0 20 5.873c0-.85-.158-1.633-.475-2.35a6.217 6.217 0 0 0-1.3-1.9l1.45-1.4a7.94 7.94 0 0 1 1.712 2.55c.409.967.613 2 .613 3.1s-.204 2.13-.613 3.088a7.977 7.977 0 0 1-1.712 2.537Z\" fill=\"#000\"\/><\/svg>            <span>Transcripci\u00f3n<\/span>\n          <\/button>\n                      <\/div>\n      <\/div>\n\n      <div id=\"transcription-1bf2e118077f137806ff81c73c520c16\"\n  class=\"fixed inset-0 z-50 hidden w-screen h-screen opacity-0 pointer-events-none modal transcription\"\n  tabindex=\"-1\" role=\"dialog\">\n  <div class=\"absolute w-full h-full bg-black opacity-75 modal-overlay\"><\/div>\n  <div\n    class=\"absolute z-30 w-11\/12 mx-auto overflow-y-auto text-black bg-white shadow-lg modal-container center-xy md:max-w-4xl\"\n    role=\"document\">\n    <div class=\"flex items-center justify-between px-4 py-4 text-gray-700 border-b md:px-8\">\n      <h2 class=\"!mb-0 font-bold\">Transcripci\u00f3n<\/h2>\n      <div class=\"z-50 flex flex-col items-center ml-auto cursor-pointer rtl:ml-0 rtl:mr-auto modal-close\">\n        <svg class=\"w-auto h-6\" width=\"18\" height=\"23\" xmlns=\"http:\/\/www.w3.org\/2000\/svg\">\n  <g stroke=\"currentColor\" fill=\"none\" fill-rule=\"evenodd\" stroke-linecap=\"square\">\n    <path d=\"M.7248.974l16.1076 20.6167M16.655 1.2654L.9097 22.1601\" \/>\n  <\/g>\n<\/svg>        <div class=\"hidden\">Close<\/div>\n      <\/div>\n    <\/div>\n    <div class=\"px-4 py-8 overflow-y-auto max-h-modal md:px-8 modal-content\">\n      <div class=\"mb-8 flex flex-col gap-1.5\">\n                      <h3 class=\"text-xl font-bold\">La convivencia de distintos estilos<\/h3>\n                            <\/div>\n            <p>El interior de la ermita de San Quirc de Durro se ha transformado a lo largo de los siglos y se aprecia la convivencia de diferentes estilos, con el frontal de altar rom\u00e1nico; la imagen de san Quirico, de estilo g\u00f3tico, y santa Julita y el retablo barroco, delante del \u00e1bside.<\/p>\n<p>El frontal rom\u00e1nico, una reproducci\u00f3n del original \u2014conservado en el Museu Nacional d\u2019Art de Catalunya\u2014, est\u00e1 situado frente al altar y est\u00e1 dedicado a los patrones de la ermita, san Quirico y santa Julita, su madre. Representa, con mucha crudeza, los martirios que sufrieron estos santos antes de morir. Puedes ver san Quirico serrado de arriba abajo o recibiendo clavos en la cara a martillazos; y a santa Julita, atravesada por espadas. O a ambos, dentro de una olla hirviendo. \u00a1Dedicarles una ermita parece poco, despu\u00e9s de haber sufrido tanto!  <\/p>\n    <\/div>\n  <\/div>\n<\/div>\n    <\/section>\n\n\n<div class=\"flex flex-col gap-3 element text-block\">\n  <div class=\"flex items-center gap-6\">\n              <h2 class=\"text-2xl font-bold\">6d \u00a1Te esperamos!<\/h2>\n      <\/div>\n    <\/div>\n\n\n<section class=\"element audio-block\">\n  <div class=\"flex flex-col w-full gap-6\">\n    <div class=\"flex flex-col gap-3\">\n      <div class=\"flex gap-6\">\n                          <h2 class=\"text-2xl font-bold\">La visita contin\u00faa<\/h2>\n              <\/div>\n          <\/div>\n    <div class=\"flex items-center justify-end gap-3\">\n              <div class=\"flex-1 audio-content\" dir=\"ltr\">\n          <audio id=\"audio-d74796b6f65ad947279912eacfa0130e\" data-label=\"La visita contin\u00faa\"\n            data-category=\"SANT-QUIRC-DE-DURRO-ES-GENERAL-PLAY-CLOENDA.mp3\" class=\"hidden\" controls\n            src=\"https:\/\/guiesullsdelahistoria.cat\/app\/uploads\/2024\/11\/SANT-QUIRC-DE-DURRO-ES-GENERAL-PLAY-CLOENDA.mp3\"><\/audio>\n          <div class=\"flex items-center w-full gap-3 transition-opacity opacity-0 meta\">\n            <progress class=\"flex-1 border-0 appearance-none\" value=\"0\" max=\"1\"><\/progress>\n            <div class=\"text-sm text-center shrink-0 current-time w-9\"><\/div>\n                      <\/div>\n        <\/div>\n            <div class=\"flex flex-col items-center gap-2 shrink-1 audio-control\">\n        <button\n  class=\"flex items-center justify-center w-32 max-w-32 h-32 max-h-32 transition-[max-height,_max-width] bg-black rounded-full btn text-accent\"\n  data-target=\"#audio-d74796b6f65ad947279912eacfa0130e\">\n  <svg width=\"100%\" height=\"100%\" viewBox=\"0 0 36 36\" version=\"1.1\" xmlns=\"http:\/\/www.w3.org\/2000\/svg\" xmlns:xlink=\"http:\/\/www.w3.org\/1999\/xlink\">\n  <path id=\"ytp-12\" d=\"M11,10 L18,13.74 18,22.28 11,26 M18,13.74 L26,18 26,18 18,22.28\" fill=\"currentColor\">\n    <animate id=\"animation\" begin=\"indefinite\" attributeType=\"XML\" attributeName=\"d\" fill=\"freeze\" from=\"M11,10 L17,10 17,26 11,26 M20,10 L26,10 26,26 20,26\" to=\"M11,10 L18,13.74 18,22.28 11,26 M18,13.74 L26,18 26,18 18,22.28\" dur=\"0.1s\" keySplines=\".4 0 1 1\" repeatCount=\"1\" data-play=\"M11,10 L18,13.74 18,22.28 11,26 M18,13.74 L26,18 26,18 18,22.28\" data-pause=\"M11,10 L17,10 17,26 11,26 M20,10 L26,10 26,26 20,26\"><\/animate>\n  <\/path>\n<\/svg>\n<\/button>\n        <p class=\"text-base text-center\">Escucha<\/p>\n      <\/div>\n    <\/div>\n\n    \n          <div class=\"flex flex-wrap justify-between gap-6 md:justify-start\">\n                  <button data-target=\"#transcription-d74796b6f65ad947279912eacfa0130e\" data-toggle=\"modal\" class=\"flex items-center gap-2\">\n            <svg class=\"w-6 h-6\" fill=\"none\" xmlns=\"http:\/\/www.w3.org\/2000\/svg\" viewBox=\"0 0 22 12\"><path d=\"M0 9.873v-6c0-.55.196-1.02.588-1.412A1.926 1.926 0 0 1 2 1.873h2c.55 0 1.02.196 1.412.588.392.391.588.862.588 1.412v6H4v-2H2v2H0Zm2-4h2v-2H2v2Zm6 4v-8h4c.55 0 1.02.196 1.412.588.392.391.588.862.588 1.412v4c0 .55-.196 1.021-.588 1.413A1.926 1.926 0 0 1 12 9.873H8Zm2-2h2v-4h-2v4Zm6.85.8-1.4-1.425c.183-.183.32-.391.413-.625.091-.233.137-.483.137-.75 0-.283-.046-.537-.137-.762a1.85 1.85 0 0 0-.413-.613l1.4-1.45c.367.367.65.792.85 1.275.2.484.3 1 .3 1.55s-.1 1.063-.3 1.538c-.2.475-.483.896-.85 1.262Zm2.825 2.825-1.45-1.375c.55-.55.983-1.187 1.3-1.912A5.775 5.775 0 0 0 20 5.873c0-.85-.158-1.633-.475-2.35a6.217 6.217 0 0 0-1.3-1.9l1.45-1.4a7.94 7.94 0 0 1 1.712 2.55c.409.967.613 2 .613 3.1s-.204 2.13-.613 3.088a7.977 7.977 0 0 1-1.712 2.537Z\" fill=\"#000\"\/><\/svg>            <span>Transcripci\u00f3n<\/span>\n          <\/button>\n                      <\/div>\n      <\/div>\n\n      <div id=\"transcription-d74796b6f65ad947279912eacfa0130e\"\n  class=\"fixed inset-0 z-50 hidden w-screen h-screen opacity-0 pointer-events-none modal transcription\"\n  tabindex=\"-1\" role=\"dialog\">\n  <div class=\"absolute w-full h-full bg-black opacity-75 modal-overlay\"><\/div>\n  <div\n    class=\"absolute z-30 w-11\/12 mx-auto overflow-y-auto text-black bg-white shadow-lg modal-container center-xy md:max-w-4xl\"\n    role=\"document\">\n    <div class=\"flex items-center justify-between px-4 py-4 text-gray-700 border-b md:px-8\">\n      <h2 class=\"!mb-0 font-bold\">Transcripci\u00f3n<\/h2>\n      <div class=\"z-50 flex flex-col items-center ml-auto cursor-pointer rtl:ml-0 rtl:mr-auto modal-close\">\n        <svg class=\"w-auto h-6\" width=\"18\" height=\"23\" xmlns=\"http:\/\/www.w3.org\/2000\/svg\">\n  <g stroke=\"currentColor\" fill=\"none\" fill-rule=\"evenodd\" stroke-linecap=\"square\">\n    <path d=\"M.7248.974l16.1076 20.6167M16.655 1.2654L.9097 22.1601\" \/>\n  <\/g>\n<\/svg>        <div class=\"hidden\">Close<\/div>\n      <\/div>\n    <\/div>\n    <div class=\"px-4 py-8 overflow-y-auto max-h-modal md:px-8 modal-content\">\n      <div class=\"mb-8 flex flex-col gap-1.5\">\n                      <h3 class=\"text-xl font-bold\">La visita contin\u00faa<\/h3>\n                            <\/div>\n            <p>Aqu\u00ed termina la visita a la iglesia. Ahora te invitamos a conocer las dem\u00e1s, que constituyen el Conjunto Rom\u00e1nico de la Vall de Bo\u00ed. \u00a1Te esperamos!<\/p>\n    <\/div>\n  <\/div>\n<\/div>\n    <\/section>\n\n\n<div class=\"flex flex-col gap-3 element text-block\">\n  <div class=\"flex items-center gap-6\">\n              <h2 class=\"text-2xl font-bold\">Cierre<\/h2>\n      <\/div>\n        <div class=\"prose prose-lg\"><p>\u201c<em>Els Ulls de la Hist\u00f2ria<\/em>. Una mirada inmersiva sobre el patrimonio\u201d es una iniciativa de la Ag\u00e8ncia Catalana del Patrimoni Cultural.<br \/>\nUn proyecto que incorpora otras voces y otras miradas sobre nuestro pasado. Porque todas y todos hacemos historia.<\/p>\n<\/div>\n  <\/div>\n\n<\/div>\n      <\/div>\n    <\/div>\n  <\/section>\n\n\n<section class=\"overflow-hidden section\" id=\"section-69f5c69070d23\" data-title=\"7. Santa Eul\u00e0lia d'Erill la Vall\">\n    <div class=\"container grid grid-cols-1 py-8 md:py-10 max-md:gap-y-8 md:grid-standard\">\n              <div class=\"flex gap-4 md:col-span-5\">\n                                <h2 class=\"text-8 font-headings\">7. Santa Eul\u00e0lia d&#8217;Erill la Vall<\/h2>\n                  <\/div>\n            <div class=\"flex flex-col gap-8 md:col-span-6 md:col-start-7 md:gap-10\">\n        <div class=\"acf-innerblocks-container\">\n<div class=\"flex flex-col gap-3 element text-block\">\n  <div class=\"flex items-center gap-6\">\n              <h2 class=\"text-2xl font-bold\">7a Introducci\u00f3n<\/h2>\n      <\/div>\n    <\/div>\n\n\n<div class=\"flex flex-col gap-6 element image-block\">\n  <div class=\"flex flex-col gap-3\">\n      <\/div>\n      <figure>\n      <img loading=\"lazy\" decoding=\"async\" width=\"1600\" height=\"1182\" src=\"https:\/\/guiesullsdelahistoria.cat\/app\/uploads\/2024\/11\/Santa-Eulalia-general.jpg\" class=\"w-full h-auto\" alt=\"Vista a\u00e9rea de la iglesia de Santa Eul\u00e0lia d\u2019Erill la Vall con algunas casas del pueblo detr\u00e1s y las monta\u00f1as de fondo.\" srcset=\"https:\/\/guiesullsdelahistoria.cat\/app\/uploads\/2024\/11\/Santa-Eulalia-general.jpg 1600w, https:\/\/guiesullsdelahistoria.cat\/app\/uploads\/2024\/11\/Santa-Eulalia-general-300x222.jpg 300w, https:\/\/guiesullsdelahistoria.cat\/app\/uploads\/2024\/11\/Santa-Eulalia-general-1024x756.jpg 1024w, https:\/\/guiesullsdelahistoria.cat\/app\/uploads\/2024\/11\/Santa-Eulalia-general-768x567.jpg 768w, https:\/\/guiesullsdelahistoria.cat\/app\/uploads\/2024\/11\/Santa-Eulalia-general-1536x1135.jpg 1536w\" sizes=\"auto, (max-width: 1600px) 100vw, 1600px\" \/>\n              <figcaption class=\"pt-2 text-gray-800\">Vista a\u00e9rea de Santa Eul\u00e0lia d\u2019Erill la Vall.<\/figcaption>\n          <\/figure>\n  <\/div>\n\n\n<section class=\"element audio-block\">\n  <div class=\"flex flex-col w-full gap-6\">\n    <div class=\"flex flex-col gap-3\">\n      <div class=\"flex gap-6\">\n                          <h2 class=\"text-2xl font-bold\">La Vall de Bo\u00ed y sus iglesias<\/h2>\n              <\/div>\n          <\/div>\n    <div class=\"flex items-center justify-end gap-3\">\n              <div class=\"flex-1 audio-content\" dir=\"ltr\">\n          <audio id=\"audio-ead10953f0b31cf1839a0590dabe7ac5\" data-label=\"La Vall de Bo\u00ed y sus iglesias\"\n            data-category=\"SANTA-EULALIA-D_ERILL-LA-VALL-ES-GENERAL-PLAY-0.mp3\" class=\"hidden\" controls\n            src=\"https:\/\/guiesullsdelahistoria.cat\/app\/uploads\/2024\/11\/SANTA-EULALIA-D_ERILL-LA-VALL-ES-GENERAL-PLAY-0.mp3\"><\/audio>\n          <div class=\"flex items-center w-full gap-3 transition-opacity opacity-0 meta\">\n            <progress class=\"flex-1 border-0 appearance-none\" value=\"0\" max=\"1\"><\/progress>\n            <div class=\"text-sm text-center shrink-0 current-time w-9\"><\/div>\n                      <\/div>\n        <\/div>\n            <div class=\"flex flex-col items-center gap-2 shrink-1 audio-control\">\n        <button\n  class=\"flex items-center justify-center w-32 max-w-32 h-32 max-h-32 transition-[max-height,_max-width] bg-black rounded-full btn text-accent\"\n  data-target=\"#audio-ead10953f0b31cf1839a0590dabe7ac5\">\n  <svg width=\"100%\" height=\"100%\" viewBox=\"0 0 36 36\" version=\"1.1\" xmlns=\"http:\/\/www.w3.org\/2000\/svg\" xmlns:xlink=\"http:\/\/www.w3.org\/1999\/xlink\">\n  <path id=\"ytp-12\" d=\"M11,10 L18,13.74 18,22.28 11,26 M18,13.74 L26,18 26,18 18,22.28\" fill=\"currentColor\">\n    <animate id=\"animation\" begin=\"indefinite\" attributeType=\"XML\" attributeName=\"d\" fill=\"freeze\" from=\"M11,10 L17,10 17,26 11,26 M20,10 L26,10 26,26 20,26\" to=\"M11,10 L18,13.74 18,22.28 11,26 M18,13.74 L26,18 26,18 18,22.28\" dur=\"0.1s\" keySplines=\".4 0 1 1\" repeatCount=\"1\" data-play=\"M11,10 L18,13.74 18,22.28 11,26 M18,13.74 L26,18 26,18 18,22.28\" data-pause=\"M11,10 L17,10 17,26 11,26 M20,10 L26,10 26,26 20,26\"><\/animate>\n  <\/path>\n<\/svg>\n<\/button>\n        <p class=\"text-base text-center\">Escucha<\/p>\n      <\/div>\n    <\/div>\n\n    \n          <div class=\"flex flex-wrap justify-between gap-6 md:justify-start\">\n                  <button data-target=\"#transcription-ead10953f0b31cf1839a0590dabe7ac5\" data-toggle=\"modal\" class=\"flex items-center gap-2\">\n            <svg class=\"w-6 h-6\" fill=\"none\" xmlns=\"http:\/\/www.w3.org\/2000\/svg\" viewBox=\"0 0 22 12\"><path d=\"M0 9.873v-6c0-.55.196-1.02.588-1.412A1.926 1.926 0 0 1 2 1.873h2c.55 0 1.02.196 1.412.588.392.391.588.862.588 1.412v6H4v-2H2v2H0Zm2-4h2v-2H2v2Zm6 4v-8h4c.55 0 1.02.196 1.412.588.392.391.588.862.588 1.412v4c0 .55-.196 1.021-.588 1.413A1.926 1.926 0 0 1 12 9.873H8Zm2-2h2v-4h-2v4Zm6.85.8-1.4-1.425c.183-.183.32-.391.413-.625.091-.233.137-.483.137-.75 0-.283-.046-.537-.137-.762a1.85 1.85 0 0 0-.413-.613l1.4-1.45c.367.367.65.792.85 1.275.2.484.3 1 .3 1.55s-.1 1.063-.3 1.538c-.2.475-.483.896-.85 1.262Zm2.825 2.825-1.45-1.375c.55-.55.983-1.187 1.3-1.912A5.775 5.775 0 0 0 20 5.873c0-.85-.158-1.633-.475-2.35a6.217 6.217 0 0 0-1.3-1.9l1.45-1.4a7.94 7.94 0 0 1 1.712 2.55c.409.967.613 2 .613 3.1s-.204 2.13-.613 3.088a7.977 7.977 0 0 1-1.712 2.537Z\" fill=\"#000\"\/><\/svg>            <span>Transcripci\u00f3n<\/span>\n          <\/button>\n                      <\/div>\n      <\/div>\n\n      <div id=\"transcription-ead10953f0b31cf1839a0590dabe7ac5\"\n  class=\"fixed inset-0 z-50 hidden w-screen h-screen opacity-0 pointer-events-none modal transcription\"\n  tabindex=\"-1\" role=\"dialog\">\n  <div class=\"absolute w-full h-full bg-black opacity-75 modal-overlay\"><\/div>\n  <div\n    class=\"absolute z-30 w-11\/12 mx-auto overflow-y-auto text-black bg-white shadow-lg modal-container center-xy md:max-w-4xl\"\n    role=\"document\">\n    <div class=\"flex items-center justify-between px-4 py-4 text-gray-700 border-b md:px-8\">\n      <h2 class=\"!mb-0 font-bold\">Transcripci\u00f3n<\/h2>\n      <div class=\"z-50 flex flex-col items-center ml-auto cursor-pointer rtl:ml-0 rtl:mr-auto modal-close\">\n        <svg class=\"w-auto h-6\" width=\"18\" height=\"23\" xmlns=\"http:\/\/www.w3.org\/2000\/svg\">\n  <g stroke=\"currentColor\" fill=\"none\" fill-rule=\"evenodd\" stroke-linecap=\"square\">\n    <path d=\"M.7248.974l16.1076 20.6167M16.655 1.2654L.9097 22.1601\" \/>\n  <\/g>\n<\/svg>        <div class=\"hidden\">Close<\/div>\n      <\/div>\n    <\/div>\n    <div class=\"px-4 py-8 overflow-y-auto max-h-modal md:px-8 modal-content\">\n      <div class=\"mb-8 flex flex-col gap-1.5\">\n                      <h3 class=\"text-xl font-bold\">La Vall de Bo\u00ed y sus iglesias<\/h3>\n                            <\/div>\n            <p>Te damos la bienvenida a la Vall de Bo\u00ed y te animamos a conocer su excepcional conjunto de iglesias, consideradas una de las m\u00e1ximas expresiones del arte rom\u00e1nico catal\u00e1n e inscritas en la lista de Patrimonio Mundial por la UNESCO en el a\u00f1o 2000.<br \/>\nEl Conjunto Rom\u00e1nico de la Vall de Bo\u00ed est\u00e1 integrado por nueve iglesias: Sant Climent y Santa Maria de Ta\u00fcll, Sant Joan de Bo\u00ed, Santa Eul\u00e0lia d\u2019Erill la Vall, Sant Feliu de Barruera, la Nativitat y Sant Quirc de Durro, Santa Maria de Cardet y la Assumpci\u00f3 de C\u00f3ll.<br \/>\nPero \u00bfqu\u00e9 tienen en com\u00fan este conjunto de iglesias? \u00bfPor qu\u00e9 son tan singulares? \u00bfCu\u00e1l es su historia?<br \/>\nTodas fueron construidas entre los siglos XI y XII, en un momento de poder y de bonanza econ\u00f3mica de la nobleza local, y comparten un estilo arquitect\u00f3nico, el rom\u00e1nico, muy extendido por toda Europa.<br \/>\nHoy, gran parte de las pinturas, tallas y mobiliario se conservan en varios museos catalanes, sobre todo en el Museu Nacional d\u2019Art de Catalunya. Sin embargo, algunas de las iglesias cuentan con importantes fragmentos de pintura mural y esculturas originales, adem\u00e1s de reproducciones de las que se conservan en los museos.<br \/>\nCon la gu\u00eda que tienes en tus manos, descubrir\u00e1s los valores excepcionales de este conjunto rom\u00e1nico y podr\u00e1s conocer cada una de las nueve iglesias, con sus secretos y curiosidades.<br \/>\n\u00a1Una advertencia final! Estas monta\u00f1as son misteriosas y, en los valles, las palabras de las personas que las han habitado a menudo se quedan atrapadas y resuenan a lo largo del tiempo como un eco imperceptible. Esta gu\u00eda dispone de un sensor que se activa cada vez que capta alguna. No te asustes y sigue escuchando.<\/p>\n    <\/div>\n  <\/div>\n<\/div>\n    <\/section>\n\n\n<div class=\"flex flex-col gap-3 element text-block\">\n  <div class=\"flex items-center gap-6\">\n              <h2 class=\"text-2xl font-bold\">7b \u00c1bside<\/h2>\n      <\/div>\n    <\/div>\n\n\n<div class=\"flex flex-col gap-6 element image-block\">\n  <div class=\"flex flex-col gap-3\">\n      <\/div>\n      <figure>\n      <img loading=\"lazy\" decoding=\"async\" width=\"567\" height=\"851\" src=\"https:\/\/guiesullsdelahistoria.cat\/app\/uploads\/2024\/11\/MG_1536.jpg\" class=\"w-full h-auto\" alt=\"Torre del campanario de la iglesia de Santa Eul\u00e0lia d\u2019Erill la Vall con el cielo al fondo.\" srcset=\"https:\/\/guiesullsdelahistoria.cat\/app\/uploads\/2024\/11\/MG_1536.jpg 567w, https:\/\/guiesullsdelahistoria.cat\/app\/uploads\/2024\/11\/MG_1536-200x300.jpg 200w\" sizes=\"auto, (max-width: 567px) 100vw, 567px\" \/>\n              <figcaption class=\"pt-2 text-gray-800\">Torre del campanario de Santa Eul\u00e0lia d\u2019Erill la Vall.<\/figcaption>\n          <\/figure>\n  <\/div>\n\n\n<section class=\"element audio-block\">\n  <div class=\"flex flex-col w-full gap-6\">\n    <div class=\"flex flex-col gap-3\">\n      <div class=\"flex gap-6\">\n                          <h2 class=\"text-2xl font-bold\">Campanario<\/h2>\n              <\/div>\n          <\/div>\n    <div class=\"flex items-center justify-end gap-3\">\n              <div class=\"flex-1 audio-content\" dir=\"ltr\">\n          <audio id=\"audio-15d46ab6157e715d687f5dce7dca007c\" data-label=\"Campanario\"\n            data-category=\"SANTA-EULALIA-D_ERILL-LA-VALL-ES-GENERAL-PLAY-1.mp3\" class=\"hidden\" controls\n            src=\"https:\/\/guiesullsdelahistoria.cat\/app\/uploads\/2024\/11\/SANTA-EULALIA-D_ERILL-LA-VALL-ES-GENERAL-PLAY-1.mp3\"><\/audio>\n          <div class=\"flex items-center w-full gap-3 transition-opacity opacity-0 meta\">\n            <progress class=\"flex-1 border-0 appearance-none\" value=\"0\" max=\"1\"><\/progress>\n            <div class=\"text-sm text-center shrink-0 current-time w-9\"><\/div>\n                      <\/div>\n        <\/div>\n            <div class=\"flex flex-col items-center gap-2 shrink-1 audio-control\">\n        <button\n  class=\"flex items-center justify-center w-32 max-w-32 h-32 max-h-32 transition-[max-height,_max-width] bg-black rounded-full btn text-accent\"\n  data-target=\"#audio-15d46ab6157e715d687f5dce7dca007c\">\n  <svg width=\"100%\" height=\"100%\" viewBox=\"0 0 36 36\" version=\"1.1\" xmlns=\"http:\/\/www.w3.org\/2000\/svg\" xmlns:xlink=\"http:\/\/www.w3.org\/1999\/xlink\">\n  <path id=\"ytp-12\" d=\"M11,10 L18,13.74 18,22.28 11,26 M18,13.74 L26,18 26,18 18,22.28\" fill=\"currentColor\">\n    <animate id=\"animation\" begin=\"indefinite\" attributeType=\"XML\" attributeName=\"d\" fill=\"freeze\" from=\"M11,10 L17,10 17,26 11,26 M20,10 L26,10 26,26 20,26\" to=\"M11,10 L18,13.74 18,22.28 11,26 M18,13.74 L26,18 26,18 18,22.28\" dur=\"0.1s\" keySplines=\".4 0 1 1\" repeatCount=\"1\" data-play=\"M11,10 L18,13.74 18,22.28 11,26 M18,13.74 L26,18 26,18 18,22.28\" data-pause=\"M11,10 L17,10 17,26 11,26 M20,10 L26,10 26,26 20,26\"><\/animate>\n  <\/path>\n<\/svg>\n<\/button>\n        <p class=\"text-base text-center\">Escucha<\/p>\n      <\/div>\n    <\/div>\n\n    \n          <div class=\"flex flex-wrap justify-between gap-6 md:justify-start\">\n                  <button data-target=\"#transcription-15d46ab6157e715d687f5dce7dca007c\" data-toggle=\"modal\" class=\"flex items-center gap-2\">\n            <svg class=\"w-6 h-6\" fill=\"none\" xmlns=\"http:\/\/www.w3.org\/2000\/svg\" viewBox=\"0 0 22 12\"><path d=\"M0 9.873v-6c0-.55.196-1.02.588-1.412A1.926 1.926 0 0 1 2 1.873h2c.55 0 1.02.196 1.412.588.392.391.588.862.588 1.412v6H4v-2H2v2H0Zm2-4h2v-2H2v2Zm6 4v-8h4c.55 0 1.02.196 1.412.588.392.391.588.862.588 1.412v4c0 .55-.196 1.021-.588 1.413A1.926 1.926 0 0 1 12 9.873H8Zm2-2h2v-4h-2v4Zm6.85.8-1.4-1.425c.183-.183.32-.391.413-.625.091-.233.137-.483.137-.75 0-.283-.046-.537-.137-.762a1.85 1.85 0 0 0-.413-.613l1.4-1.45c.367.367.65.792.85 1.275.2.484.3 1 .3 1.55s-.1 1.063-.3 1.538c-.2.475-.483.896-.85 1.262Zm2.825 2.825-1.45-1.375c.55-.55.983-1.187 1.3-1.912A5.775 5.775 0 0 0 20 5.873c0-.85-.158-1.633-.475-2.35a6.217 6.217 0 0 0-1.3-1.9l1.45-1.4a7.94 7.94 0 0 1 1.712 2.55c.409.967.613 2 .613 3.1s-.204 2.13-.613 3.088a7.977 7.977 0 0 1-1.712 2.537Z\" fill=\"#000\"\/><\/svg>            <span>Transcripci\u00f3n<\/span>\n          <\/button>\n                      <\/div>\n      <\/div>\n\n      <div id=\"transcription-15d46ab6157e715d687f5dce7dca007c\"\n  class=\"fixed inset-0 z-50 hidden w-screen h-screen opacity-0 pointer-events-none modal transcription\"\n  tabindex=\"-1\" role=\"dialog\">\n  <div class=\"absolute w-full h-full bg-black opacity-75 modal-overlay\"><\/div>\n  <div\n    class=\"absolute z-30 w-11\/12 mx-auto overflow-y-auto text-black bg-white shadow-lg modal-container center-xy md:max-w-4xl\"\n    role=\"document\">\n    <div class=\"flex items-center justify-between px-4 py-4 text-gray-700 border-b md:px-8\">\n      <h2 class=\"!mb-0 font-bold\">Transcripci\u00f3n<\/h2>\n      <div class=\"z-50 flex flex-col items-center ml-auto cursor-pointer rtl:ml-0 rtl:mr-auto modal-close\">\n        <svg class=\"w-auto h-6\" width=\"18\" height=\"23\" xmlns=\"http:\/\/www.w3.org\/2000\/svg\">\n  <g stroke=\"currentColor\" fill=\"none\" fill-rule=\"evenodd\" stroke-linecap=\"square\">\n    <path d=\"M.7248.974l16.1076 20.6167M16.655 1.2654L.9097 22.1601\" \/>\n  <\/g>\n<\/svg>        <div class=\"hidden\">Close<\/div>\n      <\/div>\n    <\/div>\n    <div class=\"px-4 py-8 overflow-y-auto max-h-modal md:px-8 modal-content\">\n      <div class=\"mb-8 flex flex-col gap-1.5\">\n                      <h3 class=\"text-xl font-bold\">Campanario<\/h3>\n                            <\/div>\n            <p>En Santa Eul\u00e0lia se encuentra uno de los campanarios m\u00e1s destacados de La Vall, una esbelta torre de planta cuadrada y seis pisos de altura, con la decoraci\u00f3n propia del primer rom\u00e1nico: con arcadas ciegas y frisos de dientes de sierra.<br \/>\nEste campanario est\u00e1 alineado con el de Sant Joan de Bo\u00ed y el de Sant Climent de Ta\u00fcll, y desde esta torre se pod\u00edan ver los otros dos campanarios. Hoy en d\u00eda, los \u00e1rboles que han crecido en los prados impiden verlos.<br \/>\nDesde el punto de vista religioso, la torre era el elemento arquitect\u00f3nico que, simb\u00f3licamente, se elevaba hacia el cielo. Pero tambi\u00e9n ten\u00eda otras funciones: era un punto de vigilancia y serv\u00eda para comunicarse con las dem\u00e1s poblaciones.<br \/>\nAntes de continuar la visita, d\u00e9jate impresionar unos segundos por la contundencia y sobriedad de esta iglesia. Y, si puedes, disfruta del espect\u00e1culo sonoro de las campanas resonando por todo el pueblo: vale la pena.<br \/>\nDespu\u00e9s, dir\u00edgete a donde est\u00e1 la entrada de la iglesia. <\/p>\n    <\/div>\n  <\/div>\n<\/div>\n    <\/section>\n\n\n<div class=\"flex flex-col gap-3 element text-block\">\n  <div class=\"flex items-center gap-6\">\n              <h2 class=\"text-2xl font-bold\">7c Porche<\/h2>\n      <\/div>\n    <\/div>\n\n\n<div class=\"flex flex-col gap-6 element image-block\">\n  <div class=\"flex flex-col gap-3\">\n      <\/div>\n      <figure>\n      <img loading=\"lazy\" decoding=\"async\" width=\"1703\" height=\"2560\" src=\"https:\/\/guiesullsdelahistoria.cat\/app\/uploads\/2024\/11\/Santa_Eulalia_Erill_la_Vall_porxo_llum-scaled.jpg\" class=\"w-full h-auto\" alt=\"Exterior de la iglesia de Santa Eul\u00e0lia d\u2019Erill la Vall al atardecer, con el p\u00f3rtico iluminado y el cementerio en frente.\" srcset=\"https:\/\/guiesullsdelahistoria.cat\/app\/uploads\/2024\/11\/Santa_Eulalia_Erill_la_Vall_porxo_llum-scaled.jpg 1703w, https:\/\/guiesullsdelahistoria.cat\/app\/uploads\/2024\/11\/Santa_Eulalia_Erill_la_Vall_porxo_llum-200x300.jpg 200w, https:\/\/guiesullsdelahistoria.cat\/app\/uploads\/2024\/11\/Santa_Eulalia_Erill_la_Vall_porxo_llum-681x1024.jpg 681w, https:\/\/guiesullsdelahistoria.cat\/app\/uploads\/2024\/11\/Santa_Eulalia_Erill_la_Vall_porxo_llum-768x1155.jpg 768w, https:\/\/guiesullsdelahistoria.cat\/app\/uploads\/2024\/11\/Santa_Eulalia_Erill_la_Vall_porxo_llum-1022x1536.jpg 1022w, https:\/\/guiesullsdelahistoria.cat\/app\/uploads\/2024\/11\/Santa_Eulalia_Erill_la_Vall_porxo_llum-1362x2048.jpg 1362w\" sizes=\"auto, (max-width: 1703px) 100vw, 1703px\" \/>\n              <figcaption class=\"pt-2 text-gray-800\">Vista nocturna de Santa Eul\u00e0lia d\u2019Erill la Vall.<\/figcaption>\n          <\/figure>\n  <\/div>\n\n\n<section class=\"element audio-block\">\n  <div class=\"flex flex-col w-full gap-6\">\n    <div class=\"flex flex-col gap-3\">\n      <div class=\"flex gap-6\">\n                          <h2 class=\"text-2xl font-bold\">Un punto de reuni\u00f3n<\/h2>\n              <\/div>\n          <\/div>\n    <div class=\"flex items-center justify-end gap-3\">\n              <div class=\"flex-1 audio-content\" dir=\"ltr\">\n          <audio id=\"audio-8f6e3fac795266121b8667540cc65d28\" data-label=\"Un punto de reuni\u00f3n\"\n            data-category=\"SANTA-EULALIA-D_ERILL-LA-VALL-ES-GENERAL-PLAY-2.mp3\" class=\"hidden\" controls\n            src=\"https:\/\/guiesullsdelahistoria.cat\/app\/uploads\/2024\/11\/SANTA-EULALIA-D_ERILL-LA-VALL-ES-GENERAL-PLAY-2.mp3\"><\/audio>\n          <div class=\"flex items-center w-full gap-3 transition-opacity opacity-0 meta\">\n            <progress class=\"flex-1 border-0 appearance-none\" value=\"0\" max=\"1\"><\/progress>\n            <div class=\"text-sm text-center shrink-0 current-time w-9\"><\/div>\n                      <\/div>\n        <\/div>\n            <div class=\"flex flex-col items-center gap-2 shrink-1 audio-control\">\n        <button\n  class=\"flex items-center justify-center w-32 max-w-32 h-32 max-h-32 transition-[max-height,_max-width] bg-black rounded-full btn text-accent\"\n  data-target=\"#audio-8f6e3fac795266121b8667540cc65d28\">\n  <svg width=\"100%\" height=\"100%\" viewBox=\"0 0 36 36\" version=\"1.1\" xmlns=\"http:\/\/www.w3.org\/2000\/svg\" xmlns:xlink=\"http:\/\/www.w3.org\/1999\/xlink\">\n  <path id=\"ytp-12\" d=\"M11,10 L18,13.74 18,22.28 11,26 M18,13.74 L26,18 26,18 18,22.28\" fill=\"currentColor\">\n    <animate id=\"animation\" begin=\"indefinite\" attributeType=\"XML\" attributeName=\"d\" fill=\"freeze\" from=\"M11,10 L17,10 17,26 11,26 M20,10 L26,10 26,26 20,26\" to=\"M11,10 L18,13.74 18,22.28 11,26 M18,13.74 L26,18 26,18 18,22.28\" dur=\"0.1s\" keySplines=\".4 0 1 1\" repeatCount=\"1\" data-play=\"M11,10 L18,13.74 18,22.28 11,26 M18,13.74 L26,18 26,18 18,22.28\" data-pause=\"M11,10 L17,10 17,26 11,26 M20,10 L26,10 26,26 20,26\"><\/animate>\n  <\/path>\n<\/svg>\n<\/button>\n        <p class=\"text-base text-center\">Escucha<\/p>\n      <\/div>\n    <\/div>\n\n    \n          <div class=\"flex flex-wrap justify-between gap-6 md:justify-start\">\n                  <button data-target=\"#transcription-8f6e3fac795266121b8667540cc65d28\" data-toggle=\"modal\" class=\"flex items-center gap-2\">\n            <svg class=\"w-6 h-6\" fill=\"none\" xmlns=\"http:\/\/www.w3.org\/2000\/svg\" viewBox=\"0 0 22 12\"><path d=\"M0 9.873v-6c0-.55.196-1.02.588-1.412A1.926 1.926 0 0 1 2 1.873h2c.55 0 1.02.196 1.412.588.392.391.588.862.588 1.412v6H4v-2H2v2H0Zm2-4h2v-2H2v2Zm6 4v-8h4c.55 0 1.02.196 1.412.588.392.391.588.862.588 1.412v4c0 .55-.196 1.021-.588 1.413A1.926 1.926 0 0 1 12 9.873H8Zm2-2h2v-4h-2v4Zm6.85.8-1.4-1.425c.183-.183.32-.391.413-.625.091-.233.137-.483.137-.75 0-.283-.046-.537-.137-.762a1.85 1.85 0 0 0-.413-.613l1.4-1.45c.367.367.65.792.85 1.275.2.484.3 1 .3 1.55s-.1 1.063-.3 1.538c-.2.475-.483.896-.85 1.262Zm2.825 2.825-1.45-1.375c.55-.55.983-1.187 1.3-1.912A5.775 5.775 0 0 0 20 5.873c0-.85-.158-1.633-.475-2.35a6.217 6.217 0 0 0-1.3-1.9l1.45-1.4a7.94 7.94 0 0 1 1.712 2.55c.409.967.613 2 .613 3.1s-.204 2.13-.613 3.088a7.977 7.977 0 0 1-1.712 2.537Z\" fill=\"#000\"\/><\/svg>            <span>Transcripci\u00f3n<\/span>\n          <\/button>\n                      <\/div>\n      <\/div>\n\n      <div id=\"transcription-8f6e3fac795266121b8667540cc65d28\"\n  class=\"fixed inset-0 z-50 hidden w-screen h-screen opacity-0 pointer-events-none modal transcription\"\n  tabindex=\"-1\" role=\"dialog\">\n  <div class=\"absolute w-full h-full bg-black opacity-75 modal-overlay\"><\/div>\n  <div\n    class=\"absolute z-30 w-11\/12 mx-auto overflow-y-auto text-black bg-white shadow-lg modal-container center-xy md:max-w-4xl\"\n    role=\"document\">\n    <div class=\"flex items-center justify-between px-4 py-4 text-gray-700 border-b md:px-8\">\n      <h2 class=\"!mb-0 font-bold\">Transcripci\u00f3n<\/h2>\n      <div class=\"z-50 flex flex-col items-center ml-auto cursor-pointer rtl:ml-0 rtl:mr-auto modal-close\">\n        <svg class=\"w-auto h-6\" width=\"18\" height=\"23\" xmlns=\"http:\/\/www.w3.org\/2000\/svg\">\n  <g stroke=\"currentColor\" fill=\"none\" fill-rule=\"evenodd\" stroke-linecap=\"square\">\n    <path d=\"M.7248.974l16.1076 20.6167M16.655 1.2654L.9097 22.1601\" \/>\n  <\/g>\n<\/svg>        <div class=\"hidden\">Close<\/div>\n      <\/div>\n    <\/div>\n    <div class=\"px-4 py-8 overflow-y-auto max-h-modal md:px-8 modal-content\">\n      <div class=\"mb-8 flex flex-col gap-1.5\">\n                      <h3 class=\"text-xl font-bold\">Un punto de reuni\u00f3n<\/h3>\n                            <\/div>\n            <p>La iglesia, al igual que el campanario, ten\u00eda una doble funci\u00f3n: social y religiosa.<br \/>\nLa entrada y salida del templo siempre ha sido un punto importante de reuni\u00f3n de la poblaci\u00f3n; por eso, una de las funciones del p\u00f3rtico en el que est\u00e1s era proteger a los feligreses de las inclemencias meteorol\u00f3gicas mientras esperaban. Pero tambi\u00e9n pod\u00eda ser un lugar de parada de las procesiones, un espacio en el que celebrar actos lit\u00fargicos y sociales, por ejemplo, juicios. El p\u00f3rtico, adem\u00e1s, ten\u00eda una funci\u00f3n simb\u00f3lica: era el espacio de transici\u00f3n entre la vida cotidiana y la entrada en la casa de Dios. En la parte interior del arco de la puerta, llamada intrad\u00f3s, se puede ver la representaci\u00f3n de dos serpientes enfrentadas: una clara advertencia del pecado. En este arco tambi\u00e9n quedan restos de la pintura original, en tonos rojos y negros. Y, si te fijas bien, ver\u00e1s un grafiti antiguo con un peque\u00f1o pez.<br \/>\nA\u00fan en el p\u00f3rtico, a ambos lados de la puerta, podr\u00e1s observar dos piedras con unos curiosos dibujos trazados en color blanco: una especie de cruz de tres puntas a la izquierda y una estrella a la derecha. Son dibujos realizados en el proceso de sacralizaci\u00f3n de la iglesia para protegerla del mal.<br \/>\nEn este mismo muro, a la izquierda, quedan restos del encintado, una cuadr\u00edcula blanca que se pintaba sobre las piedras para simular una simetr\u00eda que la construcci\u00f3n real no ten\u00eda. Tambi\u00e9n lo podr\u00e1s ver en el interior de la iglesia.<br \/>\nAhora ya puedes entrar.<\/p>\n    <\/div>\n  <\/div>\n<\/div>\n    <\/section>\n\n\n<div class=\"flex flex-col gap-3 element text-block\">\n  <div class=\"flex items-center gap-6\">\n              <h2 class=\"text-2xl font-bold\">7d Altar<\/h2>\n      <\/div>\n    <\/div>\n\n\n<div class=\"flex flex-col gap-6 element image-block\">\n  <div class=\"flex flex-col gap-3\">\n      <\/div>\n      <figure>\n      <img loading=\"lazy\" decoding=\"async\" width=\"1600\" height=\"1200\" src=\"https:\/\/guiesullsdelahistoria.cat\/app\/uploads\/2024\/11\/vall-de-boi-2_0057-copia_1.jpg\" class=\"w-full h-auto\" alt=\"Interior de la iglesia de Santa Eul\u00e0lia d\u2019Erill la Vall visto desde el coro con el conjunto escult\u00f3rico del Descendimiento de la cruz al fondo.\" srcset=\"https:\/\/guiesullsdelahistoria.cat\/app\/uploads\/2024\/11\/vall-de-boi-2_0057-copia_1.jpg 1600w, https:\/\/guiesullsdelahistoria.cat\/app\/uploads\/2024\/11\/vall-de-boi-2_0057-copia_1-300x225.jpg 300w, https:\/\/guiesullsdelahistoria.cat\/app\/uploads\/2024\/11\/vall-de-boi-2_0057-copia_1-1024x768.jpg 1024w, https:\/\/guiesullsdelahistoria.cat\/app\/uploads\/2024\/11\/vall-de-boi-2_0057-copia_1-768x576.jpg 768w, https:\/\/guiesullsdelahistoria.cat\/app\/uploads\/2024\/11\/vall-de-boi-2_0057-copia_1-1536x1152.jpg 1536w\" sizes=\"auto, (max-width: 1600px) 100vw, 1600px\" \/>\n              <figcaption class=\"pt-2 text-gray-800\">Interior de Santa Eul\u00e0lia d\u2019Erill la Vall visto desde el coro.<\/figcaption>\n          <\/figure>\n  <\/div>\n\n\n<section class=\"element audio-block\">\n  <div class=\"flex flex-col w-full gap-6\">\n    <div class=\"flex flex-col gap-3\">\n      <div class=\"flex gap-6\">\n                          <h2 class=\"text-2xl font-bold\">Los varios momentos constructivos<\/h2>\n              <\/div>\n          <\/div>\n    <div class=\"flex items-center justify-end gap-3\">\n              <div class=\"flex-1 audio-content\" dir=\"ltr\">\n          <audio id=\"audio-555012427d2b4492dc536d87971f9c2b\" data-label=\"Los varios momentos constructivos\"\n            data-category=\"SANTA-EULALIA-D_ERILL-LA-VALL-ES-GENERAL-PLAY-3.mp3\" class=\"hidden\" controls\n            src=\"https:\/\/guiesullsdelahistoria.cat\/app\/uploads\/2024\/11\/SANTA-EULALIA-D_ERILL-LA-VALL-ES-GENERAL-PLAY-3.mp3\"><\/audio>\n          <div class=\"flex items-center w-full gap-3 transition-opacity opacity-0 meta\">\n            <progress class=\"flex-1 border-0 appearance-none\" value=\"0\" max=\"1\"><\/progress>\n            <div class=\"text-sm text-center shrink-0 current-time w-9\"><\/div>\n                      <\/div>\n        <\/div>\n            <div class=\"flex flex-col items-center gap-2 shrink-1 audio-control\">\n        <button\n  class=\"flex items-center justify-center w-32 max-w-32 h-32 max-h-32 transition-[max-height,_max-width] bg-black rounded-full btn text-accent\"\n  data-target=\"#audio-555012427d2b4492dc536d87971f9c2b\">\n  <svg width=\"100%\" height=\"100%\" viewBox=\"0 0 36 36\" version=\"1.1\" xmlns=\"http:\/\/www.w3.org\/2000\/svg\" xmlns:xlink=\"http:\/\/www.w3.org\/1999\/xlink\">\n  <path id=\"ytp-12\" d=\"M11,10 L18,13.74 18,22.28 11,26 M18,13.74 L26,18 26,18 18,22.28\" fill=\"currentColor\">\n    <animate id=\"animation\" begin=\"indefinite\" attributeType=\"XML\" attributeName=\"d\" fill=\"freeze\" from=\"M11,10 L17,10 17,26 11,26 M20,10 L26,10 26,26 20,26\" to=\"M11,10 L18,13.74 18,22.28 11,26 M18,13.74 L26,18 26,18 18,22.28\" dur=\"0.1s\" keySplines=\".4 0 1 1\" repeatCount=\"1\" data-play=\"M11,10 L18,13.74 18,22.28 11,26 M18,13.74 L26,18 26,18 18,22.28\" data-pause=\"M11,10 L17,10 17,26 11,26 M20,10 L26,10 26,26 20,26\"><\/animate>\n  <\/path>\n<\/svg>\n<\/button>\n        <p class=\"text-base text-center\">Escucha<\/p>\n      <\/div>\n    <\/div>\n\n    \n          <div class=\"flex flex-wrap justify-between gap-6 md:justify-start\">\n                  <button data-target=\"#transcription-555012427d2b4492dc536d87971f9c2b\" data-toggle=\"modal\" class=\"flex items-center gap-2\">\n            <svg class=\"w-6 h-6\" fill=\"none\" xmlns=\"http:\/\/www.w3.org\/2000\/svg\" viewBox=\"0 0 22 12\"><path d=\"M0 9.873v-6c0-.55.196-1.02.588-1.412A1.926 1.926 0 0 1 2 1.873h2c.55 0 1.02.196 1.412.588.392.391.588.862.588 1.412v6H4v-2H2v2H0Zm2-4h2v-2H2v2Zm6 4v-8h4c.55 0 1.02.196 1.412.588.392.391.588.862.588 1.412v4c0 .55-.196 1.021-.588 1.413A1.926 1.926 0 0 1 12 9.873H8Zm2-2h2v-4h-2v4Zm6.85.8-1.4-1.425c.183-.183.32-.391.413-.625.091-.233.137-.483.137-.75 0-.283-.046-.537-.137-.762a1.85 1.85 0 0 0-.413-.613l1.4-1.45c.367.367.65.792.85 1.275.2.484.3 1 .3 1.55s-.1 1.063-.3 1.538c-.2.475-.483.896-.85 1.262Zm2.825 2.825-1.45-1.375c.55-.55.983-1.187 1.3-1.912A5.775 5.775 0 0 0 20 5.873c0-.85-.158-1.633-.475-2.35a6.217 6.217 0 0 0-1.3-1.9l1.45-1.4a7.94 7.94 0 0 1 1.712 2.55c.409.967.613 2 .613 3.1s-.204 2.13-.613 3.088a7.977 7.977 0 0 1-1.712 2.537Z\" fill=\"#000\"\/><\/svg>            <span>Transcripci\u00f3n<\/span>\n          <\/button>\n                      <\/div>\n      <\/div>\n\n      <div id=\"transcription-555012427d2b4492dc536d87971f9c2b\"\n  class=\"fixed inset-0 z-50 hidden w-screen h-screen opacity-0 pointer-events-none modal transcription\"\n  tabindex=\"-1\" role=\"dialog\">\n  <div class=\"absolute w-full h-full bg-black opacity-75 modal-overlay\"><\/div>\n  <div\n    class=\"absolute z-30 w-11\/12 mx-auto overflow-y-auto text-black bg-white shadow-lg modal-container center-xy md:max-w-4xl\"\n    role=\"document\">\n    <div class=\"flex items-center justify-between px-4 py-4 text-gray-700 border-b md:px-8\">\n      <h2 class=\"!mb-0 font-bold\">Transcripci\u00f3n<\/h2>\n      <div class=\"z-50 flex flex-col items-center ml-auto cursor-pointer rtl:ml-0 rtl:mr-auto modal-close\">\n        <svg class=\"w-auto h-6\" width=\"18\" height=\"23\" xmlns=\"http:\/\/www.w3.org\/2000\/svg\">\n  <g stroke=\"currentColor\" fill=\"none\" fill-rule=\"evenodd\" stroke-linecap=\"square\">\n    <path d=\"M.7248.974l16.1076 20.6167M16.655 1.2654L.9097 22.1601\" \/>\n  <\/g>\n<\/svg>        <div class=\"hidden\">Close<\/div>\n      <\/div>\n    <\/div>\n    <div class=\"px-4 py-8 overflow-y-auto max-h-modal md:px-8 modal-content\">\n      <div class=\"mb-8 flex flex-col gap-1.5\">\n                      <h3 class=\"text-xl font-bold\">Los varios momentos constructivos<\/h3>\n                            <\/div>\n            <p>Desde donde est\u00e1s ahora, puedes observar claramente la forma de cruz que tiene la planta de la iglesia, con la cabecera en forma de tr\u00e9bol, formada por el \u00e1bside principal, pintado de blanco; los \u00e1bsides secundarios, en los laterales; y la nave, que completa la figura.<br \/>\nTe habr\u00e1s dado cuenta de que el suelo de la iglesia hace bajada; se ha mantenido as\u00ed porque el pavimento original ya ten\u00eda esa pendiente, lo cual puede comprobarse con las distintas alturas de los restos de los pilares.<br \/>\nEn el siglo XII, se ampli\u00f3 la nave y se construyeron el campanario y el p\u00f3rtico. Tambi\u00e9n en aquella \u00e9poca, cayeron accidentalmente la b\u00f3veda y la fachada, y se hizo la primera reconstrucci\u00f3n.<br \/>\nEn el siglo XVI, se construy\u00f3 un retablo encajado en el \u00e1bside central, se a\u00f1adi\u00f3 el coro y una parte del p\u00f3rtico exterior se reconvirti\u00f3 en capilla.<br \/>\nEl retablo del \u00e1bside central se desmont\u00f3 entre 1907 y 1911 para construir una sacrist\u00eda. La restauraci\u00f3n moderna, llevada a cabo a finales del siglo XX, devolvi\u00f3 al \u00e1bside su aspecto original.<br \/>\nPara continuar con la visita, sube al coro que est\u00e1 al final de la nave. <\/p>\n    <\/div>\n  <\/div>\n<\/div>\n    <\/section>\n\n\n<div class=\"flex flex-col gap-3 element text-block\">\n  <div class=\"flex items-center gap-6\">\n              <h2 class=\"text-2xl font-bold\">7e Cor<\/h2>\n      <\/div>\n    <\/div>\n\n\n<div class=\"flex flex-col gap-6 element image-block\">\n  <div class=\"flex flex-col gap-3\">\n      <\/div>\n      <figure>\n      <img loading=\"lazy\" decoding=\"async\" width=\"1426\" height=\"948\" src=\"https:\/\/guiesullsdelahistoria.cat\/app\/uploads\/2024\/11\/Santa_Eulalia_Erill_la_Vall_Davallament_DSC2390.jpg\" class=\"w-full h-auto\" alt=\"Grupo escult\u00f3rico del Descendimiento de la cruz de Erill, dentro de la iglesia de Santa Eul\u00e0lia de Erill la Vall.\" srcset=\"https:\/\/guiesullsdelahistoria.cat\/app\/uploads\/2024\/11\/Santa_Eulalia_Erill_la_Vall_Davallament_DSC2390.jpg 1426w, https:\/\/guiesullsdelahistoria.cat\/app\/uploads\/2024\/11\/Santa_Eulalia_Erill_la_Vall_Davallament_DSC2390-300x199.jpg 300w, https:\/\/guiesullsdelahistoria.cat\/app\/uploads\/2024\/11\/Santa_Eulalia_Erill_la_Vall_Davallament_DSC2390-1024x681.jpg 1024w, https:\/\/guiesullsdelahistoria.cat\/app\/uploads\/2024\/11\/Santa_Eulalia_Erill_la_Vall_Davallament_DSC2390-768x511.jpg 768w\" sizes=\"auto, (max-width: 1426px) 100vw, 1426px\" \/>\n              <figcaption class=\"pt-2 text-gray-800\"><em>Descendimiento de la cruz<\/em> de Erill la Vall.<\/figcaption>\n          <\/figure>\n  <\/div>\n\n\n<section class=\"element audio-block\">\n  <div class=\"flex flex-col w-full gap-6\">\n    <div class=\"flex flex-col gap-3\">\n      <div class=\"flex gap-6\">\n                          <h2 class=\"text-2xl font-bold\"><em>Descendimiento de la cruz<\/em> de Erill la Vall<\/h2>\n              <\/div>\n          <\/div>\n    <div class=\"flex items-center justify-end gap-3\">\n              <div class=\"flex-1 audio-content\" dir=\"ltr\">\n          <audio id=\"audio-fb7cfca3b50d66d120ad959a5444a17e\" data-label=\"Descendimiento de la cruz de Erill la Vall\"\n            data-category=\"SANTA-EULALIA-D_ERILL-LA-VALL-ES-GENERAL-PLAY-4.mp3\" class=\"hidden\" controls\n            src=\"https:\/\/guiesullsdelahistoria.cat\/app\/uploads\/2024\/11\/SANTA-EULALIA-D_ERILL-LA-VALL-ES-GENERAL-PLAY-4.mp3\"><\/audio>\n          <div class=\"flex items-center w-full gap-3 transition-opacity opacity-0 meta\">\n            <progress class=\"flex-1 border-0 appearance-none\" value=\"0\" max=\"1\"><\/progress>\n            <div class=\"text-sm text-center shrink-0 current-time w-9\"><\/div>\n                      <\/div>\n        <\/div>\n            <div class=\"flex flex-col items-center gap-2 shrink-1 audio-control\">\n        <button\n  class=\"flex items-center justify-center w-32 max-w-32 h-32 max-h-32 transition-[max-height,_max-width] bg-black rounded-full btn text-accent\"\n  data-target=\"#audio-fb7cfca3b50d66d120ad959a5444a17e\">\n  <svg width=\"100%\" height=\"100%\" viewBox=\"0 0 36 36\" version=\"1.1\" xmlns=\"http:\/\/www.w3.org\/2000\/svg\" xmlns:xlink=\"http:\/\/www.w3.org\/1999\/xlink\">\n  <path id=\"ytp-12\" d=\"M11,10 L18,13.74 18,22.28 11,26 M18,13.74 L26,18 26,18 18,22.28\" fill=\"currentColor\">\n    <animate id=\"animation\" begin=\"indefinite\" attributeType=\"XML\" attributeName=\"d\" fill=\"freeze\" from=\"M11,10 L17,10 17,26 11,26 M20,10 L26,10 26,26 20,26\" to=\"M11,10 L18,13.74 18,22.28 11,26 M18,13.74 L26,18 26,18 18,22.28\" dur=\"0.1s\" keySplines=\".4 0 1 1\" repeatCount=\"1\" data-play=\"M11,10 L18,13.74 18,22.28 11,26 M18,13.74 L26,18 26,18 18,22.28\" data-pause=\"M11,10 L17,10 17,26 11,26 M20,10 L26,10 26,26 20,26\"><\/animate>\n  <\/path>\n<\/svg>\n<\/button>\n        <p class=\"text-base text-center\">Escucha<\/p>\n      <\/div>\n    <\/div>\n\n    \n          <div class=\"flex flex-wrap justify-between gap-6 md:justify-start\">\n                  <button data-target=\"#transcription-fb7cfca3b50d66d120ad959a5444a17e\" data-toggle=\"modal\" class=\"flex items-center gap-2\">\n            <svg class=\"w-6 h-6\" fill=\"none\" xmlns=\"http:\/\/www.w3.org\/2000\/svg\" viewBox=\"0 0 22 12\"><path d=\"M0 9.873v-6c0-.55.196-1.02.588-1.412A1.926 1.926 0 0 1 2 1.873h2c.55 0 1.02.196 1.412.588.392.391.588.862.588 1.412v6H4v-2H2v2H0Zm2-4h2v-2H2v2Zm6 4v-8h4c.55 0 1.02.196 1.412.588.392.391.588.862.588 1.412v4c0 .55-.196 1.021-.588 1.413A1.926 1.926 0 0 1 12 9.873H8Zm2-2h2v-4h-2v4Zm6.85.8-1.4-1.425c.183-.183.32-.391.413-.625.091-.233.137-.483.137-.75 0-.283-.046-.537-.137-.762a1.85 1.85 0 0 0-.413-.613l1.4-1.45c.367.367.65.792.85 1.275.2.484.3 1 .3 1.55s-.1 1.063-.3 1.538c-.2.475-.483.896-.85 1.262Zm2.825 2.825-1.45-1.375c.55-.55.983-1.187 1.3-1.912A5.775 5.775 0 0 0 20 5.873c0-.85-.158-1.633-.475-2.35a6.217 6.217 0 0 0-1.3-1.9l1.45-1.4a7.94 7.94 0 0 1 1.712 2.55c.409.967.613 2 .613 3.1s-.204 2.13-.613 3.088a7.977 7.977 0 0 1-1.712 2.537Z\" fill=\"#000\"\/><\/svg>            <span>Transcripci\u00f3n<\/span>\n          <\/button>\n                      <\/div>\n      <\/div>\n\n      <div id=\"transcription-fb7cfca3b50d66d120ad959a5444a17e\"\n  class=\"fixed inset-0 z-50 hidden w-screen h-screen opacity-0 pointer-events-none modal transcription\"\n  tabindex=\"-1\" role=\"dialog\">\n  <div class=\"absolute w-full h-full bg-black opacity-75 modal-overlay\"><\/div>\n  <div\n    class=\"absolute z-30 w-11\/12 mx-auto overflow-y-auto text-black bg-white shadow-lg modal-container center-xy md:max-w-4xl\"\n    role=\"document\">\n    <div class=\"flex items-center justify-between px-4 py-4 text-gray-700 border-b md:px-8\">\n      <h2 class=\"!mb-0 font-bold\">Transcripci\u00f3n<\/h2>\n      <div class=\"z-50 flex flex-col items-center ml-auto cursor-pointer rtl:ml-0 rtl:mr-auto modal-close\">\n        <svg class=\"w-auto h-6\" width=\"18\" height=\"23\" xmlns=\"http:\/\/www.w3.org\/2000\/svg\">\n  <g stroke=\"currentColor\" fill=\"none\" fill-rule=\"evenodd\" stroke-linecap=\"square\">\n    <path d=\"M.7248.974l16.1076 20.6167M16.655 1.2654L.9097 22.1601\" \/>\n  <\/g>\n<\/svg>        <div class=\"hidden\">Close<\/div>\n      <\/div>\n    <\/div>\n    <div class=\"px-4 py-8 overflow-y-auto max-h-modal md:px-8 modal-content\">\n      <div class=\"mb-8 flex flex-col gap-1.5\">\n                      <h3 class=\"text-xl font-bold\"><em>Descendimiento de la cruz<\/em> de Erill la Vall<\/h3>\n                            <\/div>\n            <p>Est\u00e1s en el coro. Como ya sabes, esta pieza es un a\u00f1adido del siglo xvi, que se construy\u00f3 para que se situaran el clero y los cantores. Desde la parte de delante del balc\u00f3n, puedes observar perfectamente el conjunto escult\u00f3rico de madera que hay sobre el altar. Se trata de la reproducci\u00f3n del Descendimiento de la cruz de Erill la Vall, el \u00fanico que se conserva completo del llamado taller de Erill.<\/p>\n<p>De izquierda a derecha, las figuras son: Dimas (el buen ladr\u00f3n), la Virgen Mar\u00eda, Jos\u00e9 de Arimatea, Cristo, Nicodemo, san Juan y Gestas (el mal ladr\u00f3n).<br \/>\nLa escena muestra la bajada de Cristo de la cruz, y est\u00e1 cargada de dramatismo. Esta representaci\u00f3n puede inspirarse en el teatro lit\u00fargico que se interpretaba durante la celebraci\u00f3n de la Semana Santa.<br \/>\nEn las iglesias de la Nativitat de Durro y de Santa Maria de Ta\u00fcll se conservan partes de otros descendimientos. <\/p>\n<p>Las figuras de este conjunto son reproducciones realizadas a partir de las tallas que se conservan en Museu Episcopal de Vic y en el Museu Nacional d\u2019Art de Catalunya. Las figuras originales fueron halladas en muy mal estado de conservaci\u00f3n en un cuartito adosado al muro exterior de la iglesia.<br \/>\nEn el recurso virtual de realidad aumentada puedes ver el Descendimiento tal y como era originalmente.<\/p>\n    <\/div>\n  <\/div>\n<\/div>\n    <\/section>\n\n\n<div class=\"flex flex-col gap-3 element interactive-block\">\n  <div class=\"flex items-center gap-6\">\n              <h2 class=\"text-2xl font-bold\">Recurso virtual: Realidad aumentada con el policromado del <em>Descendimiento<\/em><\/h2>\n      <\/div>\n          <div class=\"flex justify-end w-full\">\n      <div class=\"flex flex-col items-center gap-2 shrink-1\">\n        <button data-target=\"#embed-69f5c6906abab\" data-toggle=\"modal\"\n          class=\"flex items-center justify-center w-32 h-32 bg-black rounded-full text-accent\">\n          <svg class=\"w-16 h-auto\" width=\"60\" height=\"61\" viewBox=\"0 0 60 61\" fill=\"none\" xmlns=\"http:\/\/www.w3.org\/2000\/svg\">\n  <path\n    d=\"M27 53.298L12 44.673C11.05 44.1231 10.3125 43.398 9.7875 42.498C9.2625 41.598 9 40.598 9 39.498V22.248C9 21.148 9.2625 20.148 9.7875 19.248C10.3125 18.348 11.05 17.623 12 17.073L27 8.44805C27.95 7.89805 28.95 7.62305 30 7.62305C31.05 7.62305 32.05 7.89805 33 8.44805L48 17.073C48.95 17.623 49.6875 18.348 50.2125 19.248C50.7375 20.148 51 21.148 51 22.248V39.498C51 40.598 50.7375 41.598 50.2125 42.498C49.6875 43.398 48.95 44.1231 48 44.673L33 53.298C32.05 53.848 31.05 54.123 30 54.123C28.95 54.123 27.95 53.848 27 53.298ZM27 46.398V32.598L15 25.623V39.498L27 46.398ZM33 46.398L45 39.498V25.623L33 32.598V46.398ZM0 15.873V6.87305C0 5.22305 0.5875 3.81055 1.7625 2.63555C2.9375 1.46055 4.35 0.873047 6 0.873047H15V6.87305H6V15.873H0ZM15 60.873H6C4.35 60.873 2.9375 60.2855 1.7625 59.1105C0.5875 57.9355 0 56.523 0 54.873V45.8731H6V54.873H15V60.873ZM45 60.873V54.873H54V45.8731H60V54.873C60 56.523 59.4125 57.9355 58.2375 59.1105C57.0625 60.2855 55.65 60.873 54 60.873H45ZM54 15.873V6.87305H45V0.873047H54C55.65 0.873047 57.0625 1.46055 58.2375 2.63555C59.4125 3.81055 60 5.22305 60 6.87305V15.873H54ZM30 27.423L41.85 20.448L30 13.623L18.15 20.448L30 27.423Z\"\n    fill=\"currentColor\" \/>\n<\/svg>\n        <\/button>\n                  <p class=\"text-base text-center\">Mira<\/p>\n              <\/div>\n    <\/div>\n    <div id=\"embed-69f5c6906abab\"\n  class=\"fixed inset-0 z-50 hidden w-screen h-screen opacity-0 pointer-events-none modal embed-container\"\n  tabindex=\"-1\" role=\"dialog\">\n  <div class=\"absolute w-full h-full bg-black opacity-75 modal-overlay\"><\/div>\n  <div\n    class=\"absolute z-30 w-11\/12 mx-auto overflow-y-auto text-black bg-white shadow-lg modal-container center-xy md:max-w-4xl\"\n    role=\"document\">\n    <div class=\"flex items-center justify-between px-4 py-4 text-gray-700 border-b md:px-8\">\n      <h2 class=\"!mb-0 font-bold\">Mira<\/h2>\n      <div class=\"z-50 flex flex-col items-center ml-auto cursor-pointer rtl:ml-0 rtl:mr-auto modal-close\">\n        <svg class=\"w-auto h-6\" width=\"18\" height=\"23\" xmlns=\"http:\/\/www.w3.org\/2000\/svg\">\n  <g stroke=\"currentColor\" fill=\"none\" fill-rule=\"evenodd\" stroke-linecap=\"square\">\n    <path d=\"M.7248.974l16.1076 20.6167M16.655 1.2654L.9097 22.1601\" \/>\n  <\/g>\n<\/svg>        <div class=\"hidden\">Close<\/div>\n      <\/div>\n    <\/div>\n    <div class=\"px-4 py-8 overflow-y-auto max-h-modal md:px-8 modal-content\">\n      <div class=\"sketchfab-embed-wrapper\"> <iframe title=\"Davallament d'Erill. Reconstrucci\u00f3 hipot\u00e8tica\" frameborder=\"0\" allowfullscreen mozallowfullscreen=\"true\" webkitallowfullscreen=\"true\" allow=\"autoplay; fullscreen; xr-spatial-tracking\" xr-spatial-tracking execution-while-out-of-viewport execution-while-not-rendered web-share src=\"https:\/\/sketchfab.com\/models\/b27cbe2cf1c24b6181707c2af555950e\/embed?ui_infos=0\"> <\/iframe> <\/div>\n    <\/div>\n  <\/div>\n<\/div>\n  <\/div>\n\n\n<div class=\"flex flex-col gap-3 element text-block\">\n  <div class=\"flex items-center gap-6\">\n              <h2 class=\"text-2xl font-bold\">7f El coro<\/h2>\n      <\/div>\n    <\/div>\n\n\n<div class=\"flex flex-col gap-6 element image-block\">\n  <div class=\"flex flex-col gap-3\">\n      <\/div>\n      <figure>\n      <img loading=\"lazy\" decoding=\"async\" width=\"1600\" height=\"1287\" src=\"https:\/\/guiesullsdelahistoria.cat\/app\/uploads\/2024\/11\/Santa_Eulalia_Erill_la_Vall_cor_retaules.jpeg\" class=\"w-full h-auto\" alt=\"Retablos de distintas \u00e9pocas expuestos en el coro de la iglesia de Santa Eul\u00e0lia d\u2019Erill la Vall.\" srcset=\"https:\/\/guiesullsdelahistoria.cat\/app\/uploads\/2024\/11\/Santa_Eulalia_Erill_la_Vall_cor_retaules.jpeg 1600w, https:\/\/guiesullsdelahistoria.cat\/app\/uploads\/2024\/11\/Santa_Eulalia_Erill_la_Vall_cor_retaules-300x241.jpeg 300w, https:\/\/guiesullsdelahistoria.cat\/app\/uploads\/2024\/11\/Santa_Eulalia_Erill_la_Vall_cor_retaules-1024x824.jpeg 1024w, https:\/\/guiesullsdelahistoria.cat\/app\/uploads\/2024\/11\/Santa_Eulalia_Erill_la_Vall_cor_retaules-768x618.jpeg 768w, https:\/\/guiesullsdelahistoria.cat\/app\/uploads\/2024\/11\/Santa_Eulalia_Erill_la_Vall_cor_retaules-1536x1236.jpeg 1536w\" sizes=\"auto, (max-width: 1600px) 100vw, 1600px\" \/>\n              <figcaption class=\"pt-2 text-gray-800\">Retablos de distintas \u00e9pocas en Santa Eul\u00e0lia d\u2019Erill la Vall.<\/figcaption>\n          <\/figure>\n  <\/div>\n\n\n<section class=\"element audio-block\">\n  <div class=\"flex flex-col w-full gap-6\">\n    <div class=\"flex flex-col gap-3\">\n      <div class=\"flex gap-6\">\n                          <h2 class=\"text-2xl font-bold\">Los retablos<\/h2>\n              <\/div>\n          <\/div>\n    <div class=\"flex items-center justify-end gap-3\">\n              <div class=\"flex-1 audio-content\" dir=\"ltr\">\n          <audio id=\"audio-d2b35a41e7f927c6dfea6dda3f676eff\" data-label=\"Los retablos\"\n            data-category=\"SANTA-EULALIA-D_ERILL-LA-VALL-ES-GENERAL-PLAY-5.mp3\" class=\"hidden\" controls\n            src=\"https:\/\/guiesullsdelahistoria.cat\/app\/uploads\/2024\/11\/SANTA-EULALIA-D_ERILL-LA-VALL-ES-GENERAL-PLAY-5.mp3\"><\/audio>\n          <div class=\"flex items-center w-full gap-3 transition-opacity opacity-0 meta\">\n            <progress class=\"flex-1 border-0 appearance-none\" value=\"0\" max=\"1\"><\/progress>\n            <div class=\"text-sm text-center shrink-0 current-time w-9\"><\/div>\n                      <\/div>\n        <\/div>\n            <div class=\"flex flex-col items-center gap-2 shrink-1 audio-control\">\n        <button\n  class=\"flex items-center justify-center w-32 max-w-32 h-32 max-h-32 transition-[max-height,_max-width] bg-black rounded-full btn text-accent\"\n  data-target=\"#audio-d2b35a41e7f927c6dfea6dda3f676eff\">\n  <svg width=\"100%\" height=\"100%\" viewBox=\"0 0 36 36\" version=\"1.1\" xmlns=\"http:\/\/www.w3.org\/2000\/svg\" xmlns:xlink=\"http:\/\/www.w3.org\/1999\/xlink\">\n  <path id=\"ytp-12\" d=\"M11,10 L18,13.74 18,22.28 11,26 M18,13.74 L26,18 26,18 18,22.28\" fill=\"currentColor\">\n    <animate id=\"animation\" begin=\"indefinite\" attributeType=\"XML\" attributeName=\"d\" fill=\"freeze\" from=\"M11,10 L17,10 17,26 11,26 M20,10 L26,10 26,26 20,26\" to=\"M11,10 L18,13.74 18,22.28 11,26 M18,13.74 L26,18 26,18 18,22.28\" dur=\"0.1s\" keySplines=\".4 0 1 1\" repeatCount=\"1\" data-play=\"M11,10 L18,13.74 18,22.28 11,26 M18,13.74 L26,18 26,18 18,22.28\" data-pause=\"M11,10 L17,10 17,26 11,26 M20,10 L26,10 26,26 20,26\"><\/animate>\n  <\/path>\n<\/svg>\n<\/button>\n        <p class=\"text-base text-center\">Escucha<\/p>\n      <\/div>\n    <\/div>\n\n    \n          <div class=\"flex flex-wrap justify-between gap-6 md:justify-start\">\n                  <button data-target=\"#transcription-d2b35a41e7f927c6dfea6dda3f676eff\" data-toggle=\"modal\" class=\"flex items-center gap-2\">\n            <svg class=\"w-6 h-6\" fill=\"none\" xmlns=\"http:\/\/www.w3.org\/2000\/svg\" viewBox=\"0 0 22 12\"><path d=\"M0 9.873v-6c0-.55.196-1.02.588-1.412A1.926 1.926 0 0 1 2 1.873h2c.55 0 1.02.196 1.412.588.392.391.588.862.588 1.412v6H4v-2H2v2H0Zm2-4h2v-2H2v2Zm6 4v-8h4c.55 0 1.02.196 1.412.588.392.391.588.862.588 1.412v4c0 .55-.196 1.021-.588 1.413A1.926 1.926 0 0 1 12 9.873H8Zm2-2h2v-4h-2v4Zm6.85.8-1.4-1.425c.183-.183.32-.391.413-.625.091-.233.137-.483.137-.75 0-.283-.046-.537-.137-.762a1.85 1.85 0 0 0-.413-.613l1.4-1.45c.367.367.65.792.85 1.275.2.484.3 1 .3 1.55s-.1 1.063-.3 1.538c-.2.475-.483.896-.85 1.262Zm2.825 2.825-1.45-1.375c.55-.55.983-1.187 1.3-1.912A5.775 5.775 0 0 0 20 5.873c0-.85-.158-1.633-.475-2.35a6.217 6.217 0 0 0-1.3-1.9l1.45-1.4a7.94 7.94 0 0 1 1.712 2.55c.409.967.613 2 .613 3.1s-.204 2.13-.613 3.088a7.977 7.977 0 0 1-1.712 2.537Z\" fill=\"#000\"\/><\/svg>            <span>Transcripci\u00f3n<\/span>\n          <\/button>\n                      <\/div>\n      <\/div>\n\n      <div id=\"transcription-d2b35a41e7f927c6dfea6dda3f676eff\"\n  class=\"fixed inset-0 z-50 hidden w-screen h-screen opacity-0 pointer-events-none modal transcription\"\n  tabindex=\"-1\" role=\"dialog\">\n  <div class=\"absolute w-full h-full bg-black opacity-75 modal-overlay\"><\/div>\n  <div\n    class=\"absolute z-30 w-11\/12 mx-auto overflow-y-auto text-black bg-white shadow-lg modal-container center-xy md:max-w-4xl\"\n    role=\"document\">\n    <div class=\"flex items-center justify-between px-4 py-4 text-gray-700 border-b md:px-8\">\n      <h2 class=\"!mb-0 font-bold\">Transcripci\u00f3n<\/h2>\n      <div class=\"z-50 flex flex-col items-center ml-auto cursor-pointer rtl:ml-0 rtl:mr-auto modal-close\">\n        <svg class=\"w-auto h-6\" width=\"18\" height=\"23\" xmlns=\"http:\/\/www.w3.org\/2000\/svg\">\n  <g stroke=\"currentColor\" fill=\"none\" fill-rule=\"evenodd\" stroke-linecap=\"square\">\n    <path d=\"M.7248.974l16.1076 20.6167M16.655 1.2654L.9097 22.1601\" \/>\n  <\/g>\n<\/svg>        <div class=\"hidden\">Close<\/div>\n      <\/div>\n    <\/div>\n    <div class=\"px-4 py-8 overflow-y-auto max-h-modal md:px-8 modal-content\">\n      <div class=\"mb-8 flex flex-col gap-1.5\">\n                      <h3 class=\"text-xl font-bold\">Los retablos<\/h3>\n                            <\/div>\n            <p>En el coro tambi\u00e9n se exponen varios bienes muebles que muestran la evoluci\u00f3n del mobiliario lit\u00fargico. Destacan los retablos de diferentes \u00e9pocas, una muestra de la evoluci\u00f3n de los cultos y de los estilos art\u00edsticos entre los siglos XVI y XVIII, que son de madera y mantienen la policrom\u00eda en distintos grados de conservaci\u00f3n.<\/p>\n<p><strong>Arque\u00f3logo:<\/strong> Antes de irnos, echemos un vistazo bajo el coro. Nunca se sabe.<br \/>\n<strong>Historiador de arte<\/strong>: \u00a1F\u00edjate! Apunta la linterna hacia all\u00ed, hacia ese mont\u00f3n de maderas.<br \/>\n<strong>Arque\u00f3logo:<\/strong> \u00bfAcaso es lo que parece?<br \/>\n<strong>Historiador:<\/strong> Hay unos cuantos. \u00a1Est\u00e1n todos carcomidos! Se me ha deshecho en la mano.<br \/>\n<strong>Arque\u00f3logo:<\/strong> Habr\u00e1 que restaurarlos a conciencia.<br \/>\n<strong>Historiador:<\/strong> Valdr\u00e1 la pena. Estos retablos nos ayudar\u00e1n a recomponer la historia de esta iglesia. Y, cuando los recuperemos, es aqu\u00ed donde deber\u00e1n exponerse.<\/p>\n    <\/div>\n  <\/div>\n<\/div>\n    <\/section>\n\n\n<div class=\"flex flex-col gap-3 element text-block\">\n  <div class=\"flex items-center gap-6\">\n              <h2 class=\"text-2xl font-bold\">7g \u00a1Te esperamos!<\/h2>\n      <\/div>\n    <\/div>\n\n\n<section class=\"element audio-block\">\n  <div class=\"flex flex-col w-full gap-6\">\n    <div class=\"flex flex-col gap-3\">\n      <div class=\"flex gap-6\">\n                          <h2 class=\"text-2xl font-bold\">La visita contin\u00faa<\/h2>\n              <\/div>\n          <\/div>\n    <div class=\"flex items-center justify-end gap-3\">\n              <div class=\"flex-1 audio-content\" dir=\"ltr\">\n          <audio id=\"audio-17ef480d380828f889e93a2c8ad5c340\" data-label=\"La visita contin\u00faa\"\n            data-category=\"SANTA-EULALIA-D_ERILL-LA-VALL-ES-GENERAL-PLAY-CLOENDA.mp3\" class=\"hidden\" controls\n            src=\"https:\/\/guiesullsdelahistoria.cat\/app\/uploads\/2024\/11\/SANTA-EULALIA-D_ERILL-LA-VALL-ES-GENERAL-PLAY-CLOENDA.mp3\"><\/audio>\n          <div class=\"flex items-center w-full gap-3 transition-opacity opacity-0 meta\">\n            <progress class=\"flex-1 border-0 appearance-none\" value=\"0\" max=\"1\"><\/progress>\n            <div class=\"text-sm text-center shrink-0 current-time w-9\"><\/div>\n                      <\/div>\n        <\/div>\n            <div class=\"flex flex-col items-center gap-2 shrink-1 audio-control\">\n        <button\n  class=\"flex items-center justify-center w-32 max-w-32 h-32 max-h-32 transition-[max-height,_max-width] bg-black rounded-full btn text-accent\"\n  data-target=\"#audio-17ef480d380828f889e93a2c8ad5c340\">\n  <svg width=\"100%\" height=\"100%\" viewBox=\"0 0 36 36\" version=\"1.1\" xmlns=\"http:\/\/www.w3.org\/2000\/svg\" xmlns:xlink=\"http:\/\/www.w3.org\/1999\/xlink\">\n  <path id=\"ytp-12\" d=\"M11,10 L18,13.74 18,22.28 11,26 M18,13.74 L26,18 26,18 18,22.28\" fill=\"currentColor\">\n    <animate id=\"animation\" begin=\"indefinite\" attributeType=\"XML\" attributeName=\"d\" fill=\"freeze\" from=\"M11,10 L17,10 17,26 11,26 M20,10 L26,10 26,26 20,26\" to=\"M11,10 L18,13.74 18,22.28 11,26 M18,13.74 L26,18 26,18 18,22.28\" dur=\"0.1s\" keySplines=\".4 0 1 1\" repeatCount=\"1\" data-play=\"M11,10 L18,13.74 18,22.28 11,26 M18,13.74 L26,18 26,18 18,22.28\" data-pause=\"M11,10 L17,10 17,26 11,26 M20,10 L26,10 26,26 20,26\"><\/animate>\n  <\/path>\n<\/svg>\n<\/button>\n        <p class=\"text-base text-center\">Escucha<\/p>\n      <\/div>\n    <\/div>\n\n    \n          <div class=\"flex flex-wrap justify-between gap-6 md:justify-start\">\n                  <button data-target=\"#transcription-17ef480d380828f889e93a2c8ad5c340\" data-toggle=\"modal\" class=\"flex items-center gap-2\">\n            <svg class=\"w-6 h-6\" fill=\"none\" xmlns=\"http:\/\/www.w3.org\/2000\/svg\" viewBox=\"0 0 22 12\"><path d=\"M0 9.873v-6c0-.55.196-1.02.588-1.412A1.926 1.926 0 0 1 2 1.873h2c.55 0 1.02.196 1.412.588.392.391.588.862.588 1.412v6H4v-2H2v2H0Zm2-4h2v-2H2v2Zm6 4v-8h4c.55 0 1.02.196 1.412.588.392.391.588.862.588 1.412v4c0 .55-.196 1.021-.588 1.413A1.926 1.926 0 0 1 12 9.873H8Zm2-2h2v-4h-2v4Zm6.85.8-1.4-1.425c.183-.183.32-.391.413-.625.091-.233.137-.483.137-.75 0-.283-.046-.537-.137-.762a1.85 1.85 0 0 0-.413-.613l1.4-1.45c.367.367.65.792.85 1.275.2.484.3 1 .3 1.55s-.1 1.063-.3 1.538c-.2.475-.483.896-.85 1.262Zm2.825 2.825-1.45-1.375c.55-.55.983-1.187 1.3-1.912A5.775 5.775 0 0 0 20 5.873c0-.85-.158-1.633-.475-2.35a6.217 6.217 0 0 0-1.3-1.9l1.45-1.4a7.94 7.94 0 0 1 1.712 2.55c.409.967.613 2 .613 3.1s-.204 2.13-.613 3.088a7.977 7.977 0 0 1-1.712 2.537Z\" fill=\"#000\"\/><\/svg>            <span>Transcripci\u00f3n<\/span>\n          <\/button>\n                      <\/div>\n      <\/div>\n\n      <div id=\"transcription-17ef480d380828f889e93a2c8ad5c340\"\n  class=\"fixed inset-0 z-50 hidden w-screen h-screen opacity-0 pointer-events-none modal transcription\"\n  tabindex=\"-1\" role=\"dialog\">\n  <div class=\"absolute w-full h-full bg-black opacity-75 modal-overlay\"><\/div>\n  <div\n    class=\"absolute z-30 w-11\/12 mx-auto overflow-y-auto text-black bg-white shadow-lg modal-container center-xy md:max-w-4xl\"\n    role=\"document\">\n    <div class=\"flex items-center justify-between px-4 py-4 text-gray-700 border-b md:px-8\">\n      <h2 class=\"!mb-0 font-bold\">Transcripci\u00f3n<\/h2>\n      <div class=\"z-50 flex flex-col items-center ml-auto cursor-pointer rtl:ml-0 rtl:mr-auto modal-close\">\n        <svg class=\"w-auto h-6\" width=\"18\" height=\"23\" xmlns=\"http:\/\/www.w3.org\/2000\/svg\">\n  <g stroke=\"currentColor\" fill=\"none\" fill-rule=\"evenodd\" stroke-linecap=\"square\">\n    <path d=\"M.7248.974l16.1076 20.6167M16.655 1.2654L.9097 22.1601\" \/>\n  <\/g>\n<\/svg>        <div class=\"hidden\">Close<\/div>\n      <\/div>\n    <\/div>\n    <div class=\"px-4 py-8 overflow-y-auto max-h-modal md:px-8 modal-content\">\n      <div class=\"mb-8 flex flex-col gap-1.5\">\n                      <h3 class=\"text-xl font-bold\">La visita contin\u00faa<\/h3>\n                            <\/div>\n            <p>Aqu\u00ed termina la visita a la iglesia. Ahora te invitamos a conocer las dem\u00e1s, que constituyen el Conjunto Rom\u00e1nico de la Vall de Bo\u00ed. \u00a1Te esperamos!<\/p>\n    <\/div>\n  <\/div>\n<\/div>\n    <\/section>\n\n\n<div class=\"flex flex-col gap-3 element text-block\">\n  <div class=\"flex items-center gap-6\">\n              <h2 class=\"text-2xl font-bold\">Cierre<\/h2>\n      <\/div>\n        <div class=\"prose prose-lg\"><p>\u201c<em>Els Ulls de la Hist\u00f2ria<\/em>. Una mirada inmersiva sobre el patrimonio\u201d es una iniciativa de la Ag\u00e8ncia Catalana del Patrimoni Cultural.<br \/>\nUn proyecto que incorpora otras voces y otras miradas sobre nuestro pasado. Porque todas y todos hacemos historia.<\/p>\n<\/div>\n  <\/div>\n\n<\/div>\n      <\/div>\n    <\/div>\n  <\/section>\n\n\n<section class=\"overflow-hidden section\" id=\"section-69f5c6908300f\" data-title=\"8. Santa Maria de Cardet\">\n    <div class=\"container grid grid-cols-1 py-8 md:py-10 max-md:gap-y-8 md:grid-standard\">\n              <div class=\"flex gap-4 md:col-span-5\">\n                                <h2 class=\"text-8 font-headings\">8. Santa Maria de Cardet<\/h2>\n                  <\/div>\n            <div class=\"flex flex-col gap-8 md:col-span-6 md:col-start-7 md:gap-10\">\n        <div class=\"acf-innerblocks-container\">\n<div class=\"flex flex-col gap-3 element text-block\">\n  <div class=\"flex items-center gap-6\">\n              <h2 class=\"text-2xl font-bold\">8a Introducci\u00f3n<\/h2>\n      <\/div>\n    <\/div>\n\n\n<div class=\"flex flex-col gap-6 element image-block\">\n  <div class=\"flex flex-col gap-3\">\n      <\/div>\n      <figure>\n      <img loading=\"lazy\" decoding=\"async\" width=\"1600\" height=\"1182\" src=\"https:\/\/guiesullsdelahistoria.cat\/app\/uploads\/2024\/11\/Santa_Maria_de_Cardet__general_amb_riu_DJI_0435.jpg\" class=\"w-full h-auto\" alt=\"Vista a\u00e9rea del exterior de la iglesia de Santa Maria de Cardet con el r\u00edo Noguera de Tor detr\u00e1s.\" srcset=\"https:\/\/guiesullsdelahistoria.cat\/app\/uploads\/2024\/11\/Santa_Maria_de_Cardet__general_amb_riu_DJI_0435.jpg 1600w, https:\/\/guiesullsdelahistoria.cat\/app\/uploads\/2024\/11\/Santa_Maria_de_Cardet__general_amb_riu_DJI_0435-300x222.jpg 300w, https:\/\/guiesullsdelahistoria.cat\/app\/uploads\/2024\/11\/Santa_Maria_de_Cardet__general_amb_riu_DJI_0435-1024x756.jpg 1024w, https:\/\/guiesullsdelahistoria.cat\/app\/uploads\/2024\/11\/Santa_Maria_de_Cardet__general_amb_riu_DJI_0435-768x567.jpg 768w, https:\/\/guiesullsdelahistoria.cat\/app\/uploads\/2024\/11\/Santa_Maria_de_Cardet__general_amb_riu_DJI_0435-1536x1135.jpg 1536w\" sizes=\"auto, (max-width: 1600px) 100vw, 1600px\" \/>\n              <figcaption class=\"pt-2 text-gray-800\">Santa Maria de Cardet con el r\u00edo Noguera de Tor.<\/figcaption>\n          <\/figure>\n  <\/div>\n\n\n<section class=\"element audio-block\">\n  <div class=\"flex flex-col w-full gap-6\">\n    <div class=\"flex flex-col gap-3\">\n      <div class=\"flex gap-6\">\n                          <h2 class=\"text-2xl font-bold\">La Vall de Bo\u00ed y sus iglesias<\/h2>\n              <\/div>\n          <\/div>\n    <div class=\"flex items-center justify-end gap-3\">\n              <div class=\"flex-1 audio-content\" dir=\"ltr\">\n          <audio id=\"audio-3f852adb91b022d3085c709e15d924dd\" data-label=\"La Vall de Bo\u00ed y sus iglesias\"\n            data-category=\"SANTA-MARIA-DE-CARDET-ES-GENERAL-PLAY-0.mp3\" class=\"hidden\" controls\n            src=\"https:\/\/guiesullsdelahistoria.cat\/app\/uploads\/2024\/11\/SANTA-MARIA-DE-CARDET-ES-GENERAL-PLAY-0.mp3\"><\/audio>\n          <div class=\"flex items-center w-full gap-3 transition-opacity opacity-0 meta\">\n            <progress class=\"flex-1 border-0 appearance-none\" value=\"0\" max=\"1\"><\/progress>\n            <div class=\"text-sm text-center shrink-0 current-time w-9\"><\/div>\n                      <\/div>\n        <\/div>\n            <div class=\"flex flex-col items-center gap-2 shrink-1 audio-control\">\n        <button\n  class=\"flex items-center justify-center w-32 max-w-32 h-32 max-h-32 transition-[max-height,_max-width] bg-black rounded-full btn text-accent\"\n  data-target=\"#audio-3f852adb91b022d3085c709e15d924dd\">\n  <svg width=\"100%\" height=\"100%\" viewBox=\"0 0 36 36\" version=\"1.1\" xmlns=\"http:\/\/www.w3.org\/2000\/svg\" xmlns:xlink=\"http:\/\/www.w3.org\/1999\/xlink\">\n  <path id=\"ytp-12\" d=\"M11,10 L18,13.74 18,22.28 11,26 M18,13.74 L26,18 26,18 18,22.28\" fill=\"currentColor\">\n    <animate id=\"animation\" begin=\"indefinite\" attributeType=\"XML\" attributeName=\"d\" fill=\"freeze\" from=\"M11,10 L17,10 17,26 11,26 M20,10 L26,10 26,26 20,26\" to=\"M11,10 L18,13.74 18,22.28 11,26 M18,13.74 L26,18 26,18 18,22.28\" dur=\"0.1s\" keySplines=\".4 0 1 1\" repeatCount=\"1\" data-play=\"M11,10 L18,13.74 18,22.28 11,26 M18,13.74 L26,18 26,18 18,22.28\" data-pause=\"M11,10 L17,10 17,26 11,26 M20,10 L26,10 26,26 20,26\"><\/animate>\n  <\/path>\n<\/svg>\n<\/button>\n        <p class=\"text-base text-center\">Escucha<\/p>\n      <\/div>\n    <\/div>\n\n    \n          <div class=\"flex flex-wrap justify-between gap-6 md:justify-start\">\n                  <button data-target=\"#transcription-3f852adb91b022d3085c709e15d924dd\" data-toggle=\"modal\" class=\"flex items-center gap-2\">\n            <svg class=\"w-6 h-6\" fill=\"none\" xmlns=\"http:\/\/www.w3.org\/2000\/svg\" viewBox=\"0 0 22 12\"><path d=\"M0 9.873v-6c0-.55.196-1.02.588-1.412A1.926 1.926 0 0 1 2 1.873h2c.55 0 1.02.196 1.412.588.392.391.588.862.588 1.412v6H4v-2H2v2H0Zm2-4h2v-2H2v2Zm6 4v-8h4c.55 0 1.02.196 1.412.588.392.391.588.862.588 1.412v4c0 .55-.196 1.021-.588 1.413A1.926 1.926 0 0 1 12 9.873H8Zm2-2h2v-4h-2v4Zm6.85.8-1.4-1.425c.183-.183.32-.391.413-.625.091-.233.137-.483.137-.75 0-.283-.046-.537-.137-.762a1.85 1.85 0 0 0-.413-.613l1.4-1.45c.367.367.65.792.85 1.275.2.484.3 1 .3 1.55s-.1 1.063-.3 1.538c-.2.475-.483.896-.85 1.262Zm2.825 2.825-1.45-1.375c.55-.55.983-1.187 1.3-1.912A5.775 5.775 0 0 0 20 5.873c0-.85-.158-1.633-.475-2.35a6.217 6.217 0 0 0-1.3-1.9l1.45-1.4a7.94 7.94 0 0 1 1.712 2.55c.409.967.613 2 .613 3.1s-.204 2.13-.613 3.088a7.977 7.977 0 0 1-1.712 2.537Z\" fill=\"#000\"\/><\/svg>            <span>Transcripci\u00f3n<\/span>\n          <\/button>\n                      <\/div>\n      <\/div>\n\n      <div id=\"transcription-3f852adb91b022d3085c709e15d924dd\"\n  class=\"fixed inset-0 z-50 hidden w-screen h-screen opacity-0 pointer-events-none modal transcription\"\n  tabindex=\"-1\" role=\"dialog\">\n  <div class=\"absolute w-full h-full bg-black opacity-75 modal-overlay\"><\/div>\n  <div\n    class=\"absolute z-30 w-11\/12 mx-auto overflow-y-auto text-black bg-white shadow-lg modal-container center-xy md:max-w-4xl\"\n    role=\"document\">\n    <div class=\"flex items-center justify-between px-4 py-4 text-gray-700 border-b md:px-8\">\n      <h2 class=\"!mb-0 font-bold\">Transcripci\u00f3n<\/h2>\n      <div class=\"z-50 flex flex-col items-center ml-auto cursor-pointer rtl:ml-0 rtl:mr-auto modal-close\">\n        <svg class=\"w-auto h-6\" width=\"18\" height=\"23\" xmlns=\"http:\/\/www.w3.org\/2000\/svg\">\n  <g stroke=\"currentColor\" fill=\"none\" fill-rule=\"evenodd\" stroke-linecap=\"square\">\n    <path d=\"M.7248.974l16.1076 20.6167M16.655 1.2654L.9097 22.1601\" \/>\n  <\/g>\n<\/svg>        <div class=\"hidden\">Close<\/div>\n      <\/div>\n    <\/div>\n    <div class=\"px-4 py-8 overflow-y-auto max-h-modal md:px-8 modal-content\">\n      <div class=\"mb-8 flex flex-col gap-1.5\">\n                      <h3 class=\"text-xl font-bold\">La Vall de Bo\u00ed y sus iglesias<\/h3>\n                            <\/div>\n            <p>Te damos la bienvenida a la Vall de Bo\u00ed y te animamos a conocer su excepcional conjunto de iglesias, consideradas una de las m\u00e1ximas expresiones del arte rom\u00e1nico catal\u00e1n e inscritas en la lista de Patrimonio Mundial por la UNESCO en el a\u00f1o 2000.<br \/>\nEl Conjunto Rom\u00e1nico de la Vall de Bo\u00ed est\u00e1 integrado por nueve iglesias: Sant Climent y Santa Maria de Ta\u00fcll, Sant Joan de Bo\u00ed, Santa Eul\u00e0lia d\u2019Erill la Vall, Sant Feliu de Barruera, la Nativitat y Sant Quirc de Durro, Santa Maria de Cardet y la Assumpci\u00f3 de C\u00f3ll.<br \/>\nPero \u00bfqu\u00e9 tienen en com\u00fan este conjunto de iglesias? \u00bfPor qu\u00e9 son tan singulares? \u00bfCu\u00e1l es su historia?<br \/>\nTodas fueron construidas entre los siglos XI y XII, en un momento de poder y de bonanza econ\u00f3mica de la nobleza local, y comparten un estilo arquitect\u00f3nico, el rom\u00e1nico, muy extendido por toda Europa.<br \/>\nHoy, gran parte de las pinturas, tallas y mobiliario se conservan en varios museos catalanes, sobre todo en el Museu Nacional d\u2019Art de Catalunya. Sin embargo, algunas de las iglesias cuentan con importantes fragmentos de pintura mural y esculturas originales, adem\u00e1s de reproducciones de las que se conservan en los museos.<br \/>\nCon la gu\u00eda que tienes en tus manos, descubrir\u00e1s los valores excepcionales de este conjunto rom\u00e1nico y podr\u00e1s conocer cada una de las nueve iglesias, con sus secretos y curiosidades.<br \/>\n\u00a1Una advertencia final! Estas monta\u00f1as son misteriosas y, en los valles, las palabras de las personas que las han habitado a menudo se quedan atrapadas y resuenan a lo largo del tiempo como un eco imperceptible. Esta gu\u00eda dispone de un sensor que se activa cada vez que capta alguna. No te asustes y sigue escuchando.<\/p>\n    <\/div>\n  <\/div>\n<\/div>\n    <\/section>\n\n\n<div class=\"flex flex-col gap-3 element text-block\">\n  <div class=\"flex items-center gap-6\">\n              <h2 class=\"text-2xl font-bold\">8b Fachada<\/h2>\n      <\/div>\n    <\/div>\n\n\n<div class=\"flex flex-col gap-6 element image-block\">\n  <div class=\"flex flex-col gap-3\">\n      <\/div>\n      <figure>\n      <img loading=\"lazy\" decoding=\"async\" width=\"600\" height=\"800\" src=\"https:\/\/guiesullsdelahistoria.cat\/app\/uploads\/2024\/11\/Santa_Maria_de_Cardet_facana_0063.jpg\" class=\"w-full h-auto\" alt=\"Fachada principal de la iglesia de Santa Maria de Cardet con el p\u00f3rtico y el campanario de espada\u00f1a.\" srcset=\"https:\/\/guiesullsdelahistoria.cat\/app\/uploads\/2024\/11\/Santa_Maria_de_Cardet_facana_0063.jpg 600w, https:\/\/guiesullsdelahistoria.cat\/app\/uploads\/2024\/11\/Santa_Maria_de_Cardet_facana_0063-225x300.jpg 225w\" sizes=\"auto, (max-width: 600px) 100vw, 600px\" \/>\n              <figcaption class=\"pt-2 text-gray-800\">Fachada principal de Santa Maria de Cardet.<\/figcaption>\n          <\/figure>\n  <\/div>\n\n\n<section class=\"element audio-block\">\n  <div class=\"flex flex-col w-full gap-6\">\n    <div class=\"flex flex-col gap-3\">\n      <div class=\"flex gap-6\">\n                          <h2 class=\"text-2xl font-bold\">La iglesia m\u00e1s peque\u00f1a<\/h2>\n              <\/div>\n          <\/div>\n    <div class=\"flex items-center justify-end gap-3\">\n              <div class=\"flex-1 audio-content\" dir=\"ltr\">\n          <audio id=\"audio-c464f8f1b7f9b036204a80ab96f2b6d7\" data-label=\"La iglesia m\u00e1s peque\u00f1a\"\n            data-category=\"SANTA-MARIA-DE-CARDET-ES-GENERAL-PLAY-1.mp3\" class=\"hidden\" controls\n            src=\"https:\/\/guiesullsdelahistoria.cat\/app\/uploads\/2024\/11\/SANTA-MARIA-DE-CARDET-ES-GENERAL-PLAY-1.mp3\"><\/audio>\n          <div class=\"flex items-center w-full gap-3 transition-opacity opacity-0 meta\">\n            <progress class=\"flex-1 border-0 appearance-none\" value=\"0\" max=\"1\"><\/progress>\n            <div class=\"text-sm text-center shrink-0 current-time w-9\"><\/div>\n                      <\/div>\n        <\/div>\n            <div class=\"flex flex-col items-center gap-2 shrink-1 audio-control\">\n        <button\n  class=\"flex items-center justify-center w-32 max-w-32 h-32 max-h-32 transition-[max-height,_max-width] bg-black rounded-full btn text-accent\"\n  data-target=\"#audio-c464f8f1b7f9b036204a80ab96f2b6d7\">\n  <svg width=\"100%\" height=\"100%\" viewBox=\"0 0 36 36\" version=\"1.1\" xmlns=\"http:\/\/www.w3.org\/2000\/svg\" xmlns:xlink=\"http:\/\/www.w3.org\/1999\/xlink\">\n  <path id=\"ytp-12\" d=\"M11,10 L18,13.74 18,22.28 11,26 M18,13.74 L26,18 26,18 18,22.28\" fill=\"currentColor\">\n    <animate id=\"animation\" begin=\"indefinite\" attributeType=\"XML\" attributeName=\"d\" fill=\"freeze\" from=\"M11,10 L17,10 17,26 11,26 M20,10 L26,10 26,26 20,26\" to=\"M11,10 L18,13.74 18,22.28 11,26 M18,13.74 L26,18 26,18 18,22.28\" dur=\"0.1s\" keySplines=\".4 0 1 1\" repeatCount=\"1\" data-play=\"M11,10 L18,13.74 18,22.28 11,26 M18,13.74 L26,18 26,18 18,22.28\" data-pause=\"M11,10 L17,10 17,26 11,26 M20,10 L26,10 26,26 20,26\"><\/animate>\n  <\/path>\n<\/svg>\n<\/button>\n        <p class=\"text-base text-center\">Escucha<\/p>\n      <\/div>\n    <\/div>\n\n    \n          <div class=\"flex flex-wrap justify-between gap-6 md:justify-start\">\n                  <button data-target=\"#transcription-c464f8f1b7f9b036204a80ab96f2b6d7\" data-toggle=\"modal\" class=\"flex items-center gap-2\">\n            <svg class=\"w-6 h-6\" fill=\"none\" xmlns=\"http:\/\/www.w3.org\/2000\/svg\" viewBox=\"0 0 22 12\"><path d=\"M0 9.873v-6c0-.55.196-1.02.588-1.412A1.926 1.926 0 0 1 2 1.873h2c.55 0 1.02.196 1.412.588.392.391.588.862.588 1.412v6H4v-2H2v2H0Zm2-4h2v-2H2v2Zm6 4v-8h4c.55 0 1.02.196 1.412.588.392.391.588.862.588 1.412v4c0 .55-.196 1.021-.588 1.413A1.926 1.926 0 0 1 12 9.873H8Zm2-2h2v-4h-2v4Zm6.85.8-1.4-1.425c.183-.183.32-.391.413-.625.091-.233.137-.483.137-.75 0-.283-.046-.537-.137-.762a1.85 1.85 0 0 0-.413-.613l1.4-1.45c.367.367.65.792.85 1.275.2.484.3 1 .3 1.55s-.1 1.063-.3 1.538c-.2.475-.483.896-.85 1.262Zm2.825 2.825-1.45-1.375c.55-.55.983-1.187 1.3-1.912A5.775 5.775 0 0 0 20 5.873c0-.85-.158-1.633-.475-2.35a6.217 6.217 0 0 0-1.3-1.9l1.45-1.4a7.94 7.94 0 0 1 1.712 2.55c.409.967.613 2 .613 3.1s-.204 2.13-.613 3.088a7.977 7.977 0 0 1-1.712 2.537Z\" fill=\"#000\"\/><\/svg>            <span>Transcripci\u00f3n<\/span>\n          <\/button>\n                      <\/div>\n      <\/div>\n\n      <div id=\"transcription-c464f8f1b7f9b036204a80ab96f2b6d7\"\n  class=\"fixed inset-0 z-50 hidden w-screen h-screen opacity-0 pointer-events-none modal transcription\"\n  tabindex=\"-1\" role=\"dialog\">\n  <div class=\"absolute w-full h-full bg-black opacity-75 modal-overlay\"><\/div>\n  <div\n    class=\"absolute z-30 w-11\/12 mx-auto overflow-y-auto text-black bg-white shadow-lg modal-container center-xy md:max-w-4xl\"\n    role=\"document\">\n    <div class=\"flex items-center justify-between px-4 py-4 text-gray-700 border-b md:px-8\">\n      <h2 class=\"!mb-0 font-bold\">Transcripci\u00f3n<\/h2>\n      <div class=\"z-50 flex flex-col items-center ml-auto cursor-pointer rtl:ml-0 rtl:mr-auto modal-close\">\n        <svg class=\"w-auto h-6\" width=\"18\" height=\"23\" xmlns=\"http:\/\/www.w3.org\/2000\/svg\">\n  <g stroke=\"currentColor\" fill=\"none\" fill-rule=\"evenodd\" stroke-linecap=\"square\">\n    <path d=\"M.7248.974l16.1076 20.6167M16.655 1.2654L.9097 22.1601\" \/>\n  <\/g>\n<\/svg>        <div class=\"hidden\">Close<\/div>\n      <\/div>\n    <\/div>\n    <div class=\"px-4 py-8 overflow-y-auto max-h-modal md:px-8 modal-content\">\n      <div class=\"mb-8 flex flex-col gap-1.5\">\n                      <h3 class=\"text-xl font-bold\">La iglesia m\u00e1s peque\u00f1a<\/h3>\n                            <\/div>\n            <p>Santa Maria de Cardet es la iglesia m\u00e1s peque\u00f1a de todas las de La Vall. Quiz\u00e1 por eso, y por el peque\u00f1o porche de la entrada, tiene un aspecto tan acogedor. Si no fuera por el campanario, podr\u00eda ser una casa m\u00e1s del pueblo. \u00bfNo te lo parece?<br \/>\nComo ves, el campanario tiene forma de espada\u00f1a y se a\u00f1adi\u00f3 en \u00e9poca barroca. Cardet y la ermita de Sant Quirc de Durro son los dos \u00fanicos templos del conjunto que tienen este tipo de campanario.<br \/>\nOtro elemento interesante de esta iglesia es el cerrojo. Si te acercas, podr\u00e1s ver que el pasador est\u00e1 rematado con una preciosa cabeza humana.<br \/>\nPero lo que hace m\u00e1s especial a la iglesia de Santa Maria es el \u00e1bside. Para verlo, tienes que volver a salir del recinto de la iglesia y dar la vuelta por la izquierda, en el sentido de tu marcha. Luego debes bajar un par de calles hasta llegar a una plataforma de madera. <\/p>\n    <\/div>\n  <\/div>\n<\/div>\n    <\/section>\n\n\n<div class=\"flex flex-col gap-3 element text-block\">\n  <div class=\"flex items-center gap-6\">\n              <h2 class=\"text-2xl font-bold\">8c \u00c1bside<\/h2>\n      <\/div>\n    <\/div>\n\n\n<div class=\"flex flex-col gap-6 element image-block\">\n  <div class=\"flex flex-col gap-3\">\n      <\/div>\n      <figure>\n      <img loading=\"lazy\" decoding=\"async\" width=\"1600\" height=\"1200\" src=\"https:\/\/guiesullsdelahistoria.cat\/app\/uploads\/2024\/11\/Santa_Maria_de_Cardet_absis_i_poble_DJI_0963.jpg\" class=\"w-full h-auto\" alt=\"Vista posterior de la iglesia de Santa Maria de Cardet rodeada de vegetaci\u00f3n, con el \u00e1bside construido siguiendo el desnivel de la monta\u00f1a.\" srcset=\"https:\/\/guiesullsdelahistoria.cat\/app\/uploads\/2024\/11\/Santa_Maria_de_Cardet_absis_i_poble_DJI_0963.jpg 1600w, https:\/\/guiesullsdelahistoria.cat\/app\/uploads\/2024\/11\/Santa_Maria_de_Cardet_absis_i_poble_DJI_0963-300x225.jpg 300w, https:\/\/guiesullsdelahistoria.cat\/app\/uploads\/2024\/11\/Santa_Maria_de_Cardet_absis_i_poble_DJI_0963-1024x768.jpg 1024w, https:\/\/guiesullsdelahistoria.cat\/app\/uploads\/2024\/11\/Santa_Maria_de_Cardet_absis_i_poble_DJI_0963-768x576.jpg 768w, https:\/\/guiesullsdelahistoria.cat\/app\/uploads\/2024\/11\/Santa_Maria_de_Cardet_absis_i_poble_DJI_0963-1536x1152.jpg 1536w\" sizes=\"auto, (max-width: 1600px) 100vw, 1600px\" \/>\n              <figcaption class=\"pt-2 text-gray-800\">Santa Maria de Cardet vista desde el \u00e1bside.<\/figcaption>\n          <\/figure>\n  <\/div>\n\n\n<section class=\"element audio-block\">\n  <div class=\"flex flex-col w-full gap-6\">\n    <div class=\"flex flex-col gap-3\">\n      <div class=\"flex gap-6\">\n                          <h2 class=\"text-2xl font-bold\">Una construcci\u00f3n en la pendiente de la monta\u00f1a<\/h2>\n              <\/div>\n          <\/div>\n    <div class=\"flex items-center justify-end gap-3\">\n              <div class=\"flex-1 audio-content\" dir=\"ltr\">\n          <audio id=\"audio-7897ebfc6e309216f32328ee0fafdd01\" data-label=\"Una construcci\u00f3n en la pendiente de la monta\u00f1a\"\n            data-category=\"SANTA-MARIA-DE-CARDET-ES-GENERAL-PLAY-2.mp3\" class=\"hidden\" controls\n            src=\"https:\/\/guiesullsdelahistoria.cat\/app\/uploads\/2024\/11\/SANTA-MARIA-DE-CARDET-ES-GENERAL-PLAY-2.mp3\"><\/audio>\n          <div class=\"flex items-center w-full gap-3 transition-opacity opacity-0 meta\">\n            <progress class=\"flex-1 border-0 appearance-none\" value=\"0\" max=\"1\"><\/progress>\n            <div class=\"text-sm text-center shrink-0 current-time w-9\"><\/div>\n                      <\/div>\n        <\/div>\n            <div class=\"flex flex-col items-center gap-2 shrink-1 audio-control\">\n        <button\n  class=\"flex items-center justify-center w-32 max-w-32 h-32 max-h-32 transition-[max-height,_max-width] bg-black rounded-full btn text-accent\"\n  data-target=\"#audio-7897ebfc6e309216f32328ee0fafdd01\">\n  <svg width=\"100%\" height=\"100%\" viewBox=\"0 0 36 36\" version=\"1.1\" xmlns=\"http:\/\/www.w3.org\/2000\/svg\" xmlns:xlink=\"http:\/\/www.w3.org\/1999\/xlink\">\n  <path id=\"ytp-12\" d=\"M11,10 L18,13.74 18,22.28 11,26 M18,13.74 L26,18 26,18 18,22.28\" fill=\"currentColor\">\n    <animate id=\"animation\" begin=\"indefinite\" attributeType=\"XML\" attributeName=\"d\" fill=\"freeze\" from=\"M11,10 L17,10 17,26 11,26 M20,10 L26,10 26,26 20,26\" to=\"M11,10 L18,13.74 18,22.28 11,26 M18,13.74 L26,18 26,18 18,22.28\" dur=\"0.1s\" keySplines=\".4 0 1 1\" repeatCount=\"1\" data-play=\"M11,10 L18,13.74 18,22.28 11,26 M18,13.74 L26,18 26,18 18,22.28\" data-pause=\"M11,10 L17,10 17,26 11,26 M20,10 L26,10 26,26 20,26\"><\/animate>\n  <\/path>\n<\/svg>\n<\/button>\n        <p class=\"text-base text-center\">Escucha<\/p>\n      <\/div>\n    <\/div>\n\n    \n          <div class=\"flex flex-wrap justify-between gap-6 md:justify-start\">\n                  <button data-target=\"#transcription-7897ebfc6e309216f32328ee0fafdd01\" data-toggle=\"modal\" class=\"flex items-center gap-2\">\n            <svg class=\"w-6 h-6\" fill=\"none\" xmlns=\"http:\/\/www.w3.org\/2000\/svg\" viewBox=\"0 0 22 12\"><path d=\"M0 9.873v-6c0-.55.196-1.02.588-1.412A1.926 1.926 0 0 1 2 1.873h2c.55 0 1.02.196 1.412.588.392.391.588.862.588 1.412v6H4v-2H2v2H0Zm2-4h2v-2H2v2Zm6 4v-8h4c.55 0 1.02.196 1.412.588.392.391.588.862.588 1.412v4c0 .55-.196 1.021-.588 1.413A1.926 1.926 0 0 1 12 9.873H8Zm2-2h2v-4h-2v4Zm6.85.8-1.4-1.425c.183-.183.32-.391.413-.625.091-.233.137-.483.137-.75 0-.283-.046-.537-.137-.762a1.85 1.85 0 0 0-.413-.613l1.4-1.45c.367.367.65.792.85 1.275.2.484.3 1 .3 1.55s-.1 1.063-.3 1.538c-.2.475-.483.896-.85 1.262Zm2.825 2.825-1.45-1.375c.55-.55.983-1.187 1.3-1.912A5.775 5.775 0 0 0 20 5.873c0-.85-.158-1.633-.475-2.35a6.217 6.217 0 0 0-1.3-1.9l1.45-1.4a7.94 7.94 0 0 1 1.712 2.55c.409.967.613 2 .613 3.1s-.204 2.13-.613 3.088a7.977 7.977 0 0 1-1.712 2.537Z\" fill=\"#000\"\/><\/svg>            <span>Transcripci\u00f3n<\/span>\n          <\/button>\n                      <\/div>\n      <\/div>\n\n      <div id=\"transcription-7897ebfc6e309216f32328ee0fafdd01\"\n  class=\"fixed inset-0 z-50 hidden w-screen h-screen opacity-0 pointer-events-none modal transcription\"\n  tabindex=\"-1\" role=\"dialog\">\n  <div class=\"absolute w-full h-full bg-black opacity-75 modal-overlay\"><\/div>\n  <div\n    class=\"absolute z-30 w-11\/12 mx-auto overflow-y-auto text-black bg-white shadow-lg modal-container center-xy md:max-w-4xl\"\n    role=\"document\">\n    <div class=\"flex items-center justify-between px-4 py-4 text-gray-700 border-b md:px-8\">\n      <h2 class=\"!mb-0 font-bold\">Transcripci\u00f3n<\/h2>\n      <div class=\"z-50 flex flex-col items-center ml-auto cursor-pointer rtl:ml-0 rtl:mr-auto modal-close\">\n        <svg class=\"w-auto h-6\" width=\"18\" height=\"23\" xmlns=\"http:\/\/www.w3.org\/2000\/svg\">\n  <g stroke=\"currentColor\" fill=\"none\" fill-rule=\"evenodd\" stroke-linecap=\"square\">\n    <path d=\"M.7248.974l16.1076 20.6167M16.655 1.2654L.9097 22.1601\" \/>\n  <\/g>\n<\/svg>        <div class=\"hidden\">Close<\/div>\n      <\/div>\n    <\/div>\n    <div class=\"px-4 py-8 overflow-y-auto max-h-modal md:px-8 modal-content\">\n      <div class=\"mb-8 flex flex-col gap-1.5\">\n                      <h3 class=\"text-xl font-bold\">Una construcci\u00f3n en la pendiente de la monta\u00f1a<\/h3>\n                            <\/div>\n            <p>Desde aqu\u00ed puedes apreciar la belleza del \u00e1bside de Santa Maria de Cardet y sus vistas.<br \/>\nEl \u00e1bside de Santa Maria de Cardet tiene dos plantas y es uno de los m\u00e1s espectaculares de todas las iglesias de La Vall. Esto se debe a que el templo se construy\u00f3 sobre la fuerte pendiente de la monta\u00f1a, aprovechando el desnivel del terreno. <\/p>\n<p>En la parte inferior se construy\u00f3 una peque\u00f1a cripta, la \u00fanica de todo el conjunto de iglesias del rom\u00e1nico. Se corresponde a la ventana de abajo y, cuando est\u00e9s dentro, podr\u00e1s visitarla. <\/p>\n<p>Una curiosidad: arriba a la izquierda, en el segundo de los arcos que decoran la parte alta del \u00e1bside, hay una cabeza humana esculpida en relieve. \u00bfEres capaz de encontrarla?<br \/>\nPara continuar la visita, dir\u00edgete hacia el interior de la iglesia. <\/p>\n    <\/div>\n  <\/div>\n<\/div>\n    <\/section>\n\n\n<div class=\"flex flex-col gap-3 element text-block\">\n  <div class=\"flex items-center gap-6\">\n              <h2 class=\"text-2xl font-bold\">8d Centro de la nave<\/h2>\n      <\/div>\n    <\/div>\n\n\n<div class=\"flex flex-col gap-6 element image-block\">\n  <div class=\"flex flex-col gap-3\">\n      <\/div>\n      <figure>\n      <img loading=\"lazy\" decoding=\"async\" width=\"800\" height=\"600\" src=\"https:\/\/guiesullsdelahistoria.cat\/app\/uploads\/2024\/11\/cardet_0002.jpg\" class=\"w-full h-auto\" alt=\"Interior de la iglesia de Santa Maria de Cardet con los muros encalados y con el altar y el retablo al fondo.\" srcset=\"https:\/\/guiesullsdelahistoria.cat\/app\/uploads\/2024\/11\/cardet_0002.jpg 800w, https:\/\/guiesullsdelahistoria.cat\/app\/uploads\/2024\/11\/cardet_0002-300x225.jpg 300w, https:\/\/guiesullsdelahistoria.cat\/app\/uploads\/2024\/11\/cardet_0002-768x576.jpg 768w\" sizes=\"auto, (max-width: 800px) 100vw, 800px\" \/>\n              <figcaption class=\"pt-2 text-gray-800\">Interior de Santa Maria de Cardet.<\/figcaption>\n          <\/figure>\n  <\/div>\n\n\n<section class=\"element audio-block\">\n  <div class=\"flex flex-col w-full gap-6\">\n    <div class=\"flex flex-col gap-3\">\n      <div class=\"flex gap-6\">\n                          <h2 class=\"text-2xl font-bold\">El interior como era a principios del siglo XX<\/h2>\n              <\/div>\n          <\/div>\n    <div class=\"flex items-center justify-end gap-3\">\n              <div class=\"flex-1 audio-content\" dir=\"ltr\">\n          <audio id=\"audio-7cf930aa1128df1834f4a191cf352ea2\" data-label=\"El interior como era a principios del siglo XX\"\n            data-category=\"SANTA-MARIA-DE-CARDET-ES-GENERAL-PLAY-3.mp3\" class=\"hidden\" controls\n            src=\"https:\/\/guiesullsdelahistoria.cat\/app\/uploads\/2024\/11\/SANTA-MARIA-DE-CARDET-ES-GENERAL-PLAY-3.mp3\"><\/audio>\n          <div class=\"flex items-center w-full gap-3 transition-opacity opacity-0 meta\">\n            <progress class=\"flex-1 border-0 appearance-none\" value=\"0\" max=\"1\"><\/progress>\n            <div class=\"text-sm text-center shrink-0 current-time w-9\"><\/div>\n                      <\/div>\n        <\/div>\n            <div class=\"flex flex-col items-center gap-2 shrink-1 audio-control\">\n        <button\n  class=\"flex items-center justify-center w-32 max-w-32 h-32 max-h-32 transition-[max-height,_max-width] bg-black rounded-full btn text-accent\"\n  data-target=\"#audio-7cf930aa1128df1834f4a191cf352ea2\">\n  <svg width=\"100%\" height=\"100%\" viewBox=\"0 0 36 36\" version=\"1.1\" xmlns=\"http:\/\/www.w3.org\/2000\/svg\" xmlns:xlink=\"http:\/\/www.w3.org\/1999\/xlink\">\n  <path id=\"ytp-12\" d=\"M11,10 L18,13.74 18,22.28 11,26 M18,13.74 L26,18 26,18 18,22.28\" fill=\"currentColor\">\n    <animate id=\"animation\" begin=\"indefinite\" attributeType=\"XML\" attributeName=\"d\" fill=\"freeze\" from=\"M11,10 L17,10 17,26 11,26 M20,10 L26,10 26,26 20,26\" to=\"M11,10 L18,13.74 18,22.28 11,26 M18,13.74 L26,18 26,18 18,22.28\" dur=\"0.1s\" keySplines=\".4 0 1 1\" repeatCount=\"1\" data-play=\"M11,10 L18,13.74 18,22.28 11,26 M18,13.74 L26,18 26,18 18,22.28\" data-pause=\"M11,10 L17,10 17,26 11,26 M20,10 L26,10 26,26 20,26\"><\/animate>\n  <\/path>\n<\/svg>\n<\/button>\n        <p class=\"text-base text-center\">Escucha<\/p>\n      <\/div>\n    <\/div>\n\n    \n          <div class=\"flex flex-wrap justify-between gap-6 md:justify-start\">\n                  <button data-target=\"#transcription-7cf930aa1128df1834f4a191cf352ea2\" data-toggle=\"modal\" class=\"flex items-center gap-2\">\n            <svg class=\"w-6 h-6\" fill=\"none\" xmlns=\"http:\/\/www.w3.org\/2000\/svg\" viewBox=\"0 0 22 12\"><path d=\"M0 9.873v-6c0-.55.196-1.02.588-1.412A1.926 1.926 0 0 1 2 1.873h2c.55 0 1.02.196 1.412.588.392.391.588.862.588 1.412v6H4v-2H2v2H0Zm2-4h2v-2H2v2Zm6 4v-8h4c.55 0 1.02.196 1.412.588.392.391.588.862.588 1.412v4c0 .55-.196 1.021-.588 1.413A1.926 1.926 0 0 1 12 9.873H8Zm2-2h2v-4h-2v4Zm6.85.8-1.4-1.425c.183-.183.32-.391.413-.625.091-.233.137-.483.137-.75 0-.283-.046-.537-.137-.762a1.85 1.85 0 0 0-.413-.613l1.4-1.45c.367.367.65.792.85 1.275.2.484.3 1 .3 1.55s-.1 1.063-.3 1.538c-.2.475-.483.896-.85 1.262Zm2.825 2.825-1.45-1.375c.55-.55.983-1.187 1.3-1.912A5.775 5.775 0 0 0 20 5.873c0-.85-.158-1.633-.475-2.35a6.217 6.217 0 0 0-1.3-1.9l1.45-1.4a7.94 7.94 0 0 1 1.712 2.55c.409.967.613 2 .613 3.1s-.204 2.13-.613 3.088a7.977 7.977 0 0 1-1.712 2.537Z\" fill=\"#000\"\/><\/svg>            <span>Transcripci\u00f3n<\/span>\n          <\/button>\n                      <\/div>\n      <\/div>\n\n      <div id=\"transcription-7cf930aa1128df1834f4a191cf352ea2\"\n  class=\"fixed inset-0 z-50 hidden w-screen h-screen opacity-0 pointer-events-none modal transcription\"\n  tabindex=\"-1\" role=\"dialog\">\n  <div class=\"absolute w-full h-full bg-black opacity-75 modal-overlay\"><\/div>\n  <div\n    class=\"absolute z-30 w-11\/12 mx-auto overflow-y-auto text-black bg-white shadow-lg modal-container center-xy md:max-w-4xl\"\n    role=\"document\">\n    <div class=\"flex items-center justify-between px-4 py-4 text-gray-700 border-b md:px-8\">\n      <h2 class=\"!mb-0 font-bold\">Transcripci\u00f3n<\/h2>\n      <div class=\"z-50 flex flex-col items-center ml-auto cursor-pointer rtl:ml-0 rtl:mr-auto modal-close\">\n        <svg class=\"w-auto h-6\" width=\"18\" height=\"23\" xmlns=\"http:\/\/www.w3.org\/2000\/svg\">\n  <g stroke=\"currentColor\" fill=\"none\" fill-rule=\"evenodd\" stroke-linecap=\"square\">\n    <path d=\"M.7248.974l16.1076 20.6167M16.655 1.2654L.9097 22.1601\" \/>\n  <\/g>\n<\/svg>        <div class=\"hidden\">Close<\/div>\n      <\/div>\n    <\/div>\n    <div class=\"px-4 py-8 overflow-y-auto max-h-modal md:px-8 modal-content\">\n      <div class=\"mb-8 flex flex-col gap-1.5\">\n                      <h3 class=\"text-xl font-bold\">El interior como era a principios del siglo XX<\/h3>\n                            <\/div>\n            <p>Santa Maria de Cardet, como ya hemos dicho, es la iglesia m\u00e1s peque\u00f1a de todas las de La Vall. Actualmente, el interior del edificio parece a\u00fan m\u00e1s reducido, debido a la presencia del retablo barroco, que esconde el espacio del \u00e1bside.<br \/>\nEsta iglesia ha sido restaurada, como las dem\u00e1s del conjunto, pero en este caso se opt\u00f3 por mantener el interior tal y como era a principios del siglo xx. Se han respetado los a\u00f1adidos arquitect\u00f3nicos y bienes muebles posteriores a la \u00e9poca rom\u00e1nica para dejar testimonio de su evoluci\u00f3n. Hay que entender, por tanto, que el resto de iglesias de La Vall tambi\u00e9n ten\u00edan este aspecto, pero las restauraciones las han devuelto a su aspecto rom\u00e1nico.<\/p>\n<p>Desde donde est\u00e1s, tambi\u00e9n puedes ver una reproducci\u00f3n del frontal de altar, dedicado a Mar\u00eda y a la ni\u00f1ez de Cristo. El original est\u00e1 en el Museu Nacional d\u2019Art de Catalunya, y est\u00e1 datado en la segunda mitad del siglo XIII.<br \/>\nEn el frontal se representan varias escenas de la vida de la Virgen. En medio, la Virgen con el Ni\u00f1o Jes\u00fas en su regazo. En la parte de arriba, a la izquierda, est\u00e1 representado el momento en que el \u00e1ngel visit\u00f3 a Mar\u00eda. A la derecha, arriba, el nacimiento de Jes\u00fas. Abajo, a la izquierda, la llegada de los Reyes Magos. Y abajo, a la derecha, el momento en que Mar\u00eda y Jos\u00e9 huyen de los romanos hacia Egipto con el peque\u00f1o Jes\u00fas.<\/p>\n<p>El llamado taller de la Ribagor\u00e7a fue el encargado de realizar el frontal de Santa Maria de Cardet. De este taller se conocen varias obras, todas ellas muy parecidas entre s\u00ed en t\u00e9cnica y estilo.<\/p>\n<p><em>Sonido de interferencias<\/em>.<br \/>\n<strong>Maestro:<\/strong> Tienes que centrarte en los relieves de estuco, Jaume.<br \/>\n<strong>Jaume:<\/strong> Pero, maestro, hace ya tiempo que trabajo el estuco. Quiero una oportunidad para pintar las figuras. S\u00e9 que puedo hacerlo.<br \/>\n<strong>Maestro:<\/strong> No tengas prisa; la oportunidad te llegar\u00e1. Por ahora, c\u00e9ntrate en los marcos y en los fondos.<br \/>\n<strong>Jaume:<\/strong> \u00bfHasta cu\u00e1ndo, maestro? Esto es una tarea menor. Llevo tiempo prepar\u00e1ndome. Me he fijado mucho en su trabajo y conozco bien el oficio.<br \/>\n<strong>Maestro:<\/strong> Jaume, estar\u00e1s preparado cuando entiendas el valor de los marcos y los fondos con relieves de estuco. Cada elemento forma parte de la obra final, y todos deben estar hechos con la misma maestr\u00eda y humildad. Vuelve al trabajo; todav\u00eda te quedan muchas cosas por aprender.<br \/>\n<em>Sonido de interferencias<\/em>.<\/p>\n<p>Detr\u00e1s del retablo hay un dep\u00f3sito de grano, lo que nos da una perspectiva nueva de los usos de los espacios religiosos. Pese a quedar oculto, puede accederse a \u00e9l por una peque\u00f1a puerta, a la derecha del retablo. El dep\u00f3sito de grano queda a la altura de la cintura y tiene una peque\u00f1a tapa de madera. Cuando est\u00e9s dentro, tambi\u00e9n podr\u00e1s ver, con un friso de dientes de sierra, la decoraci\u00f3n propia del primer rom\u00e1nico. Lo que lo hace singular es que este tipo de decoraciones eran muy poco habituales en los interiores.<\/p>\n<p>Dentro de la iglesia de Santa Maria de Cardet tambi\u00e9n se conserv\u00f3, hasta principios del siglo xx, una traviesa original con decoraci\u00f3n pict\u00f3rica. En la parte superior de esta viga hay dos agujeros en los que se encajaba un grupo escult\u00f3rico, seguramente de tres figuras; por tanto, un calvario, Cristo en la cruz con san Juan y la Virgen Mar\u00eda. Actualmente, esta viga est\u00e1 conservada en el MNAC. Con el recurso de realidad virtual podr\u00e1s verla en su emplazamiento original.<\/p>\n<p>Ahora, para visitar la cripta, debes bajar por las escaleras situadas en medio de la nave y pasar por un corredor estrecho.<\/p>\n    <\/div>\n  <\/div>\n<\/div>\n    <\/section>\n\n\n<div class=\"flex flex-col gap-3 element interactive-block\">\n  <div class=\"flex items-center gap-6\">\n              <h2 class=\"text-2xl font-bold\">Recurso virtual: Viga que se conserva en el MNAC<\/h2>\n      <\/div>\n          <div class=\"flex justify-end w-full\">\n      <div class=\"flex flex-col items-center gap-2 shrink-1\">\n        <button data-target=\"#embed-69f5c6907b74b\" data-toggle=\"modal\"\n          class=\"flex items-center justify-center w-32 h-32 bg-black rounded-full text-accent\">\n          <svg class=\"w-16 h-auto\" width=\"60\" height=\"61\" viewBox=\"0 0 60 61\" fill=\"none\" xmlns=\"http:\/\/www.w3.org\/2000\/svg\">\n  <path\n    d=\"M27 53.298L12 44.673C11.05 44.1231 10.3125 43.398 9.7875 42.498C9.2625 41.598 9 40.598 9 39.498V22.248C9 21.148 9.2625 20.148 9.7875 19.248C10.3125 18.348 11.05 17.623 12 17.073L27 8.44805C27.95 7.89805 28.95 7.62305 30 7.62305C31.05 7.62305 32.05 7.89805 33 8.44805L48 17.073C48.95 17.623 49.6875 18.348 50.2125 19.248C50.7375 20.148 51 21.148 51 22.248V39.498C51 40.598 50.7375 41.598 50.2125 42.498C49.6875 43.398 48.95 44.1231 48 44.673L33 53.298C32.05 53.848 31.05 54.123 30 54.123C28.95 54.123 27.95 53.848 27 53.298ZM27 46.398V32.598L15 25.623V39.498L27 46.398ZM33 46.398L45 39.498V25.623L33 32.598V46.398ZM0 15.873V6.87305C0 5.22305 0.5875 3.81055 1.7625 2.63555C2.9375 1.46055 4.35 0.873047 6 0.873047H15V6.87305H6V15.873H0ZM15 60.873H6C4.35 60.873 2.9375 60.2855 1.7625 59.1105C0.5875 57.9355 0 56.523 0 54.873V45.8731H6V54.873H15V60.873ZM45 60.873V54.873H54V45.8731H60V54.873C60 56.523 59.4125 57.9355 58.2375 59.1105C57.0625 60.2855 55.65 60.873 54 60.873H45ZM54 15.873V6.87305H45V0.873047H54C55.65 0.873047 57.0625 1.46055 58.2375 2.63555C59.4125 3.81055 60 5.22305 60 6.87305V15.873H54ZM30 27.423L41.85 20.448L30 13.623L18.15 20.448L30 27.423Z\"\n    fill=\"currentColor\" \/>\n<\/svg>\n        <\/button>\n                  <p class=\"text-base text-center\">Mira<\/p>\n              <\/div>\n    <\/div>\n    <div id=\"embed-69f5c6907b74b\"\n  class=\"fixed inset-0 z-50 hidden w-screen h-screen opacity-0 pointer-events-none modal embed-container\"\n  tabindex=\"-1\" role=\"dialog\">\n  <div class=\"absolute w-full h-full bg-black opacity-75 modal-overlay\"><\/div>\n  <div\n    class=\"absolute z-30 w-11\/12 mx-auto overflow-y-auto text-black bg-white shadow-lg modal-container center-xy md:max-w-4xl\"\n    role=\"document\">\n    <div class=\"flex items-center justify-between px-4 py-4 text-gray-700 border-b md:px-8\">\n      <h2 class=\"!mb-0 font-bold\">Mira<\/h2>\n      <div class=\"z-50 flex flex-col items-center ml-auto cursor-pointer rtl:ml-0 rtl:mr-auto modal-close\">\n        <svg class=\"w-auto h-6\" width=\"18\" height=\"23\" xmlns=\"http:\/\/www.w3.org\/2000\/svg\">\n  <g stroke=\"currentColor\" fill=\"none\" fill-rule=\"evenodd\" stroke-linecap=\"square\">\n    <path d=\"M.7248.974l16.1076 20.6167M16.655 1.2654L.9097 22.1601\" \/>\n  <\/g>\n<\/svg>        <div class=\"hidden\">Close<\/div>\n      <\/div>\n    <\/div>\n    <div class=\"px-4 py-8 overflow-y-auto max-h-modal md:px-8 modal-content\">\n      <div class=\"sketchfab-embed-wrapper\"> <iframe title=\"Biga de Cardet. Reconstrucci\u00f3 hipot\u00e8tica\" frameborder=\"0\" allowfullscreen mozallowfullscreen=\"true\" webkitallowfullscreen=\"true\" allow=\"autoplay; fullscreen; xr-spatial-tracking\" xr-spatial-tracking execution-while-out-of-viewport execution-while-not-rendered web-share src=\"https:\/\/sketchfab.com\/models\/c87001ca1459474db3fab2b917891e85\/embed?ui_infos=0\"> <\/iframe> <\/div>\n    <\/div>\n  <\/div>\n<\/div>\n  <\/div>\n\n\n<div class=\"flex flex-col gap-3 element text-block\">\n  <div class=\"flex items-center gap-6\">\n              <h2 class=\"text-2xl font-bold\">8e Cripta<\/h2>\n      <\/div>\n    <\/div>\n\n\n<div class=\"flex flex-col gap-6 element image-block\">\n  <div class=\"flex flex-col gap-3\">\n      <\/div>\n      <figure>\n      <img loading=\"lazy\" decoding=\"async\" width=\"1039\" height=\"704\" src=\"https:\/\/guiesullsdelahistoria.cat\/app\/uploads\/2024\/11\/cripta-Cardet.jpg\" class=\"w-full h-auto\" alt=\"Cripta de la iglesia de Santa Maria de Cardet con una pila de aceite rom\u00e1nica y la luz entrando por la \u00fanica apertura.\" srcset=\"https:\/\/guiesullsdelahistoria.cat\/app\/uploads\/2024\/11\/cripta-Cardet.jpg 1039w, https:\/\/guiesullsdelahistoria.cat\/app\/uploads\/2024\/11\/cripta-Cardet-300x203.jpg 300w, https:\/\/guiesullsdelahistoria.cat\/app\/uploads\/2024\/11\/cripta-Cardet-1024x694.jpg 1024w, https:\/\/guiesullsdelahistoria.cat\/app\/uploads\/2024\/11\/cripta-Cardet-768x520.jpg 768w\" sizes=\"auto, (max-width: 1039px) 100vw, 1039px\" \/>\n              <figcaption class=\"pt-2 text-gray-800\">Cripta de Santa Maria de Cardet.<\/figcaption>\n          <\/figure>\n  <\/div>\n\n\n<section class=\"element audio-block\">\n  <div class=\"flex flex-col w-full gap-6\">\n    <div class=\"flex flex-col gap-3\">\n      <div class=\"flex gap-6\">\n                          <h2 class=\"text-2xl font-bold\">Un espacio para tumbas y reliquias<\/h2>\n              <\/div>\n          <\/div>\n    <div class=\"flex items-center justify-end gap-3\">\n              <div class=\"flex-1 audio-content\" dir=\"ltr\">\n          <audio id=\"audio-85924c0a086fa59a1bee6a41c6a69d55\" data-label=\"Un espacio para tumbas y reliquias\"\n            data-category=\"SANTA-MARIA-DE-CARDET-ES-GENERAL-PLAY-4.mp3\" class=\"hidden\" controls\n            src=\"https:\/\/guiesullsdelahistoria.cat\/app\/uploads\/2024\/11\/SANTA-MARIA-DE-CARDET-ES-GENERAL-PLAY-4.mp3\"><\/audio>\n          <div class=\"flex items-center w-full gap-3 transition-opacity opacity-0 meta\">\n            <progress class=\"flex-1 border-0 appearance-none\" value=\"0\" max=\"1\"><\/progress>\n            <div class=\"text-sm text-center shrink-0 current-time w-9\"><\/div>\n                      <\/div>\n        <\/div>\n            <div class=\"flex flex-col items-center gap-2 shrink-1 audio-control\">\n        <button\n  class=\"flex items-center justify-center w-32 max-w-32 h-32 max-h-32 transition-[max-height,_max-width] bg-black rounded-full btn text-accent\"\n  data-target=\"#audio-85924c0a086fa59a1bee6a41c6a69d55\">\n  <svg width=\"100%\" height=\"100%\" viewBox=\"0 0 36 36\" version=\"1.1\" xmlns=\"http:\/\/www.w3.org\/2000\/svg\" xmlns:xlink=\"http:\/\/www.w3.org\/1999\/xlink\">\n  <path id=\"ytp-12\" d=\"M11,10 L18,13.74 18,22.28 11,26 M18,13.74 L26,18 26,18 18,22.28\" fill=\"currentColor\">\n    <animate id=\"animation\" begin=\"indefinite\" attributeType=\"XML\" attributeName=\"d\" fill=\"freeze\" from=\"M11,10 L17,10 17,26 11,26 M20,10 L26,10 26,26 20,26\" to=\"M11,10 L18,13.74 18,22.28 11,26 M18,13.74 L26,18 26,18 18,22.28\" dur=\"0.1s\" keySplines=\".4 0 1 1\" repeatCount=\"1\" data-play=\"M11,10 L18,13.74 18,22.28 11,26 M18,13.74 L26,18 26,18 18,22.28\" data-pause=\"M11,10 L17,10 17,26 11,26 M20,10 L26,10 26,26 20,26\"><\/animate>\n  <\/path>\n<\/svg>\n<\/button>\n        <p class=\"text-base text-center\">Escucha<\/p>\n      <\/div>\n    <\/div>\n\n    \n          <div class=\"flex flex-wrap justify-between gap-6 md:justify-start\">\n                  <button data-target=\"#transcription-85924c0a086fa59a1bee6a41c6a69d55\" data-toggle=\"modal\" class=\"flex items-center gap-2\">\n            <svg class=\"w-6 h-6\" fill=\"none\" xmlns=\"http:\/\/www.w3.org\/2000\/svg\" viewBox=\"0 0 22 12\"><path d=\"M0 9.873v-6c0-.55.196-1.02.588-1.412A1.926 1.926 0 0 1 2 1.873h2c.55 0 1.02.196 1.412.588.392.391.588.862.588 1.412v6H4v-2H2v2H0Zm2-4h2v-2H2v2Zm6 4v-8h4c.55 0 1.02.196 1.412.588.392.391.588.862.588 1.412v4c0 .55-.196 1.021-.588 1.413A1.926 1.926 0 0 1 12 9.873H8Zm2-2h2v-4h-2v4Zm6.85.8-1.4-1.425c.183-.183.32-.391.413-.625.091-.233.137-.483.137-.75 0-.283-.046-.537-.137-.762a1.85 1.85 0 0 0-.413-.613l1.4-1.45c.367.367.65.792.85 1.275.2.484.3 1 .3 1.55s-.1 1.063-.3 1.538c-.2.475-.483.896-.85 1.262Zm2.825 2.825-1.45-1.375c.55-.55.983-1.187 1.3-1.912A5.775 5.775 0 0 0 20 5.873c0-.85-.158-1.633-.475-2.35a6.217 6.217 0 0 0-1.3-1.9l1.45-1.4a7.94 7.94 0 0 1 1.712 2.55c.409.967.613 2 .613 3.1s-.204 2.13-.613 3.088a7.977 7.977 0 0 1-1.712 2.537Z\" fill=\"#000\"\/><\/svg>            <span>Transcripci\u00f3n<\/span>\n          <\/button>\n                      <\/div>\n      <\/div>\n\n      <div id=\"transcription-85924c0a086fa59a1bee6a41c6a69d55\"\n  class=\"fixed inset-0 z-50 hidden w-screen h-screen opacity-0 pointer-events-none modal transcription\"\n  tabindex=\"-1\" role=\"dialog\">\n  <div class=\"absolute w-full h-full bg-black opacity-75 modal-overlay\"><\/div>\n  <div\n    class=\"absolute z-30 w-11\/12 mx-auto overflow-y-auto text-black bg-white shadow-lg modal-container center-xy md:max-w-4xl\"\n    role=\"document\">\n    <div class=\"flex items-center justify-between px-4 py-4 text-gray-700 border-b md:px-8\">\n      <h2 class=\"!mb-0 font-bold\">Transcripci\u00f3n<\/h2>\n      <div class=\"z-50 flex flex-col items-center ml-auto cursor-pointer rtl:ml-0 rtl:mr-auto modal-close\">\n        <svg class=\"w-auto h-6\" width=\"18\" height=\"23\" xmlns=\"http:\/\/www.w3.org\/2000\/svg\">\n  <g stroke=\"currentColor\" fill=\"none\" fill-rule=\"evenodd\" stroke-linecap=\"square\">\n    <path d=\"M.7248.974l16.1076 20.6167M16.655 1.2654L.9097 22.1601\" \/>\n  <\/g>\n<\/svg>        <div class=\"hidden\">Close<\/div>\n      <\/div>\n    <\/div>\n    <div class=\"px-4 py-8 overflow-y-auto max-h-modal md:px-8 modal-content\">\n      <div class=\"mb-8 flex flex-col gap-1.5\">\n                      <h3 class=\"text-xl font-bold\">Un espacio para tumbas y reliquias<\/h3>\n                            <\/div>\n            <p>Est\u00e1s en la cripta, situada debajo del presbiterio. Normalmente, las criptas se utilizaban para colocar alguna tumba o las reliquias de un santo. El espacio est\u00e1 adaptado a la forma semicircular del \u00e1bside y est\u00e1 cubierto por una b\u00f3veda de ca\u00f1\u00f3n. Si miras arriba, podr\u00e1s ver las marcas de las ca\u00f1as que se utilizaron como estructura para la construcci\u00f3n del techo. En la parte central del muro se abre una ventana, que es el \u00fanico punto de iluminaci\u00f3n. Tambi\u00e9n puedes ver la pila del aceite, que se utilizaba para encender las l\u00e1mparas que iluminaban la iglesia. <\/p>\n<p>Ahora puedes ir al coro, donde todav\u00eda te espera otra sorpresa. <\/p>\n    <\/div>\n  <\/div>\n<\/div>\n    <\/section>\n\n\n<div class=\"flex flex-col gap-3 element text-block\">\n  <div class=\"flex items-center gap-6\">\n              <h2 class=\"text-2xl font-bold\">8f Coro<\/h2>\n      <\/div>\n    <\/div>\n\n\n<div class=\"flex flex-col gap-6 element image-block\">\n  <div class=\"flex flex-col gap-3\">\n      <\/div>\n      <figure>\n      <img loading=\"lazy\" decoding=\"async\" width=\"1200\" height=\"1600\" src=\"https:\/\/guiesullsdelahistoria.cat\/app\/uploads\/2024\/11\/Assumpcio_de_Coll_escales_ultim_pis.jpeg\" class=\"w-full h-auto\" alt=\"Coro de la iglesia de Santa Maria de Cardet con la peque\u00f1a escalera que conduce al espacio superior.\" srcset=\"https:\/\/guiesullsdelahistoria.cat\/app\/uploads\/2024\/11\/Assumpcio_de_Coll_escales_ultim_pis.jpeg 1200w, https:\/\/guiesullsdelahistoria.cat\/app\/uploads\/2024\/11\/Assumpcio_de_Coll_escales_ultim_pis-225x300.jpeg 225w, https:\/\/guiesullsdelahistoria.cat\/app\/uploads\/2024\/11\/Assumpcio_de_Coll_escales_ultim_pis-768x1024.jpeg 768w, https:\/\/guiesullsdelahistoria.cat\/app\/uploads\/2024\/11\/Assumpcio_de_Coll_escales_ultim_pis-1152x1536.jpeg 1152w\" sizes=\"auto, (max-width: 1200px) 100vw, 1200px\" \/>\n              <figcaption class=\"pt-2 text-gray-800\">Coro de Santa Maria de Cardet.<\/figcaption>\n          <\/figure>\n  <\/div>\n\n\n<section class=\"element audio-block\">\n  <div class=\"flex flex-col w-full gap-6\">\n    <div class=\"flex flex-col gap-3\">\n      <div class=\"flex gap-6\">\n                          <h2 class=\"text-2xl font-bold\">El acceso al nivel oculto<\/h2>\n              <\/div>\n          <\/div>\n    <div class=\"flex items-center justify-end gap-3\">\n              <div class=\"flex-1 audio-content\" dir=\"ltr\">\n          <audio id=\"audio-b5c550a5df2ba2c7c30940532ce1d01e\" data-label=\"El acceso al nivel oculto\"\n            data-category=\"SANTA-MARIA-DE-CARDET-ES-GENERAL-PLAY-5.mp3\" class=\"hidden\" controls\n            src=\"https:\/\/guiesullsdelahistoria.cat\/app\/uploads\/2024\/11\/SANTA-MARIA-DE-CARDET-ES-GENERAL-PLAY-5.mp3\"><\/audio>\n          <div class=\"flex items-center w-full gap-3 transition-opacity opacity-0 meta\">\n            <progress class=\"flex-1 border-0 appearance-none\" value=\"0\" max=\"1\"><\/progress>\n            <div class=\"text-sm text-center shrink-0 current-time w-9\"><\/div>\n                      <\/div>\n        <\/div>\n            <div class=\"flex flex-col items-center gap-2 shrink-1 audio-control\">\n        <button\n  class=\"flex items-center justify-center w-32 max-w-32 h-32 max-h-32 transition-[max-height,_max-width] bg-black rounded-full btn text-accent\"\n  data-target=\"#audio-b5c550a5df2ba2c7c30940532ce1d01e\">\n  <svg width=\"100%\" height=\"100%\" viewBox=\"0 0 36 36\" version=\"1.1\" xmlns=\"http:\/\/www.w3.org\/2000\/svg\" xmlns:xlink=\"http:\/\/www.w3.org\/1999\/xlink\">\n  <path id=\"ytp-12\" d=\"M11,10 L18,13.74 18,22.28 11,26 M18,13.74 L26,18 26,18 18,22.28\" fill=\"currentColor\">\n    <animate id=\"animation\" begin=\"indefinite\" attributeType=\"XML\" attributeName=\"d\" fill=\"freeze\" from=\"M11,10 L17,10 17,26 11,26 M20,10 L26,10 26,26 20,26\" to=\"M11,10 L18,13.74 18,22.28 11,26 M18,13.74 L26,18 26,18 18,22.28\" dur=\"0.1s\" keySplines=\".4 0 1 1\" repeatCount=\"1\" data-play=\"M11,10 L18,13.74 18,22.28 11,26 M18,13.74 L26,18 26,18 18,22.28\" data-pause=\"M11,10 L17,10 17,26 11,26 M20,10 L26,10 26,26 20,26\"><\/animate>\n  <\/path>\n<\/svg>\n<\/button>\n        <p class=\"text-base text-center\">Escucha<\/p>\n      <\/div>\n    <\/div>\n\n    \n          <div class=\"flex flex-wrap justify-between gap-6 md:justify-start\">\n                  <button data-target=\"#transcription-b5c550a5df2ba2c7c30940532ce1d01e\" data-toggle=\"modal\" class=\"flex items-center gap-2\">\n            <svg class=\"w-6 h-6\" fill=\"none\" xmlns=\"http:\/\/www.w3.org\/2000\/svg\" viewBox=\"0 0 22 12\"><path d=\"M0 9.873v-6c0-.55.196-1.02.588-1.412A1.926 1.926 0 0 1 2 1.873h2c.55 0 1.02.196 1.412.588.392.391.588.862.588 1.412v6H4v-2H2v2H0Zm2-4h2v-2H2v2Zm6 4v-8h4c.55 0 1.02.196 1.412.588.392.391.588.862.588 1.412v4c0 .55-.196 1.021-.588 1.413A1.926 1.926 0 0 1 12 9.873H8Zm2-2h2v-4h-2v4Zm6.85.8-1.4-1.425c.183-.183.32-.391.413-.625.091-.233.137-.483.137-.75 0-.283-.046-.537-.137-.762a1.85 1.85 0 0 0-.413-.613l1.4-1.45c.367.367.65.792.85 1.275.2.484.3 1 .3 1.55s-.1 1.063-.3 1.538c-.2.475-.483.896-.85 1.262Zm2.825 2.825-1.45-1.375c.55-.55.983-1.187 1.3-1.912A5.775 5.775 0 0 0 20 5.873c0-.85-.158-1.633-.475-2.35a6.217 6.217 0 0 0-1.3-1.9l1.45-1.4a7.94 7.94 0 0 1 1.712 2.55c.409.967.613 2 .613 3.1s-.204 2.13-.613 3.088a7.977 7.977 0 0 1-1.712 2.537Z\" fill=\"#000\"\/><\/svg>            <span>Transcripci\u00f3n<\/span>\n          <\/button>\n                      <\/div>\n      <\/div>\n\n      <div id=\"transcription-b5c550a5df2ba2c7c30940532ce1d01e\"\n  class=\"fixed inset-0 z-50 hidden w-screen h-screen opacity-0 pointer-events-none modal transcription\"\n  tabindex=\"-1\" role=\"dialog\">\n  <div class=\"absolute w-full h-full bg-black opacity-75 modal-overlay\"><\/div>\n  <div\n    class=\"absolute z-30 w-11\/12 mx-auto overflow-y-auto text-black bg-white shadow-lg modal-container center-xy md:max-w-4xl\"\n    role=\"document\">\n    <div class=\"flex items-center justify-between px-4 py-4 text-gray-700 border-b md:px-8\">\n      <h2 class=\"!mb-0 font-bold\">Transcripci\u00f3n<\/h2>\n      <div class=\"z-50 flex flex-col items-center ml-auto cursor-pointer rtl:ml-0 rtl:mr-auto modal-close\">\n        <svg class=\"w-auto h-6\" width=\"18\" height=\"23\" xmlns=\"http:\/\/www.w3.org\/2000\/svg\">\n  <g stroke=\"currentColor\" fill=\"none\" fill-rule=\"evenodd\" stroke-linecap=\"square\">\n    <path d=\"M.7248.974l16.1076 20.6167M16.655 1.2654L.9097 22.1601\" \/>\n  <\/g>\n<\/svg>        <div class=\"hidden\">Close<\/div>\n      <\/div>\n    <\/div>\n    <div class=\"px-4 py-8 overflow-y-auto max-h-modal md:px-8 modal-content\">\n      <div class=\"mb-8 flex flex-col gap-1.5\">\n                      <h3 class=\"text-xl font-bold\">El acceso al nivel oculto<\/h3>\n                            <\/div>\n            <p>Hasta ahora, has visto tres niveles distintos de la iglesia: el m\u00e1s bajo, el de la cripta; el de la planta, donde se celebran las ceremonias, y este donde est\u00e1s ahora, el coro. Pero si subes por la peque\u00f1a escalera que tienes detr\u00e1s y te asomas, podr\u00e1s ver que todav\u00eda hay otro espacio m\u00e1s arriba. Es el espacio que qued\u00f3 despu\u00e9s de construir la b\u00f3veda del siglo XVIII. <\/p>\n    <\/div>\n  <\/div>\n<\/div>\n    <\/section>\n\n\n<div class=\"flex flex-col gap-3 element text-block\">\n  <div class=\"flex items-center gap-6\">\n              <h2 class=\"text-2xl font-bold\">8g \u00a1Te esperamos!<\/h2>\n      <\/div>\n    <\/div>\n\n\n<section class=\"element audio-block\">\n  <div class=\"flex flex-col w-full gap-6\">\n    <div class=\"flex flex-col gap-3\">\n      <div class=\"flex gap-6\">\n                          <h2 class=\"text-2xl font-bold\">La visita contin\u00faa<\/h2>\n              <\/div>\n          <\/div>\n    <div class=\"flex items-center justify-end gap-3\">\n              <div class=\"flex-1 audio-content\" dir=\"ltr\">\n          <audio id=\"audio-6d02967dc5dffc81b3b5f8fd92351f67\" data-label=\"La visita contin\u00faa\"\n            data-category=\"SANTA-MARIA-DE-CARDET-ES-GENERAL-PLAY-CLOENDA.mp3\" class=\"hidden\" controls\n            src=\"https:\/\/guiesullsdelahistoria.cat\/app\/uploads\/2024\/11\/SANTA-MARIA-DE-CARDET-ES-GENERAL-PLAY-CLOENDA.mp3\"><\/audio>\n          <div class=\"flex items-center w-full gap-3 transition-opacity opacity-0 meta\">\n            <progress class=\"flex-1 border-0 appearance-none\" value=\"0\" max=\"1\"><\/progress>\n            <div class=\"text-sm text-center shrink-0 current-time w-9\"><\/div>\n                      <\/div>\n        <\/div>\n            <div class=\"flex flex-col items-center gap-2 shrink-1 audio-control\">\n        <button\n  class=\"flex items-center justify-center w-32 max-w-32 h-32 max-h-32 transition-[max-height,_max-width] bg-black rounded-full btn text-accent\"\n  data-target=\"#audio-6d02967dc5dffc81b3b5f8fd92351f67\">\n  <svg width=\"100%\" height=\"100%\" viewBox=\"0 0 36 36\" version=\"1.1\" xmlns=\"http:\/\/www.w3.org\/2000\/svg\" xmlns:xlink=\"http:\/\/www.w3.org\/1999\/xlink\">\n  <path id=\"ytp-12\" d=\"M11,10 L18,13.74 18,22.28 11,26 M18,13.74 L26,18 26,18 18,22.28\" fill=\"currentColor\">\n    <animate id=\"animation\" begin=\"indefinite\" attributeType=\"XML\" attributeName=\"d\" fill=\"freeze\" from=\"M11,10 L17,10 17,26 11,26 M20,10 L26,10 26,26 20,26\" to=\"M11,10 L18,13.74 18,22.28 11,26 M18,13.74 L26,18 26,18 18,22.28\" dur=\"0.1s\" keySplines=\".4 0 1 1\" repeatCount=\"1\" data-play=\"M11,10 L18,13.74 18,22.28 11,26 M18,13.74 L26,18 26,18 18,22.28\" data-pause=\"M11,10 L17,10 17,26 11,26 M20,10 L26,10 26,26 20,26\"><\/animate>\n  <\/path>\n<\/svg>\n<\/button>\n        <p class=\"text-base text-center\">Escucha<\/p>\n      <\/div>\n    <\/div>\n\n    \n          <div class=\"flex flex-wrap justify-between gap-6 md:justify-start\">\n                  <button data-target=\"#transcription-6d02967dc5dffc81b3b5f8fd92351f67\" data-toggle=\"modal\" class=\"flex items-center gap-2\">\n            <svg class=\"w-6 h-6\" fill=\"none\" xmlns=\"http:\/\/www.w3.org\/2000\/svg\" viewBox=\"0 0 22 12\"><path d=\"M0 9.873v-6c0-.55.196-1.02.588-1.412A1.926 1.926 0 0 1 2 1.873h2c.55 0 1.02.196 1.412.588.392.391.588.862.588 1.412v6H4v-2H2v2H0Zm2-4h2v-2H2v2Zm6 4v-8h4c.55 0 1.02.196 1.412.588.392.391.588.862.588 1.412v4c0 .55-.196 1.021-.588 1.413A1.926 1.926 0 0 1 12 9.873H8Zm2-2h2v-4h-2v4Zm6.85.8-1.4-1.425c.183-.183.32-.391.413-.625.091-.233.137-.483.137-.75 0-.283-.046-.537-.137-.762a1.85 1.85 0 0 0-.413-.613l1.4-1.45c.367.367.65.792.85 1.275.2.484.3 1 .3 1.55s-.1 1.063-.3 1.538c-.2.475-.483.896-.85 1.262Zm2.825 2.825-1.45-1.375c.55-.55.983-1.187 1.3-1.912A5.775 5.775 0 0 0 20 5.873c0-.85-.158-1.633-.475-2.35a6.217 6.217 0 0 0-1.3-1.9l1.45-1.4a7.94 7.94 0 0 1 1.712 2.55c.409.967.613 2 .613 3.1s-.204 2.13-.613 3.088a7.977 7.977 0 0 1-1.712 2.537Z\" fill=\"#000\"\/><\/svg>            <span>Transcripci\u00f3n<\/span>\n          <\/button>\n                      <\/div>\n      <\/div>\n\n      <div id=\"transcription-6d02967dc5dffc81b3b5f8fd92351f67\"\n  class=\"fixed inset-0 z-50 hidden w-screen h-screen opacity-0 pointer-events-none modal transcription\"\n  tabindex=\"-1\" role=\"dialog\">\n  <div class=\"absolute w-full h-full bg-black opacity-75 modal-overlay\"><\/div>\n  <div\n    class=\"absolute z-30 w-11\/12 mx-auto overflow-y-auto text-black bg-white shadow-lg modal-container center-xy md:max-w-4xl\"\n    role=\"document\">\n    <div class=\"flex items-center justify-between px-4 py-4 text-gray-700 border-b md:px-8\">\n      <h2 class=\"!mb-0 font-bold\">Transcripci\u00f3n<\/h2>\n      <div class=\"z-50 flex flex-col items-center ml-auto cursor-pointer rtl:ml-0 rtl:mr-auto modal-close\">\n        <svg class=\"w-auto h-6\" width=\"18\" height=\"23\" xmlns=\"http:\/\/www.w3.org\/2000\/svg\">\n  <g stroke=\"currentColor\" fill=\"none\" fill-rule=\"evenodd\" stroke-linecap=\"square\">\n    <path d=\"M.7248.974l16.1076 20.6167M16.655 1.2654L.9097 22.1601\" \/>\n  <\/g>\n<\/svg>        <div class=\"hidden\">Close<\/div>\n      <\/div>\n    <\/div>\n    <div class=\"px-4 py-8 overflow-y-auto max-h-modal md:px-8 modal-content\">\n      <div class=\"mb-8 flex flex-col gap-1.5\">\n                      <h3 class=\"text-xl font-bold\">La visita contin\u00faa<\/h3>\n                            <\/div>\n            <p>Aqu\u00ed termina la visita a la iglesia. Ahora te invitamos a conocer las dem\u00e1s, que constituyen el Conjunto Rom\u00e1nico de la Vall de Bo\u00ed. \u00a1Te esperamos!<\/p>\n    <\/div>\n  <\/div>\n<\/div>\n    <\/section>\n\n\n<div class=\"flex flex-col gap-3 element text-block\">\n  <div class=\"flex items-center gap-6\">\n              <h2 class=\"text-2xl font-bold\">Cierre<\/h2>\n      <\/div>\n        <div class=\"prose prose-lg\"><p>\u201c<em>Els Ulls de la Hist\u00f2ria<\/em>. Una mirada inmersiva sobre el patrimonio\u201d es una iniciativa de la Ag\u00e8ncia Catalana del Patrimoni Cultural.<br \/>\nUn proyecto que incorpora otras voces y otras miradas sobre nuestro pasado. Porque todas y todos hacemos historia.<\/p>\n<\/div>\n  <\/div>\n\n<\/div>\n      <\/div>\n    <\/div>\n  <\/section>\n\n\n<section class=\"overflow-hidden section\" id=\"section-69f5c69096ba7\" data-title=\"9. Santa Maria de Ta\u00fcll\">\n    <div class=\"container grid grid-cols-1 py-8 md:py-10 max-md:gap-y-8 md:grid-standard\">\n              <div class=\"flex gap-4 md:col-span-5\">\n                                <h2 class=\"text-8 font-headings\">9. Santa Maria de Ta\u00fcll<\/h2>\n                  <\/div>\n            <div class=\"flex flex-col gap-8 md:col-span-6 md:col-start-7 md:gap-10\">\n        <div class=\"acf-innerblocks-container\">\n<div class=\"flex flex-col gap-3 element text-block\">\n  <div class=\"flex items-center gap-6\">\n              <h2 class=\"text-2xl font-bold\">9a Introducci\u00f3n<\/h2>\n      <\/div>\n    <\/div>\n\n\n<div class=\"flex flex-col gap-6 element image-block\">\n  <div class=\"flex flex-col gap-3\">\n      <\/div>\n      <figure>\n      <img loading=\"lazy\" decoding=\"async\" width=\"1600\" height=\"1073\" src=\"https:\/\/guiesullsdelahistoria.cat\/app\/uploads\/2024\/11\/Santa_Maria_de_Taull_aeria_DJI_0357.jpg\" class=\"w-full h-auto\" alt=\"Vista a\u00e9rea de la iglesia de Santa Maria de Ta\u00fcll rodeada por varias casas del pueblo y las monta\u00f1as al fondo.\" srcset=\"https:\/\/guiesullsdelahistoria.cat\/app\/uploads\/2024\/11\/Santa_Maria_de_Taull_aeria_DJI_0357.jpg 1600w, https:\/\/guiesullsdelahistoria.cat\/app\/uploads\/2024\/11\/Santa_Maria_de_Taull_aeria_DJI_0357-300x201.jpg 300w, https:\/\/guiesullsdelahistoria.cat\/app\/uploads\/2024\/11\/Santa_Maria_de_Taull_aeria_DJI_0357-1024x687.jpg 1024w, https:\/\/guiesullsdelahistoria.cat\/app\/uploads\/2024\/11\/Santa_Maria_de_Taull_aeria_DJI_0357-768x515.jpg 768w, https:\/\/guiesullsdelahistoria.cat\/app\/uploads\/2024\/11\/Santa_Maria_de_Taull_aeria_DJI_0357-1536x1030.jpg 1536w\" sizes=\"auto, (max-width: 1600px) 100vw, 1600px\" \/>\n              <figcaption class=\"pt-2 text-gray-800\">Vista a\u00e9rea de Santa Maria de Ta\u00fcll en medio del pueblo.<\/figcaption>\n          <\/figure>\n  <\/div>\n\n\n<section class=\"element audio-block\">\n  <div class=\"flex flex-col w-full gap-6\">\n    <div class=\"flex flex-col gap-3\">\n      <div class=\"flex gap-6\">\n                          <h2 class=\"text-2xl font-bold\"> La Vall de Bo\u00ed y sus iglesias<\/h2>\n              <\/div>\n          <\/div>\n    <div class=\"flex items-center justify-end gap-3\">\n              <div class=\"flex-1 audio-content\" dir=\"ltr\">\n          <audio id=\"audio-2e777ef83827218b97ea9e131531f7fc\" data-label=\" La Vall de Bo\u00ed y sus iglesias\"\n            data-category=\"SANTA-MARIA-DE-TAULL-ES-GENERAL-PLAY-0.mp3\" class=\"hidden\" controls\n            src=\"https:\/\/guiesullsdelahistoria.cat\/app\/uploads\/2024\/11\/SANTA-MARIA-DE-TAULL-ES-GENERAL-PLAY-0.mp3\"><\/audio>\n          <div class=\"flex items-center w-full gap-3 transition-opacity opacity-0 meta\">\n            <progress class=\"flex-1 border-0 appearance-none\" value=\"0\" max=\"1\"><\/progress>\n            <div class=\"text-sm text-center shrink-0 current-time w-9\"><\/div>\n                      <\/div>\n        <\/div>\n            <div class=\"flex flex-col items-center gap-2 shrink-1 audio-control\">\n        <button\n  class=\"flex items-center justify-center w-32 max-w-32 h-32 max-h-32 transition-[max-height,_max-width] bg-black rounded-full btn text-accent\"\n  data-target=\"#audio-2e777ef83827218b97ea9e131531f7fc\">\n  <svg width=\"100%\" height=\"100%\" viewBox=\"0 0 36 36\" version=\"1.1\" xmlns=\"http:\/\/www.w3.org\/2000\/svg\" xmlns:xlink=\"http:\/\/www.w3.org\/1999\/xlink\">\n  <path id=\"ytp-12\" d=\"M11,10 L18,13.74 18,22.28 11,26 M18,13.74 L26,18 26,18 18,22.28\" fill=\"currentColor\">\n    <animate id=\"animation\" begin=\"indefinite\" attributeType=\"XML\" attributeName=\"d\" fill=\"freeze\" from=\"M11,10 L17,10 17,26 11,26 M20,10 L26,10 26,26 20,26\" to=\"M11,10 L18,13.74 18,22.28 11,26 M18,13.74 L26,18 26,18 18,22.28\" dur=\"0.1s\" keySplines=\".4 0 1 1\" repeatCount=\"1\" data-play=\"M11,10 L18,13.74 18,22.28 11,26 M18,13.74 L26,18 26,18 18,22.28\" data-pause=\"M11,10 L17,10 17,26 11,26 M20,10 L26,10 26,26 20,26\"><\/animate>\n  <\/path>\n<\/svg>\n<\/button>\n        <p class=\"text-base text-center\">Escucha<\/p>\n      <\/div>\n    <\/div>\n\n    \n          <div class=\"flex flex-wrap justify-between gap-6 md:justify-start\">\n                  <button data-target=\"#transcription-2e777ef83827218b97ea9e131531f7fc\" data-toggle=\"modal\" class=\"flex items-center gap-2\">\n            <svg class=\"w-6 h-6\" fill=\"none\" xmlns=\"http:\/\/www.w3.org\/2000\/svg\" viewBox=\"0 0 22 12\"><path d=\"M0 9.873v-6c0-.55.196-1.02.588-1.412A1.926 1.926 0 0 1 2 1.873h2c.55 0 1.02.196 1.412.588.392.391.588.862.588 1.412v6H4v-2H2v2H0Zm2-4h2v-2H2v2Zm6 4v-8h4c.55 0 1.02.196 1.412.588.392.391.588.862.588 1.412v4c0 .55-.196 1.021-.588 1.413A1.926 1.926 0 0 1 12 9.873H8Zm2-2h2v-4h-2v4Zm6.85.8-1.4-1.425c.183-.183.32-.391.413-.625.091-.233.137-.483.137-.75 0-.283-.046-.537-.137-.762a1.85 1.85 0 0 0-.413-.613l1.4-1.45c.367.367.65.792.85 1.275.2.484.3 1 .3 1.55s-.1 1.063-.3 1.538c-.2.475-.483.896-.85 1.262Zm2.825 2.825-1.45-1.375c.55-.55.983-1.187 1.3-1.912A5.775 5.775 0 0 0 20 5.873c0-.85-.158-1.633-.475-2.35a6.217 6.217 0 0 0-1.3-1.9l1.45-1.4a7.94 7.94 0 0 1 1.712 2.55c.409.967.613 2 .613 3.1s-.204 2.13-.613 3.088a7.977 7.977 0 0 1-1.712 2.537Z\" fill=\"#000\"\/><\/svg>            <span>Transcripci\u00f3n<\/span>\n          <\/button>\n                      <\/div>\n      <\/div>\n\n      <div id=\"transcription-2e777ef83827218b97ea9e131531f7fc\"\n  class=\"fixed inset-0 z-50 hidden w-screen h-screen opacity-0 pointer-events-none modal transcription\"\n  tabindex=\"-1\" role=\"dialog\">\n  <div class=\"absolute w-full h-full bg-black opacity-75 modal-overlay\"><\/div>\n  <div\n    class=\"absolute z-30 w-11\/12 mx-auto overflow-y-auto text-black bg-white shadow-lg modal-container center-xy md:max-w-4xl\"\n    role=\"document\">\n    <div class=\"flex items-center justify-between px-4 py-4 text-gray-700 border-b md:px-8\">\n      <h2 class=\"!mb-0 font-bold\">Transcripci\u00f3n<\/h2>\n      <div class=\"z-50 flex flex-col items-center ml-auto cursor-pointer rtl:ml-0 rtl:mr-auto modal-close\">\n        <svg class=\"w-auto h-6\" width=\"18\" height=\"23\" xmlns=\"http:\/\/www.w3.org\/2000\/svg\">\n  <g stroke=\"currentColor\" fill=\"none\" fill-rule=\"evenodd\" stroke-linecap=\"square\">\n    <path d=\"M.7248.974l16.1076 20.6167M16.655 1.2654L.9097 22.1601\" \/>\n  <\/g>\n<\/svg>        <div class=\"hidden\">Close<\/div>\n      <\/div>\n    <\/div>\n    <div class=\"px-4 py-8 overflow-y-auto max-h-modal md:px-8 modal-content\">\n      <div class=\"mb-8 flex flex-col gap-1.5\">\n                      <h3 class=\"text-xl font-bold\"> La Vall de Bo\u00ed y sus iglesias<\/h3>\n                            <\/div>\n            <p>Te damos la bienvenida a la Vall de Bo\u00ed y te animamos a conocer su excepcional conjunto de iglesias, consideradas una de las m\u00e1ximas expresiones del arte rom\u00e1nico catal\u00e1n e inscritas en la lista de Patrimonio Mundial por la UNESCO en el a\u00f1o 2000.<br \/>\nEl Conjunto Rom\u00e1nico de la Vall de Bo\u00ed est\u00e1 integrado por nueve iglesias: Sant Climent y Santa Maria de Ta\u00fcll, Sant Joan de Bo\u00ed, Santa Eul\u00e0lia d\u2019Erill la Vall, Sant Feliu de Barruera, la Nativitat y Sant Quirc de Durro, Santa Maria de Cardet y la Assumpci\u00f3 de C\u00f3ll.<br \/>\nPero \u00bfqu\u00e9 tienen en com\u00fan este conjunto de iglesias? \u00bfPor qu\u00e9 son tan singulares? \u00bfCu\u00e1l es su historia?<br \/>\nTodas fueron construidas entre los siglos XI y XII, en un momento de poder y de bonanza econ\u00f3mica de la nobleza local, y comparten un estilo arquitect\u00f3nico, el rom\u00e1nico, muy extendido por toda Europa.<br \/>\nHoy, gran parte de las pinturas, tallas y mobiliario se conservan en varios museos catalanes, sobre todo en el Museu Nacional d\u2019Art de Catalunya. Sin embargo, algunas de las iglesias cuentan con importantes fragmentos de pintura mural y esculturas originales, adem\u00e1s de reproducciones de las que se conservan en los museos.<br \/>\nCon la gu\u00eda que tienes en tus manos, descubrir\u00e1s los valores excepcionales de este conjunto rom\u00e1nico y podr\u00e1s conocer cada una de las nueve iglesias, con sus secretos y curiosidades.<br \/>\n\u00a1Una advertencia final! Estas monta\u00f1as son misteriosas y, en los valles, las palabras de las personas que las han habitado a menudo se quedan atrapadas y resuenan a lo largo del tiempo como un eco imperceptible. Esta gu\u00eda dispone de un sensor que se activa cada vez que capta alguna. No te asustes y sigue escuchando.<\/p>\n    <\/div>\n  <\/div>\n<\/div>\n    <\/section>\n\n\n<div class=\"flex flex-col gap-3 element text-block\">\n  <div class=\"flex items-center gap-6\">\n              <h2 class=\"text-2xl font-bold\">9b Fachada principal<\/h2>\n      <\/div>\n    <\/div>\n\n\n<div class=\"flex flex-col gap-6 element image-block\">\n  <div class=\"flex flex-col gap-3\">\n      <\/div>\n      <figure>\n      <img loading=\"lazy\" decoding=\"async\" width=\"850\" height=\"565\" src=\"https:\/\/guiesullsdelahistoria.cat\/app\/uploads\/2024\/11\/Santa_Maria_de_Taull_facana_2.jpg\" class=\"w-full h-auto\" alt=\"Fachada principal de la iglesia de Santa Maria de Ta\u00fcll con una casa del pueblo en primer t\u00e9rmino a la izquierda\" srcset=\"https:\/\/guiesullsdelahistoria.cat\/app\/uploads\/2024\/11\/Santa_Maria_de_Taull_facana_2.jpg 850w, https:\/\/guiesullsdelahistoria.cat\/app\/uploads\/2024\/11\/Santa_Maria_de_Taull_facana_2-300x199.jpg 300w, https:\/\/guiesullsdelahistoria.cat\/app\/uploads\/2024\/11\/Santa_Maria_de_Taull_facana_2-768x510.jpg 768w\" sizes=\"auto, (max-width: 850px) 100vw, 850px\" \/>\n              <figcaption class=\"pt-2 text-gray-800\">Fachada principal de Santa Maria de Ta\u00fcll<\/figcaption>\n          <\/figure>\n  <\/div>\n\n\n<section class=\"element audio-block\">\n  <div class=\"flex flex-col w-full gap-6\">\n    <div class=\"flex flex-col gap-3\">\n      <div class=\"flex gap-6\">\n                          <h2 class=\"text-2xl font-bold\">La historia constructiva y la torre del campanario<\/h2>\n              <\/div>\n          <\/div>\n    <div class=\"flex items-center justify-end gap-3\">\n              <div class=\"flex-1 audio-content\" dir=\"ltr\">\n          <audio id=\"audio-4e31fa5211edf25fce540fe5ccf3fb1c\" data-label=\"La historia constructiva y la torre del campanario\"\n            data-category=\"SANTA-MARIA-DE-TAULL-ES-GENERAL-PLAY-1.mp3\" class=\"hidden\" controls\n            src=\"https:\/\/guiesullsdelahistoria.cat\/app\/uploads\/2024\/11\/SANTA-MARIA-DE-TAULL-ES-GENERAL-PLAY-1.mp3\"><\/audio>\n          <div class=\"flex items-center w-full gap-3 transition-opacity opacity-0 meta\">\n            <progress class=\"flex-1 border-0 appearance-none\" value=\"0\" max=\"1\"><\/progress>\n            <div class=\"text-sm text-center shrink-0 current-time w-9\"><\/div>\n                      <\/div>\n        <\/div>\n            <div class=\"flex flex-col items-center gap-2 shrink-1 audio-control\">\n        <button\n  class=\"flex items-center justify-center w-32 max-w-32 h-32 max-h-32 transition-[max-height,_max-width] bg-black rounded-full btn text-accent\"\n  data-target=\"#audio-4e31fa5211edf25fce540fe5ccf3fb1c\">\n  <svg width=\"100%\" height=\"100%\" viewBox=\"0 0 36 36\" version=\"1.1\" xmlns=\"http:\/\/www.w3.org\/2000\/svg\" xmlns:xlink=\"http:\/\/www.w3.org\/1999\/xlink\">\n  <path id=\"ytp-12\" d=\"M11,10 L18,13.74 18,22.28 11,26 M18,13.74 L26,18 26,18 18,22.28\" fill=\"currentColor\">\n    <animate id=\"animation\" begin=\"indefinite\" attributeType=\"XML\" attributeName=\"d\" fill=\"freeze\" from=\"M11,10 L17,10 17,26 11,26 M20,10 L26,10 26,26 20,26\" to=\"M11,10 L18,13.74 18,22.28 11,26 M18,13.74 L26,18 26,18 18,22.28\" dur=\"0.1s\" keySplines=\".4 0 1 1\" repeatCount=\"1\" data-play=\"M11,10 L18,13.74 18,22.28 11,26 M18,13.74 L26,18 26,18 18,22.28\" data-pause=\"M11,10 L17,10 17,26 11,26 M20,10 L26,10 26,26 20,26\"><\/animate>\n  <\/path>\n<\/svg>\n<\/button>\n        <p class=\"text-base text-center\">Escucha<\/p>\n      <\/div>\n    <\/div>\n\n    \n          <div class=\"flex flex-wrap justify-between gap-6 md:justify-start\">\n                  <button data-target=\"#transcription-4e31fa5211edf25fce540fe5ccf3fb1c\" data-toggle=\"modal\" class=\"flex items-center gap-2\">\n            <svg class=\"w-6 h-6\" fill=\"none\" xmlns=\"http:\/\/www.w3.org\/2000\/svg\" viewBox=\"0 0 22 12\"><path d=\"M0 9.873v-6c0-.55.196-1.02.588-1.412A1.926 1.926 0 0 1 2 1.873h2c.55 0 1.02.196 1.412.588.392.391.588.862.588 1.412v6H4v-2H2v2H0Zm2-4h2v-2H2v2Zm6 4v-8h4c.55 0 1.02.196 1.412.588.392.391.588.862.588 1.412v4c0 .55-.196 1.021-.588 1.413A1.926 1.926 0 0 1 12 9.873H8Zm2-2h2v-4h-2v4Zm6.85.8-1.4-1.425c.183-.183.32-.391.413-.625.091-.233.137-.483.137-.75 0-.283-.046-.537-.137-.762a1.85 1.85 0 0 0-.413-.613l1.4-1.45c.367.367.65.792.85 1.275.2.484.3 1 .3 1.55s-.1 1.063-.3 1.538c-.2.475-.483.896-.85 1.262Zm2.825 2.825-1.45-1.375c.55-.55.983-1.187 1.3-1.912A5.775 5.775 0 0 0 20 5.873c0-.85-.158-1.633-.475-2.35a6.217 6.217 0 0 0-1.3-1.9l1.45-1.4a7.94 7.94 0 0 1 1.712 2.55c.409.967.613 2 .613 3.1s-.204 2.13-.613 3.088a7.977 7.977 0 0 1-1.712 2.537Z\" fill=\"#000\"\/><\/svg>            <span>Transcripci\u00f3n<\/span>\n          <\/button>\n                      <\/div>\n      <\/div>\n\n      <div id=\"transcription-4e31fa5211edf25fce540fe5ccf3fb1c\"\n  class=\"fixed inset-0 z-50 hidden w-screen h-screen opacity-0 pointer-events-none modal transcription\"\n  tabindex=\"-1\" role=\"dialog\">\n  <div class=\"absolute w-full h-full bg-black opacity-75 modal-overlay\"><\/div>\n  <div\n    class=\"absolute z-30 w-11\/12 mx-auto overflow-y-auto text-black bg-white shadow-lg modal-container center-xy md:max-w-4xl\"\n    role=\"document\">\n    <div class=\"flex items-center justify-between px-4 py-4 text-gray-700 border-b md:px-8\">\n      <h2 class=\"!mb-0 font-bold\">Transcripci\u00f3n<\/h2>\n      <div class=\"z-50 flex flex-col items-center ml-auto cursor-pointer rtl:ml-0 rtl:mr-auto modal-close\">\n        <svg class=\"w-auto h-6\" width=\"18\" height=\"23\" xmlns=\"http:\/\/www.w3.org\/2000\/svg\">\n  <g stroke=\"currentColor\" fill=\"none\" fill-rule=\"evenodd\" stroke-linecap=\"square\">\n    <path d=\"M.7248.974l16.1076 20.6167M16.655 1.2654L.9097 22.1601\" \/>\n  <\/g>\n<\/svg>        <div class=\"hidden\">Close<\/div>\n      <\/div>\n    <\/div>\n    <div class=\"px-4 py-8 overflow-y-auto max-h-modal md:px-8 modal-content\">\n      <div class=\"mb-8 flex flex-col gap-1.5\">\n                      <h3 class=\"text-xl font-bold\">La historia constructiva y la torre del campanario<\/h3>\n                            <\/div>\n            <p>La iglesia de Santa Maria se consagr\u00f3 el 11 de diciembre de 1123, al d\u00eda siguiente de la de Sant Climent de Ta\u00fcll. La coincidencia de ambos proyectos muestra la importante cantidad de recursos que los se\u00f1ores de Erill destinaron a La Vall de Bo\u00ed a principios del siglo XII. <\/p>\n<p>Esta iglesia es la \u00fanica del valle situada en el centro del pueblo, lo que la diferencia del resto. <\/p>\n<p>A lo largo del tiempo, Santa Maria se ha modificado mucho, y la restauraci\u00f3n actual, iniciada en 1950, recreaba la configuraci\u00f3n rom\u00e1nica de tres naves. Si quieres saber c\u00f3mo era la planta antigua, en el suelo de la plaza hay un per\u00edmetro de piedra que la marca.<\/p>\n<p>La torre del campanario es la parte m\u00e1s antigua del conjunto. Si te fijas, ver\u00e1s que est\u00e1 un poco torcida. Cosas de la edad\u2026<\/p>\n<p>Ahora, despl\u00e1zate hacia la izquierda, buscando la esquina, para ver otro detalle importante del campanario. En los pisos superiores, quedan restos de la decoraci\u00f3n original. Se trata de unas cenefas con motivos geom\u00e9tricos rojos, combinados con el blanco del enlucido. <\/p>\n<p>Cuando hayas terminado con el campanario, ve a ver los \u00e1bsides, en la parte trasera de la iglesia.<\/p>\n    <\/div>\n  <\/div>\n<\/div>\n    <\/section>\n\n\n<div class=\"flex flex-col gap-3 element text-block\">\n  <div class=\"flex items-center gap-6\">\n              <h2 class=\"text-2xl font-bold\">9c \u00c1bside<\/h2>\n      <\/div>\n    <\/div>\n\n\n<div class=\"flex flex-col gap-6 element image-block\">\n  <div class=\"flex flex-col gap-3\">\n      <\/div>\n      <figure>\n      <img loading=\"lazy\" decoding=\"async\" width=\"1441\" height=\"959\" src=\"https:\/\/guiesullsdelahistoria.cat\/app\/uploads\/2024\/11\/Santa_Maria_Taull_absis_2_DSC9299.jpg\" class=\"w-full h-auto\" alt=\"Exterior del \u00e1bside principal de la iglesia de Santa Maria de Ta\u00fcll con el detalle de la decoraci\u00f3n de los c\u00edrculos refundidos.\" srcset=\"https:\/\/guiesullsdelahistoria.cat\/app\/uploads\/2024\/11\/Santa_Maria_Taull_absis_2_DSC9299.jpg 1441w, https:\/\/guiesullsdelahistoria.cat\/app\/uploads\/2024\/11\/Santa_Maria_Taull_absis_2_DSC9299-300x200.jpg 300w, https:\/\/guiesullsdelahistoria.cat\/app\/uploads\/2024\/11\/Santa_Maria_Taull_absis_2_DSC9299-1024x681.jpg 1024w, https:\/\/guiesullsdelahistoria.cat\/app\/uploads\/2024\/11\/Santa_Maria_Taull_absis_2_DSC9299-768x511.jpg 768w\" sizes=\"auto, (max-width: 1441px) 100vw, 1441px\" \/>\n              <figcaption class=\"pt-2 text-gray-800\">\u00c1bside de Santa Maria de Ta\u00fcll.<\/figcaption>\n          <\/figure>\n  <\/div>\n\n\n<section class=\"element audio-block\">\n  <div class=\"flex flex-col w-full gap-6\">\n    <div class=\"flex flex-col gap-3\">\n      <div class=\"flex gap-6\">\n                          <h2 class=\"text-2xl font-bold\">Una decoraci\u00f3n \u00fanica<\/h2>\n              <\/div>\n          <\/div>\n    <div class=\"flex items-center justify-end gap-3\">\n              <div class=\"flex-1 audio-content\" dir=\"ltr\">\n          <audio id=\"audio-bf44ea7c901fc7fa8d043a63affcd06a\" data-label=\"Una decoraci\u00f3n \u00fanica\"\n            data-category=\"SANTA-MARIA-DE-TAULL-ES-GENERAL-PLAY-2.mp3\" class=\"hidden\" controls\n            src=\"https:\/\/guiesullsdelahistoria.cat\/app\/uploads\/2024\/11\/SANTA-MARIA-DE-TAULL-ES-GENERAL-PLAY-2.mp3\"><\/audio>\n          <div class=\"flex items-center w-full gap-3 transition-opacity opacity-0 meta\">\n            <progress class=\"flex-1 border-0 appearance-none\" value=\"0\" max=\"1\"><\/progress>\n            <div class=\"text-sm text-center shrink-0 current-time w-9\"><\/div>\n                      <\/div>\n        <\/div>\n            <div class=\"flex flex-col items-center gap-2 shrink-1 audio-control\">\n        <button\n  class=\"flex items-center justify-center w-32 max-w-32 h-32 max-h-32 transition-[max-height,_max-width] bg-black rounded-full btn text-accent\"\n  data-target=\"#audio-bf44ea7c901fc7fa8d043a63affcd06a\">\n  <svg width=\"100%\" height=\"100%\" viewBox=\"0 0 36 36\" version=\"1.1\" xmlns=\"http:\/\/www.w3.org\/2000\/svg\" xmlns:xlink=\"http:\/\/www.w3.org\/1999\/xlink\">\n  <path id=\"ytp-12\" d=\"M11,10 L18,13.74 18,22.28 11,26 M18,13.74 L26,18 26,18 18,22.28\" fill=\"currentColor\">\n    <animate id=\"animation\" begin=\"indefinite\" attributeType=\"XML\" attributeName=\"d\" fill=\"freeze\" from=\"M11,10 L17,10 17,26 11,26 M20,10 L26,10 26,26 20,26\" to=\"M11,10 L18,13.74 18,22.28 11,26 M18,13.74 L26,18 26,18 18,22.28\" dur=\"0.1s\" keySplines=\".4 0 1 1\" repeatCount=\"1\" data-play=\"M11,10 L18,13.74 18,22.28 11,26 M18,13.74 L26,18 26,18 18,22.28\" data-pause=\"M11,10 L17,10 17,26 11,26 M20,10 L26,10 26,26 20,26\"><\/animate>\n  <\/path>\n<\/svg>\n<\/button>\n        <p class=\"text-base text-center\">Escucha<\/p>\n      <\/div>\n    <\/div>\n\n    \n          <div class=\"flex flex-wrap justify-between gap-6 md:justify-start\">\n                  <button data-target=\"#transcription-bf44ea7c901fc7fa8d043a63affcd06a\" data-toggle=\"modal\" class=\"flex items-center gap-2\">\n            <svg class=\"w-6 h-6\" fill=\"none\" xmlns=\"http:\/\/www.w3.org\/2000\/svg\" viewBox=\"0 0 22 12\"><path d=\"M0 9.873v-6c0-.55.196-1.02.588-1.412A1.926 1.926 0 0 1 2 1.873h2c.55 0 1.02.196 1.412.588.392.391.588.862.588 1.412v6H4v-2H2v2H0Zm2-4h2v-2H2v2Zm6 4v-8h4c.55 0 1.02.196 1.412.588.392.391.588.862.588 1.412v4c0 .55-.196 1.021-.588 1.413A1.926 1.926 0 0 1 12 9.873H8Zm2-2h2v-4h-2v4Zm6.85.8-1.4-1.425c.183-.183.32-.391.413-.625.091-.233.137-.483.137-.75 0-.283-.046-.537-.137-.762a1.85 1.85 0 0 0-.413-.613l1.4-1.45c.367.367.65.792.85 1.275.2.484.3 1 .3 1.55s-.1 1.063-.3 1.538c-.2.475-.483.896-.85 1.262Zm2.825 2.825-1.45-1.375c.55-.55.983-1.187 1.3-1.912A5.775 5.775 0 0 0 20 5.873c0-.85-.158-1.633-.475-2.35a6.217 6.217 0 0 0-1.3-1.9l1.45-1.4a7.94 7.94 0 0 1 1.712 2.55c.409.967.613 2 .613 3.1s-.204 2.13-.613 3.088a7.977 7.977 0 0 1-1.712 2.537Z\" fill=\"#000\"\/><\/svg>            <span>Transcripci\u00f3n<\/span>\n          <\/button>\n                      <\/div>\n      <\/div>\n\n      <div id=\"transcription-bf44ea7c901fc7fa8d043a63affcd06a\"\n  class=\"fixed inset-0 z-50 hidden w-screen h-screen opacity-0 pointer-events-none modal transcription\"\n  tabindex=\"-1\" role=\"dialog\">\n  <div class=\"absolute w-full h-full bg-black opacity-75 modal-overlay\"><\/div>\n  <div\n    class=\"absolute z-30 w-11\/12 mx-auto overflow-y-auto text-black bg-white shadow-lg modal-container center-xy md:max-w-4xl\"\n    role=\"document\">\n    <div class=\"flex items-center justify-between px-4 py-4 text-gray-700 border-b md:px-8\">\n      <h2 class=\"!mb-0 font-bold\">Transcripci\u00f3n<\/h2>\n      <div class=\"z-50 flex flex-col items-center ml-auto cursor-pointer rtl:ml-0 rtl:mr-auto modal-close\">\n        <svg class=\"w-auto h-6\" width=\"18\" height=\"23\" xmlns=\"http:\/\/www.w3.org\/2000\/svg\">\n  <g stroke=\"currentColor\" fill=\"none\" fill-rule=\"evenodd\" stroke-linecap=\"square\">\n    <path d=\"M.7248.974l16.1076 20.6167M16.655 1.2654L.9097 22.1601\" \/>\n  <\/g>\n<\/svg>        <div class=\"hidden\">Close<\/div>\n      <\/div>\n    <\/div>\n    <div class=\"px-4 py-8 overflow-y-auto max-h-modal md:px-8 modal-content\">\n      <div class=\"mb-8 flex flex-col gap-1.5\">\n                      <h3 class=\"text-xl font-bold\">Una decoraci\u00f3n \u00fanica<\/h3>\n                            <\/div>\n            <p>El \u00e1bside principal de la iglesia de Santa Maria, el mayor, tiene un elemento decorativo \u00fanico en toda La Vall: los c\u00edrculos conc\u00e9ntricos que se encuentran bajo el conjunto de arcadas ciegas, y que se conocen como c\u00edrculos refundidos. <\/p>\n<p>Otra cosa que debes saber es que el \u00e1bside de la izquierda est\u00e1 totalmente reconstruido.<br \/>\nAhora s\u00ed, ya puedes entrar en la iglesia para continuar la visita.<\/p>\n    <\/div>\n  <\/div>\n<\/div>\n    <\/section>\n\n\n<div class=\"flex flex-col gap-3 element text-block\">\n  <div class=\"flex items-center gap-6\">\n              <h2 class=\"text-2xl font-bold\">9d Base de la nave central<\/h2>\n      <\/div>\n    <\/div>\n\n\n<div class=\"flex flex-col gap-6 element image-block\">\n  <div class=\"flex flex-col gap-3\">\n      <\/div>\n      <figure>\n      <img loading=\"lazy\" decoding=\"async\" width=\"1372\" height=\"966\" src=\"https:\/\/guiesullsdelahistoria.cat\/app\/uploads\/2024\/11\/Santa-Maria-interior-general.jpg\" class=\"w-full h-auto\" alt=\"Vista general interior de las tres naves de la iglesia de Santa Maria de Ta\u00fcll con las pinturas del \u00e1bside principal en el fondo y las del muro sur a la derecha\" srcset=\"https:\/\/guiesullsdelahistoria.cat\/app\/uploads\/2024\/11\/Santa-Maria-interior-general.jpg 1372w, https:\/\/guiesullsdelahistoria.cat\/app\/uploads\/2024\/11\/Santa-Maria-interior-general-300x211.jpg 300w, https:\/\/guiesullsdelahistoria.cat\/app\/uploads\/2024\/11\/Santa-Maria-interior-general-1024x721.jpg 1024w, https:\/\/guiesullsdelahistoria.cat\/app\/uploads\/2024\/11\/Santa-Maria-interior-general-768x541.jpg 768w\" sizes=\"auto, (max-width: 1372px) 100vw, 1372px\" \/>\n              <figcaption class=\"pt-2 text-gray-800\">Interior de Santa Maria de Ta\u00fcll.<\/figcaption>\n          <\/figure>\n  <\/div>\n\n\n<section class=\"element audio-block\">\n  <div class=\"flex flex-col w-full gap-6\">\n    <div class=\"flex flex-col gap-3\">\n      <div class=\"flex gap-6\">\n                          <h2 class=\"text-2xl font-bold\">Un interior muy reformado<\/h2>\n              <\/div>\n          <\/div>\n    <div class=\"flex items-center justify-end gap-3\">\n              <div class=\"flex-1 audio-content\" dir=\"ltr\">\n          <audio id=\"audio-532fb79f62fe52e802d79146adb5f597\" data-label=\"Un interior muy reformado\"\n            data-category=\"SANTA-MARIA-DE-TAULL-ES-GENERAL-PLAY-3.mp3\" class=\"hidden\" controls\n            src=\"https:\/\/guiesullsdelahistoria.cat\/app\/uploads\/2024\/11\/SANTA-MARIA-DE-TAULL-ES-GENERAL-PLAY-3.mp3\"><\/audio>\n          <div class=\"flex items-center w-full gap-3 transition-opacity opacity-0 meta\">\n            <progress class=\"flex-1 border-0 appearance-none\" value=\"0\" max=\"1\"><\/progress>\n            <div class=\"text-sm text-center shrink-0 current-time w-9\"><\/div>\n                      <\/div>\n        <\/div>\n            <div class=\"flex flex-col items-center gap-2 shrink-1 audio-control\">\n        <button\n  class=\"flex items-center justify-center w-32 max-w-32 h-32 max-h-32 transition-[max-height,_max-width] bg-black rounded-full btn text-accent\"\n  data-target=\"#audio-532fb79f62fe52e802d79146adb5f597\">\n  <svg width=\"100%\" height=\"100%\" viewBox=\"0 0 36 36\" version=\"1.1\" xmlns=\"http:\/\/www.w3.org\/2000\/svg\" xmlns:xlink=\"http:\/\/www.w3.org\/1999\/xlink\">\n  <path id=\"ytp-12\" d=\"M11,10 L18,13.74 18,22.28 11,26 M18,13.74 L26,18 26,18 18,22.28\" fill=\"currentColor\">\n    <animate id=\"animation\" begin=\"indefinite\" attributeType=\"XML\" attributeName=\"d\" fill=\"freeze\" from=\"M11,10 L17,10 17,26 11,26 M20,10 L26,10 26,26 20,26\" to=\"M11,10 L18,13.74 18,22.28 11,26 M18,13.74 L26,18 26,18 18,22.28\" dur=\"0.1s\" keySplines=\".4 0 1 1\" repeatCount=\"1\" data-play=\"M11,10 L18,13.74 18,22.28 11,26 M18,13.74 L26,18 26,18 18,22.28\" data-pause=\"M11,10 L17,10 17,26 11,26 M20,10 L26,10 26,26 20,26\"><\/animate>\n  <\/path>\n<\/svg>\n<\/button>\n        <p class=\"text-base text-center\">Escucha<\/p>\n      <\/div>\n    <\/div>\n\n    \n          <div class=\"flex flex-wrap justify-between gap-6 md:justify-start\">\n                  <button data-target=\"#transcription-532fb79f62fe52e802d79146adb5f597\" data-toggle=\"modal\" class=\"flex items-center gap-2\">\n            <svg class=\"w-6 h-6\" fill=\"none\" xmlns=\"http:\/\/www.w3.org\/2000\/svg\" viewBox=\"0 0 22 12\"><path d=\"M0 9.873v-6c0-.55.196-1.02.588-1.412A1.926 1.926 0 0 1 2 1.873h2c.55 0 1.02.196 1.412.588.392.391.588.862.588 1.412v6H4v-2H2v2H0Zm2-4h2v-2H2v2Zm6 4v-8h4c.55 0 1.02.196 1.412.588.392.391.588.862.588 1.412v4c0 .55-.196 1.021-.588 1.413A1.926 1.926 0 0 1 12 9.873H8Zm2-2h2v-4h-2v4Zm6.85.8-1.4-1.425c.183-.183.32-.391.413-.625.091-.233.137-.483.137-.75 0-.283-.046-.537-.137-.762a1.85 1.85 0 0 0-.413-.613l1.4-1.45c.367.367.65.792.85 1.275.2.484.3 1 .3 1.55s-.1 1.063-.3 1.538c-.2.475-.483.896-.85 1.262Zm2.825 2.825-1.45-1.375c.55-.55.983-1.187 1.3-1.912A5.775 5.775 0 0 0 20 5.873c0-.85-.158-1.633-.475-2.35a6.217 6.217 0 0 0-1.3-1.9l1.45-1.4a7.94 7.94 0 0 1 1.712 2.55c.409.967.613 2 .613 3.1s-.204 2.13-.613 3.088a7.977 7.977 0 0 1-1.712 2.537Z\" fill=\"#000\"\/><\/svg>            <span>Transcripci\u00f3n<\/span>\n          <\/button>\n                      <\/div>\n      <\/div>\n\n      <div id=\"transcription-532fb79f62fe52e802d79146adb5f597\"\n  class=\"fixed inset-0 z-50 hidden w-screen h-screen opacity-0 pointer-events-none modal transcription\"\n  tabindex=\"-1\" role=\"dialog\">\n  <div class=\"absolute w-full h-full bg-black opacity-75 modal-overlay\"><\/div>\n  <div\n    class=\"absolute z-30 w-11\/12 mx-auto overflow-y-auto text-black bg-white shadow-lg modal-container center-xy md:max-w-4xl\"\n    role=\"document\">\n    <div class=\"flex items-center justify-between px-4 py-4 text-gray-700 border-b md:px-8\">\n      <h2 class=\"!mb-0 font-bold\">Transcripci\u00f3n<\/h2>\n      <div class=\"z-50 flex flex-col items-center ml-auto cursor-pointer rtl:ml-0 rtl:mr-auto modal-close\">\n        <svg class=\"w-auto h-6\" width=\"18\" height=\"23\" xmlns=\"http:\/\/www.w3.org\/2000\/svg\">\n  <g stroke=\"currentColor\" fill=\"none\" fill-rule=\"evenodd\" stroke-linecap=\"square\">\n    <path d=\"M.7248.974l16.1076 20.6167M16.655 1.2654L.9097 22.1601\" \/>\n  <\/g>\n<\/svg>        <div class=\"hidden\">Close<\/div>\n      <\/div>\n    <\/div>\n    <div class=\"px-4 py-8 overflow-y-auto max-h-modal md:px-8 modal-content\">\n      <div class=\"mb-8 flex flex-col gap-1.5\">\n                      <h3 class=\"text-xl font-bold\">Un interior muy reformado<\/h3>\n                            <\/div>\n            <p>La iglesia de Santa Maria de Ta\u00fcll se reform\u00f3 mucho durante el siglo XVIII, en la \u00e9poca barroca.<br \/>\nLas naves laterales se convirtieron en capillas, y en la parte m\u00e1s cercana al \u00e1bside se a\u00f1adi\u00f3 una c\u00fapula con cimborrio. Igualmente, uno de los \u00e1bsides laterales fue reemplazado por una sacrist\u00eda. Todas estas modificaciones fueron suprimidas en una restauraci\u00f3n que le ha devuelto el aspecto del siglo xii, con las tres naves separadas por pilares y tres \u00e1bsides semicirculares.<\/p>\n    <\/div>\n  <\/div>\n<\/div>\n    <\/section>\n\n\n<div class=\"flex flex-col gap-3 element text-block\">\n  <div class=\"flex items-center gap-6\">\n              <h2 class=\"text-2xl font-bold\">9e Delante de los bancos<\/h2>\n      <\/div>\n    <\/div>\n\n\n<div class=\"flex flex-col gap-6 element image-block\">\n  <div class=\"flex flex-col gap-3\">\n      <\/div>\n      <figure>\n      <img loading=\"lazy\" decoding=\"async\" width=\"510\" height=\"768\" src=\"https:\/\/guiesullsdelahistoria.cat\/app\/uploads\/2024\/11\/DSC_0641_J.BARBERO.jpg\" class=\"w-full h-auto\" alt=\"Pinturas murales del interior del \u00e1bside central de la iglesia de Santa Maria de Ta\u00fcll.\" srcset=\"https:\/\/guiesullsdelahistoria.cat\/app\/uploads\/2024\/11\/DSC_0641_J.BARBERO.jpg 510w, https:\/\/guiesullsdelahistoria.cat\/app\/uploads\/2024\/11\/DSC_0641_J.BARBERO-199x300.jpg 199w\" sizes=\"auto, (max-width: 510px) 100vw, 510px\" \/>\n              <figcaption class=\"pt-2 text-gray-800\">Pinturas murales del \u00e1bside central de Santa Maria de Ta\u00fcll.<\/figcaption>\n          <\/figure>\n  <\/div>\n\n\n<section class=\"element audio-block\">\n  <div class=\"flex flex-col w-full gap-6\">\n    <div class=\"flex flex-col gap-3\">\n      <div class=\"flex gap-6\">\n                          <h2 class=\"text-2xl font-bold\">Las pinturas del \u00e1bside central<\/h2>\n              <\/div>\n          <\/div>\n    <div class=\"flex items-center justify-end gap-3\">\n              <div class=\"flex-1 audio-content\" dir=\"ltr\">\n          <audio id=\"audio-fc80c5889e762381f9eaf85c6eeff78d\" data-label=\"Las pinturas del \u00e1bside central\"\n            data-category=\"SANTA-MARIA-DE-TAULL-ES-GENERAL-PLAY-4.mp3\" class=\"hidden\" controls\n            src=\"https:\/\/guiesullsdelahistoria.cat\/app\/uploads\/2024\/11\/SANTA-MARIA-DE-TAULL-ES-GENERAL-PLAY-4.mp3\"><\/audio>\n          <div class=\"flex items-center w-full gap-3 transition-opacity opacity-0 meta\">\n            <progress class=\"flex-1 border-0 appearance-none\" value=\"0\" max=\"1\"><\/progress>\n            <div class=\"text-sm text-center shrink-0 current-time w-9\"><\/div>\n                      <\/div>\n        <\/div>\n            <div class=\"flex flex-col items-center gap-2 shrink-1 audio-control\">\n        <button\n  class=\"flex items-center justify-center w-32 max-w-32 h-32 max-h-32 transition-[max-height,_max-width] bg-black rounded-full btn text-accent\"\n  data-target=\"#audio-fc80c5889e762381f9eaf85c6eeff78d\">\n  <svg width=\"100%\" height=\"100%\" viewBox=\"0 0 36 36\" version=\"1.1\" xmlns=\"http:\/\/www.w3.org\/2000\/svg\" xmlns:xlink=\"http:\/\/www.w3.org\/1999\/xlink\">\n  <path id=\"ytp-12\" d=\"M11,10 L18,13.74 18,22.28 11,26 M18,13.74 L26,18 26,18 18,22.28\" fill=\"currentColor\">\n    <animate id=\"animation\" begin=\"indefinite\" attributeType=\"XML\" attributeName=\"d\" fill=\"freeze\" from=\"M11,10 L17,10 17,26 11,26 M20,10 L26,10 26,26 20,26\" to=\"M11,10 L18,13.74 18,22.28 11,26 M18,13.74 L26,18 26,18 18,22.28\" dur=\"0.1s\" keySplines=\".4 0 1 1\" repeatCount=\"1\" data-play=\"M11,10 L18,13.74 18,22.28 11,26 M18,13.74 L26,18 26,18 18,22.28\" data-pause=\"M11,10 L17,10 17,26 11,26 M20,10 L26,10 26,26 20,26\"><\/animate>\n  <\/path>\n<\/svg>\n<\/button>\n        <p class=\"text-base text-center\">Escucha<\/p>\n      <\/div>\n    <\/div>\n\n    \n          <div class=\"flex flex-wrap justify-between gap-6 md:justify-start\">\n                  <button data-target=\"#transcription-fc80c5889e762381f9eaf85c6eeff78d\" data-toggle=\"modal\" class=\"flex items-center gap-2\">\n            <svg class=\"w-6 h-6\" fill=\"none\" xmlns=\"http:\/\/www.w3.org\/2000\/svg\" viewBox=\"0 0 22 12\"><path d=\"M0 9.873v-6c0-.55.196-1.02.588-1.412A1.926 1.926 0 0 1 2 1.873h2c.55 0 1.02.196 1.412.588.392.391.588.862.588 1.412v6H4v-2H2v2H0Zm2-4h2v-2H2v2Zm6 4v-8h4c.55 0 1.02.196 1.412.588.392.391.588.862.588 1.412v4c0 .55-.196 1.021-.588 1.413A1.926 1.926 0 0 1 12 9.873H8Zm2-2h2v-4h-2v4Zm6.85.8-1.4-1.425c.183-.183.32-.391.413-.625.091-.233.137-.483.137-.75 0-.283-.046-.537-.137-.762a1.85 1.85 0 0 0-.413-.613l1.4-1.45c.367.367.65.792.85 1.275.2.484.3 1 .3 1.55s-.1 1.063-.3 1.538c-.2.475-.483.896-.85 1.262Zm2.825 2.825-1.45-1.375c.55-.55.983-1.187 1.3-1.912A5.775 5.775 0 0 0 20 5.873c0-.85-.158-1.633-.475-2.35a6.217 6.217 0 0 0-1.3-1.9l1.45-1.4a7.94 7.94 0 0 1 1.712 2.55c.409.967.613 2 .613 3.1s-.204 2.13-.613 3.088a7.977 7.977 0 0 1-1.712 2.537Z\" fill=\"#000\"\/><\/svg>            <span>Transcripci\u00f3n<\/span>\n          <\/button>\n                      <\/div>\n      <\/div>\n\n      <div id=\"transcription-fc80c5889e762381f9eaf85c6eeff78d\"\n  class=\"fixed inset-0 z-50 hidden w-screen h-screen opacity-0 pointer-events-none modal transcription\"\n  tabindex=\"-1\" role=\"dialog\">\n  <div class=\"absolute w-full h-full bg-black opacity-75 modal-overlay\"><\/div>\n  <div\n    class=\"absolute z-30 w-11\/12 mx-auto overflow-y-auto text-black bg-white shadow-lg modal-container center-xy md:max-w-4xl\"\n    role=\"document\">\n    <div class=\"flex items-center justify-between px-4 py-4 text-gray-700 border-b md:px-8\">\n      <h2 class=\"!mb-0 font-bold\">Transcripci\u00f3n<\/h2>\n      <div class=\"z-50 flex flex-col items-center ml-auto cursor-pointer rtl:ml-0 rtl:mr-auto modal-close\">\n        <svg class=\"w-auto h-6\" width=\"18\" height=\"23\" xmlns=\"http:\/\/www.w3.org\/2000\/svg\">\n  <g stroke=\"currentColor\" fill=\"none\" fill-rule=\"evenodd\" stroke-linecap=\"square\">\n    <path d=\"M.7248.974l16.1076 20.6167M16.655 1.2654L.9097 22.1601\" \/>\n  <\/g>\n<\/svg>        <div class=\"hidden\">Close<\/div>\n      <\/div>\n    <\/div>\n    <div class=\"px-4 py-8 overflow-y-auto max-h-modal md:px-8 modal-content\">\n      <div class=\"mb-8 flex flex-col gap-1.5\">\n                      <h3 class=\"text-xl font-bold\">Las pinturas del \u00e1bside central<\/h3>\n                            <\/div>\n            <p>Del interior de la iglesia de Santa Maria de Ta\u00fcll, destacan las pinturas murales del \u00e1bside y las del muro de la derecha. Las que ves ahora son reproducciones de las originales, que actualmente se encuentran en el Museu Nacional de d\u2019Art de Catalunya.<\/p>\n<p>Pero en esta iglesia tambi\u00e9n hay restos de pintura original. Los m\u00e1s destacados est\u00e1n situados en lo alto de una de las columnas que separan la nave central de la de la derecha. Se trata de una escena relacionada con la natividad de Cristo, conocida como el ba\u00f1o de Jes\u00fas.<br \/>\n\u00bfY qu\u00e9 sentido ten\u00edan todas esas escenas decorando las paredes de una iglesia? La importancia de las pinturas murales en la Edad Media era muy grande, porque, adem\u00e1s de estar dedicadas a la gloria de Dios y de ser una herramienta de poder, ten\u00edan una funci\u00f3n aleccionadora, pues la mayor parte del pueblo no sab\u00eda leer y la imagen, junto a la palabra, era la forma de evangelizaci\u00f3n m\u00e1s efectiva.<br \/>\nLa tem\u00e1tica de las pinturas sol\u00eda estar relacionada con el santo o la santa a quien estaba dedicada la iglesia. Sin embargo, en este caso, la mayor\u00eda de las pinturas est\u00e1n relacionadas con el nacimiento de Jes\u00fas y su reconocimiento como figura divina.<\/p>\n<p><em>Sonido de interferencias<\/em>.<br \/>\n<strong>Mujer 1<\/strong>: Hoy he vuelto a llegar tarde a misa, ya pod\u00eda ir esperando las campanas\u2026<br \/>\n<strong>Mujer 2<\/strong>: El campanero se nos ha hecho mayor. Y esas escaleras son demasiado empinadas.<br \/>\n<strong>Mujer 1<\/strong>: Pues quiz\u00e1 tengamos que buscar a otro.<br \/>\n<strong>Mujer 2<\/strong>: Calla, calla, y lo que nos costar\u00eda ense\u00f1arle\u2026 He o\u00eddo que le har\u00e1n una casita de madera all\u00ed arriba, para que no tenga que subir y bajar tanto.<br \/>\n<strong>Mujer 1<\/strong>: \u00a1\u00bf\u00a1\u00bfUna casita de madera?!?! Ni que fuera un p\u00e1jaro [divertida].<br \/>\n<strong>Mujer 2<\/strong>: T\u00fa r\u00edete, pero ya lo agradecer\u00e1s.<br \/>\n<em>Sonido de interferencias<\/em>.<\/p>\n<p>La composici\u00f3n del \u00e1bside se divide en tres registros: en la parte m\u00e1s elevada est\u00e1 la escena de la Virgen sentada en un trono con su hijo en su regazo, inscritos en una mandorla, una cenefa en forma de almendra. Alrededor de la Virgen Mar\u00eda tenemos a los Reyes Magos, que llevan las ofrendas.<br \/>\nEn la parte media de la composici\u00f3n, a ambos lados de la ventana, hay seis ap\u00f3stoles, entre los que identificamos a san Andr\u00e9s, san Pedro, san Pablo y san Juan Evangelista.<br \/>\nEn la parte inferior puedes ver unos medallones circulares con animales reales y fant\u00e1sticos, caracter\u00edsticos de los bestiarios medievales. Y abajo de todo, un friso de pinturas que reproducen cortinajes que imitan sedas orientales.<\/p>\n<p>Si quieres ver c\u00f3mo se pint\u00f3 esta iglesia, pulsa el recurso virtual.<\/p>\n    <\/div>\n  <\/div>\n<\/div>\n    <\/section>\n\n\n<div class=\"flex flex-col gap-3 element interactive-block\">\n  <div class=\"flex items-center gap-6\">\n              <h2 class=\"text-2xl font-bold\">Recurso virtual: Reproducci\u00f3n de 360\u00b0 del interior durante el siglo XII<\/h2>\n      <\/div>\n          <div class=\"flex justify-end w-full\">\n      <div class=\"flex flex-col items-center gap-2 shrink-1\">\n        <button data-target=\"#embed-69f5c6908f939\" data-toggle=\"modal\"\n          class=\"flex items-center justify-center w-32 h-32 bg-black rounded-full text-accent\">\n          <svg class=\"w-16 h-auto\" width=\"60\" height=\"61\" viewBox=\"0 0 60 61\" fill=\"none\" xmlns=\"http:\/\/www.w3.org\/2000\/svg\">\n  <mask id=\"mask0_3878_987\" style=\"mask-type:alpha\" maskUnits=\"userSpaceOnUse\" x=\"0\" y=\"0\" width=\"60\" height=\"61\">\n    <rect y=\"0.873047\" width=\"60\" height=\"60\" fill=\"white\" \/>\n  <\/mask>\n  <g mask=\"url(#mask0_3878_987)\">\n    <path\n      d=\"M21 49.873L16.8 45.673L22.05 40.273C15.65 39.423 10.375 37.673 6.225 35.023C2.075 32.373 0 29.323 0 25.873C0 21.723 2.8875 18.1855 8.6625 15.2605C14.4375 12.3355 21.55 10.873 30 10.873C38.45 10.873 45.5625 12.3355 51.3375 15.2605C57.1125 18.1855 60 21.723 60 25.873C60 28.973 58.3375 31.748 55.0125 34.198C51.6875 36.648 47.35 38.473 42 39.673V33.523C45.85 32.523 48.8125 31.2855 50.8875 29.8105C52.9625 28.3355 54 27.023 54 25.873C54 24.273 51.8625 22.373 47.5875 20.173C43.3125 17.973 37.45 16.873 30 16.873C22.55 16.873 16.6875 17.973 12.4125 20.173C8.1375 22.373 6 24.273 6 25.873C6 27.073 7.275 28.5105 9.825 30.1855C12.375 31.8605 16 33.123 20.7 33.973L16.8 30.073L21 25.873L33 37.873L21 49.873Z\"\n      fill=\"currentColor\" \/>\n  <\/g>\n<\/svg>\n        <\/button>\n                  <p class=\"text-base text-center\">Mira<\/p>\n              <\/div>\n    <\/div>\n    <div id=\"embed-69f5c6908f939\"\n  class=\"fixed inset-0 z-50 hidden w-screen h-screen opacity-0 pointer-events-none modal embed-container\"\n  tabindex=\"-1\" role=\"dialog\">\n  <div class=\"absolute w-full h-full bg-black opacity-75 modal-overlay\"><\/div>\n  <div\n    class=\"absolute z-30 w-11\/12 mx-auto overflow-y-auto text-black bg-white shadow-lg modal-container center-xy md:max-w-4xl\"\n    role=\"document\">\n    <div class=\"flex items-center justify-between px-4 py-4 text-gray-700 border-b md:px-8\">\n      <h2 class=\"!mb-0 font-bold\">Mira<\/h2>\n      <div class=\"z-50 flex flex-col items-center ml-auto cursor-pointer rtl:ml-0 rtl:mr-auto modal-close\">\n        <svg class=\"w-auto h-6\" width=\"18\" height=\"23\" xmlns=\"http:\/\/www.w3.org\/2000\/svg\">\n  <g stroke=\"currentColor\" fill=\"none\" fill-rule=\"evenodd\" stroke-linecap=\"square\">\n    <path d=\"M.7248.974l16.1076 20.6167M16.655 1.2654L.9097 22.1601\" \/>\n  <\/g>\n<\/svg>        <div class=\"hidden\">Close<\/div>\n      <\/div>\n    <\/div>\n    <div class=\"px-4 py-8 overflow-y-auto max-h-modal md:px-8 modal-content\">\n      <div class=\"sketchfab-embed-wrapper\"> <iframe title=\"Santa Maria de Ta\u00fcll. Reconstrucci\u00f3 hipot\u00e8tica\" frameborder=\"0\" allowfullscreen mozallowfullscreen=\"true\" webkitallowfullscreen=\"true\" allow=\"autoplay; fullscreen; xr-spatial-tracking\" xr-spatial-tracking execution-while-out-of-viewport execution-while-not-rendered web-share src=\"https:\/\/sketchfab.com\/models\/f280309e91ab47f59e685ebe3da9bbba\/embed?ui_infos=0\"> <\/iframe> <\/div>\n    <\/div>\n  <\/div>\n<\/div>\n  <\/div>\n\n\n<div class=\"flex flex-col gap-3 element text-block\">\n  <div class=\"flex items-center gap-6\">\n              <h2 class=\"text-2xl font-bold\">9f Muro de la derecha<\/h2>\n      <\/div>\n    <\/div>\n\n\n<div class=\"flex flex-col gap-6 element image-block\">\n  <div class=\"flex flex-col gap-3\">\n      <\/div>\n      <figure>\n      <img loading=\"lazy\" decoding=\"async\" width=\"1452\" height=\"966\" src=\"https:\/\/guiesullsdelahistoria.cat\/app\/uploads\/2024\/11\/Santa-Maria-pintures-mur-lateral.jpg\" class=\"w-full h-auto\" alt=\"Pinturas murales interiores del muro sur de la iglesia de Santa Maria de Ta\u00fcll con el pilar y los arcos en primer t\u00e9rmino\" srcset=\"https:\/\/guiesullsdelahistoria.cat\/app\/uploads\/2024\/11\/Santa-Maria-pintures-mur-lateral.jpg 1452w, https:\/\/guiesullsdelahistoria.cat\/app\/uploads\/2024\/11\/Santa-Maria-pintures-mur-lateral-300x200.jpg 300w, https:\/\/guiesullsdelahistoria.cat\/app\/uploads\/2024\/11\/Santa-Maria-pintures-mur-lateral-1024x681.jpg 1024w, https:\/\/guiesullsdelahistoria.cat\/app\/uploads\/2024\/11\/Santa-Maria-pintures-mur-lateral-768x511.jpg 768w\" sizes=\"auto, (max-width: 1452px) 100vw, 1452px\" \/>\n              <figcaption class=\"pt-2 text-gray-800\">Pinturas murales del muro sur de Santa Maria de Ta\u00fcll.<\/figcaption>\n          <\/figure>\n  <\/div>\n\n\n<section class=\"element audio-block\">\n  <div class=\"flex flex-col w-full gap-6\">\n    <div class=\"flex flex-col gap-3\">\n      <div class=\"flex gap-6\">\n                          <h2 class=\"text-2xl font-bold\">Las pinturas de la nave sur<\/h2>\n              <\/div>\n          <\/div>\n    <div class=\"flex items-center justify-end gap-3\">\n              <div class=\"flex-1 audio-content\" dir=\"ltr\">\n          <audio id=\"audio-3a2b41b1efad44eaa482b6b797dbe2b9\" data-label=\"Las pinturas de la nave sur\"\n            data-category=\"SANTA-MARIA-DE-TAULL-ES-GENERAL-PLAY-5.mp3\" class=\"hidden\" controls\n            src=\"https:\/\/guiesullsdelahistoria.cat\/app\/uploads\/2024\/11\/SANTA-MARIA-DE-TAULL-ES-GENERAL-PLAY-5.mp3\"><\/audio>\n          <div class=\"flex items-center w-full gap-3 transition-opacity opacity-0 meta\">\n            <progress class=\"flex-1 border-0 appearance-none\" value=\"0\" max=\"1\"><\/progress>\n            <div class=\"text-sm text-center shrink-0 current-time w-9\"><\/div>\n                      <\/div>\n        <\/div>\n            <div class=\"flex flex-col items-center gap-2 shrink-1 audio-control\">\n        <button\n  class=\"flex items-center justify-center w-32 max-w-32 h-32 max-h-32 transition-[max-height,_max-width] bg-black rounded-full btn text-accent\"\n  data-target=\"#audio-3a2b41b1efad44eaa482b6b797dbe2b9\">\n  <svg width=\"100%\" height=\"100%\" viewBox=\"0 0 36 36\" version=\"1.1\" xmlns=\"http:\/\/www.w3.org\/2000\/svg\" xmlns:xlink=\"http:\/\/www.w3.org\/1999\/xlink\">\n  <path id=\"ytp-12\" d=\"M11,10 L18,13.74 18,22.28 11,26 M18,13.74 L26,18 26,18 18,22.28\" fill=\"currentColor\">\n    <animate id=\"animation\" begin=\"indefinite\" attributeType=\"XML\" attributeName=\"d\" fill=\"freeze\" from=\"M11,10 L17,10 17,26 11,26 M20,10 L26,10 26,26 20,26\" to=\"M11,10 L18,13.74 18,22.28 11,26 M18,13.74 L26,18 26,18 18,22.28\" dur=\"0.1s\" keySplines=\".4 0 1 1\" repeatCount=\"1\" data-play=\"M11,10 L18,13.74 18,22.28 11,26 M18,13.74 L26,18 26,18 18,22.28\" data-pause=\"M11,10 L17,10 17,26 11,26 M20,10 L26,10 26,26 20,26\"><\/animate>\n  <\/path>\n<\/svg>\n<\/button>\n        <p class=\"text-base text-center\">Escucha<\/p>\n      <\/div>\n    <\/div>\n\n    \n          <div class=\"flex flex-wrap justify-between gap-6 md:justify-start\">\n                  <button data-target=\"#transcription-3a2b41b1efad44eaa482b6b797dbe2b9\" data-toggle=\"modal\" class=\"flex items-center gap-2\">\n            <svg class=\"w-6 h-6\" fill=\"none\" xmlns=\"http:\/\/www.w3.org\/2000\/svg\" viewBox=\"0 0 22 12\"><path d=\"M0 9.873v-6c0-.55.196-1.02.588-1.412A1.926 1.926 0 0 1 2 1.873h2c.55 0 1.02.196 1.412.588.392.391.588.862.588 1.412v6H4v-2H2v2H0Zm2-4h2v-2H2v2Zm6 4v-8h4c.55 0 1.02.196 1.412.588.392.391.588.862.588 1.412v4c0 .55-.196 1.021-.588 1.413A1.926 1.926 0 0 1 12 9.873H8Zm2-2h2v-4h-2v4Zm6.85.8-1.4-1.425c.183-.183.32-.391.413-.625.091-.233.137-.483.137-.75 0-.283-.046-.537-.137-.762a1.85 1.85 0 0 0-.413-.613l1.4-1.45c.367.367.65.792.85 1.275.2.484.3 1 .3 1.55s-.1 1.063-.3 1.538c-.2.475-.483.896-.85 1.262Zm2.825 2.825-1.45-1.375c.55-.55.983-1.187 1.3-1.912A5.775 5.775 0 0 0 20 5.873c0-.85-.158-1.633-.475-2.35a6.217 6.217 0 0 0-1.3-1.9l1.45-1.4a7.94 7.94 0 0 1 1.712 2.55c.409.967.613 2 .613 3.1s-.204 2.13-.613 3.088a7.977 7.977 0 0 1-1.712 2.537Z\" fill=\"#000\"\/><\/svg>            <span>Transcripci\u00f3n<\/span>\n          <\/button>\n                      <\/div>\n      <\/div>\n\n      <div id=\"transcription-3a2b41b1efad44eaa482b6b797dbe2b9\"\n  class=\"fixed inset-0 z-50 hidden w-screen h-screen opacity-0 pointer-events-none modal transcription\"\n  tabindex=\"-1\" role=\"dialog\">\n  <div class=\"absolute w-full h-full bg-black opacity-75 modal-overlay\"><\/div>\n  <div\n    class=\"absolute z-30 w-11\/12 mx-auto overflow-y-auto text-black bg-white shadow-lg modal-container center-xy md:max-w-4xl\"\n    role=\"document\">\n    <div class=\"flex items-center justify-between px-4 py-4 text-gray-700 border-b md:px-8\">\n      <h2 class=\"!mb-0 font-bold\">Transcripci\u00f3n<\/h2>\n      <div class=\"z-50 flex flex-col items-center ml-auto cursor-pointer rtl:ml-0 rtl:mr-auto modal-close\">\n        <svg class=\"w-auto h-6\" width=\"18\" height=\"23\" xmlns=\"http:\/\/www.w3.org\/2000\/svg\">\n  <g stroke=\"currentColor\" fill=\"none\" fill-rule=\"evenodd\" stroke-linecap=\"square\">\n    <path d=\"M.7248.974l16.1076 20.6167M16.655 1.2654L.9097 22.1601\" \/>\n  <\/g>\n<\/svg>        <div class=\"hidden\">Close<\/div>\n      <\/div>\n    <\/div>\n    <div class=\"px-4 py-8 overflow-y-auto max-h-modal md:px-8 modal-content\">\n      <div class=\"mb-8 flex flex-col gap-1.5\">\n                      <h3 class=\"text-xl font-bold\">Las pinturas de la nave sur<\/h3>\n                            <\/div>\n            <p>Los muros laterales de la iglesia tambi\u00e9n estaban decorados con murales al fresco. Estas pinturas, que hoy se conservan en el MNAC, son obra del llamado Maestro del Juicio Final, un autor distinto del que hizo el mural del \u00e1bside. Se llama as\u00ed porque pint\u00f3 la escena que hab\u00eda en el muro cercano a la salida, donde se representaba este motivo. En las reproducciones que se pueden ver en el muro de la derecha, mirando hacia el altar, se representan varias escenas del Nuevo Testamento.<br \/>\nLeyendo las escenas de derecha a izquierda, en el registro intermedio, est\u00e1 la anunciaci\u00f3n en Zacar\u00edas mientras oficiaba en el templo, la nominaci\u00f3n de Juan Bautista y Mar\u00eda con el Ni\u00f1o recibiendo la adoraci\u00f3n de los Reyes Magos, que comparten escena con Herodes. <\/p>\n<p>De las escenas del registro superior solo se conserv\u00f3 la mitad de abajo y, por tanto, es m\u00e1s dif\u00edcil de interpretar. Una de estas escenas podr\u00eda ser la caridad de san Mart\u00edn con el personaje que corta su capa para d\u00e1rsela a otro, y en la escena de m\u00e1s a la derecha, unos \u00e1ngeles armados, con el arc\u00e1ngel Miguel combatiendo al drag\u00f3n.<br \/>\nLa parte inferior est\u00e1 decorada, de nuevo, con un cortinaje pintado y, por debajo, a\u00fan hay m\u00e1s restos de pintura original. <\/p>\n<p>Ahora, tienes que ir frente al retablo barroco de la entrada.<\/p>\n    <\/div>\n  <\/div>\n<\/div>\n    <\/section>\n\n\n<div class=\"flex flex-col gap-3 element text-block\">\n  <div class=\"flex items-center gap-6\">\n              <h2 class=\"text-2xl font-bold\">9g Salida<\/h2>\n      <\/div>\n    <\/div>\n\n\n<div class=\"flex flex-col gap-6 element image-block\">\n  <div class=\"flex flex-col gap-3\">\n      <\/div>\n      <figure>\n      <img loading=\"lazy\" decoding=\"async\" width=\"743\" height=\"1262\" src=\"https:\/\/guiesullsdelahistoria.cat\/app\/uploads\/2024\/11\/Santa_Maria_de_Taull_retaule_entrada.jpg\" class=\"w-full h-auto\" alt=\"Retablo barroco situado cerca de la entrada al interior de la iglesia de Santa Maria de Ta\u00fcll.\" srcset=\"https:\/\/guiesullsdelahistoria.cat\/app\/uploads\/2024\/11\/Santa_Maria_de_Taull_retaule_entrada.jpg 743w, https:\/\/guiesullsdelahistoria.cat\/app\/uploads\/2024\/11\/Santa_Maria_de_Taull_retaule_entrada-177x300.jpg 177w, https:\/\/guiesullsdelahistoria.cat\/app\/uploads\/2024\/11\/Santa_Maria_de_Taull_retaule_entrada-603x1024.jpg 603w\" sizes=\"auto, (max-width: 743px) 100vw, 743px\" \/>\n              <figcaption class=\"pt-2 text-gray-800\">Retablo barroco de Santa Maria de Ta\u00fcll.<\/figcaption>\n          <\/figure>\n  <\/div>\n\n\n<section class=\"element audio-block\">\n  <div class=\"flex flex-col w-full gap-6\">\n    <div class=\"flex flex-col gap-3\">\n      <div class=\"flex gap-6\">\n                          <h2 class=\"text-2xl font-bold\">El retablo barroco y las pilas<\/h2>\n              <\/div>\n          <\/div>\n    <div class=\"flex items-center justify-end gap-3\">\n              <div class=\"flex-1 audio-content\" dir=\"ltr\">\n          <audio id=\"audio-ac5bc6207def15f8eb95d966be266ce5\" data-label=\"El retablo barroco y las pilas\"\n            data-category=\"SANTA-MARIA-DE-TAULL-ES-GENERAL-PLAY-6.mp3\" class=\"hidden\" controls\n            src=\"https:\/\/guiesullsdelahistoria.cat\/app\/uploads\/2024\/11\/SANTA-MARIA-DE-TAULL-ES-GENERAL-PLAY-6.mp3\"><\/audio>\n          <div class=\"flex items-center w-full gap-3 transition-opacity opacity-0 meta\">\n            <progress class=\"flex-1 border-0 appearance-none\" value=\"0\" max=\"1\"><\/progress>\n            <div class=\"text-sm text-center shrink-0 current-time w-9\"><\/div>\n                      <\/div>\n        <\/div>\n            <div class=\"flex flex-col items-center gap-2 shrink-1 audio-control\">\n        <button\n  class=\"flex items-center justify-center w-32 max-w-32 h-32 max-h-32 transition-[max-height,_max-width] bg-black rounded-full btn text-accent\"\n  data-target=\"#audio-ac5bc6207def15f8eb95d966be266ce5\">\n  <svg width=\"100%\" height=\"100%\" viewBox=\"0 0 36 36\" version=\"1.1\" xmlns=\"http:\/\/www.w3.org\/2000\/svg\" xmlns:xlink=\"http:\/\/www.w3.org\/1999\/xlink\">\n  <path id=\"ytp-12\" d=\"M11,10 L18,13.74 18,22.28 11,26 M18,13.74 L26,18 26,18 18,22.28\" fill=\"currentColor\">\n    <animate id=\"animation\" begin=\"indefinite\" attributeType=\"XML\" attributeName=\"d\" fill=\"freeze\" from=\"M11,10 L17,10 17,26 11,26 M20,10 L26,10 26,26 20,26\" to=\"M11,10 L18,13.74 18,22.28 11,26 M18,13.74 L26,18 26,18 18,22.28\" dur=\"0.1s\" keySplines=\".4 0 1 1\" repeatCount=\"1\" data-play=\"M11,10 L18,13.74 18,22.28 11,26 M18,13.74 L26,18 26,18 18,22.28\" data-pause=\"M11,10 L17,10 17,26 11,26 M20,10 L26,10 26,26 20,26\"><\/animate>\n  <\/path>\n<\/svg>\n<\/button>\n        <p class=\"text-base text-center\">Escucha<\/p>\n      <\/div>\n    <\/div>\n\n    \n          <div class=\"flex flex-wrap justify-between gap-6 md:justify-start\">\n                  <button data-target=\"#transcription-ac5bc6207def15f8eb95d966be266ce5\" data-toggle=\"modal\" class=\"flex items-center gap-2\">\n            <svg class=\"w-6 h-6\" fill=\"none\" xmlns=\"http:\/\/www.w3.org\/2000\/svg\" viewBox=\"0 0 22 12\"><path d=\"M0 9.873v-6c0-.55.196-1.02.588-1.412A1.926 1.926 0 0 1 2 1.873h2c.55 0 1.02.196 1.412.588.392.391.588.862.588 1.412v6H4v-2H2v2H0Zm2-4h2v-2H2v2Zm6 4v-8h4c.55 0 1.02.196 1.412.588.392.391.588.862.588 1.412v4c0 .55-.196 1.021-.588 1.413A1.926 1.926 0 0 1 12 9.873H8Zm2-2h2v-4h-2v4Zm6.85.8-1.4-1.425c.183-.183.32-.391.413-.625.091-.233.137-.483.137-.75 0-.283-.046-.537-.137-.762a1.85 1.85 0 0 0-.413-.613l1.4-1.45c.367.367.65.792.85 1.275.2.484.3 1 .3 1.55s-.1 1.063-.3 1.538c-.2.475-.483.896-.85 1.262Zm2.825 2.825-1.45-1.375c.55-.55.983-1.187 1.3-1.912A5.775 5.775 0 0 0 20 5.873c0-.85-.158-1.633-.475-2.35a6.217 6.217 0 0 0-1.3-1.9l1.45-1.4a7.94 7.94 0 0 1 1.712 2.55c.409.967.613 2 .613 3.1s-.204 2.13-.613 3.088a7.977 7.977 0 0 1-1.712 2.537Z\" fill=\"#000\"\/><\/svg>            <span>Transcripci\u00f3n<\/span>\n          <\/button>\n                      <\/div>\n      <\/div>\n\n      <div id=\"transcription-ac5bc6207def15f8eb95d966be266ce5\"\n  class=\"fixed inset-0 z-50 hidden w-screen h-screen opacity-0 pointer-events-none modal transcription\"\n  tabindex=\"-1\" role=\"dialog\">\n  <div class=\"absolute w-full h-full bg-black opacity-75 modal-overlay\"><\/div>\n  <div\n    class=\"absolute z-30 w-11\/12 mx-auto overflow-y-auto text-black bg-white shadow-lg modal-container center-xy md:max-w-4xl\"\n    role=\"document\">\n    <div class=\"flex items-center justify-between px-4 py-4 text-gray-700 border-b md:px-8\">\n      <h2 class=\"!mb-0 font-bold\">Transcripci\u00f3n<\/h2>\n      <div class=\"z-50 flex flex-col items-center ml-auto cursor-pointer rtl:ml-0 rtl:mr-auto modal-close\">\n        <svg class=\"w-auto h-6\" width=\"18\" height=\"23\" xmlns=\"http:\/\/www.w3.org\/2000\/svg\">\n  <g stroke=\"currentColor\" fill=\"none\" fill-rule=\"evenodd\" stroke-linecap=\"square\">\n    <path d=\"M.7248.974l16.1076 20.6167M16.655 1.2654L.9097 22.1601\" \/>\n  <\/g>\n<\/svg>        <div class=\"hidden\">Close<\/div>\n      <\/div>\n    <\/div>\n    <div class=\"px-4 py-8 overflow-y-auto max-h-modal md:px-8 modal-content\">\n      <div class=\"mb-8 flex flex-col gap-1.5\">\n                      <h3 class=\"text-xl font-bold\">El retablo barroco y las pilas<\/h3>\n                            <\/div>\n            <p>Este retablo barroco que tienes enfrente presidi\u00f3 el \u00e1bside principal durante el siglo XVIII y hasta el XX. En todo ese tiempo, mantuvo ocultas las pinturas rom\u00e1nicas. Seguramente, este retablo las protegi\u00f3 de la degradaci\u00f3n y, vete a saber, si de su desaparici\u00f3n. <\/p>\n<p>El retablo est\u00e1 dividido en dos partes: en la parte superior est\u00e1 representado el arc\u00e1ngel san Miguel, con san Pablo a la izquierda y san Pedro a la derecha. En la parte inferior est\u00e1 la Virgen Mar\u00eda, con san Juan Evangelista a la izquierda y san Isidro a la derecha. <\/p>\n<p>En esta zona de la iglesia tambi\u00e9n se encuentran las tres pilas rom\u00e1nicas. La pila m\u00e1s grande es la del aceite, que serv\u00eda para guardar el combustible que utilizaban las l\u00e1mparas que iluminaban la iglesia. Al lado est\u00e1 la pila bautismal. Y a la izquierda, la pila de agua bendita. <\/p>\n    <\/div>\n  <\/div>\n<\/div>\n    <\/section>\n\n\n<div class=\"flex flex-col gap-3 element text-block\">\n  <div class=\"flex items-center gap-6\">\n              <h2 class=\"text-2xl font-bold\">9h \u00a1Te esperamos!<\/h2>\n      <\/div>\n    <\/div>\n\n\n<section class=\"element audio-block\">\n  <div class=\"flex flex-col w-full gap-6\">\n    <div class=\"flex flex-col gap-3\">\n      <div class=\"flex gap-6\">\n                          <h2 class=\"text-2xl font-bold\">La visita contin\u00faa<\/h2>\n              <\/div>\n          <\/div>\n    <div class=\"flex items-center justify-end gap-3\">\n              <div class=\"flex-1 audio-content\" dir=\"ltr\">\n          <audio id=\"audio-162b4bbe5a1fa7292b3b98662da96980\" data-label=\"La visita contin\u00faa\"\n            data-category=\"SANTA-MARIA-DE-TAULL-ES-GENERAL-PLAY-CLOENDA.mp3\" class=\"hidden\" controls\n            src=\"https:\/\/guiesullsdelahistoria.cat\/app\/uploads\/2024\/11\/SANTA-MARIA-DE-TAULL-ES-GENERAL-PLAY-CLOENDA.mp3\"><\/audio>\n          <div class=\"flex items-center w-full gap-3 transition-opacity opacity-0 meta\">\n            <progress class=\"flex-1 border-0 appearance-none\" value=\"0\" max=\"1\"><\/progress>\n            <div class=\"text-sm text-center shrink-0 current-time w-9\"><\/div>\n                      <\/div>\n        <\/div>\n            <div class=\"flex flex-col items-center gap-2 shrink-1 audio-control\">\n        <button\n  class=\"flex items-center justify-center w-32 max-w-32 h-32 max-h-32 transition-[max-height,_max-width] bg-black rounded-full btn text-accent\"\n  data-target=\"#audio-162b4bbe5a1fa7292b3b98662da96980\">\n  <svg width=\"100%\" height=\"100%\" viewBox=\"0 0 36 36\" version=\"1.1\" xmlns=\"http:\/\/www.w3.org\/2000\/svg\" xmlns:xlink=\"http:\/\/www.w3.org\/1999\/xlink\">\n  <path id=\"ytp-12\" d=\"M11,10 L18,13.74 18,22.28 11,26 M18,13.74 L26,18 26,18 18,22.28\" fill=\"currentColor\">\n    <animate id=\"animation\" begin=\"indefinite\" attributeType=\"XML\" attributeName=\"d\" fill=\"freeze\" from=\"M11,10 L17,10 17,26 11,26 M20,10 L26,10 26,26 20,26\" to=\"M11,10 L18,13.74 18,22.28 11,26 M18,13.74 L26,18 26,18 18,22.28\" dur=\"0.1s\" keySplines=\".4 0 1 1\" repeatCount=\"1\" data-play=\"M11,10 L18,13.74 18,22.28 11,26 M18,13.74 L26,18 26,18 18,22.28\" data-pause=\"M11,10 L17,10 17,26 11,26 M20,10 L26,10 26,26 20,26\"><\/animate>\n  <\/path>\n<\/svg>\n<\/button>\n        <p class=\"text-base text-center\">Escucha<\/p>\n      <\/div>\n    <\/div>\n\n    \n          <div class=\"flex flex-wrap justify-between gap-6 md:justify-start\">\n                  <button data-target=\"#transcription-162b4bbe5a1fa7292b3b98662da96980\" data-toggle=\"modal\" class=\"flex items-center gap-2\">\n            <svg class=\"w-6 h-6\" fill=\"none\" xmlns=\"http:\/\/www.w3.org\/2000\/svg\" viewBox=\"0 0 22 12\"><path d=\"M0 9.873v-6c0-.55.196-1.02.588-1.412A1.926 1.926 0 0 1 2 1.873h2c.55 0 1.02.196 1.412.588.392.391.588.862.588 1.412v6H4v-2H2v2H0Zm2-4h2v-2H2v2Zm6 4v-8h4c.55 0 1.02.196 1.412.588.392.391.588.862.588 1.412v4c0 .55-.196 1.021-.588 1.413A1.926 1.926 0 0 1 12 9.873H8Zm2-2h2v-4h-2v4Zm6.85.8-1.4-1.425c.183-.183.32-.391.413-.625.091-.233.137-.483.137-.75 0-.283-.046-.537-.137-.762a1.85 1.85 0 0 0-.413-.613l1.4-1.45c.367.367.65.792.85 1.275.2.484.3 1 .3 1.55s-.1 1.063-.3 1.538c-.2.475-.483.896-.85 1.262Zm2.825 2.825-1.45-1.375c.55-.55.983-1.187 1.3-1.912A5.775 5.775 0 0 0 20 5.873c0-.85-.158-1.633-.475-2.35a6.217 6.217 0 0 0-1.3-1.9l1.45-1.4a7.94 7.94 0 0 1 1.712 2.55c.409.967.613 2 .613 3.1s-.204 2.13-.613 3.088a7.977 7.977 0 0 1-1.712 2.537Z\" fill=\"#000\"\/><\/svg>            <span>Transcripci\u00f3n<\/span>\n          <\/button>\n                      <\/div>\n      <\/div>\n\n      <div id=\"transcription-162b4bbe5a1fa7292b3b98662da96980\"\n  class=\"fixed inset-0 z-50 hidden w-screen h-screen opacity-0 pointer-events-none modal transcription\"\n  tabindex=\"-1\" role=\"dialog\">\n  <div class=\"absolute w-full h-full bg-black opacity-75 modal-overlay\"><\/div>\n  <div\n    class=\"absolute z-30 w-11\/12 mx-auto overflow-y-auto text-black bg-white shadow-lg modal-container center-xy md:max-w-4xl\"\n    role=\"document\">\n    <div class=\"flex items-center justify-between px-4 py-4 text-gray-700 border-b md:px-8\">\n      <h2 class=\"!mb-0 font-bold\">Transcripci\u00f3n<\/h2>\n      <div class=\"z-50 flex flex-col items-center ml-auto cursor-pointer rtl:ml-0 rtl:mr-auto modal-close\">\n        <svg class=\"w-auto h-6\" width=\"18\" height=\"23\" xmlns=\"http:\/\/www.w3.org\/2000\/svg\">\n  <g stroke=\"currentColor\" fill=\"none\" fill-rule=\"evenodd\" stroke-linecap=\"square\">\n    <path d=\"M.7248.974l16.1076 20.6167M16.655 1.2654L.9097 22.1601\" \/>\n  <\/g>\n<\/svg>        <div class=\"hidden\">Close<\/div>\n      <\/div>\n    <\/div>\n    <div class=\"px-4 py-8 overflow-y-auto max-h-modal md:px-8 modal-content\">\n      <div class=\"mb-8 flex flex-col gap-1.5\">\n                      <h3 class=\"text-xl font-bold\">La visita contin\u00faa<\/h3>\n                            <\/div>\n            <p>Aqu\u00ed termina la visita a la iglesia. Ahora te invitamos a conocer las dem\u00e1s, que constituyen el Conjunto Rom\u00e1nico de la Vall de Bo\u00ed. \u00a1Te esperamos!<\/p>\n    <\/div>\n  <\/div>\n<\/div>\n    <\/section>\n\n\n<div class=\"flex flex-col gap-3 element text-block\">\n  <div class=\"flex items-center gap-6\">\n              <h2 class=\"text-2xl font-bold\">Cierre<\/h2>\n      <\/div>\n        <div class=\"prose prose-lg\"><p>\u201c<em>Els Ulls de la Hist\u00f2ria<\/em>. Una mirada inmersiva sobre el patrimonio\u201d es una iniciativa de la Ag\u00e8ncia Catalana del Patrimoni Cultural.<br \/>\nUn proyecto que incorpora otras voces y otras miradas sobre nuestro pasado. Porque todas y todos hacemos historia.<\/p>\n<\/div>\n  <\/div>\n\n<\/div>\n      <\/div>\n    <\/div>\n  <\/section>\n","protected":false},"author":3,"featured_media":0,"parent":0,"template":"template-guide--ullsdelahistoria.blade.php","class_list":["post-6320","guide","type-guide","status-publish","hentry"],"acf":[],"yoast_head":"<!-- This site is optimized with the Yoast SEO plugin v27.0 - https:\/\/yoast.com\/product\/yoast-seo-wordpress\/ -->\n<title>Gu\u00eda multimedia del Conjunto Rom\u00e1nico de la Vall de Bo\u00ed - Muzee<\/title>\n<meta name=\"robots\" content=\"index, follow, max-snippet:-1, max-image-preview:large, max-video-preview:-1\" \/>\n<link rel=\"canonical\" href=\"https:\/\/guiesullsdelahistoria.cat\/es\/patrimoni\/guide\/la-vall-de-boi\/\" \/>\n<meta property=\"og:locale\" content=\"es_ES\" \/>\n<meta property=\"og:type\" content=\"article\" \/>\n<meta property=\"og:title\" content=\"Gu\u00eda multimedia del Conjunto Rom\u00e1nico de la Vall de Bo\u00ed - Muzee\" \/>\n<meta property=\"og:url\" content=\"https:\/\/guiesullsdelahistoria.cat\/es\/patrimoni\/guide\/la-vall-de-boi\/\" \/>\n<meta property=\"og:site_name\" content=\"Muzee\" \/>\n<meta property=\"article:modified_time\" content=\"2025-02-06T11:36:59+00:00\" \/>\n<meta name=\"twitter:card\" content=\"summary_large_image\" \/>\n<meta name=\"twitter:label1\" content=\"Est. reading time\" \/>\n\t<meta name=\"twitter:data1\" content=\"71 minutes\" \/>\n<script type=\"application\/ld+json\" class=\"yoast-schema-graph\">{\"@context\":\"https:\/\/schema.org\",\"@graph\":[{\"@type\":\"WebPage\",\"@id\":\"https:\/\/guiesullsdelahistoria.cat\/es\/patrimoni\/guide\/la-vall-de-boi\/\",\"url\":\"https:\/\/guiesullsdelahistoria.cat\/es\/patrimoni\/guide\/la-vall-de-boi\/\",\"name\":\"Gu\u00eda multimedia del Conjunto Rom\u00e1nico de la Vall de Bo\u00ed - Muzee\",\"isPartOf\":{\"@id\":\"https:\/\/guiesullsdelahistoria.cat\/#website\"},\"datePublished\":\"2024-11-20T14:57:58+00:00\",\"dateModified\":\"2025-02-06T11:36:59+00:00\",\"breadcrumb\":{\"@id\":\"https:\/\/guiesullsdelahistoria.cat\/es\/patrimoni\/guide\/la-vall-de-boi\/#breadcrumb\"},\"inLanguage\":\"es-ES\",\"potentialAction\":[{\"@type\":\"ReadAction\",\"target\":[\"https:\/\/guiesullsdelahistoria.cat\/es\/patrimoni\/guide\/la-vall-de-boi\/\"]}]},{\"@type\":\"BreadcrumbList\",\"@id\":\"https:\/\/guiesullsdelahistoria.cat\/es\/patrimoni\/guide\/la-vall-de-boi\/#breadcrumb\",\"itemListElement\":[{\"@type\":\"ListItem\",\"position\":1,\"name\":\"Home\",\"item\":\"https:\/\/guiesullsdelahistoria.cat\/\"},{\"@type\":\"ListItem\",\"position\":2,\"name\":\"Gu\u00eda multimedia del Conjunto Rom\u00e1nico de la Vall de Bo\u00ed\"}]},{\"@type\":\"WebSite\",\"@id\":\"https:\/\/guiesullsdelahistoria.cat\/#website\",\"url\":\"https:\/\/guiesullsdelahistoria.cat\/\",\"name\":\"Muzee\",\"description\":\"\",\"potentialAction\":[{\"@type\":\"SearchAction\",\"target\":{\"@type\":\"EntryPoint\",\"urlTemplate\":\"https:\/\/guiesullsdelahistoria.cat\/?s={search_term_string}\"},\"query-input\":{\"@type\":\"PropertyValueSpecification\",\"valueRequired\":true,\"valueName\":\"search_term_string\"}}],\"inLanguage\":\"es-ES\"}]}<\/script>\n<!-- \/ Yoast SEO plugin. -->","yoast_head_json":{"title":"Gu\u00eda multimedia del Conjunto Rom\u00e1nico de la Vall de Bo\u00ed - Muzee","robots":{"index":"index","follow":"follow","max-snippet":"max-snippet:-1","max-image-preview":"max-image-preview:large","max-video-preview":"max-video-preview:-1"},"canonical":"https:\/\/guiesullsdelahistoria.cat\/es\/patrimoni\/guide\/la-vall-de-boi\/","og_locale":"es_ES","og_type":"article","og_title":"Gu\u00eda multimedia del Conjunto Rom\u00e1nico de la Vall de Bo\u00ed - Muzee","og_url":"https:\/\/guiesullsdelahistoria.cat\/es\/patrimoni\/guide\/la-vall-de-boi\/","og_site_name":"Muzee","article_modified_time":"2025-02-06T11:36:59+00:00","twitter_card":"summary_large_image","twitter_misc":{"Est. reading time":"71 minutes"},"schema":{"@context":"https:\/\/schema.org","@graph":[{"@type":"WebPage","@id":"https:\/\/guiesullsdelahistoria.cat\/es\/patrimoni\/guide\/la-vall-de-boi\/","url":"https:\/\/guiesullsdelahistoria.cat\/es\/patrimoni\/guide\/la-vall-de-boi\/","name":"Gu\u00eda multimedia del Conjunto Rom\u00e1nico de la Vall de Bo\u00ed - Muzee","isPartOf":{"@id":"https:\/\/guiesullsdelahistoria.cat\/#website"},"datePublished":"2024-11-20T14:57:58+00:00","dateModified":"2025-02-06T11:36:59+00:00","breadcrumb":{"@id":"https:\/\/guiesullsdelahistoria.cat\/es\/patrimoni\/guide\/la-vall-de-boi\/#breadcrumb"},"inLanguage":"es-ES","potentialAction":[{"@type":"ReadAction","target":["https:\/\/guiesullsdelahistoria.cat\/es\/patrimoni\/guide\/la-vall-de-boi\/"]}]},{"@type":"BreadcrumbList","@id":"https:\/\/guiesullsdelahistoria.cat\/es\/patrimoni\/guide\/la-vall-de-boi\/#breadcrumb","itemListElement":[{"@type":"ListItem","position":1,"name":"Home","item":"https:\/\/guiesullsdelahistoria.cat\/"},{"@type":"ListItem","position":2,"name":"Gu\u00eda multimedia del Conjunto Rom\u00e1nico de la Vall de Bo\u00ed"}]},{"@type":"WebSite","@id":"https:\/\/guiesullsdelahistoria.cat\/#website","url":"https:\/\/guiesullsdelahistoria.cat\/","name":"Muzee","description":"","potentialAction":[{"@type":"SearchAction","target":{"@type":"EntryPoint","urlTemplate":"https:\/\/guiesullsdelahistoria.cat\/?s={search_term_string}"},"query-input":{"@type":"PropertyValueSpecification","valueRequired":true,"valueName":"search_term_string"}}],"inLanguage":"es-ES"}]}},"_links":{"self":[{"href":"https:\/\/guiesullsdelahistoria.cat\/es\/wp-json\/wp\/v2\/guide\/6320","targetHints":{"allow":["GET"]}}],"collection":[{"href":"https:\/\/guiesullsdelahistoria.cat\/es\/wp-json\/wp\/v2\/guide"}],"about":[{"href":"https:\/\/guiesullsdelahistoria.cat\/es\/wp-json\/wp\/v2\/types\/guide"}],"author":[{"embeddable":true,"href":"https:\/\/guiesullsdelahistoria.cat\/es\/wp-json\/wp\/v2\/users\/3"}],"wp:attachment":[{"href":"https:\/\/guiesullsdelahistoria.cat\/es\/wp-json\/wp\/v2\/media?parent=6320"}],"curies":[{"name":"wp","href":"https:\/\/api.w.org\/{rel}","templated":true}]}}