{"id":6739,"date":"2024-11-20T14:57:58","date_gmt":"2024-11-20T14:57:58","guid":{"rendered":"https:\/\/guiesullsdelahistoria.cat\/patrimoni\/guide\/la-vall-de-boi\/"},"modified":"2025-02-06T11:15:43","modified_gmt":"2025-02-06T11:15:43","slug":"la-vall-de-boi","status":"publish","type":"guide","link":"https:\/\/guiesullsdelahistoria.cat\/it\/patrimoni\/guide\/la-vall-de-boi\/","title":{"rendered":"Guida multimediale del Complesso Romanico della Vall de Bo\u00ed"},"content":{"rendered":"<div class=\"flex flex-col gap-3 element text-block\">\n  <div class=\"flex items-center gap-6\">\n          <\/div>\n        <div class=\"prose prose-lg\"><p>La guida che hai tra le mani \u00e8 uno strumento multimediale che ti aiuter\u00e0 a conoscere meglio le chiese che compongono il complesso romanico di La Vall de Bo\u00ed. Scoprirari le storie della loro costruzione e l\u2019influenza che hanno avuto sul territorio nel corso dei secoli.<\/p>\n<\/div>\n  <\/div>\n\n\n<div class=\"flex flex-col gap-6 element image-block\">\n  <div class=\"flex flex-col gap-3\">\n      <\/div>\n      <figure>\n      <img loading=\"lazy\" decoding=\"async\" width=\"1024\" height=\"680\" src=\"https:\/\/guiesullsdelahistoria.cat\/app\/uploads\/2024\/11\/Nativitat_de_Durro_ferro_porta_DSC0116_J.BARBERO.jpg\" class=\"w-full h-auto\" alt=\"Particolare del chiavistello medievale della porta della chiesa della Nativitat di Durro. Catenaccio con testa e figura di animale e piastra decorata.\" srcset=\"https:\/\/guiesullsdelahistoria.cat\/app\/uploads\/2024\/11\/Nativitat_de_Durro_ferro_porta_DSC0116_J.BARBERO.jpg 1024w, https:\/\/guiesullsdelahistoria.cat\/app\/uploads\/2024\/11\/Nativitat_de_Durro_ferro_porta_DSC0116_J.BARBERO-300x199.jpg 300w, https:\/\/guiesullsdelahistoria.cat\/app\/uploads\/2024\/11\/Nativitat_de_Durro_ferro_porta_DSC0116_J.BARBERO-768x510.jpg 768w\" sizes=\"auto, (max-width: 1024px) 100vw, 1024px\" \/>\n              <figcaption class=\"pt-2 text-gray-800\">Chiavistello della porta della Nativitat di Durro.<\/figcaption>\n          <\/figure>\n  <\/div>\n\n\n<section class=\"overflow-hidden section\" id=\"section-69f5c68106c8d\" data-title=\"1. L'Assumpci\u00f3 de C\u00f3ll\">\n    <div class=\"container grid grid-cols-1 py-8 md:py-10 max-md:gap-y-8 md:grid-standard\">\n              <div class=\"flex gap-4 md:col-span-5\">\n                                <h2 class=\"text-8 font-headings\">1. L&#8217;Assumpci\u00f3 de C\u00f3ll<\/h2>\n                  <\/div>\n            <div class=\"flex flex-col gap-8 md:col-span-6 md:col-start-7 md:gap-10\">\n        <div class=\"acf-innerblocks-container\">\n<div class=\"flex flex-col gap-3 element text-block\">\n  <div class=\"flex items-center gap-6\">\n              <h2 class=\"text-2xl font-bold\">1a Introduzione<\/h2>\n      <\/div>\n    <\/div>\n\n\n<div class=\"flex flex-col gap-6 element image-block\">\n  <div class=\"flex flex-col gap-3\">\n      <\/div>\n      <figure>\n      <img loading=\"lazy\" decoding=\"async\" width=\"1412\" height=\"939\" src=\"https:\/\/guiesullsdelahistoria.cat\/app\/uploads\/2024\/11\/Assumpcio-general.jpg\" class=\"w-full h-auto\" alt=\"Vista esterna della chiesa della Assumpci\u00f3 de C\u00f3ll con le montagne sul fondo.\" srcset=\"https:\/\/guiesullsdelahistoria.cat\/app\/uploads\/2024\/11\/Assumpcio-general.jpg 1412w, https:\/\/guiesullsdelahistoria.cat\/app\/uploads\/2024\/11\/Assumpcio-general-300x200.jpg 300w, https:\/\/guiesullsdelahistoria.cat\/app\/uploads\/2024\/11\/Assumpcio-general-1024x681.jpg 1024w, https:\/\/guiesullsdelahistoria.cat\/app\/uploads\/2024\/11\/Assumpcio-general-768x511.jpg 768w\" sizes=\"auto, (max-width: 1412px) 100vw, 1412px\" \/>\n              <figcaption class=\"pt-2 text-gray-800\">Vista generale della Assumpci\u00f3 de C\u00f3ll<\/figcaption>\n          <\/figure>\n  <\/div>\n\n\n<section class=\"element audio-block\">\n  <div class=\"flex flex-col w-full gap-6\">\n    <div class=\"flex flex-col gap-3\">\n      <div class=\"flex gap-6\">\n                          <h2 class=\"text-2xl font-bold\">La Vall de Bo\u00ed e le sue chiese<\/h2>\n              <\/div>\n          <\/div>\n    <div class=\"flex items-center justify-end gap-3\">\n              <div class=\"flex-1 audio-content\" dir=\"ltr\">\n          <audio id=\"audio-cac93b60ab3273be86329d3870910760\" data-label=\"La Vall de Bo\u00ed e le sue chiese\"\n            data-category=\"ASSUMPCIO-DE-COLL-IT-GENERAL-PLAY-0.mp3\" class=\"hidden\" controls\n            src=\"https:\/\/guiesullsdelahistoria.cat\/app\/uploads\/2024\/11\/ASSUMPCIO-DE-COLL-IT-GENERAL-PLAY-0.mp3\"><\/audio>\n          <div class=\"flex items-center w-full gap-3 transition-opacity opacity-0 meta\">\n            <progress class=\"flex-1 border-0 appearance-none\" value=\"0\" max=\"1\"><\/progress>\n            <div class=\"text-sm text-center shrink-0 current-time w-9\"><\/div>\n                      <\/div>\n        <\/div>\n            <div class=\"flex flex-col items-center gap-2 shrink-1 audio-control\">\n        <button\n  class=\"flex items-center justify-center w-32 max-w-32 h-32 max-h-32 transition-[max-height,_max-width] bg-black rounded-full btn text-accent\"\n  data-target=\"#audio-cac93b60ab3273be86329d3870910760\">\n  <svg width=\"100%\" height=\"100%\" viewBox=\"0 0 36 36\" version=\"1.1\" xmlns=\"http:\/\/www.w3.org\/2000\/svg\" xmlns:xlink=\"http:\/\/www.w3.org\/1999\/xlink\">\n  <path id=\"ytp-12\" d=\"M11,10 L18,13.74 18,22.28 11,26 M18,13.74 L26,18 26,18 18,22.28\" fill=\"currentColor\">\n    <animate id=\"animation\" begin=\"indefinite\" attributeType=\"XML\" attributeName=\"d\" fill=\"freeze\" from=\"M11,10 L17,10 17,26 11,26 M20,10 L26,10 26,26 20,26\" to=\"M11,10 L18,13.74 18,22.28 11,26 M18,13.74 L26,18 26,18 18,22.28\" dur=\"0.1s\" keySplines=\".4 0 1 1\" repeatCount=\"1\" data-play=\"M11,10 L18,13.74 18,22.28 11,26 M18,13.74 L26,18 26,18 18,22.28\" data-pause=\"M11,10 L17,10 17,26 11,26 M20,10 L26,10 26,26 20,26\"><\/animate>\n  <\/path>\n<\/svg>\n<\/button>\n        <p class=\"text-base text-center\">Ascolta<\/p>\n      <\/div>\n    <\/div>\n\n    \n          <div class=\"flex flex-wrap justify-between gap-6 md:justify-start\">\n                  <button data-target=\"#transcription-cac93b60ab3273be86329d3870910760\" data-toggle=\"modal\" class=\"flex items-center gap-2\">\n            <svg class=\"w-6 h-6\" fill=\"none\" xmlns=\"http:\/\/www.w3.org\/2000\/svg\" viewBox=\"0 0 22 12\"><path d=\"M0 9.873v-6c0-.55.196-1.02.588-1.412A1.926 1.926 0 0 1 2 1.873h2c.55 0 1.02.196 1.412.588.392.391.588.862.588 1.412v6H4v-2H2v2H0Zm2-4h2v-2H2v2Zm6 4v-8h4c.55 0 1.02.196 1.412.588.392.391.588.862.588 1.412v4c0 .55-.196 1.021-.588 1.413A1.926 1.926 0 0 1 12 9.873H8Zm2-2h2v-4h-2v4Zm6.85.8-1.4-1.425c.183-.183.32-.391.413-.625.091-.233.137-.483.137-.75 0-.283-.046-.537-.137-.762a1.85 1.85 0 0 0-.413-.613l1.4-1.45c.367.367.65.792.85 1.275.2.484.3 1 .3 1.55s-.1 1.063-.3 1.538c-.2.475-.483.896-.85 1.262Zm2.825 2.825-1.45-1.375c.55-.55.983-1.187 1.3-1.912A5.775 5.775 0 0 0 20 5.873c0-.85-.158-1.633-.475-2.35a6.217 6.217 0 0 0-1.3-1.9l1.45-1.4a7.94 7.94 0 0 1 1.712 2.55c.409.967.613 2 .613 3.1s-.204 2.13-.613 3.088a7.977 7.977 0 0 1-1.712 2.537Z\" fill=\"#000\"\/><\/svg>            <span>Trascrizione<\/span>\n          <\/button>\n                      <\/div>\n      <\/div>\n\n      <div id=\"transcription-cac93b60ab3273be86329d3870910760\"\n  class=\"fixed inset-0 z-50 hidden w-screen h-screen opacity-0 pointer-events-none modal transcription\"\n  tabindex=\"-1\" role=\"dialog\">\n  <div class=\"absolute w-full h-full bg-black opacity-75 modal-overlay\"><\/div>\n  <div\n    class=\"absolute z-30 w-11\/12 mx-auto overflow-y-auto text-black bg-white shadow-lg modal-container center-xy md:max-w-4xl\"\n    role=\"document\">\n    <div class=\"flex items-center justify-between px-4 py-4 text-gray-700 border-b md:px-8\">\n      <h2 class=\"!mb-0 font-bold\">Trascrizione<\/h2>\n      <div class=\"z-50 flex flex-col items-center ml-auto cursor-pointer rtl:ml-0 rtl:mr-auto modal-close\">\n        <svg class=\"w-auto h-6\" width=\"18\" height=\"23\" xmlns=\"http:\/\/www.w3.org\/2000\/svg\">\n  <g stroke=\"currentColor\" fill=\"none\" fill-rule=\"evenodd\" stroke-linecap=\"square\">\n    <path d=\"M.7248.974l16.1076 20.6167M16.655 1.2654L.9097 22.1601\" \/>\n  <\/g>\n<\/svg>        <div class=\"hidden\">Close<\/div>\n      <\/div>\n    <\/div>\n    <div class=\"px-4 py-8 overflow-y-auto max-h-modal md:px-8 modal-content\">\n      <div class=\"mb-8 flex flex-col gap-1.5\">\n                      <h3 class=\"text-xl font-bold\">La Vall de Bo\u00ed e le sue chiese<\/h3>\n                            <\/div>\n            <p>Ti diamo il benvenuto nella Vall de Bo\u00ed e ti invitiamo a scoprire il suo straordinario complesso di chiese, considerato una delle massime espressioni dell\u2019arte romanica catalana e iscritto nel 2000 nell\u2019Elenco del Patrimonio Mondiale dell&#8217;UNESCO.<br \/>\nIl complesso romanico della Vall de Bo\u00ed \u00e8 composto da nove chiese: Sant Climent e Santa Maria di Ta\u00fcll, Sant Joan di Bo\u00ed, Santa Eul\u00e0lia di Erill la Vall, Sant Feliu di Barruera, la Nativitat e Sant Quirc di Durro, Santa Maria di Cardet e l&#8217;Assumpci\u00f3 di C\u00f3ll.<br \/>\nMa cosa accomuna queste chiese? Perch\u00e9 sono cos\u00ec uniche? Qual \u00e8 la loro storia?<br \/>\nFurono tutte costruite tra l\u2019XI e il XII secolo, in un periodo di potere e prosperit\u00e0 economica per la nobilt\u00e0 locale, e condividono lo stesso stile architettonico, il romanico, diffuso in tutta Europa.<br \/>\nOggigiorno, la gran parte di dipinti, sculture e mobili \u00e8 conservata in diversi musei catalani, in particolare nel Museu Nacional d\u2019Art de Catalunya. Tuttavia, alcune chiese conservano importanti frammenti di dipinti murali e sculture originali, oltre a riproduzioni delle opere custodite nei musei.<br \/>\nGrazie a questa guida scoprirai il valore eccezionale di questo complesso romanico e potrai conoscere ognuna delle nove chiese, con i loro segreti e le loro curiosit\u00e0.<br \/>\nUn ultimo avvertimento! Queste montagne sono misteriose, e le parole delle persone che le hanno abitate sono spesso intrappolate nelle valli e risuonano nel tempo come un\u2019eco impercettibile. Questa guida \u00e8 dotata di un sensore che si attiva ogni volta che ne rileva una. Non spaventarti e continua ad ascoltare.<\/p>\n<p>Per iniziare la visita, vai alla parte posteriore della chiesa.<\/p>\n    <\/div>\n  <\/div>\n<\/div>\n    <\/section>\n\n\n<div class=\"flex flex-col gap-3 element text-block\">\n  <div class=\"flex items-center gap-6\">\n              <h2 class=\"text-2xl font-bold\">1b Abside<\/h2>\n      <\/div>\n    <\/div>\n\n\n<div class=\"flex flex-col gap-6 element image-block\">\n  <div class=\"flex flex-col gap-3\">\n      <\/div>\n      <figure>\n      <img loading=\"lazy\" decoding=\"async\" width=\"1600\" height=\"1065\" src=\"https:\/\/guiesullsdelahistoria.cat\/app\/uploads\/2024\/11\/Assumpcio_de_Coll_absis_DSC00425.jpg\" class=\"w-full h-auto\" alt=\"Esterno della chiesa della Assumpci\u00f3 de C\u00f3ll visto dal retro con l\u2019abside in primo piano.\" srcset=\"https:\/\/guiesullsdelahistoria.cat\/app\/uploads\/2024\/11\/Assumpcio_de_Coll_absis_DSC00425.jpg 1600w, https:\/\/guiesullsdelahistoria.cat\/app\/uploads\/2024\/11\/Assumpcio_de_Coll_absis_DSC00425-300x200.jpg 300w, https:\/\/guiesullsdelahistoria.cat\/app\/uploads\/2024\/11\/Assumpcio_de_Coll_absis_DSC00425-1024x682.jpg 1024w, https:\/\/guiesullsdelahistoria.cat\/app\/uploads\/2024\/11\/Assumpcio_de_Coll_absis_DSC00425-768x511.jpg 768w, https:\/\/guiesullsdelahistoria.cat\/app\/uploads\/2024\/11\/Assumpcio_de_Coll_absis_DSC00425-1536x1022.jpg 1536w\" sizes=\"auto, (max-width: 1600px) 100vw, 1600px\" \/>\n              <figcaption class=\"pt-2 text-gray-800\">Vista posteriore della Assumpci\u00f3 de C\u00f3ll con l\u2019abside in primo piano. <\/figcaption>\n          <\/figure>\n  <\/div>\n\n\n<section class=\"element audio-block\">\n  <div class=\"flex flex-col w-full gap-6\">\n    <div class=\"flex flex-col gap-3\">\n      <div class=\"flex gap-6\">\n                          <h2 class=\"text-2xl font-bold\">Evoluzione architettonica<\/h2>\n              <\/div>\n          <\/div>\n    <div class=\"flex items-center justify-end gap-3\">\n              <div class=\"flex-1 audio-content\" dir=\"ltr\">\n          <audio id=\"audio-d9147fb927cbca1a1f2d2366610674b5\" data-label=\"Evoluzione architettonica\"\n            data-category=\"ASSUMPCIO-DE-COLL-IT-GENERAL-PLAY-1.mp3\" class=\"hidden\" controls\n            src=\"https:\/\/guiesullsdelahistoria.cat\/app\/uploads\/2024\/11\/ASSUMPCIO-DE-COLL-IT-GENERAL-PLAY-1.mp3\"><\/audio>\n          <div class=\"flex items-center w-full gap-3 transition-opacity opacity-0 meta\">\n            <progress class=\"flex-1 border-0 appearance-none\" value=\"0\" max=\"1\"><\/progress>\n            <div class=\"text-sm text-center shrink-0 current-time w-9\"><\/div>\n                      <\/div>\n        <\/div>\n            <div class=\"flex flex-col items-center gap-2 shrink-1 audio-control\">\n        <button\n  class=\"flex items-center justify-center w-32 max-w-32 h-32 max-h-32 transition-[max-height,_max-width] bg-black rounded-full btn text-accent\"\n  data-target=\"#audio-d9147fb927cbca1a1f2d2366610674b5\">\n  <svg width=\"100%\" height=\"100%\" viewBox=\"0 0 36 36\" version=\"1.1\" xmlns=\"http:\/\/www.w3.org\/2000\/svg\" xmlns:xlink=\"http:\/\/www.w3.org\/1999\/xlink\">\n  <path id=\"ytp-12\" d=\"M11,10 L18,13.74 18,22.28 11,26 M18,13.74 L26,18 26,18 18,22.28\" fill=\"currentColor\">\n    <animate id=\"animation\" begin=\"indefinite\" attributeType=\"XML\" attributeName=\"d\" fill=\"freeze\" from=\"M11,10 L17,10 17,26 11,26 M20,10 L26,10 26,26 20,26\" to=\"M11,10 L18,13.74 18,22.28 11,26 M18,13.74 L26,18 26,18 18,22.28\" dur=\"0.1s\" keySplines=\".4 0 1 1\" repeatCount=\"1\" data-play=\"M11,10 L18,13.74 18,22.28 11,26 M18,13.74 L26,18 26,18 18,22.28\" data-pause=\"M11,10 L17,10 17,26 11,26 M20,10 L26,10 26,26 20,26\"><\/animate>\n  <\/path>\n<\/svg>\n<\/button>\n        <p class=\"text-base text-center\">Ascolta<\/p>\n      <\/div>\n    <\/div>\n\n    \n          <div class=\"flex flex-wrap justify-between gap-6 md:justify-start\">\n                  <button data-target=\"#transcription-d9147fb927cbca1a1f2d2366610674b5\" data-toggle=\"modal\" class=\"flex items-center gap-2\">\n            <svg class=\"w-6 h-6\" fill=\"none\" xmlns=\"http:\/\/www.w3.org\/2000\/svg\" viewBox=\"0 0 22 12\"><path d=\"M0 9.873v-6c0-.55.196-1.02.588-1.412A1.926 1.926 0 0 1 2 1.873h2c.55 0 1.02.196 1.412.588.392.391.588.862.588 1.412v6H4v-2H2v2H0Zm2-4h2v-2H2v2Zm6 4v-8h4c.55 0 1.02.196 1.412.588.392.391.588.862.588 1.412v4c0 .55-.196 1.021-.588 1.413A1.926 1.926 0 0 1 12 9.873H8Zm2-2h2v-4h-2v4Zm6.85.8-1.4-1.425c.183-.183.32-.391.413-.625.091-.233.137-.483.137-.75 0-.283-.046-.537-.137-.762a1.85 1.85 0 0 0-.413-.613l1.4-1.45c.367.367.65.792.85 1.275.2.484.3 1 .3 1.55s-.1 1.063-.3 1.538c-.2.475-.483.896-.85 1.262Zm2.825 2.825-1.45-1.375c.55-.55.983-1.187 1.3-1.912A5.775 5.775 0 0 0 20 5.873c0-.85-.158-1.633-.475-2.35a6.217 6.217 0 0 0-1.3-1.9l1.45-1.4a7.94 7.94 0 0 1 1.712 2.55c.409.967.613 2 .613 3.1s-.204 2.13-.613 3.088a7.977 7.977 0 0 1-1.712 2.537Z\" fill=\"#000\"\/><\/svg>            <span>Trascrizione<\/span>\n          <\/button>\n                      <\/div>\n      <\/div>\n\n      <div id=\"transcription-d9147fb927cbca1a1f2d2366610674b5\"\n  class=\"fixed inset-0 z-50 hidden w-screen h-screen opacity-0 pointer-events-none modal transcription\"\n  tabindex=\"-1\" role=\"dialog\">\n  <div class=\"absolute w-full h-full bg-black opacity-75 modal-overlay\"><\/div>\n  <div\n    class=\"absolute z-30 w-11\/12 mx-auto overflow-y-auto text-black bg-white shadow-lg modal-container center-xy md:max-w-4xl\"\n    role=\"document\">\n    <div class=\"flex items-center justify-between px-4 py-4 text-gray-700 border-b md:px-8\">\n      <h2 class=\"!mb-0 font-bold\">Trascrizione<\/h2>\n      <div class=\"z-50 flex flex-col items-center ml-auto cursor-pointer rtl:ml-0 rtl:mr-auto modal-close\">\n        <svg class=\"w-auto h-6\" width=\"18\" height=\"23\" xmlns=\"http:\/\/www.w3.org\/2000\/svg\">\n  <g stroke=\"currentColor\" fill=\"none\" fill-rule=\"evenodd\" stroke-linecap=\"square\">\n    <path d=\"M.7248.974l16.1076 20.6167M16.655 1.2654L.9097 22.1601\" \/>\n  <\/g>\n<\/svg>        <div class=\"hidden\">Close<\/div>\n      <\/div>\n    <\/div>\n    <div class=\"px-4 py-8 overflow-y-auto max-h-modal md:px-8 modal-content\">\n      <div class=\"mb-8 flex flex-col gap-1.5\">\n                      <h3 class=\"text-xl font-bold\">Evoluzione architettonica<\/h3>\n                            <\/div>\n            <p>La chiesa dell\u2019Assumpci\u00f3 di C\u00f3ll risale alla seconda met\u00e0 del XII secolo, ma \u00e8 cambiata nel corso del tempo. Lo si pu\u00f2 notare dal suo campanile: la parte inferiore \u00e8 romanica, mentre i due piani superiori sono gotici, come si pu\u00f2 osservare dalla forma delle finestre.<\/p>\n<p>Le dimensioni dei conci di pietra, molto pi\u00f9 grandi e regolari di quelli di altre chiese di La Vall, ci inducono a pensarlo. <\/p>\n<p>Per proseguire la visita, dirigiti all&#8217;ingresso della chiesa.<\/p>\n    <\/div>\n  <\/div>\n<\/div>\n    <\/section>\n\n\n<div class=\"flex flex-col gap-3 element text-block\">\n  <div class=\"flex items-center gap-6\">\n              <h2 class=\"text-2xl font-bold\">1c Facciata<\/h2>\n      <\/div>\n    <\/div>\n\n\n<div class=\"flex flex-col gap-6 element image-block\">\n  <div class=\"flex flex-col gap-3\">\n      <\/div>\n      <figure>\n      <img loading=\"lazy\" decoding=\"async\" width=\"934\" height=\"1404\" src=\"https:\/\/guiesullsdelahistoria.cat\/app\/uploads\/2024\/11\/Assumpcio-portalada.jpg\" class=\"w-full h-auto\" alt=\"Portalada de l\u2019esgl\u00e9sia de l\u2019Assumpci\u00f3 de C\u00f3ll amb columnes rematades amb arcs i el crism\u00f3 al damunt.\" srcset=\"https:\/\/guiesullsdelahistoria.cat\/app\/uploads\/2024\/11\/Assumpcio-portalada.jpg 934w, https:\/\/guiesullsdelahistoria.cat\/app\/uploads\/2024\/11\/Assumpcio-portalada-200x300.jpg 200w, https:\/\/guiesullsdelahistoria.cat\/app\/uploads\/2024\/11\/Assumpcio-portalada-681x1024.jpg 681w, https:\/\/guiesullsdelahistoria.cat\/app\/uploads\/2024\/11\/Assumpcio-portalada-768x1154.jpg 768w\" sizes=\"auto, (max-width: 934px) 100vw, 934px\" \/>\n              <figcaption class=\"pt-2 text-gray-800\">Facciata della chiesa della Assumpci\u00f3 di C\u00f3ll con colonne sormontate da archi e il Monogramma di Cristo che le sovrasta.<\/figcaption>\n          <\/figure>\n  <\/div>\n\n\n<section class=\"element audio-block\">\n  <div class=\"flex flex-col w-full gap-6\">\n    <div class=\"flex flex-col gap-3\">\n      <div class=\"flex gap-6\">\n                          <h2 class=\"text-2xl font-bold\">Elementi decorativi della facciata<\/h2>\n              <\/div>\n          <\/div>\n    <div class=\"flex items-center justify-end gap-3\">\n              <div class=\"flex-1 audio-content\" dir=\"ltr\">\n          <audio id=\"audio-f61285a7fbd6e3375b27e9a795c1f53f\" data-label=\"Elementi decorativi della facciata\"\n            data-category=\"ASSUMPCIO-DE-COLL-IT-GENERAL-PLAY-2.mp3\" class=\"hidden\" controls\n            src=\"https:\/\/guiesullsdelahistoria.cat\/app\/uploads\/2024\/11\/ASSUMPCIO-DE-COLL-IT-GENERAL-PLAY-2.mp3\"><\/audio>\n          <div class=\"flex items-center w-full gap-3 transition-opacity opacity-0 meta\">\n            <progress class=\"flex-1 border-0 appearance-none\" value=\"0\" max=\"1\"><\/progress>\n            <div class=\"text-sm text-center shrink-0 current-time w-9\"><\/div>\n                      <\/div>\n        <\/div>\n            <div class=\"flex flex-col items-center gap-2 shrink-1 audio-control\">\n        <button\n  class=\"flex items-center justify-center w-32 max-w-32 h-32 max-h-32 transition-[max-height,_max-width] bg-black rounded-full btn text-accent\"\n  data-target=\"#audio-f61285a7fbd6e3375b27e9a795c1f53f\">\n  <svg width=\"100%\" height=\"100%\" viewBox=\"0 0 36 36\" version=\"1.1\" xmlns=\"http:\/\/www.w3.org\/2000\/svg\" xmlns:xlink=\"http:\/\/www.w3.org\/1999\/xlink\">\n  <path id=\"ytp-12\" d=\"M11,10 L18,13.74 18,22.28 11,26 M18,13.74 L26,18 26,18 18,22.28\" fill=\"currentColor\">\n    <animate id=\"animation\" begin=\"indefinite\" attributeType=\"XML\" attributeName=\"d\" fill=\"freeze\" from=\"M11,10 L17,10 17,26 11,26 M20,10 L26,10 26,26 20,26\" to=\"M11,10 L18,13.74 18,22.28 11,26 M18,13.74 L26,18 26,18 18,22.28\" dur=\"0.1s\" keySplines=\".4 0 1 1\" repeatCount=\"1\" data-play=\"M11,10 L18,13.74 18,22.28 11,26 M18,13.74 L26,18 26,18 18,22.28\" data-pause=\"M11,10 L17,10 17,26 11,26 M20,10 L26,10 26,26 20,26\"><\/animate>\n  <\/path>\n<\/svg>\n<\/button>\n        <p class=\"text-base text-center\">Ascolta<\/p>\n      <\/div>\n    <\/div>\n\n    \n          <div class=\"flex flex-wrap justify-between gap-6 md:justify-start\">\n                  <button data-target=\"#transcription-f61285a7fbd6e3375b27e9a795c1f53f\" data-toggle=\"modal\" class=\"flex items-center gap-2\">\n            <svg class=\"w-6 h-6\" fill=\"none\" xmlns=\"http:\/\/www.w3.org\/2000\/svg\" viewBox=\"0 0 22 12\"><path d=\"M0 9.873v-6c0-.55.196-1.02.588-1.412A1.926 1.926 0 0 1 2 1.873h2c.55 0 1.02.196 1.412.588.392.391.588.862.588 1.412v6H4v-2H2v2H0Zm2-4h2v-2H2v2Zm6 4v-8h4c.55 0 1.02.196 1.412.588.392.391.588.862.588 1.412v4c0 .55-.196 1.021-.588 1.413A1.926 1.926 0 0 1 12 9.873H8Zm2-2h2v-4h-2v4Zm6.85.8-1.4-1.425c.183-.183.32-.391.413-.625.091-.233.137-.483.137-.75 0-.283-.046-.537-.137-.762a1.85 1.85 0 0 0-.413-.613l1.4-1.45c.367.367.65.792.85 1.275.2.484.3 1 .3 1.55s-.1 1.063-.3 1.538c-.2.475-.483.896-.85 1.262Zm2.825 2.825-1.45-1.375c.55-.55.983-1.187 1.3-1.912A5.775 5.775 0 0 0 20 5.873c0-.85-.158-1.633-.475-2.35a6.217 6.217 0 0 0-1.3-1.9l1.45-1.4a7.94 7.94 0 0 1 1.712 2.55c.409.967.613 2 .613 3.1s-.204 2.13-.613 3.088a7.977 7.977 0 0 1-1.712 2.537Z\" fill=\"#000\"\/><\/svg>            <span>Trascrizione<\/span>\n          <\/button>\n                      <\/div>\n      <\/div>\n\n      <div id=\"transcription-f61285a7fbd6e3375b27e9a795c1f53f\"\n  class=\"fixed inset-0 z-50 hidden w-screen h-screen opacity-0 pointer-events-none modal transcription\"\n  tabindex=\"-1\" role=\"dialog\">\n  <div class=\"absolute w-full h-full bg-black opacity-75 modal-overlay\"><\/div>\n  <div\n    class=\"absolute z-30 w-11\/12 mx-auto overflow-y-auto text-black bg-white shadow-lg modal-container center-xy md:max-w-4xl\"\n    role=\"document\">\n    <div class=\"flex items-center justify-between px-4 py-4 text-gray-700 border-b md:px-8\">\n      <h2 class=\"!mb-0 font-bold\">Trascrizione<\/h2>\n      <div class=\"z-50 flex flex-col items-center ml-auto cursor-pointer rtl:ml-0 rtl:mr-auto modal-close\">\n        <svg class=\"w-auto h-6\" width=\"18\" height=\"23\" xmlns=\"http:\/\/www.w3.org\/2000\/svg\">\n  <g stroke=\"currentColor\" fill=\"none\" fill-rule=\"evenodd\" stroke-linecap=\"square\">\n    <path d=\"M.7248.974l16.1076 20.6167M16.655 1.2654L.9097 22.1601\" \/>\n  <\/g>\n<\/svg>        <div class=\"hidden\">Close<\/div>\n      <\/div>\n    <\/div>\n    <div class=\"px-4 py-8 overflow-y-auto max-h-modal md:px-8 modal-content\">\n      <div class=\"mb-8 flex flex-col gap-1.5\">\n                      <h3 class=\"text-xl font-bold\">Elementi decorativi della facciata<\/h3>\n                            <\/div>\n            <p>Qui, sulla facciata, si trova la parte pi\u00f9 interessante dell\u2019Assumpci\u00f3 di C\u00f3ll: gli elementi decorativi. La porta d\u2019ingresso della chiesa \u00e8 circondata da un bordo a scacchiera e coronata da un monogramma di Cristo, simbolo di Cristo con le sue iniziali in greco. Se osservi bene, nei due angoli superiori del monogramma di Cristo vedrai due pavoni, che simbolizzano la resurrezione di Cristo. In quelli inferiori vi sono invece due figure umane, una delle quali fa suonare un corno che annuncia l\u2019apocalisse.<br \/>\nLa facciata si distingue anche per i capitelli scolpiti delle colonne. I capitelli esterni sono decorati con motivi vegetali, mentre quelli interni combinano rappresentazioni umane e animali. Rappresentano la lotta tra l\u2019uomo e la bestia, come metafora della lotta tra il bene e il male.<br \/>\nInteressante \u00e8 anche il chiavistello di ferro battuto medievale, uno dei meglio decorati di La Vall, insieme a quello di Santa Maria di Cardet e della Nativitat di Durro. Il laccio \u00e8 decorato con la testa di un animale, e sulla piastra di ferro \u00e8 visibile una campana incisa.<br \/>\nAdesso, per proseguire, entra all\u2019interno della chiesa. Questa chiesa, tuttavia, non \u00e8 aperta tutto l&#8217;anno; se la trovi chiusa, puoi vederne l\u2019interno dalla risorsa virtuale della guida.<\/p>\n    <\/div>\n  <\/div>\n<\/div>\n    <\/section>\n\n\n<div class=\"flex flex-col gap-3 element interactive-block\">\n  <div class=\"flex items-center gap-6\">\n              <h2 class=\"text-2xl font-bold\">Risorsa virtuale: 3D L\u2019Assumpci\u00f3 de C\u00f3ll<\/h2>\n      <\/div>\n          <div class=\"flex justify-end w-full\">\n      <div class=\"flex flex-col items-center gap-2 shrink-1\">\n        <button data-target=\"#embed-69f5c680f05ac\" data-toggle=\"modal\"\n          class=\"flex items-center justify-center w-32 h-32 bg-black rounded-full text-accent\">\n          <svg class=\"w-16 h-auto\" width=\"60\" height=\"61\" viewBox=\"0 0 60 61\" fill=\"none\" xmlns=\"http:\/\/www.w3.org\/2000\/svg\">\n  <path\n    d=\"M27 53.298L12 44.673C11.05 44.1231 10.3125 43.398 9.7875 42.498C9.2625 41.598 9 40.598 9 39.498V22.248C9 21.148 9.2625 20.148 9.7875 19.248C10.3125 18.348 11.05 17.623 12 17.073L27 8.44805C27.95 7.89805 28.95 7.62305 30 7.62305C31.05 7.62305 32.05 7.89805 33 8.44805L48 17.073C48.95 17.623 49.6875 18.348 50.2125 19.248C50.7375 20.148 51 21.148 51 22.248V39.498C51 40.598 50.7375 41.598 50.2125 42.498C49.6875 43.398 48.95 44.1231 48 44.673L33 53.298C32.05 53.848 31.05 54.123 30 54.123C28.95 54.123 27.95 53.848 27 53.298ZM27 46.398V32.598L15 25.623V39.498L27 46.398ZM33 46.398L45 39.498V25.623L33 32.598V46.398ZM0 15.873V6.87305C0 5.22305 0.5875 3.81055 1.7625 2.63555C2.9375 1.46055 4.35 0.873047 6 0.873047H15V6.87305H6V15.873H0ZM15 60.873H6C4.35 60.873 2.9375 60.2855 1.7625 59.1105C0.5875 57.9355 0 56.523 0 54.873V45.8731H6V54.873H15V60.873ZM45 60.873V54.873H54V45.8731H60V54.873C60 56.523 59.4125 57.9355 58.2375 59.1105C57.0625 60.2855 55.65 60.873 54 60.873H45ZM54 15.873V6.87305H45V0.873047H54C55.65 0.873047 57.0625 1.46055 58.2375 2.63555C59.4125 3.81055 60 5.22305 60 6.87305V15.873H54ZM30 27.423L41.85 20.448L30 13.623L18.15 20.448L30 27.423Z\"\n    fill=\"currentColor\" \/>\n<\/svg>\n        <\/button>\n                  <p class=\"text-base text-center\">Guarda<\/p>\n              <\/div>\n    <\/div>\n    <div id=\"embed-69f5c680f05ac\"\n  class=\"fixed inset-0 z-50 hidden w-screen h-screen opacity-0 pointer-events-none modal embed-container\"\n  tabindex=\"-1\" role=\"dialog\">\n  <div class=\"absolute w-full h-full bg-black opacity-75 modal-overlay\"><\/div>\n  <div\n    class=\"absolute z-30 w-11\/12 mx-auto overflow-y-auto text-black bg-white shadow-lg modal-container center-xy md:max-w-4xl\"\n    role=\"document\">\n    <div class=\"flex items-center justify-between px-4 py-4 text-gray-700 border-b md:px-8\">\n      <h2 class=\"!mb-0 font-bold\">Guarda<\/h2>\n      <div class=\"z-50 flex flex-col items-center ml-auto cursor-pointer rtl:ml-0 rtl:mr-auto modal-close\">\n        <svg class=\"w-auto h-6\" width=\"18\" height=\"23\" xmlns=\"http:\/\/www.w3.org\/2000\/svg\">\n  <g stroke=\"currentColor\" fill=\"none\" fill-rule=\"evenodd\" stroke-linecap=\"square\">\n    <path d=\"M.7248.974l16.1076 20.6167M16.655 1.2654L.9097 22.1601\" \/>\n  <\/g>\n<\/svg>        <div class=\"hidden\">Close<\/div>\n      <\/div>\n    <\/div>\n    <div class=\"px-4 py-8 overflow-y-auto max-h-modal md:px-8 modal-content\">\n      <div class=\"sketchfab-embed-wrapper\"> <iframe title=\"L'Assumpci\u00f3 de C\u00f3ll. Vall de Bo\u00ed\" frameborder=\"0\" allowfullscreen mozallowfullscreen=\"true\" webkitallowfullscreen=\"true\" allow=\"autoplay; fullscreen; xr-spatial-tracking\" xr-spatial-tracking execution-while-out-of-viewport execution-while-not-rendered web-share src=\"https:\/\/sketchfab.com\/models\/dba994e7ccf2443c9e2eddb66dbbc28c\/embed?ui_infos=0\"> <\/iframe> <\/div>\n    <\/div>\n  <\/div>\n<\/div>\n  <\/div>\n\n\n<div class=\"flex flex-col gap-3 element text-block\">\n  <div class=\"flex items-center gap-6\">\n              <h2 class=\"text-2xl font-bold\">1d Prima fila di panche<\/h2>\n      <\/div>\n    <\/div>\n\n\n<div class=\"flex flex-col gap-6 element image-block\">\n  <div class=\"flex flex-col gap-3\">\n      <\/div>\n      <figure>\n      <img loading=\"lazy\" decoding=\"async\" width=\"1444\" height=\"960\" src=\"https:\/\/guiesullsdelahistoria.cat\/app\/uploads\/2024\/11\/Assumpcio-general-interior.jpg\" class=\"w-full h-auto\" alt=\"Vista de l\u2019interior de l\u2019esgl\u00e9sia de l\u2019Assumpci\u00f3 de C\u00f3ll, amb les parets emblanquinades i l\u2019absis semicircular i l\u2019altar al fons.\" srcset=\"https:\/\/guiesullsdelahistoria.cat\/app\/uploads\/2024\/11\/Assumpcio-general-interior.jpg 1444w, https:\/\/guiesullsdelahistoria.cat\/app\/uploads\/2024\/11\/Assumpcio-general-interior-300x199.jpg 300w, https:\/\/guiesullsdelahistoria.cat\/app\/uploads\/2024\/11\/Assumpcio-general-interior-1024x681.jpg 1024w, https:\/\/guiesullsdelahistoria.cat\/app\/uploads\/2024\/11\/Assumpcio-general-interior-768x511.jpg 768w\" sizes=\"auto, (max-width: 1444px) 100vw, 1444px\" \/>\n              <figcaption class=\"pt-2 text-gray-800\">Vista generau der interior dera Assompcion de C\u00f3ll.<\/figcaption>\n          <\/figure>\n  <\/div>\n\n\n<section class=\"element audio-block\">\n  <div class=\"flex flex-col w-full gap-6\">\n    <div class=\"flex flex-col gap-3\">\n      <div class=\"flex gap-6\">\n                          <h2 class=\"text-2xl font-bold\">Elementi architettonici<\/h2>\n              <\/div>\n          <\/div>\n    <div class=\"flex items-center justify-end gap-3\">\n              <div class=\"flex-1 audio-content\" dir=\"ltr\">\n          <audio id=\"audio-a2fad7657aa0ad554c4c33ad7aa94d49\" data-label=\"Elementi architettonici\"\n            data-category=\"ASSUMPCIO-DE-COLL-IT-GENERAL-PLAY-3.mp3\" class=\"hidden\" controls\n            src=\"https:\/\/guiesullsdelahistoria.cat\/app\/uploads\/2024\/11\/ASSUMPCIO-DE-COLL-IT-GENERAL-PLAY-3.mp3\"><\/audio>\n          <div class=\"flex items-center w-full gap-3 transition-opacity opacity-0 meta\">\n            <progress class=\"flex-1 border-0 appearance-none\" value=\"0\" max=\"1\"><\/progress>\n            <div class=\"text-sm text-center shrink-0 current-time w-9\"><\/div>\n                      <\/div>\n        <\/div>\n            <div class=\"flex flex-col items-center gap-2 shrink-1 audio-control\">\n        <button\n  class=\"flex items-center justify-center w-32 max-w-32 h-32 max-h-32 transition-[max-height,_max-width] bg-black rounded-full btn text-accent\"\n  data-target=\"#audio-a2fad7657aa0ad554c4c33ad7aa94d49\">\n  <svg width=\"100%\" height=\"100%\" viewBox=\"0 0 36 36\" version=\"1.1\" xmlns=\"http:\/\/www.w3.org\/2000\/svg\" xmlns:xlink=\"http:\/\/www.w3.org\/1999\/xlink\">\n  <path id=\"ytp-12\" d=\"M11,10 L18,13.74 18,22.28 11,26 M18,13.74 L26,18 26,18 18,22.28\" fill=\"currentColor\">\n    <animate id=\"animation\" begin=\"indefinite\" attributeType=\"XML\" attributeName=\"d\" fill=\"freeze\" from=\"M11,10 L17,10 17,26 11,26 M20,10 L26,10 26,26 20,26\" to=\"M11,10 L18,13.74 18,22.28 11,26 M18,13.74 L26,18 26,18 18,22.28\" dur=\"0.1s\" keySplines=\".4 0 1 1\" repeatCount=\"1\" data-play=\"M11,10 L18,13.74 18,22.28 11,26 M18,13.74 L26,18 26,18 18,22.28\" data-pause=\"M11,10 L17,10 17,26 11,26 M20,10 L26,10 26,26 20,26\"><\/animate>\n  <\/path>\n<\/svg>\n<\/button>\n        <p class=\"text-base text-center\">Ascolta<\/p>\n      <\/div>\n    <\/div>\n\n    \n          <div class=\"flex flex-wrap justify-between gap-6 md:justify-start\">\n                  <button data-target=\"#transcription-a2fad7657aa0ad554c4c33ad7aa94d49\" data-toggle=\"modal\" class=\"flex items-center gap-2\">\n            <svg class=\"w-6 h-6\" fill=\"none\" xmlns=\"http:\/\/www.w3.org\/2000\/svg\" viewBox=\"0 0 22 12\"><path d=\"M0 9.873v-6c0-.55.196-1.02.588-1.412A1.926 1.926 0 0 1 2 1.873h2c.55 0 1.02.196 1.412.588.392.391.588.862.588 1.412v6H4v-2H2v2H0Zm2-4h2v-2H2v2Zm6 4v-8h4c.55 0 1.02.196 1.412.588.392.391.588.862.588 1.412v4c0 .55-.196 1.021-.588 1.413A1.926 1.926 0 0 1 12 9.873H8Zm2-2h2v-4h-2v4Zm6.85.8-1.4-1.425c.183-.183.32-.391.413-.625.091-.233.137-.483.137-.75 0-.283-.046-.537-.137-.762a1.85 1.85 0 0 0-.413-.613l1.4-1.45c.367.367.65.792.85 1.275.2.484.3 1 .3 1.55s-.1 1.063-.3 1.538c-.2.475-.483.896-.85 1.262Zm2.825 2.825-1.45-1.375c.55-.55.983-1.187 1.3-1.912A5.775 5.775 0 0 0 20 5.873c0-.85-.158-1.633-.475-2.35a6.217 6.217 0 0 0-1.3-1.9l1.45-1.4a7.94 7.94 0 0 1 1.712 2.55c.409.967.613 2 .613 3.1s-.204 2.13-.613 3.088a7.977 7.977 0 0 1-1.712 2.537Z\" fill=\"#000\"\/><\/svg>            <span>Trascrizione<\/span>\n          <\/button>\n                      <\/div>\n      <\/div>\n\n      <div id=\"transcription-a2fad7657aa0ad554c4c33ad7aa94d49\"\n  class=\"fixed inset-0 z-50 hidden w-screen h-screen opacity-0 pointer-events-none modal transcription\"\n  tabindex=\"-1\" role=\"dialog\">\n  <div class=\"absolute w-full h-full bg-black opacity-75 modal-overlay\"><\/div>\n  <div\n    class=\"absolute z-30 w-11\/12 mx-auto overflow-y-auto text-black bg-white shadow-lg modal-container center-xy md:max-w-4xl\"\n    role=\"document\">\n    <div class=\"flex items-center justify-between px-4 py-4 text-gray-700 border-b md:px-8\">\n      <h2 class=\"!mb-0 font-bold\">Trascrizione<\/h2>\n      <div class=\"z-50 flex flex-col items-center ml-auto cursor-pointer rtl:ml-0 rtl:mr-auto modal-close\">\n        <svg class=\"w-auto h-6\" width=\"18\" height=\"23\" xmlns=\"http:\/\/www.w3.org\/2000\/svg\">\n  <g stroke=\"currentColor\" fill=\"none\" fill-rule=\"evenodd\" stroke-linecap=\"square\">\n    <path d=\"M.7248.974l16.1076 20.6167M16.655 1.2654L.9097 22.1601\" \/>\n  <\/g>\n<\/svg>        <div class=\"hidden\">Close<\/div>\n      <\/div>\n    <\/div>\n    <div class=\"px-4 py-8 overflow-y-auto max-h-modal md:px-8 modal-content\">\n      <div class=\"mb-8 flex flex-col gap-1.5\">\n                      <h3 class=\"text-xl font-bold\">Elementi architettonici<\/h3>\n                            <\/div>\n            <p>Posizionati davanti alla prima fila di panche. Da qui puoi osservare i diversi elementi architettonici che compongono la chiesa dell&#8217;Assumpci\u00f3 di C\u00f3ll.<br \/>\nCome vedi, si tratta di una chiesa a navata unica, coperta da una volta a botte e con un\u2019abside semicircolare sul presbiterio. Il campanile, a pianta quadrata e su tre livelli di altezza, si trova sul lato destro.<\/p>\n<p>Nella costruzione iniziale furono aggiunte due cappelle laterali, quella di sinistra rivolta verso l&#8217;altare, coperta da una volta a botte, e quella di destra in stile gotico.<br \/>\nL\u2019illuminazione originaria della navata centrale era garantita da due obl\u00f2 rivolti l\u2019uno verso l\u2019altro, uno a ciascuna estremit\u00e0 dell&#8217;edificio, e da due finestre che permettevano l&#8217;ingresso della luce solare. Uno degli obl\u00f2 si trova ben al di sopra della porta d\u2019ingresso del tempio; \u00e8 da qui che entra la luce del pomeriggio. L\u2019altro si trova sulla parete est, sopra il tetto dell\u2019abside; da qui entra la luce del mattino. Sempre su questa parete, un po\u2019 pi\u00f9 in basso, si trova una finestra allungata; \u00e8 l\u2019ingresso pi\u00f9 simbolico della luce, quella del sole nascente, intesa come luce divina. L\u2019altra finestra si trova sulla parete sud e da qui entra la luce di mezzogiorno.<\/p>\n<p><em>Suono di interferenze<\/em>.<br \/>\n<strong>Prete, uomo anziano<\/strong>: Si sta facendo buio. Puoi accendere le lampade.<br \/>\n<strong>Ragazzo giovane:<\/strong> Padre, sono vuote. E non c&#8217;\u00e8 pi\u00f9 molto olio nella vasca, forse per un altro giorno o due.<br \/>\n<strong>Prete:<\/strong> Vai a riempirle! E poi mettile al loro posto con la scala. Io ormai sono troppo vecchio per salirci.<br \/>\n<strong>Ragazzo giovane<\/strong>: Subito, padre!<br \/>\n<strong>Prete (tra s\u00e9 e s\u00e9)<\/strong>: Manca l\u2019olio. Quest\u2019anno i raccolti non sono stati buoni. E i fedeli hanno donato meno che in altre occasioni. Dovr\u00f2 chiedere loro di fare uno sforzo: la chiesa non pu\u00f2 rimanere al buio.<br \/>\n<em>Suono di interferenze.<\/em><\/p>\n<p>Adesso vai verso l\u2019ingresso, dove si trovano le tre vasche di pietra.<\/p>\n    <\/div>\n  <\/div>\n<\/div>\n    <\/section>\n\n\n<div class=\"flex flex-col gap-3 element text-block\">\n  <div class=\"flex items-center gap-6\">\n              <h2 class=\"text-2xl font-bold\">1e Ingresso<\/h2>\n      <\/div>\n    <\/div>\n\n\n<div class=\"flex flex-col gap-6 element image-block\">\n  <div class=\"flex flex-col gap-3\">\n      <\/div>\n      <figure>\n      <img loading=\"lazy\" decoding=\"async\" width=\"667\" height=\"1001\" src=\"https:\/\/guiesullsdelahistoria.cat\/app\/uploads\/2024\/11\/Assumpcio_Coll_pica_1.jpg\" class=\"w-full h-auto\" alt=\"Vasca romanica in pietra in un angolo, vicino all\u2019ingresso della chiesa.\" srcset=\"https:\/\/guiesullsdelahistoria.cat\/app\/uploads\/2024\/11\/Assumpcio_Coll_pica_1.jpg 667w, https:\/\/guiesullsdelahistoria.cat\/app\/uploads\/2024\/11\/Assumpcio_Coll_pica_1-200x300.jpg 200w\" sizes=\"auto, (max-width: 667px) 100vw, 667px\" \/>\n              <figcaption class=\"pt-2 text-gray-800\">Vasca romanica.<\/figcaption>\n          <\/figure>\n  <\/div>\n\n\n<section class=\"element audio-block\">\n  <div class=\"flex flex-col w-full gap-6\">\n    <div class=\"flex flex-col gap-3\">\n      <div class=\"flex gap-6\">\n                          <h2 class=\"text-2xl font-bold\">Le tre vasche romaniche<\/h2>\n              <\/div>\n          <\/div>\n    <div class=\"flex items-center justify-end gap-3\">\n              <div class=\"flex-1 audio-content\" dir=\"ltr\">\n          <audio id=\"audio-762d1c3bf713afdd3d7a99329a978239\" data-label=\"Le tre vasche romaniche\"\n            data-category=\"ASSUMPCIO-DE-COLL-IT-GENERAL-PLAY-4.mp3\" class=\"hidden\" controls\n            src=\"https:\/\/guiesullsdelahistoria.cat\/app\/uploads\/2024\/11\/ASSUMPCIO-DE-COLL-IT-GENERAL-PLAY-4.mp3\"><\/audio>\n          <div class=\"flex items-center w-full gap-3 transition-opacity opacity-0 meta\">\n            <progress class=\"flex-1 border-0 appearance-none\" value=\"0\" max=\"1\"><\/progress>\n            <div class=\"text-sm text-center shrink-0 current-time w-9\"><\/div>\n                      <\/div>\n        <\/div>\n            <div class=\"flex flex-col items-center gap-2 shrink-1 audio-control\">\n        <button\n  class=\"flex items-center justify-center w-32 max-w-32 h-32 max-h-32 transition-[max-height,_max-width] bg-black rounded-full btn text-accent\"\n  data-target=\"#audio-762d1c3bf713afdd3d7a99329a978239\">\n  <svg width=\"100%\" height=\"100%\" viewBox=\"0 0 36 36\" version=\"1.1\" xmlns=\"http:\/\/www.w3.org\/2000\/svg\" xmlns:xlink=\"http:\/\/www.w3.org\/1999\/xlink\">\n  <path id=\"ytp-12\" d=\"M11,10 L18,13.74 18,22.28 11,26 M18,13.74 L26,18 26,18 18,22.28\" fill=\"currentColor\">\n    <animate id=\"animation\" begin=\"indefinite\" attributeType=\"XML\" attributeName=\"d\" fill=\"freeze\" from=\"M11,10 L17,10 17,26 11,26 M20,10 L26,10 26,26 20,26\" to=\"M11,10 L18,13.74 18,22.28 11,26 M18,13.74 L26,18 26,18 18,22.28\" dur=\"0.1s\" keySplines=\".4 0 1 1\" repeatCount=\"1\" data-play=\"M11,10 L18,13.74 18,22.28 11,26 M18,13.74 L26,18 26,18 18,22.28\" data-pause=\"M11,10 L17,10 17,26 11,26 M20,10 L26,10 26,26 20,26\"><\/animate>\n  <\/path>\n<\/svg>\n<\/button>\n        <p class=\"text-base text-center\">Ascolta<\/p>\n      <\/div>\n    <\/div>\n\n    \n          <div class=\"flex flex-wrap justify-between gap-6 md:justify-start\">\n                  <button data-target=\"#transcription-762d1c3bf713afdd3d7a99329a978239\" data-toggle=\"modal\" class=\"flex items-center gap-2\">\n            <svg class=\"w-6 h-6\" fill=\"none\" xmlns=\"http:\/\/www.w3.org\/2000\/svg\" viewBox=\"0 0 22 12\"><path d=\"M0 9.873v-6c0-.55.196-1.02.588-1.412A1.926 1.926 0 0 1 2 1.873h2c.55 0 1.02.196 1.412.588.392.391.588.862.588 1.412v6H4v-2H2v2H0Zm2-4h2v-2H2v2Zm6 4v-8h4c.55 0 1.02.196 1.412.588.392.391.588.862.588 1.412v4c0 .55-.196 1.021-.588 1.413A1.926 1.926 0 0 1 12 9.873H8Zm2-2h2v-4h-2v4Zm6.85.8-1.4-1.425c.183-.183.32-.391.413-.625.091-.233.137-.483.137-.75 0-.283-.046-.537-.137-.762a1.85 1.85 0 0 0-.413-.613l1.4-1.45c.367.367.65.792.85 1.275.2.484.3 1 .3 1.55s-.1 1.063-.3 1.538c-.2.475-.483.896-.85 1.262Zm2.825 2.825-1.45-1.375c.55-.55.983-1.187 1.3-1.912A5.775 5.775 0 0 0 20 5.873c0-.85-.158-1.633-.475-2.35a6.217 6.217 0 0 0-1.3-1.9l1.45-1.4a7.94 7.94 0 0 1 1.712 2.55c.409.967.613 2 .613 3.1s-.204 2.13-.613 3.088a7.977 7.977 0 0 1-1.712 2.537Z\" fill=\"#000\"\/><\/svg>            <span>Trascrizione<\/span>\n          <\/button>\n                      <\/div>\n      <\/div>\n\n      <div id=\"transcription-762d1c3bf713afdd3d7a99329a978239\"\n  class=\"fixed inset-0 z-50 hidden w-screen h-screen opacity-0 pointer-events-none modal transcription\"\n  tabindex=\"-1\" role=\"dialog\">\n  <div class=\"absolute w-full h-full bg-black opacity-75 modal-overlay\"><\/div>\n  <div\n    class=\"absolute z-30 w-11\/12 mx-auto overflow-y-auto text-black bg-white shadow-lg modal-container center-xy md:max-w-4xl\"\n    role=\"document\">\n    <div class=\"flex items-center justify-between px-4 py-4 text-gray-700 border-b md:px-8\">\n      <h2 class=\"!mb-0 font-bold\">Trascrizione<\/h2>\n      <div class=\"z-50 flex flex-col items-center ml-auto cursor-pointer rtl:ml-0 rtl:mr-auto modal-close\">\n        <svg class=\"w-auto h-6\" width=\"18\" height=\"23\" xmlns=\"http:\/\/www.w3.org\/2000\/svg\">\n  <g stroke=\"currentColor\" fill=\"none\" fill-rule=\"evenodd\" stroke-linecap=\"square\">\n    <path d=\"M.7248.974l16.1076 20.6167M16.655 1.2654L.9097 22.1601\" \/>\n  <\/g>\n<\/svg>        <div class=\"hidden\">Close<\/div>\n      <\/div>\n    <\/div>\n    <div class=\"px-4 py-8 overflow-y-auto max-h-modal md:px-8 modal-content\">\n      <div class=\"mb-8 flex flex-col gap-1.5\">\n                      <h3 class=\"text-xl font-bold\">Le tre vasche romaniche<\/h3>\n                            <\/div>\n            <p>La chiesa dell\u2019Assumpci\u00f3 di C\u00f3ll conserva ancora le tre vasche, probabilmente romaniche: la fonte battesimale, l\u2019acquasantiera e la vasca dell\u2019olio, combustibile per le lampade che illuminavano la chiesa, la pi\u00f9 grande di tutte.<br \/>\nPer continuare la visita, sali al coro dalla scala di fianco alla porta. <\/p>\n    <\/div>\n  <\/div>\n<\/div>\n    <\/section>\n\n\n<div class=\"flex flex-col gap-3 element text-block\">\n  <div class=\"flex items-center gap-6\">\n              <h2 class=\"text-2xl font-bold\">1f Il coro<\/h2>\n      <\/div>\n    <\/div>\n\n\n<div class=\"flex flex-col gap-6 element image-block\">\n  <div class=\"flex flex-col gap-3\">\n      <\/div>\n      <figure>\n      <img loading=\"lazy\" decoding=\"async\" width=\"474\" height=\"315\" src=\"https:\/\/guiesullsdelahistoria.cat\/app\/uploads\/2024\/11\/Assumpcio_Coll_cor.jpg\" class=\"w-full h-auto\" alt=\"Il coro della chiesa si trova alla base della navata centrale, con una parete imbiancata a calce e una ringhiera in legno decorata con motivi geometrici tipici dello stile gotico.\" srcset=\"https:\/\/guiesullsdelahistoria.cat\/app\/uploads\/2024\/11\/Assumpcio_Coll_cor.jpg 474w, https:\/\/guiesullsdelahistoria.cat\/app\/uploads\/2024\/11\/Assumpcio_Coll_cor-300x199.jpg 300w\" sizes=\"auto, (max-width: 474px) 100vw, 474px\" \/>\n              <figcaption class=\"pt-2 text-gray-800\">Coro con balaustra a trafori gotici.<\/figcaption>\n          <\/figure>\n  <\/div>\n\n\n<section class=\"element audio-block\">\n  <div class=\"flex flex-col w-full gap-6\">\n    <div class=\"flex flex-col gap-3\">\n      <div class=\"flex gap-6\">\n                          <h2 class=\"text-2xl font-bold\">Il coro e la ringhiera a traforo gotico<\/h2>\n              <\/div>\n          <\/div>\n    <div class=\"flex items-center justify-end gap-3\">\n              <div class=\"flex-1 audio-content\" dir=\"ltr\">\n          <audio id=\"audio-8d433c2cd5e89fdab5e5a245ea4baf45\" data-label=\"Il coro e la ringhiera a traforo gotico\"\n            data-category=\"ASSUMPCIO-DE-COLL-IT-GENERAL-PLAY-5.mp3\" class=\"hidden\" controls\n            src=\"https:\/\/guiesullsdelahistoria.cat\/app\/uploads\/2024\/11\/ASSUMPCIO-DE-COLL-IT-GENERAL-PLAY-5.mp3\"><\/audio>\n          <div class=\"flex items-center w-full gap-3 transition-opacity opacity-0 meta\">\n            <progress class=\"flex-1 border-0 appearance-none\" value=\"0\" max=\"1\"><\/progress>\n            <div class=\"text-sm text-center shrink-0 current-time w-9\"><\/div>\n                      <\/div>\n        <\/div>\n            <div class=\"flex flex-col items-center gap-2 shrink-1 audio-control\">\n        <button\n  class=\"flex items-center justify-center w-32 max-w-32 h-32 max-h-32 transition-[max-height,_max-width] bg-black rounded-full btn text-accent\"\n  data-target=\"#audio-8d433c2cd5e89fdab5e5a245ea4baf45\">\n  <svg width=\"100%\" height=\"100%\" viewBox=\"0 0 36 36\" version=\"1.1\" xmlns=\"http:\/\/www.w3.org\/2000\/svg\" xmlns:xlink=\"http:\/\/www.w3.org\/1999\/xlink\">\n  <path id=\"ytp-12\" d=\"M11,10 L18,13.74 18,22.28 11,26 M18,13.74 L26,18 26,18 18,22.28\" fill=\"currentColor\">\n    <animate id=\"animation\" begin=\"indefinite\" attributeType=\"XML\" attributeName=\"d\" fill=\"freeze\" from=\"M11,10 L17,10 17,26 11,26 M20,10 L26,10 26,26 20,26\" to=\"M11,10 L18,13.74 18,22.28 11,26 M18,13.74 L26,18 26,18 18,22.28\" dur=\"0.1s\" keySplines=\".4 0 1 1\" repeatCount=\"1\" data-play=\"M11,10 L18,13.74 18,22.28 11,26 M18,13.74 L26,18 26,18 18,22.28\" data-pause=\"M11,10 L17,10 17,26 11,26 M20,10 L26,10 26,26 20,26\"><\/animate>\n  <\/path>\n<\/svg>\n<\/button>\n        <p class=\"text-base text-center\">Ascolta<\/p>\n      <\/div>\n    <\/div>\n\n    \n          <div class=\"flex flex-wrap justify-between gap-6 md:justify-start\">\n                  <button data-target=\"#transcription-8d433c2cd5e89fdab5e5a245ea4baf45\" data-toggle=\"modal\" class=\"flex items-center gap-2\">\n            <svg class=\"w-6 h-6\" fill=\"none\" xmlns=\"http:\/\/www.w3.org\/2000\/svg\" viewBox=\"0 0 22 12\"><path d=\"M0 9.873v-6c0-.55.196-1.02.588-1.412A1.926 1.926 0 0 1 2 1.873h2c.55 0 1.02.196 1.412.588.392.391.588.862.588 1.412v6H4v-2H2v2H0Zm2-4h2v-2H2v2Zm6 4v-8h4c.55 0 1.02.196 1.412.588.392.391.588.862.588 1.412v4c0 .55-.196 1.021-.588 1.413A1.926 1.926 0 0 1 12 9.873H8Zm2-2h2v-4h-2v4Zm6.85.8-1.4-1.425c.183-.183.32-.391.413-.625.091-.233.137-.483.137-.75 0-.283-.046-.537-.137-.762a1.85 1.85 0 0 0-.413-.613l1.4-1.45c.367.367.65.792.85 1.275.2.484.3 1 .3 1.55s-.1 1.063-.3 1.538c-.2.475-.483.896-.85 1.262Zm2.825 2.825-1.45-1.375c.55-.55.983-1.187 1.3-1.912A5.775 5.775 0 0 0 20 5.873c0-.85-.158-1.633-.475-2.35a6.217 6.217 0 0 0-1.3-1.9l1.45-1.4a7.94 7.94 0 0 1 1.712 2.55c.409.967.613 2 .613 3.1s-.204 2.13-.613 3.088a7.977 7.977 0 0 1-1.712 2.537Z\" fill=\"#000\"\/><\/svg>            <span>Trascrizione<\/span>\n          <\/button>\n                      <\/div>\n      <\/div>\n\n      <div id=\"transcription-8d433c2cd5e89fdab5e5a245ea4baf45\"\n  class=\"fixed inset-0 z-50 hidden w-screen h-screen opacity-0 pointer-events-none modal transcription\"\n  tabindex=\"-1\" role=\"dialog\">\n  <div class=\"absolute w-full h-full bg-black opacity-75 modal-overlay\"><\/div>\n  <div\n    class=\"absolute z-30 w-11\/12 mx-auto overflow-y-auto text-black bg-white shadow-lg modal-container center-xy md:max-w-4xl\"\n    role=\"document\">\n    <div class=\"flex items-center justify-between px-4 py-4 text-gray-700 border-b md:px-8\">\n      <h2 class=\"!mb-0 font-bold\">Trascrizione<\/h2>\n      <div class=\"z-50 flex flex-col items-center ml-auto cursor-pointer rtl:ml-0 rtl:mr-auto modal-close\">\n        <svg class=\"w-auto h-6\" width=\"18\" height=\"23\" xmlns=\"http:\/\/www.w3.org\/2000\/svg\">\n  <g stroke=\"currentColor\" fill=\"none\" fill-rule=\"evenodd\" stroke-linecap=\"square\">\n    <path d=\"M.7248.974l16.1076 20.6167M16.655 1.2654L.9097 22.1601\" \/>\n  <\/g>\n<\/svg>        <div class=\"hidden\">Close<\/div>\n      <\/div>\n    <\/div>\n    <div class=\"px-4 py-8 overflow-y-auto max-h-modal md:px-8 modal-content\">\n      <div class=\"mb-8 flex flex-col gap-1.5\">\n                      <h3 class=\"text-xl font-bold\">Il coro e la ringhiera a traforo gotico<\/h3>\n                            <\/div>\n            <p>Il coro fu costruito qualche secolo pi\u00f9 tardi nell&#8217;ultima parte della navata.<br \/>\nQui si pu\u00f2 notare un dettaglio interessante: la ringhiera del coro a traforo gotico, con motivi geometrici intrecciati.<br \/>\nPrima di scendere, goditi la vista dalla chiesa. Da qui si vedono bene i sostegni delle lampade, realizzati in ferro battuto, uno dei quali a forma di galletto. O l\u2019obl\u00f2 sopra l\u2019altare, a forma di trifoglio.<\/p>\n    <\/div>\n  <\/div>\n<\/div>\n    <\/section>\n\n\n<div class=\"flex flex-col gap-3 element text-block\">\n  <div class=\"flex items-center gap-6\">\n              <h2 class=\"text-2xl font-bold\">1g Ti aspettiamo!<\/h2>\n      <\/div>\n    <\/div>\n\n\n<section class=\"element audio-block\">\n  <div class=\"flex flex-col w-full gap-6\">\n    <div class=\"flex flex-col gap-3\">\n      <div class=\"flex gap-6\">\n                          <h2 class=\"text-2xl font-bold\">La visita continua<\/h2>\n              <\/div>\n          <\/div>\n    <div class=\"flex items-center justify-end gap-3\">\n              <div class=\"flex-1 audio-content\" dir=\"ltr\">\n          <audio id=\"audio-4998ca52c9c6a1dbdef155fca84d6418\" data-label=\"La visita continua\"\n            data-category=\"ASSUMPCIO-DE-COLL-IT-GENERAL-PLAY-CLOENDA.mp3\" class=\"hidden\" controls\n            src=\"https:\/\/guiesullsdelahistoria.cat\/app\/uploads\/2024\/11\/ASSUMPCIO-DE-COLL-IT-GENERAL-PLAY-CLOENDA.mp3\"><\/audio>\n          <div class=\"flex items-center w-full gap-3 transition-opacity opacity-0 meta\">\n            <progress class=\"flex-1 border-0 appearance-none\" value=\"0\" max=\"1\"><\/progress>\n            <div class=\"text-sm text-center shrink-0 current-time w-9\"><\/div>\n                      <\/div>\n        <\/div>\n            <div class=\"flex flex-col items-center gap-2 shrink-1 audio-control\">\n        <button\n  class=\"flex items-center justify-center w-32 max-w-32 h-32 max-h-32 transition-[max-height,_max-width] bg-black rounded-full btn text-accent\"\n  data-target=\"#audio-4998ca52c9c6a1dbdef155fca84d6418\">\n  <svg width=\"100%\" height=\"100%\" viewBox=\"0 0 36 36\" version=\"1.1\" xmlns=\"http:\/\/www.w3.org\/2000\/svg\" xmlns:xlink=\"http:\/\/www.w3.org\/1999\/xlink\">\n  <path id=\"ytp-12\" d=\"M11,10 L18,13.74 18,22.28 11,26 M18,13.74 L26,18 26,18 18,22.28\" fill=\"currentColor\">\n    <animate id=\"animation\" begin=\"indefinite\" attributeType=\"XML\" attributeName=\"d\" fill=\"freeze\" from=\"M11,10 L17,10 17,26 11,26 M20,10 L26,10 26,26 20,26\" to=\"M11,10 L18,13.74 18,22.28 11,26 M18,13.74 L26,18 26,18 18,22.28\" dur=\"0.1s\" keySplines=\".4 0 1 1\" repeatCount=\"1\" data-play=\"M11,10 L18,13.74 18,22.28 11,26 M18,13.74 L26,18 26,18 18,22.28\" data-pause=\"M11,10 L17,10 17,26 11,26 M20,10 L26,10 26,26 20,26\"><\/animate>\n  <\/path>\n<\/svg>\n<\/button>\n        <p class=\"text-base text-center\">Ascolta<\/p>\n      <\/div>\n    <\/div>\n\n    \n          <div class=\"flex flex-wrap justify-between gap-6 md:justify-start\">\n                  <button data-target=\"#transcription-4998ca52c9c6a1dbdef155fca84d6418\" data-toggle=\"modal\" class=\"flex items-center gap-2\">\n            <svg class=\"w-6 h-6\" fill=\"none\" xmlns=\"http:\/\/www.w3.org\/2000\/svg\" viewBox=\"0 0 22 12\"><path d=\"M0 9.873v-6c0-.55.196-1.02.588-1.412A1.926 1.926 0 0 1 2 1.873h2c.55 0 1.02.196 1.412.588.392.391.588.862.588 1.412v6H4v-2H2v2H0Zm2-4h2v-2H2v2Zm6 4v-8h4c.55 0 1.02.196 1.412.588.392.391.588.862.588 1.412v4c0 .55-.196 1.021-.588 1.413A1.926 1.926 0 0 1 12 9.873H8Zm2-2h2v-4h-2v4Zm6.85.8-1.4-1.425c.183-.183.32-.391.413-.625.091-.233.137-.483.137-.75 0-.283-.046-.537-.137-.762a1.85 1.85 0 0 0-.413-.613l1.4-1.45c.367.367.65.792.85 1.275.2.484.3 1 .3 1.55s-.1 1.063-.3 1.538c-.2.475-.483.896-.85 1.262Zm2.825 2.825-1.45-1.375c.55-.55.983-1.187 1.3-1.912A5.775 5.775 0 0 0 20 5.873c0-.85-.158-1.633-.475-2.35a6.217 6.217 0 0 0-1.3-1.9l1.45-1.4a7.94 7.94 0 0 1 1.712 2.55c.409.967.613 2 .613 3.1s-.204 2.13-.613 3.088a7.977 7.977 0 0 1-1.712 2.537Z\" fill=\"#000\"\/><\/svg>            <span>Trascrizione<\/span>\n          <\/button>\n                      <\/div>\n      <\/div>\n\n      <div id=\"transcription-4998ca52c9c6a1dbdef155fca84d6418\"\n  class=\"fixed inset-0 z-50 hidden w-screen h-screen opacity-0 pointer-events-none modal transcription\"\n  tabindex=\"-1\" role=\"dialog\">\n  <div class=\"absolute w-full h-full bg-black opacity-75 modal-overlay\"><\/div>\n  <div\n    class=\"absolute z-30 w-11\/12 mx-auto overflow-y-auto text-black bg-white shadow-lg modal-container center-xy md:max-w-4xl\"\n    role=\"document\">\n    <div class=\"flex items-center justify-between px-4 py-4 text-gray-700 border-b md:px-8\">\n      <h2 class=\"!mb-0 font-bold\">Trascrizione<\/h2>\n      <div class=\"z-50 flex flex-col items-center ml-auto cursor-pointer rtl:ml-0 rtl:mr-auto modal-close\">\n        <svg class=\"w-auto h-6\" width=\"18\" height=\"23\" xmlns=\"http:\/\/www.w3.org\/2000\/svg\">\n  <g stroke=\"currentColor\" fill=\"none\" fill-rule=\"evenodd\" stroke-linecap=\"square\">\n    <path d=\"M.7248.974l16.1076 20.6167M16.655 1.2654L.9097 22.1601\" \/>\n  <\/g>\n<\/svg>        <div class=\"hidden\">Close<\/div>\n      <\/div>\n    <\/div>\n    <div class=\"px-4 py-8 overflow-y-auto max-h-modal md:px-8 modal-content\">\n      <div class=\"mb-8 flex flex-col gap-1.5\">\n                      <h3 class=\"text-xl font-bold\">La visita continua<\/h3>\n                            <\/div>\n            <p>Qui termina la visita alla chiesa. Ora ti invitiamo a scoprire le altre, che compongono il complesso romanico della Vall de Bo\u00ed. Ti aspettiamo!<\/p>\n    <\/div>\n  <\/div>\n<\/div>\n    <\/section>\n\n\n<div class=\"flex flex-col gap-3 element text-block\">\n  <div class=\"flex items-center gap-6\">\n              <h2 class=\"text-2xl font-bold\">Chiusura<\/h2>\n      <\/div>\n        <div class=\"prose prose-lg\"><p>\u201c<em>Els Ulls de la Hist\u00f2ria<\/em>. Uno sguardo immersivo sul patrimonio\u201d \u00e8 un\u2019iniziativa dell\u2019Ag\u00e8ncia Catalana del Patrimoni Cultural, un progetto che incorpora altre voci e altri punti di vista sul nostro passato. Perch\u00e9 la storia la costruiamo tutti e tutte.<\/p>\n<\/div>\n  <\/div>\n\n<\/div>\n      <\/div>\n    <\/div>\n  <\/section>\n\n\n<section class=\"overflow-hidden section\" id=\"section-69f5c68115c6c\" data-title=\"2. Nativitat de Durro\">\n    <div class=\"container grid grid-cols-1 py-8 md:py-10 max-md:gap-y-8 md:grid-standard\">\n              <div class=\"flex gap-4 md:col-span-5\">\n                                <h2 class=\"text-8 font-headings\">2. Nativitat de Durro<\/h2>\n                  <\/div>\n            <div class=\"flex flex-col gap-8 md:col-span-6 md:col-start-7 md:gap-10\">\n        <div class=\"acf-innerblocks-container\">\n<div class=\"flex flex-col gap-3 element text-block\">\n  <div class=\"flex items-center gap-6\">\n              <h2 class=\"text-2xl font-bold\">2a Introduzione<\/h2>\n      <\/div>\n    <\/div>\n\n\n<div class=\"flex flex-col gap-6 element image-block\">\n  <div class=\"flex flex-col gap-3\">\n      <\/div>\n      <figure>\n      <img loading=\"lazy\" decoding=\"async\" width=\"1024\" height=\"679\" src=\"https:\/\/guiesullsdelahistoria.cat\/app\/uploads\/2024\/11\/DSC0327_J.BARBERO.jpg\" class=\"w-full h-auto\" alt=\"Vista generale dell\u2019esterno della chiesa della Nativitat de Durro, con un campo di fiori gialli davanti e le montagne dietro.\" srcset=\"https:\/\/guiesullsdelahistoria.cat\/app\/uploads\/2024\/11\/DSC0327_J.BARBERO.jpg 1024w, https:\/\/guiesullsdelahistoria.cat\/app\/uploads\/2024\/11\/DSC0327_J.BARBERO-300x199.jpg 300w, https:\/\/guiesullsdelahistoria.cat\/app\/uploads\/2024\/11\/DSC0327_J.BARBERO-768x509.jpg 768w\" sizes=\"auto, (max-width: 1024px) 100vw, 1024px\" \/>\n              <figcaption class=\"pt-2 text-gray-800\">Vista generale della Nativitat di Durro.<\/figcaption>\n          <\/figure>\n  <\/div>\n\n\n<section class=\"element audio-block\">\n  <div class=\"flex flex-col w-full gap-6\">\n    <div class=\"flex flex-col gap-3\">\n      <div class=\"flex gap-6\">\n                          <h2 class=\"text-2xl font-bold\">La Vall de Bo\u00ed e le sue chiese<\/h2>\n              <\/div>\n          <\/div>\n    <div class=\"flex items-center justify-end gap-3\">\n              <div class=\"flex-1 audio-content\" dir=\"ltr\">\n          <audio id=\"audio-caa9cc3f1b959257c06c606ef1443a32\" data-label=\"La Vall de Bo\u00ed e le sue chiese\"\n            data-category=\"NATIVITAT-DE-DURRO-IT-GENERAL-PLAY-0.mp3\" class=\"hidden\" controls\n            src=\"https:\/\/guiesullsdelahistoria.cat\/app\/uploads\/2024\/11\/NATIVITAT-DE-DURRO-IT-GENERAL-PLAY-0.mp3\"><\/audio>\n          <div class=\"flex items-center w-full gap-3 transition-opacity opacity-0 meta\">\n            <progress class=\"flex-1 border-0 appearance-none\" value=\"0\" max=\"1\"><\/progress>\n            <div class=\"text-sm text-center shrink-0 current-time w-9\"><\/div>\n                      <\/div>\n        <\/div>\n            <div class=\"flex flex-col items-center gap-2 shrink-1 audio-control\">\n        <button\n  class=\"flex items-center justify-center w-32 max-w-32 h-32 max-h-32 transition-[max-height,_max-width] bg-black rounded-full btn text-accent\"\n  data-target=\"#audio-caa9cc3f1b959257c06c606ef1443a32\">\n  <svg width=\"100%\" height=\"100%\" viewBox=\"0 0 36 36\" version=\"1.1\" xmlns=\"http:\/\/www.w3.org\/2000\/svg\" xmlns:xlink=\"http:\/\/www.w3.org\/1999\/xlink\">\n  <path id=\"ytp-12\" d=\"M11,10 L18,13.74 18,22.28 11,26 M18,13.74 L26,18 26,18 18,22.28\" fill=\"currentColor\">\n    <animate id=\"animation\" begin=\"indefinite\" attributeType=\"XML\" attributeName=\"d\" fill=\"freeze\" from=\"M11,10 L17,10 17,26 11,26 M20,10 L26,10 26,26 20,26\" to=\"M11,10 L18,13.74 18,22.28 11,26 M18,13.74 L26,18 26,18 18,22.28\" dur=\"0.1s\" keySplines=\".4 0 1 1\" repeatCount=\"1\" data-play=\"M11,10 L18,13.74 18,22.28 11,26 M18,13.74 L26,18 26,18 18,22.28\" data-pause=\"M11,10 L17,10 17,26 11,26 M20,10 L26,10 26,26 20,26\"><\/animate>\n  <\/path>\n<\/svg>\n<\/button>\n        <p class=\"text-base text-center\">Ascolta<\/p>\n      <\/div>\n    <\/div>\n\n    \n          <div class=\"flex flex-wrap justify-between gap-6 md:justify-start\">\n                  <button data-target=\"#transcription-caa9cc3f1b959257c06c606ef1443a32\" data-toggle=\"modal\" class=\"flex items-center gap-2\">\n            <svg class=\"w-6 h-6\" fill=\"none\" xmlns=\"http:\/\/www.w3.org\/2000\/svg\" viewBox=\"0 0 22 12\"><path d=\"M0 9.873v-6c0-.55.196-1.02.588-1.412A1.926 1.926 0 0 1 2 1.873h2c.55 0 1.02.196 1.412.588.392.391.588.862.588 1.412v6H4v-2H2v2H0Zm2-4h2v-2H2v2Zm6 4v-8h4c.55 0 1.02.196 1.412.588.392.391.588.862.588 1.412v4c0 .55-.196 1.021-.588 1.413A1.926 1.926 0 0 1 12 9.873H8Zm2-2h2v-4h-2v4Zm6.85.8-1.4-1.425c.183-.183.32-.391.413-.625.091-.233.137-.483.137-.75 0-.283-.046-.537-.137-.762a1.85 1.85 0 0 0-.413-.613l1.4-1.45c.367.367.65.792.85 1.275.2.484.3 1 .3 1.55s-.1 1.063-.3 1.538c-.2.475-.483.896-.85 1.262Zm2.825 2.825-1.45-1.375c.55-.55.983-1.187 1.3-1.912A5.775 5.775 0 0 0 20 5.873c0-.85-.158-1.633-.475-2.35a6.217 6.217 0 0 0-1.3-1.9l1.45-1.4a7.94 7.94 0 0 1 1.712 2.55c.409.967.613 2 .613 3.1s-.204 2.13-.613 3.088a7.977 7.977 0 0 1-1.712 2.537Z\" fill=\"#000\"\/><\/svg>            <span>Trascrizione<\/span>\n          <\/button>\n                      <\/div>\n      <\/div>\n\n      <div id=\"transcription-caa9cc3f1b959257c06c606ef1443a32\"\n  class=\"fixed inset-0 z-50 hidden w-screen h-screen opacity-0 pointer-events-none modal transcription\"\n  tabindex=\"-1\" role=\"dialog\">\n  <div class=\"absolute w-full h-full bg-black opacity-75 modal-overlay\"><\/div>\n  <div\n    class=\"absolute z-30 w-11\/12 mx-auto overflow-y-auto text-black bg-white shadow-lg modal-container center-xy md:max-w-4xl\"\n    role=\"document\">\n    <div class=\"flex items-center justify-between px-4 py-4 text-gray-700 border-b md:px-8\">\n      <h2 class=\"!mb-0 font-bold\">Trascrizione<\/h2>\n      <div class=\"z-50 flex flex-col items-center ml-auto cursor-pointer rtl:ml-0 rtl:mr-auto modal-close\">\n        <svg class=\"w-auto h-6\" width=\"18\" height=\"23\" xmlns=\"http:\/\/www.w3.org\/2000\/svg\">\n  <g stroke=\"currentColor\" fill=\"none\" fill-rule=\"evenodd\" stroke-linecap=\"square\">\n    <path d=\"M.7248.974l16.1076 20.6167M16.655 1.2654L.9097 22.1601\" \/>\n  <\/g>\n<\/svg>        <div class=\"hidden\">Close<\/div>\n      <\/div>\n    <\/div>\n    <div class=\"px-4 py-8 overflow-y-auto max-h-modal md:px-8 modal-content\">\n      <div class=\"mb-8 flex flex-col gap-1.5\">\n                      <h3 class=\"text-xl font-bold\">La Vall de Bo\u00ed e le sue chiese<\/h3>\n                            <\/div>\n            <p>Ti diamo il benvenuto nella Vall de Bo\u00ed e ti invitiamo a scoprire il suo straordinario complesso di chiese, considerato una delle massime espressioni dell\u2019arte romanica catalana e iscritto nel 2000 nell\u2019Elenco del Patrimonio Mondiale dell&#8217;UNESCO.<br \/>\nIl complesso romanico della Vall de Bo\u00ed \u00e8 composto da nove chiese: Sant Climent e Santa Maria di Ta\u00fcll, Sant Joan di Bo\u00ed, Santa Eul\u00e0lia di Erill la Vall, Sant Feliu di Barruera, la Nativitat e Sant Quirc di Durro, Santa Maria di Cardet e l&#8217;Assumpci\u00f3 di C\u00f3ll.<br \/>\nMa cosa accomuna queste chiese? Perch\u00e9 sono cos\u00ec uniche? Qual \u00e8 la loro storia?<br \/>\nFurono tutte costruite tra l\u2019XI e il XII secolo, in un periodo di potere e prosperit\u00e0 economica per la nobilt\u00e0 locale, e condividono lo stesso stile architettonico, il romanico, diffuso in tutta Europa.<br \/>\nOggigiorno, la gran parte di dipinti, sculture e mobili \u00e8 conservata in diversi musei catalani, in particolare nel Museu Nacional d\u2019Art de Catalunya. Tuttavia, alcune chiese conservano importanti frammenti di dipinti murali e sculture originali, oltre a riproduzioni delle opere custodite nei musei.<br \/>\nGrazie a questa guida scoprirai il valore eccezionale di questo complesso romanico e potrai conoscere ognuna delle nove chiese, con i loro segreti e le loro curiosit\u00e0.<br \/>\nUn ultimo avvertimento! Queste montagne sono misteriose, e le parole delle persone che le hanno abitate sono spesso intrappolate nelle valli e risuonano nel tempo come un\u2019eco impercettibile. Questa guida \u00e8 dotata di un sensore che si attiva ogni volta che ne rileva una. Non spaventarti e continua ad ascoltare.<\/p>\n<p>Per iniziare la visita, vai alla parte posteriore della chiesa.<\/p>\n    <\/div>\n  <\/div>\n<\/div>\n    <\/section>\n\n\n<div class=\"flex flex-col gap-3 element text-block\">\n  <div class=\"flex items-center gap-6\">\n              <h2 class=\"text-2xl font-bold\">2b Piazza del paese<\/h2>\n      <\/div>\n    <\/div>\n\n\n<div class=\"flex flex-col gap-6 element image-block\">\n  <div class=\"flex flex-col gap-3\">\n      <\/div>\n      <figure>\n      <img loading=\"lazy\" decoding=\"async\" width=\"948\" height=\"1428\" src=\"https:\/\/guiesullsdelahistoria.cat\/app\/uploads\/2024\/11\/Nativitat_de_Durro_campanar_DSC0686.jpg\" class=\"w-full h-auto\" alt=\"Campanile della chiesa della Nativitat de Durro con il cimitero di fronte, visto dalla piazza.\" srcset=\"https:\/\/guiesullsdelahistoria.cat\/app\/uploads\/2024\/11\/Nativitat_de_Durro_campanar_DSC0686.jpg 948w, https:\/\/guiesullsdelahistoria.cat\/app\/uploads\/2024\/11\/Nativitat_de_Durro_campanar_DSC0686-199x300.jpg 199w, https:\/\/guiesullsdelahistoria.cat\/app\/uploads\/2024\/11\/Nativitat_de_Durro_campanar_DSC0686-680x1024.jpg 680w, https:\/\/guiesullsdelahistoria.cat\/app\/uploads\/2024\/11\/Nativitat_de_Durro_campanar_DSC0686-768x1157.jpg 768w\" sizes=\"auto, (max-width: 948px) 100vw, 948px\" \/>\n              <figcaption class=\"pt-2 text-gray-800\">Campanile della Nativitat di Durro.<\/figcaption>\n          <\/figure>\n  <\/div>\n\n\n<section class=\"element audio-block\">\n  <div class=\"flex flex-col w-full gap-6\">\n    <div class=\"flex flex-col gap-3\">\n      <div class=\"flex gap-6\">\n                          <h2 class=\"text-2xl font-bold\">Il campanile<\/h2>\n              <\/div>\n          <\/div>\n    <div class=\"flex items-center justify-end gap-3\">\n              <div class=\"flex-1 audio-content\" dir=\"ltr\">\n          <audio id=\"audio-3f59565318fd7611995ea08496991932\" data-label=\"Il campanile\"\n            data-category=\"NATIVITAT-DE-DURRO-IT-GENERAL-PLAY-1.mp3\" class=\"hidden\" controls\n            src=\"https:\/\/guiesullsdelahistoria.cat\/app\/uploads\/2024\/11\/NATIVITAT-DE-DURRO-IT-GENERAL-PLAY-1.mp3\"><\/audio>\n          <div class=\"flex items-center w-full gap-3 transition-opacity opacity-0 meta\">\n            <progress class=\"flex-1 border-0 appearance-none\" value=\"0\" max=\"1\"><\/progress>\n            <div class=\"text-sm text-center shrink-0 current-time w-9\"><\/div>\n                      <\/div>\n        <\/div>\n            <div class=\"flex flex-col items-center gap-2 shrink-1 audio-control\">\n        <button\n  class=\"flex items-center justify-center w-32 max-w-32 h-32 max-h-32 transition-[max-height,_max-width] bg-black rounded-full btn text-accent\"\n  data-target=\"#audio-3f59565318fd7611995ea08496991932\">\n  <svg width=\"100%\" height=\"100%\" viewBox=\"0 0 36 36\" version=\"1.1\" xmlns=\"http:\/\/www.w3.org\/2000\/svg\" xmlns:xlink=\"http:\/\/www.w3.org\/1999\/xlink\">\n  <path id=\"ytp-12\" d=\"M11,10 L18,13.74 18,22.28 11,26 M18,13.74 L26,18 26,18 18,22.28\" fill=\"currentColor\">\n    <animate id=\"animation\" begin=\"indefinite\" attributeType=\"XML\" attributeName=\"d\" fill=\"freeze\" from=\"M11,10 L17,10 17,26 11,26 M20,10 L26,10 26,26 20,26\" to=\"M11,10 L18,13.74 18,22.28 11,26 M18,13.74 L26,18 26,18 18,22.28\" dur=\"0.1s\" keySplines=\".4 0 1 1\" repeatCount=\"1\" data-play=\"M11,10 L18,13.74 18,22.28 11,26 M18,13.74 L26,18 26,18 18,22.28\" data-pause=\"M11,10 L17,10 17,26 11,26 M20,10 L26,10 26,26 20,26\"><\/animate>\n  <\/path>\n<\/svg>\n<\/button>\n        <p class=\"text-base text-center\">Ascolta<\/p>\n      <\/div>\n    <\/div>\n\n    \n          <div class=\"flex flex-wrap justify-between gap-6 md:justify-start\">\n                  <button data-target=\"#transcription-3f59565318fd7611995ea08496991932\" data-toggle=\"modal\" class=\"flex items-center gap-2\">\n            <svg class=\"w-6 h-6\" fill=\"none\" xmlns=\"http:\/\/www.w3.org\/2000\/svg\" viewBox=\"0 0 22 12\"><path d=\"M0 9.873v-6c0-.55.196-1.02.588-1.412A1.926 1.926 0 0 1 2 1.873h2c.55 0 1.02.196 1.412.588.392.391.588.862.588 1.412v6H4v-2H2v2H0Zm2-4h2v-2H2v2Zm6 4v-8h4c.55 0 1.02.196 1.412.588.392.391.588.862.588 1.412v4c0 .55-.196 1.021-.588 1.413A1.926 1.926 0 0 1 12 9.873H8Zm2-2h2v-4h-2v4Zm6.85.8-1.4-1.425c.183-.183.32-.391.413-.625.091-.233.137-.483.137-.75 0-.283-.046-.537-.137-.762a1.85 1.85 0 0 0-.413-.613l1.4-1.45c.367.367.65.792.85 1.275.2.484.3 1 .3 1.55s-.1 1.063-.3 1.538c-.2.475-.483.896-.85 1.262Zm2.825 2.825-1.45-1.375c.55-.55.983-1.187 1.3-1.912A5.775 5.775 0 0 0 20 5.873c0-.85-.158-1.633-.475-2.35a6.217 6.217 0 0 0-1.3-1.9l1.45-1.4a7.94 7.94 0 0 1 1.712 2.55c.409.967.613 2 .613 3.1s-.204 2.13-.613 3.088a7.977 7.977 0 0 1-1.712 2.537Z\" fill=\"#000\"\/><\/svg>            <span>Trascrizione<\/span>\n          <\/button>\n                      <\/div>\n      <\/div>\n\n      <div id=\"transcription-3f59565318fd7611995ea08496991932\"\n  class=\"fixed inset-0 z-50 hidden w-screen h-screen opacity-0 pointer-events-none modal transcription\"\n  tabindex=\"-1\" role=\"dialog\">\n  <div class=\"absolute w-full h-full bg-black opacity-75 modal-overlay\"><\/div>\n  <div\n    class=\"absolute z-30 w-11\/12 mx-auto overflow-y-auto text-black bg-white shadow-lg modal-container center-xy md:max-w-4xl\"\n    role=\"document\">\n    <div class=\"flex items-center justify-between px-4 py-4 text-gray-700 border-b md:px-8\">\n      <h2 class=\"!mb-0 font-bold\">Trascrizione<\/h2>\n      <div class=\"z-50 flex flex-col items-center ml-auto cursor-pointer rtl:ml-0 rtl:mr-auto modal-close\">\n        <svg class=\"w-auto h-6\" width=\"18\" height=\"23\" xmlns=\"http:\/\/www.w3.org\/2000\/svg\">\n  <g stroke=\"currentColor\" fill=\"none\" fill-rule=\"evenodd\" stroke-linecap=\"square\">\n    <path d=\"M.7248.974l16.1076 20.6167M16.655 1.2654L.9097 22.1601\" \/>\n  <\/g>\n<\/svg>        <div class=\"hidden\">Close<\/div>\n      <\/div>\n    <\/div>\n    <div class=\"px-4 py-8 overflow-y-auto max-h-modal md:px-8 modal-content\">\n      <div class=\"mb-8 flex flex-col gap-1.5\">\n                      <h3 class=\"text-xl font-bold\">Il campanile<\/h3>\n                            <\/div>\n            <p>La chiesa della Nativitat di Durro presenta caratteristiche architettoniche diverse da quelle della maggior parte delle chiese di La Vall. Innanzitutto, spicca per la sua monumentalit\u00e0, prova dell\u2019importanza del villaggio di Durro nel Medioevo.<br \/>\nLa Nativitat che vedi ora ha subito molte modifiche e ampliamenti nel corso del tempo. La parte pi\u00f9 antica risale al XII secolo e corrisponde a una chiesa romanica a navata unica con un\u2019abside non pi\u00f9 esistente, il portico e il campanile.<br \/>\nIl campanile \u00e8 uno degli elementi di spicco, soprattutto perch\u00e9, con i suoi 26 metri di altezza, \u00e8 il pi\u00f9 alto di La Vall. Secondo te perch\u00e9 costruivano torri cos\u00ec alte? Da un lato per motivi religiosi: pi\u00f9 erano alte, pi\u00f9 si avvicinavano a Dio. Allo stesso tempo, per\u00f2, una torre cos\u00ec alta offriva una vista perfetta dei dintorni del villaggio e poteva rilevare la presenza di nemici in avvicinamento, cosa importante in un\u2019epoca di guerra.<br \/>\nIl campanile ha cinque livelli ma, come si pu\u00f2 vedere, ogni piano \u00e8 diverso dagli altri, a causa delle numerose modifiche subite. Vedrai che alla base vi \u00e8 un\u2019arcata, che doveva condurre a un\u2019abside laterale. Le finestre dei due piani inferiori sono state murate e le finestre romaniche del secondo e terzo piano sono state sostituite da finestre gotiche con archi a sesto acuto. L\u2019ultimo piano, di altezza inferiore, \u00e8 stato distrutto nel tempo.<br \/>\nDa qui si pu\u00f2 vedere anche la sacrestia, costruita nello spazio dell\u2019abside principale.<br \/>\nPer continuare la visita, gira intorno alla chiesa a destra e posizionati nel portico, davanti alla porta laterale. <\/p>\n    <\/div>\n  <\/div>\n<\/div>\n    <\/section>\n\n\n<div class=\"flex flex-col gap-3 element text-block\">\n  <div class=\"flex items-center gap-6\">\n              <h2 class=\"text-2xl font-bold\">2c Portico<\/h2>\n      <\/div>\n    <\/div>\n\n\n<div class=\"flex flex-col gap-6 element image-block\">\n  <div class=\"flex flex-col gap-3\">\n      <\/div>\n      <figure>\n      <img loading=\"lazy\" decoding=\"async\" width=\"1024\" height=\"680\" src=\"https:\/\/guiesullsdelahistoria.cat\/app\/uploads\/2024\/11\/DSC0308_J.BARBERO.jpg\" class=\"w-full h-auto\" alt=\"Portico della chiesa della Nativitat de Durro con il campanile alle spalle e le croci delle tombe in primo piano.\" srcset=\"https:\/\/guiesullsdelahistoria.cat\/app\/uploads\/2024\/11\/DSC0308_J.BARBERO.jpg 1024w, https:\/\/guiesullsdelahistoria.cat\/app\/uploads\/2024\/11\/DSC0308_J.BARBERO-300x199.jpg 300w, https:\/\/guiesullsdelahistoria.cat\/app\/uploads\/2024\/11\/DSC0308_J.BARBERO-768x510.jpg 768w\" sizes=\"auto, (max-width: 1024px) 100vw, 1024px\" \/>\n              <figcaption class=\"pt-2 text-gray-800\">Portico della Nativitat de Durro.<\/figcaption>\n          <\/figure>\n  <\/div>\n\n\n<section class=\"element audio-block\">\n  <div class=\"flex flex-col w-full gap-6\">\n    <div class=\"flex flex-col gap-3\">\n      <div class=\"flex gap-6\">\n                          <h2 class=\"text-2xl font-bold\">La navata<\/h2>\n              <\/div>\n          <\/div>\n    <div class=\"flex items-center justify-end gap-3\">\n              <div class=\"flex-1 audio-content\" dir=\"ltr\">\n          <audio id=\"audio-cb597030f5c79474e78f41b94e2ccff2\" data-label=\"La navata\"\n            data-category=\"NATIVITAT-DE-DURRO-IT-GENERAL-PLAY-2.mp3\" class=\"hidden\" controls\n            src=\"https:\/\/guiesullsdelahistoria.cat\/app\/uploads\/2024\/11\/NATIVITAT-DE-DURRO-IT-GENERAL-PLAY-2.mp3\"><\/audio>\n          <div class=\"flex items-center w-full gap-3 transition-opacity opacity-0 meta\">\n            <progress class=\"flex-1 border-0 appearance-none\" value=\"0\" max=\"1\"><\/progress>\n            <div class=\"text-sm text-center shrink-0 current-time w-9\"><\/div>\n                      <\/div>\n        <\/div>\n            <div class=\"flex flex-col items-center gap-2 shrink-1 audio-control\">\n        <button\n  class=\"flex items-center justify-center w-32 max-w-32 h-32 max-h-32 transition-[max-height,_max-width] bg-black rounded-full btn text-accent\"\n  data-target=\"#audio-cb597030f5c79474e78f41b94e2ccff2\">\n  <svg width=\"100%\" height=\"100%\" viewBox=\"0 0 36 36\" version=\"1.1\" xmlns=\"http:\/\/www.w3.org\/2000\/svg\" xmlns:xlink=\"http:\/\/www.w3.org\/1999\/xlink\">\n  <path id=\"ytp-12\" d=\"M11,10 L18,13.74 18,22.28 11,26 M18,13.74 L26,18 26,18 18,22.28\" fill=\"currentColor\">\n    <animate id=\"animation\" begin=\"indefinite\" attributeType=\"XML\" attributeName=\"d\" fill=\"freeze\" from=\"M11,10 L17,10 17,26 11,26 M20,10 L26,10 26,26 20,26\" to=\"M11,10 L18,13.74 18,22.28 11,26 M18,13.74 L26,18 26,18 18,22.28\" dur=\"0.1s\" keySplines=\".4 0 1 1\" repeatCount=\"1\" data-play=\"M11,10 L18,13.74 18,22.28 11,26 M18,13.74 L26,18 26,18 18,22.28\" data-pause=\"M11,10 L17,10 17,26 11,26 M20,10 L26,10 26,26 20,26\"><\/animate>\n  <\/path>\n<\/svg>\n<\/button>\n        <p class=\"text-base text-center\">Ascolta<\/p>\n      <\/div>\n    <\/div>\n\n    \n          <div class=\"flex flex-wrap justify-between gap-6 md:justify-start\">\n                  <button data-target=\"#transcription-cb597030f5c79474e78f41b94e2ccff2\" data-toggle=\"modal\" class=\"flex items-center gap-2\">\n            <svg class=\"w-6 h-6\" fill=\"none\" xmlns=\"http:\/\/www.w3.org\/2000\/svg\" viewBox=\"0 0 22 12\"><path d=\"M0 9.873v-6c0-.55.196-1.02.588-1.412A1.926 1.926 0 0 1 2 1.873h2c.55 0 1.02.196 1.412.588.392.391.588.862.588 1.412v6H4v-2H2v2H0Zm2-4h2v-2H2v2Zm6 4v-8h4c.55 0 1.02.196 1.412.588.392.391.588.862.588 1.412v4c0 .55-.196 1.021-.588 1.413A1.926 1.926 0 0 1 12 9.873H8Zm2-2h2v-4h-2v4Zm6.85.8-1.4-1.425c.183-.183.32-.391.413-.625.091-.233.137-.483.137-.75 0-.283-.046-.537-.137-.762a1.85 1.85 0 0 0-.413-.613l1.4-1.45c.367.367.65.792.85 1.275.2.484.3 1 .3 1.55s-.1 1.063-.3 1.538c-.2.475-.483.896-.85 1.262Zm2.825 2.825-1.45-1.375c.55-.55.983-1.187 1.3-1.912A5.775 5.775 0 0 0 20 5.873c0-.85-.158-1.633-.475-2.35a6.217 6.217 0 0 0-1.3-1.9l1.45-1.4a7.94 7.94 0 0 1 1.712 2.55c.409.967.613 2 .613 3.1s-.204 2.13-.613 3.088a7.977 7.977 0 0 1-1.712 2.537Z\" fill=\"#000\"\/><\/svg>            <span>Trascrizione<\/span>\n          <\/button>\n                      <\/div>\n      <\/div>\n\n      <div id=\"transcription-cb597030f5c79474e78f41b94e2ccff2\"\n  class=\"fixed inset-0 z-50 hidden w-screen h-screen opacity-0 pointer-events-none modal transcription\"\n  tabindex=\"-1\" role=\"dialog\">\n  <div class=\"absolute w-full h-full bg-black opacity-75 modal-overlay\"><\/div>\n  <div\n    class=\"absolute z-30 w-11\/12 mx-auto overflow-y-auto text-black bg-white shadow-lg modal-container center-xy md:max-w-4xl\"\n    role=\"document\">\n    <div class=\"flex items-center justify-between px-4 py-4 text-gray-700 border-b md:px-8\">\n      <h2 class=\"!mb-0 font-bold\">Trascrizione<\/h2>\n      <div class=\"z-50 flex flex-col items-center ml-auto cursor-pointer rtl:ml-0 rtl:mr-auto modal-close\">\n        <svg class=\"w-auto h-6\" width=\"18\" height=\"23\" xmlns=\"http:\/\/www.w3.org\/2000\/svg\">\n  <g stroke=\"currentColor\" fill=\"none\" fill-rule=\"evenodd\" stroke-linecap=\"square\">\n    <path d=\"M.7248.974l16.1076 20.6167M16.655 1.2654L.9097 22.1601\" \/>\n  <\/g>\n<\/svg>        <div class=\"hidden\">Close<\/div>\n      <\/div>\n    <\/div>\n    <div class=\"px-4 py-8 overflow-y-auto max-h-modal md:px-8 modal-content\">\n      <div class=\"mb-8 flex flex-col gap-1.5\">\n                      <h3 class=\"text-xl font-bold\">La navata<\/h3>\n                            <\/div>\n            <p>La navata della Nativitat di Durro \u00e8 costituita da grandi conci o pietre di granito, mentre elementi decorativi corrono lungo le facciate. Osserva la parte superiore dei muri: vi \u00e8 un fregio di arcate cieche che segue la lunghezza della navata e, sopra di esso, un\u2019altra fascia che forma piccoli quadrati simili a una scacchiera.<br \/>\n\u00c8 possibile che alla fine del XV secolo la chiesa abbia subito un incendio in un episodio legato alla guerra civile catalana: Hug Roger III, l&#8217;ultimo conte di Pallars, attacc\u00f2 il villaggio nel disperato tentativo di riconquistare la sua contea. Gli abitanti si rifugiarono nella chiesa per proteggersi e il conte, adirato, le diede fuoco.<\/p>\n<p><em>Suono di interferenze<\/em>.<br \/>\nL&#8217;ambiente nella chiesa \u00e8 teso e nervoso.<br \/>\n<strong>Donna:<\/strong> Non temete! Queste pareti ci proteggeranno!<br \/>\n<strong>Uomo:<\/strong> Hug \u00e8 impazzito! Non ha pi\u00f9 rispetto neanche per la chiesa.<br \/>\n<strong>Donna:<\/strong> Pregate Dio. Egli non ci lascer\u00e0 morire.<br \/>\n<strong>Uomo:<\/strong> Non desister\u00e0 finch\u00e9 non avr\u00e0 recuperato la sua contea. \u00c8 venuto con i rinforzi dalla Francia. Una legione di selvaggi.<br \/>\n<strong>Donna:<\/strong> Abbiate fede.<br \/>\n<strong>Uomo:<\/strong> Fede? Il fuoco cresce attorno alla chiesa. Solo le truppe del visconte Cardona ci possono salvare, ma dove saranno?<br \/>\n<em>Suono di interferenze<\/em>.<\/p>\n<p>Il portico romanico venne aggiunto nella seconda fase di costruzione, e serviva per proteggere dai rigori del tempo i fedeli che attendevano di poter entrare nella chiesa. Se oggi c\u2019\u00e8 il sole, oppure piove o nevica, ne sarai felice. Ma potrebbe anche essere un luogo di sosta per le processioni, uno spazio in cui organizzare eventi liturgici e sociali, ad esempio processi. Il portico aveva anche una funzione simbolica: era lo spazio di transizione tra la vita quotidiana e l\u2019ingresso alla casa di Dio.<br \/>\nQui si trova la facciata, uno degli elementi pi\u00f9 interessanti del complesso. \u00c8 composta da tre archi semicircolari in gradazione ed \u00e8 decorata da due archivolti sostenuti da quattro colonne con capitelli decorati. Se osservi bene, puoi distinguere motivi vegetali e rilievi zoomorfi, ovvero forme di animali. C\u2019\u00e8 anche una faccia di piccole dimensioni. Vediamo se la trovi!<br \/>\nL\u2019insieme \u00e8 incorniciato da un fregio, una sorta di fascia con motivi a scacchi, e sopra di esso, all\u2019interno di un cerchio, si trova il Monogramma di Cristo, il simbolo di Cristo rappresentato dalle sue iniziali in greco.<br \/>\nQuesto portale presenta molte analogie con quello della chiesa di Assumpci\u00f3 di C\u00f3ll, sia per quanto riguarda gli archivolti, sia per i capitelli con animali o il Monogramma di Cristo. Potrebbe essere opera della stessa bottega? Oppure si \u00e8 solo ispirato a esso? Rimane un mistero.<br \/>\nUn altro elemento interessante della facciata \u00e8 il chiavistello, la serratura della porta, di epoca medievale. Osserva la placca che rinforza la chiusura, decorata con bordi geometrici e quattro strutture che ricordano la silhouette dei castelli medievali. Al centro, una figura umana molto stilizzata indica una delle torri che circonda la serratura. A completare la scena, un elemento vegetale che potrebbe essere un albero e due animali quadrupedi che ricordano i cavalli. Non conosciamo il suo significato specifico, quindi possiamo far volare la nostra immaginazione: potrebbe essere un omaggio al conte di Erill e al suo castello, per aver pagato la chiesa? Chiss\u00e0.<br \/>\nPrima di passare al punto successivo, osserva un ultimo dettaglio: il laccio del chiavistello \u00e8 decorato con motivi geometrici e rinforzato all\u2019estremit\u00e0 destra con una testa di animale, forse un serpente. Non \u00e8 l\u2019unico serpente che possiamo vedere nella porta di una chiesa di La Vall: a Santa Eul\u00e0lia, per esempio, ce n\u2019\u00e8 un altro dipinto. Potrebbe essere un avvertimento riguardo al peccato? E se invece fosse un drago?<br \/>\nAdesso puoi entrare nella chiesa.<\/p>\n    <\/div>\n  <\/div>\n<\/div>\n    <\/section>\n\n\n<div class=\"flex flex-col gap-3 element text-block\">\n  <div class=\"flex items-center gap-6\">\n              <h2 class=\"text-2xl font-bold\">2d Base della navata<\/h2>\n      <\/div>\n    <\/div>\n\n\n<div class=\"flex flex-col gap-6 element image-block\">\n  <div class=\"flex flex-col gap-3\">\n      <\/div>\n      <figure>\n      <img loading=\"lazy\" decoding=\"async\" width=\"1001\" height=\"667\" src=\"https:\/\/guiesullsdelahistoria.cat\/app\/uploads\/2024\/11\/Interior-Durro.jpg\" class=\"w-full h-auto\" alt=\"Vista dell\u2019interno della chiesa della Nativitat de Durro con l\u2019altare e un grande retablo barocco sullo sfondo.\" srcset=\"https:\/\/guiesullsdelahistoria.cat\/app\/uploads\/2024\/11\/Interior-Durro.jpg 1001w, https:\/\/guiesullsdelahistoria.cat\/app\/uploads\/2024\/11\/Interior-Durro-300x200.jpg 300w, https:\/\/guiesullsdelahistoria.cat\/app\/uploads\/2024\/11\/Interior-Durro-768x512.jpg 768w\" sizes=\"auto, (max-width: 1001px) 100vw, 1001px\" \/>\n              <figcaption class=\"pt-2 text-gray-800\">Vista interna della Nativitat de Durro.<\/figcaption>\n          <\/figure>\n  <\/div>\n\n\n<section class=\"element audio-block\">\n  <div class=\"flex flex-col w-full gap-6\">\n    <div class=\"flex flex-col gap-3\">\n      <div class=\"flex gap-6\">\n                          <h2 class=\"text-2xl font-bold\">I retabli e i soffitti<\/h2>\n              <\/div>\n          <\/div>\n    <div class=\"flex items-center justify-end gap-3\">\n              <div class=\"flex-1 audio-content\" dir=\"ltr\">\n          <audio id=\"audio-05024c599f61d755253162650386f421\" data-label=\"I retabli e i soffitti\"\n            data-category=\"NATIVITAT-DE-DURRO-IT-GENERAL-PLAY-3.mp3\" class=\"hidden\" controls\n            src=\"https:\/\/guiesullsdelahistoria.cat\/app\/uploads\/2024\/11\/NATIVITAT-DE-DURRO-IT-GENERAL-PLAY-3.mp3\"><\/audio>\n          <div class=\"flex items-center w-full gap-3 transition-opacity opacity-0 meta\">\n            <progress class=\"flex-1 border-0 appearance-none\" value=\"0\" max=\"1\"><\/progress>\n            <div class=\"text-sm text-center shrink-0 current-time w-9\"><\/div>\n                      <\/div>\n        <\/div>\n            <div class=\"flex flex-col items-center gap-2 shrink-1 audio-control\">\n        <button\n  class=\"flex items-center justify-center w-32 max-w-32 h-32 max-h-32 transition-[max-height,_max-width] bg-black rounded-full btn text-accent\"\n  data-target=\"#audio-05024c599f61d755253162650386f421\">\n  <svg width=\"100%\" height=\"100%\" viewBox=\"0 0 36 36\" version=\"1.1\" xmlns=\"http:\/\/www.w3.org\/2000\/svg\" xmlns:xlink=\"http:\/\/www.w3.org\/1999\/xlink\">\n  <path id=\"ytp-12\" d=\"M11,10 L18,13.74 18,22.28 11,26 M18,13.74 L26,18 26,18 18,22.28\" fill=\"currentColor\">\n    <animate id=\"animation\" begin=\"indefinite\" attributeType=\"XML\" attributeName=\"d\" fill=\"freeze\" from=\"M11,10 L17,10 17,26 11,26 M20,10 L26,10 26,26 20,26\" to=\"M11,10 L18,13.74 18,22.28 11,26 M18,13.74 L26,18 26,18 18,22.28\" dur=\"0.1s\" keySplines=\".4 0 1 1\" repeatCount=\"1\" data-play=\"M11,10 L18,13.74 18,22.28 11,26 M18,13.74 L26,18 26,18 18,22.28\" data-pause=\"M11,10 L17,10 17,26 11,26 M20,10 L26,10 26,26 20,26\"><\/animate>\n  <\/path>\n<\/svg>\n<\/button>\n        <p class=\"text-base text-center\">Ascolta<\/p>\n      <\/div>\n    <\/div>\n\n    \n          <div class=\"flex flex-wrap justify-between gap-6 md:justify-start\">\n                  <button data-target=\"#transcription-05024c599f61d755253162650386f421\" data-toggle=\"modal\" class=\"flex items-center gap-2\">\n            <svg class=\"w-6 h-6\" fill=\"none\" xmlns=\"http:\/\/www.w3.org\/2000\/svg\" viewBox=\"0 0 22 12\"><path d=\"M0 9.873v-6c0-.55.196-1.02.588-1.412A1.926 1.926 0 0 1 2 1.873h2c.55 0 1.02.196 1.412.588.392.391.588.862.588 1.412v6H4v-2H2v2H0Zm2-4h2v-2H2v2Zm6 4v-8h4c.55 0 1.02.196 1.412.588.392.391.588.862.588 1.412v4c0 .55-.196 1.021-.588 1.413A1.926 1.926 0 0 1 12 9.873H8Zm2-2h2v-4h-2v4Zm6.85.8-1.4-1.425c.183-.183.32-.391.413-.625.091-.233.137-.483.137-.75 0-.283-.046-.537-.137-.762a1.85 1.85 0 0 0-.413-.613l1.4-1.45c.367.367.65.792.85 1.275.2.484.3 1 .3 1.55s-.1 1.063-.3 1.538c-.2.475-.483.896-.85 1.262Zm2.825 2.825-1.45-1.375c.55-.55.983-1.187 1.3-1.912A5.775 5.775 0 0 0 20 5.873c0-.85-.158-1.633-.475-2.35a6.217 6.217 0 0 0-1.3-1.9l1.45-1.4a7.94 7.94 0 0 1 1.712 2.55c.409.967.613 2 .613 3.1s-.204 2.13-.613 3.088a7.977 7.977 0 0 1-1.712 2.537Z\" fill=\"#000\"\/><\/svg>            <span>Trascrizione<\/span>\n          <\/button>\n                      <\/div>\n      <\/div>\n\n      <div id=\"transcription-05024c599f61d755253162650386f421\"\n  class=\"fixed inset-0 z-50 hidden w-screen h-screen opacity-0 pointer-events-none modal transcription\"\n  tabindex=\"-1\" role=\"dialog\">\n  <div class=\"absolute w-full h-full bg-black opacity-75 modal-overlay\"><\/div>\n  <div\n    class=\"absolute z-30 w-11\/12 mx-auto overflow-y-auto text-black bg-white shadow-lg modal-container center-xy md:max-w-4xl\"\n    role=\"document\">\n    <div class=\"flex items-center justify-between px-4 py-4 text-gray-700 border-b md:px-8\">\n      <h2 class=\"!mb-0 font-bold\">Trascrizione<\/h2>\n      <div class=\"z-50 flex flex-col items-center ml-auto cursor-pointer rtl:ml-0 rtl:mr-auto modal-close\">\n        <svg class=\"w-auto h-6\" width=\"18\" height=\"23\" xmlns=\"http:\/\/www.w3.org\/2000\/svg\">\n  <g stroke=\"currentColor\" fill=\"none\" fill-rule=\"evenodd\" stroke-linecap=\"square\">\n    <path d=\"M.7248.974l16.1076 20.6167M16.655 1.2654L.9097 22.1601\" \/>\n  <\/g>\n<\/svg>        <div class=\"hidden\">Close<\/div>\n      <\/div>\n    <\/div>\n    <div class=\"px-4 py-8 overflow-y-auto max-h-modal md:px-8 modal-content\">\n      <div class=\"mb-8 flex flex-col gap-1.5\">\n                      <h3 class=\"text-xl font-bold\">I retabli e i soffitti<\/h3>\n                            <\/div>\n            <p>Appena entrati nella Nativitat di Durro, la prima cosa che attira l\u2019attenzione \u00e8 la decorazione barocca e i retabli.<br \/>\nQuello pi\u00f9 vicino, a destra, \u00e8 dedicato a Sant\u2019Antonio ed \u00e8 del XVIII secolo. In alto \u00e8 raffigurato Sant\u2019Antonio Abate e in basso Sant&#8217;Antonio da Padova.<br \/>\nSull&#8217;altro lato, il primo a sinistra \u00e8 dedicato alla Vergine Maria ed \u00e8 del XVII secolo.<br \/>\nIl secondo a sinistra \u00e8 il retablo del Santo Cristo, anch\u2019esso del XVIII secolo, dedicato alla passione di Cristo. Il Cristo che vedi fu elaborato dallo scultore Josep Viladomat negli anni \u201960.<\/p>\n<p>Il secondo retablo a destra \u00e8 dedicato a San Giovanni. Infine, situato al fondo sull\u2019altare, si trova il retablo pi\u00f9 grande, di met\u00e0 del XVIII secolo. Nella parte inferiore si trovano le quattro vergini martiri: Sant\u2019Agata, Santa Barbara, Santa Lucia e probabilmente Santa Engrazia. Durante la Guerra civile spagnola il retablo fu danneggiato e le figure attuali sono di epoca moderna. Al piano superiore \u00e8 raffigurato il doppio cuore sacro; subito sotto, Maria e il Bambin Ges\u00f9; a sinistra, San Giuseppe e a destra, San Gioacchino e Maria bambina.<br \/>\nAdesso guarda in alto per scoprire un dettaglio architettonico che rende speciale questa chiesa. Si tratta delle coperture della navata centrale e delle cappelle laterali. Puoi notare come la copertura della navata centrale sia a volta a botte, mentre la cappella laterale di sinistra \u00e8 a crociera e quella di destra \u00e8 barocca. Furono costruite entrambe posteriormente.<br \/>\nForse avrai anche notato due grandi uccelli bianchi sulle pareti, sul lato dell\u2019altare. Sono lampadari barocchi che servivano a sostenere le lampade a olio.<br \/>\nInfine, sempre sul fondo, guardando verso l\u2019ingresso, osserva la vasca di pietra coperta da un coperchio verde a forma di piramide. \u00c8  la fonte battesimale romanica. La struttura lignea che la protegge, risalente al XVIII secolo, serviva a proteggere l\u2019acqua e a conservare gli elementi liturgici.<br \/>\nPer proseguire la visita, sali sul coro della chiesa. Puoi accedervi dalle scale all\u2019entrata, nella zona della biglietteria.<\/p>\n    <\/div>\n  <\/div>\n<\/div>\n    <\/section>\n\n\n<div class=\"flex flex-col gap-3 element text-block\">\n  <div class=\"flex items-center gap-6\">\n              <h2 class=\"text-2xl font-bold\">2e Coro<\/h2>\n      <\/div>\n    <\/div>\n\n\n<div class=\"flex flex-col gap-6 element image-block\">\n  <div class=\"flex flex-col gap-3\">\n      <\/div>\n      <figure>\n      <img loading=\"lazy\" decoding=\"async\" width=\"451\" height=\"768\" src=\"https:\/\/guiesullsdelahistoria.cat\/app\/uploads\/2024\/11\/DSC0146_J.BARBERO.jpg\" class=\"w-full h-auto\" alt=\"Frammenti della scultura lignea di Nicodemo della Discesa dalla croce di Durro sovrapposti all\u2019ipotetica figura originale ombreggiata.\" srcset=\"https:\/\/guiesullsdelahistoria.cat\/app\/uploads\/2024\/11\/DSC0146_J.BARBERO.jpg 451w, https:\/\/guiesullsdelahistoria.cat\/app\/uploads\/2024\/11\/DSC0146_J.BARBERO-176x300.jpg 176w\" sizes=\"auto, (max-width: 451px) 100vw, 451px\" \/>\n              <figcaption class=\"pt-2 text-gray-800\">Scultura lignea di Nicodemo della <em>Discesa dalla croce<\/em> di Durro.<\/figcaption>\n          <\/figure>\n  <\/div>\n\n\n<section class=\"element audio-block\">\n  <div class=\"flex flex-col w-full gap-6\">\n    <div class=\"flex flex-col gap-3\">\n      <div class=\"flex gap-6\">\n                          <h2 class=\"text-2xl font-bold\">Nicodemo<\/h2>\n              <\/div>\n          <\/div>\n    <div class=\"flex items-center justify-end gap-3\">\n              <div class=\"flex-1 audio-content\" dir=\"ltr\">\n          <audio id=\"audio-86bbc72c665c3354544dd4051fcfb197\" data-label=\"Nicodemo\"\n            data-category=\"NATIVITAT-DE-DURRO-IT-GENERAL-PLAY-4.mp3\" class=\"hidden\" controls\n            src=\"https:\/\/guiesullsdelahistoria.cat\/app\/uploads\/2024\/11\/NATIVITAT-DE-DURRO-IT-GENERAL-PLAY-4.mp3\"><\/audio>\n          <div class=\"flex items-center w-full gap-3 transition-opacity opacity-0 meta\">\n            <progress class=\"flex-1 border-0 appearance-none\" value=\"0\" max=\"1\"><\/progress>\n            <div class=\"text-sm text-center shrink-0 current-time w-9\"><\/div>\n                      <\/div>\n        <\/div>\n            <div class=\"flex flex-col items-center gap-2 shrink-1 audio-control\">\n        <button\n  class=\"flex items-center justify-center w-32 max-w-32 h-32 max-h-32 transition-[max-height,_max-width] bg-black rounded-full btn text-accent\"\n  data-target=\"#audio-86bbc72c665c3354544dd4051fcfb197\">\n  <svg width=\"100%\" height=\"100%\" viewBox=\"0 0 36 36\" version=\"1.1\" xmlns=\"http:\/\/www.w3.org\/2000\/svg\" xmlns:xlink=\"http:\/\/www.w3.org\/1999\/xlink\">\n  <path id=\"ytp-12\" d=\"M11,10 L18,13.74 18,22.28 11,26 M18,13.74 L26,18 26,18 18,22.28\" fill=\"currentColor\">\n    <animate id=\"animation\" begin=\"indefinite\" attributeType=\"XML\" attributeName=\"d\" fill=\"freeze\" from=\"M11,10 L17,10 17,26 11,26 M20,10 L26,10 26,26 20,26\" to=\"M11,10 L18,13.74 18,22.28 11,26 M18,13.74 L26,18 26,18 18,22.28\" dur=\"0.1s\" keySplines=\".4 0 1 1\" repeatCount=\"1\" data-play=\"M11,10 L18,13.74 18,22.28 11,26 M18,13.74 L26,18 26,18 18,22.28\" data-pause=\"M11,10 L17,10 17,26 11,26 M20,10 L26,10 26,26 20,26\"><\/animate>\n  <\/path>\n<\/svg>\n<\/button>\n        <p class=\"text-base text-center\">Ascolta<\/p>\n      <\/div>\n    <\/div>\n\n    \n          <div class=\"flex flex-wrap justify-between gap-6 md:justify-start\">\n                  <button data-target=\"#transcription-86bbc72c665c3354544dd4051fcfb197\" data-toggle=\"modal\" class=\"flex items-center gap-2\">\n            <svg class=\"w-6 h-6\" fill=\"none\" xmlns=\"http:\/\/www.w3.org\/2000\/svg\" viewBox=\"0 0 22 12\"><path d=\"M0 9.873v-6c0-.55.196-1.02.588-1.412A1.926 1.926 0 0 1 2 1.873h2c.55 0 1.02.196 1.412.588.392.391.588.862.588 1.412v6H4v-2H2v2H0Zm2-4h2v-2H2v2Zm6 4v-8h4c.55 0 1.02.196 1.412.588.392.391.588.862.588 1.412v4c0 .55-.196 1.021-.588 1.413A1.926 1.926 0 0 1 12 9.873H8Zm2-2h2v-4h-2v4Zm6.85.8-1.4-1.425c.183-.183.32-.391.413-.625.091-.233.137-.483.137-.75 0-.283-.046-.537-.137-.762a1.85 1.85 0 0 0-.413-.613l1.4-1.45c.367.367.65.792.85 1.275.2.484.3 1 .3 1.55s-.1 1.063-.3 1.538c-.2.475-.483.896-.85 1.262Zm2.825 2.825-1.45-1.375c.55-.55.983-1.187 1.3-1.912A5.775 5.775 0 0 0 20 5.873c0-.85-.158-1.633-.475-2.35a6.217 6.217 0 0 0-1.3-1.9l1.45-1.4a7.94 7.94 0 0 1 1.712 2.55c.409.967.613 2 .613 3.1s-.204 2.13-.613 3.088a7.977 7.977 0 0 1-1.712 2.537Z\" fill=\"#000\"\/><\/svg>            <span>Trascrizione<\/span>\n          <\/button>\n                      <\/div>\n      <\/div>\n\n      <div id=\"transcription-86bbc72c665c3354544dd4051fcfb197\"\n  class=\"fixed inset-0 z-50 hidden w-screen h-screen opacity-0 pointer-events-none modal transcription\"\n  tabindex=\"-1\" role=\"dialog\">\n  <div class=\"absolute w-full h-full bg-black opacity-75 modal-overlay\"><\/div>\n  <div\n    class=\"absolute z-30 w-11\/12 mx-auto overflow-y-auto text-black bg-white shadow-lg modal-container center-xy md:max-w-4xl\"\n    role=\"document\">\n    <div class=\"flex items-center justify-between px-4 py-4 text-gray-700 border-b md:px-8\">\n      <h2 class=\"!mb-0 font-bold\">Trascrizione<\/h2>\n      <div class=\"z-50 flex flex-col items-center ml-auto cursor-pointer rtl:ml-0 rtl:mr-auto modal-close\">\n        <svg class=\"w-auto h-6\" width=\"18\" height=\"23\" xmlns=\"http:\/\/www.w3.org\/2000\/svg\">\n  <g stroke=\"currentColor\" fill=\"none\" fill-rule=\"evenodd\" stroke-linecap=\"square\">\n    <path d=\"M.7248.974l16.1076 20.6167M16.655 1.2654L.9097 22.1601\" \/>\n  <\/g>\n<\/svg>        <div class=\"hidden\">Close<\/div>\n      <\/div>\n    <\/div>\n    <div class=\"px-4 py-8 overflow-y-auto max-h-modal md:px-8 modal-content\">\n      <div class=\"mb-8 flex flex-col gap-1.5\">\n                      <h3 class=\"text-xl font-bold\">Nicodemo<\/h3>\n                            <\/div>\n            <p>i trovi di fronte all&#8217;opera pi\u00f9 singolare della chiesa: la scultura lignea di un Nicodemo. Questa immagine faceva parte di un insieme pi\u00f9 ampio, la Discesa dalla Croce di Durro, realizzata nel XIII secolo dagli artigiani della cosiddetta bottega di Erill. Delle sette sculture che componevano l\u2019insieme originario, se ne conoscono solo tre: questa, la Vergine Maria, conservata nel MNAC, e il Cristo, scomparso durante la Guerra civile spagnola. Osserva come ancora rimangano tracce della policromia nel braccio e nel torso.<br \/>\nForse non ricorderai chi era Nicodemo. Rinfreschiamo la memoria: fu l\u2019incaricato di slegare Ges\u00f9 dalla croce.<br \/>\nCom\u2019\u00e8 possibile che la scultura di Nicodemo sia arrivata fino ai nostri giorni? Perch\u00e9 rimase nascosta per molti anni. Non si seppe delle sua esistenza fino al 2001, quando venne scoperta smontando un retablo della chiesa per restaurarlo.<br \/>\nSe vuoi vedere com\u2019era la Discesa dalla Croce in base alle informazioni che abbiamo, puoi farlo con la risorsa virtuale.<\/p>\n<p>Dal coro avrai visto una panca e altri elementi. Si tratta dei beni mobili che sono stati raccolti all\u2019interno della chiesa nel corso dei secoli e che oggi apprezziamo come beni artistici.<br \/>\nUno di questi elementi \u00e8 una panca rinascimentale in legno, che presenta due pezzi molto particolari: i due pannelli a sinistra dello schienale. Le due tavole, realizzati in legno di pino, risalgono probabilmente al periodo romanico e facevano originariamente parte di un altro mobile. <\/p>\n    <\/div>\n  <\/div>\n<\/div>\n    <\/section>\n\n\n<div class=\"flex flex-col gap-3 element interactive-block\">\n  <div class=\"flex items-center gap-6\">\n              <h2 class=\"text-2xl font-bold\">Risorsa virtuale: il complesso della <em>Discesa<\/em><\/h2>\n      <\/div>\n          <div class=\"flex justify-end w-full\">\n      <div class=\"flex flex-col items-center gap-2 shrink-1\">\n        <button data-target=\"#embed-69f5c6811371b\" data-toggle=\"modal\"\n          class=\"flex items-center justify-center w-32 h-32 bg-black rounded-full text-accent\">\n          <svg class=\"w-16 h-auto\" width=\"60\" height=\"61\" viewBox=\"0 0 60 61\" fill=\"none\" xmlns=\"http:\/\/www.w3.org\/2000\/svg\">\n  <path\n    d=\"M27 53.298L12 44.673C11.05 44.1231 10.3125 43.398 9.7875 42.498C9.2625 41.598 9 40.598 9 39.498V22.248C9 21.148 9.2625 20.148 9.7875 19.248C10.3125 18.348 11.05 17.623 12 17.073L27 8.44805C27.95 7.89805 28.95 7.62305 30 7.62305C31.05 7.62305 32.05 7.89805 33 8.44805L48 17.073C48.95 17.623 49.6875 18.348 50.2125 19.248C50.7375 20.148 51 21.148 51 22.248V39.498C51 40.598 50.7375 41.598 50.2125 42.498C49.6875 43.398 48.95 44.1231 48 44.673L33 53.298C32.05 53.848 31.05 54.123 30 54.123C28.95 54.123 27.95 53.848 27 53.298ZM27 46.398V32.598L15 25.623V39.498L27 46.398ZM33 46.398L45 39.498V25.623L33 32.598V46.398ZM0 15.873V6.87305C0 5.22305 0.5875 3.81055 1.7625 2.63555C2.9375 1.46055 4.35 0.873047 6 0.873047H15V6.87305H6V15.873H0ZM15 60.873H6C4.35 60.873 2.9375 60.2855 1.7625 59.1105C0.5875 57.9355 0 56.523 0 54.873V45.8731H6V54.873H15V60.873ZM45 60.873V54.873H54V45.8731H60V54.873C60 56.523 59.4125 57.9355 58.2375 59.1105C57.0625 60.2855 55.65 60.873 54 60.873H45ZM54 15.873V6.87305H45V0.873047H54C55.65 0.873047 57.0625 1.46055 58.2375 2.63555C59.4125 3.81055 60 5.22305 60 6.87305V15.873H54ZM30 27.423L41.85 20.448L30 13.623L18.15 20.448L30 27.423Z\"\n    fill=\"currentColor\" \/>\n<\/svg>\n        <\/button>\n                  <p class=\"text-base text-center\">Guarda<\/p>\n              <\/div>\n    <\/div>\n    <div id=\"embed-69f5c6811371b\"\n  class=\"fixed inset-0 z-50 hidden w-screen h-screen opacity-0 pointer-events-none modal embed-container\"\n  tabindex=\"-1\" role=\"dialog\">\n  <div class=\"absolute w-full h-full bg-black opacity-75 modal-overlay\"><\/div>\n  <div\n    class=\"absolute z-30 w-11\/12 mx-auto overflow-y-auto text-black bg-white shadow-lg modal-container center-xy md:max-w-4xl\"\n    role=\"document\">\n    <div class=\"flex items-center justify-between px-4 py-4 text-gray-700 border-b md:px-8\">\n      <h2 class=\"!mb-0 font-bold\">Guarda<\/h2>\n      <div class=\"z-50 flex flex-col items-center ml-auto cursor-pointer rtl:ml-0 rtl:mr-auto modal-close\">\n        <svg class=\"w-auto h-6\" width=\"18\" height=\"23\" xmlns=\"http:\/\/www.w3.org\/2000\/svg\">\n  <g stroke=\"currentColor\" fill=\"none\" fill-rule=\"evenodd\" stroke-linecap=\"square\">\n    <path d=\"M.7248.974l16.1076 20.6167M16.655 1.2654L.9097 22.1601\" \/>\n  <\/g>\n<\/svg>        <div class=\"hidden\">Close<\/div>\n      <\/div>\n    <\/div>\n    <div class=\"px-4 py-8 overflow-y-auto max-h-modal md:px-8 modal-content\">\n      <div class=\"sketchfab-embed-wrapper\"> <iframe title=\"Nicodem del Davallament de Durro\" frameborder=\"0\" allowfullscreen mozallowfullscreen=\"true\" webkitallowfullscreen=\"true\" allow=\"autoplay; fullscreen; xr-spatial-tracking\" xr-spatial-tracking execution-while-out-of-viewport execution-while-not-rendered web-share src=\"https:\/\/sketchfab.com\/models\/161ecf0cea864332b192cebcfc5084ae\/embed?ui_infos=0\"> <\/iframe> <\/div>\n    <\/div>\n  <\/div>\n<\/div>\n  <\/div>\n\n\n<div class=\"flex flex-col gap-3 element text-block\">\n  <div class=\"flex items-center gap-6\">\n              <h2 class=\"text-2xl font-bold\">2f Ti aspettiamo!<\/h2>\n      <\/div>\n    <\/div>\n\n\n<section class=\"element audio-block\">\n  <div class=\"flex flex-col w-full gap-6\">\n    <div class=\"flex flex-col gap-3\">\n      <div class=\"flex gap-6\">\n                          <h2 class=\"text-2xl font-bold\">La visita continua<\/h2>\n              <\/div>\n          <\/div>\n    <div class=\"flex items-center justify-end gap-3\">\n              <div class=\"flex-1 audio-content\" dir=\"ltr\">\n          <audio id=\"audio-218d95172299f330b4cdb51a20db9e35\" data-label=\"La visita continua\"\n            data-category=\"NATIVITAT-DE-DURRO-IT-GENERAL-PLAY-CLOENDA.mp3\" class=\"hidden\" controls\n            src=\"https:\/\/guiesullsdelahistoria.cat\/app\/uploads\/2024\/11\/NATIVITAT-DE-DURRO-IT-GENERAL-PLAY-CLOENDA.mp3\"><\/audio>\n          <div class=\"flex items-center w-full gap-3 transition-opacity opacity-0 meta\">\n            <progress class=\"flex-1 border-0 appearance-none\" value=\"0\" max=\"1\"><\/progress>\n            <div class=\"text-sm text-center shrink-0 current-time w-9\"><\/div>\n                      <\/div>\n        <\/div>\n            <div class=\"flex flex-col items-center gap-2 shrink-1 audio-control\">\n        <button\n  class=\"flex items-center justify-center w-32 max-w-32 h-32 max-h-32 transition-[max-height,_max-width] bg-black rounded-full btn text-accent\"\n  data-target=\"#audio-218d95172299f330b4cdb51a20db9e35\">\n  <svg width=\"100%\" height=\"100%\" viewBox=\"0 0 36 36\" version=\"1.1\" xmlns=\"http:\/\/www.w3.org\/2000\/svg\" xmlns:xlink=\"http:\/\/www.w3.org\/1999\/xlink\">\n  <path id=\"ytp-12\" d=\"M11,10 L18,13.74 18,22.28 11,26 M18,13.74 L26,18 26,18 18,22.28\" fill=\"currentColor\">\n    <animate id=\"animation\" begin=\"indefinite\" attributeType=\"XML\" attributeName=\"d\" fill=\"freeze\" from=\"M11,10 L17,10 17,26 11,26 M20,10 L26,10 26,26 20,26\" to=\"M11,10 L18,13.74 18,22.28 11,26 M18,13.74 L26,18 26,18 18,22.28\" dur=\"0.1s\" keySplines=\".4 0 1 1\" repeatCount=\"1\" data-play=\"M11,10 L18,13.74 18,22.28 11,26 M18,13.74 L26,18 26,18 18,22.28\" data-pause=\"M11,10 L17,10 17,26 11,26 M20,10 L26,10 26,26 20,26\"><\/animate>\n  <\/path>\n<\/svg>\n<\/button>\n        <p class=\"text-base text-center\">Ascolta<\/p>\n      <\/div>\n    <\/div>\n\n    \n          <div class=\"flex flex-wrap justify-between gap-6 md:justify-start\">\n                  <button data-target=\"#transcription-218d95172299f330b4cdb51a20db9e35\" data-toggle=\"modal\" class=\"flex items-center gap-2\">\n            <svg class=\"w-6 h-6\" fill=\"none\" xmlns=\"http:\/\/www.w3.org\/2000\/svg\" viewBox=\"0 0 22 12\"><path d=\"M0 9.873v-6c0-.55.196-1.02.588-1.412A1.926 1.926 0 0 1 2 1.873h2c.55 0 1.02.196 1.412.588.392.391.588.862.588 1.412v6H4v-2H2v2H0Zm2-4h2v-2H2v2Zm6 4v-8h4c.55 0 1.02.196 1.412.588.392.391.588.862.588 1.412v4c0 .55-.196 1.021-.588 1.413A1.926 1.926 0 0 1 12 9.873H8Zm2-2h2v-4h-2v4Zm6.85.8-1.4-1.425c.183-.183.32-.391.413-.625.091-.233.137-.483.137-.75 0-.283-.046-.537-.137-.762a1.85 1.85 0 0 0-.413-.613l1.4-1.45c.367.367.65.792.85 1.275.2.484.3 1 .3 1.55s-.1 1.063-.3 1.538c-.2.475-.483.896-.85 1.262Zm2.825 2.825-1.45-1.375c.55-.55.983-1.187 1.3-1.912A5.775 5.775 0 0 0 20 5.873c0-.85-.158-1.633-.475-2.35a6.217 6.217 0 0 0-1.3-1.9l1.45-1.4a7.94 7.94 0 0 1 1.712 2.55c.409.967.613 2 .613 3.1s-.204 2.13-.613 3.088a7.977 7.977 0 0 1-1.712 2.537Z\" fill=\"#000\"\/><\/svg>            <span>Trascrizione<\/span>\n          <\/button>\n                      <\/div>\n      <\/div>\n\n      <div id=\"transcription-218d95172299f330b4cdb51a20db9e35\"\n  class=\"fixed inset-0 z-50 hidden w-screen h-screen opacity-0 pointer-events-none modal transcription\"\n  tabindex=\"-1\" role=\"dialog\">\n  <div class=\"absolute w-full h-full bg-black opacity-75 modal-overlay\"><\/div>\n  <div\n    class=\"absolute z-30 w-11\/12 mx-auto overflow-y-auto text-black bg-white shadow-lg modal-container center-xy md:max-w-4xl\"\n    role=\"document\">\n    <div class=\"flex items-center justify-between px-4 py-4 text-gray-700 border-b md:px-8\">\n      <h2 class=\"!mb-0 font-bold\">Trascrizione<\/h2>\n      <div class=\"z-50 flex flex-col items-center ml-auto cursor-pointer rtl:ml-0 rtl:mr-auto modal-close\">\n        <svg class=\"w-auto h-6\" width=\"18\" height=\"23\" xmlns=\"http:\/\/www.w3.org\/2000\/svg\">\n  <g stroke=\"currentColor\" fill=\"none\" fill-rule=\"evenodd\" stroke-linecap=\"square\">\n    <path d=\"M.7248.974l16.1076 20.6167M16.655 1.2654L.9097 22.1601\" \/>\n  <\/g>\n<\/svg>        <div class=\"hidden\">Close<\/div>\n      <\/div>\n    <\/div>\n    <div class=\"px-4 py-8 overflow-y-auto max-h-modal md:px-8 modal-content\">\n      <div class=\"mb-8 flex flex-col gap-1.5\">\n                      <h3 class=\"text-xl font-bold\">La visita continua<\/h3>\n                            <\/div>\n            <p>Qui termina la visita alla chiesa. Ora ti invitiamo a scoprire le altre, che compongono il complesso romanico della Vall de Bo\u00ed. Ti aspettiamo!<\/p>\n    <\/div>\n  <\/div>\n<\/div>\n    <\/section>\n\n\n<div class=\"flex flex-col gap-3 element text-block\">\n  <div class=\"flex items-center gap-6\">\n              <h2 class=\"text-2xl font-bold\">Chiusura<\/h2>\n      <\/div>\n        <div class=\"prose prose-lg\"><p>\u201c<em>Els Ulls de la Hist\u00f2ria<\/em>. Uno sguardo immersivo sul patrimonio\u201d \u00e8 un\u2019iniziativa dell\u2019Ag\u00e8ncia Catalana del Patrimoni Cultural, un progetto che incorpora altre voci e altri punti di vista sul nostro passato. Perch\u00e9 la storia la costruiamo tutti e tutte.<\/p>\n<\/div>\n  <\/div>\n\n<\/div>\n      <\/div>\n    <\/div>\n  <\/section>\n\n\n<section class=\"overflow-hidden section\" id=\"section-69f5c681264ee\" data-title=\"3. Sant Climent de Ta\u00fcll\">\n    <div class=\"container grid grid-cols-1 py-8 md:py-10 max-md:gap-y-8 md:grid-standard\">\n              <div class=\"flex gap-4 md:col-span-5\">\n                                <h2 class=\"text-8 font-headings\">3. Sant Climent de Ta\u00fcll<\/h2>\n                  <\/div>\n            <div class=\"flex flex-col gap-8 md:col-span-6 md:col-start-7 md:gap-10\">\n        <div class=\"acf-innerblocks-container\">\n<div class=\"flex flex-col gap-3 element text-block\">\n  <div class=\"flex items-center gap-6\">\n              <h2 class=\"text-2xl font-bold\">3a Introduzione<\/h2>\n      <\/div>\n    <\/div>\n\n\n<div class=\"flex flex-col gap-6 element image-block\">\n  <div class=\"flex flex-col gap-3\">\n      <\/div>\n      <figure>\n      <img loading=\"lazy\" decoding=\"async\" width=\"1032\" height=\"703\" src=\"https:\/\/guiesullsdelahistoria.cat\/app\/uploads\/2024\/11\/st.-climent-de-taull-1-1.jpg\" class=\"w-full h-auto\" alt=\"Vista generale dell\u2019esterno della chiesa di Sant Climent de Ta\u00fcll, con il cimitero e il campanile in primo piano e le montagne sullo sfondo.\" srcset=\"https:\/\/guiesullsdelahistoria.cat\/app\/uploads\/2024\/11\/st.-climent-de-taull-1-1.jpg 1032w, https:\/\/guiesullsdelahistoria.cat\/app\/uploads\/2024\/11\/st.-climent-de-taull-1-1-300x204.jpg 300w, https:\/\/guiesullsdelahistoria.cat\/app\/uploads\/2024\/11\/st.-climent-de-taull-1-1-1024x698.jpg 1024w, https:\/\/guiesullsdelahistoria.cat\/app\/uploads\/2024\/11\/st.-climent-de-taull-1-1-768x523.jpg 768w\" sizes=\"auto, (max-width: 1032px) 100vw, 1032px\" \/>\n              <figcaption class=\"pt-2 text-gray-800\">Vista generale di Sant Climent de Ta\u00fcll.<\/figcaption>\n          <\/figure>\n  <\/div>\n\n\n<section class=\"element audio-block\">\n  <div class=\"flex flex-col w-full gap-6\">\n    <div class=\"flex flex-col gap-3\">\n      <div class=\"flex gap-6\">\n                          <h2 class=\"text-2xl font-bold\">La Vall de Bo\u00ed e le sue chiese<\/h2>\n              <\/div>\n          <\/div>\n    <div class=\"flex items-center justify-end gap-3\">\n              <div class=\"flex-1 audio-content\" dir=\"ltr\">\n          <audio id=\"audio-d37ad3c776b394ea91e5419b321fcedc\" data-label=\"La Vall de Bo\u00ed e le sue chiese\"\n            data-category=\"SANT-CLIMENT-DE-TAULL-IT-GENERAL-PLAY-0.mp3\" class=\"hidden\" controls\n            src=\"https:\/\/guiesullsdelahistoria.cat\/app\/uploads\/2024\/11\/SANT-CLIMENT-DE-TAULL-IT-GENERAL-PLAY-0.mp3\"><\/audio>\n          <div class=\"flex items-center w-full gap-3 transition-opacity opacity-0 meta\">\n            <progress class=\"flex-1 border-0 appearance-none\" value=\"0\" max=\"1\"><\/progress>\n            <div class=\"text-sm text-center shrink-0 current-time w-9\"><\/div>\n                      <\/div>\n        <\/div>\n            <div class=\"flex flex-col items-center gap-2 shrink-1 audio-control\">\n        <button\n  class=\"flex items-center justify-center w-32 max-w-32 h-32 max-h-32 transition-[max-height,_max-width] bg-black rounded-full btn text-accent\"\n  data-target=\"#audio-d37ad3c776b394ea91e5419b321fcedc\">\n  <svg width=\"100%\" height=\"100%\" viewBox=\"0 0 36 36\" version=\"1.1\" xmlns=\"http:\/\/www.w3.org\/2000\/svg\" xmlns:xlink=\"http:\/\/www.w3.org\/1999\/xlink\">\n  <path id=\"ytp-12\" d=\"M11,10 L18,13.74 18,22.28 11,26 M18,13.74 L26,18 26,18 18,22.28\" fill=\"currentColor\">\n    <animate id=\"animation\" begin=\"indefinite\" attributeType=\"XML\" attributeName=\"d\" fill=\"freeze\" from=\"M11,10 L17,10 17,26 11,26 M20,10 L26,10 26,26 20,26\" to=\"M11,10 L18,13.74 18,22.28 11,26 M18,13.74 L26,18 26,18 18,22.28\" dur=\"0.1s\" keySplines=\".4 0 1 1\" repeatCount=\"1\" data-play=\"M11,10 L18,13.74 18,22.28 11,26 M18,13.74 L26,18 26,18 18,22.28\" data-pause=\"M11,10 L17,10 17,26 11,26 M20,10 L26,10 26,26 20,26\"><\/animate>\n  <\/path>\n<\/svg>\n<\/button>\n        <p class=\"text-base text-center\">Ascolta<\/p>\n      <\/div>\n    <\/div>\n\n    \n          <div class=\"flex flex-wrap justify-between gap-6 md:justify-start\">\n                  <button data-target=\"#transcription-d37ad3c776b394ea91e5419b321fcedc\" data-toggle=\"modal\" class=\"flex items-center gap-2\">\n            <svg class=\"w-6 h-6\" fill=\"none\" xmlns=\"http:\/\/www.w3.org\/2000\/svg\" viewBox=\"0 0 22 12\"><path d=\"M0 9.873v-6c0-.55.196-1.02.588-1.412A1.926 1.926 0 0 1 2 1.873h2c.55 0 1.02.196 1.412.588.392.391.588.862.588 1.412v6H4v-2H2v2H0Zm2-4h2v-2H2v2Zm6 4v-8h4c.55 0 1.02.196 1.412.588.392.391.588.862.588 1.412v4c0 .55-.196 1.021-.588 1.413A1.926 1.926 0 0 1 12 9.873H8Zm2-2h2v-4h-2v4Zm6.85.8-1.4-1.425c.183-.183.32-.391.413-.625.091-.233.137-.483.137-.75 0-.283-.046-.537-.137-.762a1.85 1.85 0 0 0-.413-.613l1.4-1.45c.367.367.65.792.85 1.275.2.484.3 1 .3 1.55s-.1 1.063-.3 1.538c-.2.475-.483.896-.85 1.262Zm2.825 2.825-1.45-1.375c.55-.55.983-1.187 1.3-1.912A5.775 5.775 0 0 0 20 5.873c0-.85-.158-1.633-.475-2.35a6.217 6.217 0 0 0-1.3-1.9l1.45-1.4a7.94 7.94 0 0 1 1.712 2.55c.409.967.613 2 .613 3.1s-.204 2.13-.613 3.088a7.977 7.977 0 0 1-1.712 2.537Z\" fill=\"#000\"\/><\/svg>            <span>Trascrizione<\/span>\n          <\/button>\n                      <\/div>\n      <\/div>\n\n      <div id=\"transcription-d37ad3c776b394ea91e5419b321fcedc\"\n  class=\"fixed inset-0 z-50 hidden w-screen h-screen opacity-0 pointer-events-none modal transcription\"\n  tabindex=\"-1\" role=\"dialog\">\n  <div class=\"absolute w-full h-full bg-black opacity-75 modal-overlay\"><\/div>\n  <div\n    class=\"absolute z-30 w-11\/12 mx-auto overflow-y-auto text-black bg-white shadow-lg modal-container center-xy md:max-w-4xl\"\n    role=\"document\">\n    <div class=\"flex items-center justify-between px-4 py-4 text-gray-700 border-b md:px-8\">\n      <h2 class=\"!mb-0 font-bold\">Trascrizione<\/h2>\n      <div class=\"z-50 flex flex-col items-center ml-auto cursor-pointer rtl:ml-0 rtl:mr-auto modal-close\">\n        <svg class=\"w-auto h-6\" width=\"18\" height=\"23\" xmlns=\"http:\/\/www.w3.org\/2000\/svg\">\n  <g stroke=\"currentColor\" fill=\"none\" fill-rule=\"evenodd\" stroke-linecap=\"square\">\n    <path d=\"M.7248.974l16.1076 20.6167M16.655 1.2654L.9097 22.1601\" \/>\n  <\/g>\n<\/svg>        <div class=\"hidden\">Close<\/div>\n      <\/div>\n    <\/div>\n    <div class=\"px-4 py-8 overflow-y-auto max-h-modal md:px-8 modal-content\">\n      <div class=\"mb-8 flex flex-col gap-1.5\">\n                      <h3 class=\"text-xl font-bold\">La Vall de Bo\u00ed e le sue chiese<\/h3>\n                            <\/div>\n            <p>Ti diamo il benvenuto nella Vall de Bo\u00ed e ti invitiamo a scoprire il suo straordinario complesso di chiese, considerato una delle massime espressioni dell\u2019arte romanica catalana e iscritto nel 2000 nell\u2019Elenco del Patrimonio Mondiale dell&#8217;UNESCO.<br \/>\nIl complesso romanico della Vall de Bo\u00ed \u00e8 composto da nove chiese: Sant Climent e Santa Maria di Ta\u00fcll, Sant Joan di Bo\u00ed, Santa Eul\u00e0lia di Erill la Vall, Sant Feliu di Barruera, la Nativitat e Sant Quirc di Durro, Santa Maria di Cardet e l&#8217;Assumpci\u00f3 di C\u00f3ll.<br \/>\nMa cosa accomuna queste chiese? Perch\u00e9 sono cos\u00ec uniche? Qual \u00e8 la loro storia?<br \/>\nFurono tutte costruite tra l\u2019XI e il XII secolo, in un periodo di potere e prosperit\u00e0 economica per la nobilt\u00e0 locale, e condividono lo stesso stile architettonico, il romanico, diffuso in tutta Europa.<br \/>\nOggigiorno, la gran parte di dipinti, sculture e mobili \u00e8 conservata in diversi musei catalani, in particolare nel Museu Nacional d\u2019Art de Catalunya. Tuttavia, alcune chiese conservano importanti frammenti di dipinti murali e sculture originali, oltre a riproduzioni delle opere custodite nei musei.<br \/>\nGrazie a questa guida scoprirai il valore eccezionale di questo complesso romanico e potrai conoscere ognuna delle nove chiese, con i loro segreti e le loro curiosit\u00e0.<br \/>\nUn ultimo avvertimento! Queste montagne sono misteriose, e le parole delle persone che le hanno abitate sono spesso intrappolate nelle valli e risuonano nel tempo come un\u2019eco impercettibile. Questa guida \u00e8 dotata di un sensore che si attiva ogni volta che ne rileva una. Non spaventarti e continua ad ascoltare.<\/p>\n<p>Per iniziare la visita, vai alla parte posteriore della chiesa.<\/p>\n    <\/div>\n  <\/div>\n<\/div>\n    <\/section>\n\n\n<div class=\"flex flex-col gap-3 element text-block\">\n  <div class=\"flex items-center gap-6\">\n              <h2 class=\"text-2xl font-bold\">3b Abside<\/h2>\n      <\/div>\n    <\/div>\n\n\n<div class=\"flex flex-col gap-6 element image-block\">\n  <div class=\"flex flex-col gap-3\">\n      <\/div>\n      <figure>\n      <img loading=\"lazy\" decoding=\"async\" width=\"800\" height=\"600\" src=\"https:\/\/guiesullsdelahistoria.cat\/app\/uploads\/2024\/11\/val-de-boi_0107.jpg\" class=\"w-full h-auto\" alt=\"Vista esterna della chiesa di Sant Climent de Ta\u00fcll dal retro con le tre absidi in primo piano.\" srcset=\"https:\/\/guiesullsdelahistoria.cat\/app\/uploads\/2024\/11\/val-de-boi_0107.jpg 800w, https:\/\/guiesullsdelahistoria.cat\/app\/uploads\/2024\/11\/val-de-boi_0107-300x225.jpg 300w, https:\/\/guiesullsdelahistoria.cat\/app\/uploads\/2024\/11\/val-de-boi_0107-768x576.jpg 768w\" sizes=\"auto, (max-width: 800px) 100vw, 800px\" \/>\n              <figcaption class=\"pt-2 text-gray-800\">Abside di Sant Climent de Ta\u00fcll.<\/figcaption>\n          <\/figure>\n  <\/div>\n\n\n<section class=\"element audio-block\">\n  <div class=\"flex flex-col w-full gap-6\">\n    <div class=\"flex flex-col gap-3\">\n      <div class=\"flex gap-6\">\n                          <h2 class=\"text-2xl font-bold\">La pietra e le decorazioni<\/h2>\n              <\/div>\n          <\/div>\n    <div class=\"flex items-center justify-end gap-3\">\n              <div class=\"flex-1 audio-content\" dir=\"ltr\">\n          <audio id=\"audio-33ff577c4b8cb58e3c0f24270c1c0a86\" data-label=\"La pietra e le decorazioni\"\n            data-category=\"SANT-CLIMENT-DE-TAULL-IT-GENERAL-PLAY-1.mp3\" class=\"hidden\" controls\n            src=\"https:\/\/guiesullsdelahistoria.cat\/app\/uploads\/2024\/11\/SANT-CLIMENT-DE-TAULL-IT-GENERAL-PLAY-1.mp3\"><\/audio>\n          <div class=\"flex items-center w-full gap-3 transition-opacity opacity-0 meta\">\n            <progress class=\"flex-1 border-0 appearance-none\" value=\"0\" max=\"1\"><\/progress>\n            <div class=\"text-sm text-center shrink-0 current-time w-9\"><\/div>\n                      <\/div>\n        <\/div>\n            <div class=\"flex flex-col items-center gap-2 shrink-1 audio-control\">\n        <button\n  class=\"flex items-center justify-center w-32 max-w-32 h-32 max-h-32 transition-[max-height,_max-width] bg-black rounded-full btn text-accent\"\n  data-target=\"#audio-33ff577c4b8cb58e3c0f24270c1c0a86\">\n  <svg width=\"100%\" height=\"100%\" viewBox=\"0 0 36 36\" version=\"1.1\" xmlns=\"http:\/\/www.w3.org\/2000\/svg\" xmlns:xlink=\"http:\/\/www.w3.org\/1999\/xlink\">\n  <path id=\"ytp-12\" d=\"M11,10 L18,13.74 18,22.28 11,26 M18,13.74 L26,18 26,18 18,22.28\" fill=\"currentColor\">\n    <animate id=\"animation\" begin=\"indefinite\" attributeType=\"XML\" attributeName=\"d\" fill=\"freeze\" from=\"M11,10 L17,10 17,26 11,26 M20,10 L26,10 26,26 20,26\" to=\"M11,10 L18,13.74 18,22.28 11,26 M18,13.74 L26,18 26,18 18,22.28\" dur=\"0.1s\" keySplines=\".4 0 1 1\" repeatCount=\"1\" data-play=\"M11,10 L18,13.74 18,22.28 11,26 M18,13.74 L26,18 26,18 18,22.28\" data-pause=\"M11,10 L17,10 17,26 11,26 M20,10 L26,10 26,26 20,26\"><\/animate>\n  <\/path>\n<\/svg>\n<\/button>\n        <p class=\"text-base text-center\">Ascolta<\/p>\n      <\/div>\n    <\/div>\n\n    \n          <div class=\"flex flex-wrap justify-between gap-6 md:justify-start\">\n                  <button data-target=\"#transcription-33ff577c4b8cb58e3c0f24270c1c0a86\" data-toggle=\"modal\" class=\"flex items-center gap-2\">\n            <svg class=\"w-6 h-6\" fill=\"none\" xmlns=\"http:\/\/www.w3.org\/2000\/svg\" viewBox=\"0 0 22 12\"><path d=\"M0 9.873v-6c0-.55.196-1.02.588-1.412A1.926 1.926 0 0 1 2 1.873h2c.55 0 1.02.196 1.412.588.392.391.588.862.588 1.412v6H4v-2H2v2H0Zm2-4h2v-2H2v2Zm6 4v-8h4c.55 0 1.02.196 1.412.588.392.391.588.862.588 1.412v4c0 .55-.196 1.021-.588 1.413A1.926 1.926 0 0 1 12 9.873H8Zm2-2h2v-4h-2v4Zm6.85.8-1.4-1.425c.183-.183.32-.391.413-.625.091-.233.137-.483.137-.75 0-.283-.046-.537-.137-.762a1.85 1.85 0 0 0-.413-.613l1.4-1.45c.367.367.65.792.85 1.275.2.484.3 1 .3 1.55s-.1 1.063-.3 1.538c-.2.475-.483.896-.85 1.262Zm2.825 2.825-1.45-1.375c.55-.55.983-1.187 1.3-1.912A5.775 5.775 0 0 0 20 5.873c0-.85-.158-1.633-.475-2.35a6.217 6.217 0 0 0-1.3-1.9l1.45-1.4a7.94 7.94 0 0 1 1.712 2.55c.409.967.613 2 .613 3.1s-.204 2.13-.613 3.088a7.977 7.977 0 0 1-1.712 2.537Z\" fill=\"#000\"\/><\/svg>            <span>Trascrizione<\/span>\n          <\/button>\n                      <\/div>\n      <\/div>\n\n      <div id=\"transcription-33ff577c4b8cb58e3c0f24270c1c0a86\"\n  class=\"fixed inset-0 z-50 hidden w-screen h-screen opacity-0 pointer-events-none modal transcription\"\n  tabindex=\"-1\" role=\"dialog\">\n  <div class=\"absolute w-full h-full bg-black opacity-75 modal-overlay\"><\/div>\n  <div\n    class=\"absolute z-30 w-11\/12 mx-auto overflow-y-auto text-black bg-white shadow-lg modal-container center-xy md:max-w-4xl\"\n    role=\"document\">\n    <div class=\"flex items-center justify-between px-4 py-4 text-gray-700 border-b md:px-8\">\n      <h2 class=\"!mb-0 font-bold\">Trascrizione<\/h2>\n      <div class=\"z-50 flex flex-col items-center ml-auto cursor-pointer rtl:ml-0 rtl:mr-auto modal-close\">\n        <svg class=\"w-auto h-6\" width=\"18\" height=\"23\" xmlns=\"http:\/\/www.w3.org\/2000\/svg\">\n  <g stroke=\"currentColor\" fill=\"none\" fill-rule=\"evenodd\" stroke-linecap=\"square\">\n    <path d=\"M.7248.974l16.1076 20.6167M16.655 1.2654L.9097 22.1601\" \/>\n  <\/g>\n<\/svg>        <div class=\"hidden\">Close<\/div>\n      <\/div>\n    <\/div>\n    <div class=\"px-4 py-8 overflow-y-auto max-h-modal md:px-8 modal-content\">\n      <div class=\"mb-8 flex flex-col gap-1.5\">\n                      <h3 class=\"text-xl font-bold\">La pietra e le decorazioni<\/h3>\n                            <\/div>\n            <p>La chiesa di Sant Climent \u00e8 forse la pi\u00f9 conosciuta di tutte le chiese di La Vall. Questo perch\u00e9 al suo interno si trovano dipinti che sono diventati famosi per la loro qualit\u00e0 e bellezza. Sicuramente ne avrai gi\u00e0 sentito parlare. Ma questa chiesa \u00e8 interessante sia dentro che fuori.<br \/>\nNello spazio ora occupato dalla chiesa di Sant Climent di Ta\u00fcll, in origine c\u2019era un\u2019altra chiesa, risalente all\u2019XI secolo. Di quella costruzione rimangono solo alcune parti, come i conci di pietra della parte inferiore delle tre absidi e delle facciate laterali.<br \/>\nLa chiesa attuale, quella che si vede ora, fu costruita nel primo quarto del XII secolo sui resti di quel tempio primitivo.<br \/>\nAnche qui si possono distinguere i tre tipi di pietra pi\u00f9 comunemente utilizzati nella costruzione delle chiese di La Vall: il granito per le pareti, l\u2019ardesia per i tetti e la pietra pomice per le decorazioni.<br \/>\nLe tre absidi sono decorate con vari motivi romanici, anche se di epoche diverse. L\u2019abside centrale \u00e8 decorata da gruppi di quattro archi ciechi doppi, separati da semicolonne adiacenti. <\/p>\n<p>Sopra di essi corre un fregio a denti di sega. Vedrai che questi elementi ornamentali sono molto diversi dalle pietre sottostanti perch\u00e9 sono pi\u00f9 rossastri; ci\u00f2 \u00e8 dovuto al fatto che sono tagliati dalla pietra pomice, un materiale morbido e facile da lavorare. I conci, invece, sono fatti di granito, molto pi\u00f9 duro, e per questo si sono conservati meglio nel tempo.<br \/>\nQuesta chiesa, come le altre chiese del complesso romanico, era intonacata all\u2019esterno, quindi non erano visibili conci o pietre. Resti dell\u2019intonaco, con le linee rosse della decorazione originaria, sono ancora conservati in pi\u00f9 punti, come nella parte interna della piccola finestra rotonda o obl\u00f2 della parte laterale dell\u2019abside centrale, nella finestra allungata attigua e in qualche finestra sul lato est.<br \/>\nRimangono alcuni resti anche in diverse finestre del campanile. Li puoi vedere, ad esempio, sotto il fregio a denti di sega del penultimo piano.<br \/>\nProprio nel campanile di Sant Climent si pu\u00f2 vedere chiaramente come furono costruite queste torri: alleggerendo i piani superiori, restringendo le pareti interne e allargando progressivamente le aperture delle finestre.<br \/>\nQuando avrai terminato di osservare il campanile, entra nella chiesa per continuare la visita.<\/p>\n    <\/div>\n  <\/div>\n<\/div>\n    <\/section>\n\n\n<div class=\"flex flex-col gap-3 element text-block\">\n  <div class=\"flex items-center gap-6\">\n              <h2 class=\"text-2xl font-bold\">3c Base della navata centrale<\/h2>\n      <\/div>\n    <\/div>\n\n\n<div class=\"flex flex-col gap-6 element image-block\">\n  <div class=\"flex flex-col gap-3\">\n      <\/div>\n      <figure>\n      <img loading=\"lazy\" decoding=\"async\" width=\"1446\" height=\"962\" src=\"https:\/\/guiesullsdelahistoria.cat\/app\/uploads\/2024\/11\/Vista-general-interior-Sant-Climent.jpg\" class=\"w-full h-auto\" alt=\"Vista generale delle tre navate all\u2019interno della chiesa di Sant Climent de Ta\u00fcll, da una vista elevata della base della navata centrale e con l\u2019altare sullo sfondo.\" srcset=\"https:\/\/guiesullsdelahistoria.cat\/app\/uploads\/2024\/11\/Vista-general-interior-Sant-Climent.jpg 1446w, https:\/\/guiesullsdelahistoria.cat\/app\/uploads\/2024\/11\/Vista-general-interior-Sant-Climent-300x200.jpg 300w, https:\/\/guiesullsdelahistoria.cat\/app\/uploads\/2024\/11\/Vista-general-interior-Sant-Climent-1024x681.jpg 1024w, https:\/\/guiesullsdelahistoria.cat\/app\/uploads\/2024\/11\/Vista-general-interior-Sant-Climent-768x511.jpg 768w\" sizes=\"auto, (max-width: 1446px) 100vw, 1446px\" \/>\n              <figcaption class=\"pt-2 text-gray-800\">Vista generale dell\u2019interno di Sant Climent de Ta\u00fcll.<\/figcaption>\n          <\/figure>\n  <\/div>\n\n\n<section class=\"element audio-block\">\n  <div class=\"flex flex-col w-full gap-6\">\n    <div class=\"flex flex-col gap-3\">\n      <div class=\"flex gap-6\">\n                          <h2 class=\"text-2xl font-bold\">Elementi architettonici<\/h2>\n              <\/div>\n          <\/div>\n    <div class=\"flex items-center justify-end gap-3\">\n              <div class=\"flex-1 audio-content\" dir=\"ltr\">\n          <audio id=\"audio-38459e207813a4d7eff2ceb376fdb07e\" data-label=\"Elementi architettonici\"\n            data-category=\"SANT-CLIMENT-DE-TAULL-IT-GENERAL-PLAY-2.mp3\" class=\"hidden\" controls\n            src=\"https:\/\/guiesullsdelahistoria.cat\/app\/uploads\/2024\/11\/SANT-CLIMENT-DE-TAULL-IT-GENERAL-PLAY-2.mp3\"><\/audio>\n          <div class=\"flex items-center w-full gap-3 transition-opacity opacity-0 meta\">\n            <progress class=\"flex-1 border-0 appearance-none\" value=\"0\" max=\"1\"><\/progress>\n            <div class=\"text-sm text-center shrink-0 current-time w-9\"><\/div>\n                      <\/div>\n        <\/div>\n            <div class=\"flex flex-col items-center gap-2 shrink-1 audio-control\">\n        <button\n  class=\"flex items-center justify-center w-32 max-w-32 h-32 max-h-32 transition-[max-height,_max-width] bg-black rounded-full btn text-accent\"\n  data-target=\"#audio-38459e207813a4d7eff2ceb376fdb07e\">\n  <svg width=\"100%\" height=\"100%\" viewBox=\"0 0 36 36\" version=\"1.1\" xmlns=\"http:\/\/www.w3.org\/2000\/svg\" xmlns:xlink=\"http:\/\/www.w3.org\/1999\/xlink\">\n  <path id=\"ytp-12\" d=\"M11,10 L18,13.74 18,22.28 11,26 M18,13.74 L26,18 26,18 18,22.28\" fill=\"currentColor\">\n    <animate id=\"animation\" begin=\"indefinite\" attributeType=\"XML\" attributeName=\"d\" fill=\"freeze\" from=\"M11,10 L17,10 17,26 11,26 M20,10 L26,10 26,26 20,26\" to=\"M11,10 L18,13.74 18,22.28 11,26 M18,13.74 L26,18 26,18 18,22.28\" dur=\"0.1s\" keySplines=\".4 0 1 1\" repeatCount=\"1\" data-play=\"M11,10 L18,13.74 18,22.28 11,26 M18,13.74 L26,18 26,18 18,22.28\" data-pause=\"M11,10 L17,10 17,26 11,26 M20,10 L26,10 26,26 20,26\"><\/animate>\n  <\/path>\n<\/svg>\n<\/button>\n        <p class=\"text-base text-center\">Ascolta<\/p>\n      <\/div>\n    <\/div>\n\n    \n          <div class=\"flex flex-wrap justify-between gap-6 md:justify-start\">\n                  <button data-target=\"#transcription-38459e207813a4d7eff2ceb376fdb07e\" data-toggle=\"modal\" class=\"flex items-center gap-2\">\n            <svg class=\"w-6 h-6\" fill=\"none\" xmlns=\"http:\/\/www.w3.org\/2000\/svg\" viewBox=\"0 0 22 12\"><path d=\"M0 9.873v-6c0-.55.196-1.02.588-1.412A1.926 1.926 0 0 1 2 1.873h2c.55 0 1.02.196 1.412.588.392.391.588.862.588 1.412v6H4v-2H2v2H0Zm2-4h2v-2H2v2Zm6 4v-8h4c.55 0 1.02.196 1.412.588.392.391.588.862.588 1.412v4c0 .55-.196 1.021-.588 1.413A1.926 1.926 0 0 1 12 9.873H8Zm2-2h2v-4h-2v4Zm6.85.8-1.4-1.425c.183-.183.32-.391.413-.625.091-.233.137-.483.137-.75 0-.283-.046-.537-.137-.762a1.85 1.85 0 0 0-.413-.613l1.4-1.45c.367.367.65.792.85 1.275.2.484.3 1 .3 1.55s-.1 1.063-.3 1.538c-.2.475-.483.896-.85 1.262Zm2.825 2.825-1.45-1.375c.55-.55.983-1.187 1.3-1.912A5.775 5.775 0 0 0 20 5.873c0-.85-.158-1.633-.475-2.35a6.217 6.217 0 0 0-1.3-1.9l1.45-1.4a7.94 7.94 0 0 1 1.712 2.55c.409.967.613 2 .613 3.1s-.204 2.13-.613 3.088a7.977 7.977 0 0 1-1.712 2.537Z\" fill=\"#000\"\/><\/svg>            <span>Trascrizione<\/span>\n          <\/button>\n                      <\/div>\n      <\/div>\n\n      <div id=\"transcription-38459e207813a4d7eff2ceb376fdb07e\"\n  class=\"fixed inset-0 z-50 hidden w-screen h-screen opacity-0 pointer-events-none modal transcription\"\n  tabindex=\"-1\" role=\"dialog\">\n  <div class=\"absolute w-full h-full bg-black opacity-75 modal-overlay\"><\/div>\n  <div\n    class=\"absolute z-30 w-11\/12 mx-auto overflow-y-auto text-black bg-white shadow-lg modal-container center-xy md:max-w-4xl\"\n    role=\"document\">\n    <div class=\"flex items-center justify-between px-4 py-4 text-gray-700 border-b md:px-8\">\n      <h2 class=\"!mb-0 font-bold\">Trascrizione<\/h2>\n      <div class=\"z-50 flex flex-col items-center ml-auto cursor-pointer rtl:ml-0 rtl:mr-auto modal-close\">\n        <svg class=\"w-auto h-6\" width=\"18\" height=\"23\" xmlns=\"http:\/\/www.w3.org\/2000\/svg\">\n  <g stroke=\"currentColor\" fill=\"none\" fill-rule=\"evenodd\" stroke-linecap=\"square\">\n    <path d=\"M.7248.974l16.1076 20.6167M16.655 1.2654L.9097 22.1601\" \/>\n  <\/g>\n<\/svg>        <div class=\"hidden\">Close<\/div>\n      <\/div>\n    <\/div>\n    <div class=\"px-4 py-8 overflow-y-auto max-h-modal md:px-8 modal-content\">\n      <div class=\"mb-8 flex flex-col gap-1.5\">\n                      <h3 class=\"text-xl font-bold\">Elementi architettonici<\/h3>\n                            <\/div>\n            <p>La chiesa di Sant Climent \u00e8 a pianta basilicale, cio\u00e8 con una navata centrale allungata e due navate laterali separate da pilastri cilindrici. Il presbiterio \u00e8 formato da un\u2019abside principale e da due cappelle radiali, o absidi secondarie, poste ai lati dell\u2019abside centrale.<br \/>\nSu uno dei pilastri pi\u00f9 vicini all\u2019abside, quello di sinistra, era dipinta l\u2019iscrizione con la data di consacrazione della chiesa. In quell\u2019iscrizione si leggeva che fu consacrata il 10 dicembre 1123 da Ramon Guillem, vescovo di Roda-Barbastro, appena un giorno prima di quella di Santa Maria di Ta\u00fcll.<br \/>\nMa ci\u00f2 che pi\u00f9 risalta di questa chiesa \u00e8 un\u2019immagine che sicuramente gi\u00e0 conosci perch\u00e9 l\u2019avrai vista rappresentata pi\u00f9 volte in vari luoghi. Si tratta della Maiestas Domini di Ta\u00fcll, una delle immagini pi\u00f9 emblematiche del romanico catalano. Va detto che quello che vedi adesso \u00e8 una proiezione di quanto \u00e8 arrivato ai nostri giorni; questi dipinti furono rimossi per evitare saccheggi e sono oggi esposti al Museu Nacional d\u2019Art de Catalunya. Dopo il videomapping, e per qualche minuto, potrai vedere i resti della pittura originaria che restano nell\u2019abside. Presso il Centro di interpretazione di Erill la Vall potrai scoprire le circostanze che hanno portato al trasferimento di queste opere.<\/p>\n<p><em>Suono di interferenze<\/em>.<br \/>\n<strong>Maestro di Ta\u00fcll<\/strong>: Perch\u00e9 mi avete fatto chiamare, Eccellenza e reverendissimo signore?<br \/>\n<strong>Vescovo:<\/strong> Sono un grande ammiratore dei dipinti che avete realizzato a Roda da Is\u00e1bena e della maestosit\u00e0 e armonia delle Vostre rappresentazioni di Cristo.<br \/>\n<strong>Maestro di Ta\u00fcll<\/strong>: Vi ringrazio per queste Vostre parole. Anche io sono rimasto stupito da questa chiesa appena costruita.<br \/>\n<strong>Vescovo:<\/strong> S\u00ec, sono stati compiuti molti sforzi. Ma adesso \u00e8 il momento di decorarla. Andr\u00f2 al sodo: ho pensato che un maestro come Voi avrebbe dato alla chiesa di Sant Climent di Ta\u00fcll tutto lo splendore che merita.<br \/>\n<strong>Maestro<\/strong> <strong>di Ta\u00fcll:<\/strong> Io? Non so cosa dire. Sar\u00e0 un onore e, allo stesso tempo, una responsabilit\u00e0. Tutte queste pareti&#8230;<br \/>\n<strong>Vescovo:<\/strong> Voglio la perfezione dei volti che dipingete. Voglio che chiunque entri in questa chiesa senta la potenza di Cristo nella sua figura trionfante.<br \/>\n<strong>Maestro di Ta\u00fcll<\/strong>: E cosa avete in mente, Eccellenza?<br \/>\n<strong>Vescovo:<\/strong> Voglio una Maiestas Domini di grandi dimensioni nell\u2019abside principale. La pi\u00f9 bella che sia mai stata dipinta.<br \/>\n<strong>Maestro di Ta\u00fcll<\/strong>: D\u2019accordo! Quando posso iniziare?<br \/>\n<em>Suono di interferenze.<br \/>\n<\/em><br \/>\nPer conoscere tutti i segreti della Maiestas Domini, mettiti davanti alla prima fila di panche.<\/p>\n    <\/div>\n  <\/div>\n<\/div>\n    <\/section>\n\n\n<div class=\"flex flex-col gap-3 element text-block\">\n  <div class=\"flex items-center gap-6\">\n              <h2 class=\"text-2xl font-bold\">3d Davanti alle panche<\/h2>\n      <\/div>\n    <\/div>\n\n\n<div class=\"flex flex-col gap-6 element image-block\">\n  <div class=\"flex flex-col gap-3\">\n      <\/div>\n      <figure>\n      <img loading=\"lazy\" decoding=\"async\" width=\"368\" height=\"472\" src=\"https:\/\/guiesullsdelahistoria.cat\/app\/uploads\/2024\/11\/Sant_Climent_de_Taull_pintures_absis.jpg\" class=\"w-full h-auto\" alt=\"Dipinti originali dell\u2019abside centrale della chiesa di Sant Climent de Ta\u00fcll con la Maiestas Domini al centro, conservati nel Museu Nacional d\u2019Art de Catalunya.\" srcset=\"https:\/\/guiesullsdelahistoria.cat\/app\/uploads\/2024\/11\/Sant_Climent_de_Taull_pintures_absis.jpg 368w, https:\/\/guiesullsdelahistoria.cat\/app\/uploads\/2024\/11\/Sant_Climent_de_Taull_pintures_absis-234x300.jpg 234w\" sizes=\"auto, (max-width: 368px) 100vw, 368px\" \/>\n              <figcaption class=\"pt-2 text-gray-800\">Dipinti originali dell\u2019abside centrale di Sant Climent de Ta\u00fcll conservati nel Museu Nacional d\u2019Art de Catalunya<\/figcaption>\n          <\/figure>\n  <\/div>\n\n\n<section class=\"element audio-block\">\n  <div class=\"flex flex-col w-full gap-6\">\n    <div class=\"flex flex-col gap-3\">\n      <div class=\"flex gap-6\">\n                          <h2 class=\"text-2xl font-bold\"><em>Maiestas Domini<\/em><\/h2>\n              <\/div>\n          <\/div>\n    <div class=\"flex items-center justify-end gap-3\">\n              <div class=\"flex-1 audio-content\" dir=\"ltr\">\n          <audio id=\"audio-f290c7ab39bff5b380873bfc2a826ca2\" data-label=\"Maiestas Domini\"\n            data-category=\"SANT-CLIMENT-DE-TAULL-IT-GENERAL-PLAY-3.mp3\" class=\"hidden\" controls\n            src=\"https:\/\/guiesullsdelahistoria.cat\/app\/uploads\/2024\/11\/SANT-CLIMENT-DE-TAULL-IT-GENERAL-PLAY-3.mp3\"><\/audio>\n          <div class=\"flex items-center w-full gap-3 transition-opacity opacity-0 meta\">\n            <progress class=\"flex-1 border-0 appearance-none\" value=\"0\" max=\"1\"><\/progress>\n            <div class=\"text-sm text-center shrink-0 current-time w-9\"><\/div>\n                      <\/div>\n        <\/div>\n            <div class=\"flex flex-col items-center gap-2 shrink-1 audio-control\">\n        <button\n  class=\"flex items-center justify-center w-32 max-w-32 h-32 max-h-32 transition-[max-height,_max-width] bg-black rounded-full btn text-accent\"\n  data-target=\"#audio-f290c7ab39bff5b380873bfc2a826ca2\">\n  <svg width=\"100%\" height=\"100%\" viewBox=\"0 0 36 36\" version=\"1.1\" xmlns=\"http:\/\/www.w3.org\/2000\/svg\" xmlns:xlink=\"http:\/\/www.w3.org\/1999\/xlink\">\n  <path id=\"ytp-12\" d=\"M11,10 L18,13.74 18,22.28 11,26 M18,13.74 L26,18 26,18 18,22.28\" fill=\"currentColor\">\n    <animate id=\"animation\" begin=\"indefinite\" attributeType=\"XML\" attributeName=\"d\" fill=\"freeze\" from=\"M11,10 L17,10 17,26 11,26 M20,10 L26,10 26,26 20,26\" to=\"M11,10 L18,13.74 18,22.28 11,26 M18,13.74 L26,18 26,18 18,22.28\" dur=\"0.1s\" keySplines=\".4 0 1 1\" repeatCount=\"1\" data-play=\"M11,10 L18,13.74 18,22.28 11,26 M18,13.74 L26,18 26,18 18,22.28\" data-pause=\"M11,10 L17,10 17,26 11,26 M20,10 L26,10 26,26 20,26\"><\/animate>\n  <\/path>\n<\/svg>\n<\/button>\n        <p class=\"text-base text-center\">Ascolta<\/p>\n      <\/div>\n    <\/div>\n\n    \n          <div class=\"flex flex-wrap justify-between gap-6 md:justify-start\">\n                  <button data-target=\"#transcription-f290c7ab39bff5b380873bfc2a826ca2\" data-toggle=\"modal\" class=\"flex items-center gap-2\">\n            <svg class=\"w-6 h-6\" fill=\"none\" xmlns=\"http:\/\/www.w3.org\/2000\/svg\" viewBox=\"0 0 22 12\"><path d=\"M0 9.873v-6c0-.55.196-1.02.588-1.412A1.926 1.926 0 0 1 2 1.873h2c.55 0 1.02.196 1.412.588.392.391.588.862.588 1.412v6H4v-2H2v2H0Zm2-4h2v-2H2v2Zm6 4v-8h4c.55 0 1.02.196 1.412.588.392.391.588.862.588 1.412v4c0 .55-.196 1.021-.588 1.413A1.926 1.926 0 0 1 12 9.873H8Zm2-2h2v-4h-2v4Zm6.85.8-1.4-1.425c.183-.183.32-.391.413-.625.091-.233.137-.483.137-.75 0-.283-.046-.537-.137-.762a1.85 1.85 0 0 0-.413-.613l1.4-1.45c.367.367.65.792.85 1.275.2.484.3 1 .3 1.55s-.1 1.063-.3 1.538c-.2.475-.483.896-.85 1.262Zm2.825 2.825-1.45-1.375c.55-.55.983-1.187 1.3-1.912A5.775 5.775 0 0 0 20 5.873c0-.85-.158-1.633-.475-2.35a6.217 6.217 0 0 0-1.3-1.9l1.45-1.4a7.94 7.94 0 0 1 1.712 2.55c.409.967.613 2 .613 3.1s-.204 2.13-.613 3.088a7.977 7.977 0 0 1-1.712 2.537Z\" fill=\"#000\"\/><\/svg>            <span>Trascrizione<\/span>\n          <\/button>\n                      <\/div>\n      <\/div>\n\n      <div id=\"transcription-f290c7ab39bff5b380873bfc2a826ca2\"\n  class=\"fixed inset-0 z-50 hidden w-screen h-screen opacity-0 pointer-events-none modal transcription\"\n  tabindex=\"-1\" role=\"dialog\">\n  <div class=\"absolute w-full h-full bg-black opacity-75 modal-overlay\"><\/div>\n  <div\n    class=\"absolute z-30 w-11\/12 mx-auto overflow-y-auto text-black bg-white shadow-lg modal-container center-xy md:max-w-4xl\"\n    role=\"document\">\n    <div class=\"flex items-center justify-between px-4 py-4 text-gray-700 border-b md:px-8\">\n      <h2 class=\"!mb-0 font-bold\">Trascrizione<\/h2>\n      <div class=\"z-50 flex flex-col items-center ml-auto cursor-pointer rtl:ml-0 rtl:mr-auto modal-close\">\n        <svg class=\"w-auto h-6\" width=\"18\" height=\"23\" xmlns=\"http:\/\/www.w3.org\/2000\/svg\">\n  <g stroke=\"currentColor\" fill=\"none\" fill-rule=\"evenodd\" stroke-linecap=\"square\">\n    <path d=\"M.7248.974l16.1076 20.6167M16.655 1.2654L.9097 22.1601\" \/>\n  <\/g>\n<\/svg>        <div class=\"hidden\">Close<\/div>\n      <\/div>\n    <\/div>\n    <div class=\"px-4 py-8 overflow-y-auto max-h-modal md:px-8 modal-content\">\n      <div class=\"mb-8 flex flex-col gap-1.5\">\n                      <h3 class=\"text-xl font-bold\"><em>Maiestas Domini<\/em><\/h3>\n                            <\/div>\n            <p>Il murale nell\u2019abside centrale \u00e8 diviso in tre aree, che simboleggiano il cielo, la terra e lo spazio tra loro.<br \/>\nIn alto c\u2019\u00e8 il cielo, dove viene presentata la divinit\u00e0, la Maiestas Domini. Lo puoi vedere all\u2019interno di questa cornice a forma di mandorla che mette in risalto la divinit\u00e0 che benedice con la mano destra e tiene il libro con la mano sinistra.<br \/>\nAttorno all\u2019immagine di Cristo, gli angeli, i serafini e i simboli degli evangelisti: San Matteo, l\u2019angelo o l\u2019uomo; San Marco, il leone; San Giovanni, l\u2019aquila; e San Luca, il toro.<br \/>\nNel registro centrale si vedono cinque apostoli e Maria.<br \/>\nE sotto, nel registro inferiore, sono presenti elementi che appartengono al mondo terreno, nonch\u00e9 ornamenti di natura vegetale o geometrica, che rappresentano la terra.<br \/>\nIn una zona pi\u00f9 esterna della volta, in alto, vediamo un agnello con sette occhi, manifestazione di Dio che \u00e8 descritta nell\u2019Apocalisse.<br \/>\nAdesso che conosci i personaggi, non ti resta che guardare il videomapping per scoprire come sono stati realizzati questi dipinti.<\/p>\n<p><strong>Mapping (spettacoli a ore stabilite)<\/strong><\/p>\n<p>Forse a questo punto ti starai chiedendo quale fosse il significato di tutti questi dipinti. Servivano solo a decorare la chiesa o avevano qualche altra funzione? I dipinti murali rivestivano un&#8217;enorme importanza nel Medioevo, perch\u00e9, oltre a essere dedicati alla gloria di Dio e a rappresentare uno strumento di potere, avevano una funzione istruttiva, dato che buona parte del popolo non sapeva leggere e l&#8217;immagine, insieme alla parola, era la forma pi\u00f9 efficace di evangelizzazione.<\/p>\n<p>Nonostante le parti rimosse, Sant Climent conserva ancora in situ frammenti di dipinti originali; potrai scoprirli nel punto successivo della guida.<\/p>\n    <\/div>\n  <\/div>\n<\/div>\n    <\/section>\n\n\n<div class=\"flex flex-col gap-3 element text-block\">\n  <div class=\"flex items-center gap-6\">\n              <h2 class=\"text-2xl font-bold\">3e Davanti all&#8217;altare<\/h2>\n      <\/div>\n    <\/div>\n\n\n<div class=\"flex flex-col gap-6 element image-block\">\n  <div class=\"flex flex-col gap-3\">\n      <\/div>\n      <figure>\n      <img loading=\"lazy\" decoding=\"async\" width=\"600\" height=\"800\" src=\"https:\/\/guiesullsdelahistoria.cat\/app\/uploads\/2024\/11\/sant_Climent_pintura_de_Sant_Climent_0011.jpg\" class=\"w-full h-auto\" alt=\"Resti del dipinto originale dell\u2019immagine di san Clemente su una colonna nella parte anteriore dell\u2019abside della chiesa di Sant Climent de Ta\u00fcll.\" srcset=\"https:\/\/guiesullsdelahistoria.cat\/app\/uploads\/2024\/11\/sant_Climent_pintura_de_Sant_Climent_0011.jpg 600w, https:\/\/guiesullsdelahistoria.cat\/app\/uploads\/2024\/11\/sant_Climent_pintura_de_Sant_Climent_0011-225x300.jpg 225w\" sizes=\"auto, (max-width: 600px) 100vw, 600px\" \/>\n              <figcaption class=\"pt-2 text-gray-800\">Resti del dipinto originale dell\u2019immagine di san Clemente.<\/figcaption>\n          <\/figure>\n  <\/div>\n\n\n<section class=\"element audio-block\">\n  <div class=\"flex flex-col w-full gap-6\">\n    <div class=\"flex flex-col gap-3\">\n      <div class=\"flex gap-6\">\n                          <h2 class=\"text-2xl font-bold\">Frammenti di dipinti originali<\/h2>\n              <\/div>\n          <\/div>\n    <div class=\"flex items-center justify-end gap-3\">\n              <div class=\"flex-1 audio-content\" dir=\"ltr\">\n          <audio id=\"audio-41927a07b43db2fd81a057db426af6c1\" data-label=\"Frammenti di dipinti originali\"\n            data-category=\"SANT-CLIMENT-DE-TAULL-IT-GENERAL-PLAY-4.mp3\" class=\"hidden\" controls\n            src=\"https:\/\/guiesullsdelahistoria.cat\/app\/uploads\/2024\/11\/SANT-CLIMENT-DE-TAULL-IT-GENERAL-PLAY-4.mp3\"><\/audio>\n          <div class=\"flex items-center w-full gap-3 transition-opacity opacity-0 meta\">\n            <progress class=\"flex-1 border-0 appearance-none\" value=\"0\" max=\"1\"><\/progress>\n            <div class=\"text-sm text-center shrink-0 current-time w-9\"><\/div>\n                      <\/div>\n        <\/div>\n            <div class=\"flex flex-col items-center gap-2 shrink-1 audio-control\">\n        <button\n  class=\"flex items-center justify-center w-32 max-w-32 h-32 max-h-32 transition-[max-height,_max-width] bg-black rounded-full btn text-accent\"\n  data-target=\"#audio-41927a07b43db2fd81a057db426af6c1\">\n  <svg width=\"100%\" height=\"100%\" viewBox=\"0 0 36 36\" version=\"1.1\" xmlns=\"http:\/\/www.w3.org\/2000\/svg\" xmlns:xlink=\"http:\/\/www.w3.org\/1999\/xlink\">\n  <path id=\"ytp-12\" d=\"M11,10 L18,13.74 18,22.28 11,26 M18,13.74 L26,18 26,18 18,22.28\" fill=\"currentColor\">\n    <animate id=\"animation\" begin=\"indefinite\" attributeType=\"XML\" attributeName=\"d\" fill=\"freeze\" from=\"M11,10 L17,10 17,26 11,26 M20,10 L26,10 26,26 20,26\" to=\"M11,10 L18,13.74 18,22.28 11,26 M18,13.74 L26,18 26,18 18,22.28\" dur=\"0.1s\" keySplines=\".4 0 1 1\" repeatCount=\"1\" data-play=\"M11,10 L18,13.74 18,22.28 11,26 M18,13.74 L26,18 26,18 18,22.28\" data-pause=\"M11,10 L17,10 17,26 11,26 M20,10 L26,10 26,26 20,26\"><\/animate>\n  <\/path>\n<\/svg>\n<\/button>\n        <p class=\"text-base text-center\">Ascolta<\/p>\n      <\/div>\n    <\/div>\n\n    \n          <div class=\"flex flex-wrap justify-between gap-6 md:justify-start\">\n                  <button data-target=\"#transcription-41927a07b43db2fd81a057db426af6c1\" data-toggle=\"modal\" class=\"flex items-center gap-2\">\n            <svg class=\"w-6 h-6\" fill=\"none\" xmlns=\"http:\/\/www.w3.org\/2000\/svg\" viewBox=\"0 0 22 12\"><path d=\"M0 9.873v-6c0-.55.196-1.02.588-1.412A1.926 1.926 0 0 1 2 1.873h2c.55 0 1.02.196 1.412.588.392.391.588.862.588 1.412v6H4v-2H2v2H0Zm2-4h2v-2H2v2Zm6 4v-8h4c.55 0 1.02.196 1.412.588.392.391.588.862.588 1.412v4c0 .55-.196 1.021-.588 1.413A1.926 1.926 0 0 1 12 9.873H8Zm2-2h2v-4h-2v4Zm6.85.8-1.4-1.425c.183-.183.32-.391.413-.625.091-.233.137-.483.137-.75 0-.283-.046-.537-.137-.762a1.85 1.85 0 0 0-.413-.613l1.4-1.45c.367.367.65.792.85 1.275.2.484.3 1 .3 1.55s-.1 1.063-.3 1.538c-.2.475-.483.896-.85 1.262Zm2.825 2.825-1.45-1.375c.55-.55.983-1.187 1.3-1.912A5.775 5.775 0 0 0 20 5.873c0-.85-.158-1.633-.475-2.35a6.217 6.217 0 0 0-1.3-1.9l1.45-1.4a7.94 7.94 0 0 1 1.712 2.55c.409.967.613 2 .613 3.1s-.204 2.13-.613 3.088a7.977 7.977 0 0 1-1.712 2.537Z\" fill=\"#000\"\/><\/svg>            <span>Trascrizione<\/span>\n          <\/button>\n                      <\/div>\n      <\/div>\n\n      <div id=\"transcription-41927a07b43db2fd81a057db426af6c1\"\n  class=\"fixed inset-0 z-50 hidden w-screen h-screen opacity-0 pointer-events-none modal transcription\"\n  tabindex=\"-1\" role=\"dialog\">\n  <div class=\"absolute w-full h-full bg-black opacity-75 modal-overlay\"><\/div>\n  <div\n    class=\"absolute z-30 w-11\/12 mx-auto overflow-y-auto text-black bg-white shadow-lg modal-container center-xy md:max-w-4xl\"\n    role=\"document\">\n    <div class=\"flex items-center justify-between px-4 py-4 text-gray-700 border-b md:px-8\">\n      <h2 class=\"!mb-0 font-bold\">Trascrizione<\/h2>\n      <div class=\"z-50 flex flex-col items-center ml-auto cursor-pointer rtl:ml-0 rtl:mr-auto modal-close\">\n        <svg class=\"w-auto h-6\" width=\"18\" height=\"23\" xmlns=\"http:\/\/www.w3.org\/2000\/svg\">\n  <g stroke=\"currentColor\" fill=\"none\" fill-rule=\"evenodd\" stroke-linecap=\"square\">\n    <path d=\"M.7248.974l16.1076 20.6167M16.655 1.2654L.9097 22.1601\" \/>\n  <\/g>\n<\/svg>        <div class=\"hidden\">Close<\/div>\n      <\/div>\n    <\/div>\n    <div class=\"px-4 py-8 overflow-y-auto max-h-modal md:px-8 modal-content\">\n      <div class=\"mb-8 flex flex-col gap-1.5\">\n                      <h3 class=\"text-xl font-bold\">Frammenti di dipinti originali<\/h3>\n                            <\/div>\n            <p>Frammenti di dipinti originali di epoche diverse sono conservati nella chiesa di Sant Climent, soprattutto nel presbiterio.<br \/>\nI dipinti originali pi\u00f9 antichi sono le decorazioni interne delle finestre della parte inferiore dell\u2019abside principale. Sono bordi con motivi vegetali nei toni del rosso e dell\u2019ocra su sfondo bianco.<br \/>\nOra guarda il lato destro dell\u2019abside centrale, in alto. Ci sono frammenti della scena biblica in cui Caino uccide suo fratello Abele spinto dalla gelosia. Caino e Abele furono i primi due figli di Adamo ed Eva, i primi abitanti della Terra. Puoi vedere come Caino tiene Abele per i capelli con una mano mentre con l\u2019altra lo colpisce sulla guancia con un\u2019ascia. Accanto al volto di Abele si legge la scritta \u201cABEL\u201d.<br \/>\nPer trovare altri dipinti originali, voltati verso la facciata dell\u2019abside principale, in alto a destra. L\u00ec dovrai individuare un personaggio vestito da soldato che suona un lungo strumento a fiato, che potrebbe annunciare l\u2019apocalisse, ovvero l\u2019arrivo del Signore alla fine dei tempi. In realt\u00e0 ci sono due soldati, ma quello a sinistra \u00e8 una proiezione.<br \/>\nVi sono altri dipinti originali. Questi, che si trovano su entrambi i lati della parte superiore dell\u2019abside principale. Qui si conserva l\u2019immagine di tre santi. Quello meglio conservato \u00e8 San Clemente, patrono della chiesa, situato a sinistra. Accanto, un po\u2019 pi\u00f9 all\u2019interno, c\u2019\u00e8 l\u2019immagine di San Pietro. E dall\u2019altra parte, sul paliotto a destra, l\u2019immagine di un altro santo, che potrebbe essere San Cornelio. Ne esiste ancora un\u2019altra, posta in alto sulla facciata dell\u2019abside di sinistra; \u00e8 una specie di cane o di lupo nero, lo vedi?<br \/>\nPer proseguire la visita, cerca tre sculture collocate all\u2019interno di alcune teche, nella navata destra, guardando verso l\u2019altare.<\/p>\n    <\/div>\n  <\/div>\n<\/div>\n    <\/section>\n\n\n<div class=\"flex flex-col gap-3 element text-block\">\n  <div class=\"flex items-center gap-6\">\n              <h2 class=\"text-2xl font-bold\">3f Navata destra<\/h2>\n      <\/div>\n    <\/div>\n\n\n<div class=\"flex flex-col gap-6 element image-block\">\n  <div class=\"flex flex-col gap-3\">\n      <\/div>\n      <figure>\n      <img loading=\"lazy\" decoding=\"async\" width=\"1200\" height=\"1600\" src=\"https:\/\/guiesullsdelahistoria.cat\/app\/uploads\/2024\/11\/Sant_Climent_nau_lateral_20170903_CentreRomanic.jpg\" class=\"w-full h-auto\" alt=\"Immagine generale dell\u2019interno della navata sud della chiesa di Sant Climent con le tre sculture lignee romaniche all\u2019interno delle urne di vetro.\" srcset=\"https:\/\/guiesullsdelahistoria.cat\/app\/uploads\/2024\/11\/Sant_Climent_nau_lateral_20170903_CentreRomanic.jpg 1200w, https:\/\/guiesullsdelahistoria.cat\/app\/uploads\/2024\/11\/Sant_Climent_nau_lateral_20170903_CentreRomanic-225x300.jpg 225w, https:\/\/guiesullsdelahistoria.cat\/app\/uploads\/2024\/11\/Sant_Climent_nau_lateral_20170903_CentreRomanic-768x1024.jpg 768w, https:\/\/guiesullsdelahistoria.cat\/app\/uploads\/2024\/11\/Sant_Climent_nau_lateral_20170903_CentreRomanic-1152x1536.jpg 1152w\" sizes=\"auto, (max-width: 1200px) 100vw, 1200px\" \/>\n              <figcaption class=\"pt-2 text-gray-800\">Immagine generale della navata sud con le sculture lignee romaniche.<\/figcaption>\n          <\/figure>\n  <\/div>\n\n\n<section class=\"element audio-block\">\n  <div class=\"flex flex-col w-full gap-6\">\n    <div class=\"flex flex-col gap-3\">\n      <div class=\"flex gap-6\">\n                          <h2 class=\"text-2xl font-bold\">Sculture lignee romaniche<\/h2>\n              <\/div>\n          <\/div>\n    <div class=\"flex items-center justify-end gap-3\">\n              <div class=\"flex-1 audio-content\" dir=\"ltr\">\n          <audio id=\"audio-d1fb2be9ff3012ccbc1d685e5521f14a\" data-label=\"Sculture lignee romaniche\"\n            data-category=\"SANT-CLIMENT-DE-TAULL-IT-GENERAL-PLAY-5.mp3\" class=\"hidden\" controls\n            src=\"https:\/\/guiesullsdelahistoria.cat\/app\/uploads\/2024\/11\/SANT-CLIMENT-DE-TAULL-IT-GENERAL-PLAY-5.mp3\"><\/audio>\n          <div class=\"flex items-center w-full gap-3 transition-opacity opacity-0 meta\">\n            <progress class=\"flex-1 border-0 appearance-none\" value=\"0\" max=\"1\"><\/progress>\n            <div class=\"text-sm text-center shrink-0 current-time w-9\"><\/div>\n                      <\/div>\n        <\/div>\n            <div class=\"flex flex-col items-center gap-2 shrink-1 audio-control\">\n        <button\n  class=\"flex items-center justify-center w-32 max-w-32 h-32 max-h-32 transition-[max-height,_max-width] bg-black rounded-full btn text-accent\"\n  data-target=\"#audio-d1fb2be9ff3012ccbc1d685e5521f14a\">\n  <svg width=\"100%\" height=\"100%\" viewBox=\"0 0 36 36\" version=\"1.1\" xmlns=\"http:\/\/www.w3.org\/2000\/svg\" xmlns:xlink=\"http:\/\/www.w3.org\/1999\/xlink\">\n  <path id=\"ytp-12\" d=\"M11,10 L18,13.74 18,22.28 11,26 M18,13.74 L26,18 26,18 18,22.28\" fill=\"currentColor\">\n    <animate id=\"animation\" begin=\"indefinite\" attributeType=\"XML\" attributeName=\"d\" fill=\"freeze\" from=\"M11,10 L17,10 17,26 11,26 M20,10 L26,10 26,26 20,26\" to=\"M11,10 L18,13.74 18,22.28 11,26 M18,13.74 L26,18 26,18 18,22.28\" dur=\"0.1s\" keySplines=\".4 0 1 1\" repeatCount=\"1\" data-play=\"M11,10 L18,13.74 18,22.28 11,26 M18,13.74 L26,18 26,18 18,22.28\" data-pause=\"M11,10 L17,10 17,26 11,26 M20,10 L26,10 26,26 20,26\"><\/animate>\n  <\/path>\n<\/svg>\n<\/button>\n        <p class=\"text-base text-center\">Ascolta<\/p>\n      <\/div>\n    <\/div>\n\n    \n          <div class=\"flex flex-wrap justify-between gap-6 md:justify-start\">\n                  <button data-target=\"#transcription-d1fb2be9ff3012ccbc1d685e5521f14a\" data-toggle=\"modal\" class=\"flex items-center gap-2\">\n            <svg class=\"w-6 h-6\" fill=\"none\" xmlns=\"http:\/\/www.w3.org\/2000\/svg\" viewBox=\"0 0 22 12\"><path d=\"M0 9.873v-6c0-.55.196-1.02.588-1.412A1.926 1.926 0 0 1 2 1.873h2c.55 0 1.02.196 1.412.588.392.391.588.862.588 1.412v6H4v-2H2v2H0Zm2-4h2v-2H2v2Zm6 4v-8h4c.55 0 1.02.196 1.412.588.392.391.588.862.588 1.412v4c0 .55-.196 1.021-.588 1.413A1.926 1.926 0 0 1 12 9.873H8Zm2-2h2v-4h-2v4Zm6.85.8-1.4-1.425c.183-.183.32-.391.413-.625.091-.233.137-.483.137-.75 0-.283-.046-.537-.137-.762a1.85 1.85 0 0 0-.413-.613l1.4-1.45c.367.367.65.792.85 1.275.2.484.3 1 .3 1.55s-.1 1.063-.3 1.538c-.2.475-.483.896-.85 1.262Zm2.825 2.825-1.45-1.375c.55-.55.983-1.187 1.3-1.912A5.775 5.775 0 0 0 20 5.873c0-.85-.158-1.633-.475-2.35a6.217 6.217 0 0 0-1.3-1.9l1.45-1.4a7.94 7.94 0 0 1 1.712 2.55c.409.967.613 2 .613 3.1s-.204 2.13-.613 3.088a7.977 7.977 0 0 1-1.712 2.537Z\" fill=\"#000\"\/><\/svg>            <span>Trascrizione<\/span>\n          <\/button>\n                      <\/div>\n      <\/div>\n\n      <div id=\"transcription-d1fb2be9ff3012ccbc1d685e5521f14a\"\n  class=\"fixed inset-0 z-50 hidden w-screen h-screen opacity-0 pointer-events-none modal transcription\"\n  tabindex=\"-1\" role=\"dialog\">\n  <div class=\"absolute w-full h-full bg-black opacity-75 modal-overlay\"><\/div>\n  <div\n    class=\"absolute z-30 w-11\/12 mx-auto overflow-y-auto text-black bg-white shadow-lg modal-container center-xy md:max-w-4xl\"\n    role=\"document\">\n    <div class=\"flex items-center justify-between px-4 py-4 text-gray-700 border-b md:px-8\">\n      <h2 class=\"!mb-0 font-bold\">Trascrizione<\/h2>\n      <div class=\"z-50 flex flex-col items-center ml-auto cursor-pointer rtl:ml-0 rtl:mr-auto modal-close\">\n        <svg class=\"w-auto h-6\" width=\"18\" height=\"23\" xmlns=\"http:\/\/www.w3.org\/2000\/svg\">\n  <g stroke=\"currentColor\" fill=\"none\" fill-rule=\"evenodd\" stroke-linecap=\"square\">\n    <path d=\"M.7248.974l16.1076 20.6167M16.655 1.2654L.9097 22.1601\" \/>\n  <\/g>\n<\/svg>        <div class=\"hidden\">Close<\/div>\n      <\/div>\n    <\/div>\n    <div class=\"px-4 py-8 overflow-y-auto max-h-modal md:px-8 modal-content\">\n      <div class=\"mb-8 flex flex-col gap-1.5\">\n                      <h3 class=\"text-xl font-bold\">Sculture lignee romaniche<\/h3>\n                            <\/div>\n            <p>Le tre sculture lignee romaniche all\u2019interno di Sant Climent di Ta\u00fcll rappresentano il Cristo Salvatore incoronato, il Cristo sulla croce e una Vergine.<br \/>\nIl Cristo Salvatore incoronato \u00e8 una scultura scolpita nel legno e policroma del XIII secolo, che molto probabilmente presiedeva l\u2019altare principale. All\u2019inizio del XX secolo si trovava al centro di un retablo nell\u2019abside centrale. Il retablo era gotico, del XVI secolo, e si trova attualmente al Museu Dioces\u00e0 de la Seu d&#8217;Urgell.<br \/>\nIl Cristo sulla croce \u00e8 un magnifico esempio delle croci spesso utilizzate nelle processioni e negli eventi liturgici. Conserva una splendida policromia, soprattutto sul retro. La sua chiesa di origine \u00e8 sconosciuta.<br \/>\nLa Vergine Maria \u00e8 del XII o XIII secolo. All\u2019inizio del XX secolo si trovava all\u2019interno di un piccolo tempietto in legno, ma \u00e8 possibile che provenisse dalla vicina chiesa di Santa Maria.<br \/>\nAll\u2019interno delle navate sono presenti altri beni mobili, che potrai scoprire con le informazioni presenti sui poster.<\/p>\n    <\/div>\n  <\/div>\n<\/div>\n    <\/section>\n\n\n<div class=\"flex flex-col gap-3 element text-block\">\n  <div class=\"flex items-center gap-6\">\n              <h2 class=\"text-2xl font-bold\">3g Ti aspettiamo!<\/h2>\n      <\/div>\n    <\/div>\n\n\n<section class=\"element audio-block\">\n  <div class=\"flex flex-col w-full gap-6\">\n    <div class=\"flex flex-col gap-3\">\n      <div class=\"flex gap-6\">\n                          <h2 class=\"text-2xl font-bold\">La visita continua<\/h2>\n              <\/div>\n          <\/div>\n    <div class=\"flex items-center justify-end gap-3\">\n              <div class=\"flex-1 audio-content\" dir=\"ltr\">\n          <audio id=\"audio-f73ad1325c422a5ecc57c55bf3d547e3\" data-label=\"La visita continua\"\n            data-category=\"SANT-CLIMENT-DE-TAULL-IT-GENERAL-PLAY-CLOENDA.mp3\" class=\"hidden\" controls\n            src=\"https:\/\/guiesullsdelahistoria.cat\/app\/uploads\/2024\/11\/SANT-CLIMENT-DE-TAULL-IT-GENERAL-PLAY-CLOENDA.mp3\"><\/audio>\n          <div class=\"flex items-center w-full gap-3 transition-opacity opacity-0 meta\">\n            <progress class=\"flex-1 border-0 appearance-none\" value=\"0\" max=\"1\"><\/progress>\n            <div class=\"text-sm text-center shrink-0 current-time w-9\"><\/div>\n                      <\/div>\n        <\/div>\n            <div class=\"flex flex-col items-center gap-2 shrink-1 audio-control\">\n        <button\n  class=\"flex items-center justify-center w-32 max-w-32 h-32 max-h-32 transition-[max-height,_max-width] bg-black rounded-full btn text-accent\"\n  data-target=\"#audio-f73ad1325c422a5ecc57c55bf3d547e3\">\n  <svg width=\"100%\" height=\"100%\" viewBox=\"0 0 36 36\" version=\"1.1\" xmlns=\"http:\/\/www.w3.org\/2000\/svg\" xmlns:xlink=\"http:\/\/www.w3.org\/1999\/xlink\">\n  <path id=\"ytp-12\" d=\"M11,10 L18,13.74 18,22.28 11,26 M18,13.74 L26,18 26,18 18,22.28\" fill=\"currentColor\">\n    <animate id=\"animation\" begin=\"indefinite\" attributeType=\"XML\" attributeName=\"d\" fill=\"freeze\" from=\"M11,10 L17,10 17,26 11,26 M20,10 L26,10 26,26 20,26\" to=\"M11,10 L18,13.74 18,22.28 11,26 M18,13.74 L26,18 26,18 18,22.28\" dur=\"0.1s\" keySplines=\".4 0 1 1\" repeatCount=\"1\" data-play=\"M11,10 L18,13.74 18,22.28 11,26 M18,13.74 L26,18 26,18 18,22.28\" data-pause=\"M11,10 L17,10 17,26 11,26 M20,10 L26,10 26,26 20,26\"><\/animate>\n  <\/path>\n<\/svg>\n<\/button>\n        <p class=\"text-base text-center\">Ascolta<\/p>\n      <\/div>\n    <\/div>\n\n    \n          <div class=\"flex flex-wrap justify-between gap-6 md:justify-start\">\n                  <button data-target=\"#transcription-f73ad1325c422a5ecc57c55bf3d547e3\" data-toggle=\"modal\" class=\"flex items-center gap-2\">\n            <svg class=\"w-6 h-6\" fill=\"none\" xmlns=\"http:\/\/www.w3.org\/2000\/svg\" viewBox=\"0 0 22 12\"><path d=\"M0 9.873v-6c0-.55.196-1.02.588-1.412A1.926 1.926 0 0 1 2 1.873h2c.55 0 1.02.196 1.412.588.392.391.588.862.588 1.412v6H4v-2H2v2H0Zm2-4h2v-2H2v2Zm6 4v-8h4c.55 0 1.02.196 1.412.588.392.391.588.862.588 1.412v4c0 .55-.196 1.021-.588 1.413A1.926 1.926 0 0 1 12 9.873H8Zm2-2h2v-4h-2v4Zm6.85.8-1.4-1.425c.183-.183.32-.391.413-.625.091-.233.137-.483.137-.75 0-.283-.046-.537-.137-.762a1.85 1.85 0 0 0-.413-.613l1.4-1.45c.367.367.65.792.85 1.275.2.484.3 1 .3 1.55s-.1 1.063-.3 1.538c-.2.475-.483.896-.85 1.262Zm2.825 2.825-1.45-1.375c.55-.55.983-1.187 1.3-1.912A5.775 5.775 0 0 0 20 5.873c0-.85-.158-1.633-.475-2.35a6.217 6.217 0 0 0-1.3-1.9l1.45-1.4a7.94 7.94 0 0 1 1.712 2.55c.409.967.613 2 .613 3.1s-.204 2.13-.613 3.088a7.977 7.977 0 0 1-1.712 2.537Z\" fill=\"#000\"\/><\/svg>            <span>Trascrizione<\/span>\n          <\/button>\n                      <\/div>\n      <\/div>\n\n      <div id=\"transcription-f73ad1325c422a5ecc57c55bf3d547e3\"\n  class=\"fixed inset-0 z-50 hidden w-screen h-screen opacity-0 pointer-events-none modal transcription\"\n  tabindex=\"-1\" role=\"dialog\">\n  <div class=\"absolute w-full h-full bg-black opacity-75 modal-overlay\"><\/div>\n  <div\n    class=\"absolute z-30 w-11\/12 mx-auto overflow-y-auto text-black bg-white shadow-lg modal-container center-xy md:max-w-4xl\"\n    role=\"document\">\n    <div class=\"flex items-center justify-between px-4 py-4 text-gray-700 border-b md:px-8\">\n      <h2 class=\"!mb-0 font-bold\">Trascrizione<\/h2>\n      <div class=\"z-50 flex flex-col items-center ml-auto cursor-pointer rtl:ml-0 rtl:mr-auto modal-close\">\n        <svg class=\"w-auto h-6\" width=\"18\" height=\"23\" xmlns=\"http:\/\/www.w3.org\/2000\/svg\">\n  <g stroke=\"currentColor\" fill=\"none\" fill-rule=\"evenodd\" stroke-linecap=\"square\">\n    <path d=\"M.7248.974l16.1076 20.6167M16.655 1.2654L.9097 22.1601\" \/>\n  <\/g>\n<\/svg>        <div class=\"hidden\">Close<\/div>\n      <\/div>\n    <\/div>\n    <div class=\"px-4 py-8 overflow-y-auto max-h-modal md:px-8 modal-content\">\n      <div class=\"mb-8 flex flex-col gap-1.5\">\n                      <h3 class=\"text-xl font-bold\">La visita continua<\/h3>\n                            <\/div>\n            <p>Qui termina la visita alla chiesa. Ora ti invitiamo a scoprire le altre, che compongono il complesso romanico della Vall de Bo\u00ed. Ti aspettiamo!<\/p>\n    <\/div>\n  <\/div>\n<\/div>\n    <\/section>\n\n\n<div class=\"flex flex-col gap-3 element text-block\">\n  <div class=\"flex items-center gap-6\">\n              <h2 class=\"text-2xl font-bold\">Chiusura<\/h2>\n      <\/div>\n        <div class=\"prose prose-lg\"><p>\u201c<em>Els Ulls de la Hist\u00f2ria<\/em>. Uno sguardo immersivo sul patrimonio\u201d \u00e8 un\u2019iniziativa dell\u2019Ag\u00e8ncia Catalana del Patrimoni Cultural, un progetto che incorpora altre voci e altri punti di vista sul nostro passato. Perch\u00e9 la storia la costruiamo tutti e tutte.<\/p>\n<\/div>\n  <\/div>\n\n<\/div>\n      <\/div>\n    <\/div>\n  <\/section>\n\n\n<section class=\"overflow-hidden section\" id=\"section-69f5c68135822\" data-title=\"4. Sant Feliu de Barruera\">\n    <div class=\"container grid grid-cols-1 py-8 md:py-10 max-md:gap-y-8 md:grid-standard\">\n              <div class=\"flex gap-4 md:col-span-5\">\n                                <h2 class=\"text-8 font-headings\">4. Sant Feliu de Barruera<\/h2>\n                  <\/div>\n            <div class=\"flex flex-col gap-8 md:col-span-6 md:col-start-7 md:gap-10\">\n        <div class=\"acf-innerblocks-container\">\n<div class=\"flex flex-col gap-3 element text-block\">\n  <div class=\"flex items-center gap-6\">\n              <h2 class=\"text-2xl font-bold\">4a Introduzione<\/h2>\n      <\/div>\n    <\/div>\n\n\n<div class=\"flex flex-col gap-6 element image-block\">\n  <div class=\"flex flex-col gap-3\">\n      <\/div>\n      <figure>\n      <img loading=\"lazy\" decoding=\"async\" width=\"1418\" height=\"943\" src=\"https:\/\/guiesullsdelahistoria.cat\/app\/uploads\/2024\/11\/DSC2975-copia.jpg\" class=\"w-full h-auto\" alt=\"Vista generale dell\u2019esterno della chiesa di Sant Feliu de Barruera con il cimitero in primo piano e le montagne alle spalle.\" srcset=\"https:\/\/guiesullsdelahistoria.cat\/app\/uploads\/2024\/11\/DSC2975-copia.jpg 1418w, https:\/\/guiesullsdelahistoria.cat\/app\/uploads\/2024\/11\/DSC2975-copia-300x200.jpg 300w, https:\/\/guiesullsdelahistoria.cat\/app\/uploads\/2024\/11\/DSC2975-copia-1024x681.jpg 1024w, https:\/\/guiesullsdelahistoria.cat\/app\/uploads\/2024\/11\/DSC2975-copia-768x511.jpg 768w\" sizes=\"auto, (max-width: 1418px) 100vw, 1418px\" \/>\n              <figcaption class=\"pt-2 text-gray-800\">Vista generale di Sant Feliu de Barruera.<\/figcaption>\n          <\/figure>\n  <\/div>\n\n\n<section class=\"element audio-block\">\n  <div class=\"flex flex-col w-full gap-6\">\n    <div class=\"flex flex-col gap-3\">\n      <div class=\"flex gap-6\">\n                          <h2 class=\"text-2xl font-bold\">La Vall de Bo\u00ed e le sue chiese<\/h2>\n              <\/div>\n          <\/div>\n    <div class=\"flex items-center justify-end gap-3\">\n              <div class=\"flex-1 audio-content\" dir=\"ltr\">\n          <audio id=\"audio-5d4550ffeb753572a524db1e1a71fd25\" data-label=\"La Vall de Bo\u00ed e le sue chiese\"\n            data-category=\"SANT-FELIU-DE-BARRUERA-IT-GENERAL-PLAY-0.mp3\" class=\"hidden\" controls\n            src=\"https:\/\/guiesullsdelahistoria.cat\/app\/uploads\/2024\/11\/SANT-FELIU-DE-BARRUERA-IT-GENERAL-PLAY-0.mp3\"><\/audio>\n          <div class=\"flex items-center w-full gap-3 transition-opacity opacity-0 meta\">\n            <progress class=\"flex-1 border-0 appearance-none\" value=\"0\" max=\"1\"><\/progress>\n            <div class=\"text-sm text-center shrink-0 current-time w-9\"><\/div>\n                      <\/div>\n        <\/div>\n            <div class=\"flex flex-col items-center gap-2 shrink-1 audio-control\">\n        <button\n  class=\"flex items-center justify-center w-32 max-w-32 h-32 max-h-32 transition-[max-height,_max-width] bg-black rounded-full btn text-accent\"\n  data-target=\"#audio-5d4550ffeb753572a524db1e1a71fd25\">\n  <svg width=\"100%\" height=\"100%\" viewBox=\"0 0 36 36\" version=\"1.1\" xmlns=\"http:\/\/www.w3.org\/2000\/svg\" xmlns:xlink=\"http:\/\/www.w3.org\/1999\/xlink\">\n  <path id=\"ytp-12\" d=\"M11,10 L18,13.74 18,22.28 11,26 M18,13.74 L26,18 26,18 18,22.28\" fill=\"currentColor\">\n    <animate id=\"animation\" begin=\"indefinite\" attributeType=\"XML\" attributeName=\"d\" fill=\"freeze\" from=\"M11,10 L17,10 17,26 11,26 M20,10 L26,10 26,26 20,26\" to=\"M11,10 L18,13.74 18,22.28 11,26 M18,13.74 L26,18 26,18 18,22.28\" dur=\"0.1s\" keySplines=\".4 0 1 1\" repeatCount=\"1\" data-play=\"M11,10 L18,13.74 18,22.28 11,26 M18,13.74 L26,18 26,18 18,22.28\" data-pause=\"M11,10 L17,10 17,26 11,26 M20,10 L26,10 26,26 20,26\"><\/animate>\n  <\/path>\n<\/svg>\n<\/button>\n        <p class=\"text-base text-center\">Ascolta<\/p>\n      <\/div>\n    <\/div>\n\n    \n          <div class=\"flex flex-wrap justify-between gap-6 md:justify-start\">\n                  <button data-target=\"#transcription-5d4550ffeb753572a524db1e1a71fd25\" data-toggle=\"modal\" class=\"flex items-center gap-2\">\n            <svg class=\"w-6 h-6\" fill=\"none\" xmlns=\"http:\/\/www.w3.org\/2000\/svg\" viewBox=\"0 0 22 12\"><path d=\"M0 9.873v-6c0-.55.196-1.02.588-1.412A1.926 1.926 0 0 1 2 1.873h2c.55 0 1.02.196 1.412.588.392.391.588.862.588 1.412v6H4v-2H2v2H0Zm2-4h2v-2H2v2Zm6 4v-8h4c.55 0 1.02.196 1.412.588.392.391.588.862.588 1.412v4c0 .55-.196 1.021-.588 1.413A1.926 1.926 0 0 1 12 9.873H8Zm2-2h2v-4h-2v4Zm6.85.8-1.4-1.425c.183-.183.32-.391.413-.625.091-.233.137-.483.137-.75 0-.283-.046-.537-.137-.762a1.85 1.85 0 0 0-.413-.613l1.4-1.45c.367.367.65.792.85 1.275.2.484.3 1 .3 1.55s-.1 1.063-.3 1.538c-.2.475-.483.896-.85 1.262Zm2.825 2.825-1.45-1.375c.55-.55.983-1.187 1.3-1.912A5.775 5.775 0 0 0 20 5.873c0-.85-.158-1.633-.475-2.35a6.217 6.217 0 0 0-1.3-1.9l1.45-1.4a7.94 7.94 0 0 1 1.712 2.55c.409.967.613 2 .613 3.1s-.204 2.13-.613 3.088a7.977 7.977 0 0 1-1.712 2.537Z\" fill=\"#000\"\/><\/svg>            <span>Trascrizione<\/span>\n          <\/button>\n                      <\/div>\n      <\/div>\n\n      <div id=\"transcription-5d4550ffeb753572a524db1e1a71fd25\"\n  class=\"fixed inset-0 z-50 hidden w-screen h-screen opacity-0 pointer-events-none modal transcription\"\n  tabindex=\"-1\" role=\"dialog\">\n  <div class=\"absolute w-full h-full bg-black opacity-75 modal-overlay\"><\/div>\n  <div\n    class=\"absolute z-30 w-11\/12 mx-auto overflow-y-auto text-black bg-white shadow-lg modal-container center-xy md:max-w-4xl\"\n    role=\"document\">\n    <div class=\"flex items-center justify-between px-4 py-4 text-gray-700 border-b md:px-8\">\n      <h2 class=\"!mb-0 font-bold\">Trascrizione<\/h2>\n      <div class=\"z-50 flex flex-col items-center ml-auto cursor-pointer rtl:ml-0 rtl:mr-auto modal-close\">\n        <svg class=\"w-auto h-6\" width=\"18\" height=\"23\" xmlns=\"http:\/\/www.w3.org\/2000\/svg\">\n  <g stroke=\"currentColor\" fill=\"none\" fill-rule=\"evenodd\" stroke-linecap=\"square\">\n    <path d=\"M.7248.974l16.1076 20.6167M16.655 1.2654L.9097 22.1601\" \/>\n  <\/g>\n<\/svg>        <div class=\"hidden\">Close<\/div>\n      <\/div>\n    <\/div>\n    <div class=\"px-4 py-8 overflow-y-auto max-h-modal md:px-8 modal-content\">\n      <div class=\"mb-8 flex flex-col gap-1.5\">\n                      <h3 class=\"text-xl font-bold\">La Vall de Bo\u00ed e le sue chiese<\/h3>\n                            <\/div>\n            <p>Ti diamo il benvenuto nella Vall de Bo\u00ed e ti invitiamo a scoprire il suo straordinario complesso di chiese, considerato una delle massime espressioni dell\u2019arte romanica catalana e iscritto nel 2000 nell\u2019Elenco del Patrimonio Mondiale dell&#8217;UNESCO.<br \/>\nIl complesso romanico della Vall de Bo\u00ed \u00e8 composto da nove chiese: Sant Climent e Santa Maria di Ta\u00fcll, Sant Joan di Bo\u00ed, Santa Eul\u00e0lia di Erill la Vall, Sant Feliu di Barruera, la Nativitat e Sant Quirc di Durro, Santa Maria di Cardet e l&#8217;Assumpci\u00f3 di C\u00f3ll.<br \/>\nMa cosa accomuna queste chiese? Perch\u00e9 sono cos\u00ec uniche? Qual \u00e8 la loro storia?<br \/>\nFurono tutte costruite tra l\u2019XI e il XII secolo, in un periodo di potere e prosperit\u00e0 economica per la nobilt\u00e0 locale, e condividono lo stesso stile architettonico, il romanico, diffuso in tutta Europa.<br \/>\nOggigiorno, la gran parte di dipinti, sculture e mobili \u00e8 conservata in diversi musei catalani, in particolare nel Museu Nacional d\u2019Art de Catalunya. Tuttavia, alcune chiese conservano importanti frammenti di dipinti murali e sculture originali, oltre a riproduzioni delle opere custodite nei musei.<br \/>\nGrazie a questa guida scoprirai il valore eccezionale di questo complesso romanico e potrai conoscere ognuna delle nove chiese, con i loro segreti e le loro curiosit\u00e0.<br \/>\nUn ultimo avvertimento! Queste montagne sono misteriose, e le parole delle persone che le hanno abitate sono spesso intrappolate nelle valli e risuonano nel tempo come un\u2019eco impercettibile. Questa guida \u00e8 dotata di un sensore che si attiva ogni volta che ne rileva una. Non spaventarti e continua ad ascoltare.<\/p>\n    <\/div>\n  <\/div>\n<\/div>\n    <\/section>\n\n\n<div class=\"flex flex-col gap-3 element text-block\">\n  <div class=\"flex items-center gap-6\">\n              <h2 class=\"text-2xl font-bold\">4b Ingresso<\/h2>\n      <\/div>\n    <\/div>\n\n\n<div class=\"flex flex-col gap-6 element image-block\">\n  <div class=\"flex flex-col gap-3\">\n      <\/div>\n      <figure>\n      <img loading=\"lazy\" decoding=\"async\" width=\"1600\" height=\"979\" src=\"https:\/\/guiesullsdelahistoria.cat\/app\/uploads\/2024\/11\/Sant_Feliu_Barruera_cementiri_i_porxo.jpg\" class=\"w-full h-auto\" alt=\"Portico della chiesa di Sant Feliu de Barruera, con il cimitero di fronte e l\u2019immagine della torre campanaria decapitata alle spalle.\" srcset=\"https:\/\/guiesullsdelahistoria.cat\/app\/uploads\/2024\/11\/Sant_Feliu_Barruera_cementiri_i_porxo.jpg 1600w, https:\/\/guiesullsdelahistoria.cat\/app\/uploads\/2024\/11\/Sant_Feliu_Barruera_cementiri_i_porxo-300x184.jpg 300w, https:\/\/guiesullsdelahistoria.cat\/app\/uploads\/2024\/11\/Sant_Feliu_Barruera_cementiri_i_porxo-1024x627.jpg 1024w, https:\/\/guiesullsdelahistoria.cat\/app\/uploads\/2024\/11\/Sant_Feliu_Barruera_cementiri_i_porxo-768x470.jpg 768w, https:\/\/guiesullsdelahistoria.cat\/app\/uploads\/2024\/11\/Sant_Feliu_Barruera_cementiri_i_porxo-1536x940.jpg 1536w\" sizes=\"auto, (max-width: 1600px) 100vw, 1600px\" \/>\n              <figcaption class=\"pt-2 text-gray-800\">Portico di Sant Feliu de Barruera.<\/figcaption>\n          <\/figure>\n  <\/div>\n\n\n<section class=\"element audio-block\">\n  <div class=\"flex flex-col w-full gap-6\">\n    <div class=\"flex flex-col gap-3\">\n      <div class=\"flex gap-6\">\n                          <h2 class=\"text-2xl font-bold\">Chiese fuori dai paesi<\/h2>\n              <\/div>\n          <\/div>\n    <div class=\"flex items-center justify-end gap-3\">\n              <div class=\"flex-1 audio-content\" dir=\"ltr\">\n          <audio id=\"audio-ace32ce4a90345dfca908035121d84f6\" data-label=\"Chiese fuori dai paesi\"\n            data-category=\"SANT-FELIU-DE-BARRUERA-IT-GENERAL-PLAY-1.mp3\" class=\"hidden\" controls\n            src=\"https:\/\/guiesullsdelahistoria.cat\/app\/uploads\/2024\/11\/SANT-FELIU-DE-BARRUERA-IT-GENERAL-PLAY-1.mp3\"><\/audio>\n          <div class=\"flex items-center w-full gap-3 transition-opacity opacity-0 meta\">\n            <progress class=\"flex-1 border-0 appearance-none\" value=\"0\" max=\"1\"><\/progress>\n            <div class=\"text-sm text-center shrink-0 current-time w-9\"><\/div>\n                      <\/div>\n        <\/div>\n            <div class=\"flex flex-col items-center gap-2 shrink-1 audio-control\">\n        <button\n  class=\"flex items-center justify-center w-32 max-w-32 h-32 max-h-32 transition-[max-height,_max-width] bg-black rounded-full btn text-accent\"\n  data-target=\"#audio-ace32ce4a90345dfca908035121d84f6\">\n  <svg width=\"100%\" height=\"100%\" viewBox=\"0 0 36 36\" version=\"1.1\" xmlns=\"http:\/\/www.w3.org\/2000\/svg\" xmlns:xlink=\"http:\/\/www.w3.org\/1999\/xlink\">\n  <path id=\"ytp-12\" d=\"M11,10 L18,13.74 18,22.28 11,26 M18,13.74 L26,18 26,18 18,22.28\" fill=\"currentColor\">\n    <animate id=\"animation\" begin=\"indefinite\" attributeType=\"XML\" attributeName=\"d\" fill=\"freeze\" from=\"M11,10 L17,10 17,26 11,26 M20,10 L26,10 26,26 20,26\" to=\"M11,10 L18,13.74 18,22.28 11,26 M18,13.74 L26,18 26,18 18,22.28\" dur=\"0.1s\" keySplines=\".4 0 1 1\" repeatCount=\"1\" data-play=\"M11,10 L18,13.74 18,22.28 11,26 M18,13.74 L26,18 26,18 18,22.28\" data-pause=\"M11,10 L17,10 17,26 11,26 M20,10 L26,10 26,26 20,26\"><\/animate>\n  <\/path>\n<\/svg>\n<\/button>\n        <p class=\"text-base text-center\">Ascolta<\/p>\n      <\/div>\n    <\/div>\n\n    \n          <div class=\"flex flex-wrap justify-between gap-6 md:justify-start\">\n                  <button data-target=\"#transcription-ace32ce4a90345dfca908035121d84f6\" data-toggle=\"modal\" class=\"flex items-center gap-2\">\n            <svg class=\"w-6 h-6\" fill=\"none\" xmlns=\"http:\/\/www.w3.org\/2000\/svg\" viewBox=\"0 0 22 12\"><path d=\"M0 9.873v-6c0-.55.196-1.02.588-1.412A1.926 1.926 0 0 1 2 1.873h2c.55 0 1.02.196 1.412.588.392.391.588.862.588 1.412v6H4v-2H2v2H0Zm2-4h2v-2H2v2Zm6 4v-8h4c.55 0 1.02.196 1.412.588.392.391.588.862.588 1.412v4c0 .55-.196 1.021-.588 1.413A1.926 1.926 0 0 1 12 9.873H8Zm2-2h2v-4h-2v4Zm6.85.8-1.4-1.425c.183-.183.32-.391.413-.625.091-.233.137-.483.137-.75 0-.283-.046-.537-.137-.762a1.85 1.85 0 0 0-.413-.613l1.4-1.45c.367.367.65.792.85 1.275.2.484.3 1 .3 1.55s-.1 1.063-.3 1.538c-.2.475-.483.896-.85 1.262Zm2.825 2.825-1.45-1.375c.55-.55.983-1.187 1.3-1.912A5.775 5.775 0 0 0 20 5.873c0-.85-.158-1.633-.475-2.35a6.217 6.217 0 0 0-1.3-1.9l1.45-1.4a7.94 7.94 0 0 1 1.712 2.55c.409.967.613 2 .613 3.1s-.204 2.13-.613 3.088a7.977 7.977 0 0 1-1.712 2.537Z\" fill=\"#000\"\/><\/svg>            <span>Trascrizione<\/span>\n          <\/button>\n                      <\/div>\n      <\/div>\n\n      <div id=\"transcription-ace32ce4a90345dfca908035121d84f6\"\n  class=\"fixed inset-0 z-50 hidden w-screen h-screen opacity-0 pointer-events-none modal transcription\"\n  tabindex=\"-1\" role=\"dialog\">\n  <div class=\"absolute w-full h-full bg-black opacity-75 modal-overlay\"><\/div>\n  <div\n    class=\"absolute z-30 w-11\/12 mx-auto overflow-y-auto text-black bg-white shadow-lg modal-container center-xy md:max-w-4xl\"\n    role=\"document\">\n    <div class=\"flex items-center justify-between px-4 py-4 text-gray-700 border-b md:px-8\">\n      <h2 class=\"!mb-0 font-bold\">Trascrizione<\/h2>\n      <div class=\"z-50 flex flex-col items-center ml-auto cursor-pointer rtl:ml-0 rtl:mr-auto modal-close\">\n        <svg class=\"w-auto h-6\" width=\"18\" height=\"23\" xmlns=\"http:\/\/www.w3.org\/2000\/svg\">\n  <g stroke=\"currentColor\" fill=\"none\" fill-rule=\"evenodd\" stroke-linecap=\"square\">\n    <path d=\"M.7248.974l16.1076 20.6167M16.655 1.2654L.9097 22.1601\" \/>\n  <\/g>\n<\/svg>        <div class=\"hidden\">Close<\/div>\n      <\/div>\n    <\/div>\n    <div class=\"px-4 py-8 overflow-y-auto max-h-modal md:px-8 modal-content\">\n      <div class=\"mb-8 flex flex-col gap-1.5\">\n                      <h3 class=\"text-xl font-bold\">Chiese fuori dai paesi<\/h3>\n                            <\/div>\n            <p>Per arrivare alla chiesa dal paese \u00e8 necessario attraversare la strada. Questo ci d\u00e0 un\u2019importante informazione sull\u2019origine della chiesa: questa, come le altre del complesso romanico (a eccezione di Santa Maria di Ta\u00fcll), fu costruita fuori dal centro abitato.<br \/>\nAlla tua sinistra puoi vedere il cimitero parrocchiale, un elemento comune nelle chiese di La Vall e che, come nel resto, \u00e8 ancora attivo.<\/p>\n<p><em>Suono di interferenze<\/em>.<br \/>\n<strong>Joan, un uomo anziano<\/strong>: Buongiorno Maria. Potresti prestarmi le cesoie?<br \/>\n<strong>Maria, una donna anziana<\/strong>: Certo!<br \/>\n<strong>Joan:<\/strong> Mi servono per tagliare le erbacce: crescono dappertutto e presto non sar\u00e0 neanche pi\u00f9 visibile la croce.<br \/>\n<strong>Maria<\/strong>: Non lo dire a me. Vengo tutte le settimane a pulire la lapide di mio marito. Con la pioggia diventa un disastro. E gi\u00e0 che ci sono cambio anche i fiori.<br \/>\n<strong>Joan:<\/strong> Io ho un bel po\u2019 di lavoro. Oltre alle croci e alle lapidi della mia famiglia, controllo anche quelle della famiglia di Manel, visto che lui, poveretto, non pu\u00f2 pi\u00f9 venire. Passo tutto il giorno qui.<br \/>\n<strong>Maria:<\/strong> Beh, almeno cos\u00ec ci vediamo, anche se al cimitero.<br \/>\n<em>Suono di interferenze<\/em>.<\/p>\n<p>Sempre nei pressi della chiesa, vale la pena avvicinarsi al fiume per vedere \u201cla palanca\u201d, un ponte che collegava i villaggi di La Vall, oggi completamente ricostruito. Puoi visitarlo alla fine del percorso.<br \/>\nAdesso vai verso la parte posteriore della chiesa. Ci si arriva seguendo il sentiero che scende sulla destra.<\/p>\n    <\/div>\n  <\/div>\n<\/div>\n    <\/section>\n\n\n<div class=\"flex flex-col gap-3 element text-block\">\n  <div class=\"flex items-center gap-6\">\n              <h2 class=\"text-2xl font-bold\">4c Abside<\/h2>\n      <\/div>\n    <\/div>\n\n\n<div class=\"flex flex-col gap-6 element image-block\">\n  <div class=\"flex flex-col gap-3\">\n      <\/div>\n      <figure>\n      <img loading=\"lazy\" decoding=\"async\" width=\"1452\" height=\"933\" src=\"https:\/\/guiesullsdelahistoria.cat\/app\/uploads\/2024\/11\/Sant_Feliu_Barruera_absis_i_volums.jpg\" class=\"w-full h-auto\" alt=\"Vista esterna della chiesa di Sant Feliu de Barruera da dietro, con le due absidi in primo piano e i volumi delle altre parti dell\u2019edificio che sporgono da dietro in modo sfalsato.\" srcset=\"https:\/\/guiesullsdelahistoria.cat\/app\/uploads\/2024\/11\/Sant_Feliu_Barruera_absis_i_volums.jpg 1452w, https:\/\/guiesullsdelahistoria.cat\/app\/uploads\/2024\/11\/Sant_Feliu_Barruera_absis_i_volums-300x193.jpg 300w, https:\/\/guiesullsdelahistoria.cat\/app\/uploads\/2024\/11\/Sant_Feliu_Barruera_absis_i_volums-1024x658.jpg 1024w, https:\/\/guiesullsdelahistoria.cat\/app\/uploads\/2024\/11\/Sant_Feliu_Barruera_absis_i_volums-768x493.jpg 768w\" sizes=\"auto, (max-width: 1452px) 100vw, 1452px\" \/>\n              <figcaption class=\"pt-2 text-gray-800\">Vista di Sant Feliu de Barruera da dietro.<\/figcaption>\n          <\/figure>\n  <\/div>\n\n\n<section class=\"element audio-block\">\n  <div class=\"flex flex-col w-full gap-6\">\n    <div class=\"flex flex-col gap-3\">\n      <div class=\"flex gap-6\">\n                          <h2 class=\"text-2xl font-bold\">Absidi di epoche distinte<\/h2>\n              <\/div>\n          <\/div>\n    <div class=\"flex items-center justify-end gap-3\">\n              <div class=\"flex-1 audio-content\" dir=\"ltr\">\n          <audio id=\"audio-941e5f53152ca267038d1c78fed22a4d\" data-label=\"Absidi di epoche distinte\"\n            data-category=\"SANT-FELIU-DE-BARRUERA-IT-GENERAL-PLAY-2.mp3\" class=\"hidden\" controls\n            src=\"https:\/\/guiesullsdelahistoria.cat\/app\/uploads\/2024\/11\/SANT-FELIU-DE-BARRUERA-IT-GENERAL-PLAY-2.mp3\"><\/audio>\n          <div class=\"flex items-center w-full gap-3 transition-opacity opacity-0 meta\">\n            <progress class=\"flex-1 border-0 appearance-none\" value=\"0\" max=\"1\"><\/progress>\n            <div class=\"text-sm text-center shrink-0 current-time w-9\"><\/div>\n                      <\/div>\n        <\/div>\n            <div class=\"flex flex-col items-center gap-2 shrink-1 audio-control\">\n        <button\n  class=\"flex items-center justify-center w-32 max-w-32 h-32 max-h-32 transition-[max-height,_max-width] bg-black rounded-full btn text-accent\"\n  data-target=\"#audio-941e5f53152ca267038d1c78fed22a4d\">\n  <svg width=\"100%\" height=\"100%\" viewBox=\"0 0 36 36\" version=\"1.1\" xmlns=\"http:\/\/www.w3.org\/2000\/svg\" xmlns:xlink=\"http:\/\/www.w3.org\/1999\/xlink\">\n  <path id=\"ytp-12\" d=\"M11,10 L18,13.74 18,22.28 11,26 M18,13.74 L26,18 26,18 18,22.28\" fill=\"currentColor\">\n    <animate id=\"animation\" begin=\"indefinite\" attributeType=\"XML\" attributeName=\"d\" fill=\"freeze\" from=\"M11,10 L17,10 17,26 11,26 M20,10 L26,10 26,26 20,26\" to=\"M11,10 L18,13.74 18,22.28 11,26 M18,13.74 L26,18 26,18 18,22.28\" dur=\"0.1s\" keySplines=\".4 0 1 1\" repeatCount=\"1\" data-play=\"M11,10 L18,13.74 18,22.28 11,26 M18,13.74 L26,18 26,18 18,22.28\" data-pause=\"M11,10 L17,10 17,26 11,26 M20,10 L26,10 26,26 20,26\"><\/animate>\n  <\/path>\n<\/svg>\n<\/button>\n        <p class=\"text-base text-center\">Ascolta<\/p>\n      <\/div>\n    <\/div>\n\n    \n          <div class=\"flex flex-wrap justify-between gap-6 md:justify-start\">\n                  <button data-target=\"#transcription-941e5f53152ca267038d1c78fed22a4d\" data-toggle=\"modal\" class=\"flex items-center gap-2\">\n            <svg class=\"w-6 h-6\" fill=\"none\" xmlns=\"http:\/\/www.w3.org\/2000\/svg\" viewBox=\"0 0 22 12\"><path d=\"M0 9.873v-6c0-.55.196-1.02.588-1.412A1.926 1.926 0 0 1 2 1.873h2c.55 0 1.02.196 1.412.588.392.391.588.862.588 1.412v6H4v-2H2v2H0Zm2-4h2v-2H2v2Zm6 4v-8h4c.55 0 1.02.196 1.412.588.392.391.588.862.588 1.412v4c0 .55-.196 1.021-.588 1.413A1.926 1.926 0 0 1 12 9.873H8Zm2-2h2v-4h-2v4Zm6.85.8-1.4-1.425c.183-.183.32-.391.413-.625.091-.233.137-.483.137-.75 0-.283-.046-.537-.137-.762a1.85 1.85 0 0 0-.413-.613l1.4-1.45c.367.367.65.792.85 1.275.2.484.3 1 .3 1.55s-.1 1.063-.3 1.538c-.2.475-.483.896-.85 1.262Zm2.825 2.825-1.45-1.375c.55-.55.983-1.187 1.3-1.912A5.775 5.775 0 0 0 20 5.873c0-.85-.158-1.633-.475-2.35a6.217 6.217 0 0 0-1.3-1.9l1.45-1.4a7.94 7.94 0 0 1 1.712 2.55c.409.967.613 2 .613 3.1s-.204 2.13-.613 3.088a7.977 7.977 0 0 1-1.712 2.537Z\" fill=\"#000\"\/><\/svg>            <span>Trascrizione<\/span>\n          <\/button>\n                      <\/div>\n      <\/div>\n\n      <div id=\"transcription-941e5f53152ca267038d1c78fed22a4d\"\n  class=\"fixed inset-0 z-50 hidden w-screen h-screen opacity-0 pointer-events-none modal transcription\"\n  tabindex=\"-1\" role=\"dialog\">\n  <div class=\"absolute w-full h-full bg-black opacity-75 modal-overlay\"><\/div>\n  <div\n    class=\"absolute z-30 w-11\/12 mx-auto overflow-y-auto text-black bg-white shadow-lg modal-container center-xy md:max-w-4xl\"\n    role=\"document\">\n    <div class=\"flex items-center justify-between px-4 py-4 text-gray-700 border-b md:px-8\">\n      <h2 class=\"!mb-0 font-bold\">Trascrizione<\/h2>\n      <div class=\"z-50 flex flex-col items-center ml-auto cursor-pointer rtl:ml-0 rtl:mr-auto modal-close\">\n        <svg class=\"w-auto h-6\" width=\"18\" height=\"23\" xmlns=\"http:\/\/www.w3.org\/2000\/svg\">\n  <g stroke=\"currentColor\" fill=\"none\" fill-rule=\"evenodd\" stroke-linecap=\"square\">\n    <path d=\"M.7248.974l16.1076 20.6167M16.655 1.2654L.9097 22.1601\" \/>\n  <\/g>\n<\/svg>        <div class=\"hidden\">Close<\/div>\n      <\/div>\n    <\/div>\n    <div class=\"px-4 py-8 overflow-y-auto max-h-modal md:px-8 modal-content\">\n      <div class=\"mb-8 flex flex-col gap-1.5\">\n                      <h3 class=\"text-xl font-bold\">Absidi di epoche distinte<\/h3>\n                            <\/div>\n            <p>La chiesa di Sant Feliu ha subito numerose trasformazioni nel corso dei secoli. Osserva la curiosa prospettiva generata dai suoi volumi.<br \/>\nSpiccano le absidi, dove si possono vedere elementi architettonici di diversi periodi di costruzione. L\u2019abside pi\u00f9 grande risale all\u2019XI secolo. Si vede chiaramente che \u00e8 costruita con pietre irregolari e decorata con arcate cieche e fasce o lesene del primo romanico. La pi\u00f9 piccola \u00e8 del XII secolo, \u00e8 realizzata con pietre regolari e non ha praticamente decorazioni.<br \/>\nNelle absidi di Sant Feliu si possono osservare vari modelli di finestre romaniche.<br \/>\nPer proseguire la visita, entra nella chiesa e posizionati davanti alle panche. <\/p>\n    <\/div>\n  <\/div>\n<\/div>\n    <\/section>\n\n\n<div class=\"flex flex-col gap-3 element text-block\">\n  <div class=\"flex items-center gap-6\">\n              <h2 class=\"text-2xl font-bold\">4d Interno davanti all&#8217;altare<\/h2>\n      <\/div>\n    <\/div>\n\n\n<div class=\"flex flex-col gap-6 element image-block\">\n  <div class=\"flex flex-col gap-3\">\n      <\/div>\n      <figure>\n      <img loading=\"lazy\" decoding=\"async\" width=\"1445\" height=\"962\" src=\"https:\/\/guiesullsdelahistoria.cat\/app\/uploads\/2024\/11\/Sant_Feliu_Barruera_interior_absis_DSC0051.jpg\" class=\"w-full h-auto\" alt=\"Vista interna dell\u2019abside centrale della chiesa di Sant Feliu de Barruera coperta dalla volta a quarto di sfera.\" srcset=\"https:\/\/guiesullsdelahistoria.cat\/app\/uploads\/2024\/11\/Sant_Feliu_Barruera_interior_absis_DSC0051.jpg 1445w, https:\/\/guiesullsdelahistoria.cat\/app\/uploads\/2024\/11\/Sant_Feliu_Barruera_interior_absis_DSC0051-300x200.jpg 300w, https:\/\/guiesullsdelahistoria.cat\/app\/uploads\/2024\/11\/Sant_Feliu_Barruera_interior_absis_DSC0051-1024x682.jpg 1024w, https:\/\/guiesullsdelahistoria.cat\/app\/uploads\/2024\/11\/Sant_Feliu_Barruera_interior_absis_DSC0051-768x511.jpg 768w\" sizes=\"auto, (max-width: 1445px) 100vw, 1445px\" \/>\n              <figcaption class=\"pt-2 text-gray-800\">Vista interna di Sant Feliu de Barruera.<\/figcaption>\n          <\/figure>\n  <\/div>\n\n\n<section class=\"element audio-block\">\n  <div class=\"flex flex-col w-full gap-6\">\n    <div class=\"flex flex-col gap-3\">\n      <div class=\"flex gap-6\">\n                          <h2 class=\"text-2xl font-bold\">I materiali di costruzione e la decorazione dell\u2019abside<\/h2>\n              <\/div>\n          <\/div>\n    <div class=\"flex items-center justify-end gap-3\">\n              <div class=\"flex-1 audio-content\" dir=\"ltr\">\n          <audio id=\"audio-7e3642c15a2928bd1a258bb5916a7e41\" data-label=\"I materiali di costruzione e la decorazione dell\u2019abside\"\n            data-category=\"SANT-FELIU-DE-BARRUERA-IT-GENERAL-PLAY-3.mp3\" class=\"hidden\" controls\n            src=\"https:\/\/guiesullsdelahistoria.cat\/app\/uploads\/2024\/11\/SANT-FELIU-DE-BARRUERA-IT-GENERAL-PLAY-3.mp3\"><\/audio>\n          <div class=\"flex items-center w-full gap-3 transition-opacity opacity-0 meta\">\n            <progress class=\"flex-1 border-0 appearance-none\" value=\"0\" max=\"1\"><\/progress>\n            <div class=\"text-sm text-center shrink-0 current-time w-9\"><\/div>\n                      <\/div>\n        <\/div>\n            <div class=\"flex flex-col items-center gap-2 shrink-1 audio-control\">\n        <button\n  class=\"flex items-center justify-center w-32 max-w-32 h-32 max-h-32 transition-[max-height,_max-width] bg-black rounded-full btn text-accent\"\n  data-target=\"#audio-7e3642c15a2928bd1a258bb5916a7e41\">\n  <svg width=\"100%\" height=\"100%\" viewBox=\"0 0 36 36\" version=\"1.1\" xmlns=\"http:\/\/www.w3.org\/2000\/svg\" xmlns:xlink=\"http:\/\/www.w3.org\/1999\/xlink\">\n  <path id=\"ytp-12\" d=\"M11,10 L18,13.74 18,22.28 11,26 M18,13.74 L26,18 26,18 18,22.28\" fill=\"currentColor\">\n    <animate id=\"animation\" begin=\"indefinite\" attributeType=\"XML\" attributeName=\"d\" fill=\"freeze\" from=\"M11,10 L17,10 17,26 11,26 M20,10 L26,10 26,26 20,26\" to=\"M11,10 L18,13.74 18,22.28 11,26 M18,13.74 L26,18 26,18 18,22.28\" dur=\"0.1s\" keySplines=\".4 0 1 1\" repeatCount=\"1\" data-play=\"M11,10 L18,13.74 18,22.28 11,26 M18,13.74 L26,18 26,18 18,22.28\" data-pause=\"M11,10 L17,10 17,26 11,26 M20,10 L26,10 26,26 20,26\"><\/animate>\n  <\/path>\n<\/svg>\n<\/button>\n        <p class=\"text-base text-center\">Ascolta<\/p>\n      <\/div>\n    <\/div>\n\n    \n          <div class=\"flex flex-wrap justify-between gap-6 md:justify-start\">\n                  <button data-target=\"#transcription-7e3642c15a2928bd1a258bb5916a7e41\" data-toggle=\"modal\" class=\"flex items-center gap-2\">\n            <svg class=\"w-6 h-6\" fill=\"none\" xmlns=\"http:\/\/www.w3.org\/2000\/svg\" viewBox=\"0 0 22 12\"><path d=\"M0 9.873v-6c0-.55.196-1.02.588-1.412A1.926 1.926 0 0 1 2 1.873h2c.55 0 1.02.196 1.412.588.392.391.588.862.588 1.412v6H4v-2H2v2H0Zm2-4h2v-2H2v2Zm6 4v-8h4c.55 0 1.02.196 1.412.588.392.391.588.862.588 1.412v4c0 .55-.196 1.021-.588 1.413A1.926 1.926 0 0 1 12 9.873H8Zm2-2h2v-4h-2v4Zm6.85.8-1.4-1.425c.183-.183.32-.391.413-.625.091-.233.137-.483.137-.75 0-.283-.046-.537-.137-.762a1.85 1.85 0 0 0-.413-.613l1.4-1.45c.367.367.65.792.85 1.275.2.484.3 1 .3 1.55s-.1 1.063-.3 1.538c-.2.475-.483.896-.85 1.262Zm2.825 2.825-1.45-1.375c.55-.55.983-1.187 1.3-1.912A5.775 5.775 0 0 0 20 5.873c0-.85-.158-1.633-.475-2.35a6.217 6.217 0 0 0-1.3-1.9l1.45-1.4a7.94 7.94 0 0 1 1.712 2.55c.409.967.613 2 .613 3.1s-.204 2.13-.613 3.088a7.977 7.977 0 0 1-1.712 2.537Z\" fill=\"#000\"\/><\/svg>            <span>Trascrizione<\/span>\n          <\/button>\n                      <\/div>\n      <\/div>\n\n      <div id=\"transcription-7e3642c15a2928bd1a258bb5916a7e41\"\n  class=\"fixed inset-0 z-50 hidden w-screen h-screen opacity-0 pointer-events-none modal transcription\"\n  tabindex=\"-1\" role=\"dialog\">\n  <div class=\"absolute w-full h-full bg-black opacity-75 modal-overlay\"><\/div>\n  <div\n    class=\"absolute z-30 w-11\/12 mx-auto overflow-y-auto text-black bg-white shadow-lg modal-container center-xy md:max-w-4xl\"\n    role=\"document\">\n    <div class=\"flex items-center justify-between px-4 py-4 text-gray-700 border-b md:px-8\">\n      <h2 class=\"!mb-0 font-bold\">Trascrizione<\/h2>\n      <div class=\"z-50 flex flex-col items-center ml-auto cursor-pointer rtl:ml-0 rtl:mr-auto modal-close\">\n        <svg class=\"w-auto h-6\" width=\"18\" height=\"23\" xmlns=\"http:\/\/www.w3.org\/2000\/svg\">\n  <g stroke=\"currentColor\" fill=\"none\" fill-rule=\"evenodd\" stroke-linecap=\"square\">\n    <path d=\"M.7248.974l16.1076 20.6167M16.655 1.2654L.9097 22.1601\" \/>\n  <\/g>\n<\/svg>        <div class=\"hidden\">Close<\/div>\n      <\/div>\n    <\/div>\n    <div class=\"px-4 py-8 overflow-y-auto max-h-modal md:px-8 modal-content\">\n      <div class=\"mb-8 flex flex-col gap-1.5\">\n                      <h3 class=\"text-xl font-bold\">I materiali di costruzione e la decorazione dell\u2019abside<\/h3>\n                            <\/div>\n            <p>L\u2019abside centrale della chiesa di Sant Feliu \u00e8 interessante sia dentro che fuori. L\u2019interno racchiude elementi davvero singolari.<br \/>\nIl primo riguarda i materiali di costruzione. Se osservi attentamente, la volta a quarto di sfera che copre l\u2019abside centrale \u00e8 costruita con pietra pomice, un materiale pi\u00f9 leggero del granito, molto probabilmente estratto nelle vicinanze del fiume Noguera de Tor.<br \/>\nInteressanti sono anche i resti dell\u2019intonacatura e del cordolo originali dell\u2019XI secolo; se ne pu\u00f2 vedere un esempio nello spazio tra la finestra centrale e quella di sinistra. Il cordolo sarebbe costituito da queste linee bianche tracciate sulla pietra per simulare una simmetria che in realt\u00e0 non esiste. Questa decorazione con cordolo \u00e8 visibile anche a Sant Climent di Ta\u00fcll, Sant Joan di Bo\u00ed e Santa Eul\u00e0lia di Erill la Vall.<br \/>\nSe vuoi vedere come appariva l\u2019intera abside di Sant Feliu di Barruera decorata con arazzi, attiva la risorsa virtuale.<\/p>\n    <\/div>\n  <\/div>\n<\/div>\n    <\/section>\n\n\n<div class=\"flex flex-col gap-3 element interactive-block\">\n  <div class=\"flex items-center gap-6\">\n              <h2 class=\"text-2xl font-bold\">Risorsa virtuale: restauro del cordolo dell\u2019abside<\/h2>\n      <\/div>\n          <div class=\"flex justify-end w-full\">\n      <div class=\"flex flex-col items-center gap-2 shrink-1\">\n        <button data-target=\"#embed-69f5c681306c0\" data-toggle=\"modal\"\n          class=\"flex items-center justify-center w-32 h-32 bg-black rounded-full text-accent\">\n          <svg class=\"w-16 h-auto\" width=\"60\" height=\"61\" viewBox=\"0 0 60 61\" fill=\"none\" xmlns=\"http:\/\/www.w3.org\/2000\/svg\">\n  <path\n    d=\"M27 53.298L12 44.673C11.05 44.1231 10.3125 43.398 9.7875 42.498C9.2625 41.598 9 40.598 9 39.498V22.248C9 21.148 9.2625 20.148 9.7875 19.248C10.3125 18.348 11.05 17.623 12 17.073L27 8.44805C27.95 7.89805 28.95 7.62305 30 7.62305C31.05 7.62305 32.05 7.89805 33 8.44805L48 17.073C48.95 17.623 49.6875 18.348 50.2125 19.248C50.7375 20.148 51 21.148 51 22.248V39.498C51 40.598 50.7375 41.598 50.2125 42.498C49.6875 43.398 48.95 44.1231 48 44.673L33 53.298C32.05 53.848 31.05 54.123 30 54.123C28.95 54.123 27.95 53.848 27 53.298ZM27 46.398V32.598L15 25.623V39.498L27 46.398ZM33 46.398L45 39.498V25.623L33 32.598V46.398ZM0 15.873V6.87305C0 5.22305 0.5875 3.81055 1.7625 2.63555C2.9375 1.46055 4.35 0.873047 6 0.873047H15V6.87305H6V15.873H0ZM15 60.873H6C4.35 60.873 2.9375 60.2855 1.7625 59.1105C0.5875 57.9355 0 56.523 0 54.873V45.8731H6V54.873H15V60.873ZM45 60.873V54.873H54V45.8731H60V54.873C60 56.523 59.4125 57.9355 58.2375 59.1105C57.0625 60.2855 55.65 60.873 54 60.873H45ZM54 15.873V6.87305H45V0.873047H54C55.65 0.873047 57.0625 1.46055 58.2375 2.63555C59.4125 3.81055 60 5.22305 60 6.87305V15.873H54ZM30 27.423L41.85 20.448L30 13.623L18.15 20.448L30 27.423Z\"\n    fill=\"currentColor\" \/>\n<\/svg>\n        <\/button>\n                  <p class=\"text-base text-center\">Guarda<\/p>\n              <\/div>\n    <\/div>\n    <div id=\"embed-69f5c681306c0\"\n  class=\"fixed inset-0 z-50 hidden w-screen h-screen opacity-0 pointer-events-none modal embed-container\"\n  tabindex=\"-1\" role=\"dialog\">\n  <div class=\"absolute w-full h-full bg-black opacity-75 modal-overlay\"><\/div>\n  <div\n    class=\"absolute z-30 w-11\/12 mx-auto overflow-y-auto text-black bg-white shadow-lg modal-container center-xy md:max-w-4xl\"\n    role=\"document\">\n    <div class=\"flex items-center justify-between px-4 py-4 text-gray-700 border-b md:px-8\">\n      <h2 class=\"!mb-0 font-bold\">Guarda<\/h2>\n      <div class=\"z-50 flex flex-col items-center ml-auto cursor-pointer rtl:ml-0 rtl:mr-auto modal-close\">\n        <svg class=\"w-auto h-6\" width=\"18\" height=\"23\" xmlns=\"http:\/\/www.w3.org\/2000\/svg\">\n  <g stroke=\"currentColor\" fill=\"none\" fill-rule=\"evenodd\" stroke-linecap=\"square\">\n    <path d=\"M.7248.974l16.1076 20.6167M16.655 1.2654L.9097 22.1601\" \/>\n  <\/g>\n<\/svg>        <div class=\"hidden\">Close<\/div>\n      <\/div>\n    <\/div>\n    <div class=\"px-4 py-8 overflow-y-auto max-h-modal md:px-8 modal-content\">\n      <div class=\"sketchfab-embed-wrapper\"> <iframe title=\"Absis de Sant Feliu de Barruera. Reconstrucci\u00f3\" frameborder=\"0\" allowfullscreen mozallowfullscreen=\"true\" webkitallowfullscreen=\"true\" allow=\"autoplay; fullscreen; xr-spatial-tracking\" xr-spatial-tracking execution-while-out-of-viewport execution-while-not-rendered web-share src=\"https:\/\/sketchfab.com\/models\/e6ef268e31c94ca6bacc5fd0182d2644\/embed?ui_infos=0\"> <\/iframe> <\/div>\n    <\/div>\n  <\/div>\n<\/div>\n  <\/div>\n\n\n<div class=\"flex flex-col gap-3 element text-block\">\n  <div class=\"flex items-center gap-6\">\n              <h2 class=\"text-2xl font-bold\">4e Croce della navata<\/h2>\n      <\/div>\n    <\/div>\n\n\n<div class=\"flex flex-col gap-6 element image-block\">\n  <div class=\"flex flex-col gap-3\">\n      <\/div>\n      <figure>\n      <img loading=\"lazy\" decoding=\"async\" width=\"325\" height=\"433\" src=\"https:\/\/guiesullsdelahistoria.cat\/app\/uploads\/2024\/11\/Sant_Feliu_de_Barruera_mobiliari_barroc.jpg\" class=\"w-full h-auto\" alt=\"nstallazione degli arredi religiosi all\u2019interno della chiesa di Sant Feliu de Barruera: paliotto del XIX secolo, con sopra una predella del XVI secolo e intagli del XX secolo.\" srcset=\"https:\/\/guiesullsdelahistoria.cat\/app\/uploads\/2024\/11\/Sant_Feliu_de_Barruera_mobiliari_barroc.jpg 325w, https:\/\/guiesullsdelahistoria.cat\/app\/uploads\/2024\/11\/Sant_Feliu_de_Barruera_mobiliari_barroc-225x300.jpg 225w\" sizes=\"auto, (max-width: 325px) 100vw, 325px\" \/>\n              <figcaption class=\"pt-2 text-gray-800\">Arredi religiosi all\u2019interno di Sant Feliu de Barruera. <\/figcaption>\n          <\/figure>\n  <\/div>\n\n\n<section class=\"element audio-block\">\n  <div class=\"flex flex-col w-full gap-6\">\n    <div class=\"flex flex-col gap-3\">\n      <div class=\"flex gap-6\">\n                          <h2 class=\"text-2xl font-bold\">Arredi interni e contributi barocchi<\/h2>\n              <\/div>\n          <\/div>\n    <div class=\"flex items-center justify-end gap-3\">\n              <div class=\"flex-1 audio-content\" dir=\"ltr\">\n          <audio id=\"audio-5c324ede3b923ff3162a244c8715fac7\" data-label=\"Arredi interni e contributi barocchi\"\n            data-category=\"SANT-FELIU-DE-BARRUERA-IT-GENERAL-PLAY-4.mp3\" class=\"hidden\" controls\n            src=\"https:\/\/guiesullsdelahistoria.cat\/app\/uploads\/2024\/11\/SANT-FELIU-DE-BARRUERA-IT-GENERAL-PLAY-4.mp3\"><\/audio>\n          <div class=\"flex items-center w-full gap-3 transition-opacity opacity-0 meta\">\n            <progress class=\"flex-1 border-0 appearance-none\" value=\"0\" max=\"1\"><\/progress>\n            <div class=\"text-sm text-center shrink-0 current-time w-9\"><\/div>\n                      <\/div>\n        <\/div>\n            <div class=\"flex flex-col items-center gap-2 shrink-1 audio-control\">\n        <button\n  class=\"flex items-center justify-center w-32 max-w-32 h-32 max-h-32 transition-[max-height,_max-width] bg-black rounded-full btn text-accent\"\n  data-target=\"#audio-5c324ede3b923ff3162a244c8715fac7\">\n  <svg width=\"100%\" height=\"100%\" viewBox=\"0 0 36 36\" version=\"1.1\" xmlns=\"http:\/\/www.w3.org\/2000\/svg\" xmlns:xlink=\"http:\/\/www.w3.org\/1999\/xlink\">\n  <path id=\"ytp-12\" d=\"M11,10 L18,13.74 18,22.28 11,26 M18,13.74 L26,18 26,18 18,22.28\" fill=\"currentColor\">\n    <animate id=\"animation\" begin=\"indefinite\" attributeType=\"XML\" attributeName=\"d\" fill=\"freeze\" from=\"M11,10 L17,10 17,26 11,26 M20,10 L26,10 26,26 20,26\" to=\"M11,10 L18,13.74 18,22.28 11,26 M18,13.74 L26,18 26,18 18,22.28\" dur=\"0.1s\" keySplines=\".4 0 1 1\" repeatCount=\"1\" data-play=\"M11,10 L18,13.74 18,22.28 11,26 M18,13.74 L26,18 26,18 18,22.28\" data-pause=\"M11,10 L17,10 17,26 11,26 M20,10 L26,10 26,26 20,26\"><\/animate>\n  <\/path>\n<\/svg>\n<\/button>\n        <p class=\"text-base text-center\">Ascolta<\/p>\n      <\/div>\n    <\/div>\n\n    \n          <div class=\"flex flex-wrap justify-between gap-6 md:justify-start\">\n                  <button data-target=\"#transcription-5c324ede3b923ff3162a244c8715fac7\" data-toggle=\"modal\" class=\"flex items-center gap-2\">\n            <svg class=\"w-6 h-6\" fill=\"none\" xmlns=\"http:\/\/www.w3.org\/2000\/svg\" viewBox=\"0 0 22 12\"><path d=\"M0 9.873v-6c0-.55.196-1.02.588-1.412A1.926 1.926 0 0 1 2 1.873h2c.55 0 1.02.196 1.412.588.392.391.588.862.588 1.412v6H4v-2H2v2H0Zm2-4h2v-2H2v2Zm6 4v-8h4c.55 0 1.02.196 1.412.588.392.391.588.862.588 1.412v4c0 .55-.196 1.021-.588 1.413A1.926 1.926 0 0 1 12 9.873H8Zm2-2h2v-4h-2v4Zm6.85.8-1.4-1.425c.183-.183.32-.391.413-.625.091-.233.137-.483.137-.75 0-.283-.046-.537-.137-.762a1.85 1.85 0 0 0-.413-.613l1.4-1.45c.367.367.65.792.85 1.275.2.484.3 1 .3 1.55s-.1 1.063-.3 1.538c-.2.475-.483.896-.85 1.262Zm2.825 2.825-1.45-1.375c.55-.55.983-1.187 1.3-1.912A5.775 5.775 0 0 0 20 5.873c0-.85-.158-1.633-.475-2.35a6.217 6.217 0 0 0-1.3-1.9l1.45-1.4a7.94 7.94 0 0 1 1.712 2.55c.409.967.613 2 .613 3.1s-.204 2.13-.613 3.088a7.977 7.977 0 0 1-1.712 2.537Z\" fill=\"#000\"\/><\/svg>            <span>Trascrizione<\/span>\n          <\/button>\n                      <\/div>\n      <\/div>\n\n      <div id=\"transcription-5c324ede3b923ff3162a244c8715fac7\"\n  class=\"fixed inset-0 z-50 hidden w-screen h-screen opacity-0 pointer-events-none modal transcription\"\n  tabindex=\"-1\" role=\"dialog\">\n  <div class=\"absolute w-full h-full bg-black opacity-75 modal-overlay\"><\/div>\n  <div\n    class=\"absolute z-30 w-11\/12 mx-auto overflow-y-auto text-black bg-white shadow-lg modal-container center-xy md:max-w-4xl\"\n    role=\"document\">\n    <div class=\"flex items-center justify-between px-4 py-4 text-gray-700 border-b md:px-8\">\n      <h2 class=\"!mb-0 font-bold\">Trascrizione<\/h2>\n      <div class=\"z-50 flex flex-col items-center ml-auto cursor-pointer rtl:ml-0 rtl:mr-auto modal-close\">\n        <svg class=\"w-auto h-6\" width=\"18\" height=\"23\" xmlns=\"http:\/\/www.w3.org\/2000\/svg\">\n  <g stroke=\"currentColor\" fill=\"none\" fill-rule=\"evenodd\" stroke-linecap=\"square\">\n    <path d=\"M.7248.974l16.1076 20.6167M16.655 1.2654L.9097 22.1601\" \/>\n  <\/g>\n<\/svg>        <div class=\"hidden\">Close<\/div>\n      <\/div>\n    <\/div>\n    <div class=\"px-4 py-8 overflow-y-auto max-h-modal md:px-8 modal-content\">\n      <div class=\"mb-8 flex flex-col gap-1.5\">\n                      <h3 class=\"text-xl font-bold\">Arredi interni e contributi barocchi<\/h3>\n                            <\/div>\n            <p>Il rimaneggiamento della chiesa e i beni mobili conservati al suo interno mostrano come le chiese di La Vall siano state adattate ai gusti e alle esigenze della comunit\u00e0 che le ha utilizzate ininterrottamente dal periodo romanico a oggi.<br \/>\nDa notare le due immagini di Cristo, quella sull\u2019altare principale e quella piantata sul pavimento, che veniva tolta il Gioved\u00ec Santo per la Via Crucis, la celebrazione che ricorda gli ultimi momenti della vita di Ges\u00f9.<br \/>\nLa collezione di beni mobili di Sant Feliu comprende un confessionale e una panca.<br \/>\nVi sono anche diverse sculture, come \u201cgli armati\u201d, i due soldati che fiancheggiano l\u2019altare a destra, e un retablo all\u2019ingresso. Se vuoi saperne di pi\u00f9, consulta i poster informativi.<br \/>\nInfine, puoi salire al coro, da cui si gode di una vista privilegiata sull\u2019interno di Sant Feliu. <\/p>\n    <\/div>\n  <\/div>\n<\/div>\n    <\/section>\n\n\n<div class=\"flex flex-col gap-3 element text-block\">\n  <div class=\"flex items-center gap-6\">\n              <h2 class=\"text-2xl font-bold\">4f Ti aspettiamo!<\/h2>\n      <\/div>\n    <\/div>\n\n\n<section class=\"element audio-block\">\n  <div class=\"flex flex-col w-full gap-6\">\n    <div class=\"flex flex-col gap-3\">\n      <div class=\"flex gap-6\">\n                          <h2 class=\"text-2xl font-bold\">La visita continua<\/h2>\n              <\/div>\n          <\/div>\n    <div class=\"flex items-center justify-end gap-3\">\n              <div class=\"flex-1 audio-content\" dir=\"ltr\">\n          <audio id=\"audio-68c90ab32e3ac6ffb3768c4acd7439ee\" data-label=\"La visita continua\"\n            data-category=\"SANT-FELIU-DE-BARRUERA-IT-GENERAL-PLAY-CLOENDA.mp3\" class=\"hidden\" controls\n            src=\"https:\/\/guiesullsdelahistoria.cat\/app\/uploads\/2024\/11\/SANT-FELIU-DE-BARRUERA-IT-GENERAL-PLAY-CLOENDA.mp3\"><\/audio>\n          <div class=\"flex items-center w-full gap-3 transition-opacity opacity-0 meta\">\n            <progress class=\"flex-1 border-0 appearance-none\" value=\"0\" max=\"1\"><\/progress>\n            <div class=\"text-sm text-center shrink-0 current-time w-9\"><\/div>\n                      <\/div>\n        <\/div>\n            <div class=\"flex flex-col items-center gap-2 shrink-1 audio-control\">\n        <button\n  class=\"flex items-center justify-center w-32 max-w-32 h-32 max-h-32 transition-[max-height,_max-width] bg-black rounded-full btn text-accent\"\n  data-target=\"#audio-68c90ab32e3ac6ffb3768c4acd7439ee\">\n  <svg width=\"100%\" height=\"100%\" viewBox=\"0 0 36 36\" version=\"1.1\" xmlns=\"http:\/\/www.w3.org\/2000\/svg\" xmlns:xlink=\"http:\/\/www.w3.org\/1999\/xlink\">\n  <path id=\"ytp-12\" d=\"M11,10 L18,13.74 18,22.28 11,26 M18,13.74 L26,18 26,18 18,22.28\" fill=\"currentColor\">\n    <animate id=\"animation\" begin=\"indefinite\" attributeType=\"XML\" attributeName=\"d\" fill=\"freeze\" from=\"M11,10 L17,10 17,26 11,26 M20,10 L26,10 26,26 20,26\" to=\"M11,10 L18,13.74 18,22.28 11,26 M18,13.74 L26,18 26,18 18,22.28\" dur=\"0.1s\" keySplines=\".4 0 1 1\" repeatCount=\"1\" data-play=\"M11,10 L18,13.74 18,22.28 11,26 M18,13.74 L26,18 26,18 18,22.28\" data-pause=\"M11,10 L17,10 17,26 11,26 M20,10 L26,10 26,26 20,26\"><\/animate>\n  <\/path>\n<\/svg>\n<\/button>\n        <p class=\"text-base text-center\">Ascolta<\/p>\n      <\/div>\n    <\/div>\n\n    \n          <div class=\"flex flex-wrap justify-between gap-6 md:justify-start\">\n                  <button data-target=\"#transcription-68c90ab32e3ac6ffb3768c4acd7439ee\" data-toggle=\"modal\" class=\"flex items-center gap-2\">\n            <svg class=\"w-6 h-6\" fill=\"none\" xmlns=\"http:\/\/www.w3.org\/2000\/svg\" viewBox=\"0 0 22 12\"><path d=\"M0 9.873v-6c0-.55.196-1.02.588-1.412A1.926 1.926 0 0 1 2 1.873h2c.55 0 1.02.196 1.412.588.392.391.588.862.588 1.412v6H4v-2H2v2H0Zm2-4h2v-2H2v2Zm6 4v-8h4c.55 0 1.02.196 1.412.588.392.391.588.862.588 1.412v4c0 .55-.196 1.021-.588 1.413A1.926 1.926 0 0 1 12 9.873H8Zm2-2h2v-4h-2v4Zm6.85.8-1.4-1.425c.183-.183.32-.391.413-.625.091-.233.137-.483.137-.75 0-.283-.046-.537-.137-.762a1.85 1.85 0 0 0-.413-.613l1.4-1.45c.367.367.65.792.85 1.275.2.484.3 1 .3 1.55s-.1 1.063-.3 1.538c-.2.475-.483.896-.85 1.262Zm2.825 2.825-1.45-1.375c.55-.55.983-1.187 1.3-1.912A5.775 5.775 0 0 0 20 5.873c0-.85-.158-1.633-.475-2.35a6.217 6.217 0 0 0-1.3-1.9l1.45-1.4a7.94 7.94 0 0 1 1.712 2.55c.409.967.613 2 .613 3.1s-.204 2.13-.613 3.088a7.977 7.977 0 0 1-1.712 2.537Z\" fill=\"#000\"\/><\/svg>            <span>Trascrizione<\/span>\n          <\/button>\n                      <\/div>\n      <\/div>\n\n      <div id=\"transcription-68c90ab32e3ac6ffb3768c4acd7439ee\"\n  class=\"fixed inset-0 z-50 hidden w-screen h-screen opacity-0 pointer-events-none modal transcription\"\n  tabindex=\"-1\" role=\"dialog\">\n  <div class=\"absolute w-full h-full bg-black opacity-75 modal-overlay\"><\/div>\n  <div\n    class=\"absolute z-30 w-11\/12 mx-auto overflow-y-auto text-black bg-white shadow-lg modal-container center-xy md:max-w-4xl\"\n    role=\"document\">\n    <div class=\"flex items-center justify-between px-4 py-4 text-gray-700 border-b md:px-8\">\n      <h2 class=\"!mb-0 font-bold\">Trascrizione<\/h2>\n      <div class=\"z-50 flex flex-col items-center ml-auto cursor-pointer rtl:ml-0 rtl:mr-auto modal-close\">\n        <svg class=\"w-auto h-6\" width=\"18\" height=\"23\" xmlns=\"http:\/\/www.w3.org\/2000\/svg\">\n  <g stroke=\"currentColor\" fill=\"none\" fill-rule=\"evenodd\" stroke-linecap=\"square\">\n    <path d=\"M.7248.974l16.1076 20.6167M16.655 1.2654L.9097 22.1601\" \/>\n  <\/g>\n<\/svg>        <div class=\"hidden\">Close<\/div>\n      <\/div>\n    <\/div>\n    <div class=\"px-4 py-8 overflow-y-auto max-h-modal md:px-8 modal-content\">\n      <div class=\"mb-8 flex flex-col gap-1.5\">\n                      <h3 class=\"text-xl font-bold\">La visita continua<\/h3>\n                            <\/div>\n            <p>Qui termina la visita alla chiesa. Ora ti invitiamo a scoprire le altre, che compongono il complesso romanico della Vall de Bo\u00ed. Ti aspettiamo!<\/p>\n    <\/div>\n  <\/div>\n<\/div>\n    <\/section>\n\n\n<div class=\"flex flex-col gap-3 element text-block\">\n  <div class=\"flex items-center gap-6\">\n              <h2 class=\"text-2xl font-bold\">Chiusura<\/h2>\n      <\/div>\n        <div class=\"prose prose-lg\"><p>\u201c<em>Els Ulls de la Hist\u00f2ria<\/em>. Uno sguardo immersivo sul patrimonio\u201d \u00e8 un\u2019iniziativa dell\u2019Ag\u00e8ncia Catalana del Patrimoni Cultural, un progetto che incorpora altre voci e altri punti di vista sul nostro passato. Perch\u00e9 la storia la costruiamo tutti e tutte.<\/p>\n<\/div>\n  <\/div>\n\n<\/div>\n      <\/div>\n    <\/div>\n  <\/section>\n\n\n<section class=\"overflow-hidden section\" id=\"section-69f5c68147809\" data-title=\"5. Sant Joan de Bo\u00ed\">\n    <div class=\"container grid grid-cols-1 py-8 md:py-10 max-md:gap-y-8 md:grid-standard\">\n              <div class=\"flex gap-4 md:col-span-5\">\n                                <h2 class=\"text-8 font-headings\">5. Sant Joan de Bo\u00ed<\/h2>\n                  <\/div>\n            <div class=\"flex flex-col gap-8 md:col-span-6 md:col-start-7 md:gap-10\">\n        <div class=\"acf-innerblocks-container\">\n<div class=\"flex flex-col gap-3 element text-block\">\n  <div class=\"flex items-center gap-6\">\n              <h2 class=\"text-2xl font-bold\">5a Introduzione<\/h2>\n      <\/div>\n    <\/div>\n\n\n<div class=\"flex flex-col gap-6 element image-block\">\n  <div class=\"flex flex-col gap-3\">\n      <\/div>\n      <figure>\n      <img loading=\"lazy\" decoding=\"async\" width=\"1444\" height=\"964\" src=\"https:\/\/guiesullsdelahistoria.cat\/app\/uploads\/2024\/11\/Sant_Joan_de_Boi_esglesia_DSC6788.jpg\" class=\"w-full h-auto\" alt=\"Veduta generale dell\u2019esterno della chiesa di Sant Joan de Bo\u00ed dal lato del portico, con il cimitero in primo piano.\" srcset=\"https:\/\/guiesullsdelahistoria.cat\/app\/uploads\/2024\/11\/Sant_Joan_de_Boi_esglesia_DSC6788.jpg 1444w, https:\/\/guiesullsdelahistoria.cat\/app\/uploads\/2024\/11\/Sant_Joan_de_Boi_esglesia_DSC6788-300x200.jpg 300w, https:\/\/guiesullsdelahistoria.cat\/app\/uploads\/2024\/11\/Sant_Joan_de_Boi_esglesia_DSC6788-1024x684.jpg 1024w, https:\/\/guiesullsdelahistoria.cat\/app\/uploads\/2024\/11\/Sant_Joan_de_Boi_esglesia_DSC6788-768x513.jpg 768w\" sizes=\"auto, (max-width: 1444px) 100vw, 1444px\" \/>\n              <figcaption class=\"pt-2 text-gray-800\">Vista generale di Sant Joan de Bo\u00ed.<\/figcaption>\n          <\/figure>\n  <\/div>\n\n\n<section class=\"element audio-block\">\n  <div class=\"flex flex-col w-full gap-6\">\n    <div class=\"flex flex-col gap-3\">\n      <div class=\"flex gap-6\">\n                          <h2 class=\"text-2xl font-bold\">La Vall de Bo\u00ed e le sue chiese<\/h2>\n              <\/div>\n          <\/div>\n    <div class=\"flex items-center justify-end gap-3\">\n              <div class=\"flex-1 audio-content\" dir=\"ltr\">\n          <audio id=\"audio-744dace27807c5f8c38e1aeb5f12c097\" data-label=\"La Vall de Bo\u00ed e le sue chiese\"\n            data-category=\"SANT-JOAN-DE-BOI-IT-GENERAL-PLAY-0.mp3\" class=\"hidden\" controls\n            src=\"https:\/\/guiesullsdelahistoria.cat\/app\/uploads\/2024\/11\/SANT-JOAN-DE-BOI-IT-GENERAL-PLAY-0.mp3\"><\/audio>\n          <div class=\"flex items-center w-full gap-3 transition-opacity opacity-0 meta\">\n            <progress class=\"flex-1 border-0 appearance-none\" value=\"0\" max=\"1\"><\/progress>\n            <div class=\"text-sm text-center shrink-0 current-time w-9\"><\/div>\n                      <\/div>\n        <\/div>\n            <div class=\"flex flex-col items-center gap-2 shrink-1 audio-control\">\n        <button\n  class=\"flex items-center justify-center w-32 max-w-32 h-32 max-h-32 transition-[max-height,_max-width] bg-black rounded-full btn text-accent\"\n  data-target=\"#audio-744dace27807c5f8c38e1aeb5f12c097\">\n  <svg width=\"100%\" height=\"100%\" viewBox=\"0 0 36 36\" version=\"1.1\" xmlns=\"http:\/\/www.w3.org\/2000\/svg\" xmlns:xlink=\"http:\/\/www.w3.org\/1999\/xlink\">\n  <path id=\"ytp-12\" d=\"M11,10 L18,13.74 18,22.28 11,26 M18,13.74 L26,18 26,18 18,22.28\" fill=\"currentColor\">\n    <animate id=\"animation\" begin=\"indefinite\" attributeType=\"XML\" attributeName=\"d\" fill=\"freeze\" from=\"M11,10 L17,10 17,26 11,26 M20,10 L26,10 26,26 20,26\" to=\"M11,10 L18,13.74 18,22.28 11,26 M18,13.74 L26,18 26,18 18,22.28\" dur=\"0.1s\" keySplines=\".4 0 1 1\" repeatCount=\"1\" data-play=\"M11,10 L18,13.74 18,22.28 11,26 M18,13.74 L26,18 26,18 18,22.28\" data-pause=\"M11,10 L17,10 17,26 11,26 M20,10 L26,10 26,26 20,26\"><\/animate>\n  <\/path>\n<\/svg>\n<\/button>\n        <p class=\"text-base text-center\">Ascolta<\/p>\n      <\/div>\n    <\/div>\n\n    \n          <div class=\"flex flex-wrap justify-between gap-6 md:justify-start\">\n                  <button data-target=\"#transcription-744dace27807c5f8c38e1aeb5f12c097\" data-toggle=\"modal\" class=\"flex items-center gap-2\">\n            <svg class=\"w-6 h-6\" fill=\"none\" xmlns=\"http:\/\/www.w3.org\/2000\/svg\" viewBox=\"0 0 22 12\"><path d=\"M0 9.873v-6c0-.55.196-1.02.588-1.412A1.926 1.926 0 0 1 2 1.873h2c.55 0 1.02.196 1.412.588.392.391.588.862.588 1.412v6H4v-2H2v2H0Zm2-4h2v-2H2v2Zm6 4v-8h4c.55 0 1.02.196 1.412.588.392.391.588.862.588 1.412v4c0 .55-.196 1.021-.588 1.413A1.926 1.926 0 0 1 12 9.873H8Zm2-2h2v-4h-2v4Zm6.85.8-1.4-1.425c.183-.183.32-.391.413-.625.091-.233.137-.483.137-.75 0-.283-.046-.537-.137-.762a1.85 1.85 0 0 0-.413-.613l1.4-1.45c.367.367.65.792.85 1.275.2.484.3 1 .3 1.55s-.1 1.063-.3 1.538c-.2.475-.483.896-.85 1.262Zm2.825 2.825-1.45-1.375c.55-.55.983-1.187 1.3-1.912A5.775 5.775 0 0 0 20 5.873c0-.85-.158-1.633-.475-2.35a6.217 6.217 0 0 0-1.3-1.9l1.45-1.4a7.94 7.94 0 0 1 1.712 2.55c.409.967.613 2 .613 3.1s-.204 2.13-.613 3.088a7.977 7.977 0 0 1-1.712 2.537Z\" fill=\"#000\"\/><\/svg>            <span>Trascrizione<\/span>\n          <\/button>\n                      <\/div>\n      <\/div>\n\n      <div id=\"transcription-744dace27807c5f8c38e1aeb5f12c097\"\n  class=\"fixed inset-0 z-50 hidden w-screen h-screen opacity-0 pointer-events-none modal transcription\"\n  tabindex=\"-1\" role=\"dialog\">\n  <div class=\"absolute w-full h-full bg-black opacity-75 modal-overlay\"><\/div>\n  <div\n    class=\"absolute z-30 w-11\/12 mx-auto overflow-y-auto text-black bg-white shadow-lg modal-container center-xy md:max-w-4xl\"\n    role=\"document\">\n    <div class=\"flex items-center justify-between px-4 py-4 text-gray-700 border-b md:px-8\">\n      <h2 class=\"!mb-0 font-bold\">Trascrizione<\/h2>\n      <div class=\"z-50 flex flex-col items-center ml-auto cursor-pointer rtl:ml-0 rtl:mr-auto modal-close\">\n        <svg class=\"w-auto h-6\" width=\"18\" height=\"23\" xmlns=\"http:\/\/www.w3.org\/2000\/svg\">\n  <g stroke=\"currentColor\" fill=\"none\" fill-rule=\"evenodd\" stroke-linecap=\"square\">\n    <path d=\"M.7248.974l16.1076 20.6167M16.655 1.2654L.9097 22.1601\" \/>\n  <\/g>\n<\/svg>        <div class=\"hidden\">Close<\/div>\n      <\/div>\n    <\/div>\n    <div class=\"px-4 py-8 overflow-y-auto max-h-modal md:px-8 modal-content\">\n      <div class=\"mb-8 flex flex-col gap-1.5\">\n                      <h3 class=\"text-xl font-bold\">La Vall de Bo\u00ed e le sue chiese<\/h3>\n                            <\/div>\n            <p>Ti diamo il benvenuto nella Vall de Bo\u00ed e ti invitiamo a scoprire il suo straordinario complesso di chiese, considerato una delle massime espressioni dell\u2019arte romanica catalana e iscritto nel 2000 nell\u2019Elenco del Patrimonio Mondiale dell&#8217;UNESCO.<br \/>\nIl complesso romanico della Vall de Bo\u00ed \u00e8 composto da nove chiese: Sant Climent e Santa Maria di Ta\u00fcll, Sant Joan di Bo\u00ed, Santa Eul\u00e0lia di Erill la Vall, Sant Feliu di Barruera, la Nativitat e Sant Quirc di Durro, Santa Maria di Cardet e l&#8217;Assumpci\u00f3 di C\u00f3ll.<br \/>\nMa cosa accomuna queste chiese? Perch\u00e9 sono cos\u00ec uniche? Qual \u00e8 la loro storia?<br \/>\nFurono tutte costruite tra l\u2019XI e il XII secolo, in un periodo di potere e prosperit\u00e0 economica per la nobilt\u00e0 locale, e condividono lo stesso stile architettonico, il romanico, diffuso in tutta Europa.<br \/>\nOggigiorno, la gran parte di dipinti, sculture e mobili \u00e8 conservata in diversi musei catalani, in particolare nel Museu Nacional d\u2019Art de Catalunya. Tuttavia, alcune chiese conservano importanti frammenti di dipinti murali e sculture originali, oltre a riproduzioni delle opere custodite nei musei.<br \/>\nGrazie a questa guida scoprirai il valore eccezionale di questo complesso romanico e potrai conoscere ognuna delle nove chiese, con i loro segreti e le loro curiosit\u00e0.<br \/>\nUn ultimo avvertimento! Queste montagne sono misteriose, e le parole delle persone che le hanno abitate sono spesso intrappolate nelle valli e risuonano nel tempo come un\u2019eco impercettibile. Questa guida \u00e8 dotata di un sensore che si attiva ogni volta che ne rileva una. Non spaventarti e continua ad ascoltare.<\/p>\n<p>Per iniziare la visita, vai alla parte posteriore della chiesa.<\/p>\n    <\/div>\n  <\/div>\n<\/div>\n    <\/section>\n\n\n<div class=\"flex flex-col gap-3 element text-block\">\n  <div class=\"flex items-center gap-6\">\n              <h2 class=\"text-2xl font-bold\">5b Abside<\/h2>\n      <\/div>\n    <\/div>\n\n\n<div class=\"flex flex-col gap-6 element image-block\">\n  <div class=\"flex flex-col gap-3\">\n      <\/div>\n      <figure>\n      <img loading=\"lazy\" decoding=\"async\" width=\"1599\" height=\"1440\" src=\"https:\/\/guiesullsdelahistoria.cat\/app\/uploads\/2024\/11\/Sant-Joan-general.jpg\" class=\"w-full h-auto\" alt=\"Vista esterna della chiesa di Sant Joan de Bo\u00ed dal retro, con le montagne sullo sfondo.\" srcset=\"https:\/\/guiesullsdelahistoria.cat\/app\/uploads\/2024\/11\/Sant-Joan-general.jpg 1599w, https:\/\/guiesullsdelahistoria.cat\/app\/uploads\/2024\/11\/Sant-Joan-general-300x270.jpg 300w, https:\/\/guiesullsdelahistoria.cat\/app\/uploads\/2024\/11\/Sant-Joan-general-1024x922.jpg 1024w, https:\/\/guiesullsdelahistoria.cat\/app\/uploads\/2024\/11\/Sant-Joan-general-768x692.jpg 768w, https:\/\/guiesullsdelahistoria.cat\/app\/uploads\/2024\/11\/Sant-Joan-general-1536x1383.jpg 1536w\" sizes=\"auto, (max-width: 1599px) 100vw, 1599px\" \/>\n              <figcaption class=\"pt-2 text-gray-800\">Vista posteriore di Sant Joan de Bo\u00ed.<\/figcaption>\n          <\/figure>\n  <\/div>\n\n\n<section class=\"element audio-block\">\n  <div class=\"flex flex-col w-full gap-6\">\n    <div class=\"flex flex-col gap-3\">\n      <div class=\"flex gap-6\">\n                          <h2 class=\"text-2xl font-bold\">La chiesa con pi\u00f9 elementi originali dell\u2019XI secolo<\/h2>\n              <\/div>\n          <\/div>\n    <div class=\"flex items-center justify-end gap-3\">\n              <div class=\"flex-1 audio-content\" dir=\"ltr\">\n          <audio id=\"audio-49bcf53ee6acc4e4c95229eddd89d56d\" data-label=\"La chiesa con pi\u00f9 elementi originali dell\u2019XI secolo\"\n            data-category=\"SANT-JOAN-DE-BOI-IT-GENERAL-PLAY-1.mp3\" class=\"hidden\" controls\n            src=\"https:\/\/guiesullsdelahistoria.cat\/app\/uploads\/2024\/11\/SANT-JOAN-DE-BOI-IT-GENERAL-PLAY-1.mp3\"><\/audio>\n          <div class=\"flex items-center w-full gap-3 transition-opacity opacity-0 meta\">\n            <progress class=\"flex-1 border-0 appearance-none\" value=\"0\" max=\"1\"><\/progress>\n            <div class=\"text-sm text-center shrink-0 current-time w-9\"><\/div>\n                      <\/div>\n        <\/div>\n            <div class=\"flex flex-col items-center gap-2 shrink-1 audio-control\">\n        <button\n  class=\"flex items-center justify-center w-32 max-w-32 h-32 max-h-32 transition-[max-height,_max-width] bg-black rounded-full btn text-accent\"\n  data-target=\"#audio-49bcf53ee6acc4e4c95229eddd89d56d\">\n  <svg width=\"100%\" height=\"100%\" viewBox=\"0 0 36 36\" version=\"1.1\" xmlns=\"http:\/\/www.w3.org\/2000\/svg\" xmlns:xlink=\"http:\/\/www.w3.org\/1999\/xlink\">\n  <path id=\"ytp-12\" d=\"M11,10 L18,13.74 18,22.28 11,26 M18,13.74 L26,18 26,18 18,22.28\" fill=\"currentColor\">\n    <animate id=\"animation\" begin=\"indefinite\" attributeType=\"XML\" attributeName=\"d\" fill=\"freeze\" from=\"M11,10 L17,10 17,26 11,26 M20,10 L26,10 26,26 20,26\" to=\"M11,10 L18,13.74 18,22.28 11,26 M18,13.74 L26,18 26,18 18,22.28\" dur=\"0.1s\" keySplines=\".4 0 1 1\" repeatCount=\"1\" data-play=\"M11,10 L18,13.74 18,22.28 11,26 M18,13.74 L26,18 26,18 18,22.28\" data-pause=\"M11,10 L17,10 17,26 11,26 M20,10 L26,10 26,26 20,26\"><\/animate>\n  <\/path>\n<\/svg>\n<\/button>\n        <p class=\"text-base text-center\">Ascolta<\/p>\n      <\/div>\n    <\/div>\n\n    \n          <div class=\"flex flex-wrap justify-between gap-6 md:justify-start\">\n                  <button data-target=\"#transcription-49bcf53ee6acc4e4c95229eddd89d56d\" data-toggle=\"modal\" class=\"flex items-center gap-2\">\n            <svg class=\"w-6 h-6\" fill=\"none\" xmlns=\"http:\/\/www.w3.org\/2000\/svg\" viewBox=\"0 0 22 12\"><path d=\"M0 9.873v-6c0-.55.196-1.02.588-1.412A1.926 1.926 0 0 1 2 1.873h2c.55 0 1.02.196 1.412.588.392.391.588.862.588 1.412v6H4v-2H2v2H0Zm2-4h2v-2H2v2Zm6 4v-8h4c.55 0 1.02.196 1.412.588.392.391.588.862.588 1.412v4c0 .55-.196 1.021-.588 1.413A1.926 1.926 0 0 1 12 9.873H8Zm2-2h2v-4h-2v4Zm6.85.8-1.4-1.425c.183-.183.32-.391.413-.625.091-.233.137-.483.137-.75 0-.283-.046-.537-.137-.762a1.85 1.85 0 0 0-.413-.613l1.4-1.45c.367.367.65.792.85 1.275.2.484.3 1 .3 1.55s-.1 1.063-.3 1.538c-.2.475-.483.896-.85 1.262Zm2.825 2.825-1.45-1.375c.55-.55.983-1.187 1.3-1.912A5.775 5.775 0 0 0 20 5.873c0-.85-.158-1.633-.475-2.35a6.217 6.217 0 0 0-1.3-1.9l1.45-1.4a7.94 7.94 0 0 1 1.712 2.55c.409.967.613 2 .613 3.1s-.204 2.13-.613 3.088a7.977 7.977 0 0 1-1.712 2.537Z\" fill=\"#000\"\/><\/svg>            <span>Trascrizione<\/span>\n          <\/button>\n                      <\/div>\n      <\/div>\n\n      <div id=\"transcription-49bcf53ee6acc4e4c95229eddd89d56d\"\n  class=\"fixed inset-0 z-50 hidden w-screen h-screen opacity-0 pointer-events-none modal transcription\"\n  tabindex=\"-1\" role=\"dialog\">\n  <div class=\"absolute w-full h-full bg-black opacity-75 modal-overlay\"><\/div>\n  <div\n    class=\"absolute z-30 w-11\/12 mx-auto overflow-y-auto text-black bg-white shadow-lg modal-container center-xy md:max-w-4xl\"\n    role=\"document\">\n    <div class=\"flex items-center justify-between px-4 py-4 text-gray-700 border-b md:px-8\">\n      <h2 class=\"!mb-0 font-bold\">Trascrizione<\/h2>\n      <div class=\"z-50 flex flex-col items-center ml-auto cursor-pointer rtl:ml-0 rtl:mr-auto modal-close\">\n        <svg class=\"w-auto h-6\" width=\"18\" height=\"23\" xmlns=\"http:\/\/www.w3.org\/2000\/svg\">\n  <g stroke=\"currentColor\" fill=\"none\" fill-rule=\"evenodd\" stroke-linecap=\"square\">\n    <path d=\"M.7248.974l16.1076 20.6167M16.655 1.2654L.9097 22.1601\" \/>\n  <\/g>\n<\/svg>        <div class=\"hidden\">Close<\/div>\n      <\/div>\n    <\/div>\n    <div class=\"px-4 py-8 overflow-y-auto max-h-modal md:px-8 modal-content\">\n      <div class=\"mb-8 flex flex-col gap-1.5\">\n                      <h3 class=\"text-xl font-bold\">La chiesa con pi\u00f9 elementi originali dell\u2019XI secolo<\/h3>\n                            <\/div>\n            <p>Sant Joan di Bo\u00ed \u00e8 la chiesa che conserva il maggior numero di elementi architettonici del primo periodo di costruzione di La Vall de Bo\u00ed, nell\u2019XI secolo. Di questo periodo rimangono le pareti della chiesa e la base del campanile, costruita con conci irregolari.<\/p>\n<p>Due delle absidi originarie, quella centrale e quella di sinistra, sono scomparse, probabilmente durante le modifiche dei secoli XVII e XVIII.<br \/>\nIl campanile \u00e8 un chiaro esempio dell\u2019evoluzione costruttiva della chiesa: la base corrisponde al primo periodo romanico dell\u2019XI secolo; i due piani successivi sono del XII secolo e l\u2019ultimo \u00e8 opera di una riforma del XVI secolo.<\/p>\n<p>Una delle curiosit\u00e0 di questo campanile \u00e8 che \u00e8 perfettamente allineato con quelli di Santa Eul\u00e0lia di Erill la Vall e Sant Climent di Ta\u00fcll.<br \/>\nPer continuare la visita, dirigiti verso la facciata laterale destra, quella con i dipinti.<\/p>\n    <\/div>\n  <\/div>\n<\/div>\n    <\/section>\n\n\n<div class=\"flex flex-col gap-3 element text-block\">\n  <div class=\"flex items-center gap-6\">\n              <h2 class=\"text-2xl font-bold\">5c Facciata laterale<\/h2>\n      <\/div>\n    <\/div>\n\n\n<div class=\"flex flex-col gap-6 element image-block\">\n  <div class=\"flex flex-col gap-3\">\n      <\/div>\n      <figure>\n      <img loading=\"lazy\" decoding=\"async\" width=\"966\" height=\"1426\" src=\"https:\/\/guiesullsdelahistoria.cat\/app\/uploads\/2024\/11\/Sant_Joan_de_Boi_pintures_exterior_DSC9499.jpg\" class=\"w-full h-auto\" alt=\"Vista dei dipinti esterni della chiesa di Sant Joan de Bo\u00ed intorno all\u2019antica porta d\u2019ingresso.\" srcset=\"https:\/\/guiesullsdelahistoria.cat\/app\/uploads\/2024\/11\/Sant_Joan_de_Boi_pintures_exterior_DSC9499.jpg 966w, https:\/\/guiesullsdelahistoria.cat\/app\/uploads\/2024\/11\/Sant_Joan_de_Boi_pintures_exterior_DSC9499-203x300.jpg 203w, https:\/\/guiesullsdelahistoria.cat\/app\/uploads\/2024\/11\/Sant_Joan_de_Boi_pintures_exterior_DSC9499-694x1024.jpg 694w, https:\/\/guiesullsdelahistoria.cat\/app\/uploads\/2024\/11\/Sant_Joan_de_Boi_pintures_exterior_DSC9499-768x1134.jpg 768w\" sizes=\"auto, (max-width: 966px) 100vw, 966px\" \/>\n              <figcaption class=\"pt-2 text-gray-800\">Vista dei dipinti esterni di Sant Joan de Bo\u00ed.<\/figcaption>\n          <\/figure>\n  <\/div>\n\n\n<section class=\"element audio-block\">\n  <div class=\"flex flex-col w-full gap-6\">\n    <div class=\"flex flex-col gap-3\">\n      <div class=\"flex gap-6\">\n                          <h2 class=\"text-2xl font-bold\">Dipinti esterni<\/h2>\n              <\/div>\n          <\/div>\n    <div class=\"flex items-center justify-end gap-3\">\n              <div class=\"flex-1 audio-content\" dir=\"ltr\">\n          <audio id=\"audio-1fa8501e2be939561d57e5c5f5c89506\" data-label=\"Dipinti esterni\"\n            data-category=\"SANT-JOAN-DE-BOI-IT-GENERAL-PLAY-2.mp3\" class=\"hidden\" controls\n            src=\"https:\/\/guiesullsdelahistoria.cat\/app\/uploads\/2024\/11\/SANT-JOAN-DE-BOI-IT-GENERAL-PLAY-2.mp3\"><\/audio>\n          <div class=\"flex items-center w-full gap-3 transition-opacity opacity-0 meta\">\n            <progress class=\"flex-1 border-0 appearance-none\" value=\"0\" max=\"1\"><\/progress>\n            <div class=\"text-sm text-center shrink-0 current-time w-9\"><\/div>\n                      <\/div>\n        <\/div>\n            <div class=\"flex flex-col items-center gap-2 shrink-1 audio-control\">\n        <button\n  class=\"flex items-center justify-center w-32 max-w-32 h-32 max-h-32 transition-[max-height,_max-width] bg-black rounded-full btn text-accent\"\n  data-target=\"#audio-1fa8501e2be939561d57e5c5f5c89506\">\n  <svg width=\"100%\" height=\"100%\" viewBox=\"0 0 36 36\" version=\"1.1\" xmlns=\"http:\/\/www.w3.org\/2000\/svg\" xmlns:xlink=\"http:\/\/www.w3.org\/1999\/xlink\">\n  <path id=\"ytp-12\" d=\"M11,10 L18,13.74 18,22.28 11,26 M18,13.74 L26,18 26,18 18,22.28\" fill=\"currentColor\">\n    <animate id=\"animation\" begin=\"indefinite\" attributeType=\"XML\" attributeName=\"d\" fill=\"freeze\" from=\"M11,10 L17,10 17,26 11,26 M20,10 L26,10 26,26 20,26\" to=\"M11,10 L18,13.74 18,22.28 11,26 M18,13.74 L26,18 26,18 18,22.28\" dur=\"0.1s\" keySplines=\".4 0 1 1\" repeatCount=\"1\" data-play=\"M11,10 L18,13.74 18,22.28 11,26 M18,13.74 L26,18 26,18 18,22.28\" data-pause=\"M11,10 L17,10 17,26 11,26 M20,10 L26,10 26,26 20,26\"><\/animate>\n  <\/path>\n<\/svg>\n<\/button>\n        <p class=\"text-base text-center\">Ascolta<\/p>\n      <\/div>\n    <\/div>\n\n    \n          <div class=\"flex flex-wrap justify-between gap-6 md:justify-start\">\n                  <button data-target=\"#transcription-1fa8501e2be939561d57e5c5f5c89506\" data-toggle=\"modal\" class=\"flex items-center gap-2\">\n            <svg class=\"w-6 h-6\" fill=\"none\" xmlns=\"http:\/\/www.w3.org\/2000\/svg\" viewBox=\"0 0 22 12\"><path d=\"M0 9.873v-6c0-.55.196-1.02.588-1.412A1.926 1.926 0 0 1 2 1.873h2c.55 0 1.02.196 1.412.588.392.391.588.862.588 1.412v6H4v-2H2v2H0Zm2-4h2v-2H2v2Zm6 4v-8h4c.55 0 1.02.196 1.412.588.392.391.588.862.588 1.412v4c0 .55-.196 1.021-.588 1.413A1.926 1.926 0 0 1 12 9.873H8Zm2-2h2v-4h-2v4Zm6.85.8-1.4-1.425c.183-.183.32-.391.413-.625.091-.233.137-.483.137-.75 0-.283-.046-.537-.137-.762a1.85 1.85 0 0 0-.413-.613l1.4-1.45c.367.367.65.792.85 1.275.2.484.3 1 .3 1.55s-.1 1.063-.3 1.538c-.2.475-.483.896-.85 1.262Zm2.825 2.825-1.45-1.375c.55-.55.983-1.187 1.3-1.912A5.775 5.775 0 0 0 20 5.873c0-.85-.158-1.633-.475-2.35a6.217 6.217 0 0 0-1.3-1.9l1.45-1.4a7.94 7.94 0 0 1 1.712 2.55c.409.967.613 2 .613 3.1s-.204 2.13-.613 3.088a7.977 7.977 0 0 1-1.712 2.537Z\" fill=\"#000\"\/><\/svg>            <span>Trascrizione<\/span>\n          <\/button>\n                      <\/div>\n      <\/div>\n\n      <div id=\"transcription-1fa8501e2be939561d57e5c5f5c89506\"\n  class=\"fixed inset-0 z-50 hidden w-screen h-screen opacity-0 pointer-events-none modal transcription\"\n  tabindex=\"-1\" role=\"dialog\">\n  <div class=\"absolute w-full h-full bg-black opacity-75 modal-overlay\"><\/div>\n  <div\n    class=\"absolute z-30 w-11\/12 mx-auto overflow-y-auto text-black bg-white shadow-lg modal-container center-xy md:max-w-4xl\"\n    role=\"document\">\n    <div class=\"flex items-center justify-between px-4 py-4 text-gray-700 border-b md:px-8\">\n      <h2 class=\"!mb-0 font-bold\">Trascrizione<\/h2>\n      <div class=\"z-50 flex flex-col items-center ml-auto cursor-pointer rtl:ml-0 rtl:mr-auto modal-close\">\n        <svg class=\"w-auto h-6\" width=\"18\" height=\"23\" xmlns=\"http:\/\/www.w3.org\/2000\/svg\">\n  <g stroke=\"currentColor\" fill=\"none\" fill-rule=\"evenodd\" stroke-linecap=\"square\">\n    <path d=\"M.7248.974l16.1076 20.6167M16.655 1.2654L.9097 22.1601\" \/>\n  <\/g>\n<\/svg>        <div class=\"hidden\">Close<\/div>\n      <\/div>\n    <\/div>\n    <div class=\"px-4 py-8 overflow-y-auto max-h-modal md:px-8 modal-content\">\n      <div class=\"mb-8 flex flex-col gap-1.5\">\n                      <h3 class=\"text-xl font-bold\">Dipinti esterni<\/h3>\n                            <\/div>\n            <p>Nella chiesa di Sant Joan, ci\u00f2 che colpisce di pi\u00f9, e che probabilmente avrai gi\u00e0 visto, sono i dipinti murali della facciata nord, situati intorno a quello che era l\u2019ingresso originale. Difatti, questa chiesa, quella di Sant Climent e quella di Santa Maria sono le uniche che hanno conservato dipinti all\u2019esterno. Tuttavia, quelle che vedi sono copie, perch\u00e9 gli originali sono conservati nel MNAC. L\u2019intonaco della facciata, invece, \u00e8 originale.<\/p>\n<p>In questo caso, i dipinti riproducono una visione di Dio, rappresentato nel Monogramma di Cristo, il simbolo di Cristo dalle sue iniziali in greco. Questo Monogramma di Cristo non \u00e8 attualmente visibile, ma sarebbe iscritto sulla circonferenza della parte centrale dell\u2019insieme, sostenuta da quattro angeli. Su un lato di questa scena \u00e8 rappresentato un santo con un libro in mano e sull\u2019altro tre figure che contemplano la visione centrale. Un bordo con motivi geometrici incornicia tutto l\u2019insieme.<\/p>\n<p>In origine, i dipinti e gli intonaci erano protetti da un portico, che a un certo punto \u00e8 stato demolito. Questo portico riparava i fedeli e li proteggeva dalle intemperie. Ma potrebbe anche essere un luogo di sosta per le processioni, uno spazio in cui organizzare eventi liturgici e sociali, ad esempio processi. Il portico aveva anche una funzione simbolica: era lo spazio di transizione tra la vita quotidiana e l\u2019ingresso alla casa di Dio.<br \/>\nMa questa parete custodisce ancora un altro tesoro. Su entrambi i lati della porta, alcune persone hanno lasciato il loro segno, sotto forma di graffiti fatti con un oggetto appuntito. Come nel caso dei dipinti, questi graffiti sono una copia degli originali. Osservando attentamente, si possono notare diverse scene militari, con torri, cavalli, stelle e persino un soldato che suona un corno. Una testimonianza dell\u2019espressione popolare di altri tempi.<\/p>\n<p><em>Suono di interferenze.<\/em><br \/>\n<strong>Bambino (nervoso)<\/strong>: La smetti?<br \/>\n<strong>Bambina:<\/strong> Guarda quel cavallo: l\u2019ha fatto mia madre. E anche quel soldato sul castello.<br \/>\n<strong>Bambino:<\/strong> I soldati non sono cos\u00ec.<br \/>\n<strong>Bambina:<\/strong> Questo soldato suona la tromba. Ci sar\u00e0 presto una battaglia.<br \/>\n<strong>Bambino:<\/strong> Tu non disegnare niente! Se ti vede il prete, si arrabbier\u00e0.<br \/>\n<strong>Bambina:<\/strong> Far\u00f2 qualche riga qui. Saranno come raggi di sole.<br \/>\n<strong>Bambino (molto nervoso)<\/strong>: Attenta, sta uscendo il prete!<br \/>\n<em>Suono di interferenze.<br \/>\n<\/em><br \/>\nUn\u2019ultima curiosit\u00e0, prima di entrare. Su questa parete si possono notare anche alcune figure o macchie nei toni del rosso e dell\u2019ocra. Sono i segni della consacrazione rituale della chiesa, cio\u00e8 l\u2019atto di renderla sacra e adatta al culto divino.<br \/>\nPer continuare la visita, entra dalla porta della facciata sulla destra. La porta di fronte a te era l\u2019ingresso originario, ma da tempo \u00e8 caduta in disuso.<\/p>\n    <\/div>\n  <\/div>\n<\/div>\n    <\/section>\n\n\n<div class=\"flex flex-col gap-3 element text-block\">\n  <div class=\"flex items-center gap-6\">\n              <h2 class=\"text-2xl font-bold\">5d Base della navata centrale<\/h2>\n      <\/div>\n    <\/div>\n\n\n<div class=\"flex flex-col gap-6 element image-block\">\n  <div class=\"flex flex-col gap-3\">\n      <\/div>\n      <figure>\n      <img loading=\"lazy\" decoding=\"async\" width=\"1452\" height=\"966\" src=\"https:\/\/guiesullsdelahistoria.cat\/app\/uploads\/2024\/11\/Sant_Joan_de_Boi_pintures_nau_esquerra_DSC2177.jpg\" class=\"w-full h-auto\" alt=\"Insieme di dipinti murali nella navata sinistra di fronte all\u2019altare della chiesa di Sant Joan de Bo\u00ed.\" srcset=\"https:\/\/guiesullsdelahistoria.cat\/app\/uploads\/2024\/11\/Sant_Joan_de_Boi_pintures_nau_esquerra_DSC2177.jpg 1452w, https:\/\/guiesullsdelahistoria.cat\/app\/uploads\/2024\/11\/Sant_Joan_de_Boi_pintures_nau_esquerra_DSC2177-300x200.jpg 300w, https:\/\/guiesullsdelahistoria.cat\/app\/uploads\/2024\/11\/Sant_Joan_de_Boi_pintures_nau_esquerra_DSC2177-1024x681.jpg 1024w, https:\/\/guiesullsdelahistoria.cat\/app\/uploads\/2024\/11\/Sant_Joan_de_Boi_pintures_nau_esquerra_DSC2177-768x511.jpg 768w\" sizes=\"auto, (max-width: 1452px) 100vw, 1452px\" \/>\n              <figcaption class=\"pt-2 text-gray-800\">Dipinti all\u2019interno di una delle navate di Sant Joan de Bo\u00ed. <\/figcaption>\n          <\/figure>\n  <\/div>\n\n\n<section class=\"element audio-block\">\n  <div class=\"flex flex-col w-full gap-6\">\n    <div class=\"flex flex-col gap-3\">\n      <div class=\"flex gap-6\">\n                          <h2 class=\"text-2xl font-bold\">I dipinti murali e la loro funzione didattica<\/h2>\n              <\/div>\n          <\/div>\n    <div class=\"flex items-center justify-end gap-3\">\n              <div class=\"flex-1 audio-content\" dir=\"ltr\">\n          <audio id=\"audio-8922136b581bf3750c9e6dcd618b92c4\" data-label=\"I dipinti murali e la loro funzione didattica\"\n            data-category=\"SANT-JOAN-DE-BOI-IT-GENERAL-PLAY-3.mp3\" class=\"hidden\" controls\n            src=\"https:\/\/guiesullsdelahistoria.cat\/app\/uploads\/2024\/11\/SANT-JOAN-DE-BOI-IT-GENERAL-PLAY-3.mp3\"><\/audio>\n          <div class=\"flex items-center w-full gap-3 transition-opacity opacity-0 meta\">\n            <progress class=\"flex-1 border-0 appearance-none\" value=\"0\" max=\"1\"><\/progress>\n            <div class=\"text-sm text-center shrink-0 current-time w-9\"><\/div>\n                      <\/div>\n        <\/div>\n            <div class=\"flex flex-col items-center gap-2 shrink-1 audio-control\">\n        <button\n  class=\"flex items-center justify-center w-32 max-w-32 h-32 max-h-32 transition-[max-height,_max-width] bg-black rounded-full btn text-accent\"\n  data-target=\"#audio-8922136b581bf3750c9e6dcd618b92c4\">\n  <svg width=\"100%\" height=\"100%\" viewBox=\"0 0 36 36\" version=\"1.1\" xmlns=\"http:\/\/www.w3.org\/2000\/svg\" xmlns:xlink=\"http:\/\/www.w3.org\/1999\/xlink\">\n  <path id=\"ytp-12\" d=\"M11,10 L18,13.74 18,22.28 11,26 M18,13.74 L26,18 26,18 18,22.28\" fill=\"currentColor\">\n    <animate id=\"animation\" begin=\"indefinite\" attributeType=\"XML\" attributeName=\"d\" fill=\"freeze\" from=\"M11,10 L17,10 17,26 11,26 M20,10 L26,10 26,26 20,26\" to=\"M11,10 L18,13.74 18,22.28 11,26 M18,13.74 L26,18 26,18 18,22.28\" dur=\"0.1s\" keySplines=\".4 0 1 1\" repeatCount=\"1\" data-play=\"M11,10 L18,13.74 18,22.28 11,26 M18,13.74 L26,18 26,18 18,22.28\" data-pause=\"M11,10 L17,10 17,26 11,26 M20,10 L26,10 26,26 20,26\"><\/animate>\n  <\/path>\n<\/svg>\n<\/button>\n        <p class=\"text-base text-center\">Ascolta<\/p>\n      <\/div>\n    <\/div>\n\n    \n          <div class=\"flex flex-wrap justify-between gap-6 md:justify-start\">\n                  <button data-target=\"#transcription-8922136b581bf3750c9e6dcd618b92c4\" data-toggle=\"modal\" class=\"flex items-center gap-2\">\n            <svg class=\"w-6 h-6\" fill=\"none\" xmlns=\"http:\/\/www.w3.org\/2000\/svg\" viewBox=\"0 0 22 12\"><path d=\"M0 9.873v-6c0-.55.196-1.02.588-1.412A1.926 1.926 0 0 1 2 1.873h2c.55 0 1.02.196 1.412.588.392.391.588.862.588 1.412v6H4v-2H2v2H0Zm2-4h2v-2H2v2Zm6 4v-8h4c.55 0 1.02.196 1.412.588.392.391.588.862.588 1.412v4c0 .55-.196 1.021-.588 1.413A1.926 1.926 0 0 1 12 9.873H8Zm2-2h2v-4h-2v4Zm6.85.8-1.4-1.425c.183-.183.32-.391.413-.625.091-.233.137-.483.137-.75 0-.283-.046-.537-.137-.762a1.85 1.85 0 0 0-.413-.613l1.4-1.45c.367.367.65.792.85 1.275.2.484.3 1 .3 1.55s-.1 1.063-.3 1.538c-.2.475-.483.896-.85 1.262Zm2.825 2.825-1.45-1.375c.55-.55.983-1.187 1.3-1.912A5.775 5.775 0 0 0 20 5.873c0-.85-.158-1.633-.475-2.35a6.217 6.217 0 0 0-1.3-1.9l1.45-1.4a7.94 7.94 0 0 1 1.712 2.55c.409.967.613 2 .613 3.1s-.204 2.13-.613 3.088a7.977 7.977 0 0 1-1.712 2.537Z\" fill=\"#000\"\/><\/svg>            <span>Trascrizione<\/span>\n          <\/button>\n                      <\/div>\n      <\/div>\n\n      <div id=\"transcription-8922136b581bf3750c9e6dcd618b92c4\"\n  class=\"fixed inset-0 z-50 hidden w-screen h-screen opacity-0 pointer-events-none modal transcription\"\n  tabindex=\"-1\" role=\"dialog\">\n  <div class=\"absolute w-full h-full bg-black opacity-75 modal-overlay\"><\/div>\n  <div\n    class=\"absolute z-30 w-11\/12 mx-auto overflow-y-auto text-black bg-white shadow-lg modal-container center-xy md:max-w-4xl\"\n    role=\"document\">\n    <div class=\"flex items-center justify-between px-4 py-4 text-gray-700 border-b md:px-8\">\n      <h2 class=\"!mb-0 font-bold\">Trascrizione<\/h2>\n      <div class=\"z-50 flex flex-col items-center ml-auto cursor-pointer rtl:ml-0 rtl:mr-auto modal-close\">\n        <svg class=\"w-auto h-6\" width=\"18\" height=\"23\" xmlns=\"http:\/\/www.w3.org\/2000\/svg\">\n  <g stroke=\"currentColor\" fill=\"none\" fill-rule=\"evenodd\" stroke-linecap=\"square\">\n    <path d=\"M.7248.974l16.1076 20.6167M16.655 1.2654L.9097 22.1601\" \/>\n  <\/g>\n<\/svg>        <div class=\"hidden\">Close<\/div>\n      <\/div>\n    <\/div>\n    <div class=\"px-4 py-8 overflow-y-auto max-h-modal md:px-8 modal-content\">\n      <div class=\"mb-8 flex flex-col gap-1.5\">\n                      <h3 class=\"text-xl font-bold\">I dipinti murali e la loro funzione didattica<\/h3>\n                            <\/div>\n            <p>L\u2019interno della chiesa di Sant Joan si distingue per il gran numero di dipinti murali, la vivacit\u00e0 dei colori utilizzati e la diversit\u00e0 dei temi rappresentati. Come quelli all\u2019esterno, non si tratta di originali, ma di riproduzioni fedeli di quelli conservati nel MNAC.<br \/>\nE a cosa servivano tutte queste scene che decoravano le pareti di una chiesa? I dipinti murali rivestivano un&#8217;enorme importanza nel Medioevo, perch\u00e9, oltre a essere dedicati alla gloria di Dio e a rappresentare uno strumento di potere, avevano una funzione istruttiva, dato che buona parte del popolo non sapeva leggere e l&#8217;immagine, insieme alla parola, era la forma pi\u00f9 efficace di evangelizzazione.<br \/>\nI temi dei dipinti che puoi vedere sono vari e si possono dividere in due livelli di rappresentazione: da un lato, ci sono i santi o beati, che occupano la maggior parte delle pareti e rappresentano l\u2019universo celeste; dall\u2019altro, le creature del bestiario, che abitano il mondo terreno, rappresentate in scene situate sotto le precedenti, sotto gli archi. L\u2019ultimo dipinto, sulla parete accanto alla porta, raffigura il Giudizio Universale, ma non \u00e8 riprodotto nella chiesa.<br \/>\nPer quanto riguarda i santi, una delle scene pi\u00f9 importanti \u00e8 la lapidazione di Santo Stefano. Per trovarla devi andare in fondo alla navata a sinistra e guardare in alto e a destra, sopra una delle arcate. Questa scena rappresenta la forza del martire come esempio da seguire, le prove e le difficolt\u00e0 che il buon fedele deve superare.<br \/>\nLa seguente scena di rilievo si trova sulla parete alla tua sinistra. \u00c8 la scena dei giullari, in cui figurano un musicista, un giocoliere e un funambolo che, appeso a testa in gi\u00f9, finge di raccogliere le spade con la bocca. \u00c8 una delle pi\u00f9 curiose del gruppo, perch\u00e9 \u00e8 una delle poche scene prive di carattere religioso. \u00c8 una rappresentazione della festa e della celebrazione nell\u2019universo celeste, della musica e dell\u2019allegria a cui partecipano i personaggi sacri. Ma potrebbe anche avere a che fare con la celebrazione della consacrazione della chiesa, un tema per\u00f2 insolito nell\u2019arte romanica catalana.<br \/>\nOsserva ora le creature del bestiario, gli animali reali e fantastici situati principalmente sulle colonne. Questi esseri erano raffigurati con un significato moralizzatore e le loro abitudini e costumi personificavano i vizi e le virt\u00f9 umane. Puoi vedere un elefante, un leone, una pantera o un cammello. E sulla porta laterale un gallo, che simboleggia l\u2019arrivo di un nuovo giorno e la resurrezione di Cristo.<br \/>\nVuoi vedere com\u2019\u00e8 stata dipinta questa chiesa? Fai clic sulla risorsa virtuale per scoprire come lavoravano i maestri nel XII secolo. Poi vai verso l\u2019ingresso e posizionati nella navata di sinistra, guardando la porta.<\/p>\n    <\/div>\n  <\/div>\n<\/div>\n    <\/section>\n\n\n<div class=\"flex flex-col gap-3 element interactive-block\">\n  <div class=\"flex items-center gap-6\">\n              <h2 class=\"text-2xl font-bold\">Risorsa virtuale: ricreazione a 360\u00b0 dell\u2019interno della chiesa nel XI secolo<\/h2>\n      <\/div>\n          <div class=\"flex justify-end w-full\">\n      <div class=\"flex flex-col items-center gap-2 shrink-1\">\n        <button data-target=\"#embed-69f5c6813eff6\" data-toggle=\"modal\"\n          class=\"flex items-center justify-center w-32 h-32 bg-black rounded-full text-accent\">\n          <svg class=\"w-16 h-auto\" width=\"60\" height=\"61\" viewBox=\"0 0 60 61\" fill=\"none\" xmlns=\"http:\/\/www.w3.org\/2000\/svg\">\n  <mask id=\"mask0_3878_987\" style=\"mask-type:alpha\" maskUnits=\"userSpaceOnUse\" x=\"0\" y=\"0\" width=\"60\" height=\"61\">\n    <rect y=\"0.873047\" width=\"60\" height=\"60\" fill=\"white\" \/>\n  <\/mask>\n  <g mask=\"url(#mask0_3878_987)\">\n    <path\n      d=\"M21 49.873L16.8 45.673L22.05 40.273C15.65 39.423 10.375 37.673 6.225 35.023C2.075 32.373 0 29.323 0 25.873C0 21.723 2.8875 18.1855 8.6625 15.2605C14.4375 12.3355 21.55 10.873 30 10.873C38.45 10.873 45.5625 12.3355 51.3375 15.2605C57.1125 18.1855 60 21.723 60 25.873C60 28.973 58.3375 31.748 55.0125 34.198C51.6875 36.648 47.35 38.473 42 39.673V33.523C45.85 32.523 48.8125 31.2855 50.8875 29.8105C52.9625 28.3355 54 27.023 54 25.873C54 24.273 51.8625 22.373 47.5875 20.173C43.3125 17.973 37.45 16.873 30 16.873C22.55 16.873 16.6875 17.973 12.4125 20.173C8.1375 22.373 6 24.273 6 25.873C6 27.073 7.275 28.5105 9.825 30.1855C12.375 31.8605 16 33.123 20.7 33.973L16.8 30.073L21 25.873L33 37.873L21 49.873Z\"\n      fill=\"currentColor\" \/>\n  <\/g>\n<\/svg>\n        <\/button>\n                  <p class=\"text-base text-center\">Guarda<\/p>\n              <\/div>\n    <\/div>\n    <div id=\"embed-69f5c6813eff6\"\n  class=\"fixed inset-0 z-50 hidden w-screen h-screen opacity-0 pointer-events-none modal embed-container\"\n  tabindex=\"-1\" role=\"dialog\">\n  <div class=\"absolute w-full h-full bg-black opacity-75 modal-overlay\"><\/div>\n  <div\n    class=\"absolute z-30 w-11\/12 mx-auto overflow-y-auto text-black bg-white shadow-lg modal-container center-xy md:max-w-4xl\"\n    role=\"document\">\n    <div class=\"flex items-center justify-between px-4 py-4 text-gray-700 border-b md:px-8\">\n      <h2 class=\"!mb-0 font-bold\">Guarda<\/h2>\n      <div class=\"z-50 flex flex-col items-center ml-auto cursor-pointer rtl:ml-0 rtl:mr-auto modal-close\">\n        <svg class=\"w-auto h-6\" width=\"18\" height=\"23\" xmlns=\"http:\/\/www.w3.org\/2000\/svg\">\n  <g stroke=\"currentColor\" fill=\"none\" fill-rule=\"evenodd\" stroke-linecap=\"square\">\n    <path d=\"M.7248.974l16.1076 20.6167M16.655 1.2654L.9097 22.1601\" \/>\n  <\/g>\n<\/svg>        <div class=\"hidden\">Close<\/div>\n      <\/div>\n    <\/div>\n    <div class=\"px-4 py-8 overflow-y-auto max-h-modal md:px-8 modal-content\">\n      <p><iframe loading=\"lazy\" src=\"https:\/\/guiesullsdelahistoria.cat\/static\/360-boi\/index.htm\" width=\"1920\" height=\"1080\" frameborder=\"0\"><\/iframe><\/p>\n    <\/div>\n  <\/div>\n<\/div>\n  <\/div>\n\n\n<div class=\"flex flex-col gap-3 element text-block\">\n  <div class=\"flex items-center gap-6\">\n              <h2 class=\"text-2xl font-bold\">5e Base della navata laterale<\/h2>\n      <\/div>\n    <\/div>\n\n\n<div class=\"flex flex-col gap-6 element image-block\">\n  <div class=\"flex flex-col gap-3\">\n      <\/div>\n      <figure>\n      <img loading=\"lazy\" decoding=\"async\" width=\"1600\" height=\"1078\" src=\"https:\/\/guiesullsdelahistoria.cat\/app\/uploads\/2024\/11\/Sant_Joan_de_Boi_imatge_monstre_apocaliptic.jpg\" class=\"w-full h-auto\" alt=\"Frammento originale di un dipinto proveniente dalla chiesa di Sant Joan de Bo\u00ed, raffigurante una bestia con sette teste, esposto al MNAC.\" srcset=\"https:\/\/guiesullsdelahistoria.cat\/app\/uploads\/2024\/11\/Sant_Joan_de_Boi_imatge_monstre_apocaliptic.jpg 1600w, https:\/\/guiesullsdelahistoria.cat\/app\/uploads\/2024\/11\/Sant_Joan_de_Boi_imatge_monstre_apocaliptic-300x202.jpg 300w, https:\/\/guiesullsdelahistoria.cat\/app\/uploads\/2024\/11\/Sant_Joan_de_Boi_imatge_monstre_apocaliptic-1024x690.jpg 1024w, https:\/\/guiesullsdelahistoria.cat\/app\/uploads\/2024\/11\/Sant_Joan_de_Boi_imatge_monstre_apocaliptic-768x517.jpg 768w, https:\/\/guiesullsdelahistoria.cat\/app\/uploads\/2024\/11\/Sant_Joan_de_Boi_imatge_monstre_apocaliptic-1536x1035.jpg 1536w\" sizes=\"auto, (max-width: 1600px) 100vw, 1600px\" \/>\n              <figcaption class=\"pt-2 text-gray-800\">Dipinto originale della bestia apocalittica di Sant Joan de Bo\u00ed conservato nel Museu Nacional d\u2019Art de Catalunya.<\/figcaption>\n          <\/figure>\n  <\/div>\n\n\n<section class=\"element audio-block\">\n  <div class=\"flex flex-col w-full gap-6\">\n    <div class=\"flex flex-col gap-3\">\n      <div class=\"flex gap-6\">\n                          <h2 class=\"text-2xl font-bold\"> Il mostro dell\u2019apocalissi e il peccatore<\/h2>\n              <\/div>\n          <\/div>\n    <div class=\"flex items-center justify-end gap-3\">\n              <div class=\"flex-1 audio-content\" dir=\"ltr\">\n          <audio id=\"audio-2ac2314272b78e99b92176680a3fa02d\" data-label=\" Il mostro dell\u2019apocalissi e il peccatore\"\n            data-category=\"SANT-JOAN-DE-BOI-IT-GENERAL-PLAY-4.mp3\" class=\"hidden\" controls\n            src=\"https:\/\/guiesullsdelahistoria.cat\/app\/uploads\/2024\/11\/SANT-JOAN-DE-BOI-IT-GENERAL-PLAY-4.mp3\"><\/audio>\n          <div class=\"flex items-center w-full gap-3 transition-opacity opacity-0 meta\">\n            <progress class=\"flex-1 border-0 appearance-none\" value=\"0\" max=\"1\"><\/progress>\n            <div class=\"text-sm text-center shrink-0 current-time w-9\"><\/div>\n                      <\/div>\n        <\/div>\n            <div class=\"flex flex-col items-center gap-2 shrink-1 audio-control\">\n        <button\n  class=\"flex items-center justify-center w-32 max-w-32 h-32 max-h-32 transition-[max-height,_max-width] bg-black rounded-full btn text-accent\"\n  data-target=\"#audio-2ac2314272b78e99b92176680a3fa02d\">\n  <svg width=\"100%\" height=\"100%\" viewBox=\"0 0 36 36\" version=\"1.1\" xmlns=\"http:\/\/www.w3.org\/2000\/svg\" xmlns:xlink=\"http:\/\/www.w3.org\/1999\/xlink\">\n  <path id=\"ytp-12\" d=\"M11,10 L18,13.74 18,22.28 11,26 M18,13.74 L26,18 26,18 18,22.28\" fill=\"currentColor\">\n    <animate id=\"animation\" begin=\"indefinite\" attributeType=\"XML\" attributeName=\"d\" fill=\"freeze\" from=\"M11,10 L17,10 17,26 11,26 M20,10 L26,10 26,26 20,26\" to=\"M11,10 L18,13.74 18,22.28 11,26 M18,13.74 L26,18 26,18 18,22.28\" dur=\"0.1s\" keySplines=\".4 0 1 1\" repeatCount=\"1\" data-play=\"M11,10 L18,13.74 18,22.28 11,26 M18,13.74 L26,18 26,18 18,22.28\" data-pause=\"M11,10 L17,10 17,26 11,26 M20,10 L26,10 26,26 20,26\"><\/animate>\n  <\/path>\n<\/svg>\n<\/button>\n        <p class=\"text-base text-center\">Ascolta<\/p>\n      <\/div>\n    <\/div>\n\n    \n          <div class=\"flex flex-wrap justify-between gap-6 md:justify-start\">\n                  <button data-target=\"#transcription-2ac2314272b78e99b92176680a3fa02d\" data-toggle=\"modal\" class=\"flex items-center gap-2\">\n            <svg class=\"w-6 h-6\" fill=\"none\" xmlns=\"http:\/\/www.w3.org\/2000\/svg\" viewBox=\"0 0 22 12\"><path d=\"M0 9.873v-6c0-.55.196-1.02.588-1.412A1.926 1.926 0 0 1 2 1.873h2c.55 0 1.02.196 1.412.588.392.391.588.862.588 1.412v6H4v-2H2v2H0Zm2-4h2v-2H2v2Zm6 4v-8h4c.55 0 1.02.196 1.412.588.392.391.588.862.588 1.412v4c0 .55-.196 1.021-.588 1.413A1.926 1.926 0 0 1 12 9.873H8Zm2-2h2v-4h-2v4Zm6.85.8-1.4-1.425c.183-.183.32-.391.413-.625.091-.233.137-.483.137-.75 0-.283-.046-.537-.137-.762a1.85 1.85 0 0 0-.413-.613l1.4-1.45c.367.367.65.792.85 1.275.2.484.3 1 .3 1.55s-.1 1.063-.3 1.538c-.2.475-.483.896-.85 1.262Zm2.825 2.825-1.45-1.375c.55-.55.983-1.187 1.3-1.912A5.775 5.775 0 0 0 20 5.873c0-.85-.158-1.633-.475-2.35a6.217 6.217 0 0 0-1.3-1.9l1.45-1.4a7.94 7.94 0 0 1 1.712 2.55c.409.967.613 2 .613 3.1s-.204 2.13-.613 3.088a7.977 7.977 0 0 1-1.712 2.537Z\" fill=\"#000\"\/><\/svg>            <span>Trascrizione<\/span>\n          <\/button>\n                      <\/div>\n      <\/div>\n\n      <div id=\"transcription-2ac2314272b78e99b92176680a3fa02d\"\n  class=\"fixed inset-0 z-50 hidden w-screen h-screen opacity-0 pointer-events-none modal transcription\"\n  tabindex=\"-1\" role=\"dialog\">\n  <div class=\"absolute w-full h-full bg-black opacity-75 modal-overlay\"><\/div>\n  <div\n    class=\"absolute z-30 w-11\/12 mx-auto overflow-y-auto text-black bg-white shadow-lg modal-container center-xy md:max-w-4xl\"\n    role=\"document\">\n    <div class=\"flex items-center justify-between px-4 py-4 text-gray-700 border-b md:px-8\">\n      <h2 class=\"!mb-0 font-bold\">Trascrizione<\/h2>\n      <div class=\"z-50 flex flex-col items-center ml-auto cursor-pointer rtl:ml-0 rtl:mr-auto modal-close\">\n        <svg class=\"w-auto h-6\" width=\"18\" height=\"23\" xmlns=\"http:\/\/www.w3.org\/2000\/svg\">\n  <g stroke=\"currentColor\" fill=\"none\" fill-rule=\"evenodd\" stroke-linecap=\"square\">\n    <path d=\"M.7248.974l16.1076 20.6167M16.655 1.2654L.9097 22.1601\" \/>\n  <\/g>\n<\/svg>        <div class=\"hidden\">Close<\/div>\n      <\/div>\n    <\/div>\n    <div class=\"px-4 py-8 overflow-y-auto max-h-modal md:px-8 modal-content\">\n      <div class=\"mb-8 flex flex-col gap-1.5\">\n                      <h3 class=\"text-xl font-bold\"> Il mostro dell\u2019apocalissi e il peccatore<\/h3>\n                            <\/div>\n            <p>Sulla parete a sinistra della porta d\u2019uscita si trova un animale favoloso legato all\u2019apocalisse. Si tratta di un mostro con sette teste e dieci corna. Scene terrificanti come questa venivano sempre dipinte sulla parete di uscita, affinch\u00e9 i credenti si ricordassero, prima di tornare a casa, del male che poteva colpirli se avessero disobbedito.<br \/>\nC\u2019\u00e8 un\u2019altra scena che colpisce molto e che forse avrai gi\u00e0 visto. Se ti metti di spalle al mostro a sette teste e guardi in alto, all\u2019interno del secondo arco vedrai il peccatore. Si tratta di un personaggio con una protesi alla gamba e le cui parti intime sono visibili (anche se pare che qualcuno si sia preso la briga di cancellarle), che sembra impegnato nella masturbazione. In questo caso, la religione associa il difetto fisico al difetto morale. <\/p>\n    <\/div>\n  <\/div>\n<\/div>\n    <\/section>\n\n\n<div class=\"flex flex-col gap-3 element text-block\">\n  <div class=\"flex items-center gap-6\">\n              <h2 class=\"text-2xl font-bold\">5f Ti aspettiamo!<\/h2>\n      <\/div>\n    <\/div>\n\n\n<section class=\"element audio-block\">\n  <div class=\"flex flex-col w-full gap-6\">\n    <div class=\"flex flex-col gap-3\">\n      <div class=\"flex gap-6\">\n                          <h2 class=\"text-2xl font-bold\">La visita continua<\/h2>\n              <\/div>\n          <\/div>\n    <div class=\"flex items-center justify-end gap-3\">\n              <div class=\"flex-1 audio-content\" dir=\"ltr\">\n          <audio id=\"audio-0ed976756a98d6f6ad5633bbf7e6fb1c\" data-label=\"La visita continua\"\n            data-category=\"SANT-JOAN-DE-BOI-IT-GENERAL-PLAY-CLOENDA.mp3\" class=\"hidden\" controls\n            src=\"https:\/\/guiesullsdelahistoria.cat\/app\/uploads\/2024\/11\/SANT-JOAN-DE-BOI-IT-GENERAL-PLAY-CLOENDA.mp3\"><\/audio>\n          <div class=\"flex items-center w-full gap-3 transition-opacity opacity-0 meta\">\n            <progress class=\"flex-1 border-0 appearance-none\" value=\"0\" max=\"1\"><\/progress>\n            <div class=\"text-sm text-center shrink-0 current-time w-9\"><\/div>\n                      <\/div>\n        <\/div>\n            <div class=\"flex flex-col items-center gap-2 shrink-1 audio-control\">\n        <button\n  class=\"flex items-center justify-center w-32 max-w-32 h-32 max-h-32 transition-[max-height,_max-width] bg-black rounded-full btn text-accent\"\n  data-target=\"#audio-0ed976756a98d6f6ad5633bbf7e6fb1c\">\n  <svg width=\"100%\" height=\"100%\" viewBox=\"0 0 36 36\" version=\"1.1\" xmlns=\"http:\/\/www.w3.org\/2000\/svg\" xmlns:xlink=\"http:\/\/www.w3.org\/1999\/xlink\">\n  <path id=\"ytp-12\" d=\"M11,10 L18,13.74 18,22.28 11,26 M18,13.74 L26,18 26,18 18,22.28\" fill=\"currentColor\">\n    <animate id=\"animation\" begin=\"indefinite\" attributeType=\"XML\" attributeName=\"d\" fill=\"freeze\" from=\"M11,10 L17,10 17,26 11,26 M20,10 L26,10 26,26 20,26\" to=\"M11,10 L18,13.74 18,22.28 11,26 M18,13.74 L26,18 26,18 18,22.28\" dur=\"0.1s\" keySplines=\".4 0 1 1\" repeatCount=\"1\" data-play=\"M11,10 L18,13.74 18,22.28 11,26 M18,13.74 L26,18 26,18 18,22.28\" data-pause=\"M11,10 L17,10 17,26 11,26 M20,10 L26,10 26,26 20,26\"><\/animate>\n  <\/path>\n<\/svg>\n<\/button>\n        <p class=\"text-base text-center\">Ascolta<\/p>\n      <\/div>\n    <\/div>\n\n    \n          <div class=\"flex flex-wrap justify-between gap-6 md:justify-start\">\n                  <button data-target=\"#transcription-0ed976756a98d6f6ad5633bbf7e6fb1c\" data-toggle=\"modal\" class=\"flex items-center gap-2\">\n            <svg class=\"w-6 h-6\" fill=\"none\" xmlns=\"http:\/\/www.w3.org\/2000\/svg\" viewBox=\"0 0 22 12\"><path d=\"M0 9.873v-6c0-.55.196-1.02.588-1.412A1.926 1.926 0 0 1 2 1.873h2c.55 0 1.02.196 1.412.588.392.391.588.862.588 1.412v6H4v-2H2v2H0Zm2-4h2v-2H2v2Zm6 4v-8h4c.55 0 1.02.196 1.412.588.392.391.588.862.588 1.412v4c0 .55-.196 1.021-.588 1.413A1.926 1.926 0 0 1 12 9.873H8Zm2-2h2v-4h-2v4Zm6.85.8-1.4-1.425c.183-.183.32-.391.413-.625.091-.233.137-.483.137-.75 0-.283-.046-.537-.137-.762a1.85 1.85 0 0 0-.413-.613l1.4-1.45c.367.367.65.792.85 1.275.2.484.3 1 .3 1.55s-.1 1.063-.3 1.538c-.2.475-.483.896-.85 1.262Zm2.825 2.825-1.45-1.375c.55-.55.983-1.187 1.3-1.912A5.775 5.775 0 0 0 20 5.873c0-.85-.158-1.633-.475-2.35a6.217 6.217 0 0 0-1.3-1.9l1.45-1.4a7.94 7.94 0 0 1 1.712 2.55c.409.967.613 2 .613 3.1s-.204 2.13-.613 3.088a7.977 7.977 0 0 1-1.712 2.537Z\" fill=\"#000\"\/><\/svg>            <span>Trascrizione<\/span>\n          <\/button>\n                      <\/div>\n      <\/div>\n\n      <div id=\"transcription-0ed976756a98d6f6ad5633bbf7e6fb1c\"\n  class=\"fixed inset-0 z-50 hidden w-screen h-screen opacity-0 pointer-events-none modal transcription\"\n  tabindex=\"-1\" role=\"dialog\">\n  <div class=\"absolute w-full h-full bg-black opacity-75 modal-overlay\"><\/div>\n  <div\n    class=\"absolute z-30 w-11\/12 mx-auto overflow-y-auto text-black bg-white shadow-lg modal-container center-xy md:max-w-4xl\"\n    role=\"document\">\n    <div class=\"flex items-center justify-between px-4 py-4 text-gray-700 border-b md:px-8\">\n      <h2 class=\"!mb-0 font-bold\">Trascrizione<\/h2>\n      <div class=\"z-50 flex flex-col items-center ml-auto cursor-pointer rtl:ml-0 rtl:mr-auto modal-close\">\n        <svg class=\"w-auto h-6\" width=\"18\" height=\"23\" xmlns=\"http:\/\/www.w3.org\/2000\/svg\">\n  <g stroke=\"currentColor\" fill=\"none\" fill-rule=\"evenodd\" stroke-linecap=\"square\">\n    <path d=\"M.7248.974l16.1076 20.6167M16.655 1.2654L.9097 22.1601\" \/>\n  <\/g>\n<\/svg>        <div class=\"hidden\">Close<\/div>\n      <\/div>\n    <\/div>\n    <div class=\"px-4 py-8 overflow-y-auto max-h-modal md:px-8 modal-content\">\n      <div class=\"mb-8 flex flex-col gap-1.5\">\n                      <h3 class=\"text-xl font-bold\">La visita continua<\/h3>\n                            <\/div>\n            <p>Qui termina la visita alla chiesa. Ora ti invitiamo a scoprire le altre, che compongono il complesso romanico della Vall de Bo\u00ed. Ti aspettiamo!<\/p>\n    <\/div>\n  <\/div>\n<\/div>\n    <\/section>\n\n\n<div class=\"flex flex-col gap-3 element text-block\">\n  <div class=\"flex items-center gap-6\">\n              <h2 class=\"text-2xl font-bold\">Chiusura<\/h2>\n      <\/div>\n        <div class=\"prose prose-lg\"><p>\u201c<em>Els Ulls de la Hist\u00f2ria<\/em>. Uno sguardo immersivo sul patrimonio\u201d \u00e8 un\u2019iniziativa dell\u2019Ag\u00e8ncia Catalana del Patrimoni Cultural, un progetto che incorpora altre voci e altri punti di vista sul nostro passato. Perch\u00e9 la storia la costruiamo tutti e tutte.<\/p>\n<\/div>\n  <\/div>\n\n<\/div>\n      <\/div>\n    <\/div>\n  <\/section>\n\n\n<section class=\"overflow-hidden section\" id=\"section-69f5c681521a0\" data-title=\"6. Sant Quirc de Durro\">\n    <div class=\"container grid grid-cols-1 py-8 md:py-10 max-md:gap-y-8 md:grid-standard\">\n              <div class=\"flex gap-4 md:col-span-5\">\n                                <h2 class=\"text-8 font-headings\">6. Sant Quirc de Durro<\/h2>\n                  <\/div>\n            <div class=\"flex flex-col gap-8 md:col-span-6 md:col-start-7 md:gap-10\">\n        <div class=\"acf-innerblocks-container\">\n<div class=\"flex flex-col gap-3 element text-block\">\n  <div class=\"flex items-center gap-6\">\n              <h2 class=\"text-2xl font-bold\">6a Introduzione<\/h2>\n      <\/div>\n    <\/div>\n\n\n<div class=\"flex flex-col gap-6 element image-block\">\n  <div class=\"flex flex-col gap-3\">\n      <\/div>\n      <figure>\n      <img loading=\"lazy\" decoding=\"async\" width=\"1600\" height=\"1177\" src=\"https:\/\/guiesullsdelahistoria.cat\/app\/uploads\/2024\/11\/Sant_Quirc_de_Durro_general_amb_faro.jpg\" class=\"w-full h-auto\" alt=\"sterno dell\u2019eremo di Sant Quirc de Durro visto di lato, con il faro alle spalle e le montagne sullo sfondo.\" srcset=\"https:\/\/guiesullsdelahistoria.cat\/app\/uploads\/2024\/11\/Sant_Quirc_de_Durro_general_amb_faro.jpg 1600w, https:\/\/guiesullsdelahistoria.cat\/app\/uploads\/2024\/11\/Sant_Quirc_de_Durro_general_amb_faro-300x221.jpg 300w, https:\/\/guiesullsdelahistoria.cat\/app\/uploads\/2024\/11\/Sant_Quirc_de_Durro_general_amb_faro-1024x753.jpg 1024w, https:\/\/guiesullsdelahistoria.cat\/app\/uploads\/2024\/11\/Sant_Quirc_de_Durro_general_amb_faro-768x565.jpg 768w, https:\/\/guiesullsdelahistoria.cat\/app\/uploads\/2024\/11\/Sant_Quirc_de_Durro_general_amb_faro-1536x1130.jpg 1536w\" sizes=\"auto, (max-width: 1600px) 100vw, 1600px\" \/>\n              <figcaption class=\"pt-2 text-gray-800\">Vista di Sant Quirc de Durro. <\/figcaption>\n          <\/figure>\n  <\/div>\n\n\n<section class=\"element audio-block\">\n  <div class=\"flex flex-col w-full gap-6\">\n    <div class=\"flex flex-col gap-3\">\n      <div class=\"flex gap-6\">\n                          <h2 class=\"text-2xl font-bold\">La Vall de Bo\u00ed e le sue chiese<\/h2>\n              <\/div>\n          <\/div>\n    <div class=\"flex items-center justify-end gap-3\">\n              <div class=\"flex-1 audio-content\" dir=\"ltr\">\n          <audio id=\"audio-0a2e373f85c2561075d92421393ccc6c\" data-label=\"La Vall de Bo\u00ed e le sue chiese\"\n            data-category=\"SANT-QUIRC-DE-DURRO-IT-GENERAL-PLAY-0.mp3\" class=\"hidden\" controls\n            src=\"https:\/\/guiesullsdelahistoria.cat\/app\/uploads\/2024\/11\/SANT-QUIRC-DE-DURRO-IT-GENERAL-PLAY-0.mp3\"><\/audio>\n          <div class=\"flex items-center w-full gap-3 transition-opacity opacity-0 meta\">\n            <progress class=\"flex-1 border-0 appearance-none\" value=\"0\" max=\"1\"><\/progress>\n            <div class=\"text-sm text-center shrink-0 current-time w-9\"><\/div>\n                      <\/div>\n        <\/div>\n            <div class=\"flex flex-col items-center gap-2 shrink-1 audio-control\">\n        <button\n  class=\"flex items-center justify-center w-32 max-w-32 h-32 max-h-32 transition-[max-height,_max-width] bg-black rounded-full btn text-accent\"\n  data-target=\"#audio-0a2e373f85c2561075d92421393ccc6c\">\n  <svg width=\"100%\" height=\"100%\" viewBox=\"0 0 36 36\" version=\"1.1\" xmlns=\"http:\/\/www.w3.org\/2000\/svg\" xmlns:xlink=\"http:\/\/www.w3.org\/1999\/xlink\">\n  <path id=\"ytp-12\" d=\"M11,10 L18,13.74 18,22.28 11,26 M18,13.74 L26,18 26,18 18,22.28\" fill=\"currentColor\">\n    <animate id=\"animation\" begin=\"indefinite\" attributeType=\"XML\" attributeName=\"d\" fill=\"freeze\" from=\"M11,10 L17,10 17,26 11,26 M20,10 L26,10 26,26 20,26\" to=\"M11,10 L18,13.74 18,22.28 11,26 M18,13.74 L26,18 26,18 18,22.28\" dur=\"0.1s\" keySplines=\".4 0 1 1\" repeatCount=\"1\" data-play=\"M11,10 L18,13.74 18,22.28 11,26 M18,13.74 L26,18 26,18 18,22.28\" data-pause=\"M11,10 L17,10 17,26 11,26 M20,10 L26,10 26,26 20,26\"><\/animate>\n  <\/path>\n<\/svg>\n<\/button>\n        <p class=\"text-base text-center\">Ascolta<\/p>\n      <\/div>\n    <\/div>\n\n    \n          <div class=\"flex flex-wrap justify-between gap-6 md:justify-start\">\n                  <button data-target=\"#transcription-0a2e373f85c2561075d92421393ccc6c\" data-toggle=\"modal\" class=\"flex items-center gap-2\">\n            <svg class=\"w-6 h-6\" fill=\"none\" xmlns=\"http:\/\/www.w3.org\/2000\/svg\" viewBox=\"0 0 22 12\"><path d=\"M0 9.873v-6c0-.55.196-1.02.588-1.412A1.926 1.926 0 0 1 2 1.873h2c.55 0 1.02.196 1.412.588.392.391.588.862.588 1.412v6H4v-2H2v2H0Zm2-4h2v-2H2v2Zm6 4v-8h4c.55 0 1.02.196 1.412.588.392.391.588.862.588 1.412v4c0 .55-.196 1.021-.588 1.413A1.926 1.926 0 0 1 12 9.873H8Zm2-2h2v-4h-2v4Zm6.85.8-1.4-1.425c.183-.183.32-.391.413-.625.091-.233.137-.483.137-.75 0-.283-.046-.537-.137-.762a1.85 1.85 0 0 0-.413-.613l1.4-1.45c.367.367.65.792.85 1.275.2.484.3 1 .3 1.55s-.1 1.063-.3 1.538c-.2.475-.483.896-.85 1.262Zm2.825 2.825-1.45-1.375c.55-.55.983-1.187 1.3-1.912A5.775 5.775 0 0 0 20 5.873c0-.85-.158-1.633-.475-2.35a6.217 6.217 0 0 0-1.3-1.9l1.45-1.4a7.94 7.94 0 0 1 1.712 2.55c.409.967.613 2 .613 3.1s-.204 2.13-.613 3.088a7.977 7.977 0 0 1-1.712 2.537Z\" fill=\"#000\"\/><\/svg>            <span>Trascrizione<\/span>\n          <\/button>\n                      <\/div>\n      <\/div>\n\n      <div id=\"transcription-0a2e373f85c2561075d92421393ccc6c\"\n  class=\"fixed inset-0 z-50 hidden w-screen h-screen opacity-0 pointer-events-none modal transcription\"\n  tabindex=\"-1\" role=\"dialog\">\n  <div class=\"absolute w-full h-full bg-black opacity-75 modal-overlay\"><\/div>\n  <div\n    class=\"absolute z-30 w-11\/12 mx-auto overflow-y-auto text-black bg-white shadow-lg modal-container center-xy md:max-w-4xl\"\n    role=\"document\">\n    <div class=\"flex items-center justify-between px-4 py-4 text-gray-700 border-b md:px-8\">\n      <h2 class=\"!mb-0 font-bold\">Trascrizione<\/h2>\n      <div class=\"z-50 flex flex-col items-center ml-auto cursor-pointer rtl:ml-0 rtl:mr-auto modal-close\">\n        <svg class=\"w-auto h-6\" width=\"18\" height=\"23\" xmlns=\"http:\/\/www.w3.org\/2000\/svg\">\n  <g stroke=\"currentColor\" fill=\"none\" fill-rule=\"evenodd\" stroke-linecap=\"square\">\n    <path d=\"M.7248.974l16.1076 20.6167M16.655 1.2654L.9097 22.1601\" \/>\n  <\/g>\n<\/svg>        <div class=\"hidden\">Close<\/div>\n      <\/div>\n    <\/div>\n    <div class=\"px-4 py-8 overflow-y-auto max-h-modal md:px-8 modal-content\">\n      <div class=\"mb-8 flex flex-col gap-1.5\">\n                      <h3 class=\"text-xl font-bold\">La Vall de Bo\u00ed e le sue chiese<\/h3>\n                            <\/div>\n            <p>Ti diamo il benvenuto nella Vall de Bo\u00ed e ti invitiamo a scoprire il suo straordinario complesso di chiese, considerato una delle massime espressioni dell\u2019arte romanica catalana e iscritto nel 2000 nell\u2019Elenco del Patrimonio Mondiale dell&#8217;UNESCO.<br \/>\nIl complesso romanico della Vall de Bo\u00ed \u00e8 composto da nove chiese: Sant Climent e Santa Maria di Ta\u00fcll, Sant Joan di Bo\u00ed, Santa Eul\u00e0lia di Erill la Vall, Sant Feliu di Barruera, la Nativitat e Sant Quirc di Durro, Santa Maria di Cardet e l&#8217;Assumpci\u00f3 di C\u00f3ll.<br \/>\nMa cosa accomuna queste chiese? Perch\u00e9 sono cos\u00ec uniche? Qual \u00e8 la loro storia?<br \/>\nFurono tutte costruite tra l\u2019XI e il XII secolo, in un periodo di potere e prosperit\u00e0 economica per la nobilt\u00e0 locale, e condividono lo stesso stile architettonico, il romanico, diffuso in tutta Europa.<br \/>\nOggigiorno, la gran parte di dipinti, sculture e mobili \u00e8 conservata in diversi musei catalani, in particolare nel Museu Nacional d\u2019Art de Catalunya. Tuttavia, alcune chiese conservano importanti frammenti di dipinti murali e sculture originali, oltre a riproduzioni delle opere custodite nei musei.<br \/>\nGrazie a questa guida scoprirai il valore eccezionale di questo complesso romanico e potrai conoscere ognuna delle nove chiese, con i loro segreti e le loro curiosit\u00e0.<br \/>\nUn ultimo avvertimento! Queste montagne sono misteriose, e le parole delle persone che le hanno abitate sono spesso intrappolate nelle valli e risuonano nel tempo come un\u2019eco impercettibile. Questa guida \u00e8 dotata di un sensore che si attiva ogni volta che ne rileva una. Non spaventarti e continua ad ascoltare.<\/p>\n    <\/div>\n  <\/div>\n<\/div>\n    <\/section>\n\n\n<div class=\"flex flex-col gap-3 element text-block\">\n  <div class=\"flex items-center gap-6\">\n              <h2 class=\"text-2xl font-bold\">6b Piazzale esterno<\/h2>\n      <\/div>\n    <\/div>\n\n\n<div class=\"flex flex-col gap-6 element image-block\">\n  <div class=\"flex flex-col gap-3\">\n      <\/div>\n      <figure>\n      <img loading=\"lazy\" decoding=\"async\" width=\"1600\" height=\"1066\" src=\"https:\/\/guiesullsdelahistoria.cat\/app\/uploads\/2024\/11\/MG_0127.jpg\" class=\"w-full h-auto\" alt=\"Esterno dell\u2019eremo di Sant Quirc de Durro coronato dal campanile a vela e circondato da montagne.\" srcset=\"https:\/\/guiesullsdelahistoria.cat\/app\/uploads\/2024\/11\/MG_0127.jpg 1600w, https:\/\/guiesullsdelahistoria.cat\/app\/uploads\/2024\/11\/MG_0127-300x200.jpg 300w, https:\/\/guiesullsdelahistoria.cat\/app\/uploads\/2024\/11\/MG_0127-1024x682.jpg 1024w, https:\/\/guiesullsdelahistoria.cat\/app\/uploads\/2024\/11\/MG_0127-768x512.jpg 768w, https:\/\/guiesullsdelahistoria.cat\/app\/uploads\/2024\/11\/MG_0127-1536x1023.jpg 1536w\" sizes=\"auto, (max-width: 1600px) 100vw, 1600px\" \/>\n              <figcaption class=\"pt-2 text-gray-800\">Sant Quirc de Durro con il campanile a vela.<\/figcaption>\n          <\/figure>\n  <\/div>\n\n\n<section class=\"element audio-block\">\n  <div class=\"flex flex-col w-full gap-6\">\n    <div class=\"flex flex-col gap-3\">\n      <div class=\"flex gap-6\">\n                          <h2 class=\"text-2xl font-bold\">Funzioni pratiche e funzioni simboliche<\/h2>\n              <\/div>\n          <\/div>\n    <div class=\"flex items-center justify-end gap-3\">\n              <div class=\"flex-1 audio-content\" dir=\"ltr\">\n          <audio id=\"audio-07a7dd389ba722aab55d111d09709fdd\" data-label=\"Funzioni pratiche e funzioni simboliche\"\n            data-category=\"SANT-QUIRC-DE-DURRO-IT-GENERAL-PLAY-1.mp3\" class=\"hidden\" controls\n            src=\"https:\/\/guiesullsdelahistoria.cat\/app\/uploads\/2024\/11\/SANT-QUIRC-DE-DURRO-IT-GENERAL-PLAY-1.mp3\"><\/audio>\n          <div class=\"flex items-center w-full gap-3 transition-opacity opacity-0 meta\">\n            <progress class=\"flex-1 border-0 appearance-none\" value=\"0\" max=\"1\"><\/progress>\n            <div class=\"text-sm text-center shrink-0 current-time w-9\"><\/div>\n                      <\/div>\n        <\/div>\n            <div class=\"flex flex-col items-center gap-2 shrink-1 audio-control\">\n        <button\n  class=\"flex items-center justify-center w-32 max-w-32 h-32 max-h-32 transition-[max-height,_max-width] bg-black rounded-full btn text-accent\"\n  data-target=\"#audio-07a7dd389ba722aab55d111d09709fdd\">\n  <svg width=\"100%\" height=\"100%\" viewBox=\"0 0 36 36\" version=\"1.1\" xmlns=\"http:\/\/www.w3.org\/2000\/svg\" xmlns:xlink=\"http:\/\/www.w3.org\/1999\/xlink\">\n  <path id=\"ytp-12\" d=\"M11,10 L18,13.74 18,22.28 11,26 M18,13.74 L26,18 26,18 18,22.28\" fill=\"currentColor\">\n    <animate id=\"animation\" begin=\"indefinite\" attributeType=\"XML\" attributeName=\"d\" fill=\"freeze\" from=\"M11,10 L17,10 17,26 11,26 M20,10 L26,10 26,26 20,26\" to=\"M11,10 L18,13.74 18,22.28 11,26 M18,13.74 L26,18 26,18 18,22.28\" dur=\"0.1s\" keySplines=\".4 0 1 1\" repeatCount=\"1\" data-play=\"M11,10 L18,13.74 18,22.28 11,26 M18,13.74 L26,18 26,18 18,22.28\" data-pause=\"M11,10 L17,10 17,26 11,26 M20,10 L26,10 26,26 20,26\"><\/animate>\n  <\/path>\n<\/svg>\n<\/button>\n        <p class=\"text-base text-center\">Ascolta<\/p>\n      <\/div>\n    <\/div>\n\n    \n          <div class=\"flex flex-wrap justify-between gap-6 md:justify-start\">\n                  <button data-target=\"#transcription-07a7dd389ba722aab55d111d09709fdd\" data-toggle=\"modal\" class=\"flex items-center gap-2\">\n            <svg class=\"w-6 h-6\" fill=\"none\" xmlns=\"http:\/\/www.w3.org\/2000\/svg\" viewBox=\"0 0 22 12\"><path d=\"M0 9.873v-6c0-.55.196-1.02.588-1.412A1.926 1.926 0 0 1 2 1.873h2c.55 0 1.02.196 1.412.588.392.391.588.862.588 1.412v6H4v-2H2v2H0Zm2-4h2v-2H2v2Zm6 4v-8h4c.55 0 1.02.196 1.412.588.392.391.588.862.588 1.412v4c0 .55-.196 1.021-.588 1.413A1.926 1.926 0 0 1 12 9.873H8Zm2-2h2v-4h-2v4Zm6.85.8-1.4-1.425c.183-.183.32-.391.413-.625.091-.233.137-.483.137-.75 0-.283-.046-.537-.137-.762a1.85 1.85 0 0 0-.413-.613l1.4-1.45c.367.367.65.792.85 1.275.2.484.3 1 .3 1.55s-.1 1.063-.3 1.538c-.2.475-.483.896-.85 1.262Zm2.825 2.825-1.45-1.375c.55-.55.983-1.187 1.3-1.912A5.775 5.775 0 0 0 20 5.873c0-.85-.158-1.633-.475-2.35a6.217 6.217 0 0 0-1.3-1.9l1.45-1.4a7.94 7.94 0 0 1 1.712 2.55c.409.967.613 2 .613 3.1s-.204 2.13-.613 3.088a7.977 7.977 0 0 1-1.712 2.537Z\" fill=\"#000\"\/><\/svg>            <span>Trascrizione<\/span>\n          <\/button>\n                      <\/div>\n      <\/div>\n\n      <div id=\"transcription-07a7dd389ba722aab55d111d09709fdd\"\n  class=\"fixed inset-0 z-50 hidden w-screen h-screen opacity-0 pointer-events-none modal transcription\"\n  tabindex=\"-1\" role=\"dialog\">\n  <div class=\"absolute w-full h-full bg-black opacity-75 modal-overlay\"><\/div>\n  <div\n    class=\"absolute z-30 w-11\/12 mx-auto overflow-y-auto text-black bg-white shadow-lg modal-container center-xy md:max-w-4xl\"\n    role=\"document\">\n    <div class=\"flex items-center justify-between px-4 py-4 text-gray-700 border-b md:px-8\">\n      <h2 class=\"!mb-0 font-bold\">Trascrizione<\/h2>\n      <div class=\"z-50 flex flex-col items-center ml-auto cursor-pointer rtl:ml-0 rtl:mr-auto modal-close\">\n        <svg class=\"w-auto h-6\" width=\"18\" height=\"23\" xmlns=\"http:\/\/www.w3.org\/2000\/svg\">\n  <g stroke=\"currentColor\" fill=\"none\" fill-rule=\"evenodd\" stroke-linecap=\"square\">\n    <path d=\"M.7248.974l16.1076 20.6167M16.655 1.2654L.9097 22.1601\" \/>\n  <\/g>\n<\/svg>        <div class=\"hidden\">Close<\/div>\n      <\/div>\n    <\/div>\n    <div class=\"px-4 py-8 overflow-y-auto max-h-modal md:px-8 modal-content\">\n      <div class=\"mb-8 flex flex-col gap-1.5\">\n                      <h3 class=\"text-xl font-bold\">Funzioni pratiche e funzioni simboliche<\/h3>\n                            <\/div>\n            <p>Come puoi vedere, l\u2019eremo di Sant Quirc si trova in un contesto privilegiato, su un altopiano della montagna di Durro, a 1.500 metri di altitudine.<br \/>\nTi chiederai perch\u00e9 sia stato costruito qui, in un luogo difficile da raggiungere e lontano dal paese. Le ragioni sono due.<br \/>\nIn primo luogo, l\u2019eremo segnava il confine tra i prati da pascolo e i terreni coltivati. I prati, che arrivano fino al villaggio, appartengono a proprietari privati, mentre la terra sulla montagna appartiene a tutti gli abitanti del villaggio.<br \/>\nMa l\u2019eremo ha anche un\u2019altra funzione, simbolica e legata alla tradizione pagana delle falles, che consiste nel far scendere una serie di tronchi simili a torce da un punto alto, di solito una montagna o una collina, fino al centro del villaggio dove viene acceso un grande fal\u00f2. Sant Quirc \u00e8 il luogo in cui si trova il Faro di Durro, il pino che segna il punto di partenza della discesa delle falles di questo villaggio. A seconda del periodo dell\u2019anno, \u00e8 ancora possibile vederlo mezzo bruciato, sul bordo del dirupo. La discesa delle falles segna l\u2019arrivo dell\u2019estate e la sua funzione era quella di purificare i pascoli e allontanare gli spiriti maligni. Con l&#8217;arrivo del cristianesimo, questa tradizione fu adattata al culto dei santi, che divennero i protettori del territorio.<\/p>\n<p><em>Suono di interferenze<\/em>.<\/p>\n<p><strong>Donna:<\/strong> Mi hanno detto che stanotte alcune ragazze parteciperanno alla corsa delle falles.<br \/>\n<strong>Uomo:<\/strong> Figurati! Che stupidaggine. \u00c8 una cosa da uomini.<br \/>\n<strong>Donna:<\/strong> E non ti sembra il momento di cambiare le cose?<br \/>\n<strong>Uomo:<\/strong> \u00c8 una tradizione. Si \u00e8 sempre fatto cos\u00ec.<br \/>\n<strong>Donna:<\/strong> Siamo nel 2010. 2010! E Durro \u00e8 l\u2019unico luogo dei Pirinei in cui le donne non sono ammesse alla corsa delle falles. Dunque spero che le voci a riguardo siano vere e che queste ragazze abbiano il coraggio di farlo.<br \/>\n<strong>Uomo:<\/strong> Io finch\u00e9 non lo vedo non ci credo.<br \/>\n<em>Suono di interferenze.<br \/>\n<\/em><br \/>\nA La Vall ci sono diversi eremi, ma l&#8217;eremo di Sant Quirc di Durro \u00e8 l\u2019unico che conserva la struttura originale del XII secolo. Per questo motivo \u00e8 stato inserito nel Patrimonio Mondiale, insieme alle chiese.<br \/>\nDal punto in cui ti trovi si vede chiaramente il campanile di Sant Quirc, un\u2019aggiunta romanica successiva. A differenza dei caratteristici campanili delle chiese di La Vall, ha la forma di campanile a vela.<br \/>\nUn\u2019altra curiosit\u00e0 di Sant Quirc \u00e8 che le pareti sono in ardesia, a differenza del resto delle chiese di La Vall. La tipologia dell\u2019eremo \u00e8 molto simile a quella del portico della chiesa della Nativitat di Durro, situata a poco pi\u00f9 di due chilometri di distanza. Questo fa pensare che siano dello stesso periodo, la seconda met\u00e0 del XII secolo.<br \/>\nOra avvicinati alla porta d&#8217;ingresso e osserva i cunei dell\u2019arco, le pietre che si incurvano intorno a esso. Vedrai che hanno una tonalit\u00e0 rosata, diversa dal resto. Questo perch\u00e9 sono fatti di pietra pomice, un materiale pi\u00f9 morbido e quindi pi\u00f9 facile da lavorare, ideale per gli ornamenti.<br \/>\nSant Quirc si distingue anche per le poche aperture che permettono alla luce di entrare all\u2019interno. Difatti, nell\u2019abside centrale si trova l\u2019unica finestra che illuminava l\u2019interno, insieme all\u2019obl\u00f2 che si vede nel presbiterio, appena sotto il tetto.<br \/>\nPer proseguire la visita \u00e8 necessario entrare nella chiesa, ma in alcuni periodi dell\u2019anno ci\u00f2 non \u00e8 possibile perch\u00e9 \u00e8 chiusa. Se non puoi entrare, puoi farti un\u2019idea di come \u00e8 fatta facendo clic sulla risorsa virtuale della guida.<\/p>\n    <\/div>\n  <\/div>\n<\/div>\n    <\/section>\n\n\n<div class=\"flex flex-col gap-3 element interactive-block\">\n  <div class=\"flex items-center gap-6\">\n              <h2 class=\"text-2xl font-bold\">Risorsa virtuale: 3D Sant Quirc de Durro<\/h2>\n      <\/div>\n          <div class=\"flex justify-end w-full\">\n      <div class=\"flex flex-col items-center gap-2 shrink-1\">\n        <button data-target=\"#embed-69f5c6814d6fb\" data-toggle=\"modal\"\n          class=\"flex items-center justify-center w-32 h-32 bg-black rounded-full text-accent\">\n          <svg class=\"w-16 h-auto\" width=\"60\" height=\"61\" viewBox=\"0 0 60 61\" fill=\"none\" xmlns=\"http:\/\/www.w3.org\/2000\/svg\">\n  <path\n    d=\"M27 53.298L12 44.673C11.05 44.1231 10.3125 43.398 9.7875 42.498C9.2625 41.598 9 40.598 9 39.498V22.248C9 21.148 9.2625 20.148 9.7875 19.248C10.3125 18.348 11.05 17.623 12 17.073L27 8.44805C27.95 7.89805 28.95 7.62305 30 7.62305C31.05 7.62305 32.05 7.89805 33 8.44805L48 17.073C48.95 17.623 49.6875 18.348 50.2125 19.248C50.7375 20.148 51 21.148 51 22.248V39.498C51 40.598 50.7375 41.598 50.2125 42.498C49.6875 43.398 48.95 44.1231 48 44.673L33 53.298C32.05 53.848 31.05 54.123 30 54.123C28.95 54.123 27.95 53.848 27 53.298ZM27 46.398V32.598L15 25.623V39.498L27 46.398ZM33 46.398L45 39.498V25.623L33 32.598V46.398ZM0 15.873V6.87305C0 5.22305 0.5875 3.81055 1.7625 2.63555C2.9375 1.46055 4.35 0.873047 6 0.873047H15V6.87305H6V15.873H0ZM15 60.873H6C4.35 60.873 2.9375 60.2855 1.7625 59.1105C0.5875 57.9355 0 56.523 0 54.873V45.8731H6V54.873H15V60.873ZM45 60.873V54.873H54V45.8731H60V54.873C60 56.523 59.4125 57.9355 58.2375 59.1105C57.0625 60.2855 55.65 60.873 54 60.873H45ZM54 15.873V6.87305H45V0.873047H54C55.65 0.873047 57.0625 1.46055 58.2375 2.63555C59.4125 3.81055 60 5.22305 60 6.87305V15.873H54ZM30 27.423L41.85 20.448L30 13.623L18.15 20.448L30 27.423Z\"\n    fill=\"currentColor\" \/>\n<\/svg>\n        <\/button>\n                  <p class=\"text-base text-center\">Guarda<\/p>\n              <\/div>\n    <\/div>\n    <div id=\"embed-69f5c6814d6fb\"\n  class=\"fixed inset-0 z-50 hidden w-screen h-screen opacity-0 pointer-events-none modal embed-container\"\n  tabindex=\"-1\" role=\"dialog\">\n  <div class=\"absolute w-full h-full bg-black opacity-75 modal-overlay\"><\/div>\n  <div\n    class=\"absolute z-30 w-11\/12 mx-auto overflow-y-auto text-black bg-white shadow-lg modal-container center-xy md:max-w-4xl\"\n    role=\"document\">\n    <div class=\"flex items-center justify-between px-4 py-4 text-gray-700 border-b md:px-8\">\n      <h2 class=\"!mb-0 font-bold\">Guarda<\/h2>\n      <div class=\"z-50 flex flex-col items-center ml-auto cursor-pointer rtl:ml-0 rtl:mr-auto modal-close\">\n        <svg class=\"w-auto h-6\" width=\"18\" height=\"23\" xmlns=\"http:\/\/www.w3.org\/2000\/svg\">\n  <g stroke=\"currentColor\" fill=\"none\" fill-rule=\"evenodd\" stroke-linecap=\"square\">\n    <path d=\"M.7248.974l16.1076 20.6167M16.655 1.2654L.9097 22.1601\" \/>\n  <\/g>\n<\/svg>        <div class=\"hidden\">Close<\/div>\n      <\/div>\n    <\/div>\n    <div class=\"px-4 py-8 overflow-y-auto max-h-modal md:px-8 modal-content\">\n      <div class=\"sketchfab-embed-wrapper\"> <iframe title=\"Sant Quirc de Durro. Vall de Bo\u00ed\" frameborder=\"0\" allowfullscreen mozallowfullscreen=\"true\" webkitallowfullscreen=\"true\" allow=\"autoplay; fullscreen; xr-spatial-tracking\" xr-spatial-tracking execution-while-out-of-viewport execution-while-not-rendered web-share src=\"https:\/\/sketchfab.com\/models\/9c21f3f0615e4905889d4d07316a3dfa\/embed?ui_infos=0\"> <\/iframe> <\/div>\n    <\/div>\n  <\/div>\n<\/div>\n  <\/div>\n\n\n<div class=\"flex flex-col gap-3 element text-block\">\n  <div class=\"flex items-center gap-6\">\n              <h2 class=\"text-2xl font-bold\">6c Interno<\/h2>\n      <\/div>\n    <\/div>\n\n\n<div class=\"flex flex-col gap-6 element image-block\">\n  <div class=\"flex flex-col gap-3\">\n      <\/div>\n      <figure>\n      <img loading=\"lazy\" decoding=\"async\" width=\"1452\" height=\"966\" src=\"https:\/\/guiesullsdelahistoria.cat\/app\/uploads\/2024\/11\/Sant-Quirc-interior-general.jpg\" class=\"w-full h-auto\" alt=\"Interno dell\u2019eremo di Sant Quirc di Durro visto dal coro, con l\u2019altare sullo sfondo decorato con elementi misti romanici e barocchi.\" srcset=\"https:\/\/guiesullsdelahistoria.cat\/app\/uploads\/2024\/11\/Sant-Quirc-interior-general.jpg 1452w, https:\/\/guiesullsdelahistoria.cat\/app\/uploads\/2024\/11\/Sant-Quirc-interior-general-300x200.jpg 300w, https:\/\/guiesullsdelahistoria.cat\/app\/uploads\/2024\/11\/Sant-Quirc-interior-general-1024x681.jpg 1024w, https:\/\/guiesullsdelahistoria.cat\/app\/uploads\/2024\/11\/Sant-Quirc-interior-general-768x511.jpg 768w\" sizes=\"auto, (max-width: 1452px) 100vw, 1452px\" \/>\n              <figcaption class=\"pt-2 text-gray-800\">Interno di Sant Quirc de Durro. <\/figcaption>\n          <\/figure>\n  <\/div>\n\n\n<section class=\"element audio-block\">\n  <div class=\"flex flex-col w-full gap-6\">\n    <div class=\"flex flex-col gap-3\">\n      <div class=\"flex gap-6\">\n                          <h2 class=\"text-2xl font-bold\">La convivenza di stili differenti<\/h2>\n              <\/div>\n          <\/div>\n    <div class=\"flex items-center justify-end gap-3\">\n              <div class=\"flex-1 audio-content\" dir=\"ltr\">\n          <audio id=\"audio-8e83ad3e1d775b5f8ec46c9f90e0f22f\" data-label=\"La convivenza di stili differenti\"\n            data-category=\"SANT-QUIRC-DE-DURRO-IT-GENERAL-PLAY-2.mp3\" class=\"hidden\" controls\n            src=\"https:\/\/guiesullsdelahistoria.cat\/app\/uploads\/2024\/11\/SANT-QUIRC-DE-DURRO-IT-GENERAL-PLAY-2.mp3\"><\/audio>\n          <div class=\"flex items-center w-full gap-3 transition-opacity opacity-0 meta\">\n            <progress class=\"flex-1 border-0 appearance-none\" value=\"0\" max=\"1\"><\/progress>\n            <div class=\"text-sm text-center shrink-0 current-time w-9\"><\/div>\n                      <\/div>\n        <\/div>\n            <div class=\"flex flex-col items-center gap-2 shrink-1 audio-control\">\n        <button\n  class=\"flex items-center justify-center w-32 max-w-32 h-32 max-h-32 transition-[max-height,_max-width] bg-black rounded-full btn text-accent\"\n  data-target=\"#audio-8e83ad3e1d775b5f8ec46c9f90e0f22f\">\n  <svg width=\"100%\" height=\"100%\" viewBox=\"0 0 36 36\" version=\"1.1\" xmlns=\"http:\/\/www.w3.org\/2000\/svg\" xmlns:xlink=\"http:\/\/www.w3.org\/1999\/xlink\">\n  <path id=\"ytp-12\" d=\"M11,10 L18,13.74 18,22.28 11,26 M18,13.74 L26,18 26,18 18,22.28\" fill=\"currentColor\">\n    <animate id=\"animation\" begin=\"indefinite\" attributeType=\"XML\" attributeName=\"d\" fill=\"freeze\" from=\"M11,10 L17,10 17,26 11,26 M20,10 L26,10 26,26 20,26\" to=\"M11,10 L18,13.74 18,22.28 11,26 M18,13.74 L26,18 26,18 18,22.28\" dur=\"0.1s\" keySplines=\".4 0 1 1\" repeatCount=\"1\" data-play=\"M11,10 L18,13.74 18,22.28 11,26 M18,13.74 L26,18 26,18 18,22.28\" data-pause=\"M11,10 L17,10 17,26 11,26 M20,10 L26,10 26,26 20,26\"><\/animate>\n  <\/path>\n<\/svg>\n<\/button>\n        <p class=\"text-base text-center\">Ascolta<\/p>\n      <\/div>\n    <\/div>\n\n    \n          <div class=\"flex flex-wrap justify-between gap-6 md:justify-start\">\n                  <button data-target=\"#transcription-8e83ad3e1d775b5f8ec46c9f90e0f22f\" data-toggle=\"modal\" class=\"flex items-center gap-2\">\n            <svg class=\"w-6 h-6\" fill=\"none\" xmlns=\"http:\/\/www.w3.org\/2000\/svg\" viewBox=\"0 0 22 12\"><path d=\"M0 9.873v-6c0-.55.196-1.02.588-1.412A1.926 1.926 0 0 1 2 1.873h2c.55 0 1.02.196 1.412.588.392.391.588.862.588 1.412v6H4v-2H2v2H0Zm2-4h2v-2H2v2Zm6 4v-8h4c.55 0 1.02.196 1.412.588.392.391.588.862.588 1.412v4c0 .55-.196 1.021-.588 1.413A1.926 1.926 0 0 1 12 9.873H8Zm2-2h2v-4h-2v4Zm6.85.8-1.4-1.425c.183-.183.32-.391.413-.625.091-.233.137-.483.137-.75 0-.283-.046-.537-.137-.762a1.85 1.85 0 0 0-.413-.613l1.4-1.45c.367.367.65.792.85 1.275.2.484.3 1 .3 1.55s-.1 1.063-.3 1.538c-.2.475-.483.896-.85 1.262Zm2.825 2.825-1.45-1.375c.55-.55.983-1.187 1.3-1.912A5.775 5.775 0 0 0 20 5.873c0-.85-.158-1.633-.475-2.35a6.217 6.217 0 0 0-1.3-1.9l1.45-1.4a7.94 7.94 0 0 1 1.712 2.55c.409.967.613 2 .613 3.1s-.204 2.13-.613 3.088a7.977 7.977 0 0 1-1.712 2.537Z\" fill=\"#000\"\/><\/svg>            <span>Trascrizione<\/span>\n          <\/button>\n                      <\/div>\n      <\/div>\n\n      <div id=\"transcription-8e83ad3e1d775b5f8ec46c9f90e0f22f\"\n  class=\"fixed inset-0 z-50 hidden w-screen h-screen opacity-0 pointer-events-none modal transcription\"\n  tabindex=\"-1\" role=\"dialog\">\n  <div class=\"absolute w-full h-full bg-black opacity-75 modal-overlay\"><\/div>\n  <div\n    class=\"absolute z-30 w-11\/12 mx-auto overflow-y-auto text-black bg-white shadow-lg modal-container center-xy md:max-w-4xl\"\n    role=\"document\">\n    <div class=\"flex items-center justify-between px-4 py-4 text-gray-700 border-b md:px-8\">\n      <h2 class=\"!mb-0 font-bold\">Trascrizione<\/h2>\n      <div class=\"z-50 flex flex-col items-center ml-auto cursor-pointer rtl:ml-0 rtl:mr-auto modal-close\">\n        <svg class=\"w-auto h-6\" width=\"18\" height=\"23\" xmlns=\"http:\/\/www.w3.org\/2000\/svg\">\n  <g stroke=\"currentColor\" fill=\"none\" fill-rule=\"evenodd\" stroke-linecap=\"square\">\n    <path d=\"M.7248.974l16.1076 20.6167M16.655 1.2654L.9097 22.1601\" \/>\n  <\/g>\n<\/svg>        <div class=\"hidden\">Close<\/div>\n      <\/div>\n    <\/div>\n    <div class=\"px-4 py-8 overflow-y-auto max-h-modal md:px-8 modal-content\">\n      <div class=\"mb-8 flex flex-col gap-1.5\">\n                      <h3 class=\"text-xl font-bold\">La convivenza di stili differenti<\/h3>\n                            <\/div>\n            <p>L\u2019interno dell\u2019eremo di San Quirc di Durro \u00e8 stato trasformato nel corso dei secoli e si pu\u00f2 notare la coesistenza di stili diversi, con il paliotto romanico dell\u2019altare, l\u2019immagine gotica di San Quirico e Santa Giulitta e il retablo barocco davanti all\u2019abside.<br \/>\nIl paliotto romanico, riproduzione dell\u2019originale, conservato nel Museu Nacional d\u2019Art de Catalunya, si trova davanti all\u2019altare ed \u00e8 dedicato ai santi patroni dell\u2019eremo, San Quirico e Santa Giulitta, sua madre. Raffigura, in modo molto crudo, i martirii subiti da questi santi prima della loro morte. Si pu\u00f2 vedere San Quirico segato da cima a fondo o con chiodi conficcati nel viso; e Santa Giulitta trafitta da spade. O entrambi dentro una pentola con una pentola che bolle. Dedicare loro un eremo sembra troppo poco, dopo aver sofferto tanto! <\/p>\n    <\/div>\n  <\/div>\n<\/div>\n    <\/section>\n\n\n<div class=\"flex flex-col gap-3 element text-block\">\n  <div class=\"flex items-center gap-6\">\n              <h2 class=\"text-2xl font-bold\">6d Ti aspettiamo!<\/h2>\n      <\/div>\n    <\/div>\n\n\n<section class=\"element audio-block\">\n  <div class=\"flex flex-col w-full gap-6\">\n    <div class=\"flex flex-col gap-3\">\n      <div class=\"flex gap-6\">\n                          <h2 class=\"text-2xl font-bold\">La visita continua<\/h2>\n              <\/div>\n          <\/div>\n    <div class=\"flex items-center justify-end gap-3\">\n              <div class=\"flex-1 audio-content\" dir=\"ltr\">\n          <audio id=\"audio-e504ccd11160036579a789476988f771\" data-label=\"La visita continua\"\n            data-category=\"SANT-QUIRC-DE-DURRO-IT-GENERAL-PLAY-CLOENDA.mp3\" class=\"hidden\" controls\n            src=\"https:\/\/guiesullsdelahistoria.cat\/app\/uploads\/2024\/11\/SANT-QUIRC-DE-DURRO-IT-GENERAL-PLAY-CLOENDA.mp3\"><\/audio>\n          <div class=\"flex items-center w-full gap-3 transition-opacity opacity-0 meta\">\n            <progress class=\"flex-1 border-0 appearance-none\" value=\"0\" max=\"1\"><\/progress>\n            <div class=\"text-sm text-center shrink-0 current-time w-9\"><\/div>\n                      <\/div>\n        <\/div>\n            <div class=\"flex flex-col items-center gap-2 shrink-1 audio-control\">\n        <button\n  class=\"flex items-center justify-center w-32 max-w-32 h-32 max-h-32 transition-[max-height,_max-width] bg-black rounded-full btn text-accent\"\n  data-target=\"#audio-e504ccd11160036579a789476988f771\">\n  <svg width=\"100%\" height=\"100%\" viewBox=\"0 0 36 36\" version=\"1.1\" xmlns=\"http:\/\/www.w3.org\/2000\/svg\" xmlns:xlink=\"http:\/\/www.w3.org\/1999\/xlink\">\n  <path id=\"ytp-12\" d=\"M11,10 L18,13.74 18,22.28 11,26 M18,13.74 L26,18 26,18 18,22.28\" fill=\"currentColor\">\n    <animate id=\"animation\" begin=\"indefinite\" attributeType=\"XML\" attributeName=\"d\" fill=\"freeze\" from=\"M11,10 L17,10 17,26 11,26 M20,10 L26,10 26,26 20,26\" to=\"M11,10 L18,13.74 18,22.28 11,26 M18,13.74 L26,18 26,18 18,22.28\" dur=\"0.1s\" keySplines=\".4 0 1 1\" repeatCount=\"1\" data-play=\"M11,10 L18,13.74 18,22.28 11,26 M18,13.74 L26,18 26,18 18,22.28\" data-pause=\"M11,10 L17,10 17,26 11,26 M20,10 L26,10 26,26 20,26\"><\/animate>\n  <\/path>\n<\/svg>\n<\/button>\n        <p class=\"text-base text-center\">Ascolta<\/p>\n      <\/div>\n    <\/div>\n\n    \n          <div class=\"flex flex-wrap justify-between gap-6 md:justify-start\">\n                  <button data-target=\"#transcription-e504ccd11160036579a789476988f771\" data-toggle=\"modal\" class=\"flex items-center gap-2\">\n            <svg class=\"w-6 h-6\" fill=\"none\" xmlns=\"http:\/\/www.w3.org\/2000\/svg\" viewBox=\"0 0 22 12\"><path d=\"M0 9.873v-6c0-.55.196-1.02.588-1.412A1.926 1.926 0 0 1 2 1.873h2c.55 0 1.02.196 1.412.588.392.391.588.862.588 1.412v6H4v-2H2v2H0Zm2-4h2v-2H2v2Zm6 4v-8h4c.55 0 1.02.196 1.412.588.392.391.588.862.588 1.412v4c0 .55-.196 1.021-.588 1.413A1.926 1.926 0 0 1 12 9.873H8Zm2-2h2v-4h-2v4Zm6.85.8-1.4-1.425c.183-.183.32-.391.413-.625.091-.233.137-.483.137-.75 0-.283-.046-.537-.137-.762a1.85 1.85 0 0 0-.413-.613l1.4-1.45c.367.367.65.792.85 1.275.2.484.3 1 .3 1.55s-.1 1.063-.3 1.538c-.2.475-.483.896-.85 1.262Zm2.825 2.825-1.45-1.375c.55-.55.983-1.187 1.3-1.912A5.775 5.775 0 0 0 20 5.873c0-.85-.158-1.633-.475-2.35a6.217 6.217 0 0 0-1.3-1.9l1.45-1.4a7.94 7.94 0 0 1 1.712 2.55c.409.967.613 2 .613 3.1s-.204 2.13-.613 3.088a7.977 7.977 0 0 1-1.712 2.537Z\" fill=\"#000\"\/><\/svg>            <span>Trascrizione<\/span>\n          <\/button>\n                      <\/div>\n      <\/div>\n\n      <div id=\"transcription-e504ccd11160036579a789476988f771\"\n  class=\"fixed inset-0 z-50 hidden w-screen h-screen opacity-0 pointer-events-none modal transcription\"\n  tabindex=\"-1\" role=\"dialog\">\n  <div class=\"absolute w-full h-full bg-black opacity-75 modal-overlay\"><\/div>\n  <div\n    class=\"absolute z-30 w-11\/12 mx-auto overflow-y-auto text-black bg-white shadow-lg modal-container center-xy md:max-w-4xl\"\n    role=\"document\">\n    <div class=\"flex items-center justify-between px-4 py-4 text-gray-700 border-b md:px-8\">\n      <h2 class=\"!mb-0 font-bold\">Trascrizione<\/h2>\n      <div class=\"z-50 flex flex-col items-center ml-auto cursor-pointer rtl:ml-0 rtl:mr-auto modal-close\">\n        <svg class=\"w-auto h-6\" width=\"18\" height=\"23\" xmlns=\"http:\/\/www.w3.org\/2000\/svg\">\n  <g stroke=\"currentColor\" fill=\"none\" fill-rule=\"evenodd\" stroke-linecap=\"square\">\n    <path d=\"M.7248.974l16.1076 20.6167M16.655 1.2654L.9097 22.1601\" \/>\n  <\/g>\n<\/svg>        <div class=\"hidden\">Close<\/div>\n      <\/div>\n    <\/div>\n    <div class=\"px-4 py-8 overflow-y-auto max-h-modal md:px-8 modal-content\">\n      <div class=\"mb-8 flex flex-col gap-1.5\">\n                      <h3 class=\"text-xl font-bold\">La visita continua<\/h3>\n                            <\/div>\n            <p>Qui termina la visita alla chiesa. Ora ti invitiamo a scoprire le altre, che compongono il complesso romanico della Vall de Bo\u00ed. Ti aspettiamo!<\/p>\n    <\/div>\n  <\/div>\n<\/div>\n    <\/section>\n\n\n<div class=\"flex flex-col gap-3 element text-block\">\n  <div class=\"flex items-center gap-6\">\n              <h2 class=\"text-2xl font-bold\">Chiusura<\/h2>\n      <\/div>\n        <div class=\"prose prose-lg\"><p>\u201c<em>Els Ulls de la Hist\u00f2ria<\/em>. Uno sguardo immersivo sul patrimonio\u201d \u00e8 un\u2019iniziativa dell\u2019Ag\u00e8ncia Catalana del Patrimoni Cultural, un progetto che incorpora altre voci e altri punti di vista sul nostro passato. Perch\u00e9 la storia la costruiamo tutti e tutte.<\/p>\n<\/div>\n  <\/div>\n\n<\/div>\n      <\/div>\n    <\/div>\n  <\/section>\n\n\n<section class=\"overflow-hidden section\" id=\"section-69f5c68162893\" data-title=\"7. Santa Eul\u00e0lia d'Erill la Vall\">\n    <div class=\"container grid grid-cols-1 py-8 md:py-10 max-md:gap-y-8 md:grid-standard\">\n              <div class=\"flex gap-4 md:col-span-5\">\n                                <h2 class=\"text-8 font-headings\">7. Santa Eul\u00e0lia d&#8217;Erill la Vall<\/h2>\n                  <\/div>\n            <div class=\"flex flex-col gap-8 md:col-span-6 md:col-start-7 md:gap-10\">\n        <div class=\"acf-innerblocks-container\">\n<div class=\"flex flex-col gap-3 element text-block\">\n  <div class=\"flex items-center gap-6\">\n              <h2 class=\"text-2xl font-bold\">7a Introduzione<\/h2>\n      <\/div>\n    <\/div>\n\n\n<div class=\"flex flex-col gap-6 element image-block\">\n  <div class=\"flex flex-col gap-3\">\n      <\/div>\n      <figure>\n      <img loading=\"lazy\" decoding=\"async\" width=\"1600\" height=\"1182\" src=\"https:\/\/guiesullsdelahistoria.cat\/app\/uploads\/2024\/11\/Santa-Eulalia-general.jpg\" class=\"w-full h-auto\" alt=\"Vista aerea della chiesa di Santa Eul\u00e0lia d&#039;Erill la Vall con alcune case del villaggio alle spalle e le montagne sullo sfondo.\" srcset=\"https:\/\/guiesullsdelahistoria.cat\/app\/uploads\/2024\/11\/Santa-Eulalia-general.jpg 1600w, https:\/\/guiesullsdelahistoria.cat\/app\/uploads\/2024\/11\/Santa-Eulalia-general-300x222.jpg 300w, https:\/\/guiesullsdelahistoria.cat\/app\/uploads\/2024\/11\/Santa-Eulalia-general-1024x756.jpg 1024w, https:\/\/guiesullsdelahistoria.cat\/app\/uploads\/2024\/11\/Santa-Eulalia-general-768x567.jpg 768w, https:\/\/guiesullsdelahistoria.cat\/app\/uploads\/2024\/11\/Santa-Eulalia-general-1536x1135.jpg 1536w\" sizes=\"auto, (max-width: 1600px) 100vw, 1600px\" \/>\n              <figcaption class=\"pt-2 text-gray-800\">Vista aerea di Santa Eul\u00e0lia d&#8217;Erill la Vall<\/figcaption>\n          <\/figure>\n  <\/div>\n\n\n<section class=\"element audio-block\">\n  <div class=\"flex flex-col w-full gap-6\">\n    <div class=\"flex flex-col gap-3\">\n      <div class=\"flex gap-6\">\n                          <h2 class=\"text-2xl font-bold\">La Vall de Bo\u00ed e le sue chiese<\/h2>\n              <\/div>\n          <\/div>\n    <div class=\"flex items-center justify-end gap-3\">\n              <div class=\"flex-1 audio-content\" dir=\"ltr\">\n          <audio id=\"audio-c36d91548e28e324adfd104600659688\" data-label=\"La Vall de Bo\u00ed e le sue chiese\"\n            data-category=\"SANTA-EULALIA-D_ERILL-LA-VALL-IT-GENERAL-PLAY-0.mp3\" class=\"hidden\" controls\n            src=\"https:\/\/guiesullsdelahistoria.cat\/app\/uploads\/2024\/11\/SANTA-EULALIA-D_ERILL-LA-VALL-IT-GENERAL-PLAY-0.mp3\"><\/audio>\n          <div class=\"flex items-center w-full gap-3 transition-opacity opacity-0 meta\">\n            <progress class=\"flex-1 border-0 appearance-none\" value=\"0\" max=\"1\"><\/progress>\n            <div class=\"text-sm text-center shrink-0 current-time w-9\"><\/div>\n                      <\/div>\n        <\/div>\n            <div class=\"flex flex-col items-center gap-2 shrink-1 audio-control\">\n        <button\n  class=\"flex items-center justify-center w-32 max-w-32 h-32 max-h-32 transition-[max-height,_max-width] bg-black rounded-full btn text-accent\"\n  data-target=\"#audio-c36d91548e28e324adfd104600659688\">\n  <svg width=\"100%\" height=\"100%\" viewBox=\"0 0 36 36\" version=\"1.1\" xmlns=\"http:\/\/www.w3.org\/2000\/svg\" xmlns:xlink=\"http:\/\/www.w3.org\/1999\/xlink\">\n  <path id=\"ytp-12\" d=\"M11,10 L18,13.74 18,22.28 11,26 M18,13.74 L26,18 26,18 18,22.28\" fill=\"currentColor\">\n    <animate id=\"animation\" begin=\"indefinite\" attributeType=\"XML\" attributeName=\"d\" fill=\"freeze\" from=\"M11,10 L17,10 17,26 11,26 M20,10 L26,10 26,26 20,26\" to=\"M11,10 L18,13.74 18,22.28 11,26 M18,13.74 L26,18 26,18 18,22.28\" dur=\"0.1s\" keySplines=\".4 0 1 1\" repeatCount=\"1\" data-play=\"M11,10 L18,13.74 18,22.28 11,26 M18,13.74 L26,18 26,18 18,22.28\" data-pause=\"M11,10 L17,10 17,26 11,26 M20,10 L26,10 26,26 20,26\"><\/animate>\n  <\/path>\n<\/svg>\n<\/button>\n        <p class=\"text-base text-center\">Ascolta<\/p>\n      <\/div>\n    <\/div>\n\n    \n          <div class=\"flex flex-wrap justify-between gap-6 md:justify-start\">\n                  <button data-target=\"#transcription-c36d91548e28e324adfd104600659688\" data-toggle=\"modal\" class=\"flex items-center gap-2\">\n            <svg class=\"w-6 h-6\" fill=\"none\" xmlns=\"http:\/\/www.w3.org\/2000\/svg\" viewBox=\"0 0 22 12\"><path d=\"M0 9.873v-6c0-.55.196-1.02.588-1.412A1.926 1.926 0 0 1 2 1.873h2c.55 0 1.02.196 1.412.588.392.391.588.862.588 1.412v6H4v-2H2v2H0Zm2-4h2v-2H2v2Zm6 4v-8h4c.55 0 1.02.196 1.412.588.392.391.588.862.588 1.412v4c0 .55-.196 1.021-.588 1.413A1.926 1.926 0 0 1 12 9.873H8Zm2-2h2v-4h-2v4Zm6.85.8-1.4-1.425c.183-.183.32-.391.413-.625.091-.233.137-.483.137-.75 0-.283-.046-.537-.137-.762a1.85 1.85 0 0 0-.413-.613l1.4-1.45c.367.367.65.792.85 1.275.2.484.3 1 .3 1.55s-.1 1.063-.3 1.538c-.2.475-.483.896-.85 1.262Zm2.825 2.825-1.45-1.375c.55-.55.983-1.187 1.3-1.912A5.775 5.775 0 0 0 20 5.873c0-.85-.158-1.633-.475-2.35a6.217 6.217 0 0 0-1.3-1.9l1.45-1.4a7.94 7.94 0 0 1 1.712 2.55c.409.967.613 2 .613 3.1s-.204 2.13-.613 3.088a7.977 7.977 0 0 1-1.712 2.537Z\" fill=\"#000\"\/><\/svg>            <span>Trascrizione<\/span>\n          <\/button>\n                      <\/div>\n      <\/div>\n\n      <div id=\"transcription-c36d91548e28e324adfd104600659688\"\n  class=\"fixed inset-0 z-50 hidden w-screen h-screen opacity-0 pointer-events-none modal transcription\"\n  tabindex=\"-1\" role=\"dialog\">\n  <div class=\"absolute w-full h-full bg-black opacity-75 modal-overlay\"><\/div>\n  <div\n    class=\"absolute z-30 w-11\/12 mx-auto overflow-y-auto text-black bg-white shadow-lg modal-container center-xy md:max-w-4xl\"\n    role=\"document\">\n    <div class=\"flex items-center justify-between px-4 py-4 text-gray-700 border-b md:px-8\">\n      <h2 class=\"!mb-0 font-bold\">Trascrizione<\/h2>\n      <div class=\"z-50 flex flex-col items-center ml-auto cursor-pointer rtl:ml-0 rtl:mr-auto modal-close\">\n        <svg class=\"w-auto h-6\" width=\"18\" height=\"23\" xmlns=\"http:\/\/www.w3.org\/2000\/svg\">\n  <g stroke=\"currentColor\" fill=\"none\" fill-rule=\"evenodd\" stroke-linecap=\"square\">\n    <path d=\"M.7248.974l16.1076 20.6167M16.655 1.2654L.9097 22.1601\" \/>\n  <\/g>\n<\/svg>        <div class=\"hidden\">Close<\/div>\n      <\/div>\n    <\/div>\n    <div class=\"px-4 py-8 overflow-y-auto max-h-modal md:px-8 modal-content\">\n      <div class=\"mb-8 flex flex-col gap-1.5\">\n                      <h3 class=\"text-xl font-bold\">La Vall de Bo\u00ed e le sue chiese<\/h3>\n                            <\/div>\n            <p>Ti diamo il benvenuto nella Vall de Bo\u00ed e ti invitiamo a scoprire il suo straordinario complesso di chiese, considerato una delle massime espressioni dell\u2019arte romanica catalana e iscritto nel 2000 nell\u2019Elenco del Patrimonio Mondiale dell&#8217;UNESCO.<br \/>\nIl complesso romanico della Vall de Bo\u00ed \u00e8 composto da nove chiese: Sant Climent e Santa Maria di Ta\u00fcll, Sant Joan di Bo\u00ed, Santa Eul\u00e0lia di Erill la Vall, Sant Feliu di Barruera, la Nativitat e Sant Quirc di Durro, Santa Maria di Cardet e l&#8217;Assumpci\u00f3 di C\u00f3ll.<br \/>\nMa cosa accomuna queste chiese? Perch\u00e9 sono cos\u00ec uniche? Qual \u00e8 la loro storia?<br \/>\nFurono tutte costruite tra l\u2019XI e il XII secolo, in un periodo di potere e prosperit\u00e0 economica per la nobilt\u00e0 locale, e condividono lo stesso stile architettonico, il romanico, diffuso in tutta Europa.<br \/>\nOggigiorno, la gran parte di dipinti, sculture e mobili \u00e8 conservata in diversi musei catalani, in particolare nel Museu Nacional d\u2019Art de Catalunya. Tuttavia, alcune chiese conservano importanti frammenti di dipinti murali e sculture originali, oltre a riproduzioni delle opere custodite nei musei.<br \/>\nGrazie a questa guida scoprirai il valore eccezionale di questo complesso romanico e potrai conoscere ognuna delle nove chiese, con i loro segreti e le loro curiosit\u00e0.<br \/>\nUn ultimo avvertimento! Queste montagne sono misteriose, e le parole delle persone che le hanno abitate sono spesso intrappolate nelle valli e risuonano nel tempo come un\u2019eco impercettibile. Questa guida \u00e8 dotata di un sensore che si attiva ogni volta che ne rileva una. Non spaventarti e continua ad ascoltare.<\/p>\n    <\/div>\n  <\/div>\n<\/div>\n    <\/section>\n\n\n<div class=\"flex flex-col gap-3 element text-block\">\n  <div class=\"flex items-center gap-6\">\n              <h2 class=\"text-2xl font-bold\">7b Abside<\/h2>\n      <\/div>\n    <\/div>\n\n\n<div class=\"flex flex-col gap-6 element image-block\">\n  <div class=\"flex flex-col gap-3\">\n      <\/div>\n      <figure>\n      <img loading=\"lazy\" decoding=\"async\" width=\"567\" height=\"851\" src=\"https:\/\/guiesullsdelahistoria.cat\/app\/uploads\/2024\/11\/MG_1536.jpg\" class=\"w-full h-auto\" alt=\"Vista aerea della chiesa di Santa Eul\u00e0lia di Erill la Vall con alcune case del villaggio alle spalle e le montagne sullo sfondo.\" srcset=\"https:\/\/guiesullsdelahistoria.cat\/app\/uploads\/2024\/11\/MG_1536.jpg 567w, https:\/\/guiesullsdelahistoria.cat\/app\/uploads\/2024\/11\/MG_1536-200x300.jpg 200w\" sizes=\"auto, (max-width: 567px) 100vw, 567px\" \/>\n              <figcaption class=\"pt-2 text-gray-800\">Torre del campanile di Santa Eul\u00e0lia di Erill la Vall.<\/figcaption>\n          <\/figure>\n  <\/div>\n\n\n<section class=\"element audio-block\">\n  <div class=\"flex flex-col w-full gap-6\">\n    <div class=\"flex flex-col gap-3\">\n      <div class=\"flex gap-6\">\n                          <h2 class=\"text-2xl font-bold\">Campanile<\/h2>\n              <\/div>\n          <\/div>\n    <div class=\"flex items-center justify-end gap-3\">\n              <div class=\"flex-1 audio-content\" dir=\"ltr\">\n          <audio id=\"audio-559c2f9e573327b5843fa76beb649bf9\" data-label=\"Campanile\"\n            data-category=\"SANTA-EULALIA-D_ERILL-LA-VALL-IT-GENERAL-PLAY-1.mp3\" class=\"hidden\" controls\n            src=\"https:\/\/guiesullsdelahistoria.cat\/app\/uploads\/2024\/11\/SANTA-EULALIA-D_ERILL-LA-VALL-IT-GENERAL-PLAY-1.mp3\"><\/audio>\n          <div class=\"flex items-center w-full gap-3 transition-opacity opacity-0 meta\">\n            <progress class=\"flex-1 border-0 appearance-none\" value=\"0\" max=\"1\"><\/progress>\n            <div class=\"text-sm text-center shrink-0 current-time w-9\"><\/div>\n                      <\/div>\n        <\/div>\n            <div class=\"flex flex-col items-center gap-2 shrink-1 audio-control\">\n        <button\n  class=\"flex items-center justify-center w-32 max-w-32 h-32 max-h-32 transition-[max-height,_max-width] bg-black rounded-full btn text-accent\"\n  data-target=\"#audio-559c2f9e573327b5843fa76beb649bf9\">\n  <svg width=\"100%\" height=\"100%\" viewBox=\"0 0 36 36\" version=\"1.1\" xmlns=\"http:\/\/www.w3.org\/2000\/svg\" xmlns:xlink=\"http:\/\/www.w3.org\/1999\/xlink\">\n  <path id=\"ytp-12\" d=\"M11,10 L18,13.74 18,22.28 11,26 M18,13.74 L26,18 26,18 18,22.28\" fill=\"currentColor\">\n    <animate id=\"animation\" begin=\"indefinite\" attributeType=\"XML\" attributeName=\"d\" fill=\"freeze\" from=\"M11,10 L17,10 17,26 11,26 M20,10 L26,10 26,26 20,26\" to=\"M11,10 L18,13.74 18,22.28 11,26 M18,13.74 L26,18 26,18 18,22.28\" dur=\"0.1s\" keySplines=\".4 0 1 1\" repeatCount=\"1\" data-play=\"M11,10 L18,13.74 18,22.28 11,26 M18,13.74 L26,18 26,18 18,22.28\" data-pause=\"M11,10 L17,10 17,26 11,26 M20,10 L26,10 26,26 20,26\"><\/animate>\n  <\/path>\n<\/svg>\n<\/button>\n        <p class=\"text-base text-center\">Ascolta<\/p>\n      <\/div>\n    <\/div>\n\n    \n          <div class=\"flex flex-wrap justify-between gap-6 md:justify-start\">\n                  <button data-target=\"#transcription-559c2f9e573327b5843fa76beb649bf9\" data-toggle=\"modal\" class=\"flex items-center gap-2\">\n            <svg class=\"w-6 h-6\" fill=\"none\" xmlns=\"http:\/\/www.w3.org\/2000\/svg\" viewBox=\"0 0 22 12\"><path d=\"M0 9.873v-6c0-.55.196-1.02.588-1.412A1.926 1.926 0 0 1 2 1.873h2c.55 0 1.02.196 1.412.588.392.391.588.862.588 1.412v6H4v-2H2v2H0Zm2-4h2v-2H2v2Zm6 4v-8h4c.55 0 1.02.196 1.412.588.392.391.588.862.588 1.412v4c0 .55-.196 1.021-.588 1.413A1.926 1.926 0 0 1 12 9.873H8Zm2-2h2v-4h-2v4Zm6.85.8-1.4-1.425c.183-.183.32-.391.413-.625.091-.233.137-.483.137-.75 0-.283-.046-.537-.137-.762a1.85 1.85 0 0 0-.413-.613l1.4-1.45c.367.367.65.792.85 1.275.2.484.3 1 .3 1.55s-.1 1.063-.3 1.538c-.2.475-.483.896-.85 1.262Zm2.825 2.825-1.45-1.375c.55-.55.983-1.187 1.3-1.912A5.775 5.775 0 0 0 20 5.873c0-.85-.158-1.633-.475-2.35a6.217 6.217 0 0 0-1.3-1.9l1.45-1.4a7.94 7.94 0 0 1 1.712 2.55c.409.967.613 2 .613 3.1s-.204 2.13-.613 3.088a7.977 7.977 0 0 1-1.712 2.537Z\" fill=\"#000\"\/><\/svg>            <span>Trascrizione<\/span>\n          <\/button>\n                      <\/div>\n      <\/div>\n\n      <div id=\"transcription-559c2f9e573327b5843fa76beb649bf9\"\n  class=\"fixed inset-0 z-50 hidden w-screen h-screen opacity-0 pointer-events-none modal transcription\"\n  tabindex=\"-1\" role=\"dialog\">\n  <div class=\"absolute w-full h-full bg-black opacity-75 modal-overlay\"><\/div>\n  <div\n    class=\"absolute z-30 w-11\/12 mx-auto overflow-y-auto text-black bg-white shadow-lg modal-container center-xy md:max-w-4xl\"\n    role=\"document\">\n    <div class=\"flex items-center justify-between px-4 py-4 text-gray-700 border-b md:px-8\">\n      <h2 class=\"!mb-0 font-bold\">Trascrizione<\/h2>\n      <div class=\"z-50 flex flex-col items-center ml-auto cursor-pointer rtl:ml-0 rtl:mr-auto modal-close\">\n        <svg class=\"w-auto h-6\" width=\"18\" height=\"23\" xmlns=\"http:\/\/www.w3.org\/2000\/svg\">\n  <g stroke=\"currentColor\" fill=\"none\" fill-rule=\"evenodd\" stroke-linecap=\"square\">\n    <path d=\"M.7248.974l16.1076 20.6167M16.655 1.2654L.9097 22.1601\" \/>\n  <\/g>\n<\/svg>        <div class=\"hidden\">Close<\/div>\n      <\/div>\n    <\/div>\n    <div class=\"px-4 py-8 overflow-y-auto max-h-modal md:px-8 modal-content\">\n      <div class=\"mb-8 flex flex-col gap-1.5\">\n                      <h3 class=\"text-xl font-bold\">Campanile<\/h3>\n                            <\/div>\n            <p>Santa Eul\u00e0lia ospita uno dei campanili pi\u00f9 importanti di La Vall, una snella torre a pianta quadrata di sei piani, con la decorazione tipica del primo stile romanico: arcate cieche e fregi a denti di sega.<br \/>\nQuesto campanile \u00e8 allineato con quelli di Sant Joan di Bo\u00ed e Sant Climent di Ta\u00fcll, e da esso si potevano vedere gli altri due campanili. Oggi gli alberi cresciuti nei prati ne impediscono la visione.<br \/>\nDal punto di vista religioso, la torre era l\u2019elemento architettonico che, simbolicamente, si innalzava verso il cielo. Ma aveva anche altre funzioni: era un punto di osservazione e serviva per comunicare con gli altri villaggi.<br \/>\nPrima di proseguire la visita, lasciati impressionare per qualche secondo dalla forza e dalla sobriet\u00e0 di questa chiesa. E, se puoi, goditi il suono delle campane che risuona in tutto il villaggio: ne vale la pena.<br \/>\nPoi vai verso l\u2019ingresso della chiesa. <\/p>\n    <\/div>\n  <\/div>\n<\/div>\n    <\/section>\n\n\n<div class=\"flex flex-col gap-3 element text-block\">\n  <div class=\"flex items-center gap-6\">\n              <h2 class=\"text-2xl font-bold\">7c Portico<\/h2>\n      <\/div>\n    <\/div>\n\n\n<div class=\"flex flex-col gap-6 element image-block\">\n  <div class=\"flex flex-col gap-3\">\n      <\/div>\n      <figure>\n      <img loading=\"lazy\" decoding=\"async\" width=\"1703\" height=\"2560\" src=\"https:\/\/guiesullsdelahistoria.cat\/app\/uploads\/2024\/11\/Santa_Eulalia_Erill_la_Vall_porxo_llum-scaled.jpg\" class=\"w-full h-auto\" alt=\"Esterno della chiesa di Santa Eul\u00e0lia di Erill la Vall al tramonto, con il portico illuminato e il cimitero di fronte.\" srcset=\"https:\/\/guiesullsdelahistoria.cat\/app\/uploads\/2024\/11\/Santa_Eulalia_Erill_la_Vall_porxo_llum-scaled.jpg 1703w, https:\/\/guiesullsdelahistoria.cat\/app\/uploads\/2024\/11\/Santa_Eulalia_Erill_la_Vall_porxo_llum-200x300.jpg 200w, https:\/\/guiesullsdelahistoria.cat\/app\/uploads\/2024\/11\/Santa_Eulalia_Erill_la_Vall_porxo_llum-681x1024.jpg 681w, https:\/\/guiesullsdelahistoria.cat\/app\/uploads\/2024\/11\/Santa_Eulalia_Erill_la_Vall_porxo_llum-768x1155.jpg 768w, https:\/\/guiesullsdelahistoria.cat\/app\/uploads\/2024\/11\/Santa_Eulalia_Erill_la_Vall_porxo_llum-1022x1536.jpg 1022w, https:\/\/guiesullsdelahistoria.cat\/app\/uploads\/2024\/11\/Santa_Eulalia_Erill_la_Vall_porxo_llum-1362x2048.jpg 1362w\" sizes=\"auto, (max-width: 1703px) 100vw, 1703px\" \/>\n              <figcaption class=\"pt-2 text-gray-800\">Vista notturna di Santa Eul\u00e0lia d&#8217;Erill la Vall. <\/figcaption>\n          <\/figure>\n  <\/div>\n\n\n<section class=\"element audio-block\">\n  <div class=\"flex flex-col w-full gap-6\">\n    <div class=\"flex flex-col gap-3\">\n      <div class=\"flex gap-6\">\n                          <h2 class=\"text-2xl font-bold\">Un punto di incontro<\/h2>\n              <\/div>\n          <\/div>\n    <div class=\"flex items-center justify-end gap-3\">\n              <div class=\"flex-1 audio-content\" dir=\"ltr\">\n          <audio id=\"audio-19bbc38bc3bc38982dc377614b0b5713\" data-label=\"Un punto di incontro\"\n            data-category=\"SANTA-EULALIA-D_ERILL-LA-VALL-IT-GENERAL-PLAY-2.mp3\" class=\"hidden\" controls\n            src=\"https:\/\/guiesullsdelahistoria.cat\/app\/uploads\/2024\/11\/SANTA-EULALIA-D_ERILL-LA-VALL-IT-GENERAL-PLAY-2.mp3\"><\/audio>\n          <div class=\"flex items-center w-full gap-3 transition-opacity opacity-0 meta\">\n            <progress class=\"flex-1 border-0 appearance-none\" value=\"0\" max=\"1\"><\/progress>\n            <div class=\"text-sm text-center shrink-0 current-time w-9\"><\/div>\n                      <\/div>\n        <\/div>\n            <div class=\"flex flex-col items-center gap-2 shrink-1 audio-control\">\n        <button\n  class=\"flex items-center justify-center w-32 max-w-32 h-32 max-h-32 transition-[max-height,_max-width] bg-black rounded-full btn text-accent\"\n  data-target=\"#audio-19bbc38bc3bc38982dc377614b0b5713\">\n  <svg width=\"100%\" height=\"100%\" viewBox=\"0 0 36 36\" version=\"1.1\" xmlns=\"http:\/\/www.w3.org\/2000\/svg\" xmlns:xlink=\"http:\/\/www.w3.org\/1999\/xlink\">\n  <path id=\"ytp-12\" d=\"M11,10 L18,13.74 18,22.28 11,26 M18,13.74 L26,18 26,18 18,22.28\" fill=\"currentColor\">\n    <animate id=\"animation\" begin=\"indefinite\" attributeType=\"XML\" attributeName=\"d\" fill=\"freeze\" from=\"M11,10 L17,10 17,26 11,26 M20,10 L26,10 26,26 20,26\" to=\"M11,10 L18,13.74 18,22.28 11,26 M18,13.74 L26,18 26,18 18,22.28\" dur=\"0.1s\" keySplines=\".4 0 1 1\" repeatCount=\"1\" data-play=\"M11,10 L18,13.74 18,22.28 11,26 M18,13.74 L26,18 26,18 18,22.28\" data-pause=\"M11,10 L17,10 17,26 11,26 M20,10 L26,10 26,26 20,26\"><\/animate>\n  <\/path>\n<\/svg>\n<\/button>\n        <p class=\"text-base text-center\">Ascolta<\/p>\n      <\/div>\n    <\/div>\n\n    \n          <div class=\"flex flex-wrap justify-between gap-6 md:justify-start\">\n                  <button data-target=\"#transcription-19bbc38bc3bc38982dc377614b0b5713\" data-toggle=\"modal\" class=\"flex items-center gap-2\">\n            <svg class=\"w-6 h-6\" fill=\"none\" xmlns=\"http:\/\/www.w3.org\/2000\/svg\" viewBox=\"0 0 22 12\"><path d=\"M0 9.873v-6c0-.55.196-1.02.588-1.412A1.926 1.926 0 0 1 2 1.873h2c.55 0 1.02.196 1.412.588.392.391.588.862.588 1.412v6H4v-2H2v2H0Zm2-4h2v-2H2v2Zm6 4v-8h4c.55 0 1.02.196 1.412.588.392.391.588.862.588 1.412v4c0 .55-.196 1.021-.588 1.413A1.926 1.926 0 0 1 12 9.873H8Zm2-2h2v-4h-2v4Zm6.85.8-1.4-1.425c.183-.183.32-.391.413-.625.091-.233.137-.483.137-.75 0-.283-.046-.537-.137-.762a1.85 1.85 0 0 0-.413-.613l1.4-1.45c.367.367.65.792.85 1.275.2.484.3 1 .3 1.55s-.1 1.063-.3 1.538c-.2.475-.483.896-.85 1.262Zm2.825 2.825-1.45-1.375c.55-.55.983-1.187 1.3-1.912A5.775 5.775 0 0 0 20 5.873c0-.85-.158-1.633-.475-2.35a6.217 6.217 0 0 0-1.3-1.9l1.45-1.4a7.94 7.94 0 0 1 1.712 2.55c.409.967.613 2 .613 3.1s-.204 2.13-.613 3.088a7.977 7.977 0 0 1-1.712 2.537Z\" fill=\"#000\"\/><\/svg>            <span>Trascrizione<\/span>\n          <\/button>\n                      <\/div>\n      <\/div>\n\n      <div id=\"transcription-19bbc38bc3bc38982dc377614b0b5713\"\n  class=\"fixed inset-0 z-50 hidden w-screen h-screen opacity-0 pointer-events-none modal transcription\"\n  tabindex=\"-1\" role=\"dialog\">\n  <div class=\"absolute w-full h-full bg-black opacity-75 modal-overlay\"><\/div>\n  <div\n    class=\"absolute z-30 w-11\/12 mx-auto overflow-y-auto text-black bg-white shadow-lg modal-container center-xy md:max-w-4xl\"\n    role=\"document\">\n    <div class=\"flex items-center justify-between px-4 py-4 text-gray-700 border-b md:px-8\">\n      <h2 class=\"!mb-0 font-bold\">Trascrizione<\/h2>\n      <div class=\"z-50 flex flex-col items-center ml-auto cursor-pointer rtl:ml-0 rtl:mr-auto modal-close\">\n        <svg class=\"w-auto h-6\" width=\"18\" height=\"23\" xmlns=\"http:\/\/www.w3.org\/2000\/svg\">\n  <g stroke=\"currentColor\" fill=\"none\" fill-rule=\"evenodd\" stroke-linecap=\"square\">\n    <path d=\"M.7248.974l16.1076 20.6167M16.655 1.2654L.9097 22.1601\" \/>\n  <\/g>\n<\/svg>        <div class=\"hidden\">Close<\/div>\n      <\/div>\n    <\/div>\n    <div class=\"px-4 py-8 overflow-y-auto max-h-modal md:px-8 modal-content\">\n      <div class=\"mb-8 flex flex-col gap-1.5\">\n                      <h3 class=\"text-xl font-bold\">Un punto di incontro<\/h3>\n                            <\/div>\n            <p>La chiesa, come il campanile, aveva una duplice funzione: sociale e religiosa.<br \/>\nL\u2019ingresso e l\u2019uscita della chiesa sono sempre stati un importante punto di incontro per la popolazione; per questo, una delle funzioni del portico in cui ti trovi era quella di proteggere i fedeli dalle intemperie durante l\u2019attesa. Ma potrebbe anche essere un luogo di sosta per le processioni, uno spazio in cui organizzare eventi liturgici e sociali, ad esempio processi. Il portico aveva anche una funzione simbolica: era lo spazio di transizione tra la vita quotidiana e l\u2019ingresso alla casa di Dio.. All\u2019interno dell\u2019arco del portale, chiamato intradosso, si trova la rappresentazione di due serpenti che si fronteggiano: un chiaro avvertimento del peccato. Anche su questo arco rimangono resti del dipinto originale, nei toni del rosso e del nero. E, se guardi con attenzione, noterai antichi graffiti con un piccolo pesce.<br \/>\nSempre nel portico, su entrambi i lati della porta, puoi vedere due pietre con curiosi disegni in bianco: una specie di croce a tre punte a sinistra e una stella a destra. Si tratta di disegni realizzati nel processo di sacralizzazione della chiesa per proteggerla dal male.<br \/>\nSu questa stessa parete, a sinistra, rimangono i resti del cordolo, una griglia bianca che veniva dipinta sulle pietre per simulare una simmetria che la costruzione reale non aveva. Puoi osservarlo anche all\u2019interno della chiesa.<br \/>\nAdesso puoi entrare. <\/p>\n    <\/div>\n  <\/div>\n<\/div>\n    <\/section>\n\n\n<div class=\"flex flex-col gap-3 element text-block\">\n  <div class=\"flex items-center gap-6\">\n              <h2 class=\"text-2xl font-bold\">7d Altare<\/h2>\n      <\/div>\n    <\/div>\n\n\n<div class=\"flex flex-col gap-6 element image-block\">\n  <div class=\"flex flex-col gap-3\">\n      <\/div>\n      <figure>\n      <img loading=\"lazy\" decoding=\"async\" width=\"1600\" height=\"1200\" src=\"https:\/\/guiesullsdelahistoria.cat\/app\/uploads\/2024\/11\/vall-de-boi-2_0057-copia_1.jpg\" class=\"w-full h-auto\" alt=\"Interno della chiesa di Santa Eul\u00e0lia di Erill la Vall visto dal coro con l\u2019insieme scultoreo della Discesa dalla croce sullo sfondo.\" srcset=\"https:\/\/guiesullsdelahistoria.cat\/app\/uploads\/2024\/11\/vall-de-boi-2_0057-copia_1.jpg 1600w, https:\/\/guiesullsdelahistoria.cat\/app\/uploads\/2024\/11\/vall-de-boi-2_0057-copia_1-300x225.jpg 300w, https:\/\/guiesullsdelahistoria.cat\/app\/uploads\/2024\/11\/vall-de-boi-2_0057-copia_1-1024x768.jpg 1024w, https:\/\/guiesullsdelahistoria.cat\/app\/uploads\/2024\/11\/vall-de-boi-2_0057-copia_1-768x576.jpg 768w, https:\/\/guiesullsdelahistoria.cat\/app\/uploads\/2024\/11\/vall-de-boi-2_0057-copia_1-1536x1152.jpg 1536w\" sizes=\"auto, (max-width: 1600px) 100vw, 1600px\" \/>\n              <figcaption class=\"pt-2 text-gray-800\">Interno di Santa Eul\u00e0lia d&#8217;Erill la Vall visto dal coro. \n<\/figcaption>\n          <\/figure>\n  <\/div>\n\n\n<section class=\"element audio-block\">\n  <div class=\"flex flex-col w-full gap-6\">\n    <div class=\"flex flex-col gap-3\">\n      <div class=\"flex gap-6\">\n                          <h2 class=\"text-2xl font-bold\">I diversi momenti costruttivi<\/h2>\n              <\/div>\n          <\/div>\n    <div class=\"flex items-center justify-end gap-3\">\n              <div class=\"flex-1 audio-content\" dir=\"ltr\">\n          <audio id=\"audio-796157adb90e89be64988eca110a1018\" data-label=\"I diversi momenti costruttivi\"\n            data-category=\"SANTA-EULALIA-D_ERILL-LA-VALL-IT-GENERAL-PLAY-3.mp3\" class=\"hidden\" controls\n            src=\"https:\/\/guiesullsdelahistoria.cat\/app\/uploads\/2024\/11\/SANTA-EULALIA-D_ERILL-LA-VALL-IT-GENERAL-PLAY-3.mp3\"><\/audio>\n          <div class=\"flex items-center w-full gap-3 transition-opacity opacity-0 meta\">\n            <progress class=\"flex-1 border-0 appearance-none\" value=\"0\" max=\"1\"><\/progress>\n            <div class=\"text-sm text-center shrink-0 current-time w-9\"><\/div>\n                      <\/div>\n        <\/div>\n            <div class=\"flex flex-col items-center gap-2 shrink-1 audio-control\">\n        <button\n  class=\"flex items-center justify-center w-32 max-w-32 h-32 max-h-32 transition-[max-height,_max-width] bg-black rounded-full btn text-accent\"\n  data-target=\"#audio-796157adb90e89be64988eca110a1018\">\n  <svg width=\"100%\" height=\"100%\" viewBox=\"0 0 36 36\" version=\"1.1\" xmlns=\"http:\/\/www.w3.org\/2000\/svg\" xmlns:xlink=\"http:\/\/www.w3.org\/1999\/xlink\">\n  <path id=\"ytp-12\" d=\"M11,10 L18,13.74 18,22.28 11,26 M18,13.74 L26,18 26,18 18,22.28\" fill=\"currentColor\">\n    <animate id=\"animation\" begin=\"indefinite\" attributeType=\"XML\" attributeName=\"d\" fill=\"freeze\" from=\"M11,10 L17,10 17,26 11,26 M20,10 L26,10 26,26 20,26\" to=\"M11,10 L18,13.74 18,22.28 11,26 M18,13.74 L26,18 26,18 18,22.28\" dur=\"0.1s\" keySplines=\".4 0 1 1\" repeatCount=\"1\" data-play=\"M11,10 L18,13.74 18,22.28 11,26 M18,13.74 L26,18 26,18 18,22.28\" data-pause=\"M11,10 L17,10 17,26 11,26 M20,10 L26,10 26,26 20,26\"><\/animate>\n  <\/path>\n<\/svg>\n<\/button>\n        <p class=\"text-base text-center\">Ascolta<\/p>\n      <\/div>\n    <\/div>\n\n    \n          <div class=\"flex flex-wrap justify-between gap-6 md:justify-start\">\n                  <button data-target=\"#transcription-796157adb90e89be64988eca110a1018\" data-toggle=\"modal\" class=\"flex items-center gap-2\">\n            <svg class=\"w-6 h-6\" fill=\"none\" xmlns=\"http:\/\/www.w3.org\/2000\/svg\" viewBox=\"0 0 22 12\"><path d=\"M0 9.873v-6c0-.55.196-1.02.588-1.412A1.926 1.926 0 0 1 2 1.873h2c.55 0 1.02.196 1.412.588.392.391.588.862.588 1.412v6H4v-2H2v2H0Zm2-4h2v-2H2v2Zm6 4v-8h4c.55 0 1.02.196 1.412.588.392.391.588.862.588 1.412v4c0 .55-.196 1.021-.588 1.413A1.926 1.926 0 0 1 12 9.873H8Zm2-2h2v-4h-2v4Zm6.85.8-1.4-1.425c.183-.183.32-.391.413-.625.091-.233.137-.483.137-.75 0-.283-.046-.537-.137-.762a1.85 1.85 0 0 0-.413-.613l1.4-1.45c.367.367.65.792.85 1.275.2.484.3 1 .3 1.55s-.1 1.063-.3 1.538c-.2.475-.483.896-.85 1.262Zm2.825 2.825-1.45-1.375c.55-.55.983-1.187 1.3-1.912A5.775 5.775 0 0 0 20 5.873c0-.85-.158-1.633-.475-2.35a6.217 6.217 0 0 0-1.3-1.9l1.45-1.4a7.94 7.94 0 0 1 1.712 2.55c.409.967.613 2 .613 3.1s-.204 2.13-.613 3.088a7.977 7.977 0 0 1-1.712 2.537Z\" fill=\"#000\"\/><\/svg>            <span>Trascrizione<\/span>\n          <\/button>\n                      <\/div>\n      <\/div>\n\n      <div id=\"transcription-796157adb90e89be64988eca110a1018\"\n  class=\"fixed inset-0 z-50 hidden w-screen h-screen opacity-0 pointer-events-none modal transcription\"\n  tabindex=\"-1\" role=\"dialog\">\n  <div class=\"absolute w-full h-full bg-black opacity-75 modal-overlay\"><\/div>\n  <div\n    class=\"absolute z-30 w-11\/12 mx-auto overflow-y-auto text-black bg-white shadow-lg modal-container center-xy md:max-w-4xl\"\n    role=\"document\">\n    <div class=\"flex items-center justify-between px-4 py-4 text-gray-700 border-b md:px-8\">\n      <h2 class=\"!mb-0 font-bold\">Trascrizione<\/h2>\n      <div class=\"z-50 flex flex-col items-center ml-auto cursor-pointer rtl:ml-0 rtl:mr-auto modal-close\">\n        <svg class=\"w-auto h-6\" width=\"18\" height=\"23\" xmlns=\"http:\/\/www.w3.org\/2000\/svg\">\n  <g stroke=\"currentColor\" fill=\"none\" fill-rule=\"evenodd\" stroke-linecap=\"square\">\n    <path d=\"M.7248.974l16.1076 20.6167M16.655 1.2654L.9097 22.1601\" \/>\n  <\/g>\n<\/svg>        <div class=\"hidden\">Close<\/div>\n      <\/div>\n    <\/div>\n    <div class=\"px-4 py-8 overflow-y-auto max-h-modal md:px-8 modal-content\">\n      <div class=\"mb-8 flex flex-col gap-1.5\">\n                      <h3 class=\"text-xl font-bold\">I diversi momenti costruttivi<\/h3>\n                            <\/div>\n            <p>Da dove ti trovi ora, puoi vedere chiaramente la pianta a croce della chiesa, con il presbiterio a forma di trifoglio, formato dall\u2019abside principale, dipinta di bianco; le absidi secondarie, ai lati; e la navata, che completa la figura.<br \/>\nAvrai notato che il pavimento della chiesa \u00e8 in pendenza verso il basso; \u00e8 rimasto cos\u00ec perch\u00e9 il pavimento originale aveva gi\u00e0 questa pendenza, che si pu\u00f2 notare nelle diverse altezze dei resti dei pilastri.<br \/>\nNel XII secolo la navata fu ampliata e furono costruiti il campanile e il portico. Sempre in quel periodo, la volta e la facciata crollarono accidentalmente e si procedette alla prima ricostruzione.<br \/>\nNel XVI secolo fu costruito un retablo nell\u2019abside centrale, fu aggiunto il coro e parte del portico esterno fu trasformato in cappella.<br \/>\nIl retablo dell\u2019abside centrale fu smontato tra il 1907 e il 1911 per costruire una sacrestia. Il restauro moderno, effettuato alla fine del XX secolo, ha riportato l\u2019abside al suo aspetto originale.<br \/>\nPer continuare la visita, sali al coro in fondo alla navata. <\/p>\n    <\/div>\n  <\/div>\n<\/div>\n    <\/section>\n\n\n<div class=\"flex flex-col gap-3 element text-block\">\n  <div class=\"flex items-center gap-6\">\n              <h2 class=\"text-2xl font-bold\">7e Coro<\/h2>\n      <\/div>\n    <\/div>\n\n\n<div class=\"flex flex-col gap-6 element image-block\">\n  <div class=\"flex flex-col gap-3\">\n      <\/div>\n      <figure>\n      <img loading=\"lazy\" decoding=\"async\" width=\"1426\" height=\"948\" src=\"https:\/\/guiesullsdelahistoria.cat\/app\/uploads\/2024\/11\/Santa_Eulalia_Erill_la_Vall_Davallament_DSC2390.jpg\" class=\"w-full h-auto\" alt=\"Gruppo scultoreo della Discesa dalla croce di Erill, dentro la chiesa di Santa Eul\u00e0lia d&#039;Erill la Vall.\" srcset=\"https:\/\/guiesullsdelahistoria.cat\/app\/uploads\/2024\/11\/Santa_Eulalia_Erill_la_Vall_Davallament_DSC2390.jpg 1426w, https:\/\/guiesullsdelahistoria.cat\/app\/uploads\/2024\/11\/Santa_Eulalia_Erill_la_Vall_Davallament_DSC2390-300x199.jpg 300w, https:\/\/guiesullsdelahistoria.cat\/app\/uploads\/2024\/11\/Santa_Eulalia_Erill_la_Vall_Davallament_DSC2390-1024x681.jpg 1024w, https:\/\/guiesullsdelahistoria.cat\/app\/uploads\/2024\/11\/Santa_Eulalia_Erill_la_Vall_Davallament_DSC2390-768x511.jpg 768w\" sizes=\"auto, (max-width: 1426px) 100vw, 1426px\" \/>\n              <figcaption class=\"pt-2 text-gray-800\"><em>Discesa dalla croce<\/em> di Erill la Vall.\n<\/figcaption>\n          <\/figure>\n  <\/div>\n\n\n<section class=\"element audio-block\">\n  <div class=\"flex flex-col w-full gap-6\">\n    <div class=\"flex flex-col gap-3\">\n      <div class=\"flex gap-6\">\n                          <h2 class=\"text-2xl font-bold\">La <em>Discesa dalla croce<\/em> di Erill la Vall<\/h2>\n              <\/div>\n          <\/div>\n    <div class=\"flex items-center justify-end gap-3\">\n              <div class=\"flex-1 audio-content\" dir=\"ltr\">\n          <audio id=\"audio-ade52d8c2d022486077ad60d7f647632\" data-label=\"La Discesa dalla croce di Erill la Vall\"\n            data-category=\"SANTA-EULALIA-D_ERILL-LA-VALL-IT-GENERAL-PLAY-4.mp3\" class=\"hidden\" controls\n            src=\"https:\/\/guiesullsdelahistoria.cat\/app\/uploads\/2024\/11\/SANTA-EULALIA-D_ERILL-LA-VALL-IT-GENERAL-PLAY-4.mp3\"><\/audio>\n          <div class=\"flex items-center w-full gap-3 transition-opacity opacity-0 meta\">\n            <progress class=\"flex-1 border-0 appearance-none\" value=\"0\" max=\"1\"><\/progress>\n            <div class=\"text-sm text-center shrink-0 current-time w-9\"><\/div>\n                      <\/div>\n        <\/div>\n            <div class=\"flex flex-col items-center gap-2 shrink-1 audio-control\">\n        <button\n  class=\"flex items-center justify-center w-32 max-w-32 h-32 max-h-32 transition-[max-height,_max-width] bg-black rounded-full btn text-accent\"\n  data-target=\"#audio-ade52d8c2d022486077ad60d7f647632\">\n  <svg width=\"100%\" height=\"100%\" viewBox=\"0 0 36 36\" version=\"1.1\" xmlns=\"http:\/\/www.w3.org\/2000\/svg\" xmlns:xlink=\"http:\/\/www.w3.org\/1999\/xlink\">\n  <path id=\"ytp-12\" d=\"M11,10 L18,13.74 18,22.28 11,26 M18,13.74 L26,18 26,18 18,22.28\" fill=\"currentColor\">\n    <animate id=\"animation\" begin=\"indefinite\" attributeType=\"XML\" attributeName=\"d\" fill=\"freeze\" from=\"M11,10 L17,10 17,26 11,26 M20,10 L26,10 26,26 20,26\" to=\"M11,10 L18,13.74 18,22.28 11,26 M18,13.74 L26,18 26,18 18,22.28\" dur=\"0.1s\" keySplines=\".4 0 1 1\" repeatCount=\"1\" data-play=\"M11,10 L18,13.74 18,22.28 11,26 M18,13.74 L26,18 26,18 18,22.28\" data-pause=\"M11,10 L17,10 17,26 11,26 M20,10 L26,10 26,26 20,26\"><\/animate>\n  <\/path>\n<\/svg>\n<\/button>\n        <p class=\"text-base text-center\">Ascolta<\/p>\n      <\/div>\n    <\/div>\n\n    \n          <div class=\"flex flex-wrap justify-between gap-6 md:justify-start\">\n                  <button data-target=\"#transcription-ade52d8c2d022486077ad60d7f647632\" data-toggle=\"modal\" class=\"flex items-center gap-2\">\n            <svg class=\"w-6 h-6\" fill=\"none\" xmlns=\"http:\/\/www.w3.org\/2000\/svg\" viewBox=\"0 0 22 12\"><path d=\"M0 9.873v-6c0-.55.196-1.02.588-1.412A1.926 1.926 0 0 1 2 1.873h2c.55 0 1.02.196 1.412.588.392.391.588.862.588 1.412v6H4v-2H2v2H0Zm2-4h2v-2H2v2Zm6 4v-8h4c.55 0 1.02.196 1.412.588.392.391.588.862.588 1.412v4c0 .55-.196 1.021-.588 1.413A1.926 1.926 0 0 1 12 9.873H8Zm2-2h2v-4h-2v4Zm6.85.8-1.4-1.425c.183-.183.32-.391.413-.625.091-.233.137-.483.137-.75 0-.283-.046-.537-.137-.762a1.85 1.85 0 0 0-.413-.613l1.4-1.45c.367.367.65.792.85 1.275.2.484.3 1 .3 1.55s-.1 1.063-.3 1.538c-.2.475-.483.896-.85 1.262Zm2.825 2.825-1.45-1.375c.55-.55.983-1.187 1.3-1.912A5.775 5.775 0 0 0 20 5.873c0-.85-.158-1.633-.475-2.35a6.217 6.217 0 0 0-1.3-1.9l1.45-1.4a7.94 7.94 0 0 1 1.712 2.55c.409.967.613 2 .613 3.1s-.204 2.13-.613 3.088a7.977 7.977 0 0 1-1.712 2.537Z\" fill=\"#000\"\/><\/svg>            <span>Trascrizione<\/span>\n          <\/button>\n                      <\/div>\n      <\/div>\n\n      <div id=\"transcription-ade52d8c2d022486077ad60d7f647632\"\n  class=\"fixed inset-0 z-50 hidden w-screen h-screen opacity-0 pointer-events-none modal transcription\"\n  tabindex=\"-1\" role=\"dialog\">\n  <div class=\"absolute w-full h-full bg-black opacity-75 modal-overlay\"><\/div>\n  <div\n    class=\"absolute z-30 w-11\/12 mx-auto overflow-y-auto text-black bg-white shadow-lg modal-container center-xy md:max-w-4xl\"\n    role=\"document\">\n    <div class=\"flex items-center justify-between px-4 py-4 text-gray-700 border-b md:px-8\">\n      <h2 class=\"!mb-0 font-bold\">Trascrizione<\/h2>\n      <div class=\"z-50 flex flex-col items-center ml-auto cursor-pointer rtl:ml-0 rtl:mr-auto modal-close\">\n        <svg class=\"w-auto h-6\" width=\"18\" height=\"23\" xmlns=\"http:\/\/www.w3.org\/2000\/svg\">\n  <g stroke=\"currentColor\" fill=\"none\" fill-rule=\"evenodd\" stroke-linecap=\"square\">\n    <path d=\"M.7248.974l16.1076 20.6167M16.655 1.2654L.9097 22.1601\" \/>\n  <\/g>\n<\/svg>        <div class=\"hidden\">Close<\/div>\n      <\/div>\n    <\/div>\n    <div class=\"px-4 py-8 overflow-y-auto max-h-modal md:px-8 modal-content\">\n      <div class=\"mb-8 flex flex-col gap-1.5\">\n                      <h3 class=\"text-xl font-bold\">La <em>Discesa dalla croce<\/em> di Erill la Vall<\/h3>\n                            <\/div>\n            <p>Ti trovi nel coro. Come saprai, si tratta di un\u2019aggiunta del XVI secolo, costruita per ospitare il clero e i cantori. Dalla parte anteriore della balconata si pu\u00f2 osservare perfettamente l\u2019insieme scultoreo ligneo che sovrasta l\u2019altare. Si tratta di una riproduzione della Discesa dalla Croce di Erill la Vall, l&#8217;unica rimasta completa della cosiddetta bottega di Erill.<br \/>\nDa sinistra a destra, le figure sono: Disma (il buon ladrone), la Vergine Maria, Giuseppe d\u2019Arimatea, Cristo, Nicodemo, San Giovanni e Gestas (il cattivo ladrone).<br \/>\nLa scena rappresenta la discesa di Cristo dalla croce ed \u00e8 carica di drammaticit\u00e0. Questa rappresentazione potrebbe essere ispirata al teatro liturgico che veniva rappresentato durante la celebrazione della Settimana Santa.<br \/>\nNelle chiese di La Nativitat di Durro e di Santa Maria di Ta\u00fcll sono conservate parti di altre discese.<br \/>\nLe figure di questo gruppo sono riproduzioni realizzate a partire dalle sculture conservate nel Museu Episcopal de Vic e nel Museu Nacional d&#8217;Art de Catalunya. Le figure originali sono state trovate in pessimo stato di conservazione in una piccola stanza attaccata al muro esterno della chiesa.<br \/>\nNella risorsa virtuale di realt\u00e0 aumentata puoi vedere la Discesa dalla Croce come era in origine.<\/p>\n    <\/div>\n  <\/div>\n<\/div>\n    <\/section>\n\n\n<div class=\"flex flex-col gap-3 element interactive-block\">\n  <div class=\"flex items-center gap-6\">\n              <h2 class=\"text-2xl font-bold\">Risorsa virtuale: realt\u00e0 aumentata con il dipinto policromo della <em>Discesa<\/em><\/h2>\n      <\/div>\n          <div class=\"flex justify-end w-full\">\n      <div class=\"flex flex-col items-center gap-2 shrink-1\">\n        <button data-target=\"#embed-69f5c6815e2e9\" data-toggle=\"modal\"\n          class=\"flex items-center justify-center w-32 h-32 bg-black rounded-full text-accent\">\n          <svg class=\"w-16 h-auto\" width=\"60\" height=\"61\" viewBox=\"0 0 60 61\" fill=\"none\" xmlns=\"http:\/\/www.w3.org\/2000\/svg\">\n  <path\n    d=\"M27 53.298L12 44.673C11.05 44.1231 10.3125 43.398 9.7875 42.498C9.2625 41.598 9 40.598 9 39.498V22.248C9 21.148 9.2625 20.148 9.7875 19.248C10.3125 18.348 11.05 17.623 12 17.073L27 8.44805C27.95 7.89805 28.95 7.62305 30 7.62305C31.05 7.62305 32.05 7.89805 33 8.44805L48 17.073C48.95 17.623 49.6875 18.348 50.2125 19.248C50.7375 20.148 51 21.148 51 22.248V39.498C51 40.598 50.7375 41.598 50.2125 42.498C49.6875 43.398 48.95 44.1231 48 44.673L33 53.298C32.05 53.848 31.05 54.123 30 54.123C28.95 54.123 27.95 53.848 27 53.298ZM27 46.398V32.598L15 25.623V39.498L27 46.398ZM33 46.398L45 39.498V25.623L33 32.598V46.398ZM0 15.873V6.87305C0 5.22305 0.5875 3.81055 1.7625 2.63555C2.9375 1.46055 4.35 0.873047 6 0.873047H15V6.87305H6V15.873H0ZM15 60.873H6C4.35 60.873 2.9375 60.2855 1.7625 59.1105C0.5875 57.9355 0 56.523 0 54.873V45.8731H6V54.873H15V60.873ZM45 60.873V54.873H54V45.8731H60V54.873C60 56.523 59.4125 57.9355 58.2375 59.1105C57.0625 60.2855 55.65 60.873 54 60.873H45ZM54 15.873V6.87305H45V0.873047H54C55.65 0.873047 57.0625 1.46055 58.2375 2.63555C59.4125 3.81055 60 5.22305 60 6.87305V15.873H54ZM30 27.423L41.85 20.448L30 13.623L18.15 20.448L30 27.423Z\"\n    fill=\"currentColor\" \/>\n<\/svg>\n        <\/button>\n                  <p class=\"text-base text-center\">Guarda<\/p>\n              <\/div>\n    <\/div>\n    <div id=\"embed-69f5c6815e2e9\"\n  class=\"fixed inset-0 z-50 hidden w-screen h-screen opacity-0 pointer-events-none modal embed-container\"\n  tabindex=\"-1\" role=\"dialog\">\n  <div class=\"absolute w-full h-full bg-black opacity-75 modal-overlay\"><\/div>\n  <div\n    class=\"absolute z-30 w-11\/12 mx-auto overflow-y-auto text-black bg-white shadow-lg modal-container center-xy md:max-w-4xl\"\n    role=\"document\">\n    <div class=\"flex items-center justify-between px-4 py-4 text-gray-700 border-b md:px-8\">\n      <h2 class=\"!mb-0 font-bold\">Guarda<\/h2>\n      <div class=\"z-50 flex flex-col items-center ml-auto cursor-pointer rtl:ml-0 rtl:mr-auto modal-close\">\n        <svg class=\"w-auto h-6\" width=\"18\" height=\"23\" xmlns=\"http:\/\/www.w3.org\/2000\/svg\">\n  <g stroke=\"currentColor\" fill=\"none\" fill-rule=\"evenodd\" stroke-linecap=\"square\">\n    <path d=\"M.7248.974l16.1076 20.6167M16.655 1.2654L.9097 22.1601\" \/>\n  <\/g>\n<\/svg>        <div class=\"hidden\">Close<\/div>\n      <\/div>\n    <\/div>\n    <div class=\"px-4 py-8 overflow-y-auto max-h-modal md:px-8 modal-content\">\n      <div class=\"sketchfab-embed-wrapper\"> <iframe title=\"Davallament d'Erill. Reconstrucci\u00f3 hipot\u00e8tica\" frameborder=\"0\" allowfullscreen mozallowfullscreen=\"true\" webkitallowfullscreen=\"true\" allow=\"autoplay; fullscreen; xr-spatial-tracking\" xr-spatial-tracking execution-while-out-of-viewport execution-while-not-rendered web-share src=\"https:\/\/sketchfab.com\/models\/b27cbe2cf1c24b6181707c2af555950e\/embed?ui_infos=0\"> <\/iframe> <\/div>\n    <\/div>\n  <\/div>\n<\/div>\n  <\/div>\n\n\n<div class=\"flex flex-col gap-3 element text-block\">\n  <div class=\"flex items-center gap-6\">\n              <h2 class=\"text-2xl font-bold\">7f Il coro<\/h2>\n      <\/div>\n    <\/div>\n\n\n<div class=\"flex flex-col gap-6 element image-block\">\n  <div class=\"flex flex-col gap-3\">\n      <\/div>\n      <figure>\n      <img loading=\"lazy\" decoding=\"async\" width=\"1600\" height=\"1287\" src=\"https:\/\/guiesullsdelahistoria.cat\/app\/uploads\/2024\/11\/Santa_Eulalia_Erill_la_Vall_cor_retaules.jpeg\" class=\"w-full h-auto\" alt=\"Retabli di varie epoche esposti nel coro della chiesa di Santa Eul\u00e0lia d&#039;Erill la Vall.\" srcset=\"https:\/\/guiesullsdelahistoria.cat\/app\/uploads\/2024\/11\/Santa_Eulalia_Erill_la_Vall_cor_retaules.jpeg 1600w, https:\/\/guiesullsdelahistoria.cat\/app\/uploads\/2024\/11\/Santa_Eulalia_Erill_la_Vall_cor_retaules-300x241.jpeg 300w, https:\/\/guiesullsdelahistoria.cat\/app\/uploads\/2024\/11\/Santa_Eulalia_Erill_la_Vall_cor_retaules-1024x824.jpeg 1024w, https:\/\/guiesullsdelahistoria.cat\/app\/uploads\/2024\/11\/Santa_Eulalia_Erill_la_Vall_cor_retaules-768x618.jpeg 768w, https:\/\/guiesullsdelahistoria.cat\/app\/uploads\/2024\/11\/Santa_Eulalia_Erill_la_Vall_cor_retaules-1536x1236.jpeg 1536w\" sizes=\"auto, (max-width: 1600px) 100vw, 1600px\" \/>\n              <figcaption class=\"pt-2 text-gray-800\">Retabli di diverse epoche nella chiesa di Santa Eul\u00e0lia d&#8217;Erill la Vall.<\/figcaption>\n          <\/figure>\n  <\/div>\n\n\n<section class=\"element audio-block\">\n  <div class=\"flex flex-col w-full gap-6\">\n    <div class=\"flex flex-col gap-3\">\n      <div class=\"flex gap-6\">\n                          <h2 class=\"text-2xl font-bold\">I retabli<\/h2>\n              <\/div>\n          <\/div>\n    <div class=\"flex items-center justify-end gap-3\">\n              <div class=\"flex-1 audio-content\" dir=\"ltr\">\n          <audio id=\"audio-204db94faee93c965a35581d4e4be4f5\" data-label=\"I retabli\"\n            data-category=\"SANTA-EULALIA-D_ERILL-LA-VALL-IT-GENERAL-PLAY-5.mp3\" class=\"hidden\" controls\n            src=\"https:\/\/guiesullsdelahistoria.cat\/app\/uploads\/2024\/11\/SANTA-EULALIA-D_ERILL-LA-VALL-IT-GENERAL-PLAY-5.mp3\"><\/audio>\n          <div class=\"flex items-center w-full gap-3 transition-opacity opacity-0 meta\">\n            <progress class=\"flex-1 border-0 appearance-none\" value=\"0\" max=\"1\"><\/progress>\n            <div class=\"text-sm text-center shrink-0 current-time w-9\"><\/div>\n                      <\/div>\n        <\/div>\n            <div class=\"flex flex-col items-center gap-2 shrink-1 audio-control\">\n        <button\n  class=\"flex items-center justify-center w-32 max-w-32 h-32 max-h-32 transition-[max-height,_max-width] bg-black rounded-full btn text-accent\"\n  data-target=\"#audio-204db94faee93c965a35581d4e4be4f5\">\n  <svg width=\"100%\" height=\"100%\" viewBox=\"0 0 36 36\" version=\"1.1\" xmlns=\"http:\/\/www.w3.org\/2000\/svg\" xmlns:xlink=\"http:\/\/www.w3.org\/1999\/xlink\">\n  <path id=\"ytp-12\" d=\"M11,10 L18,13.74 18,22.28 11,26 M18,13.74 L26,18 26,18 18,22.28\" fill=\"currentColor\">\n    <animate id=\"animation\" begin=\"indefinite\" attributeType=\"XML\" attributeName=\"d\" fill=\"freeze\" from=\"M11,10 L17,10 17,26 11,26 M20,10 L26,10 26,26 20,26\" to=\"M11,10 L18,13.74 18,22.28 11,26 M18,13.74 L26,18 26,18 18,22.28\" dur=\"0.1s\" keySplines=\".4 0 1 1\" repeatCount=\"1\" data-play=\"M11,10 L18,13.74 18,22.28 11,26 M18,13.74 L26,18 26,18 18,22.28\" data-pause=\"M11,10 L17,10 17,26 11,26 M20,10 L26,10 26,26 20,26\"><\/animate>\n  <\/path>\n<\/svg>\n<\/button>\n        <p class=\"text-base text-center\">Ascolta<\/p>\n      <\/div>\n    <\/div>\n\n    \n          <div class=\"flex flex-wrap justify-between gap-6 md:justify-start\">\n                  <button data-target=\"#transcription-204db94faee93c965a35581d4e4be4f5\" data-toggle=\"modal\" class=\"flex items-center gap-2\">\n            <svg class=\"w-6 h-6\" fill=\"none\" xmlns=\"http:\/\/www.w3.org\/2000\/svg\" viewBox=\"0 0 22 12\"><path d=\"M0 9.873v-6c0-.55.196-1.02.588-1.412A1.926 1.926 0 0 1 2 1.873h2c.55 0 1.02.196 1.412.588.392.391.588.862.588 1.412v6H4v-2H2v2H0Zm2-4h2v-2H2v2Zm6 4v-8h4c.55 0 1.02.196 1.412.588.392.391.588.862.588 1.412v4c0 .55-.196 1.021-.588 1.413A1.926 1.926 0 0 1 12 9.873H8Zm2-2h2v-4h-2v4Zm6.85.8-1.4-1.425c.183-.183.32-.391.413-.625.091-.233.137-.483.137-.75 0-.283-.046-.537-.137-.762a1.85 1.85 0 0 0-.413-.613l1.4-1.45c.367.367.65.792.85 1.275.2.484.3 1 .3 1.55s-.1 1.063-.3 1.538c-.2.475-.483.896-.85 1.262Zm2.825 2.825-1.45-1.375c.55-.55.983-1.187 1.3-1.912A5.775 5.775 0 0 0 20 5.873c0-.85-.158-1.633-.475-2.35a6.217 6.217 0 0 0-1.3-1.9l1.45-1.4a7.94 7.94 0 0 1 1.712 2.55c.409.967.613 2 .613 3.1s-.204 2.13-.613 3.088a7.977 7.977 0 0 1-1.712 2.537Z\" fill=\"#000\"\/><\/svg>            <span>Trascrizione<\/span>\n          <\/button>\n                      <\/div>\n      <\/div>\n\n      <div id=\"transcription-204db94faee93c965a35581d4e4be4f5\"\n  class=\"fixed inset-0 z-50 hidden w-screen h-screen opacity-0 pointer-events-none modal transcription\"\n  tabindex=\"-1\" role=\"dialog\">\n  <div class=\"absolute w-full h-full bg-black opacity-75 modal-overlay\"><\/div>\n  <div\n    class=\"absolute z-30 w-11\/12 mx-auto overflow-y-auto text-black bg-white shadow-lg modal-container center-xy md:max-w-4xl\"\n    role=\"document\">\n    <div class=\"flex items-center justify-between px-4 py-4 text-gray-700 border-b md:px-8\">\n      <h2 class=\"!mb-0 font-bold\">Trascrizione<\/h2>\n      <div class=\"z-50 flex flex-col items-center ml-auto cursor-pointer rtl:ml-0 rtl:mr-auto modal-close\">\n        <svg class=\"w-auto h-6\" width=\"18\" height=\"23\" xmlns=\"http:\/\/www.w3.org\/2000\/svg\">\n  <g stroke=\"currentColor\" fill=\"none\" fill-rule=\"evenodd\" stroke-linecap=\"square\">\n    <path d=\"M.7248.974l16.1076 20.6167M16.655 1.2654L.9097 22.1601\" \/>\n  <\/g>\n<\/svg>        <div class=\"hidden\">Close<\/div>\n      <\/div>\n    <\/div>\n    <div class=\"px-4 py-8 overflow-y-auto max-h-modal md:px-8 modal-content\">\n      <div class=\"mb-8 flex flex-col gap-1.5\">\n                      <h3 class=\"text-xl font-bold\">I retabli<\/h3>\n                            <\/div>\n            <p>Il coro conserva anche diversi beni mobili che mostrano l\u2019evoluzione dell\u2019arredo liturgico. Di particolare rilievo sono i retabli di epoche diverse, esempi dell\u2019evoluzione del culto e degli stili artistici tra il XVI e il XVIII secolo, realizzati in legno e che mantengono la loro policromia in diversi gradi di conservazione.<\/p>\n<p><strong>Archeologo:<\/strong> Prima di andarcene, diamo un\u2019occhiata sotto il coro. Non si sa mai.<br \/>\n<strong>Storico dell&#8217;arte<\/strong>: Guarda! Punta la torcia laggi\u00f9, verso quel mucchio di legna.<br \/>\n<strong>Archeologo:<\/strong> \u00c8 quel che sembra?<br \/>\n<strong>Storico dell&#8217;arte<\/strong>: Ce ne sono parecchi. Sono tutti mangiati dai tarli! Mi si \u00e8 sbriciolato in mano.<br \/>\n<strong>Archeologo:<\/strong> Bisogner\u00e0 restaurarli a fondo.<br \/>\n<strong>Storico dell&#8217;arte<\/strong>: Ne varr\u00e0 la pena. Questi retabli ci aiuteranno a ricostruire la storia di questa chiesa. E quando li avremo restaurati, \u00e8 qui che dovrebbero essere esposti.<\/p>\n    <\/div>\n  <\/div>\n<\/div>\n    <\/section>\n\n\n<div class=\"flex flex-col gap-3 element text-block\">\n  <div class=\"flex items-center gap-6\">\n              <h2 class=\"text-2xl font-bold\">7g Ti aspettiamo!<\/h2>\n      <\/div>\n    <\/div>\n\n\n<section class=\"element audio-block\">\n  <div class=\"flex flex-col w-full gap-6\">\n    <div class=\"flex flex-col gap-3\">\n      <div class=\"flex gap-6\">\n                          <h2 class=\"text-2xl font-bold\">La visita continua<\/h2>\n              <\/div>\n          <\/div>\n    <div class=\"flex items-center justify-end gap-3\">\n              <div class=\"flex-1 audio-content\" dir=\"ltr\">\n          <audio id=\"audio-b7f99d9c173870faaecd8759c2845b27\" data-label=\"La visita continua\"\n            data-category=\"SANTA-EULALIA-D_ERILL-LA-VALL-IT-GENERAL-PLAY-CLOENDA.mp3\" class=\"hidden\" controls\n            src=\"https:\/\/guiesullsdelahistoria.cat\/app\/uploads\/2024\/11\/SANTA-EULALIA-D_ERILL-LA-VALL-IT-GENERAL-PLAY-CLOENDA.mp3\"><\/audio>\n          <div class=\"flex items-center w-full gap-3 transition-opacity opacity-0 meta\">\n            <progress class=\"flex-1 border-0 appearance-none\" value=\"0\" max=\"1\"><\/progress>\n            <div class=\"text-sm text-center shrink-0 current-time w-9\"><\/div>\n                      <\/div>\n        <\/div>\n            <div class=\"flex flex-col items-center gap-2 shrink-1 audio-control\">\n        <button\n  class=\"flex items-center justify-center w-32 max-w-32 h-32 max-h-32 transition-[max-height,_max-width] bg-black rounded-full btn text-accent\"\n  data-target=\"#audio-b7f99d9c173870faaecd8759c2845b27\">\n  <svg width=\"100%\" height=\"100%\" viewBox=\"0 0 36 36\" version=\"1.1\" xmlns=\"http:\/\/www.w3.org\/2000\/svg\" xmlns:xlink=\"http:\/\/www.w3.org\/1999\/xlink\">\n  <path id=\"ytp-12\" d=\"M11,10 L18,13.74 18,22.28 11,26 M18,13.74 L26,18 26,18 18,22.28\" fill=\"currentColor\">\n    <animate id=\"animation\" begin=\"indefinite\" attributeType=\"XML\" attributeName=\"d\" fill=\"freeze\" from=\"M11,10 L17,10 17,26 11,26 M20,10 L26,10 26,26 20,26\" to=\"M11,10 L18,13.74 18,22.28 11,26 M18,13.74 L26,18 26,18 18,22.28\" dur=\"0.1s\" keySplines=\".4 0 1 1\" repeatCount=\"1\" data-play=\"M11,10 L18,13.74 18,22.28 11,26 M18,13.74 L26,18 26,18 18,22.28\" data-pause=\"M11,10 L17,10 17,26 11,26 M20,10 L26,10 26,26 20,26\"><\/animate>\n  <\/path>\n<\/svg>\n<\/button>\n        <p class=\"text-base text-center\">Ascolta<\/p>\n      <\/div>\n    <\/div>\n\n    \n          <div class=\"flex flex-wrap justify-between gap-6 md:justify-start\">\n                  <button data-target=\"#transcription-b7f99d9c173870faaecd8759c2845b27\" data-toggle=\"modal\" class=\"flex items-center gap-2\">\n            <svg class=\"w-6 h-6\" fill=\"none\" xmlns=\"http:\/\/www.w3.org\/2000\/svg\" viewBox=\"0 0 22 12\"><path d=\"M0 9.873v-6c0-.55.196-1.02.588-1.412A1.926 1.926 0 0 1 2 1.873h2c.55 0 1.02.196 1.412.588.392.391.588.862.588 1.412v6H4v-2H2v2H0Zm2-4h2v-2H2v2Zm6 4v-8h4c.55 0 1.02.196 1.412.588.392.391.588.862.588 1.412v4c0 .55-.196 1.021-.588 1.413A1.926 1.926 0 0 1 12 9.873H8Zm2-2h2v-4h-2v4Zm6.85.8-1.4-1.425c.183-.183.32-.391.413-.625.091-.233.137-.483.137-.75 0-.283-.046-.537-.137-.762a1.85 1.85 0 0 0-.413-.613l1.4-1.45c.367.367.65.792.85 1.275.2.484.3 1 .3 1.55s-.1 1.063-.3 1.538c-.2.475-.483.896-.85 1.262Zm2.825 2.825-1.45-1.375c.55-.55.983-1.187 1.3-1.912A5.775 5.775 0 0 0 20 5.873c0-.85-.158-1.633-.475-2.35a6.217 6.217 0 0 0-1.3-1.9l1.45-1.4a7.94 7.94 0 0 1 1.712 2.55c.409.967.613 2 .613 3.1s-.204 2.13-.613 3.088a7.977 7.977 0 0 1-1.712 2.537Z\" fill=\"#000\"\/><\/svg>            <span>Trascrizione<\/span>\n          <\/button>\n                      <\/div>\n      <\/div>\n\n      <div id=\"transcription-b7f99d9c173870faaecd8759c2845b27\"\n  class=\"fixed inset-0 z-50 hidden w-screen h-screen opacity-0 pointer-events-none modal transcription\"\n  tabindex=\"-1\" role=\"dialog\">\n  <div class=\"absolute w-full h-full bg-black opacity-75 modal-overlay\"><\/div>\n  <div\n    class=\"absolute z-30 w-11\/12 mx-auto overflow-y-auto text-black bg-white shadow-lg modal-container center-xy md:max-w-4xl\"\n    role=\"document\">\n    <div class=\"flex items-center justify-between px-4 py-4 text-gray-700 border-b md:px-8\">\n      <h2 class=\"!mb-0 font-bold\">Trascrizione<\/h2>\n      <div class=\"z-50 flex flex-col items-center ml-auto cursor-pointer rtl:ml-0 rtl:mr-auto modal-close\">\n        <svg class=\"w-auto h-6\" width=\"18\" height=\"23\" xmlns=\"http:\/\/www.w3.org\/2000\/svg\">\n  <g stroke=\"currentColor\" fill=\"none\" fill-rule=\"evenodd\" stroke-linecap=\"square\">\n    <path d=\"M.7248.974l16.1076 20.6167M16.655 1.2654L.9097 22.1601\" \/>\n  <\/g>\n<\/svg>        <div class=\"hidden\">Close<\/div>\n      <\/div>\n    <\/div>\n    <div class=\"px-4 py-8 overflow-y-auto max-h-modal md:px-8 modal-content\">\n      <div class=\"mb-8 flex flex-col gap-1.5\">\n                      <h3 class=\"text-xl font-bold\">La visita continua<\/h3>\n                            <\/div>\n            <p>Qui termina la visita alla chiesa. Ora ti invitiamo a scoprire le altre, che compongono il complesso romanico della Vall de Bo\u00ed. Ti aspettiamo!<\/p>\n    <\/div>\n  <\/div>\n<\/div>\n    <\/section>\n\n\n<div class=\"flex flex-col gap-3 element text-block\">\n  <div class=\"flex items-center gap-6\">\n              <h2 class=\"text-2xl font-bold\">Chiusura<\/h2>\n      <\/div>\n        <div class=\"prose prose-lg\"><p>\u201c<em>Els Ulls de la Hist\u00f2ria<\/em>. Uno sguardo immersivo sul patrimonio\u201d \u00e8 un\u2019iniziativa dell\u2019Ag\u00e8ncia Catalana del Patrimoni Cultural, un progetto che incorpora altre voci e altri punti di vista sul nostro passato. Perch\u00e9 la storia la costruiamo tutti e tutte.<\/p>\n<\/div>\n  <\/div>\n\n<\/div>\n      <\/div>\n    <\/div>\n  <\/section>\n\n\n<section class=\"overflow-hidden section\" id=\"section-69f5c681762c8\" data-title=\"8. Santa Maria de Cardet\">\n    <div class=\"container grid grid-cols-1 py-8 md:py-10 max-md:gap-y-8 md:grid-standard\">\n              <div class=\"flex gap-4 md:col-span-5\">\n                                <h2 class=\"text-8 font-headings\">8. Santa Maria de Cardet<\/h2>\n                  <\/div>\n            <div class=\"flex flex-col gap-8 md:col-span-6 md:col-start-7 md:gap-10\">\n        <div class=\"acf-innerblocks-container\">\n<div class=\"flex flex-col gap-3 element text-block\">\n  <div class=\"flex items-center gap-6\">\n              <h2 class=\"text-2xl font-bold\">8a Introduzione<\/h2>\n      <\/div>\n    <\/div>\n\n\n<div class=\"flex flex-col gap-6 element image-block\">\n  <div class=\"flex flex-col gap-3\">\n      <\/div>\n      <figure>\n      <img loading=\"lazy\" decoding=\"async\" width=\"1600\" height=\"1182\" src=\"https:\/\/guiesullsdelahistoria.cat\/app\/uploads\/2024\/11\/Santa_Maria_de_Cardet__general_amb_riu_DJI_0435.jpg\" class=\"w-full h-auto\" alt=\"Vista aerea dell\u2019esterno della chiesa di Santa Maria de Cardet con il fiume Noguera de Tor alle spalle.\" srcset=\"https:\/\/guiesullsdelahistoria.cat\/app\/uploads\/2024\/11\/Santa_Maria_de_Cardet__general_amb_riu_DJI_0435.jpg 1600w, https:\/\/guiesullsdelahistoria.cat\/app\/uploads\/2024\/11\/Santa_Maria_de_Cardet__general_amb_riu_DJI_0435-300x222.jpg 300w, https:\/\/guiesullsdelahistoria.cat\/app\/uploads\/2024\/11\/Santa_Maria_de_Cardet__general_amb_riu_DJI_0435-1024x756.jpg 1024w, https:\/\/guiesullsdelahistoria.cat\/app\/uploads\/2024\/11\/Santa_Maria_de_Cardet__general_amb_riu_DJI_0435-768x567.jpg 768w, https:\/\/guiesullsdelahistoria.cat\/app\/uploads\/2024\/11\/Santa_Maria_de_Cardet__general_amb_riu_DJI_0435-1536x1135.jpg 1536w\" sizes=\"auto, (max-width: 1600px) 100vw, 1600px\" \/>\n              <figcaption class=\"pt-2 text-gray-800\">Santa Maria de Cardet con fiume Noguera de Tor.\n<\/figcaption>\n          <\/figure>\n  <\/div>\n\n\n<section class=\"element audio-block\">\n  <div class=\"flex flex-col w-full gap-6\">\n    <div class=\"flex flex-col gap-3\">\n      <div class=\"flex gap-6\">\n                          <h2 class=\"text-2xl font-bold\">La Vall de Bo\u00ed e le sue chiese<\/h2>\n              <\/div>\n          <\/div>\n    <div class=\"flex items-center justify-end gap-3\">\n              <div class=\"flex-1 audio-content\" dir=\"ltr\">\n          <audio id=\"audio-7483390c8259baeb75fa6cf417a93ec6\" data-label=\"La Vall de Bo\u00ed e le sue chiese\"\n            data-category=\"SANTA-MARIA-DE-CARDET-IT-GENERAL-PLAY-0.mp3\" class=\"hidden\" controls\n            src=\"https:\/\/guiesullsdelahistoria.cat\/app\/uploads\/2024\/11\/SANTA-MARIA-DE-CARDET-IT-GENERAL-PLAY-0.mp3\"><\/audio>\n          <div class=\"flex items-center w-full gap-3 transition-opacity opacity-0 meta\">\n            <progress class=\"flex-1 border-0 appearance-none\" value=\"0\" max=\"1\"><\/progress>\n            <div class=\"text-sm text-center shrink-0 current-time w-9\"><\/div>\n                      <\/div>\n        <\/div>\n            <div class=\"flex flex-col items-center gap-2 shrink-1 audio-control\">\n        <button\n  class=\"flex items-center justify-center w-32 max-w-32 h-32 max-h-32 transition-[max-height,_max-width] bg-black rounded-full btn text-accent\"\n  data-target=\"#audio-7483390c8259baeb75fa6cf417a93ec6\">\n  <svg width=\"100%\" height=\"100%\" viewBox=\"0 0 36 36\" version=\"1.1\" xmlns=\"http:\/\/www.w3.org\/2000\/svg\" xmlns:xlink=\"http:\/\/www.w3.org\/1999\/xlink\">\n  <path id=\"ytp-12\" d=\"M11,10 L18,13.74 18,22.28 11,26 M18,13.74 L26,18 26,18 18,22.28\" fill=\"currentColor\">\n    <animate id=\"animation\" begin=\"indefinite\" attributeType=\"XML\" attributeName=\"d\" fill=\"freeze\" from=\"M11,10 L17,10 17,26 11,26 M20,10 L26,10 26,26 20,26\" to=\"M11,10 L18,13.74 18,22.28 11,26 M18,13.74 L26,18 26,18 18,22.28\" dur=\"0.1s\" keySplines=\".4 0 1 1\" repeatCount=\"1\" data-play=\"M11,10 L18,13.74 18,22.28 11,26 M18,13.74 L26,18 26,18 18,22.28\" data-pause=\"M11,10 L17,10 17,26 11,26 M20,10 L26,10 26,26 20,26\"><\/animate>\n  <\/path>\n<\/svg>\n<\/button>\n        <p class=\"text-base text-center\">Ascolta<\/p>\n      <\/div>\n    <\/div>\n\n    \n          <div class=\"flex flex-wrap justify-between gap-6 md:justify-start\">\n                  <button data-target=\"#transcription-7483390c8259baeb75fa6cf417a93ec6\" data-toggle=\"modal\" class=\"flex items-center gap-2\">\n            <svg class=\"w-6 h-6\" fill=\"none\" xmlns=\"http:\/\/www.w3.org\/2000\/svg\" viewBox=\"0 0 22 12\"><path d=\"M0 9.873v-6c0-.55.196-1.02.588-1.412A1.926 1.926 0 0 1 2 1.873h2c.55 0 1.02.196 1.412.588.392.391.588.862.588 1.412v6H4v-2H2v2H0Zm2-4h2v-2H2v2Zm6 4v-8h4c.55 0 1.02.196 1.412.588.392.391.588.862.588 1.412v4c0 .55-.196 1.021-.588 1.413A1.926 1.926 0 0 1 12 9.873H8Zm2-2h2v-4h-2v4Zm6.85.8-1.4-1.425c.183-.183.32-.391.413-.625.091-.233.137-.483.137-.75 0-.283-.046-.537-.137-.762a1.85 1.85 0 0 0-.413-.613l1.4-1.45c.367.367.65.792.85 1.275.2.484.3 1 .3 1.55s-.1 1.063-.3 1.538c-.2.475-.483.896-.85 1.262Zm2.825 2.825-1.45-1.375c.55-.55.983-1.187 1.3-1.912A5.775 5.775 0 0 0 20 5.873c0-.85-.158-1.633-.475-2.35a6.217 6.217 0 0 0-1.3-1.9l1.45-1.4a7.94 7.94 0 0 1 1.712 2.55c.409.967.613 2 .613 3.1s-.204 2.13-.613 3.088a7.977 7.977 0 0 1-1.712 2.537Z\" fill=\"#000\"\/><\/svg>            <span>Trascrizione<\/span>\n          <\/button>\n                      <\/div>\n      <\/div>\n\n      <div id=\"transcription-7483390c8259baeb75fa6cf417a93ec6\"\n  class=\"fixed inset-0 z-50 hidden w-screen h-screen opacity-0 pointer-events-none modal transcription\"\n  tabindex=\"-1\" role=\"dialog\">\n  <div class=\"absolute w-full h-full bg-black opacity-75 modal-overlay\"><\/div>\n  <div\n    class=\"absolute z-30 w-11\/12 mx-auto overflow-y-auto text-black bg-white shadow-lg modal-container center-xy md:max-w-4xl\"\n    role=\"document\">\n    <div class=\"flex items-center justify-between px-4 py-4 text-gray-700 border-b md:px-8\">\n      <h2 class=\"!mb-0 font-bold\">Trascrizione<\/h2>\n      <div class=\"z-50 flex flex-col items-center ml-auto cursor-pointer rtl:ml-0 rtl:mr-auto modal-close\">\n        <svg class=\"w-auto h-6\" width=\"18\" height=\"23\" xmlns=\"http:\/\/www.w3.org\/2000\/svg\">\n  <g stroke=\"currentColor\" fill=\"none\" fill-rule=\"evenodd\" stroke-linecap=\"square\">\n    <path d=\"M.7248.974l16.1076 20.6167M16.655 1.2654L.9097 22.1601\" \/>\n  <\/g>\n<\/svg>        <div class=\"hidden\">Close<\/div>\n      <\/div>\n    <\/div>\n    <div class=\"px-4 py-8 overflow-y-auto max-h-modal md:px-8 modal-content\">\n      <div class=\"mb-8 flex flex-col gap-1.5\">\n                      <h3 class=\"text-xl font-bold\">La Vall de Bo\u00ed e le sue chiese<\/h3>\n                            <\/div>\n            <p>Ti diamo il benvenuto nella Vall de Bo\u00ed e ti invitiamo a scoprire il suo straordinario complesso di chiese, considerato una delle massime espressioni dell\u2019arte romanica catalana e iscritto nel 2000 nell\u2019Elenco del Patrimonio Mondiale dell&#8217;UNESCO.<br \/>\nIl complesso romanico della Vall de Bo\u00ed \u00e8 composto da nove chiese: Sant Climent e Santa Maria di Ta\u00fcll, Sant Joan di Bo\u00ed, Santa Eul\u00e0lia di Erill la Vall, Sant Feliu di Barruera, la Nativitat e Sant Quirc di Durro, Santa Maria di Cardet e l&#8217;Assumpci\u00f3 di C\u00f3ll.<br \/>\nMa cosa accomuna queste chiese? Perch\u00e9 sono cos\u00ec uniche? Qual \u00e8 la loro storia?<br \/>\nFurono tutte costruite tra l\u2019XI e il XII secolo, in un periodo di potere e prosperit\u00e0 economica per la nobilt\u00e0 locale, e condividono lo stesso stile architettonico, il romanico, diffuso in tutta Europa.<br \/>\nOggigiorno, la gran parte di dipinti, sculture e mobili \u00e8 conservata in diversi musei catalani, in particolare nel Museu Nacional d\u2019Art de Catalunya. Tuttavia, alcune chiese conservano importanti frammenti di dipinti murali e sculture originali, oltre a riproduzioni delle opere custodite nei musei.<br \/>\nGrazie a questa guida scoprirai il valore eccezionale di questo complesso romanico e potrai conoscere ognuna delle nove chiese, con i loro segreti e le loro curiosit\u00e0.<br \/>\nUn ultimo avvertimento! Queste montagne sono misteriose, e le parole delle persone che le hanno abitate sono spesso intrappolate nelle valli e risuonano nel tempo come un\u2019eco impercettibile. Questa guida \u00e8 dotata di un sensore che si attiva ogni volta che ne rileva una. Non spaventarti e continua ad ascoltare.<\/p>\n    <\/div>\n  <\/div>\n<\/div>\n    <\/section>\n\n\n<div class=\"flex flex-col gap-3 element text-block\">\n  <div class=\"flex items-center gap-6\">\n              <h2 class=\"text-2xl font-bold\">8b Facciata<\/h2>\n      <\/div>\n    <\/div>\n\n\n<div class=\"flex flex-col gap-6 element image-block\">\n  <div class=\"flex flex-col gap-3\">\n      <\/div>\n      <figure>\n      <img loading=\"lazy\" decoding=\"async\" width=\"600\" height=\"800\" src=\"https:\/\/guiesullsdelahistoria.cat\/app\/uploads\/2024\/11\/Santa_Maria_de_Cardet_facana_0063.jpg\" class=\"w-full h-auto\" alt=\"Facciata principale della chiesa di Santa Maria di Cardet con il portico e il campanile a vela.\" srcset=\"https:\/\/guiesullsdelahistoria.cat\/app\/uploads\/2024\/11\/Santa_Maria_de_Cardet_facana_0063.jpg 600w, https:\/\/guiesullsdelahistoria.cat\/app\/uploads\/2024\/11\/Santa_Maria_de_Cardet_facana_0063-225x300.jpg 225w\" sizes=\"auto, (max-width: 600px) 100vw, 600px\" \/>\n              <figcaption class=\"pt-2 text-gray-800\">Facciata principale di Santa Maria de Cardet.<\/figcaption>\n          <\/figure>\n  <\/div>\n\n\n<section class=\"element audio-block\">\n  <div class=\"flex flex-col w-full gap-6\">\n    <div class=\"flex flex-col gap-3\">\n      <div class=\"flex gap-6\">\n                          <h2 class=\"text-2xl font-bold\"> La chiesa pi\u00f9 piccola<\/h2>\n              <\/div>\n          <\/div>\n    <div class=\"flex items-center justify-end gap-3\">\n              <div class=\"flex-1 audio-content\" dir=\"ltr\">\n          <audio id=\"audio-3eadaebd4a540facaa0ff5b628fb4497\" data-label=\" La chiesa pi\u00f9 piccola\"\n            data-category=\"SANTA-MARIA-DE-CARDET-IT-GENERAL-PLAY-1.mp3\" class=\"hidden\" controls\n            src=\"https:\/\/guiesullsdelahistoria.cat\/app\/uploads\/2024\/11\/SANTA-MARIA-DE-CARDET-IT-GENERAL-PLAY-1.mp3\"><\/audio>\n          <div class=\"flex items-center w-full gap-3 transition-opacity opacity-0 meta\">\n            <progress class=\"flex-1 border-0 appearance-none\" value=\"0\" max=\"1\"><\/progress>\n            <div class=\"text-sm text-center shrink-0 current-time w-9\"><\/div>\n                      <\/div>\n        <\/div>\n            <div class=\"flex flex-col items-center gap-2 shrink-1 audio-control\">\n        <button\n  class=\"flex items-center justify-center w-32 max-w-32 h-32 max-h-32 transition-[max-height,_max-width] bg-black rounded-full btn text-accent\"\n  data-target=\"#audio-3eadaebd4a540facaa0ff5b628fb4497\">\n  <svg width=\"100%\" height=\"100%\" viewBox=\"0 0 36 36\" version=\"1.1\" xmlns=\"http:\/\/www.w3.org\/2000\/svg\" xmlns:xlink=\"http:\/\/www.w3.org\/1999\/xlink\">\n  <path id=\"ytp-12\" d=\"M11,10 L18,13.74 18,22.28 11,26 M18,13.74 L26,18 26,18 18,22.28\" fill=\"currentColor\">\n    <animate id=\"animation\" begin=\"indefinite\" attributeType=\"XML\" attributeName=\"d\" fill=\"freeze\" from=\"M11,10 L17,10 17,26 11,26 M20,10 L26,10 26,26 20,26\" to=\"M11,10 L18,13.74 18,22.28 11,26 M18,13.74 L26,18 26,18 18,22.28\" dur=\"0.1s\" keySplines=\".4 0 1 1\" repeatCount=\"1\" data-play=\"M11,10 L18,13.74 18,22.28 11,26 M18,13.74 L26,18 26,18 18,22.28\" data-pause=\"M11,10 L17,10 17,26 11,26 M20,10 L26,10 26,26 20,26\"><\/animate>\n  <\/path>\n<\/svg>\n<\/button>\n        <p class=\"text-base text-center\">Ascolta<\/p>\n      <\/div>\n    <\/div>\n\n    \n          <div class=\"flex flex-wrap justify-between gap-6 md:justify-start\">\n                  <button data-target=\"#transcription-3eadaebd4a540facaa0ff5b628fb4497\" data-toggle=\"modal\" class=\"flex items-center gap-2\">\n            <svg class=\"w-6 h-6\" fill=\"none\" xmlns=\"http:\/\/www.w3.org\/2000\/svg\" viewBox=\"0 0 22 12\"><path d=\"M0 9.873v-6c0-.55.196-1.02.588-1.412A1.926 1.926 0 0 1 2 1.873h2c.55 0 1.02.196 1.412.588.392.391.588.862.588 1.412v6H4v-2H2v2H0Zm2-4h2v-2H2v2Zm6 4v-8h4c.55 0 1.02.196 1.412.588.392.391.588.862.588 1.412v4c0 .55-.196 1.021-.588 1.413A1.926 1.926 0 0 1 12 9.873H8Zm2-2h2v-4h-2v4Zm6.85.8-1.4-1.425c.183-.183.32-.391.413-.625.091-.233.137-.483.137-.75 0-.283-.046-.537-.137-.762a1.85 1.85 0 0 0-.413-.613l1.4-1.45c.367.367.65.792.85 1.275.2.484.3 1 .3 1.55s-.1 1.063-.3 1.538c-.2.475-.483.896-.85 1.262Zm2.825 2.825-1.45-1.375c.55-.55.983-1.187 1.3-1.912A5.775 5.775 0 0 0 20 5.873c0-.85-.158-1.633-.475-2.35a6.217 6.217 0 0 0-1.3-1.9l1.45-1.4a7.94 7.94 0 0 1 1.712 2.55c.409.967.613 2 .613 3.1s-.204 2.13-.613 3.088a7.977 7.977 0 0 1-1.712 2.537Z\" fill=\"#000\"\/><\/svg>            <span>Trascrizione<\/span>\n          <\/button>\n                      <\/div>\n      <\/div>\n\n      <div id=\"transcription-3eadaebd4a540facaa0ff5b628fb4497\"\n  class=\"fixed inset-0 z-50 hidden w-screen h-screen opacity-0 pointer-events-none modal transcription\"\n  tabindex=\"-1\" role=\"dialog\">\n  <div class=\"absolute w-full h-full bg-black opacity-75 modal-overlay\"><\/div>\n  <div\n    class=\"absolute z-30 w-11\/12 mx-auto overflow-y-auto text-black bg-white shadow-lg modal-container center-xy md:max-w-4xl\"\n    role=\"document\">\n    <div class=\"flex items-center justify-between px-4 py-4 text-gray-700 border-b md:px-8\">\n      <h2 class=\"!mb-0 font-bold\">Trascrizione<\/h2>\n      <div class=\"z-50 flex flex-col items-center ml-auto cursor-pointer rtl:ml-0 rtl:mr-auto modal-close\">\n        <svg class=\"w-auto h-6\" width=\"18\" height=\"23\" xmlns=\"http:\/\/www.w3.org\/2000\/svg\">\n  <g stroke=\"currentColor\" fill=\"none\" fill-rule=\"evenodd\" stroke-linecap=\"square\">\n    <path d=\"M.7248.974l16.1076 20.6167M16.655 1.2654L.9097 22.1601\" \/>\n  <\/g>\n<\/svg>        <div class=\"hidden\">Close<\/div>\n      <\/div>\n    <\/div>\n    <div class=\"px-4 py-8 overflow-y-auto max-h-modal md:px-8 modal-content\">\n      <div class=\"mb-8 flex flex-col gap-1.5\">\n                      <h3 class=\"text-xl font-bold\"> La chiesa pi\u00f9 piccola<\/h3>\n                            <\/div>\n            <p>Santa Maria di Cardet \u00e8 la pi\u00f9 piccola di tutte le chiese di La Vall. Forse per questo, e per il piccolo portico all\u2019ingresso, ha un aspetto cos\u00ec accogliente. Se non fosse per il campanile, potrebbe benissimo essere un\u2019altra casa del paese, non credi?<br \/>\nCome puoi vedere, il campanile ha la forma di campanile a vela ed \u00e8 stato aggiunto in epoca barocca. Cardet e l\u2019eremo di Sant Quirc di Durro sono le uniche due chiese del complesso ad avere questo tipo di campanile.<br \/>\nUn\u2019altra caratteristica interessante di questa chiesa \u00e8 il chiavistello. Se ti avvicini, puoi notare che il chiavistello \u00e8 sormontato da una graziosa testa umana.<br \/>\nMa ci\u00f2 che rende speciale la chiesa di Santa Maria \u00e8 l\u2019abside. Per vederla, esci dall\u2019area della chiesa e gira a sinistra, nella direzione in cui stai andando. Poi prosegui fino a raggiungere una piattaforma di legno. <\/p>\n    <\/div>\n  <\/div>\n<\/div>\n    <\/section>\n\n\n<div class=\"flex flex-col gap-3 element text-block\">\n  <div class=\"flex items-center gap-6\">\n              <h2 class=\"text-2xl font-bold\">8c Abside<\/h2>\n      <\/div>\n    <\/div>\n\n\n<div class=\"flex flex-col gap-6 element image-block\">\n  <div class=\"flex flex-col gap-3\">\n      <\/div>\n      <figure>\n      <img loading=\"lazy\" decoding=\"async\" width=\"1600\" height=\"1200\" src=\"https:\/\/guiesullsdelahistoria.cat\/app\/uploads\/2024\/11\/Santa_Maria_de_Cardet_absis_i_poble_DJI_0963.jpg\" class=\"w-full h-auto\" alt=\"Vista posteriore della chiesa di Santa Maria de Cardet circondata dalla vegetazione, con l\u2019abside costruita seguendo il pendio della montagna.\" srcset=\"https:\/\/guiesullsdelahistoria.cat\/app\/uploads\/2024\/11\/Santa_Maria_de_Cardet_absis_i_poble_DJI_0963.jpg 1600w, https:\/\/guiesullsdelahistoria.cat\/app\/uploads\/2024\/11\/Santa_Maria_de_Cardet_absis_i_poble_DJI_0963-300x225.jpg 300w, https:\/\/guiesullsdelahistoria.cat\/app\/uploads\/2024\/11\/Santa_Maria_de_Cardet_absis_i_poble_DJI_0963-1024x768.jpg 1024w, https:\/\/guiesullsdelahistoria.cat\/app\/uploads\/2024\/11\/Santa_Maria_de_Cardet_absis_i_poble_DJI_0963-768x576.jpg 768w, https:\/\/guiesullsdelahistoria.cat\/app\/uploads\/2024\/11\/Santa_Maria_de_Cardet_absis_i_poble_DJI_0963-1536x1152.jpg 1536w\" sizes=\"auto, (max-width: 1600px) 100vw, 1600px\" \/>\n              <figcaption class=\"pt-2 text-gray-800\">Santa Maria de Cardet vista dall&#8217;abside.<\/figcaption>\n          <\/figure>\n  <\/div>\n\n\n<section class=\"element audio-block\">\n  <div class=\"flex flex-col w-full gap-6\">\n    <div class=\"flex flex-col gap-3\">\n      <div class=\"flex gap-6\">\n                          <h2 class=\"text-2xl font-bold\"> Una costruzione sul pendio della montagna<\/h2>\n              <\/div>\n          <\/div>\n    <div class=\"flex items-center justify-end gap-3\">\n              <div class=\"flex-1 audio-content\" dir=\"ltr\">\n          <audio id=\"audio-43916ca0466feb7212e534f8f0d47a9d\" data-label=\" Una costruzione sul pendio della montagna\"\n            data-category=\"SANTA-MARIA-DE-CARDET-IT-GENERAL-PLAY-2.mp3\" class=\"hidden\" controls\n            src=\"https:\/\/guiesullsdelahistoria.cat\/app\/uploads\/2024\/11\/SANTA-MARIA-DE-CARDET-IT-GENERAL-PLAY-2.mp3\"><\/audio>\n          <div class=\"flex items-center w-full gap-3 transition-opacity opacity-0 meta\">\n            <progress class=\"flex-1 border-0 appearance-none\" value=\"0\" max=\"1\"><\/progress>\n            <div class=\"text-sm text-center shrink-0 current-time w-9\"><\/div>\n                      <\/div>\n        <\/div>\n            <div class=\"flex flex-col items-center gap-2 shrink-1 audio-control\">\n        <button\n  class=\"flex items-center justify-center w-32 max-w-32 h-32 max-h-32 transition-[max-height,_max-width] bg-black rounded-full btn text-accent\"\n  data-target=\"#audio-43916ca0466feb7212e534f8f0d47a9d\">\n  <svg width=\"100%\" height=\"100%\" viewBox=\"0 0 36 36\" version=\"1.1\" xmlns=\"http:\/\/www.w3.org\/2000\/svg\" xmlns:xlink=\"http:\/\/www.w3.org\/1999\/xlink\">\n  <path id=\"ytp-12\" d=\"M11,10 L18,13.74 18,22.28 11,26 M18,13.74 L26,18 26,18 18,22.28\" fill=\"currentColor\">\n    <animate id=\"animation\" begin=\"indefinite\" attributeType=\"XML\" attributeName=\"d\" fill=\"freeze\" from=\"M11,10 L17,10 17,26 11,26 M20,10 L26,10 26,26 20,26\" to=\"M11,10 L18,13.74 18,22.28 11,26 M18,13.74 L26,18 26,18 18,22.28\" dur=\"0.1s\" keySplines=\".4 0 1 1\" repeatCount=\"1\" data-play=\"M11,10 L18,13.74 18,22.28 11,26 M18,13.74 L26,18 26,18 18,22.28\" data-pause=\"M11,10 L17,10 17,26 11,26 M20,10 L26,10 26,26 20,26\"><\/animate>\n  <\/path>\n<\/svg>\n<\/button>\n        <p class=\"text-base text-center\">Ascolta<\/p>\n      <\/div>\n    <\/div>\n\n    \n          <div class=\"flex flex-wrap justify-between gap-6 md:justify-start\">\n                  <button data-target=\"#transcription-43916ca0466feb7212e534f8f0d47a9d\" data-toggle=\"modal\" class=\"flex items-center gap-2\">\n            <svg class=\"w-6 h-6\" fill=\"none\" xmlns=\"http:\/\/www.w3.org\/2000\/svg\" viewBox=\"0 0 22 12\"><path d=\"M0 9.873v-6c0-.55.196-1.02.588-1.412A1.926 1.926 0 0 1 2 1.873h2c.55 0 1.02.196 1.412.588.392.391.588.862.588 1.412v6H4v-2H2v2H0Zm2-4h2v-2H2v2Zm6 4v-8h4c.55 0 1.02.196 1.412.588.392.391.588.862.588 1.412v4c0 .55-.196 1.021-.588 1.413A1.926 1.926 0 0 1 12 9.873H8Zm2-2h2v-4h-2v4Zm6.85.8-1.4-1.425c.183-.183.32-.391.413-.625.091-.233.137-.483.137-.75 0-.283-.046-.537-.137-.762a1.85 1.85 0 0 0-.413-.613l1.4-1.45c.367.367.65.792.85 1.275.2.484.3 1 .3 1.55s-.1 1.063-.3 1.538c-.2.475-.483.896-.85 1.262Zm2.825 2.825-1.45-1.375c.55-.55.983-1.187 1.3-1.912A5.775 5.775 0 0 0 20 5.873c0-.85-.158-1.633-.475-2.35a6.217 6.217 0 0 0-1.3-1.9l1.45-1.4a7.94 7.94 0 0 1 1.712 2.55c.409.967.613 2 .613 3.1s-.204 2.13-.613 3.088a7.977 7.977 0 0 1-1.712 2.537Z\" fill=\"#000\"\/><\/svg>            <span>Trascrizione<\/span>\n          <\/button>\n                      <\/div>\n      <\/div>\n\n      <div id=\"transcription-43916ca0466feb7212e534f8f0d47a9d\"\n  class=\"fixed inset-0 z-50 hidden w-screen h-screen opacity-0 pointer-events-none modal transcription\"\n  tabindex=\"-1\" role=\"dialog\">\n  <div class=\"absolute w-full h-full bg-black opacity-75 modal-overlay\"><\/div>\n  <div\n    class=\"absolute z-30 w-11\/12 mx-auto overflow-y-auto text-black bg-white shadow-lg modal-container center-xy md:max-w-4xl\"\n    role=\"document\">\n    <div class=\"flex items-center justify-between px-4 py-4 text-gray-700 border-b md:px-8\">\n      <h2 class=\"!mb-0 font-bold\">Trascrizione<\/h2>\n      <div class=\"z-50 flex flex-col items-center ml-auto cursor-pointer rtl:ml-0 rtl:mr-auto modal-close\">\n        <svg class=\"w-auto h-6\" width=\"18\" height=\"23\" xmlns=\"http:\/\/www.w3.org\/2000\/svg\">\n  <g stroke=\"currentColor\" fill=\"none\" fill-rule=\"evenodd\" stroke-linecap=\"square\">\n    <path d=\"M.7248.974l16.1076 20.6167M16.655 1.2654L.9097 22.1601\" \/>\n  <\/g>\n<\/svg>        <div class=\"hidden\">Close<\/div>\n      <\/div>\n    <\/div>\n    <div class=\"px-4 py-8 overflow-y-auto max-h-modal md:px-8 modal-content\">\n      <div class=\"mb-8 flex flex-col gap-1.5\">\n                      <h3 class=\"text-xl font-bold\"> Una costruzione sul pendio della montagna<\/h3>\n                            <\/div>\n            <p>Da qui puoi apprezzare la bellezza dell\u2019abside di Santa Maria di Cardet e la vista panoramica.<br \/>\nL\u2019abside di Santa Maria di Cardet \u00e8 a due piani ed \u00e8 una delle pi\u00f9 spettacolari di tutte le chiese di La Vall. Questo perch\u00e9 la chiesa \u00e8 stata costruita sul ripido pendio della montagna, sfruttando le irregolarit\u00e0 del terreno.<br \/>\nNella parte inferiore \u00e8 stata costruita una piccola cripta, l\u2019unica di tutto il complesso di chiese romaniche. Corrisponde alla finestra sottostante e, una volta all\u2019interno, potrai visitarla.<br \/>\nUna curiosit\u00e0: in alto a sinistra, nel secondo degli archi che decorano la parte superiore dell\u2019abside, c\u2019\u00e8 una testa umana scolpita in rilievo. Riesci a trovarla?<br \/>\nPer proseguire la visita, dirigiti all\u2019interno della chiesa. <\/p>\n    <\/div>\n  <\/div>\n<\/div>\n    <\/section>\n\n\n<div class=\"flex flex-col gap-3 element text-block\">\n  <div class=\"flex items-center gap-6\">\n              <h2 class=\"text-2xl font-bold\">8d Centro della navata<\/h2>\n      <\/div>\n    <\/div>\n\n\n<div class=\"flex flex-col gap-6 element image-block\">\n  <div class=\"flex flex-col gap-3\">\n      <\/div>\n      <figure>\n      <img loading=\"lazy\" decoding=\"async\" width=\"800\" height=\"600\" src=\"https:\/\/guiesullsdelahistoria.cat\/app\/uploads\/2024\/11\/cardet_0002.jpg\" class=\"w-full h-auto\" alt=\"Interno della chiesa di Santa Maria di Cardet con i muri imbiancati a calce e l\u2019altare e il retablo sullo sfondo.\" srcset=\"https:\/\/guiesullsdelahistoria.cat\/app\/uploads\/2024\/11\/cardet_0002.jpg 800w, https:\/\/guiesullsdelahistoria.cat\/app\/uploads\/2024\/11\/cardet_0002-300x225.jpg 300w, https:\/\/guiesullsdelahistoria.cat\/app\/uploads\/2024\/11\/cardet_0002-768x576.jpg 768w\" sizes=\"auto, (max-width: 800px) 100vw, 800px\" \/>\n              <figcaption class=\"pt-2 text-gray-800\">Interno di Santa Maria de Cardet.<\/figcaption>\n          <\/figure>\n  <\/div>\n\n\n<section class=\"element audio-block\">\n  <div class=\"flex flex-col w-full gap-6\">\n    <div class=\"flex flex-col gap-3\">\n      <div class=\"flex gap-6\">\n                          <h2 class=\"text-2xl font-bold\">L\u2019interno com\u2019era all\u2019inizio del XX secolo<\/h2>\n              <\/div>\n          <\/div>\n    <div class=\"flex items-center justify-end gap-3\">\n              <div class=\"flex-1 audio-content\" dir=\"ltr\">\n          <audio id=\"audio-adf4f32eaf9377150f2f7ff32d9c9857\" data-label=\"L\u2019interno com\u2019era all\u2019inizio del XX secolo\"\n            data-category=\"SANTA-MARIA-DE-CARDET-IT-GENERAL-PLAY-3.mp3\" class=\"hidden\" controls\n            src=\"https:\/\/guiesullsdelahistoria.cat\/app\/uploads\/2024\/11\/SANTA-MARIA-DE-CARDET-IT-GENERAL-PLAY-3.mp3\"><\/audio>\n          <div class=\"flex items-center w-full gap-3 transition-opacity opacity-0 meta\">\n            <progress class=\"flex-1 border-0 appearance-none\" value=\"0\" max=\"1\"><\/progress>\n            <div class=\"text-sm text-center shrink-0 current-time w-9\"><\/div>\n                      <\/div>\n        <\/div>\n            <div class=\"flex flex-col items-center gap-2 shrink-1 audio-control\">\n        <button\n  class=\"flex items-center justify-center w-32 max-w-32 h-32 max-h-32 transition-[max-height,_max-width] bg-black rounded-full btn text-accent\"\n  data-target=\"#audio-adf4f32eaf9377150f2f7ff32d9c9857\">\n  <svg width=\"100%\" height=\"100%\" viewBox=\"0 0 36 36\" version=\"1.1\" xmlns=\"http:\/\/www.w3.org\/2000\/svg\" xmlns:xlink=\"http:\/\/www.w3.org\/1999\/xlink\">\n  <path id=\"ytp-12\" d=\"M11,10 L18,13.74 18,22.28 11,26 M18,13.74 L26,18 26,18 18,22.28\" fill=\"currentColor\">\n    <animate id=\"animation\" begin=\"indefinite\" attributeType=\"XML\" attributeName=\"d\" fill=\"freeze\" from=\"M11,10 L17,10 17,26 11,26 M20,10 L26,10 26,26 20,26\" to=\"M11,10 L18,13.74 18,22.28 11,26 M18,13.74 L26,18 26,18 18,22.28\" dur=\"0.1s\" keySplines=\".4 0 1 1\" repeatCount=\"1\" data-play=\"M11,10 L18,13.74 18,22.28 11,26 M18,13.74 L26,18 26,18 18,22.28\" data-pause=\"M11,10 L17,10 17,26 11,26 M20,10 L26,10 26,26 20,26\"><\/animate>\n  <\/path>\n<\/svg>\n<\/button>\n        <p class=\"text-base text-center\">Ascolta<\/p>\n      <\/div>\n    <\/div>\n\n    \n          <div class=\"flex flex-wrap justify-between gap-6 md:justify-start\">\n                  <button data-target=\"#transcription-adf4f32eaf9377150f2f7ff32d9c9857\" data-toggle=\"modal\" class=\"flex items-center gap-2\">\n            <svg class=\"w-6 h-6\" fill=\"none\" xmlns=\"http:\/\/www.w3.org\/2000\/svg\" viewBox=\"0 0 22 12\"><path d=\"M0 9.873v-6c0-.55.196-1.02.588-1.412A1.926 1.926 0 0 1 2 1.873h2c.55 0 1.02.196 1.412.588.392.391.588.862.588 1.412v6H4v-2H2v2H0Zm2-4h2v-2H2v2Zm6 4v-8h4c.55 0 1.02.196 1.412.588.392.391.588.862.588 1.412v4c0 .55-.196 1.021-.588 1.413A1.926 1.926 0 0 1 12 9.873H8Zm2-2h2v-4h-2v4Zm6.85.8-1.4-1.425c.183-.183.32-.391.413-.625.091-.233.137-.483.137-.75 0-.283-.046-.537-.137-.762a1.85 1.85 0 0 0-.413-.613l1.4-1.45c.367.367.65.792.85 1.275.2.484.3 1 .3 1.55s-.1 1.063-.3 1.538c-.2.475-.483.896-.85 1.262Zm2.825 2.825-1.45-1.375c.55-.55.983-1.187 1.3-1.912A5.775 5.775 0 0 0 20 5.873c0-.85-.158-1.633-.475-2.35a6.217 6.217 0 0 0-1.3-1.9l1.45-1.4a7.94 7.94 0 0 1 1.712 2.55c.409.967.613 2 .613 3.1s-.204 2.13-.613 3.088a7.977 7.977 0 0 1-1.712 2.537Z\" fill=\"#000\"\/><\/svg>            <span>Trascrizione<\/span>\n          <\/button>\n                      <\/div>\n      <\/div>\n\n      <div id=\"transcription-adf4f32eaf9377150f2f7ff32d9c9857\"\n  class=\"fixed inset-0 z-50 hidden w-screen h-screen opacity-0 pointer-events-none modal transcription\"\n  tabindex=\"-1\" role=\"dialog\">\n  <div class=\"absolute w-full h-full bg-black opacity-75 modal-overlay\"><\/div>\n  <div\n    class=\"absolute z-30 w-11\/12 mx-auto overflow-y-auto text-black bg-white shadow-lg modal-container center-xy md:max-w-4xl\"\n    role=\"document\">\n    <div class=\"flex items-center justify-between px-4 py-4 text-gray-700 border-b md:px-8\">\n      <h2 class=\"!mb-0 font-bold\">Trascrizione<\/h2>\n      <div class=\"z-50 flex flex-col items-center ml-auto cursor-pointer rtl:ml-0 rtl:mr-auto modal-close\">\n        <svg class=\"w-auto h-6\" width=\"18\" height=\"23\" xmlns=\"http:\/\/www.w3.org\/2000\/svg\">\n  <g stroke=\"currentColor\" fill=\"none\" fill-rule=\"evenodd\" stroke-linecap=\"square\">\n    <path d=\"M.7248.974l16.1076 20.6167M16.655 1.2654L.9097 22.1601\" \/>\n  <\/g>\n<\/svg>        <div class=\"hidden\">Close<\/div>\n      <\/div>\n    <\/div>\n    <div class=\"px-4 py-8 overflow-y-auto max-h-modal md:px-8 modal-content\">\n      <div class=\"mb-8 flex flex-col gap-1.5\">\n                      <h3 class=\"text-xl font-bold\">L\u2019interno com\u2019era all\u2019inizio del XX secolo<\/h3>\n                            <\/div>\n            <p>Santa Maria di Cardet, come abbiamo detto, \u00e8 la pi\u00f9 piccola di tutte le chiese di La Vall. Oggi l\u2019interno dell\u2019edificio appare ancora pi\u00f9 ridotto, per la presenza del retablo barocco, che nasconde lo spazio absidale.<br \/>\nQuesta chiesa \u00e8 stata restaurata, come le altre del complesso, ma in questo caso si \u00e8 deciso di mantenere l\u2019interno come era all\u2019inizio del XX secolo. Le aggiunte architettoniche e gli arredi successivi al periodo romanico sono stati rispettati per testimoniarne l\u2019evoluzione. Dunque anche le altre chiese di La Vall avevano questo aspetto, ma i restauri le hanno riportate al loro aspetto romanico.<br \/>\nDal punto in cui ti trovi, puoi anche vedere una riproduzione del paliotto dell\u2019altare, dedicato a Maria e all\u2019infanzia di Cristo. L\u2019originale si trova nel Museu Nacional d\u2019Art de Catalunya e risale alla seconda met\u00e0 del XIII secolo.<br \/>\nIl paliotto raffigura varie scene della vita della Vergine. Al centro, la Vergine con il Bambin Ges\u00f9 in grembo. In alto a sinistra, il momento della visita dell\u2019angelo a Maria. In alto a destra, la nascita di Ges\u00f9. In basso a sinistra, l&#8217;arrivo dei Re Magi. E sotto, a destra, il momento in cui Maria e Giuseppe fuggono dai Romani verso l\u2019Egitto con il piccolo Ges\u00f9.<br \/>\nLa cosiddetta bottega di Ribagor\u00e7a fu incaricata di realizzare il paliotto di Santa Maria di Cardet. Di questa bottega si conoscono diverse opere, tutte molto simili per tecnica e stile.<\/p>\n<p><em>Suono di interferenze.<\/em><br \/>\n<strong>Maestro:<\/strong> Devi concentrarti sui rilievi di stucco, Jaume.<br \/>\n<strong>Jaume:<\/strong> Maestro, \u00e8 gi\u00e0 da tempo che lavoro lo stucco. Vorrei l\u2019opportunit\u00e0 di dipingere le figure. So di esserne capace.<br \/>\n<strong>Maestro:<\/strong> Non avere fretta, arriver\u00e0 l\u2019opportunit\u00e0. Per adesso concentrati sulle cornici e sugli sfondi.<br \/>\n<strong>Jaume:<\/strong> Fino a quando, maestro? Questo \u00e8 un compito meno importante. \u00c8 da tempo che mi preparo. Ho osservato bene il suo lavoro e conosco a fondo l\u2019edificio.<br \/>\n<strong>Maestro:<\/strong> Jaume, sarai pronto quando capirai l\u2019importanza delle cornici e degli sfondi con rilievi di stucco. Ogni elemento fa parte dell\u2019opera finale e devono essere realizzati tutti con la stessa padronanza e umilt\u00e0. Torna al lavoro, hai ancora molto da imparare.<br \/>\n<em>Suono di interferenze<\/em>.<\/p>\n<p>Dietro il retablo si trova un deposito di grano, che ci offre una nuova prospettiva sugli usi degli spazi religiosi. Sebbene sia nascosto, vi si pu\u00f2 accedere attraverso una piccola porta a destra del retablo. Il deposito di grano si trova all&#8217;altezza della tua vita e ha un piccolo coperchio di legno. All\u2019interno potrai notare, con un fregio a denti di sega, la decorazione tipica del primo stile romanico. Ci\u00f2 che la rende unica \u00e8 che questo tipo di decorazione era molto insolita negli interni.<br \/>\nAll\u2019interno della chiesa di Santa Maria di Cardet si \u00e8 conservata fino all\u2019inizio del XX secolo anche una traversa originale con decorazione pittorica. Nella parte superiore di questa trave sono presenti due fori in cui era inserito un gruppo scultoreo, probabilmente di tre figure; un Calvario, quindi, Cristo sulla croce con San Giovanni e la Vergine Maria. Questa trave \u00e8 attualmente conservata presso il MNAC. Con la risorsa di realt\u00e0 virtuale potrai vederla nella sua collocazione originale.<\/p>\n<p>Ora, per visitare la cripta, scendi le scale al centro della navata e passa attraverso uno stretto corridoio.<\/p>\n    <\/div>\n  <\/div>\n<\/div>\n    <\/section>\n\n\n<div class=\"flex flex-col gap-3 element interactive-block\">\n  <div class=\"flex items-center gap-6\">\n              <h2 class=\"text-2xl font-bold\">Risorsa virtuale: Trave che si conserva presso il MNAC<\/h2>\n      <\/div>\n          <div class=\"flex justify-end w-full\">\n      <div class=\"flex flex-col items-center gap-2 shrink-1\">\n        <button data-target=\"#embed-69f5c6816c24f\" data-toggle=\"modal\"\n          class=\"flex items-center justify-center w-32 h-32 bg-black rounded-full text-accent\">\n          <svg class=\"w-16 h-auto\" width=\"60\" height=\"61\" viewBox=\"0 0 60 61\" fill=\"none\" xmlns=\"http:\/\/www.w3.org\/2000\/svg\">\n  <path\n    d=\"M27 53.298L12 44.673C11.05 44.1231 10.3125 43.398 9.7875 42.498C9.2625 41.598 9 40.598 9 39.498V22.248C9 21.148 9.2625 20.148 9.7875 19.248C10.3125 18.348 11.05 17.623 12 17.073L27 8.44805C27.95 7.89805 28.95 7.62305 30 7.62305C31.05 7.62305 32.05 7.89805 33 8.44805L48 17.073C48.95 17.623 49.6875 18.348 50.2125 19.248C50.7375 20.148 51 21.148 51 22.248V39.498C51 40.598 50.7375 41.598 50.2125 42.498C49.6875 43.398 48.95 44.1231 48 44.673L33 53.298C32.05 53.848 31.05 54.123 30 54.123C28.95 54.123 27.95 53.848 27 53.298ZM27 46.398V32.598L15 25.623V39.498L27 46.398ZM33 46.398L45 39.498V25.623L33 32.598V46.398ZM0 15.873V6.87305C0 5.22305 0.5875 3.81055 1.7625 2.63555C2.9375 1.46055 4.35 0.873047 6 0.873047H15V6.87305H6V15.873H0ZM15 60.873H6C4.35 60.873 2.9375 60.2855 1.7625 59.1105C0.5875 57.9355 0 56.523 0 54.873V45.8731H6V54.873H15V60.873ZM45 60.873V54.873H54V45.8731H60V54.873C60 56.523 59.4125 57.9355 58.2375 59.1105C57.0625 60.2855 55.65 60.873 54 60.873H45ZM54 15.873V6.87305H45V0.873047H54C55.65 0.873047 57.0625 1.46055 58.2375 2.63555C59.4125 3.81055 60 5.22305 60 6.87305V15.873H54ZM30 27.423L41.85 20.448L30 13.623L18.15 20.448L30 27.423Z\"\n    fill=\"currentColor\" \/>\n<\/svg>\n        <\/button>\n                  <p class=\"text-base text-center\">Guarda<\/p>\n              <\/div>\n    <\/div>\n    <div id=\"embed-69f5c6816c24f\"\n  class=\"fixed inset-0 z-50 hidden w-screen h-screen opacity-0 pointer-events-none modal embed-container\"\n  tabindex=\"-1\" role=\"dialog\">\n  <div class=\"absolute w-full h-full bg-black opacity-75 modal-overlay\"><\/div>\n  <div\n    class=\"absolute z-30 w-11\/12 mx-auto overflow-y-auto text-black bg-white shadow-lg modal-container center-xy md:max-w-4xl\"\n    role=\"document\">\n    <div class=\"flex items-center justify-between px-4 py-4 text-gray-700 border-b md:px-8\">\n      <h2 class=\"!mb-0 font-bold\">Guarda<\/h2>\n      <div class=\"z-50 flex flex-col items-center ml-auto cursor-pointer rtl:ml-0 rtl:mr-auto modal-close\">\n        <svg class=\"w-auto h-6\" width=\"18\" height=\"23\" xmlns=\"http:\/\/www.w3.org\/2000\/svg\">\n  <g stroke=\"currentColor\" fill=\"none\" fill-rule=\"evenodd\" stroke-linecap=\"square\">\n    <path d=\"M.7248.974l16.1076 20.6167M16.655 1.2654L.9097 22.1601\" \/>\n  <\/g>\n<\/svg>        <div class=\"hidden\">Close<\/div>\n      <\/div>\n    <\/div>\n    <div class=\"px-4 py-8 overflow-y-auto max-h-modal md:px-8 modal-content\">\n      <div class=\"sketchfab-embed-wrapper\"> <iframe title=\"Biga de Cardet. Reconstrucci\u00f3 hipot\u00e8tica\" frameborder=\"0\" allowfullscreen mozallowfullscreen=\"true\" webkitallowfullscreen=\"true\" allow=\"autoplay; fullscreen; xr-spatial-tracking\" xr-spatial-tracking execution-while-out-of-viewport execution-while-not-rendered web-share src=\"https:\/\/sketchfab.com\/models\/c87001ca1459474db3fab2b917891e85\/embed?ui_infos=0\"> <\/iframe> <\/div>\n    <\/div>\n  <\/div>\n<\/div>\n  <\/div>\n\n\n<div class=\"flex flex-col gap-3 element text-block\">\n  <div class=\"flex items-center gap-6\">\n              <h2 class=\"text-2xl font-bold\">8e La cripta<\/h2>\n      <\/div>\n    <\/div>\n\n\n<div class=\"flex flex-col gap-6 element image-block\">\n  <div class=\"flex flex-col gap-3\">\n      <\/div>\n      <figure>\n      <img loading=\"lazy\" decoding=\"async\" width=\"1039\" height=\"704\" src=\"https:\/\/guiesullsdelahistoria.cat\/app\/uploads\/2024\/11\/cripta-Cardet.jpg\" class=\"w-full h-auto\" alt=\"Cripta della chiesa di Santa Maria di Cardet con una vasca d\u2019olio romanica e la luce che entra dall\u2019unica apertura.\" srcset=\"https:\/\/guiesullsdelahistoria.cat\/app\/uploads\/2024\/11\/cripta-Cardet.jpg 1039w, https:\/\/guiesullsdelahistoria.cat\/app\/uploads\/2024\/11\/cripta-Cardet-300x203.jpg 300w, https:\/\/guiesullsdelahistoria.cat\/app\/uploads\/2024\/11\/cripta-Cardet-1024x694.jpg 1024w, https:\/\/guiesullsdelahistoria.cat\/app\/uploads\/2024\/11\/cripta-Cardet-768x520.jpg 768w\" sizes=\"auto, (max-width: 1039px) 100vw, 1039px\" \/>\n              <figcaption class=\"pt-2 text-gray-800\">Cripta di Santa Maria di Cardet.<\/figcaption>\n          <\/figure>\n  <\/div>\n\n\n<section class=\"element audio-block\">\n  <div class=\"flex flex-col w-full gap-6\">\n    <div class=\"flex flex-col gap-3\">\n      <div class=\"flex gap-6\">\n                          <h2 class=\"text-2xl font-bold\">Uno spazio per tombe e reliquie<\/h2>\n              <\/div>\n          <\/div>\n    <div class=\"flex items-center justify-end gap-3\">\n              <div class=\"flex-1 audio-content\" dir=\"ltr\">\n          <audio id=\"audio-6e5625405acb87bc92dd0c26cfcce0b9\" data-label=\"Uno spazio per tombe e reliquie\"\n            data-category=\"SANTA-MARIA-DE-CARDET-IT-GENERAL-PLAY-4.mp3\" class=\"hidden\" controls\n            src=\"https:\/\/guiesullsdelahistoria.cat\/app\/uploads\/2024\/11\/SANTA-MARIA-DE-CARDET-IT-GENERAL-PLAY-4.mp3\"><\/audio>\n          <div class=\"flex items-center w-full gap-3 transition-opacity opacity-0 meta\">\n            <progress class=\"flex-1 border-0 appearance-none\" value=\"0\" max=\"1\"><\/progress>\n            <div class=\"text-sm text-center shrink-0 current-time w-9\"><\/div>\n                      <\/div>\n        <\/div>\n            <div class=\"flex flex-col items-center gap-2 shrink-1 audio-control\">\n        <button\n  class=\"flex items-center justify-center w-32 max-w-32 h-32 max-h-32 transition-[max-height,_max-width] bg-black rounded-full btn text-accent\"\n  data-target=\"#audio-6e5625405acb87bc92dd0c26cfcce0b9\">\n  <svg width=\"100%\" height=\"100%\" viewBox=\"0 0 36 36\" version=\"1.1\" xmlns=\"http:\/\/www.w3.org\/2000\/svg\" xmlns:xlink=\"http:\/\/www.w3.org\/1999\/xlink\">\n  <path id=\"ytp-12\" d=\"M11,10 L18,13.74 18,22.28 11,26 M18,13.74 L26,18 26,18 18,22.28\" fill=\"currentColor\">\n    <animate id=\"animation\" begin=\"indefinite\" attributeType=\"XML\" attributeName=\"d\" fill=\"freeze\" from=\"M11,10 L17,10 17,26 11,26 M20,10 L26,10 26,26 20,26\" to=\"M11,10 L18,13.74 18,22.28 11,26 M18,13.74 L26,18 26,18 18,22.28\" dur=\"0.1s\" keySplines=\".4 0 1 1\" repeatCount=\"1\" data-play=\"M11,10 L18,13.74 18,22.28 11,26 M18,13.74 L26,18 26,18 18,22.28\" data-pause=\"M11,10 L17,10 17,26 11,26 M20,10 L26,10 26,26 20,26\"><\/animate>\n  <\/path>\n<\/svg>\n<\/button>\n        <p class=\"text-base text-center\">Ascolta<\/p>\n      <\/div>\n    <\/div>\n\n    \n          <div class=\"flex flex-wrap justify-between gap-6 md:justify-start\">\n                  <button data-target=\"#transcription-6e5625405acb87bc92dd0c26cfcce0b9\" data-toggle=\"modal\" class=\"flex items-center gap-2\">\n            <svg class=\"w-6 h-6\" fill=\"none\" xmlns=\"http:\/\/www.w3.org\/2000\/svg\" viewBox=\"0 0 22 12\"><path d=\"M0 9.873v-6c0-.55.196-1.02.588-1.412A1.926 1.926 0 0 1 2 1.873h2c.55 0 1.02.196 1.412.588.392.391.588.862.588 1.412v6H4v-2H2v2H0Zm2-4h2v-2H2v2Zm6 4v-8h4c.55 0 1.02.196 1.412.588.392.391.588.862.588 1.412v4c0 .55-.196 1.021-.588 1.413A1.926 1.926 0 0 1 12 9.873H8Zm2-2h2v-4h-2v4Zm6.85.8-1.4-1.425c.183-.183.32-.391.413-.625.091-.233.137-.483.137-.75 0-.283-.046-.537-.137-.762a1.85 1.85 0 0 0-.413-.613l1.4-1.45c.367.367.65.792.85 1.275.2.484.3 1 .3 1.55s-.1 1.063-.3 1.538c-.2.475-.483.896-.85 1.262Zm2.825 2.825-1.45-1.375c.55-.55.983-1.187 1.3-1.912A5.775 5.775 0 0 0 20 5.873c0-.85-.158-1.633-.475-2.35a6.217 6.217 0 0 0-1.3-1.9l1.45-1.4a7.94 7.94 0 0 1 1.712 2.55c.409.967.613 2 .613 3.1s-.204 2.13-.613 3.088a7.977 7.977 0 0 1-1.712 2.537Z\" fill=\"#000\"\/><\/svg>            <span>Trascrizione<\/span>\n          <\/button>\n                      <\/div>\n      <\/div>\n\n      <div id=\"transcription-6e5625405acb87bc92dd0c26cfcce0b9\"\n  class=\"fixed inset-0 z-50 hidden w-screen h-screen opacity-0 pointer-events-none modal transcription\"\n  tabindex=\"-1\" role=\"dialog\">\n  <div class=\"absolute w-full h-full bg-black opacity-75 modal-overlay\"><\/div>\n  <div\n    class=\"absolute z-30 w-11\/12 mx-auto overflow-y-auto text-black bg-white shadow-lg modal-container center-xy md:max-w-4xl\"\n    role=\"document\">\n    <div class=\"flex items-center justify-between px-4 py-4 text-gray-700 border-b md:px-8\">\n      <h2 class=\"!mb-0 font-bold\">Trascrizione<\/h2>\n      <div class=\"z-50 flex flex-col items-center ml-auto cursor-pointer rtl:ml-0 rtl:mr-auto modal-close\">\n        <svg class=\"w-auto h-6\" width=\"18\" height=\"23\" xmlns=\"http:\/\/www.w3.org\/2000\/svg\">\n  <g stroke=\"currentColor\" fill=\"none\" fill-rule=\"evenodd\" stroke-linecap=\"square\">\n    <path d=\"M.7248.974l16.1076 20.6167M16.655 1.2654L.9097 22.1601\" \/>\n  <\/g>\n<\/svg>        <div class=\"hidden\">Close<\/div>\n      <\/div>\n    <\/div>\n    <div class=\"px-4 py-8 overflow-y-auto max-h-modal md:px-8 modal-content\">\n      <div class=\"mb-8 flex flex-col gap-1.5\">\n                      <h3 class=\"text-xl font-bold\">Uno spazio per tombe e reliquie<\/h3>\n                            <\/div>\n            <p>Ti trovi nella cripta, situata sotto il presbiterio. Le cripte erano normalmente utilizzate per ospitare una tomba o le reliquie di un santo. Lo spazio \u00e8 adattato alla forma semicircolare dell\u2019abside ed \u00e8 coperto da una volta a botte. Se alzi lo sguardo, puoi notare i segni dei fusti utilizzati come struttura per la costruzione del tetto. Nella parte centrale della parete si trova una finestra, che \u00e8 l\u2019unico punto di illuminazione. Vi \u00e8 anche la vasca dell\u2019olio, che serviva per accendere le lampade che illuminavano la chiesa.<br \/>\nOra puoi andare al coro, dove ti attende un\u2019altra sorpresa. <\/p>\n    <\/div>\n  <\/div>\n<\/div>\n    <\/section>\n\n\n<div class=\"flex flex-col gap-3 element text-block\">\n  <div class=\"flex items-center gap-6\">\n              <h2 class=\"text-2xl font-bold\">8f Coro<\/h2>\n      <\/div>\n    <\/div>\n\n\n<div class=\"flex flex-col gap-6 element image-block\">\n  <div class=\"flex flex-col gap-3\">\n      <\/div>\n      <figure>\n      <img loading=\"lazy\" decoding=\"async\" width=\"1200\" height=\"1600\" src=\"https:\/\/guiesullsdelahistoria.cat\/app\/uploads\/2024\/11\/Assumpcio_de_Coll_escales_ultim_pis.jpeg\" class=\"w-full h-auto\" alt=\"Coro della chiesa di Santa Maria de Cardet con la piccola scala che conduce allo spazio superiore.\" srcset=\"https:\/\/guiesullsdelahistoria.cat\/app\/uploads\/2024\/11\/Assumpcio_de_Coll_escales_ultim_pis.jpeg 1200w, https:\/\/guiesullsdelahistoria.cat\/app\/uploads\/2024\/11\/Assumpcio_de_Coll_escales_ultim_pis-225x300.jpeg 225w, https:\/\/guiesullsdelahistoria.cat\/app\/uploads\/2024\/11\/Assumpcio_de_Coll_escales_ultim_pis-768x1024.jpeg 768w, https:\/\/guiesullsdelahistoria.cat\/app\/uploads\/2024\/11\/Assumpcio_de_Coll_escales_ultim_pis-1152x1536.jpeg 1152w\" sizes=\"auto, (max-width: 1200px) 100vw, 1200px\" \/>\n              <figcaption class=\"pt-2 text-gray-800\">Coro di Santa Maria de Cardet.<\/figcaption>\n          <\/figure>\n  <\/div>\n\n\n<section class=\"element audio-block\">\n  <div class=\"flex flex-col w-full gap-6\">\n    <div class=\"flex flex-col gap-3\">\n      <div class=\"flex gap-6\">\n                          <h2 class=\"text-2xl font-bold\">L\u2019accesso al livello nascosto<\/h2>\n              <\/div>\n          <\/div>\n    <div class=\"flex items-center justify-end gap-3\">\n              <div class=\"flex-1 audio-content\" dir=\"ltr\">\n          <audio id=\"audio-3e797dbdc2ad78d8c69e7f408adf1940\" data-label=\"L\u2019accesso al livello nascosto\"\n            data-category=\"SANTA-MARIA-DE-CARDET-IT-GENERAL-PLAY-5.mp3\" class=\"hidden\" controls\n            src=\"https:\/\/guiesullsdelahistoria.cat\/app\/uploads\/2024\/11\/SANTA-MARIA-DE-CARDET-IT-GENERAL-PLAY-5.mp3\"><\/audio>\n          <div class=\"flex items-center w-full gap-3 transition-opacity opacity-0 meta\">\n            <progress class=\"flex-1 border-0 appearance-none\" value=\"0\" max=\"1\"><\/progress>\n            <div class=\"text-sm text-center shrink-0 current-time w-9\"><\/div>\n                      <\/div>\n        <\/div>\n            <div class=\"flex flex-col items-center gap-2 shrink-1 audio-control\">\n        <button\n  class=\"flex items-center justify-center w-32 max-w-32 h-32 max-h-32 transition-[max-height,_max-width] bg-black rounded-full btn text-accent\"\n  data-target=\"#audio-3e797dbdc2ad78d8c69e7f408adf1940\">\n  <svg width=\"100%\" height=\"100%\" viewBox=\"0 0 36 36\" version=\"1.1\" xmlns=\"http:\/\/www.w3.org\/2000\/svg\" xmlns:xlink=\"http:\/\/www.w3.org\/1999\/xlink\">\n  <path id=\"ytp-12\" d=\"M11,10 L18,13.74 18,22.28 11,26 M18,13.74 L26,18 26,18 18,22.28\" fill=\"currentColor\">\n    <animate id=\"animation\" begin=\"indefinite\" attributeType=\"XML\" attributeName=\"d\" fill=\"freeze\" from=\"M11,10 L17,10 17,26 11,26 M20,10 L26,10 26,26 20,26\" to=\"M11,10 L18,13.74 18,22.28 11,26 M18,13.74 L26,18 26,18 18,22.28\" dur=\"0.1s\" keySplines=\".4 0 1 1\" repeatCount=\"1\" data-play=\"M11,10 L18,13.74 18,22.28 11,26 M18,13.74 L26,18 26,18 18,22.28\" data-pause=\"M11,10 L17,10 17,26 11,26 M20,10 L26,10 26,26 20,26\"><\/animate>\n  <\/path>\n<\/svg>\n<\/button>\n        <p class=\"text-base text-center\">Ascolta<\/p>\n      <\/div>\n    <\/div>\n\n    \n          <div class=\"flex flex-wrap justify-between gap-6 md:justify-start\">\n                  <button data-target=\"#transcription-3e797dbdc2ad78d8c69e7f408adf1940\" data-toggle=\"modal\" class=\"flex items-center gap-2\">\n            <svg class=\"w-6 h-6\" fill=\"none\" xmlns=\"http:\/\/www.w3.org\/2000\/svg\" viewBox=\"0 0 22 12\"><path d=\"M0 9.873v-6c0-.55.196-1.02.588-1.412A1.926 1.926 0 0 1 2 1.873h2c.55 0 1.02.196 1.412.588.392.391.588.862.588 1.412v6H4v-2H2v2H0Zm2-4h2v-2H2v2Zm6 4v-8h4c.55 0 1.02.196 1.412.588.392.391.588.862.588 1.412v4c0 .55-.196 1.021-.588 1.413A1.926 1.926 0 0 1 12 9.873H8Zm2-2h2v-4h-2v4Zm6.85.8-1.4-1.425c.183-.183.32-.391.413-.625.091-.233.137-.483.137-.75 0-.283-.046-.537-.137-.762a1.85 1.85 0 0 0-.413-.613l1.4-1.45c.367.367.65.792.85 1.275.2.484.3 1 .3 1.55s-.1 1.063-.3 1.538c-.2.475-.483.896-.85 1.262Zm2.825 2.825-1.45-1.375c.55-.55.983-1.187 1.3-1.912A5.775 5.775 0 0 0 20 5.873c0-.85-.158-1.633-.475-2.35a6.217 6.217 0 0 0-1.3-1.9l1.45-1.4a7.94 7.94 0 0 1 1.712 2.55c.409.967.613 2 .613 3.1s-.204 2.13-.613 3.088a7.977 7.977 0 0 1-1.712 2.537Z\" fill=\"#000\"\/><\/svg>            <span>Trascrizione<\/span>\n          <\/button>\n                      <\/div>\n      <\/div>\n\n      <div id=\"transcription-3e797dbdc2ad78d8c69e7f408adf1940\"\n  class=\"fixed inset-0 z-50 hidden w-screen h-screen opacity-0 pointer-events-none modal transcription\"\n  tabindex=\"-1\" role=\"dialog\">\n  <div class=\"absolute w-full h-full bg-black opacity-75 modal-overlay\"><\/div>\n  <div\n    class=\"absolute z-30 w-11\/12 mx-auto overflow-y-auto text-black bg-white shadow-lg modal-container center-xy md:max-w-4xl\"\n    role=\"document\">\n    <div class=\"flex items-center justify-between px-4 py-4 text-gray-700 border-b md:px-8\">\n      <h2 class=\"!mb-0 font-bold\">Trascrizione<\/h2>\n      <div class=\"z-50 flex flex-col items-center ml-auto cursor-pointer rtl:ml-0 rtl:mr-auto modal-close\">\n        <svg class=\"w-auto h-6\" width=\"18\" height=\"23\" xmlns=\"http:\/\/www.w3.org\/2000\/svg\">\n  <g stroke=\"currentColor\" fill=\"none\" fill-rule=\"evenodd\" stroke-linecap=\"square\">\n    <path d=\"M.7248.974l16.1076 20.6167M16.655 1.2654L.9097 22.1601\" \/>\n  <\/g>\n<\/svg>        <div class=\"hidden\">Close<\/div>\n      <\/div>\n    <\/div>\n    <div class=\"px-4 py-8 overflow-y-auto max-h-modal md:px-8 modal-content\">\n      <div class=\"mb-8 flex flex-col gap-1.5\">\n                      <h3 class=\"text-xl font-bold\">L\u2019accesso al livello nascosto<\/h3>\n                            <\/div>\n            <p>Finora hai visto tre diversi livelli della chiesa: quello inferiore della cripta; quello al piano terra, dove si svolgono le cerimonie; e quello in cui ti trovi ora, il coro. Ma se sali la piccola scala dietro di te e guardi fuori, puoi vedere che pi\u00f9 in alto c\u2019\u00e8 ancora un altro spazio. \u00c8 lo spazio rimasto dopo la costruzione della volta del XVIII secolo. <\/p>\n    <\/div>\n  <\/div>\n<\/div>\n    <\/section>\n\n\n<div class=\"flex flex-col gap-3 element text-block\">\n  <div class=\"flex items-center gap-6\">\n              <h2 class=\"text-2xl font-bold\">8g Ti aspettiamo!<\/h2>\n      <\/div>\n    <\/div>\n\n\n<section class=\"element audio-block\">\n  <div class=\"flex flex-col w-full gap-6\">\n    <div class=\"flex flex-col gap-3\">\n      <div class=\"flex gap-6\">\n                          <h2 class=\"text-2xl font-bold\">La visita continua<\/h2>\n              <\/div>\n          <\/div>\n    <div class=\"flex items-center justify-end gap-3\">\n              <div class=\"flex-1 audio-content\" dir=\"ltr\">\n          <audio id=\"audio-0f4d5c80e0f4d409d03c0ea552400cf9\" data-label=\"La visita continua\"\n            data-category=\"SANTA-MARIA-DE-CARDET-IT-GENERAL-PLAY-CLOENDA.mp3\" class=\"hidden\" controls\n            src=\"https:\/\/guiesullsdelahistoria.cat\/app\/uploads\/2024\/11\/SANTA-MARIA-DE-CARDET-IT-GENERAL-PLAY-CLOENDA.mp3\"><\/audio>\n          <div class=\"flex items-center w-full gap-3 transition-opacity opacity-0 meta\">\n            <progress class=\"flex-1 border-0 appearance-none\" value=\"0\" max=\"1\"><\/progress>\n            <div class=\"text-sm text-center shrink-0 current-time w-9\"><\/div>\n                      <\/div>\n        <\/div>\n            <div class=\"flex flex-col items-center gap-2 shrink-1 audio-control\">\n        <button\n  class=\"flex items-center justify-center w-32 max-w-32 h-32 max-h-32 transition-[max-height,_max-width] bg-black rounded-full btn text-accent\"\n  data-target=\"#audio-0f4d5c80e0f4d409d03c0ea552400cf9\">\n  <svg width=\"100%\" height=\"100%\" viewBox=\"0 0 36 36\" version=\"1.1\" xmlns=\"http:\/\/www.w3.org\/2000\/svg\" xmlns:xlink=\"http:\/\/www.w3.org\/1999\/xlink\">\n  <path id=\"ytp-12\" d=\"M11,10 L18,13.74 18,22.28 11,26 M18,13.74 L26,18 26,18 18,22.28\" fill=\"currentColor\">\n    <animate id=\"animation\" begin=\"indefinite\" attributeType=\"XML\" attributeName=\"d\" fill=\"freeze\" from=\"M11,10 L17,10 17,26 11,26 M20,10 L26,10 26,26 20,26\" to=\"M11,10 L18,13.74 18,22.28 11,26 M18,13.74 L26,18 26,18 18,22.28\" dur=\"0.1s\" keySplines=\".4 0 1 1\" repeatCount=\"1\" data-play=\"M11,10 L18,13.74 18,22.28 11,26 M18,13.74 L26,18 26,18 18,22.28\" data-pause=\"M11,10 L17,10 17,26 11,26 M20,10 L26,10 26,26 20,26\"><\/animate>\n  <\/path>\n<\/svg>\n<\/button>\n        <p class=\"text-base text-center\">Ascolta<\/p>\n      <\/div>\n    <\/div>\n\n    \n          <div class=\"flex flex-wrap justify-between gap-6 md:justify-start\">\n                  <button data-target=\"#transcription-0f4d5c80e0f4d409d03c0ea552400cf9\" data-toggle=\"modal\" class=\"flex items-center gap-2\">\n            <svg class=\"w-6 h-6\" fill=\"none\" xmlns=\"http:\/\/www.w3.org\/2000\/svg\" viewBox=\"0 0 22 12\"><path d=\"M0 9.873v-6c0-.55.196-1.02.588-1.412A1.926 1.926 0 0 1 2 1.873h2c.55 0 1.02.196 1.412.588.392.391.588.862.588 1.412v6H4v-2H2v2H0Zm2-4h2v-2H2v2Zm6 4v-8h4c.55 0 1.02.196 1.412.588.392.391.588.862.588 1.412v4c0 .55-.196 1.021-.588 1.413A1.926 1.926 0 0 1 12 9.873H8Zm2-2h2v-4h-2v4Zm6.85.8-1.4-1.425c.183-.183.32-.391.413-.625.091-.233.137-.483.137-.75 0-.283-.046-.537-.137-.762a1.85 1.85 0 0 0-.413-.613l1.4-1.45c.367.367.65.792.85 1.275.2.484.3 1 .3 1.55s-.1 1.063-.3 1.538c-.2.475-.483.896-.85 1.262Zm2.825 2.825-1.45-1.375c.55-.55.983-1.187 1.3-1.912A5.775 5.775 0 0 0 20 5.873c0-.85-.158-1.633-.475-2.35a6.217 6.217 0 0 0-1.3-1.9l1.45-1.4a7.94 7.94 0 0 1 1.712 2.55c.409.967.613 2 .613 3.1s-.204 2.13-.613 3.088a7.977 7.977 0 0 1-1.712 2.537Z\" fill=\"#000\"\/><\/svg>            <span>Trascrizione<\/span>\n          <\/button>\n                      <\/div>\n      <\/div>\n\n      <div id=\"transcription-0f4d5c80e0f4d409d03c0ea552400cf9\"\n  class=\"fixed inset-0 z-50 hidden w-screen h-screen opacity-0 pointer-events-none modal transcription\"\n  tabindex=\"-1\" role=\"dialog\">\n  <div class=\"absolute w-full h-full bg-black opacity-75 modal-overlay\"><\/div>\n  <div\n    class=\"absolute z-30 w-11\/12 mx-auto overflow-y-auto text-black bg-white shadow-lg modal-container center-xy md:max-w-4xl\"\n    role=\"document\">\n    <div class=\"flex items-center justify-between px-4 py-4 text-gray-700 border-b md:px-8\">\n      <h2 class=\"!mb-0 font-bold\">Trascrizione<\/h2>\n      <div class=\"z-50 flex flex-col items-center ml-auto cursor-pointer rtl:ml-0 rtl:mr-auto modal-close\">\n        <svg class=\"w-auto h-6\" width=\"18\" height=\"23\" xmlns=\"http:\/\/www.w3.org\/2000\/svg\">\n  <g stroke=\"currentColor\" fill=\"none\" fill-rule=\"evenodd\" stroke-linecap=\"square\">\n    <path d=\"M.7248.974l16.1076 20.6167M16.655 1.2654L.9097 22.1601\" \/>\n  <\/g>\n<\/svg>        <div class=\"hidden\">Close<\/div>\n      <\/div>\n    <\/div>\n    <div class=\"px-4 py-8 overflow-y-auto max-h-modal md:px-8 modal-content\">\n      <div class=\"mb-8 flex flex-col gap-1.5\">\n                      <h3 class=\"text-xl font-bold\">La visita continua<\/h3>\n                            <\/div>\n            <p>Qui termina la visita alla chiesa. Ora ti invitiamo a scoprire le altre, che compongono il complesso romanico della Vall de Bo\u00ed. Ti aspettiamo!<\/p>\n    <\/div>\n  <\/div>\n<\/div>\n    <\/section>\n\n\n<div class=\"flex flex-col gap-3 element text-block\">\n  <div class=\"flex items-center gap-6\">\n              <h2 class=\"text-2xl font-bold\">Chiusura<\/h2>\n      <\/div>\n        <div class=\"prose prose-lg\"><p>\u201c<em>Els Ulls de la Hist\u00f2ria<\/em>. Uno sguardo immersivo sul patrimonio\u201d \u00e8 un\u2019iniziativa dell\u2019Ag\u00e8ncia Catalana del Patrimoni Cultural, un progetto che incorpora altre voci e altri punti di vista sul nostro passato. Perch\u00e9 la storia la costruiamo tutti e tutte.<\/p>\n<\/div>\n  <\/div>\n\n<\/div>\n      <\/div>\n    <\/div>\n  <\/section>\n\n\n<section class=\"overflow-hidden section\" id=\"section-69f5c6818f51a\" data-title=\"9. Santa Maria de Ta\u00fcll\">\n    <div class=\"container grid grid-cols-1 py-8 md:py-10 max-md:gap-y-8 md:grid-standard\">\n              <div class=\"flex gap-4 md:col-span-5\">\n                                <h2 class=\"text-8 font-headings\">9. Santa Maria de Ta\u00fcll<\/h2>\n                  <\/div>\n            <div class=\"flex flex-col gap-8 md:col-span-6 md:col-start-7 md:gap-10\">\n        <div class=\"acf-innerblocks-container\">\n<div class=\"flex flex-col gap-3 element text-block\">\n  <div class=\"flex items-center gap-6\">\n              <h2 class=\"text-2xl font-bold\">9a Introduzione<\/h2>\n      <\/div>\n    <\/div>\n\n\n<div class=\"flex flex-col gap-6 element image-block\">\n  <div class=\"flex flex-col gap-3\">\n      <\/div>\n      <figure>\n      <img loading=\"lazy\" decoding=\"async\" width=\"1600\" height=\"1073\" src=\"https:\/\/guiesullsdelahistoria.cat\/app\/uploads\/2024\/11\/Santa_Maria_de_Taull_aeria_DJI_0357.jpg\" class=\"w-full h-auto\" alt=\"Vista aerea della chiesa di Santa Maria di Ta\u00fcll circondata da varie case del paese e con le montagne sullo sfondo.\" srcset=\"https:\/\/guiesullsdelahistoria.cat\/app\/uploads\/2024\/11\/Santa_Maria_de_Taull_aeria_DJI_0357.jpg 1600w, https:\/\/guiesullsdelahistoria.cat\/app\/uploads\/2024\/11\/Santa_Maria_de_Taull_aeria_DJI_0357-300x201.jpg 300w, https:\/\/guiesullsdelahistoria.cat\/app\/uploads\/2024\/11\/Santa_Maria_de_Taull_aeria_DJI_0357-1024x687.jpg 1024w, https:\/\/guiesullsdelahistoria.cat\/app\/uploads\/2024\/11\/Santa_Maria_de_Taull_aeria_DJI_0357-768x515.jpg 768w, https:\/\/guiesullsdelahistoria.cat\/app\/uploads\/2024\/11\/Santa_Maria_de_Taull_aeria_DJI_0357-1536x1030.jpg 1536w\" sizes=\"auto, (max-width: 1600px) 100vw, 1600px\" \/>\n              <figcaption class=\"pt-2 text-gray-800\">Vista aerea di Santa Maria di Ta\u00fcll in mezzo al paese. <\/figcaption>\n          <\/figure>\n  <\/div>\n\n\n<section class=\"element audio-block\">\n  <div class=\"flex flex-col w-full gap-6\">\n    <div class=\"flex flex-col gap-3\">\n      <div class=\"flex gap-6\">\n                          <h2 class=\"text-2xl font-bold\"> La Vall de Bo\u00ed e le sue chiese<\/h2>\n              <\/div>\n          <\/div>\n    <div class=\"flex items-center justify-end gap-3\">\n              <div class=\"flex-1 audio-content\" dir=\"ltr\">\n          <audio id=\"audio-420ba632d9c78881b4e85b27ccf16571\" data-label=\" La Vall de Bo\u00ed e le sue chiese\"\n            data-category=\"SANTA-MARIA-DE-TAULL-IT-GENERAL-PLAY-0.mp3\" class=\"hidden\" controls\n            src=\"https:\/\/guiesullsdelahistoria.cat\/app\/uploads\/2024\/11\/SANTA-MARIA-DE-TAULL-IT-GENERAL-PLAY-0.mp3\"><\/audio>\n          <div class=\"flex items-center w-full gap-3 transition-opacity opacity-0 meta\">\n            <progress class=\"flex-1 border-0 appearance-none\" value=\"0\" max=\"1\"><\/progress>\n            <div class=\"text-sm text-center shrink-0 current-time w-9\"><\/div>\n                      <\/div>\n        <\/div>\n            <div class=\"flex flex-col items-center gap-2 shrink-1 audio-control\">\n        <button\n  class=\"flex items-center justify-center w-32 max-w-32 h-32 max-h-32 transition-[max-height,_max-width] bg-black rounded-full btn text-accent\"\n  data-target=\"#audio-420ba632d9c78881b4e85b27ccf16571\">\n  <svg width=\"100%\" height=\"100%\" viewBox=\"0 0 36 36\" version=\"1.1\" xmlns=\"http:\/\/www.w3.org\/2000\/svg\" xmlns:xlink=\"http:\/\/www.w3.org\/1999\/xlink\">\n  <path id=\"ytp-12\" d=\"M11,10 L18,13.74 18,22.28 11,26 M18,13.74 L26,18 26,18 18,22.28\" fill=\"currentColor\">\n    <animate id=\"animation\" begin=\"indefinite\" attributeType=\"XML\" attributeName=\"d\" fill=\"freeze\" from=\"M11,10 L17,10 17,26 11,26 M20,10 L26,10 26,26 20,26\" to=\"M11,10 L18,13.74 18,22.28 11,26 M18,13.74 L26,18 26,18 18,22.28\" dur=\"0.1s\" keySplines=\".4 0 1 1\" repeatCount=\"1\" data-play=\"M11,10 L18,13.74 18,22.28 11,26 M18,13.74 L26,18 26,18 18,22.28\" data-pause=\"M11,10 L17,10 17,26 11,26 M20,10 L26,10 26,26 20,26\"><\/animate>\n  <\/path>\n<\/svg>\n<\/button>\n        <p class=\"text-base text-center\">Ascolta<\/p>\n      <\/div>\n    <\/div>\n\n    \n          <div class=\"flex flex-wrap justify-between gap-6 md:justify-start\">\n                  <button data-target=\"#transcription-420ba632d9c78881b4e85b27ccf16571\" data-toggle=\"modal\" class=\"flex items-center gap-2\">\n            <svg class=\"w-6 h-6\" fill=\"none\" xmlns=\"http:\/\/www.w3.org\/2000\/svg\" viewBox=\"0 0 22 12\"><path d=\"M0 9.873v-6c0-.55.196-1.02.588-1.412A1.926 1.926 0 0 1 2 1.873h2c.55 0 1.02.196 1.412.588.392.391.588.862.588 1.412v6H4v-2H2v2H0Zm2-4h2v-2H2v2Zm6 4v-8h4c.55 0 1.02.196 1.412.588.392.391.588.862.588 1.412v4c0 .55-.196 1.021-.588 1.413A1.926 1.926 0 0 1 12 9.873H8Zm2-2h2v-4h-2v4Zm6.85.8-1.4-1.425c.183-.183.32-.391.413-.625.091-.233.137-.483.137-.75 0-.283-.046-.537-.137-.762a1.85 1.85 0 0 0-.413-.613l1.4-1.45c.367.367.65.792.85 1.275.2.484.3 1 .3 1.55s-.1 1.063-.3 1.538c-.2.475-.483.896-.85 1.262Zm2.825 2.825-1.45-1.375c.55-.55.983-1.187 1.3-1.912A5.775 5.775 0 0 0 20 5.873c0-.85-.158-1.633-.475-2.35a6.217 6.217 0 0 0-1.3-1.9l1.45-1.4a7.94 7.94 0 0 1 1.712 2.55c.409.967.613 2 .613 3.1s-.204 2.13-.613 3.088a7.977 7.977 0 0 1-1.712 2.537Z\" fill=\"#000\"\/><\/svg>            <span>Trascrizione<\/span>\n          <\/button>\n                      <\/div>\n      <\/div>\n\n      <div id=\"transcription-420ba632d9c78881b4e85b27ccf16571\"\n  class=\"fixed inset-0 z-50 hidden w-screen h-screen opacity-0 pointer-events-none modal transcription\"\n  tabindex=\"-1\" role=\"dialog\">\n  <div class=\"absolute w-full h-full bg-black opacity-75 modal-overlay\"><\/div>\n  <div\n    class=\"absolute z-30 w-11\/12 mx-auto overflow-y-auto text-black bg-white shadow-lg modal-container center-xy md:max-w-4xl\"\n    role=\"document\">\n    <div class=\"flex items-center justify-between px-4 py-4 text-gray-700 border-b md:px-8\">\n      <h2 class=\"!mb-0 font-bold\">Trascrizione<\/h2>\n      <div class=\"z-50 flex flex-col items-center ml-auto cursor-pointer rtl:ml-0 rtl:mr-auto modal-close\">\n        <svg class=\"w-auto h-6\" width=\"18\" height=\"23\" xmlns=\"http:\/\/www.w3.org\/2000\/svg\">\n  <g stroke=\"currentColor\" fill=\"none\" fill-rule=\"evenodd\" stroke-linecap=\"square\">\n    <path d=\"M.7248.974l16.1076 20.6167M16.655 1.2654L.9097 22.1601\" \/>\n  <\/g>\n<\/svg>        <div class=\"hidden\">Close<\/div>\n      <\/div>\n    <\/div>\n    <div class=\"px-4 py-8 overflow-y-auto max-h-modal md:px-8 modal-content\">\n      <div class=\"mb-8 flex flex-col gap-1.5\">\n                      <h3 class=\"text-xl font-bold\"> La Vall de Bo\u00ed e le sue chiese<\/h3>\n                            <\/div>\n            <p>Ti diamo il benvenuto nella Vall de Bo\u00ed e ti invitiamo a scoprire il suo straordinario complesso di chiese, considerato una delle massime espressioni dell\u2019arte romanica catalana e iscritto nel 2000 nell\u2019Elenco del Patrimonio Mondiale dell&#8217;UNESCO.<br \/>\nIl complesso romanico della Vall de Bo\u00ed \u00e8 composto da nove chiese: Sant Climent e Santa Maria di Ta\u00fcll, Sant Joan di Bo\u00ed, Santa Eul\u00e0lia di Erill la Vall, Sant Feliu di Barruera, la Nativitat e Sant Quirc di Durro, Santa Maria di Cardet e l&#8217;Assumpci\u00f3 di C\u00f3ll.<br \/>\nMa cosa accomuna queste chiese? Perch\u00e9 sono cos\u00ec uniche? Qual \u00e8 la loro storia?<br \/>\nFurono tutte costruite tra l\u2019XI e il XII secolo, in un periodo di potere e prosperit\u00e0 economica per la nobilt\u00e0 locale, e condividono lo stesso stile architettonico, il romanico, diffuso in tutta Europa.<br \/>\nOggigiorno, la gran parte di dipinti, sculture e mobili \u00e8 conservata in diversi musei catalani, in particolare nel Museu Nacional d\u2019Art de Catalunya. Tuttavia, alcune chiese conservano importanti frammenti di dipinti murali e sculture originali, oltre a riproduzioni delle opere custodite nei musei.<br \/>\nGrazie a questa guida scoprirai il valore eccezionale di questo complesso romanico e potrai conoscere ognuna delle nove chiese, con i loro segreti e le loro curiosit\u00e0.<br \/>\nUn ultimo avvertimento! Queste montagne sono misteriose, e le parole delle persone che le hanno abitate sono spesso intrappolate nelle valli e risuonano nel tempo come un\u2019eco impercettibile. Questa guida \u00e8 dotata di un sensore che si attiva ogni volta che ne rileva una. Non spaventarti e continua ad ascoltare.<\/p>\n    <\/div>\n  <\/div>\n<\/div>\n    <\/section>\n\n\n<div class=\"flex flex-col gap-3 element text-block\">\n  <div class=\"flex items-center gap-6\">\n              <h2 class=\"text-2xl font-bold\">9b Facciata principale<\/h2>\n      <\/div>\n    <\/div>\n\n\n<div class=\"flex flex-col gap-6 element image-block\">\n  <div class=\"flex flex-col gap-3\">\n      <\/div>\n      <figure>\n      <img loading=\"lazy\" decoding=\"async\" width=\"850\" height=\"565\" src=\"https:\/\/guiesullsdelahistoria.cat\/app\/uploads\/2024\/11\/Santa_Maria_de_Taull_facana_2.jpg\" class=\"w-full h-auto\" alt=\"Facciata principale della chiesa di Santa Maria de Ta\u00fcll con una casa del paese in primo piano a sinistra.\" srcset=\"https:\/\/guiesullsdelahistoria.cat\/app\/uploads\/2024\/11\/Santa_Maria_de_Taull_facana_2.jpg 850w, https:\/\/guiesullsdelahistoria.cat\/app\/uploads\/2024\/11\/Santa_Maria_de_Taull_facana_2-300x199.jpg 300w, https:\/\/guiesullsdelahistoria.cat\/app\/uploads\/2024\/11\/Santa_Maria_de_Taull_facana_2-768x510.jpg 768w\" sizes=\"auto, (max-width: 850px) 100vw, 850px\" \/>\n              <figcaption class=\"pt-2 text-gray-800\">Faccciata principale di Santa Maria de Ta\u00fcll. \n<\/figcaption>\n          <\/figure>\n  <\/div>\n\n\n<section class=\"element audio-block\">\n  <div class=\"flex flex-col w-full gap-6\">\n    <div class=\"flex flex-col gap-3\">\n      <div class=\"flex gap-6\">\n                          <h2 class=\"text-2xl font-bold\">La storia edilizia e la torre del campanile<\/h2>\n              <\/div>\n          <\/div>\n    <div class=\"flex items-center justify-end gap-3\">\n              <div class=\"flex-1 audio-content\" dir=\"ltr\">\n          <audio id=\"audio-10c938091642f2ae3b0dd0c64e81cbd4\" data-label=\"La storia edilizia e la torre del campanile\"\n            data-category=\"SANTA-MARIA-DE-TAULL-IT-GENERAL-PLAY-1.mp3\" class=\"hidden\" controls\n            src=\"https:\/\/guiesullsdelahistoria.cat\/app\/uploads\/2024\/11\/SANTA-MARIA-DE-TAULL-IT-GENERAL-PLAY-1.mp3\"><\/audio>\n          <div class=\"flex items-center w-full gap-3 transition-opacity opacity-0 meta\">\n            <progress class=\"flex-1 border-0 appearance-none\" value=\"0\" max=\"1\"><\/progress>\n            <div class=\"text-sm text-center shrink-0 current-time w-9\"><\/div>\n                      <\/div>\n        <\/div>\n            <div class=\"flex flex-col items-center gap-2 shrink-1 audio-control\">\n        <button\n  class=\"flex items-center justify-center w-32 max-w-32 h-32 max-h-32 transition-[max-height,_max-width] bg-black rounded-full btn text-accent\"\n  data-target=\"#audio-10c938091642f2ae3b0dd0c64e81cbd4\">\n  <svg width=\"100%\" height=\"100%\" viewBox=\"0 0 36 36\" version=\"1.1\" xmlns=\"http:\/\/www.w3.org\/2000\/svg\" xmlns:xlink=\"http:\/\/www.w3.org\/1999\/xlink\">\n  <path id=\"ytp-12\" d=\"M11,10 L18,13.74 18,22.28 11,26 M18,13.74 L26,18 26,18 18,22.28\" fill=\"currentColor\">\n    <animate id=\"animation\" begin=\"indefinite\" attributeType=\"XML\" attributeName=\"d\" fill=\"freeze\" from=\"M11,10 L17,10 17,26 11,26 M20,10 L26,10 26,26 20,26\" to=\"M11,10 L18,13.74 18,22.28 11,26 M18,13.74 L26,18 26,18 18,22.28\" dur=\"0.1s\" keySplines=\".4 0 1 1\" repeatCount=\"1\" data-play=\"M11,10 L18,13.74 18,22.28 11,26 M18,13.74 L26,18 26,18 18,22.28\" data-pause=\"M11,10 L17,10 17,26 11,26 M20,10 L26,10 26,26 20,26\"><\/animate>\n  <\/path>\n<\/svg>\n<\/button>\n        <p class=\"text-base text-center\">Ascolta<\/p>\n      <\/div>\n    <\/div>\n\n    \n          <div class=\"flex flex-wrap justify-between gap-6 md:justify-start\">\n                  <button data-target=\"#transcription-10c938091642f2ae3b0dd0c64e81cbd4\" data-toggle=\"modal\" class=\"flex items-center gap-2\">\n            <svg class=\"w-6 h-6\" fill=\"none\" xmlns=\"http:\/\/www.w3.org\/2000\/svg\" viewBox=\"0 0 22 12\"><path d=\"M0 9.873v-6c0-.55.196-1.02.588-1.412A1.926 1.926 0 0 1 2 1.873h2c.55 0 1.02.196 1.412.588.392.391.588.862.588 1.412v6H4v-2H2v2H0Zm2-4h2v-2H2v2Zm6 4v-8h4c.55 0 1.02.196 1.412.588.392.391.588.862.588 1.412v4c0 .55-.196 1.021-.588 1.413A1.926 1.926 0 0 1 12 9.873H8Zm2-2h2v-4h-2v4Zm6.85.8-1.4-1.425c.183-.183.32-.391.413-.625.091-.233.137-.483.137-.75 0-.283-.046-.537-.137-.762a1.85 1.85 0 0 0-.413-.613l1.4-1.45c.367.367.65.792.85 1.275.2.484.3 1 .3 1.55s-.1 1.063-.3 1.538c-.2.475-.483.896-.85 1.262Zm2.825 2.825-1.45-1.375c.55-.55.983-1.187 1.3-1.912A5.775 5.775 0 0 0 20 5.873c0-.85-.158-1.633-.475-2.35a6.217 6.217 0 0 0-1.3-1.9l1.45-1.4a7.94 7.94 0 0 1 1.712 2.55c.409.967.613 2 .613 3.1s-.204 2.13-.613 3.088a7.977 7.977 0 0 1-1.712 2.537Z\" fill=\"#000\"\/><\/svg>            <span>Trascrizione<\/span>\n          <\/button>\n                      <\/div>\n      <\/div>\n\n      <div id=\"transcription-10c938091642f2ae3b0dd0c64e81cbd4\"\n  class=\"fixed inset-0 z-50 hidden w-screen h-screen opacity-0 pointer-events-none modal transcription\"\n  tabindex=\"-1\" role=\"dialog\">\n  <div class=\"absolute w-full h-full bg-black opacity-75 modal-overlay\"><\/div>\n  <div\n    class=\"absolute z-30 w-11\/12 mx-auto overflow-y-auto text-black bg-white shadow-lg modal-container center-xy md:max-w-4xl\"\n    role=\"document\">\n    <div class=\"flex items-center justify-between px-4 py-4 text-gray-700 border-b md:px-8\">\n      <h2 class=\"!mb-0 font-bold\">Trascrizione<\/h2>\n      <div class=\"z-50 flex flex-col items-center ml-auto cursor-pointer rtl:ml-0 rtl:mr-auto modal-close\">\n        <svg class=\"w-auto h-6\" width=\"18\" height=\"23\" xmlns=\"http:\/\/www.w3.org\/2000\/svg\">\n  <g stroke=\"currentColor\" fill=\"none\" fill-rule=\"evenodd\" stroke-linecap=\"square\">\n    <path d=\"M.7248.974l16.1076 20.6167M16.655 1.2654L.9097 22.1601\" \/>\n  <\/g>\n<\/svg>        <div class=\"hidden\">Close<\/div>\n      <\/div>\n    <\/div>\n    <div class=\"px-4 py-8 overflow-y-auto max-h-modal md:px-8 modal-content\">\n      <div class=\"mb-8 flex flex-col gap-1.5\">\n                      <h3 class=\"text-xl font-bold\">La storia edilizia e la torre del campanile<\/h3>\n                            <\/div>\n            <p>La chiesa di Santa Maria fu consacrata l\u201911 dicembre 1123, il giorno successivo a quella di Sant Climent di Ta\u00fcll. Il fatto che entrambi i progetti abbiano coinciso nel tempo dimostra la notevole quantit\u00e0 di risorse che i signori di Erill assegnarono a La Vall de Bo\u00ed all\u2019inizio del XII secolo. <\/p>\n<p>Questa chiesa \u00e8 l\u2019unica della valle situata al centro del paese, cosa che la differenzia dalle altre. <\/p>\n<p>Nel corso del tempo Santa Maria \u00e8 stata ampiamente modificata, e l\u2019attuale restauro, iniziato nel 1950, ha ricreato la configurazione romanica a tre navate. Se vuoi sapere com\u2019era l\u2019antica pianta, sul pavimento della piazza c\u2019\u00e8 un perimetro in pietra che la delimita.<\/p>\n<p>Il campanile \u00e8 la parte pi\u00f9 antica del complesso. Se guardi attentamente, vedrai che \u00e8 un po\u2019 storto. Quando si ha una certa et\u00e0&#8230;<\/p>\n<p>Ora spostati a sinistra, cercando l\u2019angolo, per vedere un altro importante dettaglio del campanile. Ai piani superiori vi sono ancora resti della decorazione originaria. Si tratta di bordi con motivi geometrici rossi, abbinati al bianco dell\u2019intonaco. <\/p>\n<p>Quando hai terminato di osservare il campanile, vai a dare un\u2019occhiata alle absidi sul retro della chiesa.<\/p>\n    <\/div>\n  <\/div>\n<\/div>\n    <\/section>\n\n\n<div class=\"flex flex-col gap-3 element text-block\">\n  <div class=\"flex items-center gap-6\">\n              <h2 class=\"text-2xl font-bold\">9c Abside<\/h2>\n      <\/div>\n    <\/div>\n\n\n<div class=\"flex flex-col gap-6 element image-block\">\n  <div class=\"flex flex-col gap-3\">\n      <\/div>\n      <figure>\n      <img loading=\"lazy\" decoding=\"async\" width=\"1441\" height=\"959\" src=\"https:\/\/guiesullsdelahistoria.cat\/app\/uploads\/2024\/11\/Santa_Maria_Taull_absis_2_DSC9299.jpg\" class=\"w-full h-auto\" alt=\"Esterno dell\u2019abside principale della chiesa di Santa Maria di Ta\u00fcll con il dettaglio decorativo dei cerchi rifusi.\" srcset=\"https:\/\/guiesullsdelahistoria.cat\/app\/uploads\/2024\/11\/Santa_Maria_Taull_absis_2_DSC9299.jpg 1441w, https:\/\/guiesullsdelahistoria.cat\/app\/uploads\/2024\/11\/Santa_Maria_Taull_absis_2_DSC9299-300x200.jpg 300w, https:\/\/guiesullsdelahistoria.cat\/app\/uploads\/2024\/11\/Santa_Maria_Taull_absis_2_DSC9299-1024x681.jpg 1024w, https:\/\/guiesullsdelahistoria.cat\/app\/uploads\/2024\/11\/Santa_Maria_Taull_absis_2_DSC9299-768x511.jpg 768w\" sizes=\"auto, (max-width: 1441px) 100vw, 1441px\" \/>\n              <figcaption class=\"pt-2 text-gray-800\">Abside di Santa Maria de Ta\u00fcll.<\/figcaption>\n          <\/figure>\n  <\/div>\n\n\n<section class=\"element audio-block\">\n  <div class=\"flex flex-col w-full gap-6\">\n    <div class=\"flex flex-col gap-3\">\n      <div class=\"flex gap-6\">\n                          <h2 class=\"text-2xl font-bold\">Una decorazione unica<\/h2>\n              <\/div>\n          <\/div>\n    <div class=\"flex items-center justify-end gap-3\">\n              <div class=\"flex-1 audio-content\" dir=\"ltr\">\n          <audio id=\"audio-6fdaca7dae9e2365c1701d784deb5630\" data-label=\"Una decorazione unica\"\n            data-category=\"SANTA-MARIA-DE-TAULL-IT-GENERAL-PLAY-2.mp3\" class=\"hidden\" controls\n            src=\"https:\/\/guiesullsdelahistoria.cat\/app\/uploads\/2024\/11\/SANTA-MARIA-DE-TAULL-IT-GENERAL-PLAY-2.mp3\"><\/audio>\n          <div class=\"flex items-center w-full gap-3 transition-opacity opacity-0 meta\">\n            <progress class=\"flex-1 border-0 appearance-none\" value=\"0\" max=\"1\"><\/progress>\n            <div class=\"text-sm text-center shrink-0 current-time w-9\"><\/div>\n                      <\/div>\n        <\/div>\n            <div class=\"flex flex-col items-center gap-2 shrink-1 audio-control\">\n        <button\n  class=\"flex items-center justify-center w-32 max-w-32 h-32 max-h-32 transition-[max-height,_max-width] bg-black rounded-full btn text-accent\"\n  data-target=\"#audio-6fdaca7dae9e2365c1701d784deb5630\">\n  <svg width=\"100%\" height=\"100%\" viewBox=\"0 0 36 36\" version=\"1.1\" xmlns=\"http:\/\/www.w3.org\/2000\/svg\" xmlns:xlink=\"http:\/\/www.w3.org\/1999\/xlink\">\n  <path id=\"ytp-12\" d=\"M11,10 L18,13.74 18,22.28 11,26 M18,13.74 L26,18 26,18 18,22.28\" fill=\"currentColor\">\n    <animate id=\"animation\" begin=\"indefinite\" attributeType=\"XML\" attributeName=\"d\" fill=\"freeze\" from=\"M11,10 L17,10 17,26 11,26 M20,10 L26,10 26,26 20,26\" to=\"M11,10 L18,13.74 18,22.28 11,26 M18,13.74 L26,18 26,18 18,22.28\" dur=\"0.1s\" keySplines=\".4 0 1 1\" repeatCount=\"1\" data-play=\"M11,10 L18,13.74 18,22.28 11,26 M18,13.74 L26,18 26,18 18,22.28\" data-pause=\"M11,10 L17,10 17,26 11,26 M20,10 L26,10 26,26 20,26\"><\/animate>\n  <\/path>\n<\/svg>\n<\/button>\n        <p class=\"text-base text-center\">Ascolta<\/p>\n      <\/div>\n    <\/div>\n\n    \n          <div class=\"flex flex-wrap justify-between gap-6 md:justify-start\">\n                  <button data-target=\"#transcription-6fdaca7dae9e2365c1701d784deb5630\" data-toggle=\"modal\" class=\"flex items-center gap-2\">\n            <svg class=\"w-6 h-6\" fill=\"none\" xmlns=\"http:\/\/www.w3.org\/2000\/svg\" viewBox=\"0 0 22 12\"><path d=\"M0 9.873v-6c0-.55.196-1.02.588-1.412A1.926 1.926 0 0 1 2 1.873h2c.55 0 1.02.196 1.412.588.392.391.588.862.588 1.412v6H4v-2H2v2H0Zm2-4h2v-2H2v2Zm6 4v-8h4c.55 0 1.02.196 1.412.588.392.391.588.862.588 1.412v4c0 .55-.196 1.021-.588 1.413A1.926 1.926 0 0 1 12 9.873H8Zm2-2h2v-4h-2v4Zm6.85.8-1.4-1.425c.183-.183.32-.391.413-.625.091-.233.137-.483.137-.75 0-.283-.046-.537-.137-.762a1.85 1.85 0 0 0-.413-.613l1.4-1.45c.367.367.65.792.85 1.275.2.484.3 1 .3 1.55s-.1 1.063-.3 1.538c-.2.475-.483.896-.85 1.262Zm2.825 2.825-1.45-1.375c.55-.55.983-1.187 1.3-1.912A5.775 5.775 0 0 0 20 5.873c0-.85-.158-1.633-.475-2.35a6.217 6.217 0 0 0-1.3-1.9l1.45-1.4a7.94 7.94 0 0 1 1.712 2.55c.409.967.613 2 .613 3.1s-.204 2.13-.613 3.088a7.977 7.977 0 0 1-1.712 2.537Z\" fill=\"#000\"\/><\/svg>            <span>Trascrizione<\/span>\n          <\/button>\n                      <\/div>\n      <\/div>\n\n      <div id=\"transcription-6fdaca7dae9e2365c1701d784deb5630\"\n  class=\"fixed inset-0 z-50 hidden w-screen h-screen opacity-0 pointer-events-none modal transcription\"\n  tabindex=\"-1\" role=\"dialog\">\n  <div class=\"absolute w-full h-full bg-black opacity-75 modal-overlay\"><\/div>\n  <div\n    class=\"absolute z-30 w-11\/12 mx-auto overflow-y-auto text-black bg-white shadow-lg modal-container center-xy md:max-w-4xl\"\n    role=\"document\">\n    <div class=\"flex items-center justify-between px-4 py-4 text-gray-700 border-b md:px-8\">\n      <h2 class=\"!mb-0 font-bold\">Trascrizione<\/h2>\n      <div class=\"z-50 flex flex-col items-center ml-auto cursor-pointer rtl:ml-0 rtl:mr-auto modal-close\">\n        <svg class=\"w-auto h-6\" width=\"18\" height=\"23\" xmlns=\"http:\/\/www.w3.org\/2000\/svg\">\n  <g stroke=\"currentColor\" fill=\"none\" fill-rule=\"evenodd\" stroke-linecap=\"square\">\n    <path d=\"M.7248.974l16.1076 20.6167M16.655 1.2654L.9097 22.1601\" \/>\n  <\/g>\n<\/svg>        <div class=\"hidden\">Close<\/div>\n      <\/div>\n    <\/div>\n    <div class=\"px-4 py-8 overflow-y-auto max-h-modal md:px-8 modal-content\">\n      <div class=\"mb-8 flex flex-col gap-1.5\">\n                      <h3 class=\"text-xl font-bold\">Una decorazione unica<\/h3>\n                            <\/div>\n            <p>L\u2019abside principale della chiesa di Santa Maria, il pi\u00f9 grande, presenta un elemento decorativo unico in tutta La Vall: i cerchi concentrici che si trovano sotto l\u2019insieme delle arcate cieche, e che sono conosciuti come cerchi rifusi. <\/p>\n<p>Un\u2019altra cosa da sapere \u00e8 che l\u2019abside di sinistra \u00e8 completamente ricostruita.<br \/>\nAdesso puoi entrare nella chiesa per proseguire la visita.<\/p>\n    <\/div>\n  <\/div>\n<\/div>\n    <\/section>\n\n\n<div class=\"flex flex-col gap-3 element text-block\">\n  <div class=\"flex items-center gap-6\">\n              <h2 class=\"text-2xl font-bold\">9d Base della navata centrale<\/h2>\n      <\/div>\n    <\/div>\n\n\n<div class=\"flex flex-col gap-6 element image-block\">\n  <div class=\"flex flex-col gap-3\">\n      <\/div>\n      <figure>\n      <img loading=\"lazy\" decoding=\"async\" width=\"1372\" height=\"966\" src=\"https:\/\/guiesullsdelahistoria.cat\/app\/uploads\/2024\/11\/Santa-Maria-interior-general.jpg\" class=\"w-full h-auto\" alt=\"Vista generale interna delle tre navate della chiesa di Santa Maria de Ta\u00fcll con i dipinti dell\u2019abside principale sullo sfondo e quelli della parete sud sulla destra.\" srcset=\"https:\/\/guiesullsdelahistoria.cat\/app\/uploads\/2024\/11\/Santa-Maria-interior-general.jpg 1372w, https:\/\/guiesullsdelahistoria.cat\/app\/uploads\/2024\/11\/Santa-Maria-interior-general-300x211.jpg 300w, https:\/\/guiesullsdelahistoria.cat\/app\/uploads\/2024\/11\/Santa-Maria-interior-general-1024x721.jpg 1024w, https:\/\/guiesullsdelahistoria.cat\/app\/uploads\/2024\/11\/Santa-Maria-interior-general-768x541.jpg 768w\" sizes=\"auto, (max-width: 1372px) 100vw, 1372px\" \/>\n              <figcaption class=\"pt-2 text-gray-800\">Interno di Santa Maria de Ta\u00fcll.<\/figcaption>\n          <\/figure>\n  <\/div>\n\n\n<section class=\"element audio-block\">\n  <div class=\"flex flex-col w-full gap-6\">\n    <div class=\"flex flex-col gap-3\">\n      <div class=\"flex gap-6\">\n                          <h2 class=\"text-2xl font-bold\">Un interno ampiamente ristrutturato<\/h2>\n              <\/div>\n          <\/div>\n    <div class=\"flex items-center justify-end gap-3\">\n              <div class=\"flex-1 audio-content\" dir=\"ltr\">\n          <audio id=\"audio-668f791b30ae9e70181b84dd62047043\" data-label=\"Un interno ampiamente ristrutturato\"\n            data-category=\"SANTA-MARIA-DE-TAULL-IT-GENERAL-PLAY-3.mp3\" class=\"hidden\" controls\n            src=\"https:\/\/guiesullsdelahistoria.cat\/app\/uploads\/2024\/11\/SANTA-MARIA-DE-TAULL-IT-GENERAL-PLAY-3.mp3\"><\/audio>\n          <div class=\"flex items-center w-full gap-3 transition-opacity opacity-0 meta\">\n            <progress class=\"flex-1 border-0 appearance-none\" value=\"0\" max=\"1\"><\/progress>\n            <div class=\"text-sm text-center shrink-0 current-time w-9\"><\/div>\n                      <\/div>\n        <\/div>\n            <div class=\"flex flex-col items-center gap-2 shrink-1 audio-control\">\n        <button\n  class=\"flex items-center justify-center w-32 max-w-32 h-32 max-h-32 transition-[max-height,_max-width] bg-black rounded-full btn text-accent\"\n  data-target=\"#audio-668f791b30ae9e70181b84dd62047043\">\n  <svg width=\"100%\" height=\"100%\" viewBox=\"0 0 36 36\" version=\"1.1\" xmlns=\"http:\/\/www.w3.org\/2000\/svg\" xmlns:xlink=\"http:\/\/www.w3.org\/1999\/xlink\">\n  <path id=\"ytp-12\" d=\"M11,10 L18,13.74 18,22.28 11,26 M18,13.74 L26,18 26,18 18,22.28\" fill=\"currentColor\">\n    <animate id=\"animation\" begin=\"indefinite\" attributeType=\"XML\" attributeName=\"d\" fill=\"freeze\" from=\"M11,10 L17,10 17,26 11,26 M20,10 L26,10 26,26 20,26\" to=\"M11,10 L18,13.74 18,22.28 11,26 M18,13.74 L26,18 26,18 18,22.28\" dur=\"0.1s\" keySplines=\".4 0 1 1\" repeatCount=\"1\" data-play=\"M11,10 L18,13.74 18,22.28 11,26 M18,13.74 L26,18 26,18 18,22.28\" data-pause=\"M11,10 L17,10 17,26 11,26 M20,10 L26,10 26,26 20,26\"><\/animate>\n  <\/path>\n<\/svg>\n<\/button>\n        <p class=\"text-base text-center\">Ascolta<\/p>\n      <\/div>\n    <\/div>\n\n    \n          <div class=\"flex flex-wrap justify-between gap-6 md:justify-start\">\n                  <button data-target=\"#transcription-668f791b30ae9e70181b84dd62047043\" data-toggle=\"modal\" class=\"flex items-center gap-2\">\n            <svg class=\"w-6 h-6\" fill=\"none\" xmlns=\"http:\/\/www.w3.org\/2000\/svg\" viewBox=\"0 0 22 12\"><path d=\"M0 9.873v-6c0-.55.196-1.02.588-1.412A1.926 1.926 0 0 1 2 1.873h2c.55 0 1.02.196 1.412.588.392.391.588.862.588 1.412v6H4v-2H2v2H0Zm2-4h2v-2H2v2Zm6 4v-8h4c.55 0 1.02.196 1.412.588.392.391.588.862.588 1.412v4c0 .55-.196 1.021-.588 1.413A1.926 1.926 0 0 1 12 9.873H8Zm2-2h2v-4h-2v4Zm6.85.8-1.4-1.425c.183-.183.32-.391.413-.625.091-.233.137-.483.137-.75 0-.283-.046-.537-.137-.762a1.85 1.85 0 0 0-.413-.613l1.4-1.45c.367.367.65.792.85 1.275.2.484.3 1 .3 1.55s-.1 1.063-.3 1.538c-.2.475-.483.896-.85 1.262Zm2.825 2.825-1.45-1.375c.55-.55.983-1.187 1.3-1.912A5.775 5.775 0 0 0 20 5.873c0-.85-.158-1.633-.475-2.35a6.217 6.217 0 0 0-1.3-1.9l1.45-1.4a7.94 7.94 0 0 1 1.712 2.55c.409.967.613 2 .613 3.1s-.204 2.13-.613 3.088a7.977 7.977 0 0 1-1.712 2.537Z\" fill=\"#000\"\/><\/svg>            <span>Trascrizione<\/span>\n          <\/button>\n                      <\/div>\n      <\/div>\n\n      <div id=\"transcription-668f791b30ae9e70181b84dd62047043\"\n  class=\"fixed inset-0 z-50 hidden w-screen h-screen opacity-0 pointer-events-none modal transcription\"\n  tabindex=\"-1\" role=\"dialog\">\n  <div class=\"absolute w-full h-full bg-black opacity-75 modal-overlay\"><\/div>\n  <div\n    class=\"absolute z-30 w-11\/12 mx-auto overflow-y-auto text-black bg-white shadow-lg modal-container center-xy md:max-w-4xl\"\n    role=\"document\">\n    <div class=\"flex items-center justify-between px-4 py-4 text-gray-700 border-b md:px-8\">\n      <h2 class=\"!mb-0 font-bold\">Trascrizione<\/h2>\n      <div class=\"z-50 flex flex-col items-center ml-auto cursor-pointer rtl:ml-0 rtl:mr-auto modal-close\">\n        <svg class=\"w-auto h-6\" width=\"18\" height=\"23\" xmlns=\"http:\/\/www.w3.org\/2000\/svg\">\n  <g stroke=\"currentColor\" fill=\"none\" fill-rule=\"evenodd\" stroke-linecap=\"square\">\n    <path d=\"M.7248.974l16.1076 20.6167M16.655 1.2654L.9097 22.1601\" \/>\n  <\/g>\n<\/svg>        <div class=\"hidden\">Close<\/div>\n      <\/div>\n    <\/div>\n    <div class=\"px-4 py-8 overflow-y-auto max-h-modal md:px-8 modal-content\">\n      <div class=\"mb-8 flex flex-col gap-1.5\">\n                      <h3 class=\"text-xl font-bold\">Un interno ampiamente ristrutturato<\/h3>\n                            <\/div>\n            <p>La chiesa di Santa Maria di Ta\u00fcll fu ampiamente ristrutturata nel corso del XVIII secolo, in epoca barocca.<br \/>\nLe navate laterali furono trasformate in cappelle, e nella parte pi\u00f9 vicina all\u2019abside fu aggiunta una cupola con torre nolare. Allo stesso modo, una delle absidi laterali fu sostituita da una sagrestia. Tutte queste modifiche sono state rimosse in un restauro che ne ha ripristinato l\u2019aspetto del XII secolo, con le tre navate separate da pilastri e tre absidi semicircolari.<\/p>\n    <\/div>\n  <\/div>\n<\/div>\n    <\/section>\n\n\n<div class=\"flex flex-col gap-3 element text-block\">\n  <div class=\"flex items-center gap-6\">\n              <h2 class=\"text-2xl font-bold\">9e Davanti alle panche<\/h2>\n      <\/div>\n    <\/div>\n\n\n<div class=\"flex flex-col gap-6 element image-block\">\n  <div class=\"flex flex-col gap-3\">\n      <\/div>\n      <figure>\n      <img loading=\"lazy\" decoding=\"async\" width=\"510\" height=\"768\" src=\"https:\/\/guiesullsdelahistoria.cat\/app\/uploads\/2024\/11\/DSC_0641_J.BARBERO.jpg\" class=\"w-full h-auto\" alt=\"Dipinti murali dell\u2019interno dell\u2019abside centrale della chiesa di Santa Maria de Ta\u00fcll.\" srcset=\"https:\/\/guiesullsdelahistoria.cat\/app\/uploads\/2024\/11\/DSC_0641_J.BARBERO.jpg 510w, https:\/\/guiesullsdelahistoria.cat\/app\/uploads\/2024\/11\/DSC_0641_J.BARBERO-199x300.jpg 199w\" sizes=\"auto, (max-width: 510px) 100vw, 510px\" \/>\n              <figcaption class=\"pt-2 text-gray-800\">Dipinti murali dell\u2019abside centrale di Santa Maria de Ta\u00fcll.<\/figcaption>\n          <\/figure>\n  <\/div>\n\n\n<section class=\"element audio-block\">\n  <div class=\"flex flex-col w-full gap-6\">\n    <div class=\"flex flex-col gap-3\">\n      <div class=\"flex gap-6\">\n                          <h2 class=\"text-2xl font-bold\">I dipinti dell\u2019abside centrale<\/h2>\n              <\/div>\n          <\/div>\n    <div class=\"flex items-center justify-end gap-3\">\n              <div class=\"flex-1 audio-content\" dir=\"ltr\">\n          <audio id=\"audio-8b80b18d32d26043060bad88529511c2\" data-label=\"I dipinti dell\u2019abside centrale\"\n            data-category=\"SANTA-MARIA-DE-TAULL-IT-GENERAL-PLAY-4.mp3\" class=\"hidden\" controls\n            src=\"https:\/\/guiesullsdelahistoria.cat\/app\/uploads\/2024\/11\/SANTA-MARIA-DE-TAULL-IT-GENERAL-PLAY-4.mp3\"><\/audio>\n          <div class=\"flex items-center w-full gap-3 transition-opacity opacity-0 meta\">\n            <progress class=\"flex-1 border-0 appearance-none\" value=\"0\" max=\"1\"><\/progress>\n            <div class=\"text-sm text-center shrink-0 current-time w-9\"><\/div>\n                      <\/div>\n        <\/div>\n            <div class=\"flex flex-col items-center gap-2 shrink-1 audio-control\">\n        <button\n  class=\"flex items-center justify-center w-32 max-w-32 h-32 max-h-32 transition-[max-height,_max-width] bg-black rounded-full btn text-accent\"\n  data-target=\"#audio-8b80b18d32d26043060bad88529511c2\">\n  <svg width=\"100%\" height=\"100%\" viewBox=\"0 0 36 36\" version=\"1.1\" xmlns=\"http:\/\/www.w3.org\/2000\/svg\" xmlns:xlink=\"http:\/\/www.w3.org\/1999\/xlink\">\n  <path id=\"ytp-12\" d=\"M11,10 L18,13.74 18,22.28 11,26 M18,13.74 L26,18 26,18 18,22.28\" fill=\"currentColor\">\n    <animate id=\"animation\" begin=\"indefinite\" attributeType=\"XML\" attributeName=\"d\" fill=\"freeze\" from=\"M11,10 L17,10 17,26 11,26 M20,10 L26,10 26,26 20,26\" to=\"M11,10 L18,13.74 18,22.28 11,26 M18,13.74 L26,18 26,18 18,22.28\" dur=\"0.1s\" keySplines=\".4 0 1 1\" repeatCount=\"1\" data-play=\"M11,10 L18,13.74 18,22.28 11,26 M18,13.74 L26,18 26,18 18,22.28\" data-pause=\"M11,10 L17,10 17,26 11,26 M20,10 L26,10 26,26 20,26\"><\/animate>\n  <\/path>\n<\/svg>\n<\/button>\n        <p class=\"text-base text-center\">Ascolta<\/p>\n      <\/div>\n    <\/div>\n\n    \n          <div class=\"flex flex-wrap justify-between gap-6 md:justify-start\">\n                  <button data-target=\"#transcription-8b80b18d32d26043060bad88529511c2\" data-toggle=\"modal\" class=\"flex items-center gap-2\">\n            <svg class=\"w-6 h-6\" fill=\"none\" xmlns=\"http:\/\/www.w3.org\/2000\/svg\" viewBox=\"0 0 22 12\"><path d=\"M0 9.873v-6c0-.55.196-1.02.588-1.412A1.926 1.926 0 0 1 2 1.873h2c.55 0 1.02.196 1.412.588.392.391.588.862.588 1.412v6H4v-2H2v2H0Zm2-4h2v-2H2v2Zm6 4v-8h4c.55 0 1.02.196 1.412.588.392.391.588.862.588 1.412v4c0 .55-.196 1.021-.588 1.413A1.926 1.926 0 0 1 12 9.873H8Zm2-2h2v-4h-2v4Zm6.85.8-1.4-1.425c.183-.183.32-.391.413-.625.091-.233.137-.483.137-.75 0-.283-.046-.537-.137-.762a1.85 1.85 0 0 0-.413-.613l1.4-1.45c.367.367.65.792.85 1.275.2.484.3 1 .3 1.55s-.1 1.063-.3 1.538c-.2.475-.483.896-.85 1.262Zm2.825 2.825-1.45-1.375c.55-.55.983-1.187 1.3-1.912A5.775 5.775 0 0 0 20 5.873c0-.85-.158-1.633-.475-2.35a6.217 6.217 0 0 0-1.3-1.9l1.45-1.4a7.94 7.94 0 0 1 1.712 2.55c.409.967.613 2 .613 3.1s-.204 2.13-.613 3.088a7.977 7.977 0 0 1-1.712 2.537Z\" fill=\"#000\"\/><\/svg>            <span>Trascrizione<\/span>\n          <\/button>\n                      <\/div>\n      <\/div>\n\n      <div id=\"transcription-8b80b18d32d26043060bad88529511c2\"\n  class=\"fixed inset-0 z-50 hidden w-screen h-screen opacity-0 pointer-events-none modal transcription\"\n  tabindex=\"-1\" role=\"dialog\">\n  <div class=\"absolute w-full h-full bg-black opacity-75 modal-overlay\"><\/div>\n  <div\n    class=\"absolute z-30 w-11\/12 mx-auto overflow-y-auto text-black bg-white shadow-lg modal-container center-xy md:max-w-4xl\"\n    role=\"document\">\n    <div class=\"flex items-center justify-between px-4 py-4 text-gray-700 border-b md:px-8\">\n      <h2 class=\"!mb-0 font-bold\">Trascrizione<\/h2>\n      <div class=\"z-50 flex flex-col items-center ml-auto cursor-pointer rtl:ml-0 rtl:mr-auto modal-close\">\n        <svg class=\"w-auto h-6\" width=\"18\" height=\"23\" xmlns=\"http:\/\/www.w3.org\/2000\/svg\">\n  <g stroke=\"currentColor\" fill=\"none\" fill-rule=\"evenodd\" stroke-linecap=\"square\">\n    <path d=\"M.7248.974l16.1076 20.6167M16.655 1.2654L.9097 22.1601\" \/>\n  <\/g>\n<\/svg>        <div class=\"hidden\">Close<\/div>\n      <\/div>\n    <\/div>\n    <div class=\"px-4 py-8 overflow-y-auto max-h-modal md:px-8 modal-content\">\n      <div class=\"mb-8 flex flex-col gap-1.5\">\n                      <h3 class=\"text-xl font-bold\">I dipinti dell\u2019abside centrale<\/h3>\n                            <\/div>\n            <p>All\u2019interno della chiesa di Santa Maria di Ta\u00fcll spiccano i dipinti murali nell\u2019abside e quelli sulla parete destra. Quelle che vedi adesso sono riproduzioni degli originali, che attualmente si trovano nel Museu Nacional d\u2019Art de Catalunya.<\/p>\n<p>Ma in questa chiesa sono conservati anche resti di dipinti originali. I pi\u00f9 notevoli si trovano alla sommit\u00e0 di una delle colonne che separano la navata centrale da quella di destra. Si tratta di una scena legata alla nativit\u00e0 di Cristo, conosciuta come il bagno di Ges\u00f9.<br \/>\nA cosa servivano tutte queste scene che decoravano le pareti di una chiesa? I dipinti murali rivestivano un&#8217;enorme importanza nel Medioevo, perch\u00e9, oltre a essere dedicati alla gloria di Dio e a rappresentare uno strumento di potere, avevano una funzione istruttiva, dato che buona parte del popolo non sapeva leggere e l&#8217;immagine, insieme alla parola, era la forma pi\u00f9 efficace di evangelizzazione.<br \/>\nIl tema dei dipinti era solitamente legato al santo o alla santa a cui era dedicata la chiesa. Tuttavia, in questo caso, la maggior parte dei dipinti \u00e8 legata alla nascita di Ges\u00f9 e al suo riconoscimento come figura divina.<\/p>\n<p><em>Suono di interferenze<\/em>.<br \/>\n<strong>Donna 1<\/strong>: Anche oggi sono arrivata in ritardo a messa, aspettavo il suono delle campane&#8230;<br \/>\n<strong>Donna 2<\/strong>: Il campanaro ormai \u00e8 vecchio. E le scale sono troppo ripide.<br \/>\n<strong>Donna 1<\/strong>: Allora forse dovremmo cercarne un altro.<br \/>\n<strong>Donna 2<\/strong>: Come no, con quello che ci vorrebbe a insegnargli come si fa&#8230; Ho sentito che gli costruiranno una casetta di legno lass\u00f9 in cima, per non farlo salire e scendere tanto.<br \/>\n<strong>Donna 1<\/strong>: Una casetta di legno?? Manco fosse un uccello [divertita].<br \/>\n<strong>Donna 2<\/strong>: Ridi, ridi, per\u00f2 ti farebbe comodo.<br \/>\n<em>Suono di interferenze.<\/em><\/p>\n<p>La composizione dell\u2019abside \u00e8 divisa in tre registri: nella parte pi\u00f9 alta si trova la scena della Vergine, seduta in trono con il figlio in grembo, inscritta in un bordo a forma di mandorla. Attorno alla Vergine Maria troviamo i Re Magi, che portano le offerte.<br \/>\nNella parte centrale della composizione, ai due lati della finestra, sono presenti sei apostoli, tra i quali identifichiamo Sant\u2019Andrea, San Pietro, San Paolo e San Giovanni Evangelista.<br \/>\nIn basso puoi osservare medaglioni circolari con animali reali e fantastici, caratteristici dei bestiari medievali. E sotto tutto, un fregio di dipinti che riproducono tendaggi che imitano le sete orientali.<\/p>\n<p>Se vuoi vedere com\u2019\u00e8 stata dipinta questa chiesa, fai clic sulla risorsa virtuale. Poi vai verso il muro di destra, il punto successivo della visita.<\/p>\n    <\/div>\n  <\/div>\n<\/div>\n    <\/section>\n\n\n<div class=\"flex flex-col gap-3 element interactive-block\">\n  <div class=\"flex items-center gap-6\">\n              <h2 class=\"text-2xl font-bold\">Risorsa virtuale: Riproduzione a 360\u00b0 dell\u2019interno durante il XII secolo<\/h2>\n      <\/div>\n          <div class=\"flex justify-end w-full\">\n      <div class=\"flex flex-col items-center gap-2 shrink-1\">\n        <button data-target=\"#embed-69f5c68187611\" data-toggle=\"modal\"\n          class=\"flex items-center justify-center w-32 h-32 bg-black rounded-full text-accent\">\n          <svg class=\"w-16 h-auto\" width=\"60\" height=\"61\" viewBox=\"0 0 60 61\" fill=\"none\" xmlns=\"http:\/\/www.w3.org\/2000\/svg\">\n  <mask id=\"mask0_3878_987\" style=\"mask-type:alpha\" maskUnits=\"userSpaceOnUse\" x=\"0\" y=\"0\" width=\"60\" height=\"61\">\n    <rect y=\"0.873047\" width=\"60\" height=\"60\" fill=\"white\" \/>\n  <\/mask>\n  <g mask=\"url(#mask0_3878_987)\">\n    <path\n      d=\"M21 49.873L16.8 45.673L22.05 40.273C15.65 39.423 10.375 37.673 6.225 35.023C2.075 32.373 0 29.323 0 25.873C0 21.723 2.8875 18.1855 8.6625 15.2605C14.4375 12.3355 21.55 10.873 30 10.873C38.45 10.873 45.5625 12.3355 51.3375 15.2605C57.1125 18.1855 60 21.723 60 25.873C60 28.973 58.3375 31.748 55.0125 34.198C51.6875 36.648 47.35 38.473 42 39.673V33.523C45.85 32.523 48.8125 31.2855 50.8875 29.8105C52.9625 28.3355 54 27.023 54 25.873C54 24.273 51.8625 22.373 47.5875 20.173C43.3125 17.973 37.45 16.873 30 16.873C22.55 16.873 16.6875 17.973 12.4125 20.173C8.1375 22.373 6 24.273 6 25.873C6 27.073 7.275 28.5105 9.825 30.1855C12.375 31.8605 16 33.123 20.7 33.973L16.8 30.073L21 25.873L33 37.873L21 49.873Z\"\n      fill=\"currentColor\" \/>\n  <\/g>\n<\/svg>\n        <\/button>\n                  <p class=\"text-base text-center\">Guarda<\/p>\n              <\/div>\n    <\/div>\n    <div id=\"embed-69f5c68187611\"\n  class=\"fixed inset-0 z-50 hidden w-screen h-screen opacity-0 pointer-events-none modal embed-container\"\n  tabindex=\"-1\" role=\"dialog\">\n  <div class=\"absolute w-full h-full bg-black opacity-75 modal-overlay\"><\/div>\n  <div\n    class=\"absolute z-30 w-11\/12 mx-auto overflow-y-auto text-black bg-white shadow-lg modal-container center-xy md:max-w-4xl\"\n    role=\"document\">\n    <div class=\"flex items-center justify-between px-4 py-4 text-gray-700 border-b md:px-8\">\n      <h2 class=\"!mb-0 font-bold\">Guarda<\/h2>\n      <div class=\"z-50 flex flex-col items-center ml-auto cursor-pointer rtl:ml-0 rtl:mr-auto modal-close\">\n        <svg class=\"w-auto h-6\" width=\"18\" height=\"23\" xmlns=\"http:\/\/www.w3.org\/2000\/svg\">\n  <g stroke=\"currentColor\" fill=\"none\" fill-rule=\"evenodd\" stroke-linecap=\"square\">\n    <path d=\"M.7248.974l16.1076 20.6167M16.655 1.2654L.9097 22.1601\" \/>\n  <\/g>\n<\/svg>        <div class=\"hidden\">Close<\/div>\n      <\/div>\n    <\/div>\n    <div class=\"px-4 py-8 overflow-y-auto max-h-modal md:px-8 modal-content\">\n      <div class=\"sketchfab-embed-wrapper\"> <iframe title=\"Santa Maria de Ta\u00fcll. Reconstrucci\u00f3 hipot\u00e8tica\" frameborder=\"0\" allowfullscreen mozallowfullscreen=\"true\" webkitallowfullscreen=\"true\" allow=\"autoplay; fullscreen; xr-spatial-tracking\" xr-spatial-tracking execution-while-out-of-viewport execution-while-not-rendered web-share src=\"https:\/\/sketchfab.com\/models\/f280309e91ab47f59e685ebe3da9bbba\/embed?ui_infos=0\"> <\/iframe> <\/div>\n    <\/div>\n  <\/div>\n<\/div>\n  <\/div>\n\n\n<div class=\"flex flex-col gap-3 element text-block\">\n  <div class=\"flex items-center gap-6\">\n              <h2 class=\"text-2xl font-bold\">9f Parete a destra<\/h2>\n      <\/div>\n    <\/div>\n\n\n<div class=\"flex flex-col gap-6 element image-block\">\n  <div class=\"flex flex-col gap-3\">\n      <\/div>\n      <figure>\n      <img loading=\"lazy\" decoding=\"async\" width=\"1452\" height=\"966\" src=\"https:\/\/guiesullsdelahistoria.cat\/app\/uploads\/2024\/11\/Santa-Maria-pintures-mur-lateral.jpg\" class=\"w-full h-auto\" alt=\"Dipinti murali interni sulla parete sud della chiesa di Santa Maria di Ta\u00fcll con il pilastro e gli archi in primo piano.\" srcset=\"https:\/\/guiesullsdelahistoria.cat\/app\/uploads\/2024\/11\/Santa-Maria-pintures-mur-lateral.jpg 1452w, https:\/\/guiesullsdelahistoria.cat\/app\/uploads\/2024\/11\/Santa-Maria-pintures-mur-lateral-300x200.jpg 300w, https:\/\/guiesullsdelahistoria.cat\/app\/uploads\/2024\/11\/Santa-Maria-pintures-mur-lateral-1024x681.jpg 1024w, https:\/\/guiesullsdelahistoria.cat\/app\/uploads\/2024\/11\/Santa-Maria-pintures-mur-lateral-768x511.jpg 768w\" sizes=\"auto, (max-width: 1452px) 100vw, 1452px\" \/>\n              <figcaption class=\"pt-2 text-gray-800\">Dipinti murali della parete sud di Santa Maria de Ta\u00fcll.<\/figcaption>\n          <\/figure>\n  <\/div>\n\n\n<section class=\"element audio-block\">\n  <div class=\"flex flex-col w-full gap-6\">\n    <div class=\"flex flex-col gap-3\">\n      <div class=\"flex gap-6\">\n                          <h2 class=\"text-2xl font-bold\">I dipinti della navata sud<\/h2>\n              <\/div>\n          <\/div>\n    <div class=\"flex items-center justify-end gap-3\">\n              <div class=\"flex-1 audio-content\" dir=\"ltr\">\n          <audio id=\"audio-0974b494400ff2248978ab0e9b0658d7\" data-label=\"I dipinti della navata sud\"\n            data-category=\"SANTA-MARIA-DE-TAULL-IT-GENERAL-PLAY-5.mp3\" class=\"hidden\" controls\n            src=\"https:\/\/guiesullsdelahistoria.cat\/app\/uploads\/2024\/11\/SANTA-MARIA-DE-TAULL-IT-GENERAL-PLAY-5.mp3\"><\/audio>\n          <div class=\"flex items-center w-full gap-3 transition-opacity opacity-0 meta\">\n            <progress class=\"flex-1 border-0 appearance-none\" value=\"0\" max=\"1\"><\/progress>\n            <div class=\"text-sm text-center shrink-0 current-time w-9\"><\/div>\n                      <\/div>\n        <\/div>\n            <div class=\"flex flex-col items-center gap-2 shrink-1 audio-control\">\n        <button\n  class=\"flex items-center justify-center w-32 max-w-32 h-32 max-h-32 transition-[max-height,_max-width] bg-black rounded-full btn text-accent\"\n  data-target=\"#audio-0974b494400ff2248978ab0e9b0658d7\">\n  <svg width=\"100%\" height=\"100%\" viewBox=\"0 0 36 36\" version=\"1.1\" xmlns=\"http:\/\/www.w3.org\/2000\/svg\" xmlns:xlink=\"http:\/\/www.w3.org\/1999\/xlink\">\n  <path id=\"ytp-12\" d=\"M11,10 L18,13.74 18,22.28 11,26 M18,13.74 L26,18 26,18 18,22.28\" fill=\"currentColor\">\n    <animate id=\"animation\" begin=\"indefinite\" attributeType=\"XML\" attributeName=\"d\" fill=\"freeze\" from=\"M11,10 L17,10 17,26 11,26 M20,10 L26,10 26,26 20,26\" to=\"M11,10 L18,13.74 18,22.28 11,26 M18,13.74 L26,18 26,18 18,22.28\" dur=\"0.1s\" keySplines=\".4 0 1 1\" repeatCount=\"1\" data-play=\"M11,10 L18,13.74 18,22.28 11,26 M18,13.74 L26,18 26,18 18,22.28\" data-pause=\"M11,10 L17,10 17,26 11,26 M20,10 L26,10 26,26 20,26\"><\/animate>\n  <\/path>\n<\/svg>\n<\/button>\n        <p class=\"text-base text-center\">Ascolta<\/p>\n      <\/div>\n    <\/div>\n\n    \n          <div class=\"flex flex-wrap justify-between gap-6 md:justify-start\">\n                  <button data-target=\"#transcription-0974b494400ff2248978ab0e9b0658d7\" data-toggle=\"modal\" class=\"flex items-center gap-2\">\n            <svg class=\"w-6 h-6\" fill=\"none\" xmlns=\"http:\/\/www.w3.org\/2000\/svg\" viewBox=\"0 0 22 12\"><path d=\"M0 9.873v-6c0-.55.196-1.02.588-1.412A1.926 1.926 0 0 1 2 1.873h2c.55 0 1.02.196 1.412.588.392.391.588.862.588 1.412v6H4v-2H2v2H0Zm2-4h2v-2H2v2Zm6 4v-8h4c.55 0 1.02.196 1.412.588.392.391.588.862.588 1.412v4c0 .55-.196 1.021-.588 1.413A1.926 1.926 0 0 1 12 9.873H8Zm2-2h2v-4h-2v4Zm6.85.8-1.4-1.425c.183-.183.32-.391.413-.625.091-.233.137-.483.137-.75 0-.283-.046-.537-.137-.762a1.85 1.85 0 0 0-.413-.613l1.4-1.45c.367.367.65.792.85 1.275.2.484.3 1 .3 1.55s-.1 1.063-.3 1.538c-.2.475-.483.896-.85 1.262Zm2.825 2.825-1.45-1.375c.55-.55.983-1.187 1.3-1.912A5.775 5.775 0 0 0 20 5.873c0-.85-.158-1.633-.475-2.35a6.217 6.217 0 0 0-1.3-1.9l1.45-1.4a7.94 7.94 0 0 1 1.712 2.55c.409.967.613 2 .613 3.1s-.204 2.13-.613 3.088a7.977 7.977 0 0 1-1.712 2.537Z\" fill=\"#000\"\/><\/svg>            <span>Trascrizione<\/span>\n          <\/button>\n                      <\/div>\n      <\/div>\n\n      <div id=\"transcription-0974b494400ff2248978ab0e9b0658d7\"\n  class=\"fixed inset-0 z-50 hidden w-screen h-screen opacity-0 pointer-events-none modal transcription\"\n  tabindex=\"-1\" role=\"dialog\">\n  <div class=\"absolute w-full h-full bg-black opacity-75 modal-overlay\"><\/div>\n  <div\n    class=\"absolute z-30 w-11\/12 mx-auto overflow-y-auto text-black bg-white shadow-lg modal-container center-xy md:max-w-4xl\"\n    role=\"document\">\n    <div class=\"flex items-center justify-between px-4 py-4 text-gray-700 border-b md:px-8\">\n      <h2 class=\"!mb-0 font-bold\">Trascrizione<\/h2>\n      <div class=\"z-50 flex flex-col items-center ml-auto cursor-pointer rtl:ml-0 rtl:mr-auto modal-close\">\n        <svg class=\"w-auto h-6\" width=\"18\" height=\"23\" xmlns=\"http:\/\/www.w3.org\/2000\/svg\">\n  <g stroke=\"currentColor\" fill=\"none\" fill-rule=\"evenodd\" stroke-linecap=\"square\">\n    <path d=\"M.7248.974l16.1076 20.6167M16.655 1.2654L.9097 22.1601\" \/>\n  <\/g>\n<\/svg>        <div class=\"hidden\">Close<\/div>\n      <\/div>\n    <\/div>\n    <div class=\"px-4 py-8 overflow-y-auto max-h-modal md:px-8 modal-content\">\n      <div class=\"mb-8 flex flex-col gap-1.5\">\n                      <h3 class=\"text-xl font-bold\">I dipinti della navata sud<\/h3>\n                            <\/div>\n            <p>Anche le pareti laterali della chiesa erano decorate con affreschi murali. Questi dipinti, oggi conservati nel MNAC, sono opera del denominato Maestro del Giudizio Universale, autore diverso da quello che realizz\u00f2 il murale dell\u2019abside. Si chiama cos\u00ec perch\u00e9 dipinse la scena sul muro vicino all\u2019uscita, dove era rappresentato questo motivo. Nelle riproduzioni che si possono vedere sulla parete destra, guardando l\u2019altare, sono rappresentate alcune scene del Nuovo Testamento.<br \/>\nLeggendo le scene da destra a sinistra, nel registro centrale si trovano l\u2019annunciazione di Zaccaria durante la celebrazione nel tempio, la nomina di Giovanni Battista e Maria con il Bambino che riceve l\u2019adorazione dei Re Magi, che condividono la scena con Erode.<br \/>\nDelle scene del registro superiore si \u00e8 conservata solo la met\u00e0 inferiore ed \u00e8, quindi, di pi\u00f9 difficile interpretazione. Una di queste scene potrebbe essere la carit\u00e0 di San Martino, con il personaggio che taglia il suo mantello per donarlo a un altro, e nella scena all\u2019estrema destra, alcuni angeli armati, con l\u2019arcangelo Michele che lotta contro il drago.<br \/>\nLa parte inferiore \u00e8 decorata anche\u2019essa con tendaggi dipinti e, sotto, vi sono ancora altri resti del dipinto originale.<br \/>\nOra vai davanti al retablo barocco dell\u2019ingresso.<\/p>\n    <\/div>\n  <\/div>\n<\/div>\n    <\/section>\n\n\n<div class=\"flex flex-col gap-3 element text-block\">\n  <div class=\"flex items-center gap-6\">\n              <h2 class=\"text-2xl font-bold\">9g Uscita<\/h2>\n      <\/div>\n    <\/div>\n\n\n<div class=\"flex flex-col gap-6 element image-block\">\n  <div class=\"flex flex-col gap-3\">\n      <\/div>\n      <figure>\n      <img loading=\"lazy\" decoding=\"async\" width=\"743\" height=\"1262\" src=\"https:\/\/guiesullsdelahistoria.cat\/app\/uploads\/2024\/11\/Santa_Maria_de_Taull_retaule_entrada.jpg\" class=\"w-full h-auto\" alt=\"Retablo barocco situato vicino all\u2019ingresso all\u2019interno della chiesa di Santa Maria di Ta\u00fcll.\" srcset=\"https:\/\/guiesullsdelahistoria.cat\/app\/uploads\/2024\/11\/Santa_Maria_de_Taull_retaule_entrada.jpg 743w, https:\/\/guiesullsdelahistoria.cat\/app\/uploads\/2024\/11\/Santa_Maria_de_Taull_retaule_entrada-177x300.jpg 177w, https:\/\/guiesullsdelahistoria.cat\/app\/uploads\/2024\/11\/Santa_Maria_de_Taull_retaule_entrada-603x1024.jpg 603w\" sizes=\"auto, (max-width: 743px) 100vw, 743px\" \/>\n              <figcaption class=\"pt-2 text-gray-800\">Retablo barocco di Santa Maria de Ta\u00fcll.\n<\/figcaption>\n          <\/figure>\n  <\/div>\n\n\n<section class=\"element audio-block\">\n  <div class=\"flex flex-col w-full gap-6\">\n    <div class=\"flex flex-col gap-3\">\n      <div class=\"flex gap-6\">\n                          <h2 class=\"text-2xl font-bold\">Il retablo barocco e le vasche<\/h2>\n              <\/div>\n          <\/div>\n    <div class=\"flex items-center justify-end gap-3\">\n              <div class=\"flex-1 audio-content\" dir=\"ltr\">\n          <audio id=\"audio-d27d524b5d55a6032eca955e110d6d33\" data-label=\"Il retablo barocco e le vasche\"\n            data-category=\"SANTA-MARIA-DE-TAULL-IT-GENERAL-PLAY-6.mp3\" class=\"hidden\" controls\n            src=\"https:\/\/guiesullsdelahistoria.cat\/app\/uploads\/2024\/11\/SANTA-MARIA-DE-TAULL-IT-GENERAL-PLAY-6.mp3\"><\/audio>\n          <div class=\"flex items-center w-full gap-3 transition-opacity opacity-0 meta\">\n            <progress class=\"flex-1 border-0 appearance-none\" value=\"0\" max=\"1\"><\/progress>\n            <div class=\"text-sm text-center shrink-0 current-time w-9\"><\/div>\n                      <\/div>\n        <\/div>\n            <div class=\"flex flex-col items-center gap-2 shrink-1 audio-control\">\n        <button\n  class=\"flex items-center justify-center w-32 max-w-32 h-32 max-h-32 transition-[max-height,_max-width] bg-black rounded-full btn text-accent\"\n  data-target=\"#audio-d27d524b5d55a6032eca955e110d6d33\">\n  <svg width=\"100%\" height=\"100%\" viewBox=\"0 0 36 36\" version=\"1.1\" xmlns=\"http:\/\/www.w3.org\/2000\/svg\" xmlns:xlink=\"http:\/\/www.w3.org\/1999\/xlink\">\n  <path id=\"ytp-12\" d=\"M11,10 L18,13.74 18,22.28 11,26 M18,13.74 L26,18 26,18 18,22.28\" fill=\"currentColor\">\n    <animate id=\"animation\" begin=\"indefinite\" attributeType=\"XML\" attributeName=\"d\" fill=\"freeze\" from=\"M11,10 L17,10 17,26 11,26 M20,10 L26,10 26,26 20,26\" to=\"M11,10 L18,13.74 18,22.28 11,26 M18,13.74 L26,18 26,18 18,22.28\" dur=\"0.1s\" keySplines=\".4 0 1 1\" repeatCount=\"1\" data-play=\"M11,10 L18,13.74 18,22.28 11,26 M18,13.74 L26,18 26,18 18,22.28\" data-pause=\"M11,10 L17,10 17,26 11,26 M20,10 L26,10 26,26 20,26\"><\/animate>\n  <\/path>\n<\/svg>\n<\/button>\n        <p class=\"text-base text-center\">Ascolta<\/p>\n      <\/div>\n    <\/div>\n\n    \n          <div class=\"flex flex-wrap justify-between gap-6 md:justify-start\">\n                  <button data-target=\"#transcription-d27d524b5d55a6032eca955e110d6d33\" data-toggle=\"modal\" class=\"flex items-center gap-2\">\n            <svg class=\"w-6 h-6\" fill=\"none\" xmlns=\"http:\/\/www.w3.org\/2000\/svg\" viewBox=\"0 0 22 12\"><path d=\"M0 9.873v-6c0-.55.196-1.02.588-1.412A1.926 1.926 0 0 1 2 1.873h2c.55 0 1.02.196 1.412.588.392.391.588.862.588 1.412v6H4v-2H2v2H0Zm2-4h2v-2H2v2Zm6 4v-8h4c.55 0 1.02.196 1.412.588.392.391.588.862.588 1.412v4c0 .55-.196 1.021-.588 1.413A1.926 1.926 0 0 1 12 9.873H8Zm2-2h2v-4h-2v4Zm6.85.8-1.4-1.425c.183-.183.32-.391.413-.625.091-.233.137-.483.137-.75 0-.283-.046-.537-.137-.762a1.85 1.85 0 0 0-.413-.613l1.4-1.45c.367.367.65.792.85 1.275.2.484.3 1 .3 1.55s-.1 1.063-.3 1.538c-.2.475-.483.896-.85 1.262Zm2.825 2.825-1.45-1.375c.55-.55.983-1.187 1.3-1.912A5.775 5.775 0 0 0 20 5.873c0-.85-.158-1.633-.475-2.35a6.217 6.217 0 0 0-1.3-1.9l1.45-1.4a7.94 7.94 0 0 1 1.712 2.55c.409.967.613 2 .613 3.1s-.204 2.13-.613 3.088a7.977 7.977 0 0 1-1.712 2.537Z\" fill=\"#000\"\/><\/svg>            <span>Trascrizione<\/span>\n          <\/button>\n                      <\/div>\n      <\/div>\n\n      <div id=\"transcription-d27d524b5d55a6032eca955e110d6d33\"\n  class=\"fixed inset-0 z-50 hidden w-screen h-screen opacity-0 pointer-events-none modal transcription\"\n  tabindex=\"-1\" role=\"dialog\">\n  <div class=\"absolute w-full h-full bg-black opacity-75 modal-overlay\"><\/div>\n  <div\n    class=\"absolute z-30 w-11\/12 mx-auto overflow-y-auto text-black bg-white shadow-lg modal-container center-xy md:max-w-4xl\"\n    role=\"document\">\n    <div class=\"flex items-center justify-between px-4 py-4 text-gray-700 border-b md:px-8\">\n      <h2 class=\"!mb-0 font-bold\">Trascrizione<\/h2>\n      <div class=\"z-50 flex flex-col items-center ml-auto cursor-pointer rtl:ml-0 rtl:mr-auto modal-close\">\n        <svg class=\"w-auto h-6\" width=\"18\" height=\"23\" xmlns=\"http:\/\/www.w3.org\/2000\/svg\">\n  <g stroke=\"currentColor\" fill=\"none\" fill-rule=\"evenodd\" stroke-linecap=\"square\">\n    <path d=\"M.7248.974l16.1076 20.6167M16.655 1.2654L.9097 22.1601\" \/>\n  <\/g>\n<\/svg>        <div class=\"hidden\">Close<\/div>\n      <\/div>\n    <\/div>\n    <div class=\"px-4 py-8 overflow-y-auto max-h-modal md:px-8 modal-content\">\n      <div class=\"mb-8 flex flex-col gap-1.5\">\n                      <h3 class=\"text-xl font-bold\">Il retablo barocco e le vasche<\/h3>\n                            <\/div>\n            <p>Questo retablo barocco che hai di fronte presiedeva l\u2019abside principale nel XVIII secolo e fino al XX secolo. Durante tutto questo tempo ha tenuto nascosti i dipinti romanici. Sicuramente li ha protetti dal degrado e, chiss\u00e0, dalla loro scomparsa. <\/p>\n<p>Il retablo \u00e8 diviso in due parti: nella parte superiore \u00e8 rappresentato l\u2019arcangelo San Michele, a sinistra San Paolo e a destra San Pietro. In basso \u00e8 raffigurata la Vergine Maria, con a sinistra San Giovanni Evangelista e a destra Sant\u2019Isidoro. <\/p>\n<p>In questa zona della chiesa si trovano anche le tre vasche romaniche. Quella pi\u00f9 grande \u00e8 la vasca dell\u2019olio, in cui veniva conservato l\u2019olio che serviva per accendere le lampade che illuminavano la chiesa. Di fianco si trova la fonte battesimale. E a sinistra, l\u2019acquasantiera. <\/p>\n    <\/div>\n  <\/div>\n<\/div>\n    <\/section>\n\n\n<div class=\"flex flex-col gap-3 element text-block\">\n  <div class=\"flex items-center gap-6\">\n              <h2 class=\"text-2xl font-bold\">9h Ti aspettiamo!<\/h2>\n      <\/div>\n    <\/div>\n\n\n<section class=\"element audio-block\">\n  <div class=\"flex flex-col w-full gap-6\">\n    <div class=\"flex flex-col gap-3\">\n      <div class=\"flex gap-6\">\n                          <h2 class=\"text-2xl font-bold\">La visita continua<\/h2>\n              <\/div>\n          <\/div>\n    <div class=\"flex items-center justify-end gap-3\">\n              <div class=\"flex-1 audio-content\" dir=\"ltr\">\n          <audio id=\"audio-58d9c03bece95ce718439f4c4443fdf9\" data-label=\"La visita continua\"\n            data-category=\"SANTA-MARIA-DE-TAULL-IT-GENERAL-PLAY-CLOENDA.mp3\" class=\"hidden\" controls\n            src=\"https:\/\/guiesullsdelahistoria.cat\/app\/uploads\/2024\/11\/SANTA-MARIA-DE-TAULL-IT-GENERAL-PLAY-CLOENDA.mp3\"><\/audio>\n          <div class=\"flex items-center w-full gap-3 transition-opacity opacity-0 meta\">\n            <progress class=\"flex-1 border-0 appearance-none\" value=\"0\" max=\"1\"><\/progress>\n            <div class=\"text-sm text-center shrink-0 current-time w-9\"><\/div>\n                      <\/div>\n        <\/div>\n            <div class=\"flex flex-col items-center gap-2 shrink-1 audio-control\">\n        <button\n  class=\"flex items-center justify-center w-32 max-w-32 h-32 max-h-32 transition-[max-height,_max-width] bg-black rounded-full btn text-accent\"\n  data-target=\"#audio-58d9c03bece95ce718439f4c4443fdf9\">\n  <svg width=\"100%\" height=\"100%\" viewBox=\"0 0 36 36\" version=\"1.1\" xmlns=\"http:\/\/www.w3.org\/2000\/svg\" xmlns:xlink=\"http:\/\/www.w3.org\/1999\/xlink\">\n  <path id=\"ytp-12\" d=\"M11,10 L18,13.74 18,22.28 11,26 M18,13.74 L26,18 26,18 18,22.28\" fill=\"currentColor\">\n    <animate id=\"animation\" begin=\"indefinite\" attributeType=\"XML\" attributeName=\"d\" fill=\"freeze\" from=\"M11,10 L17,10 17,26 11,26 M20,10 L26,10 26,26 20,26\" to=\"M11,10 L18,13.74 18,22.28 11,26 M18,13.74 L26,18 26,18 18,22.28\" dur=\"0.1s\" keySplines=\".4 0 1 1\" repeatCount=\"1\" data-play=\"M11,10 L18,13.74 18,22.28 11,26 M18,13.74 L26,18 26,18 18,22.28\" data-pause=\"M11,10 L17,10 17,26 11,26 M20,10 L26,10 26,26 20,26\"><\/animate>\n  <\/path>\n<\/svg>\n<\/button>\n        <p class=\"text-base text-center\">Ascolta<\/p>\n      <\/div>\n    <\/div>\n\n    \n          <div class=\"flex flex-wrap justify-between gap-6 md:justify-start\">\n                  <button data-target=\"#transcription-58d9c03bece95ce718439f4c4443fdf9\" data-toggle=\"modal\" class=\"flex items-center gap-2\">\n            <svg class=\"w-6 h-6\" fill=\"none\" xmlns=\"http:\/\/www.w3.org\/2000\/svg\" viewBox=\"0 0 22 12\"><path d=\"M0 9.873v-6c0-.55.196-1.02.588-1.412A1.926 1.926 0 0 1 2 1.873h2c.55 0 1.02.196 1.412.588.392.391.588.862.588 1.412v6H4v-2H2v2H0Zm2-4h2v-2H2v2Zm6 4v-8h4c.55 0 1.02.196 1.412.588.392.391.588.862.588 1.412v4c0 .55-.196 1.021-.588 1.413A1.926 1.926 0 0 1 12 9.873H8Zm2-2h2v-4h-2v4Zm6.85.8-1.4-1.425c.183-.183.32-.391.413-.625.091-.233.137-.483.137-.75 0-.283-.046-.537-.137-.762a1.85 1.85 0 0 0-.413-.613l1.4-1.45c.367.367.65.792.85 1.275.2.484.3 1 .3 1.55s-.1 1.063-.3 1.538c-.2.475-.483.896-.85 1.262Zm2.825 2.825-1.45-1.375c.55-.55.983-1.187 1.3-1.912A5.775 5.775 0 0 0 20 5.873c0-.85-.158-1.633-.475-2.35a6.217 6.217 0 0 0-1.3-1.9l1.45-1.4a7.94 7.94 0 0 1 1.712 2.55c.409.967.613 2 .613 3.1s-.204 2.13-.613 3.088a7.977 7.977 0 0 1-1.712 2.537Z\" fill=\"#000\"\/><\/svg>            <span>Trascrizione<\/span>\n          <\/button>\n                      <\/div>\n      <\/div>\n\n      <div id=\"transcription-58d9c03bece95ce718439f4c4443fdf9\"\n  class=\"fixed inset-0 z-50 hidden w-screen h-screen opacity-0 pointer-events-none modal transcription\"\n  tabindex=\"-1\" role=\"dialog\">\n  <div class=\"absolute w-full h-full bg-black opacity-75 modal-overlay\"><\/div>\n  <div\n    class=\"absolute z-30 w-11\/12 mx-auto overflow-y-auto text-black bg-white shadow-lg modal-container center-xy md:max-w-4xl\"\n    role=\"document\">\n    <div class=\"flex items-center justify-between px-4 py-4 text-gray-700 border-b md:px-8\">\n      <h2 class=\"!mb-0 font-bold\">Trascrizione<\/h2>\n      <div class=\"z-50 flex flex-col items-center ml-auto cursor-pointer rtl:ml-0 rtl:mr-auto modal-close\">\n        <svg class=\"w-auto h-6\" width=\"18\" height=\"23\" xmlns=\"http:\/\/www.w3.org\/2000\/svg\">\n  <g stroke=\"currentColor\" fill=\"none\" fill-rule=\"evenodd\" stroke-linecap=\"square\">\n    <path d=\"M.7248.974l16.1076 20.6167M16.655 1.2654L.9097 22.1601\" \/>\n  <\/g>\n<\/svg>        <div class=\"hidden\">Close<\/div>\n      <\/div>\n    <\/div>\n    <div class=\"px-4 py-8 overflow-y-auto max-h-modal md:px-8 modal-content\">\n      <div class=\"mb-8 flex flex-col gap-1.5\">\n                      <h3 class=\"text-xl font-bold\">La visita continua<\/h3>\n                            <\/div>\n            <p>Qui termina la visita alla chiesa. Ora ti invitiamo a scoprire le altre, che compongono il complesso romanico della Vall de Bo\u00ed. Ti aspettiamo!<\/p>\n    <\/div>\n  <\/div>\n<\/div>\n    <\/section>\n\n\n<div class=\"flex flex-col gap-3 element text-block\">\n  <div class=\"flex items-center gap-6\">\n              <h2 class=\"text-2xl font-bold\">Chiusura<\/h2>\n      <\/div>\n        <div class=\"prose prose-lg\"><p>\u201c<em>Els Ulls de la Hist\u00f2ria<\/em>. Uno sguardo immersivo sul patrimonio\u201d \u00e8 un\u2019iniziativa dell\u2019Ag\u00e8ncia Catalana del Patrimoni Cultural, un progetto che incorpora altre voci e altri punti di vista sul nostro passato. Perch\u00e9 la storia la costruiamo tutti e tutte.<\/p>\n<\/div>\n  <\/div>\n\n<\/div>\n      <\/div>\n    <\/div>\n  <\/section>\n","protected":false},"author":3,"featured_media":0,"parent":0,"template":"template-guide--ullsdelahistoria.blade.php","class_list":["post-6739","guide","type-guide","status-publish","hentry"],"acf":[],"yoast_head":"<!-- This site is optimized with the Yoast SEO plugin v27.0 - https:\/\/yoast.com\/product\/yoast-seo-wordpress\/ -->\n<title>Guida multimediale del Complesso Romanico della Vall de Bo\u00ed - Muzee<\/title>\n<meta name=\"robots\" content=\"index, follow, max-snippet:-1, max-image-preview:large, max-video-preview:-1\" \/>\n<link rel=\"canonical\" href=\"https:\/\/guiesullsdelahistoria.cat\/it\/patrimoni\/guide\/la-vall-de-boi\/\" \/>\n<meta property=\"og:locale\" content=\"it_IT\" \/>\n<meta property=\"og:type\" content=\"article\" \/>\n<meta property=\"og:title\" content=\"Guida multimediale del Complesso Romanico della Vall de Bo\u00ed - Muzee\" \/>\n<meta property=\"og:url\" content=\"https:\/\/guiesullsdelahistoria.cat\/it\/patrimoni\/guide\/la-vall-de-boi\/\" \/>\n<meta property=\"og:site_name\" content=\"Muzee\" \/>\n<meta property=\"article:modified_time\" content=\"2025-02-06T11:15:43+00:00\" \/>\n<meta name=\"twitter:card\" content=\"summary_large_image\" \/>\n<meta name=\"twitter:label1\" content=\"Est. reading time\" \/>\n\t<meta name=\"twitter:data1\" content=\"65 minutes\" \/>\n<script type=\"application\/ld+json\" class=\"yoast-schema-graph\">{\"@context\":\"https:\/\/schema.org\",\"@graph\":[{\"@type\":\"WebPage\",\"@id\":\"https:\/\/guiesullsdelahistoria.cat\/it\/patrimoni\/guide\/la-vall-de-boi\/\",\"url\":\"https:\/\/guiesullsdelahistoria.cat\/it\/patrimoni\/guide\/la-vall-de-boi\/\",\"name\":\"Guida multimediale del Complesso Romanico della Vall de Bo\u00ed - Muzee\",\"isPartOf\":{\"@id\":\"https:\/\/guiesullsdelahistoria.cat\/#website\"},\"datePublished\":\"2024-11-20T14:57:58+00:00\",\"dateModified\":\"2025-02-06T11:15:43+00:00\",\"breadcrumb\":{\"@id\":\"https:\/\/guiesullsdelahistoria.cat\/it\/patrimoni\/guide\/la-vall-de-boi\/#breadcrumb\"},\"inLanguage\":\"it-IT\",\"potentialAction\":[{\"@type\":\"ReadAction\",\"target\":[\"https:\/\/guiesullsdelahistoria.cat\/it\/patrimoni\/guide\/la-vall-de-boi\/\"]}]},{\"@type\":\"BreadcrumbList\",\"@id\":\"https:\/\/guiesullsdelahistoria.cat\/it\/patrimoni\/guide\/la-vall-de-boi\/#breadcrumb\",\"itemListElement\":[{\"@type\":\"ListItem\",\"position\":1,\"name\":\"Home\",\"item\":\"https:\/\/guiesullsdelahistoria.cat\/\"},{\"@type\":\"ListItem\",\"position\":2,\"name\":\"Guida multimediale del Complesso Romanico della Vall de Bo\u00ed\"}]},{\"@type\":\"WebSite\",\"@id\":\"https:\/\/guiesullsdelahistoria.cat\/#website\",\"url\":\"https:\/\/guiesullsdelahistoria.cat\/\",\"name\":\"Muzee\",\"description\":\"\",\"potentialAction\":[{\"@type\":\"SearchAction\",\"target\":{\"@type\":\"EntryPoint\",\"urlTemplate\":\"https:\/\/guiesullsdelahistoria.cat\/?s={search_term_string}\"},\"query-input\":{\"@type\":\"PropertyValueSpecification\",\"valueRequired\":true,\"valueName\":\"search_term_string\"}}],\"inLanguage\":\"it-IT\"}]}<\/script>\n<!-- \/ Yoast SEO plugin. -->","yoast_head_json":{"title":"Guida multimediale del Complesso Romanico della Vall de Bo\u00ed - Muzee","robots":{"index":"index","follow":"follow","max-snippet":"max-snippet:-1","max-image-preview":"max-image-preview:large","max-video-preview":"max-video-preview:-1"},"canonical":"https:\/\/guiesullsdelahistoria.cat\/it\/patrimoni\/guide\/la-vall-de-boi\/","og_locale":"it_IT","og_type":"article","og_title":"Guida multimediale del Complesso Romanico della Vall de Bo\u00ed - Muzee","og_url":"https:\/\/guiesullsdelahistoria.cat\/it\/patrimoni\/guide\/la-vall-de-boi\/","og_site_name":"Muzee","article_modified_time":"2025-02-06T11:15:43+00:00","twitter_card":"summary_large_image","twitter_misc":{"Est. reading time":"65 minutes"},"schema":{"@context":"https:\/\/schema.org","@graph":[{"@type":"WebPage","@id":"https:\/\/guiesullsdelahistoria.cat\/it\/patrimoni\/guide\/la-vall-de-boi\/","url":"https:\/\/guiesullsdelahistoria.cat\/it\/patrimoni\/guide\/la-vall-de-boi\/","name":"Guida multimediale del Complesso Romanico della Vall de Bo\u00ed - Muzee","isPartOf":{"@id":"https:\/\/guiesullsdelahistoria.cat\/#website"},"datePublished":"2024-11-20T14:57:58+00:00","dateModified":"2025-02-06T11:15:43+00:00","breadcrumb":{"@id":"https:\/\/guiesullsdelahistoria.cat\/it\/patrimoni\/guide\/la-vall-de-boi\/#breadcrumb"},"inLanguage":"it-IT","potentialAction":[{"@type":"ReadAction","target":["https:\/\/guiesullsdelahistoria.cat\/it\/patrimoni\/guide\/la-vall-de-boi\/"]}]},{"@type":"BreadcrumbList","@id":"https:\/\/guiesullsdelahistoria.cat\/it\/patrimoni\/guide\/la-vall-de-boi\/#breadcrumb","itemListElement":[{"@type":"ListItem","position":1,"name":"Home","item":"https:\/\/guiesullsdelahistoria.cat\/"},{"@type":"ListItem","position":2,"name":"Guida multimediale del Complesso Romanico della Vall de Bo\u00ed"}]},{"@type":"WebSite","@id":"https:\/\/guiesullsdelahistoria.cat\/#website","url":"https:\/\/guiesullsdelahistoria.cat\/","name":"Muzee","description":"","potentialAction":[{"@type":"SearchAction","target":{"@type":"EntryPoint","urlTemplate":"https:\/\/guiesullsdelahistoria.cat\/?s={search_term_string}"},"query-input":{"@type":"PropertyValueSpecification","valueRequired":true,"valueName":"search_term_string"}}],"inLanguage":"it-IT"}]}},"_links":{"self":[{"href":"https:\/\/guiesullsdelahistoria.cat\/it\/wp-json\/wp\/v2\/guide\/6739","targetHints":{"allow":["GET"]}}],"collection":[{"href":"https:\/\/guiesullsdelahistoria.cat\/it\/wp-json\/wp\/v2\/guide"}],"about":[{"href":"https:\/\/guiesullsdelahistoria.cat\/it\/wp-json\/wp\/v2\/types\/guide"}],"author":[{"embeddable":true,"href":"https:\/\/guiesullsdelahistoria.cat\/it\/wp-json\/wp\/v2\/users\/3"}],"wp:attachment":[{"href":"https:\/\/guiesullsdelahistoria.cat\/it\/wp-json\/wp\/v2\/media?parent=6739"}],"curies":[{"name":"wp","href":"https:\/\/api.w.org\/{rel}","templated":true}]}}